{"id":146364,"date":"2026-09-03T16:46:23","date_gmt":"2026-09-03T16:46:23","guid":{"rendered":"https:\/\/iwell-guard.com\/?page_id=146364"},"modified":"2026-09-03T17:21:27","modified_gmt":"2026-09-03T17:21:27","slug":"ochranne-byliny","status":"publish","type":"page","link":"https:\/\/iwell-guard.com\/cs\/ochranne-byliny\/","title":{"rendered":"Ochrann\u00e9 byliny"},"content":{"rendered":"\t\t<div data-elementor-type=\"wp-page\" data-elementor-id=\"146364\" class=\"elementor elementor-146364 elementor-20502 elementor-bc-flex-widget\" data-elementor-post-type=\"page\">\n\t\t\t\t<div class=\"elementor-element elementor-element-iwgs-wacholder-hero e-flex e-con-boxed e-con e-parent\" data-id=\"iwgs-wacholder-hero\" data-element_type=\"container\" data-e-type=\"container\">\n\t\t\t\t\t<div class=\"e-con-inner\">\n\t\t<div class=\"elementor-element elementor-element-iw-wacholder-hero-left e-con-full e-flex e-con e-child\" data-id=\"iw-wacholder-hero-left\" data-element_type=\"container\" data-e-type=\"container\">\n\t\t\t\t<div class=\"elementor-element elementor-element-iwgs-wacholder-h1 elementor-widget elementor-widget-heading\" data-id=\"iwgs-wacholder-h1\" data-element_type=\"widget\" data-e-type=\"widget\" data-widget_type=\"heading.default\">\n\t\t\t\t\t<h1 class=\"elementor-heading-title elementor-size-default\">Ochrann\u00e9 byliny \u2013 byliny jako ochrann\u00e9 prost\u0159edky v lidov\u00e9 v\u00ed\u0159e<\/h1>\t\t\t\t<\/div>\n\t\t<div class=\"elementor-element elementor-element-iw-wacholder-hero-bw e-con-full e-flex e-con e-child\" data-id=\"iw-wacholder-hero-bw\" data-element_type=\"container\" data-e-type=\"container\">\n\t\t\t\t<div class=\"elementor-element elementor-element-iwgs-wacholder-pills elementor-widget elementor-widget-html\" data-id=\"iwgs-wacholder-pills\" data-element_type=\"widget\" data-e-type=\"widget\" data-widget_type=\"html.default\">\n\t\t\t\t\t<div class=\"iwg-pill-row\"><span class=\"iwg-klasse-badge\" tabindex=\"0\" data-tooltip=\"Druh ochrann\u00e9ho prost\u0159edku.\">Bylink\u00e1\u0159stv\u00ed<\/span><a href=\"https:\/\/iwell-guard.com\/cs\/kompas-ochrany\/\" class=\"iwg-kultur-badge\" tabindex=\"0\" data-tooltip=\"K Ochrann\u00e9mu kompasu.\">Ochrann\u00fd kompas<\/a><\/div>\t\t\t\t<\/div>\n\t\t\t\t<div class=\"elementor-element elementor-element-iwgs-wacholder-lead elementor-widget elementor-widget-text-editor\" data-id=\"iwgs-wacholder-lead\" data-element_type=\"widget\" data-e-type=\"widget\" data-widget_type=\"text-editor.default\">\n\t\t\t\t\t\t\t\t\t<p>M\u00e1lokter\u00e1 oblast lidov\u00e9 v\u00edry je tak bohat\u00e1 na dochovan\u00e9 praktiky jako zach\u00e1zen\u00ed s ochrann\u00fdmi bylinami. Od <a href=\"https:\/\/iwell-guard.com\/cs\/pelynek-beifuss\/\">pely\u0148ku<\/a> na okraji cesty p\u0159es <a href=\"https:\/\/iwell-guard.com\/cs\/alrauna-ochranny-koren-lidove-magie\/\">mandragoru<\/a> v truhle a\u017e po <a href=\"https:\/\/iwell-guard.com\/cs\/cesnek-jako-ochrana\/\">strou\u017eek \u010desneku<\/a> nad prahem dve\u0159\u00ed a <a href=\"https:\/\/iwell-guard.com\/cs\/jalovec\/\">jalovcovou v\u011btvi\u010dku<\/a> v kadidelnici sah\u00e1 \u0161k\u00e1la rostlin, kter\u00fdm selky, porodn\u00ed babi\u010dky a bylink\u00e1\u0159ky p\u0159isuzovaly odvracej\u00edc\u00ed moc.<\/p><p>Star\u00fd po\u0159ekadlo z n\u011bmecky mluv\u00edc\u00edch zem\u00ed shrnuje tuto v\u00edru do v\u00fdsti\u017en\u00e9 formule: &#8222;Baldrian, Dost und Dill, kann die Hex&#8216; nicht, wie sie will.&#8220; (voln\u011b: &#8222;Kozl\u00edk, dobromysl a kopr, na ty \u010darod\u011bjnice nem\u00e1 p\u00e1ky.&#8220;) Takov\u00e1 r\u010den\u00ed slou\u017eila k \u00fastn\u00edmu p\u0159ed\u00e1v\u00e1n\u00ed v\u011bdomost\u00ed z generace na generaci a ukazuj\u00ed, jak pevn\u011b byly byliny zakotveny v ka\u017edodenn\u00ed ochran\u011b.<\/p>\n<p class=\"iwg-kwfix\">Ochrann\u00e9 byliny jsou rostliny, kter\u00fdm lidov\u00e1 v\u00edra p\u0159isuzuje odvracej\u00edc\u00ed moc proti \u0161kodliv\u00e9 magii a zl\u00fdm sil\u00e1m. Jako ochrann\u00e9 prost\u0159edky proti \u0161kodliv\u00e9 magii doprov\u00e1zej\u00ed tyto byliny v\u0161edn\u00ed \u017eivot ji\u017e po generace a dodnes utv\u00e1\u0159ej\u00ed lidovou v\u00edru.<\/p>\t\t\t\t\t\t\t\t<\/div>\n\t\t\t\t<\/div>\n\t\t\t\t<\/div>\n\t\t<div class=\"elementor-element elementor-element-iw-wacholder-hero-img e-con-full e-flex e-con e-child\" data-id=\"iw-wacholder-hero-img\" data-element_type=\"container\" data-e-type=\"container\">\n\t\t\t\t<div class=\"elementor-element elementor-element-iwgs-wacholder-himg iwg-hero-image elementor-widget elementor-widget-image\" data-id=\"iwgs-wacholder-himg\" data-element_type=\"widget\" data-e-type=\"widget\" data-widget_type=\"image.default\">\n\t\t\t\t\t\t\t\t\t\t\t\t\t\t\t<img fetchpriority=\"high\" decoding=\"async\" width=\"683\" height=\"1024\" src=\"https:\/\/iwell-guard.com\/wp-content\/uploads\/2026\/05\/schutzsymbol_germanisch_wacholder-683x1024.png\" class=\"attachment-large size-large wp-image-146972\" alt=\"Spor\u00fd\u0161 \u2013 ochrann\u00e1 a ritu\u00e1ln\u00ed rostlina, historicko-ilustrativn\u00ed\" srcset=\"https:\/\/iwell-guard.com\/wp-content\/uploads\/2026\/05\/schutzsymbol_germanisch_wacholder-683x1024.png 683w, https:\/\/iwell-guard.com\/wp-content\/uploads\/2026\/05\/schutzsymbol_germanisch_wacholder-200x300.png 200w, https:\/\/iwell-guard.com\/wp-content\/uploads\/2026\/05\/schutzsymbol_germanisch_wacholder-768x1152.png 768w, https:\/\/iwell-guard.com\/wp-content\/uploads\/2026\/05\/schutzsymbol_germanisch_wacholder.png 1024w\" sizes=\"(max-width: 683px) 100vw, 683px\" \/>\t\t\t\t\t\t\t\t\t\t\t\t\t\t\t<\/div>\n\t\t\t\t<\/div>\n\t\t\t\t\t<\/div>\n\t\t\t\t<\/div>\n\t\t<div class=\"elementor-element elementor-element-iwgs-wacholder-s0 e-flex e-con-boxed e-con e-parent\" data-id=\"iwgs-wacholder-s0\" data-element_type=\"container\" data-e-type=\"container\">\n\t\t\t\t\t<div class=\"e-con-inner\">\n\t\t\t\t<div class=\"elementor-element elementor-element-iwgs-wacholder-s0h elementor-widget elementor-widget-heading\" data-id=\"iwgs-wacholder-s0h\" data-element_type=\"widget\" data-e-type=\"widget\" data-widget_type=\"heading.default\">\n\t\t\t\t\t<h2 class=\"elementor-heading-title elementor-size-default\">Rychl\u00fd p\u0159ehled<\/h2>\t\t\t\t<\/div>\n\t\t<div class=\"elementor-element elementor-element-iw-wacholder-s0-bw e-con-full e-flex e-con e-child\" data-id=\"iw-wacholder-s0-bw\" data-element_type=\"container\" data-e-type=\"container\">\n\t\t\t\t<div class=\"elementor-element elementor-element-iwgs-wacholder-s0t elementor-widget elementor-widget-text-editor\" data-id=\"iwgs-wacholder-s0t\" data-element_type=\"widget\" data-e-type=\"widget\" data-widget_type=\"text-editor.default\">\n\t\t\t\t\t\t\t\t\t<p>Pod pojmem ochrann\u00e9 byliny ch\u00e1pe folkloristick\u00fd v\u00fdzkum rostliny, kter\u00fdm pov\u011bsti, zvyky a pov\u011bry p\u0159isuzovaly odvracej\u00edc\u00ed \u00fa\u010dinek proti \u010darod\u011bjnictv\u00ed, zl\u00e9mu pohledu, nemocn\u00fdm duch\u016fm a dal\u0161\u00edm \u0161kodliv\u00fdm vliv\u016fm. \u0160k\u00e1la sah\u00e1 od zn\u00e1m\u00fdch kuchy\u0148sk\u00fdch a zahradn\u00edch bylin a\u017e po vz\u00e1cn\u00e9 ko\u0159eny, jako je mandragora.<\/p><p>Tato str\u00e1nka shrnuje dochovan\u00e9 poznatky o v\u00fdb\u011bru ochrann\u00fdch bylin z n\u011bmecky mluv\u00edc\u00edch zem\u00ed a odkazuje na samostatn\u00e9 podrobn\u00e9 str\u00e1nky k jednotliv\u00fdm rostlin\u00e1m.<\/p>\t\t\t\t\t\t\t\t<\/div>\n\t\t\t\t<\/div>\n\t\t\t\t\t<\/div>\n\t\t\t\t<\/div>\n\t\t<div class=\"elementor-element elementor-element-iwgs-wacholder-s1 e-flex e-con-boxed e-con e-parent\" data-id=\"iwgs-wacholder-s1\" data-element_type=\"container\" data-e-type=\"container\">\n\t\t\t\t\t<div class=\"e-con-inner\">\n\t\t\t\t<div class=\"elementor-element elementor-element-iwgs-wacholder-s1h elementor-widget elementor-widget-heading\" data-id=\"iwgs-wacholder-s1h\" data-element_type=\"widget\" data-e-type=\"widget\" data-widget_type=\"heading.default\">\n\t\t\t\t\t<h2 class=\"elementor-heading-title elementor-size-default\">P\u016fvod a tradice<\/h2>\t\t\t\t<\/div>\n\t\t<div class=\"elementor-element elementor-element-iw-wacholder-s1-bw e-con-full e-flex e-con e-child\" data-id=\"iw-wacholder-s1-bw\" data-element_type=\"container\" data-e-type=\"container\">\n\t\t\t\t<div class=\"elementor-element elementor-element-iwgs-wacholder-s1t elementor-widget elementor-widget-text-editor\" data-id=\"iwgs-wacholder-s1t\" data-element_type=\"widget\" data-e-type=\"widget\" data-widget_type=\"text-editor.default\">\n\t\t\t\t\t\t\t\t\t<p>P\u0159edstava, \u017ee ur\u010dit\u00e9 rostliny chr\u00e1n\u00ed p\u0159ed ne\u0161t\u011bst\u00edm, sah\u00e1 do p\u0159edk\u0159es\u0165ansk\u00fdch dob a ve st\u0159edov\u011bku byla \u010d\u00e1ste\u010dn\u011b za\u010dlen\u011bna do c\u00edrkevn\u00ed praxe: p\u0159i sv\u011bcen\u00ed bylin na sv\u00e1tek Nanebevzet\u00ed Panny Marie se sv\u011bcely svazky bylin, do nich\u017e se spolu s obiln\u00fdmi klasy v\u00e1zaly ochrann\u00e9 byliny jako <a href=\"https:\/\/iwell-guard.com\/cs\/?page_id=146366\">divizna<\/a> a <a href=\"https:\/\/iwell-guard.com\/cs\/trezalka\/\">t\u0159ezalka<\/a>.<\/p><p>Soub\u011b\u017en\u011b s t\u00edm \u017eilo d\u00e1l selsk\u00e9 zku\u0161enostn\u00ed v\u011bd\u011bn\u00ed, kter\u00e9 se \u0161\u00ed\u0159ilo nez\u00e1visle na c\u00edrkevn\u00ed nauce: prost\u0159ednictv\u00edm r\u010den\u00ed, praktick\u00e9ho p\u0159edv\u00e1d\u011bn\u00ed v rodin\u011b a bylink\u00e1\u0159ek a porodn\u00edch babi\u010dek z vesnic, kter\u00e9 byly pova\u017eov\u00e1ny za nositelky tohoto v\u011bd\u011bn\u00ed.<\/p><p>Handw\u00f6rterbuch des deutschen Aberglaubens uv\u00e1d\u00ed u t\u00e9m\u011b\u0159 ka\u017ed\u00e9 dom\u00e1c\u00ed byliny n\u011bjakou formu ochrann\u00e9 tradice, co\u017e ukazuje na hust\u00fd v\u00fdkladov\u00fd syst\u00e9m, kter\u00fd se rozv\u00edjel po generace.<\/p>\t\t\t\t\t\t\t\t<\/div>\n\t\t\t\t<\/div>\n\t\t\t\t\t<\/div>\n\t\t\t\t<\/div>\n\t\t<div class=\"elementor-element elementor-element-iwgs-wacholder-s2 e-flex e-con-boxed e-con e-parent\" data-id=\"iwgs-wacholder-s2\" data-element_type=\"container\" data-e-type=\"container\">\n\t\t\t\t\t<div class=\"e-con-inner\">\n\t\t\t\t<div class=\"elementor-element elementor-element-iwgs-wacholder-s2h elementor-widget elementor-widget-heading\" data-id=\"iwgs-wacholder-s2h\" data-element_type=\"widget\" data-e-type=\"widget\" data-widget_type=\"heading.default\">\n\t\t\t\t\t<h2 class=\"elementor-heading-title elementor-size-default\">Princip p\u016fsoben\u00ed podle tradice<\/h2>\t\t\t\t<\/div>\n\t\t<div class=\"elementor-element elementor-element-iw-wacholder-s2-bw e-con-full e-flex e-con e-child\" data-id=\"iw-wacholder-s2-bw\" data-element_type=\"container\" data-e-type=\"container\">\n\t\t\t\t<div class=\"elementor-element elementor-element-iwgs-wacholder-s2t elementor-widget elementor-widget-text-editor\" data-id=\"iwgs-wacholder-s2t\" data-element_type=\"widget\" data-e-type=\"widget\" data-widget_type=\"text-editor.default\">\n\t\t\t\t\t\t\t\t\t<p>Lidov\u00e1 v\u00edra znala pro pou\u017eit\u00ed ochrann\u00fdch bylin opakuj\u00edc\u00ed se zp\u016fsoby, kter\u00e9 se u mnoha rostlin a v mnoha regionech podobaj\u00ed. No\u0161eny na t\u011ble, obvykle v mal\u00e9m <a href=\"https:\/\/iwell-guard.com\/cs\/schutzsacek-a-breverl\/\">ochrann\u00e9m pytl\u00ed\u010dku<\/a> nebo s\u00e1\u010dku, m\u011bly byliny sv\u00e9ho nositele bezprost\u0159edn\u011b doprov\u00e1zet a chr\u00e1nit ho p\u0159ed \u0161kodlivou magi\u00ed.<\/p><p>Um\u00edst\u011bny u vstupu do domu i nad dve\u0159mi a nad vstupem do st\u00e1je, \u010dasto jako svazek nebo v\u011bnec, ozna\u010dovaly <a href=\"https:\/\/iwell-guard.com\/cs\/ochrana-prahu-dvere-okna-vchod\/\">pr\u00e1h<\/a> jako hranici, kterou \u0161kodliv\u00e9 s\u00edly nemohly p\u0159ekro\u010dit. Vlo\u017eeny pod pol\u0161t\u00e1\u0159 nebo pod postel, chr\u00e1nily byliny bezbrann\u00fd okam\u017eik sp\u00e1nku. Spalov\u00e1ny jako <a href=\"https:\/\/iwell-guard.com\/cs\/kourenie-a-cisteni\/\">kadidlo<\/a>, \u0161\u00ed\u0159ily kone\u010dn\u011b d\u00fdm, jemu\u017e byla p\u0159isuzov\u00e1na o\u010distn\u00e1 a odvracej\u00edc\u00ed moc.<\/p><p>Tyto formy, s\u00e1\u010dek, pr\u00e1h, l\u016f\u017eko a d\u00fdm, se jako opakuj\u00edc\u00ed se vzorec objevuj\u00ed v tradici t\u00e9m\u011b\u0159 u v\u0161ech zde p\u0159edstaven\u00fdch bylin.<\/p>\t\t\t\t\t\t\t\t<\/div>\n\t\t\t\t<\/div>\n\t\t\t\t\t<\/div>\n\t\t\t\t<\/div>\n\t\t<div class=\"elementor-element elementor-element-iwgs-wacholder-s3 e-flex e-con-boxed e-con e-parent\" data-id=\"iwgs-wacholder-s3\" data-element_type=\"container\" data-e-type=\"container\">\n\t\t\t\t\t<div class=\"e-con-inner\">\n\t\t\t\t<div class=\"elementor-element elementor-element-iwgs-wacholder-s3h elementor-widget elementor-widget-heading\" data-id=\"iwgs-wacholder-s3h\" data-element_type=\"widget\" data-e-type=\"widget\" data-widget_type=\"heading.default\">\n\t\t\t\t\t<h2 class=\"elementor-heading-title elementor-size-default\">Roz\u0161\u00ed\u0159en\u00ed nap\u0159\u00ed\u010d kulturami<\/h2>\t\t\t\t<\/div>\n\t\t<div class=\"elementor-element elementor-element-iw-wacholder-s3-bw e-con-full e-flex e-con e-child\" data-id=\"iw-wacholder-s3-bw\" data-element_type=\"container\" data-e-type=\"container\">\n\t\t\t\t<div class=\"elementor-element elementor-element-iwgs-wacholder-s3t elementor-widget elementor-widget-text-editor\" data-id=\"iwgs-wacholder-s3t\" data-element_type=\"widget\" data-e-type=\"widget\" data-widget_type=\"text-editor.default\">\n\t\t\t\t\t\t\t\t\t<p>V\u00edra v ochrann\u00e9 byliny se neomezuje jen na n\u011bmecky mluv\u00edc\u00ed oblasti. V keltsk\u00e9m prost\u0159ed\u00ed byly rostliny jako <a href=\"https:\/\/iwell-guard.com\/cs\/?page_id=146365\">spor\u00fd\u0161<\/a> pova\u017eov\u00e1ny za svat\u00e9 a sb\u00edraly se podle pevn\u00fdch ritu\u00e1l\u016f. Ve slovansk\u00e9 lidov\u00e9 v\u00ed\u0159e se d\u016fm a st\u00e1j chr\u00e1nily podobn\u00fdmi svazky jako v alpsk\u00e9m lidov\u00e9m zvyku, by\u0165 s jin\u00fdmi druhy rostlin.<\/p><p>Podobn\u00e9 p\u0159edstavy znaj\u00ed i mimoevropsk\u00e9 kultury: v Indii se nap\u0159\u00edklad p\u0159\u00edbuzn\u00e9 druhy <a href=\"https:\/\/iwell-guard.com\/cs\/?page_id=146366\">divizny<\/a> pou\u017e\u00edvaly proti zl\u00fdm duch\u016fm a magii. Tyto paralely sv\u011bd\u010d\u00ed o roz\u0161\u00ed\u0159en\u00e9 pot\u0159eb\u011b pou\u017e\u00edvat hmatateln\u00e9 rostliny jako prost\u0159edn\u00edky mezi vlastn\u00ed zranitelnost\u00ed a neviditeln\u00fdm sv\u011btem poci\u0165ovan\u00fdm jako ohro\u017euj\u00edc\u00ed.<\/p>\t\t\t\t\t\t\t\t<\/div>\n\t\t\t\t<\/div>\n\t\t\t\t\t<\/div>\n\t\t\t\t<\/div>\n\t\t<div class=\"elementor-element elementor-element-iwgs-wacholder-s4 e-flex e-con-boxed e-con e-parent\" data-id=\"iwgs-wacholder-s4\" data-element_type=\"container\" data-e-type=\"container\">\n\t\t\t\t\t<div class=\"e-con-inner\">\n\t\t\t\t<div class=\"elementor-element elementor-element-iwgs-wacholder-s4h elementor-widget elementor-widget-heading\" data-id=\"iwgs-wacholder-s4h\" data-element_type=\"widget\" data-e-type=\"widget\" data-widget_type=\"heading.default\">\n\t\t\t\t\t<h2 class=\"elementor-heading-title elementor-size-default\">Proti \u010demu se pou\u017e\u00edv\u00e1<\/h2>\t\t\t\t<\/div>\n\t\t<div class=\"elementor-element elementor-element-iw-wacholder-s4-bw e-con-full e-flex e-con e-child\" data-id=\"iw-wacholder-s4-bw\" data-element_type=\"container\" data-e-type=\"container\">\n\t\t\t\t<div class=\"elementor-element elementor-element-iwgs-wacholder-s4t elementor-widget elementor-widget-text-editor\" data-id=\"iwgs-wacholder-s4t\" data-element_type=\"widget\" data-e-type=\"widget\" data-widget_type=\"text-editor.default\">\n\t\t\t\t\t\t\t\t\t<p>Tradice pou\u017e\u00edvala ochrann\u00e9 byliny proti \u0161irok\u00e9mu spektru hrozeb. K nim pat\u0159il zl\u00fd pohled, tedy pohled z\u00e1visti, kter\u00fd m\u011bl \u0161kodit lidem, dobytku a \u00farod\u011b, d\u00e1le \u010darod\u011bjnictv\u00ed a u\u0159knut\u00ed v u\u017e\u0161\u00edm smyslu. K obrazu hrozby pat\u0159ili i nemocn\u00ed duchov\u00e9, kter\u00fdm se p\u0159isuzovaly hore\u010dky, epidemie a nevysv\u011btliteln\u00e1 utrpen\u00ed, stejn\u011b jako pov\u011btrnostn\u00ed nebezpe\u010d\u00ed, nap\u0159\u00edklad \u00fader blesku, proti n\u011bmu\u017e m\u011bly b\u00fdt zvl\u00e1\u0161\u0165 \u00fa\u010dinn\u00e9 n\u011bkter\u00e9 byliny jako divizna.<\/p><p>K c\u00edl\u016fm t\u00e9to ochrann\u00e9 praxe pat\u0159ily i pomluvy a spory v dom\u011b, p\u0159ed kter\u00fdmi m\u011bla chr\u00e1nit nap\u0159\u00edklad and\u011blika. <a href=\"https:\/\/iwell-guard.com\/cs\/kompas-ochrany\/\">Ochrann\u00fd kompas<\/a> p\u0159i\u0159azuje jednotliv\u00e9 byliny k hrozb\u00e1m, pro kter\u00e9 jsou dolo\u017eeny v pramenech.<\/p>\t\t\t\t\t\t\t\t<\/div>\n\t\t\t\t<\/div>\n\t\t\t\t\t<\/div>\n\t\t\t\t<\/div>\n\t\t<div class=\"elementor-element elementor-element-iwgs-wacholder-s5 e-flex e-con-boxed e-con e-parent\" data-id=\"iwgs-wacholder-s5\" data-element_type=\"container\" data-e-type=\"container\">\n\t\t\t\t\t<div class=\"e-con-inner\">\n\t\t\t\t<div class=\"elementor-element elementor-element-iwgs-wacholder-s5h elementor-widget elementor-widget-heading\" data-id=\"iwgs-wacholder-s5h\" data-element_type=\"widget\" data-e-type=\"widget\" data-widget_type=\"heading.default\">\n\t\t\t\t\t<h2 class=\"elementor-heading-title elementor-size-default\">Pou\u017eit\u00ed a hranice<\/h2>\t\t\t\t<\/div>\n\t\t<div class=\"elementor-element elementor-element-iw-wacholder-s5-bw e-con-full e-flex e-con e-child\" data-id=\"iw-wacholder-s5-bw\" data-element_type=\"container\" data-e-type=\"container\">\n\t\t\t\t<div class=\"elementor-element elementor-element-iwgs-wacholder-s5t elementor-widget elementor-widget-text-editor\" data-id=\"iwgs-wacholder-s5t\" data-element_type=\"widget\" data-e-type=\"widget\" data-widget_type=\"text-editor.default\">\n\t\t\t\t\t\t\t\t\t<p>N\u00e1sleduj\u00edc\u00ed str\u00e1nky p\u0159edstavuj\u00ed jednotliv\u00e9 ochrann\u00e9 byliny podrobn\u011b, s jejich vlastn\u00edmi d\u011bjinami tradice, zp\u016fsoby pou\u017eit\u00ed a hranicemi, kter\u00e9 si sama lidov\u00e1 v\u00edra vyty\u010dila:<\/p><ul><li><a href=\"https:\/\/iwell-guard.com\/cs\/pelynek-beifuss\/\">Pelyn\u011bk obecn\u00fd<\/a><\/li><li><a href=\"https:\/\/iwell-guard.com\/cs\/salvej-vykurovani\/\">\u0160alv\u011bj<\/a><\/li><li><a href=\"https:\/\/iwell-guard.com\/cs\/jalovec\/\">Jalovec<\/a><\/li><li><a href=\"https:\/\/iwell-guard.com\/cs\/jerab-ochranny-strom-lidove-magie\/\">Je\u0159\u00e1b<\/a><\/li><li><a href=\"https:\/\/iwell-guard.com\/cs\/trezalka\/\">T\u0159ezalka<\/a><\/li><li><a href=\"https:\/\/iwell-guard.com\/cs\/cesnek-jako-ochrana\/\">\u010cesnek<\/a><\/li><li><a href=\"https:\/\/iwell-guard.com\/cs\/alrauna-ochranny-koren-lidove-magie\/\">Mandragora<\/a><\/li><li><a href=\"https:\/\/iwell-guard.com\/cs\/?page_id=146365\">Spor\u00fd\u0161<\/a><\/li><li><a href=\"https:\/\/iwell-guard.com\/cs\/?page_id=146366\">Divizna<\/a><\/li><li><a href=\"https:\/\/iwell-guard.com\/cs\/?page_id=146367\">\u0158eb\u0159\u00ed\u010dek<\/a><\/li><li><a href=\"https:\/\/iwell-guard.com\/cs\/?page_id=146368\">Pelyn\u011bk prav\u00fd<\/a><\/li><li><a href=\"https:\/\/iwell-guard.com\/cs\/?page_id=146369\">And\u011blika<\/a><\/li><\/ul><p>Jedna hranice v\u0161ech ochrann\u00fdch bylin spo\u010d\u00edv\u00e1 v tradici samotn\u00e9: \u017e\u00e1dn\u00e1 bylina nebyla sama pova\u017eov\u00e1na za dostate\u010dnou. V\u017edy se kombinovala s modlitbami, \u017eehnac\u00edmi \u0159\u00edkankami, <a href=\"https:\/\/iwell-guard.com\/cs\/sul-jako-ochrana\/\">sol\u00ed<\/a> a dal\u0161\u00edmi ochrann\u00fdmi prost\u0159edky, jak to ukazuje i <a href=\"https:\/\/iwell-guard.com\/cs\/kompas-ochrany\/\">Ochrann\u00fd kompas<\/a> ve sv\u00fdch dochovan\u00fdch kombinac\u00edch.<\/p>\t\t\t\t\t\t\t\t<\/div>\n\t\t\t\t<\/div>\n\t\t\t\t\t<\/div>\n\t\t\t\t<\/div>\n\t\t<div class=\"elementor-element elementor-element-iwgs-wacholder-lit e-flex e-con-boxed e-con e-parent\" data-id=\"iwgs-wacholder-lit\" data-element_type=\"container\" data-e-type=\"container\">\n\t\t\t\t\t<div class=\"e-con-inner\">\n\t\t\t\t<div class=\"elementor-element elementor-element-iwgs-wacholder-lith elementor-widget elementor-widget-heading\" data-id=\"iwgs-wacholder-lith\" data-element_type=\"widget\" data-e-type=\"widget\" data-widget_type=\"heading.default\">\n\t\t\t\t\t<h2 class=\"elementor-heading-title elementor-size-default\">Literatura (v\u00fdb\u011br)<\/h2>\t\t\t\t<\/div>\n\t\t<div class=\"elementor-element elementor-element-iw-wacholder-lit-bw e-con-full e-flex e-con e-child\" data-id=\"iw-wacholder-lit-bw\" data-element_type=\"container\" data-e-type=\"container\">\n\t\t\t\t<div class=\"elementor-element elementor-element-iwgs-wacholder-litt elementor-widget elementor-widget-html\" data-id=\"iwgs-wacholder-litt\" data-element_type=\"widget\" data-e-type=\"widget\" data-widget_type=\"html.default\">\n\t\t\t\t\t<footer data-nosnippet=\"true\"><ul><li>Handw\u00f6rterbuch des deutschen Aberglaubens. Vyd. Hanns B\u00e4chtold-St\u00e4ubli. Berlin: de Gruyter, 1927-1942.<\/li><li>Heinrich Marzell (ve spolupr\u00e1ci s Wilhelmem Wissmannem): W\u00f6rterbuch der deutschen Pflanzennamen. Leipzig\/Stuttgart: Hirzel, 1943-1979.<\/li><li>Will-Erich Peuckert: Deutscher Volksglaube des Sp\u00e4tmittelalters. Stuttgart: Kohlhammer, 1942.<\/li><li>Siegfried Seligmann: Der b\u00f6se Blick und Verwandtes. Berlin: Barsdorf, 1910.<\/li><li>Lutz R\u00f6hrich: Lexikon der sprichw\u00f6rtlichen Redensarten. Freiburg: Herder, 1991.<\/li><\/ul><\/footer>\t\t\t\t<\/div>\n\t\t\t\t<\/div>\n\t\t\t\t\t<\/div>\n\t\t\t\t<\/div>\n\t\t<div class=\"elementor-element elementor-element-iwgs-wacholder-kwd e-flex e-con-boxed e-con e-parent\" data-id=\"iwgs-wacholder-kwd\" data-element_type=\"container\" data-e-type=\"container\">\n\t\t\t\t\t<div class=\"e-con-inner\">\n\t\t<div class=\"elementor-element elementor-element-iw-wacholder-kwd-bw e-con-full e-flex e-con e-child\" data-id=\"iw-wacholder-kwd-bw\" data-element_type=\"container\" data-e-type=\"container\">\n\t\t\t\t<div class=\"elementor-element elementor-element-iwgs-wacholder-kwdt elementor-widget elementor-widget-text-editor\" data-id=\"iwgs-wacholder-kwdt\" data-element_type=\"widget\" data-e-type=\"widget\" data-widget_type=\"text-editor.default\">\n\t\t\t\t\t\t\t\t\t<p><em>Souvisej\u00edc\u00ed kl\u00ed\u010dov\u00e9 pojmy: schutzkraeuter volksglaube kraeutermagie schwellenschutz.<\/em><\/p>\t\t\t\t\t\t\t\t<\/div>\n\t\t\t\t<\/div>\n\t\t\t\t\t<\/div>\n\t\t\t\t<\/div>\n\t\t<div class=\"elementor-element elementor-element-iwgs-wacholder-cc e-flex e-con-boxed e-con e-parent\" data-id=\"iwgs-wacholder-cc\" data-element_type=\"container\" data-e-type=\"container\" id=\"iwg-cc-wacholder\">\n\t\t\t\t\t<div class=\"e-con-inner\">\n\t\t<div class=\"elementor-element elementor-element-iwgs-wacholder-ccinner e-flex e-con-boxed e-con e-parent\" data-id=\"iwgs-wacholder-ccinner\" data-element_type=\"container\" data-e-type=\"container\" data-settings=\"{&quot;background_background&quot;:&quot;classic&quot;}\">\n\t\t\t\t\t<div class=\"e-con-inner\">\n\t\t\t\t<div class=\"elementor-element elementor-element-iwgs-wacholder-cch elementor-widget elementor-widget-heading\" data-id=\"iwgs-wacholder-cch\" data-element_type=\"widget\" data-e-type=\"widget\" data-widget_type=\"heading.default\">\n\t\t\t\t\t<h2 class=\"elementor-heading-title elementor-size-default\">iWell Guard a ochrann\u00e9 tradice<\/h2>\t\t\t\t<\/div>\n\t\t\t\t<div class=\"elementor-element elementor-element-iwgs-wacholder-cct elementor-widget elementor-widget-text-editor\" data-id=\"iwgs-wacholder-cct\" data-element_type=\"widget\" data-e-type=\"widget\" data-widget_type=\"text-editor.default\">\n\t\t\t\t\t\t\t\t\t<p>Rozmanitost ochrann\u00fdch bylin ukazuje opakuj\u00edc\u00ed se lidskou pot\u0159ebu: vlastnit hmatateln\u00e9 p\u0159edm\u011bty, kter\u00e9 vyzna\u010duj\u00ed neviditelnou hranici mezi vlastn\u00edm, chr\u00e1n\u011bn\u00fdm prostorem a okol\u00edm poci\u0165ovan\u00fdm jako ohro\u017euj\u00edc\u00ed. Na tomto principu je zalo\u017een i <a href=\"https:\/\/iwell-guard.com\/cs\/koupit-ochranny-privesek-iwell-guard\/\">iWell Guard<\/a>.<\/p><p>Co se d\u0159\u00edv\u011bj\u0161\u00ed generace sna\u017eily dos\u00e1hnout pomoc\u00ed bylinn\u00fdch pytl\u00ed\u010dk\u016f, svazk\u016f na dve\u0159\u00edch a kadidla, p\u0159en\u00e1\u0161\u00ed tento p\u0159\u00edv\u011bsek do formy, kterou lze trvale nosit na t\u011ble. Symbolick\u00e1 logika vyty\u010den\u00ed hranice z\u016fst\u00e1v\u00e1 stejn\u00e1, jen se zm\u011bnila jej\u00ed vn\u011bj\u0161\u00ed forma.<\/p>\t\t\t\t\t\t\t\t<\/div>\n\t\t\t\t<div class=\"elementor-element elementor-element-iwgs-wacholder-ccb iwg-cc-button iwg-cc-cta-2026-05-13 elementor-widget elementor-widget-jet-button\" data-id=\"iwgs-wacholder-ccb\" data-element_type=\"widget\" data-e-type=\"widget\" data-widget_type=\"jet-button.default\">\n\t\t\t\t<div class=\"elementor-widget-container\">\n\t\t\t\t\t<div class=\"elementor-jet-button jet-elements\"><div class=\"jet-button__container\"><a class=\"jet-button__instance jet-button__instance--icon-left hover-effect-1\" href=\"\/schutzanhaenger-iwell-guard-kaufen\/?utm_source=iwell-guard.com&amp;utm_medium=info-box&amp;utm_campaign=schutzsymbole\"><div class=\"jet-button__plane jet-button__plane-normal\"><\/div><div class=\"jet-button__plane jet-button__plane-hover\"><\/div><div class=\"jet-button__state jet-button__state-normal\"><span class=\"jet-button__label\">V\u00edce o iWell Guard<\/span><\/div><div class=\"jet-button__state jet-button__state-hover\"><span class=\"jet-button__label\">V\u00edce o iWell Guard<\/span><\/div><\/a><\/div><\/div><style>.elementor-element.elementor-element-iwgs-wacholder-ccb .jet-button__instance{width:320px;height:56px;}.elementor-element.elementor-element-iwgs-wacholder-ccb .jet-button__state-normal .jet-button__label{text-align:center;margin:0px 0px 0px 0px;color:#1a1b20;font-family:Montserrat,sans-serif;font-size:13px;font-weight:400;letter-spacing:4px;line-height:1.714em;text-transform:uppercase;}.elementor-element.elementor-element-iwgs-wacholder-ccb .jet-button__state-hover .jet-button__label{text-align:center;margin:0px 0px 0px 0px;color:#FECC76;font-family:Montserrat,sans-serif;font-size:13px;font-weight:400;letter-spacing:4px;line-height:1.714em;text-transform:uppercase;}.elementor-element.elementor-element-iwgs-wacholder-ccb .jet-button__plane-normal{background-color:#FECC76;border-style:solid;border-color:#C99540;border-width:2px 2px 2px 2px;}.elementor-element.elementor-element-iwgs-wacholder-ccb .jet-button__plane-hover{background-color:rgba(0,0,0,0.55);border-style:solid;border-color:#FECC76;border-width:2px 2px 2px 2px;}<\/style>\t\t\t\t<\/div>\n\t\t\t\t<\/div>\n\t\t\t\t<div class=\"elementor-element elementor-element-iwgs-wacholder-ccd elementor-widget elementor-widget-text-editor\" data-id=\"iwgs-wacholder-ccd\" data-element_type=\"widget\" data-e-type=\"widget\" data-widget_type=\"text-editor.default\">\n\t\t\t\t\t\t\t\t\t<p style=\"text-align:center;font-size:13px;opacity:0.7;margin-top:14px\" data-nosnippet=\"true\">Osobn\u00ed zku\u0161enosti se mohou li\u0161it. Nejde o zdravotnick\u00fd prost\u0159edek. Nejde o p\u0159\u00edslib l\u00e9\u010den\u00ed.<\/p>\t\t\t\t\t\t\t\t<\/div>\n\t\t\t\t\t<\/div>\n\t\t\t\t<\/div>\n\t\t\t\t\t<\/div>\n\t\t\t\t<\/div>\n\t\t<div class=\"elementor-element elementor-element-iwgs-wacholder-disc e-flex e-con-boxed e-con e-parent\" data-id=\"iwgs-wacholder-disc\" data-element_type=\"container\" data-e-type=\"container\">\n\t\t\t\t\t<div class=\"e-con-inner\">\n\t\t<div class=\"elementor-element elementor-element-iw-wacholder-disc-bw e-con-full e-flex e-con e-child\" data-id=\"iw-wacholder-disc-bw\" data-element_type=\"container\" data-e-type=\"container\">\n\t\t\t\t<div class=\"elementor-element elementor-element-iwgs-wacholder-discw elementor-widget elementor-widget-html\" data-id=\"iwgs-wacholder-discw\" data-element_type=\"widget\" data-e-type=\"widget\" data-widget_type=\"html.default\">\n\t\t\t\t\t<footer data-nosnippet=\"true\" class=\"iwg-disclaimer-block\"><p data-nosnippet=\"true\">iWell Guard <strong>nen\u00ed zdravotnick\u00fd prost\u0159edek<\/strong> a nenahrazuje l\u00e9ka\u0159skou ani psychoterapeutickou l\u00e9\u010dbu. Zde uveden\u00fd obsah p\u0159edstavuje religionistick\u00e9 a kulturn\u011b-historick\u00e9 za\u0159azen\u00ed, nikoli p\u0159\u00edslib duchovn\u00edho \u00fa\u010dinku.<\/p><\/footer>\t\t\t\t<\/div>\n\t\t\t\t<\/div>\n\t\t\t\t\t<\/div>\n\t\t\t\t<\/div>\n\t\t\t\t<\/div>\n\t\t","protected":false},"excerpt":{"rendered":"","protected":false},"author":3,"featured_media":20530,"parent":0,"menu_order":0,"comment_status":"closed","ping_status":"closed","template":"elementor_header_footer","meta":{"_yoast_wpseo_focuskw":"ochrann\u00e9 byliny","_yoast_wpseo_title":"Ochrann\u00e9 byliny: byliny jako ochrann\u00e9 prost\u0159edky v lidov\u00e9 v\u00ed\u0159e","_yoast_wpseo_metadesc":"Ochrann\u00e9 byliny v lidov\u00e9 v\u00ed\u0159e: zp\u016fsoby pou\u017eit\u00ed, tradice a p\u0159ehled v\u0161ech str\u00e1nek o ochrann\u00fdch bylin\u00e1ch od pely\u0148ku po and\u011blku.","_yoast_wpseo_meta-robots-noindex":"","_yoast_wpseo_canonical":"","_angie_page":false,"gefaehrdungsstufe":"","wesen_kultur":"","wesen_klasse":"","footnotes":""},"categories":[],"class_list":["post-146364","page","type-page","status-publish","has-post-thumbnail","hentry"],"yoast_head":"<!-- This site is optimized with the Yoast SEO Premium plugin v27.7 (Yoast SEO v28.3) - https:\/\/yoast.com\/product\/yoast-seo-premium-wordpress\/ -->\n<title>Ochrann\u00e9 byliny: byliny jako ochrann\u00e9 prost\u0159edky v lidov\u00e9 v\u00ed\u0159e<\/title>\n<meta name=\"description\" content=\"Ochrann\u00e9 byliny v lidov\u00e9 v\u00ed\u0159e: zp\u016fsoby pou\u017eit\u00ed, tradice a p\u0159ehled v\u0161ech str\u00e1nek o ochrann\u00fdch bylin\u00e1ch od pely\u0148ku po and\u011blku.\" \/>\n<meta name=\"robots\" content=\"index, follow, max-snippet:-1, max-image-preview:large, max-video-preview:-1\" \/>\n<link rel=\"canonical\" href=\"https:\/\/iwell-guard.com\/cs\/ochranne-byliny\/\" \/>\n<meta property=\"og:locale\" content=\"cs_CZ\" \/>\n<meta property=\"og:type\" content=\"article\" \/>\n<meta property=\"og:title\" content=\"Ochrann\u00e9 byliny\" \/>\n<meta property=\"og:description\" content=\"Ochrann\u00e9 byliny v lidov\u00e9 v\u00ed\u0159e: zp\u016fsoby pou\u017eit\u00ed, tradice a p\u0159ehled v\u0161ech str\u00e1nek o ochrann\u00fdch bylin\u00e1ch od pely\u0148ku po and\u011blku.\" \/>\n<meta property=\"og:url\" content=\"https:\/\/iwell-guard.com\/cs\/ochranne-byliny\/\" \/>\n<meta property=\"og:site_name\" content=\"iWell Guard\" \/>\n<meta property=\"article:modified_time\" content=\"2026-09-03T17:21:27+00:00\" \/>\n<meta property=\"og:image\" content=\"https:\/\/iwell-guard.com\/wp-content\/uploads\/2026\/07\/schutzsymbol_universell_schutzkraeuter.webp\" \/>\n\t<meta property=\"og:image:width\" content=\"1024\" \/>\n\t<meta property=\"og:image:height\" content=\"1536\" \/>\n\t<meta property=\"og:image:type\" content=\"image\/webp\" \/>\n<meta name=\"twitter:card\" content=\"summary_large_image\" \/>\n<script type=\"application\/ld+json\" class=\"yoast-schema-graph\">{\"@context\":\"https:\\\/\\\/schema.org\",\"@graph\":[{\"@type\":\"WebPage\",\"@id\":\"https:\\\/\\\/iwell-guard.com\\\/cs\\\/ochranne-byliny\\\/\",\"url\":\"https:\\\/\\\/iwell-guard.com\\\/cs\\\/ochranne-byliny\\\/\",\"name\":\"Ochrann\u00e9 byliny: byliny jako ochrann\u00e9 prost\u0159edky v lidov\u00e9 v\u00ed\u0159e\",\"isPartOf\":{\"@id\":\"https:\\\/\\\/iwell-guard.com\\\/cs\\\/#website\"},\"primaryImageOfPage\":{\"@id\":\"https:\\\/\\\/iwell-guard.com\\\/cs\\\/ochranne-byliny\\\/#primaryimage\"},\"image\":{\"@id\":\"https:\\\/\\\/iwell-guard.com\\\/cs\\\/ochranne-byliny\\\/#primaryimage\"},\"thumbnailUrl\":\"https:\\\/\\\/iwell-guard.com\\\/wp-content\\\/uploads\\\/2026\\\/07\\\/schutzsymbol_universell_schutzkraeuter.webp\",\"datePublished\":\"2026-09-03T16:46:23+00:00\",\"dateModified\":\"2026-09-03T17:21:27+00:00\",\"description\":\"Ochrann\u00e9 byliny v lidov\u00e9 v\u00ed\u0159e: zp\u016fsoby pou\u017eit\u00ed, tradice a p\u0159ehled v\u0161ech str\u00e1nek o ochrann\u00fdch bylin\u00e1ch od pely\u0148ku po and\u011blku.\",\"breadcrumb\":{\"@id\":\"https:\\\/\\\/iwell-guard.com\\\/cs\\\/ochranne-byliny\\\/#breadcrumb\"},\"inLanguage\":\"cs\",\"potentialAction\":[{\"@type\":\"ReadAction\",\"target\":[\"https:\\\/\\\/iwell-guard.com\\\/cs\\\/ochranne-byliny\\\/\"]}]},{\"@type\":\"ImageObject\",\"inLanguage\":\"cs\",\"@id\":\"https:\\\/\\\/iwell-guard.com\\\/cs\\\/ochranne-byliny\\\/#primaryimage\",\"url\":\"https:\\\/\\\/iwell-guard.com\\\/wp-content\\\/uploads\\\/2026\\\/07\\\/schutzsymbol_universell_schutzkraeuter.webp\",\"contentUrl\":\"https:\\\/\\\/iwell-guard.com\\\/wp-content\\\/uploads\\\/2026\\\/07\\\/schutzsymbol_universell_schutzkraeuter.webp\",\"width\":1024,\"height\":1536,\"caption\":\"Svazek ochrann\u00fdch bylin s ln\u011bn\u00fdm pytl\u00edkem na tmav\u00e9m kamenn\u00e9m podkladu\"},{\"@type\":\"BreadcrumbList\",\"@id\":\"https:\\\/\\\/iwell-guard.com\\\/cs\\\/ochranne-byliny\\\/#breadcrumb\",\"itemListElement\":[{\"@type\":\"ListItem\",\"position\":1,\"name\":\"Start\",\"item\":\"https:\\\/\\\/iwell-guard.com\\\/cs\\\/?page_id=145107\"},{\"@type\":\"ListItem\",\"position\":2,\"name\":\"Ochrann\u00e9 byliny\"}]},{\"@type\":\"WebSite\",\"@id\":\"https:\\\/\\\/iwell-guard.com\\\/cs\\\/#website\",\"url\":\"https:\\\/\\\/iwell-guard.com\\\/cs\\\/\",\"name\":\"iWell Guard\",\"description\":\"Schutz vor dunklen Einfl\u00fcssen\",\"publisher\":{\"@id\":\"https:\\\/\\\/iwell-guard.com\\\/cs\\\/#organization\"},\"potentialAction\":[{\"@type\":\"SearchAction\",\"target\":{\"@type\":\"EntryPoint\",\"urlTemplate\":\"https:\\\/\\\/iwell-guard.com\\\/cs\\\/?s={search_term_string}\"},\"query-input\":{\"@type\":\"PropertyValueSpecification\",\"valueRequired\":true,\"valueName\":\"search_term_string\"}}],\"inLanguage\":\"cs\"},{\"@type\":\"Organization\",\"@id\":\"https:\\\/\\\/iwell-guard.com\\\/cs\\\/#organization\",\"name\":\"Ittermann electronic GmbH\",\"url\":\"https:\\\/\\\/iwell-guard.com\\\/cs\\\/\",\"logo\":{\"@type\":\"ImageObject\",\"inLanguage\":\"cs\",\"@id\":\"https:\\\/\\\/iwell-guard.com\\\/cs\\\/#\\\/schema\\\/logo\\\/image\\\/\",\"url\":\"https:\\\/\\\/iwell-guard.com\\\/wp-content\\\/uploads\\\/2026\\\/05\\\/Ittermann-Logo-1182x237-1.png\",\"contentUrl\":\"https:\\\/\\\/iwell-guard.com\\\/wp-content\\\/uploads\\\/2026\\\/05\\\/Ittermann-Logo-1182x237-1.png\",\"width\":1182,\"height\":237,\"caption\":\"Ittermann electronic GmbH\"},\"image\":{\"@id\":\"https:\\\/\\\/iwell-guard.com\\\/cs\\\/#\\\/schema\\\/logo\\\/image\\\/\"},\"sameAs\":[\"https:\\\/\\\/pantip.com\\\/profile\\\/9367242\",\"https:\\\/\\\/micro.blog\\\/iwellguard\",\"https:\\\/\\\/www.diggerslist.com\\\/iwellguard\\\/about\",\"https:\\\/\\\/skitterphoto.com\\\/photographers\\\/2870314\\\/iwell-guard\",\"https:\\\/\\\/iwellguard.wordpress.com\\\/2026\\\/06\\\/06\\\/iwell-guard\\\/\",\"https:\\\/\\\/hub.docker.com\\\/u\\\/iwellguard\",\"https:\\\/\\\/www.pinterest.com\\\/iwellguard\\\/\",\"https:\\\/\\\/bit.ly\\\/m\\\/iwellguard\",\"https:\\\/\\\/entre-vos-mains.alsace.eu\\\/profiles\\\/iwellguard\\\/activity\",\"https:\\\/\\\/gravatar.com\\\/reallybeded8fd34\",\"https:\\\/\\\/naijamatta.com\\\/iwellguard\",\"https:\\\/\\\/www.goodreads.com\\\/iwellguard\",\"https:\\\/\\\/profile.hatena.ne.jp\\\/iwellguard\\\/\",\"https:\\\/\\\/experiment.com\\\/users\\\/iwellguard\",\"https:\\\/\\\/wakelet.com\\\/@iWellGuard82270\",\"https:\\\/\\\/www.chordie.com\\\/forum\\\/profile.php?id=2555664\",\"https:\\\/\\\/www.instapaper.com\\\/p\\\/17757966\",\"https:\\\/\\\/www.mapleprimes.com\\\/users\\\/iwellguard\",\"https:\\\/\\\/businesslistingplus.com\\\/profile\\\/iwell-guard\\\/\",\"https:\\\/\\\/telegra.ph\\\/iWell-Guard-06-06\",\"https:\\\/\\\/pbase.com\\\/iwellguard\\\/iwellguard\",\"https:\\\/\\\/b.hatena.ne.jp\\\/iwellguard\\\/20260607#bookmark-4788405196491818882\",\"https:\\\/\\\/fliphtml5.com\\\/home\\\/iwellguard\",\"https:\\\/\\\/anyflip.com\\\/homepage\\\/cmiwl#About\",\"https:\\\/\\\/transfur.com\\\/Users\\\/iwellguard\",\"http:\\\/\\\/delphi.larsbo.org\\\/user\\\/iwellguard\",\"https:\\\/\\\/jobs.lajobsportal.org\\\/profiles\\\/8380803-iwell-guard\",\"https:\\\/\\\/md.chaosdorf.de\\\/s\\\/jfbe5SBdJD\",\"https:\\\/\\\/www.lingvolive.com\\\/en-us\\\/profile\\\/9ecaeaca-ce11-4e51-9e71-01d55e2bff36\\\/translations\",\"https:\\\/\\\/www.fitday.com\\\/fitness\\\/forums\\\/members\\\/iwellguard.html\",\"https:\\\/\\\/www.mymeetbook.com\\\/iwellguard\",\"https:\\\/\\\/pxhere.com\\\/en\\\/photographer-me\\\/5040798\",\"https:\\\/\\\/disqus.com\\\/by\\\/iwellguard\\\/about\\\/\",\"https:\\\/\\\/pastelink.net\\\/hjwciqwq\",\"https:\\\/\\\/pubhtml5.com\\\/homepage\\\/scjhn\\\/\",\"https:\\\/\\\/www.bitchute.com\\\/channel\\\/2O2eOKzNqujT\",\"https:\\\/\\\/audiomack.com\\\/iwellguard\"]}]}<\/script>\n<!-- \/ Yoast SEO Premium plugin. -->","yoast_head_json":{"title":"Ochrann\u00e9 byliny: byliny jako ochrann\u00e9 prost\u0159edky v lidov\u00e9 v\u00ed\u0159e","description":"Ochrann\u00e9 byliny v lidov\u00e9 v\u00ed\u0159e: zp\u016fsoby pou\u017eit\u00ed, tradice a p\u0159ehled v\u0161ech str\u00e1nek o ochrann\u00fdch bylin\u00e1ch od pely\u0148ku po and\u011blku.","robots":{"index":"index","follow":"follow","max-snippet":"max-snippet:-1","max-image-preview":"max-image-preview:large","max-video-preview":"max-video-preview:-1"},"canonical":"https:\/\/iwell-guard.com\/cs\/ochranne-byliny\/","og_locale":"cs_CZ","og_type":"article","og_title":"Ochrann\u00e9 byliny","og_description":"Ochrann\u00e9 byliny v lidov\u00e9 v\u00ed\u0159e: zp\u016fsoby pou\u017eit\u00ed, tradice a p\u0159ehled v\u0161ech str\u00e1nek o ochrann\u00fdch bylin\u00e1ch od pely\u0148ku po and\u011blku.","og_url":"https:\/\/iwell-guard.com\/cs\/ochranne-byliny\/","og_site_name":"iWell Guard","article_modified_time":"2026-09-03T17:21:27+00:00","og_image":[{"width":1024,"height":1536,"url":"https:\/\/iwell-guard.com\/wp-content\/uploads\/2026\/07\/schutzsymbol_universell_schutzkraeuter.webp","type":"image\/webp"}],"twitter_card":"summary_large_image","schema":{"@context":"https:\/\/schema.org","@graph":[{"@type":"WebPage","@id":"https:\/\/iwell-guard.com\/cs\/ochranne-byliny\/","url":"https:\/\/iwell-guard.com\/cs\/ochranne-byliny\/","name":"Ochrann\u00e9 byliny: byliny jako ochrann\u00e9 prost\u0159edky v lidov\u00e9 v\u00ed\u0159e","isPartOf":{"@id":"https:\/\/iwell-guard.com\/cs\/#website"},"primaryImageOfPage":{"@id":"https:\/\/iwell-guard.com\/cs\/ochranne-byliny\/#primaryimage"},"image":{"@id":"https:\/\/iwell-guard.com\/cs\/ochranne-byliny\/#primaryimage"},"thumbnailUrl":"https:\/\/iwell-guard.com\/wp-content\/uploads\/2026\/07\/schutzsymbol_universell_schutzkraeuter.webp","datePublished":"2026-09-03T16:46:23+00:00","dateModified":"2026-09-03T17:21:27+00:00","description":"Ochrann\u00e9 byliny v lidov\u00e9 v\u00ed\u0159e: zp\u016fsoby pou\u017eit\u00ed, tradice a p\u0159ehled v\u0161ech str\u00e1nek o ochrann\u00fdch bylin\u00e1ch od pely\u0148ku po and\u011blku.","breadcrumb":{"@id":"https:\/\/iwell-guard.com\/cs\/ochranne-byliny\/#breadcrumb"},"inLanguage":"cs","potentialAction":[{"@type":"ReadAction","target":["https:\/\/iwell-guard.com\/cs\/ochranne-byliny\/"]}]},{"@type":"ImageObject","inLanguage":"cs","@id":"https:\/\/iwell-guard.com\/cs\/ochranne-byliny\/#primaryimage","url":"https:\/\/iwell-guard.com\/wp-content\/uploads\/2026\/07\/schutzsymbol_universell_schutzkraeuter.webp","contentUrl":"https:\/\/iwell-guard.com\/wp-content\/uploads\/2026\/07\/schutzsymbol_universell_schutzkraeuter.webp","width":1024,"height":1536,"caption":"Svazek ochrann\u00fdch bylin s ln\u011bn\u00fdm pytl\u00edkem na tmav\u00e9m kamenn\u00e9m podkladu"},{"@type":"BreadcrumbList","@id":"https:\/\/iwell-guard.com\/cs\/ochranne-byliny\/#breadcrumb","itemListElement":[{"@type":"ListItem","position":1,"name":"Start","item":"https:\/\/iwell-guard.com\/cs\/?page_id=145107"},{"@type":"ListItem","position":2,"name":"Ochrann\u00e9 byliny"}]},{"@type":"WebSite","@id":"https:\/\/iwell-guard.com\/cs\/#website","url":"https:\/\/iwell-guard.com\/cs\/","name":"iWell Guard","description":"Schutz vor dunklen Einfl\u00fcssen","publisher":{"@id":"https:\/\/iwell-guard.com\/cs\/#organization"},"potentialAction":[{"@type":"SearchAction","target":{"@type":"EntryPoint","urlTemplate":"https:\/\/iwell-guard.com\/cs\/?s={search_term_string}"},"query-input":{"@type":"PropertyValueSpecification","valueRequired":true,"valueName":"search_term_string"}}],"inLanguage":"cs"},{"@type":"Organization","@id":"https:\/\/iwell-guard.com\/cs\/#organization","name":"Ittermann electronic GmbH","url":"https:\/\/iwell-guard.com\/cs\/","logo":{"@type":"ImageObject","inLanguage":"cs","@id":"https:\/\/iwell-guard.com\/cs\/#\/schema\/logo\/image\/","url":"https:\/\/iwell-guard.com\/wp-content\/uploads\/2026\/05\/Ittermann-Logo-1182x237-1.png","contentUrl":"https:\/\/iwell-guard.com\/wp-content\/uploads\/2026\/05\/Ittermann-Logo-1182x237-1.png","width":1182,"height":237,"caption":"Ittermann electronic GmbH"},"image":{"@id":"https:\/\/iwell-guard.com\/cs\/#\/schema\/logo\/image\/"},"sameAs":["https:\/\/pantip.com\/profile\/9367242","https:\/\/micro.blog\/iwellguard","https:\/\/www.diggerslist.com\/iwellguard\/about","https:\/\/skitterphoto.com\/photographers\/2870314\/iwell-guard","https:\/\/iwellguard.wordpress.com\/2026\/06\/06\/iwell-guard\/","https:\/\/hub.docker.com\/u\/iwellguard","https:\/\/www.pinterest.com\/iwellguard\/","https:\/\/bit.ly\/m\/iwellguard","https:\/\/entre-vos-mains.alsace.eu\/profiles\/iwellguard\/activity","https:\/\/gravatar.com\/reallybeded8fd34","https:\/\/naijamatta.com\/iwellguard","https:\/\/www.goodreads.com\/iwellguard","https:\/\/profile.hatena.ne.jp\/iwellguard\/","https:\/\/experiment.com\/users\/iwellguard","https:\/\/wakelet.com\/@iWellGuard82270","https:\/\/www.chordie.com\/forum\/profile.php?id=2555664","https:\/\/www.instapaper.com\/p\/17757966","https:\/\/www.mapleprimes.com\/users\/iwellguard","https:\/\/businesslistingplus.com\/profile\/iwell-guard\/","https:\/\/telegra.ph\/iWell-Guard-06-06","https:\/\/pbase.com\/iwellguard\/iwellguard","https:\/\/b.hatena.ne.jp\/iwellguard\/20260607#bookmark-4788405196491818882","https:\/\/fliphtml5.com\/home\/iwellguard","https:\/\/anyflip.com\/homepage\/cmiwl#About","https:\/\/transfur.com\/Users\/iwellguard","http:\/\/delphi.larsbo.org\/user\/iwellguard","https:\/\/jobs.lajobsportal.org\/profiles\/8380803-iwell-guard","https:\/\/md.chaosdorf.de\/s\/jfbe5SBdJD","https:\/\/www.lingvolive.com\/en-us\/profile\/9ecaeaca-ce11-4e51-9e71-01d55e2bff36\/translations","https:\/\/www.fitday.com\/fitness\/forums\/members\/iwellguard.html","https:\/\/www.mymeetbook.com\/iwellguard","https:\/\/pxhere.com\/en\/photographer-me\/5040798","https:\/\/disqus.com\/by\/iwellguard\/about\/","https:\/\/pastelink.net\/hjwciqwq","https:\/\/pubhtml5.com\/homepage\/scjhn\/","https:\/\/www.bitchute.com\/channel\/2O2eOKzNqujT","https:\/\/audiomack.com\/iwellguard"]}]}},"_links":{"self":[{"href":"https:\/\/iwell-guard.com\/cs\/wp-json\/wp\/v2\/pages\/146364","targetHints":{"allow":["GET"]}}],"collection":[{"href":"https:\/\/iwell-guard.com\/cs\/wp-json\/wp\/v2\/pages"}],"about":[{"href":"https:\/\/iwell-guard.com\/cs\/wp-json\/wp\/v2\/types\/page"}],"author":[{"embeddable":true,"href":"https:\/\/iwell-guard.com\/cs\/wp-json\/wp\/v2\/users\/3"}],"replies":[{"embeddable":true,"href":"https:\/\/iwell-guard.com\/cs\/wp-json\/wp\/v2\/comments?post=146364"}],"version-history":[{"count":0,"href":"https:\/\/iwell-guard.com\/cs\/wp-json\/wp\/v2\/pages\/146364\/revisions"}],"wp:featuredmedia":[{"embeddable":true,"href":"https:\/\/iwell-guard.com\/cs\/wp-json\/wp\/v2\/media\/20530"}],"wp:attachment":[{"href":"https:\/\/iwell-guard.com\/cs\/wp-json\/wp\/v2\/media?parent=146364"}],"wp:term":[{"taxonomy":"category","embeddable":true,"href":"https:\/\/iwell-guard.com\/cs\/wp-json\/wp\/v2\/categories?post=146364"}],"curies":[{"name":"wp","href":"https:\/\/api.w.org\/{rel}","templated":true}]}}