{"id":146354,"date":"2026-09-03T16:46:17","date_gmt":"2026-09-03T16:46:17","guid":{"rendered":"https:\/\/iwell-guard.com\/?page_id=146354"},"modified":"2026-09-03T17:21:09","modified_gmt":"2026-09-03T17:21:09","slug":"drud","status":"publish","type":"page","link":"https:\/\/iwell-guard.com\/cs\/drud\/","title":{"rendered":"Drud"},"content":{"rendered":"\t\t<div data-elementor-type=\"wp-page\" data-elementor-id=\"146354\" class=\"elementor elementor-146354 elementor-20482\" data-elementor-post-type=\"page\">\n\t\t\t\t<div class=\"elementor-element elementor-element-10fdade e-flex e-con-boxed e-con e-parent\" data-id=\"10fdade\" data-element_type=\"container\" data-e-type=\"container\" data-settings=\"{&quot;background_background&quot;:&quot;classic&quot;}\">\n\t\t\t\t\t<div class=\"e-con-inner\">\n\t\t<div class=\"elementor-element elementor-element-herohlft0 e-flex e-con-boxed e-con e-child\" data-id=\"herohlft0\" data-element_type=\"container\" data-e-type=\"container\">\n\t\t\t\t\t<div class=\"e-con-inner\">\n\t\t<div class=\"elementor-element elementor-element-c3ceb64 e-con-full e-flex e-con e-child\" data-id=\"c3ceb64\" data-element_type=\"container\" data-e-type=\"container\">\n\t\t\t\t<div class=\"elementor-element elementor-element-96ae5e1 elementor-widget elementor-widget-heading\" data-id=\"96ae5e1\" data-element_type=\"widget\" data-e-type=\"widget\" data-widget_type=\"heading.default\">\n\t\t\t\t\t<h1 class=\"elementor-heading-title elementor-size-default\">Drud, bavorsk\u00e1 no\u010dn\u00ed mora z Horn\u00ed Falce<\/h1>\t\t\t\t<\/div>\n\t\t\t\t<div class=\"elementor-element elementor-element-e45238a elementor-widget elementor-widget-text-editor\" data-id=\"e45238a\" data-element_type=\"widget\" data-e-type=\"widget\" data-widget_type=\"text-editor.default\">\n\t\t\t\t\t\t\t\t\t<p>Drud je <span class=\"iwg-fachbegriff\" data-tooltip=\"Duchovn\u00ed bytost, j\u00ed\u017e se p\u0159isuzuje \u0161kodliv\u00e9 nebo rozporupln\u00e9 p\u016fsoben\u00ed.\" tabindex=\"0\">d\u00e9mon<\/span> alpsk\u00e9 tradice.<\/p><p><strong>No\u010dn\u00ed d\u00e9mon t\u00edsn\u011b, kter\u00fd dus\u00ed sp\u00edc\u00ed p\u0159itla\u010den\u00edm na hru\u010f.<\/strong> Drud je v bavorsk\u00fdch Alp\u00e1ch pova\u017eov\u00e1na za no\u010dn\u00ed moru a tento \u010dl\u00e1nek ji za\u0159azuje mezi p\u0159edstavy o no\u010dn\u00ed t\u00edsni.<\/p>\t\t\t\t\t\t\t\t<\/div>\n\t\t\t\t<\/div>\n\t\t<div class=\"elementor-element elementor-element-klsbdg01 e-con-full e-flex e-con e-parent\" data-id=\"klsbdg01\" data-element_type=\"container\" data-e-type=\"container\">\n\t\t\t\t<div class=\"elementor-element elementor-element-klshtm01 elementor-widget elementor-widget-html\" data-id=\"klshtm01\" data-element_type=\"widget\" data-e-type=\"widget\" data-widget_type=\"html.default\">\n\t\t\t\t\t<div class=\"iwg-pill-row\"><span class=\"iwg-klasse-badge\" tabindex=\"0\" data-tooltip=\"D\u00e9mon \/ d\u00e9monka: Nadp\u0159irozen\u00e1 bytost s v\u011bt\u0161inou \u0161kodliv\u00fdm nebo ambivalentn\u00edm p\u016fsoben\u00edm. Stoj\u00ed mezi bohy a lidmi, zp\u016fsobuje nemoc, poku\u0161en\u00ed nebo ne\u0161t\u011bst\u00ed a odvrac\u00ed se pomoc\u00ed zakl\u00edn\u00e1n\u00ed, apotropaik a ritu\u00e1l\u016f.\">D\u00e9mon<\/span><a href=\"https:\/\/iwell-guard.com\/cs\/?page_id=146388\" class=\"iwg-kultur-badge\" tabindex=\"0\" data-tooltip=\"Pov\u011bsti alpsk\u00e9 oblasti: Bavorsko, Rakousko, \u0160v\u00fdcarsko a Ji\u017en\u00ed Tyrolsko, od duch\u016f horsk\u00fdch pastvin a\u017e po bytosti Rauhn\u00e4chte.\">Alpsk\u00e1 oblast<\/a><\/div>\t\t\t\t<\/div>\n\t\t\t\t<\/div>\n\t\t<div class=\"elementor-element elementor-element-3f74855 e-con-full e-flex e-con e-child\" data-id=\"3f74855\" data-element_type=\"container\" data-e-type=\"container\">\n\t\t\t\t<div class=\"elementor-element elementor-element-1c30362 elementor-toc--minimized-on-tablet elementor-widget elementor-widget-table-of-contents\" data-id=\"1c30362\" data-element_type=\"widget\" data-e-type=\"widget\" data-settings=\"{&quot;exclude_headings_by_selector&quot;:[],&quot;no_headings_message&quot;:&quot;Na t\\u00e9to str\\u00e1nce nebyly nalezeny \\u017e\\u00e1dn\\u00e9 nadpisy.&quot;,&quot;headings_by_tags&quot;:[&quot;h2&quot;,&quot;h3&quot;],&quot;marker_view&quot;:&quot;bullets&quot;,&quot;icon&quot;:{&quot;value&quot;:&quot;fas fa-circle&quot;,&quot;library&quot;:&quot;fa-solid&quot;,&quot;rendered_tag&quot;:&quot;&lt;svg class=\\&quot;e-font-icon-svg e-fas-circle\\&quot; viewBox=\\&quot;0 0 512 512\\&quot; xmlns=\\&quot;http:\\\/\\\/www.w3.org\\\/2000\\\/svg\\&quot;&gt;&lt;path d=\\&quot;M256 8C119 8 8 119 8 256s111 248 248 248 248-111 248-248S393 8 256 8z\\&quot;&gt;&lt;\\\/path&gt;&lt;\\\/svg&gt;&quot;},&quot;minimize_box&quot;:&quot;yes&quot;,&quot;minimized_on&quot;:&quot;tablet&quot;,&quot;hierarchical_view&quot;:&quot;yes&quot;,&quot;min_height&quot;:{&quot;unit&quot;:&quot;px&quot;,&quot;size&quot;:&quot;&quot;,&quot;sizes&quot;:[]},&quot;min_height_tablet&quot;:{&quot;unit&quot;:&quot;px&quot;,&quot;size&quot;:&quot;&quot;,&quot;sizes&quot;:[]},&quot;min_height_mobile&quot;:{&quot;unit&quot;:&quot;px&quot;,&quot;size&quot;:&quot;&quot;,&quot;sizes&quot;:[]}}\" data-widget_type=\"table-of-contents.default\">\n\t\t\t\t\t\t\t\t\t<div class=\"elementor-toc__header\">\n\t\t\t\t\t\t<h2 class=\"elementor-toc__header-title\">\n\t\t\t\tObsah\t\t\t<\/h2>\n\t\t\t\t\t\t\t\t\t\t<div class=\"elementor-toc__toggle-button elementor-toc__toggle-button--expand\" role=\"button\" tabindex=\"0\" aria-controls=\"elementor-toc__1c30362\" aria-expanded=\"true\" aria-label=\"Open table of contents\"><svg aria-hidden=\"true\" class=\"e-font-icon-svg e-fas-chevron-down\" viewBox=\"0 0 448 512\" xmlns=\"http:\/\/www.w3.org\/2000\/svg\"><path d=\"M207.029 381.476L12.686 187.132c-9.373-9.373-9.373-24.569 0-33.941l22.667-22.667c9.357-9.357 24.522-9.375 33.901-.04L224 284.505l154.745-154.021c9.379-9.335 24.544-9.317 33.901.04l22.667 22.667c9.373 9.373 9.373 24.569 0 33.941L240.971 381.476c-9.373 9.372-24.569 9.372-33.942 0z\"><\/path><\/svg><\/div>\n\t\t\t\t<div class=\"elementor-toc__toggle-button elementor-toc__toggle-button--collapse\" role=\"button\" tabindex=\"0\" aria-controls=\"elementor-toc__1c30362\" aria-expanded=\"true\" aria-label=\"Close table of contents\"><svg aria-hidden=\"true\" class=\"e-font-icon-svg e-fas-chevron-up\" viewBox=\"0 0 448 512\" xmlns=\"http:\/\/www.w3.org\/2000\/svg\"><path d=\"M240.971 130.524l194.343 194.343c9.373 9.373 9.373 24.569 0 33.941l-22.667 22.667c-9.357 9.357-24.522 9.375-33.901.04L224 227.495 69.255 381.516c-9.379 9.335-24.544 9.317-33.901-.04l-22.667-22.667c-9.373-9.373-9.373-24.569 0-33.941L207.03 130.525c9.372-9.373 24.568-9.373 33.941-.001z\"><\/path><\/svg><\/div>\n\t\t\t\t\t<\/div>\n\t\t\t\t<div id=\"elementor-toc__1c30362\" class=\"elementor-toc__body\">\n\t\t\t<div class=\"elementor-toc__spinner-container\">\n\t\t\t\t<svg class=\"elementor-toc__spinner eicon-animation-spin e-font-icon-svg e-eicon-loading\" aria-hidden=\"true\" viewBox=\"0 0 1000 1000\" xmlns=\"http:\/\/www.w3.org\/2000\/svg\"><path d=\"M500 975V858C696 858 858 696 858 500S696 142 500 142 142 304 142 500H25C25 237 238 25 500 25S975 237 975 500 763 975 500 975Z\"><\/path><\/svg>\t\t\t<\/div>\n\t\t<\/div>\n\t\t\t\t\t\t<\/div>\n\t\t\t\t<\/div>\n\t\t\t\t\t<\/div>\n\t\t\t\t<\/div>\n\t\t<div class=\"elementor-element elementor-element-herorght0 e-con-full e-flex e-con e-child\" data-id=\"herorght0\" data-element_type=\"container\" data-e-type=\"container\">\n\t\t\t\t<div class=\"elementor-element elementor-element-heroimg00 iwg-hero-image elementor-widget elementor-widget-image\" data-id=\"heroimg00\" data-element_type=\"widget\" data-e-type=\"widget\" data-widget_type=\"image.default\">\n\t\t\t\t\t\t\t\t\t\t\t\t\t\t\t<img fetchpriority=\"high\" decoding=\"async\" width=\"682\" height=\"1024\" src=\"https:\/\/iwell-guard.com\/wp-content\/uploads\/2026\/07\/daemonen_alpin_drud-682x1024.webp\" class=\"attachment-large size-large wp-image-146421\" alt=\"Drud \u2013 d\u00e9moni z alpsk\u00e9 tradice, historicko-ilustra\u010dn\u00ed zobrazen\u00ed\" srcset=\"https:\/\/iwell-guard.com\/wp-content\/uploads\/2026\/07\/daemonen_alpin_drud-682x1024.webp 682w, https:\/\/iwell-guard.com\/wp-content\/uploads\/2026\/07\/daemonen_alpin_drud-200x300.webp 200w, https:\/\/iwell-guard.com\/wp-content\/uploads\/2026\/07\/daemonen_alpin_drud-768x1154.webp 768w, https:\/\/iwell-guard.com\/wp-content\/uploads\/2026\/07\/daemonen_alpin_drud.webp 1023w\" sizes=\"(max-width: 682px) 100vw, 682px\" \/>\t\t\t\t\t\t\t\t\t\t\t\t\t\t\t<\/div>\n\t\t\t\t<\/div>\n\t\t\t\t\t<\/div>\n\t\t\t\t<\/div>\n\t\t<div class=\"elementor-element elementor-element-32917199 e-flex e-con-boxed e-con e-parent\" data-id=\"32917199\" data-element_type=\"container\" data-e-type=\"container\">\n\t\t\t\t\t<div class=\"e-con-inner\">\n\t\t<div class=\"elementor-element elementor-element-26e916cb e-flex e-con-boxed e-con e-child\" data-id=\"26e916cb\" data-element_type=\"container\" data-e-type=\"container\">\n\t\t\t\t\t<div class=\"e-con-inner\">\n\t\t<div class=\"elementor-element elementor-element-253a40d4 e-flex e-con-boxed e-con e-child\" data-id=\"253a40d4\" data-element_type=\"container\" data-e-type=\"container\">\n\t\t\t\t\t<div class=\"e-con-inner\">\n\t\t\t\t<div class=\"elementor-element elementor-element-1200c304 elementor-widget elementor-widget-heading\" data-id=\"1200c304\" data-element_type=\"widget\" data-e-type=\"widget\" data-widget_type=\"heading.default\">\n\t\t\t\t\t<div class=\"elementor-heading-title elementor-size-default\">Drud<\/div>\t\t\t\t<\/div>\n\t\t\t\t<div class=\"elementor-element elementor-element-11758e7f elementor-widget elementor-widget-text-editor\" data-id=\"11758e7f\" data-element_type=\"widget\" data-e-type=\"widget\" data-widget_type=\"text-editor.default\">\n\t\t\t\t\t\t\t\t\t<p>Drud je temn\u00e1 postava bavorsk\u00e9 pov\u011bsti, kter\u00e1 p\u00e1ch\u00e1 sv\u00e9 nekalosti p\u0159edev\u0161\u00edm v noci. Jako mal\u00e1, o\u0161kliv\u00e1 dom\u00e1c\u00ed bytost \u010di no\u010dn\u00ed mora used\u00e1 sp\u00edc\u00edm na hru\u010f, zt\u011b\u017euje d\u00fdch\u00e1n\u00ed a p\u0159in\u00e1\u0161\u00ed t\u011b\u017ek\u00e9 no\u010dn\u00ed d\u011bsy.<\/p><p>V\u00edra v ni byla v Horn\u00ed Falci a ve Star\u00e9m Bavorsku tak roz\u0161\u00ed\u0159en\u00e1, \u017ee se jen m\u00e1lo vesnic obe\u0161lo bez \u017eeny pov\u011bstn\u00e9 jako Drud; p\u00edsemn\u011b je bohat\u011b zaznamen\u00e1na v 19. stolet\u00ed u Sch\u00f6nwertha a Panzera.<\/p>\t\t\t\t\t\t\t\t<\/div>\n\t\t\t\t\t<\/div>\n\t\t\t\t<\/div>\n\t\t<div class=\"elementor-element elementor-element-159dcf9a e-flex e-con-boxed e-con e-child\" data-id=\"159dcf9a\" data-element_type=\"container\" data-e-type=\"container\">\n\t\t\t\t\t<div class=\"e-con-inner\">\n\t\t\t\t<div class=\"elementor-element elementor-element-48cee66f elementor-widget elementor-widget-heading\" data-id=\"48cee66f\" data-element_type=\"widget\" data-e-type=\"widget\" data-widget_type=\"heading.default\">\n\t\t\t\t\t<div class=\"elementor-heading-title elementor-size-default\">Drud v kostce<\/div>\t\t\t\t<\/div>\n\t\t\t\t<div class=\"elementor-element elementor-element-3f50d82c elementor-widget elementor-widget-text-editor\" data-id=\"3f50d82c\" data-element_type=\"widget\" data-e-type=\"widget\" data-widget_type=\"text-editor.default\">\n\t\t\t\t\t\t\t\t\t<p><strong>Typ:<\/strong> no\u010dn\u00ed d\u00e9mon, kter\u00fd dus\u00ed sp\u00edc\u00ed<br>P\u016fvod: Bavorsko, zejm\u00e9na Horn\u00ed Falc a Star\u00e9 Bavorsko, s v\u00fdb\u011b\u017eky do Rakouska<br>Texty: bohat\u00e9 folkloristick\u00e9 sb\u011bry z 19. stolet\u00ed (Sch\u00f6nwerth, Panzer), Handw\u00f6rterbuch des deutschen Aberglaubens<br>Obdob\u00ed: \u00fastn\u011b tradov\u00e1no od st\u0159edov\u011bku, p\u00edsemn\u011b bohat\u011b dolo\u017eeno v 19. stolet\u00ed<br>Podoba: v noci se pohybuj\u00edc\u00ed bytost bez t\u011bla, kter\u00e1 m\u016f\u017ee nab\u00fdvat podoby ko\u010dky, \u010dern\u00e9ho psa, st\u00e9bla sl\u00e1my nebo star\u00e9 \u017eeny<\/p>\t\t\t\t\t\t\t\t<\/div>\n\t\t\t\t\t<\/div>\n\t\t\t\t<\/div>\n\t\t\t\t\t<\/div>\n\t\t\t\t<\/div>\n\t\t\t\t\t<\/div>\n\t\t\t\t<\/div>\n\t\t<div class=\"elementor-element elementor-element-18613602 e-flex e-con-boxed e-con e-parent\" data-id=\"18613602\" data-element_type=\"container\" data-e-type=\"container\">\n\t\t\t\t\t<div class=\"e-con-inner\">\n\t\t\t\t<div class=\"elementor-element elementor-element-262b8a9f elementor-widget elementor-widget-heading\" data-id=\"262b8a9f\" data-element_type=\"widget\" data-e-type=\"widget\" data-widget_type=\"heading.default\">\n\t\t\t\t\t<h2 class=\"elementor-heading-title elementor-size-default\">Kontext tradice<\/h2>\t\t\t\t<\/div>\n\t\t<div class=\"elementor-element elementor-element-46dcb7d e-con-full e-flex e-con e-child\" data-id=\"46dcb7d\" data-element_type=\"container\" data-e-type=\"container\">\n\t\t<div class=\"elementor-element elementor-element-61d3ab3 e-flex e-con-boxed e-con e-child\" data-id=\"61d3ab3\" data-element_type=\"container\" data-e-type=\"container\">\n\t\t\t\t\t<div class=\"e-con-inner\">\n\t\t\t\t<div class=\"elementor-element elementor-element-117c166 elementor-widget elementor-widget-heading\" data-id=\"117c166\" data-element_type=\"widget\" data-e-type=\"widget\" data-widget_type=\"heading.default\">\n\t\t\t\t\t<h3 class=\"elementor-heading-title elementor-size-default\">Zeitraum der Texte<\/h3>\t\t\t\t<\/div>\n\t\t\t\t<div class=\"elementor-element elementor-element-73997a0 elementor-widget elementor-widget-text-editor\" data-id=\"73997a0\" data-element_type=\"widget\" data-e-type=\"widget\" data-widget_type=\"text-editor.default\">\n\t\t\t\t\t\t\t\t\t<p>\u00dastn\u011b roz\u0161\u00ed\u0159ena od st\u0159edov\u011bku, p\u00edsemn\u011b bohat\u011b dolo\u017eena v 19. stolet\u00ed d\u00edky Franzi Xaveru von Sch\u00f6nwerthovi (1857\/58\/59) a Friedrichu Panzerovi (1848\/1855).<\/p>\t\t\t\t\t\t\t\t<\/div>\n\t\t\t\t\t<\/div>\n\t\t\t\t<\/div>\n\t\t<div class=\"elementor-element elementor-element-d47b156 e-flex e-con-boxed e-con e-child\" data-id=\"d47b156\" data-element_type=\"container\" data-e-type=\"container\">\n\t\t\t\t\t<div class=\"e-con-inner\">\n\t\t\t\t<div class=\"elementor-element elementor-element-ff38c2b elementor-widget elementor-widget-heading\" data-id=\"ff38c2b\" data-element_type=\"widget\" data-e-type=\"widget\" data-widget_type=\"heading.default\">\n\t\t\t\t\t<h3 class=\"elementor-heading-title elementor-size-default\">Verbreitungsraum<\/h3>\t\t\t\t<\/div>\n\t\t\t\t<div class=\"elementor-element elementor-element-4e49fcc elementor-widget elementor-widget-text-editor\" data-id=\"4e49fcc\" data-element_type=\"widget\" data-e-type=\"widget\" data-widget_type=\"text-editor.default\">\n\t\t\t\t\t\t\t\t\t<p>Bavorsko, zejm\u00e9na Horn\u00ed Falc a Star\u00e9 Bavorsko, s v\u00fdb\u011b\u017eky do Rakouska.<\/p>\t\t\t\t\t\t\t\t<\/div>\n\t\t\t\t\t<\/div>\n\t\t\t\t<\/div>\n\t\t\t\t<\/div>\n\t\t<div class=\"elementor-element elementor-element-db03c39 e-con-full e-flex e-con e-child\" data-id=\"db03c39\" data-element_type=\"container\" data-e-type=\"container\">\n\t\t<div class=\"elementor-element elementor-element-229a87b e-flex e-con-boxed e-con e-child\" data-id=\"229a87b\" data-element_type=\"container\" data-e-type=\"container\">\n\t\t\t\t\t<div class=\"e-con-inner\">\n\t\t\t\t<div class=\"elementor-element elementor-element-1f471fc elementor-widget elementor-widget-heading\" data-id=\"1f471fc\" data-element_type=\"widget\" data-e-type=\"widget\" data-widget_type=\"heading.default\">\n\t\t\t\t\t<h3 class=\"elementor-heading-title elementor-size-default\">Quellenlage<\/h3>\t\t\t\t<\/div>\n\t\t\t\t<div class=\"elementor-element elementor-element-36b1201 elementor-widget elementor-widget-text-editor\" data-id=\"36b1201\" data-element_type=\"widget\" data-e-type=\"widget\" data-widget_type=\"text-editor.default\">\n\t\t\t\t\t\t\t\t\t<p>Bohat\u00e9 folkloristick\u00e9 sb\u011bry z 19. stolet\u00ed, systematicky zpracovan\u00e9 v d\u00edle Handw\u00f6rterbuch des deutschen Aberglaubens.<\/p>\t\t\t\t\t\t\t\t<\/div>\n\t\t\t\t\t<\/div>\n\t\t\t\t<\/div>\n\t\t\t\t<\/div>\n\t\t\t\t\t<\/div>\n\t\t\t\t<\/div>\n\t\t<div class=\"elementor-element elementor-element-3ae0637c e-flex e-con-boxed e-con e-parent\" data-id=\"3ae0637c\" data-element_type=\"container\" data-e-type=\"container\">\n\t\t\t\t\t<div class=\"e-con-inner\">\n\t\t\t\t<div class=\"elementor-element elementor-element-31d07739 elementor-widget elementor-widget-heading\" data-id=\"31d07739\" data-element_type=\"widget\" data-e-type=\"widget\" data-widget_type=\"heading.default\">\n\t\t\t\t\t<h2 class=\"elementor-heading-title elementor-size-default\">Jm\u00e9no a varianty<\/h2>\t\t\t\t<\/div>\n\t\t<div class=\"elementor-element elementor-element-b7642947 e-con-full e-flex e-con e-child\" data-id=\"b7642947\" data-element_type=\"container\" data-e-type=\"container\">\n\t\t\t\t<div class=\"elementor-element elementor-element-a086266 elementor-widget elementor-widget-text-editor\" data-id=\"a086266\" data-element_type=\"widget\" data-e-type=\"widget\" data-widget_type=\"text-editor.default\">\n\t\t\t\t\t\t\t\t\t<p><strong>St\u0159edohornon\u011bm\u010dina:<\/strong> Slovo Drud se odvozuje od trute, trut, kter\u00e9 souvis\u00ed se slovesem treten (\u0161lapat) a ozna\u010duje t\u00edsn\u011bn\u00ed, dup\u00e1n\u00ed po sp\u00edc\u00edm.<\/p>\t\t\t\t\t\t\t\t<\/div>\n\t\t\t\t<\/div>\n\t\t\t\t\t<\/div>\n\t\t\t\t<\/div>\n\t\t<div class=\"elementor-element elementor-element-709a44a8 e-flex e-con-boxed e-con e-parent\" data-id=\"709a44a8\" data-element_type=\"container\" data-e-type=\"container\">\n\t\t\t\t\t<div class=\"e-con-inner\">\n\t\t\t\t<div class=\"elementor-element elementor-element-2f585873 elementor-widget elementor-widget-heading\" data-id=\"2f585873\" data-element_type=\"widget\" data-e-type=\"widget\" data-widget_type=\"heading.default\">\n\t\t\t\t\t<h2 class=\"elementor-heading-title elementor-size-default\">Prom\u011bny podoby a p\u016fsoben\u00ed<\/h2>\t\t\t\t<\/div>\n\t\t<div class=\"elementor-element elementor-element-70621c12 e-con-full e-flex e-con e-child\" data-id=\"70621c12\" data-element_type=\"container\" data-e-type=\"container\">\n\t\t\t\t<div class=\"elementor-element elementor-element-4296eb49 elementor-widget elementor-widget-text-editor\" data-id=\"4296eb49\" data-element_type=\"widget\" data-e-type=\"widget\" data-widget_type=\"text-editor.default\">\n\t\t\t\t\t\t\t\t\t<p><strong>Vzhled<\/strong><\/p><p>Kdy\u017e se Drud vyd\u00e1v\u00e1 na cestu, podle lidov\u00e9 v\u00edry nejprve odlo\u017e\u00ed sv\u00e9 t\u011blo a d\u00edky tomu m\u016f\u017ee proniknout i nejmen\u0161\u00edmi \u0161kv\u00edrami, kl\u00ed\u010dov\u00fdmi d\u00edrkami nebo pr\u016fduchy v oknech. P\u0159itom na sebe bere nejr\u016fzn\u011bj\u0161\u00ed podoby, nap\u0159\u00edklad st\u00e9blo sl\u00e1my, brk, proutek z metly nebo hr\u00e1\u0161ek, nej\u010dast\u011bji v\u0161ak \u010dernou ko\u010dku, \u010dern\u00e9ho psa nebo o\u0161klivou starou \u017eenu. Drud v lidsk\u00e9 podob\u011b lze poznat podle neforemn\u00fdch, \u0161irok\u00fdch rukou a podle toho, \u017ee se j\u00ed obo\u010d\u00ed nad nosem st\u00fdk\u00e1.<\/p><p><strong>P\u016fsoben\u00ed<\/strong><\/p><p>Drud je podle bavorsk\u00e9 tradice pokl\u00e1d\u00e1na za bytost nikterak dobrou: za\u010daruje v\u0161e, co se j\u00ed nel\u00edb\u00ed, a na toto p\u016fsoben\u00ed dodnes upom\u00edn\u00e1 n\u00e1zev drudenfu\u00df jako obrann\u00e9 znamen\u00ed. Drud p\u0159ich\u00e1z\u00ed v noci zhruba mezi dev\u00e1tou a dvan\u00e1ctou hodinou, v\u017edy p\u0159ed v\u00fdchodem m\u011bs\u00edce, a jakmile jednou za\u010dne dusit, d\u011bl\u00e1 to obvykle dev\u011bt noc\u00ed po sob\u011b. Nejrad\u011bji si vyhl\u00e9dne \u0161estined\u011blky, kter\u00e9 nele\u017e\u00ed v posteli s nebesy a zata\u017een\u00fdm z\u00e1v\u011bsem, a novorozence, jim\u017e saje z prs\u00ed\u010dek, a\u017e ot\u00e9kaj\u00ed.<\/p>\t\t\t\t\t\t\t\t<\/div>\n\t\t\t\t<\/div>\n\t\t\t\t\t<\/div>\n\t\t\t\t<\/div>\n\t\t<div class=\"elementor-element elementor-element-44e71476 e-flex e-con-boxed e-con e-parent\" data-id=\"44e71476\" data-element_type=\"container\" data-e-type=\"container\">\n\t\t\t\t\t<div class=\"e-con-inner\">\n\t\t\t\t<div class=\"elementor-element elementor-element-3c1fc3f0 elementor-widget elementor-widget-heading\" data-id=\"3c1fc3f0\" data-element_type=\"widget\" data-e-type=\"widget\" data-widget_type=\"heading.default\">\n\t\t\t\t\t<h2 class=\"elementor-heading-title elementor-size-default\">Profil: Drud<\/h2>\t\t\t\t<\/div>\n\t\t<div class=\"elementor-element elementor-element-84f33b8e e-con-full e-flex e-con e-child\" data-id=\"84f33b8e\" data-element_type=\"container\" data-e-type=\"container\">\n\t\t\t\t<div class=\"elementor-element elementor-element-hqkdc67p elementor-widget elementor-widget-text-editor\" data-id=\"hqkdc67p\" data-element_type=\"widget\" data-e-type=\"widget\" data-widget_type=\"text-editor.default\">\n\t\t\t\t\t\t\t\t\t<p>Nejd\u016fle\u017eit\u011bj\u0161\u00ed aspekty bavorsk\u00e9 no\u010dn\u00ed mory v kostce.<\/p>\t\t\t\t\t\t\t\t<\/div>\n\t\t\t\t<\/div>\n\t\t<div class=\"elementor-element elementor-element-pemmx7c5 e-con-full e-flex e-con e-child\" data-id=\"pemmx7c5\" data-element_type=\"container\" data-e-type=\"container\">\n\t\t<div class=\"elementor-element elementor-element-pemmx7c1 e-con-full e-flex e-con e-child\" data-id=\"pemmx7c1\" data-element_type=\"container\" data-e-type=\"container\">\n\t\t<div class=\"elementor-element elementor-element-qh9oavvu iwg-steckbrief-card e-flex e-con-boxed e-con e-child\" data-id=\"qh9oavvu\" data-element_type=\"container\" data-e-type=\"container\">\n\t\t\t\t\t<div class=\"e-con-inner\">\n\t\t\t\t<div class=\"elementor-element elementor-element-awzx8k2k elementor-widget elementor-widget-heading\" data-id=\"awzx8k2k\" data-element_type=\"widget\" data-e-type=\"widget\" data-widget_type=\"heading.default\">\n\t\t\t\t\t<div class=\"elementor-heading-title elementor-size-default\">Tradice<\/div>\t\t\t\t<\/div>\n\t\t\t\t<div class=\"elementor-element elementor-element-x6rowhv0 elementor-widget elementor-widget-text-editor\" data-id=\"x6rowhv0\" data-element_type=\"widget\" data-e-type=\"widget\" data-widget_type=\"text-editor.default\">\n\t\t\t\t\t\t\t\t\t<p>Bavorsko-alpsk\u00e1 no\u010dn\u00ed mora, v Horn\u00ed Falci \u00fazce propojen\u00e1 s v\u00edrou v \u010darod\u011bjnice a bohat\u011b zdokumentovan\u00e1 Sch\u00f6nwerthem a Panzerem.<\/p>\t\t\t\t\t\t\t\t<\/div>\n\t\t\t\t\t<\/div>\n\t\t\t\t<\/div>\n\t\t<div class=\"elementor-element elementor-element-8e3o4kxs iwg-steckbrief-card e-flex e-con-boxed e-con e-child\" data-id=\"8e3o4kxs\" data-element_type=\"container\" data-e-type=\"container\">\n\t\t\t\t\t<div class=\"e-con-inner\">\n\t\t\t\t<div class=\"elementor-element elementor-element-08rkdgov elementor-widget elementor-widget-heading\" data-id=\"08rkdgov\" data-element_type=\"widget\" data-e-type=\"widget\" data-widget_type=\"heading.default\">\n\t\t\t\t\t<div class=\"elementor-heading-title elementor-size-default\">Vztahuje se na<\/div>\t\t\t\t<\/div>\n\t\t\t\t<div class=\"elementor-element elementor-element-uwjelx8s elementor-widget elementor-widget-text-editor\" data-id=\"uwjelx8s\" data-element_type=\"widget\" data-e-type=\"widget\" data-widget_type=\"text-editor.default\">\n\t\t\t\t\t\t\t\t\t<p>Sp\u00edc\u00ed v\u0161eho druhu, zejm\u00e9na \u0161estined\u011blky a kojence; n\u00e1hradn\u011b tak\u00e9 slepice, ovce a husy ve st\u00e1ji.<\/p>\t\t\t\t\t\t\t\t<\/div>\n\t\t\t\t\t<\/div>\n\t\t\t\t<\/div>\n\t\t<div class=\"elementor-element elementor-element-jm2n74ec iwg-steckbrief-card e-flex e-con-boxed e-con e-child\" data-id=\"jm2n74ec\" data-element_type=\"container\" data-e-type=\"container\">\n\t\t\t\t\t<div class=\"e-con-inner\">\n\t\t\t\t<div class=\"elementor-element elementor-element-8vufse4c elementor-widget elementor-widget-heading\" data-id=\"8vufse4c\" data-element_type=\"widget\" data-e-type=\"widget\" data-widget_type=\"heading.default\">\n\t\t\t\t\t<div class=\"elementor-heading-title elementor-size-default\">Zobrazen\u00ed<\/div>\t\t\t\t<\/div>\n\t\t\t\t<div class=\"elementor-element elementor-element-mwb9u015 elementor-widget elementor-widget-text-editor\" data-id=\"mwb9u015\" data-element_type=\"widget\" data-e-type=\"widget\" data-widget_type=\"text-editor.default\">\n\t\t\t\t\t\t\t\t\t<p>Nej\u010dast\u011bji \u010dern\u00e1 ko\u010dka, \u010dern\u00fd pes nebo o\u0161kliv\u00e1 star\u00e1 \u017eena s neforemn\u00fdma rukama a srostl\u00fdm obo\u010d\u00edm.<\/p>\t\t\t\t\t\t\t\t<\/div>\n\t\t\t\t\t<\/div>\n\t\t\t\t<\/div>\n\t\t\t\t<\/div>\n\t\t<div class=\"elementor-element elementor-element-pemmx7c2 e-con-full e-flex e-con e-child\" data-id=\"pemmx7c2\" data-element_type=\"container\" data-e-type=\"container\">\n\t\t<div class=\"elementor-element elementor-element-37ss2yr6 iwg-steckbrief-card e-flex e-con-boxed e-con e-child\" data-id=\"37ss2yr6\" data-element_type=\"container\" data-e-type=\"container\">\n\t\t\t\t\t<div class=\"e-con-inner\">\n\t\t\t\t<div class=\"elementor-element elementor-element-3v0wp3wx elementor-widget elementor-widget-heading\" data-id=\"3v0wp3wx\" data-element_type=\"widget\" data-e-type=\"widget\" data-widget_type=\"heading.default\">\n\t\t\t\t\t<div class=\"elementor-heading-title elementor-size-default\">Funkce<\/div>\t\t\t\t<\/div>\n\t\t\t\t<div class=\"elementor-element elementor-element-w3247g2m elementor-widget elementor-widget-text-editor\" data-id=\"w3247g2m\" data-element_type=\"widget\" data-e-type=\"widget\" data-widget_type=\"text-editor.default\">\n\t\t\t\t\t\t\t\t\t<p>No\u010dn\u00ed t\u00edsn\u011bn\u00ed a du\u0161nost, v Horn\u00ed Falci z\u00e1rove\u0148 vysv\u011btlen\u00ed pro utrp\u011bn\u00e9 \u010darod\u011bjn\u00e9 ne\u0161t\u011bst\u00ed.<\/p>\t\t\t\t\t\t\t\t<\/div>\n\t\t\t\t\t<\/div>\n\t\t\t\t<\/div>\n\t\t<div class=\"elementor-element elementor-element-0qpjal9w iwg-steckbrief-card e-flex e-con-boxed e-con e-child\" data-id=\"0qpjal9w\" data-element_type=\"container\" data-e-type=\"container\">\n\t\t\t\t\t<div class=\"e-con-inner\">\n\t\t\t\t<div class=\"elementor-element elementor-element-6ndoih0o elementor-widget elementor-widget-heading\" data-id=\"6ndoih0o\" data-element_type=\"widget\" data-e-type=\"widget\" data-widget_type=\"heading.default\">\n\t\t\t\t\t<div class=\"elementor-heading-title elementor-size-default\">Formy ochrany<\/div>\t\t\t\t<\/div>\n\t\t\t\t<div class=\"elementor-element elementor-element-6684tyh9 elementor-widget elementor-widget-text-editor\" data-id=\"6684tyh9\" data-element_type=\"widget\" data-e-type=\"widget\" data-widget_type=\"text-editor.default\">\n\t\t\t\t\t\t\t\t\t<p>Drudenfu\u00df na prahu dve\u0159\u00ed, obr\u00e1cen\u00e9 ko\u0161t\u011b, n\u016f\u017e zaseknut\u00fd ve dve\u0159\u00edch a d\u00e1le s\u016fl, \u010desnek a amulety.<\/p>\t\t\t\t\t\t\t\t<\/div>\n\t\t\t\t\t<\/div>\n\t\t\t\t<\/div>\n\t\t<div class=\"elementor-element elementor-element-3lfi7x32 iwg-steckbrief-card e-flex e-con-boxed e-con e-child\" data-id=\"3lfi7x32\" data-element_type=\"container\" data-e-type=\"container\">\n\t\t\t\t\t<div class=\"e-con-inner\">\n\t\t\t\t<div class=\"elementor-element elementor-element-0kg99ga1 elementor-widget elementor-widget-heading\" data-id=\"0kg99ga1\" data-element_type=\"widget\" data-e-type=\"widget\" data-widget_type=\"heading.default\">\n\t\t\t\t\t<div class=\"elementor-heading-title elementor-size-default\">Vymezen\u00ed<\/div>\t\t\t\t<\/div>\n\t\t\t\t<div class=\"elementor-element elementor-element-n0fum6kp elementor-widget elementor-widget-text-editor\" data-id=\"n0fum6kp\" data-element_type=\"widget\" data-e-type=\"widget\" data-widget_type=\"text-editor.default\">\n\t\t\t\t\t\t\t\t\t<p>Nadregion\u00e1ln\u00ed <a href=\"https:\/\/iwell-guard.com\/cs\/alp\/\">Alp<\/a> jako roz\u0161\u00ed\u0159en\u011bj\u0161\u00ed n\u00e1zev t\u00e9\u017ee p\u0159edstavy no\u010dn\u00ed mory; od n\u011bj se Drud li\u0161\u00ed sv\u00fdm bavorsk\u00fdm zakotven\u00edm a bl\u00edzkost\u00ed k v\u00ed\u0159e v \u010darod\u011bjnice.<\/p>\t\t\t\t\t\t\t\t<\/div>\n\t\t\t\t\t<\/div>\n\t\t\t\t<\/div>\n\t\t\t\t<\/div>\n\t\t\t\t<\/div>\n\t\t\t\t\t<\/div>\n\t\t\t\t<\/div>\n\t\t<div class=\"elementor-element elementor-element-7533bc7a e-flex e-con-boxed e-con e-parent\" data-id=\"7533bc7a\" data-element_type=\"container\" data-e-type=\"container\">\n\t\t\t\t\t<div class=\"e-con-inner\">\n\t\t\t\t<div class=\"elementor-element elementor-element-2447d18d elementor-widget elementor-widget-heading\" data-id=\"2447d18d\" data-element_type=\"widget\" data-e-type=\"widget\" data-widget_type=\"heading.default\">\n\t\t\t\t\t<h2 class=\"elementor-heading-title elementor-size-default\">Od omylu p\u0159i k\u0159tu ke splynut\u00ed s \u010darod\u011bjnic\u00ed<\/h2>\t\t\t\t<\/div>\n\t\t<div class=\"elementor-element elementor-element-d5d0260c e-con-full e-flex e-con e-child\" data-id=\"d5d0260c\" data-element_type=\"container\" data-e-type=\"container\">\n\t\t\t\t<div class=\"elementor-element elementor-element-341be2ac elementor-widget elementor-widget-text-editor\" data-id=\"341be2ac\" data-element_type=\"widget\" data-e-type=\"widget\" data-widget_type=\"text-editor.default\">\n\t\t\t\t\t\t\t\t\t<p>Slovo Drud se odvozuje od st\u0159edohornon\u011bmeck\u00e9ho trute, trut, kter\u00e9 souvis\u00ed se slovesem treten (\u0161lapat) a ozna\u010duje t\u00edsn\u011bn\u00ed, dup\u00e1n\u00ed po sp\u00edc\u00edm. Podle lidov\u00e9 v\u00edry z Horn\u00ed Falce, jak ji zaznamenal Franz Xaver von Sch\u00f6nwerth ve sv\u00e9 sb\u00edrce Aus der Oberpfalz, jsou Drudov\u00e9 ve skute\u010dnosti lid\u00e9, p\u0159i jejich\u017e k\u0159tu se stala chyba; posti\u017een\u00ed mus\u00ed n\u00e1sledn\u011b, \u010dasto proti sv\u00e9 v\u016fli, v noci t\u00edsnit \u017eiv\u00e9 bytosti. Sch\u00f6nwerth uv\u00e1d\u00ed, \u017ee v okol\u00ed Rodingu byly za Drudy pokl\u00e1d\u00e1ny star\u00e9, vyz\u00e1bl\u00e9 \u017eeny s rozcuchan\u00fdmi vlasy a \u017ee se tam pojem Drud m\u00edsil s pojmem \u010darod\u011bjnice.<\/p><p>Za tzv. Druderer mohli platit i mu\u017ei, kte\u0159\u00ed nav\u00edc um\u011bli jako Breitensteiger \u0161plhat po st\u0159ech\u00e1ch a st\u011bn\u00e1ch. Friedrich Panzer ve sv\u00e9m d\u00edle Bayerische Sagen und Br\u00e4uche shrom\u00e1\u017edil \u010detn\u00e9 podobn\u00e9 doklady z cel\u00e9ho Star\u00e9ho Bavorska. Handw\u00f6rterbuch des deutschen Aberglaubens za\u0159azuje Druda do roz\u0161\u00ed\u0159en\u011bj\u0161\u00ed p\u0159edstavy no\u010dn\u00ed t\u00edsn\u011b, kter\u00e1 se ve \u0161v\u00e1bsko-alemansk\u00e9 oblasti objevuje jako Schr\u00e4ttele; region\u00e1ln\u011b je Drud ch\u00e1p\u00e1n tak\u00e9 jako samostatn\u00e1 postava no\u010dn\u00ed mory, existuj\u00edc\u00ed vedle Alpa, nikoli m\u00edsto n\u011bj.<\/p>\t\t\t\t\t\t\t\t<\/div>\n\t\t\t\t<\/div>\n\t\t\t\t\t<\/div>\n\t\t\t\t<\/div>\n\t\t<div class=\"elementor-element elementor-element-5a584676 e-flex e-con-boxed e-con e-parent\" data-id=\"5a584676\" data-element_type=\"container\" data-e-type=\"container\">\n\t\t\t\t\t<div class=\"e-con-inner\">\n\t\t\t\t<div class=\"elementor-element elementor-element-6d0757bf elementor-widget elementor-widget-heading\" data-id=\"6d0757bf\" data-element_type=\"widget\" data-e-type=\"widget\" data-widget_type=\"heading.default\">\n\t\t\t\t\t<h2 class=\"elementor-heading-title elementor-size-default\">Drudenfu\u00df jako samostatn\u00fd symbol<\/h2>\t\t\t\t<\/div>\n\t\t<div class=\"elementor-element elementor-element-60563f68 e-con-full e-flex e-con e-child\" data-id=\"60563f68\" data-element_type=\"container\" data-e-type=\"container\">\n\t\t\t\t<div class=\"elementor-element elementor-element-5a93fdd6 elementor-widget elementor-widget-text-editor\" data-id=\"5a93fdd6\" data-element_type=\"widget\" data-e-type=\"widget\" data-widget_type=\"text-editor.default\">\n\t\t\t\t\t\t\t\t\t<p>Drudenfu\u00df jako ochrann\u00e9 znamen\u00ed Drud se jako samostatn\u00fd symbol z velk\u00e9 \u010d\u00e1sti odpoutal od sv\u00e9 p\u016fvodn\u00ed postavy a dodnes se pou\u017e\u00edv\u00e1 jako synonymum pentagramu, nez\u00e1visle na bavorsk\u00e9m okruhu pov\u011bst\u00ed. Sama Drud z\u016fstala region\u00e1ln\u011b zakotven\u011bj\u0161\u00ed ne\u017e Alp a p\u0159e\u017e\u00edv\u00e1 v bavorsk\u00fdch n\u00e1\u0159e\u010dn\u00edch v\u00fdrazech jako druckt mi wie a Drud, jimi\u017e se popisuje sv\u00edrav\u00fd pocit.<\/p><p>Z religionistick\u00e9ho hlediska pat\u0159\u00ed Drud k v\u00fdkladov\u00fdm vzorc\u016fm, jimi\u017e p\u0159edmodern\u00ed spole\u010dnosti vysv\u011btlovaly t\u011blesn\u011b re\u00e1ln\u00fd, av\u0161ak nezvykl\u00fd jev sp\u00e1nkov\u00e9 paral\u00fdzy. T\u011bsn\u00e9 propojen\u00ed s v\u00edrou v \u010darod\u011bjnice, patrn\u00e9 ze ztoto\u017en\u011bn\u00ed Druda a \u010darod\u011bjnice v \u010d\u00e1stech Horn\u00ed Falce, ukazuje, jak se z p\u016fvodn\u011b osudov\u00e9 okrajov\u00e9 postavy, je\u017e je sama ob\u011bt\u00ed omylu p\u0159i k\u0159tu, mohla v pr\u016fb\u011bhu ran\u011b novov\u011bk\u00e9ho pron\u00e1sledov\u00e1n\u00ed st\u00e1t vinn\u00e1 pachatelka. Bohat\u00e1 sb\u00edrka konkr\u00e9tn\u00edch obrann\u00fdch praktik, od drudenfu\u00dfe po bochn\u00edk chleba, d\u011bl\u00e1 z Druda jeden z nejl\u00e9pe zdokumentovan\u00fdch p\u0159\u00edklad\u016f b\u011b\u017en\u00e9 apotropaick\u00e9 magie v bavorsk\u00e9m prostoru.<\/p>\t\t\t\t\t\t\t\t<\/div>\n\t\t\t\t<\/div>\n\t\t\t\t\t<\/div>\n\t\t\t\t<\/div>\n\t\t<div class=\"elementor-element elementor-element-cp9a031aa e-flex e-con-boxed e-con e-parent\" data-id=\"cp9a031aa\" data-element_type=\"container\" data-e-type=\"container\">\n\t\t\t\t\t<div class=\"e-con-inner\">\n\t\t\t\t<div class=\"elementor-element elementor-element-cp9193514 elementor-widget elementor-widget-heading\" data-id=\"cp9193514\" data-element_type=\"widget\" data-e-type=\"widget\" data-widget_type=\"heading.default\">\n\t\t\t\t\t<h2 class=\"elementor-heading-title elementor-size-default\">Drudenfu\u00df, bochn\u00edk chleba a dal\u0161\u00ed ochrann\u00e9 prost\u0159edky<\/h2>\t\t\t\t<\/div>\n\t\t<div class=\"elementor-element elementor-element-cp02ca0ee e-con-full e-flex e-con e-child\" data-id=\"cp02ca0ee\" data-element_type=\"container\" data-e-type=\"container\">\n\t\t\t\t<div class=\"elementor-element elementor-element-cp444e0f1 elementor-widget elementor-widget-text-editor\" data-id=\"cp444e0f1\" data-element_type=\"widget\" data-e-type=\"widget\" data-widget_type=\"text-editor.default\">\n\t\t\t\t\t\t\t\t\t<p>Proti tla\u010den\u00ed drudy znal lidov\u00fd v\u00edra \u0159adu prost\u0159edk\u016f. Za nejd\u016fle\u017eit\u011bj\u0161\u00ed a dodnes nejzn\u00e1m\u011bj\u0161\u00ed znamen\u00ed platil drudenfuss, pentagram, kter\u00fd se kreslil na dve\u0159e nebo na pr\u00e1h a m\u011bl drud\u011b \u00fadajn\u011b zabr\u00e1nit ve vstupu, proto\u017ee byla nucena spo\u010d\u00edtat v\u0161echny jeho linie; podobn\u011b roz\u0161\u00ed\u0159en\u00fd byl i p\u0159\u00edbuzn\u00fd drudenk\u0159\u00ed\u017e. Tak\u00e9 ko\u0161t\u011b op\u0159en\u00e9 obr\u00e1cen\u011b o dve\u0159e sv\u011btnice, n\u016f\u017e zap\u00edchnut\u00fd ost\u0159\u00edm vzh\u016fru do dve\u0159\u00ed nebo bochn\u00edk chleba polo\u017een\u00fd na obli\u010dej m\u011bly drudu zahnat. Mezi dal\u0161\u00ed tradovan\u00e9 prost\u0159edky pat\u0159\u00ed kadidlo, modlitby, s\u016fl, \u010desnek, no\u0161en\u00fd ochrann\u00fd k\u00e1men nebo amulet, za\u017eehn\u00e1v\u00e1n\u00ed obt\u00ed\u017e\u00ed a vz\u00fdv\u00e1n\u00ed and\u011bla str\u00e1\u017en\u00e9ho. Jako p\u0159enosn\u00fd amulet slou\u017eily i takzvan\u00e9 drudenkameny, obl\u00e1zky s p\u0159\u00edrodn\u00edm otvorem, kter\u00e9 se v\u011b\u0161ely nad postel nebo do chl\u00e9va.<\/p>\t\t\t\t\t\t\t\t<\/div>\n\t\t\t\t<\/div>\n\t\t\t\t\t<\/div>\n\t\t\t\t<\/div>\n\t\t<div class=\"elementor-element elementor-element-cp11de5b2 e-flex e-con-boxed e-con e-parent\" data-id=\"cp11de5b2\" data-element_type=\"container\" data-e-type=\"container\">\n\t\t\t\t\t<div class=\"e-con-inner\">\n\t\t\t\t<div class=\"elementor-element elementor-element-cp8d35271 elementor-widget elementor-widget-heading\" data-id=\"cp8d35271\" data-element_type=\"widget\" data-e-type=\"widget\" data-widget_type=\"heading.default\">\n\t\t\t\t\t<h2 class=\"elementor-heading-title elementor-size-default\">Srovn\u00e1n\u00ed postav no\u010dn\u00ed m\u016fry<\/h2>\t\t\t\t<\/div>\n\t\t<div class=\"elementor-element elementor-element-cp02f26b8 e-con-full e-flex e-con e-child\" data-id=\"cp02f26b8\" data-element_type=\"container\" data-e-type=\"container\">\n\t\t\t\t<div class=\"elementor-element elementor-element-cp58c4390 elementor-widget elementor-widget-text-editor\" data-id=\"cp58c4390\" data-element_type=\"widget\" data-e-type=\"widget\" data-widget_type=\"text-editor.default\">\n\t\t\t\t\t\t\t\t\t<p>Druda pat\u0159\u00ed k roz\u0161\u00ed\u0159en\u00e9 rodin\u011b no\u010dn\u00edch d\u00e9mon\u016f, kte\u0159\u00ed lidov\u00fdm zp\u016fsobem vysv\u011btluj\u00ed jev sp\u00e1nkov\u00e9 obrny. Ve \u0161v\u00e1bsko-alemansk\u00e9 oblasti j\u00ed odpov\u00edd\u00e1 <a href=\"https:\/\/iwell-guard.com\/cs\/?page_id=146356\">toggeli<\/a>, p\u0159\u00edbuzn\u00e9 s <a href=\"https:\/\/iwell-guard.com\/cs\/alp\/\">alpem<\/a> zn\u00e1m\u00fdm z\u00e1rove\u0148 v Bavorsku a Rakousku, kter\u00fd tak\u00e9 v noci sed\u00e1 na hru\u010f sp\u00edc\u00edch. V seversk\u00e9 a slovansk\u00e9 oblasti se strukturn\u011b podobn\u00e1 postava objevuje jako <a href=\"https:\/\/iwell-guard.com\/cs\/mara\/\">mora<\/a>, od n\u00ed\u017e je odvozen i anglick\u00fd v\u00fdraz nightmare. <a href=\"https:\/\/iwell-guard.com\/cs\/schrat\/\">\u0160rat<\/a> sd\u00edl\u00ed s drudou schopnost prom\u011bny podoby a no\u010dn\u00ed aktivitu, vystupuje v\u0161ak sp\u00ed\u0161e jako lesn\u00ed a dom\u00e1c\u00ed duch ne\u017e jako \u010dist\u00e1 no\u010dn\u00ed m\u016fra. Na rozd\u00edl od toggeli je druda zako\u0159en\u011bn\u00e1 p\u0159edev\u0161\u00edm v Bavorsku a \u00fazce se prol\u00edn\u00e1 s v\u00edrou v \u010darod\u011bjnice v Horn\u00ed Falci.<\/p>\t\t\t\t\t\t\t\t<\/div>\n\t\t\t\t<\/div>\n\t\t\t\t\t<\/div>\n\t\t\t\t<\/div>\n\t\t<div class=\"elementor-element elementor-element-cp406577c e-flex e-con-boxed e-con e-parent\" data-id=\"cp406577c\" data-element_type=\"container\" data-e-type=\"container\">\n\t\t\t\t\t<div class=\"e-con-inner\">\n\t\t\t\t<div class=\"elementor-element elementor-element-cpdd9c543 elementor-widget elementor-widget-heading\" data-id=\"cpdd9c543\" data-element_type=\"widget\" data-e-type=\"widget\" data-widget_type=\"heading.default\">\n\t\t\t\t\t<h2 class=\"elementor-heading-title elementor-size-default\">\u010cast\u00e9 ot\u00e1zky o drud\u011b<\/h2>\t\t\t\t<\/div>\n\t\t<div class=\"elementor-element elementor-element-cp9e731bb e-con-full e-flex e-con e-child\" data-id=\"cp9e731bb\" data-element_type=\"container\" data-e-type=\"container\">\n\t\t\t\t<div class=\"elementor-element elementor-element-cpa7c898c elementor-widget elementor-widget-text-editor\" data-id=\"cpa7c898c\" data-element_type=\"widget\" data-e-type=\"widget\" data-widget_type=\"text-editor.default\">\n\t\t\t\t\t\t\t\t\t<p><strong>Jak\u00fd je rozd\u00edl mezi drudou a alpem?<\/strong><\/p><p>Ob\u011b postavy popisuj\u00ed stejn\u00fd z\u00e1kladn\u00ed jev, no\u010dn\u00ed tla\u010den\u00ed sp\u00edc\u00edch, av\u0161ak druda je region\u00e1ln\u011b siln\u011bji zako\u0159en\u011bn\u00e1 v Bavorsku a Rakousku a tam se \u010dasto prol\u00edn\u00e1 s v\u00edrou v \u010darod\u011bjnice. Alp plat\u00ed za roz\u0161\u00ed\u0159en\u011bj\u0161\u00ed, nadregion\u00e1ln\u00ed ozna\u010den\u00ed t\u00e9\u017ee p\u0159edstavy o no\u010dn\u00ed m\u016f\u0159e.<\/p><p><strong>Pro\u010d plat\u00ed drudenfuss za ochrann\u00e9 znamen\u00ed?<\/strong><\/p><p>Podle lidov\u00e9 v\u00edry mus\u00ed druda, jakmile spat\u0159\u00ed pentagram, nutkav\u011b po\u010d\u00edtat jeho linie a nikdy nenajde konec, \u010d\u00edm\u017e je zabr\u00e1n\u011bno jej\u00edmu vstupu. Znamen\u00ed se proto um\u00eds\u0165ovalo na dve\u0159e, chl\u00e9vy a kol\u00e9bky.<\/p><p><strong>M\u016f\u017ee se \u010dlov\u011bk s\u00e1m st\u00e1t drudou?<\/strong><\/p><p>Podle v\u00edry Horn\u00ed Falce se nikdo nestal drudou vlastn\u00ed vinou, n\u00fdbr\u017e omylem p\u0159i k\u0159tu nebo ciz\u00ed zlobou. Tradice proto znala i zp\u016fsoby, jak n\u011bkoho z tohoto proklet\u00ed op\u011bt vysvobodit.<\/p>\t\t\t\t\t\t\t\t<\/div>\n\t\t\t\t<\/div>\n\t\t\t\t\t<\/div>\n\t\t\t\t<\/div>\n\t\t<div class=\"elementor-element elementor-element-36dd7469 e-flex e-con-boxed e-con e-parent\" data-id=\"36dd7469\" data-element_type=\"container\" data-e-type=\"container\">\n\t\t\t\t\t<div class=\"e-con-inner\">\n\t\t\t\t<div class=\"elementor-element elementor-element-13760ab4 elementor-widget elementor-widget-heading\" data-id=\"13760ab4\" data-element_type=\"widget\" data-e-type=\"widget\" data-widget_type=\"heading.default\">\n\t\t\t\t\t<h2 class=\"elementor-heading-title elementor-size-default\">Souvisej\u00edc\u00ed odkazy<\/h2>\t\t\t\t<\/div>\n\t\t<div class=\"elementor-element elementor-element-28c87796 e-con-full e-flex e-con e-child\" data-id=\"28c87796\" data-element_type=\"container\" data-e-type=\"container\">\n\t\t\t\t<div class=\"elementor-element elementor-element-5d6538df elementor-widget elementor-widget-text-editor\" data-id=\"5d6538df\" data-element_type=\"widget\" data-e-type=\"widget\" data-widget_type=\"text-editor.default\">\n\t\t\t\t\t\t\t\t\t<p>Doporu\u010den\u00e9 intern\u00ed odkazy:<\/p><ul><li><a href=\"https:\/\/iwell-guard.com\/cs\/?page_id=146388\">Alpsk\u00e1 oblast<\/a> \u2013 v\u0161echny bytosti alpsk\u00e9ho b\u00e1je<\/li><li><a href=\"https:\/\/iwell-guard.com\/cs\/alp\/\">Alp<\/a>, <a href=\"https:\/\/iwell-guard.com\/cs\/mara\/\">Mora<\/a>, <a href=\"https:\/\/iwell-guard.com\/cs\/schrat\/\">\u0160rat<\/a>, <a href=\"https:\/\/iwell-guard.com\/cs\/?page_id=146356\">Toggeli<\/a> \u2013 p\u0159\u00edbuzn\u00e9 postavy no\u010dn\u00ed m\u016fry<\/li><li><a href=\"https:\/\/iwell-guard.com\/cs\/drudenfuss-a-pentagram\/\">Drudenfuss<\/a>, <a href=\"https:\/\/iwell-guard.com\/cs\/amulet\/\">Amulet<\/a>, <a href=\"https:\/\/iwell-guard.com\/cs\/sul-jako-ochrana\/\">S\u016fl<\/a>, <a href=\"https:\/\/iwell-guard.com\/cs\/zarikavani\/\">Za\u017eehn\u00e1v\u00e1n\u00ed<\/a>, <a href=\"https:\/\/iwell-guard.com\/cs\/schutzeny-andela-privolat\/\">Vz\u00fdv\u00e1n\u00ed and\u011bla str\u00e1\u017en\u00e9ho<\/a> \u2013 tradovan\u00e9 formy ochrany<\/li><li><a href=\"https:\/\/iwell-guard.com\/cs\/kompas-ochrany\/\">Kompas ochrany<\/a> \u2013 p\u0159ehled ochrann\u00fdch prost\u0159edk\u016f<\/li><\/ul>\t\t\t\t\t\t\t\t<\/div>\n\t\t\t\t<\/div>\n\t\t\t\t\t<\/div>\n\t\t\t\t<\/div>\n\t\t<div class=\"elementor-element elementor-element-grl4kl40 e-flex e-con-boxed e-con e-parent\" data-id=\"grl4kl40\" data-element_type=\"container\" data-e-type=\"container\">\n\t\t\t\t\t<div class=\"e-con-inner\">\n\t\t\t\t<div class=\"elementor-element elementor-element-bzsbfrmh elementor-widget elementor-widget-heading\" data-id=\"bzsbfrmh\" data-element_type=\"widget\" data-e-type=\"widget\" data-widget_type=\"heading.default\">\n\t\t\t\t\t<h2 class=\"elementor-heading-title elementor-size-default\">Literatura (v\u00fdb\u011br)<\/h2>\t\t\t\t<\/div>\n\t\t<div class=\"elementor-element elementor-element-2c13224a e-con-full e-flex e-con e-child\" data-id=\"2c13224a\" data-element_type=\"container\" data-e-type=\"container\">\n\t\t\t\t<div class=\"elementor-element elementor-element-0eymh9ub elementor-widget elementor-widget-text-editor\" data-id=\"0eymh9ub\" data-element_type=\"widget\" data-e-type=\"widget\" data-widget_type=\"text-editor.default\">\n\t\t\t\t\t\t\t\t\t<footer class=\"iwg-literatur\" data-nosnippet=\"true\"><p>V\u00fdb\u011br kl\u00ed\u010dov\u00fdch pramen\u016f a studi\u00ed:<\/p><ul><li><span data-nosnippet>Sch\u00f6nwerth, Franz Xaver von: <em>Aus der Oberpfalz. Sitten und Sagen<\/em>, svazek 1, kapitola \u201eDie Drud&#8220;. Augsburg 1857\/58\/59.<\/span><\/li><li><span data-nosnippet>Panzer, Friedrich: <em>Bayerische Sagen und Br\u00e4uche. Beitrag zur deutschen Mythologie<\/em>, 2 svazky. Mnichov 1848\/1855.<\/span><\/li><li><span data-nosnippet>B\u00e4chtold-St\u00e4ubli, Hanns \/ Hoffmann-Krayer, Eduard (vyd.): <em>Handw\u00f6rterbuch des deutschen Aberglaubens<\/em>, heslo \u201eDrude&#8220;. Berl\u00edn\/Lipsko 1927\u20131942.<\/span><\/li><li><span data-nosnippet>Petzoldt, Leander: <em>Kleines Lexikon der D\u00e4monen und Elementargeister<\/em>. Mnichov 1990.<\/span><\/li><\/ul><\/footer>\n<p class=\"iwg-bib-more\"><span data-nosnippet>Dal\u0161\u00ed standardn\u00ed d\u00edla v <a href=\"https:\/\/iwell-guard.com\/cs\/literatura\/\">seznamu literatury<\/a>.<\/span><\/p>\t\t\t\t\t\t\t\t<\/div>\n\t\t\t\t<\/div>\n\t\t\t\t\t<\/div>\n\t\t\t\t<\/div>\n\t\t<div class=\"elementor-element elementor-element-iwgkw2-add-hulijing e-flex e-con-boxed e-con e-parent\" data-id=\"iwgkw2-add-hulijing\" data-element_type=\"container\" data-e-type=\"container\">\n\t\t\t\t\t<div class=\"e-con-inner\">\n\t\t\t\t<div class=\"elementor-element elementor-element-iwgkw2-add-hulijing-t elementor-widget elementor-widget-text-editor\" data-id=\"iwgkw2-add-hulijing-t\" data-element_type=\"widget\" data-e-type=\"widget\" data-widget_type=\"text-editor.default\">\n\t\t\t\t\t\t\t\t\t<p>Jako druda prostupuje Bavorskem dodnes bavorsk\u00e9 n\u00e1\u0159e\u010d\u00ed a drudenfuss chr\u00e1n\u00edc\u00ed prahy dve\u0159\u00ed a kol\u00e9bky p\u0159ipom\u00edn\u00e1, jak konkr\u00e9tn\u011b se lid\u00e9 kdysi br\u00e1nili proti jej\u00edmu no\u010dn\u00edmu tla\u010den\u00ed.<\/p>\t\t\t\t\t\t\t\t<\/div>\n\t\t\t\t\t<\/div>\n\t\t\t\t<\/div>\n\t\t\t\t<\/div>\n\t\t","protected":false},"excerpt":{"rendered":"","protected":false},"author":3,"featured_media":20520,"parent":0,"menu_order":0,"comment_status":"closed","ping_status":"closed","template":"elementor_header_footer","meta":{"_yoast_wpseo_focuskw":"drud","_yoast_wpseo_title":"Drud \u2013 no\u010dn\u00ed mora bavorsk\u00fdch Alp","_yoast_wpseo_metadesc":"Drud: bavorsko-alpsk\u00e1 no\u010dn\u00ed mora, kter\u00e1 dus\u00ed sp\u00edc\u00ed. P\u016fvod, drudenfu\u00df a tradi\u010dn\u00ed ochrann\u00e9 prost\u0159edky proti no\u010dn\u00ed t\u00edsni.","_yoast_wpseo_meta-robots-noindex":"","_yoast_wpseo_canonical":"","_angie_page":false,"gefaehrdungsstufe":"4","wesen_kultur":"alpin","wesen_klasse":"daemonen","footnotes":""},"categories":[],"class_list":["post-146354","page","type-page","status-publish","has-post-thumbnail","hentry"],"yoast_head":"<!-- This site is optimized with the Yoast SEO Premium plugin v27.7 (Yoast SEO v28.3) - https:\/\/yoast.com\/product\/yoast-seo-premium-wordpress\/ -->\n<title>Drud \u2013 no\u010dn\u00ed mora bavorsk\u00fdch Alp<\/title>\n<meta name=\"description\" content=\"Drud: bavorsko-alpsk\u00e1 no\u010dn\u00ed mora, kter\u00e1 dus\u00ed sp\u00edc\u00ed. P\u016fvod, drudenfu\u00df a tradi\u010dn\u00ed ochrann\u00e9 prost\u0159edky proti no\u010dn\u00ed t\u00edsni.\" \/>\n<meta name=\"robots\" content=\"index, follow, max-snippet:-1, max-image-preview:large, max-video-preview:-1\" \/>\n<link rel=\"canonical\" href=\"https:\/\/iwell-guard.com\/cs\/drud\/\" \/>\n<meta property=\"og:locale\" content=\"cs_CZ\" \/>\n<meta property=\"og:type\" content=\"article\" \/>\n<meta property=\"og:title\" content=\"Drud\" \/>\n<meta property=\"og:description\" content=\"Drud: bavorsko-alpsk\u00e1 no\u010dn\u00ed mora, kter\u00e1 dus\u00ed sp\u00edc\u00ed. P\u016fvod, drudenfu\u00df a tradi\u010dn\u00ed ochrann\u00e9 prost\u0159edky proti no\u010dn\u00ed t\u00edsni.\" \/>\n<meta property=\"og:url\" content=\"https:\/\/iwell-guard.com\/cs\/drud\/\" \/>\n<meta property=\"og:site_name\" content=\"iWell Guard\" \/>\n<meta property=\"article:modified_time\" content=\"2026-09-03T17:21:09+00:00\" \/>\n<meta property=\"og:image\" content=\"https:\/\/iwell-guard.com\/wp-content\/uploads\/2026\/07\/daemonen_alpin_drud.webp\" \/>\n\t<meta property=\"og:image:width\" content=\"1023\" \/>\n\t<meta property=\"og:image:height\" content=\"1537\" \/>\n\t<meta property=\"og:image:type\" content=\"image\/webp\" \/>\n<meta name=\"twitter:card\" content=\"summary_large_image\" \/>\n<script type=\"application\/ld+json\" class=\"yoast-schema-graph\">{\"@context\":\"https:\\\/\\\/schema.org\",\"@graph\":[{\"@type\":\"Article\",\"@id\":\"https:\\\/\\\/iwell-guard.com\\\/cs\\\/drud\\\/#article\",\"isPartOf\":{\"@id\":\"https:\\\/\\\/iwell-guard.com\\\/cs\\\/drud\\\/\"},\"author\":{\"name\":\"Ralf Ittermann\",\"@id\":\"https:\\\/\\\/iwell-guard.com\\\/cs\\\/#\\\/schema\\\/person\\\/ee2a27f1cac3406c7c6fb5820cb7349f\"},\"headline\":\"Drud\",\"datePublished\":\"2026-09-03T16:46:17+00:00\",\"dateModified\":\"2026-09-03T17:21:09+00:00\",\"mainEntityOfPage\":{\"@id\":\"https:\\\/\\\/iwell-guard.com\\\/cs\\\/drud\\\/\"},\"publisher\":{\"@id\":\"https:\\\/\\\/iwell-guard.com\\\/cs\\\/#organization\"},\"image\":{\"@id\":\"https:\\\/\\\/iwell-guard.com\\\/cs\\\/drud\\\/#primaryimage\"},\"thumbnailUrl\":\"https:\\\/\\\/iwell-guard.com\\\/wp-content\\\/uploads\\\/2026\\\/07\\\/daemonen_alpin_drud.webp\",\"inLanguage\":\"cs\",\"description\":\"Drud: bavorsko-alpsk\u00e1 no\u010dn\u00ed mora, kter\u00e1 dus\u00ed sp\u00edc\u00ed. P\u016fvod, drudenfu\u00df a tradi\u010dn\u00ed ochrann\u00e9 prost\u0159edky proti no\u010dn\u00ed t\u00edsni.\"},{\"@type\":\"WebPage\",\"@id\":\"https:\\\/\\\/iwell-guard.com\\\/cs\\\/drud\\\/\",\"url\":\"https:\\\/\\\/iwell-guard.com\\\/cs\\\/drud\\\/\",\"name\":\"Drud \u2013 no\u010dn\u00ed mora bavorsk\u00fdch Alp\",\"isPartOf\":{\"@id\":\"https:\\\/\\\/iwell-guard.com\\\/cs\\\/#website\"},\"primaryImageOfPage\":{\"@id\":\"https:\\\/\\\/iwell-guard.com\\\/cs\\\/drud\\\/#primaryimage\"},\"image\":{\"@id\":\"https:\\\/\\\/iwell-guard.com\\\/cs\\\/drud\\\/#primaryimage\"},\"thumbnailUrl\":\"https:\\\/\\\/iwell-guard.com\\\/wp-content\\\/uploads\\\/2026\\\/07\\\/daemonen_alpin_drud.webp\",\"datePublished\":\"2026-09-03T16:46:17+00:00\",\"dateModified\":\"2026-09-03T17:21:09+00:00\",\"description\":\"Drud: bavorsko-alpsk\u00e1 no\u010dn\u00ed mora, kter\u00e1 dus\u00ed sp\u00edc\u00ed. P\u016fvod, drudenfu\u00df a tradi\u010dn\u00ed ochrann\u00e9 prost\u0159edky proti no\u010dn\u00ed t\u00edsni.\",\"breadcrumb\":{\"@id\":\"https:\\\/\\\/iwell-guard.com\\\/cs\\\/drud\\\/#breadcrumb\"},\"inLanguage\":\"cs\",\"potentialAction\":[{\"@type\":\"ReadAction\",\"target\":[\"https:\\\/\\\/iwell-guard.com\\\/cs\\\/drud\\\/\"]}]},{\"@type\":\"ImageObject\",\"inLanguage\":\"cs\",\"@id\":\"https:\\\/\\\/iwell-guard.com\\\/cs\\\/drud\\\/#primaryimage\",\"url\":\"https:\\\/\\\/iwell-guard.com\\\/wp-content\\\/uploads\\\/2026\\\/07\\\/daemonen_alpin_drud.webp\",\"contentUrl\":\"https:\\\/\\\/iwell-guard.com\\\/wp-content\\\/uploads\\\/2026\\\/07\\\/daemonen_alpin_drud.webp\",\"width\":1023,\"height\":1537,\"caption\":\"Drud \u2013 d\u00e9moni z alpsk\u00e9 tradice, historicko-ilustra\u010dn\u00ed zobrazen\u00ed\"},{\"@type\":\"BreadcrumbList\",\"@id\":\"https:\\\/\\\/iwell-guard.com\\\/cs\\\/drud\\\/#breadcrumb\",\"itemListElement\":[{\"@type\":\"ListItem\",\"position\":1,\"name\":\"Start\",\"item\":\"https:\\\/\\\/iwell-guard.com\\\/cs\\\/?page_id=145107\"},{\"@type\":\"ListItem\",\"position\":2,\"name\":\"Drud\"}]},{\"@type\":\"WebSite\",\"@id\":\"https:\\\/\\\/iwell-guard.com\\\/cs\\\/#website\",\"url\":\"https:\\\/\\\/iwell-guard.com\\\/cs\\\/\",\"name\":\"iWell Guard\",\"description\":\"Schutz vor dunklen Einfl\u00fcssen\",\"publisher\":{\"@id\":\"https:\\\/\\\/iwell-guard.com\\\/cs\\\/#organization\"},\"potentialAction\":[{\"@type\":\"SearchAction\",\"target\":{\"@type\":\"EntryPoint\",\"urlTemplate\":\"https:\\\/\\\/iwell-guard.com\\\/cs\\\/?s={search_term_string}\"},\"query-input\":{\"@type\":\"PropertyValueSpecification\",\"valueRequired\":true,\"valueName\":\"search_term_string\"}}],\"inLanguage\":\"cs\"},{\"@type\":\"Organization\",\"@id\":\"https:\\\/\\\/iwell-guard.com\\\/cs\\\/#organization\",\"name\":\"Ittermann electronic GmbH\",\"url\":\"https:\\\/\\\/iwell-guard.com\\\/cs\\\/\",\"logo\":{\"@type\":\"ImageObject\",\"inLanguage\":\"cs\",\"@id\":\"https:\\\/\\\/iwell-guard.com\\\/cs\\\/#\\\/schema\\\/logo\\\/image\\\/\",\"url\":\"https:\\\/\\\/iwell-guard.com\\\/wp-content\\\/uploads\\\/2026\\\/05\\\/Ittermann-Logo-1182x237-1.png\",\"contentUrl\":\"https:\\\/\\\/iwell-guard.com\\\/wp-content\\\/uploads\\\/2026\\\/05\\\/Ittermann-Logo-1182x237-1.png\",\"width\":1182,\"height\":237,\"caption\":\"Ittermann electronic GmbH\"},\"image\":{\"@id\":\"https:\\\/\\\/iwell-guard.com\\\/cs\\\/#\\\/schema\\\/logo\\\/image\\\/\"},\"sameAs\":[\"https:\\\/\\\/pantip.com\\\/profile\\\/9367242\",\"https:\\\/\\\/micro.blog\\\/iwellguard\",\"https:\\\/\\\/www.diggerslist.com\\\/iwellguard\\\/about\",\"https:\\\/\\\/skitterphoto.com\\\/photographers\\\/2870314\\\/iwell-guard\",\"https:\\\/\\\/iwellguard.wordpress.com\\\/2026\\\/06\\\/06\\\/iwell-guard\\\/\",\"https:\\\/\\\/hub.docker.com\\\/u\\\/iwellguard\",\"https:\\\/\\\/www.pinterest.com\\\/iwellguard\\\/\",\"https:\\\/\\\/bit.ly\\\/m\\\/iwellguard\",\"https:\\\/\\\/entre-vos-mains.alsace.eu\\\/profiles\\\/iwellguard\\\/activity\",\"https:\\\/\\\/gravatar.com\\\/reallybeded8fd34\",\"https:\\\/\\\/naijamatta.com\\\/iwellguard\",\"https:\\\/\\\/www.goodreads.com\\\/iwellguard\",\"https:\\\/\\\/profile.hatena.ne.jp\\\/iwellguard\\\/\",\"https:\\\/\\\/experiment.com\\\/users\\\/iwellguard\",\"https:\\\/\\\/wakelet.com\\\/@iWellGuard82270\",\"https:\\\/\\\/www.chordie.com\\\/forum\\\/profile.php?id=2555664\",\"https:\\\/\\\/www.instapaper.com\\\/p\\\/17757966\",\"https:\\\/\\\/www.mapleprimes.com\\\/users\\\/iwellguard\",\"https:\\\/\\\/businesslistingplus.com\\\/profile\\\/iwell-guard\\\/\",\"https:\\\/\\\/telegra.ph\\\/iWell-Guard-06-06\",\"https:\\\/\\\/pbase.com\\\/iwellguard\\\/iwellguard\",\"https:\\\/\\\/b.hatena.ne.jp\\\/iwellguard\\\/20260607#bookmark-4788405196491818882\",\"https:\\\/\\\/fliphtml5.com\\\/home\\\/iwellguard\",\"https:\\\/\\\/anyflip.com\\\/homepage\\\/cmiwl#About\",\"https:\\\/\\\/transfur.com\\\/Users\\\/iwellguard\",\"http:\\\/\\\/delphi.larsbo.org\\\/user\\\/iwellguard\",\"https:\\\/\\\/jobs.lajobsportal.org\\\/profiles\\\/8380803-iwell-guard\",\"https:\\\/\\\/md.chaosdorf.de\\\/s\\\/jfbe5SBdJD\",\"https:\\\/\\\/www.lingvolive.com\\\/en-us\\\/profile\\\/9ecaeaca-ce11-4e51-9e71-01d55e2bff36\\\/translations\",\"https:\\\/\\\/www.fitday.com\\\/fitness\\\/forums\\\/members\\\/iwellguard.html\",\"https:\\\/\\\/www.mymeetbook.com\\\/iwellguard\",\"https:\\\/\\\/pxhere.com\\\/en\\\/photographer-me\\\/5040798\",\"https:\\\/\\\/disqus.com\\\/by\\\/iwellguard\\\/about\\\/\",\"https:\\\/\\\/pastelink.net\\\/hjwciqwq\",\"https:\\\/\\\/pubhtml5.com\\\/homepage\\\/scjhn\\\/\",\"https:\\\/\\\/www.bitchute.com\\\/channel\\\/2O2eOKzNqujT\",\"https:\\\/\\\/audiomack.com\\\/iwellguard\"]},{\"@type\":\"Person\",\"@id\":\"https:\\\/\\\/iwell-guard.com\\\/cs\\\/#\\\/schema\\\/person\\\/ee2a27f1cac3406c7c6fb5820cb7349f\",\"name\":\"Ralf Ittermann\",\"image\":{\"@type\":\"ImageObject\",\"inLanguage\":\"cs\",\"@id\":\"https:\\\/\\\/secure.gravatar.com\\\/avatar\\\/073c0153e350a5005b68eb752b445fea71f6b24a26da9449ad7e155e6b446c9d?s=96&d=mm&r=g\",\"url\":\"https:\\\/\\\/secure.gravatar.com\\\/avatar\\\/073c0153e350a5005b68eb752b445fea71f6b24a26da9449ad7e155e6b446c9d?s=96&d=mm&r=g\",\"contentUrl\":\"https:\\\/\\\/secure.gravatar.com\\\/avatar\\\/073c0153e350a5005b68eb752b445fea71f6b24a26da9449ad7e155e6b446c9d?s=96&d=mm&r=g\",\"caption\":\"Ralf Ittermann\"},\"givenName\":\"Ralf\",\"familyName\":\"Ittermann\",\"jobTitle\":\"Gesch\u00e4ftsf\u00fchrer und redaktioneller Verantwortlicher\",\"url\":\"https:\\\/\\\/iwell-guard.com\\\/cs\\\/author\\\/claude\\\/\",\"description\":\"Ralf Ittermann ist Gesch\u00e4ftsf\u00fchrer der Ittermann electronic GmbH und redaktioneller Verantwortlicher des iWell-Guard-Lexikons. Er verbindet langj\u00e4hrige Erfahrung in der Pr\u00e4zisionsfertigung mit medialer Praxis und religionsgeschichtlicher Quellenarbeit.\",\"worksFor\":{\"@type\":\"Organization\",\"name\":\"Ittermann electronic GmbH\",\"url\":\"https:\\\/\\\/ittermann.de\\\/\",\"address\":{\"@type\":\"PostalAddress\",\"streetAddress\":\"K\u00f6hlergasse 16-18\",\"postalCode\":\"99842\",\"addressLocality\":\"Ruhla\",\"addressCountry\":\"DE\"}},\"knowsAbout\":[\"Religionsgeschichte\",\"Mythologie\",\"Mediale Praxis\",\"Energetische Diagnostik\",\"Schutzpraxis\",\"Volksglauben\",\"Westliche Esoterik\"]},{\"@type\":\"Article\",\"@id\":\"https:\\\/\\\/iwell-guard.com\\\/cs\\\/drud\\\/#article\",\"isPartOf\":{\"@id\":\"https:\\\/\\\/iwell-guard.com\\\/cs\\\/drud\\\/\"},\"author\":{\"name\":\"Ralf Ittermann\",\"@id\":\"https:\\\/\\\/iwell-guard.com\\\/cs\\\/#\\\/schema\\\/person\\\/ee2a27f1cac3406c7c6fb5820cb7349f\"},\"headline\":\"Drud\",\"datePublished\":\"2026-09-03T16:46:17+00:00\",\"dateModified\":\"2026-09-03T17:21:09+00:00\",\"mainEntityOfPage\":{\"@id\":\"https:\\\/\\\/iwell-guard.com\\\/cs\\\/drud\\\/\"},\"publisher\":{\"@id\":\"https:\\\/\\\/iwell-guard.com\\\/cs\\\/#organization\"},\"image\":{\"@id\":\"https:\\\/\\\/iwell-guard.com\\\/cs\\\/drud\\\/#primaryimage\"},\"thumbnailUrl\":\"https:\\\/\\\/iwell-guard.com\\\/wp-content\\\/uploads\\\/2026\\\/07\\\/daemonen_alpin_drud.webp\",\"inLanguage\":\"cs\",\"description\":\"Drud: bavorsko-alpsk\u00e1 no\u010dn\u00ed mora, kter\u00e1 dus\u00ed sp\u00edc\u00ed. P\u016fvod, drudenfu\u00df a tradi\u010dn\u00ed ochrann\u00e9 prost\u0159edky proti no\u010dn\u00ed t\u00edsni.\"}]}<\/script>\n<!-- \/ Yoast SEO Premium plugin. -->","yoast_head_json":{"title":"Drud \u2013 no\u010dn\u00ed mora bavorsk\u00fdch Alp","description":"Drud: bavorsko-alpsk\u00e1 no\u010dn\u00ed mora, kter\u00e1 dus\u00ed sp\u00edc\u00ed. P\u016fvod, drudenfu\u00df a tradi\u010dn\u00ed ochrann\u00e9 prost\u0159edky proti no\u010dn\u00ed t\u00edsni.","robots":{"index":"index","follow":"follow","max-snippet":"max-snippet:-1","max-image-preview":"max-image-preview:large","max-video-preview":"max-video-preview:-1"},"canonical":"https:\/\/iwell-guard.com\/cs\/drud\/","og_locale":"cs_CZ","og_type":"article","og_title":"Drud","og_description":"Drud: bavorsko-alpsk\u00e1 no\u010dn\u00ed mora, kter\u00e1 dus\u00ed sp\u00edc\u00ed. P\u016fvod, drudenfu\u00df a tradi\u010dn\u00ed ochrann\u00e9 prost\u0159edky proti no\u010dn\u00ed t\u00edsni.","og_url":"https:\/\/iwell-guard.com\/cs\/drud\/","og_site_name":"iWell Guard","article_modified_time":"2026-09-03T17:21:09+00:00","og_image":[{"width":1023,"height":1537,"url":"https:\/\/iwell-guard.com\/wp-content\/uploads\/2026\/07\/daemonen_alpin_drud.webp","type":"image\/webp"}],"twitter_card":"summary_large_image","schema":{"@context":"https:\/\/schema.org","@graph":[{"@type":"Article","@id":"https:\/\/iwell-guard.com\/cs\/drud\/#article","isPartOf":{"@id":"https:\/\/iwell-guard.com\/cs\/drud\/"},"author":{"name":"Ralf Ittermann","@id":"https:\/\/iwell-guard.com\/cs\/#\/schema\/person\/ee2a27f1cac3406c7c6fb5820cb7349f"},"headline":"Drud","datePublished":"2026-09-03T16:46:17+00:00","dateModified":"2026-09-03T17:21:09+00:00","mainEntityOfPage":{"@id":"https:\/\/iwell-guard.com\/cs\/drud\/"},"publisher":{"@id":"https:\/\/iwell-guard.com\/cs\/#organization"},"image":{"@id":"https:\/\/iwell-guard.com\/cs\/drud\/#primaryimage"},"thumbnailUrl":"https:\/\/iwell-guard.com\/wp-content\/uploads\/2026\/07\/daemonen_alpin_drud.webp","inLanguage":"cs","description":"Drud: bavorsko-alpsk\u00e1 no\u010dn\u00ed mora, kter\u00e1 dus\u00ed sp\u00edc\u00ed. P\u016fvod, drudenfu\u00df a tradi\u010dn\u00ed ochrann\u00e9 prost\u0159edky proti no\u010dn\u00ed t\u00edsni."},{"@type":"WebPage","@id":"https:\/\/iwell-guard.com\/cs\/drud\/","url":"https:\/\/iwell-guard.com\/cs\/drud\/","name":"Drud \u2013 no\u010dn\u00ed mora bavorsk\u00fdch Alp","isPartOf":{"@id":"https:\/\/iwell-guard.com\/cs\/#website"},"primaryImageOfPage":{"@id":"https:\/\/iwell-guard.com\/cs\/drud\/#primaryimage"},"image":{"@id":"https:\/\/iwell-guard.com\/cs\/drud\/#primaryimage"},"thumbnailUrl":"https:\/\/iwell-guard.com\/wp-content\/uploads\/2026\/07\/daemonen_alpin_drud.webp","datePublished":"2026-09-03T16:46:17+00:00","dateModified":"2026-09-03T17:21:09+00:00","description":"Drud: bavorsko-alpsk\u00e1 no\u010dn\u00ed mora, kter\u00e1 dus\u00ed sp\u00edc\u00ed. P\u016fvod, drudenfu\u00df a tradi\u010dn\u00ed ochrann\u00e9 prost\u0159edky proti no\u010dn\u00ed t\u00edsni.","breadcrumb":{"@id":"https:\/\/iwell-guard.com\/cs\/drud\/#breadcrumb"},"inLanguage":"cs","potentialAction":[{"@type":"ReadAction","target":["https:\/\/iwell-guard.com\/cs\/drud\/"]}]},{"@type":"ImageObject","inLanguage":"cs","@id":"https:\/\/iwell-guard.com\/cs\/drud\/#primaryimage","url":"https:\/\/iwell-guard.com\/wp-content\/uploads\/2026\/07\/daemonen_alpin_drud.webp","contentUrl":"https:\/\/iwell-guard.com\/wp-content\/uploads\/2026\/07\/daemonen_alpin_drud.webp","width":1023,"height":1537,"caption":"Drud \u2013 d\u00e9moni z alpsk\u00e9 tradice, historicko-ilustra\u010dn\u00ed zobrazen\u00ed"},{"@type":"BreadcrumbList","@id":"https:\/\/iwell-guard.com\/cs\/drud\/#breadcrumb","itemListElement":[{"@type":"ListItem","position":1,"name":"Start","item":"https:\/\/iwell-guard.com\/cs\/?page_id=145107"},{"@type":"ListItem","position":2,"name":"Drud"}]},{"@type":"WebSite","@id":"https:\/\/iwell-guard.com\/cs\/#website","url":"https:\/\/iwell-guard.com\/cs\/","name":"iWell Guard","description":"Schutz vor dunklen Einfl\u00fcssen","publisher":{"@id":"https:\/\/iwell-guard.com\/cs\/#organization"},"potentialAction":[{"@type":"SearchAction","target":{"@type":"EntryPoint","urlTemplate":"https:\/\/iwell-guard.com\/cs\/?s={search_term_string}"},"query-input":{"@type":"PropertyValueSpecification","valueRequired":true,"valueName":"search_term_string"}}],"inLanguage":"cs"},{"@type":"Organization","@id":"https:\/\/iwell-guard.com\/cs\/#organization","name":"Ittermann electronic GmbH","url":"https:\/\/iwell-guard.com\/cs\/","logo":{"@type":"ImageObject","inLanguage":"cs","@id":"https:\/\/iwell-guard.com\/cs\/#\/schema\/logo\/image\/","url":"https:\/\/iwell-guard.com\/wp-content\/uploads\/2026\/05\/Ittermann-Logo-1182x237-1.png","contentUrl":"https:\/\/iwell-guard.com\/wp-content\/uploads\/2026\/05\/Ittermann-Logo-1182x237-1.png","width":1182,"height":237,"caption":"Ittermann electronic GmbH"},"image":{"@id":"https:\/\/iwell-guard.com\/cs\/#\/schema\/logo\/image\/"},"sameAs":["https:\/\/pantip.com\/profile\/9367242","https:\/\/micro.blog\/iwellguard","https:\/\/www.diggerslist.com\/iwellguard\/about","https:\/\/skitterphoto.com\/photographers\/2870314\/iwell-guard","https:\/\/iwellguard.wordpress.com\/2026\/06\/06\/iwell-guard\/","https:\/\/hub.docker.com\/u\/iwellguard","https:\/\/www.pinterest.com\/iwellguard\/","https:\/\/bit.ly\/m\/iwellguard","https:\/\/entre-vos-mains.alsace.eu\/profiles\/iwellguard\/activity","https:\/\/gravatar.com\/reallybeded8fd34","https:\/\/naijamatta.com\/iwellguard","https:\/\/www.goodreads.com\/iwellguard","https:\/\/profile.hatena.ne.jp\/iwellguard\/","https:\/\/experiment.com\/users\/iwellguard","https:\/\/wakelet.com\/@iWellGuard82270","https:\/\/www.chordie.com\/forum\/profile.php?id=2555664","https:\/\/www.instapaper.com\/p\/17757966","https:\/\/www.mapleprimes.com\/users\/iwellguard","https:\/\/businesslistingplus.com\/profile\/iwell-guard\/","https:\/\/telegra.ph\/iWell-Guard-06-06","https:\/\/pbase.com\/iwellguard\/iwellguard","https:\/\/b.hatena.ne.jp\/iwellguard\/20260607#bookmark-4788405196491818882","https:\/\/fliphtml5.com\/home\/iwellguard","https:\/\/anyflip.com\/homepage\/cmiwl#About","https:\/\/transfur.com\/Users\/iwellguard","http:\/\/delphi.larsbo.org\/user\/iwellguard","https:\/\/jobs.lajobsportal.org\/profiles\/8380803-iwell-guard","https:\/\/md.chaosdorf.de\/s\/jfbe5SBdJD","https:\/\/www.lingvolive.com\/en-us\/profile\/9ecaeaca-ce11-4e51-9e71-01d55e2bff36\/translations","https:\/\/www.fitday.com\/fitness\/forums\/members\/iwellguard.html","https:\/\/www.mymeetbook.com\/iwellguard","https:\/\/pxhere.com\/en\/photographer-me\/5040798","https:\/\/disqus.com\/by\/iwellguard\/about\/","https:\/\/pastelink.net\/hjwciqwq","https:\/\/pubhtml5.com\/homepage\/scjhn\/","https:\/\/www.bitchute.com\/channel\/2O2eOKzNqujT","https:\/\/audiomack.com\/iwellguard"]},{"@type":"Person","@id":"https:\/\/iwell-guard.com\/cs\/#\/schema\/person\/ee2a27f1cac3406c7c6fb5820cb7349f","name":"Ralf Ittermann","image":{"@type":"ImageObject","inLanguage":"cs","@id":"https:\/\/secure.gravatar.com\/avatar\/073c0153e350a5005b68eb752b445fea71f6b24a26da9449ad7e155e6b446c9d?s=96&d=mm&r=g","url":"https:\/\/secure.gravatar.com\/avatar\/073c0153e350a5005b68eb752b445fea71f6b24a26da9449ad7e155e6b446c9d?s=96&d=mm&r=g","contentUrl":"https:\/\/secure.gravatar.com\/avatar\/073c0153e350a5005b68eb752b445fea71f6b24a26da9449ad7e155e6b446c9d?s=96&d=mm&r=g","caption":"Ralf Ittermann"},"givenName":"Ralf","familyName":"Ittermann","jobTitle":"Gesch\u00e4ftsf\u00fchrer und redaktioneller Verantwortlicher","url":"https:\/\/iwell-guard.com\/cs\/author\/claude\/","description":"Ralf Ittermann ist Gesch\u00e4ftsf\u00fchrer der Ittermann electronic GmbH und redaktioneller Verantwortlicher des iWell-Guard-Lexikons. Er verbindet langj\u00e4hrige Erfahrung in der Pr\u00e4zisionsfertigung mit medialer Praxis und religionsgeschichtlicher Quellenarbeit.","worksFor":{"@type":"Organization","name":"Ittermann electronic GmbH","url":"https:\/\/ittermann.de\/","address":{"@type":"PostalAddress","streetAddress":"K\u00f6hlergasse 16-18","postalCode":"99842","addressLocality":"Ruhla","addressCountry":"DE"}},"knowsAbout":["Religionsgeschichte","Mythologie","Mediale Praxis","Energetische Diagnostik","Schutzpraxis","Volksglauben","Westliche Esoterik"]},{"@type":"Article","@id":"https:\/\/iwell-guard.com\/cs\/drud\/#article","isPartOf":{"@id":"https:\/\/iwell-guard.com\/cs\/drud\/"},"author":{"name":"Ralf Ittermann","@id":"https:\/\/iwell-guard.com\/cs\/#\/schema\/person\/ee2a27f1cac3406c7c6fb5820cb7349f"},"headline":"Drud","datePublished":"2026-09-03T16:46:17+00:00","dateModified":"2026-09-03T17:21:09+00:00","mainEntityOfPage":{"@id":"https:\/\/iwell-guard.com\/cs\/drud\/"},"publisher":{"@id":"https:\/\/iwell-guard.com\/cs\/#organization"},"image":{"@id":"https:\/\/iwell-guard.com\/cs\/drud\/#primaryimage"},"thumbnailUrl":"https:\/\/iwell-guard.com\/wp-content\/uploads\/2026\/07\/daemonen_alpin_drud.webp","inLanguage":"cs","description":"Drud: bavorsko-alpsk\u00e1 no\u010dn\u00ed mora, kter\u00e1 dus\u00ed sp\u00edc\u00ed. P\u016fvod, drudenfu\u00df a tradi\u010dn\u00ed ochrann\u00e9 prost\u0159edky proti no\u010dn\u00ed t\u00edsni."}]}},"_links":{"self":[{"href":"https:\/\/iwell-guard.com\/cs\/wp-json\/wp\/v2\/pages\/146354","targetHints":{"allow":["GET"]}}],"collection":[{"href":"https:\/\/iwell-guard.com\/cs\/wp-json\/wp\/v2\/pages"}],"about":[{"href":"https:\/\/iwell-guard.com\/cs\/wp-json\/wp\/v2\/types\/page"}],"author":[{"embeddable":true,"href":"https:\/\/iwell-guard.com\/cs\/wp-json\/wp\/v2\/users\/3"}],"replies":[{"embeddable":true,"href":"https:\/\/iwell-guard.com\/cs\/wp-json\/wp\/v2\/comments?post=146354"}],"version-history":[{"count":0,"href":"https:\/\/iwell-guard.com\/cs\/wp-json\/wp\/v2\/pages\/146354\/revisions"}],"wp:featuredmedia":[{"embeddable":true,"href":"https:\/\/iwell-guard.com\/cs\/wp-json\/wp\/v2\/media\/20520"}],"wp:attachment":[{"href":"https:\/\/iwell-guard.com\/cs\/wp-json\/wp\/v2\/media?parent=146354"}],"wp:term":[{"taxonomy":"category","embeddable":true,"href":"https:\/\/iwell-guard.com\/cs\/wp-json\/wp\/v2\/categories?post=146354"}],"curies":[{"name":"wp","href":"https:\/\/api.w.org\/{rel}","templated":true}]}}