{"id":146351,"date":"2026-09-03T16:46:16","date_gmt":"2026-09-03T16:46:16","guid":{"rendered":"https:\/\/iwell-guard.com\/?page_id=146351"},"modified":"2026-09-03T17:21:04","modified_gmt":"2026-09-03T17:21:04","slug":"pani-perchta","status":"publish","type":"page","link":"https:\/\/iwell-guard.com\/cs\/pani-perchta\/","title":{"rendered":"Pan\u00ed Perchta"},"content":{"rendered":"\t\t<div data-elementor-type=\"wp-page\" data-elementor-id=\"146351\" class=\"elementor elementor-146351 elementor-20476\" data-elementor-post-type=\"page\">\n\t\t\t\t<div class=\"elementor-element elementor-element-10fdade e-flex e-con-boxed e-con e-parent\" data-id=\"10fdade\" data-element_type=\"container\" data-e-type=\"container\" data-settings=\"{&quot;background_background&quot;:&quot;classic&quot;}\">\n\t\t\t\t\t<div class=\"e-con-inner\">\n\t\t<div class=\"elementor-element elementor-element-herohlft0 e-flex e-con-boxed e-con e-child\" data-id=\"herohlft0\" data-element_type=\"container\" data-e-type=\"container\">\n\t\t\t\t\t<div class=\"e-con-inner\">\n\t\t<div class=\"elementor-element elementor-element-c3ceb64 e-con-full e-flex e-con e-child\" data-id=\"c3ceb64\" data-element_type=\"container\" data-e-type=\"container\">\n\t\t\t\t<div class=\"elementor-element elementor-element-96ae5e1 elementor-widget elementor-widget-heading\" data-id=\"96ae5e1\" data-element_type=\"widget\" data-e-type=\"widget\" data-widget_type=\"heading.default\">\n\t\t\t\t\t<h1 class=\"elementor-heading-title elementor-size-default\">Pan\u00ed Perchta, zkou\u0161ej\u00edc\u00ed pracovitost a po\u0159\u00e1dek<\/h1>\t\t\t\t<\/div>\n\t\t\t\t<div class=\"elementor-element elementor-element-e45238a elementor-widget elementor-widget-text-editor\" data-id=\"e45238a\" data-element_type=\"widget\" data-e-type=\"widget\" data-widget_type=\"text-editor.default\">\n\t\t\t\t\t\t\t\t\t<p>Pan\u00ed Perchta je <span class=\"iwg-fachbegriff\" data-tooltip=\"Net\u011blesn\u00e1 bytost, j\u00ed\u017e je p\u0159ipisov\u00e1no p\u016fsoben\u00ed ve sv\u011bt\u011b.\" tabindex=\"0\">duch<\/span> alpsk\u00e9 tradice.<\/p><p><strong>Str\u00e1\u017ekyn\u011b p\u00edle a po\u0159\u00e1dku ve dvan\u00e1cti Rauhn\u00e4chte.<\/strong><\/p>\t\t\t\t\t\t\t\t<\/div>\n\t\t\t\t<\/div>\n\t\t<div class=\"elementor-element elementor-element-klsbdg01 e-con-full e-flex e-con e-child\" data-id=\"klsbdg01\" data-element_type=\"container\" data-e-type=\"container\">\n\t\t\t\t<div class=\"elementor-element elementor-element-klshtm01 elementor-widget elementor-widget-html\" data-id=\"klshtm01\" data-element_type=\"widget\" data-e-type=\"widget\" data-widget_type=\"html.default\">\n\t\t\t\t\t<div class=\"iwg-pill-row\"><span class=\"iwg-klasse-badge\" tabindex=\"0\" data-tooltip=\"Duch: Net\u011blesn\u00e1 nebo polot\u011blesn\u00e1 bytost, zesnul\u00ed, p\u0159\u00edrodn\u00ed bytosti, dom\u00e1c\u00ed duchov\u00e9 nebo str\u00e1\u017eci prahu. P\u016fsob\u00ed v ka\u017edodenn\u00edm \u017eivot\u011b, \u010dasto v\u00e1z\u00e1n na m\u00edsta nebo rodiny.\">Duch<\/span><a href=\"https:\/\/iwell-guard.com\/cs\/?page_id=146388\" class=\"iwg-kultur-badge\" tabindex=\"0\" data-tooltip=\"Pov\u011bsti alpsk\u00e9 oblasti: Bavorsko, Rakousko, \u0160v\u00fdcarsko a Ji\u017en\u00ed Tyrolsko, od horsk\u00fdch duch\u016f a\u017e po bytosti Rauhn\u00e4chte.\">Alpsk\u00e1 oblast<\/a><\/div>\t\t\t\t<\/div>\n\t\t\t\t<\/div>\n\t\t<div class=\"elementor-element elementor-element-3f74855 e-con-full e-flex e-con e-child\" data-id=\"3f74855\" data-element_type=\"container\" data-e-type=\"container\">\n\t\t\t\t<div class=\"elementor-element elementor-element-1c30362 elementor-toc--minimized-on-tablet elementor-widget elementor-widget-table-of-contents\" data-id=\"1c30362\" data-element_type=\"widget\" data-e-type=\"widget\" data-settings=\"{&quot;exclude_headings_by_selector&quot;:[],&quot;no_headings_message&quot;:&quot;Na t\\u00e9to str\\u00e1nce nebyly nalezeny \\u017e\\u00e1dn\\u00e9 nadpisy.&quot;,&quot;headings_by_tags&quot;:[&quot;h2&quot;,&quot;h3&quot;],&quot;marker_view&quot;:&quot;bullets&quot;,&quot;icon&quot;:{&quot;value&quot;:&quot;fas fa-circle&quot;,&quot;library&quot;:&quot;fa-solid&quot;,&quot;rendered_tag&quot;:&quot;&lt;svg class=\\&quot;e-font-icon-svg e-fas-circle\\&quot; viewBox=\\&quot;0 0 512 512\\&quot; xmlns=\\&quot;http:\\\/\\\/www.w3.org\\\/2000\\\/svg\\&quot;&gt;&lt;path d=\\&quot;M256 8C119 8 8 119 8 256s111 248 248 248 248-111 248-248S393 8 256 8z\\&quot;&gt;&lt;\\\/path&gt;&lt;\\\/svg&gt;&quot;},&quot;minimize_box&quot;:&quot;yes&quot;,&quot;minimized_on&quot;:&quot;tablet&quot;,&quot;hierarchical_view&quot;:&quot;yes&quot;,&quot;min_height&quot;:{&quot;unit&quot;:&quot;px&quot;,&quot;size&quot;:&quot;&quot;,&quot;sizes&quot;:[]},&quot;min_height_tablet&quot;:{&quot;unit&quot;:&quot;px&quot;,&quot;size&quot;:&quot;&quot;,&quot;sizes&quot;:[]},&quot;min_height_mobile&quot;:{&quot;unit&quot;:&quot;px&quot;,&quot;size&quot;:&quot;&quot;,&quot;sizes&quot;:[]}}\" data-widget_type=\"table-of-contents.default\">\n\t\t\t\t\t\t\t\t\t<div class=\"elementor-toc__header\">\n\t\t\t\t\t\t<h2 class=\"elementor-toc__header-title\">\n\t\t\t\tObsah\t\t\t<\/h2>\n\t\t\t\t\t\t\t\t\t\t<div class=\"elementor-toc__toggle-button elementor-toc__toggle-button--expand\" role=\"button\" tabindex=\"0\" aria-controls=\"elementor-toc__1c30362\" aria-expanded=\"true\" aria-label=\"Open table of contents\"><svg aria-hidden=\"true\" class=\"e-font-icon-svg e-fas-chevron-down\" viewBox=\"0 0 448 512\" xmlns=\"http:\/\/www.w3.org\/2000\/svg\"><path d=\"M207.029 381.476L12.686 187.132c-9.373-9.373-9.373-24.569 0-33.941l22.667-22.667c9.357-9.357 24.522-9.375 33.901-.04L224 284.505l154.745-154.021c9.379-9.335 24.544-9.317 33.901.04l22.667 22.667c9.373 9.373 9.373 24.569 0 33.941L240.971 381.476c-9.373 9.372-24.569 9.372-33.942 0z\"><\/path><\/svg><\/div>\n\t\t\t\t<div class=\"elementor-toc__toggle-button elementor-toc__toggle-button--collapse\" role=\"button\" tabindex=\"0\" aria-controls=\"elementor-toc__1c30362\" aria-expanded=\"true\" aria-label=\"Close table of contents\"><svg aria-hidden=\"true\" class=\"e-font-icon-svg e-fas-chevron-up\" viewBox=\"0 0 448 512\" xmlns=\"http:\/\/www.w3.org\/2000\/svg\"><path d=\"M240.971 130.524l194.343 194.343c9.373 9.373 9.373 24.569 0 33.941l-22.667 22.667c-9.357 9.357-24.522 9.375-33.901.04L224 227.495 69.255 381.516c-9.379 9.335-24.544 9.317-33.901-.04l-22.667-22.667c-9.373-9.373-9.373-24.569 0-33.941L207.03 130.525c9.372-9.373 24.568-9.373 33.941-.001z\"><\/path><\/svg><\/div>\n\t\t\t\t\t<\/div>\n\t\t\t\t<div id=\"elementor-toc__1c30362\" class=\"elementor-toc__body\">\n\t\t\t<div class=\"elementor-toc__spinner-container\">\n\t\t\t\t<svg class=\"elementor-toc__spinner eicon-animation-spin e-font-icon-svg e-eicon-loading\" aria-hidden=\"true\" viewBox=\"0 0 1000 1000\" xmlns=\"http:\/\/www.w3.org\/2000\/svg\"><path d=\"M500 975V858C696 858 858 696 858 500S696 142 500 142 142 304 142 500H25C25 237 238 25 500 25S975 237 975 500 763 975 500 975Z\"><\/path><\/svg>\t\t\t<\/div>\n\t\t<\/div>\n\t\t\t\t\t\t<\/div>\n\t\t\t\t<\/div>\n\t\t\t\t\t<\/div>\n\t\t\t\t<\/div>\n\t\t<div class=\"elementor-element elementor-element-herorght0 e-con-full e-flex e-con e-child\" data-id=\"herorght0\" data-element_type=\"container\" data-e-type=\"container\">\n\t\t\t\t<div class=\"elementor-element elementor-element-heroimg00 iwg-hero-image elementor-widget elementor-widget-image\" data-id=\"heroimg00\" data-element_type=\"widget\" data-e-type=\"widget\" data-widget_type=\"image.default\">\n\t\t\t\t\t\t\t\t\t\t\t\t\t\t\t<img fetchpriority=\"high\" decoding=\"async\" width=\"682\" height=\"1024\" src=\"https:\/\/iwell-guard.com\/wp-content\/uploads\/2026\/07\/geister_alpin_perchta-682x1024.webp\" class=\"attachment-large size-large wp-image-146424\" alt=\"Pan\u00ed Perchta \u2013 duchov\u00e9 z alpsk\u00e9 tradice, historicko-ilustrativn\u00ed\" srcset=\"https:\/\/iwell-guard.com\/wp-content\/uploads\/2026\/07\/geister_alpin_perchta-682x1024.webp 682w, https:\/\/iwell-guard.com\/wp-content\/uploads\/2026\/07\/geister_alpin_perchta-200x300.webp 200w, https:\/\/iwell-guard.com\/wp-content\/uploads\/2026\/07\/geister_alpin_perchta-768x1154.webp 768w, https:\/\/iwell-guard.com\/wp-content\/uploads\/2026\/07\/geister_alpin_perchta.webp 1023w\" sizes=\"(max-width: 682px) 100vw, 682px\" \/>\t\t\t\t\t\t\t\t\t\t\t\t\t\t\t<\/div>\n\t\t\t\t<\/div>\n\t\t\t\t\t<\/div>\n\t\t\t\t<\/div>\n\t\t<div class=\"elementor-element elementor-element-32917199 e-flex e-con-boxed e-con e-parent\" data-id=\"32917199\" data-element_type=\"container\" data-e-type=\"container\">\n\t\t\t\t\t<div class=\"e-con-inner\">\n\t\t<div class=\"elementor-element elementor-element-26e916cb e-flex e-con-boxed e-con e-child\" data-id=\"26e916cb\" data-element_type=\"container\" data-e-type=\"container\">\n\t\t\t\t\t<div class=\"e-con-inner\">\n\t\t<div class=\"elementor-element elementor-element-253a40d4 e-flex e-con-boxed e-con e-child\" data-id=\"253a40d4\" data-element_type=\"container\" data-e-type=\"container\">\n\t\t\t\t\t<div class=\"e-con-inner\">\n\t\t\t\t<div class=\"elementor-element elementor-element-1200c304 elementor-widget elementor-widget-heading\" data-id=\"1200c304\" data-element_type=\"widget\" data-e-type=\"widget\" data-widget_type=\"heading.default\">\n\t\t\t\t\t<div class=\"elementor-heading-title elementor-size-default\">Pan\u00ed Perchta<\/div>\t\t\t\t<\/div>\n\t\t\t\t<div class=\"elementor-element elementor-element-11758e7f elementor-widget elementor-widget-text-editor\" data-id=\"11758e7f\" data-element_type=\"widget\" data-e-type=\"widget\" data-widget_type=\"text-editor.default\">\n\t\t\t\t\t\t\t\t\t<p>Pan\u00ed Perchta je v Alp\u00e1ch a v Bavorsku pova\u017eov\u00e1na za str\u00e1\u017ekyni po\u0159\u00e1dku a pracovitosti: kdo se b\u011bhem roku piln\u011b pracoval a p\u0159adl, b\u00fdv\u00e1 odm\u011bn\u011bn, kdo byl nedbal\u00fd, mus\u00ed po\u010d\u00edtat s jej\u00edm trestem. Liter\u00e1rn\u011b je poprv\u00e9 zachycena ve 15. stolet\u00ed u Thomase Ebendorfera z Haselbachu.<\/p><p>V rauhn\u00e4chtech se proch\u00e1z\u00ed domy a uli\u010dkami, jednou jako kr\u00e1sn\u00e1 \u017eena ve sv\u011btl\u00e9m rouchu, jindy jako vychrtl\u00e1 postava s hus\u00ed nohou. Dosud \u017eiv\u00fd pr\u016fvod Perchtenlauf p\u0159ev\u00e1d\u00ed tuto dvoj\u00ed podobu do viditeln\u00e9ho zimn\u00edho ritu\u00e1lu.<\/p>\t\t\t\t\t\t\t\t<\/div>\n\t\t\t\t\t<\/div>\n\t\t\t\t<\/div>\n\t\t<div class=\"elementor-element elementor-element-159dcf9a e-flex e-con-boxed e-con e-child\" data-id=\"159dcf9a\" data-element_type=\"container\" data-e-type=\"container\">\n\t\t\t\t\t<div class=\"e-con-inner\">\n\t\t\t\t<div class=\"elementor-element elementor-element-48cee66f elementor-widget elementor-widget-heading\" data-id=\"48cee66f\" data-element_type=\"widget\" data-e-type=\"widget\" data-widget_type=\"heading.default\">\n\t\t\t\t\t<div class=\"elementor-heading-title elementor-size-default\">P\u0159ehledn\u011b: Pan\u00ed Perchta<\/div>\t\t\t\t<\/div>\n\t\t\t\t<div class=\"elementor-element elementor-element-3f50d82c elementor-widget elementor-widget-text-editor\" data-id=\"3f50d82c\" data-element_type=\"widget\" data-e-type=\"widget\" data-widget_type=\"text-editor.default\">\n\t\t\t\t\t\t\t\t\t<p><strong>Typ:<\/strong> Duch ro\u010dn\u00edho obdob\u00ed a zkou\u0161ej\u00edc\u00ed p\u00edle a po\u0159\u00e1dku<br>P\u016fvod: alpsk\u00e1 v\u00fdchodn\u00ed oblast, liter\u00e1rn\u011b dolo\u017eeno od 15. stolet\u00ed (Thomas Ebendorfer, 1439)<br>Texty: st\u0159edov\u011bk\u00e1 k\u00e1z\u00e1n\u00ed o pok\u00e1n\u00ed, Slovn\u00edk n\u011bmeck\u00fdch pov\u011br, sb\u00edrky pov\u011bst\u00ed z 19. stolet\u00ed<br>\u010casov\u00e9 obdob\u00ed: dvan\u00e1ct Rauhn\u00e4chte mezi V\u00e1nocemi a T\u0159emi kr\u00e1li<br>Zjev: kr\u00e1sn\u00e1 \u017eena v b\u00edl\u00e9m od\u011bvu nebo vyz\u00e1bl\u00e1, dlouhonos\u00e1 sta\u0159ena s hus\u00ed nohou<\/p>\t\t\t\t\t\t\t\t<\/div>\n\t\t\t\t\t<\/div>\n\t\t\t\t<\/div>\n\t\t\t\t\t<\/div>\n\t\t\t\t<\/div>\n\t\t\t\t\t<\/div>\n\t\t\t\t<\/div>\n\t\t<div class=\"elementor-element elementor-element-18613602 e-flex e-con-boxed e-con e-parent\" data-id=\"18613602\" data-element_type=\"container\" data-e-type=\"container\">\n\t\t\t\t\t<div class=\"e-con-inner\">\n\t\t\t\t<div class=\"elementor-element elementor-element-262b8a9f elementor-widget elementor-widget-heading\" data-id=\"262b8a9f\" data-element_type=\"widget\" data-e-type=\"widget\" data-widget_type=\"heading.default\">\n\t\t\t\t\t<h2 class=\"elementor-heading-title elementor-size-default\">Kontext pramen\u016f<\/h2>\t\t\t\t<\/div>\n\t\t<div class=\"elementor-element elementor-element-46dcb7d e-con-full e-flex e-con e-child\" data-id=\"46dcb7d\" data-element_type=\"container\" data-e-type=\"container\">\n\t\t<div class=\"elementor-element elementor-element-61d3ab3 e-flex e-con-boxed e-con e-child\" data-id=\"61d3ab3\" data-element_type=\"container\" data-e-type=\"container\">\n\t\t\t\t\t<div class=\"e-con-inner\">\n\t\t\t\t<div class=\"elementor-element elementor-element-117c166 elementor-widget elementor-widget-heading\" data-id=\"117c166\" data-element_type=\"widget\" data-e-type=\"widget\" data-widget_type=\"heading.default\">\n\t\t\t\t\t<h3 class=\"elementor-heading-title elementor-size-default\">Zeitraum der Texte<\/h3>\t\t\t\t<\/div>\n\t\t\t\t<div class=\"elementor-element elementor-element-73997a0 elementor-widget elementor-widget-text-editor\" data-id=\"73997a0\" data-element_type=\"widget\" data-e-type=\"widget\" data-widget_type=\"text-editor.default\">\n\t\t\t\t\t\t\t\t\t<p>Liter\u00e1rn\u011b dolo\u017eeno od 15. stolet\u00ed, s Thomasem Ebendorferem v roce 1439 jako ran\u00fdm sv\u011bdectv\u00edm; v 19. a na po\u010d\u00e1tku 20. stolet\u00ed bohat\u011b zdokumentov\u00e1no lidov\u011bdou.<\/p>\t\t\t\t\t\t\t\t<\/div>\n\t\t\t\t\t<\/div>\n\t\t\t\t<\/div>\n\t\t<div class=\"elementor-element elementor-element-d47b156 e-flex e-con-boxed e-con e-child\" data-id=\"d47b156\" data-element_type=\"container\" data-e-type=\"container\">\n\t\t\t\t\t<div class=\"e-con-inner\">\n\t\t\t\t<div class=\"elementor-element elementor-element-ff38c2b elementor-widget elementor-widget-heading\" data-id=\"ff38c2b\" data-element_type=\"widget\" data-e-type=\"widget\" data-widget_type=\"heading.default\">\n\t\t\t\t\t<h3 class=\"elementor-heading-title elementor-size-default\">Verbreitungsraum<\/h3>\t\t\t\t<\/div>\n\t\t\t\t<div class=\"elementor-element elementor-element-4e49fcc elementor-widget elementor-widget-text-editor\" data-id=\"4e49fcc\" data-element_type=\"widget\" data-e-type=\"widget\" data-widget_type=\"text-editor.default\">\n\t\t\t\t\t\t\t\t\t<p>Bavorsko, Rakousko, Ji\u017en\u00ed Tyrolsko a alpsk\u00e1 v\u00fdchodn\u00ed oblast, s severn\u00edmi paraleln\u00edmi postavami a\u017e po st\u0159edn\u00ed N\u011bmecko.<\/p>\t\t\t\t\t\t\t\t<\/div>\n\t\t\t\t\t<\/div>\n\t\t\t\t<\/div>\n\t\t\t\t<\/div>\n\t\t<div class=\"elementor-element elementor-element-db03c39 e-con-full e-flex e-con e-child\" data-id=\"db03c39\" data-element_type=\"container\" data-e-type=\"container\">\n\t\t<div class=\"elementor-element elementor-element-229a87b e-flex e-con-boxed e-con e-child\" data-id=\"229a87b\" data-element_type=\"container\" data-e-type=\"container\">\n\t\t\t\t\t<div class=\"e-con-inner\">\n\t\t\t\t<div class=\"elementor-element elementor-element-1f471fc elementor-widget elementor-widget-heading\" data-id=\"1f471fc\" data-element_type=\"widget\" data-e-type=\"widget\" data-widget_type=\"heading.default\">\n\t\t\t\t\t<h3 class=\"elementor-heading-title elementor-size-default\">Quellenlage<\/h3>\t\t\t\t<\/div>\n\t\t\t\t<div class=\"elementor-element elementor-element-36b1201 elementor-widget elementor-widget-text-editor\" data-id=\"36b1201\" data-element_type=\"widget\" data-e-type=\"widget\" data-widget_type=\"text-editor.default\">\n\t\t\t\t\t\t\t\t\t<p>Z\u00e1klad pramen\u016f tvo\u0159\u00ed st\u0159edov\u011bk\u00e1 k\u00e1z\u00e1n\u00ed o pok\u00e1n\u00ed, Handw\u00f6rterbuch des deutschen Aberglaubens a sb\u00edrky pov\u011bst\u00ed z 19. stolet\u00ed.<\/p>\t\t\t\t\t\t\t\t<\/div>\n\t\t\t\t\t<\/div>\n\t\t\t\t<\/div>\n\t\t\t\t<\/div>\n\t\t\t\t\t<\/div>\n\t\t\t\t<\/div>\n\t\t<div class=\"elementor-element elementor-element-3ae0637c e-flex e-con-boxed e-con e-parent\" data-id=\"3ae0637c\" data-element_type=\"container\" data-e-type=\"container\">\n\t\t\t\t\t<div class=\"e-con-inner\">\n\t\t\t\t<div class=\"elementor-element elementor-element-31d07739 elementor-widget elementor-widget-heading\" data-id=\"31d07739\" data-element_type=\"widget\" data-e-type=\"widget\" data-widget_type=\"heading.default\">\n\t\t\t\t\t<h2 class=\"elementor-heading-title elementor-size-default\">Jm\u00e9no a varianty<\/h2>\t\t\t\t<\/div>\n\t\t<div class=\"elementor-element elementor-element-b7642947 e-con-full e-flex e-con e-child\" data-id=\"b7642947\" data-element_type=\"container\" data-e-type=\"container\">\n\t\t\t\t<div class=\"elementor-element elementor-element-a086266 elementor-widget elementor-widget-text-editor\" data-id=\"a086266\" data-element_type=\"widget\" data-e-type=\"widget\" data-widget_type=\"text-editor.default\">\n\t\t\t\t\t\t\t\t\t<p><strong>Staron\u011bm\u010dina:<\/strong> Jm\u00e9no se obvykle odvozuje od beraht, z\u00e1\u0159\u00edc\u00ed, m\u00e9n\u011b \u010dasto od pergan, skryt\u00e1; ot\u00e1zka nebyla ve v\u00fdzkumu definitivn\u011b vy\u0159e\u0161ena. Jm\u00e9no d\u00e1le souvis\u00ed s Berchtentagem, sv\u00e1tkem Zjeven\u00ed P\u00e1n\u011b 6. ledna.<\/p>\t\t\t\t\t\t\t\t<\/div>\n\t\t\t\t<\/div>\n\t\t\t\t\t<\/div>\n\t\t\t\t<\/div>\n\t\t<div class=\"elementor-element elementor-element-709a44a8 e-flex e-con-boxed e-con e-parent\" data-id=\"709a44a8\" data-element_type=\"container\" data-e-type=\"container\">\n\t\t\t\t\t<div class=\"e-con-inner\">\n\t\t\t\t<div class=\"elementor-element elementor-element-2f585873 elementor-widget elementor-widget-heading\" data-id=\"2f585873\" data-element_type=\"widget\" data-e-type=\"widget\" data-widget_type=\"heading.default\">\n\t\t\t\t\t<h2 class=\"elementor-heading-title elementor-size-default\">Podoba a p\u016fsoben\u00ed<\/h2>\t\t\t\t<\/div>\n\t\t<div class=\"elementor-element elementor-element-70621c12 e-con-full e-flex e-con e-child\" data-id=\"70621c12\" data-element_type=\"container\" data-e-type=\"container\">\n\t\t\t\t<div class=\"elementor-element elementor-element-4296eb49 elementor-widget elementor-widget-text-editor\" data-id=\"4296eb49\" data-element_type=\"widget\" data-e-type=\"widget\" data-widget_type=\"text-editor.default\">\n\t\t\t\t\t\t\t\t\t<p><strong>Zjev<\/strong><\/p><p>Perchta se objevuje ve dvou protikladn\u00fdch podob\u00e1ch: jako kr\u00e1sn\u00e1 \u017eena ve sv\u011btl\u00e9m, \u010dasto b\u00edl\u00e9m rouchu, spojen\u00e1 se sv\u011btlem, \u010distotou a plodnost\u00ed, nebo jako vychrtl\u00e1 postava s dlouh\u00fdm nosem, rozcuchan\u00fdmi vlasy a p\u0159\u00edzna\u010dnou hus\u00ed nebo labut\u00ed nohou, po n\u00ed\u017e je jmenov\u00e1na.<\/p><p><strong>P\u016fsoben\u00ed<\/strong><\/p><p>Ob\u011b podoby prov\u011b\u0159uj\u00ed, zda byly uklizeny kolovraty, zda byly domy uspo\u0159\u00e1d\u00e1ny a zda byla \u0159\u00e1dn\u011b dokon\u010dena ro\u010dn\u00ed pr\u00e1ce. V pr\u016fvodu Perchtenlauf v\u00fdchodn\u00edch Alp se tato dvoj\u00ed podoba dodnes odr\u00e1\u017e\u00ed v mask\u00e1ch kr\u00e1sn\u00fdch a o\u0161kliv\u00fdch percht.<\/p>\t\t\t\t\t\t\t\t<\/div>\n\t\t\t\t<\/div>\n\t\t\t\t\t<\/div>\n\t\t\t\t<\/div>\n\t\t<div class=\"elementor-element elementor-element-44e71476 e-flex e-con-boxed e-con e-parent\" data-id=\"44e71476\" data-element_type=\"container\" data-e-type=\"container\">\n\t\t\t\t\t<div class=\"e-con-inner\">\n\t\t\t\t<div class=\"elementor-element elementor-element-3c1fc3f0 elementor-widget elementor-widget-heading\" data-id=\"3c1fc3f0\" data-element_type=\"widget\" data-e-type=\"widget\" data-widget_type=\"heading.default\">\n\t\t\t\t\t<h2 class=\"elementor-heading-title elementor-size-default\">Profil: Pan\u00ed Perchta<\/h2>\t\t\t\t<\/div>\n\t\t<div class=\"elementor-element elementor-element-84f33b8e e-con-full e-flex e-con e-child\" data-id=\"84f33b8e\" data-element_type=\"container\" data-e-type=\"container\">\n\t\t\t\t<div class=\"elementor-element elementor-element-hqkdc67p elementor-widget elementor-widget-text-editor\" data-id=\"hqkdc67p\" data-element_type=\"widget\" data-e-type=\"widget\" data-widget_type=\"text-editor.default\">\n\t\t\t\t\t\t\t\t\t<p>Nejd\u016fle\u017eit\u011bj\u0161\u00ed aspekty str\u00e1\u017ekyn\u011b Rauhn\u00e4chte na prvn\u00ed pohled.<\/p>\t\t\t\t\t\t\t\t<\/div>\n\t\t\t\t<\/div>\n\t\t<div class=\"elementor-element elementor-element-pemmx7c5 e-con-full e-flex e-con e-child\" data-id=\"pemmx7c5\" data-element_type=\"container\" data-e-type=\"container\">\n\t\t<div class=\"elementor-element elementor-element-pemmx7c1 e-con-full e-flex e-con e-child\" data-id=\"pemmx7c1\" data-element_type=\"container\" data-e-type=\"container\">\n\t\t<div class=\"elementor-element elementor-element-qh9oavvu iwg-steckbrief-card e-flex e-con-boxed e-con e-child\" data-id=\"qh9oavvu\" data-element_type=\"container\" data-e-type=\"container\">\n\t\t\t\t\t<div class=\"e-con-inner\">\n\t\t\t\t<div class=\"elementor-element elementor-element-awzx8k2k elementor-widget elementor-widget-heading\" data-id=\"awzx8k2k\" data-element_type=\"widget\" data-e-type=\"widget\" data-widget_type=\"heading.default\">\n\t\t\t\t\t<div class=\"elementor-heading-title elementor-size-default\">Kulturn\u00ed kontext<\/div>\t\t\t\t<\/div>\n\t\t\t\t<div class=\"elementor-element elementor-element-x6rowhv0 elementor-widget elementor-widget-text-editor\" data-id=\"x6rowhv0\" data-element_type=\"widget\" data-e-type=\"widget\" data-widget_type=\"text-editor.default\">\n\t\t\t\t\t\t\t\t\t<p>Ro\u010dn\u00ed duch alpsk\u00e9 v\u00fdchodn\u00ed oblasti, c\u00edrkevn\u011b dosv\u011bd\u010den\u00fd od 15. stolet\u00ed, Jacobem Grimmem za\u0159azen\u00fd jako ji\u017en\u00ed p\u0159\u00edbuzn\u00e1 pan\u00ed Holle.<\/p>\t\t\t\t\t\t\t\t<\/div>\n\t\t\t\t\t<\/div>\n\t\t\t\t<\/div>\n\t\t<div class=\"elementor-element elementor-element-8e3o4kxs iwg-steckbrief-card e-flex e-con-boxed e-con e-child\" data-id=\"8e3o4kxs\" data-element_type=\"container\" data-e-type=\"container\">\n\t\t\t\t\t<div class=\"e-con-inner\">\n\t\t\t\t<div class=\"elementor-element elementor-element-08rkdgov elementor-widget elementor-widget-heading\" data-id=\"08rkdgov\" data-element_type=\"widget\" data-e-type=\"widget\" data-widget_type=\"heading.default\">\n\t\t\t\t\t<div class=\"elementor-heading-title elementor-size-default\">Zodpov\u011bdn\u00fd za<\/div>\t\t\t\t<\/div>\n\t\t\t\t<div class=\"elementor-element elementor-element-uwjelx8s elementor-widget elementor-widget-text-editor\" data-id=\"uwjelx8s\" data-element_type=\"widget\" data-e-type=\"widget\" data-widget_type=\"text-editor.default\">\n\t\t\t\t\t\t\t\t\t<p>P\u0159adleny, \u010dele\u010f a d\u011bti: Perchta kontroluje pracovitost a po\u0159\u00e1dek v dom\u011b a dohl\u00ed\u017e\u00ed na p\u0159echod ze star\u00e9ho do nov\u00e9ho roku.<\/p>\t\t\t\t\t\t\t\t<\/div>\n\t\t\t\t\t<\/div>\n\t\t\t\t<\/div>\n\t\t<div class=\"elementor-element elementor-element-jm2n74ec iwg-steckbrief-card e-flex e-con-boxed e-con e-child\" data-id=\"jm2n74ec\" data-element_type=\"container\" data-e-type=\"container\">\n\t\t\t\t\t<div class=\"e-con-inner\">\n\t\t\t\t<div class=\"elementor-element elementor-element-8vufse4c elementor-widget elementor-widget-heading\" data-id=\"8vufse4c\" data-element_type=\"widget\" data-e-type=\"widget\" data-widget_type=\"heading.default\">\n\t\t\t\t\t<div class=\"elementor-heading-title elementor-size-default\">Zobrazen\u00ed<\/div>\t\t\t\t<\/div>\n\t\t\t\t<div class=\"elementor-element elementor-element-mwb9u015 elementor-widget elementor-widget-text-editor\" data-id=\"mwb9u015\" data-element_type=\"widget\" data-e-type=\"widget\" data-widget_type=\"text-editor.default\">\n\t\t\t\t\t\t\t\t\t<p>Kr\u00e1sn\u00e1 \u017eena od\u011bn\u00e1 v b\u00edl\u00e9m, nebo vychrtl\u00e1, dlouhonos\u00e1 sta\u0159ena s hus\u00ed nohou; v pr\u016fvodu Perchtenlauf zobrazov\u00e1na jako kr\u00e1sn\u00e1 a o\u0161kliv\u00e1 maska.<\/p>\t\t\t\t\t\t\t\t<\/div>\n\t\t\t\t\t<\/div>\n\t\t\t\t<\/div>\n\t\t\t\t<\/div>\n\t\t<div class=\"elementor-element elementor-element-pemmx7c2 e-con-full e-flex e-con e-child\" data-id=\"pemmx7c2\" data-element_type=\"container\" data-e-type=\"container\">\n\t\t<div class=\"elementor-element elementor-element-37ss2yr6 iwg-steckbrief-card e-flex e-con-boxed e-con e-child\" data-id=\"37ss2yr6\" data-element_type=\"container\" data-e-type=\"container\">\n\t\t\t\t\t<div class=\"e-con-inner\">\n\t\t\t\t<div class=\"elementor-element elementor-element-3v0wp3wx elementor-widget elementor-widget-heading\" data-id=\"3v0wp3wx\" data-element_type=\"widget\" data-e-type=\"widget\" data-widget_type=\"heading.default\">\n\t\t\t\t\t<div class=\"elementor-heading-title elementor-size-default\">P\u016fsobnost<\/div>\t\t\t\t<\/div>\n\t\t\t\t<div class=\"elementor-element elementor-element-w3247g2m elementor-widget elementor-widget-text-editor\" data-id=\"w3247g2m\" data-element_type=\"widget\" data-e-type=\"widget\" data-widget_type=\"text-editor.default\">\n\t\t\t\t\t\t\t\t\t<p>Odm\u011bna za pracovitost formou po\u017eehn\u00e1n\u00ed a dobr\u00e9 sklizn\u011b, pok\u00e1r\u00e1n\u00ed a ve star\u0161\u00edch vypr\u00e1v\u011bn\u00edch i tvrd\u0161\u00ed tresty za nedbalost.<\/p>\t\t\t\t\t\t\t\t<\/div>\n\t\t\t\t\t<\/div>\n\t\t\t\t<\/div>\n\t\t<div class=\"elementor-element elementor-element-0qpjal9w iwg-steckbrief-card e-flex e-con-boxed e-con e-child\" data-id=\"0qpjal9w\" data-element_type=\"container\" data-e-type=\"container\">\n\t\t\t\t\t<div class=\"e-con-inner\">\n\t\t\t\t<div class=\"elementor-element elementor-element-6ndoih0o elementor-widget elementor-widget-heading\" data-id=\"6ndoih0o\" data-element_type=\"widget\" data-e-type=\"widget\" data-widget_type=\"heading.default\">\n\t\t\t\t\t<div class=\"elementor-heading-title elementor-size-default\">Zach\u00e1zen\u00ed<\/div>\t\t\t\t<\/div>\n\t\t\t\t<div class=\"elementor-element elementor-element-6684tyh9 elementor-widget elementor-widget-text-editor\" data-id=\"6684tyh9\" data-element_type=\"widget\" data-e-type=\"widget\" data-widget_type=\"text-editor.default\">\n\t\t\t\t\t\t\t\t\t<p>Uklizen\u00e9 kolovraty a uspo\u0159\u00e1dan\u00e9 jizby p\u0159ed kritickou noc\u00ed, k tomu vyku\u0159ov\u00e1n\u00ed, zakl\u00ednac\u00ed formule a modlitby u prahu.<\/p>\t\t\t\t\t\t\t\t<\/div>\n\t\t\t\t\t<\/div>\n\t\t\t\t<\/div>\n\t\t<div class=\"elementor-element elementor-element-3lfi7x32 iwg-steckbrief-card e-flex e-con-boxed e-con e-child\" data-id=\"3lfi7x32\" data-element_type=\"container\" data-e-type=\"container\">\n\t\t\t\t\t<div class=\"e-con-inner\">\n\t\t\t\t<div class=\"elementor-element elementor-element-0kg99ga1 elementor-widget elementor-widget-heading\" data-id=\"0kg99ga1\" data-element_type=\"widget\" data-e-type=\"widget\" data-widget_type=\"heading.default\">\n\t\t\t\t\t<div class=\"elementor-heading-title elementor-size-default\">P\u0159\u00edbuzn\u00e9<\/div>\t\t\t\t<\/div>\n\t\t\t\t<div class=\"elementor-element elementor-element-n0fum6kp elementor-widget elementor-widget-text-editor\" data-id=\"n0fum6kp\" data-element_type=\"widget\" data-e-type=\"widget\" data-widget_type=\"text-editor.default\">\n\t\t\t\t\t\t\t\t\t<p>V\u00fdchodoslovansk\u00e1 <a href=\"https:\/\/iwell-guard.com\/cs\/kikimora\/\">Kikimora<\/a> jako p\u0159\u00edbuzn\u00fd trestaj\u00edc\u00ed dom\u00e1c\u00ed duch, a d\u00e1le no\u010dn\u00ed \u017eensk\u00e9 pr\u016fvody kolem <a href=\"https:\/\/iwell-guard.com\/cs\/diana\/\">Diany<\/a> z Canon Episcopi.<\/p>\t\t\t\t\t\t\t\t<\/div>\n\t\t\t\t\t<\/div>\n\t\t\t\t<\/div>\n\t\t\t\t<\/div>\n\t\t\t\t<\/div>\n\t\t\t\t\t<\/div>\n\t\t\t\t<\/div>\n\t\t<div class=\"elementor-element elementor-element-7533bc7a e-flex e-con-boxed e-con e-parent\" data-id=\"7533bc7a\" data-element_type=\"container\" data-e-type=\"container\">\n\t\t\t\t\t<div class=\"e-con-inner\">\n\t\t\t\t<div class=\"elementor-element elementor-element-2447d18d elementor-widget elementor-widget-heading\" data-id=\"2447d18d\" data-element_type=\"widget\" data-e-type=\"widget\" data-widget_type=\"heading.default\">\n\t\t\t\t\t<h2 class=\"elementor-heading-title elementor-size-default\">Od k\u00e1z\u00e1n\u00ed o pok\u00e1n\u00ed k Berchtentagu<\/h2>\t\t\t\t<\/div>\n\t\t<div class=\"elementor-element elementor-element-d5d0260c e-con-full e-flex e-con e-child\" data-id=\"d5d0260c\" data-element_type=\"container\" data-e-type=\"container\">\n\t\t\t\t<div class=\"elementor-element elementor-element-341be2ac elementor-widget elementor-widget-text-editor\" data-id=\"341be2ac\" data-element_type=\"widget\" data-e-type=\"widget\" data-widget_type=\"text-editor.default\">\n\t\t\t\t\t\t\t\t\t<p>Jm\u00e9no Perchta se obvykle odvozuje od staron\u011bmeck\u00e9ho beraht, z\u00e1\u0159\u00edc\u00ed, m\u00e9n\u011b \u010dasto od pergan, skryt\u00e1. Nejstar\u0161\u00ed liter\u00e1rn\u00ed stopy se nach\u00e1zej\u00ed ve 15. stolet\u00ed u Thomase Ebendorfera z Haselbachu, kter\u00fd ve sv\u00e9 sb\u00edrce k\u00e1z\u00e1n\u00ed De decem praeceptis odsuzuje kult Perchty jako pov\u011bru, a v Thesaurus pauperum z roku 1468. Jm\u00e9no souvis\u00ed s Berchtentagem, sv\u00e1tkem Zjeven\u00ed P\u00e1n\u011b 6. ledna, kdy byla postav\u011b v\u011bnov\u00e1na zvl\u00e1\u0161tn\u00ed pozornost.<\/p><p>Jacob Grimm za\u0159adil Perchtu ve sv\u00e9 Deutsche Mythologie jako ji\u017en\u00ed p\u0159\u00edbuznou severon\u011bmeck\u00e9 pan\u00ed Holle, s n\u00ed\u017e sd\u00edl\u00ed role dohl\u00ed\u017eitelky spinuvny a ochr\u00e1nkyn\u011b zv\u00ed\u0159at; zda se jedn\u00e1 o spole\u010dnou star\u0161\u00ed postavu, nebo o paraleln\u011b vznikl\u00e9, region\u00e1ln\u011b odd\u011blen\u00e9 tradice, je ve v\u00fdzkumu diskutov\u00e1no. Star\u0161\u00ed vrstvy pov\u011bst\u00ed znaj\u00ed drastick\u00fd motiv trestu, p\u0159i n\u011bm\u017e Perchta roz\u0159ez\u00e1v\u00e1 b\u0159icho a pln\u00ed ho sl\u00e1mou nebo \u0159ezankou; v dnes vypr\u00e1v\u011bn\u00e9 a \u017eit\u00e9 alpsk\u00e9 tradici v\u0161ak jasn\u011b vystupuje do pop\u0159ed\u00ed role m\u00edrn\u00e9, by\u0165 p\u0159\u00edsn\u00e9 zkou\u0161ej\u00edc\u00ed.<\/p>\t\t\t\t\t\t\t\t<\/div>\n\t\t\t\t<\/div>\n\t\t\t\t\t<\/div>\n\t\t\t\t<\/div>\n\t\t<div class=\"elementor-element elementor-element-cf9ff8f e-flex e-con-boxed e-con e-parent\" data-id=\"cf9ff8f\" data-element_type=\"container\" data-e-type=\"container\">\n\t\t\t\t\t<div class=\"e-con-inner\">\n\t\t\t\t<div class=\"elementor-element elementor-element- elementor-widget elementor-widget-heading\" data-id=\"\" data-element_type=\"widget\" data-e-type=\"widget\" data-widget_type=\"heading.default\">\n\t\t\t\t\t<h2 class=\"elementor-heading-title elementor-size-default\">D\u011bs, kter\u00fd m\u00e1 chr\u00e1nit<\/h2>\t\t\t\t<\/div>\n\t\t<div class=\"elementor-element elementor-element- e-con-full e-flex e-con e-child\" data-id=\"\" data-element_type=\"container\" data-e-type=\"container\">\n\t\t\t\t<div class=\"elementor-element elementor-element- elementor-widget elementor-widget-text-editor\" data-id=\"\" data-element_type=\"widget\" data-e-type=\"widget\" data-widget_type=\"text-editor.default\">\n\t\t\t\t\t\t\t\t\t<p>Perchten ukazuj\u00ed vzorec, kter\u00fd se opakuje v mnoha kultur\u00e1ch: d\u011bsiv\u00e1 postava je z\u00e1rove\u0148 tou ochrannou. Hluk zvonc\u016f, d\u00e9monick\u00e1 larva, no\u010dn\u00ed pr\u016fvod nesm\u011b\u0159uj\u00ed proti lidem, ale proti tomu, co by jim mohlo ubl\u00ed\u017eit. Kdo m\u00e1 stra\u0161idelnou postavu na sv\u00e9 stran\u011b, vstupuje pos\u00edlen do nov\u00e9ho roku.<\/p><p>T\u00edm stoj\u00ed perchten v lexikonu vedle postav jako <a href=\"https:\/\/iwell-guard.com\/cs\/?page_id=146350\">Krampus<\/a>, no\u010dn\u00edch t\u00edsniv\u00fdch duch\u016f jako <a href=\"https:\/\/iwell-guard.com\/cs\/alp\/\">Alp<\/a> nebo str\u00e1\u017en\u00fdch postav jin\u00fdch kultur: strach se obrac\u00ed v ochranu.<\/p>\t\t\t\t\t\t\t\t<\/div>\n\t\t\t\t<\/div>\n\t\t\t\t\t<\/div>\n\t\t\t\t<\/div>\n\t\t<div class=\"elementor-element elementor-element-5a584676 e-flex e-con-boxed e-con e-parent\" data-id=\"5a584676\" data-element_type=\"container\" data-e-type=\"container\">\n\t\t\t\t\t<div class=\"e-con-inner\">\n\t\t\t\t<div class=\"elementor-element elementor-element-6d0757bf elementor-widget elementor-widget-heading\" data-id=\"6d0757bf\" data-element_type=\"widget\" data-e-type=\"widget\" data-widget_type=\"heading.default\">\n\t\t\t\t\t<h2 class=\"elementor-heading-title elementor-size-default\">Perchtenlauf a modern\u00ed p\u0159ehodnocen\u00ed<\/h2>\t\t\t\t<\/div>\n\t\t<div class=\"elementor-element elementor-element-60563f68 e-con-full e-flex e-con e-child\" data-id=\"60563f68\" data-element_type=\"container\" data-e-type=\"container\">\n\t\t\t\t<div class=\"elementor-element elementor-element-5a93fdd6 elementor-widget elementor-widget-text-editor\" data-id=\"5a93fdd6\" data-element_type=\"widget\" data-e-type=\"widget\" data-widget_type=\"text-editor.default\">\n\t\t\t\t\t\t\t\t\t<p>Perchta z\u016fstala v alpsk\u00e9 oblasti \u017eiv\u00e1 p\u0159edev\u0161\u00edm d\u00edky perchtenlaufu (Perchtenlauf), kter\u00fd se dodnes konf\u00e1 o Silvestru a kolem 6. ledna v Salcburku, Tyrolsku a p\u0159ilehl\u00fdch regionech. V lidov\u00e9 a esoterick\u00e9 literatu\u0159e sou\u010dasnosti je \u010dasto p\u0159etv\u00e1\u0159ena v bohyni rauhnacht\u016f a ro\u010dn\u00edch obdob\u00ed, co\u017e je v\u00fdklad, kter\u00fd se odchyluje od star\u0161\u00ed, p\u0159\u00edsn\u011bj\u0161\u00ed lidov\u00e9 pov\u011bsti.<\/p><p>Perchta pat\u0159\u00ed mezi tzv. sez\u00f3nn\u00ed d\u00e9monky, jejich\u017e objeven\u00ed je v\u00e1z\u00e1no na p\u0159echod mezi roky a kter\u00e9 z\u00e1rove\u0148 zt\u011bles\u0148uj\u00ed kontrolu i plodnost. Dvoj\u00ed podoba, kr\u00e1sn\u00e1 i o\u0161kliv\u00e1, m\u016f\u017ee b\u00fdt \u010dtena jako personifikace odm\u011bny a trestu, zasazen\u00e1 do hospoda\u0159en\u00ed dom\u00e1cnosti, v n\u011bm\u017e byly p\u0159eden\u00ed a po\u0159\u00e1dek kl\u00ed\u010dov\u00fdmi hodnotami. C\u00edrkevn\u00ed odsouzen\u00ed kultu Perchty od 15. stolet\u00ed ukazuje, \u017ee tato postava byla dlouho vn\u00edm\u00e1na jako poz\u016fstatek p\u0159edk\u0159es\u0165ansk\u00fdch p\u0159edstav, i kdy\u017e nep\u0159eru\u0161enou kontinuitu kultu z pozdn\u00edch pramen\u016f nelze dok\u00e1zat.<\/p>\t\t\t\t\t\t\t\t<\/div>\n\t\t\t\t<\/div>\n\t\t\t\t\t<\/div>\n\t\t\t\t<\/div>\n\t\t<div class=\"elementor-element elementor-element-337f328 e-flex e-con-boxed e-con e-parent\" data-id=\"337f328\" data-element_type=\"container\" data-e-type=\"container\">\n\t\t\t\t\t<div class=\"e-con-inner\">\n\t\t\t\t<div class=\"elementor-element elementor-element- elementor-widget elementor-widget-heading\" data-id=\"\" data-element_type=\"widget\" data-e-type=\"widget\" data-widget_type=\"heading.default\">\n\t\t\t\t\t<h2 class=\"elementor-heading-title elementor-size-default\">D\u011bs, kter\u00fd m\u00e1 chr\u00e1nit<\/h2>\t\t\t\t<\/div>\n\t\t<div class=\"elementor-element elementor-element- e-con-full e-flex e-con e-child\" data-id=\"\" data-element_type=\"container\" data-e-type=\"container\">\n\t\t\t\t<div class=\"elementor-element elementor-element- elementor-widget elementor-widget-text-editor\" data-id=\"\" data-element_type=\"widget\" data-e-type=\"widget\" data-widget_type=\"text-editor.default\">\n\t\t\t\t\t\t\t\t\t<p>Perchten ukazuj\u00ed vzorec, kter\u00fd se opakuje v mnoha kultur\u00e1ch: d\u011bsiv\u00e1 postava je z\u00e1rove\u0148 tou ochrannou. Hluk zvonc\u016f, d\u00e9monick\u00e1 larva, no\u010dn\u00ed pr\u016fvod nesm\u011b\u0159uj\u00ed proti lidem, ale proti tomu, co by jim mohlo ubl\u00ed\u017eit. Kdo m\u00e1 stra\u0161idelnou postavu na sv\u00e9 stran\u011b, vstupuje pos\u00edlen do nov\u00e9ho roku.<\/p><p>T\u00edm stoj\u00ed perchten v lexikonu vedle postav jako <a href=\"https:\/\/iwell-guard.com\/cs\/?page_id=146350\">Krampus<\/a>, no\u010dn\u00edch t\u00edsniv\u00fdch duch\u016f jako <a href=\"https:\/\/iwell-guard.com\/cs\/alp\/\">Alp<\/a> nebo str\u00e1\u017en\u00fdch postav jin\u00fdch kultur: strach se obrac\u00ed v ochranu.<\/p>\t\t\t\t\t\t\t\t<\/div>\n\t\t\t\t<\/div>\n\t\t\t\t\t<\/div>\n\t\t\t\t<\/div>\n\t\t<div class=\"elementor-element elementor-element-e89e661 e-flex e-con-boxed e-con e-parent\" data-id=\"e89e661\" data-element_type=\"container\" data-e-type=\"container\">\n\t\t\t\t\t<div class=\"e-con-inner\">\n\t\t\t\t<div class=\"elementor-element elementor-element- elementor-widget elementor-widget-heading\" data-id=\"\" data-element_type=\"widget\" data-e-type=\"widget\" data-widget_type=\"heading.default\">\n\t\t\t\t\t<h2 class=\"elementor-heading-title elementor-size-default\">D\u011bs, kter\u00fd m\u00e1 chr\u00e1nit<\/h2>\t\t\t\t<\/div>\n\t\t<div class=\"elementor-element elementor-element- e-con-full e-flex e-con e-child\" data-id=\"\" data-element_type=\"container\" data-e-type=\"container\">\n\t\t\t\t<div class=\"elementor-element elementor-element- elementor-widget elementor-widget-text-editor\" data-id=\"\" data-element_type=\"widget\" data-e-type=\"widget\" data-widget_type=\"text-editor.default\">\n\t\t\t\t\t\t\t\t\t<p>Perchten ukazuj\u00ed vzorec, kter\u00fd se opakuje v mnoha kultur\u00e1ch: d\u011bsiv\u00e1 postava je z\u00e1rove\u0148 tou ochrannou. Hluk zvonc\u016f, d\u00e9monick\u00e1 larva, no\u010dn\u00ed pr\u016fvod nesm\u011b\u0159uj\u00ed proti lidem, ale proti tomu, co by jim mohlo ubl\u00ed\u017eit. Kdo m\u00e1 stra\u0161idelnou postavu na sv\u00e9 stran\u011b, vstupuje pos\u00edlen do nov\u00e9ho roku.<\/p><p>T\u00edm stoj\u00ed perchten v lexikonu vedle postav jako <a href=\"https:\/\/iwell-guard.com\/cs\/?page_id=146350\">Krampus<\/a>, no\u010dn\u00edch t\u00edsniv\u00fdch duch\u016f jako <a href=\"https:\/\/iwell-guard.com\/cs\/alp\/\">Alp<\/a> nebo str\u00e1\u017en\u00fdch postav jin\u00fdch kultur: strach se obrac\u00ed v ochranu.<\/p>\t\t\t\t\t\t\t\t<\/div>\n\t\t\t\t<\/div>\n\t\t\t\t\t<\/div>\n\t\t\t\t<\/div>\n\t\t<div class=\"elementor-element elementor-element-de94d99 e-flex e-con-boxed e-con e-parent\" data-id=\"de94d99\" data-element_type=\"container\" data-e-type=\"container\">\n\t\t\t\t\t<div class=\"e-con-inner\">\n\t\t\t\t<div class=\"elementor-element elementor-element- elementor-widget elementor-widget-heading\" data-id=\"\" data-element_type=\"widget\" data-e-type=\"widget\" data-widget_type=\"heading.default\">\n\t\t\t\t\t<h2 class=\"elementor-heading-title elementor-size-default\">D\u011bs, kter\u00fd m\u00e1 chr\u00e1nit<\/h2>\t\t\t\t<\/div>\n\t\t<div class=\"elementor-element elementor-element- e-con-full e-flex e-con e-child\" data-id=\"\" data-element_type=\"container\" data-e-type=\"container\">\n\t\t\t\t<div class=\"elementor-element elementor-element- elementor-widget elementor-widget-text-editor\" data-id=\"\" data-element_type=\"widget\" data-e-type=\"widget\" data-widget_type=\"text-editor.default\">\n\t\t\t\t\t\t\t\t\t<p>Perchten ukazuj\u00ed vzorec, kter\u00fd se opakuje v mnoha kultur\u00e1ch: d\u011bsiv\u00e1 postava je z\u00e1rove\u0148 tou ochrannou. Hluk zvonc\u016f, d\u00e9monick\u00e1 larva, no\u010dn\u00ed pr\u016fvod nesm\u011b\u0159uj\u00ed proti lidem, ale proti tomu, co by jim mohlo ubl\u00ed\u017eit. Kdo m\u00e1 stra\u0161idelnou postavu na sv\u00e9 stran\u011b, vstupuje pos\u00edlen do nov\u00e9ho roku.<\/p><p>T\u00edm stoj\u00ed perchten v lexikonu vedle postav jako <a href=\"https:\/\/iwell-guard.com\/cs\/?page_id=146350\">Krampus<\/a>, no\u010dn\u00edch t\u00edsniv\u00fdch duch\u016f jako <a href=\"https:\/\/iwell-guard.com\/cs\/alp\/\">Alp<\/a> nebo str\u00e1\u017en\u00fdch postav jin\u00fdch kultur: strach se obrac\u00ed v ochranu.<\/p>\t\t\t\t\t\t\t\t<\/div>\n\t\t\t\t<\/div>\n\t\t\t\t\t<\/div>\n\t\t\t\t<\/div>\n\t\t<div class=\"elementor-element elementor-element-16c1f9d e-flex e-con-boxed e-con e-parent\" data-id=\"16c1f9d\" data-element_type=\"container\" data-e-type=\"container\">\n\t\t\t\t\t<div class=\"e-con-inner\">\n\t\t\t\t<div class=\"elementor-element elementor-element- elementor-widget elementor-widget-heading\" data-id=\"\" data-element_type=\"widget\" data-e-type=\"widget\" data-widget_type=\"heading.default\">\n\t\t\t\t\t<h2 class=\"elementor-heading-title elementor-size-default\">D\u011bs, kter\u00fd m\u00e1 chr\u00e1nit<\/h2>\t\t\t\t<\/div>\n\t\t<div class=\"elementor-element elementor-element- e-con-full e-flex e-con e-child\" data-id=\"\" data-element_type=\"container\" data-e-type=\"container\">\n\t\t\t\t<div class=\"elementor-element elementor-element- elementor-widget elementor-widget-text-editor\" data-id=\"\" data-element_type=\"widget\" data-e-type=\"widget\" data-widget_type=\"text-editor.default\">\n\t\t\t\t\t\t\t\t\t<p>Perchten ukazuj\u00ed vzorec, kter\u00fd se opakuje v mnoha kultur\u00e1ch: d\u011bsiv\u00e1 postava je z\u00e1rove\u0148 tou ochrannou. Hluk zvonc\u016f, d\u00e9monick\u00e1 larva, no\u010dn\u00ed pr\u016fvod nesm\u011b\u0159uj\u00ed proti lidem, ale proti tomu, co by jim mohlo ubl\u00ed\u017eit. Kdo m\u00e1 stra\u0161idelnou postavu na sv\u00e9 stran\u011b, vstupuje pos\u00edlen do nov\u00e9ho roku.<\/p><p>T\u00edm stoj\u00ed perchten v lexikonu vedle postav jako <a href=\"https:\/\/iwell-guard.com\/cs\/?page_id=146350\">Krampus<\/a>, no\u010dn\u00edch t\u00edsniv\u00fdch duch\u016f jako <a href=\"https:\/\/iwell-guard.com\/cs\/alp\/\">Alp<\/a> nebo str\u00e1\u017en\u00fdch postav jin\u00fdch kultur: strach se obrac\u00ed v ochranu.<\/p>\t\t\t\t\t\t\t\t<\/div>\n\t\t\t\t<\/div>\n\t\t\t\t\t<\/div>\n\t\t\t\t<\/div>\n\t\t<div class=\"elementor-element elementor-element-61aefbe e-flex e-con-boxed e-con e-parent\" data-id=\"61aefbe\" data-element_type=\"container\" data-e-type=\"container\">\n\t\t\t\t\t<div class=\"e-con-inner\">\n\t\t\t\t<div class=\"elementor-element elementor-element- elementor-widget elementor-widget-heading\" data-id=\"\" data-element_type=\"widget\" data-e-type=\"widget\" data-widget_type=\"heading.default\">\n\t\t\t\t\t<h2 class=\"elementor-heading-title elementor-size-default\">D\u011bs, kter\u00fd m\u00e1 chr\u00e1nit<\/h2>\t\t\t\t<\/div>\n\t\t<div class=\"elementor-element elementor-element- e-con-full e-flex e-con e-child\" data-id=\"\" data-element_type=\"container\" data-e-type=\"container\">\n\t\t\t\t<div class=\"elementor-element elementor-element- elementor-widget elementor-widget-text-editor\" data-id=\"\" data-element_type=\"widget\" data-e-type=\"widget\" data-widget_type=\"text-editor.default\">\n\t\t\t\t\t\t\t\t\t<p>Perchten ukazuj\u00ed vzorec, kter\u00fd se opakuje v mnoha kultur\u00e1ch: d\u011bsiv\u00e1 postava je z\u00e1rove\u0148 tou ochrannou. Hluk zvonc\u016f, d\u00e9monick\u00e1 larva, no\u010dn\u00ed pr\u016fvod nesm\u011b\u0159uj\u00ed proti lidem, ale proti tomu, co by jim mohlo ubl\u00ed\u017eit. Kdo m\u00e1 stra\u0161idelnou postavu na sv\u00e9 stran\u011b, vstupuje pos\u00edlen do nov\u00e9ho roku.<\/p><p>T\u00edm stoj\u00ed perchten v lexikonu vedle postav jako <a href=\"https:\/\/iwell-guard.com\/cs\/?page_id=146350\">Krampus<\/a>, no\u010dn\u00edch t\u00edsniv\u00fdch duch\u016f jako <a href=\"https:\/\/iwell-guard.com\/cs\/alp\/\">Alp<\/a> nebo str\u00e1\u017en\u00fdch postav jin\u00fdch kultur: strach se obrac\u00ed v ochranu.<\/p>\t\t\t\t\t\t\t\t<\/div>\n\t\t\t\t<\/div>\n\t\t\t\t\t<\/div>\n\t\t\t\t<\/div>\n\t\t<div class=\"elementor-element elementor-element-7ec5e0e e-flex e-con-boxed e-con e-parent\" data-id=\"7ec5e0e\" data-element_type=\"container\" data-e-type=\"container\">\n\t\t\t\t\t<div class=\"e-con-inner\">\n\t\t\t\t<div class=\"elementor-element elementor-element- elementor-widget elementor-widget-heading\" data-id=\"\" data-element_type=\"widget\" data-e-type=\"widget\" data-widget_type=\"heading.default\">\n\t\t\t\t\t<h2 class=\"elementor-heading-title elementor-size-default\">D\u011bs, kter\u00fd m\u00e1 chr\u00e1nit<\/h2>\t\t\t\t<\/div>\n\t\t<div class=\"elementor-element elementor-element- e-con-full e-flex e-con e-child\" data-id=\"\" data-element_type=\"container\" data-e-type=\"container\">\n\t\t\t\t<div class=\"elementor-element elementor-element- elementor-widget elementor-widget-text-editor\" data-id=\"\" data-element_type=\"widget\" data-e-type=\"widget\" data-widget_type=\"text-editor.default\">\n\t\t\t\t\t\t\t\t\t<p>Perchten ukazuj\u00ed vzorec, kter\u00fd se opakuje v mnoha kultur\u00e1ch: d\u011bsiv\u00e1 postava je z\u00e1rove\u0148 tou ochrannou. Hluk zvonc\u016f, d\u00e9monick\u00e1 larva, no\u010dn\u00ed pr\u016fvod nesm\u011b\u0159uj\u00ed proti lidem, ale proti tomu, co by jim mohlo ubl\u00ed\u017eit. Kdo m\u00e1 stra\u0161idelnou postavu na sv\u00e9 stran\u011b, vstupuje pos\u00edlen do nov\u00e9ho roku.<\/p><p>T\u00edm stoj\u00ed perchten v lexikonu vedle postav jako <a href=\"https:\/\/iwell-guard.com\/cs\/?page_id=146350\">Krampus<\/a>, no\u010dn\u00edch t\u00edsniv\u00fdch duch\u016f jako <a href=\"https:\/\/iwell-guard.com\/cs\/alp\/\">Alp<\/a> nebo str\u00e1\u017en\u00fdch postav jin\u00fdch kultur: strach se obrac\u00ed v ochranu.<\/p>\t\t\t\t\t\t\t\t<\/div>\n\t\t\t\t<\/div>\n\t\t\t\t\t<\/div>\n\t\t\t\t<\/div>\n\t\t<div class=\"elementor-element elementor-element-cp9a031aa e-flex e-con-boxed e-con e-parent\" data-id=\"cp9a031aa\" data-element_type=\"container\" data-e-type=\"container\">\n\t\t\t\t\t<div class=\"e-con-inner\">\n\t\t\t\t<div class=\"elementor-element elementor-element-cp9193514 elementor-widget elementor-widget-heading\" data-id=\"cp9193514\" data-element_type=\"widget\" data-e-type=\"widget\" data-widget_type=\"heading.default\">\n\t\t\t\t\t<h2 class=\"elementor-heading-title elementor-size-default\">Pracovitost, po\u0159\u00e1dek a ochrana prahu<\/h2>\t\t\t\t<\/div>\n\t\t<div class=\"elementor-element elementor-element-cp02ca0ee e-con-full e-flex e-con e-child\" data-id=\"cp02ca0ee\" data-element_type=\"container\" data-e-type=\"container\">\n\t\t\t\t<div class=\"elementor-element elementor-element-cp444e0f1 elementor-widget elementor-widget-text-editor\" data-id=\"cp444e0f1\" data-element_type=\"widget\" data-e-type=\"widget\" data-widget_type=\"text-editor.default\">\n\t\t\t\t\t\t\t\t\t<p>Kdo se podle tradice ob\u00e1val Perchtiny zkou\u0161ky, mohl se chr\u00e1nit p\u0159edev\u0161\u00edm p\u00edl\u00ed a po\u0159\u00e1dkem: uklizen\u00e9 p\u0159eslice, uklizen\u00e9 sv\u011btnice a chl\u00e9vy p\u0159ed kritickou noc\u00ed platily za nej\u00fa\u010dinn\u011bj\u0161\u00ed prevenci. Krom\u011b toho se b\u011bhem Rauhn\u00e4chte praktikovalo oku\u0159ov\u00e1n\u00ed m\u00edstnost\u00ed kadidlem, aby se vzduch o\u010distil od bloud\u00edc\u00edch duch\u016f, d\u00e1le za\u0159\u00edk\u00e1vac\u00ed formule a modlitby pron\u00e1\u0161en\u00e9 na prahu. K tradi\u010dn\u00edm ochrann\u00fdm prost\u0159edk\u016fm proti hroziv\u011bj\u0161\u00ed podob\u011b Percht pat\u0159ilo tak\u00e9 takzvan\u00e9 zamlouv\u00e1n\u00ed, ritu\u00e1ln\u00ed p\u0159edn\u00e1\u0161en\u00ed pevn\u00fdch formul\u00ed zku\u0161en\u00fdmi osobami.<\/p>\t\t\t\t\t\t\t\t<\/div>\n\t\t\t\t<\/div>\n\t\t\t\t\t<\/div>\n\t\t\t\t<\/div>\n\t\t<div class=\"elementor-element elementor-element-258586c e-flex e-con-boxed e-con e-parent\" data-id=\"258586c\" data-element_type=\"container\" data-e-type=\"container\">\n\t\t\t\t\t<div class=\"e-con-inner\">\n\t\t\t\t<div class=\"elementor-element elementor-element- elementor-widget elementor-widget-heading\" data-id=\"\" data-element_type=\"widget\" data-e-type=\"widget\" data-widget_type=\"heading.default\">\n\t\t\t\t\t<h2 class=\"elementor-heading-title elementor-size-default\">D\u011bs, kter\u00fd m\u00e1 chr\u00e1nit<\/h2>\t\t\t\t<\/div>\n\t\t<div class=\"elementor-element elementor-element- e-con-full e-flex e-con e-child\" data-id=\"\" data-element_type=\"container\" data-e-type=\"container\">\n\t\t\t\t<div class=\"elementor-element elementor-element- elementor-widget elementor-widget-text-editor\" data-id=\"\" data-element_type=\"widget\" data-e-type=\"widget\" data-widget_type=\"text-editor.default\">\n\t\t\t\t\t\t\t\t\t<p>Perchten ukazuj\u00ed vzorec, kter\u00fd se opakuje v mnoha kultur\u00e1ch: d\u011bsiv\u00e1 postava je z\u00e1rove\u0148 tou ochrannou. Hluk zvonc\u016f, d\u00e9monick\u00e1 larva, no\u010dn\u00ed pr\u016fvod nesm\u011b\u0159uj\u00ed proti lidem, ale proti tomu, co by jim mohlo ubl\u00ed\u017eit. Kdo m\u00e1 stra\u0161idelnou postavu na sv\u00e9 stran\u011b, vstupuje pos\u00edlen do nov\u00e9ho roku.<\/p><p>T\u00edm stoj\u00ed perchten v lexikonu vedle postav jako <a href=\"https:\/\/iwell-guard.com\/cs\/?page_id=146350\">Krampus<\/a>, no\u010dn\u00edch t\u00edsniv\u00fdch duch\u016f jako <a href=\"https:\/\/iwell-guard.com\/cs\/alp\/\">Alp<\/a> nebo str\u00e1\u017en\u00fdch postav jin\u00fdch kultur: strach se obrac\u00ed v ochranu.<\/p>\t\t\t\t\t\t\t\t<\/div>\n\t\t\t\t<\/div>\n\t\t\t\t\t<\/div>\n\t\t\t\t<\/div>\n\t\t<div class=\"elementor-element elementor-element-cp11de5b2 e-flex e-con-boxed e-con e-parent\" data-id=\"cp11de5b2\" data-element_type=\"container\" data-e-type=\"container\">\n\t\t\t\t\t<div class=\"e-con-inner\">\n\t\t\t\t<div class=\"elementor-element elementor-element-cp8d35271 elementor-widget elementor-widget-heading\" data-id=\"cp8d35271\" data-element_type=\"widget\" data-e-type=\"widget\" data-widget_type=\"heading.default\">\n\t\t\t\t\t<h2 class=\"elementor-heading-title elementor-size-default\">Trestaj\u00edc\u00ed dom\u00e1c\u00ed duchov\u00e9 a no\u010dn\u00ed \u017eensk\u00e9 pr\u016fvody<\/h2>\t\t\t\t<\/div>\n\t\t<div class=\"elementor-element elementor-element-cp02f26b8 e-con-full e-flex e-con e-child\" data-id=\"cp02f26b8\" data-element_type=\"container\" data-e-type=\"container\">\n\t\t\t\t<div class=\"elementor-element elementor-element-cp58c4390 elementor-widget elementor-widget-text-editor\" data-id=\"cp58c4390\" data-element_type=\"widget\" data-e-type=\"widget\" data-widget_type=\"text-editor.default\">\n\t\t\t\t\t\t\t\t\t<p>Ve v\u00fdchodoslovansk\u00e9 tradici zast\u00e1v\u00e1 podobnou roli dom\u00e1c\u00edho ducha <a href=\"https:\/\/iwell-guard.com\/cs\/kikimora\/\">Kikimora<\/a>, kter\u00e1 trest\u00e1 nedbalost p\u0159i p\u0159eden\u00ed a veden\u00ed dom\u00e1cnosti, i kdy\u017e s v\u00fdrazn\u011b d\u011bsiv\u011bj\u0161\u00edm zabarven\u00edm ne\u017e alpsk\u00e1 Perchta. Star\u0161\u00ed, c\u00edrkevn\u011b dochovan\u00e1 paralela se nach\u00e1z\u00ed v Canon Episcopi z 10. stolet\u00ed, kter\u00fd vypr\u00e1v\u00ed o \u017een\u00e1ch v\u011b\u0159\u00edc\u00edch, \u017ee v noci jezd\u00ed s \u0159\u00edmskou bohyn\u00ed <a href=\"https:\/\/iwell-guard.com\/cs\/diana\/\">Dianou<\/a>; tato p\u0159edstava no\u010dn\u00edho \u017eensk\u00e9ho pr\u016fvodu b\u00fdv\u00e1 ve v\u00fdzkumu \u010dasto spojov\u00e1na s pozd\u011bj\u0161\u00edmi pov\u011bstmi o Percht\u011b a Hold\u011b. V r\u00e1mci alpsk\u00e9ho prostoru je za dal\u0161\u00ed p\u0159\u00edbuznou ochrannou a p\u0159\u00edrodn\u00ed bytost pova\u017eov\u00e1na <a href=\"https:\/\/iwell-guard.com\/cs\/salige-frau\/\">Salige Frau<\/a>.<\/p>\t\t\t\t\t\t\t\t<\/div>\n\t\t\t\t<\/div>\n\t\t\t\t\t<\/div>\n\t\t\t\t<\/div>\n\t\t<div class=\"elementor-element elementor-element-cp406577c e-flex e-con-boxed e-con e-parent\" data-id=\"cp406577c\" data-element_type=\"container\" data-e-type=\"container\">\n\t\t\t\t\t<div class=\"e-con-inner\">\n\t\t\t\t<div class=\"elementor-element elementor-element-cpdd9c543 elementor-widget elementor-widget-heading\" data-id=\"cpdd9c543\" data-element_type=\"widget\" data-e-type=\"widget\" data-widget_type=\"heading.default\">\n\t\t\t\t\t<h2 class=\"elementor-heading-title elementor-size-default\">\u010cast\u00e9 dotazy o pan\u00ed Percht\u011b<\/h2>\t\t\t\t<\/div>\n\t\t<div class=\"elementor-element elementor-element-cp9e731bb e-con-full e-flex e-con e-child\" data-id=\"cp9e731bb\" data-element_type=\"container\" data-e-type=\"container\">\n\t\t\t\t<div class=\"elementor-element elementor-element-cpa7c898c elementor-widget elementor-widget-text-editor\" data-id=\"cpa7c898c\" data-element_type=\"widget\" data-e-type=\"widget\" data-widget_type=\"text-editor.default\">\n\t\t\t\t\t\t\t\t\t<p><strong>Je pan\u00ed Perchta tot\u00e9\u017e co pan\u00ed Holle?<\/strong><\/p><p>Ob\u011b postavy sd\u00edlej\u00ed z\u00e1sadn\u00ed funkce, nap\u0159\u00edklad dohled nad p\u0159eden\u00edm a v\u00e1zanost na Rauhn\u00e4chte. Jacob Grimm popsal Perchtu jako ji\u017en\u00ed p\u0159\u00edbuznou Holle, zda za t\u00edm stoj\u00ed spole\u010dn\u00e1 prapostava nebo dv\u011b samostatn\u00e9 region\u00e1ln\u00ed tradice, nen\u00ed ve v\u00fdzkumu jednozna\u010dn\u011b vy\u0159e\u0161eno.<\/p><p><strong>Pro\u010d m\u00e1 Perchta dv\u011b tak odli\u0161n\u00e9 podoby?<\/strong><\/p><p>Kr\u00e1sn\u00e1 a vyz\u00e1bl\u00e1 podoba p\u0159edstavuj\u00ed dv\u011b str\u00e1nky jej\u00ed funkce: odm\u011bnu za p\u00edli a napomenut\u00ed za nedbalost. Toto zdvojen\u00ed p\u0159etrv\u00e1v\u00e1 dodnes v pr\u016fvodu percht\u016f v podob\u011b kr\u00e1sn\u00fdch a o\u0161kliv\u00fdch masek.<\/p><p><strong>Kdy p\u0159esn\u011b se Perchta objevuje?<\/strong><\/p><p>T\u011b\u017ei\u0161t\u011b le\u017e\u00ed na dvan\u00e1cti Rauhn\u00e4chte mezi V\u00e1nocemi a T\u0159emi kr\u00e1li, se zvl\u00e1\u0161tn\u00edm d\u016frazem na noc p\u0159ed 6. lednem, star\u00fd den Berchty. V t\u00e9to dob\u011b m\u011bly podle pov\u011bsti odpo\u010d\u00edvat pr\u00e1ce s p\u0159eslic\u00ed a d\u016fm i statek m\u011bly b\u00fdt uvedeny do po\u0159\u00e1dku.<\/p><p><strong>Co znamenaj\u00ed perchtov\u00e9?<\/strong><\/p><p>Perchtov\u00e9 jsou maskovan\u00e9 postavy Rauhn\u00e4chte v alpsk\u00e9 oblasti. Zt\u011bles\u0148uj\u00ed dvoj\u00ed charakter p\u0159elomu roku: Schiachperchten hlukem a d\u011bsem vyh\u00e1n\u011bj\u00ed ne\u0161t\u011bst\u00ed star\u00e9ho roku, Sch\u00f6nperchten p\u0159in\u00e1\u0161ej\u00ed \u0161t\u011bst\u00ed a po\u017eehn\u00e1n\u00ed pro nov\u00fd. Jm\u00e9no se odvozuje od Giperchtennacht, z\u00e1\u0159iv\u00e9 noci p\u0159ed sv\u00e1tkem T\u0159\u00ed kr\u00e1l\u016f.<\/p><p><strong>Jak\u00fd je rozd\u00edl mezi perchty a Krampusem?<\/strong><\/p><p>Krampus je trestaj\u00edc\u00ed spole\u010dn\u00edk svat\u00e9ho Mikul\u00e1\u0161e a chod\u00ed 5. a 6. prosince. Perchtov\u00e9 vystupuj\u00ed samostatn\u011b a pat\u0159\u00ed do Rauhn\u00e4chte kolem 6. ledna. Dnes se oba zvyky v komer\u010dn\u00edch pr\u016fvodech m\u00eds\u00ed, tradi\u010dn\u011b jsou term\u00edn i role jasn\u011b odd\u011bleny.<\/p><p><strong>Odkud poch\u00e1z\u00ed zvyk percht\u016f?<\/strong><\/p><p>Zvyk poch\u00e1z\u00ed z alpsk\u00e9 oblasti, p\u0159edev\u0161\u00edm z Rakouska, Star\u00e9ho Bavorska a Ji\u017en\u00edho Tyrolska. Postava Percht je dolo\u017eena od pozdn\u00edho st\u0159edov\u011bku, jm\u00e9no ji\u017e z 11. stolet\u00ed. Zda za t\u00edm stoj\u00ed p\u0159edk\u0159es\u0165ansk\u00e9 obch\u016fzkov\u00e9 zvyky, je ve v\u00fdzkumu sporn\u00e9. Pongausk\u00fd pr\u016fvod percht\u016f je dolo\u017eiteln\u00fd od doby p\u0159ed rokem 1850.<\/p><p><strong>Jak se percht\u016fm je\u0161t\u011b \u0159\u00edk\u00e1?<\/strong><\/p><p>Podle jejich vzhledu se rozli\u0161uj\u00ed Sch\u00f6nperchten a Schiachperchten. Mezi region\u00e1ln\u00ed n\u00e1zvy t\u00e9to postavy pat\u0159\u00ed mimo jin\u00e9 Bechtra, B\u00e4rigl, Rauweib a Pudelfrau. P\u0159\u00edbuzn\u00fdmi zvl\u00e1\u0161tn\u00edmi formami jsou Gl\u00f6ckler v Salzkammergutu, Tresterer v Pinzgau a Schnabelperchten v Raurisu.<\/p>\t\t\t\t\t\t\t\t<\/div>\n\t\t\t\t<div class=\"elementor-element elementor-element-78e8854 elementor-widget elementor-widget-html\" data-id=\"78e8854\" data-element_type=\"widget\" data-e-type=\"widget\" data-widget_type=\"html.default\">\n\t\t\t\t\t<script type=\"application\/ld+json\">{\"@context\": \"https:\/\/schema.org\", \"@type\": \"FAQPage\", \"mainEntity\": [{\"@type\": \"Question\", \"name\": \"Je pan\u00ed Perchta tot\u00e9\u017e jako pan\u00ed Holle?\", \"acceptedAnswer\": {\"@type\": \"Answer\", \"text\": \"Ob\u011b postavy sd\u00edlej\u00ed z\u00e1sadn\u00ed funkce, nap\u0159\u00edklad dohled nad p\u0159eden\u00edm a v\u00e1zanost na Rauhn\u00e4chte. Jacob Grimm popsal Perchtu jako ji\u017en\u00ed p\u0159\u00edbuznou Holle, zda za t\u00edm stoj\u00ed spole\u010dn\u00e1 prapostava nebo dv\u011b samostatn\u00e9 region\u00e1ln\u00ed tradice, nen\u00ed ve v\u00fdzkumu jednozna\u010dn\u011b vy\u0159e\u0161eno.\"}}, {\"@type\": \"Question\", \"name\": \"Pro\u010d m\u00e1 Perchta dv\u011b tak odli\u0161n\u00e9 podoby?\", \"acceptedAnswer\": {\"@type\": \"Answer\", \"text\": \"Kr\u00e1sn\u00e1 a vyz\u00e1bl\u00e1 podoba p\u0159edstavuj\u00ed dv\u011b str\u00e1nky jej\u00ed funkce: odm\u011bnu za p\u00edli a napomenut\u00ed za nedbalost. Toto zdvojen\u00ed p\u0159etrv\u00e1v\u00e1 dodnes v pr\u016fvodu percht\u016f v podob\u011b kr\u00e1sn\u00fdch a o\u0161kliv\u00fdch masek.\"}}, {\"@type\": \"Question\", \"name\": \"Kdy p\u0159esn\u011b se Perchta objevuje?\", \"acceptedAnswer\": {\"@type\": \"Answer\", \"text\": \"T\u011b\u017ei\u0161t\u011b le\u017e\u00ed na dvan\u00e1cti Rauhn\u00e4chte mezi V\u00e1nocemi a T\u0159emi kr\u00e1li, se zvl\u00e1\u0161tn\u00edm d\u016frazem na noc p\u0159ed 6. lednem, star\u00fd den Berchty. V t\u00e9to dob\u011b m\u011bly podle pov\u011bsti odpo\u010d\u00edvat pr\u00e1ce s p\u0159eslic\u00ed a d\u016fm i statek m\u011bly b\u00fdt uvedeny do po\u0159\u00e1dku.\"}}, {\"@type\": \"Question\", \"name\": \"Co znamenaj\u00ed perchty?\", \"acceptedAnswer\": {\"@type\": \"Answer\", \"text\": \"Perchtov\u00e9 jsou maskovan\u00e9 postavy Rauhn\u00e4chte v alpsk\u00e9 oblasti. Zt\u011bles\u0148uj\u00ed dvoj\u00ed charakter p\u0159elomu roku: Schiachperchten hlukem a d\u011bsem vyh\u00e1n\u011bj\u00ed ne\u0161t\u011bst\u00ed star\u00e9ho roku, Sch\u00f6nperchten p\u0159in\u00e1\u0161ej\u00ed \u0161t\u011bst\u00ed a po\u017eehn\u00e1n\u00ed pro nov\u00fd. Jm\u00e9no se odvozuje od Giperchtennacht, z\u00e1\u0159iv\u00e9 noci p\u0159ed sv\u00e1tkem T\u0159\u00ed kr\u00e1l\u016f.\"}}, {\"@type\": \"Question\", \"name\": \"Jak\u00fd je rozd\u00edl mezi perchtami a Krampusem?\", \"acceptedAnswer\": {\"@type\": \"Answer\", \"text\": \"Krampus je trestaj\u00edc\u00ed spole\u010dn\u00edk svat\u00e9ho Mikul\u00e1\u0161e a chod\u00ed 5. a 6. prosince. Perchtov\u00e9 vystupuj\u00ed samostatn\u011b a pat\u0159\u00ed do Rauhn\u00e4chte kolem 6. ledna. Dnes se oba zvyky v komer\u010dn\u00edch pr\u016fvodech m\u00eds\u00ed, tradi\u010dn\u011b jsou term\u00edn i role jasn\u011b odd\u011bleny.\"}}, {\"@type\": \"Question\", \"name\": \"Odkud poch\u00e1z\u00ed zvyk perchten?\", \"acceptedAnswer\": {\"@type\": \"Answer\", \"text\": \"Zvyk poch\u00e1z\u00ed z alpsk\u00e9 oblasti, p\u0159edev\u0161\u00edm z Rakouska, Star\u00e9ho Bavorska a Ji\u017en\u00edho Tyrolska. Postava Percht je dolo\u017eena od pozdn\u00edho st\u0159edov\u011bku, jm\u00e9no ji\u017e z 11. stolet\u00ed. Zda za t\u00edm stoj\u00ed p\u0159edk\u0159es\u0165ansk\u00e9 obch\u016fzkov\u00e9 zvyky, je ve v\u00fdzkumu sporn\u00e9. Pongausk\u00fd pr\u016fvod percht\u016f je dolo\u017eiteln\u00fd od doby p\u0159ed rokem 1850.\"}}, {\"@type\": \"Question\", \"name\": \"Jak se je\u0161t\u011b naz\u00fdvaj\u00ed perchty?\", \"acceptedAnswer\": {\"@type\": \"Answer\", \"text\": \"Podle vzhledu se rozli\u0161uj\u00ed sch\u00f6nperchten a schiachperchten. Mezi region\u00e1ln\u00ed n\u00e1zvy postavy pat\u0159\u00ed nap\u0159\u00edklad Bechtra, B\u00e4rigl, Rauweib a Pudelfrau. P\u0159\u00edbuzn\u00e9 zvl\u00e1\u0161tn\u00ed podoby jsou gl\u00f6ckler v Soln\u00e9 komo\u0159e, tresterer v Pinzgau a schnabelperchten v Raurisu.\"}}]}<\/script>\t\t\t\t<\/div>\n\t\t\t\t<\/div>\n\t\t\t\t\t<\/div>\n\t\t\t\t<\/div>\n\t\t<div class=\"elementor-element elementor-element-36dd7469 e-flex e-con-boxed e-con e-parent\" data-id=\"36dd7469\" data-element_type=\"container\" data-e-type=\"container\">\n\t\t\t\t\t<div class=\"e-con-inner\">\n\t\t\t\t<div class=\"elementor-element elementor-element-13760ab4 elementor-widget elementor-widget-heading\" data-id=\"13760ab4\" data-element_type=\"widget\" data-e-type=\"widget\" data-widget_type=\"heading.default\">\n\t\t\t\t\t<h2 class=\"elementor-heading-title elementor-size-default\">Souvisej\u00edc\u00ed odkazy<\/h2>\t\t\t\t<\/div>\n\t\t<div class=\"elementor-element elementor-element-28c87796 e-con-full e-flex e-con e-child\" data-id=\"28c87796\" data-element_type=\"container\" data-e-type=\"container\">\n\t\t\t\t<div class=\"elementor-element elementor-element-5d6538df elementor-widget elementor-widget-text-editor\" data-id=\"5d6538df\" data-element_type=\"widget\" data-e-type=\"widget\" data-widget_type=\"text-editor.default\">\n\t\t\t\t\t\t\t\t\t<p>Doporu\u010den\u00e9 intern\u00ed odkazy:<\/p><ul><li><a href=\"https:\/\/iwell-guard.com\/cs\/?page_id=146388\">Alpsk\u00fd prostor<\/a> \u2013 v\u0161echny bytosti alpsk\u00e9 pov\u011bsti<\/li><li><a href=\"https:\/\/iwell-guard.com\/cs\/?page_id=146353\">Pan\u00ed Holle<\/a>, <a href=\"https:\/\/iwell-guard.com\/cs\/?page_id=146352\">Habergei\u00df<\/a> \u2013 p\u0159\u00edbuzn\u00e9 postavy Rauhn\u00e4chte<\/li><li><a href=\"https:\/\/iwell-guard.com\/cs\/kadidlo\/\">Kadidlo<\/a>, <a href=\"https:\/\/iwell-guard.com\/cs\/bannspruch-a-banovaci-ritual\/\">Za\u0159\u00edk\u00e1vac\u00ed pr\u016fpov\u011b\u010f<\/a>, <a href=\"https:\/\/iwell-guard.com\/cs\/zarikavani\/\">Za\u017eehn\u00e1v\u00e1n\u00ed<\/a>, <a href=\"https:\/\/iwell-guard.com\/cs\/?page_id=146375\">Modlitby<\/a>, <a href=\"https:\/\/iwell-guard.com\/cs\/?page_id=146377\">Ochrann\u00e1 znamen\u00ed<\/a> \u2013 tradi\u010dn\u00ed formy ochrany<\/li><li><a href=\"https:\/\/iwell-guard.com\/cs\/?page_id=146350\">Krampus<\/a> \u2013 rohat\u00fd pr\u016fvodce svat\u00e9ho Mikul\u00e1\u0161e<\/li><li><a href=\"https:\/\/iwell-guard.com\/cs\/kompas-ochrany\/\">Kompas ochrany<\/a> \u2013 p\u0159ehled ochrann\u00fdch prost\u0159edk\u016f<\/li><\/ul>\t\t\t\t\t\t\t\t<\/div>\n\t\t\t\t<\/div>\n\t\t\t\t\t<\/div>\n\t\t\t\t<\/div>\n\t\t<div class=\"elementor-element elementor-element-grl4kl40 e-flex e-con-boxed e-con e-parent\" data-id=\"grl4kl40\" data-element_type=\"container\" data-e-type=\"container\">\n\t\t\t\t\t<div class=\"e-con-inner\">\n\t\t\t\t<div class=\"elementor-element elementor-element-bzsbfrmh elementor-widget elementor-widget-heading\" data-id=\"bzsbfrmh\" data-element_type=\"widget\" data-e-type=\"widget\" data-widget_type=\"heading.default\">\n\t\t\t\t\t<h2 class=\"elementor-heading-title elementor-size-default\">Literatura (v\u00fdb\u011br)<\/h2>\t\t\t\t<\/div>\n\t\t<div class=\"elementor-element elementor-element-2c13224a e-con-full e-flex e-con e-child\" data-id=\"2c13224a\" data-element_type=\"container\" data-e-type=\"container\">\n\t\t\t\t<div class=\"elementor-element elementor-element-0eymh9ub elementor-widget elementor-widget-text-editor\" data-id=\"0eymh9ub\" data-element_type=\"widget\" data-e-type=\"widget\" data-widget_type=\"text-editor.default\">\n\t\t\t\t\t\t\t\t\t<footer class=\"iwg-literatur\" data-nosnippet=\"true\"><p>V\u00fdb\u011br kl\u00ed\u010dov\u00fdch pramen\u016f a studi\u00ed:<\/p><ul><li><span data-nosnippet>Waschnitius, Viktor: <em>Perht, Holda und verwandte Gestalten. Ein Beitrag zur deutschen Religionsgeschichte<\/em>. Wien 1913.<\/span><\/li><li><span data-nosnippet>Rumpf, Marianne: <em>Perchten. Popul\u00e4re Glaubensgestalten zwischen Mythos und Katechese<\/em>. W\u00fcrzburg 1991.<\/span><\/li><li><span data-nosnippet>B\u00e4chtold-St\u00e4ubli, Hanns (Hg.): <em>Handw\u00f6rterbuch des deutschen Aberglaubens<\/em>, Bd. 6 (Artikel Perchta). Berlin\/Leipzig 1934\/35.<\/span><\/li><li><span data-nosnippet>Smith, John B.: <em>Perchta the Belly-Slitter and Her Kin: A View of Some Traditional Threatening Figures, Threats and Punishments<\/em>. In: Folklore, Bd. 115, 2004.<\/span><\/li><li><span data-nosnippet>Grimm, Jacob: <em>Deutsche Mythologie<\/em>. G\u00f6ttingen 1835.<\/span><\/li><li><span data-nosnippet>Zingerle, Ignaz Vinzenz: <em>Sitten, Br\u00e4uche und Meinungen des Tiroler Volkes<\/em>. 2. Auflage, Innsbruck 1871.<\/span><\/li><\/ul><\/footer>\n<p class=\"iwg-bib-more\"><span data-nosnippet>Dal\u0161\u00ed z\u00e1kladn\u00ed d\u00edla v <a href=\"https:\/\/iwell-guard.com\/cs\/literatura\/\">seznamu literatury<\/a>.<\/span><\/p>\t\t\t\t\t\t\t\t<\/div>\n\t\t\t\t<\/div>\n\t\t\t\t\t<\/div>\n\t\t\t\t<\/div>\n\t\t<div class=\"elementor-element elementor-element-iwgkw2-add-hulijing e-flex e-con-boxed e-con e-parent\" data-id=\"iwgkw2-add-hulijing\" data-element_type=\"container\" data-e-type=\"container\">\n\t\t\t\t\t<div class=\"e-con-inner\">\n\t\t\t\t<div class=\"elementor-element elementor-element-iwgkw2-add-hulijing-t elementor-widget elementor-widget-text-editor\" data-id=\"iwgkw2-add-hulijing-t\" data-element_type=\"widget\" data-e-type=\"widget\" data-widget_type=\"text-editor.default\">\n\t\t\t\t\t\t\t\t\t<p>Zn\u00e1m\u00e1 tak\u00e9 jako Percht, pov\u011bstn\u00ed postava Alp, z\u016fst\u00e1v\u00e1 \u00fazce spjata s Rauhn\u00e4chte Perchty, dvan\u00e1cti nocemi mezi V\u00e1nocemi a T\u0159emi kr\u00e1li, v nich\u017e je pilnost odm\u011b\u0148ov\u00e1na a nedbalost trest\u00e1na.<\/p>\t\t\t\t\t\t\t\t<\/div>\n\t\t\t\t\t<\/div>\n\t\t\t\t<\/div>\n\t\t\t\t<\/div>\n\t\t","protected":false},"excerpt":{"rendered":"","protected":false},"author":3,"featured_media":20517,"parent":0,"menu_order":0,"comment_status":"closed","ping_status":"closed","template":"elementor_header_footer","meta":{"_yoast_wpseo_focuskw":"perchty","_yoast_wpseo_title":"Perchty a pan\u00ed Perchta: Rauhn\u00e4chte a Perchtenlauf","_yoast_wpseo_metadesc":"Co jsou Perchty? P\u016fvod a v\u00fdznam postav rauhnacht\u016f, Sch\u00f6nperchten a Schiachperchten, pr\u016fvody Perchtenlauf a rozd\u00edl oproti Krampusovi.","_yoast_wpseo_meta-robots-noindex":"","_yoast_wpseo_canonical":"","_angie_page":false,"gefaehrdungsstufe":"1","wesen_kultur":"alpin","wesen_klasse":"geister","footnotes":""},"categories":[],"class_list":["post-146351","page","type-page","status-publish","has-post-thumbnail","hentry"],"yoast_head":"<!-- This site is optimized with the Yoast SEO Premium plugin v27.7 (Yoast SEO v28.3) - https:\/\/yoast.com\/product\/yoast-seo-premium-wordpress\/ -->\n<title>Perchty a pan\u00ed Perchta: Rauhn\u00e4chte a Perchtenlauf<\/title>\n<meta name=\"description\" content=\"Co jsou Perchty? P\u016fvod a v\u00fdznam postav rauhnacht\u016f, Sch\u00f6nperchten a Schiachperchten, pr\u016fvody Perchtenlauf a rozd\u00edl oproti Krampusovi.\" \/>\n<meta name=\"robots\" content=\"index, follow, max-snippet:-1, max-image-preview:large, max-video-preview:-1\" \/>\n<link rel=\"canonical\" href=\"https:\/\/iwell-guard.com\/cs\/pani-perchta\/\" \/>\n<meta property=\"og:locale\" content=\"cs_CZ\" \/>\n<meta property=\"og:type\" content=\"article\" \/>\n<meta property=\"og:title\" content=\"Pan\u00ed Perchta\" \/>\n<meta property=\"og:description\" content=\"Co jsou Perchty? P\u016fvod a v\u00fdznam postav rauhnacht\u016f, Sch\u00f6nperchten a Schiachperchten, pr\u016fvody Perchtenlauf a rozd\u00edl oproti Krampusovi.\" \/>\n<meta property=\"og:url\" content=\"https:\/\/iwell-guard.com\/cs\/pani-perchta\/\" \/>\n<meta property=\"og:site_name\" content=\"iWell Guard\" \/>\n<meta property=\"article:modified_time\" content=\"2026-09-03T17:21:04+00:00\" \/>\n<meta property=\"og:image\" content=\"https:\/\/iwell-guard.com\/wp-content\/uploads\/2026\/07\/geister_alpin_perchta.webp\" \/>\n\t<meta property=\"og:image:width\" content=\"1023\" \/>\n\t<meta property=\"og:image:height\" content=\"1537\" \/>\n\t<meta property=\"og:image:type\" content=\"image\/webp\" \/>\n<meta name=\"twitter:card\" content=\"summary_large_image\" \/>\n<script type=\"application\/ld+json\" class=\"yoast-schema-graph\">{\"@context\":\"https:\\\/\\\/schema.org\",\"@graph\":[{\"@type\":\"Article\",\"@id\":\"https:\\\/\\\/iwell-guard.com\\\/cs\\\/pani-perchta\\\/#article\",\"isPartOf\":{\"@id\":\"https:\\\/\\\/iwell-guard.com\\\/cs\\\/pani-perchta\\\/\"},\"author\":{\"name\":\"Ralf Ittermann\",\"@id\":\"https:\\\/\\\/iwell-guard.com\\\/cs\\\/#\\\/schema\\\/person\\\/ee2a27f1cac3406c7c6fb5820cb7349f\"},\"headline\":\"Pan\u00ed Perchta\",\"datePublished\":\"2026-09-03T16:46:16+00:00\",\"dateModified\":\"2026-09-03T17:21:04+00:00\",\"mainEntityOfPage\":{\"@id\":\"https:\\\/\\\/iwell-guard.com\\\/cs\\\/pani-perchta\\\/\"},\"publisher\":{\"@id\":\"https:\\\/\\\/iwell-guard.com\\\/cs\\\/#organization\"},\"image\":{\"@id\":\"https:\\\/\\\/iwell-guard.com\\\/cs\\\/pani-perchta\\\/#primaryimage\"},\"thumbnailUrl\":\"https:\\\/\\\/iwell-guard.com\\\/wp-content\\\/uploads\\\/2026\\\/07\\\/geister_alpin_perchta.webp\",\"inLanguage\":\"cs\",\"description\":\"Co jsou Perchty? P\u016fvod a v\u00fdznam postav rauhnacht\u016f, Sch\u00f6nperchten a Schiachperchten, pr\u016fvody Perchtenlauf a rozd\u00edl oproti Krampusovi.\"},{\"@type\":\"WebPage\",\"@id\":\"https:\\\/\\\/iwell-guard.com\\\/cs\\\/pani-perchta\\\/\",\"url\":\"https:\\\/\\\/iwell-guard.com\\\/cs\\\/pani-perchta\\\/\",\"name\":\"Perchty a pan\u00ed Perchta: Rauhn\u00e4chte a Perchtenlauf\",\"isPartOf\":{\"@id\":\"https:\\\/\\\/iwell-guard.com\\\/cs\\\/#website\"},\"primaryImageOfPage\":{\"@id\":\"https:\\\/\\\/iwell-guard.com\\\/cs\\\/pani-perchta\\\/#primaryimage\"},\"image\":{\"@id\":\"https:\\\/\\\/iwell-guard.com\\\/cs\\\/pani-perchta\\\/#primaryimage\"},\"thumbnailUrl\":\"https:\\\/\\\/iwell-guard.com\\\/wp-content\\\/uploads\\\/2026\\\/07\\\/geister_alpin_perchta.webp\",\"datePublished\":\"2026-09-03T16:46:16+00:00\",\"dateModified\":\"2026-09-03T17:21:04+00:00\",\"description\":\"Co jsou Perchty? P\u016fvod a v\u00fdznam postav rauhnacht\u016f, Sch\u00f6nperchten a Schiachperchten, pr\u016fvody Perchtenlauf a rozd\u00edl oproti Krampusovi.\",\"breadcrumb\":{\"@id\":\"https:\\\/\\\/iwell-guard.com\\\/cs\\\/pani-perchta\\\/#breadcrumb\"},\"inLanguage\":\"cs\",\"potentialAction\":[{\"@type\":\"ReadAction\",\"target\":[\"https:\\\/\\\/iwell-guard.com\\\/cs\\\/pani-perchta\\\/\"]}]},{\"@type\":\"ImageObject\",\"inLanguage\":\"cs\",\"@id\":\"https:\\\/\\\/iwell-guard.com\\\/cs\\\/pani-perchta\\\/#primaryimage\",\"url\":\"https:\\\/\\\/iwell-guard.com\\\/wp-content\\\/uploads\\\/2026\\\/07\\\/geister_alpin_perchta.webp\",\"contentUrl\":\"https:\\\/\\\/iwell-guard.com\\\/wp-content\\\/uploads\\\/2026\\\/07\\\/geister_alpin_perchta.webp\",\"width\":1023,\"height\":1537,\"caption\":\"Pan\u00ed Perchta \u2013 duchov\u00e9 z alpsk\u00e9 tradice, historicko-ilustrativn\u00ed\"},{\"@type\":\"BreadcrumbList\",\"@id\":\"https:\\\/\\\/iwell-guard.com\\\/cs\\\/pani-perchta\\\/#breadcrumb\",\"itemListElement\":[{\"@type\":\"ListItem\",\"position\":1,\"name\":\"Start\",\"item\":\"https:\\\/\\\/iwell-guard.com\\\/cs\\\/?page_id=145107\"},{\"@type\":\"ListItem\",\"position\":2,\"name\":\"Pan\u00ed Perchta\"}]},{\"@type\":\"WebSite\",\"@id\":\"https:\\\/\\\/iwell-guard.com\\\/cs\\\/#website\",\"url\":\"https:\\\/\\\/iwell-guard.com\\\/cs\\\/\",\"name\":\"iWell Guard\",\"description\":\"Schutz vor dunklen Einfl\u00fcssen\",\"publisher\":{\"@id\":\"https:\\\/\\\/iwell-guard.com\\\/cs\\\/#organization\"},\"potentialAction\":[{\"@type\":\"SearchAction\",\"target\":{\"@type\":\"EntryPoint\",\"urlTemplate\":\"https:\\\/\\\/iwell-guard.com\\\/cs\\\/?s={search_term_string}\"},\"query-input\":{\"@type\":\"PropertyValueSpecification\",\"valueRequired\":true,\"valueName\":\"search_term_string\"}}],\"inLanguage\":\"cs\"},{\"@type\":\"Organization\",\"@id\":\"https:\\\/\\\/iwell-guard.com\\\/cs\\\/#organization\",\"name\":\"Ittermann electronic GmbH\",\"url\":\"https:\\\/\\\/iwell-guard.com\\\/cs\\\/\",\"logo\":{\"@type\":\"ImageObject\",\"inLanguage\":\"cs\",\"@id\":\"https:\\\/\\\/iwell-guard.com\\\/cs\\\/#\\\/schema\\\/logo\\\/image\\\/\",\"url\":\"https:\\\/\\\/iwell-guard.com\\\/wp-content\\\/uploads\\\/2026\\\/05\\\/Ittermann-Logo-1182x237-1.png\",\"contentUrl\":\"https:\\\/\\\/iwell-guard.com\\\/wp-content\\\/uploads\\\/2026\\\/05\\\/Ittermann-Logo-1182x237-1.png\",\"width\":1182,\"height\":237,\"caption\":\"Ittermann electronic GmbH\"},\"image\":{\"@id\":\"https:\\\/\\\/iwell-guard.com\\\/cs\\\/#\\\/schema\\\/logo\\\/image\\\/\"},\"sameAs\":[\"https:\\\/\\\/pantip.com\\\/profile\\\/9367242\",\"https:\\\/\\\/micro.blog\\\/iwellguard\",\"https:\\\/\\\/www.diggerslist.com\\\/iwellguard\\\/about\",\"https:\\\/\\\/skitterphoto.com\\\/photographers\\\/2870314\\\/iwell-guard\",\"https:\\\/\\\/iwellguard.wordpress.com\\\/2026\\\/06\\\/06\\\/iwell-guard\\\/\",\"https:\\\/\\\/hub.docker.com\\\/u\\\/iwellguard\",\"https:\\\/\\\/www.pinterest.com\\\/iwellguard\\\/\",\"https:\\\/\\\/bit.ly\\\/m\\\/iwellguard\",\"https:\\\/\\\/entre-vos-mains.alsace.eu\\\/profiles\\\/iwellguard\\\/activity\",\"https:\\\/\\\/gravatar.com\\\/reallybeded8fd34\",\"https:\\\/\\\/naijamatta.com\\\/iwellguard\",\"https:\\\/\\\/www.goodreads.com\\\/iwellguard\",\"https:\\\/\\\/profile.hatena.ne.jp\\\/iwellguard\\\/\",\"https:\\\/\\\/experiment.com\\\/users\\\/iwellguard\",\"https:\\\/\\\/wakelet.com\\\/@iWellGuard82270\",\"https:\\\/\\\/www.chordie.com\\\/forum\\\/profile.php?id=2555664\",\"https:\\\/\\\/www.instapaper.com\\\/p\\\/17757966\",\"https:\\\/\\\/www.mapleprimes.com\\\/users\\\/iwellguard\",\"https:\\\/\\\/businesslistingplus.com\\\/profile\\\/iwell-guard\\\/\",\"https:\\\/\\\/telegra.ph\\\/iWell-Guard-06-06\",\"https:\\\/\\\/pbase.com\\\/iwellguard\\\/iwellguard\",\"https:\\\/\\\/b.hatena.ne.jp\\\/iwellguard\\\/20260607#bookmark-4788405196491818882\",\"https:\\\/\\\/fliphtml5.com\\\/home\\\/iwellguard\",\"https:\\\/\\\/anyflip.com\\\/homepage\\\/cmiwl#About\",\"https:\\\/\\\/transfur.com\\\/Users\\\/iwellguard\",\"http:\\\/\\\/delphi.larsbo.org\\\/user\\\/iwellguard\",\"https:\\\/\\\/jobs.lajobsportal.org\\\/profiles\\\/8380803-iwell-guard\",\"https:\\\/\\\/md.chaosdorf.de\\\/s\\\/jfbe5SBdJD\",\"https:\\\/\\\/www.lingvolive.com\\\/en-us\\\/profile\\\/9ecaeaca-ce11-4e51-9e71-01d55e2bff36\\\/translations\",\"https:\\\/\\\/www.fitday.com\\\/fitness\\\/forums\\\/members\\\/iwellguard.html\",\"https:\\\/\\\/www.mymeetbook.com\\\/iwellguard\",\"https:\\\/\\\/pxhere.com\\\/en\\\/photographer-me\\\/5040798\",\"https:\\\/\\\/disqus.com\\\/by\\\/iwellguard\\\/about\\\/\",\"https:\\\/\\\/pastelink.net\\\/hjwciqwq\",\"https:\\\/\\\/pubhtml5.com\\\/homepage\\\/scjhn\\\/\",\"https:\\\/\\\/www.bitchute.com\\\/channel\\\/2O2eOKzNqujT\",\"https:\\\/\\\/audiomack.com\\\/iwellguard\"]},{\"@type\":\"Person\",\"@id\":\"https:\\\/\\\/iwell-guard.com\\\/cs\\\/#\\\/schema\\\/person\\\/ee2a27f1cac3406c7c6fb5820cb7349f\",\"name\":\"Ralf Ittermann\",\"image\":{\"@type\":\"ImageObject\",\"inLanguage\":\"cs\",\"@id\":\"https:\\\/\\\/secure.gravatar.com\\\/avatar\\\/073c0153e350a5005b68eb752b445fea71f6b24a26da9449ad7e155e6b446c9d?s=96&d=mm&r=g\",\"url\":\"https:\\\/\\\/secure.gravatar.com\\\/avatar\\\/073c0153e350a5005b68eb752b445fea71f6b24a26da9449ad7e155e6b446c9d?s=96&d=mm&r=g\",\"contentUrl\":\"https:\\\/\\\/secure.gravatar.com\\\/avatar\\\/073c0153e350a5005b68eb752b445fea71f6b24a26da9449ad7e155e6b446c9d?s=96&d=mm&r=g\",\"caption\":\"Ralf Ittermann\"},\"givenName\":\"Ralf\",\"familyName\":\"Ittermann\",\"jobTitle\":\"Gesch\u00e4ftsf\u00fchrer und redaktioneller Verantwortlicher\",\"url\":\"https:\\\/\\\/iwell-guard.com\\\/cs\\\/author\\\/claude\\\/\",\"description\":\"Ralf Ittermann ist Gesch\u00e4ftsf\u00fchrer der Ittermann electronic GmbH und redaktioneller Verantwortlicher des iWell-Guard-Lexikons. Er verbindet langj\u00e4hrige Erfahrung in der Pr\u00e4zisionsfertigung mit medialer Praxis und religionsgeschichtlicher Quellenarbeit.\",\"worksFor\":{\"@type\":\"Organization\",\"name\":\"Ittermann electronic GmbH\",\"url\":\"https:\\\/\\\/ittermann.de\\\/\",\"address\":{\"@type\":\"PostalAddress\",\"streetAddress\":\"K\u00f6hlergasse 16-18\",\"postalCode\":\"99842\",\"addressLocality\":\"Ruhla\",\"addressCountry\":\"DE\"}},\"knowsAbout\":[\"Religionsgeschichte\",\"Mythologie\",\"Mediale Praxis\",\"Energetische Diagnostik\",\"Schutzpraxis\",\"Volksglauben\",\"Westliche Esoterik\"]},{\"@type\":\"Article\",\"@id\":\"https:\\\/\\\/iwell-guard.com\\\/cs\\\/pani-perchta\\\/#article\",\"isPartOf\":{\"@id\":\"https:\\\/\\\/iwell-guard.com\\\/cs\\\/pani-perchta\\\/\"},\"author\":{\"name\":\"Ralf Ittermann\",\"@id\":\"https:\\\/\\\/iwell-guard.com\\\/cs\\\/#\\\/schema\\\/person\\\/ee2a27f1cac3406c7c6fb5820cb7349f\"},\"headline\":\"Pan\u00ed Perchta\",\"datePublished\":\"2026-09-03T16:46:16+00:00\",\"dateModified\":\"2026-09-03T17:21:04+00:00\",\"mainEntityOfPage\":{\"@id\":\"https:\\\/\\\/iwell-guard.com\\\/cs\\\/pani-perchta\\\/\"},\"publisher\":{\"@id\":\"https:\\\/\\\/iwell-guard.com\\\/cs\\\/#organization\"},\"image\":{\"@id\":\"https:\\\/\\\/iwell-guard.com\\\/cs\\\/pani-perchta\\\/#primaryimage\"},\"thumbnailUrl\":\"https:\\\/\\\/iwell-guard.com\\\/wp-content\\\/uploads\\\/2026\\\/07\\\/geister_alpin_perchta.webp\",\"inLanguage\":\"cs\",\"description\":\"Co jsou Perchty? P\u016fvod a v\u00fdznam postav rauhnacht\u016f, Sch\u00f6nperchten a Schiachperchten, pr\u016fvody Perchtenlauf a rozd\u00edl oproti Krampusovi.\"}]}<\/script>\n<!-- \/ Yoast SEO Premium plugin. -->","yoast_head_json":{"title":"Perchty a pan\u00ed Perchta: Rauhn\u00e4chte a Perchtenlauf","description":"Co jsou Perchty? P\u016fvod a v\u00fdznam postav rauhnacht\u016f, Sch\u00f6nperchten a Schiachperchten, pr\u016fvody Perchtenlauf a rozd\u00edl oproti Krampusovi.","robots":{"index":"index","follow":"follow","max-snippet":"max-snippet:-1","max-image-preview":"max-image-preview:large","max-video-preview":"max-video-preview:-1"},"canonical":"https:\/\/iwell-guard.com\/cs\/pani-perchta\/","og_locale":"cs_CZ","og_type":"article","og_title":"Pan\u00ed Perchta","og_description":"Co jsou Perchty? P\u016fvod a v\u00fdznam postav rauhnacht\u016f, Sch\u00f6nperchten a Schiachperchten, pr\u016fvody Perchtenlauf a rozd\u00edl oproti Krampusovi.","og_url":"https:\/\/iwell-guard.com\/cs\/pani-perchta\/","og_site_name":"iWell Guard","article_modified_time":"2026-09-03T17:21:04+00:00","og_image":[{"width":1023,"height":1537,"url":"https:\/\/iwell-guard.com\/wp-content\/uploads\/2026\/07\/geister_alpin_perchta.webp","type":"image\/webp"}],"twitter_card":"summary_large_image","schema":{"@context":"https:\/\/schema.org","@graph":[{"@type":"Article","@id":"https:\/\/iwell-guard.com\/cs\/pani-perchta\/#article","isPartOf":{"@id":"https:\/\/iwell-guard.com\/cs\/pani-perchta\/"},"author":{"name":"Ralf Ittermann","@id":"https:\/\/iwell-guard.com\/cs\/#\/schema\/person\/ee2a27f1cac3406c7c6fb5820cb7349f"},"headline":"Pan\u00ed Perchta","datePublished":"2026-09-03T16:46:16+00:00","dateModified":"2026-09-03T17:21:04+00:00","mainEntityOfPage":{"@id":"https:\/\/iwell-guard.com\/cs\/pani-perchta\/"},"publisher":{"@id":"https:\/\/iwell-guard.com\/cs\/#organization"},"image":{"@id":"https:\/\/iwell-guard.com\/cs\/pani-perchta\/#primaryimage"},"thumbnailUrl":"https:\/\/iwell-guard.com\/wp-content\/uploads\/2026\/07\/geister_alpin_perchta.webp","inLanguage":"cs","description":"Co jsou Perchty? P\u016fvod a v\u00fdznam postav rauhnacht\u016f, Sch\u00f6nperchten a Schiachperchten, pr\u016fvody Perchtenlauf a rozd\u00edl oproti Krampusovi."},{"@type":"WebPage","@id":"https:\/\/iwell-guard.com\/cs\/pani-perchta\/","url":"https:\/\/iwell-guard.com\/cs\/pani-perchta\/","name":"Perchty a pan\u00ed Perchta: Rauhn\u00e4chte a Perchtenlauf","isPartOf":{"@id":"https:\/\/iwell-guard.com\/cs\/#website"},"primaryImageOfPage":{"@id":"https:\/\/iwell-guard.com\/cs\/pani-perchta\/#primaryimage"},"image":{"@id":"https:\/\/iwell-guard.com\/cs\/pani-perchta\/#primaryimage"},"thumbnailUrl":"https:\/\/iwell-guard.com\/wp-content\/uploads\/2026\/07\/geister_alpin_perchta.webp","datePublished":"2026-09-03T16:46:16+00:00","dateModified":"2026-09-03T17:21:04+00:00","description":"Co jsou Perchty? P\u016fvod a v\u00fdznam postav rauhnacht\u016f, Sch\u00f6nperchten a Schiachperchten, pr\u016fvody Perchtenlauf a rozd\u00edl oproti Krampusovi.","breadcrumb":{"@id":"https:\/\/iwell-guard.com\/cs\/pani-perchta\/#breadcrumb"},"inLanguage":"cs","potentialAction":[{"@type":"ReadAction","target":["https:\/\/iwell-guard.com\/cs\/pani-perchta\/"]}]},{"@type":"ImageObject","inLanguage":"cs","@id":"https:\/\/iwell-guard.com\/cs\/pani-perchta\/#primaryimage","url":"https:\/\/iwell-guard.com\/wp-content\/uploads\/2026\/07\/geister_alpin_perchta.webp","contentUrl":"https:\/\/iwell-guard.com\/wp-content\/uploads\/2026\/07\/geister_alpin_perchta.webp","width":1023,"height":1537,"caption":"Pan\u00ed Perchta \u2013 duchov\u00e9 z alpsk\u00e9 tradice, historicko-ilustrativn\u00ed"},{"@type":"BreadcrumbList","@id":"https:\/\/iwell-guard.com\/cs\/pani-perchta\/#breadcrumb","itemListElement":[{"@type":"ListItem","position":1,"name":"Start","item":"https:\/\/iwell-guard.com\/cs\/?page_id=145107"},{"@type":"ListItem","position":2,"name":"Pan\u00ed Perchta"}]},{"@type":"WebSite","@id":"https:\/\/iwell-guard.com\/cs\/#website","url":"https:\/\/iwell-guard.com\/cs\/","name":"iWell Guard","description":"Schutz vor dunklen Einfl\u00fcssen","publisher":{"@id":"https:\/\/iwell-guard.com\/cs\/#organization"},"potentialAction":[{"@type":"SearchAction","target":{"@type":"EntryPoint","urlTemplate":"https:\/\/iwell-guard.com\/cs\/?s={search_term_string}"},"query-input":{"@type":"PropertyValueSpecification","valueRequired":true,"valueName":"search_term_string"}}],"inLanguage":"cs"},{"@type":"Organization","@id":"https:\/\/iwell-guard.com\/cs\/#organization","name":"Ittermann electronic GmbH","url":"https:\/\/iwell-guard.com\/cs\/","logo":{"@type":"ImageObject","inLanguage":"cs","@id":"https:\/\/iwell-guard.com\/cs\/#\/schema\/logo\/image\/","url":"https:\/\/iwell-guard.com\/wp-content\/uploads\/2026\/05\/Ittermann-Logo-1182x237-1.png","contentUrl":"https:\/\/iwell-guard.com\/wp-content\/uploads\/2026\/05\/Ittermann-Logo-1182x237-1.png","width":1182,"height":237,"caption":"Ittermann electronic GmbH"},"image":{"@id":"https:\/\/iwell-guard.com\/cs\/#\/schema\/logo\/image\/"},"sameAs":["https:\/\/pantip.com\/profile\/9367242","https:\/\/micro.blog\/iwellguard","https:\/\/www.diggerslist.com\/iwellguard\/about","https:\/\/skitterphoto.com\/photographers\/2870314\/iwell-guard","https:\/\/iwellguard.wordpress.com\/2026\/06\/06\/iwell-guard\/","https:\/\/hub.docker.com\/u\/iwellguard","https:\/\/www.pinterest.com\/iwellguard\/","https:\/\/bit.ly\/m\/iwellguard","https:\/\/entre-vos-mains.alsace.eu\/profiles\/iwellguard\/activity","https:\/\/gravatar.com\/reallybeded8fd34","https:\/\/naijamatta.com\/iwellguard","https:\/\/www.goodreads.com\/iwellguard","https:\/\/profile.hatena.ne.jp\/iwellguard\/","https:\/\/experiment.com\/users\/iwellguard","https:\/\/wakelet.com\/@iWellGuard82270","https:\/\/www.chordie.com\/forum\/profile.php?id=2555664","https:\/\/www.instapaper.com\/p\/17757966","https:\/\/www.mapleprimes.com\/users\/iwellguard","https:\/\/businesslistingplus.com\/profile\/iwell-guard\/","https:\/\/telegra.ph\/iWell-Guard-06-06","https:\/\/pbase.com\/iwellguard\/iwellguard","https:\/\/b.hatena.ne.jp\/iwellguard\/20260607#bookmark-4788405196491818882","https:\/\/fliphtml5.com\/home\/iwellguard","https:\/\/anyflip.com\/homepage\/cmiwl#About","https:\/\/transfur.com\/Users\/iwellguard","http:\/\/delphi.larsbo.org\/user\/iwellguard","https:\/\/jobs.lajobsportal.org\/profiles\/8380803-iwell-guard","https:\/\/md.chaosdorf.de\/s\/jfbe5SBdJD","https:\/\/www.lingvolive.com\/en-us\/profile\/9ecaeaca-ce11-4e51-9e71-01d55e2bff36\/translations","https:\/\/www.fitday.com\/fitness\/forums\/members\/iwellguard.html","https:\/\/www.mymeetbook.com\/iwellguard","https:\/\/pxhere.com\/en\/photographer-me\/5040798","https:\/\/disqus.com\/by\/iwellguard\/about\/","https:\/\/pastelink.net\/hjwciqwq","https:\/\/pubhtml5.com\/homepage\/scjhn\/","https:\/\/www.bitchute.com\/channel\/2O2eOKzNqujT","https:\/\/audiomack.com\/iwellguard"]},{"@type":"Person","@id":"https:\/\/iwell-guard.com\/cs\/#\/schema\/person\/ee2a27f1cac3406c7c6fb5820cb7349f","name":"Ralf Ittermann","image":{"@type":"ImageObject","inLanguage":"cs","@id":"https:\/\/secure.gravatar.com\/avatar\/073c0153e350a5005b68eb752b445fea71f6b24a26da9449ad7e155e6b446c9d?s=96&d=mm&r=g","url":"https:\/\/secure.gravatar.com\/avatar\/073c0153e350a5005b68eb752b445fea71f6b24a26da9449ad7e155e6b446c9d?s=96&d=mm&r=g","contentUrl":"https:\/\/secure.gravatar.com\/avatar\/073c0153e350a5005b68eb752b445fea71f6b24a26da9449ad7e155e6b446c9d?s=96&d=mm&r=g","caption":"Ralf Ittermann"},"givenName":"Ralf","familyName":"Ittermann","jobTitle":"Gesch\u00e4ftsf\u00fchrer und redaktioneller Verantwortlicher","url":"https:\/\/iwell-guard.com\/cs\/author\/claude\/","description":"Ralf Ittermann ist Gesch\u00e4ftsf\u00fchrer der Ittermann electronic GmbH und redaktioneller Verantwortlicher des iWell-Guard-Lexikons. Er verbindet langj\u00e4hrige Erfahrung in der Pr\u00e4zisionsfertigung mit medialer Praxis und religionsgeschichtlicher Quellenarbeit.","worksFor":{"@type":"Organization","name":"Ittermann electronic GmbH","url":"https:\/\/ittermann.de\/","address":{"@type":"PostalAddress","streetAddress":"K\u00f6hlergasse 16-18","postalCode":"99842","addressLocality":"Ruhla","addressCountry":"DE"}},"knowsAbout":["Religionsgeschichte","Mythologie","Mediale Praxis","Energetische Diagnostik","Schutzpraxis","Volksglauben","Westliche Esoterik"]},{"@type":"Article","@id":"https:\/\/iwell-guard.com\/cs\/pani-perchta\/#article","isPartOf":{"@id":"https:\/\/iwell-guard.com\/cs\/pani-perchta\/"},"author":{"name":"Ralf Ittermann","@id":"https:\/\/iwell-guard.com\/cs\/#\/schema\/person\/ee2a27f1cac3406c7c6fb5820cb7349f"},"headline":"Pan\u00ed Perchta","datePublished":"2026-09-03T16:46:16+00:00","dateModified":"2026-09-03T17:21:04+00:00","mainEntityOfPage":{"@id":"https:\/\/iwell-guard.com\/cs\/pani-perchta\/"},"publisher":{"@id":"https:\/\/iwell-guard.com\/cs\/#organization"},"image":{"@id":"https:\/\/iwell-guard.com\/cs\/pani-perchta\/#primaryimage"},"thumbnailUrl":"https:\/\/iwell-guard.com\/wp-content\/uploads\/2026\/07\/geister_alpin_perchta.webp","inLanguage":"cs","description":"Co jsou Perchty? P\u016fvod a v\u00fdznam postav rauhnacht\u016f, Sch\u00f6nperchten a Schiachperchten, pr\u016fvody Perchtenlauf a rozd\u00edl oproti Krampusovi."}]}},"_links":{"self":[{"href":"https:\/\/iwell-guard.com\/cs\/wp-json\/wp\/v2\/pages\/146351","targetHints":{"allow":["GET"]}}],"collection":[{"href":"https:\/\/iwell-guard.com\/cs\/wp-json\/wp\/v2\/pages"}],"about":[{"href":"https:\/\/iwell-guard.com\/cs\/wp-json\/wp\/v2\/types\/page"}],"author":[{"embeddable":true,"href":"https:\/\/iwell-guard.com\/cs\/wp-json\/wp\/v2\/users\/3"}],"replies":[{"embeddable":true,"href":"https:\/\/iwell-guard.com\/cs\/wp-json\/wp\/v2\/comments?post=146351"}],"version-history":[{"count":0,"href":"https:\/\/iwell-guard.com\/cs\/wp-json\/wp\/v2\/pages\/146351\/revisions"}],"wp:featuredmedia":[{"embeddable":true,"href":"https:\/\/iwell-guard.com\/cs\/wp-json\/wp\/v2\/media\/20517"}],"wp:attachment":[{"href":"https:\/\/iwell-guard.com\/cs\/wp-json\/wp\/v2\/media?parent=146351"}],"wp:term":[{"taxonomy":"category","embeddable":true,"href":"https:\/\/iwell-guard.com\/cs\/wp-json\/wp\/v2\/categories?post=146351"}],"curies":[{"name":"wp","href":"https:\/\/api.w.org\/{rel}","templated":true}]}}