{"id":146181,"date":"2026-09-03T16:42:07","date_gmt":"2026-09-03T16:42:07","guid":{"rendered":"https:\/\/iwell-guard.com\/?page_id=146181"},"modified":"2026-09-03T17:16:21","modified_gmt":"2026-09-03T17:16:21","slug":"aderyn-y-corff","status":"publish","type":"page","link":"https:\/\/iwell-guard.com\/cs\/aderyn-y-corff\/","title":{"rendered":"Aderyn y Corff"},"content":{"rendered":"\t\t<div data-elementor-type=\"wp-page\" data-elementor-id=\"146181\" class=\"elementor elementor-146181 elementor-19559\" data-elementor-post-type=\"page\">\n\t\t\t\t<div class=\"elementor-element elementor-element-10fdade e-flex e-con-boxed e-con e-parent\" data-id=\"10fdade\" data-element_type=\"container\" data-e-type=\"container\" data-settings=\"{&quot;background_background&quot;:&quot;classic&quot;}\">\n\t\t\t\t\t<div class=\"e-con-inner\">\n\t\t<div class=\"elementor-element elementor-element-herohlft0 e-flex e-con-boxed e-con e-child\" data-id=\"herohlft0\" data-element_type=\"container\" data-e-type=\"container\">\n\t\t\t\t\t<div class=\"e-con-inner\">\n\t\t<div class=\"elementor-element elementor-element-c3ceb64 e-con-full e-flex e-con e-child\" data-id=\"c3ceb64\" data-element_type=\"container\" data-e-type=\"container\">\n\t\t\t\t<div class=\"elementor-element elementor-element-96ae5e1 elementor-widget elementor-widget-heading\" data-id=\"96ae5e1\" data-element_type=\"widget\" data-e-type=\"widget\" data-widget_type=\"heading.default\">\n\t\t\t\t\t<h1 class=\"elementor-heading-title elementor-size-default\">Aderyn y Corff, pt\u00e1k u okna um\u00edraj\u00edc\u00edho<\/h1>\t\t\t\t<\/div>\n\t\t\t\t<div class=\"elementor-element elementor-element-e45238a elementor-widget elementor-widget-text-editor\" data-id=\"e45238a\" data-element_type=\"widget\" data-e-type=\"widget\" data-widget_type=\"text-editor.default\">\n\t\t\t\t\t\t\t\t\t<p>Aderyn y Corff je <span class=\"iwg-fachbegriff\" data-tooltip=\"Bezt\u011blesn\u00e1 bytost, j\u00ed\u017e se p\u0159isuzuje p\u016fsoben\u00ed ve sv\u011bt\u011b.\" tabindex=\"0\">duch<\/span> vel\u0161sk\u00e9 tradice.<\/p><p><strong>Jeho klep\u00e1n\u00ed na dve\u0159e ohla\u0161uje bl\u00ed\u017e\u00edc\u00ed se smrt v dom\u011b.<\/strong><\/p>\t\t\t\t\t\t\t\t<\/div>\n\t\t\t\t<\/div>\n\t\t<div class=\"elementor-element elementor-element-klsbdg01 e-con-full e-flex e-con e-parent\" data-id=\"klsbdg01\" data-element_type=\"container\" data-e-type=\"container\">\n\t\t\t\t<div class=\"elementor-element elementor-element-klshtm01 elementor-widget elementor-widget-html\" data-id=\"klshtm01\" data-element_type=\"widget\" data-e-type=\"widget\" data-widget_type=\"html.default\">\n\t\t\t\t\t<div class=\"iwg-pill-row\"><span class=\"iwg-klasse-badge\" tabindex=\"0\" data-tooltip=\"Duch: Net\u011blesn\u00e1 nebo \u010d\u00e1ste\u010dn\u011b t\u011blesn\u00e1 bytost, zesnul\u00ed, p\u0159\u00edrodn\u00ed bytosti, dom\u00e1c\u00ed duchov\u00e9 nebo str\u00e1\u017eci prah\u016f. P\u016fsob\u00ed v b\u011b\u017en\u00e9m \u017eivot\u011b, \u010dasto v\u00e1zan\u00e1 na m\u00edsta nebo rodiny.\">Duch<\/span><a href=\"https:\/\/iwell-guard.com\/cs\/keltska\/\" class=\"iwg-kultur-badge\" tabindex=\"0\" data-tooltip=\"Keltsk\u00e9 n\u00e1bo\u017eenstv\u00ed z\u00e1padn\u00ed Evropy a Britsk\u00fdch ostrov\u016f, mytologicky dochovan\u00e9 prost\u0159ednictv\u00edm irsko-vel\u0161sk\u00fdch text\u016f.\">Keltsk\u00e1<\/a><\/div>\t\t\t\t<\/div>\n\t\t\t\t<\/div>\n\t\t<div class=\"elementor-element elementor-element-3f74855 e-con-full e-flex e-con e-child\" data-id=\"3f74855\" data-element_type=\"container\" data-e-type=\"container\">\n\t\t\t\t<div class=\"elementor-element elementor-element-1c30362 elementor-toc--minimized-on-tablet elementor-widget elementor-widget-table-of-contents\" data-id=\"1c30362\" data-element_type=\"widget\" data-e-type=\"widget\" data-settings=\"{&quot;exclude_headings_by_selector&quot;:[],&quot;no_headings_message&quot;:&quot;Na t\\u00e9to str\\u00e1nce nebyly nalezeny \\u017e\\u00e1dn\\u00e9 nadpisy.&quot;,&quot;headings_by_tags&quot;:[&quot;h2&quot;,&quot;h3&quot;],&quot;marker_view&quot;:&quot;bullets&quot;,&quot;icon&quot;:{&quot;value&quot;:&quot;fas fa-circle&quot;,&quot;library&quot;:&quot;fa-solid&quot;,&quot;rendered_tag&quot;:&quot;&lt;svg class=\\&quot;e-font-icon-svg e-fas-circle\\&quot; viewBox=\\&quot;0 0 512 512\\&quot; xmlns=\\&quot;http:\\\/\\\/www.w3.org\\\/2000\\\/svg\\&quot;&gt;&lt;path d=\\&quot;M256 8C119 8 8 119 8 256s111 248 248 248 248-111 248-248S393 8 256 8z\\&quot;&gt;&lt;\\\/path&gt;&lt;\\\/svg&gt;&quot;},&quot;minimize_box&quot;:&quot;yes&quot;,&quot;minimized_on&quot;:&quot;tablet&quot;,&quot;hierarchical_view&quot;:&quot;yes&quot;,&quot;min_height&quot;:{&quot;unit&quot;:&quot;px&quot;,&quot;size&quot;:&quot;&quot;,&quot;sizes&quot;:[]},&quot;min_height_tablet&quot;:{&quot;unit&quot;:&quot;px&quot;,&quot;size&quot;:&quot;&quot;,&quot;sizes&quot;:[]},&quot;min_height_mobile&quot;:{&quot;unit&quot;:&quot;px&quot;,&quot;size&quot;:&quot;&quot;,&quot;sizes&quot;:[]}}\" data-widget_type=\"table-of-contents.default\">\n\t\t\t\t\t\t\t\t\t<div class=\"elementor-toc__header\">\n\t\t\t\t\t\t<h2 class=\"elementor-toc__header-title\">\n\t\t\t\tObsah\t\t\t<\/h2>\n\t\t\t\t\t\t\t\t\t\t<div class=\"elementor-toc__toggle-button elementor-toc__toggle-button--expand\" role=\"button\" tabindex=\"0\" aria-controls=\"elementor-toc__1c30362\" aria-expanded=\"true\" aria-label=\"Open table of contents\"><svg aria-hidden=\"true\" class=\"e-font-icon-svg e-fas-chevron-down\" viewBox=\"0 0 448 512\" xmlns=\"http:\/\/www.w3.org\/2000\/svg\"><path d=\"M207.029 381.476L12.686 187.132c-9.373-9.373-9.373-24.569 0-33.941l22.667-22.667c9.357-9.357 24.522-9.375 33.901-.04L224 284.505l154.745-154.021c9.379-9.335 24.544-9.317 33.901.04l22.667 22.667c9.373 9.373 9.373 24.569 0 33.941L240.971 381.476c-9.373 9.372-24.569 9.372-33.942 0z\"><\/path><\/svg><\/div>\n\t\t\t\t<div class=\"elementor-toc__toggle-button elementor-toc__toggle-button--collapse\" role=\"button\" tabindex=\"0\" aria-controls=\"elementor-toc__1c30362\" aria-expanded=\"true\" aria-label=\"Close table of contents\"><svg aria-hidden=\"true\" class=\"e-font-icon-svg e-fas-chevron-up\" viewBox=\"0 0 448 512\" xmlns=\"http:\/\/www.w3.org\/2000\/svg\"><path d=\"M240.971 130.524l194.343 194.343c9.373 9.373 9.373 24.569 0 33.941l-22.667 22.667c-9.357 9.357-24.522 9.375-33.901.04L224 227.495 69.255 381.516c-9.379 9.335-24.544 9.317-33.901-.04l-22.667-22.667c-9.373-9.373-9.373-24.569 0-33.941L207.03 130.525c9.372-9.373 24.568-9.373 33.941-.001z\"><\/path><\/svg><\/div>\n\t\t\t\t\t<\/div>\n\t\t\t\t<div id=\"elementor-toc__1c30362\" class=\"elementor-toc__body\">\n\t\t\t<div class=\"elementor-toc__spinner-container\">\n\t\t\t\t<svg class=\"elementor-toc__spinner eicon-animation-spin e-font-icon-svg e-eicon-loading\" aria-hidden=\"true\" viewBox=\"0 0 1000 1000\" xmlns=\"http:\/\/www.w3.org\/2000\/svg\"><path d=\"M500 975V858C696 858 858 696 858 500S696 142 500 142 142 304 142 500H25C25 237 238 25 500 25S975 237 975 500 763 975 500 975Z\"><\/path><\/svg>\t\t\t<\/div>\n\t\t<\/div>\n\t\t\t\t\t\t<\/div>\n\t\t\t\t<\/div>\n\t\t\t\t\t<\/div>\n\t\t\t\t<\/div>\n\t\t<div class=\"elementor-element elementor-element-herorght0 e-con-full e-flex e-con e-child\" data-id=\"herorght0\" data-element_type=\"container\" data-e-type=\"container\">\n\t\t\t\t<div class=\"elementor-element elementor-element-heroimg00 iwg-hero-image elementor-widget elementor-widget-image\" data-id=\"heroimg00\" data-element_type=\"widget\" data-e-type=\"widget\" data-widget_type=\"image.default\">\n\t\t\t\t\t\t\t\t\t\t\t\t\t\t\t<img fetchpriority=\"high\" decoding=\"async\" width=\"683\" height=\"1024\" src=\"https:\/\/iwell-guard.com\/wp-content\/uploads\/2026\/07\/geister_keltisch_aderyn-y-corff-683x1024.webp\" class=\"attachment-large size-large wp-image-146673\" alt=\"Aderyn y Corff, duch keltsk\u00e9 tradice\" srcset=\"https:\/\/iwell-guard.com\/wp-content\/uploads\/2026\/07\/geister_keltisch_aderyn-y-corff-683x1024.webp 683w, https:\/\/iwell-guard.com\/wp-content\/uploads\/2026\/07\/geister_keltisch_aderyn-y-corff-200x300.webp 200w, https:\/\/iwell-guard.com\/wp-content\/uploads\/2026\/07\/geister_keltisch_aderyn-y-corff-768x1152.webp 768w, https:\/\/iwell-guard.com\/wp-content\/uploads\/2026\/07\/geister_keltisch_aderyn-y-corff.webp 1024w\" sizes=\"(max-width: 683px) 100vw, 683px\" \/>\t\t\t\t\t\t\t\t\t\t\t\t\t\t\t<\/div>\n\t\t\t\t<\/div>\n\t\t\t\t\t<\/div>\n\t\t\t\t<\/div>\n\t\t<div class=\"elementor-element elementor-element-32917199 e-flex e-con-boxed e-con e-parent\" data-id=\"32917199\" data-element_type=\"container\" data-e-type=\"container\">\n\t\t\t\t\t<div class=\"e-con-inner\">\n\t\t<div class=\"elementor-element elementor-element-26e916cb e-flex e-con-boxed e-con e-child\" data-id=\"26e916cb\" data-element_type=\"container\" data-e-type=\"container\">\n\t\t\t\t\t<div class=\"e-con-inner\">\n\t\t<div class=\"elementor-element elementor-element-253a40d4 e-flex e-con-boxed e-con e-child\" data-id=\"253a40d4\" data-element_type=\"container\" data-e-type=\"container\">\n\t\t\t\t\t<div class=\"e-con-inner\">\n\t\t\t\t<div class=\"elementor-element elementor-element-1200c304 elementor-widget elementor-widget-heading\" data-id=\"1200c304\" data-element_type=\"widget\" data-e-type=\"widget\" data-widget_type=\"heading.default\">\n\t\t\t\t\t<div class=\"elementor-heading-title elementor-size-default\">Aderyn y Corff<\/div>\t\t\t\t<\/div>\n\t\t\t\t<div class=\"elementor-element elementor-element-11758e7f elementor-widget elementor-widget-text-editor\" data-id=\"11758e7f\" data-element_type=\"widget\" data-e-type=\"widget\" data-widget_type=\"text-editor.default\">\n\t\t\t\t\t\t\t\t\t<p>Aderyn y Corff, mrtv\u00fd pt\u00e1k, je vel\u0161sk\u00e9 znamen\u00ed smrti. Jeho klep\u00e1n\u00ed nebo vol\u00e1n\u00ed u dve\u0159\u00ed \u010di okna domu je pova\u017eov\u00e1no za znamen\u00ed, \u017ee tam brzy zem\u0159e \u010dlov\u011bk. Lidov\u00fd v\u00fdklad ho ztoto\u017e\u0148uje se sovou, star\u0161\u00ed tradice ho poj\u00edm\u00e1 jako samostatnou, nadp\u0159irozenou bytost.<\/p><p>Jm\u00e9no se skl\u00e1d\u00e1 z <em>aderyn<\/em>, pt\u00e1k, a <em>corff<\/em> nebo <em>corph<\/em>, t\u011blo a mrtvola, a znamen\u00e1 doslova mrtv\u00fd pt\u00e1k. Jeho vol\u00e1n\u00ed je zvukomalebn\u011b tlumo\u010deno jako <em>dewch, dewch<\/em>, vel\u0161sky pro poj\u010f, poj\u010f, a je vykl\u00e1d\u00e1no jako v\u00fdzva um\u00edraj\u00edc\u00edmu, aby n\u00e1sledoval na onen sv\u011bt. Bytost je dolo\u017eena p\u0159edev\u0161\u00edm u Wirta Sikese a Marie Trevelyanov\u00e9; prameny z\u016fst\u00e1vaj\u00ed v\u00fdrazn\u011b slab\u0161\u00ed ne\u017e u Canwyll Corff, mrtv\u00e9 sv\u00ed\u010dky, nebo Cyhyraeth.<\/p>\t\t\t\t\t\t\t\t<\/div>\n\t\t\t\t\t<\/div>\n\t\t\t\t<\/div>\n\t\t<div class=\"elementor-element elementor-element-159dcf9a e-flex e-con-boxed e-con e-child\" data-id=\"159dcf9a\" data-element_type=\"container\" data-e-type=\"container\">\n\t\t\t\t\t<div class=\"e-con-inner\">\n\t\t\t\t<div class=\"elementor-element elementor-element-48cee66f elementor-widget elementor-widget-heading\" data-id=\"48cee66f\" data-element_type=\"widget\" data-e-type=\"widget\" data-widget_type=\"heading.default\">\n\t\t\t\t\t<div class=\"elementor-heading-title elementor-size-default\">Na prvn\u00ed pohled: Aderyn y Corff<\/div>\t\t\t\t<\/div>\n\t\t\t\t<div class=\"elementor-element elementor-element-3f50d82c elementor-widget elementor-widget-text-editor\" data-id=\"3f50d82c\" data-element_type=\"widget\" data-e-type=\"widget\" data-widget_type=\"text-editor.default\">\n\t\t\t\t\t\t\t\t\t<p><strong>Typ:<\/strong> Znamen\u00ed smrti v podob\u011b pt\u00e1ka, obvykle vykl\u00e1d\u00e1no jako sova<br>P\u016fvod: Vel\u0161sk\u00e1 lidov\u00e1 v\u00edra spojen\u00e1 se smrt\u00ed a p\u0159edzv\u011bstmi, venkovsk\u00fd Wales<br>Texty: Dolo\u017eeno pom\u011brn\u011b slab\u011b, p\u0159edev\u0161\u00edm u Sikese a Trevelyanov\u00e9<br>Obdob\u00ed: p\u0159edev\u0161\u00edm 18. a 19. stolet\u00ed, zaznamen\u00e1no sb\u011brateli folkloru<br>Podoba: Pt\u00e1k, obvykle ztoto\u017e\u0148ovan\u00fd se sovou, ve star\u0161\u00ed tradici bez pe\u0159\u00ed a k\u0159\u00eddel<\/p>\t\t\t\t\t\t\t\t<\/div>\n\t\t\t\t\t<\/div>\n\t\t\t\t<\/div>\n\t\t\t\t\t<\/div>\n\t\t\t\t<\/div>\n\t\t\t\t\t<\/div>\n\t\t\t\t<\/div>\n\t\t<div class=\"elementor-element elementor-element-18613602 e-flex e-con-boxed e-con e-parent\" data-id=\"18613602\" data-element_type=\"container\" data-e-type=\"container\">\n\t\t\t\t\t<div class=\"e-con-inner\">\n\t\t\t\t<div class=\"elementor-element elementor-element-262b8a9f elementor-widget elementor-widget-heading\" data-id=\"262b8a9f\" data-element_type=\"widget\" data-e-type=\"widget\" data-widget_type=\"heading.default\">\n\t\t\t\t\t<h2 class=\"elementor-heading-title elementor-size-default\">Kontext pramen\u016f<\/h2>\t\t\t\t<\/div>\n\t\t<div class=\"elementor-element elementor-element-46dcb7d e-con-full e-flex e-con e-child\" data-id=\"46dcb7d\" data-element_type=\"container\" data-e-type=\"container\">\n\t\t<div class=\"elementor-element elementor-element-61d3ab3 e-flex e-con-boxed e-con e-child\" data-id=\"61d3ab3\" data-element_type=\"container\" data-e-type=\"container\">\n\t\t\t\t\t<div class=\"e-con-inner\">\n\t\t\t\t<div class=\"elementor-element elementor-element-117c166 elementor-widget elementor-widget-heading\" data-id=\"117c166\" data-element_type=\"widget\" data-e-type=\"widget\" data-widget_type=\"heading.default\">\n\t\t\t\t\t<h3 class=\"elementor-heading-title elementor-size-default\">Zeitraum der Texte<\/h3>\t\t\t\t<\/div>\n\t\t\t\t<div class=\"elementor-element elementor-element-73997a0 elementor-widget elementor-widget-text-editor\" data-id=\"73997a0\" data-element_type=\"widget\" data-e-type=\"widget\" data-widget_type=\"text-editor.default\">\n\t\t\t\t\t\t\t\t\t<p>P\u0159edev\u0161\u00edm 18. a 19. stolet\u00ed: V tomto obdob\u00ed zaznamen\u00e1vaj\u00ed vel\u0161\u0161t\u00ed sb\u011bratel\u00e9 folkloru toto znamen\u00ed ve sv\u00fdch d\u00edlech.<\/p>\t\t\t\t\t\t\t\t<\/div>\n\t\t\t\t\t<\/div>\n\t\t\t\t<\/div>\n\t\t<div class=\"elementor-element elementor-element-d47b156 e-flex e-con-boxed e-con e-child\" data-id=\"d47b156\" data-element_type=\"container\" data-e-type=\"container\">\n\t\t\t\t\t<div class=\"e-con-inner\">\n\t\t\t\t<div class=\"elementor-element elementor-element-ff38c2b elementor-widget elementor-widget-heading\" data-id=\"ff38c2b\" data-element_type=\"widget\" data-e-type=\"widget\" data-widget_type=\"heading.default\">\n\t\t\t\t\t<h3 class=\"elementor-heading-title elementor-size-default\">Verbreitungsraum<\/h3>\t\t\t\t<\/div>\n\t\t\t\t<div class=\"elementor-element elementor-element-4e49fcc elementor-widget elementor-widget-text-editor\" data-id=\"4e49fcc\" data-element_type=\"widget\" data-e-type=\"widget\" data-widget_type=\"text-editor.default\">\n\t\t\t\t\t\t\t\t\t<p>Venkovsk\u00fd Wales, zejm\u00e9na vel\u0161sky mluv\u00edc\u00ed oblasti, kde byla v\u00edra v toto znamen\u00ed \u017eiv\u00e1.<\/p>\t\t\t\t\t\t\t\t<\/div>\n\t\t\t\t\t<\/div>\n\t\t\t\t<\/div>\n\t\t\t\t<\/div>\n\t\t<div class=\"elementor-element elementor-element-db03c39 e-con-full e-flex e-con e-child\" data-id=\"db03c39\" data-element_type=\"container\" data-e-type=\"container\">\n\t\t<div class=\"elementor-element elementor-element-229a87b e-flex e-con-boxed e-con e-child\" data-id=\"229a87b\" data-element_type=\"container\" data-e-type=\"container\">\n\t\t\t\t\t<div class=\"e-con-inner\">\n\t\t\t\t<div class=\"elementor-element elementor-element-1f471fc elementor-widget elementor-widget-heading\" data-id=\"1f471fc\" data-element_type=\"widget\" data-e-type=\"widget\" data-widget_type=\"heading.default\">\n\t\t\t\t\t<h3 class=\"elementor-heading-title elementor-size-default\">Quellenlage<\/h3>\t\t\t\t<\/div>\n\t\t\t\t<div class=\"elementor-element elementor-element-36b1201 elementor-widget elementor-widget-text-editor\" data-id=\"36b1201\" data-element_type=\"widget\" data-e-type=\"widget\" data-widget_type=\"text-editor.default\">\n\t\t\t\t\t\t\t\t\t<p>Pom\u011brn\u011b slab\u00e1: Hlavn\u00ed prameny poch\u00e1zej\u00ed od Wirta Sikese a Marie Trevelyanov\u00e9 a jsou v\u00fdrazn\u011b skromn\u011bj\u0161\u00ed ne\u017e u mrtv\u00e9 sv\u00ed\u010dky nebo Cyhyraeth.<\/p>\t\t\t\t\t\t\t\t<\/div>\n\t\t\t\t\t<\/div>\n\t\t\t\t<\/div>\n\t\t\t\t<\/div>\n\t\t\t\t\t<\/div>\n\t\t\t\t<\/div>\n\t\t<div class=\"elementor-element elementor-element-3ae0637c e-flex e-con-boxed e-con e-parent\" data-id=\"3ae0637c\" data-element_type=\"container\" data-e-type=\"container\">\n\t\t\t\t\t<div class=\"e-con-inner\">\n\t\t\t\t<div class=\"elementor-element elementor-element-31d07739 elementor-widget elementor-widget-heading\" data-id=\"31d07739\" data-element_type=\"widget\" data-e-type=\"widget\" data-widget_type=\"heading.default\">\n\t\t\t\t\t<h2 class=\"elementor-heading-title elementor-size-default\">Jm\u00e9no a varianty<\/h2>\t\t\t\t<\/div>\n\t\t<div class=\"elementor-element elementor-element-b7642947 e-con-full e-flex e-con e-child\" data-id=\"b7642947\" data-element_type=\"container\" data-e-type=\"container\">\n\t\t\t\t<div class=\"elementor-element elementor-element-a086266 elementor-widget elementor-widget-text-editor\" data-id=\"a086266\" data-element_type=\"widget\" data-e-type=\"widget\" data-widget_type=\"text-editor.default\">\n\t\t\t\t\t\t\t\t\t<p><strong>Vel\u0161tina:<\/strong> <em>aderyn<\/em> znamen\u00e1 pt\u00e1k, <em>corff<\/em> nebo <em>corph<\/em> t\u011blo nebo mrtvola: Aderyn y Corff znamen\u00e1 doslova mrtv\u00fd pt\u00e1k. Star\u0161\u00ed podoba z\u00e1pisu zn\u00ed Aderyn y Corph, roz\u0161\u00ed\u0159en\u00e1 je tak\u00e9 zjednodu\u0161en\u00e1 forma aderyn corph bez spojky y.<\/p>\t\t\t\t\t\t\t\t<\/div>\n\t\t\t\t<\/div>\n\t\t\t\t\t<\/div>\n\t\t\t\t<\/div>\n\t\t<div class=\"elementor-element elementor-element-709a44a8 e-flex e-con-boxed e-con e-parent\" data-id=\"709a44a8\" data-element_type=\"container\" data-e-type=\"container\">\n\t\t\t\t\t<div class=\"e-con-inner\">\n\t\t\t\t<div class=\"elementor-element elementor-element-2f585873 elementor-widget elementor-widget-heading\" data-id=\"2f585873\" data-element_type=\"widget\" data-e-type=\"widget\" data-widget_type=\"heading.default\">\n\t\t\t\t\t<h2 class=\"elementor-heading-title elementor-size-default\">Popis<\/h2>\t\t\t\t<\/div>\n\t\t<div class=\"elementor-element elementor-element-70621c12 e-con-full e-flex e-con e-child\" data-id=\"70621c12\" data-element_type=\"container\" data-e-type=\"container\">\n\t\t\t\t<div class=\"elementor-element elementor-element-4296eb49 elementor-widget elementor-widget-text-editor\" data-id=\"4296eb49\" data-element_type=\"widget\" data-e-type=\"widget\" data-widget_type=\"text-editor.default\">\n\t\t\t\t\t\t\t\t\t<p><strong>Podoba<\/strong><\/p><p>Aderyn y Corff se zjevuje jako pt\u00e1k, v lidov\u00e9m v\u00fdkladu nej\u010dast\u011bji jako sova. Star\u0161\u00ed tradice ho popisuje tak\u00e9 jako bytost bez pe\u0159\u00ed a k\u0159\u00eddel, kter\u00e1 mezi sv\u00fdmi zjeven\u00edmi prodl\u00e9v\u00e1 v jin\u00e9 rovin\u011b existence. Jako no\u010dn\u00ed pt\u00e1k a pt\u00e1k prah\u016f symbolizuje sova p\u0159echod mezi \u017eivotem a smrt\u00ed.<\/p><p><strong>P\u016fsoben\u00ed<\/strong><\/p><p>Pt\u00e1k v noci klepe nebo vol\u00e1 u dve\u0159\u00ed \u010di okna domu, v n\u011bm\u017e m\u00e1 brzy zem\u0159\u00edt \u010dlov\u011bk, a ozna\u010duje tak pr\u00e1h domu jako hranici mezi t\u00edmto a on\u00edm sv\u011btem. Jeho p\u016fsoben\u00ed je \u010dist\u011b ohla\u0161uj\u00edc\u00ed: smrt nezp\u016fsobuje, pouze ji hl\u00e1s\u00ed, a kdo jeho vol\u00e1n\u00ed usly\u0161\u00ed, vykl\u00e1d\u00e1 ho jako znamen\u00ed bl\u00ed\u017e\u00edc\u00edho se \u00famrt\u00ed v dom\u011b.<\/p>\t\t\t\t\t\t\t\t<\/div>\n\t\t\t\t<\/div>\n\t\t\t\t\t<\/div>\n\t\t\t\t<\/div>\n\t\t<div class=\"elementor-element elementor-element-44e71476 e-flex e-con-boxed e-con e-parent\" data-id=\"44e71476\" data-element_type=\"container\" data-e-type=\"container\">\n\t\t\t\t\t<div class=\"e-con-inner\">\n\t\t\t\t<div class=\"elementor-element elementor-element-3c1fc3f0 elementor-widget elementor-widget-heading\" data-id=\"3c1fc3f0\" data-element_type=\"widget\" data-e-type=\"widget\" data-widget_type=\"heading.default\">\n\t\t\t\t\t<h2 class=\"elementor-heading-title elementor-size-default\">Profil: Aderyn y Corff<\/h2>\t\t\t\t<\/div>\n\t\t<div class=\"elementor-element elementor-element-84f33b8e e-con-full e-flex e-con e-child\" data-id=\"84f33b8e\" data-element_type=\"container\" data-e-type=\"container\">\n\t\t\t\t<div class=\"elementor-element elementor-element-hqkdc67p elementor-widget elementor-widget-text-editor\" data-id=\"hqkdc67p\" data-element_type=\"widget\" data-e-type=\"widget\" data-widget_type=\"text-editor.default\">\n\t\t\t\t\t\t\t\t\t<p>Nejd\u016fle\u017eit\u011bj\u0161\u00ed aspekty mrtv\u00e9ho pt\u00e1ka na prvn\u00ed pohled.<\/p>\t\t\t\t\t\t\t\t<\/div>\n\t\t\t\t<\/div>\n\t\t<div class=\"elementor-element elementor-element-pemmx7c5 e-con-full e-flex e-con e-child\" data-id=\"pemmx7c5\" data-element_type=\"container\" data-e-type=\"container\">\n\t\t<div class=\"elementor-element elementor-element-pemmx7c1 e-con-full e-flex e-con e-child\" data-id=\"pemmx7c1\" data-element_type=\"container\" data-e-type=\"container\">\n\t\t<div class=\"elementor-element elementor-element-qh9oavvu iwg-steckbrief-card e-flex e-con-boxed e-con e-child\" data-id=\"qh9oavvu\" data-element_type=\"container\" data-e-type=\"container\">\n\t\t\t\t\t<div class=\"e-con-inner\">\n\t\t\t\t<div class=\"elementor-element elementor-element-awzx8k2k elementor-widget elementor-widget-heading\" data-id=\"awzx8k2k\" data-element_type=\"widget\" data-e-type=\"widget\" data-widget_type=\"heading.default\">\n\t\t\t\t\t<div class=\"elementor-heading-title elementor-size-default\">Kulturn\u00ed kontext<\/div>\t\t\t\t<\/div>\n\t\t\t\t<div class=\"elementor-element elementor-element-x6rowhv0 elementor-widget elementor-widget-text-editor\" data-id=\"x6rowhv0\" data-element_type=\"widget\" data-e-type=\"widget\" data-widget_type=\"text-editor.default\">\n\t\t\t\t\t\t\t\t\t<p>Sou\u010d\u00e1st vel\u0161sk\u00e9 tradice znamen\u00ed smrti, kter\u00e1 zn\u00e1 p\u0159edzv\u011bsti um\u00edr\u00e1n\u00ed v podob\u011b zv\u00ed\u0159at, sv\u011btla a zvuku.<\/p>\t\t\t\t\t\t\t\t<\/div>\n\t\t\t\t\t<\/div>\n\t\t\t\t<\/div>\n\t\t<div class=\"elementor-element elementor-element-8e3o4kxs iwg-steckbrief-card e-flex e-con-boxed e-con e-child\" data-id=\"8e3o4kxs\" data-element_type=\"container\" data-e-type=\"container\">\n\t\t\t\t\t<div class=\"e-con-inner\">\n\t\t\t\t<div class=\"elementor-element elementor-element-08rkdgov elementor-widget elementor-widget-heading\" data-id=\"08rkdgov\" data-element_type=\"widget\" data-e-type=\"widget\" data-widget_type=\"heading.default\">\n\t\t\t\t\t<div class=\"elementor-heading-title elementor-size-default\">Vztahuje se na<\/div>\t\t\t\t<\/div>\n\t\t\t\t<div class=\"elementor-element elementor-element-uwjelx8s elementor-widget elementor-widget-text-editor\" data-id=\"uwjelx8s\" data-element_type=\"widget\" data-e-type=\"widget\" data-widget_type=\"text-editor.default\">\n\t\t\t\t\t\t\t\t\t<p>Brzy um\u00edraj\u00edc\u00edho a jeho dom\u00e1cnost, u jejich\u017e dve\u0159\u00ed nebo okna se pt\u00e1k objevuje.<\/p>\t\t\t\t\t\t\t\t<\/div>\n\t\t\t\t\t<\/div>\n\t\t\t\t<\/div>\n\t\t<div class=\"elementor-element elementor-element-jm2n74ec iwg-steckbrief-card e-flex e-con-boxed e-con e-child\" data-id=\"jm2n74ec\" data-element_type=\"container\" data-e-type=\"container\">\n\t\t\t\t\t<div class=\"e-con-inner\">\n\t\t\t\t<div class=\"elementor-element elementor-element-8vufse4c elementor-widget elementor-widget-heading\" data-id=\"8vufse4c\" data-element_type=\"widget\" data-e-type=\"widget\" data-widget_type=\"heading.default\">\n\t\t\t\t\t<div class=\"elementor-heading-title elementor-size-default\">Zobrazen\u00ed<\/div>\t\t\t\t<\/div>\n\t\t\t\t<div class=\"elementor-element elementor-element-mwb9u015 elementor-widget elementor-widget-text-editor\" data-id=\"mwb9u015\" data-element_type=\"widget\" data-e-type=\"widget\" data-widget_type=\"text-editor.default\">\n\t\t\t\t\t\t\t\t\t<p>Nej\u010dast\u011bji vykl\u00e1d\u00e1n jako sova, ve star\u0161\u00ed tradici i jako bytost bez pe\u0159\u00ed a k\u0159\u00eddel bez pevn\u00e9 pta\u010d\u00ed podoby.<\/p>\t\t\t\t\t\t\t\t<\/div>\n\t\t\t\t\t<\/div>\n\t\t\t\t<\/div>\n\t\t\t\t<\/div>\n\t\t<div class=\"elementor-element elementor-element-pemmx7c2 e-con-full e-flex e-con e-child\" data-id=\"pemmx7c2\" data-element_type=\"container\" data-e-type=\"container\">\n\t\t<div class=\"elementor-element elementor-element-37ss2yr6 iwg-steckbrief-card e-flex e-con-boxed e-con e-child\" data-id=\"37ss2yr6\" data-element_type=\"container\" data-e-type=\"container\">\n\t\t\t\t\t<div class=\"e-con-inner\">\n\t\t\t\t<div class=\"elementor-element elementor-element-3v0wp3wx elementor-widget elementor-widget-heading\" data-id=\"3v0wp3wx\" data-element_type=\"widget\" data-e-type=\"widget\" data-widget_type=\"heading.default\">\n\t\t\t\t\t<div class=\"elementor-heading-title elementor-size-default\">Funkce<\/div>\t\t\t\t<\/div>\n\t\t\t\t<div class=\"elementor-element elementor-element-w3247g2m elementor-widget elementor-widget-text-editor\" data-id=\"w3247g2m\" data-element_type=\"widget\" data-e-type=\"widget\" data-widget_type=\"text-editor.default\">\n\t\t\t\t\t\t\t\t\t<p>\u010cist\u00e9 znamen\u00ed: Jeho klep\u00e1n\u00ed ohla\u0161uje bl\u00ed\u017e\u00edc\u00ed se smrt v dom\u011b, ale nezp\u016fsobuje ji.<\/p>\t\t\t\t\t\t\t\t<\/div>\n\t\t\t\t\t<\/div>\n\t\t\t\t<\/div>\n\t\t<div class=\"elementor-element elementor-element-0qpjal9w iwg-steckbrief-card e-flex e-con-boxed e-con e-child\" data-id=\"0qpjal9w\" data-element_type=\"container\" data-e-type=\"container\">\n\t\t\t\t\t<div class=\"e-con-inner\">\n\t\t\t\t<div class=\"elementor-element elementor-element-6ndoih0o elementor-widget elementor-widget-heading\" data-id=\"6ndoih0o\" data-element_type=\"widget\" data-e-type=\"widget\" data-widget_type=\"heading.default\">\n\t\t\t\t\t<div class=\"elementor-heading-title elementor-size-default\">Zach\u00e1zen\u00ed<\/div>\t\t\t\t<\/div>\n\t\t\t\t<div class=\"elementor-element elementor-element-6684tyh9 elementor-widget elementor-widget-text-editor\" data-id=\"6684tyh9\" data-element_type=\"widget\" data-e-type=\"widget\" data-widget_type=\"text-editor.default\">\n\t\t\t\t\t\t\t\t\t<p>\u017d\u00e1dn\u00fd za\u0159\u00edk\u00e1vac\u00ed ritu\u00e1l nen\u00ed dolo\u017een; vol\u00e1n\u00ed se pouze vykl\u00e1d\u00e1 a \u010dlov\u011bk se p\u0159ipravuje na bl\u00ed\u017e\u00edc\u00ed se smrt.<\/p>\t\t\t\t\t\t\t\t<\/div>\n\t\t\t\t\t<\/div>\n\t\t\t\t<\/div>\n\t\t<div class=\"elementor-element elementor-element-3lfi7x32 iwg-steckbrief-card e-flex e-con-boxed e-con e-child\" data-id=\"3lfi7x32\" data-element_type=\"container\" data-e-type=\"container\">\n\t\t\t\t\t<div class=\"e-con-inner\">\n\t\t\t\t<div class=\"elementor-element elementor-element-0kg99ga1 elementor-widget elementor-widget-heading\" data-id=\"0kg99ga1\" data-element_type=\"widget\" data-e-type=\"widget\" data-widget_type=\"heading.default\">\n\t\t\t\t\t<div class=\"elementor-heading-title elementor-size-default\">P\u0159\u00edbuzn\u00e9<\/div>\t\t\t\t<\/div>\n\t\t\t\t<div class=\"elementor-element elementor-element-n0fum6kp elementor-widget elementor-widget-text-editor\" data-id=\"n0fum6kp\" data-element_type=\"widget\" data-e-type=\"widget\" data-widget_type=\"text-editor.default\">\n\t\t\t\t\t\t\t\t\t<p><a href=\"https:\/\/iwell-guard.com\/cs\/?page_id=146195\">Cyhyraeth<\/a>, <a href=\"https:\/\/iwell-guard.com\/cs\/?page_id=146204\">Gwrach y Rhibyn<\/a> a <a href=\"https:\/\/iwell-guard.com\/cs\/?page_id=146177\">Cwn Annwn<\/a> jako dal\u0161\u00ed vel\u0161\u0161t\u00ed poslov\u00e9 smrti.<\/p>\t\t\t\t\t\t\t\t<\/div>\n\t\t\t\t\t<\/div>\n\t\t\t\t<\/div>\n\t\t\t\t<\/div>\n\t\t\t\t<\/div>\n\t\t\t\t\t<\/div>\n\t\t\t\t<\/div>\n\t\t<div class=\"elementor-element elementor-element-7533bc7a e-flex e-con-boxed e-con e-parent\" data-id=\"7533bc7a\" data-element_type=\"container\" data-e-type=\"container\">\n\t\t\t\t\t<div class=\"e-con-inner\">\n\t\t\t\t<div class=\"elementor-element elementor-element-2447d18d elementor-widget elementor-widget-heading\" data-id=\"2447d18d\" data-element_type=\"widget\" data-e-type=\"widget\" data-widget_type=\"heading.default\">\n\t\t\t\t\t<h2 class=\"elementor-heading-title elementor-size-default\">Vol\u00e1n\u00ed poj\u010f, poj\u010f a v\u00fdklad jako sova<\/h2>\t\t\t\t<\/div>\n\t\t<div class=\"elementor-element elementor-element-d5d0260c e-con-full e-flex e-con e-child\" data-id=\"d5d0260c\" data-element_type=\"container\" data-e-type=\"container\">\n\t\t\t\t<div class=\"elementor-element elementor-element-341be2ac elementor-widget elementor-widget-text-editor\" data-id=\"341be2ac\" data-element_type=\"widget\" data-e-type=\"widget\" data-widget_type=\"text-editor.default\">\n\t\t\t\t\t\t\t\t\t<p>Vol\u00e1n\u00ed pt\u00e1ka je zvukomalebn\u011b tlumo\u010deno jako <em>dewch, dewch<\/em>, vel\u0161sky pro poj\u010f, poj\u010f, a je ch\u00e1p\u00e1no jako v\u00fdzva um\u00edraj\u00edc\u00edmu, aby n\u00e1sledoval na onen sv\u011bt. N\u011bkte\u0159\u00ed sb\u011bratel\u00e9 upozor\u0148uj\u00ed, \u017ee se toto slovn\u00ed spojen\u00ed objevuje tak\u00e9 ve vel\u0161sk\u00e9m p\u0159ekladu Bible, co\u017e b\u00fdv\u00e1 diskutov\u00e1no jako mo\u017en\u00fd p\u016fvod t\u00e9to p\u0159edstavy.<\/p><p>Racionalizuj\u00edc\u00ed v\u00fdklad spat\u0159uje ve zjeven\u00ed sovu, kterou p\u0159itahuje sv\u011btlo v pokoji nemocn\u00e9ho. Aderyn y Corff je dolo\u017een p\u0159edev\u0161\u00edm u Wirta Sikese a Marie Trevelyanov\u00e9; prameny z\u016fst\u00e1vaj\u00ed v\u00fdrazn\u011b slab\u0161\u00ed ne\u017e u <a href=\"https:\/\/iwell-guard.com\/cs\/?page_id=146187\">Canwyll Corff<\/a>, mrtv\u00e9 sv\u00ed\u010dky, nebo Cyhyraeth.<\/p>\t\t\t\t\t\t\t\t<\/div>\n\t\t\t\t<\/div>\n\t\t\t\t\t<\/div>\n\t\t\t\t<\/div>\n\t\t<div class=\"elementor-element elementor-element-5a584676 e-flex e-con-boxed e-con e-parent\" data-id=\"5a584676\" data-element_type=\"container\" data-e-type=\"container\">\n\t\t\t\t\t<div class=\"e-con-inner\">\n\t\t\t\t<div class=\"elementor-element elementor-element-6d0757bf elementor-widget elementor-widget-heading\" data-id=\"6d0757bf\" data-element_type=\"widget\" data-e-type=\"widget\" data-widget_type=\"heading.default\">\n\t\t\t\t\t<h2 class=\"elementor-heading-title elementor-size-default\">M\u00e1lo zn\u00e1m\u00e9 vel\u0161sk\u00e9 znamen\u00ed<\/h2>\t\t\t\t<\/div>\n\t\t<div class=\"elementor-element elementor-element-60563f68 e-con-full e-flex e-con e-child\" data-id=\"60563f68\" data-element_type=\"container\" data-e-type=\"container\">\n\t\t\t\t<div class=\"elementor-element elementor-element-5a93fdd6 elementor-widget elementor-widget-text-editor\" data-id=\"5a93fdd6\" data-element_type=\"widget\" data-e-type=\"widget\" data-widget_type=\"text-editor.default\">\n\t\t\t\t\t\t\t\t\t<p>Aderyn y Corff je v popul\u00e1rn\u00ed kultu\u0159e zpracov\u00e1n v\u00fdrazn\u011b m\u00e9n\u011b ne\u017e Cwn Annwn nebo mrtv\u00e1 sv\u00ed\u010dka. Objevuje se p\u0159edev\u0161\u00edm ve sb\u00edrk\u00e1ch vel\u0161sk\u00fdch znamen\u00ed smrti a v p\u0159ehledov\u00fdch folkloristick\u00fdch prac\u00edch, a z\u016fst\u00e1v\u00e1 tak sp\u00ed\u0161e region\u00e1ln\u00edm a m\u00e1lo zn\u00e1m\u00fdm motivem.<\/p><p>Z religionistick\u00e9ho hlediska je Aderyn y Corff klasick\u00fdm znamen\u00edm smrti a p\u0159\u00edkladem typick\u00e9ho propojen\u00ed p\u0159edk\u0159es\u0165ansk\u00fdch p\u0159edstav o onom sv\u011bt\u011b s k\u0159es\u0165ansko-biblick\u00fdmi motivy, jak je pro vel\u0161sk\u00fd folklor charakteristick\u00e9. Pt\u00e1k jako poutn\u00edk mezi sv\u011bty ohla\u0161uje smrt, ani\u017e by ji s\u00e1m zp\u016fsoboval.<\/p>\t\t\t\t\t\t\t\t<\/div>\n\t\t\t\t<\/div>\n\t\t\t\t\t<\/div>\n\t\t\t\t<\/div>\n\t\t<div class=\"elementor-element elementor-element-cp9a031aa e-flex e-con-boxed e-con e-parent\" data-id=\"cp9a031aa\" data-element_type=\"container\" data-e-type=\"container\">\n\t\t\t\t\t<div class=\"e-con-inner\">\n\t\t\t\t<div class=\"elementor-element elementor-element-cp9193514 elementor-widget elementor-widget-heading\" data-id=\"cp9193514\" data-element_type=\"widget\" data-e-type=\"widget\" data-widget_type=\"heading.default\">\n\t\t\t\t\t<h2 class=\"elementor-heading-title elementor-size-default\">Jak \u010delit vol\u00e1n\u00ed: bd\u011bn\u00ed m\u00edsto za\u0159\u00edk\u00e1v\u00e1n\u00ed<\/h2>\t\t\t\t<\/div>\n\t\t<div class=\"elementor-element elementor-element-cp02ca0ee e-con-full e-flex e-con e-child\" data-id=\"cp02ca0ee\" data-element_type=\"container\" data-e-type=\"container\">\n\t\t\t\t<div class=\"elementor-element elementor-element-cp444e0f1 elementor-widget elementor-widget-text-editor\" data-id=\"cp444e0f1\" data-element_type=\"widget\" data-e-type=\"widget\" data-widget_type=\"text-editor.default\">\n\t\t\t\t\t\t\t\t\t<p>Prameny k obrann\u00fdm praktik\u00e1m jsou up\u0159\u00edmn\u011b \u0159e\u010deno slab\u00e9: \u017e\u00e1dn\u00e9 ov\u011b\u0159en\u00e9 ochrann\u00e9 ritu\u00e1ly proti Aderyn y Corff se nedochovaly, proto\u017ee jde o \u010dist\u00e9 znamen\u00ed, kter\u00e9 pouze ohla\u0161uje to, co se stejn\u011b stane. Lidov\u00e1 tradice tu nezn\u00e1 \u017e\u00e1dn\u00e9 \u00fa\u010dinn\u00e9 za\u0159\u00edk\u00e1n\u00ed; dolo\u017eeno je pouze vykl\u00e1d\u00e1n\u00ed znamen\u00ed a p\u0159\u00edprava na bl\u00ed\u017e\u00edc\u00ed se smrt.<\/p><p>V \u0161ir\u0161\u00edm okol\u00ed um\u00edraj\u00edc\u00edho domu platila <a href=\"https:\/\/iwell-guard.com\/cs\/svecena-voda\/\">sv\u011bcen\u00e1 voda<\/a> za k\u0159es\u0165ansk\u00e9 znamen\u00ed p\u0159i zach\u00e1zen\u00ed s t\u00edmto znamen\u00edm smrti, sv\u011btlo <a href=\"https:\/\/iwell-guard.com\/cs\/ochranna-svice\/\">ochrann\u00e9 sv\u00edce<\/a> jako sou\u010d\u00e1st bd\u011bn\u00ed u zesnul\u00e9ho, na kter\u00e9 znamen\u00ed p\u0159ipravuje, a zvuk posv\u011bcen\u00fdch <a href=\"https:\/\/iwell-guard.com\/cs\/zvony-rolnicky-hlucna-ochrana\/\">zvon\u016f<\/a> jako ochrann\u00e9 znamen\u00ed proti ne\u0161t\u011bst\u00ed na domech.<\/p>\t\t\t\t\t\t\t\t<\/div>\n\t\t\t\t<\/div>\n\t\t\t\t\t<\/div>\n\t\t\t\t<\/div>\n\t\t<div class=\"elementor-element elementor-element-cp11de5b2 e-flex e-con-boxed e-con e-parent\" data-id=\"cp11de5b2\" data-element_type=\"container\" data-e-type=\"container\">\n\t\t\t\t\t<div class=\"e-con-inner\">\n\t\t\t\t<div class=\"elementor-element elementor-element-cp8d35271 elementor-widget elementor-widget-heading\" data-id=\"cp8d35271\" data-element_type=\"widget\" data-e-type=\"widget\" data-widget_type=\"heading.default\">\n\t\t\t\t\t<h2 class=\"elementor-heading-title elementor-size-default\">Poslov\u00e9 smrti ve Walesu a jinde<\/h2>\t\t\t\t<\/div>\n\t\t<div class=\"elementor-element elementor-element-cp02f26b8 e-con-full e-flex e-con e-child\" data-id=\"cp02f26b8\" data-element_type=\"container\" data-e-type=\"container\">\n\t\t\t\t<div class=\"elementor-element elementor-element-cp58c4390 elementor-widget elementor-widget-text-editor\" data-id=\"cp58c4390\" data-element_type=\"widget\" data-e-type=\"widget\" data-widget_type=\"text-editor.default\">\n\t\t\t\t\t\t\t\t\t<p>Aderyn y Corff stoj\u00ed ve Walesu vedle dal\u0161\u00edch znamen\u00ed smrti: mrtv\u00e9 sv\u00ed\u010dky <a href=\"https:\/\/iwell-guard.com\/cs\/?page_id=146187\">Canwyll Corff<\/a>, bezt\u011blesn\u00e9ho lamentu jm\u00e9nem <a href=\"https:\/\/iwell-guard.com\/cs\/?page_id=146195\">Cyhyraeth<\/a> a o\u0161kliv\u00e9 pla\u010dky <a href=\"https:\/\/iwell-guard.com\/cs\/?page_id=146204\">Gwrach y Rhibyn<\/a>. Mimo Wales se \u0159ad\u00ed mezi roz\u0161\u00ed\u0159en\u00e1 evropsk\u00e1 pta\u010d\u00ed znamen\u00ed smrti, v nich\u017e sova, havran a straka plat\u00ed za posl\u00edky ne\u0161t\u011bst\u00ed a smrti.<\/p><p>Jako dal\u0161\u00ed kelt\u0161t\u00ed poslov\u00e9 smrti ohla\u0161uj\u00ed smrt sv\u00fdm vlastn\u00edm zp\u016fsobem, odli\u0161n\u00fdm od Aderyn y Corff, skotsk\u00e1 <a href=\"https:\/\/iwell-guard.com\/cs\/?page_id=146175\">Bean Nighe<\/a> sv\u00fdm na\u0159\u00edk\u00e1n\u00edm u brodu a bretonsk\u00fd <a href=\"https:\/\/iwell-guard.com\/cs\/?page_id=146176\">Ankou<\/a> vrz\u00e1n\u00edm sv\u00e9ho vozu smrti; vel\u0161sk\u00fd sme\u010dkov\u00fd p\u0159\u00edzrak <a href=\"https:\/\/iwell-guard.com\/cs\/?page_id=146177\">Cwn Annwn<\/a> se pak \u017eene v hejnu p\u0159es no\u010dn\u00ed nebe.<\/p>\t\t\t\t\t\t\t\t<\/div>\n\t\t\t\t<\/div>\n\t\t\t\t\t<\/div>\n\t\t\t\t<\/div>\n\t\t<div class=\"elementor-element elementor-element-cp406577c e-flex e-con-boxed e-con e-parent\" data-id=\"cp406577c\" data-element_type=\"container\" data-e-type=\"container\">\n\t\t\t\t\t<div class=\"e-con-inner\">\n\t\t\t\t<div class=\"elementor-element elementor-element-cpdd9c543 elementor-widget elementor-widget-heading\" data-id=\"cpdd9c543\" data-element_type=\"widget\" data-e-type=\"widget\" data-widget_type=\"heading.default\">\n\t\t\t\t\t<h2 class=\"elementor-heading-title elementor-size-default\">\u010casto kladen\u00e9 ot\u00e1zky k Aderyn y Corff<\/h2>\t\t\t\t<\/div>\n\t\t<div class=\"elementor-element elementor-element-cp9e731bb e-con-full e-flex e-con e-child\" data-id=\"cp9e731bb\" data-element_type=\"container\" data-e-type=\"container\">\n\t\t\t\t<div class=\"elementor-element elementor-element-cpa7c898c elementor-widget elementor-widget-text-editor\" data-id=\"cpa7c898c\" data-element_type=\"widget\" data-e-type=\"widget\" data-widget_type=\"text-editor.default\">\n\t\t\t\t\t\t\t\t\t<p><strong>Je Aderyn y Corff skute\u010dn\u00e1 sova?<\/strong><\/p><p>V racionalizuj\u00edc\u00edm lidov\u00e9m v\u00fdkladu ano: jde o v\u00fdreka, kter\u00e9ho p\u0159itahuje sv\u011btlo z pokoje nemocn\u00e9ho. Ve star\u0161\u00edm pod\u00e1n\u00ed je v\u0161ak pokl\u00e1d\u00e1n za nadp\u0159irozenou bytost, m\u00edsty dokonce bez pe\u0159\u00ed a k\u0159\u00eddel.<\/p><p><strong>Co znamen\u00e1 jeho vol\u00e1n\u00ed?<\/strong><\/p><p>Vol\u00e1n\u00ed zn\u00ed jako dewch, dewch, vel\u0161sky poj\u010f, poj\u010f, a je vykl\u00e1d\u00e1no jako v\u00fdzva um\u00edraj\u00edc\u00edmu, aby n\u00e1sledoval na onen sv\u011bt.<\/p><p><strong>P\u0159in\u00e1\u0161\u00ed tento pt\u00e1k smrt?<\/strong><\/p><p>Ne. Je pouze p\u0159edzv\u011bst\u00ed, kter\u00e1 oznamuje bl\u00ed\u017e\u00edc\u00ed se smrt v dom\u011b, ale sama ji nezp\u016fsobuje.<\/p>\t\t\t\t\t\t\t\t<\/div>\n\t\t\t\t<\/div>\n\t\t\t\t\t<\/div>\n\t\t\t\t<\/div>\n\t\t<div class=\"elementor-element elementor-element-36dd7469 e-flex e-con-boxed e-con e-parent\" data-id=\"36dd7469\" data-element_type=\"container\" data-e-type=\"container\">\n\t\t\t\t\t<div class=\"e-con-inner\">\n\t\t\t\t<div class=\"elementor-element elementor-element-13760ab4 elementor-widget elementor-widget-heading\" data-id=\"13760ab4\" data-element_type=\"widget\" data-e-type=\"widget\" data-widget_type=\"heading.default\">\n\t\t\t\t\t<h2 class=\"elementor-heading-title elementor-size-default\">Souvisej\u00edc\u00ed odkazy<\/h2>\t\t\t\t<\/div>\n\t\t<div class=\"elementor-element elementor-element-28c87796 e-con-full e-flex e-con e-child\" data-id=\"28c87796\" data-element_type=\"container\" data-e-type=\"container\">\n\t\t\t\t<div class=\"elementor-element elementor-element-5d6538df elementor-widget elementor-widget-text-editor\" data-id=\"5d6538df\" data-element_type=\"widget\" data-e-type=\"widget\" data-widget_type=\"text-editor.default\">\n\t\t\t\t\t\t\t\t\t<p>Doporu\u010den\u00e9 intern\u00ed odkazy:<\/p><ul><li><a href=\"https:\/\/iwell-guard.com\/cs\/keltska\/\">Keltsk\u00e1 tradice<\/a> \u2013 bytosti keltsk\u00e9ho pod\u00e1n\u00ed<\/li><li><a href=\"https:\/\/iwell-guard.com\/cs\/?page_id=146187\">Canwyll Corff<\/a> \u2013 vel\u0161sk\u00e1 mrtv\u00e1 sv\u00edce<\/li><li><a href=\"https:\/\/iwell-guard.com\/cs\/?page_id=146195\">Cyhyraeth<\/a>, <a href=\"https:\/\/iwell-guard.com\/cs\/?page_id=146204\">Gwrach y Rhibyn<\/a> \u2013 dal\u0161\u00ed vel\u0161sk\u00e1 znamen\u00ed smrti<\/li><li><a href=\"https:\/\/iwell-guard.com\/cs\/svecena-voda\/\">Sv\u011bcen\u00e1 voda<\/a>, <a href=\"https:\/\/iwell-guard.com\/cs\/ochranna-svice\/\">ochrann\u00e1 sv\u00edce<\/a>, <a href=\"https:\/\/iwell-guard.com\/cs\/zvony-rolnicky-hlucna-ochrana\/\">zvony<\/a> \u2013 tradi\u010dn\u00ed ochrann\u00e9 prost\u0159edky<\/li><li><a href=\"https:\/\/iwell-guard.com\/cs\/kompas-ochrany\/\">Kompas ochrany<\/a> \u2013 p\u0159ehled ochrann\u00fdch prost\u0159edk\u016f<\/li><\/ul>\t\t\t\t\t\t\t\t<\/div>\n\t\t\t\t<\/div>\n\t\t\t\t\t<\/div>\n\t\t\t\t<\/div>\n\t\t<div class=\"elementor-element elementor-element-grl4kl40 e-flex e-con-boxed e-con e-parent\" data-id=\"grl4kl40\" data-element_type=\"container\" data-e-type=\"container\">\n\t\t\t\t\t<div class=\"e-con-inner\">\n\t\t\t\t<div class=\"elementor-element elementor-element-bzsbfrmh elementor-widget elementor-widget-heading\" data-id=\"bzsbfrmh\" data-element_type=\"widget\" data-e-type=\"widget\" data-widget_type=\"heading.default\">\n\t\t\t\t\t<h2 class=\"elementor-heading-title elementor-size-default\">Literatura (v\u00fdb\u011br)<\/h2>\t\t\t\t<\/div>\n\t\t<div class=\"elementor-element elementor-element-2c13224a e-con-full e-flex e-con e-child\" data-id=\"2c13224a\" data-element_type=\"container\" data-e-type=\"container\">\n\t\t\t\t<div class=\"elementor-element elementor-element-0eymh9ub elementor-widget elementor-widget-text-editor\" data-id=\"0eymh9ub\" data-element_type=\"widget\" data-e-type=\"widget\" data-widget_type=\"text-editor.default\">\n\t\t\t\t\t\t\t\t\t<footer class=\"iwg-literatur\" data-nosnippet=\"true\"><p>V\u00fdb\u011br kl\u00ed\u010dov\u00fdch pramen\u016f a studi\u00ed:<\/p><ul><li><span data-nosnippet>Sikes, Wirt: <em>British Goblins. Welsh Folk-Lore, Fairy Mythology, Legends and Traditions<\/em>. London 1880.<\/span><\/li><li><span data-nosnippet>Trevelyan, Marie: <em>Folk-Lore and Folk-Stories of Wales<\/em>. London 1909.<\/span><\/li><li><span data-nosnippet>MacKillop, James: <em>Dictionary of Celtic Mythology<\/em>. Oxford 1998.<\/span><\/li><\/ul><\/footer>\n<p class=\"iwg-bib-more\"><span data-nosnippet>Dal\u0161\u00ed standardn\u00ed d\u00edla v <a href=\"https:\/\/iwell-guard.com\/cs\/literatura\/\">seznamu literatury<\/a>.<\/span><\/p>\t\t\t\t\t\t\t\t<\/div>\n\t\t\t\t<\/div>\n\t\t\t\t\t<\/div>\n\t\t\t\t<\/div>\n\t\t<div class=\"elementor-element elementor-element-iwgkw2-add-hulijing e-flex e-con-boxed e-con e-parent\" data-id=\"iwgkw2-add-hulijing\" data-element_type=\"container\" data-e-type=\"container\">\n\t\t\t\t\t<div class=\"e-con-inner\">\n\t\t\t\t<div class=\"elementor-element elementor-element-iwgkw2-add-hulijing-t elementor-widget elementor-widget-text-editor\" data-id=\"iwgkw2-add-hulijing-t\" data-element_type=\"widget\" data-e-type=\"widget\" data-widget_type=\"text-editor.default\">\n\t\t\t\t\t\t\t\t\t<p>Jako vel\u0161sk\u00fd pt\u00e1k smrti z\u016fst\u00e1v\u00e1 Aderyn y Corff, vyhled\u00e1van\u00fd tak\u00e9 jako aderyn corph, pom\u011brn\u011b m\u00e1lo zn\u00e1m\u00fdm, ale v\u00fdsti\u017en\u00fdm p\u0159\u00edkladem vel\u0161sk\u00fdch znamen\u00ed smrti: pta\u010d\u00ed vol\u00e1n\u00ed, kter\u00e9 zvukem otev\u00edr\u00e1 hranici mezi t\u00edmto a on\u00edm sv\u011btem.<\/p>\t\t\t\t\t\t\t\t<\/div>\n\t\t\t\t\t<\/div>\n\t\t\t\t<\/div>\n\t\t\t\t<\/div>\n\t\t","protected":false},"excerpt":{"rendered":"","protected":false},"author":3,"featured_media":20195,"parent":0,"menu_order":0,"comment_status":"closed","ping_status":"closed","template":"elementor_header_footer","meta":{"_yoast_wpseo_focuskw":"aderyn y corff","_yoast_wpseo_title":"Aderyn y Corff \u2013 vel\u0161sk\u00fd mrtv\u00fd pt\u00e1k","_yoast_wpseo_metadesc":"Aderyn y Corff, vel\u0161sk\u00fd mrtv\u00fd pt\u00e1k. P\u0159ehled o p\u016fvodu, vol\u00e1n\u00ed u dve\u0159\u00ed, v\u00fdkladu jako sovy a za\u0159azen\u00ed mezi znamen\u00ed smrti.","_yoast_wpseo_meta-robots-noindex":"","_yoast_wpseo_canonical":"","_angie_page":false,"gefaehrdungsstufe":"1","wesen_kultur":"keltisch","wesen_klasse":"geister","footnotes":""},"categories":[],"class_list":["post-146181","page","type-page","status-publish","has-post-thumbnail","hentry"],"yoast_head":"<!-- This site is optimized with the Yoast SEO Premium plugin v27.7 (Yoast SEO v28.3) - https:\/\/yoast.com\/product\/yoast-seo-premium-wordpress\/ -->\n<title>Aderyn y Corff \u2013 vel\u0161sk\u00fd mrtv\u00fd pt\u00e1k<\/title>\n<meta name=\"description\" content=\"Aderyn y Corff, vel\u0161sk\u00fd mrtv\u00fd pt\u00e1k. P\u0159ehled o p\u016fvodu, vol\u00e1n\u00ed u dve\u0159\u00ed, v\u00fdkladu jako sovy a za\u0159azen\u00ed mezi znamen\u00ed smrti.\" \/>\n<meta name=\"robots\" content=\"index, follow, max-snippet:-1, max-image-preview:large, max-video-preview:-1\" \/>\n<link rel=\"canonical\" href=\"https:\/\/iwell-guard.com\/cs\/aderyn-y-corff\/\" \/>\n<meta property=\"og:locale\" content=\"cs_CZ\" \/>\n<meta property=\"og:type\" content=\"article\" \/>\n<meta property=\"og:title\" content=\"Aderyn y Corff\" \/>\n<meta property=\"og:description\" content=\"Aderyn y Corff, vel\u0161sk\u00fd mrtv\u00fd pt\u00e1k. P\u0159ehled o p\u016fvodu, vol\u00e1n\u00ed u dve\u0159\u00ed, v\u00fdkladu jako sovy a za\u0159azen\u00ed mezi znamen\u00ed smrti.\" \/>\n<meta property=\"og:url\" content=\"https:\/\/iwell-guard.com\/cs\/aderyn-y-corff\/\" \/>\n<meta property=\"og:site_name\" content=\"iWell Guard\" \/>\n<meta property=\"article:modified_time\" content=\"2026-09-03T17:16:21+00:00\" \/>\n<meta property=\"og:image\" content=\"https:\/\/iwell-guard.com\/wp-content\/uploads\/2026\/07\/geister_keltisch_aderyn-y-corff.webp\" \/>\n\t<meta property=\"og:image:width\" content=\"1024\" \/>\n\t<meta property=\"og:image:height\" content=\"1536\" \/>\n\t<meta property=\"og:image:type\" content=\"image\/webp\" \/>\n<meta name=\"twitter:card\" content=\"summary_large_image\" \/>\n<script type=\"application\/ld+json\" class=\"yoast-schema-graph\">{\"@context\":\"https:\\\/\\\/schema.org\",\"@graph\":[{\"@type\":\"WebPage\",\"@id\":\"https:\\\/\\\/iwell-guard.com\\\/cs\\\/aderyn-y-corff\\\/\",\"url\":\"https:\\\/\\\/iwell-guard.com\\\/cs\\\/aderyn-y-corff\\\/\",\"name\":\"Aderyn y Corff \u2013 vel\u0161sk\u00fd mrtv\u00fd pt\u00e1k\",\"isPartOf\":{\"@id\":\"https:\\\/\\\/iwell-guard.com\\\/cs\\\/#website\"},\"primaryImageOfPage\":{\"@id\":\"https:\\\/\\\/iwell-guard.com\\\/cs\\\/aderyn-y-corff\\\/#primaryimage\"},\"image\":{\"@id\":\"https:\\\/\\\/iwell-guard.com\\\/cs\\\/aderyn-y-corff\\\/#primaryimage\"},\"thumbnailUrl\":\"https:\\\/\\\/iwell-guard.com\\\/wp-content\\\/uploads\\\/2026\\\/07\\\/geister_keltisch_aderyn-y-corff.webp\",\"datePublished\":\"2026-09-03T16:42:07+00:00\",\"dateModified\":\"2026-09-03T17:16:21+00:00\",\"description\":\"Aderyn y Corff, vel\u0161sk\u00fd mrtv\u00fd pt\u00e1k. P\u0159ehled o p\u016fvodu, vol\u00e1n\u00ed u dve\u0159\u00ed, v\u00fdkladu jako sovy a za\u0159azen\u00ed mezi znamen\u00ed smrti.\",\"breadcrumb\":{\"@id\":\"https:\\\/\\\/iwell-guard.com\\\/cs\\\/aderyn-y-corff\\\/#breadcrumb\"},\"inLanguage\":\"cs\",\"potentialAction\":[{\"@type\":\"ReadAction\",\"target\":[\"https:\\\/\\\/iwell-guard.com\\\/cs\\\/aderyn-y-corff\\\/\"]}]},{\"@type\":\"ImageObject\",\"inLanguage\":\"cs\",\"@id\":\"https:\\\/\\\/iwell-guard.com\\\/cs\\\/aderyn-y-corff\\\/#primaryimage\",\"url\":\"https:\\\/\\\/iwell-guard.com\\\/wp-content\\\/uploads\\\/2026\\\/07\\\/geister_keltisch_aderyn-y-corff.webp\",\"contentUrl\":\"https:\\\/\\\/iwell-guard.com\\\/wp-content\\\/uploads\\\/2026\\\/07\\\/geister_keltisch_aderyn-y-corff.webp\",\"width\":1024,\"height\":1536,\"caption\":\"Aderyn y Corff, duch keltsk\u00e9 tradice\"},{\"@type\":\"BreadcrumbList\",\"@id\":\"https:\\\/\\\/iwell-guard.com\\\/cs\\\/aderyn-y-corff\\\/#breadcrumb\",\"itemListElement\":[{\"@type\":\"ListItem\",\"position\":1,\"name\":\"Start\",\"item\":\"https:\\\/\\\/iwell-guard.com\\\/cs\\\/?page_id=145107\"},{\"@type\":\"ListItem\",\"position\":2,\"name\":\"Aderyn y Corff\"}]},{\"@type\":\"WebSite\",\"@id\":\"https:\\\/\\\/iwell-guard.com\\\/cs\\\/#website\",\"url\":\"https:\\\/\\\/iwell-guard.com\\\/cs\\\/\",\"name\":\"iWell Guard\",\"description\":\"Schutz vor dunklen Einfl\u00fcssen\",\"publisher\":{\"@id\":\"https:\\\/\\\/iwell-guard.com\\\/cs\\\/#organization\"},\"potentialAction\":[{\"@type\":\"SearchAction\",\"target\":{\"@type\":\"EntryPoint\",\"urlTemplate\":\"https:\\\/\\\/iwell-guard.com\\\/cs\\\/?s={search_term_string}\"},\"query-input\":{\"@type\":\"PropertyValueSpecification\",\"valueRequired\":true,\"valueName\":\"search_term_string\"}}],\"inLanguage\":\"cs\"},{\"@type\":\"Organization\",\"@id\":\"https:\\\/\\\/iwell-guard.com\\\/cs\\\/#organization\",\"name\":\"Ittermann electronic GmbH\",\"url\":\"https:\\\/\\\/iwell-guard.com\\\/cs\\\/\",\"logo\":{\"@type\":\"ImageObject\",\"inLanguage\":\"cs\",\"@id\":\"https:\\\/\\\/iwell-guard.com\\\/cs\\\/#\\\/schema\\\/logo\\\/image\\\/\",\"url\":\"https:\\\/\\\/iwell-guard.com\\\/wp-content\\\/uploads\\\/2026\\\/05\\\/Ittermann-Logo-1182x237-1.png\",\"contentUrl\":\"https:\\\/\\\/iwell-guard.com\\\/wp-content\\\/uploads\\\/2026\\\/05\\\/Ittermann-Logo-1182x237-1.png\",\"width\":1182,\"height\":237,\"caption\":\"Ittermann electronic GmbH\"},\"image\":{\"@id\":\"https:\\\/\\\/iwell-guard.com\\\/cs\\\/#\\\/schema\\\/logo\\\/image\\\/\"},\"sameAs\":[\"https:\\\/\\\/pantip.com\\\/profile\\\/9367242\",\"https:\\\/\\\/micro.blog\\\/iwellguard\",\"https:\\\/\\\/www.diggerslist.com\\\/iwellguard\\\/about\",\"https:\\\/\\\/skitterphoto.com\\\/photographers\\\/2870314\\\/iwell-guard\",\"https:\\\/\\\/iwellguard.wordpress.com\\\/2026\\\/06\\\/06\\\/iwell-guard\\\/\",\"https:\\\/\\\/hub.docker.com\\\/u\\\/iwellguard\",\"https:\\\/\\\/www.pinterest.com\\\/iwellguard\\\/\",\"https:\\\/\\\/bit.ly\\\/m\\\/iwellguard\",\"https:\\\/\\\/entre-vos-mains.alsace.eu\\\/profiles\\\/iwellguard\\\/activity\",\"https:\\\/\\\/gravatar.com\\\/reallybeded8fd34\",\"https:\\\/\\\/naijamatta.com\\\/iwellguard\",\"https:\\\/\\\/www.goodreads.com\\\/iwellguard\",\"https:\\\/\\\/profile.hatena.ne.jp\\\/iwellguard\\\/\",\"https:\\\/\\\/experiment.com\\\/users\\\/iwellguard\",\"https:\\\/\\\/wakelet.com\\\/@iWellGuard82270\",\"https:\\\/\\\/www.chordie.com\\\/forum\\\/profile.php?id=2555664\",\"https:\\\/\\\/www.instapaper.com\\\/p\\\/17757966\",\"https:\\\/\\\/www.mapleprimes.com\\\/users\\\/iwellguard\",\"https:\\\/\\\/businesslistingplus.com\\\/profile\\\/iwell-guard\\\/\",\"https:\\\/\\\/telegra.ph\\\/iWell-Guard-06-06\",\"https:\\\/\\\/pbase.com\\\/iwellguard\\\/iwellguard\",\"https:\\\/\\\/b.hatena.ne.jp\\\/iwellguard\\\/20260607#bookmark-4788405196491818882\",\"https:\\\/\\\/fliphtml5.com\\\/home\\\/iwellguard\",\"https:\\\/\\\/anyflip.com\\\/homepage\\\/cmiwl#About\",\"https:\\\/\\\/transfur.com\\\/Users\\\/iwellguard\",\"http:\\\/\\\/delphi.larsbo.org\\\/user\\\/iwellguard\",\"https:\\\/\\\/jobs.lajobsportal.org\\\/profiles\\\/8380803-iwell-guard\",\"https:\\\/\\\/md.chaosdorf.de\\\/s\\\/jfbe5SBdJD\",\"https:\\\/\\\/www.lingvolive.com\\\/en-us\\\/profile\\\/9ecaeaca-ce11-4e51-9e71-01d55e2bff36\\\/translations\",\"https:\\\/\\\/www.fitday.com\\\/fitness\\\/forums\\\/members\\\/iwellguard.html\",\"https:\\\/\\\/www.mymeetbook.com\\\/iwellguard\",\"https:\\\/\\\/pxhere.com\\\/en\\\/photographer-me\\\/5040798\",\"https:\\\/\\\/disqus.com\\\/by\\\/iwellguard\\\/about\\\/\",\"https:\\\/\\\/pastelink.net\\\/hjwciqwq\",\"https:\\\/\\\/pubhtml5.com\\\/homepage\\\/scjhn\\\/\",\"https:\\\/\\\/www.bitchute.com\\\/channel\\\/2O2eOKzNqujT\",\"https:\\\/\\\/audiomack.com\\\/iwellguard\"]},{\"@type\":\"Article\",\"@id\":\"https:\\\/\\\/iwell-guard.com\\\/cs\\\/aderyn-y-corff\\\/#article\",\"isPartOf\":{\"@id\":\"https:\\\/\\\/iwell-guard.com\\\/cs\\\/aderyn-y-corff\\\/\"},\"author\":{\"name\":\"Ralf Ittermann\",\"@id\":\"https:\\\/\\\/iwell-guard.com\\\/cs\\\/#\\\/schema\\\/person\\\/ee2a27f1cac3406c7c6fb5820cb7349f\"},\"headline\":\"Aderyn y Corff\",\"datePublished\":\"2026-09-03T16:42:07+00:00\",\"dateModified\":\"2026-09-03T17:16:21+00:00\",\"mainEntityOfPage\":{\"@id\":\"https:\\\/\\\/iwell-guard.com\\\/cs\\\/aderyn-y-corff\\\/\"},\"publisher\":{\"@id\":\"https:\\\/\\\/iwell-guard.com\\\/cs\\\/#organization\"},\"image\":{\"@id\":\"https:\\\/\\\/iwell-guard.com\\\/cs\\\/aderyn-y-corff\\\/#primaryimage\"},\"thumbnailUrl\":\"https:\\\/\\\/iwell-guard.com\\\/wp-content\\\/uploads\\\/2026\\\/07\\\/geister_keltisch_aderyn-y-corff.webp\",\"inLanguage\":\"cs\",\"description\":\"Aderyn y Corff, vel\u0161sk\u00fd mrtv\u00fd pt\u00e1k. P\u0159ehled o p\u016fvodu, vol\u00e1n\u00ed u dve\u0159\u00ed, v\u00fdkladu jako sovy a za\u0159azen\u00ed mezi znamen\u00ed smrti.\"}]}<\/script>\n<!-- \/ Yoast SEO Premium plugin. -->","yoast_head_json":{"title":"Aderyn y Corff \u2013 vel\u0161sk\u00fd mrtv\u00fd pt\u00e1k","description":"Aderyn y Corff, vel\u0161sk\u00fd mrtv\u00fd pt\u00e1k. P\u0159ehled o p\u016fvodu, vol\u00e1n\u00ed u dve\u0159\u00ed, v\u00fdkladu jako sovy a za\u0159azen\u00ed mezi znamen\u00ed smrti.","robots":{"index":"index","follow":"follow","max-snippet":"max-snippet:-1","max-image-preview":"max-image-preview:large","max-video-preview":"max-video-preview:-1"},"canonical":"https:\/\/iwell-guard.com\/cs\/aderyn-y-corff\/","og_locale":"cs_CZ","og_type":"article","og_title":"Aderyn y Corff","og_description":"Aderyn y Corff, vel\u0161sk\u00fd mrtv\u00fd pt\u00e1k. P\u0159ehled o p\u016fvodu, vol\u00e1n\u00ed u dve\u0159\u00ed, v\u00fdkladu jako sovy a za\u0159azen\u00ed mezi znamen\u00ed smrti.","og_url":"https:\/\/iwell-guard.com\/cs\/aderyn-y-corff\/","og_site_name":"iWell Guard","article_modified_time":"2026-09-03T17:16:21+00:00","og_image":[{"width":1024,"height":1536,"url":"https:\/\/iwell-guard.com\/wp-content\/uploads\/2026\/07\/geister_keltisch_aderyn-y-corff.webp","type":"image\/webp"}],"twitter_card":"summary_large_image","schema":{"@context":"https:\/\/schema.org","@graph":[{"@type":"Article","@id":"https:\/\/iwell-guard.com\/cs\/aderyn-y-corff\/#article","isPartOf":{"@id":"https:\/\/iwell-guard.com\/cs\/aderyn-y-corff\/"},"author":{"name":"Ralf Ittermann","@id":"https:\/\/iwell-guard.com\/cs\/#\/schema\/person\/ee2a27f1cac3406c7c6fb5820cb7349f"},"headline":"Aderyn y Corff","datePublished":"2026-09-03T16:42:07+00:00","dateModified":"2026-09-03T17:16:21+00:00","mainEntityOfPage":{"@id":"https:\/\/iwell-guard.com\/cs\/aderyn-y-corff\/"},"publisher":{"@id":"https:\/\/iwell-guard.com\/cs\/#organization"},"image":{"@id":"https:\/\/iwell-guard.com\/cs\/aderyn-y-corff\/#primaryimage"},"thumbnailUrl":"https:\/\/iwell-guard.com\/wp-content\/uploads\/2026\/07\/geister_keltisch_aderyn-y-corff.webp","inLanguage":"cs","description":"Aderyn y Corff, vel\u0161sk\u00fd mrtv\u00fd pt\u00e1k. P\u0159ehled o p\u016fvodu, vol\u00e1n\u00ed u dve\u0159\u00ed, v\u00fdkladu jako sovy a za\u0159azen\u00ed mezi znamen\u00ed smrti."},{"@type":"WebPage","@id":"https:\/\/iwell-guard.com\/cs\/aderyn-y-corff\/","url":"https:\/\/iwell-guard.com\/cs\/aderyn-y-corff\/","name":"Aderyn y Corff \u2013 vel\u0161sk\u00fd mrtv\u00fd pt\u00e1k","isPartOf":{"@id":"https:\/\/iwell-guard.com\/cs\/#website"},"primaryImageOfPage":{"@id":"https:\/\/iwell-guard.com\/cs\/aderyn-y-corff\/#primaryimage"},"image":{"@id":"https:\/\/iwell-guard.com\/cs\/aderyn-y-corff\/#primaryimage"},"thumbnailUrl":"https:\/\/iwell-guard.com\/wp-content\/uploads\/2026\/07\/geister_keltisch_aderyn-y-corff.webp","datePublished":"2026-09-03T16:42:07+00:00","dateModified":"2026-09-03T17:16:21+00:00","description":"Aderyn y Corff, vel\u0161sk\u00fd mrtv\u00fd pt\u00e1k. P\u0159ehled o p\u016fvodu, vol\u00e1n\u00ed u dve\u0159\u00ed, v\u00fdkladu jako sovy a za\u0159azen\u00ed mezi znamen\u00ed smrti.","breadcrumb":{"@id":"https:\/\/iwell-guard.com\/cs\/aderyn-y-corff\/#breadcrumb"},"inLanguage":"cs","potentialAction":[{"@type":"ReadAction","target":["https:\/\/iwell-guard.com\/cs\/aderyn-y-corff\/"]}]},{"@type":"ImageObject","inLanguage":"cs","@id":"https:\/\/iwell-guard.com\/cs\/aderyn-y-corff\/#primaryimage","url":"https:\/\/iwell-guard.com\/wp-content\/uploads\/2026\/07\/geister_keltisch_aderyn-y-corff.webp","contentUrl":"https:\/\/iwell-guard.com\/wp-content\/uploads\/2026\/07\/geister_keltisch_aderyn-y-corff.webp","width":1024,"height":1536,"caption":"Aderyn y Corff, duch keltsk\u00e9 tradice"},{"@type":"BreadcrumbList","@id":"https:\/\/iwell-guard.com\/cs\/aderyn-y-corff\/#breadcrumb","itemListElement":[{"@type":"ListItem","position":1,"name":"Start","item":"https:\/\/iwell-guard.com\/cs\/?page_id=145107"},{"@type":"ListItem","position":2,"name":"Aderyn y Corff"}]},{"@type":"WebSite","@id":"https:\/\/iwell-guard.com\/cs\/#website","url":"https:\/\/iwell-guard.com\/cs\/","name":"iWell Guard","description":"Schutz vor dunklen Einfl\u00fcssen","publisher":{"@id":"https:\/\/iwell-guard.com\/cs\/#organization"},"potentialAction":[{"@type":"SearchAction","target":{"@type":"EntryPoint","urlTemplate":"https:\/\/iwell-guard.com\/cs\/?s={search_term_string}"},"query-input":{"@type":"PropertyValueSpecification","valueRequired":true,"valueName":"search_term_string"}}],"inLanguage":"cs"},{"@type":"Organization","@id":"https:\/\/iwell-guard.com\/cs\/#organization","name":"Ittermann electronic GmbH","url":"https:\/\/iwell-guard.com\/cs\/","logo":{"@type":"ImageObject","inLanguage":"cs","@id":"https:\/\/iwell-guard.com\/cs\/#\/schema\/logo\/image\/","url":"https:\/\/iwell-guard.com\/wp-content\/uploads\/2026\/05\/Ittermann-Logo-1182x237-1.png","contentUrl":"https:\/\/iwell-guard.com\/wp-content\/uploads\/2026\/05\/Ittermann-Logo-1182x237-1.png","width":1182,"height":237,"caption":"Ittermann electronic GmbH"},"image":{"@id":"https:\/\/iwell-guard.com\/cs\/#\/schema\/logo\/image\/"},"sameAs":["https:\/\/pantip.com\/profile\/9367242","https:\/\/micro.blog\/iwellguard","https:\/\/www.diggerslist.com\/iwellguard\/about","https:\/\/skitterphoto.com\/photographers\/2870314\/iwell-guard","https:\/\/iwellguard.wordpress.com\/2026\/06\/06\/iwell-guard\/","https:\/\/hub.docker.com\/u\/iwellguard","https:\/\/www.pinterest.com\/iwellguard\/","https:\/\/bit.ly\/m\/iwellguard","https:\/\/entre-vos-mains.alsace.eu\/profiles\/iwellguard\/activity","https:\/\/gravatar.com\/reallybeded8fd34","https:\/\/naijamatta.com\/iwellguard","https:\/\/www.goodreads.com\/iwellguard","https:\/\/profile.hatena.ne.jp\/iwellguard\/","https:\/\/experiment.com\/users\/iwellguard","https:\/\/wakelet.com\/@iWellGuard82270","https:\/\/www.chordie.com\/forum\/profile.php?id=2555664","https:\/\/www.instapaper.com\/p\/17757966","https:\/\/www.mapleprimes.com\/users\/iwellguard","https:\/\/businesslistingplus.com\/profile\/iwell-guard\/","https:\/\/telegra.ph\/iWell-Guard-06-06","https:\/\/pbase.com\/iwellguard\/iwellguard","https:\/\/b.hatena.ne.jp\/iwellguard\/20260607#bookmark-4788405196491818882","https:\/\/fliphtml5.com\/home\/iwellguard","https:\/\/anyflip.com\/homepage\/cmiwl#About","https:\/\/transfur.com\/Users\/iwellguard","http:\/\/delphi.larsbo.org\/user\/iwellguard","https:\/\/jobs.lajobsportal.org\/profiles\/8380803-iwell-guard","https:\/\/md.chaosdorf.de\/s\/jfbe5SBdJD","https:\/\/www.lingvolive.com\/en-us\/profile\/9ecaeaca-ce11-4e51-9e71-01d55e2bff36\/translations","https:\/\/www.fitday.com\/fitness\/forums\/members\/iwellguard.html","https:\/\/www.mymeetbook.com\/iwellguard","https:\/\/pxhere.com\/en\/photographer-me\/5040798","https:\/\/disqus.com\/by\/iwellguard\/about\/","https:\/\/pastelink.net\/hjwciqwq","https:\/\/pubhtml5.com\/homepage\/scjhn\/","https:\/\/www.bitchute.com\/channel\/2O2eOKzNqujT","https:\/\/audiomack.com\/iwellguard"]},{"@type":"Person","@id":"https:\/\/iwell-guard.com\/cs\/#\/schema\/person\/ee2a27f1cac3406c7c6fb5820cb7349f","name":"Ralf Ittermann","image":{"@type":"ImageObject","inLanguage":"cs","@id":"https:\/\/secure.gravatar.com\/avatar\/073c0153e350a5005b68eb752b445fea71f6b24a26da9449ad7e155e6b446c9d?s=96&d=mm&r=g","url":"https:\/\/secure.gravatar.com\/avatar\/073c0153e350a5005b68eb752b445fea71f6b24a26da9449ad7e155e6b446c9d?s=96&d=mm&r=g","contentUrl":"https:\/\/secure.gravatar.com\/avatar\/073c0153e350a5005b68eb752b445fea71f6b24a26da9449ad7e155e6b446c9d?s=96&d=mm&r=g","caption":"Ralf Ittermann"},"givenName":"Ralf","familyName":"Ittermann","jobTitle":"Gesch\u00e4ftsf\u00fchrer und redaktioneller Verantwortlicher","url":"https:\/\/iwell-guard.com\/cs\/author\/claude\/","description":"Ralf Ittermann ist Gesch\u00e4ftsf\u00fchrer der Ittermann electronic GmbH und redaktioneller Verantwortlicher des iWell-Guard-Lexikons. Er verbindet langj\u00e4hrige Erfahrung in der Pr\u00e4zisionsfertigung mit medialer Praxis und religionsgeschichtlicher Quellenarbeit.","worksFor":{"@type":"Organization","name":"Ittermann electronic GmbH","url":"https:\/\/ittermann.de\/","address":{"@type":"PostalAddress","streetAddress":"K\u00f6hlergasse 16-18","postalCode":"99842","addressLocality":"Ruhla","addressCountry":"DE"}},"knowsAbout":["Religionsgeschichte","Mythologie","Mediale Praxis","Energetische Diagnostik","Schutzpraxis","Volksglauben","Westliche Esoterik"]},{"@type":"Article","@id":"https:\/\/iwell-guard.com\/cs\/aderyn-y-corff\/#article","isPartOf":{"@id":"https:\/\/iwell-guard.com\/cs\/aderyn-y-corff\/"},"author":{"name":"Ralf Ittermann","@id":"https:\/\/iwell-guard.com\/cs\/#\/schema\/person\/ee2a27f1cac3406c7c6fb5820cb7349f"},"headline":"Aderyn y Corff","datePublished":"2026-09-03T16:42:07+00:00","dateModified":"2026-09-03T17:16:21+00:00","mainEntityOfPage":{"@id":"https:\/\/iwell-guard.com\/cs\/aderyn-y-corff\/"},"publisher":{"@id":"https:\/\/iwell-guard.com\/cs\/#organization"},"image":{"@id":"https:\/\/iwell-guard.com\/cs\/aderyn-y-corff\/#primaryimage"},"thumbnailUrl":"https:\/\/iwell-guard.com\/wp-content\/uploads\/2026\/07\/geister_keltisch_aderyn-y-corff.webp","inLanguage":"cs","description":"Aderyn y Corff, vel\u0161sk\u00fd mrtv\u00fd pt\u00e1k. P\u0159ehled o p\u016fvodu, vol\u00e1n\u00ed u dve\u0159\u00ed, v\u00fdkladu jako sovy a za\u0159azen\u00ed mezi znamen\u00ed smrti."}]}},"_links":{"self":[{"href":"https:\/\/iwell-guard.com\/cs\/wp-json\/wp\/v2\/pages\/146181","targetHints":{"allow":["GET"]}}],"collection":[{"href":"https:\/\/iwell-guard.com\/cs\/wp-json\/wp\/v2\/pages"}],"about":[{"href":"https:\/\/iwell-guard.com\/cs\/wp-json\/wp\/v2\/types\/page"}],"author":[{"embeddable":true,"href":"https:\/\/iwell-guard.com\/cs\/wp-json\/wp\/v2\/users\/3"}],"replies":[{"embeddable":true,"href":"https:\/\/iwell-guard.com\/cs\/wp-json\/wp\/v2\/comments?post=146181"}],"version-history":[{"count":0,"href":"https:\/\/iwell-guard.com\/cs\/wp-json\/wp\/v2\/pages\/146181\/revisions"}],"wp:featuredmedia":[{"embeddable":true,"href":"https:\/\/iwell-guard.com\/cs\/wp-json\/wp\/v2\/media\/20195"}],"wp:attachment":[{"href":"https:\/\/iwell-guard.com\/cs\/wp-json\/wp\/v2\/media?parent=146181"}],"wp:term":[{"taxonomy":"category","embeddable":true,"href":"https:\/\/iwell-guard.com\/cs\/wp-json\/wp\/v2\/categories?post=146181"}],"curies":[{"name":"wp","href":"https:\/\/api.w.org\/{rel}","templated":true}]}}