{"id":146144,"date":"2026-09-03T16:39:59","date_gmt":"2026-09-03T16:39:59","guid":{"rendered":"https:\/\/iwell-guard.com\/?page_id=146144"},"modified":"2026-09-03T17:15:21","modified_gmt":"2026-09-03T17:15:21","slug":"vorsa","status":"publish","type":"page","link":"https:\/\/iwell-guard.com\/cs\/vorsa\/","title":{"rendered":"V\u00f6rsa"},"content":{"rendered":"\t\t<div data-elementor-type=\"wp-page\" data-elementor-id=\"146144\" class=\"elementor elementor-146144 elementor-19484\" data-elementor-post-type=\"page\">\n\t\t\t\t<div class=\"elementor-element elementor-element-10fdade e-flex e-con-boxed e-con e-parent\" data-id=\"10fdade\" data-element_type=\"container\" data-e-type=\"container\" data-settings=\"{&quot;background_background&quot;:&quot;classic&quot;}\">\n\t\t\t\t\t<div class=\"e-con-inner\">\n\t\t<div class=\"elementor-element elementor-element-herohlft0 e-flex e-con-boxed e-con e-child\" data-id=\"herohlft0\" data-element_type=\"container\" data-e-type=\"container\">\n\t\t\t\t\t<div class=\"e-con-inner\">\n\t\t<div class=\"elementor-element elementor-element-c3ceb64 e-con-full e-flex e-con e-child\" data-id=\"c3ceb64\" data-element_type=\"container\" data-e-type=\"container\">\n\t\t\t\t<div class=\"elementor-element elementor-element-96ae5e1 elementor-widget elementor-widget-heading\" data-id=\"96ae5e1\" data-element_type=\"widget\" data-e-type=\"widget\" data-widget_type=\"heading.default\">\n\t\t\t\t\t<h1 class=\"elementor-heading-title elementor-size-default\">V\u00f6rsa, lesn\u00ed p\u00e1n komijsk\u00fdch lovc\u016f<\/h1>\t\t\t\t<\/div>\n\t\t\t\t<div class=\"elementor-element elementor-element-e45238a elementor-widget elementor-widget-text-editor\" data-id=\"e45238a\" data-element_type=\"widget\" data-e-type=\"widget\" data-widget_type=\"text-editor.default\">\n\t\t\t\t\t\t\t\t\t<p>V\u00f6rsa je <span class=\"iwg-fachbegriff\" data-tooltip=\"Net\u011blesn\u00e1 bytost, kter\u00e9 je p\u0159isuzov\u00e1n vliv na sv\u011bt.\" tabindex=\"0\">duch<\/span> komijsk\u00e9 tradice.<\/p><p><strong>Lesn\u00ed p\u00e1n, kter\u00fd ud\u011bluje loveck\u00e9 \u0161t\u011bst\u00ed a trest\u00e1 poru\u0161en\u00ed loveck\u00fdch pravidel.<\/strong> Pro komijsk\u00e9 lovce z\u016fst\u00e1v\u00e1 V\u00f6rsa rozhoduj\u00edc\u00ed instanc\u00ed o \u00fasp\u011bchu a ne\u00fasp\u011bchu lovu.<\/p>\t\t\t\t\t\t\t\t<\/div>\n\t\t\t\t<\/div>\n\t\t<div class=\"elementor-element elementor-element-klsbdg01 e-con-full e-flex e-con e-parent\" data-id=\"klsbdg01\" data-element_type=\"container\" data-e-type=\"container\">\n\t\t\t\t<div class=\"elementor-element elementor-element-klshtm01 elementor-widget elementor-widget-html\" data-id=\"klshtm01\" data-element_type=\"widget\" data-e-type=\"widget\" data-widget_type=\"html.default\">\n\t\t\t\t\t<div class=\"iwg-pill-row\"><span class=\"iwg-klasse-badge\" tabindex=\"0\" data-tooltip=\"Duch: Net\u011blesn\u00e1 nebo polozt\u011blesn\u011bn\u00e1 bytost, zesnul\u00ed, p\u0159\u00edrodn\u00ed bytosti, dom\u00e1c\u00ed duchov\u00e9 nebo str\u00e1\u017eci prah\u016f. P\u016fsob\u00ed v b\u011b\u017en\u00e9m \u017eivot\u011b, \u010dasto v\u00e1z\u00e1n na m\u00edsta nebo rodiny.\">Duch<\/span><span class=\"iwg-kultur-badge\" tabindex=\"0\" data-tooltip=\"Finsko-ugersk\u00e9 tradice vol\u017esk\u00fdch a severolesn\u00edch n\u00e1rod\u016f (Mordvini, Komiov\u00e9).\">Finsko-ugersk\u00fd<\/span><\/div>\t\t\t\t<\/div>\n\t\t\t\t<\/div>\n\t\t<div class=\"elementor-element elementor-element-3f74855 e-con-full e-flex e-con e-child\" data-id=\"3f74855\" data-element_type=\"container\" data-e-type=\"container\">\n\t\t\t\t<div class=\"elementor-element elementor-element-1c30362 elementor-toc--minimized-on-tablet elementor-widget elementor-widget-table-of-contents\" data-id=\"1c30362\" data-element_type=\"widget\" data-e-type=\"widget\" data-settings=\"{&quot;exclude_headings_by_selector&quot;:[],&quot;no_headings_message&quot;:&quot;Na t\\u00e9to str\\u00e1nce nebyly nalezeny \\u017e\\u00e1dn\\u00e9 nadpisy.&quot;,&quot;headings_by_tags&quot;:[&quot;h2&quot;,&quot;h3&quot;],&quot;marker_view&quot;:&quot;bullets&quot;,&quot;icon&quot;:{&quot;value&quot;:&quot;fas fa-circle&quot;,&quot;library&quot;:&quot;fa-solid&quot;,&quot;rendered_tag&quot;:&quot;&lt;svg class=\\&quot;e-font-icon-svg e-fas-circle\\&quot; viewBox=\\&quot;0 0 512 512\\&quot; xmlns=\\&quot;http:\\\/\\\/www.w3.org\\\/2000\\\/svg\\&quot;&gt;&lt;path d=\\&quot;M256 8C119 8 8 119 8 256s111 248 248 248 248-111 248-248S393 8 256 8z\\&quot;&gt;&lt;\\\/path&gt;&lt;\\\/svg&gt;&quot;},&quot;minimize_box&quot;:&quot;yes&quot;,&quot;minimized_on&quot;:&quot;tablet&quot;,&quot;hierarchical_view&quot;:&quot;yes&quot;,&quot;min_height&quot;:{&quot;unit&quot;:&quot;px&quot;,&quot;size&quot;:&quot;&quot;,&quot;sizes&quot;:[]},&quot;min_height_tablet&quot;:{&quot;unit&quot;:&quot;px&quot;,&quot;size&quot;:&quot;&quot;,&quot;sizes&quot;:[]},&quot;min_height_mobile&quot;:{&quot;unit&quot;:&quot;px&quot;,&quot;size&quot;:&quot;&quot;,&quot;sizes&quot;:[]}}\" data-widget_type=\"table-of-contents.default\">\n\t\t\t\t\t\t\t\t\t<div class=\"elementor-toc__header\">\n\t\t\t\t\t\t<h2 class=\"elementor-toc__header-title\">\n\t\t\t\tObsah\t\t\t<\/h2>\n\t\t\t\t\t\t\t\t\t\t<div class=\"elementor-toc__toggle-button elementor-toc__toggle-button--expand\" role=\"button\" tabindex=\"0\" aria-controls=\"elementor-toc__1c30362\" aria-expanded=\"true\" aria-label=\"Open table of contents\"><svg aria-hidden=\"true\" class=\"e-font-icon-svg e-fas-chevron-down\" viewBox=\"0 0 448 512\" xmlns=\"http:\/\/www.w3.org\/2000\/svg\"><path d=\"M207.029 381.476L12.686 187.132c-9.373-9.373-9.373-24.569 0-33.941l22.667-22.667c9.357-9.357 24.522-9.375 33.901-.04L224 284.505l154.745-154.021c9.379-9.335 24.544-9.317 33.901.04l22.667 22.667c9.373 9.373 9.373 24.569 0 33.941L240.971 381.476c-9.373 9.372-24.569 9.372-33.942 0z\"><\/path><\/svg><\/div>\n\t\t\t\t<div class=\"elementor-toc__toggle-button elementor-toc__toggle-button--collapse\" role=\"button\" tabindex=\"0\" aria-controls=\"elementor-toc__1c30362\" aria-expanded=\"true\" aria-label=\"Close table of contents\"><svg aria-hidden=\"true\" class=\"e-font-icon-svg e-fas-chevron-up\" viewBox=\"0 0 448 512\" xmlns=\"http:\/\/www.w3.org\/2000\/svg\"><path d=\"M240.971 130.524l194.343 194.343c9.373 9.373 9.373 24.569 0 33.941l-22.667 22.667c-9.357 9.357-24.522 9.375-33.901.04L224 227.495 69.255 381.516c-9.379 9.335-24.544 9.317-33.901-.04l-22.667-22.667c-9.373-9.373-9.373-24.569 0-33.941L207.03 130.525c9.372-9.373 24.568-9.373 33.941-.001z\"><\/path><\/svg><\/div>\n\t\t\t\t\t<\/div>\n\t\t\t\t<div id=\"elementor-toc__1c30362\" class=\"elementor-toc__body\">\n\t\t\t<div class=\"elementor-toc__spinner-container\">\n\t\t\t\t<svg class=\"elementor-toc__spinner eicon-animation-spin e-font-icon-svg e-eicon-loading\" aria-hidden=\"true\" viewBox=\"0 0 1000 1000\" xmlns=\"http:\/\/www.w3.org\/2000\/svg\"><path d=\"M500 975V858C696 858 858 696 858 500S696 142 500 142 142 304 142 500H25C25 237 238 25 500 25S975 237 975 500 763 975 500 975Z\"><\/path><\/svg>\t\t\t<\/div>\n\t\t<\/div>\n\t\t\t\t\t\t<\/div>\n\t\t\t\t<\/div>\n\t\t\t\t\t<\/div>\n\t\t\t\t<\/div>\n\t\t<div class=\"elementor-element elementor-element-herorght0 e-con-full e-flex e-con e-child\" data-id=\"herorght0\" data-element_type=\"container\" data-e-type=\"container\">\n\t\t\t\t<div class=\"elementor-element elementor-element-heroimg00 iwg-hero-image elementor-widget elementor-widget-image\" data-id=\"heroimg00\" data-element_type=\"widget\" data-e-type=\"widget\" data-widget_type=\"image.default\">\n\t\t\t\t\t\t\t\t\t\t\t\t\t\t\t<img fetchpriority=\"high\" decoding=\"async\" width=\"680\" height=\"1024\" src=\"https:\/\/iwell-guard.com\/wp-content\/uploads\/2026\/07\/geister_finno-ugrisch_voersa-680x1024.webp\" class=\"attachment-large size-large wp-image-146430\" alt=\"Voersa, duch finsko-ugrick\u00e9 tradice\" srcset=\"https:\/\/iwell-guard.com\/wp-content\/uploads\/2026\/07\/geister_finno-ugrisch_voersa-680x1024.webp 680w, https:\/\/iwell-guard.com\/wp-content\/uploads\/2026\/07\/geister_finno-ugrisch_voersa-199x300.webp 199w, https:\/\/iwell-guard.com\/wp-content\/uploads\/2026\/07\/geister_finno-ugrisch_voersa-768x1156.webp 768w, https:\/\/iwell-guard.com\/wp-content\/uploads\/2026\/07\/geister_finno-ugrisch_voersa-1021x1536.webp 1021w, https:\/\/iwell-guard.com\/wp-content\/uploads\/2026\/07\/geister_finno-ugrisch_voersa.webp 1022w\" sizes=\"(max-width: 680px) 100vw, 680px\" \/>\t\t\t\t\t\t\t\t\t\t\t\t\t\t\t<\/div>\n\t\t\t\t<\/div>\n\t\t\t\t\t<\/div>\n\t\t\t\t<\/div>\n\t\t<div class=\"elementor-element elementor-element-32917199 e-flex e-con-boxed e-con e-parent\" data-id=\"32917199\" data-element_type=\"container\" data-e-type=\"container\">\n\t\t\t\t\t<div class=\"e-con-inner\">\n\t\t<div class=\"elementor-element elementor-element-26e916cb e-flex e-con-boxed e-con e-child\" data-id=\"26e916cb\" data-element_type=\"container\" data-e-type=\"container\">\n\t\t\t\t\t<div class=\"e-con-inner\">\n\t\t<div class=\"elementor-element elementor-element-253a40d4 e-flex e-con-boxed e-con e-child\" data-id=\"253a40d4\" data-element_type=\"container\" data-e-type=\"container\">\n\t\t\t\t\t<div class=\"e-con-inner\">\n\t\t\t\t<div class=\"elementor-element elementor-element-1200c304 elementor-widget elementor-widget-heading\" data-id=\"1200c304\" data-element_type=\"widget\" data-e-type=\"widget\" data-widget_type=\"heading.default\">\n\t\t\t\t\t<div class=\"elementor-heading-title elementor-size-default\">V\u00f6rsa<\/div>\t\t\t\t<\/div>\n\t\t\t\t<div class=\"elementor-element elementor-element-11758e7f elementor-widget elementor-widget-text-editor\" data-id=\"11758e7f\" data-element_type=\"widget\" data-e-type=\"widget\" data-widget_type=\"text-editor.default\">\n\t\t\t\t\t\t\t\t\t<p>V\u00f6rsa (ps\u00e1no tak\u00e9 Vorsa) je lesn\u00ed duch Komi\u016f na krajn\u00edm severov\u00fdchod\u011b Evropy a tamn\u00ed prot\u011bj\u0161ek rusk\u00e9ho Leshy. Je pova\u017eov\u00e1n za p\u00e1na lesa, kter\u00fd ud\u011bluje loveck\u00e9 \u0161t\u011bst\u00ed a dohl\u00ed\u017e\u00ed na dodr\u017eov\u00e1n\u00ed loveck\u00fdch pravidel. U komi-permjak\u016f nese tat\u00e1\u017e postava jm\u00e9no Voris.<\/p><p>Podle tradovan\u00e9ho obrazu sv\u011bta rozd\u011blil nebesk\u00fd b\u016fh En bohatstv\u00ed lesa a vody mezi lidi a duchy; sv\u016fj pod\u00edl z\u00edskal \u010dlov\u011bk pouze se souhlasem p\u0159\u00edslu\u0161n\u00fdch p\u00e1n\u016f. Za \u017eiv\u00e9 zt\u011blesn\u011bn\u00ed lesn\u00edho ducha byl pova\u017eov\u00e1n medv\u011bd.<\/p>\t\t\t\t\t\t\t\t<\/div>\n\t\t\t\t\t<\/div>\n\t\t\t\t<\/div>\n\t\t<div class=\"elementor-element elementor-element-159dcf9a e-flex e-con-boxed e-con e-child\" data-id=\"159dcf9a\" data-element_type=\"container\" data-e-type=\"container\">\n\t\t\t\t\t<div class=\"e-con-inner\">\n\t\t\t\t<div class=\"elementor-element elementor-element-48cee66f elementor-widget elementor-widget-heading\" data-id=\"48cee66f\" data-element_type=\"widget\" data-e-type=\"widget\" data-widget_type=\"heading.default\">\n\t\t\t\t\t<div class=\"elementor-heading-title elementor-size-default\">Na prvn\u00ed pohled: V\u00f6rsa<\/div>\t\t\t\t<\/div>\n\t\t\t\t<div class=\"elementor-element elementor-element-3f50d82c elementor-widget elementor-widget-text-editor\" data-id=\"3f50d82c\" data-element_type=\"widget\" data-e-type=\"widget\" data-widget_type=\"text-editor.default\">\n\t\t\t\t\t\t\t\t\t<p><strong>Typ:<\/strong> Lesn\u00ed p\u00e1n a str\u00e1\u017ece loveck\u00fdch pravidel, p\u00e1n zv\u00ed\u0159at<br>P\u016fvod: tradice Komi\u016f (Zyrjan\u016f a Permjak\u016f) na severov\u00fdchod\u011b evropsk\u00e9ho Ruska<br>Texty: etnografick\u00e9 z\u00e1pisy z 19. a 20. stolet\u00ed (Nalimov, Sidorov, Konakov)<br>Doba: dolo\u017eeno od druh\u00e9 poloviny 19. stolet\u00ed<br>Zjev: neviditeln\u00fd, jako vichr nebo jako mu\u017e; medv\u011bd jako \u017eiv\u00e9 zt\u011blesn\u011bn\u00ed<\/p>\t\t\t\t\t\t\t\t<\/div>\n\t\t\t\t\t<\/div>\n\t\t\t\t<\/div>\n\t\t\t\t\t<\/div>\n\t\t\t\t<\/div>\n\t\t\t\t\t<\/div>\n\t\t\t\t<\/div>\n\t\t<div class=\"elementor-element elementor-element-18613602 e-flex e-con-boxed e-con e-parent\" data-id=\"18613602\" data-element_type=\"container\" data-e-type=\"container\">\n\t\t\t\t\t<div class=\"e-con-inner\">\n\t\t\t\t<div class=\"elementor-element elementor-element-262b8a9f elementor-widget elementor-widget-heading\" data-id=\"262b8a9f\" data-element_type=\"widget\" data-e-type=\"widget\" data-widget_type=\"heading.default\">\n\t\t\t\t\t<h2 class=\"elementor-heading-title elementor-size-default\">Kontext pramen\u016f<\/h2>\t\t\t\t<\/div>\n\t\t<div class=\"elementor-element elementor-element-46dcb7d e-con-full e-flex e-con e-child\" data-id=\"46dcb7d\" data-element_type=\"container\" data-e-type=\"container\">\n\t\t<div class=\"elementor-element elementor-element-61d3ab3 e-flex e-con-boxed e-con e-child\" data-id=\"61d3ab3\" data-element_type=\"container\" data-e-type=\"container\">\n\t\t\t\t\t<div class=\"e-con-inner\">\n\t\t\t\t<div class=\"elementor-element elementor-element-117c166 elementor-widget elementor-widget-heading\" data-id=\"117c166\" data-element_type=\"widget\" data-e-type=\"widget\" data-widget_type=\"heading.default\">\n\t\t\t\t\t<h3 class=\"elementor-heading-title elementor-size-default\">Zeitraum der Texte<\/h3>\t\t\t\t<\/div>\n\t\t\t\t<div class=\"elementor-element elementor-element-73997a0 elementor-widget elementor-widget-text-editor\" data-id=\"73997a0\" data-element_type=\"widget\" data-e-type=\"widget\" data-widget_type=\"text-editor.default\">\n\t\t\t\t\t\t\t\t\t<p>P\u00edsemn\u011b je postava zachytiteln\u00e1 a\u017e s etnografi\u00ed od druh\u00e9 poloviny 19. stolet\u00ed (Popov, pozd\u011bji Nalimov a Sidorov); stav bad\u00e1n\u00ed shrnuje Encyklopedie uralsk\u00fdch mytologi\u00ed (rusky 1999, anglicky 2003).<\/p>\t\t\t\t\t\t\t\t<\/div>\n\t\t\t\t\t<\/div>\n\t\t\t\t<\/div>\n\t\t<div class=\"elementor-element elementor-element-d47b156 e-flex e-con-boxed e-con e-child\" data-id=\"d47b156\" data-element_type=\"container\" data-e-type=\"container\">\n\t\t\t\t\t<div class=\"e-con-inner\">\n\t\t\t\t<div class=\"elementor-element elementor-element-ff38c2b elementor-widget elementor-widget-heading\" data-id=\"ff38c2b\" data-element_type=\"widget\" data-e-type=\"widget\" data-widget_type=\"heading.default\">\n\t\t\t\t\t<h3 class=\"elementor-heading-title elementor-size-default\">Verbreitungsraum<\/h3>\t\t\t\t<\/div>\n\t\t\t\t<div class=\"elementor-element elementor-element-4e49fcc elementor-widget elementor-widget-text-editor\" data-id=\"4e49fcc\" data-element_type=\"widget\" data-e-type=\"widget\" data-widget_type=\"text-editor.default\">\n\t\t\t\t\t\t\t\t\t<p>S\u00eddeln\u00ed oblasti Komi\u016f na \u0159ek\u00e1ch Vy\u010degda a Pe\u010dora na severov\u00fdchod\u011b evropsk\u00e9ho Ruska, d\u011blen\u00e9 na Zyrjany a Permjaky.<\/p>\t\t\t\t\t\t\t\t<\/div>\n\t\t\t\t\t<\/div>\n\t\t\t\t<\/div>\n\t\t\t\t<\/div>\n\t\t<div class=\"elementor-element elementor-element-db03c39 e-con-full e-flex e-con e-child\" data-id=\"db03c39\" data-element_type=\"container\" data-e-type=\"container\">\n\t\t<div class=\"elementor-element elementor-element-229a87b e-flex e-con-boxed e-con e-child\" data-id=\"229a87b\" data-element_type=\"container\" data-e-type=\"container\">\n\t\t\t\t\t<div class=\"e-con-inner\">\n\t\t\t\t<div class=\"elementor-element elementor-element-1f471fc elementor-widget elementor-widget-heading\" data-id=\"1f471fc\" data-element_type=\"widget\" data-e-type=\"widget\" data-widget_type=\"heading.default\">\n\t\t\t\t\t<h3 class=\"elementor-heading-title elementor-size-default\">Quellenlage<\/h3>\t\t\t\t<\/div>\n\t\t\t\t<div class=\"elementor-element elementor-element-36b1201 elementor-widget elementor-widget-text-editor\" data-id=\"36b1201\" data-element_type=\"widget\" data-e-type=\"widget\" data-widget_type=\"text-editor.default\">\n\t\t\t\t\t\t\t\t\t<p>Up\u0159\u00edmn\u011b \u0159e\u010deno je t\u0159eba je ozna\u010dit za chud\u00e9: n\u00e1rodopisn\u011b-etnografick\u00e9 z\u00e1pisy (Nalimov, Sidorov, Konakov), siln\u011b ovlivn\u011bn\u00e9 ruskou tradic\u00ed o Leshym.<\/p>\t\t\t\t\t\t\t\t<\/div>\n\t\t\t\t\t<\/div>\n\t\t\t\t<\/div>\n\t\t\t\t<\/div>\n\t\t\t\t\t<\/div>\n\t\t\t\t<\/div>\n\t\t<div class=\"elementor-element elementor-element-3ae0637c e-flex e-con-boxed e-con e-parent\" data-id=\"3ae0637c\" data-element_type=\"container\" data-e-type=\"container\">\n\t\t\t\t\t<div class=\"e-con-inner\">\n\t\t\t\t<div class=\"elementor-element elementor-element-31d07739 elementor-widget elementor-widget-heading\" data-id=\"31d07739\" data-element_type=\"widget\" data-e-type=\"widget\" data-widget_type=\"heading.default\">\n\t\t\t\t\t<h2 class=\"elementor-heading-title elementor-size-default\">Jm\u00e9no a varianty<\/h2>\t\t\t\t<\/div>\n\t\t<div class=\"elementor-element elementor-element-b7642947 e-con-full e-flex e-con e-child\" data-id=\"b7642947\" data-element_type=\"container\" data-e-type=\"container\">\n\t\t\t\t<div class=\"elementor-element elementor-element-a086266 elementor-widget elementor-widget-text-editor\" data-id=\"a086266\" data-element_type=\"widget\" data-e-type=\"widget\" data-widget_type=\"text-editor.default\">\n\t\t\t\t\t\t\t\t\t<p><strong>Komijsky:<\/strong> <em>V\u00f6rsa<\/em>, odvozeno od <em>v\u00f6r<\/em>, les: ten, kdo n\u00e1le\u017e\u00ed lesu. U komi-permjak\u016f se t\u00e1\u017e postava jmenuje Voris. Lesn\u00edho p\u00e1na se lid\u00e9 neradi naz\u00fdvali jm\u00e9nem a rad\u011bji pou\u017e\u00edvali opisn\u00e1 pojmenov\u00e1n\u00ed jako str\u00fd\u010dek nebo star\u00fd, aby ho nevyvolali ne\u00famysln\u011b.<\/p>\t\t\t\t\t\t\t\t<\/div>\n\t\t\t\t<\/div>\n\t\t\t\t\t<\/div>\n\t\t\t\t<\/div>\n\t\t<div class=\"elementor-element elementor-element-709a44a8 e-flex e-con-boxed e-con e-parent\" data-id=\"709a44a8\" data-element_type=\"container\" data-e-type=\"container\">\n\t\t\t\t\t<div class=\"e-con-inner\">\n\t\t\t\t<div class=\"elementor-element elementor-element-2f585873 elementor-widget elementor-widget-heading\" data-id=\"2f585873\" data-element_type=\"widget\" data-e-type=\"widget\" data-widget_type=\"heading.default\">\n\t\t\t\t\t<h2 class=\"elementor-heading-title elementor-size-default\">Popis<\/h2>\t\t\t\t<\/div>\n\t\t<div class=\"elementor-element elementor-element-70621c12 e-con-full e-flex e-con e-child\" data-id=\"70621c12\" data-element_type=\"container\" data-e-type=\"container\">\n\t\t\t\t<div class=\"elementor-element elementor-element-4296eb49 elementor-widget elementor-widget-text-editor\" data-id=\"4296eb49\" data-element_type=\"widget\" data-e-type=\"widget\" data-widget_type=\"text-editor.default\">\n\t\t\t\t\t\t\t\t\t<p><strong>Zjev<\/strong><\/p><p>Komiov\u00e9 neznali \u017e\u00e1dnou pevnou p\u0159edstavu o jeho podob\u011b. V\u00f6rsa mohl z\u016fstat neviditeln\u00fd, proh\u00e1n\u011bt se lesem jako vichr nebo se zjevit jako oby\u010dejn\u00fd mu\u017e; jin\u00e1 sv\u011bdectv\u00ed mu p\u0159isuzuj\u00ed n\u00e1padn\u00e9 znaky, kter\u00e9 ho odli\u0161uj\u00ed od \u010dlov\u011bka. Za jeho \u017eiv\u00e9 zt\u011blesn\u011bn\u00ed byl pova\u017eov\u00e1n medv\u011bd, nejv\u00fd\u0161e postaven\u00e9 zv\u00ed\u0159e komijsk\u00e9ho lesa. Sama beztv\u00e1rnost je symbolem: les jako ciz\u00ed panstv\u00ed se \u010dlov\u011bku nikdy neukazuje cel\u00fd.<\/p><p><strong>P\u016fsoben\u00ed<\/strong><\/p><p>V\u00f6rsa byl garantem loveck\u00fdch pravidel. Kdo je poru\u0161il, nap\u0159\u00edklad vybral ciz\u00ed lapac\u00ed za\u0159\u00edzen\u00ed nebo se hanliv\u011b vyj\u00e1d\u0159il o \u00falovku, tomu odep\u0159el loveck\u00e9 \u0161t\u011bst\u00ed; trest postihoval \u00fasp\u011bch, jen z\u0159\u00eddka zdrav\u00ed \u010di \u017eivot. Ob\u011b komijsk\u00e9 skupiny ho hodnotily odli\u0161n\u011b: u Zyrjan\u016f se bl\u00ed\u017eil zl\u00e9mu duchu, Permjaci naopak sv\u00e9ho Vorise ctili a p\u0159i epidemi\u00edch se k n\u011bmu obraceli.<\/p>\t\t\t\t\t\t\t\t<\/div>\n\t\t\t\t<\/div>\n\t\t\t\t\t<\/div>\n\t\t\t\t<\/div>\n\t\t<div class=\"elementor-element elementor-element-44e71476 e-flex e-con-boxed e-con e-parent\" data-id=\"44e71476\" data-element_type=\"container\" data-e-type=\"container\">\n\t\t\t\t\t<div class=\"e-con-inner\">\n\t\t\t\t<div class=\"elementor-element elementor-element-3c1fc3f0 elementor-widget elementor-widget-heading\" data-id=\"3c1fc3f0\" data-element_type=\"widget\" data-e-type=\"widget\" data-widget_type=\"heading.default\">\n\t\t\t\t\t<h2 class=\"elementor-heading-title elementor-size-default\">Profil: V\u00f6rsa<\/h2>\t\t\t\t<\/div>\n\t\t<div class=\"elementor-element elementor-element-84f33b8e e-con-full e-flex e-con e-child\" data-id=\"84f33b8e\" data-element_type=\"container\" data-e-type=\"container\">\n\t\t\t\t<div class=\"elementor-element elementor-element-hqkdc67p elementor-widget elementor-widget-text-editor\" data-id=\"hqkdc67p\" data-element_type=\"widget\" data-e-type=\"widget\" data-widget_type=\"text-editor.default\">\n\t\t\t\t\t\t\t\t\t<p>Nejd\u016fle\u017eit\u011bj\u0161\u00ed aspekty komijsk\u00e9ho lesn\u00edho p\u00e1na v p\u0159ehledu.<\/p>\t\t\t\t\t\t\t\t<\/div>\n\t\t\t\t<\/div>\n\t\t<div class=\"elementor-element elementor-element-pemmx7c5 e-con-full e-flex e-con e-child\" data-id=\"pemmx7c5\" data-element_type=\"container\" data-e-type=\"container\">\n\t\t<div class=\"elementor-element elementor-element-pemmx7c1 e-con-full e-flex e-con e-child\" data-id=\"pemmx7c1\" data-element_type=\"container\" data-e-type=\"container\">\n\t\t<div class=\"elementor-element elementor-element-qh9oavvu iwg-steckbrief-card e-flex e-con-boxed e-con e-child\" data-id=\"qh9oavvu\" data-element_type=\"container\" data-e-type=\"container\">\n\t\t\t\t\t<div class=\"e-con-inner\">\n\t\t\t\t<div class=\"elementor-element elementor-element-awzx8k2k elementor-widget elementor-widget-heading\" data-id=\"awzx8k2k\" data-element_type=\"widget\" data-e-type=\"widget\" data-widget_type=\"heading.default\">\n\t\t\t\t\t<div class=\"elementor-heading-title elementor-size-default\">Tradice<\/div>\t\t\t\t<\/div>\n\t\t\t\t<div class=\"elementor-element elementor-element-x6rowhv0 elementor-widget elementor-widget-text-editor\" data-id=\"x6rowhv0\" data-element_type=\"widget\" data-e-type=\"widget\" data-widget_type=\"text-editor.default\">\n\t\t\t\t\t\t\t\t\t<p>Lesn\u00ed p\u00e1n Komi\u016f v dualistick\u00e9m obraze sv\u011bta En a Omola; pod n\u00edm hierarchie duchovn\u00edch p\u00e1n\u016f jednotliv\u00fdch druh\u016f zv\u00ed\u0159at.<\/p>\t\t\t\t\t\t\t\t<\/div>\n\t\t\t\t\t<\/div>\n\t\t\t\t<\/div>\n\t\t<div class=\"elementor-element elementor-element-8e3o4kxs iwg-steckbrief-card e-flex e-con-boxed e-con e-child\" data-id=\"8e3o4kxs\" data-element_type=\"container\" data-e-type=\"container\">\n\t\t\t\t\t<div class=\"e-con-inner\">\n\t\t\t\t<div class=\"elementor-element elementor-element-08rkdgov elementor-widget elementor-widget-heading\" data-id=\"08rkdgov\" data-element_type=\"widget\" data-e-type=\"widget\" data-widget_type=\"heading.default\">\n\t\t\t\t\t<div class=\"elementor-heading-title elementor-size-default\">Vztahuje se na<\/div>\t\t\t\t<\/div>\n\t\t\t\t<div class=\"elementor-element elementor-element-uwjelx8s elementor-widget elementor-widget-text-editor\" data-id=\"uwjelx8s\" data-element_type=\"widget\" data-e-type=\"widget\" data-widget_type=\"text-editor.default\">\n\t\t\t\t\t\t\t\t\t<p>Lovci, stavitel\u00e9 lapac\u00edch za\u0159\u00edzen\u00ed a vesnick\u00e9 obyvatelstvo: \u00falovek se nebere, ale je j\u00edm ud\u011blov\u00e1n, v\u00fdm\u011bnou za dary a dodr\u017eov\u00e1n\u00ed pravidel.<\/p>\t\t\t\t\t\t\t\t<\/div>\n\t\t\t\t\t<\/div>\n\t\t\t\t<\/div>\n\t\t<div class=\"elementor-element elementor-element-jm2n74ec iwg-steckbrief-card e-flex e-con-boxed e-con e-child\" data-id=\"jm2n74ec\" data-element_type=\"container\" data-e-type=\"container\">\n\t\t\t\t\t<div class=\"e-con-inner\">\n\t\t\t\t<div class=\"elementor-element elementor-element-8vufse4c elementor-widget elementor-widget-heading\" data-id=\"8vufse4c\" data-element_type=\"widget\" data-e-type=\"widget\" data-widget_type=\"heading.default\">\n\t\t\t\t\t<div class=\"elementor-heading-title elementor-size-default\">Zobrazen\u00ed<\/div>\t\t\t\t<\/div>\n\t\t\t\t<div class=\"elementor-element elementor-element-mwb9u015 elementor-widget elementor-widget-text-editor\" data-id=\"mwb9u015\" data-element_type=\"widget\" data-e-type=\"widget\" data-widget_type=\"text-editor.default\">\n\t\t\t\t\t\t\t\t\t<p>Neviditeln\u00fd, jako vichr nebo jako mu\u017e s n\u00e1padn\u00fdmi znaky; medv\u011bd, nejv\u00fd\u0161e postaven\u00e9 zv\u00ed\u0159e komijsk\u00e9ho lesa, je pova\u017eov\u00e1n za jeho \u017eiv\u00e9 zt\u011blesn\u011bn\u00ed.<\/p>\t\t\t\t\t\t\t\t<\/div>\n\t\t\t\t\t<\/div>\n\t\t\t\t<\/div>\n\t\t\t\t<\/div>\n\t\t<div class=\"elementor-element elementor-element-pemmx7c2 e-con-full e-flex e-con e-child\" data-id=\"pemmx7c2\" data-element_type=\"container\" data-e-type=\"container\">\n\t\t<div class=\"elementor-element elementor-element-37ss2yr6 iwg-steckbrief-card e-flex e-con-boxed e-con e-child\" data-id=\"37ss2yr6\" data-element_type=\"container\" data-e-type=\"container\">\n\t\t\t\t\t<div class=\"e-con-inner\">\n\t\t\t\t<div class=\"elementor-element elementor-element-3v0wp3wx elementor-widget elementor-widget-heading\" data-id=\"3v0wp3wx\" data-element_type=\"widget\" data-e-type=\"widget\" data-widget_type=\"heading.default\">\n\t\t\t\t\t<div class=\"elementor-heading-title elementor-size-default\">P\u016fsobnost<\/div>\t\t\t\t<\/div>\n\t\t\t\t<div class=\"elementor-element elementor-element-w3247g2m elementor-widget elementor-widget-text-editor\" data-id=\"w3247g2m\" data-element_type=\"widget\" data-e-type=\"widget\" data-widget_type=\"text-editor.default\">\n\t\t\t\t\t\t\t\t\t<p>Ud\u011blov\u00e1n\u00ed a odn\u00edm\u00e1n\u00ed loveck\u00e9ho \u0161t\u011bst\u00ed, dohled nad loveck\u00fdmi pravidly; u Permjak\u016f tak\u00e9 zdrav\u00ed lid\u00ed a dobytka.<\/p>\t\t\t\t\t\t\t\t<\/div>\n\t\t\t\t\t<\/div>\n\t\t\t\t<\/div>\n\t\t<div class=\"elementor-element elementor-element-0qpjal9w iwg-steckbrief-card e-flex e-con-boxed e-con e-child\" data-id=\"0qpjal9w\" data-element_type=\"container\" data-e-type=\"container\">\n\t\t\t\t\t<div class=\"e-con-inner\">\n\t\t\t\t<div class=\"elementor-element elementor-element-6ndoih0o elementor-widget elementor-widget-heading\" data-id=\"6ndoih0o\" data-element_type=\"widget\" data-e-type=\"widget\" data-widget_type=\"heading.default\">\n\t\t\t\t\t<div class=\"elementor-heading-title elementor-size-default\">Zach\u00e1zen\u00ed<\/div>\t\t\t\t<\/div>\n\t\t\t\t<div class=\"elementor-element elementor-element-6684tyh9 elementor-widget elementor-widget-text-editor\" data-id=\"6684tyh9\" data-element_type=\"widget\" data-e-type=\"widget\" data-widget_type=\"text-editor.default\">\n\t\t\t\t\t\t\t\t\t<p>Dary p\u0159ed za\u010d\u00e1tkem loveck\u00e9 sez\u00f3ny (ko\u017ee\u0161iny, chl\u00e9b, s\u016fl, tab\u00e1k), p\u0159enech\u00e1n\u00ed prvn\u00edho \u00falovku a \u00factypln\u00e1, eufemistick\u00e1 mluva v lese.<\/p>\t\t\t\t\t\t\t\t<\/div>\n\t\t\t\t\t<\/div>\n\t\t\t\t<\/div>\n\t\t<div class=\"elementor-element elementor-element-3lfi7x32 iwg-steckbrief-card e-flex e-con-boxed e-con e-child\" data-id=\"3lfi7x32\" data-element_type=\"container\" data-e-type=\"container\">\n\t\t\t\t\t<div class=\"e-con-inner\">\n\t\t\t\t<div class=\"elementor-element elementor-element-0kg99ga1 elementor-widget elementor-widget-heading\" data-id=\"0kg99ga1\" data-element_type=\"widget\" data-e-type=\"widget\" data-widget_type=\"heading.default\">\n\t\t\t\t\t<div class=\"elementor-heading-title elementor-size-default\">Vymezen\u00ed<\/div>\t\t\t\t<\/div>\n\t\t\t\t<div class=\"elementor-element elementor-element-n0fum6kp elementor-widget elementor-widget-text-editor\" data-id=\"n0fum6kp\" data-element_type=\"widget\" data-e-type=\"widget\" data-widget_type=\"text-editor.default\">\n\t\t\t\t\t\t\t\t\t<p>Nejbli\u017e\u0161\u00ed obdobou je rusk\u00fd <a href=\"https:\/\/iwell-guard.com\/cs\/leshy\/\">Leshy<\/a>; mordvinsk\u00e1 <a href=\"https:\/\/iwell-guard.com\/cs\/?page_id=146143\">Vir-ava<\/a> je naproti tomu bo\u017estvo, nikoli duchovn\u00ed p\u00e1n.<\/p>\t\t\t\t\t\t\t\t<\/div>\n\t\t\t\t\t<\/div>\n\t\t\t\t<\/div>\n\t\t\t\t<\/div>\n\t\t\t\t<\/div>\n\t\t\t\t\t<\/div>\n\t\t\t\t<\/div>\n\t\t<div class=\"elementor-element elementor-element-7533bc7a e-flex e-con-boxed e-con e-parent\" data-id=\"7533bc7a\" data-element_type=\"container\" data-e-type=\"container\">\n\t\t\t\t\t<div class=\"e-con-inner\">\n\t\t\t\t<div class=\"elementor-element elementor-element-2447d18d elementor-widget elementor-widget-heading\" data-id=\"2447d18d\" data-element_type=\"widget\" data-e-type=\"widget\" data-widget_type=\"heading.default\">\n\t\t\t\t\t<h2 class=\"elementor-heading-title elementor-size-default\">Smlouva mezi lovci a lesn\u00edmi p\u00e1ny<\/h2>\t\t\t\t<\/div>\n\t\t<div class=\"elementor-element elementor-element-d5d0260c e-con-full e-flex e-con e-child\" data-id=\"d5d0260c\" data-element_type=\"container\" data-e-type=\"container\">\n\t\t\t\t<div class=\"elementor-element elementor-element-341be2ac elementor-widget elementor-widget-text-editor\" data-id=\"341be2ac\" data-element_type=\"widget\" data-e-type=\"widget\" data-widget_type=\"text-editor.default\">\n\t\t\t\t\t\t\t\t\t<p>Komiov\u00e9 jsou finsko-ugersk\u00fd n\u00e1rod \u017eij\u00edc\u00ed na \u0159ek\u00e1ch Vy\u010degda a Pe\u010dora; Zyrjan\u00e9 byli christianizov\u00e1ni koncem 14. stolet\u00ed \u0160t\u011bp\u00e1nem z Permu, Permjaci v 15. stolet\u00ed. V\u00edra v duchovn\u00ed p\u00e1ny p\u0159\u00edrody p\u0159etrvala misii o stalet\u00ed. Podle tradovan\u00e9ho obrazu sv\u011bta rozd\u011blil nebesk\u00fd b\u016fh En bohatstv\u00ed lesa a vody mezi lidi a duchy; sv\u016fj pod\u00edl z\u00edskal \u010dlov\u011bk pouze se souhlasem p\u0159\u00edslu\u0161n\u00fdch p\u00e1n\u016f.<\/p><p>Mezi lesn\u00edmi p\u00e1ny platila hierarchie: nejvy\u0161\u0161\u00ed lesn\u00ed duch a pod n\u00edm duchovn\u00ed p\u00e1nov\u00e9 jednotliv\u00fdch druh\u016f zv\u00ed\u0159at, nap\u0159\u00edklad veverek nebo zaj\u00edc\u016f. Jm\u00e9no V\u00f6rsa je odvozeno od komijsk\u00e9ho <em>v\u00f6r<\/em>, les, a ozna\u010duje toho, kdo n\u00e1le\u017e\u00ed lesu. P\u0159ed za\u010d\u00e1tkem loveck\u00e9 sez\u00f3ny mu byly p\u0159in\u00e1\u0161eny dary, uv\u00e1d\u011bny jsou ko\u017ee\u0161iny, chl\u00e9b, s\u016fl a tab\u00e1k, a prvn\u00ed \u00falovek se mu p\u0159enech\u00e1val.<\/p>\t\t\t\t\t\t\t\t<\/div>\n\t\t\t\t<\/div>\n\t\t\t\t\t<\/div>\n\t\t\t\t<\/div>\n\t\t<div class=\"elementor-element elementor-element-5a584676 e-flex e-con-boxed e-con e-parent\" data-id=\"5a584676\" data-element_type=\"container\" data-e-type=\"container\">\n\t\t\t\t\t<div class=\"e-con-inner\">\n\t\t\t\t<div class=\"elementor-element elementor-element-6d0757bf elementor-widget elementor-widget-heading\" data-id=\"6d0757bf\" data-element_type=\"widget\" data-e-type=\"widget\" data-widget_type=\"heading.default\">\n\t\t\t\t\t<h2 class=\"elementor-heading-title elementor-size-default\">Recepce a za\u0159azen\u00ed<\/h2>\t\t\t\t<\/div>\n\t\t<div class=\"elementor-element elementor-element-60563f68 e-con-full e-flex e-con e-child\" data-id=\"60563f68\" data-element_type=\"container\" data-e-type=\"container\">\n\t\t\t\t<div class=\"elementor-element elementor-element-5a93fdd6 elementor-widget elementor-widget-text-editor\" data-id=\"5a93fdd6\" data-element_type=\"widget\" data-e-type=\"widget\" data-widget_type=\"text-editor.default\">\n\t\t\t\t\t\t\t\t\t<p>Za hranicemi regionu se V\u00f6rsa stal zn\u00e1m\u00fdm p\u0159edev\u0161\u00edm d\u00edky v\u011bdeck\u00e9 Encyklopedii uralsk\u00fdch mytologi\u00ed. V Komijsk\u00e9 republice pat\u0159\u00ed lesn\u00ed duch k region\u00e1ln\u00edmu kulturn\u00edmu d\u011bdictv\u00ed; ilustr\u00e1to\u0159i jako Arkadij Mo\u0161\u010dev mu ve 20. stolet\u00ed dali v\u00fdtvarnou podobu. V popul\u00e1rn\u00edch internetov\u00fdch besti\u00e1\u0159\u00edch se V\u00f6rsa objevuje v\u011bt\u0161inou jen jako varianta jm\u00e9na Leshy, co\u017e samostatn\u00e9 komijsk\u00e9 tradici odpov\u00edd\u00e1 jen z\u010d\u00e1sti.<\/p><p>Z n\u00e1bo\u017eenskov\u011bdn\u00edho hlediska zt\u011bles\u0148uje V\u00f6rsa severoeuroasijsk\u00fd typ p\u00e1na zv\u00ed\u0159at ve v\u00fdrazn\u00e9 loveck\u00e9 kultu\u0159e: \u00falovek se nebere, ale ud\u011bluje, a duch zaji\u0161\u0165uje hospod\u00e1\u0159skou etiku spole\u010denstv\u00ed. N\u00e1padn\u00fd je dualistick\u00fd r\u00e1mec komijsk\u00e9ho obrazu sv\u011bta s dvojic\u00ed stvo\u0159itel\u016f En a Omol. Christianizace posunula hodnocen\u00ed: ze smluvn\u00edho partnera lovc\u016f se na mnoha m\u00edstech stal d\u00e9mon, zat\u00edmco permjack\u00e1 tradice si star\u0161\u00ed, uctiv\u00fd postoj udr\u017eela d\u00e9le. Dvojakost pramen\u016f tak odr\u00e1\u017e\u00ed d\u011bjiny n\u00e1bo\u017eenstv\u00ed, nikoli rozporuplnost samotn\u00e9 bytosti.<\/p>\t\t\t\t\t\t\t\t<\/div>\n\t\t\t\t<\/div>\n\t\t\t\t\t<\/div>\n\t\t\t\t<\/div>\n\t\t<div class=\"elementor-element elementor-element-cp9a031aa e-flex e-con-boxed e-con e-parent\" data-id=\"cp9a031aa\" data-element_type=\"container\" data-e-type=\"container\">\n\t\t\t\t\t<div class=\"e-con-inner\">\n\t\t\t\t<div class=\"elementor-element elementor-element-cp9193514 elementor-widget elementor-widget-heading\" data-id=\"cp9193514\" data-element_type=\"widget\" data-e-type=\"widget\" data-widget_type=\"heading.default\">\n\t\t\t\t\t<h2 class=\"elementor-heading-title elementor-size-default\">Dary, loveck\u00e1 pravidla a \u00factypln\u00e1 mluva<\/h2>\t\t\t\t<\/div>\n\t\t<div class=\"elementor-element elementor-element-cp02ca0ee e-con-full e-flex e-con e-child\" data-id=\"cp02ca0ee\" data-element_type=\"container\" data-e-type=\"container\">\n\t\t\t\t<div class=\"elementor-element elementor-element-cp444e0f1 elementor-widget elementor-widget-text-editor\" data-id=\"cp444e0f1\" data-element_type=\"widget\" data-e-type=\"widget\" data-widget_type=\"text-editor.default\">\n\t\t\t\t\t\t\t\t\t<p>Tradi\u010dn\u00ed ochrana spo\u010d\u00edvala ve spr\u00e1vn\u00e9m chov\u00e1n\u00ed, nikoli v zakl\u00ednac\u00edch formul\u00edch. Pat\u0159ily k n\u00ed dary p\u0159ed za\u010d\u00e1tkem loveck\u00e9 sez\u00f3ny a p\u0159enech\u00e1n\u00ed prvn\u00ed \u00falovku, dodr\u017eov\u00e1n\u00ed lovn\u00edch pravidel i \u00factypln\u00e1, eufemistick\u00e1 \u0159e\u010d v lese. Kdo cht\u011bl p\u0159enocovat pod stromem, poprosil strom o dovolen\u00ed. Za odh\u00e1n\u011bj\u00edc\u00ed duchy platily u Komi ur\u010dit\u00e9 d\u0159eviny, uv\u00e1d\u011bny jsou je\u0159\u00e1b, <a href=\"https:\/\/iwell-guard.com\/cs\/jalovec\/\">jalovec<\/a>, vrba a ol\u0161e. P\u0159ed j\u00eddlem v lese se ohe\u0148 krmil kousky chleba; ohe\u0148 se nesm\u011bl ani poplivat, ani udupat nohama.<\/p>\t\t\t\t\t\t\t\t<\/div>\n\t\t\t\t<\/div>\n\t\t\t\t\t<\/div>\n\t\t\t\t<\/div>\n\t\t<div class=\"elementor-element elementor-element-cp11de5b2 e-flex e-con-boxed e-con e-parent\" data-id=\"cp11de5b2\" data-element_type=\"container\" data-e-type=\"container\">\n\t\t\t\t\t<div class=\"e-con-inner\">\n\t\t\t\t<div class=\"elementor-element elementor-element-cp8d35271 elementor-widget elementor-widget-heading\" data-id=\"cp8d35271\" data-element_type=\"widget\" data-e-type=\"widget\" data-widget_type=\"heading.default\">\n\t\t\t\t\t<h2 class=\"elementor-heading-title elementor-size-default\">Leshy, Vasa a p\u00e1ni jednotliv\u00fdch oblast\u00ed \u017eivota<\/h2>\t\t\t\t<\/div>\n\t\t<div class=\"elementor-element elementor-element-cp02f26b8 e-con-full e-flex e-con e-child\" data-id=\"cp02f26b8\" data-element_type=\"container\" data-e-type=\"container\">\n\t\t\t\t<div class=\"elementor-element elementor-element-cp58c4390 elementor-widget elementor-widget-text-editor\" data-id=\"cp58c4390\" data-element_type=\"widget\" data-e-type=\"widget\" data-widget_type=\"text-editor.default\">\n\t\t\t\t\t\t\t\t\t<p>Nejbli\u017e\u0161\u00ed obdobou je rusk\u00fd <a href=\"https:\/\/iwell-guard.com\/cs\/leshy\/\">Leshy<\/a>, jeho\u017e obraz siln\u011b ovlivnil podobu tradice o V\u00f6rsovi; v pobaltsk\u00e9 oblasti mu odpov\u00edd\u00e1 estonsk\u00fd star\u00fd lesa <a href=\"https:\/\/iwell-guard.com\/cs\/?page_id=146101\">Metsavana<\/a>. Ve sv\u011bt\u011b duch\u016f Komi stoj\u00ed V\u00f6rsa v \u0159ad\u011b s vodn\u00edm duchem Vasou a duchem l\u00e1zn\u011b Pyvsyansou, protikladem <a href=\"https:\/\/iwell-guard.com\/cs\/bannik\/\">Bannika<\/a>; do tohoto okruhu p\u00e1n\u016f jednotliv\u00fdch oblast\u00ed \u017eivota pat\u0159\u00ed i dom\u00e1c\u00ed duch <a href=\"https:\/\/iwell-guard.com\/cs\/domovoj\/\">Domovoj<\/a>. Mordvinsk\u00e1 lesn\u00ed matka <a href=\"https:\/\/iwell-guard.com\/cs\/?page_id=146143\">Vir-ava<\/a> je \u017eenskou sousedn\u00ed postavou na Volze, ale je za\u0159azena jinak: je bo\u017estvem panteonu, zat\u00edmco V\u00f6rsa je duchovn\u00edm p\u00e1nem lovu.<\/p>\t\t\t\t\t\t\t\t<\/div>\n\t\t\t\t<\/div>\n\t\t\t\t\t<\/div>\n\t\t\t\t<\/div>\n\t\t<div class=\"elementor-element elementor-element-cp406577c e-flex e-con-boxed e-con e-parent\" data-id=\"cp406577c\" data-element_type=\"container\" data-e-type=\"container\">\n\t\t\t\t\t<div class=\"e-con-inner\">\n\t\t\t\t<div class=\"elementor-element elementor-element-cpdd9c543 elementor-widget elementor-widget-heading\" data-id=\"cpdd9c543\" data-element_type=\"widget\" data-e-type=\"widget\" data-widget_type=\"heading.default\">\n\t\t\t\t\t<h2 class=\"elementor-heading-title elementor-size-default\">\u010casto kladen\u00e9 ot\u00e1zky o V\u00f6rsovi<\/h2>\t\t\t\t<\/div>\n\t\t<div class=\"elementor-element elementor-element-cp9e731bb e-con-full e-flex e-con e-child\" data-id=\"cp9e731bb\" data-element_type=\"container\" data-e-type=\"container\">\n\t\t\t\t<div class=\"elementor-element elementor-element-cpa7c898c elementor-widget elementor-widget-text-editor\" data-id=\"cpa7c898c\" data-element_type=\"widget\" data-e-type=\"widget\" data-widget_type=\"text-editor.default\">\n\t\t\t\t\t\t\t\t\t<p><strong>Je V\u00f6rsa zl\u00fd duch?<\/strong><\/p><p>Podle star\u0161\u00ed tradice ne. Je p\u00e1nem a smluvn\u00edm partnerem lovc\u016f, kter\u00fd trest\u00e1 poru\u0161en\u00ed pravidel ne\u00fasp\u011bchem a odm\u011b\u0148uje dobr\u00e9 chov\u00e1n\u00ed \u00falovkem. Teprve pod k\u0159es\u0165ansk\u00fdm vlivem, zejm\u00e9na u Syrjan\u016f, se p\u0159ibl\u00ed\u017eil \u010f\u00e1blu; Permjaci naopak sv\u00e9ho Vorise prosili i o zdrav\u00ed a ochranu.<\/p><p><strong>V \u010dem se V\u00f6rsa li\u0161\u00ed od Leshyho?<\/strong><\/p><p>Funk\u010dn\u011b t\u00e9m\u011b\u0159 v ni\u010dem, oba jsou p\u00e1ny lesa s moc\u00ed nad zv\u011b\u0159\u00ed a cestami. Postava Komi je v\u0161ak siln\u011bji zapojena do smluvn\u00edho my\u0161len\u00ed: b\u016fh En p\u0159edal bohatstv\u00ed lesa duch\u016fm, a \u010dlov\u011bk z\u00edsk\u00e1v\u00e1 sv\u016fj pod\u00edl jen za dary a dodr\u017eov\u00e1n\u00ed pravidel.<\/p><p><strong>Jakou roli hraje medv\u011bd?<\/strong><\/p><p>Medv\u011bd byl pova\u017eov\u00e1n za \u017eiv\u00e9 zt\u011blesn\u011bn\u00ed lesn\u00edho ducha a za syna nebesk\u00e9ho boha Ena, kter\u00fd sestoupil na zem. Lov na medv\u011bda proto podl\u00e9hal p\u0159\u00edsn\u00fdm pravidl\u016fm.<\/p>\t\t\t\t\t\t\t\t<\/div>\n\t\t\t\t<\/div>\n\t\t\t\t\t<\/div>\n\t\t\t\t<\/div>\n\t\t<div class=\"elementor-element elementor-element-36dd7469 e-flex e-con-boxed e-con e-parent\" data-id=\"36dd7469\" data-element_type=\"container\" data-e-type=\"container\">\n\t\t\t\t\t<div class=\"e-con-inner\">\n\t\t\t\t<div class=\"elementor-element elementor-element-13760ab4 elementor-widget elementor-widget-heading\" data-id=\"13760ab4\" data-element_type=\"widget\" data-e-type=\"widget\" data-widget_type=\"heading.default\">\n\t\t\t\t\t<h2 class=\"elementor-heading-title elementor-size-default\">Souvisej\u00edc\u00ed odkazy<\/h2>\t\t\t\t<\/div>\n\t\t<div class=\"elementor-element elementor-element-28c87796 e-con-full e-flex e-con e-child\" data-id=\"28c87796\" data-element_type=\"container\" data-e-type=\"container\">\n\t\t\t\t<div class=\"elementor-element elementor-element-5d6538df elementor-widget elementor-widget-text-editor\" data-id=\"5d6538df\" data-element_type=\"widget\" data-e-type=\"widget\" data-widget_type=\"text-editor.default\">\n\t\t\t\t\t\t\t\t\t<p>Doporu\u010den\u00e9 intern\u00ed odkazy:<\/p><ul><li><a href=\"https:\/\/iwell-guard.com\/cs\/leshy\/\">Leshy<\/a> \u2013 rusk\u00fd p\u00e1n lesa jako nejbli\u017e\u0161\u00ed obdoba<\/li><li><a href=\"https:\/\/iwell-guard.com\/cs\/?page_id=146143\">Vir-ava<\/a> \u2013 mordvinsk\u00e1 lesn\u00ed matka na Volze<\/li><li><a href=\"https:\/\/iwell-guard.com\/cs\/?page_id=146101\">Metsavana<\/a> \u2013 estonsk\u00fd star\u00fd lesa<\/li><li><a href=\"https:\/\/iwell-guard.com\/cs\/sul-jako-ochrana\/\">S\u016fl<\/a>, <a href=\"https:\/\/iwell-guard.com\/cs\/zelezo-a-chladne-zelezo\/\">\u017delezo<\/a>, <a href=\"https:\/\/iwell-guard.com\/cs\/jalovec\/\">Jalovec<\/a>, <a href=\"https:\/\/iwell-guard.com\/cs\/kourenie-a-cisteni\/\">Kou\u0159en\u00ed (fumigace)<\/a> \u2013 tradi\u010dn\u00ed ochrann\u00e9 prost\u0159edky<\/li><\/ul>\t\t\t\t\t\t\t\t<\/div>\n\t\t\t\t<\/div>\n\t\t\t\t\t<\/div>\n\t\t\t\t<\/div>\n\t\t<div class=\"elementor-element elementor-element-grl4kl40 e-flex e-con-boxed e-con e-parent\" data-id=\"grl4kl40\" data-element_type=\"container\" data-e-type=\"container\">\n\t\t\t\t\t<div class=\"e-con-inner\">\n\t\t\t\t<div class=\"elementor-element elementor-element-bzsbfrmh elementor-widget elementor-widget-heading\" data-id=\"bzsbfrmh\" data-element_type=\"widget\" data-e-type=\"widget\" data-widget_type=\"heading.default\">\n\t\t\t\t\t<h2 class=\"elementor-heading-title elementor-size-default\">Literatura (v\u00fdb\u011br)<\/h2>\t\t\t\t<\/div>\n\t\t<div class=\"elementor-element elementor-element-2c13224a e-con-full e-flex e-con e-child\" data-id=\"2c13224a\" data-element_type=\"container\" data-e-type=\"container\">\n\t\t\t\t<div class=\"elementor-element elementor-element-0eymh9ub elementor-widget elementor-widget-text-editor\" data-id=\"0eymh9ub\" data-element_type=\"widget\" data-e-type=\"widget\" data-widget_type=\"text-editor.default\">\n\t\t\t\t\t\t\t\t\t<footer class=\"iwg-literatur\" data-nosnippet=\"true\"><p>V\u00fdb\u011br kl\u00ed\u010dov\u00fdch pramen\u016f a studi\u00ed:<\/p><ul><li><span data-nosnippet>Konakov, N. D. u. a.: <em>Komi Mythology<\/em>. Budapest\/Helsinki 2003.<\/span><\/li><li><span data-nosnippet>Paulson, Ivar: <em>Outline of Permian Folk Religion<\/em>. In: Journal of the Folklore Institute 2, 1965.<\/span><\/li><li><span data-nosnippet>Sidorov, Alexei S.: <em>Znacharstvo, koldovstvo i portscha u naroda komi<\/em>. Leningrad 1928.<\/span><\/li><\/ul><\/footer>\n<p class=\"iwg-bib-more\"><span data-nosnippet>Dal\u0161\u00ed standardn\u00ed d\u00edla v <a href=\"https:\/\/iwell-guard.com\/cs\/literatura\/\">seznamu literatury<\/a>.<\/span><\/p>\t\t\t\t\t\t\t\t<\/div>\n\t\t\t\t<\/div>\n\t\t\t\t\t<\/div>\n\t\t\t\t<\/div>\n\t\t<div class=\"elementor-element elementor-element-iwgkw2-add-hulijing e-flex e-con-boxed e-con e-parent\" data-id=\"iwgkw2-add-hulijing\" data-element_type=\"container\" data-e-type=\"container\">\n\t\t\t\t\t<div class=\"e-con-inner\">\n\t\t\t\t<div class=\"elementor-element elementor-element-iwgkw2-add-hulijing-t elementor-widget elementor-widget-text-editor\" data-id=\"iwgkw2-add-hulijing-t\" data-element_type=\"widget\" data-e-type=\"widget\" data-widget_type=\"text-editor.default\">\n\t\t\t\t\t\t\t\t\t<p>Jako lesn\u00ed duch a str\u00e1\u017ece loveck\u00e9 mor\u00e1lky u Komi zt\u011bles\u0148uje V\u00f6rsa my\u0161len\u00ed, v n\u011bm\u017e se \u00falovek ud\u011bluje, nikoli bere; kdo chce pochopit mytologii Komi, nejl\u00e9pe za\u010dne u tohoto tich\u00e9ho smluvn\u00edho partnera lovc\u016f.<\/p>\t\t\t\t\t\t\t\t<\/div>\n\t\t\t\t\t<\/div>\n\t\t\t\t<\/div>\n\t\t\t\t<\/div>\n\t\t","protected":false},"excerpt":{"rendered":"","protected":false},"author":3,"featured_media":20438,"parent":0,"menu_order":0,"comment_status":"closed","ping_status":"closed","template":"elementor_header_footer","meta":{"_yoast_wpseo_focuskw":"v\u00f6rsa","_yoast_wpseo_title":"V\u00f6rsa: lesn\u00ed duch Komi\u016f a str\u00e1\u017ece lovu","_yoast_wpseo_metadesc":"V\u00f6rsa, lesn\u00ed duch Komi\u016f, dohl\u00ed\u017e\u00ed na loveck\u00e9 \u0161t\u011bst\u00ed a mor\u00e1lku lovu. P\u0159ehled p\u016fvodu, podob a tradi\u010dn\u00edch ochrann\u00fdch zvyklost\u00ed.","_yoast_wpseo_meta-robots-noindex":"","_yoast_wpseo_canonical":"","_angie_page":false,"gefaehrdungsstufe":"2","wesen_kultur":"finno-ugrisch","wesen_klasse":"geister","footnotes":""},"categories":[],"class_list":["post-146144","page","type-page","status-publish","has-post-thumbnail","hentry"],"yoast_head":"<!-- This site is optimized with the Yoast SEO Premium plugin v27.7 (Yoast SEO v28.3) - https:\/\/yoast.com\/product\/yoast-seo-premium-wordpress\/ -->\n<title>V\u00f6rsa: lesn\u00ed duch Komi\u016f a str\u00e1\u017ece lovu<\/title>\n<meta name=\"description\" content=\"V\u00f6rsa, lesn\u00ed duch Komi\u016f, dohl\u00ed\u017e\u00ed na loveck\u00e9 \u0161t\u011bst\u00ed a mor\u00e1lku lovu. P\u0159ehled p\u016fvodu, podob a tradi\u010dn\u00edch ochrann\u00fdch zvyklost\u00ed.\" \/>\n<meta name=\"robots\" content=\"index, follow, max-snippet:-1, max-image-preview:large, max-video-preview:-1\" \/>\n<link rel=\"canonical\" href=\"https:\/\/iwell-guard.com\/cs\/vorsa\/\" \/>\n<meta property=\"og:locale\" content=\"cs_CZ\" \/>\n<meta property=\"og:type\" content=\"article\" \/>\n<meta property=\"og:title\" content=\"V\u00f6rsa\" \/>\n<meta property=\"og:description\" content=\"V\u00f6rsa, lesn\u00ed duch Komi\u016f, dohl\u00ed\u017e\u00ed na loveck\u00e9 \u0161t\u011bst\u00ed a mor\u00e1lku lovu. P\u0159ehled p\u016fvodu, podob a tradi\u010dn\u00edch ochrann\u00fdch zvyklost\u00ed.\" \/>\n<meta property=\"og:url\" content=\"https:\/\/iwell-guard.com\/cs\/vorsa\/\" \/>\n<meta property=\"og:site_name\" content=\"iWell Guard\" \/>\n<meta property=\"article:modified_time\" content=\"2026-09-03T17:15:21+00:00\" \/>\n<meta property=\"og:image\" content=\"https:\/\/iwell-guard.com\/wp-content\/uploads\/2026\/07\/geister_finno-ugrisch_voersa.webp\" \/>\n\t<meta property=\"og:image:width\" content=\"1022\" \/>\n\t<meta property=\"og:image:height\" content=\"1538\" \/>\n\t<meta property=\"og:image:type\" content=\"image\/webp\" \/>\n<meta name=\"twitter:card\" content=\"summary_large_image\" \/>\n<script type=\"application\/ld+json\" class=\"yoast-schema-graph\">{\"@context\":\"https:\\\/\\\/schema.org\",\"@graph\":[{\"@type\":\"WebPage\",\"@id\":\"https:\\\/\\\/iwell-guard.com\\\/cs\\\/vorsa\\\/\",\"url\":\"https:\\\/\\\/iwell-guard.com\\\/cs\\\/vorsa\\\/\",\"name\":\"V\u00f6rsa: lesn\u00ed duch Komi\u016f a str\u00e1\u017ece lovu\",\"isPartOf\":{\"@id\":\"https:\\\/\\\/iwell-guard.com\\\/cs\\\/#website\"},\"primaryImageOfPage\":{\"@id\":\"https:\\\/\\\/iwell-guard.com\\\/cs\\\/vorsa\\\/#primaryimage\"},\"image\":{\"@id\":\"https:\\\/\\\/iwell-guard.com\\\/cs\\\/vorsa\\\/#primaryimage\"},\"thumbnailUrl\":\"https:\\\/\\\/iwell-guard.com\\\/wp-content\\\/uploads\\\/2026\\\/07\\\/geister_finno-ugrisch_voersa.webp\",\"datePublished\":\"2026-09-03T16:39:59+00:00\",\"dateModified\":\"2026-09-03T17:15:21+00:00\",\"description\":\"V\u00f6rsa, lesn\u00ed duch Komi\u016f, dohl\u00ed\u017e\u00ed na loveck\u00e9 \u0161t\u011bst\u00ed a mor\u00e1lku lovu. P\u0159ehled p\u016fvodu, podob a tradi\u010dn\u00edch ochrann\u00fdch zvyklost\u00ed.\",\"breadcrumb\":{\"@id\":\"https:\\\/\\\/iwell-guard.com\\\/cs\\\/vorsa\\\/#breadcrumb\"},\"inLanguage\":\"cs\",\"potentialAction\":[{\"@type\":\"ReadAction\",\"target\":[\"https:\\\/\\\/iwell-guard.com\\\/cs\\\/vorsa\\\/\"]}]},{\"@type\":\"ImageObject\",\"inLanguage\":\"cs\",\"@id\":\"https:\\\/\\\/iwell-guard.com\\\/cs\\\/vorsa\\\/#primaryimage\",\"url\":\"https:\\\/\\\/iwell-guard.com\\\/wp-content\\\/uploads\\\/2026\\\/07\\\/geister_finno-ugrisch_voersa.webp\",\"contentUrl\":\"https:\\\/\\\/iwell-guard.com\\\/wp-content\\\/uploads\\\/2026\\\/07\\\/geister_finno-ugrisch_voersa.webp\",\"width\":1022,\"height\":1538,\"caption\":\"Voersa, duch finsko-ugrick\u00e9 tradice\"},{\"@type\":\"BreadcrumbList\",\"@id\":\"https:\\\/\\\/iwell-guard.com\\\/cs\\\/vorsa\\\/#breadcrumb\",\"itemListElement\":[{\"@type\":\"ListItem\",\"position\":1,\"name\":\"Start\",\"item\":\"https:\\\/\\\/iwell-guard.com\\\/cs\\\/?page_id=145107\"},{\"@type\":\"ListItem\",\"position\":2,\"name\":\"V\u00f6rsa\"}]},{\"@type\":\"WebSite\",\"@id\":\"https:\\\/\\\/iwell-guard.com\\\/cs\\\/#website\",\"url\":\"https:\\\/\\\/iwell-guard.com\\\/cs\\\/\",\"name\":\"iWell Guard\",\"description\":\"Schutz vor dunklen Einfl\u00fcssen\",\"publisher\":{\"@id\":\"https:\\\/\\\/iwell-guard.com\\\/cs\\\/#organization\"},\"potentialAction\":[{\"@type\":\"SearchAction\",\"target\":{\"@type\":\"EntryPoint\",\"urlTemplate\":\"https:\\\/\\\/iwell-guard.com\\\/cs\\\/?s={search_term_string}\"},\"query-input\":{\"@type\":\"PropertyValueSpecification\",\"valueRequired\":true,\"valueName\":\"search_term_string\"}}],\"inLanguage\":\"cs\"},{\"@type\":\"Organization\",\"@id\":\"https:\\\/\\\/iwell-guard.com\\\/cs\\\/#organization\",\"name\":\"Ittermann electronic GmbH\",\"url\":\"https:\\\/\\\/iwell-guard.com\\\/cs\\\/\",\"logo\":{\"@type\":\"ImageObject\",\"inLanguage\":\"cs\",\"@id\":\"https:\\\/\\\/iwell-guard.com\\\/cs\\\/#\\\/schema\\\/logo\\\/image\\\/\",\"url\":\"https:\\\/\\\/iwell-guard.com\\\/wp-content\\\/uploads\\\/2026\\\/05\\\/Ittermann-Logo-1182x237-1.png\",\"contentUrl\":\"https:\\\/\\\/iwell-guard.com\\\/wp-content\\\/uploads\\\/2026\\\/05\\\/Ittermann-Logo-1182x237-1.png\",\"width\":1182,\"height\":237,\"caption\":\"Ittermann electronic GmbH\"},\"image\":{\"@id\":\"https:\\\/\\\/iwell-guard.com\\\/cs\\\/#\\\/schema\\\/logo\\\/image\\\/\"},\"sameAs\":[\"https:\\\/\\\/pantip.com\\\/profile\\\/9367242\",\"https:\\\/\\\/micro.blog\\\/iwellguard\",\"https:\\\/\\\/www.diggerslist.com\\\/iwellguard\\\/about\",\"https:\\\/\\\/skitterphoto.com\\\/photographers\\\/2870314\\\/iwell-guard\",\"https:\\\/\\\/iwellguard.wordpress.com\\\/2026\\\/06\\\/06\\\/iwell-guard\\\/\",\"https:\\\/\\\/hub.docker.com\\\/u\\\/iwellguard\",\"https:\\\/\\\/www.pinterest.com\\\/iwellguard\\\/\",\"https:\\\/\\\/bit.ly\\\/m\\\/iwellguard\",\"https:\\\/\\\/entre-vos-mains.alsace.eu\\\/profiles\\\/iwellguard\\\/activity\",\"https:\\\/\\\/gravatar.com\\\/reallybeded8fd34\",\"https:\\\/\\\/naijamatta.com\\\/iwellguard\",\"https:\\\/\\\/www.goodreads.com\\\/iwellguard\",\"https:\\\/\\\/profile.hatena.ne.jp\\\/iwellguard\\\/\",\"https:\\\/\\\/experiment.com\\\/users\\\/iwellguard\",\"https:\\\/\\\/wakelet.com\\\/@iWellGuard82270\",\"https:\\\/\\\/www.chordie.com\\\/forum\\\/profile.php?id=2555664\",\"https:\\\/\\\/www.instapaper.com\\\/p\\\/17757966\",\"https:\\\/\\\/www.mapleprimes.com\\\/users\\\/iwellguard\",\"https:\\\/\\\/businesslistingplus.com\\\/profile\\\/iwell-guard\\\/\",\"https:\\\/\\\/telegra.ph\\\/iWell-Guard-06-06\",\"https:\\\/\\\/pbase.com\\\/iwellguard\\\/iwellguard\",\"https:\\\/\\\/b.hatena.ne.jp\\\/iwellguard\\\/20260607#bookmark-4788405196491818882\",\"https:\\\/\\\/fliphtml5.com\\\/home\\\/iwellguard\",\"https:\\\/\\\/anyflip.com\\\/homepage\\\/cmiwl#About\",\"https:\\\/\\\/transfur.com\\\/Users\\\/iwellguard\",\"http:\\\/\\\/delphi.larsbo.org\\\/user\\\/iwellguard\",\"https:\\\/\\\/jobs.lajobsportal.org\\\/profiles\\\/8380803-iwell-guard\",\"https:\\\/\\\/md.chaosdorf.de\\\/s\\\/jfbe5SBdJD\",\"https:\\\/\\\/www.lingvolive.com\\\/en-us\\\/profile\\\/9ecaeaca-ce11-4e51-9e71-01d55e2bff36\\\/translations\",\"https:\\\/\\\/www.fitday.com\\\/fitness\\\/forums\\\/members\\\/iwellguard.html\",\"https:\\\/\\\/www.mymeetbook.com\\\/iwellguard\",\"https:\\\/\\\/pxhere.com\\\/en\\\/photographer-me\\\/5040798\",\"https:\\\/\\\/disqus.com\\\/by\\\/iwellguard\\\/about\\\/\",\"https:\\\/\\\/pastelink.net\\\/hjwciqwq\",\"https:\\\/\\\/pubhtml5.com\\\/homepage\\\/scjhn\\\/\",\"https:\\\/\\\/www.bitchute.com\\\/channel\\\/2O2eOKzNqujT\",\"https:\\\/\\\/audiomack.com\\\/iwellguard\"]},{\"@type\":\"Article\",\"@id\":\"https:\\\/\\\/iwell-guard.com\\\/cs\\\/vorsa\\\/#article\",\"isPartOf\":{\"@id\":\"https:\\\/\\\/iwell-guard.com\\\/cs\\\/vorsa\\\/\"},\"author\":{\"name\":\"Ralf Ittermann\",\"@id\":\"https:\\\/\\\/iwell-guard.com\\\/cs\\\/#\\\/schema\\\/person\\\/ee2a27f1cac3406c7c6fb5820cb7349f\"},\"headline\":\"V\u00f6rsa\",\"datePublished\":\"2026-09-03T16:39:59+00:00\",\"dateModified\":\"2026-09-03T17:15:21+00:00\",\"mainEntityOfPage\":{\"@id\":\"https:\\\/\\\/iwell-guard.com\\\/cs\\\/vorsa\\\/\"},\"publisher\":{\"@id\":\"https:\\\/\\\/iwell-guard.com\\\/cs\\\/#organization\"},\"image\":{\"@id\":\"https:\\\/\\\/iwell-guard.com\\\/cs\\\/vorsa\\\/#primaryimage\"},\"thumbnailUrl\":\"https:\\\/\\\/iwell-guard.com\\\/wp-content\\\/uploads\\\/2026\\\/07\\\/geister_finno-ugrisch_voersa.webp\",\"inLanguage\":\"cs\",\"description\":\"V\u00f6rsa, lesn\u00ed duch Komi\u016f, dohl\u00ed\u017e\u00ed na loveck\u00e9 \u0161t\u011bst\u00ed a mor\u00e1lku lovu. P\u0159ehled p\u016fvodu, podob a tradi\u010dn\u00edch ochrann\u00fdch zvyklost\u00ed.\"}]}<\/script>\n<!-- \/ Yoast SEO Premium plugin. -->","yoast_head_json":{"title":"V\u00f6rsa: lesn\u00ed duch Komi\u016f a str\u00e1\u017ece lovu","description":"V\u00f6rsa, lesn\u00ed duch Komi\u016f, dohl\u00ed\u017e\u00ed na loveck\u00e9 \u0161t\u011bst\u00ed a mor\u00e1lku lovu. P\u0159ehled p\u016fvodu, podob a tradi\u010dn\u00edch ochrann\u00fdch zvyklost\u00ed.","robots":{"index":"index","follow":"follow","max-snippet":"max-snippet:-1","max-image-preview":"max-image-preview:large","max-video-preview":"max-video-preview:-1"},"canonical":"https:\/\/iwell-guard.com\/cs\/vorsa\/","og_locale":"cs_CZ","og_type":"article","og_title":"V\u00f6rsa","og_description":"V\u00f6rsa, lesn\u00ed duch Komi\u016f, dohl\u00ed\u017e\u00ed na loveck\u00e9 \u0161t\u011bst\u00ed a mor\u00e1lku lovu. P\u0159ehled p\u016fvodu, podob a tradi\u010dn\u00edch ochrann\u00fdch zvyklost\u00ed.","og_url":"https:\/\/iwell-guard.com\/cs\/vorsa\/","og_site_name":"iWell Guard","article_modified_time":"2026-09-03T17:15:21+00:00","og_image":[{"width":1022,"height":1538,"url":"https:\/\/iwell-guard.com\/wp-content\/uploads\/2026\/07\/geister_finno-ugrisch_voersa.webp","type":"image\/webp"}],"twitter_card":"summary_large_image","schema":{"@context":"https:\/\/schema.org","@graph":[{"@type":"Article","@id":"https:\/\/iwell-guard.com\/cs\/vorsa\/#article","isPartOf":{"@id":"https:\/\/iwell-guard.com\/cs\/vorsa\/"},"author":{"name":"Ralf Ittermann","@id":"https:\/\/iwell-guard.com\/cs\/#\/schema\/person\/ee2a27f1cac3406c7c6fb5820cb7349f"},"headline":"V\u00f6rsa","datePublished":"2026-09-03T16:39:59+00:00","dateModified":"2026-09-03T17:15:21+00:00","mainEntityOfPage":{"@id":"https:\/\/iwell-guard.com\/cs\/vorsa\/"},"publisher":{"@id":"https:\/\/iwell-guard.com\/cs\/#organization"},"image":{"@id":"https:\/\/iwell-guard.com\/cs\/vorsa\/#primaryimage"},"thumbnailUrl":"https:\/\/iwell-guard.com\/wp-content\/uploads\/2026\/07\/geister_finno-ugrisch_voersa.webp","inLanguage":"cs","description":"V\u00f6rsa, lesn\u00ed duch Komi\u016f, dohl\u00ed\u017e\u00ed na loveck\u00e9 \u0161t\u011bst\u00ed a mor\u00e1lku lovu. P\u0159ehled p\u016fvodu, podob a tradi\u010dn\u00edch ochrann\u00fdch zvyklost\u00ed."},{"@type":"WebPage","@id":"https:\/\/iwell-guard.com\/cs\/vorsa\/","url":"https:\/\/iwell-guard.com\/cs\/vorsa\/","name":"V\u00f6rsa: lesn\u00ed duch Komi\u016f a str\u00e1\u017ece lovu","isPartOf":{"@id":"https:\/\/iwell-guard.com\/cs\/#website"},"primaryImageOfPage":{"@id":"https:\/\/iwell-guard.com\/cs\/vorsa\/#primaryimage"},"image":{"@id":"https:\/\/iwell-guard.com\/cs\/vorsa\/#primaryimage"},"thumbnailUrl":"https:\/\/iwell-guard.com\/wp-content\/uploads\/2026\/07\/geister_finno-ugrisch_voersa.webp","datePublished":"2026-09-03T16:39:59+00:00","dateModified":"2026-09-03T17:15:21+00:00","description":"V\u00f6rsa, lesn\u00ed duch Komi\u016f, dohl\u00ed\u017e\u00ed na loveck\u00e9 \u0161t\u011bst\u00ed a mor\u00e1lku lovu. P\u0159ehled p\u016fvodu, podob a tradi\u010dn\u00edch ochrann\u00fdch zvyklost\u00ed.","breadcrumb":{"@id":"https:\/\/iwell-guard.com\/cs\/vorsa\/#breadcrumb"},"inLanguage":"cs","potentialAction":[{"@type":"ReadAction","target":["https:\/\/iwell-guard.com\/cs\/vorsa\/"]}]},{"@type":"ImageObject","inLanguage":"cs","@id":"https:\/\/iwell-guard.com\/cs\/vorsa\/#primaryimage","url":"https:\/\/iwell-guard.com\/wp-content\/uploads\/2026\/07\/geister_finno-ugrisch_voersa.webp","contentUrl":"https:\/\/iwell-guard.com\/wp-content\/uploads\/2026\/07\/geister_finno-ugrisch_voersa.webp","width":1022,"height":1538,"caption":"Voersa, duch finsko-ugrick\u00e9 tradice"},{"@type":"BreadcrumbList","@id":"https:\/\/iwell-guard.com\/cs\/vorsa\/#breadcrumb","itemListElement":[{"@type":"ListItem","position":1,"name":"Start","item":"https:\/\/iwell-guard.com\/cs\/?page_id=145107"},{"@type":"ListItem","position":2,"name":"V\u00f6rsa"}]},{"@type":"WebSite","@id":"https:\/\/iwell-guard.com\/cs\/#website","url":"https:\/\/iwell-guard.com\/cs\/","name":"iWell Guard","description":"Schutz vor dunklen Einfl\u00fcssen","publisher":{"@id":"https:\/\/iwell-guard.com\/cs\/#organization"},"potentialAction":[{"@type":"SearchAction","target":{"@type":"EntryPoint","urlTemplate":"https:\/\/iwell-guard.com\/cs\/?s={search_term_string}"},"query-input":{"@type":"PropertyValueSpecification","valueRequired":true,"valueName":"search_term_string"}}],"inLanguage":"cs"},{"@type":"Organization","@id":"https:\/\/iwell-guard.com\/cs\/#organization","name":"Ittermann electronic GmbH","url":"https:\/\/iwell-guard.com\/cs\/","logo":{"@type":"ImageObject","inLanguage":"cs","@id":"https:\/\/iwell-guard.com\/cs\/#\/schema\/logo\/image\/","url":"https:\/\/iwell-guard.com\/wp-content\/uploads\/2026\/05\/Ittermann-Logo-1182x237-1.png","contentUrl":"https:\/\/iwell-guard.com\/wp-content\/uploads\/2026\/05\/Ittermann-Logo-1182x237-1.png","width":1182,"height":237,"caption":"Ittermann electronic GmbH"},"image":{"@id":"https:\/\/iwell-guard.com\/cs\/#\/schema\/logo\/image\/"},"sameAs":["https:\/\/pantip.com\/profile\/9367242","https:\/\/micro.blog\/iwellguard","https:\/\/www.diggerslist.com\/iwellguard\/about","https:\/\/skitterphoto.com\/photographers\/2870314\/iwell-guard","https:\/\/iwellguard.wordpress.com\/2026\/06\/06\/iwell-guard\/","https:\/\/hub.docker.com\/u\/iwellguard","https:\/\/www.pinterest.com\/iwellguard\/","https:\/\/bit.ly\/m\/iwellguard","https:\/\/entre-vos-mains.alsace.eu\/profiles\/iwellguard\/activity","https:\/\/gravatar.com\/reallybeded8fd34","https:\/\/naijamatta.com\/iwellguard","https:\/\/www.goodreads.com\/iwellguard","https:\/\/profile.hatena.ne.jp\/iwellguard\/","https:\/\/experiment.com\/users\/iwellguard","https:\/\/wakelet.com\/@iWellGuard82270","https:\/\/www.chordie.com\/forum\/profile.php?id=2555664","https:\/\/www.instapaper.com\/p\/17757966","https:\/\/www.mapleprimes.com\/users\/iwellguard","https:\/\/businesslistingplus.com\/profile\/iwell-guard\/","https:\/\/telegra.ph\/iWell-Guard-06-06","https:\/\/pbase.com\/iwellguard\/iwellguard","https:\/\/b.hatena.ne.jp\/iwellguard\/20260607#bookmark-4788405196491818882","https:\/\/fliphtml5.com\/home\/iwellguard","https:\/\/anyflip.com\/homepage\/cmiwl#About","https:\/\/transfur.com\/Users\/iwellguard","http:\/\/delphi.larsbo.org\/user\/iwellguard","https:\/\/jobs.lajobsportal.org\/profiles\/8380803-iwell-guard","https:\/\/md.chaosdorf.de\/s\/jfbe5SBdJD","https:\/\/www.lingvolive.com\/en-us\/profile\/9ecaeaca-ce11-4e51-9e71-01d55e2bff36\/translations","https:\/\/www.fitday.com\/fitness\/forums\/members\/iwellguard.html","https:\/\/www.mymeetbook.com\/iwellguard","https:\/\/pxhere.com\/en\/photographer-me\/5040798","https:\/\/disqus.com\/by\/iwellguard\/about\/","https:\/\/pastelink.net\/hjwciqwq","https:\/\/pubhtml5.com\/homepage\/scjhn\/","https:\/\/www.bitchute.com\/channel\/2O2eOKzNqujT","https:\/\/audiomack.com\/iwellguard"]},{"@type":"Person","@id":"https:\/\/iwell-guard.com\/cs\/#\/schema\/person\/ee2a27f1cac3406c7c6fb5820cb7349f","name":"Ralf Ittermann","image":{"@type":"ImageObject","inLanguage":"cs","@id":"https:\/\/secure.gravatar.com\/avatar\/073c0153e350a5005b68eb752b445fea71f6b24a26da9449ad7e155e6b446c9d?s=96&d=mm&r=g","url":"https:\/\/secure.gravatar.com\/avatar\/073c0153e350a5005b68eb752b445fea71f6b24a26da9449ad7e155e6b446c9d?s=96&d=mm&r=g","contentUrl":"https:\/\/secure.gravatar.com\/avatar\/073c0153e350a5005b68eb752b445fea71f6b24a26da9449ad7e155e6b446c9d?s=96&d=mm&r=g","caption":"Ralf Ittermann"},"givenName":"Ralf","familyName":"Ittermann","jobTitle":"Gesch\u00e4ftsf\u00fchrer und redaktioneller Verantwortlicher","url":"https:\/\/iwell-guard.com\/cs\/author\/claude\/","description":"Ralf Ittermann ist Gesch\u00e4ftsf\u00fchrer der Ittermann electronic GmbH und redaktioneller Verantwortlicher des iWell-Guard-Lexikons. Er verbindet langj\u00e4hrige Erfahrung in der Pr\u00e4zisionsfertigung mit medialer Praxis und religionsgeschichtlicher Quellenarbeit.","worksFor":{"@type":"Organization","name":"Ittermann electronic GmbH","url":"https:\/\/ittermann.de\/","address":{"@type":"PostalAddress","streetAddress":"K\u00f6hlergasse 16-18","postalCode":"99842","addressLocality":"Ruhla","addressCountry":"DE"}},"knowsAbout":["Religionsgeschichte","Mythologie","Mediale Praxis","Energetische Diagnostik","Schutzpraxis","Volksglauben","Westliche Esoterik"]},{"@type":"Article","@id":"https:\/\/iwell-guard.com\/cs\/vorsa\/#article","isPartOf":{"@id":"https:\/\/iwell-guard.com\/cs\/vorsa\/"},"author":{"name":"Ralf Ittermann","@id":"https:\/\/iwell-guard.com\/cs\/#\/schema\/person\/ee2a27f1cac3406c7c6fb5820cb7349f"},"headline":"V\u00f6rsa","datePublished":"2026-09-03T16:39:59+00:00","dateModified":"2026-09-03T17:15:21+00:00","mainEntityOfPage":{"@id":"https:\/\/iwell-guard.com\/cs\/vorsa\/"},"publisher":{"@id":"https:\/\/iwell-guard.com\/cs\/#organization"},"image":{"@id":"https:\/\/iwell-guard.com\/cs\/vorsa\/#primaryimage"},"thumbnailUrl":"https:\/\/iwell-guard.com\/wp-content\/uploads\/2026\/07\/geister_finno-ugrisch_voersa.webp","inLanguage":"cs","description":"V\u00f6rsa, lesn\u00ed duch Komi\u016f, dohl\u00ed\u017e\u00ed na loveck\u00e9 \u0161t\u011bst\u00ed a mor\u00e1lku lovu. P\u0159ehled p\u016fvodu, podob a tradi\u010dn\u00edch ochrann\u00fdch zvyklost\u00ed."}]}},"_links":{"self":[{"href":"https:\/\/iwell-guard.com\/cs\/wp-json\/wp\/v2\/pages\/146144","targetHints":{"allow":["GET"]}}],"collection":[{"href":"https:\/\/iwell-guard.com\/cs\/wp-json\/wp\/v2\/pages"}],"about":[{"href":"https:\/\/iwell-guard.com\/cs\/wp-json\/wp\/v2\/types\/page"}],"author":[{"embeddable":true,"href":"https:\/\/iwell-guard.com\/cs\/wp-json\/wp\/v2\/users\/3"}],"replies":[{"embeddable":true,"href":"https:\/\/iwell-guard.com\/cs\/wp-json\/wp\/v2\/comments?post=146144"}],"version-history":[{"count":0,"href":"https:\/\/iwell-guard.com\/cs\/wp-json\/wp\/v2\/pages\/146144\/revisions"}],"wp:featuredmedia":[{"embeddable":true,"href":"https:\/\/iwell-guard.com\/cs\/wp-json\/wp\/v2\/media\/20438"}],"wp:attachment":[{"href":"https:\/\/iwell-guard.com\/cs\/wp-json\/wp\/v2\/media?parent=146144"}],"wp:term":[{"taxonomy":"category","embeddable":true,"href":"https:\/\/iwell-guard.com\/cs\/wp-json\/wp\/v2\/categories?post=146144"}],"curies":[{"name":"wp","href":"https:\/\/api.w.org\/{rel}","templated":true}]}}