{"id":146103,"date":"2026-09-03T16:38:28","date_gmt":"2026-09-03T16:38:28","guid":{"rendered":"https:\/\/iwell-guard.com\/?page_id=146103"},"modified":"2026-09-03T17:14:14","modified_gmt":"2026-09-03T17:14:14","slug":"holzfraulein","status":"publish","type":"page","link":"https:\/\/iwell-guard.com\/cs\/holzfraulein\/","title":{"rendered":"Holzfr\u00e4ulein"},"content":{"rendered":"\t\t<div data-elementor-type=\"wp-page\" data-elementor-id=\"146103\" class=\"elementor elementor-146103 elementor-19402\" data-elementor-post-type=\"page\">\n\t\t\t\t<div class=\"elementor-element elementor-element-10fdade e-flex e-con-boxed e-con e-parent\" data-id=\"10fdade\" data-element_type=\"container\" data-e-type=\"container\" data-settings=\"{&quot;background_background&quot;:&quot;classic&quot;}\">\n\t\t\t\t\t<div class=\"e-con-inner\">\n\t\t<div class=\"elementor-element elementor-element-herohlft0 e-flex e-con-boxed e-con e-child\" data-id=\"herohlft0\" data-element_type=\"container\" data-e-type=\"container\">\n\t\t\t\t\t<div class=\"e-con-inner\">\n\t\t<div class=\"elementor-element elementor-element-c3ceb64 e-con-full e-flex e-con e-child\" data-id=\"c3ceb64\" data-element_type=\"container\" data-e-type=\"container\">\n\t\t\t\t<div class=\"elementor-element elementor-element-96ae5e1 elementor-widget elementor-widget-heading\" data-id=\"96ae5e1\" data-element_type=\"widget\" data-e-type=\"widget\" data-widget_type=\"heading.default\">\n\t\t\t\t\t<h1 class=\"elementor-heading-title elementor-size-default\">Holzfr\u00e4ulein, mal\u00e1 lesn\u00ed \u017eena ze Sch\u00f6nwerthovy Horn\u00ed Falce<\/h1>\t\t\t\t<\/div>\n\t\t\t\t<div class=\"elementor-element elementor-element-e45238a elementor-widget elementor-widget-text-editor\" data-id=\"e45238a\" data-element_type=\"widget\" data-e-type=\"widget\" data-widget_type=\"text-editor.default\">\n\t\t\t\t\t\t\t\t\t<p>Holzfr\u00e4ulein je <span class=\"iwg-fachbegriff\" data-tooltip=\"Bezeteln\u00e1 bytost, j\u00ed\u017e se p\u0159isuzuje p\u016fsoben\u00ed ve sv\u011bt\u011b.\" tabindex=\"0\">duch<\/span> n\u011bmeck\u00e9 tradice.<\/p><p><strong>Plach\u00e1 lesn\u00ed \u017eena, kter\u00e1 pom\u00e1h\u00e1, rad\u00ed a sama vyhled\u00e1v\u00e1 ochranu.<\/strong><\/p>\t\t\t\t\t\t\t\t<\/div>\n\t\t\t\t<\/div>\n\t\t<div class=\"elementor-element elementor-element-klsbdg01 e-con-full e-flex e-con e-parent\" data-id=\"klsbdg01\" data-element_type=\"container\" data-e-type=\"container\">\n\t\t\t\t<div class=\"elementor-element elementor-element-klshtm01 elementor-widget elementor-widget-html\" data-id=\"klshtm01\" data-element_type=\"widget\" data-e-type=\"widget\" data-widget_type=\"html.default\">\n\t\t\t\t\t<div class=\"iwg-pill-row\"><span class=\"iwg-klasse-badge\" tabindex=\"0\" data-tooltip=\"Duch: Net\u011blesn\u00e1 nebo polo\u0442\u011blesn\u00e1 bytost, zesnul\u00ed, p\u0159\u00edrodn\u00ed bytosti, dom\u00e1c\u00ed duchov\u00e9 nebo str\u00e1\u017eci prah\u016f. P\u016fsob\u00ed v ka\u017edodenn\u00edm \u017eivot\u011b, \u010dasto v\u00e1z\u00e1n na m\u00edsta nebo rodiny.\">Duch<\/span><a href=\"https:\/\/iwell-guard.com\/cs\/germansky\/\" class=\"iwg-kultur-badge\" tabindex=\"0\" data-tooltip=\"P\u0159edk\u0159es\u0165ansk\u00fd sv\u011bt boh\u016f a duch\u016f severn\u00ed a st\u0159edn\u00ed Evropy.\">Germ\u00e1nsk\u00fd<\/a><\/div>\t\t\t\t<\/div>\n\t\t\t\t<\/div>\n\t\t<div class=\"elementor-element elementor-element-3f74855 e-con-full e-flex e-con e-child\" data-id=\"3f74855\" data-element_type=\"container\" data-e-type=\"container\">\n\t\t\t\t<div class=\"elementor-element elementor-element-1c30362 elementor-toc--minimized-on-tablet elementor-widget elementor-widget-table-of-contents\" data-id=\"1c30362\" data-element_type=\"widget\" data-e-type=\"widget\" data-settings=\"{&quot;exclude_headings_by_selector&quot;:[],&quot;no_headings_message&quot;:&quot;Na t\\u00e9to str\\u00e1nce nebyly nalezeny \\u017e\\u00e1dn\\u00e9 nadpisy.&quot;,&quot;headings_by_tags&quot;:[&quot;h2&quot;,&quot;h3&quot;],&quot;marker_view&quot;:&quot;bullets&quot;,&quot;icon&quot;:{&quot;value&quot;:&quot;fas fa-circle&quot;,&quot;library&quot;:&quot;fa-solid&quot;,&quot;rendered_tag&quot;:&quot;&lt;svg class=\\&quot;e-font-icon-svg e-fas-circle\\&quot; viewBox=\\&quot;0 0 512 512\\&quot; xmlns=\\&quot;http:\\\/\\\/www.w3.org\\\/2000\\\/svg\\&quot;&gt;&lt;path d=\\&quot;M256 8C119 8 8 119 8 256s111 248 248 248 248-111 248-248S393 8 256 8z\\&quot;&gt;&lt;\\\/path&gt;&lt;\\\/svg&gt;&quot;},&quot;minimize_box&quot;:&quot;yes&quot;,&quot;minimized_on&quot;:&quot;tablet&quot;,&quot;hierarchical_view&quot;:&quot;yes&quot;,&quot;min_height&quot;:{&quot;unit&quot;:&quot;px&quot;,&quot;size&quot;:&quot;&quot;,&quot;sizes&quot;:[]},&quot;min_height_tablet&quot;:{&quot;unit&quot;:&quot;px&quot;,&quot;size&quot;:&quot;&quot;,&quot;sizes&quot;:[]},&quot;min_height_mobile&quot;:{&quot;unit&quot;:&quot;px&quot;,&quot;size&quot;:&quot;&quot;,&quot;sizes&quot;:[]}}\" data-widget_type=\"table-of-contents.default\">\n\t\t\t\t\t\t\t\t\t<div class=\"elementor-toc__header\">\n\t\t\t\t\t\t<h2 class=\"elementor-toc__header-title\">\n\t\t\t\tObsah\t\t\t<\/h2>\n\t\t\t\t\t\t\t\t\t\t<div class=\"elementor-toc__toggle-button elementor-toc__toggle-button--expand\" role=\"button\" tabindex=\"0\" aria-controls=\"elementor-toc__1c30362\" aria-expanded=\"true\" aria-label=\"Open table of contents\"><svg aria-hidden=\"true\" class=\"e-font-icon-svg e-fas-chevron-down\" viewBox=\"0 0 448 512\" xmlns=\"http:\/\/www.w3.org\/2000\/svg\"><path d=\"M207.029 381.476L12.686 187.132c-9.373-9.373-9.373-24.569 0-33.941l22.667-22.667c9.357-9.357 24.522-9.375 33.901-.04L224 284.505l154.745-154.021c9.379-9.335 24.544-9.317 33.901.04l22.667 22.667c9.373 9.373 9.373 24.569 0 33.941L240.971 381.476c-9.373 9.372-24.569 9.372-33.942 0z\"><\/path><\/svg><\/div>\n\t\t\t\t<div class=\"elementor-toc__toggle-button elementor-toc__toggle-button--collapse\" role=\"button\" tabindex=\"0\" aria-controls=\"elementor-toc__1c30362\" aria-expanded=\"true\" aria-label=\"Close table of contents\"><svg aria-hidden=\"true\" class=\"e-font-icon-svg e-fas-chevron-up\" viewBox=\"0 0 448 512\" xmlns=\"http:\/\/www.w3.org\/2000\/svg\"><path d=\"M240.971 130.524l194.343 194.343c9.373 9.373 9.373 24.569 0 33.941l-22.667 22.667c-9.357 9.357-24.522 9.375-33.901.04L224 227.495 69.255 381.516c-9.379 9.335-24.544 9.317-33.901-.04l-22.667-22.667c-9.373-9.373-9.373-24.569 0-33.941L207.03 130.525c9.372-9.373 24.568-9.373 33.941-.001z\"><\/path><\/svg><\/div>\n\t\t\t\t\t<\/div>\n\t\t\t\t<div id=\"elementor-toc__1c30362\" class=\"elementor-toc__body\">\n\t\t\t<div class=\"elementor-toc__spinner-container\">\n\t\t\t\t<svg class=\"elementor-toc__spinner eicon-animation-spin e-font-icon-svg e-eicon-loading\" aria-hidden=\"true\" viewBox=\"0 0 1000 1000\" xmlns=\"http:\/\/www.w3.org\/2000\/svg\"><path d=\"M500 975V858C696 858 858 696 858 500S696 142 500 142 142 304 142 500H25C25 237 238 25 500 25S975 237 975 500 763 975 500 975Z\"><\/path><\/svg>\t\t\t<\/div>\n\t\t<\/div>\n\t\t\t\t\t\t<\/div>\n\t\t\t\t<\/div>\n\t\t\t\t\t<\/div>\n\t\t\t\t<\/div>\n\t\t<div class=\"elementor-element elementor-element-herorght0 e-con-full e-flex e-con e-child\" data-id=\"herorght0\" data-element_type=\"container\" data-e-type=\"container\">\n\t\t\t\t<div class=\"elementor-element elementor-element-heroimg00 iwg-hero-image elementor-widget elementor-widget-image\" data-id=\"heroimg00\" data-element_type=\"widget\" data-e-type=\"widget\" data-widget_type=\"image.default\">\n\t\t\t\t\t\t\t\t\t\t\t\t\t\t\t<img fetchpriority=\"high\" decoding=\"async\" width=\"682\" height=\"1024\" src=\"https:\/\/iwell-guard.com\/wp-content\/uploads\/2026\/07\/geister_germanisch_holzfraeulein-682x1024.webp\" class=\"attachment-large size-large wp-image-146474\" alt=\"Divo\u017eenka, duch germ\u00e1nsk\u00e9 tradice\" srcset=\"https:\/\/iwell-guard.com\/wp-content\/uploads\/2026\/07\/geister_germanisch_holzfraeulein-682x1024.webp 682w, https:\/\/iwell-guard.com\/wp-content\/uploads\/2026\/07\/geister_germanisch_holzfraeulein-200x300.webp 200w, https:\/\/iwell-guard.com\/wp-content\/uploads\/2026\/07\/geister_germanisch_holzfraeulein-768x1154.webp 768w, https:\/\/iwell-guard.com\/wp-content\/uploads\/2026\/07\/geister_germanisch_holzfraeulein.webp 1023w\" sizes=\"(max-width: 682px) 100vw, 682px\" \/>\t\t\t\t\t\t\t\t\t\t\t\t\t\t\t<\/div>\n\t\t\t\t<\/div>\n\t\t\t\t\t<\/div>\n\t\t\t\t<\/div>\n\t\t<div class=\"elementor-element elementor-element-32917199 e-flex e-con-boxed e-con e-parent\" data-id=\"32917199\" data-element_type=\"container\" data-e-type=\"container\">\n\t\t\t\t\t<div class=\"e-con-inner\">\n\t\t<div class=\"elementor-element elementor-element-26e916cb e-flex e-con-boxed e-con e-child\" data-id=\"26e916cb\" data-element_type=\"container\" data-e-type=\"container\">\n\t\t\t\t\t<div class=\"e-con-inner\">\n\t\t<div class=\"elementor-element elementor-element-253a40d4 e-flex e-con-boxed e-con e-child\" data-id=\"253a40d4\" data-element_type=\"container\" data-e-type=\"container\">\n\t\t\t\t\t<div class=\"e-con-inner\">\n\t\t\t\t<div class=\"elementor-element elementor-element-1200c304 elementor-widget elementor-widget-heading\" data-id=\"1200c304\" data-element_type=\"widget\" data-e-type=\"widget\" data-widget_type=\"heading.default\">\n\t\t\t\t\t<div class=\"elementor-heading-title elementor-size-default\">Holzfr\u00e4ulein<\/div>\t\t\t\t<\/div>\n\t\t\t\t<div class=\"elementor-element elementor-element-11758e7f elementor-widget elementor-widget-text-editor\" data-id=\"11758e7f\" data-element_type=\"widget\" data-e-type=\"widget\" data-widget_type=\"text-editor.default\">\n\t\t\t\t\t\t\t\t\t<p>Holzfr\u00e4ulein, naz\u00fdvan\u00e9 tak\u00e9 Holzweibel, je hornofalck\u00e1 podoba mal\u00fdch \u017eensk\u00fdch lesn\u00edch duch\u016f N\u011bmecka. Franz Xaver von Sch\u00f6nwerth zaznamenal tuto tradici kolem roku 1857 z \u00fastn\u00edho pod\u00e1n\u00ed venkovsk\u00e9ho lidu.<\/p><p>Bytost plat\u00ed za pomocnou i za pot\u0159ebnou ochrany z\u00e1rove\u0148: slou\u017e\u00ed a rad\u00ed lidem, pom\u00e1h\u00e1 p\u0159i sklizni a lesn\u00ed pr\u00e1ci a za to \u017e\u00e1d\u00e1 pokrm. Z\u00e1rove\u0148 je sama ohro\u017eena, nebo\u0165 v bou\u0159liv\u00fdch noc\u00edch je Holzfr\u00e4ulein pron\u00e1sledov\u00e1no Divok\u00fdm honem a vyhled\u00e1v\u00e1 \u00fato\u010di\u0161t\u011b u lid\u00ed.<\/p>\t\t\t\t\t\t\t\t<\/div>\n\t\t\t\t\t<\/div>\n\t\t\t\t<\/div>\n\t\t<div class=\"elementor-element elementor-element-159dcf9a e-flex e-con-boxed e-con e-child\" data-id=\"159dcf9a\" data-element_type=\"container\" data-e-type=\"container\">\n\t\t\t\t\t<div class=\"e-con-inner\">\n\t\t\t\t<div class=\"elementor-element elementor-element-48cee66f elementor-widget elementor-widget-heading\" data-id=\"48cee66f\" data-element_type=\"widget\" data-e-type=\"widget\" data-widget_type=\"heading.default\">\n\t\t\t\t\t<div class=\"elementor-heading-title elementor-size-default\">Na prvn\u00ed pohled: Holzfr\u00e4ulein<\/div>\t\t\t\t<\/div>\n\t\t\t\t<div class=\"elementor-element elementor-element-3f50d82c elementor-widget elementor-widget-text-editor\" data-id=\"3f50d82c\" data-element_type=\"widget\" data-e-type=\"widget\" data-widget_type=\"text-editor.default\">\n\t\t\t\t\t\t\t\t\t<p><strong>Typ:<\/strong> Mal\u00fd \u017eensk\u00fd lesn\u00ed duch, hornofalck\u00e1 podoba mechov\u00fdch a d\u0159ev\u011bn\u00fdch \u017eenek<br>P\u016fvod: hornofalck\u00e1 lidov\u00e1 tradice, zaznamenan\u00e1 Franzem Xaverem von Sch\u00f6nwerth<br>Texty: folklorn\u00ed sb\u00edrky, zejm\u00e9na Aus der Oberpfalz. Sitten und Sagen (1857-1859)<br>Obdob\u00ed: z\u00e1pisy z 19. stolet\u00ed<br>Zjev: mal\u00e1 \u017eensk\u00e1 postava v \u0161atech z mechu a k\u016fry, m\u00edsty obto\u010den\u00e1 lnem<\/p>\t\t\t\t\t\t\t\t<\/div>\n\t\t\t\t\t<\/div>\n\t\t\t\t<\/div>\n\t\t\t\t\t<\/div>\n\t\t\t\t<\/div>\n\t\t\t\t\t<\/div>\n\t\t\t\t<\/div>\n\t\t<div class=\"elementor-element elementor-element-18613602 e-flex e-con-boxed e-con e-parent\" data-id=\"18613602\" data-element_type=\"container\" data-e-type=\"container\">\n\t\t\t\t\t<div class=\"e-con-inner\">\n\t\t\t\t<div class=\"elementor-element elementor-element-262b8a9f elementor-widget elementor-widget-heading\" data-id=\"262b8a9f\" data-element_type=\"widget\" data-e-type=\"widget\" data-widget_type=\"heading.default\">\n\t\t\t\t\t<h2 class=\"elementor-heading-title elementor-size-default\">Oblast p\u016fvodu a zdroje<\/h2>\t\t\t\t<\/div>\n\t\t<div class=\"elementor-element elementor-element-46dcb7d e-con-full e-flex e-con e-child\" data-id=\"46dcb7d\" data-element_type=\"container\" data-e-type=\"container\">\n\t\t<div class=\"elementor-element elementor-element-61d3ab3 e-flex e-con-boxed e-con e-child\" data-id=\"61d3ab3\" data-element_type=\"container\" data-e-type=\"container\">\n\t\t\t\t\t<div class=\"e-con-inner\">\n\t\t\t\t<div class=\"elementor-element elementor-element-117c166 elementor-widget elementor-widget-heading\" data-id=\"117c166\" data-element_type=\"widget\" data-e-type=\"widget\" data-widget_type=\"heading.default\">\n\t\t\t\t\t<h3 class=\"elementor-heading-title elementor-size-default\">Zeitraum der Texte<\/h3>\t\t\t\t<\/div>\n\t\t\t\t<div class=\"elementor-element elementor-element-73997a0 elementor-widget elementor-widget-text-editor\" data-id=\"73997a0\" data-element_type=\"widget\" data-e-type=\"widget\" data-widget_type=\"text-editor.default\">\n\t\t\t\t\t\t\t\t\t<p>Z\u00e1pisy poch\u00e1zej\u00ed z 19. stolet\u00ed, zejm\u00e9na z let 1857 a\u017e 1859, kdy Sch\u00f6nwerth sb\u00edral vypr\u00e1v\u011bn\u00ed ze severn\u00ed Horn\u00ed Falce.<\/p>\t\t\t\t\t\t\t\t<\/div>\n\t\t\t\t\t<\/div>\n\t\t\t\t<\/div>\n\t\t<div class=\"elementor-element elementor-element-d47b156 e-flex e-con-boxed e-con e-child\" data-id=\"d47b156\" data-element_type=\"container\" data-e-type=\"container\">\n\t\t\t\t\t<div class=\"e-con-inner\">\n\t\t\t\t<div class=\"elementor-element elementor-element-ff38c2b elementor-widget elementor-widget-heading\" data-id=\"ff38c2b\" data-element_type=\"widget\" data-e-type=\"widget\" data-widget_type=\"heading.default\">\n\t\t\t\t\t<h3 class=\"elementor-heading-title elementor-size-default\">Verbreitungsraum<\/h3>\t\t\t\t<\/div>\n\t\t\t\t<div class=\"elementor-element elementor-element-4e49fcc elementor-widget elementor-widget-text-editor\" data-id=\"4e49fcc\" data-element_type=\"widget\" data-e-type=\"widget\" data-widget_type=\"text-editor.default\">\n\t\t\t\t\t\t\t\t\t<p>J\u00e1drovou oblast\u00ed je Horn\u00ed Falc; Holzweibel a p\u0159\u00edbuzn\u00e1 jm\u00e9na jsou krom\u011b toho dolo\u017eena v Horn\u00edch Frank\u00e1ch, v Egerlandu, ve Vogtlandu a v \u0160umav\u011b (B\u00f6hmerwald).<\/p>\t\t\t\t\t\t\t\t<\/div>\n\t\t\t\t\t<\/div>\n\t\t\t\t<\/div>\n\t\t\t\t<\/div>\n\t\t<div class=\"elementor-element elementor-element-db03c39 e-con-full e-flex e-con e-child\" data-id=\"db03c39\" data-element_type=\"container\" data-e-type=\"container\">\n\t\t<div class=\"elementor-element elementor-element-229a87b e-flex e-con-boxed e-con e-child\" data-id=\"229a87b\" data-element_type=\"container\" data-e-type=\"container\">\n\t\t\t\t\t<div class=\"e-con-inner\">\n\t\t\t\t<div class=\"elementor-element elementor-element-1f471fc elementor-widget elementor-widget-heading\" data-id=\"1f471fc\" data-element_type=\"widget\" data-e-type=\"widget\" data-widget_type=\"heading.default\">\n\t\t\t\t\t<h3 class=\"elementor-heading-title elementor-size-default\">Quellenlage<\/h3>\t\t\t\t<\/div>\n\t\t\t\t<div class=\"elementor-element elementor-element-36b1201 elementor-widget elementor-widget-text-editor\" data-id=\"36b1201\" data-element_type=\"widget\" data-e-type=\"widget\" data-widget_type=\"text-editor.default\">\n\t\t\t\t\t\t\t\t\t<p>Folklorn\u00ed sb\u00edrky, p\u0159edev\u0161\u00edm Franz Xaver von Sch\u00f6nwerth, jeho\u017e d\u00edlo si vysoce cenil Jacob Grimm; vid\u011bl v Sch\u00f6nwerthovi povolan\u00e9ho pokra\u010dovatele vlastn\u00ed pr\u00e1ce.<\/p>\t\t\t\t\t\t\t\t<\/div>\n\t\t\t\t\t<\/div>\n\t\t\t\t<\/div>\n\t\t\t\t<\/div>\n\t\t\t\t\t<\/div>\n\t\t\t\t<\/div>\n\t\t<div class=\"elementor-element elementor-element-3ae0637c e-flex e-con-boxed e-con e-parent\" data-id=\"3ae0637c\" data-element_type=\"container\" data-e-type=\"container\">\n\t\t\t\t\t<div class=\"e-con-inner\">\n\t\t\t\t<div class=\"elementor-element elementor-element-31d07739 elementor-widget elementor-widget-heading\" data-id=\"31d07739\" data-element_type=\"widget\" data-e-type=\"widget\" data-widget_type=\"heading.default\">\n\t\t\t\t\t<h2 class=\"elementor-heading-title elementor-size-default\">Jm\u00e9no a varianty<\/h2>\t\t\t\t<\/div>\n\t\t<div class=\"elementor-element elementor-element-b7642947 e-con-full e-flex e-con e-child\" data-id=\"b7642947\" data-element_type=\"container\" data-e-type=\"container\">\n\t\t\t\t<div class=\"elementor-element elementor-element-a086266 elementor-widget elementor-widget-text-editor\" data-id=\"a086266\" data-element_type=\"widget\" data-e-type=\"widget\" data-widget_type=\"text-editor.default\">\n\t\t\t\t\t\t\t\t\t<p><strong>N\u011bmecky:<\/strong> Holzfr\u00e4ulein, v regionu tak\u00e9 Holzweibel. Ob\u011b jm\u00e9na ozna\u010duj\u00ed hornofalckou z\u00e1stupkyni mal\u00fdch \u017eensk\u00fdch lesn\u00edch duch\u016f; v\u011bcn\u011b n\u00e1le\u017e\u00ed tato postava do stejn\u00e9 skupiny p\u0159edstav jako mechov\u00e9 \u017eenky (Moosweibchen) Turingska a Saska. Na n\u011bkter\u00fdch m\u00edstech byla bytost k\u0159es\u0165ansky vykl\u00e1d\u00e1na jako zaklet\u00e1 chud\u00e1 du\u0161e.<\/p>\t\t\t\t\t\t\t\t<\/div>\n\t\t\t\t<\/div>\n\t\t\t\t\t<\/div>\n\t\t\t\t<\/div>\n\t\t<div class=\"elementor-element elementor-element-709a44a8 e-flex e-con-boxed e-con e-parent\" data-id=\"709a44a8\" data-element_type=\"container\" data-e-type=\"container\">\n\t\t\t\t\t<div class=\"e-con-inner\">\n\t\t\t\t<div class=\"elementor-element elementor-element-2f585873 elementor-widget elementor-widget-heading\" data-id=\"2f585873\" data-element_type=\"widget\" data-e-type=\"widget\" data-widget_type=\"heading.default\">\n\t\t\t\t\t<h2 class=\"elementor-heading-title elementor-size-default\">Zjev a chov\u00e1n\u00ed<\/h2>\t\t\t\t<\/div>\n\t\t<div class=\"elementor-element elementor-element-70621c12 e-con-full e-flex e-con e-child\" data-id=\"70621c12\" data-element_type=\"container\" data-e-type=\"container\">\n\t\t\t\t<div class=\"elementor-element elementor-element-4296eb49 elementor-widget elementor-widget-text-editor\" data-id=\"4296eb49\" data-element_type=\"widget\" data-e-type=\"widget\" data-widget_type=\"text-editor.default\">\n\t\t\t\t\t\t\t\t\t<p><strong>Zjev<\/strong><\/p><p>Popisov\u00e1na je mal\u00e1, \u00fatl\u00e1 a\u017e sta\u0159eneck\u00e1 \u017eensk\u00e1 postava, chud\u011b oble\u010den\u00e1 do mechu, k\u016fry a hrub\u00e9 l\u00e1tky, m\u00edsty obto\u010den\u00e1 lnem nebo s list\u00edm ve vlasech. Motivy lnu a sklizn\u011b zakotvuj\u00ed bytost v rolnick\u00e9 \u017eensk\u00e9 pr\u00e1ci na poli a v p\u0159\u00e1stevnici; symbolicky stoj\u00ed za \u00fazk\u00fdm hrani\u010dn\u00edm p\u00e1sem mezi lesem a kulturn\u00ed krajinou.<\/p><p><strong>P\u016fsoben\u00ed<\/strong><\/p><p>Holzfr\u00e4ulein pom\u00e1haj\u00ed p\u0159i v\u00e1z\u00e1n\u00ed snop\u016f a p\u0159i lesn\u00ed pr\u00e1ci, hl\u00eddaj\u00ed d\u011bti na okraji pole a poskytuj\u00ed informace o l\u00e9\u010div\u00fdch bylin\u00e1ch a po\u010das\u00ed. Jako odm\u011bnu \u017e\u00e1daj\u00ed pokrm, r\u00e1dy knedl\u00edky nebo ka\u0161i. Jejich vd\u011bk plat\u00ed za blahod\u00e1rn\u00fd; ura\u017eeny se st\u00e1hnou a odnesou po\u017eehn\u00e1n\u00ed s sebou. O vlastn\u00ed \u0161kodliv\u00e9 moci prameny nic nevypr\u00e1v\u011bj\u00ed. Jejich pot\u0159ebnost obrac\u00ed obvykl\u00fd vztah: nepros\u00ed \u010dlov\u011bk bytost, n\u00fdbr\u017e bytost pros\u00ed \u010dlov\u011bka o pokrm a \u00fato\u010di\u0161t\u011b.<\/p>\t\t\t\t\t\t\t\t<\/div>\n\t\t\t\t<\/div>\n\t\t\t\t\t<\/div>\n\t\t\t\t<\/div>\n\t\t<div class=\"elementor-element elementor-element-44e71476 e-flex e-con-boxed e-con e-parent\" data-id=\"44e71476\" data-element_type=\"container\" data-e-type=\"container\">\n\t\t\t\t\t<div class=\"e-con-inner\">\n\t\t\t\t<div class=\"elementor-element elementor-element-3c1fc3f0 elementor-widget elementor-widget-heading\" data-id=\"3c1fc3f0\" data-element_type=\"widget\" data-e-type=\"widget\" data-widget_type=\"heading.default\">\n\t\t\t\t\t<h2 class=\"elementor-heading-title elementor-size-default\">Profil: Holzfr\u00e4ulein<\/h2>\t\t\t\t<\/div>\n\t\t<div class=\"elementor-element elementor-element-84f33b8e e-con-full e-flex e-con e-child\" data-id=\"84f33b8e\" data-element_type=\"container\" data-e-type=\"container\">\n\t\t\t\t<div class=\"elementor-element elementor-element-hqkdc67p elementor-widget elementor-widget-text-editor\" data-id=\"hqkdc67p\" data-element_type=\"widget\" data-e-type=\"widget\" data-widget_type=\"text-editor.default\">\n\t\t\t\t\t\t\t\t\t<p>Nejd\u016fle\u017eit\u011bj\u0161\u00ed aspekty mal\u00e9 lesn\u00ed \u017eeny na prvn\u00ed pohled.<\/p>\t\t\t\t\t\t\t\t<\/div>\n\t\t\t\t<\/div>\n\t\t<div class=\"elementor-element elementor-element-pemmx7c5 e-con-full e-flex e-con e-child\" data-id=\"pemmx7c5\" data-element_type=\"container\" data-e-type=\"container\">\n\t\t<div class=\"elementor-element elementor-element-pemmx7c1 e-con-full e-flex e-con e-child\" data-id=\"pemmx7c1\" data-element_type=\"container\" data-e-type=\"container\">\n\t\t<div class=\"elementor-element elementor-element-qh9oavvu iwg-steckbrief-card e-flex e-con-boxed e-con e-child\" data-id=\"qh9oavvu\" data-element_type=\"container\" data-e-type=\"container\">\n\t\t\t\t\t<div class=\"e-con-inner\">\n\t\t\t\t<div class=\"elementor-element elementor-element-awzx8k2k elementor-widget elementor-widget-heading\" data-id=\"awzx8k2k\" data-element_type=\"widget\" data-e-type=\"widget\" data-widget_type=\"heading.default\">\n\t\t\t\t\t<div class=\"elementor-heading-title elementor-size-default\">Kulturn\u00ed kontext<\/div>\t\t\t\t<\/div>\n\t\t\t\t<div class=\"elementor-element elementor-element-x6rowhv0 elementor-widget elementor-widget-text-editor\" data-id=\"x6rowhv0\" data-element_type=\"widget\" data-e-type=\"widget\" data-widget_type=\"text-editor.default\">\n\t\t\t\t\t\t\t\t\t<p>Hornofalck\u00e1 podoba mal\u00fdch \u017eensk\u00fdch lesn\u00edch duch\u016f N\u011bmecka, zaznamenan\u00e1 kolem roku 1857 Sch\u00f6nwerthem z \u00fastn\u00ed tradice.<\/p>\t\t\t\t\t\t\t\t<\/div>\n\t\t\t\t\t<\/div>\n\t\t\t\t<\/div>\n\t\t<div class=\"elementor-element elementor-element-8e3o4kxs iwg-steckbrief-card e-flex e-con-boxed e-con e-child\" data-id=\"8e3o4kxs\" data-element_type=\"container\" data-e-type=\"container\">\n\t\t\t\t\t<div class=\"e-con-inner\">\n\t\t\t\t<div class=\"elementor-element elementor-element-08rkdgov elementor-widget elementor-widget-heading\" data-id=\"08rkdgov\" data-element_type=\"widget\" data-e-type=\"widget\" data-widget_type=\"heading.default\">\n\t\t\t\t\t<div class=\"elementor-heading-title elementor-size-default\">Vztahuje se na<\/div>\t\t\t\t<\/div>\n\t\t\t\t<div class=\"elementor-element elementor-element-uwjelx8s elementor-widget elementor-widget-text-editor\" data-id=\"uwjelx8s\" data-element_type=\"widget\" data-e-type=\"widget\" data-widget_type=\"text-editor.default\">\n\t\t\t\t\t\t\t\t\t<p>D\u0159evorubci, skliz\u0148ov\u00ed pomocn\u00edci a selky: Holzfr\u00e4ulein se ukazuje v lese, na okraji lesa a na okraji pole, zes\u00edlen\u011b v dob\u011b sklizn\u011b, lnu a pe\u010den\u00ed.<\/p>\t\t\t\t\t\t\t\t<\/div>\n\t\t\t\t\t<\/div>\n\t\t\t\t<\/div>\n\t\t<div class=\"elementor-element elementor-element-jm2n74ec iwg-steckbrief-card e-flex e-con-boxed e-con e-child\" data-id=\"jm2n74ec\" data-element_type=\"container\" data-e-type=\"container\">\n\t\t\t\t\t<div class=\"e-con-inner\">\n\t\t\t\t<div class=\"elementor-element elementor-element-8vufse4c elementor-widget elementor-widget-heading\" data-id=\"8vufse4c\" data-element_type=\"widget\" data-e-type=\"widget\" data-widget_type=\"heading.default\">\n\t\t\t\t\t<div class=\"elementor-heading-title elementor-size-default\">Zobrazen\u00ed<\/div>\t\t\t\t<\/div>\n\t\t\t\t<div class=\"elementor-element elementor-element-mwb9u015 elementor-widget elementor-widget-text-editor\" data-id=\"mwb9u015\" data-element_type=\"widget\" data-e-type=\"widget\" data-widget_type=\"text-editor.default\">\n\t\t\t\t\t\t\t\t\t<p>Mal\u00e1, \u00fatl\u00e1 a\u017e sta\u0159eneck\u00e1 \u017eensk\u00e1 postava v mechu, k\u016f\u0159e a hrub\u00e9 l\u00e1tce, m\u00edsty zcela zabalen\u00e1 do lnu nebo s list\u00edm ve vlasech.<\/p>\t\t\t\t\t\t\t\t<\/div>\n\t\t\t\t\t<\/div>\n\t\t\t\t<\/div>\n\t\t\t\t<\/div>\n\t\t<div class=\"elementor-element elementor-element-pemmx7c2 e-con-full e-flex e-con e-child\" data-id=\"pemmx7c2\" data-element_type=\"container\" data-e-type=\"container\">\n\t\t<div class=\"elementor-element elementor-element-37ss2yr6 iwg-steckbrief-card e-flex e-con-boxed e-con e-child\" data-id=\"37ss2yr6\" data-element_type=\"container\" data-e-type=\"container\">\n\t\t\t\t\t<div class=\"e-con-inner\">\n\t\t\t\t<div class=\"elementor-element elementor-element-3v0wp3wx elementor-widget elementor-widget-heading\" data-id=\"3v0wp3wx\" data-element_type=\"widget\" data-e-type=\"widget\" data-widget_type=\"heading.default\">\n\t\t\t\t\t<div class=\"elementor-heading-title elementor-size-default\">P\u016fsobnost<\/div>\t\t\t\t<\/div>\n\t\t\t\t<div class=\"elementor-element elementor-element-w3247g2m elementor-widget elementor-widget-text-editor\" data-id=\"w3247g2m\" data-element_type=\"widget\" data-e-type=\"widget\" data-widget_type=\"text-editor.default\">\n\t\t\t\t\t\t\t\t\t<p>Pomoc p\u0159i sklizni a lesn\u00ed pr\u00e1ci, hl\u00edd\u00e1n\u00ed d\u011bt\u00ed, rada ohledn\u011b l\u00e9\u010div\u00fdch bylin a po\u010das\u00ed; dvory, kter\u00e9 s n\u00ed zach\u00e1zej\u00ed dob\u0159e, prosp\u00edvaj\u00ed pod jej\u00edm po\u017eehn\u00e1n\u00edm.<\/p>\t\t\t\t\t\t\t\t<\/div>\n\t\t\t\t\t<\/div>\n\t\t\t\t<\/div>\n\t\t<div class=\"elementor-element elementor-element-0qpjal9w iwg-steckbrief-card e-flex e-con-boxed e-con e-child\" data-id=\"0qpjal9w\" data-element_type=\"container\" data-e-type=\"container\">\n\t\t\t\t\t<div class=\"e-con-inner\">\n\t\t\t\t<div class=\"elementor-element elementor-element-6ndoih0o elementor-widget elementor-widget-heading\" data-id=\"6ndoih0o\" data-element_type=\"widget\" data-e-type=\"widget\" data-widget_type=\"heading.default\">\n\t\t\t\t\t<div class=\"elementor-heading-title elementor-size-default\">Zach\u00e1zen\u00ed<\/div>\t\t\t\t<\/div>\n\t\t\t\t<div class=\"elementor-element elementor-element-6684tyh9 elementor-widget elementor-widget-text-editor\" data-id=\"6684tyh9\" data-element_type=\"widget\" data-e-type=\"widget\" data-widget_type=\"text-editor.default\">\n\t\t\t\t\t\t\t\t\t<p>Ob\u011btiny z j\u00eddla na pa\u0159ezu nebo okraji pole, z\u0159eknut\u00ed se km\u00ednu v chlebu a t\u0159i k\u0159\u00ed\u017eky na kmeni pora\u017een\u00e9ho stromu jako \u00fato\u010di\u0161t\u011b p\u0159ed Divok\u00fdm honem.<\/p>\t\t\t\t\t\t\t\t<\/div>\n\t\t\t\t\t<\/div>\n\t\t\t\t<\/div>\n\t\t<div class=\"elementor-element elementor-element-3lfi7x32 iwg-steckbrief-card e-flex e-con-boxed e-con e-child\" data-id=\"3lfi7x32\" data-element_type=\"container\" data-e-type=\"container\">\n\t\t\t\t\t<div class=\"e-con-inner\">\n\t\t\t\t<div class=\"elementor-element elementor-element-0kg99ga1 elementor-widget elementor-widget-heading\" data-id=\"0kg99ga1\" data-element_type=\"widget\" data-e-type=\"widget\" data-widget_type=\"heading.default\">\n\t\t\t\t\t<div class=\"elementor-heading-title elementor-size-default\">P\u0159\u00edbuzn\u00e9<\/div>\t\t\t\t<\/div>\n\t\t\t\t<div class=\"elementor-element elementor-element-n0fum6kp elementor-widget elementor-widget-text-editor\" data-id=\"n0fum6kp\" data-element_type=\"widget\" data-e-type=\"widget\" data-widget_type=\"text-editor.default\">\n\t\t\t\t\t\t\t\t\t<p>Nejbl\u00ed\u017ee stoj\u00ed <a href=\"https:\/\/iwell-guard.com\/cs\/?page_id=146104\">mechov\u00e9 \u017eenky (Moosleute)<\/a> st\u0159edn\u00ed N\u011bmecka; k div\u00fdm lidem pat\u0159\u00ed tak\u00e9 <a href=\"https:\/\/iwell-guard.com\/cs\/?page_id=146106\">Schrat<\/a> a <a href=\"https:\/\/iwell-guard.com\/cs\/?page_id=146107\">Div\u00fd mu\u017e (Wilder Mann)<\/a>.<\/p>\t\t\t\t\t\t\t\t<\/div>\n\t\t\t\t\t<\/div>\n\t\t\t\t<\/div>\n\t\t\t\t<\/div>\n\t\t\t\t<\/div>\n\t\t\t\t\t<\/div>\n\t\t\t\t<\/div>\n\t\t<div class=\"elementor-element elementor-element-7533bc7a e-flex e-con-boxed e-con e-parent\" data-id=\"7533bc7a\" data-element_type=\"container\" data-e-type=\"container\">\n\t\t\t\t\t<div class=\"e-con-inner\">\n\t\t\t\t<div class=\"elementor-element elementor-element-2447d18d elementor-widget elementor-widget-heading\" data-id=\"2447d18d\" data-element_type=\"widget\" data-e-type=\"widget\" data-widget_type=\"heading.default\">\n\t\t\t\t\t<h2 class=\"elementor-heading-title elementor-size-default\">Sch\u00f6nwerthova sb\u00edrka a krajina Holzweibel<\/h2>\t\t\t\t<\/div>\n\t\t<div class=\"elementor-element elementor-element-d5d0260c e-con-full e-flex e-con e-child\" data-id=\"d5d0260c\" data-element_type=\"container\" data-e-type=\"container\">\n\t\t\t\t<div class=\"elementor-element elementor-element-341be2ac elementor-widget elementor-widget-text-editor\" data-id=\"341be2ac\" data-element_type=\"widget\" data-e-type=\"widget\" data-widget_type=\"text-editor.default\">\n\t\t\t\t\t\t\t\t\t<p>Hlavn\u00edm pramenem je Franz Xaver von Sch\u00f6nwerth, jeho\u017e t\u0159\u00edd\u00edln\u00e9 d\u00edlo Aus der Oberpfalz. Sitten und Sagen (1857-1859) vych\u00e1z\u00ed z v\u00fdpov\u011bd\u00ed inform\u00e1tor\u016f severn\u00ed Horn\u00ed Falce; Jacob Grimm si sb\u00edrku vysoce cenil. Holzfr\u00e4ulein se tam objevuje jako mal\u00e1, chud\u011b oble\u010den\u00e1 bytost lesa, na n\u011bkter\u00fdch m\u00edstech vykl\u00e1dan\u00e1 jako zaklet\u00e1 chud\u00e1 du\u0161e. P\u0159edstava sah\u00e1 za Horn\u00ed Falc a\u017e do Horn\u00edch Frank, do Egerlandu, do Vogtlandu a do \u0160umavy.<\/p><p>Charakteristick\u00e9 pro hornofalckou tradici je t\u011bsn\u00e9 spojen\u00ed s rolnickou prac\u00ed: Holzfr\u00e4ulein se ukazuj\u00ed p\u0159i sklizni, p\u0159i pr\u00e1ci se lnem a v den pe\u010den\u00ed. Jeden Sch\u00f6nwerthem zaznamenan\u00fd motiv vypr\u00e1v\u00ed, jak sek\u00e1\u010di nalezli Holzfr\u00e4ulein zcela zabalen\u00e9 do lnit\u00fdch st\u00e9bel na pa\u0159ezu a odnesli si ho dom\u016f. Podobn\u011b jako mechov\u00e9 \u017eenky je i Holzfr\u00e4ulein pron\u00e1sledov\u00e1no Divok\u00fdm honem nebo \u0161tv\u00e1\u010di lesa a vyhled\u00e1v\u00e1 ochranu u lid\u00ed.<\/p>\t\t\t\t\t\t\t\t<\/div>\n\t\t\t\t<\/div>\n\t\t\t\t\t<\/div>\n\t\t\t\t<\/div>\n\t\t<div class=\"elementor-element elementor-element-5a584676 e-flex e-con-boxed e-con e-parent\" data-id=\"5a584676\" data-element_type=\"container\" data-e-type=\"container\">\n\t\t\t\t\t<div class=\"e-con-inner\">\n\t\t\t\t<div class=\"elementor-element elementor-element-6d0757bf elementor-widget elementor-widget-heading\" data-id=\"6d0757bf\" data-element_type=\"widget\" data-e-type=\"widget\" data-widget_type=\"heading.default\">\n\t\t\t\t\t<h2 class=\"elementor-heading-title elementor-size-default\">Znovuobjeven\u00ed lesn\u00edho ducha<\/h2>\t\t\t\t<\/div>\n\t\t<div class=\"elementor-element elementor-element-60563f68 e-con-full e-flex e-con e-child\" data-id=\"60563f68\" data-element_type=\"container\" data-e-type=\"container\">\n\t\t\t\t<div class=\"elementor-element elementor-element-5a93fdd6 elementor-widget elementor-widget-text-editor\" data-id=\"5a93fdd6\" data-element_type=\"widget\" data-e-type=\"widget\" data-widget_type=\"text-editor.default\">\n\t\t\t\t\t\t\t\t\t<p>Sch\u00f6nwerthovo d\u00edlo dlouho upadlo v zapomn\u011bn\u00ed a znovu se stalo zn\u00e1m\u00fdm a\u017e d\u00edky zp\u0159\u00edstupn\u011bn\u00ed jeho poz\u016fstalosti; v\u00fdb\u011br Prinz Ro\u00dfzwifl (2010), vydan\u00fd Erikou Eichenseer, z\u00edskal v roce 2012 mezin\u00e1rodn\u00ed pozornost jako n\u00e1lez p\u0159ibli\u017en\u011b 500 m\u00e1lo zn\u00e1m\u00fdch poh\u00e1dek. Dnes udr\u017euje vzpom\u00ednku Sch\u00f6nwerthova spole\u010dnost a poh\u00e1dkov\u00e9 stezky jako M\u00e4rchenpfad v Sinzingu; Holzfr\u00e4ulein tam m\u00e1 svou vlastn\u00ed zast\u00e1vku.<\/p><p>Z hlediska religionistiky ukazuje Holzfr\u00e4ulein p\u0159\u00edkladn\u011b, jak je nadregion\u00e1ln\u00ed typ pov\u011bsti utv\u00e1\u0159en region\u00e1ln\u011b: typ mal\u00e9 lesn\u00ed \u017eeny se v Horn\u00ed Falci spojuje se zvykem sklizn\u011b, prac\u00ed se lnem a v\u00edrou v chud\u00e9 du\u0161e. Star\u0161\u00ed badatelsk\u00fd sm\u011br kolem Mannhardta ch\u00e1pal postavu jako vegeta\u010dn\u00edho ducha; nov\u011bj\u0161\u00ed folkloristika zd\u016fraz\u0148uje pramennou hodnotu Sch\u00f6nwertha, kter\u00fd z\u016fstal bl\u00edzko \u00fastn\u00edm vypr\u00e1v\u011bn\u00edm, a vykl\u00e1d\u00e1 pov\u011bsti jako v\u00fdraz rolnick\u00e9 zku\u0161enosti s prac\u00ed a chudobou. Pron\u00e1sledov\u00e1n\u00ed Divok\u00fdm honem spojuje postavu s celoevropsk\u00fdm komplexem bou\u0159kov\u00e9ho a mrtv\u00e9ho vojska.<\/p>\t\t\t\t\t\t\t\t<\/div>\n\t\t\t\t<\/div>\n\t\t\t\t\t<\/div>\n\t\t\t\t<\/div>\n\t\t<div class=\"elementor-element elementor-element-cp9a031aa e-flex e-con-boxed e-con e-parent\" data-id=\"cp9a031aa\" data-element_type=\"container\" data-e-type=\"container\">\n\t\t\t\t\t<div class=\"e-con-inner\">\n\t\t\t\t<div class=\"elementor-element elementor-element-cp9193514 elementor-widget elementor-widget-heading\" data-id=\"cp9193514\" data-element_type=\"widget\" data-e-type=\"widget\" data-widget_type=\"heading.default\">\n\t\t\t\t\t<h2 class=\"elementor-heading-title elementor-size-default\">\u00dato\u010di\u0161t\u011b a ob\u011btina pokrmu: ochrann\u00e9 zvyky<\/h2>\t\t\t\t<\/div>\n\t\t<div class=\"elementor-element elementor-element-cp02ca0ee e-con-full e-flex e-con e-child\" data-id=\"cp02ca0ee\" data-element_type=\"container\" data-e-type=\"container\">\n\t\t\t\t<div class=\"elementor-element elementor-element-cp444e0f1 elementor-widget elementor-widget-text-editor\" data-id=\"cp444e0f1\" data-element_type=\"widget\" data-e-type=\"widget\" data-widget_type=\"text-editor.default\">\n\t\t\t\t\t\t\t\t\t<p>Zvyky odpov\u00eddaj\u00ed tradici mechov\u00fdch lid\u00ed a jsou zam\u011b\u0159eny na vz\u00e1jemnou dohodu. T\u0159i k\u0159\u00ed\u017eky, vyseknut\u00e9 sekerou do pa\u0159ezu padaj\u00edc\u00edho stromu, poskytuj\u00ed lesn\u00edmu pann\u011b \u00fato\u010di\u0161t\u011b p\u0159ed jej\u00edmi pron\u00e1sledovateli; darov\u00e1n\u00ed j\u00eddla na pa\u0159ezu nebo mezi poli zaji\u0161\u0165uje jej\u00ed po\u017eehn\u00e1n\u00ed. Km\u00edn v chlebu se nepou\u017e\u00edval, aby ji nezahnal, a loup\u00e1n\u00ed \u017eiv\u00fdch strom\u016f bylo pokl\u00e1d\u00e1no za bezpr\u00e1v\u00ed na lesn\u00edch lidech. Pro samotn\u00fd d\u016fm tradice zn\u00e1 tich\u00e9 chov\u00e1n\u00ed v noc\u00edch Divok\u00e9ho honu a po\u017eehn\u00e1n\u00ed znamen\u00edm k\u0159\u00ed\u017eem.<\/p>\t\t\t\t\t\t\t\t<\/div>\n\t\t\t\t<\/div>\n\t\t\t\t\t<\/div>\n\t\t\t\t<\/div>\n\t\t<div class=\"elementor-element elementor-element-cp11de5b2 e-flex e-con-boxed e-con e-parent\" data-id=\"cp11de5b2\" data-element_type=\"container\" data-e-type=\"container\">\n\t\t\t\t\t<div class=\"e-con-inner\">\n\t\t\t\t<div class=\"elementor-element elementor-element-cp8d35271 elementor-widget elementor-widget-heading\" data-id=\"cp8d35271\" data-element_type=\"widget\" data-e-type=\"widget\" data-widget_type=\"heading.default\">\n\t\t\t\t\t<h2 class=\"elementor-heading-title elementor-size-default\">Lesn\u00ed \u017eeny a divoc\u00ed lid\u00e9 ve srovn\u00e1n\u00ed<\/h2>\t\t\t\t<\/div>\n\t\t<div class=\"elementor-element elementor-element-cp02f26b8 e-con-full e-flex e-con e-child\" data-id=\"cp02f26b8\" data-element_type=\"container\" data-e-type=\"container\">\n\t\t\t\t<div class=\"elementor-element elementor-element-cp58c4390 elementor-widget elementor-widget-text-editor\" data-id=\"cp58c4390\" data-element_type=\"widget\" data-e-type=\"widget\" data-widget_type=\"text-editor.default\">\n\t\t\t\t\t\t\t\t\t<p>Lesn\u00ed panna je nejbl\u00ed\u017ee moosweibchen (mechov\u00fdm \u017een\u00e1m) st\u0159edn\u00edho N\u011bmecka, o nich\u017e pojedn\u00e1v\u00e1 str\u00e1nka o <a href=\"https:\/\/iwell-guard.com\/cs\/?page_id=146104\">mechov\u00fdch lidech<\/a>, a spole\u010dn\u011b s nimi pat\u0159\u00ed k divok\u00fdm lidem Evropy. P\u0159\u00edbuzn\u00e9 rysy vykazuje slovansk\u00fd <a href=\"https:\/\/iwell-guard.com\/cs\/leshy\/\">Le\u0161\u00ed<\/a> jako p\u00e1n lesa; alpsk\u00e1 <a href=\"https:\/\/iwell-guard.com\/cs\/?page_id=145898\">Salige Frau<\/a> sd\u00edl\u00ed ochotu pom\u00e1hat i n\u00e1hl\u00e9 sta\u017een\u00ed se po ur\u00e1\u017ece. Tak\u00e9 skotsko-irsk\u00e1 tradice o star\u00e9 \u017een\u011b divo\u010diny a skryt\u00e9m kopcov\u00e9m lidu zn\u00e1 bytosti, kter\u00e9 jsou z\u00e1visl\u00e9 na dobr\u00e9m sousedstv\u00ed s lidmi.<\/p>\t\t\t\t\t\t\t\t<\/div>\n\t\t\t\t<\/div>\n\t\t\t\t\t<\/div>\n\t\t\t\t<\/div>\n\t\t<div class=\"elementor-element elementor-element-cp406577c e-flex e-con-boxed e-con e-parent\" data-id=\"cp406577c\" data-element_type=\"container\" data-e-type=\"container\">\n\t\t\t\t\t<div class=\"e-con-inner\">\n\t\t\t\t<div class=\"elementor-element elementor-element-cpdd9c543 elementor-widget elementor-widget-heading\" data-id=\"cpdd9c543\" data-element_type=\"widget\" data-e-type=\"widget\" data-widget_type=\"heading.default\">\n\t\t\t\t\t<h2 class=\"elementor-heading-title elementor-size-default\">\u010casto kladen\u00e9 ot\u00e1zky o lesn\u00ed pann\u011b<\/h2>\t\t\t\t<\/div>\n\t\t<div class=\"elementor-element elementor-element-cp9e731bb e-con-full e-flex e-con e-child\" data-id=\"cp9e731bb\" data-element_type=\"container\" data-e-type=\"container\">\n\t\t\t\t<div class=\"elementor-element elementor-element-cpa7c898c elementor-widget elementor-widget-text-editor\" data-id=\"cpa7c898c\" data-element_type=\"widget\" data-e-type=\"widget\" data-widget_type=\"text-editor.default\">\n\t\t\t\t\t\t\t\t\t<p><strong>Je lesn\u00ed panna tot\u00e9\u017e co mechov\u00e1 \u017eena?<\/strong><\/p><p>Ob\u011b pat\u0159\u00ed ke stejn\u00e9 skupin\u011b p\u0159edstav o mal\u00fdch \u017eensk\u00fdch lesn\u00edch duchech. Holzfr\u00e4ulein je ozna\u010den\u00ed b\u011b\u017en\u00e9 v Horn\u00ed Falci a p\u0159ilehl\u00fdch oblastech, Moosweibchen je ozna\u010den\u00ed st\u0159edon\u011bmeck\u00e9. Motivy se ve velk\u00e9 m\u00ed\u0159e shoduj\u00ed, od dar\u016f j\u00eddla p\u0159es t\u0159i k\u0159\u00ed\u017eky a\u017e po pron\u00e1sledov\u00e1n\u00ed Divok\u00fdm honem.<\/p><p><strong>Je lesn\u00ed panna nebezpe\u010dn\u00e1?<\/strong><\/p><p>Ne, tradice nezn\u00e1 \u00fato\u010dnou lesn\u00ed pannu. Pom\u00e1h\u00e1, varuje a \u017e\u00e1d\u00e1 o j\u00eddlo; kdo ji uraz\u00ed, p\u0159ijde pouze o jej\u00ed po\u017eehn\u00e1n\u00ed. Nebezpe\u010d\u00ed v pov\u011bstech nevych\u00e1z\u00ed z t\u00e9to bytosti, ale z jej\u00edch pron\u00e1sledovatel\u016f, Divok\u00e9ho honu.<\/p><p><strong>Odkud v\u00edme o lesn\u00edch pann\u00e1ch?<\/strong><\/p><p>Nejd\u016fle\u017eit\u011bj\u0161\u00edm zdrojem je Franz Xaver von Sch\u00f6nwerth, kter\u00fd od 50. let 19. stolet\u00ed systematicky zaznamen\u00e1val tradici Horn\u00ed Falce. Jeho poz\u016fstalost byla pln\u011b zpracov\u00e1na a\u017e ve 21. stolet\u00ed a u\u010dinila tuto sb\u00edrku zn\u00e1mou i mimo Bavorsko.<\/p>\t\t\t\t\t\t\t\t<\/div>\n\t\t\t\t<\/div>\n\t\t\t\t\t<\/div>\n\t\t\t\t<\/div>\n\t\t<div class=\"elementor-element elementor-element-36dd7469 e-flex e-con-boxed e-con e-parent\" data-id=\"36dd7469\" data-element_type=\"container\" data-e-type=\"container\">\n\t\t\t\t\t<div class=\"e-con-inner\">\n\t\t\t\t<div class=\"elementor-element elementor-element-13760ab4 elementor-widget elementor-widget-heading\" data-id=\"13760ab4\" data-element_type=\"widget\" data-e-type=\"widget\" data-widget_type=\"heading.default\">\n\t\t\t\t\t<h2 class=\"elementor-heading-title elementor-size-default\">Souvisej\u00edc\u00ed odkazy<\/h2>\t\t\t\t<\/div>\n\t\t<div class=\"elementor-element elementor-element-28c87796 e-con-full e-flex e-con e-child\" data-id=\"28c87796\" data-element_type=\"container\" data-e-type=\"container\">\n\t\t\t\t<div class=\"elementor-element elementor-element-5d6538df elementor-widget elementor-widget-text-editor\" data-id=\"5d6538df\" data-element_type=\"widget\" data-e-type=\"widget\" data-widget_type=\"text-editor.default\">\n\t\t\t\t\t\t\t\t\t<p>Doporu\u010den\u00e9 intern\u00ed odkazy:<\/p><ul><li><a href=\"https:\/\/iwell-guard.com\/cs\/germansky\/\">Germ\u00e1nsk\u00e1<\/a> \u2013 v\u0161echny bytosti germ\u00e1nsk\u00e9 tradice<\/li><li><a href=\"https:\/\/iwell-guard.com\/cs\/?page_id=146104\">Mechov\u00ed lid\u00e9<\/a> \u2013 st\u0159edon\u011bme\u010dt\u00ed p\u0159\u00edbuzn\u00ed lesn\u00ed panny<\/li><li><a href=\"https:\/\/iwell-guard.com\/cs\/?page_id=146106\">Schrat<\/a> a <a href=\"https:\/\/iwell-guard.com\/cs\/?page_id=146107\">Divok\u00fd mu\u017e<\/a> \u2013 dal\u0161\u00ed divoc\u00ed lid\u00e9 n\u011bmeck\u00e9ho lesa<\/li><li><a href=\"https:\/\/iwell-guard.com\/cs\/ochrana-prahu-dvere-okna-vchod\/\">Ochrana prahu<\/a>, <a href=\"https:\/\/iwell-guard.com\/cs\/sul-jako-ochrana\/\">S\u016fl<\/a>, <a href=\"https:\/\/iwell-guard.com\/cs\/pelynek-beifuss\/\">Pelyn\u011bk<\/a>, <a href=\"https:\/\/iwell-guard.com\/cs\/zvony-rolnicky-hlucna-ochrana\/\">Zvonky<\/a> \u2013 tradi\u010dn\u00ed ochrann\u00e9 prost\u0159edky<\/li><li><a href=\"https:\/\/iwell-guard.com\/cs\/kompas-ochrany\/\">Schutz-Kompass<\/a> \u2013 p\u0159ehled ochrann\u00fdch prost\u0159edk\u016f<\/li><\/ul>\t\t\t\t\t\t\t\t<\/div>\n\t\t\t\t<\/div>\n\t\t\t\t\t<\/div>\n\t\t\t\t<\/div>\n\t\t<div class=\"elementor-element elementor-element-grl4kl40 e-flex e-con-boxed e-con e-parent\" data-id=\"grl4kl40\" data-element_type=\"container\" data-e-type=\"container\">\n\t\t\t\t\t<div class=\"e-con-inner\">\n\t\t\t\t<div class=\"elementor-element elementor-element-bzsbfrmh elementor-widget elementor-widget-heading\" data-id=\"bzsbfrmh\" data-element_type=\"widget\" data-e-type=\"widget\" data-widget_type=\"heading.default\">\n\t\t\t\t\t<h2 class=\"elementor-heading-title elementor-size-default\">Literatura (v\u00fdb\u011br)<\/h2>\t\t\t\t<\/div>\n\t\t<div class=\"elementor-element elementor-element-2c13224a e-con-full e-flex e-con e-child\" data-id=\"2c13224a\" data-element_type=\"container\" data-e-type=\"container\">\n\t\t\t\t<div class=\"elementor-element elementor-element-0eymh9ub elementor-widget elementor-widget-text-editor\" data-id=\"0eymh9ub\" data-element_type=\"widget\" data-e-type=\"widget\" data-widget_type=\"text-editor.default\">\n\t\t\t\t\t\t\t\t\t<footer class=\"iwg-literatur\" data-nosnippet=\"true\"><p>V\u00fdb\u011br kl\u00ed\u010dov\u00fdch pramen\u016f a studi\u00ed:<\/p><ul><li><span data-nosnippet>Sch\u00f6nwerth, Franz Xaver von: <em>Aus der Oberpfalz. Sitten und Sagen<\/em>. 3 B\u00e4nde, 1857-1859.<\/span><\/li><li><span data-nosnippet>Grimm, Jacob: <em>Deutsche Mythologie<\/em>. 1835.<\/span><\/li><li><span data-nosnippet>Mannhardt, Wilhelm: <em>Wald- und Feldkulte<\/em>. 2 B\u00e4nde, 1875\/1877.<\/span><\/li><li><span data-nosnippet>Eichenseer, Erika (Hrsg.): <em>Prinz Ro\u00dfzwifl und andere M\u00e4rchen. Aus dem Nachlass von Franz Xaver von Sch\u00f6nwerth<\/em>. 2010.<\/span><\/li><\/ul><\/footer>\n<p class=\"iwg-bib-more\"><span data-nosnippet>Dal\u0161\u00ed standardn\u00ed d\u00edla v <a href=\"https:\/\/iwell-guard.com\/cs\/literatura\/\">seznamu literatury<\/a>.<\/span><\/p>\t\t\t\t\t\t\t\t<\/div>\n\t\t\t\t<\/div>\n\t\t\t\t\t<\/div>\n\t\t\t\t<\/div>\n\t\t<div class=\"elementor-element elementor-element-iwgkw2-add-hulijing e-flex e-con-boxed e-con e-parent\" data-id=\"iwgkw2-add-hulijing\" data-element_type=\"container\" data-e-type=\"container\">\n\t\t\t\t\t<div class=\"e-con-inner\">\n\t\t\t\t<div class=\"elementor-element elementor-element-iwgkw2-add-hulijing-t elementor-widget elementor-widget-text-editor\" data-id=\"iwgkw2-add-hulijing-t\" data-element_type=\"widget\" data-e-type=\"widget\" data-widget_type=\"text-editor.default\">\n\t\t\t\t\t\t\t\t\t<p>Tak jm\u00e9no Holzweibel spojuje Horn\u00ed Falc, Egerland a Vogtland do spole\u010dn\u00e9 vyprav\u011b\u010dsk\u00e9 krajiny, a i dnes vypr\u00e1v\u00ed tento region o lesn\u00ed pann\u011b pov\u011bst za pov\u011bst\u00ed: o mal\u00e9 pomocnici na mezi, kter\u00e1 je lidem bl\u00ed\u017ee ne\u017e v\u011bt\u0161ina lesn\u00edch bytost\u00ed.<\/p>\t\t\t\t\t\t\t\t<\/div>\n\t\t\t\t\t<\/div>\n\t\t\t\t<\/div>\n\t\t\t\t<\/div>\n\t\t","protected":false},"excerpt":{"rendered":"","protected":false},"author":3,"featured_media":20394,"parent":0,"menu_order":0,"comment_status":"closed","ping_status":"closed","template":"elementor_header_footer","meta":{"_yoast_wpseo_focuskw":"holzfr\u00e4ulein","_yoast_wpseo_title":"Holzfr\u00e4ulein \u2013 lesn\u00ed duch z hornofalck\u00e9 pov\u011bsti","_yoast_wpseo_metadesc":"Holzfr\u00e4ulein z hornofalck\u00e9 pov\u011bsti: pomocn\u00fd mal\u00fd lesn\u00ed duch u Sch\u00f6nwertha, pron\u00e1sledovan\u00fd Divok\u00fdm honem. Tradice a ochrann\u00e9 zvyky.","_yoast_wpseo_meta-robots-noindex":"","_yoast_wpseo_canonical":"","_angie_page":false,"gefaehrdungsstufe":"1","wesen_kultur":"germanisch","wesen_klasse":"geister","footnotes":""},"categories":[],"class_list":["post-146103","page","type-page","status-publish","has-post-thumbnail","hentry"],"yoast_head":"<!-- This site is optimized with the Yoast SEO Premium plugin v27.7 (Yoast SEO v28.3) - https:\/\/yoast.com\/product\/yoast-seo-premium-wordpress\/ -->\n<title>Holzfr\u00e4ulein \u2013 lesn\u00ed duch z hornofalck\u00e9 pov\u011bsti<\/title>\n<meta name=\"description\" content=\"Holzfr\u00e4ulein z hornofalck\u00e9 pov\u011bsti: pomocn\u00fd mal\u00fd lesn\u00ed duch u Sch\u00f6nwertha, pron\u00e1sledovan\u00fd Divok\u00fdm honem. Tradice a ochrann\u00e9 zvyky.\" \/>\n<meta name=\"robots\" content=\"index, follow, max-snippet:-1, max-image-preview:large, max-video-preview:-1\" \/>\n<link rel=\"canonical\" href=\"https:\/\/iwell-guard.com\/cs\/holzfraulein\/\" \/>\n<meta property=\"og:locale\" content=\"cs_CZ\" \/>\n<meta property=\"og:type\" content=\"article\" \/>\n<meta property=\"og:title\" content=\"Holzfr\u00e4ulein\" \/>\n<meta property=\"og:description\" content=\"Holzfr\u00e4ulein z hornofalck\u00e9 pov\u011bsti: pomocn\u00fd mal\u00fd lesn\u00ed duch u Sch\u00f6nwertha, pron\u00e1sledovan\u00fd Divok\u00fdm honem. Tradice a ochrann\u00e9 zvyky.\" \/>\n<meta property=\"og:url\" content=\"https:\/\/iwell-guard.com\/cs\/holzfraulein\/\" \/>\n<meta property=\"og:site_name\" content=\"iWell Guard\" \/>\n<meta property=\"article:modified_time\" content=\"2026-09-03T17:14:14+00:00\" \/>\n<meta property=\"og:image\" content=\"https:\/\/iwell-guard.com\/wp-content\/uploads\/2026\/07\/geister_germanisch_holzfraeulein.webp\" \/>\n\t<meta property=\"og:image:width\" content=\"1023\" \/>\n\t<meta property=\"og:image:height\" content=\"1537\" \/>\n\t<meta property=\"og:image:type\" content=\"image\/webp\" \/>\n<meta name=\"twitter:card\" content=\"summary_large_image\" \/>\n<script type=\"application\/ld+json\" class=\"yoast-schema-graph\">{\"@context\":\"https:\\\/\\\/schema.org\",\"@graph\":[{\"@type\":\"WebPage\",\"@id\":\"https:\\\/\\\/iwell-guard.com\\\/cs\\\/holzfraulein\\\/\",\"url\":\"https:\\\/\\\/iwell-guard.com\\\/cs\\\/holzfraulein\\\/\",\"name\":\"Holzfr\u00e4ulein \u2013 lesn\u00ed duch z hornofalck\u00e9 pov\u011bsti\",\"isPartOf\":{\"@id\":\"https:\\\/\\\/iwell-guard.com\\\/cs\\\/#website\"},\"primaryImageOfPage\":{\"@id\":\"https:\\\/\\\/iwell-guard.com\\\/cs\\\/holzfraulein\\\/#primaryimage\"},\"image\":{\"@id\":\"https:\\\/\\\/iwell-guard.com\\\/cs\\\/holzfraulein\\\/#primaryimage\"},\"thumbnailUrl\":\"https:\\\/\\\/iwell-guard.com\\\/wp-content\\\/uploads\\\/2026\\\/07\\\/geister_germanisch_holzfraeulein.webp\",\"datePublished\":\"2026-09-03T16:38:28+00:00\",\"dateModified\":\"2026-09-03T17:14:14+00:00\",\"description\":\"Holzfr\u00e4ulein z hornofalck\u00e9 pov\u011bsti: pomocn\u00fd mal\u00fd lesn\u00ed duch u Sch\u00f6nwertha, pron\u00e1sledovan\u00fd Divok\u00fdm honem. Tradice a ochrann\u00e9 zvyky.\",\"breadcrumb\":{\"@id\":\"https:\\\/\\\/iwell-guard.com\\\/cs\\\/holzfraulein\\\/#breadcrumb\"},\"inLanguage\":\"cs\",\"potentialAction\":[{\"@type\":\"ReadAction\",\"target\":[\"https:\\\/\\\/iwell-guard.com\\\/cs\\\/holzfraulein\\\/\"]}]},{\"@type\":\"ImageObject\",\"inLanguage\":\"cs\",\"@id\":\"https:\\\/\\\/iwell-guard.com\\\/cs\\\/holzfraulein\\\/#primaryimage\",\"url\":\"https:\\\/\\\/iwell-guard.com\\\/wp-content\\\/uploads\\\/2026\\\/07\\\/geister_germanisch_holzfraeulein.webp\",\"contentUrl\":\"https:\\\/\\\/iwell-guard.com\\\/wp-content\\\/uploads\\\/2026\\\/07\\\/geister_germanisch_holzfraeulein.webp\",\"width\":1023,\"height\":1537,\"caption\":\"Divo\u017eenka, duch germ\u00e1nsk\u00e9 tradice\"},{\"@type\":\"BreadcrumbList\",\"@id\":\"https:\\\/\\\/iwell-guard.com\\\/cs\\\/holzfraulein\\\/#breadcrumb\",\"itemListElement\":[{\"@type\":\"ListItem\",\"position\":1,\"name\":\"Start\",\"item\":\"https:\\\/\\\/iwell-guard.com\\\/cs\\\/?page_id=145107\"},{\"@type\":\"ListItem\",\"position\":2,\"name\":\"Holzfr\u00e4ulein\"}]},{\"@type\":\"WebSite\",\"@id\":\"https:\\\/\\\/iwell-guard.com\\\/cs\\\/#website\",\"url\":\"https:\\\/\\\/iwell-guard.com\\\/cs\\\/\",\"name\":\"iWell Guard\",\"description\":\"Schutz vor dunklen Einfl\u00fcssen\",\"publisher\":{\"@id\":\"https:\\\/\\\/iwell-guard.com\\\/cs\\\/#organization\"},\"potentialAction\":[{\"@type\":\"SearchAction\",\"target\":{\"@type\":\"EntryPoint\",\"urlTemplate\":\"https:\\\/\\\/iwell-guard.com\\\/cs\\\/?s={search_term_string}\"},\"query-input\":{\"@type\":\"PropertyValueSpecification\",\"valueRequired\":true,\"valueName\":\"search_term_string\"}}],\"inLanguage\":\"cs\"},{\"@type\":\"Organization\",\"@id\":\"https:\\\/\\\/iwell-guard.com\\\/cs\\\/#organization\",\"name\":\"Ittermann electronic GmbH\",\"url\":\"https:\\\/\\\/iwell-guard.com\\\/cs\\\/\",\"logo\":{\"@type\":\"ImageObject\",\"inLanguage\":\"cs\",\"@id\":\"https:\\\/\\\/iwell-guard.com\\\/cs\\\/#\\\/schema\\\/logo\\\/image\\\/\",\"url\":\"https:\\\/\\\/iwell-guard.com\\\/wp-content\\\/uploads\\\/2026\\\/05\\\/Ittermann-Logo-1182x237-1.png\",\"contentUrl\":\"https:\\\/\\\/iwell-guard.com\\\/wp-content\\\/uploads\\\/2026\\\/05\\\/Ittermann-Logo-1182x237-1.png\",\"width\":1182,\"height\":237,\"caption\":\"Ittermann electronic GmbH\"},\"image\":{\"@id\":\"https:\\\/\\\/iwell-guard.com\\\/cs\\\/#\\\/schema\\\/logo\\\/image\\\/\"},\"sameAs\":[\"https:\\\/\\\/pantip.com\\\/profile\\\/9367242\",\"https:\\\/\\\/micro.blog\\\/iwellguard\",\"https:\\\/\\\/www.diggerslist.com\\\/iwellguard\\\/about\",\"https:\\\/\\\/skitterphoto.com\\\/photographers\\\/2870314\\\/iwell-guard\",\"https:\\\/\\\/iwellguard.wordpress.com\\\/2026\\\/06\\\/06\\\/iwell-guard\\\/\",\"https:\\\/\\\/hub.docker.com\\\/u\\\/iwellguard\",\"https:\\\/\\\/www.pinterest.com\\\/iwellguard\\\/\",\"https:\\\/\\\/bit.ly\\\/m\\\/iwellguard\",\"https:\\\/\\\/entre-vos-mains.alsace.eu\\\/profiles\\\/iwellguard\\\/activity\",\"https:\\\/\\\/gravatar.com\\\/reallybeded8fd34\",\"https:\\\/\\\/naijamatta.com\\\/iwellguard\",\"https:\\\/\\\/www.goodreads.com\\\/iwellguard\",\"https:\\\/\\\/profile.hatena.ne.jp\\\/iwellguard\\\/\",\"https:\\\/\\\/experiment.com\\\/users\\\/iwellguard\",\"https:\\\/\\\/wakelet.com\\\/@iWellGuard82270\",\"https:\\\/\\\/www.chordie.com\\\/forum\\\/profile.php?id=2555664\",\"https:\\\/\\\/www.instapaper.com\\\/p\\\/17757966\",\"https:\\\/\\\/www.mapleprimes.com\\\/users\\\/iwellguard\",\"https:\\\/\\\/businesslistingplus.com\\\/profile\\\/iwell-guard\\\/\",\"https:\\\/\\\/telegra.ph\\\/iWell-Guard-06-06\",\"https:\\\/\\\/pbase.com\\\/iwellguard\\\/iwellguard\",\"https:\\\/\\\/b.hatena.ne.jp\\\/iwellguard\\\/20260607#bookmark-4788405196491818882\",\"https:\\\/\\\/fliphtml5.com\\\/home\\\/iwellguard\",\"https:\\\/\\\/anyflip.com\\\/homepage\\\/cmiwl#About\",\"https:\\\/\\\/transfur.com\\\/Users\\\/iwellguard\",\"http:\\\/\\\/delphi.larsbo.org\\\/user\\\/iwellguard\",\"https:\\\/\\\/jobs.lajobsportal.org\\\/profiles\\\/8380803-iwell-guard\",\"https:\\\/\\\/md.chaosdorf.de\\\/s\\\/jfbe5SBdJD\",\"https:\\\/\\\/www.lingvolive.com\\\/en-us\\\/profile\\\/9ecaeaca-ce11-4e51-9e71-01d55e2bff36\\\/translations\",\"https:\\\/\\\/www.fitday.com\\\/fitness\\\/forums\\\/members\\\/iwellguard.html\",\"https:\\\/\\\/www.mymeetbook.com\\\/iwellguard\",\"https:\\\/\\\/pxhere.com\\\/en\\\/photographer-me\\\/5040798\",\"https:\\\/\\\/disqus.com\\\/by\\\/iwellguard\\\/about\\\/\",\"https:\\\/\\\/pastelink.net\\\/hjwciqwq\",\"https:\\\/\\\/pubhtml5.com\\\/homepage\\\/scjhn\\\/\",\"https:\\\/\\\/www.bitchute.com\\\/channel\\\/2O2eOKzNqujT\",\"https:\\\/\\\/audiomack.com\\\/iwellguard\"]},{\"@type\":\"Article\",\"@id\":\"https:\\\/\\\/iwell-guard.com\\\/cs\\\/holzfraulein\\\/#article\",\"isPartOf\":{\"@id\":\"https:\\\/\\\/iwell-guard.com\\\/cs\\\/holzfraulein\\\/\"},\"author\":{\"name\":\"Ralf Ittermann\",\"@id\":\"https:\\\/\\\/iwell-guard.com\\\/cs\\\/#\\\/schema\\\/person\\\/ee2a27f1cac3406c7c6fb5820cb7349f\"},\"headline\":\"Holzfr\u00e4ulein\",\"datePublished\":\"2026-09-03T16:38:28+00:00\",\"dateModified\":\"2026-09-03T17:14:14+00:00\",\"mainEntityOfPage\":{\"@id\":\"https:\\\/\\\/iwell-guard.com\\\/cs\\\/holzfraulein\\\/\"},\"publisher\":{\"@id\":\"https:\\\/\\\/iwell-guard.com\\\/cs\\\/#organization\"},\"image\":{\"@id\":\"https:\\\/\\\/iwell-guard.com\\\/cs\\\/holzfraulein\\\/#primaryimage\"},\"thumbnailUrl\":\"https:\\\/\\\/iwell-guard.com\\\/wp-content\\\/uploads\\\/2026\\\/07\\\/geister_germanisch_holzfraeulein.webp\",\"inLanguage\":\"cs\",\"description\":\"Holzfr\u00e4ulein z hornofalck\u00e9 pov\u011bsti: pomocn\u00fd mal\u00fd lesn\u00ed duch u Sch\u00f6nwertha, pron\u00e1sledovan\u00fd Divok\u00fdm honem. Tradice a ochrann\u00e9 zvyky.\"}]}<\/script>\n<!-- \/ Yoast SEO Premium plugin. -->","yoast_head_json":{"title":"Holzfr\u00e4ulein \u2013 lesn\u00ed duch z hornofalck\u00e9 pov\u011bsti","description":"Holzfr\u00e4ulein z hornofalck\u00e9 pov\u011bsti: pomocn\u00fd mal\u00fd lesn\u00ed duch u Sch\u00f6nwertha, pron\u00e1sledovan\u00fd Divok\u00fdm honem. Tradice a ochrann\u00e9 zvyky.","robots":{"index":"index","follow":"follow","max-snippet":"max-snippet:-1","max-image-preview":"max-image-preview:large","max-video-preview":"max-video-preview:-1"},"canonical":"https:\/\/iwell-guard.com\/cs\/holzfraulein\/","og_locale":"cs_CZ","og_type":"article","og_title":"Holzfr\u00e4ulein","og_description":"Holzfr\u00e4ulein z hornofalck\u00e9 pov\u011bsti: pomocn\u00fd mal\u00fd lesn\u00ed duch u Sch\u00f6nwertha, pron\u00e1sledovan\u00fd Divok\u00fdm honem. Tradice a ochrann\u00e9 zvyky.","og_url":"https:\/\/iwell-guard.com\/cs\/holzfraulein\/","og_site_name":"iWell Guard","article_modified_time":"2026-09-03T17:14:14+00:00","og_image":[{"width":1023,"height":1537,"url":"https:\/\/iwell-guard.com\/wp-content\/uploads\/2026\/07\/geister_germanisch_holzfraeulein.webp","type":"image\/webp"}],"twitter_card":"summary_large_image","schema":{"@context":"https:\/\/schema.org","@graph":[{"@type":"Article","@id":"https:\/\/iwell-guard.com\/cs\/holzfraulein\/#article","isPartOf":{"@id":"https:\/\/iwell-guard.com\/cs\/holzfraulein\/"},"author":{"name":"Ralf Ittermann","@id":"https:\/\/iwell-guard.com\/cs\/#\/schema\/person\/ee2a27f1cac3406c7c6fb5820cb7349f"},"headline":"Holzfr\u00e4ulein","datePublished":"2026-09-03T16:38:28+00:00","dateModified":"2026-09-03T17:14:14+00:00","mainEntityOfPage":{"@id":"https:\/\/iwell-guard.com\/cs\/holzfraulein\/"},"publisher":{"@id":"https:\/\/iwell-guard.com\/cs\/#organization"},"image":{"@id":"https:\/\/iwell-guard.com\/cs\/holzfraulein\/#primaryimage"},"thumbnailUrl":"https:\/\/iwell-guard.com\/wp-content\/uploads\/2026\/07\/geister_germanisch_holzfraeulein.webp","inLanguage":"cs","description":"Holzfr\u00e4ulein z hornofalck\u00e9 pov\u011bsti: pomocn\u00fd mal\u00fd lesn\u00ed duch u Sch\u00f6nwertha, pron\u00e1sledovan\u00fd Divok\u00fdm honem. Tradice a ochrann\u00e9 zvyky."},{"@type":"WebPage","@id":"https:\/\/iwell-guard.com\/cs\/holzfraulein\/","url":"https:\/\/iwell-guard.com\/cs\/holzfraulein\/","name":"Holzfr\u00e4ulein \u2013 lesn\u00ed duch z hornofalck\u00e9 pov\u011bsti","isPartOf":{"@id":"https:\/\/iwell-guard.com\/cs\/#website"},"primaryImageOfPage":{"@id":"https:\/\/iwell-guard.com\/cs\/holzfraulein\/#primaryimage"},"image":{"@id":"https:\/\/iwell-guard.com\/cs\/holzfraulein\/#primaryimage"},"thumbnailUrl":"https:\/\/iwell-guard.com\/wp-content\/uploads\/2026\/07\/geister_germanisch_holzfraeulein.webp","datePublished":"2026-09-03T16:38:28+00:00","dateModified":"2026-09-03T17:14:14+00:00","description":"Holzfr\u00e4ulein z hornofalck\u00e9 pov\u011bsti: pomocn\u00fd mal\u00fd lesn\u00ed duch u Sch\u00f6nwertha, pron\u00e1sledovan\u00fd Divok\u00fdm honem. Tradice a ochrann\u00e9 zvyky.","breadcrumb":{"@id":"https:\/\/iwell-guard.com\/cs\/holzfraulein\/#breadcrumb"},"inLanguage":"cs","potentialAction":[{"@type":"ReadAction","target":["https:\/\/iwell-guard.com\/cs\/holzfraulein\/"]}]},{"@type":"ImageObject","inLanguage":"cs","@id":"https:\/\/iwell-guard.com\/cs\/holzfraulein\/#primaryimage","url":"https:\/\/iwell-guard.com\/wp-content\/uploads\/2026\/07\/geister_germanisch_holzfraeulein.webp","contentUrl":"https:\/\/iwell-guard.com\/wp-content\/uploads\/2026\/07\/geister_germanisch_holzfraeulein.webp","width":1023,"height":1537,"caption":"Divo\u017eenka, duch germ\u00e1nsk\u00e9 tradice"},{"@type":"BreadcrumbList","@id":"https:\/\/iwell-guard.com\/cs\/holzfraulein\/#breadcrumb","itemListElement":[{"@type":"ListItem","position":1,"name":"Start","item":"https:\/\/iwell-guard.com\/cs\/?page_id=145107"},{"@type":"ListItem","position":2,"name":"Holzfr\u00e4ulein"}]},{"@type":"WebSite","@id":"https:\/\/iwell-guard.com\/cs\/#website","url":"https:\/\/iwell-guard.com\/cs\/","name":"iWell Guard","description":"Schutz vor dunklen Einfl\u00fcssen","publisher":{"@id":"https:\/\/iwell-guard.com\/cs\/#organization"},"potentialAction":[{"@type":"SearchAction","target":{"@type":"EntryPoint","urlTemplate":"https:\/\/iwell-guard.com\/cs\/?s={search_term_string}"},"query-input":{"@type":"PropertyValueSpecification","valueRequired":true,"valueName":"search_term_string"}}],"inLanguage":"cs"},{"@type":"Organization","@id":"https:\/\/iwell-guard.com\/cs\/#organization","name":"Ittermann electronic GmbH","url":"https:\/\/iwell-guard.com\/cs\/","logo":{"@type":"ImageObject","inLanguage":"cs","@id":"https:\/\/iwell-guard.com\/cs\/#\/schema\/logo\/image\/","url":"https:\/\/iwell-guard.com\/wp-content\/uploads\/2026\/05\/Ittermann-Logo-1182x237-1.png","contentUrl":"https:\/\/iwell-guard.com\/wp-content\/uploads\/2026\/05\/Ittermann-Logo-1182x237-1.png","width":1182,"height":237,"caption":"Ittermann electronic GmbH"},"image":{"@id":"https:\/\/iwell-guard.com\/cs\/#\/schema\/logo\/image\/"},"sameAs":["https:\/\/pantip.com\/profile\/9367242","https:\/\/micro.blog\/iwellguard","https:\/\/www.diggerslist.com\/iwellguard\/about","https:\/\/skitterphoto.com\/photographers\/2870314\/iwell-guard","https:\/\/iwellguard.wordpress.com\/2026\/06\/06\/iwell-guard\/","https:\/\/hub.docker.com\/u\/iwellguard","https:\/\/www.pinterest.com\/iwellguard\/","https:\/\/bit.ly\/m\/iwellguard","https:\/\/entre-vos-mains.alsace.eu\/profiles\/iwellguard\/activity","https:\/\/gravatar.com\/reallybeded8fd34","https:\/\/naijamatta.com\/iwellguard","https:\/\/www.goodreads.com\/iwellguard","https:\/\/profile.hatena.ne.jp\/iwellguard\/","https:\/\/experiment.com\/users\/iwellguard","https:\/\/wakelet.com\/@iWellGuard82270","https:\/\/www.chordie.com\/forum\/profile.php?id=2555664","https:\/\/www.instapaper.com\/p\/17757966","https:\/\/www.mapleprimes.com\/users\/iwellguard","https:\/\/businesslistingplus.com\/profile\/iwell-guard\/","https:\/\/telegra.ph\/iWell-Guard-06-06","https:\/\/pbase.com\/iwellguard\/iwellguard","https:\/\/b.hatena.ne.jp\/iwellguard\/20260607#bookmark-4788405196491818882","https:\/\/fliphtml5.com\/home\/iwellguard","https:\/\/anyflip.com\/homepage\/cmiwl#About","https:\/\/transfur.com\/Users\/iwellguard","http:\/\/delphi.larsbo.org\/user\/iwellguard","https:\/\/jobs.lajobsportal.org\/profiles\/8380803-iwell-guard","https:\/\/md.chaosdorf.de\/s\/jfbe5SBdJD","https:\/\/www.lingvolive.com\/en-us\/profile\/9ecaeaca-ce11-4e51-9e71-01d55e2bff36\/translations","https:\/\/www.fitday.com\/fitness\/forums\/members\/iwellguard.html","https:\/\/www.mymeetbook.com\/iwellguard","https:\/\/pxhere.com\/en\/photographer-me\/5040798","https:\/\/disqus.com\/by\/iwellguard\/about\/","https:\/\/pastelink.net\/hjwciqwq","https:\/\/pubhtml5.com\/homepage\/scjhn\/","https:\/\/www.bitchute.com\/channel\/2O2eOKzNqujT","https:\/\/audiomack.com\/iwellguard"]},{"@type":"Person","@id":"https:\/\/iwell-guard.com\/cs\/#\/schema\/person\/ee2a27f1cac3406c7c6fb5820cb7349f","name":"Ralf Ittermann","image":{"@type":"ImageObject","inLanguage":"cs","@id":"https:\/\/secure.gravatar.com\/avatar\/073c0153e350a5005b68eb752b445fea71f6b24a26da9449ad7e155e6b446c9d?s=96&d=mm&r=g","url":"https:\/\/secure.gravatar.com\/avatar\/073c0153e350a5005b68eb752b445fea71f6b24a26da9449ad7e155e6b446c9d?s=96&d=mm&r=g","contentUrl":"https:\/\/secure.gravatar.com\/avatar\/073c0153e350a5005b68eb752b445fea71f6b24a26da9449ad7e155e6b446c9d?s=96&d=mm&r=g","caption":"Ralf Ittermann"},"givenName":"Ralf","familyName":"Ittermann","jobTitle":"Gesch\u00e4ftsf\u00fchrer und redaktioneller Verantwortlicher","url":"https:\/\/iwell-guard.com\/cs\/author\/claude\/","description":"Ralf Ittermann ist Gesch\u00e4ftsf\u00fchrer der Ittermann electronic GmbH und redaktioneller Verantwortlicher des iWell-Guard-Lexikons. Er verbindet langj\u00e4hrige Erfahrung in der Pr\u00e4zisionsfertigung mit medialer Praxis und religionsgeschichtlicher Quellenarbeit.","worksFor":{"@type":"Organization","name":"Ittermann electronic GmbH","url":"https:\/\/ittermann.de\/","address":{"@type":"PostalAddress","streetAddress":"K\u00f6hlergasse 16-18","postalCode":"99842","addressLocality":"Ruhla","addressCountry":"DE"}},"knowsAbout":["Religionsgeschichte","Mythologie","Mediale Praxis","Energetische Diagnostik","Schutzpraxis","Volksglauben","Westliche Esoterik"]},{"@type":"Article","@id":"https:\/\/iwell-guard.com\/cs\/holzfraulein\/#article","isPartOf":{"@id":"https:\/\/iwell-guard.com\/cs\/holzfraulein\/"},"author":{"name":"Ralf Ittermann","@id":"https:\/\/iwell-guard.com\/cs\/#\/schema\/person\/ee2a27f1cac3406c7c6fb5820cb7349f"},"headline":"Holzfr\u00e4ulein","datePublished":"2026-09-03T16:38:28+00:00","dateModified":"2026-09-03T17:14:14+00:00","mainEntityOfPage":{"@id":"https:\/\/iwell-guard.com\/cs\/holzfraulein\/"},"publisher":{"@id":"https:\/\/iwell-guard.com\/cs\/#organization"},"image":{"@id":"https:\/\/iwell-guard.com\/cs\/holzfraulein\/#primaryimage"},"thumbnailUrl":"https:\/\/iwell-guard.com\/wp-content\/uploads\/2026\/07\/geister_germanisch_holzfraeulein.webp","inLanguage":"cs","description":"Holzfr\u00e4ulein z hornofalck\u00e9 pov\u011bsti: pomocn\u00fd mal\u00fd lesn\u00ed duch u Sch\u00f6nwertha, pron\u00e1sledovan\u00fd Divok\u00fdm honem. Tradice a ochrann\u00e9 zvyky."}]}},"_links":{"self":[{"href":"https:\/\/iwell-guard.com\/cs\/wp-json\/wp\/v2\/pages\/146103","targetHints":{"allow":["GET"]}}],"collection":[{"href":"https:\/\/iwell-guard.com\/cs\/wp-json\/wp\/v2\/pages"}],"about":[{"href":"https:\/\/iwell-guard.com\/cs\/wp-json\/wp\/v2\/types\/page"}],"author":[{"embeddable":true,"href":"https:\/\/iwell-guard.com\/cs\/wp-json\/wp\/v2\/users\/3"}],"replies":[{"embeddable":true,"href":"https:\/\/iwell-guard.com\/cs\/wp-json\/wp\/v2\/comments?post=146103"}],"version-history":[{"count":0,"href":"https:\/\/iwell-guard.com\/cs\/wp-json\/wp\/v2\/pages\/146103\/revisions"}],"wp:featuredmedia":[{"embeddable":true,"href":"https:\/\/iwell-guard.com\/cs\/wp-json\/wp\/v2\/media\/20394"}],"wp:attachment":[{"href":"https:\/\/iwell-guard.com\/cs\/wp-json\/wp\/v2\/media?parent=146103"}],"wp:term":[{"taxonomy":"category","embeddable":true,"href":"https:\/\/iwell-guard.com\/cs\/wp-json\/wp\/v2\/categories?post=146103"}],"curies":[{"name":"wp","href":"https:\/\/api.w.org\/{rel}","templated":true}]}}