{"id":145810,"date":"2026-09-03T16:33:54","date_gmt":"2026-09-03T16:33:54","guid":{"rendered":"https:\/\/iwell-guard.com\/?page_id=145810"},"modified":"2026-09-03T17:06:23","modified_gmt":"2026-09-03T17:06:23","slug":"schutzsacek-a-breverl","status":"publish","type":"page","link":"https:\/\/iwell-guard.com\/cs\/schutzsacek-a-breverl\/","title":{"rendered":"Schutzs\u00e1\u010dek a Breverl"},"content":{"rendered":"\t\t<div data-elementor-type=\"wp-page\" data-elementor-id=\"145810\" class=\"elementor elementor-145810 elementor-3792 elementor-bc-flex-widget\" data-elementor-post-type=\"page\">\n\t\t\t\t<div class=\"elementor-element elementor-element-iwgs-schutzsaeckchen-hero e-flex e-con-boxed e-con e-parent\" data-id=\"iwgs-schutzsaeckchen-hero\" data-element_type=\"container\" data-e-type=\"container\">\n\t\t\t\t\t<div class=\"e-con-inner\">\n\t\t<div class=\"elementor-element elementor-element-iw-schutzsaeckchen-hero-left e-con-full e-flex e-con e-child\" data-id=\"iw-schutzsaeckchen-hero-left\" data-element_type=\"container\" data-e-type=\"container\">\n\t\t\t\t<div class=\"elementor-element elementor-element-iwgs-schutzsaeckchen-h1 elementor-widget elementor-widget-heading\" data-id=\"iwgs-schutzsaeckchen-h1\" data-element_type=\"widget\" data-e-type=\"widget\" data-widget_type=\"heading.default\">\n\t\t\t\t\t<h1 class=\"elementor-heading-title elementor-size-default\">Schutzs\u00e1\u010dek a Breverl<\/h1>\t\t\t\t<\/div>\n\t\t<div class=\"elementor-element elementor-element-iw-schutzsaeckchen-hero-bw e-con-full e-flex e-con e-child\" data-id=\"iw-schutzsaeckchen-hero-bw\" data-element_type=\"container\" data-e-type=\"container\">\n\t\t\t\t<div class=\"elementor-element elementor-element-iwgs-schutzsaeckchen-pills elementor-widget elementor-widget-html\" data-id=\"iwgs-schutzsaeckchen-pills\" data-element_type=\"widget\" data-e-type=\"widget\" data-widget_type=\"html.default\">\n\t\t\t\t\t<div class=\"iwg-pill-row\"><span class=\"iwg-klasse-badge\" tabindex=\"0\" data-tooltip=\"Druh ochrann\u00e9ho prost\u0159edku.\">Ochrann\u00fd p\u0159edm\u011bt<\/span><a href=\"https:\/\/iwell-guard.com\/cs\/?page_id=145787\" class=\"iwg-kultur-badge\" tabindex=\"0\" data-tooltip=\"K p\u0159ehledu.\">Amulety a ochrann\u00e9 p\u0159edm\u011bty<\/a><\/div>\t\t\t\t<\/div>\n\t\t\t\t<div class=\"elementor-element elementor-element-iwgs-schutzsaeckchen-lead elementor-widget elementor-widget-text-editor\" data-id=\"iwgs-schutzsaeckchen-lead\" data-element_type=\"widget\" data-e-type=\"widget\" data-widget_type=\"text-editor.default\">\n\t\t\t\t\t\t\t\t\t<p>Schutzs\u00e1\u010dek je mal\u00fd s\u00e1\u010dek no\u0161en\u00fd na t\u011ble, kter\u00fd obsahuje kombinaci ochrann\u00fdch l\u00e1tek a lze jej tak\u00e9 zav\u011bsit v dom\u011b.<\/p><p>To, co d\u011bl\u00e1 schutzs\u00e1\u010dek \u00fa\u010dinn\u00fdm, nen\u00ed jedin\u00e1 jednotliv\u00e1 sou\u010d\u00e1st, ale jejich vz\u00e1jemn\u00e9 p\u016fsoben\u00ed: byliny s odvracej\u00edc\u00ed <span class=\"iwg-fachbegriff\" data-tooltip=\"P\u0159ed\u00e1v\u00e1n\u00ed znalost\u00ed a vypr\u00e1v\u011bn\u00ed nap\u0159\u00ed\u010d generacemi.\" tabindex=\"0\">tradic\u00ed<\/span>, znaky nebo symboly na pap\u00ed\u0159e \u010di l\u00e1tce, n\u011bkdy i <span class=\"iwg-fachbegriff\" data-tooltip=\"Jazykov\u00e9 obr\u00e1cen\u00ed \u010dlov\u011bka k bo\u017estvu.\" tabindex=\"0\">modlitba<\/span> nebo formule pronesen\u00e1 p\u0159i v\u00fdrob\u011b, jsou spojeny do kompaktn\u00ed jednotky.<\/p>\n<p>Tento princip je mezikulturn\u00ed a evropsk\u00e1 tradice pro n\u011bj vytvo\u0159ila samostatn\u00fd, dob\u0159e zdokumentovan\u00fd v\u00fdraz: Breverl. Tento pojem, odvozen\u00fd z latinsk\u00e9ho <em>breve<\/em> (kr\u00e1tk\u00fd dopis), ozna\u010duje v bavorsko-rakousk\u00e9 lidov\u00e9 v\u00ed\u0159e mal\u00fd bal\u00ed\u010dek ze sv\u011bcen\u00e9ho pap\u00edru, na kter\u00e9m je naps\u00e1na nebo vyti\u0161t\u011bna <span class=\"iwg-fachbegriff\" data-tooltip=\"Jazykov\u00e9 obr\u00e1cen\u00ed \u010dlov\u011bka k bo\u017estvu.\" tabindex=\"0\">modlitba<\/span>, bo\u017e\u00ed jm\u00e9no nebo n\u00e1bo\u017eensk\u00e1 formule.<\/p><p>Pap\u00edr se p\u0159elo\u017e\u00ed, n\u011bkdy je za\u0161it\u00fd spole\u010dn\u011b s bylinami nebo jin\u00fdmi ochrann\u00fdmi l\u00e1tkami do pl\u00e1tna a pot\u00e9 se nos\u00ed na t\u011ble, zejm\u00e9na u d\u011bt\u00ed a nemocn\u00fdch.<\/p>\n<p>Schutzs\u00e1\u010dek tak stoj\u00ed na k\u0159i\u017eovatce n\u011bkolika ochrann\u00fdch technik: je to <a href=\"https:\/\/iwell-guard.com\/cs\/?page_id=145786\">amulet<\/a> ve smyslu no\u0161en\u00e9ho p\u0159edm\u011btu, ale \u010dasto obsahuje prvky p\u0159ipom\u00ednaj\u00edc\u00ed <a href=\"https:\/\/iwell-guard.com\/cs\/?page_id=145812\">talisman<\/a>, toti\u017e v\u011bdom\u00e9 sestaven\u00ed se z\u00e1m\u011brem. Pat\u0159\u00ed do kategorie <a href=\"https:\/\/iwell-guard.com\/cs\/?page_id=145787\">Amulety a ochrann\u00e9 p\u0159edm\u011bty<\/a>.<\/p>\t\t\t\t\t\t\t\t<\/div>\n\t\t\t\t<\/div>\n\t\t\t\t<\/div>\n\t\t<div class=\"elementor-element elementor-element-iw-schutzsaeckchen-hero-img e-con-full e-flex e-con e-child\" data-id=\"iw-schutzsaeckchen-hero-img\" data-element_type=\"container\" data-e-type=\"container\">\n\t\t\t\t<div class=\"elementor-element elementor-element-iwgs-schutzsaeckchen-himg iwg-hero-image elementor-widget elementor-widget-image\" data-id=\"iwgs-schutzsaeckchen-himg\" data-element_type=\"widget\" data-e-type=\"widget\" data-widget_type=\"image.default\">\n\t\t\t\t\t\t\t\t\t\t\t\t\t\t\t<img fetchpriority=\"high\" decoding=\"async\" width=\"683\" height=\"1024\" src=\"https:\/\/iwell-guard.com\/wp-content\/uploads\/2026\/05\/schutzsymbol_germanisch_schutzsaeckchen-683x1024.png\" class=\"attachment-large size-large wp-image-146974\" alt=\"Schutzs\u00e1\u010dek a Breverl, historicko-ilustrativn\u00ed\" srcset=\"https:\/\/iwell-guard.com\/wp-content\/uploads\/2026\/05\/schutzsymbol_germanisch_schutzsaeckchen-683x1024.png 683w, https:\/\/iwell-guard.com\/wp-content\/uploads\/2026\/05\/schutzsymbol_germanisch_schutzsaeckchen-200x300.png 200w, https:\/\/iwell-guard.com\/wp-content\/uploads\/2026\/05\/schutzsymbol_germanisch_schutzsaeckchen-768x1152.png 768w, https:\/\/iwell-guard.com\/wp-content\/uploads\/2026\/05\/schutzsymbol_germanisch_schutzsaeckchen.png 1024w\" sizes=\"(max-width: 683px) 100vw, 683px\" \/>\t\t\t\t\t\t\t\t\t\t\t\t\t\t\t<\/div>\n\t\t\t\t<\/div>\n\t\t\t\t\t<\/div>\n\t\t\t\t<\/div>\n\t\t<div class=\"elementor-element elementor-element-iwgs-schutzsaeckchen-s0 e-flex e-con-boxed e-con e-parent\" data-id=\"iwgs-schutzsaeckchen-s0\" data-element_type=\"container\" data-e-type=\"container\">\n\t\t\t\t\t<div class=\"e-con-inner\">\n\t\t\t\t<div class=\"elementor-element elementor-element-iwgs-schutzsaeckchen-s0h elementor-widget elementor-widget-heading\" data-id=\"iwgs-schutzsaeckchen-s0h\" data-element_type=\"widget\" data-e-type=\"widget\" data-widget_type=\"heading.default\">\n\t\t\t\t\t<h2 class=\"elementor-heading-title elementor-size-default\">Rychl\u00fd p\u0159ehled<\/h2>\t\t\t\t<\/div>\n\t\t<div class=\"elementor-element elementor-element-iw-schutzsaeckchen-s0-bw e-con-full e-flex e-con e-child\" data-id=\"iw-schutzsaeckchen-s0-bw\" data-element_type=\"container\" data-e-type=\"container\">\n\t\t\t\t<div class=\"elementor-element elementor-element-iwgs-schutzsaeckchen-s0t elementor-widget elementor-widget-text-editor\" data-id=\"iwgs-schutzsaeckchen-s0t\" data-element_type=\"widget\" data-e-type=\"widget\" data-widget_type=\"text-editor.default\">\n\t\t\t\t\t\t\t\t\t<p>Schutzs\u00e1\u010dek kombinuje v\u00edce ochrann\u00fdch l\u00e1tek v jednom p\u0159enosn\u00e9m p\u0159edm\u011btu: byliny, znaky, texty nebo svat\u00e9 p\u0159edm\u011bty jsou shrom\u00e1\u017ed\u011bny v s\u00e1\u010dku, kter\u00fd rozv\u00edj\u00ed svou ochrannou moc na t\u011ble nebo v dom\u011b. V n\u011bmecky mluv\u00edc\u00edch zem\u00edch je nejzn\u00e1m\u011bj\u0161\u00ed formou Breverl, v anglo-americk\u00e9 lidov\u00e9 magii s\u00e1\u010dek Mojo, v z\u00e1padoafrick\u00e9m kontextu Gris-Gris.<\/p><p>Ve v\u0161ech p\u0159\u00edpadech je za podstatnou pova\u017eov\u00e1na kombinace slo\u017eek: s\u00e1\u010dek s nespr\u00e1vn\u00fdmi nebo chyb\u011bj\u00edc\u00edmi p\u0159\u00edsadami je pova\u017eov\u00e1n za slab\u00fd nebo ne\u00fa\u010dinn\u00fd. Mnoh\u00e9 tradice znaj\u00ed z\u00e1kaz s\u00e1\u010dek otv\u00edrat.<\/p>\t\t\t\t\t\t\t\t<\/div>\n\t\t\t\t<\/div>\n\t\t\t\t\t<\/div>\n\t\t\t\t<\/div>\n\t\t<div class=\"elementor-element elementor-element-iwgs-schutzsaeckchen-s1 e-flex e-con-boxed e-con e-parent\" data-id=\"iwgs-schutzsaeckchen-s1\" data-element_type=\"container\" data-e-type=\"container\">\n\t\t\t\t\t<div class=\"e-con-inner\">\n\t\t\t\t<div class=\"elementor-element elementor-element-iwgs-schutzsaeckchen-s1h elementor-widget elementor-widget-heading\" data-id=\"iwgs-schutzsaeckchen-s1h\" data-element_type=\"widget\" data-e-type=\"widget\" data-widget_type=\"heading.default\">\n\t\t\t\t\t<h2 class=\"elementor-heading-title elementor-size-default\">P\u016fvod a tradice<\/h2>\t\t\t\t<\/div>\n\t\t<div class=\"elementor-element elementor-element-iw-schutzsaeckchen-s1-bw e-con-full e-flex e-con e-child\" data-id=\"iw-schutzsaeckchen-s1-bw\" data-element_type=\"container\" data-e-type=\"container\">\n\t\t\t\t<div class=\"elementor-element elementor-element-iwgs-schutzsaeckchen-s1t elementor-widget elementor-widget-text-editor\" data-id=\"iwgs-schutzsaeckchen-s1t\" data-element_type=\"widget\" data-e-type=\"widget\" data-widget_type=\"text-editor.default\">\n\t\t\t\t\t\t\t\t\t<p>P\u0159edstava spojit v\u00edce ochrann\u00fdch materi\u00e1l\u016f a nosit je na t\u011ble je star\u00e1 a roz\u0161\u00ed\u0159en\u00e1. Ve starov\u011bk\u00e9m Egypt\u011b se nosily mal\u00e9 ko\u017een\u00e9 s\u00e1\u010dky s papyrusov\u00fdmi amulety; Kniha mrtv\u00fdch obsahuje instrukce k no\u0161en\u00ed ur\u010dit\u00fdch textov\u00fdch amulet\u016f na t\u011ble. V Mezopot\u00e1mii se nach\u00e1zely p\u0159elo\u017een\u00e9 hlin\u011bn\u00e9 tabulky se zakl\u00ednac\u00edmi formulemi za\u0161it\u00e9 do pl\u00e1tna.<\/p>\n<p>V \u017eidovsk\u00e9m prost\u0159ed\u00ed je Mezuzah p\u0159\u00edbuznou formou: popsan\u00fd pergamen v pouzdru, um\u00edst\u011bn\u00fd na dve\u0159n\u00edm r\u00e1mu. Verze no\u0161en\u00e1 na t\u011ble, <em>Kamea<\/em>, p\u0159\u00edmo odpov\u00edd\u00e1 principu schutzs\u00e1\u010dku: popsan\u00fd p\u0159edm\u011bt v obalu, no\u0161en\u00fd na t\u011ble nebo na m\u00edst\u011b.<\/p>\n<p>V n\u011bmecky mluv\u00edc\u00edch zem\u00edch se Breverl rozv\u00edjelo p\u0159edev\u0161\u00edm v <span class=\"iwg-fachbegriff\" data-tooltip=\"N\u00e1bo\u017eenskost \u017eit\u00e1 v ka\u017edodenn\u00edm \u017eivot\u011b, \u010dasto vedle ofici\u00e1ln\u00ed nauky.\" tabindex=\"0\">lidov\u00e9 zbo\u017enosti<\/span> pozdn\u00edho st\u0159edov\u011bku a ran\u00e9ho novov\u011bku. \u0160\u00ed\u0159en\u00ed sv\u011bcen\u00fdch l\u00edstk\u016f prost\u0159ednictv\u00edm kostel\u016f a kl\u00e1\u0161ter\u016f, ti\u0161t\u011bn\u00fdch nebo psan\u00fdch rukou, bylo sou\u010d\u00e1st\u00ed ran\u011b novov\u011bk\u00e9 zbo\u017en\u00e9 praxe.<\/p><p>Sedl\u00e1k nebo selka, kte\u0159\u00ed neulo\u017eili sv\u00e9 d\u00edt\u011b do postele bez ochrany, s\u00e1hli po takov\u00e9m l\u00edstku nebo si jej u far\u00e1\u0159e nechali vystavit. Breverl nebylo c\u00edrkevn\u011b schv\u00e1len\u00fdm sakrament\u00e1lem, ale pohybovalo se v \u0161ed\u00e9 z\u00f3n\u011b, kterou lidov\u00e1 zbo\u017enost vyu\u017e\u00edvala.<\/p>\n<p>Doba reformace vytvo\u0159ila zaj\u00edmav\u00e9 nap\u011bt\u00ed: luter\u00e1n\u0161t\u00ed duchovn\u00ed odsuzovali Breverl jako pov\u011bru, zat\u00edmco v katolick\u00e9m prost\u0159ed\u00ed bylo ti\u0161e trp\u011bno nebo dokonce aktivn\u011b \u0161\u00ed\u0159eno. V 19. stolet\u00ed sb\u00edrali odpov\u00eddaj\u00edc\u00ed doklady pro n\u011bmecky mluv\u00edc\u00ed oblast lidov\u00ed badatel\u00e9 jako Johann Scheible a Karl Simrock.<\/p>\t\t\t\t\t\t\t\t<\/div>\n\t\t\t\t<\/div>\n\t\t\t\t\t<\/div>\n\t\t\t\t<\/div>\n\t\t<div class=\"elementor-element elementor-element-iwgs-schutzsaeckchen-s2 e-flex e-con-boxed e-con e-parent\" data-id=\"iwgs-schutzsaeckchen-s2\" data-element_type=\"container\" data-e-type=\"container\">\n\t\t\t\t\t<div class=\"e-con-inner\">\n\t\t\t\t<div class=\"elementor-element elementor-element-iwgs-schutzsaeckchen-s2h elementor-widget elementor-widget-heading\" data-id=\"iwgs-schutzsaeckchen-s2h\" data-element_type=\"widget\" data-e-type=\"widget\" data-widget_type=\"heading.default\">\n\t\t\t\t\t<h2 class=\"elementor-heading-title elementor-size-default\">Princip p\u016fsoben\u00ed podle tradice<\/h2>\t\t\t\t<\/div>\n\t\t<div class=\"elementor-element elementor-element-iw-schutzsaeckchen-s2-bw e-con-full e-flex e-con e-child\" data-id=\"iw-schutzsaeckchen-s2-bw\" data-element_type=\"container\" data-e-type=\"container\">\n\t\t\t\t<div class=\"elementor-element elementor-element-iwgs-schutzsaeckchen-s2t elementor-widget elementor-widget-text-editor\" data-id=\"iwgs-schutzsaeckchen-s2t\" data-element_type=\"widget\" data-e-type=\"widget\" data-widget_type=\"text-editor.default\">\n\t\t\t\t\t\t\t\t\t<p>Princip \u00fa\u010dinku schutzs\u00e1\u010dku spo\u010d\u00edv\u00e1 na n\u011bkolika vrstv\u00e1ch.<\/p>\n<p>Materi\u00e1ln\u00ed vrstva: ka\u017ed\u00e1 obsa\u017een\u00e1 l\u00e1tka nese vlastn\u00ed ochrannou kvalitu, zalo\u017eenou na <span class=\"iwg-fachbegriff\" data-tooltip=\"P\u0159ed\u00e1v\u00e1n\u00ed znalost\u00ed a vypr\u00e1v\u011bn\u00ed nap\u0159\u00ed\u010d generacemi.\" tabindex=\"0\">tradici<\/span> dan\u00e9 l\u00e1tky. Byliny jako t\u0159ezalka, pelyn\u011bk nebo kozl\u00edk l\u00e9ka\u0159sk\u00fd jsou pova\u017eov\u00e1ny za odvracej\u00edc\u00ed ur\u010dit\u00e9 vlivy. S\u016fl je pova\u017eov\u00e1na za \u010dist\u00edc\u00ed a nep\u0159\u00e1telskou v\u016f\u010di ne\u010dist\u00e9mu. \u00dalomek kosti nebo k\u00e1men zvl\u00e1\u0161tn\u00edho tvaru p\u0159id\u00e1v\u00e1 materi\u00e1ln\u00ed ochrannou kvalitu.<\/p>\n<p>Symbolick\u00e1 vrstva: napsan\u00e1 <span class=\"iwg-fachbegriff\" data-tooltip=\"Jazykov\u00e9 obr\u00e1cen\u00ed \u010dlov\u011bka k bo\u017estvu.\" tabindex=\"0\">modlitba<\/span>, bo\u017e\u00ed jm\u00e9no nebo znak dod\u00e1vaj\u00ed obsahu duchovn\u00ed rozm\u011br. Formule, zejm\u00e9na pokud byla pronesena nebo naps\u00e1na osobou k tomu zp\u016fsobilou, aktivuje s\u00e1\u010dek nad r\u00e1mec pouh\u00e9ho materi\u00e1ln\u00edho.<\/p>\n<p>Kombinatorick\u00e1 vrstva: vz\u00e1jemn\u00e9 p\u016fsoben\u00ed slo\u017eek je pova\u017eov\u00e1no za siln\u011bj\u0161\u00ed ne\u017e sou\u010det jednotliv\u00fdch \u010d\u00e1st\u00ed. To je z\u00e1kladn\u00ed pravidlo lidov\u00e9 magie: spr\u00e1vn\u00e1 kombinace vytv\u00e1\u0159\u00ed \u00fa\u010dinek, kter\u00fd by \u017e\u00e1dn\u00e1 z l\u00e1tek nedok\u00e1zala rozvinout samostatn\u011b.<\/p>\n<p>V mnoha tradic\u00edch je rozhoduj\u00edc\u00ed integrita s\u00e1\u010dku: nesm\u00ed b\u00fdt otev\u0159en, proto\u017ee by to rozpustilo soust\u0159ed\u011bn\u00fd \u00fa\u010dinek. Otev\u0159en\u00ed se rovn\u00e1 zlomen\u00ed amuletu.<\/p>\t\t\t\t\t\t\t\t<\/div>\n\t\t\t\t<\/div>\n\t\t\t\t\t<\/div>\n\t\t\t\t<\/div>\n\t\t<div class=\"elementor-element elementor-element-iwgs-schutzsaeckchen-s3 e-flex e-con-boxed e-con e-parent\" data-id=\"iwgs-schutzsaeckchen-s3\" data-element_type=\"container\" data-e-type=\"container\">\n\t\t\t\t\t<div class=\"e-con-inner\">\n\t\t\t\t<div class=\"elementor-element elementor-element-iwgs-schutzsaeckchen-s3h elementor-widget elementor-widget-heading\" data-id=\"iwgs-schutzsaeckchen-s3h\" data-element_type=\"widget\" data-e-type=\"widget\" data-widget_type=\"heading.default\">\n\t\t\t\t\t<h2 class=\"elementor-heading-title elementor-size-default\">Roz\u0161\u00ed\u0159en\u00ed nap\u0159\u00ed\u010d kulturami<\/h2>\t\t\t\t<\/div>\n\t\t<div class=\"elementor-element elementor-element-iw-schutzsaeckchen-s3-bw e-con-full e-flex e-con e-child\" data-id=\"iw-schutzsaeckchen-s3-bw\" data-element_type=\"container\" data-e-type=\"container\">\n\t\t\t\t<div class=\"elementor-element elementor-element-iwgs-schutzsaeckchen-s3t elementor-widget elementor-widget-text-editor\" data-id=\"iwgs-schutzsaeckchen-s3t\" data-element_type=\"widget\" data-e-type=\"widget\" data-widget_type=\"text-editor.default\">\n\t\t\t\t\t\t\t\t\t<p>Princip ochrann\u00e9ho s\u00e1\u010dku je dolo\u017een po cel\u00e9m sv\u011bt\u011b.<\/p>\n<p>V z\u00e1padn\u00ed Africe a v africk\u00e9 diaspo\u0159e je zn\u00e1m <em>gris-gris<\/em> nebo <em>mojo<\/em> pytl\u00edk: pytl\u00edk z k\u016f\u017ee nebo l\u00e1tky, kter\u00fd obsahuje ko\u0159eny, byliny, miner\u00e1ly, drobn\u00e9 p\u0159edm\u011bty a popsan\u00e9 pap\u00edrky a byl aktivov\u00e1n praktikuj\u00edc\u00edm <em>hoodoo<\/em> nebo kn\u011b\u017ekou.<\/p><p>Paralela s breverlem je strukturn\u011b n\u00e1padn\u00e1: ob\u011b formy kombinuj\u00ed materi\u00e1ly s p\u00edsmem a <span class=\"iwg-fachbegriff\" data-tooltip=\"Jazykov\u00e9 obr\u00e1cen\u00ed \u010dlov\u011bka k bo\u017estvu.\" tabindex=\"0\">modlitbou<\/span>, ob\u011b se nos\u00ed na t\u011ble, ob\u011b se nesm\u00ed otev\u00edrat.<\/p>\n<p>V Japonsku je variantou tohoto principu <em>omamori<\/em>: mal\u00fd tkan\u00fd nebo poti\u0161t\u011bn\u00fd s\u00e1\u010dek z <span class=\"iwg-fachbegriff\" data-tooltip=\"Mal\u00e9 svat\u00e9 m\u00edsto ulo\u017een\u00ed nebo modlitby.\" tabindex=\"0\">svatyn\u011b<\/span> nebo <span class=\"iwg-fachbegriff\" data-tooltip=\"Stavba slou\u017e\u00edc\u00ed uct\u00edv\u00e1n\u00ed jednoho nebo v\u00edce bo\u017estev.\" tabindex=\"0\">chr\u00e1mu<\/span>, obsahuj\u00edc\u00ed posv\u011bcen\u00fd prou\u017eek pap\u00edru. Nos\u00ed se na t\u011ble po dobu jednoho roku a pot\u00e9 se vrac\u00ed do <span class=\"iwg-fachbegriff\" data-tooltip=\"Mal\u00e9 svat\u00e9 m\u00edsto ulo\u017een\u00ed nebo modlitby.\" tabindex=\"0\">svatyn\u011b<\/span>.<\/p>\n<p>V Indii je zn\u00e1m <em>kavach<\/em>, posv\u011bcen\u00fd pytl\u00edk s pap\u00edrky s <span class=\"iwg-fachbegriff\" data-tooltip=\"Svat\u00e1 slabika nebo formule, opakovan\u011b pron\u00e1\u0161en\u00e1 v hinduismu a buddhismu.\" tabindex=\"0\">mantrou<\/span> nebo svat\u00fdmi materi\u00e1ly, no\u0161en\u00fd jako ochrana.<\/p>\n<p>V latinskoamerick\u00e9 lidov\u00e9 v\u00ed\u0159e se setk\u00e1v\u00e1me s <em>bolsitas de protecci\u00f3n<\/em>, mal\u00fdmi pytl\u00ed\u010dky s bylinami, kameny a svat\u00fdmi obr\u00e1zky. Z\u00e1kladn\u00ed my\u0161lenka je stejn\u00e1 jako u bavorsk\u00e9ho breverlu, n\u00e1bo\u017eensk\u00fd r\u00e1mec se v\u0161ak v\u00fdrazn\u011b li\u0161\u00ed.<\/p>\t\t\t\t\t\t\t\t<\/div>\n\t\t\t\t<\/div>\n\t\t\t\t\t<\/div>\n\t\t\t\t<\/div>\n\t\t<div class=\"elementor-element elementor-element-iwgs-schutzsaeckchen-s4 e-flex e-con-boxed e-con e-parent\" data-id=\"iwgs-schutzsaeckchen-s4\" data-element_type=\"container\" data-e-type=\"container\">\n\t\t\t\t\t<div class=\"e-con-inner\">\n\t\t\t\t<div class=\"elementor-element elementor-element-iwgs-schutzsaeckchen-s4h elementor-widget elementor-widget-heading\" data-id=\"iwgs-schutzsaeckchen-s4h\" data-element_type=\"widget\" data-e-type=\"widget\" data-widget_type=\"heading.default\">\n\t\t\t\t\t<h2 class=\"elementor-heading-title elementor-size-default\">Proti \u010demu se pou\u017e\u00edv\u00e1<\/h2>\t\t\t\t<\/div>\n\t\t<div class=\"elementor-element elementor-element-iw-schutzsaeckchen-s4-bw e-con-full e-flex e-con e-child\" data-id=\"iw-schutzsaeckchen-s4-bw\" data-element_type=\"container\" data-e-type=\"container\">\n\t\t\t\t<div class=\"elementor-element elementor-element-iwgs-schutzsaeckchen-s4t elementor-widget elementor-widget-text-editor\" data-id=\"iwgs-schutzsaeckchen-s4t\" data-element_type=\"widget\" data-e-type=\"widget\" data-widget_type=\"text-editor.default\">\n\t\t\t\t\t\t\t\t\t<p>Ochrann\u00fd s\u00e1\u010dek je v <span class=\"iwg-fachbegriff\" data-tooltip=\"P\u0159ed\u00e1v\u00e1n\u00ed znalost\u00ed a vypr\u00e1v\u011bn\u00ed nap\u0159\u00ed\u010d generacemi.\" tabindex=\"0\">tradici<\/span> popisov\u00e1n jako obrana proti mno\u017estv\u00ed \u0161kodliv\u00fdch vliv\u016f. To vypl\u00fdv\u00e1 z jeho podstaty kombinovan\u00e9ho ochrann\u00e9ho p\u0159edm\u011btu: pokr\u00fdv\u00e1 v\u00edce hrozeb najednou, pokud jsou zvoleny spr\u00e1vn\u00e9 slo\u017eky.<\/p>\n<p>Nej\u010dast\u011bji je dolo\u017eena ochrana proti t\u011bmto kategori\u00edm: proti u\u0159knut\u00ed, zejm\u00e9na u d\u011bt\u00ed a novorozenc\u016f, kte\u0159\u00ed byli pova\u017eov\u00e1ni za obzvl\u00e1\u0161\u0165 zraniteln\u00e9; proti \u0161kod\u00edc\u00edm duchovn\u00edm bytostem p\u016fsob\u00edc\u00edm v noci, jmenovit\u011b alp\u016fm, drud\u00e1m a p\u0159\u00edbuzn\u00fdm bytostem; proti \u010darod\u011bjnictv\u00ed a \u0161kodliv\u00e9 magii ze strany bli\u017en\u00edch; a proti obecn\u00fdm nemocem, jejich\u017e p\u0159\u00ed\u010dina byla p\u0159i\u010d\u00edt\u00e1na nadp\u0159irozen\u00fdm sil\u00e1m.<\/p>\n<p>Breverl v \u00fazk\u00e9m smyslu se roz\u0161\u00ed\u0159il zejm\u00e9na jako ochrana proti nemocem a proti u\u0159knut\u00ed u d\u011bt\u00ed. V <a href=\"https:\/\/iwell-guard.com\/cs\/?page_id=145803\">Kompasu ochrany<\/a> jsou uvedeny konkr\u00e9tn\u00ed bytosti, proti kter\u00fdm jsou ochrann\u00e9 s\u00e1\u010dky v <span class=\"iwg-fachbegriff\" data-tooltip=\"P\u0159ed\u00e1v\u00e1n\u00ed znalost\u00ed a vypr\u00e1v\u011bn\u00ed nap\u0159\u00ed\u010d generacemi.\" tabindex=\"0\">tradici<\/span> pou\u017e\u00edv\u00e1ny.<\/p>\t\t\t\t\t\t\t\t<\/div>\n\t\t\t\t<\/div>\n\t\t\t\t\t<\/div>\n\t\t\t\t<\/div>\n\t\t<div class=\"elementor-element elementor-element-iwgs-schutzsaeckchen-s5 e-flex e-con-boxed e-con e-parent\" data-id=\"iwgs-schutzsaeckchen-s5\" data-element_type=\"container\" data-e-type=\"container\">\n\t\t\t\t\t<div class=\"e-con-inner\">\n\t\t\t\t<div class=\"elementor-element elementor-element-iwgs-schutzsaeckchen-s5h elementor-widget elementor-widget-heading\" data-id=\"iwgs-schutzsaeckchen-s5h\" data-element_type=\"widget\" data-e-type=\"widget\" data-widget_type=\"heading.default\">\n\t\t\t\t\t<h2 class=\"elementor-heading-title elementor-size-default\">Pou\u017eit\u00ed a hranice<\/h2>\t\t\t\t<\/div>\n\t\t<div class=\"elementor-element elementor-element-iw-schutzsaeckchen-s5-bw e-con-full e-flex e-con e-child\" data-id=\"iw-schutzsaeckchen-s5-bw\" data-element_type=\"container\" data-e-type=\"container\">\n\t\t\t\t<div class=\"elementor-element elementor-element-iwgs-schutzsaeckchen-s5t elementor-widget elementor-widget-text-editor\" data-id=\"iwgs-schutzsaeckchen-s5t\" data-element_type=\"widget\" data-e-type=\"widget\" data-widget_type=\"text-editor.default\">\n\t\t\t\t\t\t\t\t\t<p>Ochrann\u00fd s\u00e1\u010dek p\u0159edpokl\u00e1d\u00e1 pou\u017eit\u00ed spr\u00e1vn\u00fdch slo\u017eek ve spr\u00e1vn\u00e9 kombinaci. Nespr\u00e1vn\u00e1 p\u0159\u00edsada, chyb\u011bj\u00edc\u00ed prvek nebo chybn\u00e1 formule podle logiky tradice v\u00fdrazn\u011b slab\u00ed jeho \u00fa\u010dinek. Kdo do pytl\u00edku vlo\u017e\u00ed obecnou bylinnou sm\u011bs bez ohledu na to, jak je kter\u00e1 rostlina zakotvena v tradici, jedn\u00e1 bez opory.<\/p>\n<p>Zvl\u00e1\u0161\u0165 d\u016fle\u017eit\u00e9 je pravidlo, \u017ee s\u00e1\u010dek se nesm\u00ed otev\u00edrat. To plat\u00ed jak pro breverl, tak pro mojo pytl\u00edk afroamerick\u00e9 tradice a pro <em>omamori<\/em> japonsk\u00e9 lidov\u00e9 v\u00edry. Otev\u0159en\u00edm se rozpad\u00e1 sep\u011bt\u00ed, kter\u00e9 d\u011bl\u00e1 z ochrann\u00e9ho s\u00e1\u010dku jednotn\u00fd celek.<\/p>\n<p>Podobn\u011b jako jin\u00e9 ochrann\u00e9 p\u0159edm\u011bty ztr\u00e1c\u00ed s\u00e1\u010dek \u00fa\u010dinnost, pokud je po\u0161kozen, zvlhne nebo se zne\u010dist\u00ed. Mnoho tradic zn\u00e1 rytmus obnovy: po roce, po nemoci nebo po v\u00fdznamn\u00e9 \u017eivotn\u00ed etap\u011b se s\u00e1\u010dek nahrazuje nov\u00fdm.<\/p>\n<p>Dosah ochrany je omezen\u00fd: s\u00e1\u010dek chr\u00e1n\u00ed nositele nebo m\u00edsto, kde je um\u00edst\u011bn, nikoli v\u0161ak \u0161ir\u0161\u00ed okol\u00ed.<\/p>\t\t\t\t\t\t\t\t<\/div>\n\t\t\t\t<\/div>\n\t\t\t\t\t<\/div>\n\t\t\t\t<\/div>\n\t\t<div class=\"elementor-element elementor-element-iwgs-schutzsaeckchen-lit e-flex e-con-boxed e-con e-parent\" data-id=\"iwgs-schutzsaeckchen-lit\" data-element_type=\"container\" data-e-type=\"container\">\n\t\t\t\t\t<div class=\"e-con-inner\">\n\t\t\t\t<div class=\"elementor-element elementor-element-iwgs-schutzsaeckchen-lith elementor-widget elementor-widget-heading\" data-id=\"iwgs-schutzsaeckchen-lith\" data-element_type=\"widget\" data-e-type=\"widget\" data-widget_type=\"heading.default\">\n\t\t\t\t\t<h2 class=\"elementor-heading-title elementor-size-default\">Literatura (v\u00fdb\u011br)<\/h2>\t\t\t\t<\/div>\n\t\t<div class=\"elementor-element elementor-element-iw-schutzsaeckchen-lit-bw e-con-full e-flex e-con e-child\" data-id=\"iw-schutzsaeckchen-lit-bw\" data-element_type=\"container\" data-e-type=\"container\">\n\t\t\t\t<div class=\"elementor-element elementor-element-iwgs-schutzsaeckchen-litt elementor-widget elementor-widget-html\" data-id=\"iwgs-schutzsaeckchen-litt\" data-element_type=\"widget\" data-e-type=\"widget\" data-widget_type=\"html.default\">\n\t\t\t\t\t<footer data-nosnippet=\"true\"><ul><li>Hanns B\u00e4chtold-St\u00e4ubli (Hrsg.): <em>Handw\u00f6rterbuch des deutschen Aberglaubens<\/em>, Bd. 1, Artikel \"Breverl\". De Gruyter, 1927-1942.<\/li><li>Karl Simrock: <em>Handbuch der deutschen Mythologie<\/em>. Marcus, 1853.<\/li><li>Zora Neale Hurston: <em>Mules and Men<\/em>. Lippincott, 1935. (Dokumentace afroamerick\u00e9 lidov\u00e9 magie a mojo praxe.)<\/li><li>Trachtenberg, Joshua: <em>Jewish Magic and Superstition<\/em>. Atheneum, 1939. (Kapitola o kamea\/ochrann\u00e9m s\u00e1\u010dku.)<\/li><li>Christoph Daxelm\u00fcller: <em>Zauberpraktiken. Eine Ideengeschichte der Magie<\/em>. Artemis &amp; Winkler, 1993.<\/li><\/ul><\/footer>\t\t\t\t<\/div>\n\t\t\t\t<\/div>\n\t\t\t\t\t<\/div>\n\t\t\t\t<\/div>\n\t\t<div class=\"elementor-element elementor-element-iwgs-schutzsaeckchen-kwd e-flex e-con-boxed e-con e-parent\" data-id=\"iwgs-schutzsaeckchen-kwd\" data-element_type=\"container\" data-e-type=\"container\">\n\t\t\t\t\t<div class=\"e-con-inner\">\n\t\t<div class=\"elementor-element elementor-element-iw-schutzsaeckchen-kwd-bw e-con-full e-flex e-con e-child\" data-id=\"iw-schutzsaeckchen-kwd-bw\" data-element_type=\"container\" data-e-type=\"container\">\n\t\t\t\t<div class=\"elementor-element elementor-element-iwgs-schutzsaeckchen-kwdt elementor-widget elementor-widget-text-editor\" data-id=\"iwgs-schutzsaeckchen-kwdt\" data-element_type=\"widget\" data-e-type=\"widget\" data-widget_type=\"text-editor.default\">\n\t\t\t\t\t\t\t\t\t<p><em>Souvisej\u00edc\u00ed kl\u00ed\u010dov\u00e9 pojmy: ochrann\u00fd s\u00e1\u010dek, breverl, charm bag, bylinn\u00fd pytl\u00edk, ochrana.<\/em><\/p>\t\t\t\t\t\t\t\t<\/div>\n\t\t\t\t<\/div>\n\t\t\t\t\t<\/div>\n\t\t\t\t<\/div>\n\t\t<div class=\"elementor-element elementor-element-iwgs-schutzsaeckchen-cc e-flex e-con-boxed e-con e-parent\" data-id=\"iwgs-schutzsaeckchen-cc\" data-element_type=\"container\" data-e-type=\"container\" id=\"iwg-cc-schutzsaeckchen\">\n\t\t\t\t\t<div class=\"e-con-inner\">\n\t\t<div class=\"elementor-element elementor-element-iwgs-schutzsaeckchen-ccinner e-flex e-con-boxed e-con e-parent\" data-id=\"iwgs-schutzsaeckchen-ccinner\" data-element_type=\"container\" data-e-type=\"container\" data-settings=\"{&quot;background_background&quot;:&quot;classic&quot;}\">\n\t\t\t\t\t<div class=\"e-con-inner\">\n\t\t\t\t<div class=\"elementor-element elementor-element-iwgs-schutzsaeckchen-cch elementor-widget elementor-widget-heading\" data-id=\"iwgs-schutzsaeckchen-cch\" data-element_type=\"widget\" data-e-type=\"widget\" data-widget_type=\"heading.default\">\n\t\t\t\t\t<h2 class=\"elementor-heading-title elementor-size-default\">iWell Guard a ochrann\u00e9 tradice<\/h2>\t\t\t\t<\/div>\n\t\t\t\t<div class=\"elementor-element elementor-element-iwgs-schutzsaeckchen-cct elementor-widget elementor-widget-text-editor\" data-id=\"iwgs-schutzsaeckchen-cct\" data-element_type=\"widget\" data-e-type=\"widget\" data-widget_type=\"text-editor.default\">\n\t\t\t\t\t\t\t\t\t<p>Ochrann\u00fd s\u00e1\u010dek ukazuje z\u00e1kladn\u00ed my\u0161lenku, kterou <a href=\"https:\/\/iwell-guard.com\/cs\/koupit-ochranny-privesek-iwell-guard\/\">iWell Guard<\/a> p\u0159ej\u00edm\u00e1 v modern\u00ed podob\u011b: soust\u0159ed\u011bn\u00ed v\u00edce ochrann\u00fdch princip\u016f do jedin\u00e9ho p\u0159enosn\u00e9ho p\u0159edm\u011btu. Breverl kombinuje bylinu, p\u00edsmo a <span class=\"iwg-fachbegriff\" data-tooltip=\"P\u0159\u00e1n\u00ed sp\u00e1sy a ochrany, \u010dasto v pevn\u00e9 jazykov\u00e9 form\u011b.\" tabindex=\"0\">po\u017eehn\u00e1n\u00ed<\/span>; mojo pytl\u00edk kombinuje ko\u0159en, k\u00e1men a formuli.<\/p><p>iWell Guard nep\u0159eb\u00edr\u00e1 konkr\u00e9tn\u00ed obsahy jedn\u00e9 konkr\u00e9tn\u00ed tradice, ale navazuje na logiku synt\u00e9zy: \u017ee p\u0159edm\u011bt no\u0161en\u00fd na t\u011ble m\u016f\u017ee spojovat v\u00edce ochrann\u00fdch vlastnost\u00ed najednou.<\/p>\t\t\t\t\t\t\t\t<\/div>\n\t\t\t\t<div class=\"elementor-element elementor-element-iwgs-schutzsaeckchen-ccb iwg-cc-button iwg-cc-cta-2026-05-13 elementor-widget elementor-widget-jet-button\" data-id=\"iwgs-schutzsaeckchen-ccb\" data-element_type=\"widget\" data-e-type=\"widget\" data-widget_type=\"jet-button.default\">\n\t\t\t\t<div class=\"elementor-widget-container\">\n\t\t\t\t\t<div class=\"elementor-jet-button jet-elements\"><div class=\"jet-button__container\"><a class=\"jet-button__instance jet-button__instance--icon-left hover-effect-1\" href=\"\/schutzanhaenger-iwell-guard-kaufen\/?utm_source=iwell-guard.com&amp;utm_medium=info-box&amp;utm_campaign=schutzsymbole\"><div class=\"jet-button__plane jet-button__plane-normal\"><\/div><div class=\"jet-button__plane jet-button__plane-hover\"><\/div><div class=\"jet-button__state jet-button__state-normal\"><span class=\"jet-button__label\">V\u00edce o iWell Guard<\/span><\/div><div class=\"jet-button__state jet-button__state-hover\"><span class=\"jet-button__label\">V\u00edce o iWell Guard<\/span><\/div><\/a><\/div><\/div><style>.elementor-element.elementor-element-iwgs-schutzsaeckchen-ccb .jet-button__instance{width:320px;height:56px;}.elementor-element.elementor-element-iwgs-schutzsaeckchen-ccb .jet-button__state-normal .jet-button__label{text-align:center;margin:0px 0px 0px 0px;color:#1a1b20;font-family:Montserrat,sans-serif;font-size:13px;font-weight:400;letter-spacing:4px;line-height:1.714em;text-transform:uppercase;}.elementor-element.elementor-element-iwgs-schutzsaeckchen-ccb .jet-button__state-hover .jet-button__label{text-align:center;margin:0px 0px 0px 0px;color:#FECC76;font-family:Montserrat,sans-serif;font-size:13px;font-weight:400;letter-spacing:4px;line-height:1.714em;text-transform:uppercase;}.elementor-element.elementor-element-iwgs-schutzsaeckchen-ccb .jet-button__plane-normal{background-color:#FECC76;border-style:solid;border-color:#C99540;border-width:2px 2px 2px 2px;}.elementor-element.elementor-element-iwgs-schutzsaeckchen-ccb .jet-button__plane-hover{background-color:rgba(0,0,0,0.55);border-style:solid;border-color:#FECC76;border-width:2px 2px 2px 2px;}<\/style>\t\t\t\t<\/div>\n\t\t\t\t<\/div>\n\t\t\t\t<div class=\"elementor-element elementor-element-iwgs-schutzsaeckchen-ccd elementor-widget elementor-widget-text-editor\" data-id=\"iwgs-schutzsaeckchen-ccd\" data-element_type=\"widget\" data-e-type=\"widget\" data-widget_type=\"text-editor.default\">\n\t\t\t\t\t\t\t\t\t<p style=\"text-align:center;font-size:13px;opacity:0.7;margin-top:14px\" data-nosnippet=\"true\">Osobn\u00ed zku\u0161enosti se mohou li\u0161it. Nejde o zdravotnick\u00fd prost\u0159edek. Nejde o p\u0159\u00edslib l\u00e9\u010den\u00ed.<\/p>\t\t\t\t\t\t\t\t<\/div>\n\t\t\t\t\t<\/div>\n\t\t\t\t<\/div>\n\t\t\t\t\t<\/div>\n\t\t\t\t<\/div>\n\t\t<div class=\"elementor-element elementor-element-iwgs-schutzsaeckchen-disc e-flex e-con-boxed e-con e-parent\" data-id=\"iwgs-schutzsaeckchen-disc\" data-element_type=\"container\" data-e-type=\"container\">\n\t\t\t\t\t<div class=\"e-con-inner\">\n\t\t<div class=\"elementor-element elementor-element-iw-schutzsaeckchen-disc-bw e-con-full e-flex e-con e-child\" data-id=\"iw-schutzsaeckchen-disc-bw\" data-element_type=\"container\" data-e-type=\"container\">\n\t\t\t\t<div class=\"elementor-element elementor-element-iwgs-schutzsaeckchen-discw elementor-widget elementor-widget-html\" data-id=\"iwgs-schutzsaeckchen-discw\" data-element_type=\"widget\" data-e-type=\"widget\" data-widget_type=\"html.default\">\n\t\t\t\t\t<footer data-nosnippet=\"true\" class=\"iwg-disclaimer-block\"><p data-nosnippet=\"true\">iWell Guard <strong>nen\u00ed zdravotnick\u00fd prost\u0159edek<\/strong> a nenahrazuje l\u00e9ka\u0159skou ani psychoterapeutickou l\u00e9\u010dbu. Zde uveden\u00fd obsah p\u0159edstavuje religionistick\u00e9 a kulturn\u011b-historick\u00e9 za\u0159azen\u00ed, nikoli p\u0159\u00edslib duchovn\u00edho \u00fa\u010dinku.<\/p><\/footer>\t\t\t\t<\/div>\n\t\t\t\t<\/div>\n\t\t\t\t\t<\/div>\n\t\t\t\t<\/div>\n\t\t\t\t<\/div>\n\t\t","protected":false},"excerpt":{"rendered":"","protected":false},"author":3,"featured_media":4132,"parent":0,"menu_order":0,"comment_status":"closed","ping_status":"closed","template":"elementor_header_footer","meta":{"_yoast_wpseo_focuskw":"schutzsaeckchen","_yoast_wpseo_title":"Schutzs\u00e1\u010dek a Breverl - no\u0161en\u00fd s\u00e1\u010dek","_yoast_wpseo_metadesc":"Schutzs\u00e1\u010dek a bavorsk\u00e9 Breverl: pln\u011bn\u00fd s\u00e1\u010dek jako no\u0161en\u00e1 ochrana. Lidov\u00fd p\u016fvod, obsah a princip \u00fa\u010dinku.","_yoast_wpseo_meta-robots-noindex":"","_yoast_wpseo_canonical":"","_angie_page":false,"gefaehrdungsstufe":"","wesen_kultur":"","wesen_klasse":"","footnotes":""},"categories":[],"class_list":["post-145810","page","type-page","status-publish","has-post-thumbnail","hentry"],"yoast_head":"<!-- This site is optimized with the Yoast SEO Premium plugin v27.7 (Yoast SEO v28.3) - https:\/\/yoast.com\/product\/yoast-seo-premium-wordpress\/ -->\n<title>Schutzs\u00e1\u010dek a Breverl - no\u0161en\u00fd s\u00e1\u010dek<\/title>\n<meta name=\"description\" content=\"Schutzs\u00e1\u010dek a bavorsk\u00e9 Breverl: pln\u011bn\u00fd s\u00e1\u010dek jako no\u0161en\u00e1 ochrana. Lidov\u00fd p\u016fvod, obsah a princip \u00fa\u010dinku.\" \/>\n<meta name=\"robots\" content=\"index, follow, max-snippet:-1, max-image-preview:large, max-video-preview:-1\" \/>\n<link rel=\"canonical\" href=\"https:\/\/iwell-guard.com\/cs\/schutzsacek-a-breverl\/\" \/>\n<meta property=\"og:locale\" content=\"cs_CZ\" \/>\n<meta property=\"og:type\" content=\"article\" \/>\n<meta property=\"og:title\" content=\"Schutzs\u00e1\u010dek a Breverl\" \/>\n<meta property=\"og:description\" content=\"Schutzs\u00e1\u010dek a bavorsk\u00e9 Breverl: pln\u011bn\u00fd s\u00e1\u010dek jako no\u0161en\u00e1 ochrana. Lidov\u00fd p\u016fvod, obsah a princip \u00fa\u010dinku.\" \/>\n<meta property=\"og:url\" content=\"https:\/\/iwell-guard.com\/cs\/schutzsacek-a-breverl\/\" \/>\n<meta property=\"og:site_name\" content=\"iWell Guard\" \/>\n<meta property=\"article:modified_time\" content=\"2026-09-03T17:06:23+00:00\" \/>\n<meta property=\"og:image\" content=\"https:\/\/iwell-guard.com\/wp-content\/uploads\/2026\/05\/schutzsymbol_germanisch_schutzsaeckchen.png\" \/>\n\t<meta property=\"og:image:width\" content=\"1024\" \/>\n\t<meta property=\"og:image:height\" content=\"1536\" \/>\n\t<meta property=\"og:image:type\" content=\"image\/png\" \/>\n<meta name=\"twitter:card\" content=\"summary_large_image\" \/>\n<script type=\"application\/ld+json\" class=\"yoast-schema-graph\">{\"@context\":\"https:\\\/\\\/schema.org\",\"@graph\":[{\"@type\":\"WebPage\",\"@id\":\"https:\\\/\\\/iwell-guard.com\\\/cs\\\/schutzsacek-a-breverl\\\/\",\"url\":\"https:\\\/\\\/iwell-guard.com\\\/cs\\\/schutzsacek-a-breverl\\\/\",\"name\":\"Schutzs\u00e1\u010dek a Breverl - no\u0161en\u00fd s\u00e1\u010dek\",\"isPartOf\":{\"@id\":\"https:\\\/\\\/iwell-guard.com\\\/cs\\\/#website\"},\"primaryImageOfPage\":{\"@id\":\"https:\\\/\\\/iwell-guard.com\\\/cs\\\/schutzsacek-a-breverl\\\/#primaryimage\"},\"image\":{\"@id\":\"https:\\\/\\\/iwell-guard.com\\\/cs\\\/schutzsacek-a-breverl\\\/#primaryimage\"},\"thumbnailUrl\":\"https:\\\/\\\/iwell-guard.com\\\/wp-content\\\/uploads\\\/2026\\\/05\\\/schutzsymbol_germanisch_schutzsaeckchen.png\",\"datePublished\":\"2026-09-03T16:33:54+00:00\",\"dateModified\":\"2026-09-03T17:06:23+00:00\",\"description\":\"Schutzs\u00e1\u010dek a bavorsk\u00e9 Breverl: pln\u011bn\u00fd s\u00e1\u010dek jako no\u0161en\u00e1 ochrana. Lidov\u00fd p\u016fvod, obsah a princip \u00fa\u010dinku.\",\"breadcrumb\":{\"@id\":\"https:\\\/\\\/iwell-guard.com\\\/cs\\\/schutzsacek-a-breverl\\\/#breadcrumb\"},\"inLanguage\":\"cs\",\"potentialAction\":[{\"@type\":\"ReadAction\",\"target\":[\"https:\\\/\\\/iwell-guard.com\\\/cs\\\/schutzsacek-a-breverl\\\/\"]}]},{\"@type\":\"ImageObject\",\"inLanguage\":\"cs\",\"@id\":\"https:\\\/\\\/iwell-guard.com\\\/cs\\\/schutzsacek-a-breverl\\\/#primaryimage\",\"url\":\"https:\\\/\\\/iwell-guard.com\\\/wp-content\\\/uploads\\\/2026\\\/05\\\/schutzsymbol_germanisch_schutzsaeckchen.png\",\"contentUrl\":\"https:\\\/\\\/iwell-guard.com\\\/wp-content\\\/uploads\\\/2026\\\/05\\\/schutzsymbol_germanisch_schutzsaeckchen.png\",\"width\":1024,\"height\":1536,\"caption\":\"Schutzs\u00e1\u010dek a Breverl, historicko-ilustrativn\u00ed\"},{\"@type\":\"BreadcrumbList\",\"@id\":\"https:\\\/\\\/iwell-guard.com\\\/cs\\\/schutzsacek-a-breverl\\\/#breadcrumb\",\"itemListElement\":[{\"@type\":\"ListItem\",\"position\":1,\"name\":\"Start\",\"item\":\"https:\\\/\\\/iwell-guard.com\\\/cs\\\/?page_id=145107\"},{\"@type\":\"ListItem\",\"position\":2,\"name\":\"Schutzs\u00e1\u010dek a Breverl\"}]},{\"@type\":\"WebSite\",\"@id\":\"https:\\\/\\\/iwell-guard.com\\\/cs\\\/#website\",\"url\":\"https:\\\/\\\/iwell-guard.com\\\/cs\\\/\",\"name\":\"iWell Guard\",\"description\":\"Schutz vor dunklen Einfl\u00fcssen\",\"publisher\":{\"@id\":\"https:\\\/\\\/iwell-guard.com\\\/cs\\\/#organization\"},\"potentialAction\":[{\"@type\":\"SearchAction\",\"target\":{\"@type\":\"EntryPoint\",\"urlTemplate\":\"https:\\\/\\\/iwell-guard.com\\\/cs\\\/?s={search_term_string}\"},\"query-input\":{\"@type\":\"PropertyValueSpecification\",\"valueRequired\":true,\"valueName\":\"search_term_string\"}}],\"inLanguage\":\"cs\"},{\"@type\":\"Organization\",\"@id\":\"https:\\\/\\\/iwell-guard.com\\\/cs\\\/#organization\",\"name\":\"Ittermann electronic GmbH\",\"url\":\"https:\\\/\\\/iwell-guard.com\\\/cs\\\/\",\"logo\":{\"@type\":\"ImageObject\",\"inLanguage\":\"cs\",\"@id\":\"https:\\\/\\\/iwell-guard.com\\\/cs\\\/#\\\/schema\\\/logo\\\/image\\\/\",\"url\":\"https:\\\/\\\/iwell-guard.com\\\/wp-content\\\/uploads\\\/2026\\\/05\\\/Ittermann-Logo-1182x237-1.png\",\"contentUrl\":\"https:\\\/\\\/iwell-guard.com\\\/wp-content\\\/uploads\\\/2026\\\/05\\\/Ittermann-Logo-1182x237-1.png\",\"width\":1182,\"height\":237,\"caption\":\"Ittermann electronic GmbH\"},\"image\":{\"@id\":\"https:\\\/\\\/iwell-guard.com\\\/cs\\\/#\\\/schema\\\/logo\\\/image\\\/\"},\"sameAs\":[\"https:\\\/\\\/pantip.com\\\/profile\\\/9367242\",\"https:\\\/\\\/micro.blog\\\/iwellguard\",\"https:\\\/\\\/www.diggerslist.com\\\/iwellguard\\\/about\",\"https:\\\/\\\/skitterphoto.com\\\/photographers\\\/2870314\\\/iwell-guard\",\"https:\\\/\\\/iwellguard.wordpress.com\\\/2026\\\/06\\\/06\\\/iwell-guard\\\/\",\"https:\\\/\\\/hub.docker.com\\\/u\\\/iwellguard\",\"https:\\\/\\\/www.pinterest.com\\\/iwellguard\\\/\",\"https:\\\/\\\/bit.ly\\\/m\\\/iwellguard\",\"https:\\\/\\\/entre-vos-mains.alsace.eu\\\/profiles\\\/iwellguard\\\/activity\",\"https:\\\/\\\/gravatar.com\\\/reallybeded8fd34\",\"https:\\\/\\\/naijamatta.com\\\/iwellguard\",\"https:\\\/\\\/www.goodreads.com\\\/iwellguard\",\"https:\\\/\\\/profile.hatena.ne.jp\\\/iwellguard\\\/\",\"https:\\\/\\\/experiment.com\\\/users\\\/iwellguard\",\"https:\\\/\\\/wakelet.com\\\/@iWellGuard82270\",\"https:\\\/\\\/www.chordie.com\\\/forum\\\/profile.php?id=2555664\",\"https:\\\/\\\/www.instapaper.com\\\/p\\\/17757966\",\"https:\\\/\\\/www.mapleprimes.com\\\/users\\\/iwellguard\",\"https:\\\/\\\/businesslistingplus.com\\\/profile\\\/iwell-guard\\\/\",\"https:\\\/\\\/telegra.ph\\\/iWell-Guard-06-06\",\"https:\\\/\\\/pbase.com\\\/iwellguard\\\/iwellguard\",\"https:\\\/\\\/b.hatena.ne.jp\\\/iwellguard\\\/20260607#bookmark-4788405196491818882\",\"https:\\\/\\\/fliphtml5.com\\\/home\\\/iwellguard\",\"https:\\\/\\\/anyflip.com\\\/homepage\\\/cmiwl#About\",\"https:\\\/\\\/transfur.com\\\/Users\\\/iwellguard\",\"http:\\\/\\\/delphi.larsbo.org\\\/user\\\/iwellguard\",\"https:\\\/\\\/jobs.lajobsportal.org\\\/profiles\\\/8380803-iwell-guard\",\"https:\\\/\\\/md.chaosdorf.de\\\/s\\\/jfbe5SBdJD\",\"https:\\\/\\\/www.lingvolive.com\\\/en-us\\\/profile\\\/9ecaeaca-ce11-4e51-9e71-01d55e2bff36\\\/translations\",\"https:\\\/\\\/www.fitday.com\\\/fitness\\\/forums\\\/members\\\/iwellguard.html\",\"https:\\\/\\\/www.mymeetbook.com\\\/iwellguard\",\"https:\\\/\\\/pxhere.com\\\/en\\\/photographer-me\\\/5040798\",\"https:\\\/\\\/disqus.com\\\/by\\\/iwellguard\\\/about\\\/\",\"https:\\\/\\\/pastelink.net\\\/hjwciqwq\",\"https:\\\/\\\/pubhtml5.com\\\/homepage\\\/scjhn\\\/\",\"https:\\\/\\\/www.bitchute.com\\\/channel\\\/2O2eOKzNqujT\",\"https:\\\/\\\/audiomack.com\\\/iwellguard\"]}]}<\/script>\n<!-- \/ Yoast SEO Premium plugin. -->","yoast_head_json":{"title":"Schutzs\u00e1\u010dek a Breverl - no\u0161en\u00fd s\u00e1\u010dek","description":"Schutzs\u00e1\u010dek a bavorsk\u00e9 Breverl: pln\u011bn\u00fd s\u00e1\u010dek jako no\u0161en\u00e1 ochrana. Lidov\u00fd p\u016fvod, obsah a princip \u00fa\u010dinku.","robots":{"index":"index","follow":"follow","max-snippet":"max-snippet:-1","max-image-preview":"max-image-preview:large","max-video-preview":"max-video-preview:-1"},"canonical":"https:\/\/iwell-guard.com\/cs\/schutzsacek-a-breverl\/","og_locale":"cs_CZ","og_type":"article","og_title":"Schutzs\u00e1\u010dek a Breverl","og_description":"Schutzs\u00e1\u010dek a bavorsk\u00e9 Breverl: pln\u011bn\u00fd s\u00e1\u010dek jako no\u0161en\u00e1 ochrana. Lidov\u00fd p\u016fvod, obsah a princip \u00fa\u010dinku.","og_url":"https:\/\/iwell-guard.com\/cs\/schutzsacek-a-breverl\/","og_site_name":"iWell Guard","article_modified_time":"2026-09-03T17:06:23+00:00","og_image":[{"width":1024,"height":1536,"url":"https:\/\/iwell-guard.com\/wp-content\/uploads\/2026\/05\/schutzsymbol_germanisch_schutzsaeckchen.png","type":"image\/png"}],"twitter_card":"summary_large_image","schema":{"@context":"https:\/\/schema.org","@graph":[{"@type":"WebPage","@id":"https:\/\/iwell-guard.com\/cs\/schutzsacek-a-breverl\/","url":"https:\/\/iwell-guard.com\/cs\/schutzsacek-a-breverl\/","name":"Schutzs\u00e1\u010dek a Breverl - no\u0161en\u00fd s\u00e1\u010dek","isPartOf":{"@id":"https:\/\/iwell-guard.com\/cs\/#website"},"primaryImageOfPage":{"@id":"https:\/\/iwell-guard.com\/cs\/schutzsacek-a-breverl\/#primaryimage"},"image":{"@id":"https:\/\/iwell-guard.com\/cs\/schutzsacek-a-breverl\/#primaryimage"},"thumbnailUrl":"https:\/\/iwell-guard.com\/wp-content\/uploads\/2026\/05\/schutzsymbol_germanisch_schutzsaeckchen.png","datePublished":"2026-09-03T16:33:54+00:00","dateModified":"2026-09-03T17:06:23+00:00","description":"Schutzs\u00e1\u010dek a bavorsk\u00e9 Breverl: pln\u011bn\u00fd s\u00e1\u010dek jako no\u0161en\u00e1 ochrana. Lidov\u00fd p\u016fvod, obsah a princip \u00fa\u010dinku.","breadcrumb":{"@id":"https:\/\/iwell-guard.com\/cs\/schutzsacek-a-breverl\/#breadcrumb"},"inLanguage":"cs","potentialAction":[{"@type":"ReadAction","target":["https:\/\/iwell-guard.com\/cs\/schutzsacek-a-breverl\/"]}]},{"@type":"ImageObject","inLanguage":"cs","@id":"https:\/\/iwell-guard.com\/cs\/schutzsacek-a-breverl\/#primaryimage","url":"https:\/\/iwell-guard.com\/wp-content\/uploads\/2026\/05\/schutzsymbol_germanisch_schutzsaeckchen.png","contentUrl":"https:\/\/iwell-guard.com\/wp-content\/uploads\/2026\/05\/schutzsymbol_germanisch_schutzsaeckchen.png","width":1024,"height":1536,"caption":"Schutzs\u00e1\u010dek a Breverl, historicko-ilustrativn\u00ed"},{"@type":"BreadcrumbList","@id":"https:\/\/iwell-guard.com\/cs\/schutzsacek-a-breverl\/#breadcrumb","itemListElement":[{"@type":"ListItem","position":1,"name":"Start","item":"https:\/\/iwell-guard.com\/cs\/?page_id=145107"},{"@type":"ListItem","position":2,"name":"Schutzs\u00e1\u010dek a Breverl"}]},{"@type":"WebSite","@id":"https:\/\/iwell-guard.com\/cs\/#website","url":"https:\/\/iwell-guard.com\/cs\/","name":"iWell Guard","description":"Schutz vor dunklen Einfl\u00fcssen","publisher":{"@id":"https:\/\/iwell-guard.com\/cs\/#organization"},"potentialAction":[{"@type":"SearchAction","target":{"@type":"EntryPoint","urlTemplate":"https:\/\/iwell-guard.com\/cs\/?s={search_term_string}"},"query-input":{"@type":"PropertyValueSpecification","valueRequired":true,"valueName":"search_term_string"}}],"inLanguage":"cs"},{"@type":"Organization","@id":"https:\/\/iwell-guard.com\/cs\/#organization","name":"Ittermann electronic GmbH","url":"https:\/\/iwell-guard.com\/cs\/","logo":{"@type":"ImageObject","inLanguage":"cs","@id":"https:\/\/iwell-guard.com\/cs\/#\/schema\/logo\/image\/","url":"https:\/\/iwell-guard.com\/wp-content\/uploads\/2026\/05\/Ittermann-Logo-1182x237-1.png","contentUrl":"https:\/\/iwell-guard.com\/wp-content\/uploads\/2026\/05\/Ittermann-Logo-1182x237-1.png","width":1182,"height":237,"caption":"Ittermann electronic GmbH"},"image":{"@id":"https:\/\/iwell-guard.com\/cs\/#\/schema\/logo\/image\/"},"sameAs":["https:\/\/pantip.com\/profile\/9367242","https:\/\/micro.blog\/iwellguard","https:\/\/www.diggerslist.com\/iwellguard\/about","https:\/\/skitterphoto.com\/photographers\/2870314\/iwell-guard","https:\/\/iwellguard.wordpress.com\/2026\/06\/06\/iwell-guard\/","https:\/\/hub.docker.com\/u\/iwellguard","https:\/\/www.pinterest.com\/iwellguard\/","https:\/\/bit.ly\/m\/iwellguard","https:\/\/entre-vos-mains.alsace.eu\/profiles\/iwellguard\/activity","https:\/\/gravatar.com\/reallybeded8fd34","https:\/\/naijamatta.com\/iwellguard","https:\/\/www.goodreads.com\/iwellguard","https:\/\/profile.hatena.ne.jp\/iwellguard\/","https:\/\/experiment.com\/users\/iwellguard","https:\/\/wakelet.com\/@iWellGuard82270","https:\/\/www.chordie.com\/forum\/profile.php?id=2555664","https:\/\/www.instapaper.com\/p\/17757966","https:\/\/www.mapleprimes.com\/users\/iwellguard","https:\/\/businesslistingplus.com\/profile\/iwell-guard\/","https:\/\/telegra.ph\/iWell-Guard-06-06","https:\/\/pbase.com\/iwellguard\/iwellguard","https:\/\/b.hatena.ne.jp\/iwellguard\/20260607#bookmark-4788405196491818882","https:\/\/fliphtml5.com\/home\/iwellguard","https:\/\/anyflip.com\/homepage\/cmiwl#About","https:\/\/transfur.com\/Users\/iwellguard","http:\/\/delphi.larsbo.org\/user\/iwellguard","https:\/\/jobs.lajobsportal.org\/profiles\/8380803-iwell-guard","https:\/\/md.chaosdorf.de\/s\/jfbe5SBdJD","https:\/\/www.lingvolive.com\/en-us\/profile\/9ecaeaca-ce11-4e51-9e71-01d55e2bff36\/translations","https:\/\/www.fitday.com\/fitness\/forums\/members\/iwellguard.html","https:\/\/www.mymeetbook.com\/iwellguard","https:\/\/pxhere.com\/en\/photographer-me\/5040798","https:\/\/disqus.com\/by\/iwellguard\/about\/","https:\/\/pastelink.net\/hjwciqwq","https:\/\/pubhtml5.com\/homepage\/scjhn\/","https:\/\/www.bitchute.com\/channel\/2O2eOKzNqujT","https:\/\/audiomack.com\/iwellguard"]}]}},"_links":{"self":[{"href":"https:\/\/iwell-guard.com\/cs\/wp-json\/wp\/v2\/pages\/145810","targetHints":{"allow":["GET"]}}],"collection":[{"href":"https:\/\/iwell-guard.com\/cs\/wp-json\/wp\/v2\/pages"}],"about":[{"href":"https:\/\/iwell-guard.com\/cs\/wp-json\/wp\/v2\/types\/page"}],"author":[{"embeddable":true,"href":"https:\/\/iwell-guard.com\/cs\/wp-json\/wp\/v2\/users\/3"}],"replies":[{"embeddable":true,"href":"https:\/\/iwell-guard.com\/cs\/wp-json\/wp\/v2\/comments?post=145810"}],"version-history":[{"count":0,"href":"https:\/\/iwell-guard.com\/cs\/wp-json\/wp\/v2\/pages\/145810\/revisions"}],"wp:featuredmedia":[{"embeddable":true,"href":"https:\/\/iwell-guard.com\/cs\/wp-json\/wp\/v2\/media\/4132"}],"wp:attachment":[{"href":"https:\/\/iwell-guard.com\/cs\/wp-json\/wp\/v2\/media?parent=145810"}],"wp:term":[{"taxonomy":"category","embeddable":true,"href":"https:\/\/iwell-guard.com\/cs\/wp-json\/wp\/v2\/categories?post=145810"}],"curies":[{"name":"wp","href":"https:\/\/api.w.org\/{rel}","templated":true}]}}