{"id":145808,"date":"2026-09-03T16:33:53","date_gmt":"2026-09-03T16:33:53","guid":{"rendered":"https:\/\/iwell-guard.com\/?page_id=145808"},"modified":"2026-09-03T17:06:19","modified_gmt":"2026-09-03T17:06:19","slug":"kriz-jako-ochranne-znameni","status":"publish","type":"page","link":"https:\/\/iwell-guard.com\/cs\/kriz-jako-ochranne-znameni\/","title":{"rendered":"K\u0159\u00ed\u017e jako ochrann\u00e9 znamen\u00ed"},"content":{"rendered":"\t\t<div data-elementor-type=\"wp-page\" data-elementor-id=\"145808\" class=\"elementor elementor-145808 elementor-3790 elementor-bc-flex-widget\" data-elementor-post-type=\"page\">\n\t\t\t\t<div class=\"elementor-element elementor-element-iwgs-schutzkreuz-hero e-flex e-con-boxed e-con e-parent\" data-id=\"iwgs-schutzkreuz-hero\" data-element_type=\"container\" data-e-type=\"container\">\n\t\t\t\t\t<div class=\"e-con-inner\">\n\t\t<div class=\"elementor-element elementor-element-iw-schutzkreuz-hero-left e-con-full e-flex e-con e-child\" data-id=\"iw-schutzkreuz-hero-left\" data-element_type=\"container\" data-e-type=\"container\">\n\t\t\t\t<div class=\"elementor-element elementor-element-iwgs-schutzkreuz-h1 elementor-widget elementor-widget-heading\" data-id=\"iwgs-schutzkreuz-h1\" data-element_type=\"widget\" data-e-type=\"widget\" data-widget_type=\"heading.default\">\n\t\t\t\t\t<h1 class=\"elementor-heading-title elementor-size-default\">K\u0159\u00ed\u017e jako ochrann\u00e9 znamen\u00ed<\/h1>\t\t\t\t<\/div>\n\t\t<div class=\"elementor-element elementor-element-iw-schutzkreuz-hero-bw e-con-full e-flex e-con e-child\" data-id=\"iw-schutzkreuz-hero-bw\" data-element_type=\"container\" data-e-type=\"container\">\n\t\t\t\t<div class=\"elementor-element elementor-element-iwgs-schutzkreuz-pills elementor-widget elementor-widget-html\" data-id=\"iwgs-schutzkreuz-pills\" data-element_type=\"widget\" data-e-type=\"widget\" data-widget_type=\"html.default\">\n\t\t\t\t\t<div class=\"iwg-pill-row\"><span class=\"iwg-klasse-badge\" tabindex=\"0\" data-tooltip=\"Typ ochrann\u00e9ho prost\u0159edku.\">Ochrann\u00e9 znamen\u00ed<\/span><a href=\"https:\/\/iwell-guard.com\/cs\/ochranne-symboly\/\" class=\"iwg-kultur-badge\" tabindex=\"0\" data-tooltip=\"K p\u0159ehledu.\">Znaky a symboly<\/a><\/div>\t\t\t\t<\/div>\n\t\t\t\t<div class=\"elementor-element elementor-element-iwgs-schutzkreuz-lead elementor-widget elementor-widget-text-editor\" data-id=\"iwgs-schutzkreuz-lead\" data-element_type=\"widget\" data-e-type=\"widget\" data-widget_type=\"text-editor.default\">\n\t\t\t\t\t\t\t\t\t<p>K\u0159\u00ed\u017e pat\u0159\u00ed k nejstar\u0161\u00edm geometrick\u00fdm znamen\u00edm lidstva. Jako apotropaick\u00fd prost\u0159edek, tedy jako ochrann\u00e9 znamen\u00ed proti \u0161kodliv\u00fdm vliv\u016fm, je mnohem star\u0161\u00ed ne\u017e k\u0159es\u0165anstv\u00ed.<\/p><p>Z\u00e1rove\u0148 z\u00edskal d\u00edky k\u0159es\u0165ansk\u00e9 <span class=\"iwg-fachbegriff\" data-tooltip=\"P\u0159ed\u00e1v\u00e1n\u00ed znalost\u00ed a p\u0159\u00edb\u011bh\u016f z generace na generaci.\" tabindex=\"0\">tradici<\/span> tak hlubok\u00fd symbolick\u00fd n\u00e1boj, \u017ee je v evropsk\u00e9m kontextu neodd\u011bliteln\u011b spjat s touto tradic\u00ed. Co z\u016fst\u00e1v\u00e1, je znamen\u00ed nesm\u00edrn\u00e9ho kulturn\u00edho dosahu.<\/p>\n<p>Tato str\u00e1nka popisuje lidovou v\u00edru a <span class=\"iwg-fachbegriff\" data-tooltip=\"P\u0159ed\u00e1v\u00e1n\u00ed znalost\u00ed a p\u0159\u00edb\u011bh\u016f z generace na generaci.\" tabindex=\"0\">tradici<\/span> spojenou s k\u0159\u00ed\u017eem jako ochrann\u00fdm znamen\u00edm.<\/p><p>Zam\u011b\u0159uje se na apotropaick\u00fd rozm\u011br, nikoli na <span class=\"iwg-fachbegriff\" data-tooltip=\"V\u011bdeck\u00e1 nauka o Bohu a v\u00ed\u0159e n\u00e1bo\u017eenstv\u00ed.\" tabindex=\"0\">teologii<\/span>. Rozhoduj\u00edc\u00ed je folkloristick\u00fd r\u00e1mec: co lid\u00e9 k\u0159\u00ed\u017ei p\u0159isuzovali, kam ho um\u00eds\u0165ovali, proti komu ho pou\u017e\u00edvali? Srovn\u00e1n\u00ed s dal\u0161\u00edmi ochrann\u00fdmi symboly nab\u00edz\u00ed <a href=\"https:\/\/iwell-guard.com\/cs\/ochranne-symboly\/\">Ochrann\u00e9 symboly<\/a>; <a href=\"https:\/\/iwell-guard.com\/cs\/?page_id=145803\">Ochrann\u00fd kompas<\/a> ukazuje, proti jak\u00fdm druh\u016fm bytost\u00ed byl k\u0159\u00ed\u017e podle <span class=\"iwg-fachbegriff\" data-tooltip=\"P\u0159ed\u00e1v\u00e1n\u00ed znalost\u00ed a p\u0159\u00edb\u011bh\u016f z generace na generaci.\" tabindex=\"0\">tradice<\/span> pou\u017e\u00edv\u00e1n.<\/p>\t\t\t\t\t\t\t\t<\/div>\n\t\t\t\t<\/div>\n\t\t\t\t<\/div>\n\t\t<div class=\"elementor-element elementor-element-iw-schutzkreuz-hero-img e-con-full e-flex e-con e-child\" data-id=\"iw-schutzkreuz-hero-img\" data-element_type=\"container\" data-e-type=\"container\">\n\t\t\t\t<div class=\"elementor-element elementor-element-iwgs-schutzkreuz-himg iwg-hero-image elementor-widget elementor-widget-image\" data-id=\"iwgs-schutzkreuz-himg\" data-element_type=\"widget\" data-e-type=\"widget\" data-widget_type=\"image.default\">\n\t\t\t\t\t\t\t\t\t\t\t\t\t\t\t<img fetchpriority=\"high\" decoding=\"async\" width=\"683\" height=\"1024\" src=\"https:\/\/iwell-guard.com\/wp-content\/uploads\/2026\/05\/schutzsymbol_christentum_schutzkreuz-683x1024.png\" class=\"attachment-large size-large wp-image-146987\" alt=\"K\u0159\u00ed\u017e jako ochrann\u00e9 znamen\u00ed, historicko-ilustrativn\u00ed\" srcset=\"https:\/\/iwell-guard.com\/wp-content\/uploads\/2026\/05\/schutzsymbol_christentum_schutzkreuz-683x1024.png 683w, https:\/\/iwell-guard.com\/wp-content\/uploads\/2026\/05\/schutzsymbol_christentum_schutzkreuz-200x300.png 200w, https:\/\/iwell-guard.com\/wp-content\/uploads\/2026\/05\/schutzsymbol_christentum_schutzkreuz-768x1152.png 768w, https:\/\/iwell-guard.com\/wp-content\/uploads\/2026\/05\/schutzsymbol_christentum_schutzkreuz.png 1024w\" sizes=\"(max-width: 683px) 100vw, 683px\" \/>\t\t\t\t\t\t\t\t\t\t\t\t\t\t\t<\/div>\n\t\t\t\t<\/div>\n\t\t\t\t\t<\/div>\n\t\t\t\t<\/div>\n\t\t<div class=\"elementor-element elementor-element-iwgs-schutzkreuz-s0 e-flex e-con-boxed e-con e-parent\" data-id=\"iwgs-schutzkreuz-s0\" data-element_type=\"container\" data-e-type=\"container\">\n\t\t\t\t\t<div class=\"e-con-inner\">\n\t\t\t\t<div class=\"elementor-element elementor-element-iwgs-schutzkreuz-s0h elementor-widget elementor-widget-heading\" data-id=\"iwgs-schutzkreuz-s0h\" data-element_type=\"widget\" data-e-type=\"widget\" data-widget_type=\"heading.default\">\n\t\t\t\t\t<h2 class=\"elementor-heading-title elementor-size-default\">Rychl\u00fd p\u0159ehled<\/h2>\t\t\t\t<\/div>\n\t\t<div class=\"elementor-element elementor-element-iw-schutzkreuz-s0-bw e-con-full e-flex e-con e-child\" data-id=\"iw-schutzkreuz-s0-bw\" data-element_type=\"container\" data-e-type=\"container\">\n\t\t\t\t<div class=\"elementor-element elementor-element-iwgs-schutzkreuz-s0t elementor-widget elementor-widget-text-editor\" data-id=\"iwgs-schutzkreuz-s0t\" data-element_type=\"widget\" data-e-type=\"widget\" data-widget_type=\"text-editor.default\">\n\t\t\t\t\t\t\t\t\t<p>V k\u0159es\u0165ansky utv\u00e1\u0159en\u00e9 evropsk\u00e9 <span class=\"iwg-fachbegriff\" data-tooltip=\"P\u0159ed\u00e1v\u00e1n\u00ed znalost\u00ed a p\u0159\u00edb\u011bh\u016f z generace na generaci.\" tabindex=\"0\">tradici<\/span> plat\u00ed znamen\u00ed k\u0159\u00ed\u017ee za jeden z nejmocn\u011bj\u0161\u00edch ochrann\u00fdch prost\u0159edk\u016f proti d\u00e9mon\u016fm, \u010f\u00e1bl\u016fm, up\u00edr\u016fm, duch\u016fm a u\u0159knut\u00ed. Jako gesto se d\u011bl\u00e1 na vlastn\u00ed \u010delo nebo hrudn\u00edk, jako znamen\u00ed se vyr\u00fdv\u00e1 do dve\u0159n\u00edch r\u00e1m\u016f, maluje na obil\u00ed a dobytek, na chleby a sudy, a dr\u017e\u00ed se nad um\u00edraj\u00edc\u00edmi.<\/p><p>Dlouho p\u0159ed k\u0159es\u0165anstv\u00edm se k\u0159\u00ed\u017ee objevuj\u00ed na hrobov\u00fdch p\u0159\u00eddavc\u00edch, na keramice a na st\u011bn\u00e1ch dom\u016f v mnoha kultur\u00e1ch, kter\u00e9 k\u0159\u00ed\u017ei jako z\u00e1kladn\u00edmu geometrick\u00e9mu tvaru p\u0159isuzovaly \u0159\u00e1dotvornou nebo ochrannou s\u00edlu. K\u0159es\u0165ansk\u00e9 znamen\u00ed k\u0159\u00ed\u017ee tyto star\u0161\u00ed vrstvy zes\u00edlilo a p\u0159epsalo, zachovalo si v\u0161ak jejich praktickou funkci: rychl\u00e9, kdykoli dostupn\u00e9 gesto ochrany.<\/p>\t\t\t\t\t\t\t\t<\/div>\n\t\t\t\t<\/div>\n\t\t\t\t\t<\/div>\n\t\t\t\t<\/div>\n\t\t<div class=\"elementor-element elementor-element-iwgs-schutzkreuz-s1 e-flex e-con-boxed e-con e-parent\" data-id=\"iwgs-schutzkreuz-s1\" data-element_type=\"container\" data-e-type=\"container\">\n\t\t\t\t\t<div class=\"e-con-inner\">\n\t\t\t\t<div class=\"elementor-element elementor-element-iwgs-schutzkreuz-s1h elementor-widget elementor-widget-heading\" data-id=\"iwgs-schutzkreuz-s1h\" data-element_type=\"widget\" data-e-type=\"widget\" data-widget_type=\"heading.default\">\n\t\t\t\t\t<h2 class=\"elementor-heading-title elementor-size-default\">P\u016fvod a tradice<\/h2>\t\t\t\t<\/div>\n\t\t<div class=\"elementor-element elementor-element-iw-schutzkreuz-s1-bw e-con-full e-flex e-con e-child\" data-id=\"iw-schutzkreuz-s1-bw\" data-element_type=\"container\" data-e-type=\"container\">\n\t\t\t\t<div class=\"elementor-element elementor-element-iwgs-schutzkreuz-s1t elementor-widget elementor-widget-text-editor\" data-id=\"iwgs-schutzkreuz-s1t\" data-element_type=\"widget\" data-e-type=\"widget\" data-widget_type=\"text-editor.default\">\n\t\t\t\t\t\t\t\t\t<p>Znamen\u00ed ve tvaru k\u0159\u00ed\u017ee se v kulturn\u00ed historii lidstva objevuj\u00ed tak daleko v minulosti, \u017ee nelze ur\u010dit jedin\u00fd p\u016fvod. Jednoduch\u00fd rovnoramenn\u00fd k\u0159\u00ed\u017e, svisl\u00e1 a vodorovn\u00e1 \u010d\u00e1ra, je jedn\u00edm z nejjednodu\u0161\u0161\u00edch geometrick\u00fdch tvar\u016f; vznikl nez\u00e1visle na v\u0161ech kontinentech. Apotropaick\u00e9 pou\u017eit\u00ed k\u0159\u00ed\u017ee v p\u0159edk\u0159es\u0165ansk\u00e9 Evrop\u011b je pro dobu bronzovou dolo\u017eeno hrobov\u00fdmi n\u00e1lezy.<\/p>\n<p>Zvl\u00e1\u0161tn\u00ed v\u00fdznam z\u00edsk\u00e1v\u00e1 znamen\u00ed k\u0159\u00ed\u017ee v antick\u00e9m kontextu jako slune\u010dn\u00ed symbol: kolov\u00fd k\u0159\u00ed\u017e se \u010dty\u0159mi stejn\u00fdmi rameny v kruhu se objevuje na bronzov\u00fdch kultovn\u00edch p\u0159edm\u011btech a na vozech norick\u00e9ho prostoru. Jeho spojen\u00ed se sluncem, \u0159\u00e1dotvornou a \u017eivot d\u00e1vaj\u00edc\u00ed silou, z n\u011bj \u010din\u00ed znamen\u00ed kosmick\u00e9ho \u0159\u00e1du proti chaosu.<\/p>\n<p>K\u0159es\u0165ansk\u00fd k\u0159\u00ed\u017e p\u0159id\u00e1v\u00e1 historicko-teologick\u00fd rozm\u011br: symbolizuje p\u0159ekon\u00e1n\u00ed smrti a zla utrpen\u00edm a zmrtv\u00fdchvst\u00e1n\u00edm Krista.<\/p><p>V ran\u011b k\u0159es\u0165ansk\u00e9 a st\u0159edov\u011bk\u00e9 <span class=\"iwg-fachbegriff\" data-tooltip=\"P\u0159ed\u00e1v\u00e1n\u00ed znalost\u00ed a p\u0159\u00edb\u011bh\u016f z generace na generaci.\" tabindex=\"0\">tradici<\/span> se tento teologick\u00fd v\u00fdznam p\u0159en\u00e1\u0161\u00ed p\u0159\u00edmo do ochrann\u00e9 praxe: k\u0159\u00ed\u017e zah\u00e1n\u00ed \u010f\u00e1bla a jeho pomocn\u00edky, proto\u017ee je znamen\u00edm jeho por\u00e1\u017eky. C\u00edrkevn\u00ed otcov\u00e9 i lidov\u00e1 v\u00edra sd\u00edlej\u00ed toto z\u00e1kladn\u00ed p\u0159esv\u011bd\u010den\u00ed, by\u0165 ve velmi odli\u0161n\u00e9 teologick\u00e9 hloubce.<\/p>\n<p>V lidov\u00e9 v\u00ed\u0159e st\u0159edov\u011bku a ran\u00e9ho novov\u011bku je znamen\u00ed k\u0159\u00ed\u017ee v\u0161udyp\u0159\u00edtomn\u00e9. \u0158emesln\u00edci ho vyr\u00fdvali do tr\u00e1m\u016f st\u0159echy, peka\u0159i ho razili do t\u011bsta na chleba, porodn\u00ed babky ho kreslily novorozenci na \u010delo, sedl\u00e1ci ho vpichovali do p\u016fdy nov\u011b oset\u00e9ho pole.<\/p><p>Tato praxe prob\u00edhala paraleln\u011b s ofici\u00e1ln\u00ed c\u00edrkevn\u00ed naukou a od n\u00ed byla \u010dasto jen t\u011b\u017eko rozli\u0161iteln\u00e1.<\/p>\t\t\t\t\t\t\t\t<\/div>\n\t\t\t\t<\/div>\n\t\t\t\t\t<\/div>\n\t\t\t\t<\/div>\n\t\t<div class=\"elementor-element elementor-element-iwgs-schutzkreuz-s2 e-flex e-con-boxed e-con e-parent\" data-id=\"iwgs-schutzkreuz-s2\" data-element_type=\"container\" data-e-type=\"container\">\n\t\t\t\t\t<div class=\"e-con-inner\">\n\t\t\t\t<div class=\"elementor-element elementor-element-iwgs-schutzkreuz-s2h elementor-widget elementor-widget-heading\" data-id=\"iwgs-schutzkreuz-s2h\" data-element_type=\"widget\" data-e-type=\"widget\" data-widget_type=\"heading.default\">\n\t\t\t\t\t<h2 class=\"elementor-heading-title elementor-size-default\">Princip p\u016fsoben\u00ed podle tradice<\/h2>\t\t\t\t<\/div>\n\t\t<div class=\"elementor-element elementor-element-iw-schutzkreuz-s2-bw e-con-full e-flex e-con e-child\" data-id=\"iw-schutzkreuz-s2-bw\" data-element_type=\"container\" data-e-type=\"container\">\n\t\t\t\t<div class=\"elementor-element elementor-element-iwgs-schutzkreuz-s2t elementor-widget elementor-widget-text-editor\" data-id=\"iwgs-schutzkreuz-s2t\" data-element_type=\"widget\" data-e-type=\"widget\" data-widget_type=\"text-editor.default\">\n\t\t\t\t\t\t\t\t\t<p><span class=\"iwg-fachbegriff\" data-tooltip=\"P\u0159ed\u00e1v\u00e1n\u00ed znalost\u00ed a p\u0159\u00edb\u011bh\u016f z generace na generaci.\" tabindex=\"0\">Tradice<\/span> zn\u00e1 n\u011bkolik vysv\u011btlen\u00ed \u00fa\u010dinku k\u0159\u00ed\u017ee, podle kontextu a tradice. V k\u0159es\u0165ansk\u00e9 lidov\u00e9 v\u00ed\u0159e dominuje p\u0159edstava, \u017ee k\u0159\u00ed\u017e p\u0159ipom\u00edn\u00e1 \u010f\u00e1blu a d\u00e9monick\u00fdm bytostem jejich p\u016fvod: byli p\u0159emo\u017eeni Kristem, k\u0159\u00ed\u017e je znamen\u00edm t\u00e9to por\u00e1\u017eky, a p\u0159i pohledu na toto znamen\u00ed mus\u00ed ustoupit.<\/p>\n<p>Star\u0161\u00ed vrstva vysv\u011btluje \u00fa\u010dinek geometricky: k\u0159\u00ed\u017e d\u011bl\u00ed prostor na \u010dty\u0159i stejn\u00e9 \u010d\u00e1sti a ozna\u010duje t\u00edm v\u0161echny \u010dty\u0159i sv\u011btov\u00e9 strany. Symbolicky prostor uzav\u00edr\u00e1, podobn\u011b jako pln\u011b zaji\u0161t\u011bn\u00fd \u010dtverec nezanech\u00e1v\u00e1 \u017e\u00e1dnou mezeru. Tato p\u0159edstava je nez\u00e1visl\u00e1 na k\u0159es\u0165ansk\u00e9m v\u00fdznamu; vyskytuje se v p\u0159edk\u0159es\u0165ansk\u00fdch kontextech i v nek\u0159es\u0165ansk\u00fdch kultur\u00e1ch.<\/p>\n<p>K tomu se p\u0159id\u00e1v\u00e1 p\u0159edstava pr\u016fse\u010d\u00edku: v k\u0159\u00ed\u017ei se setk\u00e1vaj\u00ed dv\u011b linie, a pr\u016fse\u010d\u00edky maj\u00ed v mnoha lidov\u00fdch tradic\u00edch zvl\u00e1\u0161tn\u00ed s\u00edlu, ochrannou i nebezpe\u010dnou. Pr\u00e1h, k\u0159i\u017eovatka cest a k\u0159\u00ed\u017eov\u00fd tr\u00e1m maj\u00ed stejn\u00fd charakter: jsou to p\u0159echodov\u00e1 m\u00edsta, kde se setk\u00e1vaj\u00ed s\u00edly.<\/p>\n<p>Gesto k\u0159\u00ed\u017ee, znamen\u00ed k\u0159\u00ed\u017ee na vlastn\u00ed osob\u011b nebo na p\u0159edm\u011btu, p\u0159en\u00e1\u0161\u00ed tuto s\u00edlu p\u0159\u00edmo na nositele nebo objekt. Gesto je rychle provediteln\u00e9, nevy\u017eaduje \u017e\u00e1dn\u00fd materi\u00e1l a je kdykoli dostupn\u00e9, co\u017e z n\u011bj d\u011bl\u00e1 jedno z nejroz\u0161\u00ed\u0159en\u011bj\u0161\u00edch ochrann\u00fdch \u00fakon\u016f v historii evropsk\u00e9 lidov\u00e9 v\u00edry.<\/p>\t\t\t\t\t\t\t\t<\/div>\n\t\t\t\t<\/div>\n\t\t\t\t\t<\/div>\n\t\t\t\t<\/div>\n\t\t<div class=\"elementor-element elementor-element-iwgs-schutzkreuz-s3 e-flex e-con-boxed e-con e-parent\" data-id=\"iwgs-schutzkreuz-s3\" data-element_type=\"container\" data-e-type=\"container\">\n\t\t\t\t\t<div class=\"e-con-inner\">\n\t\t\t\t<div class=\"elementor-element elementor-element-iwgs-schutzkreuz-s3h elementor-widget elementor-widget-heading\" data-id=\"iwgs-schutzkreuz-s3h\" data-element_type=\"widget\" data-e-type=\"widget\" data-widget_type=\"heading.default\">\n\t\t\t\t\t<h2 class=\"elementor-heading-title elementor-size-default\">Roz\u0161\u00ed\u0159en\u00ed nap\u0159\u00ed\u010d kulturami<\/h2>\t\t\t\t<\/div>\n\t\t<div class=\"elementor-element elementor-element-iw-schutzkreuz-s3-bw e-con-full e-flex e-con e-child\" data-id=\"iw-schutzkreuz-s3-bw\" data-element_type=\"container\" data-e-type=\"container\">\n\t\t\t\t<div class=\"elementor-element elementor-element-iwgs-schutzkreuz-s3t elementor-widget elementor-widget-text-editor\" data-id=\"iwgs-schutzkreuz-s3t\" data-element_type=\"widget\" data-e-type=\"widget\" data-widget_type=\"text-editor.default\">\n\t\t\t\t\t\t\t\t\t<p>Apotropaick\u00e9 vyu\u017eit\u00ed k\u0159\u00ed\u017ee je v Evrop\u011b dominantn\u011b ovlivn\u011bno k\u0159es\u0165anstv\u00edm, ale ve strukturn\u00edch obm\u011bn\u00e1ch se vyskytuje daleko za jeho hranicemi. V hinduistick\u00e9m kontextu je svastika, h\u00e1kov\u00fd k\u0159\u00ed\u017e, znamen\u00edm blahobytu a ochrany s kontinuitou trvaj\u00edc\u00ed tis\u00edcilet\u00ed; z\u00e1kladn\u00ed formou je rovnoramenn\u00fd k\u0159\u00ed\u017e se zahnut\u00fdmi konci. V buddhismu se toto znamen\u00ed objevuje na chr\u00e1mech jako znak \u0161t\u011bst\u00ed a ochrany.<\/p>\n<p>V indi\u00e1nsk\u00fdch kultur\u00e1ch Severn\u00ed Ameriky je rovnoramenn\u00fd k\u0159\u00ed\u017e roz\u0161\u00ed\u0159en jako znamen\u00ed sv\u011btov\u00fdch stran: uspo\u0159\u00e1d\u00e1v\u00e1 prostor podle \u010dty\u0159 sm\u011br\u016f a symbolizuje kosmickou \u00faplnost. P\u0159\u00edm\u00e1 souvislost s evropskou lidovou v\u00edrou neexistuje; jde o paraleln\u00ed v\u00fdvoj.<\/p>\n<p>V etiopsko-ortodoxn\u00ed tradici je k\u0159\u00ed\u017e dominantn\u00edm ochrann\u00fdm symbolem a objevuje se na amuletech, procesn\u00edch k\u0159\u00ed\u017e\u00edch a vchodech dom\u016f v nep\u0159ebern\u00e9m mno\u017estv\u00ed forem, kter\u00e9 svou pestrost\u00ed p\u0159esahuj\u00ed evropskou tvarovou rozmanitost. Apotropaick\u00e9 vyu\u017eit\u00ed je tam \u017eiv\u00e9 dodnes a nen\u00ed omezeno na soukromou lidovou v\u00edru, ale je zakotveno c\u00edrkevn\u011b.<\/p>\n<p>V isl\u00e1msk\u00e9m kulturn\u00edm prostoru nehraje k\u0159\u00ed\u017e jako takov\u00fd ochrannou roli, av\u0161ak strukturn\u011b p\u0159\u00edbuzn\u00e1 znamen\u00ed, kter\u00e1 uspo\u0159\u00e1d\u00e1vaj\u00ed prostor do \u010dty\u0159 \u010d\u00e1st\u00ed, se vyskytuj\u00ed v arabsk\u00fdch n\u00e1pisech na <span class=\"iwg-fachbegriff\" data-tooltip=\"No\u0161en\u00fd p\u0159edm\u011bt, kter\u00e9mu je p\u0159ipisov\u00e1n ochrann\u00fd, zlo odvracej\u00edc\u00ed \u00fa\u010dinek.\" tabindex=\"0\">amuletech<\/span>.<\/p>\t\t\t\t\t\t\t\t<\/div>\n\t\t\t\t<\/div>\n\t\t\t\t\t<\/div>\n\t\t\t\t<\/div>\n\t\t<div class=\"elementor-element elementor-element-iwgs-schutzkreuz-s4 e-flex e-con-boxed e-con e-parent\" data-id=\"iwgs-schutzkreuz-s4\" data-element_type=\"container\" data-e-type=\"container\">\n\t\t\t\t\t<div class=\"e-con-inner\">\n\t\t\t\t<div class=\"elementor-element elementor-element-iwgs-schutzkreuz-s4h elementor-widget elementor-widget-heading\" data-id=\"iwgs-schutzkreuz-s4h\" data-element_type=\"widget\" data-e-type=\"widget\" data-widget_type=\"heading.default\">\n\t\t\t\t\t<h2 class=\"elementor-heading-title elementor-size-default\">Proti \u010demu se pou\u017e\u00edv\u00e1<\/h2>\t\t\t\t<\/div>\n\t\t<div class=\"elementor-element elementor-element-iw-schutzkreuz-s4-bw e-con-full e-flex e-con e-child\" data-id=\"iw-schutzkreuz-s4-bw\" data-element_type=\"container\" data-e-type=\"container\">\n\t\t\t\t<div class=\"elementor-element elementor-element-iwgs-schutzkreuz-s4t elementor-widget elementor-widget-text-editor\" data-id=\"iwgs-schutzkreuz-s4t\" data-element_type=\"widget\" data-e-type=\"widget\" data-widget_type=\"text-editor.default\">\n\t\t\t\t\t\t\t\t\t<p>V evropsk\u00e9 lidov\u00e9 tradici byl k\u0159\u00ed\u017e jako ochrann\u00e9 znamen\u00ed nam\u00ed\u0159en proti n\u00e1sleduj\u00edc\u00edm bytostem a hrozb\u00e1m:<\/p>\n<ul>\n<li>\u010e\u00e1bl\u016fm a d\u00e9mon\u016fm v k\u0159es\u0165ansk\u00e9m smyslu, tedy bytostem z oblasti zla, jim\u017e k\u0159es\u0165ansk\u00e1 <span class=\"iwg-fachbegriff\" data-tooltip=\"V\u011bdeck\u00e1 nauka o Bohu a v\u00ed\u0159e dan\u00e9ho n\u00e1bo\u017eenstv\u00ed.\" tabindex=\"0\">teologie<\/span> p\u0159izn\u00e1vala vlastn\u00ed existenci.<\/li>\n<li>Up\u00edr\u016fm a mrtv\u00fdm vracej\u00edc\u00edm se ze z\u00e1hrob\u00ed: V v\u00fdchodoevropsk\u00e9 lidov\u00e9 tradici, zejm\u00e9na v jihoslovansk\u00e9, rumunsk\u00e9 a ma\u010farsk\u00e9 oblasti, pat\u0159\u00ed k\u0159\u00ed\u017e k nejd\u016fle\u017eit\u011bj\u0161\u00edm prost\u0159edk\u016fm proti up\u00edrovi (revenantovi), a to spolu s \u010desnekem a kol\u00edkem.<\/li>\n<li>\u010carod\u011bjnic\u00edm a nositel\u016fm \u0161kodliv\u00e9ho kouzla: K\u0159\u00ed\u017e nad prahem dve\u0159\u00ed, vyryt\u00fd do dve\u0159n\u00edch r\u00e1m\u016f nebo um\u00edst\u011bn\u00fd na potravin\u00e1ch, m\u011bl \u010darod\u011bjnic\u00edm zabr\u00e1nit ve vstupu nebo odvr\u00e1tit jejich \u0161kodliv\u00e9 p\u016fsoben\u00ed.<\/li>\n<li>U\u0159knut\u00ed a z\u00e1vistiv\u00e9mu \u0161kodliv\u00e9mu kouzlu: Rychl\u00e9 pok\u0159i\u017eov\u00e1n\u00ed p\u0159i setk\u00e1n\u00ed s osobou nebo situac\u00ed pokl\u00e1danou za neblahou slou\u017eilo jako okam\u017eit\u00e1 ochrana.<\/li>\n<li>Duch\u016fm a du\u0161\u00edm zem\u0159el\u00fdch, kte\u0159\u00ed z\u016fst\u00e1vali neklidn\u00ed a mohli \u0161kodit \u017eiv\u00fdm: K\u0159\u00ed\u017ee na hrobech a u vchod\u016f do dom\u016f m\u011bly takov\u00e9 du\u0161e udr\u017eet na jejich m\u00edst\u011b.<\/li>\n<\/ul>\t\t\t\t\t\t\t\t<\/div>\n\t\t\t\t<\/div>\n\t\t\t\t\t<\/div>\n\t\t\t\t<\/div>\n\t\t<div class=\"elementor-element elementor-element-iwgs-schutzkreuz-s5 e-flex e-con-boxed e-con e-parent\" data-id=\"iwgs-schutzkreuz-s5\" data-element_type=\"container\" data-e-type=\"container\">\n\t\t\t\t\t<div class=\"e-con-inner\">\n\t\t\t\t<div class=\"elementor-element elementor-element-iwgs-schutzkreuz-s5h elementor-widget elementor-widget-heading\" data-id=\"iwgs-schutzkreuz-s5h\" data-element_type=\"widget\" data-e-type=\"widget\" data-widget_type=\"heading.default\">\n\t\t\t\t\t<h2 class=\"elementor-heading-title elementor-size-default\">Pou\u017eit\u00ed a hranice<\/h2>\t\t\t\t<\/div>\n\t\t<div class=\"elementor-element elementor-element-iw-schutzkreuz-s5-bw e-con-full e-flex e-con e-child\" data-id=\"iw-schutzkreuz-s5-bw\" data-element_type=\"container\" data-e-type=\"container\">\n\t\t\t\t<div class=\"elementor-element elementor-element-iwgs-schutzkreuz-s5t elementor-widget elementor-widget-text-editor\" data-id=\"iwgs-schutzkreuz-s5t\" data-element_type=\"widget\" data-e-type=\"widget\" data-widget_type=\"text-editor.default\">\n\t\t\t\t\t\t\t\t\t<p>Formy pou\u017eit\u00ed k\u0159\u00ed\u017ee jako ochrann\u00e9ho znamen\u00ed jsou nesm\u00edrn\u011b rozmanit\u00e9. Trvale vyryt nebo namalov\u00e1n se objevuje na tr\u00e1mech, dve\u0159n\u00edch r\u00e1mech, okenn\u00edch parapetech, st\u011bn\u00e1ch st\u00e1j\u00ed, truhl\u00e1ch a na zem\u011bd\u011blsk\u00e9m n\u00e1\u0159ad\u00ed. Jako prahov\u00e9 znamen\u00ed slou\u017e\u00ed k zaji\u0161t\u011bn\u00ed vchodu. Um\u00edst\u011bn na jedl\u00fdch p\u0159edm\u011btech, jako je chl\u00e9b a m\u00e1slo, chr\u00e1n\u00ed proti u\u0159knut\u00ed potravy.<\/p>\n<p>Jako situa\u010dn\u00ed gesto chr\u00e1n\u00ed pok\u0159i\u017eov\u00e1n\u00ed osobu v konkr\u00e9tn\u00edm okam\u017eiku: p\u0159i vstupu na podez\u0159el\u00e9 m\u00edsto, p\u0159i probuzen\u00ed z no\u010dn\u00ed hr\u016fzy, p\u0159i zaslechnut\u00ed stra\u0161ideln\u00fdch zvuk\u016f. Toto pou\u017eit\u00ed je \u017eiv\u00e9 v zbo\u017en\u00fdch dom\u00e1cnostech dodnes a nepova\u017euje se za pov\u011bre\u010dn\u00e9, ale za modlitebn\u00ed gesto.<\/p>\n<p>V lidov\u00e9 v\u00ed\u0159e, kter\u00e1 \u0161la nad r\u00e1mec toho, co bylo teologicky schv\u00e1leno, se pou\u017e\u00edvaly i specifi\u010dt\u011bj\u0161\u00ed formy: trojn\u00e1sobn\u00fd k\u0159\u00ed\u017e na \u010dele d\u00edt\u011bte, k\u0159\u00ed\u017e z palmov\u00fdch ratolest\u00ed, posv\u011bcen\u00fd k\u0159\u00ed\u017e na Popele\u010dn\u00ed st\u0159edu. Takov\u00e9 spojen\u00ed tvaru k\u0159\u00ed\u017ee s c\u00edrkevn\u00edm <span class=\"iwg-fachbegriff\" data-tooltip=\"Vysloven\u00ed p\u0159\u00e1n\u00ed zdrav\u00ed a ochrany, \u010dasto v pevn\u00e9 jazykov\u00e9 form\u011b.\" tabindex=\"0\">po\u017eehn\u00e1n\u00edm<\/span> platilo za obzvl\u00e1\u0161\u0165 \u00fa\u010dinn\u00e9.<\/p>\n<p><span class=\"iwg-fachbegriff\" data-tooltip=\"P\u0159ed\u00e1v\u00e1n\u00ed znalost\u00ed a vypr\u00e1v\u011bn\u00ed mezi generacemi.\" tabindex=\"0\">Tradice<\/span> sama zn\u00e1 i sv\u00e9 hranice: Znamen\u00ed k\u0159\u00ed\u017ee u\u010din\u011bn\u00e9 bez v\u00edry nebo se zl\u00fdm \u00famyslem platilo v lidov\u00e9m zbo\u017en\u00e9m my\u0161len\u00ed za m\u00e9n\u011b \u00fa\u010dinn\u00e9, nebo dokonce za ne\u00fa\u010dinn\u00e9.<\/p><p>I znamen\u00ed k\u0159\u00ed\u017ee vyryt\u00e9 nebo namalovan\u00e9 na d\u0159ev\u011b podle <span class=\"iwg-fachbegriff\" data-tooltip=\"P\u0159ed\u00e1v\u00e1n\u00ed znalost\u00ed a vypr\u00e1v\u011bn\u00ed mezi generacemi.\" tabindex=\"0\">tradice<\/span> ztr\u00e1cela svou \u00fa\u010dinnost, kdy\u017e byla po\u0161kozen\u00e1, vybledl\u00e1 nebo zv\u011btral\u00e1. V n\u011bkter\u00fdch region\u00e1ln\u00edch tradic\u00edch musel b\u00fdt k\u0159\u00ed\u017e obnovov\u00e1n ka\u017edoro\u010dn\u011b, nap\u0159\u00edklad k ur\u010dit\u00fdm c\u00edrkevn\u00edm sv\u00e1tk\u016fm.<\/p>\t\t\t\t\t\t\t\t<\/div>\n\t\t\t\t<\/div>\n\t\t\t\t\t<\/div>\n\t\t\t\t<\/div>\n\t\t<div class=\"elementor-element elementor-element-iwgs-schutzkreuz-lit e-flex e-con-boxed e-con e-parent\" data-id=\"iwgs-schutzkreuz-lit\" data-element_type=\"container\" data-e-type=\"container\">\n\t\t\t\t\t<div class=\"e-con-inner\">\n\t\t\t\t<div class=\"elementor-element elementor-element-iwgs-schutzkreuz-lith elementor-widget elementor-widget-heading\" data-id=\"iwgs-schutzkreuz-lith\" data-element_type=\"widget\" data-e-type=\"widget\" data-widget_type=\"heading.default\">\n\t\t\t\t\t<h2 class=\"elementor-heading-title elementor-size-default\">Literatura (v\u00fdb\u011br)<\/h2>\t\t\t\t<\/div>\n\t\t<div class=\"elementor-element elementor-element-iw-schutzkreuz-lit-bw e-con-full e-flex e-con e-child\" data-id=\"iw-schutzkreuz-lit-bw\" data-element_type=\"container\" data-e-type=\"container\">\n\t\t\t\t<div class=\"elementor-element elementor-element-iwgs-schutzkreuz-litt elementor-widget elementor-widget-html\" data-id=\"iwgs-schutzkreuz-litt\" data-element_type=\"widget\" data-e-type=\"widget\" data-widget_type=\"html.default\">\n\t\t\t\t\t<footer data-nosnippet=\"true\"><ul><li>B\u00e4chtold-St\u00e4ubli, Hanns (Hrsg.): Handw\u00f6rterbuch des deutschen Aberglaubens. De Gruyter, Berlin, 1927-1942. Artikel \"Kreuz\", \"Kreuzzeichen\", \"Bekreuzigen\".<\/li><li>Dinzelbacher, Peter (Hrsg.): Europ\u00e4ische Mentalit\u00e4tsgeschichte. Kr\u00f6ner, Stuttgart, 1993.<\/li><li>P\u00f3cs, \u00c9va: Between the Living and the Dead. A Perspective on Witches and Seers in the Early Modern Age. Central European University Press, Budapest, 1999.<\/li><li>Klaniczay, G\u00e1bor: The Uses of Supernatural Power. The Transformation of Popular Religion in Medieval and Early-Modern Europe. Princeton University Press, Princeton, 1990.<\/li><li>Lurker, Manfred: W\u00f6rterbuch der Symbolik. 5. Auflage, Kr\u00f6ner, Stuttgart, 1991.<\/li><\/ul><\/footer>\t\t\t\t<\/div>\n\t\t\t\t<\/div>\n\t\t\t\t\t<\/div>\n\t\t\t\t<\/div>\n\t\t<div class=\"elementor-element elementor-element-iwgs-schutzkreuz-kwd e-flex e-con-boxed e-con e-parent\" data-id=\"iwgs-schutzkreuz-kwd\" data-element_type=\"container\" data-e-type=\"container\">\n\t\t\t\t\t<div class=\"e-con-inner\">\n\t\t<div class=\"elementor-element elementor-element-iw-schutzkreuz-kwd-bw e-con-full e-flex e-con e-child\" data-id=\"iw-schutzkreuz-kwd-bw\" data-element_type=\"container\" data-e-type=\"container\">\n\t\t\t\t<div class=\"elementor-element elementor-element-iwgs-schutzkreuz-kwdt elementor-widget elementor-widget-text-editor\" data-id=\"iwgs-schutzkreuz-kwdt\" data-element_type=\"widget\" data-e-type=\"widget\" data-widget_type=\"text-editor.default\">\n\t\t\t\t\t\t\t\t\t<p><em>P\u0159\u00edbuzn\u00e9 kl\u00ed\u010dov\u00e9 pojmy: k\u0159\u00ed\u017e ochrann\u00e9 znamen\u00ed znamen\u00ed k\u0159\u00ed\u017ee apotropaick\u00fd odvracen\u00ed d\u00e9mon\u016f.<\/em><\/p>\t\t\t\t\t\t\t\t<\/div>\n\t\t\t\t<\/div>\n\t\t\t\t\t<\/div>\n\t\t\t\t<\/div>\n\t\t<div class=\"elementor-element elementor-element-iwgs-schutzkreuz-cc e-flex e-con-boxed e-con e-parent\" data-id=\"iwgs-schutzkreuz-cc\" data-element_type=\"container\" data-e-type=\"container\" id=\"iwg-cc-schutzkreuz\">\n\t\t\t\t\t<div class=\"e-con-inner\">\n\t\t<div class=\"elementor-element elementor-element-iwgs-schutzkreuz-ccinner e-flex e-con-boxed e-con e-parent\" data-id=\"iwgs-schutzkreuz-ccinner\" data-element_type=\"container\" data-e-type=\"container\" data-settings=\"{&quot;background_background&quot;:&quot;classic&quot;}\">\n\t\t\t\t\t<div class=\"e-con-inner\">\n\t\t\t\t<div class=\"elementor-element elementor-element-iwgs-schutzkreuz-cch elementor-widget elementor-widget-heading\" data-id=\"iwgs-schutzkreuz-cch\" data-element_type=\"widget\" data-e-type=\"widget\" data-widget_type=\"heading.default\">\n\t\t\t\t\t<h2 class=\"elementor-heading-title elementor-size-default\">iWell Guard a ochrann\u00e9 tradice<\/h2>\t\t\t\t<\/div>\n\t\t\t\t<div class=\"elementor-element elementor-element-iwgs-schutzkreuz-cct elementor-widget elementor-widget-text-editor\" data-id=\"iwgs-schutzkreuz-cct\" data-element_type=\"widget\" data-e-type=\"widget\" data-widget_type=\"text-editor.default\">\n\t\t\t\t\t\t\t\t\t<p>K\u0159\u00ed\u017e jako ochrann\u00e9 znamen\u00ed p\u0159edstavuje princip formy, kter\u00e1 uspo\u0159\u00e1d\u00e1v\u00e1 prostor a stanovuje hranice: rozd\u011bluje, uzav\u00edr\u00e1 a ozna\u010duje. To, co k\u0159es\u0165ansk\u00e1 tradice postavila do pop\u0159ed\u00ed, tedy znamen\u00ed p\u0159ekon\u00e1n\u00ed, existovalo ji\u017e ve star\u0161\u00ed vrstv\u011b jako znamen\u00ed \u00fapln\u00e9ho \u0159\u00e1du.<\/p>\n<p><a href=\"https:\/\/iwell-guard.com\/cs\/koupit-ochranny-privesek-iwell-guard\/\">iWell Guard<\/a> spojuje tuto p\u0159edstavu s prvky z jin\u00fdch ochrann\u00fdch tradi\u010dn\u00edch lini\u00ed. Nejde o n\u00e1bo\u017eensk\u00fd <span class=\"iwg-fachbegriff\" data-tooltip=\"Znamen\u00ed, kter\u00e9 zastupuje ur\u010ditou p\u0159edstavu nebo v\u00fdznam.\" tabindex=\"0\">symbol<\/span>, ale o synt\u00e9zu: znamen\u00ed, kter\u00e9 p\u0159ej\u00edm\u00e1 spole\u010dn\u00e9 z\u00e1kladn\u00ed p\u0159esv\u011bd\u010den\u00ed mnoha kultur, \u017ee no\u0161en\u00e9 znamen\u00ed s jasn\u00fdm z\u00e1m\u011brem udr\u017euje spojen\u00ed s ochrannou tradic\u00ed. V\u00edce o tom, jak se r\u016fzn\u00e1 znamen\u00ed a kultury spojuj\u00ed, najdete v sekci <a href=\"https:\/\/iwell-guard.com\/cs\/?page_id=145803\">Kompas ochrany<\/a>.<\/p>\t\t\t\t\t\t\t\t<\/div>\n\t\t\t\t<div class=\"elementor-element elementor-element-iwgs-schutzkreuz-ccb iwg-cc-button iwg-cc-cta-2026-05-13 elementor-widget elementor-widget-jet-button\" data-id=\"iwgs-schutzkreuz-ccb\" data-element_type=\"widget\" data-e-type=\"widget\" data-widget_type=\"jet-button.default\">\n\t\t\t\t<div class=\"elementor-widget-container\">\n\t\t\t\t\t<div class=\"elementor-jet-button jet-elements\"><div class=\"jet-button__container\"><a class=\"jet-button__instance jet-button__instance--icon-left hover-effect-1\" href=\"\/schutzanhaenger-iwell-guard-kaufen\/?utm_source=iwell-guard.com&amp;utm_medium=info-box&amp;utm_campaign=schutzsymbole\"><div class=\"jet-button__plane jet-button__plane-normal\"><\/div><div class=\"jet-button__plane jet-button__plane-hover\"><\/div><div class=\"jet-button__state jet-button__state-normal\"><span class=\"jet-button__label\">V\u00edce o iWell Guard<\/span><\/div><div class=\"jet-button__state jet-button__state-hover\"><span class=\"jet-button__label\">V\u00edce o iWell Guard<\/span><\/div><\/a><\/div><\/div><style>.elementor-element.elementor-element-iwgs-schutzkreuz-ccb .jet-button__instance{width:320px;height:56px;}.elementor-element.elementor-element-iwgs-schutzkreuz-ccb .jet-button__state-normal .jet-button__label{text-align:center;margin:0px 0px 0px 0px;color:#1a1b20;font-family:Montserrat,sans-serif;font-size:13px;font-weight:400;letter-spacing:4px;line-height:1.714em;text-transform:uppercase;}.elementor-element.elementor-element-iwgs-schutzkreuz-ccb .jet-button__state-hover .jet-button__label{text-align:center;margin:0px 0px 0px 0px;color:#FECC76;font-family:Montserrat,sans-serif;font-size:13px;font-weight:400;letter-spacing:4px;line-height:1.714em;text-transform:uppercase;}.elementor-element.elementor-element-iwgs-schutzkreuz-ccb .jet-button__plane-normal{background-color:#FECC76;border-style:solid;border-color:#C99540;border-width:2px 2px 2px 2px;}.elementor-element.elementor-element-iwgs-schutzkreuz-ccb .jet-button__plane-hover{background-color:rgba(0,0,0,0.55);border-style:solid;border-color:#FECC76;border-width:2px 2px 2px 2px;}<\/style>\t\t\t\t<\/div>\n\t\t\t\t<\/div>\n\t\t\t\t<div class=\"elementor-element elementor-element-iwgs-schutzkreuz-ccd elementor-widget elementor-widget-text-editor\" data-id=\"iwgs-schutzkreuz-ccd\" data-element_type=\"widget\" data-e-type=\"widget\" data-widget_type=\"text-editor.default\">\n\t\t\t\t\t\t\t\t\t<p style=\"text-align:center;font-size:13px;opacity:0.7;margin-top:14px\" data-nosnippet=\"true\">Osobn\u00ed zku\u0161enosti se mohou li\u0161it. Nejde o zdravotnick\u00fd prost\u0159edek. Nejde o p\u0159\u00edslib l\u00e9\u010den\u00ed.<\/p>\t\t\t\t\t\t\t\t<\/div>\n\t\t\t\t\t<\/div>\n\t\t\t\t<\/div>\n\t\t\t\t\t<\/div>\n\t\t\t\t<\/div>\n\t\t<div class=\"elementor-element elementor-element-iwgs-schutzkreuz-disc e-flex e-con-boxed e-con e-parent\" data-id=\"iwgs-schutzkreuz-disc\" data-element_type=\"container\" data-e-type=\"container\">\n\t\t\t\t\t<div class=\"e-con-inner\">\n\t\t<div class=\"elementor-element elementor-element-iw-schutzkreuz-disc-bw e-con-full e-flex e-con e-child\" data-id=\"iw-schutzkreuz-disc-bw\" data-element_type=\"container\" data-e-type=\"container\">\n\t\t\t\t<div class=\"elementor-element elementor-element-iwgs-schutzkreuz-discw elementor-widget elementor-widget-html\" data-id=\"iwgs-schutzkreuz-discw\" data-element_type=\"widget\" data-e-type=\"widget\" data-widget_type=\"html.default\">\n\t\t\t\t\t<footer data-nosnippet=\"true\" class=\"iwg-disclaimer-block\"><p data-nosnippet=\"true\">iWell Guard <strong>nen\u00ed zdravotnick\u00fd prost\u0159edek<\/strong> a nenahrazuje l\u00e9ka\u0159skou ani psychoterapeutickou l\u00e9\u010dbu. Zde uveden\u00fd obsah p\u0159edstavuje religionistick\u00e9 a kulturn\u011b-historick\u00e9 za\u0159azen\u00ed, nikoli p\u0159\u00edslib duchovn\u00edho \u00fa\u010dinku.<\/p><\/footer>\t\t\t\t<\/div>\n\t\t\t\t<\/div>\n\t\t\t\t\t<\/div>\n\t\t\t\t<\/div>\n\t\t\t\t<\/div>\n\t\t","protected":false},"excerpt":{"rendered":"","protected":false},"author":3,"featured_media":4106,"parent":0,"menu_order":0,"comment_status":"closed","ping_status":"closed","template":"elementor_header_footer","meta":{"_yoast_wpseo_focuskw":"k\u0159\u00ed\u017e ochrann\u00e9 znamen\u00ed","_yoast_wpseo_title":"K\u0159\u00ed\u017e jako ochrann\u00e9 znamen\u00ed proti d\u00e9mon\u016fm","_yoast_wpseo_metadesc":"Od prahov\u00e9ho k\u0159\u00ed\u017ee po gesto: jak tradice pou\u017e\u00edv\u00e1 k\u0159\u00ed\u017e jako ochrann\u00e9 znamen\u00ed proti d\u00e9mon\u016fm, duch\u016fm a u\u0159knut\u00ed.","_yoast_wpseo_meta-robots-noindex":"","_yoast_wpseo_canonical":"","_angie_page":false,"gefaehrdungsstufe":"","wesen_kultur":"","wesen_klasse":"","footnotes":""},"categories":[],"class_list":["post-145808","page","type-page","status-publish","has-post-thumbnail","hentry"],"yoast_head":"<!-- This site is optimized with the Yoast SEO Premium plugin v27.7 (Yoast SEO v28.3) - https:\/\/yoast.com\/product\/yoast-seo-premium-wordpress\/ -->\n<title>K\u0159\u00ed\u017e jako ochrann\u00e9 znamen\u00ed proti d\u00e9mon\u016fm<\/title>\n<meta name=\"description\" content=\"Od prahov\u00e9ho k\u0159\u00ed\u017ee po gesto: jak tradice pou\u017e\u00edv\u00e1 k\u0159\u00ed\u017e jako ochrann\u00e9 znamen\u00ed proti d\u00e9mon\u016fm, duch\u016fm a u\u0159knut\u00ed.\" \/>\n<meta name=\"robots\" content=\"index, follow, max-snippet:-1, max-image-preview:large, max-video-preview:-1\" \/>\n<link rel=\"canonical\" href=\"https:\/\/iwell-guard.com\/cs\/kriz-jako-ochranne-znameni\/\" \/>\n<meta property=\"og:locale\" content=\"cs_CZ\" \/>\n<meta property=\"og:type\" content=\"article\" \/>\n<meta property=\"og:title\" content=\"K\u0159\u00ed\u017e jako ochrann\u00e9 znamen\u00ed\" \/>\n<meta property=\"og:description\" content=\"Od prahov\u00e9ho k\u0159\u00ed\u017ee po gesto: jak tradice pou\u017e\u00edv\u00e1 k\u0159\u00ed\u017e jako ochrann\u00e9 znamen\u00ed proti d\u00e9mon\u016fm, duch\u016fm a u\u0159knut\u00ed.\" \/>\n<meta property=\"og:url\" content=\"https:\/\/iwell-guard.com\/cs\/kriz-jako-ochranne-znameni\/\" \/>\n<meta property=\"og:site_name\" content=\"iWell Guard\" \/>\n<meta property=\"article:modified_time\" content=\"2026-09-03T17:06:19+00:00\" \/>\n<meta property=\"og:image\" content=\"https:\/\/iwell-guard.com\/wp-content\/uploads\/2026\/05\/schutzsymbol_christentum_schutzkreuz.png\" \/>\n\t<meta property=\"og:image:width\" content=\"1024\" \/>\n\t<meta property=\"og:image:height\" content=\"1536\" \/>\n\t<meta property=\"og:image:type\" content=\"image\/png\" \/>\n<meta name=\"twitter:card\" content=\"summary_large_image\" \/>\n<script type=\"application\/ld+json\" class=\"yoast-schema-graph\">{\"@context\":\"https:\\\/\\\/schema.org\",\"@graph\":[{\"@type\":\"WebPage\",\"@id\":\"https:\\\/\\\/iwell-guard.com\\\/cs\\\/kriz-jako-ochranne-znameni\\\/\",\"url\":\"https:\\\/\\\/iwell-guard.com\\\/cs\\\/kriz-jako-ochranne-znameni\\\/\",\"name\":\"K\u0159\u00ed\u017e jako ochrann\u00e9 znamen\u00ed proti d\u00e9mon\u016fm\",\"isPartOf\":{\"@id\":\"https:\\\/\\\/iwell-guard.com\\\/cs\\\/#website\"},\"primaryImageOfPage\":{\"@id\":\"https:\\\/\\\/iwell-guard.com\\\/cs\\\/kriz-jako-ochranne-znameni\\\/#primaryimage\"},\"image\":{\"@id\":\"https:\\\/\\\/iwell-guard.com\\\/cs\\\/kriz-jako-ochranne-znameni\\\/#primaryimage\"},\"thumbnailUrl\":\"https:\\\/\\\/iwell-guard.com\\\/wp-content\\\/uploads\\\/2026\\\/05\\\/schutzsymbol_christentum_schutzkreuz.png\",\"datePublished\":\"2026-09-03T16:33:53+00:00\",\"dateModified\":\"2026-09-03T17:06:19+00:00\",\"description\":\"Od prahov\u00e9ho k\u0159\u00ed\u017ee po gesto: jak tradice pou\u017e\u00edv\u00e1 k\u0159\u00ed\u017e jako ochrann\u00e9 znamen\u00ed proti d\u00e9mon\u016fm, duch\u016fm a u\u0159knut\u00ed.\",\"breadcrumb\":{\"@id\":\"https:\\\/\\\/iwell-guard.com\\\/cs\\\/kriz-jako-ochranne-znameni\\\/#breadcrumb\"},\"inLanguage\":\"cs\",\"potentialAction\":[{\"@type\":\"ReadAction\",\"target\":[\"https:\\\/\\\/iwell-guard.com\\\/cs\\\/kriz-jako-ochranne-znameni\\\/\"]}]},{\"@type\":\"ImageObject\",\"inLanguage\":\"cs\",\"@id\":\"https:\\\/\\\/iwell-guard.com\\\/cs\\\/kriz-jako-ochranne-znameni\\\/#primaryimage\",\"url\":\"https:\\\/\\\/iwell-guard.com\\\/wp-content\\\/uploads\\\/2026\\\/05\\\/schutzsymbol_christentum_schutzkreuz.png\",\"contentUrl\":\"https:\\\/\\\/iwell-guard.com\\\/wp-content\\\/uploads\\\/2026\\\/05\\\/schutzsymbol_christentum_schutzkreuz.png\",\"width\":1024,\"height\":1536,\"caption\":\"K\u0159\u00ed\u017e jako ochrann\u00e9 znamen\u00ed, historicko-ilustrativn\u00ed\"},{\"@type\":\"BreadcrumbList\",\"@id\":\"https:\\\/\\\/iwell-guard.com\\\/cs\\\/kriz-jako-ochranne-znameni\\\/#breadcrumb\",\"itemListElement\":[{\"@type\":\"ListItem\",\"position\":1,\"name\":\"Start\",\"item\":\"https:\\\/\\\/iwell-guard.com\\\/cs\\\/?page_id=145107\"},{\"@type\":\"ListItem\",\"position\":2,\"name\":\"K\u0159\u00ed\u017e jako ochrann\u00e9 znamen\u00ed\"}]},{\"@type\":\"WebSite\",\"@id\":\"https:\\\/\\\/iwell-guard.com\\\/cs\\\/#website\",\"url\":\"https:\\\/\\\/iwell-guard.com\\\/cs\\\/\",\"name\":\"iWell Guard\",\"description\":\"Schutz vor dunklen Einfl\u00fcssen\",\"publisher\":{\"@id\":\"https:\\\/\\\/iwell-guard.com\\\/cs\\\/#organization\"},\"potentialAction\":[{\"@type\":\"SearchAction\",\"target\":{\"@type\":\"EntryPoint\",\"urlTemplate\":\"https:\\\/\\\/iwell-guard.com\\\/cs\\\/?s={search_term_string}\"},\"query-input\":{\"@type\":\"PropertyValueSpecification\",\"valueRequired\":true,\"valueName\":\"search_term_string\"}}],\"inLanguage\":\"cs\"},{\"@type\":\"Organization\",\"@id\":\"https:\\\/\\\/iwell-guard.com\\\/cs\\\/#organization\",\"name\":\"Ittermann electronic GmbH\",\"url\":\"https:\\\/\\\/iwell-guard.com\\\/cs\\\/\",\"logo\":{\"@type\":\"ImageObject\",\"inLanguage\":\"cs\",\"@id\":\"https:\\\/\\\/iwell-guard.com\\\/cs\\\/#\\\/schema\\\/logo\\\/image\\\/\",\"url\":\"https:\\\/\\\/iwell-guard.com\\\/wp-content\\\/uploads\\\/2026\\\/05\\\/Ittermann-Logo-1182x237-1.png\",\"contentUrl\":\"https:\\\/\\\/iwell-guard.com\\\/wp-content\\\/uploads\\\/2026\\\/05\\\/Ittermann-Logo-1182x237-1.png\",\"width\":1182,\"height\":237,\"caption\":\"Ittermann electronic GmbH\"},\"image\":{\"@id\":\"https:\\\/\\\/iwell-guard.com\\\/cs\\\/#\\\/schema\\\/logo\\\/image\\\/\"},\"sameAs\":[\"https:\\\/\\\/pantip.com\\\/profile\\\/9367242\",\"https:\\\/\\\/micro.blog\\\/iwellguard\",\"https:\\\/\\\/www.diggerslist.com\\\/iwellguard\\\/about\",\"https:\\\/\\\/skitterphoto.com\\\/photographers\\\/2870314\\\/iwell-guard\",\"https:\\\/\\\/iwellguard.wordpress.com\\\/2026\\\/06\\\/06\\\/iwell-guard\\\/\",\"https:\\\/\\\/hub.docker.com\\\/u\\\/iwellguard\",\"https:\\\/\\\/www.pinterest.com\\\/iwellguard\\\/\",\"https:\\\/\\\/bit.ly\\\/m\\\/iwellguard\",\"https:\\\/\\\/entre-vos-mains.alsace.eu\\\/profiles\\\/iwellguard\\\/activity\",\"https:\\\/\\\/gravatar.com\\\/reallybeded8fd34\",\"https:\\\/\\\/naijamatta.com\\\/iwellguard\",\"https:\\\/\\\/www.goodreads.com\\\/iwellguard\",\"https:\\\/\\\/profile.hatena.ne.jp\\\/iwellguard\\\/\",\"https:\\\/\\\/experiment.com\\\/users\\\/iwellguard\",\"https:\\\/\\\/wakelet.com\\\/@iWellGuard82270\",\"https:\\\/\\\/www.chordie.com\\\/forum\\\/profile.php?id=2555664\",\"https:\\\/\\\/www.instapaper.com\\\/p\\\/17757966\",\"https:\\\/\\\/www.mapleprimes.com\\\/users\\\/iwellguard\",\"https:\\\/\\\/businesslistingplus.com\\\/profile\\\/iwell-guard\\\/\",\"https:\\\/\\\/telegra.ph\\\/iWell-Guard-06-06\",\"https:\\\/\\\/pbase.com\\\/iwellguard\\\/iwellguard\",\"https:\\\/\\\/b.hatena.ne.jp\\\/iwellguard\\\/20260607#bookmark-4788405196491818882\",\"https:\\\/\\\/fliphtml5.com\\\/home\\\/iwellguard\",\"https:\\\/\\\/anyflip.com\\\/homepage\\\/cmiwl#About\",\"https:\\\/\\\/transfur.com\\\/Users\\\/iwellguard\",\"http:\\\/\\\/delphi.larsbo.org\\\/user\\\/iwellguard\",\"https:\\\/\\\/jobs.lajobsportal.org\\\/profiles\\\/8380803-iwell-guard\",\"https:\\\/\\\/md.chaosdorf.de\\\/s\\\/jfbe5SBdJD\",\"https:\\\/\\\/www.lingvolive.com\\\/en-us\\\/profile\\\/9ecaeaca-ce11-4e51-9e71-01d55e2bff36\\\/translations\",\"https:\\\/\\\/www.fitday.com\\\/fitness\\\/forums\\\/members\\\/iwellguard.html\",\"https:\\\/\\\/www.mymeetbook.com\\\/iwellguard\",\"https:\\\/\\\/pxhere.com\\\/en\\\/photographer-me\\\/5040798\",\"https:\\\/\\\/disqus.com\\\/by\\\/iwellguard\\\/about\\\/\",\"https:\\\/\\\/pastelink.net\\\/hjwciqwq\",\"https:\\\/\\\/pubhtml5.com\\\/homepage\\\/scjhn\\\/\",\"https:\\\/\\\/www.bitchute.com\\\/channel\\\/2O2eOKzNqujT\",\"https:\\\/\\\/audiomack.com\\\/iwellguard\"]}]}<\/script>\n<!-- \/ Yoast SEO Premium plugin. -->","yoast_head_json":{"title":"K\u0159\u00ed\u017e jako ochrann\u00e9 znamen\u00ed proti d\u00e9mon\u016fm","description":"Od prahov\u00e9ho k\u0159\u00ed\u017ee po gesto: jak tradice pou\u017e\u00edv\u00e1 k\u0159\u00ed\u017e jako ochrann\u00e9 znamen\u00ed proti d\u00e9mon\u016fm, duch\u016fm a u\u0159knut\u00ed.","robots":{"index":"index","follow":"follow","max-snippet":"max-snippet:-1","max-image-preview":"max-image-preview:large","max-video-preview":"max-video-preview:-1"},"canonical":"https:\/\/iwell-guard.com\/cs\/kriz-jako-ochranne-znameni\/","og_locale":"cs_CZ","og_type":"article","og_title":"K\u0159\u00ed\u017e jako ochrann\u00e9 znamen\u00ed","og_description":"Od prahov\u00e9ho k\u0159\u00ed\u017ee po gesto: jak tradice pou\u017e\u00edv\u00e1 k\u0159\u00ed\u017e jako ochrann\u00e9 znamen\u00ed proti d\u00e9mon\u016fm, duch\u016fm a u\u0159knut\u00ed.","og_url":"https:\/\/iwell-guard.com\/cs\/kriz-jako-ochranne-znameni\/","og_site_name":"iWell Guard","article_modified_time":"2026-09-03T17:06:19+00:00","og_image":[{"width":1024,"height":1536,"url":"https:\/\/iwell-guard.com\/wp-content\/uploads\/2026\/05\/schutzsymbol_christentum_schutzkreuz.png","type":"image\/png"}],"twitter_card":"summary_large_image","schema":{"@context":"https:\/\/schema.org","@graph":[{"@type":"WebPage","@id":"https:\/\/iwell-guard.com\/cs\/kriz-jako-ochranne-znameni\/","url":"https:\/\/iwell-guard.com\/cs\/kriz-jako-ochranne-znameni\/","name":"K\u0159\u00ed\u017e jako ochrann\u00e9 znamen\u00ed proti d\u00e9mon\u016fm","isPartOf":{"@id":"https:\/\/iwell-guard.com\/cs\/#website"},"primaryImageOfPage":{"@id":"https:\/\/iwell-guard.com\/cs\/kriz-jako-ochranne-znameni\/#primaryimage"},"image":{"@id":"https:\/\/iwell-guard.com\/cs\/kriz-jako-ochranne-znameni\/#primaryimage"},"thumbnailUrl":"https:\/\/iwell-guard.com\/wp-content\/uploads\/2026\/05\/schutzsymbol_christentum_schutzkreuz.png","datePublished":"2026-09-03T16:33:53+00:00","dateModified":"2026-09-03T17:06:19+00:00","description":"Od prahov\u00e9ho k\u0159\u00ed\u017ee po gesto: jak tradice pou\u017e\u00edv\u00e1 k\u0159\u00ed\u017e jako ochrann\u00e9 znamen\u00ed proti d\u00e9mon\u016fm, duch\u016fm a u\u0159knut\u00ed.","breadcrumb":{"@id":"https:\/\/iwell-guard.com\/cs\/kriz-jako-ochranne-znameni\/#breadcrumb"},"inLanguage":"cs","potentialAction":[{"@type":"ReadAction","target":["https:\/\/iwell-guard.com\/cs\/kriz-jako-ochranne-znameni\/"]}]},{"@type":"ImageObject","inLanguage":"cs","@id":"https:\/\/iwell-guard.com\/cs\/kriz-jako-ochranne-znameni\/#primaryimage","url":"https:\/\/iwell-guard.com\/wp-content\/uploads\/2026\/05\/schutzsymbol_christentum_schutzkreuz.png","contentUrl":"https:\/\/iwell-guard.com\/wp-content\/uploads\/2026\/05\/schutzsymbol_christentum_schutzkreuz.png","width":1024,"height":1536,"caption":"K\u0159\u00ed\u017e jako ochrann\u00e9 znamen\u00ed, historicko-ilustrativn\u00ed"},{"@type":"BreadcrumbList","@id":"https:\/\/iwell-guard.com\/cs\/kriz-jako-ochranne-znameni\/#breadcrumb","itemListElement":[{"@type":"ListItem","position":1,"name":"Start","item":"https:\/\/iwell-guard.com\/cs\/?page_id=145107"},{"@type":"ListItem","position":2,"name":"K\u0159\u00ed\u017e jako ochrann\u00e9 znamen\u00ed"}]},{"@type":"WebSite","@id":"https:\/\/iwell-guard.com\/cs\/#website","url":"https:\/\/iwell-guard.com\/cs\/","name":"iWell Guard","description":"Schutz vor dunklen Einfl\u00fcssen","publisher":{"@id":"https:\/\/iwell-guard.com\/cs\/#organization"},"potentialAction":[{"@type":"SearchAction","target":{"@type":"EntryPoint","urlTemplate":"https:\/\/iwell-guard.com\/cs\/?s={search_term_string}"},"query-input":{"@type":"PropertyValueSpecification","valueRequired":true,"valueName":"search_term_string"}}],"inLanguage":"cs"},{"@type":"Organization","@id":"https:\/\/iwell-guard.com\/cs\/#organization","name":"Ittermann electronic GmbH","url":"https:\/\/iwell-guard.com\/cs\/","logo":{"@type":"ImageObject","inLanguage":"cs","@id":"https:\/\/iwell-guard.com\/cs\/#\/schema\/logo\/image\/","url":"https:\/\/iwell-guard.com\/wp-content\/uploads\/2026\/05\/Ittermann-Logo-1182x237-1.png","contentUrl":"https:\/\/iwell-guard.com\/wp-content\/uploads\/2026\/05\/Ittermann-Logo-1182x237-1.png","width":1182,"height":237,"caption":"Ittermann electronic GmbH"},"image":{"@id":"https:\/\/iwell-guard.com\/cs\/#\/schema\/logo\/image\/"},"sameAs":["https:\/\/pantip.com\/profile\/9367242","https:\/\/micro.blog\/iwellguard","https:\/\/www.diggerslist.com\/iwellguard\/about","https:\/\/skitterphoto.com\/photographers\/2870314\/iwell-guard","https:\/\/iwellguard.wordpress.com\/2026\/06\/06\/iwell-guard\/","https:\/\/hub.docker.com\/u\/iwellguard","https:\/\/www.pinterest.com\/iwellguard\/","https:\/\/bit.ly\/m\/iwellguard","https:\/\/entre-vos-mains.alsace.eu\/profiles\/iwellguard\/activity","https:\/\/gravatar.com\/reallybeded8fd34","https:\/\/naijamatta.com\/iwellguard","https:\/\/www.goodreads.com\/iwellguard","https:\/\/profile.hatena.ne.jp\/iwellguard\/","https:\/\/experiment.com\/users\/iwellguard","https:\/\/wakelet.com\/@iWellGuard82270","https:\/\/www.chordie.com\/forum\/profile.php?id=2555664","https:\/\/www.instapaper.com\/p\/17757966","https:\/\/www.mapleprimes.com\/users\/iwellguard","https:\/\/businesslistingplus.com\/profile\/iwell-guard\/","https:\/\/telegra.ph\/iWell-Guard-06-06","https:\/\/pbase.com\/iwellguard\/iwellguard","https:\/\/b.hatena.ne.jp\/iwellguard\/20260607#bookmark-4788405196491818882","https:\/\/fliphtml5.com\/home\/iwellguard","https:\/\/anyflip.com\/homepage\/cmiwl#About","https:\/\/transfur.com\/Users\/iwellguard","http:\/\/delphi.larsbo.org\/user\/iwellguard","https:\/\/jobs.lajobsportal.org\/profiles\/8380803-iwell-guard","https:\/\/md.chaosdorf.de\/s\/jfbe5SBdJD","https:\/\/www.lingvolive.com\/en-us\/profile\/9ecaeaca-ce11-4e51-9e71-01d55e2bff36\/translations","https:\/\/www.fitday.com\/fitness\/forums\/members\/iwellguard.html","https:\/\/www.mymeetbook.com\/iwellguard","https:\/\/pxhere.com\/en\/photographer-me\/5040798","https:\/\/disqus.com\/by\/iwellguard\/about\/","https:\/\/pastelink.net\/hjwciqwq","https:\/\/pubhtml5.com\/homepage\/scjhn\/","https:\/\/www.bitchute.com\/channel\/2O2eOKzNqujT","https:\/\/audiomack.com\/iwellguard"]}]}},"_links":{"self":[{"href":"https:\/\/iwell-guard.com\/cs\/wp-json\/wp\/v2\/pages\/145808","targetHints":{"allow":["GET"]}}],"collection":[{"href":"https:\/\/iwell-guard.com\/cs\/wp-json\/wp\/v2\/pages"}],"about":[{"href":"https:\/\/iwell-guard.com\/cs\/wp-json\/wp\/v2\/types\/page"}],"author":[{"embeddable":true,"href":"https:\/\/iwell-guard.com\/cs\/wp-json\/wp\/v2\/users\/3"}],"replies":[{"embeddable":true,"href":"https:\/\/iwell-guard.com\/cs\/wp-json\/wp\/v2\/comments?post=145808"}],"version-history":[{"count":0,"href":"https:\/\/iwell-guard.com\/cs\/wp-json\/wp\/v2\/pages\/145808\/revisions"}],"wp:featuredmedia":[{"embeddable":true,"href":"https:\/\/iwell-guard.com\/cs\/wp-json\/wp\/v2\/media\/4106"}],"wp:attachment":[{"href":"https:\/\/iwell-guard.com\/cs\/wp-json\/wp\/v2\/media?parent=145808"}],"wp:term":[{"taxonomy":"category","embeddable":true,"href":"https:\/\/iwell-guard.com\/cs\/wp-json\/wp\/v2\/categories?post=145808"}],"curies":[{"name":"wp","href":"https:\/\/api.w.org\/{rel}","templated":true}]}}