{"id":145807,"date":"2026-09-03T16:33:53","date_gmt":"2026-09-03T16:33:53","guid":{"rendered":"https:\/\/iwell-guard.com\/?page_id=145807"},"modified":"2026-09-03T17:06:18","modified_gmt":"2026-09-03T17:06:18","slug":"ochranna-svice","status":"publish","type":"page","link":"https:\/\/iwell-guard.com\/cs\/ochranna-svice\/","title":{"rendered":"Ochrann\u00e1 sv\u00edce"},"content":{"rendered":"\t\t<div data-elementor-type=\"wp-page\" data-elementor-id=\"145807\" class=\"elementor elementor-145807 elementor-3789 elementor-bc-flex-widget\" data-elementor-post-type=\"page\">\n\t\t\t\t<div class=\"elementor-element elementor-element-iwgs-schutzkerze-hero e-flex e-con-boxed e-con e-parent\" data-id=\"iwgs-schutzkerze-hero\" data-element_type=\"container\" data-e-type=\"container\">\n\t\t\t\t\t<div class=\"e-con-inner\">\n\t\t<div class=\"elementor-element elementor-element-iw-schutzkerze-hero-left e-con-full e-flex e-con e-child\" data-id=\"iw-schutzkerze-hero-left\" data-element_type=\"container\" data-e-type=\"container\">\n\t\t\t\t<div class=\"elementor-element elementor-element-iwgs-schutzkerze-h1 elementor-widget elementor-widget-heading\" data-id=\"iwgs-schutzkerze-h1\" data-element_type=\"widget\" data-e-type=\"widget\" data-widget_type=\"heading.default\">\n\t\t\t\t\t<h1 class=\"elementor-heading-title elementor-size-default\">Ochrann\u00e1 sv\u00edce \u2014 sv\u011btlo proti temn\u00e9mu p\u016fsoben\u00ed<\/h1>\t\t\t\t<\/div>\n\t\t<div class=\"elementor-element elementor-element-iw-schutzkerze-hero-bw e-con-full e-flex e-con e-child\" data-id=\"iw-schutzkerze-hero-bw\" data-element_type=\"container\" data-e-type=\"container\">\n\t\t\t\t<div class=\"elementor-element elementor-element-iwgs-schutzkerze-pills elementor-widget elementor-widget-html\" data-id=\"iwgs-schutzkerze-pills\" data-element_type=\"widget\" data-e-type=\"widget\" data-widget_type=\"html.default\">\n\t\t\t\t\t<div class=\"iwg-pill-row\"><span class=\"iwg-klasse-badge\" tabindex=\"0\" data-tooltip=\"Druh ochrann\u00e9ho prost\u0159edku.\">Zvuk a sv\u011btlo<\/span><a href=\"https:\/\/iwell-guard.com\/cs\/?page_id=145795\" class=\"iwg-kultur-badge\" tabindex=\"0\" data-tooltip=\"K p\u0159ehledu.\">Zvuk a sv\u011btlo<\/a><\/div>\t\t\t\t<\/div>\n\t\t\t\t<div class=\"elementor-element elementor-element-iwgs-schutzkerze-lead elementor-widget elementor-widget-text-editor\" data-id=\"iwgs-schutzkerze-lead\" data-element_type=\"widget\" data-e-type=\"widget\" data-widget_type=\"text-editor.default\">\n\t\t\t\t\t\t\t\t\t<p>Sv\u00edce ho\u0159\u00ed t\u00e9m\u011b\u0159 ve v\u0161ech kultur\u00e1ch na <span class=\"iwg-fachbegriff\" data-tooltip=\"Pat\u0159\u00edc\u00ed k pevn\u011b stanoven\u00e9mu n\u00e1bo\u017eensk\u00e9mu \u00fakonu.\" tabindex=\"0\">ritu\u00e1ln\u011b<\/span> v\u00fdznamn\u00fdch m\u00edstech: na olt\u00e1\u0159\u00edch, na hrobech, v pokoj\u00edch nemocn\u00fdch, p\u0159ed prahy a v m\u00edstnostech, kter\u00e9 maj\u00ed b\u00fdt o\u010di\u0161t\u011bny. Toto roz\u0161\u00ed\u0159en\u00ed nen\u00ed n\u00e1hodn\u00e9.<\/p><p>Sv\u00edce v sob\u011b spojuje n\u011bkolik vlastnost\u00ed, kter\u00e9 <span class=\"iwg-fachbegriff\" data-tooltip=\"P\u0159ed\u00e1v\u00e1n\u00ed v\u011bdomost\u00ed a vypr\u00e1v\u011bn\u00ed nap\u0159\u00ed\u010d generacemi.\" tabindex=\"0\">tradice<\/span> propojuje s ochrann\u00fdm \u00fa\u010dinkem: vytv\u00e1\u0159\u00ed sv\u011btlo ve tm\u011b, ho\u0159\u00ed kontrolovan\u011b po vymezenou dobu a lze ji z\u00e1m\u011brn\u011b opat\u0159it <span class=\"iwg-fachbegriff\" data-tooltip=\"Vysloven\u00ed po\u017eehn\u00e1n\u00ed a ochrany, \u010dasto v ust\u00e1len\u00e9 jazykov\u00e9 form\u011b.\" tabindex=\"0\">po\u017eehn\u00e1n\u00edm<\/span> nebo symboly. Je tak z\u00e1rove\u0148 zdrojem sv\u011btla i ritu\u00e1ln\u00edm n\u00e1strojem.<\/p>\n<p>Jako sou\u010d\u00e1st kategorie ochrann\u00fdch prost\u0159edk\u016f <a href=\"https:\/\/iwell-guard.com\/cs\/?page_id=145795\">Zvuk a sv\u011btlo<\/a> stoj\u00ed ochrann\u00e1 sv\u00edce mezi otev\u0159en\u00fdm ohn\u011bm star\u00fdch prahov\u00fdch zvyk\u016f a v\u011bcn\u00fdm ka\u017edodenn\u00edm osv\u011btlen\u00edm. Je men\u0161\u00ed a sn\u00e1ze zvladateln\u00e1 ne\u017e <a href=\"https:\/\/iwell-guard.com\/cs\/?page_id=145805\">ochrann\u00fd ohe\u0148<\/a>, av\u0161ak v\u011bdom\u011bj\u0161\u00ed a v\u00fdznamov\u011b napln\u011bn\u011bj\u0161\u00ed ne\u017e b\u011b\u017en\u00fd zdroj sv\u011btla. <span class=\"iwg-fachbegriff\" data-tooltip=\"P\u0159ed\u00e1v\u00e1n\u00ed v\u011bdomost\u00ed a vypr\u00e1v\u011bn\u00ed nap\u0159\u00ed\u010d generacemi.\" tabindex=\"0\">Tradice<\/span> popisuje sv\u00edci p\u0159edev\u0161\u00edm jako prost\u0159edek individu\u00e1ln\u00ed a dom\u00e1c\u00ed ochrany.<\/p>\n<p class=\"iwg-kwfix\">Ochrann\u00e1 sv\u00edce stav\u00ed sv\u011btlo proti temn\u00e9mu p\u016fsoben\u00ed a zviditel\u0148uje chr\u00e1n\u011bn\u00fd prostor.<\/p>\t\t\t\t\t\t\t\t<\/div>\n\t\t\t\t<\/div>\n\t\t\t\t<\/div>\n\t\t<div class=\"elementor-element elementor-element-iw-schutzkerze-hero-img e-con-full e-flex e-con e-child\" data-id=\"iw-schutzkerze-hero-img\" data-element_type=\"container\" data-e-type=\"container\">\n\t\t\t\t<div class=\"elementor-element elementor-element-iwgs-schutzkerze-himg iwg-hero-image elementor-widget elementor-widget-image\" data-id=\"iwgs-schutzkerze-himg\" data-element_type=\"widget\" data-e-type=\"widget\" data-widget_type=\"image.default\">\n\t\t\t\t\t\t\t\t\t\t\t\t\t\t\t<img fetchpriority=\"high\" decoding=\"async\" width=\"683\" height=\"1024\" src=\"https:\/\/iwell-guard.com\/wp-content\/uploads\/2026\/05\/schutzsymbol_universell_schutzkerze-683x1024.png\" class=\"attachment-large size-large wp-image-146975\" alt=\"Ochrann\u00e1 sv\u00edce \u2013 sv\u011btlo proti temn\u00e9mu vlivu, historicko-ilustrativn\u00ed\" srcset=\"https:\/\/iwell-guard.com\/wp-content\/uploads\/2026\/05\/schutzsymbol_universell_schutzkerze-683x1024.png 683w, https:\/\/iwell-guard.com\/wp-content\/uploads\/2026\/05\/schutzsymbol_universell_schutzkerze-200x300.png 200w, https:\/\/iwell-guard.com\/wp-content\/uploads\/2026\/05\/schutzsymbol_universell_schutzkerze-768x1152.png 768w, https:\/\/iwell-guard.com\/wp-content\/uploads\/2026\/05\/schutzsymbol_universell_schutzkerze.png 1024w\" sizes=\"(max-width: 683px) 100vw, 683px\" \/>\t\t\t\t\t\t\t\t\t\t\t\t\t\t\t<\/div>\n\t\t\t\t<\/div>\n\t\t\t\t\t<\/div>\n\t\t\t\t<\/div>\n\t\t<div class=\"elementor-element elementor-element-iwgs-schutzkerze-s0 e-flex e-con-boxed e-con e-parent\" data-id=\"iwgs-schutzkerze-s0\" data-element_type=\"container\" data-e-type=\"container\">\n\t\t\t\t\t<div class=\"e-con-inner\">\n\t\t\t\t<div class=\"elementor-element elementor-element-iwgs-schutzkerze-s0h elementor-widget elementor-widget-heading\" data-id=\"iwgs-schutzkerze-s0h\" data-element_type=\"widget\" data-e-type=\"widget\" data-widget_type=\"heading.default\">\n\t\t\t\t\t<h2 class=\"elementor-heading-title elementor-size-default\">Rychl\u00fd p\u0159ehled<\/h2>\t\t\t\t<\/div>\n\t\t<div class=\"elementor-element elementor-element-iw-schutzkerze-s0-bw e-con-full e-flex e-con e-child\" data-id=\"iw-schutzkerze-s0-bw\" data-element_type=\"container\" data-e-type=\"container\">\n\t\t\t\t<div class=\"elementor-element elementor-element-iwgs-schutzkerze-s0t elementor-widget elementor-widget-text-editor\" data-id=\"iwgs-schutzkerze-s0t\" data-element_type=\"widget\" data-e-type=\"widget\" data-widget_type=\"text-editor.default\">\n\t\t\t\t\t\t\t\t\t<p>V <span class=\"iwg-fachbegriff\" data-tooltip=\"P\u0159ed\u00e1v\u00e1n\u00ed v\u011bdomost\u00ed a vypr\u00e1v\u011bn\u00ed nap\u0159\u00ed\u010d generacemi.\" tabindex=\"0\">tradici<\/span> je sv\u00edce pova\u017eov\u00e1na za ochranu, kter\u00e1 p\u0159in\u00e1\u0161\u00ed sv\u011btlo do temnoty, kterou \u0161kodliv\u00e9 bytosti vyhled\u00e1vaj\u00ed. B\u00fdv\u00e1 vysv\u011bcena, spojena s modlitbami nebo opat\u0159ena symboly, aby se zes\u00edlil jej\u00ed \u00fa\u010dinek.<\/p><p>Zvl\u00e1\u0161tn\u00ed v\u00fdznam maj\u00ed posv\u011bcen\u00e9 sv\u00edce v k\u0159es\u0165ansk\u00e9 tradici, obdoby se v\u0161ak nach\u00e1zej\u00ed i v \u017eidovsk\u00fdch, afroamerick\u00fdch, synkretick\u00fdch a lidov\u011b-magick\u00fdch kontextech po cel\u00e9m sv\u011bt\u011b. Ochrann\u00fd \u00fa\u010dinek se projevuje b\u011bhem ho\u0159en\u00ed, nikoli pouh\u00fdm postaven\u00edm sv\u00edce. Zhasne-li plamen nepl\u00e1novan\u011b, je to podle mnoha tradic vykl\u00e1d\u00e1no jako varov\u00e1n\u00ed nebo jako konec ochrany.<\/p>\t\t\t\t\t\t\t\t<\/div>\n\t\t\t\t<\/div>\n\t\t\t\t\t<\/div>\n\t\t\t\t<\/div>\n\t\t<div class=\"elementor-element elementor-element-iwgs-schutzkerze-s1 e-flex e-con-boxed e-con e-parent\" data-id=\"iwgs-schutzkerze-s1\" data-element_type=\"container\" data-e-type=\"container\">\n\t\t\t\t\t<div class=\"e-con-inner\">\n\t\t\t\t<div class=\"elementor-element elementor-element-iwgs-schutzkerze-s1h elementor-widget elementor-widget-heading\" data-id=\"iwgs-schutzkerze-s1h\" data-element_type=\"widget\" data-e-type=\"widget\" data-widget_type=\"heading.default\">\n\t\t\t\t\t<h2 class=\"elementor-heading-title elementor-size-default\">P\u016fvod a tradice<\/h2>\t\t\t\t<\/div>\n\t\t<div class=\"elementor-element elementor-element-iw-schutzkerze-s1-bw e-con-full e-flex e-con e-child\" data-id=\"iw-schutzkerze-s1-bw\" data-element_type=\"container\" data-e-type=\"container\">\n\t\t\t\t<div class=\"elementor-element elementor-element-iwgs-schutzkerze-s1t elementor-widget elementor-widget-text-editor\" data-id=\"iwgs-schutzkerze-s1t\" data-element_type=\"widget\" data-e-type=\"widget\" data-widget_type=\"text-editor.default\">\n\t\t\t\t\t\t\t\t\t<p>V k\u0159es\u0165ansk\u00e9 Evrop\u011b se ochrann\u00e1 sv\u00edce vyvinula z propojen\u00ed c\u00edrkevn\u00edho ritu\u00e1lu a lidov\u00e9 v\u00edry. <span class=\"iwg-fachbegriff\" data-tooltip=\"Ritu\u00e1ln\u00ed \u00fakon, j\u00edm\u017e je p\u0159edm\u011bt, m\u00edsto nebo \u010dlov\u011bk odevzd\u00e1n do n\u00e1bo\u017eensk\u00e9 sf\u00e9ry.\" tabindex=\"0\">Vysv\u011bcen\u00ed<\/span> sv\u00edc\u00ed na Hromnice, 2. \u00fanora, vytv\u00e1\u0159elo zvl\u00e1\u0161\u0165 \u017e\u00e1dan\u00fd ochrann\u00fd p\u0159edm\u011bt: posv\u011bcenou hromni\u010dn\u00ed sv\u00edci.<\/p><p>V lidov\u00e9 v\u00ed\u0159e mnoha n\u011bmecky mluv\u00edc\u00edch oblast\u00ed se s n\u00ed o\u0161izovaly hranice pole nebo se zapalovala p\u0159i bou\u0159k\u00e1ch, aby odh\u00e1n\u011bla blesky a zl\u00e9 duchy. Um\u00edraj\u00edc\u00edm ji vkl\u00e1dali do ruky, aby sv\u011btlo doprov\u00e1zelo p\u0159echod a odh\u00e1n\u011bla zl\u00e9 bytosti od smrteln\u00e9ho l\u016f\u017eka.<\/p>\n<p>V a\u0161ken\u00e1zsk\u00e9 \u017eidovsk\u00e9 tradici ho\u0159\u00ed havdalov\u00e1 sv\u00edce na konci \u0161abatu jako mnohoplamenn\u00e1 pochode\u0148, kter\u00e1 zna\u010d\u00ed rozd\u00edl mezi svat\u00fdm \u010dasem a v\u0161edn\u00edm dnem.<\/p><p>Soub\u011b\u017en\u011b se sv\u00edce pou\u017e\u00edvaly na hrobech a p\u0159i vzpom\u00ednkov\u00fdch ritu\u00e1lech jorcajt, aby ctily du\u0161e zesnul\u00fdch a zajistily jejich klid. <span class=\"iwg-fachbegriff\" data-tooltip=\"P\u0159ed\u00e1v\u00e1n\u00ed v\u011bdomost\u00ed a vypr\u00e1v\u011bn\u00ed nap\u0159\u00ed\u010d generacemi.\" tabindex=\"0\">Tradice<\/span> p\u0159i tom rozli\u0161uje mezi sv\u00edcemi, kter\u00e9 ho\u0159\u00ed na ochranu \u017eiv\u00fdch, a t\u011bmi, je\u017e jsou v\u011bnov\u00e1ny mrtv\u00fdm.<\/p>\n<p>V afrobrazilsk\u00e9m n\u00e1bo\u017eenstv\u00ed candombl\u00e9 a v dal\u0161\u00edch afroamerick\u00fdch tradic\u00edch se zapaluj\u00ed sv\u00edce ur\u010dit\u00fdch barev pro konkr\u00e9tn\u00ed orixy, tedy bo\u017estva. B\u00edl\u00e9 sv\u00edce se vztahuj\u00ed k ochran\u011b a \u010di\u0161t\u011bn\u00ed, zat\u00edmco jin\u00e9 barvy se vol\u00ed c\u00edlen\u011b pro ochranu p\u0159ed ur\u010dit\u00fdmi vlivy. Tato praxe spojuje africk\u00e9 ko\u0159eny s katolick\u00fdm zobrazov\u00e1n\u00edm svat\u00fdch a tvo\u0159\u00ed samostatnou ochrannou tradici.<\/p>\n<p>V Mexiku a St\u0159edn\u00ed Americe hraj\u00ed sv\u00edce kl\u00ed\u010dovou roli p\u0159i D\u00eda de los Muertos a v praktik\u00e1ch curanderismo. Sv\u00edce podle lidov\u00e9ho pod\u00e1n\u00ed otev\u00edr\u00e1 kan\u00e1l mezi sv\u011bty a po dobu sv\u00e9ho ho\u0159en\u00ed chr\u00e1n\u00ed prostor p\u0159ed \u0161kodliv\u00fdmi vlivy.<\/p>\t\t\t\t\t\t\t\t<\/div>\n\t\t\t\t<\/div>\n\t\t\t\t\t<\/div>\n\t\t\t\t<\/div>\n\t\t<div class=\"elementor-element elementor-element-iwgs-schutzkerze-s2 e-flex e-con-boxed e-con e-parent\" data-id=\"iwgs-schutzkerze-s2\" data-element_type=\"container\" data-e-type=\"container\">\n\t\t\t\t\t<div class=\"e-con-inner\">\n\t\t\t\t<div class=\"elementor-element elementor-element-iwgs-schutzkerze-s2h elementor-widget elementor-widget-heading\" data-id=\"iwgs-schutzkerze-s2h\" data-element_type=\"widget\" data-e-type=\"widget\" data-widget_type=\"heading.default\">\n\t\t\t\t\t<h2 class=\"elementor-heading-title elementor-size-default\">Princip p\u016fsoben\u00ed podle tradice<\/h2>\t\t\t\t<\/div>\n\t\t<div class=\"elementor-element elementor-element-iw-schutzkerze-s2-bw e-con-full e-flex e-con e-child\" data-id=\"iw-schutzkerze-s2-bw\" data-element_type=\"container\" data-e-type=\"container\">\n\t\t\t\t<div class=\"elementor-element elementor-element-iwgs-schutzkerze-s2t elementor-widget elementor-widget-text-editor\" data-id=\"iwgs-schutzkerze-s2t\" data-element_type=\"widget\" data-e-type=\"widget\" data-widget_type=\"text-editor.default\">\n\t\t\t\t\t\t\t\t\t<p><span class=\"iwg-fachbegriff\" data-tooltip=\"P\u0159ed\u00e1v\u00e1n\u00ed v\u011bdomost\u00ed a vypr\u00e1v\u011bn\u00ed nap\u0159\u00ed\u010d generacemi.\" tabindex=\"0\">Tradice<\/span> popisuje ochrann\u00fd \u00fa\u010dinek sv\u00edce na n\u011bkolika \u00farovn\u00edch. Nejjednodu\u0161\u0161\u00ed je fyzick\u00e1: sv\u011btlo zah\u00e1n\u00ed temnotu, v n\u00ed\u017e \u0161kodliv\u00e9 bytosti p\u016fsob\u00ed. Tato my\u0161lenka se objevuje od \u0159eck\u00e9 <span class=\"iwg-fachbegriff\" data-tooltip=\"Obdob\u00ed \u0159eck\u00e9 a \u0159\u00edmsk\u00e9 kultury, p\u0159ibli\u017en\u011b od 800 p\u0159. n. l. do 600 n. l.\" tabindex=\"0\">antiky<\/span> a\u017e po sou\u010dasnou lidovou magii.<\/p>\n<p>Krom\u011b toho <span class=\"iwg-fachbegriff\" data-tooltip=\"P\u0159ed\u00e1v\u00e1n\u00ed v\u011bdomost\u00ed a vypr\u00e1v\u011bn\u00ed nap\u0159\u00ed\u010d generacemi.\" tabindex=\"0\">tradice<\/span> spojuje plamen sv\u00edce se sakr\u00e1ln\u00edm teplem a bo\u017eskou p\u0159\u00edtomnost\u00ed. Posv\u011bcen\u00e1 sv\u00edce podle t\u00e9to p\u0159edstavy v sob\u011b nese <span class=\"iwg-fachbegriff\" data-tooltip=\"Vysloven\u00ed po\u017eehn\u00e1n\u00ed a ochrany, \u010dasto v ust\u00e1len\u00e9 jazykov\u00e9 form\u011b.\" tabindex=\"0\">po\u017eehn\u00e1n\u00ed<\/span>, kter\u00e9 se uvol\u0148uje jej\u00edm ho\u0159en\u00edm.<\/p><p>Plamen nen\u00ed jen sv\u011btlem, ale i m\u00e9diem, je\u017e p\u0159en\u00e1\u0161\u00ed modlitby a z\u00e1m\u011bry do jin\u00e9 roviny skute\u010dnosti. V \u0161amansk\u00fdch a lidov\u011b-magick\u00fdch kontextech plat\u00ed pozorov\u00e1n\u00ed plamene za zp\u016fsob, jak p\u0159ij\u00edmat informace nebo soust\u0159edit z\u00e1m\u011bry.<\/p>\n<p>T\u0159et\u00ed vysv\u011btlen\u00ed m\u00e1 symbolickou povahu: sv\u00edce p\u0159edstavuje \u017eivotn\u00ed s\u00edlu, bd\u011blost a kontinuitu. Z\u00e1m\u011brn\u00e9 zap\u00e1len\u00ed sv\u00edce jako ochrann\u00fd akt je vyj\u00e1d\u0159en\u00edm z\u00e1m\u011bru obsadit vlastn\u00ed prostor a nep\u0159enechat jej temnot\u011b. Tento symbolick\u00fd obsah podle lidov\u00e9ho p\u0159esv\u011bd\u010den\u00ed zesiluje \u00fa\u010dinek, proto\u017ee z\u00e1m\u011br jednaj\u00edc\u00edho je pova\u017eov\u00e1n za sou\u010d\u00e1st ochrany.<\/p>\t\t\t\t\t\t\t\t<\/div>\n\t\t\t\t<\/div>\n\t\t\t\t\t<\/div>\n\t\t\t\t<\/div>\n\t\t<div class=\"elementor-element elementor-element-iwgs-schutzkerze-s3 e-flex e-con-boxed e-con e-parent\" data-id=\"iwgs-schutzkerze-s3\" data-element_type=\"container\" data-e-type=\"container\">\n\t\t\t\t\t<div class=\"e-con-inner\">\n\t\t\t\t<div class=\"elementor-element elementor-element-iwgs-schutzkerze-s3h elementor-widget elementor-widget-heading\" data-id=\"iwgs-schutzkerze-s3h\" data-element_type=\"widget\" data-e-type=\"widget\" data-widget_type=\"heading.default\">\n\t\t\t\t\t<h2 class=\"elementor-heading-title elementor-size-default\">Roz\u0161\u00ed\u0159en\u00ed nap\u0159\u00ed\u010d kulturami<\/h2>\t\t\t\t<\/div>\n\t\t<div class=\"elementor-element elementor-element-iw-schutzkerze-s3-bw e-con-full e-flex e-con e-child\" data-id=\"iw-schutzkerze-s3-bw\" data-element_type=\"container\" data-e-type=\"container\">\n\t\t\t\t<div class=\"elementor-element elementor-element-iwgs-schutzkerze-s3t elementor-widget elementor-widget-text-editor\" data-id=\"iwgs-schutzkerze-s3t\" data-element_type=\"widget\" data-e-type=\"widget\" data-widget_type=\"text-editor.default\">\n\t\t\t\t\t\t\t\t\t<p>St\u0159edn\u00ed Evropa: hromni\u010dn\u00e9 sv\u00edce, k\u0159estn\u00ed sv\u00edce, velikono\u010dn\u00ed sv\u00edce. K\u0159estn\u00ed sv\u00edce podle lidov\u00e9 v\u00edry doprov\u00e1z\u00ed d\u00edt\u011b po cel\u00fd \u017eivot a zapaluje se v ohro\u017euj\u00edc\u00edch situac\u00edch. V n\u011bkter\u00fdch regionech k\u0159estn\u00ed sv\u00edce ho\u0159ela znovu i p\u0159i \u00famrt\u00ed \u010dlov\u011bka.<\/p>\n<p>Skandin\u00e1vie: sv\u00edce svat\u00e9 Lucie a adventn\u00ed zvyky spojuj\u00ed sv\u011btlo s ochranou v nejtemn\u011bj\u0161\u00edm obdob\u00ed roku. V seversk\u00e9 lidov\u00e9 tradici se sv\u00edce v zim\u011b c\u00edlen\u011b stav\u011bly do oken, aby zadr\u017eely zl\u00e9 str\u00e1\u017ece zimy.<\/p>\n<p>V\u00fdchodoevropsk\u00e9 tradice: ve slovansk\u00fdch a \u0159ecko-ortodoxn\u00edch lidov\u00fdch n\u00e1bo\u017eenstv\u00edch hraj\u00ed posv\u011bcen\u00e9 sv\u00edce kl\u00ed\u010dovou roli p\u0159i uzdravov\u00e1n\u00ed, exorcismech a poh\u0159bech. Sv\u00edce ozna\u010duje hranici mezi ritu\u00e1ln\u00edm prostorem a vn\u011bj\u0161\u00edm sv\u011btem.<\/p>\n<p>Afroamerick\u00e9 synkretismy: candombl\u00e9, santer\u00eda, v\u00fad\u00fa a p\u0159\u00edbuzn\u00e9 tradice pou\u017e\u00edvaj\u00ed sv\u00edce jako hlavn\u00ed prost\u0159edek komunikace s ochran\u00fdmi duchy a bo\u017estvy. Praxe je vysoce diferencovan\u00e1: barva, d\u00e9lka, okam\u017eik zap\u00e1len\u00ed a doprovodn\u00e9 formule jsou p\u0159esn\u011b k\u00f3dovan\u00e9.<\/p>\n<p>Jihov\u00fdchodn\u00ed a v\u00fdchodn\u00ed Asie: v buddhistick\u00fdch chr\u00e1mech jihov\u00fdchodn\u00ed Asie a v taoistick\u00fdch kultovn\u00edch m\u00edstech \u010c\u00edny ho\u0159\u00ed sv\u00edce a olejov\u00e9 lampy jako znamen\u00ed spojen\u00ed s bohy a p\u0159edky. V lidov\u00e9 v\u00ed\u0159e plat\u00ed za ochranu proti duch\u016fm, kte\u0159\u00ed jsou aktivn\u00ed v noci nebo ve zvl\u00e1\u0161tn\u00ed dny.<\/p>\t\t\t\t\t\t\t\t<\/div>\n\t\t\t\t<\/div>\n\t\t\t\t\t<\/div>\n\t\t\t\t<\/div>\n\t\t<div class=\"elementor-element elementor-element-iwgs-schutzkerze-s4 e-flex e-con-boxed e-con e-parent\" data-id=\"iwgs-schutzkerze-s4\" data-element_type=\"container\" data-e-type=\"container\">\n\t\t\t\t\t<div class=\"e-con-inner\">\n\t\t\t\t<div class=\"elementor-element elementor-element-iwgs-schutzkerze-s4h elementor-widget elementor-widget-heading\" data-id=\"iwgs-schutzkerze-s4h\" data-element_type=\"widget\" data-e-type=\"widget\" data-widget_type=\"heading.default\">\n\t\t\t\t\t<h2 class=\"elementor-heading-title elementor-size-default\">Proti \u010demu se pou\u017e\u00edv\u00e1<\/h2>\t\t\t\t<\/div>\n\t\t<div class=\"elementor-element elementor-element-iw-schutzkerze-s4-bw e-con-full e-flex e-con e-child\" data-id=\"iw-schutzkerze-s4-bw\" data-element_type=\"container\" data-e-type=\"container\">\n\t\t\t\t<div class=\"elementor-element elementor-element-iwgs-schutzkerze-s4t elementor-widget elementor-widget-text-editor\" data-id=\"iwgs-schutzkerze-s4t\" data-element_type=\"widget\" data-e-type=\"widget\" data-widget_type=\"text-editor.default\">\n\t\t\t\t\t\t\t\t\t<p><span class=\"iwg-fachbegriff\" data-tooltip=\"P\u0159ed\u00e1v\u00e1n\u00ed znalost\u00ed a vypr\u00e1v\u011bn\u00ed nap\u0159\u00ed\u010d generacemi.\" tabindex=\"0\">Tradice<\/span> popisuje ochrannou sv\u00edci jako zvl\u00e1\u0161t\u011b \u00fa\u010dinnou proti ur\u010dit\u00fdm kategori\u00edm \u0161kodliv\u00e9ho p\u016fsoben\u00ed:<\/p>\n<p>Duchov\u00e9 zesnul\u00fdch, kte\u0159\u00ed lp\u00ed na m\u00edstech nebo osob\u00e1ch. Sv\u00edce u l\u016f\u017eka nemocn\u00e9ho nebo um\u00edraj\u00edc\u00edho platila v mnoha evropsk\u00fdch regionech za ochranu p\u0159ed t\u00edm, aby \u0161kodliv\u00e9 du\u0161e nebo d\u00e9moni napadli zeslaben\u00e9ho \u010dlov\u011bka.<\/p>\n<p>No\u010dn\u00ed bytosti, tedy entity, kter\u00e9 ke sv\u00e9mu p\u016fsoben\u00ed pot\u0159ebuj\u00ed tmu. V evropsk\u00e9 lidov\u00e9 tradici k nim pat\u0159\u00ed alpov\u00e9, mory a podobn\u00e9 postavy, kter\u00e9 se popisuj\u00ed jako plach\u00e9 p\u0159ed sv\u011btlem.<\/p>\n<p><span class=\"iwg-fachbegriff\" data-tooltip=\"Roz\u0161\u00ed\u0159en\u00e1 p\u0159edstava, \u017ee z\u00e1vistiv\u00fd pohled jin\u00e9 osoby m\u016f\u017ee zp\u016fsobit \u0161kodu.\" tabindex=\"0\">Uhranut\u00ed<\/span> a p\u016fsoben\u00ed z\u00e1visti. V mediter\u00e1nn\u00edch, bl\u00edzkov\u00fdchodn\u00edch a latinskoamerick\u00fdch tradic\u00edch se sv\u00edce pou\u017e\u00edv\u00e1 jako ochrana proti uhranut\u00ed, \u010dasto v kombinaci s dal\u0161\u00edmi ochrann\u00fdmi prost\u0159edky.<\/p>\n<p>Obecn\u00e9 \u0161kodliv\u00e9 kouzlo. V lidov\u00e9 magick\u00e9 praxi se sv\u00edce zapaluje, aby vy\u010distila prostor od ulp\u00edvaj\u00edc\u00ed \u0161patn\u00e9 energie, ne\u017e se pou\u017eij\u00ed dal\u0161\u00ed ochrann\u00e9 prost\u0159edky.<\/p>\n<p>Pro konkr\u00e9tn\u00ed p\u0159i\u0159azen\u00ed k bytostem z lexikonu odkazuje <a href=\"https:\/\/iwell-guard.com\/cs\/?page_id=145803\">Kompas ochrany<\/a> na p\u0159\u00edslu\u0161n\u00e9 souvislosti.<\/p>\t\t\t\t\t\t\t\t<\/div>\n\t\t\t\t<\/div>\n\t\t\t\t\t<\/div>\n\t\t\t\t<\/div>\n\t\t<div class=\"elementor-element elementor-element-iwgs-schutzkerze-s5 e-flex e-con-boxed e-con e-parent\" data-id=\"iwgs-schutzkerze-s5\" data-element_type=\"container\" data-e-type=\"container\">\n\t\t\t\t\t<div class=\"e-con-inner\">\n\t\t\t\t<div class=\"elementor-element elementor-element-iwgs-schutzkerze-s5h elementor-widget elementor-widget-heading\" data-id=\"iwgs-schutzkerze-s5h\" data-element_type=\"widget\" data-e-type=\"widget\" data-widget_type=\"heading.default\">\n\t\t\t\t\t<h2 class=\"elementor-heading-title elementor-size-default\">Pou\u017eit\u00ed a hranice<\/h2>\t\t\t\t<\/div>\n\t\t<div class=\"elementor-element elementor-element-iw-schutzkerze-s5-bw e-con-full e-flex e-con e-child\" data-id=\"iw-schutzkerze-s5-bw\" data-element_type=\"container\" data-e-type=\"container\">\n\t\t\t\t<div class=\"elementor-element elementor-element-iwgs-schutzkerze-s5t elementor-widget elementor-widget-text-editor\" data-id=\"iwgs-schutzkerze-s5t\" data-element_type=\"widget\" data-e-type=\"widget\" data-widget_type=\"text-editor.default\">\n\t\t\t\t\t\t\t\t\t<p><span class=\"iwg-fachbegriff\" data-tooltip=\"P\u0159ed\u00e1v\u00e1n\u00ed znalost\u00ed a vypr\u00e1v\u011bn\u00ed nap\u0159\u00ed\u010d generacemi.\" tabindex=\"0\">Tradice<\/span> doporu\u010duje v\u011bdom\u00e9 pou\u017eit\u00ed sv\u00edce v ur\u010dit\u00fdch \u010dasech a na ur\u010dit\u00fdch m\u00edstech: u vchodu do domu, u l\u016f\u017eka, na <span class=\"iwg-fachbegriff\" data-tooltip=\"Vyv\u00fd\u0161en\u00e9 m\u00edsto nebo st\u016fl pro ob\u011btiny a n\u00e1bo\u017eensk\u00e9 \u00fakony.\" tabindex=\"0\">olt\u00e1\u0159i<\/span>, na prahu.<\/p><p>Podle v\u011bt\u0161iny tradic by m\u011bla sv\u00edce, pokud byla zap\u00e1lena za ochrann\u00fdm \u00fa\u010delem, doho\u0159et cel\u00e1. Sfouknut\u00ed plat\u00ed na mnoha m\u00edstech za neslu\u0161n\u00e9 v\u016f\u010di zap\u00e1len\u00e9 ochran\u011b; spr\u00e1vn\u00fdm postupem je nechat ji uhasnout p\u0159iklopen\u00edm nebo doho\u0159et.<\/p>\n<p>Hranice spo\u010d\u00edv\u00e1 v \u010dasov\u00e9m omezen\u00ed dan\u00e9m ho\u0159en\u00edm. Sv\u00edce, kter\u00e1 zhasla, ji\u017e nechr\u00e1n\u00ed.<\/p><p>N\u011bkolik tradic popisuje n\u00e1hl\u00e9 zhasnut\u00ed bez pr\u016fvanu jako znamen\u00ed, \u017ee ochrann\u00e1 s\u00edla byla n\u011b\u010d\u00edm vy\u010derp\u00e1na nebo \u017ee hrozba byla mimo\u0159\u00e1dn\u011b siln\u00e1. Zda se to vykl\u00e1d\u00e1 jako \u00fasp\u011bch nebo varov\u00e1n\u00ed, z\u00e1vis\u00ed na konkr\u00e9tn\u00edm kontextu.<\/p>\n<p>Ne v\u0161echna \u0161kodliv\u00e1 p\u016fsoben\u00ed plat\u00ed za citliv\u00e1 na sv\u011btlo. Bytosti spojovan\u00e9 s ohn\u011bm nebo intenzivn\u00edm sv\u011btlem se sv\u00ed\u010dkov\u00fdm sv\u011btlem odvr\u00e1tit nedaj\u00ed. A \u00fa\u010dinek posv\u011bcen\u00fdch sv\u00edc\u00ed se v <span class=\"iwg-fachbegriff\" data-tooltip=\"P\u0159ed\u00e1v\u00e1n\u00ed znalost\u00ed a vypr\u00e1v\u011bn\u00ed nap\u0159\u00ed\u010d generacemi.\" tabindex=\"0\">tradici<\/span> hodnot\u00ed v\u00fd\u0161e ne\u017e u nesv\u011bcen\u00fdch: <span class=\"iwg-fachbegriff\" data-tooltip=\"Vysloven\u00ed p\u0159\u00e1n\u00ed ochrany a sp\u00e1sy, \u010dasto v ust\u00e1len\u00e9 jazykov\u00e9 form\u011b.\" tabindex=\"0\">po\u017eehn\u00e1n\u00ed<\/span> se pova\u017euje za zesiluj\u00edc\u00ed slo\u017eku.<\/p>\t\t\t\t\t\t\t\t<\/div>\n\t\t\t\t<\/div>\n\t\t\t\t\t<\/div>\n\t\t\t\t<\/div>\n\t\t<div class=\"elementor-element elementor-element-iwgs-schutzkerze-lit e-flex e-con-boxed e-con e-parent\" data-id=\"iwgs-schutzkerze-lit\" data-element_type=\"container\" data-e-type=\"container\">\n\t\t\t\t\t<div class=\"e-con-inner\">\n\t\t\t\t<div class=\"elementor-element elementor-element-iwgs-schutzkerze-lith elementor-widget elementor-widget-heading\" data-id=\"iwgs-schutzkerze-lith\" data-element_type=\"widget\" data-e-type=\"widget\" data-widget_type=\"heading.default\">\n\t\t\t\t\t<h2 class=\"elementor-heading-title elementor-size-default\">Literatura (v\u00fdb\u011br)<\/h2>\t\t\t\t<\/div>\n\t\t<div class=\"elementor-element elementor-element-iw-schutzkerze-lit-bw e-con-full e-flex e-con e-child\" data-id=\"iw-schutzkerze-lit-bw\" data-element_type=\"container\" data-e-type=\"container\">\n\t\t\t\t<div class=\"elementor-element elementor-element-iwgs-schutzkerze-litt elementor-widget elementor-widget-html\" data-id=\"iwgs-schutzkerze-litt\" data-element_type=\"widget\" data-e-type=\"widget\" data-widget_type=\"html.default\">\n\t\t\t\t\t<footer data-nosnippet=\"true\"><ul><li>Handw\u00f6rterbuch des deutschen Aberglaubens, hrsg. von Hanns B\u00e4chtold-St\u00e4ubli, Artikel \"Kerze\" und \"Licht\", Berlin\/Leipzig 1931\/32.<\/li><li>Lurker, Manfred: W\u00f6rterbuch der Symbolik. Stuttgart 1988.<\/li><li>P\u00f3cs, \u00c9va: Between the Living and the Dead. Budapest 1999.<\/li><li>Bastide, Roger: The African Religions of Brazil. Baltimore 1978.<\/li><li>Trachtenberg, Joshua: Jewish Magic and Superstition. New York 1939.<\/li><\/ul><\/footer>\t\t\t\t<\/div>\n\t\t\t\t<\/div>\n\t\t\t\t\t<\/div>\n\t\t\t\t<\/div>\n\t\t<div class=\"elementor-element elementor-element-iwgs-schutzkerze-kwd e-flex e-con-boxed e-con e-parent\" data-id=\"iwgs-schutzkerze-kwd\" data-element_type=\"container\" data-e-type=\"container\">\n\t\t\t\t\t<div class=\"e-con-inner\">\n\t\t<div class=\"elementor-element elementor-element-iw-schutzkerze-kwd-bw e-con-full e-flex e-con e-child\" data-id=\"iw-schutzkerze-kwd-bw\" data-element_type=\"container\" data-e-type=\"container\">\n\t\t\t\t<div class=\"elementor-element elementor-element-iwgs-schutzkerze-kwdt elementor-widget elementor-widget-text-editor\" data-id=\"iwgs-schutzkerze-kwdt\" data-element_type=\"widget\" data-e-type=\"widget\" data-widget_type=\"text-editor.default\">\n\t\t\t\t\t\t\t\t\t<p><em>P\u0159\u00edbuzn\u00e9 kl\u00ed\u010dov\u00e9 v\u00fdrazy: ochrann\u00e1 sv\u00edce sv\u00edce ochrana sv\u011bteln\u00fd ritu\u00e1l posv\u011bcen\u00e1.<\/em><\/p>\t\t\t\t\t\t\t\t<\/div>\n\t\t\t\t<\/div>\n\t\t\t\t\t<\/div>\n\t\t\t\t<\/div>\n\t\t<div class=\"elementor-element elementor-element-iwgs-schutzkerze-cc e-flex e-con-boxed e-con e-parent\" data-id=\"iwgs-schutzkerze-cc\" data-element_type=\"container\" data-e-type=\"container\" id=\"iwg-cc-schutzkerze\">\n\t\t\t\t\t<div class=\"e-con-inner\">\n\t\t<div class=\"elementor-element elementor-element-iwgs-schutzkerze-ccinner e-flex e-con-boxed e-con e-parent\" data-id=\"iwgs-schutzkerze-ccinner\" data-element_type=\"container\" data-e-type=\"container\" data-settings=\"{&quot;background_background&quot;:&quot;classic&quot;}\">\n\t\t\t\t\t<div class=\"e-con-inner\">\n\t\t\t\t<div class=\"elementor-element elementor-element-iwgs-schutzkerze-cch elementor-widget elementor-widget-heading\" data-id=\"iwgs-schutzkerze-cch\" data-element_type=\"widget\" data-e-type=\"widget\" data-widget_type=\"heading.default\">\n\t\t\t\t\t<h2 class=\"elementor-heading-title elementor-size-default\">iWell Guard a ochrann\u00e9 tradice<\/h2>\t\t\t\t<\/div>\n\t\t\t\t<div class=\"elementor-element elementor-element-iwgs-schutzkerze-cct elementor-widget elementor-widget-text-editor\" data-id=\"iwgs-schutzkerze-cct\" data-element_type=\"widget\" data-e-type=\"widget\" data-widget_type=\"text-editor.default\">\n\t\t\t\t\t\t\t\t\t<p>Sv\u00edce jako ochrann\u00fd prost\u0159edek zt\u011bles\u0148uje princip, kter\u00fd kultury objevily nez\u00e1visle na sob\u011b: v\u011bdom\u011b zap\u00e1len\u00e9 sv\u011btlo jako znamen\u00ed vzdoru v\u016f\u010di nezn\u00e1m\u00e9mu.<\/p><p>Od hromni\u010dn\u00e9 sv\u00edce v alpsk\u00e9 oblasti a\u017e po ritu\u00e1ln\u00ed sv\u00edci v afroamerick\u00fdch tradic\u00edch vy\u017eaduje zap\u00e1len\u00ed z\u00e1m\u011br a soust\u0159ed\u011bn\u00ed. <a href=\"https:\/\/iwell-guard.com\/cs\/koupit-ochranny-privesek-iwell-guard\/\">iWell Guard<\/a> nese tuto synt\u00e9zu r\u016fzn\u00fdch ochrann\u00fdch tradic jako no\u0161en\u00fd p\u0159edm\u011bt a doprov\u00e1z\u00ed nositele i tehdy, kdy\u017e \u017e\u00e1dn\u00fd plamen neho\u0159\u00ed.<\/p>\t\t\t\t\t\t\t\t<\/div>\n\t\t\t\t<div class=\"elementor-element elementor-element-iwgs-schutzkerze-ccb iwg-cc-button iwg-cc-cta-2026-05-13 elementor-widget elementor-widget-jet-button\" data-id=\"iwgs-schutzkerze-ccb\" data-element_type=\"widget\" data-e-type=\"widget\" data-widget_type=\"jet-button.default\">\n\t\t\t\t<div class=\"elementor-widget-container\">\n\t\t\t\t\t<div class=\"elementor-jet-button jet-elements\"><div class=\"jet-button__container\"><a class=\"jet-button__instance jet-button__instance--icon-left hover-effect-1\" href=\"\/schutzanhaenger-iwell-guard-kaufen\/?utm_source=iwell-guard.com&amp;utm_medium=info-box&amp;utm_campaign=schutzsymbole\"><div class=\"jet-button__plane jet-button__plane-normal\"><\/div><div class=\"jet-button__plane jet-button__plane-hover\"><\/div><div class=\"jet-button__state jet-button__state-normal\"><span class=\"jet-button__label\">V\u00edce o iWell Guard<\/span><\/div><div class=\"jet-button__state jet-button__state-hover\"><span class=\"jet-button__label\">V\u00edce o iWell Guard<\/span><\/div><\/a><\/div><\/div><style>.elementor-element.elementor-element-iwgs-schutzkerze-ccb .jet-button__instance{width:320px;height:56px;}.elementor-element.elementor-element-iwgs-schutzkerze-ccb .jet-button__state-normal .jet-button__label{text-align:center;margin:0px 0px 0px 0px;color:#1a1b20;font-family:Montserrat,sans-serif;font-size:13px;font-weight:400;letter-spacing:4px;line-height:1.714em;text-transform:uppercase;}.elementor-element.elementor-element-iwgs-schutzkerze-ccb .jet-button__state-hover .jet-button__label{text-align:center;margin:0px 0px 0px 0px;color:#FECC76;font-family:Montserrat,sans-serif;font-size:13px;font-weight:400;letter-spacing:4px;line-height:1.714em;text-transform:uppercase;}.elementor-element.elementor-element-iwgs-schutzkerze-ccb .jet-button__plane-normal{background-color:#FECC76;border-style:solid;border-color:#C99540;border-width:2px 2px 2px 2px;}.elementor-element.elementor-element-iwgs-schutzkerze-ccb .jet-button__plane-hover{background-color:rgba(0,0,0,0.55);border-style:solid;border-color:#FECC76;border-width:2px 2px 2px 2px;}<\/style>\t\t\t\t<\/div>\n\t\t\t\t<\/div>\n\t\t\t\t<div class=\"elementor-element elementor-element-iwgs-schutzkerze-ccd elementor-widget elementor-widget-text-editor\" data-id=\"iwgs-schutzkerze-ccd\" data-element_type=\"widget\" data-e-type=\"widget\" data-widget_type=\"text-editor.default\">\n\t\t\t\t\t\t\t\t\t<p style=\"text-align:center;font-size:13px;opacity:0.7;margin-top:14px\" data-nosnippet=\"true\">Osobn\u00ed zku\u0161enosti se mohou li\u0161it. Nejde o zdravotnick\u00fd prost\u0159edek. Nejde o p\u0159\u00edslib l\u00e9\u010den\u00ed.<\/p>\t\t\t\t\t\t\t\t<\/div>\n\t\t\t\t\t<\/div>\n\t\t\t\t<\/div>\n\t\t\t\t\t<\/div>\n\t\t\t\t<\/div>\n\t\t<div class=\"elementor-element elementor-element-iwgs-schutzkerze-disc e-flex e-con-boxed e-con e-parent\" data-id=\"iwgs-schutzkerze-disc\" data-element_type=\"container\" data-e-type=\"container\">\n\t\t\t\t\t<div class=\"e-con-inner\">\n\t\t<div class=\"elementor-element elementor-element-iw-schutzkerze-disc-bw e-con-full e-flex e-con e-child\" data-id=\"iw-schutzkerze-disc-bw\" data-element_type=\"container\" data-e-type=\"container\">\n\t\t\t\t<div class=\"elementor-element elementor-element-iwgs-schutzkerze-discw elementor-widget elementor-widget-html\" data-id=\"iwgs-schutzkerze-discw\" data-element_type=\"widget\" data-e-type=\"widget\" data-widget_type=\"html.default\">\n\t\t\t\t\t<footer data-nosnippet=\"true\" class=\"iwg-disclaimer-block\"><p data-nosnippet=\"true\">iWell Guard <strong>nen\u00ed zdravotnick\u00fd prost\u0159edek<\/strong> a nenahrazuje l\u00e9ka\u0159skou ani psychoterapeutickou l\u00e9\u010dbu. Zde uveden\u00fd obsah p\u0159edstavuje religionistick\u00e9 a kulturn\u011b-historick\u00e9 za\u0159azen\u00ed, nikoli p\u0159\u00edslib duchovn\u00edho \u00fa\u010dinku.<\/p><\/footer>\t\t\t\t<\/div>\n\t\t\t\t<\/div>\n\t\t\t\t\t<\/div>\n\t\t\t\t<\/div>\n\t\t\t\t<\/div>\n\t\t","protected":false},"excerpt":{"rendered":"","protected":false},"author":3,"featured_media":4128,"parent":0,"menu_order":0,"comment_status":"closed","ping_status":"closed","template":"elementor_header_footer","meta":{"_yoast_wpseo_focuskw":"ochranna-svice","_yoast_wpseo_title":"Ochrann\u00e1 sv\u00edce \u2013 sv\u011btlo jako ochrana","_yoast_wpseo_metadesc":"Ochrann\u00e1 sv\u00edce v tradici: p\u016fvod, princip p\u016fsoben\u00ed a mezikulturn\u00ed vyu\u017eit\u00ed sv\u00edce jako ritu\u00e1ln\u00edho ochrann\u00e9ho prost\u0159edku.","_yoast_wpseo_meta-robots-noindex":"","_yoast_wpseo_canonical":"","_angie_page":false,"gefaehrdungsstufe":"","wesen_kultur":"","wesen_klasse":"","footnotes":""},"categories":[],"class_list":["post-145807","page","type-page","status-publish","has-post-thumbnail","hentry"],"yoast_head":"<!-- This site is optimized with the Yoast SEO Premium plugin v27.7 (Yoast SEO v28.3) - https:\/\/yoast.com\/product\/yoast-seo-premium-wordpress\/ -->\n<title>Ochrann\u00e1 sv\u00edce \u2013 sv\u011btlo jako ochrana<\/title>\n<meta name=\"description\" content=\"Ochrann\u00e1 sv\u00edce v tradici: p\u016fvod, princip p\u016fsoben\u00ed a mezikulturn\u00ed vyu\u017eit\u00ed sv\u00edce jako ritu\u00e1ln\u00edho ochrann\u00e9ho prost\u0159edku.\" \/>\n<meta name=\"robots\" content=\"index, follow, max-snippet:-1, max-image-preview:large, max-video-preview:-1\" \/>\n<link rel=\"canonical\" href=\"https:\/\/iwell-guard.com\/cs\/ochranna-svice\/\" \/>\n<meta property=\"og:locale\" content=\"cs_CZ\" \/>\n<meta property=\"og:type\" content=\"article\" \/>\n<meta property=\"og:title\" content=\"Ochrann\u00e1 sv\u00edce\" \/>\n<meta property=\"og:description\" content=\"Ochrann\u00e1 sv\u00edce v tradici: p\u016fvod, princip p\u016fsoben\u00ed a mezikulturn\u00ed vyu\u017eit\u00ed sv\u00edce jako ritu\u00e1ln\u00edho ochrann\u00e9ho prost\u0159edku.\" \/>\n<meta property=\"og:url\" content=\"https:\/\/iwell-guard.com\/cs\/ochranna-svice\/\" \/>\n<meta property=\"og:site_name\" content=\"iWell Guard\" \/>\n<meta property=\"article:modified_time\" content=\"2026-09-03T17:06:18+00:00\" \/>\n<meta property=\"og:image\" content=\"https:\/\/iwell-guard.com\/wp-content\/uploads\/2026\/05\/schutzsymbol_universell_schutzkerze.png\" \/>\n\t<meta property=\"og:image:width\" content=\"1024\" \/>\n\t<meta property=\"og:image:height\" content=\"1536\" \/>\n\t<meta property=\"og:image:type\" content=\"image\/png\" \/>\n<meta name=\"twitter:card\" content=\"summary_large_image\" \/>\n<script type=\"application\/ld+json\" class=\"yoast-schema-graph\">{\"@context\":\"https:\\\/\\\/schema.org\",\"@graph\":[{\"@type\":\"WebPage\",\"@id\":\"https:\\\/\\\/iwell-guard.com\\\/cs\\\/ochranna-svice\\\/\",\"url\":\"https:\\\/\\\/iwell-guard.com\\\/cs\\\/ochranna-svice\\\/\",\"name\":\"Ochrann\u00e1 sv\u00edce \u2013 sv\u011btlo jako ochrana\",\"isPartOf\":{\"@id\":\"https:\\\/\\\/iwell-guard.com\\\/cs\\\/#website\"},\"primaryImageOfPage\":{\"@id\":\"https:\\\/\\\/iwell-guard.com\\\/cs\\\/ochranna-svice\\\/#primaryimage\"},\"image\":{\"@id\":\"https:\\\/\\\/iwell-guard.com\\\/cs\\\/ochranna-svice\\\/#primaryimage\"},\"thumbnailUrl\":\"https:\\\/\\\/iwell-guard.com\\\/wp-content\\\/uploads\\\/2026\\\/05\\\/schutzsymbol_universell_schutzkerze.png\",\"datePublished\":\"2026-09-03T16:33:53+00:00\",\"dateModified\":\"2026-09-03T17:06:18+00:00\",\"description\":\"Ochrann\u00e1 sv\u00edce v tradici: p\u016fvod, princip p\u016fsoben\u00ed a mezikulturn\u00ed vyu\u017eit\u00ed sv\u00edce jako ritu\u00e1ln\u00edho ochrann\u00e9ho prost\u0159edku.\",\"breadcrumb\":{\"@id\":\"https:\\\/\\\/iwell-guard.com\\\/cs\\\/ochranna-svice\\\/#breadcrumb\"},\"inLanguage\":\"cs\",\"potentialAction\":[{\"@type\":\"ReadAction\",\"target\":[\"https:\\\/\\\/iwell-guard.com\\\/cs\\\/ochranna-svice\\\/\"]}]},{\"@type\":\"ImageObject\",\"inLanguage\":\"cs\",\"@id\":\"https:\\\/\\\/iwell-guard.com\\\/cs\\\/ochranna-svice\\\/#primaryimage\",\"url\":\"https:\\\/\\\/iwell-guard.com\\\/wp-content\\\/uploads\\\/2026\\\/05\\\/schutzsymbol_universell_schutzkerze.png\",\"contentUrl\":\"https:\\\/\\\/iwell-guard.com\\\/wp-content\\\/uploads\\\/2026\\\/05\\\/schutzsymbol_universell_schutzkerze.png\",\"width\":1024,\"height\":1536,\"caption\":\"Ochrann\u00e1 sv\u00edce \u2013 sv\u011btlo proti temn\u00e9mu vlivu, historicko-ilustrativn\u00ed\"},{\"@type\":\"BreadcrumbList\",\"@id\":\"https:\\\/\\\/iwell-guard.com\\\/cs\\\/ochranna-svice\\\/#breadcrumb\",\"itemListElement\":[{\"@type\":\"ListItem\",\"position\":1,\"name\":\"Start\",\"item\":\"https:\\\/\\\/iwell-guard.com\\\/cs\\\/?page_id=145107\"},{\"@type\":\"ListItem\",\"position\":2,\"name\":\"Ochrann\u00e1 sv\u00edce\"}]},{\"@type\":\"WebSite\",\"@id\":\"https:\\\/\\\/iwell-guard.com\\\/cs\\\/#website\",\"url\":\"https:\\\/\\\/iwell-guard.com\\\/cs\\\/\",\"name\":\"iWell Guard\",\"description\":\"Schutz vor dunklen Einfl\u00fcssen\",\"publisher\":{\"@id\":\"https:\\\/\\\/iwell-guard.com\\\/cs\\\/#organization\"},\"potentialAction\":[{\"@type\":\"SearchAction\",\"target\":{\"@type\":\"EntryPoint\",\"urlTemplate\":\"https:\\\/\\\/iwell-guard.com\\\/cs\\\/?s={search_term_string}\"},\"query-input\":{\"@type\":\"PropertyValueSpecification\",\"valueRequired\":true,\"valueName\":\"search_term_string\"}}],\"inLanguage\":\"cs\"},{\"@type\":\"Organization\",\"@id\":\"https:\\\/\\\/iwell-guard.com\\\/cs\\\/#organization\",\"name\":\"Ittermann electronic GmbH\",\"url\":\"https:\\\/\\\/iwell-guard.com\\\/cs\\\/\",\"logo\":{\"@type\":\"ImageObject\",\"inLanguage\":\"cs\",\"@id\":\"https:\\\/\\\/iwell-guard.com\\\/cs\\\/#\\\/schema\\\/logo\\\/image\\\/\",\"url\":\"https:\\\/\\\/iwell-guard.com\\\/wp-content\\\/uploads\\\/2026\\\/05\\\/Ittermann-Logo-1182x237-1.png\",\"contentUrl\":\"https:\\\/\\\/iwell-guard.com\\\/wp-content\\\/uploads\\\/2026\\\/05\\\/Ittermann-Logo-1182x237-1.png\",\"width\":1182,\"height\":237,\"caption\":\"Ittermann electronic GmbH\"},\"image\":{\"@id\":\"https:\\\/\\\/iwell-guard.com\\\/cs\\\/#\\\/schema\\\/logo\\\/image\\\/\"},\"sameAs\":[\"https:\\\/\\\/pantip.com\\\/profile\\\/9367242\",\"https:\\\/\\\/micro.blog\\\/iwellguard\",\"https:\\\/\\\/www.diggerslist.com\\\/iwellguard\\\/about\",\"https:\\\/\\\/skitterphoto.com\\\/photographers\\\/2870314\\\/iwell-guard\",\"https:\\\/\\\/iwellguard.wordpress.com\\\/2026\\\/06\\\/06\\\/iwell-guard\\\/\",\"https:\\\/\\\/hub.docker.com\\\/u\\\/iwellguard\",\"https:\\\/\\\/www.pinterest.com\\\/iwellguard\\\/\",\"https:\\\/\\\/bit.ly\\\/m\\\/iwellguard\",\"https:\\\/\\\/entre-vos-mains.alsace.eu\\\/profiles\\\/iwellguard\\\/activity\",\"https:\\\/\\\/gravatar.com\\\/reallybeded8fd34\",\"https:\\\/\\\/naijamatta.com\\\/iwellguard\",\"https:\\\/\\\/www.goodreads.com\\\/iwellguard\",\"https:\\\/\\\/profile.hatena.ne.jp\\\/iwellguard\\\/\",\"https:\\\/\\\/experiment.com\\\/users\\\/iwellguard\",\"https:\\\/\\\/wakelet.com\\\/@iWellGuard82270\",\"https:\\\/\\\/www.chordie.com\\\/forum\\\/profile.php?id=2555664\",\"https:\\\/\\\/www.instapaper.com\\\/p\\\/17757966\",\"https:\\\/\\\/www.mapleprimes.com\\\/users\\\/iwellguard\",\"https:\\\/\\\/businesslistingplus.com\\\/profile\\\/iwell-guard\\\/\",\"https:\\\/\\\/telegra.ph\\\/iWell-Guard-06-06\",\"https:\\\/\\\/pbase.com\\\/iwellguard\\\/iwellguard\",\"https:\\\/\\\/b.hatena.ne.jp\\\/iwellguard\\\/20260607#bookmark-4788405196491818882\",\"https:\\\/\\\/fliphtml5.com\\\/home\\\/iwellguard\",\"https:\\\/\\\/anyflip.com\\\/homepage\\\/cmiwl#About\",\"https:\\\/\\\/transfur.com\\\/Users\\\/iwellguard\",\"http:\\\/\\\/delphi.larsbo.org\\\/user\\\/iwellguard\",\"https:\\\/\\\/jobs.lajobsportal.org\\\/profiles\\\/8380803-iwell-guard\",\"https:\\\/\\\/md.chaosdorf.de\\\/s\\\/jfbe5SBdJD\",\"https:\\\/\\\/www.lingvolive.com\\\/en-us\\\/profile\\\/9ecaeaca-ce11-4e51-9e71-01d55e2bff36\\\/translations\",\"https:\\\/\\\/www.fitday.com\\\/fitness\\\/forums\\\/members\\\/iwellguard.html\",\"https:\\\/\\\/www.mymeetbook.com\\\/iwellguard\",\"https:\\\/\\\/pxhere.com\\\/en\\\/photographer-me\\\/5040798\",\"https:\\\/\\\/disqus.com\\\/by\\\/iwellguard\\\/about\\\/\",\"https:\\\/\\\/pastelink.net\\\/hjwciqwq\",\"https:\\\/\\\/pubhtml5.com\\\/homepage\\\/scjhn\\\/\",\"https:\\\/\\\/www.bitchute.com\\\/channel\\\/2O2eOKzNqujT\",\"https:\\\/\\\/audiomack.com\\\/iwellguard\"]}]}<\/script>\n<!-- \/ Yoast SEO Premium plugin. -->","yoast_head_json":{"title":"Ochrann\u00e1 sv\u00edce \u2013 sv\u011btlo jako ochrana","description":"Ochrann\u00e1 sv\u00edce v tradici: p\u016fvod, princip p\u016fsoben\u00ed a mezikulturn\u00ed vyu\u017eit\u00ed sv\u00edce jako ritu\u00e1ln\u00edho ochrann\u00e9ho prost\u0159edku.","robots":{"index":"index","follow":"follow","max-snippet":"max-snippet:-1","max-image-preview":"max-image-preview:large","max-video-preview":"max-video-preview:-1"},"canonical":"https:\/\/iwell-guard.com\/cs\/ochranna-svice\/","og_locale":"cs_CZ","og_type":"article","og_title":"Ochrann\u00e1 sv\u00edce","og_description":"Ochrann\u00e1 sv\u00edce v tradici: p\u016fvod, princip p\u016fsoben\u00ed a mezikulturn\u00ed vyu\u017eit\u00ed sv\u00edce jako ritu\u00e1ln\u00edho ochrann\u00e9ho prost\u0159edku.","og_url":"https:\/\/iwell-guard.com\/cs\/ochranna-svice\/","og_site_name":"iWell Guard","article_modified_time":"2026-09-03T17:06:18+00:00","og_image":[{"width":1024,"height":1536,"url":"https:\/\/iwell-guard.com\/wp-content\/uploads\/2026\/05\/schutzsymbol_universell_schutzkerze.png","type":"image\/png"}],"twitter_card":"summary_large_image","schema":{"@context":"https:\/\/schema.org","@graph":[{"@type":"WebPage","@id":"https:\/\/iwell-guard.com\/cs\/ochranna-svice\/","url":"https:\/\/iwell-guard.com\/cs\/ochranna-svice\/","name":"Ochrann\u00e1 sv\u00edce \u2013 sv\u011btlo jako ochrana","isPartOf":{"@id":"https:\/\/iwell-guard.com\/cs\/#website"},"primaryImageOfPage":{"@id":"https:\/\/iwell-guard.com\/cs\/ochranna-svice\/#primaryimage"},"image":{"@id":"https:\/\/iwell-guard.com\/cs\/ochranna-svice\/#primaryimage"},"thumbnailUrl":"https:\/\/iwell-guard.com\/wp-content\/uploads\/2026\/05\/schutzsymbol_universell_schutzkerze.png","datePublished":"2026-09-03T16:33:53+00:00","dateModified":"2026-09-03T17:06:18+00:00","description":"Ochrann\u00e1 sv\u00edce v tradici: p\u016fvod, princip p\u016fsoben\u00ed a mezikulturn\u00ed vyu\u017eit\u00ed sv\u00edce jako ritu\u00e1ln\u00edho ochrann\u00e9ho prost\u0159edku.","breadcrumb":{"@id":"https:\/\/iwell-guard.com\/cs\/ochranna-svice\/#breadcrumb"},"inLanguage":"cs","potentialAction":[{"@type":"ReadAction","target":["https:\/\/iwell-guard.com\/cs\/ochranna-svice\/"]}]},{"@type":"ImageObject","inLanguage":"cs","@id":"https:\/\/iwell-guard.com\/cs\/ochranna-svice\/#primaryimage","url":"https:\/\/iwell-guard.com\/wp-content\/uploads\/2026\/05\/schutzsymbol_universell_schutzkerze.png","contentUrl":"https:\/\/iwell-guard.com\/wp-content\/uploads\/2026\/05\/schutzsymbol_universell_schutzkerze.png","width":1024,"height":1536,"caption":"Ochrann\u00e1 sv\u00edce \u2013 sv\u011btlo proti temn\u00e9mu vlivu, historicko-ilustrativn\u00ed"},{"@type":"BreadcrumbList","@id":"https:\/\/iwell-guard.com\/cs\/ochranna-svice\/#breadcrumb","itemListElement":[{"@type":"ListItem","position":1,"name":"Start","item":"https:\/\/iwell-guard.com\/cs\/?page_id=145107"},{"@type":"ListItem","position":2,"name":"Ochrann\u00e1 sv\u00edce"}]},{"@type":"WebSite","@id":"https:\/\/iwell-guard.com\/cs\/#website","url":"https:\/\/iwell-guard.com\/cs\/","name":"iWell Guard","description":"Schutz vor dunklen Einfl\u00fcssen","publisher":{"@id":"https:\/\/iwell-guard.com\/cs\/#organization"},"potentialAction":[{"@type":"SearchAction","target":{"@type":"EntryPoint","urlTemplate":"https:\/\/iwell-guard.com\/cs\/?s={search_term_string}"},"query-input":{"@type":"PropertyValueSpecification","valueRequired":true,"valueName":"search_term_string"}}],"inLanguage":"cs"},{"@type":"Organization","@id":"https:\/\/iwell-guard.com\/cs\/#organization","name":"Ittermann electronic GmbH","url":"https:\/\/iwell-guard.com\/cs\/","logo":{"@type":"ImageObject","inLanguage":"cs","@id":"https:\/\/iwell-guard.com\/cs\/#\/schema\/logo\/image\/","url":"https:\/\/iwell-guard.com\/wp-content\/uploads\/2026\/05\/Ittermann-Logo-1182x237-1.png","contentUrl":"https:\/\/iwell-guard.com\/wp-content\/uploads\/2026\/05\/Ittermann-Logo-1182x237-1.png","width":1182,"height":237,"caption":"Ittermann electronic GmbH"},"image":{"@id":"https:\/\/iwell-guard.com\/cs\/#\/schema\/logo\/image\/"},"sameAs":["https:\/\/pantip.com\/profile\/9367242","https:\/\/micro.blog\/iwellguard","https:\/\/www.diggerslist.com\/iwellguard\/about","https:\/\/skitterphoto.com\/photographers\/2870314\/iwell-guard","https:\/\/iwellguard.wordpress.com\/2026\/06\/06\/iwell-guard\/","https:\/\/hub.docker.com\/u\/iwellguard","https:\/\/www.pinterest.com\/iwellguard\/","https:\/\/bit.ly\/m\/iwellguard","https:\/\/entre-vos-mains.alsace.eu\/profiles\/iwellguard\/activity","https:\/\/gravatar.com\/reallybeded8fd34","https:\/\/naijamatta.com\/iwellguard","https:\/\/www.goodreads.com\/iwellguard","https:\/\/profile.hatena.ne.jp\/iwellguard\/","https:\/\/experiment.com\/users\/iwellguard","https:\/\/wakelet.com\/@iWellGuard82270","https:\/\/www.chordie.com\/forum\/profile.php?id=2555664","https:\/\/www.instapaper.com\/p\/17757966","https:\/\/www.mapleprimes.com\/users\/iwellguard","https:\/\/businesslistingplus.com\/profile\/iwell-guard\/","https:\/\/telegra.ph\/iWell-Guard-06-06","https:\/\/pbase.com\/iwellguard\/iwellguard","https:\/\/b.hatena.ne.jp\/iwellguard\/20260607#bookmark-4788405196491818882","https:\/\/fliphtml5.com\/home\/iwellguard","https:\/\/anyflip.com\/homepage\/cmiwl#About","https:\/\/transfur.com\/Users\/iwellguard","http:\/\/delphi.larsbo.org\/user\/iwellguard","https:\/\/jobs.lajobsportal.org\/profiles\/8380803-iwell-guard","https:\/\/md.chaosdorf.de\/s\/jfbe5SBdJD","https:\/\/www.lingvolive.com\/en-us\/profile\/9ecaeaca-ce11-4e51-9e71-01d55e2bff36\/translations","https:\/\/www.fitday.com\/fitness\/forums\/members\/iwellguard.html","https:\/\/www.mymeetbook.com\/iwellguard","https:\/\/pxhere.com\/en\/photographer-me\/5040798","https:\/\/disqus.com\/by\/iwellguard\/about\/","https:\/\/pastelink.net\/hjwciqwq","https:\/\/pubhtml5.com\/homepage\/scjhn\/","https:\/\/www.bitchute.com\/channel\/2O2eOKzNqujT","https:\/\/audiomack.com\/iwellguard"]}]}},"_links":{"self":[{"href":"https:\/\/iwell-guard.com\/cs\/wp-json\/wp\/v2\/pages\/145807","targetHints":{"allow":["GET"]}}],"collection":[{"href":"https:\/\/iwell-guard.com\/cs\/wp-json\/wp\/v2\/pages"}],"about":[{"href":"https:\/\/iwell-guard.com\/cs\/wp-json\/wp\/v2\/types\/page"}],"author":[{"embeddable":true,"href":"https:\/\/iwell-guard.com\/cs\/wp-json\/wp\/v2\/users\/3"}],"replies":[{"embeddable":true,"href":"https:\/\/iwell-guard.com\/cs\/wp-json\/wp\/v2\/comments?post=145807"}],"version-history":[{"count":0,"href":"https:\/\/iwell-guard.com\/cs\/wp-json\/wp\/v2\/pages\/145807\/revisions"}],"wp:featuredmedia":[{"embeddable":true,"href":"https:\/\/iwell-guard.com\/cs\/wp-json\/wp\/v2\/media\/4128"}],"wp:attachment":[{"href":"https:\/\/iwell-guard.com\/cs\/wp-json\/wp\/v2\/media?parent=145807"}],"wp:term":[{"taxonomy":"category","embeddable":true,"href":"https:\/\/iwell-guard.com\/cs\/wp-json\/wp\/v2\/categories?post=145807"}],"curies":[{"name":"wp","href":"https:\/\/api.w.org\/{rel}","templated":true}]}}