{"id":145802,"date":"2026-09-03T16:33:50","date_gmt":"2026-09-03T16:33:50","guid":{"rendered":"https:\/\/iwell-guard.com\/?page_id=145802"},"modified":"2026-09-03T17:06:10","modified_gmt":"2026-09-03T17:06:10","slug":"sul-jako-ochrana","status":"publish","type":"page","link":"https:\/\/iwell-guard.com\/cs\/sul-jako-ochrana\/","title":{"rendered":"S\u016fl jako ochrana"},"content":{"rendered":"\t\t<div data-elementor-type=\"wp-page\" data-elementor-id=\"145802\" class=\"elementor elementor-145802 elementor-3784 elementor-bc-flex-widget\" data-elementor-post-type=\"page\">\n\t\t\t\t<div class=\"elementor-element elementor-element-iwgs-salz-hero e-flex e-con-boxed e-con e-parent\" data-id=\"iwgs-salz-hero\" data-element_type=\"container\" data-e-type=\"container\">\n\t\t\t\t\t<div class=\"e-con-inner\">\n\t\t<div class=\"elementor-element elementor-element-iw-salz-hero-left e-con-full e-flex e-con e-child\" data-id=\"iw-salz-hero-left\" data-element_type=\"container\" data-e-type=\"container\">\n\t\t\t\t<div class=\"elementor-element elementor-element-iwgs-salz-h1 elementor-widget elementor-widget-heading\" data-id=\"iwgs-salz-h1\" data-element_type=\"widget\" data-e-type=\"widget\" data-widget_type=\"heading.default\">\n\t\t\t\t\t<h1 class=\"elementor-heading-title elementor-size-default\">S\u016fl jako ochrana \u2013 o\u010dista a vymezen\u00ed hranic<\/h1>\t\t\t\t<\/div>\n\t\t<div class=\"elementor-element elementor-element-iw-salz-hero-bw e-con-full e-flex e-con e-child\" data-id=\"iw-salz-hero-bw\" data-element_type=\"container\" data-e-type=\"container\">\n\t\t\t\t<div class=\"elementor-element elementor-element-iwgs-salz-pills elementor-widget elementor-widget-html\" data-id=\"iwgs-salz-pills\" data-element_type=\"widget\" data-e-type=\"widget\" data-widget_type=\"html.default\">\n\t\t\t\t\t<div class=\"iwg-pill-row\"><span class=\"iwg-klasse-badge\" tabindex=\"0\" data-tooltip=\"Druh ochrann\u00e9ho prost\u0159edku.\">Ochrann\u00e1 l\u00e1tka<\/span><a href=\"https:\/\/iwell-guard.com\/cs\/?page_id=145785\" class=\"iwg-kultur-badge\" tabindex=\"0\" data-tooltip=\"K p\u0159ehledu.\">Ochrann\u00e9 l\u00e1tky a rostliny<\/a><\/div>\t\t\t\t<\/div>\n\t\t\t\t<div class=\"elementor-element elementor-element-iwgs-salz-lead elementor-widget elementor-widget-text-editor\" data-id=\"iwgs-salz-lead\" data-element_type=\"widget\" data-e-type=\"widget\" data-widget_type=\"text-editor.default\">\n\t\t\t\t\t\t\t\t\t<p>S\u016fl pat\u0159\u00ed k nejstar\u0161\u00edm a kulturn\u011b nejroz\u0161\u00ed\u0159en\u011bj\u0161\u00edm ochrann\u00fdm l\u00e1tk\u00e1m, kter\u00e9 <span class=\"iwg-fachbegriff\" data-tooltip=\"V\u011bdn\u00ed obor, kter\u00fd zkoum\u00e1 lidovou kulturu, zvyky a tradovan\u00e9 p\u0159edstavy.\" tabindex=\"0\">n\u00e1rodopis<\/span> zn\u00e1.<\/p><p>Jako miner\u00e1l, kter\u00fd slou\u017e\u00ed od prehistorie ke konzervov\u00e1n\u00ed potravin, z\u00edskala s\u016fl brzy symbolick\u00fd v\u00fdznam: co chr\u00e1n\u00ed maso p\u0159ed zka\u017een\u00edm, chr\u00e1n\u00ed podle n\u00e1rodopisn\u00e9 logiky i \u017eiv\u00e9 p\u0159ed zk\u00e1zou. <span class=\"iwg-fachbegriff\" data-tooltip=\"P\u0159ed\u00e1v\u00e1n\u00ed v\u011bdomost\u00ed a vypr\u00e1v\u011bn\u00ed z generace na generaci.\" tabindex=\"0\">Tradice<\/span> r\u016fzn\u00fdch kultur p\u0159isuzuje soli o\u010distn\u00e9, zakl\u00ednac\u00ed a hranice chr\u00e1n\u00edc\u00ed vlastnosti.<\/p>\n<p>Na str\u00e1nk\u00e1ch <a href=\"https:\/\/iwell-guard.com\/cs\/?page_id=145785\">Ochrann\u00e9 l\u00e1tky a ochrann\u00e9 rostliny<\/a> je s\u016fl nejzn\u00e1m\u011bj\u0161\u00edm a nejroz\u0161\u00ed\u0159en\u011bj\u0161\u00edm p\u0159\u00edkladem: b\u011b\u017en\u00e1 l\u00e1tka, kter\u00e1 se t\u00e9m\u011b\u0159 v ka\u017ed\u00e9 dom\u00e1c\u00ed kultu\u0159e star\u00e9ho sv\u011bta stala ochrann\u00fdm prost\u0159edkem.<\/p>\n<p class=\"iwg-kwfix\">Soln\u00e1 linie p\u016fsob\u00ed jako hranice, kterou podle tradice nemohou \u0161kodliv\u00e9 bytosti p\u0159ekro\u010dit. Linie ze soli jsou podle tradice pova\u017eov\u00e1ny za \u00fa\u010dinn\u00e9 hranice proti \u0161kodliv\u00fdm vliv\u016fm.<\/p>\t\t\t\t\t\t\t\t<\/div>\n\t\t\t\t<\/div>\n\t\t\t\t<\/div>\n\t\t<div class=\"elementor-element elementor-element-iw-salz-hero-img e-con-full e-flex e-con e-child\" data-id=\"iw-salz-hero-img\" data-element_type=\"container\" data-e-type=\"container\">\n\t\t\t\t<div class=\"elementor-element elementor-element-iwgs-salz-himg iwg-hero-image elementor-widget elementor-widget-image\" data-id=\"iwgs-salz-himg\" data-element_type=\"widget\" data-e-type=\"widget\" data-widget_type=\"image.default\">\n\t\t\t\t\t\t\t\t\t\t\t\t\t\t\t<img fetchpriority=\"high\" decoding=\"async\" width=\"683\" height=\"1024\" src=\"https:\/\/iwell-guard.com\/wp-content\/uploads\/2026\/05\/schutzsymbol_universell_salz-683x1024.png\" class=\"attachment-large size-large wp-image-146979\" alt=\"S\u016fl jako ochrana \u2013 \u010di\u0161t\u011bn\u00ed a vymezen\u00ed hranic, historicko-ilustrativn\u00ed\" srcset=\"https:\/\/iwell-guard.com\/wp-content\/uploads\/2026\/05\/schutzsymbol_universell_salz-683x1024.png 683w, https:\/\/iwell-guard.com\/wp-content\/uploads\/2026\/05\/schutzsymbol_universell_salz-200x300.png 200w, https:\/\/iwell-guard.com\/wp-content\/uploads\/2026\/05\/schutzsymbol_universell_salz-768x1152.png 768w, https:\/\/iwell-guard.com\/wp-content\/uploads\/2026\/05\/schutzsymbol_universell_salz.png 1024w\" sizes=\"(max-width: 683px) 100vw, 683px\" \/>\t\t\t\t\t\t\t\t\t\t\t\t\t\t\t<\/div>\n\t\t\t\t<\/div>\n\t\t\t\t\t<\/div>\n\t\t\t\t<\/div>\n\t\t<div class=\"elementor-element elementor-element-iwgs-salz-s0 e-flex e-con-boxed e-con e-parent\" data-id=\"iwgs-salz-s0\" data-element_type=\"container\" data-e-type=\"container\">\n\t\t\t\t\t<div class=\"e-con-inner\">\n\t\t\t\t<div class=\"elementor-element elementor-element-iwgs-salz-s0h elementor-widget elementor-widget-heading\" data-id=\"iwgs-salz-s0h\" data-element_type=\"widget\" data-e-type=\"widget\" data-widget_type=\"heading.default\">\n\t\t\t\t\t<h2 class=\"elementor-heading-title elementor-size-default\">Rychl\u00fd p\u0159ehled<\/h2>\t\t\t\t<\/div>\n\t\t<div class=\"elementor-element elementor-element-iw-salz-s0-bw e-con-full e-flex e-con e-child\" data-id=\"iw-salz-s0-bw\" data-element_type=\"container\" data-e-type=\"container\">\n\t\t\t\t<div class=\"elementor-element elementor-element-iwgs-salz-s0t elementor-widget elementor-widget-text-editor\" data-id=\"iwgs-salz-s0t\" data-element_type=\"widget\" data-e-type=\"widget\" data-widget_type=\"text-editor.default\">\n\t\t\t\t\t\t\t\t\t<p>Podle <span class=\"iwg-fachbegriff\" data-tooltip=\"P\u0159ed\u00e1v\u00e1n\u00ed v\u011bdomost\u00ed a vypr\u00e1v\u011bn\u00ed z generace na generaci.\" tabindex=\"0\">tradice<\/span> je s\u016fl \u010distic\u00edm prost\u0159edkem, kter\u00fd m\u00e1 odvracet vn\u011bj\u0161\u00ed ohro\u017een\u00ed a z\u00e1rove\u0148 vyh\u00e1n\u011bt ji\u017e proniklou ne\u010distotu. Sype se na prahy, do kout\u016f m\u00edstnost\u00ed a nad dve\u0159n\u00ed otvory.<\/p><p>Mnoh\u00e9 tradice pou\u017e\u00edvaj\u00ed s\u016fl p\u0159i vstupu do nov\u00e9ho domu nebo p\u0159i k\u0159estn\u00edch ob\u0159adech, aby vy\u010distily prostor nebo osobu. Za zvl\u00e1\u0161\u0165 \u00fa\u010dinnou je podle r\u016fzn\u00fdch tradic pova\u017eov\u00e1na mo\u0159sk\u00e1 s\u016fl nebo hrub\u00e1, neupraven\u00e1 s\u016fl.<\/p>\t\t\t\t\t\t\t\t<\/div>\n\t\t\t\t<\/div>\n\t\t\t\t\t<\/div>\n\t\t\t\t<\/div>\n\t\t<div class=\"elementor-element elementor-element-iwgs-salz-s1 e-flex e-con-boxed e-con e-parent\" data-id=\"iwgs-salz-s1\" data-element_type=\"container\" data-e-type=\"container\">\n\t\t\t\t\t<div class=\"e-con-inner\">\n\t\t\t\t<div class=\"elementor-element elementor-element-iwgs-salz-s1h elementor-widget elementor-widget-heading\" data-id=\"iwgs-salz-s1h\" data-element_type=\"widget\" data-e-type=\"widget\" data-widget_type=\"heading.default\">\n\t\t\t\t\t<h2 class=\"elementor-heading-title elementor-size-default\">P\u016fvod a tradice<\/h2>\t\t\t\t<\/div>\n\t\t<div class=\"elementor-element elementor-element-iw-salz-s1-bw e-con-full e-flex e-con e-child\" data-id=\"iw-salz-s1-bw\" data-element_type=\"container\" data-e-type=\"container\">\n\t\t\t\t<div class=\"elementor-element elementor-element-iwgs-salz-s1t elementor-widget elementor-widget-text-editor\" data-id=\"iwgs-salz-s1t\" data-element_type=\"widget\" data-e-type=\"widget\" data-widget_type=\"text-editor.default\">\n\t\t\t\t\t\t\t\t\t<p>Ochrann\u00e9 pou\u017eit\u00ed soli je dolo\u017eeno v p\u00edsemn\u00fdch pramenech ji\u017e od starov\u011bku. Ve Star\u00e9m z\u00e1kon\u011b je s\u016fl zmi\u0148ov\u00e1na jako sou\u010d\u00e1st ob\u011bt\u00ed a o\u010distn\u00fdch ob\u0159ad\u016f: prorok Elizeus podle 2. Kr\u00e1lovsk\u00e9 2,19-22 h\u00e1z\u00ed s\u016fl do otr\u00e1ven\u00e9ho pramene, aby jej vy\u010distil.<\/p><p>V \u0159\u00edmsk\u00e9m <span class=\"iwg-fachbegriff\" data-tooltip=\"Ust\u00e1len\u00fd, opakuj\u00edc\u00ed se n\u00e1bo\u017eensk\u00fd \u00fakon.\" tabindex=\"0\">ob\u0159adu<\/span> byli novorozenci kr\u00e1tce po narozen\u00ed posyp\u00e1v\u00e1ni sol\u00ed, aby se odvr\u00e1tilo zl\u00e9 p\u016fsoben\u00ed, <span class=\"iwg-fachbegriff\" data-tooltip=\"Tradovan\u00fd \u00fakon, kter\u00fd se v r\u00e1mci spole\u010denstv\u00ed pravideln\u011b opakuje.\" tabindex=\"0\">zvyk<\/span>, kter\u00fd v upraven\u00e9 form\u011b p\u0159e\u0161el do k\u0159es\u0165ansk\u00e9 k\u0159estn\u00ed liturgie.<\/p>\n<p>V n\u011bmeck\u00e9m <span class=\"iwg-fachbegriff\" data-tooltip=\"V\u011bdn\u00ed obor, kter\u00fd zkoum\u00e1 lidovou kulturu, zvyky a tradovan\u00e9 p\u0159edstavy.\" tabindex=\"0\">n\u00e1rodopisu<\/span> st\u0159edov\u011bku a ran\u00e9ho novov\u011bku se s\u016fl jako ochrann\u00fd prost\u0159edek objevuje v mnoha souvislostech.<\/p><p>Handw\u00f6rterbuch des deutschen Aberglaubens uv\u00e1d\u00ed doklady o soli na prahu, soli ve st\u00e1j\u00edch proti o\u010darov\u00e1n\u00ed ml\u00e9ka, soli v d\u011btsk\u00fdch post\u00fdlk\u00e1ch proti riziku podvr\u017een\u00ed d\u00edt\u011bte a soli jako sou\u010d\u00e1sti ochrann\u00fdch sm\u011bs\u00ed spolu s dal\u0161\u00edmi ochrann\u00fdmi l\u00e1tkami.<\/p>\n<p>Ve v\u00fdchodoevropsk\u00e9m <span class=\"iwg-fachbegriff\" data-tooltip=\"V\u011bdn\u00ed obor, kter\u00fd zkoum\u00e1 lidovou kulturu, zvyky a tradovan\u00e9 p\u0159edstavy.\" tabindex=\"0\">n\u00e1rodopisu<\/span>, zejm\u00e9na v oblastech se silnou up\u00edrskou tradic\u00ed, pat\u0159\u00ed s\u016fl spolu s <a href=\"https:\/\/iwell-guard.com\/cs\/?page_id=145796\">\u010desnekem<\/a> k z\u00e1kladn\u00ed ochrann\u00e9 v\u00fdbav\u011b.<\/p><p>V Japonsku se po poh\u0159bech sype s\u016fl p\u0159es pr\u00e1h, aby se zabr\u00e1nilo n\u00e1vratu mrtv\u00fdch; stejn\u00fd princip se objevuje i v jin\u00fdch v\u00fdchodoasijsk\u00fdch kultur\u00e1ch. V isl\u00e1msk\u00e9 <span class=\"iwg-fachbegriff\" data-tooltip=\"Religiozita \u017eit\u00e1 v ka\u017edodenn\u00edm \u017eivot\u011b, \u010dasto soub\u011b\u017en\u011b s ofici\u00e1ln\u00ed naukou.\" tabindex=\"0\">lidov\u00e9 religiozit\u011b<\/span> je s\u016fl v severn\u00ed Africe a na Bl\u00edzk\u00e9m v\u00fdchod\u011b pova\u017eov\u00e1na za ochranu proti d\u017ein\u016fm.<\/p>\t\t\t\t\t\t\t\t<\/div>\n\t\t\t\t<\/div>\n\t\t\t\t\t<\/div>\n\t\t\t\t<\/div>\n\t\t<div class=\"elementor-element elementor-element-iwgs-salz-s2 e-flex e-con-boxed e-con e-parent\" data-id=\"iwgs-salz-s2\" data-element_type=\"container\" data-e-type=\"container\">\n\t\t\t\t\t<div class=\"e-con-inner\">\n\t\t\t\t<div class=\"elementor-element elementor-element-iwgs-salz-s2h elementor-widget elementor-widget-heading\" data-id=\"iwgs-salz-s2h\" data-element_type=\"widget\" data-e-type=\"widget\" data-widget_type=\"heading.default\">\n\t\t\t\t\t<h2 class=\"elementor-heading-title elementor-size-default\">Princip p\u016fsoben\u00ed podle tradice<\/h2>\t\t\t\t<\/div>\n\t\t<div class=\"elementor-element elementor-element-iw-salz-s2-bw e-con-full e-flex e-con e-child\" data-id=\"iw-salz-s2-bw\" data-element_type=\"container\" data-e-type=\"container\">\n\t\t\t\t<div class=\"elementor-element elementor-element-iwgs-salz-s2t elementor-widget elementor-widget-text-editor\" data-id=\"iwgs-salz-s2t\" data-element_type=\"widget\" data-e-type=\"widget\" data-widget_type=\"text-editor.default\">\n\t\t\t\t\t\t\t\t\t<p>Pro\u010d <span class=\"iwg-fachbegriff\" data-tooltip=\"P\u0159ed\u00e1v\u00e1n\u00ed v\u011bdomost\u00ed a vypr\u00e1v\u011bn\u00ed z generace na generaci.\" tabindex=\"0\">tradice<\/span> p\u0159isuzuje soli tuto s\u00edlu? N\u00e1rodopisn\u00e1 literatura uv\u00e1d\u00ed n\u011bkolik dopl\u0148uj\u00edc\u00edch se vysv\u011btlen\u00ed.<\/p>\n<p>Konzerva\u010dn\u00ed vlastnost soli se symbolicky p\u0159enesla na obecnou schopnost zapuzovat zk\u00e1zu. Co hnije, co se rozkl\u00e1d\u00e1 a co vyhled\u00e1v\u00e1 temnotu a vlhkost, podle t\u00e9to logiky nesn\u00e1\u0161\u00ed vysu\u0161uj\u00edc\u00ed a \u010distic\u00ed \u00fa\u010dinek soli.<\/p>\n<p>K tomu se p\u0159id\u00e1v\u00e1 hrani\u010dn\u00ed povaha soli: jako miner\u00e1l mo\u0159e, tedy velk\u00e9 odd\u011bluj\u00edc\u00ed vodn\u00ed plochy, je s\u016fl v mnoha kultur\u00e1ch pova\u017eov\u00e1na za p\u0159irozenou hrani\u010dn\u00ed l\u00e1tku.<\/p><p>Soln\u00e1 linie vyzna\u010duje hranici, kterou by \u0161kodliv\u00e9 bytosti nemohly p\u0159ekro\u010dit. Tato p\u0159edstava se nejsiln\u011bji projevuje v evropsk\u00e9 obran\u011b proti \u010darod\u011bjnictv\u00ed, kde soln\u00e9 linie na dve\u0159n\u00edch praz\u00edch pat\u0159\u00ed k nej\u010dast\u011bji popisovan\u00fdm ochrann\u00fdm opat\u0159en\u00edm.<\/p>\n<p>V kultur\u00e1ch ovlivn\u011bn\u00fdch k\u0159es\u0165anstv\u00edm m\u00e1 s\u016fl nav\u00edc vlastn\u00ed sv\u00e1tostn\u00fd n\u00e1boj: jako sou\u010d\u00e1st sv\u011bcen\u00e9 vody a k\u0159estn\u00edho ob\u0159adu je to c\u00edrkevn\u011b posv\u011bcen\u00e1 l\u00e1tka, jej\u00ed\u017e p\u016fsoben\u00ed se v lidov\u00e9 zbo\u017enosti roz\u0161\u00ed\u0159ilo i na dom\u00e1c\u00ed prost\u0159ed\u00ed.<\/p>\t\t\t\t\t\t\t\t<\/div>\n\t\t\t\t<\/div>\n\t\t\t\t\t<\/div>\n\t\t\t\t<\/div>\n\t\t<div class=\"elementor-element elementor-element-iwgs-salz-s3 e-flex e-con-boxed e-con e-parent\" data-id=\"iwgs-salz-s3\" data-element_type=\"container\" data-e-type=\"container\">\n\t\t\t\t\t<div class=\"e-con-inner\">\n\t\t\t\t<div class=\"elementor-element elementor-element-iwgs-salz-s3h elementor-widget elementor-widget-heading\" data-id=\"iwgs-salz-s3h\" data-element_type=\"widget\" data-e-type=\"widget\" data-widget_type=\"heading.default\">\n\t\t\t\t\t<h2 class=\"elementor-heading-title elementor-size-default\">Roz\u0161\u00ed\u0159en\u00ed nap\u0159\u00ed\u010d kulturami<\/h2>\t\t\t\t<\/div>\n\t\t<div class=\"elementor-element elementor-element-iw-salz-s3-bw e-con-full e-flex e-con e-child\" data-id=\"iw-salz-s3-bw\" data-element_type=\"container\" data-e-type=\"container\">\n\t\t\t\t<div class=\"elementor-element elementor-element-iwgs-salz-s3t elementor-widget elementor-widget-text-editor\" data-id=\"iwgs-salz-s3t\" data-element_type=\"widget\" data-e-type=\"widget\" data-widget_type=\"text-editor.default\">\n\t\t\t\t\t\t\t\t\t<p>Ochrann\u00e1 funkce soli je dolo\u017eena v pozoruhodn\u011b mnoha kulturn\u00edch okruz\u00edch:<\/p>\n<p>V <strong>Evrop\u011b<\/strong> se soln\u00e1 linie na prahu dve\u0159\u00ed t\u00e1hne od Irska p\u0159es N\u011bmecko a Polsko a\u017e po Bulharsko a je sou\u010d\u00e1st\u00ed <span class=\"iwg-fachbegriff\" data-tooltip=\"P\u0159ed\u00e1v\u00e1n\u00ed v\u011bdomost\u00ed a vypr\u00e1v\u011bn\u00ed nap\u0159\u00ed\u010d generacemi.\" tabindex=\"0\">tradice<\/span>. V Anglii bylo <span class=\"iwg-fachbegriff\" data-tooltip=\"Tradovan\u00fd zvyk, opakovan\u011b provozovan\u00fd v r\u00e1mci ur\u010dit\u00e9ho spole\u010denstv\u00ed.\" tabindex=\"0\">zvykem<\/span> d\u00e1t novorozenci na jazyk \u0161petku soli, ne\u017e poprv\u00e9 opustil d\u016fm.<\/p>\n<p>Na <strong>Bl\u00edzk\u00e9m v\u00fdchod\u011b<\/strong> a v severn\u00ed Africe pat\u0159\u00ed s\u016fl k nejstar\u0161\u00edm <span class=\"iwg-fachbegriff\" data-tooltip=\"N\u00e1le\u017eej\u00edc\u00ed k pevn\u011b stanoven\u00e9mu n\u00e1bo\u017eensk\u00e9mu \u00fakonu.\" tabindex=\"0\">ritu\u00e1ln\u011b<\/span> u\u017e\u00edvan\u00fdm \u010distic\u00edm l\u00e1tk\u00e1m. V n\u011bkter\u00fdch oblastech se prostory, kde n\u011bkdo zem\u0159el nebo kde panovala v\u00e1\u017en\u00e1 nemoc, p\u0159ed n\u00e1vratem rodiny posypou sol\u00ed.<\/p>\n<p>Ve <strong>v\u00fdchodn\u00ed Asii<\/strong> je \u0161iroce roz\u0161\u00ed\u0159ena povinnost posypu sol\u00ed po poh\u0159bech. V Japonsku (v tradici <span class=\"iwg-fachbegriff\" data-tooltip=\"Dom\u00e1c\u00ed n\u00e1bo\u017eenstv\u00ed Japonska, charakterizovan\u00e9 uct\u00edv\u00e1n\u00edm kami.\" tabindex=\"0\">\u0161int\u00f3<\/span>) a v \u010c\u00edn\u011b (v taoistick\u00e9 lidov\u00e9 v\u00ed\u0159e) plat\u00ed s\u016fl za jeden z m\u00e1la prost\u0159edk\u016f, kter\u00fd m\u00e1 p\u016fsobit i proti zvl\u00e1\u0161\u0165 siln\u00fdm p\u0159ina\u0161e\u010d\u016fm ne\u0161t\u011bst\u00ed nebo neklidn\u00fdm duch\u016fm mrtv\u00fdch.<\/p>\n<p>V <strong>Indii<\/strong> se s\u016fl objevuje v obrann\u00fdch ritu\u00e1lech proti zl\u00e9mu pohledu a d\u00e9monick\u00e9mu p\u016fsoben\u00ed, \u010dasto ve spojen\u00ed s dal\u0161\u00edmi ochrann\u00fdmi l\u00e1tkami, jako je kurkuma a \u010derven\u00e9 chilli ko\u0159en\u00ed.<\/p>\t\t\t\t\t\t\t\t<\/div>\n\t\t\t\t<\/div>\n\t\t\t\t\t<\/div>\n\t\t\t\t<\/div>\n\t\t<div class=\"elementor-element elementor-element-iwgs-salz-s4 e-flex e-con-boxed e-con e-parent\" data-id=\"iwgs-salz-s4\" data-element_type=\"container\" data-e-type=\"container\">\n\t\t\t\t\t<div class=\"e-con-inner\">\n\t\t\t\t<div class=\"elementor-element elementor-element-iwgs-salz-s4h elementor-widget elementor-widget-heading\" data-id=\"iwgs-salz-s4h\" data-element_type=\"widget\" data-e-type=\"widget\" data-widget_type=\"heading.default\">\n\t\t\t\t\t<h2 class=\"elementor-heading-title elementor-size-default\">Proti \u010demu se pou\u017e\u00edv\u00e1<\/h2>\t\t\t\t<\/div>\n\t\t<div class=\"elementor-element elementor-element-iw-salz-s4-bw e-con-full e-flex e-con e-child\" data-id=\"iw-salz-s4-bw\" data-element_type=\"container\" data-e-type=\"container\">\n\t\t\t\t<div class=\"elementor-element elementor-element-iwgs-salz-s4t elementor-widget elementor-widget-text-editor\" data-id=\"iwgs-salz-s4t\" data-element_type=\"widget\" data-e-type=\"widget\" data-widget_type=\"text-editor.default\">\n\t\t\t\t\t\t\t\t\t<p>Podle lidov\u00e9 <span class=\"iwg-fachbegriff\" data-tooltip=\"P\u0159ed\u00e1v\u00e1n\u00ed v\u011bdomost\u00ed a vypr\u00e1v\u011bn\u00ed nap\u0159\u00ed\u010d generacemi.\" tabindex=\"0\">tradice<\/span> byla s\u016fl pou\u017e\u00edv\u00e1na p\u0159edev\u0161\u00edm proti n\u00e1sleduj\u00edc\u00edm kategori\u00edm bytost\u00ed a vliv\u016f:<\/p>\n<p>Proti <strong>\u010darod\u011bjnic\u00edm a \u0161kodliv\u00fdm kouzl\u016fm<\/strong>: Evropsk\u00e1 tradice o \u010darod\u011bjnictv\u00ed p\u0159isuzuje \u010darod\u011bjnic\u00edm neschopnost dotknout se soli nebo p\u0159ekro\u010dit solnou linii. Kdo cht\u011bl chr\u00e1nit m\u00e1slo nebo ml\u00e9ko p\u0159ed u\u0159knut\u00edm, sypal s\u016fl do st\u00e1je nebo do ml\u00e9ka p\u0159ed stlouk\u00e1n\u00edm m\u00e1sla.<\/p>\n<p>Proti <strong>duch\u016fm prahu a navracej\u00edc\u00edm se mrtv\u00fdm<\/strong>: V kultur\u00e1ch, kde byla hranice mezi \u017eiv\u00fdmi a mrtv\u00fdmi pova\u017eov\u00e1na za nebezpe\u010dnou, s\u016fl vyzna\u010dovala pr\u00e1h jako zak\u00e1zanou z\u00f3nu proti ne\u017e\u00e1douc\u00edmu n\u00e1vratu.<\/p>\n<p>Proti <strong>d\u00e9mon\u016fm a obecn\u00e9 ne\u010distot\u011b<\/strong>: V \u010distic\u00edch ritu\u00e1lech r\u016fzn\u00fdch n\u00e1bo\u017eenstv\u00ed slou\u017e\u00ed s\u016fl k tomu, aby zbavila prostor nebo osobu d\u00e9monick\u00e9ho ulp\u011bn\u00ed, je\u0161t\u011b ne\u017e je pou\u017eit specifi\u010dt\u011bj\u0161\u00ed ochrann\u00fd prost\u0159edek.<\/p>\n<p>Proti <strong>zl\u00e9mu pohledu<\/strong>: Ve st\u0159edomo\u0159sk\u00fdch a bl\u00edzkov\u00fdchodn\u00edch kultur\u00e1ch je s\u016fl vedle <a href=\"https:\/\/iwell-guard.com\/cs\/?page_id=145796\">\u010desneku<\/a> roz\u0161\u00ed\u0159en\u00fdm prost\u0159edkem k odvr\u00e1cen\u00ed nebo zne\u0161kodn\u011bn\u00ed \u00fa\u010dinku zl\u00e9ho pohledu.<\/p>\t\t\t\t\t\t\t\t<\/div>\n\t\t\t\t<\/div>\n\t\t\t\t\t<\/div>\n\t\t\t\t<\/div>\n\t\t<div class=\"elementor-element elementor-element-iwgs-salz-s5 e-flex e-con-boxed e-con e-parent\" data-id=\"iwgs-salz-s5\" data-element_type=\"container\" data-e-type=\"container\">\n\t\t\t\t\t<div class=\"e-con-inner\">\n\t\t\t\t<div class=\"elementor-element elementor-element-iwgs-salz-s5h elementor-widget elementor-widget-heading\" data-id=\"iwgs-salz-s5h\" data-element_type=\"widget\" data-e-type=\"widget\" data-widget_type=\"heading.default\">\n\t\t\t\t\t<h2 class=\"elementor-heading-title elementor-size-default\">Pou\u017eit\u00ed a hranice<\/h2>\t\t\t\t<\/div>\n\t\t<div class=\"elementor-element elementor-element-iw-salz-s5-bw e-con-full e-flex e-con e-child\" data-id=\"iw-salz-s5-bw\" data-element_type=\"container\" data-e-type=\"container\">\n\t\t\t\t<div class=\"elementor-element elementor-element-iwgs-salz-s5t elementor-widget elementor-widget-text-editor\" data-id=\"iwgs-salz-s5t\" data-element_type=\"widget\" data-e-type=\"widget\" data-widget_type=\"text-editor.default\">\n\t\t\t\t\t\t\t\t\t<p>Nejb\u011b\u017en\u011bj\u0161\u00edmi tradovan\u00fdmi formami pou\u017eit\u00ed jsou soln\u00e1 linie na prahu a na okenn\u00edch parapetech, posyp\u00e1v\u00e1n\u00ed kout\u016f a st\u011bn v m\u00edstnostech, p\u0159id\u00e1v\u00e1n\u00ed soli do vody na \u010di\u0161t\u011bn\u00ed a jej\u00ed u\u017e\u00edv\u00e1n\u00ed jako sou\u010d\u00e1sti ochrann\u00fdch s\u00e1\u010dk\u016f nebo obrann\u00fdch sm\u011bs\u00ed.<\/p>\n<p><span class=\"iwg-fachbegriff\" data-tooltip=\"P\u0159ed\u00e1v\u00e1n\u00ed v\u011bdomost\u00ed a vypr\u00e1v\u011bn\u00ed nap\u0159\u00ed\u010d generacemi.\" tabindex=\"0\">Tradice<\/span> \u010dasto jako podm\u00ednku \u00fa\u010dinnosti uv\u00e1d\u00ed surovou nebo neupravenou s\u016fl: mo\u0159sk\u00e1 s\u016fl nebo hrub\u00e1 kamenn\u00e1 s\u016fl plat\u00ed za \u00fa\u010dinn\u011bj\u0161\u00ed ne\u017e jemn\u011b mlet\u00e1 kuchy\u0148sk\u00e1 s\u016fl. N\u011bkter\u00e9 n\u00e1vody na pou\u017eit\u00ed po\u017eaduj\u00ed, aby byla s\u016fl p\u0159ed pou\u017eit\u00edm posv\u011bcena nebo za\u0159\u00edk\u00e1na, \u010d\u00edm\u017e se ochrann\u00fd prost\u0159edek spojuje s ritu\u00e1ln\u00edm \u00fakonem.<\/p>\n<p>Omezen\u00ed ochrann\u00e9ho \u00fa\u010dinku popisuje <span class=\"iwg-fachbegriff\" data-tooltip=\"V\u011bda zab\u00fdvaj\u00edc\u00ed se zkoum\u00e1n\u00edm lidov\u00e9 kultury, zvyk\u016f a tradovan\u00fdch p\u0159edstav.\" tabindex=\"0\">n\u00e1rodopis<\/span> tam, kde linie nebo posyp nejsou \u00fapln\u00e9: mezery v soln\u00e9 linii maj\u00ed bytosti umo\u017enit pr\u016fchod. D\u00e9\u0161\u0165 nebo vlhkost p\u016fdy, kter\u00e9 s\u016fl rozpou\u0161t\u011bj\u00ed, jsou v n\u011bkter\u00fdch tradic\u00edch pova\u017eov\u00e1ny za sn\u00ed\u017een\u00ed ochrann\u00e9ho \u00fa\u010dinku.<\/p>\n<p>\u017d\u00e1dn\u00e9 z tradovan\u00fdch zp\u016fsob\u016f pou\u017eit\u00ed nep\u0159edstavuje prok\u00e1zanou z\u00e1ruku ochrany. Zde uveden\u00fd obsah odr\u00e1\u017e\u00ed lidovou <span class=\"iwg-fachbegriff\" data-tooltip=\"P\u0159ed\u00e1v\u00e1n\u00ed v\u011bdomost\u00ed a vypr\u00e1v\u011bn\u00ed nap\u0159\u00ed\u010d generacemi.\" tabindex=\"0\">tradici<\/span>, nikoli vlastn\u00ed doporu\u010den\u00ed.<\/p>\t\t\t\t\t\t\t\t<\/div>\n\t\t\t\t<\/div>\n\t\t\t\t\t<\/div>\n\t\t\t\t<\/div>\n\t\t<div class=\"elementor-element elementor-element-iwgs-salz-lit e-flex e-con-boxed e-con e-parent\" data-id=\"iwgs-salz-lit\" data-element_type=\"container\" data-e-type=\"container\">\n\t\t\t\t\t<div class=\"e-con-inner\">\n\t\t\t\t<div class=\"elementor-element elementor-element-iwgs-salz-lith elementor-widget elementor-widget-heading\" data-id=\"iwgs-salz-lith\" data-element_type=\"widget\" data-e-type=\"widget\" data-widget_type=\"heading.default\">\n\t\t\t\t\t<h2 class=\"elementor-heading-title elementor-size-default\">Literatura (v\u00fdb\u011br)<\/h2>\t\t\t\t<\/div>\n\t\t<div class=\"elementor-element elementor-element-iw-salz-lit-bw e-con-full e-flex e-con e-child\" data-id=\"iw-salz-lit-bw\" data-element_type=\"container\" data-e-type=\"container\">\n\t\t\t\t<div class=\"elementor-element elementor-element-iwgs-salz-litt elementor-widget elementor-widget-html\" data-id=\"iwgs-salz-litt\" data-element_type=\"widget\" data-e-type=\"widget\" data-widget_type=\"html.default\">\n\t\t\t\t\t<footer data-nosnippet=\"true\"><ul><li>Handw\u00f6rterbuch des deutschen Aberglaubens. Hrsg. von Hanns B\u00e4chtold-St\u00e4ubli und Eduard Hoffmann-Krayer. Berlin \/ Leipzig 1927-1942. Artikel \"Salz\".<\/li><li>Jacob Grimm: Deutsche Mythologie. 4. Auflage, Berlin 1875-1878.<\/li><li>Alan Dundes (Hrsg.): The Evil Eye: A Casebook. University of Wisconsin Press, 1992.<\/li><li>Leander Petzoldt: Kleines Lexikon der D\u00e4monen und Elementargeister. M\u00fcnchen 1990.<\/li><li>Paul Barber: Vampires, Burial, and Death. Yale University Press, 1988.<\/li><\/ul><\/footer>\t\t\t\t<\/div>\n\t\t\t\t<\/div>\n\t\t\t\t\t<\/div>\n\t\t\t\t<\/div>\n\t\t<div class=\"elementor-element elementor-element-iwgs-salz-kwd e-flex e-con-boxed e-con e-parent\" data-id=\"iwgs-salz-kwd\" data-element_type=\"container\" data-e-type=\"container\">\n\t\t\t\t\t<div class=\"e-con-inner\">\n\t\t<div class=\"elementor-element elementor-element-iw-salz-kwd-bw e-con-full e-flex e-con e-child\" data-id=\"iw-salz-kwd-bw\" data-element_type=\"container\" data-e-type=\"container\">\n\t\t\t\t<div class=\"elementor-element elementor-element-iwgs-salz-kwdt elementor-widget elementor-widget-text-editor\" data-id=\"iwgs-salz-kwdt\" data-element_type=\"widget\" data-e-type=\"widget\" data-widget_type=\"text-editor.default\">\n\t\t\t\t\t\t\t\t\t<p><em>Souvisej\u00edc\u00ed kl\u00ed\u010dov\u00e9 v\u00fdrazy: s\u016fl ochrana soln\u00e1 linie pr\u00e1h \u010di\u0161t\u011bn\u00ed.<\/em><\/p>\t\t\t\t\t\t\t\t<\/div>\n\t\t\t\t<\/div>\n\t\t\t\t\t<\/div>\n\t\t\t\t<\/div>\n\t\t<div class=\"elementor-element elementor-element-iwgs-salz-cc e-flex e-con-boxed e-con e-parent\" data-id=\"iwgs-salz-cc\" data-element_type=\"container\" data-e-type=\"container\" id=\"iwg-cc-salz\">\n\t\t\t\t\t<div class=\"e-con-inner\">\n\t\t<div class=\"elementor-element elementor-element-iwgs-salz-ccinner e-flex e-con-boxed e-con e-parent\" data-id=\"iwgs-salz-ccinner\" data-element_type=\"container\" data-e-type=\"container\" data-settings=\"{&quot;background_background&quot;:&quot;classic&quot;}\">\n\t\t\t\t\t<div class=\"e-con-inner\">\n\t\t\t\t<div class=\"elementor-element elementor-element-iwgs-salz-cch elementor-widget elementor-widget-heading\" data-id=\"iwgs-salz-cch\" data-element_type=\"widget\" data-e-type=\"widget\" data-widget_type=\"heading.default\">\n\t\t\t\t\t<h2 class=\"elementor-heading-title elementor-size-default\">iWell Guard a ochrann\u00e9 tradice<\/h2>\t\t\t\t<\/div>\n\t\t\t\t<div class=\"elementor-element elementor-element-iwgs-salz-cct elementor-widget elementor-widget-text-editor\" data-id=\"iwgs-salz-cct\" data-element_type=\"widget\" data-e-type=\"widget\" data-widget_type=\"text-editor.default\">\n\t\t\t\t\t\t\t\t\t<p>S\u016fl p\u0159edstavuje jedno z nejstar\u0161\u00edch a kulturn\u011b nejroz\u0161\u00ed\u0159en\u011bj\u0161\u00edch ochrann\u00fdch p\u0159esv\u011bd\u010den\u00ed lidstva: p\u0159esv\u011bd\u010den\u00ed, \u017ee ur\u010dit\u00e9 p\u0159\u00edrodn\u00ed l\u00e1tky v sob\u011b nesou s\u00edlu vyty\u010dovat hranice a \u010distit. Tato z\u00e1kladn\u00ed my\u0161lenka, \u017ee l\u00e1tky poch\u00e1zej\u00edc\u00ed z p\u0159\u00edrody p\u016fsob\u00ed jako nositel\u00e9 ochrany, se v koncentrovan\u00e9 podob\u011b objevuje v konceptu <a href=\"https:\/\/iwell-guard.com\/cs\/koupit-ochranny-privesek-iwell-guard\/\">iWell Guard<\/a>, kter\u00fd jako p\u0159enosn\u00fd ochrann\u00fd p\u0159edm\u011bt spojuje tradi\u010dn\u00ed linie r\u016fzn\u00fdch kultur.<\/p>\t\t\t\t\t\t\t\t<\/div>\n\t\t\t\t<div class=\"elementor-element elementor-element-iwgs-salz-ccb iwg-cc-button iwg-cc-cta-2026-05-13 elementor-widget elementor-widget-jet-button\" data-id=\"iwgs-salz-ccb\" data-element_type=\"widget\" data-e-type=\"widget\" data-widget_type=\"jet-button.default\">\n\t\t\t\t<div class=\"elementor-widget-container\">\n\t\t\t\t\t<div class=\"elementor-jet-button jet-elements\"><div class=\"jet-button__container\"><a class=\"jet-button__instance jet-button__instance--icon-left hover-effect-1\" href=\"\/schutzanhaenger-iwell-guard-kaufen\/?utm_source=iwell-guard.com&amp;utm_medium=info-box&amp;utm_campaign=schutzsymbole\"><div class=\"jet-button__plane jet-button__plane-normal\"><\/div><div class=\"jet-button__plane jet-button__plane-hover\"><\/div><div class=\"jet-button__state jet-button__state-normal\"><span class=\"jet-button__label\">V\u00edce o iWell Guard<\/span><\/div><div class=\"jet-button__state jet-button__state-hover\"><span class=\"jet-button__label\">V\u00edce o iWell Guard<\/span><\/div><\/a><\/div><\/div><style>.elementor-element.elementor-element-iwgs-salz-ccb .jet-button__instance{width:320px;height:56px;}.elementor-element.elementor-element-iwgs-salz-ccb .jet-button__state-normal .jet-button__label{text-align:center;margin:0px 0px 0px 0px;color:#1a1b20;font-family:Montserrat,sans-serif;font-size:13px;font-weight:400;letter-spacing:4px;line-height:1.714em;text-transform:uppercase;}.elementor-element.elementor-element-iwgs-salz-ccb .jet-button__state-hover .jet-button__label{text-align:center;margin:0px 0px 0px 0px;color:#FECC76;font-family:Montserrat,sans-serif;font-size:13px;font-weight:400;letter-spacing:4px;line-height:1.714em;text-transform:uppercase;}.elementor-element.elementor-element-iwgs-salz-ccb .jet-button__plane-normal{background-color:#FECC76;border-style:solid;border-color:#C99540;border-width:2px 2px 2px 2px;}.elementor-element.elementor-element-iwgs-salz-ccb .jet-button__plane-hover{background-color:rgba(0,0,0,0.55);border-style:solid;border-color:#FECC76;border-width:2px 2px 2px 2px;}<\/style>\t\t\t\t<\/div>\n\t\t\t\t<\/div>\n\t\t\t\t<div class=\"elementor-element elementor-element-iwgs-salz-ccd elementor-widget elementor-widget-text-editor\" data-id=\"iwgs-salz-ccd\" data-element_type=\"widget\" data-e-type=\"widget\" data-widget_type=\"text-editor.default\">\n\t\t\t\t\t\t\t\t\t<p style=\"text-align:center;font-size:13px;opacity:0.7;margin-top:14px\" data-nosnippet=\"true\">Osobn\u00ed zku\u0161enosti se mohou li\u0161it. Nejde o zdravotnick\u00fd prost\u0159edek. Nejde o p\u0159\u00edslib l\u00e9\u010den\u00ed.<\/p>\t\t\t\t\t\t\t\t<\/div>\n\t\t\t\t\t<\/div>\n\t\t\t\t<\/div>\n\t\t\t\t\t<\/div>\n\t\t\t\t<\/div>\n\t\t<div class=\"elementor-element elementor-element-iwgs-salz-disc e-flex e-con-boxed e-con e-parent\" data-id=\"iwgs-salz-disc\" data-element_type=\"container\" data-e-type=\"container\">\n\t\t\t\t\t<div class=\"e-con-inner\">\n\t\t<div class=\"elementor-element elementor-element-iw-salz-disc-bw e-con-full e-flex e-con e-child\" data-id=\"iw-salz-disc-bw\" data-element_type=\"container\" data-e-type=\"container\">\n\t\t\t\t<div class=\"elementor-element elementor-element-iwgs-salz-discw elementor-widget elementor-widget-html\" data-id=\"iwgs-salz-discw\" data-element_type=\"widget\" data-e-type=\"widget\" data-widget_type=\"html.default\">\n\t\t\t\t\t<footer data-nosnippet=\"true\" class=\"iwg-disclaimer-block\"><p data-nosnippet=\"true\">iWell Guard <strong>nen\u00ed zdravotnick\u00fd prost\u0159edek<\/strong> a nenahrazuje l\u00e9ka\u0159skou ani psychoterapeutickou l\u00e9\u010dbu. Zde uveden\u00fd obsah p\u0159edstavuje religionistick\u00e9 a kulturn\u011b-historick\u00e9 za\u0159azen\u00ed, nikoli p\u0159\u00edslib duchovn\u00edho \u00fa\u010dinku.<\/p><\/footer>\t\t\t\t<\/div>\n\t\t\t\t<\/div>\n\t\t\t\t\t<\/div>\n\t\t\t\t<\/div>\n\t\t\t\t<\/div>\n\t\t","protected":false},"excerpt":{"rendered":"","protected":false},"author":3,"featured_media":4115,"parent":0,"menu_order":0,"comment_status":"closed","ping_status":"closed","template":"elementor_header_footer","meta":{"_yoast_wpseo_focuskw":"s\u016fl ochrana","_yoast_wpseo_title":"S\u016fl jako ochrana - linie, prahy, o\u010dista","_yoast_wpseo_metadesc":"Podle tradice je s\u016fl mocn\u00fdm \u010distic\u00edm prost\u0159edkem a ochranou prah\u016f proti d\u00e9mon\u016fm a \u010darod\u011bjnic\u00edm. P\u016fvod, princip p\u016fsoben\u00ed a pou\u017eit\u00ed.","_yoast_wpseo_meta-robots-noindex":"","_yoast_wpseo_canonical":"","_angie_page":false,"gefaehrdungsstufe":"","wesen_kultur":"","wesen_klasse":"","footnotes":""},"categories":[],"class_list":["post-145802","page","type-page","status-publish","has-post-thumbnail","hentry"],"yoast_head":"<!-- This site is optimized with the Yoast SEO Premium plugin v27.7 (Yoast SEO v28.3) - https:\/\/yoast.com\/product\/yoast-seo-premium-wordpress\/ -->\n<title>S\u016fl jako ochrana - linie, prahy, o\u010dista<\/title>\n<meta name=\"description\" content=\"Podle tradice je s\u016fl mocn\u00fdm \u010distic\u00edm prost\u0159edkem a ochranou prah\u016f proti d\u00e9mon\u016fm a \u010darod\u011bjnic\u00edm. P\u016fvod, princip p\u016fsoben\u00ed a pou\u017eit\u00ed.\" \/>\n<meta name=\"robots\" content=\"index, follow, max-snippet:-1, max-image-preview:large, max-video-preview:-1\" \/>\n<link rel=\"canonical\" href=\"https:\/\/iwell-guard.com\/cs\/sul-jako-ochrana\/\" \/>\n<meta property=\"og:locale\" content=\"cs_CZ\" \/>\n<meta property=\"og:type\" content=\"article\" \/>\n<meta property=\"og:title\" content=\"S\u016fl jako ochrana\" \/>\n<meta property=\"og:description\" content=\"Podle tradice je s\u016fl mocn\u00fdm \u010distic\u00edm prost\u0159edkem a ochranou prah\u016f proti d\u00e9mon\u016fm a \u010darod\u011bjnic\u00edm. P\u016fvod, princip p\u016fsoben\u00ed a pou\u017eit\u00ed.\" \/>\n<meta property=\"og:url\" content=\"https:\/\/iwell-guard.com\/cs\/sul-jako-ochrana\/\" \/>\n<meta property=\"og:site_name\" content=\"iWell Guard\" \/>\n<meta property=\"article:modified_time\" content=\"2026-09-03T17:06:10+00:00\" \/>\n<meta property=\"og:image\" content=\"https:\/\/iwell-guard.com\/wp-content\/uploads\/2026\/05\/schutzsymbol_universell_salz.png\" \/>\n\t<meta property=\"og:image:width\" content=\"1024\" \/>\n\t<meta property=\"og:image:height\" content=\"1536\" \/>\n\t<meta property=\"og:image:type\" content=\"image\/png\" \/>\n<meta name=\"twitter:card\" content=\"summary_large_image\" \/>\n<script type=\"application\/ld+json\" class=\"yoast-schema-graph\">{\"@context\":\"https:\\\/\\\/schema.org\",\"@graph\":[{\"@type\":\"WebPage\",\"@id\":\"https:\\\/\\\/iwell-guard.com\\\/cs\\\/sul-jako-ochrana\\\/\",\"url\":\"https:\\\/\\\/iwell-guard.com\\\/cs\\\/sul-jako-ochrana\\\/\",\"name\":\"S\u016fl jako ochrana - linie, prahy, o\u010dista\",\"isPartOf\":{\"@id\":\"https:\\\/\\\/iwell-guard.com\\\/cs\\\/#website\"},\"primaryImageOfPage\":{\"@id\":\"https:\\\/\\\/iwell-guard.com\\\/cs\\\/sul-jako-ochrana\\\/#primaryimage\"},\"image\":{\"@id\":\"https:\\\/\\\/iwell-guard.com\\\/cs\\\/sul-jako-ochrana\\\/#primaryimage\"},\"thumbnailUrl\":\"https:\\\/\\\/iwell-guard.com\\\/wp-content\\\/uploads\\\/2026\\\/05\\\/schutzsymbol_universell_salz.png\",\"datePublished\":\"2026-09-03T16:33:50+00:00\",\"dateModified\":\"2026-09-03T17:06:10+00:00\",\"description\":\"Podle tradice je s\u016fl mocn\u00fdm \u010distic\u00edm prost\u0159edkem a ochranou prah\u016f proti d\u00e9mon\u016fm a \u010darod\u011bjnic\u00edm. P\u016fvod, princip p\u016fsoben\u00ed a pou\u017eit\u00ed.\",\"breadcrumb\":{\"@id\":\"https:\\\/\\\/iwell-guard.com\\\/cs\\\/sul-jako-ochrana\\\/#breadcrumb\"},\"inLanguage\":\"cs\",\"potentialAction\":[{\"@type\":\"ReadAction\",\"target\":[\"https:\\\/\\\/iwell-guard.com\\\/cs\\\/sul-jako-ochrana\\\/\"]}]},{\"@type\":\"ImageObject\",\"inLanguage\":\"cs\",\"@id\":\"https:\\\/\\\/iwell-guard.com\\\/cs\\\/sul-jako-ochrana\\\/#primaryimage\",\"url\":\"https:\\\/\\\/iwell-guard.com\\\/wp-content\\\/uploads\\\/2026\\\/05\\\/schutzsymbol_universell_salz.png\",\"contentUrl\":\"https:\\\/\\\/iwell-guard.com\\\/wp-content\\\/uploads\\\/2026\\\/05\\\/schutzsymbol_universell_salz.png\",\"width\":1024,\"height\":1536,\"caption\":\"S\u016fl jako ochrana \u2013 \u010di\u0161t\u011bn\u00ed a vymezen\u00ed hranic, historicko-ilustrativn\u00ed\"},{\"@type\":\"BreadcrumbList\",\"@id\":\"https:\\\/\\\/iwell-guard.com\\\/cs\\\/sul-jako-ochrana\\\/#breadcrumb\",\"itemListElement\":[{\"@type\":\"ListItem\",\"position\":1,\"name\":\"Start\",\"item\":\"https:\\\/\\\/iwell-guard.com\\\/cs\\\/?page_id=145107\"},{\"@type\":\"ListItem\",\"position\":2,\"name\":\"S\u016fl jako ochrana\"}]},{\"@type\":\"WebSite\",\"@id\":\"https:\\\/\\\/iwell-guard.com\\\/cs\\\/#website\",\"url\":\"https:\\\/\\\/iwell-guard.com\\\/cs\\\/\",\"name\":\"iWell Guard\",\"description\":\"Schutz vor dunklen Einfl\u00fcssen\",\"publisher\":{\"@id\":\"https:\\\/\\\/iwell-guard.com\\\/cs\\\/#organization\"},\"potentialAction\":[{\"@type\":\"SearchAction\",\"target\":{\"@type\":\"EntryPoint\",\"urlTemplate\":\"https:\\\/\\\/iwell-guard.com\\\/cs\\\/?s={search_term_string}\"},\"query-input\":{\"@type\":\"PropertyValueSpecification\",\"valueRequired\":true,\"valueName\":\"search_term_string\"}}],\"inLanguage\":\"cs\"},{\"@type\":\"Organization\",\"@id\":\"https:\\\/\\\/iwell-guard.com\\\/cs\\\/#organization\",\"name\":\"Ittermann electronic GmbH\",\"url\":\"https:\\\/\\\/iwell-guard.com\\\/cs\\\/\",\"logo\":{\"@type\":\"ImageObject\",\"inLanguage\":\"cs\",\"@id\":\"https:\\\/\\\/iwell-guard.com\\\/cs\\\/#\\\/schema\\\/logo\\\/image\\\/\",\"url\":\"https:\\\/\\\/iwell-guard.com\\\/wp-content\\\/uploads\\\/2026\\\/05\\\/Ittermann-Logo-1182x237-1.png\",\"contentUrl\":\"https:\\\/\\\/iwell-guard.com\\\/wp-content\\\/uploads\\\/2026\\\/05\\\/Ittermann-Logo-1182x237-1.png\",\"width\":1182,\"height\":237,\"caption\":\"Ittermann electronic GmbH\"},\"image\":{\"@id\":\"https:\\\/\\\/iwell-guard.com\\\/cs\\\/#\\\/schema\\\/logo\\\/image\\\/\"},\"sameAs\":[\"https:\\\/\\\/pantip.com\\\/profile\\\/9367242\",\"https:\\\/\\\/micro.blog\\\/iwellguard\",\"https:\\\/\\\/www.diggerslist.com\\\/iwellguard\\\/about\",\"https:\\\/\\\/skitterphoto.com\\\/photographers\\\/2870314\\\/iwell-guard\",\"https:\\\/\\\/iwellguard.wordpress.com\\\/2026\\\/06\\\/06\\\/iwell-guard\\\/\",\"https:\\\/\\\/hub.docker.com\\\/u\\\/iwellguard\",\"https:\\\/\\\/www.pinterest.com\\\/iwellguard\\\/\",\"https:\\\/\\\/bit.ly\\\/m\\\/iwellguard\",\"https:\\\/\\\/entre-vos-mains.alsace.eu\\\/profiles\\\/iwellguard\\\/activity\",\"https:\\\/\\\/gravatar.com\\\/reallybeded8fd34\",\"https:\\\/\\\/naijamatta.com\\\/iwellguard\",\"https:\\\/\\\/www.goodreads.com\\\/iwellguard\",\"https:\\\/\\\/profile.hatena.ne.jp\\\/iwellguard\\\/\",\"https:\\\/\\\/experiment.com\\\/users\\\/iwellguard\",\"https:\\\/\\\/wakelet.com\\\/@iWellGuard82270\",\"https:\\\/\\\/www.chordie.com\\\/forum\\\/profile.php?id=2555664\",\"https:\\\/\\\/www.instapaper.com\\\/p\\\/17757966\",\"https:\\\/\\\/www.mapleprimes.com\\\/users\\\/iwellguard\",\"https:\\\/\\\/businesslistingplus.com\\\/profile\\\/iwell-guard\\\/\",\"https:\\\/\\\/telegra.ph\\\/iWell-Guard-06-06\",\"https:\\\/\\\/pbase.com\\\/iwellguard\\\/iwellguard\",\"https:\\\/\\\/b.hatena.ne.jp\\\/iwellguard\\\/20260607#bookmark-4788405196491818882\",\"https:\\\/\\\/fliphtml5.com\\\/home\\\/iwellguard\",\"https:\\\/\\\/anyflip.com\\\/homepage\\\/cmiwl#About\",\"https:\\\/\\\/transfur.com\\\/Users\\\/iwellguard\",\"http:\\\/\\\/delphi.larsbo.org\\\/user\\\/iwellguard\",\"https:\\\/\\\/jobs.lajobsportal.org\\\/profiles\\\/8380803-iwell-guard\",\"https:\\\/\\\/md.chaosdorf.de\\\/s\\\/jfbe5SBdJD\",\"https:\\\/\\\/www.lingvolive.com\\\/en-us\\\/profile\\\/9ecaeaca-ce11-4e51-9e71-01d55e2bff36\\\/translations\",\"https:\\\/\\\/www.fitday.com\\\/fitness\\\/forums\\\/members\\\/iwellguard.html\",\"https:\\\/\\\/www.mymeetbook.com\\\/iwellguard\",\"https:\\\/\\\/pxhere.com\\\/en\\\/photographer-me\\\/5040798\",\"https:\\\/\\\/disqus.com\\\/by\\\/iwellguard\\\/about\\\/\",\"https:\\\/\\\/pastelink.net\\\/hjwciqwq\",\"https:\\\/\\\/pubhtml5.com\\\/homepage\\\/scjhn\\\/\",\"https:\\\/\\\/www.bitchute.com\\\/channel\\\/2O2eOKzNqujT\",\"https:\\\/\\\/audiomack.com\\\/iwellguard\"]}]}<\/script>\n<!-- \/ Yoast SEO Premium plugin. -->","yoast_head_json":{"title":"S\u016fl jako ochrana - linie, prahy, o\u010dista","description":"Podle tradice je s\u016fl mocn\u00fdm \u010distic\u00edm prost\u0159edkem a ochranou prah\u016f proti d\u00e9mon\u016fm a \u010darod\u011bjnic\u00edm. P\u016fvod, princip p\u016fsoben\u00ed a pou\u017eit\u00ed.","robots":{"index":"index","follow":"follow","max-snippet":"max-snippet:-1","max-image-preview":"max-image-preview:large","max-video-preview":"max-video-preview:-1"},"canonical":"https:\/\/iwell-guard.com\/cs\/sul-jako-ochrana\/","og_locale":"cs_CZ","og_type":"article","og_title":"S\u016fl jako ochrana","og_description":"Podle tradice je s\u016fl mocn\u00fdm \u010distic\u00edm prost\u0159edkem a ochranou prah\u016f proti d\u00e9mon\u016fm a \u010darod\u011bjnic\u00edm. P\u016fvod, princip p\u016fsoben\u00ed a pou\u017eit\u00ed.","og_url":"https:\/\/iwell-guard.com\/cs\/sul-jako-ochrana\/","og_site_name":"iWell Guard","article_modified_time":"2026-09-03T17:06:10+00:00","og_image":[{"width":1024,"height":1536,"url":"https:\/\/iwell-guard.com\/wp-content\/uploads\/2026\/05\/schutzsymbol_universell_salz.png","type":"image\/png"}],"twitter_card":"summary_large_image","schema":{"@context":"https:\/\/schema.org","@graph":[{"@type":"WebPage","@id":"https:\/\/iwell-guard.com\/cs\/sul-jako-ochrana\/","url":"https:\/\/iwell-guard.com\/cs\/sul-jako-ochrana\/","name":"S\u016fl jako ochrana - linie, prahy, o\u010dista","isPartOf":{"@id":"https:\/\/iwell-guard.com\/cs\/#website"},"primaryImageOfPage":{"@id":"https:\/\/iwell-guard.com\/cs\/sul-jako-ochrana\/#primaryimage"},"image":{"@id":"https:\/\/iwell-guard.com\/cs\/sul-jako-ochrana\/#primaryimage"},"thumbnailUrl":"https:\/\/iwell-guard.com\/wp-content\/uploads\/2026\/05\/schutzsymbol_universell_salz.png","datePublished":"2026-09-03T16:33:50+00:00","dateModified":"2026-09-03T17:06:10+00:00","description":"Podle tradice je s\u016fl mocn\u00fdm \u010distic\u00edm prost\u0159edkem a ochranou prah\u016f proti d\u00e9mon\u016fm a \u010darod\u011bjnic\u00edm. P\u016fvod, princip p\u016fsoben\u00ed a pou\u017eit\u00ed.","breadcrumb":{"@id":"https:\/\/iwell-guard.com\/cs\/sul-jako-ochrana\/#breadcrumb"},"inLanguage":"cs","potentialAction":[{"@type":"ReadAction","target":["https:\/\/iwell-guard.com\/cs\/sul-jako-ochrana\/"]}]},{"@type":"ImageObject","inLanguage":"cs","@id":"https:\/\/iwell-guard.com\/cs\/sul-jako-ochrana\/#primaryimage","url":"https:\/\/iwell-guard.com\/wp-content\/uploads\/2026\/05\/schutzsymbol_universell_salz.png","contentUrl":"https:\/\/iwell-guard.com\/wp-content\/uploads\/2026\/05\/schutzsymbol_universell_salz.png","width":1024,"height":1536,"caption":"S\u016fl jako ochrana \u2013 \u010di\u0161t\u011bn\u00ed a vymezen\u00ed hranic, historicko-ilustrativn\u00ed"},{"@type":"BreadcrumbList","@id":"https:\/\/iwell-guard.com\/cs\/sul-jako-ochrana\/#breadcrumb","itemListElement":[{"@type":"ListItem","position":1,"name":"Start","item":"https:\/\/iwell-guard.com\/cs\/?page_id=145107"},{"@type":"ListItem","position":2,"name":"S\u016fl jako ochrana"}]},{"@type":"WebSite","@id":"https:\/\/iwell-guard.com\/cs\/#website","url":"https:\/\/iwell-guard.com\/cs\/","name":"iWell Guard","description":"Schutz vor dunklen Einfl\u00fcssen","publisher":{"@id":"https:\/\/iwell-guard.com\/cs\/#organization"},"potentialAction":[{"@type":"SearchAction","target":{"@type":"EntryPoint","urlTemplate":"https:\/\/iwell-guard.com\/cs\/?s={search_term_string}"},"query-input":{"@type":"PropertyValueSpecification","valueRequired":true,"valueName":"search_term_string"}}],"inLanguage":"cs"},{"@type":"Organization","@id":"https:\/\/iwell-guard.com\/cs\/#organization","name":"Ittermann electronic GmbH","url":"https:\/\/iwell-guard.com\/cs\/","logo":{"@type":"ImageObject","inLanguage":"cs","@id":"https:\/\/iwell-guard.com\/cs\/#\/schema\/logo\/image\/","url":"https:\/\/iwell-guard.com\/wp-content\/uploads\/2026\/05\/Ittermann-Logo-1182x237-1.png","contentUrl":"https:\/\/iwell-guard.com\/wp-content\/uploads\/2026\/05\/Ittermann-Logo-1182x237-1.png","width":1182,"height":237,"caption":"Ittermann electronic GmbH"},"image":{"@id":"https:\/\/iwell-guard.com\/cs\/#\/schema\/logo\/image\/"},"sameAs":["https:\/\/pantip.com\/profile\/9367242","https:\/\/micro.blog\/iwellguard","https:\/\/www.diggerslist.com\/iwellguard\/about","https:\/\/skitterphoto.com\/photographers\/2870314\/iwell-guard","https:\/\/iwellguard.wordpress.com\/2026\/06\/06\/iwell-guard\/","https:\/\/hub.docker.com\/u\/iwellguard","https:\/\/www.pinterest.com\/iwellguard\/","https:\/\/bit.ly\/m\/iwellguard","https:\/\/entre-vos-mains.alsace.eu\/profiles\/iwellguard\/activity","https:\/\/gravatar.com\/reallybeded8fd34","https:\/\/naijamatta.com\/iwellguard","https:\/\/www.goodreads.com\/iwellguard","https:\/\/profile.hatena.ne.jp\/iwellguard\/","https:\/\/experiment.com\/users\/iwellguard","https:\/\/wakelet.com\/@iWellGuard82270","https:\/\/www.chordie.com\/forum\/profile.php?id=2555664","https:\/\/www.instapaper.com\/p\/17757966","https:\/\/www.mapleprimes.com\/users\/iwellguard","https:\/\/businesslistingplus.com\/profile\/iwell-guard\/","https:\/\/telegra.ph\/iWell-Guard-06-06","https:\/\/pbase.com\/iwellguard\/iwellguard","https:\/\/b.hatena.ne.jp\/iwellguard\/20260607#bookmark-4788405196491818882","https:\/\/fliphtml5.com\/home\/iwellguard","https:\/\/anyflip.com\/homepage\/cmiwl#About","https:\/\/transfur.com\/Users\/iwellguard","http:\/\/delphi.larsbo.org\/user\/iwellguard","https:\/\/jobs.lajobsportal.org\/profiles\/8380803-iwell-guard","https:\/\/md.chaosdorf.de\/s\/jfbe5SBdJD","https:\/\/www.lingvolive.com\/en-us\/profile\/9ecaeaca-ce11-4e51-9e71-01d55e2bff36\/translations","https:\/\/www.fitday.com\/fitness\/forums\/members\/iwellguard.html","https:\/\/www.mymeetbook.com\/iwellguard","https:\/\/pxhere.com\/en\/photographer-me\/5040798","https:\/\/disqus.com\/by\/iwellguard\/about\/","https:\/\/pastelink.net\/hjwciqwq","https:\/\/pubhtml5.com\/homepage\/scjhn\/","https:\/\/www.bitchute.com\/channel\/2O2eOKzNqujT","https:\/\/audiomack.com\/iwellguard"]}]}},"_links":{"self":[{"href":"https:\/\/iwell-guard.com\/cs\/wp-json\/wp\/v2\/pages\/145802","targetHints":{"allow":["GET"]}}],"collection":[{"href":"https:\/\/iwell-guard.com\/cs\/wp-json\/wp\/v2\/pages"}],"about":[{"href":"https:\/\/iwell-guard.com\/cs\/wp-json\/wp\/v2\/types\/page"}],"author":[{"embeddable":true,"href":"https:\/\/iwell-guard.com\/cs\/wp-json\/wp\/v2\/users\/3"}],"replies":[{"embeddable":true,"href":"https:\/\/iwell-guard.com\/cs\/wp-json\/wp\/v2\/comments?post=145802"}],"version-history":[{"count":0,"href":"https:\/\/iwell-guard.com\/cs\/wp-json\/wp\/v2\/pages\/145802\/revisions"}],"wp:featuredmedia":[{"embeddable":true,"href":"https:\/\/iwell-guard.com\/cs\/wp-json\/wp\/v2\/media\/4115"}],"wp:attachment":[{"href":"https:\/\/iwell-guard.com\/cs\/wp-json\/wp\/v2\/media?parent=145802"}],"wp:term":[{"taxonomy":"category","embeddable":true,"href":"https:\/\/iwell-guard.com\/cs\/wp-json\/wp\/v2\/categories?post=145802"}],"curies":[{"name":"wp","href":"https:\/\/api.w.org\/{rel}","templated":true}]}}