{"id":145799,"date":"2026-09-03T16:33:49","date_gmt":"2026-09-03T16:33:49","guid":{"rendered":"https:\/\/iwell-guard.com\/?page_id=145799"},"modified":"2026-09-03T17:06:05","modified_gmt":"2026-09-03T17:06:05","slug":"palo-santo","status":"publish","type":"page","link":"https:\/\/iwell-guard.com\/cs\/palo-santo\/","title":{"rendered":"Palo Santo"},"content":{"rendered":"\t\t<div data-elementor-type=\"wp-page\" data-elementor-id=\"145799\" class=\"elementor elementor-145799 elementor-3781 elementor-bc-flex-widget\" data-elementor-post-type=\"page\">\n\t\t\t\t<div class=\"elementor-element elementor-element-iwgs-palo-santo-hero e-flex e-con-boxed e-con e-parent\" data-id=\"iwgs-palo-santo-hero\" data-element_type=\"container\" data-e-type=\"container\">\n\t\t\t\t\t<div class=\"e-con-inner\">\n\t\t<div class=\"elementor-element elementor-element-iw-palo-santo-hero-left e-con-full e-flex e-con e-child\" data-id=\"iw-palo-santo-hero-left\" data-element_type=\"container\" data-e-type=\"container\">\n\t\t\t\t<div class=\"elementor-element elementor-element-iwgs-palo-santo-h1 elementor-widget elementor-widget-heading\" data-id=\"iwgs-palo-santo-h1\" data-element_type=\"widget\" data-e-type=\"widget\" data-widget_type=\"heading.default\">\n\t\t\t\t\t<h1 class=\"elementor-heading-title elementor-size-default\">Palo Santo \u2014 svat\u00e9 vyku\u0159ovac\u00ed d\u0159evo Ji\u017en\u00ed Ameriky<\/h1>\t\t\t\t<\/div>\n\t\t<div class=\"elementor-element elementor-element-iw-palo-santo-hero-bw e-con-full e-flex e-con e-child\" data-id=\"iw-palo-santo-hero-bw\" data-element_type=\"container\" data-e-type=\"container\">\n\t\t\t\t<div class=\"elementor-element elementor-element-iwgs-palo-santo-pills elementor-widget elementor-widget-html\" data-id=\"iwgs-palo-santo-pills\" data-element_type=\"widget\" data-e-type=\"widget\" data-widget_type=\"html.default\">\n\t\t\t\t\t<div class=\"iwg-pill-row\"><span class=\"iwg-klasse-badge\" tabindex=\"0\" data-tooltip=\"Druh ochrann\u00e9ho prost\u0159edku.\">Kadidlo<\/span><a href=\"https:\/\/iwell-guard.com\/cs\/?page_id=145800\" class=\"iwg-kultur-badge\" tabindex=\"0\" data-tooltip=\"K p\u0159ehledu.\">Kou\u0159en\u00ed a o\u010dista<\/a><\/div>\t\t\t\t<\/div>\n\t\t\t\t<div class=\"elementor-element elementor-element-iwgs-palo-santo-lead elementor-widget elementor-widget-text-editor\" data-id=\"iwgs-palo-santo-lead\" data-element_type=\"widget\" data-e-type=\"widget\" data-widget_type=\"text-editor.default\">\n\t\t\t\t\t\t\t\t\t<p>Palo Santo znamen\u00e1 ve \u0161pan\u011bl\u0161tin\u011b \u201esvat\u00e9 d\u0159evo\u201c. Tento n\u00e1zev odkazuje na postaven\u00ed, kter\u00e9 toto vyku\u0159ovac\u00ed d\u0159evo zauj\u00edm\u00e1 v lidov\u00e9 tradici andsk\u00e9 oblasti a tropick\u00e9 Ji\u017en\u00ed Ameriky: nejde jen o jeden z mnoha vyku\u0159ovac\u00edch materi\u00e1l\u016f, ale o n\u00e1stroj \u0161amana a l\u00e9\u010ditele, kter\u00fd je d\u00edky sv\u00e9 vz\u00e1cnosti a charakteristick\u00e9 v\u016fni pova\u017eov\u00e1n za obzvl\u00e1\u0161t\u011b mocn\u00fd.<\/p><p>Na rozd\u00edl od <a href=\"https:\/\/iwell-guard.com\/cs\/?page_id=145814\">kadidla<\/a> nebo <a href=\"https:\/\/iwell-guard.com\/cs\/?page_id=145798\">myrhy<\/a>, kter\u00e9 se vyku\u0159uj\u00ed jako prysky\u0159ice, se u Palo Santo spaluje samo d\u0159evo; t\u0159\u00edsky, kousky nebo ty\u010dinky z kmene stromu Bursera graveolens p\u0159i zap\u00e1len\u00ed vyd\u00e1vaj\u00ed sladce prysky\u0159i\u010dn\u00fd kou\u0159 s n\u00e1dechem citrus\u016f a m\u00e1ty.<\/p><p>Na <a href=\"https:\/\/iwell-guard.com\/cs\/?page_id=145800\">p\u0159ehledov\u00e9 str\u00e1nce o vyku\u0159ov\u00e1n\u00ed a \u010di\u0161t\u011bn\u00ed<\/a> zastupuje Palo Santo jihoamerickou linii ritu\u00e1ln\u00ed vyku\u0159ovac\u00ed tradice. Tento profil p\u0159ibli\u017euje svat\u00e9 postaven\u00ed, kter\u00e9 Palo Santo m\u00e1 v jihoamerick\u00e9 vyku\u0159ovac\u00ed tradici. Palo Santo je svat\u00e9 d\u0159evo k vyku\u0159ov\u00e1n\u00ed a n\u00e1sleduj\u00edc\u00ed kapitoly popisuj\u00ed jeho p\u016fvod a zp\u016fsob pou\u017eit\u00ed.<\/p>\t\t\t\t\t\t\t\t<\/div>\n\t\t\t\t<\/div>\n\t\t\t\t<\/div>\n\t\t<div class=\"elementor-element elementor-element-iw-palo-santo-hero-img e-con-full e-flex e-con e-child\" data-id=\"iw-palo-santo-hero-img\" data-element_type=\"container\" data-e-type=\"container\">\n\t\t\t\t<div class=\"elementor-element elementor-element-iwgs-palo-santo-himg iwg-hero-image elementor-widget elementor-widget-image\" data-id=\"iwgs-palo-santo-himg\" data-element_type=\"widget\" data-e-type=\"widget\" data-widget_type=\"image.default\">\n\t\t\t\t\t\t\t\t\t\t\t\t\t\t\t<img fetchpriority=\"high\" decoding=\"async\" width=\"683\" height=\"1024\" src=\"https:\/\/iwell-guard.com\/wp-content\/uploads\/2026\/05\/schutzsymbol_anden_palo-santo-683x1024.png\" class=\"attachment-large size-large wp-image-146980\" alt=\"Palo Santo \u2013 svat\u00e9 kadidlov\u00e9 d\u0159evo Ji\u017en\u00ed Ameriky, historicko-ilustrativn\u00ed\" srcset=\"https:\/\/iwell-guard.com\/wp-content\/uploads\/2026\/05\/schutzsymbol_anden_palo-santo-683x1024.png 683w, https:\/\/iwell-guard.com\/wp-content\/uploads\/2026\/05\/schutzsymbol_anden_palo-santo-200x300.png 200w, https:\/\/iwell-guard.com\/wp-content\/uploads\/2026\/05\/schutzsymbol_anden_palo-santo-768x1152.png 768w, https:\/\/iwell-guard.com\/wp-content\/uploads\/2026\/05\/schutzsymbol_anden_palo-santo.png 1024w\" sizes=\"(max-width: 683px) 100vw, 683px\" \/>\t\t\t\t\t\t\t\t\t\t\t\t\t\t\t<\/div>\n\t\t\t\t<\/div>\n\t\t\t\t\t<\/div>\n\t\t\t\t<\/div>\n\t\t<div class=\"elementor-element elementor-element-iwgs-palo-santo-s0 e-flex e-con-boxed e-con e-parent\" data-id=\"iwgs-palo-santo-s0\" data-element_type=\"container\" data-e-type=\"container\">\n\t\t\t\t\t<div class=\"e-con-inner\">\n\t\t\t\t<div class=\"elementor-element elementor-element-iwgs-palo-santo-s0h elementor-widget elementor-widget-heading\" data-id=\"iwgs-palo-santo-s0h\" data-element_type=\"widget\" data-e-type=\"widget\" data-widget_type=\"heading.default\">\n\t\t\t\t\t<h2 class=\"elementor-heading-title elementor-size-default\">Rychl\u00fd p\u0159ehled<\/h2>\t\t\t\t<\/div>\n\t\t<div class=\"elementor-element elementor-element-iw-palo-santo-s0-bw e-con-full e-flex e-con e-child\" data-id=\"iw-palo-santo-s0-bw\" data-element_type=\"container\" data-e-type=\"container\">\n\t\t\t\t<div class=\"elementor-element elementor-element-iwgs-palo-santo-s0t elementor-widget elementor-widget-text-editor\" data-id=\"iwgs-palo-santo-s0t\" data-element_type=\"widget\" data-e-type=\"widget\" data-widget_type=\"text-editor.default\">\n\t\t\t\t\t\t\t\t\t<p>Palo Santo (Bursera graveolens) roste v such\u00fdch les\u00edch Ekv\u00e1doru, Peru a dal\u0161\u00edch jihoamerick\u00fdch zem\u00ed. D\u0159evo z\u00edsk\u00e1v\u00e1 svou charakteristickou v\u016fni a\u017e po p\u0159irozen\u00e9m odum\u0159en\u00ed stromu nebo v\u011btve: \u00e9terick\u00e9 oleje se v mrtv\u00e9m d\u0159ev\u011b tvo\u0159\u00ed po dobu n\u011bkolika let.<\/p><p>V <span class=\"iwg-fachbegriff\" data-tooltip=\"P\u0159ed\u00e1v\u00e1n\u00ed v\u011bd\u011bn\u00ed a vypr\u00e1v\u011bn\u00ed nap\u0159\u00ed\u010d generacemi.\" tabindex=\"0\">tradici<\/span> p\u016fvodn\u00edch obyvatel a v latinskoamerick\u00e9 lidov\u00e9 v\u00ed\u0159e plat\u00ed Palo Santo za prost\u0159edek proti zl\u00fdm duch\u016fm, za pr\u016fvodce \u0161amansk\u00fdch ritu\u00e1l\u016f a za ochranu p\u0159ed negativn\u00edmi vlivy. Jeho kou\u0159 m\u00e1 odh\u00e1n\u011bt \u0161kodliv\u00e9 s\u00edly a z\u00e1rove\u0148 p\u0159itahovat l\u00e9\u010div\u00e9 a dobr\u00e9 energie.<\/p>\t\t\t\t\t\t\t\t<\/div>\n\t\t\t\t<\/div>\n\t\t\t\t\t<\/div>\n\t\t\t\t<\/div>\n\t\t<div class=\"elementor-element elementor-element-iwgs-palo-santo-s1 e-flex e-con-boxed e-con e-parent\" data-id=\"iwgs-palo-santo-s1\" data-element_type=\"container\" data-e-type=\"container\">\n\t\t\t\t\t<div class=\"e-con-inner\">\n\t\t\t\t<div class=\"elementor-element elementor-element-iwgs-palo-santo-s1h elementor-widget elementor-widget-heading\" data-id=\"iwgs-palo-santo-s1h\" data-element_type=\"widget\" data-e-type=\"widget\" data-widget_type=\"heading.default\">\n\t\t\t\t\t<h2 class=\"elementor-heading-title elementor-size-default\">P\u016fvod a tradice<\/h2>\t\t\t\t<\/div>\n\t\t<div class=\"elementor-element elementor-element-iw-palo-santo-s1-bw e-con-full e-flex e-con e-child\" data-id=\"iw-palo-santo-s1-bw\" data-element_type=\"container\" data-e-type=\"container\">\n\t\t\t\t<div class=\"elementor-element elementor-element-iwgs-palo-santo-s1t elementor-widget elementor-widget-text-editor\" data-id=\"iwgs-palo-santo-s1t\" data-element_type=\"widget\" data-e-type=\"widget\" data-widget_type=\"text-editor.default\">\n\t\t\t\t\t\t\t\t\t<p>Pou\u017e\u00edv\u00e1n\u00ed Palo Santo sah\u00e1 v \u00fastn\u00ed <span class=\"iwg-fachbegriff\" data-tooltip=\"P\u0159ed\u00e1v\u00e1n\u00ed v\u011bd\u011bn\u00ed a vypr\u00e1v\u011bn\u00ed nap\u0159\u00ed\u010d generacemi.\" tabindex=\"0\">tradici<\/span> p\u016fvodn\u00edch obyvatel Ekv\u00e1doru a Peru hluboko do minulosti. \u0160amani a l\u00e9\u010ditel\u00e9 andsk\u00fdch kultur, mezi nimi i p\u0159edstavitel\u00e9 tradice curanderismo, pou\u017e\u00edvali toto d\u0159evo p\u0159i l\u00e9\u010debn\u00fdch ritech, \u010distic\u00edch ob\u0159adech a jako prost\u0159edek doprov\u00e1zej\u00edc\u00ed komunikaci s duchovn\u00edm sv\u011btem.<\/p><p>Podle r\u016fzn\u00fdch pod\u00e1n\u00ed Inkov\u00e9 d\u0159evo pou\u017e\u00edvali p\u0159i ob\u0159adn\u00edch p\u0159\u00edle\u017eitostech; spolehliv\u00e9 p\u00edsemn\u00e9 doklady z p\u0159edkoloniza\u010dn\u00edho obdob\u00ed jsou v\u0161ak vzhledem k absenci p\u00edsemn\u00fdch pramen\u016f obt\u00ed\u017en\u011b dosa\u017eiteln\u00e9.<\/p>\n<p>S kolonizac\u00ed Ji\u017en\u00ed Ameriky a vlivem \u0161pan\u011blsk\u00e9ho katolicismu se p\u016fvodn\u00ed domorod\u00e9 u\u017e\u00edv\u00e1n\u00ed propojilo s k\u0159es\u0165ansk\u00fdmi prvky.<\/p><p>Samotn\u00fd n\u00e1zev \u201esvat\u00e9 d\u0159evo\u201c je produktem tohoto propojen\u00ed: odr\u00e1\u017e\u00ed k\u0159es\u0165ansk\u00e9 p\u0159etvo\u0159en\u00ed, j\u00edm\u017e bylo vyku\u0159ovac\u00ed d\u0159evo spjato s pojmem svatosti. V synkretick\u00e9 lidov\u00e9 v\u00ed\u0159e Latinsk\u00e9 Ameriky, kter\u00e1 spojuje domorod\u00e9, africk\u00e9 a evropsk\u00e9 prvky, z\u016fstalo Palo Santo pevn\u011b ukotven\u00fdm ochrann\u00fdm prost\u0159edkem.<\/p>\n<p>V nov\u011bj\u0161\u00ed dob\u011b se Palo Santo dostalo prost\u0159ednictv\u00edm wellness a hnut\u00ed New Age do z\u00e1padn\u00edho sv\u011bta, kde je podobn\u011b jako b\u00edl\u00e1 \u0161alv\u011bj nab\u00edzeno jako univerz\u00e1ln\u00ed \u010distic\u00ed prost\u0159edek. P\u0159i tom se \u010dasto ztr\u00e1c\u00ed specifick\u00fd ritu\u00e1ln\u00ed kontext, v n\u011bm\u017e bylo d\u0159evo p\u016fvodn\u011b pou\u017e\u00edv\u00e1no.<\/p>\t\t\t\t\t\t\t\t<\/div>\n\t\t\t\t<\/div>\n\t\t\t\t\t<\/div>\n\t\t\t\t<\/div>\n\t\t<div class=\"elementor-element elementor-element-iwgs-palo-santo-s2 e-flex e-con-boxed e-con e-parent\" data-id=\"iwgs-palo-santo-s2\" data-element_type=\"container\" data-e-type=\"container\">\n\t\t\t\t\t<div class=\"e-con-inner\">\n\t\t\t\t<div class=\"elementor-element elementor-element-iwgs-palo-santo-s2h elementor-widget elementor-widget-heading\" data-id=\"iwgs-palo-santo-s2h\" data-element_type=\"widget\" data-e-type=\"widget\" data-widget_type=\"heading.default\">\n\t\t\t\t\t<h2 class=\"elementor-heading-title elementor-size-default\">Princip p\u016fsoben\u00ed podle tradice<\/h2>\t\t\t\t<\/div>\n\t\t<div class=\"elementor-element elementor-element-iw-palo-santo-s2-bw e-con-full e-flex e-con e-child\" data-id=\"iw-palo-santo-s2-bw\" data-element_type=\"container\" data-e-type=\"container\">\n\t\t\t\t<div class=\"elementor-element elementor-element-iwgs-palo-santo-s2t elementor-widget elementor-widget-text-editor\" data-id=\"iwgs-palo-santo-s2t\" data-element_type=\"widget\" data-e-type=\"widget\" data-widget_type=\"text-editor.default\">\n\t\t\t\t\t\t\t\t\t<p>V andsk\u00e9 a curanderistick\u00e9 <span class=\"iwg-fachbegriff\" data-tooltip=\"P\u0159ed\u00e1v\u00e1n\u00ed v\u011bd\u011bn\u00ed a vypr\u00e1v\u011bn\u00ed nap\u0159\u00ed\u010d generacemi.\" tabindex=\"0\">tradici<\/span> p\u016fsob\u00ed Palo Santo na dvou rovin\u00e1ch sou\u010dasn\u011b. Jeho kou\u0159 je na jedn\u00e9 stran\u011b pova\u017eov\u00e1n za odpuzuj\u00edc\u00ed pro \u0161kodliv\u00e9 duchy a negativn\u00ed vlivy (susto, da\u00f1o, mal aire, tedy stra\u0161ideln\u00fd duch, \u0161kodliv\u00e9 kouzlo a zl\u00fd vzduch v tradi\u010dn\u00edm smyslu).<\/p><p>Na druh\u00e9 stran\u011b je jeho v\u016fn\u011b vn\u00edm\u00e1na jako p\u0159ita\u017eliv\u00e1 pro l\u00e9\u010div\u00e9 a ochrann\u00e9 duchy a s\u00edly. <span class=\"iwg-fachbegriff\" data-tooltip=\"N\u00e1bo\u017eensk\u00fd specialista, jemu\u017e se p\u0159isuzuje zprost\u0159edkov\u00e1n\u00ed mezi lidmi a duchovn\u00edm sv\u011btem.\" tabindex=\"0\">\u0160aman<\/span> nebo l\u00e9\u010ditel tedy Palo Santo nevyu\u017e\u00edv\u00e1 jen k vyh\u00e1n\u011bn\u00ed, ale i k pozv\u00e1n\u00ed: vytv\u00e1\u0159\u00ed vy\u010di\u0161t\u011bn\u00fd prostor, do kter\u00e9ho m\u016f\u017ee vstoupit to, co l\u00e9\u010d\u00ed.<\/p>\n<p>Tento dvoj\u00ed aspekt, vyh\u00e1n\u011bn\u00ed a zvan\u00ed, odli\u0161uje Palo Santo v jeho tradi\u010dn\u00ed funkci od \u010dist\u011b odpuzuj\u00edc\u00edch prost\u0159edk\u016f, jako je <a href=\"https:\/\/iwell-guard.com\/cs\/?page_id=145813\">jalovec<\/a>, jemu\u017e se p\u0159isuzuje sp\u00ed\u0161e odm\u00edtav\u00fd, tlum\u00edc\u00ed \u00fa\u010dinek. P\u0159edstava, \u017ee ochrana neznamen\u00e1 jen odvracen\u00ed zla, ale i p\u0159itahov\u00e1n\u00ed dobra, je pro andskou tradici typick\u00e1.<\/p>\n<p>Pro \u00fa\u010dinnost je podle t\u00e9to <span class=\"iwg-fachbegriff\" data-tooltip=\"P\u0159ed\u00e1v\u00e1n\u00ed v\u011bd\u011bn\u00ed a vypr\u00e1v\u011bn\u00ed nap\u0159\u00ed\u010d generacemi.\" tabindex=\"0\">tradice<\/span> rozhoduj\u00edc\u00ed, aby d\u0159evo p\u0159irozen\u011b odum\u0159elo. D\u0159evo, kter\u00e9 bylo pok\u00e1ceno, nem\u00e1 m\u00edt podle tradice stejnou ritu\u00e1ln\u00ed s\u00edlu jako d\u0159evo, kter\u00e9 samo zaniklo a p\u0159ed sesb\u00edr\u00e1n\u00edm le\u017eelo n\u011bkolik let na zemi.<\/p><p>\u010cas, kter\u00fd d\u0159evo pot\u0159ebuje k vytvo\u0159en\u00ed sv\u00e9 v\u016fn\u011b, nen\u00ed v <span class=\"iwg-fachbegriff\" data-tooltip=\"P\u0159ed\u00e1v\u00e1n\u00ed v\u011bd\u011bn\u00ed a vypr\u00e1v\u011bn\u00ed nap\u0159\u00ed\u010d generacemi.\" tabindex=\"0\">tradici<\/span> n\u00e1hodn\u00fd: je cenou za jeho \u00fa\u010dinnost.<\/p>\t\t\t\t\t\t\t\t<\/div>\n\t\t\t\t<\/div>\n\t\t\t\t\t<\/div>\n\t\t\t\t<\/div>\n\t\t<div class=\"elementor-element elementor-element-iwgs-palo-santo-s3 e-flex e-con-boxed e-con e-parent\" data-id=\"iwgs-palo-santo-s3\" data-element_type=\"container\" data-e-type=\"container\">\n\t\t\t\t\t<div class=\"e-con-inner\">\n\t\t\t\t<div class=\"elementor-element elementor-element-iwgs-palo-santo-s3h elementor-widget elementor-widget-heading\" data-id=\"iwgs-palo-santo-s3h\" data-element_type=\"widget\" data-e-type=\"widget\" data-widget_type=\"heading.default\">\n\t\t\t\t\t<h2 class=\"elementor-heading-title elementor-size-default\">Roz\u0161\u00ed\u0159en\u00ed nap\u0159\u00ed\u010d kulturami<\/h2>\t\t\t\t<\/div>\n\t\t<div class=\"elementor-element elementor-element-iw-palo-santo-s3-bw e-con-full e-flex e-con e-child\" data-id=\"iw-palo-santo-s3-bw\" data-element_type=\"container\" data-e-type=\"container\">\n\t\t\t\t<div class=\"elementor-element elementor-element-iwgs-palo-santo-s3t elementor-widget elementor-widget-text-editor\" data-id=\"iwgs-palo-santo-s3t\" data-element_type=\"widget\" data-e-type=\"widget\" data-widget_type=\"text-editor.default\">\n\t\t\t\t\t\t\t\t\t<p>Palo Santo je ve sv\u00e9 p\u016fvodn\u00ed podob\u011b omezeno na Ji\u017en\u00ed Ameriku, proto\u017ee strom Bursera graveolens se vyskytuje pouze tam. Podobn\u00e9 koncepty, tedy vyku\u0159ov\u00e1n\u00ed p\u0159irozen\u011b odum\u0159el\u00fdm nebo zvl\u00e1\u0161\u0165 vyzr\u00e1l\u00fdm d\u0159evem, se v\u0161ak objevuj\u00ed i v jin\u00fdch kultur\u00e1ch.<\/p><p>V tibetsk\u00e9m vyku\u0159ov\u00e1n\u00ed se pou\u017e\u00edvaj\u00ed ur\u010dit\u00e9 druhy d\u0159eva a prysky\u0159ic, kter\u00e9 vy\u017eaduj\u00ed dlouhou dobu zr\u00e1n\u00ed. V Japonsku je vyku\u0159ov\u00e1n\u00ed agarov\u00fdm d\u0159evem (oud) rovn\u011b\u017e v\u00e1z\u00e1no na vz\u00e1cnost a pomal\u00e9 zr\u00e1n\u00ed d\u0159eva; ritu\u00e1ln\u00ed logika vz\u00e1cnosti a \u00fa\u010dinnosti vyzr\u00e1l\u00e9ho d\u0159eva je strukturn\u011b p\u0159\u00edbuzn\u00e1.<\/p>\n<p>V Ekv\u00e1doru a Peru je Palo Santo dnes z\u00e1rove\u0148 n\u00e1rodn\u00edm <span class=\"iwg-fachbegriff\" data-tooltip=\"Znak, kter\u00fd zastupuje ur\u010ditou p\u0159edstavu nebo v\u00fdznam.\" tabindex=\"0\">symbolem<\/span> a hospod\u00e1\u0159sk\u00fdm produktem. V\u00fdvoz d\u0159eva je z\u00e1konn\u011b regulov\u00e1n, proto\u017ee nekontrolovan\u00e9 vyu\u017e\u00edv\u00e1n\u00ed vedlo k ohro\u017een\u00ed jeho z\u00e1sob. To d\u011bl\u00e1 z Palo Santo jeden z m\u00e1la vyku\u0159ovac\u00edch materi\u00e1l\u016f, jeho\u017e tradi\u010dn\u00ed status m\u00e1 i ekologick\u00fd ochrann\u00fd rozm\u011br.<\/p>\t\t\t\t\t\t\t\t<\/div>\n\t\t\t\t<\/div>\n\t\t\t\t\t<\/div>\n\t\t\t\t<\/div>\n\t\t<div class=\"elementor-element elementor-element-iwgs-palo-santo-s4 e-flex e-con-boxed e-con e-parent\" data-id=\"iwgs-palo-santo-s4\" data-element_type=\"container\" data-e-type=\"container\">\n\t\t\t\t\t<div class=\"e-con-inner\">\n\t\t\t\t<div class=\"elementor-element elementor-element-iwgs-palo-santo-s4h elementor-widget elementor-widget-heading\" data-id=\"iwgs-palo-santo-s4h\" data-element_type=\"widget\" data-e-type=\"widget\" data-widget_type=\"heading.default\">\n\t\t\t\t\t<h2 class=\"elementor-heading-title elementor-size-default\">Proti \u010demu se pou\u017e\u00edv\u00e1<\/h2>\t\t\t\t<\/div>\n\t\t<div class=\"elementor-element elementor-element-iw-palo-santo-s4-bw e-con-full e-flex e-con e-child\" data-id=\"iw-palo-santo-s4-bw\" data-element_type=\"container\" data-e-type=\"container\">\n\t\t\t\t<div class=\"elementor-element elementor-element-iwgs-palo-santo-s4t elementor-widget elementor-widget-text-editor\" data-id=\"iwgs-palo-santo-s4t\" data-element_type=\"widget\" data-e-type=\"widget\" data-widget_type=\"text-editor.default\">\n\t\t\t\t\t\t\t\t\t<p>V curanderistick\u00e9 a \u0161amansk\u00e9 <span class=\"iwg-fachbegriff\" data-tooltip=\"P\u0159ed\u00e1v\u00e1n\u00ed v\u011bd\u011bn\u00ed a vypr\u00e1v\u011bn\u00ed nap\u0159\u00ed\u010d generacemi.\" tabindex=\"0\">tradici<\/span> se Palo Santo pou\u017e\u00edv\u00e1 proti n\u00e1sleduj\u00edc\u00edm kategori\u00edm \u0161kodliv\u00fdch vliv\u016f:<\/p>\n<ul>\n<li>Mal aire, doslova \u201e\u0161patn\u00fd vzduch\u201c: vlivy, kter\u00e9 ulp\u00edvaj\u00ed na ur\u010dit\u00fdch m\u00edstech, \u010dasech nebo setk\u00e1n\u00edch a zp\u016fsobuj\u00ed nemoc<\/li>\n<li>Mal de ojo, uhranut\u00ed: \u00famysln\u00e9 nebo ne\u00famysln\u00e9 p\u016fsoben\u00ed zp\u016fsoben\u00e9 z\u00e1vist\u00ed nebo intenzivn\u00ed pozornost\u00ed<\/li>\n<li>Susto, zd\u011b\u0161en\u00ed: stav, p\u0159i n\u011bm\u017e podle <span class=\"iwg-fachbegriff\" data-tooltip=\"P\u0159ed\u00e1v\u00e1n\u00ed v\u011bd\u011bn\u00ed a vypr\u00e1v\u011bn\u00ed nap\u0159\u00ed\u010d generacemi.\" tabindex=\"0\">tradice<\/span> \u010d\u00e1st du\u0161e opust\u00ed t\u011blo v d\u016fsledku vyd\u011b\u0161en\u00ed a ochrann\u00ed duchov\u00e9 ji maj\u00ed p\u0159iv\u00e9st zp\u011bt<\/li>\n<li>P\u016fsoben\u00ed duch\u016f, kte\u0159\u00ed jsou v\u00e1z\u00e1ni na ur\u010dit\u00e9 m\u00edsto a zp\u016fsobuj\u00ed poruchy<\/li>\n<li>Obecn\u00e1 \u0161kodliv\u00e1 <span class=\"iwg-fachbegriff\" data-tooltip=\"Praktiky, kter\u00e9 se pomoc\u00ed zvl\u00e1\u0161tn\u00edch \u00fakon\u016f \u010di formul\u00ed sna\u017e\u00ed zas\u00e1hnout do b\u011bhu v\u011bc\u00ed.\" tabindex=\"0\">magie<\/span> (da\u00f1o), zam\u011b\u0159en\u00e1 t\u0159et\u00ed osobou na konkr\u00e9tn\u00edho \u010dlov\u011bka<\/li>\n<\/ul>\n<p>Tyto kategorie odpov\u00eddaj\u00ed specificky andsk\u00e9mu vid\u011bn\u00ed sv\u011bta, lze je v\u0161ak strukturn\u011b srovn\u00e1vat s obdobn\u00fdmi kategoriemi z jin\u00fdch kultur. <a href=\"https:\/\/iwell-guard.com\/cs\/?page_id=145803\">Schutz-Kompass<\/a> p\u0159i\u0159azuje Palo Santo k typ\u016fm bytost\u00ed, s nimi\u017e je podle tradice spojen.<\/p>\t\t\t\t\t\t\t\t<\/div>\n\t\t\t\t<\/div>\n\t\t\t\t\t<\/div>\n\t\t\t\t<\/div>\n\t\t<div class=\"elementor-element elementor-element-iwgs-palo-santo-s5 e-flex e-con-boxed e-con e-parent\" data-id=\"iwgs-palo-santo-s5\" data-element_type=\"container\" data-e-type=\"container\">\n\t\t\t\t\t<div class=\"e-con-inner\">\n\t\t\t\t<div class=\"elementor-element elementor-element-iwgs-palo-santo-s5h elementor-widget elementor-widget-heading\" data-id=\"iwgs-palo-santo-s5h\" data-element_type=\"widget\" data-e-type=\"widget\" data-widget_type=\"heading.default\">\n\t\t\t\t\t<h2 class=\"elementor-heading-title elementor-size-default\">Pou\u017eit\u00ed a hranice<\/h2>\t\t\t\t<\/div>\n\t\t<div class=\"elementor-element elementor-element-iw-palo-santo-s5-bw e-con-full e-flex e-con e-child\" data-id=\"iw-palo-santo-s5-bw\" data-element_type=\"container\" data-e-type=\"container\">\n\t\t\t\t<div class=\"elementor-element elementor-element-iwgs-palo-santo-s5t elementor-widget elementor-widget-text-editor\" data-id=\"iwgs-palo-santo-s5t\" data-element_type=\"widget\" data-e-type=\"widget\" data-widget_type=\"text-editor.default\">\n\t\t\t\t\t\t\t\t\t<p>Palo Santo se obvykle zapaluje jako kus d\u0159eva nebo d\u0159ev\u011bn\u00e1 t\u0159\u00edska a pot\u00e9 se sfoukne, aby doutnal podobn\u011b jako vonn\u00e1 ty\u010dinka. Kou\u0159 se pak vede po m\u00edstnosti nebo kolem osoby. Podle <span class=\"iwg-fachbegriff\" data-tooltip=\"P\u0159ed\u00e1v\u00e1n\u00ed v\u011bd\u011bn\u00ed a vypr\u00e1v\u011bn\u00ed nap\u0159\u00ed\u010d generacemi.\" tabindex=\"0\">tradice<\/span> se tento \u00fakon prov\u00e1d\u00ed s jasn\u00fdm z\u00e1m\u011brem; pouh\u00e9 sp\u00e1len\u00ed bez soust\u0159ed\u011bn\u00ed je pova\u017eov\u00e1no za m\u00e9n\u011b \u00fa\u010dinn\u00e9.<\/p>\n<p>D\u016fle\u017eitou hranic\u00ed t\u00e9to praxe je ot\u00e1zka p\u016fvodu. Udr\u017eiteln\u011b a leg\u00e1ln\u011b sklizen\u00e9 Palo Santo z p\u0159irozen\u011b odum\u0159el\u00e9ho d\u0159eva se v <span class=\"iwg-fachbegriff\" data-tooltip=\"P\u0159ed\u00e1v\u00e1n\u00ed v\u011bd\u011bn\u00ed a vypr\u00e1v\u011bn\u00ed nap\u0159\u00ed\u010d generacemi.\" tabindex=\"0\">tradici<\/span> i z ekologick\u00e9ho hlediska z\u00e1sadn\u011b li\u0161\u00ed od pr\u016fmyslov\u011b vyr\u00e1b\u011bn\u00fdch produkt\u016f. Kdo chce Palo Santo pou\u017e\u00edvat v souladu s <span class=\"iwg-fachbegriff\" data-tooltip=\"P\u0159ed\u00e1v\u00e1n\u00ed v\u011bd\u011bn\u00ed a vypr\u00e1v\u011bn\u00ed nap\u0159\u00ed\u010d generacemi.\" tabindex=\"0\">tradic\u00ed<\/span>, m\u011bl by db\u00e1t na certifikovan\u00e9 produkty poch\u00e1zej\u00edc\u00ed z Ekv\u00e1doru nebo Peru s p\u0159\u00edslu\u0161n\u00fdmi doklady.<\/p>\n<p>Stejn\u011b jako v\u0161echny vonn\u00e9 l\u00e1tky nen\u00ed Palo Santo podle <span class=\"iwg-fachbegriff\" data-tooltip=\"P\u0159ed\u00e1v\u00e1n\u00ed v\u011bd\u011bn\u00ed a vypr\u00e1v\u011bn\u00ed nap\u0159\u00ed\u010d generacemi.\" tabindex=\"0\">tradice<\/span> v\u0161el\u00e9kem ani n\u00e1hradou za jin\u00e1 ochrann\u00e1 opat\u0159en\u00ed. Jeho s\u00edla spo\u010d\u00edv\u00e1 v kombinaci o\u010disty a p\u0159izv\u00e1n\u00ed blahod\u00e1rn\u00e9ho; pro konkr\u00e9tn\u00ed \u0161kodliv\u00e9 bytosti <span class=\"iwg-fachbegriff\" data-tooltip=\"P\u0159ed\u00e1v\u00e1n\u00ed v\u011bd\u011bn\u00ed a vypr\u00e1v\u011bn\u00ed nap\u0159\u00ed\u010d generacemi.\" tabindex=\"0\">tradice<\/span> doporu\u010duje dopl\u0148kov\u00e9 prost\u0159edky, kter\u00e9 jsou zdokumentov\u00e1ny v <a href=\"https:\/\/iwell-guard.com\/cs\/?page_id=145803\">Kompasu ochrany<\/a>.<\/p>\t\t\t\t\t\t\t\t<\/div>\n\t\t\t\t<\/div>\n\t\t\t\t\t<\/div>\n\t\t\t\t<\/div>\n\t\t<div class=\"elementor-element elementor-element-iwgs-palo-santo-lit e-flex e-con-boxed e-con e-parent\" data-id=\"iwgs-palo-santo-lit\" data-element_type=\"container\" data-e-type=\"container\">\n\t\t\t\t\t<div class=\"e-con-inner\">\n\t\t\t\t<div class=\"elementor-element elementor-element-iwgs-palo-santo-lith elementor-widget elementor-widget-heading\" data-id=\"iwgs-palo-santo-lith\" data-element_type=\"widget\" data-e-type=\"widget\" data-widget_type=\"heading.default\">\n\t\t\t\t\t<h2 class=\"elementor-heading-title elementor-size-default\">Literatura (v\u00fdb\u011br)<\/h2>\t\t\t\t<\/div>\n\t\t<div class=\"elementor-element elementor-element-iw-palo-santo-lit-bw e-con-full e-flex e-con e-child\" data-id=\"iw-palo-santo-lit-bw\" data-element_type=\"container\" data-e-type=\"container\">\n\t\t\t\t<div class=\"elementor-element elementor-element-iwgs-palo-santo-litt elementor-widget elementor-widget-html\" data-id=\"iwgs-palo-santo-litt\" data-element_type=\"widget\" data-e-type=\"widget\" data-widget_type=\"html.default\">\n\t\t\t\t\t<footer data-nosnippet=\"true\"><ul><li>Don Callaway, Joel Janetski, Omer Stewart: Ute. In: Handbook of North American Indians, Bd. 11. Washington: Smithsonian Institution, 1986.<\/li><li>Luis Eduardo Luna, Pablo Amaringo: Ayahuasca Visions: The Religious Iconography of a Peruvian Shaman. Berkeley: North Atlantic Books, 1991.<\/li><li>Claudia M\u00fcller-Ebeling, Christian R\u00e4tsch, Wolf-Dieter Storl: Witchcraft Medicine: Healing Arts, Shamanic Practices and Forbidden Plants. Rochester: Inner Traditions, 2003.<\/li><li>Silvia Ravera: Herbalism: A Guide to Using Herbs and Plant Medicine for Healing and Wellbeing. Bath: Parragon, 2004.<\/li><li>Stefan Michalak: Ethnobotanisches W\u00f6rterbuch Lateinamerika. Frankfurt: Peter Lang, 2008.<\/li><\/ul><\/footer>\t\t\t\t<\/div>\n\t\t\t\t<\/div>\n\t\t\t\t\t<\/div>\n\t\t\t\t<\/div>\n\t\t<div class=\"elementor-element elementor-element-iwgs-palo-santo-kwd e-flex e-con-boxed e-con e-parent\" data-id=\"iwgs-palo-santo-kwd\" data-element_type=\"container\" data-e-type=\"container\">\n\t\t\t\t\t<div class=\"e-con-inner\">\n\t\t<div class=\"elementor-element elementor-element-iw-palo-santo-kwd-bw e-con-full e-flex e-con e-child\" data-id=\"iw-palo-santo-kwd-bw\" data-element_type=\"container\" data-e-type=\"container\">\n\t\t\t\t<div class=\"elementor-element elementor-element-iwgs-palo-santo-kwdt elementor-widget elementor-widget-text-editor\" data-id=\"iwgs-palo-santo-kwdt\" data-element_type=\"widget\" data-e-type=\"widget\" data-widget_type=\"text-editor.default\">\n\t\t\t\t\t\t\t\t\t<p><em>Souvisej\u00edc\u00ed kl\u00ed\u010dov\u00e9 pojmy: palo santo svat\u00e9 d\u0159evo \u00fa\u010dinky vonn\u00e9 d\u0159evo.<\/em><\/p>\t\t\t\t\t\t\t\t<\/div>\n\t\t\t\t<\/div>\n\t\t\t\t\t<\/div>\n\t\t\t\t<\/div>\n\t\t<div class=\"elementor-element elementor-element-iwgs-palo-santo-cc e-flex e-con-boxed e-con e-parent\" data-id=\"iwgs-palo-santo-cc\" data-element_type=\"container\" data-e-type=\"container\" id=\"iwg-cc-palo-santo\">\n\t\t\t\t\t<div class=\"e-con-inner\">\n\t\t<div class=\"elementor-element elementor-element-iwgs-palo-santo-ccinner e-flex e-con-boxed e-con e-parent\" data-id=\"iwgs-palo-santo-ccinner\" data-element_type=\"container\" data-e-type=\"container\" data-settings=\"{&quot;background_background&quot;:&quot;classic&quot;}\">\n\t\t\t\t\t<div class=\"e-con-inner\">\n\t\t\t\t<div class=\"elementor-element elementor-element-iwgs-palo-santo-cch elementor-widget elementor-widget-heading\" data-id=\"iwgs-palo-santo-cch\" data-element_type=\"widget\" data-e-type=\"widget\" data-widget_type=\"heading.default\">\n\t\t\t\t\t<h2 class=\"elementor-heading-title elementor-size-default\">iWell Guard a ochrann\u00e9 tradice<\/h2>\t\t\t\t<\/div>\n\t\t\t\t<div class=\"elementor-element elementor-element-iwgs-palo-santo-cct elementor-widget elementor-widget-text-editor\" data-id=\"iwgs-palo-santo-cct\" data-element_type=\"widget\" data-e-type=\"widget\" data-widget_type=\"text-editor.default\">\n\t\t\t\t\t\t\t\t\t<p>Palo Santo vt\u011bluje princip, \u017ee ochrana nen\u00ed jen odh\u00e1n\u011bn\u00edm, ale tak\u00e9 aktivn\u00ed p\u00e9\u010d\u00ed o dob\u0159e uspo\u0159\u00e1dan\u00fd prostor, v n\u011bm\u017e m\u00e1 m\u00edsto dobr\u00e9 a prosp\u011b\u0161n\u00e9. <a href=\"https:\/\/iwell-guard.com\/cs\/koupit-ochranny-privesek-iwell-guard\/\">iWell Guard<\/a> tuto my\u0161lenku v sob\u011b nese: spojuje prvky z tradic r\u016fzn\u00fdch kultur, kter\u00e9 v\u0161echny vych\u00e1zej\u00ed z toho, \u017ee \u010dlov\u011bk m\u016f\u017ee sv\u016fj osobn\u00ed ochrann\u00fd prostor aktivn\u011b utv\u00e1\u0159et.<\/p><p>Jihoamerick\u00fd princip dvoj\u00edho vyku\u0159ov\u00e1n\u00ed, vyh\u00e1n\u011bn\u00ed a zv\u00e1n\u00ed, se odr\u00e1\u017e\u00ed v p\u0159\u00edstupu iWell Guardu, kter\u00fd nen\u00ed zam\u011b\u0159en jen na odh\u00e1n\u011bn\u00ed, ale na posiluj\u00edc\u00ed spojen\u00ed s vlastn\u00edm ochrann\u00fdm z\u00e1m\u011brem.<\/p>\t\t\t\t\t\t\t\t<\/div>\n\t\t\t\t<div class=\"elementor-element elementor-element-iwgs-palo-santo-ccb iwg-cc-button iwg-cc-cta-2026-05-13 elementor-widget elementor-widget-jet-button\" data-id=\"iwgs-palo-santo-ccb\" data-element_type=\"widget\" data-e-type=\"widget\" data-widget_type=\"jet-button.default\">\n\t\t\t\t<div class=\"elementor-widget-container\">\n\t\t\t\t\t<div class=\"elementor-jet-button jet-elements\"><div class=\"jet-button__container\"><a class=\"jet-button__instance jet-button__instance--icon-left hover-effect-1\" href=\"\/schutzanhaenger-iwell-guard-kaufen\/?utm_source=iwell-guard.com&amp;utm_medium=info-box&amp;utm_campaign=schutzsymbole\"><div class=\"jet-button__plane jet-button__plane-normal\"><\/div><div class=\"jet-button__plane jet-button__plane-hover\"><\/div><div class=\"jet-button__state jet-button__state-normal\"><span class=\"jet-button__label\">V\u00edce o iWell Guard<\/span><\/div><div class=\"jet-button__state jet-button__state-hover\"><span class=\"jet-button__label\">V\u00edce o iWell Guard<\/span><\/div><\/a><\/div><\/div><style>.elementor-element.elementor-element-iwgs-palo-santo-ccb .jet-button__instance{width:320px;height:56px;}.elementor-element.elementor-element-iwgs-palo-santo-ccb .jet-button__state-normal .jet-button__label{text-align:center;margin:0px 0px 0px 0px;color:#1a1b20;font-family:Montserrat,sans-serif;font-size:13px;font-weight:400;letter-spacing:4px;line-height:1.714em;text-transform:uppercase;}.elementor-element.elementor-element-iwgs-palo-santo-ccb .jet-button__state-hover .jet-button__label{text-align:center;margin:0px 0px 0px 0px;color:#FECC76;font-family:Montserrat,sans-serif;font-size:13px;font-weight:400;letter-spacing:4px;line-height:1.714em;text-transform:uppercase;}.elementor-element.elementor-element-iwgs-palo-santo-ccb .jet-button__plane-normal{background-color:#FECC76;border-style:solid;border-color:#C99540;border-width:2px 2px 2px 2px;}.elementor-element.elementor-element-iwgs-palo-santo-ccb .jet-button__plane-hover{background-color:rgba(0,0,0,0.55);border-style:solid;border-color:#FECC76;border-width:2px 2px 2px 2px;}<\/style>\t\t\t\t<\/div>\n\t\t\t\t<\/div>\n\t\t\t\t<div class=\"elementor-element elementor-element-iwgs-palo-santo-ccd elementor-widget elementor-widget-text-editor\" data-id=\"iwgs-palo-santo-ccd\" data-element_type=\"widget\" data-e-type=\"widget\" data-widget_type=\"text-editor.default\">\n\t\t\t\t\t\t\t\t\t<p style=\"text-align:center;font-size:13px;opacity:0.7;margin-top:14px\" data-nosnippet=\"true\">Osobn\u00ed zku\u0161enosti se mohou li\u0161it. Nejde o zdravotnick\u00fd prost\u0159edek. Nejde o p\u0159\u00edslib l\u00e9\u010den\u00ed.<\/p>\t\t\t\t\t\t\t\t<\/div>\n\t\t\t\t\t<\/div>\n\t\t\t\t<\/div>\n\t\t\t\t\t<\/div>\n\t\t\t\t<\/div>\n\t\t<div class=\"elementor-element elementor-element-iwgs-palo-santo-disc e-flex e-con-boxed e-con e-parent\" data-id=\"iwgs-palo-santo-disc\" data-element_type=\"container\" data-e-type=\"container\">\n\t\t\t\t\t<div class=\"e-con-inner\">\n\t\t<div class=\"elementor-element elementor-element-iw-palo-santo-disc-bw e-con-full e-flex e-con e-child\" data-id=\"iw-palo-santo-disc-bw\" data-element_type=\"container\" data-e-type=\"container\">\n\t\t\t\t<div class=\"elementor-element elementor-element-iwgs-palo-santo-discw elementor-widget elementor-widget-html\" data-id=\"iwgs-palo-santo-discw\" data-element_type=\"widget\" data-e-type=\"widget\" data-widget_type=\"html.default\">\n\t\t\t\t\t<footer data-nosnippet=\"true\" class=\"iwg-disclaimer-block\"><p data-nosnippet=\"true\">iWell Guard <strong>nen\u00ed zdravotnick\u00fd prost\u0159edek<\/strong> a nenahrazuje l\u00e9ka\u0159skou ani psychoterapeutickou l\u00e9\u010dbu. Zde uveden\u00fd obsah p\u0159edstavuje religionistick\u00e9 a kulturn\u011b-historick\u00e9 za\u0159azen\u00ed, nikoli p\u0159\u00edslib duchovn\u00edho \u00fa\u010dinku.<\/p><\/footer>\t\t\t\t<\/div>\n\t\t\t\t<\/div>\n\t\t\t\t\t<\/div>\n\t\t\t\t<\/div>\n\t\t\t\t<\/div>\n\t\t","protected":false},"excerpt":{"rendered":"","protected":false},"author":3,"featured_media":4114,"parent":0,"menu_order":0,"comment_status":"closed","ping_status":"closed","template":"elementor_header_footer","meta":{"_yoast_wpseo_focuskw":"palo santo","_yoast_wpseo_title":"Palo Santo \u2013 svat\u00e9 d\u0159evo k vyku\u0159ov\u00e1n\u00ed","_yoast_wpseo_metadesc":"Palo Santo: tradice svat\u00e9ho d\u0159eva z Ji\u017en\u00ed Ameriky, jeho vyu\u017eit\u00ed v \u0161amanismu a jeho v\u00fdznam jako \u010distic\u00edho prost\u0159edku.","_yoast_wpseo_meta-robots-noindex":"","_yoast_wpseo_canonical":"","_angie_page":false,"gefaehrdungsstufe":"","wesen_kultur":"","wesen_klasse":"","footnotes":""},"categories":[],"class_list":["post-145799","page","type-page","status-publish","has-post-thumbnail","hentry"],"yoast_head":"<!-- This site is optimized with the Yoast SEO Premium plugin v27.7 (Yoast SEO v28.3) - https:\/\/yoast.com\/product\/yoast-seo-premium-wordpress\/ -->\n<title>Palo Santo \u2013 svat\u00e9 d\u0159evo k vyku\u0159ov\u00e1n\u00ed<\/title>\n<meta name=\"description\" content=\"Palo Santo: tradice svat\u00e9ho d\u0159eva z Ji\u017en\u00ed Ameriky, jeho vyu\u017eit\u00ed v \u0161amanismu a jeho v\u00fdznam jako \u010distic\u00edho prost\u0159edku.\" \/>\n<meta name=\"robots\" content=\"index, follow, max-snippet:-1, max-image-preview:large, max-video-preview:-1\" \/>\n<link rel=\"canonical\" href=\"https:\/\/iwell-guard.com\/cs\/palo-santo\/\" \/>\n<meta property=\"og:locale\" content=\"cs_CZ\" \/>\n<meta property=\"og:type\" content=\"article\" \/>\n<meta property=\"og:title\" content=\"Palo Santo\" \/>\n<meta property=\"og:description\" content=\"Palo Santo: tradice svat\u00e9ho d\u0159eva z Ji\u017en\u00ed Ameriky, jeho vyu\u017eit\u00ed v \u0161amanismu a jeho v\u00fdznam jako \u010distic\u00edho prost\u0159edku.\" \/>\n<meta property=\"og:url\" content=\"https:\/\/iwell-guard.com\/cs\/palo-santo\/\" \/>\n<meta property=\"og:site_name\" content=\"iWell Guard\" \/>\n<meta property=\"article:modified_time\" content=\"2026-09-03T17:06:05+00:00\" \/>\n<meta property=\"og:image\" content=\"https:\/\/iwell-guard.com\/wp-content\/uploads\/2026\/05\/schutzsymbol_anden_palo-santo-683x1024.png\" \/>\n\t<meta property=\"og:image:width\" content=\"683\" \/>\n\t<meta property=\"og:image:height\" content=\"1024\" \/>\n\t<meta property=\"og:image:type\" content=\"image\/png\" \/>\n<meta name=\"twitter:card\" content=\"summary_large_image\" \/>\n<script type=\"application\/ld+json\" class=\"yoast-schema-graph\">{\"@context\":\"https:\\\/\\\/schema.org\",\"@graph\":[{\"@type\":\"WebPage\",\"@id\":\"https:\\\/\\\/iwell-guard.com\\\/cs\\\/palo-santo\\\/\",\"url\":\"https:\\\/\\\/iwell-guard.com\\\/cs\\\/palo-santo\\\/\",\"name\":\"Palo Santo \u2013 svat\u00e9 d\u0159evo k vyku\u0159ov\u00e1n\u00ed\",\"isPartOf\":{\"@id\":\"https:\\\/\\\/iwell-guard.com\\\/cs\\\/#website\"},\"primaryImageOfPage\":{\"@id\":\"https:\\\/\\\/iwell-guard.com\\\/cs\\\/palo-santo\\\/#primaryimage\"},\"image\":{\"@id\":\"https:\\\/\\\/iwell-guard.com\\\/cs\\\/palo-santo\\\/#primaryimage\"},\"thumbnailUrl\":\"https:\\\/\\\/iwell-guard.com\\\/wp-content\\\/uploads\\\/2026\\\/05\\\/schutzsymbol_anden_palo-santo.png\",\"datePublished\":\"2026-09-03T16:33:49+00:00\",\"dateModified\":\"2026-09-03T17:06:05+00:00\",\"description\":\"Palo Santo: tradice svat\u00e9ho d\u0159eva z Ji\u017en\u00ed Ameriky, jeho vyu\u017eit\u00ed v \u0161amanismu a jeho v\u00fdznam jako \u010distic\u00edho prost\u0159edku.\",\"breadcrumb\":{\"@id\":\"https:\\\/\\\/iwell-guard.com\\\/cs\\\/palo-santo\\\/#breadcrumb\"},\"inLanguage\":\"cs\",\"potentialAction\":[{\"@type\":\"ReadAction\",\"target\":[\"https:\\\/\\\/iwell-guard.com\\\/cs\\\/palo-santo\\\/\"]}]},{\"@type\":\"ImageObject\",\"inLanguage\":\"cs\",\"@id\":\"https:\\\/\\\/iwell-guard.com\\\/cs\\\/palo-santo\\\/#primaryimage\",\"url\":\"https:\\\/\\\/iwell-guard.com\\\/wp-content\\\/uploads\\\/2026\\\/05\\\/schutzsymbol_anden_palo-santo.png\",\"contentUrl\":\"https:\\\/\\\/iwell-guard.com\\\/wp-content\\\/uploads\\\/2026\\\/05\\\/schutzsymbol_anden_palo-santo.png\",\"width\":1024,\"height\":1536,\"caption\":\"Palo Santo \u2013 svat\u00e9 kadidlov\u00e9 d\u0159evo Ji\u017en\u00ed Ameriky, historicko-ilustrativn\u00ed\"},{\"@type\":\"BreadcrumbList\",\"@id\":\"https:\\\/\\\/iwell-guard.com\\\/cs\\\/palo-santo\\\/#breadcrumb\",\"itemListElement\":[{\"@type\":\"ListItem\",\"position\":1,\"name\":\"Start\",\"item\":\"https:\\\/\\\/iwell-guard.com\\\/cs\\\/?page_id=145107\"},{\"@type\":\"ListItem\",\"position\":2,\"name\":\"Palo Santo\"}]},{\"@type\":\"WebSite\",\"@id\":\"https:\\\/\\\/iwell-guard.com\\\/cs\\\/#website\",\"url\":\"https:\\\/\\\/iwell-guard.com\\\/cs\\\/\",\"name\":\"iWell Guard\",\"description\":\"Schutz vor dunklen Einfl\u00fcssen\",\"publisher\":{\"@id\":\"https:\\\/\\\/iwell-guard.com\\\/cs\\\/#organization\"},\"potentialAction\":[{\"@type\":\"SearchAction\",\"target\":{\"@type\":\"EntryPoint\",\"urlTemplate\":\"https:\\\/\\\/iwell-guard.com\\\/cs\\\/?s={search_term_string}\"},\"query-input\":{\"@type\":\"PropertyValueSpecification\",\"valueRequired\":true,\"valueName\":\"search_term_string\"}}],\"inLanguage\":\"cs\"},{\"@type\":\"Organization\",\"@id\":\"https:\\\/\\\/iwell-guard.com\\\/cs\\\/#organization\",\"name\":\"Ittermann electronic GmbH\",\"url\":\"https:\\\/\\\/iwell-guard.com\\\/cs\\\/\",\"logo\":{\"@type\":\"ImageObject\",\"inLanguage\":\"cs\",\"@id\":\"https:\\\/\\\/iwell-guard.com\\\/cs\\\/#\\\/schema\\\/logo\\\/image\\\/\",\"url\":\"https:\\\/\\\/iwell-guard.com\\\/wp-content\\\/uploads\\\/2026\\\/05\\\/Ittermann-Logo-1182x237-1.png\",\"contentUrl\":\"https:\\\/\\\/iwell-guard.com\\\/wp-content\\\/uploads\\\/2026\\\/05\\\/Ittermann-Logo-1182x237-1.png\",\"width\":1182,\"height\":237,\"caption\":\"Ittermann electronic GmbH\"},\"image\":{\"@id\":\"https:\\\/\\\/iwell-guard.com\\\/cs\\\/#\\\/schema\\\/logo\\\/image\\\/\"},\"sameAs\":[\"https:\\\/\\\/pantip.com\\\/profile\\\/9367242\",\"https:\\\/\\\/micro.blog\\\/iwellguard\",\"https:\\\/\\\/www.diggerslist.com\\\/iwellguard\\\/about\",\"https:\\\/\\\/skitterphoto.com\\\/photographers\\\/2870314\\\/iwell-guard\",\"https:\\\/\\\/iwellguard.wordpress.com\\\/2026\\\/06\\\/06\\\/iwell-guard\\\/\",\"https:\\\/\\\/hub.docker.com\\\/u\\\/iwellguard\",\"https:\\\/\\\/www.pinterest.com\\\/iwellguard\\\/\",\"https:\\\/\\\/bit.ly\\\/m\\\/iwellguard\",\"https:\\\/\\\/entre-vos-mains.alsace.eu\\\/profiles\\\/iwellguard\\\/activity\",\"https:\\\/\\\/gravatar.com\\\/reallybeded8fd34\",\"https:\\\/\\\/naijamatta.com\\\/iwellguard\",\"https:\\\/\\\/www.goodreads.com\\\/iwellguard\",\"https:\\\/\\\/profile.hatena.ne.jp\\\/iwellguard\\\/\",\"https:\\\/\\\/experiment.com\\\/users\\\/iwellguard\",\"https:\\\/\\\/wakelet.com\\\/@iWellGuard82270\",\"https:\\\/\\\/www.chordie.com\\\/forum\\\/profile.php?id=2555664\",\"https:\\\/\\\/www.instapaper.com\\\/p\\\/17757966\",\"https:\\\/\\\/www.mapleprimes.com\\\/users\\\/iwellguard\",\"https:\\\/\\\/businesslistingplus.com\\\/profile\\\/iwell-guard\\\/\",\"https:\\\/\\\/telegra.ph\\\/iWell-Guard-06-06\",\"https:\\\/\\\/pbase.com\\\/iwellguard\\\/iwellguard\",\"https:\\\/\\\/b.hatena.ne.jp\\\/iwellguard\\\/20260607#bookmark-4788405196491818882\",\"https:\\\/\\\/fliphtml5.com\\\/home\\\/iwellguard\",\"https:\\\/\\\/anyflip.com\\\/homepage\\\/cmiwl#About\",\"https:\\\/\\\/transfur.com\\\/Users\\\/iwellguard\",\"http:\\\/\\\/delphi.larsbo.org\\\/user\\\/iwellguard\",\"https:\\\/\\\/jobs.lajobsportal.org\\\/profiles\\\/8380803-iwell-guard\",\"https:\\\/\\\/md.chaosdorf.de\\\/s\\\/jfbe5SBdJD\",\"https:\\\/\\\/www.lingvolive.com\\\/en-us\\\/profile\\\/9ecaeaca-ce11-4e51-9e71-01d55e2bff36\\\/translations\",\"https:\\\/\\\/www.fitday.com\\\/fitness\\\/forums\\\/members\\\/iwellguard.html\",\"https:\\\/\\\/www.mymeetbook.com\\\/iwellguard\",\"https:\\\/\\\/pxhere.com\\\/en\\\/photographer-me\\\/5040798\",\"https:\\\/\\\/disqus.com\\\/by\\\/iwellguard\\\/about\\\/\",\"https:\\\/\\\/pastelink.net\\\/hjwciqwq\",\"https:\\\/\\\/pubhtml5.com\\\/homepage\\\/scjhn\\\/\",\"https:\\\/\\\/www.bitchute.com\\\/channel\\\/2O2eOKzNqujT\",\"https:\\\/\\\/audiomack.com\\\/iwellguard\"]}]}<\/script>\n<!-- \/ Yoast SEO Premium plugin. -->","yoast_head_json":{"title":"Palo Santo \u2013 svat\u00e9 d\u0159evo k vyku\u0159ov\u00e1n\u00ed","description":"Palo Santo: tradice svat\u00e9ho d\u0159eva z Ji\u017en\u00ed Ameriky, jeho vyu\u017eit\u00ed v \u0161amanismu a jeho v\u00fdznam jako \u010distic\u00edho prost\u0159edku.","robots":{"index":"index","follow":"follow","max-snippet":"max-snippet:-1","max-image-preview":"max-image-preview:large","max-video-preview":"max-video-preview:-1"},"canonical":"https:\/\/iwell-guard.com\/cs\/palo-santo\/","og_locale":"cs_CZ","og_type":"article","og_title":"Palo Santo","og_description":"Palo Santo: tradice svat\u00e9ho d\u0159eva z Ji\u017en\u00ed Ameriky, jeho vyu\u017eit\u00ed v \u0161amanismu a jeho v\u00fdznam jako \u010distic\u00edho prost\u0159edku.","og_url":"https:\/\/iwell-guard.com\/cs\/palo-santo\/","og_site_name":"iWell Guard","article_modified_time":"2026-09-03T17:06:05+00:00","og_image":[{"width":683,"height":1024,"url":"https:\/\/iwell-guard.com\/wp-content\/uploads\/2026\/05\/schutzsymbol_anden_palo-santo-683x1024.png","type":"image\/png"}],"twitter_card":"summary_large_image","schema":{"@context":"https:\/\/schema.org","@graph":[{"@type":"WebPage","@id":"https:\/\/iwell-guard.com\/cs\/palo-santo\/","url":"https:\/\/iwell-guard.com\/cs\/palo-santo\/","name":"Palo Santo \u2013 svat\u00e9 d\u0159evo k vyku\u0159ov\u00e1n\u00ed","isPartOf":{"@id":"https:\/\/iwell-guard.com\/cs\/#website"},"primaryImageOfPage":{"@id":"https:\/\/iwell-guard.com\/cs\/palo-santo\/#primaryimage"},"image":{"@id":"https:\/\/iwell-guard.com\/cs\/palo-santo\/#primaryimage"},"thumbnailUrl":"https:\/\/iwell-guard.com\/wp-content\/uploads\/2026\/05\/schutzsymbol_anden_palo-santo.png","datePublished":"2026-09-03T16:33:49+00:00","dateModified":"2026-09-03T17:06:05+00:00","description":"Palo Santo: tradice svat\u00e9ho d\u0159eva z Ji\u017en\u00ed Ameriky, jeho vyu\u017eit\u00ed v \u0161amanismu a jeho v\u00fdznam jako \u010distic\u00edho prost\u0159edku.","breadcrumb":{"@id":"https:\/\/iwell-guard.com\/cs\/palo-santo\/#breadcrumb"},"inLanguage":"cs","potentialAction":[{"@type":"ReadAction","target":["https:\/\/iwell-guard.com\/cs\/palo-santo\/"]}]},{"@type":"ImageObject","inLanguage":"cs","@id":"https:\/\/iwell-guard.com\/cs\/palo-santo\/#primaryimage","url":"https:\/\/iwell-guard.com\/wp-content\/uploads\/2026\/05\/schutzsymbol_anden_palo-santo.png","contentUrl":"https:\/\/iwell-guard.com\/wp-content\/uploads\/2026\/05\/schutzsymbol_anden_palo-santo.png","width":1024,"height":1536,"caption":"Palo Santo \u2013 svat\u00e9 kadidlov\u00e9 d\u0159evo Ji\u017en\u00ed Ameriky, historicko-ilustrativn\u00ed"},{"@type":"BreadcrumbList","@id":"https:\/\/iwell-guard.com\/cs\/palo-santo\/#breadcrumb","itemListElement":[{"@type":"ListItem","position":1,"name":"Start","item":"https:\/\/iwell-guard.com\/cs\/?page_id=145107"},{"@type":"ListItem","position":2,"name":"Palo Santo"}]},{"@type":"WebSite","@id":"https:\/\/iwell-guard.com\/cs\/#website","url":"https:\/\/iwell-guard.com\/cs\/","name":"iWell Guard","description":"Schutz vor dunklen Einfl\u00fcssen","publisher":{"@id":"https:\/\/iwell-guard.com\/cs\/#organization"},"potentialAction":[{"@type":"SearchAction","target":{"@type":"EntryPoint","urlTemplate":"https:\/\/iwell-guard.com\/cs\/?s={search_term_string}"},"query-input":{"@type":"PropertyValueSpecification","valueRequired":true,"valueName":"search_term_string"}}],"inLanguage":"cs"},{"@type":"Organization","@id":"https:\/\/iwell-guard.com\/cs\/#organization","name":"Ittermann electronic GmbH","url":"https:\/\/iwell-guard.com\/cs\/","logo":{"@type":"ImageObject","inLanguage":"cs","@id":"https:\/\/iwell-guard.com\/cs\/#\/schema\/logo\/image\/","url":"https:\/\/iwell-guard.com\/wp-content\/uploads\/2026\/05\/Ittermann-Logo-1182x237-1.png","contentUrl":"https:\/\/iwell-guard.com\/wp-content\/uploads\/2026\/05\/Ittermann-Logo-1182x237-1.png","width":1182,"height":237,"caption":"Ittermann electronic GmbH"},"image":{"@id":"https:\/\/iwell-guard.com\/cs\/#\/schema\/logo\/image\/"},"sameAs":["https:\/\/pantip.com\/profile\/9367242","https:\/\/micro.blog\/iwellguard","https:\/\/www.diggerslist.com\/iwellguard\/about","https:\/\/skitterphoto.com\/photographers\/2870314\/iwell-guard","https:\/\/iwellguard.wordpress.com\/2026\/06\/06\/iwell-guard\/","https:\/\/hub.docker.com\/u\/iwellguard","https:\/\/www.pinterest.com\/iwellguard\/","https:\/\/bit.ly\/m\/iwellguard","https:\/\/entre-vos-mains.alsace.eu\/profiles\/iwellguard\/activity","https:\/\/gravatar.com\/reallybeded8fd34","https:\/\/naijamatta.com\/iwellguard","https:\/\/www.goodreads.com\/iwellguard","https:\/\/profile.hatena.ne.jp\/iwellguard\/","https:\/\/experiment.com\/users\/iwellguard","https:\/\/wakelet.com\/@iWellGuard82270","https:\/\/www.chordie.com\/forum\/profile.php?id=2555664","https:\/\/www.instapaper.com\/p\/17757966","https:\/\/www.mapleprimes.com\/users\/iwellguard","https:\/\/businesslistingplus.com\/profile\/iwell-guard\/","https:\/\/telegra.ph\/iWell-Guard-06-06","https:\/\/pbase.com\/iwellguard\/iwellguard","https:\/\/b.hatena.ne.jp\/iwellguard\/20260607#bookmark-4788405196491818882","https:\/\/fliphtml5.com\/home\/iwellguard","https:\/\/anyflip.com\/homepage\/cmiwl#About","https:\/\/transfur.com\/Users\/iwellguard","http:\/\/delphi.larsbo.org\/user\/iwellguard","https:\/\/jobs.lajobsportal.org\/profiles\/8380803-iwell-guard","https:\/\/md.chaosdorf.de\/s\/jfbe5SBdJD","https:\/\/www.lingvolive.com\/en-us\/profile\/9ecaeaca-ce11-4e51-9e71-01d55e2bff36\/translations","https:\/\/www.fitday.com\/fitness\/forums\/members\/iwellguard.html","https:\/\/www.mymeetbook.com\/iwellguard","https:\/\/pxhere.com\/en\/photographer-me\/5040798","https:\/\/disqus.com\/by\/iwellguard\/about\/","https:\/\/pastelink.net\/hjwciqwq","https:\/\/pubhtml5.com\/homepage\/scjhn\/","https:\/\/www.bitchute.com\/channel\/2O2eOKzNqujT","https:\/\/audiomack.com\/iwellguard"]}]}},"_links":{"self":[{"href":"https:\/\/iwell-guard.com\/cs\/wp-json\/wp\/v2\/pages\/145799","targetHints":{"allow":["GET"]}}],"collection":[{"href":"https:\/\/iwell-guard.com\/cs\/wp-json\/wp\/v2\/pages"}],"about":[{"href":"https:\/\/iwell-guard.com\/cs\/wp-json\/wp\/v2\/types\/page"}],"author":[{"embeddable":true,"href":"https:\/\/iwell-guard.com\/cs\/wp-json\/wp\/v2\/users\/3"}],"replies":[{"embeddable":true,"href":"https:\/\/iwell-guard.com\/cs\/wp-json\/wp\/v2\/comments?post=145799"}],"version-history":[{"count":0,"href":"https:\/\/iwell-guard.com\/cs\/wp-json\/wp\/v2\/pages\/145799\/revisions"}],"wp:featuredmedia":[{"embeddable":true,"href":"https:\/\/iwell-guard.com\/cs\/wp-json\/wp\/v2\/media\/4114"}],"wp:attachment":[{"href":"https:\/\/iwell-guard.com\/cs\/wp-json\/wp\/v2\/media?parent=145799"}],"wp:term":[{"taxonomy":"category","embeddable":true,"href":"https:\/\/iwell-guard.com\/cs\/wp-json\/wp\/v2\/categories?post=145799"}],"curies":[{"name":"wp","href":"https:\/\/api.w.org\/{rel}","templated":true}]}}