{"id":145796,"date":"2026-09-03T16:33:47","date_gmt":"2026-09-03T16:33:47","guid":{"rendered":"https:\/\/iwell-guard.com\/?page_id=145796"},"modified":"2026-09-03T17:06:00","modified_gmt":"2026-09-03T17:06:00","slug":"cesnek-jako-ochrana","status":"publish","type":"page","link":"https:\/\/iwell-guard.com\/cs\/cesnek-jako-ochrana\/","title":{"rendered":"\u010cesnek jako ochrana"},"content":{"rendered":"\t\t<div data-elementor-type=\"wp-page\" data-elementor-id=\"145796\" class=\"elementor elementor-145796 elementor-3778 elementor-bc-flex-widget\" data-elementor-post-type=\"page\">\n\t\t\t\t<div class=\"elementor-element elementor-element-iwgs-knoblauch-hero e-flex e-con-boxed e-con e-parent\" data-id=\"iwgs-knoblauch-hero\" data-element_type=\"container\" data-e-type=\"container\">\n\t\t\t\t\t<div class=\"e-con-inner\">\n\t\t<div class=\"elementor-element elementor-element-iw-knoblauch-hero-left e-con-full e-flex e-con e-child\" data-id=\"iw-knoblauch-hero-left\" data-element_type=\"container\" data-e-type=\"container\">\n\t\t\t\t<div class=\"elementor-element elementor-element-iwgs-knoblauch-h1 elementor-widget elementor-widget-heading\" data-id=\"iwgs-knoblauch-h1\" data-element_type=\"widget\" data-e-type=\"widget\" data-widget_type=\"heading.default\">\n\t\t\t\t\t<h1 class=\"elementor-heading-title elementor-size-default\">\u010cesnek jako ochrana<\/h1>\t\t\t\t<\/div>\n\t\t<div class=\"elementor-element elementor-element-iw-knoblauch-hero-bw e-con-full e-flex e-con e-child\" data-id=\"iw-knoblauch-hero-bw\" data-element_type=\"container\" data-e-type=\"container\">\n\t\t\t\t<div class=\"elementor-element elementor-element-iwgs-knoblauch-pills elementor-widget elementor-widget-html\" data-id=\"iwgs-knoblauch-pills\" data-element_type=\"widget\" data-e-type=\"widget\" data-widget_type=\"html.default\">\n\t\t\t\t\t<div class=\"iwg-pill-row\"><span class=\"iwg-klasse-badge\" tabindex=\"0\" data-tooltip=\"Druh ochrann\u00e9ho prost\u0159edku.\">Ochrann\u00e1 l\u00e1tka<\/span><a href=\"https:\/\/iwell-guard.com\/cs\/?page_id=145785\" class=\"iwg-kultur-badge\" tabindex=\"0\" data-tooltip=\"K p\u0159ehledu.\">Ochrann\u00e9 l\u00e1tky a rostliny<\/a><\/div>\t\t\t\t<\/div>\n\t\t\t\t<div class=\"elementor-element elementor-element-iwgs-knoblauch-lead elementor-widget elementor-widget-text-editor\" data-id=\"iwgs-knoblauch-lead\" data-element_type=\"widget\" data-e-type=\"widget\" data-widget_type=\"text-editor.default\">\n\t\t\t\t\t\t\t\t\t<p>\u010cesnek pat\u0159\u00ed k nejzn\u00e1m\u011bj\u0161\u00edm ochrann\u00fdm prost\u0159edk\u016fm lidov\u00e9 tradice, jeho pov\u011bst p\u0159itom v\u00fdrazn\u011b p\u0159esahuje r\u00e1mec up\u00ed\u0159\u00ed legendy, kterou je nej\u010dast\u011bji spojov\u00e1n.<\/p><p>Cibule s charakteristickou v\u016fn\u00ed byla v mnoha kultur\u00e1ch pova\u017eov\u00e1na za ochrannou rostlinu: proti krvela\u010dn\u00fdm bytostem, proti u\u0159knut\u00ed, proti d\u00e9mon\u016fm a proti obecn\u00e9 \u0161kodlivosti z duchovn\u00edho sv\u011bta. Tato ochrann\u00e1 funkce je dolo\u017eena od Evropy p\u0159es Bl\u00edzk\u00fd v\u00fdchod a\u017e po v\u00fdchodn\u00ed Asii.<\/p>\n<p>Jako sou\u010d\u00e1st <a href=\"https:\/\/iwell-guard.com\/cs\/?page_id=145785\">ochrann\u00fdch l\u00e1tek a ochrann\u00fdch rostlin<\/a> pat\u0159\u00ed \u010desnek do skupiny rostlinn\u00fdch ochrann\u00fdch prost\u0159edk\u016f, jejich\u017e \u00fa\u010dinek <span class=\"iwg-fachbegriff\" data-tooltip=\"P\u0159ed\u00e1v\u00e1n\u00ed znalost\u00ed a vypr\u00e1v\u011bn\u00ed z generace na generaci.\" tabindex=\"0\">tradice<\/span> p\u0159isuzuje p\u0159edev\u0161\u00edm v\u016fni, ostrosti a s\u00edle rostliny, je\u017e m\u00e1 odpuzuj\u00edc\u00ed \u00fa\u010dinek. Tuto folklorn\u00ed ochrannou funkci je t\u0159eba d\u016fsledn\u011b odd\u011blovat od l\u00e9ka\u0159sk\u00fdch tvrzen\u00ed o \u00fa\u010dinnosti: to, co popisuje <span class=\"iwg-fachbegriff\" data-tooltip=\"P\u0159ed\u00e1v\u00e1n\u00ed znalost\u00ed a vypr\u00e1v\u011bn\u00ed z generace na generaci.\" tabindex=\"0\">tradice<\/span>, je <span class=\"iwg-fachbegriff\" data-tooltip=\"N\u00e1bo\u017eensk\u00e9 p\u0159edstavy a zvyky roz\u0161\u00ed\u0159en\u00e9 v b\u011b\u017en\u00e9m \u017eivot\u011b.\" tabindex=\"0\">lidov\u00e1 v\u00edra<\/span>, nikoli prok\u00e1zan\u00fd l\u00e9\u010div\u00fd \u00fa\u010dinek.<\/p>\t\t\t\t\t\t\t\t<\/div>\n\t\t\t\t<\/div>\n\t\t\t\t<\/div>\n\t\t<div class=\"elementor-element elementor-element-iw-knoblauch-hero-img e-con-full e-flex e-con e-child\" data-id=\"iw-knoblauch-hero-img\" data-element_type=\"container\" data-e-type=\"container\">\n\t\t\t\t<div class=\"elementor-element elementor-element-iwgs-knoblauch-himg iwg-hero-image elementor-widget elementor-widget-image\" data-id=\"iwgs-knoblauch-himg\" data-element_type=\"widget\" data-e-type=\"widget\" data-widget_type=\"image.default\">\n\t\t\t\t\t\t\t\t\t\t\t\t\t\t\t<img fetchpriority=\"high\" decoding=\"async\" width=\"683\" height=\"1024\" src=\"https:\/\/iwell-guard.com\/wp-content\/uploads\/2026\/05\/schutzsymbol_mediterran_knoblauch-683x1024.png\" class=\"attachment-large size-large wp-image-146982\" alt=\"\u010cesnek jako ochrana, historicko-ilustrativn\u00ed\" srcset=\"https:\/\/iwell-guard.com\/wp-content\/uploads\/2026\/05\/schutzsymbol_mediterran_knoblauch-683x1024.png 683w, https:\/\/iwell-guard.com\/wp-content\/uploads\/2026\/05\/schutzsymbol_mediterran_knoblauch-200x300.png 200w, https:\/\/iwell-guard.com\/wp-content\/uploads\/2026\/05\/schutzsymbol_mediterran_knoblauch-768x1152.png 768w, https:\/\/iwell-guard.com\/wp-content\/uploads\/2026\/05\/schutzsymbol_mediterran_knoblauch.png 1024w\" sizes=\"(max-width: 683px) 100vw, 683px\" \/>\t\t\t\t\t\t\t\t\t\t\t\t\t\t\t<\/div>\n\t\t\t\t<\/div>\n\t\t\t\t\t<\/div>\n\t\t\t\t<\/div>\n\t\t<div class=\"elementor-element elementor-element-iwgs-knoblauch-s0 e-flex e-con-boxed e-con e-parent\" data-id=\"iwgs-knoblauch-s0\" data-element_type=\"container\" data-e-type=\"container\">\n\t\t\t\t\t<div class=\"e-con-inner\">\n\t\t\t\t<div class=\"elementor-element elementor-element-iwgs-knoblauch-s0h elementor-widget elementor-widget-heading\" data-id=\"iwgs-knoblauch-s0h\" data-element_type=\"widget\" data-e-type=\"widget\" data-widget_type=\"heading.default\">\n\t\t\t\t\t<h2 class=\"elementor-heading-title elementor-size-default\">Rychl\u00fd p\u0159ehled<\/h2>\t\t\t\t<\/div>\n\t\t<div class=\"elementor-element elementor-element-iw-knoblauch-s0-bw e-con-full e-flex e-con e-child\" data-id=\"iw-knoblauch-s0-bw\" data-element_type=\"container\" data-e-type=\"container\">\n\t\t\t\t<div class=\"elementor-element elementor-element-iwgs-knoblauch-s0t elementor-widget elementor-widget-text-editor\" data-id=\"iwgs-knoblauch-s0t\" data-element_type=\"widget\" data-e-type=\"widget\" data-widget_type=\"text-editor.default\">\n\t\t\t\t\t\t\t\t\t<p>V <span class=\"iwg-fachbegriff\" data-tooltip=\"P\u0159ed\u00e1v\u00e1n\u00ed znalost\u00ed a vypr\u00e1v\u011bn\u00ed z generace na generaci.\" tabindex=\"0\">tradici<\/span> plat\u00ed \u010desnek za jeden z nejd\u016fle\u017eit\u011bj\u0161\u00edch ochrann\u00fdch prost\u0159edk\u016f proti up\u00edr\u016fm a up\u00edr\u016fm podobn\u00fdm bytostem ve v\u00fdchodn\u00ed Evrop\u011b a ve St\u0159edomo\u0159\u00ed. Krom\u011b toho je v mnoha kultur\u00e1ch pou\u017e\u00edv\u00e1n proti u\u0159knut\u00ed, proti d\u00e9mon\u016fm a proti duch\u016fm nemoci.<\/p><p>Typick\u00fdmi formami pou\u017eit\u00ed jsou su\u0161en\u00e9 v\u011bnce \u010desneku nad dve\u0159mi a okny, strou\u017eky \u010desneku u postel\u00ed dosp\u011bl\u00fdch a d\u011bt\u00ed a vt\u00edr\u00e1n\u00ed \u010desneku do prah\u016f a otvor\u016f ve zdech. Ochrann\u00fd \u00fa\u010dinek je p\u0159isuzov\u00e1n zvl\u00e1\u0161tn\u00ed ostrosti a pronikav\u00e9 v\u016fni rostliny.<\/p>\t\t\t\t\t\t\t\t<\/div>\n\t\t\t\t<\/div>\n\t\t\t\t\t<\/div>\n\t\t\t\t<\/div>\n\t\t<div class=\"elementor-element elementor-element-iwgs-knoblauch-s1 e-flex e-con-boxed e-con e-parent\" data-id=\"iwgs-knoblauch-s1\" data-element_type=\"container\" data-e-type=\"container\">\n\t\t\t\t\t<div class=\"e-con-inner\">\n\t\t\t\t<div class=\"elementor-element elementor-element-iwgs-knoblauch-s1h elementor-widget elementor-widget-heading\" data-id=\"iwgs-knoblauch-s1h\" data-element_type=\"widget\" data-e-type=\"widget\" data-widget_type=\"heading.default\">\n\t\t\t\t\t<h2 class=\"elementor-heading-title elementor-size-default\">P\u016fvod a tradice<\/h2>\t\t\t\t<\/div>\n\t\t<div class=\"elementor-element elementor-element-iw-knoblauch-s1-bw e-con-full e-flex e-con e-child\" data-id=\"iw-knoblauch-s1-bw\" data-element_type=\"container\" data-e-type=\"container\">\n\t\t\t\t<div class=\"elementor-element elementor-element-iwgs-knoblauch-s1t elementor-widget elementor-widget-text-editor\" data-id=\"iwgs-knoblauch-s1t\" data-element_type=\"widget\" data-e-type=\"widget\" data-widget_type=\"text-editor.default\">\n\t\t\t\t\t\t\t\t\t<p>Ochrann\u00e9 magick\u00e9 pou\u017eit\u00ed \u010desneku je p\u00edsemn\u011b dolo\u017eeno ji\u017e od <span class=\"iwg-fachbegriff\" data-tooltip=\"Epocha \u0159eck\u00e9 a \u0159\u00edmsk\u00e9 kultury, p\u0159ibli\u017en\u011b od 800 p\u0159. n. l. do 600 n. l.\" tabindex=\"0\">antiky<\/span>. Egyptsk\u00e9 papyry i staro\u0159eck\u00e9 prameny odkazuj\u00ed na odpuzuj\u00edc\u00ed s\u00edlu \u010desneku v\u016f\u010di duchovn\u00edm bytostem. V \u0159eck\u00e9 lidov\u00e9 v\u00ed\u0159e byl \u010desnek pokl\u00e1d\u00e1n na k\u0159i\u017eovatky cest, kter\u00e9 platily za m\u00edsta pobytu Hekat\u00e9 a jej\u00edho doprovodu duch\u016f, aby je zahnal.<\/p>\n<p>V Evrop\u011b je spojen\u00ed mezi \u010desnekem a ochranou p\u0159ed up\u00edry dolo\u017eeno od st\u0159edov\u011bku, a\u010dkoli jeho roz\u0161\u00ed\u0159en\u00e1 podoba je siln\u011b ovlivn\u011bna balk\u00e1nskou tradic\u00ed 17. a\u017e 19. stolet\u00ed.<\/p><p><span data-nosnippet>Rakousk\u00e9 a srbsk\u00e9 zpr\u00e1vy z t\u00e9to doby, zaznamenan\u00e9 ve vampirologick\u00fdch pramenech, jako je p\u0159\u00edpad Arnauda Paole (1726), popisuj\u00ed \u010desnek jako jeden ze standardn\u00edch prost\u0159edk\u016f p\u0159i podez\u0159en\u00ed na up\u00edrstv\u00ed: do \u00fastn\u00edho otvoru podez\u0159el\u00e9ho, p\u0159es prahy posti\u017een\u00e9ho domu, do hrobu.<\/span><\/p>\n<p>Z\u00e1rove\u0148 existuje tradice \u010desneku jako ochrany proti u\u0159knut\u00ed, nez\u00e1visl\u00e1 na up\u00ed\u0159\u00ed tradici.<\/p><p>Ta je zvl\u00e1\u0161\u0165 siln\u00e1 ve St\u0159edomo\u0159\u00ed: v \u0158ecku, ji\u017en\u00ed It\u00e1lii, Turecku a na Bl\u00edzk\u00e9m v\u00fdchod\u011b plat\u00ed no\u0161en\u00ed kousku \u010desneku nebo zav\u011b\u0161en\u00ed v\u011bnce z \u010desneku za ochranu proti Nazaru, tedy u\u0159knut\u00ed. Spole\u010dn\u011b se <a href=\"https:\/\/iwell-guard.com\/cs\/?page_id=145802\">sol\u00ed<\/a> a modr\u00fdmi amulety proti u\u0159knut\u00ed tvo\u0159\u00ed \u010desnek v tomto regionu klasickou sadu ochrann\u00fdch prost\u0159edk\u016f.<\/p>\t\t\t\t\t\t\t\t<\/div>\n\t\t\t\t<\/div>\n\t\t\t\t\t<\/div>\n\t\t\t\t<\/div>\n\t\t<div class=\"elementor-element elementor-element-iwgs-knoblauch-s2 e-flex e-con-boxed e-con e-parent\" data-id=\"iwgs-knoblauch-s2\" data-element_type=\"container\" data-e-type=\"container\">\n\t\t\t\t\t<div class=\"e-con-inner\">\n\t\t\t\t<div class=\"elementor-element elementor-element-iwgs-knoblauch-s2h elementor-widget elementor-widget-heading\" data-id=\"iwgs-knoblauch-s2h\" data-element_type=\"widget\" data-e-type=\"widget\" data-widget_type=\"heading.default\">\n\t\t\t\t\t<h2 class=\"elementor-heading-title elementor-size-default\">Princip p\u016fsoben\u00ed podle tradice<\/h2>\t\t\t\t<\/div>\n\t\t<div class=\"elementor-element elementor-element-iw-knoblauch-s2-bw e-con-full e-flex e-con e-child\" data-id=\"iw-knoblauch-s2-bw\" data-element_type=\"container\" data-e-type=\"container\">\n\t\t\t\t<div class=\"elementor-element elementor-element-iwgs-knoblauch-s2t elementor-widget elementor-widget-text-editor\" data-id=\"iwgs-knoblauch-s2t\" data-element_type=\"widget\" data-e-type=\"widget\" data-widget_type=\"text-editor.default\">\n\t\t\t\t\t\t\t\t\t<p><span class=\"iwg-fachbegriff\" data-tooltip=\"P\u0159ed\u00e1v\u00e1n\u00ed znalost\u00ed a vypr\u00e1v\u011bn\u00ed z generace na generaci.\" tabindex=\"0\">Tradice<\/span> p\u0159isuzuje ochrann\u00fd \u00fa\u010dinek \u010desneku n\u011bkolika vlastnostem.<\/p>\n<p>Pronikav\u00e1 v\u016fn\u011b je nej\u010dast\u011bji uv\u00e1d\u011bn\u00fdm vysv\u011btlen\u00edm. Bytosti, kter\u00e9 jsou podle lidov\u00e9 p\u0159edstavy v\u00e1z\u00e1ny na ur\u010dit\u00e9 vlastnosti vzduchu, tmu, ticho, chlad, nemohou podle t\u00e9to logiky sn\u00e9st intenzivn\u00ed smyslovou p\u0159\u00edtomnost \u010desneku.<\/p><p>V\u016fn\u011b jako hranice je v lidov\u00e9 tradici hojn\u011b roz\u0161\u00ed\u0159en\u00fdm motivem: co siln\u011b von\u00ed, m\u016f\u017ee udr\u017eet nev\u00eddan\u00e9 v odstupu.<\/p>\n<p>V kultur\u00e1ch ovlivn\u011bn\u00fdch k\u0159es\u0165anstv\u00edm existuje nav\u00edc symbolick\u00fd v\u00fdklad: cibule, kter\u00e1 se tvo\u0159\u00ed pod zem\u00ed a p\u0159i vyta\u017een\u00ed vstupuje do nov\u00e9ho \u017eivlu, plat\u00ed za rostlinu prahu, za prost\u0159edn\u00edka mezi podzemn\u00ed a pozemskou sf\u00e9rou. Tato vlastnost ji podle lidov\u00e9 logiky \u010din\u00ed vhodn\u00fdm prost\u0159edkem proti bytostem, je\u017e vyu\u017e\u00edvaj\u00ed stejn\u00fd pr\u00e1h.<\/p>\n<p><span class=\"iwg-fachbegriff\" data-tooltip=\"P\u0159ed\u00e1v\u00e1n\u00ed znalost\u00ed a vypr\u00e1v\u011bn\u00ed z generace na generaci.\" tabindex=\"0\">Tradice<\/span> uv\u00e1d\u00ed tak\u00e9 intenzivn\u00ed \u017eivotn\u00ed s\u00edlu rostliny jako mo\u017en\u00e9 vysv\u011btlen\u00ed: \u010desnek roste i za podm\u00ednek, kde jin\u00e9 rostliny selh\u00e1vaj\u00ed, jeho cibule p\u0159e\u017e\u00edvaj\u00ed sucho i chlad. Tato \u017eivotn\u00ed s\u00edla se podle lidov\u00e9ho ch\u00e1p\u00e1n\u00ed p\u0159en\u00e1\u0161\u00ed na jeho ochrannou funkci.<\/p>\t\t\t\t\t\t\t\t<\/div>\n\t\t\t\t<\/div>\n\t\t\t\t\t<\/div>\n\t\t\t\t<\/div>\n\t\t<div class=\"elementor-element elementor-element-iwgs-knoblauch-s3 e-flex e-con-boxed e-con e-parent\" data-id=\"iwgs-knoblauch-s3\" data-element_type=\"container\" data-e-type=\"container\">\n\t\t\t\t\t<div class=\"e-con-inner\">\n\t\t\t\t<div class=\"elementor-element elementor-element-iwgs-knoblauch-s3h elementor-widget elementor-widget-heading\" data-id=\"iwgs-knoblauch-s3h\" data-element_type=\"widget\" data-e-type=\"widget\" data-widget_type=\"heading.default\">\n\t\t\t\t\t<h2 class=\"elementor-heading-title elementor-size-default\">Roz\u0161\u00ed\u0159en\u00ed nap\u0159\u00ed\u010d kulturami<\/h2>\t\t\t\t<\/div>\n\t\t<div class=\"elementor-element elementor-element-iw-knoblauch-s3-bw e-con-full e-flex e-con e-child\" data-id=\"iw-knoblauch-s3-bw\" data-element_type=\"container\" data-e-type=\"container\">\n\t\t\t\t<div class=\"elementor-element elementor-element-iwgs-knoblauch-s3t elementor-widget elementor-widget-text-editor\" data-id=\"iwgs-knoblauch-s3t\" data-element_type=\"widget\" data-e-type=\"widget\" data-widget_type=\"text-editor.default\">\n\t\t\t\t\t\t\t\t\t<p>\u010cesnek jako ochrann\u00fd prost\u0159edek je dolo\u017een na n\u011bkolika kontinentech, by\u0165 s r\u016fzn\u00fdm d\u016frazem.<\/p>\n<p>Ve <strong>v\u00fdchodn\u00ed Evrop\u011b<\/strong> je spojen\u00ed s ochranou p\u0159ed up\u00edry nejv\u00fdrazn\u011bj\u0161\u00ed. Od Srbska p\u0159es Rumunsko, Ukrajinu a Bulharsko a\u017e po Polsko pat\u0159\u00ed \u010desnek ke standardn\u00ed v\u00fdbav\u011b ochrany proti up\u00edr\u016fm a up\u00edr\u016fm podobn\u00fdm bytostem. \u010cesnek v potrav\u011b, nad dve\u0159mi a u postel\u00ed se v etnografick\u00fdch zpr\u00e1v\u00e1ch 19. a po\u010d\u00e1tku 20. stolet\u00ed objevuje soustavn\u011b.<\/p>\n<p>Ve <strong>St\u0159edomo\u0159\u00ed<\/strong> stoj\u00ed v pop\u0159ed\u00ed ochrann\u00e1 funkce proti u\u0159knut\u00ed. V\u011bnce z \u010desneku nad domovn\u00edmi dve\u0159mi, strou\u017eky \u010desneku u d\u011btsk\u00fdch post\u00fdlek a no\u0161en\u00ed mal\u00fdch kousk\u016f \u010desneku jsou roz\u0161\u00ed\u0159eny v \u0158ecku, ji\u017en\u00ed It\u00e1lii, \u0160pan\u011blsku a na Levant\u011b.<\/p>\n<p>Na <strong>Bl\u00edzk\u00e9m v\u00fdchod\u011b<\/strong> je \u010desnek v n\u011bkter\u00fdch isl\u00e1msk\u00fdch lidov\u00fdch tradic\u00edch popisov\u00e1n jako ochrann\u00fd prost\u0159edek proti d\u017ein\u016fm a \u0161kodliv\u00fdm duchovn\u00edm bytostem.<\/p>\n<p>Ve <strong>v\u00fdchodn\u00ed Asii<\/strong> pou\u017e\u00edv\u00e1 japonsk\u00e1 lidov\u00e1 tradice \u010desnek v omezen\u00e9 m\u00ed\u0159e jako ochranu proti d\u00e9mon\u016fm a zl\u00fdm duch\u016fm, podobn\u00e9 vyu\u017eit\u00ed se objevuje i v n\u011bkter\u00fdch \u010d\u00ednsk\u00fdch region\u00e1ln\u00edch kultur\u00e1ch.<\/p>\n<p>V <strong>indick\u00e9<\/strong> lidov\u00e9 tradici je \u010desnek p\u0159\u00edle\u017eitostn\u011b zmi\u0148ov\u00e1n v ob\u0159adech ochrany proti d\u00e9mon\u016fm a zl\u00e9mu p\u016fsoben\u00ed, a\u010dkoli zde hraje m\u00e9n\u011b \u00fast\u0159edn\u00ed roli ne\u017e v evropsk\u00fdch tradic\u00edch.<\/p>\t\t\t\t\t\t\t\t<\/div>\n\t\t\t\t<\/div>\n\t\t\t\t\t<\/div>\n\t\t\t\t<\/div>\n\t\t<div class=\"elementor-element elementor-element-iwgs-knoblauch-s4 e-flex e-con-boxed e-con e-parent\" data-id=\"iwgs-knoblauch-s4\" data-element_type=\"container\" data-e-type=\"container\">\n\t\t\t\t\t<div class=\"e-con-inner\">\n\t\t\t\t<div class=\"elementor-element elementor-element-iwgs-knoblauch-s4h elementor-widget elementor-widget-heading\" data-id=\"iwgs-knoblauch-s4h\" data-element_type=\"widget\" data-e-type=\"widget\" data-widget_type=\"heading.default\">\n\t\t\t\t\t<h2 class=\"elementor-heading-title elementor-size-default\">Proti \u010demu se pou\u017e\u00edv\u00e1<\/h2>\t\t\t\t<\/div>\n\t\t<div class=\"elementor-element elementor-element-iw-knoblauch-s4-bw e-con-full e-flex e-con e-child\" data-id=\"iw-knoblauch-s4-bw\" data-element_type=\"container\" data-e-type=\"container\">\n\t\t\t\t<div class=\"elementor-element elementor-element-iwgs-knoblauch-s4t elementor-widget elementor-widget-text-editor\" data-id=\"iwgs-knoblauch-s4t\" data-element_type=\"widget\" data-e-type=\"widget\" data-widget_type=\"text-editor.default\">\n\t\t\t\t\t\t\t\t\t<p>Podle tradi\u010dn\u00edch v\u00fdpov\u011bd\u00ed byl \u010desnek nasazov\u00e1n p\u0159edev\u0161\u00edm proti n\u00e1sleduj\u00edc\u00edm druh\u016fm bytost\u00ed a typ\u016fm p\u016fsoben\u00ed:<\/p>\n<p>Proti <strong>up\u00edr\u016fm a krvesaj\u016fm<\/strong>: Toto je lidov\u011b nejzn\u00e1m\u011bj\u0161\u00ed oblast. Ve v\u00fdchodoevropsk\u00e9 <span class=\"iwg-fachbegriff\" data-tooltip=\"P\u0159ed\u00e1v\u00e1n\u00ed v\u011bdomost\u00ed a vypr\u00e1v\u011bn\u00ed po generace.\" tabindex=\"0\">tradici<\/span> pat\u0159\u00ed \u010desnek k z\u00e1kladn\u00ed v\u00fdbav\u011b proti up\u00edr\u016fm. Strigoi, vrykolakas, up\u00edr a p\u0159\u00edbuzn\u00e9 bytosti pr\u00fd \u010desnek nesnesou.<\/p>\n<p>Proti <strong>uhrannut\u00ed<\/strong>: Ve St\u0159edomo\u0159\u00ed a na Bl\u00edzk\u00e9m v\u00fdchod\u011b je \u010desnek pova\u017eov\u00e1n za \u00fa\u010dinn\u00fd prost\u0159edek proti uhrannut\u00ed, kter\u00e9 je v t\u011bchto kultur\u00e1ch ch\u00e1p\u00e1no jako re\u00e1ln\u00e1 \u0161kodliv\u00e1 s\u00edla.<\/p>\n<p>Proti <strong>d\u00e9mon\u016fm a \u0161kod\u00edc\u00edm duchovn\u00edm bytostem<\/strong>: V n\u011bkolika kultur\u00e1ch se \u010desnek pou\u017e\u00edv\u00e1 k o\u010di\u0161t\u011bn\u00ed prostor od d\u00e9monick\u00e9 p\u0159\u00edtomnosti nebo k zabr\u00e1n\u011bn\u00ed vniknut\u00ed d\u00e9mon\u016f.<\/p>\n<p>Proti <strong>duch\u016fm nemoc\u00ed<\/strong>: V n\u011bkter\u00fdch lidov\u00fdch tradic\u00edch, kde je nemoc pova\u017eov\u00e1na za zp\u016fsobenou duchovn\u00edmi bytostmi, slou\u017e\u00ed \u010desnek jako ochrana proti jejich vniknut\u00ed.<\/p>\t\t\t\t\t\t\t\t<\/div>\n\t\t\t\t<\/div>\n\t\t\t\t\t<\/div>\n\t\t\t\t<\/div>\n\t\t<div class=\"elementor-element elementor-element-iwgs-knoblauch-s5 e-flex e-con-boxed e-con e-parent\" data-id=\"iwgs-knoblauch-s5\" data-element_type=\"container\" data-e-type=\"container\">\n\t\t\t\t\t<div class=\"e-con-inner\">\n\t\t\t\t<div class=\"elementor-element elementor-element-iwgs-knoblauch-s5h elementor-widget elementor-widget-heading\" data-id=\"iwgs-knoblauch-s5h\" data-element_type=\"widget\" data-e-type=\"widget\" data-widget_type=\"heading.default\">\n\t\t\t\t\t<h2 class=\"elementor-heading-title elementor-size-default\">Pou\u017eit\u00ed a hranice<\/h2>\t\t\t\t<\/div>\n\t\t<div class=\"elementor-element elementor-element-iw-knoblauch-s5-bw e-con-full e-flex e-con e-child\" data-id=\"iw-knoblauch-s5-bw\" data-element_type=\"container\" data-e-type=\"container\">\n\t\t\t\t<div class=\"elementor-element elementor-element-iwgs-knoblauch-s5t elementor-widget elementor-widget-text-editor\" data-id=\"iwgs-knoblauch-s5t\" data-element_type=\"widget\" data-e-type=\"widget\" data-widget_type=\"text-editor.default\">\n\t\t\t\t\t\t\t\t\t<p>Nejroz\u0161\u00ed\u0159en\u011bj\u0161\u00ed formou jsou su\u0161en\u00e9 cop\u00e1nky \u010desneku zav\u011b\u0161en\u00e9 nade dve\u0159mi a okny. Jednotliv\u00e9 strou\u017eky se vkl\u00e1daj\u00ed do \u0161kv\u00edr, ve\u0159ej\u00ed nebo pod prahy. V n\u011bkter\u00fdch v\u00fdchodoevropsk\u00fdch tradic\u00edch se \u010desnek za\u0161\u00edv\u00e1 do od\u011bvu nebo se nos\u00ed v ochrann\u00e9m pytl\u00ed\u010dku. P\u0159ed span\u00edm se strou\u017eky vkl\u00e1daj\u00ed pod pol\u0161t\u00e1\u0159 nebo do povlaku.<\/p>\n<p>N\u011bkter\u00e9 tradice po\u017eaduj\u00ed pro ochrann\u00fd \u00fa\u010dinek \u010derstv\u00fd \u010desnek; su\u0161en\u00fd nebo v octu nalo\u017een\u00fd \u010desnek je v ur\u010dit\u00fdch tradic\u00edch pova\u017eov\u00e1n za slab\u0161\u00ed. Jin\u00e9 prameny \u017e\u00e1dn\u00fd rozd\u00edl nevid\u00ed.<\/p>\n<p>D\u016fle\u017eit\u00e9: Folklorn\u00ed ochrann\u00e1 tradice \u010desneku se vztahuje v\u00fdhradn\u011b na obranu proti duchovn\u00edm bytostem a nadp\u0159irozen\u00e9mu p\u016fsoben\u00ed, jak je popisuje <span class=\"iwg-fachbegriff\" data-tooltip=\"P\u0159ed\u00e1v\u00e1n\u00ed v\u011bdomost\u00ed a vypr\u00e1v\u011bn\u00ed po generace.\" tabindex=\"0\">tradice<\/span>. Nen\u00ed s t\u00edm spojeno \u017e\u00e1dn\u00e9 tvrzen\u00ed o l\u00e9ka\u0159sk\u00e9m \u00fa\u010dinku.<\/p>\t\t\t\t\t\t\t\t<\/div>\n\t\t\t\t<\/div>\n\t\t\t\t\t<\/div>\n\t\t\t\t<\/div>\n\t\t<div class=\"elementor-element elementor-element-iwgs-knoblauch-lit e-flex e-con-boxed e-con e-parent\" data-id=\"iwgs-knoblauch-lit\" data-element_type=\"container\" data-e-type=\"container\">\n\t\t\t\t\t<div class=\"e-con-inner\">\n\t\t\t\t<div class=\"elementor-element elementor-element-iwgs-knoblauch-lith elementor-widget elementor-widget-heading\" data-id=\"iwgs-knoblauch-lith\" data-element_type=\"widget\" data-e-type=\"widget\" data-widget_type=\"heading.default\">\n\t\t\t\t\t<h2 class=\"elementor-heading-title elementor-size-default\">Literatura (v\u00fdb\u011br)<\/h2>\t\t\t\t<\/div>\n\t\t<div class=\"elementor-element elementor-element-iw-knoblauch-lit-bw e-con-full e-flex e-con e-child\" data-id=\"iw-knoblauch-lit-bw\" data-element_type=\"container\" data-e-type=\"container\">\n\t\t\t\t<div class=\"elementor-element elementor-element-iwgs-knoblauch-litt elementor-widget elementor-widget-html\" data-id=\"iwgs-knoblauch-litt\" data-element_type=\"widget\" data-e-type=\"widget\" data-widget_type=\"html.default\">\n\t\t\t\t\t<footer data-nosnippet=\"true\"><ul><li>Handw\u00f6rterbuch des deutschen Aberglaubens. Hrsg. von Hanns B\u00e4chtold-St\u00e4ubli und Eduard Hoffmann-Krayer. Berlin \/ Leipzig 1927-1942. Artikel \"Knoblauch\".<\/li><li>Paul Barber: Vampires, Burial, and Death. Yale University Press, 1988.<\/li><li>Alan Dundes (Hrsg.): The Evil Eye: A Casebook. University of Wisconsin Press, 1992.<\/li><li>Montague Summers: The Vampire in Europe. London 1929.<\/li><li>Leander Petzoldt: Kleines Lexikon der D\u00e4monen und Elementargeister. M\u00fcnchen 1990.<\/li><\/ul><\/footer>\t\t\t\t<\/div>\n\t\t\t\t<\/div>\n\t\t\t\t\t<\/div>\n\t\t\t\t<\/div>\n\t\t<div class=\"elementor-element elementor-element-iwgs-knoblauch-kwd e-flex e-con-boxed e-con e-parent\" data-id=\"iwgs-knoblauch-kwd\" data-element_type=\"container\" data-e-type=\"container\">\n\t\t\t\t\t<div class=\"e-con-inner\">\n\t\t<div class=\"elementor-element elementor-element-iw-knoblauch-kwd-bw e-con-full e-flex e-con e-child\" data-id=\"iw-knoblauch-kwd-bw\" data-element_type=\"container\" data-e-type=\"container\">\n\t\t\t\t<div class=\"elementor-element elementor-element-iwgs-knoblauch-kwdt elementor-widget elementor-widget-text-editor\" data-id=\"iwgs-knoblauch-kwdt\" data-element_type=\"widget\" data-e-type=\"widget\" data-widget_type=\"text-editor.default\">\n\t\t\t\t\t\t\t\t\t<p><em>Souvisej\u00edc\u00ed kl\u00ed\u010dov\u00e9 pojmy: \u010desnek ochrana up\u00edr uhrannut\u00ed.<\/em><\/p>\t\t\t\t\t\t\t\t<\/div>\n\t\t\t\t<\/div>\n\t\t\t\t\t<\/div>\n\t\t\t\t<\/div>\n\t\t<div class=\"elementor-element elementor-element-iwgs-knoblauch-cc e-flex e-con-boxed e-con e-parent\" data-id=\"iwgs-knoblauch-cc\" data-element_type=\"container\" data-e-type=\"container\" id=\"iwg-cc-knoblauch\">\n\t\t\t\t\t<div class=\"e-con-inner\">\n\t\t<div class=\"elementor-element elementor-element-iwgs-knoblauch-ccinner e-flex e-con-boxed e-con e-parent\" data-id=\"iwgs-knoblauch-ccinner\" data-element_type=\"container\" data-e-type=\"container\" data-settings=\"{&quot;background_background&quot;:&quot;classic&quot;}\">\n\t\t\t\t\t<div class=\"e-con-inner\">\n\t\t\t\t<div class=\"elementor-element elementor-element-iwgs-knoblauch-cch elementor-widget elementor-widget-heading\" data-id=\"iwgs-knoblauch-cch\" data-element_type=\"widget\" data-e-type=\"widget\" data-widget_type=\"heading.default\">\n\t\t\t\t\t<h2 class=\"elementor-heading-title elementor-size-default\">iWell Guard a ochrann\u00e9 tradice<\/h2>\t\t\t\t<\/div>\n\t\t\t\t<div class=\"elementor-element elementor-element-iwgs-knoblauch-cct elementor-widget elementor-widget-text-editor\" data-id=\"iwgs-knoblauch-cct\" data-element_type=\"widget\" data-e-type=\"widget\" data-widget_type=\"text-editor.default\">\n\t\t\t\t\t\t\t\t\t<p>\u010cesnek ukazuje, jak byla b\u011b\u017en\u00e1 rostlina v mnoha kultur\u00e1ch sou\u010dasn\u011b a nez\u00e1visle na sob\u011b ch\u00e1p\u00e1na jako nositel ochrany. Toto opakuj\u00edc\u00ed se p\u0159esv\u011bd\u010den\u00ed, \u017ee ur\u010dit\u00e9 p\u0159\u00edrodn\u00ed l\u00e1tky v sob\u011b nesou ochrannou s\u00edlu, tvo\u0159\u00ed pozad\u00ed pro koncept <a href=\"https:\/\/iwell-guard.com\/cs\/koupit-ochranny-privesek-iwell-guard\/\">iWell Guard<\/a>, kter\u00fd jako p\u0159enosn\u00fd ochrann\u00fd p\u0159edm\u011bt spojuje r\u016fzn\u00e9 linie lidsk\u00e9ho my\u0161len\u00ed o ochran\u011b.<\/p>\t\t\t\t\t\t\t\t<\/div>\n\t\t\t\t<div class=\"elementor-element elementor-element-iwgs-knoblauch-ccb iwg-cc-button iwg-cc-cta-2026-05-13 elementor-widget elementor-widget-jet-button\" data-id=\"iwgs-knoblauch-ccb\" data-element_type=\"widget\" data-e-type=\"widget\" data-widget_type=\"jet-button.default\">\n\t\t\t\t<div class=\"elementor-widget-container\">\n\t\t\t\t\t<div class=\"elementor-jet-button jet-elements\"><div class=\"jet-button__container\"><a class=\"jet-button__instance jet-button__instance--icon-left hover-effect-1\" href=\"\/schutzanhaenger-iwell-guard-kaufen\/?utm_source=iwell-guard.com&amp;utm_medium=info-box&amp;utm_campaign=schutzsymbole\"><div class=\"jet-button__plane jet-button__plane-normal\"><\/div><div class=\"jet-button__plane jet-button__plane-hover\"><\/div><div class=\"jet-button__state jet-button__state-normal\"><span class=\"jet-button__label\">V\u00edce o iWell Guard<\/span><\/div><div class=\"jet-button__state jet-button__state-hover\"><span class=\"jet-button__label\">V\u00edce o iWell Guard<\/span><\/div><\/a><\/div><\/div><style>.elementor-element.elementor-element-iwgs-knoblauch-ccb .jet-button__instance{width:320px;height:56px;}.elementor-element.elementor-element-iwgs-knoblauch-ccb .jet-button__state-normal .jet-button__label{text-align:center;margin:0px 0px 0px 0px;color:#1a1b20;font-family:Montserrat,sans-serif;font-size:13px;font-weight:400;letter-spacing:4px;line-height:1.714em;text-transform:uppercase;}.elementor-element.elementor-element-iwgs-knoblauch-ccb .jet-button__state-hover .jet-button__label{text-align:center;margin:0px 0px 0px 0px;color:#FECC76;font-family:Montserrat,sans-serif;font-size:13px;font-weight:400;letter-spacing:4px;line-height:1.714em;text-transform:uppercase;}.elementor-element.elementor-element-iwgs-knoblauch-ccb .jet-button__plane-normal{background-color:#FECC76;border-style:solid;border-color:#C99540;border-width:2px 2px 2px 2px;}.elementor-element.elementor-element-iwgs-knoblauch-ccb .jet-button__plane-hover{background-color:rgba(0,0,0,0.55);border-style:solid;border-color:#FECC76;border-width:2px 2px 2px 2px;}<\/style>\t\t\t\t<\/div>\n\t\t\t\t<\/div>\n\t\t\t\t<div class=\"elementor-element elementor-element-iwgs-knoblauch-ccd elementor-widget elementor-widget-text-editor\" data-id=\"iwgs-knoblauch-ccd\" data-element_type=\"widget\" data-e-type=\"widget\" data-widget_type=\"text-editor.default\">\n\t\t\t\t\t\t\t\t\t<p style=\"text-align:center;font-size:13px;opacity:0.7;margin-top:14px\" data-nosnippet=\"true\">Osobn\u00ed zku\u0161enosti se mohou li\u0161it. Nejde o zdravotnick\u00fd prost\u0159edek. Nejde o p\u0159\u00edslib l\u00e9\u010den\u00ed.<\/p>\t\t\t\t\t\t\t\t<\/div>\n\t\t\t\t\t<\/div>\n\t\t\t\t<\/div>\n\t\t\t\t\t<\/div>\n\t\t\t\t<\/div>\n\t\t<div class=\"elementor-element elementor-element-iwgs-knoblauch-disc e-flex e-con-boxed e-con e-parent\" data-id=\"iwgs-knoblauch-disc\" data-element_type=\"container\" data-e-type=\"container\">\n\t\t\t\t\t<div class=\"e-con-inner\">\n\t\t<div class=\"elementor-element elementor-element-iw-knoblauch-disc-bw e-con-full e-flex e-con e-child\" data-id=\"iw-knoblauch-disc-bw\" data-element_type=\"container\" data-e-type=\"container\">\n\t\t\t\t<div class=\"elementor-element elementor-element-iwgs-knoblauch-discw elementor-widget elementor-widget-html\" data-id=\"iwgs-knoblauch-discw\" data-element_type=\"widget\" data-e-type=\"widget\" data-widget_type=\"html.default\">\n\t\t\t\t\t<footer data-nosnippet=\"true\" class=\"iwg-disclaimer-block\"><p data-nosnippet=\"true\">iWell Guard <strong>nen\u00ed zdravotnick\u00fd prost\u0159edek<\/strong> a nenahrazuje l\u00e9ka\u0159skou ani psychoterapeutickou l\u00e9\u010dbu. Zde uveden\u00fd obsah p\u0159edstavuje religionistick\u00e9 a kulturn\u011b-historick\u00e9 za\u0159azen\u00ed, nikoli p\u0159\u00edslib duchovn\u00edho \u00fa\u010dinku.<\/p><\/footer>\t\t\t\t<\/div>\n\t\t\t\t<\/div>\n\t\t\t\t\t<\/div>\n\t\t\t\t<\/div>\n\t\t\t\t<\/div>\n\t\t","protected":false},"excerpt":{"rendered":"","protected":false},"author":3,"featured_media":4112,"parent":0,"menu_order":0,"comment_status":"closed","ping_status":"closed","template":"elementor_header_footer","meta":{"_yoast_wpseo_focuskw":"cesnek ochrana","_yoast_wpseo_title":"\u010cesnek jako ochrana proti zl\u00e9mu p\u016fsoben\u00ed","_yoast_wpseo_metadesc":"V lidov\u00e9 tradici plat\u00ed \u010desnek za ochranu proti up\u00edr\u016fm, u\u0159knut\u00ed a d\u00e9mon\u016fm. P\u016fvod, princip p\u016fsoben\u00ed a mezikulturn\u00ed roz\u0161\u00ed\u0159en\u00ed.","_yoast_wpseo_meta-robots-noindex":"","_yoast_wpseo_canonical":"","_angie_page":false,"gefaehrdungsstufe":"","wesen_kultur":"","wesen_klasse":"","footnotes":""},"categories":[],"class_list":["post-145796","page","type-page","status-publish","has-post-thumbnail","hentry"],"yoast_head":"<!-- This site is optimized with the Yoast SEO Premium plugin v27.7 (Yoast SEO v28.3) - https:\/\/yoast.com\/product\/yoast-seo-premium-wordpress\/ -->\n<title>\u010cesnek jako ochrana proti zl\u00e9mu p\u016fsoben\u00ed<\/title>\n<meta name=\"description\" content=\"V lidov\u00e9 tradici plat\u00ed \u010desnek za ochranu proti up\u00edr\u016fm, u\u0159knut\u00ed a d\u00e9mon\u016fm. P\u016fvod, princip p\u016fsoben\u00ed a mezikulturn\u00ed roz\u0161\u00ed\u0159en\u00ed.\" \/>\n<meta name=\"robots\" content=\"index, follow, max-snippet:-1, max-image-preview:large, max-video-preview:-1\" \/>\n<link rel=\"canonical\" href=\"https:\/\/iwell-guard.com\/cs\/cesnek-jako-ochrana\/\" \/>\n<meta property=\"og:locale\" content=\"cs_CZ\" \/>\n<meta property=\"og:type\" content=\"article\" \/>\n<meta property=\"og:title\" content=\"\u010cesnek jako ochrana\" \/>\n<meta property=\"og:description\" content=\"V lidov\u00e9 tradici plat\u00ed \u010desnek za ochranu proti up\u00edr\u016fm, u\u0159knut\u00ed a d\u00e9mon\u016fm. P\u016fvod, princip p\u016fsoben\u00ed a mezikulturn\u00ed roz\u0161\u00ed\u0159en\u00ed.\" \/>\n<meta property=\"og:url\" content=\"https:\/\/iwell-guard.com\/cs\/cesnek-jako-ochrana\/\" \/>\n<meta property=\"og:site_name\" content=\"iWell Guard\" \/>\n<meta property=\"article:modified_time\" content=\"2026-09-03T17:06:00+00:00\" \/>\n<meta property=\"og:image\" content=\"https:\/\/iwell-guard.com\/wp-content\/uploads\/2026\/05\/schutzsymbol_mediterran_knoblauch.png\" \/>\n\t<meta property=\"og:image:width\" content=\"1024\" \/>\n\t<meta property=\"og:image:height\" content=\"1536\" \/>\n\t<meta property=\"og:image:type\" content=\"image\/png\" \/>\n<meta name=\"twitter:card\" content=\"summary_large_image\" \/>\n<script type=\"application\/ld+json\" class=\"yoast-schema-graph\">{\"@context\":\"https:\\\/\\\/schema.org\",\"@graph\":[{\"@type\":\"WebPage\",\"@id\":\"https:\\\/\\\/iwell-guard.com\\\/cs\\\/cesnek-jako-ochrana\\\/\",\"url\":\"https:\\\/\\\/iwell-guard.com\\\/cs\\\/cesnek-jako-ochrana\\\/\",\"name\":\"\u010cesnek jako ochrana proti zl\u00e9mu p\u016fsoben\u00ed\",\"isPartOf\":{\"@id\":\"https:\\\/\\\/iwell-guard.com\\\/cs\\\/#website\"},\"primaryImageOfPage\":{\"@id\":\"https:\\\/\\\/iwell-guard.com\\\/cs\\\/cesnek-jako-ochrana\\\/#primaryimage\"},\"image\":{\"@id\":\"https:\\\/\\\/iwell-guard.com\\\/cs\\\/cesnek-jako-ochrana\\\/#primaryimage\"},\"thumbnailUrl\":\"https:\\\/\\\/iwell-guard.com\\\/wp-content\\\/uploads\\\/2026\\\/05\\\/schutzsymbol_mediterran_knoblauch.png\",\"datePublished\":\"2026-09-03T16:33:47+00:00\",\"dateModified\":\"2026-09-03T17:06:00+00:00\",\"description\":\"V lidov\u00e9 tradici plat\u00ed \u010desnek za ochranu proti up\u00edr\u016fm, u\u0159knut\u00ed a d\u00e9mon\u016fm. P\u016fvod, princip p\u016fsoben\u00ed a mezikulturn\u00ed roz\u0161\u00ed\u0159en\u00ed.\",\"breadcrumb\":{\"@id\":\"https:\\\/\\\/iwell-guard.com\\\/cs\\\/cesnek-jako-ochrana\\\/#breadcrumb\"},\"inLanguage\":\"cs\",\"potentialAction\":[{\"@type\":\"ReadAction\",\"target\":[\"https:\\\/\\\/iwell-guard.com\\\/cs\\\/cesnek-jako-ochrana\\\/\"]}]},{\"@type\":\"ImageObject\",\"inLanguage\":\"cs\",\"@id\":\"https:\\\/\\\/iwell-guard.com\\\/cs\\\/cesnek-jako-ochrana\\\/#primaryimage\",\"url\":\"https:\\\/\\\/iwell-guard.com\\\/wp-content\\\/uploads\\\/2026\\\/05\\\/schutzsymbol_mediterran_knoblauch.png\",\"contentUrl\":\"https:\\\/\\\/iwell-guard.com\\\/wp-content\\\/uploads\\\/2026\\\/05\\\/schutzsymbol_mediterran_knoblauch.png\",\"width\":1024,\"height\":1536,\"caption\":\"\u010cesnek jako ochrana, historicko-ilustrativn\u00ed\"},{\"@type\":\"BreadcrumbList\",\"@id\":\"https:\\\/\\\/iwell-guard.com\\\/cs\\\/cesnek-jako-ochrana\\\/#breadcrumb\",\"itemListElement\":[{\"@type\":\"ListItem\",\"position\":1,\"name\":\"Start\",\"item\":\"https:\\\/\\\/iwell-guard.com\\\/cs\\\/?page_id=145107\"},{\"@type\":\"ListItem\",\"position\":2,\"name\":\"\u010cesnek jako ochrana\"}]},{\"@type\":\"WebSite\",\"@id\":\"https:\\\/\\\/iwell-guard.com\\\/cs\\\/#website\",\"url\":\"https:\\\/\\\/iwell-guard.com\\\/cs\\\/\",\"name\":\"iWell Guard\",\"description\":\"Schutz vor dunklen Einfl\u00fcssen\",\"publisher\":{\"@id\":\"https:\\\/\\\/iwell-guard.com\\\/cs\\\/#organization\"},\"potentialAction\":[{\"@type\":\"SearchAction\",\"target\":{\"@type\":\"EntryPoint\",\"urlTemplate\":\"https:\\\/\\\/iwell-guard.com\\\/cs\\\/?s={search_term_string}\"},\"query-input\":{\"@type\":\"PropertyValueSpecification\",\"valueRequired\":true,\"valueName\":\"search_term_string\"}}],\"inLanguage\":\"cs\"},{\"@type\":\"Organization\",\"@id\":\"https:\\\/\\\/iwell-guard.com\\\/cs\\\/#organization\",\"name\":\"Ittermann electronic GmbH\",\"url\":\"https:\\\/\\\/iwell-guard.com\\\/cs\\\/\",\"logo\":{\"@type\":\"ImageObject\",\"inLanguage\":\"cs\",\"@id\":\"https:\\\/\\\/iwell-guard.com\\\/cs\\\/#\\\/schema\\\/logo\\\/image\\\/\",\"url\":\"https:\\\/\\\/iwell-guard.com\\\/wp-content\\\/uploads\\\/2026\\\/05\\\/Ittermann-Logo-1182x237-1.png\",\"contentUrl\":\"https:\\\/\\\/iwell-guard.com\\\/wp-content\\\/uploads\\\/2026\\\/05\\\/Ittermann-Logo-1182x237-1.png\",\"width\":1182,\"height\":237,\"caption\":\"Ittermann electronic GmbH\"},\"image\":{\"@id\":\"https:\\\/\\\/iwell-guard.com\\\/cs\\\/#\\\/schema\\\/logo\\\/image\\\/\"},\"sameAs\":[\"https:\\\/\\\/pantip.com\\\/profile\\\/9367242\",\"https:\\\/\\\/micro.blog\\\/iwellguard\",\"https:\\\/\\\/www.diggerslist.com\\\/iwellguard\\\/about\",\"https:\\\/\\\/skitterphoto.com\\\/photographers\\\/2870314\\\/iwell-guard\",\"https:\\\/\\\/iwellguard.wordpress.com\\\/2026\\\/06\\\/06\\\/iwell-guard\\\/\",\"https:\\\/\\\/hub.docker.com\\\/u\\\/iwellguard\",\"https:\\\/\\\/www.pinterest.com\\\/iwellguard\\\/\",\"https:\\\/\\\/bit.ly\\\/m\\\/iwellguard\",\"https:\\\/\\\/entre-vos-mains.alsace.eu\\\/profiles\\\/iwellguard\\\/activity\",\"https:\\\/\\\/gravatar.com\\\/reallybeded8fd34\",\"https:\\\/\\\/naijamatta.com\\\/iwellguard\",\"https:\\\/\\\/www.goodreads.com\\\/iwellguard\",\"https:\\\/\\\/profile.hatena.ne.jp\\\/iwellguard\\\/\",\"https:\\\/\\\/experiment.com\\\/users\\\/iwellguard\",\"https:\\\/\\\/wakelet.com\\\/@iWellGuard82270\",\"https:\\\/\\\/www.chordie.com\\\/forum\\\/profile.php?id=2555664\",\"https:\\\/\\\/www.instapaper.com\\\/p\\\/17757966\",\"https:\\\/\\\/www.mapleprimes.com\\\/users\\\/iwellguard\",\"https:\\\/\\\/businesslistingplus.com\\\/profile\\\/iwell-guard\\\/\",\"https:\\\/\\\/telegra.ph\\\/iWell-Guard-06-06\",\"https:\\\/\\\/pbase.com\\\/iwellguard\\\/iwellguard\",\"https:\\\/\\\/b.hatena.ne.jp\\\/iwellguard\\\/20260607#bookmark-4788405196491818882\",\"https:\\\/\\\/fliphtml5.com\\\/home\\\/iwellguard\",\"https:\\\/\\\/anyflip.com\\\/homepage\\\/cmiwl#About\",\"https:\\\/\\\/transfur.com\\\/Users\\\/iwellguard\",\"http:\\\/\\\/delphi.larsbo.org\\\/user\\\/iwellguard\",\"https:\\\/\\\/jobs.lajobsportal.org\\\/profiles\\\/8380803-iwell-guard\",\"https:\\\/\\\/md.chaosdorf.de\\\/s\\\/jfbe5SBdJD\",\"https:\\\/\\\/www.lingvolive.com\\\/en-us\\\/profile\\\/9ecaeaca-ce11-4e51-9e71-01d55e2bff36\\\/translations\",\"https:\\\/\\\/www.fitday.com\\\/fitness\\\/forums\\\/members\\\/iwellguard.html\",\"https:\\\/\\\/www.mymeetbook.com\\\/iwellguard\",\"https:\\\/\\\/pxhere.com\\\/en\\\/photographer-me\\\/5040798\",\"https:\\\/\\\/disqus.com\\\/by\\\/iwellguard\\\/about\\\/\",\"https:\\\/\\\/pastelink.net\\\/hjwciqwq\",\"https:\\\/\\\/pubhtml5.com\\\/homepage\\\/scjhn\\\/\",\"https:\\\/\\\/www.bitchute.com\\\/channel\\\/2O2eOKzNqujT\",\"https:\\\/\\\/audiomack.com\\\/iwellguard\"]}]}<\/script>\n<!-- \/ Yoast SEO Premium plugin. -->","yoast_head_json":{"title":"\u010cesnek jako ochrana proti zl\u00e9mu p\u016fsoben\u00ed","description":"V lidov\u00e9 tradici plat\u00ed \u010desnek za ochranu proti up\u00edr\u016fm, u\u0159knut\u00ed a d\u00e9mon\u016fm. P\u016fvod, princip p\u016fsoben\u00ed a mezikulturn\u00ed roz\u0161\u00ed\u0159en\u00ed.","robots":{"index":"index","follow":"follow","max-snippet":"max-snippet:-1","max-image-preview":"max-image-preview:large","max-video-preview":"max-video-preview:-1"},"canonical":"https:\/\/iwell-guard.com\/cs\/cesnek-jako-ochrana\/","og_locale":"cs_CZ","og_type":"article","og_title":"\u010cesnek jako ochrana","og_description":"V lidov\u00e9 tradici plat\u00ed \u010desnek za ochranu proti up\u00edr\u016fm, u\u0159knut\u00ed a d\u00e9mon\u016fm. P\u016fvod, princip p\u016fsoben\u00ed a mezikulturn\u00ed roz\u0161\u00ed\u0159en\u00ed.","og_url":"https:\/\/iwell-guard.com\/cs\/cesnek-jako-ochrana\/","og_site_name":"iWell Guard","article_modified_time":"2026-09-03T17:06:00+00:00","og_image":[{"width":1024,"height":1536,"url":"https:\/\/iwell-guard.com\/wp-content\/uploads\/2026\/05\/schutzsymbol_mediterran_knoblauch.png","type":"image\/png"}],"twitter_card":"summary_large_image","schema":{"@context":"https:\/\/schema.org","@graph":[{"@type":"WebPage","@id":"https:\/\/iwell-guard.com\/cs\/cesnek-jako-ochrana\/","url":"https:\/\/iwell-guard.com\/cs\/cesnek-jako-ochrana\/","name":"\u010cesnek jako ochrana proti zl\u00e9mu p\u016fsoben\u00ed","isPartOf":{"@id":"https:\/\/iwell-guard.com\/cs\/#website"},"primaryImageOfPage":{"@id":"https:\/\/iwell-guard.com\/cs\/cesnek-jako-ochrana\/#primaryimage"},"image":{"@id":"https:\/\/iwell-guard.com\/cs\/cesnek-jako-ochrana\/#primaryimage"},"thumbnailUrl":"https:\/\/iwell-guard.com\/wp-content\/uploads\/2026\/05\/schutzsymbol_mediterran_knoblauch.png","datePublished":"2026-09-03T16:33:47+00:00","dateModified":"2026-09-03T17:06:00+00:00","description":"V lidov\u00e9 tradici plat\u00ed \u010desnek za ochranu proti up\u00edr\u016fm, u\u0159knut\u00ed a d\u00e9mon\u016fm. P\u016fvod, princip p\u016fsoben\u00ed a mezikulturn\u00ed roz\u0161\u00ed\u0159en\u00ed.","breadcrumb":{"@id":"https:\/\/iwell-guard.com\/cs\/cesnek-jako-ochrana\/#breadcrumb"},"inLanguage":"cs","potentialAction":[{"@type":"ReadAction","target":["https:\/\/iwell-guard.com\/cs\/cesnek-jako-ochrana\/"]}]},{"@type":"ImageObject","inLanguage":"cs","@id":"https:\/\/iwell-guard.com\/cs\/cesnek-jako-ochrana\/#primaryimage","url":"https:\/\/iwell-guard.com\/wp-content\/uploads\/2026\/05\/schutzsymbol_mediterran_knoblauch.png","contentUrl":"https:\/\/iwell-guard.com\/wp-content\/uploads\/2026\/05\/schutzsymbol_mediterran_knoblauch.png","width":1024,"height":1536,"caption":"\u010cesnek jako ochrana, historicko-ilustrativn\u00ed"},{"@type":"BreadcrumbList","@id":"https:\/\/iwell-guard.com\/cs\/cesnek-jako-ochrana\/#breadcrumb","itemListElement":[{"@type":"ListItem","position":1,"name":"Start","item":"https:\/\/iwell-guard.com\/cs\/?page_id=145107"},{"@type":"ListItem","position":2,"name":"\u010cesnek jako ochrana"}]},{"@type":"WebSite","@id":"https:\/\/iwell-guard.com\/cs\/#website","url":"https:\/\/iwell-guard.com\/cs\/","name":"iWell Guard","description":"Schutz vor dunklen Einfl\u00fcssen","publisher":{"@id":"https:\/\/iwell-guard.com\/cs\/#organization"},"potentialAction":[{"@type":"SearchAction","target":{"@type":"EntryPoint","urlTemplate":"https:\/\/iwell-guard.com\/cs\/?s={search_term_string}"},"query-input":{"@type":"PropertyValueSpecification","valueRequired":true,"valueName":"search_term_string"}}],"inLanguage":"cs"},{"@type":"Organization","@id":"https:\/\/iwell-guard.com\/cs\/#organization","name":"Ittermann electronic GmbH","url":"https:\/\/iwell-guard.com\/cs\/","logo":{"@type":"ImageObject","inLanguage":"cs","@id":"https:\/\/iwell-guard.com\/cs\/#\/schema\/logo\/image\/","url":"https:\/\/iwell-guard.com\/wp-content\/uploads\/2026\/05\/Ittermann-Logo-1182x237-1.png","contentUrl":"https:\/\/iwell-guard.com\/wp-content\/uploads\/2026\/05\/Ittermann-Logo-1182x237-1.png","width":1182,"height":237,"caption":"Ittermann electronic GmbH"},"image":{"@id":"https:\/\/iwell-guard.com\/cs\/#\/schema\/logo\/image\/"},"sameAs":["https:\/\/pantip.com\/profile\/9367242","https:\/\/micro.blog\/iwellguard","https:\/\/www.diggerslist.com\/iwellguard\/about","https:\/\/skitterphoto.com\/photographers\/2870314\/iwell-guard","https:\/\/iwellguard.wordpress.com\/2026\/06\/06\/iwell-guard\/","https:\/\/hub.docker.com\/u\/iwellguard","https:\/\/www.pinterest.com\/iwellguard\/","https:\/\/bit.ly\/m\/iwellguard","https:\/\/entre-vos-mains.alsace.eu\/profiles\/iwellguard\/activity","https:\/\/gravatar.com\/reallybeded8fd34","https:\/\/naijamatta.com\/iwellguard","https:\/\/www.goodreads.com\/iwellguard","https:\/\/profile.hatena.ne.jp\/iwellguard\/","https:\/\/experiment.com\/users\/iwellguard","https:\/\/wakelet.com\/@iWellGuard82270","https:\/\/www.chordie.com\/forum\/profile.php?id=2555664","https:\/\/www.instapaper.com\/p\/17757966","https:\/\/www.mapleprimes.com\/users\/iwellguard","https:\/\/businesslistingplus.com\/profile\/iwell-guard\/","https:\/\/telegra.ph\/iWell-Guard-06-06","https:\/\/pbase.com\/iwellguard\/iwellguard","https:\/\/b.hatena.ne.jp\/iwellguard\/20260607#bookmark-4788405196491818882","https:\/\/fliphtml5.com\/home\/iwellguard","https:\/\/anyflip.com\/homepage\/cmiwl#About","https:\/\/transfur.com\/Users\/iwellguard","http:\/\/delphi.larsbo.org\/user\/iwellguard","https:\/\/jobs.lajobsportal.org\/profiles\/8380803-iwell-guard","https:\/\/md.chaosdorf.de\/s\/jfbe5SBdJD","https:\/\/www.lingvolive.com\/en-us\/profile\/9ecaeaca-ce11-4e51-9e71-01d55e2bff36\/translations","https:\/\/www.fitday.com\/fitness\/forums\/members\/iwellguard.html","https:\/\/www.mymeetbook.com\/iwellguard","https:\/\/pxhere.com\/en\/photographer-me\/5040798","https:\/\/disqus.com\/by\/iwellguard\/about\/","https:\/\/pastelink.net\/hjwciqwq","https:\/\/pubhtml5.com\/homepage\/scjhn\/","https:\/\/www.bitchute.com\/channel\/2O2eOKzNqujT","https:\/\/audiomack.com\/iwellguard"]}]}},"_links":{"self":[{"href":"https:\/\/iwell-guard.com\/cs\/wp-json\/wp\/v2\/pages\/145796","targetHints":{"allow":["GET"]}}],"collection":[{"href":"https:\/\/iwell-guard.com\/cs\/wp-json\/wp\/v2\/pages"}],"about":[{"href":"https:\/\/iwell-guard.com\/cs\/wp-json\/wp\/v2\/types\/page"}],"author":[{"embeddable":true,"href":"https:\/\/iwell-guard.com\/cs\/wp-json\/wp\/v2\/users\/3"}],"replies":[{"embeddable":true,"href":"https:\/\/iwell-guard.com\/cs\/wp-json\/wp\/v2\/comments?post=145796"}],"version-history":[{"count":0,"href":"https:\/\/iwell-guard.com\/cs\/wp-json\/wp\/v2\/pages\/145796\/revisions"}],"wp:featuredmedia":[{"embeddable":true,"href":"https:\/\/iwell-guard.com\/cs\/wp-json\/wp\/v2\/media\/4112"}],"wp:attachment":[{"href":"https:\/\/iwell-guard.com\/cs\/wp-json\/wp\/v2\/media?parent=145796"}],"wp:term":[{"taxonomy":"category","embeddable":true,"href":"https:\/\/iwell-guard.com\/cs\/wp-json\/wp\/v2\/categories?post=145796"}],"curies":[{"name":"wp","href":"https:\/\/api.w.org\/{rel}","templated":true}]}}