{"id":145795,"date":"2026-09-03T16:33:46","date_gmt":"2026-09-03T16:33:46","guid":{"rendered":"https:\/\/iwell-guard.com\/?page_id=145795"},"modified":"2026-09-03T17:05:59","modified_gmt":"2026-09-03T17:05:59","slug":"zvuk-a-svetlo-jako-ochrana","status":"publish","type":"page","link":"https:\/\/iwell-guard.com\/cs\/zvuk-a-svetlo-jako-ochrana\/","title":{"rendered":"Zvuk a sv\u011btlo jako ochrana"},"content":{"rendered":"\t\t<div data-elementor-type=\"wp-page\" data-elementor-id=\"145795\" class=\"elementor elementor-145795 elementor-3777 elementor-bc-flex-widget\" data-elementor-post-type=\"page\">\n\t\t\t\t<div class=\"elementor-element elementor-element-iwgs-klang-und-licht-hero e-flex e-con-boxed e-con e-parent\" data-id=\"iwgs-klang-und-licht-hero\" data-element_type=\"container\" data-e-type=\"container\">\n\t\t\t\t\t<div class=\"e-con-inner\">\n\t\t<div class=\"elementor-element elementor-element-iw-klang-und-licht-hero-left e-con-full e-flex e-con e-child\" data-id=\"iw-klang-und-licht-hero-left\" data-element_type=\"container\" data-e-type=\"container\">\n\t\t\t\t<div class=\"elementor-element elementor-element-iwgs-klang-und-licht-h1 elementor-widget elementor-widget-heading\" data-id=\"iwgs-klang-und-licht-h1\" data-element_type=\"widget\" data-e-type=\"widget\" data-widget_type=\"heading.default\">\n\t\t\t\t\t<h1 class=\"elementor-heading-title elementor-size-default\">Zvuk a sv\u011btlo jako ochrana<\/h1>\t\t\t\t<\/div>\n\t\t<div class=\"elementor-element elementor-element-iw-klang-und-licht-hero-bw e-con-full e-flex e-con e-child\" data-id=\"iw-klang-und-licht-hero-bw\" data-element_type=\"container\" data-e-type=\"container\">\n\t\t\t\t<div class=\"elementor-element elementor-element-iwgs-klang-und-licht-pills elementor-widget elementor-widget-html\" data-id=\"iwgs-klang-und-licht-pills\" data-element_type=\"widget\" data-e-type=\"widget\" data-widget_type=\"html.default\">\n\t\t\t\t\t<div class=\"iwg-pill-row\"><span class=\"iwg-klasse-badge\" tabindex=\"0\" data-tooltip=\"Druh ochrann\u00e9ho prost\u0159edku.\">Druh ochrann\u00e9ho prost\u0159edku<\/span><a href=\"https:\/\/iwell-guard.com\/cs\/?page_id=145803\" class=\"iwg-kultur-badge\" tabindex=\"0\" data-tooltip=\"K p\u0159ehledu.\">Ochrann\u00fd kompas<\/a><\/div>\t\t\t\t<\/div>\n\t\t\t\t<div class=\"elementor-element elementor-element-iwgs-klang-und-licht-lead elementor-widget elementor-widget-text-editor\" data-id=\"iwgs-klang-und-licht-lead\" data-element_type=\"widget\" data-e-type=\"widget\" data-widget_type=\"text-editor.default\">\n\t\t\t\t\t\t\t\t\t<p>Mezi ochrann\u00fdmi prost\u0159edky, kter\u00e9 zn\u00e1 lidov\u00e1 tradice, zauj\u00edmaj\u00ed zvuk a sv\u011btlo zvl\u00e1\u0161tn\u00ed postaven\u00ed: jsou pom\u00edjiv\u00e9, vz\u00e1cn\u00e9 a lze je vytvo\u0159it kdekoli. Zvon\u011bn\u00ed nelze nosit v kapse, sv\u00edci nelze p\u0159ib\u00edt na budovu.<\/p><p>Jejich \u00fa\u010dinek se projevuje v okam\u017eiku pou\u017eit\u00ed, nikoli trvale. Pr\u00e1v\u011b v tom spo\u010d\u00edv\u00e1 jejich povaha aktivn\u00edch ochrann\u00fdch prost\u0159edk\u016f, kter\u00e9 lid\u00e9 v\u011bdom\u011b pou\u017e\u00edvaj\u00ed, kdy\u017e vn\u00edmaj\u00ed hrozbu nebo cht\u011bj\u00ed vyzna\u010dit hranici.<\/p>\n<p>Kultury na v\u0161ech kontinentech popisovaly zvuk a sv\u011btlo jako prost\u0159edky obrany. Formy se li\u0161\u00ed: kosteln\u00ed zvony v Evrop\u011b, cimb\u00e1ly v buddhistick\u00e9 Asii, bubny v z\u00e1padoafrick\u00fdch ritu\u00e1lech.<\/p><p>Lou\u010de na prahu, sv\u00edce na <span class=\"iwg-fachbegriff\" data-tooltip=\"Vyv\u00fd\u0161en\u00e9 m\u00edsto nebo st\u016fl pro ob\u011bti a n\u00e1bo\u017eensk\u00e9 \u00fakony.\" tabindex=\"0\">olt\u00e1\u0159i<\/span>, ohn\u011b radosti v noci letn\u00edho slunovratu. Co je spojuje, je z\u00e1kladn\u00ed princip: zvuk a sv\u011btlo pronikaj\u00ed prostorem, vyzna\u010duj\u00ed p\u0159\u00edtomnost a podle <span class=\"iwg-fachbegriff\" data-tooltip=\"P\u0159ed\u00e1v\u00e1n\u00ed v\u011bdomost\u00ed a vypr\u00e1v\u011bn\u00ed mezi generacemi.\" tabindex=\"0\">tradice<\/span> jsou neslu\u010diteln\u00e9 s t\u00edm, co \u0161kod\u00ed.<\/p>\n<p>Na t\u00e9to str\u00e1nce najdete p\u0159ehled kategorie, spole\u010dn\u00e9 rysy p\u016fsob\u00edc\u00edch princip\u016f a stru\u010dn\u00e9 p\u0159edstaven\u00ed t\u0159\u00ed podrobn\u00fdch str\u00e1nek: <a href=\"https:\/\/iwell-guard.com\/cs\/?page_id=145806\">ochrann\u00e9 zvony<\/a>, <a href=\"https:\/\/iwell-guard.com\/cs\/?page_id=145807\">ochrann\u00e1 sv\u00edce<\/a> a <a href=\"https:\/\/iwell-guard.com\/cs\/?page_id=145805\">ochrann\u00fd ohe\u0148<\/a>. Zvuk a sv\u011btlo tak slou\u017e\u00ed k odvr\u00e1cen\u00ed \u0161kod\u00edc\u00edch bytost\u00ed, jejich\u017e bl\u00edzkost tradice spojuje s tichem a temnotou.<\/p>\t\t\t\t\t\t\t\t<\/div>\n\t\t\t\t<\/div>\n\t\t\t\t<\/div>\n\t\t<div class=\"elementor-element elementor-element-iw-klang-und-licht-hero-img e-con-full e-flex e-con e-child\" data-id=\"iw-klang-und-licht-hero-img\" data-element_type=\"container\" data-e-type=\"container\">\n\t\t\t\t<div class=\"elementor-element elementor-element-iwgs-klang-und-licht-himg iwg-hero-image elementor-widget elementor-widget-image\" data-id=\"iwgs-klang-und-licht-himg\" data-element_type=\"widget\" data-e-type=\"widget\" data-widget_type=\"image.default\">\n\t\t\t\t\t\t\t\t\t\t\t\t\t\t\t<img fetchpriority=\"high\" decoding=\"async\" width=\"683\" height=\"1024\" src=\"https:\/\/iwell-guard.com\/wp-content\/uploads\/2026\/05\/schutzsymbol_universell_klang-und-licht-683x1024.png\" class=\"attachment-large size-large wp-image-146968\" alt=\"Zvuk a sv\u011btlo na ochranu \u2013 zvonek a sv\u011bteln\u00fd jas\" srcset=\"https:\/\/iwell-guard.com\/wp-content\/uploads\/2026\/05\/schutzsymbol_universell_klang-und-licht-683x1024.png 683w, https:\/\/iwell-guard.com\/wp-content\/uploads\/2026\/05\/schutzsymbol_universell_klang-und-licht-200x300.png 200w, https:\/\/iwell-guard.com\/wp-content\/uploads\/2026\/05\/schutzsymbol_universell_klang-und-licht-768x1152.png 768w, https:\/\/iwell-guard.com\/wp-content\/uploads\/2026\/05\/schutzsymbol_universell_klang-und-licht.png 1024w\" sizes=\"(max-width: 683px) 100vw, 683px\" \/>\t\t\t\t\t\t\t\t\t\t\t\t\t\t\t<\/div>\n\t\t\t\t<\/div>\n\t\t\t\t\t<\/div>\n\t\t\t\t<\/div>\n\t\t<div class=\"elementor-element elementor-element-iwgs-klang-und-licht-s0 e-flex e-con-boxed e-con e-parent\" data-id=\"iwgs-klang-und-licht-s0\" data-element_type=\"container\" data-e-type=\"container\">\n\t\t\t\t\t<div class=\"e-con-inner\">\n\t\t\t\t<div class=\"elementor-element elementor-element-iwgs-klang-und-licht-s0h elementor-widget elementor-widget-heading\" data-id=\"iwgs-klang-und-licht-s0h\" data-element_type=\"widget\" data-e-type=\"widget\" data-widget_type=\"heading.default\">\n\t\t\t\t\t<h2 class=\"elementor-heading-title elementor-size-default\">Spole\u010dn\u00e9 rysy a princip p\u016fsoben\u00ed<\/h2>\t\t\t\t<\/div>\n\t\t<div class=\"elementor-element elementor-element-iw-klang-und-licht-s0-bw e-con-full e-flex e-con e-child\" data-id=\"iw-klang-und-licht-s0-bw\" data-element_type=\"container\" data-e-type=\"container\">\n\t\t\t\t<div class=\"elementor-element elementor-element-iwgs-klang-und-licht-s0t elementor-widget elementor-widget-text-editor\" data-id=\"iwgs-klang-und-licht-s0t\" data-element_type=\"widget\" data-e-type=\"widget\" data-widget_type=\"text-editor.default\">\n\t\t\t\t\t\t\t\t\t<p>Zvuk a sv\u011btlo maj\u00ed v <span class=\"iwg-fachbegriff\" data-tooltip=\"P\u0159ed\u00e1v\u00e1n\u00ed v\u011bdomost\u00ed a vypr\u00e1v\u011bn\u00ed nap\u0159\u00ed\u010d generacemi.\" tabindex=\"0\">tradici<\/span> n\u011bkolik spole\u010dn\u00fdch vlastnost\u00ed, kter\u00e9 vysv\u011btluj\u00ed jejich ochrann\u00fd charakter.<\/p>\n<p>Za prv\u00e9 jsou ob\u011b pova\u017eov\u00e1ny za formy energie, kter\u00e9 prom\u011b\u0148uj\u00ed prostor od jeho podstaty. Ho\u0159\u00edc\u00ed sv\u00edce m\u011bn\u00ed atmosf\u00e9ru pokoje jinak ne\u017e zav\u011b\u0161en\u00fd <span class=\"iwg-fachbegriff\" data-tooltip=\"No\u0161en\u00fd p\u0159edm\u011bt, kter\u00e9mu je p\u0159isuzov\u00e1n ochrann\u00fd \u00fa\u010dinek odvracej\u00edc\u00ed ne\u0161t\u011bst\u00ed.\" tabindex=\"0\">amulet<\/span>. Zvuk zvonu prostupuje zdmi, kter\u00e9 malovan\u00e9 znamen\u00ed nedok\u00e1\u017ee p\u0159ekonat.<\/p><p><span class=\"iwg-fachbegriff\" data-tooltip=\"P\u0159ed\u00e1v\u00e1n\u00ed v\u011bdomost\u00ed a vypr\u00e1v\u011bn\u00ed nap\u0159\u00ed\u010d generacemi.\" tabindex=\"0\">Tradice<\/span> popisuje tuto pronikavou s\u00edlu jako podstatnou: co p\u016fsob\u00ed ve tm\u011b, se st\u00e1v\u00e1 viditeln\u00fdm; co jedn\u00e1 v tichu, je vyru\u0161eno.<\/p>\n<p>Za druh\u00e9 jsou zvuk a sv\u011btlo v\u00e1z\u00e1ny na lidsk\u00e9 jedn\u00e1n\u00ed. N\u011bkdo mus\u00ed zvonit, zap\u00e1lit, rozd\u011blat ohe\u0148. Tento akt je v mnoha tradic\u00edch s\u00e1m pova\u017eov\u00e1n za sou\u010d\u00e1st ochrany, proto\u017ee soust\u0159e\u010fuje z\u00e1m\u011br a pozornost. Pouh\u00e1 p\u0159\u00edtomnost zvonu, kter\u00fd nezvon\u00ed, nebo sv\u00edce bez plamene, <span class=\"iwg-fachbegriff\" data-tooltip=\"P\u0159ed\u00e1v\u00e1n\u00ed v\u011bdomost\u00ed a vypr\u00e1v\u011bn\u00ed nap\u0159\u00ed\u010d generacemi.\" tabindex=\"0\">tradice<\/span> zpravidla ochrannou \u00fa\u010dinnost nep\u0159isuzuje.<\/p>\n<p>Za t\u0159et\u00ed se objevuje spole\u010dn\u00e9 p\u0159i\u0159azen\u00ed k prah\u016fm a p\u0159echod\u016fm. Zvony se zvon\u00ed ve zvl\u00e1\u0161tn\u00edch \u010dasech, nikoli neust\u00e1le. Sv\u00edce ho\u0159\u00ed v noci, nikoli za b\u00edl\u00e9ho dne. Ohn\u011b pl\u00e1polaj\u00ed na slunovrat a na po\u010d\u00e1tku zimy. <span class=\"iwg-fachbegriff\" data-tooltip=\"P\u0159ed\u00e1v\u00e1n\u00ed v\u011bdomost\u00ed a vypr\u00e1v\u011bn\u00ed nap\u0159\u00ed\u010d generacemi.\" tabindex=\"0\">Tradice<\/span> um\u00eds\u0165uje nebezpe\u010d\u00ed na hranice: mezi dnem a noc\u00ed, mezi ro\u010dn\u00edmi obdob\u00edmi, mezi zn\u00e1m\u00fdm a nezn\u00e1m\u00fdm.<\/p>\t\t\t\t\t\t\t\t<\/div>\n\t\t\t\t<\/div>\n\t\t\t\t\t<\/div>\n\t\t\t\t<\/div>\n\t\t<div class=\"elementor-element elementor-element-iwgs-klang-und-licht-s1 e-flex e-con-boxed e-con e-parent\" data-id=\"iwgs-klang-und-licht-s1\" data-element_type=\"container\" data-e-type=\"container\">\n\t\t\t\t\t<div class=\"e-con-inner\">\n\t\t\t\t<div class=\"elementor-element elementor-element-iwgs-klang-und-licht-s1h elementor-widget elementor-widget-heading\" data-id=\"iwgs-klang-und-licht-s1h\" data-element_type=\"widget\" data-e-type=\"widget\" data-widget_type=\"heading.default\">\n\t\t\t\t\t<h2 class=\"elementor-heading-title elementor-size-default\">P\u0159ehled nap\u0159\u00ed\u010d kulturami<\/h2>\t\t\t\t<\/div>\n\t\t<div class=\"elementor-element elementor-element-iw-klang-und-licht-s1-bw e-con-full e-flex e-con e-child\" data-id=\"iw-klang-und-licht-s1-bw\" data-element_type=\"container\" data-e-type=\"container\">\n\t\t\t\t<div class=\"elementor-element elementor-element-iwgs-klang-und-licht-s1t elementor-widget elementor-widget-text-editor\" data-id=\"iwgs-klang-und-licht-s1t\" data-element_type=\"widget\" data-e-type=\"widget\" data-widget_type=\"text-editor.default\">\n\t\t\t\t\t\t\t\t\t<p>T\u0159i podrobn\u00e9 str\u00e1nky t\u00e9to kategorie se v\u011bnuj\u00ed nejd\u016fle\u017eit\u011bj\u0161\u00edm projev\u016fm.<\/p>\n<p><strong><a href=\"https:\/\/iwell-guard.com\/cs\/?page_id=145806\">Ochrann\u00e9 zvony a zvuk zvonu<\/a>:<\/strong> T\u00f3n zvonu nebo rolni\u010dky je v evropsk\u00e9, japonsk\u00e9 a tibetsk\u00e9 <span class=\"iwg-fachbegriff\" data-tooltip=\"P\u0159ed\u00e1v\u00e1n\u00ed v\u011bdomost\u00ed a vypr\u00e1v\u011bn\u00ed mezi generacemi.\" tabindex=\"0\">tradici<\/span> pova\u017eov\u00e1n za prost\u0159edek k zah\u00e1n\u011bn\u00ed \u0161kod\u00edc\u00edch bytost\u00ed a vymezov\u00e1n\u00ed svat\u00fdch prostor. Kosteln\u00ed zvony m\u011bly podle st\u0159edov\u011bk\u00fdch pramen\u016f odh\u00e1n\u011bt d\u00e9mony a zklid\u0148ovat bou\u0159e. Mal\u00e9 rolni\u010dky na obojc\u00edch zv\u00ed\u0159at, ko\u010d\u00e1rc\u00edch a klik\u00e1ch dve\u0159\u00ed m\u011bly stejnou apotropaickou funkci v men\u0161\u00edm m\u011b\u0159\u00edtku.<\/p>\n<p><strong><a href=\"https:\/\/iwell-guard.com\/cs\/?page_id=145807\">Ochrann\u00e1 sv\u00edce<\/a>:<\/strong> Sv\u011btlo v kontrolovan\u00e9, kompaktn\u00ed form\u011b. Sv\u00edce stoj\u00ed na p\u0159echodu mezi pouh\u00fdm sv\u011btlem a ritu\u00e1ln\u00edm \u00fakonem: zapaluje se s \u00famyslem, \u010dasto je posv\u011bcena, n\u011bkdy opat\u0159ena znaky. V k\u0159es\u0165ansk\u00fdch, \u017eidovsk\u00fdch, pohansk\u00fdch a synkretick\u00fdch tradic\u00edch sv\u00edce ho\u0159\u00ed k odvr\u00e1cen\u00ed no\u010dn\u00edch bytost\u00ed, k ochran\u011b um\u00edraj\u00edc\u00edch a k udr\u017een\u00ed spojen\u00ed se svat\u00fdm.<\/p>\n<p><strong><a href=\"https:\/\/iwell-guard.com\/cs\/?page_id=145805\">Ochrann\u00fd ohe\u0148 a sv\u011btlo na prahu<\/a>:<\/strong> Otev\u0159en\u00fd ohe\u0148 je star\u0161\u00ed, v\u011bt\u0161\u00ed variantou. Nouzov\u00e9 ohn\u011b, ohn\u011b slunovratu a ohn\u011b u st\u00e1j\u00ed slou\u017eily v evropsk\u00e9 lidov\u00e9 tradici k hromadn\u00e9mu o\u010di\u0161t\u011bn\u00ed a k vyzna\u010den\u00ed hranic roku, kdy byly \u0161kod\u00edc\u00ed s\u00edly pova\u017eov\u00e1ny za obzvl\u00e1\u0161t\u011b aktivn\u00ed. Ohe\u0148 u domovn\u00edch dve\u0159\u00ed, lou\u010de kolem pole, uheln\u00e9 k\u0159\u00ed\u017ee nad prahem: sv\u011btlo jako vymezen\u00ed hranice.<\/p>\t\t\t\t\t\t\t\t<\/div>\n\t\t\t\t<\/div>\n\t\t\t\t\t<\/div>\n\t\t\t\t<\/div>\n\t\t<div class=\"elementor-element elementor-element-iwgs-klang-und-licht-s2 e-flex e-con-boxed e-con e-parent\" data-id=\"iwgs-klang-und-licht-s2\" data-element_type=\"container\" data-e-type=\"container\">\n\t\t\t\t\t<div class=\"e-con-inner\">\n\t\t\t\t<div class=\"elementor-element elementor-element-iwgs-klang-und-licht-s2h elementor-widget elementor-widget-heading\" data-id=\"iwgs-klang-und-licht-s2h\" data-element_type=\"widget\" data-e-type=\"widget\" data-widget_type=\"heading.default\">\n\t\t\t\t\t<h2 class=\"elementor-heading-title elementor-size-default\">Pou\u017eit\u00ed a hranice<\/h2>\t\t\t\t<\/div>\n\t\t<div class=\"elementor-element elementor-element-iw-klang-und-licht-s2-bw e-con-full e-flex e-con e-child\" data-id=\"iw-klang-und-licht-s2-bw\" data-element_type=\"container\" data-e-type=\"container\">\n\t\t\t\t<div class=\"elementor-element elementor-element-iwgs-klang-und-licht-s2t elementor-widget elementor-widget-text-editor\" data-id=\"iwgs-klang-und-licht-s2t\" data-element_type=\"widget\" data-e-type=\"widget\" data-widget_type=\"text-editor.default\">\n\t\t\t\t\t\t\t\t\t<p><span class=\"iwg-fachbegriff\" data-tooltip=\"P\u0159ed\u00e1v\u00e1n\u00ed v\u011bdomost\u00ed a vypr\u00e1v\u011bn\u00ed mezi generacemi.\" tabindex=\"0\">Tradice<\/span> popisuje zvuk a sv\u011btlo jako \u00fa\u010dinn\u00e9 proti \u0159ad\u011b hrozeb, zd\u016fraz\u0148uje v\u0161ak tak\u00e9 podm\u00ednky a hranice. Zvon\u011bn\u00ed bez v\u00edry a znalosti \u00fa\u010delu bylo pro mnoh\u00e9 tradice bez\u00fa\u010dinn\u00e9. Sv\u00edce, kter\u00e1 ho\u0159\u00ed nedbale, m\u00e1 v ritu\u00e1ln\u00ed lidov\u00e9 praxi jin\u00e9 postaven\u00ed ne\u017e ta, je\u017e je zap\u00e1lena s v\u011bdom\u00fdm z\u00e1m\u011brem.<\/p>\n<p>Zvuk a sv\u011btlo podle shodn\u00e9 tradice nejsou trval\u00fdmi ochrann\u00fdmi bari\u00e9rami. Vytv\u00e1\u0159ej\u00ed okno bezpe\u010d\u00ed, nikoli ze\u010f. Kdo v noci projde nebezpe\u010dn\u00fdm m\u00edstem se sv\u00ed\u010dkou, je podle <span class=\"iwg-fachbegriff\" data-tooltip=\"P\u0159ed\u00e1v\u00e1n\u00ed v\u011bdomost\u00ed a vypr\u00e1v\u011bn\u00ed mezi generacemi.\" tabindex=\"0\">tradice<\/span> l\u00e9pe chr\u00e1n\u011bn ne\u017e ten, kdo sv\u011btlo nem\u00e1. <span class=\"iwg-fachbegriff\" data-tooltip=\"P\u0159ed\u00e1v\u00e1n\u00ed v\u011bdomost\u00ed a vypr\u00e1v\u011bn\u00ed mezi generacemi.\" tabindex=\"0\">Tradice<\/span> v\u0161ak z\u00e1rove\u0148 zd\u016fraz\u0148uje, \u017ee zhasnut\u00ed plamene ochrann\u00fd \u00fa\u010dinek okam\u017eit\u011b p\u0159eru\u0161\u00ed.<\/p>\n<p>Dal\u0161\u00ed hranice spo\u010d\u00edv\u00e1 v povaze hrozby. Nikoli v\u0161echny \u0161kod\u00edc\u00ed bytosti jsou lidovou tradic\u00ed pova\u017eov\u00e1ny za citliv\u00e9 na zvuk \u010di sv\u011btlo. Ur\u010dit\u00ed zemn\u00ed duchov\u00e9 nebo bytosti v\u00fdslovn\u011b spojovan\u00e9 s ohn\u011bm nelze t\u011bmito prost\u0159edky zahnat. Kter\u00e9 bytosti jsou popisov\u00e1ny jako citliv\u00e9 na kter\u00e9 ochrann\u00e9 prost\u0159edky, ukazuje <a href=\"https:\/\/iwell-guard.com\/cs\/?page_id=145803\">ochrann\u00fd kompas<\/a>.<\/p>\t\t\t\t\t\t\t\t<\/div>\n\t\t\t\t<\/div>\n\t\t\t\t\t<\/div>\n\t\t\t\t<\/div>\n\t\t<div class=\"elementor-element elementor-element-iwgs-klang-und-licht-s3 e-flex e-con-boxed e-con e-parent\" data-id=\"iwgs-klang-und-licht-s3\" data-element_type=\"container\" data-e-type=\"container\">\n\t\t\t\t\t<div class=\"e-con-inner\">\n\t\t\t\t<div class=\"elementor-element elementor-element-iwgs-klang-und-licht-s3h elementor-widget elementor-widget-heading\" data-id=\"iwgs-klang-und-licht-s3h\" data-element_type=\"widget\" data-e-type=\"widget\" data-widget_type=\"heading.default\">\n\t\t\t\t\t<h2 class=\"elementor-heading-title elementor-size-default\">Ve Schutz-Kompasu<\/h2>\t\t\t\t<\/div>\n\t\t<div class=\"elementor-element elementor-element-iw-klang-und-licht-s3-bw e-con-full e-flex e-con e-child\" data-id=\"iw-klang-und-licht-s3-bw\" data-element_type=\"container\" data-e-type=\"container\">\n\t\t\t\t<div class=\"elementor-element elementor-element-iwgs-klang-und-licht-s3t elementor-widget elementor-widget-text-editor\" data-id=\"iwgs-klang-und-licht-s3t\" data-element_type=\"widget\" data-e-type=\"widget\" data-widget_type=\"text-editor.default\">\n\t\t\t\t\t\t\t\t\t<p>Ve <a href=\"https:\/\/iwell-guard.com\/cs\/?page_id=145803\">Kompasu ochrany<\/a> jsou ochrann\u00e9 zvonky, ochrann\u00e1 sv\u00edce a ochrann\u00fd ohe\u0148 propojeny s bytostmi, proti kter\u00fdm byly podle <span class=\"iwg-fachbegriff\" data-tooltip=\"P\u0159ed\u00e1v\u00e1n\u00ed znalost\u00ed a vypr\u00e1v\u011bn\u00ed nap\u0159\u00ed\u010d generacemi.\" tabindex=\"0\">tradice<\/span> nasazov\u00e1ny. Tam na prvn\u00ed pohled uvid\u00edte, kter\u00e9 t\u0159\u00eddy bytost\u00ed a kultury tyto ochrann\u00e9 prost\u0159edky popisuj\u00ed a v jak\u00e9m stupni ohro\u017een\u00ed jsou doporu\u010dov\u00e1ny.<\/p>\t\t\t\t\t\t\t\t<\/div>\n\t\t\t\t<\/div>\n\t\t\t\t\t<\/div>\n\t\t\t\t<\/div>\n\t\t<div class=\"elementor-element elementor-element-iwgs-klang-und-licht-lit e-flex e-con-boxed e-con e-parent\" data-id=\"iwgs-klang-und-licht-lit\" data-element_type=\"container\" data-e-type=\"container\">\n\t\t\t\t\t<div class=\"e-con-inner\">\n\t\t\t\t<div class=\"elementor-element elementor-element-iwgs-klang-und-licht-lith elementor-widget elementor-widget-heading\" data-id=\"iwgs-klang-und-licht-lith\" data-element_type=\"widget\" data-e-type=\"widget\" data-widget_type=\"heading.default\">\n\t\t\t\t\t<h2 class=\"elementor-heading-title elementor-size-default\">Literatura (v\u00fdb\u011br)<\/h2>\t\t\t\t<\/div>\n\t\t<div class=\"elementor-element elementor-element-iw-klang-und-licht-lit-bw e-con-full e-flex e-con e-child\" data-id=\"iw-klang-und-licht-lit-bw\" data-element_type=\"container\" data-e-type=\"container\">\n\t\t\t\t<div class=\"elementor-element elementor-element-iwgs-klang-und-licht-litt elementor-widget elementor-widget-html\" data-id=\"iwgs-klang-und-licht-litt\" data-element_type=\"widget\" data-e-type=\"widget\" data-widget_type=\"html.default\">\n\t\t\t\t\t<footer data-nosnippet=\"true\"><ul><li>Handw\u00f6rterbuch des deutschen Aberglaubens, hrsg. von Hanns B\u00e4chtold-St\u00e4ubli, 10 Bde., Berlin\/Leipzig 1927-1942 (Neudr. Berlin 1987).<\/li><li>P\u00f3cs, \u00c9va: Between the Living and the Dead. A Perspective on Witches and Seers in the Early Modern Age. Budapest 1999.<\/li><li>Eliade, Mircea: Das Heilige und das Profane. Vom Wesen des Religi\u00f6sen. Hamburg 1957.<\/li><li>Frazer, James George: Der goldene Zweig. Das Geheimnis von Glauben und Sitten der V\u00f6lker. K\u00f6ln 1968.<\/li><li>Lurker, Manfred: W\u00f6rterbuch der Symbolik. Stuttgart 1988.<\/li><\/ul><\/footer>\t\t\t\t<\/div>\n\t\t\t\t<\/div>\n\t\t\t\t\t<\/div>\n\t\t\t\t<\/div>\n\t\t<div class=\"elementor-element elementor-element-iwgs-klang-und-licht-kwd e-flex e-con-boxed e-con e-parent\" data-id=\"iwgs-klang-und-licht-kwd\" data-element_type=\"container\" data-e-type=\"container\">\n\t\t\t\t\t<div class=\"e-con-inner\">\n\t\t<div class=\"elementor-element elementor-element-iw-klang-und-licht-kwd-bw e-con-full e-flex e-con e-child\" data-id=\"iw-klang-und-licht-kwd-bw\" data-element_type=\"container\" data-e-type=\"container\">\n\t\t\t\t<div class=\"elementor-element elementor-element-iwgs-klang-und-licht-kwdt elementor-widget elementor-widget-text-editor\" data-id=\"iwgs-klang-und-licht-kwdt\" data-element_type=\"widget\" data-e-type=\"widget\" data-widget_type=\"text-editor.default\">\n\t\t\t\t\t\t\t\t\t<p><em>P\u0159\u00edbuzn\u00e9 kl\u00ed\u010dov\u00e9 pojmy: zvuk a sv\u011btlo ochrana zvonky odvracen\u00ed ochrann\u00e1 sv\u00edce ochrann\u00fd ohe\u0148 hluk duchov\u00e9.<\/em><\/p>\t\t\t\t\t\t\t\t<\/div>\n\t\t\t\t<\/div>\n\t\t\t\t\t<\/div>\n\t\t\t\t<\/div>\n\t\t<div class=\"elementor-element elementor-element-iwgs-klang-und-licht-cc e-flex e-con-boxed e-con e-parent\" data-id=\"iwgs-klang-und-licht-cc\" data-element_type=\"container\" data-e-type=\"container\" id=\"iwg-cc-klang-und-licht\">\n\t\t\t\t\t<div class=\"e-con-inner\">\n\t\t<div class=\"elementor-element elementor-element-iwgs-klang-und-licht-ccinner e-flex e-con-boxed e-con e-parent\" data-id=\"iwgs-klang-und-licht-ccinner\" data-element_type=\"container\" data-e-type=\"container\" data-settings=\"{&quot;background_background&quot;:&quot;classic&quot;}\">\n\t\t\t\t\t<div class=\"e-con-inner\">\n\t\t\t\t<div class=\"elementor-element elementor-element-iwgs-klang-und-licht-cch elementor-widget elementor-widget-heading\" data-id=\"iwgs-klang-und-licht-cch\" data-element_type=\"widget\" data-e-type=\"widget\" data-widget_type=\"heading.default\">\n\t\t\t\t\t<h2 class=\"elementor-heading-title elementor-size-default\">iWell Guard a ochrann\u00e9 tradice<\/h2>\t\t\t\t<\/div>\n\t\t\t\t<div class=\"elementor-element elementor-element-iwgs-klang-und-licht-cct elementor-widget elementor-widget-text-editor\" data-id=\"iwgs-klang-und-licht-cct\" data-element_type=\"widget\" data-e-type=\"widget\" data-widget_type=\"text-editor.default\">\n\t\t\t\t\t\t\t\t\t<p>Spojen\u00ed zvuku, sv\u011btla a ochrany se t\u00e1hne kulturami, kter\u00e9 o sob\u011b navz\u00e1jem nic nev\u011bd\u011bly. Evropsk\u00e9 zvonky, tibetsk\u00e9 \u010dinely, staroegyptsk\u00e9 pochodn\u011b: v\u0161ude vznikla zku\u0161enost, \u017ee zvuk a sv\u011btlo n\u011bco v prostoru m\u011bn\u00ed.<\/p><p><a href=\"https:\/\/iwell-guard.com\/cs\/koupit-ochranny-privesek-iwell-guard\/\">iWell Guard<\/a> byl vyvinut s c\u00edlem spojit tyto ochrann\u00e9 tradice do nositeln\u00e9 formy, kter\u00e1 doprov\u00e1z\u00ed sv\u00e9ho nositele bez ohledu na \u010das a m\u00edsto. Nenahrazuje ritu\u00e1ln\u00ed pou\u017eit\u00ed zvuku a sv\u011btla, jak je popisuje <span class=\"iwg-fachbegriff\" data-tooltip=\"P\u0159ed\u00e1v\u00e1n\u00ed znalost\u00ed a vypr\u00e1v\u011bn\u00ed nap\u0159\u00ed\u010d generacemi.\" tabindex=\"0\">tradice<\/span>, ale dopl\u0148uje jej jako trvale no\u0161enou p\u0159ipom\u00ednku t\u011bchto princip\u016f.<\/p>\t\t\t\t\t\t\t\t<\/div>\n\t\t\t\t<div class=\"elementor-element elementor-element-iwgs-klang-und-licht-ccb iwg-cc-button iwg-cc-cta-2026-05-13 elementor-widget elementor-widget-jet-button\" data-id=\"iwgs-klang-und-licht-ccb\" data-element_type=\"widget\" data-e-type=\"widget\" data-widget_type=\"jet-button.default\">\n\t\t\t\t<div class=\"elementor-widget-container\">\n\t\t\t\t\t<div class=\"elementor-jet-button jet-elements\"><div class=\"jet-button__container\"><a class=\"jet-button__instance jet-button__instance--icon-left hover-effect-1\" href=\"\/schutzanhaenger-iwell-guard-kaufen\/?utm_source=iwell-guard.com&amp;utm_medium=info-box&amp;utm_campaign=schutzsymbole\"><div class=\"jet-button__plane jet-button__plane-normal\"><\/div><div class=\"jet-button__plane jet-button__plane-hover\"><\/div><div class=\"jet-button__state jet-button__state-normal\"><span class=\"jet-button__label\">V\u00edce o iWell Guard<\/span><\/div><div class=\"jet-button__state jet-button__state-hover\"><span class=\"jet-button__label\">V\u00edce o iWell Guard<\/span><\/div><\/a><\/div><\/div><style>.elementor-element.elementor-element-iwgs-klang-und-licht-ccb .jet-button__instance{width:320px;height:56px;}.elementor-element.elementor-element-iwgs-klang-und-licht-ccb .jet-button__state-normal .jet-button__label{text-align:center;margin:0px 0px 0px 0px;color:#1a1b20;font-family:Montserrat,sans-serif;font-size:13px;font-weight:400;letter-spacing:4px;line-height:1.714em;text-transform:uppercase;}.elementor-element.elementor-element-iwgs-klang-und-licht-ccb .jet-button__state-hover .jet-button__label{text-align:center;margin:0px 0px 0px 0px;color:#FECC76;font-family:Montserrat,sans-serif;font-size:13px;font-weight:400;letter-spacing:4px;line-height:1.714em;text-transform:uppercase;}.elementor-element.elementor-element-iwgs-klang-und-licht-ccb .jet-button__plane-normal{background-color:#FECC76;border-style:solid;border-color:#C99540;border-width:2px 2px 2px 2px;}.elementor-element.elementor-element-iwgs-klang-und-licht-ccb .jet-button__plane-hover{background-color:rgba(0,0,0,0.55);border-style:solid;border-color:#FECC76;border-width:2px 2px 2px 2px;}<\/style>\t\t\t\t<\/div>\n\t\t\t\t<\/div>\n\t\t\t\t<div class=\"elementor-element elementor-element-iwgs-klang-und-licht-ccd elementor-widget elementor-widget-text-editor\" data-id=\"iwgs-klang-und-licht-ccd\" data-element_type=\"widget\" data-e-type=\"widget\" data-widget_type=\"text-editor.default\">\n\t\t\t\t\t\t\t\t\t<p style=\"text-align:center;font-size:13px;opacity:0.7;margin-top:14px\" data-nosnippet=\"true\">Osobn\u00ed zku\u0161enosti se mohou li\u0161it. Nejde o zdravotnick\u00fd prost\u0159edek. Nejde o p\u0159\u00edslib l\u00e9\u010den\u00ed.<\/p>\t\t\t\t\t\t\t\t<\/div>\n\t\t\t\t\t<\/div>\n\t\t\t\t<\/div>\n\t\t\t\t\t<\/div>\n\t\t\t\t<\/div>\n\t\t<div class=\"elementor-element elementor-element-iwgs-klang-und-licht-disc e-flex e-con-boxed e-con e-parent\" data-id=\"iwgs-klang-und-licht-disc\" data-element_type=\"container\" data-e-type=\"container\">\n\t\t\t\t\t<div class=\"e-con-inner\">\n\t\t<div class=\"elementor-element elementor-element-iw-klang-und-licht-disc-bw e-con-full e-flex e-con e-child\" data-id=\"iw-klang-und-licht-disc-bw\" data-element_type=\"container\" data-e-type=\"container\">\n\t\t\t\t<div class=\"elementor-element elementor-element-iwgs-klang-und-licht-discw elementor-widget elementor-widget-html\" data-id=\"iwgs-klang-und-licht-discw\" data-element_type=\"widget\" data-e-type=\"widget\" data-widget_type=\"html.default\">\n\t\t\t\t\t<footer data-nosnippet=\"true\" class=\"iwg-disclaimer-block\"><p data-nosnippet=\"true\">iWell Guard <strong>nen\u00ed zdravotnick\u00fd prost\u0159edek<\/strong> a nenahrazuje l\u00e9ka\u0159skou ani psychoterapeutickou l\u00e9\u010dbu. Zde uveden\u00fd obsah p\u0159edstavuje religionistick\u00e9 a kulturn\u011b-historick\u00e9 za\u0159azen\u00ed, nikoli p\u0159\u00edslib duchovn\u00edho \u00fa\u010dinku.<\/p><\/footer>\t\t\t\t<\/div>\n\t\t\t\t<\/div>\n\t\t\t\t\t<\/div>\n\t\t\t\t<\/div>\n\t\t\t\t<\/div>\n\t\t","protected":false},"excerpt":{"rendered":"","protected":false},"author":3,"featured_media":4141,"parent":0,"menu_order":0,"comment_status":"closed","ping_status":"closed","template":"elementor_header_footer","meta":{"_yoast_wpseo_focuskw":"zvuk a sv\u011btlo ochrana","_yoast_wpseo_title":"Zvuk a sv\u011btlo k odvr\u00e1cen\u00ed \u0161kod\u00edc\u00edch bytost\u00ed","_yoast_wpseo_metadesc":"Zvony, sv\u00edce a ohe\u0148 jako ochrann\u00e9 prost\u0159edky: co podle tradice zvuk a sv\u011btlo p\u0159isuzuj\u00ed proti \u0161kod\u00edc\u00edm bytostem.","_yoast_wpseo_meta-robots-noindex":"","_yoast_wpseo_canonical":"","_angie_page":false,"gefaehrdungsstufe":"","wesen_kultur":"","wesen_klasse":"","footnotes":""},"categories":[],"class_list":["post-145795","page","type-page","status-publish","has-post-thumbnail","hentry"],"yoast_head":"<!-- This site is optimized with the Yoast SEO Premium plugin v27.7 (Yoast SEO v28.3) - https:\/\/yoast.com\/product\/yoast-seo-premium-wordpress\/ -->\n<title>Zvuk a sv\u011btlo k odvr\u00e1cen\u00ed \u0161kod\u00edc\u00edch bytost\u00ed<\/title>\n<meta name=\"description\" content=\"Zvony, sv\u00edce a ohe\u0148 jako ochrann\u00e9 prost\u0159edky: co podle tradice zvuk a sv\u011btlo p\u0159isuzuj\u00ed proti \u0161kod\u00edc\u00edm bytostem.\" \/>\n<meta name=\"robots\" content=\"index, follow, max-snippet:-1, max-image-preview:large, max-video-preview:-1\" \/>\n<link rel=\"canonical\" href=\"https:\/\/iwell-guard.com\/cs\/zvuk-a-svetlo-jako-ochrana\/\" \/>\n<meta property=\"og:locale\" content=\"cs_CZ\" \/>\n<meta property=\"og:type\" content=\"article\" \/>\n<meta property=\"og:title\" content=\"Zvuk a sv\u011btlo jako ochrana\" \/>\n<meta property=\"og:description\" content=\"Zvony, sv\u00edce a ohe\u0148 jako ochrann\u00e9 prost\u0159edky: co podle tradice zvuk a sv\u011btlo p\u0159isuzuj\u00ed proti \u0161kod\u00edc\u00edm bytostem.\" \/>\n<meta property=\"og:url\" content=\"https:\/\/iwell-guard.com\/cs\/zvuk-a-svetlo-jako-ochrana\/\" \/>\n<meta property=\"og:site_name\" content=\"iWell Guard\" \/>\n<meta property=\"article:modified_time\" content=\"2026-09-03T17:05:59+00:00\" \/>\n<meta property=\"og:image\" content=\"https:\/\/iwell-guard.com\/wp-content\/uploads\/2026\/05\/schutzsymbol_universell_klang-und-licht.png\" \/>\n\t<meta property=\"og:image:width\" content=\"1024\" \/>\n\t<meta property=\"og:image:height\" content=\"1536\" \/>\n\t<meta property=\"og:image:type\" content=\"image\/png\" \/>\n<meta name=\"twitter:card\" content=\"summary_large_image\" \/>\n<script type=\"application\/ld+json\" class=\"yoast-schema-graph\">{\"@context\":\"https:\\\/\\\/schema.org\",\"@graph\":[{\"@type\":\"WebPage\",\"@id\":\"https:\\\/\\\/iwell-guard.com\\\/cs\\\/zvuk-a-svetlo-jako-ochrana\\\/\",\"url\":\"https:\\\/\\\/iwell-guard.com\\\/cs\\\/zvuk-a-svetlo-jako-ochrana\\\/\",\"name\":\"Zvuk a sv\u011btlo k odvr\u00e1cen\u00ed \u0161kod\u00edc\u00edch bytost\u00ed\",\"isPartOf\":{\"@id\":\"https:\\\/\\\/iwell-guard.com\\\/cs\\\/#website\"},\"primaryImageOfPage\":{\"@id\":\"https:\\\/\\\/iwell-guard.com\\\/cs\\\/zvuk-a-svetlo-jako-ochrana\\\/#primaryimage\"},\"image\":{\"@id\":\"https:\\\/\\\/iwell-guard.com\\\/cs\\\/zvuk-a-svetlo-jako-ochrana\\\/#primaryimage\"},\"thumbnailUrl\":\"https:\\\/\\\/iwell-guard.com\\\/wp-content\\\/uploads\\\/2026\\\/05\\\/schutzsymbol_universell_klang-und-licht.png\",\"datePublished\":\"2026-09-03T16:33:46+00:00\",\"dateModified\":\"2026-09-03T17:05:59+00:00\",\"description\":\"Zvony, sv\u00edce a ohe\u0148 jako ochrann\u00e9 prost\u0159edky: co podle tradice zvuk a sv\u011btlo p\u0159isuzuj\u00ed proti \u0161kod\u00edc\u00edm bytostem.\",\"breadcrumb\":{\"@id\":\"https:\\\/\\\/iwell-guard.com\\\/cs\\\/zvuk-a-svetlo-jako-ochrana\\\/#breadcrumb\"},\"inLanguage\":\"cs\",\"potentialAction\":[{\"@type\":\"ReadAction\",\"target\":[\"https:\\\/\\\/iwell-guard.com\\\/cs\\\/zvuk-a-svetlo-jako-ochrana\\\/\"]}]},{\"@type\":\"ImageObject\",\"inLanguage\":\"cs\",\"@id\":\"https:\\\/\\\/iwell-guard.com\\\/cs\\\/zvuk-a-svetlo-jako-ochrana\\\/#primaryimage\",\"url\":\"https:\\\/\\\/iwell-guard.com\\\/wp-content\\\/uploads\\\/2026\\\/05\\\/schutzsymbol_universell_klang-und-licht.png\",\"contentUrl\":\"https:\\\/\\\/iwell-guard.com\\\/wp-content\\\/uploads\\\/2026\\\/05\\\/schutzsymbol_universell_klang-und-licht.png\",\"width\":1024,\"height\":1536,\"caption\":\"Zvuk a sv\u011btlo na ochranu \u2013 zvonek a sv\u011bteln\u00fd jas\"},{\"@type\":\"BreadcrumbList\",\"@id\":\"https:\\\/\\\/iwell-guard.com\\\/cs\\\/zvuk-a-svetlo-jako-ochrana\\\/#breadcrumb\",\"itemListElement\":[{\"@type\":\"ListItem\",\"position\":1,\"name\":\"Start\",\"item\":\"https:\\\/\\\/iwell-guard.com\\\/cs\\\/?page_id=145107\"},{\"@type\":\"ListItem\",\"position\":2,\"name\":\"Zvuk a sv\u011btlo jako ochrana\"}]},{\"@type\":\"WebSite\",\"@id\":\"https:\\\/\\\/iwell-guard.com\\\/cs\\\/#website\",\"url\":\"https:\\\/\\\/iwell-guard.com\\\/cs\\\/\",\"name\":\"iWell Guard\",\"description\":\"Schutz vor dunklen Einfl\u00fcssen\",\"publisher\":{\"@id\":\"https:\\\/\\\/iwell-guard.com\\\/cs\\\/#organization\"},\"potentialAction\":[{\"@type\":\"SearchAction\",\"target\":{\"@type\":\"EntryPoint\",\"urlTemplate\":\"https:\\\/\\\/iwell-guard.com\\\/cs\\\/?s={search_term_string}\"},\"query-input\":{\"@type\":\"PropertyValueSpecification\",\"valueRequired\":true,\"valueName\":\"search_term_string\"}}],\"inLanguage\":\"cs\"},{\"@type\":\"Organization\",\"@id\":\"https:\\\/\\\/iwell-guard.com\\\/cs\\\/#organization\",\"name\":\"Ittermann electronic GmbH\",\"url\":\"https:\\\/\\\/iwell-guard.com\\\/cs\\\/\",\"logo\":{\"@type\":\"ImageObject\",\"inLanguage\":\"cs\",\"@id\":\"https:\\\/\\\/iwell-guard.com\\\/cs\\\/#\\\/schema\\\/logo\\\/image\\\/\",\"url\":\"https:\\\/\\\/iwell-guard.com\\\/wp-content\\\/uploads\\\/2026\\\/05\\\/Ittermann-Logo-1182x237-1.png\",\"contentUrl\":\"https:\\\/\\\/iwell-guard.com\\\/wp-content\\\/uploads\\\/2026\\\/05\\\/Ittermann-Logo-1182x237-1.png\",\"width\":1182,\"height\":237,\"caption\":\"Ittermann electronic GmbH\"},\"image\":{\"@id\":\"https:\\\/\\\/iwell-guard.com\\\/cs\\\/#\\\/schema\\\/logo\\\/image\\\/\"},\"sameAs\":[\"https:\\\/\\\/pantip.com\\\/profile\\\/9367242\",\"https:\\\/\\\/micro.blog\\\/iwellguard\",\"https:\\\/\\\/www.diggerslist.com\\\/iwellguard\\\/about\",\"https:\\\/\\\/skitterphoto.com\\\/photographers\\\/2870314\\\/iwell-guard\",\"https:\\\/\\\/iwellguard.wordpress.com\\\/2026\\\/06\\\/06\\\/iwell-guard\\\/\",\"https:\\\/\\\/hub.docker.com\\\/u\\\/iwellguard\",\"https:\\\/\\\/www.pinterest.com\\\/iwellguard\\\/\",\"https:\\\/\\\/bit.ly\\\/m\\\/iwellguard\",\"https:\\\/\\\/entre-vos-mains.alsace.eu\\\/profiles\\\/iwellguard\\\/activity\",\"https:\\\/\\\/gravatar.com\\\/reallybeded8fd34\",\"https:\\\/\\\/naijamatta.com\\\/iwellguard\",\"https:\\\/\\\/www.goodreads.com\\\/iwellguard\",\"https:\\\/\\\/profile.hatena.ne.jp\\\/iwellguard\\\/\",\"https:\\\/\\\/experiment.com\\\/users\\\/iwellguard\",\"https:\\\/\\\/wakelet.com\\\/@iWellGuard82270\",\"https:\\\/\\\/www.chordie.com\\\/forum\\\/profile.php?id=2555664\",\"https:\\\/\\\/www.instapaper.com\\\/p\\\/17757966\",\"https:\\\/\\\/www.mapleprimes.com\\\/users\\\/iwellguard\",\"https:\\\/\\\/businesslistingplus.com\\\/profile\\\/iwell-guard\\\/\",\"https:\\\/\\\/telegra.ph\\\/iWell-Guard-06-06\",\"https:\\\/\\\/pbase.com\\\/iwellguard\\\/iwellguard\",\"https:\\\/\\\/b.hatena.ne.jp\\\/iwellguard\\\/20260607#bookmark-4788405196491818882\",\"https:\\\/\\\/fliphtml5.com\\\/home\\\/iwellguard\",\"https:\\\/\\\/anyflip.com\\\/homepage\\\/cmiwl#About\",\"https:\\\/\\\/transfur.com\\\/Users\\\/iwellguard\",\"http:\\\/\\\/delphi.larsbo.org\\\/user\\\/iwellguard\",\"https:\\\/\\\/jobs.lajobsportal.org\\\/profiles\\\/8380803-iwell-guard\",\"https:\\\/\\\/md.chaosdorf.de\\\/s\\\/jfbe5SBdJD\",\"https:\\\/\\\/www.lingvolive.com\\\/en-us\\\/profile\\\/9ecaeaca-ce11-4e51-9e71-01d55e2bff36\\\/translations\",\"https:\\\/\\\/www.fitday.com\\\/fitness\\\/forums\\\/members\\\/iwellguard.html\",\"https:\\\/\\\/www.mymeetbook.com\\\/iwellguard\",\"https:\\\/\\\/pxhere.com\\\/en\\\/photographer-me\\\/5040798\",\"https:\\\/\\\/disqus.com\\\/by\\\/iwellguard\\\/about\\\/\",\"https:\\\/\\\/pastelink.net\\\/hjwciqwq\",\"https:\\\/\\\/pubhtml5.com\\\/homepage\\\/scjhn\\\/\",\"https:\\\/\\\/www.bitchute.com\\\/channel\\\/2O2eOKzNqujT\",\"https:\\\/\\\/audiomack.com\\\/iwellguard\"]}]}<\/script>\n<!-- \/ Yoast SEO Premium plugin. -->","yoast_head_json":{"title":"Zvuk a sv\u011btlo k odvr\u00e1cen\u00ed \u0161kod\u00edc\u00edch bytost\u00ed","description":"Zvony, sv\u00edce a ohe\u0148 jako ochrann\u00e9 prost\u0159edky: co podle tradice zvuk a sv\u011btlo p\u0159isuzuj\u00ed proti \u0161kod\u00edc\u00edm bytostem.","robots":{"index":"index","follow":"follow","max-snippet":"max-snippet:-1","max-image-preview":"max-image-preview:large","max-video-preview":"max-video-preview:-1"},"canonical":"https:\/\/iwell-guard.com\/cs\/zvuk-a-svetlo-jako-ochrana\/","og_locale":"cs_CZ","og_type":"article","og_title":"Zvuk a sv\u011btlo jako ochrana","og_description":"Zvony, sv\u00edce a ohe\u0148 jako ochrann\u00e9 prost\u0159edky: co podle tradice zvuk a sv\u011btlo p\u0159isuzuj\u00ed proti \u0161kod\u00edc\u00edm bytostem.","og_url":"https:\/\/iwell-guard.com\/cs\/zvuk-a-svetlo-jako-ochrana\/","og_site_name":"iWell Guard","article_modified_time":"2026-09-03T17:05:59+00:00","og_image":[{"width":1024,"height":1536,"url":"https:\/\/iwell-guard.com\/wp-content\/uploads\/2026\/05\/schutzsymbol_universell_klang-und-licht.png","type":"image\/png"}],"twitter_card":"summary_large_image","schema":{"@context":"https:\/\/schema.org","@graph":[{"@type":"WebPage","@id":"https:\/\/iwell-guard.com\/cs\/zvuk-a-svetlo-jako-ochrana\/","url":"https:\/\/iwell-guard.com\/cs\/zvuk-a-svetlo-jako-ochrana\/","name":"Zvuk a sv\u011btlo k odvr\u00e1cen\u00ed \u0161kod\u00edc\u00edch bytost\u00ed","isPartOf":{"@id":"https:\/\/iwell-guard.com\/cs\/#website"},"primaryImageOfPage":{"@id":"https:\/\/iwell-guard.com\/cs\/zvuk-a-svetlo-jako-ochrana\/#primaryimage"},"image":{"@id":"https:\/\/iwell-guard.com\/cs\/zvuk-a-svetlo-jako-ochrana\/#primaryimage"},"thumbnailUrl":"https:\/\/iwell-guard.com\/wp-content\/uploads\/2026\/05\/schutzsymbol_universell_klang-und-licht.png","datePublished":"2026-09-03T16:33:46+00:00","dateModified":"2026-09-03T17:05:59+00:00","description":"Zvony, sv\u00edce a ohe\u0148 jako ochrann\u00e9 prost\u0159edky: co podle tradice zvuk a sv\u011btlo p\u0159isuzuj\u00ed proti \u0161kod\u00edc\u00edm bytostem.","breadcrumb":{"@id":"https:\/\/iwell-guard.com\/cs\/zvuk-a-svetlo-jako-ochrana\/#breadcrumb"},"inLanguage":"cs","potentialAction":[{"@type":"ReadAction","target":["https:\/\/iwell-guard.com\/cs\/zvuk-a-svetlo-jako-ochrana\/"]}]},{"@type":"ImageObject","inLanguage":"cs","@id":"https:\/\/iwell-guard.com\/cs\/zvuk-a-svetlo-jako-ochrana\/#primaryimage","url":"https:\/\/iwell-guard.com\/wp-content\/uploads\/2026\/05\/schutzsymbol_universell_klang-und-licht.png","contentUrl":"https:\/\/iwell-guard.com\/wp-content\/uploads\/2026\/05\/schutzsymbol_universell_klang-und-licht.png","width":1024,"height":1536,"caption":"Zvuk a sv\u011btlo na ochranu \u2013 zvonek a sv\u011bteln\u00fd jas"},{"@type":"BreadcrumbList","@id":"https:\/\/iwell-guard.com\/cs\/zvuk-a-svetlo-jako-ochrana\/#breadcrumb","itemListElement":[{"@type":"ListItem","position":1,"name":"Start","item":"https:\/\/iwell-guard.com\/cs\/?page_id=145107"},{"@type":"ListItem","position":2,"name":"Zvuk a sv\u011btlo jako ochrana"}]},{"@type":"WebSite","@id":"https:\/\/iwell-guard.com\/cs\/#website","url":"https:\/\/iwell-guard.com\/cs\/","name":"iWell Guard","description":"Schutz vor dunklen Einfl\u00fcssen","publisher":{"@id":"https:\/\/iwell-guard.com\/cs\/#organization"},"potentialAction":[{"@type":"SearchAction","target":{"@type":"EntryPoint","urlTemplate":"https:\/\/iwell-guard.com\/cs\/?s={search_term_string}"},"query-input":{"@type":"PropertyValueSpecification","valueRequired":true,"valueName":"search_term_string"}}],"inLanguage":"cs"},{"@type":"Organization","@id":"https:\/\/iwell-guard.com\/cs\/#organization","name":"Ittermann electronic GmbH","url":"https:\/\/iwell-guard.com\/cs\/","logo":{"@type":"ImageObject","inLanguage":"cs","@id":"https:\/\/iwell-guard.com\/cs\/#\/schema\/logo\/image\/","url":"https:\/\/iwell-guard.com\/wp-content\/uploads\/2026\/05\/Ittermann-Logo-1182x237-1.png","contentUrl":"https:\/\/iwell-guard.com\/wp-content\/uploads\/2026\/05\/Ittermann-Logo-1182x237-1.png","width":1182,"height":237,"caption":"Ittermann electronic GmbH"},"image":{"@id":"https:\/\/iwell-guard.com\/cs\/#\/schema\/logo\/image\/"},"sameAs":["https:\/\/pantip.com\/profile\/9367242","https:\/\/micro.blog\/iwellguard","https:\/\/www.diggerslist.com\/iwellguard\/about","https:\/\/skitterphoto.com\/photographers\/2870314\/iwell-guard","https:\/\/iwellguard.wordpress.com\/2026\/06\/06\/iwell-guard\/","https:\/\/hub.docker.com\/u\/iwellguard","https:\/\/www.pinterest.com\/iwellguard\/","https:\/\/bit.ly\/m\/iwellguard","https:\/\/entre-vos-mains.alsace.eu\/profiles\/iwellguard\/activity","https:\/\/gravatar.com\/reallybeded8fd34","https:\/\/naijamatta.com\/iwellguard","https:\/\/www.goodreads.com\/iwellguard","https:\/\/profile.hatena.ne.jp\/iwellguard\/","https:\/\/experiment.com\/users\/iwellguard","https:\/\/wakelet.com\/@iWellGuard82270","https:\/\/www.chordie.com\/forum\/profile.php?id=2555664","https:\/\/www.instapaper.com\/p\/17757966","https:\/\/www.mapleprimes.com\/users\/iwellguard","https:\/\/businesslistingplus.com\/profile\/iwell-guard\/","https:\/\/telegra.ph\/iWell-Guard-06-06","https:\/\/pbase.com\/iwellguard\/iwellguard","https:\/\/b.hatena.ne.jp\/iwellguard\/20260607#bookmark-4788405196491818882","https:\/\/fliphtml5.com\/home\/iwellguard","https:\/\/anyflip.com\/homepage\/cmiwl#About","https:\/\/transfur.com\/Users\/iwellguard","http:\/\/delphi.larsbo.org\/user\/iwellguard","https:\/\/jobs.lajobsportal.org\/profiles\/8380803-iwell-guard","https:\/\/md.chaosdorf.de\/s\/jfbe5SBdJD","https:\/\/www.lingvolive.com\/en-us\/profile\/9ecaeaca-ce11-4e51-9e71-01d55e2bff36\/translations","https:\/\/www.fitday.com\/fitness\/forums\/members\/iwellguard.html","https:\/\/www.mymeetbook.com\/iwellguard","https:\/\/pxhere.com\/en\/photographer-me\/5040798","https:\/\/disqus.com\/by\/iwellguard\/about\/","https:\/\/pastelink.net\/hjwciqwq","https:\/\/pubhtml5.com\/homepage\/scjhn\/","https:\/\/www.bitchute.com\/channel\/2O2eOKzNqujT","https:\/\/audiomack.com\/iwellguard"]}]}},"_links":{"self":[{"href":"https:\/\/iwell-guard.com\/cs\/wp-json\/wp\/v2\/pages\/145795","targetHints":{"allow":["GET"]}}],"collection":[{"href":"https:\/\/iwell-guard.com\/cs\/wp-json\/wp\/v2\/pages"}],"about":[{"href":"https:\/\/iwell-guard.com\/cs\/wp-json\/wp\/v2\/types\/page"}],"author":[{"embeddable":true,"href":"https:\/\/iwell-guard.com\/cs\/wp-json\/wp\/v2\/users\/3"}],"replies":[{"embeddable":true,"href":"https:\/\/iwell-guard.com\/cs\/wp-json\/wp\/v2\/comments?post=145795"}],"version-history":[{"count":0,"href":"https:\/\/iwell-guard.com\/cs\/wp-json\/wp\/v2\/pages\/145795\/revisions"}],"wp:featuredmedia":[{"embeddable":true,"href":"https:\/\/iwell-guard.com\/cs\/wp-json\/wp\/v2\/media\/4141"}],"wp:attachment":[{"href":"https:\/\/iwell-guard.com\/cs\/wp-json\/wp\/v2\/media?parent=145795"}],"wp:term":[{"taxonomy":"category","embeddable":true,"href":"https:\/\/iwell-guard.com\/cs\/wp-json\/wp\/v2\/categories?post=145795"}],"curies":[{"name":"wp","href":"https:\/\/api.w.org\/{rel}","templated":true}]}}