{"id":145780,"date":"2026-09-03T16:33:38","date_gmt":"2026-09-03T16:33:38","guid":{"rendered":"https:\/\/iwell-guard.com\/?page_id=145780"},"modified":"2026-09-03T17:05:35","modified_gmt":"2026-09-03T17:05:35","slug":"ochranne-barvy-modra-cervena-cerna","status":"publish","type":"page","link":"https:\/\/iwell-guard.com\/cs\/ochranne-barvy-modra-cervena-cerna\/","title":{"rendered":"Ochrann\u00e9 barvy \u2013 modr\u00e1, \u010derven\u00e1 a \u010dern\u00e1 jako obrana"},"content":{"rendered":"\t\t<div data-elementor-type=\"wp-page\" data-elementor-id=\"145780\" class=\"elementor elementor-145780 elementor-3745 elementor-bc-flex-widget\" data-elementor-post-type=\"page\">\n\t\t\t\t<div class=\"elementor-element elementor-element-iwgs-schutzfarben-hero e-flex e-con-boxed e-con e-parent\" data-id=\"iwgs-schutzfarben-hero\" data-element_type=\"container\" data-e-type=\"container\">\n\t\t\t\t\t<div class=\"e-con-inner\">\n\t\t<div class=\"elementor-element elementor-element-iwgs-schutzfarben-hl e-flex e-con-boxed e-con e-parent\" data-id=\"iwgs-schutzfarben-hl\" data-element_type=\"container\" data-e-type=\"container\">\n\t\t\t\t\t<div class=\"e-con-inner\">\n\t\t<div class=\"elementor-element elementor-element-iwgs-schutzfarben-hlbox e-con-full e-flex e-con e-parent\" data-id=\"iwgs-schutzfarben-hlbox\" data-element_type=\"container\" data-e-type=\"container\">\n\t\t\t\t<div class=\"elementor-element elementor-element-iwgs-schutzfarben-h1 elementor-widget elementor-widget-heading\" data-id=\"iwgs-schutzfarben-h1\" data-element_type=\"widget\" data-e-type=\"widget\" data-widget_type=\"heading.default\">\n\t\t\t\t\t<h1 class=\"elementor-heading-title elementor-size-default\">Ochrann\u00e9 barvy: barvy s odvracej\u00edc\u00ed funkc\u00ed<\/h1>\t\t\t\t<\/div>\n\t\t\t\t<div class=\"elementor-element elementor-element-iwgs-schutzfarben-lead elementor-widget elementor-widget-text-editor\" data-id=\"iwgs-schutzfarben-lead\" data-element_type=\"widget\" data-e-type=\"widget\" data-widget_type=\"text-editor.default\">\n\t\t\t\t\t\t\t\t\t<p>V mnoha kultur\u00e1ch je ur\u010dit\u00fdm barv\u00e1m p\u0159isuzov\u00e1n odvracej\u00edc\u00ed, ochrann\u00fd v\u00fdznam. Nej\u010dast\u011bji se v roli ochrann\u00fdch barev objevuj\u00ed modr\u00e1, \u010derven\u00e1 a \u010dern\u00e1, ka\u017ed\u00e1 s vlastn\u00edm od\u016fvodn\u011bn\u00edm. Tento \u010dl\u00e1nek zasazuje princip ochrann\u00e9 barvy do religionistick\u00e9ho kontextu a sleduje jeho stopy od <span class=\"iwg-fachbegriff\" data-tooltip=\"Epocha \u0159eck\u00e9 a \u0159\u00edmsk\u00e9 kultury, p\u0159ibli\u017en\u011b 800 p\u0159. n. l. a\u017e 600 n. l.\" tabindex=\"0\">antiky<\/span> a\u017e po dne\u0161n\u00ed recepci. P\u0159itom se rozli\u0161uje mezi historicky dokumentovan\u00fdm <span class=\"iwg-fachbegriff\" data-tooltip=\"Souhrn tradovan\u00fdch zvyk\u016f ur\u010dit\u00e9ho spole\u010denstv\u00ed.\" tabindex=\"0\">zvykov\u00fdm prost\u0159ed\u00edm<\/span> a modern\u00edm v\u00fdkladem.<\/p>\t\t\t\t\t\t\t\t<\/div>\n\t\t\t\t<\/div>\n\t\t\t\t<div class=\"elementor-element elementor-element-iwgs-schutzfarben-pills elementor-widget elementor-widget-html\" data-id=\"iwgs-schutzfarben-pills\" data-element_type=\"widget\" data-e-type=\"widget\" data-widget_type=\"html.default\">\n\t\t\t\t\t<div class=\"iwg-pill-row\"><span class=\"iwg-klasse-badge\" tabindex=\"0\" data-tooltip=\"Ochrann\u00fd symbol, amulet nebo apotropaick\u00fd p\u0159edm\u011bt.\">Ochrann\u00fd symbol<\/span><a href=\"https:\/\/iwell-guard.com\/cs\/ochranne-symboly\/\" class=\"iwg-kultur-badge\" tabindex=\"0\" data-tooltip=\"Ochrann\u00e1 tradice: Nap\u0159\u00ed\u010d kulturami\">Nap\u0159\u00ed\u010d kulturami<\/a><span class=\"iwg-tradition-badge\" tabindex=\"0\" data-tooltip=\"Obecn\u00fd princip \u00fa\u010dinku, na kter\u00e9m spo\u010d\u00edvaj\u00ed ochrann\u00e9 zvyky.\">Ochrann\u00fd princip<\/span><\/div>\t\t\t\t<\/div>\n\t\t\t\t\t<\/div>\n\t\t\t\t<\/div>\n\t\t<div class=\"elementor-element elementor-element-iwgs-schutzfarben-hr e-con-full e-flex e-con e-parent\" data-id=\"iwgs-schutzfarben-hr\" data-element_type=\"container\" data-e-type=\"container\">\n\t\t\t\t<div class=\"elementor-element elementor-element-iwgs-schutzfarben-himg iwg-hero-image elementor-widget elementor-widget-image\" data-id=\"iwgs-schutzfarben-himg\" data-element_type=\"widget\" data-e-type=\"widget\" data-widget_type=\"image.default\">\n\t\t\t\t\t\t\t\t\t\t\t\t\t\t\t<img fetchpriority=\"high\" decoding=\"async\" width=\"683\" height=\"1024\" src=\"https:\/\/iwell-guard.com\/wp-content\/uploads\/2026\/05\/schutzsymbol_universell_schutzfarben-683x1024.webp\" class=\"attachment-large size-large wp-image-146997\" alt=\"Ochrann\u00e9 barvy \u2013 ochrann\u00fd symbol, muze\u00e1ln\u00ed ilustrace\" srcset=\"https:\/\/iwell-guard.com\/wp-content\/uploads\/2026\/05\/schutzsymbol_universell_schutzfarben-683x1024.webp 683w, https:\/\/iwell-guard.com\/wp-content\/uploads\/2026\/05\/schutzsymbol_universell_schutzfarben-200x300.webp 200w, https:\/\/iwell-guard.com\/wp-content\/uploads\/2026\/05\/schutzsymbol_universell_schutzfarben-768x1152.webp 768w, https:\/\/iwell-guard.com\/wp-content\/uploads\/2026\/05\/schutzsymbol_universell_schutzfarben.webp 1024w\" sizes=\"(max-width: 683px) 100vw, 683px\" \/>\t\t\t\t\t\t\t\t\t\t\t\t\t\t\t<\/div>\n\t\t\t\t<\/div>\n\t\t\t\t\t<\/div>\n\t\t\t\t<\/div>\n\t\t<div class=\"elementor-element elementor-element-iwgs-schutzfarben-s0 e-flex e-con-boxed e-con e-parent\" data-id=\"iwgs-schutzfarben-s0\" data-element_type=\"container\" data-e-type=\"container\">\n\t\t\t\t\t<div class=\"e-con-inner\">\n\t\t\t\t<div class=\"elementor-element elementor-element-iwgs-schutzfarben-s0h elementor-widget elementor-widget-heading\" data-id=\"iwgs-schutzfarben-s0h\" data-element_type=\"widget\" data-e-type=\"widget\" data-widget_type=\"heading.default\">\n\t\t\t\t\t<h2 class=\"elementor-heading-title elementor-size-default\">Vymezen\u00ed: co je ochrann\u00e1 barva<\/h2>\t\t\t\t<\/div>\n\t\t<div class=\"elementor-element elementor-element-iwgs-schutzfarben-s0box e-con-full e-flex e-con e-parent\" data-id=\"iwgs-schutzfarben-s0box\" data-element_type=\"container\" data-e-type=\"container\">\n\t\t\t\t<div class=\"elementor-element elementor-element-iwgs-schutzfarben-s0t elementor-widget elementor-widget-text-editor\" data-id=\"iwgs-schutzfarben-s0t\" data-element_type=\"widget\" data-e-type=\"widget\" data-widget_type=\"text-editor.default\">\n\t\t\t\t\t\t\t\t\t<p>Ochrann\u00e1 barva je barva, kter\u00e9 je p\u0159isuzov\u00e1n odvracej\u00edc\u00ed, ochrann\u00fd v\u00fdznam. Pou\u017e\u00edv\u00e1 se na p\u0159edm\u011btech, od\u011bvech, \u0161perk\u00e1ch nebo na budov\u00e1ch s o\u010dek\u00e1v\u00e1n\u00edm, \u017ee ode\u017eene \u0161kodliv\u00e9 vlivy.<\/p><p>Zvl\u00e1\u0161tnost\u00ed ochrann\u00e9 barvy je, \u017ee jej\u00ed v\u00fdznam je v\u00e1z\u00e1n na samotnou barvu, nikoli na ur\u010dit\u00fd <span class=\"iwg-fachbegriff\" data-tooltip=\"Opakuj\u00edc\u00ed se obsahov\u00fd prvek v um\u011bn\u00ed nebo vypr\u00e1v\u011bn\u00ed.\" tabindex=\"0\">motiv<\/span>. Modr\u00e1 p\u00e1ska, \u010derven\u00e1 \u0161\u0148\u016fra nebo osoba oble\u010den\u00e1 v \u010dern\u00e9m nesou barvu jako nositele dan\u00e9ho v\u00fdkladu.<\/p><p>Kter\u00e1 barva je pova\u017eov\u00e1na za ochrannou, siln\u011b z\u00e1vis\u00ed na kultu\u0159e. Modr\u00e1, \u010derven\u00e1 a \u010dern\u00e1 jsou nej\u010dast\u011bj\u0161\u00edmi ochrann\u00fdmi barvami, ale i jin\u00e9 barvy mohou tuto roli region\u00e1ln\u011b p\u0159eb\u00edrat.<\/p><p>Ochrann\u00e1 barva se z\u0159\u00eddka objevuje sama. Nej\u010dast\u011bji je spojena s p\u0159edm\u011btem, nap\u0159\u00edklad s kor\u00e1lkem, p\u00e1skou, kamenem nebo kusem l\u00e1tky. Barva pak posiluje p\u0159isuzovan\u00fd v\u00fdznam dan\u00e9ho p\u0159edm\u011btu.<\/p><p>V r\u00e1mci <a href=\"https:\/\/iwell-guard.com\/cs\/ochranne-symboly\/\">ochrann\u00fdch symbol\u016f<\/a> pat\u0159\u00ed ochrann\u00e1 barva k vlastnostem, kter\u00e9 d\u011blaj\u00ed z p\u0159edm\u011btu ochrann\u00e9 znamen\u00ed. Stoj\u00ed vedle materi\u00e1lu, tvaru a <span class=\"iwg-fachbegriff\" data-tooltip=\"Opakuj\u00edc\u00ed se obsahov\u00fd prvek v um\u011bn\u00ed nebo vypr\u00e1v\u011bn\u00ed.\" tabindex=\"0\">motivu<\/span>.<\/p><p>Ochrann\u00e1 barva je tak m\u00e9n\u011b samostatn\u00fdm <span class=\"iwg-fachbegriff\" data-tooltip=\"Znak, kter\u00fd zastupuje ur\u010ditou p\u0159edstavu nebo v\u00fdznam.\" tabindex=\"0\">symbolem<\/span> ne\u017e pr\u016f\u0159ezov\u00fdm principem. Ukazuje, \u017ee nositelem odvracej\u00edc\u00edho v\u00fdkladu m\u016f\u017ee b\u00fdt nejen obraz a l\u00e1tka, ale i samotn\u00e1 barva.<\/p><p>Ochrann\u00e1 barva je m\u00e1lokdy jednozna\u010dn\u00e1, proto\u017ee stejn\u00e1 barva m\u016f\u017ee b\u00fdt v r\u016fzn\u00fdch kultur\u00e1ch vykl\u00e1d\u00e1na velmi odli\u0161n\u011b. Co je v jedn\u00e9 tradici pova\u017eov\u00e1no za ochrann\u00e9, m\u016f\u017ee b\u00fdt v jin\u00e9 spojeno se smutkem nebo nebezpe\u010d\u00edm. Tato mnohozna\u010dnost pat\u0159\u00ed k podstat\u011b barevn\u00e9 symboliky.<\/p>\t\t\t\t\t\t\t\t<\/div>\n\t\t\t\t<\/div>\n\t\t\t\t\t<\/div>\n\t\t\t\t<\/div>\n\t\t<div class=\"elementor-element elementor-element-iwgs-schutzfarben-s1 e-flex e-con-boxed e-con e-parent\" data-id=\"iwgs-schutzfarben-s1\" data-element_type=\"container\" data-e-type=\"container\">\n\t\t\t\t\t<div class=\"e-con-inner\">\n\t\t\t\t<div class=\"elementor-element elementor-element-iwgs-schutzfarben-s1h elementor-widget elementor-widget-heading\" data-id=\"iwgs-schutzfarben-s1h\" data-element_type=\"widget\" data-e-type=\"widget\" data-widget_type=\"heading.default\">\n\t\t\t\t\t<h2 class=\"elementor-heading-title elementor-size-default\">P\u016fvod a historick\u00e1 hloubka ochrann\u00fdch barev<\/h2>\t\t\t\t<\/div>\n\t\t<div class=\"elementor-element elementor-element-iwgs-schutzfarben-s1box e-con-full e-flex e-con e-parent\" data-id=\"iwgs-schutzfarben-s1box\" data-element_type=\"container\" data-e-type=\"container\">\n\t\t\t\t<div class=\"elementor-element elementor-element-iwgs-schutzfarben-s1t elementor-widget elementor-widget-text-editor\" data-id=\"iwgs-schutzfarben-s1t\" data-element_type=\"widget\" data-e-type=\"widget\" data-widget_type=\"text-editor.default\">\n\t\t\t\t\t\t\t\t\t<p>Spojov\u00e1n\u00ed barev s v\u00fdznamy je velmi star\u00e9. U\u017e v ran\u00fdch kultur\u00e1ch se z\u00edsk\u00e1vala barevn\u00e1 pigmenty a c\u00edlen\u011b pou\u017e\u00edvala, nap\u0159\u00edklad p\u0159i poh\u0159bech a v <span class=\"iwg-fachbegriff\" data-tooltip=\"Souhrn n\u00e1bo\u017eensk\u00fdch uct\u00edvac\u00edch \u00fakon\u016f v\u016f\u010di bo\u017estvu nebo svat\u00e9 postav\u011b.\" tabindex=\"0\">kultu<\/span>. S barvami se brzy spojovaly ur\u010dit\u00e9 p\u0159edstavy.<\/p><p>V\u00fdznam barvy \u010dasto souvisel s obt\u00ed\u017enost\u00ed jej\u00edho z\u00edsk\u00e1v\u00e1n\u00ed. N\u011bkter\u00e9 barviva byly vz\u00e1cn\u00e9 a n\u00e1kladn\u00e9, jin\u00e9 snadno dostupn\u00e9. Tyto rozd\u00edly utv\u00e1\u0159ely hodnocen\u00ed jednotliv\u00fdch barev.<\/p><p>Modr\u00e1 byla v mnoha oblastech obt\u00ed\u017en\u011b vyr\u00e1b\u011bnou barvou. Ur\u010dit\u00e9 modr\u00e9 pigmenty a modr\u00e9 skeln\u00e9 hmoty byly pova\u017eov\u00e1ny za vz\u00e1cn\u00e9. Tato vz\u00e1cnost je jedn\u00edm z pozad\u00ed zvl\u00e1\u0161tn\u00edho postaven\u00ed barvy modr\u00e9.<\/p><p>\u010cerven\u00e1 je barva krve a ohn\u011b a pat\u0159\u00ed mezi nejstar\u0161\u00ed pou\u017e\u00edvan\u00e9 barvy. \u010cerven\u00fd okr je zn\u00e1m ji\u017e z prehistorick\u00fdch souvislost\u00ed, co\u017e ukazuje hlubok\u00e9 historick\u00e9 ko\u0159eny t\u00e9to barvy.<\/p><p>\u010cern\u00e1 je barva noci, tmy a smutku. V mnoha kultur\u00e1ch byla spojov\u00e1na se smrt\u00ed, av\u0161ak z\u00e1rove\u0148 se pou\u017e\u00edvala i v ochrann\u00fdch zvyc\u00edch, co\u017e ukazuje jej\u00ed dvojak\u00fd v\u00fdznam.<\/p><p>Celkov\u011b se ukazuje, \u017ee odvracej\u00edc\u00ed v\u00fdklad barev sah\u00e1 p\u0159es dlouh\u00e1 obdob\u00ed a mnoho kultur. Kter\u00e1 barva byla pova\u017eov\u00e1na za ochrannou, se v\u0161ak li\u0161ilo podle regionu.<\/p><p>Vyn\u00e1lezem um\u011bl\u00fdch barviv v devaten\u00e1ct\u00e9m stolet\u00ed se barva stala obecn\u011b dostupnou a ztratila \u010d\u00e1st sv\u00e9 d\u0159\u00edv\u011bj\u0161\u00ed vz\u00e1cnosti. Tato zm\u011bna ovlivnila i zp\u016fsob zach\u00e1zen\u00ed s barvami ve <span class=\"iwg-fachbegriff\" data-tooltip=\"Souhrn tradovan\u00fdch zvyk\u016f ur\u010dit\u00e9ho spole\u010denstv\u00ed.\" tabindex=\"0\">zvykov\u00e9m prost\u0159ed\u00ed<\/span>. D\u0159\u00edv\u011bj\u0161\u00ed hodnocen\u00ed vz\u00e1cn\u00fdch barevn\u00fdch odst\u00edn\u016f lze dnes rekonstruovat p\u0159edev\u0161\u00edm ze star\u0161\u00edch pramen\u016f.<\/p>\t\t\t\t\t\t\t\t<\/div>\n\t\t\t\t<\/div>\n\t\t\t\t\t<\/div>\n\t\t\t\t<\/div>\n\t\t<div class=\"elementor-element elementor-element-iwgs-schutzfarben-s2 e-flex e-con-boxed e-con e-parent\" data-id=\"iwgs-schutzfarben-s2\" data-element_type=\"container\" data-e-type=\"container\">\n\t\t\t\t\t<div class=\"e-con-inner\">\n\t\t\t\t<div class=\"elementor-element elementor-element-iwgs-schutzfarben-s2h elementor-widget elementor-widget-heading\" data-id=\"iwgs-schutzfarben-s2h\" data-element_type=\"widget\" data-e-type=\"widget\" data-widget_type=\"heading.default\">\n\t\t\t\t\t<h2 class=\"elementor-heading-title elementor-size-default\">Z\u00e1kladn\u00ed p\u0159edstava o ochrann\u00e9 funkci barvy<\/h2>\t\t\t\t<\/div>\n\t\t<div class=\"elementor-element elementor-element-iwgs-schutzfarben-s2box e-con-full e-flex e-con e-parent\" data-id=\"iwgs-schutzfarben-s2box\" data-element_type=\"container\" data-e-type=\"container\">\n\t\t\t\t<div class=\"elementor-element elementor-element-iwgs-schutzfarben-s2t elementor-widget elementor-widget-text-editor\" data-id=\"iwgs-schutzfarben-s2t\" data-element_type=\"widget\" data-e-type=\"widget\" data-widget_type=\"text-editor.default\">\n\t\t\t\t\t\t\t\t\t<p>U modr\u00e9 je d\u016fle\u017eitou my\u0161lenkou vztah k obloze a k vod\u011b. Modr\u00e1 byla spojov\u00e1na s \u0161\u00ed\u0159\u00ed, jasnost\u00ed a \u010distotou. Toto spojen\u00ed u\u010dinilo z barvy v n\u011bkolika kultur\u00e1ch obl\u00edbenou ochrannou barvu.<\/p><p>Na Bl\u00edzk\u00e9m v\u00fdchod\u011b a ve St\u0159edomo\u0159\u00ed je modr\u00e1 \u00fazce spojena s odvracen\u00edm takzvan\u00e9ho u\u0159knut\u00ed. Modr\u00fd kor\u00e1lek s okem, <a href=\"https:\/\/iwell-guard.com\/cs\/?page_id=145652\">Nazar Boncu\u011fu<\/a>, je nejzn\u00e1m\u011bj\u0161\u00edm p\u0159\u00edkladem tohoto spojen\u00ed.<\/p><p>U \u010derven\u00e9 je z\u00e1sadn\u00ed vztah ke krvi a \u017eivotu. \u010cerven\u00e1 byla pova\u017eov\u00e1na za barvu \u017eivotn\u00ed s\u00edly. N\u011bkter\u00e1 pod\u00e1n\u00ed ch\u00e1pala \u010dervenou barvu jako prost\u0159edek k odveden\u00ed nebo spout\u00e1n\u00ed \u0161kodliv\u00fdch vliv\u016f od osoby.<\/p><p>\u010cerven\u00e1 byla d\u00e1le spojov\u00e1na s ohn\u011bm, kter\u00fd s\u00e1m byl pova\u017eov\u00e1n za o\u010distn\u00fd a odvracej\u00edc\u00ed. \u010cerven\u00e1 barva tak mohla b\u00fdt ch\u00e1p\u00e1na jako kus t\u00e9to ohniv\u00e9 s\u00edly.<\/p><p>U \u010dern\u00e9 je b\u011b\u017enou my\u0161lenkou skryt\u00ed. \u010cern\u00e1 barva je pova\u017eov\u00e1na za nen\u00e1padnou a podle n\u011bkter\u00fdch p\u0159edstav m\u016f\u017ee sv\u00e9ho nositele u\u010dinit neviditeln\u00fdm pro takzvan\u00fd u\u0159kut\u00fd pohled.<\/p><p>Zde popsan\u00e9 p\u0159edstavy jsou kulturn\u011b-historick\u00fdm vysv\u011btlen\u00edm. Popisuj\u00ed, pro\u010d byl ur\u010dit\u00fdm barv\u00e1m p\u0159isuzov\u00e1n odvracej\u00edc\u00ed v\u00fdznam, a dokl\u00e1daj\u00ed existuj\u00edc\u00ed v\u00edru. Nejsou d\u016fkazem \u017e\u00e1dn\u00e9ho \u00fa\u010dinku. V\u011bda tuto p\u0159edstavu popisuje, ani\u017e by ji potvrzovala.<\/p><p>U modr\u00e9 hraje v n\u011bkolika pod\u00e1n\u00edch roli tak\u00e9 p\u0159edstava, \u017ee se tato barva jen z\u0159\u00eddka objevuje v \u017eiv\u00e9 p\u0159\u00edrod\u011b. Pr\u00e1v\u011b neobvyklost syt\u011b modr\u00e9 barvy mohla p\u0159isp\u011bt k tomu, \u017ee j\u00ed byl p\u0159isuzov\u00e1n zvl\u00e1\u0161tn\u00ed v\u00fdznam. Barva tak byla vn\u00edm\u00e1na jako n\u00e1padn\u00e1 i v\u00fdznamn\u00e1 z\u00e1rove\u0148.<\/p>\t\t\t\t\t\t\t\t<\/div>\n\t\t\t\t<\/div>\n\t\t\t\t\t<\/div>\n\t\t\t\t<\/div>\n\t\t<div class=\"elementor-element elementor-element-iwgs-schutzfarben-s3 e-flex e-con-boxed e-con e-parent\" data-id=\"iwgs-schutzfarben-s3\" data-element_type=\"container\" data-e-type=\"container\">\n\t\t\t\t\t<div class=\"e-con-inner\">\n\t\t\t\t<div class=\"elementor-element elementor-element-iwgs-schutzfarben-s3h elementor-widget elementor-widget-heading\" data-id=\"iwgs-schutzfarben-s3h\" data-element_type=\"widget\" data-e-type=\"widget\" data-widget_type=\"heading.default\">\n\t\t\t\t\t<h2 class=\"elementor-heading-title elementor-size-default\">P\u0159\u00edklady z antiky a P\u0159edn\u00edho v\u00fdchodu<\/h2>\t\t\t\t<\/div>\n\t\t<div class=\"elementor-element elementor-element-iwgs-schutzfarben-s3box e-con-full e-flex e-con e-parent\" data-id=\"iwgs-schutzfarben-s3box\" data-element_type=\"container\" data-e-type=\"container\">\n\t\t\t\t<div class=\"elementor-element elementor-element-iwgs-schutzfarben-s3t elementor-widget elementor-widget-text-editor\" data-id=\"iwgs-schutzfarben-s3t\" data-element_type=\"widget\" data-e-type=\"widget\" data-widget_type=\"text-editor.default\">\n\t\t\t\t\t\t\t\t\t<p>V faraonsk\u00e9m Egypt\u011b byly barvy pevn\u011b spojeny s v\u00fdznamy. Modr\u00e9 a zelen\u00e9 odst\u00edny byly spojov\u00e1ny s nebem, vodou a obnovou, a modr\u00e9 amulety a kor\u00e1lky jsou mnohon\u00e1sobn\u011b dolo\u017eeny.<\/p><p>V Egypt\u011b se pro \u0161perky a amulety pou\u017e\u00edvalo modr\u00e9 taven\u00e9 sklo a modr\u00fd k\u00e1men lapis lazuli. Oba materi\u00e1ly m\u011bly d\u00edky sv\u00e9 barv\u011b a vz\u00e1cnosti zvl\u00e1\u0161tn\u00ed v\u00fdznam.<\/p><p>V Mezopot\u00e1mii se pro amulety pou\u017e\u00edvaly barevn\u00e9 kameny a taven\u00e9 sklo. Barva kamene byla p\u0159itom \u010dasto sou\u010d\u00e1st\u00ed jeho p\u0159isuzovan\u00e9ho v\u00fdznamu, nikoli jen ozdobou.<\/p><p>Na Bl\u00edzk\u00e9m v\u00fdchod\u011b je modr\u00fd o\u010dn\u00ed kor\u00e1lek proti pohledu pova\u017eovan\u00e9mu za \u0161kodliv\u00fd velmi roz\u0161\u00ed\u0159en\u00fd. Spojen\u00ed modr\u00e9 barvy a motivu oka m\u00e1 v tomto regionu dlouhou tradici.<\/p><p>\u010cerven\u00e1 barviva se v <span class=\"iwg-fachbegriff\" data-tooltip=\"Epocha \u0159eck\u00e9 a \u0159\u00edmsk\u00e9 kultury, p\u0159ibli\u017en\u011b 800 p\u0159. n. l. a\u017e 600 n. l.\" tabindex=\"0\">antice<\/span> pou\u017e\u00edvala pro od\u011bvy, \u0161perky a malov\u00e1n\u00ed. V n\u011bkter\u00fdch souvislostech m\u00e1 \u010derven\u00e1 \u0161\u0148\u016fra nebo \u010derven\u00e1 stuha v\u00fdznam p\u0159esahuj\u00edc\u00ed pouhou ozdobu.<\/p><p>Tyto p\u0159\u00edklady ukazuj\u00ed, \u017ee barvy ve starov\u011bk\u00e9m St\u0159edomo\u0159\u00ed a na Bl\u00edzk\u00e9m v\u00fdchod\u011b nebyly ch\u00e1p\u00e1ny jen jako dekorace. Byly sou\u010d\u00e1st\u00ed s\u00edt\u011b v\u00fdznam\u016f, na kterou navazoval ochrann\u00fd v\u00fdklad.<\/p><p>Tak\u00e9 v \u0159eck\u00e9m a \u0159\u00edmsk\u00e9m sv\u011bt\u011b byla \u010derven\u00e1 \u00fazce spojena s oblast\u00ed \u017eivota a p\u0159echod\u016f. P\u0159i svatb\u00e1ch se objevuj\u00ed \u010derven\u00e9 \u0161\u00e1tky a \u010derven\u00e9 z\u00e1voje, a \u010derven\u00e1 barviva se pou\u017e\u00edvala pro v\u00fdznamn\u00e9 od\u011bvy. Tato barva zde nesla v\u00fdznam p\u0159esahuj\u00edc\u00ed pouhou ozdobu.<\/p>\t\t\t\t\t\t\t\t<\/div>\n\t\t\t\t<\/div>\n\t\t\t\t\t<\/div>\n\t\t\t\t<\/div>\n\t\t<div class=\"elementor-element elementor-element-iwgs-schutzfarben-s4 e-flex e-con-boxed e-con e-parent\" data-id=\"iwgs-schutzfarben-s4\" data-element_type=\"container\" data-e-type=\"container\">\n\t\t\t\t\t<div class=\"e-con-inner\">\n\t\t\t\t<div class=\"elementor-element elementor-element-iwgs-schutzfarben-s4h elementor-widget elementor-widget-heading\" data-id=\"iwgs-schutzfarben-s4h\" data-element_type=\"widget\" data-e-type=\"widget\" data-widget_type=\"heading.default\">\n\t\t\t\t\t<h2 class=\"elementor-heading-title elementor-size-default\">P\u0159\u00edklady z evropsk\u00e9 lidov\u00e9 magie<\/h2>\t\t\t\t<\/div>\n\t\t<div class=\"elementor-element elementor-element-iwgs-schutzfarben-s4box e-con-full e-flex e-con e-parent\" data-id=\"iwgs-schutzfarben-s4box\" data-element_type=\"container\" data-e-type=\"container\">\n\t\t\t\t<div class=\"elementor-element elementor-element-iwgs-schutzfarben-s4t elementor-widget elementor-widget-text-editor\" data-id=\"iwgs-schutzfarben-s4t\" data-element_type=\"widget\" data-e-type=\"widget\" data-widget_type=\"text-editor.default\">\n\t\t\t\t\t\t\t\t\t<p>V evropsk\u00e9 lidov\u00e9 magii hraje \u010derven\u00e1 barva v\u00fdraznou roli. N\u00e1rodopisn\u00e9 sb\u00edrky uv\u00e1d\u011bj\u00ed \u010derven\u00e9 stuhy a \u010derven\u00e9 \u0161\u0148\u016fry, kter\u00e9 se navazovaly d\u011btem, zv\u00ed\u0159at\u016fm a novoman\u017eel\u016fm.<\/p><p>\u010cerven\u00e1 stuha se v\u00e1zala novorozenc\u016fm kolem z\u00e1p\u011bst\u00ed nebo k post\u00fdlce. Tak\u00e9 dobytku se navazovaly \u010derven\u00e9 stuhy. Tyto zvyky jsou dolo\u017eeny v mnoha regionech Evropy.<\/p><p>Modr\u00e1 se v evropsk\u00e9 lidov\u00e9 magii objevuje mimo jin\u00e9 v podob\u011b modr\u00fdch kor\u00e1lk\u016f a modr\u00fdch sklen\u011bn\u00fdch prvk\u016f. P\u0159ipev\u0148ovaly se na od\u011bv a \u0161perky a byly spojov\u00e1ny s odvr\u00e1cen\u00edm pohledu pova\u017eovan\u00e9ho za \u0161kodliv\u00fd.<\/p><p>\u010cern\u00e1 je v Evrop\u011b siln\u011b spojena se smutkem. V n\u011bkter\u00fdch zvyc\u00edch se \u010dern\u00fd od\u011bv nebo \u010dern\u00fd prvek nosil z\u00e1rove\u0148 s ochrann\u00fdm v\u00fdkladem, nap\u0159\u00edklad p\u0159i poh\u0159bech.<\/p><p>Zpr\u00e1vy o barevn\u011b v\u00e1zan\u00fdch zvyc\u00edch dokumentuj\u00ed o\u010dek\u00e1v\u00e1n\u00ed u\u017eivatel\u016f, nikoli dolo\u017eenou \u00fa\u010dinnost. Ukazuj\u00ed, \u017ee barvy byly ch\u00e1p\u00e1ny jako nositel\u00e9 v\u00fdznamu, kter\u00fd dod\u00e1val pocit bezpe\u010d\u00ed.<\/p><p>S \u00fastupem magick\u00fdch dom\u00e1c\u00edch zvyk\u016f ztratila \u0159ada t\u011bchto tradic svou ka\u017edodenn\u00ed roli. \u010cerven\u00e1 stuha pro novorozence z\u016fstala v n\u011bkter\u00fdch oblastech dochov\u00e1na jako <span class=\"iwg-fachbegriff\" data-tooltip=\"Tradovan\u00e1, v r\u00e1mci spole\u010denstv\u00ed pravideln\u011b opakovan\u00e1 \u010dinnost.\" tabindex=\"0\">zvyk<\/span> d\u00e9le ne\u017e ostatn\u00ed.<\/p><p>N\u00e1rodopisn\u00e9 sb\u00edrky d\u00e1le zaznamen\u00e1vaj\u00ed pou\u017eit\u00ed zelen\u00fdch a b\u00edl\u00fdch prvk\u016f v jednotliv\u00fdch ochrann\u00fdch zvyc\u00edch. Zelen\u00e1 byla spojov\u00e1na s r\u016fstem a \u017eivotn\u00ed silou, b\u00edl\u00e1 s \u010distotou. Tyto p\u0159\u00edklady ukazuj\u00ed, \u017ee evropsk\u00e1 lidov\u00e1 magie p\u0159isuzovala v\u00fdznam i dal\u0161\u00edm barv\u00e1m nad r\u00e1mec modr\u00e9, \u010derven\u00e9 a \u010dern\u00e9.<\/p>\t\t\t\t\t\t\t\t<\/div>\n\t\t\t\t<\/div>\n\t\t\t\t\t<\/div>\n\t\t\t\t<\/div>\n\t\t<div class=\"elementor-element elementor-element-iwgs-schutzfarben-s5 e-flex e-con-boxed e-con e-parent\" data-id=\"iwgs-schutzfarben-s5\" data-element_type=\"container\" data-e-type=\"container\">\n\t\t\t\t\t<div class=\"e-con-inner\">\n\t\t\t\t<div class=\"elementor-element elementor-element-iwgs-schutzfarben-s5h elementor-widget elementor-widget-heading\" data-id=\"iwgs-schutzfarben-s5h\" data-element_type=\"widget\" data-e-type=\"widget\" data-widget_type=\"heading.default\">\n\t\t\t\t\t<h2 class=\"elementor-heading-title elementor-size-default\">P\u0159\u00edklady z Asie a dal\u0161\u00edch kultur<\/h2>\t\t\t\t<\/div>\n\t\t<div class=\"elementor-element elementor-element-iwgs-schutzfarben-s5box e-con-full e-flex e-con e-parent\" data-id=\"iwgs-schutzfarben-s5box\" data-element_type=\"container\" data-e-type=\"container\">\n\t\t\t\t<div class=\"elementor-element elementor-element-iwgs-schutzfarben-s5t elementor-widget elementor-widget-text-editor\" data-id=\"iwgs-schutzfarben-s5t\" data-element_type=\"widget\" data-e-type=\"widget\" data-widget_type=\"text-editor.default\">\n\t\t\t\t\t\t\t\t\t<p>V \u010c\u00edn\u011b je \u010derven\u00e1 nejd\u016fle\u017eit\u011bj\u0161\u00ed ochrannou a \u0161\u0165astnou barvou. \u010cerven\u00e9 ob\u00e1lky, \u010derven\u00e9 \u0161\u0148\u016fry a \u010derven\u00e9 stuhy se pou\u017e\u00edvaj\u00ed p\u0159i sv\u00e1tc\u00edch a \u017eivotn\u00edch p\u0159echodech. K <span class=\"iwg-fachbegriff\" data-tooltip=\"Tradovan\u00e1, v r\u00e1mci spole\u010denstv\u00ed pravideln\u011b opakovan\u00e1 \u010dinnost.\" tabindex=\"0\">zvyku<\/span> pat\u0159\u00ed i \u010derven\u00e9 znaky na dve\u0159\u00edch.<\/p><p>V ji\u017en\u00ed Asii se \u010derven\u00e9 \u0161\u0148\u016f\u0159e v\u00e1zan\u00e9 kolem z\u00e1p\u011bst\u00ed p\u0159isuzuje ochrann\u00fd v\u00fdznam. K ritu\u00e1ln\u00ed oblasti pat\u0159\u00ed tak\u00e9 \u010derven\u00e9 zna\u010dky na \u010dele a \u010derven\u00e9 pr\u00e1\u0161ky.<\/p><p>Na Bl\u00edzk\u00e9m v\u00fdchod\u011b a v Turecku je velmi roz\u0161\u00ed\u0159en\u00fd modr\u00fd o\u010dn\u00ed kor\u00e1lek. Modr\u00e1 barva je tam \u00fazce spojena s odvr\u00e1cen\u00edm pohledu pova\u017eovan\u00e9ho za \u0161kodliv\u00fd a ur\u010duje \u0159adu ochrann\u00fdch p\u0159edm\u011bt\u016f.<\/p><p>V r\u016fzn\u00fdch kultur\u00e1ch se \u010dern\u00e9mu znam\u00e9nku, nap\u0159\u00edklad \u010dern\u00e9mu bodu ve tv\u00e1\u0159i d\u00edt\u011bte, p\u0159isuzuje odv\u00e1d\u011bj\u00edc\u00ed v\u00fdznam. M\u00e1 odv\u00e9st pohled od d\u00edt\u011bte.<\/p><p>Nap\u0159\u00ed\u010d t\u011bmito oblastmi se ukazuje, \u017ee s odvracen\u00edm zla byly v mnoha kultur\u00e1ch spojov\u00e1ny r\u016fzn\u00e9 barvy. Kter\u00e1 barva tuto roli zast\u00e1v\u00e1, se li\u0161\u00ed podle tradice.<\/p><p>Rozmanitost p\u0159\u00edklad\u016f ukazuje, \u017ee ochrann\u00e1 barva je principem, kter\u00fd lze ch\u00e1pat obecn\u011b. Vznik\u00e1 v\u017edy tam, kde je barv\u011b d\u00edky jej\u00edm spojen\u00edm p\u0159isouzen zvl\u00e1\u0161tn\u00ed v\u00fdznam.<\/p><p>Ve v\u00fdchodoasijsk\u00e9m barevn\u00e9m \u0159\u00e1du m\u00e1 velk\u00fd v\u00fdznam tak\u00e9 \u017elut\u00e1, proto\u017ee v \u010c\u00edn\u011b byla dlouho vyhrazena vl\u00e1dnouc\u00ed sf\u00e9\u0159e. V ritu\u00e1ln\u00edch souvislostech se objevuj\u00ed \u017elut\u00e9 pap\u00edry a \u017elut\u00e9 psan\u00e9 pruhy, kter\u00fdm byl p\u0159isuzov\u00e1n ochrann\u00fd v\u00fdklad. Barevn\u00fd \u0159\u00e1d byl tak \u00fazce spojen se spole\u010densk\u00fdmi a kosmologick\u00fdmi p\u0159edstavami.<\/p>\t\t\t\t\t\t\t\t<\/div>\n\t\t\t\t<\/div>\n\t\t\t\t\t<\/div>\n\t\t\t\t<\/div>\n\t\t<div class=\"elementor-element elementor-element-iwgs-schutzfarben-s6 e-flex e-con-boxed e-con e-parent\" data-id=\"iwgs-schutzfarben-s6\" data-element_type=\"container\" data-e-type=\"container\">\n\t\t\t\t\t<div class=\"e-con-inner\">\n\t\t\t\t<div class=\"elementor-element elementor-element-iwgs-schutzfarben-s6h elementor-widget elementor-widget-heading\" data-id=\"iwgs-schutzfarben-s6h\" data-element_type=\"widget\" data-e-type=\"widget\" data-widget_type=\"heading.default\">\n\t\t\t\t\t<h2 class=\"elementor-heading-title elementor-size-default\">Pou\u017eit\u00ed v ritu\u00e1lu a v ka\u017edodenn\u00edm \u017eivot\u011b<\/h2>\t\t\t\t<\/div>\n\t\t<div class=\"elementor-element elementor-element-iwgs-schutzfarben-s6box e-con-full e-flex e-con e-parent\" data-id=\"iwgs-schutzfarben-s6box\" data-element_type=\"container\" data-e-type=\"container\">\n\t\t\t\t<div class=\"elementor-element elementor-element-iwgs-schutzfarben-s6t elementor-widget elementor-widget-text-editor\" data-id=\"iwgs-schutzfarben-s6t\" data-element_type=\"widget\" data-e-type=\"widget\" data-widget_type=\"text-editor.default\">\n\t\t\t\t\t\t\t\t\t<p>Ochrann\u00e9 barvy se v b\u011b\u017en\u00e9m \u017eivot\u011b uplat\u0148ovaly nej\u010dast\u011bji prost\u0159ednictv\u00edm p\u0159edm\u011bt\u016f. Barevn\u00e1 stuha, barevn\u00fd kor\u00e1lek nebo barevn\u00fd kousek l\u00e1tky nesl barvu, a t\u00edm i p\u0159isuzovan\u00fd v\u00fdznam.<\/p><p>Zvyky v\u00e1zan\u00e9 na barvy byly \u010dasto spojeny s \u017eivotn\u00edmi ud\u00e1lostmi. P\u0159i narozen\u00ed, svatb\u011b a v d\u011btstv\u00ed se navazovaly barevn\u00e9 stuhy a kor\u00e1lky, proto\u017ee tyto \u017eivotn\u00ed f\u00e1ze byly pova\u017eov\u00e1ny za obzvl\u00e1\u0161t\u011b zraniteln\u00e9.<\/p><p>Ochrann\u00e1 barva se \u010dasto nosila na t\u011ble. \u010cerven\u00e1 stuha kolem z\u00e1p\u011bst\u00ed nebo modr\u00fd kor\u00e1lek na krku doprov\u00e1zel nositele na r\u016fzn\u00fdch m\u00edstech a m\u011bl ho prov\u00e1zet trvale.<\/p><p>Na budov\u00e1ch se ochrann\u00e9 barvy objevuj\u00ed v podob\u011b barevn\u00fdch n\u00e1t\u011br\u016f, barevn\u00fdch dve\u0159\u00ed a barevn\u00fdch prvk\u016f na oknech. V n\u011bkter\u00fdch oblastech je namodral\u00e9 nat\u0159en\u00ed dve\u0159\u00ed a okenn\u00edch r\u00e1m\u016f spojeno s ochrann\u00fdm v\u00fdkladem.<\/p><p>N\u011bkter\u00e9 zvyky spojovaly nasazen\u00ed ochrann\u00e9 barvy s pronesen\u00fdmi slovy nebo s ur\u010dit\u00fdm okam\u017eikem. Barva pak byla sou\u010d\u00e1st\u00ed v\u011bt\u0161\u00edho jedn\u00e1n\u00ed.<\/p><p>Jednotn\u00fd ritu\u00e1ln\u00ed \u0159\u00e1d pro ochrann\u00e9 barvy neexistuje. Jak\u00e1 barva se kdy a jak pou\u017e\u00edvala, z\u00e1viselo na regionu a tradici, co\u017e n\u00e1rodopisn\u00fd v\u00fdzkum opakovan\u011b zaznamenal.<\/p><p>Roli hr\u00e1ly p\u0159edstavy i p\u0159i samotn\u00e9m barven\u00ed. V n\u011bkter\u00fdch tradic\u00edch byl za v\u00fdznamn\u00fd pova\u017eov\u00e1n okam\u017eik barven\u00ed nebo p\u016fvod barviva. Takov\u00e9 z\u00e1sady ukazuj\u00ed, \u017ee do <span class=\"iwg-fachbegriff\" data-tooltip=\"Tradovan\u00e1, v r\u00e1mci spole\u010denstv\u00ed pravideln\u011b opakovan\u00e1 \u010dinnost.\" tabindex=\"0\">zvyku<\/span> mohla b\u00fdt zahrnuta nejen hotov\u00e1 barva, ale i jej\u00ed z\u00edsk\u00e1v\u00e1n\u00ed.<\/p>\t\t\t\t\t\t\t\t<\/div>\n\t\t\t\t<\/div>\n\t\t\t\t\t<\/div>\n\t\t\t\t<\/div>\n\t\t<div class=\"elementor-element elementor-element-iwgs-schutzfarben-s7 e-flex e-con-boxed e-con e-parent\" data-id=\"iwgs-schutzfarben-s7\" data-element_type=\"container\" data-e-type=\"container\">\n\t\t\t\t\t<div class=\"e-con-inner\">\n\t\t\t\t<div class=\"elementor-element elementor-element-iwgs-schutzfarben-s7h elementor-widget elementor-widget-heading\" data-id=\"iwgs-schutzfarben-s7h\" data-element_type=\"widget\" data-e-type=\"widget\" data-widget_type=\"heading.default\">\n\t\t\t\t\t<h2 class=\"elementor-heading-title elementor-size-default\">P\u0159\u00edbuzn\u00e9 ochrann\u00e9 formy a vymezen\u00ed<\/h2>\t\t\t\t<\/div>\n\t\t<div class=\"elementor-element elementor-element-iwgs-schutzfarben-s7box e-con-full e-flex e-con e-parent\" data-id=\"iwgs-schutzfarben-s7box\" data-element_type=\"container\" data-e-type=\"container\">\n\t\t\t\t<div class=\"elementor-element elementor-element-iwgs-schutzfarben-s7t elementor-widget elementor-widget-text-editor\" data-id=\"iwgs-schutzfarben-s7t\" data-element_type=\"widget\" data-e-type=\"widget\" data-widget_type=\"text-editor.default\">\n\t\t\t\t\t\t\t\t\t<p>Ochrann\u00e1 barva je v \u00fazk\u00e9m spojen\u00ed s obrazov\u00fdmi amulety. Mnoh\u00e9 <a href=\"https:\/\/iwell-guard.com\/cs\/?page_id=145661\">amulety a talismany<\/a> nesou ur\u010ditou barvu, kter\u00e1 pat\u0159\u00ed k jejich p\u0159ipisovan\u00e9mu v\u00fdznamu. Barva a <span class=\"iwg-fachbegriff\" data-tooltip=\"Opakuj\u00edc\u00ed se obsahov\u00fd prvek v um\u011bn\u00ed nebo vypr\u00e1v\u011bn\u00ed.\" tabindex=\"0\">motiv<\/span> pak p\u016fsob\u00ed spole\u010dn\u011b.<\/p><p>Ochrann\u00e1 barva je tak\u00e9 \u00fazce spojena s modr\u00fdm okem z kor\u00e1lku. U Nazar Boncu\u011fu jsou modr\u00e1 barva a motiv oka neodd\u011bliteln\u00e9. Kor\u00e1lek ukazuje, jak se barva a obraz mohou spojit v jedno ochrann\u00e9 znamen\u00ed.<\/p><p>Od apotropaick\u00e9ho materi\u00e1lu se ochrann\u00e1 barva li\u0161\u00ed. U soli a \u017eeleza plat\u00ed v\u00fdznam materi\u00e1lu. U ochrann\u00e9 barvy plat\u00ed v\u00fdznam barvy, kterou lze nan\u00e9st na velmi rozd\u00edln\u00e9 materi\u00e1ly.<\/p><p>Hranice existuje v\u016f\u010di \u010dist\u011b dekorativn\u00edmu zbarven\u00ed. Barevn\u00fd od\u011bv nebo barevn\u00fd n\u00e1t\u011br nemus\u00ed nutn\u011b n\u00e9st ochrann\u00fd v\u00fdklad. Rozhoduj\u00edc\u00ed je, zda je barv\u011b p\u0159ipisov\u00e1na odvracej\u00edc\u00ed funkce.<\/p><p>Ochrannou barvu je t\u0159eba d\u00e1le odli\u0161it od barvy jako pouh\u00e9ho znaku postaven\u00ed nebo smutku. \u010cern\u00e1 jako barva smutku se \u0159\u00edd\u00ed p\u0159edev\u0161\u00edm spole\u010denskou konvenc\u00ed, nikoli odvracej\u00edc\u00edm v\u00fdkladem.<\/p><p>Za\u0159azen\u00ed do tohoto sousedstv\u00ed pom\u00e1h\u00e1 ochrannou barvu p\u0159esn\u011b vymezit. Je to vlastnost, kter\u00e1 m\u016f\u017ee p\u0159edm\u011bty prom\u011bnit v ochrann\u00e1 znamen\u00ed, a li\u0161\u00ed se od materi\u00e1lu, <span class=\"iwg-fachbegriff\" data-tooltip=\"Opakuj\u00edc\u00ed se obsahov\u00fd prvek v um\u011bn\u00ed nebo vypr\u00e1v\u011bn\u00ed.\" tabindex=\"0\">motivu<\/span> a pouh\u00e9 ozdoby.<\/p><p>V r\u00e1mci ochrann\u00fdch barev existuje tak\u00e9 spojen\u00ed s formou, v jak\u00e9 je barva no\u0161ena. P\u00e1ska, \u0161\u0148\u016fra a kor\u00e1lek jsou samy nositeli v\u00fdznamu. U ochrann\u00e9 barvy p\u016fsob\u00ed barva a zvolen\u00e1 forma spole\u010dn\u011b a nelze je v\u017edy jasn\u011b odd\u011blit.<\/p>\t\t\t\t\t\t\t\t<\/div>\n\t\t\t\t<\/div>\n\t\t\t\t\t<\/div>\n\t\t\t\t<\/div>\n\t\t<div class=\"elementor-element elementor-element-iwgs-schutzfarben-s8 e-flex e-con-boxed e-con e-parent\" data-id=\"iwgs-schutzfarben-s8\" data-element_type=\"container\" data-e-type=\"container\">\n\t\t\t\t\t<div class=\"e-con-inner\">\n\t\t\t\t<div class=\"elementor-element elementor-element-iwgs-schutzfarben-s8h elementor-widget elementor-widget-heading\" data-id=\"iwgs-schutzfarben-s8h\" data-element_type=\"widget\" data-e-type=\"widget\" data-widget_type=\"heading.default\">\n\t\t\t\t\t<h2 class=\"elementor-heading-title elementor-size-default\">Sou\u010dasn\u00e1 recepce ochrann\u00fdch barev<\/h2>\t\t\t\t<\/div>\n\t\t<div class=\"elementor-element elementor-element-iwgs-schutzfarben-s8box e-con-full e-flex e-con e-parent\" data-id=\"iwgs-schutzfarben-s8box\" data-element_type=\"container\" data-e-type=\"container\">\n\t\t\t\t<div class=\"elementor-element elementor-element-iwgs-schutzfarben-s8t elementor-widget elementor-widget-text-editor\" data-id=\"iwgs-schutzfarben-s8t\" data-element_type=\"widget\" data-e-type=\"widget\" data-widget_type=\"text-editor.default\">\n\t\t\t\t\t\t\t\t\t<p>N\u011bkter\u00e9 zvyky v\u00e1zan\u00e9 na barvu jsou \u017eiv\u00e9 i dnes. Modr\u00fd kor\u00e1lek s okem je roz\u0161\u00ed\u0159en\u00fd ve St\u0159edomo\u0159\u00ed i za jeho hranicemi. \u010cerven\u00e9 p\u00e1sky se v n\u011bkolika kultur\u00e1ch d\u011btem nasazuj\u00ed i nad\u00e1le.<\/p><p>V modern\u00ed <span class=\"iwg-fachbegriff\" data-tooltip=\"Souhrnn\u00fd pojem pro u\u010den\u00ed, kter\u00e1 si n\u00e1rokuj\u00ed skryt\u00e9 pozn\u00e1n\u00ed dostupn\u00e9 pouze zasv\u011bcen\u00fdm.\" tabindex=\"0\">esoterice<\/span> jsou barvy \u010dasto spojov\u00e1ny s vlastnostmi a \u00fa\u010dinky. Existuje mnoho barevn\u00fdch u\u010den\u00ed, kter\u00e1 jednotliv\u00fdm barv\u00e1m p\u0159isuzuj\u00ed ur\u010dit\u00e9 s\u00edly. Takov\u00e1 p\u0159isuzov\u00e1n\u00ed nejsou dolo\u017een\u00e1.<\/p><p>K t\u011bmto dne\u0161n\u00edm barevn\u00fdm u\u010den\u00edm je t\u0159eba p\u0159istupovat kriticky. Barvy je t\u0159eba ch\u00e1pat jako kulturn\u00ed symboly s dlouhou histori\u00ed v\u00fdznamu, nikoli jako nositele prokazateln\u00fdch \u00fa\u010dink\u016f.<\/p><p>V reklam\u011b a designu se vyu\u017e\u00edvaj\u00ed barevn\u00e9 \u00fa\u010dinky, ov\u0161em ve smyslu vn\u00edm\u00e1n\u00ed a n\u00e1lady. Tento psychologicky popsan\u00fd \u00fa\u010dinek je t\u0159eba odli\u0161it od magick\u00e9ho ochrann\u00e9ho v\u00fdkladu.<\/p><p>Pro <span class=\"iwg-fachbegriff\" data-tooltip=\"V\u011bda, kter\u00e1 bez vyzn\u00e1n\u00ed v\u00edry srovn\u00e1vac\u00edm zp\u016fsobem zkoum\u00e1 n\u00e1bo\u017eenstv\u00ed.\" tabindex=\"0\">religionistiku<\/span> jsou ochrann\u00e9 barvy pou\u010dn\u00fdm p\u0159\u00edkladem. Ukazuj\u00ed, jak se viditeln\u00e9 vlastnosti sv\u011bta, barvy nebe, krve a noci, mohly st\u00e1t z\u00e1kladem odvracej\u00edc\u00edch v\u00fdklad\u016f.<\/p><p>Kdo se dnes zab\u00fdv\u00e1 ochrann\u00fdmi barvami, nal\u00e9z\u00e1 v nich p\u0159edev\u0161\u00edm kulturn\u011b-historick\u00e9 t\u00e9ma. V\u011bcn\u00fd p\u0159\u00edstup odd\u011bluje dolo\u017eenou historii zvyk\u016f od modern\u00edch p\u0159\u00edslib\u016f \u00fa\u010dinku, kter\u00e9 neobstoj\u00ed p\u0159i p\u0159ezkoum\u00e1n\u00ed.<\/p><p>Tak\u00e9 jazykov\u011bda se zab\u00fdvala barevn\u00fdmi pojmenov\u00e1n\u00edmi a uk\u00e1zala, \u017ee kultury \u010dlen\u00ed sv\u00e9 barvy odli\u0161n\u011b. Kter\u00e9 odst\u00edny se pokl\u00e1daj\u00ed za jednu barvu a jak\u00fd v\u00fdznam nesou, je kulturn\u011b podm\u00edn\u011bno. Toto zji\u0161t\u011bn\u00ed podporuje pozorov\u00e1n\u00ed, \u017ee v\u00fdb\u011br ochrann\u00e9 barvy se v jednotliv\u00fdch regionech li\u0161\u00ed.<\/p>\t\t\t\t\t\t\t\t<\/div>\n\t\t\t\t<\/div>\n\t\t\t\t\t<\/div>\n\t\t\t\t<\/div>\n\t\t<div class=\"elementor-element elementor-element-iwgs-schutzfarben-lit e-flex e-con-boxed e-con e-parent\" data-id=\"iwgs-schutzfarben-lit\" data-element_type=\"container\" data-e-type=\"container\">\n\t\t\t\t\t<div class=\"e-con-inner\">\n\t\t\t\t<div class=\"elementor-element elementor-element-iwgs-schutzfarben-lith elementor-widget elementor-widget-heading\" data-id=\"iwgs-schutzfarben-lith\" data-element_type=\"widget\" data-e-type=\"widget\" data-widget_type=\"heading.default\">\n\t\t\t\t\t<h2 class=\"elementor-heading-title elementor-size-default\">Literatura (v\u00fdb\u011br)<\/h2>\t\t\t\t<\/div>\n\t\t<div class=\"elementor-element elementor-element-iwgs-schutzfarben-litbox e-con-full e-flex e-con e-parent\" data-id=\"iwgs-schutzfarben-litbox\" data-element_type=\"container\" data-e-type=\"container\">\n\t\t\t\t<div class=\"elementor-element elementor-element-iwgs-schutzfarben-litt elementor-widget elementor-widget-html\" data-id=\"iwgs-schutzfarben-litt\" data-element_type=\"widget\" data-e-type=\"widget\" data-widget_type=\"html.default\">\n\t\t\t\t\t<footer data-nosnippet=\"true\"><ul><li>Michel Pastoureau: <em>Blau. Die Geschichte einer Farbe<\/em> (2000)<\/li><li>Michel Pastoureau: <em>Schwarz. Geschichte einer Farbe<\/em> (2008)<\/li><li>Liselotte Hansmann, Lenz Kriss-Rettenbeck: <em>Amulett und Talisman. Erscheinungsform und Geschichte<\/em> (1966)<\/li><li>Hanns B\u00e4chtold-St\u00e4ubli (Hrsg.): <em>Handw\u00f6rterbuch des deutschen Aberglaubens<\/em> (1927-1942)<\/li><li>Wolfram Eberhard: <em>Lexikon chinesischer Symbole<\/em> (1983)<\/li><\/ul><\/footer>\t\t\t\t<\/div>\n\t\t\t\t<\/div>\n\t\t\t\t\t<\/div>\n\t\t\t\t<\/div>\n\t\t<div class=\"elementor-element elementor-element-iwgs-schutzfarben-kwd e-flex e-con-boxed e-con e-parent\" data-id=\"iwgs-schutzfarben-kwd\" data-element_type=\"container\" data-e-type=\"container\">\n\t\t\t\t\t<div class=\"e-con-inner\">\n\t\t\t\t<div class=\"elementor-element elementor-element-iwgs-schutzfarben-kwdt elementor-widget elementor-widget-text-editor\" data-id=\"iwgs-schutzfarben-kwdt\" data-element_type=\"widget\" data-e-type=\"widget\" data-widget_type=\"text-editor.default\">\n\t\t\t\t\t\t\t\t\t<p><em>Souvisej\u00edc\u00ed kl\u00ed\u010dov\u00e9 pojmy: ochrann\u00e9 barvy, symbolika barev, modr\u00e1, \u010derven\u00e1, \u010dern\u00e1, \u010derven\u00e1 p\u00e1ska, modr\u00fd kor\u00e1lek, barva, obrana, <span class=\"iwg-fachbegriff\" data-tooltip=\"Odvracej\u00edc\u00ed ne\u0161t\u011bst\u00ed: o znamen\u00edch a p\u0159edm\u011btech, kter\u00e9 maj\u00ed odvracet \u0161kodliv\u00e9 vlivy.\" tabindex=\"0\">apotropaick\u00fd<\/span>.<\/em><\/p>\t\t\t\t\t\t\t\t<\/div>\n\t\t\t\t\t<\/div>\n\t\t\t\t<\/div>\n\t\t<div class=\"elementor-element elementor-element-iwgs-schutzfarben-cc e-flex e-con-boxed e-con e-parent\" data-id=\"iwgs-schutzfarben-cc\" data-element_type=\"container\" data-e-type=\"container\" id=\"iwg-cc-schutzfarben\">\n\t\t\t\t\t<div class=\"e-con-inner\">\n\t\t<div class=\"elementor-element elementor-element-iwgs-schutzfarben-ccinner e-flex e-con-boxed e-con e-parent\" data-id=\"iwgs-schutzfarben-ccinner\" data-element_type=\"container\" data-e-type=\"container\" data-settings=\"{&quot;background_background&quot;:&quot;classic&quot;}\">\n\t\t\t\t\t<div class=\"e-con-inner\">\n\t\t\t\t<div class=\"elementor-element elementor-element-iwgs-schutzfarben-cch elementor-widget elementor-widget-heading\" data-id=\"iwgs-schutzfarben-cch\" data-element_type=\"widget\" data-e-type=\"widget\" data-widget_type=\"heading.default\">\n\t\t\t\t\t<h2 class=\"elementor-heading-title elementor-size-default\">iWell Guard a ochrann\u00e9 tradice<\/h2>\t\t\t\t<\/div>\n\t\t\t\t<div class=\"elementor-element elementor-element-iwgs-schutzfarben-cct elementor-widget elementor-widget-text-editor\" data-id=\"iwgs-schutzfarben-cct\" data-element_type=\"widget\" data-e-type=\"widget\" data-widget_type=\"text-editor.default\">\n\t\t\t\t\t\t\t\t\t<p>iWell Guard navazuje na kulturn\u011b-historickou linii nositeln\u00fdch ochrann\u00fdch p\u0159edm\u011bt\u016f, k n\u00ed\u017e pat\u0159\u00ed i ochrann\u00e1 barva. Modern\u00ed spole\u010dn\u00edk pro lidi, kte\u0159\u00ed \u017eij\u00ed s ochrann\u00fdmi symboly: vyrobeno v N\u011bmecku, 41 vrstev z ryz\u00edho zlata, platiny a st\u0159\u00edbra, s 30denn\u00ed lh\u016ftou na vr\u00e1cen\u00ed zbo\u017e\u00ed.<\/p>\t\t\t\t\t\t\t\t<\/div>\n\t\t\t\t<div class=\"elementor-element elementor-element-iwgs-schutzfarben-ccb iwg-cc-button iwg-cc-cta-2026-05-13 elementor-widget elementor-widget-jet-button\" data-id=\"iwgs-schutzfarben-ccb\" data-element_type=\"widget\" data-e-type=\"widget\" data-widget_type=\"jet-button.default\">\n\t\t\t\t<div class=\"elementor-widget-container\">\n\t\t\t\t\t<div class=\"elementor-jet-button jet-elements\"><div class=\"jet-button__container\"><a class=\"jet-button__instance jet-button__instance--icon-left hover-effect-1\" href=\"\/schutzanhaenger-iwell-guard-kaufen\/?utm_source=iwell-guard.com&amp;utm_medium=info-box&amp;utm_campaign=schutzsymbole\"><div class=\"jet-button__plane jet-button__plane-normal\"><\/div><div class=\"jet-button__plane jet-button__plane-hover\"><\/div><div class=\"jet-button__state jet-button__state-normal\"><span class=\"jet-button__label\">V\u00edce o iWell Guard<\/span><\/div><div class=\"jet-button__state jet-button__state-hover\"><span class=\"jet-button__label\">V\u00edce o iWell Guard<\/span><\/div><\/a><\/div><\/div><style>.elementor-element.elementor-element-iwgs-schutzfarben-ccb .jet-button__instance{width:320px;height:56px;}.elementor-element.elementor-element-iwgs-schutzfarben-ccb .jet-button__state-normal .jet-button__label{text-align:center;margin:0px 0px 0px 0px;color:#1a1b20;font-family:Montserrat,sans-serif;font-size:13px;font-weight:400;letter-spacing:4px;line-height:1.714em;text-transform:uppercase;}.elementor-element.elementor-element-iwgs-schutzfarben-ccb .jet-button__state-hover .jet-button__label{text-align:center;margin:0px 0px 0px 0px;color:#FECC76;font-family:Montserrat,sans-serif;font-size:13px;font-weight:400;letter-spacing:4px;line-height:1.714em;text-transform:uppercase;}.elementor-element.elementor-element-iwgs-schutzfarben-ccb .jet-button__plane-normal{background-color:#FECC76;border-style:solid;border-color:#C99540;border-width:2px 2px 2px 2px;}.elementor-element.elementor-element-iwgs-schutzfarben-ccb .jet-button__plane-hover{background-color:rgba(0,0,0,0.55);border-style:solid;border-color:#FECC76;border-width:2px 2px 2px 2px;}<\/style>\t\t\t\t<\/div>\n\t\t\t\t<\/div>\n\t\t\t\t<div class=\"elementor-element elementor-element-iwgs-schutzfarben-ccd elementor-widget elementor-widget-text-editor\" data-id=\"iwgs-schutzfarben-ccd\" data-element_type=\"widget\" data-e-type=\"widget\" data-widget_type=\"text-editor.default\">\n\t\t\t\t\t\t\t\t\t<p style=\"text-align:center;font-size:13px;opacity:0.7;margin-top:14px\" data-nosnippet=\"true\">Osobn\u00ed zku\u0161enosti se mohou li\u0161it. Nejde o zdravotnick\u00fd prost\u0159edek. Nejde o p\u0159\u00edslib l\u00e9\u010den\u00ed.<\/p>\t\t\t\t\t\t\t\t<\/div>\n\t\t\t\t\t<\/div>\n\t\t\t\t<\/div>\n\t\t\t\t\t<\/div>\n\t\t\t\t<\/div>\n\t\t<div class=\"elementor-element elementor-element-iwgs-schutzfarben-disc e-flex e-con-boxed e-con e-parent\" data-id=\"iwgs-schutzfarben-disc\" data-element_type=\"container\" data-e-type=\"container\">\n\t\t\t\t\t<div class=\"e-con-inner\">\n\t\t\t\t<div class=\"elementor-element elementor-element-iwgs-schutzfarben-discw elementor-widget elementor-widget-html\" data-id=\"iwgs-schutzfarben-discw\" data-element_type=\"widget\" data-e-type=\"widget\" data-widget_type=\"html.default\">\n\t\t\t\t\t<footer data-nosnippet=\"true\" class=\"iwg-disclaimer-block\"><p data-nosnippet=\"true\">iWell Guard <strong>nen\u00ed zdravotnick\u00fd prost\u0159edek<\/strong> a nenahrazuje l\u00e9ka\u0159skou ani psychoterapeutickou l\u00e9\u010dbu. Zde uveden\u00fd obsah p\u0159edstavuje religionistick\u00e9 a kulturn\u011b-historick\u00e9 za\u0159azen\u00ed, nikoli p\u0159\u00edslib duchovn\u00edho \u00fa\u010dinku.<\/p><\/footer>\t\t\t\t<\/div>\n\t\t\t\t\t<\/div>\n\t\t\t\t<\/div>\n\t\t\t\t<\/div>\n\t\t","protected":false},"excerpt":{"rendered":"","protected":false},"author":3,"featured_media":3582,"parent":0,"menu_order":0,"comment_status":"closed","ping_status":"closed","template":"elementor_header_footer","meta":{"_yoast_wpseo_focuskw":"Ochrann\u00e9 barvy","_yoast_wpseo_title":"Ochrann\u00e9 barvy: modr\u00e1, \u010derven\u00e1 a \u010dern\u00e1","_yoast_wpseo_metadesc":"Ochrann\u00e9 barvy s odvracej\u00edc\u00ed funkc\u00ed: pro\u010d plat\u00ed modr\u00e1, \u010derven\u00e1 a \u010dern\u00e1 za ochrann\u00e9 barvy, s p\u0159\u00edklady z antiky, lidov\u00e9 magie a Asie.","_yoast_wpseo_meta-robots-noindex":"","_yoast_wpseo_canonical":"","_angie_page":false,"gefaehrdungsstufe":"","wesen_kultur":"","wesen_klasse":"","footnotes":""},"categories":[],"class_list":["post-145780","page","type-page","status-publish","has-post-thumbnail","hentry"],"yoast_head":"<!-- This site is optimized with the Yoast SEO Premium plugin v27.7 (Yoast SEO v28.3) - https:\/\/yoast.com\/product\/yoast-seo-premium-wordpress\/ -->\n<title>Ochrann\u00e9 barvy: modr\u00e1, \u010derven\u00e1 a \u010dern\u00e1<\/title>\n<meta name=\"description\" content=\"Ochrann\u00e9 barvy s odvracej\u00edc\u00ed funkc\u00ed: pro\u010d plat\u00ed modr\u00e1, \u010derven\u00e1 a \u010dern\u00e1 za ochrann\u00e9 barvy, s p\u0159\u00edklady z antiky, lidov\u00e9 magie a Asie.\" \/>\n<meta name=\"robots\" content=\"index, follow, max-snippet:-1, max-image-preview:large, max-video-preview:-1\" \/>\n<link rel=\"canonical\" href=\"https:\/\/iwell-guard.com\/cs\/ochranne-barvy-modra-cervena-cerna\/\" \/>\n<meta property=\"og:locale\" content=\"cs_CZ\" \/>\n<meta property=\"og:type\" content=\"article\" \/>\n<meta property=\"og:title\" content=\"Ochrann\u00e9 barvy \u2013 modr\u00e1, \u010derven\u00e1 a \u010dern\u00e1 jako obrana\" \/>\n<meta property=\"og:description\" content=\"Ochrann\u00e9 barvy s odvracej\u00edc\u00ed funkc\u00ed: pro\u010d plat\u00ed modr\u00e1, \u010derven\u00e1 a \u010dern\u00e1 za ochrann\u00e9 barvy, s p\u0159\u00edklady z antiky, lidov\u00e9 magie a Asie.\" \/>\n<meta property=\"og:url\" content=\"https:\/\/iwell-guard.com\/cs\/ochranne-barvy-modra-cervena-cerna\/\" \/>\n<meta property=\"og:site_name\" content=\"iWell Guard\" \/>\n<meta property=\"article:modified_time\" content=\"2026-09-03T17:05:35+00:00\" \/>\n<meta property=\"og:image\" content=\"https:\/\/iwell-guard.com\/wp-content\/uploads\/2026\/05\/schutzsymbol_universell_schutzfarben.webp\" \/>\n\t<meta property=\"og:image:width\" content=\"1024\" \/>\n\t<meta property=\"og:image:height\" content=\"1536\" \/>\n\t<meta property=\"og:image:type\" content=\"image\/webp\" \/>\n<meta name=\"twitter:card\" content=\"summary_large_image\" \/>\n<script type=\"application\/ld+json\" class=\"yoast-schema-graph\">{\"@context\":\"https:\\\/\\\/schema.org\",\"@graph\":[{\"@type\":\"WebPage\",\"@id\":\"https:\\\/\\\/iwell-guard.com\\\/cs\\\/ochranne-barvy-modra-cervena-cerna\\\/\",\"url\":\"https:\\\/\\\/iwell-guard.com\\\/cs\\\/ochranne-barvy-modra-cervena-cerna\\\/\",\"name\":\"Ochrann\u00e9 barvy: modr\u00e1, \u010derven\u00e1 a \u010dern\u00e1\",\"isPartOf\":{\"@id\":\"https:\\\/\\\/iwell-guard.com\\\/cs\\\/#website\"},\"primaryImageOfPage\":{\"@id\":\"https:\\\/\\\/iwell-guard.com\\\/cs\\\/ochranne-barvy-modra-cervena-cerna\\\/#primaryimage\"},\"image\":{\"@id\":\"https:\\\/\\\/iwell-guard.com\\\/cs\\\/ochranne-barvy-modra-cervena-cerna\\\/#primaryimage\"},\"thumbnailUrl\":\"https:\\\/\\\/iwell-guard.com\\\/wp-content\\\/uploads\\\/2026\\\/05\\\/schutzsymbol_universell_schutzfarben.webp\",\"datePublished\":\"2026-09-03T16:33:38+00:00\",\"dateModified\":\"2026-09-03T17:05:35+00:00\",\"description\":\"Ochrann\u00e9 barvy s odvracej\u00edc\u00ed funkc\u00ed: pro\u010d plat\u00ed modr\u00e1, \u010derven\u00e1 a \u010dern\u00e1 za ochrann\u00e9 barvy, s p\u0159\u00edklady z antiky, lidov\u00e9 magie a Asie.\",\"breadcrumb\":{\"@id\":\"https:\\\/\\\/iwell-guard.com\\\/cs\\\/ochranne-barvy-modra-cervena-cerna\\\/#breadcrumb\"},\"inLanguage\":\"cs\",\"potentialAction\":[{\"@type\":\"ReadAction\",\"target\":[\"https:\\\/\\\/iwell-guard.com\\\/cs\\\/ochranne-barvy-modra-cervena-cerna\\\/\"]}]},{\"@type\":\"ImageObject\",\"inLanguage\":\"cs\",\"@id\":\"https:\\\/\\\/iwell-guard.com\\\/cs\\\/ochranne-barvy-modra-cervena-cerna\\\/#primaryimage\",\"url\":\"https:\\\/\\\/iwell-guard.com\\\/wp-content\\\/uploads\\\/2026\\\/05\\\/schutzsymbol_universell_schutzfarben.webp\",\"contentUrl\":\"https:\\\/\\\/iwell-guard.com\\\/wp-content\\\/uploads\\\/2026\\\/05\\\/schutzsymbol_universell_schutzfarben.webp\",\"width\":1024,\"height\":1536,\"caption\":\"Ochrann\u00fd symbol. Muzejn\u00ed ilustrace z\u00e1ti\u0161\u00ed.\"},{\"@type\":\"BreadcrumbList\",\"@id\":\"https:\\\/\\\/iwell-guard.com\\\/cs\\\/ochranne-barvy-modra-cervena-cerna\\\/#breadcrumb\",\"itemListElement\":[{\"@type\":\"ListItem\",\"position\":1,\"name\":\"Start\",\"item\":\"https:\\\/\\\/iwell-guard.com\\\/cs\\\/?page_id=145107\"},{\"@type\":\"ListItem\",\"position\":2,\"name\":\"Ochrann\u00e9 barvy \u2013 modr\u00e1, \u010derven\u00e1 a \u010dern\u00e1 jako obrana\"}]},{\"@type\":\"WebSite\",\"@id\":\"https:\\\/\\\/iwell-guard.com\\\/cs\\\/#website\",\"url\":\"https:\\\/\\\/iwell-guard.com\\\/cs\\\/\",\"name\":\"iWell Guard\",\"description\":\"Schutz vor dunklen Einfl\u00fcssen\",\"publisher\":{\"@id\":\"https:\\\/\\\/iwell-guard.com\\\/cs\\\/#organization\"},\"potentialAction\":[{\"@type\":\"SearchAction\",\"target\":{\"@type\":\"EntryPoint\",\"urlTemplate\":\"https:\\\/\\\/iwell-guard.com\\\/cs\\\/?s={search_term_string}\"},\"query-input\":{\"@type\":\"PropertyValueSpecification\",\"valueRequired\":true,\"valueName\":\"search_term_string\"}}],\"inLanguage\":\"cs\"},{\"@type\":\"Organization\",\"@id\":\"https:\\\/\\\/iwell-guard.com\\\/cs\\\/#organization\",\"name\":\"Ittermann electronic GmbH\",\"url\":\"https:\\\/\\\/iwell-guard.com\\\/cs\\\/\",\"logo\":{\"@type\":\"ImageObject\",\"inLanguage\":\"cs\",\"@id\":\"https:\\\/\\\/iwell-guard.com\\\/cs\\\/#\\\/schema\\\/logo\\\/image\\\/\",\"url\":\"https:\\\/\\\/iwell-guard.com\\\/wp-content\\\/uploads\\\/2026\\\/05\\\/Ittermann-Logo-1182x237-1.png\",\"contentUrl\":\"https:\\\/\\\/iwell-guard.com\\\/wp-content\\\/uploads\\\/2026\\\/05\\\/Ittermann-Logo-1182x237-1.png\",\"width\":1182,\"height\":237,\"caption\":\"Ittermann electronic GmbH\"},\"image\":{\"@id\":\"https:\\\/\\\/iwell-guard.com\\\/cs\\\/#\\\/schema\\\/logo\\\/image\\\/\"},\"sameAs\":[\"https:\\\/\\\/pantip.com\\\/profile\\\/9367242\",\"https:\\\/\\\/micro.blog\\\/iwellguard\",\"https:\\\/\\\/www.diggerslist.com\\\/iwellguard\\\/about\",\"https:\\\/\\\/skitterphoto.com\\\/photographers\\\/2870314\\\/iwell-guard\",\"https:\\\/\\\/iwellguard.wordpress.com\\\/2026\\\/06\\\/06\\\/iwell-guard\\\/\",\"https:\\\/\\\/hub.docker.com\\\/u\\\/iwellguard\",\"https:\\\/\\\/www.pinterest.com\\\/iwellguard\\\/\",\"https:\\\/\\\/bit.ly\\\/m\\\/iwellguard\",\"https:\\\/\\\/entre-vos-mains.alsace.eu\\\/profiles\\\/iwellguard\\\/activity\",\"https:\\\/\\\/gravatar.com\\\/reallybeded8fd34\",\"https:\\\/\\\/naijamatta.com\\\/iwellguard\",\"https:\\\/\\\/www.goodreads.com\\\/iwellguard\",\"https:\\\/\\\/profile.hatena.ne.jp\\\/iwellguard\\\/\",\"https:\\\/\\\/experiment.com\\\/users\\\/iwellguard\",\"https:\\\/\\\/wakelet.com\\\/@iWellGuard82270\",\"https:\\\/\\\/www.chordie.com\\\/forum\\\/profile.php?id=2555664\",\"https:\\\/\\\/www.instapaper.com\\\/p\\\/17757966\",\"https:\\\/\\\/www.mapleprimes.com\\\/users\\\/iwellguard\",\"https:\\\/\\\/businesslistingplus.com\\\/profile\\\/iwell-guard\\\/\",\"https:\\\/\\\/telegra.ph\\\/iWell-Guard-06-06\",\"https:\\\/\\\/pbase.com\\\/iwellguard\\\/iwellguard\",\"https:\\\/\\\/b.hatena.ne.jp\\\/iwellguard\\\/20260607#bookmark-4788405196491818882\",\"https:\\\/\\\/fliphtml5.com\\\/home\\\/iwellguard\",\"https:\\\/\\\/anyflip.com\\\/homepage\\\/cmiwl#About\",\"https:\\\/\\\/transfur.com\\\/Users\\\/iwellguard\",\"http:\\\/\\\/delphi.larsbo.org\\\/user\\\/iwellguard\",\"https:\\\/\\\/jobs.lajobsportal.org\\\/profiles\\\/8380803-iwell-guard\",\"https:\\\/\\\/md.chaosdorf.de\\\/s\\\/jfbe5SBdJD\",\"https:\\\/\\\/www.lingvolive.com\\\/en-us\\\/profile\\\/9ecaeaca-ce11-4e51-9e71-01d55e2bff36\\\/translations\",\"https:\\\/\\\/www.fitday.com\\\/fitness\\\/forums\\\/members\\\/iwellguard.html\",\"https:\\\/\\\/www.mymeetbook.com\\\/iwellguard\",\"https:\\\/\\\/pxhere.com\\\/en\\\/photographer-me\\\/5040798\",\"https:\\\/\\\/disqus.com\\\/by\\\/iwellguard\\\/about\\\/\",\"https:\\\/\\\/pastelink.net\\\/hjwciqwq\",\"https:\\\/\\\/pubhtml5.com\\\/homepage\\\/scjhn\\\/\",\"https:\\\/\\\/www.bitchute.com\\\/channel\\\/2O2eOKzNqujT\",\"https:\\\/\\\/audiomack.com\\\/iwellguard\"]}]}<\/script>\n<!-- \/ Yoast SEO Premium plugin. -->","yoast_head_json":{"title":"Ochrann\u00e9 barvy: modr\u00e1, \u010derven\u00e1 a \u010dern\u00e1","description":"Ochrann\u00e9 barvy s odvracej\u00edc\u00ed funkc\u00ed: pro\u010d plat\u00ed modr\u00e1, \u010derven\u00e1 a \u010dern\u00e1 za ochrann\u00e9 barvy, s p\u0159\u00edklady z antiky, lidov\u00e9 magie a Asie.","robots":{"index":"index","follow":"follow","max-snippet":"max-snippet:-1","max-image-preview":"max-image-preview:large","max-video-preview":"max-video-preview:-1"},"canonical":"https:\/\/iwell-guard.com\/cs\/ochranne-barvy-modra-cervena-cerna\/","og_locale":"cs_CZ","og_type":"article","og_title":"Ochrann\u00e9 barvy \u2013 modr\u00e1, \u010derven\u00e1 a \u010dern\u00e1 jako obrana","og_description":"Ochrann\u00e9 barvy s odvracej\u00edc\u00ed funkc\u00ed: pro\u010d plat\u00ed modr\u00e1, \u010derven\u00e1 a \u010dern\u00e1 za ochrann\u00e9 barvy, s p\u0159\u00edklady z antiky, lidov\u00e9 magie a Asie.","og_url":"https:\/\/iwell-guard.com\/cs\/ochranne-barvy-modra-cervena-cerna\/","og_site_name":"iWell Guard","article_modified_time":"2026-09-03T17:05:35+00:00","og_image":[{"width":1024,"height":1536,"url":"https:\/\/iwell-guard.com\/wp-content\/uploads\/2026\/05\/schutzsymbol_universell_schutzfarben.webp","type":"image\/webp"}],"twitter_card":"summary_large_image","schema":{"@context":"https:\/\/schema.org","@graph":[{"@type":"WebPage","@id":"https:\/\/iwell-guard.com\/cs\/ochranne-barvy-modra-cervena-cerna\/","url":"https:\/\/iwell-guard.com\/cs\/ochranne-barvy-modra-cervena-cerna\/","name":"Ochrann\u00e9 barvy: modr\u00e1, \u010derven\u00e1 a \u010dern\u00e1","isPartOf":{"@id":"https:\/\/iwell-guard.com\/cs\/#website"},"primaryImageOfPage":{"@id":"https:\/\/iwell-guard.com\/cs\/ochranne-barvy-modra-cervena-cerna\/#primaryimage"},"image":{"@id":"https:\/\/iwell-guard.com\/cs\/ochranne-barvy-modra-cervena-cerna\/#primaryimage"},"thumbnailUrl":"https:\/\/iwell-guard.com\/wp-content\/uploads\/2026\/05\/schutzsymbol_universell_schutzfarben.webp","datePublished":"2026-09-03T16:33:38+00:00","dateModified":"2026-09-03T17:05:35+00:00","description":"Ochrann\u00e9 barvy s odvracej\u00edc\u00ed funkc\u00ed: pro\u010d plat\u00ed modr\u00e1, \u010derven\u00e1 a \u010dern\u00e1 za ochrann\u00e9 barvy, s p\u0159\u00edklady z antiky, lidov\u00e9 magie a Asie.","breadcrumb":{"@id":"https:\/\/iwell-guard.com\/cs\/ochranne-barvy-modra-cervena-cerna\/#breadcrumb"},"inLanguage":"cs","potentialAction":[{"@type":"ReadAction","target":["https:\/\/iwell-guard.com\/cs\/ochranne-barvy-modra-cervena-cerna\/"]}]},{"@type":"ImageObject","inLanguage":"cs","@id":"https:\/\/iwell-guard.com\/cs\/ochranne-barvy-modra-cervena-cerna\/#primaryimage","url":"https:\/\/iwell-guard.com\/wp-content\/uploads\/2026\/05\/schutzsymbol_universell_schutzfarben.webp","contentUrl":"https:\/\/iwell-guard.com\/wp-content\/uploads\/2026\/05\/schutzsymbol_universell_schutzfarben.webp","width":1024,"height":1536,"caption":"Ochrann\u00fd symbol. Muzejn\u00ed ilustrace z\u00e1ti\u0161\u00ed."},{"@type":"BreadcrumbList","@id":"https:\/\/iwell-guard.com\/cs\/ochranne-barvy-modra-cervena-cerna\/#breadcrumb","itemListElement":[{"@type":"ListItem","position":1,"name":"Start","item":"https:\/\/iwell-guard.com\/cs\/?page_id=145107"},{"@type":"ListItem","position":2,"name":"Ochrann\u00e9 barvy \u2013 modr\u00e1, \u010derven\u00e1 a \u010dern\u00e1 jako obrana"}]},{"@type":"WebSite","@id":"https:\/\/iwell-guard.com\/cs\/#website","url":"https:\/\/iwell-guard.com\/cs\/","name":"iWell Guard","description":"Schutz vor dunklen Einfl\u00fcssen","publisher":{"@id":"https:\/\/iwell-guard.com\/cs\/#organization"},"potentialAction":[{"@type":"SearchAction","target":{"@type":"EntryPoint","urlTemplate":"https:\/\/iwell-guard.com\/cs\/?s={search_term_string}"},"query-input":{"@type":"PropertyValueSpecification","valueRequired":true,"valueName":"search_term_string"}}],"inLanguage":"cs"},{"@type":"Organization","@id":"https:\/\/iwell-guard.com\/cs\/#organization","name":"Ittermann electronic GmbH","url":"https:\/\/iwell-guard.com\/cs\/","logo":{"@type":"ImageObject","inLanguage":"cs","@id":"https:\/\/iwell-guard.com\/cs\/#\/schema\/logo\/image\/","url":"https:\/\/iwell-guard.com\/wp-content\/uploads\/2026\/05\/Ittermann-Logo-1182x237-1.png","contentUrl":"https:\/\/iwell-guard.com\/wp-content\/uploads\/2026\/05\/Ittermann-Logo-1182x237-1.png","width":1182,"height":237,"caption":"Ittermann electronic GmbH"},"image":{"@id":"https:\/\/iwell-guard.com\/cs\/#\/schema\/logo\/image\/"},"sameAs":["https:\/\/pantip.com\/profile\/9367242","https:\/\/micro.blog\/iwellguard","https:\/\/www.diggerslist.com\/iwellguard\/about","https:\/\/skitterphoto.com\/photographers\/2870314\/iwell-guard","https:\/\/iwellguard.wordpress.com\/2026\/06\/06\/iwell-guard\/","https:\/\/hub.docker.com\/u\/iwellguard","https:\/\/www.pinterest.com\/iwellguard\/","https:\/\/bit.ly\/m\/iwellguard","https:\/\/entre-vos-mains.alsace.eu\/profiles\/iwellguard\/activity","https:\/\/gravatar.com\/reallybeded8fd34","https:\/\/naijamatta.com\/iwellguard","https:\/\/www.goodreads.com\/iwellguard","https:\/\/profile.hatena.ne.jp\/iwellguard\/","https:\/\/experiment.com\/users\/iwellguard","https:\/\/wakelet.com\/@iWellGuard82270","https:\/\/www.chordie.com\/forum\/profile.php?id=2555664","https:\/\/www.instapaper.com\/p\/17757966","https:\/\/www.mapleprimes.com\/users\/iwellguard","https:\/\/businesslistingplus.com\/profile\/iwell-guard\/","https:\/\/telegra.ph\/iWell-Guard-06-06","https:\/\/pbase.com\/iwellguard\/iwellguard","https:\/\/b.hatena.ne.jp\/iwellguard\/20260607#bookmark-4788405196491818882","https:\/\/fliphtml5.com\/home\/iwellguard","https:\/\/anyflip.com\/homepage\/cmiwl#About","https:\/\/transfur.com\/Users\/iwellguard","http:\/\/delphi.larsbo.org\/user\/iwellguard","https:\/\/jobs.lajobsportal.org\/profiles\/8380803-iwell-guard","https:\/\/md.chaosdorf.de\/s\/jfbe5SBdJD","https:\/\/www.lingvolive.com\/en-us\/profile\/9ecaeaca-ce11-4e51-9e71-01d55e2bff36\/translations","https:\/\/www.fitday.com\/fitness\/forums\/members\/iwellguard.html","https:\/\/www.mymeetbook.com\/iwellguard","https:\/\/pxhere.com\/en\/photographer-me\/5040798","https:\/\/disqus.com\/by\/iwellguard\/about\/","https:\/\/pastelink.net\/hjwciqwq","https:\/\/pubhtml5.com\/homepage\/scjhn\/","https:\/\/www.bitchute.com\/channel\/2O2eOKzNqujT","https:\/\/audiomack.com\/iwellguard"]}]}},"_links":{"self":[{"href":"https:\/\/iwell-guard.com\/cs\/wp-json\/wp\/v2\/pages\/145780","targetHints":{"allow":["GET"]}}],"collection":[{"href":"https:\/\/iwell-guard.com\/cs\/wp-json\/wp\/v2\/pages"}],"about":[{"href":"https:\/\/iwell-guard.com\/cs\/wp-json\/wp\/v2\/types\/page"}],"author":[{"embeddable":true,"href":"https:\/\/iwell-guard.com\/cs\/wp-json\/wp\/v2\/users\/3"}],"replies":[{"embeddable":true,"href":"https:\/\/iwell-guard.com\/cs\/wp-json\/wp\/v2\/comments?post=145780"}],"version-history":[{"count":0,"href":"https:\/\/iwell-guard.com\/cs\/wp-json\/wp\/v2\/pages\/145780\/revisions"}],"wp:featuredmedia":[{"embeddable":true,"href":"https:\/\/iwell-guard.com\/cs\/wp-json\/wp\/v2\/media\/3582"}],"wp:attachment":[{"href":"https:\/\/iwell-guard.com\/cs\/wp-json\/wp\/v2\/media?parent=145780"}],"wp:term":[{"taxonomy":"category","embeddable":true,"href":"https:\/\/iwell-guard.com\/cs\/wp-json\/wp\/v2\/categories?post=145780"}],"curies":[{"name":"wp","href":"https:\/\/api.w.org\/{rel}","templated":true}]}}