{"id":145778,"date":"2026-09-03T16:33:37","date_gmt":"2026-09-03T16:33:37","guid":{"rendered":"https:\/\/iwell-guard.com\/?page_id=145778"},"modified":"2026-09-03T17:05:32","modified_gmt":"2026-09-03T17:05:32","slug":"zrcadlo-jako-ochranny-prostredek-princip-odrazeni","status":"publish","type":"page","link":"https:\/\/iwell-guard.com\/cs\/zrcadlo-jako-ochranny-prostredek-princip-odrazeni\/","title":{"rendered":"Zrcadlo jako ochrann\u00fd prost\u0159edek \u2013 princip odra\u017een\u00ed"},"content":{"rendered":"\t\t<div data-elementor-type=\"wp-page\" data-elementor-id=\"145778\" class=\"elementor elementor-145778 elementor-3743 elementor-bc-flex-widget\" data-elementor-post-type=\"page\">\n\t\t\t\t<div class=\"elementor-element elementor-element-iwgs-spiegelabweh-hero e-flex e-con-boxed e-con e-parent\" data-id=\"iwgs-spiegelabweh-hero\" data-element_type=\"container\" data-e-type=\"container\">\n\t\t\t\t\t<div class=\"e-con-inner\">\n\t\t<div class=\"elementor-element elementor-element-iwgs-spiegelabweh-hl e-flex e-con-boxed e-con e-parent\" data-id=\"iwgs-spiegelabweh-hl\" data-element_type=\"container\" data-e-type=\"container\">\n\t\t\t\t\t<div class=\"e-con-inner\">\n\t\t<div class=\"elementor-element elementor-element-iwgs-spiegelabweh-hlbox e-con-full e-flex e-con e-parent\" data-id=\"iwgs-spiegelabweh-hlbox\" data-element_type=\"container\" data-e-type=\"container\">\n\t\t\t\t<div class=\"elementor-element elementor-element-iwgs-spiegelabweh-h1 elementor-widget elementor-widget-heading\" data-id=\"iwgs-spiegelabweh-h1\" data-element_type=\"widget\" data-e-type=\"widget\" data-widget_type=\"heading.default\">\n\t\t\t\t\t<h1 class=\"elementor-heading-title elementor-size-default\">Zrcadlo jako ochrann\u00fd prost\u0159edek: navr\u00e1cen\u00ed zla<\/h1>\t\t\t\t<\/div>\n\t\t\t\t<div class=\"elementor-element elementor-element-iwgs-spiegelabweh-lead elementor-widget elementor-widget-text-editor\" data-id=\"iwgs-spiegelabweh-lead\" data-element_type=\"widget\" data-e-type=\"widget\" data-widget_type=\"text-editor.default\">\n\t\t\t\t\t\t\t\t\t<p>Zrcadlo pat\u0159\u00ed mezi nejroz\u0161\u00ed\u0159en\u011bj\u0161\u00ed p\u0159edm\u011bty, kter\u00fdm je p\u0159isuzov\u00e1n ochrann\u00fd v\u00fdznam. Z\u00e1kladn\u00ed p\u0159edstavou je odra\u017een\u00ed: \u0161kodliv\u00fd vliv m\u00e1 b\u00fdt na odrazn\u00e9 plo\u0161e vr\u00e1cen zp\u011bt a navr\u00e1tit se ke sv\u00e9mu v\u00fdchoz\u00edmu bodu.<\/p><p>Tento \u010dl\u00e1nek zasazuje ochrann\u00e9 zrcadlo do religionistick\u00e9ho kontextu a sleduje jeho stopy od <span class=\"iwg-fachbegriff\" data-tooltip=\"Epocha \u0159eck\u00e9 a \u0159\u00edmsk\u00e9 kultury, p\u0159ibli\u017en\u011b od 800 p\u0159. n. l. do 600 n. l.\" tabindex=\"0\">antiky<\/span> a\u017e po dne\u0161n\u00ed recepci. P\u0159itom se rozli\u0161uje mezi historicky dokumentovan\u00fdm <span class=\"iwg-fachbegriff\" data-tooltip=\"Souhrn tradovan\u00fdch zvyk\u016f ur\u010dit\u00e9ho spole\u010denstv\u00ed.\" tabindex=\"0\">zvykov\u00fdm jedn\u00e1n\u00edm<\/span> a modern\u00edm v\u00fdkladem.<\/p>\n<p class=\"iwg-kwfix\">Zrcadlo jako ochrann\u00fd prost\u0159edek m\u00e1 vr\u00e1tit zlo zp\u011bt odes\u00edlateli.<\/p>\t\t\t\t\t\t\t\t<\/div>\n\t\t\t\t<\/div>\n\t\t\t\t<div class=\"elementor-element elementor-element-iwgs-spiegelabweh-pills elementor-widget elementor-widget-html\" data-id=\"iwgs-spiegelabweh-pills\" data-element_type=\"widget\" data-e-type=\"widget\" data-widget_type=\"html.default\">\n\t\t\t\t\t<div class=\"iwg-pill-row\"><span class=\"iwg-klasse-badge\" tabindex=\"0\" data-tooltip=\"Ochrann\u00fd symbol, amulet nebo apotropaick\u00fd p\u0159edm\u011bt.\">Ochrann\u00fd symbol<\/span><a href=\"https:\/\/iwell-guard.com\/cs\/ochranne-symboly\/\" class=\"iwg-kultur-badge\" tabindex=\"0\" data-tooltip=\"Ochrann\u00e1 tradice: Nap\u0159\u00ed\u010d kulturami\">Nap\u0159\u00ed\u010d kulturami<\/a><span class=\"iwg-tradition-badge\" tabindex=\"0\" data-tooltip=\"Obecn\u00fd princip \u00fa\u010dinku, na kter\u00e9m spo\u010d\u00edvaj\u00ed ochrann\u00e9 zvyky.\">Ochrann\u00fd princip<\/span><\/div>\t\t\t\t<\/div>\n\t\t\t\t\t<\/div>\n\t\t\t\t<\/div>\n\t\t<div class=\"elementor-element elementor-element-iwgs-spiegelabweh-hr e-con-full e-flex e-con e-parent\" data-id=\"iwgs-spiegelabweh-hr\" data-element_type=\"container\" data-e-type=\"container\">\n\t\t\t\t<div class=\"elementor-element elementor-element-iwgs-spiegelabweh-himg iwg-hero-image elementor-widget elementor-widget-image\" data-id=\"iwgs-spiegelabweh-himg\" data-element_type=\"widget\" data-e-type=\"widget\" data-widget_type=\"image.default\">\n\t\t\t\t\t\t\t\t\t\t\t\t\t\t\t<img fetchpriority=\"high\" decoding=\"async\" width=\"683\" height=\"1024\" src=\"https:\/\/iwell-guard.com\/wp-content\/uploads\/2026\/05\/schutzsymbol_universell_spiegel-abwehr-683x1024.webp\" class=\"attachment-large size-large wp-image-146999\" alt=\"Ochrana zrcadlem \u2013 ochrann\u00fd symbol, muzejn\u00ed ilustrace\" srcset=\"https:\/\/iwell-guard.com\/wp-content\/uploads\/2026\/05\/schutzsymbol_universell_spiegel-abwehr-683x1024.webp 683w, https:\/\/iwell-guard.com\/wp-content\/uploads\/2026\/05\/schutzsymbol_universell_spiegel-abwehr-200x300.webp 200w, https:\/\/iwell-guard.com\/wp-content\/uploads\/2026\/05\/schutzsymbol_universell_spiegel-abwehr-768x1152.webp 768w, https:\/\/iwell-guard.com\/wp-content\/uploads\/2026\/05\/schutzsymbol_universell_spiegel-abwehr.webp 1024w\" sizes=\"(max-width: 683px) 100vw, 683px\" \/>\t\t\t\t\t\t\t\t\t\t\t\t\t\t\t<\/div>\n\t\t\t\t<\/div>\n\t\t\t\t\t<\/div>\n\t\t\t\t<\/div>\n\t\t<div class=\"elementor-element elementor-element-iwgs-spiegelabweh-s0 e-flex e-con-boxed e-con e-parent\" data-id=\"iwgs-spiegelabweh-s0\" data-element_type=\"container\" data-e-type=\"container\">\n\t\t\t\t\t<div class=\"e-con-inner\">\n\t\t\t\t<div class=\"elementor-element elementor-element-iwgs-spiegelabweh-s0h elementor-widget elementor-widget-heading\" data-id=\"iwgs-spiegelabweh-s0h\" data-element_type=\"widget\" data-e-type=\"widget\" data-widget_type=\"heading.default\">\n\t\t\t\t\t<h2 class=\"elementor-heading-title elementor-size-default\">Za\u0159azen\u00ed: co je ochrann\u00e9 zrcadlo<\/h2>\t\t\t\t<\/div>\n\t\t<div class=\"elementor-element elementor-element-iwgs-spiegelabweh-s0box e-con-full e-flex e-con e-parent\" data-id=\"iwgs-spiegelabweh-s0box\" data-element_type=\"container\" data-e-type=\"container\">\n\t\t\t\t<div class=\"elementor-element elementor-element-iwgs-spiegelabweh-s0t elementor-widget elementor-widget-text-editor\" data-id=\"iwgs-spiegelabweh-s0t\" data-element_type=\"widget\" data-e-type=\"widget\" data-widget_type=\"text-editor.default\">\n\t\t\t\t\t\t\t\t\t<p>Ochrann\u00e9 zrcadlo je zrcadlo nebo odrazn\u00e1 plocha, j\u00ed\u017e je p\u0159isuzov\u00e1na ochrann\u00e1 funkce. Um\u00eds\u0165uje se na domy, dve\u0159e, okna nebo na t\u011blo a m\u00e1 odvracet \u0161kodliv\u00e9 vlivy.<\/p><p>Z\u00e1kladn\u00ed my\u0161lenkou je odra\u017een\u00ed. Zrcadlo vrac\u00ed zp\u011bt sv\u011btlo a obraz, kter\u00fd na n\u011bj dopad\u00e1. Tato b\u011b\u017en\u00e1 vlastnost byla p\u0159enesena na p\u0159edstavu, \u017ee podobn\u011b lze odrazit i \u0161kodliv\u00fd vliv.<\/p><p>Ochrann\u00e9 zrcadlo se \u010dasto obrac\u00ed proti pohledu pova\u017eovan\u00e9mu za \u0161kodliv\u00fd, kter\u00fd je v mnoha kultur\u00e1ch ch\u00e1p\u00e1n jako zdroj ne\u0161t\u011bst\u00ed. Zrcadlo m\u00e1 tento pohled vr\u00e1tit zp\u011bt k jeho v\u00fdchoz\u00edmu bodu.<\/p><p>Formy sahaj\u00ed od mal\u00e9ho zrc\u00e1tka za\u0161it\u00e9ho do l\u00e1tky nebo \u0161perku a\u017e po velk\u00e9 zrcadlo um\u00edst\u011bn\u00e9 na zdi domu. V t\u00e9to funkci se pou\u017e\u00edvaly i vyle\u0161t\u011bn\u00e9 kovov\u00e9 plochy a leskl\u00e9 p\u0159edm\u011bty.<\/p><p>Mezi <a href=\"https:\/\/iwell-guard.com\/cs\/ochranne-symboly\/\">ochrann\u00fdmi symboly<\/a> pat\u0159\u00ed zrcadlo do skupiny ochrann\u00fdch p\u0159edm\u011bt\u016f, kter\u00e9 se nevykl\u00e1daj\u00ed prost\u0159ednictv\u00edm obrazov\u00e9ho motivu, n\u00fdbr\u017e prost\u0159ednictv\u00edm fyzik\u00e1ln\u00ed vlastnosti. Touto vlastnost\u00ed je odraz.<\/p><p>Ochrann\u00e9 zrcadlo tak stoj\u00ed mezi p\u0159edm\u011btem a <span class=\"iwg-fachbegriff\" data-tooltip=\"Znak, kter\u00fd zastupuje ur\u010ditou p\u0159edstavu nebo v\u00fdznam.\" tabindex=\"0\">symbolem<\/span>. Je skute\u010dn\u00fdm zrcadlem se skute\u010dn\u00fdm odrazem, jemu\u017e je z\u00e1rove\u0148 p\u0159isuzov\u00e1n v\u00fdznam p\u0159esahuj\u00edc\u00ed pouhou optiku.<\/p><p>Ochrann\u00e9 zrcadlo je \u00fazce spojeno s p\u0159edstavou pohledu pova\u017eovan\u00e9ho za \u0161kodliv\u00fd, kter\u00e1 je roz\u0161\u00ed\u0159ena v mnoha kultur\u00e1ch. Tento pohled je ch\u00e1p\u00e1n jako n\u011bco, co vych\u00e1z\u00ed od \u010dlov\u011bka a dopad\u00e1 na c\u00edl. Zrcadlo navazuje pr\u00e1v\u011b na tuto p\u0159edstavu t\u00edm, \u017ee m\u00e1 pohled odklonit zp\u011bt.<\/p>\t\t\t\t\t\t\t\t<\/div>\n\t\t\t\t<\/div>\n\t\t\t\t\t<\/div>\n\t\t\t\t<\/div>\n\t\t<div class=\"elementor-element elementor-element-iwgs-spiegelabweh-s1 e-flex e-con-boxed e-con e-parent\" data-id=\"iwgs-spiegelabweh-s1\" data-element_type=\"container\" data-e-type=\"container\">\n\t\t\t\t\t<div class=\"e-con-inner\">\n\t\t\t\t<div class=\"elementor-element elementor-element-iwgs-spiegelabweh-s1h elementor-widget elementor-widget-heading\" data-id=\"iwgs-spiegelabweh-s1h\" data-element_type=\"widget\" data-e-type=\"widget\" data-widget_type=\"heading.default\">\n\t\t\t\t\t<h2 class=\"elementor-heading-title elementor-size-default\">P\u016fvod a historick\u00e1 hloubka ochrann\u00e9ho zrcadla<\/h2>\t\t\t\t<\/div>\n\t\t<div class=\"elementor-element elementor-element-iwgs-spiegelabweh-s1box e-con-full e-flex e-con e-parent\" data-id=\"iwgs-spiegelabweh-s1box\" data-element_type=\"container\" data-e-type=\"container\">\n\t\t\t\t<div class=\"elementor-element elementor-element-iwgs-spiegelabweh-s1t elementor-widget elementor-widget-text-editor\" data-id=\"iwgs-spiegelabweh-s1t\" data-element_type=\"widget\" data-e-type=\"widget\" data-widget_type=\"text-editor.default\">\n\t\t\t\t\t\t\t\t\t<p>Zrcadla jsou zn\u00e1ma ji\u017e z prahistorie, nejprve jako vyle\u0161t\u011bn\u00e9 kameny a kovov\u00e9 plochy, pozd\u011bji jako sklen\u011bn\u00e1 zrcadla. Se zrcadlem se ji\u017e brzy spojoval v\u00fdznam p\u0159esahuj\u00edc\u00ed pouh\u00e9 zobrazov\u00e1n\u00ed.<\/p><p>Ze star\u00e9ho Orientu a z Egypta jsou zrcadla zn\u00e1ma jako p\u0159edm\u011bty s kultovn\u00edm v\u00fdznamem. Objevuj\u00ed se v hrobech i v chr\u00e1mov\u00e9m prost\u0159ed\u00ed, co\u017e jim d\u00e1v\u00e1 roli p\u0159esahuj\u00edc\u00ed b\u011b\u017en\u00e9 u\u017eit\u00ed.<\/p><p>V \u010c\u00edn\u011b m\u00e1 zrcadlo obzvl\u00e1\u0161t\u011b hlubokou historii. Bronzov\u00e1 zrcadla se vyr\u00e1b\u011bla ji\u017e od ran\u00e9ho <span class=\"iwg-fachbegriff\" data-tooltip=\"Prehistorick\u00e1 epocha, v n\u00ed\u017e byla bronz nejd\u016fle\u017eit\u011bj\u0161\u00edm kovem pro n\u00e1stroje.\" tabindex=\"0\">bronzov\u00e9ho v\u011bku<\/span>, \u010dasto s kosmologick\u00fdmi vzory na zadn\u00ed stran\u011b, a byla pova\u017eov\u00e1na za v\u00fdzna\u010dn\u00e9 p\u0159edm\u011bty.<\/p><p>Z \u010c\u00edny poch\u00e1z\u00ed i nejzn\u00e1m\u011bj\u0161\u00ed ochrann\u00e9 zrcadlo, osmi\u00faheln\u00edkov\u00e9 zrcadlo se symbolick\u00fdm r\u00e1mem, kter\u00e9 se um\u00eds\u0165uje nad dve\u0159e. Podrobn\u011b je pops\u00e1no v \u010dl\u00e1nku o <a href=\"https:\/\/iwell-guard.com\/cs\/?page_id=145674\">baguov\u00e9m zrcadle<\/a>.<\/p><p>V Evrop\u011b se sklen\u011bn\u00e9 zrcadlo \u0161\u00ed\u0159ilo od pozdn\u00edho st\u0159edov\u011bku. S n\u00edm se spojovaly \u010detn\u00e9 zvyky a p\u0159edstavy, z nich\u017e n\u011bkter\u00e9 navazuj\u00ed na ochrann\u00fd v\u00fdklad.<\/p><p>Celkov\u011b se ukazuje, \u017ee zrcadlu byl v mnoha kultur\u00e1ch d\u00e1v\u00e1n v\u00fdznam p\u0159esahuj\u00edc\u00ed pouh\u00e9 zobrazov\u00e1n\u00ed. Ochrann\u00fd v\u00fdklad je sou\u010d\u00e1st\u00ed tohoto \u0161irok\u00e9ho v\u00fdznamov\u00e9ho pole.<\/p><p>S roz\u0161\u00ed\u0159en\u00edm ben\u00e1tsk\u00e9ho sklen\u011bn\u00e9ho zrcadla v ran\u00e9m novov\u011bku se zrcadlo stalo obecn\u011b dostupn\u00fdm a p\u0159it\u00e1hlo k sob\u011b \u0159adu nov\u00fdch p\u0159edstav. \u010cist\u00e9, rovn\u00e9 sklen\u011bn\u00e9 zrcadlo nahradilo star\u0161\u00ed kovov\u00e1 zrcadla a ovlivnilo zp\u016fsob zach\u00e1zen\u00ed s t\u00edmto p\u0159edm\u011btem. Na tuto \u0161irokou prom\u011bnu nav\u00e1zaly i mnoh\u00e9 tradovan\u00e9 zrcadlov\u00e9 zvyky.<\/p>\t\t\t\t\t\t\t\t<\/div>\n\t\t\t\t<\/div>\n\t\t\t\t\t<\/div>\n\t\t\t\t<\/div>\n\t\t<div class=\"elementor-element elementor-element-iwgs-spiegelabweh-s2 e-flex e-con-boxed e-con e-parent\" data-id=\"iwgs-spiegelabweh-s2\" data-element_type=\"container\" data-e-type=\"container\">\n\t\t\t\t\t<div class=\"e-con-inner\">\n\t\t\t\t<div class=\"elementor-element elementor-element-iwgs-spiegelabweh-s2h elementor-widget elementor-widget-heading\" data-id=\"iwgs-spiegelabweh-s2h\" data-element_type=\"widget\" data-e-type=\"widget\" data-widget_type=\"heading.default\">\n\t\t\t\t\t<h2 class=\"elementor-heading-title elementor-size-default\">Z\u00e1kladn\u00ed p\u0159edstava odra\u017een\u00ed<\/h2>\t\t\t\t<\/div>\n\t\t<div class=\"elementor-element elementor-element-iwgs-spiegelabweh-s2box e-con-full e-flex e-con e-parent\" data-id=\"iwgs-spiegelabweh-s2box\" data-element_type=\"container\" data-e-type=\"container\">\n\t\t\t\t<div class=\"elementor-element elementor-element-iwgs-spiegelabweh-s2t elementor-widget elementor-widget-text-editor\" data-id=\"iwgs-spiegelabweh-s2t\" data-element_type=\"widget\" data-e-type=\"widget\" data-widget_type=\"text-editor.default\">\n\t\t\t\t\t\t\t\t\t<p>My\u0161lenkov\u00fdm j\u00e1drem ochrann\u00e9ho zrcadla je p\u0159edstava odra\u017een\u00ed. Zrcadlo viditeln\u011b vrac\u00ed zp\u011bt to, co na n\u011bj dopad\u00e1. Tato viditeln\u00e1 vlastnost se stala z\u00e1kladem p\u0159enesen\u00e9ho v\u00fdkladu.<\/p><p>V mnoha kultur\u00e1ch se p\u0159edpokl\u00e1d\u00e1, \u017ee \u0161kodliv\u00e9 vlivy vych\u00e1zej\u00ed z ur\u010dit\u00e9ho zdroje a jsou zam\u011b\u0159eny na c\u00edl. Pokud takov\u00fd vliv dopadne na zrcadlo, m\u00e1 se podle t\u00e9to p\u0159edstavy nikoli vniknout, n\u00fdbr\u017e se obr\u00e1tit zp\u011bt.<\/p><p>Tato p\u0159edstava se \u010dasto obrac\u00ed proti pohledu pova\u017eovan\u00e9mu za \u0161kodliv\u00fd. Pohled je ch\u00e1p\u00e1n jako n\u011bco, co je vys\u00edl\u00e1no. Zrcadlo m\u00e1 tento pohled zachytit a odklonit zp\u011bt k jeho v\u00fdchoz\u00edmu bodu.<\/p><p>Druhou my\u0161lenkou je odveden\u00ed pomoc\u00ed zrcadlov\u00e9ho obrazu. N\u011bkter\u00e9 tradice vych\u00e1zej\u00ed z toho, \u017ee \u0161kodliv\u00e1 bytost je zastavena nebo zmatena sv\u00fdm vlastn\u00edm zrcadlov\u00fdm obrazem, ne\u017e pokro\u010d\u00ed d\u00e1l.<\/p><p>S t\u00edm \u00fazce souvis\u00ed my\u0161lenka lesku. Leskl\u00e9 a z\u00e1\u0159\u00edc\u00ed plochy byly v mnoha kultur\u00e1ch pova\u017eov\u00e1ny za prost\u0159edek, jak na sebe upoutat pohled a odklonit jej tak od jeho skute\u010dn\u00e9ho c\u00edle.<\/p><p>Zde popsan\u00e1 p\u0159edstava je kulturn\u011b-historick\u00fdm vysv\u011btlen\u00edm. Popisuje, pro\u010d byl zrcadlu p\u0159isuzov\u00e1n ochrann\u00fd v\u00fdznam, a dokumentuje ur\u010ditou v\u00edru. Nen\u00ed d\u016fkazem \u00fa\u010dinku. V\u00fdzkum tuto p\u0159edstavu popisuje, ani\u017e by ji potvrzoval.<\/p>\t\t\t\t\t\t\t\t<\/div>\n\t\t\t\t<\/div>\n\t\t\t\t\t<\/div>\n\t\t\t\t<\/div>\n\t\t<div class=\"elementor-element elementor-element-iwgs-spiegelabweh-s3 e-flex e-con-boxed e-con e-parent\" data-id=\"iwgs-spiegelabweh-s3\" data-element_type=\"container\" data-e-type=\"container\">\n\t\t\t\t\t<div class=\"e-con-inner\">\n\t\t\t\t<div class=\"elementor-element elementor-element-iwgs-spiegelabweh-s3h elementor-widget elementor-widget-heading\" data-id=\"iwgs-spiegelabweh-s3h\" data-element_type=\"widget\" data-e-type=\"widget\" data-widget_type=\"heading.default\">\n\t\t\t\t\t<h2 class=\"elementor-heading-title elementor-size-default\">P\u0159\u00edklady z antiky a P\u0159edn\u00edho v\u00fdchodu<\/h2>\t\t\t\t<\/div>\n\t\t<div class=\"elementor-element elementor-element-iwgs-spiegelabweh-s3box e-con-full e-flex e-con e-parent\" data-id=\"iwgs-spiegelabweh-s3box\" data-element_type=\"container\" data-e-type=\"container\">\n\t\t\t\t<div class=\"elementor-element elementor-element-iwgs-spiegelabweh-s3t elementor-widget elementor-widget-text-editor\" data-id=\"iwgs-spiegelabweh-s3t\" data-element_type=\"widget\" data-e-type=\"widget\" data-widget_type=\"text-editor.default\">\n\t\t\t\t\t\t\t\t\t<p>Z faraonsk\u00e9ho Egypta jsou zrcadla zn\u00e1ma jako poh\u0159ebn\u00ed v\u00fdbava a jako kultovn\u00ed p\u0159edm\u011bty. V souvislosti s ur\u010dit\u00fdmi bo\u017estvy a s p\u0159edstavami o sv\u011btle jim byl p\u0159ikl\u00e1d\u00e1n v\u00fdznam p\u0159esahuj\u00edc\u00ed jejich v\u0161edn\u00ed funkci.<\/p><p>V \u0159eck\u00e9m a \u0159\u00edmsk\u00e9m sv\u011bt\u011b byla zrcadla b\u011b\u017en\u00fdmi p\u0159edm\u011bty, \u010dasto z le\u0161t\u011bn\u00e9ho kovu. <span class=\"iwg-fachbegriff\" data-tooltip=\"Epocha \u0159eck\u00e9 a \u0159\u00edmsk\u00e9 kultury, p\u0159ibli\u017en\u011b od 800 p\u0159. n. l. do 600 n. l.\" tabindex=\"0\">Antick\u00e9<\/span> texty zmi\u0148uj\u00ed zrcadla v souvislosti s p\u0159edstavami o obrazu, du\u0161i a pohledu.<\/p><p>Na Bl\u00edzk\u00e9m v\u00fdchod\u011b jsou dochov\u00e1ny mal\u00e9 zrcadl\u00edc\u00ed prvky na \u0161perk\u00e1ch a amuletech. Leskl\u00e9 a bly\u0161tiv\u00e9 z\u00e1v\u011bsky m\u011bly na sebe upoutat pohled a t\u00edm odv\u00e9st zl\u00fd pohled od sv\u00e9ho nositele.<\/p><p>Z antick\u00e9 <span class=\"iwg-fachbegriff\" data-tooltip=\"Praktiky, kter\u00e9 se sna\u017e\u00ed prost\u0159ednictv\u00edm zvl\u00e1\u0161tn\u00edch \u00fakon\u016f nebo formul\u00ed zas\u00e1hnout do b\u011bhu v\u011bc\u00ed.\" tabindex=\"0\">magie<\/span> jsou zn\u00e1my postupy, v nich\u017e hraje roli zrcadlo nebo leskl\u00e1 plocha. Tyto postupy se t\u00fdkaj\u00ed v\u011bt\u0161inou vid\u011bn\u00ed a v\u00fdkladu, ale dot\u00fdkaj\u00ed se i \u0161ir\u0161\u00ed oblasti v\u00fdznamu zrcadla.<\/p><p>Celkov\u011b se v antick\u00e9m St\u0159edomo\u0159\u00ed ukazuje, \u017ee zrcadlo m\u011blo \u0161irok\u00e9 pole v\u00fdznam\u016f. Odvracej\u00edc\u00ed v\u00fdklad v n\u011bm stoj\u00ed vedle p\u0159edstav o obraze, du\u0161i a <span class=\"iwg-fachbegriff\" data-tooltip=\"V\u00fdklad znak\u016f za \u00fa\u010delem pozn\u00e1n\u00ed skryt\u00e9ho nebo budouc\u00edho.\" tabindex=\"0\">v\u011b\u0161t\u011bn\u00ed<\/span>.<\/p><p>Tyto p\u0159\u00edklady ukazuj\u00ed, \u017ee zrcadlo nebylo v <span class=\"iwg-fachbegriff\" data-tooltip=\"Epocha \u0159eck\u00e9 a \u0159\u00edmsk\u00e9 kultury, p\u0159ibli\u017en\u011b od 800 p\u0159. n. l. do 600 n. l.\" tabindex=\"0\">antice<\/span> pouh\u00fdm v\u0161edn\u00edm p\u0159edm\u011btem. St\u00e1lo v s\u00edti p\u0159edstav, na kterou mohl nav\u00e1zat pozd\u011bj\u0161\u00ed v\u00fdklad o jeho odvracej\u00edc\u00ed funkci.<\/p><p>Tak\u00e9 z etrusk\u00e9ho sv\u011bta se dochovaly bohat\u011b zdoben\u00e9 bronzov\u00e9 zrcadla, jejich\u017e zadn\u00ed strany zobrazuj\u00ed v\u00fdjevy z <span class=\"iwg-fachbegriff\" data-tooltip=\"Tradovan\u00fd p\u0159\u00edb\u011bh o boz\u00edch, po\u010d\u00e1tc\u00edch a uspo\u0159\u00e1d\u00e1n\u00ed sv\u011bta.\" tabindex=\"0\">m\u00fdtu<\/span> a <span class=\"iwg-fachbegriff\" data-tooltip=\"Souhrn n\u00e1bo\u017eensk\u00fdch \u00fakon\u016f uct\u00edv\u00e1n\u00ed ur\u010dit\u00e9ho bo\u017estva nebo svat\u00e9 postavy.\" tabindex=\"0\">kultu<\/span>. Tato zrcadla se pou\u017e\u00edvala jako poh\u0159ebn\u00ed v\u00fdbava a byla pova\u017eov\u00e1na za p\u0159edm\u011bty s v\u00fdznamem p\u0159esahuj\u00edc\u00edm v\u0161edn\u00ed den. Zapadaj\u00ed do \u0161irok\u00e9ho <span class=\"iwg-fachbegriff\" data-tooltip=\"Epocha \u0159eck\u00e9 a \u0159\u00edmsk\u00e9 kultury, p\u0159ibli\u017en\u011b od 800 p\u0159. n. l. do 600 n. l.\" tabindex=\"0\">antick\u00e9ho<\/span> pole v\u00fdznam\u016f, na kter\u00e9 nav\u00e1zal pozd\u011bj\u0161\u00ed v\u00fdklad o jejich odvracej\u00edc\u00ed funkci.<\/p>\t\t\t\t\t\t\t\t<\/div>\n\t\t\t\t<\/div>\n\t\t\t\t\t<\/div>\n\t\t\t\t<\/div>\n\t\t<div class=\"elementor-element elementor-element-iwgs-spiegelabweh-s4 e-flex e-con-boxed e-con e-parent\" data-id=\"iwgs-spiegelabweh-s4\" data-element_type=\"container\" data-e-type=\"container\">\n\t\t\t\t\t<div class=\"e-con-inner\">\n\t\t\t\t<div class=\"elementor-element elementor-element-iwgs-spiegelabweh-s4h elementor-widget elementor-widget-heading\" data-id=\"iwgs-spiegelabweh-s4h\" data-element_type=\"widget\" data-e-type=\"widget\" data-widget_type=\"heading.default\">\n\t\t\t\t\t<h2 class=\"elementor-heading-title elementor-size-default\">P\u0159\u00edklady z evropsk\u00e9 lidov\u00e9 magie<\/h2>\t\t\t\t<\/div>\n\t\t<div class=\"elementor-element elementor-element-iwgs-spiegelabweh-s4box e-con-full e-flex e-con e-parent\" data-id=\"iwgs-spiegelabweh-s4box\" data-element_type=\"container\" data-e-type=\"container\">\n\t\t\t\t<div class=\"elementor-element elementor-element-iwgs-spiegelabweh-s4t elementor-widget elementor-widget-text-editor\" data-id=\"iwgs-spiegelabweh-s4t\" data-element_type=\"widget\" data-e-type=\"widget\" data-widget_type=\"text-editor.default\">\n\t\t\t\t\t\t\t\t\t<p>V evropsk\u00e9 lidov\u00e9 magii je zrcadlo spojeno s celou \u0159adou zvyk\u016f. Etnografick\u00e9 sb\u00edrky vypr\u00e1v\u00ed o zrcadlech, kter\u00e1 byla um\u00eds\u0165ov\u00e1na na m\u00edstech pokl\u00e1dan\u00fdch za nebezpe\u010dn\u00e1 nebo pou\u017e\u00edv\u00e1na p\u0159i ur\u010dit\u00fdch p\u0159\u00edle\u017eitostech.<\/p><p>Roz\u0161\u00ed\u0159en\u00fdm <span class=\"iwg-fachbegriff\" data-tooltip=\"Tradovan\u00fd \u00fakon, pravideln\u011b opakovan\u00fd v r\u00e1mci ur\u010dit\u00e9ho spole\u010denstv\u00ed.\" tabindex=\"0\">zvykem<\/span> je zakr\u00fdv\u00e1n\u00ed nebo obracen\u00ed zrcadel p\u0159i \u00famrt\u00ed v rodin\u011b. Etnografick\u00e9 prameny o tom pod\u00e1vaj\u00ed zpr\u00e1vy z mnoha oblast\u00ed. P\u0159esn\u00fd v\u00fdklad tohoto zvyku nen\u00ed ve v\u00fdzkumu jednotn\u00fd.<\/p><p>Leskl\u00e9 z\u00e1v\u011bsky a mal\u00e9 zrcadl\u00edc\u00ed prvky se v n\u011bkter\u00fdch oblastech um\u00eds\u0165ovaly na od\u011bv a \u0161perky. M\u011bly na sebe upoutat pohled pokl\u00e1dan\u00fd za \u0161kodliv\u00fd a odv\u00e9st jej od nositele.<\/p><p>Zrcadla um\u00edst\u011bn\u00e1 na domech jsou dochov\u00e1na v n\u011bkter\u00fdch oblastech. Byla um\u00eds\u0165ov\u00e1na na okna nebo dve\u0159e a m\u011bla odr\u00e1\u017eet vliv p\u0159ich\u00e1zej\u00edc\u00ed zven\u010d\u00ed.<\/p><p>Zpr\u00e1vy o zvyc\u00edch spojen\u00fdch se zrcadlem dokumentuj\u00ed o\u010dek\u00e1v\u00e1n\u00ed t\u011bch, kdo je pou\u017e\u00edvali, nikoli prok\u00e1zan\u00fd \u00fa\u010dinek. Ukazuj\u00ed, \u017ee zrcadlo bylo ch\u00e1p\u00e1no jako p\u0159edm\u011bt se zvl\u00e1\u0161tn\u00edm v\u00fdznamem.<\/p><p>S \u00fastupem magick\u00fdch dom\u00e1c\u00edch zvyk\u016f ztratila mnoh\u00e1 z t\u011bchto zrcadlov\u00fdch praktik svou v\u0161edn\u00ed \u00falohu. N\u011bkter\u00e9, jako zakr\u00fdv\u00e1n\u00ed zrcadel p\u0159i \u00famrt\u00ed, se v jednotliv\u00fdch oblastech udr\u017eely d\u00e9le.<\/p><p>Z n\u011bmecky mluv\u00edc\u00edch oblast\u00ed etnografick\u00e9 sb\u00edrky uv\u00e1d\u011bj\u00ed, \u017ee zrcadla v obytn\u00e9 sv\u011btnici byla p\u0159i ur\u010dit\u00fdch p\u0159\u00edle\u017eitostech zakr\u00fdv\u00e1na nebo obracena. Vedle \u00famrt\u00ed je to zmi\u0148ov\u00e1no i v souvislosti s bou\u0159kou a s narozen\u00edm d\u00edt\u011bte. Handw\u00f6rterbuch des deutschen Aberglaubens tyto zvyky p\u0159i\u0159azuje p\u0159edstav\u011b, \u017ee zrcadl\u00edc\u00ed plocha vy\u017eaduje zvl\u00e1\u0161tn\u00ed pozornost v citliv\u00fdch okam\u017eic\u00edch.<\/p>\t\t\t\t\t\t\t\t<\/div>\n\t\t\t\t<\/div>\n\t\t\t\t\t<\/div>\n\t\t\t\t<\/div>\n\t\t<div class=\"elementor-element elementor-element-iwgs-spiegelabweh-s5 e-flex e-con-boxed e-con e-parent\" data-id=\"iwgs-spiegelabweh-s5\" data-element_type=\"container\" data-e-type=\"container\">\n\t\t\t\t\t<div class=\"e-con-inner\">\n\t\t\t\t<div class=\"elementor-element elementor-element-iwgs-spiegelabweh-s5h elementor-widget elementor-widget-heading\" data-id=\"iwgs-spiegelabweh-s5h\" data-element_type=\"widget\" data-e-type=\"widget\" data-widget_type=\"heading.default\">\n\t\t\t\t\t<h2 class=\"elementor-heading-title elementor-size-default\">P\u0159\u00edklady z Asie a dal\u0161\u00edch kultur<\/h2>\t\t\t\t<\/div>\n\t\t<div class=\"elementor-element elementor-element-iwgs-spiegelabweh-s5box e-con-full e-flex e-con e-parent\" data-id=\"iwgs-spiegelabweh-s5box\" data-element_type=\"container\" data-e-type=\"container\">\n\t\t\t\t<div class=\"elementor-element elementor-element-iwgs-spiegelabweh-s5t elementor-widget elementor-widget-text-editor\" data-id=\"iwgs-spiegelabweh-s5t\" data-element_type=\"widget\" data-e-type=\"widget\" data-widget_type=\"text-editor.default\">\n\t\t\t\t\t\t\t\t\t<p>V \u010c\u00edn\u011b m\u00e1 odvracej\u00edc\u00ed zrcadlo zvl\u00e1\u0161\u0165 pevn\u00e9 m\u00edsto. Osmi\u00faheln\u00edkov\u00e9 <a href=\"https:\/\/iwell-guard.com\/cs\/?page_id=145674\">zrcadlo Bagua<\/a> se um\u00eds\u0165uje nad dve\u0159e a m\u00e1 odr\u00e1\u017eet vlivy p\u0159ich\u00e1zej\u00edc\u00ed zven\u010d\u00ed. Pou\u017e\u00edv\u00e1 se dodnes.<\/p><p>V mongolsk\u00e9 a v tibetsko-buddhistick\u00e9 tradici hraje roli toli, kulat\u00fd kovov\u00fd ter\u010d zrcadla. Pou\u017e\u00edv\u00e1 se mimo jin\u00e9 v ritu\u00e1ln\u00ed oblasti a je spojov\u00e1n s \u010distotou a odvracen\u00edm.<\/p><p>V ji\u017en\u00ed Asii jsou mal\u00e1 zrcadla roz\u0161\u00ed\u0159ena ve v\u00fd\u0161ivk\u00e1ch a textili\u00edch. Tato zrcadlov\u00e1 v\u00fd\u0161ivka zdob\u00ed od\u011bvy a \u0161\u00e1tky a je z\u00e1rove\u0148 spojov\u00e1na s p\u0159edstavou odv\u00e1d\u011bt pohled pokl\u00e1dan\u00fd za \u0161kodliv\u00fd.<\/p><p>V r\u016fzn\u00fdch kultur\u00e1ch se le\u0161t\u011bn\u00e9 kovov\u00e9 plochy a leskl\u00e9 p\u0159edm\u011bty pou\u017e\u00edvaly podobn\u00fdm zp\u016fsobem. Lesk byl pokl\u00e1d\u00e1n za prost\u0159edek, jak na sebe upoutat pohled a t\u00edm jej zne\u0161kodnit.<\/p><p>Nap\u0159\u00ed\u010d t\u011bmito oblastmi se ukazuje, \u017ee zrcadlu byl v mnoha kultur\u00e1ch p\u0159ikl\u00e1d\u00e1n odvracej\u00edc\u00ed v\u00fdklad. My\u0161lenka odra\u017een\u00ed nen\u00ed <span class=\"iwg-fachbegriff\" data-tooltip=\"Opakuj\u00edc\u00ed se obsahov\u00fd prvek v um\u011bn\u00ed nebo vypr\u00e1v\u011bn\u00ed.\" tabindex=\"0\">motivem<\/span> jedin\u00e9 tradice.<\/p><p>Rozmanitost p\u0159\u00edklad\u016f ukazuje, \u017ee odvracej\u00edc\u00ed zrcadlo je t\u0159eba ch\u00e1pat jako princip. Vznik\u00e1 v\u017edy tam, kde je odraz zrcadla p\u0159en\u00e1\u0161en na \u0161kodliv\u00e9 vlivy.<\/p><p>V \u010d\u00e1stech Ji\u017en\u00ed a St\u0159edn\u00ed Ameriky jsou dochov\u00e1ny le\u0161t\u011bn\u00e9 kamenn\u00e9 desti\u010dky z obsidi\u00e1nu, jim\u017e byl v p\u0159edkoloni\u00e1ln\u00edm obdob\u00ed p\u0159ikl\u00e1d\u00e1n zvl\u00e1\u0161tn\u00ed v\u00fdznam. Pou\u017e\u00edvaly se k vid\u011bn\u00ed a v\u00fdkladu a byly spojov\u00e1ny s p\u0159edstavami o sv\u011btle a odrazu. Tyto p\u0159\u00edklady ukazuj\u00ed, \u017ee v\u00fdklad zrcadl\u00edc\u00ed plochy nez\u016fstal omezen na eurasijsk\u00fd prostor.<\/p>\t\t\t\t\t\t\t\t<\/div>\n\t\t\t\t<\/div>\n\t\t\t\t\t<\/div>\n\t\t\t\t<\/div>\n\t\t<div class=\"elementor-element elementor-element-iwgs-spiegelabweh-s6 e-flex e-con-boxed e-con e-parent\" data-id=\"iwgs-spiegelabweh-s6\" data-element_type=\"container\" data-e-type=\"container\">\n\t\t\t\t\t<div class=\"e-con-inner\">\n\t\t\t\t<div class=\"elementor-element elementor-element-iwgs-spiegelabweh-s6h elementor-widget elementor-widget-heading\" data-id=\"iwgs-spiegelabweh-s6h\" data-element_type=\"widget\" data-e-type=\"widget\" data-widget_type=\"heading.default\">\n\t\t\t\t\t<h2 class=\"elementor-heading-title elementor-size-default\">Pou\u017eit\u00ed v ritu\u00e1lu a v ka\u017edodenn\u00edm \u017eivot\u011b<\/h2>\t\t\t\t<\/div>\n\t\t<div class=\"elementor-element elementor-element-iwgs-spiegelabweh-s6box e-con-full e-flex e-con e-parent\" data-id=\"iwgs-spiegelabweh-s6box\" data-element_type=\"container\" data-e-type=\"container\">\n\t\t\t\t<div class=\"elementor-element elementor-element-iwgs-spiegelabweh-s6t elementor-widget elementor-widget-text-editor\" data-id=\"iwgs-spiegelabweh-s6t\" data-element_type=\"widget\" data-e-type=\"widget\" data-widget_type=\"text-editor.default\">\n\t\t\t\t\t\t\t\t\t<p>Ochrann\u00e9 zrcadlo bylo v b\u011b\u017en\u00e9m \u017eivot\u011b um\u00eds\u0165ov\u00e1no p\u0159edev\u0161\u00edm u vchod\u016f. Nad dve\u0159mi a na oknech m\u011blo odr\u00e1\u017eet vliv p\u0159ich\u00e1zej\u00edc\u00ed z vn\u011bj\u0161ku. Toto pou\u017eit\u00ed je spojuje s ochranou prahu.<\/p><p>Jako p\u0159enosn\u00fd p\u0159edm\u011bt bylo zrcadlo zakomponov\u00e1no do \u0161perk\u016f, od\u011bv\u016f a amulet\u016f. Mal\u00e9 leskl\u00e9 plochy doprov\u00e1zely sv\u00e9ho nositele a m\u011bly odv\u00e1d\u011bt pohled pova\u017eovan\u00fd za \u0161kodliv\u00fd.<\/p><p>V ritu\u00e1ln\u00edch souvislostech hr\u00e1lo zrcadlo n\u011bkdy roli p\u0159i \u00fakonech, kter\u00e9 m\u011bly zajistit m\u00edsto nebo osobu. Zrcadlo bylo pak c\u00edlen\u011b orientov\u00e1no, nap\u0159\u00edklad sm\u011brem k stran\u011b pova\u017eovan\u00e9 za ohro\u017eenou.<\/p><p>Orientace b\u00fdvala \u010dasto d\u016fle\u017eit\u00e1. Ochrann\u00e9 zrcadlo m\u011blo sm\u011b\u0159ovat ven, k ulici, k sousedn\u00edmu pozemku nebo k otev\u0159en\u00e9mu poli. Orientace dovnit\u0159 byla v mnoha tradic\u00edch pova\u017eov\u00e1na za nevhodnou.<\/p><p>N\u011bkter\u00e9 zvyky spojovaly um\u00edst\u011bn\u00ed zrcadla s pron\u00e1\u0161en\u00fdmi slovy nebo s ur\u010dit\u00fdm okam\u017eikem. Zrcadlo bylo pak sou\u010d\u00e1st\u00ed v\u011bt\u0161\u00edho \u00fakonu, nikoli pouze um\u00edst\u011bn\u00fdm p\u0159edm\u011btem.<\/p><p>Jednotn\u00fd ritu\u00e1ln\u00ed \u0159\u00e1d pro ochrann\u00e9 zrcadlo neexistuje. Konkr\u00e9tn\u00ed podoba z\u00e1visela na regionu a tradici, co\u017e etnografick\u00fd v\u00fdzkum opakovan\u011b zaznamenal.<\/p><p>Tak\u00e9 okam\u017eik um\u00edst\u011bn\u00ed byl v n\u011bkter\u00fdch tradic\u00edch pevn\u011b stanoven. Zrcadlo se m\u011blo um\u00edstit v ur\u010ditou denn\u00ed dobu nebo v ur\u010dit\u00fd den, aby mu n\u00e1le\u017eel p\u0159ipisovan\u00fd v\u00fdznam. Takov\u00e1 pravidla ukazuj\u00ed, \u017ee ochrann\u00e9 zrcadlo mohlo b\u00fdt zapojeno do ust\u00e1len\u00e9ho <span class=\"iwg-fachbegriff\" data-tooltip=\"Tradovan\u00fd \u00fakon, pravideln\u011b opakovan\u00fd v r\u00e1mci ur\u010dit\u00e9ho spole\u010denstv\u00ed.\" tabindex=\"0\">zvyku<\/span>.<\/p>\t\t\t\t\t\t\t\t<\/div>\n\t\t\t\t<\/div>\n\t\t\t\t\t<\/div>\n\t\t\t\t<\/div>\n\t\t<div class=\"elementor-element elementor-element-iwgs-spiegelabweh-s7 e-flex e-con-boxed e-con e-parent\" data-id=\"iwgs-spiegelabweh-s7\" data-element_type=\"container\" data-e-type=\"container\">\n\t\t\t\t\t<div class=\"e-con-inner\">\n\t\t\t\t<div class=\"elementor-element elementor-element-iwgs-spiegelabweh-s7h elementor-widget elementor-widget-heading\" data-id=\"iwgs-spiegelabweh-s7h\" data-element_type=\"widget\" data-e-type=\"widget\" data-widget_type=\"heading.default\">\n\t\t\t\t\t<h2 class=\"elementor-heading-title elementor-size-default\">P\u0159\u00edbuzn\u00e9 ochrann\u00e9 formy a vymezen\u00ed<\/h2>\t\t\t\t<\/div>\n\t\t<div class=\"elementor-element elementor-element-iwgs-spiegelabweh-s7box e-con-full e-flex e-con e-parent\" data-id=\"iwgs-spiegelabweh-s7box\" data-element_type=\"container\" data-e-type=\"container\">\n\t\t\t\t<div class=\"elementor-element elementor-element-iwgs-spiegelabweh-s7t elementor-widget elementor-widget-text-editor\" data-id=\"iwgs-spiegelabweh-s7t\" data-element_type=\"widget\" data-e-type=\"widget\" data-widget_type=\"text-editor.default\">\n\t\t\t\t\t\t\t\t\t<p>Ochrann\u00e9 zrcadlo je v bl\u00edzk\u00e9m p\u0159\u00edbuzensk\u00e9m vztahu s motivem oka proti \u0161kodliv\u00e9mu pohledu. <a href=\"https:\/\/iwell-guard.com\/cs\/?page_id=145652\">Nazar Boncu\u011fu<\/a> se stejn\u011b jako zrcadlo obrac\u00ed proti pohledu, av\u0161ak pracuje s obrazov\u00fdm motivem m\u00edsto s odrazem.<\/p><p>Zrcadlo je tak\u00e9 \u00fazce spojeno se v\u0161emi leskl\u00fdmi ochrann\u00fdmi prvky. Bly\u0161tiv\u00e9 p\u0159\u00edv\u011bsky, perly a kovov\u00e9 plochy sd\u00edlej\u00ed se zrcadlem my\u0161lenku, \u017ee lesk na sebe upout\u00e1v\u00e1 pohled a odv\u00e1d\u00ed jej.<\/p><p>Od \u010dist\u011b obrazov\u00e9ho amuletu se zrcadlo li\u0161\u00ed svou fyzik\u00e1ln\u00ed vlastnost\u00ed. Obrazov\u00fd amulet nese namalovan\u00fd nebo vyryt\u00fd <span class=\"iwg-fachbegriff\" data-tooltip=\"Opakuj\u00edc\u00ed se obsahov\u00fd prvek v um\u011bn\u00ed nebo vypr\u00e1v\u011bn\u00ed.\" tabindex=\"0\">motiv<\/span>. Zrcadlo naproti tomu skute\u010dn\u011b odr\u00e1\u017e\u00ed sv\u011btlo, a k t\u00e9to re\u00e1ln\u00e9 vlastnosti se v\u00e1\u017ee jeho v\u00fdklad.<\/p><p>Hranice existuje v\u016f\u010di zrcadlu jako v\u011b\u0161tebn\u00e9mu n\u00e1stroji. V n\u011bkter\u00fdch tradic\u00edch slou\u017e\u00ed leskl\u00e1 plocha k vyhl\u00ed\u017een\u00ed a v\u011b\u0161t\u011bn\u00ed. Toto pou\u017eit\u00ed je t\u0159eba odli\u0161it od ochrann\u00e9ho zrcadla, i kdy\u017e ob\u011b pou\u017e\u00edvaj\u00ed stejn\u00fd p\u0159edm\u011bt.<\/p><p>Ochrann\u00e9 zrcadlo je d\u00e1le t\u0159eba odli\u0161it od zrcadla jako pouh\u00e9 ozdoby. Dekorativn\u00ed zrcadlo nemus\u00ed nutn\u011b n\u00e9st ochrann\u00fd v\u00fdklad. Rozhoduj\u00edc\u00ed je funkce odrazu, kter\u00e1 mu je p\u0159ipisov\u00e1na.<\/p><p>Za\u0159azen\u00ed do tohoto sousedstv\u00ed pom\u00e1h\u00e1 ochrann\u00e9 zrcadlo p\u0159esn\u011b vymezit. Jde o p\u0159edm\u011bt, kter\u00e9mu je na z\u00e1klad\u011b jeho odrazivosti p\u0159ipisov\u00e1na odvracej\u00edc\u00ed funkce, a li\u0161\u00ed se od obrazov\u00fdch amulet\u016f i od v\u011b\u0161teck\u00e9ho zrcadla.<\/p><p>Hranice existuje tak\u00e9 v\u016f\u010di zrcadlu jako prost\u0159edku k sebeprohl\u00ed\u017een\u00ed. V tomto b\u011b\u017en\u00e9m pou\u017eit\u00ed slou\u017e\u00ed zrcadlo k prov\u011b\u0159en\u00ed vlastn\u00edho vzhledu a nenese \u017e\u00e1dn\u00fd ochrann\u00fd v\u00fdklad. A\u017e p\u0159ipisovan\u00e1 funkce odrazu d\u011bl\u00e1 z b\u011b\u017en\u00e9ho p\u0159edm\u011btu ochrann\u00e9 zrcadlo.<\/p>\t\t\t\t\t\t\t\t<\/div>\n\t\t\t\t<\/div>\n\t\t\t\t\t<\/div>\n\t\t\t\t<\/div>\n\t\t<div class=\"elementor-element elementor-element-iwgs-spiegelabweh-s8 e-flex e-con-boxed e-con e-parent\" data-id=\"iwgs-spiegelabweh-s8\" data-element_type=\"container\" data-e-type=\"container\">\n\t\t\t\t\t<div class=\"e-con-inner\">\n\t\t\t\t<div class=\"elementor-element elementor-element-iwgs-spiegelabweh-s8h elementor-widget elementor-widget-heading\" data-id=\"iwgs-spiegelabweh-s8h\" data-element_type=\"widget\" data-e-type=\"widget\" data-widget_type=\"heading.default\">\n\t\t\t\t\t<h2 class=\"elementor-heading-title elementor-size-default\">Dne\u0161n\u00ed recepce ochrann\u00e9ho zrcadla<\/h2>\t\t\t\t<\/div>\n\t\t<div class=\"elementor-element elementor-element-iwgs-spiegelabweh-s8box e-con-full e-flex e-con e-parent\" data-id=\"iwgs-spiegelabweh-s8box\" data-element_type=\"container\" data-e-type=\"container\">\n\t\t\t\t<div class=\"elementor-element elementor-element-iwgs-spiegelabweh-s8t elementor-widget elementor-widget-text-editor\" data-id=\"iwgs-spiegelabweh-s8t\" data-element_type=\"widget\" data-e-type=\"widget\" data-widget_type=\"text-editor.default\">\n\t\t\t\t\t\t\t\t\t<p>Bagua zrcadlo je pou\u017e\u00edv\u00e1no a\u017e do sou\u010dasnosti a v prost\u0159ed\u00ed ovlivn\u011bn\u00e9m v\u00fdchodoasijskou kulturou se um\u00eds\u0165uje nad dve\u0159e. I v z\u00e1padn\u00edch zem\u00edch se nab\u00edz\u00ed a pou\u017e\u00edv\u00e1 v souvislosti s prostorov\u00fdmi naukami.<\/p><p>V modern\u00ed <span class=\"iwg-fachbegriff\" data-tooltip=\"Souhrnn\u00fd pojem pro u\u010den\u00ed, kter\u00e1 si n\u00e1rokuj\u00ed skryt\u00e9 pozn\u00e1n\u00ed dostupn\u00e9 jen zasv\u011bcen\u00fdm.\" tabindex=\"0\">esoterice<\/span> je zrcadlo \u010dasto popisov\u00e1no jako prost\u0159edek obrany. Existuj\u00ed n\u00e1vody, podle kter\u00fdch m\u00e1 b\u00fdt zrcadlo orientov\u00e1no k ochran\u011b. Takov\u00fdm nab\u00eddk\u00e1m jsou p\u0159ipisov\u00e1ny \u00fa\u010dinky, kter\u00e9 nejsou dolo\u017eeny.<\/p><p>K t\u011bmto dne\u0161n\u00edm praktik\u00e1m je t\u0159eba p\u0159istupovat kriticky. Zrcadlo je t\u0159eba ch\u00e1pat jako kulturn\u00ed <span class=\"iwg-fachbegriff\" data-tooltip=\"Znak, kter\u00fd zastupuje ur\u010ditou p\u0159edstavu nebo v\u00fdznam.\" tabindex=\"0\">symbol<\/span> a jako p\u0159edm\u011bt s dlouhou histori\u00ed v\u00fdznamu, nikoli jako ov\u011b\u0159iteln\u00fd ochrann\u00fd prost\u0159edek.<\/p><p>V popul\u00e1rn\u00ed kultu\u0159e se zrcadlo \u010dasto objevuje jako m\u00edsto p\u0159echodu a nebezpe\u010d\u00ed. Filmy a vypr\u00e1v\u011bn\u00ed navazuj\u00ed na star\u00fd, mnohovrstevn\u00fd v\u00fdznam zrcadla a spojuj\u00ed jej s nadp\u0159irozen\u00fdmi motivy.<\/p><p>Pro <span class=\"iwg-fachbegriff\" data-tooltip=\"V\u011bdn\u00ed obor, kter\u00fd srovn\u00e1vac\u00edm zp\u016fsobem a bez vyznava\u010dsk\u00e9 v\u00e1zanosti zkoum\u00e1 n\u00e1bo\u017eenstv\u00ed.\" tabindex=\"0\">religionistiku<\/span> je ochrann\u00e9 zrcadlo instruktivn\u00edm p\u0159\u00edkladem. Ukazuje, jak se fyzik\u00e1ln\u00ed vlastnost, odraz, mohla st\u00e1t z\u00e1kladem pro ochrann\u00fd v\u00fdklad.<\/p><p>Kdo se dnes zab\u00fdv\u00e1 ochrann\u00fdm zrcadlem, nal\u00e9z\u00e1 v n\u011bm p\u0159edev\u0161\u00edm kulturn\u011b-historick\u00e9 t\u00e9ma. V\u011bcn\u00fd p\u0159\u00edstup odd\u011bluje dolo\u017eenou historii zvyku od modern\u00edch p\u0159\u00edslib\u016f \u00fa\u010dinku, kter\u00e9 neobstoj\u00ed p\u0159i p\u0159ezkoum\u00e1n\u00ed.<\/p><p>Ve stavebn\u00ed historii a v etnografick\u00e9m v\u00fdzkumu hmotn\u00e9 kultury jsou zrcadla a leskl\u00e9 prvky um\u00edst\u011bn\u00e9 na domech uzn\u00e1van\u00fdm p\u0159edm\u011btem bad\u00e1n\u00ed. Jsou dokumentov\u00e1ny a vykl\u00e1d\u00e1ny jako sv\u011bdectv\u00ed o d\u0159\u00edv\u011bj\u0161\u00edm domovn\u00edm zvyku. T\u00edmto zp\u016fsobem z\u016fst\u00e1v\u00e1 ochrann\u00e9 zrcadlo uchopiteln\u00e9 i tam, kde p\u0159\u00edslu\u0161n\u00e1 v\u00edra ji\u017e d\u00e1vno nen\u00ed \u017eiv\u00e1.<\/p>\t\t\t\t\t\t\t\t<\/div>\n\t\t\t\t<\/div>\n\t\t\t\t\t<\/div>\n\t\t\t\t<\/div>\n\t\t<div class=\"elementor-element elementor-element-iwgs-spiegelabweh-lit e-flex e-con-boxed e-con e-parent\" data-id=\"iwgs-spiegelabweh-lit\" data-element_type=\"container\" data-e-type=\"container\">\n\t\t\t\t\t<div class=\"e-con-inner\">\n\t\t\t\t<div class=\"elementor-element elementor-element-iwgs-spiegelabweh-lith elementor-widget elementor-widget-heading\" data-id=\"iwgs-spiegelabweh-lith\" data-element_type=\"widget\" data-e-type=\"widget\" data-widget_type=\"heading.default\">\n\t\t\t\t\t<h2 class=\"elementor-heading-title elementor-size-default\">Literatura (v\u00fdb\u011br)<\/h2>\t\t\t\t<\/div>\n\t\t<div class=\"elementor-element elementor-element-iwgs-spiegelabweh-litbox e-con-full e-flex e-con e-parent\" data-id=\"iwgs-spiegelabweh-litbox\" data-element_type=\"container\" data-e-type=\"container\">\n\t\t\t\t<div class=\"elementor-element elementor-element-iwgs-spiegelabweh-litt elementor-widget elementor-widget-html\" data-id=\"iwgs-spiegelabweh-litt\" data-element_type=\"widget\" data-e-type=\"widget\" data-widget_type=\"html.default\">\n\t\t\t\t\t<footer data-nosnippet=\"true\"><ul><li>Liselotte Hansmann, Lenz Kriss-Rettenbeck: <em>Amulett und Talisman. Erscheinungsform und Geschichte<\/em> (1966)<\/li><li>Alan Dundes (Hrsg.): <em>The Evil Eye. A Casebook<\/em> (1981)<\/li><li>Hanns B\u00e4chtold-St\u00e4ubli (Hrsg.): <em>Handw\u00f6rterbuch des deutschen Aberglaubens<\/em> (1927-1942)<\/li><li>Wolfram Eberhard: <em>Lexikon chinesischer Symbole<\/em> (1983)<\/li><li>Sabine Melchior-Bonnet: <em>Der Spiegel. Geschichte eines Kultobjekts<\/em> (1994)<\/li><\/ul><\/footer>\t\t\t\t<\/div>\n\t\t\t\t<\/div>\n\t\t\t\t\t<\/div>\n\t\t\t\t<\/div>\n\t\t<div class=\"elementor-element elementor-element-iwgs-spiegelabweh-kwd e-flex e-con-boxed e-con e-parent\" data-id=\"iwgs-spiegelabweh-kwd\" data-element_type=\"container\" data-e-type=\"container\">\n\t\t\t\t\t<div class=\"e-con-inner\">\n\t\t\t\t<div class=\"elementor-element elementor-element-iwgs-spiegelabweh-kwdt elementor-widget elementor-widget-text-editor\" data-id=\"iwgs-spiegelabweh-kwdt\" data-element_type=\"widget\" data-e-type=\"widget\" data-widget_type=\"text-editor.default\">\n\t\t\t\t\t\t\t\t\t<p><em>Souvisej\u00edc\u00ed kl\u00ed\u010dov\u00e9 pojmy: zrcadlo jako ochrann\u00fd prost\u0159edek, bagua zrcadlo, toli, odraz, <span class=\"iwg-fachbegriff\" data-tooltip=\"Roz\u0161\u00ed\u0159en\u00e1 p\u0159edstava, \u017ee z\u00e1vistiv\u00fd pohled jin\u00e9 osoby m\u016f\u017ee zp\u016fsobit \u0161kodu.\" tabindex=\"0\">uhran\u010div\u00fd pohled<\/span>, zrcadlov\u00e1 v\u00fd\u0161ivka, leskl\u00e9 p\u0159\u00edv\u011bsky, reflexe, <span class=\"iwg-fachbegriff\" data-tooltip=\"Odvracej\u00edc\u00ed ne\u0161t\u011bst\u00ed: o znamen\u00edch a p\u0159edm\u011btech, kter\u00e9 maj\u00ed odvracet \u0161kodliv\u00e9 vlivy.\" tabindex=\"0\">apotropaick\u00fd<\/span>, ochrann\u00e9 zrcadlo.<\/em><\/p>\t\t\t\t\t\t\t\t<\/div>\n\t\t\t\t\t<\/div>\n\t\t\t\t<\/div>\n\t\t<div class=\"elementor-element elementor-element-iwgs-spiegelabweh-cc e-flex e-con-boxed e-con e-parent\" data-id=\"iwgs-spiegelabweh-cc\" data-element_type=\"container\" data-e-type=\"container\" id=\"iwg-cc-spiegel-abwehr\">\n\t\t\t\t\t<div class=\"e-con-inner\">\n\t\t<div class=\"elementor-element elementor-element-iwgs-spiegelabweh-ccinner e-flex e-con-boxed e-con e-parent\" data-id=\"iwgs-spiegelabweh-ccinner\" data-element_type=\"container\" data-e-type=\"container\" data-settings=\"{&quot;background_background&quot;:&quot;classic&quot;}\">\n\t\t\t\t\t<div class=\"e-con-inner\">\n\t\t\t\t<div class=\"elementor-element elementor-element-iwgs-spiegelabweh-cch elementor-widget elementor-widget-heading\" data-id=\"iwgs-spiegelabweh-cch\" data-element_type=\"widget\" data-e-type=\"widget\" data-widget_type=\"heading.default\">\n\t\t\t\t\t<h2 class=\"elementor-heading-title elementor-size-default\">iWell Guard a ochrann\u00e9 tradice<\/h2>\t\t\t\t<\/div>\n\t\t\t\t<div class=\"elementor-element elementor-element-iwgs-spiegelabweh-cct elementor-widget elementor-widget-text-editor\" data-id=\"iwgs-spiegelabweh-cct\" data-element_type=\"widget\" data-e-type=\"widget\" data-widget_type=\"text-editor.default\">\n\t\t\t\t\t\t\t\t\t<p>iWell Guard navazuje na kulturn\u011b-historickou tradici p\u0159enosn\u00fdch ochrann\u00fdch p\u0159edm\u011bt\u016f, k n\u00ed\u017e pat\u0159\u00ed i ochrann\u00e9 zrcadlo. Je modern\u00edm spole\u010dn\u00edkem pro lidi, kte\u0159\u00ed \u017eij\u00ed s ochrann\u00fdmi symboly: vyrobeno v N\u011bmecku, 41 vrstev z ryz\u00edho zlata, platiny a st\u0159\u00edbra, s 30denn\u00ed lh\u016ftou na vr\u00e1cen\u00ed.<\/p>\t\t\t\t\t\t\t\t<\/div>\n\t\t\t\t<div class=\"elementor-element elementor-element-iwgs-spiegelabweh-ccb iwg-cc-button iwg-cc-cta-2026-05-13 elementor-widget elementor-widget-jet-button\" data-id=\"iwgs-spiegelabweh-ccb\" data-element_type=\"widget\" data-e-type=\"widget\" data-widget_type=\"jet-button.default\">\n\t\t\t\t<div class=\"elementor-widget-container\">\n\t\t\t\t\t<div class=\"elementor-jet-button jet-elements\"><div class=\"jet-button__container\"><a class=\"jet-button__instance jet-button__instance--icon-left hover-effect-1\" href=\"\/schutzanhaenger-iwell-guard-kaufen\/?utm_source=iwell-guard.com&amp;utm_medium=info-box&amp;utm_campaign=schutzsymbole\"><div class=\"jet-button__plane jet-button__plane-normal\"><\/div><div class=\"jet-button__plane jet-button__plane-hover\"><\/div><div class=\"jet-button__state jet-button__state-normal\"><span class=\"jet-button__label\">V\u00edce o iWell Guard<\/span><\/div><div class=\"jet-button__state jet-button__state-hover\"><span class=\"jet-button__label\">V\u00edce o iWell Guard<\/span><\/div><\/a><\/div><\/div><style>.elementor-element.elementor-element-iwgs-spiegelabweh-ccb .jet-button__instance{width:320px;height:56px;}.elementor-element.elementor-element-iwgs-spiegelabweh-ccb .jet-button__state-normal .jet-button__label{text-align:center;margin:0px 0px 0px 0px;color:#1a1b20;font-family:Montserrat,sans-serif;font-size:13px;font-weight:400;letter-spacing:4px;line-height:1.714em;text-transform:uppercase;}.elementor-element.elementor-element-iwgs-spiegelabweh-ccb .jet-button__state-hover .jet-button__label{text-align:center;margin:0px 0px 0px 0px;color:#FECC76;font-family:Montserrat,sans-serif;font-size:13px;font-weight:400;letter-spacing:4px;line-height:1.714em;text-transform:uppercase;}.elementor-element.elementor-element-iwgs-spiegelabweh-ccb .jet-button__plane-normal{background-color:#FECC76;border-style:solid;border-color:#C99540;border-width:2px 2px 2px 2px;}.elementor-element.elementor-element-iwgs-spiegelabweh-ccb .jet-button__plane-hover{background-color:rgba(0,0,0,0.55);border-style:solid;border-color:#FECC76;border-width:2px 2px 2px 2px;}<\/style>\t\t\t\t<\/div>\n\t\t\t\t<\/div>\n\t\t\t\t<div class=\"elementor-element elementor-element-iwgs-spiegelabweh-ccd elementor-widget elementor-widget-text-editor\" data-id=\"iwgs-spiegelabweh-ccd\" data-element_type=\"widget\" data-e-type=\"widget\" data-widget_type=\"text-editor.default\">\n\t\t\t\t\t\t\t\t\t<p style=\"text-align:center;font-size:13px;opacity:0.7;margin-top:14px\" data-nosnippet=\"true\">Osobn\u00ed zku\u0161enosti se mohou li\u0161it. Nejde o zdravotnick\u00fd prost\u0159edek. Nejde o p\u0159\u00edslib l\u00e9\u010den\u00ed.<\/p>\t\t\t\t\t\t\t\t<\/div>\n\t\t\t\t\t<\/div>\n\t\t\t\t<\/div>\n\t\t\t\t\t<\/div>\n\t\t\t\t<\/div>\n\t\t<div class=\"elementor-element elementor-element-iwgs-spiegelabweh-disc e-flex e-con-boxed e-con e-parent\" data-id=\"iwgs-spiegelabweh-disc\" data-element_type=\"container\" data-e-type=\"container\">\n\t\t\t\t\t<div class=\"e-con-inner\">\n\t\t\t\t<div class=\"elementor-element elementor-element-iwgs-spiegelabweh-discw elementor-widget elementor-widget-html\" data-id=\"iwgs-spiegelabweh-discw\" data-element_type=\"widget\" data-e-type=\"widget\" data-widget_type=\"html.default\">\n\t\t\t\t\t<footer data-nosnippet=\"true\" class=\"iwg-disclaimer-block\"><p data-nosnippet=\"true\">iWell Guard <strong>nen\u00ed zdravotnick\u00fd prost\u0159edek<\/strong> a nenahrazuje l\u00e9ka\u0159skou ani psychoterapeutickou l\u00e9\u010dbu. Zde uveden\u00fd obsah p\u0159edstavuje religionistick\u00e9 a kulturn\u011b-historick\u00e9 za\u0159azen\u00ed, nikoli p\u0159\u00edslib duchovn\u00edho \u00fa\u010dinku.<\/p><\/footer>\t\t\t\t<\/div>\n\t\t\t\t\t<\/div>\n\t\t\t\t<\/div>\n\t\t\t\t<\/div>\n\t\t","protected":false},"excerpt":{"rendered":"","protected":false},"author":3,"featured_media":3580,"parent":0,"menu_order":0,"comment_status":"closed","ping_status":"closed","template":"elementor_header_footer","meta":{"_yoast_wpseo_focuskw":"Zrcadlo jako ochrann\u00fd prost\u0159edek","_yoast_wpseo_title":"Zrcadlo jako ochrann\u00fd prost\u0159edek \u2013 princip odra\u017een\u00ed","_yoast_wpseo_metadesc":"Zrcadlo jako ochrann\u00fd prost\u0159edek: princip odra\u017een\u00ed, od baguov\u00e9ho zrcadla a\u017e k evropsk\u00e9 lidov\u00e9 magii, religionistick\u00fd v\u00fdklad.","_yoast_wpseo_meta-robots-noindex":"","_yoast_wpseo_canonical":"","_angie_page":false,"gefaehrdungsstufe":"","wesen_kultur":"","wesen_klasse":"","footnotes":""},"categories":[],"class_list":["post-145778","page","type-page","status-publish","has-post-thumbnail","hentry"],"yoast_head":"<!-- This site is optimized with the Yoast SEO Premium plugin v27.7 (Yoast SEO v28.3) - https:\/\/yoast.com\/product\/yoast-seo-premium-wordpress\/ -->\n<title>Zrcadlo jako ochrann\u00fd prost\u0159edek \u2013 princip odra\u017een\u00ed<\/title>\n<meta name=\"description\" content=\"Zrcadlo jako ochrann\u00fd prost\u0159edek: princip odra\u017een\u00ed, od baguov\u00e9ho zrcadla a\u017e k evropsk\u00e9 lidov\u00e9 magii, religionistick\u00fd v\u00fdklad.\" \/>\n<meta name=\"robots\" content=\"index, follow, max-snippet:-1, max-image-preview:large, max-video-preview:-1\" \/>\n<link rel=\"canonical\" href=\"https:\/\/iwell-guard.com\/cs\/zrcadlo-jako-ochranny-prostredek-princip-odrazeni\/\" \/>\n<meta property=\"og:locale\" content=\"cs_CZ\" \/>\n<meta property=\"og:type\" content=\"article\" \/>\n<meta property=\"og:title\" content=\"Zrcadlo jako ochrann\u00fd prost\u0159edek \u2013 princip odra\u017een\u00ed\" \/>\n<meta property=\"og:description\" content=\"Zrcadlo jako ochrann\u00fd prost\u0159edek: princip odra\u017een\u00ed, od baguov\u00e9ho zrcadla a\u017e k evropsk\u00e9 lidov\u00e9 magii, religionistick\u00fd v\u00fdklad.\" \/>\n<meta property=\"og:url\" content=\"https:\/\/iwell-guard.com\/cs\/zrcadlo-jako-ochranny-prostredek-princip-odrazeni\/\" \/>\n<meta property=\"og:site_name\" content=\"iWell Guard\" \/>\n<meta property=\"article:modified_time\" content=\"2026-09-03T17:05:32+00:00\" \/>\n<meta property=\"og:image\" content=\"https:\/\/iwell-guard.com\/wp-content\/uploads\/2026\/05\/schutzsymbol_universell_spiegel-abwehr.webp\" \/>\n\t<meta property=\"og:image:width\" content=\"1024\" \/>\n\t<meta property=\"og:image:height\" content=\"1536\" \/>\n\t<meta property=\"og:image:type\" content=\"image\/webp\" \/>\n<meta name=\"twitter:card\" content=\"summary_large_image\" \/>\n<script type=\"application\/ld+json\" class=\"yoast-schema-graph\">{\"@context\":\"https:\\\/\\\/schema.org\",\"@graph\":[{\"@type\":\"WebPage\",\"@id\":\"https:\\\/\\\/iwell-guard.com\\\/cs\\\/zrcadlo-jako-ochranny-prostredek-princip-odrazeni\\\/\",\"url\":\"https:\\\/\\\/iwell-guard.com\\\/cs\\\/zrcadlo-jako-ochranny-prostredek-princip-odrazeni\\\/\",\"name\":\"Zrcadlo jako ochrann\u00fd prost\u0159edek \u2013 princip odra\u017een\u00ed\",\"isPartOf\":{\"@id\":\"https:\\\/\\\/iwell-guard.com\\\/cs\\\/#website\"},\"primaryImageOfPage\":{\"@id\":\"https:\\\/\\\/iwell-guard.com\\\/cs\\\/zrcadlo-jako-ochranny-prostredek-princip-odrazeni\\\/#primaryimage\"},\"image\":{\"@id\":\"https:\\\/\\\/iwell-guard.com\\\/cs\\\/zrcadlo-jako-ochranny-prostredek-princip-odrazeni\\\/#primaryimage\"},\"thumbnailUrl\":\"https:\\\/\\\/iwell-guard.com\\\/wp-content\\\/uploads\\\/2026\\\/05\\\/schutzsymbol_universell_spiegel-abwehr.webp\",\"datePublished\":\"2026-09-03T16:33:37+00:00\",\"dateModified\":\"2026-09-03T17:05:32+00:00\",\"description\":\"Zrcadlo jako ochrann\u00fd prost\u0159edek: princip odra\u017een\u00ed, od baguov\u00e9ho zrcadla a\u017e k evropsk\u00e9 lidov\u00e9 magii, religionistick\u00fd v\u00fdklad.\",\"breadcrumb\":{\"@id\":\"https:\\\/\\\/iwell-guard.com\\\/cs\\\/zrcadlo-jako-ochranny-prostredek-princip-odrazeni\\\/#breadcrumb\"},\"inLanguage\":\"cs\",\"potentialAction\":[{\"@type\":\"ReadAction\",\"target\":[\"https:\\\/\\\/iwell-guard.com\\\/cs\\\/zrcadlo-jako-ochranny-prostredek-princip-odrazeni\\\/\"]}]},{\"@type\":\"ImageObject\",\"inLanguage\":\"cs\",\"@id\":\"https:\\\/\\\/iwell-guard.com\\\/cs\\\/zrcadlo-jako-ochranny-prostredek-princip-odrazeni\\\/#primaryimage\",\"url\":\"https:\\\/\\\/iwell-guard.com\\\/wp-content\\\/uploads\\\/2026\\\/05\\\/schutzsymbol_universell_spiegel-abwehr.webp\",\"contentUrl\":\"https:\\\/\\\/iwell-guard.com\\\/wp-content\\\/uploads\\\/2026\\\/05\\\/schutzsymbol_universell_spiegel-abwehr.webp\",\"width\":1024,\"height\":1536,\"caption\":\"Ochrann\u00fd symbol. Muzejn\u00ed ilustrace z\u00e1ti\u0161\u00ed.\"},{\"@type\":\"BreadcrumbList\",\"@id\":\"https:\\\/\\\/iwell-guard.com\\\/cs\\\/zrcadlo-jako-ochranny-prostredek-princip-odrazeni\\\/#breadcrumb\",\"itemListElement\":[{\"@type\":\"ListItem\",\"position\":1,\"name\":\"Start\",\"item\":\"https:\\\/\\\/iwell-guard.com\\\/cs\\\/?page_id=145107\"},{\"@type\":\"ListItem\",\"position\":2,\"name\":\"Zrcadlo jako ochrann\u00fd prost\u0159edek \u2013 princip odra\u017een\u00ed\"}]},{\"@type\":\"WebSite\",\"@id\":\"https:\\\/\\\/iwell-guard.com\\\/cs\\\/#website\",\"url\":\"https:\\\/\\\/iwell-guard.com\\\/cs\\\/\",\"name\":\"iWell Guard\",\"description\":\"Schutz vor dunklen Einfl\u00fcssen\",\"publisher\":{\"@id\":\"https:\\\/\\\/iwell-guard.com\\\/cs\\\/#organization\"},\"potentialAction\":[{\"@type\":\"SearchAction\",\"target\":{\"@type\":\"EntryPoint\",\"urlTemplate\":\"https:\\\/\\\/iwell-guard.com\\\/cs\\\/?s={search_term_string}\"},\"query-input\":{\"@type\":\"PropertyValueSpecification\",\"valueRequired\":true,\"valueName\":\"search_term_string\"}}],\"inLanguage\":\"cs\"},{\"@type\":\"Organization\",\"@id\":\"https:\\\/\\\/iwell-guard.com\\\/cs\\\/#organization\",\"name\":\"Ittermann electronic GmbH\",\"url\":\"https:\\\/\\\/iwell-guard.com\\\/cs\\\/\",\"logo\":{\"@type\":\"ImageObject\",\"inLanguage\":\"cs\",\"@id\":\"https:\\\/\\\/iwell-guard.com\\\/cs\\\/#\\\/schema\\\/logo\\\/image\\\/\",\"url\":\"https:\\\/\\\/iwell-guard.com\\\/wp-content\\\/uploads\\\/2026\\\/05\\\/Ittermann-Logo-1182x237-1.png\",\"contentUrl\":\"https:\\\/\\\/iwell-guard.com\\\/wp-content\\\/uploads\\\/2026\\\/05\\\/Ittermann-Logo-1182x237-1.png\",\"width\":1182,\"height\":237,\"caption\":\"Ittermann electronic GmbH\"},\"image\":{\"@id\":\"https:\\\/\\\/iwell-guard.com\\\/cs\\\/#\\\/schema\\\/logo\\\/image\\\/\"},\"sameAs\":[\"https:\\\/\\\/pantip.com\\\/profile\\\/9367242\",\"https:\\\/\\\/micro.blog\\\/iwellguard\",\"https:\\\/\\\/www.diggerslist.com\\\/iwellguard\\\/about\",\"https:\\\/\\\/skitterphoto.com\\\/photographers\\\/2870314\\\/iwell-guard\",\"https:\\\/\\\/iwellguard.wordpress.com\\\/2026\\\/06\\\/06\\\/iwell-guard\\\/\",\"https:\\\/\\\/hub.docker.com\\\/u\\\/iwellguard\",\"https:\\\/\\\/www.pinterest.com\\\/iwellguard\\\/\",\"https:\\\/\\\/bit.ly\\\/m\\\/iwellguard\",\"https:\\\/\\\/entre-vos-mains.alsace.eu\\\/profiles\\\/iwellguard\\\/activity\",\"https:\\\/\\\/gravatar.com\\\/reallybeded8fd34\",\"https:\\\/\\\/naijamatta.com\\\/iwellguard\",\"https:\\\/\\\/www.goodreads.com\\\/iwellguard\",\"https:\\\/\\\/profile.hatena.ne.jp\\\/iwellguard\\\/\",\"https:\\\/\\\/experiment.com\\\/users\\\/iwellguard\",\"https:\\\/\\\/wakelet.com\\\/@iWellGuard82270\",\"https:\\\/\\\/www.chordie.com\\\/forum\\\/profile.php?id=2555664\",\"https:\\\/\\\/www.instapaper.com\\\/p\\\/17757966\",\"https:\\\/\\\/www.mapleprimes.com\\\/users\\\/iwellguard\",\"https:\\\/\\\/businesslistingplus.com\\\/profile\\\/iwell-guard\\\/\",\"https:\\\/\\\/telegra.ph\\\/iWell-Guard-06-06\",\"https:\\\/\\\/pbase.com\\\/iwellguard\\\/iwellguard\",\"https:\\\/\\\/b.hatena.ne.jp\\\/iwellguard\\\/20260607#bookmark-4788405196491818882\",\"https:\\\/\\\/fliphtml5.com\\\/home\\\/iwellguard\",\"https:\\\/\\\/anyflip.com\\\/homepage\\\/cmiwl#About\",\"https:\\\/\\\/transfur.com\\\/Users\\\/iwellguard\",\"http:\\\/\\\/delphi.larsbo.org\\\/user\\\/iwellguard\",\"https:\\\/\\\/jobs.lajobsportal.org\\\/profiles\\\/8380803-iwell-guard\",\"https:\\\/\\\/md.chaosdorf.de\\\/s\\\/jfbe5SBdJD\",\"https:\\\/\\\/www.lingvolive.com\\\/en-us\\\/profile\\\/9ecaeaca-ce11-4e51-9e71-01d55e2bff36\\\/translations\",\"https:\\\/\\\/www.fitday.com\\\/fitness\\\/forums\\\/members\\\/iwellguard.html\",\"https:\\\/\\\/www.mymeetbook.com\\\/iwellguard\",\"https:\\\/\\\/pxhere.com\\\/en\\\/photographer-me\\\/5040798\",\"https:\\\/\\\/disqus.com\\\/by\\\/iwellguard\\\/about\\\/\",\"https:\\\/\\\/pastelink.net\\\/hjwciqwq\",\"https:\\\/\\\/pubhtml5.com\\\/homepage\\\/scjhn\\\/\",\"https:\\\/\\\/www.bitchute.com\\\/channel\\\/2O2eOKzNqujT\",\"https:\\\/\\\/audiomack.com\\\/iwellguard\"]}]}<\/script>\n<!-- \/ Yoast SEO Premium plugin. -->","yoast_head_json":{"title":"Zrcadlo jako ochrann\u00fd prost\u0159edek \u2013 princip odra\u017een\u00ed","description":"Zrcadlo jako ochrann\u00fd prost\u0159edek: princip odra\u017een\u00ed, od baguov\u00e9ho zrcadla a\u017e k evropsk\u00e9 lidov\u00e9 magii, religionistick\u00fd v\u00fdklad.","robots":{"index":"index","follow":"follow","max-snippet":"max-snippet:-1","max-image-preview":"max-image-preview:large","max-video-preview":"max-video-preview:-1"},"canonical":"https:\/\/iwell-guard.com\/cs\/zrcadlo-jako-ochranny-prostredek-princip-odrazeni\/","og_locale":"cs_CZ","og_type":"article","og_title":"Zrcadlo jako ochrann\u00fd prost\u0159edek \u2013 princip odra\u017een\u00ed","og_description":"Zrcadlo jako ochrann\u00fd prost\u0159edek: princip odra\u017een\u00ed, od baguov\u00e9ho zrcadla a\u017e k evropsk\u00e9 lidov\u00e9 magii, religionistick\u00fd v\u00fdklad.","og_url":"https:\/\/iwell-guard.com\/cs\/zrcadlo-jako-ochranny-prostredek-princip-odrazeni\/","og_site_name":"iWell Guard","article_modified_time":"2026-09-03T17:05:32+00:00","og_image":[{"width":1024,"height":1536,"url":"https:\/\/iwell-guard.com\/wp-content\/uploads\/2026\/05\/schutzsymbol_universell_spiegel-abwehr.webp","type":"image\/webp"}],"twitter_card":"summary_large_image","schema":{"@context":"https:\/\/schema.org","@graph":[{"@type":"WebPage","@id":"https:\/\/iwell-guard.com\/cs\/zrcadlo-jako-ochranny-prostredek-princip-odrazeni\/","url":"https:\/\/iwell-guard.com\/cs\/zrcadlo-jako-ochranny-prostredek-princip-odrazeni\/","name":"Zrcadlo jako ochrann\u00fd prost\u0159edek \u2013 princip odra\u017een\u00ed","isPartOf":{"@id":"https:\/\/iwell-guard.com\/cs\/#website"},"primaryImageOfPage":{"@id":"https:\/\/iwell-guard.com\/cs\/zrcadlo-jako-ochranny-prostredek-princip-odrazeni\/#primaryimage"},"image":{"@id":"https:\/\/iwell-guard.com\/cs\/zrcadlo-jako-ochranny-prostredek-princip-odrazeni\/#primaryimage"},"thumbnailUrl":"https:\/\/iwell-guard.com\/wp-content\/uploads\/2026\/05\/schutzsymbol_universell_spiegel-abwehr.webp","datePublished":"2026-09-03T16:33:37+00:00","dateModified":"2026-09-03T17:05:32+00:00","description":"Zrcadlo jako ochrann\u00fd prost\u0159edek: princip odra\u017een\u00ed, od baguov\u00e9ho zrcadla a\u017e k evropsk\u00e9 lidov\u00e9 magii, religionistick\u00fd v\u00fdklad.","breadcrumb":{"@id":"https:\/\/iwell-guard.com\/cs\/zrcadlo-jako-ochranny-prostredek-princip-odrazeni\/#breadcrumb"},"inLanguage":"cs","potentialAction":[{"@type":"ReadAction","target":["https:\/\/iwell-guard.com\/cs\/zrcadlo-jako-ochranny-prostredek-princip-odrazeni\/"]}]},{"@type":"ImageObject","inLanguage":"cs","@id":"https:\/\/iwell-guard.com\/cs\/zrcadlo-jako-ochranny-prostredek-princip-odrazeni\/#primaryimage","url":"https:\/\/iwell-guard.com\/wp-content\/uploads\/2026\/05\/schutzsymbol_universell_spiegel-abwehr.webp","contentUrl":"https:\/\/iwell-guard.com\/wp-content\/uploads\/2026\/05\/schutzsymbol_universell_spiegel-abwehr.webp","width":1024,"height":1536,"caption":"Ochrann\u00fd symbol. Muzejn\u00ed ilustrace z\u00e1ti\u0161\u00ed."},{"@type":"BreadcrumbList","@id":"https:\/\/iwell-guard.com\/cs\/zrcadlo-jako-ochranny-prostredek-princip-odrazeni\/#breadcrumb","itemListElement":[{"@type":"ListItem","position":1,"name":"Start","item":"https:\/\/iwell-guard.com\/cs\/?page_id=145107"},{"@type":"ListItem","position":2,"name":"Zrcadlo jako ochrann\u00fd prost\u0159edek \u2013 princip odra\u017een\u00ed"}]},{"@type":"WebSite","@id":"https:\/\/iwell-guard.com\/cs\/#website","url":"https:\/\/iwell-guard.com\/cs\/","name":"iWell Guard","description":"Schutz vor dunklen Einfl\u00fcssen","publisher":{"@id":"https:\/\/iwell-guard.com\/cs\/#organization"},"potentialAction":[{"@type":"SearchAction","target":{"@type":"EntryPoint","urlTemplate":"https:\/\/iwell-guard.com\/cs\/?s={search_term_string}"},"query-input":{"@type":"PropertyValueSpecification","valueRequired":true,"valueName":"search_term_string"}}],"inLanguage":"cs"},{"@type":"Organization","@id":"https:\/\/iwell-guard.com\/cs\/#organization","name":"Ittermann electronic GmbH","url":"https:\/\/iwell-guard.com\/cs\/","logo":{"@type":"ImageObject","inLanguage":"cs","@id":"https:\/\/iwell-guard.com\/cs\/#\/schema\/logo\/image\/","url":"https:\/\/iwell-guard.com\/wp-content\/uploads\/2026\/05\/Ittermann-Logo-1182x237-1.png","contentUrl":"https:\/\/iwell-guard.com\/wp-content\/uploads\/2026\/05\/Ittermann-Logo-1182x237-1.png","width":1182,"height":237,"caption":"Ittermann electronic GmbH"},"image":{"@id":"https:\/\/iwell-guard.com\/cs\/#\/schema\/logo\/image\/"},"sameAs":["https:\/\/pantip.com\/profile\/9367242","https:\/\/micro.blog\/iwellguard","https:\/\/www.diggerslist.com\/iwellguard\/about","https:\/\/skitterphoto.com\/photographers\/2870314\/iwell-guard","https:\/\/iwellguard.wordpress.com\/2026\/06\/06\/iwell-guard\/","https:\/\/hub.docker.com\/u\/iwellguard","https:\/\/www.pinterest.com\/iwellguard\/","https:\/\/bit.ly\/m\/iwellguard","https:\/\/entre-vos-mains.alsace.eu\/profiles\/iwellguard\/activity","https:\/\/gravatar.com\/reallybeded8fd34","https:\/\/naijamatta.com\/iwellguard","https:\/\/www.goodreads.com\/iwellguard","https:\/\/profile.hatena.ne.jp\/iwellguard\/","https:\/\/experiment.com\/users\/iwellguard","https:\/\/wakelet.com\/@iWellGuard82270","https:\/\/www.chordie.com\/forum\/profile.php?id=2555664","https:\/\/www.instapaper.com\/p\/17757966","https:\/\/www.mapleprimes.com\/users\/iwellguard","https:\/\/businesslistingplus.com\/profile\/iwell-guard\/","https:\/\/telegra.ph\/iWell-Guard-06-06","https:\/\/pbase.com\/iwellguard\/iwellguard","https:\/\/b.hatena.ne.jp\/iwellguard\/20260607#bookmark-4788405196491818882","https:\/\/fliphtml5.com\/home\/iwellguard","https:\/\/anyflip.com\/homepage\/cmiwl#About","https:\/\/transfur.com\/Users\/iwellguard","http:\/\/delphi.larsbo.org\/user\/iwellguard","https:\/\/jobs.lajobsportal.org\/profiles\/8380803-iwell-guard","https:\/\/md.chaosdorf.de\/s\/jfbe5SBdJD","https:\/\/www.lingvolive.com\/en-us\/profile\/9ecaeaca-ce11-4e51-9e71-01d55e2bff36\/translations","https:\/\/www.fitday.com\/fitness\/forums\/members\/iwellguard.html","https:\/\/www.mymeetbook.com\/iwellguard","https:\/\/pxhere.com\/en\/photographer-me\/5040798","https:\/\/disqus.com\/by\/iwellguard\/about\/","https:\/\/pastelink.net\/hjwciqwq","https:\/\/pubhtml5.com\/homepage\/scjhn\/","https:\/\/www.bitchute.com\/channel\/2O2eOKzNqujT","https:\/\/audiomack.com\/iwellguard"]}]}},"_links":{"self":[{"href":"https:\/\/iwell-guard.com\/cs\/wp-json\/wp\/v2\/pages\/145778","targetHints":{"allow":["GET"]}}],"collection":[{"href":"https:\/\/iwell-guard.com\/cs\/wp-json\/wp\/v2\/pages"}],"about":[{"href":"https:\/\/iwell-guard.com\/cs\/wp-json\/wp\/v2\/types\/page"}],"author":[{"embeddable":true,"href":"https:\/\/iwell-guard.com\/cs\/wp-json\/wp\/v2\/users\/3"}],"replies":[{"embeddable":true,"href":"https:\/\/iwell-guard.com\/cs\/wp-json\/wp\/v2\/comments?post=145778"}],"version-history":[{"count":0,"href":"https:\/\/iwell-guard.com\/cs\/wp-json\/wp\/v2\/pages\/145778\/revisions"}],"wp:featuredmedia":[{"embeddable":true,"href":"https:\/\/iwell-guard.com\/cs\/wp-json\/wp\/v2\/media\/3580"}],"wp:attachment":[{"href":"https:\/\/iwell-guard.com\/cs\/wp-json\/wp\/v2\/media?parent=145778"}],"wp:term":[{"taxonomy":"category","embeddable":true,"href":"https:\/\/iwell-guard.com\/cs\/wp-json\/wp\/v2\/categories?post=145778"}],"curies":[{"name":"wp","href":"https:\/\/api.w.org\/{rel}","templated":true}]}}