{"id":145772,"date":"2026-09-03T16:33:34","date_gmt":"2026-09-03T16:33:34","guid":{"rendered":"https:\/\/iwell-guard.com\/?page_id=145772"},"modified":"2026-09-03T17:05:23","modified_gmt":"2026-09-03T17:05:23","slug":"jerab-ochranny-strom-lidove-magie","status":"publish","type":"page","link":"https:\/\/iwell-guard.com\/cs\/jerab-ochranny-strom-lidove-magie\/","title":{"rendered":"Je\u0159\u00e1b \u2013 ochrann\u00fd strom a ochrann\u00e9 d\u0159evo lidov\u00e9 magie"},"content":{"rendered":"\t\t<div data-elementor-type=\"wp-page\" data-elementor-id=\"145772\" class=\"elementor elementor-145772 elementor-3737 elementor-bc-flex-widget\" data-elementor-post-type=\"page\">\n\t\t\t\t<div class=\"elementor-element elementor-element-iwgs-eberesche-hero e-flex e-con-boxed e-con e-parent\" data-id=\"iwgs-eberesche-hero\" data-element_type=\"container\" data-e-type=\"container\">\n\t\t\t\t\t<div class=\"e-con-inner\">\n\t\t<div class=\"elementor-element elementor-element-iw-eberesche-hero-bw e-con-full e-flex e-con e-child\" data-id=\"iw-eberesche-hero-bw\" data-element_type=\"container\" data-e-type=\"container\">\n\t\t<div class=\"elementor-element elementor-element-iwgs-eberesche-hl e-flex e-con-boxed e-con e-parent\" data-id=\"iwgs-eberesche-hl\" data-element_type=\"container\" data-e-type=\"container\">\n\t\t\t\t\t<div class=\"e-con-inner\">\n\t\t<div class=\"elementor-element elementor-element-iwgs-eberesche-hlbox e-con-full e-flex e-con e-parent\" data-id=\"iwgs-eberesche-hlbox\" data-element_type=\"container\" data-e-type=\"container\">\n\t\t\t\t<div class=\"elementor-element elementor-element-iwgs-eberesche-h1 elementor-widget elementor-widget-heading\" data-id=\"iwgs-eberesche-h1\" data-element_type=\"widget\" data-e-type=\"widget\" data-widget_type=\"heading.default\">\n\t\t\t\t\t<h1 class=\"elementor-heading-title elementor-size-default\">Je\u0159\u00e1b: ochrann\u00fd strom a ochrann\u00e9 d\u0159evo evropsk\u00e9 lidov\u00e9 magie<\/h1>\t\t\t\t<\/div>\n\t\t\t\t<div class=\"elementor-element elementor-element-iwgs-eberesche-lead elementor-widget elementor-widget-text-editor\" data-id=\"iwgs-eberesche-lead\" data-element_type=\"widget\" data-e-type=\"widget\" data-widget_type=\"text-editor.default\">\n\t\t\t\t\t\t\t\t\t<p>Je\u0159\u00e1b, naz\u00fdvan\u00fd tak\u00e9 je\u0159\u00e1b pta\u010d\u00ed, byl v evropsk\u00e9 lidov\u00e9 magii pova\u017eov\u00e1n za ochrann\u00fd strom. Jeho d\u0159evu, v\u011btv\u00edm a jasn\u011b \u010derven\u00fdm plod\u016fm byla p\u0159isuzov\u00e1na odpudiv\u00e1 s\u00edla proti \u010darod\u011bjnictv\u00ed, blesku a \u0161kodliv\u00e9mu kouzlu.<\/p><p>Zejm\u00e9na ve st\u0159edn\u00ed a severn\u00ed Evrop\u011b byl tento strom spojen s mno\u017estv\u00edm ochrann\u00fdch zvyk\u016f. Z folkloristick\u00e9ho hlediska pat\u0159\u00ed je\u0159\u00e1b mezi ochrann\u00e9 rostliny <span class=\"iwg-fachbegriff\" data-tooltip=\"N\u00e1bo\u017eenskost \u017eit\u00e1 v ka\u017edodenn\u00edm \u017eivot\u011b, \u010dasto vedle ofici\u00e1ln\u00ed nauky.\" tabindex=\"0\">lidov\u00e9 religiozity<\/span>. Tento \u010dl\u00e1nek p\u0159edstavuje p\u016fvod, <span class=\"iwg-fachbegriff\" data-tooltip=\"Tradovan\u00e1 \u010dinnost, pravideln\u011b opakovan\u00e1 v r\u00e1mci spole\u010denstv\u00ed.\" tabindex=\"0\">zvyk<\/span> a v\u00fdklad ochrann\u00e9ho stromu.<\/p>\t\t\t\t\t\t\t\t<\/div>\n\t\t\t\t<\/div>\n\t\t\t\t<div class=\"elementor-element elementor-element-iwgs-eberesche-pills elementor-widget elementor-widget-html\" data-id=\"iwgs-eberesche-pills\" data-element_type=\"widget\" data-e-type=\"widget\" data-widget_type=\"html.default\">\n\t\t\t\t\t<div class=\"iwg-pill-row\"><span class=\"iwg-klasse-badge\" tabindex=\"0\" data-tooltip=\"Ochrann\u00fd symbol, amulet nebo apotropaick\u00fd p\u0159edm\u011bt.\">Ochrann\u00fd symbol<\/span><a href=\"https:\/\/iwell-guard.com\/cs\/ochranne-symboly\/\" class=\"iwg-kultur-badge\" tabindex=\"0\" data-tooltip=\"Ochrann\u00e1 tradice: Evropsk\u00e1 lidov\u00e1 magie\">Evropsk\u00e1 lidov\u00e1 magie<\/a><span class=\"iwg-tradition-badge\" tabindex=\"0\" data-tooltip=\"Kus d\u0159eva, jemu\u017e je p\u0159isuzov\u00e1na ochrann\u00e1 s\u00edla.\">Ochrann\u00e9 d\u0159evo<\/span><\/div>\t\t\t\t<\/div>\n\t\t\t\t\t<\/div>\n\t\t\t\t<\/div>\n\t\t<div class=\"elementor-element elementor-element-iwgs-eberesche-hr e-con-full e-flex e-con e-parent\" data-id=\"iwgs-eberesche-hr\" data-element_type=\"container\" data-e-type=\"container\">\n\t\t\t\t<div class=\"elementor-element elementor-element-iwgs-eberesche-himg iwg-hero-image elementor-widget elementor-widget-image\" data-id=\"iwgs-eberesche-himg\" data-element_type=\"widget\" data-e-type=\"widget\" data-widget_type=\"image.default\">\n\t\t\t\t\t\t\t\t\t\t\t\t\t\t\t<img fetchpriority=\"high\" decoding=\"async\" width=\"683\" height=\"1024\" src=\"https:\/\/iwell-guard.com\/wp-content\/uploads\/2026\/05\/schutzsymbol_volksmagie_eberesche-683x1024.webp\" class=\"attachment-large size-large wp-image-147006\" alt=\"Je\u0159\u00e1b - ochrann\u00fd symbol, muzejn\u00ed ilustrace\" srcset=\"https:\/\/iwell-guard.com\/wp-content\/uploads\/2026\/05\/schutzsymbol_volksmagie_eberesche-683x1024.webp 683w, https:\/\/iwell-guard.com\/wp-content\/uploads\/2026\/05\/schutzsymbol_volksmagie_eberesche-200x300.webp 200w, https:\/\/iwell-guard.com\/wp-content\/uploads\/2026\/05\/schutzsymbol_volksmagie_eberesche-768x1152.webp 768w, https:\/\/iwell-guard.com\/wp-content\/uploads\/2026\/05\/schutzsymbol_volksmagie_eberesche.webp 1024w\" sizes=\"(max-width: 683px) 100vw, 683px\" \/>\t\t\t\t\t\t\t\t\t\t\t\t\t\t\t<\/div>\n\t\t\t\t<\/div>\n\t\t\t\t<\/div>\n\t\t\t\t\t<\/div>\n\t\t\t\t<\/div>\n\t\t<div class=\"elementor-element elementor-element-iwgs-eberesche-s0 e-flex e-con-boxed e-con e-parent\" data-id=\"iwgs-eberesche-s0\" data-element_type=\"container\" data-e-type=\"container\">\n\t\t\t\t\t<div class=\"e-con-inner\">\n\t\t\t\t<div class=\"elementor-element elementor-element-iwgs-eberesche-s0h elementor-widget elementor-widget-heading\" data-id=\"iwgs-eberesche-s0h\" data-element_type=\"widget\" data-e-type=\"widget\" data-widget_type=\"heading.default\">\n\t\t\t\t\t<h2 class=\"elementor-heading-title elementor-size-default\">Za\u0159azen\u00ed<\/h2>\t\t\t\t<\/div>\n\t\t<div class=\"elementor-element elementor-element-iw-eberesche-s0-bw e-con-full e-flex e-con e-child\" data-id=\"iw-eberesche-s0-bw\" data-element_type=\"container\" data-e-type=\"container\">\n\t\t<div class=\"elementor-element elementor-element-iwgs-eberesche-s0box e-con-full e-flex e-con e-parent\" data-id=\"iwgs-eberesche-s0box\" data-element_type=\"container\" data-e-type=\"container\">\n\t\t\t\t<div class=\"elementor-element elementor-element-iwgs-eberesche-s0t elementor-widget elementor-widget-text-editor\" data-id=\"iwgs-eberesche-s0t\" data-element_type=\"widget\" data-e-type=\"widget\" data-widget_type=\"text-editor.default\">\n\t\t\t\t\t\t\t\t\t<p>Je\u0159\u00e1b, botanicky Sorbus aucuparia, je v Evrop\u011b \u0161iroce roz\u0161\u00ed\u0159en\u00fd listnat\u00fd strom. V lidov\u00e9 magii byl pova\u017eov\u00e1n za jeden z nejv\u00fdznamn\u011bj\u0161\u00edch ochrann\u00fdch strom\u016f. Byla mu p\u0159isuzov\u00e1na s\u00edla odvracet \u010darod\u011bjnictv\u00ed, blesk a \u0161kodliv\u00e9 mocnosti.<\/p><p>Strom nese \u0159adu lidov\u00fdch jmen. Roz\u0161\u00ed\u0159en\u00e1 jsou jm\u00e9na jako je\u0159\u00e1b pta\u010d\u00ed, je\u0159abina \u010di pta\u010d\u00ed zob. N\u00e1zev je\u0159\u00e1b pta\u010d\u00ed odkazuje na to, \u017ee pt\u00e1ci plody strom r\u00e1di vyhled\u00e1vaj\u00ed, zat\u00edmco jin\u00e9 pojmenov\u00e1n\u00ed v n\u011bmeck\u00e9 tradici, Drudenbaum, odkazuje na p\u0159isuzovanou ochrannou funkci proti bytosti zvan\u00e9 Drude.<\/p><p>Z folkloristick\u00e9ho hlediska pat\u0159\u00ed je\u0159\u00e1b mezi ochrann\u00e9 rostliny, tedy do skupiny strom\u016f a bylin, kter\u00fdm byla p\u0159isuzov\u00e1na odpudiv\u00e1 s\u00edla. Stoj\u00ed tak v jedn\u00e9 \u0159ad\u011b s bezem, jalovcem a l\u00edskou.<\/p><p>Na rozd\u00edl od vyroben\u00fdch <a href=\"https:\/\/iwell-guard.com\/cs\/ochranne-symboly\/\">ochrann\u00fdch symbol\u016f<\/a> byl je\u0159\u00e1b \u017eivou ochranou. Podle <span class=\"iwg-fachbegriff\" data-tooltip=\"Tradovan\u00e1 \u010dinnost, pravideln\u011b opakovan\u00e1 v r\u00e1mci spole\u010denstv\u00ed.\" tabindex=\"0\">zvyku<\/span> se mohl pou\u017e\u00edt cel\u00fd strom, jednotliv\u00e9 v\u011btve, d\u0159evo i plody.<\/p><p>Ochrann\u00fd v\u00fdznam se rozd\u011bloval mezi r\u016fzn\u00e9 \u010d\u00e1sti rostliny. D\u0159evo slou\u017eilo k v\u00fdrob\u011b n\u00e1stroj\u016f a hol\u00ed, v\u011btve se zapichovaly k domu a st\u00e1ji, \u010derven\u00e9 plody se pou\u017e\u00edvaly jako ozdoba a prost\u0159edek k odvr\u00e1cen\u00ed zla.<\/p><p data-nosnippet=\"true\">Je t\u0159eba zd\u016fraznit, \u017ee ochrann\u00e9 p\u016fsoben\u00ed je\u0159\u00e1bu popisuje historickou v\u00edru. Strom je folkloristick\u00fdm sv\u011bdectv\u00edm, nikoli \u00fa\u010dinn\u00fdm ochrann\u00fdm prost\u0159edkem ve smyslu p\u0159\u00edrodn\u00edch v\u011bd. Nejsou s n\u00edm spojeny \u017e\u00e1dn\u00e9 l\u00e9\u010div\u00e9 sliby.<\/p>\t\t\t\t\t\t\t\t<\/div>\n\t\t\t\t<\/div>\n\t\t\t\t<\/div>\n\t\t\t\t\t<\/div>\n\t\t\t\t<\/div>\n\t\t<div class=\"elementor-element elementor-element-iwgs-eberesche-s1 e-flex e-con-boxed e-con e-parent\" data-id=\"iwgs-eberesche-s1\" data-element_type=\"container\" data-e-type=\"container\">\n\t\t\t\t\t<div class=\"e-con-inner\">\n\t\t\t\t<div class=\"elementor-element elementor-element-iwgs-eberesche-s1h elementor-widget elementor-widget-heading\" data-id=\"iwgs-eberesche-s1h\" data-element_type=\"widget\" data-e-type=\"widget\" data-widget_type=\"heading.default\">\n\t\t\t\t\t<h2 class=\"elementor-heading-title elementor-size-default\">P\u016fvod a historie<\/h2>\t\t\t\t<\/div>\n\t\t<div class=\"elementor-element elementor-element-iw-eberesche-s1-bw e-con-full e-flex e-con e-child\" data-id=\"iw-eberesche-s1-bw\" data-element_type=\"container\" data-e-type=\"container\">\n\t\t<div class=\"elementor-element elementor-element-iwgs-eberesche-s1box e-con-full e-flex e-con e-parent\" data-id=\"iwgs-eberesche-s1box\" data-element_type=\"container\" data-e-type=\"container\">\n\t\t\t\t<div class=\"elementor-element elementor-element-iwgs-eberesche-s1t elementor-widget elementor-widget-text-editor\" data-id=\"iwgs-eberesche-s1t\" data-element_type=\"widget\" data-e-type=\"widget\" data-widget_type=\"text-editor.default\">\n\t\t\t\t\t\t\t\t\t<p>Je\u0159\u00e1b roste t\u00e9m\u011b\u0159 na cel\u00e9m \u00fazem\u00ed Evropy, od n\u00ed\u017ein a\u017e do hor. Jeho roz\u0161\u00ed\u0159en\u00ed a n\u00e1padnost d\u00edky \u010derven\u00fdm plod\u016fm z n\u011bj ji\u017e brzy u\u010dinily strom, kter\u00fd hr\u00e1l v lidov\u00e9 v\u00ed\u0159e v\u00fdjime\u010dnou roli.<\/p><p>Ji\u017e v p\u0159edk\u0159es\u0165ansk\u00e9 dob\u011b m\u011bl strom pravd\u011bpodobn\u011b kultick\u00fd v\u00fdznam, a\u010dkoli je pramenn\u00e1 z\u00e1kladna v tomto ohledu chud\u00e1. V seversk\u00e9 <span class=\"iwg-fachbegriff\" data-tooltip=\"P\u0159ed\u00e1v\u00e1n\u00ed v\u011bd\u011bn\u00ed a vypr\u00e1v\u011bn\u00ed mezi generacemi.\" tabindex=\"0\">tradici<\/span> se je\u0159\u00e1b objevuje v souvislosti s bohem Thorem, co\u017e ukazuje na starou \u00factu k tomuto stromu.<\/p><p>Spolehliv\u00e9 doklady o ochrann\u00fdch zvyc\u00edch poch\u00e1zej\u00ed ze st\u0159edov\u011bku a ran\u00e9ho novov\u011bku. V t\u00e9to dob\u011b byla v\u00edra v \u010darod\u011bjnictv\u00ed roz\u0161\u00ed\u0159en\u00e1 a je\u0159\u00e1b byl pova\u017eov\u00e1n za osv\u011bd\u010den\u00fd prost\u0159edek proti \u0161kodliv\u00fdm mocnostem.<\/p><p>Folkloristick\u00e9 sb\u00edrky z 19. stolet\u00ed dokumentuj\u00ed zvyky spojen\u00e9 s je\u0159\u00e1bem velmi podrobn\u011b. Ukazuj\u00ed, \u017ee strom byl spojov\u00e1n s podobn\u00fdmi ochrann\u00fdmi p\u0159edstavami v N\u011bmecku, Anglii, Skandin\u00e1vii i v oblasti Baltsk\u00e9ho mo\u0159e.<\/p><p>Zejm\u00e9na na venkov\u011b se tento <span class=\"iwg-fachbegriff\" data-tooltip=\"Tradovan\u00e1 \u010dinnost, pravideln\u011b opakovan\u00e1 v r\u00e1mci spole\u010denstv\u00ed.\" tabindex=\"0\">zvyk<\/span> udr\u017eel dlouho. Je\u0161t\u011b v 19. a ojedin\u011ble i ve 20. stolet\u00ed se je\u0159\u00e1bov\u00e9 v\u011btve zastrk\u00e1valy na ochranu do st\u00e1j\u00ed a dom\u016f, zejm\u00e9na na filipojakubskou noc.<\/p><p>Historie je\u0159\u00e1bu jako ochrann\u00e9ho stromu ukazuje dlouhou kontinuitu. Lze ji sledovat od \u00fadajn\u011b p\u0159edk\u0159es\u0165ansk\u00e9ho kultovn\u00edho stromu p\u0159es ochrann\u00fd prost\u0159edek ran\u00e9ho novov\u011bku a\u017e po dokumentovan\u00fd <span class=\"iwg-fachbegriff\" data-tooltip=\"Tradovan\u00e1 \u010dinnost, pravideln\u011b opakovan\u00e1 v r\u00e1mci spole\u010denstv\u00ed.\" tabindex=\"0\">zvyk<\/span> 19. stolet\u00ed.<\/p><p>V anglosask\u00e9 a seversk\u00e9 <span class=\"iwg-fachbegriff\" data-tooltip=\"P\u0159ed\u00e1v\u00e1n\u00ed v\u011bd\u011bn\u00ed a vypr\u00e1v\u011bn\u00ed mezi generacemi.\" tabindex=\"0\">tradici<\/span> se nav\u00edc je\u0159\u00e1b objevuje ve vypr\u00e1v\u011bn\u00ed, podle kter\u00e9ho strom poskytl bohu Thorovi op\u043e\u0440\u0443 p\u0159i p\u0159echodu p\u0159es bou\u0159livou \u0159eku.<\/p><p>Takov\u00e1 vypr\u00e1v\u011bc\u00ed motivy jsou zachycena pouze ve st\u0159edov\u011bk\u00fdch z\u00e1pisech a neumo\u017e\u0148uj\u00ed bezpe\u010dn\u00e9 z\u00e1v\u011bry o p\u0159edk\u0159es\u0165ansk\u00e9m <span class=\"iwg-fachbegriff\" data-tooltip=\"Souhrn n\u00e1bo\u017eensk\u00fdch \u00factypln\u00fdch \u00fakon\u016f v\u016f\u010di bo\u017estvu nebo svat\u00e9 postav\u011b.\" tabindex=\"0\">kultu<\/span>, ukazuj\u00ed ale starou souvislost stromu s p\u0159edstavou ochrany a pevnosti.<\/p>\t\t\t\t\t\t\t\t<\/div>\n\t\t\t\t<\/div>\n\t\t\t\t<\/div>\n\t\t\t\t\t<\/div>\n\t\t\t\t<\/div>\n\t\t<div class=\"elementor-element elementor-element-iwgs-eberesche-s2 e-flex e-con-boxed e-con e-parent\" data-id=\"iwgs-eberesche-s2\" data-element_type=\"container\" data-e-type=\"container\">\n\t\t\t\t\t<div class=\"e-con-inner\">\n\t\t\t\t<div class=\"elementor-element elementor-element-iwgs-eberesche-s2h elementor-widget elementor-widget-heading\" data-id=\"iwgs-eberesche-s2h\" data-element_type=\"widget\" data-e-type=\"widget\" data-widget_type=\"heading.default\">\n\t\t\t\t\t<h2 class=\"elementor-heading-title elementor-size-default\">Tvar, materi\u00e1l a v\u00fdroba<\/h2>\t\t\t\t<\/div>\n\t\t<div class=\"elementor-element elementor-element-iw-eberesche-s2-bw e-con-full e-flex e-con e-child\" data-id=\"iw-eberesche-s2-bw\" data-element_type=\"container\" data-e-type=\"container\">\n\t\t<div class=\"elementor-element elementor-element-iwgs-eberesche-s2box e-con-full e-flex e-con e-parent\" data-id=\"iwgs-eberesche-s2box\" data-element_type=\"container\" data-e-type=\"container\">\n\t\t\t\t<div class=\"elementor-element elementor-element-iwgs-eberesche-s2t elementor-widget elementor-widget-text-editor\" data-id=\"iwgs-eberesche-s2t\" data-element_type=\"widget\" data-e-type=\"widget\" data-widget_type=\"text-editor.default\">\n\t\t\t\t\t\t\t\t\t<p>Je\u0159\u00e1b je mal\u00fd a\u017e st\u0159edn\u011b vysok\u00fd listnat\u00fd strom se zpe\u0159en\u00fdmi listy. Na podzim upout\u00e1vaj\u00ed pozornost jasn\u011b \u010derven\u00e9 je\u0159abiny, kter\u00e9 vis\u00ed v hust\u00fdch chocholech. Tyto \u010derven\u00e9 je\u0159abiny hraj\u00ed v lidov\u00e9 magii d\u016fle\u017eitou roli.<\/p><p>Pou\u017e\u00edvaly se r\u016fzn\u00e9 \u010d\u00e1sti stromu. \u010cerstv\u00e9 v\u011btvi\u010dky s listy a je\u0159abinami slou\u017eily k zapichov\u00e1n\u00ed. \u0158ezaly se v ur\u010dit\u00fdch \u010dasech a upev\u0148ovaly na dve\u0159e, okna a sloupky st\u00e1j\u00ed.<\/p><p>D\u0159evo je\u0159\u00e1bu je hou\u017eevnat\u00e9 a pru\u017en\u00e9. Zpracov\u00e1valo se na rukojeti n\u00e1stroj\u016f, vych\u00e1zkov\u00e9 a past\u00fd\u0159sk\u00e9 hole, bi\u010di\u0161t\u011b a drobn\u00e9 n\u00e1\u0159ad\u00ed. Takov\u00fdm p\u0159edm\u011bt\u016fm z je\u0159\u00e1bov\u00e9ho d\u0159eva se p\u0159isuzovala ochrann\u00e1 vlastnost.<\/p><p>Z je\u0159abin bylo mo\u017en\u00e9 navl\u00e9kat \u0159et\u00edzky. \u010cerven\u00e9 \u0161\u0148\u016fry z je\u0159abin se nosily jako \u0161perk nebo se zav\u011b\u0161ovaly v dom\u011b. Syt\u00e1 \u010derven\u00e1 barva byla p\u0159itom pova\u017eov\u00e1na za v\u00fdznamnou.<\/p><p>Zvl\u00e1\u0161tn\u00ed ritu\u00e1ln\u00ed v\u00fdroba obvykle nebyla nutn\u00e1. D\u016fle\u017eit\u00fd v\u0161ak byl spr\u00e1vn\u00fd okam\u017eik \u0159ez\u00e1n\u00ed. N\u011bkter\u00e9 zvyky p\u0159edepisovaly, \u017ee se v\u011btvi\u010dky mus\u00ed z\u00edsk\u00e1vat v ur\u010dit\u00e9 dny nebo bez pou\u017eit\u00ed \u017eelezn\u00e9ho n\u00e1stroje.<\/p><p>V\u00fdznam m\u011blo i stanovi\u0161t\u011b stromu. Je\u0159\u00e1b, kter\u00fd rostl na sk\u00e1le nebo ve v\u011btvov\u00e9 rozso\u0161e jin\u00e9ho stromu, tedy neko\u0159enil v zemi, byl pova\u017eov\u00e1n za obzvl\u00e1\u0161t\u011b siln\u00fd. Takov\u00e9 stromy se naz\u00fdvaly let\u00edc\u00ed je\u0159\u00e1b.<\/p><p>M\u00edsty byl je\u0159\u00e1b pova\u017eov\u00e1n tak\u00e9 za strom po\u010das\u00ed, jeho\u017e nasazen\u00ed plod\u016f umo\u017e\u0148ovalo p\u0159edpov\u011bd\u011bt nadch\u00e1zej\u00edc\u00ed zimu. Podle t\u00e9to v\u00edry hojn\u011b obsypan\u00fd strom p\u0159edznamen\u00e1val tvrdou a sn\u011bhem bohatou zimu. Toto pravidlo o po\u010das\u00ed nem\u00e1 s ochrannou funkc\u00ed p\u0159\u00edmo nic spole\u010dn\u00e9ho, ukazuje v\u0161ak, jak \u00fazce byl je\u0159\u00e1b celkov\u011b spjat se selsk\u00fdm \u017eivotem.<\/p>\t\t\t\t\t\t\t\t<\/div>\n\t\t\t\t<\/div>\n\t\t\t\t<\/div>\n\t\t\t\t\t<\/div>\n\t\t\t\t<\/div>\n\t\t<div class=\"elementor-element elementor-element-iwgs-eberesche-s3 e-flex e-con-boxed e-con e-parent\" data-id=\"iwgs-eberesche-s3\" data-element_type=\"container\" data-e-type=\"container\">\n\t\t\t\t\t<div class=\"e-con-inner\">\n\t\t\t\t<div class=\"elementor-element elementor-element-iwgs-eberesche-s3h elementor-widget elementor-widget-heading\" data-id=\"iwgs-eberesche-s3h\" data-element_type=\"widget\" data-e-type=\"widget\" data-widget_type=\"heading.default\">\n\t\t\t\t\t<h2 class=\"elementor-heading-title elementor-size-default\">Lidov\u00e9 pozad\u00ed a v\u011brou\u010dn\u00e9 p\u0159edstavy<\/h2>\t\t\t\t<\/div>\n\t\t<div class=\"elementor-element elementor-element-iw-eberesche-s3-bw e-con-full e-flex e-con e-child\" data-id=\"iw-eberesche-s3-bw\" data-element_type=\"container\" data-e-type=\"container\">\n\t\t<div class=\"elementor-element elementor-element-iwgs-eberesche-s3box e-con-full e-flex e-con e-parent\" data-id=\"iwgs-eberesche-s3box\" data-element_type=\"container\" data-e-type=\"container\">\n\t\t\t\t<div class=\"elementor-element elementor-element-iwgs-eberesche-s3t elementor-widget elementor-widget-text-editor\" data-id=\"iwgs-eberesche-s3t\" data-element_type=\"widget\" data-e-type=\"widget\" data-widget_type=\"text-editor.default\">\n\t\t\t\t\t\t\t\t\t<p>Z\u00e1kladem v\u00edry o je\u0159\u00e1bu byla p\u0159edstava, \u017ee ur\u010dit\u00e9 stromy maj\u00ed ochrannou s\u00edlu, kter\u00e1 je v protikladu k \u010darod\u011bjnictv\u00ed. Je\u0159\u00e1b byl pova\u017eov\u00e1n za jeden z nej\u00fa\u010dinn\u011bj\u0161\u00edch z t\u011bchto strom\u016f.<\/p><p>Z\u00e1sadn\u00ed roli hr\u00e1la \u010derven\u00e1 barva je\u0159abin. \u010cerven\u00e1 barva byla v evropsk\u00e9 lidov\u00e9 magii \u0161iroce pova\u017eov\u00e1na za ochrannou barvu, kter\u00e1 m\u011bla odh\u00e1n\u011bt \u0161kodliv\u00e9 s\u00edly a uhranut\u00ed. \u010cerven\u00e9 je\u0159abiny zt\u011bles\u0148ovaly tuto ochrannou barvu v p\u0159\u00edrod\u011b.<\/p><p>Strom se pou\u017e\u00edval proti r\u016fzn\u00fdm hrozb\u00e1m. M\u011bl odh\u00e1n\u011bt \u010darod\u011bjnice a jejich \u0161kodliv\u00e9 kouzlo, zabra\u0148ovat no\u010dn\u00ed t\u00edsni a chr\u00e1nit lidi i dobytek p\u0159ed uhranut\u00edm. Toto soust\u0159ed\u011bn\u00ed funkc\u00ed je pro ochrann\u00e9 rostliny typick\u00e9.<\/p><p>Je\u0159\u00e1b byl pova\u017eov\u00e1n za ochranu i p\u0159ed bleskem. V t\u00e9to funkci soupe\u0159il, ale z\u00e1rove\u0148 souvisel s dal\u0161\u00edmi stromy, kter\u00fdm se p\u0159isuzovala ochrana p\u0159ed blesky. Zde zazn\u00edv\u00e1 seversk\u00e1 vazba na boha hromu Thora.<\/p><p>Zvl\u00e1\u0161tn\u00ed v\u00e1\u017enost let\u00edc\u00edho je\u0159\u00e1bu, tedy stromu neko\u0159en\u00edc\u00edho v zemi, se vysv\u011btluje obecn\u011b roz\u0161\u00ed\u0159enou logikou lidov\u00e9 magie. Co vyrostlo neobvykl\u00fdm zp\u016fsobem a zd\u00e1nliv\u011b se vzp\u00edralo p\u0159\u00edrodn\u00edmu \u0159\u00e1du, bylo pova\u017eov\u00e1no za obzvl\u00e1\u0161t\u011b mocn\u00e9.<\/p><p>Je\u0159\u00e1b tak spojoval n\u011bkolik p\u0159edstav. Byl stromem chr\u00e1n\u00edc\u00edm p\u0159ed \u010darod\u011bjnictv\u00edm, ochranou p\u0159ed bleskem a nositelem v\u00fdznamn\u00e9 \u010derven\u00e9 barvy. Tato bohatost v\u00fdznam\u016f z n\u011bj u\u010dinila jeden z nejd\u016fle\u017eit\u011bj\u0161\u00edch strom\u016f lidov\u00e9 magie.<\/p><p>Proti \u0161kodliv\u00e9mu pohledu existovala p\u0159edstava, \u017ee se \u010dlov\u011bk nebo zv\u00ed\u0159e s je\u0159\u00e1bovou v\u011btvi\u010dkou vymkne uhranut\u00ed.<\/p><p>Podle t\u00e9to logiky na sebe v\u011btvi\u010dka odv\u00e1d\u011bla \u0161kodlivou pozornost, podobn\u011b jako n\u00e1padn\u00fd <span class=\"iwg-fachbegriff\" data-tooltip=\"No\u0161en\u00fd p\u0159edm\u011bt, kter\u00e9mu je p\u0159isuzov\u00e1n ochrann\u00fd, ne\u0161t\u011bst\u00ed odvracej\u00edc\u00ed \u00fa\u010dinek.\" tabindex=\"0\">amulet<\/span>, a t\u00edm chr\u00e1nila samotn\u00e9ho nositele. Tato p\u0159edstava spojovala ochrann\u00fd strom se \u0161irok\u00fdm polem odvracen\u00ed uhranut\u00ed.<\/p>\t\t\t\t\t\t\t\t<\/div>\n\t\t\t\t<\/div>\n\t\t\t\t<\/div>\n\t\t\t\t\t<\/div>\n\t\t\t\t<\/div>\n\t\t<div class=\"elementor-element elementor-element-iwgs-eberesche-s4 e-flex e-con-boxed e-con e-parent\" data-id=\"iwgs-eberesche-s4\" data-element_type=\"container\" data-e-type=\"container\">\n\t\t\t\t\t<div class=\"e-con-inner\">\n\t\t\t\t<div class=\"elementor-element elementor-element-iwgs-eberesche-s4h elementor-widget elementor-widget-heading\" data-id=\"iwgs-eberesche-s4h\" data-element_type=\"widget\" data-e-type=\"widget\" data-widget_type=\"heading.default\">\n\t\t\t\t\t<h2 class=\"elementor-heading-title elementor-size-default\">Pou\u017eit\u00ed a zvyk<\/h2>\t\t\t\t<\/div>\n\t\t<div class=\"elementor-element elementor-element-iw-eberesche-s4-bw e-con-full e-flex e-con e-child\" data-id=\"iw-eberesche-s4-bw\" data-element_type=\"container\" data-e-type=\"container\">\n\t\t<div class=\"elementor-element elementor-element-iwgs-eberesche-s4box e-con-full e-flex e-con e-parent\" data-id=\"iwgs-eberesche-s4box\" data-element_type=\"container\" data-e-type=\"container\">\n\t\t\t\t<div class=\"elementor-element elementor-element-iwgs-eberesche-s4t elementor-widget elementor-widget-text-editor\" data-id=\"iwgs-eberesche-s4t\" data-element_type=\"widget\" data-e-type=\"widget\" data-widget_type=\"text-editor.default\">\n\t\t\t\t\t\t\t\t\t<p>Roz\u0161\u00ed\u0159en\u00fdm <span class=\"iwg-fachbegriff\" data-tooltip=\"Tradovan\u00e1 \u010dinnost, pravideln\u011b opakovan\u00e1 v r\u00e1mci ur\u010dit\u00e9ho spole\u010denstv\u00ed.\" tabindex=\"0\">zvykem<\/span> bylo zapichov\u00e1n\u00ed je\u0159\u00e1bov\u00fdch v\u011btvi\u010dek na d\u016fm a st\u00e1j. Zejm\u00e9na na filipojakubskou noc, kdy se \u010darod\u011bjnice pova\u017eovaly za obzvl\u00e1\u0161t\u011b aktivn\u00ed, se \u010derstv\u00e9 v\u011btvi\u010dky upev\u0148ovaly na dve\u0159e a sloupky st\u00e1j\u00ed.<\/p><p>Ve st\u00e1ji m\u011bl je\u0159\u00e1b chr\u00e1nit dobytek. V\u011btvi\u010dky se um\u00eds\u0165ovaly nad dve\u0159e st\u00e1je nebo zastrkovaly do jej\u00edho vnit\u0159ku, aby kon\u011b a skot chr\u00e1nily p\u0159ed nemoc\u00ed, no\u010dn\u00ed t\u00edsn\u00ed a uhranut\u00edm.<\/p><p>N\u00e1\u0159ad\u00ed a hole z je\u0159\u00e1bov\u00e9ho d\u0159eva m\u011bly sv\u016fj vlastn\u00ed v\u00fdznam. Past\u00fd\u0159sk\u00e1 h\u016fl z je\u0159\u00e1bov\u00e9ho d\u0159eva m\u011bla chr\u00e1nit st\u00e1do, bi\u010di\u0161t\u011b ta\u017en\u00fd dobytek. Za v\u00fdhodn\u00e9 byly pova\u017eov\u00e1ny i metly a m\u00edchac\u00ed n\u00e1stroje z tohoto d\u0159eva.<\/p><p>U dve\u0159\u00ed a prah\u016f se je\u0159\u00e1b pou\u017e\u00edval podobn\u011b jako jin\u00e9 stavebn\u00ed ochrann\u00e9 prost\u0159edky. Zakl\u00edn\u011bn\u00e1 v\u011btvi\u010dka nebo kousek d\u0159eva na prahu m\u011bl zabr\u00e1nit vniknut\u00ed \u0161kodliv\u00fdch sil.<\/p><p>\u010cerven\u00e9 je\u0159abiny se navl\u00e9kaly na \u0159et\u00edzky a zav\u011b\u0161ovaly d\u011btem nebo zv\u00ed\u0159at\u016fm kolem krku. Tyto \u0161\u0148\u016fry z je\u0159abin spojovaly ochranu stromu s odvracej\u00edc\u00edm \u00fa\u010dinkem \u010derven\u00e9 barvy.<\/p><p>Tento <span class=\"iwg-fachbegriff\" data-tooltip=\"Tradovan\u00e1 \u010dinnost, pravideln\u011b opakovan\u00e1 v r\u00e1mci ur\u010dit\u00e9ho spole\u010denstv\u00ed.\" tabindex=\"0\">zvyk<\/span> byl snadno provediteln\u00fd a nebyl v\u00e1z\u00e1n na \u017e\u00e1dnou zvl\u00e1\u0161tn\u00ed osobu. Ka\u017ed\u00e1 dom\u00e1cnost mohla na\u0159ezat a zap\u00edchat v\u011btvi\u010dky. Tato snadn\u00e1 dostupnost p\u0159isp\u011bla k \u0161irok\u00e9mu roz\u0161\u00ed\u0159en\u00ed zvyk\u016f spojen\u00fdch s je\u0159\u00e1bem.<\/p><p>Roz\u0161\u00ed\u0159en\u00fd byl tak\u00e9 <span class=\"iwg-fachbegriff\" data-tooltip=\"Tradovan\u00e1 \u010dinnost, pravideln\u011b opakovan\u00e1 v r\u00e1mci ur\u010dit\u00e9ho spole\u010denstv\u00ed.\" tabindex=\"0\">zvyk<\/span> m\u00edchat \u010derstv\u011b stloukan\u00e9 m\u00e1slo metli\u010dkou z je\u0159\u00e1bov\u00e9ho d\u0159eva. Nezda\u0159ilo-li se stlouk\u00e1n\u00ed m\u00e1sla, bylo to \u010dasto vykl\u00e1d\u00e1no jako d\u00edlo \u010darod\u011bjnice, kter\u00e1 ml\u00e9ku odebrala jeho s\u00edlu. M\u00edchac\u00ed n\u00e1stroj z ochrann\u00e9ho d\u0159eva m\u011bl takov\u00e9mu \u0161kodliv\u00e9mu kouzlu p\u0159edch\u00e1zet a zajistit \u00fasp\u011bch pr\u00e1ce.<\/p>\t\t\t\t\t\t\t\t<\/div>\n\t\t\t\t<\/div>\n\t\t\t\t<\/div>\n\t\t\t\t\t<\/div>\n\t\t\t\t<\/div>\n\t\t<div class=\"elementor-element elementor-element-iwgs-eberesche-s5 e-flex e-con-boxed e-con e-parent\" data-id=\"iwgs-eberesche-s5\" data-element_type=\"container\" data-e-type=\"container\">\n\t\t\t\t\t<div class=\"e-con-inner\">\n\t\t\t\t<div class=\"elementor-element elementor-element-iwgs-eberesche-s5h elementor-widget elementor-widget-heading\" data-id=\"iwgs-eberesche-s5h\" data-element_type=\"widget\" data-e-type=\"widget\" data-widget_type=\"heading.default\">\n\t\t\t\t\t<h2 class=\"elementor-heading-title elementor-size-default\">Region\u00e1ln\u00ed varianty a p\u0159\u00edbuzn\u00e9 jevy<\/h2>\t\t\t\t<\/div>\n\t\t<div class=\"elementor-element elementor-element-iw-eberesche-s5-bw e-con-full e-flex e-con e-child\" data-id=\"iw-eberesche-s5-bw\" data-element_type=\"container\" data-e-type=\"container\">\n\t\t<div class=\"elementor-element elementor-element-iwgs-eberesche-s5box e-con-full e-flex e-con e-parent\" data-id=\"iwgs-eberesche-s5box\" data-element_type=\"container\" data-e-type=\"container\">\n\t\t\t\t<div class=\"elementor-element elementor-element-iwgs-eberesche-s5t elementor-widget elementor-widget-text-editor\" data-id=\"iwgs-eberesche-s5t\" data-element_type=\"widget\" data-e-type=\"widget\" data-widget_type=\"text-editor.default\">\n\t\t\t\t\t\t\t\t\t<p>Zvyky spojen\u00e9 s je\u0159\u00e1bem se li\u0161\u00ed podle regionu. V severn\u00edm N\u011bmecku a v oblasti Baltsk\u00e9ho mo\u0159e byl d\u016fraz kladen na ochranu dobytka pomoc\u00ed zastr\u010den\u00fdch v\u011btvi\u010dek. V oblastech st\u0159edn\u00edch poho\u0159\u00ed byla siln\u011bji zd\u016fraz\u0148ov\u00e1na ochrana p\u0159ed \u010darod\u011bjnicemi a no\u010dn\u00ed mu\u010d\u00ed (alpem).<\/p><p>Ve Skotsku a Irsku platil je\u0159\u00e1b, tam naz\u00fdvan\u00fd rowan, za zvl\u00e1\u0161t\u011b mocn\u00fd ochrann\u00fd strom. K\u0159\u00ed\u017eky sv\u00e1zan\u00e9 ze dvou je\u0159\u00e1bov\u00fdch v\u011btvi\u010dek, spojen\u00e9 \u010dervenou nit\u00ed, byly roz\u0161\u00ed\u0159en\u00fdm ochrann\u00fdm prost\u0159edkem.<\/p><p>Ve Skandin\u00e1vii byl je\u0159\u00e1b t\u011bsn\u011b spojen s ochranou domu a dvora. I tam hr\u00e1l zvl\u00e1\u0161tn\u00ed roli takzvan\u00fd let\u00edc\u00ed je\u0159\u00e1b, tedy strom vyrostl\u00fd na jin\u00fdch stromech.<\/p><p>Je\u0159\u00e1b je p\u0159\u00edbuzn\u00fd s dal\u0161\u00edmi ochrann\u00fdmi rostlinami evropsk\u00e9 lidov\u00e9 magie. Bez \u010dern\u00fd platil za domovsk\u00fd strom a ochranu, jalovec za \u010dist\u00edc\u00ed ku\u0159idlo, l\u00edska za prut se zvl\u00e1\u0161tn\u00ed silou.<\/p><p>Podobn\u011b jako <a href=\"https:\/\/iwell-guard.com\/cs\/ochranne-symboly\/\">hagstein<\/a> pat\u0159\u00ed je\u0159\u00e1b k p\u0159\u00edrodn\u00edm p\u0159edm\u011bt\u016fm, jejich\u017e ochrann\u00e1 s\u00edla nebyla odvozov\u00e1na z lidsk\u00e9 v\u00fdroby, n\u00fdbr\u017e z rostliny samotn\u00e9. Oba p\u0159edstavuj\u00ed ochrannou magii op\u00edraj\u00edc\u00ed se o p\u0159\u00edrodu.<\/p><p>P\u0159es region\u00e1ln\u00ed rozd\u00edly se ukazuje spole\u010dn\u00fd vzorec. V\u0161ude plat\u00ed \u010derven\u00e9 plody za v\u00fdznamn\u00e9, v\u0161ude sm\u011b\u0159uje ochrana proti \u010darod\u011bjnictv\u00ed a no\u010dn\u00ed mu\u010d\u00ed a v\u0161ude m\u00e1 strom pevn\u00e9 m\u00edsto v ochran\u011b domu a dobytka.<\/p><p>Ve Walesu se je\u0159\u00e1bov\u00e9 d\u0159evo pou\u017e\u00edvalo na rukojeti proutk\u016f k hled\u00e1n\u00ed vody a na sp\u0159\u00e1dac\u00ed kole\u010dka, a na n\u011bkter\u00fdch h\u0159bitovech se strom s\u00e1zel z\u00e1m\u011brn\u011b, aby zajistil klid mrtv\u00fdch. Toto vyu\u017eit\u00ed bl\u00edzk\u00e9 c\u00edrkvi ukazuje, \u017ee je\u0159\u00e1b, podobn\u011b jako jin\u00e9 ochrann\u00e9 rostliny, byl u\u017e\u00edv\u00e1n bez rozporu mezi lidov\u011b magickou a k\u0159es\u0165anskou oblast\u00ed.<\/p>\t\t\t\t\t\t\t\t<\/div>\n\t\t\t\t<\/div>\n\t\t\t\t<\/div>\n\t\t\t\t\t<\/div>\n\t\t\t\t<\/div>\n\t\t<div class=\"elementor-element elementor-element-iwgs-eberesche-s6 e-flex e-con-boxed e-con e-parent\" data-id=\"iwgs-eberesche-s6\" data-element_type=\"container\" data-e-type=\"container\">\n\t\t\t\t\t<div class=\"e-con-inner\">\n\t\t\t\t<div class=\"elementor-element elementor-element-iwgs-eberesche-s6h elementor-widget elementor-widget-heading\" data-id=\"iwgs-eberesche-s6h\" data-element_type=\"widget\" data-e-type=\"widget\" data-widget_type=\"heading.default\">\n\t\t\t\t\t<h2 class=\"elementor-heading-title elementor-size-default\">V\u00fdznam jako ochrann\u00fd prost\u0159edek<\/h2>\t\t\t\t<\/div>\n\t\t<div class=\"elementor-element elementor-element-iw-eberesche-s6-bw e-con-full e-flex e-con e-child\" data-id=\"iw-eberesche-s6-bw\" data-element_type=\"container\" data-e-type=\"container\">\n\t\t<div class=\"elementor-element elementor-element-iwgs-eberesche-s6box e-con-full e-flex e-con e-parent\" data-id=\"iwgs-eberesche-s6box\" data-element_type=\"container\" data-e-type=\"container\">\n\t\t\t\t<div class=\"elementor-element elementor-element-iwgs-eberesche-s6t elementor-widget elementor-widget-text-editor\" data-id=\"iwgs-eberesche-s6t\" data-element_type=\"widget\" data-e-type=\"widget\" data-widget_type=\"text-editor.default\">\n\t\t\t\t\t\t\t\t\t<p>Ochrann\u00fd v\u00fdznam je\u0159\u00e1bu se zakl\u00e1d\u00e1 na spojen\u00ed n\u011bkolika p\u0159edstav. Strom platil za od p\u0159\u00edrody odp\u016frn\u00fd v\u016f\u010di \u010darod\u011bjnictv\u00ed, a jeho \u010derven\u00e9 plody nesly odvracej\u00edc\u00ed ochrannou barvu.<\/p><p>Kl\u00ed\u010dovou roli hr\u00e1la ochrana dobytka. Proto\u017ee nemoci dobytka byly \u010dasto vykl\u00e1d\u00e1ny jako d\u016fsledek \u0161kodliv\u00e9ho kouzla, m\u011bl \u00fa\u010dinn\u011b v\u011b\u0159en\u00fd ochrann\u00fd prost\u0159edek pro selsk\u00e9 hospod\u00e1\u0159stv\u00ed velk\u00fd v\u00fdznam. Je\u0159\u00e1b tomuto o\u010dek\u00e1v\u00e1n\u00ed vyhovoval.<\/p><p>Ochranu domu dopl\u0148ovala ochrana dobytka. Zastr\u010den\u00e9 v\u011btvi\u010dky u dve\u0159\u00ed a oken m\u011bly zajistit cel\u00e9 staven\u00ed proti vniknut\u00ed \u0161kodliv\u00fdch sil, podobn\u011b jako r\u00fdhovan\u00e9 ochrann\u00e9 znaky.<\/p><p>P\u0159isuzovan\u00e1 ochrana p\u0159ed bleskem roz\u0161i\u0159ovala ochrannou funkci na p\u0159\u00edrodn\u00ed nebezpe\u010d\u00ed. V dob\u011b bez technick\u00e9 ochrany p\u0159ed bleskem m\u011bla v\u00edra ve strom odvracej\u00edc\u00ed blesky pro lidi zna\u010dn\u00fd v\u00fdznam.<\/p><p>Pro lidi spo\u010d\u00edvala hodnota je\u0159\u00e1bu v jeho dostupnosti. Strom rostl t\u00e9m\u011b\u0159 v\u0161ude a jeho v\u011btvi\u010dky bylo mo\u017en\u00e9 bezplatn\u011b na\u0159ezat. Ochrana tak byla dosa\u017eiteln\u00e1 pro ka\u017edou dom\u00e1cnost.<\/p><p>Je t\u0159eba zd\u016fraznit, \u017ee tento ochrann\u00fd v\u00fdznam odr\u00e1\u017e\u00ed historick\u00e9 p\u0159edstavy v\u00edry. Skute\u010dn\u00e1 obrana p\u0159ed nemoc\u00ed, \u0161kodliv\u00fdm kouzlem nebo bleskem s je\u0159\u00e1bem spojena nen\u00ed. Jeho hodnota spo\u010d\u00edv\u00e1 v kulturn\u011b-historick\u00e9 v\u00fdpov\u011bdi o minul\u00e9m my\u0161len\u00ed.<\/p>\t\t\t\t\t\t\t\t<\/div>\n\t\t\t\t<\/div>\n\t\t\t\t<\/div>\n\t\t\t\t\t<\/div>\n\t\t\t\t<\/div>\n\t\t<div class=\"elementor-element elementor-element-iwgs-eberesche-s7 e-flex e-con-boxed e-con e-parent\" data-id=\"iwgs-eberesche-s7\" data-element_type=\"container\" data-e-type=\"container\">\n\t\t\t\t\t<div class=\"e-con-inner\">\n\t\t\t\t<div class=\"elementor-element elementor-element-iwgs-eberesche-s7h elementor-widget elementor-widget-heading\" data-id=\"iwgs-eberesche-s7h\" data-element_type=\"widget\" data-e-type=\"widget\" data-widget_type=\"heading.default\">\n\t\t\t\t\t<h2 class=\"elementor-heading-title elementor-size-default\">Stav pramen\u016f a d\u011bjiny b\u00e1d\u00e1n\u00ed<\/h2>\t\t\t\t<\/div>\n\t\t<div class=\"elementor-element elementor-element-iw-eberesche-s7-bw e-con-full e-flex e-con e-child\" data-id=\"iw-eberesche-s7-bw\" data-element_type=\"container\" data-e-type=\"container\">\n\t\t<div class=\"elementor-element elementor-element-iwgs-eberesche-s7box e-con-full e-flex e-con e-parent\" data-id=\"iwgs-eberesche-s7box\" data-element_type=\"container\" data-e-type=\"container\">\n\t\t\t\t<div class=\"elementor-element elementor-element-iwgs-eberesche-s7t elementor-widget elementor-widget-text-editor\" data-id=\"iwgs-eberesche-s7t\" data-element_type=\"widget\" data-e-type=\"widget\" data-widget_type=\"text-editor.default\">\n\t\t\t\t\t\t\t\t\t<p>Prameny k je\u0159\u00e1bu jako ochrann\u00e9mu stromu jsou pro <span class=\"iwg-fachbegriff\" data-tooltip=\"Epocha zhruba od 15. do 18. stolet\u00ed.\" tabindex=\"0\">Novov\u011bk<\/span> a 19. stolet\u00ed bohat\u00e9, pro star\u0161\u00ed epochy v\u0161ak mezerovit\u00e9. Mnoh\u00e9 o p\u0159edk\u0159es\u0165ansk\u00e9 dob\u011b z\u016fst\u00e1v\u00e1 pouhou domn\u011bnkou.<\/p><p>Pro severskou <span class=\"iwg-fachbegriff\" data-tooltip=\"P\u0159ed\u00e1v\u00e1n\u00ed znalost\u00ed a vypr\u00e1v\u011bn\u00ed mezi generacemi.\" tabindex=\"0\">tradici<\/span> poskytuj\u00ed st\u0159edov\u011bk\u00e9 islandsk\u00e9 texty n\u00e1znaky o v\u00fdznamu je\u0159\u00e1bu v souvislosti s bohem Thorem. Tyto doklady jsou v\u0161ak skrovn\u00e9 a je t\u0159eba je vykl\u00e1dat s opatrnost\u00ed.<\/p><p>Nejd\u016fle\u017eit\u011bj\u0161\u00ed z\u00e1klad tvo\u0159\u00ed n\u00e1rodopisn\u00e9 sb\u00edrky z 19. a po\u010d\u00e1tku 20. stolet\u00ed. Badatel\u00e9 prost\u0159ednictv\u00edm dotazov\u00e1n\u00ed shrom\u00e1\u017edili bohat\u00fd materi\u00e1l zvyk\u016f, kter\u00fd ukazuje region\u00e1ln\u00ed rozmanitost zvyk\u016f spojen\u00fdch s je\u0159\u00e1bem.<\/p><p>Ru\u010dn\u00ed slovn\u00edk n\u011bmeck\u00e9 pov\u011bry nab\u00edz\u00ed obs\u00e1hl\u00fd z\u00e1znam o je\u0159\u00e1bu. Systematicky uspo\u0159\u00e1d\u00e1v\u00e1 zvyky a spojuje je s p\u0159edstavami o \u010darod\u011bjnictv\u00ed, no\u010dn\u00ed mu\u010d\u00ed a ochrann\u00e9 barv\u011b.<\/p><p>Metodickou obt\u00ed\u017e p\u0159edstavuje z\u00e1v\u011br z mlad\u0161\u00edch zvyk\u016f na p\u0159edk\u0159es\u0165ansk\u00fd kultovn\u00ed v\u00fdznam. V\u00fdzkum zde nab\u00e1d\u00e1 k opatrnosti, proto\u017ee pozd\u011bj\u0161\u00ed zvyky nelze bez dal\u0161\u00edho zp\u011btn\u011b prom\u00edtat do vzd\u00e1len\u00e9 minulosti.<\/p><p>D\u011bjiny v\u00fdzkumu ukazuj\u00ed, \u017ee je\u0159\u00e1b pat\u0159\u00ed k nejl\u00e9pe zdokumentovan\u00fdm ochrann\u00fdm strom\u016fm Evropy. N\u00e1rodopisn\u00e1 sb\u011bratelsk\u00e1 \u010dinnost u\u010dinila jeho rozmanitou roli v lidov\u00e9 magii pln\u011b viditelnou.<\/p><p>Opakuj\u00edc\u00edm se probl\u00e9mem v\u00fdzkumu je z\u00e1m\u011bna je\u0159\u00e1bu s jin\u00fdmi stromy ve star\u0161\u00edch textech. Lidov\u00e9 n\u00e1zvy nejsou jednozna\u010dn\u00e9 a pojmy jako Quitsche nebo Drudenbaum se v jednotliv\u00fdch regionech pou\u017e\u00edvaly r\u016fzn\u011b. P\u0159esn\u00e9 ur\u010den\u00ed, kter\u00fd strom je v dan\u00e9m prameni m\u00edn\u011bn, proto vy\u017eaduje porovn\u00e1n\u00ed s region\u00e1ln\u00edm jazykov\u00fdm \u00fazem.<\/p>\t\t\t\t\t\t\t\t<\/div>\n\t\t\t\t<\/div>\n\t\t\t\t<\/div>\n\t\t\t\t\t<\/div>\n\t\t\t\t<\/div>\n\t\t<div class=\"elementor-element elementor-element-iwgs-eberesche-s8 e-flex e-con-boxed e-con e-parent\" data-id=\"iwgs-eberesche-s8\" data-element_type=\"container\" data-e-type=\"container\">\n\t\t\t\t\t<div class=\"e-con-inner\">\n\t\t\t\t<div class=\"elementor-element elementor-element-iwgs-eberesche-s8h elementor-widget elementor-widget-heading\" data-id=\"iwgs-eberesche-s8h\" data-element_type=\"widget\" data-e-type=\"widget\" data-widget_type=\"heading.default\">\n\t\t\t\t\t<h2 class=\"elementor-heading-title elementor-size-default\">Sou\u010dasn\u00e1 recepce<\/h2>\t\t\t\t<\/div>\n\t\t<div class=\"elementor-element elementor-element-iw-eberesche-s8-bw e-con-full e-flex e-con e-child\" data-id=\"iw-eberesche-s8-bw\" data-element_type=\"container\" data-e-type=\"container\">\n\t\t<div class=\"elementor-element elementor-element-iwgs-eberesche-s8box e-con-full e-flex e-con e-parent\" data-id=\"iwgs-eberesche-s8box\" data-element_type=\"container\" data-e-type=\"container\">\n\t\t\t\t<div class=\"elementor-element elementor-element-iwgs-eberesche-s8t elementor-widget elementor-widget-text-editor\" data-id=\"iwgs-eberesche-s8t\" data-element_type=\"widget\" data-e-type=\"widget\" data-widget_type=\"text-editor.default\">\n\t\t\t\t\t\t\t\t\t<p>Je\u0159\u00e1b pta\u010d\u00ed je dnes zn\u00e1m\u00fd p\u0159edev\u0161\u00edm jako okrasn\u00e1 d\u0159evina a ke\u0159 chr\u00e1n\u00edc\u00ed ptactvo. Jeho \u010derven\u00e9 plody jsou d\u016fle\u017eit\u00fdm zdrojem potravy pro pt\u00e1ky, co\u017e ho \u010din\u00ed obl\u00edben\u00fdm v p\u0159\u00edrodn\u00edch zahrad\u00e1ch.<\/p><p>V modern\u00ed p\u0159\u00edrodn\u00ed l\u00e9\u010db\u011b a <span class=\"iwg-fachbegriff\" data-tooltip=\"Souhrnn\u00fd pojem pro u\u010den\u00ed, kter\u00e9 si n\u00e1rokuje skryt\u00e9 pozn\u00e1n\u00ed dostupn\u00e9 jen zasv\u011bcen\u00fdm.\" tabindex=\"0\">esoterice<\/span> se je\u0159\u00e1b pta\u010d\u00ed ob\u010das objevuje jako ochrann\u00fd strom. R\u00e1dcov\u00e1 literatura ho popisuje jako strom s odvracej\u00edc\u00ed silou. Tato zobrazen\u00ed navazuj\u00ed na star\u00e9 p\u0159edstavy, je v\u0161ak t\u0159eba je odli\u0161ovat od historick\u00e9 <span class=\"iwg-fachbegriff\" data-tooltip=\"P\u0159ed\u00e1v\u00e1n\u00ed pozn\u00e1n\u00ed a vypr\u00e1v\u011bn\u00ed mezi generacemi.\" tabindex=\"0\">tradice<\/span>.<\/p><p>V p\u00e9\u010di o lidov\u00e9 zvyky a v region\u00e1ln\u00edm vlastiv\u011bdn\u00e9m pozn\u00e1n\u00ed \u017eije v\u011bdom\u00ed o je\u0159\u00e1bu jako ochrann\u00e9m stromu d\u00e1l. P\u0159i zprost\u0159edkov\u00e1n\u00ed region\u00e1ln\u00ed lidov\u00e9 kultury se strom a jeho star\u00fd <span class=\"iwg-fachbegriff\" data-tooltip=\"P\u0159ed\u00e1van\u00fd a v r\u00e1mci spole\u010denstv\u00ed pravideln\u011b opakovan\u00fd \u00fakon.\" tabindex=\"0\">zvyk<\/span> vysv\u011btluj\u00ed.<\/p><p>V keltsky inspirovan\u00e9m modern\u00edm pohanstv\u00ed hraje je\u0159\u00e1b pta\u010d\u00ed roli pod n\u00e1zvem Rowan. Je zde ch\u00e1p\u00e1n jako ochrann\u00fd strom, p\u0159i\u010dem\u017e se historick\u00e1 <span class=\"iwg-fachbegriff\" data-tooltip=\"P\u0159ed\u00e1v\u00e1n\u00ed pozn\u00e1n\u00ed a vypr\u00e1v\u011bn\u00ed mezi generacemi.\" tabindex=\"0\">tradice<\/span> a modern\u00ed nov\u00e1 interpretace prol\u00ednaj\u00ed.<\/p><div data-nosnippet=\"true\"><p>Kdo chce l\u00e9pe pochopit roli je\u0159\u00e1bu pta\u010d\u00edho v seversk\u00e9m a keltsk\u00e9m lidov\u00e9m pov\u011bre\u010dnictv\u00ed, m\u011bl by s\u00e1hnout po vlastiv\u011bdn\u00fdch p\u0159\u00edru\u010dk\u00e1ch a p\u0159ehledu ochrann\u00fdch symbol\u016f. Esoterick\u00e9 r\u00e1dce \u010dasto l\u00ed\u010d\u00ed historii ochrann\u00e9ho stromu zna\u010dn\u011b zjednodu\u0161en\u011b.<\/p><\/div><p>Sou\u010dasn\u00e1 recepce tak ukazuje dva proudy. Je\u0159\u00e1b pta\u010d\u00ed je obl\u00edbenou p\u0159\u00edrodn\u00ed d\u0159evinou a z\u00e1rove\u0148 \u017eije jako ochrann\u00fd strom v p\u00e9\u010di o lidov\u00e9 zvyky a v modern\u00edm pohanstv\u00ed d\u00e1l, tam v\u0161ak v nov\u011b pojat\u00e9 podob\u011b.<\/p>\t\t\t\t\t\t\t\t<\/div>\n\t\t\t\t<\/div>\n\t\t\t\t<\/div>\n\t\t\t\t\t<\/div>\n\t\t\t\t<\/div>\n\t\t<div class=\"elementor-element elementor-element-iwgs-eberesche-lit e-flex e-con-boxed e-con e-parent\" data-id=\"iwgs-eberesche-lit\" data-element_type=\"container\" data-e-type=\"container\">\n\t\t\t\t\t<div class=\"e-con-inner\">\n\t\t\t\t<div class=\"elementor-element elementor-element-iwgs-eberesche-lith elementor-widget elementor-widget-heading\" data-id=\"iwgs-eberesche-lith\" data-element_type=\"widget\" data-e-type=\"widget\" data-widget_type=\"heading.default\">\n\t\t\t\t\t<h2 class=\"elementor-heading-title elementor-size-default\">Literatura (v\u00fdb\u011br)<\/h2>\t\t\t\t<\/div>\n\t\t<div class=\"elementor-element elementor-element-iw-eberesche-lit-bw e-con-full e-flex e-con e-child\" data-id=\"iw-eberesche-lit-bw\" data-element_type=\"container\" data-e-type=\"container\">\n\t\t<div class=\"elementor-element elementor-element-iwgs-eberesche-litbox e-con-full e-flex e-con e-parent\" data-id=\"iwgs-eberesche-litbox\" data-element_type=\"container\" data-e-type=\"container\">\n\t\t\t\t<div class=\"elementor-element elementor-element-iwgs-eberesche-litt elementor-widget elementor-widget-html\" data-id=\"iwgs-eberesche-litt\" data-element_type=\"widget\" data-e-type=\"widget\" data-widget_type=\"html.default\">\n\t\t\t\t\t<footer data-nosnippet=\"true\"><ul><li>Hanns B\u00e4chtold-St\u00e4ubli (ed.): <em>Handw\u00f6rterbuch des deutschen Aberglaubens<\/em> (1927-1942)<\/li><li>Heinrich Marzell: <em>W\u00f6rterbuch der deutschen Pflanzennamen<\/em> (1943-1979)<\/li><li>Adolf Wuttke: <em>Der deutsche Volksaberglaube der Gegenwart<\/em> (1869)<\/li><li>Wolf-Dieter Storl: <em>Pflanzen der Kelten<\/em> (2000)<\/li><li>Doris Laudert: <em>Mythos Baum. Geschichte, Brauchtum, 40 Baumportr\u00e4ts<\/em> (1998)<\/li><\/ul><\/footer>\t\t\t\t<\/div>\n\t\t\t\t<\/div>\n\t\t\t\t<\/div>\n\t\t\t\t\t<\/div>\n\t\t\t\t<\/div>\n\t\t<div class=\"elementor-element elementor-element-iwgs-eberesche-kwd e-flex e-con-boxed e-con e-parent\" data-id=\"iwgs-eberesche-kwd\" data-element_type=\"container\" data-e-type=\"container\">\n\t\t\t\t\t<div class=\"e-con-inner\">\n\t\t<div class=\"elementor-element elementor-element-iw-eberesche-kwd-bw e-con-full e-flex e-con e-child\" data-id=\"iw-eberesche-kwd-bw\" data-element_type=\"container\" data-e-type=\"container\">\n\t\t\t\t<div class=\"elementor-element elementor-element-iwgs-eberesche-kwdt elementor-widget elementor-widget-text-editor\" data-id=\"iwgs-eberesche-kwdt\" data-element_type=\"widget\" data-e-type=\"widget\" data-widget_type=\"text-editor.default\">\n\t\t\t\t\t\t\t\t\t<p><em>P\u0159\u00edbuzn\u00e9 kl\u00ed\u010dov\u00e9 pojmy: Je\u0159\u00e1b pta\u010d\u00ed Sorbus aucuparia Ochrann\u00fd strom Drudenbaum Rowan Valpur\u017eina noc Ochrana proti \u010darod\u011bjnic\u00edm L\u00e9taj\u00edc\u00ed je\u0159\u00e1b Ochrann\u00e9 d\u0159evo Ochrana dobytka Ochrana p\u0159ed bleskem.<\/em><\/p>\t\t\t\t\t\t\t\t<\/div>\n\t\t\t\t<\/div>\n\t\t\t\t\t<\/div>\n\t\t\t\t<\/div>\n\t\t<div class=\"elementor-element elementor-element-iwgs-eberesche-cc e-flex e-con-boxed e-con e-parent\" data-id=\"iwgs-eberesche-cc\" data-element_type=\"container\" data-e-type=\"container\" id=\"iwg-cc-eberesche\">\n\t\t\t\t\t<div class=\"e-con-inner\">\n\t\t<div class=\"elementor-element elementor-element-iwgs-eberesche-ccinner e-flex e-con-boxed e-con e-parent\" data-id=\"iwgs-eberesche-ccinner\" data-element_type=\"container\" data-e-type=\"container\" data-settings=\"{&quot;background_background&quot;:&quot;classic&quot;}\">\n\t\t\t\t\t<div class=\"e-con-inner\">\n\t\t\t\t<div class=\"elementor-element elementor-element-iwgs-eberesche-cch elementor-widget elementor-widget-heading\" data-id=\"iwgs-eberesche-cch\" data-element_type=\"widget\" data-e-type=\"widget\" data-widget_type=\"heading.default\">\n\t\t\t\t\t<h2 class=\"elementor-heading-title elementor-size-default\">iWell Guard a ochrann\u00e9 tradice<\/h2>\t\t\t\t<\/div>\n\t\t\t\t<div class=\"elementor-element elementor-element-iwgs-eberesche-cct elementor-widget elementor-widget-text-editor\" data-id=\"iwgs-eberesche-cct\" data-element_type=\"widget\" data-e-type=\"widget\" data-widget_type=\"text-editor.default\">\n\t\t\t\t\t\t\t\t\t<p>iWell Guard navazuje na kulturn\u011bhistorickou linii nositeln\u00fdch ochrann\u00fdch p\u0159edm\u011bt\u016f, k n\u00ed\u017e pat\u0159\u00ed i je\u0159\u00e1b pta\u010d\u00ed. Modern\u00ed doprovodn\u00edk pro lidi, kte\u0159\u00ed \u017eij\u00ed s ochrann\u00fdmi symboly: vyroben\u00fd v N\u011bmecku, 41 vrstev z prav\u00e9ho zlata, platiny a st\u0159\u00edbra, s 30denn\u00ed lh\u016ftou na vr\u00e1cen\u00ed zbo\u017e\u00ed.<\/p>\t\t\t\t\t\t\t\t<\/div>\n\t\t\t\t<div class=\"elementor-element elementor-element-iwgs-eberesche-ccb iwg-cc-button iwg-cc-cta-2026-05-13 elementor-widget elementor-widget-jet-button\" data-id=\"iwgs-eberesche-ccb\" data-element_type=\"widget\" data-e-type=\"widget\" data-widget_type=\"jet-button.default\">\n\t\t\t\t<div class=\"elementor-widget-container\">\n\t\t\t\t\t<div class=\"elementor-jet-button jet-elements\"><div class=\"jet-button__container\"><a class=\"jet-button__instance jet-button__instance--icon-left hover-effect-1\" href=\"\/schutzanhaenger-iwell-guard-kaufen\/?utm_source=iwell-guard.com&amp;utm_medium=info-box&amp;utm_campaign=schutzsymbole\"><div class=\"jet-button__plane jet-button__plane-normal\"><\/div><div class=\"jet-button__plane jet-button__plane-hover\"><\/div><div class=\"jet-button__state jet-button__state-normal\"><span class=\"jet-button__label\">V\u00edce o iWell Guard<\/span><\/div><div class=\"jet-button__state jet-button__state-hover\"><span class=\"jet-button__label\">V\u00edce o iWell Guard<\/span><\/div><\/a><\/div><\/div><style>.elementor-element.elementor-element-iwgs-eberesche-ccb .jet-button__instance{width:320px;height:56px;}.elementor-element.elementor-element-iwgs-eberesche-ccb .jet-button__state-normal .jet-button__label{text-align:center;margin:0px 0px 0px 0px;color:#1a1b20;font-family:Montserrat,sans-serif;font-size:13px;font-weight:400;letter-spacing:4px;line-height:1.714em;text-transform:uppercase;}.elementor-element.elementor-element-iwgs-eberesche-ccb .jet-button__state-hover .jet-button__label{text-align:center;margin:0px 0px 0px 0px;color:#FECC76;font-family:Montserrat,sans-serif;font-size:13px;font-weight:400;letter-spacing:4px;line-height:1.714em;text-transform:uppercase;}.elementor-element.elementor-element-iwgs-eberesche-ccb .jet-button__plane-normal{background-color:#FECC76;border-style:solid;border-color:#C99540;border-width:2px 2px 2px 2px;}.elementor-element.elementor-element-iwgs-eberesche-ccb .jet-button__plane-hover{background-color:rgba(0,0,0,0.55);border-style:solid;border-color:#FECC76;border-width:2px 2px 2px 2px;}<\/style>\t\t\t\t<\/div>\n\t\t\t\t<\/div>\n\t\t\t\t<div class=\"elementor-element elementor-element-iwgs-eberesche-ccd elementor-widget elementor-widget-text-editor\" data-id=\"iwgs-eberesche-ccd\" data-element_type=\"widget\" data-e-type=\"widget\" data-widget_type=\"text-editor.default\">\n\t\t\t\t\t\t\t\t\t<p style=\"text-align:center;font-size:13px;opacity:0.7;margin-top:14px\" data-nosnippet=\"true\">Osobn\u00ed zku\u0161enosti se mohou li\u0161it. Nejde o zdravotnick\u00fd prost\u0159edek. Nejde o p\u0159\u00edslib l\u00e9\u010den\u00ed.<\/p>\t\t\t\t\t\t\t\t<\/div>\n\t\t\t\t\t<\/div>\n\t\t\t\t<\/div>\n\t\t\t\t\t<\/div>\n\t\t\t\t<\/div>\n\t\t<div class=\"elementor-element elementor-element-iwgs-eberesche-disc e-flex e-con-boxed e-con e-parent\" data-id=\"iwgs-eberesche-disc\" data-element_type=\"container\" data-e-type=\"container\">\n\t\t\t\t\t<div class=\"e-con-inner\">\n\t\t<div class=\"elementor-element elementor-element-iw-eberesche-disc-bw e-con-full e-flex e-con e-child\" data-id=\"iw-eberesche-disc-bw\" data-element_type=\"container\" data-e-type=\"container\">\n\t\t\t\t<div class=\"elementor-element elementor-element-iwgs-eberesche-discw elementor-widget elementor-widget-html\" data-id=\"iwgs-eberesche-discw\" data-element_type=\"widget\" data-e-type=\"widget\" data-widget_type=\"html.default\">\n\t\t\t\t\t<footer data-nosnippet=\"true\" class=\"iwg-disclaimer-block\"><p data-nosnippet=\"true\">iWell Guard <strong>nen\u00ed zdravotnick\u00fd prost\u0159edek<\/strong> a nenahrazuje l\u00e9ka\u0159skou ani psychoterapeutickou l\u00e9\u010dbu. Zde uveden\u00fd obsah p\u0159edstavuje religionistick\u00e9 a kulturn\u011b-historick\u00e9 za\u0159azen\u00ed, nikoli p\u0159\u00edslib duchovn\u00edho \u00fa\u010dinku.<\/p><\/footer>\t\t\t\t<\/div>\n\t\t\t\t<\/div>\n\t\t\t\t\t<\/div>\n\t\t\t\t<\/div>\n\t\t\t\t<\/div>\n\t\t","protected":false},"excerpt":{"rendered":"","protected":false},"author":3,"featured_media":3573,"parent":0,"menu_order":0,"comment_status":"closed","ping_status":"closed","template":"elementor_header_footer","meta":{"_yoast_wpseo_focuskw":"Je\u0159\u00e1b","_yoast_wpseo_title":"Je\u0159\u00e1b: ochrann\u00fd strom evropsk\u00e9 lidov\u00e9 magie","_yoast_wpseo_metadesc":"Je\u0159\u00e1b byl pova\u017eov\u00e1n za ochrann\u00fd strom a ochrann\u00e9 d\u0159evo proti \u010darod\u011bjnictv\u00ed a blesku. P\u016fvod, zvyk a folkloristick\u00fd v\u00fdklad ochrann\u00e9ho stromu.","_yoast_wpseo_meta-robots-noindex":"","_yoast_wpseo_canonical":"","_angie_page":false,"gefaehrdungsstufe":"","wesen_kultur":"","wesen_klasse":"","footnotes":""},"categories":[],"class_list":["post-145772","page","type-page","status-publish","has-post-thumbnail","hentry"],"yoast_head":"<!-- This site is optimized with the Yoast SEO Premium plugin v27.7 (Yoast SEO v28.3) - https:\/\/yoast.com\/product\/yoast-seo-premium-wordpress\/ -->\n<title>Je\u0159\u00e1b: ochrann\u00fd strom evropsk\u00e9 lidov\u00e9 magie<\/title>\n<meta name=\"description\" content=\"Je\u0159\u00e1b byl pova\u017eov\u00e1n za ochrann\u00fd strom a ochrann\u00e9 d\u0159evo proti \u010darod\u011bjnictv\u00ed a blesku. P\u016fvod, zvyk a folkloristick\u00fd v\u00fdklad ochrann\u00e9ho stromu.\" \/>\n<meta name=\"robots\" content=\"index, follow, max-snippet:-1, max-image-preview:large, max-video-preview:-1\" \/>\n<link rel=\"canonical\" href=\"https:\/\/iwell-guard.com\/cs\/jerab-ochranny-strom-lidove-magie\/\" \/>\n<meta property=\"og:locale\" content=\"cs_CZ\" \/>\n<meta property=\"og:type\" content=\"article\" \/>\n<meta property=\"og:title\" content=\"Je\u0159\u00e1b \u2013 ochrann\u00fd strom a ochrann\u00e9 d\u0159evo lidov\u00e9 magie\" \/>\n<meta property=\"og:description\" content=\"Je\u0159\u00e1b byl pova\u017eov\u00e1n za ochrann\u00fd strom a ochrann\u00e9 d\u0159evo proti \u010darod\u011bjnictv\u00ed a blesku. P\u016fvod, zvyk a folkloristick\u00fd v\u00fdklad ochrann\u00e9ho stromu.\" \/>\n<meta property=\"og:url\" content=\"https:\/\/iwell-guard.com\/cs\/jerab-ochranny-strom-lidove-magie\/\" \/>\n<meta property=\"og:site_name\" content=\"iWell Guard\" \/>\n<meta property=\"article:modified_time\" content=\"2026-09-03T17:05:23+00:00\" \/>\n<meta property=\"og:image\" content=\"https:\/\/iwell-guard.com\/wp-content\/uploads\/2026\/05\/schutzsymbol_volksmagie_eberesche.webp\" \/>\n\t<meta property=\"og:image:width\" content=\"1024\" \/>\n\t<meta property=\"og:image:height\" content=\"1536\" \/>\n\t<meta property=\"og:image:type\" content=\"image\/webp\" \/>\n<meta name=\"twitter:card\" content=\"summary_large_image\" \/>\n<script type=\"application\/ld+json\" class=\"yoast-schema-graph\">{\"@context\":\"https:\\\/\\\/schema.org\",\"@graph\":[{\"@type\":\"WebPage\",\"@id\":\"https:\\\/\\\/iwell-guard.com\\\/cs\\\/jerab-ochranny-strom-lidove-magie\\\/\",\"url\":\"https:\\\/\\\/iwell-guard.com\\\/cs\\\/jerab-ochranny-strom-lidove-magie\\\/\",\"name\":\"Je\u0159\u00e1b: ochrann\u00fd strom evropsk\u00e9 lidov\u00e9 magie\",\"isPartOf\":{\"@id\":\"https:\\\/\\\/iwell-guard.com\\\/cs\\\/#website\"},\"primaryImageOfPage\":{\"@id\":\"https:\\\/\\\/iwell-guard.com\\\/cs\\\/jerab-ochranny-strom-lidove-magie\\\/#primaryimage\"},\"image\":{\"@id\":\"https:\\\/\\\/iwell-guard.com\\\/cs\\\/jerab-ochranny-strom-lidove-magie\\\/#primaryimage\"},\"thumbnailUrl\":\"https:\\\/\\\/iwell-guard.com\\\/wp-content\\\/uploads\\\/2026\\\/05\\\/schutzsymbol_volksmagie_eberesche.webp\",\"datePublished\":\"2026-09-03T16:33:34+00:00\",\"dateModified\":\"2026-09-03T17:05:23+00:00\",\"description\":\"Je\u0159\u00e1b byl pova\u017eov\u00e1n za ochrann\u00fd strom a ochrann\u00e9 d\u0159evo proti \u010darod\u011bjnictv\u00ed a blesku. P\u016fvod, zvyk a folkloristick\u00fd v\u00fdklad ochrann\u00e9ho stromu.\",\"breadcrumb\":{\"@id\":\"https:\\\/\\\/iwell-guard.com\\\/cs\\\/jerab-ochranny-strom-lidove-magie\\\/#breadcrumb\"},\"inLanguage\":\"cs\",\"potentialAction\":[{\"@type\":\"ReadAction\",\"target\":[\"https:\\\/\\\/iwell-guard.com\\\/cs\\\/jerab-ochranny-strom-lidove-magie\\\/\"]}]},{\"@type\":\"ImageObject\",\"inLanguage\":\"cs\",\"@id\":\"https:\\\/\\\/iwell-guard.com\\\/cs\\\/jerab-ochranny-strom-lidove-magie\\\/#primaryimage\",\"url\":\"https:\\\/\\\/iwell-guard.com\\\/wp-content\\\/uploads\\\/2026\\\/05\\\/schutzsymbol_volksmagie_eberesche.webp\",\"contentUrl\":\"https:\\\/\\\/iwell-guard.com\\\/wp-content\\\/uploads\\\/2026\\\/05\\\/schutzsymbol_volksmagie_eberesche.webp\",\"width\":1024,\"height\":1536,\"caption\":\"Ochrann\u00fd symbol. Muzejn\u00ed ilustrace z\u00e1ti\u0161\u00ed.\"},{\"@type\":\"BreadcrumbList\",\"@id\":\"https:\\\/\\\/iwell-guard.com\\\/cs\\\/jerab-ochranny-strom-lidove-magie\\\/#breadcrumb\",\"itemListElement\":[{\"@type\":\"ListItem\",\"position\":1,\"name\":\"Start\",\"item\":\"https:\\\/\\\/iwell-guard.com\\\/cs\\\/?page_id=145107\"},{\"@type\":\"ListItem\",\"position\":2,\"name\":\"Je\u0159\u00e1b \u2013 ochrann\u00fd strom a ochrann\u00e9 d\u0159evo lidov\u00e9 magie\"}]},{\"@type\":\"WebSite\",\"@id\":\"https:\\\/\\\/iwell-guard.com\\\/cs\\\/#website\",\"url\":\"https:\\\/\\\/iwell-guard.com\\\/cs\\\/\",\"name\":\"iWell Guard\",\"description\":\"Schutz vor dunklen Einfl\u00fcssen\",\"publisher\":{\"@id\":\"https:\\\/\\\/iwell-guard.com\\\/cs\\\/#organization\"},\"potentialAction\":[{\"@type\":\"SearchAction\",\"target\":{\"@type\":\"EntryPoint\",\"urlTemplate\":\"https:\\\/\\\/iwell-guard.com\\\/cs\\\/?s={search_term_string}\"},\"query-input\":{\"@type\":\"PropertyValueSpecification\",\"valueRequired\":true,\"valueName\":\"search_term_string\"}}],\"inLanguage\":\"cs\"},{\"@type\":\"Organization\",\"@id\":\"https:\\\/\\\/iwell-guard.com\\\/cs\\\/#organization\",\"name\":\"Ittermann electronic GmbH\",\"url\":\"https:\\\/\\\/iwell-guard.com\\\/cs\\\/\",\"logo\":{\"@type\":\"ImageObject\",\"inLanguage\":\"cs\",\"@id\":\"https:\\\/\\\/iwell-guard.com\\\/cs\\\/#\\\/schema\\\/logo\\\/image\\\/\",\"url\":\"https:\\\/\\\/iwell-guard.com\\\/wp-content\\\/uploads\\\/2026\\\/05\\\/Ittermann-Logo-1182x237-1.png\",\"contentUrl\":\"https:\\\/\\\/iwell-guard.com\\\/wp-content\\\/uploads\\\/2026\\\/05\\\/Ittermann-Logo-1182x237-1.png\",\"width\":1182,\"height\":237,\"caption\":\"Ittermann electronic GmbH\"},\"image\":{\"@id\":\"https:\\\/\\\/iwell-guard.com\\\/cs\\\/#\\\/schema\\\/logo\\\/image\\\/\"},\"sameAs\":[\"https:\\\/\\\/pantip.com\\\/profile\\\/9367242\",\"https:\\\/\\\/micro.blog\\\/iwellguard\",\"https:\\\/\\\/www.diggerslist.com\\\/iwellguard\\\/about\",\"https:\\\/\\\/skitterphoto.com\\\/photographers\\\/2870314\\\/iwell-guard\",\"https:\\\/\\\/iwellguard.wordpress.com\\\/2026\\\/06\\\/06\\\/iwell-guard\\\/\",\"https:\\\/\\\/hub.docker.com\\\/u\\\/iwellguard\",\"https:\\\/\\\/www.pinterest.com\\\/iwellguard\\\/\",\"https:\\\/\\\/bit.ly\\\/m\\\/iwellguard\",\"https:\\\/\\\/entre-vos-mains.alsace.eu\\\/profiles\\\/iwellguard\\\/activity\",\"https:\\\/\\\/gravatar.com\\\/reallybeded8fd34\",\"https:\\\/\\\/naijamatta.com\\\/iwellguard\",\"https:\\\/\\\/www.goodreads.com\\\/iwellguard\",\"https:\\\/\\\/profile.hatena.ne.jp\\\/iwellguard\\\/\",\"https:\\\/\\\/experiment.com\\\/users\\\/iwellguard\",\"https:\\\/\\\/wakelet.com\\\/@iWellGuard82270\",\"https:\\\/\\\/www.chordie.com\\\/forum\\\/profile.php?id=2555664\",\"https:\\\/\\\/www.instapaper.com\\\/p\\\/17757966\",\"https:\\\/\\\/www.mapleprimes.com\\\/users\\\/iwellguard\",\"https:\\\/\\\/businesslistingplus.com\\\/profile\\\/iwell-guard\\\/\",\"https:\\\/\\\/telegra.ph\\\/iWell-Guard-06-06\",\"https:\\\/\\\/pbase.com\\\/iwellguard\\\/iwellguard\",\"https:\\\/\\\/b.hatena.ne.jp\\\/iwellguard\\\/20260607#bookmark-4788405196491818882\",\"https:\\\/\\\/fliphtml5.com\\\/home\\\/iwellguard\",\"https:\\\/\\\/anyflip.com\\\/homepage\\\/cmiwl#About\",\"https:\\\/\\\/transfur.com\\\/Users\\\/iwellguard\",\"http:\\\/\\\/delphi.larsbo.org\\\/user\\\/iwellguard\",\"https:\\\/\\\/jobs.lajobsportal.org\\\/profiles\\\/8380803-iwell-guard\",\"https:\\\/\\\/md.chaosdorf.de\\\/s\\\/jfbe5SBdJD\",\"https:\\\/\\\/www.lingvolive.com\\\/en-us\\\/profile\\\/9ecaeaca-ce11-4e51-9e71-01d55e2bff36\\\/translations\",\"https:\\\/\\\/www.fitday.com\\\/fitness\\\/forums\\\/members\\\/iwellguard.html\",\"https:\\\/\\\/www.mymeetbook.com\\\/iwellguard\",\"https:\\\/\\\/pxhere.com\\\/en\\\/photographer-me\\\/5040798\",\"https:\\\/\\\/disqus.com\\\/by\\\/iwellguard\\\/about\\\/\",\"https:\\\/\\\/pastelink.net\\\/hjwciqwq\",\"https:\\\/\\\/pubhtml5.com\\\/homepage\\\/scjhn\\\/\",\"https:\\\/\\\/www.bitchute.com\\\/channel\\\/2O2eOKzNqujT\",\"https:\\\/\\\/audiomack.com\\\/iwellguard\"]}]}<\/script>\n<!-- \/ Yoast SEO Premium plugin. -->","yoast_head_json":{"title":"Je\u0159\u00e1b: ochrann\u00fd strom evropsk\u00e9 lidov\u00e9 magie","description":"Je\u0159\u00e1b byl pova\u017eov\u00e1n za ochrann\u00fd strom a ochrann\u00e9 d\u0159evo proti \u010darod\u011bjnictv\u00ed a blesku. P\u016fvod, zvyk a folkloristick\u00fd v\u00fdklad ochrann\u00e9ho stromu.","robots":{"index":"index","follow":"follow","max-snippet":"max-snippet:-1","max-image-preview":"max-image-preview:large","max-video-preview":"max-video-preview:-1"},"canonical":"https:\/\/iwell-guard.com\/cs\/jerab-ochranny-strom-lidove-magie\/","og_locale":"cs_CZ","og_type":"article","og_title":"Je\u0159\u00e1b \u2013 ochrann\u00fd strom a ochrann\u00e9 d\u0159evo lidov\u00e9 magie","og_description":"Je\u0159\u00e1b byl pova\u017eov\u00e1n za ochrann\u00fd strom a ochrann\u00e9 d\u0159evo proti \u010darod\u011bjnictv\u00ed a blesku. P\u016fvod, zvyk a folkloristick\u00fd v\u00fdklad ochrann\u00e9ho stromu.","og_url":"https:\/\/iwell-guard.com\/cs\/jerab-ochranny-strom-lidove-magie\/","og_site_name":"iWell Guard","article_modified_time":"2026-09-03T17:05:23+00:00","og_image":[{"width":1024,"height":1536,"url":"https:\/\/iwell-guard.com\/wp-content\/uploads\/2026\/05\/schutzsymbol_volksmagie_eberesche.webp","type":"image\/webp"}],"twitter_card":"summary_large_image","schema":{"@context":"https:\/\/schema.org","@graph":[{"@type":"WebPage","@id":"https:\/\/iwell-guard.com\/cs\/jerab-ochranny-strom-lidove-magie\/","url":"https:\/\/iwell-guard.com\/cs\/jerab-ochranny-strom-lidove-magie\/","name":"Je\u0159\u00e1b: ochrann\u00fd strom evropsk\u00e9 lidov\u00e9 magie","isPartOf":{"@id":"https:\/\/iwell-guard.com\/cs\/#website"},"primaryImageOfPage":{"@id":"https:\/\/iwell-guard.com\/cs\/jerab-ochranny-strom-lidove-magie\/#primaryimage"},"image":{"@id":"https:\/\/iwell-guard.com\/cs\/jerab-ochranny-strom-lidove-magie\/#primaryimage"},"thumbnailUrl":"https:\/\/iwell-guard.com\/wp-content\/uploads\/2026\/05\/schutzsymbol_volksmagie_eberesche.webp","datePublished":"2026-09-03T16:33:34+00:00","dateModified":"2026-09-03T17:05:23+00:00","description":"Je\u0159\u00e1b byl pova\u017eov\u00e1n za ochrann\u00fd strom a ochrann\u00e9 d\u0159evo proti \u010darod\u011bjnictv\u00ed a blesku. P\u016fvod, zvyk a folkloristick\u00fd v\u00fdklad ochrann\u00e9ho stromu.","breadcrumb":{"@id":"https:\/\/iwell-guard.com\/cs\/jerab-ochranny-strom-lidove-magie\/#breadcrumb"},"inLanguage":"cs","potentialAction":[{"@type":"ReadAction","target":["https:\/\/iwell-guard.com\/cs\/jerab-ochranny-strom-lidove-magie\/"]}]},{"@type":"ImageObject","inLanguage":"cs","@id":"https:\/\/iwell-guard.com\/cs\/jerab-ochranny-strom-lidove-magie\/#primaryimage","url":"https:\/\/iwell-guard.com\/wp-content\/uploads\/2026\/05\/schutzsymbol_volksmagie_eberesche.webp","contentUrl":"https:\/\/iwell-guard.com\/wp-content\/uploads\/2026\/05\/schutzsymbol_volksmagie_eberesche.webp","width":1024,"height":1536,"caption":"Ochrann\u00fd symbol. Muzejn\u00ed ilustrace z\u00e1ti\u0161\u00ed."},{"@type":"BreadcrumbList","@id":"https:\/\/iwell-guard.com\/cs\/jerab-ochranny-strom-lidove-magie\/#breadcrumb","itemListElement":[{"@type":"ListItem","position":1,"name":"Start","item":"https:\/\/iwell-guard.com\/cs\/?page_id=145107"},{"@type":"ListItem","position":2,"name":"Je\u0159\u00e1b \u2013 ochrann\u00fd strom a ochrann\u00e9 d\u0159evo lidov\u00e9 magie"}]},{"@type":"WebSite","@id":"https:\/\/iwell-guard.com\/cs\/#website","url":"https:\/\/iwell-guard.com\/cs\/","name":"iWell Guard","description":"Schutz vor dunklen Einfl\u00fcssen","publisher":{"@id":"https:\/\/iwell-guard.com\/cs\/#organization"},"potentialAction":[{"@type":"SearchAction","target":{"@type":"EntryPoint","urlTemplate":"https:\/\/iwell-guard.com\/cs\/?s={search_term_string}"},"query-input":{"@type":"PropertyValueSpecification","valueRequired":true,"valueName":"search_term_string"}}],"inLanguage":"cs"},{"@type":"Organization","@id":"https:\/\/iwell-guard.com\/cs\/#organization","name":"Ittermann electronic GmbH","url":"https:\/\/iwell-guard.com\/cs\/","logo":{"@type":"ImageObject","inLanguage":"cs","@id":"https:\/\/iwell-guard.com\/cs\/#\/schema\/logo\/image\/","url":"https:\/\/iwell-guard.com\/wp-content\/uploads\/2026\/05\/Ittermann-Logo-1182x237-1.png","contentUrl":"https:\/\/iwell-guard.com\/wp-content\/uploads\/2026\/05\/Ittermann-Logo-1182x237-1.png","width":1182,"height":237,"caption":"Ittermann electronic GmbH"},"image":{"@id":"https:\/\/iwell-guard.com\/cs\/#\/schema\/logo\/image\/"},"sameAs":["https:\/\/pantip.com\/profile\/9367242","https:\/\/micro.blog\/iwellguard","https:\/\/www.diggerslist.com\/iwellguard\/about","https:\/\/skitterphoto.com\/photographers\/2870314\/iwell-guard","https:\/\/iwellguard.wordpress.com\/2026\/06\/06\/iwell-guard\/","https:\/\/hub.docker.com\/u\/iwellguard","https:\/\/www.pinterest.com\/iwellguard\/","https:\/\/bit.ly\/m\/iwellguard","https:\/\/entre-vos-mains.alsace.eu\/profiles\/iwellguard\/activity","https:\/\/gravatar.com\/reallybeded8fd34","https:\/\/naijamatta.com\/iwellguard","https:\/\/www.goodreads.com\/iwellguard","https:\/\/profile.hatena.ne.jp\/iwellguard\/","https:\/\/experiment.com\/users\/iwellguard","https:\/\/wakelet.com\/@iWellGuard82270","https:\/\/www.chordie.com\/forum\/profile.php?id=2555664","https:\/\/www.instapaper.com\/p\/17757966","https:\/\/www.mapleprimes.com\/users\/iwellguard","https:\/\/businesslistingplus.com\/profile\/iwell-guard\/","https:\/\/telegra.ph\/iWell-Guard-06-06","https:\/\/pbase.com\/iwellguard\/iwellguard","https:\/\/b.hatena.ne.jp\/iwellguard\/20260607#bookmark-4788405196491818882","https:\/\/fliphtml5.com\/home\/iwellguard","https:\/\/anyflip.com\/homepage\/cmiwl#About","https:\/\/transfur.com\/Users\/iwellguard","http:\/\/delphi.larsbo.org\/user\/iwellguard","https:\/\/jobs.lajobsportal.org\/profiles\/8380803-iwell-guard","https:\/\/md.chaosdorf.de\/s\/jfbe5SBdJD","https:\/\/www.lingvolive.com\/en-us\/profile\/9ecaeaca-ce11-4e51-9e71-01d55e2bff36\/translations","https:\/\/www.fitday.com\/fitness\/forums\/members\/iwellguard.html","https:\/\/www.mymeetbook.com\/iwellguard","https:\/\/pxhere.com\/en\/photographer-me\/5040798","https:\/\/disqus.com\/by\/iwellguard\/about\/","https:\/\/pastelink.net\/hjwciqwq","https:\/\/pubhtml5.com\/homepage\/scjhn\/","https:\/\/www.bitchute.com\/channel\/2O2eOKzNqujT","https:\/\/audiomack.com\/iwellguard"]}]}},"_links":{"self":[{"href":"https:\/\/iwell-guard.com\/cs\/wp-json\/wp\/v2\/pages\/145772","targetHints":{"allow":["GET"]}}],"collection":[{"href":"https:\/\/iwell-guard.com\/cs\/wp-json\/wp\/v2\/pages"}],"about":[{"href":"https:\/\/iwell-guard.com\/cs\/wp-json\/wp\/v2\/types\/page"}],"author":[{"embeddable":true,"href":"https:\/\/iwell-guard.com\/cs\/wp-json\/wp\/v2\/users\/3"}],"replies":[{"embeddable":true,"href":"https:\/\/iwell-guard.com\/cs\/wp-json\/wp\/v2\/comments?post=145772"}],"version-history":[{"count":0,"href":"https:\/\/iwell-guard.com\/cs\/wp-json\/wp\/v2\/pages\/145772\/revisions"}],"wp:featuredmedia":[{"embeddable":true,"href":"https:\/\/iwell-guard.com\/cs\/wp-json\/wp\/v2\/media\/3573"}],"wp:attachment":[{"href":"https:\/\/iwell-guard.com\/cs\/wp-json\/wp\/v2\/media?parent=145772"}],"wp:term":[{"taxonomy":"category","embeddable":true,"href":"https:\/\/iwell-guard.com\/cs\/wp-json\/wp\/v2\/categories?post=145772"}],"curies":[{"name":"wp","href":"https:\/\/api.w.org\/{rel}","templated":true}]}}