{"id":145756,"date":"2026-09-03T16:33:25","date_gmt":"2026-09-03T16:33:25","guid":{"rendered":"https:\/\/iwell-guard.com\/?page_id=145756"},"modified":"2026-09-03T17:04:53","modified_gmt":"2026-09-03T17:04:53","slug":"vetrny-kun-lungta","status":"publish","type":"page","link":"https:\/\/iwell-guard.com\/cs\/vetrny-kun-lungta\/","title":{"rendered":"V\u011btrn\u00fd k\u016f\u0148 \u2013 Lungta na tibetsk\u00fdch modlitebn\u00edch vlaje\u010dk\u00e1ch"},"content":{"rendered":"\t\t<div data-elementor-type=\"wp-page\" data-elementor-id=\"145756\" class=\"elementor elementor-145756 elementor-3721 elementor-bc-flex-widget\" data-elementor-post-type=\"page\">\n\t\t\t\t<div class=\"elementor-element elementor-element-iwgs-windpferd-hero e-flex e-con-boxed e-con e-parent\" data-id=\"iwgs-windpferd-hero\" data-element_type=\"container\" data-e-type=\"container\">\n\t\t\t\t\t<div class=\"e-con-inner\">\n\t\t<div class=\"elementor-element elementor-element-iwgs-windpferd-hl e-flex e-con-boxed e-con e-parent\" data-id=\"iwgs-windpferd-hl\" data-element_type=\"container\" data-e-type=\"container\">\n\t\t\t\t\t<div class=\"e-con-inner\">\n\t\t<div class=\"elementor-element elementor-element-iwgs-windpferd-hlbox e-con-full e-flex e-con e-parent\" data-id=\"iwgs-windpferd-hlbox\" data-element_type=\"container\" data-e-type=\"container\">\n\t\t\t\t<div class=\"elementor-element elementor-element-iwgs-windpferd-h1 elementor-widget elementor-widget-heading\" data-id=\"iwgs-windpferd-h1\" data-element_type=\"widget\" data-e-type=\"widget\" data-widget_type=\"heading.default\">\n\t\t\t\t\t<h1 class=\"elementor-heading-title elementor-size-default\">V\u011btrn\u00fd k\u016f\u0148 \u2013 motiv Lungty na tibetsk\u00fdch modlitebn\u00edch vlaje\u010dk\u00e1ch<\/h1>\t\t\t\t<\/div>\n\t\t\t\t<div class=\"elementor-element elementor-element-iwgs-windpferd-lead elementor-widget elementor-widget-text-editor\" data-id=\"iwgs-windpferd-lead\" data-element_type=\"widget\" data-e-type=\"widget\" data-widget_type=\"text-editor.default\">\n\t\t\t\t\t\t\t\t\t<p>V\u011btrn\u00fd k\u016f\u0148, tibetsky Lungta, je hlavn\u00edm motivem tibetsk\u00fdch modlitebn\u00edch vlaje\u010dek. Zobrazuje kon\u011b, kter\u00fd na sv\u00e9m h\u0159bet\u011b nese drahokam. V\u011btrn\u00fd k\u016f\u0148 symbolizuje p\u0159\u00edznivou \u017eivotn\u00ed s\u00edlu \u010dlov\u011bka a nesen\u00ed <span class=\"iwg-fachbegriff\" data-tooltip=\"Zuspruch von Heil und Schutz, oft in fester sprachlicher Form.\" tabindex=\"0\">po\u017eehn\u00e1n\u00ed<\/span> a <span class=\"iwg-fachbegriff\" data-tooltip=\"Die sprachliche Hinwendung des Menschen an eine Gottheit.\" tabindex=\"0\">modlitby<\/span> v\u011btrem.<\/p>\n<p class=\"iwg-kwfix\">V centru ka\u017ed\u00e9 tibetsk\u00e9 modlitebn\u00ed vlaje\u010dky stoj\u00ed motiv Lungty, doslova \u201ev\u011btrn\u00fd k\u016f\u0148\u201c, cv\u00e1laj\u00edc\u00ed kon\u011b, kter\u00fd nese na h\u0159bet\u011b klenot spl\u0148uj\u00edc\u00ed p\u0159\u00e1n\u00ed a m\u00e1 n\u00e9st modlitby do v\u0161ech sv\u011btov\u00fdch stran.<\/p>\t\t\t\t\t\t\t\t<\/div>\n\t\t\t\t<\/div>\n\t\t\t\t<div class=\"elementor-element elementor-element-iwgs-windpferd-pills elementor-widget elementor-widget-html\" data-id=\"iwgs-windpferd-pills\" data-element_type=\"widget\" data-e-type=\"widget\" data-widget_type=\"html.default\">\n\t\t\t\t\t<div class=\"iwg-pill-row\"><span class=\"iwg-klasse-badge\" tabindex=\"0\" data-tooltip=\"Schutzsymbol, Amulett oder apotrop\u00e4isches Objekt.\">Ochrann\u00fd symbol<\/span><a href=\"https:\/\/iwell-guard.com\/cs\/tibet\/\" class=\"iwg-kultur-badge\" tabindex=\"0\" data-tooltip=\"Schutztradition: Tibet\">Tibet<\/a><span class=\"iwg-tradition-badge\" tabindex=\"0\" data-tooltip=\"Ein Zeichen, das f\u00fcr Gl\u00fcck steht.\">Symbol \u0161t\u011bst\u00ed<\/span><\/div>\t\t\t\t<\/div>\n\t\t\t\t\t<\/div>\n\t\t\t\t<\/div>\n\t\t<div class=\"elementor-element elementor-element-iwgs-windpferd-hr e-con-full e-flex e-con e-parent\" data-id=\"iwgs-windpferd-hr\" data-element_type=\"container\" data-e-type=\"container\">\n\t\t\t\t<div class=\"elementor-element elementor-element-iwgs-windpferd-himg iwg-hero-image elementor-widget elementor-widget-image\" data-id=\"iwgs-windpferd-himg\" data-element_type=\"widget\" data-e-type=\"widget\" data-widget_type=\"image.default\">\n\t\t\t\t\t\t\t\t\t\t\t\t\t\t\t<img fetchpriority=\"high\" decoding=\"async\" width=\"683\" height=\"1024\" src=\"https:\/\/iwell-guard.com\/wp-content\/uploads\/2026\/05\/schutzsymbol_tibet_windpferd-683x1024.webp\" class=\"attachment-large size-large wp-image-147047\" alt=\"V\u011btrn\u00fd k\u016f\u0148 - ochrann\u00fd symbol, muze\u00e1ln\u00ed ilustrace\" srcset=\"https:\/\/iwell-guard.com\/wp-content\/uploads\/2026\/05\/schutzsymbol_tibet_windpferd-683x1024.webp 683w, https:\/\/iwell-guard.com\/wp-content\/uploads\/2026\/05\/schutzsymbol_tibet_windpferd-200x300.webp 200w, https:\/\/iwell-guard.com\/wp-content\/uploads\/2026\/05\/schutzsymbol_tibet_windpferd-768x1152.webp 768w, https:\/\/iwell-guard.com\/wp-content\/uploads\/2026\/05\/schutzsymbol_tibet_windpferd.webp 1024w\" sizes=\"(max-width: 683px) 100vw, 683px\" \/>\t\t\t\t\t\t\t\t\t\t\t\t\t\t\t<\/div>\n\t\t\t\t<\/div>\n\t\t\t\t\t<\/div>\n\t\t\t\t<\/div>\n\t\t<div class=\"elementor-element elementor-element-iwgs-windpferd-s0 e-flex e-con-boxed e-con e-parent\" data-id=\"iwgs-windpferd-s0\" data-element_type=\"container\" data-e-type=\"container\">\n\t\t\t\t\t<div class=\"e-con-inner\">\n\t\t\t\t<div class=\"elementor-element elementor-element-iwgs-windpferd-s0h elementor-widget elementor-widget-heading\" data-id=\"iwgs-windpferd-s0h\" data-element_type=\"widget\" data-e-type=\"widget\" data-widget_type=\"heading.default\">\n\t\t\t\t\t<h2 class=\"elementor-heading-title elementor-size-default\">Za\u0159azen\u00ed<\/h2>\t\t\t\t<\/div>\n\t\t<div class=\"elementor-element elementor-element-iwgs-windpferd-s0box e-con-full e-flex e-con e-parent\" data-id=\"iwgs-windpferd-s0box\" data-element_type=\"container\" data-e-type=\"container\">\n\t\t\t\t<div class=\"elementor-element elementor-element-iwgs-windpferd-s0t elementor-widget elementor-widget-text-editor\" data-id=\"iwgs-windpferd-s0t\" data-element_type=\"widget\" data-e-type=\"widget\" data-widget_type=\"text-editor.default\">\n\t\t\t\t\t\t\t\t\t<p>V\u011btrn\u00fd k\u016f\u0148 je obrazov\u00fd motiv z buddhistick\u00e9ho sv\u011bta <a href=\"https:\/\/iwell-guard.com\/cs\/tibet\/\">Tibetu<\/a>. Jeho tibetsk\u00fd n\u00e1zev zn\u00ed Lungta, co\u017e lze p\u0159elo\u017eit jako v\u011btrn\u00fd k\u016f\u0148.<\/p><p>V\u011btrn\u00fd k\u016f\u0148 je zobrazov\u00e1n jako k\u016f\u0148, kter\u00fd na sv\u00e9m h\u0159bet\u011b nese drahokam nebo klenot. K\u016f\u0148 se \u010dasto objevuje v kroku nebo ve skoku, v postoji pohybu.<\/p><p>V\u011btrn\u00fd k\u016f\u0148 je p\u0159edev\u0161\u00edm hlavn\u00edm motivem tibetsk\u00fdch modlitebn\u00edch vlaje\u010dek. Na v\u011bt\u0161in\u011b t\u011bchto vlaje\u010dek stoj\u00ed v\u011btrn\u00fd k\u016f\u0148 uprost\u0159ed, obklopen texty a dal\u0161\u00edmi znaky.<\/p><p>V\u011btrn\u00fd k\u016f\u0148 symbolizuje p\u0159\u00edznivou \u017eivotn\u00ed s\u00edlu \u010dlov\u011bka. Tato \u017eivotn\u00ed s\u00edla se v tibet\u0161tin\u011b ozna\u010duje stejn\u00fdm slovem, Lungta, jako samotn\u00fd v\u011btrn\u00fd k\u016f\u0148.<\/p><p>Z\u00e1rove\u0148 v\u011btrn\u00fd k\u016f\u0148 symbolizuje nesen\u00ed <span class=\"iwg-fachbegriff\" data-tooltip=\"Zuspruch von Heil und Schutz, oft in fester sprachlicher Form.\" tabindex=\"0\">po\u017eehn\u00e1n\u00ed<\/span> a <span class=\"iwg-fachbegriff\" data-tooltip=\"Die sprachliche Hinwendung des Menschen an eine Gottheit.\" tabindex=\"0\">modlitby<\/span>. Tak jako v\u00edtr pohybuje vlaje\u010dkou, m\u00e1 n\u00e9st i <span class=\"iwg-fachbegriff\" data-tooltip=\"Zuspruch von Heil und Schutz, oft in fester sprachlicher Form.\" tabindex=\"0\">po\u017eehn\u00e1n\u00ed<\/span>, kter\u00e9 na n\u00ed stoj\u00ed, do v\u0161ech sm\u011br\u016f.<\/p><p>V <span class=\"iwg-fachbegriff\" data-tooltip=\"Die Wissenschaft, die Religionen vergleichend und ohne Glaubensbindung erforscht.\" tabindex=\"0\">religionistice<\/span> je v\u011btrn\u00fd k\u016f\u0148 dobr\u00fdm p\u0159\u00edkladem symbolu \u0161t\u011bst\u00ed, kter\u00fd je pevn\u011b spojen s nosn\u00fdm m\u00e9diem. <span class=\"iwg-fachbegriff\" data-tooltip=\"Ein wiederkehrendes inhaltliches Element in Kunst oder Erz\u00e4hlung.\" tabindex=\"0\">Motiv<\/span> a modlitebn\u00ed vlaje\u010dka k sob\u011b pat\u0159\u00ed.<\/p>\t\t\t\t\t\t\t\t<\/div>\n\t\t\t\t<\/div>\n\t\t\t\t\t<\/div>\n\t\t\t\t<\/div>\n\t\t<div class=\"elementor-element elementor-element-iwgs-windpferd-s1 e-flex e-con-boxed e-con e-parent\" data-id=\"iwgs-windpferd-s1\" data-element_type=\"container\" data-e-type=\"container\">\n\t\t\t\t\t<div class=\"e-con-inner\">\n\t\t\t\t<div class=\"elementor-element elementor-element-iwgs-windpferd-s1h elementor-widget elementor-widget-heading\" data-id=\"iwgs-windpferd-s1h\" data-element_type=\"widget\" data-e-type=\"widget\" data-widget_type=\"heading.default\">\n\t\t\t\t\t<h2 class=\"elementor-heading-title elementor-size-default\">P\u016fvod motivu v\u011btrn\u00e9ho kon\u011b<\/h2>\t\t\t\t<\/div>\n\t\t<div class=\"elementor-element elementor-element-iwgs-windpferd-s1box e-con-full e-flex e-con e-parent\" data-id=\"iwgs-windpferd-s1box\" data-element_type=\"container\" data-e-type=\"container\">\n\t\t\t\t<div class=\"elementor-element elementor-element-iwgs-windpferd-s1t elementor-widget elementor-widget-text-editor\" data-id=\"iwgs-windpferd-s1t\" data-element_type=\"widget\" data-e-type=\"widget\" data-widget_type=\"text-editor.default\">\n\t\t\t\t\t\t\t\t\t<p><span class=\"iwg-fachbegriff\" data-tooltip=\"Ein wiederkehrendes inhaltliches Element in Kunst oder Erz\u00e4hlung.\" tabindex=\"0\">Motiv<\/span> v\u011btrn\u00e9ho kon\u011b m\u00e1 dlouhou historii, jej\u00ed\u017e ko\u0159eny sahaj\u00ed do doby p\u0159ed buddhismem. V n\u011bm se spojuje n\u011bkolik pramen\u016f.<\/p><p>K\u016f\u0148 byl ve sv\u011bt\u011b st\u0159edoasijsk\u00fdch n\u00e1rod\u016f vysoce cen\u011bn\u00fdm zv\u00ed\u0159etem. Symbolizoval rychlost, s\u00edlu a blahobyt. Toto ocen\u011bn\u00ed kon\u011b tvo\u0159\u00ed prvn\u00ed pramen.<\/p><p>Ve star\u0161\u00ed n\u00e1bo\u017eensk\u00e9 tradici Tibetu p\u0159ed buddhismem existovaly p\u0159edstavy o osobn\u00ed \u017eivotn\u00ed s\u00edle a o \u0161t\u011bst\u00ed \u010dlov\u011bka. I tato p\u0159edstava se stala sou\u010d\u00e1st\u00ed v\u011btrn\u00e9ho kon\u011b.<\/p><p>Buddhismus tento <span class=\"iwg-fachbegriff\" data-tooltip=\"Ein wiederkehrendes inhaltliches Element in Kunst oder Erz\u00e4hlung.\" tabindex=\"0\">motiv<\/span> p\u0159evzal a dal mu jeho vyzr\u00e1lou podobu. K\u016f\u0148 s drahokamem na h\u0159bet\u011b byl spojen s buddhistick\u00fdmi znaky a texty.<\/p><p>Tak vznikl v\u011btrn\u00fd k\u016f\u0148, jak je zn\u00e1m dnes. Spojuje starou \u00factu ke koni, p\u0159edstavu o \u017eivotn\u00ed s\u00edle a buddhistick\u00fd v\u00fdklad.<\/p><p>P\u016fvod v\u011btrn\u00e9ho kon\u011b tak ukazuje b\u011b\u017en\u00e9 vz\u00e1jemn\u00e9 p\u016fsoben\u00ed. Star\u00fd motiv zv\u00ed\u0159ete a star\u0161\u00ed p\u0159edstava o \u017eivotn\u00ed s\u00edle byly buddhismem p\u0159ejaty a nov\u011b uchopeny.<\/p>\t\t\t\t\t\t\t\t<\/div>\n\t\t\t\t<\/div>\n\t\t\t\t\t<\/div>\n\t\t\t\t<\/div>\n\t\t<div class=\"elementor-element elementor-element-iwgs-windpferd-s2 e-flex e-con-boxed e-con e-parent\" data-id=\"iwgs-windpferd-s2\" data-element_type=\"container\" data-e-type=\"container\">\n\t\t\t\t\t<div class=\"e-con-inner\">\n\t\t\t\t<div class=\"elementor-element elementor-element-iwgs-windpferd-s2h elementor-widget elementor-widget-heading\" data-id=\"iwgs-windpferd-s2h\" data-element_type=\"widget\" data-e-type=\"widget\" data-widget_type=\"heading.default\">\n\t\t\t\t\t<h2 class=\"elementor-heading-title elementor-size-default\">V\u011btrn\u00fd k\u016f\u0148 na modlitebn\u00edch vlaje\u010dk\u00e1ch<\/h2>\t\t\t\t<\/div>\n\t\t<div class=\"elementor-element elementor-element-iwgs-windpferd-s2box e-con-full e-flex e-con e-parent\" data-id=\"iwgs-windpferd-s2box\" data-element_type=\"container\" data-e-type=\"container\">\n\t\t\t\t<div class=\"elementor-element elementor-element-iwgs-windpferd-s2t elementor-widget elementor-widget-text-editor\" data-id=\"iwgs-windpferd-s2t\" data-element_type=\"widget\" data-e-type=\"widget\" data-widget_type=\"text-editor.default\">\n\t\t\t\t\t\t\t\t\t<p>V\u011btrn\u00fd k\u016f\u0148 je neodd\u011bliteln\u011b spojen s tibetsk\u00fdmi modlitebn\u00edmi vlaje\u010dkami. Na v\u011bt\u0161in\u011b t\u011bchto vlaje\u010dek je v\u011btrn\u00fd k\u016f\u0148 dominantn\u00edm <span class=\"iwg-fachbegriff\" data-tooltip=\"Ein wiederkehrendes inhaltliches Element in Kunst oder Erz\u00e4hlung.\" tabindex=\"0\">motivem<\/span>.<\/p><p>Modlitebn\u00ed vlaje\u010dky jsou mal\u00e9, v\u011bt\u0161inou \u010dty\u0159\u00faheln\u00edkov\u00e9 kousky l\u00e1tky, navle\u010den\u00e9 na \u0161\u0148\u016fr\u00e1ch. Zav\u011b\u0161uj\u00ed se na vysoko polo\u017een\u00fdch m\u00edstech, na horsk\u00fdch pr\u016fsmyc\u00edch, na mostech a na st\u0159ech\u00e1ch.<\/p><p>Na jednotliv\u00e9 vlaje\u010dce stoj\u00ed v\u011btrn\u00fd k\u016f\u0148 uprost\u0159ed. V jej\u00edch \u010dty\u0159ech roz\u00edch se \u010dasto objevuj\u00ed dal\u0161\u00ed \u010dty\u0159i zv\u00ed\u0159ata, kter\u00e1 v\u011btrn\u00e9ho kon\u011b obklopuj\u00ed a dopl\u0148uj\u00ed.<\/p><p>Zbyl\u00fd prostor vlaje\u010dky vypl\u0148uj\u00ed texty, modlitby a mantry. V\u011btrn\u00fd k\u016f\u0148 uprost\u0159ed a okoln\u00ed texty tvo\u0159\u00ed spole\u010dn\u011b obraz vlaje\u010dky.<\/p><p>Modlitebn\u00ed vlaje\u010dky se vyr\u00e1b\u011bj\u00ed v r\u016fzn\u00fdch barv\u00e1ch. Barvy se \u010dasto \u0159\u00edd\u00ed pevnou \u0159adou, kter\u00e1 je spojena se z\u00e1kladn\u00edmi \u017eivly sv\u011bta.<\/p><p>V\u011btrn\u00fd k\u016f\u0148 a modlitebn\u00ed vlaje\u010dka tak k sob\u011b \u00fazce pat\u0159\u00ed. V\u011btrn\u00fd k\u016f\u0148 je srdcem vlaje\u010dky a vlaje\u010dka je nejd\u016fle\u017eit\u011bj\u0161\u00edm m\u00edstem, kde se v\u011btrn\u00fd k\u016f\u0148 objevuje.<\/p>\t\t\t\t\t\t\t\t<\/div>\n\t\t\t\t<\/div>\n\t\t\t\t\t<\/div>\n\t\t\t\t<\/div>\n\t\t<div class=\"elementor-element elementor-element-iwgs-windpferd-s3 e-flex e-con-boxed e-con e-parent\" data-id=\"iwgs-windpferd-s3\" data-element_type=\"container\" data-e-type=\"container\">\n\t\t\t\t\t<div class=\"e-con-inner\">\n\t\t\t\t<div class=\"elementor-element elementor-element-iwgs-windpferd-s3h elementor-widget elementor-widget-heading\" data-id=\"iwgs-windpferd-s3h\" data-element_type=\"widget\" data-e-type=\"widget\" data-widget_type=\"heading.default\">\n\t\t\t\t\t<h2 class=\"elementor-heading-title elementor-size-default\">K\u016f\u0148 s drahokamem<\/h2>\t\t\t\t<\/div>\n\t\t<div class=\"elementor-element elementor-element-iwgs-windpferd-s3box e-con-full e-flex e-con e-parent\" data-id=\"iwgs-windpferd-s3box\" data-element_type=\"container\" data-e-type=\"container\">\n\t\t\t\t<div class=\"elementor-element elementor-element-iwgs-windpferd-s3t elementor-widget elementor-widget-text-editor\" data-id=\"iwgs-windpferd-s3t\" data-element_type=\"widget\" data-e-type=\"widget\" data-widget_type=\"text-editor.default\">\n\t\t\t\t\t\t\t\t\t<p>Podoba v\u011btrn\u00e9ho kon\u011b je p\u0159esn\u011b ur\u010dena. Je to k\u016f\u0148, kter\u00fd na sv\u00e9m h\u0159bet\u011b nese klenot, a ka\u017ed\u00e1 \u010d\u00e1st t\u00e9to podoby m\u00e1 sv\u016fj v\u00fdznam.<\/p><p>K\u016f\u0148 s\u00e1m o sob\u011b symbolizuje rychlost a pohyb. Je to zv\u00ed\u0159e, kter\u00e9 nese rychle a daleko. Tato vlastnost jej p\u0159edur\u010duje k tomu, aby p\u0159en\u00e1\u0161el <span class=\"iwg-fachbegriff\" data-tooltip=\"Zasl\u00edben\u00ed blaha a ochrany, \u010dasto v pevn\u00e9 jazykov\u00e9 form\u011b.\" tabindex=\"0\">po\u017eehn\u00e1n\u00ed<\/span> a <span class=\"iwg-fachbegriff\" data-tooltip=\"Jazykov\u00e9 obr\u00e1cen\u00ed \u010dlov\u011bka k bo\u017estvu.\" tabindex=\"0\">modlitbu<\/span>.<\/p><p>Na h\u0159bet\u011b nese k\u016f\u0148 klenot, \u010dasto v podob\u011b z\u00e1\u0159\u00edc\u00edch drahokam\u016f nebo ho\u0159\u00edc\u00edho \u0161perku. Tento klenot p\u0159edstavuje vz\u00e1cn\u00e9 dary, kter\u00e9 v\u011btrn\u00fd k\u016f\u0148 p\u0159in\u00e1\u0161\u00ed.<\/p><p>Klenot je ch\u00e1p\u00e1n jako \u0161perk spl\u0148uj\u00edc\u00ed p\u0159\u00e1n\u00ed. Je obrazem napln\u011bn\u00ed p\u0159\u00e1n\u00ed, blahobytu a dar\u016f u\u010den\u00ed.<\/p><p>V\u011btrn\u00fd k\u016f\u0148 tak spojuje dva obrazy. K\u016f\u0148 je rychl\u00fd nositel, klenot je vz\u00e1cn\u00fd dar. Spole\u010dn\u011b vytv\u00e1\u0159ej\u00ed obraz posla, kter\u00fd p\u0159in\u00e1\u0161\u00ed <span class=\"iwg-fachbegriff\" data-tooltip=\"Zasl\u00edben\u00ed blaha a ochrany, \u010dasto v pevn\u00e9 jazykov\u00e9 form\u011b.\" tabindex=\"0\">po\u017eehn\u00e1n\u00ed<\/span> a \u0161t\u011bst\u00ed.<\/p><p>\u010cty\u0159i zv\u00ed\u0159ata v roz\u00edch vlajky tento obraz dopl\u0148uj\u00ed. P\u0159edstavuj\u00ed dal\u0161\u00ed p\u0159\u00edzniv\u00e9 s\u00edly a obklopuj\u00ed v\u011btrn\u00e9ho kon\u011b jako st\u0159ed zobrazen\u00ed.<\/p>\t\t\t\t\t\t\t\t<\/div>\n\t\t\t\t<\/div>\n\t\t\t\t\t<\/div>\n\t\t\t\t<\/div>\n\t\t<div class=\"elementor-element elementor-element-iwgs-windpferd-s4 e-flex e-con-boxed e-con e-parent\" data-id=\"iwgs-windpferd-s4\" data-element_type=\"container\" data-e-type=\"container\">\n\t\t\t\t\t<div class=\"e-con-inner\">\n\t\t\t\t<div class=\"elementor-element elementor-element-iwgs-windpferd-s4h elementor-widget elementor-widget-heading\" data-id=\"iwgs-windpferd-s4h\" data-element_type=\"widget\" data-e-type=\"widget\" data-widget_type=\"heading.default\">\n\t\t\t\t\t<h2 class=\"elementor-heading-title elementor-size-default\">Lungta jako \u017eivotn\u00ed s\u00edla \u010dlov\u011bka<\/h2>\t\t\t\t<\/div>\n\t\t<div class=\"elementor-element elementor-element-iwgs-windpferd-s4box e-con-full e-flex e-con e-parent\" data-id=\"iwgs-windpferd-s4box\" data-element_type=\"container\" data-e-type=\"container\">\n\t\t\t\t<div class=\"elementor-element elementor-element-iwgs-windpferd-s4t elementor-widget elementor-widget-text-editor\" data-id=\"iwgs-windpferd-s4t\" data-element_type=\"widget\" data-e-type=\"widget\" data-widget_type=\"text-editor.default\">\n\t\t\t\t\t\t\t\t\t<p>Tibetsk\u00e9 slovo lungta neozna\u010duje jen v\u00fdtvarn\u00fd motiv v\u011btrn\u00e9ho kon\u011b. Z\u00e1rove\u0148 pojmenov\u00e1v\u00e1 p\u0159edstavu o p\u0159\u00edzniv\u00e9 \u017eivotn\u00ed s\u00edle \u010dlov\u011bka.<\/p><p>Podle tibetsk\u00e9 p\u0159edstavy m\u00e1 ka\u017ed\u00fd \u010dlov\u011bk jakousi vnit\u0159n\u00ed \u017eivotn\u00ed s\u00edlu neboli potenci\u00e1l pro \u0161t\u011bst\u00ed. Toto lungta m\u016f\u017ee b\u00fdt siln\u00e9 nebo slab\u00e9 a m\u016f\u017ee se m\u011bnit.<\/p><p>Je-li lungta \u010dlov\u011bka siln\u00e9, jeho z\u00e1m\u011bry se da\u0159\u00ed a \u0161t\u011bst\u00ed mu je p\u0159\u00edzniv\u00e9. Je-li slab\u00e9, hromad\u00ed se p\u0159ek\u00e1\u017eky a nezdar.<\/p><p>V\u011btrn\u00fd k\u016f\u0148 na modlitebn\u00ed vlajce je obrazem t\u00e9to \u017eivotn\u00ed s\u00edly. Zav\u011b\u0161en\u00ed vlajky a vl\u00e1n\u00ed v\u011btrn\u00e9ho kon\u011b m\u00e1 pos\u00edlit a zv\u00fd\u0161it lungta \u010dlov\u011bka.<\/p><p>Slovo lungta tak spojuje obraz a p\u0159edstavu. V\u011btrn\u00fd k\u016f\u0148 je viditeln\u00fdm obrazem neviditeln\u00e9 \u017eivotn\u00ed s\u00edly, kter\u00e1 nese stejn\u00e9 jm\u00e9no.<\/p><p>Tento dvoj\u00ed v\u00fdznam d\u011bl\u00e1 z v\u011btrn\u00e9ho kon\u011b syt\u00fd symbol. Kdo zav\u011bs\u00ed vlajku s v\u011btrn\u00fdm kon\u011bm, star\u00e1 se tak symbolicky o v\u011btrn\u00e9ho kon\u011b a z\u00e1rove\u0148 o svou vlastn\u00ed p\u0159\u00edznivou \u017eivotn\u00ed s\u00edlu.<\/p>\t\t\t\t\t\t\t\t<\/div>\n\t\t\t\t<\/div>\n\t\t\t\t\t<\/div>\n\t\t\t\t<\/div>\n\t\t<div class=\"elementor-element elementor-element-iwgs-windpferd-s5 e-flex e-con-boxed e-con e-parent\" data-id=\"iwgs-windpferd-s5\" data-element_type=\"container\" data-e-type=\"container\">\n\t\t\t\t\t<div class=\"e-con-inner\">\n\t\t\t\t<div class=\"elementor-element elementor-element-iwgs-windpferd-s5h elementor-widget elementor-widget-heading\" data-id=\"iwgs-windpferd-s5h\" data-element_type=\"widget\" data-e-type=\"widget\" data-widget_type=\"heading.default\">\n\t\t\t\t\t<h2 class=\"elementor-heading-title elementor-size-default\">V\u00edtr jako nositel po\u017eehn\u00e1n\u00ed<\/h2>\t\t\t\t<\/div>\n\t\t<div class=\"elementor-element elementor-element-iwgs-windpferd-s5box e-con-full e-flex e-con e-parent\" data-id=\"iwgs-windpferd-s5box\" data-element_type=\"container\" data-e-type=\"container\">\n\t\t\t\t<div class=\"elementor-element elementor-element-iwgs-windpferd-s5t elementor-widget elementor-widget-text-editor\" data-id=\"iwgs-windpferd-s5t\" data-element_type=\"widget\" data-e-type=\"widget\" data-widget_type=\"text-editor.default\">\n\t\t\t\t\t\t\t\t\t<p>U v\u011btrn\u00e9ho kon\u011b nen\u00ed v\u00edtr jen sou\u010d\u00e1st\u00ed jm\u00e9na. V\u00edtr m\u00e1 vlastn\u00ed, d\u016fle\u017eit\u00fd v\u00fdznam pro \u00fa\u010dinek modlitebn\u00edch vlajek.<\/p><p>Modlitebn\u00ed vlajky se v\u011bdom\u011b zav\u011b\u0161uj\u00ed na m\u00edstech s hodn\u011b v\u011btrem, na pr\u016fsmyc\u00edch, na vyv\u00fd\u0161enin\u00e1ch a mostech. Tam vlajkami v\u00edtr pohybuje neust\u00e1le.<\/p><p>Podle tibetsk\u00e9 p\u0159edstavy vanouc\u00ed v\u00edtr nese <span class=\"iwg-fachbegriff\" data-tooltip=\"Zasl\u00edben\u00ed blaha a ochrany, \u010dasto v pevn\u00e9 jazykov\u00e9 form\u011b.\" tabindex=\"0\">po\u017eehn\u00e1n\u00ed<\/span> a modlitby vlajky s sebou. V\u017edy, kdy\u017e v\u00edtr vlajku pohne, \u0161\u00ed\u0159\u00ed se t\u00edm jakoby jej\u00ed <span class=\"iwg-fachbegriff\" data-tooltip=\"Zasl\u00edben\u00ed blaha a ochrany, \u010dasto v pevn\u00e9 jazykov\u00e9 form\u011b.\" tabindex=\"0\">po\u017eehn\u00e1n\u00ed<\/span>.<\/p><p>Tak se <span class=\"iwg-fachbegriff\" data-tooltip=\"Zasl\u00edben\u00ed blaha a ochrany, \u010dasto v pevn\u00e9 jazykov\u00e9 form\u011b.\" tabindex=\"0\">po\u017eehn\u00e1n\u00ed<\/span> \u0161\u00ed\u0159\u00ed p\u0159es vlajku d\u00e1l do d\u00e1lky. V\u00edtr je nese p\u0159es krajinu, k lidem, k bytostem a na v\u0161echny strany.<\/p><p>V\u011btrn\u00fd k\u016f\u0148 je v tomto obraze poslem. Jako rychl\u00fd k\u016f\u0148 nese, nesen v\u011btrem, <span class=\"iwg-fachbegriff\" data-tooltip=\"Zasl\u00edben\u00ed blaha a ochrany, \u010dasto v pevn\u00e9 jazykov\u00e9 form\u011b.\" tabindex=\"0\">po\u017eehn\u00e1n\u00ed<\/span> a modlitby do sv\u011bta.<\/p><p>V\u00edtr tak d\u011bl\u00e1 z modlitebn\u00ed vlajky \u00fa\u010dinn\u00fd symbol. Vlajka nep\u016fsob\u00ed pouhou svou existenc\u00ed, n\u00fdbr\u017e t\u00edm, \u017ee ji v\u00edtr pohybuje a \u0161\u00ed\u0159\u00ed jej\u00ed <span class=\"iwg-fachbegriff\" data-tooltip=\"Zasl\u00edben\u00ed blaha a ochrany, \u010dasto v pevn\u00e9 jazykov\u00e9 form\u011b.\" tabindex=\"0\">po\u017eehn\u00e1n\u00ed<\/span>.<\/p>\t\t\t\t\t\t\t\t<\/div>\n\t\t\t\t<\/div>\n\t\t\t\t\t<\/div>\n\t\t\t\t<\/div>\n\t\t<div class=\"elementor-element elementor-element-iwgs-windpferd-s6 e-flex e-con-boxed e-con e-parent\" data-id=\"iwgs-windpferd-s6\" data-element_type=\"container\" data-e-type=\"container\">\n\t\t\t\t\t<div class=\"e-con-inner\">\n\t\t\t\t<div class=\"elementor-element elementor-element-iwgs-windpferd-s6h elementor-widget elementor-widget-heading\" data-id=\"iwgs-windpferd-s6h\" data-element_type=\"widget\" data-e-type=\"widget\" data-widget_type=\"heading.default\">\n\t\t\t\t\t<h2 class=\"elementor-heading-title elementor-size-default\">V\u011btrn\u00fd k\u016f\u0148 jako znamen\u00ed ochrany a \u0161t\u011bst\u00ed<\/h2>\t\t\t\t<\/div>\n\t\t<div class=\"elementor-element elementor-element-iwgs-windpferd-s6box e-con-full e-flex e-con e-parent\" data-id=\"iwgs-windpferd-s6box\" data-element_type=\"container\" data-e-type=\"container\">\n\t\t\t\t<div class=\"elementor-element elementor-element-iwgs-windpferd-s6t elementor-widget elementor-widget-text-editor\" data-id=\"iwgs-windpferd-s6t\" data-element_type=\"widget\" data-e-type=\"widget\" data-widget_type=\"text-editor.default\">\n\t\t\t\t\t\t\t\t\t<p>V\u011btrn\u00fd k\u016f\u0148 pat\u0159\u00ed mezi symboly \u0161t\u011bst\u00ed. Jeho ochrann\u00fd v\u00fdznam je t\u0159eba ch\u00e1pat z tohoto postaven\u00ed jako znamen\u00ed \u0161t\u011bst\u00ed a po\u017eehn\u00e1n\u00ed.<\/p><p>V\u011btrn\u00fd k\u016f\u0148 neodvrac\u00ed zlo v \u00fazk\u00e9m slova smyslu. Nen\u00ed stra\u0161ideln\u00fdm obrazem ani odvracej\u00edc\u00edm <span class=\"iwg-fachbegriff\" data-tooltip=\"No\u0161en\u00fd p\u0159edm\u011bt, jemu\u017e je p\u0159isuzov\u00e1n ochrann\u00fd, ne\u0161t\u011bst\u00ed odvracej\u00edc\u00ed \u00fa\u010dinek.\" tabindex=\"0\">amuletem<\/span>. Jeho \u00fa\u010dinek je \u00fa\u010dinkem p\u0159\u00edzniv\u00e9ho, po\u017eehn\u00e1n\u00ed p\u0159in\u00e1\u0161ej\u00edc\u00edho znamen\u00ed.<\/p><p>Ochrana, kter\u00e1 z v\u011btrn\u00e9ho kon\u011b vych\u00e1z\u00ed, je tak ochranou skrze dobro. T\u00edm, \u017ee v\u011btrn\u00fd k\u016f\u0148 posiluje \u017eivotn\u00ed s\u00edlu a \u0161\u00ed\u0159\u00ed <span class=\"iwg-fachbegriff\" data-tooltip=\"Zasl\u00edben\u00ed blaha a ochrany, \u010dasto v pevn\u00e9 jazykov\u00e9 form\u011b.\" tabindex=\"0\">po\u017eehn\u00e1n\u00ed<\/span>, m\u00e1 sm\u011b\u0159ovat \u017eivot p\u0159\u00edzniv\u00fdm sm\u011brem.<\/p><p>Siln\u00e9 lungta je nav\u00edc pokl\u00e1d\u00e1no za ochranu proti p\u0159ek\u00e1\u017ek\u00e1m a nezdaru. Kdo je pos\u00edlen ve sv\u00e9 \u017eivotn\u00ed s\u00edle, tomu by m\u011bly \u0161kodliv\u00e9 vlivy m\u00e9n\u011b u\u0161kodit.<\/p><p>V\u011btrn\u00fd k\u016f\u0148 tak chr\u00e1n\u00ed t\u00edm, \u017ee podporuje \u0161t\u011bst\u00ed a \u017eivotn\u00ed s\u00edlu. Vytrhuje tak \u017eivot z oblasti nezdaru t\u00edm, \u017ee posiluje to p\u0159\u00edzniv\u00e9.<\/p><p>V\u011btrn\u00fd k\u016f\u0148 je tak dobr\u00fdm p\u0159\u00edkladem ochrany prost\u0159ednictv\u00edm \u0161t\u011bst\u00ed. Prost\u0159edkem ochrany je zde nikoli odvracen\u00ed zla, n\u00fdbr\u017e podpora p\u0159\u00edzniv\u00e9 \u017eivotn\u00ed s\u00edly.<\/p>\t\t\t\t\t\t\t\t<\/div>\n\t\t\t\t<\/div>\n\t\t\t\t\t<\/div>\n\t\t\t\t<\/div>\n\t\t<div class=\"elementor-element elementor-element-iwgs-windpferd-s7 e-flex e-con-boxed e-con e-parent\" data-id=\"iwgs-windpferd-s7\" data-element_type=\"container\" data-e-type=\"container\">\n\t\t\t\t\t<div class=\"e-con-inner\">\n\t\t\t\t<div class=\"elementor-element elementor-element-iwgs-windpferd-s7h elementor-widget elementor-widget-heading\" data-id=\"iwgs-windpferd-s7h\" data-element_type=\"widget\" data-e-type=\"widget\" data-widget_type=\"heading.default\">\n\t\t\t\t\t<h2 class=\"elementor-heading-title elementor-size-default\">Zav\u011b\u0161ov\u00e1n\u00ed modlitebn\u00edch vlajek<\/h2>\t\t\t\t<\/div>\n\t\t<div class=\"elementor-element elementor-element-iwgs-windpferd-s7box e-con-full e-flex e-con e-parent\" data-id=\"iwgs-windpferd-s7box\" data-element_type=\"container\" data-e-type=\"container\">\n\t\t\t\t<div class=\"elementor-element elementor-element-iwgs-windpferd-s7t elementor-widget elementor-widget-text-editor\" data-id=\"iwgs-windpferd-s7t\" data-element_type=\"widget\" data-e-type=\"widget\" data-widget_type=\"text-editor.default\">\n\t\t\t\t\t\t\t\t\t<p>V\u011btrn\u00fd k\u016f\u0148 nab\u00fdv\u00e1 sv\u00e9ho smyslu p\u0159edev\u0161\u00edm p\u0159i zav\u011b\u0161ov\u00e1n\u00ed modlitebn\u00edch vlajek. Toto zav\u011b\u0161ov\u00e1n\u00ed se v tibetsk\u00e9m buddhismu \u0159\u00edd\u00ed ur\u010dit\u00fdmi zvyky.<\/p><p>Modlitebn\u00ed vlajky se zav\u011b\u0161uj\u00ed p\u0159i mnoha p\u0159\u00edle\u017eitostech, p\u0159i tibetsk\u00e9m Nov\u00e9m roce, p\u0159i n\u011bjak\u00e9m z\u00e1m\u011bru, p\u0159i nemoci nebo na po\u010d\u00e1tku nov\u00e9ho \u017eivotn\u00edho obdob\u00ed.<\/p><p>Pro zav\u011b\u0161en\u00ed se n\u011bkdy vol\u00ed p\u0159\u00edzniv\u00e9 dny. Tibetsk\u00e1 tradice zn\u00e1 v\u00fdpo\u010dty, podle nich\u017e se ur\u010dit\u00e9 dny hod\u00ed pro zav\u011b\u0161en\u00ed l\u00e9pe ne\u017e jin\u00e9.<\/p><p>Vlajky se um\u00eds\u0165uj\u00ed na vysoko polo\u017een\u00fdch, v\u011btrn\u00fdch m\u00edstech, aby jimi v\u00edtr siln\u011b pohyboval. Postupem \u010dasu vyblednou a jsou vyb\u011blen\u00e9 po\u010das\u00edm.<\/p><p>Vyblednut\u00ed nen\u00ed ch\u00e1p\u00e1no jako rozpad. Plat\u00ed za znamen\u00ed, \u017ee v\u00edtr postupn\u011b roz\u0161\u00ed\u0159il <span class=\"iwg-fachbegriff\" data-tooltip=\"Zasl\u00edben\u00ed blaha a ochrany, \u010dasto v pevn\u00e9 jazykov\u00e9 form\u011b.\" tabindex=\"0\">po\u017eehn\u00e1n\u00ed<\/span> vlajky. Vybledl\u00e9 vlajky jsou dopl\u0148ov\u00e1ny nov\u00fdmi.<\/p><p>Zav\u011b\u0161ov\u00e1n\u00ed vlajek tak ukazuje, \u017ee v\u011btrn\u00fd k\u016f\u0148 je \u017eiv\u00fd, pou\u017e\u00edvan\u00fd symbol. Nep\u016fsob\u00ed v muzeu, n\u00fdbr\u017e ve v\u011btru, na vysok\u00fdch m\u00edstech tibetsk\u00e9 krajiny.<\/p>\t\t\t\t\t\t\t\t<\/div>\n\t\t\t\t<\/div>\n\t\t\t\t\t<\/div>\n\t\t\t\t<\/div>\n\t\t<div class=\"elementor-element elementor-element-iwgs-windpferd-s8 e-flex e-con-boxed e-con e-parent\" data-id=\"iwgs-windpferd-s8\" data-element_type=\"container\" data-e-type=\"container\">\n\t\t\t\t\t<div class=\"e-con-inner\">\n\t\t\t\t<div class=\"elementor-element elementor-element-iwgs-windpferd-s8h elementor-widget elementor-widget-heading\" data-id=\"iwgs-windpferd-s8h\" data-element_type=\"widget\" data-e-type=\"widget\" data-widget_type=\"heading.default\">\n\t\t\t\t\t<h2 class=\"elementor-heading-title elementor-size-default\">Sou\u010dasn\u00e1 recepce<\/h2>\t\t\t\t<\/div>\n\t\t<div class=\"elementor-element elementor-element-iwgs-windpferd-s8box e-con-full e-flex e-con e-parent\" data-id=\"iwgs-windpferd-s8box\" data-element_type=\"container\" data-e-type=\"container\">\n\t\t\t\t<div class=\"elementor-element elementor-element-iwgs-windpferd-s8t elementor-widget elementor-widget-text-editor\" data-id=\"iwgs-windpferd-s8t\" data-element_type=\"widget\" data-e-type=\"widget\" data-widget_type=\"text-editor.default\">\n\t\t\t\t\t\t\t\t\t<p>V\u011btrn\u00fd k\u016f\u0148 je v tibetsk\u00e9m buddhismu i dnes nadm\u00edru p\u0159\u00edtomn\u00fd. Modlitebn\u00ed vlaje\u010dky s v\u011btrn\u00fdm kon\u011bm jsou d\u016fv\u011brn\u011b zn\u00e1m\u00fdm obrazem v zem\u00edch tibetsk\u00e9ho buddhismu.<\/p><p>Na horsk\u00fdch pr\u016fsmyc\u00edch, na mostech, na st\u0159ech\u00e1ch i na svat\u00fdch m\u00edstech vlaj\u00ed tyto vlaje\u010dky ve v\u011btru stejn\u011b jako d\u0159\u00edve. Zav\u011b\u0161ov\u00e1n\u00ed nov\u00fdch vlaje\u010dek z\u016fst\u00e1v\u00e1 \u017eiv\u00fdm a udr\u017eovan\u00fdm <span class=\"iwg-fachbegriff\" data-tooltip=\"Tradovan\u00e1 \u010dinnost, kterou ur\u010dit\u00e9 spole\u010denstv\u00ed pravideln\u011b opakuje.\" tabindex=\"0\">zvykem<\/span>.<\/p><p>Za hranicemi tibetsk\u00e9ho sv\u011bta se modlitebn\u00ed vlaje\u010dky s v\u011btrn\u00fdm kon\u011bm staly \u0161iroce zn\u00e1m\u00fdm obrazem. Se z\u00e1jmem o tibetsk\u00fd buddhismus se roz\u0161\u00ed\u0159ily i do dal\u0161\u00edch \u010d\u00e1st\u00ed sv\u011bta.<\/p><p>V tomto \u0161ir\u0161\u00edm roz\u0161\u00ed\u0159en\u00ed se modlitebn\u00ed vlaje\u010dky zav\u011b\u0161uj\u00ed i na Z\u00e1pad\u011b, kde slou\u017e\u00ed i jako dekorace. P\u0159esn\u00fd v\u00fdznam v\u011btrn\u00e9ho kon\u011b p\u0159itom n\u011bkdy ustupuje do pozad\u00ed.<\/p><p>P\u0159i tomto pou\u017eit\u00ed je v\u011btrn\u00fd k\u016f\u0148 \u010dasto ch\u00e1p\u00e1n obecn\u011b jako znak m\u00edru, \u0161t\u011bst\u00ed nebo tibetsk\u00e9 kultury. Jeho p\u0159esn\u00e9 zasazen\u00ed se pak m\u016f\u017ee ztr\u00e1cet.<\/p><p>Ve sv\u00e9m j\u00e1dru v\u0161ak v\u011btrn\u00fd k\u016f\u0148 z\u016fst\u00e1v\u00e1 t\u00edm, \u010d\u00edm v\u017edy byl, lungtou modlitebn\u00edch vlaje\u010dek, kter\u00e1 zt\u011bles\u0148uje p\u0159\u00edznivou \u017eivotn\u00ed s\u00edlu a odn\u00e1\u0161\u00ed <span class=\"iwg-fachbegriff\" data-tooltip=\"Vz\u00fdv\u00e1n\u00ed blaha a ochrany, \u010dasto v ust\u00e1len\u00e9 jazykov\u00e9 form\u011b.\" tabindex=\"0\">po\u017eehn\u00e1n\u00ed<\/span> v\u011btrem do d\u00e1lky.<\/p>\t\t\t\t\t\t\t\t<\/div>\n\t\t\t\t<\/div>\n\t\t\t\t\t<\/div>\n\t\t\t\t<\/div>\n\t\t<div class=\"elementor-element elementor-element-iwgs-windpferd-lit e-flex e-con-boxed e-con e-parent\" data-id=\"iwgs-windpferd-lit\" data-element_type=\"container\" data-e-type=\"container\">\n\t\t\t\t\t<div class=\"e-con-inner\">\n\t\t\t\t<div class=\"elementor-element elementor-element-iwgs-windpferd-lith elementor-widget elementor-widget-heading\" data-id=\"iwgs-windpferd-lith\" data-element_type=\"widget\" data-e-type=\"widget\" data-widget_type=\"heading.default\">\n\t\t\t\t\t<h2 class=\"elementor-heading-title elementor-size-default\">Literatura (v\u00fdb\u011br)<\/h2>\t\t\t\t<\/div>\n\t\t<div class=\"elementor-element elementor-element-iwgs-windpferd-litbox e-con-full e-flex e-con e-parent\" data-id=\"iwgs-windpferd-litbox\" data-element_type=\"container\" data-e-type=\"container\">\n\t\t\t\t<div class=\"elementor-element elementor-element-iwgs-windpferd-litt elementor-widget elementor-widget-html\" data-id=\"iwgs-windpferd-litt\" data-element_type=\"widget\" data-e-type=\"widget\" data-widget_type=\"html.default\">\n\t\t\t\t\t<footer data-nosnippet=\"true\"><ul><li>Robert Beer: <em>Die Symbole des tibetischen Buddhismus<\/em> (2003)<\/li><li>Giuseppe Tucci: <em>Die Religionen Tibets<\/em> (1970)<\/li><li>Detlef Ingo Lauf: <em>Geheimlehren tibetischer Malereien<\/em> (1979)<\/li><li>Ren\u00e9 de Nebesky-Wojkowitz: <em>Oracles and Demons of Tibet<\/em> (1956)<\/li><li>Loden Sherap Dagyab: <em>Buddhist Symbols in Tibetan Culture<\/em> (1995)<\/li><\/ul><\/footer>\t\t\t\t<\/div>\n\t\t\t\t<\/div>\n\t\t\t\t\t<\/div>\n\t\t\t\t<\/div>\n\t\t<div class=\"elementor-element elementor-element-iwgs-windpferd-kwd e-flex e-con-boxed e-con e-parent\" data-id=\"iwgs-windpferd-kwd\" data-element_type=\"container\" data-e-type=\"container\">\n\t\t\t\t\t<div class=\"e-con-inner\">\n\t\t\t\t<div class=\"elementor-element elementor-element-iwgs-windpferd-kwdt elementor-widget elementor-widget-text-editor\" data-id=\"iwgs-windpferd-kwdt\" data-element_type=\"widget\" data-e-type=\"widget\" data-widget_type=\"text-editor.default\">\n\t\t\t\t\t\t\t\t\t<p><em>Souvisej\u00edc\u00ed kl\u00ed\u010dov\u00e9 pojmy: v\u011btrn\u00fd k\u016f\u0148 lungta modlitebn\u00ed vlaje\u010dky Tibet tibetsk\u00fd buddhismus \u017eivotn\u00ed s\u00edla v\u00edtr <span class=\"iwg-fachbegriff\" data-tooltip=\"Vz\u00fdv\u00e1n\u00ed blaha a ochrany, \u010dasto v ust\u00e1len\u00e9 jazykov\u00e9 form\u011b.\" tabindex=\"0\">po\u017eehn\u00e1n\u00ed<\/span> symbol \u0161t\u011bst\u00ed.<\/em><\/p>\t\t\t\t\t\t\t\t<\/div>\n\t\t\t\t\t<\/div>\n\t\t\t\t<\/div>\n\t\t<div class=\"elementor-element elementor-element-iwgs-windpferd-cc e-flex e-con-boxed e-con e-parent\" data-id=\"iwgs-windpferd-cc\" data-element_type=\"container\" data-e-type=\"container\" id=\"iwg-cc-windpferd\">\n\t\t\t\t\t<div class=\"e-con-inner\">\n\t\t<div class=\"elementor-element elementor-element-iwgs-windpferd-ccinner e-flex e-con-boxed e-con e-parent\" data-id=\"iwgs-windpferd-ccinner\" data-element_type=\"container\" data-e-type=\"container\" data-settings=\"{&quot;background_background&quot;:&quot;classic&quot;}\">\n\t\t\t\t\t<div class=\"e-con-inner\">\n\t\t\t\t<div class=\"elementor-element elementor-element-iwgs-windpferd-cch elementor-widget elementor-widget-heading\" data-id=\"iwgs-windpferd-cch\" data-element_type=\"widget\" data-e-type=\"widget\" data-widget_type=\"heading.default\">\n\t\t\t\t\t<h2 class=\"elementor-heading-title elementor-size-default\">iWell Guard a ochrann\u00e9 tradice<\/h2>\t\t\t\t<\/div>\n\t\t\t\t<div class=\"elementor-element elementor-element-iwgs-windpferd-cct elementor-widget elementor-widget-text-editor\" data-id=\"iwgs-windpferd-cct\" data-element_type=\"widget\" data-e-type=\"widget\" data-widget_type=\"text-editor.default\">\n\t\t\t\t\t\t\t\t\t<p>iWell Guard navazuje na kulturn\u011b-historickou linii nositeln\u00fdch ochrann\u00fdch p\u0159edm\u011bt\u016f, k n\u00ed\u017e pat\u0159\u00ed i v\u011btrn\u00fd k\u016f\u0148. Modern\u00ed spole\u010dn\u00edk pro lidi, kte\u0159\u00ed \u017eij\u00ed s ochrann\u00fdmi symboly: vyroben\u00fd v N\u011bmecku, 41 vrstev z ryz\u00edho zlata, platiny a st\u0159\u00edbra, s 30denn\u00ed lh\u016ftou pro vr\u00e1cen\u00ed zbo\u017e\u00ed.<\/p>\t\t\t\t\t\t\t\t<\/div>\n\t\t\t\t<div class=\"elementor-element elementor-element-iwgs-windpferd-ccb iwg-cc-button iwg-cc-cta-2026-05-13 elementor-widget elementor-widget-jet-button\" data-id=\"iwgs-windpferd-ccb\" data-element_type=\"widget\" data-e-type=\"widget\" data-widget_type=\"jet-button.default\">\n\t\t\t\t<div class=\"elementor-widget-container\">\n\t\t\t\t\t<div class=\"elementor-jet-button jet-elements\"><div class=\"jet-button__container\"><a class=\"jet-button__instance jet-button__instance--icon-left hover-effect-1\" href=\"\/schutzanhaenger-iwell-guard-kaufen\/?utm_source=iwell-guard.com&amp;utm_medium=info-box&amp;utm_campaign=schutzsymbole\"><div class=\"jet-button__plane jet-button__plane-normal\"><\/div><div class=\"jet-button__plane jet-button__plane-hover\"><\/div><div class=\"jet-button__state jet-button__state-normal\"><span class=\"jet-button__label\">V\u00edce o iWell Guard<\/span><\/div><div class=\"jet-button__state jet-button__state-hover\"><span class=\"jet-button__label\">V\u00edce o iWell Guard<\/span><\/div><\/a><\/div><\/div><style>.elementor-element.elementor-element-iwgs-windpferd-ccb .jet-button__instance{width:320px;height:56px;}.elementor-element.elementor-element-iwgs-windpferd-ccb .jet-button__state-normal .jet-button__label{text-align:center;margin:0px 0px 0px 0px;color:#1a1b20;font-family:Montserrat,sans-serif;font-size:13px;font-weight:400;letter-spacing:4px;line-height:1.714em;text-transform:uppercase;}.elementor-element.elementor-element-iwgs-windpferd-ccb .jet-button__state-hover .jet-button__label{text-align:center;margin:0px 0px 0px 0px;color:#FECC76;font-family:Montserrat,sans-serif;font-size:13px;font-weight:400;letter-spacing:4px;line-height:1.714em;text-transform:uppercase;}.elementor-element.elementor-element-iwgs-windpferd-ccb .jet-button__plane-normal{background-color:#FECC76;border-style:solid;border-color:#C99540;border-width:2px 2px 2px 2px;}.elementor-element.elementor-element-iwgs-windpferd-ccb .jet-button__plane-hover{background-color:rgba(0,0,0,0.55);border-style:solid;border-color:#FECC76;border-width:2px 2px 2px 2px;}<\/style>\t\t\t\t<\/div>\n\t\t\t\t<\/div>\n\t\t\t\t<div class=\"elementor-element elementor-element-iwgs-windpferd-ccd elementor-widget elementor-widget-text-editor\" data-id=\"iwgs-windpferd-ccd\" data-element_type=\"widget\" data-e-type=\"widget\" data-widget_type=\"text-editor.default\">\n\t\t\t\t\t\t\t\t\t<p style=\"text-align:center;font-size:13px;opacity:0.7;margin-top:14px\" data-nosnippet=\"true\">Osobn\u00ed zku\u0161enosti se mohou li\u0161it. Nejde o zdravotnick\u00fd prost\u0159edek. Nejde o p\u0159\u00edslib l\u00e9\u010den\u00ed.<\/p>\t\t\t\t\t\t\t\t<\/div>\n\t\t\t\t\t<\/div>\n\t\t\t\t<\/div>\n\t\t\t\t\t<\/div>\n\t\t\t\t<\/div>\n\t\t<div class=\"elementor-element elementor-element-iwgs-windpferd-disc e-flex e-con-boxed e-con e-parent\" data-id=\"iwgs-windpferd-disc\" data-element_type=\"container\" data-e-type=\"container\">\n\t\t\t\t\t<div class=\"e-con-inner\">\n\t\t\t\t<div class=\"elementor-element elementor-element-iwgs-windpferd-discw elementor-widget elementor-widget-html\" data-id=\"iwgs-windpferd-discw\" data-element_type=\"widget\" data-e-type=\"widget\" data-widget_type=\"html.default\">\n\t\t\t\t\t<footer data-nosnippet=\"true\" class=\"iwg-disclaimer-block\"><p data-nosnippet=\"true\">iWell Guard <strong>nen\u00ed zdravotnick\u00fd prost\u0159edek<\/strong> a nenahrazuje l\u00e9ka\u0159skou ani psychoterapeutickou l\u00e9\u010dbu. Zde uveden\u00fd obsah p\u0159edstavuje religionistick\u00e9 a kulturn\u011b-historick\u00e9 za\u0159azen\u00ed, nikoli p\u0159\u00edslib duchovn\u00edho \u00fa\u010dinku.<\/p><\/footer>\t\t\t\t<\/div>\n\t\t\t\t\t<\/div>\n\t\t\t\t<\/div>\n\t\t\t\t<\/div>\n\t\t","protected":false},"excerpt":{"rendered":"","protected":false},"author":3,"featured_media":3532,"parent":0,"menu_order":0,"comment_status":"closed","ping_status":"closed","template":"elementor_header_footer","meta":{"_yoast_wpseo_focuskw":"V\u011btrn\u00fd k\u016f\u0148","_yoast_wpseo_title":"V\u011btrn\u00fd k\u016f\u0148 \u2013 Lungta modlitebn\u00edch vlaje\u010dek","_yoast_wpseo_metadesc":"V\u011btrn\u00fd k\u016f\u0148, tibetsky Lungta, je hlavn\u00edm motivem tibetsk\u00fdch modlitebn\u00edch vlaje\u010dek. V\u00fdznam a pou\u017eit\u00ed srozumiteln\u011b vysv\u011btleny.","_yoast_wpseo_meta-robots-noindex":"","_yoast_wpseo_canonical":"","_angie_page":false,"gefaehrdungsstufe":"","wesen_kultur":"","wesen_klasse":"","footnotes":""},"categories":[],"class_list":["post-145756","page","type-page","status-publish","has-post-thumbnail","hentry"],"yoast_head":"<!-- This site is optimized with the Yoast SEO Premium plugin v27.7 (Yoast SEO v28.3) - https:\/\/yoast.com\/product\/yoast-seo-premium-wordpress\/ -->\n<title>V\u011btrn\u00fd k\u016f\u0148 \u2013 Lungta modlitebn\u00edch vlaje\u010dek<\/title>\n<meta name=\"description\" content=\"V\u011btrn\u00fd k\u016f\u0148, tibetsky Lungta, je hlavn\u00edm motivem tibetsk\u00fdch modlitebn\u00edch vlaje\u010dek. V\u00fdznam a pou\u017eit\u00ed srozumiteln\u011b vysv\u011btleny.\" \/>\n<meta name=\"robots\" content=\"index, follow, max-snippet:-1, max-image-preview:large, max-video-preview:-1\" \/>\n<link rel=\"canonical\" href=\"https:\/\/iwell-guard.com\/cs\/vetrny-kun-lungta\/\" \/>\n<meta property=\"og:locale\" content=\"cs_CZ\" \/>\n<meta property=\"og:type\" content=\"article\" \/>\n<meta property=\"og:title\" content=\"V\u011btrn\u00fd k\u016f\u0148 \u2013 Lungta na tibetsk\u00fdch modlitebn\u00edch vlaje\u010dk\u00e1ch\" \/>\n<meta property=\"og:description\" content=\"V\u011btrn\u00fd k\u016f\u0148, tibetsky Lungta, je hlavn\u00edm motivem tibetsk\u00fdch modlitebn\u00edch vlaje\u010dek. V\u00fdznam a pou\u017eit\u00ed srozumiteln\u011b vysv\u011btleny.\" \/>\n<meta property=\"og:url\" content=\"https:\/\/iwell-guard.com\/cs\/vetrny-kun-lungta\/\" \/>\n<meta property=\"og:site_name\" content=\"iWell Guard\" \/>\n<meta property=\"article:modified_time\" content=\"2026-09-03T17:04:53+00:00\" \/>\n<meta property=\"og:image\" content=\"https:\/\/iwell-guard.com\/wp-content\/uploads\/2026\/05\/schutzsymbol_tibet_windpferd.webp\" \/>\n\t<meta property=\"og:image:width\" content=\"1024\" \/>\n\t<meta property=\"og:image:height\" content=\"1536\" \/>\n\t<meta property=\"og:image:type\" content=\"image\/webp\" \/>\n<meta name=\"twitter:card\" content=\"summary_large_image\" \/>\n<script type=\"application\/ld+json\" class=\"yoast-schema-graph\">{\"@context\":\"https:\\\/\\\/schema.org\",\"@graph\":[{\"@type\":\"WebPage\",\"@id\":\"https:\\\/\\\/iwell-guard.com\\\/cs\\\/vetrny-kun-lungta\\\/\",\"url\":\"https:\\\/\\\/iwell-guard.com\\\/cs\\\/vetrny-kun-lungta\\\/\",\"name\":\"V\u011btrn\u00fd k\u016f\u0148 \u2013 Lungta modlitebn\u00edch vlaje\u010dek\",\"isPartOf\":{\"@id\":\"https:\\\/\\\/iwell-guard.com\\\/cs\\\/#website\"},\"primaryImageOfPage\":{\"@id\":\"https:\\\/\\\/iwell-guard.com\\\/cs\\\/vetrny-kun-lungta\\\/#primaryimage\"},\"image\":{\"@id\":\"https:\\\/\\\/iwell-guard.com\\\/cs\\\/vetrny-kun-lungta\\\/#primaryimage\"},\"thumbnailUrl\":\"https:\\\/\\\/iwell-guard.com\\\/wp-content\\\/uploads\\\/2026\\\/05\\\/schutzsymbol_tibet_windpferd.webp\",\"datePublished\":\"2026-09-03T16:33:25+00:00\",\"dateModified\":\"2026-09-03T17:04:53+00:00\",\"description\":\"V\u011btrn\u00fd k\u016f\u0148, tibetsky Lungta, je hlavn\u00edm motivem tibetsk\u00fdch modlitebn\u00edch vlaje\u010dek. V\u00fdznam a pou\u017eit\u00ed srozumiteln\u011b vysv\u011btleny.\",\"breadcrumb\":{\"@id\":\"https:\\\/\\\/iwell-guard.com\\\/cs\\\/vetrny-kun-lungta\\\/#breadcrumb\"},\"inLanguage\":\"cs\",\"potentialAction\":[{\"@type\":\"ReadAction\",\"target\":[\"https:\\\/\\\/iwell-guard.com\\\/cs\\\/vetrny-kun-lungta\\\/\"]}]},{\"@type\":\"ImageObject\",\"inLanguage\":\"cs\",\"@id\":\"https:\\\/\\\/iwell-guard.com\\\/cs\\\/vetrny-kun-lungta\\\/#primaryimage\",\"url\":\"https:\\\/\\\/iwell-guard.com\\\/wp-content\\\/uploads\\\/2026\\\/05\\\/schutzsymbol_tibet_windpferd.webp\",\"contentUrl\":\"https:\\\/\\\/iwell-guard.com\\\/wp-content\\\/uploads\\\/2026\\\/05\\\/schutzsymbol_tibet_windpferd.webp\",\"width\":1024,\"height\":1536,\"caption\":\"Ochrann\u00fd symbol. Muzejn\u00ed ilustrace z\u00e1ti\u0161\u00ed.\"},{\"@type\":\"BreadcrumbList\",\"@id\":\"https:\\\/\\\/iwell-guard.com\\\/cs\\\/vetrny-kun-lungta\\\/#breadcrumb\",\"itemListElement\":[{\"@type\":\"ListItem\",\"position\":1,\"name\":\"Start\",\"item\":\"https:\\\/\\\/iwell-guard.com\\\/cs\\\/?page_id=145107\"},{\"@type\":\"ListItem\",\"position\":2,\"name\":\"V\u011btrn\u00fd k\u016f\u0148 \u2013 Lungta na tibetsk\u00fdch modlitebn\u00edch vlaje\u010dk\u00e1ch\"}]},{\"@type\":\"WebSite\",\"@id\":\"https:\\\/\\\/iwell-guard.com\\\/cs\\\/#website\",\"url\":\"https:\\\/\\\/iwell-guard.com\\\/cs\\\/\",\"name\":\"iWell Guard\",\"description\":\"Schutz vor dunklen Einfl\u00fcssen\",\"publisher\":{\"@id\":\"https:\\\/\\\/iwell-guard.com\\\/cs\\\/#organization\"},\"potentialAction\":[{\"@type\":\"SearchAction\",\"target\":{\"@type\":\"EntryPoint\",\"urlTemplate\":\"https:\\\/\\\/iwell-guard.com\\\/cs\\\/?s={search_term_string}\"},\"query-input\":{\"@type\":\"PropertyValueSpecification\",\"valueRequired\":true,\"valueName\":\"search_term_string\"}}],\"inLanguage\":\"cs\"},{\"@type\":\"Organization\",\"@id\":\"https:\\\/\\\/iwell-guard.com\\\/cs\\\/#organization\",\"name\":\"Ittermann electronic GmbH\",\"url\":\"https:\\\/\\\/iwell-guard.com\\\/cs\\\/\",\"logo\":{\"@type\":\"ImageObject\",\"inLanguage\":\"cs\",\"@id\":\"https:\\\/\\\/iwell-guard.com\\\/cs\\\/#\\\/schema\\\/logo\\\/image\\\/\",\"url\":\"https:\\\/\\\/iwell-guard.com\\\/wp-content\\\/uploads\\\/2026\\\/05\\\/Ittermann-Logo-1182x237-1.png\",\"contentUrl\":\"https:\\\/\\\/iwell-guard.com\\\/wp-content\\\/uploads\\\/2026\\\/05\\\/Ittermann-Logo-1182x237-1.png\",\"width\":1182,\"height\":237,\"caption\":\"Ittermann electronic GmbH\"},\"image\":{\"@id\":\"https:\\\/\\\/iwell-guard.com\\\/cs\\\/#\\\/schema\\\/logo\\\/image\\\/\"},\"sameAs\":[\"https:\\\/\\\/pantip.com\\\/profile\\\/9367242\",\"https:\\\/\\\/micro.blog\\\/iwellguard\",\"https:\\\/\\\/www.diggerslist.com\\\/iwellguard\\\/about\",\"https:\\\/\\\/skitterphoto.com\\\/photographers\\\/2870314\\\/iwell-guard\",\"https:\\\/\\\/iwellguard.wordpress.com\\\/2026\\\/06\\\/06\\\/iwell-guard\\\/\",\"https:\\\/\\\/hub.docker.com\\\/u\\\/iwellguard\",\"https:\\\/\\\/www.pinterest.com\\\/iwellguard\\\/\",\"https:\\\/\\\/bit.ly\\\/m\\\/iwellguard\",\"https:\\\/\\\/entre-vos-mains.alsace.eu\\\/profiles\\\/iwellguard\\\/activity\",\"https:\\\/\\\/gravatar.com\\\/reallybeded8fd34\",\"https:\\\/\\\/naijamatta.com\\\/iwellguard\",\"https:\\\/\\\/www.goodreads.com\\\/iwellguard\",\"https:\\\/\\\/profile.hatena.ne.jp\\\/iwellguard\\\/\",\"https:\\\/\\\/experiment.com\\\/users\\\/iwellguard\",\"https:\\\/\\\/wakelet.com\\\/@iWellGuard82270\",\"https:\\\/\\\/www.chordie.com\\\/forum\\\/profile.php?id=2555664\",\"https:\\\/\\\/www.instapaper.com\\\/p\\\/17757966\",\"https:\\\/\\\/www.mapleprimes.com\\\/users\\\/iwellguard\",\"https:\\\/\\\/businesslistingplus.com\\\/profile\\\/iwell-guard\\\/\",\"https:\\\/\\\/telegra.ph\\\/iWell-Guard-06-06\",\"https:\\\/\\\/pbase.com\\\/iwellguard\\\/iwellguard\",\"https:\\\/\\\/b.hatena.ne.jp\\\/iwellguard\\\/20260607#bookmark-4788405196491818882\",\"https:\\\/\\\/fliphtml5.com\\\/home\\\/iwellguard\",\"https:\\\/\\\/anyflip.com\\\/homepage\\\/cmiwl#About\",\"https:\\\/\\\/transfur.com\\\/Users\\\/iwellguard\",\"http:\\\/\\\/delphi.larsbo.org\\\/user\\\/iwellguard\",\"https:\\\/\\\/jobs.lajobsportal.org\\\/profiles\\\/8380803-iwell-guard\",\"https:\\\/\\\/md.chaosdorf.de\\\/s\\\/jfbe5SBdJD\",\"https:\\\/\\\/www.lingvolive.com\\\/en-us\\\/profile\\\/9ecaeaca-ce11-4e51-9e71-01d55e2bff36\\\/translations\",\"https:\\\/\\\/www.fitday.com\\\/fitness\\\/forums\\\/members\\\/iwellguard.html\",\"https:\\\/\\\/www.mymeetbook.com\\\/iwellguard\",\"https:\\\/\\\/pxhere.com\\\/en\\\/photographer-me\\\/5040798\",\"https:\\\/\\\/disqus.com\\\/by\\\/iwellguard\\\/about\\\/\",\"https:\\\/\\\/pastelink.net\\\/hjwciqwq\",\"https:\\\/\\\/pubhtml5.com\\\/homepage\\\/scjhn\\\/\",\"https:\\\/\\\/www.bitchute.com\\\/channel\\\/2O2eOKzNqujT\",\"https:\\\/\\\/audiomack.com\\\/iwellguard\"]}]}<\/script>\n<!-- \/ Yoast SEO Premium plugin. -->","yoast_head_json":{"title":"V\u011btrn\u00fd k\u016f\u0148 \u2013 Lungta modlitebn\u00edch vlaje\u010dek","description":"V\u011btrn\u00fd k\u016f\u0148, tibetsky Lungta, je hlavn\u00edm motivem tibetsk\u00fdch modlitebn\u00edch vlaje\u010dek. V\u00fdznam a pou\u017eit\u00ed srozumiteln\u011b vysv\u011btleny.","robots":{"index":"index","follow":"follow","max-snippet":"max-snippet:-1","max-image-preview":"max-image-preview:large","max-video-preview":"max-video-preview:-1"},"canonical":"https:\/\/iwell-guard.com\/cs\/vetrny-kun-lungta\/","og_locale":"cs_CZ","og_type":"article","og_title":"V\u011btrn\u00fd k\u016f\u0148 \u2013 Lungta na tibetsk\u00fdch modlitebn\u00edch vlaje\u010dk\u00e1ch","og_description":"V\u011btrn\u00fd k\u016f\u0148, tibetsky Lungta, je hlavn\u00edm motivem tibetsk\u00fdch modlitebn\u00edch vlaje\u010dek. V\u00fdznam a pou\u017eit\u00ed srozumiteln\u011b vysv\u011btleny.","og_url":"https:\/\/iwell-guard.com\/cs\/vetrny-kun-lungta\/","og_site_name":"iWell Guard","article_modified_time":"2026-09-03T17:04:53+00:00","og_image":[{"width":1024,"height":1536,"url":"https:\/\/iwell-guard.com\/wp-content\/uploads\/2026\/05\/schutzsymbol_tibet_windpferd.webp","type":"image\/webp"}],"twitter_card":"summary_large_image","schema":{"@context":"https:\/\/schema.org","@graph":[{"@type":"WebPage","@id":"https:\/\/iwell-guard.com\/cs\/vetrny-kun-lungta\/","url":"https:\/\/iwell-guard.com\/cs\/vetrny-kun-lungta\/","name":"V\u011btrn\u00fd k\u016f\u0148 \u2013 Lungta modlitebn\u00edch vlaje\u010dek","isPartOf":{"@id":"https:\/\/iwell-guard.com\/cs\/#website"},"primaryImageOfPage":{"@id":"https:\/\/iwell-guard.com\/cs\/vetrny-kun-lungta\/#primaryimage"},"image":{"@id":"https:\/\/iwell-guard.com\/cs\/vetrny-kun-lungta\/#primaryimage"},"thumbnailUrl":"https:\/\/iwell-guard.com\/wp-content\/uploads\/2026\/05\/schutzsymbol_tibet_windpferd.webp","datePublished":"2026-09-03T16:33:25+00:00","dateModified":"2026-09-03T17:04:53+00:00","description":"V\u011btrn\u00fd k\u016f\u0148, tibetsky Lungta, je hlavn\u00edm motivem tibetsk\u00fdch modlitebn\u00edch vlaje\u010dek. V\u00fdznam a pou\u017eit\u00ed srozumiteln\u011b vysv\u011btleny.","breadcrumb":{"@id":"https:\/\/iwell-guard.com\/cs\/vetrny-kun-lungta\/#breadcrumb"},"inLanguage":"cs","potentialAction":[{"@type":"ReadAction","target":["https:\/\/iwell-guard.com\/cs\/vetrny-kun-lungta\/"]}]},{"@type":"ImageObject","inLanguage":"cs","@id":"https:\/\/iwell-guard.com\/cs\/vetrny-kun-lungta\/#primaryimage","url":"https:\/\/iwell-guard.com\/wp-content\/uploads\/2026\/05\/schutzsymbol_tibet_windpferd.webp","contentUrl":"https:\/\/iwell-guard.com\/wp-content\/uploads\/2026\/05\/schutzsymbol_tibet_windpferd.webp","width":1024,"height":1536,"caption":"Ochrann\u00fd symbol. Muzejn\u00ed ilustrace z\u00e1ti\u0161\u00ed."},{"@type":"BreadcrumbList","@id":"https:\/\/iwell-guard.com\/cs\/vetrny-kun-lungta\/#breadcrumb","itemListElement":[{"@type":"ListItem","position":1,"name":"Start","item":"https:\/\/iwell-guard.com\/cs\/?page_id=145107"},{"@type":"ListItem","position":2,"name":"V\u011btrn\u00fd k\u016f\u0148 \u2013 Lungta na tibetsk\u00fdch modlitebn\u00edch vlaje\u010dk\u00e1ch"}]},{"@type":"WebSite","@id":"https:\/\/iwell-guard.com\/cs\/#website","url":"https:\/\/iwell-guard.com\/cs\/","name":"iWell Guard","description":"Schutz vor dunklen Einfl\u00fcssen","publisher":{"@id":"https:\/\/iwell-guard.com\/cs\/#organization"},"potentialAction":[{"@type":"SearchAction","target":{"@type":"EntryPoint","urlTemplate":"https:\/\/iwell-guard.com\/cs\/?s={search_term_string}"},"query-input":{"@type":"PropertyValueSpecification","valueRequired":true,"valueName":"search_term_string"}}],"inLanguage":"cs"},{"@type":"Organization","@id":"https:\/\/iwell-guard.com\/cs\/#organization","name":"Ittermann electronic GmbH","url":"https:\/\/iwell-guard.com\/cs\/","logo":{"@type":"ImageObject","inLanguage":"cs","@id":"https:\/\/iwell-guard.com\/cs\/#\/schema\/logo\/image\/","url":"https:\/\/iwell-guard.com\/wp-content\/uploads\/2026\/05\/Ittermann-Logo-1182x237-1.png","contentUrl":"https:\/\/iwell-guard.com\/wp-content\/uploads\/2026\/05\/Ittermann-Logo-1182x237-1.png","width":1182,"height":237,"caption":"Ittermann electronic GmbH"},"image":{"@id":"https:\/\/iwell-guard.com\/cs\/#\/schema\/logo\/image\/"},"sameAs":["https:\/\/pantip.com\/profile\/9367242","https:\/\/micro.blog\/iwellguard","https:\/\/www.diggerslist.com\/iwellguard\/about","https:\/\/skitterphoto.com\/photographers\/2870314\/iwell-guard","https:\/\/iwellguard.wordpress.com\/2026\/06\/06\/iwell-guard\/","https:\/\/hub.docker.com\/u\/iwellguard","https:\/\/www.pinterest.com\/iwellguard\/","https:\/\/bit.ly\/m\/iwellguard","https:\/\/entre-vos-mains.alsace.eu\/profiles\/iwellguard\/activity","https:\/\/gravatar.com\/reallybeded8fd34","https:\/\/naijamatta.com\/iwellguard","https:\/\/www.goodreads.com\/iwellguard","https:\/\/profile.hatena.ne.jp\/iwellguard\/","https:\/\/experiment.com\/users\/iwellguard","https:\/\/wakelet.com\/@iWellGuard82270","https:\/\/www.chordie.com\/forum\/profile.php?id=2555664","https:\/\/www.instapaper.com\/p\/17757966","https:\/\/www.mapleprimes.com\/users\/iwellguard","https:\/\/businesslistingplus.com\/profile\/iwell-guard\/","https:\/\/telegra.ph\/iWell-Guard-06-06","https:\/\/pbase.com\/iwellguard\/iwellguard","https:\/\/b.hatena.ne.jp\/iwellguard\/20260607#bookmark-4788405196491818882","https:\/\/fliphtml5.com\/home\/iwellguard","https:\/\/anyflip.com\/homepage\/cmiwl#About","https:\/\/transfur.com\/Users\/iwellguard","http:\/\/delphi.larsbo.org\/user\/iwellguard","https:\/\/jobs.lajobsportal.org\/profiles\/8380803-iwell-guard","https:\/\/md.chaosdorf.de\/s\/jfbe5SBdJD","https:\/\/www.lingvolive.com\/en-us\/profile\/9ecaeaca-ce11-4e51-9e71-01d55e2bff36\/translations","https:\/\/www.fitday.com\/fitness\/forums\/members\/iwellguard.html","https:\/\/www.mymeetbook.com\/iwellguard","https:\/\/pxhere.com\/en\/photographer-me\/5040798","https:\/\/disqus.com\/by\/iwellguard\/about\/","https:\/\/pastelink.net\/hjwciqwq","https:\/\/pubhtml5.com\/homepage\/scjhn\/","https:\/\/www.bitchute.com\/channel\/2O2eOKzNqujT","https:\/\/audiomack.com\/iwellguard"]}]}},"_links":{"self":[{"href":"https:\/\/iwell-guard.com\/cs\/wp-json\/wp\/v2\/pages\/145756","targetHints":{"allow":["GET"]}}],"collection":[{"href":"https:\/\/iwell-guard.com\/cs\/wp-json\/wp\/v2\/pages"}],"about":[{"href":"https:\/\/iwell-guard.com\/cs\/wp-json\/wp\/v2\/types\/page"}],"author":[{"embeddable":true,"href":"https:\/\/iwell-guard.com\/cs\/wp-json\/wp\/v2\/users\/3"}],"replies":[{"embeddable":true,"href":"https:\/\/iwell-guard.com\/cs\/wp-json\/wp\/v2\/comments?post=145756"}],"version-history":[{"count":0,"href":"https:\/\/iwell-guard.com\/cs\/wp-json\/wp\/v2\/pages\/145756\/revisions"}],"wp:featuredmedia":[{"embeddable":true,"href":"https:\/\/iwell-guard.com\/cs\/wp-json\/wp\/v2\/media\/3532"}],"wp:attachment":[{"href":"https:\/\/iwell-guard.com\/cs\/wp-json\/wp\/v2\/media?parent=145756"}],"wp:term":[{"taxonomy":"category","embeddable":true,"href":"https:\/\/iwell-guard.com\/cs\/wp-json\/wp\/v2\/categories?post=145756"}],"curies":[{"name":"wp","href":"https:\/\/api.w.org\/{rel}","templated":true}]}}