{"id":145755,"date":"2026-09-03T16:33:25","date_gmt":"2026-09-03T16:33:25","guid":{"rendered":"https:\/\/iwell-guard.com\/?page_id=145755"},"modified":"2026-09-03T17:04:53","modified_gmt":"2026-09-03T17:04:53","slug":"ochranny-uzel-posvecena-snura-tibetu","status":"publish","type":"page","link":"https:\/\/iwell-guard.com\/cs\/ochranny-uzel-posvecena-snura-tibetu\/","title":{"rendered":"Ochrann\u00fd uzel \u2013 posv\u011bcen\u00e1 \u0161\u0148\u016fra Tibetu"},"content":{"rendered":"\t\t<div data-elementor-type=\"wp-page\" data-elementor-id=\"145755\" class=\"elementor elementor-145755 elementor-3720 elementor-bc-flex-widget\" data-elementor-post-type=\"page\">\n\t\t\t\t<div class=\"elementor-element elementor-element-iwgs-schutzknoten-hero e-flex e-con-boxed e-con e-parent\" data-id=\"iwgs-schutzknoten-hero\" data-element_type=\"container\" data-e-type=\"container\">\n\t\t\t\t\t<div class=\"e-con-inner\">\n\t\t<div class=\"elementor-element elementor-element-iwgs-schutzknoten-hl e-flex e-con-boxed e-con e-parent\" data-id=\"iwgs-schutzknoten-hl\" data-element_type=\"container\" data-e-type=\"container\">\n\t\t\t\t\t<div class=\"e-con-inner\">\n\t\t<div class=\"elementor-element elementor-element-iwgs-schutzknoten-hlbox e-con-full e-flex e-con e-parent\" data-id=\"iwgs-schutzknoten-hlbox\" data-element_type=\"container\" data-e-type=\"container\">\n\t\t\t\t<div class=\"elementor-element elementor-element-iwgs-schutzknoten-h1 elementor-widget elementor-widget-heading\" data-id=\"iwgs-schutzknoten-h1\" data-element_type=\"widget\" data-e-type=\"widget\" data-widget_type=\"heading.default\">\n\t\t\t\t\t<h1 class=\"elementor-heading-title elementor-size-default\">Ochrann\u00fd uzel \u2013 posv\u011bcen\u00e1 \u0161\u0148\u016fra tibetsk\u00e9ho buddhismu<\/h1>\t\t\t\t<\/div>\n\t\t\t\t<div class=\"elementor-element elementor-element-iwgs-schutzknoten-lead elementor-widget elementor-widget-text-editor\" data-id=\"iwgs-schutzknoten-lead\" data-element_type=\"widget\" data-e-type=\"widget\" data-widget_type=\"text-editor.default\">\n\t\t\t\t\t\t\t\t\t<p>Tibetsk\u00fd ochrann\u00fd uzel je zauzlovan\u00e1 \u0161\u0148\u016fra, kterou posv\u011bt\u00ed l\u00e1ma. Tibetsk\u00fd n\u00e1zev zn\u00ed Srung-mdud, co\u017e zhruba znamen\u00e1 ochrann\u00fd uzel. Posv\u011bcen\u00e1 \u0161\u0148\u016fra se nos\u00ed kolem krku nebo kolem z\u00e1p\u011bst\u00ed a je pova\u017eov\u00e1na za nositele po\u017eehn\u00e1n\u00ed a prost\u0159edek ochrany.<\/p>\t\t\t\t\t\t\t\t<\/div>\n\t\t\t\t<\/div>\n\t\t\t\t<div class=\"elementor-element elementor-element-iwgs-schutzknoten-pills elementor-widget elementor-widget-html\" data-id=\"iwgs-schutzknoten-pills\" data-element_type=\"widget\" data-e-type=\"widget\" data-widget_type=\"html.default\">\n\t\t\t\t\t<div class=\"iwg-pill-row\"><span class=\"iwg-klasse-badge\" tabindex=\"0\" data-tooltip=\"Ochrann\u00fd symbol, amulet nebo apotropaick\u00fd p\u0159edm\u011bt.\">Ochrann\u00fd symbol<\/span><a href=\"https:\/\/iwell-guard.com\/cs\/tibet\/\" class=\"iwg-kultur-badge\" tabindex=\"0\" data-tooltip=\"Ochrann\u00e1 tradice: Tibet\">Tibet<\/a><span class=\"iwg-tradition-badge\" tabindex=\"0\" data-tooltip=\"Uzel, kter\u00fd m\u00e1 v\u00e1zat \u0161kodliv\u00e9 vlivy.\">Ochrann\u00fd uzel<\/span><\/div>\t\t\t\t<\/div>\n\t\t\t\t\t<\/div>\n\t\t\t\t<\/div>\n\t\t<div class=\"elementor-element elementor-element-iwgs-schutzknoten-hr e-con-full e-flex e-con e-parent\" data-id=\"iwgs-schutzknoten-hr\" data-element_type=\"container\" data-e-type=\"container\">\n\t\t\t\t<div class=\"elementor-element elementor-element-iwgs-schutzknoten-himg iwg-hero-image elementor-widget elementor-widget-image\" data-id=\"iwgs-schutzknoten-himg\" data-element_type=\"widget\" data-e-type=\"widget\" data-widget_type=\"image.default\">\n\t\t\t\t\t\t\t\t\t\t\t\t\t\t\t<img fetchpriority=\"high\" decoding=\"async\" width=\"683\" height=\"1024\" src=\"https:\/\/iwell-guard.com\/wp-content\/uploads\/2026\/05\/schutzsymbol_tibet_schutzknoten-683x1024.webp\" class=\"attachment-large size-large wp-image-147048\" alt=\"Ochrann\u00fd uzel \u2013 ochrann\u00fd symbol, muzejn\u00ed ilustrace\" srcset=\"https:\/\/iwell-guard.com\/wp-content\/uploads\/2026\/05\/schutzsymbol_tibet_schutzknoten-683x1024.webp 683w, https:\/\/iwell-guard.com\/wp-content\/uploads\/2026\/05\/schutzsymbol_tibet_schutzknoten-200x300.webp 200w, https:\/\/iwell-guard.com\/wp-content\/uploads\/2026\/05\/schutzsymbol_tibet_schutzknoten-768x1152.webp 768w, https:\/\/iwell-guard.com\/wp-content\/uploads\/2026\/05\/schutzsymbol_tibet_schutzknoten.webp 1024w\" sizes=\"(max-width: 683px) 100vw, 683px\" \/>\t\t\t\t\t\t\t\t\t\t\t\t\t\t\t<\/div>\n\t\t\t\t<\/div>\n\t\t\t\t\t<\/div>\n\t\t\t\t<\/div>\n\t\t<div class=\"elementor-element elementor-element-iwgs-schutzknoten-s0 e-flex e-con-boxed e-con e-parent\" data-id=\"iwgs-schutzknoten-s0\" data-element_type=\"container\" data-e-type=\"container\">\n\t\t\t\t\t<div class=\"e-con-inner\">\n\t\t\t\t<div class=\"elementor-element elementor-element-iwgs-schutzknoten-s0h elementor-widget elementor-widget-heading\" data-id=\"iwgs-schutzknoten-s0h\" data-element_type=\"widget\" data-e-type=\"widget\" data-widget_type=\"heading.default\">\n\t\t\t\t\t<h2 class=\"elementor-heading-title elementor-size-default\">Za\u0159azen\u00ed<\/h2>\t\t\t\t<\/div>\n\t\t<div class=\"elementor-element elementor-element-iwgs-schutzknoten-s0box e-con-full e-flex e-con e-parent\" data-id=\"iwgs-schutzknoten-s0box\" data-element_type=\"container\" data-e-type=\"container\">\n\t\t\t\t<div class=\"elementor-element elementor-element-iwgs-schutzknoten-s0t elementor-widget elementor-widget-text-editor\" data-id=\"iwgs-schutzknoten-s0t\" data-element_type=\"widget\" data-e-type=\"widget\" data-widget_type=\"text-editor.default\">\n\t\t\t\t\t\t\t\t\t<p>Ochrann\u00fd uzel je zauzlovan\u00e1 \u0161\u0148\u016fra poch\u00e1zej\u00edc\u00ed ze sv\u011bta buddhismu <a href=\"https:\/\/iwell-guard.com\/cs\/tibet\/\">Tibetu<\/a>. Jeho tibetsk\u00fd n\u00e1zev zn\u00ed Srung-mdud, co\u017e zhruba znamen\u00e1 ochrann\u00fd uzel.<\/p><p>Jde o \u0161\u0148\u016fru nebo p\u00e1sek, do kter\u00e9ho je zauzlov\u00e1n jeden nebo v\u00edce uzl\u016f. \u0160\u0148\u016fra se nos\u00ed kolem krku, kolem pa\u017ee nebo kolem z\u00e1p\u011bst\u00ed.<\/p><p>Podstatn\u00e9 na ochrann\u00e9m uzlu nen\u00ed l\u00e1tka, ale <span class=\"iwg-fachbegriff\" data-tooltip=\"Zasl\u00edben\u00ed blaha a ochrany, \u010dasto v pevn\u00e9 jazykov\u00e9 form\u011b.\" tabindex=\"0\">po\u017eehn\u00e1n\u00ed<\/span>. \u0160\u0148\u016fru posv\u011bt\u00ed l\u00e1ma, tedy duchovn\u00ed u\u010ditel, ne\u017e je no\u0161ena.<\/p><p>D\u00edky tomuto <span class=\"iwg-fachbegriff\" data-tooltip=\"Zasl\u00edben\u00ed blaha a ochrany, \u010dasto v pevn\u00e9 jazykov\u00e9 form\u011b.\" tabindex=\"0\">po\u017eehn\u00e1n\u00ed<\/span> se z jednoduch\u00e9 \u0161\u0148\u016fry st\u00e1v\u00e1 ochrann\u00fd p\u0159edm\u011bt. Je pak pova\u017eov\u00e1na za nositele po\u017eehn\u00e1n\u00ed, kter\u00e9 na ni l\u00e1ma vlo\u017eil.<\/p><p>Ochrann\u00fd uzel je v tibetsk\u00e9m buddhismu velmi roz\u0161\u00ed\u0159en\u00fd. P\u0159ed\u00e1v\u00e1 se v\u011b\u0159\u00edc\u00edm p\u0159i ob\u0159adech ud\u011blov\u00e1n\u00ed po\u017eehn\u00e1n\u00ed, p\u0159i nauk\u00e1ch a p\u0159i d\u016fle\u017eit\u00fdch p\u0159\u00edle\u017eitostech.<\/p><p>V <span class=\"iwg-fachbegriff\" data-tooltip=\"V\u011bda, kter\u00e1 zkoum\u00e1 n\u00e1bo\u017eenstv\u00ed srovn\u00e1vac\u00edm zp\u016fsobem a bez vyznava\u010dsk\u00e9 v\u00e1zanosti.\" tabindex=\"0\">religionistice<\/span> je ochrann\u00fd uzel dobr\u00fdm p\u0159\u00edkladem ochrann\u00e9ho p\u0159edm\u011btu, jeho\u017e \u00fa\u010dinek z\u00e1vis\u00ed na <span class=\"iwg-fachbegriff\" data-tooltip=\"Zasl\u00edben\u00ed blaha a ochrany, \u010dasto v pevn\u00e9 jazykov\u00e9 form\u011b.\" tabindex=\"0\">po\u017eehn\u00e1n\u00ed<\/span>. \u0160\u0148\u016fru ned\u011bl\u00e1 ochrann\u00fdm prost\u0159edkem materi\u00e1l, ale samotn\u00fd akt po\u017eehn\u00e1n\u00ed.<\/p>\t\t\t\t\t\t\t\t<\/div>\n\t\t\t\t<\/div>\n\t\t\t\t\t<\/div>\n\t\t\t\t<\/div>\n\t\t<div class=\"elementor-element elementor-element-iwgs-schutzknoten-s1 e-flex e-con-boxed e-con e-parent\" data-id=\"iwgs-schutzknoten-s1\" data-element_type=\"container\" data-e-type=\"container\">\n\t\t\t\t\t<div class=\"e-con-inner\">\n\t\t\t\t<div class=\"elementor-element elementor-element-iwgs-schutzknoten-s1h elementor-widget elementor-widget-heading\" data-id=\"iwgs-schutzknoten-s1h\" data-element_type=\"widget\" data-e-type=\"widget\" data-widget_type=\"heading.default\">\n\t\t\t\t\t<h2 class=\"elementor-heading-title elementor-size-default\">P\u016fvod a pozad\u00ed<\/h2>\t\t\t\t<\/div>\n\t\t<div class=\"elementor-element elementor-element-iwgs-schutzknoten-s1box e-con-full e-flex e-con e-parent\" data-id=\"iwgs-schutzknoten-s1box\" data-element_type=\"container\" data-e-type=\"container\">\n\t\t\t\t<div class=\"elementor-element elementor-element-iwgs-schutzknoten-s1t elementor-widget elementor-widget-text-editor\" data-id=\"iwgs-schutzknoten-s1t\" data-element_type=\"widget\" data-e-type=\"widget\" data-widget_type=\"text-editor.default\">\n\t\t\t\t\t\t\t\t\t<p>Ochrann\u00fd uzel spojuje dv\u011b star\u00e9 p\u0159edstavy, p\u0159edstavu o uzlu a p\u0159edstavu o <span class=\"iwg-fachbegriff\" data-tooltip=\"Zasl\u00edben\u00ed blaha a ochrany, \u010dasto v pevn\u00e9 jazykov\u00e9 form\u011b.\" tabindex=\"0\">po\u017eehn\u00e1n\u00ed<\/span>. Ob\u011b sahaj\u00ed daleko do minulosti.<\/p><p>Uzel je star\u00fd a \u0161iroce roz\u0161\u00ed\u0159en\u00fd <span class=\"iwg-fachbegriff\" data-tooltip=\"Opakuj\u00edc\u00ed se obsahov\u00fd prvek v um\u011bn\u00ed nebo vypr\u00e1v\u011bn\u00ed.\" tabindex=\"0\">motiv<\/span>. V mnoha kultur\u00e1ch plat\u00ed uzel za prost\u0159edek, jak n\u011bco sv\u00e1zat, zadr\u017eet a t\u00edm zajistit nebo odvr\u00e1tit.<\/p><p>My\u0161lenka po\u017eehn\u00e1n\u00ed pat\u0159\u00ed k j\u00e1dru n\u00e1bo\u017eensk\u00e9 praxe. <span class=\"iwg-fachbegriff\" data-tooltip=\"Zasl\u00edben\u00ed blaha a ochrany, \u010dasto v pevn\u00e9 jazykov\u00e9 form\u011b.\" tabindex=\"0\">Po\u017eehn\u00e1n\u00ed<\/span> je duchovn\u00ed zasl\u00edben\u00ed, kter\u00e9 \u010dlov\u011bku nebo p\u0159edm\u011btu p\u0159isuzuje dobro a ochranu.<\/p><p>Tibetsk\u00fd buddhismus spojuje ob\u011b linie. Zauzlovan\u00e1 \u0161\u0148\u016fra je spojena s <span class=\"iwg-fachbegriff\" data-tooltip=\"Zasl\u00edben\u00ed blaha a ochrany, \u010dasto v pevn\u00e9 jazykov\u00e9 form\u011b.\" tabindex=\"0\">po\u017eehn\u00e1n\u00edm<\/span> u\u010ditele, a z tohoto spojen\u00ed vznik\u00e1 ochrann\u00fd uzel.<\/p><p>Ve star\u0161\u00edm n\u00e1bo\u017eensk\u00e9m sv\u011bt\u011b Tibetu p\u0159ed buddhismem jsou rovn\u011b\u017e zn\u00e1my p\u0159edstavy o v\u00e1z\u00e1n\u00ed a ochran\u011b. Buddhistick\u00fd ochrann\u00fd uzel tak stoj\u00ed na \u0161irok\u00e9m podklad\u011b.<\/p><p>P\u016fvod ochrann\u00e9ho uzlu tak ukazuje na spolup\u016fsoben\u00ed. Star\u00fd <span class=\"iwg-fachbegriff\" data-tooltip=\"Opakuj\u00edc\u00ed se obsahov\u00fd prvek v um\u011bn\u00ed nebo vypr\u00e1v\u011bn\u00ed.\" tabindex=\"0\">motiv<\/span> v\u00e1zaj\u00edc\u00edho uzlu a n\u00e1bo\u017eensk\u00e1 my\u0161lenka po\u017eehn\u00e1n\u00ed se setk\u00e1vaj\u00ed v posv\u011bcen\u00e9 \u0161\u0148\u016f\u0159e.<\/p>\t\t\t\t\t\t\t\t<\/div>\n\t\t\t\t<\/div>\n\t\t\t\t\t<\/div>\n\t\t\t\t<\/div>\n\t\t<div class=\"elementor-element elementor-element-iwgs-schutzknoten-s2 e-flex e-con-boxed e-con e-parent\" data-id=\"iwgs-schutzknoten-s2\" data-element_type=\"container\" data-e-type=\"container\">\n\t\t\t\t\t<div class=\"e-con-inner\">\n\t\t\t\t<div class=\"elementor-element elementor-element-iwgs-schutzknoten-s2h elementor-widget elementor-widget-heading\" data-id=\"iwgs-schutzknoten-s2h\" data-element_type=\"widget\" data-e-type=\"widget\" data-widget_type=\"heading.default\">\n\t\t\t\t\t<h2 class=\"elementor-heading-title elementor-size-default\">Uzel jako znamen\u00ed<\/h2>\t\t\t\t<\/div>\n\t\t<div class=\"elementor-element elementor-element-iwgs-schutzknoten-s2box e-con-full e-flex e-con e-parent\" data-id=\"iwgs-schutzknoten-s2box\" data-element_type=\"container\" data-e-type=\"container\">\n\t\t\t\t<div class=\"elementor-element elementor-element-iwgs-schutzknoten-s2t elementor-widget elementor-widget-text-editor\" data-id=\"iwgs-schutzknoten-s2t\" data-element_type=\"widget\" data-e-type=\"widget\" data-widget_type=\"text-editor.default\">\n\t\t\t\t\t\t\t\t\t<p>Uzel nen\u00ed u ochrann\u00e9ho uzlu pouhou n\u00e1hodou v\u00fdroby, n\u00fdbr\u017e v\u00fdznamn\u00fdm znamen\u00edm. S\u00e1m akt uzlov\u00e1n\u00ed m\u00e1 smysl.<\/p><p>Uzel v\u00e1\u017ee a zadr\u017euje. V uzlu je n\u011bco jakoby uchopeno a zaji\u0161t\u011bno. Tato vlastnost d\u011bl\u00e1 z uzlu obraz udr\u017een\u00ed a uchov\u00e1n\u00ed.<\/p><p>U ochrann\u00e9ho uzlu je <span class=\"iwg-fachbegriff\" data-tooltip=\"Zasl\u00edben\u00ed blaha a ochrany, \u010dasto v pevn\u00e9 jazykov\u00e9 form\u011b.\" tabindex=\"0\">po\u017eehn\u00e1n\u00ed<\/span> jakoby zauzlov\u00e1no do uzlu samotn\u00e9ho. L\u00e1ma p\u0159i ob\u0159adu po\u017eehn\u00e1n\u00ed pron\u00e1\u0161\u00ed modlitby a mantry, a uzel toto <span class=\"iwg-fachbegriff\" data-tooltip=\"Zasl\u00edben\u00ed blaha a ochrany, \u010dasto v pevn\u00e9 jazykov\u00e9 form\u011b.\" tabindex=\"0\">po\u017eehn\u00e1n\u00ed<\/span> uchov\u00e1v\u00e1.<\/p><p>Uzel je tak n\u00e1dobou po\u017eehn\u00e1n\u00ed. Jako n\u00e1doba obsahuje obsah, tak uzel uchov\u00e1v\u00e1 <span class=\"iwg-fachbegriff\" data-tooltip=\"Zasl\u00edben\u00ed blaha a ochrany, \u010dasto v pevn\u00e9 jazykov\u00e9 form\u011b.\" tabindex=\"0\">po\u017eehn\u00e1n\u00ed<\/span>, kter\u00e9 bylo nad n\u00edm proneseno p\u0159i jeho <span class=\"iwg-fachbegriff\" data-tooltip=\"Ritu\u00e1ln\u00ed akt, kter\u00fdm je ud\u011bleno po\u017eehn\u00e1n\u00ed.\" tabindex=\"0\">sv\u011bcen\u00ed<\/span>.<\/p><p>Z\u00e1rove\u0148 uzel symbolizuje ochranu ve smyslu v\u00e1z\u00e1n\u00ed. \u0160kodliv\u00e9 vlivy maj\u00ed b\u00fdt jakoby sv\u00e1z\u00e1ny a odvr\u00e1ceny, tak jako uzel udr\u017euje p\u00e1sek pevn\u011b.<\/p><p>Uzel tak spojuje dva v\u00fdznamy. Je n\u00e1dobou, kter\u00e1 uchov\u00e1v\u00e1 <span class=\"iwg-fachbegriff\" data-tooltip=\"Zasl\u00edben\u00ed blaha a ochrany, \u010dasto v pevn\u00e9 jazykov\u00e9 form\u011b.\" tabindex=\"0\">po\u017eehn\u00e1n\u00ed<\/span>, a znamen\u00edm v\u00e1z\u00e1n\u00ed, kter\u00e9 m\u00e1 odvracet \u0161kodliv\u00e9 vlivy. Oba v\u00fdznamy v ochrann\u00e9m uzlu p\u016fsob\u00ed spole\u010dn\u011b.<\/p>\t\t\t\t\t\t\t\t<\/div>\n\t\t\t\t<\/div>\n\t\t\t\t\t<\/div>\n\t\t\t\t<\/div>\n\t\t<div class=\"elementor-element elementor-element-iwgs-schutzknoten-s3 e-flex e-con-boxed e-con e-parent\" data-id=\"iwgs-schutzknoten-s3\" data-element_type=\"container\" data-e-type=\"container\">\n\t\t\t\t\t<div class=\"e-con-inner\">\n\t\t\t\t<div class=\"elementor-element elementor-element-iwgs-schutzknoten-s3h elementor-widget elementor-widget-heading\" data-id=\"iwgs-schutzknoten-s3h\" data-element_type=\"widget\" data-e-type=\"widget\" data-widget_type=\"heading.default\">\n\t\t\t\t\t<h2 class=\"elementor-heading-title elementor-size-default\">Uzel v tibetsk\u00e9m buddhismu<\/h2>\t\t\t\t<\/div>\n\t\t<div class=\"elementor-element elementor-element-iwgs-schutzknoten-s3box e-con-full e-flex e-con e-parent\" data-id=\"iwgs-schutzknoten-s3box\" data-element_type=\"container\" data-e-type=\"container\">\n\t\t\t\t<div class=\"elementor-element elementor-element-iwgs-schutzknoten-s3t elementor-widget elementor-widget-text-editor\" data-id=\"iwgs-schutzknoten-s3t\" data-element_type=\"widget\" data-e-type=\"widget\" data-widget_type=\"text-editor.default\">\n\t\t\t\t\t\t\t\t\t<p>Motiv uzlu je v tibetsk\u00e9m buddhismu v\u00fdznamn\u00fd na n\u011bkolika m\u00edstech. Ochrann\u00fd uzel tak nestoj\u00ed osamocen\u011b, ale v \u0161ir\u0161\u00edch souvislostech.<\/p><p>Nejzn\u00e1m\u011bj\u0161\u00edm uzlov\u00fdm symbolem buddhismu je nekone\u010dn\u00fd uzel. Je jedn\u00edm z osmi p\u0159\u00edzniv\u00fdch symbol\u016f a p\u0159edstavuje propojen\u00ed v\u0161ech v\u011bc\u00ed a nekone\u010dnou mudrost.<\/p><p>Na str\u00e1nce o <a href=\"https:\/\/iwell-guard.com\/cs\/?page_id=145671\">nekone\u010dn\u00e9m uzlu<\/a> je tento symbol podrobn\u011b pops\u00e1n. Nekone\u010dn\u00fd uzel je malovan\u00fd nebo vytvo\u0159en\u00fd <span class=\"iwg-fachbegriff\" data-tooltip=\"V\u00fdsti\u017en\u00fd obraz, kter\u00fd p\u0159edstavuje abstraktn\u00ed my\u0161lenku.\" tabindex=\"0\">symbol<\/span>.<\/p><p>Ochrann\u00fd uzel je t\u0159eba od n\u011bj odli\u0161ovat. Nen\u00ed <span class=\"iwg-fachbegriff\" data-tooltip=\"V\u00fdsti\u017en\u00fd obraz, kter\u00fd p\u0159edstavuje abstraktn\u00ed my\u0161lenku.\" tabindex=\"0\">symbolem<\/span>, n\u00fdbr\u017e skute\u010dn\u00fdm, uv\u00e1zan\u00fdm a posv\u011bcen\u00fdm p\u0159edm\u011btem, kter\u00fd se nos\u00ed.<\/p><p>Oba v\u0161ak pat\u0159\u00ed do stejn\u00e9ho sv\u011bta uzlov\u00fdch motiv\u016f. Nekone\u010dn\u00fd uzel jako <span class=\"iwg-fachbegriff\" data-tooltip=\"V\u00fdsti\u017en\u00fd obraz, kter\u00fd p\u0159edstavuje abstraktn\u00ed my\u0161lenku.\" tabindex=\"0\">symbol<\/span> a ochrann\u00fd uzel jako no\u0161en\u00fd p\u0159edm\u011bt ukazuj\u00ed, jak v\u00fdznamn\u00fd je uzel v tibetsk\u00e9m buddhismu.<\/p><p>Ochrann\u00fd uzel je tak no\u0161enou, posv\u011bcenou podobou uzlov\u00e9ho motivu. Zat\u00edmco nekone\u010dn\u00fd uzel je u\u010debn\u00edm symbolem, ochrann\u00fd uzel je osobn\u00edm ochrann\u00fdm p\u0159edm\u011btem.<\/p>\t\t\t\t\t\t\t\t<\/div>\n\t\t\t\t<\/div>\n\t\t\t\t\t<\/div>\n\t\t\t\t<\/div>\n\t\t<div class=\"elementor-element elementor-element-iwgs-schutzknoten-s4 e-flex e-con-boxed e-con e-parent\" data-id=\"iwgs-schutzknoten-s4\" data-element_type=\"container\" data-e-type=\"container\">\n\t\t\t\t\t<div class=\"e-con-inner\">\n\t\t\t\t<div class=\"elementor-element elementor-element-iwgs-schutzknoten-s4h elementor-widget elementor-widget-heading\" data-id=\"iwgs-schutzknoten-s4h\" data-element_type=\"widget\" data-e-type=\"widget\" data-widget_type=\"heading.default\">\n\t\t\t\t\t<h2 class=\"elementor-heading-title elementor-size-default\">Ob\u0159ad posv\u011bcen\u00ed lamou<\/h2>\t\t\t\t<\/div>\n\t\t<div class=\"elementor-element elementor-element-iwgs-schutzknoten-s4box e-con-full e-flex e-con e-parent\" data-id=\"iwgs-schutzknoten-s4box\" data-element_type=\"container\" data-e-type=\"container\">\n\t\t\t\t<div class=\"elementor-element elementor-element-iwgs-schutzknoten-s4t elementor-widget elementor-widget-text-editor\" data-id=\"iwgs-schutzknoten-s4t\" data-element_type=\"widget\" data-e-type=\"widget\" data-widget_type=\"text-editor.default\">\n\t\t\t\t\t\t\t\t\t<p>Rozhoduj\u00edc\u00ed na ochrann\u00e9m uzlu je ob\u0159ad posv\u011bcen\u00ed. Bez <span class=\"iwg-fachbegriff\" data-tooltip=\"Vyj\u00e1d\u0159en\u00ed p\u0159\u00e1n\u00ed zdrav\u00ed a ochrany, \u010dasto v ust\u00e1len\u00e9 jazykov\u00e9 form\u011b.\" tabindex=\"0\">po\u017eehn\u00e1n\u00ed<\/span> lamy by uv\u00e1zan\u00e1 \u0161\u0148\u016fra nebyla ochrann\u00fdm p\u0159edm\u011btem, n\u00fdbr\u017e pouhou tkani\u010dkou.<\/p><p>Lama je vy\u0161kolen\u00fd duchovn\u00ed u\u010ditel. Pro\u0161el v\u00fdcvikem a je opr\u00e1vn\u011bn prov\u00e1d\u011bt ob\u0159ady posv\u011bcen\u00ed a ud\u00edlet v\u00fduku.<\/p><p>P\u0159i <span class=\"iwg-fachbegriff\" data-tooltip=\"Ritu\u00e1ln\u00ed akt, j\u00edm\u017e se ud\u011bluje po\u017eehn\u00e1n\u00ed.\" tabindex=\"0\">posv\u011bcen\u00ed<\/span> ochrann\u00e9ho uzlu pron\u00e1\u0161\u00ed lama nad \u0161\u0148\u016frou modlitby a mantry. Uzel \u010dasto va\u017ee s\u00e1m nebo jej dokon\u010duje b\u011bhem ob\u0159adu posv\u011bcen\u00ed.<\/p><p>T\u00edmto \u00fakonem se <span class=\"iwg-fachbegriff\" data-tooltip=\"Vyj\u00e1d\u0159en\u00ed p\u0159\u00e1n\u00ed zdrav\u00ed a ochrany, \u010dasto v ust\u00e1len\u00e9 jazykov\u00e9 form\u011b.\" tabindex=\"0\">po\u017eehn\u00e1n\u00ed<\/span> p\u0159en\u00e1\u0161\u00ed na \u0161\u0148\u016fru. Ochrann\u00fd uzel se pak pova\u017euje za nositele po\u017eehn\u00e1n\u00ed, kter\u00e9 lama vyslovil.<\/p><p>Ochrann\u00e9 uzly se \u010dasto p\u0159ed\u00e1vaj\u00ed p\u0159i zvl\u00e1\u0161tn\u00edch p\u0159\u00edle\u017eitostech, nap\u0159\u00edklad po v\u00fduce, p\u0159i <span class=\"iwg-fachbegriff\" data-tooltip=\"Ritu\u00e1ln\u00ed akt, j\u00edm\u017e se ud\u011bluje po\u017eehn\u00e1n\u00ed.\" tabindex=\"0\">posv\u011bcen\u00ed<\/span> mnoha lid\u00ed nebo jako dar n\u00e1v\u0161t\u011bvn\u00edk\u016fm.<\/p><p>Ob\u0159ad posv\u011bcen\u00ed tak d\u011bl\u00e1 z ochrann\u00e9ho uzlu to, co je. P\u0159em\u011b\u0148uje \u0161\u0148\u016fru v ochrann\u00fd p\u0159edm\u011bt a spojuje ji s lamou, kter\u00fd ji posv\u011btil.<\/p>\t\t\t\t\t\t\t\t<\/div>\n\t\t\t\t<\/div>\n\t\t\t\t\t<\/div>\n\t\t\t\t<\/div>\n\t\t<div class=\"elementor-element elementor-element-iwgs-schutzknoten-s5 e-flex e-con-boxed e-con e-parent\" data-id=\"iwgs-schutzknoten-s5\" data-element_type=\"container\" data-e-type=\"container\">\n\t\t\t\t\t<div class=\"e-con-inner\">\n\t\t\t\t<div class=\"elementor-element elementor-element-iwgs-schutzknoten-s5h elementor-widget elementor-widget-heading\" data-id=\"iwgs-schutzknoten-s5h\" data-element_type=\"widget\" data-e-type=\"widget\" data-widget_type=\"heading.default\">\n\t\t\t\t\t<h2 class=\"elementor-heading-title elementor-size-default\">No\u0161en\u00ed a pou\u017e\u00edv\u00e1n\u00ed ochrann\u00e9ho uzlu<\/h2>\t\t\t\t<\/div>\n\t\t<div class=\"elementor-element elementor-element-iwgs-schutzknoten-s5box e-con-full e-flex e-con e-parent\" data-id=\"iwgs-schutzknoten-s5box\" data-element_type=\"container\" data-e-type=\"container\">\n\t\t\t\t<div class=\"elementor-element elementor-element-iwgs-schutzknoten-s5t elementor-widget elementor-widget-text-editor\" data-id=\"iwgs-schutzknoten-s5t\" data-element_type=\"widget\" data-e-type=\"widget\" data-widget_type=\"text-editor.default\">\n\t\t\t\t\t\t\t\t\t<p>Ochrann\u00fd uzel se nos\u00ed, a pr\u00e1v\u011b v no\u0161en\u00ed se rozv\u00edj\u00ed jeho smysl. Nos\u00ed se bl\u00edzko t\u011bla a doprov\u00e1z\u00ed \u010dlov\u011bka v ka\u017edodenn\u00edm \u017eivot\u011b.<\/p><p>Roz\u0161\u00ed\u0159en\u00e9 je no\u0161en\u00ed kolem krku. Posv\u011bcen\u00e1 \u0161\u0148\u016fra se nos\u00ed jako n\u00e1hrdeln\u00edk, n\u011bkdy spole\u010dn\u011b s p\u0159\u00edv\u011bskem nebo malou amuletovou schr\u00e1nkou.<\/p><p>Stejn\u011b roz\u0161\u00ed\u0159en\u00e9 je no\u0161en\u00ed kolem z\u00e1p\u011bst\u00ed nebo kolem pa\u017ee. Jako uv\u00e1zan\u00fd p\u00e1sek na z\u00e1p\u011bst\u00ed je ochrann\u00fd uzel st\u00e1l\u00fdm a nen\u00e1padn\u00fdm pr\u016fvodcem.<\/p><p>Ochrann\u00fd uzel se \u010dasto nos\u00ed tak dlouho, dokud se s\u00e1m nerozv\u00e1\u017ee nebo neopot\u0159ebuje. Jeho rozv\u00e1z\u00e1n\u00ed se n\u011bkdy vykl\u00e1d\u00e1 tak, \u017ee splnil sv\u016fj \u00fakol.<\/p><p>S nosen\u00fdm ochrann\u00fdm uzlem se poj\u00ed \u00facta a pe\u010dliv\u00e9 zach\u00e1zen\u00ed. Jako posv\u011bcen\u00fd p\u0159edm\u011bt se s n\u00edm nezach\u00e1z\u00ed nedbale a jednodu\u0161e se nevyhazuje.<\/p><p>Pou\u017e\u00edv\u00e1n\u00ed ochrann\u00e9ho uzlu tak ukazuje, \u017ee je osobn\u00edm, nosen\u00fdm ochrann\u00fdm p\u0159edm\u011btem. Doprov\u00e1z\u00ed konkr\u00e9tn\u00edho \u010dlov\u011bka a je spojen s <span class=\"iwg-fachbegriff\" data-tooltip=\"Vyj\u00e1d\u0159en\u00ed p\u0159\u00e1n\u00ed zdrav\u00ed a ochrany, \u010dasto v ust\u00e1len\u00e9 jazykov\u00e9 form\u011b.\" tabindex=\"0\">po\u017eehn\u00e1n\u00edm<\/span>, kter\u00e9 pro n\u011bj obdr\u017eel.<\/p>\t\t\t\t\t\t\t\t<\/div>\n\t\t\t\t<\/div>\n\t\t\t\t\t<\/div>\n\t\t\t\t<\/div>\n\t\t<div class=\"elementor-element elementor-element-iwgs-schutzknoten-s6 e-flex e-con-boxed e-con e-parent\" data-id=\"iwgs-schutzknoten-s6\" data-element_type=\"container\" data-e-type=\"container\">\n\t\t\t\t\t<div class=\"e-con-inner\">\n\t\t\t\t<div class=\"elementor-element elementor-element-iwgs-schutzknoten-s6h elementor-widget elementor-widget-heading\" data-id=\"iwgs-schutzknoten-s6h\" data-element_type=\"widget\" data-e-type=\"widget\" data-widget_type=\"heading.default\">\n\t\t\t\t\t<h2 class=\"elementor-heading-title elementor-size-default\">Princip p\u016fsoben\u00ed posv\u011bcen\u00e9 ochrany<\/h2>\t\t\t\t<\/div>\n\t\t<div class=\"elementor-element elementor-element-iwgs-schutzknoten-s6box e-con-full e-flex e-con e-parent\" data-id=\"iwgs-schutzknoten-s6box\" data-element_type=\"container\" data-e-type=\"container\">\n\t\t\t\t<div class=\"elementor-element elementor-element-iwgs-schutzknoten-s6t elementor-widget elementor-widget-text-editor\" data-id=\"iwgs-schutzknoten-s6t\" data-element_type=\"widget\" data-e-type=\"widget\" data-widget_type=\"text-editor.default\">\n\t\t\t\t\t\t\t\t\t<p>Ochrann\u00fd uzel se \u0159\u00edd\u00ed vlastn\u00edm principem p\u016fsoben\u00ed. Neodpuzuje pomoc\u00ed d\u011bsiv\u00e9ho obrazu a nenese \u017e\u00e1dnou psanou formuli. P\u016fsob\u00ed prost\u0159ednictv\u00edm <span class=\"iwg-fachbegriff\" data-tooltip=\"Vyj\u00e1d\u0159en\u00ed p\u0159\u00e1n\u00ed zdrav\u00ed a ochrany, \u010dasto v ust\u00e1len\u00e9 jazykov\u00e9 form\u011b.\" tabindex=\"0\">po\u017eehn\u00e1n\u00ed<\/span>.<\/p><p>Podle buddhistick\u00e9ho ch\u00e1p\u00e1n\u00ed se uzel ob\u0159adem posv\u011bcen\u00ed spojuje s duchovn\u00ed silou. <span class=\"iwg-fachbegriff\" data-tooltip=\"Vyj\u00e1d\u0159en\u00ed p\u0159\u00e1n\u00ed zdrav\u00ed a ochrany, \u010dasto v ust\u00e1len\u00e9 jazykov\u00e9 form\u011b.\" tabindex=\"0\">Po\u017eehn\u00e1n\u00ed<\/span> lamy, op\u00edraj\u00edc\u00ed se o <span class=\"iwg-fachbegriff\" data-tooltip=\"Slovn\u00ed obr\u00e1cen\u00ed \u010dlov\u011bka k bo\u017estvu.\" tabindex=\"0\">modlitbu<\/span> a <span class=\"iwg-fachbegriff\" data-tooltip=\"Svat\u00e1 slabika nebo formule, kter\u00e1 se v hinduismu a buddhismu opakovan\u011b pron\u00e1\u0161\u00ed.\" tabindex=\"0\">mantru<\/span>, je jakoby vetk\u00e1no do uzlu.<\/p><p>Ochrana tedy netkv\u00ed v materi\u00e1lu \u0161\u0148\u016fry ani v samotn\u00e9m tvaru uzlu. Tkv\u00ed v <span class=\"iwg-fachbegriff\" data-tooltip=\"Vyj\u00e1d\u0159en\u00ed p\u0159\u00e1n\u00ed zdrav\u00ed a ochrany, \u010dasto v ust\u00e1len\u00e9 jazykov\u00e9 form\u011b.\" tabindex=\"0\">po\u017eehn\u00e1n\u00ed<\/span>, kter\u00e9 bylo nad \u0161\u0148\u016frou vysloveno.<\/p><p>Toto rozli\u0161en\u00ed je d\u016fle\u017eit\u00e9. Ochrann\u00fd uzel nen\u00ed mocn\u00fd s\u00e1m od sebe. Jeho v\u00fdznam z\u00e1vis\u00ed na duchovn\u00edm \u00fakonu, kter\u00fd jej u\u010dinil ochrann\u00fdm p\u0159edm\u011btem.<\/p><p>Ochrann\u00fd uzel tak z\u00e1vis\u00ed tak\u00e9 na d\u016fv\u011b\u0159e a praxi toho, kdo jej nos\u00ed. Je znamen\u00edm spojen\u00ed s lamou a s naukou, k n\u00ed\u017e se nositel p\u0159ikl\u00e1n\u00ed.<\/p><p>Ochrann\u00fd uzel je tak dobr\u00fdm p\u0159\u00edkladem ochrany prost\u0159ednictv\u00edm <span class=\"iwg-fachbegriff\" data-tooltip=\"Vyj\u00e1d\u0159en\u00ed p\u0159\u00e1n\u00ed zdrav\u00ed a ochrany, \u010dasto v ust\u00e1len\u00e9 jazykov\u00e9 form\u011b.\" tabindex=\"0\">po\u017eehn\u00e1n\u00ed<\/span>. Nikoli materi\u00e1l a nikoli obraz, n\u00fdbr\u017e duchovn\u00ed \u00fakon d\u00e1v\u00e1 jednoduch\u00e9 \u0161\u0148\u016f\u0159e jej\u00ed v\u00fdznam.<\/p>\t\t\t\t\t\t\t\t<\/div>\n\t\t\t\t<\/div>\n\t\t\t\t\t<\/div>\n\t\t\t\t<\/div>\n\t\t<div class=\"elementor-element elementor-element-iwgs-schutzknoten-s7 e-flex e-con-boxed e-con e-parent\" data-id=\"iwgs-schutzknoten-s7\" data-element_type=\"container\" data-e-type=\"container\">\n\t\t\t\t\t<div class=\"e-con-inner\">\n\t\t\t\t<div class=\"elementor-element elementor-element-iwgs-schutzknoten-s7h elementor-widget elementor-widget-heading\" data-id=\"iwgs-schutzknoten-s7h\" data-element_type=\"widget\" data-e-type=\"widget\" data-widget_type=\"heading.default\">\n\t\t\t\t\t<h2 class=\"elementor-heading-title elementor-size-default\">Posv\u011bcen\u00e9 \u0161\u0148\u016fry nap\u0159\u00ed\u010d kulturami<\/h2>\t\t\t\t<\/div>\n\t\t<div class=\"elementor-element elementor-element-iwgs-schutzknoten-s7box e-con-full e-flex e-con e-parent\" data-id=\"iwgs-schutzknoten-s7box\" data-element_type=\"container\" data-e-type=\"container\">\n\t\t\t\t<div class=\"elementor-element elementor-element-iwgs-schutzknoten-s7t elementor-widget elementor-widget-text-editor\" data-id=\"iwgs-schutzknoten-s7t\" data-element_type=\"widget\" data-e-type=\"widget\" data-widget_type=\"text-editor.default\">\n\t\t\t\t\t\t\t\t\t<p>Ochrann\u00fd uzel lze ch\u00e1pat v \u0161ir\u0161\u00edch souvislostech posv\u011bcen\u00fdch \u0161\u0148\u016fr a p\u00e1sk\u016f. Takov\u00e9 ochrann\u00e9 p\u00e1sky jsou zn\u00e1m\u00e9 v mnoha kultur\u00e1ch.<\/p><p>V indick\u00e9m prost\u0159ed\u00ed jsou roz\u0161\u00ed\u0159en\u00e9 posv\u011bcen\u00e9 nit\u011b a p\u00e1sky, kter\u00e9 se p\u0159i n\u00e1bo\u017eensk\u00fdch \u00fakonech v\u00e1\u017e\u00ed kolem z\u00e1p\u011bst\u00ed a maj\u00ed p\u0159in\u00e1\u0161et ochranu a <span class=\"iwg-fachbegriff\" data-tooltip=\"Ud\u011blen\u00ed blaha a ochrany, \u010dasto v pevn\u00e9 jazykov\u00e9 form\u011b.\" tabindex=\"0\">po\u017eehn\u00e1n\u00ed<\/span>.<\/p><p>Tak\u00e9 v jin\u00fdch n\u00e1bo\u017eenstv\u00edch a lidov\u00fdch tradic\u00edch jsou uzlovan\u00e9 nebo posv\u011bcen\u00e9 \u0161\u0148\u016fry zn\u00e1m\u00e9 jako ochrann\u00e9 prost\u0159edky. V\u00e1\u017e\u00ed se kolem pa\u017ee, kolem krku nebo kolem kol\u00e9bky d\u00edt\u011bte.<\/p><p>V\u0161em t\u011bmto ochrann\u00fdm p\u00e1sk\u016fm je spole\u010dn\u00e1 podobn\u00e1 my\u0161lenka. Jednoduch\u00fd p\u00e1sek se n\u00e1bo\u017eensk\u00fdm \u00fakonem, <span class=\"iwg-fachbegriff\" data-tooltip=\"Ud\u011blen\u00ed blaha a ochrany, \u010dasto v pevn\u00e9 jazykov\u00e9 form\u011b.\" tabindex=\"0\">po\u017eehn\u00e1n\u00edm<\/span> nebo uzlov\u00e1n\u00edm st\u00e1v\u00e1 ochrann\u00fdm p\u0159edm\u011btem.<\/p><p>Tibetsk\u00fd ochrann\u00fd uzel je buddhistickou podobou t\u00e9to \u0161iroce roz\u0161\u00ed\u0159en\u00e9 my\u0161lenky. Jeho zvl\u00e1\u0161tnost\u00ed je po\u017eehn\u00e1n\u00ed proveden\u00e9 lamou, kter\u00e9 jej pevn\u011b zasazuje do tibetsk\u00e9ho buddhismu.<\/p><p>Ochrann\u00fd uzel tak ukazuje, \u017ee my\u0161lenka posv\u011bcen\u00e9 \u0161\u0148\u016fry byla ch\u00e1p\u00e1na nap\u0159\u00ed\u010d kulturami. Posv\u011bcen\u00fd nebo uzlovan\u00fd p\u00e1sek je celosv\u011btov\u011b roz\u0161\u00ed\u0159en\u00fdm ochrann\u00fdm prost\u0159edkem.<\/p>\t\t\t\t\t\t\t\t<\/div>\n\t\t\t\t<\/div>\n\t\t\t\t\t<\/div>\n\t\t\t\t<\/div>\n\t\t<div class=\"elementor-element elementor-element-iwgs-schutzknoten-s8 e-flex e-con-boxed e-con e-parent\" data-id=\"iwgs-schutzknoten-s8\" data-element_type=\"container\" data-e-type=\"container\">\n\t\t\t\t\t<div class=\"e-con-inner\">\n\t\t\t\t<div class=\"elementor-element elementor-element-iwgs-schutzknoten-s8h elementor-widget elementor-widget-heading\" data-id=\"iwgs-schutzknoten-s8h\" data-element_type=\"widget\" data-e-type=\"widget\" data-widget_type=\"heading.default\">\n\t\t\t\t\t<h2 class=\"elementor-heading-title elementor-size-default\">Sou\u010dasn\u00e1 recepce<\/h2>\t\t\t\t<\/div>\n\t\t<div class=\"elementor-element elementor-element-iwgs-schutzknoten-s8box e-con-full e-flex e-con e-parent\" data-id=\"iwgs-schutzknoten-s8box\" data-element_type=\"container\" data-e-type=\"container\">\n\t\t\t\t<div class=\"elementor-element elementor-element-iwgs-schutzknoten-s8t elementor-widget elementor-widget-text-editor\" data-id=\"iwgs-schutzknoten-s8t\" data-element_type=\"widget\" data-e-type=\"widget\" data-widget_type=\"text-editor.default\">\n\t\t\t\t\t\t\t\t\t<p>Ochrann\u00fd uzel je v tibetsk\u00e9m buddhismu i dnes \u017eiv\u00fdm a velmi roz\u0161\u00ed\u0159en\u00fdm ochrann\u00fdm p\u0159edm\u011btem. St\u00e1le stejn\u00fdm zp\u016fsobem se posv\u011bcuje a nos\u00ed.<\/p><p>P\u0159i v\u00fduk\u00e1ch, p\u0159i po\u017eehn\u00e1n\u00edch a p\u0159i d\u016fle\u017eit\u00fdch p\u0159\u00edle\u017eitostech se ochrann\u00e9 uzly rozd\u00e1vaj\u00ed v\u011b\u0159\u00edc\u00edm. V zem\u00edch tibetsk\u00e9ho buddhismu jsou b\u011b\u017en\u00fdm obrazem.<\/p><p>Nad r\u00e1mec buddhistick\u00e9ho sv\u011bta se ochrann\u00fd uzel d\u00edky z\u00e1jmu o tibetsk\u00fd buddhismus stal zn\u00e1m\u00fdm i na Z\u00e1pad\u011b. Kdo se z\u00fa\u010dastn\u00ed v\u00fduky, mnohdy obdr\u017e\u00ed posv\u011bcenou \u0161\u0148\u016fru.<\/p><p>V tomto \u0161ir\u0161\u00edm roz\u0161\u00ed\u0159en\u00ed lze ochrann\u00fd uzel nosit jako upom\u00ednkov\u00fd p\u0159edm\u011bt a jako \u0161perk. P\u0159esn\u00fd v\u00fdznam po\u017eehn\u00e1n\u00ed pak \u010dasto ustupuje do pozad\u00ed.<\/p><p>Ve sv\u00e9m j\u00e1dru v\u0161ak ochrann\u00fd uzel z\u016fst\u00e1v\u00e1 t\u00edm, \u010d\u00edm v\u017edy byl, uzlovanou \u0161\u0148\u016frou, kter\u00e1 se <span class=\"iwg-fachbegriff\" data-tooltip=\"Ud\u011blen\u00ed blaha a ochrany, \u010dasto v pevn\u00e9 jazykov\u00e9 form\u011b.\" tabindex=\"0\">po\u017eehn\u00e1n\u00edm<\/span> lamy st\u00e1v\u00e1 nositelem po\u017eehn\u00e1n\u00ed a prost\u0159edkem ochrany.<\/p><p>Ochrann\u00fd uzel je tak v\u00fdmluvn\u00fdm p\u0159\u00edkladem ochrann\u00e9ho p\u0159edm\u011btu, kter\u00fd je v\u00e1z\u00e1n na <span class=\"iwg-fachbegriff\" data-tooltip=\"Ud\u011blen\u00ed blaha a ochrany, \u010dasto v pevn\u00e9 jazykov\u00e9 form\u011b.\" tabindex=\"0\">po\u017eehn\u00e1n\u00ed<\/span>. V n\u011bm se spojuje star\u00fd <span class=\"iwg-fachbegriff\" data-tooltip=\"Opakuj\u00edc\u00ed se obsahov\u00fd prvek v um\u011bn\u00ed nebo vypr\u00e1v\u011bn\u00ed.\" tabindex=\"0\">motiv<\/span> v\u00e1zaj\u00edc\u00edho uzlu a duchovn\u00ed \u00fakon po\u017eehn\u00e1n\u00ed.<\/p>\t\t\t\t\t\t\t\t<\/div>\n\t\t\t\t<\/div>\n\t\t\t\t\t<\/div>\n\t\t\t\t<\/div>\n\t\t<div class=\"elementor-element elementor-element-iwgs-schutzknoten-lit e-flex e-con-boxed e-con e-parent\" data-id=\"iwgs-schutzknoten-lit\" data-element_type=\"container\" data-e-type=\"container\">\n\t\t\t\t\t<div class=\"e-con-inner\">\n\t\t\t\t<div class=\"elementor-element elementor-element-iwgs-schutzknoten-lith elementor-widget elementor-widget-heading\" data-id=\"iwgs-schutzknoten-lith\" data-element_type=\"widget\" data-e-type=\"widget\" data-widget_type=\"heading.default\">\n\t\t\t\t\t<h2 class=\"elementor-heading-title elementor-size-default\">Literatura (v\u00fdb\u011br)<\/h2>\t\t\t\t<\/div>\n\t\t<div class=\"elementor-element elementor-element-iwgs-schutzknoten-litbox e-con-full e-flex e-con e-parent\" data-id=\"iwgs-schutzknoten-litbox\" data-element_type=\"container\" data-e-type=\"container\">\n\t\t\t\t<div class=\"elementor-element elementor-element-iwgs-schutzknoten-litt elementor-widget elementor-widget-html\" data-id=\"iwgs-schutzknoten-litt\" data-element_type=\"widget\" data-e-type=\"widget\" data-widget_type=\"html.default\">\n\t\t\t\t\t<footer data-nosnippet=\"true\"><ul><li>Robert Beer: <em>Die Symbole des tibetischen Buddhismus<\/em> (2003)<\/li><li>Giuseppe Tucci: <em>Die Religionen Tibets<\/em> (1970)<\/li><li>Detlef Ingo Lauf: <em>Geheimlehren tibetischer Malereien<\/em> (1979)<\/li><li>Loden Sherap Dagyab: <em>Buddhist Symbols in Tibetan Culture<\/em> (1995)<\/li><li>Ren\u00e9 de Nebesky-Wojkowitz: <em>Oracles and Demons of Tibet<\/em> (1956)<\/li><\/ul><\/footer>\t\t\t\t<\/div>\n\t\t\t\t<\/div>\n\t\t\t\t\t<\/div>\n\t\t\t\t<\/div>\n\t\t<div class=\"elementor-element elementor-element-iwgs-schutzknoten-kwd e-flex e-con-boxed e-con e-parent\" data-id=\"iwgs-schutzknoten-kwd\" data-element_type=\"container\" data-e-type=\"container\">\n\t\t\t\t\t<div class=\"e-con-inner\">\n\t\t\t\t<div class=\"elementor-element elementor-element-iwgs-schutzknoten-kwdt elementor-widget elementor-widget-text-editor\" data-id=\"iwgs-schutzknoten-kwdt\" data-element_type=\"widget\" data-e-type=\"widget\" data-widget_type=\"text-editor.default\">\n\t\t\t\t\t\t\t\t\t<p><em>Souvisej\u00edc\u00ed kl\u00ed\u010dov\u00e9 pojmy: Ochrann\u00fd uzel Srung-mdud posv\u011bcen\u00e1 \u0161\u0148\u016fra Lama Tibet tibetsk\u00fd buddhismus <span class=\"iwg-fachbegriff\" data-tooltip=\"Ud\u011blen\u00ed blaha a ochrany, \u010dasto v pevn\u00e9 jazykov\u00e9 form\u011b.\" tabindex=\"0\">po\u017eehn\u00e1n\u00ed<\/span> uzel.<\/em><\/p>\t\t\t\t\t\t\t\t<\/div>\n\t\t\t\t\t<\/div>\n\t\t\t\t<\/div>\n\t\t<div class=\"elementor-element elementor-element-iwgs-schutzknoten-cc e-flex e-con-boxed e-con e-parent\" data-id=\"iwgs-schutzknoten-cc\" data-element_type=\"container\" data-e-type=\"container\" id=\"iwg-cc-schutzknoten\">\n\t\t\t\t\t<div class=\"e-con-inner\">\n\t\t<div class=\"elementor-element elementor-element-iwgs-schutzknoten-ccinner e-flex e-con-boxed e-con e-parent\" data-id=\"iwgs-schutzknoten-ccinner\" data-element_type=\"container\" data-e-type=\"container\" data-settings=\"{&quot;background_background&quot;:&quot;classic&quot;}\">\n\t\t\t\t\t<div class=\"e-con-inner\">\n\t\t\t\t<div class=\"elementor-element elementor-element-iwgs-schutzknoten-cch elementor-widget elementor-widget-heading\" data-id=\"iwgs-schutzknoten-cch\" data-element_type=\"widget\" data-e-type=\"widget\" data-widget_type=\"heading.default\">\n\t\t\t\t\t<h2 class=\"elementor-heading-title elementor-size-default\">iWell Guard a ochrann\u00e9 tradice<\/h2>\t\t\t\t<\/div>\n\t\t\t\t<div class=\"elementor-element elementor-element-iwgs-schutzknoten-cct elementor-widget elementor-widget-text-editor\" data-id=\"iwgs-schutzknoten-cct\" data-element_type=\"widget\" data-e-type=\"widget\" data-widget_type=\"text-editor.default\">\n\t\t\t\t\t\t\t\t\t<p>iWell Guard navazuje na kulturn\u011b-historickou tradici p\u0159enosn\u00fdch ochrann\u00fdch p\u0159edm\u011bt\u016f, k n\u00ed\u017e pat\u0159\u00ed i ochrann\u00fd uzel. Modern\u00ed spole\u010dn\u00edk pro lidi, kte\u0159\u00ed \u017eij\u00ed s ochrann\u00fdmi symboly: vyroben v N\u011bmecku, 41 vrstev z ryz\u00edho zlata, platiny a st\u0159\u00edbra, s 30denn\u00ed lh\u016ftou na vr\u00e1cen\u00ed.<\/p>\t\t\t\t\t\t\t\t<\/div>\n\t\t\t\t<div class=\"elementor-element elementor-element-iwgs-schutzknoten-ccb iwg-cc-button iwg-cc-cta-2026-05-13 elementor-widget elementor-widget-jet-button\" data-id=\"iwgs-schutzknoten-ccb\" data-element_type=\"widget\" data-e-type=\"widget\" data-widget_type=\"jet-button.default\">\n\t\t\t\t<div class=\"elementor-widget-container\">\n\t\t\t\t\t<div class=\"elementor-jet-button jet-elements\"><div class=\"jet-button__container\"><a class=\"jet-button__instance jet-button__instance--icon-left hover-effect-1\" href=\"\/schutzanhaenger-iwell-guard-kaufen\/?utm_source=iwell-guard.com&amp;utm_medium=info-box&amp;utm_campaign=schutzsymbole\"><div class=\"jet-button__plane jet-button__plane-normal\"><\/div><div class=\"jet-button__plane jet-button__plane-hover\"><\/div><div class=\"jet-button__state jet-button__state-normal\"><span class=\"jet-button__label\">V\u00edce o iWell Guard<\/span><\/div><div class=\"jet-button__state jet-button__state-hover\"><span class=\"jet-button__label\">V\u00edce o iWell Guard<\/span><\/div><\/a><\/div><\/div><style>.elementor-element.elementor-element-iwgs-schutzknoten-ccb .jet-button__instance{width:320px;height:56px;}.elementor-element.elementor-element-iwgs-schutzknoten-ccb .jet-button__state-normal .jet-button__label{text-align:center;margin:0px 0px 0px 0px;color:#1a1b20;font-family:Montserrat,sans-serif;font-size:13px;font-weight:400;letter-spacing:4px;line-height:1.714em;text-transform:uppercase;}.elementor-element.elementor-element-iwgs-schutzknoten-ccb .jet-button__state-hover .jet-button__label{text-align:center;margin:0px 0px 0px 0px;color:#FECC76;font-family:Montserrat,sans-serif;font-size:13px;font-weight:400;letter-spacing:4px;line-height:1.714em;text-transform:uppercase;}.elementor-element.elementor-element-iwgs-schutzknoten-ccb .jet-button__plane-normal{background-color:#FECC76;border-style:solid;border-color:#C99540;border-width:2px 2px 2px 2px;}.elementor-element.elementor-element-iwgs-schutzknoten-ccb .jet-button__plane-hover{background-color:rgba(0,0,0,0.55);border-style:solid;border-color:#FECC76;border-width:2px 2px 2px 2px;}<\/style>\t\t\t\t<\/div>\n\t\t\t\t<\/div>\n\t\t\t\t<div class=\"elementor-element elementor-element-iwgs-schutzknoten-ccd elementor-widget elementor-widget-text-editor\" data-id=\"iwgs-schutzknoten-ccd\" data-element_type=\"widget\" data-e-type=\"widget\" data-widget_type=\"text-editor.default\">\n\t\t\t\t\t\t\t\t\t<p style=\"text-align:center;font-size:13px;opacity:0.7;margin-top:14px\" data-nosnippet=\"true\">Osobn\u00ed zku\u0161enosti se mohou li\u0161it. Nejde o zdravotnick\u00fd prost\u0159edek. Nejde o p\u0159\u00edslib l\u00e9\u010den\u00ed.<\/p>\t\t\t\t\t\t\t\t<\/div>\n\t\t\t\t\t<\/div>\n\t\t\t\t<\/div>\n\t\t\t\t\t<\/div>\n\t\t\t\t<\/div>\n\t\t<div class=\"elementor-element elementor-element-iwgs-schutzknoten-disc e-flex e-con-boxed e-con e-parent\" data-id=\"iwgs-schutzknoten-disc\" data-element_type=\"container\" data-e-type=\"container\">\n\t\t\t\t\t<div class=\"e-con-inner\">\n\t\t\t\t<div class=\"elementor-element elementor-element-iwgs-schutzknoten-discw elementor-widget elementor-widget-html\" data-id=\"iwgs-schutzknoten-discw\" data-element_type=\"widget\" data-e-type=\"widget\" data-widget_type=\"html.default\">\n\t\t\t\t\t<footer data-nosnippet=\"true\" class=\"iwg-disclaimer-block\"><p data-nosnippet=\"true\">iWell Guard <strong>nen\u00ed zdravotnick\u00fd prost\u0159edek<\/strong> a nenahrazuje l\u00e9ka\u0159skou ani psychoterapeutickou l\u00e9\u010dbu. Zde uveden\u00fd obsah p\u0159edstavuje religionistick\u00e9 a kulturn\u011b-historick\u00e9 za\u0159azen\u00ed, nikoli p\u0159\u00edslib duchovn\u00edho \u00fa\u010dinku.<\/p><\/footer>\t\t\t\t<\/div>\n\t\t\t\t\t<\/div>\n\t\t\t\t<\/div>\n\t\t\t\t<\/div>\n\t\t","protected":false},"excerpt":{"rendered":"","protected":false},"author":3,"featured_media":3531,"parent":0,"menu_order":0,"comment_status":"closed","ping_status":"closed","template":"elementor_header_footer","meta":{"_yoast_wpseo_focuskw":"Ochrann\u00fd uzel","_yoast_wpseo_title":"Ochrann\u00fd uzel \u2013 posv\u011bcen\u00e1 \u0161\u0148\u016fra Tibetu","_yoast_wpseo_metadesc":"Tibetsk\u00fd ochrann\u00fd uzel je zauzlovan\u00e1 \u0161\u0148\u016fra, kterou posv\u011bt\u00ed l\u00e1ma. P\u016fvod a v\u00fdznam vysv\u011btlen\u00e9 srozumiteln\u011b.","_yoast_wpseo_meta-robots-noindex":"","_yoast_wpseo_canonical":"","_angie_page":false,"gefaehrdungsstufe":"","wesen_kultur":"","wesen_klasse":"","footnotes":""},"categories":[],"class_list":["post-145755","page","type-page","status-publish","has-post-thumbnail","hentry"],"yoast_head":"<!-- This site is optimized with the Yoast SEO Premium plugin v27.7 (Yoast SEO v28.3) - https:\/\/yoast.com\/product\/yoast-seo-premium-wordpress\/ -->\n<title>Ochrann\u00fd uzel \u2013 posv\u011bcen\u00e1 \u0161\u0148\u016fra Tibetu<\/title>\n<meta name=\"description\" content=\"Tibetsk\u00fd ochrann\u00fd uzel je zauzlovan\u00e1 \u0161\u0148\u016fra, kterou posv\u011bt\u00ed l\u00e1ma. P\u016fvod a v\u00fdznam vysv\u011btlen\u00e9 srozumiteln\u011b.\" \/>\n<meta name=\"robots\" content=\"index, follow, max-snippet:-1, max-image-preview:large, max-video-preview:-1\" \/>\n<link rel=\"canonical\" href=\"https:\/\/iwell-guard.com\/cs\/ochranny-uzel-posvecena-snura-tibetu\/\" \/>\n<meta property=\"og:locale\" content=\"cs_CZ\" \/>\n<meta property=\"og:type\" content=\"article\" \/>\n<meta property=\"og:title\" content=\"Ochrann\u00fd uzel \u2013 posv\u011bcen\u00e1 \u0161\u0148\u016fra Tibetu\" \/>\n<meta property=\"og:description\" content=\"Tibetsk\u00fd ochrann\u00fd uzel je zauzlovan\u00e1 \u0161\u0148\u016fra, kterou posv\u011bt\u00ed l\u00e1ma. P\u016fvod a v\u00fdznam vysv\u011btlen\u00e9 srozumiteln\u011b.\" \/>\n<meta property=\"og:url\" content=\"https:\/\/iwell-guard.com\/cs\/ochranny-uzel-posvecena-snura-tibetu\/\" \/>\n<meta property=\"og:site_name\" content=\"iWell Guard\" \/>\n<meta property=\"article:modified_time\" content=\"2026-09-03T17:04:53+00:00\" \/>\n<meta property=\"og:image\" content=\"https:\/\/iwell-guard.com\/wp-content\/uploads\/2026\/05\/schutzsymbol_tibet_schutzknoten.webp\" \/>\n\t<meta property=\"og:image:width\" content=\"1024\" \/>\n\t<meta property=\"og:image:height\" content=\"1536\" \/>\n\t<meta property=\"og:image:type\" content=\"image\/webp\" \/>\n<meta name=\"twitter:card\" content=\"summary_large_image\" \/>\n<script type=\"application\/ld+json\" class=\"yoast-schema-graph\">{\"@context\":\"https:\\\/\\\/schema.org\",\"@graph\":[{\"@type\":\"WebPage\",\"@id\":\"https:\\\/\\\/iwell-guard.com\\\/cs\\\/ochranny-uzel-posvecena-snura-tibetu\\\/\",\"url\":\"https:\\\/\\\/iwell-guard.com\\\/cs\\\/ochranny-uzel-posvecena-snura-tibetu\\\/\",\"name\":\"Ochrann\u00fd uzel \u2013 posv\u011bcen\u00e1 \u0161\u0148\u016fra Tibetu\",\"isPartOf\":{\"@id\":\"https:\\\/\\\/iwell-guard.com\\\/cs\\\/#website\"},\"primaryImageOfPage\":{\"@id\":\"https:\\\/\\\/iwell-guard.com\\\/cs\\\/ochranny-uzel-posvecena-snura-tibetu\\\/#primaryimage\"},\"image\":{\"@id\":\"https:\\\/\\\/iwell-guard.com\\\/cs\\\/ochranny-uzel-posvecena-snura-tibetu\\\/#primaryimage\"},\"thumbnailUrl\":\"https:\\\/\\\/iwell-guard.com\\\/wp-content\\\/uploads\\\/2026\\\/05\\\/schutzsymbol_tibet_schutzknoten.webp\",\"datePublished\":\"2026-09-03T16:33:25+00:00\",\"dateModified\":\"2026-09-03T17:04:53+00:00\",\"description\":\"Tibetsk\u00fd ochrann\u00fd uzel je zauzlovan\u00e1 \u0161\u0148\u016fra, kterou posv\u011bt\u00ed l\u00e1ma. P\u016fvod a v\u00fdznam vysv\u011btlen\u00e9 srozumiteln\u011b.\",\"breadcrumb\":{\"@id\":\"https:\\\/\\\/iwell-guard.com\\\/cs\\\/ochranny-uzel-posvecena-snura-tibetu\\\/#breadcrumb\"},\"inLanguage\":\"cs\",\"potentialAction\":[{\"@type\":\"ReadAction\",\"target\":[\"https:\\\/\\\/iwell-guard.com\\\/cs\\\/ochranny-uzel-posvecena-snura-tibetu\\\/\"]}]},{\"@type\":\"ImageObject\",\"inLanguage\":\"cs\",\"@id\":\"https:\\\/\\\/iwell-guard.com\\\/cs\\\/ochranny-uzel-posvecena-snura-tibetu\\\/#primaryimage\",\"url\":\"https:\\\/\\\/iwell-guard.com\\\/wp-content\\\/uploads\\\/2026\\\/05\\\/schutzsymbol_tibet_schutzknoten.webp\",\"contentUrl\":\"https:\\\/\\\/iwell-guard.com\\\/wp-content\\\/uploads\\\/2026\\\/05\\\/schutzsymbol_tibet_schutzknoten.webp\",\"width\":1024,\"height\":1536,\"caption\":\"Ochrann\u00fd symbol. Muzejn\u00ed ilustrace z\u00e1ti\u0161\u00ed.\"},{\"@type\":\"BreadcrumbList\",\"@id\":\"https:\\\/\\\/iwell-guard.com\\\/cs\\\/ochranny-uzel-posvecena-snura-tibetu\\\/#breadcrumb\",\"itemListElement\":[{\"@type\":\"ListItem\",\"position\":1,\"name\":\"Start\",\"item\":\"https:\\\/\\\/iwell-guard.com\\\/cs\\\/?page_id=145107\"},{\"@type\":\"ListItem\",\"position\":2,\"name\":\"Ochrann\u00fd uzel \u2013 posv\u011bcen\u00e1 \u0161\u0148\u016fra Tibetu\"}]},{\"@type\":\"WebSite\",\"@id\":\"https:\\\/\\\/iwell-guard.com\\\/cs\\\/#website\",\"url\":\"https:\\\/\\\/iwell-guard.com\\\/cs\\\/\",\"name\":\"iWell Guard\",\"description\":\"Schutz vor dunklen Einfl\u00fcssen\",\"publisher\":{\"@id\":\"https:\\\/\\\/iwell-guard.com\\\/cs\\\/#organization\"},\"potentialAction\":[{\"@type\":\"SearchAction\",\"target\":{\"@type\":\"EntryPoint\",\"urlTemplate\":\"https:\\\/\\\/iwell-guard.com\\\/cs\\\/?s={search_term_string}\"},\"query-input\":{\"@type\":\"PropertyValueSpecification\",\"valueRequired\":true,\"valueName\":\"search_term_string\"}}],\"inLanguage\":\"cs\"},{\"@type\":\"Organization\",\"@id\":\"https:\\\/\\\/iwell-guard.com\\\/cs\\\/#organization\",\"name\":\"Ittermann electronic GmbH\",\"url\":\"https:\\\/\\\/iwell-guard.com\\\/cs\\\/\",\"logo\":{\"@type\":\"ImageObject\",\"inLanguage\":\"cs\",\"@id\":\"https:\\\/\\\/iwell-guard.com\\\/cs\\\/#\\\/schema\\\/logo\\\/image\\\/\",\"url\":\"https:\\\/\\\/iwell-guard.com\\\/wp-content\\\/uploads\\\/2026\\\/05\\\/Ittermann-Logo-1182x237-1.png\",\"contentUrl\":\"https:\\\/\\\/iwell-guard.com\\\/wp-content\\\/uploads\\\/2026\\\/05\\\/Ittermann-Logo-1182x237-1.png\",\"width\":1182,\"height\":237,\"caption\":\"Ittermann electronic GmbH\"},\"image\":{\"@id\":\"https:\\\/\\\/iwell-guard.com\\\/cs\\\/#\\\/schema\\\/logo\\\/image\\\/\"},\"sameAs\":[\"https:\\\/\\\/pantip.com\\\/profile\\\/9367242\",\"https:\\\/\\\/micro.blog\\\/iwellguard\",\"https:\\\/\\\/www.diggerslist.com\\\/iwellguard\\\/about\",\"https:\\\/\\\/skitterphoto.com\\\/photographers\\\/2870314\\\/iwell-guard\",\"https:\\\/\\\/iwellguard.wordpress.com\\\/2026\\\/06\\\/06\\\/iwell-guard\\\/\",\"https:\\\/\\\/hub.docker.com\\\/u\\\/iwellguard\",\"https:\\\/\\\/www.pinterest.com\\\/iwellguard\\\/\",\"https:\\\/\\\/bit.ly\\\/m\\\/iwellguard\",\"https:\\\/\\\/entre-vos-mains.alsace.eu\\\/profiles\\\/iwellguard\\\/activity\",\"https:\\\/\\\/gravatar.com\\\/reallybeded8fd34\",\"https:\\\/\\\/naijamatta.com\\\/iwellguard\",\"https:\\\/\\\/www.goodreads.com\\\/iwellguard\",\"https:\\\/\\\/profile.hatena.ne.jp\\\/iwellguard\\\/\",\"https:\\\/\\\/experiment.com\\\/users\\\/iwellguard\",\"https:\\\/\\\/wakelet.com\\\/@iWellGuard82270\",\"https:\\\/\\\/www.chordie.com\\\/forum\\\/profile.php?id=2555664\",\"https:\\\/\\\/www.instapaper.com\\\/p\\\/17757966\",\"https:\\\/\\\/www.mapleprimes.com\\\/users\\\/iwellguard\",\"https:\\\/\\\/businesslistingplus.com\\\/profile\\\/iwell-guard\\\/\",\"https:\\\/\\\/telegra.ph\\\/iWell-Guard-06-06\",\"https:\\\/\\\/pbase.com\\\/iwellguard\\\/iwellguard\",\"https:\\\/\\\/b.hatena.ne.jp\\\/iwellguard\\\/20260607#bookmark-4788405196491818882\",\"https:\\\/\\\/fliphtml5.com\\\/home\\\/iwellguard\",\"https:\\\/\\\/anyflip.com\\\/homepage\\\/cmiwl#About\",\"https:\\\/\\\/transfur.com\\\/Users\\\/iwellguard\",\"http:\\\/\\\/delphi.larsbo.org\\\/user\\\/iwellguard\",\"https:\\\/\\\/jobs.lajobsportal.org\\\/profiles\\\/8380803-iwell-guard\",\"https:\\\/\\\/md.chaosdorf.de\\\/s\\\/jfbe5SBdJD\",\"https:\\\/\\\/www.lingvolive.com\\\/en-us\\\/profile\\\/9ecaeaca-ce11-4e51-9e71-01d55e2bff36\\\/translations\",\"https:\\\/\\\/www.fitday.com\\\/fitness\\\/forums\\\/members\\\/iwellguard.html\",\"https:\\\/\\\/www.mymeetbook.com\\\/iwellguard\",\"https:\\\/\\\/pxhere.com\\\/en\\\/photographer-me\\\/5040798\",\"https:\\\/\\\/disqus.com\\\/by\\\/iwellguard\\\/about\\\/\",\"https:\\\/\\\/pastelink.net\\\/hjwciqwq\",\"https:\\\/\\\/pubhtml5.com\\\/homepage\\\/scjhn\\\/\",\"https:\\\/\\\/www.bitchute.com\\\/channel\\\/2O2eOKzNqujT\",\"https:\\\/\\\/audiomack.com\\\/iwellguard\"]}]}<\/script>\n<!-- \/ Yoast SEO Premium plugin. -->","yoast_head_json":{"title":"Ochrann\u00fd uzel \u2013 posv\u011bcen\u00e1 \u0161\u0148\u016fra Tibetu","description":"Tibetsk\u00fd ochrann\u00fd uzel je zauzlovan\u00e1 \u0161\u0148\u016fra, kterou posv\u011bt\u00ed l\u00e1ma. P\u016fvod a v\u00fdznam vysv\u011btlen\u00e9 srozumiteln\u011b.","robots":{"index":"index","follow":"follow","max-snippet":"max-snippet:-1","max-image-preview":"max-image-preview:large","max-video-preview":"max-video-preview:-1"},"canonical":"https:\/\/iwell-guard.com\/cs\/ochranny-uzel-posvecena-snura-tibetu\/","og_locale":"cs_CZ","og_type":"article","og_title":"Ochrann\u00fd uzel \u2013 posv\u011bcen\u00e1 \u0161\u0148\u016fra Tibetu","og_description":"Tibetsk\u00fd ochrann\u00fd uzel je zauzlovan\u00e1 \u0161\u0148\u016fra, kterou posv\u011bt\u00ed l\u00e1ma. P\u016fvod a v\u00fdznam vysv\u011btlen\u00e9 srozumiteln\u011b.","og_url":"https:\/\/iwell-guard.com\/cs\/ochranny-uzel-posvecena-snura-tibetu\/","og_site_name":"iWell Guard","article_modified_time":"2026-09-03T17:04:53+00:00","og_image":[{"width":1024,"height":1536,"url":"https:\/\/iwell-guard.com\/wp-content\/uploads\/2026\/05\/schutzsymbol_tibet_schutzknoten.webp","type":"image\/webp"}],"twitter_card":"summary_large_image","schema":{"@context":"https:\/\/schema.org","@graph":[{"@type":"WebPage","@id":"https:\/\/iwell-guard.com\/cs\/ochranny-uzel-posvecena-snura-tibetu\/","url":"https:\/\/iwell-guard.com\/cs\/ochranny-uzel-posvecena-snura-tibetu\/","name":"Ochrann\u00fd uzel \u2013 posv\u011bcen\u00e1 \u0161\u0148\u016fra Tibetu","isPartOf":{"@id":"https:\/\/iwell-guard.com\/cs\/#website"},"primaryImageOfPage":{"@id":"https:\/\/iwell-guard.com\/cs\/ochranny-uzel-posvecena-snura-tibetu\/#primaryimage"},"image":{"@id":"https:\/\/iwell-guard.com\/cs\/ochranny-uzel-posvecena-snura-tibetu\/#primaryimage"},"thumbnailUrl":"https:\/\/iwell-guard.com\/wp-content\/uploads\/2026\/05\/schutzsymbol_tibet_schutzknoten.webp","datePublished":"2026-09-03T16:33:25+00:00","dateModified":"2026-09-03T17:04:53+00:00","description":"Tibetsk\u00fd ochrann\u00fd uzel je zauzlovan\u00e1 \u0161\u0148\u016fra, kterou posv\u011bt\u00ed l\u00e1ma. P\u016fvod a v\u00fdznam vysv\u011btlen\u00e9 srozumiteln\u011b.","breadcrumb":{"@id":"https:\/\/iwell-guard.com\/cs\/ochranny-uzel-posvecena-snura-tibetu\/#breadcrumb"},"inLanguage":"cs","potentialAction":[{"@type":"ReadAction","target":["https:\/\/iwell-guard.com\/cs\/ochranny-uzel-posvecena-snura-tibetu\/"]}]},{"@type":"ImageObject","inLanguage":"cs","@id":"https:\/\/iwell-guard.com\/cs\/ochranny-uzel-posvecena-snura-tibetu\/#primaryimage","url":"https:\/\/iwell-guard.com\/wp-content\/uploads\/2026\/05\/schutzsymbol_tibet_schutzknoten.webp","contentUrl":"https:\/\/iwell-guard.com\/wp-content\/uploads\/2026\/05\/schutzsymbol_tibet_schutzknoten.webp","width":1024,"height":1536,"caption":"Ochrann\u00fd symbol. Muzejn\u00ed ilustrace z\u00e1ti\u0161\u00ed."},{"@type":"BreadcrumbList","@id":"https:\/\/iwell-guard.com\/cs\/ochranny-uzel-posvecena-snura-tibetu\/#breadcrumb","itemListElement":[{"@type":"ListItem","position":1,"name":"Start","item":"https:\/\/iwell-guard.com\/cs\/?page_id=145107"},{"@type":"ListItem","position":2,"name":"Ochrann\u00fd uzel \u2013 posv\u011bcen\u00e1 \u0161\u0148\u016fra Tibetu"}]},{"@type":"WebSite","@id":"https:\/\/iwell-guard.com\/cs\/#website","url":"https:\/\/iwell-guard.com\/cs\/","name":"iWell Guard","description":"Schutz vor dunklen Einfl\u00fcssen","publisher":{"@id":"https:\/\/iwell-guard.com\/cs\/#organization"},"potentialAction":[{"@type":"SearchAction","target":{"@type":"EntryPoint","urlTemplate":"https:\/\/iwell-guard.com\/cs\/?s={search_term_string}"},"query-input":{"@type":"PropertyValueSpecification","valueRequired":true,"valueName":"search_term_string"}}],"inLanguage":"cs"},{"@type":"Organization","@id":"https:\/\/iwell-guard.com\/cs\/#organization","name":"Ittermann electronic GmbH","url":"https:\/\/iwell-guard.com\/cs\/","logo":{"@type":"ImageObject","inLanguage":"cs","@id":"https:\/\/iwell-guard.com\/cs\/#\/schema\/logo\/image\/","url":"https:\/\/iwell-guard.com\/wp-content\/uploads\/2026\/05\/Ittermann-Logo-1182x237-1.png","contentUrl":"https:\/\/iwell-guard.com\/wp-content\/uploads\/2026\/05\/Ittermann-Logo-1182x237-1.png","width":1182,"height":237,"caption":"Ittermann electronic GmbH"},"image":{"@id":"https:\/\/iwell-guard.com\/cs\/#\/schema\/logo\/image\/"},"sameAs":["https:\/\/pantip.com\/profile\/9367242","https:\/\/micro.blog\/iwellguard","https:\/\/www.diggerslist.com\/iwellguard\/about","https:\/\/skitterphoto.com\/photographers\/2870314\/iwell-guard","https:\/\/iwellguard.wordpress.com\/2026\/06\/06\/iwell-guard\/","https:\/\/hub.docker.com\/u\/iwellguard","https:\/\/www.pinterest.com\/iwellguard\/","https:\/\/bit.ly\/m\/iwellguard","https:\/\/entre-vos-mains.alsace.eu\/profiles\/iwellguard\/activity","https:\/\/gravatar.com\/reallybeded8fd34","https:\/\/naijamatta.com\/iwellguard","https:\/\/www.goodreads.com\/iwellguard","https:\/\/profile.hatena.ne.jp\/iwellguard\/","https:\/\/experiment.com\/users\/iwellguard","https:\/\/wakelet.com\/@iWellGuard82270","https:\/\/www.chordie.com\/forum\/profile.php?id=2555664","https:\/\/www.instapaper.com\/p\/17757966","https:\/\/www.mapleprimes.com\/users\/iwellguard","https:\/\/businesslistingplus.com\/profile\/iwell-guard\/","https:\/\/telegra.ph\/iWell-Guard-06-06","https:\/\/pbase.com\/iwellguard\/iwellguard","https:\/\/b.hatena.ne.jp\/iwellguard\/20260607#bookmark-4788405196491818882","https:\/\/fliphtml5.com\/home\/iwellguard","https:\/\/anyflip.com\/homepage\/cmiwl#About","https:\/\/transfur.com\/Users\/iwellguard","http:\/\/delphi.larsbo.org\/user\/iwellguard","https:\/\/jobs.lajobsportal.org\/profiles\/8380803-iwell-guard","https:\/\/md.chaosdorf.de\/s\/jfbe5SBdJD","https:\/\/www.lingvolive.com\/en-us\/profile\/9ecaeaca-ce11-4e51-9e71-01d55e2bff36\/translations","https:\/\/www.fitday.com\/fitness\/forums\/members\/iwellguard.html","https:\/\/www.mymeetbook.com\/iwellguard","https:\/\/pxhere.com\/en\/photographer-me\/5040798","https:\/\/disqus.com\/by\/iwellguard\/about\/","https:\/\/pastelink.net\/hjwciqwq","https:\/\/pubhtml5.com\/homepage\/scjhn\/","https:\/\/www.bitchute.com\/channel\/2O2eOKzNqujT","https:\/\/audiomack.com\/iwellguard"]}]}},"_links":{"self":[{"href":"https:\/\/iwell-guard.com\/cs\/wp-json\/wp\/v2\/pages\/145755","targetHints":{"allow":["GET"]}}],"collection":[{"href":"https:\/\/iwell-guard.com\/cs\/wp-json\/wp\/v2\/pages"}],"about":[{"href":"https:\/\/iwell-guard.com\/cs\/wp-json\/wp\/v2\/types\/page"}],"author":[{"embeddable":true,"href":"https:\/\/iwell-guard.com\/cs\/wp-json\/wp\/v2\/users\/3"}],"replies":[{"embeddable":true,"href":"https:\/\/iwell-guard.com\/cs\/wp-json\/wp\/v2\/comments?post=145755"}],"version-history":[{"count":0,"href":"https:\/\/iwell-guard.com\/cs\/wp-json\/wp\/v2\/pages\/145755\/revisions"}],"wp:featuredmedia":[{"embeddable":true,"href":"https:\/\/iwell-guard.com\/cs\/wp-json\/wp\/v2\/media\/3531"}],"wp:attachment":[{"href":"https:\/\/iwell-guard.com\/cs\/wp-json\/wp\/v2\/media?parent=145755"}],"wp:term":[{"taxonomy":"category","embeddable":true,"href":"https:\/\/iwell-guard.com\/cs\/wp-json\/wp\/v2\/categories?post=145755"}],"curies":[{"name":"wp","href":"https:\/\/api.w.org\/{rel}","templated":true}]}}