{"id":145754,"date":"2026-09-03T16:33:24","date_gmt":"2026-09-03T16:33:24","guid":{"rendered":"https:\/\/iwell-guard.com\/?page_id=145754"},"modified":"2026-09-03T17:04:50","modified_gmt":"2026-09-03T17:04:50","slug":"dzi-perly-achatove-perly-tibetu","status":"publish","type":"page","link":"https:\/\/iwell-guard.com\/cs\/dzi-perly-achatove-perly-tibetu\/","title":{"rendered":"Dzi perly \u2013 ach\u00e1tov\u00e9 perly Tibetu"},"content":{"rendered":"\t\t<div data-elementor-type=\"wp-page\" data-elementor-id=\"145754\" class=\"elementor elementor-145754 elementor-3719 elementor-bc-flex-widget\" data-elementor-post-type=\"page\">\n\t\t\t\t<div class=\"elementor-element elementor-element-iwgs-dziperlen-hero e-flex e-con-boxed e-con e-parent\" data-id=\"iwgs-dziperlen-hero\" data-element_type=\"container\" data-e-type=\"container\">\n\t\t\t\t\t<div class=\"e-con-inner\">\n\t\t<div class=\"elementor-element elementor-element-iwgs-dziperlen-hl e-flex e-con-boxed e-con e-parent\" data-id=\"iwgs-dziperlen-hl\" data-element_type=\"container\" data-e-type=\"container\">\n\t\t\t\t\t<div class=\"e-con-inner\">\n\t\t<div class=\"elementor-element elementor-element-iwgs-dziperlen-hlbox e-con-full e-flex e-con e-parent\" data-id=\"iwgs-dziperlen-hlbox\" data-element_type=\"container\" data-e-type=\"container\">\n\t\t\t\t<div class=\"elementor-element elementor-element-iwgs-dziperlen-h1 elementor-widget elementor-widget-heading\" data-id=\"iwgs-dziperlen-h1\" data-element_type=\"widget\" data-e-type=\"widget\" data-widget_type=\"heading.default\">\n\t\t\t\t\t<h1 class=\"elementor-heading-title elementor-size-default\">Dzi perly \u2013 ach\u00e1tov\u00e9 perly Tibetu se vzorem oka<\/h1>\t\t\t\t<\/div>\n\t\t\t\t<div class=\"elementor-element elementor-element-iwgs-dziperlen-lead elementor-widget elementor-widget-text-editor\" data-id=\"iwgs-dziperlen-lead\" data-element_type=\"widget\" data-e-type=\"widget\" data-widget_type=\"text-editor.default\">\n\t\t\t\t\t\t\t\t\t<p>Dzi perly jsou prot\u00e1hl\u00e9 ach\u00e1tov\u00e9 perly z tibetsk\u00e9 kulturn\u00ed oblasti, kter\u00e9 se vyzna\u010duj\u00ed sv\u011btl\u00fdmi vzory p\u0159ipom\u00ednaj\u00edc\u00edmi o\u010di na tmav\u00e9m podkladu. Jsou pova\u017eov\u00e1ny za cen\u011bn\u00e9 ochrann\u00e9 a \u0161\u0165astn\u00e9 perly. Jejich p\u016fvod je zn\u00e1m jen \u010d\u00e1ste\u010dn\u011b a v <span class=\"iwg-fachbegriff\" data-tooltip=\"P\u0159ed\u00e1v\u00e1n\u00ed v\u011bdomost\u00ed a vypr\u00e1v\u011bn\u00ed mezi generacemi.\" tabindex=\"0\">tradici<\/span> je obklopen legendami.<\/p>\n<p class=\"iwg-kwfix\">Ach\u00e1tov\u00e9 perly se vzorem oka, zvan\u00e9 dzi, jsou v Tibetu pova\u017eov\u00e1ny za zvl\u00e1\u0161t\u011b silnou ochranu.<\/p>\t\t\t\t\t\t\t\t<\/div>\n\t\t\t\t<\/div>\n\t\t\t\t<div class=\"elementor-element elementor-element-iwgs-dziperlen-pills elementor-widget elementor-widget-html\" data-id=\"iwgs-dziperlen-pills\" data-element_type=\"widget\" data-e-type=\"widget\" data-widget_type=\"html.default\">\n\t\t\t\t\t<div class=\"iwg-pill-row\"><span class=\"iwg-klasse-badge\" tabindex=\"0\" data-tooltip=\"Ochrann\u00fd symbol, amulet nebo apotropajick\u00fd p\u0159edm\u011bt.\">Ochrann\u00fd symbol<\/span><a href=\"https:\/\/iwell-guard.com\/cs\/tibet\/\" class=\"iwg-kultur-badge\" tabindex=\"0\" data-tooltip=\"Schutztradition: Tibet\">Tibet<\/a><span class=\"iwg-tradition-badge\" tabindex=\"0\" data-tooltip=\"Perla, kter\u00e9 se p\u0159isuzuje ochrann\u00fd \u00fa\u010dinek.\">Amuletov\u00e1 perla<\/span><\/div>\t\t\t\t<\/div>\n\t\t\t\t\t<\/div>\n\t\t\t\t<\/div>\n\t\t<div class=\"elementor-element elementor-element-iwgs-dziperlen-hr e-con-full e-flex e-con e-parent\" data-id=\"iwgs-dziperlen-hr\" data-element_type=\"container\" data-e-type=\"container\">\n\t\t\t\t<div class=\"elementor-element elementor-element-iwgs-dziperlen-himg iwg-hero-image elementor-widget elementor-widget-image\" data-id=\"iwgs-dziperlen-himg\" data-element_type=\"widget\" data-e-type=\"widget\" data-widget_type=\"image.default\">\n\t\t\t\t\t\t\t\t\t\t\t\t\t\t\t<img fetchpriority=\"high\" decoding=\"async\" width=\"683\" height=\"1024\" src=\"https:\/\/iwell-guard.com\/wp-content\/uploads\/2026\/05\/schutzsymbol_tibet_dzi-perlen-683x1024.webp\" class=\"attachment-large size-large wp-image-147053\" alt=\"Dzi perly - ochrann\u00fd symbol, muzejn\u00ed ilustrace\" srcset=\"https:\/\/iwell-guard.com\/wp-content\/uploads\/2026\/05\/schutzsymbol_tibet_dzi-perlen-683x1024.webp 683w, https:\/\/iwell-guard.com\/wp-content\/uploads\/2026\/05\/schutzsymbol_tibet_dzi-perlen-200x300.webp 200w, https:\/\/iwell-guard.com\/wp-content\/uploads\/2026\/05\/schutzsymbol_tibet_dzi-perlen-768x1152.webp 768w, https:\/\/iwell-guard.com\/wp-content\/uploads\/2026\/05\/schutzsymbol_tibet_dzi-perlen.webp 1024w\" sizes=\"(max-width: 683px) 100vw, 683px\" \/>\t\t\t\t\t\t\t\t\t\t\t\t\t\t\t<\/div>\n\t\t\t\t<\/div>\n\t\t\t\t\t<\/div>\n\t\t\t\t<\/div>\n\t\t<div class=\"elementor-element elementor-element-iwgs-dziperlen-s0 e-flex e-con-boxed e-con e-parent\" data-id=\"iwgs-dziperlen-s0\" data-element_type=\"container\" data-e-type=\"container\">\n\t\t\t\t\t<div class=\"e-con-inner\">\n\t\t\t\t<div class=\"elementor-element elementor-element-iwgs-dziperlen-s0h elementor-widget elementor-widget-heading\" data-id=\"iwgs-dziperlen-s0h\" data-element_type=\"widget\" data-e-type=\"widget\" data-widget_type=\"heading.default\">\n\t\t\t\t\t<h2 class=\"elementor-heading-title elementor-size-default\">Za\u0159azen\u00ed<\/h2>\t\t\t\t<\/div>\n\t\t<div class=\"elementor-element elementor-element-iwgs-dziperlen-s0box e-con-full e-flex e-con e-parent\" data-id=\"iwgs-dziperlen-s0box\" data-element_type=\"container\" data-e-type=\"container\">\n\t\t\t\t<div class=\"elementor-element elementor-element-iwgs-dziperlen-s0t elementor-widget elementor-widget-text-editor\" data-id=\"iwgs-dziperlen-s0t\" data-element_type=\"widget\" data-e-type=\"widget\" data-widget_type=\"text-editor.default\">\n\t\t\t\t\t\t\t\t\t<p>Dzi perly jsou prot\u00e1hl\u00e9 perly z kulturn\u00ed oblasti <a href=\"https:\/\/iwell-guard.com\/cs\/tibet\/\">Tibetu<\/a> a p\u0159ilehl\u00fdch \u00fazem\u00ed. Jsou vyrobeny z ach\u00e1tu, kamene pat\u0159\u00edc\u00edho do skupiny k\u0159emen\u016f.<\/p><p>Charakteristick\u00fdm rysem dzi perel je jejich vzor. Na v\u011bt\u0161inou tmav\u00e9m podkladu se objevuj\u00ed sv\u011btl\u00e9 kresby, \u010dasto v podob\u011b kruh\u016f nebo prstenc\u016f, kter\u00e9 p\u0159ipom\u00ednaj\u00ed o\u010di.<\/p><p>Tyto kresby podobn\u00e9 o\u010d\u00edm se ozna\u010duj\u00ed jako o\u010di perly. Dzi perla se mimo jin\u00e9 rozli\u0161uje a pojmenov\u00e1v\u00e1 podle po\u010dtu sv\u00fdch o\u010d\u00ed.<\/p><p>V tibetsk\u00e9 kulturn\u00ed oblasti jsou dzi perly pova\u017eov\u00e1ny za cen\u011bn\u00e9 ochrann\u00e9 a \u0161\u0165astn\u00e9 perly. Nos\u00ed se, d\u011bd\u00ed a vysoce se cen\u00ed.<\/p><p>P\u016fvod dzi perel je objasn\u011bn jen \u010d\u00e1ste\u010dn\u011b. V <span class=\"iwg-fachbegriff\" data-tooltip=\"P\u0159ed\u00e1v\u00e1n\u00ed v\u011bdomost\u00ed a vypr\u00e1v\u011bn\u00ed mezi generacemi.\" tabindex=\"0\">tradici<\/span> jsou obest\u0159eny legendami, a pr\u00e1v\u011b zde je nutn\u00e9 pe\u010dliv\u011b odd\u011blovat poznatky od v\u00fdkladu.<\/p><p>V <span class=\"iwg-fachbegriff\" data-tooltip=\"V\u011bda, kter\u00e1 vz\u00e1jemn\u011b a bez vyzn\u00e1n\u00ed zkoum\u00e1 n\u00e1bo\u017eenstv\u00ed.\" tabindex=\"0\">religionistice<\/span> jsou dzi perly dobr\u00fdm p\u0159\u00edkladem ochrann\u00e9ho p\u0159edm\u011btu, jeho\u017e obliba je vysok\u00e1, ale jeho\u017e p\u0159esn\u00fd p\u016fvod je nejist\u00fd, a proto mus\u00ed b\u00fdt \u010destn\u011b za\u0159azen.<\/p>\t\t\t\t\t\t\t\t<\/div>\n\t\t\t\t<\/div>\n\t\t\t\t\t<\/div>\n\t\t\t\t<\/div>\n\t\t<div class=\"elementor-element elementor-element-iwgs-dziperlen-s1 e-flex e-con-boxed e-con e-parent\" data-id=\"iwgs-dziperlen-s1\" data-element_type=\"container\" data-e-type=\"container\">\n\t\t\t\t\t<div class=\"e-con-inner\">\n\t\t\t\t<div class=\"elementor-element elementor-element-iwgs-dziperlen-s1h elementor-widget elementor-widget-heading\" data-id=\"iwgs-dziperlen-s1h\" data-element_type=\"widget\" data-e-type=\"widget\" data-widget_type=\"heading.default\">\n\t\t\t\t\t<h2 class=\"elementor-heading-title elementor-size-default\">Co je zn\u00e1mo o p\u016fvodu<\/h2>\t\t\t\t<\/div>\n\t\t<div class=\"elementor-element elementor-element-iwgs-dziperlen-s1box e-con-full e-flex e-con e-parent\" data-id=\"iwgs-dziperlen-s1box\" data-element_type=\"container\" data-e-type=\"container\">\n\t\t\t\t<div class=\"elementor-element elementor-element-iwgs-dziperlen-s1t elementor-widget elementor-widget-text-editor\" data-id=\"iwgs-dziperlen-s1t\" data-element_type=\"widget\" data-e-type=\"widget\" data-widget_type=\"text-editor.default\">\n\t\t\t\t\t\t\t\t\t<p>O p\u016fvodu dzi perel je jist\u011b zn\u00e1mo m\u00e9n\u011b, ne\u017e by jejich v\u00fdznam v tibetsk\u00e9 kulturn\u00ed oblasti napov\u00eddal. Zde je nutn\u00e1 opatrnost a up\u0159\u00edmnost.<\/p><p>Jist\u00e9 je, \u017ee se jedn\u00e1 o star\u00e9 ach\u00e1tov\u00e9 perly, kter\u00e9 byly opat\u0159eny vzorem pomoc\u00ed ur\u010dit\u00e9ho postupu. Podobn\u011b vzorovan\u00e9 ach\u00e1tov\u00e9 perly jsou zn\u00e1my z n\u011bkolika star\u00fdch kultur.<\/p><p>Postupy, jak ach\u00e1t opat\u0159it sv\u011btl\u00fdmi vzory, jsou dolo\u017eeny ze star\u00e9ho sv\u011bta. Pomoc\u00ed ur\u010dit\u00fdch l\u00e1tek a tepla lze na kameni vytvo\u0159it sv\u011btl\u00e9 kresby.<\/p><p>Jak star\u00e9 jsou jednotliv\u00e9 tibetsk\u00e9 dzi perly a kde byly vyrobeny, je v\u0161ak v mnoha p\u0159\u00edpadech nejist\u00e9. Spolehliv\u00e9 d\u016fkazy \u010dasto chyb\u00ed.<\/p><p>V\u00fdzkum p\u0159edpokl\u00e1d\u00e1, \u017ee alespo\u0148 \u010d\u00e1st perel je velmi star\u00e1 a do tibetsk\u00e9 oblasti se dostala obchodn\u00edmi cestami. P\u0159esn\u011bj\u0161\u00ed tvrzen\u00ed jsou v jednotliv\u00fdch p\u0159\u00edpadech obt\u00ed\u017en\u00e1.<\/p><p>P\u016fvod dzi perel je tak p\u0159\u00edkladem p\u0159edm\u011btu, u kter\u00e9ho jsou ov\u011b\u0159en\u00e1 fakta omezen\u00e1. V\u011bcn\u00fd popis to mus\u00ed otev\u0159en\u011b p\u0159iznat, m\u00edsto aby p\u0159edst\u00edral jistotu.<\/p>\t\t\t\t\t\t\t\t<\/div>\n\t\t\t\t<\/div>\n\t\t\t\t\t<\/div>\n\t\t\t\t<\/div>\n\t\t<div class=\"elementor-element elementor-element-iwgs-dziperlen-s2 e-flex e-con-boxed e-con e-parent\" data-id=\"iwgs-dziperlen-s2\" data-element_type=\"container\" data-e-type=\"container\">\n\t\t\t\t\t<div class=\"e-con-inner\">\n\t\t\t\t<div class=\"elementor-element elementor-element-iwgs-dziperlen-s2h elementor-widget elementor-widget-heading\" data-id=\"iwgs-dziperlen-s2h\" data-element_type=\"widget\" data-e-type=\"widget\" data-widget_type=\"heading.default\">\n\t\t\t\t\t<h2 class=\"elementor-heading-title elementor-size-default\">Legendy o dzi perl\u00e1ch<\/h2>\t\t\t\t<\/div>\n\t\t<div class=\"elementor-element elementor-element-iwgs-dziperlen-s2box e-con-full e-flex e-con e-parent\" data-id=\"iwgs-dziperlen-s2box\" data-element_type=\"container\" data-e-type=\"container\">\n\t\t\t\t<div class=\"elementor-element elementor-element-iwgs-dziperlen-s2t elementor-widget elementor-widget-text-editor\" data-id=\"iwgs-dziperlen-s2t\" data-element_type=\"widget\" data-e-type=\"widget\" data-widget_type=\"text-editor.default\">\n\t\t\t\t\t\t\t\t\t<p>Kde chyb\u00ed ov\u011b\u0159en\u00e9 poznatky, nastupuj\u00ed na jejich m\u00edsto \u010dasto legendy. U dzi perel je tomu tak v mimo\u0159\u00e1dn\u00e9 m\u00ed\u0159e.<\/p><p>Roz\u0161\u00ed\u0159en\u00e9 tibetsk\u00e9 vypr\u00e1v\u011bn\u00ed nech\u00e1pe dzi perly jako v\u00fdtvor lidsk\u00fdch rukou. V tomto vypr\u00e1v\u011bn\u00ed jsou pova\u017eov\u00e1ny za p\u0159edm\u011bty stvo\u0159en\u00e9 vy\u0161\u0161\u00edmi bytostmi nebo jimi zanechan\u00e9.<\/p><p>Jin\u00e1 vypr\u00e1v\u011bn\u00ed tvrd\u00ed, \u017ee perly byly sv\u00fdm zp\u016fsobem \u017eiv\u00fdmi bytostmi, kter\u00e9 ztuhly v k\u00e1men, jakmile je uvid\u011bl \u010dlov\u011bk. Dal\u0161\u00ed je spojuj\u00ed s nebem nebo s hmyzem.<\/p><p>Tato vypr\u00e1v\u011bn\u00ed je t\u0159eba ch\u00e1pat jako legendy. Nevypov\u00eddaj\u00ed o skute\u010dn\u00e9m p\u016fvodu perel, ale vyjad\u0159uj\u00ed vysokou \u00factu, kterou t\u011bmto perl\u00e1m lid\u00e9 prokazovali.<\/p><p><span class=\"iwg-fachbegriff\" data-tooltip=\"Pou\u010dn\u00e9 vypr\u00e1v\u011bn\u00ed, nej\u010dast\u011bji o \u017eivot\u011b svat\u00fdch.\" tabindex=\"0\">Legendu<\/span> je d\u016fle\u017eit\u00e9 odd\u011blovat od poznatk\u016f. Vypr\u00e1v\u011bn\u00ed vypov\u00edd\u00e1 mnoho o v\u00fdznamu perel, ale nejsou zdrojem informac\u00ed o jejich skute\u010dn\u00e9m vzniku.<\/p><p>Legendy o dzi perl\u00e1ch tak ukazuj\u00ed b\u011b\u017en\u00fd proces. Cen\u011bn\u00fd p\u0159edm\u011bt s nejasn\u00fdm p\u016fvodem b\u00fdv\u00e1 obest\u0159en vypr\u00e1v\u011bn\u00edmi, kter\u00e1 vysv\u011btluj\u00ed jeho v\u00fdjime\u010dn\u00e9 postaven\u00ed.<\/p>\t\t\t\t\t\t\t\t<\/div>\n\t\t\t\t<\/div>\n\t\t\t\t\t<\/div>\n\t\t\t\t<\/div>\n\t\t<div class=\"elementor-element elementor-element-iwgs-dziperlen-s3 e-flex e-con-boxed e-con e-parent\" data-id=\"iwgs-dziperlen-s3\" data-element_type=\"container\" data-e-type=\"container\">\n\t\t\t\t\t<div class=\"e-con-inner\">\n\t\t\t\t<div class=\"elementor-element elementor-element-iwgs-dziperlen-s3h elementor-widget elementor-widget-heading\" data-id=\"iwgs-dziperlen-s3h\" data-element_type=\"widget\" data-e-type=\"widget\" data-widget_type=\"heading.default\">\n\t\t\t\t\t<h2 class=\"elementor-heading-title elementor-size-default\">Tvar a vzor perel<\/h2>\t\t\t\t<\/div>\n\t\t<div class=\"elementor-element elementor-element-iwgs-dziperlen-s3box e-con-full e-flex e-con e-parent\" data-id=\"iwgs-dziperlen-s3box\" data-element_type=\"container\" data-e-type=\"container\">\n\t\t\t\t<div class=\"elementor-element elementor-element-iwgs-dziperlen-s3t elementor-widget elementor-widget-text-editor\" data-id=\"iwgs-dziperlen-s3t\" data-element_type=\"widget\" data-e-type=\"widget\" data-widget_type=\"text-editor.default\">\n\t\t\t\t\t\t\t\t\t<p>Dzi perly maj\u00ed charakteristick\u00fd tvar. Jsou v\u011bt\u0161inou prot\u00e1hl\u00e9, n\u011bkdy v\u00e1lcovit\u00e9 nebo m\u00edrn\u011b vypoukl\u00e9, a v pod\u00e9ln\u00e9m sm\u011bru provrtan\u00e9.<\/p><p>Podklad perly je \u010dasto tmav\u00fd, \u010dern\u00fd nebo tmav\u011b hn\u011bd\u00fd. Na tomto tmav\u00e9m podkladu se v\u00fdrazn\u011b odli\u0161uj\u00ed sv\u011btl\u00e9, \u010dasto b\u011blav\u00e9 vzory.<\/p><p>Vzory se skl\u00e1daj\u00ed z \u010dar, pruh\u016f, koso\u010dtverc\u016f a p\u0159edev\u0161\u00edm z prstenc\u016f. Sv\u011btl\u00fd prstenec na tmav\u00e9m podkladu p\u0159ipom\u00edn\u00e1 oko a ozna\u010duje se jako oko perly.<\/p><p>Podle po\u010dtu t\u011bchto o\u010d\u00ed se perly rozli\u0161uj\u00ed. Existuj\u00ed perly s jedn\u00edm okem, se dv\u011bma, t\u0159emi nebo v\u00edce o\u010dima. Ke ka\u017ed\u00e9mu po\u010dtu o\u010d\u00ed se v\u00e1\u017ee vlastn\u00ed v\u00fdznam.<\/p><p>Krom\u011b o\u010dn\u00edch perel existuj\u00ed dzi s jin\u00fdmi vzory, nap\u0159\u00edklad s pruhy nebo se zvl\u00e1\u0161tn\u00edmi kresbami. I ty nesou sv\u00e1 vlastn\u00ed jm\u00e9na a v\u00fdznamy.<\/p><p>Tvar a vzor tak ur\u010duj\u00ed postaven\u00ed jednotliv\u00e9 dzi perly. O jej\u00ed hodnot\u011b rozhoduje po\u010det o\u010d\u00ed, jasnost kresby a stav perly.<\/p>\t\t\t\t\t\t\t\t<\/div>\n\t\t\t\t<\/div>\n\t\t\t\t\t<\/div>\n\t\t\t\t<\/div>\n\t\t<div class=\"elementor-element elementor-element-iwgs-dziperlen-s4 e-flex e-con-boxed e-con e-parent\" data-id=\"iwgs-dziperlen-s4\" data-element_type=\"container\" data-e-type=\"container\">\n\t\t\t\t\t<div class=\"e-con-inner\">\n\t\t\t\t<div class=\"elementor-element elementor-element-iwgs-dziperlen-s4h elementor-widget elementor-widget-heading\" data-id=\"iwgs-dziperlen-s4h\" data-element_type=\"widget\" data-e-type=\"widget\" data-widget_type=\"heading.default\">\n\t\t\t\t\t<h2 class=\"elementor-heading-title elementor-size-default\">Oko jako ochrann\u00fd motiv<\/h2>\t\t\t\t<\/div>\n\t\t<div class=\"elementor-element elementor-element-iwgs-dziperlen-s4box e-con-full e-flex e-con e-parent\" data-id=\"iwgs-dziperlen-s4box\" data-element_type=\"container\" data-e-type=\"container\">\n\t\t\t\t<div class=\"elementor-element elementor-element-iwgs-dziperlen-s4t elementor-widget elementor-widget-text-editor\" data-id=\"iwgs-dziperlen-s4t\" data-element_type=\"widget\" data-e-type=\"widget\" data-widget_type=\"text-editor.default\">\n\t\t\t\t\t\t\t\t\t<p>Nejn\u00e1padn\u011bj\u0161\u00edm znakem kor\u00e1lk\u016f Dzi je vzor podobn\u00fd oku. Tento o\u010dn\u00ed motiv je pro jejich v\u00fdznam jako ochrann\u00fdch kor\u00e1lk\u016f z\u00e1sadn\u00ed.<\/p><p>Oko je \u0161iroce roz\u0161\u00ed\u0159en\u00fdm ochrann\u00fdm motivem. V mnoha kultur\u00e1ch plat\u00ed zobrazen\u00e9 oko jako prost\u0159edek proti u\u0159knut\u00ed a proti \u0161kodliv\u00fdm vliv\u016fm.<\/p><p>Tak\u00e9 u kor\u00e1lk\u016f Dzi je o\u010dn\u00ed vzor ch\u00e1p\u00e1n v tomto smyslu. O\u010di kor\u00e1lku jsou pova\u017eov\u00e1ny za bd\u011bl\u00e9 a odvracej\u00edc\u00ed to, co by mohlo nositeli u\u0161kodit.<\/p><p>P\u0159itom se vykl\u00e1d\u00e1 i po\u010det o\u010d\u00ed. R\u016fzn\u00e9 po\u010dty o\u010d\u00ed jsou spojov\u00e1ny s r\u016fzn\u00fdmi \u00fa\u010dinky, nap\u0159\u00edklad s ochranou, se \u0161t\u011bst\u00edm, se zdrav\u00edm nebo s blahobytem.<\/p><p>O\u010dn\u00ed motiv tak za\u0159azuje kor\u00e1lky Dzi do \u0161ir\u0161\u00ed rodiny o\u010dn\u00edch amulet\u016f, k n\u00ed\u017e pat\u0159\u00ed nap\u0159\u00edklad modr\u00e9 sklen\u011bn\u00e9 oko ze St\u0159edomo\u0159\u00ed. V\u0161em je spole\u010dn\u00e1 my\u0161lenka ochrann\u00e9ho oka.<\/p><p>Kor\u00e1lky Dzi jsou tak tibetskou podobou o\u010dn\u00edho amuletu. Zvl\u00e1\u0161tn\u00ed na nich je, \u017ee oko nen\u00ed namalov\u00e1no ani zasazeno, ale je veps\u00e1no p\u0159\u00edmo do samotn\u00e9ho kamene.<\/p>\t\t\t\t\t\t\t\t<\/div>\n\t\t\t\t<\/div>\n\t\t\t\t\t<\/div>\n\t\t\t\t<\/div>\n\t\t<div class=\"elementor-element elementor-element-iwgs-dziperlen-s5 e-flex e-con-boxed e-con e-parent\" data-id=\"iwgs-dziperlen-s5\" data-element_type=\"container\" data-e-type=\"container\">\n\t\t\t\t\t<div class=\"e-con-inner\">\n\t\t\t\t<div class=\"elementor-element elementor-element-iwgs-dziperlen-s5h elementor-widget elementor-widget-heading\" data-id=\"iwgs-dziperlen-s5h\" data-element_type=\"widget\" data-e-type=\"widget\" data-widget_type=\"heading.default\">\n\t\t\t\t\t<h2 class=\"elementor-heading-title elementor-size-default\">Kor\u00e1lky Dzi v \u017eivot\u011b lid\u00ed<\/h2>\t\t\t\t<\/div>\n\t\t<div class=\"elementor-element elementor-element-iwgs-dziperlen-s5box e-con-full e-flex e-con e-parent\" data-id=\"iwgs-dziperlen-s5box\" data-element_type=\"container\" data-e-type=\"container\">\n\t\t\t\t<div class=\"elementor-element elementor-element-iwgs-dziperlen-s5t elementor-widget elementor-widget-text-editor\" data-id=\"iwgs-dziperlen-s5t\" data-element_type=\"widget\" data-e-type=\"widget\" data-widget_type=\"text-editor.default\">\n\t\t\t\t\t\t\t\t\t<p>V tibetsk\u00e9m kulturn\u00edm prostoru jsou kor\u00e1lky Dzi hluboce zapojeny do \u017eivota lid\u00ed. Jsou mnohem v\u00edc ne\u017e pouh\u00fd \u0161perk.<\/p><p>Kor\u00e1lky Dzi se nos\u00ed na t\u011ble, \u010dasto jsou zasazeny do n\u00e1hrdeln\u00edk\u016f a spojeny s dal\u0161\u00edmi kor\u00e1lky. Zdob\u00ed krk a maj\u00ed nositele z\u00e1rove\u0148 chr\u00e1nit.<\/p><p>Kor\u00e1lky jsou pova\u017eov\u00e1ny za vz\u00e1cn\u00e9 a d\u011bd\u00ed se z generace na generaci. Kor\u00e1lek Dzi zd\u011bd\u011bn\u00fd po p\u0159edc\u00edch spojuje nositele s jeho rodinou a jej\u00edmi d\u011bjinami.<\/p><p>Kor\u00e1lk\u016fm je p\u0159isuzov\u00e1n ochrann\u00fd a p\u0159\u00edzniv\u00fd \u00fa\u010dinek. Maj\u00ed chr\u00e1nit p\u0159ed ne\u0161t\u011bst\u00edm, podporovat zdrav\u00ed a p\u0159in\u00e1\u0161et \u0161t\u011bst\u00ed a blahobyt.<\/p><p>Kor\u00e1lk\u016fm Dzi se p\u0159ikl\u00e1dal v\u00fdznam i v p\u0159\u00edpad\u011b nemoci a v obt\u00ed\u017en\u00fdch situac\u00edch. V n\u011bkter\u00fdch p\u0159edstav\u00e1ch byl za l\u00e9\u010div\u00fd pova\u017eov\u00e1n dokonce jemn\u00fd prach z brou\u0161en\u00ed kor\u00e1lku.<\/p><p>Kor\u00e1lky Dzi jsou tak ochrann\u00fdm a \u0161\u0165astn\u00fdm p\u0159edm\u011btem, kter\u00fd \u010dlov\u011bka prov\u00e1z\u00ed cel\u00fdm \u017eivotem. Jako no\u0161en\u00e9, d\u011bdi\u010dn\u00e9 a vysoce cen\u011bn\u00e9 kousky pat\u0159\u00ed k d\u011bdictv\u00ed tibetsk\u00fdch rodin.<\/p>\t\t\t\t\t\t\t\t<\/div>\n\t\t\t\t<\/div>\n\t\t\t\t\t<\/div>\n\t\t\t\t<\/div>\n\t\t<div class=\"elementor-element elementor-element-iwgs-dziperlen-s6 e-flex e-con-boxed e-con e-parent\" data-id=\"iwgs-dziperlen-s6\" data-element_type=\"container\" data-e-type=\"container\">\n\t\t\t\t\t<div class=\"e-con-inner\">\n\t\t\t\t<div class=\"elementor-element elementor-element-iwgs-dziperlen-s6h elementor-widget elementor-widget-heading\" data-id=\"iwgs-dziperlen-s6h\" data-element_type=\"widget\" data-e-type=\"widget\" data-widget_type=\"heading.default\">\n\t\t\t\t\t<h2 class=\"elementor-heading-title elementor-size-default\">Hodnota, pravost a dne\u0161n\u00ed trh<\/h2>\t\t\t\t<\/div>\n\t\t<div class=\"elementor-element elementor-element-iwgs-dziperlen-s6box e-con-full e-flex e-con e-parent\" data-id=\"iwgs-dziperlen-s6box\" data-element_type=\"container\" data-e-type=\"container\">\n\t\t\t\t<div class=\"elementor-element elementor-element-iwgs-dziperlen-s6t elementor-widget elementor-widget-text-editor\" data-id=\"iwgs-dziperlen-s6t\" data-element_type=\"widget\" data-e-type=\"widget\" data-widget_type=\"text-editor.default\">\n\t\t\t\t\t\t\t\t\t<p>Vysok\u00e9 uzn\u00e1n\u00ed, jak\u00e9 kor\u00e1lky Dzi po\u017e\u00edvaj\u00ed, vedlo k tomu, \u017ee se z nich staly velmi vyhled\u00e1van\u00e9 a velmi drah\u00e9 p\u0159edm\u011bty. S t\u00edm se poj\u00ed vlastn\u00ed ot\u00e1zky.<\/p><p>Star\u00e9, prav\u00e9 kor\u00e1lky Dzi s v\u00fdrazn\u00fdmi vzory a s mnoha o\u010dima dosahuj\u00ed vysok\u00fdch cen. V\u00fdznamn\u00fd star\u00fd kor\u00e1lek m\u016f\u017ee m\u00edt mimo\u0159\u00e1dnou hodnotu.<\/p><p>Tyto vysok\u00e9 hodnoty vedly ke vzniku trhu, na kter\u00e9m se obchoduje i s nov\u011b vyr\u00e1b\u011bn\u00fdmi kor\u00e1lky. Existuj\u00ed modern\u00ed repliky, kter\u00e9 jsou napodobeninami star\u00fdch kor\u00e1lk\u016f.<\/p><p>Rozli\u0161en\u00ed mezi star\u00fdmi a nov\u00fdmi kor\u00e1lky je \u010dasto obt\u00ed\u017en\u00e9. Spolehliv\u00e9 ur\u010den\u00ed st\u00e1\u0159\u00ed a p\u016fvodu je mo\u017en\u00e9 pouze odborn\u00edk\u016fm a jen s velk\u00fdm \u00fasil\u00edm.<\/p><p>Poctiv\u00e9 zpracov\u00e1n\u00ed to mus\u00ed otev\u0159en\u011b p\u0159iznat. Kdo m\u00e1 p\u0159ed sebou kor\u00e1lek Dzi, nem\u016f\u017ee v mnoha p\u0159\u00edpadech s jistotou ur\u010dit jeho st\u00e1\u0159\u00ed ani p\u016fvod.<\/p><p>Dne\u0161n\u00ed trh s kor\u00e1lky Dzi tak ukazuje d\u016fsledek jejich vysok\u00e9ho uzn\u00e1n\u00ed. Z cen\u011bn\u00e9ho rodinn\u00e9ho kusu se stal vyhled\u00e1van\u00fd obchodn\u00ed artikl, jeho\u017e pravost je \u010dasto t\u011b\u017ek\u00e9 prok\u00e1zat.<\/p>\t\t\t\t\t\t\t\t<\/div>\n\t\t\t\t<\/div>\n\t\t\t\t\t<\/div>\n\t\t\t\t<\/div>\n\t\t<div class=\"elementor-element elementor-element-iwgs-dziperlen-s7 e-flex e-con-boxed e-con e-parent\" data-id=\"iwgs-dziperlen-s7\" data-element_type=\"container\" data-e-type=\"container\">\n\t\t\t\t\t<div class=\"e-con-inner\">\n\t\t\t\t<div class=\"elementor-element elementor-element-iwgs-dziperlen-s7h elementor-widget elementor-widget-heading\" data-id=\"iwgs-dziperlen-s7h\" data-element_type=\"widget\" data-e-type=\"widget\" data-widget_type=\"heading.default\">\n\t\t\t\t\t<h2 class=\"elementor-heading-title elementor-size-default\">Odd\u011blit poznatek a v\u00fdklad<\/h2>\t\t\t\t<\/div>\n\t\t<div class=\"elementor-element elementor-element-iwgs-dziperlen-s7box e-con-full e-flex e-con e-parent\" data-id=\"iwgs-dziperlen-s7box\" data-element_type=\"container\" data-e-type=\"container\">\n\t\t\t\t<div class=\"elementor-element elementor-element-iwgs-dziperlen-s7t elementor-widget elementor-widget-text-editor\" data-id=\"iwgs-dziperlen-s7t\" data-element_type=\"widget\" data-e-type=\"widget\" data-widget_type=\"text-editor.default\">\n\t\t\t\t\t\t\t\t\t<p>Dzi-perly vy\u017eaduj\u00ed ve zvl\u00e1\u0161tn\u00ed m\u00ed\u0159e d\u016fsledn\u00e9 odd\u011blen\u00ed n\u00e1lezu od v\u00fdkladu. Toto odd\u011blen\u00ed je p\u0159edpokladem v\u011bcn\u00e9ho popisu.<\/p><p>N\u00e1lezov\u00e1 z\u00e1kladna je \u00fazk\u00e1. Jde o star\u00e9 vzorovan\u00e9 ach\u00e1tov\u00e9 perly z tibetsk\u00e9 kulturn\u00ed oblasti. Jejich p\u0159esn\u00e9 st\u00e1\u0159\u00ed, m\u00edsto v\u00fdroby i cesta k n\u00e1m b\u00fdvaj\u00ed nejist\u00e9.<\/p><p>V\u00fdklad je naopak bohat\u00fd. V tibetsk\u00e9 kulturn\u00ed oblasti plat\u00ed tyto perly za mocn\u00e9 ochrann\u00e9 a \u0161\u0165astn\u00e9 p\u0159edm\u011bty, obest\u0159en\u00e9 legendami o nelidsk\u00e9m, nebesk\u00e9m p\u016fvodu.<\/p><p>Oboj\u00ed se nesm\u00ed sm\u011b\u0161ovat. <span class=\"iwg-fachbegriff\" data-tooltip=\"Pou\u010dn\u00fd p\u0159\u00edb\u011bh, obvykle o \u017eivot\u011b sv\u011btc\u016f.\" tabindex=\"0\">Legenda<\/span> o nebesk\u00e9m p\u016fvodu je v\u00fdklad, nikoli n\u00e1lez. Vypov\u00edd\u00e1 o \u00fact\u011b, j\u00ed\u017e se perly t\u011b\u0161\u00ed, nikoli o jejich skute\u010dn\u00e9m vzniku.<\/p><p>V\u011bcn\u00fd popis proto ozna\u010duje dzi-perly za to, co o nich lze podle spolehliv\u00fdch poznatk\u016f \u0159\u00edci: za star\u00e9 vzorovan\u00e9 ach\u00e1tov\u00e9 perly, kter\u00e9 byly v tibetsk\u00e9 oblasti vysoce cen\u011bny jako ochrann\u00e9 perly.<\/p><p>Dzi-perly jsou tak pou\u010dn\u00fdm p\u0159\u00edkladem. Ukazuj\u00ed, \u017ee ochrann\u00fd p\u0159edm\u011bt lze popsat v\u011bcn\u011b, ani\u017e by se nejist\u00fd p\u016fvod p\u0159ikr\u00e1\u0161loval nebo <span class=\"iwg-fachbegriff\" data-tooltip=\"Pou\u010dn\u00fd p\u0159\u00edb\u011bh, obvykle o \u017eivot\u011b sv\u011btc\u016f.\" tabindex=\"0\">legenda<\/span> vyd\u00e1vala za skute\u010dnost.<\/p>\t\t\t\t\t\t\t\t<\/div>\n\t\t\t\t<\/div>\n\t\t\t\t\t<\/div>\n\t\t\t\t<\/div>\n\t\t<div class=\"elementor-element elementor-element-iwgs-dziperlen-s8 e-flex e-con-boxed e-con e-parent\" data-id=\"iwgs-dziperlen-s8\" data-element_type=\"container\" data-e-type=\"container\">\n\t\t\t\t\t<div class=\"e-con-inner\">\n\t\t\t\t<div class=\"elementor-element elementor-element-iwgs-dziperlen-s8h elementor-widget elementor-widget-heading\" data-id=\"iwgs-dziperlen-s8h\" data-element_type=\"widget\" data-e-type=\"widget\" data-widget_type=\"heading.default\">\n\t\t\t\t\t<h2 class=\"elementor-heading-title elementor-size-default\">Sou\u010dasn\u00e1 recepce<\/h2>\t\t\t\t<\/div>\n\t\t<div class=\"elementor-element elementor-element-iwgs-dziperlen-s8box e-con-full e-flex e-con e-parent\" data-id=\"iwgs-dziperlen-s8box\" data-element_type=\"container\" data-e-type=\"container\">\n\t\t\t\t<div class=\"elementor-element elementor-element-iwgs-dziperlen-s8t elementor-widget elementor-widget-text-editor\" data-id=\"iwgs-dziperlen-s8t\" data-element_type=\"widget\" data-e-type=\"widget\" data-widget_type=\"text-editor.default\">\n\t\t\t\t\t\t\t\t\t<p>Kor\u00e1lky Dzi jsou v tibetsk\u00e9m kulturn\u00edm prostoru vysoce cen\u011bny a\u017e do sou\u010dasnosti. Jako no\u0161en\u00e9 a d\u011bdi\u010dn\u00e9 ochrann\u00e9 a \u0161\u0165astn\u00e9 kor\u00e1lky si zachovaly sv\u00e9 postaven\u00ed.<\/p><p>Za hranicemi tibetsk\u00e9ho sv\u011bta se kor\u00e1lky Dzi staly zn\u00e1m\u00fdmi i na Z\u00e1pad\u011b, spolu se z\u00e1jmem o tibetsk\u00fd buddhismus a tibetskou kulturu. Obchoduje se s nimi a sb\u00edraj\u00ed se.<\/p><p>V tomto \u0161ir\u0161\u00edm roz\u0161\u00ed\u0159en\u00ed se kor\u00e1lky Dzi nos\u00ed \u010dasto jako \u0161perk a jako p\u0159in\u00e1\u0161e\u010d \u0161t\u011bst\u00ed. P\u0159esn\u00e9 n\u00e1bo\u017eensk\u00e9 a kulturn\u00ed zasazen\u00ed p\u0159itom \u010dasto ustupuje do pozad\u00ed.<\/p><p>S \u0161irok\u00fdm roz\u0161\u00ed\u0159en\u00edm se poj\u00ed i \u017eiv\u00fd obchod s nov\u00fdmi replikami. Prav\u00e9 star\u00e9 kor\u00e1lky a modern\u00ed napodobeniny se na trhu vyskytuj\u00ed vedle sebe.<\/p><p>V\u011bcn\u00fd popis ozna\u010duje kor\u00e1lky Dzi za to, co jsou: za cen\u011bn\u00e9 vzorovan\u00e9 ach\u00e1tov\u00e9 kor\u00e1lky tibetsk\u00e9 oblasti, jejich\u017e p\u016fvod je z\u010d\u00e1sti tradov\u00e1n v podob\u011b legend a nen\u00ed zcela objasn\u011bn.<\/p><p>Kor\u00e1lky Dzi tak z\u016fst\u00e1vaj\u00ed v\u00fdmluvn\u00fdm p\u0159\u00edkladem ochrann\u00e9ho p\u0159edm\u011btu. Spojuje se v nich o\u010dn\u00ed vzor, vysok\u00e9 uzn\u00e1n\u00ed a p\u016fvod, kter\u00fd je t\u0159eba poctiv\u011b ozna\u010dit jako nejist\u00fd.<\/p>\t\t\t\t\t\t\t\t<\/div>\n\t\t\t\t<\/div>\n\t\t\t\t\t<\/div>\n\t\t\t\t<\/div>\n\t\t<div class=\"elementor-element elementor-element-iwgs-dziperlen-lit e-flex e-con-boxed e-con e-parent\" data-id=\"iwgs-dziperlen-lit\" data-element_type=\"container\" data-e-type=\"container\">\n\t\t\t\t\t<div class=\"e-con-inner\">\n\t\t\t\t<div class=\"elementor-element elementor-element-iwgs-dziperlen-lith elementor-widget elementor-widget-heading\" data-id=\"iwgs-dziperlen-lith\" data-element_type=\"widget\" data-e-type=\"widget\" data-widget_type=\"heading.default\">\n\t\t\t\t\t<h2 class=\"elementor-heading-title elementor-size-default\">Literatura (v\u00fdb\u011br)<\/h2>\t\t\t\t<\/div>\n\t\t<div class=\"elementor-element elementor-element-iwgs-dziperlen-litbox e-con-full e-flex e-con e-parent\" data-id=\"iwgs-dziperlen-litbox\" data-element_type=\"container\" data-e-type=\"container\">\n\t\t\t\t<div class=\"elementor-element elementor-element-iwgs-dziperlen-litt elementor-widget elementor-widget-html\" data-id=\"iwgs-dziperlen-litt\" data-element_type=\"widget\" data-e-type=\"widget\" data-widget_type=\"html.default\">\n\t\t\t\t\t<footer data-nosnippet=\"true\"><ul><li>Robert Beer: <em>Die Symbole des tibetischen Buddhismus<\/em> (2003)<\/li><li>Lois Sherr Dubin: <em>The History of Beads<\/em> (1987)<\/li><li>Jamyang Wangmo und David Ebbinghouse: Studien zu tibetischen dZi-Perlen<\/li><li>Giuseppe Tucci: <em>Die Religionen Tibets<\/em> (1970)<\/li><li>Jonathan Gregson: <em>Tibet. Land der Kl\u00f6ster und der Perlen<\/em> (2003)<\/li><\/ul><\/footer>\t\t\t\t<\/div>\n\t\t\t\t<\/div>\n\t\t\t\t\t<\/div>\n\t\t\t\t<\/div>\n\t\t<div class=\"elementor-element elementor-element-iwgs-dziperlen-kwd e-flex e-con-boxed e-con e-parent\" data-id=\"iwgs-dziperlen-kwd\" data-element_type=\"container\" data-e-type=\"container\">\n\t\t\t\t\t<div class=\"e-con-inner\">\n\t\t\t\t<div class=\"elementor-element elementor-element-iwgs-dziperlen-kwdt elementor-widget elementor-widget-text-editor\" data-id=\"iwgs-dziperlen-kwdt\" data-element_type=\"widget\" data-e-type=\"widget\" data-widget_type=\"text-editor.default\">\n\t\t\t\t\t\t\t\t\t<p><em>Souvisej\u00edc\u00ed kl\u00ed\u010dov\u00e9 pojmy: kor\u00e1lky Dzi ach\u00e1tov\u00e9 kor\u00e1lky Tibet o\u010dn\u00ed vzor ochrann\u00fd kor\u00e1lek \u0161\u0165astn\u00fd kor\u00e1lek p\u016fvod <span class=\"iwg-fachbegriff\" data-tooltip=\"Pou\u010dn\u00fd p\u0159\u00edb\u011bh, nej\u010dast\u011bji ze \u017eivota svat\u00fdch.\" tabindex=\"0\">legenda<\/span> amuletov\u00fd kor\u00e1lek.<\/em><\/p>\t\t\t\t\t\t\t\t<\/div>\n\t\t\t\t\t<\/div>\n\t\t\t\t<\/div>\n\t\t<div class=\"elementor-element elementor-element-iwgs-dziperlen-cc e-flex e-con-boxed e-con e-parent\" data-id=\"iwgs-dziperlen-cc\" data-element_type=\"container\" data-e-type=\"container\" id=\"iwg-cc-dzi-perlen\">\n\t\t\t\t\t<div class=\"e-con-inner\">\n\t\t<div class=\"elementor-element elementor-element-iwgs-dziperlen-ccinner e-flex e-con-boxed e-con e-parent\" data-id=\"iwgs-dziperlen-ccinner\" data-element_type=\"container\" data-e-type=\"container\" data-settings=\"{&quot;background_background&quot;:&quot;classic&quot;}\">\n\t\t\t\t\t<div class=\"e-con-inner\">\n\t\t\t\t<div class=\"elementor-element elementor-element-iwgs-dziperlen-cch elementor-widget elementor-widget-heading\" data-id=\"iwgs-dziperlen-cch\" data-element_type=\"widget\" data-e-type=\"widget\" data-widget_type=\"heading.default\">\n\t\t\t\t\t<h2 class=\"elementor-heading-title elementor-size-default\">iWell Guard a ochrann\u00e9 tradice<\/h2>\t\t\t\t<\/div>\n\t\t\t\t<div class=\"elementor-element elementor-element-iwgs-dziperlen-cct elementor-widget elementor-widget-text-editor\" data-id=\"iwgs-dziperlen-cct\" data-element_type=\"widget\" data-e-type=\"widget\" data-widget_type=\"text-editor.default\">\n\t\t\t\t\t\t\t\t\t<p>iWell Guard navazuje na kulturn\u011bhistorickou tradici nositeln\u00fdch ochrann\u00fdch p\u0159edm\u011bt\u016f, k n\u00ed\u017e pat\u0159\u00ed i kor\u00e1lky Dzi. Modern\u00ed spole\u010dn\u00edk pro lidi, kte\u0159\u00ed \u017eij\u00ed s ochrann\u00fdmi symboly: vyrobeno v N\u011bmecku, 41 vrstev z ryz\u00edho zlata, platiny a st\u0159\u00edbra, s 30denn\u00ed mo\u017enost\u00ed vr\u00e1cen\u00ed.<\/p>\t\t\t\t\t\t\t\t<\/div>\n\t\t\t\t<div class=\"elementor-element elementor-element-iwgs-dziperlen-ccb iwg-cc-button iwg-cc-cta-2026-05-13 elementor-widget elementor-widget-jet-button\" data-id=\"iwgs-dziperlen-ccb\" data-element_type=\"widget\" data-e-type=\"widget\" data-widget_type=\"jet-button.default\">\n\t\t\t\t<div class=\"elementor-widget-container\">\n\t\t\t\t\t<div class=\"elementor-jet-button jet-elements\"><div class=\"jet-button__container\"><a class=\"jet-button__instance jet-button__instance--icon-left hover-effect-1\" href=\"\/schutzanhaenger-iwell-guard-kaufen\/?utm_source=iwell-guard.com&amp;utm_medium=info-box&amp;utm_campaign=schutzsymbole\"><div class=\"jet-button__plane jet-button__plane-normal\"><\/div><div class=\"jet-button__plane jet-button__plane-hover\"><\/div><div class=\"jet-button__state jet-button__state-normal\"><span class=\"jet-button__label\">V\u00edce o iWell Guard<\/span><\/div><div class=\"jet-button__state jet-button__state-hover\"><span class=\"jet-button__label\">V\u00edce o iWell Guard<\/span><\/div><\/a><\/div><\/div><style>.elementor-element.elementor-element-iwgs-dziperlen-ccb .jet-button__instance{width:320px;height:56px;}.elementor-element.elementor-element-iwgs-dziperlen-ccb .jet-button__state-normal .jet-button__label{text-align:center;margin:0px 0px 0px 0px;color:#1a1b20;font-family:Montserrat,sans-serif;font-size:13px;font-weight:400;letter-spacing:4px;line-height:1.714em;text-transform:uppercase;}.elementor-element.elementor-element-iwgs-dziperlen-ccb .jet-button__state-hover .jet-button__label{text-align:center;margin:0px 0px 0px 0px;color:#FECC76;font-family:Montserrat,sans-serif;font-size:13px;font-weight:400;letter-spacing:4px;line-height:1.714em;text-transform:uppercase;}.elementor-element.elementor-element-iwgs-dziperlen-ccb .jet-button__plane-normal{background-color:#FECC76;border-style:solid;border-color:#C99540;border-width:2px 2px 2px 2px;}.elementor-element.elementor-element-iwgs-dziperlen-ccb .jet-button__plane-hover{background-color:rgba(0,0,0,0.55);border-style:solid;border-color:#FECC76;border-width:2px 2px 2px 2px;}<\/style>\t\t\t\t<\/div>\n\t\t\t\t<\/div>\n\t\t\t\t<div class=\"elementor-element elementor-element-iwgs-dziperlen-ccd elementor-widget elementor-widget-text-editor\" data-id=\"iwgs-dziperlen-ccd\" data-element_type=\"widget\" data-e-type=\"widget\" data-widget_type=\"text-editor.default\">\n\t\t\t\t\t\t\t\t\t<p style=\"text-align:center;font-size:13px;opacity:0.7;margin-top:14px\" data-nosnippet=\"true\">Osobn\u00ed zku\u0161enosti se mohou li\u0161it. Nejde o zdravotnick\u00fd prost\u0159edek. Nejde o p\u0159\u00edslib l\u00e9\u010den\u00ed.<\/p>\t\t\t\t\t\t\t\t<\/div>\n\t\t\t\t\t<\/div>\n\t\t\t\t<\/div>\n\t\t\t\t\t<\/div>\n\t\t\t\t<\/div>\n\t\t<div class=\"elementor-element elementor-element-iwgs-dziperlen-disc e-flex e-con-boxed e-con e-parent\" data-id=\"iwgs-dziperlen-disc\" data-element_type=\"container\" data-e-type=\"container\">\n\t\t\t\t\t<div class=\"e-con-inner\">\n\t\t\t\t<div class=\"elementor-element elementor-element-iwgs-dziperlen-discw elementor-widget elementor-widget-html\" data-id=\"iwgs-dziperlen-discw\" data-element_type=\"widget\" data-e-type=\"widget\" data-widget_type=\"html.default\">\n\t\t\t\t\t<footer data-nosnippet=\"true\" class=\"iwg-disclaimer-block\"><p data-nosnippet=\"true\">iWell Guard <strong>nen\u00ed zdravotnick\u00fd prost\u0159edek<\/strong> a nenahrazuje l\u00e9ka\u0159skou ani psychoterapeutickou l\u00e9\u010dbu. Zde uveden\u00fd obsah p\u0159edstavuje religionistick\u00e9 a kulturn\u011b-historick\u00e9 za\u0159azen\u00ed, nikoli p\u0159\u00edslib duchovn\u00edho \u00fa\u010dinku.<\/p><\/footer>\t\t\t\t<\/div>\n\t\t\t\t\t<\/div>\n\t\t\t\t<\/div>\n\t\t\t\t<\/div>\n\t\t","protected":false},"excerpt":{"rendered":"","protected":false},"author":3,"featured_media":3526,"parent":0,"menu_order":0,"comment_status":"closed","ping_status":"closed","template":"elementor_header_footer","meta":{"_yoast_wpseo_focuskw":"Dzi perly","_yoast_wpseo_title":"Dzi perly \u2013 ach\u00e1tov\u00e9 perly Tibetu","_yoast_wpseo_metadesc":"Dzi perly jsou ach\u00e1tov\u00e9 perly Tibetu se vzorem p\u0159ipom\u00ednaj\u00edc\u00edm o\u010di. Jejich p\u016fvod je \u010d\u00e1ste\u010dn\u011b legend\u00e1rn\u00ed, v\u00fdznam a poznatky vysv\u011btlujeme v\u011bcn\u011b.","_yoast_wpseo_meta-robots-noindex":"","_yoast_wpseo_canonical":"","_angie_page":false,"gefaehrdungsstufe":"","wesen_kultur":"","wesen_klasse":"","footnotes":""},"categories":[],"class_list":["post-145754","page","type-page","status-publish","has-post-thumbnail","hentry"],"yoast_head":"<!-- This site is optimized with the Yoast SEO Premium plugin v27.7 (Yoast SEO v28.3) - https:\/\/yoast.com\/product\/yoast-seo-premium-wordpress\/ -->\n<title>Dzi perly \u2013 ach\u00e1tov\u00e9 perly Tibetu<\/title>\n<meta name=\"description\" content=\"Dzi perly jsou ach\u00e1tov\u00e9 perly Tibetu se vzorem p\u0159ipom\u00ednaj\u00edc\u00edm o\u010di. Jejich p\u016fvod je \u010d\u00e1ste\u010dn\u011b legend\u00e1rn\u00ed, v\u00fdznam a poznatky vysv\u011btlujeme v\u011bcn\u011b.\" \/>\n<meta name=\"robots\" content=\"index, follow, max-snippet:-1, max-image-preview:large, max-video-preview:-1\" \/>\n<link rel=\"canonical\" href=\"https:\/\/iwell-guard.com\/cs\/dzi-perly-achatove-perly-tibetu\/\" \/>\n<meta property=\"og:locale\" content=\"cs_CZ\" \/>\n<meta property=\"og:type\" content=\"article\" \/>\n<meta property=\"og:title\" content=\"Dzi perly \u2013 ach\u00e1tov\u00e9 perly Tibetu\" \/>\n<meta property=\"og:description\" content=\"Dzi perly jsou ach\u00e1tov\u00e9 perly Tibetu se vzorem p\u0159ipom\u00ednaj\u00edc\u00edm o\u010di. Jejich p\u016fvod je \u010d\u00e1ste\u010dn\u011b legend\u00e1rn\u00ed, v\u00fdznam a poznatky vysv\u011btlujeme v\u011bcn\u011b.\" \/>\n<meta property=\"og:url\" content=\"https:\/\/iwell-guard.com\/cs\/dzi-perly-achatove-perly-tibetu\/\" \/>\n<meta property=\"og:site_name\" content=\"iWell Guard\" \/>\n<meta property=\"article:modified_time\" content=\"2026-09-03T17:04:50+00:00\" \/>\n<meta property=\"og:image\" content=\"https:\/\/iwell-guard.com\/wp-content\/uploads\/2026\/05\/schutzsymbol_tibet_dzi-perlen.webp\" \/>\n\t<meta property=\"og:image:width\" content=\"1024\" \/>\n\t<meta property=\"og:image:height\" content=\"1536\" \/>\n\t<meta property=\"og:image:type\" content=\"image\/webp\" \/>\n<meta name=\"twitter:card\" content=\"summary_large_image\" \/>\n<script type=\"application\/ld+json\" class=\"yoast-schema-graph\">{\"@context\":\"https:\\\/\\\/schema.org\",\"@graph\":[{\"@type\":\"WebPage\",\"@id\":\"https:\\\/\\\/iwell-guard.com\\\/cs\\\/dzi-perly-achatove-perly-tibetu\\\/\",\"url\":\"https:\\\/\\\/iwell-guard.com\\\/cs\\\/dzi-perly-achatove-perly-tibetu\\\/\",\"name\":\"Dzi perly \u2013 ach\u00e1tov\u00e9 perly Tibetu\",\"isPartOf\":{\"@id\":\"https:\\\/\\\/iwell-guard.com\\\/cs\\\/#website\"},\"primaryImageOfPage\":{\"@id\":\"https:\\\/\\\/iwell-guard.com\\\/cs\\\/dzi-perly-achatove-perly-tibetu\\\/#primaryimage\"},\"image\":{\"@id\":\"https:\\\/\\\/iwell-guard.com\\\/cs\\\/dzi-perly-achatove-perly-tibetu\\\/#primaryimage\"},\"thumbnailUrl\":\"https:\\\/\\\/iwell-guard.com\\\/wp-content\\\/uploads\\\/2026\\\/05\\\/schutzsymbol_tibet_dzi-perlen.webp\",\"datePublished\":\"2026-09-03T16:33:24+00:00\",\"dateModified\":\"2026-09-03T17:04:50+00:00\",\"description\":\"Dzi perly jsou ach\u00e1tov\u00e9 perly Tibetu se vzorem p\u0159ipom\u00ednaj\u00edc\u00edm o\u010di. Jejich p\u016fvod je \u010d\u00e1ste\u010dn\u011b legend\u00e1rn\u00ed, v\u00fdznam a poznatky vysv\u011btlujeme v\u011bcn\u011b.\",\"breadcrumb\":{\"@id\":\"https:\\\/\\\/iwell-guard.com\\\/cs\\\/dzi-perly-achatove-perly-tibetu\\\/#breadcrumb\"},\"inLanguage\":\"cs\",\"potentialAction\":[{\"@type\":\"ReadAction\",\"target\":[\"https:\\\/\\\/iwell-guard.com\\\/cs\\\/dzi-perly-achatove-perly-tibetu\\\/\"]}]},{\"@type\":\"ImageObject\",\"inLanguage\":\"cs\",\"@id\":\"https:\\\/\\\/iwell-guard.com\\\/cs\\\/dzi-perly-achatove-perly-tibetu\\\/#primaryimage\",\"url\":\"https:\\\/\\\/iwell-guard.com\\\/wp-content\\\/uploads\\\/2026\\\/05\\\/schutzsymbol_tibet_dzi-perlen.webp\",\"contentUrl\":\"https:\\\/\\\/iwell-guard.com\\\/wp-content\\\/uploads\\\/2026\\\/05\\\/schutzsymbol_tibet_dzi-perlen.webp\",\"width\":1024,\"height\":1536,\"caption\":\"Ochrann\u00fd symbol. Muzejn\u00ed ilustrace z\u00e1ti\u0161\u00ed.\"},{\"@type\":\"BreadcrumbList\",\"@id\":\"https:\\\/\\\/iwell-guard.com\\\/cs\\\/dzi-perly-achatove-perly-tibetu\\\/#breadcrumb\",\"itemListElement\":[{\"@type\":\"ListItem\",\"position\":1,\"name\":\"Start\",\"item\":\"https:\\\/\\\/iwell-guard.com\\\/cs\\\/?page_id=145107\"},{\"@type\":\"ListItem\",\"position\":2,\"name\":\"Dzi perly \u2013 ach\u00e1tov\u00e9 perly Tibetu\"}]},{\"@type\":\"WebSite\",\"@id\":\"https:\\\/\\\/iwell-guard.com\\\/cs\\\/#website\",\"url\":\"https:\\\/\\\/iwell-guard.com\\\/cs\\\/\",\"name\":\"iWell Guard\",\"description\":\"Schutz vor dunklen Einfl\u00fcssen\",\"publisher\":{\"@id\":\"https:\\\/\\\/iwell-guard.com\\\/cs\\\/#organization\"},\"potentialAction\":[{\"@type\":\"SearchAction\",\"target\":{\"@type\":\"EntryPoint\",\"urlTemplate\":\"https:\\\/\\\/iwell-guard.com\\\/cs\\\/?s={search_term_string}\"},\"query-input\":{\"@type\":\"PropertyValueSpecification\",\"valueRequired\":true,\"valueName\":\"search_term_string\"}}],\"inLanguage\":\"cs\"},{\"@type\":\"Organization\",\"@id\":\"https:\\\/\\\/iwell-guard.com\\\/cs\\\/#organization\",\"name\":\"Ittermann electronic GmbH\",\"url\":\"https:\\\/\\\/iwell-guard.com\\\/cs\\\/\",\"logo\":{\"@type\":\"ImageObject\",\"inLanguage\":\"cs\",\"@id\":\"https:\\\/\\\/iwell-guard.com\\\/cs\\\/#\\\/schema\\\/logo\\\/image\\\/\",\"url\":\"https:\\\/\\\/iwell-guard.com\\\/wp-content\\\/uploads\\\/2026\\\/05\\\/Ittermann-Logo-1182x237-1.png\",\"contentUrl\":\"https:\\\/\\\/iwell-guard.com\\\/wp-content\\\/uploads\\\/2026\\\/05\\\/Ittermann-Logo-1182x237-1.png\",\"width\":1182,\"height\":237,\"caption\":\"Ittermann electronic GmbH\"},\"image\":{\"@id\":\"https:\\\/\\\/iwell-guard.com\\\/cs\\\/#\\\/schema\\\/logo\\\/image\\\/\"},\"sameAs\":[\"https:\\\/\\\/pantip.com\\\/profile\\\/9367242\",\"https:\\\/\\\/micro.blog\\\/iwellguard\",\"https:\\\/\\\/www.diggerslist.com\\\/iwellguard\\\/about\",\"https:\\\/\\\/skitterphoto.com\\\/photographers\\\/2870314\\\/iwell-guard\",\"https:\\\/\\\/iwellguard.wordpress.com\\\/2026\\\/06\\\/06\\\/iwell-guard\\\/\",\"https:\\\/\\\/hub.docker.com\\\/u\\\/iwellguard\",\"https:\\\/\\\/www.pinterest.com\\\/iwellguard\\\/\",\"https:\\\/\\\/bit.ly\\\/m\\\/iwellguard\",\"https:\\\/\\\/entre-vos-mains.alsace.eu\\\/profiles\\\/iwellguard\\\/activity\",\"https:\\\/\\\/gravatar.com\\\/reallybeded8fd34\",\"https:\\\/\\\/naijamatta.com\\\/iwellguard\",\"https:\\\/\\\/www.goodreads.com\\\/iwellguard\",\"https:\\\/\\\/profile.hatena.ne.jp\\\/iwellguard\\\/\",\"https:\\\/\\\/experiment.com\\\/users\\\/iwellguard\",\"https:\\\/\\\/wakelet.com\\\/@iWellGuard82270\",\"https:\\\/\\\/www.chordie.com\\\/forum\\\/profile.php?id=2555664\",\"https:\\\/\\\/www.instapaper.com\\\/p\\\/17757966\",\"https:\\\/\\\/www.mapleprimes.com\\\/users\\\/iwellguard\",\"https:\\\/\\\/businesslistingplus.com\\\/profile\\\/iwell-guard\\\/\",\"https:\\\/\\\/telegra.ph\\\/iWell-Guard-06-06\",\"https:\\\/\\\/pbase.com\\\/iwellguard\\\/iwellguard\",\"https:\\\/\\\/b.hatena.ne.jp\\\/iwellguard\\\/20260607#bookmark-4788405196491818882\",\"https:\\\/\\\/fliphtml5.com\\\/home\\\/iwellguard\",\"https:\\\/\\\/anyflip.com\\\/homepage\\\/cmiwl#About\",\"https:\\\/\\\/transfur.com\\\/Users\\\/iwellguard\",\"http:\\\/\\\/delphi.larsbo.org\\\/user\\\/iwellguard\",\"https:\\\/\\\/jobs.lajobsportal.org\\\/profiles\\\/8380803-iwell-guard\",\"https:\\\/\\\/md.chaosdorf.de\\\/s\\\/jfbe5SBdJD\",\"https:\\\/\\\/www.lingvolive.com\\\/en-us\\\/profile\\\/9ecaeaca-ce11-4e51-9e71-01d55e2bff36\\\/translations\",\"https:\\\/\\\/www.fitday.com\\\/fitness\\\/forums\\\/members\\\/iwellguard.html\",\"https:\\\/\\\/www.mymeetbook.com\\\/iwellguard\",\"https:\\\/\\\/pxhere.com\\\/en\\\/photographer-me\\\/5040798\",\"https:\\\/\\\/disqus.com\\\/by\\\/iwellguard\\\/about\\\/\",\"https:\\\/\\\/pastelink.net\\\/hjwciqwq\",\"https:\\\/\\\/pubhtml5.com\\\/homepage\\\/scjhn\\\/\",\"https:\\\/\\\/www.bitchute.com\\\/channel\\\/2O2eOKzNqujT\",\"https:\\\/\\\/audiomack.com\\\/iwellguard\"]}]}<\/script>\n<!-- \/ Yoast SEO Premium plugin. -->","yoast_head_json":{"title":"Dzi perly \u2013 ach\u00e1tov\u00e9 perly Tibetu","description":"Dzi perly jsou ach\u00e1tov\u00e9 perly Tibetu se vzorem p\u0159ipom\u00ednaj\u00edc\u00edm o\u010di. Jejich p\u016fvod je \u010d\u00e1ste\u010dn\u011b legend\u00e1rn\u00ed, v\u00fdznam a poznatky vysv\u011btlujeme v\u011bcn\u011b.","robots":{"index":"index","follow":"follow","max-snippet":"max-snippet:-1","max-image-preview":"max-image-preview:large","max-video-preview":"max-video-preview:-1"},"canonical":"https:\/\/iwell-guard.com\/cs\/dzi-perly-achatove-perly-tibetu\/","og_locale":"cs_CZ","og_type":"article","og_title":"Dzi perly \u2013 ach\u00e1tov\u00e9 perly Tibetu","og_description":"Dzi perly jsou ach\u00e1tov\u00e9 perly Tibetu se vzorem p\u0159ipom\u00ednaj\u00edc\u00edm o\u010di. Jejich p\u016fvod je \u010d\u00e1ste\u010dn\u011b legend\u00e1rn\u00ed, v\u00fdznam a poznatky vysv\u011btlujeme v\u011bcn\u011b.","og_url":"https:\/\/iwell-guard.com\/cs\/dzi-perly-achatove-perly-tibetu\/","og_site_name":"iWell Guard","article_modified_time":"2026-09-03T17:04:50+00:00","og_image":[{"width":1024,"height":1536,"url":"https:\/\/iwell-guard.com\/wp-content\/uploads\/2026\/05\/schutzsymbol_tibet_dzi-perlen.webp","type":"image\/webp"}],"twitter_card":"summary_large_image","schema":{"@context":"https:\/\/schema.org","@graph":[{"@type":"WebPage","@id":"https:\/\/iwell-guard.com\/cs\/dzi-perly-achatove-perly-tibetu\/","url":"https:\/\/iwell-guard.com\/cs\/dzi-perly-achatove-perly-tibetu\/","name":"Dzi perly \u2013 ach\u00e1tov\u00e9 perly Tibetu","isPartOf":{"@id":"https:\/\/iwell-guard.com\/cs\/#website"},"primaryImageOfPage":{"@id":"https:\/\/iwell-guard.com\/cs\/dzi-perly-achatove-perly-tibetu\/#primaryimage"},"image":{"@id":"https:\/\/iwell-guard.com\/cs\/dzi-perly-achatove-perly-tibetu\/#primaryimage"},"thumbnailUrl":"https:\/\/iwell-guard.com\/wp-content\/uploads\/2026\/05\/schutzsymbol_tibet_dzi-perlen.webp","datePublished":"2026-09-03T16:33:24+00:00","dateModified":"2026-09-03T17:04:50+00:00","description":"Dzi perly jsou ach\u00e1tov\u00e9 perly Tibetu se vzorem p\u0159ipom\u00ednaj\u00edc\u00edm o\u010di. Jejich p\u016fvod je \u010d\u00e1ste\u010dn\u011b legend\u00e1rn\u00ed, v\u00fdznam a poznatky vysv\u011btlujeme v\u011bcn\u011b.","breadcrumb":{"@id":"https:\/\/iwell-guard.com\/cs\/dzi-perly-achatove-perly-tibetu\/#breadcrumb"},"inLanguage":"cs","potentialAction":[{"@type":"ReadAction","target":["https:\/\/iwell-guard.com\/cs\/dzi-perly-achatove-perly-tibetu\/"]}]},{"@type":"ImageObject","inLanguage":"cs","@id":"https:\/\/iwell-guard.com\/cs\/dzi-perly-achatove-perly-tibetu\/#primaryimage","url":"https:\/\/iwell-guard.com\/wp-content\/uploads\/2026\/05\/schutzsymbol_tibet_dzi-perlen.webp","contentUrl":"https:\/\/iwell-guard.com\/wp-content\/uploads\/2026\/05\/schutzsymbol_tibet_dzi-perlen.webp","width":1024,"height":1536,"caption":"Ochrann\u00fd symbol. Muzejn\u00ed ilustrace z\u00e1ti\u0161\u00ed."},{"@type":"BreadcrumbList","@id":"https:\/\/iwell-guard.com\/cs\/dzi-perly-achatove-perly-tibetu\/#breadcrumb","itemListElement":[{"@type":"ListItem","position":1,"name":"Start","item":"https:\/\/iwell-guard.com\/cs\/?page_id=145107"},{"@type":"ListItem","position":2,"name":"Dzi perly \u2013 ach\u00e1tov\u00e9 perly Tibetu"}]},{"@type":"WebSite","@id":"https:\/\/iwell-guard.com\/cs\/#website","url":"https:\/\/iwell-guard.com\/cs\/","name":"iWell Guard","description":"Schutz vor dunklen Einfl\u00fcssen","publisher":{"@id":"https:\/\/iwell-guard.com\/cs\/#organization"},"potentialAction":[{"@type":"SearchAction","target":{"@type":"EntryPoint","urlTemplate":"https:\/\/iwell-guard.com\/cs\/?s={search_term_string}"},"query-input":{"@type":"PropertyValueSpecification","valueRequired":true,"valueName":"search_term_string"}}],"inLanguage":"cs"},{"@type":"Organization","@id":"https:\/\/iwell-guard.com\/cs\/#organization","name":"Ittermann electronic GmbH","url":"https:\/\/iwell-guard.com\/cs\/","logo":{"@type":"ImageObject","inLanguage":"cs","@id":"https:\/\/iwell-guard.com\/cs\/#\/schema\/logo\/image\/","url":"https:\/\/iwell-guard.com\/wp-content\/uploads\/2026\/05\/Ittermann-Logo-1182x237-1.png","contentUrl":"https:\/\/iwell-guard.com\/wp-content\/uploads\/2026\/05\/Ittermann-Logo-1182x237-1.png","width":1182,"height":237,"caption":"Ittermann electronic GmbH"},"image":{"@id":"https:\/\/iwell-guard.com\/cs\/#\/schema\/logo\/image\/"},"sameAs":["https:\/\/pantip.com\/profile\/9367242","https:\/\/micro.blog\/iwellguard","https:\/\/www.diggerslist.com\/iwellguard\/about","https:\/\/skitterphoto.com\/photographers\/2870314\/iwell-guard","https:\/\/iwellguard.wordpress.com\/2026\/06\/06\/iwell-guard\/","https:\/\/hub.docker.com\/u\/iwellguard","https:\/\/www.pinterest.com\/iwellguard\/","https:\/\/bit.ly\/m\/iwellguard","https:\/\/entre-vos-mains.alsace.eu\/profiles\/iwellguard\/activity","https:\/\/gravatar.com\/reallybeded8fd34","https:\/\/naijamatta.com\/iwellguard","https:\/\/www.goodreads.com\/iwellguard","https:\/\/profile.hatena.ne.jp\/iwellguard\/","https:\/\/experiment.com\/users\/iwellguard","https:\/\/wakelet.com\/@iWellGuard82270","https:\/\/www.chordie.com\/forum\/profile.php?id=2555664","https:\/\/www.instapaper.com\/p\/17757966","https:\/\/www.mapleprimes.com\/users\/iwellguard","https:\/\/businesslistingplus.com\/profile\/iwell-guard\/","https:\/\/telegra.ph\/iWell-Guard-06-06","https:\/\/pbase.com\/iwellguard\/iwellguard","https:\/\/b.hatena.ne.jp\/iwellguard\/20260607#bookmark-4788405196491818882","https:\/\/fliphtml5.com\/home\/iwellguard","https:\/\/anyflip.com\/homepage\/cmiwl#About","https:\/\/transfur.com\/Users\/iwellguard","http:\/\/delphi.larsbo.org\/user\/iwellguard","https:\/\/jobs.lajobsportal.org\/profiles\/8380803-iwell-guard","https:\/\/md.chaosdorf.de\/s\/jfbe5SBdJD","https:\/\/www.lingvolive.com\/en-us\/profile\/9ecaeaca-ce11-4e51-9e71-01d55e2bff36\/translations","https:\/\/www.fitday.com\/fitness\/forums\/members\/iwellguard.html","https:\/\/www.mymeetbook.com\/iwellguard","https:\/\/pxhere.com\/en\/photographer-me\/5040798","https:\/\/disqus.com\/by\/iwellguard\/about\/","https:\/\/pastelink.net\/hjwciqwq","https:\/\/pubhtml5.com\/homepage\/scjhn\/","https:\/\/www.bitchute.com\/channel\/2O2eOKzNqujT","https:\/\/audiomack.com\/iwellguard"]}]}},"_links":{"self":[{"href":"https:\/\/iwell-guard.com\/cs\/wp-json\/wp\/v2\/pages\/145754","targetHints":{"allow":["GET"]}}],"collection":[{"href":"https:\/\/iwell-guard.com\/cs\/wp-json\/wp\/v2\/pages"}],"about":[{"href":"https:\/\/iwell-guard.com\/cs\/wp-json\/wp\/v2\/types\/page"}],"author":[{"embeddable":true,"href":"https:\/\/iwell-guard.com\/cs\/wp-json\/wp\/v2\/users\/3"}],"replies":[{"embeddable":true,"href":"https:\/\/iwell-guard.com\/cs\/wp-json\/wp\/v2\/comments?post=145754"}],"version-history":[{"count":0,"href":"https:\/\/iwell-guard.com\/cs\/wp-json\/wp\/v2\/pages\/145754\/revisions"}],"wp:featuredmedia":[{"embeddable":true,"href":"https:\/\/iwell-guard.com\/cs\/wp-json\/wp\/v2\/media\/3526"}],"wp:attachment":[{"href":"https:\/\/iwell-guard.com\/cs\/wp-json\/wp\/v2\/media?parent=145754"}],"wp:term":[{"taxonomy":"category","embeddable":true,"href":"https:\/\/iwell-guard.com\/cs\/wp-json\/wp\/v2\/categories?post=145754"}],"curies":[{"name":"wp","href":"https:\/\/api.w.org\/{rel}","templated":true}]}}