{"id":145752,"date":"2026-09-03T16:33:23","date_gmt":"2026-09-03T16:33:23","guid":{"rendered":"https:\/\/iwell-guard.com\/?page_id=145752"},"modified":"2026-09-03T17:04:48","modified_gmt":"2026-09-03T17:04:48","slug":"mala-buddhisticky-ruzenec-ze-108-koralku","status":"publish","type":"page","link":"https:\/\/iwell-guard.com\/cs\/mala-buddhisticky-ruzenec-ze-108-koralku\/","title":{"rendered":"Mala \u2013 buddhistick\u00fd r\u016f\u017eenec ze 108 kor\u00e1lk\u016f"},"content":{"rendered":"\t\t<div data-elementor-type=\"wp-page\" data-elementor-id=\"145752\" class=\"elementor elementor-145752 elementor-3717 elementor-bc-flex-widget\" data-elementor-post-type=\"page\">\n\t\t\t\t<div class=\"elementor-element elementor-element-iwgs-mala-hero e-flex e-con-boxed e-con e-parent\" data-id=\"iwgs-mala-hero\" data-element_type=\"container\" data-e-type=\"container\">\n\t\t\t\t\t<div class=\"e-con-inner\">\n\t\t<div class=\"elementor-element elementor-element-iwgs-mala-hl e-flex e-con-boxed e-con e-parent\" data-id=\"iwgs-mala-hl\" data-element_type=\"container\" data-e-type=\"container\">\n\t\t\t\t\t<div class=\"e-con-inner\">\n\t\t<div class=\"elementor-element elementor-element-iwgs-mala-hlbox e-con-full e-flex e-con e-parent\" data-id=\"iwgs-mala-hlbox\" data-element_type=\"container\" data-e-type=\"container\">\n\t\t\t\t<div class=\"elementor-element elementor-element-iwgs-mala-h1 elementor-widget elementor-widget-heading\" data-id=\"iwgs-mala-h1\" data-element_type=\"widget\" data-e-type=\"widget\" data-widget_type=\"heading.default\">\n\t\t\t\t\t<h1 class=\"elementor-heading-title elementor-size-default\">Mala \u2013 buddhistick\u00fd r\u016f\u017eenec pro od\u0159\u00edk\u00e1v\u00e1n\u00ed manter<\/h1>\t\t\t\t<\/div>\n\t\t\t\t<div class=\"elementor-element elementor-element-iwgs-mala-lead elementor-widget elementor-widget-text-editor\" data-id=\"iwgs-mala-lead\" data-element_type=\"widget\" data-e-type=\"widget\" data-widget_type=\"text-editor.default\">\n\t\t\t\t\t\t\t\t\t<p>Mala je ozna\u010den\u00ed pro buddhistick\u00fd r\u016f\u017eenec. V nejroz\u0161\u00ed\u0159en\u011bj\u0161\u00ed podob\u011b se skl\u00e1d\u00e1 ze 108 kor\u00e1lk\u016f. Slou\u017e\u00ed k po\u010d\u00edt\u00e1n\u00ed p\u0159i od\u0159\u00edk\u00e1v\u00e1n\u00ed manter a je z\u00e1rove\u0148 znamen\u00edm duchovn\u00edho soust\u0159ed\u011bn\u00ed a <span class=\"iwg-fachbegriff\" data-tooltip=\"Pro\u017e\u00edvan\u00fd n\u00e1bo\u017eensk\u00fd postoj a praxe \u010dlov\u011bka.\" tabindex=\"0\">zbo\u017enosti<\/span>.<\/p>\t\t\t\t\t\t\t\t<\/div>\n\t\t\t\t<\/div>\n\t\t\t\t<div class=\"elementor-element elementor-element-iwgs-mala-pills elementor-widget elementor-widget-html\" data-id=\"iwgs-mala-pills\" data-element_type=\"widget\" data-e-type=\"widget\" data-widget_type=\"html.default\">\n\t\t\t\t\t<div class=\"iwg-pill-row\"><span class=\"iwg-klasse-badge\" tabindex=\"0\" data-tooltip=\"Ochrann\u00fd symbol, amulet nebo apotropaick\u00fd p\u0159edm\u011bt.\">Ochrann\u00fd symbol<\/span><a href=\"https:\/\/iwell-guard.com\/cs\/buddhismus\/\" class=\"iwg-kultur-badge\" tabindex=\"0\" data-tooltip=\"Ochrann\u00e1 tradice: Buddhismus\">Buddhismus<\/a><span class=\"iwg-tradition-badge\" tabindex=\"0\" data-tooltip=\"\u0160\u0148\u016fra kor\u00e1lk\u016f, kter\u00e1 pom\u00e1h\u00e1 po\u010d\u00edtat modlitby.\">R\u016f\u017eenec<\/span><\/div>\t\t\t\t<\/div>\n\t\t\t\t\t<\/div>\n\t\t\t\t<\/div>\n\t\t<div class=\"elementor-element elementor-element-iwgs-mala-hr e-con-full e-flex e-con e-parent\" data-id=\"iwgs-mala-hr\" data-element_type=\"container\" data-e-type=\"container\">\n\t\t\t\t<div class=\"elementor-element elementor-element-iwgs-mala-himg iwg-hero-image elementor-widget elementor-widget-image\" data-id=\"iwgs-mala-himg\" data-element_type=\"widget\" data-e-type=\"widget\" data-widget_type=\"image.default\">\n\t\t\t\t\t\t\t\t\t\t\t\t\t\t\t<img fetchpriority=\"high\" decoding=\"async\" width=\"683\" height=\"1024\" src=\"https:\/\/iwell-guard.com\/wp-content\/uploads\/2026\/05\/schutzsymbol_buddhismus_mala-683x1024.webp\" class=\"attachment-large size-large wp-image-147049\" alt=\"Mala \u2013 ochrann\u00fd symbol, muzejn\u00ed ilustrace\" srcset=\"https:\/\/iwell-guard.com\/wp-content\/uploads\/2026\/05\/schutzsymbol_buddhismus_mala-683x1024.webp 683w, https:\/\/iwell-guard.com\/wp-content\/uploads\/2026\/05\/schutzsymbol_buddhismus_mala-200x300.webp 200w, https:\/\/iwell-guard.com\/wp-content\/uploads\/2026\/05\/schutzsymbol_buddhismus_mala-768x1152.webp 768w, https:\/\/iwell-guard.com\/wp-content\/uploads\/2026\/05\/schutzsymbol_buddhismus_mala.webp 1024w\" sizes=\"(max-width: 683px) 100vw, 683px\" \/>\t\t\t\t\t\t\t\t\t\t\t\t\t\t\t<\/div>\n\t\t\t\t<\/div>\n\t\t\t\t\t<\/div>\n\t\t\t\t<\/div>\n\t\t<div class=\"elementor-element elementor-element-iwgs-mala-s0 e-flex e-con-boxed e-con e-parent\" data-id=\"iwgs-mala-s0\" data-element_type=\"container\" data-e-type=\"container\">\n\t\t\t\t\t<div class=\"e-con-inner\">\n\t\t\t\t<div class=\"elementor-element elementor-element-iwgs-mala-s0h elementor-widget elementor-widget-heading\" data-id=\"iwgs-mala-s0h\" data-element_type=\"widget\" data-e-type=\"widget\" data-widget_type=\"heading.default\">\n\t\t\t\t\t<h2 class=\"elementor-heading-title elementor-size-default\">Za\u0159azen\u00ed<\/h2>\t\t\t\t<\/div>\n\t\t<div class=\"elementor-element elementor-element-iwgs-mala-s0box e-con-full e-flex e-con e-parent\" data-id=\"iwgs-mala-s0box\" data-element_type=\"container\" data-e-type=\"container\">\n\t\t\t\t<div class=\"elementor-element elementor-element-iwgs-mala-s0t elementor-widget elementor-widget-text-editor\" data-id=\"iwgs-mala-s0t\" data-element_type=\"widget\" data-e-type=\"widget\" data-widget_type=\"text-editor.default\">\n\t\t\t\t\t\t\t\t\t<p>Mala je ozna\u010den\u00ed pro r\u016f\u017eenec <a href=\"https:\/\/iwell-guard.com\/cs\/buddhismus\/\">buddhismu<\/a>. Slovo poch\u00e1z\u00ed ze sanskrtu a znamen\u00e1 p\u0159ibli\u017en\u011b v\u011bnec nebo \u0159et\u011bz.<\/p><p>Mala je \u0161\u0148\u016fra, na kterou je navle\u010dena \u0159ada kor\u00e1lk\u016f. V nejroz\u0161\u00ed\u0159en\u011bj\u0161\u00ed podob\u011b m\u00e1 sto osm kor\u00e1lk\u016f. Krom\u011b toho existuj\u00ed krat\u0161\u00ed r\u016f\u017eence s men\u0161\u00edm po\u010dtem kor\u00e1lk\u016f.<\/p><p>Jej\u00edm \u00fakolem je po\u010d\u00edt\u00e1n\u00ed. P\u0159i od\u0159\u00edk\u00e1v\u00e1n\u00ed manter a modliteb se po ka\u017ed\u00e9m opakov\u00e1n\u00ed posune jeden kor\u00e1lek. Mala pom\u00e1h\u00e1 cvi\u010d\u00edc\u00edmu v\u00e9st po\u010det opakov\u00e1n\u00ed.<\/p><p>Nad t\u00edmto praktick\u00fdm \u00fakolem je mala znamen\u00edm duchovn\u00edho cvi\u010den\u00ed a <span class=\"iwg-fachbegriff\" data-tooltip=\"Pro\u017e\u00edvan\u00fd n\u00e1bo\u017eensk\u00fd postoj a praxe \u010dlov\u011bka.\" tabindex=\"0\">zbo\u017enosti<\/span>. Kdo nos\u00ed malu, d\u00e1v\u00e1 se poznat jako cvi\u010d\u00edc\u00ed.<\/p><p>Mala se \u010dasto nos\u00ed tak\u00e9 jako \u0161perk a st\u00e1l\u00fd pr\u016fvodce, navinut\u00e1 kolem z\u00e1p\u011bst\u00ed nebo zav\u011b\u0161en\u00e1 kolem krku. V t\u00e9to podob\u011b doprov\u00e1z\u00ed \u010dlov\u011bka b\u011bhem dne.<\/p><p>V <span class=\"iwg-fachbegriff\" data-tooltip=\"V\u011bda, kter\u00e1 zkoum\u00e1 n\u00e1bo\u017eenstv\u00ed srovn\u00e1vac\u00edm zp\u016fsobem a bez vyzn\u00e1n\u00ed.\" tabindex=\"0\">religionistice<\/span> je mala dobr\u00fdm p\u0159\u00edkladem duchovn\u00edho n\u00e1stroje, kter\u00fd je z\u00e1rove\u0148 pom\u016fckou i znamen\u00edm. Slou\u017e\u00ed cvi\u010den\u00ed a je z\u00e1rove\u0148 <span class=\"iwg-fachbegriff\" data-tooltip=\"V\u00fdmluvn\u00fd obraz, kter\u00fd zastupuje abstraktn\u00ed my\u0161lenku.\" tabindex=\"0\">symbolem<\/span> zbo\u017en\u00e9ho \u017eivota.<\/p>\t\t\t\t\t\t\t\t<\/div>\n\t\t\t\t<\/div>\n\t\t\t\t\t<\/div>\n\t\t\t\t<\/div>\n\t\t<div class=\"elementor-element elementor-element-iwgs-mala-s1 e-flex e-con-boxed e-con e-parent\" data-id=\"iwgs-mala-s1\" data-element_type=\"container\" data-e-type=\"container\">\n\t\t\t\t\t<div class=\"e-con-inner\">\n\t\t\t\t<div class=\"elementor-element elementor-element-iwgs-mala-s1h elementor-widget elementor-widget-heading\" data-id=\"iwgs-mala-s1h\" data-element_type=\"widget\" data-e-type=\"widget\" data-widget_type=\"heading.default\">\n\t\t\t\t\t<h2 class=\"elementor-heading-title elementor-size-default\">P\u016fvod a roz\u0161\u00ed\u0159en\u00ed r\u016f\u017eence<\/h2>\t\t\t\t<\/div>\n\t\t<div class=\"elementor-element elementor-element-iwgs-mala-s1box e-con-full e-flex e-con e-parent\" data-id=\"iwgs-mala-s1box\" data-element_type=\"container\" data-e-type=\"container\">\n\t\t\t\t<div class=\"elementor-element elementor-element-iwgs-mala-s1t elementor-widget elementor-widget-text-editor\" data-id=\"iwgs-mala-s1t\" data-element_type=\"widget\" data-e-type=\"widget\" data-widget_type=\"text-editor.default\">\n\t\t\t\t\t\t\t\t\t<p>R\u016f\u017eenec nevznikl v buddhismu. Je zn\u00e1m v indick\u00e9m sv\u011bt\u011b ji\u017e p\u0159ed buddhismem a pat\u0159\u00ed tak\u00e9 k tradici hinduismu.<\/p><p>V indick\u00e9 <span class=\"iwg-fachbegriff\" data-tooltip=\"Pro\u017e\u00edvan\u00fd n\u00e1bo\u017eensk\u00fd postoj a praxe \u010dlov\u011bka.\" tabindex=\"0\">zbo\u017enosti<\/span> slou\u017eil \u0159et\u011bz od po\u010d\u00e1tku k po\u010d\u00edt\u00e1n\u00ed p\u0159i opakov\u00e1n\u00ed svat\u00fdch slov a jmen. Buddhismus tento roz\u0161\u00ed\u0159en\u00fd n\u00e1stroj p\u0159evzal.<\/p><p>Se \u0161\u00ed\u0159en\u00edm buddhismu se \u0161\u00ed\u0159ila i mala. Z Indie se dostala do Tibetu, do zem\u00ed v\u00fdchodn\u00ed Asie a do jihov\u00fdchodn\u00ed Asie.<\/p><p>V r\u016fzn\u00fdch oblastech a \u0161kol\u00e1ch nabyla mala m\u00edrn\u011b odli\u0161n\u00e9 podoby. Po\u010det kor\u00e1lk\u016f, materi\u00e1l i zp\u016fsob pou\u017eit\u00ed se podle tradice li\u0161\u00ed.<\/p><p>Je pozoruhodn\u00e9, \u017ee r\u016f\u017eenec je zn\u00e1m daleko za hranicemi indick\u00e9ho a buddhistick\u00e9ho sv\u011bta. I k\u0159es\u0165anstv\u00ed a isl\u00e1m znaj\u00ed uzlovan\u00e9 nebo navle\u010den\u00e9 pom\u016fcky pro po\u010d\u00edt\u00e1n\u00ed modliteb.<\/p><p>Mala tak pat\u0159\u00ed do celosv\u011btov\u011b roz\u0161\u00ed\u0159en\u00e9 skupiny r\u016f\u017eenc\u016f. My\u0161lenka v\u00e9st po\u010d\u00edt\u00e1n\u00ed svat\u00fdch slov pomoc\u00ed navle\u010den\u00e9ho n\u00e1stroje je roz\u0161\u00ed\u0159ena nap\u0159\u00ed\u010d mnoh\u00fdmi n\u00e1bo\u017eenstv\u00edmi.<\/p>\t\t\t\t\t\t\t\t<\/div>\n\t\t\t\t<\/div>\n\t\t\t\t\t<\/div>\n\t\t\t\t<\/div>\n\t\t<div class=\"elementor-element elementor-element-iwgs-mala-s2 e-flex e-con-boxed e-con e-parent\" data-id=\"iwgs-mala-s2\" data-element_type=\"container\" data-e-type=\"container\">\n\t\t\t\t\t<div class=\"e-con-inner\">\n\t\t\t\t<div class=\"elementor-element elementor-element-iwgs-mala-s2h elementor-widget elementor-widget-heading\" data-id=\"iwgs-mala-s2h\" data-element_type=\"widget\" data-e-type=\"widget\" data-widget_type=\"heading.default\">\n\t\t\t\t\t<h2 class=\"elementor-heading-title elementor-size-default\">Po\u010det sto osmi kor\u00e1lk\u016f<\/h2>\t\t\t\t<\/div>\n\t\t<div class=\"elementor-element elementor-element-iwgs-mala-s2box e-con-full e-flex e-con e-parent\" data-id=\"iwgs-mala-s2box\" data-element_type=\"container\" data-e-type=\"container\">\n\t\t\t\t<div class=\"elementor-element elementor-element-iwgs-mala-s2t elementor-widget elementor-widget-text-editor\" data-id=\"iwgs-mala-s2t\" data-element_type=\"widget\" data-e-type=\"widget\" data-widget_type=\"text-editor.default\">\n\t\t\t\t\t\t\t\t\t<p>Nejroz\u0161\u00ed\u0159en\u011bj\u0161\u00ed mala m\u00e1 sto osm kor\u00e1lk\u016f. Toto \u010d\u00edslo nebylo zvoleno n\u00e1hodn\u011b, ale plat\u00ed v buddhismu a v indick\u00e9m sv\u011bt\u011b za \u010d\u00edslo v\u00fdznamn\u00e9.<\/p><p>\u010c\u00edslo sto osm se v buddhismu objevuje na mnoha m\u00edstech. Spojuje se s r\u016fzn\u00fdmi v\u00fd\u010dty, nap\u0159\u00edklad s po\u010dtem pout nebo p\u0159ek\u00e1\u017eek, kter\u00e9 m\u00e1 \u010dlov\u011bk p\u0159ekonat.<\/p><p>O p\u0159esn\u00e9m p\u016fvodu tohoto \u010d\u00edsla existuj\u00ed r\u016fzn\u00e9 \u00favahy. Vykl\u00e1d\u00e1 se rozli\u010dn\u011b a \u017e\u00e1dn\u00fd jednotliv\u00fd v\u00fdklad neplat\u00ed za jedin\u00fd spr\u00e1vn\u00fd.<\/p><p>Jist\u00e9 je, \u017ee \u010d\u00edslo bylo poci\u0165ov\u00e1no jako kulat\u00e9 a \u00fapln\u00e9. \u0158et\u011bz sto osmi kor\u00e1lk\u016f tvo\u0159\u00ed jakoby \u00faplnou jednotku cvi\u010den\u00ed.<\/p><p>Krom\u011b pln\u00e9 maly existuj\u00ed krat\u0161\u00ed r\u016f\u017eence. Roz\u0161\u00ed\u0159en\u00e9 jsou n\u00e1ramkov\u00e9 r\u016f\u017eence s men\u0161\u00edm po\u010dtem kor\u00e1lk\u016f, \u010dasto d\u011blitelem sta osmi, kter\u00e9 se nos\u00ed na z\u00e1p\u011bst\u00ed.<\/p><p>Po\u010det kor\u00e1lk\u016f tak d\u00e1v\u00e1 male pevn\u00fd \u0159\u00e1d. S ka\u017ed\u00fdm \u00fapln\u00fdm kolem dos\u00e1hne cvi\u010d\u00edc\u00ed ur\u010dit\u00e9ho, v\u00fdznamn\u00e9ho po\u010dtu opakov\u00e1n\u00ed.<\/p>\t\t\t\t\t\t\t\t<\/div>\n\t\t\t\t<\/div>\n\t\t\t\t\t<\/div>\n\t\t\t\t<\/div>\n\t\t<div class=\"elementor-element elementor-element-iwgs-mala-s3 e-flex e-con-boxed e-con e-parent\" data-id=\"iwgs-mala-s3\" data-element_type=\"container\" data-e-type=\"container\">\n\t\t\t\t\t<div class=\"e-con-inner\">\n\t\t\t\t<div class=\"elementor-element elementor-element-iwgs-mala-s3h elementor-widget elementor-widget-heading\" data-id=\"iwgs-mala-s3h\" data-element_type=\"widget\" data-e-type=\"widget\" data-widget_type=\"heading.default\">\n\t\t\t\t\t<h2 class=\"elementor-heading-title elementor-size-default\">Stavba a materi\u00e1l maly<\/h2>\t\t\t\t<\/div>\n\t\t<div class=\"elementor-element elementor-element-iwgs-mala-s3box e-con-full e-flex e-con e-parent\" data-id=\"iwgs-mala-s3box\" data-element_type=\"container\" data-e-type=\"container\">\n\t\t\t\t<div class=\"elementor-element elementor-element-iwgs-mala-s3t elementor-widget elementor-widget-text-editor\" data-id=\"iwgs-mala-s3t\" data-element_type=\"widget\" data-e-type=\"widget\" data-widget_type=\"text-editor.default\">\n\t\t\t\t\t\t\t\t\t<p>Mala m\u00e1 uspo\u0159\u00e1danou stavbu. Krom\u011b sta osmi po\u010d\u00edtac\u00edch kor\u00e1lk\u016f m\u00e1 dal\u0161\u00ed sou\u010d\u00e1sti, z nich\u017e ka\u017ed\u00e1 m\u00e1 sv\u016fj vlastn\u00ed \u00fakol.<\/p><p>Na jednom m\u00edst\u011b \u0159et\u011bzu sed\u00ed v\u011bt\u0161\u00ed nebo odli\u0161n\u00fd kor\u00e1lek, kter\u00fd se \u010dasto naz\u00fdv\u00e1 mistrovsk\u00fd kor\u00e1lek. Ozna\u010duje za\u010d\u00e1tek a konec kola a s\u00e1m se nepo\u010d\u00edt\u00e1.<\/p><p>Nad mistrovsk\u00fdm kor\u00e1lkem b\u00fdv\u00e1 \u010dasto podlouhl\u00fd koncov\u00fd d\u00edl, kter\u00fd \u0159et\u011bz uzav\u00edr\u00e1. B\u00fdv\u00e1 spojov\u00e1n s bohatstv\u00edm pozn\u00e1n\u00ed nebo s duchovn\u00edm dokon\u00e1n\u00edm.<\/p><p>N\u011bkter\u00e9 maly maj\u00ed dal\u0161\u00ed po\u010d\u00edtac\u00ed kor\u00e1lky, vlo\u017een\u00e9 ve v\u011bt\u0161\u00edch rozestupech. Pom\u00e1haj\u00ed v\u00e9st v\u011bt\u0161\u00ed mno\u017estv\u00ed opakov\u00e1n\u00ed nebo po\u010det dokon\u010den\u00fdch kol.<\/p><p>Pro kor\u00e1lky se pou\u017e\u00edvaj\u00ed r\u016fzn\u00e9 materi\u00e1ly. Roz\u0161\u00ed\u0159en\u00e9 je d\u0159evo, semena ur\u010dit\u00fdch rostlin, kost a polodrahokamy. V n\u011bkter\u00fdch tradic\u00edch je zvl\u00e1\u0161\u0165 cen\u011bn ur\u010dit\u00fd materi\u00e1l.<\/p><p>\u010clen\u011bn\u00e1 stavba d\u011bl\u00e1 z maly promy\u0161len\u00fd n\u00e1stroj. Po\u010d\u00edtac\u00ed kor\u00e1lky, mistrovsk\u00fd kor\u00e1lek, koncov\u00fd d\u00edl a dal\u0161\u00ed zna\u010dky do sebe zapadaj\u00ed a umo\u017e\u0148uj\u00ed p\u0159esn\u00e9 veden\u00ed od\u0159\u00edk\u00e1v\u00e1n\u00ed.<\/p>\t\t\t\t\t\t\t\t<\/div>\n\t\t\t\t<\/div>\n\t\t\t\t\t<\/div>\n\t\t\t\t<\/div>\n\t\t<div class=\"elementor-element elementor-element-iwgs-mala-s4 e-flex e-con-boxed e-con e-parent\" data-id=\"iwgs-mala-s4\" data-element_type=\"container\" data-e-type=\"container\">\n\t\t\t\t\t<div class=\"e-con-inner\">\n\t\t\t\t<div class=\"elementor-element elementor-element-iwgs-mala-s4h elementor-widget elementor-widget-heading\" data-id=\"iwgs-mala-s4h\" data-element_type=\"widget\" data-e-type=\"widget\" data-widget_type=\"heading.default\">\n\t\t\t\t\t<h2 class=\"elementor-heading-title elementor-size-default\">Mala v pou\u017e\u00edv\u00e1n\u00ed<\/h2>\t\t\t\t<\/div>\n\t\t<div class=\"elementor-element elementor-element-iwgs-mala-s4box e-con-full e-flex e-con e-parent\" data-id=\"iwgs-mala-s4box\" data-element_type=\"container\" data-e-type=\"container\">\n\t\t\t\t<div class=\"elementor-element elementor-element-iwgs-mala-s4t elementor-widget elementor-widget-text-editor\" data-id=\"iwgs-mala-s4t\" data-element_type=\"widget\" data-e-type=\"widget\" data-widget_type=\"text-editor.default\">\n\t\t\t\t\t\t\t\t\t<p>Mala se pou\u017e\u00edv\u00e1 p\u0159i recitaci manter a modliteb. Jej\u00ed pou\u017e\u00edv\u00e1n\u00ed se \u0159\u00edd\u00ed uspo\u0159\u00e1dan\u00fdm postupem, kter\u00fd je v jednotliv\u00fdch tradic\u00edch podobn\u00fd, av\u0161ak v podrobnostech se li\u0161\u00ed.<\/p><p>Cvi\u010d\u00edc\u00ed dr\u017e\u00ed r\u016f\u017eenec v ruce a za\u010d\u00edn\u00e1 prvn\u00ed kor\u00e1lkou po kor\u00e1lce mistra. Po ka\u017ed\u00e9m opakov\u00e1n\u00ed mantry posune palcem o jednu kor\u00e1lku d\u00e1l.<\/p><p>Tak putuje cvi\u010d\u00edc\u00ed kor\u00e1lku po kor\u00e1lce cel\u00fdm \u0159et\u011bzcem. Kdy\u017e dosp\u011bje k mistrovsk\u00e9 kor\u00e1lce, dokon\u010dil cel\u00e9 kolo sto osmi opakov\u00e1n\u00ed.<\/p><p>Chce-li cvi\u010d\u00edc\u00ed pokra\u010dovat, oto\u010d\u00ed r\u016f\u017eenec a za\u010d\u00edn\u00e1 nov\u00e9 kolo. Mistrovsk\u00e1 kor\u00e1lka se p\u0159itom nep\u0159ekra\u010duje, ale tvo\u0159\u00ed v\u017edy bod obratu.<\/p><p>Tento zp\u016fsob umo\u017e\u0148uje cvi\u010d\u00edc\u00edmu zam\u011b\u0159it se zcela na <span class=\"iwg-fachbegriff\" data-tooltip=\"Svat\u00e1 slabika nebo formule, kter\u00e1 se v hinduismu a buddhismu opakovan\u011b vyslovuje.\" tabindex=\"0\">mantru<\/span>. Po\u010d\u00edt\u00e1n\u00ed prob\u00edh\u00e1 tak\u0159ka samo, ani\u017e by pozornost byla odv\u00e1d\u011bna od recitace.<\/p><p>Mala je tak n\u00e1strojem soust\u0159ed\u011bn\u00ed. Zbavuje cvi\u010d\u00edc\u00edho po\u010d\u00edt\u00e1n\u00ed a uvol\u0148uje ho pro samotn\u00e9 duchovn\u00ed cvi\u010den\u00ed, opakov\u00e1n\u00ed svat\u00e9ho slova.<\/p>\t\t\t\t\t\t\t\t<\/div>\n\t\t\t\t<\/div>\n\t\t\t\t\t<\/div>\n\t\t\t\t<\/div>\n\t\t<div class=\"elementor-element elementor-element-iwgs-mala-s5 e-flex e-con-boxed e-con e-parent\" data-id=\"iwgs-mala-s5\" data-element_type=\"container\" data-e-type=\"container\">\n\t\t\t\t\t<div class=\"e-con-inner\">\n\t\t\t\t<div class=\"elementor-element elementor-element-iwgs-mala-s5h elementor-widget elementor-widget-heading\" data-id=\"iwgs-mala-s5h\" data-element_type=\"widget\" data-e-type=\"widget\" data-widget_type=\"heading.default\">\n\t\t\t\t\t<h2 class=\"elementor-heading-title elementor-size-default\">Mantra, opakov\u00e1n\u00ed a soust\u0159ed\u011bn\u00ed<\/h2>\t\t\t\t<\/div>\n\t\t<div class=\"elementor-element elementor-element-iwgs-mala-s5box e-con-full e-flex e-con e-parent\" data-id=\"iwgs-mala-s5box\" data-element_type=\"container\" data-e-type=\"container\">\n\t\t\t\t<div class=\"elementor-element elementor-element-iwgs-mala-s5t elementor-widget elementor-widget-text-editor\" data-id=\"iwgs-mala-s5t\" data-element_type=\"widget\" data-e-type=\"widget\" data-widget_type=\"text-editor.default\">\n\t\t\t\t\t\t\t\t\t<p>Mala je vzta\u017eena k <span class=\"iwg-fachbegriff\" data-tooltip=\"Svat\u00e1 slabika nebo formule, kter\u00e1 se v hinduismu a buddhismu opakovan\u011b vyslovuje.\" tabindex=\"0\">mant\u0159e<\/span>. Bez recitace manter a modliteb by modlitebn\u00ed r\u016f\u017eenec nem\u011bl \u017e\u00e1dn\u00fd \u00fakol.<\/p><p><span class=\"iwg-fachbegriff\" data-tooltip=\"Svat\u00e1 slabika nebo formule, kter\u00e1 se v hinduismu a buddhismu opakovan\u011b vyslovuje.\" tabindex=\"0\">Mantra<\/span> je svat\u00e1 formule, slovo nebo v\u011bta, kter\u00e1 se p\u0159i cvi\u010den\u00ed opakovan\u011b vyslovuje. V buddhismu je b\u011b\u017en\u00fdch mnoho manter, p\u0159i\u0159azen\u00fdch jednotliv\u00fdm postav\u00e1m nebo nauk\u00e1m.<\/p><p>Smysl opakov\u00e1n\u00ed spo\u010d\u00edv\u00e1 v soust\u0159ed\u011bn\u00ed mysli. T\u00edm, \u017ee cvi\u010d\u00edc\u00ed opakovan\u011b pron\u00e1\u0161\u00ed <span class=\"iwg-fachbegriff\" data-tooltip=\"Svat\u00e1 slabika nebo formule, kter\u00e1 se v hinduismu a buddhismu opakovan\u011b vyslovuje.\" tabindex=\"0\">mantru<\/span>, zam\u011b\u0159uje svou <span class=\"iwg-fachbegriff\" data-tooltip=\"Bezt\u011blesn\u00e1 bytost, j\u00ed\u017e je p\u0159ipisov\u00e1no p\u016fsoben\u00ed ve sv\u011bt\u011b.\" tabindex=\"0\">mysl<\/span> a osvobozuje ji od neklidn\u00e9ho t\u011bk\u00e1n\u00ed.<\/p><p>Mnohon\u00e1sobn\u00e9 opakov\u00e1n\u00ed je p\u0159i tom v\u00fdslovn\u011b \u017e\u00e1douc\u00ed. N\u011bkter\u00e1 cvi\u010den\u00ed p\u0159edepisuj\u00ed vyslovit <span class=\"iwg-fachbegriff\" data-tooltip=\"Svat\u00e1 slabika nebo formule, kter\u00e1 se v hinduismu a buddhismu opakovan\u011b vyslovuje.\" tabindex=\"0\">mantru<\/span> mnoho tis\u00edc kr\u00e1t. Zde se mala st\u00e1v\u00e1 nepostradatelnou pom\u016fckou.<\/p><p>Mala vede po\u010d\u00edt\u00e1n\u00ed, av\u0161ak sama nen\u00ed podstatou v\u011bci. Podstatou je <span class=\"iwg-fachbegriff\" data-tooltip=\"Svat\u00e1 slabika nebo formule, kter\u00e1 se v hinduismu a buddhismu opakovan\u011b vyslovuje.\" tabindex=\"0\">mantra<\/span> a duchovn\u00ed soust\u0159ed\u011bn\u00ed, kter\u00e9 vznik\u00e1 jej\u00edm opakov\u00e1n\u00edm.<\/p><p>Mala je tak n\u00e1strojem, kter\u00fd slou\u017e\u00ed. Stoj\u00ed ve slu\u017eb\u011b recitace a soust\u0159ed\u011bn\u00ed, a jej\u00ed hodnota spo\u010d\u00edv\u00e1 v tom, \u017ee toto duchovn\u00ed cvi\u010den\u00ed umo\u017e\u0148uje a uspo\u0159\u00e1d\u00e1v\u00e1.<\/p>\t\t\t\t\t\t\t\t<\/div>\n\t\t\t\t<\/div>\n\t\t\t\t\t<\/div>\n\t\t\t\t<\/div>\n\t\t<div class=\"elementor-element elementor-element-iwgs-mala-s6 e-flex e-con-boxed e-con e-parent\" data-id=\"iwgs-mala-s6\" data-element_type=\"container\" data-e-type=\"container\">\n\t\t\t\t\t<div class=\"e-con-inner\">\n\t\t\t\t<div class=\"elementor-element elementor-element-iwgs-mala-s6h elementor-widget elementor-widget-heading\" data-id=\"iwgs-mala-s6h\" data-element_type=\"widget\" data-e-type=\"widget\" data-widget_type=\"heading.default\">\n\t\t\t\t\t<h2 class=\"elementor-heading-title elementor-size-default\">Mala jako znamen\u00ed a ochrana<\/h2>\t\t\t\t<\/div>\n\t\t<div class=\"elementor-element elementor-element-iwgs-mala-s6box e-con-full e-flex e-con e-parent\" data-id=\"iwgs-mala-s6box\" data-element_type=\"container\" data-e-type=\"container\">\n\t\t\t\t<div class=\"elementor-element elementor-element-iwgs-mala-s6t elementor-widget elementor-widget-text-editor\" data-id=\"iwgs-mala-s6t\" data-element_type=\"widget\" data-e-type=\"widget\" data-widget_type=\"text-editor.default\">\n\t\t\t\t\t\t\t\t\t<p>Nad r\u00e1mec sv\u00e9 \u00falohy jako po\u010d\u00edtac\u00edho n\u00e1stroje je mala znamen\u00edm. Nos\u00ed se \u010dasto po cel\u00fd den a ukazuje, \u017ee je jej\u00edm nositelem cvi\u010d\u00edc\u00ed.<\/p><p>Mala je tak znamen\u00edm <span class=\"iwg-fachbegriff\" data-tooltip=\"Pro\u017e\u00edvan\u00fd n\u00e1bo\u017eensk\u00fd postoj a praxe \u010dlov\u011bka.\" tabindex=\"0\">zbo\u017enosti<\/span> a duchovn\u00edho cvi\u010den\u00ed. Kdo ji nos\u00ed kolem z\u00e1p\u011bst\u00ed nebo kolem krku, p\u0159izn\u00e1v\u00e1 se k buddhistick\u00e9 praxi.<\/p><p>Ochrann\u00fd v\u00fdznam z\u00edsk\u00e1v\u00e1 mala p\u0159edev\u0161\u00edm t\u00edm, co se na n\u00ed odehr\u00e1lo. R\u016f\u017eenec, na n\u011bm\u017e bylo od\u0159\u00edk\u00e1no mnoho tis\u00edc manter, je pova\u017eov\u00e1n za touto prax\u00ed prosycen\u00fd.<\/p><p>V n\u011bkter\u00fdch tradic\u00edch jsou nav\u00edc maly \u017eehn\u00e1ny u\u010ditelem. Po\u017eehnan\u00e1 mala je pak ch\u00e1p\u00e1na jako p\u0159edm\u011bt, kter\u00fd v sob\u011b nese <span class=\"iwg-fachbegriff\" data-tooltip=\"P\u0159\u00e1n\u00ed zdaru a ochrany, \u010dasto v pevn\u00e9 jazykov\u00e9 form\u011b.\" tabindex=\"0\">po\u017eehn\u00e1n\u00ed<\/span> praxe a u\u010ditele.<\/p><p>Ochrana maly tak nespo\u010d\u00edv\u00e1 v odpuzuj\u00edc\u00ed s\u00edle. Spo\u010d\u00edv\u00e1 ve vzpom\u00ednce na cvi\u010den\u00ed a ve spojen\u00ed s recitac\u00ed, kter\u00e1 na n\u00ed byla vykon\u00e1na.<\/p><p>Mala je tak dobr\u00fdm p\u0159\u00edkladem p\u0159edm\u011btu, kter\u00fd se pou\u017e\u00edv\u00e1n\u00edm st\u00e1v\u00e1 znamen\u00edm. Z po\u010d\u00edtac\u00edho n\u00e1stroje recitace se st\u00e1v\u00e1 no\u0161en\u00e9 znamen\u00ed <span class=\"iwg-fachbegriff\" data-tooltip=\"Pro\u017e\u00edvan\u00fd n\u00e1bo\u017eensk\u00fd postoj a praxe \u010dlov\u011bka.\" tabindex=\"0\">zbo\u017enosti<\/span> a duchovn\u00edho soust\u0159ed\u011bn\u00ed.<\/p>\t\t\t\t\t\t\t\t<\/div>\n\t\t\t\t<\/div>\n\t\t\t\t\t<\/div>\n\t\t\t\t<\/div>\n\t\t<div class=\"elementor-element elementor-element-iwgs-mala-s7 e-flex e-con-boxed e-con e-parent\" data-id=\"iwgs-mala-s7\" data-element_type=\"container\" data-e-type=\"container\">\n\t\t\t\t\t<div class=\"e-con-inner\">\n\t\t\t\t<div class=\"elementor-element elementor-element-iwgs-mala-s7h elementor-widget elementor-widget-heading\" data-id=\"iwgs-mala-s7h\" data-element_type=\"widget\" data-e-type=\"widget\" data-widget_type=\"heading.default\">\n\t\t\t\t\t<h2 class=\"elementor-heading-title elementor-size-default\">Mala mezi modlitebn\u00edmi r\u016f\u017eenci sv\u011bta<\/h2>\t\t\t\t<\/div>\n\t\t<div class=\"elementor-element elementor-element-iwgs-mala-s7box e-con-full e-flex e-con e-parent\" data-id=\"iwgs-mala-s7box\" data-element_type=\"container\" data-e-type=\"container\">\n\t\t\t\t<div class=\"elementor-element elementor-element-iwgs-mala-s7t elementor-widget elementor-widget-text-editor\" data-id=\"iwgs-mala-s7t\" data-element_type=\"widget\" data-e-type=\"widget\" data-widget_type=\"text-editor.default\">\n\t\t\t\t\t\t\t\t\t<p>Malu lze poj\u00edmat v \u0161ir\u0161\u00edm souvislosti modlitebn\u00edch r\u016f\u017eenc\u016f. Takov\u00e9 r\u016f\u017eence a spleten\u00e9 pom\u016fcky jsou zn\u00e1my v mnoha n\u00e1bo\u017eenstv\u00edch.<\/p><p>V hinduismu, z jeho\u017e prost\u0159ed\u00ed buddhistick\u00e1 mala poch\u00e1z\u00ed, je modlitebn\u00ed r\u016f\u017eenec tak\u00e9 v u\u017e\u00edv\u00e1n\u00ed. I tam slou\u017e\u00ed k po\u010d\u00edt\u00e1n\u00ed p\u0159i opakov\u00e1n\u00ed svat\u00fdch jmen a formul\u00ed.<\/p><p>K\u0159es\u0165anstv\u00ed zn\u00e1zorn\u00ed r\u016f\u017eenec, spletenou \u0161\u0148\u016fru s kor\u00e1lky, kter\u00e1 vede modlitbu pevn\u00e9 \u0159ady modliteb. Isl\u00e1m zn\u00e1zorn\u00ed modlitebn\u00ed r\u016f\u017eenec pro vyslovov\u00e1n\u00ed jmen Bo\u017e\u00edch.<\/p><p>V\u0161em t\u011bmto r\u016f\u017eenc\u016fm je vlastn\u00ed stejn\u00e1 z\u00e1kladn\u00ed my\u0161lenka. Opakovan\u00e9 vyslovov\u00e1n\u00ed svat\u00fdch slov je vedeno se\u0159azenou pom\u016fckou, aby se modl\u00edc\u00ed se mohl zam\u011b\u0159it na slovo.<\/p><p>Rozd\u00edly spo\u010d\u00edvaj\u00ed v podrobnostech, v po\u010dtu kor\u00e1lk\u016f, ve vyslovovan\u00fdch slovech a v zp\u016fsobu u\u017e\u00edv\u00e1n\u00ed. Spole\u010dn\u00e9 j\u00e1dro, veden\u00e9 po\u010d\u00edt\u00e1n\u00ed recitace, je v\u0161ak v\u0161ude stejn\u00e9.<\/p><p>Mala je tak buddhistickou podobou celosv\u011btov\u011b roz\u0161\u00ed\u0159en\u00e9ho n\u00e1stroje. Ukazuje, \u017ee my\u0161lenka v\u00e9st <span class=\"iwg-fachbegriff\" data-tooltip=\"Jazykov\u00e9 obr\u00e1cen\u00ed \u010dlov\u011bka k bo\u017estvu.\" tabindex=\"0\">modlitbu<\/span> pomoc\u00ed r\u016f\u017eence byla ch\u00e1p\u00e1na nap\u0159\u00ed\u010d n\u00e1bo\u017eenstv\u00edmi.<\/p>\t\t\t\t\t\t\t\t<\/div>\n\t\t\t\t<\/div>\n\t\t\t\t\t<\/div>\n\t\t\t\t<\/div>\n\t\t<div class=\"elementor-element elementor-element-iwgs-mala-s8 e-flex e-con-boxed e-con e-parent\" data-id=\"iwgs-mala-s8\" data-element_type=\"container\" data-e-type=\"container\">\n\t\t\t\t\t<div class=\"e-con-inner\">\n\t\t\t\t<div class=\"elementor-element elementor-element-iwgs-mala-s8h elementor-widget elementor-widget-heading\" data-id=\"iwgs-mala-s8h\" data-element_type=\"widget\" data-e-type=\"widget\" data-widget_type=\"heading.default\">\n\t\t\t\t\t<h2 class=\"elementor-heading-title elementor-size-default\">Sou\u010dasn\u00e1 recepce<\/h2>\t\t\t\t<\/div>\n\t\t<div class=\"elementor-element elementor-element-iwgs-mala-s8box e-con-full e-flex e-con e-parent\" data-id=\"iwgs-mala-s8box\" data-element_type=\"container\" data-e-type=\"container\">\n\t\t\t\t<div class=\"elementor-element elementor-element-iwgs-mala-s8t elementor-widget elementor-widget-text-editor\" data-id=\"iwgs-mala-s8t\" data-element_type=\"widget\" data-e-type=\"widget\" data-widget_type=\"text-editor.default\">\n\t\t\t\t\t\t\t\t\t<p>Mala je v buddhistick\u00e9m sv\u011bt\u011b dodnes roz\u0161\u00ed\u0159en\u00fdm a \u017eiv\u00fdm n\u00e1strojem. V kl\u00e1\u0161terech i p\u0159i praxi v\u011b\u0159\u00edc\u00edch se st\u00e1le pou\u017e\u00edv\u00e1 beze zm\u011bny.<\/p><p>Mni\u0161i, mni\u0161ky a cvi\u010d\u00edc\u00ed laici nos\u00ed malu p\u0159i recitaci i v b\u011b\u017en\u00e9m \u017eivot\u011b. Je d\u016fv\u011brn\u011b zn\u00e1m\u00fdm obrazem v zem\u00edch buddhismu.<\/p><p>Za hranicemi buddhistick\u00e9ho sv\u011bta se mala stala zn\u00e1mou i na Z\u00e1pad\u011b, spolu se z\u00e1jmem o buddhistickou praxi a meditaci. Zde se \u010dasto pou\u017e\u00edv\u00e1 a nos\u00ed.<\/p><p>V tomto \u0161ir\u0161\u00edm roz\u0161\u00ed\u0159en\u00ed se mala z\u00e1rove\u0148 nos\u00ed jako \u0161perk. Jako n\u00e1ramek na z\u00e1p\u011bst\u00ed se stala obl\u00edben\u00fdm kusem \u0161perku.<\/p><p>P\u0159i tomto pou\u017eit\u00ed m\u016f\u017ee n\u00e1bo\u017eensk\u00fd v\u00fdznam maly ustoupit do pozad\u00ed. Pak je ch\u00e1p\u00e1na obecn\u011b jako \u0161perk nebo jako symbol obr\u00e1cen\u00ed k v\u011bdom\u00e9 p\u0159\u00edtomnosti.<\/p><p>Ve sv\u00e9m j\u00e1dru v\u0161ak mala z\u016fst\u00e1v\u00e1 t\u00edm, \u010d\u00edm v\u017edy byla: modlitebn\u00edm \u0159et\u011bzem pro recitaci manter, n\u00e1strojem duchovn\u00edho soust\u0159ed\u011bn\u00ed a znamen\u00edm zbo\u017en\u00e9ho, cvi\u010d\u00edc\u00edho \u017eivota.<\/p>\t\t\t\t\t\t\t\t<\/div>\n\t\t\t\t<\/div>\n\t\t\t\t\t<\/div>\n\t\t\t\t<\/div>\n\t\t<div class=\"elementor-element elementor-element-iwgs-mala-lit e-flex e-con-boxed e-con e-parent\" data-id=\"iwgs-mala-lit\" data-element_type=\"container\" data-e-type=\"container\">\n\t\t\t\t\t<div class=\"e-con-inner\">\n\t\t\t\t<div class=\"elementor-element elementor-element-iwgs-mala-lith elementor-widget elementor-widget-heading\" data-id=\"iwgs-mala-lith\" data-element_type=\"widget\" data-e-type=\"widget\" data-widget_type=\"heading.default\">\n\t\t\t\t\t<h2 class=\"elementor-heading-title elementor-size-default\">Literatura (v\u00fdb\u011br)<\/h2>\t\t\t\t<\/div>\n\t\t<div class=\"elementor-element elementor-element-iwgs-mala-litbox e-con-full e-flex e-con e-parent\" data-id=\"iwgs-mala-litbox\" data-element_type=\"container\" data-e-type=\"container\">\n\t\t\t\t<div class=\"elementor-element elementor-element-iwgs-mala-litt elementor-widget elementor-widget-html\" data-id=\"iwgs-mala-litt\" data-element_type=\"widget\" data-e-type=\"widget\" data-widget_type=\"html.default\">\n\t\t\t\t\t<footer data-nosnippet=\"true\"><ul><li>Robert Beer: <em>Die Symbole des tibetischen Buddhismus<\/em> (2003)<\/li><li>Hans Wolfgang Schumann: <em>Buddhismus. Stifter, Schulen und Systeme<\/em> (1976)<\/li><li>Detlef Ingo Lauf: <em>Geheimlehren tibetischer Malereien<\/em> (1979)<\/li><li>Heinz Bechert und Richard Gombrich (Hrsg.): <em>Der Buddhismus. Geschichte und Gegenwart<\/em> (1984)<\/li><li>Lama Anagarika Govinda: <em>Grundlagen tibetischer Mystik<\/em> (1956)<\/li><\/ul><\/footer>\t\t\t\t<\/div>\n\t\t\t\t<\/div>\n\t\t\t\t\t<\/div>\n\t\t\t\t<\/div>\n\t\t<div class=\"elementor-element elementor-element-iwgs-mala-kwd e-flex e-con-boxed e-con e-parent\" data-id=\"iwgs-mala-kwd\" data-element_type=\"container\" data-e-type=\"container\">\n\t\t\t\t\t<div class=\"e-con-inner\">\n\t\t\t\t<div class=\"elementor-element elementor-element-iwgs-mala-kwdt elementor-widget elementor-widget-text-editor\" data-id=\"iwgs-mala-kwdt\" data-element_type=\"widget\" data-e-type=\"widget\" data-widget_type=\"text-editor.default\">\n\t\t\t\t\t\t\t\t\t<p><em>Souvisej\u00edc\u00ed kl\u00ed\u010dov\u00e9 pojmy: mala buddhistick\u00fd modlitebn\u00ed \u0159et\u011bz 108 kor\u00e1lk\u016f <span class=\"iwg-fachbegriff\" data-tooltip=\"Svat\u00e1 slabika nebo formule, kter\u00e1 se v hinduismu a buddhismu opakovan\u011b pron\u00e1\u0161\u00ed.\" tabindex=\"0\">mantra<\/span> recitace hlavn\u00ed kor\u00e1lek buddhismus duchovn\u00ed soust\u0159ed\u011bn\u00ed.<\/em><\/p>\t\t\t\t\t\t\t\t<\/div>\n\t\t\t\t\t<\/div>\n\t\t\t\t<\/div>\n\t\t<div class=\"elementor-element elementor-element-iwgs-mala-cc e-flex e-con-boxed e-con e-parent\" data-id=\"iwgs-mala-cc\" data-element_type=\"container\" data-e-type=\"container\" id=\"iwg-cc-mala\">\n\t\t\t\t\t<div class=\"e-con-inner\">\n\t\t<div class=\"elementor-element elementor-element-iwgs-mala-ccinner e-flex e-con-boxed e-con e-parent\" data-id=\"iwgs-mala-ccinner\" data-element_type=\"container\" data-e-type=\"container\" data-settings=\"{&quot;background_background&quot;:&quot;classic&quot;}\">\n\t\t\t\t\t<div class=\"e-con-inner\">\n\t\t\t\t<div class=\"elementor-element elementor-element-iwgs-mala-cch elementor-widget elementor-widget-heading\" data-id=\"iwgs-mala-cch\" data-element_type=\"widget\" data-e-type=\"widget\" data-widget_type=\"heading.default\">\n\t\t\t\t\t<h2 class=\"elementor-heading-title elementor-size-default\">iWell Guard a ochrann\u00e9 tradice<\/h2>\t\t\t\t<\/div>\n\t\t\t\t<div class=\"elementor-element elementor-element-iwgs-mala-cct elementor-widget elementor-widget-text-editor\" data-id=\"iwgs-mala-cct\" data-element_type=\"widget\" data-e-type=\"widget\" data-widget_type=\"text-editor.default\">\n\t\t\t\t\t\t\t\t\t<p>iWell Guard navazuje na kulturn\u011b-historickou linii nosen\u00fdch ochrann\u00fdch p\u0159edm\u011bt\u016f, k n\u00ed\u017e pat\u0159\u00ed i mala. Modern\u00ed spole\u010dn\u00edk pro lidi, kte\u0159\u00ed \u017eij\u00ed s ochrann\u00fdmi symboly: vyroben v N\u011bmecku, 41 vrstev z ryz\u00edho zlata, platiny a st\u0159\u00edbra, s 30denn\u00ed lh\u016ftou pro vr\u00e1cen\u00ed zbo\u017e\u00ed.<\/p>\t\t\t\t\t\t\t\t<\/div>\n\t\t\t\t<div class=\"elementor-element elementor-element-iwgs-mala-ccb iwg-cc-button iwg-cc-cta-2026-05-13 elementor-widget elementor-widget-jet-button\" data-id=\"iwgs-mala-ccb\" data-element_type=\"widget\" data-e-type=\"widget\" data-widget_type=\"jet-button.default\">\n\t\t\t\t<div class=\"elementor-widget-container\">\n\t\t\t\t\t<div class=\"elementor-jet-button jet-elements\"><div class=\"jet-button__container\"><a class=\"jet-button__instance jet-button__instance--icon-left hover-effect-1\" href=\"\/schutzanhaenger-iwell-guard-kaufen\/?utm_source=iwell-guard.com&amp;utm_medium=info-box&amp;utm_campaign=schutzsymbole\"><div class=\"jet-button__plane jet-button__plane-normal\"><\/div><div class=\"jet-button__plane jet-button__plane-hover\"><\/div><div class=\"jet-button__state jet-button__state-normal\"><span class=\"jet-button__label\">V\u00edce o iWell Guard<\/span><\/div><div class=\"jet-button__state jet-button__state-hover\"><span class=\"jet-button__label\">V\u00edce o iWell Guard<\/span><\/div><\/a><\/div><\/div><style>.elementor-element.elementor-element-iwgs-mala-ccb .jet-button__instance{width:320px;height:56px;}.elementor-element.elementor-element-iwgs-mala-ccb .jet-button__state-normal .jet-button__label{text-align:center;margin:0px 0px 0px 0px;color:#1a1b20;font-family:Montserrat,sans-serif;font-size:13px;font-weight:400;letter-spacing:4px;line-height:1.714em;text-transform:uppercase;}.elementor-element.elementor-element-iwgs-mala-ccb .jet-button__state-hover .jet-button__label{text-align:center;margin:0px 0px 0px 0px;color:#FECC76;font-family:Montserrat,sans-serif;font-size:13px;font-weight:400;letter-spacing:4px;line-height:1.714em;text-transform:uppercase;}.elementor-element.elementor-element-iwgs-mala-ccb .jet-button__plane-normal{background-color:#FECC76;border-style:solid;border-color:#C99540;border-width:2px 2px 2px 2px;}.elementor-element.elementor-element-iwgs-mala-ccb .jet-button__plane-hover{background-color:rgba(0,0,0,0.55);border-style:solid;border-color:#FECC76;border-width:2px 2px 2px 2px;}<\/style>\t\t\t\t<\/div>\n\t\t\t\t<\/div>\n\t\t\t\t<div class=\"elementor-element elementor-element-iwgs-mala-ccd elementor-widget elementor-widget-text-editor\" data-id=\"iwgs-mala-ccd\" data-element_type=\"widget\" data-e-type=\"widget\" data-widget_type=\"text-editor.default\">\n\t\t\t\t\t\t\t\t\t<p style=\"text-align:center;font-size:13px;opacity:0.7;margin-top:14px\" data-nosnippet=\"true\">Osobn\u00ed zku\u0161enosti se mohou li\u0161it. Nejde o zdravotnick\u00fd prost\u0159edek. Nejde o p\u0159\u00edslib l\u00e9\u010den\u00ed.<\/p>\t\t\t\t\t\t\t\t<\/div>\n\t\t\t\t\t<\/div>\n\t\t\t\t<\/div>\n\t\t\t\t\t<\/div>\n\t\t\t\t<\/div>\n\t\t<div class=\"elementor-element elementor-element-iwgs-mala-disc e-flex e-con-boxed e-con e-parent\" data-id=\"iwgs-mala-disc\" data-element_type=\"container\" data-e-type=\"container\">\n\t\t\t\t\t<div class=\"e-con-inner\">\n\t\t\t\t<div class=\"elementor-element elementor-element-iwgs-mala-discw elementor-widget elementor-widget-html\" data-id=\"iwgs-mala-discw\" data-element_type=\"widget\" data-e-type=\"widget\" data-widget_type=\"html.default\">\n\t\t\t\t\t<footer data-nosnippet=\"true\" class=\"iwg-disclaimer-block\"><p data-nosnippet=\"true\">iWell Guard <strong>nen\u00ed zdravotnick\u00fd prost\u0159edek<\/strong> a nenahrazuje l\u00e9ka\u0159skou ani psychoterapeutickou l\u00e9\u010dbu. Zde uveden\u00fd obsah p\u0159edstavuje religionistick\u00e9 a kulturn\u011b-historick\u00e9 za\u0159azen\u00ed, nikoli p\u0159\u00edslib duchovn\u00edho \u00fa\u010dinku.<\/p><\/footer>\t\t\t\t<\/div>\n\t\t\t\t\t<\/div>\n\t\t\t\t<\/div>\n\t\t\t\t<\/div>\n\t\t","protected":false},"excerpt":{"rendered":"","protected":false},"author":3,"featured_media":3530,"parent":0,"menu_order":0,"comment_status":"closed","ping_status":"closed","template":"elementor_header_footer","meta":{"_yoast_wpseo_focuskw":"Mala","_yoast_wpseo_title":"Mala \u2013 buddhistick\u00fd r\u016f\u017eenec","_yoast_wpseo_metadesc":"Mala je buddhistick\u00fd r\u016f\u017eenec ze 108 kor\u00e1lk\u016f. Slou\u017e\u00ed k od\u0159\u00edk\u00e1v\u00e1n\u00ed manter. Vysv\u011btlena stavba a v\u00fdznam.","_yoast_wpseo_meta-robots-noindex":"","_yoast_wpseo_canonical":"","_angie_page":false,"gefaehrdungsstufe":"","wesen_kultur":"","wesen_klasse":"","footnotes":""},"categories":[],"class_list":["post-145752","page","type-page","status-publish","has-post-thumbnail","hentry"],"yoast_head":"<!-- This site is optimized with the Yoast SEO Premium plugin v27.7 (Yoast SEO v28.3) - https:\/\/yoast.com\/product\/yoast-seo-premium-wordpress\/ -->\n<title>Mala \u2013 buddhistick\u00fd r\u016f\u017eenec<\/title>\n<meta name=\"description\" content=\"Mala je buddhistick\u00fd r\u016f\u017eenec ze 108 kor\u00e1lk\u016f. Slou\u017e\u00ed k od\u0159\u00edk\u00e1v\u00e1n\u00ed manter. Vysv\u011btlena stavba a v\u00fdznam.\" \/>\n<meta name=\"robots\" content=\"index, follow, max-snippet:-1, max-image-preview:large, max-video-preview:-1\" \/>\n<link rel=\"canonical\" href=\"https:\/\/iwell-guard.com\/cs\/mala-buddhisticky-ruzenec-ze-108-koralku\/\" \/>\n<meta property=\"og:locale\" content=\"cs_CZ\" \/>\n<meta property=\"og:type\" content=\"article\" \/>\n<meta property=\"og:title\" content=\"Mala \u2013 buddhistick\u00fd r\u016f\u017eenec ze 108 kor\u00e1lk\u016f\" \/>\n<meta property=\"og:description\" content=\"Mala je buddhistick\u00fd r\u016f\u017eenec ze 108 kor\u00e1lk\u016f. Slou\u017e\u00ed k od\u0159\u00edk\u00e1v\u00e1n\u00ed manter. Vysv\u011btlena stavba a v\u00fdznam.\" \/>\n<meta property=\"og:url\" content=\"https:\/\/iwell-guard.com\/cs\/mala-buddhisticky-ruzenec-ze-108-koralku\/\" \/>\n<meta property=\"og:site_name\" content=\"iWell Guard\" \/>\n<meta property=\"article:modified_time\" content=\"2026-09-03T17:04:48+00:00\" \/>\n<meta property=\"og:image\" content=\"https:\/\/iwell-guard.com\/wp-content\/uploads\/2026\/05\/schutzsymbol_buddhismus_mala.webp\" \/>\n\t<meta property=\"og:image:width\" content=\"1024\" \/>\n\t<meta property=\"og:image:height\" content=\"1536\" \/>\n\t<meta property=\"og:image:type\" content=\"image\/webp\" \/>\n<meta name=\"twitter:card\" content=\"summary_large_image\" \/>\n<script type=\"application\/ld+json\" class=\"yoast-schema-graph\">{\"@context\":\"https:\\\/\\\/schema.org\",\"@graph\":[{\"@type\":\"WebPage\",\"@id\":\"https:\\\/\\\/iwell-guard.com\\\/cs\\\/mala-buddhisticky-ruzenec-ze-108-koralku\\\/\",\"url\":\"https:\\\/\\\/iwell-guard.com\\\/cs\\\/mala-buddhisticky-ruzenec-ze-108-koralku\\\/\",\"name\":\"Mala \u2013 buddhistick\u00fd r\u016f\u017eenec\",\"isPartOf\":{\"@id\":\"https:\\\/\\\/iwell-guard.com\\\/cs\\\/#website\"},\"primaryImageOfPage\":{\"@id\":\"https:\\\/\\\/iwell-guard.com\\\/cs\\\/mala-buddhisticky-ruzenec-ze-108-koralku\\\/#primaryimage\"},\"image\":{\"@id\":\"https:\\\/\\\/iwell-guard.com\\\/cs\\\/mala-buddhisticky-ruzenec-ze-108-koralku\\\/#primaryimage\"},\"thumbnailUrl\":\"https:\\\/\\\/iwell-guard.com\\\/wp-content\\\/uploads\\\/2026\\\/05\\\/schutzsymbol_buddhismus_mala.webp\",\"datePublished\":\"2026-09-03T16:33:23+00:00\",\"dateModified\":\"2026-09-03T17:04:48+00:00\",\"description\":\"Mala je buddhistick\u00fd r\u016f\u017eenec ze 108 kor\u00e1lk\u016f. Slou\u017e\u00ed k od\u0159\u00edk\u00e1v\u00e1n\u00ed manter. Vysv\u011btlena stavba a v\u00fdznam.\",\"breadcrumb\":{\"@id\":\"https:\\\/\\\/iwell-guard.com\\\/cs\\\/mala-buddhisticky-ruzenec-ze-108-koralku\\\/#breadcrumb\"},\"inLanguage\":\"cs\",\"potentialAction\":[{\"@type\":\"ReadAction\",\"target\":[\"https:\\\/\\\/iwell-guard.com\\\/cs\\\/mala-buddhisticky-ruzenec-ze-108-koralku\\\/\"]}]},{\"@type\":\"ImageObject\",\"inLanguage\":\"cs\",\"@id\":\"https:\\\/\\\/iwell-guard.com\\\/cs\\\/mala-buddhisticky-ruzenec-ze-108-koralku\\\/#primaryimage\",\"url\":\"https:\\\/\\\/iwell-guard.com\\\/wp-content\\\/uploads\\\/2026\\\/05\\\/schutzsymbol_buddhismus_mala.webp\",\"contentUrl\":\"https:\\\/\\\/iwell-guard.com\\\/wp-content\\\/uploads\\\/2026\\\/05\\\/schutzsymbol_buddhismus_mala.webp\",\"width\":1024,\"height\":1536,\"caption\":\"Ochrann\u00fd symbol. Muzejn\u00ed ilustrace z\u00e1ti\u0161\u00ed.\"},{\"@type\":\"BreadcrumbList\",\"@id\":\"https:\\\/\\\/iwell-guard.com\\\/cs\\\/mala-buddhisticky-ruzenec-ze-108-koralku\\\/#breadcrumb\",\"itemListElement\":[{\"@type\":\"ListItem\",\"position\":1,\"name\":\"Start\",\"item\":\"https:\\\/\\\/iwell-guard.com\\\/cs\\\/?page_id=145107\"},{\"@type\":\"ListItem\",\"position\":2,\"name\":\"Mala \u2013 buddhistick\u00fd r\u016f\u017eenec ze 108 kor\u00e1lk\u016f\"}]},{\"@type\":\"WebSite\",\"@id\":\"https:\\\/\\\/iwell-guard.com\\\/cs\\\/#website\",\"url\":\"https:\\\/\\\/iwell-guard.com\\\/cs\\\/\",\"name\":\"iWell Guard\",\"description\":\"Schutz vor dunklen Einfl\u00fcssen\",\"publisher\":{\"@id\":\"https:\\\/\\\/iwell-guard.com\\\/cs\\\/#organization\"},\"potentialAction\":[{\"@type\":\"SearchAction\",\"target\":{\"@type\":\"EntryPoint\",\"urlTemplate\":\"https:\\\/\\\/iwell-guard.com\\\/cs\\\/?s={search_term_string}\"},\"query-input\":{\"@type\":\"PropertyValueSpecification\",\"valueRequired\":true,\"valueName\":\"search_term_string\"}}],\"inLanguage\":\"cs\"},{\"@type\":\"Organization\",\"@id\":\"https:\\\/\\\/iwell-guard.com\\\/cs\\\/#organization\",\"name\":\"Ittermann electronic GmbH\",\"url\":\"https:\\\/\\\/iwell-guard.com\\\/cs\\\/\",\"logo\":{\"@type\":\"ImageObject\",\"inLanguage\":\"cs\",\"@id\":\"https:\\\/\\\/iwell-guard.com\\\/cs\\\/#\\\/schema\\\/logo\\\/image\\\/\",\"url\":\"https:\\\/\\\/iwell-guard.com\\\/wp-content\\\/uploads\\\/2026\\\/05\\\/Ittermann-Logo-1182x237-1.png\",\"contentUrl\":\"https:\\\/\\\/iwell-guard.com\\\/wp-content\\\/uploads\\\/2026\\\/05\\\/Ittermann-Logo-1182x237-1.png\",\"width\":1182,\"height\":237,\"caption\":\"Ittermann electronic GmbH\"},\"image\":{\"@id\":\"https:\\\/\\\/iwell-guard.com\\\/cs\\\/#\\\/schema\\\/logo\\\/image\\\/\"},\"sameAs\":[\"https:\\\/\\\/pantip.com\\\/profile\\\/9367242\",\"https:\\\/\\\/micro.blog\\\/iwellguard\",\"https:\\\/\\\/www.diggerslist.com\\\/iwellguard\\\/about\",\"https:\\\/\\\/skitterphoto.com\\\/photographers\\\/2870314\\\/iwell-guard\",\"https:\\\/\\\/iwellguard.wordpress.com\\\/2026\\\/06\\\/06\\\/iwell-guard\\\/\",\"https:\\\/\\\/hub.docker.com\\\/u\\\/iwellguard\",\"https:\\\/\\\/www.pinterest.com\\\/iwellguard\\\/\",\"https:\\\/\\\/bit.ly\\\/m\\\/iwellguard\",\"https:\\\/\\\/entre-vos-mains.alsace.eu\\\/profiles\\\/iwellguard\\\/activity\",\"https:\\\/\\\/gravatar.com\\\/reallybeded8fd34\",\"https:\\\/\\\/naijamatta.com\\\/iwellguard\",\"https:\\\/\\\/www.goodreads.com\\\/iwellguard\",\"https:\\\/\\\/profile.hatena.ne.jp\\\/iwellguard\\\/\",\"https:\\\/\\\/experiment.com\\\/users\\\/iwellguard\",\"https:\\\/\\\/wakelet.com\\\/@iWellGuard82270\",\"https:\\\/\\\/www.chordie.com\\\/forum\\\/profile.php?id=2555664\",\"https:\\\/\\\/www.instapaper.com\\\/p\\\/17757966\",\"https:\\\/\\\/www.mapleprimes.com\\\/users\\\/iwellguard\",\"https:\\\/\\\/businesslistingplus.com\\\/profile\\\/iwell-guard\\\/\",\"https:\\\/\\\/telegra.ph\\\/iWell-Guard-06-06\",\"https:\\\/\\\/pbase.com\\\/iwellguard\\\/iwellguard\",\"https:\\\/\\\/b.hatena.ne.jp\\\/iwellguard\\\/20260607#bookmark-4788405196491818882\",\"https:\\\/\\\/fliphtml5.com\\\/home\\\/iwellguard\",\"https:\\\/\\\/anyflip.com\\\/homepage\\\/cmiwl#About\",\"https:\\\/\\\/transfur.com\\\/Users\\\/iwellguard\",\"http:\\\/\\\/delphi.larsbo.org\\\/user\\\/iwellguard\",\"https:\\\/\\\/jobs.lajobsportal.org\\\/profiles\\\/8380803-iwell-guard\",\"https:\\\/\\\/md.chaosdorf.de\\\/s\\\/jfbe5SBdJD\",\"https:\\\/\\\/www.lingvolive.com\\\/en-us\\\/profile\\\/9ecaeaca-ce11-4e51-9e71-01d55e2bff36\\\/translations\",\"https:\\\/\\\/www.fitday.com\\\/fitness\\\/forums\\\/members\\\/iwellguard.html\",\"https:\\\/\\\/www.mymeetbook.com\\\/iwellguard\",\"https:\\\/\\\/pxhere.com\\\/en\\\/photographer-me\\\/5040798\",\"https:\\\/\\\/disqus.com\\\/by\\\/iwellguard\\\/about\\\/\",\"https:\\\/\\\/pastelink.net\\\/hjwciqwq\",\"https:\\\/\\\/pubhtml5.com\\\/homepage\\\/scjhn\\\/\",\"https:\\\/\\\/www.bitchute.com\\\/channel\\\/2O2eOKzNqujT\",\"https:\\\/\\\/audiomack.com\\\/iwellguard\"]}]}<\/script>\n<!-- \/ Yoast SEO Premium plugin. -->","yoast_head_json":{"title":"Mala \u2013 buddhistick\u00fd r\u016f\u017eenec","description":"Mala je buddhistick\u00fd r\u016f\u017eenec ze 108 kor\u00e1lk\u016f. Slou\u017e\u00ed k od\u0159\u00edk\u00e1v\u00e1n\u00ed manter. Vysv\u011btlena stavba a v\u00fdznam.","robots":{"index":"index","follow":"follow","max-snippet":"max-snippet:-1","max-image-preview":"max-image-preview:large","max-video-preview":"max-video-preview:-1"},"canonical":"https:\/\/iwell-guard.com\/cs\/mala-buddhisticky-ruzenec-ze-108-koralku\/","og_locale":"cs_CZ","og_type":"article","og_title":"Mala \u2013 buddhistick\u00fd r\u016f\u017eenec ze 108 kor\u00e1lk\u016f","og_description":"Mala je buddhistick\u00fd r\u016f\u017eenec ze 108 kor\u00e1lk\u016f. Slou\u017e\u00ed k od\u0159\u00edk\u00e1v\u00e1n\u00ed manter. Vysv\u011btlena stavba a v\u00fdznam.","og_url":"https:\/\/iwell-guard.com\/cs\/mala-buddhisticky-ruzenec-ze-108-koralku\/","og_site_name":"iWell Guard","article_modified_time":"2026-09-03T17:04:48+00:00","og_image":[{"width":1024,"height":1536,"url":"https:\/\/iwell-guard.com\/wp-content\/uploads\/2026\/05\/schutzsymbol_buddhismus_mala.webp","type":"image\/webp"}],"twitter_card":"summary_large_image","schema":{"@context":"https:\/\/schema.org","@graph":[{"@type":"WebPage","@id":"https:\/\/iwell-guard.com\/cs\/mala-buddhisticky-ruzenec-ze-108-koralku\/","url":"https:\/\/iwell-guard.com\/cs\/mala-buddhisticky-ruzenec-ze-108-koralku\/","name":"Mala \u2013 buddhistick\u00fd r\u016f\u017eenec","isPartOf":{"@id":"https:\/\/iwell-guard.com\/cs\/#website"},"primaryImageOfPage":{"@id":"https:\/\/iwell-guard.com\/cs\/mala-buddhisticky-ruzenec-ze-108-koralku\/#primaryimage"},"image":{"@id":"https:\/\/iwell-guard.com\/cs\/mala-buddhisticky-ruzenec-ze-108-koralku\/#primaryimage"},"thumbnailUrl":"https:\/\/iwell-guard.com\/wp-content\/uploads\/2026\/05\/schutzsymbol_buddhismus_mala.webp","datePublished":"2026-09-03T16:33:23+00:00","dateModified":"2026-09-03T17:04:48+00:00","description":"Mala je buddhistick\u00fd r\u016f\u017eenec ze 108 kor\u00e1lk\u016f. Slou\u017e\u00ed k od\u0159\u00edk\u00e1v\u00e1n\u00ed manter. Vysv\u011btlena stavba a v\u00fdznam.","breadcrumb":{"@id":"https:\/\/iwell-guard.com\/cs\/mala-buddhisticky-ruzenec-ze-108-koralku\/#breadcrumb"},"inLanguage":"cs","potentialAction":[{"@type":"ReadAction","target":["https:\/\/iwell-guard.com\/cs\/mala-buddhisticky-ruzenec-ze-108-koralku\/"]}]},{"@type":"ImageObject","inLanguage":"cs","@id":"https:\/\/iwell-guard.com\/cs\/mala-buddhisticky-ruzenec-ze-108-koralku\/#primaryimage","url":"https:\/\/iwell-guard.com\/wp-content\/uploads\/2026\/05\/schutzsymbol_buddhismus_mala.webp","contentUrl":"https:\/\/iwell-guard.com\/wp-content\/uploads\/2026\/05\/schutzsymbol_buddhismus_mala.webp","width":1024,"height":1536,"caption":"Ochrann\u00fd symbol. Muzejn\u00ed ilustrace z\u00e1ti\u0161\u00ed."},{"@type":"BreadcrumbList","@id":"https:\/\/iwell-guard.com\/cs\/mala-buddhisticky-ruzenec-ze-108-koralku\/#breadcrumb","itemListElement":[{"@type":"ListItem","position":1,"name":"Start","item":"https:\/\/iwell-guard.com\/cs\/?page_id=145107"},{"@type":"ListItem","position":2,"name":"Mala \u2013 buddhistick\u00fd r\u016f\u017eenec ze 108 kor\u00e1lk\u016f"}]},{"@type":"WebSite","@id":"https:\/\/iwell-guard.com\/cs\/#website","url":"https:\/\/iwell-guard.com\/cs\/","name":"iWell Guard","description":"Schutz vor dunklen Einfl\u00fcssen","publisher":{"@id":"https:\/\/iwell-guard.com\/cs\/#organization"},"potentialAction":[{"@type":"SearchAction","target":{"@type":"EntryPoint","urlTemplate":"https:\/\/iwell-guard.com\/cs\/?s={search_term_string}"},"query-input":{"@type":"PropertyValueSpecification","valueRequired":true,"valueName":"search_term_string"}}],"inLanguage":"cs"},{"@type":"Organization","@id":"https:\/\/iwell-guard.com\/cs\/#organization","name":"Ittermann electronic GmbH","url":"https:\/\/iwell-guard.com\/cs\/","logo":{"@type":"ImageObject","inLanguage":"cs","@id":"https:\/\/iwell-guard.com\/cs\/#\/schema\/logo\/image\/","url":"https:\/\/iwell-guard.com\/wp-content\/uploads\/2026\/05\/Ittermann-Logo-1182x237-1.png","contentUrl":"https:\/\/iwell-guard.com\/wp-content\/uploads\/2026\/05\/Ittermann-Logo-1182x237-1.png","width":1182,"height":237,"caption":"Ittermann electronic GmbH"},"image":{"@id":"https:\/\/iwell-guard.com\/cs\/#\/schema\/logo\/image\/"},"sameAs":["https:\/\/pantip.com\/profile\/9367242","https:\/\/micro.blog\/iwellguard","https:\/\/www.diggerslist.com\/iwellguard\/about","https:\/\/skitterphoto.com\/photographers\/2870314\/iwell-guard","https:\/\/iwellguard.wordpress.com\/2026\/06\/06\/iwell-guard\/","https:\/\/hub.docker.com\/u\/iwellguard","https:\/\/www.pinterest.com\/iwellguard\/","https:\/\/bit.ly\/m\/iwellguard","https:\/\/entre-vos-mains.alsace.eu\/profiles\/iwellguard\/activity","https:\/\/gravatar.com\/reallybeded8fd34","https:\/\/naijamatta.com\/iwellguard","https:\/\/www.goodreads.com\/iwellguard","https:\/\/profile.hatena.ne.jp\/iwellguard\/","https:\/\/experiment.com\/users\/iwellguard","https:\/\/wakelet.com\/@iWellGuard82270","https:\/\/www.chordie.com\/forum\/profile.php?id=2555664","https:\/\/www.instapaper.com\/p\/17757966","https:\/\/www.mapleprimes.com\/users\/iwellguard","https:\/\/businesslistingplus.com\/profile\/iwell-guard\/","https:\/\/telegra.ph\/iWell-Guard-06-06","https:\/\/pbase.com\/iwellguard\/iwellguard","https:\/\/b.hatena.ne.jp\/iwellguard\/20260607#bookmark-4788405196491818882","https:\/\/fliphtml5.com\/home\/iwellguard","https:\/\/anyflip.com\/homepage\/cmiwl#About","https:\/\/transfur.com\/Users\/iwellguard","http:\/\/delphi.larsbo.org\/user\/iwellguard","https:\/\/jobs.lajobsportal.org\/profiles\/8380803-iwell-guard","https:\/\/md.chaosdorf.de\/s\/jfbe5SBdJD","https:\/\/www.lingvolive.com\/en-us\/profile\/9ecaeaca-ce11-4e51-9e71-01d55e2bff36\/translations","https:\/\/www.fitday.com\/fitness\/forums\/members\/iwellguard.html","https:\/\/www.mymeetbook.com\/iwellguard","https:\/\/pxhere.com\/en\/photographer-me\/5040798","https:\/\/disqus.com\/by\/iwellguard\/about\/","https:\/\/pastelink.net\/hjwciqwq","https:\/\/pubhtml5.com\/homepage\/scjhn\/","https:\/\/www.bitchute.com\/channel\/2O2eOKzNqujT","https:\/\/audiomack.com\/iwellguard"]}]}},"_links":{"self":[{"href":"https:\/\/iwell-guard.com\/cs\/wp-json\/wp\/v2\/pages\/145752","targetHints":{"allow":["GET"]}}],"collection":[{"href":"https:\/\/iwell-guard.com\/cs\/wp-json\/wp\/v2\/pages"}],"about":[{"href":"https:\/\/iwell-guard.com\/cs\/wp-json\/wp\/v2\/types\/page"}],"author":[{"embeddable":true,"href":"https:\/\/iwell-guard.com\/cs\/wp-json\/wp\/v2\/users\/3"}],"replies":[{"embeddable":true,"href":"https:\/\/iwell-guard.com\/cs\/wp-json\/wp\/v2\/comments?post=145752"}],"version-history":[{"count":0,"href":"https:\/\/iwell-guard.com\/cs\/wp-json\/wp\/v2\/pages\/145752\/revisions"}],"wp:featuredmedia":[{"embeddable":true,"href":"https:\/\/iwell-guard.com\/cs\/wp-json\/wp\/v2\/media\/3530"}],"wp:attachment":[{"href":"https:\/\/iwell-guard.com\/cs\/wp-json\/wp\/v2\/media?parent=145752"}],"wp:term":[{"taxonomy":"category","embeddable":true,"href":"https:\/\/iwell-guard.com\/cs\/wp-json\/wp\/v2\/categories?post=145752"}],"curies":[{"name":"wp","href":"https:\/\/api.w.org\/{rel}","templated":true}]}}