{"id":145747,"date":"2026-09-03T16:33:20","date_gmt":"2026-09-03T16:33:20","guid":{"rendered":"https:\/\/iwell-guard.com\/?page_id=145747"},"modified":"2026-09-03T17:04:39","modified_gmt":"2026-09-03T17:04:39","slug":"eleggua-ochranna-hlava-u-vchodu","status":"publish","type":"page","link":"https:\/\/iwell-guard.com\/cs\/eleggua-ochranna-hlava-u-vchodu\/","title":{"rendered":"Eleggua \u2013 ochrann\u00e1 hlava u vchodu do domu"},"content":{"rendered":"\t\t<div data-elementor-type=\"wp-page\" data-elementor-id=\"145747\" class=\"elementor elementor-145747 elementor-3712 elementor-bc-flex-widget\" data-elementor-post-type=\"page\">\n\t\t\t\t<div class=\"elementor-element elementor-element-iwgs-eleggua-hero e-flex e-con-boxed e-con e-parent\" data-id=\"iwgs-eleggua-hero\" data-element_type=\"container\" data-e-type=\"container\">\n\t\t\t\t\t<div class=\"e-con-inner\">\n\t\t<div class=\"elementor-element elementor-element-iwgs-eleggua-hl e-flex e-con-boxed e-con e-parent\" data-id=\"iwgs-eleggua-hl\" data-element_type=\"container\" data-e-type=\"container\">\n\t\t\t\t\t<div class=\"e-con-inner\">\n\t\t<div class=\"elementor-element elementor-element-iwgs-eleggua-hlbox e-con-full e-flex e-con e-parent\" data-id=\"iwgs-eleggua-hlbox\" data-element_type=\"container\" data-e-type=\"container\">\n\t\t\t\t<div class=\"elementor-element elementor-element-iwgs-eleggua-h1 elementor-widget elementor-widget-heading\" data-id=\"iwgs-eleggua-h1\" data-element_type=\"widget\" data-e-type=\"widget\" data-widget_type=\"heading.default\">\n\t\t\t\t\t<h1 class=\"elementor-heading-title elementor-size-default\">Eleggua \u2013 ochrann\u00e1 hlava u vchodu do domu v santer\u00edi<\/h1>\t\t\t\t<\/div>\n\t\t\t\t<div class=\"elementor-element elementor-element-iwgs-eleggua-lead elementor-widget elementor-widget-text-editor\" data-id=\"iwgs-eleggua-lead\" data-element_type=\"widget\" data-e-type=\"widget\" data-widget_type=\"text-editor.default\">\n\t\t\t\t\t\t\t\t\t<p>Eleggua je v\u00fdznamn\u00e1 postava santer\u00ede, kub\u00e1nsk\u00e9ho n\u00e1bo\u017eenstv\u00ed se z\u00e1padoafrick\u00fdmi ko\u0159eny. U vchodu do domu je zp\u0159\u00edtom\u0148ov\u00e1n malou hlavou z cementu se zasazen\u00fdmi kau\u0159\u00edmi mu\u0161li\u010dkami.<\/p>\n<p class=\"iwg-kwfix\">Eleggua je umis\u0165ov\u00e1n jako ochrann\u00e1 hlava u vchodu do domu a hl\u00edd\u00e1 pr\u00e1h.<\/p>\t\t\t\t\t\t\t\t<\/div>\n\t\t\t\t<\/div>\n\t\t\t\t<div class=\"elementor-element elementor-element-iwgs-eleggua-pills elementor-widget elementor-widget-html\" data-id=\"iwgs-eleggua-pills\" data-element_type=\"widget\" data-e-type=\"widget\" data-widget_type=\"html.default\">\n\t\t\t\t\t<div class=\"iwg-pill-row\"><span class=\"iwg-klasse-badge\" tabindex=\"0\" data-tooltip=\"Ochrann\u00fd symbol, amulet nebo apotropaick\u00fd p\u0159edm\u011bt.\">Ochrann\u00fd symbol<\/span><a href=\"https:\/\/iwell-guard.com\/cs\/afrokaribske-tradice-vudu-santeria-candomble\/\" class=\"iwg-kultur-badge\" tabindex=\"0\" data-tooltip=\"Ochrann\u00e1 tradice: Africko-karibsk\u00e9 tradice\">Africko-karibsk\u00e9 tradice<\/a><span class=\"iwg-tradition-badge\" tabindex=\"0\" data-tooltip=\"Postava, kter\u00e9 je p\u0159isuzov\u00e1n ochrann\u00fd \u00fa\u010dinek.\">Ochrann\u00e1 postava<\/span><\/div>\t\t\t\t<\/div>\n\t\t\t\t\t<\/div>\n\t\t\t\t<\/div>\n\t\t<div class=\"elementor-element elementor-element-iwgs-eleggua-hr e-con-full e-flex e-con e-parent\" data-id=\"iwgs-eleggua-hr\" data-element_type=\"container\" data-e-type=\"container\">\n\t\t\t\t<div class=\"elementor-element elementor-element-iwgs-eleggua-himg iwg-hero-image elementor-widget elementor-widget-image\" data-id=\"iwgs-eleggua-himg\" data-element_type=\"widget\" data-e-type=\"widget\" data-widget_type=\"image.default\">\n\t\t\t\t\t\t\t\t\t\t\t\t\t\t\t<img fetchpriority=\"high\" decoding=\"async\" width=\"683\" height=\"1024\" src=\"https:\/\/iwell-guard.com\/wp-content\/uploads\/2026\/05\/schutzsymbol_afrika_eleggua-683x1024.webp\" class=\"attachment-large size-large wp-image-147025\" alt=\"Eleggua - ochrann\u00fd symbol, muzejn\u00ed ilustrace\" srcset=\"https:\/\/iwell-guard.com\/wp-content\/uploads\/2026\/05\/schutzsymbol_afrika_eleggua-683x1024.webp 683w, https:\/\/iwell-guard.com\/wp-content\/uploads\/2026\/05\/schutzsymbol_afrika_eleggua-200x300.webp 200w, https:\/\/iwell-guard.com\/wp-content\/uploads\/2026\/05\/schutzsymbol_afrika_eleggua-768x1152.webp 768w, https:\/\/iwell-guard.com\/wp-content\/uploads\/2026\/05\/schutzsymbol_afrika_eleggua.webp 1024w\" sizes=\"(max-width: 683px) 100vw, 683px\" \/>\t\t\t\t\t\t\t\t\t\t\t\t\t\t\t<\/div>\n\t\t\t\t<\/div>\n\t\t\t\t\t<\/div>\n\t\t\t\t<\/div>\n\t\t<div class=\"elementor-element elementor-element-iwgs-eleggua-s0 e-flex e-con-boxed e-con e-parent\" data-id=\"iwgs-eleggua-s0\" data-element_type=\"container\" data-e-type=\"container\">\n\t\t\t\t\t<div class=\"e-con-inner\">\n\t\t\t\t<div class=\"elementor-element elementor-element-iwgs-eleggua-s0h elementor-widget elementor-widget-heading\" data-id=\"iwgs-eleggua-s0h\" data-element_type=\"widget\" data-e-type=\"widget\" data-widget_type=\"heading.default\">\n\t\t\t\t\t<h2 class=\"elementor-heading-title elementor-size-default\">Za\u0159azen\u00ed<\/h2>\t\t\t\t<\/div>\n\t\t<div class=\"elementor-element elementor-element-iwgs-eleggua-s0box e-con-full e-flex e-con e-parent\" data-id=\"iwgs-eleggua-s0box\" data-element_type=\"container\" data-e-type=\"container\">\n\t\t\t\t<div class=\"elementor-element elementor-element-iwgs-eleggua-s0t elementor-widget elementor-widget-text-editor\" data-id=\"iwgs-eleggua-s0t\" data-element_type=\"widget\" data-e-type=\"widget\" data-widget_type=\"text-editor.default\">\n\t\t\t\t\t\t\t\t\t<p>Eleggua je v\u00fdznamn\u00e1 postava santer\u00ede. Santer\u00eda je n\u00e1bo\u017eenstv\u00ed, kter\u00e9 se na Kub\u011b vyvinulo ze z\u00e1padoafrick\u00fdch ko\u0159en\u016f a pat\u0159\u00ed k <a href=\"https:\/\/iwell-guard.com\/cs\/afrokaribske-tradice-vudu-santeria-candomble\/\">africko-karibsk\u00fdm tradic\u00edm<\/a>.<\/p><p>Eleggua pat\u0159\u00ed mezi Orishy, uct\u00edvan\u00e9 postavy santer\u00ede. Je postavou cest, dve\u0159\u00ed a prah\u016f, str\u00e1\u017ecem p\u0159echod\u016f.<\/p><p>U vchodu do domu je Eleggua zp\u0159\u00edtom\u0148ov\u00e1n mal\u00fdm p\u0159edm\u011btem. Ten m\u00e1 obvykle podobu hlavy z cementu, do n\u00ed\u017e jsou zasazeny kau\u0159\u00ed mu\u0161li\u010dky tvo\u0159\u00edc\u00ed o\u010di a \u00fasta.<\/p><p>Tato hlava Elegguy se umis\u0165uje u vchodu do domu nebo se uchov\u00e1v\u00e1 v jeho bl\u00edzkosti. Odtud Eleggua hl\u00edd\u00e1 pr\u00e1h a chr\u00e1n\u00ed d\u016fm p\u0159ed ne\u0161t\u011bst\u00edm.<\/p><p>V <span class=\"iwg-fachbegriff\" data-tooltip=\"V\u011bda, kter\u00e1 zkoum\u00e1 n\u00e1bo\u017eenstv\u00ed srovn\u00e1vac\u00edm zp\u016fsobem a bez vyznava\u010dsk\u00e9 v\u00e1zanosti.\" tabindex=\"0\">religionistice<\/span> je hlava Elegguy dobr\u00fdm p\u0159\u00edkladem ochrann\u00e9 postavy, kter\u00e1 hl\u00edd\u00e1 ur\u010dit\u00e9 m\u00edsto. Je v\u00e1z\u00e1na na pr\u00e1h a hl\u00edd\u00e1 p\u0159echod sm\u011brem ven i dovnit\u0159.<\/p><p>Tato str\u00e1nka pojedn\u00e1v\u00e1 o Elegguovi z hlediska ochrany. P\u0159edstavuje postavu Elegguy, jej\u00ed m\u00edsto v santer\u00edi a hlavu Elegguy u vchodu do domu.<\/p>\t\t\t\t\t\t\t\t<\/div>\n\t\t\t\t<\/div>\n\t\t\t\t\t<\/div>\n\t\t\t\t<\/div>\n\t\t<div class=\"elementor-element elementor-element-iwgs-eleggua-s1 e-flex e-con-boxed e-con e-parent\" data-id=\"iwgs-eleggua-s1\" data-element_type=\"container\" data-e-type=\"container\">\n\t\t\t\t\t<div class=\"e-con-inner\">\n\t\t\t\t<div class=\"elementor-element elementor-element-iwgs-eleggua-s1h elementor-widget elementor-widget-heading\" data-id=\"iwgs-eleggua-s1h\" data-element_type=\"widget\" data-e-type=\"widget\" data-widget_type=\"heading.default\">\n\t\t\t\t\t<h2 class=\"elementor-heading-title elementor-size-default\">Santer\u00eda a jej\u00ed historie<\/h2>\t\t\t\t<\/div>\n\t\t<div class=\"elementor-element elementor-element-iwgs-eleggua-s1box e-con-full e-flex e-con e-parent\" data-id=\"iwgs-eleggua-s1box\" data-element_type=\"container\" data-e-type=\"container\">\n\t\t\t\t<div class=\"elementor-element elementor-element-iwgs-eleggua-s1t elementor-widget elementor-widget-text-editor\" data-id=\"iwgs-eleggua-s1t\" data-element_type=\"widget\" data-e-type=\"widget\" data-widget_type=\"text-editor.default\">\n\t\t\t\t\t\t\t\t\t<p>Santer\u00eda je n\u00e1bo\u017eenstv\u00ed, kter\u00e9 se vytvo\u0159ilo na Kub\u011b. Jej\u00ed ko\u0159eny sahaj\u00ed k Yorub\u016fm, n\u00e1rodu \u017eij\u00edc\u00edmu v dne\u0161n\u00ed Nig\u00e9rii a v p\u0159ilehl\u00fdch oblastech z\u00e1padn\u00ed Afriky.<\/p><p>V pr\u016fb\u011bhu transatlantick\u00e9ho obchodu s otroky bylo na Kubu zavle\u010deno mnoho Yorub\u016f. S nimi se p\u0159eneslo i jejich n\u00e1bo\u017eenstv\u00ed s jejich Orishami a jejich p\u0159edstavami.<\/p><p>Na Kub\u011b se Yorubov\u00e9 setkali s katolicismem \u0161pan\u011blsk\u00e9 kolonijn\u00ed vl\u00e1dy. Pod tlakem okolnost\u00ed se ob\u011b tradice r\u016fzn\u00fdm zp\u016fsobem propojily.<\/p><p>Orishy tak byly z\u010d\u00e1sti spojov\u00e1ny s katolick\u00fdmi svat\u00fdmi. Toto spojen\u00ed umo\u017enilo pokra\u010dovat v tradi\u010dn\u00edm uct\u00edv\u00e1n\u00ed pod zd\u00e1n\u00edm katolick\u00e9 <span class=\"iwg-fachbegriff\" data-tooltip=\"Pro\u017e\u00edvan\u00fd n\u00e1bo\u017eensk\u00fd postoj a praxe \u010dlov\u011bka.\" tabindex=\"0\">zbo\u017enosti<\/span>.<\/p><p>N\u00e1zev santer\u00eda odkazuje na toto spojen\u00ed. Vhodn\u011bj\u0161\u00edm ozna\u010den\u00edm, kter\u00e9 preferuje mnoho stoupenc\u016f, je Regla de Ocha neboli n\u00e1bo\u017eenstv\u00ed Orish\u016f.<\/p><p>Santer\u00eda je tak n\u00e1bo\u017eenstv\u00edm sm\u00ed\u0161en\u00e9ho p\u016fvodu. Zachov\u00e1v\u00e1 z\u00e1padoafrick\u00e9 d\u011bdictv\u00ed Yorub\u016f a spojuje ho s vlivy, kter\u00e9 p\u0159ijala na Kub\u011b.<\/p>\t\t\t\t\t\t\t\t<\/div>\n\t\t\t\t<\/div>\n\t\t\t\t\t<\/div>\n\t\t\t\t<\/div>\n\t\t<div class=\"elementor-element elementor-element-iwgs-eleggua-s2 e-flex e-con-boxed e-con e-parent\" data-id=\"iwgs-eleggua-s2\" data-element_type=\"container\" data-e-type=\"container\">\n\t\t\t\t\t<div class=\"e-con-inner\">\n\t\t\t\t<div class=\"elementor-element elementor-element-iwgs-eleggua-s2h elementor-widget elementor-widget-heading\" data-id=\"iwgs-eleggua-s2h\" data-element_type=\"widget\" data-e-type=\"widget\" data-widget_type=\"heading.default\">\n\t\t\t\t\t<h2 class=\"elementor-heading-title elementor-size-default\">Eleggua, Orisha cest<\/h2>\t\t\t\t<\/div>\n\t\t<div class=\"elementor-element elementor-element-iwgs-eleggua-s2box e-con-full e-flex e-con e-parent\" data-id=\"iwgs-eleggua-s2box\" data-element_type=\"container\" data-e-type=\"container\">\n\t\t\t\t<div class=\"elementor-element elementor-element-iwgs-eleggua-s2t elementor-widget elementor-widget-text-editor\" data-id=\"iwgs-eleggua-s2t\" data-element_type=\"widget\" data-e-type=\"widget\" data-widget_type=\"text-editor.default\">\n\t\t\t\t\t\t\t\t\t<p>Eleggua je jedn\u00edm z nejv\u00fdznamn\u011bj\u0161\u00edch Orish\u016f santer\u00ede. Je postavou cest, dve\u0159\u00ed, prah\u016f a k\u0159i\u017eovatek.<\/p><p>Jako str\u00e1\u017ece p\u0159echod\u016f m\u00e1 Eleggua kl\u00ed\u010dov\u00e9 postaven\u00ed. Otev\u00edr\u00e1 a zav\u00edr\u00e1 cesty. Bez n\u011bj se podle pojet\u00ed santer\u00ede nem\u016f\u017ee nic zda\u0159it.<\/p><p>Z tohoto d\u016fvodu je Eleggua p\u0159i mnoha p\u0159\u00edle\u017eitostech vz\u00fdv\u00e1n jako prvn\u00ed. Je postavou, kterou za\u010d\u00edn\u00e1 ka\u017ed\u00fd \u00fakon, nebo\u0165 mus\u00ed otev\u0159\u00edt cestu dan\u00e9mu z\u00e1m\u011bru.<\/p><p>Eleggua m\u00e1 mnohovrstevnou povahu. Je pova\u017eov\u00e1n za str\u00e1\u017ece a pomocn\u00edka, z\u00e1rove\u0148 v\u0161ak za nevyzpytateln\u00e9ho a n\u00e1chyln\u00e9ho k \u017eert\u016fm. Tato mnohovrstevnost pat\u0159\u00ed k jeho podstat\u011b.<\/p><p>Eleggua je \u010dasto spojov\u00e1n s barvami \u010dervenou a \u010dernou. Tyto barvy se objevuj\u00ed na jeho p\u0159edm\u011btech a na tom, co je mu <span class=\"iwg-fachbegriff\" data-tooltip=\"Prost\u0159ednictv\u00edm n\u00e1bo\u017eensk\u00e9ho \u00fakonu odevzd\u00e1no svat\u00e9mu a t\u00edm vy\u0148ato z b\u011b\u017en\u00e9ho \u017eivota.\" tabindex=\"0\">zasv\u011bceno<\/span>.<\/p><p>Jako Orisha prah\u016f je Eleggua od p\u0159irozenosti spjat s vchodem do domu. Vchod je prahem domu, a hl\u00eddat jej je Elegguov\u00fdm vlastn\u00edm \u00fakolem.<\/p>\t\t\t\t\t\t\t\t<\/div>\n\t\t\t\t<\/div>\n\t\t\t\t\t<\/div>\n\t\t\t\t<\/div>\n\t\t<div class=\"elementor-element elementor-element-iwgs-eleggua-s3 e-flex e-con-boxed e-con e-parent\" data-id=\"iwgs-eleggua-s3\" data-element_type=\"container\" data-e-type=\"container\">\n\t\t\t\t\t<div class=\"e-con-inner\">\n\t\t\t\t<div class=\"elementor-element elementor-element-iwgs-eleggua-s3h elementor-widget elementor-widget-heading\" data-id=\"iwgs-eleggua-s3h\" data-element_type=\"widget\" data-e-type=\"widget\" data-widget_type=\"heading.default\">\n\t\t\t\t\t<h2 class=\"elementor-heading-title elementor-size-default\">Hlava z cementu a kau\u0159\u00edch mu\u0161li\u010dek<\/h2>\t\t\t\t<\/div>\n\t\t<div class=\"elementor-element elementor-element-iwgs-eleggua-s3box e-con-full e-flex e-con e-parent\" data-id=\"iwgs-eleggua-s3box\" data-element_type=\"container\" data-e-type=\"container\">\n\t\t\t\t<div class=\"elementor-element elementor-element-iwgs-eleggua-s3t elementor-widget elementor-widget-text-editor\" data-id=\"iwgs-eleggua-s3t\" data-element_type=\"widget\" data-e-type=\"widget\" data-widget_type=\"text-editor.default\">\n\t\t\t\t\t\t\t\t\t<p>U vchodu do domu je Eleggua zp\u0159\u00edtom\u0148ov\u00e1n mal\u00fdm p\u0159edm\u011btem. Ten m\u00e1 obvykle podobu hlavy a je vyroben z cementu.<\/p><p>Cement se tvaruje do zakulacen\u00e9 podoby, kter\u00e1 p\u0159ipom\u00edn\u00e1 hlavu. Do tohoto tvaru se zasazuj\u00ed kau\u0159\u00ed mu\u0161li\u010dky, je\u017e tvo\u0159\u00ed o\u010di, \u00fasta a n\u011bkdy i dal\u0161\u00ed rysy.<\/p><p>Kau\u0159\u00ed mu\u0161li\u010dka m\u00e1 v africko-karibsk\u00fdch n\u00e1bo\u017eenstv\u00edch zvl\u00e1\u0161tn\u00ed v\u00fdznam. V z\u00e1padn\u00ed Africe slou\u017eila jako platebn\u00ed prost\u0159edek a v santer\u00edi se pou\u017e\u00edv\u00e1 pro svat\u00e9 p\u0159edm\u011bty.<\/p><p>V hlav\u011b Elegguy tvo\u0159\u00ed kau\u0159\u00ed mu\u0161li\u010dky obli\u010dej. D\u00e1vaj\u00ed hlav\u011b jej\u00ed rysy a jej\u00ed pohled. Z prost\u00e9ho cementu se tak st\u00e1v\u00e1 postava s tv\u00e1\u0159\u00ed.<\/p><p>Do nitra hlavy se p\u0159i jej\u00edm zhotovov\u00e1n\u00ed vkl\u00e1daj\u00ed vybran\u00e9 sou\u010d\u00e1sti. Teprve d\u00edky nim se hlava st\u00e1v\u00e1 t\u00edm, za co je pova\u017eov\u00e1na, zp\u0159\u00edtomn\u011bn\u00edm Elegguy.<\/p><p>Hlava Elegguy je tak spojen\u00edm obrazu a schr\u00e1nky. Cementov\u00fd tvar s kau\u0159\u00edmi mu\u0161li\u010dkami d\u00e1v\u00e1 viditelnou tv\u00e1\u0159, vlo\u017een\u00e9 sou\u010d\u00e1sti d\u00e1vaj\u00ed skrytou podstatu.<\/p>\t\t\t\t\t\t\t\t<\/div>\n\t\t\t\t<\/div>\n\t\t\t\t\t<\/div>\n\t\t\t\t<\/div>\n\t\t<div class=\"elementor-element elementor-element-iwgs-eleggua-s4 e-flex e-con-boxed e-con e-parent\" data-id=\"iwgs-eleggua-s4\" data-element_type=\"container\" data-e-type=\"container\">\n\t\t\t\t\t<div class=\"e-con-inner\">\n\t\t\t\t<div class=\"elementor-element elementor-element-iwgs-eleggua-s4h elementor-widget elementor-widget-heading\" data-id=\"iwgs-eleggua-s4h\" data-element_type=\"widget\" data-e-type=\"widget\" data-widget_type=\"heading.default\">\n\t\t\t\t\t<h2 class=\"elementor-heading-title elementor-size-default\">Eleggua u vchodu do domu<\/h2>\t\t\t\t<\/div>\n\t\t<div class=\"elementor-element elementor-element-iwgs-eleggua-s4box e-con-full e-flex e-con e-parent\" data-id=\"iwgs-eleggua-s4box\" data-element_type=\"container\" data-e-type=\"container\">\n\t\t\t\t<div class=\"elementor-element elementor-element-iwgs-eleggua-s4t elementor-widget elementor-widget-text-editor\" data-id=\"iwgs-eleggua-s4t\" data-element_type=\"widget\" data-e-type=\"widget\" data-widget_type=\"text-editor.default\">\n\t\t\t\t\t\t\t\t\t<p>Elegguova hlava m\u00e1 sv\u00e9 m\u00edsto u vchodu do domu. Tam hl\u00edd\u00e1 pr\u00e1h domu a bd\u00ed nad p\u0159echodem mezi vn\u011bj\u0161\u00edm a vnit\u0159n\u00edm prostorem.<\/p><p>Hlava se umis\u0165uje nebo dr\u017e\u00ed v bl\u00edzkosti dve\u0159\u00ed. Z tohoto m\u00edsta se jeho pozornost obrac\u00ed na v\u0161e, co d\u016fm opou\u0161t\u00ed nebo do n\u011bj vstupuje.<\/p><p>\u00dakolem Elegguy u vchodu je ochrana. M\u00e1 odvracet ne\u0161t\u011bst\u00ed od prahu a zabra\u0148ovat tomu, aby se do domu dostaly \u0161kodliv\u00e9 vlivy.<\/p><p>Elegguova hlava nen\u00ed ponech\u00e1na sama sob\u011b. Je udr\u017eov\u00e1na a jsou j\u00ed p\u0159in\u00e1\u0161eny dary. Tato p\u00e9\u010de pat\u0159\u00ed k vztahu mezi dom\u00e1cnost\u00ed a ori\u0161ou.<\/p><p>Spojen\u00ed Elegguy se vchodem do domu vypl\u00fdv\u00e1 z jeho podstaty. Jako ori\u0161a prah\u016f a p\u0159echod\u016f je vchod m\u00edstem, kter\u00e9 mu p\u0159irozen\u011b n\u00e1le\u017e\u00ed.<\/p><p>Elegguova hlava u vchodu do domu tak pat\u0159\u00ed mezi ochrann\u00e9 postavy, kter\u00e9 hl\u00eddaj\u00ed ur\u010dit\u00e9 m\u00edsto. Podobn\u011b jako jin\u00ed str\u00e1\u017eci dve\u0159\u00ed je i on v\u00e1z\u00e1n na pr\u00e1h a odtud bd\u00ed nad chr\u00e1n\u011bn\u00fdm prostorem.<\/p>\t\t\t\t\t\t\t\t<\/div>\n\t\t\t\t<\/div>\n\t\t\t\t\t<\/div>\n\t\t\t\t<\/div>\n\t\t<div class=\"elementor-element elementor-element-iwgs-eleggua-s5 e-flex e-con-boxed e-con e-parent\" data-id=\"iwgs-eleggua-s5\" data-element_type=\"container\" data-e-type=\"container\">\n\t\t\t\t\t<div class=\"e-con-inner\">\n\t\t\t\t<div class=\"elementor-element elementor-element-iwgs-eleggua-s5h elementor-widget elementor-widget-heading\" data-id=\"iwgs-eleggua-s5h\" data-element_type=\"widget\" data-e-type=\"widget\" data-widget_type=\"heading.default\">\n\t\t\t\t\t<h2 class=\"elementor-heading-title elementor-size-default\">Eleggua a str\u00e1\u017eci prahu<\/h2>\t\t\t\t<\/div>\n\t\t<div class=\"elementor-element elementor-element-iwgs-eleggua-s5box e-con-full e-flex e-con e-parent\" data-id=\"iwgs-eleggua-s5box\" data-element_type=\"container\" data-e-type=\"container\">\n\t\t\t\t<div class=\"elementor-element elementor-element-iwgs-eleggua-s5t elementor-widget elementor-widget-text-editor\" data-id=\"iwgs-eleggua-s5t\" data-element_type=\"widget\" data-e-type=\"widget\" data-widget_type=\"text-editor.default\">\n\t\t\t\t\t\t\t\t\t<p>Elegguu u vchodu do domu lze zasadit do \u0161ir\u0161\u00edho kontextu str\u00e1\u017ec\u016f prahu. Ochrana dve\u0159\u00ed a prahu je roz\u0161\u00ed\u0159enou my\u0161lenkou.<\/p><p>Pr\u00e1h domu je v mnoha kultur\u00e1ch pova\u017eov\u00e1n za ohro\u017een\u00e9 m\u00edsto. Je hranic\u00ed mezi chr\u00e1n\u011bn\u00fdm vnit\u0159kem a nechr\u00e1n\u011bn\u00fdm vn\u011bj\u0161\u00edm sv\u011btem.<\/p><p>Z tohoto d\u016fvodu m\u00e1 mnoho tradic ochrann\u00e1 znamen\u00ed a ochrann\u00e9 postavy umis\u0165ovan\u00e9 u dve\u0159\u00ed. Maj\u00ed hl\u00eddat pr\u00e1h a zabra\u0148ovat vstupu ne\u0161t\u011bst\u00ed.<\/p><p>V \u017eidovsk\u00e9 tradici hl\u00edd\u00e1 dve\u0159n\u00ed r\u00e1m mezuza. V jin\u00fdch kultur\u00e1ch stoj\u00ed u vchodu str\u00e1\u017eci dve\u0159\u00ed, ochrann\u00e9 obrazy nebo ochrann\u00e1 znamen\u00ed. Elegguova hlava pat\u0159\u00ed do t\u00e9to \u0159ady.<\/p><p>Eleggua se od mnoha t\u011bchto znamen\u00ed li\u0161\u00ed t\u00edm, \u017ee je ct\u011bn\u00fdm ori\u0161ou. Nen\u00ed pouh\u00fdm znamen\u00edm, n\u00fdbr\u017e zp\u0159\u00edtomn\u011bn\u00edm postavy, s n\u00ed\u017e je udr\u017eov\u00e1n vztah.<\/p><p>Eleggua je tak podobou str\u00e1\u017ece prahu v santer\u00edi. Spojuje roz\u0161\u00ed\u0159enou my\u0161lenku ochrany dve\u0159\u00ed s uct\u00edv\u00e1n\u00edm konkr\u00e9tn\u00edho ori\u0161y, jemu\u017e prahy p\u0159irozen\u011b n\u00e1le\u017e\u00ed.<\/p>\t\t\t\t\t\t\t\t<\/div>\n\t\t\t\t<\/div>\n\t\t\t\t\t<\/div>\n\t\t\t\t<\/div>\n\t\t<div class=\"elementor-element elementor-element-iwgs-eleggua-s6 e-flex e-con-boxed e-con e-parent\" data-id=\"iwgs-eleggua-s6\" data-element_type=\"container\" data-e-type=\"container\">\n\t\t\t\t\t<div class=\"e-con-inner\">\n\t\t\t\t<div class=\"elementor-element elementor-element-iwgs-eleggua-s6h elementor-widget elementor-widget-heading\" data-id=\"iwgs-eleggua-s6h\" data-element_type=\"widget\" data-e-type=\"widget\" data-widget_type=\"heading.default\">\n\t\t\t\t\t<h2 class=\"elementor-heading-title elementor-size-default\">Eleggua a jorubsk\u00e9 ko\u0159eny<\/h2>\t\t\t\t<\/div>\n\t\t<div class=\"elementor-element elementor-element-iwgs-eleggua-s6box e-con-full e-flex e-con e-parent\" data-id=\"iwgs-eleggua-s6box\" data-element_type=\"container\" data-e-type=\"container\">\n\t\t\t\t<div class=\"elementor-element elementor-element-iwgs-eleggua-s6t elementor-widget elementor-widget-text-editor\" data-id=\"iwgs-eleggua-s6t\" data-element_type=\"widget\" data-e-type=\"widget\" data-widget_type=\"text-editor.default\">\n\t\t\t\t\t\t\t\t\t<p>Eleggua m\u00e1 sv\u00e9 ko\u0159eny v n\u00e1bo\u017eenstv\u00ed Jorub\u016f. Tam mu odpov\u00edd\u00e1 postava, kter\u00e1 rovn\u011b\u017e hl\u00edd\u00e1 cesty, dve\u0159e a k\u0159i\u017eovatky.<\/p><p>V n\u00e1bo\u017eenstv\u00ed Jorub\u016f je tato postava str\u00e1\u017ecem prah\u016f a nezbytn\u00fdm prost\u0159edn\u00edkem. I tam je p\u0159i mnoha p\u0159\u00edle\u017eitostech vz\u00fdv\u00e1na jako prvn\u00ed.<\/p><p>S odvle\u010den\u00edm Jorub\u016f na Kubu tato p\u0159edstava cestovala p\u0159es Atlantik. Na Kub\u011b se z n\u00ed stala postava Elegguy, zapojen\u00e1 do nov\u00e9ho n\u00e1bo\u017eenstv\u00ed santer\u00ede.<\/p><p>P\u0159\u00edbuzn\u00e9 postavy se nach\u00e1zej\u00ed i v dal\u0161\u00edch afro-karibsk\u00fdch n\u00e1bo\u017eenstv\u00edch. I ve v\u00fad\u00fa a dal\u0161\u00edch tradic\u00edch existuj\u00ed str\u00e1\u017eci cest a prah\u016f s podobn\u00fdmi \u00fakoly.<\/p><p>Tato p\u0159\u00edbuznost ukazuje, \u017ee Eleggua nen\u00ed ojedin\u011bl\u00fdm p\u0159\u00edpadem. Pat\u0159\u00ed ke skupin\u011b str\u00e1\u017ec\u016f prahu, kte\u0159\u00ed v r\u016fzn\u00fdch n\u00e1bo\u017eenstv\u00edch pokra\u010duj\u00ed ve spole\u010dn\u00e9m z\u00e1padoafrick\u00e9m d\u011bdictv\u00ed.<\/p><p>Eleggua je tak sv\u011bdectv\u00edm kulturn\u00ed vytrvalosti. V n\u011bm jorubsk\u00e1 postava p\u0159etrvala p\u0159es Atlantik a v santer\u00edi nalezla novou, vlastn\u00ed podobu.<\/p>\t\t\t\t\t\t\t\t<\/div>\n\t\t\t\t<\/div>\n\t\t\t\t\t<\/div>\n\t\t\t\t<\/div>\n\t\t<div class=\"elementor-element elementor-element-iwgs-eleggua-s7 e-flex e-con-boxed e-con e-parent\" data-id=\"iwgs-eleggua-s7\" data-element_type=\"container\" data-e-type=\"container\">\n\t\t\t\t\t<div class=\"e-con-inner\">\n\t\t\t\t<div class=\"elementor-element elementor-element-iwgs-eleggua-s7h elementor-widget elementor-widget-heading\" data-id=\"iwgs-eleggua-s7h\" data-element_type=\"widget\" data-e-type=\"widget\" data-widget_type=\"heading.default\">\n\t\t\t\t\t<h2 class=\"elementor-heading-title elementor-size-default\">Zp\u0159\u00edtomn\u011bn\u00ed m\u00edsto zobrazen\u00ed<\/h2>\t\t\t\t<\/div>\n\t\t<div class=\"elementor-element elementor-element-iwgs-eleggua-s7box e-con-full e-flex e-con e-parent\" data-id=\"iwgs-eleggua-s7box\" data-element_type=\"container\" data-e-type=\"container\">\n\t\t\t\t<div class=\"elementor-element elementor-element-iwgs-eleggua-s7t elementor-widget elementor-widget-text-editor\" data-id=\"iwgs-eleggua-s7t\" data-element_type=\"widget\" data-e-type=\"widget\" data-widget_type=\"text-editor.default\">\n\t\t\t\t\t\t\t\t\t<p>Elegguova hlava se \u0159\u00edd\u00ed vlastn\u00edm ch\u00e1p\u00e1n\u00edm. Nen\u00ed pouh\u00fdm zobrazen\u00edm Elegguy, n\u00fdbr\u017e se pova\u017euje za jeho zp\u0159\u00edtomn\u011bn\u00ed.<\/p><p>Tento rozd\u00edl je v\u00fdznamn\u00fd. Zobrazen\u00ed postavu pouze p\u0159edstavuje. Zp\u0159\u00edtomn\u011bn\u00ed naproti tomu postavu u\u010din\u00ed p\u0159\u00edtomnou na dan\u00e9m m\u00edst\u011b, tak\u017ee s n\u00ed lze udr\u017eovat vztah.<\/p><p>V Elegguov\u011b hlav\u011b se Eleggua st\u00e1v\u00e1 p\u0159\u00edtomn\u00fdm. Hlava je m\u00edstem, kde se p\u011bstuje vztah mezi dom\u00e1cnost\u00ed a ori\u0161ou.<\/p><p>Tato p\u0159\u00edtomnost vznik\u00e1 p\u0159i v\u00fdrob\u011b. Vsazen\u00e9 sou\u010d\u00e1sti, mu\u0161li\u010dky kauri a doprovodn\u00e9 \u00fakony p\u0159em\u011b\u0148uj\u00ed cementovou formu ve zp\u0159\u00edtomn\u011bn\u00ed Elegguy.<\/p><p>Z tohoto ch\u00e1p\u00e1n\u00ed vypl\u00fdv\u00e1 i p\u00e9\u010de o hlavu. Proto\u017ee je v n\u00ed Eleggua p\u0159\u00edtomen, nen\u00ed hlava zach\u00e1zena jako oby\u010dejn\u00fd p\u0159edm\u011bt, n\u00fdbr\u017e se j\u00ed v\u011bnuje pozornost.<\/p><p>Elegguova hlava tak ukazuje ch\u00e1p\u00e1n\u00ed, kter\u00e9 je v afro-karibsk\u00fdch n\u00e1bo\u017eenstv\u00edch roz\u0161\u00ed\u0159en\u00e9. P\u0159edm\u011bt nen\u00ed pouze obrazem, n\u00fdbr\u017e m\u00edstem p\u0159\u00edtomnosti ct\u011bn\u00e9 postavy.<\/p>\t\t\t\t\t\t\t\t<\/div>\n\t\t\t\t<\/div>\n\t\t\t\t\t<\/div>\n\t\t\t\t<\/div>\n\t\t<div class=\"elementor-element elementor-element-iwgs-eleggua-s8 e-flex e-con-boxed e-con e-parent\" data-id=\"iwgs-eleggua-s8\" data-element_type=\"container\" data-e-type=\"container\">\n\t\t\t\t\t<div class=\"e-con-inner\">\n\t\t\t\t<div class=\"elementor-element elementor-element-iwgs-eleggua-s8h elementor-widget elementor-widget-heading\" data-id=\"iwgs-eleggua-s8h\" data-element_type=\"widget\" data-e-type=\"widget\" data-widget_type=\"heading.default\">\n\t\t\t\t\t<h2 class=\"elementor-heading-title elementor-size-default\">Sou\u010dasn\u00e1 recepce<\/h2>\t\t\t\t<\/div>\n\t\t<div class=\"elementor-element elementor-element-iwgs-eleggua-s8box e-con-full e-flex e-con e-parent\" data-id=\"iwgs-eleggua-s8box\" data-element_type=\"container\" data-e-type=\"container\">\n\t\t\t\t<div class=\"elementor-element elementor-element-iwgs-eleggua-s8t elementor-widget elementor-widget-text-editor\" data-id=\"iwgs-eleggua-s8t\" data-element_type=\"widget\" data-e-type=\"widget\" data-widget_type=\"text-editor.default\">\n\t\t\t\t\t\t\t\t\t<p>Santer\u00ede je dnes \u017eiv\u00fdm n\u00e1bo\u017eenstv\u00edm. Praktikuje ji mnoho lid\u00ed na Kub\u011b, ve Spojen\u00fdch st\u00e1tech a v dal\u0161\u00edch zem\u00edch.<\/p><p>Eleggua pat\u0159\u00ed k ori\u0161\u016fm, kte\u0159\u00ed hraj\u00ed v dne\u0161n\u00ed santer\u00edi d\u016fle\u017eitou roli. Elegguova hlava u vchodu do domu je v dom\u00e1cnostech vyznava\u010d\u016f b\u011b\u017en\u00e1.<\/p><p>Ve ve\u0159ejn\u00e9m pov\u011bdom\u00ed je santer\u00ede, \u010dasto pod n\u00e1zvem voodoo, mnohdy vykreslov\u00e1na jako t\u00e9ma z hororu. Toto zobrazen\u00ed n\u00e1bo\u017eenstv\u00ed nespravedliv\u011b zkresluje.<\/p><p>V\u011bcn\u00fd pohled uzn\u00e1v\u00e1 santer\u00edi za to, co je, tedy za vyrostl\u00e9 n\u00e1bo\u017eenstv\u00ed s z\u00e1padoafrick\u00fdmi ko\u0159eny, s vlastn\u00edm \u0159\u00e1dem a s ct\u011bn\u00fdmi postavami.<\/p><p>Eleggua je v r\u00e1mci tohoto n\u00e1bo\u017eenstv\u00ed str\u00e1\u017ecem prah\u016f. Elegguova hlava u vchodu do domu je viditelnou formou, v n\u00ed\u017e je tato ochrana p\u0159\u00edtomna v ka\u017edodenn\u00edm \u017eivot\u011b.<\/p><p>Elegguova hlava tak z\u016fst\u00e1v\u00e1 v\u00fdrazn\u00fdm p\u0159\u00edkladem ochrann\u00e9 postavy u vchodu do domu. Spojuje se v n\u00ed jorubsk\u00e9 d\u011bdictv\u00ed, d\u011bjiny santer\u00ede a my\u0161lenka, \u017ee pr\u00e1h domu pot\u0159ebuje str\u00e1\u017ece.<\/p>\t\t\t\t\t\t\t\t<\/div>\n\t\t\t\t<\/div>\n\t\t\t\t\t<\/div>\n\t\t\t\t<\/div>\n\t\t<div class=\"elementor-element elementor-element-iwgs-eleggua-lit e-flex e-con-boxed e-con e-parent\" data-id=\"iwgs-eleggua-lit\" data-element_type=\"container\" data-e-type=\"container\">\n\t\t\t\t\t<div class=\"e-con-inner\">\n\t\t\t\t<div class=\"elementor-element elementor-element-iwgs-eleggua-lith elementor-widget elementor-widget-heading\" data-id=\"iwgs-eleggua-lith\" data-element_type=\"widget\" data-e-type=\"widget\" data-widget_type=\"heading.default\">\n\t\t\t\t\t<h2 class=\"elementor-heading-title elementor-size-default\">Literatura (v\u00fdb\u011br)<\/h2>\t\t\t\t<\/div>\n\t\t<div class=\"elementor-element elementor-element-iwgs-eleggua-litbox e-con-full e-flex e-con e-parent\" data-id=\"iwgs-eleggua-litbox\" data-element_type=\"container\" data-e-type=\"container\">\n\t\t\t\t<div class=\"elementor-element elementor-element-iwgs-eleggua-litt elementor-widget elementor-widget-html\" data-id=\"iwgs-eleggua-litt\" data-element_type=\"widget\" data-e-type=\"widget\" data-widget_type=\"html.default\">\n\t\t\t\t\t<footer data-nosnippet=\"true\"><ul><li>George Brandon: <em>Santeria from Africa to the New World<\/em> (1993)<\/li><li>Joseph M. Murphy: <em>Santeria. African Spirits in America<\/em> (1988)<\/li><li>Miguel Barnet: <em>Afro-Cuban Religions<\/em> (2001)<\/li><li>David H. Brown: <em>Santeria Enthroned. Art, Ritual, and Innovation in an Afro-Cuban Religion<\/em> (2003)<\/li><li>Robert Farris Thompson: <em>Flash of the Spirit. African and Afro-American Art and Philosophy<\/em> (1983)<\/li><\/ul><\/footer>\t\t\t\t<\/div>\n\t\t\t\t<\/div>\n\t\t\t\t\t<\/div>\n\t\t\t\t<\/div>\n\t\t<div class=\"elementor-element elementor-element-iwgs-eleggua-kwd e-flex e-con-boxed e-con e-parent\" data-id=\"iwgs-eleggua-kwd\" data-element_type=\"container\" data-e-type=\"container\">\n\t\t\t\t\t<div class=\"e-con-inner\">\n\t\t\t\t<div class=\"elementor-element elementor-element-iwgs-eleggua-kwdt elementor-widget elementor-widget-text-editor\" data-id=\"iwgs-eleggua-kwdt\" data-element_type=\"widget\" data-e-type=\"widget\" data-widget_type=\"text-editor.default\">\n\t\t\t\t\t\t\t\t\t<p><em>P\u0159\u00edbuzn\u00e9 kl\u00ed\u010dov\u00e9 pojmy: Eleggua santer\u00ede ori\u0161a vchod do domu str\u00e1\u017ece prahu mu\u0161li\u010dky kauri Jorubov\u00e9 Kuba.<\/em><\/p>\t\t\t\t\t\t\t\t<\/div>\n\t\t\t\t\t<\/div>\n\t\t\t\t<\/div>\n\t\t<div class=\"elementor-element elementor-element-iwgs-eleggua-cc e-flex e-con-boxed e-con e-parent\" data-id=\"iwgs-eleggua-cc\" data-element_type=\"container\" data-e-type=\"container\" id=\"iwg-cc-eleggua\">\n\t\t\t\t\t<div class=\"e-con-inner\">\n\t\t<div class=\"elementor-element elementor-element-iwgs-eleggua-ccinner e-flex e-con-boxed e-con e-parent\" data-id=\"iwgs-eleggua-ccinner\" data-element_type=\"container\" data-e-type=\"container\" data-settings=\"{&quot;background_background&quot;:&quot;classic&quot;}\">\n\t\t\t\t\t<div class=\"e-con-inner\">\n\t\t\t\t<div class=\"elementor-element elementor-element-iwgs-eleggua-cch elementor-widget elementor-widget-heading\" data-id=\"iwgs-eleggua-cch\" data-element_type=\"widget\" data-e-type=\"widget\" data-widget_type=\"heading.default\">\n\t\t\t\t\t<h2 class=\"elementor-heading-title elementor-size-default\">iWell Guard a ochrann\u00e9 tradice<\/h2>\t\t\t\t<\/div>\n\t\t\t\t<div class=\"elementor-element elementor-element-iwgs-eleggua-cct elementor-widget elementor-widget-text-editor\" data-id=\"iwgs-eleggua-cct\" data-element_type=\"widget\" data-e-type=\"widget\" data-widget_type=\"text-editor.default\">\n\t\t\t\t\t\t\t\t\t<p>iWell Guard navazuje na kulturn\u011b-historickou linii p\u0159enosn\u00fdch ochrann\u00fdch p\u0159edm\u011bt\u016f, k n\u00ed\u017e pat\u0159\u00ed i Elegguova hlava. Modern\u00ed spole\u010dn\u00edk pro lidi, kte\u0159\u00ed \u017eij\u00ed s ochrann\u00fdmi symboly: vyroben v N\u011bmecku, 41 vrstev z ryz\u00edho zlata, platiny a st\u0159\u00edbra, s 30denn\u00ed lh\u016ftou na vr\u00e1cen\u00ed.<\/p>\t\t\t\t\t\t\t\t<\/div>\n\t\t\t\t<div class=\"elementor-element elementor-element-iwgs-eleggua-ccb iwg-cc-button iwg-cc-cta-2026-05-13 elementor-widget elementor-widget-jet-button\" data-id=\"iwgs-eleggua-ccb\" data-element_type=\"widget\" data-e-type=\"widget\" data-widget_type=\"jet-button.default\">\n\t\t\t\t<div class=\"elementor-widget-container\">\n\t\t\t\t\t<div class=\"elementor-jet-button jet-elements\"><div class=\"jet-button__container\"><a class=\"jet-button__instance jet-button__instance--icon-left hover-effect-1\" href=\"\/schutzanhaenger-iwell-guard-kaufen\/?utm_source=iwell-guard.com&amp;utm_medium=info-box&amp;utm_campaign=schutzsymbole\"><div class=\"jet-button__plane jet-button__plane-normal\"><\/div><div class=\"jet-button__plane jet-button__plane-hover\"><\/div><div class=\"jet-button__state jet-button__state-normal\"><span class=\"jet-button__label\">V\u00edce o iWell Guard<\/span><\/div><div class=\"jet-button__state jet-button__state-hover\"><span class=\"jet-button__label\">V\u00edce o iWell Guard<\/span><\/div><\/a><\/div><\/div><style>.elementor-element.elementor-element-iwgs-eleggua-ccb .jet-button__instance{width:320px;height:56px;}.elementor-element.elementor-element-iwgs-eleggua-ccb .jet-button__state-normal .jet-button__label{text-align:center;margin:0px 0px 0px 0px;color:#1a1b20;font-family:Montserrat,sans-serif;font-size:13px;font-weight:400;letter-spacing:4px;line-height:1.714em;text-transform:uppercase;}.elementor-element.elementor-element-iwgs-eleggua-ccb .jet-button__state-hover .jet-button__label{text-align:center;margin:0px 0px 0px 0px;color:#FECC76;font-family:Montserrat,sans-serif;font-size:13px;font-weight:400;letter-spacing:4px;line-height:1.714em;text-transform:uppercase;}.elementor-element.elementor-element-iwgs-eleggua-ccb .jet-button__plane-normal{background-color:#FECC76;border-style:solid;border-color:#C99540;border-width:2px 2px 2px 2px;}.elementor-element.elementor-element-iwgs-eleggua-ccb .jet-button__plane-hover{background-color:rgba(0,0,0,0.55);border-style:solid;border-color:#FECC76;border-width:2px 2px 2px 2px;}<\/style>\t\t\t\t<\/div>\n\t\t\t\t<\/div>\n\t\t\t\t<div class=\"elementor-element elementor-element-iwgs-eleggua-ccd elementor-widget elementor-widget-text-editor\" data-id=\"iwgs-eleggua-ccd\" data-element_type=\"widget\" data-e-type=\"widget\" data-widget_type=\"text-editor.default\">\n\t\t\t\t\t\t\t\t\t<p style=\"text-align:center;font-size:13px;opacity:0.7;margin-top:14px\" data-nosnippet=\"true\">Osobn\u00ed zku\u0161enosti se mohou li\u0161it. Nejde o zdravotnick\u00fd prost\u0159edek. Nejde o p\u0159\u00edslib l\u00e9\u010den\u00ed.<\/p>\t\t\t\t\t\t\t\t<\/div>\n\t\t\t\t\t<\/div>\n\t\t\t\t<\/div>\n\t\t\t\t\t<\/div>\n\t\t\t\t<\/div>\n\t\t<div class=\"elementor-element elementor-element-iwgs-eleggua-disc e-flex e-con-boxed e-con e-parent\" data-id=\"iwgs-eleggua-disc\" data-element_type=\"container\" data-e-type=\"container\">\n\t\t\t\t\t<div class=\"e-con-inner\">\n\t\t\t\t<div class=\"elementor-element elementor-element-iwgs-eleggua-discw elementor-widget elementor-widget-html\" data-id=\"iwgs-eleggua-discw\" data-element_type=\"widget\" data-e-type=\"widget\" data-widget_type=\"html.default\">\n\t\t\t\t\t<footer data-nosnippet=\"true\" class=\"iwg-disclaimer-block\"><p data-nosnippet=\"true\">iWell Guard <strong>nen\u00ed zdravotnick\u00fd prost\u0159edek<\/strong> a nenahrazuje l\u00e9ka\u0159skou ani psychoterapeutickou l\u00e9\u010dbu. Zde uveden\u00fd obsah p\u0159edstavuje religionistick\u00e9 a kulturn\u011b-historick\u00e9 za\u0159azen\u00ed, nikoli p\u0159\u00edslib duchovn\u00edho \u00fa\u010dinku.<\/p><\/footer>\t\t\t\t<\/div>\n\t\t\t\t\t<\/div>\n\t\t\t\t<\/div>\n\t\t\t\t<\/div>\n\t\t","protected":false},"excerpt":{"rendered":"","protected":false},"author":3,"featured_media":3554,"parent":0,"menu_order":0,"comment_status":"closed","ping_status":"closed","template":"elementor_header_footer","meta":{"_yoast_wpseo_focuskw":"Eleggua","_yoast_wpseo_title":"Eleggua - ochrann\u00e1 hlava santer\u00ede","_yoast_wpseo_metadesc":"Eleggua je ochrann\u00e1 hlava u vchodu do domu v santer\u00edi, vyroben\u00e1 z cementu s kau\u0159\u00edmi mu\u0161li\u010dkami. V\u011bcn\u011b vysv\u011btlen\u00fd p\u016fvod a v\u00fdznam.","_yoast_wpseo_meta-robots-noindex":"","_yoast_wpseo_canonical":"","_angie_page":false,"gefaehrdungsstufe":"","wesen_kultur":"","wesen_klasse":"","footnotes":""},"categories":[],"class_list":["post-145747","page","type-page","status-publish","has-post-thumbnail","hentry"],"yoast_head":"<!-- This site is optimized with the Yoast SEO Premium plugin v27.7 (Yoast SEO v28.3) - https:\/\/yoast.com\/product\/yoast-seo-premium-wordpress\/ -->\n<title>Eleggua - ochrann\u00e1 hlava santer\u00ede<\/title>\n<meta name=\"description\" content=\"Eleggua je ochrann\u00e1 hlava u vchodu do domu v santer\u00edi, vyroben\u00e1 z cementu s kau\u0159\u00edmi mu\u0161li\u010dkami. V\u011bcn\u011b vysv\u011btlen\u00fd p\u016fvod a v\u00fdznam.\" \/>\n<meta name=\"robots\" content=\"index, follow, max-snippet:-1, max-image-preview:large, max-video-preview:-1\" \/>\n<link rel=\"canonical\" href=\"https:\/\/iwell-guard.com\/cs\/eleggua-ochranna-hlava-u-vchodu\/\" \/>\n<meta property=\"og:locale\" content=\"cs_CZ\" \/>\n<meta property=\"og:type\" content=\"article\" \/>\n<meta property=\"og:title\" content=\"Eleggua \u2013 ochrann\u00e1 hlava u vchodu do domu\" \/>\n<meta property=\"og:description\" content=\"Eleggua je ochrann\u00e1 hlava u vchodu do domu v santer\u00edi, vyroben\u00e1 z cementu s kau\u0159\u00edmi mu\u0161li\u010dkami. V\u011bcn\u011b vysv\u011btlen\u00fd p\u016fvod a v\u00fdznam.\" \/>\n<meta property=\"og:url\" content=\"https:\/\/iwell-guard.com\/cs\/eleggua-ochranna-hlava-u-vchodu\/\" \/>\n<meta property=\"og:site_name\" content=\"iWell Guard\" \/>\n<meta property=\"article:modified_time\" content=\"2026-09-03T17:04:39+00:00\" \/>\n<meta property=\"og:image\" content=\"https:\/\/iwell-guard.com\/wp-content\/uploads\/2026\/05\/schutzsymbol_afrika_eleggua.webp\" \/>\n\t<meta property=\"og:image:width\" content=\"1024\" \/>\n\t<meta property=\"og:image:height\" content=\"1536\" \/>\n\t<meta property=\"og:image:type\" content=\"image\/webp\" \/>\n<meta name=\"twitter:card\" content=\"summary_large_image\" \/>\n<script type=\"application\/ld+json\" class=\"yoast-schema-graph\">{\"@context\":\"https:\\\/\\\/schema.org\",\"@graph\":[{\"@type\":\"WebPage\",\"@id\":\"https:\\\/\\\/iwell-guard.com\\\/cs\\\/eleggua-ochranna-hlava-u-vchodu\\\/\",\"url\":\"https:\\\/\\\/iwell-guard.com\\\/cs\\\/eleggua-ochranna-hlava-u-vchodu\\\/\",\"name\":\"Eleggua - ochrann\u00e1 hlava santer\u00ede\",\"isPartOf\":{\"@id\":\"https:\\\/\\\/iwell-guard.com\\\/cs\\\/#website\"},\"primaryImageOfPage\":{\"@id\":\"https:\\\/\\\/iwell-guard.com\\\/cs\\\/eleggua-ochranna-hlava-u-vchodu\\\/#primaryimage\"},\"image\":{\"@id\":\"https:\\\/\\\/iwell-guard.com\\\/cs\\\/eleggua-ochranna-hlava-u-vchodu\\\/#primaryimage\"},\"thumbnailUrl\":\"https:\\\/\\\/iwell-guard.com\\\/wp-content\\\/uploads\\\/2026\\\/05\\\/schutzsymbol_afrika_eleggua.webp\",\"datePublished\":\"2026-09-03T16:33:20+00:00\",\"dateModified\":\"2026-09-03T17:04:39+00:00\",\"description\":\"Eleggua je ochrann\u00e1 hlava u vchodu do domu v santer\u00edi, vyroben\u00e1 z cementu s kau\u0159\u00edmi mu\u0161li\u010dkami. V\u011bcn\u011b vysv\u011btlen\u00fd p\u016fvod a v\u00fdznam.\",\"breadcrumb\":{\"@id\":\"https:\\\/\\\/iwell-guard.com\\\/cs\\\/eleggua-ochranna-hlava-u-vchodu\\\/#breadcrumb\"},\"inLanguage\":\"cs\",\"potentialAction\":[{\"@type\":\"ReadAction\",\"target\":[\"https:\\\/\\\/iwell-guard.com\\\/cs\\\/eleggua-ochranna-hlava-u-vchodu\\\/\"]}]},{\"@type\":\"ImageObject\",\"inLanguage\":\"cs\",\"@id\":\"https:\\\/\\\/iwell-guard.com\\\/cs\\\/eleggua-ochranna-hlava-u-vchodu\\\/#primaryimage\",\"url\":\"https:\\\/\\\/iwell-guard.com\\\/wp-content\\\/uploads\\\/2026\\\/05\\\/schutzsymbol_afrika_eleggua.webp\",\"contentUrl\":\"https:\\\/\\\/iwell-guard.com\\\/wp-content\\\/uploads\\\/2026\\\/05\\\/schutzsymbol_afrika_eleggua.webp\",\"width\":1024,\"height\":1536,\"caption\":\"Ochrann\u00fd symbol. Muzejn\u00ed ilustrace z\u00e1ti\u0161\u00ed.\"},{\"@type\":\"BreadcrumbList\",\"@id\":\"https:\\\/\\\/iwell-guard.com\\\/cs\\\/eleggua-ochranna-hlava-u-vchodu\\\/#breadcrumb\",\"itemListElement\":[{\"@type\":\"ListItem\",\"position\":1,\"name\":\"Start\",\"item\":\"https:\\\/\\\/iwell-guard.com\\\/cs\\\/?page_id=145107\"},{\"@type\":\"ListItem\",\"position\":2,\"name\":\"Eleggua \u2013 ochrann\u00e1 hlava u vchodu do domu\"}]},{\"@type\":\"WebSite\",\"@id\":\"https:\\\/\\\/iwell-guard.com\\\/cs\\\/#website\",\"url\":\"https:\\\/\\\/iwell-guard.com\\\/cs\\\/\",\"name\":\"iWell Guard\",\"description\":\"Schutz vor dunklen Einfl\u00fcssen\",\"publisher\":{\"@id\":\"https:\\\/\\\/iwell-guard.com\\\/cs\\\/#organization\"},\"potentialAction\":[{\"@type\":\"SearchAction\",\"target\":{\"@type\":\"EntryPoint\",\"urlTemplate\":\"https:\\\/\\\/iwell-guard.com\\\/cs\\\/?s={search_term_string}\"},\"query-input\":{\"@type\":\"PropertyValueSpecification\",\"valueRequired\":true,\"valueName\":\"search_term_string\"}}],\"inLanguage\":\"cs\"},{\"@type\":\"Organization\",\"@id\":\"https:\\\/\\\/iwell-guard.com\\\/cs\\\/#organization\",\"name\":\"Ittermann electronic GmbH\",\"url\":\"https:\\\/\\\/iwell-guard.com\\\/cs\\\/\",\"logo\":{\"@type\":\"ImageObject\",\"inLanguage\":\"cs\",\"@id\":\"https:\\\/\\\/iwell-guard.com\\\/cs\\\/#\\\/schema\\\/logo\\\/image\\\/\",\"url\":\"https:\\\/\\\/iwell-guard.com\\\/wp-content\\\/uploads\\\/2026\\\/05\\\/Ittermann-Logo-1182x237-1.png\",\"contentUrl\":\"https:\\\/\\\/iwell-guard.com\\\/wp-content\\\/uploads\\\/2026\\\/05\\\/Ittermann-Logo-1182x237-1.png\",\"width\":1182,\"height\":237,\"caption\":\"Ittermann electronic GmbH\"},\"image\":{\"@id\":\"https:\\\/\\\/iwell-guard.com\\\/cs\\\/#\\\/schema\\\/logo\\\/image\\\/\"},\"sameAs\":[\"https:\\\/\\\/pantip.com\\\/profile\\\/9367242\",\"https:\\\/\\\/micro.blog\\\/iwellguard\",\"https:\\\/\\\/www.diggerslist.com\\\/iwellguard\\\/about\",\"https:\\\/\\\/skitterphoto.com\\\/photographers\\\/2870314\\\/iwell-guard\",\"https:\\\/\\\/iwellguard.wordpress.com\\\/2026\\\/06\\\/06\\\/iwell-guard\\\/\",\"https:\\\/\\\/hub.docker.com\\\/u\\\/iwellguard\",\"https:\\\/\\\/www.pinterest.com\\\/iwellguard\\\/\",\"https:\\\/\\\/bit.ly\\\/m\\\/iwellguard\",\"https:\\\/\\\/entre-vos-mains.alsace.eu\\\/profiles\\\/iwellguard\\\/activity\",\"https:\\\/\\\/gravatar.com\\\/reallybeded8fd34\",\"https:\\\/\\\/naijamatta.com\\\/iwellguard\",\"https:\\\/\\\/www.goodreads.com\\\/iwellguard\",\"https:\\\/\\\/profile.hatena.ne.jp\\\/iwellguard\\\/\",\"https:\\\/\\\/experiment.com\\\/users\\\/iwellguard\",\"https:\\\/\\\/wakelet.com\\\/@iWellGuard82270\",\"https:\\\/\\\/www.chordie.com\\\/forum\\\/profile.php?id=2555664\",\"https:\\\/\\\/www.instapaper.com\\\/p\\\/17757966\",\"https:\\\/\\\/www.mapleprimes.com\\\/users\\\/iwellguard\",\"https:\\\/\\\/businesslistingplus.com\\\/profile\\\/iwell-guard\\\/\",\"https:\\\/\\\/telegra.ph\\\/iWell-Guard-06-06\",\"https:\\\/\\\/pbase.com\\\/iwellguard\\\/iwellguard\",\"https:\\\/\\\/b.hatena.ne.jp\\\/iwellguard\\\/20260607#bookmark-4788405196491818882\",\"https:\\\/\\\/fliphtml5.com\\\/home\\\/iwellguard\",\"https:\\\/\\\/anyflip.com\\\/homepage\\\/cmiwl#About\",\"https:\\\/\\\/transfur.com\\\/Users\\\/iwellguard\",\"http:\\\/\\\/delphi.larsbo.org\\\/user\\\/iwellguard\",\"https:\\\/\\\/jobs.lajobsportal.org\\\/profiles\\\/8380803-iwell-guard\",\"https:\\\/\\\/md.chaosdorf.de\\\/s\\\/jfbe5SBdJD\",\"https:\\\/\\\/www.lingvolive.com\\\/en-us\\\/profile\\\/9ecaeaca-ce11-4e51-9e71-01d55e2bff36\\\/translations\",\"https:\\\/\\\/www.fitday.com\\\/fitness\\\/forums\\\/members\\\/iwellguard.html\",\"https:\\\/\\\/www.mymeetbook.com\\\/iwellguard\",\"https:\\\/\\\/pxhere.com\\\/en\\\/photographer-me\\\/5040798\",\"https:\\\/\\\/disqus.com\\\/by\\\/iwellguard\\\/about\\\/\",\"https:\\\/\\\/pastelink.net\\\/hjwciqwq\",\"https:\\\/\\\/pubhtml5.com\\\/homepage\\\/scjhn\\\/\",\"https:\\\/\\\/www.bitchute.com\\\/channel\\\/2O2eOKzNqujT\",\"https:\\\/\\\/audiomack.com\\\/iwellguard\"]}]}<\/script>\n<!-- \/ Yoast SEO Premium plugin. -->","yoast_head_json":{"title":"Eleggua - ochrann\u00e1 hlava santer\u00ede","description":"Eleggua je ochrann\u00e1 hlava u vchodu do domu v santer\u00edi, vyroben\u00e1 z cementu s kau\u0159\u00edmi mu\u0161li\u010dkami. V\u011bcn\u011b vysv\u011btlen\u00fd p\u016fvod a v\u00fdznam.","robots":{"index":"index","follow":"follow","max-snippet":"max-snippet:-1","max-image-preview":"max-image-preview:large","max-video-preview":"max-video-preview:-1"},"canonical":"https:\/\/iwell-guard.com\/cs\/eleggua-ochranna-hlava-u-vchodu\/","og_locale":"cs_CZ","og_type":"article","og_title":"Eleggua \u2013 ochrann\u00e1 hlava u vchodu do domu","og_description":"Eleggua je ochrann\u00e1 hlava u vchodu do domu v santer\u00edi, vyroben\u00e1 z cementu s kau\u0159\u00edmi mu\u0161li\u010dkami. V\u011bcn\u011b vysv\u011btlen\u00fd p\u016fvod a v\u00fdznam.","og_url":"https:\/\/iwell-guard.com\/cs\/eleggua-ochranna-hlava-u-vchodu\/","og_site_name":"iWell Guard","article_modified_time":"2026-09-03T17:04:39+00:00","og_image":[{"width":1024,"height":1536,"url":"https:\/\/iwell-guard.com\/wp-content\/uploads\/2026\/05\/schutzsymbol_afrika_eleggua.webp","type":"image\/webp"}],"twitter_card":"summary_large_image","schema":{"@context":"https:\/\/schema.org","@graph":[{"@type":"WebPage","@id":"https:\/\/iwell-guard.com\/cs\/eleggua-ochranna-hlava-u-vchodu\/","url":"https:\/\/iwell-guard.com\/cs\/eleggua-ochranna-hlava-u-vchodu\/","name":"Eleggua - ochrann\u00e1 hlava santer\u00ede","isPartOf":{"@id":"https:\/\/iwell-guard.com\/cs\/#website"},"primaryImageOfPage":{"@id":"https:\/\/iwell-guard.com\/cs\/eleggua-ochranna-hlava-u-vchodu\/#primaryimage"},"image":{"@id":"https:\/\/iwell-guard.com\/cs\/eleggua-ochranna-hlava-u-vchodu\/#primaryimage"},"thumbnailUrl":"https:\/\/iwell-guard.com\/wp-content\/uploads\/2026\/05\/schutzsymbol_afrika_eleggua.webp","datePublished":"2026-09-03T16:33:20+00:00","dateModified":"2026-09-03T17:04:39+00:00","description":"Eleggua je ochrann\u00e1 hlava u vchodu do domu v santer\u00edi, vyroben\u00e1 z cementu s kau\u0159\u00edmi mu\u0161li\u010dkami. V\u011bcn\u011b vysv\u011btlen\u00fd p\u016fvod a v\u00fdznam.","breadcrumb":{"@id":"https:\/\/iwell-guard.com\/cs\/eleggua-ochranna-hlava-u-vchodu\/#breadcrumb"},"inLanguage":"cs","potentialAction":[{"@type":"ReadAction","target":["https:\/\/iwell-guard.com\/cs\/eleggua-ochranna-hlava-u-vchodu\/"]}]},{"@type":"ImageObject","inLanguage":"cs","@id":"https:\/\/iwell-guard.com\/cs\/eleggua-ochranna-hlava-u-vchodu\/#primaryimage","url":"https:\/\/iwell-guard.com\/wp-content\/uploads\/2026\/05\/schutzsymbol_afrika_eleggua.webp","contentUrl":"https:\/\/iwell-guard.com\/wp-content\/uploads\/2026\/05\/schutzsymbol_afrika_eleggua.webp","width":1024,"height":1536,"caption":"Ochrann\u00fd symbol. Muzejn\u00ed ilustrace z\u00e1ti\u0161\u00ed."},{"@type":"BreadcrumbList","@id":"https:\/\/iwell-guard.com\/cs\/eleggua-ochranna-hlava-u-vchodu\/#breadcrumb","itemListElement":[{"@type":"ListItem","position":1,"name":"Start","item":"https:\/\/iwell-guard.com\/cs\/?page_id=145107"},{"@type":"ListItem","position":2,"name":"Eleggua \u2013 ochrann\u00e1 hlava u vchodu do domu"}]},{"@type":"WebSite","@id":"https:\/\/iwell-guard.com\/cs\/#website","url":"https:\/\/iwell-guard.com\/cs\/","name":"iWell Guard","description":"Schutz vor dunklen Einfl\u00fcssen","publisher":{"@id":"https:\/\/iwell-guard.com\/cs\/#organization"},"potentialAction":[{"@type":"SearchAction","target":{"@type":"EntryPoint","urlTemplate":"https:\/\/iwell-guard.com\/cs\/?s={search_term_string}"},"query-input":{"@type":"PropertyValueSpecification","valueRequired":true,"valueName":"search_term_string"}}],"inLanguage":"cs"},{"@type":"Organization","@id":"https:\/\/iwell-guard.com\/cs\/#organization","name":"Ittermann electronic GmbH","url":"https:\/\/iwell-guard.com\/cs\/","logo":{"@type":"ImageObject","inLanguage":"cs","@id":"https:\/\/iwell-guard.com\/cs\/#\/schema\/logo\/image\/","url":"https:\/\/iwell-guard.com\/wp-content\/uploads\/2026\/05\/Ittermann-Logo-1182x237-1.png","contentUrl":"https:\/\/iwell-guard.com\/wp-content\/uploads\/2026\/05\/Ittermann-Logo-1182x237-1.png","width":1182,"height":237,"caption":"Ittermann electronic GmbH"},"image":{"@id":"https:\/\/iwell-guard.com\/cs\/#\/schema\/logo\/image\/"},"sameAs":["https:\/\/pantip.com\/profile\/9367242","https:\/\/micro.blog\/iwellguard","https:\/\/www.diggerslist.com\/iwellguard\/about","https:\/\/skitterphoto.com\/photographers\/2870314\/iwell-guard","https:\/\/iwellguard.wordpress.com\/2026\/06\/06\/iwell-guard\/","https:\/\/hub.docker.com\/u\/iwellguard","https:\/\/www.pinterest.com\/iwellguard\/","https:\/\/bit.ly\/m\/iwellguard","https:\/\/entre-vos-mains.alsace.eu\/profiles\/iwellguard\/activity","https:\/\/gravatar.com\/reallybeded8fd34","https:\/\/naijamatta.com\/iwellguard","https:\/\/www.goodreads.com\/iwellguard","https:\/\/profile.hatena.ne.jp\/iwellguard\/","https:\/\/experiment.com\/users\/iwellguard","https:\/\/wakelet.com\/@iWellGuard82270","https:\/\/www.chordie.com\/forum\/profile.php?id=2555664","https:\/\/www.instapaper.com\/p\/17757966","https:\/\/www.mapleprimes.com\/users\/iwellguard","https:\/\/businesslistingplus.com\/profile\/iwell-guard\/","https:\/\/telegra.ph\/iWell-Guard-06-06","https:\/\/pbase.com\/iwellguard\/iwellguard","https:\/\/b.hatena.ne.jp\/iwellguard\/20260607#bookmark-4788405196491818882","https:\/\/fliphtml5.com\/home\/iwellguard","https:\/\/anyflip.com\/homepage\/cmiwl#About","https:\/\/transfur.com\/Users\/iwellguard","http:\/\/delphi.larsbo.org\/user\/iwellguard","https:\/\/jobs.lajobsportal.org\/profiles\/8380803-iwell-guard","https:\/\/md.chaosdorf.de\/s\/jfbe5SBdJD","https:\/\/www.lingvolive.com\/en-us\/profile\/9ecaeaca-ce11-4e51-9e71-01d55e2bff36\/translations","https:\/\/www.fitday.com\/fitness\/forums\/members\/iwellguard.html","https:\/\/www.mymeetbook.com\/iwellguard","https:\/\/pxhere.com\/en\/photographer-me\/5040798","https:\/\/disqus.com\/by\/iwellguard\/about\/","https:\/\/pastelink.net\/hjwciqwq","https:\/\/pubhtml5.com\/homepage\/scjhn\/","https:\/\/www.bitchute.com\/channel\/2O2eOKzNqujT","https:\/\/audiomack.com\/iwellguard"]}]}},"_links":{"self":[{"href":"https:\/\/iwell-guard.com\/cs\/wp-json\/wp\/v2\/pages\/145747","targetHints":{"allow":["GET"]}}],"collection":[{"href":"https:\/\/iwell-guard.com\/cs\/wp-json\/wp\/v2\/pages"}],"about":[{"href":"https:\/\/iwell-guard.com\/cs\/wp-json\/wp\/v2\/types\/page"}],"author":[{"embeddable":true,"href":"https:\/\/iwell-guard.com\/cs\/wp-json\/wp\/v2\/users\/3"}],"replies":[{"embeddable":true,"href":"https:\/\/iwell-guard.com\/cs\/wp-json\/wp\/v2\/comments?post=145747"}],"version-history":[{"count":0,"href":"https:\/\/iwell-guard.com\/cs\/wp-json\/wp\/v2\/pages\/145747\/revisions"}],"wp:featuredmedia":[{"embeddable":true,"href":"https:\/\/iwell-guard.com\/cs\/wp-json\/wp\/v2\/media\/3554"}],"wp:attachment":[{"href":"https:\/\/iwell-guard.com\/cs\/wp-json\/wp\/v2\/media?parent=145747"}],"wp:term":[{"taxonomy":"category","embeddable":true,"href":"https:\/\/iwell-guard.com\/cs\/wp-json\/wp\/v2\/categories?post=145747"}],"curies":[{"name":"wp","href":"https:\/\/api.w.org\/{rel}","templated":true}]}}