{"id":145745,"date":"2026-09-03T16:33:19","date_gmt":"2026-09-03T16:33:19","guid":{"rendered":"https:\/\/iwell-guard.com\/?page_id=145745"},"modified":"2026-09-03T17:04:36","modified_gmt":"2026-09-03T17:04:36","slug":"nkisi-silova-figura-konga","status":"publish","type":"page","link":"https:\/\/iwell-guard.com\/cs\/nkisi-silova-figura-konga\/","title":{"rendered":"Nkisi \u2013 s\u00edla kmenov\u00e9 figury z oblasti Konga"},"content":{"rendered":"\t\t<div data-elementor-type=\"wp-page\" data-elementor-id=\"145745\" class=\"elementor elementor-145745 elementor-3710 elementor-bc-flex-widget\" data-elementor-post-type=\"page\">\n\t\t\t\t<div class=\"elementor-element elementor-element-iwgs-nkisi-hero e-flex e-con-boxed e-con e-parent\" data-id=\"iwgs-nkisi-hero\" data-element_type=\"container\" data-e-type=\"container\">\n\t\t\t\t\t<div class=\"e-con-inner\">\n\t\t<div class=\"elementor-element elementor-element-iwgs-nkisi-hl e-flex e-con-boxed e-con e-parent\" data-id=\"iwgs-nkisi-hl\" data-element_type=\"container\" data-e-type=\"container\">\n\t\t\t\t\t<div class=\"e-con-inner\">\n\t\t<div class=\"elementor-element elementor-element-iwgs-nkisi-hlbox e-con-full e-flex e-con e-parent\" data-id=\"iwgs-nkisi-hlbox\" data-element_type=\"container\" data-e-type=\"container\">\n\t\t\t\t<div class=\"elementor-element elementor-element-iwgs-nkisi-h1 elementor-widget elementor-widget-heading\" data-id=\"iwgs-nkisi-h1\" data-element_type=\"widget\" data-e-type=\"widget\" data-widget_type=\"heading.default\">\n\t\t\t\t\t<h1 class=\"elementor-heading-title elementor-size-default\">Nkisi \u2013 s\u00edla kmenov\u00e9 figury z oblasti Konga<\/h1>\t\t\t\t<\/div>\n\t\t\t\t<div class=\"elementor-element elementor-element-iwgs-nkisi-lead elementor-widget elementor-widget-text-editor\" data-id=\"iwgs-nkisi-lead\" data-element_type=\"widget\" data-e-type=\"widget\" data-widget_type=\"text-editor.default\">\n\t\t\t\t\t\t\t\t\t<p>Nkisi je kmenov\u00e1 figura z kon\u017esk\u00e9 oblasti st\u0159edn\u00ed Afriky. Je to n\u00e1doba, kter\u00e1 v sob\u011b uchov\u00e1v\u00e1 \u00fa\u010dinn\u00e9 slo\u017eky. Zn\u00e1m\u00e9 figury jsou pobit\u00e9 h\u0159eby a \u010depelemi a maj\u00ed do sebe zasazen\u00e9 zrcadlo.<\/p>\t\t\t\t\t\t\t\t<\/div>\n\t\t\t\t<\/div>\n\t\t\t\t<div class=\"elementor-element elementor-element-iwgs-nkisi-pills elementor-widget elementor-widget-html\" data-id=\"iwgs-nkisi-pills\" data-element_type=\"widget\" data-e-type=\"widget\" data-widget_type=\"html.default\">\n\t\t\t\t\t<div class=\"iwg-pill-row\"><span class=\"iwg-klasse-badge\" tabindex=\"0\" data-tooltip=\"Ochrann\u00fd symbol, amulet nebo apotropaick\u00fd p\u0159edm\u011bt.\">Ochrann\u00fd symbol<\/span><a href=\"https:\/\/iwell-guard.com\/cs\/afrokaribske-tradice-vudu-santeria-candomble\/\" class=\"iwg-kultur-badge\" tabindex=\"0\" data-tooltip=\"Ochrann\u00e1 tradice: Africko-karibsk\u00e9 tradice\">Africko-karibsk\u00e9 tradice<\/a><span class=\"iwg-tradition-badge\" tabindex=\"0\" data-tooltip=\"Figura, ve kter\u00e9 je p\u0159edpokl\u00e1d\u00e1na \u00fa\u010dinn\u00e1 s\u00edla.\">Kmenov\u00e1 figura<\/span><\/div>\t\t\t\t<\/div>\n\t\t\t\t\t<\/div>\n\t\t\t\t<\/div>\n\t\t<div class=\"elementor-element elementor-element-iwgs-nkisi-hr e-con-full e-flex e-con e-parent\" data-id=\"iwgs-nkisi-hr\" data-element_type=\"container\" data-e-type=\"container\">\n\t\t\t\t<div class=\"elementor-element elementor-element-iwgs-nkisi-himg iwg-hero-image elementor-widget elementor-widget-image\" data-id=\"iwgs-nkisi-himg\" data-element_type=\"widget\" data-e-type=\"widget\" data-widget_type=\"image.default\">\n\t\t\t\t\t\t\t\t\t\t\t\t\t\t\t<img fetchpriority=\"high\" decoding=\"async\" width=\"683\" height=\"1024\" src=\"https:\/\/iwell-guard.com\/wp-content\/uploads\/2026\/05\/schutzsymbol_afrika_nkisi-683x1024.webp\" class=\"attachment-large size-large wp-image-147029\" alt=\"Nkisi - ochrann\u00fd symbol, muzejn\u00ed ilustrace\" srcset=\"https:\/\/iwell-guard.com\/wp-content\/uploads\/2026\/05\/schutzsymbol_afrika_nkisi-683x1024.webp 683w, https:\/\/iwell-guard.com\/wp-content\/uploads\/2026\/05\/schutzsymbol_afrika_nkisi-200x300.webp 200w, https:\/\/iwell-guard.com\/wp-content\/uploads\/2026\/05\/schutzsymbol_afrika_nkisi-768x1152.webp 768w, https:\/\/iwell-guard.com\/wp-content\/uploads\/2026\/05\/schutzsymbol_afrika_nkisi.webp 1024w\" sizes=\"(max-width: 683px) 100vw, 683px\" \/>\t\t\t\t\t\t\t\t\t\t\t\t\t\t\t<\/div>\n\t\t\t\t<\/div>\n\t\t\t\t\t<\/div>\n\t\t\t\t<\/div>\n\t\t<div class=\"elementor-element elementor-element-iwgs-nkisi-s0 e-flex e-con-boxed e-con e-parent\" data-id=\"iwgs-nkisi-s0\" data-element_type=\"container\" data-e-type=\"container\">\n\t\t\t\t\t<div class=\"e-con-inner\">\n\t\t\t\t<div class=\"elementor-element elementor-element-iwgs-nkisi-s0h elementor-widget elementor-widget-heading\" data-id=\"iwgs-nkisi-s0h\" data-element_type=\"widget\" data-e-type=\"widget\" data-widget_type=\"heading.default\">\n\t\t\t\t\t<h2 class=\"elementor-heading-title elementor-size-default\">Za\u0159azen\u00ed<\/h2>\t\t\t\t<\/div>\n\t\t<div class=\"elementor-element elementor-element-iwgs-nkisi-s0box e-con-full e-flex e-con e-parent\" data-id=\"iwgs-nkisi-s0box\" data-element_type=\"container\" data-e-type=\"container\">\n\t\t\t\t<div class=\"elementor-element elementor-element-iwgs-nkisi-s0t elementor-widget elementor-widget-text-editor\" data-id=\"iwgs-nkisi-s0t\" data-element_type=\"widget\" data-e-type=\"widget\" data-widget_type=\"text-editor.default\">\n\t\t\t\t\t\t\t\t\t<p>Nkisi je ozna\u010den\u00ed pro kmenovou figuru z kon\u017esk\u00e9 oblasti ve st\u0159edn\u00ed Africe. Pat\u0159\u00ed k <a href=\"https:\/\/iwell-guard.com\/cs\/afrokaribske-tradice-vudu-santeria-candomble\/\">africko-karibsk\u00fdm tradic\u00edm<\/a> a m\u00e1 tam dlouhou historii.<\/p><p>Nkisi je v\u00edc ne\u017e figura. Je to n\u00e1doba, kter\u00e1 v sob\u011b uchov\u00e1v\u00e1 \u00fa\u010dinn\u00e9 slo\u017eky. Ve sv\u00e9m nitru a na sv\u00e9m povrchu m\u00e1 um\u00edst\u011bny vybran\u00e9 l\u00e1tky.<\/p><p>Zn\u00e1m\u00e9 figury nkisi maj\u00ed podobu \u010dlov\u011bka nebo zv\u00ed\u0159ete. Zvl\u00e1\u0161\u0165 p\u016fsobiv\u00e9 jsou figury, kter\u00e9 jsou zcela pobit\u00e9 h\u0159eby a \u010depelemi.<\/p><p>Mnoh\u00e9 figury nkisi maj\u00ed zrcadlo, kter\u00e9 je zasazeno do b\u0159icha nebo do jin\u00e9 \u010d\u00e1sti figury. Toto zrcadlo m\u00e1 ve v\u00fdkladu figury sv\u016fj vlastn\u00ed v\u00fdznam.<\/p><p>Nkisi slou\u017eila r\u016fzn\u00fdm \u00fa\u010del\u016fm. Mohla chr\u00e1nit, l\u00e9\u010dit, urovn\u00e1vat spory nebo stvrzovat dohody. K jej\u00edm d\u016fle\u017eit\u00fdm \u00faloh\u00e1m pat\u0159ila ochrana a odvracen\u00ed ne\u0161t\u011bst\u00ed.<\/p><p>V <span class=\"iwg-fachbegriff\" data-tooltip=\"V\u011bda, kter\u00e1 zkoum\u00e1 n\u00e1bo\u017eenstv\u00ed srovn\u00e1vac\u00edm zp\u016fsobem a bez vlastn\u00ed v\u00edry.\" tabindex=\"0\">religionistice<\/span> je nkisi dobr\u00fdm p\u0159\u00edkladem kmenov\u00e9 figury, kter\u00e1 je ch\u00e1p\u00e1na jako n\u00e1doba. Jej\u00ed v\u00fdznam nespo\u010d\u00edv\u00e1 v samotn\u00e9m zobrazen\u00ed, ale v tom, co v sob\u011b uchov\u00e1v\u00e1.<\/p>\t\t\t\t\t\t\t\t<\/div>\n\t\t\t\t<\/div>\n\t\t\t\t\t<\/div>\n\t\t\t\t<\/div>\n\t\t<div class=\"elementor-element elementor-element-iwgs-nkisi-s1 e-flex e-con-boxed e-con e-parent\" data-id=\"iwgs-nkisi-s1\" data-element_type=\"container\" data-e-type=\"container\">\n\t\t\t\t\t<div class=\"e-con-inner\">\n\t\t\t\t<div class=\"elementor-element elementor-element-iwgs-nkisi-s1h elementor-widget elementor-widget-heading\" data-id=\"iwgs-nkisi-s1h\" data-element_type=\"widget\" data-e-type=\"widget\" data-widget_type=\"heading.default\">\n\t\t\t\t\t<h2 class=\"elementor-heading-title elementor-size-default\">Oblast Konga a jej\u00ed n\u00e1bo\u017eenstv\u00ed<\/h2>\t\t\t\t<\/div>\n\t\t<div class=\"elementor-element elementor-element-iwgs-nkisi-s1box e-con-full e-flex e-con e-parent\" data-id=\"iwgs-nkisi-s1box\" data-element_type=\"container\" data-e-type=\"container\">\n\t\t\t\t<div class=\"elementor-element elementor-element-iwgs-nkisi-s1t elementor-widget elementor-widget-text-editor\" data-id=\"iwgs-nkisi-s1t\" data-element_type=\"widget\" data-e-type=\"widget\" data-widget_type=\"text-editor.default\">\n\t\t\t\t\t\t\t\t\t<p>Nkisi poch\u00e1z\u00ed z kon\u017esk\u00e9 oblasti, \u00fazem\u00ed v z\u00e1padn\u00ed \u010d\u00e1sti st\u0159edn\u00ed Afriky. \u017dily a \u017eij\u00ed tam n\u00e1rody, jejich\u017e jazyky a kultury jsou bl\u00edzce p\u0159\u00edbuzn\u00e9.<\/p><p>N\u00e1bo\u017eenstv\u00ed t\u00e9to oblasti znalo Nejvy\u0161\u0161\u00ed bytost, sv\u011bt p\u0159edk\u016f a sv\u011bt duch\u016f. Mezi lidmi a t\u011bmito mocnostmi zprost\u0159edkov\u00e1vali odborn\u00edci s p\u0159\u00edslu\u0161n\u00fdmi znalostmi.<\/p><p>V tomto n\u00e1bo\u017eensk\u00e9m sv\u011bt\u011b m\u011bla nkisi sv\u00e9 pevn\u00e9 m\u00edsto. Byla prost\u0159edkem, kter\u00fdm se s\u00edly nevidom\u00e9ho sv\u011bta zp\u0159\u00edtom\u0148ovaly pro konkr\u00e9tn\u00ed z\u00e1le\u017eitosti.<\/p><p>Slovo nkisi pat\u0159\u00ed do slovn\u00ed \u0159ady, kter\u00e1 odkazuje na \u00fa\u010dinnou s\u00edlu. Pojem ozna\u010duje jak samotnou figuru, tak s\u00edlu, kter\u00e1 je j\u00ed p\u0159isuzov\u00e1na. V mno\u017en\u00e9m \u010d\u00edsle se mluv\u00ed o minkisi.<\/p><p>Nkisi tedy nen\u00ed pouh\u00e9 um\u011bleck\u00e9 d\u00edlo. Je zasazena do n\u00e1bo\u017eensk\u00e9ho \u0159\u00e1du, v n\u011bm\u017e maj\u00ed sv\u00e9 m\u00edsto p\u0159edkov\u00e9, duchov\u00e9 a odborn\u00edci, kte\u0159\u00ed s nimi um\u011bli zach\u00e1zet.<\/p><p>Toto zasazen\u00ed je d\u016fle\u017eit\u00e9 pro v\u011bcn\u00fd pohled. Nkisi byla n\u00e1bo\u017eensk\u00fd p\u0159edm\u011bt s p\u0159esn\u011b vymezenou \u00falohou, nikoli stra\u0161ideln\u00fd obraz a ani t\u00e9ma pro senzace.<\/p>\t\t\t\t\t\t\t\t<\/div>\n\t\t\t\t<\/div>\n\t\t\t\t\t<\/div>\n\t\t\t\t<\/div>\n\t\t<div class=\"elementor-element elementor-element-iwgs-nkisi-s2 e-flex e-con-boxed e-con e-parent\" data-id=\"iwgs-nkisi-s2\" data-element_type=\"container\" data-e-type=\"container\">\n\t\t\t\t\t<div class=\"e-con-inner\">\n\t\t\t\t<div class=\"elementor-element elementor-element-iwgs-nkisi-s2h elementor-widget elementor-widget-heading\" data-id=\"iwgs-nkisi-s2h\" data-element_type=\"widget\" data-e-type=\"widget\" data-widget_type=\"heading.default\">\n\t\t\t\t\t<h2 class=\"elementor-heading-title elementor-size-default\">Stavba kmenov\u00e9 figury<\/h2>\t\t\t\t<\/div>\n\t\t<div class=\"elementor-element elementor-element-iwgs-nkisi-s2box e-con-full e-flex e-con e-parent\" data-id=\"iwgs-nkisi-s2box\" data-element_type=\"container\" data-e-type=\"container\">\n\t\t\t\t<div class=\"elementor-element elementor-element-iwgs-nkisi-s2t elementor-widget elementor-widget-text-editor\" data-id=\"iwgs-nkisi-s2t\" data-element_type=\"widget\" data-e-type=\"widget\" data-widget_type=\"text-editor.default\">\n\t\t\t\t\t\t\t\t\t<p>Nkisi se skl\u00e1d\u00e1 z vy\u0159ez\u00e1van\u00e9ho t\u011bla a ze slo\u017eek, kter\u00e9 jsou v n\u011bm a na n\u011bm um\u00edst\u011bny. Oboj\u00ed k sob\u011b neodd\u011bliteln\u011b pat\u0159\u00ed.<\/p><p>Vy\u0159ez\u00e1van\u00e9 t\u011blo d\u00e1v\u00e1 figu\u0159e jej\u00ed podobu. M\u016f\u017ee zobrazovat \u010dlov\u011bka, ve stoj\u00edc\u00edm nebo sed\u00edc\u00edm postoji, nebo m\u00edt podobu zv\u00ed\u0159ete.<\/p><p>Rozhoduj\u00edc\u00ed \u010d\u00e1st\u00ed je v\u0161ak to, co figura v sob\u011b uchov\u00e1v\u00e1. V dutin\u011b, \u010dasto v b\u0159i\u0161e nebo na hlav\u011b, jsou um\u00edst\u011bny vybran\u00e9 slo\u017eky. Ty jsou skute\u010dn\u011b \u00fa\u010dinnou \u010d\u00e1st\u00ed figury.<\/p><p>K t\u011bmto slo\u017ek\u00e1m pat\u0159ila zemina z v\u00fdznamn\u00fdch m\u00edst, \u010d\u00e1sti rostlin, miner\u00e1ly a dal\u0161\u00ed l\u00e1tky. Jejich v\u00fdb\u011br se \u0159\u00eddil znalostmi, kter\u00e9 odborn\u00edci ovl\u00e1dali.<\/p><p>Dutina se slo\u017ekami byla uzav\u0159ena. Jako uz\u00e1v\u011br \u010dasto slou\u017eilo zrcadlo, kter\u00e9 slo\u017eky zakr\u00fdvalo a d\u00e1valo figu\u0159e jej\u00ed charakteristick\u00fd vzhled.<\/p><p>Nkisi je tedy spojen\u00edm obrazu a n\u00e1doby. Vy\u0159ez\u00e1van\u00e9 t\u011blo je viditeln\u00e9, ale skute\u010dn\u011b \u00fa\u010dinn\u00e1 \u010d\u00e1st je uchov\u00e1na v nitru a skryta p\u0159ed vn\u011bj\u0161\u00edm sv\u011btem.<\/p>\t\t\t\t\t\t\t\t<\/div>\n\t\t\t\t<\/div>\n\t\t\t\t\t<\/div>\n\t\t\t\t<\/div>\n\t\t<div class=\"elementor-element elementor-element-iwgs-nkisi-s3 e-flex e-con-boxed e-con e-parent\" data-id=\"iwgs-nkisi-s3\" data-element_type=\"container\" data-e-type=\"container\">\n\t\t\t\t\t<div class=\"e-con-inner\">\n\t\t\t\t<div class=\"elementor-element elementor-element-iwgs-nkisi-s3h elementor-widget elementor-widget-heading\" data-id=\"iwgs-nkisi-s3h\" data-element_type=\"widget\" data-e-type=\"widget\" data-widget_type=\"heading.default\">\n\t\t\t\t\t<h2 class=\"elementor-heading-title elementor-size-default\">H\u0159eby, \u010depele a zrcadlo<\/h2>\t\t\t\t<\/div>\n\t\t<div class=\"elementor-element elementor-element-iwgs-nkisi-s3box e-con-full e-flex e-con e-parent\" data-id=\"iwgs-nkisi-s3box\" data-element_type=\"container\" data-e-type=\"container\">\n\t\t\t\t<div class=\"elementor-element elementor-element-iwgs-nkisi-s3t elementor-widget elementor-widget-text-editor\" data-id=\"iwgs-nkisi-s3t\" data-element_type=\"widget\" data-e-type=\"widget\" data-widget_type=\"text-editor.default\">\n\t\t\t\t\t\t\t\t\t<p>Zvl\u00e1\u0161\u0165 zn\u00e1m\u00e9 jsou figury nkisi, kter\u00e9 jsou zcela pobit\u00e9 h\u0159eby a \u010depelemi. Tento p\u016fsobiv\u00fd vzhled vy\u017eaduje vysv\u011btlen\u00ed.<\/p><p>H\u0159eby a \u010depele nebyly zatlouk\u00e1ny jako ozdoba. Ka\u017ed\u00fd h\u0159eb p\u0159edstavuje ur\u010dit\u00fd \u00fakon, <span class=\"iwg-fachbegriff\" data-tooltip=\"Prosebn\u00e9 nebo zakl\u00ednaj\u00edc\u00ed obr\u00e1cen\u00ed se na bo\u017estvo \u010di moc.\" tabindex=\"0\">vz\u00fdv\u00e1n\u00ed<\/span>, p\u0159\u00edsahu nebo prosbu, kter\u00e1 byla figu\u0159e adresov\u00e1na.<\/p><p>Kdy\u017e byla p\u0159ed figuru p\u0159ednesena n\u011bjak\u00e1 z\u00e1le\u017eitost, zatloukl se h\u0159eb nebo \u010depel. Tento \u00fakon byl jakoby stvrzen\u00edm, viditeln\u00fdm znamen\u00edm vznesen\u00e9 prosby.<\/p><p>Figura nkisi s mnoha h\u0159eby tedy nese stopy \u010detn\u00fdch z\u00e1le\u017eitost\u00ed. Ka\u017ed\u00fd h\u0159eb je p\u0159ipom\u00ednkou n\u011bjak\u00e9ho \u00fakonu, p\u0159\u00edsahy nebo prosby o pomoc.<\/p><p>Zasazen\u00e9 zrcadlo m\u00e1 jin\u00fd v\u00fdznam. Uzav\u00edr\u00e1 slo\u017eky a z\u00e1rove\u0148 se pokl\u00e1d\u00e1 za spojen\u00ed s nevidom\u00fdm sv\u011btem. Zrcadl\u00edc\u00ed plocha odkazuje na sf\u00e9ru duch\u016f a p\u0159edk\u016f.<\/p><p>H\u0159eby, \u010depele a zrcadlo d\u011blaj\u00ed z nkisi nezam\u011bniteln\u00fd p\u0159edm\u011bt, jak je dnes zn\u00e1m. Nejsou ozdobou, n\u00fdbr\u017e sv\u011bdectv\u00edm jej\u00edho u\u017e\u00edv\u00e1n\u00ed a jej\u00edho v\u00fdznamu.<\/p>\t\t\t\t\t\t\t\t<\/div>\n\t\t\t\t<\/div>\n\t\t\t\t\t<\/div>\n\t\t\t\t<\/div>\n\t\t<div class=\"elementor-element elementor-element-iwgs-nkisi-s4 e-flex e-con-boxed e-con e-parent\" data-id=\"iwgs-nkisi-s4\" data-element_type=\"container\" data-e-type=\"container\">\n\t\t\t\t\t<div class=\"e-con-inner\">\n\t\t\t\t<div class=\"elementor-element elementor-element-iwgs-nkisi-s4h elementor-widget elementor-widget-heading\" data-id=\"iwgs-nkisi-s4h\" data-element_type=\"widget\" data-e-type=\"widget\" data-widget_type=\"heading.default\">\n\t\t\t\t\t<h2 class=\"elementor-heading-title elementor-size-default\">\u00dalohy a u\u017e\u00edv\u00e1n\u00ed<\/h2>\t\t\t\t<\/div>\n\t\t<div class=\"elementor-element elementor-element-iwgs-nkisi-s4box e-con-full e-flex e-con e-parent\" data-id=\"iwgs-nkisi-s4box\" data-element_type=\"container\" data-e-type=\"container\">\n\t\t\t\t<div class=\"elementor-element elementor-element-iwgs-nkisi-s4t elementor-widget elementor-widget-text-editor\" data-id=\"iwgs-nkisi-s4t\" data-element_type=\"widget\" data-e-type=\"widget\" data-widget_type=\"text-editor.default\">\n\t\t\t\t\t\t\t\t\t<p>Nkisi neslou\u017eila jedin\u00e9mu \u00fa\u010delu. Podle sv\u00e9ho zhotoven\u00ed a sv\u00fdch slo\u017eek plnila r\u016fzn\u00e9 \u00falohy.<\/p><p>K d\u016fle\u017eit\u00fdm \u00faloh\u00e1m pat\u0159ila ochrana. Nkisi mohla odvracet ne\u0161t\u011bst\u00ed od \u010dlov\u011bka, od rodiny nebo od spole\u010denstv\u00ed.<\/p><p>Jin\u00e9 figury slou\u017eily l\u00e9\u010den\u00ed. Byly vz\u00fdv\u00e1ny p\u0159i nemoci a m\u011bly podporovat uzdraven\u00ed. Dal\u0161\u00ed pom\u00e1haly urovn\u00e1vat spory.<\/p><p>Zvl\u00e1\u0161tn\u00ed \u00falohou bylo stvrzov\u00e1n\u00ed dohod a p\u0159\u00edsah. Kdo p\u0159ed nkisi slo\u017eil p\u0159\u00edsahu, d\u00e1val se pod jej\u00ed dohled. Poru\u0161en\u00ed p\u0159\u00edsahy m\u011bl m\u00edt n\u00e1sledky.<\/p><p>Zach\u00e1zen\u00ed s nkisi n\u00e1le\u017eelo odborn\u00edkovi. Znal figuru, jej\u00ed slo\u017eky a slova, jimi\u017e byla vz\u00fdv\u00e1na. Bez t\u00e9to znalosti figura nebyla \u00fa\u010dinn\u00e1.<\/p><p>Nkisi byla tedy n\u00e1strojem v r\u00e1mci uspo\u0159\u00e1dan\u00e9 praxe. Byla nasazov\u00e1na pro ur\u010dit\u00e9 z\u00e1le\u017eitosti a jej\u00ed u\u017e\u00edv\u00e1n\u00ed se \u0159\u00eddilo pravidly, kter\u00e1 odborn\u00edk ovl\u00e1dal.<\/p>\t\t\t\t\t\t\t\t<\/div>\n\t\t\t\t<\/div>\n\t\t\t\t\t<\/div>\n\t\t\t\t<\/div>\n\t\t<div class=\"elementor-element elementor-element-iwgs-nkisi-s5 e-flex e-con-boxed e-con e-parent\" data-id=\"iwgs-nkisi-s5\" data-element_type=\"container\" data-e-type=\"container\">\n\t\t\t\t\t<div class=\"e-con-inner\">\n\t\t\t\t<div class=\"elementor-element elementor-element-iwgs-nkisi-s5h elementor-widget elementor-widget-heading\" data-id=\"iwgs-nkisi-s5h\" data-element_type=\"widget\" data-e-type=\"widget\" data-widget_type=\"heading.default\">\n\t\t\t\t\t<h2 class=\"elementor-heading-title elementor-size-default\">Nkisi a africko-karibsk\u00e1 n\u00e1bo\u017eenstv\u00ed<\/h2>\t\t\t\t<\/div>\n\t\t<div class=\"elementor-element elementor-element-iwgs-nkisi-s5box e-con-full e-flex e-con e-parent\" data-id=\"iwgs-nkisi-s5box\" data-element_type=\"container\" data-e-type=\"container\">\n\t\t\t\t<div class=\"elementor-element elementor-element-iwgs-nkisi-s5t elementor-widget elementor-widget-text-editor\" data-id=\"iwgs-nkisi-s5t\" data-element_type=\"widget\" data-e-type=\"widget\" data-widget_type=\"text-editor.default\">\n\t\t\t\t\t\t\t\t\t<p>Nkisi pat\u0159\u00ed k africk\u00fdm ko\u0159en\u016fm, z nich\u017e se vyvinula africko-karibsk\u00e1 n\u00e1bo\u017eenstv\u00ed. Jej\u00ed vliv sah\u00e1 a\u017e za Atlantik.<\/p><p>V pr\u016fb\u011bhu transatlantick\u00e9ho obchodu s otroky byli lid\u00e9 z oblasti Konga odvle\u010deni do Ameriky. Spolu s nimi cestovaly i jejich n\u00e1bo\u017eensk\u00e9 p\u0159edstavy.<\/p><p>P\u0159edstavy ze sv\u011bta minkisi se vlily do nov\u00fdch n\u00e1bo\u017eenstv\u00ed, kter\u00e1 vznikala v Karibiku a v Ji\u017en\u00ed Americe. Spojily se s vlivy jin\u00fdch africk\u00fdch p\u016fvod\u016f.<\/p><p>P\u0159edm\u011bty ch\u00e1pan\u00e9 jako n\u00e1doba \u00fa\u010dinn\u00fdch l\u00e1tek jsou zn\u00e1my z n\u011bkolika t\u011bchto n\u00e1bo\u017eenstv\u00ed. Z\u00e1kladn\u00ed my\u0161lenka z oblasti Konga v nich \u017eila d\u00e1l.<\/p><p>Nkisi tak nen\u00ed jen p\u0159edm\u011btem st\u0159edoafrick\u00e9ho n\u00e1bo\u017eenstv\u00ed. Je tak\u00e9 jedn\u00edm z pramen\u016f, z nich\u017e \u010derpaj\u00ed ochrann\u00e9 a mocn\u00e9 p\u0159edm\u011bty africko-karibsk\u00e9ho sv\u011bta.<\/p><p>V\u011bcn\u00fd pohled tuto souvislost oce\u0148uje. Nkisi pat\u0159\u00ed k n\u00e1bo\u017eensk\u00e9mu d\u011bdictv\u00ed, kter\u00e9 bylo p\u0159es Atlantik uchov\u00e1no a pokra\u010dovalo v nov\u00fdch form\u00e1ch.<\/p>\t\t\t\t\t\t\t\t<\/div>\n\t\t\t\t<\/div>\n\t\t\t\t\t<\/div>\n\t\t\t\t<\/div>\n\t\t<div class=\"elementor-element elementor-element-iwgs-nkisi-s6 e-flex e-con-boxed e-con e-parent\" data-id=\"iwgs-nkisi-s6\" data-element_type=\"container\" data-e-type=\"container\">\n\t\t\t\t\t<div class=\"e-con-inner\">\n\t\t\t\t<div class=\"elementor-element elementor-element-iwgs-nkisi-s6h elementor-widget elementor-widget-heading\" data-id=\"iwgs-nkisi-s6h\" data-element_type=\"widget\" data-e-type=\"widget\" data-widget_type=\"heading.default\">\n\t\t\t\t\t<h2 class=\"elementor-heading-title elementor-size-default\">Kultovn\u00ed figura jako n\u00e1doba<\/h2>\t\t\t\t<\/div>\n\t\t<div class=\"elementor-element elementor-element-iwgs-nkisi-s6box e-con-full e-flex e-con e-parent\" data-id=\"iwgs-nkisi-s6box\" data-element_type=\"container\" data-e-type=\"container\">\n\t\t\t\t<div class=\"elementor-element elementor-element-iwgs-nkisi-s6t elementor-widget elementor-widget-text-editor\" data-id=\"iwgs-nkisi-s6t\" data-element_type=\"widget\" data-e-type=\"widget\" data-widget_type=\"text-editor.default\">\n\t\t\t\t\t\t\t\t\t<p>Nkisi se \u0159\u00edd\u00ed vlastn\u00edm principem p\u016fsoben\u00ed. Je to figura, ale jej\u00ed s\u00edla nespo\u010d\u00edv\u00e1 jen v podob\u011b. Spo\u010d\u00edv\u00e1 v tom, co figura jako n\u00e1doba skr\u00fdv\u00e1.<\/p><p>My\u0161lenka spo\u010d\u00edv\u00e1 ve spojen\u00ed obrazu a obsahu. Vy\u0159ezan\u00e9 t\u011blo d\u00e1v\u00e1 viditelnou podobu, vlo\u017een\u00e9 slo\u017eky d\u00e1vaj\u00ed \u00fa\u010dinnou l\u00e1tku.<\/p><p>Teprve d\u00edky slo\u017ek\u00e1m se figura st\u00e1v\u00e1 nkisi. Vy\u0159ezan\u00e9 t\u011blo bez vlo\u017een\u00e9ho obsahu je\u0161t\u011b nen\u00ed kultovn\u00ed figurou. Odborn\u00edk oboj\u00ed spojuje.<\/p><p>V tom se nkisi podob\u00e1 jin\u00fdm p\u0159edm\u011bt\u016fm ch\u00e1pan\u00fdm jako n\u00e1doba. Ochrann\u00fd amulet spo\u010d\u00edv\u00e1 na stejn\u00e9 my\u0161lence, \u017ee obal skr\u00fdv\u00e1 \u00fa\u010dinn\u00fd v\u00fdb\u011br.<\/p><p>Nkisi se od nich li\u0161\u00ed figur\u00e1ln\u00ed podobou. Nejde o vak, ale o figuru, a se sv\u00fdmi h\u0159eby a zrc\u00e1tkem m\u00e1 v\u00fdrazn\u00fd, viditeln\u00fd vzhled.<\/p><p>Nkisi tak spojuje dv\u011b str\u00e1nky. Je z\u00e1rove\u0148 obrazem i n\u00e1dobou. Viditeln\u00e1 figura a ukryt\u00fd obsah spolu p\u016fsob\u00ed a dohromady tvo\u0159\u00ed kultovn\u00ed figuru.<\/p>\t\t\t\t\t\t\t\t<\/div>\n\t\t\t\t<\/div>\n\t\t\t\t\t<\/div>\n\t\t\t\t<\/div>\n\t\t<div class=\"elementor-element elementor-element-iwgs-nkisi-s7 e-flex e-con-boxed e-con e-parent\" data-id=\"iwgs-nkisi-s7\" data-element_type=\"container\" data-e-type=\"container\">\n\t\t\t\t\t<div class=\"e-con-inner\">\n\t\t\t\t<div class=\"elementor-element elementor-element-iwgs-nkisi-s7h elementor-widget elementor-widget-heading\" data-id=\"iwgs-nkisi-s7h\" data-element_type=\"widget\" data-e-type=\"widget\" data-widget_type=\"heading.default\">\n\t\t\t\t\t<h2 class=\"elementor-heading-title elementor-size-default\">Nkisi v muze\u00edch<\/h2>\t\t\t\t<\/div>\n\t\t<div class=\"elementor-element elementor-element-iwgs-nkisi-s7box e-con-full e-flex e-con e-parent\" data-id=\"iwgs-nkisi-s7box\" data-element_type=\"container\" data-e-type=\"container\">\n\t\t\t\t<div class=\"elementor-element elementor-element-iwgs-nkisi-s7t elementor-widget elementor-widget-text-editor\" data-id=\"iwgs-nkisi-s7t\" data-element_type=\"widget\" data-e-type=\"widget\" data-widget_type=\"text-editor.default\">\n\t\t\t\t\t\t\t\t\t<p>Mnoho figur nkisi se dnes nach\u00e1z\u00ed v muze\u00edch Evropy a Severn\u00ed Ameriky. Cesta, kterou se tam dostaly, je sou\u010d\u00e1st\u00ed koloni\u00e1ln\u00ed historie a vy\u017eaduje otev\u0159en\u00fd pohled.<\/p><p>V dob\u011b evropsk\u00e9 koloni\u00e1ln\u00ed vl\u00e1dy bylo mnoho t\u011bchto figur odvezeno z oblasti Konga. Dostaly se do sb\u00edrek, do muze\u00ed a do obchodu s um\u011bn\u00edm.<\/p><p>Okolnosti tohoto z\u00edsk\u00e1v\u00e1n\u00ed byly \u010dasto ovlivn\u011bny nerovnou moc\u00ed koloni\u00e1ln\u00ed doby. N\u011bkter\u00e9 figury byly koupeny, jin\u00e9 odebr\u00e1ny, ani\u017e by dom\u00e1c\u00ed spole\u010denstv\u00ed m\u011bla mo\u017enost spolurozhodovat.<\/p><p>V muze\u00edch byly nkisi po dlouhou dobu ch\u00e1p\u00e1ny p\u0159edev\u0161\u00edm jako um\u011bleck\u00e1 d\u00edla. A\u017e pozd\u011bji se do pop\u0159ed\u00ed dostal jejich n\u00e1bo\u017eensk\u00fd v\u00fdznam a ot\u00e1zka jejich p\u016fvodu.<\/p><p>Dnes se diskutuje o navracen\u00ed takov\u00fdch p\u0159edm\u011bt\u016f a o odpov\u00eddaj\u00edc\u00edm zach\u00e1zen\u00ed s nimi. Nkisi tak zastupuje i otev\u0159enou ot\u00e1zku muzejnictv\u00ed.<\/p><p>V\u011bcn\u00fd pohled tuto historii jmenuje. Figury nkisi v muze\u00edch nejsou jen sv\u011bdectv\u00edm st\u0159edoafrick\u00e9ho n\u00e1bo\u017eenstv\u00ed, ale i sv\u011bdectv\u00edm koloni\u00e1ln\u00ed doby a jej\u00edch n\u00e1sledk\u016f.<\/p>\t\t\t\t\t\t\t\t<\/div>\n\t\t\t\t<\/div>\n\t\t\t\t\t<\/div>\n\t\t\t\t<\/div>\n\t\t<div class=\"elementor-element elementor-element-iwgs-nkisi-s8 e-flex e-con-boxed e-con e-parent\" data-id=\"iwgs-nkisi-s8\" data-element_type=\"container\" data-e-type=\"container\">\n\t\t\t\t\t<div class=\"e-con-inner\">\n\t\t\t\t<div class=\"elementor-element elementor-element-iwgs-nkisi-s8h elementor-widget elementor-widget-heading\" data-id=\"iwgs-nkisi-s8h\" data-element_type=\"widget\" data-e-type=\"widget\" data-widget_type=\"heading.default\">\n\t\t\t\t\t<h2 class=\"elementor-heading-title elementor-size-default\">Sou\u010dasn\u00e1 recepce<\/h2>\t\t\t\t<\/div>\n\t\t<div class=\"elementor-element elementor-element-iwgs-nkisi-s8box e-con-full e-flex e-con e-parent\" data-id=\"iwgs-nkisi-s8box\" data-element_type=\"container\" data-e-type=\"container\">\n\t\t\t\t<div class=\"elementor-element elementor-element-iwgs-nkisi-s8t elementor-widget elementor-widget-text-editor\" data-id=\"iwgs-nkisi-s8t\" data-element_type=\"widget\" data-e-type=\"widget\" data-widget_type=\"text-editor.default\">\n\t\t\t\t\t\t\t\t\t<p>Nkisi je dnes zn\u00e1ma p\u0159edev\u0161\u00edm jako p\u0159edm\u011bt muze\u00ed a bad\u00e1n\u00ed. Ve sb\u00edrk\u00e1ch africk\u00e9ho um\u011bn\u00ed pat\u0159\u00ed k v\u00fdjime\u010dn\u00fdm kus\u016fm.<\/p><p>V d\u011bjin\u00e1ch um\u011bn\u00ed plat\u00ed figury nkisi pobit\u00e9 h\u0159eby za p\u016fsobiv\u00e1 sv\u011bdectv\u00ed st\u0159edoafrick\u00e9ho socha\u0159stv\u00ed. Um\u011blce i pozorovatele mnohokr\u00e1t zaujaly.<\/p><p>Z\u00e1rove\u0148 se do pop\u0159ed\u00ed z\u00e1jmu dostal n\u00e1bo\u017eensk\u00fd v\u00fdznam nkisi. Odpov\u00eddaj\u00edc\u00ed pohled vykl\u00e1d\u00e1 figuru z jej\u00edho vlastn\u00edho n\u00e1bo\u017eensk\u00e9ho \u0159\u00e1du.<\/p><p>V oblasti Konga samotn\u00e9 se p\u0159edstavy ze sv\u011bta minkisi z\u010d\u00e1sti zachovaly nebo se spojily s k\u0159es\u0165anstv\u00edm. Tradice tedy jednodu\u0161e nezmizela, ale prom\u011bnila se.<\/p><p>V\u011bcn\u00fd pohled se vyh\u00fdb\u00e1 star\u00e9mu obrazu stra\u0161ideln\u00e9ho p\u0159edm\u011btu. Nkisi byla n\u00e1bo\u017eensk\u00fdm n\u00e1strojem s p\u0159esn\u00fdmi \u00fakoly, zasazen\u00fdm do uspo\u0159\u00e1dan\u00e9 praxe.<\/p><p>Nkisi tak z\u016fst\u00e1v\u00e1 v\u00fdmluvn\u00fdm p\u0159\u00edkladem kultovn\u00ed figury. V n\u00ed se spojuje vy\u0159ezan\u00e1 podoba, ukryt\u00fd obsah a historie n\u00e1bo\u017eenstv\u00ed, kter\u00e9 p\u016fsobilo daleko za hranicemi st\u0159edn\u00ed Afriky.<\/p>\t\t\t\t\t\t\t\t<\/div>\n\t\t\t\t<\/div>\n\t\t\t\t\t<\/div>\n\t\t\t\t<\/div>\n\t\t<div class=\"elementor-element elementor-element-iwgs-nkisi-lit e-flex e-con-boxed e-con e-parent\" data-id=\"iwgs-nkisi-lit\" data-element_type=\"container\" data-e-type=\"container\">\n\t\t\t\t\t<div class=\"e-con-inner\">\n\t\t\t\t<div class=\"elementor-element elementor-element-iwgs-nkisi-lith elementor-widget elementor-widget-heading\" data-id=\"iwgs-nkisi-lith\" data-element_type=\"widget\" data-e-type=\"widget\" data-widget_type=\"heading.default\">\n\t\t\t\t\t<h2 class=\"elementor-heading-title elementor-size-default\">Literatura (v\u00fdb\u011br)<\/h2>\t\t\t\t<\/div>\n\t\t<div class=\"elementor-element elementor-element-iwgs-nkisi-litbox e-con-full e-flex e-con e-parent\" data-id=\"iwgs-nkisi-litbox\" data-element_type=\"container\" data-e-type=\"container\">\n\t\t\t\t<div class=\"elementor-element elementor-element-iwgs-nkisi-litt elementor-widget elementor-widget-html\" data-id=\"iwgs-nkisi-litt\" data-element_type=\"widget\" data-e-type=\"widget\" data-widget_type=\"html.default\">\n\t\t\t\t\t<footer data-nosnippet=\"true\"><ul><li>Wyatt MacGaffey: <em>Religion and Society in Central Africa. The BaKongo of Lower Zaire<\/em> (1986)<\/li><li>Wyatt MacGaffey: <em>Astonishment and Power. Kongo Minkisi<\/em> (1993)<\/li><li>John M. Janzen: <em>Lemba, 1650 to 1930. A Drum of Affliction in Africa and the New World<\/em> (1982)<\/li><li>Robert Farris Thompson: <em>Flash of the Spirit. African and Afro-American Art and Philosophy<\/em> (1983)<\/li><li>Zdenka Volavka: <em>Crown and Ritual. The Royal Insignia of Ngoyo<\/em> (1998)<\/li><\/ul><\/footer>\t\t\t\t<\/div>\n\t\t\t\t<\/div>\n\t\t\t\t\t<\/div>\n\t\t\t\t<\/div>\n\t\t<div class=\"elementor-element elementor-element-iwgs-nkisi-kwd e-flex e-con-boxed e-con e-parent\" data-id=\"iwgs-nkisi-kwd\" data-element_type=\"container\" data-e-type=\"container\">\n\t\t\t\t\t<div class=\"e-con-inner\">\n\t\t\t\t<div class=\"elementor-element elementor-element-iwgs-nkisi-kwdt elementor-widget elementor-widget-text-editor\" data-id=\"iwgs-nkisi-kwdt\" data-element_type=\"widget\" data-e-type=\"widget\" data-widget_type=\"text-editor.default\">\n\t\t\t\t\t\t\t\t\t<p><em>Souvisej\u00edc\u00ed kl\u00ed\u010dov\u00e9 pojmy: Nkisi kultovn\u00ed figura oblast Konga Minkisi h\u0159eby zrc\u00e1tko n\u00e1doba africko-karibsk\u00e1 n\u00e1bo\u017eenstv\u00ed koloni\u00e1ln\u00ed historie.<\/em><\/p>\t\t\t\t\t\t\t\t<\/div>\n\t\t\t\t\t<\/div>\n\t\t\t\t<\/div>\n\t\t<div class=\"elementor-element elementor-element-iwgs-nkisi-cc e-flex e-con-boxed e-con e-parent\" data-id=\"iwgs-nkisi-cc\" data-element_type=\"container\" data-e-type=\"container\" id=\"iwg-cc-nkisi\">\n\t\t\t\t\t<div class=\"e-con-inner\">\n\t\t<div class=\"elementor-element elementor-element-iwgs-nkisi-ccinner e-flex e-con-boxed e-con e-parent\" data-id=\"iwgs-nkisi-ccinner\" data-element_type=\"container\" data-e-type=\"container\" data-settings=\"{&quot;background_background&quot;:&quot;classic&quot;}\">\n\t\t\t\t\t<div class=\"e-con-inner\">\n\t\t\t\t<div class=\"elementor-element elementor-element-iwgs-nkisi-cch elementor-widget elementor-widget-heading\" data-id=\"iwgs-nkisi-cch\" data-element_type=\"widget\" data-e-type=\"widget\" data-widget_type=\"heading.default\">\n\t\t\t\t\t<h2 class=\"elementor-heading-title elementor-size-default\">iWell Guard a ochrann\u00e9 tradice<\/h2>\t\t\t\t<\/div>\n\t\t\t\t<div class=\"elementor-element elementor-element-iwgs-nkisi-cct elementor-widget elementor-widget-text-editor\" data-id=\"iwgs-nkisi-cct\" data-element_type=\"widget\" data-e-type=\"widget\" data-widget_type=\"text-editor.default\">\n\t\t\t\t\t\t\t\t\t<p>iWell Guard navazuje na kulturn\u011b-historickou linii nositeln\u00fdch ochrann\u00fdch p\u0159edm\u011bt\u016f, k n\u00ed\u017e pat\u0159\u00ed i figura nkisi. Modern\u00ed spole\u010dn\u00edk pro lidi, kte\u0159\u00ed \u017eij\u00ed s ochrann\u00fdmi symboly: vyrobeno v N\u011bmecku, 41 vrstev z ryz\u00edho zlata, platiny a st\u0159\u00edbra, s 30denn\u00ed lh\u016ftou na vr\u00e1cen\u00ed.<\/p>\t\t\t\t\t\t\t\t<\/div>\n\t\t\t\t<div class=\"elementor-element elementor-element-iwgs-nkisi-ccb iwg-cc-button iwg-cc-cta-2026-05-13 elementor-widget elementor-widget-jet-button\" data-id=\"iwgs-nkisi-ccb\" data-element_type=\"widget\" data-e-type=\"widget\" data-widget_type=\"jet-button.default\">\n\t\t\t\t<div class=\"elementor-widget-container\">\n\t\t\t\t\t<div class=\"elementor-jet-button jet-elements\"><div class=\"jet-button__container\"><a class=\"jet-button__instance jet-button__instance--icon-left hover-effect-1\" href=\"\/schutzanhaenger-iwell-guard-kaufen\/?utm_source=iwell-guard.com&amp;utm_medium=info-box&amp;utm_campaign=schutzsymbole\"><div class=\"jet-button__plane jet-button__plane-normal\"><\/div><div class=\"jet-button__plane jet-button__plane-hover\"><\/div><div class=\"jet-button__state jet-button__state-normal\"><span class=\"jet-button__label\">V\u00edce o iWell Guard<\/span><\/div><div class=\"jet-button__state jet-button__state-hover\"><span class=\"jet-button__label\">V\u00edce o iWell Guard<\/span><\/div><\/a><\/div><\/div><style>.elementor-element.elementor-element-iwgs-nkisi-ccb .jet-button__instance{width:320px;height:56px;}.elementor-element.elementor-element-iwgs-nkisi-ccb .jet-button__state-normal .jet-button__label{text-align:center;margin:0px 0px 0px 0px;color:#1a1b20;font-family:Montserrat,sans-serif;font-size:13px;font-weight:400;letter-spacing:4px;line-height:1.714em;text-transform:uppercase;}.elementor-element.elementor-element-iwgs-nkisi-ccb .jet-button__state-hover .jet-button__label{text-align:center;margin:0px 0px 0px 0px;color:#FECC76;font-family:Montserrat,sans-serif;font-size:13px;font-weight:400;letter-spacing:4px;line-height:1.714em;text-transform:uppercase;}.elementor-element.elementor-element-iwgs-nkisi-ccb .jet-button__plane-normal{background-color:#FECC76;border-style:solid;border-color:#C99540;border-width:2px 2px 2px 2px;}.elementor-element.elementor-element-iwgs-nkisi-ccb .jet-button__plane-hover{background-color:rgba(0,0,0,0.55);border-style:solid;border-color:#FECC76;border-width:2px 2px 2px 2px;}<\/style>\t\t\t\t<\/div>\n\t\t\t\t<\/div>\n\t\t\t\t<div class=\"elementor-element elementor-element-iwgs-nkisi-ccd elementor-widget elementor-widget-text-editor\" data-id=\"iwgs-nkisi-ccd\" data-element_type=\"widget\" data-e-type=\"widget\" data-widget_type=\"text-editor.default\">\n\t\t\t\t\t\t\t\t\t<p style=\"text-align:center;font-size:13px;opacity:0.7;margin-top:14px\" data-nosnippet=\"true\">Osobn\u00ed zku\u0161enosti se mohou li\u0161it. Nejde o zdravotnick\u00fd prost\u0159edek. Nejde o p\u0159\u00edslib l\u00e9\u010den\u00ed.<\/p>\t\t\t\t\t\t\t\t<\/div>\n\t\t\t\t\t<\/div>\n\t\t\t\t<\/div>\n\t\t\t\t\t<\/div>\n\t\t\t\t<\/div>\n\t\t<div class=\"elementor-element elementor-element-iwgs-nkisi-disc e-flex e-con-boxed e-con e-parent\" data-id=\"iwgs-nkisi-disc\" data-element_type=\"container\" data-e-type=\"container\">\n\t\t\t\t\t<div class=\"e-con-inner\">\n\t\t\t\t<div class=\"elementor-element elementor-element-iwgs-nkisi-discw elementor-widget elementor-widget-html\" data-id=\"iwgs-nkisi-discw\" data-element_type=\"widget\" data-e-type=\"widget\" data-widget_type=\"html.default\">\n\t\t\t\t\t<footer data-nosnippet=\"true\" class=\"iwg-disclaimer-block\"><p data-nosnippet=\"true\">iWell Guard <strong>nen\u00ed zdravotnick\u00fd prost\u0159edek<\/strong> a nenahrazuje l\u00e9ka\u0159skou ani psychoterapeutickou l\u00e9\u010dbu. Zde uveden\u00fd obsah p\u0159edstavuje religionistick\u00e9 a kulturn\u011b-historick\u00e9 za\u0159azen\u00ed, nikoli p\u0159\u00edslib duchovn\u00edho \u00fa\u010dinku.<\/p><\/footer>\t\t\t\t<\/div>\n\t\t\t\t\t<\/div>\n\t\t\t\t<\/div>\n\t\t\t\t<\/div>\n\t\t","protected":false},"excerpt":{"rendered":"","protected":false},"author":3,"featured_media":3550,"parent":0,"menu_order":0,"comment_status":"closed","ping_status":"closed","template":"elementor_header_footer","meta":{"_yoast_wpseo_focuskw":"Nkisi","_yoast_wpseo_title":"Nkisi - kmenov\u00e1 figura z oblasti Konga","_yoast_wpseo_metadesc":"Nkisi je kmenov\u00e1 figura z oblasti Konga, \u010dasto pobit\u00e1 h\u0159eby a \u010depelemi. V\u011bcn\u011b vysv\u011btlen\u00fd p\u016fvod, stavba a v\u00fdznam.","_yoast_wpseo_meta-robots-noindex":"","_yoast_wpseo_canonical":"","_angie_page":false,"gefaehrdungsstufe":"","wesen_kultur":"","wesen_klasse":"","footnotes":""},"categories":[],"class_list":["post-145745","page","type-page","status-publish","has-post-thumbnail","hentry"],"yoast_head":"<!-- This site is optimized with the Yoast SEO Premium plugin v27.7 (Yoast SEO v28.3) - https:\/\/yoast.com\/product\/yoast-seo-premium-wordpress\/ -->\n<title>Nkisi - kmenov\u00e1 figura z oblasti Konga<\/title>\n<meta name=\"description\" content=\"Nkisi je kmenov\u00e1 figura z oblasti Konga, \u010dasto pobit\u00e1 h\u0159eby a \u010depelemi. V\u011bcn\u011b vysv\u011btlen\u00fd p\u016fvod, stavba a v\u00fdznam.\" \/>\n<meta name=\"robots\" content=\"index, follow, max-snippet:-1, max-image-preview:large, max-video-preview:-1\" \/>\n<link rel=\"canonical\" href=\"https:\/\/iwell-guard.com\/cs\/nkisi-silova-figura-konga\/\" \/>\n<meta property=\"og:locale\" content=\"cs_CZ\" \/>\n<meta property=\"og:type\" content=\"article\" \/>\n<meta property=\"og:title\" content=\"Nkisi \u2013 s\u00edla kmenov\u00e9 figury z oblasti Konga\" \/>\n<meta property=\"og:description\" content=\"Nkisi je kmenov\u00e1 figura z oblasti Konga, \u010dasto pobit\u00e1 h\u0159eby a \u010depelemi. V\u011bcn\u011b vysv\u011btlen\u00fd p\u016fvod, stavba a v\u00fdznam.\" \/>\n<meta property=\"og:url\" content=\"https:\/\/iwell-guard.com\/cs\/nkisi-silova-figura-konga\/\" \/>\n<meta property=\"og:site_name\" content=\"iWell Guard\" \/>\n<meta property=\"article:modified_time\" content=\"2026-09-03T17:04:36+00:00\" \/>\n<meta property=\"og:image\" content=\"https:\/\/iwell-guard.com\/wp-content\/uploads\/2026\/05\/schutzsymbol_afrika_nkisi.webp\" \/>\n\t<meta property=\"og:image:width\" content=\"1024\" \/>\n\t<meta property=\"og:image:height\" content=\"1536\" \/>\n\t<meta property=\"og:image:type\" content=\"image\/webp\" \/>\n<meta name=\"twitter:card\" content=\"summary_large_image\" \/>\n<script type=\"application\/ld+json\" class=\"yoast-schema-graph\">{\"@context\":\"https:\\\/\\\/schema.org\",\"@graph\":[{\"@type\":\"WebPage\",\"@id\":\"https:\\\/\\\/iwell-guard.com\\\/cs\\\/nkisi-silova-figura-konga\\\/\",\"url\":\"https:\\\/\\\/iwell-guard.com\\\/cs\\\/nkisi-silova-figura-konga\\\/\",\"name\":\"Nkisi - kmenov\u00e1 figura z oblasti Konga\",\"isPartOf\":{\"@id\":\"https:\\\/\\\/iwell-guard.com\\\/cs\\\/#website\"},\"primaryImageOfPage\":{\"@id\":\"https:\\\/\\\/iwell-guard.com\\\/cs\\\/nkisi-silova-figura-konga\\\/#primaryimage\"},\"image\":{\"@id\":\"https:\\\/\\\/iwell-guard.com\\\/cs\\\/nkisi-silova-figura-konga\\\/#primaryimage\"},\"thumbnailUrl\":\"https:\\\/\\\/iwell-guard.com\\\/wp-content\\\/uploads\\\/2026\\\/05\\\/schutzsymbol_afrika_nkisi.webp\",\"datePublished\":\"2026-09-03T16:33:19+00:00\",\"dateModified\":\"2026-09-03T17:04:36+00:00\",\"description\":\"Nkisi je kmenov\u00e1 figura z oblasti Konga, \u010dasto pobit\u00e1 h\u0159eby a \u010depelemi. V\u011bcn\u011b vysv\u011btlen\u00fd p\u016fvod, stavba a v\u00fdznam.\",\"breadcrumb\":{\"@id\":\"https:\\\/\\\/iwell-guard.com\\\/cs\\\/nkisi-silova-figura-konga\\\/#breadcrumb\"},\"inLanguage\":\"cs\",\"potentialAction\":[{\"@type\":\"ReadAction\",\"target\":[\"https:\\\/\\\/iwell-guard.com\\\/cs\\\/nkisi-silova-figura-konga\\\/\"]}]},{\"@type\":\"ImageObject\",\"inLanguage\":\"cs\",\"@id\":\"https:\\\/\\\/iwell-guard.com\\\/cs\\\/nkisi-silova-figura-konga\\\/#primaryimage\",\"url\":\"https:\\\/\\\/iwell-guard.com\\\/wp-content\\\/uploads\\\/2026\\\/05\\\/schutzsymbol_afrika_nkisi.webp\",\"contentUrl\":\"https:\\\/\\\/iwell-guard.com\\\/wp-content\\\/uploads\\\/2026\\\/05\\\/schutzsymbol_afrika_nkisi.webp\",\"width\":1024,\"height\":1536,\"caption\":\"Ochrann\u00fd symbol. Muzejn\u00ed ilustrace z\u00e1ti\u0161\u00ed.\"},{\"@type\":\"BreadcrumbList\",\"@id\":\"https:\\\/\\\/iwell-guard.com\\\/cs\\\/nkisi-silova-figura-konga\\\/#breadcrumb\",\"itemListElement\":[{\"@type\":\"ListItem\",\"position\":1,\"name\":\"Start\",\"item\":\"https:\\\/\\\/iwell-guard.com\\\/cs\\\/?page_id=145107\"},{\"@type\":\"ListItem\",\"position\":2,\"name\":\"Nkisi \u2013 s\u00edla kmenov\u00e9 figury z oblasti Konga\"}]},{\"@type\":\"WebSite\",\"@id\":\"https:\\\/\\\/iwell-guard.com\\\/cs\\\/#website\",\"url\":\"https:\\\/\\\/iwell-guard.com\\\/cs\\\/\",\"name\":\"iWell Guard\",\"description\":\"Schutz vor dunklen Einfl\u00fcssen\",\"publisher\":{\"@id\":\"https:\\\/\\\/iwell-guard.com\\\/cs\\\/#organization\"},\"potentialAction\":[{\"@type\":\"SearchAction\",\"target\":{\"@type\":\"EntryPoint\",\"urlTemplate\":\"https:\\\/\\\/iwell-guard.com\\\/cs\\\/?s={search_term_string}\"},\"query-input\":{\"@type\":\"PropertyValueSpecification\",\"valueRequired\":true,\"valueName\":\"search_term_string\"}}],\"inLanguage\":\"cs\"},{\"@type\":\"Organization\",\"@id\":\"https:\\\/\\\/iwell-guard.com\\\/cs\\\/#organization\",\"name\":\"Ittermann electronic GmbH\",\"url\":\"https:\\\/\\\/iwell-guard.com\\\/cs\\\/\",\"logo\":{\"@type\":\"ImageObject\",\"inLanguage\":\"cs\",\"@id\":\"https:\\\/\\\/iwell-guard.com\\\/cs\\\/#\\\/schema\\\/logo\\\/image\\\/\",\"url\":\"https:\\\/\\\/iwell-guard.com\\\/wp-content\\\/uploads\\\/2026\\\/05\\\/Ittermann-Logo-1182x237-1.png\",\"contentUrl\":\"https:\\\/\\\/iwell-guard.com\\\/wp-content\\\/uploads\\\/2026\\\/05\\\/Ittermann-Logo-1182x237-1.png\",\"width\":1182,\"height\":237,\"caption\":\"Ittermann electronic GmbH\"},\"image\":{\"@id\":\"https:\\\/\\\/iwell-guard.com\\\/cs\\\/#\\\/schema\\\/logo\\\/image\\\/\"},\"sameAs\":[\"https:\\\/\\\/pantip.com\\\/profile\\\/9367242\",\"https:\\\/\\\/micro.blog\\\/iwellguard\",\"https:\\\/\\\/www.diggerslist.com\\\/iwellguard\\\/about\",\"https:\\\/\\\/skitterphoto.com\\\/photographers\\\/2870314\\\/iwell-guard\",\"https:\\\/\\\/iwellguard.wordpress.com\\\/2026\\\/06\\\/06\\\/iwell-guard\\\/\",\"https:\\\/\\\/hub.docker.com\\\/u\\\/iwellguard\",\"https:\\\/\\\/www.pinterest.com\\\/iwellguard\\\/\",\"https:\\\/\\\/bit.ly\\\/m\\\/iwellguard\",\"https:\\\/\\\/entre-vos-mains.alsace.eu\\\/profiles\\\/iwellguard\\\/activity\",\"https:\\\/\\\/gravatar.com\\\/reallybeded8fd34\",\"https:\\\/\\\/naijamatta.com\\\/iwellguard\",\"https:\\\/\\\/www.goodreads.com\\\/iwellguard\",\"https:\\\/\\\/profile.hatena.ne.jp\\\/iwellguard\\\/\",\"https:\\\/\\\/experiment.com\\\/users\\\/iwellguard\",\"https:\\\/\\\/wakelet.com\\\/@iWellGuard82270\",\"https:\\\/\\\/www.chordie.com\\\/forum\\\/profile.php?id=2555664\",\"https:\\\/\\\/www.instapaper.com\\\/p\\\/17757966\",\"https:\\\/\\\/www.mapleprimes.com\\\/users\\\/iwellguard\",\"https:\\\/\\\/businesslistingplus.com\\\/profile\\\/iwell-guard\\\/\",\"https:\\\/\\\/telegra.ph\\\/iWell-Guard-06-06\",\"https:\\\/\\\/pbase.com\\\/iwellguard\\\/iwellguard\",\"https:\\\/\\\/b.hatena.ne.jp\\\/iwellguard\\\/20260607#bookmark-4788405196491818882\",\"https:\\\/\\\/fliphtml5.com\\\/home\\\/iwellguard\",\"https:\\\/\\\/anyflip.com\\\/homepage\\\/cmiwl#About\",\"https:\\\/\\\/transfur.com\\\/Users\\\/iwellguard\",\"http:\\\/\\\/delphi.larsbo.org\\\/user\\\/iwellguard\",\"https:\\\/\\\/jobs.lajobsportal.org\\\/profiles\\\/8380803-iwell-guard\",\"https:\\\/\\\/md.chaosdorf.de\\\/s\\\/jfbe5SBdJD\",\"https:\\\/\\\/www.lingvolive.com\\\/en-us\\\/profile\\\/9ecaeaca-ce11-4e51-9e71-01d55e2bff36\\\/translations\",\"https:\\\/\\\/www.fitday.com\\\/fitness\\\/forums\\\/members\\\/iwellguard.html\",\"https:\\\/\\\/www.mymeetbook.com\\\/iwellguard\",\"https:\\\/\\\/pxhere.com\\\/en\\\/photographer-me\\\/5040798\",\"https:\\\/\\\/disqus.com\\\/by\\\/iwellguard\\\/about\\\/\",\"https:\\\/\\\/pastelink.net\\\/hjwciqwq\",\"https:\\\/\\\/pubhtml5.com\\\/homepage\\\/scjhn\\\/\",\"https:\\\/\\\/www.bitchute.com\\\/channel\\\/2O2eOKzNqujT\",\"https:\\\/\\\/audiomack.com\\\/iwellguard\"]}]}<\/script>\n<!-- \/ Yoast SEO Premium plugin. -->","yoast_head_json":{"title":"Nkisi - kmenov\u00e1 figura z oblasti Konga","description":"Nkisi je kmenov\u00e1 figura z oblasti Konga, \u010dasto pobit\u00e1 h\u0159eby a \u010depelemi. V\u011bcn\u011b vysv\u011btlen\u00fd p\u016fvod, stavba a v\u00fdznam.","robots":{"index":"index","follow":"follow","max-snippet":"max-snippet:-1","max-image-preview":"max-image-preview:large","max-video-preview":"max-video-preview:-1"},"canonical":"https:\/\/iwell-guard.com\/cs\/nkisi-silova-figura-konga\/","og_locale":"cs_CZ","og_type":"article","og_title":"Nkisi \u2013 s\u00edla kmenov\u00e9 figury z oblasti Konga","og_description":"Nkisi je kmenov\u00e1 figura z oblasti Konga, \u010dasto pobit\u00e1 h\u0159eby a \u010depelemi. V\u011bcn\u011b vysv\u011btlen\u00fd p\u016fvod, stavba a v\u00fdznam.","og_url":"https:\/\/iwell-guard.com\/cs\/nkisi-silova-figura-konga\/","og_site_name":"iWell Guard","article_modified_time":"2026-09-03T17:04:36+00:00","og_image":[{"width":1024,"height":1536,"url":"https:\/\/iwell-guard.com\/wp-content\/uploads\/2026\/05\/schutzsymbol_afrika_nkisi.webp","type":"image\/webp"}],"twitter_card":"summary_large_image","schema":{"@context":"https:\/\/schema.org","@graph":[{"@type":"WebPage","@id":"https:\/\/iwell-guard.com\/cs\/nkisi-silova-figura-konga\/","url":"https:\/\/iwell-guard.com\/cs\/nkisi-silova-figura-konga\/","name":"Nkisi - kmenov\u00e1 figura z oblasti Konga","isPartOf":{"@id":"https:\/\/iwell-guard.com\/cs\/#website"},"primaryImageOfPage":{"@id":"https:\/\/iwell-guard.com\/cs\/nkisi-silova-figura-konga\/#primaryimage"},"image":{"@id":"https:\/\/iwell-guard.com\/cs\/nkisi-silova-figura-konga\/#primaryimage"},"thumbnailUrl":"https:\/\/iwell-guard.com\/wp-content\/uploads\/2026\/05\/schutzsymbol_afrika_nkisi.webp","datePublished":"2026-09-03T16:33:19+00:00","dateModified":"2026-09-03T17:04:36+00:00","description":"Nkisi je kmenov\u00e1 figura z oblasti Konga, \u010dasto pobit\u00e1 h\u0159eby a \u010depelemi. V\u011bcn\u011b vysv\u011btlen\u00fd p\u016fvod, stavba a v\u00fdznam.","breadcrumb":{"@id":"https:\/\/iwell-guard.com\/cs\/nkisi-silova-figura-konga\/#breadcrumb"},"inLanguage":"cs","potentialAction":[{"@type":"ReadAction","target":["https:\/\/iwell-guard.com\/cs\/nkisi-silova-figura-konga\/"]}]},{"@type":"ImageObject","inLanguage":"cs","@id":"https:\/\/iwell-guard.com\/cs\/nkisi-silova-figura-konga\/#primaryimage","url":"https:\/\/iwell-guard.com\/wp-content\/uploads\/2026\/05\/schutzsymbol_afrika_nkisi.webp","contentUrl":"https:\/\/iwell-guard.com\/wp-content\/uploads\/2026\/05\/schutzsymbol_afrika_nkisi.webp","width":1024,"height":1536,"caption":"Ochrann\u00fd symbol. Muzejn\u00ed ilustrace z\u00e1ti\u0161\u00ed."},{"@type":"BreadcrumbList","@id":"https:\/\/iwell-guard.com\/cs\/nkisi-silova-figura-konga\/#breadcrumb","itemListElement":[{"@type":"ListItem","position":1,"name":"Start","item":"https:\/\/iwell-guard.com\/cs\/?page_id=145107"},{"@type":"ListItem","position":2,"name":"Nkisi \u2013 s\u00edla kmenov\u00e9 figury z oblasti Konga"}]},{"@type":"WebSite","@id":"https:\/\/iwell-guard.com\/cs\/#website","url":"https:\/\/iwell-guard.com\/cs\/","name":"iWell Guard","description":"Schutz vor dunklen Einfl\u00fcssen","publisher":{"@id":"https:\/\/iwell-guard.com\/cs\/#organization"},"potentialAction":[{"@type":"SearchAction","target":{"@type":"EntryPoint","urlTemplate":"https:\/\/iwell-guard.com\/cs\/?s={search_term_string}"},"query-input":{"@type":"PropertyValueSpecification","valueRequired":true,"valueName":"search_term_string"}}],"inLanguage":"cs"},{"@type":"Organization","@id":"https:\/\/iwell-guard.com\/cs\/#organization","name":"Ittermann electronic GmbH","url":"https:\/\/iwell-guard.com\/cs\/","logo":{"@type":"ImageObject","inLanguage":"cs","@id":"https:\/\/iwell-guard.com\/cs\/#\/schema\/logo\/image\/","url":"https:\/\/iwell-guard.com\/wp-content\/uploads\/2026\/05\/Ittermann-Logo-1182x237-1.png","contentUrl":"https:\/\/iwell-guard.com\/wp-content\/uploads\/2026\/05\/Ittermann-Logo-1182x237-1.png","width":1182,"height":237,"caption":"Ittermann electronic GmbH"},"image":{"@id":"https:\/\/iwell-guard.com\/cs\/#\/schema\/logo\/image\/"},"sameAs":["https:\/\/pantip.com\/profile\/9367242","https:\/\/micro.blog\/iwellguard","https:\/\/www.diggerslist.com\/iwellguard\/about","https:\/\/skitterphoto.com\/photographers\/2870314\/iwell-guard","https:\/\/iwellguard.wordpress.com\/2026\/06\/06\/iwell-guard\/","https:\/\/hub.docker.com\/u\/iwellguard","https:\/\/www.pinterest.com\/iwellguard\/","https:\/\/bit.ly\/m\/iwellguard","https:\/\/entre-vos-mains.alsace.eu\/profiles\/iwellguard\/activity","https:\/\/gravatar.com\/reallybeded8fd34","https:\/\/naijamatta.com\/iwellguard","https:\/\/www.goodreads.com\/iwellguard","https:\/\/profile.hatena.ne.jp\/iwellguard\/","https:\/\/experiment.com\/users\/iwellguard","https:\/\/wakelet.com\/@iWellGuard82270","https:\/\/www.chordie.com\/forum\/profile.php?id=2555664","https:\/\/www.instapaper.com\/p\/17757966","https:\/\/www.mapleprimes.com\/users\/iwellguard","https:\/\/businesslistingplus.com\/profile\/iwell-guard\/","https:\/\/telegra.ph\/iWell-Guard-06-06","https:\/\/pbase.com\/iwellguard\/iwellguard","https:\/\/b.hatena.ne.jp\/iwellguard\/20260607#bookmark-4788405196491818882","https:\/\/fliphtml5.com\/home\/iwellguard","https:\/\/anyflip.com\/homepage\/cmiwl#About","https:\/\/transfur.com\/Users\/iwellguard","http:\/\/delphi.larsbo.org\/user\/iwellguard","https:\/\/jobs.lajobsportal.org\/profiles\/8380803-iwell-guard","https:\/\/md.chaosdorf.de\/s\/jfbe5SBdJD","https:\/\/www.lingvolive.com\/en-us\/profile\/9ecaeaca-ce11-4e51-9e71-01d55e2bff36\/translations","https:\/\/www.fitday.com\/fitness\/forums\/members\/iwellguard.html","https:\/\/www.mymeetbook.com\/iwellguard","https:\/\/pxhere.com\/en\/photographer-me\/5040798","https:\/\/disqus.com\/by\/iwellguard\/about\/","https:\/\/pastelink.net\/hjwciqwq","https:\/\/pubhtml5.com\/homepage\/scjhn\/","https:\/\/www.bitchute.com\/channel\/2O2eOKzNqujT","https:\/\/audiomack.com\/iwellguard"]}]}},"_links":{"self":[{"href":"https:\/\/iwell-guard.com\/cs\/wp-json\/wp\/v2\/pages\/145745","targetHints":{"allow":["GET"]}}],"collection":[{"href":"https:\/\/iwell-guard.com\/cs\/wp-json\/wp\/v2\/pages"}],"about":[{"href":"https:\/\/iwell-guard.com\/cs\/wp-json\/wp\/v2\/types\/page"}],"author":[{"embeddable":true,"href":"https:\/\/iwell-guard.com\/cs\/wp-json\/wp\/v2\/users\/3"}],"replies":[{"embeddable":true,"href":"https:\/\/iwell-guard.com\/cs\/wp-json\/wp\/v2\/comments?post=145745"}],"version-history":[{"count":0,"href":"https:\/\/iwell-guard.com\/cs\/wp-json\/wp\/v2\/pages\/145745\/revisions"}],"wp:featuredmedia":[{"embeddable":true,"href":"https:\/\/iwell-guard.com\/cs\/wp-json\/wp\/v2\/media\/3550"}],"wp:attachment":[{"href":"https:\/\/iwell-guard.com\/cs\/wp-json\/wp\/v2\/media?parent=145745"}],"wp:term":[{"taxonomy":"category","embeddable":true,"href":"https:\/\/iwell-guard.com\/cs\/wp-json\/wp\/v2\/categories?post=145745"}],"curies":[{"name":"wp","href":"https:\/\/api.w.org\/{rel}","templated":true}]}}