{"id":145740,"date":"2026-09-03T16:33:17","date_gmt":"2026-09-03T16:33:17","guid":{"rendered":"https:\/\/iwell-guard.com\/?page_id=145740"},"modified":"2026-09-03T17:04:29","modified_gmt":"2026-09-03T17:04:29","slug":"keltsky-uzel-nekonecny-vzor","status":"publish","type":"page","link":"https:\/\/iwell-guard.com\/cs\/keltsky-uzel-nekonecny-vzor\/","title":{"rendered":"Keltsk\u00fd uzel \u2013 nekone\u010dn\u00fd vzor uzl\u016f"},"content":{"rendered":"\t\t<div data-elementor-type=\"wp-page\" data-elementor-id=\"145740\" class=\"elementor elementor-145740 elementor-3705 elementor-bc-flex-widget\" data-elementor-post-type=\"page\">\n\t\t\t\t<div class=\"elementor-element elementor-element-iwgs-keltischerkn-hero e-flex e-con-boxed e-con e-parent\" data-id=\"iwgs-keltischerkn-hero\" data-element_type=\"container\" data-e-type=\"container\">\n\t\t\t\t\t<div class=\"e-con-inner\">\n\t\t<div class=\"elementor-element elementor-element-iwgs-keltischerkn-hl e-flex e-con-boxed e-con e-parent\" data-id=\"iwgs-keltischerkn-hl\" data-element_type=\"container\" data-e-type=\"container\">\n\t\t\t\t\t<div class=\"e-con-inner\">\n\t\t<div class=\"elementor-element elementor-element-iwgs-keltischerkn-hlbox e-con-full e-flex e-con e-parent\" data-id=\"iwgs-keltischerkn-hlbox\" data-element_type=\"container\" data-e-type=\"container\">\n\t\t\t\t<div class=\"elementor-element elementor-element-iwgs-keltischerkn-h1 elementor-widget elementor-widget-heading\" data-id=\"iwgs-keltischerkn-h1\" data-element_type=\"widget\" data-e-type=\"widget\" data-widget_type=\"heading.default\">\n\t\t\t\t\t<h1 class=\"elementor-heading-title elementor-size-default\">Keltsk\u00fd uzel \u2013 nekone\u010dn\u00e9 vzory ostrovn\u00edho um\u011bn\u00ed<\/h1>\t\t\t\t<\/div>\n\t\t\t\t<div class=\"elementor-element elementor-element-iwgs-keltischerkn-lead elementor-widget elementor-widget-text-editor\" data-id=\"iwgs-keltischerkn-lead\" data-element_type=\"widget\" data-e-type=\"widget\" data-widget_type=\"text-editor.default\">\n\t\t\t\t\t\t\t\t\t<p>Keltsk\u00fd uzel ozna\u010duje propleten\u00e9 pleten\u00e9 vzory ostrovn\u00edho um\u011bn\u00ed. Vytvo\u0159eny z jedin\u00e9 nep\u0159etr\u017eit\u00e9 p\u00e1sky zdob\u00ed rukopisy, kamenn\u00e9 k\u0159\u00ed\u017ee a kovov\u00e9 pr\u00e1ce st\u0159edov\u011bku.<\/p>\t\t\t\t\t\t\t\t<\/div>\n\t\t\t\t<\/div>\n\t\t\t\t<div class=\"elementor-element elementor-element-iwgs-keltischerkn-pills elementor-widget elementor-widget-html\" data-id=\"iwgs-keltischerkn-pills\" data-element_type=\"widget\" data-e-type=\"widget\" data-widget_type=\"html.default\">\n\t\t\t\t\t<div class=\"iwg-pill-row\"><span class=\"iwg-klasse-badge\" tabindex=\"0\" data-tooltip=\"Ochrann\u00fd symbol, amulet nebo apotropaick\u00fd p\u0159edm\u011bt.\">Ochrann\u00fd symbol<\/span><a href=\"https:\/\/iwell-guard.com\/cs\/keltska\/\" class=\"iwg-kultur-badge\" tabindex=\"0\" data-tooltip=\"Ochrann\u00e1 tradice: keltsk\u00e1\">Keltsk\u00e1<\/a><span class=\"iwg-tradition-badge\" tabindex=\"0\" data-tooltip=\"Ochrann\u00fd symbol ve tvaru propleten\u00e9ho uzlu.\">Uzlov\u00fd symbol<\/span><\/div>\t\t\t\t<\/div>\n\t\t\t\t\t<\/div>\n\t\t\t\t<\/div>\n\t\t<div class=\"elementor-element elementor-element-iwgs-keltischerkn-hr e-con-full e-flex e-con e-parent\" data-id=\"iwgs-keltischerkn-hr\" data-element_type=\"container\" data-e-type=\"container\">\n\t\t\t\t<div class=\"elementor-element elementor-element-iwgs-keltischerkn-himg iwg-hero-image elementor-widget elementor-widget-image\" data-id=\"iwgs-keltischerkn-himg\" data-element_type=\"widget\" data-e-type=\"widget\" data-widget_type=\"image.default\">\n\t\t\t\t\t\t\t\t\t\t\t\t\t\t\t<img fetchpriority=\"high\" decoding=\"async\" width=\"683\" height=\"1024\" src=\"https:\/\/iwell-guard.com\/wp-content\/uploads\/2026\/05\/schutzsymbol_keltisch_keltischer-knoten-683x1024.webp\" class=\"attachment-large size-large wp-image-147095\" alt=\"Keltsk\u00fd uzel - ochrann\u00fd symbol, muzejn\u00ed ilustrace\" srcset=\"https:\/\/iwell-guard.com\/wp-content\/uploads\/2026\/05\/schutzsymbol_keltisch_keltischer-knoten-683x1024.webp 683w, https:\/\/iwell-guard.com\/wp-content\/uploads\/2026\/05\/schutzsymbol_keltisch_keltischer-knoten-200x300.webp 200w, https:\/\/iwell-guard.com\/wp-content\/uploads\/2026\/05\/schutzsymbol_keltisch_keltischer-knoten-768x1152.webp 768w, https:\/\/iwell-guard.com\/wp-content\/uploads\/2026\/05\/schutzsymbol_keltisch_keltischer-knoten.webp 1024w\" sizes=\"(max-width: 683px) 100vw, 683px\" \/>\t\t\t\t\t\t\t\t\t\t\t\t\t\t\t<\/div>\n\t\t\t\t<\/div>\n\t\t\t\t\t<\/div>\n\t\t\t\t<\/div>\n\t\t<div class=\"elementor-element elementor-element-iwgs-keltischerkn-s0 e-flex e-con-boxed e-con e-parent\" data-id=\"iwgs-keltischerkn-s0\" data-element_type=\"container\" data-e-type=\"container\">\n\t\t\t\t\t<div class=\"e-con-inner\">\n\t\t\t\t<div class=\"elementor-element elementor-element-iwgs-keltischerkn-s0h elementor-widget elementor-widget-heading\" data-id=\"iwgs-keltischerkn-s0h\" data-element_type=\"widget\" data-e-type=\"widget\" data-widget_type=\"heading.default\">\n\t\t\t\t\t<h2 class=\"elementor-heading-title elementor-size-default\">Za\u0159azen\u00ed<\/h2>\t\t\t\t<\/div>\n\t\t<div class=\"elementor-element elementor-element-iwgs-keltischerkn-s0box e-con-full e-flex e-con e-parent\" data-id=\"iwgs-keltischerkn-s0box\" data-element_type=\"container\" data-e-type=\"container\">\n\t\t\t\t<div class=\"elementor-element elementor-element-iwgs-keltischerkn-s0t elementor-widget elementor-widget-text-editor\" data-id=\"iwgs-keltischerkn-s0t\" data-element_type=\"widget\" data-e-type=\"widget\" data-widget_type=\"text-editor.default\">\n\t\t\t\t\t\t\t\t\t<p>Keltsk\u00fd uzel je ornament\u00e1ln\u00ed vzor, kter\u00fd je spojov\u00e1n se <a href=\"https:\/\/iwell-guard.com\/cs\/keltska\/\">keltsk\u00fdm<\/a> sv\u011btem a p\u0159esn\u011bji s ostrovn\u00edm um\u011bn\u00edm Irska a Britannie. Pat\u0159\u00ed k nejzn\u00e1m\u011bj\u0161\u00edm ornament\u00e1ln\u00edm form\u00e1m tohoto um\u011bn\u00ed.<\/p><p>Vzor se skl\u00e1d\u00e1 z p\u00e1sek, kter\u00e9 se propl\u00e9taj\u00ed, k\u0159\u00ed\u017e\u00ed a vz\u00e1jemn\u011b spojuj\u00ed. Cel\u00e9 pletivo je \u010dasto tvo\u0159eno jedinou nep\u0159etr\u017eitou p\u00e1skou, na n\u00ed\u017e nelze rozeznat za\u010d\u00e1tek ani konec.<\/p><p>Takov\u00e9 uzlov\u00e9 vzory zdob\u00ed velk\u00e9 rukopisy ran\u00e9ho st\u0159edov\u011bku, kamenn\u00e9 vysok\u00e9 k\u0159\u00ed\u017ee, \u0161perky a kovov\u00e9 pr\u00e1ce. Pat\u0159\u00ed k j\u00e1dru ostrovn\u00edho ornament\u00e1ln\u00edho um\u011bn\u00ed.<\/p><p>Keltsk\u00fd uzel je v prvn\u00ed \u0159ad\u011b ornament\u00e1ln\u00ed vzor. Pevn\u011b stanoven\u00fd n\u00e1bo\u017eensk\u00fd v\u00fdznam jednotliv\u00fdch uzl\u016f se zpravidla ned\u00e1 dok\u00e1zat. V dne\u0161n\u00edm v\u00fdkladu je nekone\u010dn\u00e1 p\u00e1ska \u010dasto ch\u00e1p\u00e1na jako <span class=\"iwg-fachbegriff\" data-tooltip=\"N\u00e1zorn\u00fd obraz, kter\u00fd zastupuje abstraktn\u00ed my\u0161lenku.\" tabindex=\"0\">symbol<\/span>.<\/p><p>V <span class=\"iwg-fachbegriff\" data-tooltip=\"V\u011bdn\u00ed obor, kter\u00fd zkoum\u00e1 n\u00e1bo\u017eenstv\u00ed srovn\u00e1vac\u00edm zp\u016fsobem a bez vazby na v\u00edru.\" tabindex=\"0\">religionistice<\/span> a v d\u011bjin\u00e1ch um\u011bn\u00ed je keltsk\u00fd uzel dobr\u00fdm p\u0159\u00edkladem toho, jak \u010dist\u011b ornament\u00e1ln\u00ed forma pozd\u011bji z\u00edsk\u00e1v\u00e1 v\u00fdznamy, kter\u00e9 j\u00ed p\u016fvodn\u011b nebyly vlastn\u00ed.<\/p><p>Tato str\u00e1nka p\u0159edstavuje keltsk\u00fd uzel z hlediska ochrany a v\u00fdznamu. Popisuje vzory, jejich p\u016fvod, jejich u\u017eit\u00ed a dne\u0161n\u00ed v\u00fdklad nekone\u010dn\u00e9 p\u00e1sky.<\/p>\t\t\t\t\t\t\t\t<\/div>\n\t\t\t\t<\/div>\n\t\t\t\t\t<\/div>\n\t\t\t\t<\/div>\n\t\t<div class=\"elementor-element elementor-element-iwgs-keltischerkn-s1 e-flex e-con-boxed e-con e-parent\" data-id=\"iwgs-keltischerkn-s1\" data-element_type=\"container\" data-e-type=\"container\">\n\t\t\t\t\t<div class=\"e-con-inner\">\n\t\t\t\t<div class=\"elementor-element elementor-element-iwgs-keltischerkn-s1h elementor-widget elementor-widget-heading\" data-id=\"iwgs-keltischerkn-s1h\" data-element_type=\"widget\" data-e-type=\"widget\" data-widget_type=\"heading.default\">\n\t\t\t\t\t<h2 class=\"elementor-heading-title elementor-size-default\">Nekone\u010dn\u00e1 p\u00e1ska<\/h2>\t\t\t\t<\/div>\n\t\t<div class=\"elementor-element elementor-element-iwgs-keltischerkn-s1box e-con-full e-flex e-con e-parent\" data-id=\"iwgs-keltischerkn-s1box\" data-element_type=\"container\" data-e-type=\"container\">\n\t\t\t\t<div class=\"elementor-element elementor-element-iwgs-keltischerkn-s1t elementor-widget elementor-widget-text-editor\" data-id=\"iwgs-keltischerkn-s1t\" data-element_type=\"widget\" data-e-type=\"widget\" data-widget_type=\"text-editor.default\">\n\t\t\t\t\t\t\t\t\t<p>Nejd\u016fle\u017eit\u011bj\u0161\u00edm znakem keltsk\u00e9ho uzlu je nekone\u010dn\u00e1 p\u00e1ska. Mnoh\u00e9 z t\u011bchto vzor\u016f jsou vytvo\u0159eny tak, \u017ee propleten\u00e1 p\u00e1ska nem\u00e1 za\u010d\u00e1tek ani konec.<\/p><p>Kdo takov\u00fd vzor sleduje pohledem, m\u016f\u017ee p\u00e1skou st\u00e1le d\u00e1l proch\u00e1zet, ani\u017e by kdy dos\u00e1hl konce. P\u00e1ska se st\u00e1le vrac\u00ed sama do sebe a vytv\u00e1\u0159\u00ed uzav\u0159en\u00e9 pletivo.<\/p><p>Tato uzav\u0159enost je v\u00fdsledkem pe\u010dliv\u00e9ho pl\u00e1nov\u00e1n\u00ed. Um\u011blec musel p\u00e1skou v\u00e9st tak, aby se zcela propletla a p\u0159itom z\u016fstala jedinou nep\u0159etr\u017eitou lini\u00ed.<\/p><p>Vzory se p\u0159itom \u0159\u00edd\u00ed p\u0159\u00edsn\u00fdmi pravidly. Existuj\u00ed pevn\u00e9 postupy, jak je p\u00e1ska vedena nad a pod jin\u00fdmi p\u00e1skami, aby vzniklo rovnom\u011brn\u00e9, uspo\u0159\u00e1dan\u00e9 pletivo.<\/p><p>I p\u0159es tato pravidla je rozmanitost vzor\u016f velk\u00e1. Z n\u011bkolika z\u00e1kladn\u00edch postup\u016f lze vytvo\u0159it nespo\u010det r\u016fzn\u00fdch uzl\u016f, jednoduch\u00fdch i velmi slo\u017eit\u00fdch.<\/p><p>Nekone\u010dn\u00e1 p\u00e1ska je tak charakteristick\u00fdm znakem keltsk\u00e9ho uzlu. Je z\u00e1rove\u0148 v\u00fdchoz\u00edm bodem dne\u0161n\u00edho v\u00fdkladu, kter\u00fd v nekone\u010dnosti spat\u0159uje <span class=\"iwg-fachbegriff\" data-tooltip=\"N\u00e1zorn\u00fd obraz, kter\u00fd zastupuje abstraktn\u00ed my\u0161lenku.\" tabindex=\"0\">symbol<\/span> v\u011b\u010dnosti a st\u00e1losti.<\/p>\t\t\t\t\t\t\t\t<\/div>\n\t\t\t\t<\/div>\n\t\t\t\t\t<\/div>\n\t\t\t\t<\/div>\n\t\t<div class=\"elementor-element elementor-element-iwgs-keltischerkn-s2 e-flex e-con-boxed e-con e-parent\" data-id=\"iwgs-keltischerkn-s2\" data-element_type=\"container\" data-e-type=\"container\">\n\t\t\t\t\t<div class=\"e-con-inner\">\n\t\t\t\t<div class=\"elementor-element elementor-element-iwgs-keltischerkn-s2h elementor-widget elementor-widget-heading\" data-id=\"iwgs-keltischerkn-s2h\" data-element_type=\"widget\" data-e-type=\"widget\" data-widget_type=\"heading.default\">\n\t\t\t\t\t<h2 class=\"elementor-heading-title elementor-size-default\">P\u016fvod v ostrovn\u00edm um\u011bn\u00ed<\/h2>\t\t\t\t<\/div>\n\t\t<div class=\"elementor-element elementor-element-iwgs-keltischerkn-s2box e-con-full e-flex e-con e-parent\" data-id=\"iwgs-keltischerkn-s2box\" data-element_type=\"container\" data-e-type=\"container\">\n\t\t\t\t<div class=\"elementor-element elementor-element-iwgs-keltischerkn-s2t elementor-widget elementor-widget-text-editor\" data-id=\"iwgs-keltischerkn-s2t\" data-element_type=\"widget\" data-e-type=\"widget\" data-widget_type=\"text-editor.default\">\n\t\t\t\t\t\t\t\t\t<p>Keltsk\u00fd uzel m\u00e1 svou nejzn\u00e1m\u011bj\u0161\u00ed podobu v ostrovn\u00edm um\u011bn\u00ed. Jde o um\u011bn\u00ed, kter\u00e9 vzniklo v ran\u00e9m st\u0159edov\u011bku v Irsku a Britannii.<\/p><p>Ostrovn\u00ed um\u011bn\u00ed spojuje r\u016fzn\u00e9 ko\u0159eny. Do n\u011bj vstoupily star\u0161\u00ed keltsk\u00e9 ornament\u00e1ln\u00ed formy a rovn\u011b\u017e podn\u011bty z jin\u00fdch um\u011bleck\u00fdch tradic. Z tohoto spojen\u00ed vznikl vlastn\u00ed, bohat\u00fd styl.<\/p><p>Samotn\u00e9 pleten\u00e9 p\u00e1smo nen\u00ed v\u00fdhradn\u011b keltsk\u00fdm <span class=\"iwg-fachbegriff\" data-tooltip=\"Opakuj\u00edc\u00ed se obsahov\u00fd prvek v um\u011bn\u00ed nebo vypr\u00e1v\u011bn\u00ed.\" tabindex=\"0\">motivem<\/span>. Propleten\u00e9 p\u00e1sky se objevuj\u00ed v n\u011bkolika um\u011bleck\u00fdch tradic\u00edch <span class=\"iwg-fachbegriff\" data-tooltip=\"Epocha \u0159eck\u00e9 a \u0159\u00edmsk\u00e9 kultury, zhruba 800 p\u0159. n. l. a\u017e 600 n. l.\" tabindex=\"0\">antiky<\/span> a <span class=\"iwg-fachbegriff\" data-tooltip=\"P\u0159echodn\u00e1 epocha mezi antikou a st\u0159edov\u011bkem, zhruba 3. a\u017e 7. stolet\u00ed.\" tabindex=\"0\">pozdn\u00ed antiky<\/span>. Ostrovn\u00ed um\u011bn\u00ed tento <span class=\"iwg-fachbegriff\" data-tooltip=\"Opakuj\u00edc\u00ed se obsahov\u00fd prvek v um\u011bn\u00ed nebo vypr\u00e1v\u011bn\u00ed.\" tabindex=\"0\">motiv<\/span> p\u0159ejalo a zvl\u00e1\u0161t\u011b bohat\u011b rozvinulo.<\/p><p>Sv\u016fj rozkv\u011bt za\u017eilo ostrovn\u00ed uzlov\u00e9 um\u011bn\u00ed v ran\u00e9m st\u0159edov\u011bku, v dob\u011b, kdy se v Irsku a Britannii uchytilo k\u0159es\u0165anstv\u00ed. Mnoh\u00e1 z proslul\u00fdch d\u011bl vznikla v kl\u00e1\u0161terech.<\/p><p>Ozna\u010den\u00ed keltsk\u00fd uzel tedy nen\u00ed zcela p\u0159esn\u00e9. Vzory jsou sp\u00ed\u0161e d\u00edlem ostrovn\u00edho um\u011bn\u00ed k\u0159es\u0165ansk\u00e9ho st\u0159edov\u011bku ne\u017e p\u0159edk\u0159es\u0165ansk\u00e9ho keltsk\u00e9ho sv\u011bta.<\/p><p>Poctiv\u00e9 pod\u00e1n\u00ed tuto skute\u010dnost pojmenov\u00e1v\u00e1. Keltsk\u00fd uzel je spojen s keltsk\u00fdm sv\u011btem, jeho zn\u00e1m\u00e1 podoba v\u0161ak pat\u0159\u00ed ostrovn\u00edmu um\u011bn\u00ed ran\u00e9ho st\u0159edov\u011bku.<\/p>\t\t\t\t\t\t\t\t<\/div>\n\t\t\t\t<\/div>\n\t\t\t\t\t<\/div>\n\t\t\t\t<\/div>\n\t\t<div class=\"elementor-element elementor-element-iwgs-keltischerkn-s3 e-flex e-con-boxed e-con e-parent\" data-id=\"iwgs-keltischerkn-s3\" data-element_type=\"container\" data-e-type=\"container\">\n\t\t\t\t\t<div class=\"e-con-inner\">\n\t\t\t\t<div class=\"elementor-element elementor-element-iwgs-keltischerkn-s3h elementor-widget elementor-widget-heading\" data-id=\"iwgs-keltischerkn-s3h\" data-element_type=\"widget\" data-e-type=\"widget\" data-widget_type=\"heading.default\">\n\t\t\t\t\t<h2 class=\"elementor-heading-title elementor-size-default\">Uzly v rukopisech a na kameni<\/h2>\t\t\t\t<\/div>\n\t\t<div class=\"elementor-element elementor-element-iwgs-keltischerkn-s3box e-con-full e-flex e-con e-parent\" data-id=\"iwgs-keltischerkn-s3box\" data-element_type=\"container\" data-e-type=\"container\">\n\t\t\t\t<div class=\"elementor-element elementor-element-iwgs-keltischerkn-s3t elementor-widget elementor-widget-text-editor\" data-id=\"iwgs-keltischerkn-s3t\" data-element_type=\"widget\" data-e-type=\"widget\" data-widget_type=\"text-editor.default\">\n\t\t\t\t\t\t\t\t\t<p>Keltsk\u00fd uzel se setk\u00e1v\u00e1 p\u0159edev\u0161\u00edm na t\u0159ech m\u00edstech, ve velk\u00fdch rukopisech, na kamenn\u00fdch vysok\u00fdch k\u0159\u00ed\u017e\u00edch a na kovov\u00fdch prac\u00edch.<\/p><p>Slavn\u00e9 rukopisy ostrovn\u00edho st\u0159edov\u011bku jsou bohat\u011b zdobeny uzlov\u00fdmi vzory. Cel\u00e9 str\u00e1nky jsou pokryty propleten\u00fdmi p\u00e1skami, a i velk\u00e1 inici\u00e1lov\u00e1 p\u00edsmena jsou zasazena do uzlov\u00e9ho d\u00edla.<\/p><p>Kamenn\u00e9 vysok\u00e9 k\u0159\u00ed\u017ee nesou tak\u00e9 uzlov\u00e9 vzory. Na t\u011bchto velk\u00fdch, samostatn\u011b stoj\u00edc\u00edch k\u0159\u00ed\u017e\u00edch vypl\u0148uj\u00ed propleten\u00e9 p\u00e1sky plochy a r\u00e1muj\u00ed v\u00fdjevy. <a href=\"https:\/\/iwell-guard.com\/cs\/?page_id=145668\">Keltsk\u00fd k\u0159\u00ed\u017e<\/a> je s t\u00edmto um\u011bn\u00edm \u00fazce spojen.<\/p><p>I kovov\u00e9 pr\u00e1ce, \u0161perky a liturgick\u00e9 p\u0159edm\u011bty jsou zdobeny uzlov\u00fdm d\u00edlem. Jemn\u00e1 pr\u00e1ce zlatn\u00edk\u016f prov\u00e1d\u011bla p\u00e1sov\u00e9 pletivo v mal\u00e9m m\u011b\u0159\u00edtku.<\/p><p>Na v\u0161ech t\u011bchto m\u00edstech pln\u00ed uzel nejprve zdobnou \u00falohu. Vypl\u0148uje plochy, r\u00e1muje a roz\u010dle\u0148uje. Ostrovn\u00ed um\u011bn\u00ed z t\u00e9to \u00falohy vytvo\u0159ilo bohat\u00fd ornament\u00e1ln\u00ed syst\u00e9m.<\/p><p>Keltsk\u00fd uzel je tedy p\u0159edev\u0161\u00edm ornament\u00e1ln\u00ed forma k\u0159es\u0165ansk\u00e9ho ostrovn\u00edho um\u011bn\u00ed. Rukopisy, vysok\u00e9 k\u0159\u00ed\u017ee a kovov\u00e9 pr\u00e1ce jsou d\u00edla, na nich\u017e dos\u00e1hl sv\u00e9ho nejv\u011bt\u0161\u00edho rozvinut\u00ed.<\/p>\t\t\t\t\t\t\t\t<\/div>\n\t\t\t\t<\/div>\n\t\t\t\t\t<\/div>\n\t\t\t\t<\/div>\n\t\t<div class=\"elementor-element elementor-element-iwgs-keltischerkn-s4 e-flex e-con-boxed e-con e-parent\" data-id=\"iwgs-keltischerkn-s4\" data-element_type=\"container\" data-e-type=\"container\">\n\t\t\t\t\t<div class=\"e-con-inner\">\n\t\t\t\t<div class=\"elementor-element elementor-element-iwgs-keltischerkn-s4h elementor-widget elementor-widget-heading\" data-id=\"iwgs-keltischerkn-s4h\" data-element_type=\"widget\" data-e-type=\"widget\" data-widget_type=\"heading.default\">\n\t\t\t\t\t<h2 class=\"elementor-heading-title elementor-size-default\">Uzel vedle spir\u00e1ly a triquetry<\/h2>\t\t\t\t<\/div>\n\t\t<div class=\"elementor-element elementor-element-iwgs-keltischerkn-s4box e-con-full e-flex e-con e-parent\" data-id=\"iwgs-keltischerkn-s4box\" data-element_type=\"container\" data-e-type=\"container\">\n\t\t\t\t<div class=\"elementor-element elementor-element-iwgs-keltischerkn-s4t elementor-widget elementor-widget-text-editor\" data-id=\"iwgs-keltischerkn-s4t\" data-element_type=\"widget\" data-e-type=\"widget\" data-widget_type=\"text-editor.default\">\n\t\t\t\t\t\t\t\t\t<p>Keltsk\u00fd uzel nestoj\u00ed osamocen\u011b. Pat\u0159\u00ed do skupiny vzor\u016f a znak\u016f, kter\u00e9 spole\u010dn\u011b tvo\u0159\u00ed ostrovn\u00ed ornament\u00e1ln\u00ed um\u011bn\u00ed.<\/p><p>Vedle propleten\u00e9ho uzlu je d\u016fle\u017eit\u00fdm <span class=\"iwg-fachbegriff\" data-tooltip=\"Opakuj\u00edc\u00ed se obsahov\u00fd prvek v um\u011bn\u00ed nebo vypr\u00e1v\u011bn\u00ed.\" tabindex=\"0\">motivem<\/span> spir\u00e1la. Spir\u00e1lov\u00e9 vzory pat\u0159\u00ed k nejstar\u0161\u00edm ozdobn\u00fdm form\u00e1m ostrovn\u00edho sv\u011bta a sahaj\u00ed hluboko do p\u0159edk\u0159es\u0165ansk\u00e9 doby.<\/p><p>Samostatn\u00fdm, bl\u00edzce p\u0159\u00edbuzn\u00fdm znakem je triquetra, troj\u00faheln\u00edkov\u00fd uzel ze t\u0159\u00ed vz\u00e1jemn\u011b propleten\u00fdch oblouk\u016f. Je jako by jednoduch\u00fdm, jasn\u011b ohrani\u010den\u00fdm uzlem a je zobrazena na str\u00e1nce o <a href=\"https:\/\/iwell-guard.com\/cs\/?page_id=145667\">triquet\u0159e<\/a>.<\/p><p>K ostrovn\u00edmu um\u011bn\u00ed pat\u0159\u00ed i propleten\u00e1 zobrazen\u00ed zv\u00ed\u0159at. U nich jsou t\u011bla, krky a kon\u010detiny zv\u00ed\u0159at spojeny do pletiva, kter\u00e9 je p\u0159\u00edbuzn\u00e9 uzlov\u00fdm vzor\u016fm.<\/p><p>Tyto r\u016fzn\u00e9 motivy, propleten\u00fd uzel, spir\u00e1la, triquetra a zv\u00ed\u0159ec\u00ed pletivo, se \u010dasto objevuj\u00ed spole\u010dn\u011b. Tvo\u0159\u00ed spole\u010dn\u011b bohat\u00fd ozdobn\u00fd syst\u00e9m ostrovn\u00edch rukopis\u016f a kamenn\u00fdch d\u011bl.<\/p><p>Keltsk\u00fd uzel je tak sou\u010d\u00e1st\u00ed cel\u00e9ho ozdobn\u00e9ho sv\u011bta. Je nejslo\u017eit\u011bj\u0161\u00edm a mo\u017en\u00e1 nejzn\u00e1m\u011bj\u0161\u00edm prvkem tohoto sv\u011bta, p\u0159esto stoj\u00ed v\u017edy v souvislosti se spir\u00e1lou, triquetrou a zv\u00ed\u0159ec\u00edm pletivem.<\/p>\t\t\t\t\t\t\t\t<\/div>\n\t\t\t\t<\/div>\n\t\t\t\t\t<\/div>\n\t\t\t\t<\/div>\n\t\t<div class=\"elementor-element elementor-element-iwgs-keltischerkn-s5 e-flex e-con-boxed e-con e-parent\" data-id=\"iwgs-keltischerkn-s5\" data-element_type=\"container\" data-e-type=\"container\">\n\t\t\t\t\t<div class=\"e-con-inner\">\n\t\t\t\t<div class=\"elementor-element elementor-element-iwgs-keltischerkn-s5h elementor-widget elementor-widget-heading\" data-id=\"iwgs-keltischerkn-s5h\" data-element_type=\"widget\" data-e-type=\"widget\" data-widget_type=\"heading.default\">\n\t\t\t\t\t<h2 class=\"elementor-heading-title elementor-size-default\">Ot\u00e1zka po p\u016fvodn\u00edm v\u00fdznamu<\/h2>\t\t\t\t<\/div>\n\t\t<div class=\"elementor-element elementor-element-iwgs-keltischerkn-s5box e-con-full e-flex e-con e-parent\" data-id=\"iwgs-keltischerkn-s5box\" data-element_type=\"container\" data-e-type=\"container\">\n\t\t\t\t<div class=\"elementor-element elementor-element-iwgs-keltischerkn-s5t elementor-widget elementor-widget-text-editor\" data-id=\"iwgs-keltischerkn-s5t\" data-element_type=\"widget\" data-e-type=\"widget\" data-widget_type=\"text-editor.default\">\n\t\t\t\t\t\t\t\t\t<p>D\u016fle\u017eitou a \u010dasto pokl\u00e1danou ot\u00e1zkou je ot\u00e1zka po p\u016fvodn\u00edm v\u00fdznamu keltsk\u00e9ho uzlu. M\u011bl vzor pro sv\u00e9 tv\u016frce pevn\u011b stanoven\u00fd n\u00e1bo\u017eensk\u00fd v\u00fdznam?<\/p><p>Up\u0159\u00edmn\u00e1 odpov\u011b\u010f zn\u00ed, \u017ee takov\u00fd pevn\u011b stanoven\u00fd v\u00fdznam se pro jednotliv\u00e9 uzly v\u011bt\u0161inou ned\u00e1 dok\u00e1zat. Um\u011blci nezanechali \u017e\u00e1dn\u00fd v\u00fdklad sv\u00fdch vzor\u016f.<\/p><p>Mnoho nasv\u011bd\u010duje tomu, \u017ee uzel byl p\u0159edev\u0161\u00edm ozdobnou formou. Vypl\u0148oval plochy, zdobil a \u010dlenil. Jeho hodnota spo\u010d\u00edvala v jeho kr\u00e1su a v um\u011bleck\u00e9 dovednosti, kterou vy\u017eadoval.<\/p><p>N\u011bkte\u0159\u00ed badatel\u00e9 se domn\u00edvali, \u017ee propleten\u00e9mu p\u00e1su n\u00e1le\u017eel i obrann\u00fd smysl. My\u0161lenka, \u017ee pletivo zmate a spout\u00e1 ne\u0161t\u011bst\u00ed, je zn\u00e1m\u00e1 i z jin\u00fdch kultur.<\/p><p>Takov\u00fd obrann\u00fd v\u00fdznam se v\u0161ak pro keltsk\u00fd uzel ned\u00e1 s jistotou dok\u00e1zat. Z\u016fst\u00e1v\u00e1 domn\u011bnkou, op\u00edraj\u00edc\u00ed se o srovn\u00e1n\u00ed, nikoli o dochovan\u00e1 vyj\u00e1d\u0159en\u00ed.<\/p><p>V\u011bcn\u00e9 zpracov\u00e1n\u00ed tuto situaci otev\u0159en\u011b uv\u00e1d\u00ed. Keltsk\u00fd uzel je jako ozdobn\u00e1 forma prok\u00e1z\u00e1n. Pevn\u011b stanoven\u00fd n\u00e1bo\u017eensk\u00fd nebo ochrann\u00fd v\u00fdznam pro dobu jeho vzniku nelze dok\u00e1zat.<\/p>\t\t\t\t\t\t\t\t<\/div>\n\t\t\t\t<\/div>\n\t\t\t\t\t<\/div>\n\t\t\t\t<\/div>\n\t\t<div class=\"elementor-element elementor-element-iwgs-keltischerkn-s6 e-flex e-con-boxed e-con e-parent\" data-id=\"iwgs-keltischerkn-s6\" data-element_type=\"container\" data-e-type=\"container\">\n\t\t\t\t\t<div class=\"e-con-inner\">\n\t\t\t\t<div class=\"elementor-element elementor-element-iwgs-keltischerkn-s6h elementor-widget elementor-widget-heading\" data-id=\"iwgs-keltischerkn-s6h\" data-element_type=\"widget\" data-e-type=\"widget\" data-widget_type=\"heading.default\">\n\t\t\t\t\t<h2 class=\"elementor-heading-title elementor-size-default\">Motiv uzlu a my\u0161lenka ochrany<\/h2>\t\t\t\t<\/div>\n\t\t<div class=\"elementor-element elementor-element-iwgs-keltischerkn-s6box e-con-full e-flex e-con e-parent\" data-id=\"iwgs-keltischerkn-s6box\" data-element_type=\"container\" data-e-type=\"container\">\n\t\t\t\t<div class=\"elementor-element elementor-element-iwgs-keltischerkn-s6t elementor-widget elementor-widget-text-editor\" data-id=\"iwgs-keltischerkn-s6t\" data-element_type=\"widget\" data-e-type=\"widget\" data-widget_type=\"text-editor.default\">\n\t\t\t\t\t\t\t\t\t<p>I kdy\u017e se pro samotn\u00fd keltsk\u00fd uzel ned\u00e1 spolehliv\u011b dok\u00e1zat ochrann\u00fd v\u00fdznam, je my\u0161lenka ochrann\u00e9ho uzlu v jin\u00fdch kultur\u00e1ch dob\u0159e dosv\u011bd\u010dena.<\/p><p>V mnoha tradic\u00edch byl uzel pova\u017eov\u00e1n za ochrann\u00fd prost\u0159edek. My\u0161lenka za t\u00edm je n\u00e1zorn\u00e1. Zapleten\u00e9 pletivo dr\u017e\u00ed, spout\u00e1 a mate.<\/p><p>Podle t\u00e9to p\u0159edstavy se ne\u0161t\u011bst\u00ed zachyt\u00ed ve smy\u010dk\u00e1ch uzlu. Nem\u016f\u017ee sledovat propleten\u00e9 cesty a nedostane se k tomu, co uzel obklopuje.<\/p><p>Nekone\u010dn\u00fd, nep\u0159eru\u0161en\u00fd p\u00e1s tuto my\u0161lenku je\u0161t\u011b zesiluje. Tvo\u0159\u00ed uzav\u0159enou linii bez mezery, kterou by ne\u0161t\u011bst\u00ed mohlo proniknout.<\/p><p>Je mo\u017en\u00e9, \u017ee se takov\u00e9 p\u0159edstavy dot\u00fdkaly i ostrovn\u00edho uzlov\u00e9ho um\u011bn\u00ed. Spolehliv\u011b to v\u0161ak nelze dok\u00e1zat. My\u0161lenka ochrany z\u016fst\u00e1v\u00e1 od\u016fvodn\u011bnou domn\u011bnkou.<\/p><p>Keltsk\u00fd uzel je tak dobr\u00fdm p\u0159\u00edkladem opatrnosti, kterou v\u011bcn\u00e9 zpracov\u00e1n\u00ed vy\u017eaduje. Motiv uzlu je jinde spojov\u00e1n s ochranou. Pro samotn\u00fd keltsk\u00fd uzel to v\u0161ak nen\u00ed prok\u00e1z\u00e1no.<\/p>\t\t\t\t\t\t\t\t<\/div>\n\t\t\t\t<\/div>\n\t\t\t\t\t<\/div>\n\t\t\t\t<\/div>\n\t\t<div class=\"elementor-element elementor-element-iwgs-keltischerkn-s7 e-flex e-con-boxed e-con e-parent\" data-id=\"iwgs-keltischerkn-s7\" data-element_type=\"container\" data-e-type=\"container\">\n\t\t\t\t\t<div class=\"e-con-inner\">\n\t\t\t\t<div class=\"elementor-element elementor-element-iwgs-keltischerkn-s7h elementor-widget elementor-widget-heading\" data-id=\"iwgs-keltischerkn-s7h\" data-element_type=\"widget\" data-e-type=\"widget\" data-widget_type=\"heading.default\">\n\t\t\t\t\t<h2 class=\"elementor-heading-title elementor-size-default\">Modern\u00ed v\u00fdklad uzlu<\/h2>\t\t\t\t<\/div>\n\t\t<div class=\"elementor-element elementor-element-iwgs-keltischerkn-s7box e-con-full e-flex e-con e-parent\" data-id=\"iwgs-keltischerkn-s7box\" data-element_type=\"container\" data-e-type=\"container\">\n\t\t\t\t<div class=\"elementor-element elementor-element-iwgs-keltischerkn-s7t elementor-widget elementor-widget-text-editor\" data-id=\"iwgs-keltischerkn-s7t\" data-element_type=\"widget\" data-e-type=\"widget\" data-widget_type=\"text-editor.default\">\n\t\t\t\t\t\t\t\t\t<p>Nad r\u00e1mec dolo\u017eiteln\u00e9 historie za\u017eil keltsk\u00fd uzel v novodob\u00e9 dob\u011b bohat\u00fd v\u00fdklad. Tento modern\u00ed v\u00fdklad je t\u0159eba odli\u0161ovat od st\u0159edov\u011bk\u00e9ho um\u011bn\u00ed.<\/p><p>V novodob\u00e9m ch\u00e1p\u00e1n\u00ed je nekone\u010dn\u00fd p\u00e1s \u010dasto \u010dten jako <span class=\"iwg-fachbegriff\" data-tooltip=\"N\u00e1zorn\u00fd obraz, kter\u00fd stoj\u00ed za abstraktn\u00ed my\u0161lenkou.\" tabindex=\"0\">symbol<\/span> nekone\u010dnosti. Uzel bez po\u010d\u00e1tku a konce pak stoj\u00ed za v\u011b\u010dnost, za st\u00e1lost a za to, co nikdy nekon\u010d\u00ed.<\/p><p>Roz\u0161\u00ed\u0159en je i v\u00fdklad jako znak spojenectv\u00ed. Propleten\u00fd p\u00e1s je ch\u00e1p\u00e1n jako obraz nerozlu\u010dn\u00e9ho pouta mezi lidmi, nap\u0159\u00edklad mezi dv\u011bma milenci.<\/p><p>V tomto v\u00fdkladu se keltsk\u00fd uzel stal obl\u00edben\u00fdm znakem svateb a vztah\u016f. Nekone\u010dn\u00fd p\u00e1s stoj\u00ed za trval\u00e9, nep\u0159eru\u0161en\u00e9 spojen\u00ed.<\/p><p>Tyto v\u00fdklady nejsou nespr\u00e1vn\u00e9, jsou v\u0161ak modern\u00ed. Vykl\u00e1daj\u00ed nekone\u010dn\u00fd p\u00e1s zp\u016fsobem, kter\u00fd pro st\u0159edov\u011bk\u00e9 um\u011blce nen\u00ed dolo\u017een.<\/p><p>Up\u0159\u00edmn\u00e9 zpracov\u00e1n\u00ed tak rozli\u0161uje dv\u011b roviny. Keltsk\u00fd uzel je st\u0159edov\u011bk\u00e1 ozdobn\u00e1 forma. V\u00fdklad jako znak nekone\u010dnosti a spojenectv\u00ed je pozd\u011bj\u0161\u00ed, modern\u00ed p\u0159i\u0159azen\u00ed.<\/p>\t\t\t\t\t\t\t\t<\/div>\n\t\t\t\t<\/div>\n\t\t\t\t\t<\/div>\n\t\t\t\t<\/div>\n\t\t<div class=\"elementor-element elementor-element-iwgs-keltischerkn-s8 e-flex e-con-boxed e-con e-parent\" data-id=\"iwgs-keltischerkn-s8\" data-element_type=\"container\" data-e-type=\"container\">\n\t\t\t\t\t<div class=\"e-con-inner\">\n\t\t\t\t<div class=\"elementor-element elementor-element-iwgs-keltischerkn-s8h elementor-widget elementor-widget-heading\" data-id=\"iwgs-keltischerkn-s8h\" data-element_type=\"widget\" data-e-type=\"widget\" data-widget_type=\"heading.default\">\n\t\t\t\t\t<h2 class=\"elementor-heading-title elementor-size-default\">Sou\u010dasn\u00e1 recepce<\/h2>\t\t\t\t<\/div>\n\t\t<div class=\"elementor-element elementor-element-iwgs-keltischerkn-s8box e-con-full e-flex e-con e-parent\" data-id=\"iwgs-keltischerkn-s8box\" data-element_type=\"container\" data-e-type=\"container\">\n\t\t\t\t<div class=\"elementor-element elementor-element-iwgs-keltischerkn-s8t elementor-widget elementor-widget-text-editor\" data-id=\"iwgs-keltischerkn-s8t\" data-element_type=\"widget\" data-e-type=\"widget\" data-widget_type=\"text-editor.default\">\n\t\t\t\t\t\t\t\t\t<p>Keltsk\u00fd uzel je dnes jedn\u00edm z nejzn\u00e1m\u011bj\u0161\u00edch a nejobl\u00edben\u011bj\u0161\u00edch znak\u016f z keltsk\u00e9ho okruhu. Je roz\u0161\u00ed\u0159en daleko za hranice Irska a Brit\u00e1nie.<\/p><p>Jako \u0161perk je keltsk\u00fd uzel obzvl\u00e1\u0161\u0165 obl\u00edben\u00fd. Prsteny, p\u0159\u00edv\u011bsky a n\u00e1ramky s uzlov\u00fdmi vzory se vyr\u00e1b\u011bj\u00ed a nos\u00ed ve velk\u00e9m mno\u017estv\u00ed.<\/p><p>I jako znak p\u016fvodu m\u00e1 keltsk\u00fd uzel v\u00fdznam. V irsk\u00fdch komunit\u00e1ch po cel\u00e9m sv\u011bt\u011b je pozn\u00e1vac\u00edm znakem, kter\u00fd vyjad\u0159uje spojen\u00ed s rodnou oblast\u00ed.<\/p><p>V modern\u00edm u\u017e\u00edv\u00e1n\u00ed p\u0159eva\u017euje zpravidla v\u00fdklad jako znak nekone\u010dnosti a spojenectv\u00ed. Keltsk\u00fd uzel se stal obl\u00edben\u00fdm znakem svateb.<\/p><p>Pro d\u011bjiny um\u011bn\u00ed a pro <span class=\"iwg-fachbegriff\" data-tooltip=\"V\u011bda, kter\u00e1 zkoum\u00e1 n\u00e1bo\u017eenstv\u00ed srovn\u00e1vac\u00edm zp\u016fsobem a bez vyzn\u00e1n\u00ed.\" tabindex=\"0\">religionistiku<\/span> z\u016fst\u00e1v\u00e1 keltsk\u00fd uzel poznatky bohat\u00fd. Ukazuje, jak st\u0159edov\u011bk\u00e1 ozdobn\u00e1 forma z\u00edsk\u00e1v\u00e1 v novodob\u00e9 dob\u011b nov\u00e9 v\u00fdznamy.<\/p><p>Keltsk\u00fd uzel je tak v\u00fdsti\u017en\u00fdm p\u0159\u00edkladem znaku se dv\u011bma p\u0159\u00edb\u011bhy. Je bohatou ozdobnou formou ostrovn\u00edho um\u011bn\u00ed a je modern\u00edm <span class=\"iwg-fachbegriff\" data-tooltip=\"N\u00e1zorn\u00fd obraz, kter\u00fd stoj\u00ed za abstraktn\u00ed my\u0161lenkou.\" tabindex=\"0\">symbolem<\/span> nekone\u010dnosti a spojenectv\u00ed.<\/p>\t\t\t\t\t\t\t\t<\/div>\n\t\t\t\t<\/div>\n\t\t\t\t\t<\/div>\n\t\t\t\t<\/div>\n\t\t<div class=\"elementor-element elementor-element-iwgs-keltischerkn-lit e-flex e-con-boxed e-con e-parent\" data-id=\"iwgs-keltischerkn-lit\" data-element_type=\"container\" data-e-type=\"container\">\n\t\t\t\t\t<div class=\"e-con-inner\">\n\t\t\t\t<div class=\"elementor-element elementor-element-iwgs-keltischerkn-lith elementor-widget elementor-widget-heading\" data-id=\"iwgs-keltischerkn-lith\" data-element_type=\"widget\" data-e-type=\"widget\" data-widget_type=\"heading.default\">\n\t\t\t\t\t<h2 class=\"elementor-heading-title elementor-size-default\">Literatura (v\u00fdb\u011br)<\/h2>\t\t\t\t<\/div>\n\t\t<div class=\"elementor-element elementor-element-iwgs-keltischerkn-litbox e-con-full e-flex e-con e-parent\" data-id=\"iwgs-keltischerkn-litbox\" data-element_type=\"container\" data-e-type=\"container\">\n\t\t\t\t<div class=\"elementor-element elementor-element-iwgs-keltischerkn-litt elementor-widget elementor-widget-html\" data-id=\"iwgs-keltischerkn-litt\" data-element_type=\"widget\" data-e-type=\"widget\" data-widget_type=\"html.default\">\n\t\t\t\t\t<footer data-nosnippet=\"true\"><ul><li>George Bain: <em>Celtic Art. The Methods of Construction<\/em> (1951)<\/li><li>Ruth Megaw, Vincent Megaw: <em>Celtic Art. From its Beginnings to the Book of Kells<\/em> (1989)<\/li><li>Bernard Meehan: <em>The Book of Kells<\/em> (1994)<\/li><li>Hilary Richardson: <em>Celtic Art<\/em> (1996)<\/li><li>Nancy Edwards: <em>The Archaeology of Early Medieval Ireland<\/em> (1990)<\/li><\/ul><\/footer>\t\t\t\t<\/div>\n\t\t\t\t<\/div>\n\t\t\t\t\t<\/div>\n\t\t\t\t<\/div>\n\t\t<div class=\"elementor-element elementor-element-iwgs-keltischerkn-kwd e-flex e-con-boxed e-con e-parent\" data-id=\"iwgs-keltischerkn-kwd\" data-element_type=\"container\" data-e-type=\"container\">\n\t\t\t\t\t<div class=\"e-con-inner\">\n\t\t\t\t<div class=\"elementor-element elementor-element-iwgs-keltischerkn-kwdt elementor-widget elementor-widget-text-editor\" data-id=\"iwgs-keltischerkn-kwdt\" data-element_type=\"widget\" data-e-type=\"widget\" data-widget_type=\"text-editor.default\">\n\t\t\t\t\t\t\t\t\t<p><em>Souvisej\u00edc\u00ed kl\u00ed\u010dov\u00e9 pojmy: keltsk\u00fd uzel, uzlov\u00fd vzor, ostrovn\u00ed um\u011bn\u00ed, nekone\u010dn\u00e1 p\u00e1ska, pletenina, vysok\u00fd k\u0159\u00ed\u017e, triquetra, spir\u00e1la, uzlov\u00e9 znamen\u00ed, st\u0159edov\u011bk.<\/em><\/p>\t\t\t\t\t\t\t\t<\/div>\n\t\t\t\t\t<\/div>\n\t\t\t\t<\/div>\n\t\t<div class=\"elementor-element elementor-element-iwgs-keltischerkn-cc e-flex e-con-boxed e-con e-parent\" data-id=\"iwgs-keltischerkn-cc\" data-element_type=\"container\" data-e-type=\"container\" id=\"iwg-cc-keltischer-knoten\">\n\t\t\t\t\t<div class=\"e-con-inner\">\n\t\t<div class=\"elementor-element elementor-element-iwgs-keltischerkn-ccinner e-flex e-con-boxed e-con e-parent\" data-id=\"iwgs-keltischerkn-ccinner\" data-element_type=\"container\" data-e-type=\"container\" data-settings=\"{&quot;background_background&quot;:&quot;classic&quot;}\">\n\t\t\t\t\t<div class=\"e-con-inner\">\n\t\t\t\t<div class=\"elementor-element elementor-element-iwgs-keltischerkn-cch elementor-widget elementor-widget-heading\" data-id=\"iwgs-keltischerkn-cch\" data-element_type=\"widget\" data-e-type=\"widget\" data-widget_type=\"heading.default\">\n\t\t\t\t\t<h2 class=\"elementor-heading-title elementor-size-default\">iWell Guard a ochrann\u00e9 tradice<\/h2>\t\t\t\t<\/div>\n\t\t\t\t<div class=\"elementor-element elementor-element-iwgs-keltischerkn-cct elementor-widget elementor-widget-text-editor\" data-id=\"iwgs-keltischerkn-cct\" data-element_type=\"widget\" data-e-type=\"widget\" data-widget_type=\"text-editor.default\">\n\t\t\t\t\t\t\t\t\t<p>iWell Guard navazuje na kulturn\u011b-historickou tradici nositeln\u00fdch ochrann\u00fdch p\u0159edm\u011bt\u016f, k n\u00ed\u017e pat\u0159\u00ed i keltsk\u00fd uzel. Modern\u00ed spole\u010dn\u00edk pro lidi, kte\u0159\u00ed \u017eij\u00ed s ochrann\u00fdmi symboly: vyrobeno v N\u011bmecku, 41 vrstev z ryz\u00edho zlata, platiny a st\u0159\u00edbra, s 30denn\u00ed mo\u017enost\u00ed vr\u00e1cen\u00ed.<\/p>\t\t\t\t\t\t\t\t<\/div>\n\t\t\t\t<div class=\"elementor-element elementor-element-iwgs-keltischerkn-ccb iwg-cc-button iwg-cc-cta-2026-05-13 elementor-widget elementor-widget-jet-button\" data-id=\"iwgs-keltischerkn-ccb\" data-element_type=\"widget\" data-e-type=\"widget\" data-widget_type=\"jet-button.default\">\n\t\t\t\t<div class=\"elementor-widget-container\">\n\t\t\t\t\t<div class=\"elementor-jet-button jet-elements\"><div class=\"jet-button__container\"><a class=\"jet-button__instance jet-button__instance--icon-left hover-effect-1\" href=\"\/schutzanhaenger-iwell-guard-kaufen\/?utm_source=iwell-guard.com&amp;utm_medium=info-box&amp;utm_campaign=schutzsymbole\"><div class=\"jet-button__plane jet-button__plane-normal\"><\/div><div class=\"jet-button__plane jet-button__plane-hover\"><\/div><div class=\"jet-button__state jet-button__state-normal\"><span class=\"jet-button__label\">V\u00edce o iWell Guard<\/span><\/div><div class=\"jet-button__state jet-button__state-hover\"><span class=\"jet-button__label\">V\u00edce o iWell Guard<\/span><\/div><\/a><\/div><\/div><style>.elementor-element.elementor-element-iwgs-keltischerkn-ccb .jet-button__instance{width:320px;height:56px;}.elementor-element.elementor-element-iwgs-keltischerkn-ccb .jet-button__state-normal .jet-button__label{text-align:center;margin:0px 0px 0px 0px;color:#1a1b20;font-family:Montserrat,sans-serif;font-size:13px;font-weight:400;letter-spacing:4px;line-height:1.714em;text-transform:uppercase;}.elementor-element.elementor-element-iwgs-keltischerkn-ccb .jet-button__state-hover .jet-button__label{text-align:center;margin:0px 0px 0px 0px;color:#FECC76;font-family:Montserrat,sans-serif;font-size:13px;font-weight:400;letter-spacing:4px;line-height:1.714em;text-transform:uppercase;}.elementor-element.elementor-element-iwgs-keltischerkn-ccb .jet-button__plane-normal{background-color:#FECC76;border-style:solid;border-color:#C99540;border-width:2px 2px 2px 2px;}.elementor-element.elementor-element-iwgs-keltischerkn-ccb .jet-button__plane-hover{background-color:rgba(0,0,0,0.55);border-style:solid;border-color:#FECC76;border-width:2px 2px 2px 2px;}<\/style>\t\t\t\t<\/div>\n\t\t\t\t<\/div>\n\t\t\t\t<div class=\"elementor-element elementor-element-iwgs-keltischerkn-ccd elementor-widget elementor-widget-text-editor\" data-id=\"iwgs-keltischerkn-ccd\" data-element_type=\"widget\" data-e-type=\"widget\" data-widget_type=\"text-editor.default\">\n\t\t\t\t\t\t\t\t\t<p style=\"text-align:center;font-size:13px;opacity:0.7;margin-top:14px\" data-nosnippet=\"true\">Osobn\u00ed zku\u0161enosti se mohou li\u0161it. Nejde o zdravotnick\u00fd prost\u0159edek. Nejde o p\u0159\u00edslib l\u00e9\u010den\u00ed.<\/p>\t\t\t\t\t\t\t\t<\/div>\n\t\t\t\t\t<\/div>\n\t\t\t\t<\/div>\n\t\t\t\t\t<\/div>\n\t\t\t\t<\/div>\n\t\t<div class=\"elementor-element elementor-element-iwgs-keltischerkn-disc e-flex e-con-boxed e-con e-parent\" data-id=\"iwgs-keltischerkn-disc\" data-element_type=\"container\" data-e-type=\"container\">\n\t\t\t\t\t<div class=\"e-con-inner\">\n\t\t\t\t<div class=\"elementor-element elementor-element-iwgs-keltischerkn-discw elementor-widget elementor-widget-html\" data-id=\"iwgs-keltischerkn-discw\" data-element_type=\"widget\" data-e-type=\"widget\" data-widget_type=\"html.default\">\n\t\t\t\t\t<footer data-nosnippet=\"true\" class=\"iwg-disclaimer-block\"><p data-nosnippet=\"true\">iWell Guard <strong>nen\u00ed zdravotnick\u00fd prost\u0159edek<\/strong> a nenahrazuje l\u00e9ka\u0159skou ani psychoterapeutickou l\u00e9\u010dbu. Zde uveden\u00fd obsah p\u0159edstavuje religionistick\u00e9 a kulturn\u011b-historick\u00e9 za\u0159azen\u00ed, nikoli p\u0159\u00edslib duchovn\u00edho \u00fa\u010dinku.<\/p><\/footer>\t\t\t\t<\/div>\n\t\t\t\t\t<\/div>\n\t\t\t\t<\/div>\n\t\t\t\t<\/div>\n\t\t","protected":false},"excerpt":{"rendered":"","protected":false},"author":3,"featured_media":3484,"parent":0,"menu_order":0,"comment_status":"closed","ping_status":"closed","template":"elementor_header_footer","meta":{"_yoast_wpseo_focuskw":"keltsk\u00fd uzel","_yoast_wpseo_title":"Keltsk\u00fd uzel \u2013 nekone\u010dn\u00fd vzor","_yoast_wpseo_metadesc":"Keltsk\u00fd uzel je nekone\u010dn\u00fd propleten\u00fd uzlov\u00fd vzor ostrovn\u00edho um\u011bn\u00ed. P\u016fvod a v\u00fdznam srozumiteln\u011b vysv\u011btleny.","_yoast_wpseo_meta-robots-noindex":"","_yoast_wpseo_canonical":"","_angie_page":false,"gefaehrdungsstufe":"","wesen_kultur":"","wesen_klasse":"","footnotes":""},"categories":[],"class_list":["post-145740","page","type-page","status-publish","has-post-thumbnail","hentry"],"yoast_head":"<!-- This site is optimized with the Yoast SEO Premium plugin v27.7 (Yoast SEO v28.3) - https:\/\/yoast.com\/product\/yoast-seo-premium-wordpress\/ -->\n<title>Keltsk\u00fd uzel \u2013 nekone\u010dn\u00fd vzor<\/title>\n<meta name=\"description\" content=\"Keltsk\u00fd uzel je nekone\u010dn\u00fd propleten\u00fd uzlov\u00fd vzor ostrovn\u00edho um\u011bn\u00ed. P\u016fvod a v\u00fdznam srozumiteln\u011b vysv\u011btleny.\" \/>\n<meta name=\"robots\" content=\"index, follow, max-snippet:-1, max-image-preview:large, max-video-preview:-1\" \/>\n<link rel=\"canonical\" href=\"https:\/\/iwell-guard.com\/cs\/keltsky-uzel-nekonecny-vzor\/\" \/>\n<meta property=\"og:locale\" content=\"cs_CZ\" \/>\n<meta property=\"og:type\" content=\"article\" \/>\n<meta property=\"og:title\" content=\"Keltsk\u00fd uzel \u2013 nekone\u010dn\u00fd vzor uzl\u016f\" \/>\n<meta property=\"og:description\" content=\"Keltsk\u00fd uzel je nekone\u010dn\u00fd propleten\u00fd uzlov\u00fd vzor ostrovn\u00edho um\u011bn\u00ed. P\u016fvod a v\u00fdznam srozumiteln\u011b vysv\u011btleny.\" \/>\n<meta property=\"og:url\" content=\"https:\/\/iwell-guard.com\/cs\/keltsky-uzel-nekonecny-vzor\/\" \/>\n<meta property=\"og:site_name\" content=\"iWell Guard\" \/>\n<meta property=\"article:modified_time\" content=\"2026-09-03T17:04:29+00:00\" \/>\n<meta property=\"og:image\" content=\"https:\/\/iwell-guard.com\/wp-content\/uploads\/2026\/05\/schutzsymbol_keltisch_keltischer-knoten.webp\" \/>\n\t<meta property=\"og:image:width\" content=\"1024\" \/>\n\t<meta property=\"og:image:height\" content=\"1536\" \/>\n\t<meta property=\"og:image:type\" content=\"image\/webp\" \/>\n<meta name=\"twitter:card\" content=\"summary_large_image\" \/>\n<script type=\"application\/ld+json\" class=\"yoast-schema-graph\">{\"@context\":\"https:\\\/\\\/schema.org\",\"@graph\":[{\"@type\":\"WebPage\",\"@id\":\"https:\\\/\\\/iwell-guard.com\\\/cs\\\/keltsky-uzel-nekonecny-vzor\\\/\",\"url\":\"https:\\\/\\\/iwell-guard.com\\\/cs\\\/keltsky-uzel-nekonecny-vzor\\\/\",\"name\":\"Keltsk\u00fd uzel \u2013 nekone\u010dn\u00fd vzor\",\"isPartOf\":{\"@id\":\"https:\\\/\\\/iwell-guard.com\\\/cs\\\/#website\"},\"primaryImageOfPage\":{\"@id\":\"https:\\\/\\\/iwell-guard.com\\\/cs\\\/keltsky-uzel-nekonecny-vzor\\\/#primaryimage\"},\"image\":{\"@id\":\"https:\\\/\\\/iwell-guard.com\\\/cs\\\/keltsky-uzel-nekonecny-vzor\\\/#primaryimage\"},\"thumbnailUrl\":\"https:\\\/\\\/iwell-guard.com\\\/wp-content\\\/uploads\\\/2026\\\/05\\\/schutzsymbol_keltisch_keltischer-knoten.webp\",\"datePublished\":\"2026-09-03T16:33:17+00:00\",\"dateModified\":\"2026-09-03T17:04:29+00:00\",\"description\":\"Keltsk\u00fd uzel je nekone\u010dn\u00fd propleten\u00fd uzlov\u00fd vzor ostrovn\u00edho um\u011bn\u00ed. P\u016fvod a v\u00fdznam srozumiteln\u011b vysv\u011btleny.\",\"breadcrumb\":{\"@id\":\"https:\\\/\\\/iwell-guard.com\\\/cs\\\/keltsky-uzel-nekonecny-vzor\\\/#breadcrumb\"},\"inLanguage\":\"cs\",\"potentialAction\":[{\"@type\":\"ReadAction\",\"target\":[\"https:\\\/\\\/iwell-guard.com\\\/cs\\\/keltsky-uzel-nekonecny-vzor\\\/\"]}]},{\"@type\":\"ImageObject\",\"inLanguage\":\"cs\",\"@id\":\"https:\\\/\\\/iwell-guard.com\\\/cs\\\/keltsky-uzel-nekonecny-vzor\\\/#primaryimage\",\"url\":\"https:\\\/\\\/iwell-guard.com\\\/wp-content\\\/uploads\\\/2026\\\/05\\\/schutzsymbol_keltisch_keltischer-knoten.webp\",\"contentUrl\":\"https:\\\/\\\/iwell-guard.com\\\/wp-content\\\/uploads\\\/2026\\\/05\\\/schutzsymbol_keltisch_keltischer-knoten.webp\",\"width\":1024,\"height\":1536,\"caption\":\"Ochrann\u00fd symbol. Muzejn\u00ed ilustrace z\u00e1ti\u0161\u00ed.\"},{\"@type\":\"BreadcrumbList\",\"@id\":\"https:\\\/\\\/iwell-guard.com\\\/cs\\\/keltsky-uzel-nekonecny-vzor\\\/#breadcrumb\",\"itemListElement\":[{\"@type\":\"ListItem\",\"position\":1,\"name\":\"Start\",\"item\":\"https:\\\/\\\/iwell-guard.com\\\/cs\\\/?page_id=145107\"},{\"@type\":\"ListItem\",\"position\":2,\"name\":\"Keltsk\u00fd uzel \u2013 nekone\u010dn\u00fd vzor uzl\u016f\"}]},{\"@type\":\"WebSite\",\"@id\":\"https:\\\/\\\/iwell-guard.com\\\/cs\\\/#website\",\"url\":\"https:\\\/\\\/iwell-guard.com\\\/cs\\\/\",\"name\":\"iWell Guard\",\"description\":\"Schutz vor dunklen Einfl\u00fcssen\",\"publisher\":{\"@id\":\"https:\\\/\\\/iwell-guard.com\\\/cs\\\/#organization\"},\"potentialAction\":[{\"@type\":\"SearchAction\",\"target\":{\"@type\":\"EntryPoint\",\"urlTemplate\":\"https:\\\/\\\/iwell-guard.com\\\/cs\\\/?s={search_term_string}\"},\"query-input\":{\"@type\":\"PropertyValueSpecification\",\"valueRequired\":true,\"valueName\":\"search_term_string\"}}],\"inLanguage\":\"cs\"},{\"@type\":\"Organization\",\"@id\":\"https:\\\/\\\/iwell-guard.com\\\/cs\\\/#organization\",\"name\":\"Ittermann electronic GmbH\",\"url\":\"https:\\\/\\\/iwell-guard.com\\\/cs\\\/\",\"logo\":{\"@type\":\"ImageObject\",\"inLanguage\":\"cs\",\"@id\":\"https:\\\/\\\/iwell-guard.com\\\/cs\\\/#\\\/schema\\\/logo\\\/image\\\/\",\"url\":\"https:\\\/\\\/iwell-guard.com\\\/wp-content\\\/uploads\\\/2026\\\/05\\\/Ittermann-Logo-1182x237-1.png\",\"contentUrl\":\"https:\\\/\\\/iwell-guard.com\\\/wp-content\\\/uploads\\\/2026\\\/05\\\/Ittermann-Logo-1182x237-1.png\",\"width\":1182,\"height\":237,\"caption\":\"Ittermann electronic GmbH\"},\"image\":{\"@id\":\"https:\\\/\\\/iwell-guard.com\\\/cs\\\/#\\\/schema\\\/logo\\\/image\\\/\"},\"sameAs\":[\"https:\\\/\\\/pantip.com\\\/profile\\\/9367242\",\"https:\\\/\\\/micro.blog\\\/iwellguard\",\"https:\\\/\\\/www.diggerslist.com\\\/iwellguard\\\/about\",\"https:\\\/\\\/skitterphoto.com\\\/photographers\\\/2870314\\\/iwell-guard\",\"https:\\\/\\\/iwellguard.wordpress.com\\\/2026\\\/06\\\/06\\\/iwell-guard\\\/\",\"https:\\\/\\\/hub.docker.com\\\/u\\\/iwellguard\",\"https:\\\/\\\/www.pinterest.com\\\/iwellguard\\\/\",\"https:\\\/\\\/bit.ly\\\/m\\\/iwellguard\",\"https:\\\/\\\/entre-vos-mains.alsace.eu\\\/profiles\\\/iwellguard\\\/activity\",\"https:\\\/\\\/gravatar.com\\\/reallybeded8fd34\",\"https:\\\/\\\/naijamatta.com\\\/iwellguard\",\"https:\\\/\\\/www.goodreads.com\\\/iwellguard\",\"https:\\\/\\\/profile.hatena.ne.jp\\\/iwellguard\\\/\",\"https:\\\/\\\/experiment.com\\\/users\\\/iwellguard\",\"https:\\\/\\\/wakelet.com\\\/@iWellGuard82270\",\"https:\\\/\\\/www.chordie.com\\\/forum\\\/profile.php?id=2555664\",\"https:\\\/\\\/www.instapaper.com\\\/p\\\/17757966\",\"https:\\\/\\\/www.mapleprimes.com\\\/users\\\/iwellguard\",\"https:\\\/\\\/businesslistingplus.com\\\/profile\\\/iwell-guard\\\/\",\"https:\\\/\\\/telegra.ph\\\/iWell-Guard-06-06\",\"https:\\\/\\\/pbase.com\\\/iwellguard\\\/iwellguard\",\"https:\\\/\\\/b.hatena.ne.jp\\\/iwellguard\\\/20260607#bookmark-4788405196491818882\",\"https:\\\/\\\/fliphtml5.com\\\/home\\\/iwellguard\",\"https:\\\/\\\/anyflip.com\\\/homepage\\\/cmiwl#About\",\"https:\\\/\\\/transfur.com\\\/Users\\\/iwellguard\",\"http:\\\/\\\/delphi.larsbo.org\\\/user\\\/iwellguard\",\"https:\\\/\\\/jobs.lajobsportal.org\\\/profiles\\\/8380803-iwell-guard\",\"https:\\\/\\\/md.chaosdorf.de\\\/s\\\/jfbe5SBdJD\",\"https:\\\/\\\/www.lingvolive.com\\\/en-us\\\/profile\\\/9ecaeaca-ce11-4e51-9e71-01d55e2bff36\\\/translations\",\"https:\\\/\\\/www.fitday.com\\\/fitness\\\/forums\\\/members\\\/iwellguard.html\",\"https:\\\/\\\/www.mymeetbook.com\\\/iwellguard\",\"https:\\\/\\\/pxhere.com\\\/en\\\/photographer-me\\\/5040798\",\"https:\\\/\\\/disqus.com\\\/by\\\/iwellguard\\\/about\\\/\",\"https:\\\/\\\/pastelink.net\\\/hjwciqwq\",\"https:\\\/\\\/pubhtml5.com\\\/homepage\\\/scjhn\\\/\",\"https:\\\/\\\/www.bitchute.com\\\/channel\\\/2O2eOKzNqujT\",\"https:\\\/\\\/audiomack.com\\\/iwellguard\"]}]}<\/script>\n<!-- \/ Yoast SEO Premium plugin. -->","yoast_head_json":{"title":"Keltsk\u00fd uzel \u2013 nekone\u010dn\u00fd vzor","description":"Keltsk\u00fd uzel je nekone\u010dn\u00fd propleten\u00fd uzlov\u00fd vzor ostrovn\u00edho um\u011bn\u00ed. P\u016fvod a v\u00fdznam srozumiteln\u011b vysv\u011btleny.","robots":{"index":"index","follow":"follow","max-snippet":"max-snippet:-1","max-image-preview":"max-image-preview:large","max-video-preview":"max-video-preview:-1"},"canonical":"https:\/\/iwell-guard.com\/cs\/keltsky-uzel-nekonecny-vzor\/","og_locale":"cs_CZ","og_type":"article","og_title":"Keltsk\u00fd uzel \u2013 nekone\u010dn\u00fd vzor uzl\u016f","og_description":"Keltsk\u00fd uzel je nekone\u010dn\u00fd propleten\u00fd uzlov\u00fd vzor ostrovn\u00edho um\u011bn\u00ed. P\u016fvod a v\u00fdznam srozumiteln\u011b vysv\u011btleny.","og_url":"https:\/\/iwell-guard.com\/cs\/keltsky-uzel-nekonecny-vzor\/","og_site_name":"iWell Guard","article_modified_time":"2026-09-03T17:04:29+00:00","og_image":[{"width":1024,"height":1536,"url":"https:\/\/iwell-guard.com\/wp-content\/uploads\/2026\/05\/schutzsymbol_keltisch_keltischer-knoten.webp","type":"image\/webp"}],"twitter_card":"summary_large_image","schema":{"@context":"https:\/\/schema.org","@graph":[{"@type":"WebPage","@id":"https:\/\/iwell-guard.com\/cs\/keltsky-uzel-nekonecny-vzor\/","url":"https:\/\/iwell-guard.com\/cs\/keltsky-uzel-nekonecny-vzor\/","name":"Keltsk\u00fd uzel \u2013 nekone\u010dn\u00fd vzor","isPartOf":{"@id":"https:\/\/iwell-guard.com\/cs\/#website"},"primaryImageOfPage":{"@id":"https:\/\/iwell-guard.com\/cs\/keltsky-uzel-nekonecny-vzor\/#primaryimage"},"image":{"@id":"https:\/\/iwell-guard.com\/cs\/keltsky-uzel-nekonecny-vzor\/#primaryimage"},"thumbnailUrl":"https:\/\/iwell-guard.com\/wp-content\/uploads\/2026\/05\/schutzsymbol_keltisch_keltischer-knoten.webp","datePublished":"2026-09-03T16:33:17+00:00","dateModified":"2026-09-03T17:04:29+00:00","description":"Keltsk\u00fd uzel je nekone\u010dn\u00fd propleten\u00fd uzlov\u00fd vzor ostrovn\u00edho um\u011bn\u00ed. P\u016fvod a v\u00fdznam srozumiteln\u011b vysv\u011btleny.","breadcrumb":{"@id":"https:\/\/iwell-guard.com\/cs\/keltsky-uzel-nekonecny-vzor\/#breadcrumb"},"inLanguage":"cs","potentialAction":[{"@type":"ReadAction","target":["https:\/\/iwell-guard.com\/cs\/keltsky-uzel-nekonecny-vzor\/"]}]},{"@type":"ImageObject","inLanguage":"cs","@id":"https:\/\/iwell-guard.com\/cs\/keltsky-uzel-nekonecny-vzor\/#primaryimage","url":"https:\/\/iwell-guard.com\/wp-content\/uploads\/2026\/05\/schutzsymbol_keltisch_keltischer-knoten.webp","contentUrl":"https:\/\/iwell-guard.com\/wp-content\/uploads\/2026\/05\/schutzsymbol_keltisch_keltischer-knoten.webp","width":1024,"height":1536,"caption":"Ochrann\u00fd symbol. Muzejn\u00ed ilustrace z\u00e1ti\u0161\u00ed."},{"@type":"BreadcrumbList","@id":"https:\/\/iwell-guard.com\/cs\/keltsky-uzel-nekonecny-vzor\/#breadcrumb","itemListElement":[{"@type":"ListItem","position":1,"name":"Start","item":"https:\/\/iwell-guard.com\/cs\/?page_id=145107"},{"@type":"ListItem","position":2,"name":"Keltsk\u00fd uzel \u2013 nekone\u010dn\u00fd vzor uzl\u016f"}]},{"@type":"WebSite","@id":"https:\/\/iwell-guard.com\/cs\/#website","url":"https:\/\/iwell-guard.com\/cs\/","name":"iWell Guard","description":"Schutz vor dunklen Einfl\u00fcssen","publisher":{"@id":"https:\/\/iwell-guard.com\/cs\/#organization"},"potentialAction":[{"@type":"SearchAction","target":{"@type":"EntryPoint","urlTemplate":"https:\/\/iwell-guard.com\/cs\/?s={search_term_string}"},"query-input":{"@type":"PropertyValueSpecification","valueRequired":true,"valueName":"search_term_string"}}],"inLanguage":"cs"},{"@type":"Organization","@id":"https:\/\/iwell-guard.com\/cs\/#organization","name":"Ittermann electronic GmbH","url":"https:\/\/iwell-guard.com\/cs\/","logo":{"@type":"ImageObject","inLanguage":"cs","@id":"https:\/\/iwell-guard.com\/cs\/#\/schema\/logo\/image\/","url":"https:\/\/iwell-guard.com\/wp-content\/uploads\/2026\/05\/Ittermann-Logo-1182x237-1.png","contentUrl":"https:\/\/iwell-guard.com\/wp-content\/uploads\/2026\/05\/Ittermann-Logo-1182x237-1.png","width":1182,"height":237,"caption":"Ittermann electronic GmbH"},"image":{"@id":"https:\/\/iwell-guard.com\/cs\/#\/schema\/logo\/image\/"},"sameAs":["https:\/\/pantip.com\/profile\/9367242","https:\/\/micro.blog\/iwellguard","https:\/\/www.diggerslist.com\/iwellguard\/about","https:\/\/skitterphoto.com\/photographers\/2870314\/iwell-guard","https:\/\/iwellguard.wordpress.com\/2026\/06\/06\/iwell-guard\/","https:\/\/hub.docker.com\/u\/iwellguard","https:\/\/www.pinterest.com\/iwellguard\/","https:\/\/bit.ly\/m\/iwellguard","https:\/\/entre-vos-mains.alsace.eu\/profiles\/iwellguard\/activity","https:\/\/gravatar.com\/reallybeded8fd34","https:\/\/naijamatta.com\/iwellguard","https:\/\/www.goodreads.com\/iwellguard","https:\/\/profile.hatena.ne.jp\/iwellguard\/","https:\/\/experiment.com\/users\/iwellguard","https:\/\/wakelet.com\/@iWellGuard82270","https:\/\/www.chordie.com\/forum\/profile.php?id=2555664","https:\/\/www.instapaper.com\/p\/17757966","https:\/\/www.mapleprimes.com\/users\/iwellguard","https:\/\/businesslistingplus.com\/profile\/iwell-guard\/","https:\/\/telegra.ph\/iWell-Guard-06-06","https:\/\/pbase.com\/iwellguard\/iwellguard","https:\/\/b.hatena.ne.jp\/iwellguard\/20260607#bookmark-4788405196491818882","https:\/\/fliphtml5.com\/home\/iwellguard","https:\/\/anyflip.com\/homepage\/cmiwl#About","https:\/\/transfur.com\/Users\/iwellguard","http:\/\/delphi.larsbo.org\/user\/iwellguard","https:\/\/jobs.lajobsportal.org\/profiles\/8380803-iwell-guard","https:\/\/md.chaosdorf.de\/s\/jfbe5SBdJD","https:\/\/www.lingvolive.com\/en-us\/profile\/9ecaeaca-ce11-4e51-9e71-01d55e2bff36\/translations","https:\/\/www.fitday.com\/fitness\/forums\/members\/iwellguard.html","https:\/\/www.mymeetbook.com\/iwellguard","https:\/\/pxhere.com\/en\/photographer-me\/5040798","https:\/\/disqus.com\/by\/iwellguard\/about\/","https:\/\/pastelink.net\/hjwciqwq","https:\/\/pubhtml5.com\/homepage\/scjhn\/","https:\/\/www.bitchute.com\/channel\/2O2eOKzNqujT","https:\/\/audiomack.com\/iwellguard"]}]}},"_links":{"self":[{"href":"https:\/\/iwell-guard.com\/cs\/wp-json\/wp\/v2\/pages\/145740","targetHints":{"allow":["GET"]}}],"collection":[{"href":"https:\/\/iwell-guard.com\/cs\/wp-json\/wp\/v2\/pages"}],"about":[{"href":"https:\/\/iwell-guard.com\/cs\/wp-json\/wp\/v2\/types\/page"}],"author":[{"embeddable":true,"href":"https:\/\/iwell-guard.com\/cs\/wp-json\/wp\/v2\/users\/3"}],"replies":[{"embeddable":true,"href":"https:\/\/iwell-guard.com\/cs\/wp-json\/wp\/v2\/comments?post=145740"}],"version-history":[{"count":0,"href":"https:\/\/iwell-guard.com\/cs\/wp-json\/wp\/v2\/pages\/145740\/revisions"}],"wp:featuredmedia":[{"embeddable":true,"href":"https:\/\/iwell-guard.com\/cs\/wp-json\/wp\/v2\/media\/3484"}],"wp:attachment":[{"href":"https:\/\/iwell-guard.com\/cs\/wp-json\/wp\/v2\/media?parent=145740"}],"wp:term":[{"taxonomy":"category","embeddable":true,"href":"https:\/\/iwell-guard.com\/cs\/wp-json\/wp\/v2\/categories?post=145740"}],"curies":[{"name":"wp","href":"https:\/\/api.w.org\/{rel}","templated":true}]}}