{"id":145721,"date":"2026-09-03T16:33:05","date_gmt":"2026-09-03T16:33:05","guid":{"rendered":"https:\/\/iwell-guard.com\/?page_id=145721"},"modified":"2026-09-03T17:03:55","modified_gmt":"2026-09-03T17:03:55","slug":"svastika-prastary-symbol-stesti-a-ochrany-v-hinduismu","status":"publish","type":"page","link":"https:\/\/iwell-guard.com\/cs\/svastika-prastary-symbol-stesti-a-ochrany-v-hinduismu\/","title":{"rendered":"Svastika \u2013 prastar\u00fd symbol \u0161t\u011bst\u00ed a ochrany v hinduismu"},"content":{"rendered":"\t\t<div data-elementor-type=\"wp-page\" data-elementor-id=\"145721\" class=\"elementor elementor-145721 elementor-3685 elementor-bc-flex-widget\" data-elementor-post-type=\"page\">\n\t\t\t\t<div class=\"elementor-element elementor-element-iwgs-swastika-hero e-flex e-con-boxed e-con e-parent\" data-id=\"iwgs-swastika-hero\" data-element_type=\"container\" data-e-type=\"container\">\n\t\t\t\t\t<div class=\"e-con-inner\">\n\t\t<div class=\"elementor-element elementor-element-iwgs-swastika-hl e-flex e-con-boxed e-con e-parent\" data-id=\"iwgs-swastika-hl\" data-element_type=\"container\" data-e-type=\"container\">\n\t\t\t\t\t<div class=\"e-con-inner\">\n\t\t<div class=\"elementor-element elementor-element-iwgs-swastika-hlbox e-con-full e-flex e-con e-parent\" data-id=\"iwgs-swastika-hlbox\" data-element_type=\"container\" data-e-type=\"container\">\n\t\t\t\t<div class=\"elementor-element elementor-element-iwgs-swastika-h1 elementor-widget elementor-widget-heading\" data-id=\"iwgs-swastika-h1\" data-element_type=\"widget\" data-e-type=\"widget\" data-widget_type=\"heading.default\">\n\t\t\t\t\t<h1 class=\"elementor-heading-title elementor-size-default\">Svastika \u2013 hinduistick\u00fd symbol \u0161t\u011bst\u00ed a jeho historie<\/h1>\t\t\t\t<\/div>\n\t\t\t\t<div class=\"elementor-element elementor-element-iwgs-swastika-lead elementor-widget elementor-widget-text-editor\" data-id=\"iwgs-swastika-lead\" data-element_type=\"widget\" data-e-type=\"widget\" data-widget_type=\"text-editor.default\">\n\t\t\t\t\t\t\t\t\t<p>Svastika je v hinduismu prastar\u00fd symbol \u0161t\u011bst\u00ed a ochrany. Pou\u017e\u00edv\u00e1 se p\u0159i sv\u00e1tc\u00edch, u vchod\u016f a p\u0159i uct\u00edv\u00e1n\u00ed. Ve dvac\u00e1t\u00e9m stolet\u00ed si tento symbol p\u0159isvojil a zkreslil nacismus. Tato str\u00e1nka p\u0159edstavuje p\u016fvodn\u00ed hinduistick\u00fd v\u00fdznam symbolu a jasn\u011b jej odli\u0161uje od tohoto p\u0159isvojen\u00ed.<\/p>\t\t\t\t\t\t\t\t<\/div>\n\t\t\t\t<\/div>\n\t\t\t\t<div class=\"elementor-element elementor-element-iwgs-swastika-pills elementor-widget elementor-widget-html\" data-id=\"iwgs-swastika-pills\" data-element_type=\"widget\" data-e-type=\"widget\" data-widget_type=\"html.default\">\n\t\t\t\t\t<div class=\"iwg-pill-row\"><span class=\"iwg-klasse-badge\" tabindex=\"0\" data-tooltip=\"Ochrann\u00fd symbol, amulet nebo apotropaick\u00fd p\u0159edm\u011bt.\">Ochrann\u00fd symbol<\/span><a href=\"https:\/\/iwell-guard.com\/cs\/hinduismus\/\" class=\"iwg-kultur-badge\" tabindex=\"0\" data-tooltip=\"Ochrann\u00e1 tradice: hinduismus\">Hinduismus<\/a><span class=\"iwg-tradition-badge\" tabindex=\"0\" data-tooltip=\"Znak, kter\u00fd m\u00e1 \u0161t\u011bst\u00ed ukazovat nebo p\u0159ivol\u00e1vat.\">Symbol \u0161t\u011bst\u00ed<\/span><\/div>\t\t\t\t<\/div>\n\t\t\t\t\t<\/div>\n\t\t\t\t<\/div>\n\t\t<div class=\"elementor-element elementor-element-iwgs-swastika-hr e-con-full e-flex e-con e-parent\" data-id=\"iwgs-swastika-hr\" data-element_type=\"container\" data-e-type=\"container\">\n\t\t\t\t<div class=\"elementor-element elementor-element-iwgs-swastika-himg iwg-hero-image elementor-widget elementor-widget-image\" data-id=\"iwgs-swastika-himg\" data-element_type=\"widget\" data-e-type=\"widget\" data-widget_type=\"image.default\">\n\t\t\t\t\t\t\t\t\t\t\t\t\t\t\t<img fetchpriority=\"high\" decoding=\"async\" width=\"683\" height=\"1024\" src=\"https:\/\/iwell-guard.com\/wp-content\/uploads\/2026\/05\/schutzsymbol_hinduismus_swastika-683x1024.webp\" class=\"attachment-large size-large wp-image-147055\" alt=\"Svastika - ochrann\u00fd symbol, muzejn\u00ed ilustrace\" srcset=\"https:\/\/iwell-guard.com\/wp-content\/uploads\/2026\/05\/schutzsymbol_hinduismus_swastika-683x1024.webp 683w, https:\/\/iwell-guard.com\/wp-content\/uploads\/2026\/05\/schutzsymbol_hinduismus_swastika-200x300.webp 200w, https:\/\/iwell-guard.com\/wp-content\/uploads\/2026\/05\/schutzsymbol_hinduismus_swastika-768x1152.webp 768w, https:\/\/iwell-guard.com\/wp-content\/uploads\/2026\/05\/schutzsymbol_hinduismus_swastika.webp 1024w\" sizes=\"(max-width: 683px) 100vw, 683px\" \/>\t\t\t\t\t\t\t\t\t\t\t\t\t\t\t<\/div>\n\t\t\t\t<\/div>\n\t\t\t\t\t<\/div>\n\t\t\t\t<\/div>\n\t\t<div class=\"elementor-element elementor-element-iwgs-swastika-s0 e-flex e-con-boxed e-con e-parent\" data-id=\"iwgs-swastika-s0\" data-element_type=\"container\" data-e-type=\"container\">\n\t\t\t\t\t<div class=\"e-con-inner\">\n\t\t\t\t<div class=\"elementor-element elementor-element-iwgs-swastika-s0h elementor-widget elementor-widget-heading\" data-id=\"iwgs-swastika-s0h\" data-element_type=\"widget\" data-e-type=\"widget\" data-widget_type=\"heading.default\">\n\t\t\t\t\t<h2 class=\"elementor-heading-title elementor-size-default\">Za\u0159azen\u00ed<\/h2>\t\t\t\t<\/div>\n\t\t<div class=\"elementor-element elementor-element-iwgs-swastika-s0box e-con-full e-flex e-con e-parent\" data-id=\"iwgs-swastika-s0box\" data-element_type=\"container\" data-e-type=\"container\">\n\t\t\t\t<div class=\"elementor-element elementor-element-iwgs-swastika-s0t elementor-widget elementor-widget-text-editor\" data-id=\"iwgs-swastika-s0t\" data-element_type=\"widget\" data-e-type=\"widget\" data-widget_type=\"text-editor.default\">\n\t\t\t\t\t\t\t\t\t<p>Svastika je starobyl\u00fd symbol, kter\u00fd v <a href=\"https:\/\/iwell-guard.com\/cs\/hinduismus\/\">hinduismu<\/a> hraje d\u016fle\u017eitou roli a\u017e do sou\u010dasnosti. Jde o k\u0159\u00ed\u017e, jeho\u017e \u010dty\u0159i ramena jsou na sv\u00fdch konc\u00edch zalomena v prav\u00e9m \u00fahlu.<\/p><p>Slovo svastika poch\u00e1z\u00ed ze sanskrtu. Je spojeno se slovn\u00edm z\u00e1kladem, kter\u00fd znamen\u00e1 dobr\u00fd, prosp\u011b\u0161n\u00fd nebo p\u0159in\u00e1\u0161ej\u00edc\u00ed \u0161t\u011bst\u00ed. Svastika tak podle sv\u00e9ho v\u00fdznamu ozna\u010duje znak blahobytu.<\/p><p>V hinduismu je svastika symbolem \u0161t\u011bst\u00ed a ochrany. Pou\u017e\u00edv\u00e1 se p\u0159i sv\u00e1tc\u00edch, u vchod\u016f, v obchodech a p\u0159i uct\u00edv\u00e1n\u00ed a m\u00e1 p\u0159itahovat blaho a odvracet ne\u0161t\u011bst\u00ed.<\/p><p>Tato str\u00e1nka se v\u011bnuje svastice v jej\u00edm p\u016fvodn\u00edm, hinduistick\u00e9m v\u00fdznamu. Je v\u0161ak nezbytn\u00e9 hned na za\u010d\u00e1tku jasn\u011b uv\u00e9st, \u017ee tento symbol pro\u0161el ve dvac\u00e1t\u00e9m stolet\u00ed z\u00e1va\u017en\u00fdm zkreslen\u00edm.<\/p><p>Nacismus p\u0159evzal h\u00e1kov\u00fd k\u0159\u00ed\u017e, ur\u010ditou podobu tohoto symbolu, a u\u010dinil z n\u011bj znak sv\u00e9 zlo\u010dinn\u00e9 vl\u00e1dy. Toto p\u0159isvojen\u00ed spojilo symbol v Evrop\u011b neodd\u011bliteln\u011b s nacistick\u00fdm bezpr\u00e1v\u00edm.<\/p><p>V\u011bcn\u00fd v\u00fdklad tak mus\u00ed zvl\u00e1dnout oboj\u00ed. Mus\u00ed v\u011brn\u011b popsat starobyl\u00fd n\u00e1bo\u017eensk\u00fd v\u00fdznam svastiky v hinduismu a mus\u00ed jasn\u011b pojmenovat nacistick\u00e9 p\u0159isvojen\u00ed a odli\u0161it ho od n\u00e1bo\u017eensk\u00e9ho v\u00fdznamu. Ob\u011bma \u00fakol\u016fm se tato str\u00e1nka v\u011bnuje.<\/p>\t\t\t\t\t\t\t\t<\/div>\n\t\t\t\t<\/div>\n\t\t\t\t\t<\/div>\n\t\t\t\t<\/div>\n\t\t<div class=\"elementor-element elementor-element-iwgs-swastika-s1 e-flex e-con-boxed e-con e-parent\" data-id=\"iwgs-swastika-s1\" data-element_type=\"container\" data-e-type=\"container\">\n\t\t\t\t\t<div class=\"e-con-inner\">\n\t\t\t\t<div class=\"elementor-element elementor-element-iwgs-swastika-s1h elementor-widget elementor-widget-heading\" data-id=\"iwgs-swastika-s1h\" data-element_type=\"widget\" data-e-type=\"widget\" data-widget_type=\"heading.default\">\n\t\t\t\t\t<h2 class=\"elementor-heading-title elementor-size-default\">Podoba a n\u00e1zev symbolu<\/h2>\t\t\t\t<\/div>\n\t\t<div class=\"elementor-element elementor-element-iwgs-swastika-s1box e-con-full e-flex e-con e-parent\" data-id=\"iwgs-swastika-s1box\" data-element_type=\"container\" data-e-type=\"container\">\n\t\t\t\t<div class=\"elementor-element elementor-element-iwgs-swastika-s1t elementor-widget elementor-widget-text-editor\" data-id=\"iwgs-swastika-s1t\" data-element_type=\"widget\" data-e-type=\"widget\" data-widget_type=\"text-editor.default\">\n\t\t\t\t\t\t\t\t\t<p>Svastika m\u00e1 jednoduchou, jasn\u011b vymezenou podobu. Skl\u00e1d\u00e1 se z k\u0159\u00ed\u017ee se \u010dty\u0159mi stejn\u011b dlouh\u00fdmi ramenami, jejich\u017e konce jsou zalomeny v prav\u00e9m \u00fahlu.<\/p><p>Tato zalomen\u00e1 zakon\u010den\u00ed vyvol\u00e1vaj\u00ed dojem pohybu. Symbol p\u016fsob\u00ed, jako by se ot\u00e1\u010del kolem sv\u00e9ho st\u0159edu. Tento n\u00e1znak ot\u00e1\u010den\u00ed pat\u0159\u00ed k charakteristick\u00e9mu dojmu symbolu.<\/p><p>Zalomen\u00ed ramen mohou sm\u011b\u0159ovat dv\u011bma sm\u011bry. Podle toho se symbol jev\u00ed jako obr\u00e1cen\u00fd na jednu nebo druhou stranu. V hinduismu se vyskytuj\u00ed ob\u011b formy a n\u011bkdy jsou vykl\u00e1d\u00e1ny odli\u0161n\u011b.<\/p><p>N\u00e1zev svastika poch\u00e1z\u00ed ze sanskrtu a je spojen s pojmem prosp\u011b\u0161n\u00e9ho a \u0161\u0165astn\u00e9ho. Samotn\u00fd n\u00e1zev tedy odkazuje na p\u016fvodn\u00ed, p\u0159\u00edzniv\u00fd v\u00fdznam symbolu.<\/p><p>V n\u011bm\u010din\u011b se symbol naz\u00fdv\u00e1 tak\u00e9 h\u00e1kov\u00fd k\u0159\u00ed\u017e (Hakenkreuz), proto\u017ee jeho ramena kon\u010d\u00ed h\u00e1\u010dky. Tento n\u011bmeck\u00fd v\u00fdraz je v\u0161ak siln\u011b zat\u00ed\u017een nacistick\u00fdm u\u017e\u00edv\u00e1n\u00edm a je t\u0159eba jej u hinduistick\u00e9ho symbolu pou\u017e\u00edvat obez\u0159etn\u011b.<\/p><p>Podoba svastiky je tak jednoduch\u00e1, \u017ee mohla vzniknout nez\u00e1visle v r\u016fzn\u00fdch kultur\u00e1ch. Pr\u00e1v\u011b tato jednoduchost vysv\u011btluje, pro\u010d se symbol vyskytuje v mnoha \u010d\u00e1stech sv\u011bta.<\/p>\t\t\t\t\t\t\t\t<\/div>\n\t\t\t\t<\/div>\n\t\t\t\t\t<\/div>\n\t\t\t\t<\/div>\n\t\t<div class=\"elementor-element elementor-element-iwgs-swastika-s2 e-flex e-con-boxed e-con e-parent\" data-id=\"iwgs-swastika-s2\" data-element_type=\"container\" data-e-type=\"container\">\n\t\t\t\t\t<div class=\"e-con-inner\">\n\t\t\t\t<div class=\"elementor-element elementor-element-iwgs-swastika-s2h elementor-widget elementor-widget-heading\" data-id=\"iwgs-swastika-s2h\" data-element_type=\"widget\" data-e-type=\"widget\" data-widget_type=\"heading.default\">\n\t\t\t\t\t<h2 class=\"elementor-heading-title elementor-size-default\">St\u00e1\u0159\u00ed a roz\u0161\u00ed\u0159en\u00ed symbolu<\/h2>\t\t\t\t<\/div>\n\t\t<div class=\"elementor-element elementor-element-iwgs-swastika-s2box e-con-full e-flex e-con e-parent\" data-id=\"iwgs-swastika-s2box\" data-element_type=\"container\" data-e-type=\"container\">\n\t\t\t\t<div class=\"elementor-element elementor-element-iwgs-swastika-s2t elementor-widget elementor-widget-text-editor\" data-id=\"iwgs-swastika-s2t\" data-element_type=\"widget\" data-e-type=\"widget\" data-widget_type=\"text-editor.default\">\n\t\t\t\t\t\t\t\t\t<p>Svastika je velmi star\u00fd symbol. Lze ji dok\u00e1zat v mnoha kultur\u00e1ch a po dlouh\u00e1 \u010dasov\u00e1 obdob\u00ed. Jej\u00ed p\u0159esn\u00e9 st\u00e1\u0159\u00ed a p\u016fvod v\u0161ak nejsou v ka\u017ed\u00e9m ohledu objasn\u011bny.<\/p><p>V Indii lze symbol vysledovat do velmi vzd\u00e1len\u00e9 minulosti. Objevuje se ji\u017e ve velmi rann\u00fdch sv\u011bdectv\u00edch indick\u00fdch kulturn\u00edch d\u011bjin a pat\u0159\u00ed tak k nejstar\u0161\u00edm pou\u017e\u00edvan\u00fdm symbol\u016fm subkontinentu.<\/p><p>Krom\u011b Indie je svastika zn\u00e1ma i z \u0159ady dal\u0161\u00edch kultur. Nach\u00e1z\u00ed se v evropsk\u00e9 prehistorii, v antick\u00e9m sv\u011bt\u011b i v kultur\u00e1ch jin\u00fdch sv\u011btad\u00edl\u016f.<\/p><p>Zde je d\u016fle\u017eit\u00e9 poctiv\u00e9 za\u0159azen\u00ed. Toto roz\u0161\u00ed\u0159en\u00ed nelze vysv\u011btlit spole\u010dn\u00fdm p\u016fvodem. Jednoduch\u00e1 forma symbolu mohla vzniknout nez\u00e1visle na mnoha m\u00edstech.<\/p><p>Stejn\u011b tak nem\u011bla svastika v\u0161ude stejn\u00fd v\u00fdznam. V r\u016fzn\u00fdch kultur\u00e1ch byl symbol vykl\u00e1d\u00e1n odli\u0161n\u011b. Jednotn\u00fd, p\u016fvodn\u00ed v\u00fdznam svastiky neexistuje.<\/p><p>Jist\u00e9 je pouze to, \u017ee symbol je star\u00fd a roz\u0161\u00ed\u0159en\u00fd a \u017ee v hinduismu byl u\u017e od ran\u00fdch dob nep\u0159etr\u017eit\u011b pou\u017e\u00edv\u00e1n jako p\u0159\u00edzniv\u00fd symbol. Toto hinduistick\u00e9 u\u017e\u00edv\u00e1n\u00ed je dob\u0159e dolo\u017eeno a stoj\u00ed ve st\u0159edu n\u00e1sleduj\u00edc\u00edch odd\u00edl\u016f.<\/p>\t\t\t\t\t\t\t\t<\/div>\n\t\t\t\t<\/div>\n\t\t\t\t\t<\/div>\n\t\t\t\t<\/div>\n\t\t<div class=\"elementor-element elementor-element-iwgs-swastika-s3 e-flex e-con-boxed e-con e-parent\" data-id=\"iwgs-swastika-s3\" data-element_type=\"container\" data-e-type=\"container\">\n\t\t\t\t\t<div class=\"e-con-inner\">\n\t\t\t\t<div class=\"elementor-element elementor-element-iwgs-swastika-s3h elementor-widget elementor-widget-heading\" data-id=\"iwgs-swastika-s3h\" data-element_type=\"widget\" data-e-type=\"widget\" data-widget_type=\"heading.default\">\n\t\t\t\t\t<h2 class=\"elementor-heading-title elementor-size-default\">Svastika jako symbol \u0161t\u011bst\u00ed v hinduismu<\/h2>\t\t\t\t<\/div>\n\t\t<div class=\"elementor-element elementor-element-iwgs-swastika-s3box e-con-full e-flex e-con e-parent\" data-id=\"iwgs-swastika-s3box\" data-element_type=\"container\" data-e-type=\"container\">\n\t\t\t\t<div class=\"elementor-element elementor-element-iwgs-swastika-s3t elementor-widget elementor-widget-text-editor\" data-id=\"iwgs-swastika-s3t\" data-element_type=\"widget\" data-e-type=\"widget\" data-widget_type=\"text-editor.default\">\n\t\t\t\t\t\t\t\t\t<p>V hinduismu je svastika symbolem \u0161t\u011bst\u00ed. Stoj\u00ed za blahobytem, za dobr\u00fdm zd\u00e1rem a za p\u0159\u00edzniv\u00fdmi okolnostmi. Tento v\u00fdznam je jej\u00edm nejd\u016fle\u017eit\u011bj\u0161\u00edm.<\/p><p>Svastika se pou\u017e\u00edv\u00e1 p\u0159i radostn\u00fdch p\u0159\u00edle\u017eitostech. P\u0159i sv\u00e1tc\u00edch, p\u0159i svatb\u00e1ch, p\u0159i vysv\u011bcen\u00ed domu a na po\u010d\u00e1tku p\u0159edsevzet\u00ed se symbol maluje nebo um\u00eds\u0165uje.<\/p><p>Svastika je b\u011b\u017en\u00e1 u vchod\u016f dom\u016f a obchod\u016f. Um\u00edst\u011bna nad dve\u0159mi nebo vedle vchodu m\u00e1 p\u0159ivol\u00e1vat do prostoru \u0161t\u011bst\u00ed a blahobyt.<\/p><p>Svastika se objevuje i na p\u0159edm\u011btech denn\u00edho u\u017e\u00edv\u00e1n\u00ed, na listin\u00e1ch a v obchodn\u00edch knih\u00e1ch kupc\u016f. Na po\u010d\u00e1tku nov\u00e9ho obchodn\u00edho roku se zaznamen\u00e1v\u00e1, aby nadch\u00e1zej\u00edc\u00ed rok prob\u011bhl p\u0159\u00edzniv\u011b.<\/p><p>Pou\u017e\u00edv\u00e1n\u00ed svastiky v t\u011bchto souvislostech vyjad\u0159uje p\u0159\u00e1n\u00ed. Symbol m\u00e1 p\u0159itahovat dobr\u00e9 a podporovat p\u0159\u00edzniv\u00fd pr\u016fb\u011bh p\u0159edsevzet\u00ed.<\/p><p>Svastika je tak v hinduismu vl\u00eddn\u00fd, p\u0159\u00e1telsk\u00fd symbol. Pat\u0159\u00ed k okam\u017eik\u016fm radosti a nov\u00e9ho za\u010d\u00e1tku a vyjad\u0159uje p\u0159\u00e1n\u00ed blahobytu.<\/p>\t\t\t\t\t\t\t\t<\/div>\n\t\t\t\t<\/div>\n\t\t\t\t\t<\/div>\n\t\t\t\t<\/div>\n\t\t<div class=\"elementor-element elementor-element-iwgs-swastika-s4 e-flex e-con-boxed e-con e-parent\" data-id=\"iwgs-swastika-s4\" data-element_type=\"container\" data-e-type=\"container\">\n\t\t\t\t\t<div class=\"e-con-inner\">\n\t\t\t\t<div class=\"elementor-element elementor-element-iwgs-swastika-s4h elementor-widget elementor-widget-heading\" data-id=\"iwgs-swastika-s4h\" data-element_type=\"widget\" data-e-type=\"widget\" data-widget_type=\"heading.default\">\n\t\t\t\t\t<h2 class=\"elementor-heading-title elementor-size-default\">Svastika v uct\u00edv\u00e1n\u00ed a jako ochrann\u00fd symbol<\/h2>\t\t\t\t<\/div>\n\t\t<div class=\"elementor-element elementor-element-iwgs-swastika-s4box e-con-full e-flex e-con e-parent\" data-id=\"iwgs-swastika-s4box\" data-element_type=\"container\" data-e-type=\"container\">\n\t\t\t\t<div class=\"elementor-element elementor-element-iwgs-swastika-s4t elementor-widget elementor-widget-text-editor\" data-id=\"iwgs-swastika-s4t\" data-element_type=\"widget\" data-e-type=\"widget\" data-widget_type=\"text-editor.default\">\n\t\t\t\t\t\t\t\t\t<p>Nad r\u00e1mec v\u00fdznamu symbolu \u0161t\u011bst\u00ed m\u00e1 svastika pevn\u00e9 m\u00edsto v hinduistick\u00e9 \u00fact\u011b a z\u00e1rove\u0148 plat\u00ed za ochrann\u00fd znak.<\/p><p>P\u0159i ob\u0159adech se svastika \u010dasto kresl\u00ed p\u0159edt\u00edm, ne\u017e za\u010dne <span class=\"iwg-fachbegriff\" data-tooltip=\"Slavnostn\u00ed \u00fakon prob\u00edhaj\u00edc\u00ed podle stanoven\u00fdch pravidel.\" tabindex=\"0\">ceremonie<\/span>. Ozna\u010duje m\u00edsto jako posv\u011bcen\u00e9 a stav\u00ed dan\u00fd z\u00e1m\u011br pod p\u0159\u00edzniv\u00e9 znamen\u00ed.<\/p><p>Svastika je spojov\u00e1na s r\u016fzn\u00fdmi bo\u017estvy, p\u0159edev\u0161\u00edm s bohem, kter\u00fd je ct\u011bn jako p\u0159ina\u0161e\u010d p\u0159\u00edzniv\u00e9ho za\u010d\u00e1tku. Toto znamen\u00ed tak n\u00e1le\u017e\u00ed k po\u010d\u00e1tku a k dobr\u00fdm p\u0159edpoklad\u016fm.<\/p><p>Jako ochrann\u00fd znak m\u00e1 svastika odvracet ne\u0161t\u011bst\u00ed. Um\u00edst\u011bn\u00e1 u vchod\u016f je pova\u017eov\u00e1na za znamen\u00ed, kter\u00e9 chr\u00e1n\u00ed prostor za n\u00edm a odvrac\u00ed \u0161kodliv\u00e9 vlivy.<\/p><p>Ochrann\u00fd a \u0161\u0165\u011bst\u00ed p\u0159in\u00e1\u0161ej\u00edc\u00ed v\u00fdznam svastiky spolu \u00fazce souvisej\u00ed. Oba vych\u00e1zej\u00ed ze stejn\u00e9 z\u00e1kladn\u00ed my\u0161lenky, \u017ee znamen\u00ed p\u0159itahuje dobro a odvrac\u00ed ne\u0161t\u011bst\u00ed.<\/p><p>Svastika tak v hinduismu pat\u0159\u00ed ke znamen\u00edm, kter\u00e1 spojuj\u00ed <span class=\"iwg-fachbegriff\" data-tooltip=\"P\u0159\u00e1n\u00ed blaha a ochrany, \u010dasto v pevn\u011b stanoven\u00e9 jazykov\u00e9 form\u011b.\" tabindex=\"0\">po\u017eehn\u00e1n\u00ed<\/span>, p\u0159\u00edzniv\u00fd za\u010d\u00e1tek a ochranu. V tomto v\u00fdznamu se pou\u017e\u00edv\u00e1 a\u017e do sou\u010dasnosti.<\/p>\t\t\t\t\t\t\t\t<\/div>\n\t\t\t\t<\/div>\n\t\t\t\t\t<\/div>\n\t\t\t\t<\/div>\n\t\t<div class=\"elementor-element elementor-element-iwgs-swastika-s5 e-flex e-con-boxed e-con e-parent\" data-id=\"iwgs-swastika-s5\" data-element_type=\"container\" data-e-type=\"container\">\n\t\t\t\t\t<div class=\"e-con-inner\">\n\t\t\t\t<div class=\"elementor-element elementor-element-iwgs-swastika-s5h elementor-widget elementor-widget-heading\" data-id=\"iwgs-swastika-s5h\" data-element_type=\"widget\" data-e-type=\"widget\" data-widget_type=\"heading.default\">\n\t\t\t\t\t<h2 class=\"elementor-heading-title elementor-size-default\">P\u0159isvojen\u00ed a zkreslen\u00ed nacion\u00e1ln\u00edm socialismem<\/h2>\t\t\t\t<\/div>\n\t\t<div class=\"elementor-element elementor-element-iwgs-swastika-s5box e-con-full e-flex e-con e-parent\" data-id=\"iwgs-swastika-s5box\" data-element_type=\"container\" data-e-type=\"container\">\n\t\t\t\t<div class=\"elementor-element elementor-element-iwgs-swastika-s5t elementor-widget elementor-widget-text-editor\" data-id=\"iwgs-swastika-s5t\" data-element_type=\"widget\" data-e-type=\"widget\" data-widget_type=\"text-editor.default\">\n\t\t\t\t\t\t\t\t\t<p>Je nezbytn\u00e9 na tomto m\u00edst\u011b jasn\u011b a z\u0159eteln\u011b uv\u00e9st, \u017ee znamen\u00ed svastiky pro\u0161lo ve dvac\u00e1t\u00e9m stolet\u00ed z\u00e1va\u017en\u00fdm zkreslen\u00edm. Nacion\u00e1ln\u00ed socialismus v N\u011bmecku si toto znamen\u00ed p\u0159isvojil.<\/p><p>Nacion\u00e1ln\u011bsocialistick\u00e9 hnut\u00ed toto znamen\u00ed, v n\u011bm\u010din\u011b naz\u00fdvan\u00e9 h\u00e1kov\u00fd k\u0159\u00ed\u017e, p\u0159evzalo a ud\u011blalo z n\u011bj sv\u016fj centr\u00e1ln\u00ed symbol. Objevoval se na vlajce, na uniform\u00e1ch i na znac\u00edch nacion\u00e1ln\u011bsocialistick\u00e9ho st\u00e1tu.<\/p><p>Toto p\u0159isvojen\u00ed se op\u00edralo o fale\u0161n\u00e9 a rasistick\u00e9 p\u0159edstavy. Nacion\u00e1ln\u00ed socialismus vylo\u017eil znamen\u00ed ve smyslu vymy\u0161len\u00e9 doktr\u00edny o \u00fadajn\u011b vy\u0161\u0161\u00edch ras\u00e1ch. Tento v\u00fdklad nem\u00e1 s hinduistick\u00fdm v\u00fdznamem znamen\u00ed nic spole\u010dn\u00e9ho.<\/p><p>Pod t\u00edmto znamen\u00edm byly v dob\u011b nacion\u00e1ln\u00edho socialismu p\u00e1ch\u00e1ny zlo\u010diny nev\u00eddan\u00e9ho rozsahu. H\u00e1kov\u00fd k\u0159\u00ed\u017e tak v Evrop\u011b neodd\u011bliteln\u011b symbolizuje nacion\u00e1ln\u011bsocialistickou n\u00e1silnou vl\u00e1du, v\u00e1lku a genocidu, p\u0159edev\u0161\u00edm vyvra\u017ed\u011bn\u00ed evropsk\u00fdch \u017did\u016f.<\/p><p>Touto histori\u00ed je znamen\u00ed v N\u011bmecku a ve velk\u00e9 \u010d\u00e1sti Evropy siln\u011b zat\u00ed\u017eeno. Ve\u0159ejn\u00e9 vystavov\u00e1n\u00ed h\u00e1kov\u00e9ho k\u0159\u00ed\u017ee je v N\u011bmecku z dobr\u00fdch d\u016fvod\u016f trestn\u00e9, pokud jednozna\u010dn\u011b neslou\u017e\u00ed osv\u011bt\u011b nebo podobn\u00fdm \u00fa\u010del\u016fm.<\/p><p>Toto zkreslen\u00ed je nutn\u00e9 jasn\u011b pojmenovat. Nacion\u00e1ln\u00ed socialismus si neopr\u00e1vn\u011bn\u011b p\u0159isvojil starobyl\u00e9 znamen\u00ed a spojil ho se zlo\u010dinn\u00fdm obsahem. Toto p\u0159isvojen\u00ed nen\u00ed hinduismus a nen\u00ed to ani p\u016fvodn\u00ed v\u00fdznam znamen\u00ed.<\/p>\t\t\t\t\t\t\t\t<\/div>\n\t\t\t\t<\/div>\n\t\t\t\t\t<\/div>\n\t\t\t\t<\/div>\n\t\t<div class=\"elementor-element elementor-element-iwgs-swastika-s6 e-flex e-con-boxed e-con e-parent\" data-id=\"iwgs-swastika-s6\" data-element_type=\"container\" data-e-type=\"container\">\n\t\t\t\t\t<div class=\"e-con-inner\">\n\t\t\t\t<div class=\"elementor-element elementor-element-iwgs-swastika-s6h elementor-widget elementor-widget-heading\" data-id=\"iwgs-swastika-s6h\" data-element_type=\"widget\" data-e-type=\"widget\" data-widget_type=\"heading.default\">\n\t\t\t\t\t<h2 class=\"elementor-heading-title elementor-size-default\">Nezbytn\u00e9 rozli\u0161en\u00ed<\/h2>\t\t\t\t<\/div>\n\t\t<div class=\"elementor-element elementor-element-iwgs-swastika-s6box e-con-full e-flex e-con e-parent\" data-id=\"iwgs-swastika-s6box\" data-element_type=\"container\" data-e-type=\"container\">\n\t\t\t\t<div class=\"elementor-element elementor-element-iwgs-swastika-s6t elementor-widget elementor-widget-text-editor\" data-id=\"iwgs-swastika-s6t\" data-element_type=\"widget\" data-e-type=\"widget\" data-widget_type=\"text-editor.default\">\n\t\t\t\t\t\t\t\t\t<p>Z p\u0159edchoz\u00edho vypl\u00fdv\u00e1 nutnost jasn\u00e9ho rozli\u0161en\u00ed. Hinduistick\u00e1 svastika a nacion\u00e1ln\u011bsocialistick\u00fd h\u00e1kov\u00fd k\u0159\u00ed\u017e nesm\u00ed b\u00fdt zam\u011b\u0148ov\u00e1ny.<\/p><p>Hinduistick\u00e1 svastika je starobyl\u00e9 n\u00e1bo\u017eensk\u00e9 znamen\u00ed \u0161t\u011bst\u00ed a ochrany. Stoj\u00ed za blahobytem, za p\u0159\u00edzniv\u00fdm za\u010d\u00e1tkem a za ochranou a pou\u017e\u00edv\u00e1 se v n\u00e1bo\u017eensk\u00e9m kontextu.<\/p><p>Nacion\u00e1ln\u011bsocialistick\u00fd h\u00e1kov\u00fd k\u0159\u00ed\u017e je naproti tomu znamen\u00edm zlo\u010dinn\u00e9ho politick\u00e9ho hnut\u00ed dvac\u00e1t\u00e9ho stolet\u00ed. Stoj\u00ed za n\u00e1silnou vl\u00e1dou, v\u00e1lkou a genocidou.<\/p><p>Tyto dva v\u00fdznamy nemaj\u00ed mezi sebou nic spole\u010dn\u00e9ho, a\u010dkoliv z\u00e1kladn\u00ed tvar znamen\u00ed je podobn\u00fd. Nacion\u00e1ln\u00ed socialismus p\u0159evzal starobylou formu, ale dal j\u00ed zcela odli\u0161n\u00fd, zlo\u010dinn\u00fd obsah.<\/p><p>Toto rozli\u0161en\u00ed je d\u016fle\u017eit\u00e9 i v zach\u00e1zen\u00ed se znamen\u00edm. V Indii a v hinduistick\u00fdch komunit\u00e1ch je svastika \u017eiv\u00fdm n\u00e1bo\u017eensk\u00fdm znamen\u00edm. V N\u011bmecku a v Evrop\u011b naproti tomu z\u00e1kladn\u00ed tvar znamen\u00ed nevyhnuteln\u011b vyvol\u00e1v\u00e1 vzpom\u00ednku na nacion\u00e1ln\u011bsocialistick\u00e9 bezpr\u00e1v\u00ed.<\/p><p>Poctiv\u00e9 zobrazen\u00ed proto zohled\u0148uje oboj\u00ed. Respektuje n\u00e1bo\u017eensk\u00fd v\u00fdznam svastiky pro lidi, kte\u0159\u00ed ji pou\u017e\u00edvaj\u00ed jako znamen\u00ed \u0161t\u011bst\u00ed a ochrany, a z\u00e1rove\u0148 jasn\u011b a bez zjem\u0148ov\u00e1n\u00ed pojmenov\u00e1v\u00e1 zlo\u010dinn\u00e9 p\u0159isvojen\u00ed znamen\u00ed nacion\u00e1ln\u00edm socialismem.<\/p>\t\t\t\t\t\t\t\t<\/div>\n\t\t\t\t<\/div>\n\t\t\t\t\t<\/div>\n\t\t\t\t<\/div>\n\t\t<div class=\"elementor-element elementor-element-iwgs-swastika-s7 e-flex e-con-boxed e-con e-parent\" data-id=\"iwgs-swastika-s7\" data-element_type=\"container\" data-e-type=\"container\">\n\t\t\t\t\t<div class=\"e-con-inner\">\n\t\t\t\t<div class=\"elementor-element elementor-element-iwgs-swastika-s7h elementor-widget elementor-widget-heading\" data-id=\"iwgs-swastika-s7h\" data-element_type=\"widget\" data-e-type=\"widget\" data-widget_type=\"heading.default\">\n\t\t\t\t\t<h2 class=\"elementor-heading-title elementor-size-default\">Svastika v jin\u00fdch indick\u00fdch n\u00e1bo\u017eenstv\u00edch<\/h2>\t\t\t\t<\/div>\n\t\t<div class=\"elementor-element elementor-element-iwgs-swastika-s7box e-con-full e-flex e-con e-parent\" data-id=\"iwgs-swastika-s7box\" data-element_type=\"container\" data-e-type=\"container\">\n\t\t\t\t<div class=\"elementor-element elementor-element-iwgs-swastika-s7t elementor-widget elementor-widget-text-editor\" data-id=\"iwgs-swastika-s7t\" data-element_type=\"widget\" data-e-type=\"widget\" data-widget_type=\"text-editor.default\">\n\t\t\t\t\t\t\t\t\t<p>Svastika nen\u00ed omezena jen na hinduismus. Tak\u00e9 jin\u00e1 n\u00e1bo\u017eenstv\u00ed vznikl\u00e1 v Indii pou\u017e\u00edvaj\u00ed toto znamen\u00ed jako znamen\u00ed p\u0159\u00edzniv\u00e9.<\/p><p>V d\u017einismu, starobyl\u00e9m indick\u00e9m n\u00e1bo\u017eenstv\u00ed, m\u00e1 svastika d\u016fle\u017eit\u00fd v\u00fdznam. Pat\u0159\u00ed tam mezi ct\u011bn\u00e1 znamen\u00ed a je spojov\u00e1na se z\u00e1kladn\u00edmi naukami tohoto n\u00e1bo\u017eenstv\u00ed.<\/p><p>Svastika je zn\u00e1m\u00e1 i v buddhismu. Objevuje se v buddhistick\u00e9m um\u011bn\u00ed a v buddhistick\u00fdch zem\u00edch Asie jako znamen\u00ed p\u0159\u00edzniv\u00e9, \u010dasto v souvislosti s Osv\u00edcen\u00fdm.<\/p><p>Ve v\u0161ech t\u011bchto n\u00e1bo\u017eenstv\u00edch je svastika p\u0159\u00edzniv\u00fdm, \u010dasto ct\u011bn\u00fdm znamen\u00edm. Pat\u0159\u00ed ke spole\u010dn\u00e9mu d\u011bdictv\u00ed indick\u00fdch a Indi\u00ed ovlivn\u011bn\u00fdch n\u00e1bo\u017eenstv\u00ed.<\/p><p>V asijsk\u00fdch zem\u00edch, kde jsou tato n\u00e1bo\u017eenstv\u00ed roz\u0161\u00ed\u0159ena, je svastika proto dodnes b\u011b\u017en\u00fdm a nezat\u00ed\u017een\u00fdm jevem. Objevuje se na chr\u00e1mech, na map\u00e1ch i v b\u011b\u017en\u00e9m \u017eivot\u011b.<\/p><p>To je\u0161t\u011b v\u00edce zd\u016fraz\u0148uje popsan\u00e9 zkreslen\u00ed. Pro mnoho set milion\u016f lid\u00ed v Asii je svastika starobyl\u00fdm, m\u00edrumilovn\u00fdm n\u00e1bo\u017eensk\u00fdm znamen\u00edm. Nacion\u00e1ln\u011bsocialistick\u00e9 p\u0159isvojen\u00ed je evropskou histori\u00ed dvac\u00e1t\u00e9ho stolet\u00ed, kter\u00e1 byla tomuto n\u00e1bo\u017eensk\u00e9mu d\u011bdictv\u00ed vnucena zven\u010d\u00ed.<\/p>\t\t\t\t\t\t\t\t<\/div>\n\t\t\t\t<\/div>\n\t\t\t\t\t<\/div>\n\t\t\t\t<\/div>\n\t\t<div class=\"elementor-element elementor-element-iwgs-swastika-s8 e-flex e-con-boxed e-con e-parent\" data-id=\"iwgs-swastika-s8\" data-element_type=\"container\" data-e-type=\"container\">\n\t\t\t\t\t<div class=\"e-con-inner\">\n\t\t\t\t<div class=\"elementor-element elementor-element-iwgs-swastika-s8h elementor-widget elementor-widget-heading\" data-id=\"iwgs-swastika-s8h\" data-element_type=\"widget\" data-e-type=\"widget\" data-widget_type=\"heading.default\">\n\t\t\t\t\t<h2 class=\"elementor-heading-title elementor-size-default\">Sou\u010dasn\u00e1 recepce<\/h2>\t\t\t\t<\/div>\n\t\t<div class=\"elementor-element elementor-element-iwgs-swastika-s8box e-con-full e-flex e-con e-parent\" data-id=\"iwgs-swastika-s8box\" data-element_type=\"container\" data-e-type=\"container\">\n\t\t\t\t<div class=\"elementor-element elementor-element-iwgs-swastika-s8t elementor-widget elementor-widget-text-editor\" data-id=\"iwgs-swastika-s8t\" data-element_type=\"widget\" data-e-type=\"widget\" data-widget_type=\"text-editor.default\">\n\t\t\t\t\t\t\t\t\t<p>Dne\u0161n\u00ed vn\u00edm\u00e1n\u00ed svastiky je poznamen\u00e1no hlubok\u00fdm rozd\u011blen\u00edm, kter\u00e9 bezprost\u0159edn\u011b vypl\u00fdv\u00e1 z jej\u00ed historie.<\/p><p>V Indii a v hinduistick\u00fdch, jainistick\u00fdch a buddhistick\u00fdch komunit\u00e1ch Asie je svastika \u017eiv\u00fdm znakem \u0161t\u011bst\u00ed a ochrany, kter\u00fd se b\u011b\u017en\u011b pou\u017e\u00edv\u00e1 v ka\u017edodenn\u00edm \u017eivot\u011b. Objevuje se u vchod\u016f, p\u0159i slavnostech a v uct\u00edv\u00e1n\u00ed, a je zde nezat\u00ed\u017een\u00e1.<\/p><p>V N\u011bmecku a ve velk\u00e9 \u010d\u00e1sti Evropy naopak z\u00e1kladn\u00ed tvar znaku nevyhnuteln\u011b vyvol\u00e1v\u00e1 vzpom\u00ednku na n\u00e1rodn\u00ed socialismus. Zde je znak siln\u011b zat\u00ed\u017een\u00fd a jeho ve\u0159ejn\u00e9 zobrazov\u00e1n\u00ed je pr\u00e1vn\u011b omezeno.<\/p><p>Toto rozd\u011blen\u00ed n\u011bkdy vede k nap\u011bt\u00ed, nap\u0159\u00edklad kdy\u017e hinduist\u00e9 nebo buddhist\u00e9 pou\u017e\u00edvaj\u00ed sv\u016fj n\u00e1bo\u017eensk\u00fd symbol v Evrop\u011b a nar\u00e1\u017eej\u00ed t\u00edm na nepochopen\u00ed nebo odm\u00edtnut\u00ed. Zde je d\u016fle\u017eit\u00e9 vysv\u011btlen\u00ed souvislost\u00ed.<\/p><p>V\u011bcn\u00fd popis mus\u00ed zachytit ob\u011b str\u00e1nky. Respektuje n\u00e1bo\u017eensk\u00fd v\u00fdznam svastiky pro lidi, kte\u0159\u00ed ji uct\u00edvaj\u00ed jako znak \u0161t\u011bst\u00ed a ochrany. A z\u00e1rove\u0148 jasn\u011b pojmenov\u00e1v\u00e1 zlo\u010dinn\u00e9 zneu\u017eit\u00ed znaku n\u00e1rodn\u00edm socialismem a z toho plynouc\u00ed zat\u00ed\u017een\u00ed v Evrop\u011b.<\/p><p>Svastika je tak pozoruhodn\u00fdm a z\u00e1rove\u0148 t\u00ed\u017eiv\u00fdm p\u0159\u00edkladem toho, jak m\u016f\u017ee b\u00fdt starobyl\u00fd n\u00e1bo\u017eensk\u00fd symbol politick\u00fdm zkomolen\u00edm rozd\u011blen ve sv\u00e9m v\u00fdznamu. Kdo o svastice mluv\u00ed, mus\u00ed tuto historii zn\u00e1t a jasn\u011b od sebe odli\u0161ovat oba v\u00fdznamy.<\/p>\t\t\t\t\t\t\t\t<\/div>\n\t\t\t\t<\/div>\n\t\t\t\t\t<\/div>\n\t\t\t\t<\/div>\n\t\t<div class=\"elementor-element elementor-element-iwgs-swastika-lit e-flex e-con-boxed e-con e-parent\" data-id=\"iwgs-swastika-lit\" data-element_type=\"container\" data-e-type=\"container\">\n\t\t\t\t\t<div class=\"e-con-inner\">\n\t\t\t\t<div class=\"elementor-element elementor-element-iwgs-swastika-lith elementor-widget elementor-widget-heading\" data-id=\"iwgs-swastika-lith\" data-element_type=\"widget\" data-e-type=\"widget\" data-widget_type=\"heading.default\">\n\t\t\t\t\t<h2 class=\"elementor-heading-title elementor-size-default\">Literatura (v\u00fdb\u011br)<\/h2>\t\t\t\t<\/div>\n\t\t<div class=\"elementor-element elementor-element-iwgs-swastika-litbox e-con-full e-flex e-con e-parent\" data-id=\"iwgs-swastika-litbox\" data-element_type=\"container\" data-e-type=\"container\">\n\t\t\t\t<div class=\"elementor-element elementor-element-iwgs-swastika-litt elementor-widget elementor-widget-html\" data-id=\"iwgs-swastika-litt\" data-element_type=\"widget\" data-e-type=\"widget\" data-widget_type=\"html.default\">\n\t\t\t\t\t<footer data-nosnippet=\"true\"><ul><li>Axel Michaels: <em>Der Hinduismus. Geschichte und Gegenwart<\/em> (1998)<\/li><li>Malcolm Quinn: <em>The Swastika. Constructing the Symbol<\/em> (1994)<\/li><li>Steven Heller: <em>The Swastika. Symbol Beyond Redemption?<\/em> (2000)<\/li><li>Heinrich von Stietencron: <em>Der Hinduismus<\/em> (2001)<\/li><li>Ulrich Sieg: <em>Geist und Gewalt. Deutsche Philosophen zwischen Kaiserreich und Nationalsozialismus<\/em> (2013)<\/li><\/ul><\/footer>\t\t\t\t<\/div>\n\t\t\t\t<\/div>\n\t\t\t\t\t<\/div>\n\t\t\t\t<\/div>\n\t\t<div class=\"elementor-element elementor-element-iwgs-swastika-kwd e-flex e-con-boxed e-con e-parent\" data-id=\"iwgs-swastika-kwd\" data-element_type=\"container\" data-e-type=\"container\">\n\t\t\t\t\t<div class=\"e-con-inner\">\n\t\t\t\t<div class=\"elementor-element elementor-element-iwgs-swastika-kwdt elementor-widget elementor-widget-text-editor\" data-id=\"iwgs-swastika-kwdt\" data-element_type=\"widget\" data-e-type=\"widget\" data-widget_type=\"text-editor.default\">\n\t\t\t\t\t\t\t\t\t<p><em>Souvisej\u00edc\u00ed kl\u00ed\u010dov\u00e9 pojmy: svastika, znak \u0161t\u011bst\u00ed, h\u00e1kov\u00fd k\u0159\u00ed\u017e, sanskrt, blahobyt, nacistick\u00e9 zneu\u017eit\u00ed, zkomolen\u00ed, odli\u0161en\u00ed, hinduismus.<\/em><\/p>\t\t\t\t\t\t\t\t<\/div>\n\t\t\t\t\t<\/div>\n\t\t\t\t<\/div>\n\t\t<div class=\"elementor-element elementor-element-iwgs-swastika-cc e-flex e-con-boxed e-con e-parent\" data-id=\"iwgs-swastika-cc\" data-element_type=\"container\" data-e-type=\"container\" id=\"iwg-cc-swastika\">\n\t\t\t\t\t<div class=\"e-con-inner\">\n\t\t<div class=\"elementor-element elementor-element-iwgs-swastika-ccinner e-flex e-con-boxed e-con e-parent\" data-id=\"iwgs-swastika-ccinner\" data-element_type=\"container\" data-e-type=\"container\" data-settings=\"{&quot;background_background&quot;:&quot;classic&quot;}\">\n\t\t\t\t\t<div class=\"e-con-inner\">\n\t\t\t\t<div class=\"elementor-element elementor-element-iwgs-swastika-cch elementor-widget elementor-widget-heading\" data-id=\"iwgs-swastika-cch\" data-element_type=\"widget\" data-e-type=\"widget\" data-widget_type=\"heading.default\">\n\t\t\t\t\t<h2 class=\"elementor-heading-title elementor-size-default\">iWell Guard a ochrann\u00e9 tradice<\/h2>\t\t\t\t<\/div>\n\t\t\t\t<div class=\"elementor-element elementor-element-iwgs-swastika-cct elementor-widget elementor-widget-text-editor\" data-id=\"iwgs-swastika-cct\" data-element_type=\"widget\" data-e-type=\"widget\" data-widget_type=\"text-editor.default\">\n\t\t\t\t\t\t\t\t\t<p>iWell Guard navazuje na kulturn\u011b-historickou linii nositeln\u00fdch ochrann\u00fdch p\u0159edm\u011bt\u016f, k n\u00ed\u017e pat\u0159\u00ed i svastika. Modern\u00ed spole\u010dn\u00edk pro lidi, kte\u0159\u00ed \u017eij\u00ed s ochrann\u00fdmi symboly: vyrobeno v N\u011bmecku, 41 vrstev z ryz\u00edho zlata, platiny a st\u0159\u00edbra, s 30denn\u00ed mo\u017enost\u00ed vr\u00e1cen\u00ed zbo\u017e\u00ed.<\/p>\t\t\t\t\t\t\t\t<\/div>\n\t\t\t\t<div class=\"elementor-element elementor-element-iwgs-swastika-ccb iwg-cc-button iwg-cc-cta-2026-05-13 elementor-widget elementor-widget-jet-button\" data-id=\"iwgs-swastika-ccb\" data-element_type=\"widget\" data-e-type=\"widget\" data-widget_type=\"jet-button.default\">\n\t\t\t\t<div class=\"elementor-widget-container\">\n\t\t\t\t\t<div class=\"elementor-jet-button jet-elements\"><div class=\"jet-button__container\"><a class=\"jet-button__instance jet-button__instance--icon-left hover-effect-1\" href=\"\/schutzanhaenger-iwell-guard-kaufen\/?utm_source=iwell-guard.com&amp;utm_medium=info-box&amp;utm_campaign=schutzsymbole\"><div class=\"jet-button__plane jet-button__plane-normal\"><\/div><div class=\"jet-button__plane jet-button__plane-hover\"><\/div><div class=\"jet-button__state jet-button__state-normal\"><span class=\"jet-button__label\">V\u00edce o iWell Guard<\/span><\/div><div class=\"jet-button__state jet-button__state-hover\"><span class=\"jet-button__label\">V\u00edce o iWell Guard<\/span><\/div><\/a><\/div><\/div><style>.elementor-element.elementor-element-iwgs-swastika-ccb .jet-button__instance{width:320px;height:56px;}.elementor-element.elementor-element-iwgs-swastika-ccb .jet-button__state-normal .jet-button__label{text-align:center;margin:0px 0px 0px 0px;color:#1a1b20;font-family:Montserrat,sans-serif;font-size:13px;font-weight:400;letter-spacing:4px;line-height:1.714em;text-transform:uppercase;}.elementor-element.elementor-element-iwgs-swastika-ccb .jet-button__state-hover .jet-button__label{text-align:center;margin:0px 0px 0px 0px;color:#FECC76;font-family:Montserrat,sans-serif;font-size:13px;font-weight:400;letter-spacing:4px;line-height:1.714em;text-transform:uppercase;}.elementor-element.elementor-element-iwgs-swastika-ccb .jet-button__plane-normal{background-color:#FECC76;border-style:solid;border-color:#C99540;border-width:2px 2px 2px 2px;}.elementor-element.elementor-element-iwgs-swastika-ccb .jet-button__plane-hover{background-color:rgba(0,0,0,0.55);border-style:solid;border-color:#FECC76;border-width:2px 2px 2px 2px;}<\/style>\t\t\t\t<\/div>\n\t\t\t\t<\/div>\n\t\t\t\t<div class=\"elementor-element elementor-element-iwgs-swastika-ccd elementor-widget elementor-widget-text-editor\" data-id=\"iwgs-swastika-ccd\" data-element_type=\"widget\" data-e-type=\"widget\" data-widget_type=\"text-editor.default\">\n\t\t\t\t\t\t\t\t\t<p style=\"text-align:center;font-size:13px;opacity:0.7;margin-top:14px\" data-nosnippet=\"true\">Osobn\u00ed zku\u0161enosti se mohou li\u0161it. Nejde o zdravotnick\u00fd prost\u0159edek. Nejde o p\u0159\u00edslib l\u00e9\u010den\u00ed.<\/p>\t\t\t\t\t\t\t\t<\/div>\n\t\t\t\t\t<\/div>\n\t\t\t\t<\/div>\n\t\t\t\t\t<\/div>\n\t\t\t\t<\/div>\n\t\t<div class=\"elementor-element elementor-element-iwgs-swastika-disc e-flex e-con-boxed e-con e-parent\" data-id=\"iwgs-swastika-disc\" data-element_type=\"container\" data-e-type=\"container\">\n\t\t\t\t\t<div class=\"e-con-inner\">\n\t\t\t\t<div class=\"elementor-element elementor-element-iwgs-swastika-discw elementor-widget elementor-widget-html\" data-id=\"iwgs-swastika-discw\" data-element_type=\"widget\" data-e-type=\"widget\" data-widget_type=\"html.default\">\n\t\t\t\t\t<footer data-nosnippet=\"true\" class=\"iwg-disclaimer-block\"><p data-nosnippet=\"true\">iWell Guard <strong>nen\u00ed zdravotnick\u00fd prost\u0159edek<\/strong> a nenahrazuje l\u00e9ka\u0159skou ani psychoterapeutickou l\u00e9\u010dbu. Zde uveden\u00fd obsah p\u0159edstavuje religionistick\u00e9 a kulturn\u011b-historick\u00e9 za\u0159azen\u00ed, nikoli p\u0159\u00edslib duchovn\u00edho \u00fa\u010dinku.<\/p><\/footer>\t\t\t\t<\/div>\n\t\t\t\t\t<\/div>\n\t\t\t\t<\/div>\n\t\t\t\t<\/div>\n\t\t","protected":false},"excerpt":{"rendered":"","protected":false},"author":3,"featured_media":3524,"parent":0,"menu_order":0,"comment_status":"closed","ping_status":"closed","template":"elementor_header_footer","meta":{"_yoast_wpseo_focuskw":"Svastika","_yoast_wpseo_title":"Svastika \u2013 hinduistick\u00fd symbol \u0161t\u011bst\u00ed","_yoast_wpseo_metadesc":"Svastika je v hinduismu prastar\u00fd symbol \u0161t\u011bst\u00ed a ochrany. Vysv\u011btlen\u00ed jej\u00edho v\u00fdznamu, historie a odli\u0161en\u00ed od zneu\u017eit\u00ed nacismem.","_yoast_wpseo_meta-robots-noindex":"","_yoast_wpseo_canonical":"","_angie_page":false,"gefaehrdungsstufe":"","wesen_kultur":"","wesen_klasse":"","footnotes":""},"categories":[],"class_list":["post-145721","page","type-page","status-publish","has-post-thumbnail","hentry"],"yoast_head":"<!-- This site is optimized with the Yoast SEO Premium plugin v27.7 (Yoast SEO v28.3) - https:\/\/yoast.com\/product\/yoast-seo-premium-wordpress\/ -->\n<title>Svastika \u2013 hinduistick\u00fd symbol \u0161t\u011bst\u00ed<\/title>\n<meta name=\"description\" content=\"Svastika je v hinduismu prastar\u00fd symbol \u0161t\u011bst\u00ed a ochrany. Vysv\u011btlen\u00ed jej\u00edho v\u00fdznamu, historie a odli\u0161en\u00ed od zneu\u017eit\u00ed nacismem.\" \/>\n<meta name=\"robots\" content=\"index, follow, max-snippet:-1, max-image-preview:large, max-video-preview:-1\" \/>\n<link rel=\"canonical\" href=\"https:\/\/iwell-guard.com\/cs\/svastika-prastary-symbol-stesti-a-ochrany-v-hinduismu\/\" \/>\n<meta property=\"og:locale\" content=\"cs_CZ\" \/>\n<meta property=\"og:type\" content=\"article\" \/>\n<meta property=\"og:title\" content=\"Svastika \u2013 prastar\u00fd symbol \u0161t\u011bst\u00ed a ochrany v hinduismu\" \/>\n<meta property=\"og:description\" content=\"Svastika je v hinduismu prastar\u00fd symbol \u0161t\u011bst\u00ed a ochrany. Vysv\u011btlen\u00ed jej\u00edho v\u00fdznamu, historie a odli\u0161en\u00ed od zneu\u017eit\u00ed nacismem.\" \/>\n<meta property=\"og:url\" content=\"https:\/\/iwell-guard.com\/cs\/svastika-prastary-symbol-stesti-a-ochrany-v-hinduismu\/\" \/>\n<meta property=\"og:site_name\" content=\"iWell Guard\" \/>\n<meta property=\"article:modified_time\" content=\"2026-09-03T17:03:55+00:00\" \/>\n<meta property=\"og:image\" content=\"https:\/\/iwell-guard.com\/wp-content\/uploads\/2026\/05\/schutzsymbol_hinduismus_swastika.webp\" \/>\n\t<meta property=\"og:image:width\" content=\"1024\" \/>\n\t<meta property=\"og:image:height\" content=\"1536\" \/>\n\t<meta property=\"og:image:type\" content=\"image\/webp\" \/>\n<meta name=\"twitter:card\" content=\"summary_large_image\" \/>\n<script type=\"application\/ld+json\" class=\"yoast-schema-graph\">{\"@context\":\"https:\\\/\\\/schema.org\",\"@graph\":[{\"@type\":\"WebPage\",\"@id\":\"https:\\\/\\\/iwell-guard.com\\\/cs\\\/svastika-prastary-symbol-stesti-a-ochrany-v-hinduismu\\\/\",\"url\":\"https:\\\/\\\/iwell-guard.com\\\/cs\\\/svastika-prastary-symbol-stesti-a-ochrany-v-hinduismu\\\/\",\"name\":\"Svastika \u2013 hinduistick\u00fd symbol \u0161t\u011bst\u00ed\",\"isPartOf\":{\"@id\":\"https:\\\/\\\/iwell-guard.com\\\/cs\\\/#website\"},\"primaryImageOfPage\":{\"@id\":\"https:\\\/\\\/iwell-guard.com\\\/cs\\\/svastika-prastary-symbol-stesti-a-ochrany-v-hinduismu\\\/#primaryimage\"},\"image\":{\"@id\":\"https:\\\/\\\/iwell-guard.com\\\/cs\\\/svastika-prastary-symbol-stesti-a-ochrany-v-hinduismu\\\/#primaryimage\"},\"thumbnailUrl\":\"https:\\\/\\\/iwell-guard.com\\\/wp-content\\\/uploads\\\/2026\\\/05\\\/schutzsymbol_hinduismus_swastika.webp\",\"datePublished\":\"2026-09-03T16:33:05+00:00\",\"dateModified\":\"2026-09-03T17:03:55+00:00\",\"description\":\"Svastika je v hinduismu prastar\u00fd symbol \u0161t\u011bst\u00ed a ochrany. Vysv\u011btlen\u00ed jej\u00edho v\u00fdznamu, historie a odli\u0161en\u00ed od zneu\u017eit\u00ed nacismem.\",\"breadcrumb\":{\"@id\":\"https:\\\/\\\/iwell-guard.com\\\/cs\\\/svastika-prastary-symbol-stesti-a-ochrany-v-hinduismu\\\/#breadcrumb\"},\"inLanguage\":\"cs\",\"potentialAction\":[{\"@type\":\"ReadAction\",\"target\":[\"https:\\\/\\\/iwell-guard.com\\\/cs\\\/svastika-prastary-symbol-stesti-a-ochrany-v-hinduismu\\\/\"]}]},{\"@type\":\"ImageObject\",\"inLanguage\":\"cs\",\"@id\":\"https:\\\/\\\/iwell-guard.com\\\/cs\\\/svastika-prastary-symbol-stesti-a-ochrany-v-hinduismu\\\/#primaryimage\",\"url\":\"https:\\\/\\\/iwell-guard.com\\\/wp-content\\\/uploads\\\/2026\\\/05\\\/schutzsymbol_hinduismus_swastika.webp\",\"contentUrl\":\"https:\\\/\\\/iwell-guard.com\\\/wp-content\\\/uploads\\\/2026\\\/05\\\/schutzsymbol_hinduismus_swastika.webp\",\"width\":1024,\"height\":1536,\"caption\":\"Ochrann\u00fd symbol. Muzejn\u00ed ilustrace z\u00e1ti\u0161\u00ed.\"},{\"@type\":\"BreadcrumbList\",\"@id\":\"https:\\\/\\\/iwell-guard.com\\\/cs\\\/svastika-prastary-symbol-stesti-a-ochrany-v-hinduismu\\\/#breadcrumb\",\"itemListElement\":[{\"@type\":\"ListItem\",\"position\":1,\"name\":\"Start\",\"item\":\"https:\\\/\\\/iwell-guard.com\\\/cs\\\/?page_id=145107\"},{\"@type\":\"ListItem\",\"position\":2,\"name\":\"Svastika \u2013 prastar\u00fd symbol \u0161t\u011bst\u00ed a ochrany v hinduismu\"}]},{\"@type\":\"WebSite\",\"@id\":\"https:\\\/\\\/iwell-guard.com\\\/cs\\\/#website\",\"url\":\"https:\\\/\\\/iwell-guard.com\\\/cs\\\/\",\"name\":\"iWell Guard\",\"description\":\"Schutz vor dunklen Einfl\u00fcssen\",\"publisher\":{\"@id\":\"https:\\\/\\\/iwell-guard.com\\\/cs\\\/#organization\"},\"potentialAction\":[{\"@type\":\"SearchAction\",\"target\":{\"@type\":\"EntryPoint\",\"urlTemplate\":\"https:\\\/\\\/iwell-guard.com\\\/cs\\\/?s={search_term_string}\"},\"query-input\":{\"@type\":\"PropertyValueSpecification\",\"valueRequired\":true,\"valueName\":\"search_term_string\"}}],\"inLanguage\":\"cs\"},{\"@type\":\"Organization\",\"@id\":\"https:\\\/\\\/iwell-guard.com\\\/cs\\\/#organization\",\"name\":\"Ittermann electronic GmbH\",\"url\":\"https:\\\/\\\/iwell-guard.com\\\/cs\\\/\",\"logo\":{\"@type\":\"ImageObject\",\"inLanguage\":\"cs\",\"@id\":\"https:\\\/\\\/iwell-guard.com\\\/cs\\\/#\\\/schema\\\/logo\\\/image\\\/\",\"url\":\"https:\\\/\\\/iwell-guard.com\\\/wp-content\\\/uploads\\\/2026\\\/05\\\/Ittermann-Logo-1182x237-1.png\",\"contentUrl\":\"https:\\\/\\\/iwell-guard.com\\\/wp-content\\\/uploads\\\/2026\\\/05\\\/Ittermann-Logo-1182x237-1.png\",\"width\":1182,\"height\":237,\"caption\":\"Ittermann electronic GmbH\"},\"image\":{\"@id\":\"https:\\\/\\\/iwell-guard.com\\\/cs\\\/#\\\/schema\\\/logo\\\/image\\\/\"},\"sameAs\":[\"https:\\\/\\\/pantip.com\\\/profile\\\/9367242\",\"https:\\\/\\\/micro.blog\\\/iwellguard\",\"https:\\\/\\\/www.diggerslist.com\\\/iwellguard\\\/about\",\"https:\\\/\\\/skitterphoto.com\\\/photographers\\\/2870314\\\/iwell-guard\",\"https:\\\/\\\/iwellguard.wordpress.com\\\/2026\\\/06\\\/06\\\/iwell-guard\\\/\",\"https:\\\/\\\/hub.docker.com\\\/u\\\/iwellguard\",\"https:\\\/\\\/www.pinterest.com\\\/iwellguard\\\/\",\"https:\\\/\\\/bit.ly\\\/m\\\/iwellguard\",\"https:\\\/\\\/entre-vos-mains.alsace.eu\\\/profiles\\\/iwellguard\\\/activity\",\"https:\\\/\\\/gravatar.com\\\/reallybeded8fd34\",\"https:\\\/\\\/naijamatta.com\\\/iwellguard\",\"https:\\\/\\\/www.goodreads.com\\\/iwellguard\",\"https:\\\/\\\/profile.hatena.ne.jp\\\/iwellguard\\\/\",\"https:\\\/\\\/experiment.com\\\/users\\\/iwellguard\",\"https:\\\/\\\/wakelet.com\\\/@iWellGuard82270\",\"https:\\\/\\\/www.chordie.com\\\/forum\\\/profile.php?id=2555664\",\"https:\\\/\\\/www.instapaper.com\\\/p\\\/17757966\",\"https:\\\/\\\/www.mapleprimes.com\\\/users\\\/iwellguard\",\"https:\\\/\\\/businesslistingplus.com\\\/profile\\\/iwell-guard\\\/\",\"https:\\\/\\\/telegra.ph\\\/iWell-Guard-06-06\",\"https:\\\/\\\/pbase.com\\\/iwellguard\\\/iwellguard\",\"https:\\\/\\\/b.hatena.ne.jp\\\/iwellguard\\\/20260607#bookmark-4788405196491818882\",\"https:\\\/\\\/fliphtml5.com\\\/home\\\/iwellguard\",\"https:\\\/\\\/anyflip.com\\\/homepage\\\/cmiwl#About\",\"https:\\\/\\\/transfur.com\\\/Users\\\/iwellguard\",\"http:\\\/\\\/delphi.larsbo.org\\\/user\\\/iwellguard\",\"https:\\\/\\\/jobs.lajobsportal.org\\\/profiles\\\/8380803-iwell-guard\",\"https:\\\/\\\/md.chaosdorf.de\\\/s\\\/jfbe5SBdJD\",\"https:\\\/\\\/www.lingvolive.com\\\/en-us\\\/profile\\\/9ecaeaca-ce11-4e51-9e71-01d55e2bff36\\\/translations\",\"https:\\\/\\\/www.fitday.com\\\/fitness\\\/forums\\\/members\\\/iwellguard.html\",\"https:\\\/\\\/www.mymeetbook.com\\\/iwellguard\",\"https:\\\/\\\/pxhere.com\\\/en\\\/photographer-me\\\/5040798\",\"https:\\\/\\\/disqus.com\\\/by\\\/iwellguard\\\/about\\\/\",\"https:\\\/\\\/pastelink.net\\\/hjwciqwq\",\"https:\\\/\\\/pubhtml5.com\\\/homepage\\\/scjhn\\\/\",\"https:\\\/\\\/www.bitchute.com\\\/channel\\\/2O2eOKzNqujT\",\"https:\\\/\\\/audiomack.com\\\/iwellguard\"]}]}<\/script>\n<!-- \/ Yoast SEO Premium plugin. -->","yoast_head_json":{"title":"Svastika \u2013 hinduistick\u00fd symbol \u0161t\u011bst\u00ed","description":"Svastika je v hinduismu prastar\u00fd symbol \u0161t\u011bst\u00ed a ochrany. Vysv\u011btlen\u00ed jej\u00edho v\u00fdznamu, historie a odli\u0161en\u00ed od zneu\u017eit\u00ed nacismem.","robots":{"index":"index","follow":"follow","max-snippet":"max-snippet:-1","max-image-preview":"max-image-preview:large","max-video-preview":"max-video-preview:-1"},"canonical":"https:\/\/iwell-guard.com\/cs\/svastika-prastary-symbol-stesti-a-ochrany-v-hinduismu\/","og_locale":"cs_CZ","og_type":"article","og_title":"Svastika \u2013 prastar\u00fd symbol \u0161t\u011bst\u00ed a ochrany v hinduismu","og_description":"Svastika je v hinduismu prastar\u00fd symbol \u0161t\u011bst\u00ed a ochrany. Vysv\u011btlen\u00ed jej\u00edho v\u00fdznamu, historie a odli\u0161en\u00ed od zneu\u017eit\u00ed nacismem.","og_url":"https:\/\/iwell-guard.com\/cs\/svastika-prastary-symbol-stesti-a-ochrany-v-hinduismu\/","og_site_name":"iWell Guard","article_modified_time":"2026-09-03T17:03:55+00:00","og_image":[{"width":1024,"height":1536,"url":"https:\/\/iwell-guard.com\/wp-content\/uploads\/2026\/05\/schutzsymbol_hinduismus_swastika.webp","type":"image\/webp"}],"twitter_card":"summary_large_image","schema":{"@context":"https:\/\/schema.org","@graph":[{"@type":"WebPage","@id":"https:\/\/iwell-guard.com\/cs\/svastika-prastary-symbol-stesti-a-ochrany-v-hinduismu\/","url":"https:\/\/iwell-guard.com\/cs\/svastika-prastary-symbol-stesti-a-ochrany-v-hinduismu\/","name":"Svastika \u2013 hinduistick\u00fd symbol \u0161t\u011bst\u00ed","isPartOf":{"@id":"https:\/\/iwell-guard.com\/cs\/#website"},"primaryImageOfPage":{"@id":"https:\/\/iwell-guard.com\/cs\/svastika-prastary-symbol-stesti-a-ochrany-v-hinduismu\/#primaryimage"},"image":{"@id":"https:\/\/iwell-guard.com\/cs\/svastika-prastary-symbol-stesti-a-ochrany-v-hinduismu\/#primaryimage"},"thumbnailUrl":"https:\/\/iwell-guard.com\/wp-content\/uploads\/2026\/05\/schutzsymbol_hinduismus_swastika.webp","datePublished":"2026-09-03T16:33:05+00:00","dateModified":"2026-09-03T17:03:55+00:00","description":"Svastika je v hinduismu prastar\u00fd symbol \u0161t\u011bst\u00ed a ochrany. Vysv\u011btlen\u00ed jej\u00edho v\u00fdznamu, historie a odli\u0161en\u00ed od zneu\u017eit\u00ed nacismem.","breadcrumb":{"@id":"https:\/\/iwell-guard.com\/cs\/svastika-prastary-symbol-stesti-a-ochrany-v-hinduismu\/#breadcrumb"},"inLanguage":"cs","potentialAction":[{"@type":"ReadAction","target":["https:\/\/iwell-guard.com\/cs\/svastika-prastary-symbol-stesti-a-ochrany-v-hinduismu\/"]}]},{"@type":"ImageObject","inLanguage":"cs","@id":"https:\/\/iwell-guard.com\/cs\/svastika-prastary-symbol-stesti-a-ochrany-v-hinduismu\/#primaryimage","url":"https:\/\/iwell-guard.com\/wp-content\/uploads\/2026\/05\/schutzsymbol_hinduismus_swastika.webp","contentUrl":"https:\/\/iwell-guard.com\/wp-content\/uploads\/2026\/05\/schutzsymbol_hinduismus_swastika.webp","width":1024,"height":1536,"caption":"Ochrann\u00fd symbol. Muzejn\u00ed ilustrace z\u00e1ti\u0161\u00ed."},{"@type":"BreadcrumbList","@id":"https:\/\/iwell-guard.com\/cs\/svastika-prastary-symbol-stesti-a-ochrany-v-hinduismu\/#breadcrumb","itemListElement":[{"@type":"ListItem","position":1,"name":"Start","item":"https:\/\/iwell-guard.com\/cs\/?page_id=145107"},{"@type":"ListItem","position":2,"name":"Svastika \u2013 prastar\u00fd symbol \u0161t\u011bst\u00ed a ochrany v hinduismu"}]},{"@type":"WebSite","@id":"https:\/\/iwell-guard.com\/cs\/#website","url":"https:\/\/iwell-guard.com\/cs\/","name":"iWell Guard","description":"Schutz vor dunklen Einfl\u00fcssen","publisher":{"@id":"https:\/\/iwell-guard.com\/cs\/#organization"},"potentialAction":[{"@type":"SearchAction","target":{"@type":"EntryPoint","urlTemplate":"https:\/\/iwell-guard.com\/cs\/?s={search_term_string}"},"query-input":{"@type":"PropertyValueSpecification","valueRequired":true,"valueName":"search_term_string"}}],"inLanguage":"cs"},{"@type":"Organization","@id":"https:\/\/iwell-guard.com\/cs\/#organization","name":"Ittermann electronic GmbH","url":"https:\/\/iwell-guard.com\/cs\/","logo":{"@type":"ImageObject","inLanguage":"cs","@id":"https:\/\/iwell-guard.com\/cs\/#\/schema\/logo\/image\/","url":"https:\/\/iwell-guard.com\/wp-content\/uploads\/2026\/05\/Ittermann-Logo-1182x237-1.png","contentUrl":"https:\/\/iwell-guard.com\/wp-content\/uploads\/2026\/05\/Ittermann-Logo-1182x237-1.png","width":1182,"height":237,"caption":"Ittermann electronic GmbH"},"image":{"@id":"https:\/\/iwell-guard.com\/cs\/#\/schema\/logo\/image\/"},"sameAs":["https:\/\/pantip.com\/profile\/9367242","https:\/\/micro.blog\/iwellguard","https:\/\/www.diggerslist.com\/iwellguard\/about","https:\/\/skitterphoto.com\/photographers\/2870314\/iwell-guard","https:\/\/iwellguard.wordpress.com\/2026\/06\/06\/iwell-guard\/","https:\/\/hub.docker.com\/u\/iwellguard","https:\/\/www.pinterest.com\/iwellguard\/","https:\/\/bit.ly\/m\/iwellguard","https:\/\/entre-vos-mains.alsace.eu\/profiles\/iwellguard\/activity","https:\/\/gravatar.com\/reallybeded8fd34","https:\/\/naijamatta.com\/iwellguard","https:\/\/www.goodreads.com\/iwellguard","https:\/\/profile.hatena.ne.jp\/iwellguard\/","https:\/\/experiment.com\/users\/iwellguard","https:\/\/wakelet.com\/@iWellGuard82270","https:\/\/www.chordie.com\/forum\/profile.php?id=2555664","https:\/\/www.instapaper.com\/p\/17757966","https:\/\/www.mapleprimes.com\/users\/iwellguard","https:\/\/businesslistingplus.com\/profile\/iwell-guard\/","https:\/\/telegra.ph\/iWell-Guard-06-06","https:\/\/pbase.com\/iwellguard\/iwellguard","https:\/\/b.hatena.ne.jp\/iwellguard\/20260607#bookmark-4788405196491818882","https:\/\/fliphtml5.com\/home\/iwellguard","https:\/\/anyflip.com\/homepage\/cmiwl#About","https:\/\/transfur.com\/Users\/iwellguard","http:\/\/delphi.larsbo.org\/user\/iwellguard","https:\/\/jobs.lajobsportal.org\/profiles\/8380803-iwell-guard","https:\/\/md.chaosdorf.de\/s\/jfbe5SBdJD","https:\/\/www.lingvolive.com\/en-us\/profile\/9ecaeaca-ce11-4e51-9e71-01d55e2bff36\/translations","https:\/\/www.fitday.com\/fitness\/forums\/members\/iwellguard.html","https:\/\/www.mymeetbook.com\/iwellguard","https:\/\/pxhere.com\/en\/photographer-me\/5040798","https:\/\/disqus.com\/by\/iwellguard\/about\/","https:\/\/pastelink.net\/hjwciqwq","https:\/\/pubhtml5.com\/homepage\/scjhn\/","https:\/\/www.bitchute.com\/channel\/2O2eOKzNqujT","https:\/\/audiomack.com\/iwellguard"]}]}},"_links":{"self":[{"href":"https:\/\/iwell-guard.com\/cs\/wp-json\/wp\/v2\/pages\/145721","targetHints":{"allow":["GET"]}}],"collection":[{"href":"https:\/\/iwell-guard.com\/cs\/wp-json\/wp\/v2\/pages"}],"about":[{"href":"https:\/\/iwell-guard.com\/cs\/wp-json\/wp\/v2\/types\/page"}],"author":[{"embeddable":true,"href":"https:\/\/iwell-guard.com\/cs\/wp-json\/wp\/v2\/users\/3"}],"replies":[{"embeddable":true,"href":"https:\/\/iwell-guard.com\/cs\/wp-json\/wp\/v2\/comments?post=145721"}],"version-history":[{"count":0,"href":"https:\/\/iwell-guard.com\/cs\/wp-json\/wp\/v2\/pages\/145721\/revisions"}],"wp:featuredmedia":[{"embeddable":true,"href":"https:\/\/iwell-guard.com\/cs\/wp-json\/wp\/v2\/media\/3524"}],"wp:attachment":[{"href":"https:\/\/iwell-guard.com\/cs\/wp-json\/wp\/v2\/media?parent=145721"}],"wp:term":[{"taxonomy":"category","embeddable":true,"href":"https:\/\/iwell-guard.com\/cs\/wp-json\/wp\/v2\/categories?post=145721"}],"curies":[{"name":"wp","href":"https:\/\/api.w.org\/{rel}","templated":true}]}}