{"id":145717,"date":"2026-09-03T16:33:04","date_gmt":"2026-09-03T16:33:04","guid":{"rendered":"https:\/\/iwell-guard.com\/?page_id=145717"},"modified":"2026-09-03T17:03:50","modified_gmt":"2026-09-03T17:03:50","slug":"cerna-nit-ochranna-paska","status":"publish","type":"page","link":"https:\/\/iwell-guard.com\/cs\/cerna-nit-ochranna-paska\/","title":{"rendered":"\u010cern\u00e1 nit \u2013 ochrann\u00e1 p\u00e1ska proti u\u0159knut\u00ed"},"content":{"rendered":"\t\t<div data-elementor-type=\"wp-page\" data-elementor-id=\"145717\" class=\"elementor elementor-145717 elementor-3681 elementor-bc-flex-widget\" data-elementor-post-type=\"page\">\n\t\t\t\t<div class=\"elementor-element elementor-element-iwgs-schwarzerfad-hero e-flex e-con-boxed e-con e-parent\" data-id=\"iwgs-schwarzerfad-hero\" data-element_type=\"container\" data-e-type=\"container\">\n\t\t\t\t\t<div class=\"e-con-inner\">\n\t\t<div class=\"elementor-element elementor-element-iwgs-schwarzerfad-hl e-flex e-con-boxed e-con e-parent\" data-id=\"iwgs-schwarzerfad-hl\" data-element_type=\"container\" data-e-type=\"container\">\n\t\t\t\t\t<div class=\"e-con-inner\">\n\t\t<div class=\"elementor-element elementor-element-iwgs-schwarzerfad-hlbox e-con-full e-flex e-con e-parent\" data-id=\"iwgs-schwarzerfad-hlbox\" data-element_type=\"container\" data-e-type=\"container\">\n\t\t\t\t<div class=\"elementor-element elementor-element-iwgs-schwarzerfad-h1 elementor-widget elementor-widget-heading\" data-id=\"iwgs-schwarzerfad-h1\" data-element_type=\"widget\" data-e-type=\"widget\" data-widget_type=\"heading.default\">\n\t\t\t\t\t<h1 class=\"elementor-heading-title elementor-size-default\">\u010cern\u00e1 nit \u2013 \u010dern\u00e1 ochrann\u00e1 p\u00e1ska proti u\u0159knut\u00ed<\/h1>\t\t\t\t<\/div>\n\t\t\t\t<div class=\"elementor-element elementor-element-iwgs-schwarzerfad-lead elementor-widget elementor-widget-text-editor\" data-id=\"iwgs-schwarzerfad-lead\" data-element_type=\"widget\" data-e-type=\"widget\" data-widget_type=\"text-editor.default\">\n\t\t\t\t\t\t\t\t\t<p>\u010cern\u00e1 nit je jednoduch\u00e1 ochrann\u00e1 p\u00e1ska, kterou si v Indii mnoho lid\u00ed, zejm\u00e9na mal\u00e9 d\u011bti, v\u00e1\u017ee kolem z\u00e1p\u011bst\u00ed, boku nebo kotn\u00edku. M\u00e1 chr\u00e1nit p\u0159ed u\u0159knut\u00edm a p\u0159ed ne\u0161t\u011bst\u00edm a pat\u0159\u00ed k nejroz\u0161\u00ed\u0159en\u011bj\u0161\u00edm ochrann\u00fdm prost\u0159edk\u016fm ka\u017edodenn\u00edho \u017eivota.<\/p>\t\t\t\t\t\t\t\t<\/div>\n\t\t\t\t<\/div>\n\t\t\t\t<div class=\"elementor-element elementor-element-iwgs-schwarzerfad-pills elementor-widget elementor-widget-html\" data-id=\"iwgs-schwarzerfad-pills\" data-element_type=\"widget\" data-e-type=\"widget\" data-widget_type=\"html.default\">\n\t\t\t\t\t<div class=\"iwg-pill-row\"><span class=\"iwg-klasse-badge\" tabindex=\"0\" data-tooltip=\"Ochrann\u00fd symbol, amulet nebo apotropaick\u00fd p\u0159edm\u011bt.\">Ochrann\u00fd symbol<\/span><a href=\"https:\/\/iwell-guard.com\/cs\/hinduismus\/\" class=\"iwg-kultur-badge\" tabindex=\"0\" data-tooltip=\"Ochrann\u00e1 tradice: hinduismus\">Hinduismus<\/a><span class=\"iwg-tradition-badge\" tabindex=\"0\" data-tooltip=\"P\u00e1ska, kter\u00e9 je p\u0159ipisov\u00e1n ochrann\u00fd \u00fa\u010dinek.\">Ochrann\u00e1 p\u00e1ska<\/span><\/div>\t\t\t\t<\/div>\n\t\t\t\t\t<\/div>\n\t\t\t\t<\/div>\n\t\t<div class=\"elementor-element elementor-element-iwgs-schwarzerfad-hr e-con-full e-flex e-con e-parent\" data-id=\"iwgs-schwarzerfad-hr\" data-element_type=\"container\" data-e-type=\"container\">\n\t\t\t\t<div class=\"elementor-element elementor-element-iwgs-schwarzerfad-himg iwg-hero-image elementor-widget elementor-widget-image\" data-id=\"iwgs-schwarzerfad-himg\" data-element_type=\"widget\" data-e-type=\"widget\" data-widget_type=\"image.default\">\n\t\t\t\t\t\t\t\t\t\t\t\t\t\t\t<img fetchpriority=\"high\" decoding=\"async\" width=\"683\" height=\"1024\" src=\"https:\/\/iwell-guard.com\/wp-content\/uploads\/2026\/05\/schutzsymbol_hinduismus_schwarzer-faden-683x1024.webp\" class=\"attachment-large size-large wp-image-147060\" alt=\"\u010cern\u00e1 nit - ochrann\u00fd symbol, muze\u00e1ln\u00ed ilustrace\" srcset=\"https:\/\/iwell-guard.com\/wp-content\/uploads\/2026\/05\/schutzsymbol_hinduismus_schwarzer-faden-683x1024.webp 683w, https:\/\/iwell-guard.com\/wp-content\/uploads\/2026\/05\/schutzsymbol_hinduismus_schwarzer-faden-200x300.webp 200w, https:\/\/iwell-guard.com\/wp-content\/uploads\/2026\/05\/schutzsymbol_hinduismus_schwarzer-faden-768x1152.webp 768w, https:\/\/iwell-guard.com\/wp-content\/uploads\/2026\/05\/schutzsymbol_hinduismus_schwarzer-faden.webp 1024w\" sizes=\"(max-width: 683px) 100vw, 683px\" \/>\t\t\t\t\t\t\t\t\t\t\t\t\t\t\t<\/div>\n\t\t\t\t<\/div>\n\t\t\t\t\t<\/div>\n\t\t\t\t<\/div>\n\t\t<div class=\"elementor-element elementor-element-iwgs-schwarzerfad-s0 e-flex e-con-boxed e-con e-parent\" data-id=\"iwgs-schwarzerfad-s0\" data-element_type=\"container\" data-e-type=\"container\">\n\t\t\t\t\t<div class=\"e-con-inner\">\n\t\t\t\t<div class=\"elementor-element elementor-element-iwgs-schwarzerfad-s0h elementor-widget elementor-widget-heading\" data-id=\"iwgs-schwarzerfad-s0h\" data-element_type=\"widget\" data-e-type=\"widget\" data-widget_type=\"heading.default\">\n\t\t\t\t\t<h2 class=\"elementor-heading-title elementor-size-default\">Za\u0159azen\u00ed<\/h2>\t\t\t\t<\/div>\n\t\t<div class=\"elementor-element elementor-element-iwgs-schwarzerfad-s0box e-con-full e-flex e-con e-parent\" data-id=\"iwgs-schwarzerfad-s0box\" data-element_type=\"container\" data-e-type=\"container\">\n\t\t\t\t<div class=\"elementor-element elementor-element-iwgs-schwarzerfad-s0t elementor-widget elementor-widget-text-editor\" data-id=\"iwgs-schwarzerfad-s0t\" data-element_type=\"widget\" data-e-type=\"widget\" data-widget_type=\"text-editor.default\">\n\t\t\t\t\t\t\t\t\t<p>\u010cern\u00e1 nit je jednoduch\u00e1 ochrann\u00e1 p\u00e1ska poch\u00e1zej\u00edc\u00ed ze sv\u011bta <a href=\"https:\/\/iwell-guard.com\/cs\/hinduismus\/\">hinduismu<\/a> a indick\u00e9ho ka\u017edodenn\u00edho \u017eivota. Jde o oby\u010dejnou \u010dernou \u0161\u0148\u016frku, kter\u00e1 se v\u00e1\u017ee kolem ur\u010dit\u00e9 \u010d\u00e1sti t\u011bla.<\/p><p>\u010cern\u00e1 nit se nos\u00ed na z\u00e1p\u011bst\u00ed, na kotn\u00edku nebo kolem boku. Nej\u010dast\u011bji se ovazuje mal\u00fdm d\u011btem, kter\u00e9 jsou podle roz\u0161\u00ed\u0159en\u00e9 p\u0159edstavy pova\u017eov\u00e1ny za zvl\u00e1\u0161\u0165 ohro\u017een\u00e9.<\/p><p>\u00dakolem \u010dern\u00e9 nit\u011b je ochrana. M\u00e1 chr\u00e1nit p\u0159ed u\u0159knut\u00edm a obecn\u011b odvracet od nositele ne\u0161t\u011bst\u00ed a \u0161kodliv\u00e9 vlivy.<\/p><p>\u010cern\u00e1 nit je bl\u00edzce p\u0159\u00edbuzn\u00e1 dal\u0161\u00edm ochrann\u00fdm p\u00e1sk\u00e1m Indie, p\u0159edev\u0161\u00edm barevn\u00fdm a posv\u011bcen\u00fdm nit\u00edm, kter\u00e9 se v\u00e1\u017e\u00ed v ritu\u00e1ln\u00edm kontextu. Na rozd\u00edl od nich je \u010dern\u00e1 nit obvykle jednoduch\u00e1 a bez zvl\u00e1\u0161tn\u00ed <span class=\"iwg-fachbegriff\" data-tooltip=\"Slavnostn\u00ed \u00fakon prob\u00edhaj\u00edc\u00ed podle pevn\u00fdch pravidel.\" tabindex=\"0\">ob\u0159adu<\/span>.<\/p><p>\u010cern\u00e1 nit je roz\u0161\u00ed\u0159ena i nap\u0159\u00ed\u010d n\u00e1bo\u017eensk\u00fdmi hranicemi. Nos\u00ed ji hinduistick\u00e9 rodiny, ale setk\u00e1v\u00e1me se s n\u00ed i u jin\u00fdch skupin obyvatel Indie, kde je pova\u017eov\u00e1na za obecn\u00fd ochrann\u00fd prost\u0159edek.<\/p><p>V <span class=\"iwg-fachbegriff\" data-tooltip=\"V\u011bda, kter\u00e1 srovn\u00e1vac\u00edm zp\u016fsobem a bez vyzn\u00e1n\u00ed zkoum\u00e1 n\u00e1bo\u017eenstv\u00ed.\" tabindex=\"0\">religionistice<\/span> je \u010dern\u00e1 nit dobr\u00fdm p\u0159\u00edkladem jednoduch\u00e9ho ochrann\u00e9ho prost\u0159edku ka\u017edodenn\u00edho \u017eivota. Jej\u00ed \u00fa\u010dinek se op\u00edr\u00e1 m\u00e9n\u011b o vypracovanou nauku a v\u00edce o \u0161iroce sd\u00edlenou p\u0159edstavu ochrany, kterou zaji\u0161\u0165uje p\u00e1ska a barva \u010dern\u00e1.<\/p>\t\t\t\t\t\t\t\t<\/div>\n\t\t\t\t<\/div>\n\t\t\t\t\t<\/div>\n\t\t\t\t<\/div>\n\t\t<div class=\"elementor-element elementor-element-iwgs-schwarzerfad-s1 e-flex e-con-boxed e-con e-parent\" data-id=\"iwgs-schwarzerfad-s1\" data-element_type=\"container\" data-e-type=\"container\">\n\t\t\t\t\t<div class=\"e-con-inner\">\n\t\t\t\t<div class=\"elementor-element elementor-element-iwgs-schwarzerfad-s1h elementor-widget elementor-widget-heading\" data-id=\"iwgs-schwarzerfad-s1h\" data-element_type=\"widget\" data-e-type=\"widget\" data-widget_type=\"heading.default\">\n\t\t\t\t\t<h2 class=\"elementor-heading-title elementor-size-default\">P\u00e1ska jako ochrann\u00fd prost\u0159edek<\/h2>\t\t\t\t<\/div>\n\t\t<div class=\"elementor-element elementor-element-iwgs-schwarzerfad-s1box e-con-full e-flex e-con e-parent\" data-id=\"iwgs-schwarzerfad-s1box\" data-element_type=\"container\" data-e-type=\"container\">\n\t\t\t\t<div class=\"elementor-element elementor-element-iwgs-schwarzerfad-s1t elementor-widget elementor-widget-text-editor\" data-id=\"iwgs-schwarzerfad-s1t\" data-element_type=\"widget\" data-e-type=\"widget\" data-widget_type=\"text-editor.default\">\n\t\t\t\t\t\t\t\t\t<p>\u010cern\u00e1 nit pat\u0159\u00ed mezi ochrann\u00e9 p\u00e1sky. Uv\u00e1zan\u00e1 p\u00e1ska je ochrann\u00fdm prost\u0159edkem, kter\u00fd se objevuje v mnoha kultur\u00e1ch a je hojn\u011b roz\u0161\u00ed\u0159en\u00fd i v Indii.<\/p><p>P\u00e1ska se v\u00e1\u017ee kolem ur\u010dit\u00e9 \u010d\u00e1sti t\u011bla a tam se uzav\u00edr\u00e1 uzlem. Toto v\u00e1z\u00e1n\u00ed m\u00e1 symbolick\u00fd v\u00fdznam. Nositele tak\u0159\u00edkaj\u00edc uzav\u00edr\u00e1 dovnit\u0159 a vytv\u00e1\u0159\u00ed kolem n\u011bj chr\u00e1n\u011bnou hranici.<\/p><p>Uzel p\u0159i tom hraje vlastn\u00ed roli. V mnoha p\u0159edstav\u00e1ch plat\u00ed uzel za prost\u0159edek, jak n\u011bco udr\u017eet nebo n\u011b\u010demu zabr\u00e1nit. Uv\u00e1zan\u00e1 p\u00e1ska je proto v\u00edc ne\u017e pouh\u00e1 \u0161\u0148\u016frka.<\/p><p>P\u00e1ska se \u010dasto nos\u00ed na z\u00e1p\u011bst\u00ed, proto\u017ee toto m\u00edsto je viditeln\u00e9 a snadno p\u0159\u00edstupn\u00e9. U d\u011bt\u00ed se p\u00e1ska v\u00e1\u017ee i kolem boku nebo kotn\u00edku, kde z\u016fst\u00e1v\u00e1 skryta pod oble\u010den\u00edm.<\/p><p>Ochrann\u00fdch p\u00e1sek je v Indii mnoho. Existuj\u00ed posv\u011bcen\u00e9 nit\u011b, kter\u00e9 v\u00e1\u017ee kn\u011bz, barevn\u00e9 p\u00e1sky k ur\u010dit\u00fdm sv\u00e1tk\u016fm a p\u00e1sky, kter\u00e9 se v\u00e1\u017eou na poutn\u00edch m\u00edstech. \u010cern\u00e1 nit je nejjednodu\u0161\u0161\u00ed z t\u011bchto forem.<\/p><p>\u010cern\u00e1 nit sd\u00edl\u00ed s ostatn\u00edmi ochrann\u00fdmi p\u00e1skami z\u00e1kladn\u00ed my\u0161lenku. Uv\u00e1zan\u00e1 p\u00e1ska uzav\u00edr\u00e1 nositele a m\u00e1 ho chr\u00e1nit p\u0159ed \u0161kodliv\u00fdmi vlivy. Jej\u00ed zvl\u00e1\u0161tnost spo\u010d\u00edv\u00e1 v barv\u011b a v jej\u00edm jednoduch\u00e9m, ka\u017edodenn\u00edm pou\u017eit\u00ed.<\/p>\t\t\t\t\t\t\t\t<\/div>\n\t\t\t\t<\/div>\n\t\t\t\t\t<\/div>\n\t\t\t\t<\/div>\n\t\t<div class=\"elementor-element elementor-element-iwgs-schwarzerfad-s2 e-flex e-con-boxed e-con e-parent\" data-id=\"iwgs-schwarzerfad-s2\" data-element_type=\"container\" data-e-type=\"container\">\n\t\t\t\t\t<div class=\"e-con-inner\">\n\t\t\t\t<div class=\"elementor-element elementor-element-iwgs-schwarzerfad-s2h elementor-widget elementor-widget-heading\" data-id=\"iwgs-schwarzerfad-s2h\" data-element_type=\"widget\" data-e-type=\"widget\" data-widget_type=\"heading.default\">\n\t\t\t\t\t<h2 class=\"elementor-heading-title elementor-size-default\">V\u00fdznam \u010dern\u00e9 barvy<\/h2>\t\t\t\t<\/div>\n\t\t<div class=\"elementor-element elementor-element-iwgs-schwarzerfad-s2box e-con-full e-flex e-con e-parent\" data-id=\"iwgs-schwarzerfad-s2box\" data-element_type=\"container\" data-e-type=\"container\">\n\t\t\t\t<div class=\"elementor-element elementor-element-iwgs-schwarzerfad-s2t elementor-widget elementor-widget-text-editor\" data-id=\"iwgs-schwarzerfad-s2t\" data-element_type=\"widget\" data-e-type=\"widget\" data-widget_type=\"text-editor.default\">\n\t\t\t\t\t\t\t\t\t<p>Nejn\u00e1padn\u011bj\u0161\u00edm rysem t\u00e9to ochrann\u00e9 p\u00e1sky je jej\u00ed barva. Na rozd\u00edl od \u010derven\u00fdch nebo \u017elut\u00fdch ochrann\u00fdch nit\u00ed Indie je tato nit z\u00e1m\u011brn\u011b \u010dern\u00e1.<\/p><p>\u010cern\u00e1 barva m\u00e1 v indick\u00e9m kontextu zvl\u00e1\u0161tn\u00ed v\u00fdznam ve vztahu k u\u0159knut\u00ed. \u010cern\u00e1 plat\u00ed za barvu, kter\u00e1 na sebe strh\u00e1v\u00e1 a odv\u00e1d\u00ed \u0161kodliv\u00fd pohled.<\/p><p>Za touto my\u0161lenkou stoj\u00ed odklon pohledu. U\u0159knut\u00ed se podle t\u00e9to p\u0159edstavy zam\u011b\u0159\u00ed nejprve na n\u00e1padn\u00e9 \u010dern\u00e9 znamen\u00ed a nikoli na chr\u00e1n\u011bn\u00e9 d\u00edt\u011b. \u010cern\u00e1 p\u00e1ska pohled jakoby zachyt\u00ed.<\/p><p>Ze stejn\u00e9ho d\u016fvodu se v Indii mal\u00fdm d\u011btem \u010dasto nan\u00e1\u0161\u00ed i \u010dern\u00fd bod, obvykle na tv\u00e1\u0159 nebo na \u010delo. I tento \u010dern\u00fd bod m\u00e1 odv\u00e1d\u011bt pohled a lehce naru\u0161it dojem dokonalosti d\u00edt\u011bte.<\/p><p>Za ob\u011bma prost\u0159edky stoj\u00ed spole\u010dn\u00e1 p\u0159edstava. Dokonale kr\u00e1sn\u00e9, zdrav\u00e9 d\u00edt\u011b je pova\u017eov\u00e1no za zvl\u00e1\u0161\u0165 ohro\u017een\u00e9, proto\u017ee na sebe strh\u00e1v\u00e1 obdiv a z\u00e1vist. Mal\u00e1 \u010dern\u00e1 vada odv\u00e1d\u00ed pohled a sni\u017euje nebezpe\u010d\u00ed.<\/p><p>\u010cern\u00e1 barva u \u010dern\u00e9 nit\u011b tedy nen\u00ed zvolena n\u00e1hodn\u011b. Je sou\u010d\u00e1st\u00ed ochrann\u00e9 my\u0161lenky. P\u00e1ska nep\u016fsob\u00ed jen jako uv\u00e1zan\u00e1 p\u00e1ska, ale i d\u00edky sv\u00e9 odv\u00e1d\u011bj\u00edc\u00ed, pohled zachycuj\u00edc\u00ed barv\u011b.<\/p>\t\t\t\t\t\t\t\t<\/div>\n\t\t\t\t<\/div>\n\t\t\t\t\t<\/div>\n\t\t\t\t<\/div>\n\t\t<div class=\"elementor-element elementor-element-iwgs-schwarzerfad-s3 e-flex e-con-boxed e-con e-parent\" data-id=\"iwgs-schwarzerfad-s3\" data-element_type=\"container\" data-e-type=\"container\">\n\t\t\t\t\t<div class=\"e-con-inner\">\n\t\t\t\t<div class=\"elementor-element elementor-element-iwgs-schwarzerfad-s3h elementor-widget elementor-widget-heading\" data-id=\"iwgs-schwarzerfad-s3h\" data-element_type=\"widget\" data-e-type=\"widget\" data-widget_type=\"heading.default\">\n\t\t\t\t\t<h2 class=\"elementor-heading-title elementor-size-default\">\u010cern\u00e1 nit a u\u0159knut\u00ed<\/h2>\t\t\t\t<\/div>\n\t\t<div class=\"elementor-element elementor-element-iwgs-schwarzerfad-s3box e-con-full e-flex e-con e-parent\" data-id=\"iwgs-schwarzerfad-s3box\" data-element_type=\"container\" data-e-type=\"container\">\n\t\t\t\t<div class=\"elementor-element elementor-element-iwgs-schwarzerfad-s3t elementor-widget elementor-widget-text-editor\" data-id=\"iwgs-schwarzerfad-s3t\" data-element_type=\"widget\" data-e-type=\"widget\" data-widget_type=\"text-editor.default\">\n\t\t\t\t\t\t\t\t\t<p>Nejd\u016fle\u017eit\u011bj\u0161\u00edm \u00fakolem \u010dern\u00e9 nit\u011b je ochrana p\u0159ed u\u0159knut\u00edm. Tato v\u00edra je roz\u0161\u00ed\u0159ena v Indii i v mnoha dal\u0161\u00edch \u010d\u00e1stech sv\u011bta.<\/p><p>Podle p\u0159edstavy o u\u0159knut\u00ed m\u016f\u017ee pohled zp\u016fsobit \u0161kodu. \u010casto se spojuje se z\u00e1vist\u00ed a nevra\u017eivost\u00ed. Kdo se na n\u011bco d\u00edv\u00e1 se zra\u0148uj\u00edc\u00ed z\u00e1vist\u00ed, m\u016f\u017ee mu podle t\u00e9to p\u0159edstavy u\u0161kodit.<\/p><p>Za zvl\u00e1\u0161\u0165 ohro\u017een\u00e9 jsou pova\u017eov\u00e1ny d\u011bti. Zdrav\u00e9, kr\u00e1sn\u00e9 d\u00edt\u011b na sebe strh\u00e1v\u00e1 obdiv a pr\u00e1v\u011b tento obdiv se m\u016f\u017ee podle t\u00e9to p\u0159edstavy prom\u011bnit ve \u0161kodliv\u00fd pohled, i bez zl\u00e9ho \u00famyslu.<\/p><p>Zde nastupuje \u010dern\u00e1 nit. Ovazuje se d\u011btem, aby je p\u0159ed t\u00edmto pohledem chr\u00e1nila. N\u00e1padn\u00e1 \u010dern\u00e1 p\u00e1ska m\u00e1 odv\u00e1d\u011bt pohled a u\u010dinit d\u00edt\u011b m\u00e9n\u011b n\u00e1padn\u00fdm.<\/p><p>V\u00edra v u\u0159knut\u00ed a prost\u0159edky proti n\u011bmu tvo\u0159\u00ed vlastn\u00ed, velmi roz\u0161\u00ed\u0159enou oblast ochrann\u00fdch p\u0159edstav. \u010cern\u00e1 nit pat\u0159\u00ed do t\u00e9to oblasti, kter\u00e1 je podrobn\u011bji pops\u00e1na na str\u00e1nce o <a href=\"https:\/\/iwell-guard.com\/cs\/zle-oko\/\">u\u0159knut\u00ed<\/a>.<\/p><p>\u010cern\u00e1 nit je tak jedn\u00edm z nejjednodu\u0161\u0161\u00edch a z\u00e1rove\u0148 nejroz\u0161\u00ed\u0159en\u011bj\u0161\u00edch prost\u0159edk\u016f proti u\u0159knut\u00ed v Indii. Nevy\u017eaduje \u017e\u00e1dn\u00e9 n\u00e1klady ani <span class=\"iwg-fachbegriff\" data-tooltip=\"Slavnostn\u00ed \u00fakon prob\u00edhaj\u00edc\u00ed podle pevn\u00fdch pravidel.\" tabindex=\"0\">ob\u0159ad<\/span> a je dostupn\u00e1 ka\u017ed\u00e9 rodin\u011b.<\/p>\t\t\t\t\t\t\t\t<\/div>\n\t\t\t\t<\/div>\n\t\t\t\t\t<\/div>\n\t\t\t\t<\/div>\n\t\t<div class=\"elementor-element elementor-element-iwgs-schwarzerfad-s4 e-flex e-con-boxed e-con e-parent\" data-id=\"iwgs-schwarzerfad-s4\" data-element_type=\"container\" data-e-type=\"container\">\n\t\t\t\t\t<div class=\"e-con-inner\">\n\t\t\t\t<div class=\"elementor-element elementor-element-iwgs-schwarzerfad-s4h elementor-widget elementor-widget-heading\" data-id=\"iwgs-schwarzerfad-s4h\" data-element_type=\"widget\" data-e-type=\"widget\" data-widget_type=\"heading.default\">\n\t\t\t\t\t<h2 class=\"elementor-heading-title elementor-size-default\">\u010cern\u00e1 nit u d\u011bt\u00ed<\/h2>\t\t\t\t<\/div>\n\t\t<div class=\"elementor-element elementor-element-iwgs-schwarzerfad-s4box e-con-full e-flex e-con e-parent\" data-id=\"iwgs-schwarzerfad-s4box\" data-element_type=\"container\" data-e-type=\"container\">\n\t\t\t\t<div class=\"elementor-element elementor-element-iwgs-schwarzerfad-s4t elementor-widget elementor-widget-text-editor\" data-id=\"iwgs-schwarzerfad-s4t\" data-element_type=\"widget\" data-e-type=\"widget\" data-widget_type=\"text-editor.default\">\n\t\t\t\t\t\t\t\t\t<p>Nej\u010dast\u011bj\u0161\u00edm nositelem \u010dern\u00e9 nit\u011b je mal\u00e9 d\u00edt\u011b. Mnoha kojenc\u016fm a mal\u00fdm d\u011btem v Indii se kr\u00e1tce po narozen\u00ed uv\u00e1\u017ee pr\u00e1v\u011b takov\u00fd p\u00e1sek.<\/p><p>D\u016fvodem je zvl\u00e1\u0161tn\u00ed zranitelnost, kter\u00e1 se mal\u00fdm d\u011btem p\u0159isuzuje. Pova\u017euj\u00ed se za je\u0161t\u011b nezpevn\u011bn\u00e9 a t\u00edm i zvl\u00e1\u0161t\u011b n\u00e1chyln\u00e9 ke \u0161kodliv\u00fdm vliv\u016fm a k u\u0159knut\u00ed.<\/p><p>P\u00e1sek se d\u00edt\u011bti nej\u010dast\u011bji uvazuje kolem z\u00e1p\u011bst\u00ed, kotn\u00edku nebo boku. Na boku z\u016fst\u00e1v\u00e1 skryt\u00fd pod oble\u010den\u00edm a doprov\u00e1z\u00ed d\u00edt\u011b nen\u00e1padn\u011b b\u011bhem cel\u00e9ho dne.<\/p><p>\u010cern\u00e1 nit b\u00fdv\u00e1 \u010dasto spojena s dal\u0161\u00edmi ochrann\u00fdmi opat\u0159en\u00edmi. K nim pat\u0159\u00ed zm\u00edn\u011bn\u00fd \u010dern\u00fd bod na tv\u00e1\u0159i nebo na \u010dele d\u00edt\u011bte, kter\u00fd m\u00e1 rovn\u011b\u017e odv\u00e1d\u011bt pohled.<\/p><p>Uv\u00e1z\u00e1n\u00ed p\u00e1sku je v\u011bt\u0161inou z\u00e1le\u017eitost\u00ed rodiny, \u010dasto matky nebo babi\u010dky. Nevy\u017eaduje se \u017e\u00e1dn\u00fd kn\u011b\u017esk\u00fd \u00fa\u0159ad. \u010cern\u00e1 nit tak pat\u0159\u00ed k dom\u00e1c\u00ed, rodinn\u00e9 ochrann\u00e9 praxi.<\/p><p>V tomto pou\u017eit\u00ed se ukazuje, \u017ee \u010dern\u00e1 nit je p\u0159edev\u0161\u00edm znakem p\u00e9\u010de. Vyjad\u0159uje starost rodiny o dobro d\u00edt\u011bte a d\u00e1v\u00e1 t\u00e9to starosti viditelnou, hmatatelnou podobu.<\/p>\t\t\t\t\t\t\t\t<\/div>\n\t\t\t\t<\/div>\n\t\t\t\t\t<\/div>\n\t\t\t\t<\/div>\n\t\t<div class=\"elementor-element elementor-element-iwgs-schwarzerfad-s5 e-flex e-con-boxed e-con e-parent\" data-id=\"iwgs-schwarzerfad-s5\" data-element_type=\"container\" data-e-type=\"container\">\n\t\t\t\t\t<div class=\"e-con-inner\">\n\t\t\t\t<div class=\"elementor-element elementor-element-iwgs-schwarzerfad-s5h elementor-widget elementor-widget-heading\" data-id=\"iwgs-schwarzerfad-s5h\" data-element_type=\"widget\" data-e-type=\"widget\" data-widget_type=\"heading.default\">\n\t\t\t\t\t<h2 class=\"elementor-heading-title elementor-size-default\">\u010cern\u00e1 nit a \u010derven\u00e1 nit<\/h2>\t\t\t\t<\/div>\n\t\t<div class=\"elementor-element elementor-element-iwgs-schwarzerfad-s5box e-con-full e-flex e-con e-parent\" data-id=\"iwgs-schwarzerfad-s5box\" data-element_type=\"container\" data-e-type=\"container\">\n\t\t\t\t<div class=\"elementor-element elementor-element-iwgs-schwarzerfad-s5t elementor-widget elementor-widget-text-editor\" data-id=\"iwgs-schwarzerfad-s5t\" data-element_type=\"widget\" data-e-type=\"widget\" data-widget_type=\"text-editor.default\">\n\t\t\t\t\t\t\t\t\t<p>\u010cernou nit lze dob\u0159e pochopit ve srovn\u00e1n\u00ed s \u010dervenou nit\u00ed. Ob\u011b jsou ochrann\u00e9 p\u00e1sky, li\u0161\u00ed se v\u0161ak barvou a v\u00fdznamem.<\/p><p>\u010cerven\u00e1 nit je v Indii roz\u0161\u00ed\u0159en\u00fdm posv\u011bcen\u00fdm ochrann\u00fdm p\u00e1skem. \u010casto ji uvazuje kn\u011bz, p\u0159ikl\u00e1d\u00e1 se na poutn\u00edch m\u00edstech nebo se rozd\u00e1v\u00e1 p\u0159i ur\u010dit\u00fdch sv\u00e1tc\u00edch. \u010cerven\u00e1 barva je pova\u017eov\u00e1na za p\u0159\u00edznivou, silnou.<\/p><p>\u010cerven\u00e1 nit tak stoj\u00ed sp\u00ed\u0161e za <span class=\"iwg-fachbegriff\" data-tooltip=\"Vysloven\u00ed p\u0159\u00e1n\u00ed zdrav\u00ed a ochrany, \u010dasto v pevn\u00e9 jazykov\u00e9 form\u011b.\" tabindex=\"0\">po\u017eehn\u00e1n\u00edm<\/span> a za spojen\u00edm se svat\u00fdm. P\u0159en\u00e1\u0161\u00ed na nositele p\u0159\u00edznivou s\u00edlu. \u010casto je spojena s <span class=\"iwg-fachbegriff\" data-tooltip=\"Slavnostn\u00ed jedn\u00e1n\u00ed prob\u00edhaj\u00edc\u00ed podle pevn\u00fdch pravidel.\" tabindex=\"0\">ob\u0159adem<\/span> a s pron\u00e1\u0161enou formul\u00ed.<\/p><p>\u010cern\u00e1 nit je naproti tomu obvykle jednoduch\u00e1 a bez <span class=\"iwg-fachbegriff\" data-tooltip=\"Slavnostn\u00ed jedn\u00e1n\u00ed prob\u00edhaj\u00edc\u00ed podle pevn\u00fdch pravidel.\" tabindex=\"0\">ob\u0159adu<\/span>. Jej\u00ed barva se nezam\u011b\u0159uje na <span class=\"iwg-fachbegriff\" data-tooltip=\"Vysloven\u00ed p\u0159\u00e1n\u00ed zdrav\u00ed a ochrany, \u010dasto v pevn\u00e9 jazykov\u00e9 form\u011b.\" tabindex=\"0\">po\u017eehn\u00e1n\u00ed<\/span>, n\u00fdbr\u017e na odvr\u00e1cen\u00ed. \u010cern\u00e1 odv\u00e1d\u00ed u\u0159knut\u00ed a zachycuje ho.<\/p><p>Ob\u011b nit\u011b se navz\u00e1jem dopl\u0148uj\u00ed. Jedna p\u016fsob\u00ed p\u0159\u00edzniv\u00fdm <span class=\"iwg-fachbegriff\" data-tooltip=\"Vysloven\u00ed p\u0159\u00e1n\u00ed zdrav\u00ed a ochrany, \u010dasto v pevn\u00e9 jazykov\u00e9 form\u011b.\" tabindex=\"0\">po\u017eehn\u00e1n\u00edm<\/span>, druh\u00e1 odvracej\u00edc\u00ed ochranou. N\u011bkter\u00e9 d\u011bti proto nos\u00ed ob\u011b nit\u011b, \u010dervenou i \u010dernou, sou\u010dasn\u011b.<\/p><p>Srovn\u00e1n\u00ed ukazuje, \u017ee barva ochrann\u00e9ho p\u00e1sku spoluur\u010duje jeho v\u00fdznam. \u010cerven\u00e1 a \u010dern\u00e1 p\u0159edstavuj\u00ed dva r\u016fzn\u00e9 zp\u016fsoby ochrany, p\u0159ita\u017eliv\u00e9 <span class=\"iwg-fachbegriff\" data-tooltip=\"Vysloven\u00ed p\u0159\u00e1n\u00ed zdrav\u00ed a ochrany, \u010dasto v pevn\u00e9 jazykov\u00e9 form\u011b.\" tabindex=\"0\">po\u017eehn\u00e1n\u00ed<\/span> a odvracej\u00edc\u00ed obranu.<\/p>\t\t\t\t\t\t\t\t<\/div>\n\t\t\t\t<\/div>\n\t\t\t\t\t<\/div>\n\t\t\t\t<\/div>\n\t\t<div class=\"elementor-element elementor-element-iwgs-schwarzerfad-s6 e-flex e-con-boxed e-con e-parent\" data-id=\"iwgs-schwarzerfad-s6\" data-element_type=\"container\" data-e-type=\"container\">\n\t\t\t\t\t<div class=\"e-con-inner\">\n\t\t\t\t<div class=\"elementor-element elementor-element-iwgs-schwarzerfad-s6h elementor-widget elementor-widget-heading\" data-id=\"iwgs-schwarzerfad-s6h\" data-element_type=\"widget\" data-e-type=\"widget\" data-widget_type=\"heading.default\">\n\t\t\t\t\t<h2 class=\"elementor-heading-title elementor-size-default\">\u010cern\u00e9 ochrann\u00e9 p\u00e1sky nap\u0159\u00ed\u010d kulturami<\/h2>\t\t\t\t<\/div>\n\t\t<div class=\"elementor-element elementor-element-iwgs-schwarzerfad-s6box e-con-full e-flex e-con e-parent\" data-id=\"iwgs-schwarzerfad-s6box\" data-element_type=\"container\" data-e-type=\"container\">\n\t\t\t\t<div class=\"elementor-element elementor-element-iwgs-schwarzerfad-s6t elementor-widget elementor-widget-text-editor\" data-id=\"iwgs-schwarzerfad-s6t\" data-element_type=\"widget\" data-e-type=\"widget\" data-widget_type=\"text-editor.default\">\n\t\t\t\t\t\t\t\t\t<p>\u010cernou nit lze za\u0159adit do \u0161ir\u0161\u00edho souvislosti ochrann\u00fdch p\u00e1sk\u016f. Uv\u00e1zan\u00fd p\u00e1sek je ochrann\u00fd prost\u0159edek, kter\u00fd se objevuje v mnoha kultur\u00e1ch.<\/p><p>V \u0159ad\u011b tradic se uvazuje p\u00e1sek kolem z\u00e1p\u011bst\u00ed nebo kotn\u00edku, aby chr\u00e1nil nositele. Barvy se li\u0161\u00ed, av\u0161ak z\u00e1kladn\u00ed my\u0161lenka je p\u0159\u00edbuzn\u00e1, ochrana prost\u0159ednictv\u00edm obep\u00ednaj\u00edc\u00edho, uzlovan\u00e9ho p\u00e1sku.<\/p><p>Ani \u010dern\u00e1 barva jako prost\u0159edek proti u\u0159knut\u00ed nen\u00ed omezena jen na Indii. V r\u016fzn\u00fdch kultur\u00e1ch oblasti St\u0159edomo\u0159\u00ed a Bl\u00edzk\u00e9ho v\u00fdchodu se tmav\u00e9 nebo v\u00fdrazn\u00e9 znaky pova\u017euj\u00ed za prost\u0159edek odv\u00e1d\u011bj\u00edc\u00ed \u0161kodliv\u00fd pohled.<\/p><p>P\u0159\u00edbuzn\u00e9 je tak\u00e9 modr\u00e9 o\u010dn\u00ed amuletu, kter\u00e9 je roz\u0161\u00ed\u0159eno v tureck\u00e9 oblasti a ve St\u0159edomo\u0159\u00ed. Odvrac\u00ed u\u0159knut\u00ed t\u00edm, \u017ee ho zachycuje. Na str\u00e1nce o <a href=\"https:\/\/iwell-guard.com\/cs\/?page_id=145652\">Nazar Boncu\u011fu<\/a> je tento prost\u0159edek podrobn\u011bji pops\u00e1n.<\/p><p>\u010cern\u00e1 nit Indie a modr\u00e9 oko St\u0159edomo\u0159\u00ed vych\u00e1zej\u00ed z podobn\u00e9 my\u0161lenky. V\u00fdrazn\u00fd znak na sebe strh\u00e1v\u00e1 \u0161kodliv\u00fd pohled a odv\u00e1d\u00ed ho od chr\u00e1n\u011bn\u00e9ho \u010dlov\u011bka.<\/p><p>\u010cern\u00e1 nit je tak indickou podobou my\u0161lenky roz\u0161\u00ed\u0159en\u00e9 po cel\u00e9m sv\u011bt\u011b. Ochrann\u00fd p\u00e1sek a odv\u00e1d\u011bj\u00edc\u00ed barva se v n\u00ed spojuj\u00ed v jednoduch\u00fd, v ka\u017edodenn\u00edm \u017eivot\u011b pevn\u011b zakotven\u00fd ochrann\u00fd prost\u0159edek.<\/p>\t\t\t\t\t\t\t\t<\/div>\n\t\t\t\t<\/div>\n\t\t\t\t\t<\/div>\n\t\t\t\t<\/div>\n\t\t<div class=\"elementor-element elementor-element-iwgs-schwarzerfad-s7 e-flex e-con-boxed e-con e-parent\" data-id=\"iwgs-schwarzerfad-s7\" data-element_type=\"container\" data-e-type=\"container\">\n\t\t\t\t\t<div class=\"e-con-inner\">\n\t\t\t\t<div class=\"elementor-element elementor-element-iwgs-schwarzerfad-s7h elementor-widget elementor-widget-heading\" data-id=\"iwgs-schwarzerfad-s7h\" data-element_type=\"widget\" data-e-type=\"widget\" data-widget_type=\"heading.default\">\n\t\t\t\t\t<h2 class=\"elementor-heading-title elementor-size-default\">Poctiv\u00e9 za\u0159azen\u00ed p\u016fvodu a v\u00fdkladu<\/h2>\t\t\t\t<\/div>\n\t\t<div class=\"elementor-element elementor-element-iwgs-schwarzerfad-s7box e-con-full e-flex e-con e-parent\" data-id=\"iwgs-schwarzerfad-s7box\" data-element_type=\"container\" data-e-type=\"container\">\n\t\t\t\t<div class=\"elementor-element elementor-element-iwgs-schwarzerfad-s7t elementor-widget elementor-widget-text-editor\" data-id=\"iwgs-schwarzerfad-s7t\" data-element_type=\"widget\" data-e-type=\"widget\" data-widget_type=\"text-editor.default\">\n\t\t\t\t\t\t\t\t\t<p>U tak jednoduch\u00e9ho a v\u0161edn\u00edho ochrann\u00e9ho prost\u0159edku, jako je \u010dern\u00e1 nit, je d\u016fle\u017eit\u00e9 poctiv\u00e9 za\u0159azen\u00ed. Mnoho na n\u00ed vych\u00e1z\u00ed z \u0161iroce roz\u0161\u00ed\u0159en\u00e9 p\u0159edstavy, nikoli z pevn\u011b stanoven\u00e9 nauky.<\/p><p>\u010cern\u00e1 nit pat\u0159\u00ed k lidov\u00e9 ochrann\u00e9 praxi. Nen\u00ed zakotvena v u\u010den\u00fdch n\u00e1bo\u017eensk\u00fdch textech hinduismu, n\u00fdbr\u017e se p\u0159ed\u00e1v\u00e1 a d\u011bd\u00ed v rodin\u00e1ch.<\/p><p>Jej\u00ed st\u00e1\u0159\u00ed nelze p\u0159esn\u011b ur\u010dit. V\u00e1z\u00e1n\u00ed ochrann\u00fdch p\u00e1sk\u016f je v Indii velmi star\u00e9, av\u0161ak jednoduch\u00e1 \u010dern\u00e1 nit v dne\u0161n\u00ed podob\u011b je jako jednotliv\u00fd <span class=\"iwg-fachbegriff\" data-tooltip=\"Tradovan\u00fd, ve spole\u010denstv\u00ed pravideln\u011b opakovan\u00fd \u00fakon.\" tabindex=\"0\">zvyk<\/span> jen t\u011b\u017eko p\u0159esn\u011b datovateln\u00e1.<\/p><p>Ani v\u00fdklad \u010dern\u00e9 barvy nen\u00ed striktn\u011b stanoven\u00fd. Vysv\u011btlen\u00ed, \u017ee \u010dern\u00e1 barva odv\u00e1d\u00ed pohled, je roz\u0161\u00ed\u0159en\u00e9 a smyslupln\u00e9, jde v\u0161ak o v\u00fdklad tohoto zvyku, nikoli o jeho jedin\u00e9 mo\u017en\u00e9 vysv\u011btlen\u00ed.<\/p><p>\u010cern\u00e1 nit nav\u00edc nen\u00ed \u010dist\u011b hinduistick\u00fdm znakem. Pou\u017e\u00edv\u00e1 se p\u0159es n\u00e1bo\u017eensk\u00e9 hranice a pat\u0159\u00ed ke spole\u010dn\u00e9 ochrann\u00e9 kultu\u0159e indick\u00e9ho ka\u017edodenn\u00edho \u017eivota.<\/p><p>Poctiv\u00fd popis proto ozna\u010duje \u010dernou nit tak, jak skute\u010dn\u011b je, jako jednoduch\u00fd, \u0161iroce roz\u0161\u00ed\u0159en\u00fd ochrann\u00fd p\u00e1sek indick\u00e9ho ka\u017edodenn\u00edho \u017eivota, jeho\u017e v\u00fdznam spo\u010d\u00edv\u00e1 v \u017eit\u00e9 praxi, a nikoli v pevn\u011b stanoven\u00e9 nauce.<\/p>\t\t\t\t\t\t\t\t<\/div>\n\t\t\t\t<\/div>\n\t\t\t\t\t<\/div>\n\t\t\t\t<\/div>\n\t\t<div class=\"elementor-element elementor-element-iwgs-schwarzerfad-s8 e-flex e-con-boxed e-con e-parent\" data-id=\"iwgs-schwarzerfad-s8\" data-element_type=\"container\" data-e-type=\"container\">\n\t\t\t\t\t<div class=\"e-con-inner\">\n\t\t\t\t<div class=\"elementor-element elementor-element-iwgs-schwarzerfad-s8h elementor-widget elementor-widget-heading\" data-id=\"iwgs-schwarzerfad-s8h\" data-element_type=\"widget\" data-e-type=\"widget\" data-widget_type=\"heading.default\">\n\t\t\t\t\t<h2 class=\"elementor-heading-title elementor-size-default\">Sou\u010dasn\u00e1 recepce<\/h2>\t\t\t\t<\/div>\n\t\t<div class=\"elementor-element elementor-element-iwgs-schwarzerfad-s8box e-con-full e-flex e-con e-parent\" data-id=\"iwgs-schwarzerfad-s8box\" data-element_type=\"container\" data-e-type=\"container\">\n\t\t\t\t<div class=\"elementor-element elementor-element-iwgs-schwarzerfad-s8t elementor-widget elementor-widget-text-editor\" data-id=\"iwgs-schwarzerfad-s8t\" data-element_type=\"widget\" data-e-type=\"widget\" data-widget_type=\"text-editor.default\">\n\t\t\t\t\t\t\t\t\t<p>\u010cern\u00e1 nit je v Indii dodnes velmi roz\u0161\u00ed\u0159en\u00e1. Na mnoha z\u00e1p\u011bst\u00edch a u mnoha d\u011bt\u00ed lze vid\u011bt prost\u00fd \u010dern\u00fd p\u00e1sek.<\/p><p>Pr\u00e1v\u011b proto, \u017ee je jednoduch\u00e1 a levn\u00e1, udr\u017eela se \u010dern\u00e1 nit nap\u0159\u00ed\u010d v\u0161emi spole\u010densk\u00fdmi vrstvami. Nevy\u017eaduje \u017e\u00e1dnou zvl\u00e1\u0161tn\u00ed n\u00e1mahu ani <span class=\"iwg-fachbegriff\" data-tooltip=\"Slavnostn\u00ed \u00fakon prob\u00edhaj\u00edc\u00ed podle pevn\u00fdch pravidel.\" tabindex=\"0\">ob\u0159ad<\/span> a je dostupn\u00e1 ka\u017ed\u00e9 rodin\u011b.<\/p><p>Tak\u00e9 mezi indick\u00fdmi p\u0159ist\u011bhovalci a v indick\u00fdch komunit\u00e1ch mimo Indii se \u010dern\u00e1 nit d\u00e1l nos\u00ed. Pat\u0159\u00ed k zvyk\u016fm, kter\u00e9 putuj\u00ed s rodinou p\u0159es hranice zem\u00ed.<\/p><p>V sou\u010dasnosti je \u010dern\u00e1 nit ch\u00e1p\u00e1na jednou jako v\u011bdom\u00e1 n\u00e1bo\u017eensk\u00e1 ochrann\u00e1 praxe, jinde jako samoz\u0159ejm\u00fd <span class=\"iwg-fachbegriff\" data-tooltip=\"Tradovan\u00fd \u00fakon, opakovan\u011b vykon\u00e1van\u00fd v r\u00e1mci ur\u010dit\u00e9ho spole\u010denstv\u00ed.\" tabindex=\"0\">zvyk<\/span>, jeho\u017e p\u0159esn\u00fd v\u00fdklad ustupuje do pozad\u00ed. Oba p\u0159\u00edstupy existuj\u00ed soub\u011b\u017en\u011b.<\/p><p>V\u011bcn\u00fd popis ozna\u010duje \u010dernou nit jako jednoduch\u00fd ochrann\u00fd p\u00e1sek, kter\u00fd m\u00e1 chr\u00e1nit p\u0159ed uhranut\u00edm a kter\u00fd se v\u00e1\u017ee d\u011btem p\u0159edev\u0161\u00edm z rodi\u010dovsk\u00e9 p\u00e9\u010de a starosti.<\/p><p>\u010cern\u00e1 nit je tak v\u00fdmluvn\u00fdm p\u0159\u00edkladem prost\u00e9ho ka\u017edodenn\u00edho ochrann\u00e9ho prost\u0159edku. Spojuje se v n\u00ed ochrana dan\u00e1 uv\u00e1zan\u00fdm p\u00e1skem, odv\u00e1d\u011bj\u00edc\u00ed v\u00fdznam \u010dern\u00e9 barvy a starost rodiny o blaho d\u00edt\u011bte.<\/p>\t\t\t\t\t\t\t\t<\/div>\n\t\t\t\t<\/div>\n\t\t\t\t\t<\/div>\n\t\t\t\t<\/div>\n\t\t<div class=\"elementor-element elementor-element-iwgs-schwarzerfad-lit e-flex e-con-boxed e-con e-parent\" data-id=\"iwgs-schwarzerfad-lit\" data-element_type=\"container\" data-e-type=\"container\">\n\t\t\t\t\t<div class=\"e-con-inner\">\n\t\t\t\t<div class=\"elementor-element elementor-element-iwgs-schwarzerfad-lith elementor-widget elementor-widget-heading\" data-id=\"iwgs-schwarzerfad-lith\" data-element_type=\"widget\" data-e-type=\"widget\" data-widget_type=\"heading.default\">\n\t\t\t\t\t<h2 class=\"elementor-heading-title elementor-size-default\">Literatura (v\u00fdb\u011br)<\/h2>\t\t\t\t<\/div>\n\t\t<div class=\"elementor-element elementor-element-iwgs-schwarzerfad-litbox e-con-full e-flex e-con e-parent\" data-id=\"iwgs-schwarzerfad-litbox\" data-element_type=\"container\" data-e-type=\"container\">\n\t\t\t\t<div class=\"elementor-element elementor-element-iwgs-schwarzerfad-litt elementor-widget elementor-widget-html\" data-id=\"iwgs-schwarzerfad-litt\" data-element_type=\"widget\" data-e-type=\"widget\" data-widget_type=\"html.default\">\n\t\t\t\t\t<footer data-nosnippet=\"true\"><ul><li>Axel Michaels: <em>Der Hinduismus. Geschichte und Gegenwart<\/em> (1998)<\/li><li>Alan Dundes (Hrsg.): <em>The Evil Eye. A Casebook<\/em> (1981)<\/li><li>William Crooke: <em>Religion and Folklore of Northern India<\/em> (1926)<\/li><li>Heinrich von Stietencron: <em>Der Hinduismus<\/em> (2001)<\/li><li>Lawrence A. Babb: <em>The Divine Hierarchy. Popular Hinduism in Central India<\/em> (1975)<\/li><\/ul><\/footer>\t\t\t\t<\/div>\n\t\t\t\t<\/div>\n\t\t\t\t\t<\/div>\n\t\t\t\t<\/div>\n\t\t<div class=\"elementor-element elementor-element-iwgs-schwarzerfad-kwd e-flex e-con-boxed e-con e-parent\" data-id=\"iwgs-schwarzerfad-kwd\" data-element_type=\"container\" data-e-type=\"container\">\n\t\t\t\t\t<div class=\"e-con-inner\">\n\t\t\t\t<div class=\"elementor-element elementor-element-iwgs-schwarzerfad-kwdt elementor-widget elementor-widget-text-editor\" data-id=\"iwgs-schwarzerfad-kwdt\" data-element_type=\"widget\" data-e-type=\"widget\" data-widget_type=\"text-editor.default\">\n\t\t\t\t\t\t\t\t\t<p><em>Souvisej\u00edc\u00ed kl\u00ed\u010dov\u00e9 pojmy: \u010dern\u00e1 nit ochrann\u00fd p\u00e1sek <span class=\"iwg-fachbegriff\" data-tooltip=\"Roz\u0161\u00ed\u0159en\u00e1 p\u0159edstava, \u017ee z\u00e1vistiv\u00fd pohled jin\u00e9 osoby m\u016f\u017ee zp\u016fsobit \u0161kodu.\" tabindex=\"0\">uhranut\u00ed<\/span> d\u011bti z\u00e1p\u011bst\u00ed uzel \u010dern\u00e1 barva hinduismus.<\/em><\/p>\t\t\t\t\t\t\t\t<\/div>\n\t\t\t\t\t<\/div>\n\t\t\t\t<\/div>\n\t\t<div class=\"elementor-element elementor-element-iwgs-schwarzerfad-cc e-flex e-con-boxed e-con e-parent\" data-id=\"iwgs-schwarzerfad-cc\" data-element_type=\"container\" data-e-type=\"container\" id=\"iwg-cc-schwarzer-faden\">\n\t\t\t\t\t<div class=\"e-con-inner\">\n\t\t<div class=\"elementor-element elementor-element-iwgs-schwarzerfad-ccinner e-flex e-con-boxed e-con e-parent\" data-id=\"iwgs-schwarzerfad-ccinner\" data-element_type=\"container\" data-e-type=\"container\" data-settings=\"{&quot;background_background&quot;:&quot;classic&quot;}\">\n\t\t\t\t\t<div class=\"e-con-inner\">\n\t\t\t\t<div class=\"elementor-element elementor-element-iwgs-schwarzerfad-cch elementor-widget elementor-widget-heading\" data-id=\"iwgs-schwarzerfad-cch\" data-element_type=\"widget\" data-e-type=\"widget\" data-widget_type=\"heading.default\">\n\t\t\t\t\t<h2 class=\"elementor-heading-title elementor-size-default\">iWell Guard a ochrann\u00e9 tradice<\/h2>\t\t\t\t<\/div>\n\t\t\t\t<div class=\"elementor-element elementor-element-iwgs-schwarzerfad-cct elementor-widget elementor-widget-text-editor\" data-id=\"iwgs-schwarzerfad-cct\" data-element_type=\"widget\" data-e-type=\"widget\" data-widget_type=\"text-editor.default\">\n\t\t\t\t\t\t\t\t\t<p>iWell Guard navazuje na kulturn\u011b-historickou linii nositeln\u00fdch ochrann\u00fdch p\u0159edm\u011bt\u016f, k n\u00ed\u017e pat\u0159\u00ed i \u010dern\u00e1 nit. Modern\u00ed spole\u010dn\u00edk pro lidi, kte\u0159\u00ed \u017eij\u00ed s ochrann\u00fdmi symboly: vyroben\u00fd v N\u011bmecku, 41 vrstev z ryz\u00edho zlata, platiny a st\u0159\u00edbra, s 30denn\u00ed lh\u016ftou na vr\u00e1cen\u00ed.<\/p>\t\t\t\t\t\t\t\t<\/div>\n\t\t\t\t<div class=\"elementor-element elementor-element-iwgs-schwarzerfad-ccb iwg-cc-button iwg-cc-cta-2026-05-13 elementor-widget elementor-widget-jet-button\" data-id=\"iwgs-schwarzerfad-ccb\" data-element_type=\"widget\" data-e-type=\"widget\" data-widget_type=\"jet-button.default\">\n\t\t\t\t<div class=\"elementor-widget-container\">\n\t\t\t\t\t<div class=\"elementor-jet-button jet-elements\"><div class=\"jet-button__container\"><a class=\"jet-button__instance jet-button__instance--icon-left hover-effect-1\" href=\"\/schutzanhaenger-iwell-guard-kaufen\/?utm_source=iwell-guard.com&amp;utm_medium=info-box&amp;utm_campaign=schutzsymbole\"><div class=\"jet-button__plane jet-button__plane-normal\"><\/div><div class=\"jet-button__plane jet-button__plane-hover\"><\/div><div class=\"jet-button__state jet-button__state-normal\"><span class=\"jet-button__label\">V\u00edce o iWell Guard<\/span><\/div><div class=\"jet-button__state jet-button__state-hover\"><span class=\"jet-button__label\">V\u00edce o iWell Guard<\/span><\/div><\/a><\/div><\/div><style>.elementor-element.elementor-element-iwgs-schwarzerfad-ccb .jet-button__instance{width:320px;height:56px;}.elementor-element.elementor-element-iwgs-schwarzerfad-ccb .jet-button__state-normal .jet-button__label{text-align:center;margin:0px 0px 0px 0px;color:#1a1b20;font-family:Montserrat,sans-serif;font-size:13px;font-weight:400;letter-spacing:4px;line-height:1.714em;text-transform:uppercase;}.elementor-element.elementor-element-iwgs-schwarzerfad-ccb .jet-button__state-hover .jet-button__label{text-align:center;margin:0px 0px 0px 0px;color:#FECC76;font-family:Montserrat,sans-serif;font-size:13px;font-weight:400;letter-spacing:4px;line-height:1.714em;text-transform:uppercase;}.elementor-element.elementor-element-iwgs-schwarzerfad-ccb .jet-button__plane-normal{background-color:#FECC76;border-style:solid;border-color:#C99540;border-width:2px 2px 2px 2px;}.elementor-element.elementor-element-iwgs-schwarzerfad-ccb .jet-button__plane-hover{background-color:rgba(0,0,0,0.55);border-style:solid;border-color:#FECC76;border-width:2px 2px 2px 2px;}<\/style>\t\t\t\t<\/div>\n\t\t\t\t<\/div>\n\t\t\t\t<div class=\"elementor-element elementor-element-iwgs-schwarzerfad-ccd elementor-widget elementor-widget-text-editor\" data-id=\"iwgs-schwarzerfad-ccd\" data-element_type=\"widget\" data-e-type=\"widget\" data-widget_type=\"text-editor.default\">\n\t\t\t\t\t\t\t\t\t<p style=\"text-align:center;font-size:13px;opacity:0.7;margin-top:14px\" data-nosnippet=\"true\">Osobn\u00ed zku\u0161enosti se mohou li\u0161it. Nejde o zdravotnick\u00fd prost\u0159edek. Nejde o p\u0159\u00edslib l\u00e9\u010den\u00ed.<\/p>\t\t\t\t\t\t\t\t<\/div>\n\t\t\t\t\t<\/div>\n\t\t\t\t<\/div>\n\t\t\t\t\t<\/div>\n\t\t\t\t<\/div>\n\t\t<div class=\"elementor-element elementor-element-iwgs-schwarzerfad-disc e-flex e-con-boxed e-con e-parent\" data-id=\"iwgs-schwarzerfad-disc\" data-element_type=\"container\" data-e-type=\"container\">\n\t\t\t\t\t<div class=\"e-con-inner\">\n\t\t\t\t<div class=\"elementor-element elementor-element-iwgs-schwarzerfad-discw elementor-widget elementor-widget-html\" data-id=\"iwgs-schwarzerfad-discw\" data-element_type=\"widget\" data-e-type=\"widget\" data-widget_type=\"html.default\">\n\t\t\t\t\t<footer data-nosnippet=\"true\" class=\"iwg-disclaimer-block\"><p data-nosnippet=\"true\">iWell Guard <strong>nen\u00ed zdravotnick\u00fd prost\u0159edek<\/strong> a nenahrazuje l\u00e9ka\u0159skou ani psychoterapeutickou l\u00e9\u010dbu. Zde uveden\u00fd obsah p\u0159edstavuje religionistick\u00e9 a kulturn\u011b-historick\u00e9 za\u0159azen\u00ed, nikoli p\u0159\u00edslib duchovn\u00edho \u00fa\u010dinku.<\/p><\/footer>\t\t\t\t<\/div>\n\t\t\t\t\t<\/div>\n\t\t\t\t<\/div>\n\t\t\t\t<\/div>\n\t\t","protected":false},"excerpt":{"rendered":"","protected":false},"author":3,"featured_media":3519,"parent":0,"menu_order":0,"comment_status":"closed","ping_status":"closed","template":"elementor_header_footer","meta":{"_yoast_wpseo_focuskw":"\u010dern\u00e1 nit","_yoast_wpseo_title":"\u010cern\u00e1 nit \u2013 ochrann\u00e1 p\u00e1ska v hinduismu","_yoast_wpseo_metadesc":"\u010cern\u00e1 nit je ochrann\u00e1 p\u00e1ska proti u\u0159knut\u00ed, kterou se \u010dasto ovazuj\u00ed d\u011bti. Vysv\u011btlen\u00ed v\u00fdznamu, p\u016fvodu a pou\u017eit\u00ed.","_yoast_wpseo_meta-robots-noindex":"","_yoast_wpseo_canonical":"","_angie_page":false,"gefaehrdungsstufe":"","wesen_kultur":"","wesen_klasse":"","footnotes":""},"categories":[],"class_list":["post-145717","page","type-page","status-publish","has-post-thumbnail","hentry"],"yoast_head":"<!-- This site is optimized with the Yoast SEO Premium plugin v27.7 (Yoast SEO v28.3) - https:\/\/yoast.com\/product\/yoast-seo-premium-wordpress\/ -->\n<title>\u010cern\u00e1 nit \u2013 ochrann\u00e1 p\u00e1ska v hinduismu<\/title>\n<meta name=\"description\" content=\"\u010cern\u00e1 nit je ochrann\u00e1 p\u00e1ska proti u\u0159knut\u00ed, kterou se \u010dasto ovazuj\u00ed d\u011bti. Vysv\u011btlen\u00ed v\u00fdznamu, p\u016fvodu a pou\u017eit\u00ed.\" \/>\n<meta name=\"robots\" content=\"index, follow, max-snippet:-1, max-image-preview:large, max-video-preview:-1\" \/>\n<link rel=\"canonical\" href=\"https:\/\/iwell-guard.com\/cs\/cerna-nit-ochranna-paska\/\" \/>\n<meta property=\"og:locale\" content=\"cs_CZ\" \/>\n<meta property=\"og:type\" content=\"article\" \/>\n<meta property=\"og:title\" content=\"\u010cern\u00e1 nit \u2013 ochrann\u00e1 p\u00e1ska proti u\u0159knut\u00ed\" \/>\n<meta property=\"og:description\" content=\"\u010cern\u00e1 nit je ochrann\u00e1 p\u00e1ska proti u\u0159knut\u00ed, kterou se \u010dasto ovazuj\u00ed d\u011bti. Vysv\u011btlen\u00ed v\u00fdznamu, p\u016fvodu a pou\u017eit\u00ed.\" \/>\n<meta property=\"og:url\" content=\"https:\/\/iwell-guard.com\/cs\/cerna-nit-ochranna-paska\/\" \/>\n<meta property=\"og:site_name\" content=\"iWell Guard\" \/>\n<meta property=\"article:modified_time\" content=\"2026-09-03T17:03:50+00:00\" \/>\n<meta property=\"og:image\" content=\"https:\/\/iwell-guard.com\/wp-content\/uploads\/2026\/05\/schutzsymbol_hinduismus_schwarzer-faden.webp\" \/>\n\t<meta property=\"og:image:width\" content=\"1024\" \/>\n\t<meta property=\"og:image:height\" content=\"1536\" \/>\n\t<meta property=\"og:image:type\" content=\"image\/webp\" \/>\n<meta name=\"twitter:card\" content=\"summary_large_image\" \/>\n<script type=\"application\/ld+json\" class=\"yoast-schema-graph\">{\"@context\":\"https:\\\/\\\/schema.org\",\"@graph\":[{\"@type\":\"WebPage\",\"@id\":\"https:\\\/\\\/iwell-guard.com\\\/cs\\\/cerna-nit-ochranna-paska\\\/\",\"url\":\"https:\\\/\\\/iwell-guard.com\\\/cs\\\/cerna-nit-ochranna-paska\\\/\",\"name\":\"\u010cern\u00e1 nit \u2013 ochrann\u00e1 p\u00e1ska v hinduismu\",\"isPartOf\":{\"@id\":\"https:\\\/\\\/iwell-guard.com\\\/cs\\\/#website\"},\"primaryImageOfPage\":{\"@id\":\"https:\\\/\\\/iwell-guard.com\\\/cs\\\/cerna-nit-ochranna-paska\\\/#primaryimage\"},\"image\":{\"@id\":\"https:\\\/\\\/iwell-guard.com\\\/cs\\\/cerna-nit-ochranna-paska\\\/#primaryimage\"},\"thumbnailUrl\":\"https:\\\/\\\/iwell-guard.com\\\/wp-content\\\/uploads\\\/2026\\\/05\\\/schutzsymbol_hinduismus_schwarzer-faden.webp\",\"datePublished\":\"2026-09-03T16:33:04+00:00\",\"dateModified\":\"2026-09-03T17:03:50+00:00\",\"description\":\"\u010cern\u00e1 nit je ochrann\u00e1 p\u00e1ska proti u\u0159knut\u00ed, kterou se \u010dasto ovazuj\u00ed d\u011bti. Vysv\u011btlen\u00ed v\u00fdznamu, p\u016fvodu a pou\u017eit\u00ed.\",\"breadcrumb\":{\"@id\":\"https:\\\/\\\/iwell-guard.com\\\/cs\\\/cerna-nit-ochranna-paska\\\/#breadcrumb\"},\"inLanguage\":\"cs\",\"potentialAction\":[{\"@type\":\"ReadAction\",\"target\":[\"https:\\\/\\\/iwell-guard.com\\\/cs\\\/cerna-nit-ochranna-paska\\\/\"]}]},{\"@type\":\"ImageObject\",\"inLanguage\":\"cs\",\"@id\":\"https:\\\/\\\/iwell-guard.com\\\/cs\\\/cerna-nit-ochranna-paska\\\/#primaryimage\",\"url\":\"https:\\\/\\\/iwell-guard.com\\\/wp-content\\\/uploads\\\/2026\\\/05\\\/schutzsymbol_hinduismus_schwarzer-faden.webp\",\"contentUrl\":\"https:\\\/\\\/iwell-guard.com\\\/wp-content\\\/uploads\\\/2026\\\/05\\\/schutzsymbol_hinduismus_schwarzer-faden.webp\",\"width\":1024,\"height\":1536,\"caption\":\"Ochrann\u00fd symbol. Muzejn\u00ed ilustrace z\u00e1ti\u0161\u00ed.\"},{\"@type\":\"BreadcrumbList\",\"@id\":\"https:\\\/\\\/iwell-guard.com\\\/cs\\\/cerna-nit-ochranna-paska\\\/#breadcrumb\",\"itemListElement\":[{\"@type\":\"ListItem\",\"position\":1,\"name\":\"Start\",\"item\":\"https:\\\/\\\/iwell-guard.com\\\/cs\\\/?page_id=145107\"},{\"@type\":\"ListItem\",\"position\":2,\"name\":\"\u010cern\u00e1 nit \u2013 ochrann\u00e1 p\u00e1ska proti u\u0159knut\u00ed\"}]},{\"@type\":\"WebSite\",\"@id\":\"https:\\\/\\\/iwell-guard.com\\\/cs\\\/#website\",\"url\":\"https:\\\/\\\/iwell-guard.com\\\/cs\\\/\",\"name\":\"iWell Guard\",\"description\":\"Schutz vor dunklen Einfl\u00fcssen\",\"publisher\":{\"@id\":\"https:\\\/\\\/iwell-guard.com\\\/cs\\\/#organization\"},\"potentialAction\":[{\"@type\":\"SearchAction\",\"target\":{\"@type\":\"EntryPoint\",\"urlTemplate\":\"https:\\\/\\\/iwell-guard.com\\\/cs\\\/?s={search_term_string}\"},\"query-input\":{\"@type\":\"PropertyValueSpecification\",\"valueRequired\":true,\"valueName\":\"search_term_string\"}}],\"inLanguage\":\"cs\"},{\"@type\":\"Organization\",\"@id\":\"https:\\\/\\\/iwell-guard.com\\\/cs\\\/#organization\",\"name\":\"Ittermann electronic GmbH\",\"url\":\"https:\\\/\\\/iwell-guard.com\\\/cs\\\/\",\"logo\":{\"@type\":\"ImageObject\",\"inLanguage\":\"cs\",\"@id\":\"https:\\\/\\\/iwell-guard.com\\\/cs\\\/#\\\/schema\\\/logo\\\/image\\\/\",\"url\":\"https:\\\/\\\/iwell-guard.com\\\/wp-content\\\/uploads\\\/2026\\\/05\\\/Ittermann-Logo-1182x237-1.png\",\"contentUrl\":\"https:\\\/\\\/iwell-guard.com\\\/wp-content\\\/uploads\\\/2026\\\/05\\\/Ittermann-Logo-1182x237-1.png\",\"width\":1182,\"height\":237,\"caption\":\"Ittermann electronic GmbH\"},\"image\":{\"@id\":\"https:\\\/\\\/iwell-guard.com\\\/cs\\\/#\\\/schema\\\/logo\\\/image\\\/\"},\"sameAs\":[\"https:\\\/\\\/pantip.com\\\/profile\\\/9367242\",\"https:\\\/\\\/micro.blog\\\/iwellguard\",\"https:\\\/\\\/www.diggerslist.com\\\/iwellguard\\\/about\",\"https:\\\/\\\/skitterphoto.com\\\/photographers\\\/2870314\\\/iwell-guard\",\"https:\\\/\\\/iwellguard.wordpress.com\\\/2026\\\/06\\\/06\\\/iwell-guard\\\/\",\"https:\\\/\\\/hub.docker.com\\\/u\\\/iwellguard\",\"https:\\\/\\\/www.pinterest.com\\\/iwellguard\\\/\",\"https:\\\/\\\/bit.ly\\\/m\\\/iwellguard\",\"https:\\\/\\\/entre-vos-mains.alsace.eu\\\/profiles\\\/iwellguard\\\/activity\",\"https:\\\/\\\/gravatar.com\\\/reallybeded8fd34\",\"https:\\\/\\\/naijamatta.com\\\/iwellguard\",\"https:\\\/\\\/www.goodreads.com\\\/iwellguard\",\"https:\\\/\\\/profile.hatena.ne.jp\\\/iwellguard\\\/\",\"https:\\\/\\\/experiment.com\\\/users\\\/iwellguard\",\"https:\\\/\\\/wakelet.com\\\/@iWellGuard82270\",\"https:\\\/\\\/www.chordie.com\\\/forum\\\/profile.php?id=2555664\",\"https:\\\/\\\/www.instapaper.com\\\/p\\\/17757966\",\"https:\\\/\\\/www.mapleprimes.com\\\/users\\\/iwellguard\",\"https:\\\/\\\/businesslistingplus.com\\\/profile\\\/iwell-guard\\\/\",\"https:\\\/\\\/telegra.ph\\\/iWell-Guard-06-06\",\"https:\\\/\\\/pbase.com\\\/iwellguard\\\/iwellguard\",\"https:\\\/\\\/b.hatena.ne.jp\\\/iwellguard\\\/20260607#bookmark-4788405196491818882\",\"https:\\\/\\\/fliphtml5.com\\\/home\\\/iwellguard\",\"https:\\\/\\\/anyflip.com\\\/homepage\\\/cmiwl#About\",\"https:\\\/\\\/transfur.com\\\/Users\\\/iwellguard\",\"http:\\\/\\\/delphi.larsbo.org\\\/user\\\/iwellguard\",\"https:\\\/\\\/jobs.lajobsportal.org\\\/profiles\\\/8380803-iwell-guard\",\"https:\\\/\\\/md.chaosdorf.de\\\/s\\\/jfbe5SBdJD\",\"https:\\\/\\\/www.lingvolive.com\\\/en-us\\\/profile\\\/9ecaeaca-ce11-4e51-9e71-01d55e2bff36\\\/translations\",\"https:\\\/\\\/www.fitday.com\\\/fitness\\\/forums\\\/members\\\/iwellguard.html\",\"https:\\\/\\\/www.mymeetbook.com\\\/iwellguard\",\"https:\\\/\\\/pxhere.com\\\/en\\\/photographer-me\\\/5040798\",\"https:\\\/\\\/disqus.com\\\/by\\\/iwellguard\\\/about\\\/\",\"https:\\\/\\\/pastelink.net\\\/hjwciqwq\",\"https:\\\/\\\/pubhtml5.com\\\/homepage\\\/scjhn\\\/\",\"https:\\\/\\\/www.bitchute.com\\\/channel\\\/2O2eOKzNqujT\",\"https:\\\/\\\/audiomack.com\\\/iwellguard\"]}]}<\/script>\n<!-- \/ Yoast SEO Premium plugin. -->","yoast_head_json":{"title":"\u010cern\u00e1 nit \u2013 ochrann\u00e1 p\u00e1ska v hinduismu","description":"\u010cern\u00e1 nit je ochrann\u00e1 p\u00e1ska proti u\u0159knut\u00ed, kterou se \u010dasto ovazuj\u00ed d\u011bti. Vysv\u011btlen\u00ed v\u00fdznamu, p\u016fvodu a pou\u017eit\u00ed.","robots":{"index":"index","follow":"follow","max-snippet":"max-snippet:-1","max-image-preview":"max-image-preview:large","max-video-preview":"max-video-preview:-1"},"canonical":"https:\/\/iwell-guard.com\/cs\/cerna-nit-ochranna-paska\/","og_locale":"cs_CZ","og_type":"article","og_title":"\u010cern\u00e1 nit \u2013 ochrann\u00e1 p\u00e1ska proti u\u0159knut\u00ed","og_description":"\u010cern\u00e1 nit je ochrann\u00e1 p\u00e1ska proti u\u0159knut\u00ed, kterou se \u010dasto ovazuj\u00ed d\u011bti. Vysv\u011btlen\u00ed v\u00fdznamu, p\u016fvodu a pou\u017eit\u00ed.","og_url":"https:\/\/iwell-guard.com\/cs\/cerna-nit-ochranna-paska\/","og_site_name":"iWell Guard","article_modified_time":"2026-09-03T17:03:50+00:00","og_image":[{"width":1024,"height":1536,"url":"https:\/\/iwell-guard.com\/wp-content\/uploads\/2026\/05\/schutzsymbol_hinduismus_schwarzer-faden.webp","type":"image\/webp"}],"twitter_card":"summary_large_image","schema":{"@context":"https:\/\/schema.org","@graph":[{"@type":"WebPage","@id":"https:\/\/iwell-guard.com\/cs\/cerna-nit-ochranna-paska\/","url":"https:\/\/iwell-guard.com\/cs\/cerna-nit-ochranna-paska\/","name":"\u010cern\u00e1 nit \u2013 ochrann\u00e1 p\u00e1ska v hinduismu","isPartOf":{"@id":"https:\/\/iwell-guard.com\/cs\/#website"},"primaryImageOfPage":{"@id":"https:\/\/iwell-guard.com\/cs\/cerna-nit-ochranna-paska\/#primaryimage"},"image":{"@id":"https:\/\/iwell-guard.com\/cs\/cerna-nit-ochranna-paska\/#primaryimage"},"thumbnailUrl":"https:\/\/iwell-guard.com\/wp-content\/uploads\/2026\/05\/schutzsymbol_hinduismus_schwarzer-faden.webp","datePublished":"2026-09-03T16:33:04+00:00","dateModified":"2026-09-03T17:03:50+00:00","description":"\u010cern\u00e1 nit je ochrann\u00e1 p\u00e1ska proti u\u0159knut\u00ed, kterou se \u010dasto ovazuj\u00ed d\u011bti. Vysv\u011btlen\u00ed v\u00fdznamu, p\u016fvodu a pou\u017eit\u00ed.","breadcrumb":{"@id":"https:\/\/iwell-guard.com\/cs\/cerna-nit-ochranna-paska\/#breadcrumb"},"inLanguage":"cs","potentialAction":[{"@type":"ReadAction","target":["https:\/\/iwell-guard.com\/cs\/cerna-nit-ochranna-paska\/"]}]},{"@type":"ImageObject","inLanguage":"cs","@id":"https:\/\/iwell-guard.com\/cs\/cerna-nit-ochranna-paska\/#primaryimage","url":"https:\/\/iwell-guard.com\/wp-content\/uploads\/2026\/05\/schutzsymbol_hinduismus_schwarzer-faden.webp","contentUrl":"https:\/\/iwell-guard.com\/wp-content\/uploads\/2026\/05\/schutzsymbol_hinduismus_schwarzer-faden.webp","width":1024,"height":1536,"caption":"Ochrann\u00fd symbol. Muzejn\u00ed ilustrace z\u00e1ti\u0161\u00ed."},{"@type":"BreadcrumbList","@id":"https:\/\/iwell-guard.com\/cs\/cerna-nit-ochranna-paska\/#breadcrumb","itemListElement":[{"@type":"ListItem","position":1,"name":"Start","item":"https:\/\/iwell-guard.com\/cs\/?page_id=145107"},{"@type":"ListItem","position":2,"name":"\u010cern\u00e1 nit \u2013 ochrann\u00e1 p\u00e1ska proti u\u0159knut\u00ed"}]},{"@type":"WebSite","@id":"https:\/\/iwell-guard.com\/cs\/#website","url":"https:\/\/iwell-guard.com\/cs\/","name":"iWell Guard","description":"Schutz vor dunklen Einfl\u00fcssen","publisher":{"@id":"https:\/\/iwell-guard.com\/cs\/#organization"},"potentialAction":[{"@type":"SearchAction","target":{"@type":"EntryPoint","urlTemplate":"https:\/\/iwell-guard.com\/cs\/?s={search_term_string}"},"query-input":{"@type":"PropertyValueSpecification","valueRequired":true,"valueName":"search_term_string"}}],"inLanguage":"cs"},{"@type":"Organization","@id":"https:\/\/iwell-guard.com\/cs\/#organization","name":"Ittermann electronic GmbH","url":"https:\/\/iwell-guard.com\/cs\/","logo":{"@type":"ImageObject","inLanguage":"cs","@id":"https:\/\/iwell-guard.com\/cs\/#\/schema\/logo\/image\/","url":"https:\/\/iwell-guard.com\/wp-content\/uploads\/2026\/05\/Ittermann-Logo-1182x237-1.png","contentUrl":"https:\/\/iwell-guard.com\/wp-content\/uploads\/2026\/05\/Ittermann-Logo-1182x237-1.png","width":1182,"height":237,"caption":"Ittermann electronic GmbH"},"image":{"@id":"https:\/\/iwell-guard.com\/cs\/#\/schema\/logo\/image\/"},"sameAs":["https:\/\/pantip.com\/profile\/9367242","https:\/\/micro.blog\/iwellguard","https:\/\/www.diggerslist.com\/iwellguard\/about","https:\/\/skitterphoto.com\/photographers\/2870314\/iwell-guard","https:\/\/iwellguard.wordpress.com\/2026\/06\/06\/iwell-guard\/","https:\/\/hub.docker.com\/u\/iwellguard","https:\/\/www.pinterest.com\/iwellguard\/","https:\/\/bit.ly\/m\/iwellguard","https:\/\/entre-vos-mains.alsace.eu\/profiles\/iwellguard\/activity","https:\/\/gravatar.com\/reallybeded8fd34","https:\/\/naijamatta.com\/iwellguard","https:\/\/www.goodreads.com\/iwellguard","https:\/\/profile.hatena.ne.jp\/iwellguard\/","https:\/\/experiment.com\/users\/iwellguard","https:\/\/wakelet.com\/@iWellGuard82270","https:\/\/www.chordie.com\/forum\/profile.php?id=2555664","https:\/\/www.instapaper.com\/p\/17757966","https:\/\/www.mapleprimes.com\/users\/iwellguard","https:\/\/businesslistingplus.com\/profile\/iwell-guard\/","https:\/\/telegra.ph\/iWell-Guard-06-06","https:\/\/pbase.com\/iwellguard\/iwellguard","https:\/\/b.hatena.ne.jp\/iwellguard\/20260607#bookmark-4788405196491818882","https:\/\/fliphtml5.com\/home\/iwellguard","https:\/\/anyflip.com\/homepage\/cmiwl#About","https:\/\/transfur.com\/Users\/iwellguard","http:\/\/delphi.larsbo.org\/user\/iwellguard","https:\/\/jobs.lajobsportal.org\/profiles\/8380803-iwell-guard","https:\/\/md.chaosdorf.de\/s\/jfbe5SBdJD","https:\/\/www.lingvolive.com\/en-us\/profile\/9ecaeaca-ce11-4e51-9e71-01d55e2bff36\/translations","https:\/\/www.fitday.com\/fitness\/forums\/members\/iwellguard.html","https:\/\/www.mymeetbook.com\/iwellguard","https:\/\/pxhere.com\/en\/photographer-me\/5040798","https:\/\/disqus.com\/by\/iwellguard\/about\/","https:\/\/pastelink.net\/hjwciqwq","https:\/\/pubhtml5.com\/homepage\/scjhn\/","https:\/\/www.bitchute.com\/channel\/2O2eOKzNqujT","https:\/\/audiomack.com\/iwellguard"]}]}},"_links":{"self":[{"href":"https:\/\/iwell-guard.com\/cs\/wp-json\/wp\/v2\/pages\/145717","targetHints":{"allow":["GET"]}}],"collection":[{"href":"https:\/\/iwell-guard.com\/cs\/wp-json\/wp\/v2\/pages"}],"about":[{"href":"https:\/\/iwell-guard.com\/cs\/wp-json\/wp\/v2\/types\/page"}],"author":[{"embeddable":true,"href":"https:\/\/iwell-guard.com\/cs\/wp-json\/wp\/v2\/users\/3"}],"replies":[{"embeddable":true,"href":"https:\/\/iwell-guard.com\/cs\/wp-json\/wp\/v2\/comments?post=145717"}],"version-history":[{"count":0,"href":"https:\/\/iwell-guard.com\/cs\/wp-json\/wp\/v2\/pages\/145717\/revisions"}],"wp:featuredmedia":[{"embeddable":true,"href":"https:\/\/iwell-guard.com\/cs\/wp-json\/wp\/v2\/media\/3519"}],"wp:attachment":[{"href":"https:\/\/iwell-guard.com\/cs\/wp-json\/wp\/v2\/media?parent=145717"}],"wp:term":[{"taxonomy":"category","embeddable":true,"href":"https:\/\/iwell-guard.com\/cs\/wp-json\/wp\/v2\/categories?post=145717"}],"curies":[{"name":"wp","href":"https:\/\/api.w.org\/{rel}","templated":true}]}}