{"id":145714,"date":"2026-09-03T16:33:02","date_gmt":"2026-09-03T16:33:02","guid":{"rendered":"https:\/\/iwell-guard.com\/?page_id=145714"},"modified":"2026-09-03T17:03:45","modified_gmt":"2026-09-03T17:03:45","slug":"zulfiqar-mec-aliho-jako-ochranne-znameni","status":"publish","type":"page","link":"https:\/\/iwell-guard.com\/cs\/zulfiqar-mec-aliho-jako-ochranne-znameni\/","title":{"rendered":"Zulfiqar \u2013 me\u010d Al\u00edho jako ochrann\u00e9 znamen\u00ed"},"content":{"rendered":"\t\t<div data-elementor-type=\"wp-page\" data-elementor-id=\"145714\" class=\"elementor elementor-145714 elementor-3676 elementor-bc-flex-widget\" data-elementor-post-type=\"page\">\n\t\t\t\t<div class=\"elementor-element elementor-element-iwgs-zulfiqar-hero e-flex e-con-boxed e-con e-parent\" data-id=\"iwgs-zulfiqar-hero\" data-element_type=\"container\" data-e-type=\"container\">\n\t\t\t\t\t<div class=\"e-con-inner\">\n\t\t<div class=\"elementor-element elementor-element-iwgs-zulfiqar-hl e-flex e-con-boxed e-con e-parent\" data-id=\"iwgs-zulfiqar-hl\" data-element_type=\"container\" data-e-type=\"container\">\n\t\t\t\t\t<div class=\"e-con-inner\">\n\t\t<div class=\"elementor-element elementor-element-iwgs-zulfiqar-hlbox e-con-full e-flex e-con e-parent\" data-id=\"iwgs-zulfiqar-hlbox\" data-element_type=\"container\" data-e-type=\"container\">\n\t\t\t\t<div class=\"elementor-element elementor-element-iwgs-zulfiqar-h1 elementor-widget elementor-widget-heading\" data-id=\"iwgs-zulfiqar-h1\" data-element_type=\"widget\" data-e-type=\"widget\" data-widget_type=\"heading.default\">\n\t\t\t\t\t<h1 class=\"elementor-heading-title elementor-size-default\">Zulfiqar \u2013 me\u010d Al\u00edho jako znamen\u00ed a ochrana<\/h1>\t\t\t\t<\/div>\n\t\t\t\t<div class=\"elementor-element elementor-element-iwgs-zulfiqar-lead elementor-widget elementor-widget-text-editor\" data-id=\"iwgs-zulfiqar-lead\" data-element_type=\"widget\" data-e-type=\"widget\" data-widget_type=\"text-editor.default\">\n\t\t\t\t\t\t\t\t\t<p>Zulfiqar je legend\u00e1rn\u00ed me\u010d Al\u00edho, bratrance a zet\u011b Proroka. Se svou charakteristickou rozeklanou \u010depel\u00ed je v\u00fdznamn\u00fdm znamen\u00edm, zejm\u00e9na v \u0161\u00editsk\u00e9m isl\u00e1mu.<\/p>\t\t\t\t\t\t\t\t<\/div>\n\t\t\t\t<\/div>\n\t\t\t\t<div class=\"elementor-element elementor-element-iwgs-zulfiqar-pills elementor-widget elementor-widget-html\" data-id=\"iwgs-zulfiqar-pills\" data-element_type=\"widget\" data-e-type=\"widget\" data-widget_type=\"html.default\">\n\t\t\t\t\t<div class=\"iwg-pill-row\"><span class=\"iwg-klasse-badge\" tabindex=\"0\" data-tooltip=\"Ochrann\u00fd symbol, amulet nebo apotropaick\u00fd p\u0159edm\u011bt.\">Ochrann\u00fd symbol<\/span><a href=\"https:\/\/iwell-guard.com\/cs\/islam\/\" class=\"iwg-kultur-badge\" tabindex=\"0\" data-tooltip=\"Ochrann\u00e1 tradice: Isl\u00e1m\">Isl\u00e1m<\/a><span class=\"iwg-tradition-badge\" tabindex=\"0\" data-tooltip=\"Symbol s ochrannou nebo v\u00fdznamuplnou funkc\u00ed.\">Znamen\u00ed<\/span><\/div>\t\t\t\t<\/div>\n\t\t\t\t\t<\/div>\n\t\t\t\t<\/div>\n\t\t<div class=\"elementor-element elementor-element-iwgs-zulfiqar-hr e-con-full e-flex e-con e-parent\" data-id=\"iwgs-zulfiqar-hr\" data-element_type=\"container\" data-e-type=\"container\">\n\t\t\t\t<div class=\"elementor-element elementor-element-iwgs-zulfiqar-himg iwg-hero-image elementor-widget elementor-widget-image\" data-id=\"iwgs-zulfiqar-himg\" data-element_type=\"widget\" data-e-type=\"widget\" data-widget_type=\"image.default\">\n\t\t\t\t\t\t\t\t\t\t\t\t\t\t\t<img fetchpriority=\"high\" decoding=\"async\" width=\"683\" height=\"1024\" src=\"https:\/\/iwell-guard.com\/wp-content\/uploads\/2026\/05\/schutzsymbol_islam_zulfiqar-683x1024.webp\" class=\"attachment-large size-large wp-image-3517\" alt=\"Zulfiqar \u2013 me\u010d Al\u00edho jako ochrann\u00e9 znamen\u00ed\" srcset=\"https:\/\/iwell-guard.com\/wp-content\/uploads\/2026\/05\/schutzsymbol_islam_zulfiqar-683x1024.webp 683w, https:\/\/iwell-guard.com\/wp-content\/uploads\/2026\/05\/schutzsymbol_islam_zulfiqar-200x300.webp 200w, https:\/\/iwell-guard.com\/wp-content\/uploads\/2026\/05\/schutzsymbol_islam_zulfiqar-768x1152.webp 768w, https:\/\/iwell-guard.com\/wp-content\/uploads\/2026\/05\/schutzsymbol_islam_zulfiqar.webp 1024w\" sizes=\"(max-width: 683px) 100vw, 683px\" \/>\t\t\t\t\t\t\t\t\t\t\t\t\t\t\t<\/div>\n\t\t\t\t<\/div>\n\t\t\t\t\t<\/div>\n\t\t\t\t<\/div>\n\t\t<div class=\"elementor-element elementor-element-iwgs-zulfiqar-s0 e-flex e-con-boxed e-con e-parent\" data-id=\"iwgs-zulfiqar-s0\" data-element_type=\"container\" data-e-type=\"container\">\n\t\t\t\t\t<div class=\"e-con-inner\">\n\t\t\t\t<div class=\"elementor-element elementor-element-iwgs-zulfiqar-s0h elementor-widget elementor-widget-heading\" data-id=\"iwgs-zulfiqar-s0h\" data-element_type=\"widget\" data-e-type=\"widget\" data-widget_type=\"heading.default\">\n\t\t\t\t\t<h2 class=\"elementor-heading-title elementor-size-default\">Za\u0159azen\u00ed<\/h2>\t\t\t\t<\/div>\n\t\t<div class=\"elementor-element elementor-element-iwgs-zulfiqar-s0box e-con-full e-flex e-con e-parent\" data-id=\"iwgs-zulfiqar-s0box\" data-element_type=\"container\" data-e-type=\"container\">\n\t\t\t\t<div class=\"elementor-element elementor-element-iwgs-zulfiqar-s0t elementor-widget elementor-widget-text-editor\" data-id=\"iwgs-zulfiqar-s0t\" data-element_type=\"widget\" data-e-type=\"widget\" data-widget_type=\"text-editor.default\">\n\t\t\t\t\t\t\t\t\t<p>Zulfiqar je n\u00e1zev me\u010de. Je to legend\u00e1rn\u00ed me\u010d Al\u00edho, jedn\u00e9 z nejv\u00fdznamn\u011bj\u0161\u00edch postav ran\u00e9 historie <a href=\"https:\/\/iwell-guard.com\/cs\/islam\/\">isl\u00e1mu<\/a>.<\/p><p>Jako znamen\u00ed je Zulfiqar zobrazov\u00e1n v podob\u011b me\u010de, jeho\u017e \u010depel je na konci rozeklan\u00e1. Tato rozeklan\u00e1, dvojhrot\u00e1 \u010depel je nezam\u011bniteln\u00fdm pozn\u00e1vac\u00edm znakem Zulfiqaru.<\/p><p>Zulfiqar je p\u0159edev\u0161\u00edm znamen\u00edm uct\u00edv\u00e1n\u00ed a identity. Zastupuje Al\u00edho, jeho odvahu a hodnoty, kter\u00e9 jsou s n\u00edm spojeny.<\/p><p>Zejm\u00e9na v \u0161\u00editsk\u00e9m isl\u00e1mu a p\u0159\u00edbuzn\u00fdch sm\u011brech m\u00e1 Zulfiqar vysok\u00e9 postaven\u00ed. Je tam v\u00fdznamn\u00fdm n\u00e1bo\u017eensk\u00fdm a spole\u010densk\u00fdm znamen\u00edm.<\/p><p>Nad r\u00e1mec v\u00fdznamu jako znamen\u00ed identity nese Zulfiqar i ochrann\u00fd rys. Jako znamen\u00ed Al\u00edho a jeho bohem dan\u00e9 s\u00edly se pou\u017e\u00edv\u00e1 na amuletech a na vlajk\u00e1ch.<\/p><p>V <span class=\"iwg-fachbegriff\" data-tooltip=\"V\u011bda, kter\u00e1 zkoum\u00e1 n\u00e1bo\u017eenstv\u00ed srovn\u00e1vac\u00edm zp\u016fsobem a bez vyzn\u00e1n\u00ed v\u00edry.\" tabindex=\"0\">religionistice<\/span> je Zulfiqar dobr\u00fdm p\u0159\u00edkladem znamen\u00ed, kter\u00e9 vze\u0161lo z legend\u00e1rn\u00edho p\u0159edm\u011btu a spojuje v sob\u011b uct\u00edv\u00e1n\u00ed, identitu a ochranu.<\/p>\t\t\t\t\t\t\t\t<\/div>\n\t\t\t\t<\/div>\n\t\t\t\t\t<\/div>\n\t\t\t\t<\/div>\n\t\t<div class=\"elementor-element elementor-element-iwgs-zulfiqar-s1 e-flex e-con-boxed e-con e-parent\" data-id=\"iwgs-zulfiqar-s1\" data-element_type=\"container\" data-e-type=\"container\">\n\t\t\t\t\t<div class=\"e-con-inner\">\n\t\t\t\t<div class=\"elementor-element elementor-element-iwgs-zulfiqar-s1h elementor-widget elementor-widget-heading\" data-id=\"iwgs-zulfiqar-s1h\" data-element_type=\"widget\" data-e-type=\"widget\" data-widget_type=\"heading.default\">\n\t\t\t\t\t<h2 class=\"elementor-heading-title elementor-size-default\">Al\u00ed, nositel me\u010de<\/h2>\t\t\t\t<\/div>\n\t\t<div class=\"elementor-element elementor-element-iwgs-zulfiqar-s1box e-con-full e-flex e-con e-parent\" data-id=\"iwgs-zulfiqar-s1box\" data-element_type=\"container\" data-e-type=\"container\">\n\t\t\t\t<div class=\"elementor-element elementor-element-iwgs-zulfiqar-s1t elementor-widget elementor-widget-text-editor\" data-id=\"iwgs-zulfiqar-s1t\" data-element_type=\"widget\" data-e-type=\"widget\" data-widget_type=\"text-editor.default\">\n\t\t\t\t\t\t\t\t\t<p>Zulfiqar je neodd\u011bliteln\u011b spojen s Al\u00edm. Al\u00ed ibn Ab\u00ed T\u00e1lib byl bratrancem proroka Muhammada a z\u00e1rove\u0148 jeho zet\u011bm, proto\u017ee byl \u017eenat\u00fd s dcerou Proroka.<\/p><p>Al\u00ed pat\u0159\u00ed k centr\u00e1ln\u00edm postav\u00e1m ran\u00e9 isl\u00e1msk\u00e9 historie. Byl jedn\u00edm z prvn\u00edch, kdo p\u0159ijal isl\u00e1m, a byl Prorokovi zvl\u00e1\u0161\u0165 bl\u00edzk\u00fd.<\/p><p>Po smrti Proroka se Al\u00ed pozd\u011bji stal \u010dtvrt\u00fdm chal\u00edfou, tedy jedn\u00edm z n\u00e1stupc\u016f ve veden\u00ed isl\u00e1msk\u00e9 obce.<\/p><p>Pro \u0161\u00editsk\u00fd isl\u00e1m m\u00e1 Al\u00ed v\u00fdjime\u010dn\u00fd v\u00fdznam. \u0160\u00edit\u00e9 v n\u011bm a v jeho potomc\u00edch vid\u00ed pr\u00e1voplatn\u00e9 v\u016fdce isl\u00e1msk\u00e9 obce.<\/p><p>Al\u00ed je pova\u017eov\u00e1n za vzor odvahy, spravedlnosti a <span class=\"iwg-fachbegriff\" data-tooltip=\"Pro\u017e\u00edvan\u00fd n\u00e1bo\u017eensk\u00fd postoj a praxe \u010dlov\u011bka.\" tabindex=\"0\">zbo\u017enosti<\/span>. \u0158ada vypr\u00e1v\u011bn\u00ed veleb\u00ed jeho state\u010dnost a up\u0159\u00edmnost.<\/p><p>Me\u010d Zulfiqar pat\u0159\u00ed k tomuto obrazu Al\u00edho. Je to jeho me\u010d, a je tak znamen\u00edm jeho odvahy a jeho role v ran\u00e9 historii isl\u00e1mu.<\/p>\t\t\t\t\t\t\t\t<\/div>\n\t\t\t\t<\/div>\n\t\t\t\t\t<\/div>\n\t\t\t\t<\/div>\n\t\t<div class=\"elementor-element elementor-element-iwgs-zulfiqar-s2 e-flex e-con-boxed e-con e-parent\" data-id=\"iwgs-zulfiqar-s2\" data-element_type=\"container\" data-e-type=\"container\">\n\t\t\t\t\t<div class=\"e-con-inner\">\n\t\t\t\t<div class=\"elementor-element elementor-element-iwgs-zulfiqar-s2h elementor-widget elementor-widget-heading\" data-id=\"iwgs-zulfiqar-s2h\" data-element_type=\"widget\" data-e-type=\"widget\" data-widget_type=\"heading.default\">\n\t\t\t\t\t<h2 class=\"elementor-heading-title elementor-size-default\">Legenda o me\u010di<\/h2>\t\t\t\t<\/div>\n\t\t<div class=\"elementor-element elementor-element-iwgs-zulfiqar-s2box e-con-full e-flex e-con e-parent\" data-id=\"iwgs-zulfiqar-s2box\" data-element_type=\"container\" data-e-type=\"container\">\n\t\t\t\t<div class=\"elementor-element elementor-element-iwgs-zulfiqar-s2t elementor-widget elementor-widget-text-editor\" data-id=\"iwgs-zulfiqar-s2t\" data-element_type=\"widget\" data-e-type=\"widget\" data-widget_type=\"text-editor.default\">\n\t\t\t\t\t\t\t\t\t<p>Kolem me\u010de Zulfiqar se vinou vypr\u00e1v\u011bn\u00ed. Vypov\u00eddaj\u00ed o tom, jak se me\u010d dostal do vlastnictv\u00ed Al\u00edho a jak\u00fd v\u00fdznam mu byl p\u0159ikl\u00e1d\u00e1n.<\/p><p>Podle <span class=\"iwg-fachbegriff\" data-tooltip=\"P\u0159ed\u00e1v\u00e1n\u00ed v\u011bdomost\u00ed a vypr\u00e1v\u011bn\u00ed po generace.\" tabindex=\"0\">tradice<\/span> Al\u00ed z\u00edskal me\u010d v ran\u00fdch dob\u00e1ch isl\u00e1mu. Roz\u0161\u00ed\u0159en\u00e9 vypr\u00e1v\u011bn\u00ed je spojuje s jednou z prvn\u00edch bitev, v nich\u017e se mlad\u00e1 isl\u00e1msk\u00e1 obec musela prosadit.<\/p><p>Me\u010d je ve vypr\u00e1v\u011bn\u00edch popisov\u00e1n jako v\u00fdjime\u010dn\u00fd. Byl pova\u017eov\u00e1n za zvl\u00e1\u0161\u0165 mocn\u00fd a jeho jm\u00e9no se stalo synonymem pro nep\u0159ekonateln\u00fd me\u010d.<\/p><p>Je zn\u00e1m v\u00fdrok, kter\u00fd spole\u010dn\u011b veleb\u00ed me\u010d i jeho nositele. Ve sv\u00e9m smyslu \u0159\u00edk\u00e1, \u017ee nen\u00ed hrdiny jako Al\u00ed a nen\u00ed me\u010de jako Zulfiqar.<\/p><p>Tento v\u00fdrok neodd\u011bliteln\u011b spojuje me\u010d s Al\u00edm. Zulfiqar nen\u00ed n\u011bjak\u00fd oby\u010dejn\u00fd me\u010d, n\u00fdbr\u017e me\u010d pr\u00e1v\u011b tohoto jednoho hrdiny.<\/p><p><span class=\"iwg-fachbegriff\" data-tooltip=\"Pou\u010dn\u00fd p\u0159\u00edb\u011bh, v\u011bt\u0161inou o \u017eivot\u011b svat\u00fdch.\" tabindex=\"0\">Legenda<\/span> d\u00e1v\u00e1 znamen\u00ed jeho v\u00fdznam. Zulfiqar je me\u010d vzorn\u00e9ho hrdiny, kter\u00fd je spojov\u00e1n s bo\u017e\u00ed podporou. V tomto spojen\u00ed tkv\u00ed jeho s\u00edla jako znamen\u00ed.<\/p>\t\t\t\t\t\t\t\t<\/div>\n\t\t\t\t<\/div>\n\t\t\t\t\t<\/div>\n\t\t\t\t<\/div>\n\t\t<div class=\"elementor-element elementor-element-iwgs-zulfiqar-s3 e-flex e-con-boxed e-con e-parent\" data-id=\"iwgs-zulfiqar-s3\" data-element_type=\"container\" data-e-type=\"container\">\n\t\t\t\t\t<div class=\"e-con-inner\">\n\t\t\t\t<div class=\"elementor-element elementor-element-iwgs-zulfiqar-s3h elementor-widget elementor-widget-heading\" data-id=\"iwgs-zulfiqar-s3h\" data-element_type=\"widget\" data-e-type=\"widget\" data-widget_type=\"heading.default\">\n\t\t\t\t\t<h2 class=\"elementor-heading-title elementor-size-default\">Podoba: rozeklan\u00e1 \u010depel<\/h2>\t\t\t\t<\/div>\n\t\t<div class=\"elementor-element elementor-element-iwgs-zulfiqar-s3box e-con-full e-flex e-con e-parent\" data-id=\"iwgs-zulfiqar-s3box\" data-element_type=\"container\" data-e-type=\"container\">\n\t\t\t\t<div class=\"elementor-element elementor-element-iwgs-zulfiqar-s3t elementor-widget elementor-widget-text-editor\" data-id=\"iwgs-zulfiqar-s3t\" data-element_type=\"widget\" data-e-type=\"widget\" data-widget_type=\"text-editor.default\">\n\t\t\t\t\t\t\t\t\t<p>Znamen\u00ed Zulfiqar je zobrazov\u00e1no v podob\u011b me\u010de. Jeho charakteristick\u00fdm rysem je \u010depel, kter\u00e1 je na konci rozeklan\u00e1.<\/p><p>Nam\u00edsto jedin\u00e9ho hrotu kon\u010d\u00ed \u010depel Zulfiqaru dv\u011bma hroty. Je jakoby dvojhrot\u00e1. Tato rozeklan\u00e1 \u010depel odli\u0161uje Zulfiqar od ka\u017ed\u00e9ho oby\u010dejn\u00e9ho me\u010de.<\/p><p>O p\u016fvodu t\u00e9to nezvykl\u00e9 podoby existuj\u00ed r\u016fzn\u00e9 \u00favahy. N\u00e1zev me\u010de je spojov\u00e1n se slovem, kter\u00e9 odkazuje na r\u00fdhy nebo z\u00e1\u0159ezy.<\/p><p>V obrazov\u00e9m zobrazen\u00ed se z tohoto rysu stala v\u00fdrazn\u011b rozeklan\u00e1, dvojhrot\u00e1 \u010depel. Pr\u00e1v\u011b podle n\u00ed je Zulfiqar okam\u017eit\u011b rozpoznateln\u00fd v um\u011bn\u00ed i na znamen\u00edch.<\/p><p>Rozeklan\u00e1 \u010depel d\u00e1v\u00e1 Zulfiqaru p\u016fsobivou, nezam\u011bnitelnou podobu. Vy\u010dle\u0148uje me\u010d z \u0159ady oby\u010dejn\u00fdch zbran\u00ed a ozna\u010duje ho jako v\u00fdjime\u010dn\u00fd me\u010d Al\u00edho.<\/p><p>V zobrazen\u00ed se Zulfiqar objevuje \u010dasto samostatn\u011b, n\u011bkdy s veleb\u00edc\u00edm v\u00fdrokem o Al\u00edm a jeho me\u010di. Rozeklan\u00e1 \u010depel p\u0159i tom v\u017edy z\u016fst\u00e1v\u00e1 rozhoduj\u00edc\u00edm pozn\u00e1vac\u00edm znakem.<\/p>\t\t\t\t\t\t\t\t<\/div>\n\t\t\t\t<\/div>\n\t\t\t\t\t<\/div>\n\t\t\t\t<\/div>\n\t\t<div class=\"elementor-element elementor-element-iwgs-zulfiqar-s4 e-flex e-con-boxed e-con e-parent\" data-id=\"iwgs-zulfiqar-s4\" data-element_type=\"container\" data-e-type=\"container\">\n\t\t\t\t\t<div class=\"e-con-inner\">\n\t\t\t\t<div class=\"elementor-element elementor-element-iwgs-zulfiqar-s4h elementor-widget elementor-widget-heading\" data-id=\"iwgs-zulfiqar-s4h\" data-element_type=\"widget\" data-e-type=\"widget\" data-widget_type=\"heading.default\">\n\t\t\t\t\t<h2 class=\"elementor-heading-title elementor-size-default\">Zulfiqar v \u0161\u00editsk\u00e9m isl\u00e1mu<\/h2>\t\t\t\t<\/div>\n\t\t<div class=\"elementor-element elementor-element-iwgs-zulfiqar-s4box e-con-full e-flex e-con e-parent\" data-id=\"iwgs-zulfiqar-s4box\" data-element_type=\"container\" data-e-type=\"container\">\n\t\t\t\t<div class=\"elementor-element elementor-element-iwgs-zulfiqar-s4t elementor-widget elementor-widget-text-editor\" data-id=\"iwgs-zulfiqar-s4t\" data-element_type=\"widget\" data-e-type=\"widget\" data-widget_type=\"text-editor.default\">\n\t\t\t\t\t\t\t\t\t<p>Zulfiqar m\u00e1 zvl\u00e1\u0161tn\u00ed v\u00fdznam v \u0161\u00editsk\u00e9m isl\u00e1mu. Proto\u017ee Al\u00ed je pro \u0161\u00edity vynikaj\u00edc\u00ed postavou, je i jeho me\u010d v\u00fdznamn\u00fdm znamen\u00edm.<\/p><p>V oblastech s \u0161\u00editskou tradic\u00ed se Zulfiqar objevuje na vlajk\u00e1ch, na obrazech i na p\u0159edm\u011btech <span class=\"iwg-fachbegriff\" data-tooltip=\"Pro\u017e\u00edvan\u00fd n\u00e1bo\u017eensk\u00fd postoj a praxe \u010dlov\u011bka.\" tabindex=\"0\">zbo\u017enosti<\/span>. Je viditeln\u00fdm znamen\u00edm \u00facty k Al\u00edmu.<\/p><p>Vysok\u00e9 postaven\u00ed m\u00e1 Zulfiqar i v p\u0159\u00edbuzn\u00fdch sm\u011brech, nap\u0159\u00edklad u alevit\u016f a v tradici bekt\u00e1\u0161\u00edja. V t\u011bchto spole\u010denstv\u00edch je uct\u00edv\u00e1n\u00ed Al\u00edho zvl\u00e1\u0161t\u011b v\u00fdrazn\u00e9.<\/p><p>Zulfiqar je v t\u011bchto souvislostech znakem identity. Kdo jej zobrazuje nebo nos\u00ed, p\u0159izn\u00e1v\u00e1 se k uct\u00edv\u00e1n\u00ed Al\u00edho a ke spole\u010denstv\u00ed, kter\u00e9 v n\u011bm vid\u00ed sv\u016fj vzor.<\/p><p>Znamen\u00ed tak spojuje uct\u00edv\u00e1n\u00ed osoby s p\u0159\u00edslu\u0161nost\u00ed ke spole\u010denstv\u00ed. Je z\u00e1rove\u0148 znamen\u00edm \u00facty i znamen\u00edm soun\u00e1le\u017eitosti.<\/p><p>V tomto postaven\u00ed se Zulfiqar podob\u00e1 jin\u00fdm identit\u00e1rn\u00edm znamen\u00edm n\u00e1bo\u017eenstv\u00ed. Podobn\u011b jako k\u0159\u00ed\u017e nebo Davidova hv\u011bzda zviditel\u0148uje p\u0159\u00edslu\u0161nost, v tomto p\u0159\u00edpad\u011b p\u0159\u00edslu\u0161nost k uct\u00edv\u00e1n\u00ed Al\u00edho.<\/p>\t\t\t\t\t\t\t\t<\/div>\n\t\t\t\t<\/div>\n\t\t\t\t\t<\/div>\n\t\t\t\t<\/div>\n\t\t<div class=\"elementor-element elementor-element-iwgs-zulfiqar-s5 e-flex e-con-boxed e-con e-parent\" data-id=\"iwgs-zulfiqar-s5\" data-element_type=\"container\" data-e-type=\"container\">\n\t\t\t\t\t<div class=\"e-con-inner\">\n\t\t\t\t<div class=\"elementor-element elementor-element-iwgs-zulfiqar-s5h elementor-widget elementor-widget-heading\" data-id=\"iwgs-zulfiqar-s5h\" data-element_type=\"widget\" data-e-type=\"widget\" data-widget_type=\"heading.default\">\n\t\t\t\t\t<h2 class=\"elementor-heading-title elementor-size-default\">Zulfiqar jako ochrann\u00e9 znamen\u00ed<\/h2>\t\t\t\t<\/div>\n\t\t<div class=\"elementor-element elementor-element-iwgs-zulfiqar-s5box e-con-full e-flex e-con e-parent\" data-id=\"iwgs-zulfiqar-s5box\" data-element_type=\"container\" data-e-type=\"container\">\n\t\t\t\t<div class=\"elementor-element elementor-element-iwgs-zulfiqar-s5t elementor-widget elementor-widget-text-editor\" data-id=\"iwgs-zulfiqar-s5t\" data-element_type=\"widget\" data-e-type=\"widget\" data-widget_type=\"text-editor.default\">\n\t\t\t\t\t\t\t\t\t<p>Krom\u011b v\u00fdznamu jako znamen\u00ed identity m\u00e1 Zulfiqar i ochrann\u00fd rozm\u011br. Pou\u017e\u00edv\u00e1 se na amuletech a na ochrann\u00fdch p\u0159edm\u011btech.<\/p><p>Ochrann\u00fd v\u00fdznam vych\u00e1z\u00ed z toho, co me\u010d symbolizuje. Zulfiqar je me\u010dem vzorov\u00e9ho hrdiny, spojen\u00fdm s odvahou, spravedlnost\u00ed a bo\u017eskou pomoc\u00ed.<\/p><p>Kdo nos\u00ed znamen\u00ed Zulfiqar, stav\u00ed se pod tento vzor. Znamen\u00ed m\u00e1 prop\u016fj\u010dovat odvahu, pevnost a pomoc, kter\u00e9 jsou spojeny s Al\u00edm a jeho me\u010dem.<\/p><p>Me\u010d je nav\u00edc zbran\u00ed, n\u00e1strojem obrany. Jako znamen\u00ed m\u016f\u017ee me\u010d symbolizovat ochranu a odvr\u00e1cen\u00ed nebezpe\u010d\u00ed, ani\u017e by byl ch\u00e1p\u00e1n jako skute\u010dn\u00e1 zbra\u0148.<\/p><p>Zulfiqar pat\u0159\u00ed tak mezi znamen\u00ed, kter\u00e1 chr\u00e1n\u00ed prost\u0159ednictv\u00edm spojen\u00ed s uct\u00edvanou postavou. Jeho ochrana spo\u010d\u00edv\u00e1 v obr\u00e1cen\u00ed se k Al\u00edmu a k s\u00edle, kter\u00e1 je mu p\u0159isuzov\u00e1na.<\/p><p>Zulfiqar je tedy m\u00e9n\u011b odvracej\u00edc\u00edm <span class=\"iwg-fachbegriff\" data-tooltip=\"No\u0161en\u00fd p\u0159edm\u011bt, kter\u00e9mu je p\u0159isuzov\u00e1n ochrann\u00fd, ne\u0161t\u011bst\u00ed odvracej\u00edc\u00ed \u00fa\u010dinek.\" tabindex=\"0\">amuletem<\/span> a v\u00edce znamen\u00edm, kter\u00e9 p\u016fsob\u00ed prost\u0159ednictv\u00edm uct\u00edv\u00e1n\u00ed a vzoru. Chr\u00e1n\u00ed t\u00edm, \u017ee spojuje sv\u00e9ho nositele s odvahou a pomoc\u00ed Al\u00edho.<\/p>\t\t\t\t\t\t\t\t<\/div>\n\t\t\t\t<\/div>\n\t\t\t\t\t<\/div>\n\t\t\t\t<\/div>\n\t\t<div class=\"elementor-element elementor-element-iwgs-zulfiqar-s6 e-flex e-con-boxed e-con e-parent\" data-id=\"iwgs-zulfiqar-s6\" data-element_type=\"container\" data-e-type=\"container\">\n\t\t\t\t\t<div class=\"e-con-inner\">\n\t\t\t\t<div class=\"elementor-element elementor-element-iwgs-zulfiqar-s6h elementor-widget elementor-widget-heading\" data-id=\"iwgs-zulfiqar-s6h\" data-element_type=\"widget\" data-e-type=\"widget\" data-widget_type=\"heading.default\">\n\t\t\t\t\t<h2 class=\"elementor-heading-title elementor-size-default\">Me\u010d jako znamen\u00ed v kultur\u00e1ch<\/h2>\t\t\t\t<\/div>\n\t\t<div class=\"elementor-element elementor-element-iwgs-zulfiqar-s6box e-con-full e-flex e-con e-parent\" data-id=\"iwgs-zulfiqar-s6box\" data-element_type=\"container\" data-e-type=\"container\">\n\t\t\t\t<div class=\"elementor-element elementor-element-iwgs-zulfiqar-s6t elementor-widget elementor-widget-text-editor\" data-id=\"iwgs-zulfiqar-s6t\" data-element_type=\"widget\" data-e-type=\"widget\" data-widget_type=\"text-editor.default\">\n\t\t\t\t\t\t\t\t\t<p>Zulfiqar lze vn\u00edmat v \u0161ir\u0161\u00edm r\u00e1mci me\u010dov\u00fdch znamen\u00ed. Me\u010d jako znamen\u00ed m\u00e1 v\u00fdznam v mnoha kultur\u00e1ch.<\/p><p>V mnoha tradic\u00edch symbolizuje me\u010d s\u00edlu, spravedlnost a obranu \u0159\u00e1du. Je znamen\u00edm bojovn\u00e9, ochrann\u00e9 moci.<\/p><p>Me\u010d je \u010dasto spojen s ur\u010ditou postavou, s hrdinou, se svat\u00fdm nebo s bohem. Me\u010d se tak st\u00e1v\u00e1 znamen\u00edm t\u00e9to postavy a hodnot, kter\u00e9 p\u0159edstavuje.<\/p><p>Zulfiqar pat\u0159\u00ed do t\u00e9to skupiny. Je me\u010dem Al\u00edho a jako takov\u00fd je znamen\u00edm odvahy, spravedlnosti a bo\u017esk\u00e9 pomoci.<\/p><p>Zvl\u00e1\u0161tnost\u00ed Zulfiqaru je rozeklan\u00e1 \u010depel. D\u011bl\u00e1 z me\u010de nezam\u011bniteln\u00fd symbol a odli\u0161uje jej od \u0159ady b\u011b\u017en\u00fdch me\u010dov\u00fdch znamen\u00ed.<\/p><p>Zulfiqar je tak isl\u00e1mskou, zejm\u00e9na \u0161\u00editsky formovanou podobou me\u010dov\u00e9ho znamen\u00ed. Spojuje roz\u0161\u00ed\u0159en\u00fd obraz me\u010de jako znamen\u00ed bojovn\u00e9 ctnosti s uct\u00edv\u00e1n\u00edm konkr\u00e9tn\u00ed uct\u00edvan\u00e9 postavy.<\/p>\t\t\t\t\t\t\t\t<\/div>\n\t\t\t\t<\/div>\n\t\t\t\t\t<\/div>\n\t\t\t\t<\/div>\n\t\t<div class=\"elementor-element elementor-element-iwgs-zulfiqar-s7 e-flex e-con-boxed e-con e-parent\" data-id=\"iwgs-zulfiqar-s7\" data-element_type=\"container\" data-e-type=\"container\">\n\t\t\t\t\t<div class=\"e-con-inner\">\n\t\t\t\t<div class=\"elementor-element elementor-element-iwgs-zulfiqar-s7h elementor-widget elementor-widget-heading\" data-id=\"iwgs-zulfiqar-s7h\" data-element_type=\"widget\" data-e-type=\"widget\" data-widget_type=\"heading.default\">\n\t\t\t\t\t<h2 class=\"elementor-heading-title elementor-size-default\">Uct\u00edv\u00e1n\u00ed, identita a ochrana<\/h2>\t\t\t\t<\/div>\n\t\t<div class=\"elementor-element elementor-element-iwgs-zulfiqar-s7box e-con-full e-flex e-con e-parent\" data-id=\"iwgs-zulfiqar-s7box\" data-element_type=\"container\" data-e-type=\"container\">\n\t\t\t\t<div class=\"elementor-element elementor-element-iwgs-zulfiqar-s7t elementor-widget elementor-widget-text-editor\" data-id=\"iwgs-zulfiqar-s7t\" data-element_type=\"widget\" data-e-type=\"widget\" data-widget_type=\"text-editor.default\">\n\t\t\t\t\t\t\t\t\t<p>Zulfiqar spojuje t\u0159i v\u00fdznamy, kter\u00e9 \u00fazce souvisej\u00ed, uct\u00edv\u00e1n\u00ed, identitu a ochranu.<\/p><p>Uct\u00edv\u00e1n\u00ed se vztahuje k Al\u00edmu. Zulfiqar je jeho me\u010d, a ukazovat jej znamen\u00e1 ct\u00edt Al\u00edho a jeho odvahu.<\/p><p>Identita se t\u00fdk\u00e1 spole\u010denstv\u00ed. Zulfiqar je znamen\u00edm \u0161\u00editsky formovan\u00fdch a p\u0159\u00edbuzn\u00fdch spole\u010denstv\u00ed. Nosit jej znamen\u00e1 p\u0159iznat se k tomuto spole\u010denstv\u00ed.<\/p><p>Ochrana vypl\u00fdv\u00e1 z oboj\u00edho. Kdo se stav\u00ed pod znamen\u00ed Al\u00edho, hled\u00e1 pomoc a s\u00edlu, kter\u00e9 jsou s n\u00edm spojeny.<\/p><p>Tyto t\u0159i v\u00fdznamy nelze striktn\u011b odd\u011blit. Pat\u0159\u00ed k sob\u011b a spole\u010dn\u011b vytv\u00e1\u0159ej\u00ed smysl znamen\u00ed.<\/p><p>Zulfiqar je tak v\u00edcevrstevn\u00fdm znamen\u00edm. Je z\u00e1rove\u0148 znamen\u00edm uct\u00edv\u00e1n\u00ed, identity a ochrany, a v\u0161echny t\u0159i str\u00e1nky vych\u00e1zej\u00ed ze spojen\u00ed s Al\u00edm a jeho me\u010dem.<\/p>\t\t\t\t\t\t\t\t<\/div>\n\t\t\t\t<\/div>\n\t\t\t\t\t<\/div>\n\t\t\t\t<\/div>\n\t\t<div class=\"elementor-element elementor-element-iwgs-zulfiqar-s8 e-flex e-con-boxed e-con e-parent\" data-id=\"iwgs-zulfiqar-s8\" data-element_type=\"container\" data-e-type=\"container\">\n\t\t\t\t\t<div class=\"e-con-inner\">\n\t\t\t\t<div class=\"elementor-element elementor-element-iwgs-zulfiqar-s8h elementor-widget elementor-widget-heading\" data-id=\"iwgs-zulfiqar-s8h\" data-element_type=\"widget\" data-e-type=\"widget\" data-widget_type=\"heading.default\">\n\t\t\t\t\t<h2 class=\"elementor-heading-title elementor-size-default\">Sou\u010dasn\u00e1 recepce<\/h2>\t\t\t\t<\/div>\n\t\t<div class=\"elementor-element elementor-element-iwgs-zulfiqar-s8box e-con-full e-flex e-con e-parent\" data-id=\"iwgs-zulfiqar-s8box\" data-element_type=\"container\" data-e-type=\"container\">\n\t\t\t\t<div class=\"elementor-element elementor-element-iwgs-zulfiqar-s8t elementor-widget elementor-widget-text-editor\" data-id=\"iwgs-zulfiqar-s8t\" data-element_type=\"widget\" data-e-type=\"widget\" data-widget_type=\"text-editor.default\">\n\t\t\t\t\t\t\t\t\t<p>Zulfiqar je v isl\u00e1msk\u00e9m sv\u011bt\u011b, zejm\u00e9na v oblastech s \u0161\u00editskou tradic\u00ed, dodnes \u017eiv\u00fdm znamen\u00edm. Objevuje se na vlajk\u00e1ch, na obrazech i na p\u0159edm\u011btech <span class=\"iwg-fachbegriff\" data-tooltip=\"Pro\u017e\u00edvan\u00fd n\u00e1bo\u017eensk\u00fd postoj a praxe \u010dlov\u011bka.\" tabindex=\"0\">zbo\u017enosti<\/span>.<\/p><p>Jako p\u0159\u00edv\u011bsek a \u0161perk nos\u00ed Zulfiqar mnoho lid\u00ed. V t\u00e9to podob\u011b je vyzn\u00e1n\u00edm uct\u00edv\u00e1n\u00ed Al\u00edho a znamen\u00edm \u017e\u00e1dan\u00e9 ochrany.<\/p><p>Zulfiqar je p\u0159\u00edtomn\u00fd i v um\u011bn\u00ed a v designu. Jeho nezam\u011bniteln\u00e1 rozeklan\u00e1 \u010depel z n\u011bj d\u011bl\u00e1 snadno rozpoznateln\u00fd <span class=\"iwg-fachbegriff\" data-tooltip=\"Opakuj\u00edc\u00ed se obsahov\u00fd prvek v um\u011bn\u00ed nebo vypr\u00e1v\u011bn\u00ed.\" tabindex=\"0\">motiv<\/span>.<\/p><p>Pro v\u00fdzkum isl\u00e1mu je Zulfiqar v\u00fdmluvn\u00fdm znamen\u00edm. Ukazuje, jak t\u011bsn\u011b mohou b\u00fdt spojeny uct\u00edv\u00e1n\u00ed postavy, identita spole\u010denstv\u00ed a p\u0159\u00e1n\u00ed ochrany.<\/p><p>Zulfiqar tak z\u016fst\u00e1v\u00e1 v\u00fdrazn\u00fdm p\u0159\u00edkladem znamen\u00ed, kter\u00e9 vze\u0161lo z legend\u00e1rn\u00edho p\u0159edm\u011btu. Z me\u010de uct\u00edvan\u00e9ho hrdiny se stalo znamen\u00ed, kter\u00e9 vyjad\u0159uje uct\u00edv\u00e1n\u00ed, soun\u00e1le\u017eitost i ochranu z\u00e1rove\u0148.<\/p><p>V n\u011bm se spojuje vzpom\u00ednka na Al\u00edho, nezam\u011bniteln\u00e1 podoba rozeklan\u00e9 \u010depele a p\u0159\u00e1n\u00ed pod\u00edlet se na odvaze a pomoci, kter\u00e9 jsou spojeny s me\u010dem Zulfiqar.<\/p>\t\t\t\t\t\t\t\t<\/div>\n\t\t\t\t<\/div>\n\t\t\t\t\t<\/div>\n\t\t\t\t<\/div>\n\t\t<div class=\"elementor-element elementor-element-iwgs-zulfiqar-lit e-flex e-con-boxed e-con e-parent\" data-id=\"iwgs-zulfiqar-lit\" data-element_type=\"container\" data-e-type=\"container\">\n\t\t\t\t\t<div class=\"e-con-inner\">\n\t\t\t\t<div class=\"elementor-element elementor-element-iwgs-zulfiqar-lith elementor-widget elementor-widget-heading\" data-id=\"iwgs-zulfiqar-lith\" data-element_type=\"widget\" data-e-type=\"widget\" data-widget_type=\"heading.default\">\n\t\t\t\t\t<h2 class=\"elementor-heading-title elementor-size-default\">Literatura (v\u00fdb\u011br)<\/h2>\t\t\t\t<\/div>\n\t\t<div class=\"elementor-element elementor-element-iwgs-zulfiqar-litbox e-con-full e-flex e-con e-parent\" data-id=\"iwgs-zulfiqar-litbox\" data-element_type=\"container\" data-e-type=\"container\">\n\t\t\t\t<div class=\"elementor-element elementor-element-iwgs-zulfiqar-litt elementor-widget elementor-widget-html\" data-id=\"iwgs-zulfiqar-litt\" data-element_type=\"widget\" data-e-type=\"widget\" data-widget_type=\"html.default\">\n\t\t\t\t\t<footer data-nosnippet=\"true\"><ul><li>Annemarie Schimmel: <em>Die Religion des Islam. Eine Einf\u00fchrung<\/em> (1990)<\/li><li>Heinz Halm: <em>Die Schia<\/em> (1988)<\/li><li>Heinz Halm: <em>Der schiitische Islam<\/em> (1994)<\/li><li>Annemarie Schimmel: <em>Die Zeichen Gottes<\/em> (1995)<\/li><li>Maria Vittoria Fontana: Studie k isl\u00e1msk\u00e9 ikonografii<\/li><\/ul><\/footer>\t\t\t\t<\/div>\n\t\t\t\t<\/div>\n\t\t\t\t\t<\/div>\n\t\t\t\t<\/div>\n\t\t<div class=\"elementor-element elementor-element-iwgs-zulfiqar-kwd e-flex e-con-boxed e-con e-parent\" data-id=\"iwgs-zulfiqar-kwd\" data-element_type=\"container\" data-e-type=\"container\">\n\t\t\t\t\t<div class=\"e-con-inner\">\n\t\t\t\t<div class=\"elementor-element elementor-element-iwgs-zulfiqar-kwdt elementor-widget elementor-widget-text-editor\" data-id=\"iwgs-zulfiqar-kwdt\" data-element_type=\"widget\" data-e-type=\"widget\" data-widget_type=\"text-editor.default\">\n\t\t\t\t\t\t\t\t\t<p><em>Souvisej\u00edc\u00ed kl\u00ed\u010dov\u00e9 pojmy: Zulfiqar Al\u00ed me\u010d \u0161\u00editsk\u00fd isl\u00e1m rozeklan\u00e1 \u010depel uct\u00edv\u00e1n\u00ed znamen\u00ed identity.<\/em><\/p>\t\t\t\t\t\t\t\t<\/div>\n\t\t\t\t\t<\/div>\n\t\t\t\t<\/div>\n\t\t<div class=\"elementor-element elementor-element-iwgs-zulfiqar-cc e-flex e-con-boxed e-con e-parent\" data-id=\"iwgs-zulfiqar-cc\" data-element_type=\"container\" data-e-type=\"container\" id=\"iwg-cc-zulfiqar\">\n\t\t\t\t\t<div class=\"e-con-inner\">\n\t\t<div class=\"elementor-element elementor-element-iwgs-zulfiqar-ccinner e-flex e-con-boxed e-con e-parent\" data-id=\"iwgs-zulfiqar-ccinner\" data-element_type=\"container\" data-e-type=\"container\" data-settings=\"{&quot;background_background&quot;:&quot;classic&quot;}\">\n\t\t\t\t\t<div class=\"e-con-inner\">\n\t\t\t\t<div class=\"elementor-element elementor-element-iwgs-zulfiqar-cch elementor-widget elementor-widget-heading\" data-id=\"iwgs-zulfiqar-cch\" data-element_type=\"widget\" data-e-type=\"widget\" data-widget_type=\"heading.default\">\n\t\t\t\t\t<h2 class=\"elementor-heading-title elementor-size-default\">iWell Guard a ochrann\u00e9 tradice<\/h2>\t\t\t\t<\/div>\n\t\t\t\t<div class=\"elementor-element elementor-element-iwgs-zulfiqar-cct elementor-widget elementor-widget-text-editor\" data-id=\"iwgs-zulfiqar-cct\" data-element_type=\"widget\" data-e-type=\"widget\" data-widget_type=\"text-editor.default\">\n\t\t\t\t\t\t\t\t\t<p>iWell Guard navazuje na kulturn\u011b-historickou linii nositeln\u00fdch ochrann\u00fdch p\u0159edm\u011bt\u016f, k n\u00ed\u017e pat\u0159\u00ed i Zulfiqar. Modern\u00ed spole\u010dn\u00edk pro lidi, kte\u0159\u00ed \u017eij\u00ed s ochrann\u00fdmi symboly: vyrobeno v N\u011bmecku, 41 vrstev z ryz\u00edho zlata, platiny a st\u0159\u00edbra, s 30denn\u00ed lh\u016ftou pro vr\u00e1cen\u00ed zbo\u017e\u00ed.<\/p>\t\t\t\t\t\t\t\t<\/div>\n\t\t\t\t<div class=\"elementor-element elementor-element-iwgs-zulfiqar-ccb iwg-cc-button iwg-cc-cta-2026-05-13 elementor-widget elementor-widget-jet-button\" data-id=\"iwgs-zulfiqar-ccb\" data-element_type=\"widget\" data-e-type=\"widget\" data-widget_type=\"jet-button.default\">\n\t\t\t\t<div class=\"elementor-widget-container\">\n\t\t\t\t\t<div class=\"elementor-jet-button jet-elements\"><div class=\"jet-button__container\"><a class=\"jet-button__instance jet-button__instance--icon-left hover-effect-1\" href=\"\/schutzanhaenger-iwell-guard-kaufen\/?utm_source=iwell-guard.com&amp;utm_medium=info-box&amp;utm_campaign=schutzsymbole\"><div class=\"jet-button__plane jet-button__plane-normal\"><\/div><div class=\"jet-button__plane jet-button__plane-hover\"><\/div><div class=\"jet-button__state jet-button__state-normal\"><span class=\"jet-button__label\">V\u00edce o iWell Guard<\/span><\/div><div class=\"jet-button__state jet-button__state-hover\"><span class=\"jet-button__label\">V\u00edce o iWell Guard<\/span><\/div><\/a><\/div><\/div><style>.elementor-element.elementor-element-iwgs-zulfiqar-ccb .jet-button__instance{width:320px;height:56px;}.elementor-element.elementor-element-iwgs-zulfiqar-ccb .jet-button__state-normal .jet-button__label{text-align:center;margin:0px 0px 0px 0px;color:#1a1b20;font-family:Montserrat,sans-serif;font-size:13px;font-weight:400;letter-spacing:4px;line-height:1.714em;text-transform:uppercase;}.elementor-element.elementor-element-iwgs-zulfiqar-ccb .jet-button__state-hover .jet-button__label{text-align:center;margin:0px 0px 0px 0px;color:#FECC76;font-family:Montserrat,sans-serif;font-size:13px;font-weight:400;letter-spacing:4px;line-height:1.714em;text-transform:uppercase;}.elementor-element.elementor-element-iwgs-zulfiqar-ccb .jet-button__plane-normal{background-color:#FECC76;border-style:solid;border-color:#C99540;border-width:2px 2px 2px 2px;}.elementor-element.elementor-element-iwgs-zulfiqar-ccb .jet-button__plane-hover{background-color:rgba(0,0,0,0.55);border-style:solid;border-color:#FECC76;border-width:2px 2px 2px 2px;}<\/style>\t\t\t\t<\/div>\n\t\t\t\t<\/div>\n\t\t\t\t<div class=\"elementor-element elementor-element-iwgs-zulfiqar-ccd elementor-widget elementor-widget-text-editor\" data-id=\"iwgs-zulfiqar-ccd\" data-element_type=\"widget\" data-e-type=\"widget\" data-widget_type=\"text-editor.default\">\n\t\t\t\t\t\t\t\t\t<p style=\"text-align:center;font-size:13px;opacity:0.7;margin-top:14px\" data-nosnippet=\"true\">Osobn\u00ed zku\u0161enosti se mohou li\u0161it. Nejde o zdravotnick\u00fd prost\u0159edek. Nejde o p\u0159\u00edslib l\u00e9\u010den\u00ed.<\/p>\t\t\t\t\t\t\t\t<\/div>\n\t\t\t\t\t<\/div>\n\t\t\t\t<\/div>\n\t\t\t\t\t<\/div>\n\t\t\t\t<\/div>\n\t\t<div class=\"elementor-element elementor-element-iwgs-zulfiqar-disc e-flex e-con-boxed e-con e-parent\" data-id=\"iwgs-zulfiqar-disc\" data-element_type=\"container\" data-e-type=\"container\">\n\t\t\t\t\t<div class=\"e-con-inner\">\n\t\t\t\t<div class=\"elementor-element elementor-element-iwgs-zulfiqar-discw elementor-widget elementor-widget-html\" data-id=\"iwgs-zulfiqar-discw\" data-element_type=\"widget\" data-e-type=\"widget\" data-widget_type=\"html.default\">\n\t\t\t\t\t<footer data-nosnippet=\"true\" class=\"iwg-disclaimer-block\"><p data-nosnippet=\"true\">iWell Guard <strong>nen\u00ed zdravotnick\u00fd prost\u0159edek<\/strong> a nenahrazuje l\u00e9ka\u0159skou ani psychoterapeutickou l\u00e9\u010dbu. Zde uveden\u00fd obsah p\u0159edstavuje religionistick\u00e9 a kulturn\u011b-historick\u00e9 za\u0159azen\u00ed, nikoli p\u0159\u00edslib duchovn\u00edho \u00fa\u010dinku.<\/p><\/footer>\t\t\t\t<\/div>\n\t\t\t\t\t<\/div>\n\t\t\t\t<\/div>\n\t\t\t\t<\/div>\n\t\t","protected":false},"excerpt":{"rendered":"","protected":false},"author":3,"featured_media":3517,"parent":0,"menu_order":0,"comment_status":"closed","ping_status":"closed","template":"elementor_header_footer","meta":{"_yoast_wpseo_focuskw":"Zulfiqar","_yoast_wpseo_title":"Zulfiqar \u2013 me\u010d Al\u00edho jako ochrann\u00e9 znamen\u00ed","_yoast_wpseo_metadesc":"Zulfiqar je legend\u00e1rn\u00ed me\u010d Al\u00edho a v\u00fdznamn\u00e9 znamen\u00ed, zejm\u00e9na v \u0161\u00editsk\u00e9m isl\u00e1mu. Vysv\u011btlen jeho p\u016fvod a v\u00fdznam.","_yoast_wpseo_meta-robots-noindex":"","_yoast_wpseo_canonical":"","_angie_page":false,"gefaehrdungsstufe":"","wesen_kultur":"","wesen_klasse":"","footnotes":""},"categories":[],"class_list":["post-145714","page","type-page","status-publish","has-post-thumbnail","hentry"],"yoast_head":"<!-- This site is optimized with the Yoast SEO Premium plugin v27.7 (Yoast SEO v28.3) - https:\/\/yoast.com\/product\/yoast-seo-premium-wordpress\/ -->\n<title>Zulfiqar \u2013 me\u010d Al\u00edho jako ochrann\u00e9 znamen\u00ed<\/title>\n<meta name=\"description\" content=\"Zulfiqar je legend\u00e1rn\u00ed me\u010d Al\u00edho a v\u00fdznamn\u00e9 znamen\u00ed, zejm\u00e9na v \u0161\u00editsk\u00e9m isl\u00e1mu. Vysv\u011btlen jeho p\u016fvod a v\u00fdznam.\" \/>\n<meta name=\"robots\" content=\"index, follow, max-snippet:-1, max-image-preview:large, max-video-preview:-1\" \/>\n<link rel=\"canonical\" href=\"https:\/\/iwell-guard.com\/cs\/zulfiqar-mec-aliho-jako-ochranne-znameni\/\" \/>\n<meta property=\"og:locale\" content=\"cs_CZ\" \/>\n<meta property=\"og:type\" content=\"article\" \/>\n<meta property=\"og:title\" content=\"Zulfiqar \u2013 me\u010d Al\u00edho jako ochrann\u00e9 znamen\u00ed\" \/>\n<meta property=\"og:description\" content=\"Zulfiqar je legend\u00e1rn\u00ed me\u010d Al\u00edho a v\u00fdznamn\u00e9 znamen\u00ed, zejm\u00e9na v \u0161\u00editsk\u00e9m isl\u00e1mu. Vysv\u011btlen jeho p\u016fvod a v\u00fdznam.\" \/>\n<meta property=\"og:url\" content=\"https:\/\/iwell-guard.com\/cs\/zulfiqar-mec-aliho-jako-ochranne-znameni\/\" \/>\n<meta property=\"og:site_name\" content=\"iWell Guard\" \/>\n<meta property=\"article:modified_time\" content=\"2026-09-03T17:03:45+00:00\" \/>\n<meta property=\"og:image\" content=\"https:\/\/iwell-guard.com\/wp-content\/uploads\/2026\/05\/schutzsymbol_islam_zulfiqar.webp\" \/>\n\t<meta property=\"og:image:width\" content=\"1024\" \/>\n\t<meta property=\"og:image:height\" content=\"1536\" \/>\n\t<meta property=\"og:image:type\" content=\"image\/webp\" \/>\n<meta name=\"twitter:card\" content=\"summary_large_image\" \/>\n<script type=\"application\/ld+json\" class=\"yoast-schema-graph\">{\"@context\":\"https:\\\/\\\/schema.org\",\"@graph\":[{\"@type\":\"WebPage\",\"@id\":\"https:\\\/\\\/iwell-guard.com\\\/cs\\\/zulfiqar-mec-aliho-jako-ochranne-znameni\\\/\",\"url\":\"https:\\\/\\\/iwell-guard.com\\\/cs\\\/zulfiqar-mec-aliho-jako-ochranne-znameni\\\/\",\"name\":\"Zulfiqar \u2013 me\u010d Al\u00edho jako ochrann\u00e9 znamen\u00ed\",\"isPartOf\":{\"@id\":\"https:\\\/\\\/iwell-guard.com\\\/cs\\\/#website\"},\"primaryImageOfPage\":{\"@id\":\"https:\\\/\\\/iwell-guard.com\\\/cs\\\/zulfiqar-mec-aliho-jako-ochranne-znameni\\\/#primaryimage\"},\"image\":{\"@id\":\"https:\\\/\\\/iwell-guard.com\\\/cs\\\/zulfiqar-mec-aliho-jako-ochranne-znameni\\\/#primaryimage\"},\"thumbnailUrl\":\"https:\\\/\\\/iwell-guard.com\\\/wp-content\\\/uploads\\\/2026\\\/05\\\/schutzsymbol_islam_zulfiqar.webp\",\"datePublished\":\"2026-09-03T16:33:02+00:00\",\"dateModified\":\"2026-09-03T17:03:45+00:00\",\"description\":\"Zulfiqar je legend\u00e1rn\u00ed me\u010d Al\u00edho a v\u00fdznamn\u00e9 znamen\u00ed, zejm\u00e9na v \u0161\u00editsk\u00e9m isl\u00e1mu. Vysv\u011btlen jeho p\u016fvod a v\u00fdznam.\",\"breadcrumb\":{\"@id\":\"https:\\\/\\\/iwell-guard.com\\\/cs\\\/zulfiqar-mec-aliho-jako-ochranne-znameni\\\/#breadcrumb\"},\"inLanguage\":\"cs\",\"potentialAction\":[{\"@type\":\"ReadAction\",\"target\":[\"https:\\\/\\\/iwell-guard.com\\\/cs\\\/zulfiqar-mec-aliho-jako-ochranne-znameni\\\/\"]}]},{\"@type\":\"ImageObject\",\"inLanguage\":\"cs\",\"@id\":\"https:\\\/\\\/iwell-guard.com\\\/cs\\\/zulfiqar-mec-aliho-jako-ochranne-znameni\\\/#primaryimage\",\"url\":\"https:\\\/\\\/iwell-guard.com\\\/wp-content\\\/uploads\\\/2026\\\/05\\\/schutzsymbol_islam_zulfiqar.webp\",\"contentUrl\":\"https:\\\/\\\/iwell-guard.com\\\/wp-content\\\/uploads\\\/2026\\\/05\\\/schutzsymbol_islam_zulfiqar.webp\",\"width\":1024,\"height\":1536,\"caption\":\"Ochrann\u00fd symbol. Muzejn\u00ed ilustrace z\u00e1ti\u0161\u00ed.\"},{\"@type\":\"BreadcrumbList\",\"@id\":\"https:\\\/\\\/iwell-guard.com\\\/cs\\\/zulfiqar-mec-aliho-jako-ochranne-znameni\\\/#breadcrumb\",\"itemListElement\":[{\"@type\":\"ListItem\",\"position\":1,\"name\":\"Start\",\"item\":\"https:\\\/\\\/iwell-guard.com\\\/cs\\\/?page_id=145107\"},{\"@type\":\"ListItem\",\"position\":2,\"name\":\"Zulfiqar \u2013 me\u010d Al\u00edho jako ochrann\u00e9 znamen\u00ed\"}]},{\"@type\":\"WebSite\",\"@id\":\"https:\\\/\\\/iwell-guard.com\\\/cs\\\/#website\",\"url\":\"https:\\\/\\\/iwell-guard.com\\\/cs\\\/\",\"name\":\"iWell Guard\",\"description\":\"Schutz vor dunklen Einfl\u00fcssen\",\"publisher\":{\"@id\":\"https:\\\/\\\/iwell-guard.com\\\/cs\\\/#organization\"},\"potentialAction\":[{\"@type\":\"SearchAction\",\"target\":{\"@type\":\"EntryPoint\",\"urlTemplate\":\"https:\\\/\\\/iwell-guard.com\\\/cs\\\/?s={search_term_string}\"},\"query-input\":{\"@type\":\"PropertyValueSpecification\",\"valueRequired\":true,\"valueName\":\"search_term_string\"}}],\"inLanguage\":\"cs\"},{\"@type\":\"Organization\",\"@id\":\"https:\\\/\\\/iwell-guard.com\\\/cs\\\/#organization\",\"name\":\"Ittermann electronic GmbH\",\"url\":\"https:\\\/\\\/iwell-guard.com\\\/cs\\\/\",\"logo\":{\"@type\":\"ImageObject\",\"inLanguage\":\"cs\",\"@id\":\"https:\\\/\\\/iwell-guard.com\\\/cs\\\/#\\\/schema\\\/logo\\\/image\\\/\",\"url\":\"https:\\\/\\\/iwell-guard.com\\\/wp-content\\\/uploads\\\/2026\\\/05\\\/Ittermann-Logo-1182x237-1.png\",\"contentUrl\":\"https:\\\/\\\/iwell-guard.com\\\/wp-content\\\/uploads\\\/2026\\\/05\\\/Ittermann-Logo-1182x237-1.png\",\"width\":1182,\"height\":237,\"caption\":\"Ittermann electronic GmbH\"},\"image\":{\"@id\":\"https:\\\/\\\/iwell-guard.com\\\/cs\\\/#\\\/schema\\\/logo\\\/image\\\/\"},\"sameAs\":[\"https:\\\/\\\/pantip.com\\\/profile\\\/9367242\",\"https:\\\/\\\/micro.blog\\\/iwellguard\",\"https:\\\/\\\/www.diggerslist.com\\\/iwellguard\\\/about\",\"https:\\\/\\\/skitterphoto.com\\\/photographers\\\/2870314\\\/iwell-guard\",\"https:\\\/\\\/iwellguard.wordpress.com\\\/2026\\\/06\\\/06\\\/iwell-guard\\\/\",\"https:\\\/\\\/hub.docker.com\\\/u\\\/iwellguard\",\"https:\\\/\\\/www.pinterest.com\\\/iwellguard\\\/\",\"https:\\\/\\\/bit.ly\\\/m\\\/iwellguard\",\"https:\\\/\\\/entre-vos-mains.alsace.eu\\\/profiles\\\/iwellguard\\\/activity\",\"https:\\\/\\\/gravatar.com\\\/reallybeded8fd34\",\"https:\\\/\\\/naijamatta.com\\\/iwellguard\",\"https:\\\/\\\/www.goodreads.com\\\/iwellguard\",\"https:\\\/\\\/profile.hatena.ne.jp\\\/iwellguard\\\/\",\"https:\\\/\\\/experiment.com\\\/users\\\/iwellguard\",\"https:\\\/\\\/wakelet.com\\\/@iWellGuard82270\",\"https:\\\/\\\/www.chordie.com\\\/forum\\\/profile.php?id=2555664\",\"https:\\\/\\\/www.instapaper.com\\\/p\\\/17757966\",\"https:\\\/\\\/www.mapleprimes.com\\\/users\\\/iwellguard\",\"https:\\\/\\\/businesslistingplus.com\\\/profile\\\/iwell-guard\\\/\",\"https:\\\/\\\/telegra.ph\\\/iWell-Guard-06-06\",\"https:\\\/\\\/pbase.com\\\/iwellguard\\\/iwellguard\",\"https:\\\/\\\/b.hatena.ne.jp\\\/iwellguard\\\/20260607#bookmark-4788405196491818882\",\"https:\\\/\\\/fliphtml5.com\\\/home\\\/iwellguard\",\"https:\\\/\\\/anyflip.com\\\/homepage\\\/cmiwl#About\",\"https:\\\/\\\/transfur.com\\\/Users\\\/iwellguard\",\"http:\\\/\\\/delphi.larsbo.org\\\/user\\\/iwellguard\",\"https:\\\/\\\/jobs.lajobsportal.org\\\/profiles\\\/8380803-iwell-guard\",\"https:\\\/\\\/md.chaosdorf.de\\\/s\\\/jfbe5SBdJD\",\"https:\\\/\\\/www.lingvolive.com\\\/en-us\\\/profile\\\/9ecaeaca-ce11-4e51-9e71-01d55e2bff36\\\/translations\",\"https:\\\/\\\/www.fitday.com\\\/fitness\\\/forums\\\/members\\\/iwellguard.html\",\"https:\\\/\\\/www.mymeetbook.com\\\/iwellguard\",\"https:\\\/\\\/pxhere.com\\\/en\\\/photographer-me\\\/5040798\",\"https:\\\/\\\/disqus.com\\\/by\\\/iwellguard\\\/about\\\/\",\"https:\\\/\\\/pastelink.net\\\/hjwciqwq\",\"https:\\\/\\\/pubhtml5.com\\\/homepage\\\/scjhn\\\/\",\"https:\\\/\\\/www.bitchute.com\\\/channel\\\/2O2eOKzNqujT\",\"https:\\\/\\\/audiomack.com\\\/iwellguard\"]}]}<\/script>\n<!-- \/ Yoast SEO Premium plugin. -->","yoast_head_json":{"title":"Zulfiqar \u2013 me\u010d Al\u00edho jako ochrann\u00e9 znamen\u00ed","description":"Zulfiqar je legend\u00e1rn\u00ed me\u010d Al\u00edho a v\u00fdznamn\u00e9 znamen\u00ed, zejm\u00e9na v \u0161\u00editsk\u00e9m isl\u00e1mu. Vysv\u011btlen jeho p\u016fvod a v\u00fdznam.","robots":{"index":"index","follow":"follow","max-snippet":"max-snippet:-1","max-image-preview":"max-image-preview:large","max-video-preview":"max-video-preview:-1"},"canonical":"https:\/\/iwell-guard.com\/cs\/zulfiqar-mec-aliho-jako-ochranne-znameni\/","og_locale":"cs_CZ","og_type":"article","og_title":"Zulfiqar \u2013 me\u010d Al\u00edho jako ochrann\u00e9 znamen\u00ed","og_description":"Zulfiqar je legend\u00e1rn\u00ed me\u010d Al\u00edho a v\u00fdznamn\u00e9 znamen\u00ed, zejm\u00e9na v \u0161\u00editsk\u00e9m isl\u00e1mu. Vysv\u011btlen jeho p\u016fvod a v\u00fdznam.","og_url":"https:\/\/iwell-guard.com\/cs\/zulfiqar-mec-aliho-jako-ochranne-znameni\/","og_site_name":"iWell Guard","article_modified_time":"2026-09-03T17:03:45+00:00","og_image":[{"width":1024,"height":1536,"url":"https:\/\/iwell-guard.com\/wp-content\/uploads\/2026\/05\/schutzsymbol_islam_zulfiqar.webp","type":"image\/webp"}],"twitter_card":"summary_large_image","schema":{"@context":"https:\/\/schema.org","@graph":[{"@type":"WebPage","@id":"https:\/\/iwell-guard.com\/cs\/zulfiqar-mec-aliho-jako-ochranne-znameni\/","url":"https:\/\/iwell-guard.com\/cs\/zulfiqar-mec-aliho-jako-ochranne-znameni\/","name":"Zulfiqar \u2013 me\u010d Al\u00edho jako ochrann\u00e9 znamen\u00ed","isPartOf":{"@id":"https:\/\/iwell-guard.com\/cs\/#website"},"primaryImageOfPage":{"@id":"https:\/\/iwell-guard.com\/cs\/zulfiqar-mec-aliho-jako-ochranne-znameni\/#primaryimage"},"image":{"@id":"https:\/\/iwell-guard.com\/cs\/zulfiqar-mec-aliho-jako-ochranne-znameni\/#primaryimage"},"thumbnailUrl":"https:\/\/iwell-guard.com\/wp-content\/uploads\/2026\/05\/schutzsymbol_islam_zulfiqar.webp","datePublished":"2026-09-03T16:33:02+00:00","dateModified":"2026-09-03T17:03:45+00:00","description":"Zulfiqar je legend\u00e1rn\u00ed me\u010d Al\u00edho a v\u00fdznamn\u00e9 znamen\u00ed, zejm\u00e9na v \u0161\u00editsk\u00e9m isl\u00e1mu. Vysv\u011btlen jeho p\u016fvod a v\u00fdznam.","breadcrumb":{"@id":"https:\/\/iwell-guard.com\/cs\/zulfiqar-mec-aliho-jako-ochranne-znameni\/#breadcrumb"},"inLanguage":"cs","potentialAction":[{"@type":"ReadAction","target":["https:\/\/iwell-guard.com\/cs\/zulfiqar-mec-aliho-jako-ochranne-znameni\/"]}]},{"@type":"ImageObject","inLanguage":"cs","@id":"https:\/\/iwell-guard.com\/cs\/zulfiqar-mec-aliho-jako-ochranne-znameni\/#primaryimage","url":"https:\/\/iwell-guard.com\/wp-content\/uploads\/2026\/05\/schutzsymbol_islam_zulfiqar.webp","contentUrl":"https:\/\/iwell-guard.com\/wp-content\/uploads\/2026\/05\/schutzsymbol_islam_zulfiqar.webp","width":1024,"height":1536,"caption":"Ochrann\u00fd symbol. Muzejn\u00ed ilustrace z\u00e1ti\u0161\u00ed."},{"@type":"BreadcrumbList","@id":"https:\/\/iwell-guard.com\/cs\/zulfiqar-mec-aliho-jako-ochranne-znameni\/#breadcrumb","itemListElement":[{"@type":"ListItem","position":1,"name":"Start","item":"https:\/\/iwell-guard.com\/cs\/?page_id=145107"},{"@type":"ListItem","position":2,"name":"Zulfiqar \u2013 me\u010d Al\u00edho jako ochrann\u00e9 znamen\u00ed"}]},{"@type":"WebSite","@id":"https:\/\/iwell-guard.com\/cs\/#website","url":"https:\/\/iwell-guard.com\/cs\/","name":"iWell Guard","description":"Schutz vor dunklen Einfl\u00fcssen","publisher":{"@id":"https:\/\/iwell-guard.com\/cs\/#organization"},"potentialAction":[{"@type":"SearchAction","target":{"@type":"EntryPoint","urlTemplate":"https:\/\/iwell-guard.com\/cs\/?s={search_term_string}"},"query-input":{"@type":"PropertyValueSpecification","valueRequired":true,"valueName":"search_term_string"}}],"inLanguage":"cs"},{"@type":"Organization","@id":"https:\/\/iwell-guard.com\/cs\/#organization","name":"Ittermann electronic GmbH","url":"https:\/\/iwell-guard.com\/cs\/","logo":{"@type":"ImageObject","inLanguage":"cs","@id":"https:\/\/iwell-guard.com\/cs\/#\/schema\/logo\/image\/","url":"https:\/\/iwell-guard.com\/wp-content\/uploads\/2026\/05\/Ittermann-Logo-1182x237-1.png","contentUrl":"https:\/\/iwell-guard.com\/wp-content\/uploads\/2026\/05\/Ittermann-Logo-1182x237-1.png","width":1182,"height":237,"caption":"Ittermann electronic GmbH"},"image":{"@id":"https:\/\/iwell-guard.com\/cs\/#\/schema\/logo\/image\/"},"sameAs":["https:\/\/pantip.com\/profile\/9367242","https:\/\/micro.blog\/iwellguard","https:\/\/www.diggerslist.com\/iwellguard\/about","https:\/\/skitterphoto.com\/photographers\/2870314\/iwell-guard","https:\/\/iwellguard.wordpress.com\/2026\/06\/06\/iwell-guard\/","https:\/\/hub.docker.com\/u\/iwellguard","https:\/\/www.pinterest.com\/iwellguard\/","https:\/\/bit.ly\/m\/iwellguard","https:\/\/entre-vos-mains.alsace.eu\/profiles\/iwellguard\/activity","https:\/\/gravatar.com\/reallybeded8fd34","https:\/\/naijamatta.com\/iwellguard","https:\/\/www.goodreads.com\/iwellguard","https:\/\/profile.hatena.ne.jp\/iwellguard\/","https:\/\/experiment.com\/users\/iwellguard","https:\/\/wakelet.com\/@iWellGuard82270","https:\/\/www.chordie.com\/forum\/profile.php?id=2555664","https:\/\/www.instapaper.com\/p\/17757966","https:\/\/www.mapleprimes.com\/users\/iwellguard","https:\/\/businesslistingplus.com\/profile\/iwell-guard\/","https:\/\/telegra.ph\/iWell-Guard-06-06","https:\/\/pbase.com\/iwellguard\/iwellguard","https:\/\/b.hatena.ne.jp\/iwellguard\/20260607#bookmark-4788405196491818882","https:\/\/fliphtml5.com\/home\/iwellguard","https:\/\/anyflip.com\/homepage\/cmiwl#About","https:\/\/transfur.com\/Users\/iwellguard","http:\/\/delphi.larsbo.org\/user\/iwellguard","https:\/\/jobs.lajobsportal.org\/profiles\/8380803-iwell-guard","https:\/\/md.chaosdorf.de\/s\/jfbe5SBdJD","https:\/\/www.lingvolive.com\/en-us\/profile\/9ecaeaca-ce11-4e51-9e71-01d55e2bff36\/translations","https:\/\/www.fitday.com\/fitness\/forums\/members\/iwellguard.html","https:\/\/www.mymeetbook.com\/iwellguard","https:\/\/pxhere.com\/en\/photographer-me\/5040798","https:\/\/disqus.com\/by\/iwellguard\/about\/","https:\/\/pastelink.net\/hjwciqwq","https:\/\/pubhtml5.com\/homepage\/scjhn\/","https:\/\/www.bitchute.com\/channel\/2O2eOKzNqujT","https:\/\/audiomack.com\/iwellguard"]}]}},"_links":{"self":[{"href":"https:\/\/iwell-guard.com\/cs\/wp-json\/wp\/v2\/pages\/145714","targetHints":{"allow":["GET"]}}],"collection":[{"href":"https:\/\/iwell-guard.com\/cs\/wp-json\/wp\/v2\/pages"}],"about":[{"href":"https:\/\/iwell-guard.com\/cs\/wp-json\/wp\/v2\/types\/page"}],"author":[{"embeddable":true,"href":"https:\/\/iwell-guard.com\/cs\/wp-json\/wp\/v2\/users\/3"}],"replies":[{"embeddable":true,"href":"https:\/\/iwell-guard.com\/cs\/wp-json\/wp\/v2\/comments?post=145714"}],"version-history":[{"count":0,"href":"https:\/\/iwell-guard.com\/cs\/wp-json\/wp\/v2\/pages\/145714\/revisions"}],"wp:featuredmedia":[{"embeddable":true,"href":"https:\/\/iwell-guard.com\/cs\/wp-json\/wp\/v2\/media\/3517"}],"wp:attachment":[{"href":"https:\/\/iwell-guard.com\/cs\/wp-json\/wp\/v2\/media?parent=145714"}],"wp:term":[{"taxonomy":"category","embeddable":true,"href":"https:\/\/iwell-guard.com\/cs\/wp-json\/wp\/v2\/categories?post=145714"}],"curies":[{"name":"wp","href":"https:\/\/api.w.org\/{rel}","templated":true}]}}