{"id":145710,"date":"2026-09-03T16:33:00","date_gmt":"2026-09-03T16:33:00","guid":{"rendered":"https:\/\/iwell-guard.com\/?page_id=145710"},"modified":"2026-09-03T17:03:40","modified_gmt":"2026-09-03T17:03:40","slug":"schiviti-tabule","status":"publish","type":"page","link":"https:\/\/iwell-guard.com\/cs\/schiviti-tabule\/","title":{"rendered":"Schiviti \u2013 \u017eidovsk\u00fd modlitebn\u00ed a ochrann\u00fd obraz"},"content":{"rendered":"\t\t<div data-elementor-type=\"wp-page\" data-elementor-id=\"145710\" class=\"elementor elementor-145710 elementor-3673 elementor-bc-flex-widget\" data-elementor-post-type=\"page\">\n\t\t\t\t<div class=\"elementor-element elementor-element-iwgs-schiwititafe-hero e-flex e-con-boxed e-con e-parent\" data-id=\"iwgs-schiwititafe-hero\" data-element_type=\"container\" data-e-type=\"container\">\n\t\t\t\t\t<div class=\"e-con-inner\">\n\t\t<div class=\"elementor-element elementor-element-iwgs-schiwititafe-hl e-flex e-con-boxed e-con e-parent\" data-id=\"iwgs-schiwititafe-hl\" data-element_type=\"container\" data-e-type=\"container\">\n\t\t\t\t\t<div class=\"e-con-inner\">\n\t\t<div class=\"elementor-element elementor-element-iwgs-schiwititafe-hlbox e-con-full e-flex e-con e-parent\" data-id=\"iwgs-schiwititafe-hlbox\" data-element_type=\"container\" data-e-type=\"container\">\n\t\t\t\t<div class=\"elementor-element elementor-element-iwgs-schiwititafe-h1 elementor-widget elementor-widget-heading\" data-id=\"iwgs-schiwititafe-h1\" data-element_type=\"widget\" data-e-type=\"widget\" data-widget_type=\"heading.default\">\n\t\t\t\t\t<h1 class=\"elementor-heading-title elementor-size-default\">Schiviti \u2013 \u017eidovsk\u00fd modlitebn\u00ed a ochrann\u00fd obraz<\/h1>\t\t\t\t<\/div>\n\t\t\t\t<div class=\"elementor-element elementor-element-iwgs-schiwititafe-lead elementor-widget elementor-widget-text-editor\" data-id=\"iwgs-schiwititafe-lead\" data-element_type=\"widget\" data-e-type=\"widget\" data-widget_type=\"text-editor.default\">\n\t\t\t\t\t\t\t\t\t<p>Schiviti je \u017eidovsk\u00fd modlitebn\u00ed obraz. Jeho n\u00e1zev poch\u00e1z\u00ed z ver\u0161e \u017ealmu a m\u00e1 se skrze n\u011bj v\u011b\u0159\u00edc\u00edmu p\u0159ipom\u00ednat neust\u00e1l\u00e1 p\u0159\u00edtomnost Boha. V jeho Bo\u017e\u00edch jm\u00e9nech je z\u00e1rove\u0148 skryt ochrann\u00fd rys.<\/p>\n<p class=\"iwg-kwfix\">Schiviti je v \u017eidovsk\u00e9 dom\u00e1cnosti z\u00e1rove\u0148 modlitebn\u00edm i ochrann\u00fdm obrazem.<\/p>\t\t\t\t\t\t\t\t<\/div>\n\t\t\t\t<\/div>\n\t\t\t\t<div class=\"elementor-element elementor-element-iwgs-schiwititafe-pills elementor-widget elementor-widget-html\" data-id=\"iwgs-schiwititafe-pills\" data-element_type=\"widget\" data-e-type=\"widget\" data-widget_type=\"html.default\">\n\t\t\t\t\t<div class=\"iwg-pill-row\"><span class=\"iwg-klasse-badge\" tabindex=\"0\" data-tooltip=\"Ochrann\u00fd symbol, amulet nebo apotropaick\u00fd p\u0159edm\u011bt.\">Ochrann\u00fd symbol<\/span><a href=\"https:\/\/iwell-guard.com\/cs\/judaismus\/\" class=\"iwg-kultur-badge\" tabindex=\"0\" data-tooltip=\"Ochrann\u00e1 tradice: judaismus\">Judaismus<\/a><span class=\"iwg-tradition-badge\" tabindex=\"0\" data-tooltip=\"Obraz k osobn\u00edmu n\u00e1bo\u017eensk\u00e9mu rozj\u00edm\u00e1n\u00ed.\">Modlitebn\u00ed obraz<\/span><\/div>\t\t\t\t<\/div>\n\t\t\t\t\t<\/div>\n\t\t\t\t<\/div>\n\t\t<div class=\"elementor-element elementor-element-iwgs-schiwititafe-hr e-con-full e-flex e-con e-parent\" data-id=\"iwgs-schiwititafe-hr\" data-element_type=\"container\" data-e-type=\"container\">\n\t\t\t\t<div class=\"elementor-element elementor-element-iwgs-schiwititafe-himg iwg-hero-image elementor-widget elementor-widget-image\" data-id=\"iwgs-schiwititafe-himg\" data-element_type=\"widget\" data-e-type=\"widget\" data-widget_type=\"image.default\">\n\t\t\t\t\t\t\t\t\t\t\t\t\t\t\t<img fetchpriority=\"high\" decoding=\"async\" width=\"683\" height=\"1024\" src=\"https:\/\/iwell-guard.com\/wp-content\/uploads\/2026\/05\/schutzsymbol_judentum_schiwiti-683x1024.webp\" class=\"attachment-large size-large wp-image-147078\" alt=\"Schiviti \u2013 ochrann\u00fd symbol, muzejn\u00ed ilustrace\" srcset=\"https:\/\/iwell-guard.com\/wp-content\/uploads\/2026\/05\/schutzsymbol_judentum_schiwiti-683x1024.webp 683w, https:\/\/iwell-guard.com\/wp-content\/uploads\/2026\/05\/schutzsymbol_judentum_schiwiti-200x300.webp 200w, https:\/\/iwell-guard.com\/wp-content\/uploads\/2026\/05\/schutzsymbol_judentum_schiwiti-768x1152.webp 768w, https:\/\/iwell-guard.com\/wp-content\/uploads\/2026\/05\/schutzsymbol_judentum_schiwiti.webp 1024w\" sizes=\"(max-width: 683px) 100vw, 683px\" \/>\t\t\t\t\t\t\t\t\t\t\t\t\t\t\t<\/div>\n\t\t\t\t<\/div>\n\t\t\t\t\t<\/div>\n\t\t\t\t<\/div>\n\t\t<div class=\"elementor-element elementor-element-iwgs-schiwititafe-s0 e-flex e-con-boxed e-con e-parent\" data-id=\"iwgs-schiwititafe-s0\" data-element_type=\"container\" data-e-type=\"container\">\n\t\t\t\t\t<div class=\"e-con-inner\">\n\t\t\t\t<div class=\"elementor-element elementor-element-iwgs-schiwititafe-s0h elementor-widget elementor-widget-heading\" data-id=\"iwgs-schiwititafe-s0h\" data-element_type=\"widget\" data-e-type=\"widget\" data-widget_type=\"heading.default\">\n\t\t\t\t\t<h2 class=\"elementor-heading-title elementor-size-default\">Za\u0159azen\u00ed<\/h2>\t\t\t\t<\/div>\n\t\t<div class=\"elementor-element elementor-element-iwgs-schiwititafe-s0box e-con-full e-flex e-con e-parent\" data-id=\"iwgs-schiwititafe-s0box\" data-element_type=\"container\" data-e-type=\"container\">\n\t\t\t\t<div class=\"elementor-element elementor-element-iwgs-schiwititafe-s0t elementor-widget elementor-widget-text-editor\" data-id=\"iwgs-schiwititafe-s0t\" data-element_type=\"widget\" data-e-type=\"widget\" data-widget_type=\"text-editor.default\">\n\t\t\t\t\t\t\t\t\t<p>Schiviti je modlitebn\u00ed obraz z \u017eidovsk\u00e9 tradice. Jde o popsanou tabuli nebo zar\u00e1movan\u00fd list, kter\u00fd je vyzdoben svat\u00fdmi slovy a znaky.<\/p><p>Sv\u016fj n\u00e1zev dostal Schiviti podle slova z \u017ealm\u016f. Hebrejsk\u00e9 slovo, kter\u00fdm za\u010d\u00edn\u00e1 ur\u010dit\u00fd ver\u0161 \u017ealmu, zn\u00ed schiviti, a podle n\u011bj je tabule nazv\u00e1na.<\/p><p>Schiviti je p\u0159edev\u0161\u00edm modlitebn\u00ed obraz. M\u00e1 v\u011b\u0159\u00edc\u00edho soust\u0159edit a p\u0159ipom\u00ednat mu neust\u00e1lou p\u0159\u00edtomnost Boha.<\/p><p>Nad r\u00e1mec t\u00e9to modlitebn\u00ed funkce v sob\u011b nese Schiviti tak\u00e9 ochrann\u00fd rys. Obsahuje Bo\u017e\u00ed jm\u00e9na a svat\u00e1 slova, kter\u00fdm je v \u017eidovsk\u00e9 tradici p\u0159isuzov\u00e1na ochrann\u00e1 s\u00edla.<\/p><p>V <span class=\"iwg-fachbegriff\" data-tooltip=\"V\u011bda, kter\u00e1 zkoum\u00e1 n\u00e1bo\u017eenstv\u00ed srovn\u00e1vac\u00edm a nekonfesijn\u00edm zp\u016fsobem.\" tabindex=\"0\">religionistice<\/span> je Schiviti dobr\u00fdm p\u0159\u00edkladem p\u0159edm\u011btu, u n\u011bho\u017e se <span class=\"iwg-fachbegriff\" data-tooltip=\"Kr\u00e1tk\u00e9 osobn\u00ed nebo spole\u010dn\u00e9 n\u00e1bo\u017eensk\u00e9 rozj\u00edm\u00e1n\u00ed.\" tabindex=\"0\">rozj\u00edm\u00e1n\u00ed<\/span> a ochrana prol\u00ednaj\u00ed. Je m\u00e9n\u011b obrann\u00fdm <span class=\"iwg-fachbegriff\" data-tooltip=\"No\u0161en\u00fd p\u0159edm\u011bt, kter\u00e9mu je p\u0159isuzov\u00e1n ochrann\u00fd, ne\u0161t\u011bst\u00ed odvracej\u00edc\u00ed \u00fa\u010dinek.\" tabindex=\"0\">amuletem<\/span> a v\u00edce obrazem soust\u0159ed\u011bn\u00ed, kter\u00fd z\u00e1rove\u0148 chr\u00e1n\u00ed.<\/p><p>Schiviti tak ukazuje, \u017ee hranice mezi modlitebn\u00edm obrazem a ochrann\u00fdm znamen\u00edm nen\u00ed ostr\u00e1. Obraz, kter\u00fd zam\u011b\u0159uje pozornost na Boha, m\u016f\u017ee b\u00fdt z\u00e1rove\u0148 ch\u00e1p\u00e1n jako ochrana.<\/p>\t\t\t\t\t\t\t\t<\/div>\n\t\t\t\t<\/div>\n\t\t\t\t\t<\/div>\n\t\t\t\t<\/div>\n\t\t<div class=\"elementor-element elementor-element-iwgs-schiwititafe-s1 e-flex e-con-boxed e-con e-parent\" data-id=\"iwgs-schiwititafe-s1\" data-element_type=\"container\" data-e-type=\"container\">\n\t\t\t\t\t<div class=\"e-con-inner\">\n\t\t\t\t<div class=\"elementor-element elementor-element-iwgs-schiwititafe-s1h elementor-widget elementor-widget-heading\" data-id=\"iwgs-schiwititafe-s1h\" data-element_type=\"widget\" data-e-type=\"widget\" data-widget_type=\"heading.default\">\n\t\t\t\t\t<h2 class=\"elementor-heading-title elementor-size-default\">\u017dalmov\u00fd ver\u0161 Schiviti<\/h2>\t\t\t\t<\/div>\n\t\t<div class=\"elementor-element elementor-element-iwgs-schiwititafe-s1box e-con-full e-flex e-con e-parent\" data-id=\"iwgs-schiwititafe-s1box\" data-element_type=\"container\" data-e-type=\"container\">\n\t\t\t\t<div class=\"elementor-element elementor-element-iwgs-schiwititafe-s1t elementor-widget elementor-widget-text-editor\" data-id=\"iwgs-schiwititafe-s1t\" data-element_type=\"widget\" data-e-type=\"widget\" data-widget_type=\"text-editor.default\">\n\t\t\t\t\t\t\t\t\t<p>Ve st\u0159edu tabule Schiviti stoj\u00ed ur\u010dit\u00fd ver\u0161 z \u017ealm\u016f. Je to ver\u0161, kter\u00fd mluv\u00ed o neust\u00e1l\u00e9m zam\u011b\u0159en\u00ed \u010dlov\u011bka na Boha.<\/p><p>Ver\u0161 v podstat\u011b \u0159\u00edk\u00e1, \u017ee v\u011b\u0159\u00edc\u00ed si Boha st\u00e1le stav\u00ed p\u0159ed o\u010di. \u010clov\u011bk si p\u0159\u00edtomnost Boha p\u0159ipom\u00edn\u00e1 neust\u00e1le, ve v\u0161em, co d\u011bl\u00e1.<\/p><p>T\u00edmto slovem, schiviti, za\u010d\u00edn\u00e1 hebrejsk\u00fd ver\u0161. Znamen\u00e1 p\u0159ibli\u017en\u011b postavil jsem si nebo stav\u00edm si p\u0159ed o\u010di. Toto prvn\u00ed slovo dalo tabuli jej\u00ed jm\u00e9no.<\/p><p>Ver\u0161 vyjad\u0159uje z\u00e1kladn\u00ed postoj \u017eidovsk\u00e9 <span class=\"iwg-fachbegriff\" data-tooltip=\"Pro\u017e\u00edvan\u00fd n\u00e1bo\u017eensk\u00fd postoj a praxe \u010dlov\u011bka.\" tabindex=\"0\">zbo\u017enosti<\/span>. \u010clov\u011bk m\u00e1 \u017e\u00edt s v\u011bdom\u00edm, \u017ee B\u016fh je st\u00e1le p\u0159\u00edtomen a \u017ee jeho jedn\u00e1n\u00ed se odehr\u00e1v\u00e1 p\u0159ed Bohem.<\/p><p>Schiviti tento z\u00e1kladn\u00ed postoj zviditel\u0148uje. Je vlastn\u011b \u017ealmov\u00fdm ver\u0161em v obrazov\u00e9 podob\u011b, p\u0159edm\u011btem, kter\u00fd zp\u0159\u00edtom\u0148uje neust\u00e1l\u00e9 zam\u011b\u0159en\u00ed na Boha.<\/p><p>Z tohoto ver\u0161e vypl\u00fdv\u00e1 \u00fakol tabule. M\u00e1 v\u011b\u0159\u00edc\u00edmu p\u0159ipom\u00ednat, aby si Boha st\u00e1le stav\u011bl p\u0159ed o\u010di, a m\u00e1 mu v tom pom\u00e1hat.<\/p>\t\t\t\t\t\t\t\t<\/div>\n\t\t\t\t<\/div>\n\t\t\t\t\t<\/div>\n\t\t\t\t<\/div>\n\t\t<div class=\"elementor-element elementor-element-iwgs-schiwititafe-s2 e-flex e-con-boxed e-con e-parent\" data-id=\"iwgs-schiwititafe-s2\" data-element_type=\"container\" data-e-type=\"container\">\n\t\t\t\t\t<div class=\"e-con-inner\">\n\t\t\t\t<div class=\"elementor-element elementor-element-iwgs-schiwititafe-s2h elementor-widget elementor-widget-heading\" data-id=\"iwgs-schiwititafe-s2h\" data-element_type=\"widget\" data-e-type=\"widget\" data-widget_type=\"heading.default\">\n\t\t\t\t\t<h2 class=\"elementor-heading-title elementor-size-default\">Podoba tabule<\/h2>\t\t\t\t<\/div>\n\t\t<div class=\"elementor-element elementor-element-iwgs-schiwititafe-s2box e-con-full e-flex e-con e-parent\" data-id=\"iwgs-schiwititafe-s2box\" data-element_type=\"container\" data-e-type=\"container\">\n\t\t\t\t<div class=\"elementor-element elementor-element-iwgs-schiwititafe-s2t elementor-widget elementor-widget-text-editor\" data-id=\"iwgs-schiwititafe-s2t\" data-element_type=\"widget\" data-e-type=\"widget\" data-widget_type=\"text-editor.default\">\n\t\t\t\t\t\t\t\t\t<p>Schiviti je v\u011bt\u0161inou zar\u00e1movan\u00fd list nebo tabule zav\u011b\u0161en\u00e1 na zdi. Jej\u00ed v\u00fdzdoba je um\u011bleck\u00e1 a \u0159\u00edd\u00ed se ur\u010dit\u00fdmi tradi\u010dn\u00edmi vzory.<\/p><p>Ve st\u0159edu b\u00fdv\u00e1 \u010dasto Bo\u017e\u00ed jm\u00e9no, \u010dasto velk\u00e9 a zv\u00fdrazn\u011bn\u00e9. Kolem n\u011bj jsou uspo\u0159\u00e1d\u00e1na dal\u0161\u00ed svat\u00e1 slova, ver\u0161e a jm\u00e9na.<\/p><p>Zvl\u00e1\u0161\u0165 roz\u0161\u00ed\u0159en\u00fdm v\u00fdzdobn\u00fdm vzorem je podoba sedmiramenn\u00e9ho sv\u00edcnu. Ur\u010dit\u00fd \u017ealm je naps\u00e1n tak, aby jeho \u0159\u00e1dky vytvo\u0159ily tvar sv\u00edcnu.<\/p><p>Toto psan\u00ed v obrazov\u00e9 podob\u011b se ozna\u010duje jako mikrografie. Z drobn\u011b psan\u00fdch p\u00edsmen vznikaj\u00ed obrazy a vzory. Schiviti je zn\u00e1m\u00fdm p\u0159\u00edkladem tohoto um\u011bn\u00ed.<\/p><p>Tabule mohly b\u00fdt bohat\u011b zdoben\u00e9. Krom\u011b p\u00edsma nesly vzory, ornamenty a dal\u0161\u00ed znaky \u017eidovsk\u00e9 obrazov\u00e9 tradice.<\/p><p>Pr\u00e1v\u011b v um\u011bleck\u00e9 spojnici svat\u00e9ho p\u00edsma a obrazu spo\u010d\u00edv\u00e1 podstatn\u00fd rys tabule Schiviti. Je z\u00e1rove\u0148 p\u00edsmem i obrazem, um\u011ble utv\u00e1\u0159en\u00fdm modlitebn\u00edm obrazem ze svat\u00fdch slov.<\/p>\t\t\t\t\t\t\t\t<\/div>\n\t\t\t\t<\/div>\n\t\t\t\t\t<\/div>\n\t\t\t\t<\/div>\n\t\t<div class=\"elementor-element elementor-element-iwgs-schiwititafe-s3 e-flex e-con-boxed e-con e-parent\" data-id=\"iwgs-schiwititafe-s3\" data-element_type=\"container\" data-e-type=\"container\">\n\t\t\t\t\t<div class=\"e-con-inner\">\n\t\t\t\t<div class=\"elementor-element elementor-element-iwgs-schiwititafe-s3h elementor-widget elementor-widget-heading\" data-id=\"iwgs-schiwititafe-s3h\" data-element_type=\"widget\" data-e-type=\"widget\" data-widget_type=\"heading.default\">\n\t\t\t\t\t<h2 class=\"elementor-heading-title elementor-size-default\">Schiviti v synagoze<\/h2>\t\t\t\t<\/div>\n\t\t<div class=\"elementor-element elementor-element-iwgs-schiwititafe-s3box e-con-full e-flex e-con e-parent\" data-id=\"iwgs-schiwititafe-s3box\" data-element_type=\"container\" data-e-type=\"container\">\n\t\t\t\t<div class=\"elementor-element elementor-element-iwgs-schiwititafe-s3t elementor-widget elementor-widget-text-editor\" data-id=\"iwgs-schiwititafe-s3t\" data-element_type=\"widget\" data-e-type=\"widget\" data-widget_type=\"text-editor.default\">\n\t\t\t\t\t\t\t\t\t<p>Schiviti m\u00e1 sv\u00e9 m\u00edsto p\u0159edev\u0161\u00edm v synagoze, \u017eidovsk\u00e9m shroma\u017e\u010fovac\u00edm a modlitebn\u00edm prostoru.<\/p><p>V synagoze b\u00fdv\u00e1 tabule \u010dasto um\u00edst\u011bna na m\u00edst\u011b, kde stoj\u00ed p\u0159edsedaj\u00edc\u00ed modlitby. P\u0159edsedaj\u00edc\u00ed vede spole\u010dnou <span class=\"iwg-fachbegriff\" data-tooltip=\"Slovn\u00ed obr\u00e1cen\u00ed \u010dlov\u011bka k bo\u017estvu.\" tabindex=\"0\">modlitbu<\/span> a p\u0159ed n\u00edm je zav\u011b\u0161ena tabule Schiviti.<\/p><p>Pro p\u0159edsedaj\u00edc\u00edho modlitby m\u00e1 tabule p\u0159esn\u00fd \u00fakol. P\u0159ipom\u00edn\u00e1 mu \u017ealmov\u00fd ver\u0161 a Bo\u017e\u00ed jm\u00e9no a upozor\u0148uje ho, aby svou <span class=\"iwg-fachbegriff\" data-tooltip=\"Slovn\u00ed obr\u00e1cen\u00ed \u010dlov\u011bka k bo\u017estvu.\" tabindex=\"0\">modlitbu<\/span> konal ve spr\u00e1vn\u00e9m postoji a zam\u011b\u0159en\u00ed na Boha.<\/p><p>Schiviti je tak pom\u016fckou <span class=\"iwg-fachbegriff\" data-tooltip=\"Kr\u00e1tk\u00e9 osobn\u00ed nebo spole\u010dn\u00e9 n\u00e1bo\u017eensk\u00e9 rozj\u00edm\u00e1n\u00ed.\" tabindex=\"0\">rozj\u00edm\u00e1n\u00ed<\/span>. Podporuje soust\u0159ed\u011bn\u00ed v\u011b\u0159\u00edc\u00edho a zam\u011b\u0159uje jeho <span class=\"iwg-fachbegriff\" data-tooltip=\"Net\u011blesn\u00e1 bytost, j\u00ed\u017e je p\u0159isuzov\u00e1n vliv na sv\u011bt.\" tabindex=\"0\">ducha<\/span> na <span class=\"iwg-fachbegriff\" data-tooltip=\"Slovn\u00ed obr\u00e1cen\u00ed \u010dlov\u011bka k bo\u017estvu.\" tabindex=\"0\">modlitbu<\/span>.<\/p><p>Krom\u011b m\u00edsta p\u0159edsedaj\u00edc\u00edho modlitby mohla b\u00fdt tabule Schiviti um\u00edst\u011bna i na jin\u00fdch m\u00edstech synagogy. V\u017edy slou\u017eila stejn\u00e9mu \u00fa\u010delu, zam\u011b\u0159en\u00ed na p\u0159\u00edtomnost Boha.<\/p><p>Schiviti tak pat\u0159\u00ed k vybaven\u00ed \u017eidovsk\u00e9ho modlitebn\u00edho prostoru. Je to modlitebn\u00ed obraz, kter\u00fd doprov\u00e1z\u00ed a podporuje spole\u010dnou i osobn\u00ed <span class=\"iwg-fachbegriff\" data-tooltip=\"Slovn\u00ed obr\u00e1cen\u00ed \u010dlov\u011bka k bo\u017estvu.\" tabindex=\"0\">modlitbu<\/span>.<\/p>\t\t\t\t\t\t\t\t<\/div>\n\t\t\t\t<\/div>\n\t\t\t\t\t<\/div>\n\t\t\t\t<\/div>\n\t\t<div class=\"elementor-element elementor-element-iwgs-schiwititafe-s4 e-flex e-con-boxed e-con e-parent\" data-id=\"iwgs-schiwititafe-s4\" data-element_type=\"container\" data-e-type=\"container\">\n\t\t\t\t\t<div class=\"e-con-inner\">\n\t\t\t\t<div class=\"elementor-element elementor-element-iwgs-schiwititafe-s4h elementor-widget elementor-widget-heading\" data-id=\"iwgs-schiwititafe-s4h\" data-element_type=\"widget\" data-e-type=\"widget\" data-widget_type=\"heading.default\">\n\t\t\t\t\t<h2 class=\"elementor-heading-title elementor-size-default\">Schiviti v dom\u00e1cnosti<\/h2>\t\t\t\t<\/div>\n\t\t<div class=\"elementor-element elementor-element-iwgs-schiwititafe-s4box e-con-full e-flex e-con e-parent\" data-id=\"iwgs-schiwititafe-s4box\" data-element_type=\"container\" data-e-type=\"container\">\n\t\t\t\t<div class=\"elementor-element elementor-element-iwgs-schiwititafe-s4t elementor-widget elementor-widget-text-editor\" data-id=\"iwgs-schiwititafe-s4t\" data-element_type=\"widget\" data-e-type=\"widget\" data-widget_type=\"text-editor.default\">\n\t\t\t\t\t\t\t\t\t<p>\u0160iv\u00edt\u00ed tabulka nebyla omezena jen na synagogu. Sv\u00e9 m\u00edsto si na\u0161la i v domech a bytech.<\/p><p>Um\u00edst\u011bn\u00e1 v dom\u011b p\u0159ipom\u00ednala tabulka obyvatel\u016fm neust\u00e1lou p\u0159\u00edtomnost Boha. P\u0159en\u00e1\u0161ela postoj \u017ealmov\u00e9ho ver\u0161e z modlitebn\u00edho prostoru do obytn\u00e9ho prostoru.<\/p><p>\u0160iv\u00edt\u00ed tabulka v dom\u011b stav\u011bla obytn\u00fd prostor pod znamen\u00ed Bo\u017e\u00ed p\u0159\u00edtomnosti. Kdo ji vid\u011bl, byl p\u0159ipom\u00edn\u00e1n ke sv\u00e9 v\u00ed\u0159e a ke spr\u00e1vn\u00e9mu \u017eivotn\u00edmu postoji.<\/p><p>V tomto dom\u00e1c\u00edm u\u017eit\u00ed vystupuje ochrann\u00fd rys tabulky je\u0161t\u011b z\u0159eteln\u011bji. D\u016fm, v n\u011bm\u017e je p\u0159\u00edtomno Bo\u017e\u00ed jm\u00e9no a \u017ealmov\u00fd ver\u0161, byl pova\u017eov\u00e1n za po\u017eehnan\u00fd a chr\u00e1n\u011bn\u00fd.<\/p><p>T\u00edm se \u0161iv\u00edt\u00ed tabulka bl\u00ed\u017e\u00ed dal\u0161\u00edm \u017eidovsk\u00fdm domovn\u00edm znamen\u00edm, zejm\u00e9na mezuze, pouzdru s textem u dve\u0159n\u00edho r\u00e1mu. Ob\u011b stav\u011bj\u00ed d\u016fm pod znamen\u00ed svat\u00fdch slov.<\/p><p>\u0160iv\u00edt\u00ed tabulka tak pokr\u00fdv\u00e1 ob\u011b oblasti, modlitebn\u00ed prostor i d\u016fm. V obou napl\u0148uje stejn\u00fd \u00fakol, zam\u011b\u0159en\u00ed na p\u0159\u00edtomnost Boha.<\/p>\t\t\t\t\t\t\t\t<\/div>\n\t\t\t\t<\/div>\n\t\t\t\t\t<\/div>\n\t\t\t\t<\/div>\n\t\t<div class=\"elementor-element elementor-element-iwgs-schiwititafe-s5 e-flex e-con-boxed e-con e-parent\" data-id=\"iwgs-schiwititafe-s5\" data-element_type=\"container\" data-e-type=\"container\">\n\t\t\t\t\t<div class=\"e-con-inner\">\n\t\t\t\t<div class=\"elementor-element elementor-element-iwgs-schiwititafe-s5h elementor-widget elementor-widget-heading\" data-id=\"iwgs-schiwititafe-s5h\" data-element_type=\"widget\" data-e-type=\"widget\" data-widget_type=\"heading.default\">\n\t\t\t\t\t<h2 class=\"elementor-heading-title elementor-size-default\">Zbo\u017enost a ochrana<\/h2>\t\t\t\t<\/div>\n\t\t<div class=\"elementor-element elementor-element-iwgs-schiwititafe-s5box e-con-full e-flex e-con e-parent\" data-id=\"iwgs-schiwititafe-s5box\" data-element_type=\"container\" data-e-type=\"container\">\n\t\t\t\t<div class=\"elementor-element elementor-element-iwgs-schiwititafe-s5t elementor-widget elementor-widget-text-editor\" data-id=\"iwgs-schiwititafe-s5t\" data-element_type=\"widget\" data-e-type=\"widget\" data-widget_type=\"text-editor.default\">\n\t\t\t\t\t\t\t\t\t<p>\u0160iv\u00edt\u00ed tabulka je v prv\u00e9 \u0159ad\u011b obrazem k zbo\u017enosti. Jej\u00edm hlavn\u00edm \u00fakolem je soust\u0159ed\u011bn\u00ed modl\u00edc\u00edho se \u010dlov\u011bka a p\u0159ipom\u00ednka Bo\u017e\u00ed p\u0159\u00edtomnosti.<\/p><p>Z\u00e1rove\u0148 v sob\u011b tabulka nese ochrann\u00fd rys. Ten vypl\u00fdv\u00e1 z jej\u00edho obsahu, nebo\u0165 tabulka obsahuje Bo\u017e\u00ed jm\u00e9na a svat\u00e1 slova.<\/p><p>V \u017eidovsk\u00e9 tradici se Bo\u017e\u00edm jm\u00e9n\u016fm a svat\u00fdm slov\u016fm p\u0159isuzuje ochrann\u00e1 s\u00edla. Prostor, v n\u011bm\u017e jsou p\u0159\u00edtomna, je pova\u017eov\u00e1n za chr\u00e1n\u011bn\u00fd.<\/p><p>\u0160iv\u00edt\u00ed tabulka tak p\u016fsob\u00ed podobn\u011b jako znamen\u00ed po\u017eehn\u00e1n\u00ed. Neodpuzuje stra\u0161ideln\u00fdm obrazem a nezachycuje pohled. Posv\u011bcuje prostor t\u00edm, \u017ee zp\u0159\u00edtom\u0148uje Bo\u017e\u00ed p\u0159\u00edtomnost.<\/p><p><span class=\"iwg-fachbegriff\" data-tooltip=\"Kr\u00e1tk\u00e9, osobn\u00ed nebo spole\u010dn\u00e9 n\u00e1bo\u017eensk\u00e9 zamy\u0161len\u00ed.\" tabindex=\"0\">Zbo\u017enost<\/span> a ochrana se u \u0161iv\u00edt\u00ed tabulky vz\u00e1jemn\u011b propojuj\u00ed. Zam\u011b\u0159en\u00ed na Boha je z\u00e1rove\u0148 postaven\u00edm se pod jeho ochranu. Kdo si Boha stav\u00ed p\u0159ed o\u010di, v\u00ed se v jeho bl\u00edzkosti v bezpe\u010d\u00ed.<\/p><p>\u0160iv\u00edt\u00ed tabulka je tak dobr\u00fdm p\u0159\u00edkladem toho, \u017ee obraz zbo\u017enosti a ochrann\u00e9 znamen\u00ed jsou si bl\u00edzk\u00e9. Je oboj\u00edm, obrazem soust\u0159ed\u011bn\u00ed i znamen\u00edm ochrany prost\u0159ednictv\u00edm Bo\u017e\u00ed p\u0159\u00edtomnosti.<\/p>\t\t\t\t\t\t\t\t<\/div>\n\t\t\t\t<\/div>\n\t\t\t\t\t<\/div>\n\t\t\t\t<\/div>\n\t\t<div class=\"elementor-element elementor-element-iwgs-schiwititafe-s6 e-flex e-con-boxed e-con e-parent\" data-id=\"iwgs-schiwititafe-s6\" data-element_type=\"container\" data-e-type=\"container\">\n\t\t\t\t\t<div class=\"e-con-inner\">\n\t\t\t\t<div class=\"elementor-element elementor-element-iwgs-schiwititafe-s6h elementor-widget elementor-widget-heading\" data-id=\"iwgs-schiwititafe-s6h\" data-element_type=\"widget\" data-e-type=\"widget\" data-widget_type=\"heading.default\">\n\t\t\t\t\t<h2 class=\"elementor-heading-title elementor-size-default\">\u0160iv\u00edt\u00ed tabulka a mezuza<\/h2>\t\t\t\t<\/div>\n\t\t<div class=\"elementor-element elementor-element-iwgs-schiwititafe-s6box e-con-full e-flex e-con e-parent\" data-id=\"iwgs-schiwititafe-s6box\" data-element_type=\"container\" data-e-type=\"container\">\n\t\t\t\t<div class=\"elementor-element elementor-element-iwgs-schiwititafe-s6t elementor-widget elementor-widget-text-editor\" data-id=\"iwgs-schiwititafe-s6t\" data-element_type=\"widget\" data-e-type=\"widget\" data-widget_type=\"text-editor.default\">\n\t\t\t\t\t\t\t\t\t<p>\u0160iv\u00edt\u00ed tabulku lze dob\u0159e srovnat s jin\u00fdm \u017eidovsk\u00fdm domovn\u00edm znamen\u00edm, mezuzou. Ob\u011b stav\u011bj\u00ed d\u016fm nebo prostor pod znamen\u00ed svat\u00fdch slov.<\/p><p>Mezuza je mal\u00e9 pouzdro u dve\u0159n\u00edho r\u00e1mu, kter\u00e9 obsahuje popsan\u00fd pergamen se slovy z <span class=\"iwg-fachbegriff\" data-tooltip=\"P\u011bt knih Moj\u017e\u00ed\u0161ov\u00fdch, z\u00e1kladn\u00ed soubor text\u016f judaismu.\" tabindex=\"0\">T\u00f3ry<\/span>. Ozna\u010duje pr\u00e1h \u017eidovsk\u00e9ho domu.<\/p><p>\u0160iv\u00edt\u00ed tabulka je naproti tomu v\u011bt\u0161\u00edm, viditeln\u00fdm obrazem zbo\u017enosti uvnit\u0159 prostoru. Nen\u00ed um\u00edst\u011bna na prahu, ale tam, kam pad\u00e1 pohled modl\u00edc\u00edho se \u010dlov\u011bka.<\/p><p>Ob\u011b pat\u0159\u00ed k \u017eidovsk\u00e9 tradici svat\u00fdch slov v obytn\u00e9m a modlitebn\u00edm prostoru. Ob\u011b spojuj\u00ed p\u0159\u00edtomnost svat\u00fdch slov s ochranou a se spr\u00e1vn\u00fdm \u017eivotn\u00edm postojem.<\/p><p>Dopl\u0148uj\u00ed se navz\u00e1jem. Mezuza zaji\u0161\u0165uje pr\u00e1h, \u0161iv\u00edt\u00ed tabulka uvnit\u0159 zam\u011b\u0159uje <span class=\"iwg-fachbegriff\" data-tooltip=\"Bezt\u011blesn\u00e1 bytost, j\u00ed\u017e je p\u0159isuzov\u00e1no p\u016fsoben\u00ed ve sv\u011bt\u011b.\" tabindex=\"0\">ducha<\/span> na Boha. Spole\u010dn\u011b stav\u011bj\u00ed d\u016fm pod znamen\u00ed svat\u00fdch slov.<\/p><p>\u0160iv\u00edt\u00ed tabulka a mezuza tak ukazuj\u00ed, jak \u017eidovsk\u00e1 tradice utv\u00e1\u0159ela obytn\u00fd a modlitebn\u00ed prostor. Svat\u00e1 slova na prahu a uvnit\u0159 prostoru doprov\u00e1zela ka\u017edodenn\u00ed \u017eivot.<\/p>\t\t\t\t\t\t\t\t<\/div>\n\t\t\t\t<\/div>\n\t\t\t\t\t<\/div>\n\t\t\t\t<\/div>\n\t\t<div class=\"elementor-element elementor-element-iwgs-schiwititafe-s7 e-flex e-con-boxed e-con e-parent\" data-id=\"iwgs-schiwititafe-s7\" data-element_type=\"container\" data-e-type=\"container\">\n\t\t\t\t\t<div class=\"e-con-inner\">\n\t\t\t\t<div class=\"elementor-element elementor-element-iwgs-schiwititafe-s7h elementor-widget elementor-widget-heading\" data-id=\"iwgs-schiwititafe-s7h\" data-element_type=\"widget\" data-e-type=\"widget\" data-widget_type=\"heading.default\">\n\t\t\t\t\t<h2 class=\"elementor-heading-title elementor-size-default\">P\u00edsmo jako obraz<\/h2>\t\t\t\t<\/div>\n\t\t<div class=\"elementor-element elementor-element-iwgs-schiwititafe-s7box e-con-full e-flex e-con e-parent\" data-id=\"iwgs-schiwititafe-s7box\" data-element_type=\"container\" data-e-type=\"container\">\n\t\t\t\t<div class=\"elementor-element elementor-element-iwgs-schiwititafe-s7t elementor-widget elementor-widget-text-editor\" data-id=\"iwgs-schiwititafe-s7t\" data-element_type=\"widget\" data-e-type=\"widget\" data-widget_type=\"text-editor.default\">\n\t\t\t\t\t\t\t\t\t<p>Zvl\u00e1\u0161tnost\u00ed \u0161iv\u00edt\u00ed tabulky je um\u011bleck\u00e9 spojen\u00ed p\u00edsma a obrazu. Na mnoha tabulk\u00e1ch se samotn\u00e9 svat\u00e9 p\u00edsmo st\u00e1v\u00e1 obrazem.<\/p><p>Nejroz\u0161\u00ed\u0159en\u011bj\u0161\u00edm p\u0159\u00edkladem je ztv\u00e1rn\u011bn\u00ed v podob\u011b sedmiramenn\u00e9ho sv\u00edcnu. Cel\u00fd \u017ealm je p\u0159i tom uspo\u0159\u00e1d\u00e1n drobn\u00fdm p\u00edsmem tak, \u017ee jeho \u0159\u00e1dky vykresluj\u00ed tvar sv\u00edcnu.<\/p><p>Toto um\u011bn\u00ed mikrografie je v \u017eidovsk\u00e9 tradici roz\u0161\u00ed\u0159en\u00e9. Z drobn\u011b psan\u00fdch p\u00edsmen vznikaj\u00ed obrazy, vzory a tvary.<\/p><p>Mikrografii je vlastn\u00ed zvl\u00e1\u0161tn\u00ed postoj. V \u017eidovsk\u00e9 tradici plat\u00ed obrazn\u00e9 zobrazov\u00e1n\u00ed se zdr\u017eenlivost\u00ed. P\u00edsmo je naproti tomu vysoce cen\u011bno. Mikrografie spojuje oboj\u00ed, nebo\u0165 vytv\u00e1\u0159\u00ed obrazy, je\u017e jsou cel\u00e9 tvo\u0159eny p\u00edsmem.<\/p><p>\u0160iv\u00edt\u00ed tabulka je zn\u00e1m\u00fdm p\u0159\u00edkladem tohoto um\u011bn\u00ed. Na n\u00ed jsou sv\u00edcen a dal\u0161\u00ed tvary vytvo\u0159eny ze slov \u017ealm\u016f a ze svat\u00fdch jmen.<\/p><p>V tomto spojen\u00ed p\u00edsma a obrazu spo\u010d\u00edv\u00e1 zvl\u00e1\u0161tn\u00ed p\u016fvab \u0161iv\u00edt\u00ed tabulky. Je obrazem, kter\u00fd se cel\u00fd skl\u00e1d\u00e1 ze svat\u00fdch slov, a t\u00edm je n\u00e1zorn\u00fdm p\u0159\u00edkladem \u017eidovsk\u00e9 \u00facty k p\u00edsmu.<\/p>\t\t\t\t\t\t\t\t<\/div>\n\t\t\t\t<\/div>\n\t\t\t\t\t<\/div>\n\t\t\t\t<\/div>\n\t\t<div class=\"elementor-element elementor-element-iwgs-schiwititafe-s8 e-flex e-con-boxed e-con e-parent\" data-id=\"iwgs-schiwititafe-s8\" data-element_type=\"container\" data-e-type=\"container\">\n\t\t\t\t\t<div class=\"e-con-inner\">\n\t\t\t\t<div class=\"elementor-element elementor-element-iwgs-schiwititafe-s8h elementor-widget elementor-widget-heading\" data-id=\"iwgs-schiwititafe-s8h\" data-element_type=\"widget\" data-e-type=\"widget\" data-widget_type=\"heading.default\">\n\t\t\t\t\t<h2 class=\"elementor-heading-title elementor-size-default\">Sou\u010dasn\u00e1 recepce<\/h2>\t\t\t\t<\/div>\n\t\t<div class=\"elementor-element elementor-element-iwgs-schiwititafe-s8box e-con-full e-flex e-con e-parent\" data-id=\"iwgs-schiwititafe-s8box\" data-element_type=\"container\" data-e-type=\"container\">\n\t\t\t\t<div class=\"elementor-element elementor-element-iwgs-schiwititafe-s8t elementor-widget elementor-widget-text-editor\" data-id=\"iwgs-schiwititafe-s8t\" data-element_type=\"widget\" data-e-type=\"widget\" data-widget_type=\"text-editor.default\">\n\t\t\t\t\t\t\t\t\t<p>\u0160iv\u00edt\u00ed tabulka je v u\u017e\u00edv\u00e1n\u00ed a\u017e do sou\u010dasnosti. V mnoha synagog\u00e1ch ji lze vid\u011bt na m\u00edst\u011b p\u0159ed\u0159\u00edk\u00e1va\u010de a i v domech se st\u00e1le um\u00eds\u0165uje.<\/p><p>Ve sb\u00edrk\u00e1ch mnoha muze\u00ed se zachovaly um\u011bleck\u00e9 \u0161iv\u00edt\u00ed tabulky. Sv\u011bd\u010d\u00ed o um\u011bn\u00ed mikrografie a o \u017eidovsk\u00e9 tradici ztv\u00e1rn\u011bn\u00e9ho svat\u00e9ho slova.<\/p><p>Pro bad\u00e1n\u00ed o \u017eidovsk\u00e9 <span class=\"iwg-fachbegriff\" data-tooltip=\"Pro\u017e\u00edvan\u00fd n\u00e1bo\u017eensk\u00fd postoj a praxe \u010dlov\u011bka.\" tabindex=\"0\">zbo\u017enosti<\/span> a um\u011bn\u00ed je \u0161iv\u00edt\u00ed tabulka hodnotn\u00fdm p\u0159edm\u011btem. Ukazuje, jak <span class=\"iwg-fachbegriff\" data-tooltip=\"Kr\u00e1tk\u00e9, osobn\u00ed nebo spole\u010dn\u00e9 n\u00e1bo\u017eensk\u00e9 zamy\u0161len\u00ed.\" tabindex=\"0\">zbo\u017enost<\/span>, p\u00edsmo a obraz v \u017eidovsk\u00e9 tradici spolup\u016fsob\u00ed.<\/p><p>\u0160iv\u00edt\u00ed tabulka je tak\u00e9 dobr\u00fdm p\u0159\u00edkladem toho, \u017ee nikoli ka\u017ed\u00fd n\u00e1bo\u017eensk\u00fd p\u0159edm\u011bt je \u010dist\u011b ochrann\u00fdm amuletem. Je v prv\u00e9 \u0159ad\u011b obrazem zbo\u017enosti, kter\u00fd v sob\u011b nese ochrann\u00fd rys.<\/p><p>\u0160iv\u00edt\u00ed tabulka tak dopl\u0148uje obraz \u017eidovsk\u00e9 kultury ochrany a zbo\u017enosti. Vedle amulet\u016f a prahov\u00fdch znamen\u00ed stoj\u00ed obraz zbo\u017enosti, kter\u00fd zam\u011b\u0159uje <span class=\"iwg-fachbegriff\" data-tooltip=\"Bezt\u011blesn\u00e1 bytost, j\u00ed\u017e je p\u0159isuzov\u00e1no p\u016fsoben\u00ed ve sv\u011bt\u011b.\" tabindex=\"0\">ducha<\/span> na Boha.<\/p><p>\u0160iv\u00edt\u00ed tabulka z\u016fst\u00e1v\u00e1 v\u00fdmluvn\u00fdm p\u0159\u00edkladem. V n\u00ed se spojuje \u017ealmov\u00fd ver\u0161 o Bo\u017e\u00ed p\u0159\u00edtomnosti, um\u011bn\u00ed p\u00edsma a my\u0161lenka, \u017ee zam\u011b\u0159en\u00ed na Boha znamen\u00e1 z\u00e1rove\u0148 ochranu a bezpe\u010d\u00ed.<\/p><p>Souvisej\u00edc\u00ed str\u00e1nky v lexikonu: p\u0159ehled <a href=\"https:\/\/iwell-guard.com\/cs\/ochranne-symboly\/\">ochrann\u00fdch symbol\u016f v p\u0159ehledu<\/a> a str\u00e1nka o <a href=\"https:\/\/iwell-guard.com\/cs\/?page_id=145709\">kabalistick\u00e9m amuletu<\/a>.<\/p>\t\t\t\t\t\t\t\t<\/div>\n\t\t\t\t<\/div>\n\t\t\t\t\t<\/div>\n\t\t\t\t<\/div>\n\t\t<div class=\"elementor-element elementor-element-iwgs-schiwititafe-lit e-flex e-con-boxed e-con e-parent\" data-id=\"iwgs-schiwititafe-lit\" data-element_type=\"container\" data-e-type=\"container\">\n\t\t\t\t\t<div class=\"e-con-inner\">\n\t\t\t\t<div class=\"elementor-element elementor-element-iwgs-schiwititafe-lith elementor-widget elementor-widget-heading\" data-id=\"iwgs-schiwititafe-lith\" data-element_type=\"widget\" data-e-type=\"widget\" data-widget_type=\"heading.default\">\n\t\t\t\t\t<h2 class=\"elementor-heading-title elementor-size-default\">Literatura (v\u00fdb\u011br)<\/h2>\t\t\t\t<\/div>\n\t\t<div class=\"elementor-element elementor-element-iwgs-schiwititafe-litbox e-con-full e-flex e-con e-parent\" data-id=\"iwgs-schiwititafe-litbox\" data-element_type=\"container\" data-e-type=\"container\">\n\t\t\t\t<div class=\"elementor-element elementor-element-iwgs-schiwititafe-litt elementor-widget elementor-widget-html\" data-id=\"iwgs-schiwititafe-litt\" data-element_type=\"widget\" data-e-type=\"widget\" data-widget_type=\"html.default\">\n\t\t\t\t\t<footer data-nosnippet=\"true\"><ul><li>Joseph Gutmann: <em>The Jewish Sanctuary<\/em> (1983)<\/li><li>Joshua Trachtenberg: <em>Jewish Magic and Superstition<\/em> (1939)<\/li><li>Lexikon des Judentums, \u010dl\u00e1nek k t\u00e9matu synagoga a modlitba<\/li><li>Vivian Mann: <em>Jewish Texts on the Visual Arts<\/em> (2000)<\/li><li>Hans Biedermann: <em>Knaurs Lexikon der Symbole<\/em> (1989)<\/li><\/ul><\/footer>\t\t\t\t<\/div>\n\t\t\t\t<\/div>\n\t\t\t\t\t<\/div>\n\t\t\t\t<\/div>\n\t\t<div class=\"elementor-element elementor-element-iwgs-schiwititafe-kwd e-flex e-con-boxed e-con e-parent\" data-id=\"iwgs-schiwititafe-kwd\" data-element_type=\"container\" data-e-type=\"container\">\n\t\t\t\t\t<div class=\"e-con-inner\">\n\t\t\t\t<div class=\"elementor-element elementor-element-iwgs-schiwititafe-kwdt elementor-widget elementor-widget-text-editor\" data-id=\"iwgs-schiwititafe-kwdt\" data-element_type=\"widget\" data-e-type=\"widget\" data-widget_type=\"text-editor.default\">\n\t\t\t\t\t\t\t\t\t<p><em>Souvisej\u00edc\u00ed kl\u00ed\u010dov\u00e9 pojmy: \u0160iviti, devo\u010dn\u00ed obraz, \u017ealm, Bo\u017e\u00ed jm\u00e9no, mikrografie, synagoga, mezuza, judaismus.<\/em><\/p>\t\t\t\t\t\t\t\t<\/div>\n\t\t\t\t\t<\/div>\n\t\t\t\t<\/div>\n\t\t<div class=\"elementor-element elementor-element-iwgs-schiwititafe-cc e-flex e-con-boxed e-con e-parent\" data-id=\"iwgs-schiwititafe-cc\" data-element_type=\"container\" data-e-type=\"container\" id=\"iwg-cc-schiwiti-tafel\">\n\t\t\t\t\t<div class=\"e-con-inner\">\n\t\t<div class=\"elementor-element elementor-element-iwgs-schiwititafe-ccinner e-flex e-con-boxed e-con e-parent\" data-id=\"iwgs-schiwititafe-ccinner\" data-element_type=\"container\" data-e-type=\"container\" data-settings=\"{&quot;background_background&quot;:&quot;classic&quot;}\">\n\t\t\t\t\t<div class=\"e-con-inner\">\n\t\t\t\t<div class=\"elementor-element elementor-element-iwgs-schiwititafe-cch elementor-widget elementor-widget-heading\" data-id=\"iwgs-schiwititafe-cch\" data-element_type=\"widget\" data-e-type=\"widget\" data-widget_type=\"heading.default\">\n\t\t\t\t\t<h2 class=\"elementor-heading-title elementor-size-default\">iWell Guard a ochrann\u00e9 tradice<\/h2>\t\t\t\t<\/div>\n\t\t\t\t<div class=\"elementor-element elementor-element-iwgs-schiwititafe-cct elementor-widget elementor-widget-text-editor\" data-id=\"iwgs-schiwititafe-cct\" data-element_type=\"widget\" data-e-type=\"widget\" data-widget_type=\"text-editor.default\">\n\t\t\t\t\t\t\t\t\t<p>iWell Guard navazuje na kulturn\u011b-historickou tradici p\u0159enosn\u00fdch ochrann\u00fdch p\u0159edm\u011bt\u016f, k n\u00ed\u017e pat\u0159\u00ed i tabulka \u0160iviti. Modern\u00ed spole\u010dn\u00edk pro ty, kdo \u017eij\u00ed s ochrann\u00fdmi symboly: vyroben v N\u011bmecku, 41 vrstev z ryz\u00edho zlata, platiny a st\u0159\u00edbra, s 30denn\u00ed lh\u016ftou na vr\u00e1cen\u00ed zbo\u017e\u00ed.<\/p>\t\t\t\t\t\t\t\t<\/div>\n\t\t\t\t<div class=\"elementor-element elementor-element-iwgs-schiwititafe-ccb iwg-cc-button iwg-cc-cta-2026-05-13 elementor-widget elementor-widget-jet-button\" data-id=\"iwgs-schiwititafe-ccb\" data-element_type=\"widget\" data-e-type=\"widget\" data-widget_type=\"jet-button.default\">\n\t\t\t\t<div class=\"elementor-widget-container\">\n\t\t\t\t\t<div class=\"elementor-jet-button jet-elements\"><div class=\"jet-button__container\"><a class=\"jet-button__instance jet-button__instance--icon-left hover-effect-1\" href=\"\/schutzanhaenger-iwell-guard-kaufen\/?utm_source=iwell-guard.com&amp;utm_medium=info-box&amp;utm_campaign=schutzsymbole\"><div class=\"jet-button__plane jet-button__plane-normal\"><\/div><div class=\"jet-button__plane jet-button__plane-hover\"><\/div><div class=\"jet-button__state jet-button__state-normal\"><span class=\"jet-button__label\">V\u00edce o iWell Guard<\/span><\/div><div class=\"jet-button__state jet-button__state-hover\"><span class=\"jet-button__label\">V\u00edce o iWell Guard<\/span><\/div><\/a><\/div><\/div><style>.elementor-element.elementor-element-iwgs-schiwititafe-ccb .jet-button__instance{width:320px;height:56px;}.elementor-element.elementor-element-iwgs-schiwititafe-ccb .jet-button__state-normal .jet-button__label{text-align:center;margin:0px 0px 0px 0px;color:#1a1b20;font-family:Montserrat,sans-serif;font-size:13px;font-weight:400;letter-spacing:4px;line-height:1.714em;text-transform:uppercase;}.elementor-element.elementor-element-iwgs-schiwititafe-ccb .jet-button__state-hover .jet-button__label{text-align:center;margin:0px 0px 0px 0px;color:#FECC76;font-family:Montserrat,sans-serif;font-size:13px;font-weight:400;letter-spacing:4px;line-height:1.714em;text-transform:uppercase;}.elementor-element.elementor-element-iwgs-schiwititafe-ccb .jet-button__plane-normal{background-color:#FECC76;border-style:solid;border-color:#C99540;border-width:2px 2px 2px 2px;}.elementor-element.elementor-element-iwgs-schiwititafe-ccb .jet-button__plane-hover{background-color:rgba(0,0,0,0.55);border-style:solid;border-color:#FECC76;border-width:2px 2px 2px 2px;}<\/style>\t\t\t\t<\/div>\n\t\t\t\t<\/div>\n\t\t\t\t<div class=\"elementor-element elementor-element-iwgs-schiwititafe-ccd elementor-widget elementor-widget-text-editor\" data-id=\"iwgs-schiwititafe-ccd\" data-element_type=\"widget\" data-e-type=\"widget\" data-widget_type=\"text-editor.default\">\n\t\t\t\t\t\t\t\t\t<p style=\"text-align:center;font-size:13px;opacity:0.7;margin-top:14px\" data-nosnippet=\"true\">Osobn\u00ed zku\u0161enosti se mohou li\u0161it. Nejde o zdravotnick\u00fd prost\u0159edek. Nejde o p\u0159\u00edslib l\u00e9\u010den\u00ed.<\/p>\t\t\t\t\t\t\t\t<\/div>\n\t\t\t\t\t<\/div>\n\t\t\t\t<\/div>\n\t\t\t\t\t<\/div>\n\t\t\t\t<\/div>\n\t\t<div class=\"elementor-element elementor-element-iwgs-schiwititafe-disc e-flex e-con-boxed e-con e-parent\" data-id=\"iwgs-schiwititafe-disc\" data-element_type=\"container\" data-e-type=\"container\">\n\t\t\t\t\t<div class=\"e-con-inner\">\n\t\t\t\t<div class=\"elementor-element elementor-element-iwgs-schiwititafe-discw elementor-widget elementor-widget-html\" data-id=\"iwgs-schiwititafe-discw\" data-element_type=\"widget\" data-e-type=\"widget\" data-widget_type=\"html.default\">\n\t\t\t\t\t<footer data-nosnippet=\"true\" class=\"iwg-disclaimer-block\"><p data-nosnippet=\"true\">iWell Guard <strong>nen\u00ed zdravotnick\u00fd prost\u0159edek<\/strong> a nenahrazuje l\u00e9ka\u0159skou ani psychoterapeutickou l\u00e9\u010dbu. Zde uveden\u00fd obsah p\u0159edstavuje religionistick\u00e9 a kulturn\u011b-historick\u00e9 za\u0159azen\u00ed, nikoli p\u0159\u00edslib duchovn\u00edho \u00fa\u010dinku.<\/p><\/footer>\t\t\t\t<\/div>\n\t\t\t\t\t<\/div>\n\t\t\t\t<\/div>\n\t\t\t\t<\/div>\n\t\t","protected":false},"excerpt":{"rendered":"","protected":false},"author":3,"featured_media":3501,"parent":0,"menu_order":0,"comment_status":"closed","ping_status":"closed","template":"elementor_header_footer","meta":{"_yoast_wpseo_focuskw":"Schiviti","_yoast_wpseo_title":"Schiviti \u2013 \u017eidovsk\u00fd modlitebn\u00ed obraz","_yoast_wpseo_metadesc":"Schiviti je \u017eidovsk\u00fd modlitebn\u00ed obraz s Bo\u017e\u00edmi jm\u00e9ny a slovy \u017ealm\u016f. P\u016fvod a v\u00fdznam srozumiteln\u011b vysv\u011btleny.","_yoast_wpseo_meta-robots-noindex":"","_yoast_wpseo_canonical":"","_angie_page":false,"gefaehrdungsstufe":"","wesen_kultur":"","wesen_klasse":"","footnotes":""},"categories":[],"class_list":["post-145710","page","type-page","status-publish","has-post-thumbnail","hentry"],"yoast_head":"<!-- This site is optimized with the Yoast SEO Premium plugin v27.7 (Yoast SEO v28.3) - https:\/\/yoast.com\/product\/yoast-seo-premium-wordpress\/ -->\n<title>Schiviti \u2013 \u017eidovsk\u00fd modlitebn\u00ed obraz<\/title>\n<meta name=\"description\" content=\"Schiviti je \u017eidovsk\u00fd modlitebn\u00ed obraz s Bo\u017e\u00edmi jm\u00e9ny a slovy \u017ealm\u016f. P\u016fvod a v\u00fdznam srozumiteln\u011b vysv\u011btleny.\" \/>\n<meta name=\"robots\" content=\"index, follow, max-snippet:-1, max-image-preview:large, max-video-preview:-1\" \/>\n<link rel=\"canonical\" href=\"https:\/\/iwell-guard.com\/cs\/schiviti-tabule\/\" \/>\n<meta property=\"og:locale\" content=\"cs_CZ\" \/>\n<meta property=\"og:type\" content=\"article\" \/>\n<meta property=\"og:title\" content=\"Schiviti \u2013 \u017eidovsk\u00fd modlitebn\u00ed a ochrann\u00fd obraz\" \/>\n<meta property=\"og:description\" content=\"Schiviti je \u017eidovsk\u00fd modlitebn\u00ed obraz s Bo\u017e\u00edmi jm\u00e9ny a slovy \u017ealm\u016f. P\u016fvod a v\u00fdznam srozumiteln\u011b vysv\u011btleny.\" \/>\n<meta property=\"og:url\" content=\"https:\/\/iwell-guard.com\/cs\/schiviti-tabule\/\" \/>\n<meta property=\"og:site_name\" content=\"iWell Guard\" \/>\n<meta property=\"article:modified_time\" content=\"2026-09-03T17:03:40+00:00\" \/>\n<meta property=\"og:image\" content=\"https:\/\/iwell-guard.com\/wp-content\/uploads\/2026\/05\/schutzsymbol_judentum_schiwiti.webp\" \/>\n\t<meta property=\"og:image:width\" content=\"1024\" \/>\n\t<meta property=\"og:image:height\" content=\"1536\" \/>\n\t<meta property=\"og:image:type\" content=\"image\/webp\" \/>\n<meta name=\"twitter:card\" content=\"summary_large_image\" \/>\n<script type=\"application\/ld+json\" class=\"yoast-schema-graph\">{\"@context\":\"https:\\\/\\\/schema.org\",\"@graph\":[{\"@type\":\"WebPage\",\"@id\":\"https:\\\/\\\/iwell-guard.com\\\/cs\\\/schiviti-tabule\\\/\",\"url\":\"https:\\\/\\\/iwell-guard.com\\\/cs\\\/schiviti-tabule\\\/\",\"name\":\"Schiviti \u2013 \u017eidovsk\u00fd modlitebn\u00ed obraz\",\"isPartOf\":{\"@id\":\"https:\\\/\\\/iwell-guard.com\\\/cs\\\/#website\"},\"primaryImageOfPage\":{\"@id\":\"https:\\\/\\\/iwell-guard.com\\\/cs\\\/schiviti-tabule\\\/#primaryimage\"},\"image\":{\"@id\":\"https:\\\/\\\/iwell-guard.com\\\/cs\\\/schiviti-tabule\\\/#primaryimage\"},\"thumbnailUrl\":\"https:\\\/\\\/iwell-guard.com\\\/wp-content\\\/uploads\\\/2026\\\/05\\\/schutzsymbol_judentum_schiwiti.webp\",\"datePublished\":\"2026-09-03T16:33:00+00:00\",\"dateModified\":\"2026-09-03T17:03:40+00:00\",\"description\":\"Schiviti je \u017eidovsk\u00fd modlitebn\u00ed obraz s Bo\u017e\u00edmi jm\u00e9ny a slovy \u017ealm\u016f. P\u016fvod a v\u00fdznam srozumiteln\u011b vysv\u011btleny.\",\"breadcrumb\":{\"@id\":\"https:\\\/\\\/iwell-guard.com\\\/cs\\\/schiviti-tabule\\\/#breadcrumb\"},\"inLanguage\":\"cs\",\"potentialAction\":[{\"@type\":\"ReadAction\",\"target\":[\"https:\\\/\\\/iwell-guard.com\\\/cs\\\/schiviti-tabule\\\/\"]}]},{\"@type\":\"ImageObject\",\"inLanguage\":\"cs\",\"@id\":\"https:\\\/\\\/iwell-guard.com\\\/cs\\\/schiviti-tabule\\\/#primaryimage\",\"url\":\"https:\\\/\\\/iwell-guard.com\\\/wp-content\\\/uploads\\\/2026\\\/05\\\/schutzsymbol_judentum_schiwiti.webp\",\"contentUrl\":\"https:\\\/\\\/iwell-guard.com\\\/wp-content\\\/uploads\\\/2026\\\/05\\\/schutzsymbol_judentum_schiwiti.webp\",\"width\":1024,\"height\":1536,\"caption\":\"Ochrann\u00fd symbol. Muzejn\u00ed ilustrace z\u00e1ti\u0161\u00ed.\"},{\"@type\":\"BreadcrumbList\",\"@id\":\"https:\\\/\\\/iwell-guard.com\\\/cs\\\/schiviti-tabule\\\/#breadcrumb\",\"itemListElement\":[{\"@type\":\"ListItem\",\"position\":1,\"name\":\"Start\",\"item\":\"https:\\\/\\\/iwell-guard.com\\\/cs\\\/?page_id=145107\"},{\"@type\":\"ListItem\",\"position\":2,\"name\":\"Schiviti \u2013 \u017eidovsk\u00fd modlitebn\u00ed a ochrann\u00fd obraz\"}]},{\"@type\":\"WebSite\",\"@id\":\"https:\\\/\\\/iwell-guard.com\\\/cs\\\/#website\",\"url\":\"https:\\\/\\\/iwell-guard.com\\\/cs\\\/\",\"name\":\"iWell Guard\",\"description\":\"Schutz vor dunklen Einfl\u00fcssen\",\"publisher\":{\"@id\":\"https:\\\/\\\/iwell-guard.com\\\/cs\\\/#organization\"},\"potentialAction\":[{\"@type\":\"SearchAction\",\"target\":{\"@type\":\"EntryPoint\",\"urlTemplate\":\"https:\\\/\\\/iwell-guard.com\\\/cs\\\/?s={search_term_string}\"},\"query-input\":{\"@type\":\"PropertyValueSpecification\",\"valueRequired\":true,\"valueName\":\"search_term_string\"}}],\"inLanguage\":\"cs\"},{\"@type\":\"Organization\",\"@id\":\"https:\\\/\\\/iwell-guard.com\\\/cs\\\/#organization\",\"name\":\"Ittermann electronic GmbH\",\"url\":\"https:\\\/\\\/iwell-guard.com\\\/cs\\\/\",\"logo\":{\"@type\":\"ImageObject\",\"inLanguage\":\"cs\",\"@id\":\"https:\\\/\\\/iwell-guard.com\\\/cs\\\/#\\\/schema\\\/logo\\\/image\\\/\",\"url\":\"https:\\\/\\\/iwell-guard.com\\\/wp-content\\\/uploads\\\/2026\\\/05\\\/Ittermann-Logo-1182x237-1.png\",\"contentUrl\":\"https:\\\/\\\/iwell-guard.com\\\/wp-content\\\/uploads\\\/2026\\\/05\\\/Ittermann-Logo-1182x237-1.png\",\"width\":1182,\"height\":237,\"caption\":\"Ittermann electronic GmbH\"},\"image\":{\"@id\":\"https:\\\/\\\/iwell-guard.com\\\/cs\\\/#\\\/schema\\\/logo\\\/image\\\/\"},\"sameAs\":[\"https:\\\/\\\/pantip.com\\\/profile\\\/9367242\",\"https:\\\/\\\/micro.blog\\\/iwellguard\",\"https:\\\/\\\/www.diggerslist.com\\\/iwellguard\\\/about\",\"https:\\\/\\\/skitterphoto.com\\\/photographers\\\/2870314\\\/iwell-guard\",\"https:\\\/\\\/iwellguard.wordpress.com\\\/2026\\\/06\\\/06\\\/iwell-guard\\\/\",\"https:\\\/\\\/hub.docker.com\\\/u\\\/iwellguard\",\"https:\\\/\\\/www.pinterest.com\\\/iwellguard\\\/\",\"https:\\\/\\\/bit.ly\\\/m\\\/iwellguard\",\"https:\\\/\\\/entre-vos-mains.alsace.eu\\\/profiles\\\/iwellguard\\\/activity\",\"https:\\\/\\\/gravatar.com\\\/reallybeded8fd34\",\"https:\\\/\\\/naijamatta.com\\\/iwellguard\",\"https:\\\/\\\/www.goodreads.com\\\/iwellguard\",\"https:\\\/\\\/profile.hatena.ne.jp\\\/iwellguard\\\/\",\"https:\\\/\\\/experiment.com\\\/users\\\/iwellguard\",\"https:\\\/\\\/wakelet.com\\\/@iWellGuard82270\",\"https:\\\/\\\/www.chordie.com\\\/forum\\\/profile.php?id=2555664\",\"https:\\\/\\\/www.instapaper.com\\\/p\\\/17757966\",\"https:\\\/\\\/www.mapleprimes.com\\\/users\\\/iwellguard\",\"https:\\\/\\\/businesslistingplus.com\\\/profile\\\/iwell-guard\\\/\",\"https:\\\/\\\/telegra.ph\\\/iWell-Guard-06-06\",\"https:\\\/\\\/pbase.com\\\/iwellguard\\\/iwellguard\",\"https:\\\/\\\/b.hatena.ne.jp\\\/iwellguard\\\/20260607#bookmark-4788405196491818882\",\"https:\\\/\\\/fliphtml5.com\\\/home\\\/iwellguard\",\"https:\\\/\\\/anyflip.com\\\/homepage\\\/cmiwl#About\",\"https:\\\/\\\/transfur.com\\\/Users\\\/iwellguard\",\"http:\\\/\\\/delphi.larsbo.org\\\/user\\\/iwellguard\",\"https:\\\/\\\/jobs.lajobsportal.org\\\/profiles\\\/8380803-iwell-guard\",\"https:\\\/\\\/md.chaosdorf.de\\\/s\\\/jfbe5SBdJD\",\"https:\\\/\\\/www.lingvolive.com\\\/en-us\\\/profile\\\/9ecaeaca-ce11-4e51-9e71-01d55e2bff36\\\/translations\",\"https:\\\/\\\/www.fitday.com\\\/fitness\\\/forums\\\/members\\\/iwellguard.html\",\"https:\\\/\\\/www.mymeetbook.com\\\/iwellguard\",\"https:\\\/\\\/pxhere.com\\\/en\\\/photographer-me\\\/5040798\",\"https:\\\/\\\/disqus.com\\\/by\\\/iwellguard\\\/about\\\/\",\"https:\\\/\\\/pastelink.net\\\/hjwciqwq\",\"https:\\\/\\\/pubhtml5.com\\\/homepage\\\/scjhn\\\/\",\"https:\\\/\\\/www.bitchute.com\\\/channel\\\/2O2eOKzNqujT\",\"https:\\\/\\\/audiomack.com\\\/iwellguard\"]}]}<\/script>\n<!-- \/ Yoast SEO Premium plugin. -->","yoast_head_json":{"title":"Schiviti \u2013 \u017eidovsk\u00fd modlitebn\u00ed obraz","description":"Schiviti je \u017eidovsk\u00fd modlitebn\u00ed obraz s Bo\u017e\u00edmi jm\u00e9ny a slovy \u017ealm\u016f. P\u016fvod a v\u00fdznam srozumiteln\u011b vysv\u011btleny.","robots":{"index":"index","follow":"follow","max-snippet":"max-snippet:-1","max-image-preview":"max-image-preview:large","max-video-preview":"max-video-preview:-1"},"canonical":"https:\/\/iwell-guard.com\/cs\/schiviti-tabule\/","og_locale":"cs_CZ","og_type":"article","og_title":"Schiviti \u2013 \u017eidovsk\u00fd modlitebn\u00ed a ochrann\u00fd obraz","og_description":"Schiviti je \u017eidovsk\u00fd modlitebn\u00ed obraz s Bo\u017e\u00edmi jm\u00e9ny a slovy \u017ealm\u016f. P\u016fvod a v\u00fdznam srozumiteln\u011b vysv\u011btleny.","og_url":"https:\/\/iwell-guard.com\/cs\/schiviti-tabule\/","og_site_name":"iWell Guard","article_modified_time":"2026-09-03T17:03:40+00:00","og_image":[{"width":1024,"height":1536,"url":"https:\/\/iwell-guard.com\/wp-content\/uploads\/2026\/05\/schutzsymbol_judentum_schiwiti.webp","type":"image\/webp"}],"twitter_card":"summary_large_image","schema":{"@context":"https:\/\/schema.org","@graph":[{"@type":"WebPage","@id":"https:\/\/iwell-guard.com\/cs\/schiviti-tabule\/","url":"https:\/\/iwell-guard.com\/cs\/schiviti-tabule\/","name":"Schiviti \u2013 \u017eidovsk\u00fd modlitebn\u00ed obraz","isPartOf":{"@id":"https:\/\/iwell-guard.com\/cs\/#website"},"primaryImageOfPage":{"@id":"https:\/\/iwell-guard.com\/cs\/schiviti-tabule\/#primaryimage"},"image":{"@id":"https:\/\/iwell-guard.com\/cs\/schiviti-tabule\/#primaryimage"},"thumbnailUrl":"https:\/\/iwell-guard.com\/wp-content\/uploads\/2026\/05\/schutzsymbol_judentum_schiwiti.webp","datePublished":"2026-09-03T16:33:00+00:00","dateModified":"2026-09-03T17:03:40+00:00","description":"Schiviti je \u017eidovsk\u00fd modlitebn\u00ed obraz s Bo\u017e\u00edmi jm\u00e9ny a slovy \u017ealm\u016f. P\u016fvod a v\u00fdznam srozumiteln\u011b vysv\u011btleny.","breadcrumb":{"@id":"https:\/\/iwell-guard.com\/cs\/schiviti-tabule\/#breadcrumb"},"inLanguage":"cs","potentialAction":[{"@type":"ReadAction","target":["https:\/\/iwell-guard.com\/cs\/schiviti-tabule\/"]}]},{"@type":"ImageObject","inLanguage":"cs","@id":"https:\/\/iwell-guard.com\/cs\/schiviti-tabule\/#primaryimage","url":"https:\/\/iwell-guard.com\/wp-content\/uploads\/2026\/05\/schutzsymbol_judentum_schiwiti.webp","contentUrl":"https:\/\/iwell-guard.com\/wp-content\/uploads\/2026\/05\/schutzsymbol_judentum_schiwiti.webp","width":1024,"height":1536,"caption":"Ochrann\u00fd symbol. Muzejn\u00ed ilustrace z\u00e1ti\u0161\u00ed."},{"@type":"BreadcrumbList","@id":"https:\/\/iwell-guard.com\/cs\/schiviti-tabule\/#breadcrumb","itemListElement":[{"@type":"ListItem","position":1,"name":"Start","item":"https:\/\/iwell-guard.com\/cs\/?page_id=145107"},{"@type":"ListItem","position":2,"name":"Schiviti \u2013 \u017eidovsk\u00fd modlitebn\u00ed a ochrann\u00fd obraz"}]},{"@type":"WebSite","@id":"https:\/\/iwell-guard.com\/cs\/#website","url":"https:\/\/iwell-guard.com\/cs\/","name":"iWell Guard","description":"Schutz vor dunklen Einfl\u00fcssen","publisher":{"@id":"https:\/\/iwell-guard.com\/cs\/#organization"},"potentialAction":[{"@type":"SearchAction","target":{"@type":"EntryPoint","urlTemplate":"https:\/\/iwell-guard.com\/cs\/?s={search_term_string}"},"query-input":{"@type":"PropertyValueSpecification","valueRequired":true,"valueName":"search_term_string"}}],"inLanguage":"cs"},{"@type":"Organization","@id":"https:\/\/iwell-guard.com\/cs\/#organization","name":"Ittermann electronic GmbH","url":"https:\/\/iwell-guard.com\/cs\/","logo":{"@type":"ImageObject","inLanguage":"cs","@id":"https:\/\/iwell-guard.com\/cs\/#\/schema\/logo\/image\/","url":"https:\/\/iwell-guard.com\/wp-content\/uploads\/2026\/05\/Ittermann-Logo-1182x237-1.png","contentUrl":"https:\/\/iwell-guard.com\/wp-content\/uploads\/2026\/05\/Ittermann-Logo-1182x237-1.png","width":1182,"height":237,"caption":"Ittermann electronic GmbH"},"image":{"@id":"https:\/\/iwell-guard.com\/cs\/#\/schema\/logo\/image\/"},"sameAs":["https:\/\/pantip.com\/profile\/9367242","https:\/\/micro.blog\/iwellguard","https:\/\/www.diggerslist.com\/iwellguard\/about","https:\/\/skitterphoto.com\/photographers\/2870314\/iwell-guard","https:\/\/iwellguard.wordpress.com\/2026\/06\/06\/iwell-guard\/","https:\/\/hub.docker.com\/u\/iwellguard","https:\/\/www.pinterest.com\/iwellguard\/","https:\/\/bit.ly\/m\/iwellguard","https:\/\/entre-vos-mains.alsace.eu\/profiles\/iwellguard\/activity","https:\/\/gravatar.com\/reallybeded8fd34","https:\/\/naijamatta.com\/iwellguard","https:\/\/www.goodreads.com\/iwellguard","https:\/\/profile.hatena.ne.jp\/iwellguard\/","https:\/\/experiment.com\/users\/iwellguard","https:\/\/wakelet.com\/@iWellGuard82270","https:\/\/www.chordie.com\/forum\/profile.php?id=2555664","https:\/\/www.instapaper.com\/p\/17757966","https:\/\/www.mapleprimes.com\/users\/iwellguard","https:\/\/businesslistingplus.com\/profile\/iwell-guard\/","https:\/\/telegra.ph\/iWell-Guard-06-06","https:\/\/pbase.com\/iwellguard\/iwellguard","https:\/\/b.hatena.ne.jp\/iwellguard\/20260607#bookmark-4788405196491818882","https:\/\/fliphtml5.com\/home\/iwellguard","https:\/\/anyflip.com\/homepage\/cmiwl#About","https:\/\/transfur.com\/Users\/iwellguard","http:\/\/delphi.larsbo.org\/user\/iwellguard","https:\/\/jobs.lajobsportal.org\/profiles\/8380803-iwell-guard","https:\/\/md.chaosdorf.de\/s\/jfbe5SBdJD","https:\/\/www.lingvolive.com\/en-us\/profile\/9ecaeaca-ce11-4e51-9e71-01d55e2bff36\/translations","https:\/\/www.fitday.com\/fitness\/forums\/members\/iwellguard.html","https:\/\/www.mymeetbook.com\/iwellguard","https:\/\/pxhere.com\/en\/photographer-me\/5040798","https:\/\/disqus.com\/by\/iwellguard\/about\/","https:\/\/pastelink.net\/hjwciqwq","https:\/\/pubhtml5.com\/homepage\/scjhn\/","https:\/\/www.bitchute.com\/channel\/2O2eOKzNqujT","https:\/\/audiomack.com\/iwellguard"]}]}},"_links":{"self":[{"href":"https:\/\/iwell-guard.com\/cs\/wp-json\/wp\/v2\/pages\/145710","targetHints":{"allow":["GET"]}}],"collection":[{"href":"https:\/\/iwell-guard.com\/cs\/wp-json\/wp\/v2\/pages"}],"about":[{"href":"https:\/\/iwell-guard.com\/cs\/wp-json\/wp\/v2\/types\/page"}],"author":[{"embeddable":true,"href":"https:\/\/iwell-guard.com\/cs\/wp-json\/wp\/v2\/users\/3"}],"replies":[{"embeddable":true,"href":"https:\/\/iwell-guard.com\/cs\/wp-json\/wp\/v2\/comments?post=145710"}],"version-history":[{"count":0,"href":"https:\/\/iwell-guard.com\/cs\/wp-json\/wp\/v2\/pages\/145710\/revisions"}],"wp:featuredmedia":[{"embeddable":true,"href":"https:\/\/iwell-guard.com\/cs\/wp-json\/wp\/v2\/media\/3501"}],"wp:attachment":[{"href":"https:\/\/iwell-guard.com\/cs\/wp-json\/wp\/v2\/media?parent=145710"}],"wp:term":[{"taxonomy":"category","embeddable":true,"href":"https:\/\/iwell-guard.com\/cs\/wp-json\/wp\/v2\/categories?post=145710"}],"curies":[{"name":"wp","href":"https:\/\/api.w.org\/{rel}","templated":true}]}}