{"id":145703,"date":"2026-09-03T16:32:56","date_gmt":"2026-09-03T16:32:56","guid":{"rendered":"https:\/\/iwell-guard.com\/?page_id=145703"},"modified":"2026-09-03T17:03:26","modified_gmt":"2026-09-03T17:03:26","slug":"donnerzeichen-slovanske-znameni-proti-blesku","status":"publish","type":"page","link":"https:\/\/iwell-guard.com\/cs\/donnerzeichen-slovanske-znameni-proti-blesku\/","title":{"rendered":"Donnerzeichen \u2013 slovansk\u00e9 znamen\u00ed proti blesku"},"content":{"rendered":"\t\t<div data-elementor-type=\"wp-page\" data-elementor-id=\"145703\" class=\"elementor elementor-145703 elementor-3666 elementor-bc-flex-widget\" data-elementor-post-type=\"page\">\n\t\t\t\t<div class=\"elementor-element elementor-element-iwgs-donnerzeiche-hero e-flex e-con-boxed e-con e-parent\" data-id=\"iwgs-donnerzeiche-hero\" data-element_type=\"container\" data-e-type=\"container\">\n\t\t\t\t\t<div class=\"e-con-inner\">\n\t\t<div class=\"elementor-element elementor-element-iwgs-donnerzeiche-hl e-flex e-con-boxed e-con e-parent\" data-id=\"iwgs-donnerzeiche-hl\" data-element_type=\"container\" data-e-type=\"container\">\n\t\t\t\t\t<div class=\"e-con-inner\">\n\t\t<div class=\"elementor-element elementor-element-iwgs-donnerzeiche-hlbox e-con-full e-flex e-con e-parent\" data-id=\"iwgs-donnerzeiche-hlbox\" data-element_type=\"container\" data-e-type=\"container\">\n\t\t\t\t<div class=\"elementor-element elementor-element-iwgs-donnerzeiche-h1 elementor-widget elementor-widget-heading\" data-id=\"iwgs-donnerzeiche-h1\" data-element_type=\"widget\" data-e-type=\"widget\" data-widget_type=\"heading.default\">\n\t\t\t\t\t<h1 class=\"elementor-heading-title elementor-size-default\">Donnerzeichen \u2013 slovansk\u00e9 ochrann\u00e9 znamen\u00ed proti blesku<\/h1>\t\t\t\t<\/div>\n\t\t\t\t<div class=\"elementor-element elementor-element-iwgs-donnerzeiche-lead elementor-widget elementor-widget-text-editor\" data-id=\"iwgs-donnerzeiche-lead\" data-element_type=\"widget\" data-e-type=\"widget\" data-widget_type=\"text-editor.default\">\n\t\t\t\t\t\t\t\t\t<p>Donnerzeichen je slovansk\u00e9 ochrann\u00e9 znamen\u00ed, \u0161estipaprskov\u00e1 rozeta v kruhu. Umis\u0165ovalo se na domy a tr\u00e1my st\u0159ech a m\u011blo chr\u00e1nit p\u0159ed blesky a ne\u0161t\u011bst\u00edm. Je spojov\u00e1no s bohem hromu Perunem.<\/p>\t\t\t\t\t\t\t\t<\/div>\n\t\t\t\t<\/div>\n\t\t\t\t<div class=\"elementor-element elementor-element-iwgs-donnerzeiche-pills elementor-widget elementor-widget-html\" data-id=\"iwgs-donnerzeiche-pills\" data-element_type=\"widget\" data-e-type=\"widget\" data-widget_type=\"html.default\">\n\t\t\t\t\t<div class=\"iwg-pill-row\"><span class=\"iwg-klasse-badge\" tabindex=\"0\" data-tooltip=\"Ochrann\u00fd symbol, amulet nebo apotropaick\u00fd p\u0159edm\u011bt.\">Ochrann\u00fd symbol<\/span><a href=\"https:\/\/iwell-guard.com\/cs\/slovanske\/\" class=\"iwg-kultur-badge\" tabindex=\"0\" data-tooltip=\"Ochrann\u00e1 tradice: Slovansk\u00e1\">Slovansk\u00e1<\/a><span class=\"iwg-tradition-badge\" tabindex=\"0\" data-tooltip=\"Znamen\u00ed, kter\u00e9 m\u00e1 poskytovat nebo nazna\u010dovat ochranu.\">Ochrann\u00e9 znamen\u00ed<\/span><\/div>\t\t\t\t<\/div>\n\t\t\t\t\t<\/div>\n\t\t\t\t<\/div>\n\t\t<div class=\"elementor-element elementor-element-iwgs-donnerzeiche-hr e-con-full e-flex e-con e-parent\" data-id=\"iwgs-donnerzeiche-hr\" data-element_type=\"container\" data-e-type=\"container\">\n\t\t\t\t<div class=\"elementor-element elementor-element-iwgs-donnerzeiche-himg iwg-hero-image elementor-widget elementor-widget-image\" data-id=\"iwgs-donnerzeiche-himg\" data-element_type=\"widget\" data-e-type=\"widget\" data-widget_type=\"image.default\">\n\t\t\t\t\t\t\t\t\t\t\t\t\t\t\t<img fetchpriority=\"high\" decoding=\"async\" width=\"683\" height=\"1024\" src=\"https:\/\/iwell-guard.com\/wp-content\/uploads\/2026\/05\/schutzsymbol_slawisch_donnerzeichen-683x1024.webp\" class=\"attachment-large size-large wp-image-3493\" alt=\"Donnerzeichen \u2013 slovansk\u00e9 znamen\u00ed proti blesku\" srcset=\"https:\/\/iwell-guard.com\/wp-content\/uploads\/2026\/05\/schutzsymbol_slawisch_donnerzeichen-683x1024.webp 683w, https:\/\/iwell-guard.com\/wp-content\/uploads\/2026\/05\/schutzsymbol_slawisch_donnerzeichen-200x300.webp 200w, https:\/\/iwell-guard.com\/wp-content\/uploads\/2026\/05\/schutzsymbol_slawisch_donnerzeichen-768x1152.webp 768w, https:\/\/iwell-guard.com\/wp-content\/uploads\/2026\/05\/schutzsymbol_slawisch_donnerzeichen.webp 1024w\" sizes=\"(max-width: 683px) 100vw, 683px\" \/>\t\t\t\t\t\t\t\t\t\t\t\t\t\t\t<\/div>\n\t\t\t\t<\/div>\n\t\t\t\t\t<\/div>\n\t\t\t\t<\/div>\n\t\t<div class=\"elementor-element elementor-element-iwgs-donnerzeiche-s0 e-flex e-con-boxed e-con e-parent\" data-id=\"iwgs-donnerzeiche-s0\" data-element_type=\"container\" data-e-type=\"container\">\n\t\t\t\t\t<div class=\"e-con-inner\">\n\t\t\t\t<div class=\"elementor-element elementor-element-iwgs-donnerzeiche-s0h elementor-widget elementor-widget-heading\" data-id=\"iwgs-donnerzeiche-s0h\" data-element_type=\"widget\" data-e-type=\"widget\" data-widget_type=\"heading.default\">\n\t\t\t\t\t<h2 class=\"elementor-heading-title elementor-size-default\">Za\u0159azen\u00ed<\/h2>\t\t\t\t<\/div>\n\t\t<div class=\"elementor-element elementor-element-iwgs-donnerzeiche-s0box e-con-full e-flex e-con e-parent\" data-id=\"iwgs-donnerzeiche-s0box\" data-element_type=\"container\" data-e-type=\"container\">\n\t\t\t\t<div class=\"elementor-element elementor-element-iwgs-donnerzeiche-s0t elementor-widget elementor-widget-text-editor\" data-id=\"iwgs-donnerzeiche-s0t\" data-element_type=\"widget\" data-e-type=\"widget\" data-widget_type=\"text-editor.default\">\n\t\t\t\t\t\t\t\t\t<p>Donnerzeichen je ochrann\u00e9 znamen\u00ed ze <a href=\"https:\/\/iwell-guard.com\/cs\/slovanske\/\">slovansk\u00e9ho<\/a> kulturn\u00edho prostoru. Nej\u010dast\u011bji m\u00e1 podobu \u0161estipaprskov\u00e9 rozety, kolovit\u00e9ho vzoru, kter\u00fd je uzav\u0159en kruhem.<\/p><p>Ve slovansk\u00fdch jazyc\u00edch se toto znamen\u00ed ozna\u010duje v\u00fdrazem, kter\u00fd odkazuje na hrom. V n\u011bm\u010din\u011b se proto p\u0159ekl\u00e1d\u00e1 jako Donnerzeichen nebo Donnermal.<\/p><p>Donnerzeichen se umis\u0165ovalo na domy, p\u0159edev\u0161\u00edm na tr\u00e1my st\u0159ech, na \u0161t\u00edty a na r\u00e1my dve\u0159\u00ed. Odtud m\u011bl chr\u00e1nit d\u016fm p\u0159ed ne\u0161t\u011bst\u00edm.<\/p><p>Jeho \u00faloha je p\u0159esn\u011b vymezen\u00e1. Donnerzeichen m\u00e1 chr\u00e1nit p\u0159edev\u0161\u00edm p\u0159ed blesky, p\u0159ed \u00faderem bou\u0159e, kter\u00e1 mohla d\u016fm zni\u010dit a zap\u00e1lit.<\/p><p>Toto znamen\u00ed je spojov\u00e1no se slovansk\u00fdm bohem hromu Perunem. Perun byl vl\u00e1dcem bou\u0159e a Donnerzeichen je pova\u017eov\u00e1no za jeho znamen\u00ed.<\/p><p>V <span class=\"iwg-fachbegriff\" data-tooltip=\"V\u011bda, kter\u00e1 zkoum\u00e1 n\u00e1bo\u017eenstv\u00ed srovn\u00e1vac\u00edm zp\u016fsobem a bez vyznava\u010dsk\u00e9 v\u00e1zanosti.\" tabindex=\"0\">religionistice<\/span> a v <span class=\"iwg-fachbegriff\" data-tooltip=\"V\u011bda zkoumaj\u00edc\u00ed ka\u017edodenn\u00ed kulturu, zvyky a tradovan\u00e9 p\u0159edstavy.\" tabindex=\"0\">n\u00e1rodopisu<\/span> je Donnerzeichen dobr\u00fdm p\u0159\u00edkladem ochrann\u00e9ho znamen\u00ed, kter\u00e9 reaguje na konkr\u00e9tn\u00ed p\u0159\u00edrodn\u00ed nebezpe\u010d\u00ed, toti\u017e na blesk. Jako u mnoha slovansk\u00fdch znamen\u00ed je t\u0159eba rozli\u0161ovat mezi star\u00fdm ko\u0159enem a modern\u00edm v\u00fdkladem.<\/p>\t\t\t\t\t\t\t\t<\/div>\n\t\t\t\t<\/div>\n\t\t\t\t\t<\/div>\n\t\t\t\t<\/div>\n\t\t<div class=\"elementor-element elementor-element-iwgs-donnerzeiche-s1 e-flex e-con-boxed e-con e-parent\" data-id=\"iwgs-donnerzeiche-s1\" data-element_type=\"container\" data-e-type=\"container\">\n\t\t\t\t\t<div class=\"e-con-inner\">\n\t\t\t\t<div class=\"elementor-element elementor-element-iwgs-donnerzeiche-s1h elementor-widget elementor-widget-heading\" data-id=\"iwgs-donnerzeiche-s1h\" data-element_type=\"widget\" data-e-type=\"widget\" data-widget_type=\"heading.default\">\n\t\t\t\t\t<h2 class=\"elementor-heading-title elementor-size-default\">Tvar: \u0161estipaprskov\u00e1 rozeta<\/h2>\t\t\t\t<\/div>\n\t\t<div class=\"elementor-element elementor-element-iwgs-donnerzeiche-s1box e-con-full e-flex e-con e-parent\" data-id=\"iwgs-donnerzeiche-s1box\" data-element_type=\"container\" data-e-type=\"container\">\n\t\t\t\t<div class=\"elementor-element elementor-element-iwgs-donnerzeiche-s1t elementor-widget elementor-widget-text-editor\" data-id=\"iwgs-donnerzeiche-s1t\" data-element_type=\"widget\" data-e-type=\"widget\" data-widget_type=\"text-editor.default\">\n\t\t\t\t\t\t\t\t\t<p>Donnerzeichen m\u00e1 jasn\u00fd, jednoduch\u00fd tvar. Je to kruhov\u00e9 znamen\u00ed, v jeho\u017e nitru vych\u00e1z\u00ed z jednoho st\u0159edu \u0161est paprsk\u016f nebo ramen.<\/p><p>Paprsky jsou \u010dasto uspo\u0159\u00e1d\u00e1ny tak, \u017ee znamen\u00ed p\u016fsob\u00ed jako \u0161estilist\u00fd kv\u011bt nebo \u0161estid\u00edln\u00e1 rozeta. Z tohoto d\u016fvodu se tak\u00e9 ozna\u010duje jako \u0161estil\u00edstek nebo \u0161estihv\u011bzda.<\/p><p>Tento vzor lze vytvo\u0159it jednoduch\u00fdm n\u00e1strojem. Kru\u017eidlem se nar\u00fdsuje kruh a se stejn\u00fdm polom\u011brem se vyzna\u010d\u00ed \u0161est oblouk\u016f. T\u00edm vznikne pravideln\u00e1 \u0161estid\u00edln\u00e1 rozeta.<\/p><p>Pr\u00e1v\u011b tato snadn\u00e1 vyrobitelnost je d\u016fle\u017eit\u00e1. Donnerzeichen si mohl ka\u017ed\u00fd, kdo m\u011bl kru\u017eidlo nebo podobn\u00fd pom\u016fcku, \u010dist\u011b a pravideln\u011b vyryt do d\u0159eva.<\/p><p>Znamen\u00ed se nej\u010dast\u011bji vy\u0159ez\u00e1valo nebo vyr\u00fdvalo do d\u0159eva, proto\u017ee slovansk\u00e9 domy byly \u010dasto d\u0159ev\u011bn\u00e9 stavby. Mohlo b\u00fdt tak\u00e9 namalov\u00e1no.<\/p><p>\u0160estipaprskov\u00e1 rozeta je tedy jednoduch\u00e9, jasn\u00e9 a snadno vytvo\u0159iteln\u00e9 znamen\u00ed. Podle t\u00e9to pravideln\u00e9 podoby lze Donnerzeichen rozpoznat.<\/p>\t\t\t\t\t\t\t\t<\/div>\n\t\t\t\t<\/div>\n\t\t\t\t\t<\/div>\n\t\t\t\t<\/div>\n\t\t<div class=\"elementor-element elementor-element-iwgs-donnerzeiche-s2 e-flex e-con-boxed e-con e-parent\" data-id=\"iwgs-donnerzeiche-s2\" data-element_type=\"container\" data-e-type=\"container\">\n\t\t\t\t\t<div class=\"e-con-inner\">\n\t\t\t\t<div class=\"elementor-element elementor-element-iwgs-donnerzeiche-s2h elementor-widget elementor-widget-heading\" data-id=\"iwgs-donnerzeiche-s2h\" data-element_type=\"widget\" data-e-type=\"widget\" data-widget_type=\"heading.default\">\n\t\t\t\t\t<h2 class=\"elementor-heading-title elementor-size-default\">Perun, b\u016fh hromu<\/h2>\t\t\t\t<\/div>\n\t\t<div class=\"elementor-element elementor-element-iwgs-donnerzeiche-s2box e-con-full e-flex e-con e-parent\" data-id=\"iwgs-donnerzeiche-s2box\" data-element_type=\"container\" data-e-type=\"container\">\n\t\t\t\t<div class=\"elementor-element elementor-element-iwgs-donnerzeiche-s2t elementor-widget elementor-widget-text-editor\" data-id=\"iwgs-donnerzeiche-s2t\" data-element_type=\"widget\" data-e-type=\"widget\" data-widget_type=\"text-editor.default\">\n\t\t\t\t\t\t\t\t\t<p>Donnerzeichen je spojov\u00e1no s Perunem, bohem hromu slovansk\u00e9ho n\u00e1bo\u017eenstv\u00ed. Perun byl jednou z nejv\u00fdznamn\u011bj\u0161\u00edch postav p\u0159edk\u0159es\u0165ansk\u00e9ho slovansk\u00e9ho panteonu.<\/p><p>Perun byl vl\u00e1dcem bou\u0159e, hromu a blesku. Je spojov\u00e1n s nebem, s dubem a s moc\u00ed p\u0159\u00edrodn\u00edch sil. Jako b\u016fh bou\u0159e byl mocnou, ob\u00e1vanou a z\u00e1rove\u0148 uct\u00edvanou postavou.<\/p><p>Perun pat\u0159\u00ed do velk\u00e9 skupiny boh\u016f hromu a bou\u0159e, kterou znaj\u00ed mnoh\u00e9 kultury. P\u0159\u00edbuzn\u00ed jsou mu germ\u00e1nsk\u00fd Thor, baltsk\u00fd Perk\u016bnas a dal\u0161\u00ed postavy.<\/p><p>Blesk byl zbran\u00ed a viditeln\u00fdm projevem boha hromu. Kdy\u017e se nad krajinou stahovala bou\u0159e, podle slovansk\u00e9 p\u0159edstavy byl u d\u00edla Perun.<\/p><p>Z toho vypl\u00fdv\u00e1 spojen\u00ed Donnerzeichen s Perunem. Znamen\u00ed, kter\u00e9 m\u00e1 chr\u00e1nit p\u0159ed blesky, je znamen\u00edm boha, kter\u00fd blesk ovl\u00e1d\u00e1.<\/p><p>Kdo um\u00edstil Donnerzeichen na sv\u00e9m dom\u011b, t\u00edm sv\u016fj d\u016fm postavil pod ochranu boha hromu. Byla to sv\u00fdm zp\u016fsobem prosba k Perunovi, aby svou bou\u0159i od tohoto domu odvr\u00e1til.<\/p>\t\t\t\t\t\t\t\t<\/div>\n\t\t\t\t<\/div>\n\t\t\t\t\t<\/div>\n\t\t\t\t<\/div>\n\t\t<div class=\"elementor-element elementor-element-iwgs-donnerzeiche-s3 e-flex e-con-boxed e-con e-parent\" data-id=\"iwgs-donnerzeiche-s3\" data-element_type=\"container\" data-e-type=\"container\">\n\t\t\t\t\t<div class=\"e-con-inner\">\n\t\t\t\t<div class=\"elementor-element elementor-element-iwgs-donnerzeiche-s3h elementor-widget elementor-widget-heading\" data-id=\"iwgs-donnerzeiche-s3h\" data-element_type=\"widget\" data-e-type=\"widget\" data-widget_type=\"heading.default\">\n\t\t\t\t\t<h2 class=\"elementor-heading-title elementor-size-default\">Ochrana proti blesku<\/h2>\t\t\t\t<\/div>\n\t\t<div class=\"elementor-element elementor-element-iwgs-donnerzeiche-s3box e-con-full e-flex e-con e-parent\" data-id=\"iwgs-donnerzeiche-s3box\" data-element_type=\"container\" data-e-type=\"container\">\n\t\t\t\t<div class=\"elementor-element elementor-element-iwgs-donnerzeiche-s3t elementor-widget elementor-widget-text-editor\" data-id=\"iwgs-donnerzeiche-s3t\" data-element_type=\"widget\" data-e-type=\"widget\" data-widget_type=\"text-editor.default\">\n\t\t\t\t\t\t\t\t\t<p>Nejd\u016fle\u017eit\u011bj\u0161\u00ed \u00falohou Donnerzeichen byla ochrana proti blesku. Toto nebezpe\u010d\u00ed bylo pro slovansk\u00e9 vesnice velmi re\u00e1ln\u00e9.<\/p><p>Slovansk\u00e9 domy byly \u010dasto stav\u011bny ze d\u0159eva a kryty sl\u00e1mou nebo \u0161indeli. Z\u00e1sah blesku mohl takov\u00fd d\u016fm rychle zap\u00e1lit. Ohe\u0148 se mohl roz\u0161\u00ed\u0159it na celou vesnici.<\/p><p>Proti tomuto nebezpe\u010d\u00ed neexistovala \u017e\u00e1dn\u00e1 jist\u00e1 obrana v dne\u0161n\u00edm smyslu. Ochrana pomoc\u00ed znamen\u00ed, prost\u0159ednictv\u00edm <span class=\"iwg-fachbegriff\" data-tooltip=\"Prosebn\u00e9 nebo vz\u00fdvac\u00ed osloven\u00ed bo\u017estva \u010di moci.\" tabindex=\"0\">vz\u00fdv\u00e1n\u00ed<\/span> boha hromu, byla jednou z odpov\u011bd\u00ed, kter\u00e9 nab\u00edzelo slovansk\u00e9 lidov\u00e9 n\u00e1bo\u017eenstv\u00ed.<\/p><p>Donnerzeichen se proto umis\u0165ovalo na m\u00edsta, kter\u00e1 byla pova\u017eov\u00e1na za ohro\u017een\u00e1. Nej\u010dast\u011bj\u0161\u00edm m\u00edstem byl \u0161t\u00edt a nejvy\u0161\u0161\u00ed tr\u00e1m st\u0159echy, tedy nejvy\u0161\u0161\u00ed bod domu, kter\u00fd by blesk zas\u00e1hl jako prvn\u00ed.<\/p><p>Za t\u00edm st\u00e1la p\u0159edstava, \u017ee znamen\u00ed boha hromu odvr\u00e1t\u00ed blesk od takto ozna\u010den\u00e9ho domu. Perun nem\u011bl svou bou\u0159i obr\u00e1tit proti domu, kter\u00fd nesl jeho vlastn\u00ed znamen\u00ed.<\/p><p>Donnerzeichen tak pat\u0159\u00ed mezi ochrann\u00e1 znamen\u00ed, kter\u00e1 reaguj\u00ed na konkr\u00e9tn\u00ed, jmenovan\u00e9 nebezpe\u010d\u00ed. Nejde o obecn\u00e9 odvracej\u00edc\u00ed znamen\u00ed, ale o c\u00edlenou ochranu proti blesku.<\/p>\t\t\t\t\t\t\t\t<\/div>\n\t\t\t\t<\/div>\n\t\t\t\t\t<\/div>\n\t\t\t\t<\/div>\n\t\t<div class=\"elementor-element elementor-element-iwgs-donnerzeiche-s4 e-flex e-con-boxed e-con e-parent\" data-id=\"iwgs-donnerzeiche-s4\" data-element_type=\"container\" data-e-type=\"container\">\n\t\t\t\t\t<div class=\"e-con-inner\">\n\t\t\t\t<div class=\"elementor-element elementor-element-iwgs-donnerzeiche-s4h elementor-widget elementor-widget-heading\" data-id=\"iwgs-donnerzeiche-s4h\" data-element_type=\"widget\" data-e-type=\"widget\" data-widget_type=\"heading.default\">\n\t\t\t\t\t<h2 class=\"elementor-heading-title elementor-size-default\">Znamen\u00ed na dom\u011b<\/h2>\t\t\t\t<\/div>\n\t\t<div class=\"elementor-element elementor-element-iwgs-donnerzeiche-s4box e-con-full e-flex e-con e-parent\" data-id=\"iwgs-donnerzeiche-s4box\" data-element_type=\"container\" data-e-type=\"container\">\n\t\t\t\t<div class=\"elementor-element elementor-element-iwgs-donnerzeiche-s4t elementor-widget elementor-widget-text-editor\" data-id=\"iwgs-donnerzeiche-s4t\" data-element_type=\"widget\" data-e-type=\"widget\" data-widget_type=\"text-editor.default\">\n\t\t\t\t\t\t\t\t\t<p>Hromov\u00e9 znamen\u00ed bylo znamen\u00edm domu. Nenosilo se na t\u011ble, ale bylo pevn\u011b um\u00edst\u011bno na budov\u011b.<\/p><p>Jeho m\u00edstem byly zv\u00fdrazn\u011bn\u00e9 \u010d\u00e1sti domu. Zejm\u00e9na \u0161t\u00edt, troj\u00faheln\u00edkov\u00e9 pole pod st\u0159echou, \u010dasto neslo hromov\u00e9 znamen\u00ed. Tak\u00e9 st\u0159e\u0161n\u00ed tr\u00e1my a r\u00e1my dve\u0159\u00ed byly opat\u0159eny t\u00edmto znamen\u00edm.<\/p><p>Tato m\u00edsta byla vyb\u00edr\u00e1na v\u011bdom\u011b. \u0160t\u00edt je nejvy\u0161\u0161\u00ed, nebi nejv\u00edce vystaven\u00e1 \u010d\u00e1st domu. Dve\u0159e jsou prahem, kudy by mohlo vniknout ne\u0161t\u011bst\u00ed.<\/p><p>Hromov\u00e9 znamen\u00ed tak zaji\u0161\u0165ovalo d\u016fm na jeho nejd\u016fle\u017eit\u011bj\u0161\u00edch m\u00edstech. Pat\u0159ilo k v\u00fdbav\u011b domu, \u010dasto u\u017e od jeho postaven\u00ed.<\/p><p>Hromov\u00e9 znamen\u00ed neb\u00fdvalo na dom\u011b jedin\u00fdm ochrann\u00fdm znamen\u00edm. Mohlo b\u00fdt spojeno s dal\u0161\u00edmi vy\u0159ez\u00e1van\u00fdmi znamen\u00edmi, s ornamenty a s dal\u0161\u00edmi ochrann\u00fdmi prvky.<\/p><p>Hromov\u00e9 znamen\u00ed tak pat\u0159\u00ed do velk\u00e9 skupiny prahov\u00fdch a domovn\u00edch ochrann\u00fdch znamen\u00ed. Podobn\u011b jako zrcadlo bagua v \u010c\u00edn\u011b nebo ko\u0148sk\u00e1 podkova v Evrop\u011b chr\u00e1nilo d\u016fm na jeho hranic\u00edch a na jeho zv\u00fdrazn\u011bn\u00fdch m\u00edstech.<\/p>\t\t\t\t\t\t\t\t<\/div>\n\t\t\t\t<\/div>\n\t\t\t\t\t<\/div>\n\t\t\t\t<\/div>\n\t\t<div class=\"elementor-element elementor-element-iwgs-donnerzeiche-s5 e-flex e-con-boxed e-con e-parent\" data-id=\"iwgs-donnerzeiche-s5\" data-element_type=\"container\" data-e-type=\"container\">\n\t\t\t\t\t<div class=\"e-con-inner\">\n\t\t\t\t<div class=\"elementor-element elementor-element-iwgs-donnerzeiche-s5h elementor-widget elementor-widget-heading\" data-id=\"iwgs-donnerzeiche-s5h\" data-element_type=\"widget\" data-e-type=\"widget\" data-widget_type=\"heading.default\">\n\t\t\t\t\t<h2 class=\"elementor-heading-title elementor-size-default\">\u0160estid\u00edln\u00e1 rozeta v Evrop\u011b<\/h2>\t\t\t\t<\/div>\n\t\t<div class=\"elementor-element elementor-element-iwgs-donnerzeiche-s5box e-con-full e-flex e-con e-parent\" data-id=\"iwgs-donnerzeiche-s5box\" data-element_type=\"container\" data-e-type=\"container\">\n\t\t\t\t<div class=\"elementor-element elementor-element-iwgs-donnerzeiche-s5t elementor-widget elementor-widget-text-editor\" data-id=\"iwgs-donnerzeiche-s5t\" data-element_type=\"widget\" data-e-type=\"widget\" data-widget_type=\"text-editor.default\">\n\t\t\t\t\t\t\t\t\t<p>\u0160estipaprskov\u00fd rozetov\u00fd vzor se neomezuje na slovansk\u00fd prostor. Je to velmi roz\u0161\u00ed\u0159en\u00e9 znamen\u00ed, kter\u00e9 se objevuje v mnoha \u010d\u00e1stech Evropy.<\/p><p>Rozeta ze \u0161esti oblouk\u016f kreslen\u00fdch kru\u017e\u00edtkem je jednou z nejjednodu\u0161\u0161\u00edch pravideln\u00fdch figur. Vznik\u00e1 t\u00e9m\u011b\u0159 sama od sebe, jakmile n\u011bkdo pracuje s kru\u017e\u00edtkem.<\/p><p>Z tohoto d\u016fvodu se \u0161estid\u00edln\u00fd rozetov\u00fd vzor vyskytuje v lidov\u00e9m um\u011bn\u00ed mnoha n\u00e1rod\u016f. Objevuje se na n\u00e1bytku, na domech, na n\u00e1stroj\u00edch a v ozdob\u00e1ch po cel\u00e9 Evrop\u011b.<\/p><p>Na mnoha m\u00edstech byl tomuto vzoru p\u0159isuzov\u00e1n ochrann\u00fd v\u00fdznam. Jako takzvan\u00fd \u0161estil\u00edstek nebo jako apotropaick\u00e9 rytinov\u00e9 znamen\u00ed m\u011bl odvracet ne\u0161t\u011bst\u00ed. Pat\u0159\u00ed tak do rodiny jednoduch\u00fdch, \u0161iroce roz\u0161\u00ed\u0159en\u00fdch ochrann\u00fdch vzor\u016f.<\/p><p>Slovansk\u00e9 hromov\u00e9 znamen\u00ed je ur\u010ditou podobou tohoto roz\u0161\u00ed\u0159en\u00e9ho vzoru. Ve slovansk\u00e9m prostoru byla \u0161estid\u00edln\u00e1 rozeta spojov\u00e1na s hromem a s Perunem.<\/p><p>Toto za\u0159azen\u00ed je d\u016fle\u017eit\u00e9. Hromov\u00e9 znamen\u00ed nen\u00ed zcela samostatn\u00e9, \u010dist\u011b slovansk\u00e9 znamen\u00ed. Je to slovansk\u00fd v\u00fdklad vzoru, kter\u00fd byl v cel\u00e9 Evrop\u011b zn\u00e1m\u00fd jako jednoduch\u00e9 ochrann\u00e9 znamen\u00ed.<\/p>\t\t\t\t\t\t\t\t<\/div>\n\t\t\t\t<\/div>\n\t\t\t\t\t<\/div>\n\t\t\t\t<\/div>\n\t\t<div class=\"elementor-element elementor-element-iwgs-donnerzeiche-s6 e-flex e-con-boxed e-con e-parent\" data-id=\"iwgs-donnerzeiche-s6\" data-element_type=\"container\" data-e-type=\"container\">\n\t\t\t\t\t<div class=\"e-con-inner\">\n\t\t\t\t<div class=\"elementor-element elementor-element-iwgs-donnerzeiche-s6h elementor-widget elementor-widget-heading\" data-id=\"iwgs-donnerzeiche-s6h\" data-element_type=\"widget\" data-e-type=\"widget\" data-widget_type=\"heading.default\">\n\t\t\t\t\t<h2 class=\"elementor-heading-title elementor-size-default\">Star\u00fd ko\u0159en a modern\u00ed v\u00fdklad<\/h2>\t\t\t\t<\/div>\n\t\t<div class=\"elementor-element elementor-element-iwgs-donnerzeiche-s6box e-con-full e-flex e-con e-parent\" data-id=\"iwgs-donnerzeiche-s6box\" data-element_type=\"container\" data-e-type=\"container\">\n\t\t\t\t<div class=\"elementor-element elementor-element-iwgs-donnerzeiche-s6t elementor-widget elementor-widget-text-editor\" data-id=\"iwgs-donnerzeiche-s6t\" data-element_type=\"widget\" data-e-type=\"widget\" data-widget_type=\"text-editor.default\">\n\t\t\t\t\t\t\t\t\t<p>U hromov\u00e9ho znamen\u00ed je t\u0159eba, stejn\u011b jako u jin\u00fdch slovansk\u00fdch znamen\u00ed, rozli\u0161ovat mezi star\u00fdm ko\u0159enem a modern\u00edm v\u00fdkladem.<\/p><p>Star\u00fd ko\u0159en je dob\u0159e dolo\u017een. \u0160estid\u00edln\u00e9 rozety na domech, zejm\u00e9na na \u0161t\u00edtech a tr\u00e1mech, jsou ve slovansk\u00e9m prostoru dokumentov\u00e1ny po dlouhou dobu. Tak\u00e9 p\u0159edstava, \u017ee takov\u00e1 znamen\u00ed chr\u00e1n\u00ed p\u0159ed bleskem, je zakotvena v lidov\u00e9 v\u00ed\u0159e.<\/p><p>Rovn\u011b\u017e b\u016fh hromu Perun je skute\u010dnou postavou p\u0159edk\u0159es\u0165ansk\u00e9ho slovansk\u00e9ho n\u00e1bo\u017eenstv\u00ed. Spojen\u00ed bou\u0159e, blesku a boha hromu pat\u0159\u00ed k ov\u011b\u0159en\u00e9mu j\u00e1dru slovansk\u00e9 v\u00edry.<\/p><p>Co je naproti tomu t\u0159eba br\u00e1t s opatrnost\u00ed, je uzav\u0159en\u00fd, podrobn\u00fd v\u00fdklad, kter\u00fd hromov\u00e9 znamen\u00ed dnes \u010dasto doprov\u00e1z\u00ed. P\u0159esn\u00e9 spojen\u00ed \u0161estid\u00edln\u00e9 rozety s Perunem nen\u00ed ve v\u0161ech podrobnostech dolo\u017eeno star\u00fdmi prameny.<\/p><p>Podobn\u011b jako u kolovratu i zde modern\u00ed slovansk\u00e1 hnut\u00ed nav\u00e1zala na star\u00fd lidov\u00fd vzor a vypracovala z n\u011bj jasn\u011b pojmenovan\u00e9, v\u00fdkladem opat\u0159en\u00e9 znamen\u00ed. \u010c\u00e1st dne\u0161n\u00edho v\u00fdkladu pat\u0159\u00ed k tomuto modern\u00edmu zpracov\u00e1n\u00ed.<\/p><p>Poctiv\u00e9 zobrazen\u00ed zachycuje oboj\u00ed. \u0160estid\u00edln\u00e1 ochrann\u00e1 rozeta na dom\u011b je skute\u010dn\u00fd, star\u00fd lidov\u00fd zvyk. Uzav\u0159en\u00fd v\u00fdklad jako Perunovo znamen\u00ed spojuje star\u00e9 ko\u0159eny s modern\u00edm zpracov\u00e1n\u00edm.<\/p>\t\t\t\t\t\t\t\t<\/div>\n\t\t\t\t<\/div>\n\t\t\t\t\t<\/div>\n\t\t\t\t<\/div>\n\t\t<div class=\"elementor-element elementor-element-iwgs-donnerzeiche-s7 e-flex e-con-boxed e-con e-parent\" data-id=\"iwgs-donnerzeiche-s7\" data-element_type=\"container\" data-e-type=\"container\">\n\t\t\t\t\t<div class=\"e-con-inner\">\n\t\t\t\t<div class=\"elementor-element elementor-element-iwgs-donnerzeiche-s7h elementor-widget elementor-widget-heading\" data-id=\"iwgs-donnerzeiche-s7h\" data-element_type=\"widget\" data-e-type=\"widget\" data-widget_type=\"heading.default\">\n\t\t\t\t\t<h2 class=\"elementor-heading-title elementor-size-default\">Ochrana pod znamen\u00edm boha<\/h2>\t\t\t\t<\/div>\n\t\t<div class=\"elementor-element elementor-element-iwgs-donnerzeiche-s7box e-con-full e-flex e-con e-parent\" data-id=\"iwgs-donnerzeiche-s7box\" data-element_type=\"container\" data-e-type=\"container\">\n\t\t\t\t<div class=\"elementor-element elementor-element-iwgs-donnerzeiche-s7t elementor-widget elementor-widget-text-editor\" data-id=\"iwgs-donnerzeiche-s7t\" data-element_type=\"widget\" data-e-type=\"widget\" data-widget_type=\"text-editor.default\">\n\t\t\t\t\t\t\t\t\t<p>Hromov\u00e9 znamen\u00ed se \u0159\u00edd\u00ed ur\u010ditou ochrannou my\u0161lenkou. Neodvrac\u00ed zlo stra\u0161ideln\u00fdm obrazem a nen\u00ed ani svat\u00fdm p\u00edsmenem. Chr\u00e1n\u00ed t\u00edm, \u017ee nese znamen\u00ed p\u0159\u00edslu\u0161n\u00e9ho boha.<\/p><p>Tato my\u0161lenka vych\u00e1z\u00ed z jednoduch\u00e9 \u00favahy. Blesk je p\u016fsoben\u00edm boha hromu. Kdo um\u00edst\u00ed znamen\u00ed tohoto boha na sv\u00e9m dom\u011b, stav\u00ed d\u016fm pod jeho ochranu.<\/p><p>Hromov\u00e9 znamen\u00ed je tak jakoby vzkazem bohu. Ukazuje, \u017ee tento d\u016fm je odd\u00e1n bohu hromu a hled\u00e1 jeho ochranu. B\u016fh by tak m\u011bl od n\u011bj odvr\u00e1tit svou bou\u0159i.<\/p><p>Tato my\u0161lenka, pou\u017e\u00edvat znamen\u00ed n\u011bjak\u00e9 moci, aby se \u010dlov\u011bk postavil pod jej\u00ed ochranu, je velmi roz\u0161\u00ed\u0159en\u00e1. I k\u0159es\u0165ansk\u00fd k\u0159\u00ed\u017e chr\u00e1n\u00ed podle tohoto vzoru, kdy\u017e odkazuje na Krista.<\/p><p>Hromov\u00e9 znamen\u00ed spojuje tuto my\u0161lenku se \u0161estid\u00edlnou rozetou. Jednoduch\u00fd, snadno vytvo\u0159iteln\u00fd vzor se st\u00e1v\u00e1 znamen\u00edm boha hromu a t\u00edm prost\u0159edkem, jak postavit sv\u016fj d\u016fm pod jeho ochranu.<\/p><p>Hromov\u00e9 znamen\u00ed je tak dobr\u00fdm p\u0159\u00edkladem ochrann\u00e9ho znamen\u00ed, kter\u00e9 se op\u00edr\u00e1 o spojen\u00ed s <span class=\"iwg-fachbegriff\" data-tooltip=\"Bytost uct\u00edvan\u00e1 jako bo\u017esk\u00e1 v r\u00e1mci n\u00e1bo\u017eenstv\u00ed.\" tabindex=\"0\">bo\u017estvem<\/span>. Jeho ochranou je oddanost p\u00e1nu bou\u0159e.<\/p>\t\t\t\t\t\t\t\t<\/div>\n\t\t\t\t<\/div>\n\t\t\t\t\t<\/div>\n\t\t\t\t<\/div>\n\t\t<div class=\"elementor-element elementor-element-iwgs-donnerzeiche-s8 e-flex e-con-boxed e-con e-parent\" data-id=\"iwgs-donnerzeiche-s8\" data-element_type=\"container\" data-e-type=\"container\">\n\t\t\t\t\t<div class=\"e-con-inner\">\n\t\t\t\t<div class=\"elementor-element elementor-element-iwgs-donnerzeiche-s8h elementor-widget elementor-widget-heading\" data-id=\"iwgs-donnerzeiche-s8h\" data-element_type=\"widget\" data-e-type=\"widget\" data-widget_type=\"heading.default\">\n\t\t\t\t\t<h2 class=\"elementor-heading-title elementor-size-default\">Sou\u010dasn\u00e1 recepce<\/h2>\t\t\t\t<\/div>\n\t\t<div class=\"elementor-element elementor-element-iwgs-donnerzeiche-s8box e-con-full e-flex e-con e-parent\" data-id=\"iwgs-donnerzeiche-s8box\" data-element_type=\"container\" data-e-type=\"container\">\n\t\t\t\t<div class=\"elementor-element elementor-element-iwgs-donnerzeiche-s8t elementor-widget elementor-widget-text-editor\" data-id=\"iwgs-donnerzeiche-s8t\" data-element_type=\"widget\" data-e-type=\"widget\" data-widget_type=\"text-editor.default\">\n\t\t\t\t\t\t\t\t\t<p>Hromov\u00e9 znamen\u00ed je dnes zn\u00e1m\u00e9 p\u0159edev\u0161\u00edm ve slovansk\u00e9m prostoru. Star\u00e9 \u0161estid\u00edln\u00e9 rozety jsou dosud vid\u011bt na zachovan\u00fdch d\u0159ev\u011bn\u00fdch domech a v lidov\u00e9m um\u011bn\u00ed a jsou oce\u0148ov\u00e1ny jako sou\u010d\u00e1st kulturn\u00edho d\u011bdictv\u00ed.<\/p><p>V slovansk\u00fdch novopohansk\u00fdch hnut\u00edch si hromov\u00e9 znamen\u00ed, podobn\u011b jako kolovrat, na\u0161lo pevn\u00e9 m\u00edsto. Pou\u017e\u00edv\u00e1 se tam jako znamen\u00ed Peruna a jako ochrann\u00e9 znamen\u00ed.<\/p><p>Nad r\u00e1mec t\u011bchto hnut\u00ed je hromov\u00e9 znamen\u00ed p\u0159ej\u00edm\u00e1no jako \u0161perk a jako <span class=\"iwg-fachbegriff\" data-tooltip=\"Opakuj\u00edc\u00ed se obsahov\u00fd prvek v um\u011bn\u00ed nebo vypr\u00e1v\u011bn\u00ed.\" tabindex=\"0\">motiv<\/span>. V tomto pou\u017eit\u00ed obecn\u011b zastupuje slovansk\u00e9 d\u011bdictv\u00ed a ochranu.<\/p><p>Stejn\u011b jako u jin\u00fdch slovansk\u00fdch znamen\u00ed je i u hromov\u00e9ho znamen\u00ed d\u016fle\u017eit\u00e9 v\u011bcn\u00e9 za\u0159azen\u00ed. Star\u00e1 ochrann\u00e1 rozeta na dom\u011b je skute\u010dn\u00fd lidov\u00fd zvyk, uzav\u0159en\u00fd v\u00fdklad jako Perunovo znamen\u00ed spojuje star\u00e9 a modern\u00ed.<\/p><p>Hromov\u00e9 znamen\u00ed tak z\u016fst\u00e1v\u00e1 pozoruhodn\u00fdm p\u0159\u00edkladem domovn\u00edho ochrann\u00e9ho znamen\u00ed. Ukazuje, jak se jednoduch\u00fd, kru\u017e\u00edtkem kreslen\u00fd vzor mohl st\u00e1t ochrann\u00fdm znamen\u00edm proti konkr\u00e9tn\u00edmu p\u0159\u00edrodn\u00edmu nebezpe\u010d\u00ed.<\/p><p>V n\u011bm se spojuje strach z blesku, uct\u00edv\u00e1n\u00ed boha hromu a snadno vytvo\u0159iteln\u00e9 znamen\u00ed. Hromov\u00e9 znamen\u00ed je slovanskou odpov\u011bd\u00ed na nebezpe\u010d\u00ed, kter\u00e9 bylo nad domy vesnice st\u00e1le p\u0159\u00edtomn\u00e9.<\/p>\t\t\t\t\t\t\t\t<\/div>\n\t\t\t\t<\/div>\n\t\t\t\t\t<\/div>\n\t\t\t\t<\/div>\n\t\t<div class=\"elementor-element elementor-element-iwgs-donnerzeiche-lit e-flex e-con-boxed e-con e-parent\" data-id=\"iwgs-donnerzeiche-lit\" data-element_type=\"container\" data-e-type=\"container\">\n\t\t\t\t\t<div class=\"e-con-inner\">\n\t\t\t\t<div class=\"elementor-element elementor-element-iwgs-donnerzeiche-lith elementor-widget elementor-widget-heading\" data-id=\"iwgs-donnerzeiche-lith\" data-element_type=\"widget\" data-e-type=\"widget\" data-widget_type=\"heading.default\">\n\t\t\t\t\t<h2 class=\"elementor-heading-title elementor-size-default\">Literatura (v\u00fdb\u011br)<\/h2>\t\t\t\t<\/div>\n\t\t<div class=\"elementor-element elementor-element-iwgs-donnerzeiche-litbox e-con-full e-flex e-con e-parent\" data-id=\"iwgs-donnerzeiche-litbox\" data-element_type=\"container\" data-e-type=\"container\">\n\t\t\t\t<div class=\"elementor-element elementor-element-iwgs-donnerzeiche-litt elementor-widget elementor-widget-html\" data-id=\"iwgs-donnerzeiche-litt\" data-element_type=\"widget\" data-e-type=\"widget\" data-widget_type=\"html.default\">\n\t\t\t\t\t<footer data-nosnippet=\"true\"><ul><li>Aleksander Gieysztor: <em>Mitologia S\u0142owian<\/em> (1982)<\/li><li>Zden\u011bk V\u00e1\u0148a: <em>Mythologie und G\u00f6tterwelt der slawischen V\u00f6lker<\/em> (1992)<\/li><li>Boris Rybakov: Studie o slovansk\u00e9m lidov\u00e9m um\u011bn\u00ed a n\u00e1bo\u017eenstv\u00ed<\/li><li>Kazimierz Moszy\u0144ski: <em>Kultura ludowa S\u0142owian<\/em> (1929)<\/li><li>Hans-Peter Hasenfratz: <em>Die religi\u00f6se Welt der Germanen und Slawen<\/em> (Studien)<\/li><\/ul><\/footer>\t\t\t\t<\/div>\n\t\t\t\t<\/div>\n\t\t\t\t\t<\/div>\n\t\t\t\t<\/div>\n\t\t<div class=\"elementor-element elementor-element-iwgs-donnerzeiche-kwd e-flex e-con-boxed e-con e-parent\" data-id=\"iwgs-donnerzeiche-kwd\" data-element_type=\"container\" data-e-type=\"container\">\n\t\t\t\t\t<div class=\"e-con-inner\">\n\t\t\t\t<div class=\"elementor-element elementor-element-iwgs-donnerzeiche-kwdt elementor-widget elementor-widget-text-editor\" data-id=\"iwgs-donnerzeiche-kwdt\" data-element_type=\"widget\" data-e-type=\"widget\" data-widget_type=\"text-editor.default\">\n\t\t\t\t\t\t\t\t\t<p><em>Souvisej\u00edc\u00ed kl\u00ed\u010dov\u00e9 pojmy: hromov\u00e9 znamen\u00ed Perun \u0161estilist\u00e1 rozeta blesk ochrana domu \u0161t\u00edt slovansk\u00fd.<\/em><\/p>\t\t\t\t\t\t\t\t<\/div>\n\t\t\t\t\t<\/div>\n\t\t\t\t<\/div>\n\t\t<div class=\"elementor-element elementor-element-iwgs-donnerzeiche-cc e-flex e-con-boxed e-con e-parent\" data-id=\"iwgs-donnerzeiche-cc\" data-element_type=\"container\" data-e-type=\"container\" id=\"iwg-cc-donnerzeichen\">\n\t\t\t\t\t<div class=\"e-con-inner\">\n\t\t<div class=\"elementor-element elementor-element-iwgs-donnerzeiche-ccinner e-flex e-con-boxed e-con e-parent\" data-id=\"iwgs-donnerzeiche-ccinner\" data-element_type=\"container\" data-e-type=\"container\" data-settings=\"{&quot;background_background&quot;:&quot;classic&quot;}\">\n\t\t\t\t\t<div class=\"e-con-inner\">\n\t\t\t\t<div class=\"elementor-element elementor-element-iwgs-donnerzeiche-cch elementor-widget elementor-widget-heading\" data-id=\"iwgs-donnerzeiche-cch\" data-element_type=\"widget\" data-e-type=\"widget\" data-widget_type=\"heading.default\">\n\t\t\t\t\t<h2 class=\"elementor-heading-title elementor-size-default\">iWell Guard a ochrann\u00e9 tradice<\/h2>\t\t\t\t<\/div>\n\t\t\t\t<div class=\"elementor-element elementor-element-iwgs-donnerzeiche-cct elementor-widget elementor-widget-text-editor\" data-id=\"iwgs-donnerzeiche-cct\" data-element_type=\"widget\" data-e-type=\"widget\" data-widget_type=\"text-editor.default\">\n\t\t\t\t\t\t\t\t\t<p>iWell Guard navazuje na kulturn\u011b-historickou linii p\u0159enosn\u00fdch ochrann\u00fdch p\u0159edm\u011bt\u016f, k n\u00ed\u017e pat\u0159\u00ed i hromov\u00e9 znamen\u00ed. Modern\u00ed spole\u010dn\u00edk pro lidi, kte\u0159\u00ed \u017eij\u00ed s ochrann\u00fdmi symboly: vyrobeno v N\u011bmecku, 41 vrstev z ryz\u00edho zlata, platiny a st\u0159\u00edbra, s 30denn\u00ed lh\u016ftou na vr\u00e1cen\u00ed zbo\u017e\u00ed.<\/p>\t\t\t\t\t\t\t\t<\/div>\n\t\t\t\t<div class=\"elementor-element elementor-element-iwgs-donnerzeiche-ccb iwg-cc-button iwg-cc-cta-2026-05-13 elementor-widget elementor-widget-jet-button\" data-id=\"iwgs-donnerzeiche-ccb\" data-element_type=\"widget\" data-e-type=\"widget\" data-widget_type=\"jet-button.default\">\n\t\t\t\t<div class=\"elementor-widget-container\">\n\t\t\t\t\t<div class=\"elementor-jet-button jet-elements\"><div class=\"jet-button__container\"><a class=\"jet-button__instance jet-button__instance--icon-left hover-effect-1\" href=\"\/schutzanhaenger-iwell-guard-kaufen\/?utm_source=iwell-guard.com&amp;utm_medium=info-box&amp;utm_campaign=schutzsymbole\"><div class=\"jet-button__plane jet-button__plane-normal\"><\/div><div class=\"jet-button__plane jet-button__plane-hover\"><\/div><div class=\"jet-button__state jet-button__state-normal\"><span class=\"jet-button__label\">V\u00edce o iWell Guard<\/span><\/div><div class=\"jet-button__state jet-button__state-hover\"><span class=\"jet-button__label\">V\u00edce o iWell Guard<\/span><\/div><\/a><\/div><\/div><style>.elementor-element.elementor-element-iwgs-donnerzeiche-ccb .jet-button__instance{width:320px;height:56px;}.elementor-element.elementor-element-iwgs-donnerzeiche-ccb .jet-button__state-normal .jet-button__label{text-align:center;margin:0px 0px 0px 0px;color:#1a1b20;font-family:Montserrat,sans-serif;font-size:13px;font-weight:400;letter-spacing:4px;line-height:1.714em;text-transform:uppercase;}.elementor-element.elementor-element-iwgs-donnerzeiche-ccb .jet-button__state-hover .jet-button__label{text-align:center;margin:0px 0px 0px 0px;color:#FECC76;font-family:Montserrat,sans-serif;font-size:13px;font-weight:400;letter-spacing:4px;line-height:1.714em;text-transform:uppercase;}.elementor-element.elementor-element-iwgs-donnerzeiche-ccb .jet-button__plane-normal{background-color:#FECC76;border-style:solid;border-color:#C99540;border-width:2px 2px 2px 2px;}.elementor-element.elementor-element-iwgs-donnerzeiche-ccb .jet-button__plane-hover{background-color:rgba(0,0,0,0.55);border-style:solid;border-color:#FECC76;border-width:2px 2px 2px 2px;}<\/style>\t\t\t\t<\/div>\n\t\t\t\t<\/div>\n\t\t\t\t<div class=\"elementor-element elementor-element-iwgs-donnerzeiche-ccd elementor-widget elementor-widget-text-editor\" data-id=\"iwgs-donnerzeiche-ccd\" data-element_type=\"widget\" data-e-type=\"widget\" data-widget_type=\"text-editor.default\">\n\t\t\t\t\t\t\t\t\t<p style=\"text-align:center;font-size:13px;opacity:0.7;margin-top:14px\" data-nosnippet=\"true\">Osobn\u00ed zku\u0161enosti se mohou li\u0161it. Nejde o zdravotnick\u00fd prost\u0159edek. Nejde o p\u0159\u00edslib l\u00e9\u010den\u00ed.<\/p>\t\t\t\t\t\t\t\t<\/div>\n\t\t\t\t\t<\/div>\n\t\t\t\t<\/div>\n\t\t\t\t\t<\/div>\n\t\t\t\t<\/div>\n\t\t<div class=\"elementor-element elementor-element-iwgs-donnerzeiche-disc e-flex e-con-boxed e-con e-parent\" data-id=\"iwgs-donnerzeiche-disc\" data-element_type=\"container\" data-e-type=\"container\">\n\t\t\t\t\t<div class=\"e-con-inner\">\n\t\t\t\t<div class=\"elementor-element elementor-element-iwgs-donnerzeiche-discw elementor-widget elementor-widget-html\" data-id=\"iwgs-donnerzeiche-discw\" data-element_type=\"widget\" data-e-type=\"widget\" data-widget_type=\"html.default\">\n\t\t\t\t\t<footer data-nosnippet=\"true\" class=\"iwg-disclaimer-block\"><p data-nosnippet=\"true\">iWell Guard <strong>nen\u00ed zdravotnick\u00fd prost\u0159edek<\/strong> a nenahrazuje l\u00e9ka\u0159skou ani psychoterapeutickou l\u00e9\u010dbu. Zde uveden\u00fd obsah p\u0159edstavuje religionistick\u00e9 a kulturn\u011b-historick\u00e9 za\u0159azen\u00ed, nikoli p\u0159\u00edslib duchovn\u00edho \u00fa\u010dinku.<\/p><\/footer>\t\t\t\t<\/div>\n\t\t\t\t\t<\/div>\n\t\t\t\t<\/div>\n\t\t\t\t<\/div>\n\t\t","protected":false},"excerpt":{"rendered":"","protected":false},"author":3,"featured_media":3493,"parent":0,"menu_order":0,"comment_status":"closed","ping_status":"closed","template":"elementor_header_footer","meta":{"_yoast_wpseo_focuskw":"Donnerzeichen","_yoast_wpseo_title":"Donnerzeichen \u2013 slovansk\u00e1 ochrana proti blesku","_yoast_wpseo_metadesc":"Donnerzeichen je slovansk\u00e9 ochrann\u00e9 znamen\u00ed proti blesku a ne\u0161t\u011bst\u00ed, spojen\u00e9 s Perunem. Vysv\u011btlen\u00ed tvaru a v\u00fdznamu.","_yoast_wpseo_meta-robots-noindex":"","_yoast_wpseo_canonical":"","_angie_page":false,"gefaehrdungsstufe":"","wesen_kultur":"","wesen_klasse":"","footnotes":""},"categories":[],"class_list":["post-145703","page","type-page","status-publish","has-post-thumbnail","hentry"],"yoast_head":"<!-- This site is optimized with the Yoast SEO Premium plugin v27.7 (Yoast SEO v28.3) - https:\/\/yoast.com\/product\/yoast-seo-premium-wordpress\/ -->\n<title>Donnerzeichen \u2013 slovansk\u00e1 ochrana proti blesku<\/title>\n<meta name=\"description\" content=\"Donnerzeichen je slovansk\u00e9 ochrann\u00e9 znamen\u00ed proti blesku a ne\u0161t\u011bst\u00ed, spojen\u00e9 s Perunem. Vysv\u011btlen\u00ed tvaru a v\u00fdznamu.\" \/>\n<meta name=\"robots\" content=\"index, follow, max-snippet:-1, max-image-preview:large, max-video-preview:-1\" \/>\n<link rel=\"canonical\" href=\"https:\/\/iwell-guard.com\/cs\/donnerzeichen-slovanske-znameni-proti-blesku\/\" \/>\n<meta property=\"og:locale\" content=\"cs_CZ\" \/>\n<meta property=\"og:type\" content=\"article\" \/>\n<meta property=\"og:title\" content=\"Donnerzeichen \u2013 slovansk\u00e9 znamen\u00ed proti blesku\" \/>\n<meta property=\"og:description\" content=\"Donnerzeichen je slovansk\u00e9 ochrann\u00e9 znamen\u00ed proti blesku a ne\u0161t\u011bst\u00ed, spojen\u00e9 s Perunem. Vysv\u011btlen\u00ed tvaru a v\u00fdznamu.\" \/>\n<meta property=\"og:url\" content=\"https:\/\/iwell-guard.com\/cs\/donnerzeichen-slovanske-znameni-proti-blesku\/\" \/>\n<meta property=\"og:site_name\" content=\"iWell Guard\" \/>\n<meta property=\"article:modified_time\" content=\"2026-09-03T17:03:26+00:00\" \/>\n<meta property=\"og:image\" content=\"https:\/\/iwell-guard.com\/wp-content\/uploads\/2026\/05\/schutzsymbol_slawisch_donnerzeichen.webp\" \/>\n\t<meta property=\"og:image:width\" content=\"1024\" \/>\n\t<meta property=\"og:image:height\" content=\"1536\" \/>\n\t<meta property=\"og:image:type\" content=\"image\/webp\" \/>\n<meta name=\"twitter:card\" content=\"summary_large_image\" \/>\n<script type=\"application\/ld+json\" class=\"yoast-schema-graph\">{\"@context\":\"https:\\\/\\\/schema.org\",\"@graph\":[{\"@type\":\"WebPage\",\"@id\":\"https:\\\/\\\/iwell-guard.com\\\/cs\\\/donnerzeichen-slovanske-znameni-proti-blesku\\\/\",\"url\":\"https:\\\/\\\/iwell-guard.com\\\/cs\\\/donnerzeichen-slovanske-znameni-proti-blesku\\\/\",\"name\":\"Donnerzeichen \u2013 slovansk\u00e1 ochrana proti blesku\",\"isPartOf\":{\"@id\":\"https:\\\/\\\/iwell-guard.com\\\/cs\\\/#website\"},\"primaryImageOfPage\":{\"@id\":\"https:\\\/\\\/iwell-guard.com\\\/cs\\\/donnerzeichen-slovanske-znameni-proti-blesku\\\/#primaryimage\"},\"image\":{\"@id\":\"https:\\\/\\\/iwell-guard.com\\\/cs\\\/donnerzeichen-slovanske-znameni-proti-blesku\\\/#primaryimage\"},\"thumbnailUrl\":\"https:\\\/\\\/iwell-guard.com\\\/wp-content\\\/uploads\\\/2026\\\/05\\\/schutzsymbol_slawisch_donnerzeichen.webp\",\"datePublished\":\"2026-09-03T16:32:56+00:00\",\"dateModified\":\"2026-09-03T17:03:26+00:00\",\"description\":\"Donnerzeichen je slovansk\u00e9 ochrann\u00e9 znamen\u00ed proti blesku a ne\u0161t\u011bst\u00ed, spojen\u00e9 s Perunem. Vysv\u011btlen\u00ed tvaru a v\u00fdznamu.\",\"breadcrumb\":{\"@id\":\"https:\\\/\\\/iwell-guard.com\\\/cs\\\/donnerzeichen-slovanske-znameni-proti-blesku\\\/#breadcrumb\"},\"inLanguage\":\"cs\",\"potentialAction\":[{\"@type\":\"ReadAction\",\"target\":[\"https:\\\/\\\/iwell-guard.com\\\/cs\\\/donnerzeichen-slovanske-znameni-proti-blesku\\\/\"]}]},{\"@type\":\"ImageObject\",\"inLanguage\":\"cs\",\"@id\":\"https:\\\/\\\/iwell-guard.com\\\/cs\\\/donnerzeichen-slovanske-znameni-proti-blesku\\\/#primaryimage\",\"url\":\"https:\\\/\\\/iwell-guard.com\\\/wp-content\\\/uploads\\\/2026\\\/05\\\/schutzsymbol_slawisch_donnerzeichen.webp\",\"contentUrl\":\"https:\\\/\\\/iwell-guard.com\\\/wp-content\\\/uploads\\\/2026\\\/05\\\/schutzsymbol_slawisch_donnerzeichen.webp\",\"width\":1024,\"height\":1536,\"caption\":\"Ochrann\u00fd symbol. Muzejn\u00ed ilustrace z\u00e1ti\u0161\u00ed.\"},{\"@type\":\"BreadcrumbList\",\"@id\":\"https:\\\/\\\/iwell-guard.com\\\/cs\\\/donnerzeichen-slovanske-znameni-proti-blesku\\\/#breadcrumb\",\"itemListElement\":[{\"@type\":\"ListItem\",\"position\":1,\"name\":\"Start\",\"item\":\"https:\\\/\\\/iwell-guard.com\\\/cs\\\/?page_id=145107\"},{\"@type\":\"ListItem\",\"position\":2,\"name\":\"Donnerzeichen \u2013 slovansk\u00e9 znamen\u00ed proti blesku\"}]},{\"@type\":\"WebSite\",\"@id\":\"https:\\\/\\\/iwell-guard.com\\\/cs\\\/#website\",\"url\":\"https:\\\/\\\/iwell-guard.com\\\/cs\\\/\",\"name\":\"iWell Guard\",\"description\":\"Schutz vor dunklen Einfl\u00fcssen\",\"publisher\":{\"@id\":\"https:\\\/\\\/iwell-guard.com\\\/cs\\\/#organization\"},\"potentialAction\":[{\"@type\":\"SearchAction\",\"target\":{\"@type\":\"EntryPoint\",\"urlTemplate\":\"https:\\\/\\\/iwell-guard.com\\\/cs\\\/?s={search_term_string}\"},\"query-input\":{\"@type\":\"PropertyValueSpecification\",\"valueRequired\":true,\"valueName\":\"search_term_string\"}}],\"inLanguage\":\"cs\"},{\"@type\":\"Organization\",\"@id\":\"https:\\\/\\\/iwell-guard.com\\\/cs\\\/#organization\",\"name\":\"Ittermann electronic GmbH\",\"url\":\"https:\\\/\\\/iwell-guard.com\\\/cs\\\/\",\"logo\":{\"@type\":\"ImageObject\",\"inLanguage\":\"cs\",\"@id\":\"https:\\\/\\\/iwell-guard.com\\\/cs\\\/#\\\/schema\\\/logo\\\/image\\\/\",\"url\":\"https:\\\/\\\/iwell-guard.com\\\/wp-content\\\/uploads\\\/2026\\\/05\\\/Ittermann-Logo-1182x237-1.png\",\"contentUrl\":\"https:\\\/\\\/iwell-guard.com\\\/wp-content\\\/uploads\\\/2026\\\/05\\\/Ittermann-Logo-1182x237-1.png\",\"width\":1182,\"height\":237,\"caption\":\"Ittermann electronic GmbH\"},\"image\":{\"@id\":\"https:\\\/\\\/iwell-guard.com\\\/cs\\\/#\\\/schema\\\/logo\\\/image\\\/\"},\"sameAs\":[\"https:\\\/\\\/pantip.com\\\/profile\\\/9367242\",\"https:\\\/\\\/micro.blog\\\/iwellguard\",\"https:\\\/\\\/www.diggerslist.com\\\/iwellguard\\\/about\",\"https:\\\/\\\/skitterphoto.com\\\/photographers\\\/2870314\\\/iwell-guard\",\"https:\\\/\\\/iwellguard.wordpress.com\\\/2026\\\/06\\\/06\\\/iwell-guard\\\/\",\"https:\\\/\\\/hub.docker.com\\\/u\\\/iwellguard\",\"https:\\\/\\\/www.pinterest.com\\\/iwellguard\\\/\",\"https:\\\/\\\/bit.ly\\\/m\\\/iwellguard\",\"https:\\\/\\\/entre-vos-mains.alsace.eu\\\/profiles\\\/iwellguard\\\/activity\",\"https:\\\/\\\/gravatar.com\\\/reallybeded8fd34\",\"https:\\\/\\\/naijamatta.com\\\/iwellguard\",\"https:\\\/\\\/www.goodreads.com\\\/iwellguard\",\"https:\\\/\\\/profile.hatena.ne.jp\\\/iwellguard\\\/\",\"https:\\\/\\\/experiment.com\\\/users\\\/iwellguard\",\"https:\\\/\\\/wakelet.com\\\/@iWellGuard82270\",\"https:\\\/\\\/www.chordie.com\\\/forum\\\/profile.php?id=2555664\",\"https:\\\/\\\/www.instapaper.com\\\/p\\\/17757966\",\"https:\\\/\\\/www.mapleprimes.com\\\/users\\\/iwellguard\",\"https:\\\/\\\/businesslistingplus.com\\\/profile\\\/iwell-guard\\\/\",\"https:\\\/\\\/telegra.ph\\\/iWell-Guard-06-06\",\"https:\\\/\\\/pbase.com\\\/iwellguard\\\/iwellguard\",\"https:\\\/\\\/b.hatena.ne.jp\\\/iwellguard\\\/20260607#bookmark-4788405196491818882\",\"https:\\\/\\\/fliphtml5.com\\\/home\\\/iwellguard\",\"https:\\\/\\\/anyflip.com\\\/homepage\\\/cmiwl#About\",\"https:\\\/\\\/transfur.com\\\/Users\\\/iwellguard\",\"http:\\\/\\\/delphi.larsbo.org\\\/user\\\/iwellguard\",\"https:\\\/\\\/jobs.lajobsportal.org\\\/profiles\\\/8380803-iwell-guard\",\"https:\\\/\\\/md.chaosdorf.de\\\/s\\\/jfbe5SBdJD\",\"https:\\\/\\\/www.lingvolive.com\\\/en-us\\\/profile\\\/9ecaeaca-ce11-4e51-9e71-01d55e2bff36\\\/translations\",\"https:\\\/\\\/www.fitday.com\\\/fitness\\\/forums\\\/members\\\/iwellguard.html\",\"https:\\\/\\\/www.mymeetbook.com\\\/iwellguard\",\"https:\\\/\\\/pxhere.com\\\/en\\\/photographer-me\\\/5040798\",\"https:\\\/\\\/disqus.com\\\/by\\\/iwellguard\\\/about\\\/\",\"https:\\\/\\\/pastelink.net\\\/hjwciqwq\",\"https:\\\/\\\/pubhtml5.com\\\/homepage\\\/scjhn\\\/\",\"https:\\\/\\\/www.bitchute.com\\\/channel\\\/2O2eOKzNqujT\",\"https:\\\/\\\/audiomack.com\\\/iwellguard\"]}]}<\/script>\n<!-- \/ Yoast SEO Premium plugin. -->","yoast_head_json":{"title":"Donnerzeichen \u2013 slovansk\u00e1 ochrana proti blesku","description":"Donnerzeichen je slovansk\u00e9 ochrann\u00e9 znamen\u00ed proti blesku a ne\u0161t\u011bst\u00ed, spojen\u00e9 s Perunem. Vysv\u011btlen\u00ed tvaru a v\u00fdznamu.","robots":{"index":"index","follow":"follow","max-snippet":"max-snippet:-1","max-image-preview":"max-image-preview:large","max-video-preview":"max-video-preview:-1"},"canonical":"https:\/\/iwell-guard.com\/cs\/donnerzeichen-slovanske-znameni-proti-blesku\/","og_locale":"cs_CZ","og_type":"article","og_title":"Donnerzeichen \u2013 slovansk\u00e9 znamen\u00ed proti blesku","og_description":"Donnerzeichen je slovansk\u00e9 ochrann\u00e9 znamen\u00ed proti blesku a ne\u0161t\u011bst\u00ed, spojen\u00e9 s Perunem. Vysv\u011btlen\u00ed tvaru a v\u00fdznamu.","og_url":"https:\/\/iwell-guard.com\/cs\/donnerzeichen-slovanske-znameni-proti-blesku\/","og_site_name":"iWell Guard","article_modified_time":"2026-09-03T17:03:26+00:00","og_image":[{"width":1024,"height":1536,"url":"https:\/\/iwell-guard.com\/wp-content\/uploads\/2026\/05\/schutzsymbol_slawisch_donnerzeichen.webp","type":"image\/webp"}],"twitter_card":"summary_large_image","schema":{"@context":"https:\/\/schema.org","@graph":[{"@type":"WebPage","@id":"https:\/\/iwell-guard.com\/cs\/donnerzeichen-slovanske-znameni-proti-blesku\/","url":"https:\/\/iwell-guard.com\/cs\/donnerzeichen-slovanske-znameni-proti-blesku\/","name":"Donnerzeichen \u2013 slovansk\u00e1 ochrana proti blesku","isPartOf":{"@id":"https:\/\/iwell-guard.com\/cs\/#website"},"primaryImageOfPage":{"@id":"https:\/\/iwell-guard.com\/cs\/donnerzeichen-slovanske-znameni-proti-blesku\/#primaryimage"},"image":{"@id":"https:\/\/iwell-guard.com\/cs\/donnerzeichen-slovanske-znameni-proti-blesku\/#primaryimage"},"thumbnailUrl":"https:\/\/iwell-guard.com\/wp-content\/uploads\/2026\/05\/schutzsymbol_slawisch_donnerzeichen.webp","datePublished":"2026-09-03T16:32:56+00:00","dateModified":"2026-09-03T17:03:26+00:00","description":"Donnerzeichen je slovansk\u00e9 ochrann\u00e9 znamen\u00ed proti blesku a ne\u0161t\u011bst\u00ed, spojen\u00e9 s Perunem. Vysv\u011btlen\u00ed tvaru a v\u00fdznamu.","breadcrumb":{"@id":"https:\/\/iwell-guard.com\/cs\/donnerzeichen-slovanske-znameni-proti-blesku\/#breadcrumb"},"inLanguage":"cs","potentialAction":[{"@type":"ReadAction","target":["https:\/\/iwell-guard.com\/cs\/donnerzeichen-slovanske-znameni-proti-blesku\/"]}]},{"@type":"ImageObject","inLanguage":"cs","@id":"https:\/\/iwell-guard.com\/cs\/donnerzeichen-slovanske-znameni-proti-blesku\/#primaryimage","url":"https:\/\/iwell-guard.com\/wp-content\/uploads\/2026\/05\/schutzsymbol_slawisch_donnerzeichen.webp","contentUrl":"https:\/\/iwell-guard.com\/wp-content\/uploads\/2026\/05\/schutzsymbol_slawisch_donnerzeichen.webp","width":1024,"height":1536,"caption":"Ochrann\u00fd symbol. Muzejn\u00ed ilustrace z\u00e1ti\u0161\u00ed."},{"@type":"BreadcrumbList","@id":"https:\/\/iwell-guard.com\/cs\/donnerzeichen-slovanske-znameni-proti-blesku\/#breadcrumb","itemListElement":[{"@type":"ListItem","position":1,"name":"Start","item":"https:\/\/iwell-guard.com\/cs\/?page_id=145107"},{"@type":"ListItem","position":2,"name":"Donnerzeichen \u2013 slovansk\u00e9 znamen\u00ed proti blesku"}]},{"@type":"WebSite","@id":"https:\/\/iwell-guard.com\/cs\/#website","url":"https:\/\/iwell-guard.com\/cs\/","name":"iWell Guard","description":"Schutz vor dunklen Einfl\u00fcssen","publisher":{"@id":"https:\/\/iwell-guard.com\/cs\/#organization"},"potentialAction":[{"@type":"SearchAction","target":{"@type":"EntryPoint","urlTemplate":"https:\/\/iwell-guard.com\/cs\/?s={search_term_string}"},"query-input":{"@type":"PropertyValueSpecification","valueRequired":true,"valueName":"search_term_string"}}],"inLanguage":"cs"},{"@type":"Organization","@id":"https:\/\/iwell-guard.com\/cs\/#organization","name":"Ittermann electronic GmbH","url":"https:\/\/iwell-guard.com\/cs\/","logo":{"@type":"ImageObject","inLanguage":"cs","@id":"https:\/\/iwell-guard.com\/cs\/#\/schema\/logo\/image\/","url":"https:\/\/iwell-guard.com\/wp-content\/uploads\/2026\/05\/Ittermann-Logo-1182x237-1.png","contentUrl":"https:\/\/iwell-guard.com\/wp-content\/uploads\/2026\/05\/Ittermann-Logo-1182x237-1.png","width":1182,"height":237,"caption":"Ittermann electronic GmbH"},"image":{"@id":"https:\/\/iwell-guard.com\/cs\/#\/schema\/logo\/image\/"},"sameAs":["https:\/\/pantip.com\/profile\/9367242","https:\/\/micro.blog\/iwellguard","https:\/\/www.diggerslist.com\/iwellguard\/about","https:\/\/skitterphoto.com\/photographers\/2870314\/iwell-guard","https:\/\/iwellguard.wordpress.com\/2026\/06\/06\/iwell-guard\/","https:\/\/hub.docker.com\/u\/iwellguard","https:\/\/www.pinterest.com\/iwellguard\/","https:\/\/bit.ly\/m\/iwellguard","https:\/\/entre-vos-mains.alsace.eu\/profiles\/iwellguard\/activity","https:\/\/gravatar.com\/reallybeded8fd34","https:\/\/naijamatta.com\/iwellguard","https:\/\/www.goodreads.com\/iwellguard","https:\/\/profile.hatena.ne.jp\/iwellguard\/","https:\/\/experiment.com\/users\/iwellguard","https:\/\/wakelet.com\/@iWellGuard82270","https:\/\/www.chordie.com\/forum\/profile.php?id=2555664","https:\/\/www.instapaper.com\/p\/17757966","https:\/\/www.mapleprimes.com\/users\/iwellguard","https:\/\/businesslistingplus.com\/profile\/iwell-guard\/","https:\/\/telegra.ph\/iWell-Guard-06-06","https:\/\/pbase.com\/iwellguard\/iwellguard","https:\/\/b.hatena.ne.jp\/iwellguard\/20260607#bookmark-4788405196491818882","https:\/\/fliphtml5.com\/home\/iwellguard","https:\/\/anyflip.com\/homepage\/cmiwl#About","https:\/\/transfur.com\/Users\/iwellguard","http:\/\/delphi.larsbo.org\/user\/iwellguard","https:\/\/jobs.lajobsportal.org\/profiles\/8380803-iwell-guard","https:\/\/md.chaosdorf.de\/s\/jfbe5SBdJD","https:\/\/www.lingvolive.com\/en-us\/profile\/9ecaeaca-ce11-4e51-9e71-01d55e2bff36\/translations","https:\/\/www.fitday.com\/fitness\/forums\/members\/iwellguard.html","https:\/\/www.mymeetbook.com\/iwellguard","https:\/\/pxhere.com\/en\/photographer-me\/5040798","https:\/\/disqus.com\/by\/iwellguard\/about\/","https:\/\/pastelink.net\/hjwciqwq","https:\/\/pubhtml5.com\/homepage\/scjhn\/","https:\/\/www.bitchute.com\/channel\/2O2eOKzNqujT","https:\/\/audiomack.com\/iwellguard"]}]}},"_links":{"self":[{"href":"https:\/\/iwell-guard.com\/cs\/wp-json\/wp\/v2\/pages\/145703","targetHints":{"allow":["GET"]}}],"collection":[{"href":"https:\/\/iwell-guard.com\/cs\/wp-json\/wp\/v2\/pages"}],"about":[{"href":"https:\/\/iwell-guard.com\/cs\/wp-json\/wp\/v2\/types\/page"}],"author":[{"embeddable":true,"href":"https:\/\/iwell-guard.com\/cs\/wp-json\/wp\/v2\/users\/3"}],"replies":[{"embeddable":true,"href":"https:\/\/iwell-guard.com\/cs\/wp-json\/wp\/v2\/comments?post=145703"}],"version-history":[{"count":0,"href":"https:\/\/iwell-guard.com\/cs\/wp-json\/wp\/v2\/pages\/145703\/revisions"}],"wp:featuredmedia":[{"embeddable":true,"href":"https:\/\/iwell-guard.com\/cs\/wp-json\/wp\/v2\/media\/3493"}],"wp:attachment":[{"href":"https:\/\/iwell-guard.com\/cs\/wp-json\/wp\/v2\/media?parent=145703"}],"wp:term":[{"taxonomy":"category","embeddable":true,"href":"https:\/\/iwell-guard.com\/cs\/wp-json\/wp\/v2\/categories?post=145703"}],"curies":[{"name":"wp","href":"https:\/\/api.w.org\/{rel}","templated":true}]}}