{"id":145700,"date":"2026-09-03T16:32:54","date_gmt":"2026-09-03T16:32:54","guid":{"rendered":"https:\/\/iwell-guard.com\/?page_id=145700"},"modified":"2026-09-03T17:03:21","modified_gmt":"2026-09-03T17:03:21","slug":"brigidin-kriz-ochranny-kriz-irska","status":"publish","type":"page","link":"https:\/\/iwell-guard.com\/cs\/brigidin-kriz-ochranny-kriz-irska\/","title":{"rendered":"Brigidin k\u0159\u00ed\u017e \u2013 pleten\u00fd ochrann\u00fd k\u0159\u00ed\u017e Irska"},"content":{"rendered":"\t\t<div data-elementor-type=\"wp-page\" data-elementor-id=\"145700\" class=\"elementor elementor-145700 elementor-3663 elementor-bc-flex-widget\" data-elementor-post-type=\"page\">\n\t\t\t\t<div class=\"elementor-element elementor-element-iwgs-brigidkreuz-hero e-flex e-con-boxed e-con e-parent\" data-id=\"iwgs-brigidkreuz-hero\" data-element_type=\"container\" data-e-type=\"container\">\n\t\t\t\t\t<div class=\"e-con-inner\">\n\t\t<div class=\"elementor-element elementor-element-iwgs-brigidkreuz-hl e-flex e-con-boxed e-con e-parent\" data-id=\"iwgs-brigidkreuz-hl\" data-element_type=\"container\" data-e-type=\"container\">\n\t\t\t\t\t<div class=\"e-con-inner\">\n\t\t<div class=\"elementor-element elementor-element-iwgs-brigidkreuz-hlbox e-con-full e-flex e-con e-parent\" data-id=\"iwgs-brigidkreuz-hlbox\" data-element_type=\"container\" data-e-type=\"container\">\n\t\t\t\t<div class=\"elementor-element elementor-element-iwgs-brigidkreuz-h1 elementor-widget elementor-widget-heading\" data-id=\"iwgs-brigidkreuz-h1\" data-element_type=\"widget\" data-e-type=\"widget\" data-widget_type=\"heading.default\">\n\t\t\t\t\t<h1 class=\"elementor-heading-title elementor-size-default\">Brigidin k\u0159\u00ed\u017e \u2013 pleten\u00fd ochrann\u00fd k\u0159\u00ed\u017e Irska<\/h1>\t\t\t\t<\/div>\n\t\t\t\t<div class=\"elementor-element elementor-element-iwgs-brigidkreuz-lead elementor-widget elementor-widget-text-editor\" data-id=\"iwgs-brigidkreuz-lead\" data-element_type=\"widget\" data-e-type=\"widget\" data-widget_type=\"text-editor.default\">\n\t\t\t\t\t\t\t\t\t<p>Brigidin k\u0159\u00ed\u017e je k\u0159\u00ed\u017e spleten\u00fd ze s\u00edtiny s posunut\u00fdm st\u0159edov\u00fdm polem a \u010dty\u0159mi rameny. V Irsku se ka\u017ed\u00fd rok pletou znovu a um\u00eds\u0165uj\u00ed nad dve\u0159e, aby chr\u00e1nily d\u016fm a statek.<\/p>\t\t\t\t\t\t\t\t<\/div>\n\t\t\t\t<\/div>\n\t\t\t\t<div class=\"elementor-element elementor-element-iwgs-brigidkreuz-pills elementor-widget elementor-widget-html\" data-id=\"iwgs-brigidkreuz-pills\" data-element_type=\"widget\" data-e-type=\"widget\" data-widget_type=\"html.default\">\n\t\t\t\t\t<div class=\"iwg-pill-row\"><span class=\"iwg-klasse-badge\" tabindex=\"0\" data-tooltip=\"Ochrann\u00fd symbol, amulet nebo apotropajick\u00fd p\u0159edm\u011bt.\">Ochrann\u00fd symbol<\/span><a href=\"https:\/\/iwell-guard.com\/cs\/keltska\/\" class=\"iwg-kultur-badge\" tabindex=\"0\" data-tooltip=\"Ochrann\u00e1 tradice: Keltsk\u00e1\">Keltsk\u00e1<\/a><span class=\"iwg-tradition-badge\" tabindex=\"0\" data-tooltip=\"Znamen\u00ed, kter\u00e9 m\u00e1 poskytovat nebo nazna\u010dovat ochranu.\">Ochrann\u00e9 znamen\u00ed<\/span><\/div>\t\t\t\t<\/div>\n\t\t\t\t\t<\/div>\n\t\t\t\t<\/div>\n\t\t<div class=\"elementor-element elementor-element-iwgs-brigidkreuz-hr e-con-full e-flex e-con e-parent\" data-id=\"iwgs-brigidkreuz-hr\" data-element_type=\"container\" data-e-type=\"container\">\n\t\t\t\t<div class=\"elementor-element elementor-element-iwgs-brigidkreuz-himg iwg-hero-image elementor-widget elementor-widget-image\" data-id=\"iwgs-brigidkreuz-himg\" data-element_type=\"widget\" data-e-type=\"widget\" data-widget_type=\"image.default\">\n\t\t\t\t\t\t\t\t\t\t\t\t\t\t\t<img fetchpriority=\"high\" decoding=\"async\" width=\"683\" height=\"1024\" src=\"https:\/\/iwell-guard.com\/wp-content\/uploads\/2026\/05\/schutzsymbol_keltisch_brigidkreuz-683x1024.webp\" class=\"attachment-large size-large wp-image-147089\" alt=\"Brigidin k\u0159\u00ed\u017e - ochrann\u00fd symbol, muzejn\u00ed ilustrace\" srcset=\"https:\/\/iwell-guard.com\/wp-content\/uploads\/2026\/05\/schutzsymbol_keltisch_brigidkreuz-683x1024.webp 683w, https:\/\/iwell-guard.com\/wp-content\/uploads\/2026\/05\/schutzsymbol_keltisch_brigidkreuz-200x300.webp 200w, https:\/\/iwell-guard.com\/wp-content\/uploads\/2026\/05\/schutzsymbol_keltisch_brigidkreuz-768x1152.webp 768w, https:\/\/iwell-guard.com\/wp-content\/uploads\/2026\/05\/schutzsymbol_keltisch_brigidkreuz.webp 1024w\" sizes=\"(max-width: 683px) 100vw, 683px\" \/>\t\t\t\t\t\t\t\t\t\t\t\t\t\t\t<\/div>\n\t\t\t\t<\/div>\n\t\t\t\t\t<\/div>\n\t\t\t\t<\/div>\n\t\t<div class=\"elementor-element elementor-element-iwgs-brigidkreuz-s0 e-flex e-con-boxed e-con e-parent\" data-id=\"iwgs-brigidkreuz-s0\" data-element_type=\"container\" data-e-type=\"container\">\n\t\t\t\t\t<div class=\"e-con-inner\">\n\t\t\t\t<div class=\"elementor-element elementor-element-iwgs-brigidkreuz-s0h elementor-widget elementor-widget-heading\" data-id=\"iwgs-brigidkreuz-s0h\" data-element_type=\"widget\" data-e-type=\"widget\" data-widget_type=\"heading.default\">\n\t\t\t\t\t<h2 class=\"elementor-heading-title elementor-size-default\">Za\u0159azen\u00ed<\/h2>\t\t\t\t<\/div>\n\t\t<div class=\"elementor-element elementor-element-iwgs-brigidkreuz-s0box e-con-full e-flex e-con e-parent\" data-id=\"iwgs-brigidkreuz-s0box\" data-element_type=\"container\" data-e-type=\"container\">\n\t\t\t\t<div class=\"elementor-element elementor-element-iwgs-brigidkreuz-s0t elementor-widget elementor-widget-text-editor\" data-id=\"iwgs-brigidkreuz-s0t\" data-element_type=\"widget\" data-e-type=\"widget\" data-widget_type=\"text-editor.default\">\n\t\t\t\t\t\t\t\t\t<p>Brigidin k\u0159\u00ed\u017e je ochrann\u00e9 znamen\u00ed z Irska a n\u00e1le\u017e\u00ed ke <a href=\"https:\/\/iwell-guard.com\/cs\/keltska\/\">keltsky<\/a> utv\u00e1\u0159en\u00e9mu sv\u011btu. Plete se ze s\u00edtiny nebo sl\u00e1my a m\u00e1 nezam\u011bniteln\u00fd tvar.<\/p><p>K\u0159\u00ed\u017e se skl\u00e1d\u00e1 z posunut\u00e9ho, t\u00e9m\u011b\u0159 \u010dtvercov\u00e9ho st\u0159edov\u00e9ho pole, z n\u011bho\u017e vych\u00e1zej\u00ed \u010dty\u0159i ramena. Tato ramena jsou sv\u00e1z\u00e1na p\u00e1skami nebo nit\u011bmi. Celkov\u00fd tvar je na prvn\u00ed pohled rozpoznateln\u00fd.<\/p><p>Brigidin k\u0159\u00ed\u017e je ochrann\u00fd p\u0159edm\u011bt domu. Um\u00eds\u0165uje se nad dve\u0159e, na ze\u010f nebo do st\u00e1je a m\u00e1 chr\u00e1nit d\u016fm, rodinu a dobytek p\u0159ed ne\u0161t\u011bst\u00edm.<\/p><p>S Brigidin\u00fdm k\u0159\u00ed\u017eem je spojen pevn\u00fd <span class=\"iwg-fachbegriff\" data-tooltip=\"Tradovan\u00e1 \u010dinnost, pravideln\u011b opakovan\u00e1 v r\u00e1mci ur\u010dit\u00e9ho spole\u010denstv\u00ed.\" tabindex=\"0\">zvyk<\/span>. Tradi\u010dn\u011b se plete znovu v ur\u010dit\u00fd den roku, na sv\u00e1tek svat\u00e9 Brigid na po\u010d\u00e1tku \u00fanora.<\/p><p>V <span class=\"iwg-fachbegriff\" data-tooltip=\"V\u011bda, kter\u00e1 zkoum\u00e1 n\u00e1bo\u017eenstv\u00ed srovn\u00e1vac\u00edm zp\u016fsobem a bez vyzn\u00e1n\u00ed v\u00edry.\" tabindex=\"0\">religionistice<\/span> a v <span class=\"iwg-fachbegriff\" data-tooltip=\"V\u011bda, kter\u00e1 zkoum\u00e1 lidovou kulturu, zvyky a tradovan\u00e9 p\u0159edstavy.\" tabindex=\"0\">n\u00e1rodopisu<\/span> je Brigidin k\u0159\u00ed\u017e dob\u0159e dolo\u017een\u00fdm p\u0159\u00edkladem pleten\u00e9 ochrany z p\u0159\u00edrodn\u00edho materi\u00e1lu. Stoj\u00ed na pr\u016fse\u010d\u00edku p\u0159edk\u0159es\u0165ansk\u00e9 a k\u0159es\u0165ansk\u00e9 <span class=\"iwg-fachbegriff\" data-tooltip=\"P\u0159ed\u00e1v\u00e1n\u00ed v\u011bdomost\u00ed a vypr\u00e1v\u011bn\u00ed p\u0159es generace.\" tabindex=\"0\">tradice<\/span>.<\/p><p>Toto spojen\u00ed star\u00e9ho a k\u0159es\u0165ansk\u00e9ho d\u011bdictv\u00ed je pro Brigidin k\u0159\u00ed\u017e typick\u00e9. Je \u00fazce spjat s postavou Brigid, a tato postava m\u00e1 dvoj\u00ed, star\u00fd i k\u0159es\u0165ansk\u00fd, v\u00fdznam.<\/p>\t\t\t\t\t\t\t\t<\/div>\n\t\t\t\t<\/div>\n\t\t\t\t\t<\/div>\n\t\t\t\t<\/div>\n\t\t<div class=\"elementor-element elementor-element-iwgs-brigidkreuz-s1 e-flex e-con-boxed e-con e-parent\" data-id=\"iwgs-brigidkreuz-s1\" data-element_type=\"container\" data-e-type=\"container\">\n\t\t\t\t\t<div class=\"e-con-inner\">\n\t\t\t\t<div class=\"elementor-element elementor-element-iwgs-brigidkreuz-s1h elementor-widget elementor-widget-heading\" data-id=\"iwgs-brigidkreuz-s1h\" data-element_type=\"widget\" data-e-type=\"widget\" data-widget_type=\"heading.default\">\n\t\t\t\t\t<h2 class=\"elementor-heading-title elementor-size-default\">Brigid: bohyn\u011b a svat\u00e1<\/h2>\t\t\t\t<\/div>\n\t\t<div class=\"elementor-element elementor-element-iwgs-brigidkreuz-s1box e-con-full e-flex e-con e-parent\" data-id=\"iwgs-brigidkreuz-s1box\" data-element_type=\"container\" data-e-type=\"container\">\n\t\t\t\t<div class=\"elementor-element elementor-element-iwgs-brigidkreuz-s1t elementor-widget elementor-widget-text-editor\" data-id=\"iwgs-brigidkreuz-s1t\" data-element_type=\"widget\" data-e-type=\"widget\" data-widget_type=\"text-editor.default\">\n\t\t\t\t\t\t\t\t\t<p>Brigidin k\u0159\u00ed\u017e nese jm\u00e9no Brigid. Tato postava m\u00e1 v Irsku dvoj\u00ed v\u00fdznam. Existuje star\u00e1 bohyn\u011b Brigid a k\u0159es\u0165ansk\u00e1 svat\u00e1 Brigid z Kildare.<\/p><p>Bohyn\u011b Brigid n\u00e1le\u017e\u00ed k p\u0159edk\u0159es\u0165ansk\u00e9 <span class=\"iwg-fachbegriff\" data-tooltip=\"P\u0159ed\u00e1v\u00e1n\u00ed v\u011bdomost\u00ed a vypr\u00e1v\u011bn\u00ed p\u0159es generace.\" tabindex=\"0\">tradici<\/span> Irska. Je spojov\u00e1na s ohn\u011bm, s poezi\u00ed, s l\u00e9\u010ditelsk\u00fdm um\u011bn\u00edm a s kov\u00e1\u0159sk\u00fdm \u0159emeslem. Byla v\u00fdznamnou postavou irsk\u00e9ho sv\u011bta boh\u016f.<\/p><p>Svat\u00e1 Brigid z Kildare je jednou z nejv\u00fdznamn\u011bj\u0161\u00edch svat\u00fdch Irska. Uct\u00edv\u00e1 se vedle svat\u00e9ho Patrika a je pova\u017eov\u00e1na za zakladatelku v\u00fdznamn\u00e9ho kl\u00e1\u0161tern\u00edho spole\u010denstv\u00ed.<\/p><p>Mezi bohyn\u00ed a svatou existuj\u00ed n\u00e1padn\u00e9 shody. Ob\u011b jsou spojeny s ohn\u011bm, ob\u011b s p\u00e9\u010d\u00ed a ochranou. Badatel\u00e9 o vztahu obou postav dlouho diskutovali.<\/p><p>Brigidin k\u0159\u00ed\u017e stoj\u00ed p\u0159esn\u011b v tomto pr\u016fse\u010d\u00edku. Je spojen se svatou Brigid a jej\u00edm sv\u00e1tkem, a z\u00e1rove\u0148 nese rysy, kter\u00e9 mohou sahat a\u017e do p\u0159edk\u0159es\u0165ansk\u00e9 doby.<\/p><p>Toto dvoj\u00ed zakotven\u00ed d\u011bl\u00e1 z Brigidina k\u0159\u00ed\u017ee dobr\u00fd p\u0159\u00edklad setk\u00e1n\u00ed star\u00e9ho a k\u0159es\u0165ansk\u00e9ho d\u011bdictv\u00ed v Irsku. V n\u011bm jsou p\u0159\u00edtomny ob\u011b vrstvy.<\/p>\t\t\t\t\t\t\t\t<\/div>\n\t\t\t\t<\/div>\n\t\t\t\t\t<\/div>\n\t\t\t\t<\/div>\n\t\t<div class=\"elementor-element elementor-element-iwgs-brigidkreuz-s2 e-flex e-con-boxed e-con e-parent\" data-id=\"iwgs-brigidkreuz-s2\" data-element_type=\"container\" data-e-type=\"container\">\n\t\t\t\t\t<div class=\"e-con-inner\">\n\t\t\t\t<div class=\"elementor-element elementor-element-iwgs-brigidkreuz-s2h elementor-widget elementor-widget-heading\" data-id=\"iwgs-brigidkreuz-s2h\" data-element_type=\"widget\" data-e-type=\"widget\" data-widget_type=\"heading.default\">\n\t\t\t\t\t<h2 class=\"elementor-heading-title elementor-size-default\">Tvar k\u0159\u00ed\u017ee<\/h2>\t\t\t\t<\/div>\n\t\t<div class=\"elementor-element elementor-element-iwgs-brigidkreuz-s2box e-con-full e-flex e-con e-parent\" data-id=\"iwgs-brigidkreuz-s2box\" data-element_type=\"container\" data-e-type=\"container\">\n\t\t\t\t<div class=\"elementor-element elementor-element-iwgs-brigidkreuz-s2t elementor-widget elementor-widget-text-editor\" data-id=\"iwgs-brigidkreuz-s2t\" data-element_type=\"widget\" data-e-type=\"widget\" data-widget_type=\"text-editor.default\">\n\t\t\t\t\t\t\t\t\t<p>Brigidin k\u0159\u00ed\u017e m\u00e1 osobit\u00fd, nezam\u011bniteln\u00fd tvar. Jeho znakem je posunut\u00e9 st\u0159edov\u00e9 pole, kter\u00e9 vznik\u00e1 propleten\u00edm st\u00e9bel.<\/p><p>Ve st\u0159edu k\u0159\u00ed\u017ee le\u017e\u00ed t\u00e9m\u011b\u0159 \u010dtvercov\u00e9, spleten\u00e9 pole. St\u00e9bla jsou tam propletena tak, \u017ee vznik\u00e1 hust\u00fd, tkan\u00fd \u010dtverec.<\/p><p>Z tohoto st\u0159edov\u00e9ho pole vych\u00e1zej\u00ed \u010dty\u0159i ramena. Sm\u011b\u0159uj\u00ed do \u010dty\u0159 stran, ale nejsou uspo\u0159\u00e1d\u00e1na \u00fapln\u011b stejn\u011b, n\u00fdbr\u017e jsou lehce posunut\u00e1. Z toho vznik\u00e1 tak\u0159ka rotuj\u00edc\u00ed dojem k\u0159\u00ed\u017ee.<\/p><p>Ramena jsou na sv\u00fdch konc\u00edch sv\u00e1z\u00e1na nit\u011bmi nebo p\u00e1skami. Toto sv\u00e1z\u00e1n\u00ed dr\u017e\u00ed pletenec pevn\u011b a d\u00e1v\u00e1 k\u0159\u00ed\u017ei jeho st\u00e1l\u00fd tvar.<\/p><p>Existuj\u00ed r\u016fzn\u00e9 varianty Brigidina k\u0159\u00ed\u017ee. N\u011bkter\u00e9 maj\u00ed t\u0159i ramena, v\u011bt\u0161ina m\u00e1 \u010dty\u0159i. Po\u010det a uspo\u0159\u00e1d\u00e1n\u00ed ramen se mohou region od regionu trochu li\u0161it.<\/p><p>Z\u00e1kladn\u00ed tvar, spleten\u00e9 st\u0159edov\u00e9 pole s posunut\u00fdmi rameny, je v\u0161ak v\u0161ude stejn\u00fd. Podle n\u011bj je Brigidin k\u0159\u00ed\u017e na prvn\u00ed pohled rozpoznateln\u00fd a odli\u0161uje ho od ka\u017ed\u00e9ho jin\u00e9ho tvaru k\u0159\u00ed\u017ee.<\/p>\t\t\t\t\t\t\t\t<\/div>\n\t\t\t\t<\/div>\n\t\t\t\t\t<\/div>\n\t\t\t\t<\/div>\n\t\t<div class=\"elementor-element elementor-element-iwgs-brigidkreuz-s3 e-flex e-con-boxed e-con e-parent\" data-id=\"iwgs-brigidkreuz-s3\" data-element_type=\"container\" data-e-type=\"container\">\n\t\t\t\t\t<div class=\"e-con-inner\">\n\t\t\t\t<div class=\"elementor-element elementor-element-iwgs-brigidkreuz-s3h elementor-widget elementor-widget-heading\" data-id=\"iwgs-brigidkreuz-s3h\" data-element_type=\"widget\" data-e-type=\"widget\" data-widget_type=\"heading.default\">\n\t\t\t\t\t<h2 class=\"elementor-heading-title elementor-size-default\">Pleteno ze s\u00edtiny<\/h2>\t\t\t\t<\/div>\n\t\t<div class=\"elementor-element elementor-element-iwgs-brigidkreuz-s3box e-con-full e-flex e-con e-parent\" data-id=\"iwgs-brigidkreuz-s3box\" data-element_type=\"container\" data-e-type=\"container\">\n\t\t\t\t<div class=\"elementor-element elementor-element-iwgs-brigidkreuz-s3t elementor-widget elementor-widget-text-editor\" data-id=\"iwgs-brigidkreuz-s3t\" data-element_type=\"widget\" data-e-type=\"widget\" data-widget_type=\"text-editor.default\">\n\t\t\t\t\t\t\t\t\t<p>Brigidin k\u0159\u00ed\u017e se vyr\u00e1b\u00ed z jednoduch\u00e9ho p\u0159\u00edrodn\u00edho materi\u00e1lu. Pou\u017e\u00edv\u00e1 se s\u00edtina, tedy st\u00e9bla ur\u010dit\u00fdch bahenn\u00edch a lu\u010dn\u00edch rostlin, p\u0159\u00edpadn\u011b i sl\u00e1ma.<\/p><p>Tyto materi\u00e1ly byly na venkov\u011b snadno dostupn\u00e9. Brigidin k\u0159\u00ed\u017e tak nebyl vz\u00e1cn\u00fdm p\u0159edm\u011btem, n\u00fdbr\u017e ochrann\u00fdm znamen\u00edm, kter\u00e9 si mohla vyrobit ka\u017ed\u00e1 dom\u00e1cnost z prost\u0159edk\u016f sv\u00e9ho okol\u00ed.<\/p><p>Pleten\u00ed k\u0159\u00ed\u017ee se \u0159\u00edd\u00ed ur\u010ditou technikou. St\u00e9bla se postupn\u011b p\u0159ikl\u00e1daj\u00ed a propl\u00e9taj\u00ed, dokud nevznikne st\u0159edov\u00e9 pole a \u010dty\u0159i ramena.<\/p><p>Pleten\u00ed bylo \u010dasto spole\u010dnou \u010dinnost\u00ed. V rodin\u00e1ch se Brigidin k\u0159\u00ed\u017e pletl spole\u010dn\u011b a znalost pletac\u00ed techniky se p\u0159ed\u00e1vala z generace na generaci.<\/p><p>Proto\u017ee je Brigidin k\u0159\u00ed\u017e z pom\u00edjiv\u00e9ho p\u0159\u00edrodn\u00edho materi\u00e1lu, nebyl ur\u010den k trval\u00e9mu uchov\u00e1n\u00ed. S\u00edtiny postupn\u011b vysychaj\u00ed a st\u00e1vaj\u00ed se k\u0159ehk\u00fdmi.<\/p><p>Pr\u00e1v\u011b tato pom\u00edjivost pat\u0159\u00ed ke <span class=\"iwg-fachbegriff\" data-tooltip=\"Tradovan\u00e1 \u010dinnost, pravideln\u011b opakovan\u00e1 v r\u00e1mci ur\u010dit\u00e9ho spole\u010denstv\u00ed.\" tabindex=\"0\">zvyku<\/span>. Brigidin k\u0159\u00ed\u017e se neuchov\u00e1v\u00e1 nav\u017edy, n\u00fdbr\u017e se ka\u017ed\u00fd rok plete znovu. Toto ka\u017edoro\u010dn\u00ed obnovov\u00e1n\u00ed je podstatn\u00fdm rysem tohoto zvyku.<\/p>\t\t\t\t\t\t\t\t<\/div>\n\t\t\t\t<\/div>\n\t\t\t\t\t<\/div>\n\t\t\t\t<\/div>\n\t\t<div class=\"elementor-element elementor-element-iwgs-brigidkreuz-s4 e-flex e-con-boxed e-con e-parent\" data-id=\"iwgs-brigidkreuz-s4\" data-element_type=\"container\" data-e-type=\"container\">\n\t\t\t\t\t<div class=\"e-con-inner\">\n\t\t\t\t<div class=\"elementor-element elementor-element-iwgs-brigidkreuz-s4h elementor-widget elementor-widget-heading\" data-id=\"iwgs-brigidkreuz-s4h\" data-element_type=\"widget\" data-e-type=\"widget\" data-widget_type=\"heading.default\">\n\t\t\t\t\t<h2 class=\"elementor-heading-title elementor-size-default\">Sv\u00e1tek Brigid<\/h2>\t\t\t\t<\/div>\n\t\t<div class=\"elementor-element elementor-element-iwgs-brigidkreuz-s4box e-con-full e-flex e-con e-parent\" data-id=\"iwgs-brigidkreuz-s4box\" data-element_type=\"container\" data-e-type=\"container\">\n\t\t\t\t<div class=\"elementor-element elementor-element-iwgs-brigidkreuz-s4t elementor-widget elementor-widget-text-editor\" data-id=\"iwgs-brigidkreuz-s4t\" data-element_type=\"widget\" data-e-type=\"widget\" data-widget_type=\"text-editor.default\">\n\t\t\t\t\t\t\t\t\t<p>Brigidin k\u0159\u00ed\u017e se tradi\u010dn\u011b spl\u00e9t\u00e1 v ur\u010dit\u00fd den, na sv\u00e1tek svat\u00e9 Brigid. Tento den p\u0159ipad\u00e1 na po\u010d\u00e1tek \u00fanora.<\/p><p>Stejn\u00fd okam\u017eik v roce byl v p\u0159edk\u0159es\u0165ansk\u00e9 irsk\u00e9 <span class=\"iwg-fachbegriff\" data-tooltip=\"P\u0159ed\u00e1v\u00e1n\u00ed znalost\u00ed a vypr\u00e1v\u011bn\u00ed po generace.\" tabindex=\"0\">tradici<\/span> d\u016fle\u017eit\u00fdm sv\u00e1tkem. Ozna\u010doval p\u0159echod od zimy k po\u010d\u00ednaj\u00edc\u00edmu jaru, dobu, kdy dobytek za\u010d\u00ednal jehnit.<\/p><p>Sv\u00e1tek Brigid tak le\u017e\u00ed na v\u00fdznamn\u00e9m zlomu roku. Je to doba, kdy sv\u011btla p\u0159ib\u00fdv\u00e1 a \u017eivot se po zim\u011b znovu probouz\u00ed.<\/p><p>V tento den se Brigidin k\u0159\u00ed\u017e znovu spl\u00e9t\u00e1. Star\u00fd k\u0159\u00ed\u017e z minul\u00e9ho roku se sund\u00e1v\u00e1 a jeho m\u00edsto zauj\u00edm\u00e1 \u010derstv\u00fd k\u0159\u00ed\u017e.<\/p><p>Tato vazba na pevn\u00fd den v roce d\u00e1v\u00e1 Brigidinu k\u0159\u00ed\u017ei jasn\u00e9 m\u00edsto v b\u011bhu roku. Je to znamen\u00ed spojen\u00e9 s ur\u010ditou dobou a s ur\u010dit\u00fdm sv\u00e1tkem.<\/p><p>Brigidin k\u0159\u00ed\u017e tak pat\u0159\u00ed k ochrann\u00fdm p\u0159edm\u011bt\u016fm zasazen\u00fdm do ro\u010dn\u00edho cyklu. Podobn\u011b jako japonsk\u00e9 omamori nebo panenka daruma je pravideln\u011b obnovov\u00e1n.<\/p>\t\t\t\t\t\t\t\t<\/div>\n\t\t\t\t<\/div>\n\t\t\t\t\t<\/div>\n\t\t\t\t<\/div>\n\t\t<div class=\"elementor-element elementor-element-iwgs-brigidkreuz-s5 e-flex e-con-boxed e-con e-parent\" data-id=\"iwgs-brigidkreuz-s5\" data-element_type=\"container\" data-e-type=\"container\">\n\t\t\t\t\t<div class=\"e-con-inner\">\n\t\t\t\t<div class=\"elementor-element elementor-element-iwgs-brigidkreuz-s5h elementor-widget elementor-widget-heading\" data-id=\"iwgs-brigidkreuz-s5h\" data-element_type=\"widget\" data-e-type=\"widget\" data-widget_type=\"heading.default\">\n\t\t\t\t\t<h2 class=\"elementor-heading-title elementor-size-default\">Ochrana domu a dvora<\/h2>\t\t\t\t<\/div>\n\t\t<div class=\"elementor-element elementor-element-iwgs-brigidkreuz-s5box e-con-full e-flex e-con e-parent\" data-id=\"iwgs-brigidkreuz-s5box\" data-element_type=\"container\" data-e-type=\"container\">\n\t\t\t\t<div class=\"elementor-element elementor-element-iwgs-brigidkreuz-s5t elementor-widget elementor-widget-text-editor\" data-id=\"iwgs-brigidkreuz-s5t\" data-element_type=\"widget\" data-e-type=\"widget\" data-widget_type=\"text-editor.default\">\n\t\t\t\t\t\t\t\t\t<p>\u00dakolem Brigidina k\u0159\u00ed\u017ee je ochrana domu a dvora. M\u00e1 chr\u00e1nit lidi, dobytek i cel\u00e9 staven\u00ed p\u0159ed ne\u0161t\u011bst\u00edm.<\/p><p>Brigidin k\u0159\u00ed\u017e se um\u00eds\u0165uje na d\u016fle\u017eit\u00e1 m\u00edsta domu. Nej\u010dast\u011bji vis\u00ed nad vstupn\u00edmi dve\u0159mi. Tam chr\u00e1n\u00ed pr\u00e1h, kter\u00fdm by mohlo ne\u0161t\u011bst\u00ed vstoupit.<\/p><p>K\u0159\u00ed\u017e se um\u00eds\u0165uje i uvnit\u0159 domu a ve st\u00e1ji. Ve st\u00e1ji chr\u00e1nil zejm\u00e9na dobytek, kter\u00fd m\u011bl pro selskou dom\u00e1cnost velk\u00fd v\u00fdznam.<\/p><p>Brigidinu k\u0159\u00ed\u017ei se p\u0159isuzovala ochrana p\u0159ed r\u016fzn\u00fdmi nebezpe\u010d\u00edmi. Uv\u00e1d\u00ed se zejm\u00e9na ochrana p\u0159ed ohn\u011bm, nemoc\u00ed a obecn\u00fdm ne\u0161t\u011bst\u00edm. K\u0159\u00ed\u017e m\u011bl staven\u00ed chr\u00e1nit celkov\u011b.<\/p><p>Zaj\u00edmav\u00e1 je souvislost s ochranou p\u0159ed ohn\u011bm. Brigid, jak bohyn\u011b, tak svat\u00e1, je spjata s ohn\u011bm. K\u0159\u00ed\u017e ohniv\u00e9 svat\u00e9 m\u011bl d\u016fm chr\u00e1nit pr\u00e1v\u011b p\u0159ed ohn\u011bm.<\/p><p>Brigidin k\u0159\u00ed\u017e je tak klasick\u00fdm ochrann\u00fdm znamen\u00edm selsk\u00e9ho domu. Pat\u0159\u00ed do \u0159ady znamen\u00ed, kter\u00e1 podobn\u011b jako podkova nebo drudenfu\u00df m\u011bla chr\u00e1nit staven\u00ed.<\/p>\t\t\t\t\t\t\t\t<\/div>\n\t\t\t\t<\/div>\n\t\t\t\t\t<\/div>\n\t\t\t\t<\/div>\n\t\t<div class=\"elementor-element elementor-element-iwgs-brigidkreuz-s6 e-flex e-con-boxed e-con e-parent\" data-id=\"iwgs-brigidkreuz-s6\" data-element_type=\"container\" data-e-type=\"container\">\n\t\t\t\t\t<div class=\"e-con-inner\">\n\t\t\t\t<div class=\"elementor-element elementor-element-iwgs-brigidkreuz-s6h elementor-widget elementor-widget-heading\" data-id=\"iwgs-brigidkreuz-s6h\" data-element_type=\"widget\" data-e-type=\"widget\" data-widget_type=\"heading.default\">\n\t\t\t\t\t<h2 class=\"elementor-heading-title elementor-size-default\">Star\u00e9 a k\u0159es\u0165ansk\u00e9 d\u011bdictv\u00ed<\/h2>\t\t\t\t<\/div>\n\t\t<div class=\"elementor-element elementor-element-iwgs-brigidkreuz-s6box e-con-full e-flex e-con e-parent\" data-id=\"iwgs-brigidkreuz-s6box\" data-element_type=\"container\" data-e-type=\"container\">\n\t\t\t\t<div class=\"elementor-element elementor-element-iwgs-brigidkreuz-s6t elementor-widget elementor-widget-text-editor\" data-id=\"iwgs-brigidkreuz-s6t\" data-element_type=\"widget\" data-e-type=\"widget\" data-widget_type=\"text-editor.default\">\n\t\t\t\t\t\t\t\t\t<p>U Brigidina k\u0159\u00ed\u017ee vyvst\u00e1v\u00e1 ot\u00e1zka po jeho st\u00e1\u0159\u00ed a p\u016fvodu. Tato ot\u00e1zka si \u017e\u00e1d\u00e1 p\u0159esnou a vyv\u00e1\u017eenou odpov\u011b\u010f.<\/p><p>Spl\u00e9tan\u00fd k\u0159\u00ed\u017e jako <span class=\"iwg-fachbegriff\" data-tooltip=\"Tradovan\u00e1, v pospolitosti pravideln\u011b opakovan\u00e1 \u010dinnost.\" tabindex=\"0\">zvyk<\/span> je dob\u0159e dolo\u017een. <span class=\"iwg-fachbegriff\" data-tooltip=\"Tradovan\u00e1, v pospolitosti pravideln\u011b opakovan\u00e1 \u010dinnost.\" tabindex=\"0\">Zvyk<\/span> pl\u00e9st v den Brigid k\u0159\u00ed\u017e a um\u00eds\u0165ovat jej nad dve\u0159e je v Irsku dolo\u017een po dlouhou dobu a \u017eije a\u017e do sou\u010dasnosti.<\/p><p>Ot\u00e1zkou je, jak daleko tento <span class=\"iwg-fachbegriff\" data-tooltip=\"Tradovan\u00e1, v pospolitosti pravideln\u011b opakovan\u00e1 \u010dinnost.\" tabindex=\"0\">zvyk<\/span> sah\u00e1. Brigidin k\u0159\u00ed\u017e spojuje k\u0159es\u0165ansk\u00e9 i mo\u017en\u00e9 p\u0159edk\u0159es\u0165ansk\u00e9 rysy. Sv\u00e1tek p\u0159ipad\u00e1 na star\u00fd ro\u010dn\u00ed sv\u00e1tek a Brigid m\u00e1 svou p\u0159edch\u016fdkyni v podob\u011b star\u00e9 bohyn\u011b.<\/p><p>N\u011bkter\u00e9 v\u00fdklady vid\u00ed v Brigidin\u011b k\u0159\u00ed\u017ei star\u00e9 slune\u010dn\u00ed nebo ro\u010dn\u00ed znamen\u00ed, kter\u00e9 bylo teprve pozd\u011bji vylo\u017eeno k\u0159es\u0165ansky. Jin\u00e9 zd\u016fraz\u0148uj\u00ed k\u0159es\u0165ansk\u00fd charakter zvyku.<\/p><p>Jist\u011b lze dolo\u017eit k\u0159es\u0165ansky formovan\u00fd <span class=\"iwg-fachbegriff\" data-tooltip=\"Tradovan\u00e1, v pospolitosti pravideln\u011b opakovan\u00e1 \u010dinnost.\" tabindex=\"0\">zvyk<\/span>. Nep\u0159eru\u0161en\u00e1 linie sahaj\u00edc\u00ed do p\u0159edk\u0159es\u0165ansk\u00e9 doby v\u0161ak nen\u00ed p\u0159\u00edsn\u011b prokazateln\u00e1, i kdy\u017e spojen\u00ed se star\u00fdm ro\u010dn\u00edm sv\u00e1tkem je n\u00e1padn\u00e9.<\/p><p>Poctiv\u00e9 pod\u00e1n\u00ed proto zachycuje oboj\u00ed. Brigidin k\u0159\u00ed\u017e je \u017eiv\u00fd, dob\u0159e dolo\u017een\u00fd <span class=\"iwg-fachbegriff\" data-tooltip=\"Tradovan\u00e1, v pospolitosti pravideln\u011b opakovan\u00e1 \u010dinnost.\" tabindex=\"0\">zvyk<\/span> s k\u0159es\u0165ansk\u00fdm r\u00e1zem, a p\u0159itom nese rysy, kter\u00e9 mohou sahat do star\u0161\u00ed doby. Ob\u011b vrstvy k n\u011bmu pat\u0159\u00ed.<\/p>\t\t\t\t\t\t\t\t<\/div>\n\t\t\t\t<\/div>\n\t\t\t\t\t<\/div>\n\t\t\t\t<\/div>\n\t\t<div class=\"elementor-element elementor-element-iwgs-brigidkreuz-s7 e-flex e-con-boxed e-con e-parent\" data-id=\"iwgs-brigidkreuz-s7\" data-element_type=\"container\" data-e-type=\"container\">\n\t\t\t\t\t<div class=\"e-con-inner\">\n\t\t\t\t<div class=\"elementor-element elementor-element-iwgs-brigidkreuz-s7h elementor-widget elementor-widget-heading\" data-id=\"iwgs-brigidkreuz-s7h\" data-element_type=\"widget\" data-e-type=\"widget\" data-widget_type=\"heading.default\">\n\t\t\t\t\t<h2 class=\"elementor-heading-title elementor-size-default\">Spl\u00e9tan\u00e9 znamen\u00ed<\/h2>\t\t\t\t<\/div>\n\t\t<div class=\"elementor-element elementor-element-iwgs-brigidkreuz-s7box e-con-full e-flex e-con e-parent\" data-id=\"iwgs-brigidkreuz-s7box\" data-element_type=\"container\" data-e-type=\"container\">\n\t\t\t\t<div class=\"elementor-element elementor-element-iwgs-brigidkreuz-s7t elementor-widget elementor-widget-text-editor\" data-id=\"iwgs-brigidkreuz-s7t\" data-element_type=\"widget\" data-e-type=\"widget\" data-widget_type=\"text-editor.default\">\n\t\t\t\t\t\t\t\t\t<p>Brigidin k\u0159\u00ed\u017e je spl\u00e9tan\u00e9 znamen\u00ed a samotn\u00e9 pleten\u00ed p\u0159isp\u00edv\u00e1 k jeho v\u00fdznamu. Propl\u00e9t\u00e1n\u00ed a spojov\u00e1n\u00ed st\u00e9bel je star\u00e1, v\u00fdznamupln\u00e1 \u010dinnost.<\/p><p>V mnoha kultur\u00e1ch se pleten\u00ed, v\u00e1z\u00e1n\u00ed a spojov\u00e1n\u00ed p\u0159isuzuje ochrann\u00fd v\u00fdznam. Prov\u00e1zan\u00fd, pevn\u00fd \u00fatvar je vn\u00edm\u00e1n jako obraz \u0159\u00e1du a bezpe\u010d\u00ed.<\/p><p>U Brigidina k\u0159\u00ed\u017ee se tato my\u0161lenka spojuje s tvarem k\u0159\u00ed\u017ee. Spl\u00e9tan\u00fd st\u0159ed je hust\u011b a pevn\u011b prov\u00e1zan\u00fd a z n\u011bj vych\u00e1zej\u00ed \u010dty\u0159i ramena do \u010dty\u0159 sm\u011br\u016f.<\/p><p>\u010cty\u0159i ramena lze \u010d\u00edst jako odkaz na \u010dty\u0159i sv\u011btov\u00e9 strany. K\u0159\u00ed\u017e tak zahrnuje cel\u00fd prostor, v\u0161echny sm\u011bry, ze kter\u00fdch by mohlo p\u0159ij\u00edt ne\u0161t\u011bst\u00ed.<\/p><p>\u010cerstv\u00fd, \u017eiv\u00fd materi\u00e1l tento v\u00fdznam je\u0161t\u011b zesiluje. Brigidin k\u0159\u00ed\u017e se spl\u00e9t\u00e1 z pr\u00e1v\u011b sklizen\u00fdch st\u00e9bel, v dob\u011b, kdy se po zim\u011b znovu probouz\u00ed \u017eivot.<\/p><p>V Brigidin\u011b k\u0159\u00ed\u017ei se tak spojuje v\u00edce v\u00fdznam\u016f. Pevn\u00e9 pleten\u00ed, \u010dty\u0159i sm\u011bry, \u010derstv\u00fd materi\u00e1l a vztah k probouzej\u00edc\u00edmu se roku p\u016fsob\u00ed spole\u010dn\u011b a d\u011blaj\u00ed z k\u0159\u00ed\u017ee znamen\u00ed ochrany a nov\u00e9ho za\u010d\u00e1tku.<\/p>\t\t\t\t\t\t\t\t<\/div>\n\t\t\t\t<\/div>\n\t\t\t\t\t<\/div>\n\t\t\t\t<\/div>\n\t\t<div class=\"elementor-element elementor-element-iwgs-brigidkreuz-s8 e-flex e-con-boxed e-con e-parent\" data-id=\"iwgs-brigidkreuz-s8\" data-element_type=\"container\" data-e-type=\"container\">\n\t\t\t\t\t<div class=\"e-con-inner\">\n\t\t\t\t<div class=\"elementor-element elementor-element-iwgs-brigidkreuz-s8h elementor-widget elementor-widget-heading\" data-id=\"iwgs-brigidkreuz-s8h\" data-element_type=\"widget\" data-e-type=\"widget\" data-widget_type=\"heading.default\">\n\t\t\t\t\t<h2 class=\"elementor-heading-title elementor-size-default\">Sou\u010dasn\u00e1 recepce<\/h2>\t\t\t\t<\/div>\n\t\t<div class=\"elementor-element elementor-element-iwgs-brigidkreuz-s8box e-con-full e-flex e-con e-parent\" data-id=\"iwgs-brigidkreuz-s8box\" data-element_type=\"container\" data-e-type=\"container\">\n\t\t\t\t<div class=\"elementor-element elementor-element-iwgs-brigidkreuz-s8t elementor-widget elementor-widget-text-editor\" data-id=\"iwgs-brigidkreuz-s8t\" data-element_type=\"widget\" data-e-type=\"widget\" data-widget_type=\"text-editor.default\">\n\t\t\t\t\t\t\t\t\t<p>Brigidin k\u0159\u00ed\u017e je v Irsku i dnes \u017eiv\u00fdm <span class=\"iwg-fachbegriff\" data-tooltip=\"Tradovan\u00e1, ve spole\u010denstv\u00ed pravideln\u011b opakovan\u00e1 \u010dinnost.\" tabindex=\"0\">zvykem<\/span>. Na mnoha dve\u0159\u00edch ho lze vid\u011bt, a pleten\u00ed v den svat\u00e9 Brigid se st\u00e1le praktikuje v rodin\u00e1ch, ve \u0161kol\u00e1ch i v obc\u00edch.<\/p><p>Brigidin k\u0159\u00ed\u017e se stal zn\u00e1m\u00fdm znakem i mimo Irsko. Je pova\u017eov\u00e1n za <span class=\"iwg-fachbegriff\" data-tooltip=\"V\u00fdsti\u017en\u00fd obraz, kter\u00fd zastupuje abstraktn\u00ed my\u0161lenku.\" tabindex=\"0\">symbol<\/span> Irska a irsk\u00e9 kultury a je spojov\u00e1n se svatou Brigid i s irsk\u00fdm d\u011bdictv\u00edm.<\/p><p>V posledn\u00ed dob\u011b z\u00edskal den svat\u00e9 Brigid v Irsku dal\u0161\u00ed v\u00fdznam, \u010d\u00edm\u017e se do pop\u0159ed\u00ed op\u011bt dostal i Brigidin k\u0159\u00ed\u017e. Je znakem, kter\u00fd spojuje minulost s p\u0159\u00edtomnost\u00ed.<\/p><p>I v k\u0159es\u0165ansk\u00e9 <span class=\"iwg-fachbegriff\" data-tooltip=\"Pro\u017e\u00edvan\u00fd n\u00e1bo\u017eensk\u00fd postoj a praxe \u010dlov\u011bka.\" tabindex=\"0\">zbo\u017enosti<\/span> si Brigidin k\u0159\u00ed\u017e udr\u017eel sv\u00e9 pevn\u00e9 m\u00edsto. B\u00fdv\u00e1 vysv\u011bcen, upleten a um\u00edst\u011bn nad dve\u0159mi jako znamen\u00ed ochrany pod p\u0159\u00edmluvou svat\u00e9 Brigid.<\/p><p>Pro <span class=\"iwg-fachbegriff\" data-tooltip=\"V\u011bda, kter\u00e1 zkoum\u00e1 lidovou kulturu, zvyky a tradovan\u00e9 p\u0159edstavy.\" tabindex=\"0\">n\u00e1rodopis<\/span> je Brigidin k\u0159\u00ed\u017e vz\u00e1cn\u00fdm p\u0159\u00edkladem. Ukazuje \u017eiv\u00fd ochrann\u00fd zvyk, kter\u00fd spojuje pleten\u00ed z p\u0159\u00edrodn\u00edho materi\u00e1lu, v\u00e1zanost na sv\u00e1tek a uct\u00edv\u00e1n\u00ed svat\u00e9.<\/p><p>Brigidin k\u0159\u00ed\u017e tak z\u016fst\u00e1v\u00e1 v\u00fdmluvn\u00fdm ochrann\u00fdm znamen\u00edm. Upleten\u00fd z prost\u00fdch s\u00edtin, ka\u017ed\u00fd rok obnovovan\u00fd a um\u00eds\u0165ovan\u00fd nad dve\u0159mi, je \u017eiv\u00fdm sv\u011bdectv\u00edm irsk\u00e9 ochrann\u00e9 tradice.<\/p>\t\t\t\t\t\t\t\t<\/div>\n\t\t\t\t<\/div>\n\t\t\t\t\t<\/div>\n\t\t\t\t<\/div>\n\t\t<div class=\"elementor-element elementor-element-iwgs-brigidkreuz-lit e-flex e-con-boxed e-con e-parent\" data-id=\"iwgs-brigidkreuz-lit\" data-element_type=\"container\" data-e-type=\"container\">\n\t\t\t\t\t<div class=\"e-con-inner\">\n\t\t\t\t<div class=\"elementor-element elementor-element-iwgs-brigidkreuz-lith elementor-widget elementor-widget-heading\" data-id=\"iwgs-brigidkreuz-lith\" data-element_type=\"widget\" data-e-type=\"widget\" data-widget_type=\"heading.default\">\n\t\t\t\t\t<h2 class=\"elementor-heading-title elementor-size-default\">Literatura (v\u00fdb\u011br)<\/h2>\t\t\t\t<\/div>\n\t\t<div class=\"elementor-element elementor-element-iwgs-brigidkreuz-litbox e-con-full e-flex e-con e-parent\" data-id=\"iwgs-brigidkreuz-litbox\" data-element_type=\"container\" data-e-type=\"container\">\n\t\t\t\t<div class=\"elementor-element elementor-element-iwgs-brigidkreuz-litt elementor-widget elementor-widget-html\" data-id=\"iwgs-brigidkreuz-litt\" data-element_type=\"widget\" data-e-type=\"widget\" data-widget_type=\"html.default\">\n\t\t\t\t\t<footer data-nosnippet=\"true\"><ul><li>S\u00e9amas \u00d3 Cath\u00e1in: <em>The Festival of Brigit<\/em> (1995)<\/li><li>Kevin Danaher: <em>The Year in Ireland<\/em> (1972)<\/li><li>Proinsias Mac Cana: <em>Celtic Mythology<\/em> (1970)<\/li><li>Patricia Lysaght: studie k irsk\u00e9mu n\u00e1rodopisu<\/li><li>Bernhard Maier: <em>Die Religion der Kelten<\/em> (2001)<\/li><\/ul><\/footer>\t\t\t\t<\/div>\n\t\t\t\t<\/div>\n\t\t\t\t\t<\/div>\n\t\t\t\t<\/div>\n\t\t<div class=\"elementor-element elementor-element-iwgs-brigidkreuz-kwd e-flex e-con-boxed e-con e-parent\" data-id=\"iwgs-brigidkreuz-kwd\" data-element_type=\"container\" data-e-type=\"container\">\n\t\t\t\t\t<div class=\"e-con-inner\">\n\t\t\t\t<div class=\"elementor-element elementor-element-iwgs-brigidkreuz-kwdt elementor-widget elementor-widget-text-editor\" data-id=\"iwgs-brigidkreuz-kwdt\" data-element_type=\"widget\" data-e-type=\"widget\" data-widget_type=\"text-editor.default\">\n\t\t\t\t\t\t\t\t\t<p><em>Souvisej\u00edc\u00ed kl\u00ed\u010dov\u00e9 v\u00fdrazy: Brigidin k\u0159\u00ed\u017e Brigid Imbolc pleten\u00fd s\u00edtiny ochrann\u00fd k\u0159\u00ed\u017e Irsko ochrana domu.<\/em><\/p>\t\t\t\t\t\t\t\t<\/div>\n\t\t\t\t\t<\/div>\n\t\t\t\t<\/div>\n\t\t<div class=\"elementor-element elementor-element-iwgs-brigidkreuz-cc e-flex e-con-boxed e-con e-parent\" data-id=\"iwgs-brigidkreuz-cc\" data-element_type=\"container\" data-e-type=\"container\" id=\"iwg-cc-brigidkreuz\">\n\t\t\t\t\t<div class=\"e-con-inner\">\n\t\t<div class=\"elementor-element elementor-element-iwgs-brigidkreuz-ccinner e-flex e-con-boxed e-con e-parent\" data-id=\"iwgs-brigidkreuz-ccinner\" data-element_type=\"container\" data-e-type=\"container\" data-settings=\"{&quot;background_background&quot;:&quot;classic&quot;}\">\n\t\t\t\t\t<div class=\"e-con-inner\">\n\t\t\t\t<div class=\"elementor-element elementor-element-iwgs-brigidkreuz-cch elementor-widget elementor-widget-heading\" data-id=\"iwgs-brigidkreuz-cch\" data-element_type=\"widget\" data-e-type=\"widget\" data-widget_type=\"heading.default\">\n\t\t\t\t\t<h2 class=\"elementor-heading-title elementor-size-default\">iWell Guard a ochrann\u00e9 tradice<\/h2>\t\t\t\t<\/div>\n\t\t\t\t<div class=\"elementor-element elementor-element-iwgs-brigidkreuz-cct elementor-widget elementor-widget-text-editor\" data-id=\"iwgs-brigidkreuz-cct\" data-element_type=\"widget\" data-e-type=\"widget\" data-widget_type=\"text-editor.default\">\n\t\t\t\t\t\t\t\t\t<p>iWell Guard navazuje na kulturn\u011b-historickou tradici nositeln\u00fdch ochrann\u00fdch p\u0159edm\u011bt\u016f, k n\u00ed\u017e pat\u0159\u00ed i Brigidin k\u0159\u00ed\u017e. Modern\u00ed spole\u010dn\u00edk pro lidi, kte\u0159\u00ed \u017eij\u00ed s ochrann\u00fdmi symboly: vyroben\u00fd v N\u011bmecku, 41 vrstev z ryz\u00edho zlata, platiny a st\u0159\u00edbra, s 30denn\u00ed lh\u016ftou na vr\u00e1cen\u00ed.<\/p>\t\t\t\t\t\t\t\t<\/div>\n\t\t\t\t<div class=\"elementor-element elementor-element-iwgs-brigidkreuz-ccb iwg-cc-button iwg-cc-cta-2026-05-13 elementor-widget elementor-widget-jet-button\" data-id=\"iwgs-brigidkreuz-ccb\" data-element_type=\"widget\" data-e-type=\"widget\" data-widget_type=\"jet-button.default\">\n\t\t\t\t<div class=\"elementor-widget-container\">\n\t\t\t\t\t<div class=\"elementor-jet-button jet-elements\"><div class=\"jet-button__container\"><a class=\"jet-button__instance jet-button__instance--icon-left hover-effect-1\" href=\"\/schutzanhaenger-iwell-guard-kaufen\/?utm_source=iwell-guard.com&amp;utm_medium=info-box&amp;utm_campaign=schutzsymbole\"><div class=\"jet-button__plane jet-button__plane-normal\"><\/div><div class=\"jet-button__plane jet-button__plane-hover\"><\/div><div class=\"jet-button__state jet-button__state-normal\"><span class=\"jet-button__label\">V\u00edce o iWell Guard<\/span><\/div><div class=\"jet-button__state jet-button__state-hover\"><span class=\"jet-button__label\">V\u00edce o iWell Guard<\/span><\/div><\/a><\/div><\/div><style>.elementor-element.elementor-element-iwgs-brigidkreuz-ccb .jet-button__instance{width:320px;height:56px;}.elementor-element.elementor-element-iwgs-brigidkreuz-ccb .jet-button__state-normal .jet-button__label{text-align:center;margin:0px 0px 0px 0px;color:#1a1b20;font-family:Montserrat,sans-serif;font-size:13px;font-weight:400;letter-spacing:4px;line-height:1.714em;text-transform:uppercase;}.elementor-element.elementor-element-iwgs-brigidkreuz-ccb .jet-button__state-hover .jet-button__label{text-align:center;margin:0px 0px 0px 0px;color:#FECC76;font-family:Montserrat,sans-serif;font-size:13px;font-weight:400;letter-spacing:4px;line-height:1.714em;text-transform:uppercase;}.elementor-element.elementor-element-iwgs-brigidkreuz-ccb .jet-button__plane-normal{background-color:#FECC76;border-style:solid;border-color:#C99540;border-width:2px 2px 2px 2px;}.elementor-element.elementor-element-iwgs-brigidkreuz-ccb .jet-button__plane-hover{background-color:rgba(0,0,0,0.55);border-style:solid;border-color:#FECC76;border-width:2px 2px 2px 2px;}<\/style>\t\t\t\t<\/div>\n\t\t\t\t<\/div>\n\t\t\t\t<div class=\"elementor-element elementor-element-iwgs-brigidkreuz-ccd elementor-widget elementor-widget-text-editor\" data-id=\"iwgs-brigidkreuz-ccd\" data-element_type=\"widget\" data-e-type=\"widget\" data-widget_type=\"text-editor.default\">\n\t\t\t\t\t\t\t\t\t<p style=\"text-align:center;font-size:13px;opacity:0.7;margin-top:14px\" data-nosnippet=\"true\">Osobn\u00ed zku\u0161enosti se mohou li\u0161it. Nejde o zdravotnick\u00fd prost\u0159edek. Nejde o p\u0159\u00edslib l\u00e9\u010den\u00ed.<\/p>\t\t\t\t\t\t\t\t<\/div>\n\t\t\t\t\t<\/div>\n\t\t\t\t<\/div>\n\t\t\t\t\t<\/div>\n\t\t\t\t<\/div>\n\t\t<div class=\"elementor-element elementor-element-iwgs-brigidkreuz-disc e-flex e-con-boxed e-con e-parent\" data-id=\"iwgs-brigidkreuz-disc\" data-element_type=\"container\" data-e-type=\"container\">\n\t\t\t\t\t<div class=\"e-con-inner\">\n\t\t\t\t<div class=\"elementor-element elementor-element-iwgs-brigidkreuz-discw elementor-widget elementor-widget-html\" data-id=\"iwgs-brigidkreuz-discw\" data-element_type=\"widget\" data-e-type=\"widget\" data-widget_type=\"html.default\">\n\t\t\t\t\t<footer data-nosnippet=\"true\" class=\"iwg-disclaimer-block\"><p data-nosnippet=\"true\">iWell Guard <strong>nen\u00ed zdravotnick\u00fd prost\u0159edek<\/strong> a nenahrazuje l\u00e9ka\u0159skou ani psychoterapeutickou l\u00e9\u010dbu. Zde uveden\u00fd obsah p\u0159edstavuje religionistick\u00e9 a kulturn\u011b-historick\u00e9 za\u0159azen\u00ed, nikoli p\u0159\u00edslib duchovn\u00edho \u00fa\u010dinku.<\/p><\/footer>\t\t\t\t<\/div>\n\t\t\t\t\t<\/div>\n\t\t\t\t<\/div>\n\t\t\t\t<\/div>\n\t\t","protected":false},"excerpt":{"rendered":"","protected":false},"author":3,"featured_media":3490,"parent":0,"menu_order":0,"comment_status":"closed","ping_status":"closed","template":"elementor_header_footer","meta":{"_yoast_wpseo_focuskw":"Brigidin k\u0159\u00ed\u017e","_yoast_wpseo_title":"Brigidin k\u0159\u00ed\u017e \u2013 ochrann\u00fd k\u0159\u00ed\u017e z Irska","_yoast_wpseo_metadesc":"Brigidin k\u0159\u00ed\u017e se plete z s\u00edtiny a v Irsku chr\u00e1n\u00ed d\u016fm i statek. P\u016fvod, zvyk a v\u00fdznam srozumiteln\u011b vysv\u011btleny.","_yoast_wpseo_meta-robots-noindex":"","_yoast_wpseo_canonical":"","_angie_page":false,"gefaehrdungsstufe":"","wesen_kultur":"","wesen_klasse":"","footnotes":""},"categories":[],"class_list":["post-145700","page","type-page","status-publish","has-post-thumbnail","hentry"],"yoast_head":"<!-- This site is optimized with the Yoast SEO Premium plugin v27.7 (Yoast SEO v28.3) - https:\/\/yoast.com\/product\/yoast-seo-premium-wordpress\/ -->\n<title>Brigidin k\u0159\u00ed\u017e \u2013 ochrann\u00fd k\u0159\u00ed\u017e z Irska<\/title>\n<meta name=\"description\" content=\"Brigidin k\u0159\u00ed\u017e se plete z s\u00edtiny a v Irsku chr\u00e1n\u00ed d\u016fm i statek. P\u016fvod, zvyk a v\u00fdznam srozumiteln\u011b vysv\u011btleny.\" \/>\n<meta name=\"robots\" content=\"index, follow, max-snippet:-1, max-image-preview:large, max-video-preview:-1\" \/>\n<link rel=\"canonical\" href=\"https:\/\/iwell-guard.com\/cs\/brigidin-kriz-ochranny-kriz-irska\/\" \/>\n<meta property=\"og:locale\" content=\"cs_CZ\" \/>\n<meta property=\"og:type\" content=\"article\" \/>\n<meta property=\"og:title\" content=\"Brigidin k\u0159\u00ed\u017e \u2013 pleten\u00fd ochrann\u00fd k\u0159\u00ed\u017e Irska\" \/>\n<meta property=\"og:description\" content=\"Brigidin k\u0159\u00ed\u017e se plete z s\u00edtiny a v Irsku chr\u00e1n\u00ed d\u016fm i statek. P\u016fvod, zvyk a v\u00fdznam srozumiteln\u011b vysv\u011btleny.\" \/>\n<meta property=\"og:url\" content=\"https:\/\/iwell-guard.com\/cs\/brigidin-kriz-ochranny-kriz-irska\/\" \/>\n<meta property=\"og:site_name\" content=\"iWell Guard\" \/>\n<meta property=\"article:modified_time\" content=\"2026-09-03T17:03:21+00:00\" \/>\n<meta property=\"og:image\" content=\"https:\/\/iwell-guard.com\/wp-content\/uploads\/2026\/05\/schutzsymbol_keltisch_brigidkreuz.webp\" \/>\n\t<meta property=\"og:image:width\" content=\"1024\" \/>\n\t<meta property=\"og:image:height\" content=\"1536\" \/>\n\t<meta property=\"og:image:type\" content=\"image\/webp\" \/>\n<meta name=\"twitter:card\" content=\"summary_large_image\" \/>\n<script type=\"application\/ld+json\" class=\"yoast-schema-graph\">{\"@context\":\"https:\\\/\\\/schema.org\",\"@graph\":[{\"@type\":\"WebPage\",\"@id\":\"https:\\\/\\\/iwell-guard.com\\\/cs\\\/brigidin-kriz-ochranny-kriz-irska\\\/\",\"url\":\"https:\\\/\\\/iwell-guard.com\\\/cs\\\/brigidin-kriz-ochranny-kriz-irska\\\/\",\"name\":\"Brigidin k\u0159\u00ed\u017e \u2013 ochrann\u00fd k\u0159\u00ed\u017e z Irska\",\"isPartOf\":{\"@id\":\"https:\\\/\\\/iwell-guard.com\\\/cs\\\/#website\"},\"primaryImageOfPage\":{\"@id\":\"https:\\\/\\\/iwell-guard.com\\\/cs\\\/brigidin-kriz-ochranny-kriz-irska\\\/#primaryimage\"},\"image\":{\"@id\":\"https:\\\/\\\/iwell-guard.com\\\/cs\\\/brigidin-kriz-ochranny-kriz-irska\\\/#primaryimage\"},\"thumbnailUrl\":\"https:\\\/\\\/iwell-guard.com\\\/wp-content\\\/uploads\\\/2026\\\/05\\\/schutzsymbol_keltisch_brigidkreuz.webp\",\"datePublished\":\"2026-09-03T16:32:54+00:00\",\"dateModified\":\"2026-09-03T17:03:21+00:00\",\"description\":\"Brigidin k\u0159\u00ed\u017e se plete z s\u00edtiny a v Irsku chr\u00e1n\u00ed d\u016fm i statek. P\u016fvod, zvyk a v\u00fdznam srozumiteln\u011b vysv\u011btleny.\",\"breadcrumb\":{\"@id\":\"https:\\\/\\\/iwell-guard.com\\\/cs\\\/brigidin-kriz-ochranny-kriz-irska\\\/#breadcrumb\"},\"inLanguage\":\"cs\",\"potentialAction\":[{\"@type\":\"ReadAction\",\"target\":[\"https:\\\/\\\/iwell-guard.com\\\/cs\\\/brigidin-kriz-ochranny-kriz-irska\\\/\"]}]},{\"@type\":\"ImageObject\",\"inLanguage\":\"cs\",\"@id\":\"https:\\\/\\\/iwell-guard.com\\\/cs\\\/brigidin-kriz-ochranny-kriz-irska\\\/#primaryimage\",\"url\":\"https:\\\/\\\/iwell-guard.com\\\/wp-content\\\/uploads\\\/2026\\\/05\\\/schutzsymbol_keltisch_brigidkreuz.webp\",\"contentUrl\":\"https:\\\/\\\/iwell-guard.com\\\/wp-content\\\/uploads\\\/2026\\\/05\\\/schutzsymbol_keltisch_brigidkreuz.webp\",\"width\":1024,\"height\":1536,\"caption\":\"Ochrann\u00fd symbol. Muzejn\u00ed ilustrace z\u00e1ti\u0161\u00ed.\"},{\"@type\":\"BreadcrumbList\",\"@id\":\"https:\\\/\\\/iwell-guard.com\\\/cs\\\/brigidin-kriz-ochranny-kriz-irska\\\/#breadcrumb\",\"itemListElement\":[{\"@type\":\"ListItem\",\"position\":1,\"name\":\"Start\",\"item\":\"https:\\\/\\\/iwell-guard.com\\\/cs\\\/?page_id=145107\"},{\"@type\":\"ListItem\",\"position\":2,\"name\":\"Brigidin k\u0159\u00ed\u017e \u2013 pleten\u00fd ochrann\u00fd k\u0159\u00ed\u017e Irska\"}]},{\"@type\":\"WebSite\",\"@id\":\"https:\\\/\\\/iwell-guard.com\\\/cs\\\/#website\",\"url\":\"https:\\\/\\\/iwell-guard.com\\\/cs\\\/\",\"name\":\"iWell Guard\",\"description\":\"Schutz vor dunklen Einfl\u00fcssen\",\"publisher\":{\"@id\":\"https:\\\/\\\/iwell-guard.com\\\/cs\\\/#organization\"},\"potentialAction\":[{\"@type\":\"SearchAction\",\"target\":{\"@type\":\"EntryPoint\",\"urlTemplate\":\"https:\\\/\\\/iwell-guard.com\\\/cs\\\/?s={search_term_string}\"},\"query-input\":{\"@type\":\"PropertyValueSpecification\",\"valueRequired\":true,\"valueName\":\"search_term_string\"}}],\"inLanguage\":\"cs\"},{\"@type\":\"Organization\",\"@id\":\"https:\\\/\\\/iwell-guard.com\\\/cs\\\/#organization\",\"name\":\"Ittermann electronic GmbH\",\"url\":\"https:\\\/\\\/iwell-guard.com\\\/cs\\\/\",\"logo\":{\"@type\":\"ImageObject\",\"inLanguage\":\"cs\",\"@id\":\"https:\\\/\\\/iwell-guard.com\\\/cs\\\/#\\\/schema\\\/logo\\\/image\\\/\",\"url\":\"https:\\\/\\\/iwell-guard.com\\\/wp-content\\\/uploads\\\/2026\\\/05\\\/Ittermann-Logo-1182x237-1.png\",\"contentUrl\":\"https:\\\/\\\/iwell-guard.com\\\/wp-content\\\/uploads\\\/2026\\\/05\\\/Ittermann-Logo-1182x237-1.png\",\"width\":1182,\"height\":237,\"caption\":\"Ittermann electronic GmbH\"},\"image\":{\"@id\":\"https:\\\/\\\/iwell-guard.com\\\/cs\\\/#\\\/schema\\\/logo\\\/image\\\/\"},\"sameAs\":[\"https:\\\/\\\/pantip.com\\\/profile\\\/9367242\",\"https:\\\/\\\/micro.blog\\\/iwellguard\",\"https:\\\/\\\/www.diggerslist.com\\\/iwellguard\\\/about\",\"https:\\\/\\\/skitterphoto.com\\\/photographers\\\/2870314\\\/iwell-guard\",\"https:\\\/\\\/iwellguard.wordpress.com\\\/2026\\\/06\\\/06\\\/iwell-guard\\\/\",\"https:\\\/\\\/hub.docker.com\\\/u\\\/iwellguard\",\"https:\\\/\\\/www.pinterest.com\\\/iwellguard\\\/\",\"https:\\\/\\\/bit.ly\\\/m\\\/iwellguard\",\"https:\\\/\\\/entre-vos-mains.alsace.eu\\\/profiles\\\/iwellguard\\\/activity\",\"https:\\\/\\\/gravatar.com\\\/reallybeded8fd34\",\"https:\\\/\\\/naijamatta.com\\\/iwellguard\",\"https:\\\/\\\/www.goodreads.com\\\/iwellguard\",\"https:\\\/\\\/profile.hatena.ne.jp\\\/iwellguard\\\/\",\"https:\\\/\\\/experiment.com\\\/users\\\/iwellguard\",\"https:\\\/\\\/wakelet.com\\\/@iWellGuard82270\",\"https:\\\/\\\/www.chordie.com\\\/forum\\\/profile.php?id=2555664\",\"https:\\\/\\\/www.instapaper.com\\\/p\\\/17757966\",\"https:\\\/\\\/www.mapleprimes.com\\\/users\\\/iwellguard\",\"https:\\\/\\\/businesslistingplus.com\\\/profile\\\/iwell-guard\\\/\",\"https:\\\/\\\/telegra.ph\\\/iWell-Guard-06-06\",\"https:\\\/\\\/pbase.com\\\/iwellguard\\\/iwellguard\",\"https:\\\/\\\/b.hatena.ne.jp\\\/iwellguard\\\/20260607#bookmark-4788405196491818882\",\"https:\\\/\\\/fliphtml5.com\\\/home\\\/iwellguard\",\"https:\\\/\\\/anyflip.com\\\/homepage\\\/cmiwl#About\",\"https:\\\/\\\/transfur.com\\\/Users\\\/iwellguard\",\"http:\\\/\\\/delphi.larsbo.org\\\/user\\\/iwellguard\",\"https:\\\/\\\/jobs.lajobsportal.org\\\/profiles\\\/8380803-iwell-guard\",\"https:\\\/\\\/md.chaosdorf.de\\\/s\\\/jfbe5SBdJD\",\"https:\\\/\\\/www.lingvolive.com\\\/en-us\\\/profile\\\/9ecaeaca-ce11-4e51-9e71-01d55e2bff36\\\/translations\",\"https:\\\/\\\/www.fitday.com\\\/fitness\\\/forums\\\/members\\\/iwellguard.html\",\"https:\\\/\\\/www.mymeetbook.com\\\/iwellguard\",\"https:\\\/\\\/pxhere.com\\\/en\\\/photographer-me\\\/5040798\",\"https:\\\/\\\/disqus.com\\\/by\\\/iwellguard\\\/about\\\/\",\"https:\\\/\\\/pastelink.net\\\/hjwciqwq\",\"https:\\\/\\\/pubhtml5.com\\\/homepage\\\/scjhn\\\/\",\"https:\\\/\\\/www.bitchute.com\\\/channel\\\/2O2eOKzNqujT\",\"https:\\\/\\\/audiomack.com\\\/iwellguard\"]}]}<\/script>\n<!-- \/ Yoast SEO Premium plugin. -->","yoast_head_json":{"title":"Brigidin k\u0159\u00ed\u017e \u2013 ochrann\u00fd k\u0159\u00ed\u017e z Irska","description":"Brigidin k\u0159\u00ed\u017e se plete z s\u00edtiny a v Irsku chr\u00e1n\u00ed d\u016fm i statek. P\u016fvod, zvyk a v\u00fdznam srozumiteln\u011b vysv\u011btleny.","robots":{"index":"index","follow":"follow","max-snippet":"max-snippet:-1","max-image-preview":"max-image-preview:large","max-video-preview":"max-video-preview:-1"},"canonical":"https:\/\/iwell-guard.com\/cs\/brigidin-kriz-ochranny-kriz-irska\/","og_locale":"cs_CZ","og_type":"article","og_title":"Brigidin k\u0159\u00ed\u017e \u2013 pleten\u00fd ochrann\u00fd k\u0159\u00ed\u017e Irska","og_description":"Brigidin k\u0159\u00ed\u017e se plete z s\u00edtiny a v Irsku chr\u00e1n\u00ed d\u016fm i statek. P\u016fvod, zvyk a v\u00fdznam srozumiteln\u011b vysv\u011btleny.","og_url":"https:\/\/iwell-guard.com\/cs\/brigidin-kriz-ochranny-kriz-irska\/","og_site_name":"iWell Guard","article_modified_time":"2026-09-03T17:03:21+00:00","og_image":[{"width":1024,"height":1536,"url":"https:\/\/iwell-guard.com\/wp-content\/uploads\/2026\/05\/schutzsymbol_keltisch_brigidkreuz.webp","type":"image\/webp"}],"twitter_card":"summary_large_image","schema":{"@context":"https:\/\/schema.org","@graph":[{"@type":"WebPage","@id":"https:\/\/iwell-guard.com\/cs\/brigidin-kriz-ochranny-kriz-irska\/","url":"https:\/\/iwell-guard.com\/cs\/brigidin-kriz-ochranny-kriz-irska\/","name":"Brigidin k\u0159\u00ed\u017e \u2013 ochrann\u00fd k\u0159\u00ed\u017e z Irska","isPartOf":{"@id":"https:\/\/iwell-guard.com\/cs\/#website"},"primaryImageOfPage":{"@id":"https:\/\/iwell-guard.com\/cs\/brigidin-kriz-ochranny-kriz-irska\/#primaryimage"},"image":{"@id":"https:\/\/iwell-guard.com\/cs\/brigidin-kriz-ochranny-kriz-irska\/#primaryimage"},"thumbnailUrl":"https:\/\/iwell-guard.com\/wp-content\/uploads\/2026\/05\/schutzsymbol_keltisch_brigidkreuz.webp","datePublished":"2026-09-03T16:32:54+00:00","dateModified":"2026-09-03T17:03:21+00:00","description":"Brigidin k\u0159\u00ed\u017e se plete z s\u00edtiny a v Irsku chr\u00e1n\u00ed d\u016fm i statek. P\u016fvod, zvyk a v\u00fdznam srozumiteln\u011b vysv\u011btleny.","breadcrumb":{"@id":"https:\/\/iwell-guard.com\/cs\/brigidin-kriz-ochranny-kriz-irska\/#breadcrumb"},"inLanguage":"cs","potentialAction":[{"@type":"ReadAction","target":["https:\/\/iwell-guard.com\/cs\/brigidin-kriz-ochranny-kriz-irska\/"]}]},{"@type":"ImageObject","inLanguage":"cs","@id":"https:\/\/iwell-guard.com\/cs\/brigidin-kriz-ochranny-kriz-irska\/#primaryimage","url":"https:\/\/iwell-guard.com\/wp-content\/uploads\/2026\/05\/schutzsymbol_keltisch_brigidkreuz.webp","contentUrl":"https:\/\/iwell-guard.com\/wp-content\/uploads\/2026\/05\/schutzsymbol_keltisch_brigidkreuz.webp","width":1024,"height":1536,"caption":"Ochrann\u00fd symbol. Muzejn\u00ed ilustrace z\u00e1ti\u0161\u00ed."},{"@type":"BreadcrumbList","@id":"https:\/\/iwell-guard.com\/cs\/brigidin-kriz-ochranny-kriz-irska\/#breadcrumb","itemListElement":[{"@type":"ListItem","position":1,"name":"Start","item":"https:\/\/iwell-guard.com\/cs\/?page_id=145107"},{"@type":"ListItem","position":2,"name":"Brigidin k\u0159\u00ed\u017e \u2013 pleten\u00fd ochrann\u00fd k\u0159\u00ed\u017e Irska"}]},{"@type":"WebSite","@id":"https:\/\/iwell-guard.com\/cs\/#website","url":"https:\/\/iwell-guard.com\/cs\/","name":"iWell Guard","description":"Schutz vor dunklen Einfl\u00fcssen","publisher":{"@id":"https:\/\/iwell-guard.com\/cs\/#organization"},"potentialAction":[{"@type":"SearchAction","target":{"@type":"EntryPoint","urlTemplate":"https:\/\/iwell-guard.com\/cs\/?s={search_term_string}"},"query-input":{"@type":"PropertyValueSpecification","valueRequired":true,"valueName":"search_term_string"}}],"inLanguage":"cs"},{"@type":"Organization","@id":"https:\/\/iwell-guard.com\/cs\/#organization","name":"Ittermann electronic GmbH","url":"https:\/\/iwell-guard.com\/cs\/","logo":{"@type":"ImageObject","inLanguage":"cs","@id":"https:\/\/iwell-guard.com\/cs\/#\/schema\/logo\/image\/","url":"https:\/\/iwell-guard.com\/wp-content\/uploads\/2026\/05\/Ittermann-Logo-1182x237-1.png","contentUrl":"https:\/\/iwell-guard.com\/wp-content\/uploads\/2026\/05\/Ittermann-Logo-1182x237-1.png","width":1182,"height":237,"caption":"Ittermann electronic GmbH"},"image":{"@id":"https:\/\/iwell-guard.com\/cs\/#\/schema\/logo\/image\/"},"sameAs":["https:\/\/pantip.com\/profile\/9367242","https:\/\/micro.blog\/iwellguard","https:\/\/www.diggerslist.com\/iwellguard\/about","https:\/\/skitterphoto.com\/photographers\/2870314\/iwell-guard","https:\/\/iwellguard.wordpress.com\/2026\/06\/06\/iwell-guard\/","https:\/\/hub.docker.com\/u\/iwellguard","https:\/\/www.pinterest.com\/iwellguard\/","https:\/\/bit.ly\/m\/iwellguard","https:\/\/entre-vos-mains.alsace.eu\/profiles\/iwellguard\/activity","https:\/\/gravatar.com\/reallybeded8fd34","https:\/\/naijamatta.com\/iwellguard","https:\/\/www.goodreads.com\/iwellguard","https:\/\/profile.hatena.ne.jp\/iwellguard\/","https:\/\/experiment.com\/users\/iwellguard","https:\/\/wakelet.com\/@iWellGuard82270","https:\/\/www.chordie.com\/forum\/profile.php?id=2555664","https:\/\/www.instapaper.com\/p\/17757966","https:\/\/www.mapleprimes.com\/users\/iwellguard","https:\/\/businesslistingplus.com\/profile\/iwell-guard\/","https:\/\/telegra.ph\/iWell-Guard-06-06","https:\/\/pbase.com\/iwellguard\/iwellguard","https:\/\/b.hatena.ne.jp\/iwellguard\/20260607#bookmark-4788405196491818882","https:\/\/fliphtml5.com\/home\/iwellguard","https:\/\/anyflip.com\/homepage\/cmiwl#About","https:\/\/transfur.com\/Users\/iwellguard","http:\/\/delphi.larsbo.org\/user\/iwellguard","https:\/\/jobs.lajobsportal.org\/profiles\/8380803-iwell-guard","https:\/\/md.chaosdorf.de\/s\/jfbe5SBdJD","https:\/\/www.lingvolive.com\/en-us\/profile\/9ecaeaca-ce11-4e51-9e71-01d55e2bff36\/translations","https:\/\/www.fitday.com\/fitness\/forums\/members\/iwellguard.html","https:\/\/www.mymeetbook.com\/iwellguard","https:\/\/pxhere.com\/en\/photographer-me\/5040798","https:\/\/disqus.com\/by\/iwellguard\/about\/","https:\/\/pastelink.net\/hjwciqwq","https:\/\/pubhtml5.com\/homepage\/scjhn\/","https:\/\/www.bitchute.com\/channel\/2O2eOKzNqujT","https:\/\/audiomack.com\/iwellguard"]}]}},"_links":{"self":[{"href":"https:\/\/iwell-guard.com\/cs\/wp-json\/wp\/v2\/pages\/145700","targetHints":{"allow":["GET"]}}],"collection":[{"href":"https:\/\/iwell-guard.com\/cs\/wp-json\/wp\/v2\/pages"}],"about":[{"href":"https:\/\/iwell-guard.com\/cs\/wp-json\/wp\/v2\/types\/page"}],"author":[{"embeddable":true,"href":"https:\/\/iwell-guard.com\/cs\/wp-json\/wp\/v2\/users\/3"}],"replies":[{"embeddable":true,"href":"https:\/\/iwell-guard.com\/cs\/wp-json\/wp\/v2\/comments?post=145700"}],"version-history":[{"count":0,"href":"https:\/\/iwell-guard.com\/cs\/wp-json\/wp\/v2\/pages\/145700\/revisions"}],"wp:featuredmedia":[{"embeddable":true,"href":"https:\/\/iwell-guard.com\/cs\/wp-json\/wp\/v2\/media\/3490"}],"wp:attachment":[{"href":"https:\/\/iwell-guard.com\/cs\/wp-json\/wp\/v2\/media?parent=145700"}],"wp:term":[{"taxonomy":"category","embeddable":true,"href":"https:\/\/iwell-guard.com\/cs\/wp-json\/wp\/v2\/categories?post=145700"}],"curies":[{"name":"wp","href":"https:\/\/api.w.org\/{rel}","templated":true}]}}