{"id":145682,"date":"2026-09-03T16:32:44","date_gmt":"2026-09-03T16:32:44","guid":{"rendered":"https:\/\/iwell-guard.com\/?page_id=145682"},"modified":"2026-09-03T17:02:49","modified_gmt":"2026-09-03T17:02:49","slug":"kolovrat-slovanske-slunecni-kolo","status":"publish","type":"page","link":"https:\/\/iwell-guard.com\/cs\/kolovrat-slovanske-slunecni-kolo\/","title":{"rendered":"Kolovrat \u2013 slovansk\u00e9 slune\u010dn\u00ed kolo"},"content":{"rendered":"\t\t<div data-elementor-type=\"wp-page\" data-elementor-id=\"145682\" class=\"elementor elementor-145682 elementor-3645 elementor-bc-flex-widget\" data-elementor-post-type=\"page\">\n\t\t\t\t<div class=\"elementor-element elementor-element-iwgs-kolowrat-hero e-flex e-con-boxed e-con e-parent\" data-id=\"iwgs-kolowrat-hero\" data-element_type=\"container\" data-e-type=\"container\">\n\t\t\t\t\t<div class=\"e-con-inner\">\n\t\t<div class=\"elementor-element elementor-element-iwgs-kolowrat-hl e-flex e-con-boxed e-con e-parent\" data-id=\"iwgs-kolowrat-hl\" data-element_type=\"container\" data-e-type=\"container\">\n\t\t\t\t\t<div class=\"e-con-inner\">\n\t\t<div class=\"elementor-element elementor-element-iwgs-kolowrat-hlbox e-con-full e-flex e-con e-parent\" data-id=\"iwgs-kolowrat-hlbox\" data-element_type=\"container\" data-e-type=\"container\">\n\t\t\t\t<div class=\"elementor-element elementor-element-iwgs-kolowrat-h1 elementor-widget elementor-widget-heading\" data-id=\"iwgs-kolowrat-h1\" data-element_type=\"widget\" data-e-type=\"widget\" data-widget_type=\"heading.default\">\n\t\t\t\t\t<h1 class=\"elementor-heading-title elementor-size-default\">Kolovrat \u2013 slovansk\u00e9 slune\u010dn\u00ed kolo jako ochrann\u00e9 znamen\u00ed<\/h1>\t\t\t\t<\/div>\n\t\t\t\t<div class=\"elementor-element elementor-element-iwgs-kolowrat-lead elementor-widget elementor-widget-text-editor\" data-id=\"iwgs-kolowrat-lead\" data-element_type=\"widget\" data-e-type=\"widget\" data-widget_type=\"text-editor.default\">\n\t\t\t\t\t\t\t\t\t<p>Kolovrat je slovansk\u00e9 slune\u010dn\u00ed kolo, kruhov\u00fd znak z prohnut\u00fdch paprsk\u016f. Symbolizuje slunce a jeho dr\u00e1hu. Jeho dne\u0161n\u00ed, ust\u00e1len\u00e1 forma je v\u0161ak mlad\u0161\u00ed, ne\u017e se \u010dasto p\u0159edpokl\u00e1d\u00e1.<\/p>\t\t\t\t\t\t\t\t<\/div>\n\t\t\t\t<\/div>\n\t\t\t\t<div class=\"elementor-element elementor-element-iwgs-kolowrat-pills elementor-widget elementor-widget-html\" data-id=\"iwgs-kolowrat-pills\" data-element_type=\"widget\" data-e-type=\"widget\" data-widget_type=\"html.default\">\n\t\t\t\t\t<div class=\"iwg-pill-row\"><span class=\"iwg-klasse-badge\" tabindex=\"0\" data-tooltip=\"Ochrann\u00fd symbol, amulet nebo apotropajn\u00ed p\u0159edm\u011bt.\">Ochrann\u00fd symbol<\/span><a href=\"https:\/\/iwell-guard.com\/cs\/slovanske\/\" class=\"iwg-kultur-badge\" tabindex=\"0\" data-tooltip=\"Ochrann\u00e1 tradice: Slovansk\u00e1\">Slovansk\u00e1<\/a><span class=\"iwg-tradition-badge\" tabindex=\"0\" data-tooltip=\"Symbol, kter\u00fd zobrazuje slunce.\">Slune\u010dn\u00ed znak<\/span><\/div>\t\t\t\t<\/div>\n\t\t\t\t\t<\/div>\n\t\t\t\t<\/div>\n\t\t<div class=\"elementor-element elementor-element-iwgs-kolowrat-hr e-con-full e-flex e-con e-parent\" data-id=\"iwgs-kolowrat-hr\" data-element_type=\"container\" data-e-type=\"container\">\n\t\t\t\t<div class=\"elementor-element elementor-element-iwgs-kolowrat-himg iwg-hero-image elementor-widget elementor-widget-image\" data-id=\"iwgs-kolowrat-himg\" data-element_type=\"widget\" data-e-type=\"widget\" data-widget_type=\"image.default\">\n\t\t\t\t\t\t\t\t\t\t\t\t\t\t\t<img fetchpriority=\"high\" decoding=\"async\" width=\"683\" height=\"1024\" src=\"https:\/\/iwell-guard.com\/wp-content\/uploads\/2026\/05\/schutzsymbol_slawisch_kolowrat-683x1024.webp\" class=\"attachment-large size-large wp-image-3495\" alt=\"Kolovrat \u2013 slovansk\u00e9 slune\u010dn\u00ed kolo\" srcset=\"https:\/\/iwell-guard.com\/wp-content\/uploads\/2026\/05\/schutzsymbol_slawisch_kolowrat-683x1024.webp 683w, https:\/\/iwell-guard.com\/wp-content\/uploads\/2026\/05\/schutzsymbol_slawisch_kolowrat-200x300.webp 200w, https:\/\/iwell-guard.com\/wp-content\/uploads\/2026\/05\/schutzsymbol_slawisch_kolowrat-768x1152.webp 768w, https:\/\/iwell-guard.com\/wp-content\/uploads\/2026\/05\/schutzsymbol_slawisch_kolowrat.webp 1024w\" sizes=\"(max-width: 683px) 100vw, 683px\" \/>\t\t\t\t\t\t\t\t\t\t\t\t\t\t\t<\/div>\n\t\t\t\t<\/div>\n\t\t\t\t\t<\/div>\n\t\t\t\t<\/div>\n\t\t<div class=\"elementor-element elementor-element-iwgs-kolowrat-s0 e-flex e-con-boxed e-con e-parent\" data-id=\"iwgs-kolowrat-s0\" data-element_type=\"container\" data-e-type=\"container\">\n\t\t\t\t\t<div class=\"e-con-inner\">\n\t\t\t\t<div class=\"elementor-element elementor-element-iwgs-kolowrat-s0h elementor-widget elementor-widget-heading\" data-id=\"iwgs-kolowrat-s0h\" data-element_type=\"widget\" data-e-type=\"widget\" data-widget_type=\"heading.default\">\n\t\t\t\t\t<h2 class=\"elementor-heading-title elementor-size-default\">Za\u0159azen\u00ed<\/h2>\t\t\t\t<\/div>\n\t\t<div class=\"elementor-element elementor-element-iwgs-kolowrat-s0box e-con-full e-flex e-con e-parent\" data-id=\"iwgs-kolowrat-s0box\" data-element_type=\"container\" data-e-type=\"container\">\n\t\t\t\t<div class=\"elementor-element elementor-element-iwgs-kolowrat-s0t elementor-widget elementor-widget-text-editor\" data-id=\"iwgs-kolowrat-s0t\" data-element_type=\"widget\" data-e-type=\"widget\" data-widget_type=\"text-editor.default\">\n\t\t\t\t\t\t\t\t\t<p>Kolovrat je <span class=\"iwg-fachbegriff\" data-tooltip=\"Znak, kter\u00fd zastupuje ur\u010ditou p\u0159edstavu nebo v\u00fdznam.\" tabindex=\"0\">symbol<\/span> slune\u010dn\u00edho kola z <a href=\"https:\/\/iwell-guard.com\/cs\/slovanske\/\">slovansk\u00e9ho<\/a> kulturn\u00edho okruhu. Zobrazuje kruhov\u00e9, ot\u00e1\u010dej\u00edc\u00ed se kolo. Ze st\u0159edu vych\u00e1z\u00ed n\u011bkolik prohnut\u00fdch paprsk\u016f nebo ramen.<\/p><p>N\u00e1zev kolovrat spojuje dv\u011b \u010d\u00e1sti slova, kter\u00e9 odkazuj\u00ed ke kolu a k ot\u00e1\u010den\u00ed. Znak tedy v p\u0159enesen\u00e9m smyslu ozna\u010duje ot\u00e1\u010dej\u00edc\u00ed se kolo. Tento pohyb ot\u00e1\u010den\u00ed je pro jeho v\u00fdznam z\u00e1sadn\u00ed.<\/p><p>Kolovrat je ch\u00e1p\u00e1n jako slune\u010dn\u00ed znamen\u00ed. Zastupuje slunce, jeho krou\u017een\u00ed po obloze a b\u011bh roku. Z tohoto spojen\u00ed se sluncem a sv\u011btlem se odvozuje jeho ochrann\u00fd v\u00fdznam.<\/p><p>Ve v\u011bdeck\u00e9m v\u00fdzkumu se s kolovratem zach\u00e1z\u00ed s obez\u0159etnost\u00ed. Slune\u010dn\u00ed a kolov\u00e1 znamen\u00ed jsou ve slovansk\u00e9m prostoru star\u00e1, ale kolovrat v jeho dne\u0161n\u00ed, ust\u00e1len\u00e9 podob\u011b je pom\u011brn\u011b mlad\u00fdm jevem. Toto rozli\u0161en\u00ed pat\u0159\u00ed k p\u0159esn\u00e9mu v\u00fdkladu.<\/p><p>Kolovrat je tak instruktivn\u00edm p\u0159\u00edpadem. Ukazuje, jak m\u016f\u017ee znak navazovat na star\u00e9 obrazov\u00e9 p\u0159edstavy a p\u0159itom svou vypracovanou podobou n\u00e1le\u017eet nov\u011bj\u0161\u00ed dob\u011b. V\u011bcn\u00fd v\u00fdklad odd\u011bluje star\u00e9 ko\u0159eny od modern\u00edho zpracov\u00e1n\u00ed.<\/p><p>Jako ochrann\u00e9 znamen\u00ed pat\u0159\u00ed kolovrat mezi slune\u010dn\u00ed a sv\u011bteln\u00e1 symboly. Je mu p\u0159isuzov\u00e1na schopnost silou sv\u011btla zah\u00e1n\u011bt temnotu a ne\u0161t\u011bst\u00ed. T\u00edm se \u0159ad\u00ed do \u0161iroce roz\u0161\u00ed\u0159en\u00e9 skupiny ochrann\u00fdch znamen\u00ed.<\/p>\t\t\t\t\t\t\t\t<\/div>\n\t\t\t\t<\/div>\n\t\t\t\t\t<\/div>\n\t\t\t\t<\/div>\n\t\t<div class=\"elementor-element elementor-element-iwgs-kolowrat-s1 e-flex e-con-boxed e-con e-parent\" data-id=\"iwgs-kolowrat-s1\" data-element_type=\"container\" data-e-type=\"container\">\n\t\t\t\t\t<div class=\"e-con-inner\">\n\t\t\t\t<div class=\"elementor-element elementor-element-iwgs-kolowrat-s1h elementor-widget elementor-widget-heading\" data-id=\"iwgs-kolowrat-s1h\" data-element_type=\"widget\" data-e-type=\"widget\" data-widget_type=\"heading.default\">\n\t\t\t\t\t<h2 class=\"elementor-heading-title elementor-size-default\">Slune\u010dn\u00ed kolo<\/h2>\t\t\t\t<\/div>\n\t\t<div class=\"elementor-element elementor-element-iwgs-kolowrat-s1box e-con-full e-flex e-con e-parent\" data-id=\"iwgs-kolowrat-s1box\" data-element_type=\"container\" data-e-type=\"container\">\n\t\t\t\t<div class=\"elementor-element elementor-element-iwgs-kolowrat-s1t elementor-widget elementor-widget-text-editor\" data-id=\"iwgs-kolowrat-s1t\" data-element_type=\"widget\" data-e-type=\"widget\" data-widget_type=\"text-editor.default\">\n\t\t\t\t\t\t\t\t\t<p>Kolovrat pat\u0159\u00ed do velk\u00e9 skupiny slune\u010dn\u00edch kol. Slune\u010dn\u00ed kolo je kruhov\u00fd znak, kter\u00fd zobrazuje slunce a jeho pohyb. Takov\u00e1 znamen\u00ed jsou zn\u00e1m\u00e1 v mnoha kultur\u00e1ch.<\/p><p>D\u016fvodem je pozorov\u00e1n\u00ed nebe. Slunce se jev\u00ed jako kulat\u00fd kotou\u010d a pohybuje se po obloze v rovnom\u011brn\u00e9, opakuj\u00edc\u00ed se dr\u00e1ze. Kolo je pro tento krou\u017e\u00edc\u00ed pohyb p\u0159irozen\u00fdm obrazem.<\/p><p>Slune\u010dn\u00ed kolo tak spojuje dv\u011b p\u0159edstavy. Zobrazuje slunce jako kotou\u010d a z\u00e1rove\u0148 jako n\u011bco, co se ot\u00e1\u010d\u00ed a vrac\u00ed. Kolovrat se sv\u00fdmi prohnut\u00fdmi paprsky pr\u00e1v\u011b tento pohyb ot\u00e1\u010den\u00ed zd\u016fraz\u0148uje.<\/p><p>Slunce m\u011blo pro lidi d\u0159\u00edv\u011bj\u0161\u00edch dob nejv\u011bt\u0161\u00ed v\u00fdznam. P\u0159in\u00e1\u0161elo sv\u011btlo, teplo a \u00farodu pol\u00ed. Jeho spolehliv\u00e1 dr\u00e1ha uspo\u0159\u00e1d\u00e1vala den i rok. Znak slunce byl tak znakem samotn\u00e9ho \u017eivota.<\/p><p>Z tohoto v\u00fdznamu se vysv\u011btluje vysok\u00e9 postaven\u00ed slune\u010dn\u00edch kol. Zastupovala p\u0159ej\u00edcnou, \u017eivot d\u00e1vaj\u00edc\u00ed moc. Kdo pou\u017e\u00edval slune\u010dn\u00ed znamen\u00ed, spojoval se se sv\u011btlem a se spolehliv\u00fdm \u0159\u00e1dem nebes.<\/p><p>Kolovrat je slovanskou podobou t\u00e9to roz\u0161\u00ed\u0159en\u00e9 my\u0161lenky. Za\u0159azuje se do dlouh\u00e9 \u0159ady slune\u010dn\u00edch kol, kter\u00e1 vznikala v r\u016fzn\u00fdch kultur\u00e1ch nez\u00e1visle na sob\u011b nebo ve vz\u00e1jemn\u00e9 souvislosti.<\/p>\t\t\t\t\t\t\t\t<\/div>\n\t\t\t\t<\/div>\n\t\t\t\t\t<\/div>\n\t\t\t\t<\/div>\n\t\t<div class=\"elementor-element elementor-element-iwgs-kolowrat-s2 e-flex e-con-boxed e-con e-parent\" data-id=\"iwgs-kolowrat-s2\" data-element_type=\"container\" data-e-type=\"container\">\n\t\t\t\t\t<div class=\"e-con-inner\">\n\t\t\t\t<div class=\"elementor-element elementor-element-iwgs-kolowrat-s2h elementor-widget elementor-widget-heading\" data-id=\"iwgs-kolowrat-s2h\" data-element_type=\"widget\" data-e-type=\"widget\" data-widget_type=\"heading.default\">\n\t\t\t\t\t<h2 class=\"elementor-heading-title elementor-size-default\">Podoba: ot\u00e1\u010dej\u00edc\u00ed se kolo<\/h2>\t\t\t\t<\/div>\n\t\t<div class=\"elementor-element elementor-element-iwgs-kolowrat-s2box e-con-full e-flex e-con e-parent\" data-id=\"iwgs-kolowrat-s2box\" data-element_type=\"container\" data-e-type=\"container\">\n\t\t\t\t<div class=\"elementor-element elementor-element-iwgs-kolowrat-s2t elementor-widget elementor-widget-text-editor\" data-id=\"iwgs-kolowrat-s2t\" data-element_type=\"widget\" data-e-type=\"widget\" data-widget_type=\"text-editor.default\">\n\t\t\t\t\t\t\t\t\t<p>Kolovrat m\u00e1 jasnou, kruhovou podobu. Ze st\u0159edu vych\u00e1z\u00ed n\u011bkolik paprsk\u016f, kter\u00e9 jsou sm\u011brem k okraji prohnut\u00e9. Toto prohnut\u00ed vytv\u00e1\u0159\u00ed dojem, \u017ee se kolo pohybuje.<\/p><p>Kolovrat m\u00e1 \u010dasto osm paprsk\u016f, ale vyskytuj\u00ed se i jin\u00e1 \u010d\u00edsla. Prohnut\u00e1 ramena mohou sm\u011b\u0159ovat vpravo nebo vlevo. Ze sm\u011bru ohnut\u00ed vznik\u00e1 dojem ot\u00e1\u010den\u00ed t\u00edm \u010di on\u00edm sm\u011brem.<\/p><p>Prohnut\u00fd tvar paprsk\u016f je skute\u010dn\u00fdm pozn\u00e1vac\u00edm znakem kolovratu. Kolo s rovn\u00fdmi paprsky p\u016fsob\u00ed klidn\u011b. Kolo s prohnut\u00fdmi paprsky p\u016fsob\u00ed, jako by se ot\u00e1\u010delo. Pr\u00e1v\u011b tento pohyb m\u00e1 kolovrat vyjad\u0159ovat.<\/p><p>Ot\u00e1\u010den\u00ed odkazuje k dr\u00e1ze slunce a ke kolob\u011bhu roku. Tak jako slunce neust\u00e1le t\u00e1hne svou dr\u00e1hu, ot\u00e1\u010d\u00ed se i kolo. Kolovrat je tak obrazem nekone\u010dn\u00e9ho, spolehliv\u00e9ho pohybu sv\u011btla.<\/p><p>Geometricky jasn\u00e1 forma d\u011bl\u00e1 kolovrat snadno rozpoznateln\u00fdm. Dob\u0159e se kresl\u00ed, vy\u0159ez\u00e1v\u00e1 i vy\u0161\u00edv\u00e1. Tato tvarov\u00e1 jasnost p\u0159isp\u011bla k jeho roz\u0161\u00ed\u0159en\u00ed jako nosen\u00e9ho a zobrazovan\u00e9ho znamen\u00ed.<\/p><p>P\u0159i pohledu na kolovrat je v\u0161ak t\u0159eba pozornosti. Ot\u00e1\u010dej\u00edc\u00ed se kolov\u00e1 znamen\u00ed se nap\u0159\u00ed\u010d mnoha kulturami podobaj\u00ed. P\u0159esn\u00fd v\u00fdklad db\u00e1 na to, aby slovansk\u00fd kolovrat nebyl p\u0159ed\u010dasn\u011b ztoto\u017e\u0148ov\u00e1n s podobn\u00fdmi znamen\u00edmi jin\u00e9ho p\u016fvodu.<\/p>\t\t\t\t\t\t\t\t<\/div>\n\t\t\t\t<\/div>\n\t\t\t\t\t<\/div>\n\t\t\t\t<\/div>\n\t\t<div class=\"elementor-element elementor-element-iwgs-kolowrat-s3 e-flex e-con-boxed e-con e-parent\" data-id=\"iwgs-kolowrat-s3\" data-element_type=\"container\" data-e-type=\"container\">\n\t\t\t\t\t<div class=\"e-con-inner\">\n\t\t\t\t<div class=\"elementor-element elementor-element-iwgs-kolowrat-s3h elementor-widget elementor-widget-heading\" data-id=\"iwgs-kolowrat-s3h\" data-element_type=\"widget\" data-e-type=\"widget\" data-widget_type=\"heading.default\">\n\t\t\t\t\t<h2 class=\"elementor-heading-title elementor-size-default\">Slunce ve slovansk\u00e9 v\u00ed\u0159e<\/h2>\t\t\t\t<\/div>\n\t\t<div class=\"elementor-element elementor-element-iwgs-kolowrat-s3box e-con-full e-flex e-con e-parent\" data-id=\"iwgs-kolowrat-s3box\" data-element_type=\"container\" data-e-type=\"container\">\n\t\t\t\t<div class=\"elementor-element elementor-element-iwgs-kolowrat-s3t elementor-widget elementor-widget-text-editor\" data-id=\"iwgs-kolowrat-s3t\" data-element_type=\"widget\" data-e-type=\"widget\" data-widget_type=\"text-editor.default\">\n\t\t\t\t\t\t\t\t\t<p>Chceme-li Kolovrat spr\u00e1vn\u011b za\u0159adit, je u\u017eite\u010dn\u00e9 pod\u00edvat se na slovansk\u00e9 n\u00e1bo\u017eenstv\u00ed p\u0159ed christianizac\u00ed. O tomto n\u00e1bo\u017eenstv\u00ed je zn\u00e1mo m\u00e9n\u011b ne\u017e o n\u011bkter\u00fdch jin\u00fdch, proto\u017ee Slovan\u00e9 po sob\u011b zanechali jen m\u00e1lo vlastn\u00edch p\u00edsemn\u00fdch pramen\u016f.<\/p><p>Poznatky o p\u0159edk\u0159es\u0165ansk\u00e9m slovansk\u00e9m n\u00e1bo\u017eenstv\u00ed se op\u00edraj\u00ed o n\u011bkolik zpr\u00e1v zven\u010d\u00ed, o archeologick\u00e9 n\u00e1lezy a o stopy v jazyce a <span class=\"iwg-fachbegriff\" data-tooltip=\"Souhrn tradovan\u00fdch zvyk\u016f ur\u010dit\u00e9ho spole\u010denstv\u00ed.\" tabindex=\"0\">oby\u010dej\u00edch<\/span>. Tento stav pramen\u016f je omezen\u00fd a vy\u017eaduje opatrn\u00e9 z\u00e1v\u011bry.<\/p><p>Podle toho, co je zn\u00e1mo, hr\u00e1lo slunce ve slovansk\u00e9 v\u00ed\u0159e v\u00fdznamnou roli. S n\u00edm byla spojov\u00e1na bo\u017estva, jim\u017e byly p\u0159isuzov\u00e1ny sv\u011btlo, teplo a prosp\u011bch. Slunce platilo za dobrotivou, \u017eivot podporuj\u00edc\u00ed moc.<\/p><p>Tak\u00e9 b\u011bh roku se sv\u00fdmi sv\u00e1tky byl \u00fazce spjat s postaven\u00edm slunce. Zvraty slune\u010dn\u00edho roku, nejdel\u0161\u00ed a nejkrat\u0161\u00ed noc, byly d\u016fle\u017eit\u00fdmi okam\u017eiky. Slovansk\u00e9 <span class=\"iwg-fachbegriff\" data-tooltip=\"Souhrn tradovan\u00fdch zvyk\u016f ur\u010dit\u00e9ho spole\u010denstv\u00ed.\" tabindex=\"0\">oby\u010deje<\/span> znaly sv\u00e1tky, kter\u00e9 se slavily s ohn\u011bm a sv\u011btlem.<\/p><p>Na tomto pozad\u00ed je slune\u010dn\u00ed znak ve slovansk\u00e9m prostoru dob\u0159e srozumiteln\u00fd. Slunce bylo centr\u00e1ln\u00ed, uct\u00edvanou moc\u00ed. Znak, kter\u00fd jej zobrazuje, navazuje na toto uct\u00edvan\u00e9 postaven\u00ed.<\/p><p>Pr\u00e1v\u011b proto, \u017ee prameny ke slovansk\u00e9mu n\u00e1bo\u017eenstv\u00ed jsou skromn\u00e9, je v\u0161ak t\u0159eba zdr\u017eenlivosti. Mnoh\u00e9 je nutn\u00e9 dovozovat, a nikoli v\u0161e, co se dnes \u0159\u00edk\u00e1 o slovansk\u00e9 \u00fact\u011b ke slunci, lze dolo\u017eit ze star\u00fdch pramen\u016f.<\/p>\t\t\t\t\t\t\t\t<\/div>\n\t\t\t\t<\/div>\n\t\t\t\t\t<\/div>\n\t\t\t\t<\/div>\n\t\t<div class=\"elementor-element elementor-element-iwgs-kolowrat-s4 e-flex e-con-boxed e-con e-parent\" data-id=\"iwgs-kolowrat-s4\" data-element_type=\"container\" data-e-type=\"container\">\n\t\t\t\t\t<div class=\"e-con-inner\">\n\t\t\t\t<div class=\"elementor-element elementor-element-iwgs-kolowrat-s4h elementor-widget elementor-widget-heading\" data-id=\"iwgs-kolowrat-s4h\" data-element_type=\"widget\" data-e-type=\"widget\" data-widget_type=\"heading.default\">\n\t\t\t\t\t<h2 class=\"elementor-heading-title elementor-size-default\">Star\u00e9 ornamenty a jejich stopy<\/h2>\t\t\t\t<\/div>\n\t\t<div class=\"elementor-element elementor-element-iwgs-kolowrat-s4box e-con-full e-flex e-con e-parent\" data-id=\"iwgs-kolowrat-s4box\" data-element_type=\"container\" data-e-type=\"container\">\n\t\t\t\t<div class=\"elementor-element elementor-element-iwgs-kolowrat-s4t elementor-widget elementor-widget-text-editor\" data-id=\"iwgs-kolowrat-s4t\" data-element_type=\"widget\" data-e-type=\"widget\" data-widget_type=\"text-editor.default\">\n\t\t\t\t\t\t\t\t\t<p>Ve slovansk\u00e9m prostoru existuj\u00ed star\u00e9 ornamenty, kter\u00e9 jsou s Kolovratem p\u0159\u00edbuzn\u00e9. Kruhov\u00e9, paprs\u010dit\u00e9 a ot\u00e1\u010div\u00e9 vzory se objevuj\u00ed na r\u016fzn\u00fdch p\u0159edm\u011btech.<\/p><p>Takov\u00e9 vzory se nach\u00e1zej\u00ed na hlin\u011bn\u00fdch n\u00e1dob\u00e1ch, na \u0161perk\u00e1ch a na p\u0159edm\u011btech denn\u00edho \u017eivota. Zvl\u00e1\u0161t\u011b bohat\u00e1 je slovansk\u00e1 v\u00fd\u0161ivka, v n\u00ed\u017e se geometrick\u00e9 znaky p\u0159ed\u00e1valy po dlouhou dobu. V n\u00ed se dochovaly paprs\u010dit\u00e9 a kolovit\u00e9 vzory.<\/p><p>Tyto vzory na v\u00fd\u0161ivce se p\u0159ed\u00e1valy po generace. Ur\u010dit\u00fdm znak\u016fm byl p\u0159itom p\u0159isuzov\u00e1n ochrann\u00fd v\u00fdznam. V\u00fd\u0161ivka na od\u011bvu a pl\u00e1tn\u011b nebyla jen ozdobou, ale mohla b\u00fdt ch\u00e1p\u00e1na i jako ochrana.<\/p><p>Je tedy pravda, \u017ee ve slovansk\u00e9m prostoru existuje star\u00e1 tradice paprs\u010dit\u00fdch a kolovit\u00fdch znak\u016f. Slune\u010dn\u00ed a kolov\u00e1 motivy jsou v slovansk\u00e9m lidov\u00e9m um\u011bn\u00ed dolo\u017eiteln\u00e1. Na tuto tradici Kolovrat navazuje.<\/p><p>Je v\u0161ak t\u0159eba rozli\u0161ovat mezi t\u011bmito star\u00fdmi ornamenty a dne\u0161n\u00edm Kolovratem. Star\u00e9 vzory jsou pestr\u00e9 a nejsou svedeny do jedin\u00e9, pevn\u011b stanoven\u00e9 podoby. Kolovrat se svou ur\u010ditou, standardizovanou podobou je naproti tomu jasn\u011b vymezen\u00fdm jednotliv\u00fdm znakem.<\/p><p>Star\u00e9 ornamenty jsou tedy ko\u0159enem, z n\u011bj\u017e je Kolovrat srozumiteln\u00fd. Nejsou v\u0161ak ji\u017e samy Kolovratem. Toto rozli\u0161en\u00ed je pro p\u0159esn\u00e9 vyl\u00ed\u010den\u00ed d\u016fle\u017eit\u00e9.<\/p>\t\t\t\t\t\t\t\t<\/div>\n\t\t\t\t<\/div>\n\t\t\t\t\t<\/div>\n\t\t\t\t<\/div>\n\t\t<div class=\"elementor-element elementor-element-iwgs-kolowrat-s5 e-flex e-con-boxed e-con e-parent\" data-id=\"iwgs-kolowrat-s5\" data-element_type=\"container\" data-e-type=\"container\">\n\t\t\t\t\t<div class=\"e-con-inner\">\n\t\t\t\t<div class=\"elementor-element elementor-element-iwgs-kolowrat-s5h elementor-widget elementor-widget-heading\" data-id=\"iwgs-kolowrat-s5h\" data-element_type=\"widget\" data-e-type=\"widget\" data-widget_type=\"heading.default\">\n\t\t\t\t\t<h2 class=\"elementor-heading-title elementor-size-default\">Ot\u00e1zka st\u00e1\u0159\u00ed<\/h2>\t\t\t\t<\/div>\n\t\t<div class=\"elementor-element elementor-element-iwgs-kolowrat-s5box e-con-full e-flex e-con e-parent\" data-id=\"iwgs-kolowrat-s5box\" data-element_type=\"container\" data-e-type=\"container\">\n\t\t\t\t<div class=\"elementor-element elementor-element-iwgs-kolowrat-s5t elementor-widget elementor-widget-text-editor\" data-id=\"iwgs-kolowrat-s5t\" data-element_type=\"widget\" data-e-type=\"widget\" data-widget_type=\"text-editor.default\">\n\t\t\t\t\t\t\t\t\t<p>U Kolovratu m\u00e1 ot\u00e1zka st\u00e1\u0159\u00ed zvl\u00e1\u0161tn\u00ed v\u00fdznam. V dne\u0161n\u00ed p\u0159edstav\u011b plat\u00ed tento znak \u010dasto za prastar\u00fd, p\u0159edk\u0159es\u0165ansk\u00fd <span class=\"iwg-fachbegriff\" data-tooltip=\"Znak, kter\u00fd zastupuje n\u011bjakou p\u0159edstavu nebo v\u00fdznam.\" tabindex=\"0\">symbol<\/span> Slovan\u016f. Tato p\u0159edstava vy\u017eaduje d\u016fkladn\u00e9 p\u0159ezkoum\u00e1n\u00ed.<\/p><p>Pravda je, \u017ee paprs\u010dit\u00e1 slune\u010dn\u00ed a kolov\u00e1 motiva jsou ve slovansk\u00e9m prostoru star\u00e9. Takov\u00e1 motiva lze dolo\u017eit v lidov\u00e9m um\u011bn\u00ed i v archeologick\u00fdch n\u00e1lezech. Obecn\u00e1 p\u0159edstava slune\u010dn\u00edho kola m\u00e1 tedy star\u00e9 ko\u0159eny.<\/p><p>Kolovrat jako ur\u010dit\u00fd, jasn\u011b definovan\u00fd znak s pevn\u00fdm n\u00e1zvem a stanovenou podobou je v\u0161ak modern\u00edm jevem. Byl vypracov\u00e1n a jednotn\u011b stanoven v r\u00e1mci slovansk\u00fdch novopohansk\u00fdch hnut\u00ed 20. a 21. stolet\u00ed.<\/p><p>Dne\u0161n\u00ed Kolovrat je tedy modern\u00edm shrnut\u00edm. Navazuje na star\u00e9 obrazov\u00e9 p\u0159edstavy, ale d\u00e1v\u00e1 jim novou, jednotnou podobu a vybavuje je pevn\u00fdm n\u00e1zvem a rozpracovan\u00fdm v\u00fdkladem.<\/p><p>Toto zji\u0161t\u011bn\u00ed znak nijak neznehodnocuje. Pouze jej spr\u00e1vn\u011b za\u0159azuje. Kolovrat je modern\u00ed znak, kter\u00fd navazuje na starou tradici. Oboj\u00ed pat\u0159\u00ed k sob\u011b a m\u011blo by b\u00fdt jasn\u011b pojmenov\u00e1no.<\/p><p>Poctiv\u00e9 vyl\u00ed\u010den\u00ed se tak vyh\u00fdb\u00e1 dv\u011bma chyb\u00e1m. Nevyd\u00e1v\u00e1 Kolovrat v jeho dne\u0161n\u00ed podob\u011b za prastar\u00fd. A z\u00e1rove\u0148 nepop\u00edr\u00e1, \u017ee slovansk\u00e9 slune\u010dn\u00ed znaky maj\u00ed star\u00e9 ko\u0159eny. Ob\u011b str\u00e1nky pat\u0159\u00ed k pravd\u011b o Kolovratu.<\/p>\t\t\t\t\t\t\t\t<\/div>\n\t\t\t\t<\/div>\n\t\t\t\t\t<\/div>\n\t\t\t\t<\/div>\n\t\t<div class=\"elementor-element elementor-element-iwgs-kolowrat-s6 e-flex e-con-boxed e-con e-parent\" data-id=\"iwgs-kolowrat-s6\" data-element_type=\"container\" data-e-type=\"container\">\n\t\t\t\t\t<div class=\"e-con-inner\">\n\t\t\t\t<div class=\"elementor-element elementor-element-iwgs-kolowrat-s6h elementor-widget elementor-widget-heading\" data-id=\"iwgs-kolowrat-s6h\" data-element_type=\"widget\" data-e-type=\"widget\" data-widget_type=\"heading.default\">\n\t\t\t\t\t<h2 class=\"elementor-heading-title elementor-size-default\">Kolovrat a slovansk\u00e9 p\u0159\u00edrodn\u00ed n\u00e1bo\u017eenstv\u00ed<\/h2>\t\t\t\t<\/div>\n\t\t<div class=\"elementor-element elementor-element-iwgs-kolowrat-s6box e-con-full e-flex e-con e-parent\" data-id=\"iwgs-kolowrat-s6box\" data-element_type=\"container\" data-e-type=\"container\">\n\t\t\t\t<div class=\"elementor-element elementor-element-iwgs-kolowrat-s6t elementor-widget elementor-widget-text-editor\" data-id=\"iwgs-kolowrat-s6t\" data-element_type=\"widget\" data-e-type=\"widget\" data-widget_type=\"text-editor.default\">\n\t\t\t\t\t\t\t\t\t<p>Dne\u0161n\u00ed Kolovrat je \u00fazce spjat se slovansk\u00fdmi novopohansk\u00fdmi hnut\u00edmi. Tato hnut\u00ed, \u010dasto shrnovan\u00e1 pod n\u00e1zvem rodnov\u011b\u0159\u00ed, usiluj\u00ed o obnovu p\u0159edk\u0159es\u0165ansk\u00e9ho n\u00e1bo\u017eenstv\u00ed Slovan\u016f.<\/p><p>Tato hnut\u00ed vznikla ve 20. stolet\u00ed a od t\u00e9 doby se roz\u0161\u00ed\u0159ila v n\u011bkolika zem\u00edch slovansk\u00e9ho prostoru. Op\u00edraj\u00ed se o skromn\u00e9 star\u00e9 prameny, o lidov\u00e9 oby\u010deje a o vlastn\u00ed zpracov\u00e1n\u00ed.<\/p><p>V r\u00e1mci t\u011bchto hnut\u00ed se Kolovrat stal centr\u00e1ln\u00edm znakem. Slou\u017e\u00ed jako rozpozn\u00e1vac\u00ed a v\u011brou\u010dn\u00fd znak a vyjad\u0159uje uct\u00edv\u00e1n\u00ed slunce a spojen\u00ed se slovanskou tradic\u00ed.<\/p><p>Kolovrat je tedy p\u0159edev\u0161\u00edm znakem modern\u00edho n\u00e1bo\u017eensk\u00e9ho proudu, kter\u00fd se odvol\u00e1v\u00e1 na d\u00e1vnou minulost. Toto za\u0159azen\u00ed je pro pochopen\u00ed znaku d\u016fle\u017eit\u00e9.<\/p><p>Jako u jin\u00fdch znak\u016f pou\u017e\u00edvan\u00fdch novopohansk\u00fdmi hnut\u00edmi nen\u00ed ani Kolovrat chr\u00e1n\u011bn p\u0159ed zneu\u017eit\u00edm. Stalo se, \u017ee tento znak pou\u017e\u00edvaly skupiny, jejich\u017e z\u00e1m\u011bry s uct\u00edv\u00e1n\u00edm slunce nemaj\u00ed nic spole\u010dn\u00e9ho.<\/p><p>Kdo Kolovrat zobrazuje, m\u011bl by si toto nap\u011bt\u00ed uv\u011bdomovat. V\u011bcn\u00e9 vyl\u00ed\u010den\u00ed ukazuje znak v jeho vlastn\u00ed souvislosti, jako slovansk\u00fd slune\u010dn\u00ed znak, a za\u0159azuje jej odpov\u00eddaj\u00edc\u00edm zp\u016fsobem k jeho modern\u00edmu p\u016fvodu.<\/p>\t\t\t\t\t\t\t\t<\/div>\n\t\t\t\t<\/div>\n\t\t\t\t\t<\/div>\n\t\t\t\t<\/div>\n\t\t<div class=\"elementor-element elementor-element-iwgs-kolowrat-s7 e-flex e-con-boxed e-con e-parent\" data-id=\"iwgs-kolowrat-s7\" data-element_type=\"container\" data-e-type=\"container\">\n\t\t\t\t\t<div class=\"e-con-inner\">\n\t\t\t\t<div class=\"elementor-element elementor-element-iwgs-kolowrat-s7h elementor-widget elementor-widget-heading\" data-id=\"iwgs-kolowrat-s7h\" data-element_type=\"widget\" data-e-type=\"widget\" data-widget_type=\"heading.default\">\n\t\t\t\t\t<h2 class=\"elementor-heading-title elementor-size-default\">Ochrana slune\u010dn\u00edm sv\u011btlem<\/h2>\t\t\t\t<\/div>\n\t\t<div class=\"elementor-element elementor-element-iwgs-kolowrat-s7box e-con-full e-flex e-con e-parent\" data-id=\"iwgs-kolowrat-s7box\" data-element_type=\"container\" data-e-type=\"container\">\n\t\t\t\t<div class=\"elementor-element elementor-element-iwgs-kolowrat-s7t elementor-widget elementor-widget-text-editor\" data-id=\"iwgs-kolowrat-s7t\" data-element_type=\"widget\" data-e-type=\"widget\" data-widget_type=\"text-editor.default\">\n\t\t\t\t\t\t\t\t\t<p>Ochrann\u00fd v\u00fdznam kolovratu vych\u00e1z\u00ed z p\u0159edstavy o s\u00edle slune\u010dn\u00edho sv\u011btla. Sv\u011btlo slunce zah\u00e1n\u00ed temnotu. Z tohoto jednoduch\u00e9ho pozorov\u00e1n\u00ed vze\u0161la my\u0161lenka, \u017ee sv\u011btlo m\u016f\u017ee zahnat i ne\u0161t\u011bst\u00ed.<\/p><p>V mnoha kultur\u00e1ch je sv\u011btlo pova\u017eov\u00e1no za dobr\u00e9 a temnota za \u0161kodlivou. Slune\u010dn\u00ed znak tak stoj\u00ed na stran\u011b sv\u011btla a dobra. P\u016fsob\u00ed ochrann\u011b t\u00edm, \u017ee stav\u00ed jasn\u00e9 proti temn\u00e9mu.<\/p><p>Kolovrat jako slune\u010dn\u00ed znak v sob\u011b nese tento v\u00fdznam. Kdo ho pou\u017e\u00edv\u00e1, stav\u00ed se pod znamen\u00ed sv\u011btla. Slune\u010dn\u00ed kolo m\u00e1 zah\u00e1n\u011bt temnotu a s n\u00ed spojen\u00e9 ne\u0161t\u011bst\u00ed.<\/p><p>K tomu se p\u0159id\u00e1v\u00e1 my\u0161lenka spolehliv\u00e9ho n\u00e1vratu. Slunce vych\u00e1z\u00ed ka\u017ed\u00e9 r\u00e1no znovu a po temn\u00e9m obdob\u00ed roku se spolehliv\u011b vrac\u00ed. Ot\u00e1\u010dej\u00edc\u00ed se kolo symbolizuje tento spolehliv\u00fd \u0159\u00e1d, kter\u00fd je s\u00e1m o sob\u011b formou ochrany.<\/p><p>Kolovrat tedy nechr\u00e1n\u00ed odstra\u0161uj\u00edc\u00edm obrazem ani svat\u00fdm p\u00edsmem. Chr\u00e1n\u00ed spojen\u00edm se sv\u011btlem a se spolehliv\u00fdm \u0159\u00e1dem slune\u010dn\u00edho b\u011bhu.<\/p><p>Sv\u00fdm zp\u016fsobem \u00fa\u010dinku se kolovrat podob\u00e1 jin\u00fdm slune\u010dn\u00edm znak\u016fm z cel\u00e9ho sv\u011bta. Slune\u010dn\u00ed kolo jako ochrann\u00fd symbol je \u0161iroce roz\u0161\u00ed\u0159enou my\u0161lenkou a kolovrat je jeho slovanskou podobou.<\/p>\t\t\t\t\t\t\t\t<\/div>\n\t\t\t\t<\/div>\n\t\t\t\t\t<\/div>\n\t\t\t\t<\/div>\n\t\t<div class=\"elementor-element elementor-element-iwgs-kolowrat-s8 e-flex e-con-boxed e-con e-parent\" data-id=\"iwgs-kolowrat-s8\" data-element_type=\"container\" data-e-type=\"container\">\n\t\t\t\t\t<div class=\"e-con-inner\">\n\t\t\t\t<div class=\"elementor-element elementor-element-iwgs-kolowrat-s8h elementor-widget elementor-widget-heading\" data-id=\"iwgs-kolowrat-s8h\" data-element_type=\"widget\" data-e-type=\"widget\" data-widget_type=\"heading.default\">\n\t\t\t\t\t<h2 class=\"elementor-heading-title elementor-size-default\">Sou\u010dasn\u00e1 recepce<\/h2>\t\t\t\t<\/div>\n\t\t<div class=\"elementor-element elementor-element-iwgs-kolowrat-s8box e-con-full e-flex e-con e-parent\" data-id=\"iwgs-kolowrat-s8box\" data-element_type=\"container\" data-e-type=\"container\">\n\t\t\t\t<div class=\"elementor-element elementor-element-iwgs-kolowrat-s8t elementor-widget elementor-widget-text-editor\" data-id=\"iwgs-kolowrat-s8t\" data-element_type=\"widget\" data-e-type=\"widget\" data-widget_type=\"text-editor.default\">\n\t\t\t\t\t\t\t\t\t<p>Kolovrat je dnes roz\u0161\u00ed\u0159en p\u0159edev\u0161\u00edm ve slovansk\u00e9m prostoru, ale i mimo n\u011bj. Nos\u00ed se jako \u0161perk na p\u0159\u00edv\u011bsku, pou\u017e\u00edv\u00e1 se jako v\u00fd\u0161ivkov\u00fd motiv a objevuje se v grafick\u00e9m i um\u011bleck\u00e9m zpracov\u00e1n\u00ed.<\/p><p>V slovansk\u00fdch novopohansk\u00fdch hnut\u00edch m\u00e1 kolovrat pevn\u00e9 m\u00edsto jako znak v\u00edry a rozpozn\u00e1n\u00ed. Zde symbolizuje uct\u00edv\u00e1n\u00ed slunce a spojen\u00ed s p\u0159edk\u0159es\u0165anskou slovanskou tradic\u00ed.<\/p><p>Mimo tato hnut\u00ed je kolovrat n\u011bkdy ch\u00e1p\u00e1n jako obecn\u00fd slovansk\u00fd kulturn\u00ed symbol, jinde je no\u0161en \u010dist\u011b jako ozdobn\u00fd motiv. P\u0159i tomto pou\u017eit\u00ed \u010dasto ustupuje jeho p\u0159esn\u00fd v\u00fdznam do pozad\u00ed.<\/p><p>Jak ji\u017e bylo zm\u00edn\u011bno, kolovrat nen\u00ed chr\u00e1n\u011bn p\u0159ed zneu\u017eit\u00edm skupinami s zcela odli\u0161n\u00fdmi c\u00edli. Toto nap\u011bt\u00ed znak doprov\u00e1z\u00ed a je t\u0159eba na n\u011bj myslet p\u0159i jeho zobrazov\u00e1n\u00ed.<\/p><p>Ve sv\u00e9 podstat\u011b v\u0161ak kolovrat z\u016fst\u00e1v\u00e1 slune\u010dn\u00edm znakem. Symbolizuje sv\u011btlo, b\u011bh slunce a spolehliv\u00fd \u0159\u00e1d roku. Tento z\u00e1kladn\u00ed v\u00fdznam z\u016fst\u00e1v\u00e1 stejn\u00fd nap\u0159\u00ed\u010d v\u0161emi zp\u016fsoby pou\u017eit\u00ed.<\/p><p>Kolovrat je tak dobr\u00fdm p\u0159\u00edkladem znaku, kter\u00fd spojuje star\u00e9 ko\u0159eny s modern\u00ed podobou. Ukazuje, jak lze z tradi\u010dn\u00edch slune\u010dn\u00edch motiv\u016f v sou\u010dasnosti vytvo\u0159it jasn\u011b vymezen\u00fd symbol, kter\u00fd navazuje na velmi star\u00e9 uct\u00edv\u00e1n\u00ed slunce.<\/p>\t\t\t\t\t\t\t\t<\/div>\n\t\t\t\t<\/div>\n\t\t\t\t\t<\/div>\n\t\t\t\t<\/div>\n\t\t<div class=\"elementor-element elementor-element-iwgs-kolowrat-lit e-flex e-con-boxed e-con e-parent\" data-id=\"iwgs-kolowrat-lit\" data-element_type=\"container\" data-e-type=\"container\">\n\t\t\t\t\t<div class=\"e-con-inner\">\n\t\t\t\t<div class=\"elementor-element elementor-element-iwgs-kolowrat-lith elementor-widget elementor-widget-heading\" data-id=\"iwgs-kolowrat-lith\" data-element_type=\"widget\" data-e-type=\"widget\" data-widget_type=\"heading.default\">\n\t\t\t\t\t<h2 class=\"elementor-heading-title elementor-size-default\">Literatura (v\u00fdb\u011br)<\/h2>\t\t\t\t<\/div>\n\t\t<div class=\"elementor-element elementor-element-iwgs-kolowrat-litbox e-con-full e-flex e-con e-parent\" data-id=\"iwgs-kolowrat-litbox\" data-element_type=\"container\" data-e-type=\"container\">\n\t\t\t\t<div class=\"elementor-element elementor-element-iwgs-kolowrat-litt elementor-widget elementor-widget-html\" data-id=\"iwgs-kolowrat-litt\" data-element_type=\"widget\" data-e-type=\"widget\" data-widget_type=\"html.default\">\n\t\t\t\t\t<footer data-nosnippet=\"true\"><ul><li>Aleksander Gieysztor: <em>Mitologia S\u0142owian<\/em> (1982)<\/li><li>Zden\u011bk V\u00e1\u0148a: <em>Mythologie und G\u00f6tterwelt der slawischen V\u00f6lker<\/em> (1992)<\/li><li>Boris Rybakov: <em>Jasystvo drevnich slavjan<\/em> (studie o slovansk\u00e9m n\u00e1bo\u017eenstv\u00ed)<\/li><li>Karl Heinrich Meyer: <em>Fontes historiae religionis Slavicae<\/em> (1931)<\/li><li>Hans-Peter Hasenfratz: <em>Die religi\u00f6se Welt der Germanen und Slawen<\/em> (studie)<\/li><\/ul><\/footer>\t\t\t\t<\/div>\n\t\t\t\t<\/div>\n\t\t\t\t\t<\/div>\n\t\t\t\t<\/div>\n\t\t<div class=\"elementor-element elementor-element-iwgs-kolowrat-kwd e-flex e-con-boxed e-con e-parent\" data-id=\"iwgs-kolowrat-kwd\" data-element_type=\"container\" data-e-type=\"container\">\n\t\t\t\t\t<div class=\"e-con-inner\">\n\t\t\t\t<div class=\"elementor-element elementor-element-iwgs-kolowrat-kwdt elementor-widget elementor-widget-text-editor\" data-id=\"iwgs-kolowrat-kwdt\" data-element_type=\"widget\" data-e-type=\"widget\" data-widget_type=\"text-editor.default\">\n\t\t\t\t\t\t\t\t\t<p><em>P\u0159\u00edbuzn\u00e9 kl\u00ed\u010dov\u00e9 pojmy: Kolovrat slune\u010dn\u00ed kolo slovansk\u00fd rodnov\u011b\u0159\u00ed slune\u010dn\u00ed znak loukot\u011b lidov\u00e9 um\u011bn\u00ed uct\u00edv\u00e1n\u00ed slunce.<\/em><\/p>\t\t\t\t\t\t\t\t<\/div>\n\t\t\t\t\t<\/div>\n\t\t\t\t<\/div>\n\t\t<div class=\"elementor-element elementor-element-iwgs-kolowrat-cc e-flex e-con-boxed e-con e-parent\" data-id=\"iwgs-kolowrat-cc\" data-element_type=\"container\" data-e-type=\"container\" id=\"iwg-cc-kolowrat\">\n\t\t\t\t\t<div class=\"e-con-inner\">\n\t\t<div class=\"elementor-element elementor-element-iwgs-kolowrat-ccinner e-flex e-con-boxed e-con e-parent\" data-id=\"iwgs-kolowrat-ccinner\" data-element_type=\"container\" data-e-type=\"container\" data-settings=\"{&quot;background_background&quot;:&quot;classic&quot;}\">\n\t\t\t\t\t<div class=\"e-con-inner\">\n\t\t\t\t<div class=\"elementor-element elementor-element-iwgs-kolowrat-cch elementor-widget elementor-widget-heading\" data-id=\"iwgs-kolowrat-cch\" data-element_type=\"widget\" data-e-type=\"widget\" data-widget_type=\"heading.default\">\n\t\t\t\t\t<h2 class=\"elementor-heading-title elementor-size-default\">iWell Guard a ochrann\u00e9 tradice<\/h2>\t\t\t\t<\/div>\n\t\t\t\t<div class=\"elementor-element elementor-element-iwgs-kolowrat-cct elementor-widget elementor-widget-text-editor\" data-id=\"iwgs-kolowrat-cct\" data-element_type=\"widget\" data-e-type=\"widget\" data-widget_type=\"text-editor.default\">\n\t\t\t\t\t\t\t\t\t<p>iWell Guard navazuje na kulturn\u011b-historickou linii nositeln\u00fdch ochrann\u00fdch p\u0159edm\u011bt\u016f, k n\u00ed\u017e pat\u0159\u00ed i kolovrat. Modern\u00ed spole\u010dn\u00edk pro lidi, kte\u0159\u00ed \u017eij\u00ed s ochrann\u00fdmi symboly: vyroben\u00fd v N\u011bmecku, 41 vrstev z ryz\u00edho zlata, platiny a st\u0159\u00edbra, s 30denn\u00ed mo\u017enost\u00ed vr\u00e1cen\u00ed zbo\u017e\u00ed.<\/p>\t\t\t\t\t\t\t\t<\/div>\n\t\t\t\t<div class=\"elementor-element elementor-element-iwgs-kolowrat-ccb iwg-cc-button iwg-cc-cta-2026-05-13 elementor-widget elementor-widget-jet-button\" data-id=\"iwgs-kolowrat-ccb\" data-element_type=\"widget\" data-e-type=\"widget\" data-widget_type=\"jet-button.default\">\n\t\t\t\t<div class=\"elementor-widget-container\">\n\t\t\t\t\t<div class=\"elementor-jet-button jet-elements\"><div class=\"jet-button__container\"><a class=\"jet-button__instance jet-button__instance--icon-left hover-effect-1\" href=\"\/schutzanhaenger-iwell-guard-kaufen\/?utm_source=iwell-guard.com&amp;utm_medium=info-box&amp;utm_campaign=schutzsymbole\"><div class=\"jet-button__plane jet-button__plane-normal\"><\/div><div class=\"jet-button__plane jet-button__plane-hover\"><\/div><div class=\"jet-button__state jet-button__state-normal\"><span class=\"jet-button__label\">V\u00edce o iWell Guard<\/span><\/div><div class=\"jet-button__state jet-button__state-hover\"><span class=\"jet-button__label\">V\u00edce o iWell Guard<\/span><\/div><\/a><\/div><\/div><style>.elementor-element.elementor-element-iwgs-kolowrat-ccb .jet-button__instance{width:320px;height:56px;}.elementor-element.elementor-element-iwgs-kolowrat-ccb .jet-button__state-normal .jet-button__label{text-align:center;margin:0px 0px 0px 0px;color:#1a1b20;font-family:Montserrat,sans-serif;font-size:13px;font-weight:400;letter-spacing:4px;line-height:1.714em;text-transform:uppercase;}.elementor-element.elementor-element-iwgs-kolowrat-ccb .jet-button__state-hover .jet-button__label{text-align:center;margin:0px 0px 0px 0px;color:#FECC76;font-family:Montserrat,sans-serif;font-size:13px;font-weight:400;letter-spacing:4px;line-height:1.714em;text-transform:uppercase;}.elementor-element.elementor-element-iwgs-kolowrat-ccb .jet-button__plane-normal{background-color:#FECC76;border-style:solid;border-color:#C99540;border-width:2px 2px 2px 2px;}.elementor-element.elementor-element-iwgs-kolowrat-ccb .jet-button__plane-hover{background-color:rgba(0,0,0,0.55);border-style:solid;border-color:#FECC76;border-width:2px 2px 2px 2px;}<\/style>\t\t\t\t<\/div>\n\t\t\t\t<\/div>\n\t\t\t\t<div class=\"elementor-element elementor-element-iwgs-kolowrat-ccd elementor-widget elementor-widget-text-editor\" data-id=\"iwgs-kolowrat-ccd\" data-element_type=\"widget\" data-e-type=\"widget\" data-widget_type=\"text-editor.default\">\n\t\t\t\t\t\t\t\t\t<p style=\"text-align:center;font-size:13px;opacity:0.7;margin-top:14px\" data-nosnippet=\"true\">Osobn\u00ed zku\u0161enosti se mohou li\u0161it. Nejde o zdravotnick\u00fd prost\u0159edek. Nejde o p\u0159\u00edslib l\u00e9\u010den\u00ed.<\/p>\t\t\t\t\t\t\t\t<\/div>\n\t\t\t\t\t<\/div>\n\t\t\t\t<\/div>\n\t\t\t\t\t<\/div>\n\t\t\t\t<\/div>\n\t\t<div class=\"elementor-element elementor-element-iwgs-kolowrat-disc e-flex e-con-boxed e-con e-parent\" data-id=\"iwgs-kolowrat-disc\" data-element_type=\"container\" data-e-type=\"container\">\n\t\t\t\t\t<div class=\"e-con-inner\">\n\t\t\t\t<div class=\"elementor-element elementor-element-iwgs-kolowrat-discw elementor-widget elementor-widget-html\" data-id=\"iwgs-kolowrat-discw\" data-element_type=\"widget\" data-e-type=\"widget\" data-widget_type=\"html.default\">\n\t\t\t\t\t<footer data-nosnippet=\"true\" class=\"iwg-disclaimer-block\"><p data-nosnippet=\"true\">iWell Guard <strong>nen\u00ed zdravotnick\u00fd prost\u0159edek<\/strong> a nenahrazuje l\u00e9ka\u0159skou ani psychoterapeutickou l\u00e9\u010dbu. Zde uveden\u00fd obsah p\u0159edstavuje religionistick\u00e9 a kulturn\u011b-historick\u00e9 za\u0159azen\u00ed, nikoli p\u0159\u00edslib duchovn\u00edho \u00fa\u010dinku.<\/p><\/footer>\t\t\t\t<\/div>\n\t\t\t\t\t<\/div>\n\t\t\t\t<\/div>\n\t\t\t\t<\/div>\n\t\t","protected":false},"excerpt":{"rendered":"","protected":false},"author":3,"featured_media":3495,"parent":0,"menu_order":0,"comment_status":"closed","ping_status":"closed","template":"elementor_header_footer","meta":{"_yoast_wpseo_focuskw":"Kolovrat","_yoast_wpseo_title":"Kolovrat \u2013 slovansk\u00e9 slune\u010dn\u00ed kolo","_yoast_wpseo_metadesc":"Kolovrat je slovansk\u00fd symbol slune\u010dn\u00edho kola. P\u016fvod, v\u00fdznam a ot\u00e1zka jeho st\u00e1\u0159\u00ed jasn\u011b vysv\u011btlen\u00e9.","_yoast_wpseo_meta-robots-noindex":"","_yoast_wpseo_canonical":"","_angie_page":false,"gefaehrdungsstufe":"","wesen_kultur":"","wesen_klasse":"","footnotes":""},"categories":[],"class_list":["post-145682","page","type-page","status-publish","has-post-thumbnail","hentry"],"yoast_head":"<!-- This site is optimized with the Yoast SEO Premium plugin v27.7 (Yoast SEO v28.3) - https:\/\/yoast.com\/product\/yoast-seo-premium-wordpress\/ -->\n<title>Kolovrat \u2013 slovansk\u00e9 slune\u010dn\u00ed kolo<\/title>\n<meta name=\"description\" content=\"Kolovrat je slovansk\u00fd symbol slune\u010dn\u00edho kola. P\u016fvod, v\u00fdznam a ot\u00e1zka jeho st\u00e1\u0159\u00ed jasn\u011b vysv\u011btlen\u00e9.\" \/>\n<meta name=\"robots\" content=\"index, follow, max-snippet:-1, max-image-preview:large, max-video-preview:-1\" \/>\n<link rel=\"canonical\" href=\"https:\/\/iwell-guard.com\/cs\/kolovrat-slovanske-slunecni-kolo\/\" \/>\n<meta property=\"og:locale\" content=\"cs_CZ\" \/>\n<meta property=\"og:type\" content=\"article\" \/>\n<meta property=\"og:title\" content=\"Kolovrat \u2013 slovansk\u00e9 slune\u010dn\u00ed kolo\" \/>\n<meta property=\"og:description\" content=\"Kolovrat je slovansk\u00fd symbol slune\u010dn\u00edho kola. P\u016fvod, v\u00fdznam a ot\u00e1zka jeho st\u00e1\u0159\u00ed jasn\u011b vysv\u011btlen\u00e9.\" \/>\n<meta property=\"og:url\" content=\"https:\/\/iwell-guard.com\/cs\/kolovrat-slovanske-slunecni-kolo\/\" \/>\n<meta property=\"og:site_name\" content=\"iWell Guard\" \/>\n<meta property=\"article:modified_time\" content=\"2026-09-03T17:02:49+00:00\" \/>\n<meta property=\"og:image\" content=\"https:\/\/iwell-guard.com\/wp-content\/uploads\/2026\/05\/schutzsymbol_slawisch_kolowrat.webp\" \/>\n\t<meta property=\"og:image:width\" content=\"1024\" \/>\n\t<meta property=\"og:image:height\" content=\"1536\" \/>\n\t<meta property=\"og:image:type\" content=\"image\/webp\" \/>\n<meta name=\"twitter:card\" content=\"summary_large_image\" \/>\n<script type=\"application\/ld+json\" class=\"yoast-schema-graph\">{\"@context\":\"https:\\\/\\\/schema.org\",\"@graph\":[{\"@type\":\"WebPage\",\"@id\":\"https:\\\/\\\/iwell-guard.com\\\/cs\\\/kolovrat-slovanske-slunecni-kolo\\\/\",\"url\":\"https:\\\/\\\/iwell-guard.com\\\/cs\\\/kolovrat-slovanske-slunecni-kolo\\\/\",\"name\":\"Kolovrat \u2013 slovansk\u00e9 slune\u010dn\u00ed kolo\",\"isPartOf\":{\"@id\":\"https:\\\/\\\/iwell-guard.com\\\/cs\\\/#website\"},\"primaryImageOfPage\":{\"@id\":\"https:\\\/\\\/iwell-guard.com\\\/cs\\\/kolovrat-slovanske-slunecni-kolo\\\/#primaryimage\"},\"image\":{\"@id\":\"https:\\\/\\\/iwell-guard.com\\\/cs\\\/kolovrat-slovanske-slunecni-kolo\\\/#primaryimage\"},\"thumbnailUrl\":\"https:\\\/\\\/iwell-guard.com\\\/wp-content\\\/uploads\\\/2026\\\/05\\\/schutzsymbol_slawisch_kolowrat.webp\",\"datePublished\":\"2026-09-03T16:32:44+00:00\",\"dateModified\":\"2026-09-03T17:02:49+00:00\",\"description\":\"Kolovrat je slovansk\u00fd symbol slune\u010dn\u00edho kola. P\u016fvod, v\u00fdznam a ot\u00e1zka jeho st\u00e1\u0159\u00ed jasn\u011b vysv\u011btlen\u00e9.\",\"breadcrumb\":{\"@id\":\"https:\\\/\\\/iwell-guard.com\\\/cs\\\/kolovrat-slovanske-slunecni-kolo\\\/#breadcrumb\"},\"inLanguage\":\"cs\",\"potentialAction\":[{\"@type\":\"ReadAction\",\"target\":[\"https:\\\/\\\/iwell-guard.com\\\/cs\\\/kolovrat-slovanske-slunecni-kolo\\\/\"]}]},{\"@type\":\"ImageObject\",\"inLanguage\":\"cs\",\"@id\":\"https:\\\/\\\/iwell-guard.com\\\/cs\\\/kolovrat-slovanske-slunecni-kolo\\\/#primaryimage\",\"url\":\"https:\\\/\\\/iwell-guard.com\\\/wp-content\\\/uploads\\\/2026\\\/05\\\/schutzsymbol_slawisch_kolowrat.webp\",\"contentUrl\":\"https:\\\/\\\/iwell-guard.com\\\/wp-content\\\/uploads\\\/2026\\\/05\\\/schutzsymbol_slawisch_kolowrat.webp\",\"width\":1024,\"height\":1536,\"caption\":\"Ochrann\u00fd symbol. Muzejn\u00ed ilustrace z\u00e1ti\u0161\u00ed.\"},{\"@type\":\"BreadcrumbList\",\"@id\":\"https:\\\/\\\/iwell-guard.com\\\/cs\\\/kolovrat-slovanske-slunecni-kolo\\\/#breadcrumb\",\"itemListElement\":[{\"@type\":\"ListItem\",\"position\":1,\"name\":\"Start\",\"item\":\"https:\\\/\\\/iwell-guard.com\\\/cs\\\/?page_id=145107\"},{\"@type\":\"ListItem\",\"position\":2,\"name\":\"Kolovrat \u2013 slovansk\u00e9 slune\u010dn\u00ed kolo\"}]},{\"@type\":\"WebSite\",\"@id\":\"https:\\\/\\\/iwell-guard.com\\\/cs\\\/#website\",\"url\":\"https:\\\/\\\/iwell-guard.com\\\/cs\\\/\",\"name\":\"iWell Guard\",\"description\":\"Schutz vor dunklen Einfl\u00fcssen\",\"publisher\":{\"@id\":\"https:\\\/\\\/iwell-guard.com\\\/cs\\\/#organization\"},\"potentialAction\":[{\"@type\":\"SearchAction\",\"target\":{\"@type\":\"EntryPoint\",\"urlTemplate\":\"https:\\\/\\\/iwell-guard.com\\\/cs\\\/?s={search_term_string}\"},\"query-input\":{\"@type\":\"PropertyValueSpecification\",\"valueRequired\":true,\"valueName\":\"search_term_string\"}}],\"inLanguage\":\"cs\"},{\"@type\":\"Organization\",\"@id\":\"https:\\\/\\\/iwell-guard.com\\\/cs\\\/#organization\",\"name\":\"Ittermann electronic GmbH\",\"url\":\"https:\\\/\\\/iwell-guard.com\\\/cs\\\/\",\"logo\":{\"@type\":\"ImageObject\",\"inLanguage\":\"cs\",\"@id\":\"https:\\\/\\\/iwell-guard.com\\\/cs\\\/#\\\/schema\\\/logo\\\/image\\\/\",\"url\":\"https:\\\/\\\/iwell-guard.com\\\/wp-content\\\/uploads\\\/2026\\\/05\\\/Ittermann-Logo-1182x237-1.png\",\"contentUrl\":\"https:\\\/\\\/iwell-guard.com\\\/wp-content\\\/uploads\\\/2026\\\/05\\\/Ittermann-Logo-1182x237-1.png\",\"width\":1182,\"height\":237,\"caption\":\"Ittermann electronic GmbH\"},\"image\":{\"@id\":\"https:\\\/\\\/iwell-guard.com\\\/cs\\\/#\\\/schema\\\/logo\\\/image\\\/\"},\"sameAs\":[\"https:\\\/\\\/pantip.com\\\/profile\\\/9367242\",\"https:\\\/\\\/micro.blog\\\/iwellguard\",\"https:\\\/\\\/www.diggerslist.com\\\/iwellguard\\\/about\",\"https:\\\/\\\/skitterphoto.com\\\/photographers\\\/2870314\\\/iwell-guard\",\"https:\\\/\\\/iwellguard.wordpress.com\\\/2026\\\/06\\\/06\\\/iwell-guard\\\/\",\"https:\\\/\\\/hub.docker.com\\\/u\\\/iwellguard\",\"https:\\\/\\\/www.pinterest.com\\\/iwellguard\\\/\",\"https:\\\/\\\/bit.ly\\\/m\\\/iwellguard\",\"https:\\\/\\\/entre-vos-mains.alsace.eu\\\/profiles\\\/iwellguard\\\/activity\",\"https:\\\/\\\/gravatar.com\\\/reallybeded8fd34\",\"https:\\\/\\\/naijamatta.com\\\/iwellguard\",\"https:\\\/\\\/www.goodreads.com\\\/iwellguard\",\"https:\\\/\\\/profile.hatena.ne.jp\\\/iwellguard\\\/\",\"https:\\\/\\\/experiment.com\\\/users\\\/iwellguard\",\"https:\\\/\\\/wakelet.com\\\/@iWellGuard82270\",\"https:\\\/\\\/www.chordie.com\\\/forum\\\/profile.php?id=2555664\",\"https:\\\/\\\/www.instapaper.com\\\/p\\\/17757966\",\"https:\\\/\\\/www.mapleprimes.com\\\/users\\\/iwellguard\",\"https:\\\/\\\/businesslistingplus.com\\\/profile\\\/iwell-guard\\\/\",\"https:\\\/\\\/telegra.ph\\\/iWell-Guard-06-06\",\"https:\\\/\\\/pbase.com\\\/iwellguard\\\/iwellguard\",\"https:\\\/\\\/b.hatena.ne.jp\\\/iwellguard\\\/20260607#bookmark-4788405196491818882\",\"https:\\\/\\\/fliphtml5.com\\\/home\\\/iwellguard\",\"https:\\\/\\\/anyflip.com\\\/homepage\\\/cmiwl#About\",\"https:\\\/\\\/transfur.com\\\/Users\\\/iwellguard\",\"http:\\\/\\\/delphi.larsbo.org\\\/user\\\/iwellguard\",\"https:\\\/\\\/jobs.lajobsportal.org\\\/profiles\\\/8380803-iwell-guard\",\"https:\\\/\\\/md.chaosdorf.de\\\/s\\\/jfbe5SBdJD\",\"https:\\\/\\\/www.lingvolive.com\\\/en-us\\\/profile\\\/9ecaeaca-ce11-4e51-9e71-01d55e2bff36\\\/translations\",\"https:\\\/\\\/www.fitday.com\\\/fitness\\\/forums\\\/members\\\/iwellguard.html\",\"https:\\\/\\\/www.mymeetbook.com\\\/iwellguard\",\"https:\\\/\\\/pxhere.com\\\/en\\\/photographer-me\\\/5040798\",\"https:\\\/\\\/disqus.com\\\/by\\\/iwellguard\\\/about\\\/\",\"https:\\\/\\\/pastelink.net\\\/hjwciqwq\",\"https:\\\/\\\/pubhtml5.com\\\/homepage\\\/scjhn\\\/\",\"https:\\\/\\\/www.bitchute.com\\\/channel\\\/2O2eOKzNqujT\",\"https:\\\/\\\/audiomack.com\\\/iwellguard\"]}]}<\/script>\n<!-- \/ Yoast SEO Premium plugin. -->","yoast_head_json":{"title":"Kolovrat \u2013 slovansk\u00e9 slune\u010dn\u00ed kolo","description":"Kolovrat je slovansk\u00fd symbol slune\u010dn\u00edho kola. P\u016fvod, v\u00fdznam a ot\u00e1zka jeho st\u00e1\u0159\u00ed jasn\u011b vysv\u011btlen\u00e9.","robots":{"index":"index","follow":"follow","max-snippet":"max-snippet:-1","max-image-preview":"max-image-preview:large","max-video-preview":"max-video-preview:-1"},"canonical":"https:\/\/iwell-guard.com\/cs\/kolovrat-slovanske-slunecni-kolo\/","og_locale":"cs_CZ","og_type":"article","og_title":"Kolovrat \u2013 slovansk\u00e9 slune\u010dn\u00ed kolo","og_description":"Kolovrat je slovansk\u00fd symbol slune\u010dn\u00edho kola. P\u016fvod, v\u00fdznam a ot\u00e1zka jeho st\u00e1\u0159\u00ed jasn\u011b vysv\u011btlen\u00e9.","og_url":"https:\/\/iwell-guard.com\/cs\/kolovrat-slovanske-slunecni-kolo\/","og_site_name":"iWell Guard","article_modified_time":"2026-09-03T17:02:49+00:00","og_image":[{"width":1024,"height":1536,"url":"https:\/\/iwell-guard.com\/wp-content\/uploads\/2026\/05\/schutzsymbol_slawisch_kolowrat.webp","type":"image\/webp"}],"twitter_card":"summary_large_image","schema":{"@context":"https:\/\/schema.org","@graph":[{"@type":"WebPage","@id":"https:\/\/iwell-guard.com\/cs\/kolovrat-slovanske-slunecni-kolo\/","url":"https:\/\/iwell-guard.com\/cs\/kolovrat-slovanske-slunecni-kolo\/","name":"Kolovrat \u2013 slovansk\u00e9 slune\u010dn\u00ed kolo","isPartOf":{"@id":"https:\/\/iwell-guard.com\/cs\/#website"},"primaryImageOfPage":{"@id":"https:\/\/iwell-guard.com\/cs\/kolovrat-slovanske-slunecni-kolo\/#primaryimage"},"image":{"@id":"https:\/\/iwell-guard.com\/cs\/kolovrat-slovanske-slunecni-kolo\/#primaryimage"},"thumbnailUrl":"https:\/\/iwell-guard.com\/wp-content\/uploads\/2026\/05\/schutzsymbol_slawisch_kolowrat.webp","datePublished":"2026-09-03T16:32:44+00:00","dateModified":"2026-09-03T17:02:49+00:00","description":"Kolovrat je slovansk\u00fd symbol slune\u010dn\u00edho kola. P\u016fvod, v\u00fdznam a ot\u00e1zka jeho st\u00e1\u0159\u00ed jasn\u011b vysv\u011btlen\u00e9.","breadcrumb":{"@id":"https:\/\/iwell-guard.com\/cs\/kolovrat-slovanske-slunecni-kolo\/#breadcrumb"},"inLanguage":"cs","potentialAction":[{"@type":"ReadAction","target":["https:\/\/iwell-guard.com\/cs\/kolovrat-slovanske-slunecni-kolo\/"]}]},{"@type":"ImageObject","inLanguage":"cs","@id":"https:\/\/iwell-guard.com\/cs\/kolovrat-slovanske-slunecni-kolo\/#primaryimage","url":"https:\/\/iwell-guard.com\/wp-content\/uploads\/2026\/05\/schutzsymbol_slawisch_kolowrat.webp","contentUrl":"https:\/\/iwell-guard.com\/wp-content\/uploads\/2026\/05\/schutzsymbol_slawisch_kolowrat.webp","width":1024,"height":1536,"caption":"Ochrann\u00fd symbol. Muzejn\u00ed ilustrace z\u00e1ti\u0161\u00ed."},{"@type":"BreadcrumbList","@id":"https:\/\/iwell-guard.com\/cs\/kolovrat-slovanske-slunecni-kolo\/#breadcrumb","itemListElement":[{"@type":"ListItem","position":1,"name":"Start","item":"https:\/\/iwell-guard.com\/cs\/?page_id=145107"},{"@type":"ListItem","position":2,"name":"Kolovrat \u2013 slovansk\u00e9 slune\u010dn\u00ed kolo"}]},{"@type":"WebSite","@id":"https:\/\/iwell-guard.com\/cs\/#website","url":"https:\/\/iwell-guard.com\/cs\/","name":"iWell Guard","description":"Schutz vor dunklen Einfl\u00fcssen","publisher":{"@id":"https:\/\/iwell-guard.com\/cs\/#organization"},"potentialAction":[{"@type":"SearchAction","target":{"@type":"EntryPoint","urlTemplate":"https:\/\/iwell-guard.com\/cs\/?s={search_term_string}"},"query-input":{"@type":"PropertyValueSpecification","valueRequired":true,"valueName":"search_term_string"}}],"inLanguage":"cs"},{"@type":"Organization","@id":"https:\/\/iwell-guard.com\/cs\/#organization","name":"Ittermann electronic GmbH","url":"https:\/\/iwell-guard.com\/cs\/","logo":{"@type":"ImageObject","inLanguage":"cs","@id":"https:\/\/iwell-guard.com\/cs\/#\/schema\/logo\/image\/","url":"https:\/\/iwell-guard.com\/wp-content\/uploads\/2026\/05\/Ittermann-Logo-1182x237-1.png","contentUrl":"https:\/\/iwell-guard.com\/wp-content\/uploads\/2026\/05\/Ittermann-Logo-1182x237-1.png","width":1182,"height":237,"caption":"Ittermann electronic GmbH"},"image":{"@id":"https:\/\/iwell-guard.com\/cs\/#\/schema\/logo\/image\/"},"sameAs":["https:\/\/pantip.com\/profile\/9367242","https:\/\/micro.blog\/iwellguard","https:\/\/www.diggerslist.com\/iwellguard\/about","https:\/\/skitterphoto.com\/photographers\/2870314\/iwell-guard","https:\/\/iwellguard.wordpress.com\/2026\/06\/06\/iwell-guard\/","https:\/\/hub.docker.com\/u\/iwellguard","https:\/\/www.pinterest.com\/iwellguard\/","https:\/\/bit.ly\/m\/iwellguard","https:\/\/entre-vos-mains.alsace.eu\/profiles\/iwellguard\/activity","https:\/\/gravatar.com\/reallybeded8fd34","https:\/\/naijamatta.com\/iwellguard","https:\/\/www.goodreads.com\/iwellguard","https:\/\/profile.hatena.ne.jp\/iwellguard\/","https:\/\/experiment.com\/users\/iwellguard","https:\/\/wakelet.com\/@iWellGuard82270","https:\/\/www.chordie.com\/forum\/profile.php?id=2555664","https:\/\/www.instapaper.com\/p\/17757966","https:\/\/www.mapleprimes.com\/users\/iwellguard","https:\/\/businesslistingplus.com\/profile\/iwell-guard\/","https:\/\/telegra.ph\/iWell-Guard-06-06","https:\/\/pbase.com\/iwellguard\/iwellguard","https:\/\/b.hatena.ne.jp\/iwellguard\/20260607#bookmark-4788405196491818882","https:\/\/fliphtml5.com\/home\/iwellguard","https:\/\/anyflip.com\/homepage\/cmiwl#About","https:\/\/transfur.com\/Users\/iwellguard","http:\/\/delphi.larsbo.org\/user\/iwellguard","https:\/\/jobs.lajobsportal.org\/profiles\/8380803-iwell-guard","https:\/\/md.chaosdorf.de\/s\/jfbe5SBdJD","https:\/\/www.lingvolive.com\/en-us\/profile\/9ecaeaca-ce11-4e51-9e71-01d55e2bff36\/translations","https:\/\/www.fitday.com\/fitness\/forums\/members\/iwellguard.html","https:\/\/www.mymeetbook.com\/iwellguard","https:\/\/pxhere.com\/en\/photographer-me\/5040798","https:\/\/disqus.com\/by\/iwellguard\/about\/","https:\/\/pastelink.net\/hjwciqwq","https:\/\/pubhtml5.com\/homepage\/scjhn\/","https:\/\/www.bitchute.com\/channel\/2O2eOKzNqujT","https:\/\/audiomack.com\/iwellguard"]}]}},"_links":{"self":[{"href":"https:\/\/iwell-guard.com\/cs\/wp-json\/wp\/v2\/pages\/145682","targetHints":{"allow":["GET"]}}],"collection":[{"href":"https:\/\/iwell-guard.com\/cs\/wp-json\/wp\/v2\/pages"}],"about":[{"href":"https:\/\/iwell-guard.com\/cs\/wp-json\/wp\/v2\/types\/page"}],"author":[{"embeddable":true,"href":"https:\/\/iwell-guard.com\/cs\/wp-json\/wp\/v2\/users\/3"}],"replies":[{"embeddable":true,"href":"https:\/\/iwell-guard.com\/cs\/wp-json\/wp\/v2\/comments?post=145682"}],"version-history":[{"count":0,"href":"https:\/\/iwell-guard.com\/cs\/wp-json\/wp\/v2\/pages\/145682\/revisions"}],"wp:featuredmedia":[{"embeddable":true,"href":"https:\/\/iwell-guard.com\/cs\/wp-json\/wp\/v2\/media\/3495"}],"wp:attachment":[{"href":"https:\/\/iwell-guard.com\/cs\/wp-json\/wp\/v2\/media?parent=145682"}],"wp:term":[{"taxonomy":"category","embeddable":true,"href":"https:\/\/iwell-guard.com\/cs\/wp-json\/wp\/v2\/categories?post=145682"}],"curies":[{"name":"wp","href":"https:\/\/api.w.org\/{rel}","templated":true}]}}