{"id":145670,"date":"2026-09-03T16:32:38","date_gmt":"2026-09-03T16:32:38","guid":{"rendered":"https:\/\/iwell-guard.com\/?page_id=145670"},"modified":"2026-09-03T17:02:30","modified_gmt":"2026-09-03T17:02:30","slug":"cervena-nit-ochrana-proti-uhranuti","status":"publish","type":"page","link":"https:\/\/iwell-guard.com\/cs\/cervena-nit-ochrana-proti-uhranuti\/","title":{"rendered":"Rud\u00e1 nit \u2013 ochrann\u00e1 p\u00e1ska proti uhranut\u00ed"},"content":{"rendered":"\t\t<div data-elementor-type=\"wp-page\" data-elementor-id=\"145670\" class=\"elementor elementor-145670 elementor-3621 elementor-bc-flex-widget\" data-elementor-post-type=\"page\">\n\t\t\t\t<div class=\"elementor-element elementor-element-iwgs-roterfaden-hero e-flex e-con-boxed e-con e-parent\" data-id=\"iwgs-roterfaden-hero\" data-element_type=\"container\" data-e-type=\"container\">\n\t\t\t\t\t<div class=\"e-con-inner\">\n\t\t<div class=\"elementor-element elementor-element-iwgs-roterfaden-hl e-flex e-con-boxed e-con e-parent\" data-id=\"iwgs-roterfaden-hl\" data-element_type=\"container\" data-e-type=\"container\">\n\t\t\t\t\t<div class=\"e-con-inner\">\n\t\t<div class=\"elementor-element elementor-element-iwgs-roterfaden-hlbox e-con-full e-flex e-con e-parent\" data-id=\"iwgs-roterfaden-hlbox\" data-element_type=\"container\" data-e-type=\"container\">\n\t\t\t\t<div class=\"elementor-element elementor-element-iwgs-roterfaden-h1 elementor-widget elementor-widget-heading\" data-id=\"iwgs-roterfaden-h1\" data-element_type=\"widget\" data-e-type=\"widget\" data-widget_type=\"heading.default\">\n\t\t\t\t\t<h1 class=\"elementor-heading-title elementor-size-default\">Rud\u00e1 nit \u2013 kabalistick\u00e1 ochrann\u00e1 p\u00e1ska proti uhranut\u00ed<\/h1>\t\t\t\t<\/div>\n\t\t\t\t<div class=\"elementor-element elementor-element-iwgs-roterfaden-lead elementor-widget elementor-widget-text-editor\" data-id=\"iwgs-roterfaden-lead\" data-element_type=\"widget\" data-e-type=\"widget\" data-widget_type=\"text-editor.default\">\n\t\t\t\t\t\t\t\t\t<p>Rud\u00e1 nit je kabalistick\u00e1 ochrann\u00e1 p\u00e1ska \u017eidovsk\u00e9 <span class=\"iwg-fachbegriff\" data-tooltip=\"P\u0159ed\u00e1v\u00e1n\u00ed znalost\u00ed a vypr\u00e1v\u011bn\u00ed nap\u0159\u00ed\u010d generacemi.\" tabindex=\"0\">tradice<\/span>, kterou se nos\u00ed na z\u00e1p\u011bst\u00ed proti uhranut\u00ed. Rud\u00e1 nit na z\u00e1p\u011bst\u00ed je pova\u017eov\u00e1na za ochranu proti uhranut\u00ed.<\/p><p>Zn\u00e1mou se stala p\u0159edev\u0161\u00edm d\u00edky lidov\u00e9 <span class=\"iwg-fachbegriff\" data-tooltip=\"Sm\u011br \u017eidovsk\u00e9 mystiky s hlavn\u00edmi d\u00edly Sefer Jecira a Zohar.\" tabindex=\"0\">kabale<\/span>, ov\u0161em my\u0161lenka odvracet ne\u0161t\u011bst\u00ed barvou \u010derven\u00e9 je mnohem star\u0161\u00ed a roz\u0161\u00ed\u0159en\u00e1 v mnoha kultur\u00e1ch.<\/p>\t\t\t\t\t\t\t\t<\/div>\n\t\t\t\t<\/div>\n\t\t\t\t<div class=\"elementor-element elementor-element-iwgs-roterfaden-pills elementor-widget elementor-widget-html\" data-id=\"iwgs-roterfaden-pills\" data-element_type=\"widget\" data-e-type=\"widget\" data-widget_type=\"html.default\">\n\t\t\t\t\t<div class=\"iwg-pill-row\"><span class=\"iwg-klasse-badge\" tabindex=\"0\" data-tooltip=\"Ochrann\u00fd symbol, amulet nebo apotropaick\u00fd p\u0159edm\u011bt.\">Ochrann\u00fd symbol<\/span><a href=\"https:\/\/iwell-guard.com\/cs\/judaismus\/\" class=\"iwg-kultur-badge\" tabindex=\"0\" data-tooltip=\"Ochrann\u00e1 tradice: judaismus\">Judaismus<\/a><span class=\"iwg-tradition-badge\" tabindex=\"0\" data-tooltip=\"P\u00e1ska, j\u00ed\u017e je p\u0159isuzov\u00e1n ochrann\u00fd \u00fa\u010dinek.\">Ochrann\u00e1 p\u00e1ska<\/span><\/div>\t\t\t\t<\/div>\n\t\t\t\t\t<\/div>\n\t\t\t\t<\/div>\n\t\t<div class=\"elementor-element elementor-element-iwgs-roterfaden-hr e-con-full e-flex e-con e-parent\" data-id=\"iwgs-roterfaden-hr\" data-element_type=\"container\" data-e-type=\"container\">\n\t\t\t\t<div class=\"elementor-element elementor-element-iwgs-roterfaden-himg iwg-hero-image elementor-widget elementor-widget-image\" data-id=\"iwgs-roterfaden-himg\" data-element_type=\"widget\" data-e-type=\"widget\" data-widget_type=\"image.default\">\n\t\t\t\t\t\t\t\t\t\t\t\t\t\t\t<img fetchpriority=\"high\" decoding=\"async\" width=\"683\" height=\"1024\" src=\"https:\/\/iwell-guard.com\/wp-content\/uploads\/2026\/05\/schutzsymbol_judentum_roter-faden-683x1024.webp\" class=\"attachment-large size-large wp-image-147068\" alt=\"Rud\u00e1 nit \u2013 ochrann\u00fd symbol, muzejn\u00ed ilustrace\" srcset=\"https:\/\/iwell-guard.com\/wp-content\/uploads\/2026\/05\/schutzsymbol_judentum_roter-faden-683x1024.webp 683w, https:\/\/iwell-guard.com\/wp-content\/uploads\/2026\/05\/schutzsymbol_judentum_roter-faden-200x300.webp 200w, https:\/\/iwell-guard.com\/wp-content\/uploads\/2026\/05\/schutzsymbol_judentum_roter-faden-768x1152.webp 768w, https:\/\/iwell-guard.com\/wp-content\/uploads\/2026\/05\/schutzsymbol_judentum_roter-faden.webp 1024w\" sizes=\"(max-width: 683px) 100vw, 683px\" \/>\t\t\t\t\t\t\t\t\t\t\t\t\t\t\t<\/div>\n\t\t\t\t<\/div>\n\t\t\t\t\t<\/div>\n\t\t\t\t<\/div>\n\t\t<div class=\"elementor-element elementor-element-iwgs-roterfaden-s0 e-flex e-con-boxed e-con e-parent\" data-id=\"iwgs-roterfaden-s0\" data-element_type=\"container\" data-e-type=\"container\">\n\t\t\t\t\t<div class=\"e-con-inner\">\n\t\t\t\t<div class=\"elementor-element elementor-element-iwgs-roterfaden-s0h elementor-widget elementor-widget-heading\" data-id=\"iwgs-roterfaden-s0h\" data-element_type=\"widget\" data-e-type=\"widget\" data-widget_type=\"heading.default\">\n\t\t\t\t\t<h2 class=\"elementor-heading-title elementor-size-default\">Za\u0159azen\u00ed<\/h2>\t\t\t\t<\/div>\n\t\t<div class=\"elementor-element elementor-element-iwgs-roterfaden-s0box e-con-full e-flex e-con e-parent\" data-id=\"iwgs-roterfaden-s0box\" data-element_type=\"container\" data-e-type=\"container\">\n\t\t\t\t<div class=\"elementor-element elementor-element-iwgs-roterfaden-s0t elementor-widget elementor-widget-text-editor\" data-id=\"iwgs-roterfaden-s0t\" data-element_type=\"widget\" data-e-type=\"widget\" data-widget_type=\"text-editor.default\">\n\t\t\t\t\t\t\t\t\t<p>Rud\u00e1 nit je jednoduch\u00fd ochrann\u00fd p\u0159edm\u011bt. Jde o tenkou p\u00e1sku z \u010derven\u00e9 vlny, kterou se nos\u00ed kolem z\u00e1p\u011bst\u00ed. Navzdory sv\u00e9 nen\u00e1ro\u010dnosti pat\u0159\u00ed rud\u00e1 nit k nejzn\u00e1m\u011bj\u0161\u00edm ochrann\u00fdm znamen\u00edm spojovan\u00fdm s \u017eidovskou tradic\u00ed, a zvl\u00e1\u0161t\u011b s lidovou <span class=\"iwg-fachbegriff\" data-tooltip=\"Sm\u011br \u017eidovsk\u00e9 mystiky s hlavn\u00edmi d\u00edly Sefer Jecira a Zohar.\" tabindex=\"0\">kabalou<\/span>.<\/p><p>Jej\u00ed \u00fakol je jasn\u011b vymezen. Rud\u00e1 nit m\u00e1 sv\u00e9ho nositele chr\u00e1nit p\u0159ed uhranut\u00edm. Obrac\u00ed se tak proti \u0161kodliv\u00e9mu \u00fa\u010dinku pohledu, kter\u00fd popisuje <a href=\"https:\/\/iwell-guard.com\/cs\/zle-oko\/\">v\u00edra v uhranut\u00ed<\/a>. Nit je prost\u0159edkem ochrany pro ka\u017edodenn\u00ed \u017eivot.<\/p><p>V <span class=\"iwg-fachbegriff\" data-tooltip=\"V\u011bda, kter\u00e1 zkoum\u00e1 n\u00e1bo\u017eenstv\u00ed srovn\u00e1vac\u00edm zp\u016fsobem a bez vazby na vlastn\u00ed v\u00edru.\" tabindex=\"0\">religionistice<\/span> je rud\u00e1 nit za\u0159azov\u00e1na s pe\u010dlivost\u00ed. Dnes roz\u0161\u00ed\u0159en\u00e1 forma, p\u00e1ska od hrobu R\u00e1chel, je pom\u011brn\u011b ned\u00e1vn\u00fd jev. Z\u00e1kladn\u00ed my\u0161lenka, odvracet ne\u0161t\u011bst\u00ed \u010dervenou barvou, je v\u0161ak velmi star\u00e1. Ob\u011b vrstvy pat\u0159\u00ed k \u00fapln\u00e9mu popisu.<\/p><p>Rud\u00e1 nit je tak\u00e9 dobr\u00fdm p\u0159\u00edkladem toho, jak ochrann\u00fd zvyk p\u0159esahuje hranice jedin\u00e9 kultury. \u010cerven\u00e9 ochrann\u00e9 nit\u011b nejsou zn\u00e1m\u00e9 jen v \u017eidovsk\u00e9m prost\u0159ed\u00ed. Setk\u00e1v\u00e1me se s nimi v mnoha \u010d\u00e1stech sv\u011bta a odkazuj\u00ed na velmi roz\u0161\u00ed\u0159enou p\u0159edstavu o barv\u011b \u010derven\u00e9.<\/p><p>Rud\u00e1 nit pat\u0159\u00ed k nejjednodu\u0161\u0161\u00edm ochrann\u00fdm p\u0159edm\u011bt\u016fm v\u016fbec. Nenese \u017e\u00e1dn\u00fd <span class=\"iwg-fachbegriff\" data-tooltip=\"Text vyryt\u00fd nebo vytesan\u00fd do pevn\u00e9ho podkladu.\" tabindex=\"0\">n\u00e1pis<\/span> ani obraz, skl\u00e1d\u00e1 se pouze z barvy a tvaru. Pr\u00e1v\u011b tato jednoduchost je jednou z jej\u00edch siln\u00fdch str\u00e1nek. Ochrann\u00e9 znamen\u00ed, kter\u00e9 vy\u017eaduje tak m\u00e1lo \u00fasil\u00ed, je dostupn\u00e9 pro ka\u017ed\u00e9ho a snadno se p\u0159ed\u00e1v\u00e1 d\u00e1l.<\/p>\t\t\t\t\t\t\t\t<\/div>\n\t\t\t\t<\/div>\n\t\t\t\t\t<\/div>\n\t\t\t\t<\/div>\n\t\t<div class=\"elementor-element elementor-element-iwgs-roterfaden-s1 e-flex e-con-boxed e-con e-parent\" data-id=\"iwgs-roterfaden-s1\" data-element_type=\"container\" data-e-type=\"container\">\n\t\t\t\t\t<div class=\"e-con-inner\">\n\t\t\t\t<div class=\"elementor-element elementor-element-iwgs-roterfaden-s1h elementor-widget elementor-widget-heading\" data-id=\"iwgs-roterfaden-s1h\" data-element_type=\"widget\" data-e-type=\"widget\" data-widget_type=\"heading.default\">\n\t\t\t\t\t<h2 class=\"elementor-heading-title elementor-size-default\">\u010cerven\u00e1 barva jako barva ochrany<\/h2>\t\t\t\t<\/div>\n\t\t<div class=\"elementor-element elementor-element-iwgs-roterfaden-s1box e-con-full e-flex e-con e-parent\" data-id=\"iwgs-roterfaden-s1box\" data-element_type=\"container\" data-e-type=\"container\">\n\t\t\t\t<div class=\"elementor-element elementor-element-iwgs-roterfaden-s1t elementor-widget elementor-widget-text-editor\" data-id=\"iwgs-roterfaden-s1t\" data-element_type=\"widget\" data-e-type=\"widget\" data-widget_type=\"text-editor.default\">\n\t\t\t\t\t\t\t\t\t<p>V j\u00e1dru v\u00fdznamu rud\u00e9 nit\u011b stoj\u00ed barva. \u010cerven\u00e1 byla v mnoha kultur\u00e1ch pova\u017eov\u00e1na za barvu zvl\u00e1\u0161tn\u00ed s\u00edly. Byla spojov\u00e1na s krv\u00ed, se \u017eivotem a s ohn\u011bm. Z tohoto spojen\u00ed vznikla p\u0159edstava, \u017ee \u010derven\u00e1 m\u00e1 ochrann\u00fd a odvracej\u00edc\u00ed \u00fa\u010dinek.<\/p><p>Tuto p\u0159edstavu lze vystopovat velmi hluboko do minulosti. Ji\u017e v ran\u00fdch dob\u00e1ch byly hroby a p\u0159edm\u011bty opat\u0159ov\u00e1ny \u010derven\u00fdm barvivem, a mnoh\u00e9 nasv\u011bd\u010duje tomu, \u017ee s t\u00edm byl spojen ochrann\u00fd v\u00fdznam. \u010cerven\u00e1 barva tak byla od prad\u00e1vna v\u00edc ne\u017e pouh\u00e9 zabarven\u00ed.<\/p><p>\u010cerven\u00e1 je nav\u00edc barva v\u00fdrazn\u00e1, upout\u00e1vaj\u00edc\u00ed pohled. Tato vlastnost dob\u0159e odpov\u00edd\u00e1 odvracen\u00ed uhranut\u00ed. Jasn\u011b \u010derven\u00e9 znamen\u00ed na sebe strh\u00e1v\u00e1 pozornost. M\u016f\u017ee zachytit \u0161kodliv\u00fd pohled d\u0159\u00edve, ne\u017e dos\u00e1hne chr\u00e1n\u011bn\u00e9 osoby. Barva a funkce tu p\u016fsob\u00ed spole\u010dn\u011b.<\/p><p>Rud\u00e1 nit je tedy p\u0159edev\u0161\u00edm barevn\u00fdm ochrann\u00fdm znamen\u00edm. Jej\u00ed \u00fa\u010dinek se p\u0159isuzuje barv\u011b, nikoli materi\u00e1lu samotn\u00e9mu. Vlna byla b\u011b\u017en\u011b dostupn\u00fdm a snadno z\u00edskateln\u00fdm materi\u00e1lem. Rozhoduj\u00edc\u00ed bylo, \u017ee nit byla \u010derven\u00e1, nebo\u0165 podle roz\u0161\u00ed\u0159en\u00e9 p\u0159edstavy spo\u010d\u00edvala ochrann\u00e1 s\u00edla pr\u00e1v\u011b v barv\u011b.<\/p><p>Ochrann\u00fd v\u00fdznam \u010derven\u00e9 barvy lze vystopovat a\u017e do prehistorick\u00fdch \u010das\u016f. Ji\u017e ve star\u00fdch poh\u0159bech se pou\u017e\u00edvalo \u010derven\u00e9 barvivo, a mnoh\u00e9 sv\u011bd\u010d\u00ed o ochrann\u00e9m z\u00e1m\u011bru. Tak\u00e9 \u010derven\u00e9 oble\u010den\u00ed pro d\u011bti je z mnoha evropsk\u00fdch region\u016f dokumentov\u00e1no jako ochrann\u00fd zvyk. Barva nesla sv\u016fj v\u00fdznam po dlouhou dobu.<\/p>\t\t\t\t\t\t\t\t<\/div>\n\t\t\t\t<\/div>\n\t\t\t\t\t<\/div>\n\t\t\t\t<\/div>\n\t\t<div class=\"elementor-element elementor-element-iwgs-roterfaden-s2 e-flex e-con-boxed e-con e-parent\" data-id=\"iwgs-roterfaden-s2\" data-element_type=\"container\" data-e-type=\"container\">\n\t\t\t\t\t<div class=\"e-con-inner\">\n\t\t\t\t<div class=\"elementor-element elementor-element-iwgs-roterfaden-s2h elementor-widget elementor-widget-heading\" data-id=\"iwgs-roterfaden-s2h\" data-element_type=\"widget\" data-e-type=\"widget\" data-widget_type=\"heading.default\">\n\t\t\t\t\t<h2 class=\"elementor-heading-title elementor-size-default\">Rud\u00e1 nit a kabala<\/h2>\t\t\t\t<\/div>\n\t\t<div class=\"elementor-element elementor-element-iwgs-roterfaden-s2box e-con-full e-flex e-con e-parent\" data-id=\"iwgs-roterfaden-s2box\" data-element_type=\"container\" data-e-type=\"container\">\n\t\t\t\t<div class=\"elementor-element elementor-element-iwgs-roterfaden-s2t elementor-widget elementor-widget-text-editor\" data-id=\"iwgs-roterfaden-s2t\" data-element_type=\"widget\" data-e-type=\"widget\" data-widget_type=\"text-editor.default\">\n\t\t\t\t\t\t\t\t\t<p>Zn\u00e1m\u00fd se \u010derven\u00e1 nit stal p\u0159edev\u0161\u00edm v souvislosti s <span class=\"iwg-fachbegriff\" data-tooltip=\"Proud \u017eidovsk\u00e9 mystiky s hlavn\u00edmi d\u00edly jako Sefer Jecira a Zohar.\" tabindex=\"0\">kabalou<\/span>. <span class=\"iwg-fachbegriff\" data-tooltip=\"Proud \u017eidovsk\u00e9 mystiky s hlavn\u00edmi d\u00edly jako Sefer Jecira a Zohar.\" tabindex=\"0\">Kabala<\/span> je mystick\u00fd proud judaismu, kter\u00fd se zab\u00fdv\u00e1 skryt\u00fdmi v\u00fdznamy svat\u00fdch text\u016f a podstatou Boha. V jej\u00edm lidov\u00e9m prost\u0159ed\u00ed vznikly \u010detn\u00e9 ochrann\u00e9 zvyky.<\/p><p>\u010cerven\u00e1 nit pat\u0159\u00ed k t\u011bmto lidov\u00fdm, kabalisticky ovlivn\u011bn\u00fdm zvyk\u016fm. Nen\u00ed naukou u\u010den\u00e9 <span class=\"iwg-fachbegriff\" data-tooltip=\"Proud \u017eidovsk\u00e9 mystiky s hlavn\u00edmi d\u00edly jako Sefer Jecira a Zohar.\" tabindex=\"0\">kabaly<\/span>, ale prax\u00ed, kter\u00e1 se vyvinula v prost\u0159ed\u00ed tohoto proudu. Takov\u00e9 zvyky spojuj\u00ed mystick\u00e9 p\u0159edstavy s pot\u0159ebami ka\u017edodenn\u00edho \u017eivota, nap\u0159\u00edklad s touhou po ochran\u011b.<\/p><p>V posledn\u00edch desetilet\u00edch se \u010derven\u00e1 nit velmi roz\u0161\u00ed\u0159ila. Instituce, kter\u00e9 zprost\u0159edkov\u00e1valy kabalistick\u00e9 my\u0161lenky \u0161irok\u00e9mu publiku, u\u010dinily tento <span class=\"iwg-fachbegriff\" data-tooltip=\"Tradovan\u00e1 \u010dinnost, pravideln\u011b opakovan\u00e1 v r\u00e1mci ur\u010dit\u00e9ho spole\u010denstv\u00ed.\" tabindex=\"0\">zvyk<\/span> mezin\u00e1rodn\u011b zn\u00e1m\u00fdm. K jeho \u0161\u00ed\u0159en\u00ed p\u0159isp\u011bly i zn\u00e1m\u00e9 osobnosti, kter\u00e9 \u010dervenou nit nosily.<\/p><p>Tato modern\u00ed obliba by v\u0161ak nem\u011bla zast\u00edrat st\u00e1\u0159\u00ed tohoto zvyku. Dnes roz\u0161\u00ed\u0159en\u00e1 forma \u010derven\u00e9 nit\u011b je pom\u011brn\u011b mlad\u00fdm jevem. <span class=\"iwg-fachbegriff\" data-tooltip=\"Tradovan\u00e1 \u010dinnost, pravideln\u011b opakovan\u00e1 v r\u00e1mci ur\u010dit\u00e9ho spole\u010denstv\u00ed.\" tabindex=\"0\">Zvyk<\/span> v jeho sou\u010dasn\u00e9 podob\u011b se stal \u0161iroce viditeln\u00fdm a\u017e v nov\u011bj\u0161\u00ed dob\u011b, i kdy\u017e navazuje na star\u0161\u00ed p\u0159edstavy.<\/p><p><span class=\"iwg-fachbegriff\" data-tooltip=\"Proud \u017eidovsk\u00e9 mystiky s hlavn\u00edmi d\u00edly jako Sefer Jecira a Zohar.\" tabindex=\"0\">Kabala<\/span> se mimo jin\u00e9 zab\u00fdv\u00e1 skryt\u00fdmi cestami, jimi\u017e bo\u017e\u00ed <span class=\"iwg-fachbegriff\" data-tooltip=\"Vyj\u00e1d\u0159en\u00ed po\u017eehn\u00e1n\u00ed a ochrany, \u010dasto v ust\u00e1len\u00e9 jazykov\u00e9 form\u011b.\" tabindex=\"0\">po\u017eehn\u00e1n\u00ed<\/span> pronik\u00e1 do sv\u011bta. V jej\u00edm lidov\u00e9m prost\u0159ed\u00ed vznikly \u010detn\u00e9 zvyky, kter\u00e9 se sna\u017eily toto <span class=\"iwg-fachbegriff\" data-tooltip=\"Vyj\u00e1d\u0159en\u00ed po\u017eehn\u00e1n\u00ed a ochrany, \u010dasto v ust\u00e1len\u00e9 jazykov\u00e9 form\u011b.\" tabindex=\"0\">po\u017eehn\u00e1n\u00ed<\/span> zp\u0159\u00edstupnit pro pot\u0159eby v\u0161edn\u00edho \u017eivota. \u010cerven\u00e1 nit je takov\u00fdm <span class=\"iwg-fachbegriff\" data-tooltip=\"Tradovan\u00e1 \u010dinnost, pravideln\u011b opakovan\u00e1 v r\u00e1mci ur\u010dit\u00e9ho spole\u010denstv\u00ed.\" tabindex=\"0\">zvykem<\/span>, kter\u00fd spojuje mystickou p\u0159edstavu s praktickou pot\u0159ebou ochrany.<\/p>\t\t\t\t\t\t\t\t<\/div>\n\t\t\t\t<\/div>\n\t\t\t\t\t<\/div>\n\t\t\t\t<\/div>\n\t\t<div class=\"elementor-element elementor-element-iwgs-roterfaden-s3 e-flex e-con-boxed e-con e-parent\" data-id=\"iwgs-roterfaden-s3\" data-element_type=\"container\" data-e-type=\"container\">\n\t\t\t\t\t<div class=\"e-con-inner\">\n\t\t\t\t<div class=\"elementor-element elementor-element-iwgs-roterfaden-s3h elementor-widget elementor-widget-heading\" data-id=\"iwgs-roterfaden-s3h\" data-element_type=\"widget\" data-e-type=\"widget\" data-widget_type=\"heading.default\">\n\t\t\t\t\t<h2 class=\"elementor-heading-title elementor-size-default\">Hrob R\u00e1chel<\/h2>\t\t\t\t<\/div>\n\t\t<div class=\"elementor-element elementor-element-iwgs-roterfaden-s3box e-con-full e-flex e-con e-parent\" data-id=\"iwgs-roterfaden-s3box\" data-element_type=\"container\" data-e-type=\"container\">\n\t\t\t\t<div class=\"elementor-element elementor-element-iwgs-roterfaden-s3t elementor-widget elementor-widget-text-editor\" data-id=\"iwgs-roterfaden-s3t\" data-element_type=\"widget\" data-e-type=\"widget\" data-widget_type=\"text-editor.default\">\n\t\t\t\t\t\t\t\t\t<p>Dnes nejzn\u00e1m\u011bj\u0161\u00ed forma \u010derven\u00e9 nit\u011b je spojena s konkr\u00e9tn\u00edm m\u00edstem, hrobem R\u00e1chel. R\u00e1chel je jednou z praotcov\u00fdch matek Izraele a jej\u00ed tradovan\u00fd hrob se nach\u00e1z\u00ed v bl\u00edzkosti Betl\u00e9mem. Jde o v\u00fdznamn\u00e9 m\u00edsto \u017eidovsk\u00e9 <span class=\"iwg-fachbegriff\" data-tooltip=\"Pro\u017e\u00edvan\u00fd n\u00e1bo\u017eensk\u00fd postoj a praxe \u010dlov\u011bka.\" tabindex=\"0\">zbo\u017enosti<\/span>.<\/p><p>Podle roz\u0161\u00ed\u0159en\u00e9ho <span class=\"iwg-fachbegriff\" data-tooltip=\"Tradovan\u00e1 \u010dinnost, pravideln\u011b opakovan\u00e1 v r\u00e1mci ur\u010dit\u00e9ho spole\u010denstv\u00ed.\" tabindex=\"0\">zvyku<\/span> se kolem tohoto hrobu obt\u00e1\u010d\u00ed \u010derven\u00e1 nit. Dotykem s t\u00edmto svat\u00fdm m\u00edstem m\u00e1 nit z\u00edskat ochrannou s\u00edlu. Dlouh\u00e1 nit se pak nast\u0159\u00edh\u00e1 na kr\u00e1tk\u00e9 kusy, kter\u00e9 slou\u017e\u00ed jako jednotliv\u00e1 ochrann\u00e1 p\u00e1sky.<\/p><p>Tyto jednotliv\u00e9 kusy se pak nos\u00ed jako n\u00e1ramek nebo se d\u00e1vaj\u00ed d\u00e1l. Vztah k hrobu R\u00e1chel d\u00e1v\u00e1 niti jej\u00ed zvl\u00e1\u0161tn\u00ed v\u00fdznam. Nen\u00ed u\u017e jen oby\u010dejnou \u010dervenou vln\u011bnou nit\u00ed, ale p\u00e1skou, kter\u00e1 je spojov\u00e1na s uct\u00edvan\u00fdm m\u00edstem.<\/p><p>Tento <span class=\"iwg-fachbegriff\" data-tooltip=\"Tradovan\u00e1 \u010dinnost, pravideln\u011b opakovan\u00e1 v r\u00e1mci ur\u010dit\u00e9ho spole\u010denstv\u00ed.\" tabindex=\"0\">zvyk<\/span> ukazuje opakuj\u00edc\u00ed se vzorec v nauce o amuletech. P\u0159edm\u011bt z\u00edsk\u00e1v\u00e1 svou moc dotykem se svat\u00fdm m\u00edstem nebo svatou osobou. I v jin\u00fdch tradic\u00edch se u hrob\u016f a svatyn\u00ed <span class=\"iwg-fachbegriff\" data-tooltip=\"Sv\u011b\u0159en\u00ed n\u00e1bo\u017eensk\u00e9mu \u00fakonu, \u010d\u00edm\u017e je v\u011bc povznesena nad v\u0161edn\u00ed.\" tabindex=\"0\">zasv\u011bcuj\u00ed<\/span> p\u00e1sky, \u0161\u00e1tky a drobn\u00e9 p\u0159edm\u011bty. \u010cerven\u00e1 nit z hrobu R\u00e1chel se \u0159\u00edd\u00ed t\u00edmto vzorcem.<\/p><p>R\u00e1chel je v \u017eidovsk\u00e9 <span class=\"iwg-fachbegriff\" data-tooltip=\"P\u0159ed\u00e1v\u00e1n\u00ed v\u011bdomost\u00ed a p\u0159\u00edb\u011bh\u016f z generace na generaci.\" tabindex=\"0\">tradici<\/span> pova\u017eov\u00e1na za pla\u010d\u00edc\u00ed matku, kter\u00e1 se p\u0159imlouv\u00e1 za sv\u00e9 d\u011bti. Tato p\u0159edstava d\u011bl\u00e1 z jej\u00edho hrobu m\u00edsto \u00fat\u011bchy a prosby. \u010cerven\u00e1 nit spojen\u00e1 s t\u00edmto m\u00edstem v sob\u011b p\u0159ij\u00edm\u00e1 n\u011bco z t\u00e9to matersk\u00e9 p\u00e9\u010de.<\/p>\t\t\t\t\t\t\t\t<\/div>\n\t\t\t\t<\/div>\n\t\t\t\t\t<\/div>\n\t\t\t\t<\/div>\n\t\t<div class=\"elementor-element elementor-element-iwgs-roterfaden-s4 e-flex e-con-boxed e-con e-parent\" data-id=\"iwgs-roterfaden-s4\" data-element_type=\"container\" data-e-type=\"container\">\n\t\t\t\t\t<div class=\"e-con-inner\">\n\t\t\t\t<div class=\"elementor-element elementor-element-iwgs-roterfaden-s4h elementor-widget elementor-widget-heading\" data-id=\"iwgs-roterfaden-s4h\" data-element_type=\"widget\" data-e-type=\"widget\" data-widget_type=\"heading.default\">\n\t\t\t\t\t<h2 class=\"elementor-heading-title elementor-size-default\">No\u0161en\u00e1 na lev\u00e9m z\u00e1p\u011bst\u00ed<\/h2>\t\t\t\t<\/div>\n\t\t<div class=\"elementor-element elementor-element-iwgs-roterfaden-s4box e-con-full e-flex e-con e-parent\" data-id=\"iwgs-roterfaden-s4box\" data-element_type=\"container\" data-e-type=\"container\">\n\t\t\t\t<div class=\"elementor-element elementor-element-iwgs-roterfaden-s4t elementor-widget elementor-widget-text-editor\" data-id=\"iwgs-roterfaden-s4t\" data-element_type=\"widget\" data-e-type=\"widget\" data-widget_type=\"text-editor.default\">\n\t\t\t\t\t\t\t\t\t<p>Podle roz\u0161\u00ed\u0159en\u00e9 p\u0159edstavy se \u010derven\u00e1 nit nos\u00ed na lev\u00e9m z\u00e1p\u011bst\u00ed. Toto ur\u010den\u00ed nen\u00ed n\u00e1hodn\u00e9. V kabalistick\u00e9m my\u0161lenkov\u00e9m sv\u011bt\u011b je lev\u00e1 strana p\u0159ij\u00edmaj\u00edc\u00ed stranou \u010dlov\u011bka.<\/p><p>Prav\u00e1 a lev\u00e1 strana maj\u00ed v tomto my\u0161len\u00ed odli\u0161n\u00fd v\u00fdznam. Prav\u00e1 strana plat\u00ed za d\u00e1vaj\u00edc\u00ed, lev\u00e1 za p\u0159ij\u00edmaj\u00edc\u00ed. Kdo chce p\u0159ij\u00edmat ochranu a <span class=\"iwg-fachbegriff\" data-tooltip=\"Vyj\u00e1d\u0159en\u00ed po\u017eehn\u00e1n\u00ed a ochrany, \u010dasto v ust\u00e1len\u00e9 jazykov\u00e9 form\u011b.\" tabindex=\"0\">po\u017eehn\u00e1n\u00ed<\/span>, nos\u00ed proto znamen\u00ed na stran\u011b, kter\u00e1 je tomuto p\u0159ij\u00edm\u00e1n\u00ed p\u0159i\u0159azena.<\/p><p>S navl\u00e9k\u00e1n\u00edm nit\u011b jsou \u010dasto spojeny kr\u00e1tk\u00e9 modlitby nebo slova po\u017eehn\u00e1n\u00ed. P\u00e1ska se pak obvykle zavazuje na n\u011bkolik uzl\u016f. I uzly maj\u00ed sv\u016fj v\u00fdznam, nebo\u0165 v\u00e1z\u00e1n\u00ed a uzlov\u00e1n\u00ed pat\u0159\u00ed v mnoha tradic\u00edch k \u00fakon\u016fm, jimi\u017e se ochrana upev\u0148uje.<\/p><p>Tyto p\u0159esn\u00e9 po\u017eadavky, strana, uzly, doprovodn\u00e1 slova, ukazuj\u00ed, \u017ee \u010derven\u00e1 nit je v\u00edc ne\u017e jen oby\u010dejn\u00e1 p\u00e1ska. Je sou\u010d\u00e1st\u00ed uspo\u0159\u00e1dan\u00e9 praxe. Spr\u00e1vn\u00e9 no\u0161en\u00ed pat\u0159\u00ed podle p\u0159edstavy tohoto zvyku k \u00fa\u010dinnosti ochrany.<\/p><p>P\u0159i navl\u00e9k\u00e1n\u00ed \u010derven\u00e9 nit\u011b se \u010dasto zavazuje sedm uzl\u016f a u ka\u017ed\u00e9ho uzlu lze pron\u00e9st slovo po\u017eehn\u00e1n\u00ed. \u010c\u00edslo sedm plat\u00ed v mnoha tradic\u00edch za v\u00fdznamn\u00e9. V\u00e1z\u00e1n\u00ed uzl\u016f p\u0159i tom nen\u00ed vedlej\u0161\u00ed, nebo\u0165 v\u00e1z\u00e1n\u00ed a upev\u0148ov\u00e1n\u00ed pat\u0159\u00ed k roz\u0161\u00ed\u0159en\u00fdm \u00fakon\u016fm ochrann\u00e9 praxe.<\/p>\t\t\t\t\t\t\t\t<\/div>\n\t\t\t\t<\/div>\n\t\t\t\t\t<\/div>\n\t\t\t\t<\/div>\n\t\t<div class=\"elementor-element elementor-element-iwgs-roterfaden-s5 e-flex e-con-boxed e-con e-parent\" data-id=\"iwgs-roterfaden-s5\" data-element_type=\"container\" data-e-type=\"container\">\n\t\t\t\t\t<div class=\"e-con-inner\">\n\t\t\t\t<div class=\"elementor-element elementor-element-iwgs-roterfaden-s5h elementor-widget elementor-widget-heading\" data-id=\"iwgs-roterfaden-s5h\" data-element_type=\"widget\" data-e-type=\"widget\" data-widget_type=\"heading.default\">\n\t\t\t\t\t<h2 class=\"elementor-heading-title elementor-size-default\">Ochrana proti u\u0159knut\u00ed<\/h2>\t\t\t\t<\/div>\n\t\t<div class=\"elementor-element elementor-element-iwgs-roterfaden-s5box e-con-full e-flex e-con e-parent\" data-id=\"iwgs-roterfaden-s5box\" data-element_type=\"container\" data-e-type=\"container\">\n\t\t\t\t<div class=\"elementor-element elementor-element-iwgs-roterfaden-s5t elementor-widget elementor-widget-text-editor\" data-id=\"iwgs-roterfaden-s5t\" data-element_type=\"widget\" data-e-type=\"widget\" data-widget_type=\"text-editor.default\">\n\t\t\t\t\t\t\t\t\t<p>Hlavn\u00edm \u00fakolem \u010derven\u00e9 nit\u011b je odvr\u00e1cen\u00ed u\u0159knut\u00ed. U\u0159knut\u00ed je p\u0159edstava, \u017ee pohled m\u016f\u017ee zp\u016fsobit \u0161kodu, \u010dasto prov\u00e1zen\u00e1 z\u00e1vist\u00ed. Kdo se s nep\u0159ej\u00edcnost\u00ed d\u00edv\u00e1 na n\u011bco kr\u00e1sn\u00e9ho, zdrav\u00e9ho nebo \u00fasp\u011b\u0161n\u00e9ho, m\u016f\u017ee mu podle t\u00e9to p\u0159edstavy u\u0161kodit.<\/p><p>\u010cerven\u00e1 nit tomuto po\u0161kozen\u00ed p\u016fsob\u00ed protikladn\u011b. Jako v\u00fdrazn\u00fd \u010derven\u00fd znak na z\u00e1p\u011bst\u00ed m\u00e1 na sebe upoutat pohled a pohltit jeho \u0161kodlivou s\u00edlu. Pozornost se nam\u00edsto chr\u00e1n\u011bn\u00e9 osoby soust\u0159ed\u00ed na \u010dervenou p\u00e1sku.<\/p><p>Tento princip p\u016fsoben\u00ed sd\u00edl\u00ed \u010derven\u00e1 nit s dal\u0161\u00edmi ochrann\u00fdmi p\u0159edm\u011bty proti u\u0159knut\u00ed. Tak\u00e9 modr\u00e9 <a href=\"https:\/\/iwell-guard.com\/cs\/?page_id=145652\">Nazar Boncu\u011fu<\/a> pracuje s p\u0159itahov\u00e1n\u00edm pohledu. Oba p\u0159edm\u011bty vych\u00e1zej\u00ed z my\u0161lenky postavit \u0161kodliv\u00e9mu pohledu do cesty v\u00fdrazn\u00fd p\u0159edm\u011bt, kter\u00fd ho odl\u00e1k\u00e1 a zadr\u017e\u00ed.<\/p><p>\u010cerven\u00e1 nit tak pat\u0159\u00ed do velk\u00e9, kulturami sd\u00edlen\u00e9 rodiny podobn\u00fdch p\u0159edm\u011bt\u016f. V\u00edra v u\u0159knut\u00ed je roz\u0161\u00ed\u0159ena po cel\u00e9m St\u0159edomo\u0159\u00ed a na Bl\u00edzk\u00e9m v\u00fdchod\u011b, v \u017eidovsk\u00e9m, k\u0159es\u0165ansk\u00e9m i isl\u00e1msk\u00e9m prost\u0159ed\u00ed. \u010cerven\u00e1 nit je jednou z nejjednodu\u0161\u0161\u00edch a z\u00e1rove\u0148 nejroz\u0161\u00ed\u0159en\u011bj\u0161\u00edch odpov\u011bd\u00ed na tuto starou obavu.<\/p><p>U\u0159knut\u00ed je v lidov\u00e9 v\u00ed\u0159e \u010dasto spojov\u00e1no se z\u00e1vist\u00ed. Zvl\u00e1\u0161\u0165 ohro\u017eeni se proto zdaj\u00ed ti, kdo na sebe strh\u00e1vaj\u00ed pozornost a obdiv. \u010cerven\u00e1 nit se proto r\u00e1di navazuje pr\u00e1v\u011b mal\u00fdm d\u011btem, t\u011bhotn\u00fdm \u017een\u00e1m a lidem v \u0161\u0165astn\u00fdch \u017eivotn\u00edch chv\u00edl\u00edch, proto\u017ee jsou pova\u017eov\u00e1ni za nejv\u00edce viditeln\u00e9.<\/p>\t\t\t\t\t\t\t\t<\/div>\n\t\t\t\t<\/div>\n\t\t\t\t\t<\/div>\n\t\t\t\t<\/div>\n\t\t<div class=\"elementor-element elementor-element-iwgs-roterfaden-s6 e-flex e-con-boxed e-con e-parent\" data-id=\"iwgs-roterfaden-s6\" data-element_type=\"container\" data-e-type=\"container\">\n\t\t\t\t\t<div class=\"e-con-inner\">\n\t\t\t\t<div class=\"elementor-element elementor-element-iwgs-roterfaden-s6h elementor-widget elementor-widget-heading\" data-id=\"iwgs-roterfaden-s6h\" data-element_type=\"widget\" data-e-type=\"widget\" data-widget_type=\"heading.default\">\n\t\t\t\t\t<h2 class=\"elementor-heading-title elementor-size-default\">\u010cerven\u00e9 nit\u011b v jin\u00fdch kultur\u00e1ch<\/h2>\t\t\t\t<\/div>\n\t\t<div class=\"elementor-element elementor-element-iwgs-roterfaden-s6box e-con-full e-flex e-con e-parent\" data-id=\"iwgs-roterfaden-s6box\" data-element_type=\"container\" data-e-type=\"container\">\n\t\t\t\t<div class=\"elementor-element elementor-element-iwgs-roterfaden-s6t elementor-widget elementor-widget-text-editor\" data-id=\"iwgs-roterfaden-s6t\" data-element_type=\"widget\" data-e-type=\"widget\" data-widget_type=\"text-editor.default\">\n\t\t\t\t\t\t\t\t\t<p>\u010cerven\u00e1 ochrann\u00e1 nit nen\u00ed v \u017e\u00e1dn\u00e9m p\u0159\u00edpad\u011b omezena jen na \u017eidovsk\u00e9 prost\u0159ed\u00ed. Ve velmi mnoha kultur\u00e1ch se jako ochrana nos\u00ed \u010derven\u00e9 nit\u011b a p\u00e1sky. Toto \u0161irok\u00e9 roz\u0161\u00ed\u0159en\u00ed je d\u016fle\u017eit\u00fdm dokladem st\u00e1\u0159\u00ed a obecnosti t\u00e9to my\u0161lenky.<\/p><p>V hinduistick\u00e9 tradici se posv\u011bcen\u00e9 nit\u011b v\u00e1\u017e\u00ed kolem z\u00e1p\u011bst\u00ed, \u010dasto v \u010derven\u00fdch a \u017elut\u00fdch odst\u00ednech. Nasazuj\u00ed se p\u0159i n\u00e1bo\u017eensk\u00fdch \u00fakonech a pova\u017euj\u00ed se za znak po\u017eehn\u00e1n\u00ed a ochrany. I zde je nit jednoduch\u00fdm ochrann\u00fdm p\u0159edm\u011btem nosen\u00fdm na t\u011ble.<\/p><p>Ve slovansk\u00fdch i dal\u0161\u00edch evropsk\u00fdch tradic\u00edch jsou \u010derven\u00e9 nit\u011b zn\u00e1m\u00e9 tak\u00e9 jako ochrana pro d\u011bti a pro dobytek. V \u010d\u00e1stech v\u00fdchodn\u00ed Asie hraj\u00ed \u010derven\u00e9 \u0161\u0148\u016fry roli ve vlastn\u00edch p\u0159edstav\u00e1ch. Podrobnosti se li\u0161\u00ed, av\u0161ak z\u00e1kladn\u00ed my\u0161lenka je n\u00e1padn\u011b podobn\u00e1.<\/p><p>Toto roz\u0161\u00ed\u0159en\u00ed nap\u0159\u00ed\u010d kulturami ukazuje, \u017ee \u010derven\u00e1 nit vych\u00e1z\u00ed z velmi z\u00e1kladn\u00ed my\u0161lenky. Spojen\u00ed \u010derven\u00e9 barvy s ochranou nen\u00ed majetkem jedin\u00e9 kultury. \u010cerven\u00e1 nit kabalistick\u00e9 tradice je zvl\u00e1\u0161tn\u00ed podobou celosv\u011btov\u011b roz\u0161\u00ed\u0159en\u00e9ho ochrann\u00e9ho zvyku.<\/p><p>V\u00fdmluvn\u00fdm p\u0159\u00edkladem p\u0159\u00edbuznosti t\u011bchto zvyk\u016f je hinduistick\u00e1 ochrann\u00e1 nit, kter\u00e1 se v\u00e1\u017ee kolem z\u00e1p\u011bst\u00ed p\u0159i n\u00e1bo\u017eensk\u00fdch \u00fakonech. Je zpravidla \u010derven\u00e1 nebo \u010derveno-\u017elut\u00e1 a vych\u00e1z\u00ed z podobn\u00e9 my\u0161lenky. Takov\u00e9 paralely ukazuj\u00ed, \u017ee \u010derven\u00e1 ochrann\u00e1 nit m\u00e1 velmi \u0161irokou, kulturami sd\u00edlenou z\u00e1kladnu.<\/p>\t\t\t\t\t\t\t\t<\/div>\n\t\t\t\t<\/div>\n\t\t\t\t\t<\/div>\n\t\t\t\t<\/div>\n\t\t<div class=\"elementor-element elementor-element-iwgs-roterfaden-s7 e-flex e-con-boxed e-con e-parent\" data-id=\"iwgs-roterfaden-s7\" data-element_type=\"container\" data-e-type=\"container\">\n\t\t\t\t\t<div class=\"e-con-inner\">\n\t\t\t\t<div class=\"elementor-element elementor-element-iwgs-roterfaden-s7h elementor-widget elementor-widget-heading\" data-id=\"iwgs-roterfaden-s7h\" data-element_type=\"widget\" data-e-type=\"widget\" data-widget_type=\"heading.default\">\n\t\t\t\t\t<h2 class=\"elementor-heading-title elementor-size-default\">Star\u00e9 ko\u0159eny a modern\u00ed roz\u0161\u00ed\u0159en\u00ed<\/h2>\t\t\t\t<\/div>\n\t\t<div class=\"elementor-element elementor-element-iwgs-roterfaden-s7box e-con-full e-flex e-con e-parent\" data-id=\"iwgs-roterfaden-s7box\" data-element_type=\"container\" data-e-type=\"container\">\n\t\t\t\t<div class=\"elementor-element elementor-element-iwgs-roterfaden-s7t elementor-widget elementor-widget-text-editor\" data-id=\"iwgs-roterfaden-s7t\" data-element_type=\"widget\" data-e-type=\"widget\" data-widget_type=\"text-editor.default\">\n\t\t\t\t\t\t\t\t\t<p>P\u0159i popisu \u010derven\u00e9 nit\u011b je d\u016fle\u017eit\u00e9 rozli\u0161ovat dv\u011b roviny. Jedna se t\u00fdk\u00e1 star\u00fdch ko\u0159en\u016f, druh\u00e1 modern\u00edho roz\u0161\u00ed\u0159en\u00ed. Ob\u011b spolu souvisej\u00ed, nejsou v\u0161ak tot\u00e9\u017e.<\/p><p>Star\u00e9 ko\u0159eny spo\u010d\u00edvaj\u00ed v p\u0159edstav\u011b ochrann\u00e9 s\u00edly \u010derven\u00e9 barvy a v tradovan\u00fdch zvyc\u00edch odvracet ne\u0161t\u011bst\u00ed \u010derven\u00fdmi nit\u011bmi. I hebrejsk\u00e1 bible zn\u00e1 v n\u011bkter\u00fdch souvislostech \u010dervenou nebo \u0161arlatovou nit. Z\u00e1kladn\u00ed my\u0161lenka je tedy star\u00e1 a dob\u0159e dolo\u017een\u00e1.<\/p><p>Modern\u00ed roz\u0161\u00ed\u0159en\u00ed se naproti tomu t\u00fdk\u00e1 dnes zn\u00e1m\u00e9 formy, n\u00e1ramku z hrobu R\u00e1chel. Tato konkr\u00e9tn\u00ed podoba zvyku se stala \u0161iroce viditelnou a\u017e v posledn\u00edch desetilet\u00edch. Vd\u011b\u010d\u00ed za to p\u0159edev\u0161\u00edm p\u0159ed\u00e1n\u00ed kabalistick\u00fdch my\u0161lenek \u0161irok\u00e9mu, mezin\u00e1rodn\u00edmu publiku.<\/p><p>P\u0159esn\u00fd popis ob\u011b roviny odli\u0161uje. Uzn\u00e1v\u00e1 star\u00e9 ko\u0159eny \u010derven\u00e9 ochrann\u00e9 nit\u011b a z\u00e1rove\u0148 uv\u00e1d\u00ed, \u017ee dne\u0161n\u00ed, \u0161iroce zn\u00e1m\u00e1 forma je mlad\u00e1. \u010cerven\u00e1 nit tak nen\u00ed um\u011ble st\u00e1rnuta, ani zkracov\u00e1na ve sv\u00e9m v\u00fdznamu.<\/p><p>I hebrejsk\u00e1 bible zn\u00e1 \u0161arlatovou nit v jednotliv\u00fdch p\u0159\u00edb\u011bz\u00edch, nap\u0159\u00edklad jako znamen\u00ed na okn\u011b nebo na ruce. Tato m\u00edsta ukazuj\u00ed, \u017ee \u010derven\u00e1 nit jako v\u00fdznamn\u00e9 znamen\u00ed je star\u00e1. Nelze je v\u0161ak ztoto\u017e\u0148ovat s dne\u0161n\u00edm ochrann\u00fdm n\u00e1ramkem, kter\u00fd je pozd\u011bj\u0161\u00ed podobou.<\/p>\t\t\t\t\t\t\t\t<\/div>\n\t\t\t\t<\/div>\n\t\t\t\t\t<\/div>\n\t\t\t\t<\/div>\n\t\t<div class=\"elementor-element elementor-element-iwgs-roterfaden-s8 e-flex e-con-boxed e-con e-parent\" data-id=\"iwgs-roterfaden-s8\" data-element_type=\"container\" data-e-type=\"container\">\n\t\t\t\t\t<div class=\"e-con-inner\">\n\t\t\t\t<div class=\"elementor-element elementor-element-iwgs-roterfaden-s8h elementor-widget elementor-widget-heading\" data-id=\"iwgs-roterfaden-s8h\" data-element_type=\"widget\" data-e-type=\"widget\" data-widget_type=\"heading.default\">\n\t\t\t\t\t<h2 class=\"elementor-heading-title elementor-size-default\">Sou\u010dasn\u00e1 recepce<\/h2>\t\t\t\t<\/div>\n\t\t<div class=\"elementor-element elementor-element-iwgs-roterfaden-s8box e-con-full e-flex e-con e-parent\" data-id=\"iwgs-roterfaden-s8box\" data-element_type=\"container\" data-e-type=\"container\">\n\t\t\t\t<div class=\"elementor-element elementor-element-iwgs-roterfaden-s8t elementor-widget elementor-widget-text-editor\" data-id=\"iwgs-roterfaden-s8t\" data-element_type=\"widget\" data-e-type=\"widget\" data-widget_type=\"text-editor.default\">\n\t\t\t\t\t\t\t\t\t<p>\u010cerven\u00e1 nit je dnes roz\u0161\u00ed\u0159en\u00e1 po cel\u00e9m sv\u011bt\u011b. Jako jednoduch\u00fd \u010derven\u00fd n\u00e1ramek se snadno vyr\u00e1b\u00ed, snadno nos\u00ed a je pochopiteln\u00e1 nap\u0159\u00ed\u010d kulturn\u00edmi hranicemi. Tato jednoduchost v\u00fdrazn\u011b p\u0159isp\u011bla k jej\u00edmu rychl\u00e9mu \u0161\u00ed\u0159en\u00ed.<\/p><p>Pro n\u011bkter\u00e9 je \u010derven\u00e1 nit znamen\u00edm s jasn\u00fdm n\u00e1bo\u017eensk\u00fdm a kabalistick\u00fdm pozad\u00edm. Pro jin\u00e9 se stala obecnou ochrannou a \u0161\u0165astnou p\u00e1skou, kter\u00e1 se nos\u00ed bez bli\u017e\u0161\u00ed znalosti jej\u00edho p\u016fvodu. V m\u00f3d\u011b se \u010derven\u00e1 p\u00e1ska \u010dasto objevuje jako pouh\u00fd \u0161perk.<\/p><p>Tento posun v\u00fdznamu lze u roz\u0161\u00ed\u0159en\u00fdch ochrann\u00fdch znamen\u00ed pozorovat \u010dasto. Ze znamen\u00ed s pevn\u00fdm n\u00e1bo\u017eensk\u00fdm v\u00fdznamem se st\u00e1v\u00e1 obecn\u00e9 znamen\u00ed ochrany, \u0161t\u011bst\u00ed nebo duchovn\u00edho postoje. \u010cerven\u00e1 nit urazila tuto cestu v kr\u00e1tk\u00e9m \u010dase.<\/p><p>Ve sv\u00e9m j\u00e1dru v\u0161ak \u010derven\u00e1 nit z\u016fst\u00e1v\u00e1 t\u00edm, \u010d\u00edm byla v\u017edy, jednoduchou barevnou ochrannou p\u00e1skou. P\u0159ipom\u00edn\u00e1, \u017ee ochrann\u00e1 znamen\u00ed nemus\u00ed b\u00fdt drah\u00e1 ani um\u011blecky zpracovan\u00e1. Tenk\u00e1 \u010derven\u00e1 nit kolem z\u00e1p\u011bst\u00ed sta\u010d\u00ed k tomu, aby zviditelnila velmi starou a \u0161iroce roz\u0161\u00ed\u0159enou p\u0159edstavu.<\/p><p>P\u0159ednost \u010derven\u00e9 nit\u011b v sou\u010dasnosti je jej\u00ed nen\u00e1padnost. Nen\u00e1padn\u011b obep\u00edn\u00e1 z\u00e1p\u011bst\u00ed a hod\u00ed se tak i do modern\u00edho v\u0161edn\u00edho dne, v n\u011bm\u017e v\u00fdrazn\u00e9 \u0161perky nejsou v\u017edy v\u00edt\u00e1ny. Tato tich\u00e1 p\u0159\u00edtomnost p\u0159isp\u011bla k trvaj\u00edc\u00ed obl\u00edbenosti t\u00e9to jednoduch\u00e9 p\u00e1sky.<\/p>\t\t\t\t\t\t\t\t<\/div>\n\t\t\t\t<\/div>\n\t\t\t\t\t<\/div>\n\t\t\t\t<\/div>\n\t\t<div class=\"elementor-element elementor-element-iwgs-roterfaden-lit e-flex e-con-boxed e-con e-parent\" data-id=\"iwgs-roterfaden-lit\" data-element_type=\"container\" data-e-type=\"container\">\n\t\t\t\t\t<div class=\"e-con-inner\">\n\t\t\t\t<div class=\"elementor-element elementor-element-iwgs-roterfaden-lith elementor-widget elementor-widget-heading\" data-id=\"iwgs-roterfaden-lith\" data-element_type=\"widget\" data-e-type=\"widget\" data-widget_type=\"heading.default\">\n\t\t\t\t\t<h2 class=\"elementor-heading-title elementor-size-default\">Literatura (v\u00fdb\u011br)<\/h2>\t\t\t\t<\/div>\n\t\t<div class=\"elementor-element elementor-element-iwgs-roterfaden-litbox e-con-full e-flex e-con e-parent\" data-id=\"iwgs-roterfaden-litbox\" data-element_type=\"container\" data-e-type=\"container\">\n\t\t\t\t<div class=\"elementor-element elementor-element-iwgs-roterfaden-litt elementor-widget elementor-widget-html\" data-id=\"iwgs-roterfaden-litt\" data-element_type=\"widget\" data-e-type=\"widget\" data-widget_type=\"html.default\">\n\t\t\t\t\t<footer data-nosnippet=\"true\"><ul><li>Joshua Trachtenberg: <em>Jewish Magic and Superstition<\/em> (1939)<\/li><li>Alan Dundes (Hrsg.): <em>The Evil Eye. A Casebook<\/em> (1981)<\/li><li>T. Schrire: <em>Hebrew Amulets<\/em> (1966)<\/li><li>Siegfried Seligmann: <em>Der b\u00f6se Blick und Verwandtes<\/em> (1910)<\/li><li>Lexikon judaismu, \u010dl\u00e1nek o lidov\u00fdch zvyc\u00edch a amuletech<\/li><\/ul><\/footer>\t\t\t\t<\/div>\n\t\t\t\t<\/div>\n\t\t\t\t\t<\/div>\n\t\t\t\t<\/div>\n\t\t<div class=\"elementor-element elementor-element-iwgs-roterfaden-kwd e-flex e-con-boxed e-con e-parent\" data-id=\"iwgs-roterfaden-kwd\" data-element_type=\"container\" data-e-type=\"container\">\n\t\t\t\t\t<div class=\"e-con-inner\">\n\t\t\t\t<div class=\"elementor-element elementor-element-iwgs-roterfaden-kwdt elementor-widget elementor-widget-text-editor\" data-id=\"iwgs-roterfaden-kwdt\" data-element_type=\"widget\" data-e-type=\"widget\" data-widget_type=\"text-editor.default\">\n\t\t\t\t\t\t\t\t\t<p><em>Souvisej\u00edc\u00ed kl\u00ed\u010dov\u00e9 pojmy: \u010derven\u00e1 ochrann\u00e1 nit <span class=\"iwg-fachbegriff\" data-tooltip=\"Roz\u0161\u00ed\u0159en\u00e1 p\u0159edstava, \u017ee z\u00e1vistiv\u00fd pohled jin\u00e9 osoby m\u016f\u017ee zp\u016fsobit \u0161kodu.\" tabindex=\"0\">u\u0159knut\u00ed<\/span> <span class=\"iwg-fachbegriff\" data-tooltip=\"Proud \u017eidovsk\u00e9 mystiky s hlavn\u00edmi d\u00edly jako Sefer Jecira a Zohar.\" tabindex=\"0\">kabala<\/span> R\u00e1chel z\u00e1p\u011bst\u00ed vlna ochrann\u00e1 barva \u010derven\u00e1.<\/em><\/p>\t\t\t\t\t\t\t\t<\/div>\n\t\t\t\t\t<\/div>\n\t\t\t\t<\/div>\n\t\t<div class=\"elementor-element elementor-element-iwgs-roterfaden-cc e-flex e-con-boxed e-con e-parent\" data-id=\"iwgs-roterfaden-cc\" data-element_type=\"container\" data-e-type=\"container\" id=\"iwg-cc-roter-faden\">\n\t\t\t\t\t<div class=\"e-con-inner\">\n\t\t<div class=\"elementor-element elementor-element-iwgs-roterfaden-ccinner e-flex e-con-boxed e-con e-parent\" data-id=\"iwgs-roterfaden-ccinner\" data-element_type=\"container\" data-e-type=\"container\" data-settings=\"{&quot;background_background&quot;:&quot;classic&quot;}\">\n\t\t\t\t\t<div class=\"e-con-inner\">\n\t\t\t\t<div class=\"elementor-element elementor-element-iwgs-roterfaden-cch elementor-widget elementor-widget-heading\" data-id=\"iwgs-roterfaden-cch\" data-element_type=\"widget\" data-e-type=\"widget\" data-widget_type=\"heading.default\">\n\t\t\t\t\t<h2 class=\"elementor-heading-title elementor-size-default\">iWell Guard a ochrann\u00e9 tradice<\/h2>\t\t\t\t<\/div>\n\t\t\t\t<div class=\"elementor-element elementor-element-iwgs-roterfaden-cct elementor-widget elementor-widget-text-editor\" data-id=\"iwgs-roterfaden-cct\" data-element_type=\"widget\" data-e-type=\"widget\" data-widget_type=\"text-editor.default\">\n\t\t\t\t\t\t\t\t\t<p>iWell Guard navazuje na kulturn\u011b historickou tradici nositeln\u00fdch ochrann\u00fdch p\u0159edm\u011bt\u016f, k n\u00ed\u017e pat\u0159\u00ed i \u010derven\u00e1 nit. Je modern\u00edm spole\u010dn\u00edkem pro lidi, kte\u0159\u00ed \u017eij\u00ed s ochrann\u00fdmi symboly: vyrobeno v N\u011bmecku, 41 vrstev z ryz\u00edho zlata, platiny a st\u0159\u00edbra, s 30denn\u00ed mo\u017enost\u00ed vr\u00e1cen\u00ed.<\/p>\t\t\t\t\t\t\t\t<\/div>\n\t\t\t\t<div class=\"elementor-element elementor-element-iwgs-roterfaden-ccb iwg-cc-button iwg-cc-cta-2026-05-13 elementor-widget elementor-widget-jet-button\" data-id=\"iwgs-roterfaden-ccb\" data-element_type=\"widget\" data-e-type=\"widget\" data-widget_type=\"jet-button.default\">\n\t\t\t\t<div class=\"elementor-widget-container\">\n\t\t\t\t\t<div class=\"elementor-jet-button jet-elements\"><div class=\"jet-button__container\"><a class=\"jet-button__instance jet-button__instance--icon-left hover-effect-1\" href=\"\/schutzanhaenger-iwell-guard-kaufen\/?utm_source=iwell-guard.com&amp;utm_medium=info-box&amp;utm_campaign=schutzsymbole\"><div class=\"jet-button__plane jet-button__plane-normal\"><\/div><div class=\"jet-button__plane jet-button__plane-hover\"><\/div><div class=\"jet-button__state jet-button__state-normal\"><span class=\"jet-button__label\">V\u00edce o iWell Guard<\/span><\/div><div class=\"jet-button__state jet-button__state-hover\"><span class=\"jet-button__label\">V\u00edce o iWell Guard<\/span><\/div><\/a><\/div><\/div><style>.elementor-element.elementor-element-iwgs-roterfaden-ccb .jet-button__instance{width:320px;height:56px;}.elementor-element.elementor-element-iwgs-roterfaden-ccb .jet-button__state-normal .jet-button__label{text-align:center;margin:0px 0px 0px 0px;color:#1a1b20;font-family:Montserrat,sans-serif;font-size:13px;font-weight:400;letter-spacing:4px;line-height:1.714em;text-transform:uppercase;}.elementor-element.elementor-element-iwgs-roterfaden-ccb .jet-button__state-hover .jet-button__label{text-align:center;margin:0px 0px 0px 0px;color:#FECC76;font-family:Montserrat,sans-serif;font-size:13px;font-weight:400;letter-spacing:4px;line-height:1.714em;text-transform:uppercase;}.elementor-element.elementor-element-iwgs-roterfaden-ccb .jet-button__plane-normal{background-color:#FECC76;border-style:solid;border-color:#C99540;border-width:2px 2px 2px 2px;}.elementor-element.elementor-element-iwgs-roterfaden-ccb .jet-button__plane-hover{background-color:rgba(0,0,0,0.55);border-style:solid;border-color:#FECC76;border-width:2px 2px 2px 2px;}<\/style>\t\t\t\t<\/div>\n\t\t\t\t<\/div>\n\t\t\t\t<div class=\"elementor-element elementor-element-iwgs-roterfaden-ccd elementor-widget elementor-widget-text-editor\" data-id=\"iwgs-roterfaden-ccd\" data-element_type=\"widget\" data-e-type=\"widget\" data-widget_type=\"text-editor.default\">\n\t\t\t\t\t\t\t\t\t<p style=\"text-align:center;font-size:13px;opacity:0.7;margin-top:14px\" data-nosnippet=\"true\">Osobn\u00ed zku\u0161enosti se mohou li\u0161it. Nejde o zdravotnick\u00fd prost\u0159edek. Nejde o p\u0159\u00edslib l\u00e9\u010den\u00ed.<\/p>\t\t\t\t\t\t\t\t<\/div>\n\t\t\t\t\t<\/div>\n\t\t\t\t<\/div>\n\t\t\t\t\t<\/div>\n\t\t\t\t<\/div>\n\t\t<div class=\"elementor-element elementor-element-iwgs-roterfaden-disc e-flex e-con-boxed e-con e-parent\" data-id=\"iwgs-roterfaden-disc\" data-element_type=\"container\" data-e-type=\"container\">\n\t\t\t\t\t<div class=\"e-con-inner\">\n\t\t\t\t<div class=\"elementor-element elementor-element-iwgs-roterfaden-discw elementor-widget elementor-widget-html\" data-id=\"iwgs-roterfaden-discw\" data-element_type=\"widget\" data-e-type=\"widget\" data-widget_type=\"html.default\">\n\t\t\t\t\t<footer data-nosnippet=\"true\" class=\"iwg-disclaimer-block\"><p data-nosnippet=\"true\">iWell Guard <strong>nen\u00ed zdravotnick\u00fd prost\u0159edek<\/strong> a nenahrazuje l\u00e9ka\u0159skou ani psychoterapeutickou l\u00e9\u010dbu. Zde uveden\u00fd obsah p\u0159edstavuje religionistick\u00e9 a kulturn\u011b-historick\u00e9 za\u0159azen\u00ed, nikoli p\u0159\u00edslib duchovn\u00edho \u00fa\u010dinku.<\/p><\/footer>\t\t\t\t<\/div>\n\t\t\t\t\t<\/div>\n\t\t\t\t<\/div>\n\t\t\t\t<\/div>\n\t\t","protected":false},"excerpt":{"rendered":"","protected":false},"author":3,"featured_media":3511,"parent":0,"menu_order":0,"comment_status":"closed","ping_status":"closed","template":"elementor_header_footer","meta":{"_yoast_wpseo_focuskw":"rud\u00e1 nit","_yoast_wpseo_title":"Rud\u00e1 nit \u2013 ochrann\u00e1 p\u00e1ska kabaly","_yoast_wpseo_metadesc":"Rud\u00e1 nit na z\u00e1p\u011bst\u00ed je pova\u017eov\u00e1na za ochranu proti uhranut\u00ed. Vysv\u011btlen p\u016fvod, kabalistick\u00fd kontext a v\u00fdznam.","_yoast_wpseo_meta-robots-noindex":"","_yoast_wpseo_canonical":"","_angie_page":false,"gefaehrdungsstufe":"","wesen_kultur":"","wesen_klasse":"","footnotes":""},"categories":[],"class_list":["post-145670","page","type-page","status-publish","has-post-thumbnail","hentry"],"yoast_head":"<!-- This site is optimized with the Yoast SEO Premium plugin v27.7 (Yoast SEO v28.3) - https:\/\/yoast.com\/product\/yoast-seo-premium-wordpress\/ -->\n<title>Rud\u00e1 nit \u2013 ochrann\u00e1 p\u00e1ska kabaly<\/title>\n<meta name=\"description\" content=\"Rud\u00e1 nit na z\u00e1p\u011bst\u00ed je pova\u017eov\u00e1na za ochranu proti uhranut\u00ed. Vysv\u011btlen p\u016fvod, kabalistick\u00fd kontext a v\u00fdznam.\" \/>\n<meta name=\"robots\" content=\"index, follow, max-snippet:-1, max-image-preview:large, max-video-preview:-1\" \/>\n<link rel=\"canonical\" href=\"https:\/\/iwell-guard.com\/cs\/cervena-nit-ochrana-proti-uhranuti\/\" \/>\n<meta property=\"og:locale\" content=\"cs_CZ\" \/>\n<meta property=\"og:type\" content=\"article\" \/>\n<meta property=\"og:title\" content=\"Rud\u00e1 nit \u2013 ochrann\u00e1 p\u00e1ska proti uhranut\u00ed\" \/>\n<meta property=\"og:description\" content=\"Rud\u00e1 nit na z\u00e1p\u011bst\u00ed je pova\u017eov\u00e1na za ochranu proti uhranut\u00ed. Vysv\u011btlen p\u016fvod, kabalistick\u00fd kontext a v\u00fdznam.\" \/>\n<meta property=\"og:url\" content=\"https:\/\/iwell-guard.com\/cs\/cervena-nit-ochrana-proti-uhranuti\/\" \/>\n<meta property=\"og:site_name\" content=\"iWell Guard\" \/>\n<meta property=\"article:modified_time\" content=\"2026-09-03T17:02:30+00:00\" \/>\n<meta property=\"og:image\" content=\"https:\/\/iwell-guard.com\/wp-content\/uploads\/2026\/05\/schutzsymbol_judentum_roter-faden.webp\" \/>\n\t<meta property=\"og:image:width\" content=\"1024\" \/>\n\t<meta property=\"og:image:height\" content=\"1536\" \/>\n\t<meta property=\"og:image:type\" content=\"image\/webp\" \/>\n<meta name=\"twitter:card\" content=\"summary_large_image\" \/>\n<script type=\"application\/ld+json\" class=\"yoast-schema-graph\">{\"@context\":\"https:\\\/\\\/schema.org\",\"@graph\":[{\"@type\":\"WebPage\",\"@id\":\"https:\\\/\\\/iwell-guard.com\\\/cs\\\/cervena-nit-ochrana-proti-uhranuti\\\/\",\"url\":\"https:\\\/\\\/iwell-guard.com\\\/cs\\\/cervena-nit-ochrana-proti-uhranuti\\\/\",\"name\":\"Rud\u00e1 nit \u2013 ochrann\u00e1 p\u00e1ska kabaly\",\"isPartOf\":{\"@id\":\"https:\\\/\\\/iwell-guard.com\\\/cs\\\/#website\"},\"primaryImageOfPage\":{\"@id\":\"https:\\\/\\\/iwell-guard.com\\\/cs\\\/cervena-nit-ochrana-proti-uhranuti\\\/#primaryimage\"},\"image\":{\"@id\":\"https:\\\/\\\/iwell-guard.com\\\/cs\\\/cervena-nit-ochrana-proti-uhranuti\\\/#primaryimage\"},\"thumbnailUrl\":\"https:\\\/\\\/iwell-guard.com\\\/wp-content\\\/uploads\\\/2026\\\/05\\\/schutzsymbol_judentum_roter-faden.webp\",\"datePublished\":\"2026-09-03T16:32:38+00:00\",\"dateModified\":\"2026-09-03T17:02:30+00:00\",\"description\":\"Rud\u00e1 nit na z\u00e1p\u011bst\u00ed je pova\u017eov\u00e1na za ochranu proti uhranut\u00ed. Vysv\u011btlen p\u016fvod, kabalistick\u00fd kontext a v\u00fdznam.\",\"breadcrumb\":{\"@id\":\"https:\\\/\\\/iwell-guard.com\\\/cs\\\/cervena-nit-ochrana-proti-uhranuti\\\/#breadcrumb\"},\"inLanguage\":\"cs\",\"potentialAction\":[{\"@type\":\"ReadAction\",\"target\":[\"https:\\\/\\\/iwell-guard.com\\\/cs\\\/cervena-nit-ochrana-proti-uhranuti\\\/\"]}]},{\"@type\":\"ImageObject\",\"inLanguage\":\"cs\",\"@id\":\"https:\\\/\\\/iwell-guard.com\\\/cs\\\/cervena-nit-ochrana-proti-uhranuti\\\/#primaryimage\",\"url\":\"https:\\\/\\\/iwell-guard.com\\\/wp-content\\\/uploads\\\/2026\\\/05\\\/schutzsymbol_judentum_roter-faden.webp\",\"contentUrl\":\"https:\\\/\\\/iwell-guard.com\\\/wp-content\\\/uploads\\\/2026\\\/05\\\/schutzsymbol_judentum_roter-faden.webp\",\"width\":1024,\"height\":1536,\"caption\":\"Ochrann\u00fd symbol. Muzejn\u00ed ilustrace z\u00e1ti\u0161\u00ed.\"},{\"@type\":\"BreadcrumbList\",\"@id\":\"https:\\\/\\\/iwell-guard.com\\\/cs\\\/cervena-nit-ochrana-proti-uhranuti\\\/#breadcrumb\",\"itemListElement\":[{\"@type\":\"ListItem\",\"position\":1,\"name\":\"Start\",\"item\":\"https:\\\/\\\/iwell-guard.com\\\/cs\\\/?page_id=145107\"},{\"@type\":\"ListItem\",\"position\":2,\"name\":\"Rud\u00e1 nit \u2013 ochrann\u00e1 p\u00e1ska proti uhranut\u00ed\"}]},{\"@type\":\"WebSite\",\"@id\":\"https:\\\/\\\/iwell-guard.com\\\/cs\\\/#website\",\"url\":\"https:\\\/\\\/iwell-guard.com\\\/cs\\\/\",\"name\":\"iWell Guard\",\"description\":\"Schutz vor dunklen Einfl\u00fcssen\",\"publisher\":{\"@id\":\"https:\\\/\\\/iwell-guard.com\\\/cs\\\/#organization\"},\"potentialAction\":[{\"@type\":\"SearchAction\",\"target\":{\"@type\":\"EntryPoint\",\"urlTemplate\":\"https:\\\/\\\/iwell-guard.com\\\/cs\\\/?s={search_term_string}\"},\"query-input\":{\"@type\":\"PropertyValueSpecification\",\"valueRequired\":true,\"valueName\":\"search_term_string\"}}],\"inLanguage\":\"cs\"},{\"@type\":\"Organization\",\"@id\":\"https:\\\/\\\/iwell-guard.com\\\/cs\\\/#organization\",\"name\":\"Ittermann electronic GmbH\",\"url\":\"https:\\\/\\\/iwell-guard.com\\\/cs\\\/\",\"logo\":{\"@type\":\"ImageObject\",\"inLanguage\":\"cs\",\"@id\":\"https:\\\/\\\/iwell-guard.com\\\/cs\\\/#\\\/schema\\\/logo\\\/image\\\/\",\"url\":\"https:\\\/\\\/iwell-guard.com\\\/wp-content\\\/uploads\\\/2026\\\/05\\\/Ittermann-Logo-1182x237-1.png\",\"contentUrl\":\"https:\\\/\\\/iwell-guard.com\\\/wp-content\\\/uploads\\\/2026\\\/05\\\/Ittermann-Logo-1182x237-1.png\",\"width\":1182,\"height\":237,\"caption\":\"Ittermann electronic GmbH\"},\"image\":{\"@id\":\"https:\\\/\\\/iwell-guard.com\\\/cs\\\/#\\\/schema\\\/logo\\\/image\\\/\"},\"sameAs\":[\"https:\\\/\\\/pantip.com\\\/profile\\\/9367242\",\"https:\\\/\\\/micro.blog\\\/iwellguard\",\"https:\\\/\\\/www.diggerslist.com\\\/iwellguard\\\/about\",\"https:\\\/\\\/skitterphoto.com\\\/photographers\\\/2870314\\\/iwell-guard\",\"https:\\\/\\\/iwellguard.wordpress.com\\\/2026\\\/06\\\/06\\\/iwell-guard\\\/\",\"https:\\\/\\\/hub.docker.com\\\/u\\\/iwellguard\",\"https:\\\/\\\/www.pinterest.com\\\/iwellguard\\\/\",\"https:\\\/\\\/bit.ly\\\/m\\\/iwellguard\",\"https:\\\/\\\/entre-vos-mains.alsace.eu\\\/profiles\\\/iwellguard\\\/activity\",\"https:\\\/\\\/gravatar.com\\\/reallybeded8fd34\",\"https:\\\/\\\/naijamatta.com\\\/iwellguard\",\"https:\\\/\\\/www.goodreads.com\\\/iwellguard\",\"https:\\\/\\\/profile.hatena.ne.jp\\\/iwellguard\\\/\",\"https:\\\/\\\/experiment.com\\\/users\\\/iwellguard\",\"https:\\\/\\\/wakelet.com\\\/@iWellGuard82270\",\"https:\\\/\\\/www.chordie.com\\\/forum\\\/profile.php?id=2555664\",\"https:\\\/\\\/www.instapaper.com\\\/p\\\/17757966\",\"https:\\\/\\\/www.mapleprimes.com\\\/users\\\/iwellguard\",\"https:\\\/\\\/businesslistingplus.com\\\/profile\\\/iwell-guard\\\/\",\"https:\\\/\\\/telegra.ph\\\/iWell-Guard-06-06\",\"https:\\\/\\\/pbase.com\\\/iwellguard\\\/iwellguard\",\"https:\\\/\\\/b.hatena.ne.jp\\\/iwellguard\\\/20260607#bookmark-4788405196491818882\",\"https:\\\/\\\/fliphtml5.com\\\/home\\\/iwellguard\",\"https:\\\/\\\/anyflip.com\\\/homepage\\\/cmiwl#About\",\"https:\\\/\\\/transfur.com\\\/Users\\\/iwellguard\",\"http:\\\/\\\/delphi.larsbo.org\\\/user\\\/iwellguard\",\"https:\\\/\\\/jobs.lajobsportal.org\\\/profiles\\\/8380803-iwell-guard\",\"https:\\\/\\\/md.chaosdorf.de\\\/s\\\/jfbe5SBdJD\",\"https:\\\/\\\/www.lingvolive.com\\\/en-us\\\/profile\\\/9ecaeaca-ce11-4e51-9e71-01d55e2bff36\\\/translations\",\"https:\\\/\\\/www.fitday.com\\\/fitness\\\/forums\\\/members\\\/iwellguard.html\",\"https:\\\/\\\/www.mymeetbook.com\\\/iwellguard\",\"https:\\\/\\\/pxhere.com\\\/en\\\/photographer-me\\\/5040798\",\"https:\\\/\\\/disqus.com\\\/by\\\/iwellguard\\\/about\\\/\",\"https:\\\/\\\/pastelink.net\\\/hjwciqwq\",\"https:\\\/\\\/pubhtml5.com\\\/homepage\\\/scjhn\\\/\",\"https:\\\/\\\/www.bitchute.com\\\/channel\\\/2O2eOKzNqujT\",\"https:\\\/\\\/audiomack.com\\\/iwellguard\"]}]}<\/script>\n<!-- \/ Yoast SEO Premium plugin. -->","yoast_head_json":{"title":"Rud\u00e1 nit \u2013 ochrann\u00e1 p\u00e1ska kabaly","description":"Rud\u00e1 nit na z\u00e1p\u011bst\u00ed je pova\u017eov\u00e1na za ochranu proti uhranut\u00ed. Vysv\u011btlen p\u016fvod, kabalistick\u00fd kontext a v\u00fdznam.","robots":{"index":"index","follow":"follow","max-snippet":"max-snippet:-1","max-image-preview":"max-image-preview:large","max-video-preview":"max-video-preview:-1"},"canonical":"https:\/\/iwell-guard.com\/cs\/cervena-nit-ochrana-proti-uhranuti\/","og_locale":"cs_CZ","og_type":"article","og_title":"Rud\u00e1 nit \u2013 ochrann\u00e1 p\u00e1ska proti uhranut\u00ed","og_description":"Rud\u00e1 nit na z\u00e1p\u011bst\u00ed je pova\u017eov\u00e1na za ochranu proti uhranut\u00ed. Vysv\u011btlen p\u016fvod, kabalistick\u00fd kontext a v\u00fdznam.","og_url":"https:\/\/iwell-guard.com\/cs\/cervena-nit-ochrana-proti-uhranuti\/","og_site_name":"iWell Guard","article_modified_time":"2026-09-03T17:02:30+00:00","og_image":[{"width":1024,"height":1536,"url":"https:\/\/iwell-guard.com\/wp-content\/uploads\/2026\/05\/schutzsymbol_judentum_roter-faden.webp","type":"image\/webp"}],"twitter_card":"summary_large_image","schema":{"@context":"https:\/\/schema.org","@graph":[{"@type":"WebPage","@id":"https:\/\/iwell-guard.com\/cs\/cervena-nit-ochrana-proti-uhranuti\/","url":"https:\/\/iwell-guard.com\/cs\/cervena-nit-ochrana-proti-uhranuti\/","name":"Rud\u00e1 nit \u2013 ochrann\u00e1 p\u00e1ska kabaly","isPartOf":{"@id":"https:\/\/iwell-guard.com\/cs\/#website"},"primaryImageOfPage":{"@id":"https:\/\/iwell-guard.com\/cs\/cervena-nit-ochrana-proti-uhranuti\/#primaryimage"},"image":{"@id":"https:\/\/iwell-guard.com\/cs\/cervena-nit-ochrana-proti-uhranuti\/#primaryimage"},"thumbnailUrl":"https:\/\/iwell-guard.com\/wp-content\/uploads\/2026\/05\/schutzsymbol_judentum_roter-faden.webp","datePublished":"2026-09-03T16:32:38+00:00","dateModified":"2026-09-03T17:02:30+00:00","description":"Rud\u00e1 nit na z\u00e1p\u011bst\u00ed je pova\u017eov\u00e1na za ochranu proti uhranut\u00ed. Vysv\u011btlen p\u016fvod, kabalistick\u00fd kontext a v\u00fdznam.","breadcrumb":{"@id":"https:\/\/iwell-guard.com\/cs\/cervena-nit-ochrana-proti-uhranuti\/#breadcrumb"},"inLanguage":"cs","potentialAction":[{"@type":"ReadAction","target":["https:\/\/iwell-guard.com\/cs\/cervena-nit-ochrana-proti-uhranuti\/"]}]},{"@type":"ImageObject","inLanguage":"cs","@id":"https:\/\/iwell-guard.com\/cs\/cervena-nit-ochrana-proti-uhranuti\/#primaryimage","url":"https:\/\/iwell-guard.com\/wp-content\/uploads\/2026\/05\/schutzsymbol_judentum_roter-faden.webp","contentUrl":"https:\/\/iwell-guard.com\/wp-content\/uploads\/2026\/05\/schutzsymbol_judentum_roter-faden.webp","width":1024,"height":1536,"caption":"Ochrann\u00fd symbol. Muzejn\u00ed ilustrace z\u00e1ti\u0161\u00ed."},{"@type":"BreadcrumbList","@id":"https:\/\/iwell-guard.com\/cs\/cervena-nit-ochrana-proti-uhranuti\/#breadcrumb","itemListElement":[{"@type":"ListItem","position":1,"name":"Start","item":"https:\/\/iwell-guard.com\/cs\/?page_id=145107"},{"@type":"ListItem","position":2,"name":"Rud\u00e1 nit \u2013 ochrann\u00e1 p\u00e1ska proti uhranut\u00ed"}]},{"@type":"WebSite","@id":"https:\/\/iwell-guard.com\/cs\/#website","url":"https:\/\/iwell-guard.com\/cs\/","name":"iWell Guard","description":"Schutz vor dunklen Einfl\u00fcssen","publisher":{"@id":"https:\/\/iwell-guard.com\/cs\/#organization"},"potentialAction":[{"@type":"SearchAction","target":{"@type":"EntryPoint","urlTemplate":"https:\/\/iwell-guard.com\/cs\/?s={search_term_string}"},"query-input":{"@type":"PropertyValueSpecification","valueRequired":true,"valueName":"search_term_string"}}],"inLanguage":"cs"},{"@type":"Organization","@id":"https:\/\/iwell-guard.com\/cs\/#organization","name":"Ittermann electronic GmbH","url":"https:\/\/iwell-guard.com\/cs\/","logo":{"@type":"ImageObject","inLanguage":"cs","@id":"https:\/\/iwell-guard.com\/cs\/#\/schema\/logo\/image\/","url":"https:\/\/iwell-guard.com\/wp-content\/uploads\/2026\/05\/Ittermann-Logo-1182x237-1.png","contentUrl":"https:\/\/iwell-guard.com\/wp-content\/uploads\/2026\/05\/Ittermann-Logo-1182x237-1.png","width":1182,"height":237,"caption":"Ittermann electronic GmbH"},"image":{"@id":"https:\/\/iwell-guard.com\/cs\/#\/schema\/logo\/image\/"},"sameAs":["https:\/\/pantip.com\/profile\/9367242","https:\/\/micro.blog\/iwellguard","https:\/\/www.diggerslist.com\/iwellguard\/about","https:\/\/skitterphoto.com\/photographers\/2870314\/iwell-guard","https:\/\/iwellguard.wordpress.com\/2026\/06\/06\/iwell-guard\/","https:\/\/hub.docker.com\/u\/iwellguard","https:\/\/www.pinterest.com\/iwellguard\/","https:\/\/bit.ly\/m\/iwellguard","https:\/\/entre-vos-mains.alsace.eu\/profiles\/iwellguard\/activity","https:\/\/gravatar.com\/reallybeded8fd34","https:\/\/naijamatta.com\/iwellguard","https:\/\/www.goodreads.com\/iwellguard","https:\/\/profile.hatena.ne.jp\/iwellguard\/","https:\/\/experiment.com\/users\/iwellguard","https:\/\/wakelet.com\/@iWellGuard82270","https:\/\/www.chordie.com\/forum\/profile.php?id=2555664","https:\/\/www.instapaper.com\/p\/17757966","https:\/\/www.mapleprimes.com\/users\/iwellguard","https:\/\/businesslistingplus.com\/profile\/iwell-guard\/","https:\/\/telegra.ph\/iWell-Guard-06-06","https:\/\/pbase.com\/iwellguard\/iwellguard","https:\/\/b.hatena.ne.jp\/iwellguard\/20260607#bookmark-4788405196491818882","https:\/\/fliphtml5.com\/home\/iwellguard","https:\/\/anyflip.com\/homepage\/cmiwl#About","https:\/\/transfur.com\/Users\/iwellguard","http:\/\/delphi.larsbo.org\/user\/iwellguard","https:\/\/jobs.lajobsportal.org\/profiles\/8380803-iwell-guard","https:\/\/md.chaosdorf.de\/s\/jfbe5SBdJD","https:\/\/www.lingvolive.com\/en-us\/profile\/9ecaeaca-ce11-4e51-9e71-01d55e2bff36\/translations","https:\/\/www.fitday.com\/fitness\/forums\/members\/iwellguard.html","https:\/\/www.mymeetbook.com\/iwellguard","https:\/\/pxhere.com\/en\/photographer-me\/5040798","https:\/\/disqus.com\/by\/iwellguard\/about\/","https:\/\/pastelink.net\/hjwciqwq","https:\/\/pubhtml5.com\/homepage\/scjhn\/","https:\/\/www.bitchute.com\/channel\/2O2eOKzNqujT","https:\/\/audiomack.com\/iwellguard"]}]}},"_links":{"self":[{"href":"https:\/\/iwell-guard.com\/cs\/wp-json\/wp\/v2\/pages\/145670","targetHints":{"allow":["GET"]}}],"collection":[{"href":"https:\/\/iwell-guard.com\/cs\/wp-json\/wp\/v2\/pages"}],"about":[{"href":"https:\/\/iwell-guard.com\/cs\/wp-json\/wp\/v2\/types\/page"}],"author":[{"embeddable":true,"href":"https:\/\/iwell-guard.com\/cs\/wp-json\/wp\/v2\/users\/3"}],"replies":[{"embeddable":true,"href":"https:\/\/iwell-guard.com\/cs\/wp-json\/wp\/v2\/comments?post=145670"}],"version-history":[{"count":0,"href":"https:\/\/iwell-guard.com\/cs\/wp-json\/wp\/v2\/pages\/145670\/revisions"}],"wp:featuredmedia":[{"embeddable":true,"href":"https:\/\/iwell-guard.com\/cs\/wp-json\/wp\/v2\/media\/3511"}],"wp:attachment":[{"href":"https:\/\/iwell-guard.com\/cs\/wp-json\/wp\/v2\/media?parent=145670"}],"wp:term":[{"taxonomy":"category","embeddable":true,"href":"https:\/\/iwell-guard.com\/cs\/wp-json\/wp\/v2\/categories?post=145670"}],"curies":[{"name":"wp","href":"https:\/\/api.w.org\/{rel}","templated":true}]}}