{"id":145668,"date":"2026-09-03T16:32:37","date_gmt":"2026-09-03T16:32:37","guid":{"rendered":"https:\/\/iwell-guard.com\/?page_id=145668"},"modified":"2026-09-03T17:02:29","modified_gmt":"2026-09-03T17:02:29","slug":"keltsky-kriz-vysoky-kriz-ochranny-symbol","status":"publish","type":"page","link":"https:\/\/iwell-guard.com\/cs\/keltsky-kriz-vysoky-kriz-ochranny-symbol\/","title":{"rendered":"Keltsk\u00fd k\u0159\u00ed\u017e \u2013 vysok\u00fd k\u0159\u00ed\u017e a ochrann\u00fd symbol"},"content":{"rendered":"\t\t<div data-elementor-type=\"wp-page\" data-elementor-id=\"145668\" class=\"elementor elementor-145668 elementor-3619 elementor-bc-flex-widget\" data-elementor-post-type=\"page\">\n\t\t\t\t<div class=\"elementor-element elementor-element-iwgs-keltischeskr-hero e-flex e-con-boxed e-con e-parent\" data-id=\"iwgs-keltischeskr-hero\" data-element_type=\"container\" data-e-type=\"container\">\n\t\t\t\t\t<div class=\"e-con-inner\">\n\t\t<div class=\"elementor-element elementor-element-iwgs-keltischeskr-hl e-flex e-con-boxed e-con e-parent\" data-id=\"iwgs-keltischeskr-hl\" data-element_type=\"container\" data-e-type=\"container\">\n\t\t\t\t\t<div class=\"e-con-inner\">\n\t\t<div class=\"elementor-element elementor-element-iwgs-keltischeskr-hlbox e-con-full e-flex e-con e-parent\" data-id=\"iwgs-keltischeskr-hlbox\" data-element_type=\"container\" data-e-type=\"container\">\n\t\t\t\t<div class=\"elementor-element elementor-element-iwgs-keltischeskr-h1 elementor-widget elementor-widget-heading\" data-id=\"iwgs-keltischeskr-h1\" data-element_type=\"widget\" data-e-type=\"widget\" data-widget_type=\"heading.default\">\n\t\t\t\t\t<h1 class=\"elementor-heading-title elementor-size-default\">Keltsk\u00fd k\u0159\u00ed\u017e \u2013 vysok\u00fd k\u0159\u00ed\u017e a k\u0159es\u0165ansk\u00fd ochrann\u00fd symbol<\/h1>\t\t\t\t<\/div>\n\t\t\t\t<div class=\"elementor-element elementor-element-iwgs-keltischeskr-lead elementor-widget elementor-widget-text-editor\" data-id=\"iwgs-keltischeskr-lead\" data-element_type=\"widget\" data-e-type=\"widget\" data-widget_type=\"text-editor.default\">\n\t\t\t\t\t\t\t\t\t<p>Keltsk\u00fd k\u0159\u00ed\u017e spojuje tvar k\u0159\u00ed\u017ee s prstencem kolem pr\u016fse\u010d\u00edku ramen. Vych\u00e1z\u00ed z kamenn\u00fdch vysok\u00fdch k\u0159\u00ed\u017e\u016f Irska a Brit\u00e1nie a pat\u0159\u00ed k nejp\u016fsobiv\u011bj\u0161\u00edm k\u0159es\u0165ansk\u00fdm pam\u00e1tk\u00e1m ran\u00e9ho st\u0159edov\u011bku.<\/p>\t\t\t\t\t\t\t\t<\/div>\n\t\t\t\t<\/div>\n\t\t\t\t<div class=\"elementor-element elementor-element-iwgs-keltischeskr-pills elementor-widget elementor-widget-html\" data-id=\"iwgs-keltischeskr-pills\" data-element_type=\"widget\" data-e-type=\"widget\" data-widget_type=\"html.default\">\n\t\t\t\t\t<div class=\"iwg-pill-row\"><span class=\"iwg-klasse-badge\" tabindex=\"0\" data-tooltip=\"Ochrann\u00fd symbol, amulet nebo apotropaick\u00fd p\u0159edm\u011bt.\">Ochrann\u00fd symbol<\/span><a href=\"https:\/\/iwell-guard.com\/cs\/keltska\/\" class=\"iwg-kultur-badge\" tabindex=\"0\" data-tooltip=\"Ochrann\u00e1 tradice: Keltsk\u00e1\">Keltsk\u00e1<\/a><span class=\"iwg-tradition-badge\" tabindex=\"0\" data-tooltip=\"Symbol z k\u0159es\u0165ansk\u00e9ho n\u00e1bo\u017eensk\u00e9ho sv\u011bta.\">K\u0159es\u0165ansk\u00fd symbol<\/span><\/div>\t\t\t\t<\/div>\n\t\t\t\t\t<\/div>\n\t\t\t\t<\/div>\n\t\t<div class=\"elementor-element elementor-element-iwgs-keltischeskr-hr e-con-full e-flex e-con e-parent\" data-id=\"iwgs-keltischeskr-hr\" data-element_type=\"container\" data-e-type=\"container\">\n\t\t\t\t<div class=\"elementor-element elementor-element-iwgs-keltischeskr-himg iwg-hero-image elementor-widget elementor-widget-image\" data-id=\"iwgs-keltischeskr-himg\" data-element_type=\"widget\" data-e-type=\"widget\" data-widget_type=\"image.default\">\n\t\t\t\t\t\t\t\t\t\t\t\t\t\t\t<img fetchpriority=\"high\" decoding=\"async\" width=\"683\" height=\"1024\" src=\"https:\/\/iwell-guard.com\/wp-content\/uploads\/2026\/05\/schutzsymbol_keltisch_keltisches-kreuz-683x1024.webp\" class=\"attachment-large size-large wp-image-147088\" alt=\"Keltsk\u00fd k\u0159\u00ed\u017e - ochrann\u00fd symbol, muzejn\u00ed ilustrace\" srcset=\"https:\/\/iwell-guard.com\/wp-content\/uploads\/2026\/05\/schutzsymbol_keltisch_keltisches-kreuz-683x1024.webp 683w, https:\/\/iwell-guard.com\/wp-content\/uploads\/2026\/05\/schutzsymbol_keltisch_keltisches-kreuz-200x300.webp 200w, https:\/\/iwell-guard.com\/wp-content\/uploads\/2026\/05\/schutzsymbol_keltisch_keltisches-kreuz-768x1152.webp 768w, https:\/\/iwell-guard.com\/wp-content\/uploads\/2026\/05\/schutzsymbol_keltisch_keltisches-kreuz.webp 1024w\" sizes=\"(max-width: 683px) 100vw, 683px\" \/>\t\t\t\t\t\t\t\t\t\t\t\t\t\t\t<\/div>\n\t\t\t\t<\/div>\n\t\t\t\t\t<\/div>\n\t\t\t\t<\/div>\n\t\t<div class=\"elementor-element elementor-element-iwgs-keltischeskr-s0 e-flex e-con-boxed e-con e-parent\" data-id=\"iwgs-keltischeskr-s0\" data-element_type=\"container\" data-e-type=\"container\">\n\t\t\t\t\t<div class=\"e-con-inner\">\n\t\t\t\t<div class=\"elementor-element elementor-element-iwgs-keltischeskr-s0h elementor-widget elementor-widget-heading\" data-id=\"iwgs-keltischeskr-s0h\" data-element_type=\"widget\" data-e-type=\"widget\" data-widget_type=\"heading.default\">\n\t\t\t\t\t<h2 class=\"elementor-heading-title elementor-size-default\">Za\u0159azen\u00ed<\/h2>\t\t\t\t<\/div>\n\t\t<div class=\"elementor-element elementor-element-iwgs-keltischeskr-s0box e-con-full e-flex e-con e-parent\" data-id=\"iwgs-keltischeskr-s0box\" data-element_type=\"container\" data-e-type=\"container\">\n\t\t\t\t<div class=\"elementor-element elementor-element-iwgs-keltischeskr-s0t elementor-widget elementor-widget-text-editor\" data-id=\"iwgs-keltischeskr-s0t\" data-element_type=\"widget\" data-e-type=\"widget\" data-widget_type=\"text-editor.default\">\n\t\t\t\t\t\t\t\t\t<p>Keltsk\u00fd k\u0159\u00ed\u017e je zvl\u00e1\u0161tn\u00ed forma k\u0159es\u0165ansk\u00e9ho k\u0159\u00ed\u017ee. Jeho charakteristick\u00fdm znakem je prstenec, kter\u00fd obep\u00edn\u00e1 pr\u016fse\u010d\u00edk pod\u00e9ln\u00e9ho a p\u0159\u00ed\u010dn\u00e9ho ramene. Toto spojen\u00ed k\u0159\u00ed\u017ee a prstence d\u011bl\u00e1 znak nezam\u011bniteln\u00fdm. Pat\u0159\u00ed k nejzn\u00e1m\u011bj\u0161\u00edm symbol\u016fm, kter\u00e9 jsou spojov\u00e1ny se <a href=\"https:\/\/iwell-guard.com\/cs\/keltska\/\">keltsk\u00fdm<\/a> sv\u011btem.<\/p><p>Sv\u016fj p\u016fvod m\u00e1 keltsk\u00fd k\u0159\u00ed\u017e v kamenn\u00fdch vysok\u00fdch k\u0159\u00ed\u017e\u00edch Irska a Brit\u00e1nie. Tyto k\u0159\u00ed\u017ee vznikaly v ran\u00e9m st\u0159edov\u011bku a pat\u0159\u00ed k velk\u00fdm doklad\u016fm insul\u00e1rn\u00edho k\u0159es\u0165ansk\u00e9ho um\u011bn\u00ed. Keltsk\u00fd k\u0159\u00ed\u017e je tedy nejprve pam\u00e1tkou a teprve pozd\u011bji se stal nosen\u00fdm znakem.<\/p><p>Z hlediska d\u011bjin um\u011bn\u00ed je keltsk\u00fd k\u0159\u00ed\u017e dob\u0159e zkoum\u00e1n. Jeho historii lze sledovat na dochovan\u00fdch kamenn\u00fdch k\u0159\u00ed\u017e\u00edch. Tato dobr\u00e1 pramenn\u00e1 z\u00e1kladna umo\u017e\u0148uje p\u0159esn\u00fd popis. V tomto se li\u0161\u00ed od znak\u016f, jejich\u017e p\u016fvod z\u016fst\u00e1v\u00e1 nejasn\u00fd.<\/p><p>Jako ochrann\u00fd symbol pat\u0159\u00ed keltsk\u00fd k\u0159\u00ed\u017e ke k\u0159es\u0165anstv\u00ed. Chr\u00e1n\u00ed podle k\u0159es\u0165ansk\u00e9ho ch\u00e1p\u00e1n\u00ed proto, \u017ee zobrazuje Krist\u016fv k\u0159\u00ed\u017e a odkazuje na jeho v\u00edt\u011bzstv\u00ed nad smrt\u00ed. Prstenec k tomu p\u0159istupuje jako dopl\u0148uj\u00edc\u00ed prvek. Keltsk\u00fd k\u0159\u00ed\u017e je tak samostatnou podobou obecn\u00e9ho k\u0159es\u0165ansk\u00e9ho znamen\u00ed k\u0159\u00ed\u017ee.<\/p>\t\t\t\t\t\t\t\t<\/div>\n\t\t\t\t<\/div>\n\t\t\t\t\t<\/div>\n\t\t\t\t<\/div>\n\t\t<div class=\"elementor-element elementor-element-iwgs-keltischeskr-s1 e-flex e-con-boxed e-con e-parent\" data-id=\"iwgs-keltischeskr-s1\" data-element_type=\"container\" data-e-type=\"container\">\n\t\t\t\t\t<div class=\"e-con-inner\">\n\t\t\t\t<div class=\"elementor-element elementor-element-iwgs-keltischeskr-s1h elementor-widget elementor-widget-heading\" data-id=\"iwgs-keltischeskr-s1h\" data-element_type=\"widget\" data-e-type=\"widget\" data-widget_type=\"heading.default\">\n\t\t\t\t\t<h2 class=\"elementor-heading-title elementor-size-default\">Podoba: k\u0159\u00ed\u017e a prstenec<\/h2>\t\t\t\t<\/div>\n\t\t<div class=\"elementor-element elementor-element-iwgs-keltischeskr-s1box e-con-full e-flex e-con e-parent\" data-id=\"iwgs-keltischeskr-s1box\" data-element_type=\"container\" data-e-type=\"container\">\n\t\t\t\t<div class=\"elementor-element elementor-element-iwgs-keltischeskr-s1t elementor-widget elementor-widget-text-editor\" data-id=\"iwgs-keltischeskr-s1t\" data-element_type=\"widget\" data-e-type=\"widget\" data-widget_type=\"text-editor.default\">\n\t\t\t\t\t\t\t\t\t<p>Z\u00e1kladn\u00ed tvar keltsk\u00e9ho k\u0159\u00ed\u017ee lze popsat rychle. Je to k\u0159\u00ed\u017e, jeho\u017e \u010dty\u0159i ramena prot\u00edn\u00e1 nebo obep\u00edn\u00e1 prstenec. Prstenec je um\u00edst\u011bn p\u0159esn\u011b tam, kde se prot\u00ednaj\u00ed pod\u00e9ln\u00e9 a p\u0159\u00ed\u010dn\u00e9 ramena. Spojuje v\u0161echna \u010dty\u0159i ramena mezi sebou.<\/p><p>Proporce se mohou li\u0161it. U n\u011bkter\u00fdch keltsk\u00fdch k\u0159\u00ed\u017e\u016f je pod\u00e9ln\u00e9 ramena v\u00fdrazn\u011b prodlou\u017eeno, tak\u017ee z\u00e1kladn\u00ed tvar p\u0159ipom\u00edn\u00e1 latinsk\u00fd k\u0159\u00ed\u017e. U jin\u00fdch jsou ramena p\u0159ibli\u017en\u011b stejn\u011b dlouh\u00e1, co\u017e se bl\u00ed\u017e\u00ed \u0159eck\u00e9mu k\u0159\u00ed\u017ei. Prstenec z\u016fst\u00e1v\u00e1 ve v\u0161ech p\u0159\u00edpadech spojuj\u00edc\u00edm znakem.<\/p><p>O v\u00fdznamu prstence existuj\u00ed r\u016fzn\u00e9 \u00favahy. Z \u010dist\u011b konstruk\u010dn\u00edho hlediska d\u00e1val prstenec \u0161irok\u00fdm ramen\u016fm kamenn\u00e9ho k\u0159\u00ed\u017ee pevnost a stabilitu. Zabra\u0148oval tomu, aby se voln\u011b vy\u010dn\u00edvaj\u00edc\u00ed ramena ulomila. Toto praktick\u00e9 vysv\u011btlen\u00ed je dob\u0159e srozumiteln\u00e9.<\/p><p>Nad r\u00e1mec konstruk\u010dn\u00edho \u00fa\u010delu mohl b\u00fdt prstenec i vykl\u00e1d\u00e1n jinak. Roz\u0161\u00ed\u0159en\u00fd je v\u00fdklad jako znamen\u00ed v\u011b\u010dnosti nebo jako <span class=\"iwg-fachbegriff\" data-tooltip=\"N\u00e1zorn\u00fd obraz, kter\u00fd zastupuje abstraktn\u00ed my\u0161lenku.\" tabindex=\"0\">symbol<\/span> slunce a sv\u011btla. Jak\u00fd v\u00fdklad m\u011bli stavitel\u00e9 na mysli, nen\u00ed v ka\u017ed\u00e9m p\u0159\u00edpad\u011b zaznamen\u00e1no. Jist\u00e9 je, \u017ee prstenec d\u00e1v\u00e1 keltsk\u00e9mu k\u0159\u00ed\u017ei jeho zvl\u00e1\u0161tn\u00ed, uzav\u0159enou podobu.<\/p>\t\t\t\t\t\t\t\t<\/div>\n\t\t\t\t<\/div>\n\t\t\t\t\t<\/div>\n\t\t\t\t<\/div>\n\t\t<div class=\"elementor-element elementor-element-iwgs-keltischeskr-s2 e-flex e-con-boxed e-con e-parent\" data-id=\"iwgs-keltischeskr-s2\" data-element_type=\"container\" data-e-type=\"container\">\n\t\t\t\t\t<div class=\"e-con-inner\">\n\t\t\t\t<div class=\"elementor-element elementor-element-iwgs-keltischeskr-s2h elementor-widget elementor-widget-heading\" data-id=\"iwgs-keltischeskr-s2h\" data-element_type=\"widget\" data-e-type=\"widget\" data-widget_type=\"heading.default\">\n\t\t\t\t\t<h2 class=\"elementor-heading-title elementor-size-default\">Vysok\u00e9 k\u0159\u00ed\u017ee Irska a Brit\u00e1nie<\/h2>\t\t\t\t<\/div>\n\t\t<div class=\"elementor-element elementor-element-iwgs-keltischeskr-s2box e-con-full e-flex e-con e-parent\" data-id=\"iwgs-keltischeskr-s2box\" data-element_type=\"container\" data-e-type=\"container\">\n\t\t\t\t<div class=\"elementor-element elementor-element-iwgs-keltischeskr-s2t elementor-widget elementor-widget-text-editor\" data-id=\"iwgs-keltischeskr-s2t\" data-element_type=\"widget\" data-e-type=\"widget\" data-widget_type=\"text-editor.default\">\n\t\t\t\t\t\t\t\t\t<p>Vlastn\u00ed domovinou keltsk\u00e9ho k\u0159\u00ed\u017ee jsou vysok\u00e9 k\u0159\u00ed\u017ee. T\u00edmto pojmem se ozna\u010duj\u00ed velk\u00e9, samostatn\u011b stoj\u00edc\u00ed kamenn\u00e9 k\u0159\u00ed\u017ee, kter\u00e9 byly v ran\u00e9m st\u0159edov\u011bku stav\u011bny v Irsku a v \u010d\u00e1stech Brit\u00e1nie. N\u011bkter\u00e9 z t\u011bchto k\u0159\u00ed\u017e\u016f dosahuj\u00ed zna\u010dn\u00e9 v\u00fd\u0161ky.<\/p><p>Vysok\u00e9 k\u0159\u00ed\u017ee vznikaly v pr\u016fb\u011bhu n\u011bkolika stalet\u00ed. Jejich hlavn\u00ed obdob\u00ed le\u017eelo v ran\u00e9m a vrcholn\u00e9m st\u0159edov\u011bku. Byly stav\u011bny u kl\u00e1\u0161ter\u016f, kostel\u016f a na v\u00fdznamn\u00fdch m\u00edstech. Mnoh\u00e9 z nich se dochovaly a\u017e do sou\u010dasnosti a stoj\u00ed st\u00e1le na sv\u00e9m p\u016fvodn\u00edm m\u00edst\u011b.<\/p><p>Tyto kamenn\u00e9 k\u0159\u00ed\u017ee jsou um\u011blecky n\u00e1ro\u010dn\u011b zpracov\u00e1ny. Jejich povrchy jsou zcela pokryty \u0159ezbami. Vedle propleten\u00e9ho ornamentu, kter\u00fd je charakteristick\u00fd pro insul\u00e1rn\u00ed um\u011bn\u00ed, nesou mnoh\u00e9 vysok\u00e9 k\u0159\u00ed\u017ee i figur\u00e1ln\u00ed zobrazen\u00ed. Pat\u0159\u00ed k nejv\u00fdznamn\u011bj\u0161\u00edm v\u00fdtvarn\u00fdm d\u00edl\u016fm sv\u00e9 doby.<\/p><p>Vysok\u00e9 k\u0159\u00ed\u017ee jsou t\u00edm, z \u010deho keltsk\u00fd k\u0159\u00ed\u017e jako znak vze\u0161el. Ka\u017ed\u00e9 pozd\u011bj\u0161\u00ed pou\u017eit\u00ed t\u00e9to formy, a\u0165 jako n\u00e1hrobn\u00ed k\u00e1men nebo jako p\u0159\u00edv\u011bsek, se v kone\u010dn\u00e9m d\u016fsledku vrac\u00ed k t\u011bmto kamenn\u00fdm pam\u00e1tk\u00e1m. Kdo chce keltsk\u00fd k\u0159\u00ed\u017e pochopit, mus\u00ed za\u010d\u00edt u vysok\u00fdch k\u0159\u00ed\u017e\u016f.<\/p>\t\t\t\t\t\t\t\t<\/div>\n\t\t\t\t<\/div>\n\t\t\t\t\t<\/div>\n\t\t\t\t<\/div>\n\t\t<div class=\"elementor-element elementor-element-iwgs-keltischeskr-s3 e-flex e-con-boxed e-con e-parent\" data-id=\"iwgs-keltischeskr-s3\" data-element_type=\"container\" data-e-type=\"container\">\n\t\t\t\t\t<div class=\"e-con-inner\">\n\t\t\t\t<div class=\"elementor-element elementor-element-iwgs-keltischeskr-s3h elementor-widget elementor-widget-heading\" data-id=\"iwgs-keltischeskr-s3h\" data-element_type=\"widget\" data-e-type=\"widget\" data-widget_type=\"heading.default\">\n\t\t\t\t\t<h2 class=\"elementor-heading-title elementor-size-default\">Funkce kamenn\u00fdch k\u0159\u00ed\u017e\u016f<\/h2>\t\t\t\t<\/div>\n\t\t<div class=\"elementor-element elementor-element-iwgs-keltischeskr-s3box e-con-full e-flex e-con e-parent\" data-id=\"iwgs-keltischeskr-s3box\" data-element_type=\"container\" data-e-type=\"container\">\n\t\t\t\t<div class=\"elementor-element elementor-element-iwgs-keltischeskr-s3t elementor-widget elementor-widget-text-editor\" data-id=\"iwgs-keltischeskr-s3t\" data-element_type=\"widget\" data-e-type=\"widget\" data-widget_type=\"text-editor.default\">\n\t\t\t\t\t\t\t\t\t<p>Vysok\u00e9 k\u0159\u00ed\u017ee m\u011bly v ran\u011b st\u0159edov\u011bk\u00e9m \u017eivot\u011b n\u011bkolik \u00fakol\u016f. Jednou d\u016fle\u017eitou funkc\u00ed byla funkce kazatelsk\u00e9ho k\u0159\u00ed\u017ee. U takov\u00fdch k\u0159\u00ed\u017e\u016f se mohla shroma\u017e\u010fovat obec a jejich v\u00fdtvarn\u00e1 v\u00fdzdoba slou\u017eila k \u0161\u00ed\u0159en\u00ed k\u0159es\u0165ansk\u00e9 nauky. K\u0159\u00ed\u017e byl tak m\u00edstem zv\u011bstov\u00e1n\u00ed.<\/p><p>Jin\u00e9 vysok\u00e9 k\u0159\u00ed\u017ee vyzna\u010dovaly hranice. Ukazovaly rozsah kl\u00e1\u0161tern\u00edho are\u00e1lu nebo posv\u011bcen\u00e9ho okrsku. Kdo takov\u00fd k\u0159\u00ed\u017e dos\u00e1hl, v\u011bd\u011bl, \u017ee vstupuje do zvl\u00e1\u0161tn\u00edho, chr\u00e1n\u011bn\u00e9ho prostoru. K\u0159\u00ed\u017e tuto hranici z\u00e1rove\u0148 zaji\u0161\u0165oval a ozna\u010doval.<\/p><p>Vysok\u00e9 k\u0159\u00ed\u017ee slou\u017eily tak\u00e9 jako pam\u00e1tn\u00edky a p\u0159ipom\u00ednkov\u00e9 znaky. N\u011bkter\u00e9 byly postaveny na pam\u00e1tku osob nebo ud\u00e1lost\u00ed a nesly p\u0159\u00edslu\u0161n\u00e9 n\u00e1pisy. Udr\u017eovaly vzpom\u00ednku a stav\u011bly ozna\u010den\u00e9 m\u00edsto pod znamen\u00ed Kristovo.<\/p><p>Ve v\u0161ech t\u011bchto funkc\u00edch byl keltsk\u00fd k\u0159\u00ed\u017e v\u00edc ne\u017e ozdoba. Uspo\u0159\u00e1d\u00e1val prostor, zprost\u0159edkov\u00e1val obsahy v\u00edry a zaji\u0161\u0165oval okrsky. Toto spojen\u00ed v\u00fdznamu a praktick\u00e9ho u\u017eitku je pro st\u0159edov\u011bk\u00fd sv\u011bt charakteristick\u00e9. Vysok\u00fd k\u0159\u00ed\u017e byl n\u00e1bo\u017eensk\u00fdm znakem i u\u017eite\u010dn\u00fdm znamen\u00edm v jednom.<\/p>\t\t\t\t\t\t\t\t<\/div>\n\t\t\t\t<\/div>\n\t\t\t\t\t<\/div>\n\t\t\t\t<\/div>\n\t\t<div class=\"elementor-element elementor-element-iwgs-keltischeskr-s4 e-flex e-con-boxed e-con e-parent\" data-id=\"iwgs-keltischeskr-s4\" data-element_type=\"container\" data-e-type=\"container\">\n\t\t\t\t\t<div class=\"e-con-inner\">\n\t\t\t\t<div class=\"elementor-element elementor-element-iwgs-keltischeskr-s4h elementor-widget elementor-widget-heading\" data-id=\"iwgs-keltischeskr-s4h\" data-element_type=\"widget\" data-e-type=\"widget\" data-widget_type=\"heading.default\">\n\t\t\t\t\t<h2 class=\"elementor-heading-title elementor-size-default\">Obrazov\u00e9 programy vysok\u00fdch k\u0159\u00ed\u017e\u016f<\/h2>\t\t\t\t<\/div>\n\t\t<div class=\"elementor-element elementor-element-iwgs-keltischeskr-s4box e-con-full e-flex e-con e-parent\" data-id=\"iwgs-keltischeskr-s4box\" data-element_type=\"container\" data-e-type=\"container\">\n\t\t\t\t<div class=\"elementor-element elementor-element-iwgs-keltischeskr-s4t elementor-widget elementor-widget-text-editor\" data-id=\"iwgs-keltischeskr-s4t\" data-element_type=\"widget\" data-e-type=\"widget\" data-widget_type=\"text-editor.default\">\n\t\t\t\t\t\t\t\t\t<p>Mnoh\u00e9 vysok\u00e9 k\u0159\u00ed\u017ee nesou rozs\u00e1hl\u00e9 obrazov\u00e9 programy. Na jejich ploch\u00e1ch jsou zobrazeny cel\u00e9 \u0159ady sc\u00e9n, pe\u010dliv\u011b rozd\u011blen\u00fdch do jednotliv\u00fdch pol\u00ed. Tyto obrazy nejsou seskupeny n\u00e1hodn\u011b, ale sleduj\u00ed promy\u0161lenou koncepci.<\/p><p>Zobrazen\u00ed v\u011bt\u0161inou ukazuj\u00ed sc\u00e9ny z Bible. Vypr\u00e1v\u011bn\u00ed ze Star\u00e9ho i Nov\u00e9ho z\u00e1kona jsou postavena vedle sebe. Sc\u00e9ny byly \u010dasto zvoleny tak, aby na sebe vz\u00e1jemn\u011b odkazovaly a spole\u010dn\u011b vyjad\u0159ovaly teologick\u00e9 poselstv\u00ed. Vysok\u00fd k\u0159\u00ed\u017e se tak stal knihou obraz\u016f v kameni.<\/p><p>Pro lidi ran\u00e9ho st\u0159edov\u011bku m\u011bly tyto obrazov\u00e9 programy d\u016fle\u017eit\u00fd \u00fakol. Mnoz\u00ed neum\u011bli \u010d\u00edst, a obrazy jim zprost\u0159edkov\u00e1valy z\u00e1sadn\u00ed p\u0159\u00edb\u011bhy v\u00edry. Vysok\u00fd k\u0159\u00ed\u017e tak byl prost\u0159edkem hl\u00e1s\u00e1n\u00ed, kter\u00fd se obe\u0161el bez p\u00edsma. Promlouval prost\u0159ednictv\u00edm obrazu.<\/p><p>Tyto obrazov\u00e9 programy d\u011blaj\u00ed z vysok\u00fdch k\u0159\u00ed\u017e\u016f hodnotn\u00fd pramen. Ukazuj\u00ed, kter\u00e9 biblick\u00e9 sc\u00e9ny byly pro lidi tehdej\u0161\u00ed doby d\u016fle\u017eit\u00e9 a jak byly vykl\u00e1d\u00e1ny. Keltsk\u00fd k\u0159\u00ed\u017e tak nen\u00ed jen znamen\u00edm, ale i bohat\u00fdm nositelem obraz\u016f a v\u00fdznam\u016f.<\/p>\t\t\t\t\t\t\t\t<\/div>\n\t\t\t\t<\/div>\n\t\t\t\t\t<\/div>\n\t\t\t\t<\/div>\n\t\t<div class=\"elementor-element elementor-element-iwgs-keltischeskr-s5 e-flex e-con-boxed e-con e-parent\" data-id=\"iwgs-keltischeskr-s5\" data-element_type=\"container\" data-e-type=\"container\">\n\t\t\t\t\t<div class=\"e-con-inner\">\n\t\t\t\t<div class=\"elementor-element elementor-element-iwgs-keltischeskr-s5h elementor-widget elementor-widget-heading\" data-id=\"iwgs-keltischeskr-s5h\" data-element_type=\"widget\" data-e-type=\"widget\" data-widget_type=\"heading.default\">\n\t\t\t\t\t<h2 class=\"elementor-heading-title elementor-size-default\">Legenda o p\u016fvodu<\/h2>\t\t\t\t<\/div>\n\t\t<div class=\"elementor-element elementor-element-iwgs-keltischeskr-s5box e-con-full e-flex e-con e-parent\" data-id=\"iwgs-keltischeskr-s5box\" data-element_type=\"container\" data-e-type=\"container\">\n\t\t\t\t<div class=\"elementor-element elementor-element-iwgs-keltischeskr-s5t elementor-widget elementor-widget-text-editor\" data-id=\"iwgs-keltischeskr-s5t\" data-element_type=\"widget\" data-e-type=\"widget\" data-widget_type=\"text-editor.default\">\n\t\t\t\t\t\t\t\t\t<p>O vzniku keltsk\u00e9ho k\u0159\u00ed\u017ee existuje zn\u00e1m\u00e1 <span class=\"iwg-fachbegriff\" data-tooltip=\"Vzd\u011bl\u00e1vaj\u00edc\u00ed vypr\u00e1v\u011bn\u00ed, nej\u010dast\u011bji o \u017eivot\u011b svat\u00fdch.\" tabindex=\"0\">legenda<\/span>. P\u0159ipisuje spojen\u00ed k\u0159\u00ed\u017ee a kruhu svat\u00e9mu Patrikovi, mision\u00e1\u0159i Irska. Podle tohoto vypr\u00e1v\u011bn\u00ed Patrik spojil k\u0159es\u0165ansk\u00fd k\u0159\u00ed\u017e s kruhem, kter\u00fd p\u0159edstavoval p\u0159edk\u0159es\u0165ansk\u00fd slune\u010dn\u00ed symbol.<\/p><p>Smysl t\u00e9to <span class=\"iwg-fachbegriff\" data-tooltip=\"Vzd\u011bl\u00e1vaj\u00edc\u00ed vypr\u00e1v\u011bn\u00ed, nej\u010dast\u011bji o \u017eivot\u011b svat\u00fdch.\" tabindex=\"0\">legendy<\/span> je z\u0159ejm\u00fd. Vykl\u00e1d\u00e1 keltsk\u00fd k\u0159\u00ed\u017e jako znamen\u00ed setk\u00e1n\u00ed. Nov\u00fd k\u0159es\u0165ansk\u00fd k\u0159\u00ed\u017e a star\u00fd, slunci zasv\u011bcen\u00fd symbol se v n\u011bm m\u011bly spojit. T\u00edmto zp\u016fsobem m\u011bl Patrik lidem p\u0159ibl\u00ed\u017eit novou v\u00edru.<\/p><p>Jako u mnoha legend o p\u016fvodu je i tento p\u0159\u00edb\u011bh t\u0159eba p\u0159ij\u00edmat s opatrnost\u00ed. Je to vykl\u00e1daj\u00edc\u00ed vypr\u00e1v\u011bn\u00ed, nikoli ov\u011b\u0159en\u00fd historick\u00fd z\u00e1znam. Zda kruhov\u00e1 forma skute\u010dn\u011b vznikla ze slune\u010dn\u00edho symbolu, nelze prok\u00e1zat. Stavebn\u00ed vysv\u011btlen\u00ed, kter\u00e9 v kruhu vid\u00ed op\u011bru kamenn\u00fdch ramen, je p\u0159inejmen\u0161\u00edm stejn\u011b p\u0159esv\u011bd\u010div\u00e9.<\/p><p>P\u0159esto je tato <span class=\"iwg-fachbegriff\" data-tooltip=\"Vzd\u011bl\u00e1vaj\u00edc\u00ed vypr\u00e1v\u011bn\u00ed, nej\u010dast\u011bji o \u017eivot\u011b svat\u00fdch.\" tabindex=\"0\">legenda<\/span> v\u00fdmluvn\u00e1. Ukazuje, jak byl keltsk\u00fd k\u0159\u00ed\u017e v pr\u016fb\u011bhu \u010dasu vykl\u00e1d\u00e1n, toti\u017e jako most mezi star\u00fdm a nov\u00fdm n\u00e1bo\u017eenstv\u00edm. Takov\u00e1 vypr\u00e1v\u011bn\u00ed pat\u0159\u00ed k d\u011bjin\u00e1m p\u016fsoben\u00ed znamen\u00ed. Nejsou historicky spolehliv\u00e1, ale vypov\u00eddaj\u00ed mnoho o p\u0159edstav\u011b, kterou si lid\u00e9 o keltsk\u00e9m k\u0159\u00ed\u017ei vytvo\u0159ili.<\/p>\t\t\t\t\t\t\t\t<\/div>\n\t\t\t\t<\/div>\n\t\t\t\t\t<\/div>\n\t\t\t\t<\/div>\n\t\t<div class=\"elementor-element elementor-element-iwgs-keltischeskr-s6 e-flex e-con-boxed e-con e-parent\" data-id=\"iwgs-keltischeskr-s6\" data-element_type=\"container\" data-e-type=\"container\">\n\t\t\t\t\t<div class=\"e-con-inner\">\n\t\t\t\t<div class=\"elementor-element elementor-element-iwgs-keltischeskr-s6h elementor-widget elementor-widget-heading\" data-id=\"iwgs-keltischeskr-s6h\" data-element_type=\"widget\" data-e-type=\"widget\" data-widget_type=\"heading.default\">\n\t\t\t\t\t<h2 class=\"elementor-heading-title elementor-size-default\">K\u0159es\u0165ansk\u00e9 znamen\u00ed a ochrana<\/h2>\t\t\t\t<\/div>\n\t\t<div class=\"elementor-element elementor-element-iwgs-keltischeskr-s6box e-con-full e-flex e-con e-parent\" data-id=\"iwgs-keltischeskr-s6box\" data-element_type=\"container\" data-e-type=\"container\">\n\t\t\t\t<div class=\"elementor-element elementor-element-iwgs-keltischeskr-s6t elementor-widget elementor-widget-text-editor\" data-id=\"iwgs-keltischeskr-s6t\" data-element_type=\"widget\" data-e-type=\"widget\" data-widget_type=\"text-editor.default\">\n\t\t\t\t\t\t\t\t\t<p>Keltsk\u00fd k\u0159\u00ed\u017e je ve sv\u00e9m j\u00e1dru k\u0159es\u0165ansk\u00fdm znamen\u00edm. Jeho ochrann\u00fd v\u00fdznam vych\u00e1z\u00ed z obecn\u00e9ho v\u00fdznamu k\u0159\u00ed\u017ee. K\u0159\u00ed\u017e odkazuje na Krista a na jeho v\u00edt\u011bzstv\u00ed nad smrt\u00ed, a z tohoto odkazu vypl\u00fdv\u00e1 jeho role jako ochrann\u00e9ho znamen\u00ed.<\/p><p>Podobn\u011b jako jednoduch\u00fd k\u0159\u00ed\u017e mohl i keltsk\u00fd k\u0159\u00ed\u017e stav\u011bt m\u00edsta a lidi pod ochranu Krista. Vysok\u00e9 k\u0159\u00ed\u017ee chr\u00e1nily kl\u00e1\u0161tern\u00ed okrsky a cesty. V men\u0161\u00ed podob\u011b mohl keltsk\u00fd k\u0159\u00ed\u017e st\u00e1t na hrobech, zna\u010dit a chr\u00e1nit m\u00edsto posledn\u00edho odpo\u010dinku.<\/p><p>Kruh p\u0159id\u00e1v\u00e1 tomuto ochrann\u00e9mu v\u00fdznamu vlastn\u00ed rys. Jako uzav\u0159en\u00e1, sama do sebe se vracej\u00edc\u00ed forma kruh mnohdy p\u0159edstavuje v\u011b\u010dnost a nep\u0159etr\u017eit\u00e9 trv\u00e1n\u00ed. Ve spojen\u00ed s k\u0159\u00ed\u017eem m\u016f\u017ee kruh vyjad\u0159ovat my\u0161lenku trval\u00e9, v\u0161eobj\u00edmaj\u00edc\u00ed ochrany.<\/p><p>Jako u ka\u017ed\u00e9ho k\u0159es\u0165ansk\u00e9ho znamen\u00ed plat\u00ed i zde c\u00edrkevn\u00ed stanovisko, \u017ee k\u0159\u00ed\u017e nep\u016fsob\u00ed s\u00e1m ze sebe. Chr\u00e1n\u00ed jako znamen\u00ed, kter\u00e9 \u010dlov\u011bka sm\u011b\u0159uje ke Kristu. Keltsk\u00fd k\u0159\u00ed\u017e tedy nen\u00ed magick\u00fdm <span class=\"iwg-fachbegriff\" data-tooltip=\"P\u0159edm\u011bt no\u0161en\u00fd na t\u011ble, kter\u00e9mu se p\u0159isuzuje ochrann\u00fd, zlo odvracej\u00edc\u00ed \u00fa\u010dinek.\" tabindex=\"0\">amuletem<\/span>, ale znamen\u00edm v\u00edry, jeho\u017e ochrana z\u016fst\u00e1v\u00e1 v\u00e1z\u00e1na na v\u00edru.<\/p>\t\t\t\t\t\t\t\t<\/div>\n\t\t\t\t<\/div>\n\t\t\t\t\t<\/div>\n\t\t\t\t<\/div>\n\t\t<div class=\"elementor-element elementor-element-iwgs-keltischeskr-s7 e-flex e-con-boxed e-con e-parent\" data-id=\"iwgs-keltischeskr-s7\" data-element_type=\"container\" data-e-type=\"container\">\n\t\t\t\t\t<div class=\"e-con-inner\">\n\t\t\t\t<div class=\"elementor-element elementor-element-iwgs-keltischeskr-s7h elementor-widget elementor-widget-heading\" data-id=\"iwgs-keltischeskr-s7h\" data-element_type=\"widget\" data-e-type=\"widget\" data-widget_type=\"heading.default\">\n\t\t\t\t\t<h2 class=\"elementor-heading-title elementor-size-default\">Keltsk\u00e1 renesance<\/h2>\t\t\t\t<\/div>\n\t\t<div class=\"elementor-element elementor-element-iwgs-keltischeskr-s7box e-con-full e-flex e-con e-parent\" data-id=\"iwgs-keltischeskr-s7box\" data-element_type=\"container\" data-e-type=\"container\">\n\t\t\t\t<div class=\"elementor-element elementor-element-iwgs-keltischeskr-s7t elementor-widget elementor-widget-text-editor\" data-id=\"iwgs-keltischeskr-s7t\" data-element_type=\"widget\" data-e-type=\"widget\" data-widget_type=\"text-editor.default\">\n\t\t\t\t\t\t\t\t\t<p>Po st\u0159edov\u011bku keltsk\u00fd k\u0159\u00ed\u017e na dlouhou dobu ustoupil do pozad\u00ed. Jeho velk\u00fd n\u00e1vrat za\u010dal v 19. stolet\u00ed. V t\u00e9to dob\u011b vznikl nov\u00fd, siln\u00fd z\u00e1jem o keltskou minulost, kter\u00fd se naz\u00fdv\u00e1 keltsk\u00e1 renesance.<\/p><p>V r\u00e1mci tohoto hnut\u00ed byl keltsk\u00fd k\u0159\u00ed\u017e znovu objeven a nov\u011b pou\u017eit. Zvl\u00e1\u0161t\u011b roz\u0161\u00ed\u0159ila se jeho podoba jako formy n\u00e1hrobku. Na mnoha h\u0159bitovech, p\u0159edev\u0161\u00edm v Irsku a v zem\u00edch formovan\u00fdch irsk\u00fdmi vyst\u011bhovalci, se keltsk\u00fd k\u0159\u00ed\u017e stal b\u011b\u017en\u00fdm nadhrobn\u00edm znamen\u00edm.<\/p><p>Keltsk\u00fd k\u0159\u00ed\u017e se z\u00e1rove\u0148 stal znamen\u00edm identity. Nyn\u00ed vyjad\u0159oval p\u0159\u00edslu\u0161nost k irsk\u00e9, p\u0159\u00edpadn\u011b obecn\u011b keltsky formovan\u00e9 kultu\u0159e. Ze st\u0159edov\u011bk\u00e9 pam\u00e1tky se stalo znamen\u00ed, j\u00edm\u017e se lid\u00e9 v\u00fdslovn\u011b p\u0159ihla\u0161ovali ke sv\u00e9mu p\u016fvodu a tradici.<\/p><p>Keltsk\u00e1 renesance utv\u00e1\u0159\u00ed dne\u0161n\u00ed podobu keltsk\u00e9ho k\u0159\u00ed\u017ee a\u017e do sou\u010dasnosti. Mnoh\u00e9, co se dnes s t\u00edmto znamen\u00edm spojuje, nepoch\u00e1z\u00ed ze st\u0159edov\u011bku, n\u00fdbr\u017e z tohoto pozd\u011bj\u0161\u00edho o\u017eiven\u00ed. P\u0159esn\u00fd popis proto rozli\u0161uje st\u0159edov\u011bk\u00e9 vysok\u00e9 k\u0159\u00ed\u017ee od jejich novodob\u00e9ho znovup\u0159ijet\u00ed.<\/p>\t\t\t\t\t\t\t\t<\/div>\n\t\t\t\t<\/div>\n\t\t\t\t\t<\/div>\n\t\t\t\t<\/div>\n\t\t<div class=\"elementor-element elementor-element-iwgs-keltischeskr-s8 e-flex e-con-boxed e-con e-parent\" data-id=\"iwgs-keltischeskr-s8\" data-element_type=\"container\" data-e-type=\"container\">\n\t\t\t\t\t<div class=\"e-con-inner\">\n\t\t\t\t<div class=\"elementor-element elementor-element-iwgs-keltischeskr-s8h elementor-widget elementor-widget-heading\" data-id=\"iwgs-keltischeskr-s8h\" data-element_type=\"widget\" data-e-type=\"widget\" data-widget_type=\"heading.default\">\n\t\t\t\t\t<h2 class=\"elementor-heading-title elementor-size-default\">Sou\u010dasn\u00e1 recepce<\/h2>\t\t\t\t<\/div>\n\t\t<div class=\"elementor-element elementor-element-iwgs-keltischeskr-s8box e-con-full e-flex e-con e-parent\" data-id=\"iwgs-keltischeskr-s8box\" data-element_type=\"container\" data-e-type=\"container\">\n\t\t\t\t<div class=\"elementor-element elementor-element-iwgs-keltischeskr-s8t elementor-widget elementor-widget-text-editor\" data-id=\"iwgs-keltischeskr-s8t\" data-element_type=\"widget\" data-e-type=\"widget\" data-widget_type=\"text-editor.default\">\n\t\t\t\t\t\t\t\t\t<p>Keltsk\u00fd k\u0159\u00ed\u017e je dnes v\u0161eobecn\u011b zn\u00e1m\u00fdm a roz\u0161\u00ed\u0159en\u00fdm znamen\u00edm. Objevuje se jako n\u00e1hrobek, jako p\u0159\u00edv\u011bsek a jako <span class=\"iwg-fachbegriff\" data-tooltip=\"Opakuj\u00edc\u00ed se obsahov\u00fd prvek v um\u011bn\u00ed nebo vypr\u00e1v\u011bn\u00ed.\" tabindex=\"0\">motiv<\/span> ve v\u00fdtvarn\u00e9m zpracov\u00e1n\u00ed. Pevn\u00e9 m\u00edsto m\u00e1 p\u0159edev\u0161\u00edm v souvislosti s irskou kulturou a s k\u0159es\u0165anskou v\u00edrou.<\/p><p>Pro mnoh\u00e9 lidi je keltsk\u00fd k\u0159\u00ed\u017e n\u00e1bo\u017eensk\u00fdm znamen\u00edm. Spojuje k\u0159es\u0165ansk\u00fd k\u0159\u00ed\u017e se zvl\u00e1\u0161tn\u00ed tradic\u00ed ostrovn\u00ed c\u00edrkve. Pro jin\u00e9 p\u0159edstavuje p\u0159edev\u0161\u00edm spojen\u00ed s keltsk\u00fdm a irsk\u00fdm p\u016fvodem. Oba v\u00fdznamy jsou si bl\u00edzk\u00e9 a nevylu\u010duj\u00ed se.<\/p><p>Jako jin\u00e1 star\u00e1 znamen\u00ed nen\u00ed ani keltsk\u00fd k\u0159\u00ed\u017e chr\u00e1n\u011bn p\u0159ed zneu\u017eit\u00edm. Stalo se, \u017ee tuto formu pou\u017eily skupiny, jejich\u017e z\u00e1jmy nemaj\u00ed s jej\u00edm k\u0159es\u0165ansk\u00fdm a kulturn\u00edm v\u00fdznamem nic spole\u010dn\u00e9ho. Kdo keltsk\u00fd k\u0159\u00ed\u017e zobrazuje, m\u011bl by jej ukazovat v jeho historick\u00fdch souvislostech.<\/p><p>Ve sv\u00e9m j\u00e1dru v\u0161ak keltsk\u00fd k\u0159\u00ed\u017e z\u016fst\u00e1v\u00e1 t\u00edm, \u010d\u00edm byl od ran\u00e9ho st\u0159edov\u011bku, k\u0159es\u0165ansk\u00fdm znamen\u00edm v nezam\u011bniteln\u00e9 podob\u011b. Kamenn\u00e9 vysok\u00e9 k\u0159\u00ed\u017ee Irska a Britanie stoj\u00ed dodnes a dosv\u011bd\u010duj\u00ed tento p\u016fvod. Jsou nejp\u016fsobiv\u011bj\u0161\u00edm sv\u011bdectv\u00edm znamen\u00ed, kter\u00e9 spojuje k\u0159\u00ed\u017e a kruh v trval\u00fd celek.<\/p>\t\t\t\t\t\t\t\t<\/div>\n\t\t\t\t<\/div>\n\t\t\t\t\t<\/div>\n\t\t\t\t<\/div>\n\t\t<div class=\"elementor-element elementor-element-iwgs-keltischeskr-lit e-flex e-con-boxed e-con e-parent\" data-id=\"iwgs-keltischeskr-lit\" data-element_type=\"container\" data-e-type=\"container\">\n\t\t\t\t\t<div class=\"e-con-inner\">\n\t\t\t\t<div class=\"elementor-element elementor-element-iwgs-keltischeskr-lith elementor-widget elementor-widget-heading\" data-id=\"iwgs-keltischeskr-lith\" data-element_type=\"widget\" data-e-type=\"widget\" data-widget_type=\"heading.default\">\n\t\t\t\t\t<h2 class=\"elementor-heading-title elementor-size-default\">Literatura (v\u00fdb\u011br)<\/h2>\t\t\t\t<\/div>\n\t\t<div class=\"elementor-element elementor-element-iwgs-keltischeskr-litbox e-con-full e-flex e-con e-parent\" data-id=\"iwgs-keltischeskr-litbox\" data-element_type=\"container\" data-e-type=\"container\">\n\t\t\t\t<div class=\"elementor-element elementor-element-iwgs-keltischeskr-litt elementor-widget elementor-widget-html\" data-id=\"iwgs-keltischeskr-litt\" data-element_type=\"widget\" data-e-type=\"widget\" data-widget_type=\"html.default\">\n\t\t\t\t\t<footer data-nosnippet=\"true\"><ul><li>Peter Harbison: <em>The High Crosses of Ireland<\/em> (1992)<\/li><li>Hilary Richardson: <em>Irish High Crosses<\/em> (1990)<\/li><li>Nancy Edwards: <em>The Archaeology of Early Medieval Ireland<\/em> (1990)<\/li><li>Roger Stalley: <em>Irish High Crosses<\/em> (1996)<\/li><li>Reiner S\u00f6rries: <em>Das Kreuz. Geschichte und Bedeutung<\/em> (2012)<\/li><\/ul><\/footer>\t\t\t\t<\/div>\n\t\t\t\t<\/div>\n\t\t\t\t\t<\/div>\n\t\t\t\t<\/div>\n\t\t<div class=\"elementor-element elementor-element-iwgs-keltischeskr-kwd e-flex e-con-boxed e-con e-parent\" data-id=\"iwgs-keltischeskr-kwd\" data-element_type=\"container\" data-e-type=\"container\">\n\t\t\t\t\t<div class=\"e-con-inner\">\n\t\t\t\t<div class=\"elementor-element elementor-element-iwgs-keltischeskr-kwdt elementor-widget elementor-widget-text-editor\" data-id=\"iwgs-keltischeskr-kwdt\" data-element_type=\"widget\" data-e-type=\"widget\" data-widget_type=\"text-editor.default\">\n\t\t\t\t\t\t\t\t\t<p><em>Souvisej\u00edc\u00ed kl\u00ed\u010dov\u00e9 pojmy: keltsk\u00fd k\u0159\u00ed\u017e, vysok\u00fd k\u0159\u00ed\u017e, kruhov\u00fd k\u0159\u00ed\u017e, ostrovn\u00ed um\u011bn\u00ed, kamenn\u00fd k\u0159\u00ed\u017e, Patrik, kazatelsk\u00fd k\u0159\u00ed\u017e, k\u0159es\u0165ansk\u00e9 znamen\u00ed.<\/em><\/p>\t\t\t\t\t\t\t\t<\/div>\n\t\t\t\t\t<\/div>\n\t\t\t\t<\/div>\n\t\t<div class=\"elementor-element elementor-element-iwgs-keltischeskr-cc e-flex e-con-boxed e-con e-parent\" data-id=\"iwgs-keltischeskr-cc\" data-element_type=\"container\" data-e-type=\"container\" id=\"iwg-cc-keltisches-kreuz\">\n\t\t\t\t\t<div class=\"e-con-inner\">\n\t\t<div class=\"elementor-element elementor-element-iwgs-keltischeskr-ccinner e-flex e-con-boxed e-con e-parent\" data-id=\"iwgs-keltischeskr-ccinner\" data-element_type=\"container\" data-e-type=\"container\" data-settings=\"{&quot;background_background&quot;:&quot;classic&quot;}\">\n\t\t\t\t\t<div class=\"e-con-inner\">\n\t\t\t\t<div class=\"elementor-element elementor-element-iwgs-keltischeskr-cch elementor-widget elementor-widget-heading\" data-id=\"iwgs-keltischeskr-cch\" data-element_type=\"widget\" data-e-type=\"widget\" data-widget_type=\"heading.default\">\n\t\t\t\t\t<h2 class=\"elementor-heading-title elementor-size-default\">iWell Guard a ochrann\u00e9 tradice<\/h2>\t\t\t\t<\/div>\n\t\t\t\t<div class=\"elementor-element elementor-element-iwgs-keltischeskr-cct elementor-widget elementor-widget-text-editor\" data-id=\"iwgs-keltischeskr-cct\" data-element_type=\"widget\" data-e-type=\"widget\" data-widget_type=\"text-editor.default\">\n\t\t\t\t\t\t\t\t\t<p>iWell Guard navazuje na kulturn\u011b-historickou linii p\u0159enosn\u00fdch ochrann\u00fdch p\u0159edm\u011bt\u016f, ke kter\u00e9 pat\u0159\u00ed i keltsk\u00fd k\u0159\u00ed\u017e. Modern\u00ed spole\u010dn\u00edk pro lidi, kte\u0159\u00ed \u017eij\u00ed s ochrann\u00fdmi symboly: vyrobeno v N\u011bmecku, 41 vrstev z ryz\u00edho zlata, platiny a st\u0159\u00edbra, s 30denn\u00ed lh\u016ftou na vr\u00e1cen\u00ed zbo\u017e\u00ed.<\/p>\t\t\t\t\t\t\t\t<\/div>\n\t\t\t\t<div class=\"elementor-element elementor-element-iwgs-keltischeskr-ccb iwg-cc-button iwg-cc-cta-2026-05-13 elementor-widget elementor-widget-jet-button\" data-id=\"iwgs-keltischeskr-ccb\" data-element_type=\"widget\" data-e-type=\"widget\" data-widget_type=\"jet-button.default\">\n\t\t\t\t<div class=\"elementor-widget-container\">\n\t\t\t\t\t<div class=\"elementor-jet-button jet-elements\"><div class=\"jet-button__container\"><a class=\"jet-button__instance jet-button__instance--icon-left hover-effect-1\" href=\"\/schutzanhaenger-iwell-guard-kaufen\/?utm_source=iwell-guard.com&amp;utm_medium=info-box&amp;utm_campaign=schutzsymbole\"><div class=\"jet-button__plane jet-button__plane-normal\"><\/div><div class=\"jet-button__plane jet-button__plane-hover\"><\/div><div class=\"jet-button__state jet-button__state-normal\"><span class=\"jet-button__label\">V\u00edce o iWell Guard<\/span><\/div><div class=\"jet-button__state jet-button__state-hover\"><span class=\"jet-button__label\">V\u00edce o iWell Guard<\/span><\/div><\/a><\/div><\/div><style>.elementor-element.elementor-element-iwgs-keltischeskr-ccb .jet-button__instance{width:320px;height:56px;}.elementor-element.elementor-element-iwgs-keltischeskr-ccb .jet-button__state-normal .jet-button__label{text-align:center;margin:0px 0px 0px 0px;color:#1a1b20;font-family:Montserrat,sans-serif;font-size:13px;font-weight:400;letter-spacing:4px;line-height:1.714em;text-transform:uppercase;}.elementor-element.elementor-element-iwgs-keltischeskr-ccb .jet-button__state-hover .jet-button__label{text-align:center;margin:0px 0px 0px 0px;color:#FECC76;font-family:Montserrat,sans-serif;font-size:13px;font-weight:400;letter-spacing:4px;line-height:1.714em;text-transform:uppercase;}.elementor-element.elementor-element-iwgs-keltischeskr-ccb .jet-button__plane-normal{background-color:#FECC76;border-style:solid;border-color:#C99540;border-width:2px 2px 2px 2px;}.elementor-element.elementor-element-iwgs-keltischeskr-ccb .jet-button__plane-hover{background-color:rgba(0,0,0,0.55);border-style:solid;border-color:#FECC76;border-width:2px 2px 2px 2px;}<\/style>\t\t\t\t<\/div>\n\t\t\t\t<\/div>\n\t\t\t\t<div class=\"elementor-element elementor-element-iwgs-keltischeskr-ccd elementor-widget elementor-widget-text-editor\" data-id=\"iwgs-keltischeskr-ccd\" data-element_type=\"widget\" data-e-type=\"widget\" data-widget_type=\"text-editor.default\">\n\t\t\t\t\t\t\t\t\t<p style=\"text-align:center;font-size:13px;opacity:0.7;margin-top:14px\" data-nosnippet=\"true\">Osobn\u00ed zku\u0161enosti se mohou li\u0161it. Nejde o zdravotnick\u00fd prost\u0159edek. Nejde o p\u0159\u00edslib l\u00e9\u010den\u00ed.<\/p>\t\t\t\t\t\t\t\t<\/div>\n\t\t\t\t\t<\/div>\n\t\t\t\t<\/div>\n\t\t\t\t\t<\/div>\n\t\t\t\t<\/div>\n\t\t<div class=\"elementor-element elementor-element-iwgs-keltischeskr-disc e-flex e-con-boxed e-con e-parent\" data-id=\"iwgs-keltischeskr-disc\" data-element_type=\"container\" data-e-type=\"container\">\n\t\t\t\t\t<div class=\"e-con-inner\">\n\t\t\t\t<div class=\"elementor-element elementor-element-iwgs-keltischeskr-discw elementor-widget elementor-widget-html\" data-id=\"iwgs-keltischeskr-discw\" data-element_type=\"widget\" data-e-type=\"widget\" data-widget_type=\"html.default\">\n\t\t\t\t\t<footer data-nosnippet=\"true\" class=\"iwg-disclaimer-block\"><p data-nosnippet=\"true\">iWell Guard <strong>nen\u00ed zdravotnick\u00fd prost\u0159edek<\/strong> a nenahrazuje l\u00e9ka\u0159skou ani psychoterapeutickou l\u00e9\u010dbu. Zde uveden\u00fd obsah p\u0159edstavuje religionistick\u00e9 a kulturn\u011b-historick\u00e9 za\u0159azen\u00ed, nikoli p\u0159\u00edslib duchovn\u00edho \u00fa\u010dinku.<\/p><\/footer>\t\t\t\t<\/div>\n\t\t\t\t\t<\/div>\n\t\t\t\t<\/div>\n\t\t\t\t<\/div>\n\t\t","protected":false},"excerpt":{"rendered":"","protected":false},"author":3,"featured_media":3491,"parent":0,"menu_order":0,"comment_status":"closed","ping_status":"closed","template":"elementor_header_footer","meta":{"_yoast_wpseo_focuskw":"keltsk\u00fd k\u0159\u00ed\u017e","_yoast_wpseo_title":"Keltsk\u00fd k\u0159\u00ed\u017e - vysok\u00fd k\u0159\u00ed\u017e a k\u0159es\u0165ansk\u00fd ochrann\u00fd symbol","_yoast_wpseo_metadesc":"Keltsk\u00fd k\u0159\u00ed\u017e s prstencem vych\u00e1z\u00ed z irsk\u00fdch vysok\u00fdch k\u0159\u00ed\u017e\u016f. Historie, forma a v\u00fdznam srozumiteln\u011b vysv\u011btleny.","_yoast_wpseo_meta-robots-noindex":"","_yoast_wpseo_canonical":"","_angie_page":false,"gefaehrdungsstufe":"","wesen_kultur":"","wesen_klasse":"","footnotes":""},"categories":[],"class_list":["post-145668","page","type-page","status-publish","has-post-thumbnail","hentry"],"yoast_head":"<!-- This site is optimized with the Yoast SEO Premium plugin v27.7 (Yoast SEO v28.3) - https:\/\/yoast.com\/product\/yoast-seo-premium-wordpress\/ -->\n<title>Keltsk\u00fd k\u0159\u00ed\u017e - vysok\u00fd k\u0159\u00ed\u017e a k\u0159es\u0165ansk\u00fd ochrann\u00fd symbol<\/title>\n<meta name=\"description\" content=\"Keltsk\u00fd k\u0159\u00ed\u017e s prstencem vych\u00e1z\u00ed z irsk\u00fdch vysok\u00fdch k\u0159\u00ed\u017e\u016f. Historie, forma a v\u00fdznam srozumiteln\u011b vysv\u011btleny.\" \/>\n<meta name=\"robots\" content=\"index, follow, max-snippet:-1, max-image-preview:large, max-video-preview:-1\" \/>\n<link rel=\"canonical\" href=\"https:\/\/iwell-guard.com\/cs\/keltsky-kriz-vysoky-kriz-ochranny-symbol\/\" \/>\n<meta property=\"og:locale\" content=\"cs_CZ\" \/>\n<meta property=\"og:type\" content=\"article\" \/>\n<meta property=\"og:title\" content=\"Keltsk\u00fd k\u0159\u00ed\u017e \u2013 vysok\u00fd k\u0159\u00ed\u017e a ochrann\u00fd symbol\" \/>\n<meta property=\"og:description\" content=\"Keltsk\u00fd k\u0159\u00ed\u017e s prstencem vych\u00e1z\u00ed z irsk\u00fdch vysok\u00fdch k\u0159\u00ed\u017e\u016f. Historie, forma a v\u00fdznam srozumiteln\u011b vysv\u011btleny.\" \/>\n<meta property=\"og:url\" content=\"https:\/\/iwell-guard.com\/cs\/keltsky-kriz-vysoky-kriz-ochranny-symbol\/\" \/>\n<meta property=\"og:site_name\" content=\"iWell Guard\" \/>\n<meta property=\"article:modified_time\" content=\"2026-09-03T17:02:29+00:00\" \/>\n<meta property=\"og:image\" content=\"https:\/\/iwell-guard.com\/wp-content\/uploads\/2026\/05\/schutzsymbol_keltisch_keltisches-kreuz.webp\" \/>\n\t<meta property=\"og:image:width\" content=\"1024\" \/>\n\t<meta property=\"og:image:height\" content=\"1536\" \/>\n\t<meta property=\"og:image:type\" content=\"image\/webp\" \/>\n<meta name=\"twitter:card\" content=\"summary_large_image\" \/>\n<script type=\"application\/ld+json\" class=\"yoast-schema-graph\">{\"@context\":\"https:\\\/\\\/schema.org\",\"@graph\":[{\"@type\":\"WebPage\",\"@id\":\"https:\\\/\\\/iwell-guard.com\\\/cs\\\/keltsky-kriz-vysoky-kriz-ochranny-symbol\\\/\",\"url\":\"https:\\\/\\\/iwell-guard.com\\\/cs\\\/keltsky-kriz-vysoky-kriz-ochranny-symbol\\\/\",\"name\":\"Keltsk\u00fd k\u0159\u00ed\u017e - vysok\u00fd k\u0159\u00ed\u017e a k\u0159es\u0165ansk\u00fd ochrann\u00fd symbol\",\"isPartOf\":{\"@id\":\"https:\\\/\\\/iwell-guard.com\\\/cs\\\/#website\"},\"primaryImageOfPage\":{\"@id\":\"https:\\\/\\\/iwell-guard.com\\\/cs\\\/keltsky-kriz-vysoky-kriz-ochranny-symbol\\\/#primaryimage\"},\"image\":{\"@id\":\"https:\\\/\\\/iwell-guard.com\\\/cs\\\/keltsky-kriz-vysoky-kriz-ochranny-symbol\\\/#primaryimage\"},\"thumbnailUrl\":\"https:\\\/\\\/iwell-guard.com\\\/wp-content\\\/uploads\\\/2026\\\/05\\\/schutzsymbol_keltisch_keltisches-kreuz.webp\",\"datePublished\":\"2026-09-03T16:32:37+00:00\",\"dateModified\":\"2026-09-03T17:02:29+00:00\",\"description\":\"Keltsk\u00fd k\u0159\u00ed\u017e s prstencem vych\u00e1z\u00ed z irsk\u00fdch vysok\u00fdch k\u0159\u00ed\u017e\u016f. Historie, forma a v\u00fdznam srozumiteln\u011b vysv\u011btleny.\",\"breadcrumb\":{\"@id\":\"https:\\\/\\\/iwell-guard.com\\\/cs\\\/keltsky-kriz-vysoky-kriz-ochranny-symbol\\\/#breadcrumb\"},\"inLanguage\":\"cs\",\"potentialAction\":[{\"@type\":\"ReadAction\",\"target\":[\"https:\\\/\\\/iwell-guard.com\\\/cs\\\/keltsky-kriz-vysoky-kriz-ochranny-symbol\\\/\"]}]},{\"@type\":\"ImageObject\",\"inLanguage\":\"cs\",\"@id\":\"https:\\\/\\\/iwell-guard.com\\\/cs\\\/keltsky-kriz-vysoky-kriz-ochranny-symbol\\\/#primaryimage\",\"url\":\"https:\\\/\\\/iwell-guard.com\\\/wp-content\\\/uploads\\\/2026\\\/05\\\/schutzsymbol_keltisch_keltisches-kreuz.webp\",\"contentUrl\":\"https:\\\/\\\/iwell-guard.com\\\/wp-content\\\/uploads\\\/2026\\\/05\\\/schutzsymbol_keltisch_keltisches-kreuz.webp\",\"width\":1024,\"height\":1536,\"caption\":\"Ochrann\u00fd symbol. Muzejn\u00ed ilustrace z\u00e1ti\u0161\u00ed.\"},{\"@type\":\"BreadcrumbList\",\"@id\":\"https:\\\/\\\/iwell-guard.com\\\/cs\\\/keltsky-kriz-vysoky-kriz-ochranny-symbol\\\/#breadcrumb\",\"itemListElement\":[{\"@type\":\"ListItem\",\"position\":1,\"name\":\"Start\",\"item\":\"https:\\\/\\\/iwell-guard.com\\\/cs\\\/?page_id=145107\"},{\"@type\":\"ListItem\",\"position\":2,\"name\":\"Keltsk\u00fd k\u0159\u00ed\u017e \u2013 vysok\u00fd k\u0159\u00ed\u017e a ochrann\u00fd symbol\"}]},{\"@type\":\"WebSite\",\"@id\":\"https:\\\/\\\/iwell-guard.com\\\/cs\\\/#website\",\"url\":\"https:\\\/\\\/iwell-guard.com\\\/cs\\\/\",\"name\":\"iWell Guard\",\"description\":\"Schutz vor dunklen Einfl\u00fcssen\",\"publisher\":{\"@id\":\"https:\\\/\\\/iwell-guard.com\\\/cs\\\/#organization\"},\"potentialAction\":[{\"@type\":\"SearchAction\",\"target\":{\"@type\":\"EntryPoint\",\"urlTemplate\":\"https:\\\/\\\/iwell-guard.com\\\/cs\\\/?s={search_term_string}\"},\"query-input\":{\"@type\":\"PropertyValueSpecification\",\"valueRequired\":true,\"valueName\":\"search_term_string\"}}],\"inLanguage\":\"cs\"},{\"@type\":\"Organization\",\"@id\":\"https:\\\/\\\/iwell-guard.com\\\/cs\\\/#organization\",\"name\":\"Ittermann electronic GmbH\",\"url\":\"https:\\\/\\\/iwell-guard.com\\\/cs\\\/\",\"logo\":{\"@type\":\"ImageObject\",\"inLanguage\":\"cs\",\"@id\":\"https:\\\/\\\/iwell-guard.com\\\/cs\\\/#\\\/schema\\\/logo\\\/image\\\/\",\"url\":\"https:\\\/\\\/iwell-guard.com\\\/wp-content\\\/uploads\\\/2026\\\/05\\\/Ittermann-Logo-1182x237-1.png\",\"contentUrl\":\"https:\\\/\\\/iwell-guard.com\\\/wp-content\\\/uploads\\\/2026\\\/05\\\/Ittermann-Logo-1182x237-1.png\",\"width\":1182,\"height\":237,\"caption\":\"Ittermann electronic GmbH\"},\"image\":{\"@id\":\"https:\\\/\\\/iwell-guard.com\\\/cs\\\/#\\\/schema\\\/logo\\\/image\\\/\"},\"sameAs\":[\"https:\\\/\\\/pantip.com\\\/profile\\\/9367242\",\"https:\\\/\\\/micro.blog\\\/iwellguard\",\"https:\\\/\\\/www.diggerslist.com\\\/iwellguard\\\/about\",\"https:\\\/\\\/skitterphoto.com\\\/photographers\\\/2870314\\\/iwell-guard\",\"https:\\\/\\\/iwellguard.wordpress.com\\\/2026\\\/06\\\/06\\\/iwell-guard\\\/\",\"https:\\\/\\\/hub.docker.com\\\/u\\\/iwellguard\",\"https:\\\/\\\/www.pinterest.com\\\/iwellguard\\\/\",\"https:\\\/\\\/bit.ly\\\/m\\\/iwellguard\",\"https:\\\/\\\/entre-vos-mains.alsace.eu\\\/profiles\\\/iwellguard\\\/activity\",\"https:\\\/\\\/gravatar.com\\\/reallybeded8fd34\",\"https:\\\/\\\/naijamatta.com\\\/iwellguard\",\"https:\\\/\\\/www.goodreads.com\\\/iwellguard\",\"https:\\\/\\\/profile.hatena.ne.jp\\\/iwellguard\\\/\",\"https:\\\/\\\/experiment.com\\\/users\\\/iwellguard\",\"https:\\\/\\\/wakelet.com\\\/@iWellGuard82270\",\"https:\\\/\\\/www.chordie.com\\\/forum\\\/profile.php?id=2555664\",\"https:\\\/\\\/www.instapaper.com\\\/p\\\/17757966\",\"https:\\\/\\\/www.mapleprimes.com\\\/users\\\/iwellguard\",\"https:\\\/\\\/businesslistingplus.com\\\/profile\\\/iwell-guard\\\/\",\"https:\\\/\\\/telegra.ph\\\/iWell-Guard-06-06\",\"https:\\\/\\\/pbase.com\\\/iwellguard\\\/iwellguard\",\"https:\\\/\\\/b.hatena.ne.jp\\\/iwellguard\\\/20260607#bookmark-4788405196491818882\",\"https:\\\/\\\/fliphtml5.com\\\/home\\\/iwellguard\",\"https:\\\/\\\/anyflip.com\\\/homepage\\\/cmiwl#About\",\"https:\\\/\\\/transfur.com\\\/Users\\\/iwellguard\",\"http:\\\/\\\/delphi.larsbo.org\\\/user\\\/iwellguard\",\"https:\\\/\\\/jobs.lajobsportal.org\\\/profiles\\\/8380803-iwell-guard\",\"https:\\\/\\\/md.chaosdorf.de\\\/s\\\/jfbe5SBdJD\",\"https:\\\/\\\/www.lingvolive.com\\\/en-us\\\/profile\\\/9ecaeaca-ce11-4e51-9e71-01d55e2bff36\\\/translations\",\"https:\\\/\\\/www.fitday.com\\\/fitness\\\/forums\\\/members\\\/iwellguard.html\",\"https:\\\/\\\/www.mymeetbook.com\\\/iwellguard\",\"https:\\\/\\\/pxhere.com\\\/en\\\/photographer-me\\\/5040798\",\"https:\\\/\\\/disqus.com\\\/by\\\/iwellguard\\\/about\\\/\",\"https:\\\/\\\/pastelink.net\\\/hjwciqwq\",\"https:\\\/\\\/pubhtml5.com\\\/homepage\\\/scjhn\\\/\",\"https:\\\/\\\/www.bitchute.com\\\/channel\\\/2O2eOKzNqujT\",\"https:\\\/\\\/audiomack.com\\\/iwellguard\"]}]}<\/script>\n<!-- \/ Yoast SEO Premium plugin. -->","yoast_head_json":{"title":"Keltsk\u00fd k\u0159\u00ed\u017e - vysok\u00fd k\u0159\u00ed\u017e a k\u0159es\u0165ansk\u00fd ochrann\u00fd symbol","description":"Keltsk\u00fd k\u0159\u00ed\u017e s prstencem vych\u00e1z\u00ed z irsk\u00fdch vysok\u00fdch k\u0159\u00ed\u017e\u016f. Historie, forma a v\u00fdznam srozumiteln\u011b vysv\u011btleny.","robots":{"index":"index","follow":"follow","max-snippet":"max-snippet:-1","max-image-preview":"max-image-preview:large","max-video-preview":"max-video-preview:-1"},"canonical":"https:\/\/iwell-guard.com\/cs\/keltsky-kriz-vysoky-kriz-ochranny-symbol\/","og_locale":"cs_CZ","og_type":"article","og_title":"Keltsk\u00fd k\u0159\u00ed\u017e \u2013 vysok\u00fd k\u0159\u00ed\u017e a ochrann\u00fd symbol","og_description":"Keltsk\u00fd k\u0159\u00ed\u017e s prstencem vych\u00e1z\u00ed z irsk\u00fdch vysok\u00fdch k\u0159\u00ed\u017e\u016f. Historie, forma a v\u00fdznam srozumiteln\u011b vysv\u011btleny.","og_url":"https:\/\/iwell-guard.com\/cs\/keltsky-kriz-vysoky-kriz-ochranny-symbol\/","og_site_name":"iWell Guard","article_modified_time":"2026-09-03T17:02:29+00:00","og_image":[{"width":1024,"height":1536,"url":"https:\/\/iwell-guard.com\/wp-content\/uploads\/2026\/05\/schutzsymbol_keltisch_keltisches-kreuz.webp","type":"image\/webp"}],"twitter_card":"summary_large_image","schema":{"@context":"https:\/\/schema.org","@graph":[{"@type":"WebPage","@id":"https:\/\/iwell-guard.com\/cs\/keltsky-kriz-vysoky-kriz-ochranny-symbol\/","url":"https:\/\/iwell-guard.com\/cs\/keltsky-kriz-vysoky-kriz-ochranny-symbol\/","name":"Keltsk\u00fd k\u0159\u00ed\u017e - vysok\u00fd k\u0159\u00ed\u017e a k\u0159es\u0165ansk\u00fd ochrann\u00fd symbol","isPartOf":{"@id":"https:\/\/iwell-guard.com\/cs\/#website"},"primaryImageOfPage":{"@id":"https:\/\/iwell-guard.com\/cs\/keltsky-kriz-vysoky-kriz-ochranny-symbol\/#primaryimage"},"image":{"@id":"https:\/\/iwell-guard.com\/cs\/keltsky-kriz-vysoky-kriz-ochranny-symbol\/#primaryimage"},"thumbnailUrl":"https:\/\/iwell-guard.com\/wp-content\/uploads\/2026\/05\/schutzsymbol_keltisch_keltisches-kreuz.webp","datePublished":"2026-09-03T16:32:37+00:00","dateModified":"2026-09-03T17:02:29+00:00","description":"Keltsk\u00fd k\u0159\u00ed\u017e s prstencem vych\u00e1z\u00ed z irsk\u00fdch vysok\u00fdch k\u0159\u00ed\u017e\u016f. Historie, forma a v\u00fdznam srozumiteln\u011b vysv\u011btleny.","breadcrumb":{"@id":"https:\/\/iwell-guard.com\/cs\/keltsky-kriz-vysoky-kriz-ochranny-symbol\/#breadcrumb"},"inLanguage":"cs","potentialAction":[{"@type":"ReadAction","target":["https:\/\/iwell-guard.com\/cs\/keltsky-kriz-vysoky-kriz-ochranny-symbol\/"]}]},{"@type":"ImageObject","inLanguage":"cs","@id":"https:\/\/iwell-guard.com\/cs\/keltsky-kriz-vysoky-kriz-ochranny-symbol\/#primaryimage","url":"https:\/\/iwell-guard.com\/wp-content\/uploads\/2026\/05\/schutzsymbol_keltisch_keltisches-kreuz.webp","contentUrl":"https:\/\/iwell-guard.com\/wp-content\/uploads\/2026\/05\/schutzsymbol_keltisch_keltisches-kreuz.webp","width":1024,"height":1536,"caption":"Ochrann\u00fd symbol. Muzejn\u00ed ilustrace z\u00e1ti\u0161\u00ed."},{"@type":"BreadcrumbList","@id":"https:\/\/iwell-guard.com\/cs\/keltsky-kriz-vysoky-kriz-ochranny-symbol\/#breadcrumb","itemListElement":[{"@type":"ListItem","position":1,"name":"Start","item":"https:\/\/iwell-guard.com\/cs\/?page_id=145107"},{"@type":"ListItem","position":2,"name":"Keltsk\u00fd k\u0159\u00ed\u017e \u2013 vysok\u00fd k\u0159\u00ed\u017e a ochrann\u00fd symbol"}]},{"@type":"WebSite","@id":"https:\/\/iwell-guard.com\/cs\/#website","url":"https:\/\/iwell-guard.com\/cs\/","name":"iWell Guard","description":"Schutz vor dunklen Einfl\u00fcssen","publisher":{"@id":"https:\/\/iwell-guard.com\/cs\/#organization"},"potentialAction":[{"@type":"SearchAction","target":{"@type":"EntryPoint","urlTemplate":"https:\/\/iwell-guard.com\/cs\/?s={search_term_string}"},"query-input":{"@type":"PropertyValueSpecification","valueRequired":true,"valueName":"search_term_string"}}],"inLanguage":"cs"},{"@type":"Organization","@id":"https:\/\/iwell-guard.com\/cs\/#organization","name":"Ittermann electronic GmbH","url":"https:\/\/iwell-guard.com\/cs\/","logo":{"@type":"ImageObject","inLanguage":"cs","@id":"https:\/\/iwell-guard.com\/cs\/#\/schema\/logo\/image\/","url":"https:\/\/iwell-guard.com\/wp-content\/uploads\/2026\/05\/Ittermann-Logo-1182x237-1.png","contentUrl":"https:\/\/iwell-guard.com\/wp-content\/uploads\/2026\/05\/Ittermann-Logo-1182x237-1.png","width":1182,"height":237,"caption":"Ittermann electronic GmbH"},"image":{"@id":"https:\/\/iwell-guard.com\/cs\/#\/schema\/logo\/image\/"},"sameAs":["https:\/\/pantip.com\/profile\/9367242","https:\/\/micro.blog\/iwellguard","https:\/\/www.diggerslist.com\/iwellguard\/about","https:\/\/skitterphoto.com\/photographers\/2870314\/iwell-guard","https:\/\/iwellguard.wordpress.com\/2026\/06\/06\/iwell-guard\/","https:\/\/hub.docker.com\/u\/iwellguard","https:\/\/www.pinterest.com\/iwellguard\/","https:\/\/bit.ly\/m\/iwellguard","https:\/\/entre-vos-mains.alsace.eu\/profiles\/iwellguard\/activity","https:\/\/gravatar.com\/reallybeded8fd34","https:\/\/naijamatta.com\/iwellguard","https:\/\/www.goodreads.com\/iwellguard","https:\/\/profile.hatena.ne.jp\/iwellguard\/","https:\/\/experiment.com\/users\/iwellguard","https:\/\/wakelet.com\/@iWellGuard82270","https:\/\/www.chordie.com\/forum\/profile.php?id=2555664","https:\/\/www.instapaper.com\/p\/17757966","https:\/\/www.mapleprimes.com\/users\/iwellguard","https:\/\/businesslistingplus.com\/profile\/iwell-guard\/","https:\/\/telegra.ph\/iWell-Guard-06-06","https:\/\/pbase.com\/iwellguard\/iwellguard","https:\/\/b.hatena.ne.jp\/iwellguard\/20260607#bookmark-4788405196491818882","https:\/\/fliphtml5.com\/home\/iwellguard","https:\/\/anyflip.com\/homepage\/cmiwl#About","https:\/\/transfur.com\/Users\/iwellguard","http:\/\/delphi.larsbo.org\/user\/iwellguard","https:\/\/jobs.lajobsportal.org\/profiles\/8380803-iwell-guard","https:\/\/md.chaosdorf.de\/s\/jfbe5SBdJD","https:\/\/www.lingvolive.com\/en-us\/profile\/9ecaeaca-ce11-4e51-9e71-01d55e2bff36\/translations","https:\/\/www.fitday.com\/fitness\/forums\/members\/iwellguard.html","https:\/\/www.mymeetbook.com\/iwellguard","https:\/\/pxhere.com\/en\/photographer-me\/5040798","https:\/\/disqus.com\/by\/iwellguard\/about\/","https:\/\/pastelink.net\/hjwciqwq","https:\/\/pubhtml5.com\/homepage\/scjhn\/","https:\/\/www.bitchute.com\/channel\/2O2eOKzNqujT","https:\/\/audiomack.com\/iwellguard"]}]}},"_links":{"self":[{"href":"https:\/\/iwell-guard.com\/cs\/wp-json\/wp\/v2\/pages\/145668","targetHints":{"allow":["GET"]}}],"collection":[{"href":"https:\/\/iwell-guard.com\/cs\/wp-json\/wp\/v2\/pages"}],"about":[{"href":"https:\/\/iwell-guard.com\/cs\/wp-json\/wp\/v2\/types\/page"}],"author":[{"embeddable":true,"href":"https:\/\/iwell-guard.com\/cs\/wp-json\/wp\/v2\/users\/3"}],"replies":[{"embeddable":true,"href":"https:\/\/iwell-guard.com\/cs\/wp-json\/wp\/v2\/comments?post=145668"}],"version-history":[{"count":0,"href":"https:\/\/iwell-guard.com\/cs\/wp-json\/wp\/v2\/pages\/145668\/revisions"}],"wp:featuredmedia":[{"embeddable":true,"href":"https:\/\/iwell-guard.com\/cs\/wp-json\/wp\/v2\/media\/3491"}],"wp:attachment":[{"href":"https:\/\/iwell-guard.com\/cs\/wp-json\/wp\/v2\/media?parent=145668"}],"wp:term":[{"taxonomy":"category","embeddable":true,"href":"https:\/\/iwell-guard.com\/cs\/wp-json\/wp\/v2\/categories?post=145668"}],"curies":[{"name":"wp","href":"https:\/\/api.w.org\/{rel}","templated":true}]}}