{"id":145665,"date":"2026-09-03T16:32:35","date_gmt":"2026-09-03T16:32:35","guid":{"rendered":"https:\/\/iwell-guard.com\/?page_id=145665"},"modified":"2026-09-03T17:02:24","modified_gmt":"2026-09-03T17:02:24","slug":"valknut-seversky-uzel-padlych","status":"publish","type":"page","link":"https:\/\/iwell-guard.com\/cs\/valknut-seversky-uzel-padlych\/","title":{"rendered":"Valknut \u2013 seversk\u00fd uzel padl\u00fdch"},"content":{"rendered":"\t\t<div data-elementor-type=\"wp-page\" data-elementor-id=\"145665\" class=\"elementor elementor-145665 elementor-3616 elementor-bc-flex-widget\" data-elementor-post-type=\"page\">\n\t\t\t\t<div class=\"elementor-element elementor-element-iwgs-valknut-hero e-flex e-con-boxed e-con e-parent\" data-id=\"iwgs-valknut-hero\" data-element_type=\"container\" data-e-type=\"container\">\n\t\t\t\t\t<div class=\"e-con-inner\">\n\t\t<div class=\"elementor-element elementor-element-iwgs-valknut-hl e-flex e-con-boxed e-con e-parent\" data-id=\"iwgs-valknut-hl\" data-element_type=\"container\" data-e-type=\"container\">\n\t\t\t\t\t<div class=\"e-con-inner\">\n\t\t<div class=\"elementor-element elementor-element-iwgs-valknut-hlbox e-con-full e-flex e-con e-parent\" data-id=\"iwgs-valknut-hlbox\" data-element_type=\"container\" data-e-type=\"container\">\n\t\t\t\t<div class=\"elementor-element elementor-element-iwgs-valknut-h1 elementor-widget elementor-widget-heading\" data-id=\"iwgs-valknut-h1\" data-element_type=\"widget\" data-e-type=\"widget\" data-widget_type=\"heading.default\">\n\t\t\t\t\t<h1 class=\"elementor-heading-title elementor-size-default\">Valknut \u2013 seversk\u00fd uzel padl\u00fdch<\/h1>\t\t\t\t<\/div>\n\t\t\t\t<div class=\"elementor-element elementor-element-iwgs-valknut-lead elementor-widget elementor-widget-text-editor\" data-id=\"iwgs-valknut-lead\" data-element_type=\"widget\" data-e-type=\"widget\" data-widget_type=\"text-editor.default\">\n\t\t\t\t\t\t\t\t\t<p>Valknut, t\u0159i do sebe propleten\u00e9 troj\u00faheln\u00edky, pat\u0159\u00ed k nejn\u00e1padn\u011bj\u0161\u00edm znak\u016fm seversk\u00e9ho sv\u011bta. Objevuje se na vikinsk\u00fdch obrazov\u00fdch kamenech, je \u00fazce spojen s Odinem a padl\u00fdmi bojovn\u00edky a badatel\u016fm dodnes zad\u00e1v\u00e1 h\u00e1danky.<\/p>\t\t\t\t\t\t\t\t<\/div>\n\t\t\t\t<\/div>\n\t\t\t\t<div class=\"elementor-element elementor-element-iwgs-valknut-pills elementor-widget elementor-widget-html\" data-id=\"iwgs-valknut-pills\" data-element_type=\"widget\" data-e-type=\"widget\" data-widget_type=\"html.default\">\n\t\t\t\t\t<div class=\"iwg-pill-row\"><span class=\"iwg-klasse-badge\" tabindex=\"0\" data-tooltip=\"Ochrann\u00fd symbol, amulet nebo apotropajn\u00ed p\u0159edm\u011bt.\">Ochrann\u00fd symbol<\/span><a href=\"https:\/\/iwell-guard.com\/cs\/germansky\/\" class=\"iwg-kultur-badge\" tabindex=\"0\" data-tooltip=\"Ochrann\u00e1 tradice: Germ\u00e1nsk\u00e1\">Germ\u00e1nsk\u00e1<\/a><span class=\"iwg-tradition-badge\" tabindex=\"0\" data-tooltip=\"Symbol s ochrannou nebo v\u00fdznamovou funkc\u00ed.\">Znak<\/span><\/div>\t\t\t\t<\/div>\n\t\t\t\t\t<\/div>\n\t\t\t\t<\/div>\n\t\t<div class=\"elementor-element elementor-element-iwgs-valknut-hr e-con-full e-flex e-con e-parent\" data-id=\"iwgs-valknut-hr\" data-element_type=\"container\" data-e-type=\"container\">\n\t\t\t\t<div class=\"elementor-element elementor-element-iwgs-valknut-himg iwg-hero-image elementor-widget elementor-widget-image\" data-id=\"iwgs-valknut-himg\" data-element_type=\"widget\" data-e-type=\"widget\" data-widget_type=\"image.default\">\n\t\t\t\t\t\t\t\t\t\t\t\t\t\t\t<img fetchpriority=\"high\" decoding=\"async\" width=\"683\" height=\"1024\" src=\"https:\/\/iwell-guard.com\/wp-content\/uploads\/2026\/05\/schutzsymbol_germanisch_valknut-683x1024.webp\" class=\"attachment-large size-large wp-image-147097\" alt=\"Valknut - ochrann\u00fd symbol, muzejn\u00ed ilustrace\" srcset=\"https:\/\/iwell-guard.com\/wp-content\/uploads\/2026\/05\/schutzsymbol_germanisch_valknut-683x1024.webp 683w, https:\/\/iwell-guard.com\/wp-content\/uploads\/2026\/05\/schutzsymbol_germanisch_valknut-200x300.webp 200w, https:\/\/iwell-guard.com\/wp-content\/uploads\/2026\/05\/schutzsymbol_germanisch_valknut-768x1152.webp 768w, https:\/\/iwell-guard.com\/wp-content\/uploads\/2026\/05\/schutzsymbol_germanisch_valknut.webp 1024w\" sizes=\"(max-width: 683px) 100vw, 683px\" \/>\t\t\t\t\t\t\t\t\t\t\t\t\t\t\t<\/div>\n\t\t\t\t<\/div>\n\t\t\t\t\t<\/div>\n\t\t\t\t<\/div>\n\t\t<div class=\"elementor-element elementor-element-iwgs-valknut-s0 e-flex e-con-boxed e-con e-parent\" data-id=\"iwgs-valknut-s0\" data-element_type=\"container\" data-e-type=\"container\">\n\t\t\t\t\t<div class=\"e-con-inner\">\n\t\t\t\t<div class=\"elementor-element elementor-element-iwgs-valknut-s0h elementor-widget elementor-widget-heading\" data-id=\"iwgs-valknut-s0h\" data-element_type=\"widget\" data-e-type=\"widget\" data-widget_type=\"heading.default\">\n\t\t\t\t\t<h2 class=\"elementor-heading-title elementor-size-default\">Za\u0159azen\u00ed<\/h2>\t\t\t\t<\/div>\n\t\t<div class=\"elementor-element elementor-element-iwgs-valknut-s0box e-con-full e-flex e-con e-parent\" data-id=\"iwgs-valknut-s0box\" data-element_type=\"container\" data-e-type=\"container\">\n\t\t\t\t<div class=\"elementor-element elementor-element-iwgs-valknut-s0t elementor-widget elementor-widget-text-editor\" data-id=\"iwgs-valknut-s0t\" data-element_type=\"widget\" data-e-type=\"widget\" data-widget_type=\"text-editor.default\">\n\t\t\t\t\t\t\t\t\t<p>Valknut je znak tvo\u0159en\u00fd t\u0159emi do sebe propleten\u00fdmi troj\u00faheln\u00edky. Poch\u00e1z\u00ed z <a href=\"https:\/\/iwell-guard.com\/cs\/germansky\/\">germ\u00e1nsko-seversk\u00e9ho<\/a> sv\u011bta a je zn\u00e1m p\u0159edev\u0161\u00edm z doby viking\u016f.<\/p><p>Na obrazov\u00fdch kamenech a na n\u011bkolika p\u0159edm\u011btech z tohoto obdob\u00ed je dolo\u017een v\u00edcekr\u00e1t. Jeho geometrick\u00e1 podoba je jasn\u00e1 a snadno zapamatovateln\u00e1. Z\u00e1rove\u0148 pat\u0159\u00ed valknut mezi znaky, jejich\u017e v\u00fdznam nen\u00ed zcela objasn\u011bn.<\/p><p>Valknut se t\u00e9m\u011b\u0159 v\u017edy objevuje v ur\u010dit\u00e9m souvisl\u00e9m kontextu. Vyskytuje se v bl\u00edzkosti v\u00fdjev\u016f spojen\u00fdch s bohem Odinem, s bojem a se smrt\u00ed. Toto pozorov\u00e1n\u00ed je nejd\u016fle\u017eit\u011bj\u0161\u00edm vod\u00edtkem pro jeho v\u00fdklad. Z dan\u00e9ho kontextu lze odvodit, do jak\u00e9 oblasti znak pat\u0159il.<\/p><p>V <span class=\"iwg-fachbegriff\" data-tooltip=\"V\u011bda, kter\u00e1 zkoum\u00e1 n\u00e1bo\u017eenstv\u00ed srovn\u00e1vac\u00edm zp\u016fsobem a bez vyznava\u010dsk\u00e9 vazby.\" tabindex=\"0\">religionistice<\/span> se s valknutem zach\u00e1z\u00ed zdr\u017eenliv\u011b. Neexistuje \u017e\u00e1dn\u00fd p\u00edsemn\u00fd pramen z doby viking\u016f, kter\u00fd by znak vysv\u011btloval. V\u0161e, co se o jeho v\u00fdznamu tvrd\u00ed, se op\u00edr\u00e1 o z\u00e1v\u011bry vyvozen\u00e9 z n\u00e1lezov\u00e9ho kontextu. Tato situace vy\u017eaduje opatrn\u00fd v\u00fdklad, kter\u00fd jasn\u011b odd\u011bluje jist\u00e9 poznatky od domn\u011bnek.<\/p><p>Valknut je tak v\u00fdmluvn\u00fdm p\u0159\u00edkladem. Ukazuje, \u017ee ne ka\u017ed\u00fd star\u00fd znak lze zcela pochopit. N\u011bkter\u00e9 symboly se dochovaly, ani\u017e by se s nimi dochoval i jejich p\u0159esn\u00fd v\u00fdznam. Poctiv\u00fd v\u00fdklad tuto hranici jasn\u011b uv\u00e1d\u00ed, m\u00edsto aby ji zaml\u010doval. Pr\u00e1v\u011b to d\u011bl\u00e1 z valknutu zaj\u00edmav\u00fd p\u0159edm\u011bt z\u00e1jmu.<\/p>\t\t\t\t\t\t\t\t<\/div>\n\t\t\t\t<\/div>\n\t\t\t\t\t<\/div>\n\t\t\t\t<\/div>\n\t\t<div class=\"elementor-element elementor-element-iwgs-valknut-s1 e-flex e-con-boxed e-con e-parent\" data-id=\"iwgs-valknut-s1\" data-element_type=\"container\" data-e-type=\"container\">\n\t\t\t\t\t<div class=\"e-con-inner\">\n\t\t\t\t<div class=\"elementor-element elementor-element-iwgs-valknut-s1h elementor-widget elementor-widget-heading\" data-id=\"iwgs-valknut-s1h\" data-element_type=\"widget\" data-e-type=\"widget\" data-widget_type=\"heading.default\">\n\t\t\t\t\t<h2 class=\"elementor-heading-title elementor-size-default\">Jm\u00e9no a jeho p\u016fvod<\/h2>\t\t\t\t<\/div>\n\t\t<div class=\"elementor-element elementor-element-iwgs-valknut-s1box e-con-full e-flex e-con e-parent\" data-id=\"iwgs-valknut-s1box\" data-element_type=\"container\" data-e-type=\"container\">\n\t\t\t\t<div class=\"elementor-element elementor-element-iwgs-valknut-s1t elementor-widget elementor-widget-text-editor\" data-id=\"iwgs-valknut-s1t\" data-element_type=\"widget\" data-e-type=\"widget\" data-widget_type=\"text-editor.default\">\n\t\t\t\t\t\t\t\t\t<p>Jm\u00e9no valknut zn\u011blo sta\u0159e, ve skute\u010dnosti je ale modern\u00ed. V dochovan\u00fdch staroseversk\u00fdch textech se nevyskytuje. Jak lid\u00e9 doby viking\u016f znak naz\u00fdvali, nen\u00ed zn\u00e1mo. Jm\u00e9no vzniklo teprve v nov\u011bj\u0161\u00ed dob\u011b, aby bylo mo\u017en\u00e9 znak v\u016fbec ozna\u010dit.<\/p><p>Modern\u00ed jm\u00e9no se skl\u00e1d\u00e1 ze dvou staroseversk\u00fdch slov. Prvn\u00ed ozna\u010duje padl\u00e9 v boji, zabit\u00e9. Druh\u00e9 znamen\u00e1 uzel. Spojen\u00edm vznik\u00e1 v\u00fdznam uzel padl\u00fdch. Toto jm\u00e9no shrnuje p\u0159edpokl\u00e1dan\u00fd v\u00fdznam znaku do jedin\u00e9ho slova.<\/p><p>Je d\u016fle\u017eit\u00e9 si tento p\u016fvod jm\u00e9na uv\u011bdomit. Jm\u00e9no je ji\u017e samo v\u00fdkladem. Nazna\u010duje, \u017ee znak souvis\u00ed s padl\u00fdmi a s Odinem.<\/p><p>Tento v\u00fdklad je dob\u0159e od\u016fvodn\u011bn\u00fd, ale nen\u00ed potvrzen \u017e\u00e1dn\u00fdm star\u00fdm pramenem. Jm\u00e9no se nesm\u00ed zam\u011b\u0148ovat s dolo\u017een\u00fdm n\u00e1lezem.<\/p><p>Toto rozli\u0161en\u00ed nen\u00ed pouhou vedlej\u0161\u00ed pozn\u00e1mkou. T\u00fdk\u00e1 se j\u00e1dra poctiv\u00e9ho zach\u00e1zen\u00ed s historick\u00fdmi znaky. Modern\u00ed jm\u00e9no m\u016f\u017ee b\u00fdt praktick\u00e9 a v\u00fdsti\u017en\u00e9, a p\u0159esto z\u016fst\u00e1v\u00e1 ustanoven\u00edm badatel\u016f. U valknutu je tato situace zvl\u00e1\u0161\u0165 patrn\u00e1, proto\u017ee zde je novodob\u00fdm v\u00fdtvorem dokonce i samo jm\u00e9no.<\/p>\t\t\t\t\t\t\t\t<\/div>\n\t\t\t\t<\/div>\n\t\t\t\t\t<\/div>\n\t\t\t\t<\/div>\n\t\t<div class=\"elementor-element elementor-element-iwgs-valknut-s2 e-flex e-con-boxed e-con e-parent\" data-id=\"iwgs-valknut-s2\" data-element_type=\"container\" data-e-type=\"container\">\n\t\t\t\t\t<div class=\"e-con-inner\">\n\t\t\t\t<div class=\"elementor-element elementor-element-iwgs-valknut-s2h elementor-widget elementor-widget-heading\" data-id=\"iwgs-valknut-s2h\" data-element_type=\"widget\" data-e-type=\"widget\" data-widget_type=\"heading.default\">\n\t\t\t\t\t<h2 class=\"elementor-heading-title elementor-size-default\">Podoba: t\u0159i propleten\u00e9 troj\u00faheln\u00edky<\/h2>\t\t\t\t<\/div>\n\t\t<div class=\"elementor-element elementor-element-iwgs-valknut-s2box e-con-full e-flex e-con e-parent\" data-id=\"iwgs-valknut-s2box\" data-element_type=\"container\" data-e-type=\"container\">\n\t\t\t\t<div class=\"elementor-element elementor-element-iwgs-valknut-s2t elementor-widget elementor-widget-text-editor\" data-id=\"iwgs-valknut-s2t\" data-element_type=\"widget\" data-e-type=\"widget\" data-widget_type=\"text-editor.default\">\n\t\t\t\t\t\t\t\t\t<p>Valknut se skl\u00e1d\u00e1 ze t\u0159\u00ed rovnostrann\u00fdch troj\u00faheln\u00edk\u016f, kter\u00e9 jsou vz\u00e1jemn\u011b propleten\u00e9. Troj\u00faheln\u00edky do sebe zapadaj\u00ed tak, \u017ee \u017e\u00e1dn\u00fd z nich se nelze odd\u011blit od ostatn\u00edch. Z tohoto propleten\u00ed vznik\u00e1 nezam\u011bniteln\u00e1 podoba znaku. P\u016fsob\u00ed z\u00e1rove\u0148 \u0159\u00e1dem i um\u011bleck\u00fdm dojmem.<\/p><p>Zachovan\u00e9 doklady ukazuj\u00ed dv\u011b z\u00e1kladn\u00ed formy. V jedn\u00e9 podob\u011b je valknut tvo\u0159en jedinou souvislou lini\u00ed, kter\u00e1 se propletuje a na konci se vrac\u00ed sama k sob\u011b. Ve druh\u00e9 podob\u011b se t\u0159i troj\u00faheln\u00edky skl\u00e1daj\u00ed z odd\u011blen\u00fdch lini\u00ed. Ob\u011b formy se vyskytuj\u00ed.<\/p><p>Toto rozli\u0161en\u00ed m\u00e1 v\u00fdznam pro v\u00fdklad. Forma z jedn\u00e9 jedin\u00e9 linie se bl\u00ed\u017e\u00ed nekone\u010dn\u00fdm, nep\u0159eru\u0161en\u00fdm znak\u016fm, kter\u00fdm mnoh\u00e9 kultury p\u0159isuzovaly ochrannou moc. Uzav\u0159en\u00e1 linie bez po\u010d\u00e1tku a konce byla pova\u017eov\u00e1na za hranici, kterou nic nepronikne. Zda tato p\u0159edstava hr\u00e1la roli i u valknutu, se v\u0161ak ned\u00e1 dok\u00e1zat.<\/p><p>Jasn\u00e1 geometrick\u00e1 forma u\u010dinila valknut snadno rozpoznateln\u00fdm. Dal se vyr\u00fdt do kamene i vy\u0159ezat do d\u0159eva. Pr\u00e1v\u011b tato jednoduch\u00e1 a p\u0159itom um\u011bleck\u00e1 podoba p\u0159isp\u011bla k tomu, \u017ee znak p\u0159etrval stalet\u00ed. Dodnes je valknut na prvn\u00ed pohled rozpoznateln\u00fd jako seversk\u00fd znak.<\/p>\t\t\t\t\t\t\t\t<\/div>\n\t\t\t\t<\/div>\n\t\t\t\t\t<\/div>\n\t\t\t\t<\/div>\n\t\t<div class=\"elementor-element elementor-element-iwgs-valknut-s3 e-flex e-con-boxed e-con e-parent\" data-id=\"iwgs-valknut-s3\" data-element_type=\"container\" data-e-type=\"container\">\n\t\t\t\t\t<div class=\"e-con-inner\">\n\t\t\t\t<div class=\"elementor-element elementor-element-iwgs-valknut-s3h elementor-widget elementor-widget-heading\" data-id=\"iwgs-valknut-s3h\" data-element_type=\"widget\" data-e-type=\"widget\" data-widget_type=\"heading.default\">\n\t\t\t\t\t<h2 class=\"elementor-heading-title elementor-size-default\">Archeologick\u00fd n\u00e1lez<\/h2>\t\t\t\t<\/div>\n\t\t<div class=\"elementor-element elementor-element-iwgs-valknut-s3box e-con-full e-flex e-con e-parent\" data-id=\"iwgs-valknut-s3box\" data-element_type=\"container\" data-e-type=\"container\">\n\t\t\t\t<div class=\"elementor-element elementor-element-iwgs-valknut-s3t elementor-widget elementor-widget-text-editor\" data-id=\"iwgs-valknut-s3t\" data-element_type=\"widget\" data-e-type=\"widget\" data-widget_type=\"text-editor.default\">\n\t\t\t\t\t\t\t\t\t<p>Valknut je dolo\u017een omezen\u00fdm po\u010dtem n\u00e1lez\u016f. Zvl\u00e1\u0161\u0165 d\u016fle\u017eit\u00e9 jsou obrazov\u00e9 kameny z ostrova Gotland v Baltsk\u00e9m mo\u0159i. Na n\u011bkter\u00fdch z t\u011bchto kamen\u016f se valknut objevuje v r\u00e1mci v\u011bt\u0161\u00edch obrazov\u00fdch sc\u00e9n. Tyto kameny pat\u0159\u00ed k nejv\u00fdznamn\u011bj\u0161\u00edm pramen\u016fm seversk\u00e9ho obrazov\u00e9ho sv\u011bta.<\/p><p>Dal\u0161\u00ed v\u00fdznamn\u00fd n\u00e1lez poch\u00e1z\u00ed z lodn\u00edho poh\u0159bu v Osebergu v Norsku. Na jednom z l\u016f\u017eek z tohoto bohat\u00e9ho poh\u0159bu je valknut vyobrazen. Znak se objevuje i na n\u011bkolika dal\u0161\u00edch p\u0159edm\u011btech z doby viking\u016f. Po\u010det jist\u011b dolo\u017een\u00fdch n\u00e1lez\u016f v\u0161ak z\u016fst\u00e1v\u00e1 omezen\u00fd.<\/p><p>Zaj\u00edmav\u00e9 nen\u00ed jen to, \u017ee se valknut vyskytuje, ale i kde se vyskytuje. Na obrazov\u00fdch kamenech stoj\u00ed v bl\u00edzkosti v\u00fdjev\u016f zobrazuj\u00edc\u00edch kon\u011b, v\u00e1le\u010dn\u00edky a ozbrojence. Tyto sc\u00e9ny lze \u010dasto spojit s Odinem a s d\u011bjem spojen\u00fdm se smrt\u00ed v boji. Tato souvislost je kl\u00ed\u010dem k v\u00fdkladu.<\/p><p>N\u00e1lez je tak jasn\u00fd ve sv\u00e9m pozorov\u00e1n\u00ed, ale omezen\u00fd sv\u00fdm rozsahem. N\u011bkolik dochovan\u00fdch kus\u016f umo\u017e\u0148uje ur\u010dit oblast, do n\u00ed\u017e valknut pat\u0159il. Neumo\u017e\u0148uje v\u0161ak stanovit jeho p\u0159esn\u00fd v\u00fdznam. Tato situace ur\u010duje podobu ka\u017ed\u00e9ho seri\u00f3zn\u00edho v\u00fdkladu tohoto znaku.<\/p>\t\t\t\t\t\t\t\t<\/div>\n\t\t\t\t<\/div>\n\t\t\t\t\t<\/div>\n\t\t\t\t<\/div>\n\t\t<div class=\"elementor-element elementor-element-iwgs-valknut-s4 e-flex e-con-boxed e-con e-parent\" data-id=\"iwgs-valknut-s4\" data-element_type=\"container\" data-e-type=\"container\">\n\t\t\t\t\t<div class=\"e-con-inner\">\n\t\t\t\t<div class=\"elementor-element elementor-element-iwgs-valknut-s4h elementor-widget elementor-widget-heading\" data-id=\"iwgs-valknut-s4h\" data-element_type=\"widget\" data-e-type=\"widget\" data-widget_type=\"heading.default\">\n\t\t\t\t\t<h2 class=\"elementor-heading-title elementor-size-default\">Spojen\u00ed s Odinem<\/h2>\t\t\t\t<\/div>\n\t\t<div class=\"elementor-element elementor-element-iwgs-valknut-s4box e-con-full e-flex e-con e-parent\" data-id=\"iwgs-valknut-s4box\" data-element_type=\"container\" data-e-type=\"container\">\n\t\t\t\t<div class=\"elementor-element elementor-element-iwgs-valknut-s4t elementor-widget elementor-widget-text-editor\" data-id=\"iwgs-valknut-s4t\" data-element_type=\"widget\" data-e-type=\"widget\" data-widget_type=\"text-editor.default\">\n\t\t\t\t\t\t\t\t\t<p>Nejd\u016fle\u017eit\u011bj\u0161\u00edm vod\u00edtkem pro v\u00fdklad Valknutu je jeho bl\u00edzkost k Odinovi. Na obrazov\u00fdch kamenech se toto znamen\u00ed opakovan\u011b objevuje ve sc\u00e9n\u00e1ch, kter\u00e9 lze vzt\u00e1hnout k tomuto bohu. Odin byl v seversk\u00e9 n\u00e1bo\u017eenstv\u00ed mimo jin\u00e9 bohem padl\u00fdch a v\u00e1lky.<\/p><p>Podle seversk\u00e9 <span class=\"iwg-fachbegriff\" data-tooltip=\"P\u0159ed\u00e1v\u00e1n\u00ed znalost\u00ed a vypr\u00e1v\u011bn\u00ed nap\u0159\u00ed\u010d generacemi.\" tabindex=\"0\">tradice<\/span> p\u0159ij\u00edmal Odin k sob\u011b padl\u00e9 v boji. Byli p\u0159iv\u00e1d\u011bni do Valhaly, s\u00edn\u011b padl\u00fdch. Tam se p\u0159ipravovali na velk\u00fd kone\u010dn\u00fd boj. Odin tak m\u011bl moc nad osudem v\u00e1le\u010dn\u00edk\u016f v smrti. Byl p\u00e1nem nad padl\u00fdmi.<\/p><p>Na tomto pozad\u00ed se nab\u00edz\u00ed v\u00fdklad, \u017ee Valknut souvis\u00ed pr\u00e1v\u011b s touto Odinovou \u00falohou. Mohlo by j\u00edt o znamen\u00ed pro padl\u00e9 a pro jejich vazbu k bohu. Tento v\u00fdklad vysv\u011btluje, pro\u010d se znamen\u00ed objevuje pr\u00e1v\u011b ve sc\u00e9n\u00e1ch smrti. Dob\u0159e zapad\u00e1 do dochovan\u00fdch n\u00e1lez\u016f.<\/p><p>Z\u016fst\u00e1v\u00e1 to v\u0161ak v\u00fdkladem, nikoli ov\u011b\u0159en\u00fdm faktem. Spojen\u00ed s Odinem je dob\u0159e od\u016fvodn\u011bn\u00e9, ale op\u00edr\u00e1 se pouze o obrazov\u00fd kontext. \u017d\u00e1dn\u00fd star\u00fd pramen, kter\u00fd by Valknut v\u00fdslovn\u011b p\u0159i\u0159azoval Odinovi, neexistuje. Odborn\u00e1 literatura zde proto mluv\u00ed o pravd\u011bpodobn\u00e9m, nikoli prok\u00e1zan\u00e9m p\u0159i\u0159azen\u00ed.<\/p>\t\t\t\t\t\t\t\t<\/div>\n\t\t\t\t<\/div>\n\t\t\t\t\t<\/div>\n\t\t\t\t<\/div>\n\t\t<div class=\"elementor-element elementor-element-iwgs-valknut-s5 e-flex e-con-boxed e-con e-parent\" data-id=\"iwgs-valknut-s5\" data-element_type=\"container\" data-e-type=\"container\">\n\t\t\t\t\t<div class=\"e-con-inner\">\n\t\t\t\t<div class=\"elementor-element elementor-element-iwgs-valknut-s5h elementor-widget elementor-widget-heading\" data-id=\"iwgs-valknut-s5h\" data-element_type=\"widget\" data-e-type=\"widget\" data-widget_type=\"heading.default\">\n\t\t\t\t\t<h2 class=\"elementor-heading-title elementor-size-default\">Uzel padl\u00fdch: pokusy o v\u00fdklad<\/h2>\t\t\t\t<\/div>\n\t\t<div class=\"elementor-element elementor-element-iwgs-valknut-s5box e-con-full e-flex e-con e-parent\" data-id=\"iwgs-valknut-s5box\" data-element_type=\"container\" data-e-type=\"container\">\n\t\t\t\t<div class=\"elementor-element elementor-element-iwgs-valknut-s5t elementor-widget elementor-widget-text-editor\" data-id=\"iwgs-valknut-s5t\" data-element_type=\"widget\" data-e-type=\"widget\" data-widget_type=\"text-editor.default\">\n\t\t\t\t\t\t\t\t\t<p>Ze spojen\u00ed s Odinem a padl\u00fdmi vypl\u00fdv\u00e1 n\u011bkolik pokus\u016f o v\u00fdklad. Jeden z nich navazuje na zvl\u00e1\u0161tn\u00ed schopnost, kterou m\u011bl b\u016fh Odin podle <span class=\"iwg-fachbegriff\" data-tooltip=\"P\u0159ed\u00e1v\u00e1n\u00ed znalost\u00ed a vypr\u00e1v\u011bn\u00ed nap\u0159\u00ed\u010d generacemi.\" tabindex=\"0\">tradice<\/span>. Odin mohl v boji v\u00e1le\u010dn\u00edky ochromit nebo je z tohoto stavu vysvobodit. Mohl na n\u011b p\u0159iv\u00e9st strach a nehybnost, nebo je od nich odejmout.<\/p><p>Staroseversk\u00e9 texty v t\u00e9to souvislosti mluv\u00ed o jak\u00e9msi poutu, kter\u00e9 Odin v\u00e1le\u010dn\u00edk\u016fm mohl p\u0159ilo\u017eit nebo uvolnit. Tato p\u0159edstava duchovn\u00edho pouta se n\u00e1padn\u011b dob\u0159e shoduje se znamen\u00edm uzlu. Uzel v\u00e1\u017ee a lze jej rozv\u00e1zat. N\u011bkte\u0159\u00ed badatel\u00e9 proto vykl\u00e1daj\u00ed Valknut jako obraz t\u00e9to vazaj\u00edc\u00ed a uvol\u0148uj\u00edc\u00ed moci.<\/p><p>Jin\u00e1 linie v\u00fdkladu zd\u016fraz\u0148uje \u010d\u00edslo t\u0159i a t\u0159i troj\u00faheln\u00edky. Trojka hr\u00e1la v seversk\u00e9m my\u0161lenkov\u00e9m sv\u011bt\u011b d\u016fle\u017eitou roli. Valknut by mohl odkazovat na takovou trojici, ani\u017e by bylo mo\u017en\u00e9 p\u0159esn\u011b ur\u010dit, kter\u00e1 byla m\u00edn\u011bna. I tento v\u00fdklad z\u016fst\u00e1v\u00e1 pouze n\u00e1vrhem.<\/p><p>V\u0161echny tyto v\u00fdklady maj\u00ed sv\u00e9 opodstatn\u011bn\u00ed a v\u0161echny z\u016fst\u00e1vaj\u00ed nejist\u00e9. Ukazuj\u00ed, kter\u00fdm sm\u011brem znamen\u00ed ukazuje, ani\u017e by je definitivn\u011b stanovily. Poctiv\u00e9 zpracov\u00e1n\u00ed uv\u00e1d\u00ed pokusy o v\u00fdklad vedle sebe. Uv\u00e1d\u00ed jejich siln\u00e9 str\u00e1nky i hranice, ani\u017e by jeden z v\u00fdklad\u016f vyd\u00e1valo za ov\u011b\u0159en\u00fd.<\/p>\t\t\t\t\t\t\t\t<\/div>\n\t\t\t\t<\/div>\n\t\t\t\t\t<\/div>\n\t\t\t\t<\/div>\n\t\t<div class=\"elementor-element elementor-element-iwgs-valknut-s6 e-flex e-con-boxed e-con e-parent\" data-id=\"iwgs-valknut-s6\" data-element_type=\"container\" data-e-type=\"container\">\n\t\t\t\t\t<div class=\"e-con-inner\">\n\t\t\t\t<div class=\"elementor-element elementor-element-iwgs-valknut-s6h elementor-widget elementor-widget-heading\" data-id=\"iwgs-valknut-s6h\" data-element_type=\"widget\" data-e-type=\"widget\" data-widget_type=\"heading.default\">\n\t\t\t\t\t<h2 class=\"elementor-heading-title elementor-size-default\">Nejist\u00fd v\u00fdznam<\/h2>\t\t\t\t<\/div>\n\t\t<div class=\"elementor-element elementor-element-iwgs-valknut-s6box e-con-full e-flex e-con e-parent\" data-id=\"iwgs-valknut-s6box\" data-element_type=\"container\" data-e-type=\"container\">\n\t\t\t\t<div class=\"elementor-element elementor-element-iwgs-valknut-s6t elementor-widget elementor-widget-text-editor\" data-id=\"iwgs-valknut-s6t\" data-element_type=\"widget\" data-e-type=\"widget\" data-widget_type=\"text-editor.default\">\n\t\t\t\t\t\t\t\t\t<p>U Valknutu je zvl\u00e1\u0161\u0165 d\u016fle\u017eit\u00e9 jasn\u011b vymezit hranice pozn\u00e1n\u00ed. Neexistuje \u017e\u00e1dn\u00fd pramen z doby viking\u016f, kter\u00fd by toto znamen\u00ed vysv\u011btloval. Neexistuje \u017e\u00e1dn\u00e9 dochovan\u00e9 jm\u00e9no. Z\u016fst\u00e1v\u00e1 omezen\u00fd po\u010det n\u00e1lez\u016f a obrazov\u00fd kontext, v n\u011bm\u017e se vyskytuj\u00ed.<\/p><p>Z tohoto n\u00e1lezu lze vyvodit ur\u010ditou oblast. Valknut pat\u0159\u00ed do bl\u00edzkosti Odina, boje a smrti. Tak daleko sah\u00e1 to, co lze s dobr\u00fdmi d\u016fvody tvrdit. P\u0159esn\u00fd v\u00fdznam, pevnou formulaci nebo konkr\u00e9tn\u00ed ochrannou funkci z toho odvodit nelze.<\/p><p>V popul\u00e1rn\u00edm pod\u00e1n\u00ed b\u00fdv\u00e1 Valknut \u010dasto vykl\u00e1d\u00e1n s velkou jistotou. P\u0159isuzuj\u00ed se mu jednozna\u010dn\u00e9 v\u00fdznamy, jako by byly ov\u011b\u0159en\u00e9. V\u011bcn\u00fd pohled proti tomu stav\u00ed skute\u010dnost, \u017ee tato jistota nen\u00ed podlo\u017eena prameny. Jistota popul\u00e1rn\u00edch v\u00fdklad\u016f je v\u011bt\u0161\u00ed ne\u017e jistota skute\u010dn\u00fdch n\u00e1lez\u016f.<\/p><p>P\u0159izn\u00e1n\u00ed t\u00e9to nejistoty nen\u00ed nedostatkem, n\u00fdbr\u017e sou\u010d\u00e1st\u00ed poctiv\u00e9ho zpracov\u00e1n\u00ed. Valknut z\u016fst\u00e1v\u00e1 v\u00fdrazn\u00fdm znamen\u00edm seversk\u00e9ho sv\u011bta, i kdy\u017e se jeho v\u00fdznam ned\u00e1 zcela vyjasnit. Kdo se na n\u011bj d\u00edv\u00e1, vid\u00ed star\u00fd <span class=\"iwg-fachbegriff\" data-tooltip=\"Znamen\u00ed, kter\u00e9 zastupuje ur\u010ditou p\u0159edstavu nebo v\u00fdznam.\" tabindex=\"0\">symbol<\/span>, kter\u00fd vymezuje jistou oblast a z\u00e1rove\u0148 si ponech\u00e1v\u00e1 sv\u00e9 tajemstv\u00ed.<\/p>\t\t\t\t\t\t\t\t<\/div>\n\t\t\t\t<\/div>\n\t\t\t\t\t<\/div>\n\t\t\t\t<\/div>\n\t\t<div class=\"elementor-element elementor-element-iwgs-valknut-s7 e-flex e-con-boxed e-con e-parent\" data-id=\"iwgs-valknut-s7\" data-element_type=\"container\" data-e-type=\"container\">\n\t\t\t\t\t<div class=\"e-con-inner\">\n\t\t\t\t<div class=\"elementor-element elementor-element-iwgs-valknut-s7h elementor-widget elementor-widget-heading\" data-id=\"iwgs-valknut-s7h\" data-element_type=\"widget\" data-e-type=\"widget\" data-widget_type=\"heading.default\">\n\t\t\t\t\t<h2 class=\"elementor-heading-title elementor-size-default\">P\u0159\u00edbuzn\u00e1 uzlov\u00e1 znamen\u00ed<\/h2>\t\t\t\t<\/div>\n\t\t<div class=\"elementor-element elementor-element-iwgs-valknut-s7box e-con-full e-flex e-con e-parent\" data-id=\"iwgs-valknut-s7box\" data-element_type=\"container\" data-e-type=\"container\">\n\t\t\t\t<div class=\"elementor-element elementor-element-iwgs-valknut-s7t elementor-widget elementor-widget-text-editor\" data-id=\"iwgs-valknut-s7t\" data-element_type=\"widget\" data-e-type=\"widget\" data-widget_type=\"text-editor.default\">\n\t\t\t\t\t\t\t\t\t<p>Valknut nestoj\u00ed osamocen\u011b. Seversk\u00fd i germ\u00e1nsk\u00fd obrazov\u00fd sv\u011bt znal n\u011bkolik znamen\u00ed, kter\u00e1 vych\u00e1zej\u00ed z propleten\u00fdch lini\u00ed a uzl\u016f. Propleten\u00e9 p\u00e1sky a spl\u00e9tan\u00e9 vzory pat\u0159\u00ed k nejn\u00e1padn\u011bj\u0161\u00edm rys\u016fm um\u011bn\u00ed vikingsk\u00e9 doby. Valknut zapad\u00e1 do t\u00e9to obliby propleten\u00fdch tvar\u016f.<\/p><p>P\u0159\u00edbuzn\u00fdm znamen\u00edm je triquetra, trojjedin\u00fd uzel ze t\u0159\u00ed do sebe zaklesnut\u00fdch oblouk\u016f. I ona je tvo\u0159ena souvislou, propletenou lini\u00ed. Triquetra i Valknut pat\u0159\u00ed k uzlov\u00fdm znamen\u00edm severn\u00ed Evropy, i kdy\u017e se jejich historie a roz\u0161\u00ed\u0159en\u00ed li\u0161\u00ed.<\/p><p>Uzlov\u00e1 znamen\u00ed se vyskytuj\u00ed daleko za hranicemi severu. Mnoh\u00e9 kultury znaj\u00ed propleten\u00e9, nekone\u010dn\u00e9 vzory, jim\u017e je p\u0159isuzov\u00e1n uspo\u0159\u00e1d\u00e1vaj\u00edc\u00ed nebo ochrann\u00fd v\u00fdznam. Princip linie bez po\u010d\u00e1tku a konce je velmi roz\u0161\u00ed\u0159en\u00fd. Zda Valknut v\u011bdom\u011b pat\u0159\u00ed do t\u00e9to velk\u00e9 skupiny, nelze s jistotou ur\u010dit.<\/p><p>Za\u0159azen\u00ed do sv\u011bta uzlov\u00fdch znamen\u00ed p\u0159esto pom\u00e1h\u00e1 p\u0159i porozum\u011bn\u00ed. Ukazuje, \u017ee Valknut nen\u00ed zcela osamocen\u00fd jev. Pat\u0159\u00ed k rozs\u00e1hl\u00e9 tradici, v n\u00ed\u017e hr\u00e1lo roli propleten\u00ed, spl\u00e9t\u00e1n\u00ed a uzav\u0159en\u00e1 linie. Uvnit\u0159 t\u00e9to tradice si Valknut sv\u00fdm stroh\u00fdm troj\u00faheln\u00edkov\u00fdm tvarem udr\u017euje vlastn\u00ed, nezam\u011bniteln\u00e9 m\u00edsto.<\/p>\t\t\t\t\t\t\t\t<\/div>\n\t\t\t\t<\/div>\n\t\t\t\t\t<\/div>\n\t\t\t\t<\/div>\n\t\t<div class=\"elementor-element elementor-element-iwgs-valknut-s8 e-flex e-con-boxed e-con e-parent\" data-id=\"iwgs-valknut-s8\" data-element_type=\"container\" data-e-type=\"container\">\n\t\t\t\t\t<div class=\"e-con-inner\">\n\t\t\t\t<div class=\"elementor-element elementor-element-iwgs-valknut-s8h elementor-widget elementor-widget-heading\" data-id=\"iwgs-valknut-s8h\" data-element_type=\"widget\" data-e-type=\"widget\" data-widget_type=\"heading.default\">\n\t\t\t\t\t<h2 class=\"elementor-heading-title elementor-size-default\">Sou\u010dasn\u00e1 recepce<\/h2>\t\t\t\t<\/div>\n\t\t<div class=\"elementor-element elementor-element-iwgs-valknut-s8box e-con-full e-flex e-con e-parent\" data-id=\"iwgs-valknut-s8box\" data-element_type=\"container\" data-e-type=\"container\">\n\t\t\t\t<div class=\"elementor-element elementor-element-iwgs-valknut-s8t elementor-widget elementor-widget-text-editor\" data-id=\"iwgs-valknut-s8t\" data-element_type=\"widget\" data-e-type=\"widget\" data-widget_type=\"text-editor.default\">\n\t\t\t\t\t\t\t\t\t<p>Valknut je dnes velmi roz\u0161\u00ed\u0159en\u00fdm znakem. Pat\u0159\u00ed mezi symboly, kter\u00e9 jsou spojov\u00e1ny s dobou viking\u016f a s severskou kulturou. Objevuje se jako \u0161perk i jako <span class=\"iwg-fachbegriff\" data-tooltip=\"Opakuj\u00edc\u00ed se obsahov\u00fd prvek v um\u011bn\u00ed nebo vypr\u00e1v\u011bn\u00ed.\" tabindex=\"0\">motiv<\/span> v mnoha souvislostech. Jeho jasn\u00e1 forma mu zajistila velkou viditelnost.<\/p><p>V modern\u00edch pohansk\u00fdch hnut\u00edch, kter\u00e1 se odvol\u00e1vaj\u00ed na seversk\u00e9 n\u00e1bo\u017eenstv\u00ed, se valknut pou\u017e\u00edv\u00e1 jako znak. B\u00fdv\u00e1 spojov\u00e1n s Odinem a s vyzn\u00e1v\u00e1n\u00edm se k tradi\u010dn\u00ed v\u00ed\u0159e. V tomto u\u017eit\u00ed z\u00edsk\u00e1v\u00e1 znak nov\u00fd, sou\u010dasn\u00fd v\u00fdznam.<\/p><p>Jako mnoho jin\u00fdch seversk\u00fdch znak\u016f nen\u00ed ani valknut chr\u00e1n\u011bn proti zneu\u017eit\u00ed. Stalo se, \u017ee si tyto symboly osvojily skupiny, jejich\u017e z\u00e1m\u011bry nemaj\u00ed s historick\u00fdm v\u00fdznamem nic spole\u010dn\u00e9ho. Kdo valknut zobrazuje, m\u011bl by si toto nap\u011bt\u00ed uv\u011bdomovat a ukazovat znak v jeho historick\u00e9m kontextu.<\/p><p>P\u016fvodn\u00ed dokumenty valknutu lze vid\u011bt na gotlandsk\u00fdch runov\u00fdch kamenech a v n\u00e1lezech z doby viking\u016f, kter\u00e9 jsou uchov\u00e1v\u00e1ny v severoevropsk\u00fdch muze\u00edch. Ukazuj\u00ed znak, kter\u00fd mnoho nazna\u010duje a m\u00e1lo odhaluje. Pr\u00e1v\u011b tato kombinace jasn\u00e9 formy a otev\u0159en\u00e9ho v\u00fdznamu d\u011bl\u00e1 z valknutu i dnes jeden z nejp\u016fsobiv\u011bj\u0161\u00edch seversk\u00fdch znak\u016f.<\/p>\t\t\t\t\t\t\t\t<\/div>\n\t\t\t\t<\/div>\n\t\t\t\t\t<\/div>\n\t\t\t\t<\/div>\n\t\t<div class=\"elementor-element elementor-element-iwgs-valknut-lit e-flex e-con-boxed e-con e-parent\" data-id=\"iwgs-valknut-lit\" data-element_type=\"container\" data-e-type=\"container\">\n\t\t\t\t\t<div class=\"e-con-inner\">\n\t\t\t\t<div class=\"elementor-element elementor-element-iwgs-valknut-lith elementor-widget elementor-widget-heading\" data-id=\"iwgs-valknut-lith\" data-element_type=\"widget\" data-e-type=\"widget\" data-widget_type=\"heading.default\">\n\t\t\t\t\t<h2 class=\"elementor-heading-title elementor-size-default\">Literatura (v\u00fdb\u011br)<\/h2>\t\t\t\t<\/div>\n\t\t<div class=\"elementor-element elementor-element-iwgs-valknut-litbox e-con-full e-flex e-con e-parent\" data-id=\"iwgs-valknut-litbox\" data-element_type=\"container\" data-e-type=\"container\">\n\t\t\t\t<div class=\"elementor-element elementor-element-iwgs-valknut-litt elementor-widget elementor-widget-html\" data-id=\"iwgs-valknut-litt\" data-element_type=\"widget\" data-e-type=\"widget\" data-widget_type=\"html.default\">\n\t\t\t\t\t<footer data-nosnippet=\"true\"><ul><li>Rudolf Simek: <em>Lexikon der germanischen Mythologie<\/em> (2006)<\/li><li>Hilda Ellis Davidson: <em>Gods and Myths of Northern Europe<\/em> (1964)<\/li><li>Anders Andr\u00e9n: <em>Tracing Old Norse Cosmology<\/em> (2014)<\/li><li>Sigmund Oehrl: <em>Studien zur Bildstein\u00fcberlieferung Gotlands<\/em> (Studien)<\/li><li>Neil Price: <em>The Viking Way<\/em> (2002)<\/li><\/ul><\/footer>\t\t\t\t<\/div>\n\t\t\t\t<\/div>\n\t\t\t\t\t<\/div>\n\t\t\t\t<\/div>\n\t\t<div class=\"elementor-element elementor-element-iwgs-valknut-kwd e-flex e-con-boxed e-con e-parent\" data-id=\"iwgs-valknut-kwd\" data-element_type=\"container\" data-e-type=\"container\">\n\t\t\t\t\t<div class=\"e-con-inner\">\n\t\t\t\t<div class=\"elementor-element elementor-element-iwgs-valknut-kwdt elementor-widget elementor-widget-text-editor\" data-id=\"iwgs-valknut-kwdt\" data-element_type=\"widget\" data-e-type=\"widget\" data-widget_type=\"text-editor.default\">\n\t\t\t\t\t\t\t\t\t<p><em>Souvisej\u00edc\u00ed kl\u00ed\u010dov\u00e9 pojmy: Valknut Odin padl\u00ed doba viking\u016f Gotland runov\u00fd k\u00e1men uzlov\u00fd znak Oseberg Valhala.<\/em><\/p>\t\t\t\t\t\t\t\t<\/div>\n\t\t\t\t\t<\/div>\n\t\t\t\t<\/div>\n\t\t<div class=\"elementor-element elementor-element-iwgs-valknut-cc e-flex e-con-boxed e-con e-parent\" data-id=\"iwgs-valknut-cc\" data-element_type=\"container\" data-e-type=\"container\" id=\"iwg-cc-valknut\">\n\t\t\t\t\t<div class=\"e-con-inner\">\n\t\t<div class=\"elementor-element elementor-element-iwgs-valknut-ccinner e-flex e-con-boxed e-con e-parent\" data-id=\"iwgs-valknut-ccinner\" data-element_type=\"container\" data-e-type=\"container\" data-settings=\"{&quot;background_background&quot;:&quot;classic&quot;}\">\n\t\t\t\t\t<div class=\"e-con-inner\">\n\t\t\t\t<div class=\"elementor-element elementor-element-iwgs-valknut-cch elementor-widget elementor-widget-heading\" data-id=\"iwgs-valknut-cch\" data-element_type=\"widget\" data-e-type=\"widget\" data-widget_type=\"heading.default\">\n\t\t\t\t\t<h2 class=\"elementor-heading-title elementor-size-default\">iWell Guard a ochrann\u00e9 tradice<\/h2>\t\t\t\t<\/div>\n\t\t\t\t<div class=\"elementor-element elementor-element-iwgs-valknut-cct elementor-widget elementor-widget-text-editor\" data-id=\"iwgs-valknut-cct\" data-element_type=\"widget\" data-e-type=\"widget\" data-widget_type=\"text-editor.default\">\n\t\t\t\t\t\t\t\t\t<p>iWell Guard navazuje na kulturn\u011b-historickou linii nositeln\u00fdch ochrann\u00fdch p\u0159edm\u011bt\u016f, k n\u00ed\u017e pat\u0159\u00ed i valknut. Modern\u00ed spole\u010dn\u00edk pro lidi, kte\u0159\u00ed \u017eij\u00ed s ochrann\u00fdmi symboly: vyroben\u00fd v N\u011bmecku, 41 vrstev z ryz\u00edho zlata, platiny a st\u0159\u00edbra, s 30denn\u00ed mo\u017enost\u00ed vr\u00e1cen\u00ed.<\/p>\t\t\t\t\t\t\t\t<\/div>\n\t\t\t\t<div class=\"elementor-element elementor-element-iwgs-valknut-ccb iwg-cc-button iwg-cc-cta-2026-05-13 elementor-widget elementor-widget-jet-button\" data-id=\"iwgs-valknut-ccb\" data-element_type=\"widget\" data-e-type=\"widget\" data-widget_type=\"jet-button.default\">\n\t\t\t\t<div class=\"elementor-widget-container\">\n\t\t\t\t\t<div class=\"elementor-jet-button jet-elements\"><div class=\"jet-button__container\"><a class=\"jet-button__instance jet-button__instance--icon-left hover-effect-1\" href=\"\/schutzanhaenger-iwell-guard-kaufen\/?utm_source=iwell-guard.com&amp;utm_medium=info-box&amp;utm_campaign=schutzsymbole\"><div class=\"jet-button__plane jet-button__plane-normal\"><\/div><div class=\"jet-button__plane jet-button__plane-hover\"><\/div><div class=\"jet-button__state jet-button__state-normal\"><span class=\"jet-button__label\">V\u00edce o iWell Guard<\/span><\/div><div class=\"jet-button__state jet-button__state-hover\"><span class=\"jet-button__label\">V\u00edce o iWell Guard<\/span><\/div><\/a><\/div><\/div><style>.elementor-element.elementor-element-iwgs-valknut-ccb .jet-button__instance{width:320px;height:56px;}.elementor-element.elementor-element-iwgs-valknut-ccb .jet-button__state-normal .jet-button__label{text-align:center;margin:0px 0px 0px 0px;color:#1a1b20;font-family:Montserrat,sans-serif;font-size:13px;font-weight:400;letter-spacing:4px;line-height:1.714em;text-transform:uppercase;}.elementor-element.elementor-element-iwgs-valknut-ccb .jet-button__state-hover .jet-button__label{text-align:center;margin:0px 0px 0px 0px;color:#FECC76;font-family:Montserrat,sans-serif;font-size:13px;font-weight:400;letter-spacing:4px;line-height:1.714em;text-transform:uppercase;}.elementor-element.elementor-element-iwgs-valknut-ccb .jet-button__plane-normal{background-color:#FECC76;border-style:solid;border-color:#C99540;border-width:2px 2px 2px 2px;}.elementor-element.elementor-element-iwgs-valknut-ccb .jet-button__plane-hover{background-color:rgba(0,0,0,0.55);border-style:solid;border-color:#FECC76;border-width:2px 2px 2px 2px;}<\/style>\t\t\t\t<\/div>\n\t\t\t\t<\/div>\n\t\t\t\t<div class=\"elementor-element elementor-element-iwgs-valknut-ccd elementor-widget elementor-widget-text-editor\" data-id=\"iwgs-valknut-ccd\" data-element_type=\"widget\" data-e-type=\"widget\" data-widget_type=\"text-editor.default\">\n\t\t\t\t\t\t\t\t\t<p style=\"text-align:center;font-size:13px;opacity:0.7;margin-top:14px\" data-nosnippet=\"true\">Osobn\u00ed zku\u0161enosti se mohou li\u0161it. Nejde o zdravotnick\u00fd prost\u0159edek. Nejde o p\u0159\u00edslib l\u00e9\u010den\u00ed.<\/p>\t\t\t\t\t\t\t\t<\/div>\n\t\t\t\t\t<\/div>\n\t\t\t\t<\/div>\n\t\t\t\t\t<\/div>\n\t\t\t\t<\/div>\n\t\t<div class=\"elementor-element elementor-element-iwgs-valknut-disc e-flex e-con-boxed e-con e-parent\" data-id=\"iwgs-valknut-disc\" data-element_type=\"container\" data-e-type=\"container\">\n\t\t\t\t\t<div class=\"e-con-inner\">\n\t\t\t\t<div class=\"elementor-element elementor-element-iwgs-valknut-discw elementor-widget elementor-widget-html\" data-id=\"iwgs-valknut-discw\" data-element_type=\"widget\" data-e-type=\"widget\" data-widget_type=\"html.default\">\n\t\t\t\t\t<footer data-nosnippet=\"true\" class=\"iwg-disclaimer-block\"><p data-nosnippet=\"true\">iWell Guard <strong>nen\u00ed zdravotnick\u00fd prost\u0159edek<\/strong> a nenahrazuje l\u00e9ka\u0159skou ani psychoterapeutickou l\u00e9\u010dbu. Zde uveden\u00fd obsah p\u0159edstavuje religionistick\u00e9 a kulturn\u011b-historick\u00e9 za\u0159azen\u00ed, nikoli p\u0159\u00edslib duchovn\u00edho \u00fa\u010dinku.<\/p><\/footer>\t\t\t\t<\/div>\n\t\t\t\t\t<\/div>\n\t\t\t\t<\/div>\n\t\t\t\t<\/div>\n\t\t","protected":false},"excerpt":{"rendered":"","protected":false},"author":3,"featured_media":3482,"parent":0,"menu_order":0,"comment_status":"closed","ping_status":"closed","template":"elementor_header_footer","meta":{"_yoast_wpseo_focuskw":"Valknut","_yoast_wpseo_title":"Valknut \u2013 vysv\u011btlen\u00ed seversk\u00e9ho symbolu","_yoast_wpseo_metadesc":"Valknut, t\u0159i propleten\u00e9 troj\u00faheln\u00edky, je symbol seversk\u00e9ho sv\u011bta spojen\u00fd s Odinem. Vysv\u011btlen je n\u00e1lez, v\u00fdklad i historie.","_yoast_wpseo_meta-robots-noindex":"","_yoast_wpseo_canonical":"","_angie_page":false,"gefaehrdungsstufe":"","wesen_kultur":"","wesen_klasse":"","footnotes":""},"categories":[],"class_list":["post-145665","page","type-page","status-publish","has-post-thumbnail","hentry"],"yoast_head":"<!-- This site is optimized with the Yoast SEO Premium plugin v27.7 (Yoast SEO v28.3) - https:\/\/yoast.com\/product\/yoast-seo-premium-wordpress\/ -->\n<title>Valknut \u2013 vysv\u011btlen\u00ed seversk\u00e9ho symbolu<\/title>\n<meta name=\"description\" content=\"Valknut, t\u0159i propleten\u00e9 troj\u00faheln\u00edky, je symbol seversk\u00e9ho sv\u011bta spojen\u00fd s Odinem. Vysv\u011btlen je n\u00e1lez, v\u00fdklad i historie.\" \/>\n<meta name=\"robots\" content=\"index, follow, max-snippet:-1, max-image-preview:large, max-video-preview:-1\" \/>\n<link rel=\"canonical\" href=\"https:\/\/iwell-guard.com\/cs\/valknut-seversky-uzel-padlych\/\" \/>\n<meta property=\"og:locale\" content=\"cs_CZ\" \/>\n<meta property=\"og:type\" content=\"article\" \/>\n<meta property=\"og:title\" content=\"Valknut \u2013 seversk\u00fd uzel padl\u00fdch\" \/>\n<meta property=\"og:description\" content=\"Valknut, t\u0159i propleten\u00e9 troj\u00faheln\u00edky, je symbol seversk\u00e9ho sv\u011bta spojen\u00fd s Odinem. Vysv\u011btlen je n\u00e1lez, v\u00fdklad i historie.\" \/>\n<meta property=\"og:url\" content=\"https:\/\/iwell-guard.com\/cs\/valknut-seversky-uzel-padlych\/\" \/>\n<meta property=\"og:site_name\" content=\"iWell Guard\" \/>\n<meta property=\"article:modified_time\" content=\"2026-09-03T17:02:24+00:00\" \/>\n<meta property=\"og:image\" content=\"https:\/\/iwell-guard.com\/wp-content\/uploads\/2026\/05\/schutzsymbol_germanisch_valknut.webp\" \/>\n\t<meta property=\"og:image:width\" content=\"1024\" \/>\n\t<meta property=\"og:image:height\" content=\"1536\" \/>\n\t<meta property=\"og:image:type\" content=\"image\/webp\" \/>\n<meta name=\"twitter:card\" content=\"summary_large_image\" \/>\n<script type=\"application\/ld+json\" class=\"yoast-schema-graph\">{\"@context\":\"https:\\\/\\\/schema.org\",\"@graph\":[{\"@type\":\"WebPage\",\"@id\":\"https:\\\/\\\/iwell-guard.com\\\/cs\\\/valknut-seversky-uzel-padlych\\\/\",\"url\":\"https:\\\/\\\/iwell-guard.com\\\/cs\\\/valknut-seversky-uzel-padlych\\\/\",\"name\":\"Valknut \u2013 vysv\u011btlen\u00ed seversk\u00e9ho symbolu\",\"isPartOf\":{\"@id\":\"https:\\\/\\\/iwell-guard.com\\\/cs\\\/#website\"},\"primaryImageOfPage\":{\"@id\":\"https:\\\/\\\/iwell-guard.com\\\/cs\\\/valknut-seversky-uzel-padlych\\\/#primaryimage\"},\"image\":{\"@id\":\"https:\\\/\\\/iwell-guard.com\\\/cs\\\/valknut-seversky-uzel-padlych\\\/#primaryimage\"},\"thumbnailUrl\":\"https:\\\/\\\/iwell-guard.com\\\/wp-content\\\/uploads\\\/2026\\\/05\\\/schutzsymbol_germanisch_valknut.webp\",\"datePublished\":\"2026-09-03T16:32:35+00:00\",\"dateModified\":\"2026-09-03T17:02:24+00:00\",\"description\":\"Valknut, t\u0159i propleten\u00e9 troj\u00faheln\u00edky, je symbol seversk\u00e9ho sv\u011bta spojen\u00fd s Odinem. Vysv\u011btlen je n\u00e1lez, v\u00fdklad i historie.\",\"breadcrumb\":{\"@id\":\"https:\\\/\\\/iwell-guard.com\\\/cs\\\/valknut-seversky-uzel-padlych\\\/#breadcrumb\"},\"inLanguage\":\"cs\",\"potentialAction\":[{\"@type\":\"ReadAction\",\"target\":[\"https:\\\/\\\/iwell-guard.com\\\/cs\\\/valknut-seversky-uzel-padlych\\\/\"]}]},{\"@type\":\"ImageObject\",\"inLanguage\":\"cs\",\"@id\":\"https:\\\/\\\/iwell-guard.com\\\/cs\\\/valknut-seversky-uzel-padlych\\\/#primaryimage\",\"url\":\"https:\\\/\\\/iwell-guard.com\\\/wp-content\\\/uploads\\\/2026\\\/05\\\/schutzsymbol_germanisch_valknut.webp\",\"contentUrl\":\"https:\\\/\\\/iwell-guard.com\\\/wp-content\\\/uploads\\\/2026\\\/05\\\/schutzsymbol_germanisch_valknut.webp\",\"width\":1024,\"height\":1536,\"caption\":\"Ochrann\u00fd symbol. Muzejn\u00ed ilustrace z\u00e1ti\u0161\u00ed.\"},{\"@type\":\"BreadcrumbList\",\"@id\":\"https:\\\/\\\/iwell-guard.com\\\/cs\\\/valknut-seversky-uzel-padlych\\\/#breadcrumb\",\"itemListElement\":[{\"@type\":\"ListItem\",\"position\":1,\"name\":\"Start\",\"item\":\"https:\\\/\\\/iwell-guard.com\\\/cs\\\/?page_id=145107\"},{\"@type\":\"ListItem\",\"position\":2,\"name\":\"Valknut \u2013 seversk\u00fd uzel padl\u00fdch\"}]},{\"@type\":\"WebSite\",\"@id\":\"https:\\\/\\\/iwell-guard.com\\\/cs\\\/#website\",\"url\":\"https:\\\/\\\/iwell-guard.com\\\/cs\\\/\",\"name\":\"iWell Guard\",\"description\":\"Schutz vor dunklen Einfl\u00fcssen\",\"publisher\":{\"@id\":\"https:\\\/\\\/iwell-guard.com\\\/cs\\\/#organization\"},\"potentialAction\":[{\"@type\":\"SearchAction\",\"target\":{\"@type\":\"EntryPoint\",\"urlTemplate\":\"https:\\\/\\\/iwell-guard.com\\\/cs\\\/?s={search_term_string}\"},\"query-input\":{\"@type\":\"PropertyValueSpecification\",\"valueRequired\":true,\"valueName\":\"search_term_string\"}}],\"inLanguage\":\"cs\"},{\"@type\":\"Organization\",\"@id\":\"https:\\\/\\\/iwell-guard.com\\\/cs\\\/#organization\",\"name\":\"Ittermann electronic GmbH\",\"url\":\"https:\\\/\\\/iwell-guard.com\\\/cs\\\/\",\"logo\":{\"@type\":\"ImageObject\",\"inLanguage\":\"cs\",\"@id\":\"https:\\\/\\\/iwell-guard.com\\\/cs\\\/#\\\/schema\\\/logo\\\/image\\\/\",\"url\":\"https:\\\/\\\/iwell-guard.com\\\/wp-content\\\/uploads\\\/2026\\\/05\\\/Ittermann-Logo-1182x237-1.png\",\"contentUrl\":\"https:\\\/\\\/iwell-guard.com\\\/wp-content\\\/uploads\\\/2026\\\/05\\\/Ittermann-Logo-1182x237-1.png\",\"width\":1182,\"height\":237,\"caption\":\"Ittermann electronic GmbH\"},\"image\":{\"@id\":\"https:\\\/\\\/iwell-guard.com\\\/cs\\\/#\\\/schema\\\/logo\\\/image\\\/\"},\"sameAs\":[\"https:\\\/\\\/pantip.com\\\/profile\\\/9367242\",\"https:\\\/\\\/micro.blog\\\/iwellguard\",\"https:\\\/\\\/www.diggerslist.com\\\/iwellguard\\\/about\",\"https:\\\/\\\/skitterphoto.com\\\/photographers\\\/2870314\\\/iwell-guard\",\"https:\\\/\\\/iwellguard.wordpress.com\\\/2026\\\/06\\\/06\\\/iwell-guard\\\/\",\"https:\\\/\\\/hub.docker.com\\\/u\\\/iwellguard\",\"https:\\\/\\\/www.pinterest.com\\\/iwellguard\\\/\",\"https:\\\/\\\/bit.ly\\\/m\\\/iwellguard\",\"https:\\\/\\\/entre-vos-mains.alsace.eu\\\/profiles\\\/iwellguard\\\/activity\",\"https:\\\/\\\/gravatar.com\\\/reallybeded8fd34\",\"https:\\\/\\\/naijamatta.com\\\/iwellguard\",\"https:\\\/\\\/www.goodreads.com\\\/iwellguard\",\"https:\\\/\\\/profile.hatena.ne.jp\\\/iwellguard\\\/\",\"https:\\\/\\\/experiment.com\\\/users\\\/iwellguard\",\"https:\\\/\\\/wakelet.com\\\/@iWellGuard82270\",\"https:\\\/\\\/www.chordie.com\\\/forum\\\/profile.php?id=2555664\",\"https:\\\/\\\/www.instapaper.com\\\/p\\\/17757966\",\"https:\\\/\\\/www.mapleprimes.com\\\/users\\\/iwellguard\",\"https:\\\/\\\/businesslistingplus.com\\\/profile\\\/iwell-guard\\\/\",\"https:\\\/\\\/telegra.ph\\\/iWell-Guard-06-06\",\"https:\\\/\\\/pbase.com\\\/iwellguard\\\/iwellguard\",\"https:\\\/\\\/b.hatena.ne.jp\\\/iwellguard\\\/20260607#bookmark-4788405196491818882\",\"https:\\\/\\\/fliphtml5.com\\\/home\\\/iwellguard\",\"https:\\\/\\\/anyflip.com\\\/homepage\\\/cmiwl#About\",\"https:\\\/\\\/transfur.com\\\/Users\\\/iwellguard\",\"http:\\\/\\\/delphi.larsbo.org\\\/user\\\/iwellguard\",\"https:\\\/\\\/jobs.lajobsportal.org\\\/profiles\\\/8380803-iwell-guard\",\"https:\\\/\\\/md.chaosdorf.de\\\/s\\\/jfbe5SBdJD\",\"https:\\\/\\\/www.lingvolive.com\\\/en-us\\\/profile\\\/9ecaeaca-ce11-4e51-9e71-01d55e2bff36\\\/translations\",\"https:\\\/\\\/www.fitday.com\\\/fitness\\\/forums\\\/members\\\/iwellguard.html\",\"https:\\\/\\\/www.mymeetbook.com\\\/iwellguard\",\"https:\\\/\\\/pxhere.com\\\/en\\\/photographer-me\\\/5040798\",\"https:\\\/\\\/disqus.com\\\/by\\\/iwellguard\\\/about\\\/\",\"https:\\\/\\\/pastelink.net\\\/hjwciqwq\",\"https:\\\/\\\/pubhtml5.com\\\/homepage\\\/scjhn\\\/\",\"https:\\\/\\\/www.bitchute.com\\\/channel\\\/2O2eOKzNqujT\",\"https:\\\/\\\/audiomack.com\\\/iwellguard\"]}]}<\/script>\n<!-- \/ Yoast SEO Premium plugin. -->","yoast_head_json":{"title":"Valknut \u2013 vysv\u011btlen\u00ed seversk\u00e9ho symbolu","description":"Valknut, t\u0159i propleten\u00e9 troj\u00faheln\u00edky, je symbol seversk\u00e9ho sv\u011bta spojen\u00fd s Odinem. Vysv\u011btlen je n\u00e1lez, v\u00fdklad i historie.","robots":{"index":"index","follow":"follow","max-snippet":"max-snippet:-1","max-image-preview":"max-image-preview:large","max-video-preview":"max-video-preview:-1"},"canonical":"https:\/\/iwell-guard.com\/cs\/valknut-seversky-uzel-padlych\/","og_locale":"cs_CZ","og_type":"article","og_title":"Valknut \u2013 seversk\u00fd uzel padl\u00fdch","og_description":"Valknut, t\u0159i propleten\u00e9 troj\u00faheln\u00edky, je symbol seversk\u00e9ho sv\u011bta spojen\u00fd s Odinem. Vysv\u011btlen je n\u00e1lez, v\u00fdklad i historie.","og_url":"https:\/\/iwell-guard.com\/cs\/valknut-seversky-uzel-padlych\/","og_site_name":"iWell Guard","article_modified_time":"2026-09-03T17:02:24+00:00","og_image":[{"width":1024,"height":1536,"url":"https:\/\/iwell-guard.com\/wp-content\/uploads\/2026\/05\/schutzsymbol_germanisch_valknut.webp","type":"image\/webp"}],"twitter_card":"summary_large_image","schema":{"@context":"https:\/\/schema.org","@graph":[{"@type":"WebPage","@id":"https:\/\/iwell-guard.com\/cs\/valknut-seversky-uzel-padlych\/","url":"https:\/\/iwell-guard.com\/cs\/valknut-seversky-uzel-padlych\/","name":"Valknut \u2013 vysv\u011btlen\u00ed seversk\u00e9ho symbolu","isPartOf":{"@id":"https:\/\/iwell-guard.com\/cs\/#website"},"primaryImageOfPage":{"@id":"https:\/\/iwell-guard.com\/cs\/valknut-seversky-uzel-padlych\/#primaryimage"},"image":{"@id":"https:\/\/iwell-guard.com\/cs\/valknut-seversky-uzel-padlych\/#primaryimage"},"thumbnailUrl":"https:\/\/iwell-guard.com\/wp-content\/uploads\/2026\/05\/schutzsymbol_germanisch_valknut.webp","datePublished":"2026-09-03T16:32:35+00:00","dateModified":"2026-09-03T17:02:24+00:00","description":"Valknut, t\u0159i propleten\u00e9 troj\u00faheln\u00edky, je symbol seversk\u00e9ho sv\u011bta spojen\u00fd s Odinem. Vysv\u011btlen je n\u00e1lez, v\u00fdklad i historie.","breadcrumb":{"@id":"https:\/\/iwell-guard.com\/cs\/valknut-seversky-uzel-padlych\/#breadcrumb"},"inLanguage":"cs","potentialAction":[{"@type":"ReadAction","target":["https:\/\/iwell-guard.com\/cs\/valknut-seversky-uzel-padlych\/"]}]},{"@type":"ImageObject","inLanguage":"cs","@id":"https:\/\/iwell-guard.com\/cs\/valknut-seversky-uzel-padlych\/#primaryimage","url":"https:\/\/iwell-guard.com\/wp-content\/uploads\/2026\/05\/schutzsymbol_germanisch_valknut.webp","contentUrl":"https:\/\/iwell-guard.com\/wp-content\/uploads\/2026\/05\/schutzsymbol_germanisch_valknut.webp","width":1024,"height":1536,"caption":"Ochrann\u00fd symbol. Muzejn\u00ed ilustrace z\u00e1ti\u0161\u00ed."},{"@type":"BreadcrumbList","@id":"https:\/\/iwell-guard.com\/cs\/valknut-seversky-uzel-padlych\/#breadcrumb","itemListElement":[{"@type":"ListItem","position":1,"name":"Start","item":"https:\/\/iwell-guard.com\/cs\/?page_id=145107"},{"@type":"ListItem","position":2,"name":"Valknut \u2013 seversk\u00fd uzel padl\u00fdch"}]},{"@type":"WebSite","@id":"https:\/\/iwell-guard.com\/cs\/#website","url":"https:\/\/iwell-guard.com\/cs\/","name":"iWell Guard","description":"Schutz vor dunklen Einfl\u00fcssen","publisher":{"@id":"https:\/\/iwell-guard.com\/cs\/#organization"},"potentialAction":[{"@type":"SearchAction","target":{"@type":"EntryPoint","urlTemplate":"https:\/\/iwell-guard.com\/cs\/?s={search_term_string}"},"query-input":{"@type":"PropertyValueSpecification","valueRequired":true,"valueName":"search_term_string"}}],"inLanguage":"cs"},{"@type":"Organization","@id":"https:\/\/iwell-guard.com\/cs\/#organization","name":"Ittermann electronic GmbH","url":"https:\/\/iwell-guard.com\/cs\/","logo":{"@type":"ImageObject","inLanguage":"cs","@id":"https:\/\/iwell-guard.com\/cs\/#\/schema\/logo\/image\/","url":"https:\/\/iwell-guard.com\/wp-content\/uploads\/2026\/05\/Ittermann-Logo-1182x237-1.png","contentUrl":"https:\/\/iwell-guard.com\/wp-content\/uploads\/2026\/05\/Ittermann-Logo-1182x237-1.png","width":1182,"height":237,"caption":"Ittermann electronic GmbH"},"image":{"@id":"https:\/\/iwell-guard.com\/cs\/#\/schema\/logo\/image\/"},"sameAs":["https:\/\/pantip.com\/profile\/9367242","https:\/\/micro.blog\/iwellguard","https:\/\/www.diggerslist.com\/iwellguard\/about","https:\/\/skitterphoto.com\/photographers\/2870314\/iwell-guard","https:\/\/iwellguard.wordpress.com\/2026\/06\/06\/iwell-guard\/","https:\/\/hub.docker.com\/u\/iwellguard","https:\/\/www.pinterest.com\/iwellguard\/","https:\/\/bit.ly\/m\/iwellguard","https:\/\/entre-vos-mains.alsace.eu\/profiles\/iwellguard\/activity","https:\/\/gravatar.com\/reallybeded8fd34","https:\/\/naijamatta.com\/iwellguard","https:\/\/www.goodreads.com\/iwellguard","https:\/\/profile.hatena.ne.jp\/iwellguard\/","https:\/\/experiment.com\/users\/iwellguard","https:\/\/wakelet.com\/@iWellGuard82270","https:\/\/www.chordie.com\/forum\/profile.php?id=2555664","https:\/\/www.instapaper.com\/p\/17757966","https:\/\/www.mapleprimes.com\/users\/iwellguard","https:\/\/businesslistingplus.com\/profile\/iwell-guard\/","https:\/\/telegra.ph\/iWell-Guard-06-06","https:\/\/pbase.com\/iwellguard\/iwellguard","https:\/\/b.hatena.ne.jp\/iwellguard\/20260607#bookmark-4788405196491818882","https:\/\/fliphtml5.com\/home\/iwellguard","https:\/\/anyflip.com\/homepage\/cmiwl#About","https:\/\/transfur.com\/Users\/iwellguard","http:\/\/delphi.larsbo.org\/user\/iwellguard","https:\/\/jobs.lajobsportal.org\/profiles\/8380803-iwell-guard","https:\/\/md.chaosdorf.de\/s\/jfbe5SBdJD","https:\/\/www.lingvolive.com\/en-us\/profile\/9ecaeaca-ce11-4e51-9e71-01d55e2bff36\/translations","https:\/\/www.fitday.com\/fitness\/forums\/members\/iwellguard.html","https:\/\/www.mymeetbook.com\/iwellguard","https:\/\/pxhere.com\/en\/photographer-me\/5040798","https:\/\/disqus.com\/by\/iwellguard\/about\/","https:\/\/pastelink.net\/hjwciqwq","https:\/\/pubhtml5.com\/homepage\/scjhn\/","https:\/\/www.bitchute.com\/channel\/2O2eOKzNqujT","https:\/\/audiomack.com\/iwellguard"]}]}},"_links":{"self":[{"href":"https:\/\/iwell-guard.com\/cs\/wp-json\/wp\/v2\/pages\/145665","targetHints":{"allow":["GET"]}}],"collection":[{"href":"https:\/\/iwell-guard.com\/cs\/wp-json\/wp\/v2\/pages"}],"about":[{"href":"https:\/\/iwell-guard.com\/cs\/wp-json\/wp\/v2\/types\/page"}],"author":[{"embeddable":true,"href":"https:\/\/iwell-guard.com\/cs\/wp-json\/wp\/v2\/users\/3"}],"replies":[{"embeddable":true,"href":"https:\/\/iwell-guard.com\/cs\/wp-json\/wp\/v2\/comments?post=145665"}],"version-history":[{"count":0,"href":"https:\/\/iwell-guard.com\/cs\/wp-json\/wp\/v2\/pages\/145665\/revisions"}],"wp:featuredmedia":[{"embeddable":true,"href":"https:\/\/iwell-guard.com\/cs\/wp-json\/wp\/v2\/media\/3482"}],"wp:attachment":[{"href":"https:\/\/iwell-guard.com\/cs\/wp-json\/wp\/v2\/media?parent=145665"}],"wp:term":[{"taxonomy":"category","embeddable":true,"href":"https:\/\/iwell-guard.com\/cs\/wp-json\/wp\/v2\/categories?post=145665"}],"curies":[{"name":"wp","href":"https:\/\/api.w.org\/{rel}","templated":true}]}}