{"id":145660,"date":"2026-09-03T16:32:32","date_gmt":"2026-09-03T16:32:32","guid":{"rendered":"https:\/\/iwell-guard.com\/?page_id=145660"},"modified":"2026-09-03T17:02:16","modified_gmt":"2026-09-03T17:02:16","slug":"ctyrlistek-znameni-stesti-a-ochrany","status":"publish","type":"page","link":"https:\/\/iwell-guard.com\/cs\/ctyrlistek-znameni-stesti-a-ochrany\/","title":{"rendered":"\u010cty\u0159l\u00edstek \u2013 znamen\u00ed \u0161t\u011bst\u00ed a ochrany"},"content":{"rendered":"\t\t<div data-elementor-type=\"wp-page\" data-elementor-id=\"145660\" class=\"elementor elementor-145660 elementor-3606 elementor-bc-flex-widget\" data-elementor-post-type=\"page\">\n\t\t\t\t<div class=\"elementor-element elementor-element-iwgs-vierblaettri-hero e-flex e-con-boxed e-con e-parent\" data-id=\"iwgs-vierblaettri-hero\" data-element_type=\"container\" data-e-type=\"container\">\n\t\t\t\t\t<div class=\"e-con-inner\">\n\t\t<div class=\"elementor-element elementor-element-iwgs-vierblaettri-hl e-flex e-con-boxed e-con e-parent\" data-id=\"iwgs-vierblaettri-hl\" data-element_type=\"container\" data-e-type=\"container\">\n\t\t\t\t\t<div class=\"e-con-inner\">\n\t\t<div class=\"elementor-element elementor-element-iwgs-vierblaettri-hlbox e-con-full e-flex e-con e-parent\" data-id=\"iwgs-vierblaettri-hlbox\" data-element_type=\"container\" data-e-type=\"container\">\n\t\t\t\t<div class=\"elementor-element elementor-element-iwgs-vierblaettri-h1 elementor-widget elementor-widget-heading\" data-id=\"iwgs-vierblaettri-h1\" data-element_type=\"widget\" data-e-type=\"widget\" data-widget_type=\"heading.default\">\n\t\t\t\t\t<h1 class=\"elementor-heading-title elementor-size-default\">\u010cty\u0159l\u00edstek \u2013 znamen\u00ed \u0161t\u011bst\u00ed a ochrany<\/h1>\t\t\t\t<\/div>\n\t\t\t\t<div class=\"elementor-element elementor-element-iwgs-vierblaettri-lead elementor-widget elementor-widget-text-editor\" data-id=\"iwgs-vierblaettri-lead\" data-element_type=\"widget\" data-e-type=\"widget\" data-widget_type=\"text-editor.default\">\n\t\t\t\t\t\t\t\t\t<p>\u010cty\u0159l\u00edstek je jedn\u00edm z nejzn\u00e1m\u011bj\u0161\u00edch znamen\u00ed \u0161t\u011bst\u00ed a ochrany v Evrop\u011b. Jeho v\u00fdznam se zakl\u00e1d\u00e1 na jednoduch\u00e9 skute\u010dnosti: je vz\u00e1cn\u00fd, a kdo ho najde, m\u00e1 v ruce n\u011bco v\u00fdjime\u010dn\u00e9ho. Z t\u00e9to vz\u00e1cnosti vze\u0161la bohat\u00e1 \u0159ada p\u0159edstav.<\/p>\t\t\t\t\t\t\t\t<\/div>\n\t\t\t\t<\/div>\n\t\t\t\t<div class=\"elementor-element elementor-element-iwgs-vierblaettri-pills elementor-widget elementor-widget-html\" data-id=\"iwgs-vierblaettri-pills\" data-element_type=\"widget\" data-e-type=\"widget\" data-widget_type=\"html.default\">\n\t\t\t\t\t<div class=\"iwg-pill-row\"><span class=\"iwg-klasse-badge\" tabindex=\"0\" data-tooltip=\"Ochrann\u00fd symbol, amulet nebo apotropick\u00fd p\u0159edm\u011bt.\">Ochrann\u00fd symbol<\/span><a href=\"https:\/\/iwell-guard.com\/cs\/ochranne-symboly\/\" class=\"iwg-kultur-badge\" tabindex=\"0\" data-tooltip=\"Ochrann\u00e1 tradice: Evropsk\u00e1 lidov\u00e1 magie\">Evropsk\u00e1 lidov\u00e1 magie<\/a><span class=\"iwg-tradition-badge\" tabindex=\"0\" data-tooltip=\"Znamen\u00ed, kter\u00e9 m\u00e1 ukazovat nebo p\u0159ivol\u00e1vat \u0161t\u011bst\u00ed.\">Znamen\u00ed \u0161t\u011bst\u00ed<\/span><\/div>\t\t\t\t<\/div>\n\t\t\t\t\t<\/div>\n\t\t\t\t<\/div>\n\t\t<div class=\"elementor-element elementor-element-iwgs-vierblaettri-hr e-con-full e-flex e-con e-parent\" data-id=\"iwgs-vierblaettri-hr\" data-element_type=\"container\" data-e-type=\"container\">\n\t\t\t\t<div class=\"elementor-element elementor-element-iwgs-vierblaettri-himg iwg-hero-image elementor-widget elementor-widget-image\" data-id=\"iwgs-vierblaettri-himg\" data-element_type=\"widget\" data-e-type=\"widget\" data-widget_type=\"image.default\">\n\t\t\t\t\t\t\t\t\t\t\t\t\t\t\t<img fetchpriority=\"high\" decoding=\"async\" width=\"683\" height=\"1024\" src=\"https:\/\/iwell-guard.com\/wp-content\/uploads\/2026\/05\/schutzsymbol_volksmagie_kleeblatt-683x1024.webp\" class=\"attachment-large size-large wp-image-147121\" alt=\"\u010cerstv\u00fd \u010dty\u0159l\u00edstek s kapkami rosy vedle st\u0159\u00edbrn\u00e9ho p\u0159\u00edv\u011bsku ve tvaru \u010dty\u0159l\u00edstku\" srcset=\"https:\/\/iwell-guard.com\/wp-content\/uploads\/2026\/05\/schutzsymbol_volksmagie_kleeblatt-683x1024.webp 683w, https:\/\/iwell-guard.com\/wp-content\/uploads\/2026\/05\/schutzsymbol_volksmagie_kleeblatt-200x300.webp 200w, https:\/\/iwell-guard.com\/wp-content\/uploads\/2026\/05\/schutzsymbol_volksmagie_kleeblatt-768x1152.webp 768w, https:\/\/iwell-guard.com\/wp-content\/uploads\/2026\/05\/schutzsymbol_volksmagie_kleeblatt.webp 1024w\" sizes=\"(max-width: 683px) 100vw, 683px\" \/>\t\t\t\t\t\t\t\t\t\t\t\t\t\t\t<\/div>\n\t\t\t\t<\/div>\n\t\t\t\t\t<\/div>\n\t\t\t\t<\/div>\n\t\t<div class=\"elementor-element elementor-element-iwgs-vierblaettri-s0 e-flex e-con-boxed e-con e-parent\" data-id=\"iwgs-vierblaettri-s0\" data-element_type=\"container\" data-e-type=\"container\">\n\t\t\t\t\t<div class=\"e-con-inner\">\n\t\t\t\t<div class=\"elementor-element elementor-element-iwgs-vierblaettri-s0h elementor-widget elementor-widget-heading\" data-id=\"iwgs-vierblaettri-s0h\" data-element_type=\"widget\" data-e-type=\"widget\" data-widget_type=\"heading.default\">\n\t\t\t\t\t<h2 class=\"elementor-heading-title elementor-size-default\">Za\u0159azen\u00ed<\/h2>\t\t\t\t<\/div>\n\t\t<div class=\"elementor-element elementor-element-iwgs-vierblaettri-s0box e-con-full e-flex e-con e-parent\" data-id=\"iwgs-vierblaettri-s0box\" data-element_type=\"container\" data-e-type=\"container\">\n\t\t\t\t<div class=\"elementor-element elementor-element-iwgs-vierblaettri-s0t elementor-widget elementor-widget-text-editor\" data-id=\"iwgs-vierblaettri-s0t\" data-element_type=\"widget\" data-e-type=\"widget\" data-widget_type=\"text-editor.default\">\n\t\t\t\t\t\t\t\t\t<p>\u010cty\u0159l\u00edstek je znamen\u00ed \u0161t\u011bst\u00ed a ochrany, kter\u00e9 je pevn\u011b zakotveno v evropsk\u00e9 lidov\u00e9 v\u00ed\u0159e. Na rozd\u00edl od v\u011bt\u0161iny ochrann\u00fdch znamen\u00ed nen\u00ed vyroben\u00fdm p\u0159edm\u011btem, n\u00fdbr\u017e vz\u00e1cn\u00fdm rozmarem p\u0159\u00edrody.<\/p><p>Oby\u010dejn\u00fd jetel m\u00e1 t\u0159i listy. Jen z\u0159\u00eddka vytvo\u0159\u00ed rostlina \u010dtvrt\u00fd list. Pr\u00e1v\u011b tento \u010dtvrt\u00fd list d\u011bl\u00e1 z b\u011b\u017en\u00e9 rostliny v\u00fdjime\u010dn\u00e9 znamen\u00ed.<\/p><p>Kdo najde \u010dty\u0159l\u00edstek, je podle star\u00e9ho p\u0159esv\u011bd\u010den\u00ed \u0161t\u011bst\u00edm obda\u0159en. List se su\u0161\u00ed, uschov\u00e1v\u00e1, nos\u00ed v pen\u011b\u017eence nebo darov\u00e1v\u00e1. V ka\u017ed\u00e9 z t\u011bchto forem doprov\u00e1z\u00ed sv\u00e9ho majitele jako znamen\u00ed \u0161t\u011bst\u00ed.<\/p><p>Krom\u011b \u0161t\u011bst\u00ed byl \u010dty\u0159l\u00edstku d\u0159\u00edve p\u0159isuzov\u00e1n i ochrann\u00fd \u00fa\u010dinek. M\u011bl chr\u00e1nit p\u0159ed zl\u00fdm kouzlem a otev\u00edrat pohled na skryt\u00e9 v\u011bci.<\/p><p>\u010cty\u0159l\u00edstek je tak dobr\u00fdm p\u0159\u00edkladem toho, jak se p\u0159\u00edrodn\u00ed p\u0159edm\u011bt m\u016f\u017ee st\u00e1t znamen\u00edm. Jeho v\u00fdznam se nezakl\u00e1d\u00e1 na n\u00e1bo\u017eenstv\u00ed, n\u00fdbr\u017e na pozorov\u00e1n\u00ed p\u0159\u00edrody a na vypr\u00e1v\u011bn\u00edch, kter\u00e1 se k n\u011bmu v\u00e1zala.<\/p><p>Oby\u010dejn\u00fd jetel, z n\u011bho\u017e poch\u00e1zej\u00ed \u0161\u0165astn\u00e9 listy, je nej\u010dast\u011bji jetel b\u00edl\u00fd, jedna z nejb\u011b\u017en\u011bj\u0161\u00edch rostlin na\u0161ich luk. Pr\u00e1v\u011b proto, \u017ee je trojl\u00edstek tak v\u0161udyp\u0159\u00edtomn\u00fd, vz\u00e1cn\u00fd \u010dtvrt\u00fd list o to v\u00edce vynikne.<\/p><p>Ojedin\u011ble se dokonce vyskytuj\u00ed listy s p\u011bti \u010di v\u00edce \u010d\u00e1stmi. Jsou je\u0161t\u011b vz\u00e1cn\u011bj\u0161\u00ed a lidov\u00e1 v\u00edra je vykl\u00e1d\u00e1 r\u016fzn\u011b, jednou jako zv\u00fd\u0161en\u00e9 \u0161t\u011bst\u00ed, jindy jako znamen\u00ed, kter\u00e9mu je l\u00e9pe se vyhnout. Pevn\u00e9 m\u00edsto ve <span class=\"iwg-fachbegriff\" data-tooltip=\"Souhrn tradovan\u00fdch zvyk\u016f ur\u010dit\u00e9 komunity.\" tabindex=\"0\">zvykoslov\u00ed<\/span> pat\u0159\u00ed pouze \u010dty\u0159l\u00edstku.<\/p>\t\t\t\t\t\t\t\t<\/div>\n\t\t\t\t<\/div>\n\t\t\t\t\t<\/div>\n\t\t\t\t<\/div>\n\t\t<div class=\"elementor-element elementor-element-iwgs-vierblaettri-s1 e-flex e-con-boxed e-con e-parent\" data-id=\"iwgs-vierblaettri-s1\" data-element_type=\"container\" data-e-type=\"container\">\n\t\t\t\t\t<div class=\"e-con-inner\">\n\t\t\t\t<div class=\"elementor-element elementor-element-iwgs-vierblaettri-s1h elementor-widget elementor-widget-heading\" data-id=\"iwgs-vierblaettri-s1h\" data-element_type=\"widget\" data-e-type=\"widget\" data-widget_type=\"heading.default\">\n\t\t\t\t\t<h2 class=\"elementor-heading-title elementor-size-default\">Vz\u00e1cnost jako d\u016fvod<\/h2>\t\t\t\t<\/div>\n\t\t<div class=\"elementor-element elementor-element-iwgs-vierblaettri-s1box e-con-full e-flex e-con e-parent\" data-id=\"iwgs-vierblaettri-s1box\" data-element_type=\"container\" data-e-type=\"container\">\n\t\t\t\t<div class=\"elementor-element elementor-element-iwgs-vierblaettri-s1t elementor-widget elementor-widget-text-editor\" data-id=\"iwgs-vierblaettri-s1t\" data-element_type=\"widget\" data-e-type=\"widget\" data-widget_type=\"text-editor.default\">\n\t\t\t\t\t\t\t\t\t<p>J\u00e1dro v\u00fdznamu spo\u010d\u00edv\u00e1 ve vz\u00e1cnosti. \u010cty\u0159l\u00edstky jsou nesrovnateln\u011b vz\u00e1cn\u011bj\u0161\u00ed ne\u017e b\u011b\u017en\u00e9 trojl\u00edstky. Na mnoho tis\u00edc rostlin p\u0159ipad\u00e1 jen jedin\u00fd list se \u010dty\u0159mi \u010d\u00e1stmi.<\/p><p>Tato vz\u00e1cnost vysv\u011btluje, pro\u010d byl pr\u00e1v\u011b \u010dtvrt\u00fd list pova\u017eov\u00e1n za v\u00fdznamn\u00fd. Co je vz\u00e1cn\u00e9, upout\u00e1 pozornost a je vn\u00edm\u00e1no jako v\u00fdjime\u010dn\u00e9. N\u00e1lez, kter\u00fd se poda\u0159\u00ed jen z\u0159\u00eddka, snadno p\u016fsob\u00ed jako pokyn osudu.<\/p><p>\u010cty\u0159l\u00edstek sd\u00edl\u00ed tuto logiku s jin\u00fdmi znamen\u00edmi \u0161t\u011bst\u00ed. I nalezen\u00e1 podkova nebo vz\u00e1cn\u00fd k\u00e1men vd\u011b\u010dily za sv\u016fj v\u00fdznam \u010dasto okolnosti, \u017ee se nenach\u00e1zely ka\u017ed\u00fd den.<\/p><p>P\u0159\u00edrodn\u00ed v\u011bda vysv\u011btluje \u010dtvrt\u00fd list jako vz\u00e1cnou odchylku v r\u016fstu rostliny, podm\u00edn\u011bnou d\u011bdi\u010dn\u00fdmi vlohami a vlivy prost\u0159ed\u00ed. Toto vysv\u011btlen\u00ed n\u00e1lezu nic nebere z jeho kouzla, jen ho za\u0159azuje do souvislost\u00ed.<\/p><p>Mezit\u00edm existuj\u00ed i speci\u00e1ln\u011b vy\u0161lecht\u011bn\u00e9 odr\u016fdy jetele, kter\u00e9 maj\u00ed zv\u00fd\u0161enou tendenci tvo\u0159it \u010dty\u0159i listy. Skute\u010dn\u00fdm znamen\u00edm \u0161t\u011bst\u00ed ale z\u016fst\u00e1v\u00e1 n\u00e1hodn\u011b nalezen\u00fd list z oby\u010dejn\u00e9 louky, nebo\u0165 s n\u00edm je spojena star\u00e1 p\u0159edstava.<\/p><p>Jak vz\u00e1cn\u00fd je \u010dty\u0159l\u00edstek ve skute\u010dnosti, lze vyj\u00e1d\u0159it v \u010d\u00edslech. Odhady p\u0159edpokl\u00e1daj\u00ed, \u017ee na n\u011bkolik tis\u00edc oby\u010dejn\u00fdch trojl\u00edstk\u016f p\u0159ipad\u00e1 jen jedin\u00fd se \u010dty\u0159mi \u010d\u00e1stmi.<\/p><p>Kdo se p\u0159esto st\u00e1v\u00e1 pravideln\u00fdm n\u00e1lezcem, si obvykle za dlouhou dobu vyp\u011bstoval pro to cit. Trp\u011bliv\u00e9 hled\u00e1n\u00ed a n\u00e1hl\u00e9 rozpozn\u00e1n\u00ed pat\u0159\u00ed ke kouzlu tohoto zvyku. Pr\u00e1v\u011b proto, \u017ee n\u00e1lez nelze vynutit, je z\u00e1\u017eitkem mal\u00e9ho \u0161t\u011bst\u00ed.<\/p>\t\t\t\t\t\t\t\t<\/div>\n\t\t\t\t<\/div>\n\t\t\t\t\t<\/div>\n\t\t\t\t<\/div>\n\t\t<div class=\"elementor-element elementor-element-iwgs-vierblaettri-s2 e-flex e-con-boxed e-con e-parent\" data-id=\"iwgs-vierblaettri-s2\" data-element_type=\"container\" data-e-type=\"container\">\n\t\t\t\t\t<div class=\"e-con-inner\">\n\t\t\t\t<div class=\"elementor-element elementor-element-iwgs-vierblaettri-s2h elementor-widget elementor-widget-heading\" data-id=\"iwgs-vierblaettri-s2h\" data-element_type=\"widget\" data-e-type=\"widget\" data-widget_type=\"heading.default\">\n\t\t\t\t\t<h2 class=\"elementor-heading-title elementor-size-default\">\u010cty\u0159l\u00edstek a shamrock: rozd\u00edl<\/h2>\t\t\t\t<\/div>\n\t\t<div class=\"elementor-element elementor-element-iwgs-vierblaettri-s2box e-con-full e-flex e-con e-parent\" data-id=\"iwgs-vierblaettri-s2box\" data-element_type=\"container\" data-e-type=\"container\">\n\t\t\t\t<div class=\"elementor-element elementor-element-iwgs-vierblaettri-s2t elementor-widget elementor-widget-text-editor\" data-id=\"iwgs-vierblaettri-s2t\" data-element_type=\"widget\" data-e-type=\"widget\" data-widget_type=\"text-editor.default\">\n\t\t\t\t\t\t\t\t\t<p>\u010cty\u0159l\u00edstek je \u010dasto zam\u011b\u0148ov\u00e1n se shamrockem, trojl\u00edstkem, kter\u00fd je symbolem Irska. Oba pat\u0159\u00ed k jetelov\u00fdm rostlin\u00e1m, jejich v\u00fdznam je v\u0161ak odli\u0161n\u00fd.<\/p><p>Shamrock m\u00e1 t\u0159i listy a je n\u00e1rodn\u00edm znamen\u00edm Irska. Podle <span class=\"iwg-fachbegriff\" data-tooltip=\"P\u0159ed\u00e1v\u00e1n\u00ed znalost\u00ed a vypr\u00e1v\u011bn\u00ed nap\u0159\u00ed\u010d generacemi.\" tabindex=\"0\">tradice<\/span> m\u011bl svat\u00fd Patrik pomoc\u00ed trojl\u00edstku vysv\u011btlit k\u0159es\u0165ansk\u00e9 u\u010den\u00ed o Trojici.<\/p><p>Shamrock je tak k\u0159es\u0165ansky vykl\u00e1dan\u00fdm a n\u00e1rodn\u00edm <span class=\"iwg-fachbegriff\" data-tooltip=\"Znamen\u00ed, kter\u00e9 zastupuje n\u011bjakou p\u0159edstavu nebo v\u00fdznam.\" tabindex=\"0\">symbolem<\/span>. \u010cty\u0159l\u00edstek je naproti tomu znamen\u00ed \u0161t\u011bst\u00ed a ochrany obecn\u00e9 lidov\u00e9 v\u00edry, kter\u00e9 nen\u00ed p\u0159i\u0159azeno \u017e\u00e1dn\u00e9mu jednotliv\u00e9mu n\u00e1bo\u017eenstv\u00ed ani n\u00e1rodu.<\/p><p>Z\u00e1m\u011bna obou je b\u011b\u017en\u00e1, proto\u017ee oba poch\u00e1zej\u00ed ze stejn\u00e9ho typu rostliny a jsou si podobn\u00e9. Pro jasn\u00fd v\u00fdklad je v\u0161ak rozli\u0161en\u00ed d\u016fle\u017eit\u00e9.<\/p><p>U shamrocku stoj\u00ed ve st\u0159edu v\u00fdkladu t\u0159et\u00ed list, u \u0161\u0165astn\u00e9ho \u010dty\u0159l\u00edstku \u010dtvrt\u00fd. Pr\u00e1v\u011b tento nav\u00edc vz\u00e1cn\u00fd list nese cel\u00fd v\u00fdznam znamen\u00ed \u0161t\u011bst\u00ed.<\/p><p>Shamrock hraje velkou roli zejm\u00e9na na sv\u00e1tek svat\u00e9ho Patrika, kdy se trojl\u00edstek nos\u00ed po cel\u00e9m Irsku a v cel\u00e9m irsk\u00e9m sv\u011bt\u011b. Jeho zelen\u00e1 barva se stala <span class=\"iwg-fachbegriff\" data-tooltip=\"V\u00fdsti\u017en\u00fd obraz, kter\u00fd zastupuje abstraktn\u00ed my\u0161lenku.\" tabindex=\"0\">embl\u00e9mem<\/span> cel\u00e9ho ostrova.<\/p><p>N\u011bmeck\u00e9 slovo Kleeblatt a anglick\u00e9 shamrock odkazuj\u00ed oba jednodu\u0161e na samotnou rostlinu. I p\u0159es tuto jazykovou bl\u00edzkost z\u016fst\u00e1v\u00e1 rozd\u00edl jasn\u00fd: shamrock je n\u00e1rodn\u00ed a n\u00e1bo\u017eensk\u00e9 znamen\u00ed, \u0161\u0165astn\u00fd \u010dty\u0159l\u00edstek znamen\u00ed lidov\u00e9 v\u00edry.<\/p>\t\t\t\t\t\t\t\t<\/div>\n\t\t\t\t<\/div>\n\t\t\t\t\t<\/div>\n\t\t\t\t<\/div>\n\t\t<div class=\"elementor-element elementor-element-iwgs-vierblaettri-s3 e-flex e-con-boxed e-con e-parent\" data-id=\"iwgs-vierblaettri-s3\" data-element_type=\"container\" data-e-type=\"container\">\n\t\t\t\t\t<div class=\"e-con-inner\">\n\t\t\t\t<div class=\"elementor-element elementor-element-iwgs-vierblaettri-s3h elementor-widget elementor-widget-heading\" data-id=\"iwgs-vierblaettri-s3h\" data-element_type=\"widget\" data-e-type=\"widget\" data-widget_type=\"heading.default\">\n\t\t\t\t\t<h2 class=\"elementor-heading-title elementor-size-default\">Keltov\u00e9, druidov\u00e9 a pohled na skryt\u00e9<\/h2>\t\t\t\t<\/div>\n\t\t<div class=\"elementor-element elementor-element-iwgs-vierblaettri-s3box e-con-full e-flex e-con e-parent\" data-id=\"iwgs-vierblaettri-s3box\" data-element_type=\"container\" data-e-type=\"container\">\n\t\t\t\t<div class=\"elementor-element elementor-element-iwgs-vierblaettri-s3t elementor-widget elementor-widget-text-editor\" data-id=\"iwgs-vierblaettri-s3t\" data-element_type=\"widget\" data-e-type=\"widget\" data-widget_type=\"text-editor.default\">\n\t\t\t\t\t\t\t\t\t<p>Roz\u0161\u00ed\u0159en\u00e1 vyprav\u011b\u010dsk\u00e1 tradice spojuje \u010dty\u0159l\u00edstek s Kelty a druidy. Jetel byl v t\u011bchto p\u0159edstav\u00e1ch pova\u017eov\u00e1n za ct\u011bnou rostlinu.<\/p><p>Vz\u00e1cn\u00e9mu \u010dty\u0159l\u00edstku byla p\u0159itom p\u0159isuzov\u00e1na zvl\u00e1\u0161tn\u00ed s\u00edla. M\u011bl tomu, kdo jej vlastnil, otev\u0159\u00edt zrak pro jinak skryt\u00e9 v\u011bci.<\/p><p>Podle tohoto <span class=\"iwg-fachbegriff\" data-tooltip=\"P\u0159ed\u00e1v\u00e1n\u00ed v\u011bdomost\u00ed a vypr\u00e1v\u011bn\u00ed nap\u0159\u00ed\u010d generacemi.\" tabindex=\"0\">pod\u00e1n\u00ed<\/span> mohl \u010dlov\u011bk se \u010dty\u0159l\u00edstkem vn\u00edmat duchy a jin\u00e9 skryt\u00e9 bytosti, kter\u00e9 ostatn\u00edm z\u016fst\u00e1valy neviditeln\u00e9. List mu tak zprost\u0159edkov\u00e1val jakoby roz\u0161\u00ed\u0159en\u00fd pohled.<\/p><p>S t\u00edm se pojila my\u0161lenka ochrany. Kdo dok\u00e1zal rozpoznat \u0161kodliv\u00e9 s\u00edly a zl\u00e1 kouzla, byl jim m\u00e9n\u011b vyd\u00e1n na milost. \u010cty\u0159l\u00edstek chr\u00e1nil t\u00edm, \u017ee zviditel\u0148oval neviditeln\u00e9.<\/p><p>Jak daleko tyto p\u0159edstavy skute\u010dn\u011b sahaj\u00ed do keltsk\u00fdch dob, se ned\u00e1 s jistotou prok\u00e1zat. Jist\u00e9 je, \u017ee \u010dty\u0159l\u00edstek byl v evropsk\u00e9 lidov\u00e9 v\u00ed\u0159e dlouho pova\u017eov\u00e1n za prost\u0159edek proti kouzl\u016fm a za ochranu.<\/p><p>Jetel byl lidem oded\u00e1vna zn\u00e1m jako p\u00edcnina. Rostl na louk\u00e1ch, kde se p\u00e1sl dobytek, a pat\u0159il k v\u0161edn\u00edmu obrazu krajiny. Pr\u00e1v\u011b tento protiklad u\u010dinil \u010dty\u0159l\u00edstek tak n\u00e1padn\u00fdm.<\/p><p>Z naprosto oby\u010dejn\u00e9, v\u0161udyp\u0159\u00edtomn\u00e9 rostliny se n\u00e1hle objevilo n\u011bco vz\u00e1cn\u00e9ho. \u0160\u0165astn\u00fd \u010dty\u0159l\u00edstek tak nebyl vzd\u00e1lenou, drahocennou v\u011bc\u00ed, n\u00fdbr\u017e z\u00e1zrakem u cesty, na kter\u00fd mohl narazit ka\u017ed\u00fd, kdo se dostate\u010dn\u011b pozorn\u011b d\u00edval.<\/p>\t\t\t\t\t\t\t\t<\/div>\n\t\t\t\t<\/div>\n\t\t\t\t\t<\/div>\n\t\t\t\t<\/div>\n\t\t<div class=\"elementor-element elementor-element-iwgs-vierblaettri-s4 e-flex e-con-boxed e-con e-parent\" data-id=\"iwgs-vierblaettri-s4\" data-element_type=\"container\" data-e-type=\"container\">\n\t\t\t\t\t<div class=\"e-con-inner\">\n\t\t\t\t<div class=\"elementor-element elementor-element-iwgs-vierblaettri-s4h elementor-widget elementor-widget-heading\" data-id=\"iwgs-vierblaettri-s4h\" data-element_type=\"widget\" data-e-type=\"widget\" data-widget_type=\"heading.default\">\n\t\t\t\t\t<h2 class=\"elementor-heading-title elementor-size-default\">Legenda o r\u00e1ji<\/h2>\t\t\t\t<\/div>\n\t\t<div class=\"elementor-element elementor-element-iwgs-vierblaettri-s4box e-con-full e-flex e-con e-parent\" data-id=\"iwgs-vierblaettri-s4box\" data-element_type=\"container\" data-e-type=\"container\">\n\t\t\t\t<div class=\"elementor-element elementor-element-iwgs-vierblaettri-s4t elementor-widget elementor-widget-text-editor\" data-id=\"iwgs-vierblaettri-s4t\" data-element_type=\"widget\" data-e-type=\"widget\" data-widget_type=\"text-editor.default\">\n\t\t\t\t\t\t\t\t\t<p>Zn\u00e1m\u00e1 <span class=\"iwg-fachbegriff\" data-tooltip=\"Nau\u010dn\u00fd p\u0159\u00edb\u011bh, nej\u010dast\u011bji o \u017eivot\u011b svat\u00fdch.\" tabindex=\"0\">legenda<\/span> spojuje \u010dty\u0159l\u00edstek s r\u00e1jem. Vypr\u00e1v\u00ed, \u017ee Eva si p\u0159i odchodu ze zahrady Eden odnesla \u010dty\u0159l\u00edstek.<\/p><p>Podle tohoto vypr\u00e1v\u011bn\u00ed je \u010dty\u0159l\u00edstek vzpom\u00ednkou na ztracen\u00fd r\u00e1j. Nal\u00e9zt jej tedy znamen\u00e1 dr\u017eet v ruce kousek r\u00e1je.<\/p><p>Tato <span class=\"iwg-fachbegriff\" data-tooltip=\"Nau\u010dn\u00fd p\u0159\u00edb\u011bh, nej\u010dast\u011bji o \u017eivot\u011b svat\u00fdch.\" tabindex=\"0\">legenda<\/span> d\u00e1v\u00e1 \u0161t\u011bst\u00ed z n\u00e1lezu vlastn\u00ed hloubku. \u010cty\u0159l\u00edstek v n\u00ed nen\u00ed pouhou n\u00e1hodou, n\u00fdbr\u017e odkazem na stav dokonal\u00e9ho blaha.<\/p><p>Takov\u00e1 vypr\u00e1v\u011bn\u00ed jsou pro znamen\u00ed \u0161t\u011bst\u00ed a ochrany typick\u00e1. D\u00e1vaj\u00ed <span class=\"iwg-fachbegriff\" data-tooltip=\"Tradovan\u00fd, v r\u00e1mci spole\u010denstv\u00ed pravideln\u011b opakovan\u00fd \u00fakon.\" tabindex=\"0\">zvyku<\/span> obrazn\u00e9 zd\u016fvodn\u011bn\u00ed a umo\u017e\u0148uj\u00ed jeho snaz\u0161\u00ed p\u0159ed\u00e1v\u00e1n\u00ed, nebo\u0165 p\u0159\u00edb\u011bh se pamatuje l\u00e9pe ne\u017e pouh\u00e9 pravidlo.<\/p><p>Zda je <span class=\"iwg-fachbegriff\" data-tooltip=\"Nau\u010dn\u00fd p\u0159\u00edb\u011bh, nej\u010dast\u011bji o \u017eivot\u011b svat\u00fdch.\" tabindex=\"0\">legenda<\/span> star\u00e1, nebo vznikla pozd\u011bji, se t\u011b\u017eko rozhodne. D\u016fle\u017eit\u00e9 je, \u017ee spojila \u010dty\u0159l\u00edstek se siln\u00fdm obrazem a t\u00edm pos\u00edlila jeho v\u00fdznam jako symbolu \u0161t\u011bst\u00ed.<\/p><p><span class=\"iwg-fachbegriff\" data-tooltip=\"Nau\u010dn\u00fd p\u0159\u00edb\u011bh, nej\u010dast\u011bji o \u017eivot\u011b svat\u00fdch.\" tabindex=\"0\">Legenda<\/span> o Ev\u011b a r\u00e1ji nestoj\u00ed osamocen\u011b. I jin\u00e9 rostliny byly ve vypr\u00e1v\u011bn\u00edch spojov\u00e1ny se ztracenou zahradou nebo s nebesk\u00fdm p\u016fvodem. Takov\u00e1 vypr\u00e1v\u011bn\u00ed d\u00e1vala nen\u00e1padn\u00e9 rostlin\u011b vysok\u00fd status.<\/p><p>U jetelu se \u010derstv\u00e1 zele\u0148 rostouc\u00ed rostliny nav\u00edc spojovala s nad\u011bj\u00ed a my\u0161lenkou \u017eivota. <span class=\"iwg-fachbegriff\" data-tooltip=\"Nau\u010dn\u00fd p\u0159\u00edb\u011bh, nej\u010dast\u011bji o \u017eivot\u011b svat\u00fdch.\" tabindex=\"0\">Legenda<\/span> o r\u00e1ji tak z n\u00e1lezu u\u010dinila v\u00edc ne\u017e pouhou n\u00e1hodu, toti\u017e dotek s lep\u0161\u00edm sv\u011btem.<\/p>\t\t\t\t\t\t\t\t<\/div>\n\t\t\t\t<\/div>\n\t\t\t\t\t<\/div>\n\t\t\t\t<\/div>\n\t\t<div class=\"elementor-element elementor-element-iwgs-vierblaettri-s5 e-flex e-con-boxed e-con e-parent\" data-id=\"iwgs-vierblaettri-s5\" data-element_type=\"container\" data-e-type=\"container\">\n\t\t\t\t\t<div class=\"e-con-inner\">\n\t\t\t\t<div class=\"elementor-element elementor-element-iwgs-vierblaettri-s5h elementor-widget elementor-widget-heading\" data-id=\"iwgs-vierblaettri-s5h\" data-element_type=\"widget\" data-e-type=\"widget\" data-widget_type=\"heading.default\">\n\t\t\t\t\t<h2 class=\"elementor-heading-title elementor-size-default\">V\u00fdklad \u010dty\u0159 l\u00edstk\u016f<\/h2>\t\t\t\t<\/div>\n\t\t<div class=\"elementor-element elementor-element-iwgs-vierblaettri-s5box e-con-full e-flex e-con e-parent\" data-id=\"iwgs-vierblaettri-s5box\" data-element_type=\"container\" data-e-type=\"container\">\n\t\t\t\t<div class=\"elementor-element elementor-element-iwgs-vierblaettri-s5t elementor-widget elementor-widget-text-editor\" data-id=\"iwgs-vierblaettri-s5t\" data-element_type=\"widget\" data-e-type=\"widget\" data-widget_type=\"text-editor.default\">\n\t\t\t\t\t\t\t\t\t<p>\u010cty\u0159em l\u00edstk\u016fm \u0161\u0165astn\u00e9ho jetele byly postupem \u010dasu p\u0159i\u0159azeny vlastn\u00ed v\u00fdznamy. Roz\u0161\u00ed\u0159en\u00fd v\u00fdklad je spojuje s v\u00edrou, nad\u011bj\u00ed, l\u00e1skou a \u0161t\u011bst\u00edm.<\/p><p>V tomto pojet\u00ed nese \u010dty\u0159l\u00edstek t\u0159i hodnoty, je\u017e jsou zn\u00e1m\u00e9 i jako ctnosti k\u0159es\u0165ansk\u00e9 tradice, a p\u0159id\u00e1v\u00e1 k nim jako \u010dtvrtou \u0161t\u011bst\u00ed. Vz\u00e1cn\u00fd \u010dtvrt\u00fd l\u00edstek tak stoj\u00ed pr\u00e1v\u011b za \u0161t\u011bst\u00ed samotn\u00e9.<\/p><p>Jin\u00e9 v\u00fdklady p\u0159i\u0159azuj\u00ed l\u00edstk\u016fm sl\u00e1vu, bohatstv\u00ed, l\u00e1sku a zdrav\u00ed, nebo nech\u00e1vaj\u00ed v\u00fdznam otev\u0159en\u00fd, aby si jej n\u00e1lezce mohl ur\u010dit s\u00e1m.<\/p><p>Tato rozmanitost ukazuje, \u017ee neexistuje jedin\u00fd z\u00e1vazn\u00fd v\u00fdklad. P\u0159i\u0159azen\u00ed vznikala v lidov\u00e9m zvyku a li\u0161ila se m\u00edsto od m\u00edsta a doba od doby.<\/p><p>V\u0161em v\u00fdklad\u016fm je spole\u010dn\u00e9, \u017ee \u010dtvrt\u00fd l\u00edstek je pova\u017eov\u00e1n za to skute\u010dn\u011b cenn\u00e9. Je on\u00edm vz\u00e1cn\u00fdm p\u0159\u00eddavkem, kter\u00fd z oby\u010dejn\u00e9ho jetele d\u011bl\u00e1 znamen\u00ed \u0161t\u011bst\u00ed.<\/p><p>To, \u017ee v\u00fdznamu prop\u016fj\u010duje l\u00edstk\u016fm pr\u00e1v\u011b \u010d\u00edslo \u010dty\u0159i, zapad\u00e1 do lidov\u00e9ho my\u0161len\u00ed o \u010d\u00edslech. \u010cty\u0159ka byla mnohdy ch\u00e1p\u00e1na jako \u010d\u00edslo \u00faplnosti, vzpome\u0148me na \u010dty\u0159i sv\u011btov\u00e9 strany nebo \u010dtvero ro\u010dn\u00edch obdob\u00ed.<\/p><p>\u010ctvrt\u00fd l\u00edstek v tomto pohledu dopl\u0148uje jetel na celek. Zat\u00edmco t\u0159i l\u00edstky tvo\u0159\u00ed to oby\u010dejn\u00e9, \u010dtvrt\u00fd povy\u0161uje rostlinu na jinou \u00farove\u0148. V\u00fdklady jednotliv\u00fdch l\u00edstk\u016f stav\u00ed na t\u00e9to z\u00e1kladn\u00ed my\u0161lence dopln\u011bn\u00ed.<\/p>\t\t\t\t\t\t\t\t<\/div>\n\t\t\t\t<\/div>\n\t\t\t\t\t<\/div>\n\t\t\t\t<\/div>\n\t\t<div class=\"elementor-element elementor-element-iwgs-vierblaettri-s6 e-flex e-con-boxed e-con e-parent\" data-id=\"iwgs-vierblaettri-s6\" data-element_type=\"container\" data-e-type=\"container\">\n\t\t\t\t\t<div class=\"e-con-inner\">\n\t\t\t\t<div class=\"elementor-element elementor-element-iwgs-vierblaettri-s6h elementor-widget elementor-widget-heading\" data-id=\"iwgs-vierblaettri-s6h\" data-element_type=\"widget\" data-e-type=\"widget\" data-widget_type=\"heading.default\">\n\t\t\t\t\t<h2 class=\"elementor-heading-title elementor-size-default\">Nalezen\u00fd \u010dty\u0159l\u00edstek<\/h2>\t\t\t\t<\/div>\n\t\t<div class=\"elementor-element elementor-element-iwgs-vierblaettri-s6box e-con-full e-flex e-con e-parent\" data-id=\"iwgs-vierblaettri-s6box\" data-element_type=\"container\" data-e-type=\"container\">\n\t\t\t\t<div class=\"elementor-element elementor-element-iwgs-vierblaettri-s6t elementor-widget elementor-widget-text-editor\" data-id=\"iwgs-vierblaettri-s6t\" data-element_type=\"widget\" data-e-type=\"widget\" data-widget_type=\"text-editor.default\">\n\t\t\t\t\t\t\t\t\t<p>V lidov\u00e9 v\u00ed\u0159e bylo d\u016fle\u017eit\u00e9 \u010dty\u0159l\u00edstek s\u00e1m naj\u00edt. Za rozhoduj\u00edc\u00ed se pova\u017eoval n\u00e1lez, nikoli pouh\u00e9 vlastnictv\u00ed.<\/p><p>Zvl\u00e1\u0161tn\u00ed v\u00fdznam m\u011bl n\u00e1hodn\u00fd n\u00e1lez. \u010cty\u0159l\u00edstek, kter\u00fd \u010dlov\u011bku neo\u010dek\u00e1van\u011b padl do oka, platil za skute\u010dn\u00e9 znamen\u00ed \u0161t\u011bst\u00ed. Tomu, kdo ho naopak v\u011bdom\u011b a s n\u00e1mahou vyhled\u00e1val, <span class=\"iwg-fachbegriff\" data-tooltip=\"Tradovan\u00fd, v r\u00e1mci spole\u010denstv\u00ed pravideln\u011b opakovan\u00fd \u00fakon.\" tabindex=\"0\">zvyk<\/span> slibovala m\u00e9n\u011b.<\/p><p>V tom se \u010dty\u0159l\u00edstek podob\u00e1 nalezen\u00e9 podkov\u011b. I tam platil neo\u010dek\u00e1van\u00fd n\u00e1lez za skute\u010dn\u00e9 \u0161t\u011bst\u00ed, proto\u017ee byl ch\u00e1p\u00e1n jako nepl\u00e1novan\u00fd pokyn osudu.<\/p><p>S nalezen\u00fdm l\u00edstkem se zach\u00e1zelo pe\u010dliv\u011b. \u010casto se lisoval a su\u0161il, aby vydr\u017eel, a pot\u00e9 se uchov\u00e1val v knize, v pen\u011b\u017eence nebo v medailonu.<\/p><p>Z tohoto zach\u00e1zen\u00ed je patrn\u00e9, \u017ee \u010dty\u0159l\u00edstek byl jako ochrann\u00e9 a \u0161\u0165astn\u00e9 znamen\u00ed br\u00e1n v\u00e1\u017en\u011b. Chr\u00e1nil se jako mal\u00fd <span class=\"iwg-fachbegriff\" data-tooltip=\"No\u0161en\u00fd p\u0159edm\u011bt, kter\u00e9mu se p\u0159isuzuje ochrann\u00e9, ne\u0161t\u011bst\u00ed odvracej\u00edc\u00ed p\u016fsoben\u00ed.\" tabindex=\"0\">amulet<\/span> a sv\u00e9ho n\u00e1lezce doprov\u00e1zel po dlouhou dobu.<\/p><p>To, \u017ee se v\u00fdznam \u010dty\u0159 l\u00edstk\u016f \u010dasto ponech\u00e1v\u00e1 otev\u0159en\u00fd, m\u00e1 sv\u016fj vlastn\u00ed p\u016fvab. N\u00e1lezce m\u016f\u017ee l\u00edstku p\u0159i\u0159adit vlastn\u00ed p\u0159\u00e1n\u00ed, a tak se \u010dty\u0159l\u00edstek st\u00e1v\u00e1 osobn\u00edm znamen\u00edm.<\/p><p>P\u0159i darov\u00e1n\u00ed se s t\u00edm spojuje dobr\u00e9 p\u0159\u00e1n\u00ed pro druh\u00e9ho. Nalezen\u00fd a darovan\u00fd \u010dty\u0159l\u00edstek tedy nese nejen \u0161t\u011bst\u00ed obecn\u011b, ale i konkr\u00e9tn\u00ed p\u0159\u00e1n\u00ed, kter\u00e9 d\u00e1rce d\u00e1v\u00e1 obdarovan\u00e9mu na cestu.<\/p>\t\t\t\t\t\t\t\t<\/div>\n\t\t\t\t<\/div>\n\t\t\t\t\t<\/div>\n\t\t\t\t<\/div>\n\t\t<div class=\"elementor-element elementor-element-iwgs-vierblaettri-s7 e-flex e-con-boxed e-con e-parent\" data-id=\"iwgs-vierblaettri-s7\" data-element_type=\"container\" data-e-type=\"container\">\n\t\t\t\t\t<div class=\"e-con-inner\">\n\t\t\t\t<div class=\"elementor-element elementor-element-iwgs-vierblaettri-s7h elementor-widget elementor-widget-heading\" data-id=\"iwgs-vierblaettri-s7h\" data-element_type=\"widget\" data-e-type=\"widget\" data-widget_type=\"heading.default\">\n\t\t\t\t\t<h2 class=\"elementor-heading-title elementor-size-default\">V\u00fdskyt a p\u0159\u00edbuzn\u00e1 znamen\u00ed \u0161t\u011bst\u00ed<\/h2>\t\t\t\t<\/div>\n\t\t<div class=\"elementor-element elementor-element-iwgs-vierblaettri-s7box e-con-full e-flex e-con e-parent\" data-id=\"iwgs-vierblaettri-s7box\" data-element_type=\"container\" data-e-type=\"container\">\n\t\t\t\t<div class=\"elementor-element elementor-element-iwgs-vierblaettri-s7t elementor-widget elementor-widget-text-editor\" data-id=\"iwgs-vierblaettri-s7t\" data-element_type=\"widget\" data-e-type=\"widget\" data-widget_type=\"text-editor.default\">\n\t\t\t\t\t\t\t\t\t<p>\u010cty\u0159l\u00edstek je jako znamen\u00ed \u0161t\u011bst\u00ed zn\u00e1m ve velk\u00e9 \u010d\u00e1sti Evropy a odtud se d\u00e1le roz\u0161\u00ed\u0159il. Pat\u0159\u00ed k nejb\u011b\u017en\u011bj\u0161\u00edm symbol\u016fm \u0161t\u011bst\u00ed v\u016fbec.<\/p><p>Stoj\u00ed p\u0159itom v \u0159ad\u011b s dal\u0161\u00edmi znamen\u00edmi \u0161t\u011bst\u00ed. Podkova, komin\u00edk, pras\u00e1tko a beru\u0161ka jsou vn\u00edm\u00e1ny obdobn\u011b jako p\u0159in\u00e1\u0161ej\u00edc\u00ed \u0161t\u011bst\u00ed.<\/p><p>Tato znamen\u00ed se \u010dasto objevuj\u00ed spole\u010dn\u011b, nap\u0159\u00edklad na p\u0159\u00e1n\u00edch k nov\u00e9mu roku. \u010cty\u0159l\u00edstek je v takov\u00fdch sestav\u00e1ch zastoupen t\u00e9m\u011b\u0159 v\u017edy.<\/p><p>Na rozd\u00edl od podkovy nebo komin\u00edka je v\u0161ak \u010dty\u0159l\u00edstek \u017eivou rostlinou. Toto spojen\u00ed s p\u0159\u00edrodou ho odli\u0161uje od v\u011bcn\u00fdch znamen\u00ed \u0161t\u011bst\u00ed a d\u00e1v\u00e1 mu vlastn\u00ed kouzlo.<\/p><p>Star\u0161\u00ed p\u0159edstava ochrany, \u010dty\u0159l\u00edstek jako prost\u0159edek proti uhranut\u00ed, dnes ji\u017e v\u011bt\u0161inou ustoupila. Z\u016fstal p\u0159edev\u0161\u00edm v\u00fdznam obecn\u00e9ho znamen\u00ed \u0161t\u011bst\u00ed.<\/p><p>Lisov\u00e1n\u00ed a uchov\u00e1v\u00e1n\u00ed rostlin bylo d\u0159\u00edve b\u011b\u017en\u00e9 a nevztahovalo se jen na \u010dty\u0159l\u00edstek. Kv\u011bty a listy se su\u0161ily mezi str\u00e1nkami knih a uchov\u00e1valy jako vzpom\u00ednka. U \u0161\u0165astn\u00e9ho \u010dty\u0159l\u00edstku z\u00edskala tato praxe zvl\u00e1\u0161tn\u00ed v\u00fdznam.<\/p><p>Nalisovan\u00fd l\u00edstek se mohl uchov\u00e1vat po l\u00e9ta a z\u016fstal tak trval\u00fdm pr\u016fvodcem. N\u011bkter\u00fd \u010dty\u0159l\u00edstek se p\u0159ed\u00e1val z generace na generaci a spojoval tak \u0161t\u011bst\u00ed se vzpom\u00ednkou na ur\u010dit\u00e9ho \u010dlov\u011bka.<\/p>\t\t\t\t\t\t\t\t<\/div>\n\t\t\t\t<\/div>\n\t\t\t\t\t<\/div>\n\t\t\t\t<\/div>\n\t\t<div class=\"elementor-element elementor-element-iwgs-vierblaettri-s8 e-flex e-con-boxed e-con e-parent\" data-id=\"iwgs-vierblaettri-s8\" data-element_type=\"container\" data-e-type=\"container\">\n\t\t\t\t\t<div class=\"e-con-inner\">\n\t\t\t\t<div class=\"elementor-element elementor-element-iwgs-vierblaettri-s8h elementor-widget elementor-widget-heading\" data-id=\"iwgs-vierblaettri-s8h\" data-element_type=\"widget\" data-e-type=\"widget\" data-widget_type=\"heading.default\">\n\t\t\t\t\t<h2 class=\"elementor-heading-title elementor-size-default\">Sou\u010dasn\u00e1 recepce<\/h2>\t\t\t\t<\/div>\n\t\t<div class=\"elementor-element elementor-element-iwgs-vierblaettri-s8box e-con-full e-flex e-con e-parent\" data-id=\"iwgs-vierblaettri-s8box\" data-element_type=\"container\" data-e-type=\"container\">\n\t\t\t\t<div class=\"elementor-element elementor-element-iwgs-vierblaettri-s8t elementor-widget elementor-widget-text-editor\" data-id=\"iwgs-vierblaettri-s8t\" data-element_type=\"widget\" data-e-type=\"widget\" data-widget_type=\"text-editor.default\">\n\t\t\t\t\t\t\t\t\t<p>\u010cty\u0159l\u00edstek je dnes jedn\u00edm z nejzn\u00e1m\u011bj\u0161\u00edch znamen\u00ed \u0161t\u011bst\u00ed v\u016fbec. Objevuje se jako p\u0159\u00edv\u011bsek, jako <span class=\"iwg-fachbegriff\" data-tooltip=\"Opakuj\u00edc\u00ed se obsahov\u00fd prvek v um\u011bn\u00ed nebo vypr\u00e1v\u011bn\u00ed.\" tabindex=\"0\">motiv<\/span> na p\u0159\u00e1n\u00edch a d\u00e1rc\u00edch i jako obecn\u00e9 znamen\u00ed \u0161t\u011bst\u00ed.<\/p><p>V tomto pou\u017eit\u00ed je spojen\u00ed se vz\u00e1cnou rostlinou \u010dasto jen zprost\u0159edkovan\u00e9. \u010cty\u0159l\u00edstek se pou\u017e\u00edv\u00e1 jako tvar a znamen\u00ed, ani\u017e by za t\u00edm st\u00e1l skute\u010dn\u00fd n\u00e1lez.<\/p><p>P\u0159itom star\u00fd <span class=\"iwg-fachbegriff\" data-tooltip=\"Tradovan\u00fd, v r\u00e1mci spole\u010denstv\u00ed pravideln\u011b opakovan\u00fd \u00fakon.\" tabindex=\"0\">zvyk<\/span> nezmizel. Lid\u00e9 st\u00e1le hledaj\u00ed na louk\u00e1ch vz\u00e1cn\u00fd \u010dtvrt\u00fd l\u00edstek a skute\u010dn\u00fd n\u00e1lez st\u00e1le vyvol\u00e1v\u00e1 radost.<\/p><p>Ochrann\u00fd aspekt, \u010dty\u0159l\u00edstek jako prost\u0159edek proti zl\u00e9mu uhranut\u00ed, je naproti tomu v pov\u011bdom\u00ed t\u00e9m\u011b\u0159 vytracen. Ukazuje se zde stejn\u00e1 prom\u011bna jako u mnoha ochrann\u00fdch znamen\u00ed, kter\u00e1 se stala \u010dist\u011b symboly \u0161t\u011bst\u00ed.<\/p><p>\u010cty\u0159l\u00edstek tak z\u016fst\u00e1v\u00e1 v\u00fdsti\u017en\u00fdm p\u0159\u00edkladem. Ukazuje, jak se ze vz\u00e1cn\u00e9ho p\u0159\u00edrodn\u00edho jevu p\u0159es legendy a lidovou v\u00edru stalo znamen\u00ed, kter\u00e9 je dodnes spojov\u00e1no se \u0161t\u011bst\u00edm a ochranou.<\/p><p>\u010cty\u0159l\u00edstek p\u0159es\u00e1hl r\u00e1mec pouh\u00e9ho <span class=\"iwg-fachbegriff\" data-tooltip=\"Souhrn tradovan\u00fdch zvyk\u016f ur\u010dit\u00e9ho spole\u010denstv\u00ed.\" tabindex=\"0\">zvykoslov\u00ed<\/span> a pronikl do mnoha oblast\u00ed. Objevuje se ve znac\u00edch, v symbolech spolk\u016f i ve sportu, kde m\u00e1 znamenat \u0161t\u011bst\u00ed a \u00fasp\u011bch.<\/p><p>V tomto ohledu sd\u00edl\u00ed osud dal\u0161\u00edch znamen\u00ed \u0161t\u011bst\u00ed, kter\u00e1 p\u0159e\u0161la z lidov\u00e9ho zvyku do obecn\u00e9ho obrazov\u00e9ho jazyka. V \u0159ad\u011b zn\u00e1m\u00fdch symbol\u016f \u0161t\u011bst\u00ed zauj\u00edm\u00e1 \u010dty\u0159l\u00edstek pevn\u00e9 m\u00edsto a je mo\u017en\u00e1 ze v\u0161ech zobrazov\u00e1n nej\u010dast\u011bji.<\/p><div data-nosnippet=\"true\"><p>Souvisej\u00edc\u00ed str\u00e1nky v lexikonu: p\u0159ehled <a href=\"https:\/\/iwell-guard.com\/cs\/ochranne-symboly\/\">ochrann\u00fdch symbol\u016f<\/a> a str\u00e1nka o <a href=\"https:\/\/iwell-guard.com\/cs\/?page_id=145784\">talismanech pro \u0161t\u011bst\u00ed<\/a>.<\/p><\/div>\t\t\t\t\t\t\t\t<\/div>\n\t\t\t\t<\/div>\n\t\t\t\t\t<\/div>\n\t\t\t\t<\/div>\n\t\t<div class=\"elementor-element elementor-element-iwgs-vierblaettri-lit e-flex e-con-boxed e-con e-parent\" data-id=\"iwgs-vierblaettri-lit\" data-element_type=\"container\" data-e-type=\"container\">\n\t\t\t\t\t<div class=\"e-con-inner\">\n\t\t\t\t<div class=\"elementor-element elementor-element-iwgs-vierblaettri-lith elementor-widget elementor-widget-heading\" data-id=\"iwgs-vierblaettri-lith\" data-element_type=\"widget\" data-e-type=\"widget\" data-widget_type=\"heading.default\">\n\t\t\t\t\t<h2 class=\"elementor-heading-title elementor-size-default\">Literatura (v\u00fdb\u011br)<\/h2>\t\t\t\t<\/div>\n\t\t<div class=\"elementor-element elementor-element-iwgs-vierblaettri-litbox e-con-full e-flex e-con e-parent\" data-id=\"iwgs-vierblaettri-litbox\" data-element_type=\"container\" data-e-type=\"container\">\n\t\t\t\t<div class=\"elementor-element elementor-element-iwgs-vierblaettri-litt elementor-widget elementor-widget-html\" data-id=\"iwgs-vierblaettri-litt\" data-element_type=\"widget\" data-e-type=\"widget\" data-widget_type=\"html.default\">\n\t\t\t\t\t<footer data-nosnippet=\"true\"><ul><li>Handw\u00f6rterbuch des deutschen Aberglaubens, \u010dl\u00e1nek <em>Klee<\/em><\/li><li>Lutz R\u00f6hrich: <em>Lexikon der sprichw\u00f6rtlichen Redensarten<\/em> (1991)<\/li><li>Marianne Beuchert: <em>Symbolik der Pflanzen<\/em> (1995)<\/li><li>Hans Biedermann: <em>Knaurs Lexikon der Symbole<\/em> (1989)<\/li><li>Wolfgang Bauer, Sergius Golowin: <em>Das Lexikon der Gl\u00fccks- und Schutzsymbole<\/em> (Studien)<\/li><\/ul><\/footer>\t\t\t\t<\/div>\n\t\t\t\t<\/div>\n\t\t\t\t\t<\/div>\n\t\t\t\t<\/div>\n\t\t<div class=\"elementor-element elementor-element-iwgs-vierblaettri-kwd e-flex e-con-boxed e-con e-parent\" data-id=\"iwgs-vierblaettri-kwd\" data-element_type=\"container\" data-e-type=\"container\">\n\t\t\t\t\t<div class=\"e-con-inner\">\n\t\t\t\t<div class=\"elementor-element elementor-element-iwgs-vierblaettri-kwdt elementor-widget elementor-widget-text-editor\" data-id=\"iwgs-vierblaettri-kwdt\" data-element_type=\"widget\" data-e-type=\"widget\" data-widget_type=\"text-editor.default\">\n\t\t\t\t\t\t\t\t\t<p><em>Souvisej\u00edc\u00ed kl\u00ed\u010dov\u00e9 pojmy: \u010dty\u0159l\u00edstek, jetel \u0161t\u011bst\u00ed, shamrock, znamen\u00ed \u0161t\u011bst\u00ed, druidov\u00e9, Eva, podkova, <span class=\"iwg-fachbegriff\" data-tooltip=\"N\u00e1bo\u017eensk\u00e9 p\u0159edstavy a zvyky, kter\u00e9 jsou roz\u0161\u00ed\u0159en\u00e9 v b\u011b\u017en\u00e9m \u017eivot\u011b.\" tabindex=\"0\">lidov\u00e1 v\u00edra<\/span>.<\/em><\/p>\t\t\t\t\t\t\t\t<\/div>\n\t\t\t\t\t<\/div>\n\t\t\t\t<\/div>\n\t\t<div class=\"elementor-element elementor-element-iwgs-vierblaettri-cc e-flex e-con-boxed e-con e-parent\" data-id=\"iwgs-vierblaettri-cc\" data-element_type=\"container\" data-e-type=\"container\" id=\"iwg-cc-vierblaettriges-kleeblatt\">\n\t\t\t\t\t<div class=\"e-con-inner\">\n\t\t<div class=\"elementor-element elementor-element-iwgs-vierblaettri-ccinner e-flex e-con-boxed e-con e-parent\" data-id=\"iwgs-vierblaettri-ccinner\" data-element_type=\"container\" data-e-type=\"container\" data-settings=\"{&quot;background_background&quot;:&quot;classic&quot;}\">\n\t\t\t\t\t<div class=\"e-con-inner\">\n\t\t\t\t<div class=\"elementor-element elementor-element-iwgs-vierblaettri-cch elementor-widget elementor-widget-heading\" data-id=\"iwgs-vierblaettri-cch\" data-element_type=\"widget\" data-e-type=\"widget\" data-widget_type=\"heading.default\">\n\t\t\t\t\t<h2 class=\"elementor-heading-title elementor-size-default\">iWell Guard a ochrann\u00e9 tradice<\/h2>\t\t\t\t<\/div>\n\t\t\t\t<div class=\"elementor-element elementor-element-iwgs-vierblaettri-cct elementor-widget elementor-widget-text-editor\" data-id=\"iwgs-vierblaettri-cct\" data-element_type=\"widget\" data-e-type=\"widget\" data-widget_type=\"text-editor.default\">\n\t\t\t\t\t\t\t\t\t<p>iWell Guard navazuje na kulturn\u011b-historickou linii nositeln\u00fdch ochrann\u00fdch p\u0159edm\u011bt\u016f, k n\u00ed\u017e pat\u0159\u00ed i \u010dty\u0159l\u00edstek. Modern\u00ed spole\u010dn\u00edk pro lidi, kte\u0159\u00ed \u017eij\u00ed s ochrann\u00fdmi symboly: vyrobeno v N\u011bmecku, 41 vrstev z ryz\u00edho zlata, platiny a st\u0159\u00edbra, s 30denn\u00ed mo\u017enost\u00ed vr\u00e1cen\u00ed.<\/p>\t\t\t\t\t\t\t\t<\/div>\n\t\t\t\t<div class=\"elementor-element elementor-element-iwgs-vierblaettri-ccb iwg-cc-button iwg-cc-cta-2026-05-13 elementor-widget elementor-widget-jet-button\" data-id=\"iwgs-vierblaettri-ccb\" data-element_type=\"widget\" data-e-type=\"widget\" data-widget_type=\"jet-button.default\">\n\t\t\t\t<div class=\"elementor-widget-container\">\n\t\t\t\t\t<div class=\"elementor-jet-button jet-elements\"><div class=\"jet-button__container\"><a class=\"jet-button__instance jet-button__instance--icon-left hover-effect-1\" href=\"\/schutzanhaenger-iwell-guard-kaufen\/?utm_source=iwell-guard.com&amp;utm_medium=info-box&amp;utm_campaign=schutzsymbole\"><div class=\"jet-button__plane jet-button__plane-normal\"><\/div><div class=\"jet-button__plane jet-button__plane-hover\"><\/div><div class=\"jet-button__state jet-button__state-normal\"><span class=\"jet-button__label\">V\u00edce o iWell Guard<\/span><\/div><div class=\"jet-button__state jet-button__state-hover\"><span class=\"jet-button__label\">V\u00edce o iWell Guard<\/span><\/div><\/a><\/div><\/div><style>.elementor-element.elementor-element-iwgs-vierblaettri-ccb .jet-button__instance{width:320px;height:56px;}.elementor-element.elementor-element-iwgs-vierblaettri-ccb .jet-button__state-normal .jet-button__label{text-align:center;margin:0px 0px 0px 0px;color:#1a1b20;font-family:Montserrat,sans-serif;font-size:13px;font-weight:400;letter-spacing:4px;line-height:1.714em;text-transform:uppercase;}.elementor-element.elementor-element-iwgs-vierblaettri-ccb .jet-button__state-hover .jet-button__label{text-align:center;margin:0px 0px 0px 0px;color:#FECC76;font-family:Montserrat,sans-serif;font-size:13px;font-weight:400;letter-spacing:4px;line-height:1.714em;text-transform:uppercase;}.elementor-element.elementor-element-iwgs-vierblaettri-ccb .jet-button__plane-normal{background-color:#FECC76;border-style:solid;border-color:#C99540;border-width:2px 2px 2px 2px;}.elementor-element.elementor-element-iwgs-vierblaettri-ccb .jet-button__plane-hover{background-color:rgba(0,0,0,0.55);border-style:solid;border-color:#FECC76;border-width:2px 2px 2px 2px;}<\/style>\t\t\t\t<\/div>\n\t\t\t\t<\/div>\n\t\t\t\t<div class=\"elementor-element elementor-element-iwgs-vierblaettri-ccd elementor-widget elementor-widget-text-editor\" data-id=\"iwgs-vierblaettri-ccd\" data-element_type=\"widget\" data-e-type=\"widget\" data-widget_type=\"text-editor.default\">\n\t\t\t\t\t\t\t\t\t<p style=\"text-align:center;font-size:13px;opacity:0.7;margin-top:14px\" data-nosnippet=\"true\">Osobn\u00ed zku\u0161enosti se mohou li\u0161it. Nejde o zdravotnick\u00fd prost\u0159edek. Nejde o p\u0159\u00edslib l\u00e9\u010den\u00ed.<\/p>\t\t\t\t\t\t\t\t<\/div>\n\t\t\t\t\t<\/div>\n\t\t\t\t<\/div>\n\t\t\t\t\t<\/div>\n\t\t\t\t<\/div>\n\t\t<div class=\"elementor-element elementor-element-iwgs-vierblaettri-disc e-flex e-con-boxed e-con e-parent\" data-id=\"iwgs-vierblaettri-disc\" data-element_type=\"container\" data-e-type=\"container\">\n\t\t\t\t\t<div class=\"e-con-inner\">\n\t\t\t\t<div class=\"elementor-element elementor-element-iwgs-vierblaettri-discw elementor-widget elementor-widget-html\" data-id=\"iwgs-vierblaettri-discw\" data-element_type=\"widget\" data-e-type=\"widget\" data-widget_type=\"html.default\">\n\t\t\t\t\t<footer data-nosnippet=\"true\" class=\"iwg-disclaimer-block\"><p data-nosnippet=\"true\">iWell Guard <strong>nen\u00ed zdravotnick\u00fd prost\u0159edek<\/strong> a nenahrazuje l\u00e9ka\u0159skou ani psychoterapeutickou l\u00e9\u010dbu. Zde uveden\u00fd obsah p\u0159edstavuje religionistick\u00e9 a kulturn\u011b-historick\u00e9 za\u0159azen\u00ed, nikoli p\u0159\u00edslib duchovn\u00edho \u00fa\u010dinku.<\/p><\/footer>\t\t\t\t<\/div>\n\t\t\t\t\t<\/div>\n\t\t\t\t<\/div>\n\t\t\t\t<\/div>\n\t\t","protected":false},"excerpt":{"rendered":"","protected":false},"author":3,"featured_media":3449,"parent":0,"menu_order":0,"comment_status":"closed","ping_status":"closed","template":"elementor_header_footer","meta":{"_yoast_wpseo_focuskw":"\u010dty\u0159l\u00edstek","_yoast_wpseo_title":"\u010cty\u0159l\u00edstek \u2013 znamen\u00ed \u0161t\u011bst\u00ed","_yoast_wpseo_metadesc":"\u010cty\u0159l\u00edstek je pova\u017eov\u00e1n za znamen\u00ed \u0161t\u011bst\u00ed a ochrany. Vz\u00e1cnost, legendy, keltsk\u00e9 ko\u0159eny a v\u00fdznam jasn\u011b vysv\u011btleny.","_yoast_wpseo_meta-robots-noindex":"","_yoast_wpseo_canonical":"","_angie_page":false,"gefaehrdungsstufe":"","wesen_kultur":"","wesen_klasse":"","footnotes":""},"categories":[],"class_list":["post-145660","page","type-page","status-publish","has-post-thumbnail","hentry"],"yoast_head":"<!-- This site is optimized with the Yoast SEO Premium plugin v27.7 (Yoast SEO v28.3) - https:\/\/yoast.com\/product\/yoast-seo-premium-wordpress\/ -->\n<title>\u010cty\u0159l\u00edstek \u2013 znamen\u00ed \u0161t\u011bst\u00ed<\/title>\n<meta name=\"description\" content=\"\u010cty\u0159l\u00edstek je pova\u017eov\u00e1n za znamen\u00ed \u0161t\u011bst\u00ed a ochrany. Vz\u00e1cnost, legendy, keltsk\u00e9 ko\u0159eny a v\u00fdznam jasn\u011b vysv\u011btleny.\" \/>\n<meta name=\"robots\" content=\"index, follow, max-snippet:-1, max-image-preview:large, max-video-preview:-1\" \/>\n<link rel=\"canonical\" href=\"https:\/\/iwell-guard.com\/cs\/ctyrlistek-znameni-stesti-a-ochrany\/\" \/>\n<meta property=\"og:locale\" content=\"cs_CZ\" \/>\n<meta property=\"og:type\" content=\"article\" \/>\n<meta property=\"og:title\" content=\"\u010cty\u0159l\u00edstek \u2013 znamen\u00ed \u0161t\u011bst\u00ed a ochrany\" \/>\n<meta property=\"og:description\" content=\"\u010cty\u0159l\u00edstek je pova\u017eov\u00e1n za znamen\u00ed \u0161t\u011bst\u00ed a ochrany. Vz\u00e1cnost, legendy, keltsk\u00e9 ko\u0159eny a v\u00fdznam jasn\u011b vysv\u011btleny.\" \/>\n<meta property=\"og:url\" content=\"https:\/\/iwell-guard.com\/cs\/ctyrlistek-znameni-stesti-a-ochrany\/\" \/>\n<meta property=\"og:site_name\" content=\"iWell Guard\" \/>\n<meta property=\"article:modified_time\" content=\"2026-09-03T17:02:16+00:00\" \/>\n<meta property=\"og:image\" content=\"https:\/\/iwell-guard.com\/wp-content\/uploads\/2026\/05\/schutzsymbol_volksmagie_kleeblatt.webp\" \/>\n\t<meta property=\"og:image:width\" content=\"1024\" \/>\n\t<meta property=\"og:image:height\" content=\"1536\" \/>\n\t<meta property=\"og:image:type\" content=\"image\/webp\" \/>\n<meta name=\"twitter:card\" content=\"summary_large_image\" \/>\n<script type=\"application\/ld+json\" class=\"yoast-schema-graph\">{\"@context\":\"https:\\\/\\\/schema.org\",\"@graph\":[{\"@type\":\"WebPage\",\"@id\":\"https:\\\/\\\/iwell-guard.com\\\/cs\\\/ctyrlistek-znameni-stesti-a-ochrany\\\/\",\"url\":\"https:\\\/\\\/iwell-guard.com\\\/cs\\\/ctyrlistek-znameni-stesti-a-ochrany\\\/\",\"name\":\"\u010cty\u0159l\u00edstek \u2013 znamen\u00ed \u0161t\u011bst\u00ed\",\"isPartOf\":{\"@id\":\"https:\\\/\\\/iwell-guard.com\\\/cs\\\/#website\"},\"primaryImageOfPage\":{\"@id\":\"https:\\\/\\\/iwell-guard.com\\\/cs\\\/ctyrlistek-znameni-stesti-a-ochrany\\\/#primaryimage\"},\"image\":{\"@id\":\"https:\\\/\\\/iwell-guard.com\\\/cs\\\/ctyrlistek-znameni-stesti-a-ochrany\\\/#primaryimage\"},\"thumbnailUrl\":\"https:\\\/\\\/iwell-guard.com\\\/wp-content\\\/uploads\\\/2026\\\/05\\\/schutzsymbol_volksmagie_kleeblatt.webp\",\"datePublished\":\"2026-09-03T16:32:32+00:00\",\"dateModified\":\"2026-09-03T17:02:16+00:00\",\"description\":\"\u010cty\u0159l\u00edstek je pova\u017eov\u00e1n za znamen\u00ed \u0161t\u011bst\u00ed a ochrany. Vz\u00e1cnost, legendy, keltsk\u00e9 ko\u0159eny a v\u00fdznam jasn\u011b vysv\u011btleny.\",\"breadcrumb\":{\"@id\":\"https:\\\/\\\/iwell-guard.com\\\/cs\\\/ctyrlistek-znameni-stesti-a-ochrany\\\/#breadcrumb\"},\"inLanguage\":\"cs\",\"potentialAction\":[{\"@type\":\"ReadAction\",\"target\":[\"https:\\\/\\\/iwell-guard.com\\\/cs\\\/ctyrlistek-znameni-stesti-a-ochrany\\\/\"]}]},{\"@type\":\"ImageObject\",\"inLanguage\":\"cs\",\"@id\":\"https:\\\/\\\/iwell-guard.com\\\/cs\\\/ctyrlistek-znameni-stesti-a-ochrany\\\/#primaryimage\",\"url\":\"https:\\\/\\\/iwell-guard.com\\\/wp-content\\\/uploads\\\/2026\\\/05\\\/schutzsymbol_volksmagie_kleeblatt.webp\",\"contentUrl\":\"https:\\\/\\\/iwell-guard.com\\\/wp-content\\\/uploads\\\/2026\\\/05\\\/schutzsymbol_volksmagie_kleeblatt.webp\",\"width\":1024,\"height\":1536,\"caption\":\"Ochrann\u00fd symbol. Muzejn\u00ed ilustrace z\u00e1ti\u0161\u00ed.\"},{\"@type\":\"BreadcrumbList\",\"@id\":\"https:\\\/\\\/iwell-guard.com\\\/cs\\\/ctyrlistek-znameni-stesti-a-ochrany\\\/#breadcrumb\",\"itemListElement\":[{\"@type\":\"ListItem\",\"position\":1,\"name\":\"Start\",\"item\":\"https:\\\/\\\/iwell-guard.com\\\/cs\\\/?page_id=145107\"},{\"@type\":\"ListItem\",\"position\":2,\"name\":\"\u010cty\u0159l\u00edstek \u2013 znamen\u00ed \u0161t\u011bst\u00ed a ochrany\"}]},{\"@type\":\"WebSite\",\"@id\":\"https:\\\/\\\/iwell-guard.com\\\/cs\\\/#website\",\"url\":\"https:\\\/\\\/iwell-guard.com\\\/cs\\\/\",\"name\":\"iWell Guard\",\"description\":\"Schutz vor dunklen Einfl\u00fcssen\",\"publisher\":{\"@id\":\"https:\\\/\\\/iwell-guard.com\\\/cs\\\/#organization\"},\"potentialAction\":[{\"@type\":\"SearchAction\",\"target\":{\"@type\":\"EntryPoint\",\"urlTemplate\":\"https:\\\/\\\/iwell-guard.com\\\/cs\\\/?s={search_term_string}\"},\"query-input\":{\"@type\":\"PropertyValueSpecification\",\"valueRequired\":true,\"valueName\":\"search_term_string\"}}],\"inLanguage\":\"cs\"},{\"@type\":\"Organization\",\"@id\":\"https:\\\/\\\/iwell-guard.com\\\/cs\\\/#organization\",\"name\":\"Ittermann electronic GmbH\",\"url\":\"https:\\\/\\\/iwell-guard.com\\\/cs\\\/\",\"logo\":{\"@type\":\"ImageObject\",\"inLanguage\":\"cs\",\"@id\":\"https:\\\/\\\/iwell-guard.com\\\/cs\\\/#\\\/schema\\\/logo\\\/image\\\/\",\"url\":\"https:\\\/\\\/iwell-guard.com\\\/wp-content\\\/uploads\\\/2026\\\/05\\\/Ittermann-Logo-1182x237-1.png\",\"contentUrl\":\"https:\\\/\\\/iwell-guard.com\\\/wp-content\\\/uploads\\\/2026\\\/05\\\/Ittermann-Logo-1182x237-1.png\",\"width\":1182,\"height\":237,\"caption\":\"Ittermann electronic GmbH\"},\"image\":{\"@id\":\"https:\\\/\\\/iwell-guard.com\\\/cs\\\/#\\\/schema\\\/logo\\\/image\\\/\"},\"sameAs\":[\"https:\\\/\\\/pantip.com\\\/profile\\\/9367242\",\"https:\\\/\\\/micro.blog\\\/iwellguard\",\"https:\\\/\\\/www.diggerslist.com\\\/iwellguard\\\/about\",\"https:\\\/\\\/skitterphoto.com\\\/photographers\\\/2870314\\\/iwell-guard\",\"https:\\\/\\\/iwellguard.wordpress.com\\\/2026\\\/06\\\/06\\\/iwell-guard\\\/\",\"https:\\\/\\\/hub.docker.com\\\/u\\\/iwellguard\",\"https:\\\/\\\/www.pinterest.com\\\/iwellguard\\\/\",\"https:\\\/\\\/bit.ly\\\/m\\\/iwellguard\",\"https:\\\/\\\/entre-vos-mains.alsace.eu\\\/profiles\\\/iwellguard\\\/activity\",\"https:\\\/\\\/gravatar.com\\\/reallybeded8fd34\",\"https:\\\/\\\/naijamatta.com\\\/iwellguard\",\"https:\\\/\\\/www.goodreads.com\\\/iwellguard\",\"https:\\\/\\\/profile.hatena.ne.jp\\\/iwellguard\\\/\",\"https:\\\/\\\/experiment.com\\\/users\\\/iwellguard\",\"https:\\\/\\\/wakelet.com\\\/@iWellGuard82270\",\"https:\\\/\\\/www.chordie.com\\\/forum\\\/profile.php?id=2555664\",\"https:\\\/\\\/www.instapaper.com\\\/p\\\/17757966\",\"https:\\\/\\\/www.mapleprimes.com\\\/users\\\/iwellguard\",\"https:\\\/\\\/businesslistingplus.com\\\/profile\\\/iwell-guard\\\/\",\"https:\\\/\\\/telegra.ph\\\/iWell-Guard-06-06\",\"https:\\\/\\\/pbase.com\\\/iwellguard\\\/iwellguard\",\"https:\\\/\\\/b.hatena.ne.jp\\\/iwellguard\\\/20260607#bookmark-4788405196491818882\",\"https:\\\/\\\/fliphtml5.com\\\/home\\\/iwellguard\",\"https:\\\/\\\/anyflip.com\\\/homepage\\\/cmiwl#About\",\"https:\\\/\\\/transfur.com\\\/Users\\\/iwellguard\",\"http:\\\/\\\/delphi.larsbo.org\\\/user\\\/iwellguard\",\"https:\\\/\\\/jobs.lajobsportal.org\\\/profiles\\\/8380803-iwell-guard\",\"https:\\\/\\\/md.chaosdorf.de\\\/s\\\/jfbe5SBdJD\",\"https:\\\/\\\/www.lingvolive.com\\\/en-us\\\/profile\\\/9ecaeaca-ce11-4e51-9e71-01d55e2bff36\\\/translations\",\"https:\\\/\\\/www.fitday.com\\\/fitness\\\/forums\\\/members\\\/iwellguard.html\",\"https:\\\/\\\/www.mymeetbook.com\\\/iwellguard\",\"https:\\\/\\\/pxhere.com\\\/en\\\/photographer-me\\\/5040798\",\"https:\\\/\\\/disqus.com\\\/by\\\/iwellguard\\\/about\\\/\",\"https:\\\/\\\/pastelink.net\\\/hjwciqwq\",\"https:\\\/\\\/pubhtml5.com\\\/homepage\\\/scjhn\\\/\",\"https:\\\/\\\/www.bitchute.com\\\/channel\\\/2O2eOKzNqujT\",\"https:\\\/\\\/audiomack.com\\\/iwellguard\"]}]}<\/script>\n<!-- \/ Yoast SEO Premium plugin. -->","yoast_head_json":{"title":"\u010cty\u0159l\u00edstek \u2013 znamen\u00ed \u0161t\u011bst\u00ed","description":"\u010cty\u0159l\u00edstek je pova\u017eov\u00e1n za znamen\u00ed \u0161t\u011bst\u00ed a ochrany. Vz\u00e1cnost, legendy, keltsk\u00e9 ko\u0159eny a v\u00fdznam jasn\u011b vysv\u011btleny.","robots":{"index":"index","follow":"follow","max-snippet":"max-snippet:-1","max-image-preview":"max-image-preview:large","max-video-preview":"max-video-preview:-1"},"canonical":"https:\/\/iwell-guard.com\/cs\/ctyrlistek-znameni-stesti-a-ochrany\/","og_locale":"cs_CZ","og_type":"article","og_title":"\u010cty\u0159l\u00edstek \u2013 znamen\u00ed \u0161t\u011bst\u00ed a ochrany","og_description":"\u010cty\u0159l\u00edstek je pova\u017eov\u00e1n za znamen\u00ed \u0161t\u011bst\u00ed a ochrany. Vz\u00e1cnost, legendy, keltsk\u00e9 ko\u0159eny a v\u00fdznam jasn\u011b vysv\u011btleny.","og_url":"https:\/\/iwell-guard.com\/cs\/ctyrlistek-znameni-stesti-a-ochrany\/","og_site_name":"iWell Guard","article_modified_time":"2026-09-03T17:02:16+00:00","og_image":[{"width":1024,"height":1536,"url":"https:\/\/iwell-guard.com\/wp-content\/uploads\/2026\/05\/schutzsymbol_volksmagie_kleeblatt.webp","type":"image\/webp"}],"twitter_card":"summary_large_image","schema":{"@context":"https:\/\/schema.org","@graph":[{"@type":"WebPage","@id":"https:\/\/iwell-guard.com\/cs\/ctyrlistek-znameni-stesti-a-ochrany\/","url":"https:\/\/iwell-guard.com\/cs\/ctyrlistek-znameni-stesti-a-ochrany\/","name":"\u010cty\u0159l\u00edstek \u2013 znamen\u00ed \u0161t\u011bst\u00ed","isPartOf":{"@id":"https:\/\/iwell-guard.com\/cs\/#website"},"primaryImageOfPage":{"@id":"https:\/\/iwell-guard.com\/cs\/ctyrlistek-znameni-stesti-a-ochrany\/#primaryimage"},"image":{"@id":"https:\/\/iwell-guard.com\/cs\/ctyrlistek-znameni-stesti-a-ochrany\/#primaryimage"},"thumbnailUrl":"https:\/\/iwell-guard.com\/wp-content\/uploads\/2026\/05\/schutzsymbol_volksmagie_kleeblatt.webp","datePublished":"2026-09-03T16:32:32+00:00","dateModified":"2026-09-03T17:02:16+00:00","description":"\u010cty\u0159l\u00edstek je pova\u017eov\u00e1n za znamen\u00ed \u0161t\u011bst\u00ed a ochrany. Vz\u00e1cnost, legendy, keltsk\u00e9 ko\u0159eny a v\u00fdznam jasn\u011b vysv\u011btleny.","breadcrumb":{"@id":"https:\/\/iwell-guard.com\/cs\/ctyrlistek-znameni-stesti-a-ochrany\/#breadcrumb"},"inLanguage":"cs","potentialAction":[{"@type":"ReadAction","target":["https:\/\/iwell-guard.com\/cs\/ctyrlistek-znameni-stesti-a-ochrany\/"]}]},{"@type":"ImageObject","inLanguage":"cs","@id":"https:\/\/iwell-guard.com\/cs\/ctyrlistek-znameni-stesti-a-ochrany\/#primaryimage","url":"https:\/\/iwell-guard.com\/wp-content\/uploads\/2026\/05\/schutzsymbol_volksmagie_kleeblatt.webp","contentUrl":"https:\/\/iwell-guard.com\/wp-content\/uploads\/2026\/05\/schutzsymbol_volksmagie_kleeblatt.webp","width":1024,"height":1536,"caption":"Ochrann\u00fd symbol. Muzejn\u00ed ilustrace z\u00e1ti\u0161\u00ed."},{"@type":"BreadcrumbList","@id":"https:\/\/iwell-guard.com\/cs\/ctyrlistek-znameni-stesti-a-ochrany\/#breadcrumb","itemListElement":[{"@type":"ListItem","position":1,"name":"Start","item":"https:\/\/iwell-guard.com\/cs\/?page_id=145107"},{"@type":"ListItem","position":2,"name":"\u010cty\u0159l\u00edstek \u2013 znamen\u00ed \u0161t\u011bst\u00ed a ochrany"}]},{"@type":"WebSite","@id":"https:\/\/iwell-guard.com\/cs\/#website","url":"https:\/\/iwell-guard.com\/cs\/","name":"iWell Guard","description":"Schutz vor dunklen Einfl\u00fcssen","publisher":{"@id":"https:\/\/iwell-guard.com\/cs\/#organization"},"potentialAction":[{"@type":"SearchAction","target":{"@type":"EntryPoint","urlTemplate":"https:\/\/iwell-guard.com\/cs\/?s={search_term_string}"},"query-input":{"@type":"PropertyValueSpecification","valueRequired":true,"valueName":"search_term_string"}}],"inLanguage":"cs"},{"@type":"Organization","@id":"https:\/\/iwell-guard.com\/cs\/#organization","name":"Ittermann electronic GmbH","url":"https:\/\/iwell-guard.com\/cs\/","logo":{"@type":"ImageObject","inLanguage":"cs","@id":"https:\/\/iwell-guard.com\/cs\/#\/schema\/logo\/image\/","url":"https:\/\/iwell-guard.com\/wp-content\/uploads\/2026\/05\/Ittermann-Logo-1182x237-1.png","contentUrl":"https:\/\/iwell-guard.com\/wp-content\/uploads\/2026\/05\/Ittermann-Logo-1182x237-1.png","width":1182,"height":237,"caption":"Ittermann electronic GmbH"},"image":{"@id":"https:\/\/iwell-guard.com\/cs\/#\/schema\/logo\/image\/"},"sameAs":["https:\/\/pantip.com\/profile\/9367242","https:\/\/micro.blog\/iwellguard","https:\/\/www.diggerslist.com\/iwellguard\/about","https:\/\/skitterphoto.com\/photographers\/2870314\/iwell-guard","https:\/\/iwellguard.wordpress.com\/2026\/06\/06\/iwell-guard\/","https:\/\/hub.docker.com\/u\/iwellguard","https:\/\/www.pinterest.com\/iwellguard\/","https:\/\/bit.ly\/m\/iwellguard","https:\/\/entre-vos-mains.alsace.eu\/profiles\/iwellguard\/activity","https:\/\/gravatar.com\/reallybeded8fd34","https:\/\/naijamatta.com\/iwellguard","https:\/\/www.goodreads.com\/iwellguard","https:\/\/profile.hatena.ne.jp\/iwellguard\/","https:\/\/experiment.com\/users\/iwellguard","https:\/\/wakelet.com\/@iWellGuard82270","https:\/\/www.chordie.com\/forum\/profile.php?id=2555664","https:\/\/www.instapaper.com\/p\/17757966","https:\/\/www.mapleprimes.com\/users\/iwellguard","https:\/\/businesslistingplus.com\/profile\/iwell-guard\/","https:\/\/telegra.ph\/iWell-Guard-06-06","https:\/\/pbase.com\/iwellguard\/iwellguard","https:\/\/b.hatena.ne.jp\/iwellguard\/20260607#bookmark-4788405196491818882","https:\/\/fliphtml5.com\/home\/iwellguard","https:\/\/anyflip.com\/homepage\/cmiwl#About","https:\/\/transfur.com\/Users\/iwellguard","http:\/\/delphi.larsbo.org\/user\/iwellguard","https:\/\/jobs.lajobsportal.org\/profiles\/8380803-iwell-guard","https:\/\/md.chaosdorf.de\/s\/jfbe5SBdJD","https:\/\/www.lingvolive.com\/en-us\/profile\/9ecaeaca-ce11-4e51-9e71-01d55e2bff36\/translations","https:\/\/www.fitday.com\/fitness\/forums\/members\/iwellguard.html","https:\/\/www.mymeetbook.com\/iwellguard","https:\/\/pxhere.com\/en\/photographer-me\/5040798","https:\/\/disqus.com\/by\/iwellguard\/about\/","https:\/\/pastelink.net\/hjwciqwq","https:\/\/pubhtml5.com\/homepage\/scjhn\/","https:\/\/www.bitchute.com\/channel\/2O2eOKzNqujT","https:\/\/audiomack.com\/iwellguard"]}]}},"_links":{"self":[{"href":"https:\/\/iwell-guard.com\/cs\/wp-json\/wp\/v2\/pages\/145660","targetHints":{"allow":["GET"]}}],"collection":[{"href":"https:\/\/iwell-guard.com\/cs\/wp-json\/wp\/v2\/pages"}],"about":[{"href":"https:\/\/iwell-guard.com\/cs\/wp-json\/wp\/v2\/types\/page"}],"author":[{"embeddable":true,"href":"https:\/\/iwell-guard.com\/cs\/wp-json\/wp\/v2\/users\/3"}],"replies":[{"embeddable":true,"href":"https:\/\/iwell-guard.com\/cs\/wp-json\/wp\/v2\/comments?post=145660"}],"version-history":[{"count":0,"href":"https:\/\/iwell-guard.com\/cs\/wp-json\/wp\/v2\/pages\/145660\/revisions"}],"wp:featuredmedia":[{"embeddable":true,"href":"https:\/\/iwell-guard.com\/cs\/wp-json\/wp\/v2\/media\/3449"}],"wp:attachment":[{"href":"https:\/\/iwell-guard.com\/cs\/wp-json\/wp\/v2\/media?parent=145660"}],"wp:term":[{"taxonomy":"category","embeddable":true,"href":"https:\/\/iwell-guard.com\/cs\/wp-json\/wp\/v2\/categories?post=145660"}],"curies":[{"name":"wp","href":"https:\/\/api.w.org\/{rel}","templated":true}]}}