{"id":145656,"date":"2026-09-03T16:32:30","date_gmt":"2026-09-03T16:32:30","guid":{"rendered":"https:\/\/iwell-guard.com\/?page_id=145656"},"modified":"2026-09-03T17:02:09","modified_gmt":"2026-09-03T17:02:09","slug":"om-znameni-ochrany-a-pozehnani","status":"publish","type":"page","link":"https:\/\/iwell-guard.com\/cs\/om-znameni-ochrany-a-pozehnani\/","title":{"rendered":"\u00d3m \u2013 posv\u00e1tn\u00e9 znamen\u00ed jako ochrana a po\u017eehn\u00e1n\u00ed"},"content":{"rendered":"\t\t<div data-elementor-type=\"wp-page\" data-elementor-id=\"145656\" class=\"elementor elementor-145656 elementor-3595 elementor-bc-flex-widget\" data-elementor-post-type=\"page\">\n\t\t\t\t<div class=\"elementor-element elementor-element-iwgs-omsymbol-hero e-flex e-con-boxed e-con e-parent\" data-id=\"iwgs-omsymbol-hero\" data-element_type=\"container\" data-e-type=\"container\">\n\t\t\t\t\t<div class=\"e-con-inner\">\n\t\t<div class=\"elementor-element elementor-element-iwgs-omsymbol-hl e-flex e-con-boxed e-con e-parent\" data-id=\"iwgs-omsymbol-hl\" data-element_type=\"container\" data-e-type=\"container\">\n\t\t\t\t\t<div class=\"e-con-inner\">\n\t\t<div class=\"elementor-element elementor-element-iwgs-omsymbol-hlbox e-con-full e-flex e-con e-parent\" data-id=\"iwgs-omsymbol-hlbox\" data-element_type=\"container\" data-e-type=\"container\">\n\t\t\t\t<div class=\"elementor-element elementor-element-iwgs-omsymbol-h1 elementor-widget elementor-widget-heading\" data-id=\"iwgs-omsymbol-h1\" data-element_type=\"widget\" data-e-type=\"widget\" data-widget_type=\"heading.default\">\n\t\t\t\t\t<h1 class=\"elementor-heading-title elementor-size-default\">Symbol \u00d3m \u2013 posv\u00e1tn\u00e1 slabika jako znamen\u00ed ochrany a po\u017eehn\u00e1n\u00ed<\/h1>\t\t\t\t<\/div>\n\t\t\t\t<div class=\"elementor-element elementor-element-iwgs-omsymbol-lead elementor-widget elementor-widget-text-editor\" data-id=\"iwgs-omsymbol-lead\" data-element_type=\"widget\" data-e-type=\"widget\" data-widget_type=\"text-editor.default\">\n\t\t\t\t\t\t\t\t\t<p>\u00d3m, ps\u00e1no tak\u00e9 jako Aum, je posv\u00e1tn\u00e1 prvotn\u00ed slabika hinduismu. Jako vyslovovan\u00fd zvuk i jako psan\u00e9 znamen\u00ed stoj\u00ed na po\u010d\u00e1tku <span class=\"iwg-fachbegriff\" data-tooltip=\"Jazykov\u00e9 obr\u00e1cen\u00ed \u010dlov\u011bka k bo\u017estvu.\" tabindex=\"0\">modlitby<\/span> a p\u00edsma a je z\u00e1rove\u0148 znamen\u00edm po\u017eehn\u00e1n\u00ed a ochrany, kter\u00e9 doprov\u00e1z\u00ed domy, lidi i cesty.<\/p>\t\t\t\t\t\t\t\t<\/div>\n\t\t\t\t<\/div>\n\t\t\t\t<div class=\"elementor-element elementor-element-iwgs-omsymbol-pills elementor-widget elementor-widget-html\" data-id=\"iwgs-omsymbol-pills\" data-element_type=\"widget\" data-e-type=\"widget\" data-widget_type=\"html.default\">\n\t\t\t\t\t<div class=\"iwg-pill-row\"><span class=\"iwg-klasse-badge\" tabindex=\"0\" data-tooltip=\"Ochrann\u00fd symbol, amulet nebo apotropaick\u00fd p\u0159edm\u011bt.\">Ochrann\u00fd symbol<\/span><a href=\"https:\/\/iwell-guard.com\/cs\/hinduismus\/\" class=\"iwg-kultur-badge\" tabindex=\"0\" data-tooltip=\"Ochrann\u00e1 tradice: hinduismus\">Hinduismus<\/a><span class=\"iwg-tradition-badge\" tabindex=\"0\" data-tooltip=\"Znamen\u00ed, kter\u00e9 vyjad\u0159uje nebo zprost\u0159edkov\u00e1v\u00e1 po\u017eehn\u00e1n\u00ed.\">Znamen\u00ed po\u017eehn\u00e1n\u00ed<\/span><\/div>\t\t\t\t<\/div>\n\t\t\t\t\t<\/div>\n\t\t\t\t<\/div>\n\t\t<div class=\"elementor-element elementor-element-iwgs-omsymbol-hr e-con-full e-flex e-con e-parent\" data-id=\"iwgs-omsymbol-hr\" data-element_type=\"container\" data-e-type=\"container\">\n\t\t\t\t<div class=\"elementor-element elementor-element-iwgs-omsymbol-himg iwg-hero-image elementor-widget elementor-widget-image\" data-id=\"iwgs-omsymbol-himg\" data-element_type=\"widget\" data-e-type=\"widget\" data-widget_type=\"image.default\">\n\t\t\t\t\t\t\t\t\t\t\t\t\t\t\t<img fetchpriority=\"high\" decoding=\"async\" width=\"683\" height=\"1024\" src=\"https:\/\/iwell-guard.com\/wp-content\/uploads\/2026\/05\/schutzsymbol_hinduismus_om-683x1024.webp\" class=\"attachment-large size-large wp-image-147127\" alt=\"Symbol \u00d3m jako p\u0159\u00edv\u011bsek ze zlatav\u00e9 mosazi s kv\u011bty m\u011bs\u00ed\u010dku na tmav\u00e9m kameni\" srcset=\"https:\/\/iwell-guard.com\/wp-content\/uploads\/2026\/05\/schutzsymbol_hinduismus_om-683x1024.webp 683w, https:\/\/iwell-guard.com\/wp-content\/uploads\/2026\/05\/schutzsymbol_hinduismus_om-200x300.webp 200w, https:\/\/iwell-guard.com\/wp-content\/uploads\/2026\/05\/schutzsymbol_hinduismus_om-768x1152.webp 768w, https:\/\/iwell-guard.com\/wp-content\/uploads\/2026\/05\/schutzsymbol_hinduismus_om.webp 1024w\" sizes=\"(max-width: 683px) 100vw, 683px\" \/>\t\t\t\t\t\t\t\t\t\t\t\t\t\t\t<\/div>\n\t\t\t\t<\/div>\n\t\t\t\t\t<\/div>\n\t\t\t\t<\/div>\n\t\t<div class=\"elementor-element elementor-element-iwgs-omsymbol-s0 e-flex e-con-boxed e-con e-parent\" data-id=\"iwgs-omsymbol-s0\" data-element_type=\"container\" data-e-type=\"container\">\n\t\t\t\t\t<div class=\"e-con-inner\">\n\t\t\t\t<div class=\"elementor-element elementor-element-iwgs-omsymbol-s0h elementor-widget elementor-widget-heading\" data-id=\"iwgs-omsymbol-s0h\" data-element_type=\"widget\" data-e-type=\"widget\" data-widget_type=\"heading.default\">\n\t\t\t\t\t<h2 class=\"elementor-heading-title elementor-size-default\">Za\u0159azen\u00ed<\/h2>\t\t\t\t<\/div>\n\t\t<div class=\"elementor-element elementor-element-iwgs-omsymbol-s0box e-con-full e-flex e-con e-parent\" data-id=\"iwgs-omsymbol-s0box\" data-element_type=\"container\" data-e-type=\"container\">\n\t\t\t\t<div class=\"elementor-element elementor-element-iwgs-omsymbol-s0t elementor-widget elementor-widget-text-editor\" data-id=\"iwgs-omsymbol-s0t\" data-element_type=\"widget\" data-e-type=\"widget\" data-widget_type=\"text-editor.default\">\n\t\t\t\t\t\t\t\t\t<p>\u00d3m je nejd\u016fle\u017eit\u011bj\u0161\u00ed posv\u00e1tn\u00e1 slabika <a href=\"https:\/\/iwell-guard.com\/cs\/hinduismus\/\">hinduismu<\/a>. Vyslovuje se, zp\u00edv\u00e1 a p\u00ed\u0161e, a ve v\u0161ech t\u011bchto form\u00e1ch je pova\u017eov\u00e1na za <span class=\"iwg-fachbegriff\" data-tooltip=\"N\u00e1le\u017eej\u00edc\u00ed bo\u017esk\u00e9mu, a t\u00edm vy\u0148at\u00e9 z b\u011b\u017en\u00e9ho u\u017e\u00edv\u00e1n\u00ed.\" tabindex=\"0\">svatou<\/span>. Jako psan\u00e9 znamen\u00ed, nej\u010dast\u011bji v p\u00edsmu d\u00e9van\u00e1gar\u00ed, je \u00d3m jedn\u00edm z nejzn\u00e1m\u011bj\u0161\u00edch symbol\u016f indick\u00fdch n\u00e1bo\u017eenstv\u00ed.<\/p><p>Na rozd\u00edl od <span class=\"iwg-fachbegriff\" data-tooltip=\"No\u0161en\u00fd p\u0159edm\u011bt, kter\u00e9mu je p\u0159isuzov\u00e1n ochrann\u00fd, zlo odvracej\u00edc\u00ed \u00fa\u010dinek.\" tabindex=\"0\">amuletu<\/span>, kter\u00fd m\u00e1 chr\u00e1nit p\u0159ed konkr\u00e9tn\u00edm nebezpe\u010d\u00edm, je \u00d3m p\u0159edev\u0161\u00edm znamen\u00edm po\u017eehn\u00e1n\u00ed a posv\u00e1tn\u00e9ho \u0159\u00e1du. Um\u00eds\u0165uje se tam, kde m\u00e1 b\u00fdt n\u011bco posv\u011bceno, po\u017eehn\u00e1no a postaveno pod dobr\u00e9 znamen\u00ed. My\u0161lenka ochrany je v n\u011bm obsa\u017eena, ale je sou\u010d\u00e1st\u00ed \u0161ir\u0161\u00edho kontextu.<\/p><p>Z religionistick\u00e9ho hlediska pat\u0159\u00ed \u00d3m k znamen\u00edm, kter\u00e1 nechr\u00e1n\u00ed odvracen\u00edm, n\u00fdbr\u017e <span class=\"iwg-fachbegriff\" data-tooltip=\"Odevzdat p\u0159edm\u011bt, m\u00edsto nebo \u010dlov\u011bka posv\u00e1tn\u00e9mu skrze n\u00e1bo\u017eensk\u00fd akt.\" tabindex=\"0\">zasv\u011bcuj\u00ed<\/span>. Ozna\u010duje po\u010d\u00e1tek jako <span class=\"iwg-fachbegriff\" data-tooltip=\"N\u00e1le\u017eej\u00edc\u00ed bo\u017esk\u00e9mu, a t\u00edm vy\u0148at\u00e9 z b\u011b\u017en\u00e9ho u\u017e\u00edv\u00e1n\u00ed.\" tabindex=\"0\">svat\u00fd<\/span> a stav\u00ed m\u00edsto nebo \u010din pod <span class=\"iwg-fachbegriff\" data-tooltip=\"P\u0159\u00edslib blaha a ochrany, \u010dasto v ust\u00e1len\u00e9 jazykov\u00e9 form\u011b.\" tabindex=\"0\">po\u017eehn\u00e1n\u00ed<\/span>. T\u00edm se li\u0161\u00ed od apotropaick\u00fdch ochrann\u00fdch p\u0159edm\u011bt\u016f, jejich\u017e \u00fakolem je odvracet ne\u0161t\u011bst\u00ed.<\/p><p>\u00d3m je pro mnoh\u00e9 nejsv\u011bt\u011bj\u0161\u00edm znamen\u00edm hinduismu v\u016fbec. Tradi\u010dn\u011b se um\u00eds\u0165uje na za\u010d\u00e1tek rukopis\u016f, dopis\u016f a dokument\u016f, aby psan\u00fd text postavil pod dobr\u00e9 znamen\u00ed.<\/p><p>\u00d3m tak\u00e9 zahajuje v\u00fduku a studium svat\u00fdch text\u016f. V tomto zvyku zahajovat ka\u017ed\u00fd v\u00fdznamn\u00fd za\u010d\u00e1tek t\u00edmto znamen\u00edm se velmi jasn\u011b projevuje jeho v\u00fdjime\u010dn\u00e9 postaven\u00ed.<\/p>\t\t\t\t\t\t\t\t<\/div>\n\t\t\t\t<\/div>\n\t\t\t\t\t<\/div>\n\t\t\t\t<\/div>\n\t\t<div class=\"elementor-element elementor-element-iwgs-omsymbol-s1 e-flex e-con-boxed e-con e-parent\" data-id=\"iwgs-omsymbol-s1\" data-element_type=\"container\" data-e-type=\"container\">\n\t\t\t\t\t<div class=\"e-con-inner\">\n\t\t\t\t<div class=\"elementor-element elementor-element-iwgs-omsymbol-s1h elementor-widget elementor-widget-heading\" data-id=\"iwgs-omsymbol-s1h\" data-element_type=\"widget\" data-e-type=\"widget\" data-widget_type=\"heading.default\">\n\t\t\t\t\t<h2 class=\"elementor-heading-title elementor-size-default\">\u00d3m jako prvotn\u00ed slabika a prvotn\u00ed zvuk<\/h2>\t\t\t\t<\/div>\n\t\t<div class=\"elementor-element elementor-element-iwgs-omsymbol-s1box e-con-full e-flex e-con e-parent\" data-id=\"iwgs-omsymbol-s1box\" data-element_type=\"container\" data-e-type=\"container\">\n\t\t\t\t<div class=\"elementor-element elementor-element-iwgs-omsymbol-s1t elementor-widget elementor-widget-text-editor\" data-id=\"iwgs-omsymbol-s1t\" data-element_type=\"widget\" data-e-type=\"widget\" data-widget_type=\"text-editor.default\">\n\t\t\t\t\t\t\t\t\t<p>V hinduistick\u00e9m my\u0161len\u00ed je \u00d3m mnohem v\u00edce ne\u017e slovo. Je pova\u017eov\u00e1n za prvotn\u00ed zvuk, z n\u011bho\u017e vze\u0161el sv\u011bt. Podle t\u00e9to p\u0159edstavy stoj\u00ed na po\u010d\u00e1tku stvo\u0159en\u00ed t\u00f3n, a t\u00edmto t\u00f3nem je \u00d3m. Slabika se tak bezprost\u0159edn\u011b spojuje s po\u010d\u00e1tkem existence.<\/p><p>Posv\u00e1tn\u00e9 texty hinduismu p\u0159izn\u00e1vaj\u00ed \u00d3m vysok\u00e9 postaven\u00ed. Ji\u017e v\u00e9dy a zejm\u00e9na upani\u0161ady se slabikou podrobn\u011b zab\u00fdvaj\u00ed. Jedna samostatn\u00e1 upani\u0161ada je cel\u00e1 v\u011bnov\u00e1na v\u00fdkladu \u00d3m a vysv\u011btluje jeho v\u00fdznam hl\u00e1sku po hl\u00e1sce.<\/p><p>Z tohoto ch\u00e1p\u00e1n\u00ed vypl\u00fdv\u00e1 zvl\u00e1\u0161tn\u00ed postaven\u00ed znamen\u00ed. Kdo \u00d3m vyslov\u00ed nebo nap\u00ed\u0161e, odkazuje se na samotn\u00fd prap\u016fvod sv\u011bta. Slabika tak nen\u00ed \u017e\u00e1dn\u00fdm libovoln\u00fdm <span class=\"iwg-fachbegriff\" data-tooltip=\"Znamen\u00ed, kter\u00e9 zastupuje p\u0159edstavu nebo v\u00fdznam.\" tabindex=\"0\">symbolem<\/span>, n\u00fdbr\u017e znamen\u00edm, kter\u00e9 podle hinduistick\u00e9 p\u0159edstavy vyjad\u0159uje nejhlub\u0161\u00ed skute\u010dnost.<\/p><p>M\u00e1ndukja upani\u0161ada se cel\u00e1 v\u011bnuje v\u00fdkladu \u00d3m a popisuje ji jako <span class=\"iwg-fachbegriff\" data-tooltip=\"N\u00e1zorn\u00fd obraz, kter\u00fd zastupuje abstraktn\u00ed my\u0161lenku.\" tabindex=\"0\">symbolick\u00fd obraz<\/span> nejvy\u0161\u0161\u00ed skute\u010dnosti, kter\u00e1 je v hinduistick\u00e9m my\u0161len\u00ed naz\u00fdv\u00e1na brahma. \u00d3m je tedy brahma v podob\u011b zvuku.<\/p><p>Dal\u0161\u00edm tradovan\u00fdm jm\u00e9nem slabiky je Pranava. V tomto n\u00e1zvu zazn\u00edv\u00e1 my\u0161lenka, \u017ee \u00d3m vyjad\u0159uje \u017eivotn\u00ed dech a pronikaj\u00edc\u00ed s\u00edlu svat\u00e9ho.<\/p>\t\t\t\t\t\t\t\t<\/div>\n\t\t\t\t<\/div>\n\t\t\t\t\t<\/div>\n\t\t\t\t<\/div>\n\t\t<div class=\"elementor-element elementor-element-iwgs-omsymbol-s2 e-flex e-con-boxed e-con e-parent\" data-id=\"iwgs-omsymbol-s2\" data-element_type=\"container\" data-e-type=\"container\">\n\t\t\t\t\t<div class=\"e-con-inner\">\n\t\t\t\t<div class=\"elementor-element elementor-element-iwgs-omsymbol-s2h elementor-widget elementor-widget-heading\" data-id=\"iwgs-omsymbol-s2h\" data-element_type=\"widget\" data-e-type=\"widget\" data-widget_type=\"heading.default\">\n\t\t\t\t\t<h2 class=\"elementor-heading-title elementor-size-default\">Podoba znamen\u00ed<\/h2>\t\t\t\t<\/div>\n\t\t<div class=\"elementor-element elementor-element-iwgs-omsymbol-s2box e-con-full e-flex e-con e-parent\" data-id=\"iwgs-omsymbol-s2box\" data-element_type=\"container\" data-e-type=\"container\">\n\t\t\t\t<div class=\"elementor-element elementor-element-iwgs-omsymbol-s2t elementor-widget elementor-widget-text-editor\" data-id=\"iwgs-omsymbol-s2t\" data-element_type=\"widget\" data-e-type=\"widget\" data-widget_type=\"text-editor.default\">\n\t\t\t\t\t\t\t\t\t<p>Psan\u00e9 \u00d3m m\u00e1 nezam\u011bnitelnou podobu. V p\u00edsmu d\u00e9van\u00e1gar\u00ed se skl\u00e1d\u00e1 z n\u011bkolika zaoblen\u00fdch linek, p\u016flm\u011bs\u00edce a bodu v horn\u00ed \u010d\u00e1sti. Tyto sou\u010d\u00e1sti tvo\u0159\u00ed spole\u010dn\u011b vyv\u00e1\u017een\u00e9, snadno rozpoznateln\u00e9 znamen\u00ed.<\/p><p>Jednotliv\u00e9 \u010d\u00e1sti znamen\u00ed jsou tradi\u010dn\u011b vykl\u00e1d\u00e1ny. K\u0159ivky jsou spojov\u00e1ny s r\u016fzn\u00fdmi stavy v\u011bdom\u00ed, p\u016flm\u011bs\u00edc s odli\u0161uj\u00edc\u00edm se sv\u011btem jev\u016f a bod s nejvy\u0161\u0161\u00edm stavem, kter\u00fd v\u0161e p\u0159esahuje. Znamen\u00ed tak nen\u00ed pouze p\u00edsmem, ale zhu\u0161t\u011bn\u00fdm obrazem u\u010den\u00ed.<\/p><p>Tato podoba proslavila \u00d3m i za hranicemi lid\u00ed znal\u00fdch p\u00edsma. Znamen\u00ed rozpozn\u00e1 i ten, kdo neum\u00ed \u010d\u00edst d\u00e9van\u00e1gar\u00ed. Pr\u00e1v\u011b tato jasn\u00e1 a snadno zapamatovateln\u00e1 forma p\u0159isp\u011bla k tomu, \u017ee se \u00d3m stal \u0161iroce viditeln\u00fdm znamen\u00edm.<\/p><p>Dnes celosv\u011btov\u011b zn\u00e1m\u00e1 obrazov\u00e1 podoba \u00d3m v p\u00edsmu d\u00e9van\u00e1gar\u00ed se jako standard prosadila a\u017e v pr\u016fb\u011bhu \u010dasu.<\/p><p>V r\u016fzn\u00fdch p\u00edsmech indick\u00e9ho prostoru se slabika p\u00ed\u0161e poka\u017ed\u00e9 jinak, tak\u017ee existuje nikoli jedin\u00e1, ale n\u011bkolik tradovan\u00fdch grafick\u00fdch podob \u00d3m. Podoba v d\u00e9van\u00e1gar\u00ed je nejroz\u0161\u00ed\u0159en\u011bj\u0161\u00ed a utv\u00e1\u0159\u00ed obraz, kter\u00fd si v\u011bt\u0161ina lid\u00ed se znamen\u00edm spojuje.<\/p>\t\t\t\t\t\t\t\t<\/div>\n\t\t\t\t<\/div>\n\t\t\t\t\t<\/div>\n\t\t\t\t<\/div>\n\t\t<div class=\"elementor-element elementor-element-iwgs-omsymbol-s3 e-flex e-con-boxed e-con e-parent\" data-id=\"iwgs-omsymbol-s3\" data-element_type=\"container\" data-e-type=\"container\">\n\t\t\t\t\t<div class=\"e-con-inner\">\n\t\t\t\t<div class=\"elementor-element elementor-element-iwgs-omsymbol-s3h elementor-widget elementor-widget-heading\" data-id=\"iwgs-omsymbol-s3h\" data-element_type=\"widget\" data-e-type=\"widget\" data-widget_type=\"heading.default\">\n\t\t\t\t\t<h2 class=\"elementor-heading-title elementor-size-default\">A, U a M: t\u0159i hl\u00e1sky<\/h2>\t\t\t\t<\/div>\n\t\t<div class=\"elementor-element elementor-element-iwgs-omsymbol-s3box e-con-full e-flex e-con e-parent\" data-id=\"iwgs-omsymbol-s3box\" data-element_type=\"container\" data-e-type=\"container\">\n\t\t\t\t<div class=\"elementor-element elementor-element-iwgs-omsymbol-s3t elementor-widget elementor-widget-text-editor\" data-id=\"iwgs-omsymbol-s3t\" data-element_type=\"widget\" data-e-type=\"widget\" data-widget_type=\"text-editor.default\">\n\t\t\t\t\t\t\t\t\t<p>Vyslovuje se \u00d3m jako souvisl\u00fd zvuk, av\u0161ak <span class=\"iwg-fachbegriff\" data-tooltip=\"P\u0159ed\u00e1v\u00e1n\u00ed v\u011bd\u011bn\u00ed a vypr\u00e1v\u011bn\u00ed nap\u0159\u00ed\u010d generacemi.\" tabindex=\"0\">tradice<\/span> jej rozkl\u00e1d\u00e1 do t\u0159\u00ed hl\u00e1sek, A, U a M. Tyto t\u0159i hl\u00e1sky jsou spojov\u00e1ny s trojicemi hinduistick\u00e9ho u\u010den\u00ed, nap\u0159\u00edklad s bd\u011bn\u00edm, snem a bezesn\u00fdm hlubok\u00fdm sp\u00e1nkem.<\/p><p>Ke t\u0159em sly\u0161iteln\u00fdm hl\u00e1sk\u00e1m se p\u0159id\u00e1v\u00e1 \u010dtvrt\u00fd prvek, ticho po dozn\u011bn\u00ed zvuku. Toto ticho je pova\u017eov\u00e1no za to podstatn\u00e9, za odkaz na stav, kter\u00fd je mimo ve\u0161ker\u00e1 slova a obrazy. \u00d3m tak zahrnuje sly\u0161iteln\u00e9 i to, co ho p\u0159esahuje.<\/p><p>V tomto v\u00fdkladu je patrn\u00e9, pro\u010d je \u00d3m pova\u017eov\u00e1n za tak v\u0161eobs\u00e1hl\u00fd. Zahrnuje stupn\u011b skute\u010dnosti od bd\u011bn\u00ed a\u017e po nejvy\u0161\u0161\u00ed stav. Kdo \u00d3m vyslovuje, proch\u00e1z\u00ed zvukem jakoby cel\u00fdm t\u00edmto \u0159\u00e1dem, a pr\u00e1v\u011b to d\u011bl\u00e1 tuto slabiku v p\u0159edstav\u00e1ch tradice tak \u00fa\u010dinnou.<\/p><p>T\u0159i hl\u00e1sky \u00d3mu jsou v tradici spojov\u00e1ny s mnoha trojicemi. Roz\u0161\u00ed\u0159en\u00e9 je p\u0159i\u0159azen\u00ed k t\u0159em velk\u00fdm boh\u016fm Brahmovi, Vi\u0161nuovi a \u0160ivovi, a t\u00edm i ke stvo\u0159en\u00ed, udr\u017eov\u00e1n\u00ed a z\u00e1niku sv\u011bta.<\/p><p>Stejn\u011b tak jsou tyto t\u0159i hl\u00e1sky spojov\u00e1ny se t\u0159emi V\u00e9dami. Tato bohatost v\u00fdklad\u016f podtrhuje, \u017ee \u00d3m je ch\u00e1p\u00e1n jako znak, kter\u00fd zahrnuje cel\u00fd \u0159\u00e1d existence.<\/p>\t\t\t\t\t\t\t\t<\/div>\n\t\t\t\t<\/div>\n\t\t\t\t\t<\/div>\n\t\t\t\t<\/div>\n\t\t<div class=\"elementor-element elementor-element-iwgs-omsymbol-s4 e-flex e-con-boxed e-con e-parent\" data-id=\"iwgs-omsymbol-s4\" data-element_type=\"container\" data-e-type=\"container\">\n\t\t\t\t\t<div class=\"e-con-inner\">\n\t\t\t\t<div class=\"elementor-element elementor-element-iwgs-omsymbol-s4h elementor-widget elementor-widget-heading\" data-id=\"iwgs-omsymbol-s4h\" data-element_type=\"widget\" data-e-type=\"widget\" data-widget_type=\"heading.default\">\n\t\t\t\t\t<h2 class=\"elementor-heading-title elementor-size-default\">\u00d3m v ritu\u00e1lu a v modlitb\u011b<\/h2>\t\t\t\t<\/div>\n\t\t<div class=\"elementor-element elementor-element-iwgs-omsymbol-s4box e-con-full e-flex e-con e-parent\" data-id=\"iwgs-omsymbol-s4box\" data-element_type=\"container\" data-e-type=\"container\">\n\t\t\t\t<div class=\"elementor-element elementor-element-iwgs-omsymbol-s4t elementor-widget elementor-widget-text-editor\" data-id=\"iwgs-omsymbol-s4t\" data-element_type=\"widget\" data-e-type=\"widget\" data-widget_type=\"text-editor.default\">\n\t\t\t\t\t\t\t\t\t<p>V n\u00e1bo\u017eensk\u00e9m \u017eivot\u011b hinduismu stoj\u00ed \u00d3m na za\u010d\u00e1tku i na konci. Modlitby, p\u0159ednes svat\u00fdch text\u016f a ritu\u00e1ln\u00ed \u00fakony se \u00d3mem zahajuj\u00ed i uzav\u00edraj\u00ed. Slabika tak vytv\u00e1\u0159\u00ed r\u00e1mec kolem svat\u00e9ho a odd\u011bluje ho od v\u0161ednosti.<\/p><p>\u00d3m je nav\u00edc pova\u017eov\u00e1n za semennou slabiku, takzvan\u00e9 b\u00edd\u017eov\u00e9 <span class=\"iwg-fachbegriff\" data-tooltip=\"Svat\u00e1 slabika nebo formule, kter\u00e1 se v hinduismu a buddhismu opakovan\u011b pron\u00e1\u0161\u00ed.\" tabindex=\"0\">mantra<\/span>. Je sou\u010d\u00e1st\u00ed mnoha del\u0161\u00edch modlitebn\u00edch formul\u00ed a manter a podle tradi\u010dn\u00ed p\u0159edstavy jim prop\u016fj\u010duje jejich s\u00edlu. P\u0159i meditaci se \u00d3m opakovan\u011b vyslovuje nebo si jej vnit\u0159n\u011b p\u0159ipom\u00edn\u00e1, aby se soust\u0159edil <span class=\"iwg-fachbegriff\" data-tooltip=\"Bytost bez t\u011bla, j\u00ed\u017e je p\u0159ipisov\u00e1no p\u016fsoben\u00ed ve sv\u011bt\u011b.\" tabindex=\"0\">duch<\/span>.<\/p><p>Toto ritu\u00e1ln\u00ed u\u017e\u00edv\u00e1n\u00ed je z\u00e1kladem jeho ochrann\u00e9ho a po\u017eehn\u00e1vaj\u00edc\u00edho v\u00fdznamu. T\u00edm, \u017ee \u00d3m zahajuje n\u011bjak\u00fd \u00fakon, stav\u00ed jej pod svat\u00e9 znamen\u00ed. Co s \u00d3mem za\u010d\u00edn\u00e1, je podle hinduistick\u00e9ho ch\u00e1p\u00e1n\u00ed od po\u010d\u00e1tku zahrnuto do svat\u00e9ho \u0159\u00e1du a t\u00edm je i zachov\u00e1no.<\/p><p>V ritu\u00e1ln\u00ed praxi je \u00d3m v\u0161udyp\u0159\u00edtomn\u00fd. Zahajuje p\u0159ednes V\u00e9d a stoj\u00ed na za\u010d\u00e1tku mnoha zn\u00e1m\u00fdch modlitebn\u00edch formul\u00ed. P\u0159i praxi opakovan\u00e9ho modlen\u00ed, d\u017eapa, se \u00d3m znovu a znovu vyslovuje s pomoc\u00ed modlitebn\u00edho \u0159et\u011bzu.<\/p><p>T\u00edmto zp\u016fsobem se slabika spojuje s ka\u017edodenn\u00edm cvi\u010den\u00edm a st\u00e1v\u00e1 se trvalou sou\u010d\u00e1st\u00ed n\u00e1bo\u017eensk\u00e9ho \u017eivota mnoha lid\u00ed.<\/p>\t\t\t\t\t\t\t\t<\/div>\n\t\t\t\t<\/div>\n\t\t\t\t\t<\/div>\n\t\t\t\t<\/div>\n\t\t<div class=\"elementor-element elementor-element-iwgs-omsymbol-s5 e-flex e-con-boxed e-con e-parent\" data-id=\"iwgs-omsymbol-s5\" data-element_type=\"container\" data-e-type=\"container\">\n\t\t\t\t\t<div class=\"e-con-inner\">\n\t\t\t\t<div class=\"elementor-element elementor-element-iwgs-omsymbol-s5h elementor-widget elementor-widget-heading\" data-id=\"iwgs-omsymbol-s5h\" data-element_type=\"widget\" data-e-type=\"widget\" data-widget_type=\"heading.default\">\n\t\t\t\t\t<h2 class=\"elementor-heading-title elementor-size-default\">\u00d3m jako ochrann\u00e9 a po\u017eehn\u00e1vaj\u00edc\u00ed znamen\u00ed<\/h2>\t\t\t\t<\/div>\n\t\t<div class=\"elementor-element elementor-element-iwgs-omsymbol-s5box e-con-full e-flex e-con e-parent\" data-id=\"iwgs-omsymbol-s5box\" data-element_type=\"container\" data-e-type=\"container\">\n\t\t\t\t<div class=\"elementor-element elementor-element-iwgs-omsymbol-s5t elementor-widget elementor-widget-text-editor\" data-id=\"iwgs-omsymbol-s5t\" data-element_type=\"widget\" data-e-type=\"widget\" data-widget_type=\"text-editor.default\">\n\t\t\t\t\t\t\t\t\t<p>Ze svat\u00e9ho v\u00fdznamu \u00d3mu vypl\u00fdv\u00e1 jeho role ochrann\u00e9ho a po\u017eehn\u00e1vaj\u00edc\u00edho znamen\u00ed v ka\u017edodenn\u00edm \u017eivot\u011b. Znak se um\u00eds\u0165uje u vchod\u016f do dom\u016f, maluje se nad dve\u0159mi a zav\u011b\u0161uje v obytn\u00fdch prostor\u00e1ch. Ozna\u010duje m\u00edsto jako posv\u011bcen\u00e9 a stav\u00ed jej pod dobr\u00e9 znamen\u00ed.<\/p><p>Jako p\u0159\u00edv\u011bsek se \u00d3m nos\u00ed na t\u011ble a nach\u00e1z\u00ed se tak\u00e9 na vozidlech a p\u0159edm\u011btech denn\u00ed pot\u0159eby. Ve v\u0161ech t\u011bchto form\u00e1ch nep\u016fsob\u00ed jako zbra\u0148 proti ur\u010dit\u00e9mu nep\u0159\u00edteli, n\u00fdbr\u017e jako trval\u00e9 zp\u0159\u00edtomn\u011bn\u00ed svat\u00e9ho. Kde je \u00d3m, je p\u0159\u00edtomen svat\u00fd \u0159\u00e1d.<\/p><p>\u00d3m tak pat\u0159\u00ed do skupiny znak\u016f, kter\u00e9 chr\u00e1n\u00ed prost\u0159ednictv\u00edm <span class=\"iwg-fachbegriff\" data-tooltip=\"Ritu\u00e1ln\u00ed \u00fakon, j\u00edm\u017e je p\u0159edm\u011bt, m\u00edsto nebo \u010dlov\u011bk odevzd\u00e1n n\u00e1bo\u017eensk\u00e9 sf\u00e9\u0159e.\" tabindex=\"0\">posv\u011bcen\u00ed<\/span>. Chr\u00e1n\u00ed t\u00edm, \u017ee posv\u011bcuje. Tento zp\u016fsob p\u016fsoben\u00ed spojuje \u00d3m s jin\u00fdmi po\u017eehn\u00e1vaj\u00edc\u00edmi znamen\u00edmi a z\u00e1rove\u0148 jej odli\u0161uje od stra\u0161ideln\u00fdch a odvracej\u00edc\u00edch znak\u016f, kter\u00e9 maj\u00ed zlo zahnat pomoc\u00ed strachu.<\/p><p>Jako ochrann\u00e9 a po\u017eehn\u00e1vaj\u00edc\u00ed znamen\u00ed se \u00d3m objevuje na mnoha m\u00edstech dom\u00e1c\u00edho \u017eivota. P\u0159i sv\u00e1tc\u00edch, jako je sv\u00e1tek sv\u011btel Diwali, se maluje spole\u010dn\u011b s dal\u0161\u00edmi \u0161\u0165astn\u00fdmi znaky na prahy dve\u0159\u00ed a na zem, \u010dasto v r\u00e1mci um\u011blecky proveden\u00fdch obraz\u016f na podlaze.<\/p><p>Tak\u00e9 obchodn\u00ed knihy a nov\u00e9 z\u00e1m\u011bry se zahajuj\u00ed \u00d3mem. V\u0161ude tam stav\u00ed toto znamen\u00ed po\u010d\u00e1tek pod dobr\u00e9 a svat\u00e9 znamen\u00ed.<\/p>\t\t\t\t\t\t\t\t<\/div>\n\t\t\t\t<\/div>\n\t\t\t\t\t<\/div>\n\t\t\t\t<\/div>\n\t\t<div class=\"elementor-element elementor-element-iwgs-omsymbol-s6 e-flex e-con-boxed e-con e-parent\" data-id=\"iwgs-omsymbol-s6\" data-element_type=\"container\" data-e-type=\"container\">\n\t\t\t\t\t<div class=\"e-con-inner\">\n\t\t\t\t<div class=\"elementor-element elementor-element-iwgs-omsymbol-s6h elementor-widget elementor-widget-heading\" data-id=\"iwgs-omsymbol-s6h\" data-element_type=\"widget\" data-e-type=\"widget\" data-widget_type=\"heading.default\">\n\t\t\t\t\t<h2 class=\"elementor-heading-title elementor-size-default\">\u00d3m v indick\u00fdch n\u00e1bo\u017eenstv\u00edch<\/h2>\t\t\t\t<\/div>\n\t\t<div class=\"elementor-element elementor-element-iwgs-omsymbol-s6box e-con-full e-flex e-con e-parent\" data-id=\"iwgs-omsymbol-s6box\" data-element_type=\"container\" data-e-type=\"container\">\n\t\t\t\t<div class=\"elementor-element elementor-element-iwgs-omsymbol-s6t elementor-widget elementor-widget-text-editor\" data-id=\"iwgs-omsymbol-s6t\" data-element_type=\"widget\" data-e-type=\"widget\" data-widget_type=\"text-editor.default\">\n\t\t\t\t\t\t\t\t\t<p>\u00d3m se neomezuje pouze na hinduismus. Tak\u00e9 <a href=\"https:\/\/iwell-guard.com\/cs\/buddhismus\/\">buddhismus<\/a> tuto slabiku zn\u00e1 a pou\u017e\u00edv\u00e1 ji, nejzn\u00e1m\u011bj\u0161\u00ed je roz\u0161\u00ed\u0159en\u00e1 formule \u00d3m mani padme hum, kter\u00e1 hraje velkou roli zejm\u00e9na v tibetsk\u00e9m buddhismu.<\/p><p>Stejn\u011b tak pat\u0159\u00ed \u00d3m k d\u017einismu a sikhismu, i kdy\u017e v obou p\u0159\u00edpadech s vlastn\u00edmi v\u00fdklady a vlastn\u00edm pravopisem. Ve v\u0161ech t\u011bchto n\u00e1bo\u017eenstv\u00edch je slabika pova\u017eov\u00e1na za <span class=\"iwg-fachbegriff\" data-tooltip=\"N\u00e1le\u017eej\u00edc\u00ed k bo\u017esk\u00e9mu a t\u00edm vy\u0148at\u00e9 z b\u011b\u017en\u00e9ho u\u017e\u00edv\u00e1n\u00ed.\" tabindex=\"0\">svatou<\/span> a za znak nejvy\u0161\u0161\u00ed skute\u010dnosti, i kdy\u017e je tato skute\u010dnost ch\u00e1p\u00e1na r\u016fzn\u011b.<\/p><p>Toto roz\u0161\u00ed\u0159en\u00ed nap\u0159\u00ed\u010d v\u00edce n\u00e1bo\u017eenstv\u00edmi d\u011bl\u00e1 z \u00d3mu spojuj\u00edc\u00ed znak indick\u00e9ho kulturn\u00edho prostoru. Je to p\u0159\u00edklad toho, jak m\u016f\u017ee svat\u00fd znak z\u00edskat v\u00fdznam p\u0159esahuj\u00edc\u00ed hranice jednoho jednotliv\u00e9ho n\u00e1bo\u017eenstv\u00ed, ani\u017e by ztratil svou svatost.<\/p><p>V ostatn\u00edch indick\u00fdch n\u00e1bo\u017eenstv\u00edch z\u00edsk\u00e1v\u00e1 \u00d3m v\u017edy vlastn\u00ed zabarven\u00ed. V d\u017einismu je slabika vykl\u00e1d\u00e1na jako souhrn p\u011bti nejvy\u0161\u0161\u00edch bytost\u00ed.<\/p><p>Sikhismus stav\u00ed na za\u010d\u00e1tek sv\u00e9 svat\u00e9 knihy formuli Ik Onkar, kter\u00e1 vyjad\u0159uje p\u0159\u00edbuznou my\u0161lenku, toti\u017e my\u0161lenku jednoho, v\u0161e prostupuj\u00edc\u00edho bo\u017esk\u00e9ho. P\u0159i v\u0161\u00ed rozd\u00edlnosti z\u016fst\u00e1v\u00e1 \u00d3m ve v\u0161ech t\u011bchto tradic\u00edch znakem nejvy\u0161\u0161\u00ed svatosti.<\/p>\t\t\t\t\t\t\t\t<\/div>\n\t\t\t\t<\/div>\n\t\t\t\t\t<\/div>\n\t\t\t\t<\/div>\n\t\t<div class=\"elementor-element elementor-element-iwgs-omsymbol-s7 e-flex e-con-boxed e-con e-parent\" data-id=\"iwgs-omsymbol-s7\" data-element_type=\"container\" data-e-type=\"container\">\n\t\t\t\t\t<div class=\"e-con-inner\">\n\t\t\t\t<div class=\"elementor-element elementor-element-iwgs-omsymbol-s7h elementor-widget elementor-widget-heading\" data-id=\"iwgs-omsymbol-s7h\" data-element_type=\"widget\" data-e-type=\"widget\" data-widget_type=\"heading.default\">\n\t\t\t\t\t<h2 class=\"elementor-heading-title elementor-size-default\">Materi\u00e1l a pou\u017eit\u00ed jako p\u0159\u00edv\u011bsek<\/h2>\t\t\t\t<\/div>\n\t\t<div class=\"elementor-element elementor-element-iwgs-omsymbol-s7box e-con-full e-flex e-con e-parent\" data-id=\"iwgs-omsymbol-s7box\" data-element_type=\"container\" data-e-type=\"container\">\n\t\t\t\t<div class=\"elementor-element elementor-element-iwgs-omsymbol-s7t elementor-widget elementor-widget-text-editor\" data-id=\"iwgs-omsymbol-s7t\" data-element_type=\"widget\" data-e-type=\"widget\" data-widget_type=\"text-editor.default\">\n\t\t\t\t\t\t\t\t\t<p>Jako no\u0161en\u00e9 znamen\u00ed se \u00d3m vyr\u00e1b\u00ed z r\u016fzn\u00fdch materi\u00e1l\u016f. Nejroz\u0161\u00ed\u0159en\u011bj\u0161\u00ed jsou p\u0159\u00edv\u011bsky ze zlata, st\u0159\u00edbra a mosazi, krom\u011b toho existuj\u00ed kusy ze d\u0159eva a kamene. Znak je \u010dasto vypracov\u00e1n plasticky, tak\u017ee jeho zvln\u011bn\u00fd tvar dob\u0159e vynikne.<\/p><p>\u00d3m se \u010dasto kombinuje s dal\u0161\u00edmi svat\u00fdmi znamen\u00edmi a s modlitebn\u00edmi \u0161\u0148\u016frami. Objevuje se na p\u0159\u00edv\u011bsc\u00edch spole\u010dn\u011b se zobrazen\u00edmi bo\u017estev nebo s dal\u0161\u00edmi znamen\u00edmi po\u017eehn\u00e1n\u00ed. V tomto spojen\u00ed se jednotliv\u00e9 znaky navz\u00e1jem posiluj\u00ed ve sv\u00e9m v\u00fdznamu.<\/p><p>Pou\u017eit\u00ed jako p\u0159\u00edv\u011bsek ukazuje, jak \u00d3m p\u0159e\u0161el od \u010dist\u011b ritu\u00e1ln\u00edho u\u017eit\u00ed do osobn\u00edho ka\u017edodenn\u00edho \u017eivota. Doprov\u00e1z\u00ed nositele b\u011bhem dne a viditeln\u011b udr\u017euje spojen\u00ed se svat\u00fdm. V tom se \u00d3m podob\u00e1 no\u0161en\u00fdm ochrann\u00fdm znamen\u00edm jin\u00fdch kultur.<\/p><p>Jako p\u0159\u00edv\u011bsek se \u00d3m \u010dasto spojuje s dal\u0161\u00edmi znamen\u00edmi, kter\u00e1 p\u0159in\u00e1\u0161ej\u00ed \u0161t\u011bst\u00ed a <span class=\"iwg-fachbegriff\" data-tooltip=\"Zasl\u00edben\u00ed blaha a ochrany, \u010dasto v pevn\u00e9 jazykov\u00e9 form\u011b.\" tabindex=\"0\">po\u017eehn\u00e1n\u00ed<\/span>, nap\u0159\u00edklad se svastikou, ch\u00e1panou v p\u016fvodn\u00edm smyslu jako znamen\u00ed \u0161t\u011bst\u00ed.<\/p><p>Mnoho lid\u00ed nos\u00ed \u00d3m od d\u011btstv\u00ed, setkat se s n\u00edm lze i jako s tetov\u00e1n\u00edm. Ve v\u0161ech t\u011bchto form\u00e1ch nen\u00ed slabika jen pozorov\u00e1na, ale nos\u00ed se, a st\u00e1v\u00e1 se tak st\u00e1l\u00fdm, osobn\u00edm pr\u016fvodcem v ka\u017edodenn\u00edm \u017eivot\u011b.<\/p>\t\t\t\t\t\t\t\t<\/div>\n\t\t\t\t<\/div>\n\t\t\t\t\t<\/div>\n\t\t\t\t<\/div>\n\t\t<div class=\"elementor-element elementor-element-iwgs-omsymbol-s8 e-flex e-con-boxed e-con e-parent\" data-id=\"iwgs-omsymbol-s8\" data-element_type=\"container\" data-e-type=\"container\">\n\t\t\t\t\t<div class=\"e-con-inner\">\n\t\t\t\t<div class=\"elementor-element elementor-element-iwgs-omsymbol-s8h elementor-widget elementor-widget-heading\" data-id=\"iwgs-omsymbol-s8h\" data-element_type=\"widget\" data-e-type=\"widget\" data-widget_type=\"heading.default\">\n\t\t\t\t\t<h2 class=\"elementor-heading-title elementor-size-default\">Sou\u010dasn\u00e1 recepce<\/h2>\t\t\t\t<\/div>\n\t\t<div class=\"elementor-element elementor-element-iwgs-omsymbol-s8box e-con-full e-flex e-con e-parent\" data-id=\"iwgs-omsymbol-s8box\" data-element_type=\"container\" data-e-type=\"container\">\n\t\t\t\t<div class=\"elementor-element elementor-element-iwgs-omsymbol-s8t elementor-widget elementor-widget-text-editor\" data-id=\"iwgs-omsymbol-s8t\" data-element_type=\"widget\" data-e-type=\"widget\" data-widget_type=\"text-editor.default\">\n\t\t\t\t\t\t\t\t\t<p>\u00d3m se roz\u0161\u00ed\u0159il daleko za hranice indick\u00e9ho kulturn\u00edho okruhu po cel\u00e9m sv\u011bt\u011b. S mezin\u00e1rodn\u00edm \u0161\u00ed\u0159en\u00edm j\u00f3gy a meditace se znak stal zn\u00e1m\u00fdm v mnoha zem\u00edch. Dnes se objevuje na \u0161perk\u00e1ch, oble\u010den\u00ed a v \u00faprav\u011b interi\u00e9r\u016f.<\/p><p>S t\u00edmto \u0161\u00ed\u0159en\u00edm souvis\u00ed posun ve v\u00fdznamu. V mnoha souvislostech je \u00d3m ch\u00e1p\u00e1n p\u0159edev\u0161\u00edm jako znamen\u00ed klidu, uv\u011bdom\u011bn\u00ed a obecn\u00e9 spirituality, opro\u0161t\u011bn\u00e9 od sv\u00e9ho p\u0159esn\u00e9ho postaven\u00ed v indick\u00fdch n\u00e1bo\u017eenstv\u00edch. Ze svat\u00e9ho n\u00e1bo\u017eensk\u00e9ho znamen\u00ed se tak \u010d\u00e1ste\u010dn\u011b st\u00e1v\u00e1 obecn\u00fd <span class=\"iwg-fachbegriff\" data-tooltip=\"Znak, kter\u00fd zastupuje p\u0159edstavu nebo v\u00fdznam.\" tabindex=\"0\">symbol<\/span>.<\/p><p>V samotn\u00e9m hinduismu naopak z\u016fst\u00e1v\u00e1 p\u016fvodn\u00ed v\u00fdznam nezm\u011bn\u011bn. Tam je \u00d3m i nad\u00e1le svatou prvotn\u00ed slabikou, znamen\u00edm prvotn\u00edho zvuku a znamen\u00edm po\u017eehn\u00e1n\u00ed, kter\u00e9 doprov\u00e1z\u00ed ka\u017edodenn\u00ed \u017eivot. V\u011bcn\u00fd popis by m\u011bl pojmenovat ob\u011b roviny, n\u00e1bo\u017eenskou hloubku znamen\u00ed i jeho modern\u00ed, celosv\u011btov\u00e9 p\u0159ijet\u00ed.<\/p><p>S celosv\u011btov\u00fdm \u0161\u00ed\u0159en\u00edm znamen\u00ed vyvst\u00e1v\u00e1 i ot\u00e1zka po vhodn\u00e9m zach\u00e1zen\u00ed s n\u00edm. Proto\u017ee je \u00d3m pro mnoh\u00e9 v\u011b\u0159\u00edc\u00ed <span class=\"iwg-fachbegriff\" data-tooltip=\"N\u00e1le\u017eej\u00edc\u00ed k bo\u017esk\u00e9mu, a proto vy\u0148at\u00e9 z b\u011b\u017en\u00e9ho u\u017e\u00edv\u00e1n\u00ed.\" tabindex=\"0\">svat\u00fd<\/span>, je nedbal\u00e9 nebo \u010dist\u011b dekorativn\u00ed u\u017e\u00edv\u00e1n\u00ed n\u011bkter\u00fdmi poci\u0165ov\u00e1no jako m\u00e1lo respektuj\u00edc\u00ed.<\/p><p>V\u011bcn\u00fd popis proto pojmenov\u00e1v\u00e1 oboj\u00ed, n\u00e1bo\u017eenskou hloubku znamen\u00ed v indick\u00fdch n\u00e1bo\u017eenstv\u00edch i jeho roli jako \u0161iroce zn\u00e1m\u00e9 zkratky pro Indii a pro spiritualitu.<\/p>\t\t\t\t\t\t\t\t<\/div>\n\t\t\t\t<\/div>\n\t\t\t\t\t<\/div>\n\t\t\t\t<\/div>\n\t\t<div class=\"elementor-element elementor-element-iwgs-omsymbol-lit e-flex e-con-boxed e-con e-parent\" data-id=\"iwgs-omsymbol-lit\" data-element_type=\"container\" data-e-type=\"container\">\n\t\t\t\t\t<div class=\"e-con-inner\">\n\t\t\t\t<div class=\"elementor-element elementor-element-iwgs-omsymbol-lith elementor-widget elementor-widget-heading\" data-id=\"iwgs-omsymbol-lith\" data-element_type=\"widget\" data-e-type=\"widget\" data-widget_type=\"heading.default\">\n\t\t\t\t\t<h2 class=\"elementor-heading-title elementor-size-default\">Literatura (v\u00fdb\u011br)<\/h2>\t\t\t\t<\/div>\n\t\t<div class=\"elementor-element elementor-element-iwgs-omsymbol-litbox e-con-full e-flex e-con e-parent\" data-id=\"iwgs-omsymbol-litbox\" data-element_type=\"container\" data-e-type=\"container\">\n\t\t\t\t<div class=\"elementor-element elementor-element-iwgs-omsymbol-litt elementor-widget elementor-widget-html\" data-id=\"iwgs-omsymbol-litt\" data-element_type=\"widget\" data-e-type=\"widget\" data-widget_type=\"html.default\">\n\t\t\t\t\t<footer data-nosnippet=\"true\"><ul><li>Heinrich Zimmer: <em>Philosophie und Religion Indiens<\/em> (1961)<\/li><li>Jan Gonda: <em>Die Religionen Indiens<\/em> (1960)<\/li><li><em>Mandukya-Upanishad<\/em> (klasick\u00fd sanskrtsk\u00fd text)<\/li><li>Axel Michaels: <em>Der Hinduismus. Geschichte und Gegenwart<\/em> (1998)<\/li><li>Annette Wilke, Oliver Moebus: <em>Sound and Communication. An Aesthetic Cultural History of Sanskrit Hinduism<\/em> (2011)<\/li><\/ul><\/footer>\t\t\t\t<\/div>\n\t\t\t\t<\/div>\n\t\t\t\t\t<\/div>\n\t\t\t\t<\/div>\n\t\t<div class=\"elementor-element elementor-element-iwgs-omsymbol-kwd e-flex e-con-boxed e-con e-parent\" data-id=\"iwgs-omsymbol-kwd\" data-element_type=\"container\" data-e-type=\"container\">\n\t\t\t\t\t<div class=\"e-con-inner\">\n\t\t\t\t<div class=\"elementor-element elementor-element-iwgs-omsymbol-kwdt elementor-widget elementor-widget-text-editor\" data-id=\"iwgs-omsymbol-kwdt\" data-element_type=\"widget\" data-e-type=\"widget\" data-widget_type=\"text-editor.default\">\n\t\t\t\t\t\t\t\t\t<p><em>Souvisej\u00edc\u00ed kl\u00ed\u010dov\u00e9 pojmy: \u00d3m Aum Pranava prvotn\u00ed slabika D\u00e9van\u00e1gar\u00ed b\u00edd\u017eov\u00e9 <span class=\"iwg-fachbegriff\" data-tooltip=\"Svat\u00e1 slabika nebo formule, kter\u00e1 se v hinduismu a buddhismu opakovan\u011b recituje.\" tabindex=\"0\">mantra<\/span> upani\u0161ady znamen\u00ed po\u017eehn\u00e1n\u00ed hinduismus.<\/em><\/p>\t\t\t\t\t\t\t\t<\/div>\n\t\t\t\t\t<\/div>\n\t\t\t\t<\/div>\n\t\t<div class=\"elementor-element elementor-element-iwgs-omsymbol-cc e-flex e-con-boxed e-con e-parent\" data-id=\"iwgs-omsymbol-cc\" data-element_type=\"container\" data-e-type=\"container\" id=\"iwg-cc-om-symbol\">\n\t\t\t\t\t<div class=\"e-con-inner\">\n\t\t<div class=\"elementor-element elementor-element-iwgs-omsymbol-ccinner e-flex e-con-boxed e-con e-parent\" data-id=\"iwgs-omsymbol-ccinner\" data-element_type=\"container\" data-e-type=\"container\" data-settings=\"{&quot;background_background&quot;:&quot;classic&quot;}\">\n\t\t\t\t\t<div class=\"e-con-inner\">\n\t\t\t\t<div class=\"elementor-element elementor-element-iwgs-omsymbol-cch elementor-widget elementor-widget-heading\" data-id=\"iwgs-omsymbol-cch\" data-element_type=\"widget\" data-e-type=\"widget\" data-widget_type=\"heading.default\">\n\t\t\t\t\t<h2 class=\"elementor-heading-title elementor-size-default\">iWell Guard a ochrann\u00e9 tradice<\/h2>\t\t\t\t<\/div>\n\t\t\t\t<div class=\"elementor-element elementor-element-iwgs-omsymbol-cct elementor-widget elementor-widget-text-editor\" data-id=\"iwgs-omsymbol-cct\" data-element_type=\"widget\" data-e-type=\"widget\" data-widget_type=\"text-editor.default\">\n\t\t\t\t\t\t\t\t\t<p>iWell Guard navazuje na kulturn\u011b-historickou linii nositeln\u00fdch ochrann\u00fdch p\u0159edm\u011bt\u016f, k n\u00ed\u017e pat\u0159\u00ed i <span class=\"iwg-fachbegriff\" data-tooltip=\"Znak, kter\u00fd zastupuje p\u0159edstavu nebo v\u00fdznam.\" tabindex=\"0\">symbol<\/span> \u00d3m. Modern\u00ed pr\u016fvodce pro lidi, kte\u0159\u00ed \u017eij\u00ed s ochrann\u00fdmi symboly: vyroben v N\u011bmecku, 41 vrstev z ryz\u00edho zlata, platiny a st\u0159\u00edbra, s 30denn\u00ed lh\u016ftou pro vr\u00e1cen\u00ed.<\/p>\t\t\t\t\t\t\t\t<\/div>\n\t\t\t\t<div class=\"elementor-element elementor-element-iwgs-omsymbol-ccb iwg-cc-button iwg-cc-cta-2026-05-13 elementor-widget elementor-widget-jet-button\" data-id=\"iwgs-omsymbol-ccb\" data-element_type=\"widget\" data-e-type=\"widget\" data-widget_type=\"jet-button.default\">\n\t\t\t\t<div class=\"elementor-widget-container\">\n\t\t\t\t\t<div class=\"elementor-jet-button jet-elements\"><div class=\"jet-button__container\"><a class=\"jet-button__instance jet-button__instance--icon-left hover-effect-1\" href=\"\/schutzanhaenger-iwell-guard-kaufen\/?utm_source=iwell-guard.com&amp;utm_medium=info-box&amp;utm_campaign=schutzsymbole\"><div class=\"jet-button__plane jet-button__plane-normal\"><\/div><div class=\"jet-button__plane jet-button__plane-hover\"><\/div><div class=\"jet-button__state jet-button__state-normal\"><span class=\"jet-button__label\">V\u00edce o iWell Guard<\/span><\/div><div class=\"jet-button__state jet-button__state-hover\"><span class=\"jet-button__label\">V\u00edce o iWell Guard<\/span><\/div><\/a><\/div><\/div><style>.elementor-element.elementor-element-iwgs-omsymbol-ccb .jet-button__instance{width:320px;height:56px;}.elementor-element.elementor-element-iwgs-omsymbol-ccb .jet-button__state-normal .jet-button__label{text-align:center;margin:0px 0px 0px 0px;color:#1a1b20;font-family:Montserrat,sans-serif;font-size:13px;font-weight:400;letter-spacing:4px;line-height:1.714em;text-transform:uppercase;}.elementor-element.elementor-element-iwgs-omsymbol-ccb .jet-button__state-hover .jet-button__label{text-align:center;margin:0px 0px 0px 0px;color:#FECC76;font-family:Montserrat,sans-serif;font-size:13px;font-weight:400;letter-spacing:4px;line-height:1.714em;text-transform:uppercase;}.elementor-element.elementor-element-iwgs-omsymbol-ccb .jet-button__plane-normal{background-color:#FECC76;border-style:solid;border-color:#C99540;border-width:2px 2px 2px 2px;}.elementor-element.elementor-element-iwgs-omsymbol-ccb .jet-button__plane-hover{background-color:rgba(0,0,0,0.55);border-style:solid;border-color:#FECC76;border-width:2px 2px 2px 2px;}<\/style>\t\t\t\t<\/div>\n\t\t\t\t<\/div>\n\t\t\t\t<div class=\"elementor-element elementor-element-iwgs-omsymbol-ccd elementor-widget elementor-widget-text-editor\" data-id=\"iwgs-omsymbol-ccd\" data-element_type=\"widget\" data-e-type=\"widget\" data-widget_type=\"text-editor.default\">\n\t\t\t\t\t\t\t\t\t<p style=\"text-align:center;font-size:13px;opacity:0.7;margin-top:14px\" data-nosnippet=\"true\">Osobn\u00ed zku\u0161enosti se mohou li\u0161it. Nejde o zdravotnick\u00fd prost\u0159edek. Nejde o p\u0159\u00edslib l\u00e9\u010den\u00ed.<\/p>\t\t\t\t\t\t\t\t<\/div>\n\t\t\t\t\t<\/div>\n\t\t\t\t<\/div>\n\t\t\t\t\t<\/div>\n\t\t\t\t<\/div>\n\t\t<div class=\"elementor-element elementor-element-iwgs-omsymbol-disc e-flex e-con-boxed e-con e-parent\" data-id=\"iwgs-omsymbol-disc\" data-element_type=\"container\" data-e-type=\"container\">\n\t\t\t\t\t<div class=\"e-con-inner\">\n\t\t\t\t<div class=\"elementor-element elementor-element-iwgs-omsymbol-discw elementor-widget elementor-widget-html\" data-id=\"iwgs-omsymbol-discw\" data-element_type=\"widget\" data-e-type=\"widget\" data-widget_type=\"html.default\">\n\t\t\t\t\t<footer data-nosnippet=\"true\" class=\"iwg-disclaimer-block\"><p data-nosnippet=\"true\">iWell Guard <strong>nen\u00ed zdravotnick\u00fd prost\u0159edek<\/strong> a nenahrazuje l\u00e9ka\u0159skou ani psychoterapeutickou l\u00e9\u010dbu. Zde uveden\u00fd obsah p\u0159edstavuje religionistick\u00e9 a kulturn\u011b-historick\u00e9 za\u0159azen\u00ed, nikoli p\u0159\u00edslib duchovn\u00edho \u00fa\u010dinku.<\/p><\/footer>\t\t\t\t<\/div>\n\t\t\t\t\t<\/div>\n\t\t\t\t<\/div>\n\t\t\t\t<\/div>\n\t\t","protected":false},"excerpt":{"rendered":"","protected":false},"author":3,"featured_media":3440,"parent":0,"menu_order":0,"comment_status":"closed","ping_status":"closed","template":"elementor_header_footer","meta":{"_yoast_wpseo_focuskw":"Symbol \u00d3m","_yoast_wpseo_title":"Symbol \u00d3m \u2013 posv\u00e1tn\u00e9 znamen\u00ed z hinduismu","_yoast_wpseo_metadesc":"\u00d3m je posv\u00e1tn\u00e1 prvotn\u00ed slabika hinduismu a je pova\u017eov\u00e1n za znamen\u00ed ochrany a po\u017eehn\u00e1n\u00ed. Srozumiteln\u011b vysv\u011btlen\u00fd v\u00fdznam, podoba a pou\u017eit\u00ed.","_yoast_wpseo_meta-robots-noindex":"","_yoast_wpseo_canonical":"","_angie_page":false,"gefaehrdungsstufe":"","wesen_kultur":"","wesen_klasse":"","footnotes":""},"categories":[],"class_list":["post-145656","page","type-page","status-publish","has-post-thumbnail","hentry"],"yoast_head":"<!-- This site is optimized with the Yoast SEO Premium plugin v27.7 (Yoast SEO v28.3) - https:\/\/yoast.com\/product\/yoast-seo-premium-wordpress\/ -->\n<title>Symbol \u00d3m \u2013 posv\u00e1tn\u00e9 znamen\u00ed z hinduismu<\/title>\n<meta name=\"description\" content=\"\u00d3m je posv\u00e1tn\u00e1 prvotn\u00ed slabika hinduismu a je pova\u017eov\u00e1n za znamen\u00ed ochrany a po\u017eehn\u00e1n\u00ed. Srozumiteln\u011b vysv\u011btlen\u00fd v\u00fdznam, podoba a pou\u017eit\u00ed.\" \/>\n<meta name=\"robots\" content=\"index, follow, max-snippet:-1, max-image-preview:large, max-video-preview:-1\" \/>\n<link rel=\"canonical\" href=\"https:\/\/iwell-guard.com\/cs\/om-znameni-ochrany-a-pozehnani\/\" \/>\n<meta property=\"og:locale\" content=\"cs_CZ\" \/>\n<meta property=\"og:type\" content=\"article\" \/>\n<meta property=\"og:title\" content=\"\u00d3m \u2013 posv\u00e1tn\u00e9 znamen\u00ed jako ochrana a po\u017eehn\u00e1n\u00ed\" \/>\n<meta property=\"og:description\" content=\"\u00d3m je posv\u00e1tn\u00e1 prvotn\u00ed slabika hinduismu a je pova\u017eov\u00e1n za znamen\u00ed ochrany a po\u017eehn\u00e1n\u00ed. Srozumiteln\u011b vysv\u011btlen\u00fd v\u00fdznam, podoba a pou\u017eit\u00ed.\" \/>\n<meta property=\"og:url\" content=\"https:\/\/iwell-guard.com\/cs\/om-znameni-ochrany-a-pozehnani\/\" \/>\n<meta property=\"og:site_name\" content=\"iWell Guard\" \/>\n<meta property=\"article:modified_time\" content=\"2026-09-03T17:02:09+00:00\" \/>\n<meta property=\"og:image\" content=\"https:\/\/iwell-guard.com\/wp-content\/uploads\/2026\/05\/schutzsymbol_hinduismus_om.webp\" \/>\n\t<meta property=\"og:image:width\" content=\"1024\" \/>\n\t<meta property=\"og:image:height\" content=\"1536\" \/>\n\t<meta property=\"og:image:type\" content=\"image\/webp\" \/>\n<meta name=\"twitter:card\" content=\"summary_large_image\" \/>\n<script type=\"application\/ld+json\" class=\"yoast-schema-graph\">{\"@context\":\"https:\\\/\\\/schema.org\",\"@graph\":[{\"@type\":\"WebPage\",\"@id\":\"https:\\\/\\\/iwell-guard.com\\\/cs\\\/om-znameni-ochrany-a-pozehnani\\\/\",\"url\":\"https:\\\/\\\/iwell-guard.com\\\/cs\\\/om-znameni-ochrany-a-pozehnani\\\/\",\"name\":\"Symbol \u00d3m \u2013 posv\u00e1tn\u00e9 znamen\u00ed z hinduismu\",\"isPartOf\":{\"@id\":\"https:\\\/\\\/iwell-guard.com\\\/cs\\\/#website\"},\"primaryImageOfPage\":{\"@id\":\"https:\\\/\\\/iwell-guard.com\\\/cs\\\/om-znameni-ochrany-a-pozehnani\\\/#primaryimage\"},\"image\":{\"@id\":\"https:\\\/\\\/iwell-guard.com\\\/cs\\\/om-znameni-ochrany-a-pozehnani\\\/#primaryimage\"},\"thumbnailUrl\":\"https:\\\/\\\/iwell-guard.com\\\/wp-content\\\/uploads\\\/2026\\\/05\\\/schutzsymbol_hinduismus_om.webp\",\"datePublished\":\"2026-09-03T16:32:30+00:00\",\"dateModified\":\"2026-09-03T17:02:09+00:00\",\"description\":\"\u00d3m je posv\u00e1tn\u00e1 prvotn\u00ed slabika hinduismu a je pova\u017eov\u00e1n za znamen\u00ed ochrany a po\u017eehn\u00e1n\u00ed. Srozumiteln\u011b vysv\u011btlen\u00fd v\u00fdznam, podoba a pou\u017eit\u00ed.\",\"breadcrumb\":{\"@id\":\"https:\\\/\\\/iwell-guard.com\\\/cs\\\/om-znameni-ochrany-a-pozehnani\\\/#breadcrumb\"},\"inLanguage\":\"cs\",\"potentialAction\":[{\"@type\":\"ReadAction\",\"target\":[\"https:\\\/\\\/iwell-guard.com\\\/cs\\\/om-znameni-ochrany-a-pozehnani\\\/\"]}]},{\"@type\":\"ImageObject\",\"inLanguage\":\"cs\",\"@id\":\"https:\\\/\\\/iwell-guard.com\\\/cs\\\/om-znameni-ochrany-a-pozehnani\\\/#primaryimage\",\"url\":\"https:\\\/\\\/iwell-guard.com\\\/wp-content\\\/uploads\\\/2026\\\/05\\\/schutzsymbol_hinduismus_om.webp\",\"contentUrl\":\"https:\\\/\\\/iwell-guard.com\\\/wp-content\\\/uploads\\\/2026\\\/05\\\/schutzsymbol_hinduismus_om.webp\",\"width\":1024,\"height\":1536,\"caption\":\"Ochrann\u00fd symbol. Muzejn\u00ed ilustrace z\u00e1ti\u0161\u00ed.\"},{\"@type\":\"BreadcrumbList\",\"@id\":\"https:\\\/\\\/iwell-guard.com\\\/cs\\\/om-znameni-ochrany-a-pozehnani\\\/#breadcrumb\",\"itemListElement\":[{\"@type\":\"ListItem\",\"position\":1,\"name\":\"Start\",\"item\":\"https:\\\/\\\/iwell-guard.com\\\/cs\\\/?page_id=145107\"},{\"@type\":\"ListItem\",\"position\":2,\"name\":\"\u00d3m \u2013 posv\u00e1tn\u00e9 znamen\u00ed jako ochrana a po\u017eehn\u00e1n\u00ed\"}]},{\"@type\":\"WebSite\",\"@id\":\"https:\\\/\\\/iwell-guard.com\\\/cs\\\/#website\",\"url\":\"https:\\\/\\\/iwell-guard.com\\\/cs\\\/\",\"name\":\"iWell Guard\",\"description\":\"Schutz vor dunklen Einfl\u00fcssen\",\"publisher\":{\"@id\":\"https:\\\/\\\/iwell-guard.com\\\/cs\\\/#organization\"},\"potentialAction\":[{\"@type\":\"SearchAction\",\"target\":{\"@type\":\"EntryPoint\",\"urlTemplate\":\"https:\\\/\\\/iwell-guard.com\\\/cs\\\/?s={search_term_string}\"},\"query-input\":{\"@type\":\"PropertyValueSpecification\",\"valueRequired\":true,\"valueName\":\"search_term_string\"}}],\"inLanguage\":\"cs\"},{\"@type\":\"Organization\",\"@id\":\"https:\\\/\\\/iwell-guard.com\\\/cs\\\/#organization\",\"name\":\"Ittermann electronic GmbH\",\"url\":\"https:\\\/\\\/iwell-guard.com\\\/cs\\\/\",\"logo\":{\"@type\":\"ImageObject\",\"inLanguage\":\"cs\",\"@id\":\"https:\\\/\\\/iwell-guard.com\\\/cs\\\/#\\\/schema\\\/logo\\\/image\\\/\",\"url\":\"https:\\\/\\\/iwell-guard.com\\\/wp-content\\\/uploads\\\/2026\\\/05\\\/Ittermann-Logo-1182x237-1.png\",\"contentUrl\":\"https:\\\/\\\/iwell-guard.com\\\/wp-content\\\/uploads\\\/2026\\\/05\\\/Ittermann-Logo-1182x237-1.png\",\"width\":1182,\"height\":237,\"caption\":\"Ittermann electronic GmbH\"},\"image\":{\"@id\":\"https:\\\/\\\/iwell-guard.com\\\/cs\\\/#\\\/schema\\\/logo\\\/image\\\/\"},\"sameAs\":[\"https:\\\/\\\/pantip.com\\\/profile\\\/9367242\",\"https:\\\/\\\/micro.blog\\\/iwellguard\",\"https:\\\/\\\/www.diggerslist.com\\\/iwellguard\\\/about\",\"https:\\\/\\\/skitterphoto.com\\\/photographers\\\/2870314\\\/iwell-guard\",\"https:\\\/\\\/iwellguard.wordpress.com\\\/2026\\\/06\\\/06\\\/iwell-guard\\\/\",\"https:\\\/\\\/hub.docker.com\\\/u\\\/iwellguard\",\"https:\\\/\\\/www.pinterest.com\\\/iwellguard\\\/\",\"https:\\\/\\\/bit.ly\\\/m\\\/iwellguard\",\"https:\\\/\\\/entre-vos-mains.alsace.eu\\\/profiles\\\/iwellguard\\\/activity\",\"https:\\\/\\\/gravatar.com\\\/reallybeded8fd34\",\"https:\\\/\\\/naijamatta.com\\\/iwellguard\",\"https:\\\/\\\/www.goodreads.com\\\/iwellguard\",\"https:\\\/\\\/profile.hatena.ne.jp\\\/iwellguard\\\/\",\"https:\\\/\\\/experiment.com\\\/users\\\/iwellguard\",\"https:\\\/\\\/wakelet.com\\\/@iWellGuard82270\",\"https:\\\/\\\/www.chordie.com\\\/forum\\\/profile.php?id=2555664\",\"https:\\\/\\\/www.instapaper.com\\\/p\\\/17757966\",\"https:\\\/\\\/www.mapleprimes.com\\\/users\\\/iwellguard\",\"https:\\\/\\\/businesslistingplus.com\\\/profile\\\/iwell-guard\\\/\",\"https:\\\/\\\/telegra.ph\\\/iWell-Guard-06-06\",\"https:\\\/\\\/pbase.com\\\/iwellguard\\\/iwellguard\",\"https:\\\/\\\/b.hatena.ne.jp\\\/iwellguard\\\/20260607#bookmark-4788405196491818882\",\"https:\\\/\\\/fliphtml5.com\\\/home\\\/iwellguard\",\"https:\\\/\\\/anyflip.com\\\/homepage\\\/cmiwl#About\",\"https:\\\/\\\/transfur.com\\\/Users\\\/iwellguard\",\"http:\\\/\\\/delphi.larsbo.org\\\/user\\\/iwellguard\",\"https:\\\/\\\/jobs.lajobsportal.org\\\/profiles\\\/8380803-iwell-guard\",\"https:\\\/\\\/md.chaosdorf.de\\\/s\\\/jfbe5SBdJD\",\"https:\\\/\\\/www.lingvolive.com\\\/en-us\\\/profile\\\/9ecaeaca-ce11-4e51-9e71-01d55e2bff36\\\/translations\",\"https:\\\/\\\/www.fitday.com\\\/fitness\\\/forums\\\/members\\\/iwellguard.html\",\"https:\\\/\\\/www.mymeetbook.com\\\/iwellguard\",\"https:\\\/\\\/pxhere.com\\\/en\\\/photographer-me\\\/5040798\",\"https:\\\/\\\/disqus.com\\\/by\\\/iwellguard\\\/about\\\/\",\"https:\\\/\\\/pastelink.net\\\/hjwciqwq\",\"https:\\\/\\\/pubhtml5.com\\\/homepage\\\/scjhn\\\/\",\"https:\\\/\\\/www.bitchute.com\\\/channel\\\/2O2eOKzNqujT\",\"https:\\\/\\\/audiomack.com\\\/iwellguard\"]}]}<\/script>\n<!-- \/ Yoast SEO Premium plugin. -->","yoast_head_json":{"title":"Symbol \u00d3m \u2013 posv\u00e1tn\u00e9 znamen\u00ed z hinduismu","description":"\u00d3m je posv\u00e1tn\u00e1 prvotn\u00ed slabika hinduismu a je pova\u017eov\u00e1n za znamen\u00ed ochrany a po\u017eehn\u00e1n\u00ed. Srozumiteln\u011b vysv\u011btlen\u00fd v\u00fdznam, podoba a pou\u017eit\u00ed.","robots":{"index":"index","follow":"follow","max-snippet":"max-snippet:-1","max-image-preview":"max-image-preview:large","max-video-preview":"max-video-preview:-1"},"canonical":"https:\/\/iwell-guard.com\/cs\/om-znameni-ochrany-a-pozehnani\/","og_locale":"cs_CZ","og_type":"article","og_title":"\u00d3m \u2013 posv\u00e1tn\u00e9 znamen\u00ed jako ochrana a po\u017eehn\u00e1n\u00ed","og_description":"\u00d3m je posv\u00e1tn\u00e1 prvotn\u00ed slabika hinduismu a je pova\u017eov\u00e1n za znamen\u00ed ochrany a po\u017eehn\u00e1n\u00ed. Srozumiteln\u011b vysv\u011btlen\u00fd v\u00fdznam, podoba a pou\u017eit\u00ed.","og_url":"https:\/\/iwell-guard.com\/cs\/om-znameni-ochrany-a-pozehnani\/","og_site_name":"iWell Guard","article_modified_time":"2026-09-03T17:02:09+00:00","og_image":[{"width":1024,"height":1536,"url":"https:\/\/iwell-guard.com\/wp-content\/uploads\/2026\/05\/schutzsymbol_hinduismus_om.webp","type":"image\/webp"}],"twitter_card":"summary_large_image","schema":{"@context":"https:\/\/schema.org","@graph":[{"@type":"WebPage","@id":"https:\/\/iwell-guard.com\/cs\/om-znameni-ochrany-a-pozehnani\/","url":"https:\/\/iwell-guard.com\/cs\/om-znameni-ochrany-a-pozehnani\/","name":"Symbol \u00d3m \u2013 posv\u00e1tn\u00e9 znamen\u00ed z hinduismu","isPartOf":{"@id":"https:\/\/iwell-guard.com\/cs\/#website"},"primaryImageOfPage":{"@id":"https:\/\/iwell-guard.com\/cs\/om-znameni-ochrany-a-pozehnani\/#primaryimage"},"image":{"@id":"https:\/\/iwell-guard.com\/cs\/om-znameni-ochrany-a-pozehnani\/#primaryimage"},"thumbnailUrl":"https:\/\/iwell-guard.com\/wp-content\/uploads\/2026\/05\/schutzsymbol_hinduismus_om.webp","datePublished":"2026-09-03T16:32:30+00:00","dateModified":"2026-09-03T17:02:09+00:00","description":"\u00d3m je posv\u00e1tn\u00e1 prvotn\u00ed slabika hinduismu a je pova\u017eov\u00e1n za znamen\u00ed ochrany a po\u017eehn\u00e1n\u00ed. Srozumiteln\u011b vysv\u011btlen\u00fd v\u00fdznam, podoba a pou\u017eit\u00ed.","breadcrumb":{"@id":"https:\/\/iwell-guard.com\/cs\/om-znameni-ochrany-a-pozehnani\/#breadcrumb"},"inLanguage":"cs","potentialAction":[{"@type":"ReadAction","target":["https:\/\/iwell-guard.com\/cs\/om-znameni-ochrany-a-pozehnani\/"]}]},{"@type":"ImageObject","inLanguage":"cs","@id":"https:\/\/iwell-guard.com\/cs\/om-znameni-ochrany-a-pozehnani\/#primaryimage","url":"https:\/\/iwell-guard.com\/wp-content\/uploads\/2026\/05\/schutzsymbol_hinduismus_om.webp","contentUrl":"https:\/\/iwell-guard.com\/wp-content\/uploads\/2026\/05\/schutzsymbol_hinduismus_om.webp","width":1024,"height":1536,"caption":"Ochrann\u00fd symbol. Muzejn\u00ed ilustrace z\u00e1ti\u0161\u00ed."},{"@type":"BreadcrumbList","@id":"https:\/\/iwell-guard.com\/cs\/om-znameni-ochrany-a-pozehnani\/#breadcrumb","itemListElement":[{"@type":"ListItem","position":1,"name":"Start","item":"https:\/\/iwell-guard.com\/cs\/?page_id=145107"},{"@type":"ListItem","position":2,"name":"\u00d3m \u2013 posv\u00e1tn\u00e9 znamen\u00ed jako ochrana a po\u017eehn\u00e1n\u00ed"}]},{"@type":"WebSite","@id":"https:\/\/iwell-guard.com\/cs\/#website","url":"https:\/\/iwell-guard.com\/cs\/","name":"iWell Guard","description":"Schutz vor dunklen Einfl\u00fcssen","publisher":{"@id":"https:\/\/iwell-guard.com\/cs\/#organization"},"potentialAction":[{"@type":"SearchAction","target":{"@type":"EntryPoint","urlTemplate":"https:\/\/iwell-guard.com\/cs\/?s={search_term_string}"},"query-input":{"@type":"PropertyValueSpecification","valueRequired":true,"valueName":"search_term_string"}}],"inLanguage":"cs"},{"@type":"Organization","@id":"https:\/\/iwell-guard.com\/cs\/#organization","name":"Ittermann electronic GmbH","url":"https:\/\/iwell-guard.com\/cs\/","logo":{"@type":"ImageObject","inLanguage":"cs","@id":"https:\/\/iwell-guard.com\/cs\/#\/schema\/logo\/image\/","url":"https:\/\/iwell-guard.com\/wp-content\/uploads\/2026\/05\/Ittermann-Logo-1182x237-1.png","contentUrl":"https:\/\/iwell-guard.com\/wp-content\/uploads\/2026\/05\/Ittermann-Logo-1182x237-1.png","width":1182,"height":237,"caption":"Ittermann electronic GmbH"},"image":{"@id":"https:\/\/iwell-guard.com\/cs\/#\/schema\/logo\/image\/"},"sameAs":["https:\/\/pantip.com\/profile\/9367242","https:\/\/micro.blog\/iwellguard","https:\/\/www.diggerslist.com\/iwellguard\/about","https:\/\/skitterphoto.com\/photographers\/2870314\/iwell-guard","https:\/\/iwellguard.wordpress.com\/2026\/06\/06\/iwell-guard\/","https:\/\/hub.docker.com\/u\/iwellguard","https:\/\/www.pinterest.com\/iwellguard\/","https:\/\/bit.ly\/m\/iwellguard","https:\/\/entre-vos-mains.alsace.eu\/profiles\/iwellguard\/activity","https:\/\/gravatar.com\/reallybeded8fd34","https:\/\/naijamatta.com\/iwellguard","https:\/\/www.goodreads.com\/iwellguard","https:\/\/profile.hatena.ne.jp\/iwellguard\/","https:\/\/experiment.com\/users\/iwellguard","https:\/\/wakelet.com\/@iWellGuard82270","https:\/\/www.chordie.com\/forum\/profile.php?id=2555664","https:\/\/www.instapaper.com\/p\/17757966","https:\/\/www.mapleprimes.com\/users\/iwellguard","https:\/\/businesslistingplus.com\/profile\/iwell-guard\/","https:\/\/telegra.ph\/iWell-Guard-06-06","https:\/\/pbase.com\/iwellguard\/iwellguard","https:\/\/b.hatena.ne.jp\/iwellguard\/20260607#bookmark-4788405196491818882","https:\/\/fliphtml5.com\/home\/iwellguard","https:\/\/anyflip.com\/homepage\/cmiwl#About","https:\/\/transfur.com\/Users\/iwellguard","http:\/\/delphi.larsbo.org\/user\/iwellguard","https:\/\/jobs.lajobsportal.org\/profiles\/8380803-iwell-guard","https:\/\/md.chaosdorf.de\/s\/jfbe5SBdJD","https:\/\/www.lingvolive.com\/en-us\/profile\/9ecaeaca-ce11-4e51-9e71-01d55e2bff36\/translations","https:\/\/www.fitday.com\/fitness\/forums\/members\/iwellguard.html","https:\/\/www.mymeetbook.com\/iwellguard","https:\/\/pxhere.com\/en\/photographer-me\/5040798","https:\/\/disqus.com\/by\/iwellguard\/about\/","https:\/\/pastelink.net\/hjwciqwq","https:\/\/pubhtml5.com\/homepage\/scjhn\/","https:\/\/www.bitchute.com\/channel\/2O2eOKzNqujT","https:\/\/audiomack.com\/iwellguard"]}]}},"_links":{"self":[{"href":"https:\/\/iwell-guard.com\/cs\/wp-json\/wp\/v2\/pages\/145656","targetHints":{"allow":["GET"]}}],"collection":[{"href":"https:\/\/iwell-guard.com\/cs\/wp-json\/wp\/v2\/pages"}],"about":[{"href":"https:\/\/iwell-guard.com\/cs\/wp-json\/wp\/v2\/types\/page"}],"author":[{"embeddable":true,"href":"https:\/\/iwell-guard.com\/cs\/wp-json\/wp\/v2\/users\/3"}],"replies":[{"embeddable":true,"href":"https:\/\/iwell-guard.com\/cs\/wp-json\/wp\/v2\/comments?post=145656"}],"version-history":[{"count":0,"href":"https:\/\/iwell-guard.com\/cs\/wp-json\/wp\/v2\/pages\/145656\/revisions"}],"wp:featuredmedia":[{"embeddable":true,"href":"https:\/\/iwell-guard.com\/cs\/wp-json\/wp\/v2\/media\/3440"}],"wp:attachment":[{"href":"https:\/\/iwell-guard.com\/cs\/wp-json\/wp\/v2\/media?parent=145656"}],"wp:term":[{"taxonomy":"category","embeddable":true,"href":"https:\/\/iwell-guard.com\/cs\/wp-json\/wp\/v2\/categories?post=145656"}],"curies":[{"name":"wp","href":"https:\/\/api.w.org\/{rel}","templated":true}]}}