{"id":145652,"date":"2026-09-03T16:32:28","date_gmt":"2026-09-03T16:32:28","guid":{"rendered":"https:\/\/iwell-guard.com\/?page_id=145652"},"modified":"2026-09-03T17:02:01","modified_gmt":"2026-09-03T17:02:01","slug":"nazar-boncugu-modre-ochranne-oko","status":"publish","type":"page","link":"https:\/\/iwell-guard.com\/cs\/nazar-boncugu-modre-ochranne-oko\/","title":{"rendered":"Nazar Boncu\u011fu \u2013 modr\u00e9 ochrann\u00e9 oko proti u\u0159knut\u00ed"},"content":{"rendered":"\t\t<div data-elementor-type=\"wp-page\" data-elementor-id=\"145652\" class=\"elementor elementor-145652 elementor-3588 elementor-bc-flex-widget\" data-elementor-post-type=\"page\">\n\t\t\t\t<div class=\"elementor-element elementor-element-iwgs-nazar-hero e-flex e-con-boxed e-con e-parent\" data-id=\"iwgs-nazar-hero\" data-element_type=\"container\" data-e-type=\"container\">\n\t\t\t\t\t<div class=\"e-con-inner\">\n\t\t<div class=\"elementor-element elementor-element-iwgs-nazar-hl e-flex e-con-boxed e-con e-parent\" data-id=\"iwgs-nazar-hl\" data-element_type=\"container\" data-e-type=\"container\">\n\t\t\t\t\t<div class=\"e-con-inner\">\n\t\t<div class=\"elementor-element elementor-element-iwgs-nazar-hlbox e-con-full e-flex e-con e-parent\" data-id=\"iwgs-nazar-hlbox\" data-element_type=\"container\" data-e-type=\"container\">\n\t\t\t\t<div class=\"elementor-element elementor-element-iwgs-nazar-h1 elementor-widget elementor-widget-heading\" data-id=\"iwgs-nazar-h1\" data-element_type=\"widget\" data-e-type=\"widget\" data-widget_type=\"heading.default\">\n\t\t\t\t\t<h1 class=\"elementor-heading-title elementor-size-default\">Nazar Boncu\u011fu \u2013 modr\u00e9 sklen\u011bn\u00e9 oko proti u\u0159knut\u00ed<\/h1>\t\t\t\t<\/div>\n\t\t\t\t<div class=\"elementor-element elementor-element-iwgs-nazar-lead elementor-widget elementor-widget-text-editor\" data-id=\"iwgs-nazar-lead\" data-element_type=\"widget\" data-e-type=\"widget\" data-widget_type=\"text-editor.default\">\n\t\t\t\t\t\t\t\t\t<p>Nazar Boncu\u011fu, modr\u00e9 sklen\u011bn\u00e9 oko, je jedn\u00edm z nejzn\u00e1m\u011bj\u0161\u00edch ochrann\u00fdch p\u0159edm\u011bt\u016f St\u0159edomo\u0159\u00ed a P\u0159edn\u00edho v\u00fdchodu. M\u00e1 zachytit a zne\u0161kodnit zl\u00fd pohled a dodnes se s n\u00edm setk\u00e1v\u00e1me na dve\u0159\u00edch, ve vozidlech i jako se \u0161perkem. Profil ukazuje, jak modr\u00e9 sklen\u011bn\u00e9 oko proti u\u0159knut\u00ed dodnes \u017eije v p\u0159edm\u011btech b\u011b\u017en\u00e9ho \u017eivota.<\/p>\t\t\t\t\t\t\t\t<\/div>\n\t\t\t\t<\/div>\n\t\t\t\t<div class=\"elementor-element elementor-element-iwgs-nazar-pills elementor-widget elementor-widget-html\" data-id=\"iwgs-nazar-pills\" data-element_type=\"widget\" data-e-type=\"widget\" data-widget_type=\"html.default\">\n\t\t\t\t\t<div class=\"iwg-pill-row\"><span class=\"iwg-klasse-badge\" tabindex=\"0\" data-tooltip=\"Ochrann\u00fd symbol, amulet nebo apotropick\u00fd p\u0159edm\u011bt.\">Ochrann\u00fd symbol<\/span><a href=\"https:\/\/iwell-guard.com\/cs\/ochranne-symboly\/\" class=\"iwg-kultur-badge\" tabindex=\"0\" data-tooltip=\"Ochrann\u00e1 tradice: St\u0159edomo\u0159\u00ed\">St\u0159edomo\u0159\u00ed<\/a><span class=\"iwg-tradition-badge\" tabindex=\"0\" data-tooltip=\"P\u0159edm\u011bt nebo znak, kter\u00fd m\u00e1 odvracet ne\u0161t\u011bst\u00ed a \u0161kodliv\u00e9 vlivy.\">Apotropaikon<\/span><\/div>\t\t\t\t<\/div>\n\t\t\t\t\t<\/div>\n\t\t\t\t<\/div>\n\t\t<div class=\"elementor-element elementor-element-iwgs-nazar-hr e-con-full e-flex e-con e-parent\" data-id=\"iwgs-nazar-hr\" data-element_type=\"container\" data-e-type=\"container\">\n\t\t\t\t<div class=\"elementor-element elementor-element-iwgs-nazar-himg iwg-hero-image elementor-widget elementor-widget-image\" data-id=\"iwgs-nazar-himg\" data-element_type=\"widget\" data-e-type=\"widget\" data-widget_type=\"image.default\">\n\t\t\t\t\t\t\t\t\t\t\t\t\t\t\t<img fetchpriority=\"high\" decoding=\"async\" width=\"683\" height=\"1024\" src=\"https:\/\/iwell-guard.com\/wp-content\/uploads\/2026\/05\/schutzsymbol_tuerkei_nazar-2-683x1024.webp\" class=\"attachment-large size-large wp-image-147129\" alt=\"Velk\u00e9 tureck\u00e9 ochrann\u00e9 oko Nazar Boncu\u011fu z modr\u00e9ho skla jako n\u00e1st\u011bnn\u00fd amulet\" srcset=\"https:\/\/iwell-guard.com\/wp-content\/uploads\/2026\/05\/schutzsymbol_tuerkei_nazar-2-683x1024.webp 683w, https:\/\/iwell-guard.com\/wp-content\/uploads\/2026\/05\/schutzsymbol_tuerkei_nazar-2-200x300.webp 200w, https:\/\/iwell-guard.com\/wp-content\/uploads\/2026\/05\/schutzsymbol_tuerkei_nazar-2-768x1152.webp 768w, https:\/\/iwell-guard.com\/wp-content\/uploads\/2026\/05\/schutzsymbol_tuerkei_nazar-2.webp 1024w\" sizes=\"(max-width: 683px) 100vw, 683px\" \/>\t\t\t\t\t\t\t\t\t\t\t\t\t\t\t<\/div>\n\t\t\t\t<\/div>\n\t\t\t\t\t<\/div>\n\t\t\t\t<\/div>\n\t\t<div class=\"elementor-element elementor-element-iwgs-nazar-s0 e-flex e-con-boxed e-con e-parent\" data-id=\"iwgs-nazar-s0\" data-element_type=\"container\" data-e-type=\"container\">\n\t\t\t\t\t<div class=\"e-con-inner\">\n\t\t\t\t<div class=\"elementor-element elementor-element-iwgs-nazar-s0h elementor-widget elementor-widget-heading\" data-id=\"iwgs-nazar-s0h\" data-element_type=\"widget\" data-e-type=\"widget\" data-widget_type=\"heading.default\">\n\t\t\t\t\t<h2 class=\"elementor-heading-title elementor-size-default\">Za\u0159azen\u00ed<\/h2>\t\t\t\t<\/div>\n\t\t<div class=\"elementor-element elementor-element-iwgs-nazar-s0box e-con-full e-flex e-con e-parent\" data-id=\"iwgs-nazar-s0box\" data-element_type=\"container\" data-e-type=\"container\">\n\t\t\t\t<div class=\"elementor-element elementor-element-iwgs-nazar-s0t elementor-widget elementor-widget-text-editor\" data-id=\"iwgs-nazar-s0t\" data-element_type=\"widget\" data-e-type=\"widget\" data-widget_type=\"text-editor.default\">\n\t\t\t\t\t\t\t\t\t<p>Nazar Boncu\u011fu je ochrann\u00fd p\u0159edm\u011bt z modr\u00e9ho skla, roz\u0161\u00ed\u0159en\u00fd zejm\u00e9na ve v\u00fdchodn\u00edm St\u0159edomo\u0159\u00ed, v Turecku a na P\u0159edn\u00edm v\u00fdchod\u011b. N\u00e1zev spojuje z arab\u0161tiny poch\u00e1zej\u00edc\u00ed slovo nazar, kter\u00e9 znamen\u00e1 pohled nebo pohl\u00ed\u017een\u00ed, s tureck\u00fdm slovem boncuk pro perlu. V doslovn\u00e9m p\u0159ekladu je to tedy \u201eperla pohledu\u201c.<\/p><p>P\u0159edm\u011bt \u00fazce souvis\u00ed s v\u00edrou v <a href=\"https:\/\/iwell-guard.com\/cs\/zle-oko\/\">zl\u00fd pohled<\/a>. Zat\u00edmco ona str\u00e1nka se v\u011bnuje samotn\u00e9 p\u0159edstav\u011b zl\u00e9ho pohledu, zde stoj\u00ed v centru ochrann\u00fd p\u0159edm\u011bt, kter\u00fd je proti n\u011bmu postaven. Nazar Boncu\u011fu je materi\u00e1ln\u00ed odpov\u011bd\u00ed na formu pohledu, je\u017e je poci\u0165ov\u00e1na jako nebezpe\u010dn\u00e1.<\/p><p>V <span class=\"iwg-fachbegriff\" data-tooltip=\"V\u011bda, kter\u00e1 zkoum\u00e1 n\u00e1bo\u017eenstv\u00ed srovn\u00e1vac\u00edm zp\u016fsobem a bez vyznava\u010dsk\u00e9 v\u00e1zanosti.\" tabindex=\"0\">religionistice<\/span> pat\u0159\u00ed modr\u00e9 sklen\u011bn\u00e9 oko mezi <span class=\"iwg-fachbegriff\" data-tooltip=\"Mno\u017en\u00e9 \u010d\u00edslo od apotropaikon: p\u0159edm\u011bty a znaky, kter\u00e9 maj\u00ed odvracet ne\u0161t\u011bst\u00ed.\" tabindex=\"0\">apotropaika<\/span>. Je dobr\u00fdm p\u0159\u00edkladem toho, jak se p\u0159edstava roz\u0161\u00ed\u0159en\u00e1 na velk\u00e9m \u00fazem\u00ed st\u00e1v\u00e1 hmatatelnou v jedin\u00e9m, okam\u017eit\u011b rozpoznateln\u00e9m p\u0159edm\u011btu. M\u00e1lokter\u00fd jin\u00fd ochrann\u00fd p\u0159edm\u011bt je ve St\u0159edomo\u0159\u00ed tak v\u0161udyp\u0159\u00edtomn\u00fd.<\/p><p>Nazar Boncu\u011fu pat\u0159\u00ed v\u016fbec k nejroz\u0161\u00ed\u0159en\u011bj\u0161\u00edm ochrann\u00fdm p\u0159edm\u011bt\u016fm. V Turecku je v\u0161udyp\u0159\u00edtomn\u00e9 a jako cestovn\u00ed a obchodn\u00ed zbo\u017e\u00ed se d\u00e1vno dostalo do cel\u00e9ho sv\u011bta.<\/p><p>Toto roz\u0161\u00ed\u0159en\u00ed z n\u011bj d\u011bl\u00e1 dobr\u00fd p\u0159\u00edklad toho, jak se m\u00edstn\u00ed \u0159emeslo a star\u00e1 ochrann\u00e1 p\u0159edstava mohou spole\u010dn\u011b st\u00e1t mezin\u00e1rodn\u011b zn\u00e1m\u00fdm p\u0159edm\u011btem. M\u00e1lokter\u00fd jin\u00fd <span class=\"iwg-fachbegriff\" data-tooltip=\"No\u0161en\u00fd p\u0159edm\u011bt, kter\u00e9mu je p\u0159ipisov\u00e1n ochrann\u00fd, ne\u0161t\u011bst\u00ed odvracej\u00edc\u00ed \u00fa\u010dinek.\" tabindex=\"0\">amulet<\/span> spojuje tak jasn\u011b vymezenou formu s tak \u0161irok\u00fdm roz\u0161\u00ed\u0159en\u00edm.<\/p>\t\t\t\t\t\t\t\t<\/div>\n\t\t\t\t<\/div>\n\t\t\t\t\t<\/div>\n\t\t\t\t<\/div>\n\t\t<div class=\"elementor-element elementor-element-iwgs-nazar-s1 e-flex e-con-boxed e-con e-parent\" data-id=\"iwgs-nazar-s1\" data-element_type=\"container\" data-e-type=\"container\">\n\t\t\t\t\t<div class=\"e-con-inner\">\n\t\t\t\t<div class=\"elementor-element elementor-element-iwgs-nazar-s1h elementor-widget elementor-widget-heading\" data-id=\"iwgs-nazar-s1h\" data-element_type=\"widget\" data-e-type=\"widget\" data-widget_type=\"heading.default\">\n\t\t\t\t\t<h2 class=\"elementor-heading-title elementor-size-default\">V\u00edra ve zl\u00fd pohled<\/h2>\t\t\t\t<\/div>\n\t\t<div class=\"elementor-element elementor-element-iwgs-nazar-s1box e-con-full e-flex e-con e-parent\" data-id=\"iwgs-nazar-s1box\" data-element_type=\"container\" data-e-type=\"container\">\n\t\t\t\t<div class=\"elementor-element elementor-element-iwgs-nazar-s1t elementor-widget elementor-widget-text-editor\" data-id=\"iwgs-nazar-s1t\" data-element_type=\"widget\" data-e-type=\"widget\" data-widget_type=\"text-editor.default\">\n\t\t\t\t\t\t\t\t\t<p>P\u0159edstava zl\u00e9ho pohledu je velmi star\u00e1 a roz\u0161\u00ed\u0159en\u00e1 v mnoha kultur\u00e1ch. Podle n\u00ed m\u016f\u017ee pohled zp\u016fsobit \u0161kodu, \u010dasto bez v\u011bdom\u00e9ho \u00famyslu toho, kdo se d\u00edv\u00e1. Zl\u00fd pohled b\u00fdv\u00e1 \u010dasto spojov\u00e1n se z\u00e1vist\u00ed. Kdo se d\u00edv\u00e1 se z\u00e1vist\u00ed na n\u011bco kr\u00e1sn\u00e9ho, zdrav\u00e9ho nebo \u00fasp\u011b\u0161n\u00e9ho, m\u016f\u017ee mu podle t\u00e9to p\u0159edstavy u\u0161kodit.<\/p><p>Za zvl\u00e1\u0161\u0165 ohro\u017een\u00e9 byli pova\u017eov\u00e1ni ti, kdo byli vn\u00edm\u00e1ni jako zraniteln\u00ed nebo jako hodn\u00ed obdivu, tedy mal\u00e9 d\u011bti, t\u011bhotn\u00e9 \u017eeny, nev\u011bsty, ale tak\u00e9 dobytek a \u00faroda. Pr\u00e1v\u011b pro tyto oblasti se pou\u017e\u00edvala ochrana pomoc\u00ed Nazar Boncu\u011fu.<\/p><p>Zl\u00fd pohled p\u0159itom nen\u00ed ot\u00e1zkou pouze zl\u00e9ho \u00famyslu. Nebezpe\u010dn\u00fd mohl b\u00fdt i pohled obdivn\u00fd. Z toho vypl\u00fdv\u00e1, pro\u010d ochrana nesm\u011b\u0159ovala v\u016f\u010di konkr\u00e9tn\u00edm nep\u0159\u00e1tel\u016fm, ale byla um\u00eds\u0165ov\u00e1na v\u0161eobecn\u011b tam, kde bylo n\u011bco zvl\u00e1\u0161\u0165 vz\u00e1cn\u00e9 nebo ohro\u017een\u00e9.<\/p><p>V\u00edra ve zl\u00fd pohled je velmi star\u00e1. \u0160kodlivou s\u00edlu pohledu znaj\u00ed ji\u017e mezopot\u00e1msk\u00e9 a staroegyptsk\u00e9 texty a v \u0158ecku a \u0158\u00edm\u011b byla tato p\u0159edstava pevn\u011b zakotvena pod vlastn\u00edmi pojmy.<\/p><p>\u0158\u00edman\u00e9 mluvili o fascinatio. Z t\u00e9to dlouh\u00e9 historie se vysv\u011btluje \u0161irok\u00e9 roz\u0161\u00ed\u0159en\u00ed ochrann\u00fdch prost\u0159edk\u016f. Modr\u00e9 sklen\u011bn\u00e9 oko je pom\u011brn\u011b mladou, ale zvl\u00e1\u0161\u0165 \u00fasp\u011b\u0161nou odpov\u011bd\u00ed na obavu, kter\u00e1 prov\u00e1z\u00ed St\u0159edomo\u0159\u00ed po tis\u00edcilet\u00ed.<\/p>\t\t\t\t\t\t\t\t<\/div>\n\t\t\t\t<\/div>\n\t\t\t\t\t<\/div>\n\t\t\t\t<\/div>\n\t\t<div class=\"elementor-element elementor-element-iwgs-nazar-s2 e-flex e-con-boxed e-con e-parent\" data-id=\"iwgs-nazar-s2\" data-element_type=\"container\" data-e-type=\"container\">\n\t\t\t\t\t<div class=\"e-con-inner\">\n\t\t\t\t<div class=\"elementor-element elementor-element-iwgs-nazar-s2h elementor-widget elementor-widget-heading\" data-id=\"iwgs-nazar-s2h\" data-element_type=\"widget\" data-e-type=\"widget\" data-widget_type=\"heading.default\">\n\t\t\t\t\t<h2 class=\"elementor-heading-title elementor-size-default\">Podoba: modr\u00e9 sklen\u011bn\u00e9 oko<\/h2>\t\t\t\t<\/div>\n\t\t<div class=\"elementor-element elementor-element-iwgs-nazar-s2box e-con-full e-flex e-con e-parent\" data-id=\"iwgs-nazar-s2box\" data-element_type=\"container\" data-e-type=\"container\">\n\t\t\t\t<div class=\"elementor-element elementor-element-iwgs-nazar-s2t elementor-widget elementor-widget-text-editor\" data-id=\"iwgs-nazar-s2t\" data-element_type=\"widget\" data-e-type=\"widget\" data-widget_type=\"text-editor.default\">\n\t\t\t\t\t\t\t\t\t<p>Nazar Boncu\u011fu m\u00e1 nezam\u011bnitelnou podobu. Jde o ploch\u00fd, kulat\u00fd kotou\u010dek nebo perlu ze skla s soust\u0159edn\u00fdmi kruhy. Od okraje sm\u011brem ke st\u0159edu n\u00e1sleduje obvykle tmav\u011b kobaltov\u00e1 mod\u0159, sv\u011btlej\u0161\u00ed modr\u00e1, b\u00edl\u00fd prstenec a tmav\u00fd bod uprost\u0159ed. Toto uspo\u0159\u00e1d\u00e1n\u00ed vytv\u00e1\u0159\u00ed obraz stylizovan\u00e9ho oka.<\/p><p>Tvar je zvolen z\u00e1m\u011brn\u011b. Ochrann\u00fd p\u0159edm\u011bt s\u00e1m napodobuje oko a stav\u00ed tak proti nebezpe\u010dn\u00e9mu pohledu sv\u016fj vlastn\u00ed pohled. Oko amuletu jakoby pohled op\u011btuje a zachycuje \u0161kodlivou pozornost d\u0159\u00edv, ne\u017e dos\u00e1hne sv\u00e9ho c\u00edle.<\/p><p>Velikosti sahaj\u00ed od mal\u00fdch perel pro \u0161perky a n\u00e1ramky a\u017e k velk\u00fdm kotou\u010d\u016fm, kter\u00e9 slou\u017e\u00ed jako n\u00e1st\u011bnn\u00e1 dekorace. P\u0159es rozd\u00edln\u00e9 rozm\u011bry z\u016fst\u00e1v\u00e1 z\u00e1kladn\u00ed obraz v\u017edy stejn\u00fd, tak\u017ee Nazar Boncu\u011fu je v jak\u00e9koli form\u011b okam\u017eit\u011b rozpoznateln\u00e9.<\/p><p>Uvnit\u0159 z\u00e1kladn\u00ed formy existuje mnoho variant. Mal\u00e9 perly se navl\u00e9kaj\u00ed na n\u00e1hrdeln\u00edky a n\u00e1ramky, v\u011bt\u0161\u00ed kotou\u010de slou\u017e\u00ed jako z\u00e1v\u011bsy pro zdi a dve\u0159e. Oko b\u00fdv\u00e1 \u010dasto spojov\u00e1no s dal\u0161\u00edmi ochrann\u00fdmi znaky, nap\u0159\u00edklad s malou rukou nebo gran\u00e1tov\u00fdm jablkem.<\/p><p>P\u0159es tuto pestrost z\u016fst\u00e1v\u00e1 soust\u0159edn\u00fd vzor oka nezam\u011bniteln\u00fdm j\u00e1drem. Ten zaji\u0161\u0165uje, \u017ee p\u0159edm\u011bt z\u016fst\u00e1v\u00e1 v ka\u017ed\u00e9 velikosti a v ka\u017ed\u00e9 kombinaci okam\u017eit\u011b rozpoznateln\u00fd jako Nazar Boncu\u011fu.<\/p>\t\t\t\t\t\t\t\t<\/div>\n\t\t\t\t<\/div>\n\t\t\t\t\t<\/div>\n\t\t\t\t<\/div>\n\t\t<div class=\"elementor-element elementor-element-iwgs-nazar-s3 e-flex e-con-boxed e-con e-parent\" data-id=\"iwgs-nazar-s3\" data-element_type=\"container\" data-e-type=\"container\">\n\t\t\t\t\t<div class=\"e-con-inner\">\n\t\t\t\t<div class=\"elementor-element elementor-element-iwgs-nazar-s3h elementor-widget elementor-widget-heading\" data-id=\"iwgs-nazar-s3h\" data-element_type=\"widget\" data-e-type=\"widget\" data-widget_type=\"heading.default\">\n\t\t\t\t\t<h2 class=\"elementor-heading-title elementor-size-default\">V\u00fdroba v anatolsk\u00e9 skl\u00e1\u0159sk\u00e9 d\u00edln\u011b<\/h2>\t\t\t\t<\/div>\n\t\t<div class=\"elementor-element elementor-element-iwgs-nazar-s3box e-con-full e-flex e-con e-parent\" data-id=\"iwgs-nazar-s3box\" data-element_type=\"container\" data-e-type=\"container\">\n\t\t\t\t<div class=\"elementor-element elementor-element-iwgs-nazar-s3t elementor-widget elementor-widget-text-editor\" data-id=\"iwgs-nazar-s3t\" data-element_type=\"widget\" data-e-type=\"widget\" data-widget_type=\"text-editor.default\">\n\t\t\t\t\t\t\t\t\t<p>Nazar Boncu\u011fu se tradi\u010dn\u011b vyr\u00e1b\u00ed ru\u010dn\u011b. V Turecku existuj\u00ed m\u00edsta, jejich\u017e skl\u00e1\u0159i se specializuj\u00ed na v\u00fdrobu t\u011bchto ochrann\u00fdch o\u010d\u00ed. Skl\u00e1\u0159i pracuj\u00ed u d\u0159ev\u011bn\u00fdch pec\u00ed, v nich\u017e se sklo zah\u0159\u00edv\u00e1 na vysok\u00e9 teploty.<\/p><p>Soust\u0159edn\u00e9 kruhy vznikaj\u00ed tak, \u017ee se roztaven\u00e9 sklo v r\u016fzn\u00fdch barv\u00e1ch vrstv\u00ed jedna vrstva na druhou. Skl\u00e1\u0159 kape kapku po kapce, dokud nen\u00ed hotov\u00fd charakteristick\u00fd vzor oka. Tato pr\u00e1ce vy\u017eaduje zku\u0161enost, proto\u017ee barevn\u00e9 vrstvy do sebe mus\u00ed p\u0159esn\u011b zapadat, aby oko z\u016fstalo \u010diteln\u00e9.<\/p><p>\u0158emesln\u00e1 tradice sklen\u011bn\u00fdch kor\u00e1lk\u016f je v Turecku p\u011bstov\u00e1na jako kulturn\u00ed d\u011bdictv\u00ed. Spojuje star\u00e9 znalosti o zpracov\u00e1n\u00ed skla s p\u0159edstavou ochrany, kter\u00e1 je st\u00e1le \u017eiv\u00e1. Existuj\u00ed i pr\u016fmyslov\u011b vyr\u00e1b\u011bn\u00e9 kusy, av\u0161ak ru\u010dn\u011b vyr\u00e1b\u011bn\u00e9 kor\u00e1lky jsou pova\u017eov\u00e1ny za skute\u010dnou podobu tohoto p\u0159edm\u011btu.<\/p><p>V Turecku se na toto \u0159emeslo zam\u011b\u0159ila i jednotliv\u00e1 m\u00edsta. Ve vesnic\u00edch v okol\u00ed \u0130zmiru, mezi nimi\u017e je i jedna, kter\u00e1 nos\u00ed sv\u016fj p\u0159\u00eddomek p\u0159\u00edmo po ochrann\u00e9m oku, pracuj\u00ed skl\u00e1\u0159i u tradi\u010dn\u00edch d\u0159ev\u011bn\u00fdch pec\u00ed.<\/p><p>Jejich um\u011bn\u00ed se d\u011bd\u00ed z generace na generaci. Pr\u00e1ce u otev\u0159en\u00e9ho ohn\u011b je n\u00e1ro\u010dn\u00e1 a vy\u017eaduje velk\u00e9 mistrovstv\u00ed. To, \u017ee toto \u0159emeslo p\u0159etrv\u00e1v\u00e1 i p\u0159es pr\u016fmyslovou konkurenci, ukazuje, jak\u00fd kulturn\u00ed v\u00fdznam m\u00e1 Nazar Boncu\u011fu v Turecku.<\/p>\t\t\t\t\t\t\t\t<\/div>\n\t\t\t\t<\/div>\n\t\t\t\t\t<\/div>\n\t\t\t\t<\/div>\n\t\t<div class=\"elementor-element elementor-element-iwgs-nazar-s4 e-flex e-con-boxed e-con e-parent\" data-id=\"iwgs-nazar-s4\" data-element_type=\"container\" data-e-type=\"container\">\n\t\t\t\t\t<div class=\"e-con-inner\">\n\t\t\t\t<div class=\"elementor-element elementor-element-iwgs-nazar-s4h elementor-widget elementor-widget-heading\" data-id=\"iwgs-nazar-s4h\" data-element_type=\"widget\" data-e-type=\"widget\" data-widget_type=\"heading.default\">\n\t\t\t\t\t<h2 class=\"elementor-heading-title elementor-size-default\">Pro\u010d modr\u00e1 barva<\/h2>\t\t\t\t<\/div>\n\t\t<div class=\"elementor-element elementor-element-iwgs-nazar-s4box e-con-full e-flex e-con e-parent\" data-id=\"iwgs-nazar-s4box\" data-element_type=\"container\" data-e-type=\"container\">\n\t\t\t\t<div class=\"elementor-element elementor-element-iwgs-nazar-s4t elementor-widget elementor-widget-text-editor\" data-id=\"iwgs-nazar-s4t\" data-element_type=\"widget\" data-e-type=\"widget\" data-widget_type=\"text-editor.default\">\n\t\t\t\t\t\t\t\t\t<p>Modr\u00e1 barva nen\u00ed n\u00e1hoda. Ve v\u00fdchodn\u00edm St\u0159edomo\u0159\u00ed a v P\u0159edn\u00ed Asii jsou modr\u00e9 o\u010di vz\u00e1cn\u00e9, a pr\u00e1v\u011b vz\u00e1cn\u00e9mu, sv\u011btl\u00e9mu pohledu byla tradi\u010dn\u011b p\u0159isuzov\u00e1na zvl\u00e1\u0161tn\u00ed s\u00edla. Modr\u00e9 sklen\u011bn\u00e9 oko tuto p\u0159edstavu p\u0159ej\u00edm\u00e1 a obrac\u00ed ji na ochranu.<\/p><p>Krom\u011b toho je modr\u00e1 v mnoha kultur\u00e1ch tohoto regionu pova\u017eov\u00e1na za ochrannou barvu. Spojuje se s vodou a nebem a je d\u00e1v\u00e1na do souvislosti s odh\u00e1n\u011bn\u00edm ne\u0161t\u011bst\u00ed. Modr\u00e1 barva na dve\u0159\u00edch, okenn\u00edch r\u00e1mech a p\u0159edm\u011btech je jako ochrann\u00fd prost\u0159edek roz\u0161\u00ed\u0159en\u00e1 po cel\u00e9m St\u0159edomo\u0159\u00ed.<\/p><p>V Nazar Boncu\u011fu se ob\u011b linie setk\u00e1vaj\u00ed. Barva odkazuje na jako mocn\u00fd poci\u0165ovan\u00fd sv\u011btl\u00fd pohled a z\u00e1rove\u0148 stoj\u00ed v obecn\u00e9 tradici ochrann\u00e9 modr\u00e9 barvy. P\u0159edm\u011bt tak spojuje dv\u011b p\u0159edstavy v jednom jedin\u00e9m, snadno zapamatovateln\u00e9m obrazu.<\/p><p>Ochrannou s\u00edlu modr\u00e9 barvy lze pozorovat v cel\u00e9m St\u0159edomo\u0159\u00ed. Mod\u0159e nat\u0159en\u00e9 dve\u0159e, okenice a rohy dom\u016f maj\u00ed odh\u00e1n\u011bt ne\u0161t\u011bst\u00ed a i z\u00e1\u0159iv\u00e9 modr\u00e9 barv\u011b star\u00fdch glazur byl p\u0159isuzov\u00e1n odvracuj\u00edc\u00ed \u00fa\u010dinek.<\/p><p>Ji\u017e star\u00fd Egypt znal sytou modrou jako barvu \u017eivota. Nazar Boncu\u011fu stoj\u00ed v t\u00e9to dlouh\u00e9 linii. Jeho barva nen\u00ed ozdobou, ale sou\u010d\u00e1st\u00ed ochrann\u00e9 p\u0159edstavy, j\u00ed\u017e p\u0159edm\u011bt vd\u011b\u010d\u00ed za sv\u016fj \u00fa\u010dinek.<\/p>\t\t\t\t\t\t\t\t<\/div>\n\t\t\t\t<\/div>\n\t\t\t\t\t<\/div>\n\t\t\t\t<\/div>\n\t\t<div class=\"elementor-element elementor-element-iwgs-nazar-s5 e-flex e-con-boxed e-con e-parent\" data-id=\"iwgs-nazar-s5\" data-element_type=\"container\" data-e-type=\"container\">\n\t\t\t\t\t<div class=\"e-con-inner\">\n\t\t\t\t<div class=\"elementor-element elementor-element-iwgs-nazar-s5h elementor-widget elementor-widget-heading\" data-id=\"iwgs-nazar-s5h\" data-element_type=\"widget\" data-e-type=\"widget\" data-widget_type=\"heading.default\">\n\t\t\t\t\t<h2 class=\"elementor-heading-title elementor-size-default\">Pou\u017eit\u00ed v ka\u017edodenn\u00edm \u017eivot\u011b<\/h2>\t\t\t\t<\/div>\n\t\t<div class=\"elementor-element elementor-element-iwgs-nazar-s5box e-con-full e-flex e-con e-parent\" data-id=\"iwgs-nazar-s5box\" data-element_type=\"container\" data-e-type=\"container\">\n\t\t\t\t<div class=\"elementor-element elementor-element-iwgs-nazar-s5t elementor-widget elementor-widget-text-editor\" data-id=\"iwgs-nazar-s5t\" data-element_type=\"widget\" data-e-type=\"widget\" data-widget_type=\"text-editor.default\">\n\t\t\t\t\t\t\t\t\t<p>Nazar Boncu\u011fu se v ka\u017edodenn\u00edm \u017eivot\u011b setk\u00e1v\u00e1me na mnoha m\u00edstech. Vis\u00ed na domovn\u00edch dve\u0159\u00edch a ve vchodech dom\u016f, je um\u00edst\u011bno ve vozidlech a nach\u00e1z\u00ed se na pracovi\u0161t\u00edch a v obchodech. V\u0161ude tam vyzna\u010duje pr\u00e1h nebo m\u00edsto, kter\u00e9 m\u00e1 b\u00fdt chr\u00e1n\u011bno.<\/p><p>Zvl\u00e1\u0161t\u011b d\u016fle\u017eit\u00e1 je ochrana d\u011bt\u00ed. Novorozenc\u016fm a mal\u00fdm d\u011btem se modr\u00e9 oko p\u0159ipev\u0148uje na oble\u010den\u00ed nebo se nos\u00ed jako n\u00e1ramek. I nev\u011bsty, zv\u00ed\u0159ata a nov\u00e9 domy se opat\u0159uj\u00ed Nazar Boncu\u011fu, proto\u017ee jsou pova\u017eov\u00e1ny za zvl\u00e1\u0161t\u011b ohro\u017een\u00e9.<\/p><p>Roz\u0161\u00ed\u0159en\u00e1 p\u0159edstava \u0159\u00edk\u00e1, \u017ee sklen\u011bn\u00e9 oko se rozbije, jakmile zachyt\u00ed siln\u00fd zl\u00fd pohled. Prasknut\u00ed je pak znamen\u00edm, \u017ee p\u0159edm\u011bt splnil sv\u016fj \u00fakol. Rozbit\u00fd kus se nahrad\u00ed a ochrana za\u010d\u00edn\u00e1 znovu.<\/p><p>Nazar Boncu\u011fu je tak\u00e9 obl\u00edben\u00fdm d\u00e1rkem. K narozen\u00ed d\u00edt\u011bte, ke svatb\u011b nebo k nast\u011bhov\u00e1n\u00ed do nov\u00e9ho domu se p\u0159ed\u00e1v\u00e1 a vyjad\u0159uje t\u00edm p\u0159\u00e1n\u00ed ochrany a blaha.<\/p><p>Novorozenc\u016fm se \u010dasto kombinuje se zlatem, nap\u0159\u00edklad jako mal\u00fd p\u0159\u00edv\u011bsek na n\u00e1ramku. V tomto spojen\u00ed ochrann\u00e9 my\u0161lenky a daru se ukazuje, \u017ee p\u0159edm\u011bt nejen odvrac\u00ed zlo, ale tak\u00e9 zviditel\u0148uje soci\u00e1ln\u00ed vztahy a p\u00e9\u010di.<\/p>\t\t\t\t\t\t\t\t<\/div>\n\t\t\t\t<\/div>\n\t\t\t\t\t<\/div>\n\t\t\t\t<\/div>\n\t\t<div class=\"elementor-element elementor-element-iwgs-nazar-s6 e-flex e-con-boxed e-con e-parent\" data-id=\"iwgs-nazar-s6\" data-element_type=\"container\" data-e-type=\"container\">\n\t\t\t\t\t<div class=\"e-con-inner\">\n\t\t\t\t<div class=\"elementor-element elementor-element-iwgs-nazar-s6h elementor-widget elementor-widget-heading\" data-id=\"iwgs-nazar-s6h\" data-element_type=\"widget\" data-e-type=\"widget\" data-widget_type=\"heading.default\">\n\t\t\t\t\t<h2 class=\"elementor-heading-title elementor-size-default\">Princip p\u016fsoben\u00ed: zachycen\u00fd pohled<\/h2>\t\t\t\t<\/div>\n\t\t<div class=\"elementor-element elementor-element-iwgs-nazar-s6box e-con-full e-flex e-con e-parent\" data-id=\"iwgs-nazar-s6box\" data-element_type=\"container\" data-e-type=\"container\">\n\t\t\t\t<div class=\"elementor-element elementor-element-iwgs-nazar-s6t elementor-widget elementor-widget-text-editor\" data-id=\"iwgs-nazar-s6t\" data-element_type=\"widget\" data-e-type=\"widget\" data-widget_type=\"text-editor.default\">\n\t\t\t\t\t\t\t\t\t<p>Nazar Boncu\u011fu p\u016fsob\u00ed podle jasn\u00e9ho principu. Postav\u00ed proti nebezpe\u010dn\u00e9mu pohledu vlastn\u00ed oko a p\u0159it\u00e1hne \u0161kodlivou pozornost na sebe. Zl\u00fd pohled se m\u00edsto chr\u00e1n\u011bn\u00e9ho d\u00edt\u011bte nebo chr\u00e1n\u011bn\u00e9ho m\u00edsta zam\u011b\u0159\u00ed na v\u00fdrazn\u00e9 modr\u00e9 oko.<\/p><p>P\u0159edm\u011bt tak funguje jako rozpt\u00fdlen\u00ed a z\u00e1rove\u0148 jako zachycovac\u00ed m\u00edsto. Jeho z\u00e1\u0159iv\u00e1 barva a jasn\u00fd tvar p\u0159i tom nejsou ozdobou, n\u00fdbr\u017e sou\u010d\u00e1st\u00ed \u00fa\u010dinku. Oko m\u00e1 vstoupit do zorn\u00e9ho pole a upoutat pozornost d\u0159\u00edv, ne\u017e m\u016f\u017ee zp\u016fsobit \u0161kodu.<\/p><p>Tento princip zachycuj\u00edc\u00edho protiobrazu spojuje Nazar Boncu\u011fu s dal\u0161\u00edmi ochrann\u00fdmi p\u0159edm\u011bty St\u0159edomo\u0159\u00ed, nap\u0159\u00edklad s <a href=\"https:\/\/iwell-guard.com\/cs\/hamsa\/\">Hamsou<\/a>. I ona \u010dasto nese oko a \u0159\u00edd\u00ed se my\u0161lenkou postavit proti \u0161kodliv\u00e9mu pohledu vlastn\u00ed pohled.<\/p><p>T\u00edm se Nazar Boncu\u011fu li\u0161\u00ed od ochrann\u00fdch p\u0159edm\u011bt\u016f, kter\u00e9 p\u016fsob\u00ed zastra\u0161en\u00edm. D\u011bsiv\u00fd obraz jako Gorgoneion m\u00e1 \u00fato\u010dn\u00edka zahnat zp\u011bt. Modr\u00e9 oko naopak p\u016fsob\u00ed p\u0159ita\u017elivost\u00ed.<\/p><p>P\u0159itahuje pohled k sob\u011b a zachycuje ho, m\u00edsto aby ho odvracelo. Ob\u011b cesty pat\u0159\u00ed do sv\u011bta <span class=\"iwg-fachbegriff\" data-tooltip=\"Mno\u017en\u00e9 \u010d\u00edslo od apotropaikon: p\u0159edm\u011bty a znaky, kter\u00e9 maj\u00ed odvracet ne\u0161t\u011bst\u00ed.\" tabindex=\"0\">apotropaik<\/span>, p\u0159esto se \u0159\u00edd\u00ed opa\u010dn\u00fdmi pohyby. Pochopen\u00ed tohoto rozd\u00edlu pom\u00e1h\u00e1 uspo\u0159\u00e1dat velkou rodinu ochrann\u00fdch p\u0159edm\u011bt\u016f podle zp\u016fsobu jejich p\u016fsoben\u00ed.<\/p>\t\t\t\t\t\t\t\t<\/div>\n\t\t\t\t<\/div>\n\t\t\t\t\t<\/div>\n\t\t\t\t<\/div>\n\t\t<div class=\"elementor-element elementor-element-iwgs-nazar-s7 e-flex e-con-boxed e-con e-parent\" data-id=\"iwgs-nazar-s7\" data-element_type=\"container\" data-e-type=\"container\">\n\t\t\t\t\t<div class=\"e-con-inner\">\n\t\t\t\t<div class=\"elementor-element elementor-element-iwgs-nazar-s7h elementor-widget elementor-widget-heading\" data-id=\"iwgs-nazar-s7h\" data-element_type=\"widget\" data-e-type=\"widget\" data-widget_type=\"heading.default\">\n\t\t\t\t\t<h2 class=\"elementor-heading-title elementor-size-default\">Nazar v n\u00e1bo\u017eenstv\u00ed a regionu<\/h2>\t\t\t\t<\/div>\n\t\t<div class=\"elementor-element elementor-element-iwgs-nazar-s7box e-con-full e-flex e-con e-parent\" data-id=\"iwgs-nazar-s7box\" data-element_type=\"container\" data-e-type=\"container\">\n\t\t\t\t<div class=\"elementor-element elementor-element-iwgs-nazar-s7t elementor-widget elementor-widget-text-editor\" data-id=\"iwgs-nazar-s7t\" data-element_type=\"widget\" data-e-type=\"widget\" data-widget_type=\"text-editor.default\">\n\t\t\t\t\t\t\t\t\t<p>V\u00edra v zl\u00e9 oko je v <a href=\"https:\/\/iwell-guard.com\/cs\/islam\/\">isl\u00e1mu<\/a> zn\u00e1m\u00e1 a uzn\u00e1van\u00e1. Isl\u00e1msk\u00e1 <span class=\"iwg-fachbegriff\" data-tooltip=\"P\u0159ed\u00e1v\u00e1n\u00ed v\u011bd\u011bn\u00ed a vypr\u00e1v\u011bn\u00ed nap\u0159\u00ed\u010d generacemi.\" tabindex=\"0\">tradice<\/span> zn\u00e1 \u0161kodliv\u00fd pohled a doporu\u010duje ochranu prost\u0159ednictv\u00edm <span class=\"iwg-fachbegriff\" data-tooltip=\"Jazykov\u00e9 obr\u00e1cen\u00ed \u010dlov\u011bka k bo\u017estvu.\" tabindex=\"0\">modlitby<\/span> a <span class=\"iwg-fachbegriff\" data-tooltip=\"Prosebn\u00e9 nebo vz\u00fdvaj\u00edc\u00ed osloven\u00ed bo\u017estva \u010di moci.\" tabindex=\"0\">vz\u00fdv\u00e1n\u00ed<\/span> Boha. Nazar Boncu\u011fu stoj\u00ed vedle t\u00e9to n\u00e1bo\u017eensk\u00e9 praxe jako lidov\u00e9 ochrann\u00e9 prost\u0159ed\u00ed.<\/p><p>Zl\u00e9 oko v\u0161ak nen\u00ed omezeno na jedno n\u00e1bo\u017eenstv\u00ed. Tato p\u0159edstava je roz\u0161\u00ed\u0159en\u00e1 v cel\u00e9m st\u0159edomo\u0159sk\u00e9m prostoru, v k\u0159es\u0165ansk\u00e9m, \u017eidovsk\u00e9m i isl\u00e1msk\u00e9m prost\u0159ed\u00ed. Modr\u00e9 sklen\u011bn\u00e9 oko tak pou\u017e\u00edvaj\u00ed lid\u00e9 r\u016fzn\u00e9ho n\u00e1bo\u017eensk\u00e9ho vyzn\u00e1n\u00ed.<\/p><p>Tato \u0161\u00ed\u0159e d\u011bl\u00e1 z Nazar Boncu\u011fu spojuj\u00edc\u00ed p\u0159edm\u011bt. Nepat\u0159\u00ed jednomu n\u00e1bo\u017eensk\u00e9mu spole\u010denstv\u00ed, ale cel\u00e9mu regionu. V tom spo\u010d\u00edv\u00e1 d\u016fle\u017eit\u00fd rozd\u00edl oproti ochrann\u00fdm znamen\u00edm, kter\u00e1 jsou \u00fazce v\u00e1z\u00e1na na ur\u010dit\u00e9 n\u00e1bo\u017eenstv\u00ed.<\/p><p>Isl\u00e1msk\u00e1 <span class=\"iwg-fachbegriff\" data-tooltip=\"P\u0159ed\u00e1v\u00e1n\u00ed v\u011bd\u011bn\u00ed a vypr\u00e1v\u011bn\u00ed nap\u0159\u00ed\u010d generacemi.\" tabindex=\"0\">tradice<\/span> v\u00fdslovn\u011b uzn\u00e1v\u00e1 realitu zl\u00e9ho pohledu. Z\u00e1rove\u0148 mezi u\u010denci trv\u00e1 diskuse o tom, jak\u00e9 ochrann\u00e9 prost\u0159edky jsou vhodn\u00e9.<\/p><p>N\u011bkte\u0159\u00ed zd\u016fraz\u0148uj\u00ed <span class=\"iwg-fachbegriff\" data-tooltip=\"Jazykov\u00e9 obr\u00e1cen\u00ed \u010dlov\u011bka k bo\u017estvu.\" tabindex=\"0\">modlitbu<\/span> a <span class=\"iwg-fachbegriff\" data-tooltip=\"Prosebn\u00e9 nebo vz\u00fdvaj\u00edc\u00ed osloven\u00ed bo\u017estva \u010di moci.\" tabindex=\"0\">vz\u00fdv\u00e1n\u00ed<\/span> Boha a jsou zdr\u017eenliv\u00ed v\u016f\u010di nosen\u00fdm amulet\u016fm, jin\u00ed je p\u0159ipou\u0161t\u011bj\u00ed. Podobn\u00e9 \u00favahy zn\u00e1 i judaismus. Nazar Boncu\u011fu se tak pohybuje na poli mezi lidovou prax\u00ed a n\u00e1bo\u017eenskou naukou, co\u017e je nap\u011bt\u00ed, kter\u00e9 doprov\u00e1z\u00ed mnoho ochrann\u00fdch p\u0159edm\u011bt\u016f.<\/p>\t\t\t\t\t\t\t\t<\/div>\n\t\t\t\t<\/div>\n\t\t\t\t\t<\/div>\n\t\t\t\t<\/div>\n\t\t<div class=\"elementor-element elementor-element-iwgs-nazar-s8 e-flex e-con-boxed e-con e-parent\" data-id=\"iwgs-nazar-s8\" data-element_type=\"container\" data-e-type=\"container\">\n\t\t\t\t\t<div class=\"e-con-inner\">\n\t\t\t\t<div class=\"elementor-element elementor-element-iwgs-nazar-s8h elementor-widget elementor-widget-heading\" data-id=\"iwgs-nazar-s8h\" data-element_type=\"widget\" data-e-type=\"widget\" data-widget_type=\"heading.default\">\n\t\t\t\t\t<h2 class=\"elementor-heading-title elementor-size-default\">Sou\u010dasn\u00e9 vn\u00edm\u00e1n\u00ed a celosv\u011btov\u00e9 roz\u0161\u00ed\u0159en\u00ed<\/h2>\t\t\t\t<\/div>\n\t\t<div class=\"elementor-element elementor-element-iwgs-nazar-s8box e-con-full e-flex e-con e-parent\" data-id=\"iwgs-nazar-s8box\" data-element_type=\"container\" data-e-type=\"container\">\n\t\t\t\t<div class=\"elementor-element elementor-element-iwgs-nazar-s8t elementor-widget elementor-widget-text-editor\" data-id=\"iwgs-nazar-s8t\" data-element_type=\"widget\" data-e-type=\"widget\" data-widget_type=\"text-editor.default\">\n\t\t\t\t\t\t\t\t\t<p>Nazar Boncu\u011fu se v posledn\u00edch desetilet\u00edch roz\u0161\u00ed\u0159ilo po cel\u00e9m sv\u011bt\u011b. Jako p\u0159\u00edv\u011bsek, n\u00e1ramek i n\u00e1st\u011bnn\u00e1 dekorace se dnes nos\u00ed a prod\u00e1v\u00e1 v mnoha zem\u00edch, \u010dasto bez p\u0159esn\u00e9 znalosti jeho p\u016fvodu. Modr\u00e9 oko se stalo mezin\u00e1rodn\u011b zn\u00e1m\u00fdm <span class=\"iwg-fachbegriff\" data-tooltip=\"Opakuj\u00edc\u00ed se obsahov\u00fd prvek v um\u011bn\u00ed nebo vypr\u00e1v\u011bn\u00ed.\" tabindex=\"0\">motivem<\/span>.<\/p><p>V m\u00f3d\u011b a designu se motiv oka objevuje \u010dasto a pronikl i do obrazov\u00fdch znak\u016f digit\u00e1ln\u00ed komunikace. P\u0159itom se posouv\u00e1 jeho v\u00fdznam. Z ochrann\u00e9ho p\u0159edm\u011btu s jasnou funkc\u00ed se m\u00edsty st\u00e1v\u00e1 dekorativn\u00ed symbol.<\/p><p>Ve st\u0159edomo\u0159sk\u00e9m prostoru samotn\u00e9m je p\u016fvodn\u00ed v\u00fdznam naopak st\u00e1le \u017eiv\u00fd. Nazar Boncu\u011fu tam z\u016fst\u00e1v\u00e1 p\u0159edm\u011btem, kter\u00fd v ka\u017edodenn\u00edm \u017eivot\u011b zviditel\u0148uje v\u00edru ve zl\u00e9 oko a p\u0159\u00e1n\u00ed ochrany. Je tak p\u0159\u00edkladem ochrann\u00e9 tradice, kter\u00e1 nep\u0159etr\u017eit\u011b trv\u00e1.<\/p><p>V Turecku je v\u00fdroba sklen\u011bn\u00fdch kor\u00e1lk\u016f dnes udr\u017eov\u00e1na a podporov\u00e1na jako kulturn\u00ed d\u011bdictv\u00ed. Z\u00e1rove\u0148 se modr\u00e9 oko stalo neform\u00e1ln\u00edm symbolem, kter\u00fd si s touto zem\u00ed spojuje mnoho cestovatel\u016f.<\/p><p>V mezin\u00e1rodn\u00ed m\u00f3d\u011b se motiv oka objevuje na \u0161perk\u00e1ch a oble\u010den\u00ed, \u010dasto odpoutan\u00fd od sv\u00e9ho p\u016fvodn\u00edho v\u00fdznamu. Tato dvoj\u00ed existence, jako v\u00e1\u017en\u011b bran\u00fd ochrann\u00fd p\u0159edm\u011bt a jako m\u00f3dn\u00ed znak, je typick\u00e1 pro mnoho tradi\u010dn\u00edch amulet\u016f, kter\u00e9 p\u0159e\u0161ly do glob\u00e1ln\u00edho obrazov\u00e9ho jazyka.<\/p>\t\t\t\t\t\t\t\t<\/div>\n\t\t\t\t<\/div>\n\t\t\t\t\t<\/div>\n\t\t\t\t<\/div>\n\t\t<div class=\"elementor-element elementor-element-iwgs-nazar-lit e-flex e-con-boxed e-con e-parent\" data-id=\"iwgs-nazar-lit\" data-element_type=\"container\" data-e-type=\"container\">\n\t\t\t\t\t<div class=\"e-con-inner\">\n\t\t\t\t<div class=\"elementor-element elementor-element-iwgs-nazar-lith elementor-widget elementor-widget-heading\" data-id=\"iwgs-nazar-lith\" data-element_type=\"widget\" data-e-type=\"widget\" data-widget_type=\"heading.default\">\n\t\t\t\t\t<h2 class=\"elementor-heading-title elementor-size-default\">Literatura (v\u00fdb\u011br)<\/h2>\t\t\t\t<\/div>\n\t\t<div class=\"elementor-element elementor-element-iwgs-nazar-litbox e-con-full e-flex e-con e-parent\" data-id=\"iwgs-nazar-litbox\" data-element_type=\"container\" data-e-type=\"container\">\n\t\t\t\t<div class=\"elementor-element elementor-element-iwgs-nazar-litt elementor-widget elementor-widget-html\" data-id=\"iwgs-nazar-litt\" data-element_type=\"widget\" data-e-type=\"widget\" data-widget_type=\"html.default\">\n\t\t\t\t\t<footer data-nosnippet=\"true\"><ul><li>Alan Dundes (Hrsg.): <em>The Evil Eye. A Casebook<\/em> (1981)<\/li><li>Frederick Thomas Elworthy: <em>The Evil Eye<\/em> (1895)<\/li><li>Siegfried Seligmann: <em>Der b\u00f6se Blick und Verwandtes<\/em> (1910)<\/li><li>Nils Bring\u00e9us: <em>Volkst\u00fcmliche Bilderkunde<\/em> (1982)<\/li><li>Birgit Heller: <em>Religion und Geschlecht im Mittelmeerraum<\/em> (2003)<\/li><\/ul><\/footer>\t\t\t\t<\/div>\n\t\t\t\t<\/div>\n\t\t\t\t\t<\/div>\n\t\t\t\t<\/div>\n\t\t<div class=\"elementor-element elementor-element-iwgs-nazar-kwd e-flex e-con-boxed e-con e-parent\" data-id=\"iwgs-nazar-kwd\" data-element_type=\"container\" data-e-type=\"container\">\n\t\t\t\t\t<div class=\"e-con-inner\">\n\t\t\t\t<div class=\"elementor-element elementor-element-iwgs-nazar-kwdt elementor-widget elementor-widget-text-editor\" data-id=\"iwgs-nazar-kwdt\" data-element_type=\"widget\" data-e-type=\"widget\" data-widget_type=\"text-editor.default\">\n\t\t\t\t\t\t\t\t\t<p><em>Souvisej\u00edc\u00ed kl\u00ed\u010dov\u00e9 pojmy: Nazar Boncu\u011fu <span class=\"iwg-fachbegriff\" data-tooltip=\"Roz\u0161\u00ed\u0159en\u00e1 p\u0159edstava, \u017ee z\u00e1vistiv\u00fd pohled jin\u00e9 osoby m\u016f\u017ee zp\u016fsobit \u0161kodu.\" tabindex=\"0\">zl\u00e9 oko<\/span> modr\u00e9 sklen\u011bn\u00e9 oko <span class=\"iwg-fachbegriff\" data-tooltip=\"Religionistick\u00fd pojem pro p\u0159edm\u011bt nebo znak s funkc\u00ed odvracen\u00ed ne\u0161t\u011bst\u00ed.\" tabindex=\"0\">apotropaikon<\/span> Turecko sklen\u011bn\u00fd kor\u00e1lek St\u0159edomo\u0159\u00ed z\u00e1vist.<\/em><\/p>\t\t\t\t\t\t\t\t<\/div>\n\t\t\t\t\t<\/div>\n\t\t\t\t<\/div>\n\t\t<div class=\"elementor-element elementor-element-iwgs-nazar-cc e-flex e-con-boxed e-con e-parent\" data-id=\"iwgs-nazar-cc\" data-element_type=\"container\" data-e-type=\"container\" id=\"iwg-cc-nazar\">\n\t\t\t\t\t<div class=\"e-con-inner\">\n\t\t<div class=\"elementor-element elementor-element-iwgs-nazar-ccinner e-flex e-con-boxed e-con e-parent\" data-id=\"iwgs-nazar-ccinner\" data-element_type=\"container\" data-e-type=\"container\" data-settings=\"{&quot;background_background&quot;:&quot;classic&quot;}\">\n\t\t\t\t\t<div class=\"e-con-inner\">\n\t\t\t\t<div class=\"elementor-element elementor-element-iwgs-nazar-cch elementor-widget elementor-widget-heading\" data-id=\"iwgs-nazar-cch\" data-element_type=\"widget\" data-e-type=\"widget\" data-widget_type=\"heading.default\">\n\t\t\t\t\t<h2 class=\"elementor-heading-title elementor-size-default\">iWell Guard a ochrann\u00e9 tradice<\/h2>\t\t\t\t<\/div>\n\t\t\t\t<div class=\"elementor-element elementor-element-iwgs-nazar-cct elementor-widget elementor-widget-text-editor\" data-id=\"iwgs-nazar-cct\" data-element_type=\"widget\" data-e-type=\"widget\" data-widget_type=\"text-editor.default\">\n\t\t\t\t\t\t\t\t\t<p>iWell Guard navazuje na kulturn\u011b-historickou linii nositeln\u00fdch ochrann\u00fdch p\u0159edm\u011bt\u016f, k n\u00ed\u017e pat\u0159\u00ed i Nazar Boncu\u011fu. Modern\u00ed spole\u010dn\u00edk pro lidi, kte\u0159\u00ed \u017eij\u00ed s ochrann\u00fdmi symboly: vyrobeno v N\u011bmecku, 41 vrstev z ryz\u00edho zlata, platiny a st\u0159\u00edbra, s 30denn\u00ed lh\u016ftou na vr\u00e1cen\u00ed.<\/p>\t\t\t\t\t\t\t\t<\/div>\n\t\t\t\t<div class=\"elementor-element elementor-element-iwgs-nazar-ccb iwg-cc-button iwg-cc-cta-2026-05-13 elementor-widget elementor-widget-jet-button\" data-id=\"iwgs-nazar-ccb\" data-element_type=\"widget\" data-e-type=\"widget\" data-widget_type=\"jet-button.default\">\n\t\t\t\t<div class=\"elementor-widget-container\">\n\t\t\t\t\t<div class=\"elementor-jet-button jet-elements\"><div class=\"jet-button__container\"><a class=\"jet-button__instance jet-button__instance--icon-left hover-effect-1\" href=\"\/schutzanhaenger-iwell-guard-kaufen\/?utm_source=iwell-guard.com&amp;utm_medium=info-box&amp;utm_campaign=schutzsymbole\"><div class=\"jet-button__plane jet-button__plane-normal\"><\/div><div class=\"jet-button__plane jet-button__plane-hover\"><\/div><div class=\"jet-button__state jet-button__state-normal\"><span class=\"jet-button__label\">V\u00edce o iWell Guard<\/span><\/div><div class=\"jet-button__state jet-button__state-hover\"><span class=\"jet-button__label\">V\u00edce o iWell Guard<\/span><\/div><\/a><\/div><\/div><style>.elementor-element.elementor-element-iwgs-nazar-ccb .jet-button__instance{width:320px;height:56px;}.elementor-element.elementor-element-iwgs-nazar-ccb .jet-button__state-normal .jet-button__label{text-align:center;margin:0px 0px 0px 0px;color:#1a1b20;font-family:Montserrat,sans-serif;font-size:13px;font-weight:400;letter-spacing:4px;line-height:1.714em;text-transform:uppercase;}.elementor-element.elementor-element-iwgs-nazar-ccb .jet-button__state-hover .jet-button__label{text-align:center;margin:0px 0px 0px 0px;color:#FECC76;font-family:Montserrat,sans-serif;font-size:13px;font-weight:400;letter-spacing:4px;line-height:1.714em;text-transform:uppercase;}.elementor-element.elementor-element-iwgs-nazar-ccb .jet-button__plane-normal{background-color:#FECC76;border-style:solid;border-color:#C99540;border-width:2px 2px 2px 2px;}.elementor-element.elementor-element-iwgs-nazar-ccb .jet-button__plane-hover{background-color:rgba(0,0,0,0.55);border-style:solid;border-color:#FECC76;border-width:2px 2px 2px 2px;}<\/style>\t\t\t\t<\/div>\n\t\t\t\t<\/div>\n\t\t\t\t<div class=\"elementor-element elementor-element-iwgs-nazar-ccd elementor-widget elementor-widget-text-editor\" data-id=\"iwgs-nazar-ccd\" data-element_type=\"widget\" data-e-type=\"widget\" data-widget_type=\"text-editor.default\">\n\t\t\t\t\t\t\t\t\t<p style=\"text-align:center;font-size:13px;opacity:0.7;margin-top:14px\" data-nosnippet=\"true\">Osobn\u00ed zku\u0161enosti se mohou li\u0161it. Nejde o zdravotnick\u00fd prost\u0159edek. Nejde o p\u0159\u00edslib l\u00e9\u010den\u00ed.<\/p>\t\t\t\t\t\t\t\t<\/div>\n\t\t\t\t\t<\/div>\n\t\t\t\t<\/div>\n\t\t\t\t\t<\/div>\n\t\t\t\t<\/div>\n\t\t<div class=\"elementor-element elementor-element-iwgs-nazar-disc e-flex e-con-boxed e-con e-parent\" data-id=\"iwgs-nazar-disc\" data-element_type=\"container\" data-e-type=\"container\">\n\t\t\t\t\t<div class=\"e-con-inner\">\n\t\t\t\t<div class=\"elementor-element elementor-element-iwgs-nazar-discw elementor-widget elementor-widget-html\" data-id=\"iwgs-nazar-discw\" data-element_type=\"widget\" data-e-type=\"widget\" data-widget_type=\"html.default\">\n\t\t\t\t\t<footer data-nosnippet=\"true\" class=\"iwg-disclaimer-block\"><p data-nosnippet=\"true\">iWell Guard <strong>nen\u00ed zdravotnick\u00fd prost\u0159edek<\/strong> a nenahrazuje l\u00e9ka\u0159skou ani psychoterapeutickou l\u00e9\u010dbu. Zde uveden\u00fd obsah p\u0159edstavuje religionistick\u00e9 a kulturn\u011b-historick\u00e9 za\u0159azen\u00ed, nikoli p\u0159\u00edslib duchovn\u00edho \u00fa\u010dinku.<\/p><\/footer>\t\t\t\t<\/div>\n\t\t\t\t\t<\/div>\n\t\t\t\t<\/div>\n\t\t\t\t<\/div>\n\t\t","protected":false},"excerpt":{"rendered":"","protected":false},"author":3,"featured_media":3438,"parent":0,"menu_order":0,"comment_status":"closed","ping_status":"closed","template":"elementor_header_footer","meta":{"_yoast_wpseo_focuskw":"Nazar Boncu\u011fu","_yoast_wpseo_title":"Nazar Boncu\u011fu \u2013 modr\u00e9 ochrann\u00e9 oko","_yoast_wpseo_metadesc":"Nazar Boncu\u011fu, modr\u00e9 sklen\u011bn\u00e9 oko, je ve St\u0159edomo\u0159\u00ed pova\u017eov\u00e1no za ochranu proti u\u0159knut\u00ed. Vysv\u011btlen\u00ed p\u016fvodu, v\u00fdroby a pou\u017eit\u00ed.","_yoast_wpseo_meta-robots-noindex":"","_yoast_wpseo_canonical":"","_angie_page":false,"gefaehrdungsstufe":"","wesen_kultur":"","wesen_klasse":"","footnotes":""},"categories":[],"class_list":["post-145652","page","type-page","status-publish","has-post-thumbnail","hentry"],"yoast_head":"<!-- This site is optimized with the Yoast SEO Premium plugin v27.7 (Yoast SEO v28.3) - https:\/\/yoast.com\/product\/yoast-seo-premium-wordpress\/ -->\n<title>Nazar Boncu\u011fu \u2013 modr\u00e9 ochrann\u00e9 oko<\/title>\n<meta name=\"description\" content=\"Nazar Boncu\u011fu, modr\u00e9 sklen\u011bn\u00e9 oko, je ve St\u0159edomo\u0159\u00ed pova\u017eov\u00e1no za ochranu proti u\u0159knut\u00ed. Vysv\u011btlen\u00ed p\u016fvodu, v\u00fdroby a pou\u017eit\u00ed.\" \/>\n<meta name=\"robots\" content=\"index, follow, max-snippet:-1, max-image-preview:large, max-video-preview:-1\" \/>\n<link rel=\"canonical\" href=\"https:\/\/iwell-guard.com\/cs\/nazar-boncugu-modre-ochranne-oko\/\" \/>\n<meta property=\"og:locale\" content=\"cs_CZ\" \/>\n<meta property=\"og:type\" content=\"article\" \/>\n<meta property=\"og:title\" content=\"Nazar Boncu\u011fu \u2013 modr\u00e9 ochrann\u00e9 oko proti u\u0159knut\u00ed\" \/>\n<meta property=\"og:description\" content=\"Nazar Boncu\u011fu, modr\u00e9 sklen\u011bn\u00e9 oko, je ve St\u0159edomo\u0159\u00ed pova\u017eov\u00e1no za ochranu proti u\u0159knut\u00ed. Vysv\u011btlen\u00ed p\u016fvodu, v\u00fdroby a pou\u017eit\u00ed.\" \/>\n<meta property=\"og:url\" content=\"https:\/\/iwell-guard.com\/cs\/nazar-boncugu-modre-ochranne-oko\/\" \/>\n<meta property=\"og:site_name\" content=\"iWell Guard\" \/>\n<meta property=\"article:modified_time\" content=\"2026-09-03T17:02:01+00:00\" \/>\n<meta property=\"og:image\" content=\"https:\/\/iwell-guard.com\/wp-content\/uploads\/2026\/05\/schutzsymbol_tuerkei_nazar-2.webp\" \/>\n\t<meta property=\"og:image:width\" content=\"1024\" \/>\n\t<meta property=\"og:image:height\" content=\"1536\" \/>\n\t<meta property=\"og:image:type\" content=\"image\/webp\" \/>\n<meta name=\"twitter:card\" content=\"summary_large_image\" \/>\n<script type=\"application\/ld+json\" class=\"yoast-schema-graph\">{\"@context\":\"https:\\\/\\\/schema.org\",\"@graph\":[{\"@type\":\"WebPage\",\"@id\":\"https:\\\/\\\/iwell-guard.com\\\/cs\\\/nazar-boncugu-modre-ochranne-oko\\\/\",\"url\":\"https:\\\/\\\/iwell-guard.com\\\/cs\\\/nazar-boncugu-modre-ochranne-oko\\\/\",\"name\":\"Nazar Boncu\u011fu \u2013 modr\u00e9 ochrann\u00e9 oko\",\"isPartOf\":{\"@id\":\"https:\\\/\\\/iwell-guard.com\\\/cs\\\/#website\"},\"primaryImageOfPage\":{\"@id\":\"https:\\\/\\\/iwell-guard.com\\\/cs\\\/nazar-boncugu-modre-ochranne-oko\\\/#primaryimage\"},\"image\":{\"@id\":\"https:\\\/\\\/iwell-guard.com\\\/cs\\\/nazar-boncugu-modre-ochranne-oko\\\/#primaryimage\"},\"thumbnailUrl\":\"https:\\\/\\\/iwell-guard.com\\\/wp-content\\\/uploads\\\/2026\\\/05\\\/schutzsymbol_tuerkei_nazar-2.webp\",\"datePublished\":\"2026-09-03T16:32:28+00:00\",\"dateModified\":\"2026-09-03T17:02:01+00:00\",\"description\":\"Nazar Boncu\u011fu, modr\u00e9 sklen\u011bn\u00e9 oko, je ve St\u0159edomo\u0159\u00ed pova\u017eov\u00e1no za ochranu proti u\u0159knut\u00ed. Vysv\u011btlen\u00ed p\u016fvodu, v\u00fdroby a pou\u017eit\u00ed.\",\"breadcrumb\":{\"@id\":\"https:\\\/\\\/iwell-guard.com\\\/cs\\\/nazar-boncugu-modre-ochranne-oko\\\/#breadcrumb\"},\"inLanguage\":\"cs\",\"potentialAction\":[{\"@type\":\"ReadAction\",\"target\":[\"https:\\\/\\\/iwell-guard.com\\\/cs\\\/nazar-boncugu-modre-ochranne-oko\\\/\"]}]},{\"@type\":\"ImageObject\",\"inLanguage\":\"cs\",\"@id\":\"https:\\\/\\\/iwell-guard.com\\\/cs\\\/nazar-boncugu-modre-ochranne-oko\\\/#primaryimage\",\"url\":\"https:\\\/\\\/iwell-guard.com\\\/wp-content\\\/uploads\\\/2026\\\/05\\\/schutzsymbol_tuerkei_nazar-2.webp\",\"contentUrl\":\"https:\\\/\\\/iwell-guard.com\\\/wp-content\\\/uploads\\\/2026\\\/05\\\/schutzsymbol_tuerkei_nazar-2.webp\",\"width\":1024,\"height\":1536,\"caption\":\"Ochrann\u00fd symbol. Muzejn\u00ed ilustrace z\u00e1ti\u0161\u00ed.\"},{\"@type\":\"BreadcrumbList\",\"@id\":\"https:\\\/\\\/iwell-guard.com\\\/cs\\\/nazar-boncugu-modre-ochranne-oko\\\/#breadcrumb\",\"itemListElement\":[{\"@type\":\"ListItem\",\"position\":1,\"name\":\"Start\",\"item\":\"https:\\\/\\\/iwell-guard.com\\\/cs\\\/?page_id=145107\"},{\"@type\":\"ListItem\",\"position\":2,\"name\":\"Nazar Boncu\u011fu \u2013 modr\u00e9 ochrann\u00e9 oko proti u\u0159knut\u00ed\"}]},{\"@type\":\"WebSite\",\"@id\":\"https:\\\/\\\/iwell-guard.com\\\/cs\\\/#website\",\"url\":\"https:\\\/\\\/iwell-guard.com\\\/cs\\\/\",\"name\":\"iWell Guard\",\"description\":\"Schutz vor dunklen Einfl\u00fcssen\",\"publisher\":{\"@id\":\"https:\\\/\\\/iwell-guard.com\\\/cs\\\/#organization\"},\"potentialAction\":[{\"@type\":\"SearchAction\",\"target\":{\"@type\":\"EntryPoint\",\"urlTemplate\":\"https:\\\/\\\/iwell-guard.com\\\/cs\\\/?s={search_term_string}\"},\"query-input\":{\"@type\":\"PropertyValueSpecification\",\"valueRequired\":true,\"valueName\":\"search_term_string\"}}],\"inLanguage\":\"cs\"},{\"@type\":\"Organization\",\"@id\":\"https:\\\/\\\/iwell-guard.com\\\/cs\\\/#organization\",\"name\":\"Ittermann electronic GmbH\",\"url\":\"https:\\\/\\\/iwell-guard.com\\\/cs\\\/\",\"logo\":{\"@type\":\"ImageObject\",\"inLanguage\":\"cs\",\"@id\":\"https:\\\/\\\/iwell-guard.com\\\/cs\\\/#\\\/schema\\\/logo\\\/image\\\/\",\"url\":\"https:\\\/\\\/iwell-guard.com\\\/wp-content\\\/uploads\\\/2026\\\/05\\\/Ittermann-Logo-1182x237-1.png\",\"contentUrl\":\"https:\\\/\\\/iwell-guard.com\\\/wp-content\\\/uploads\\\/2026\\\/05\\\/Ittermann-Logo-1182x237-1.png\",\"width\":1182,\"height\":237,\"caption\":\"Ittermann electronic GmbH\"},\"image\":{\"@id\":\"https:\\\/\\\/iwell-guard.com\\\/cs\\\/#\\\/schema\\\/logo\\\/image\\\/\"},\"sameAs\":[\"https:\\\/\\\/pantip.com\\\/profile\\\/9367242\",\"https:\\\/\\\/micro.blog\\\/iwellguard\",\"https:\\\/\\\/www.diggerslist.com\\\/iwellguard\\\/about\",\"https:\\\/\\\/skitterphoto.com\\\/photographers\\\/2870314\\\/iwell-guard\",\"https:\\\/\\\/iwellguard.wordpress.com\\\/2026\\\/06\\\/06\\\/iwell-guard\\\/\",\"https:\\\/\\\/hub.docker.com\\\/u\\\/iwellguard\",\"https:\\\/\\\/www.pinterest.com\\\/iwellguard\\\/\",\"https:\\\/\\\/bit.ly\\\/m\\\/iwellguard\",\"https:\\\/\\\/entre-vos-mains.alsace.eu\\\/profiles\\\/iwellguard\\\/activity\",\"https:\\\/\\\/gravatar.com\\\/reallybeded8fd34\",\"https:\\\/\\\/naijamatta.com\\\/iwellguard\",\"https:\\\/\\\/www.goodreads.com\\\/iwellguard\",\"https:\\\/\\\/profile.hatena.ne.jp\\\/iwellguard\\\/\",\"https:\\\/\\\/experiment.com\\\/users\\\/iwellguard\",\"https:\\\/\\\/wakelet.com\\\/@iWellGuard82270\",\"https:\\\/\\\/www.chordie.com\\\/forum\\\/profile.php?id=2555664\",\"https:\\\/\\\/www.instapaper.com\\\/p\\\/17757966\",\"https:\\\/\\\/www.mapleprimes.com\\\/users\\\/iwellguard\",\"https:\\\/\\\/businesslistingplus.com\\\/profile\\\/iwell-guard\\\/\",\"https:\\\/\\\/telegra.ph\\\/iWell-Guard-06-06\",\"https:\\\/\\\/pbase.com\\\/iwellguard\\\/iwellguard\",\"https:\\\/\\\/b.hatena.ne.jp\\\/iwellguard\\\/20260607#bookmark-4788405196491818882\",\"https:\\\/\\\/fliphtml5.com\\\/home\\\/iwellguard\",\"https:\\\/\\\/anyflip.com\\\/homepage\\\/cmiwl#About\",\"https:\\\/\\\/transfur.com\\\/Users\\\/iwellguard\",\"http:\\\/\\\/delphi.larsbo.org\\\/user\\\/iwellguard\",\"https:\\\/\\\/jobs.lajobsportal.org\\\/profiles\\\/8380803-iwell-guard\",\"https:\\\/\\\/md.chaosdorf.de\\\/s\\\/jfbe5SBdJD\",\"https:\\\/\\\/www.lingvolive.com\\\/en-us\\\/profile\\\/9ecaeaca-ce11-4e51-9e71-01d55e2bff36\\\/translations\",\"https:\\\/\\\/www.fitday.com\\\/fitness\\\/forums\\\/members\\\/iwellguard.html\",\"https:\\\/\\\/www.mymeetbook.com\\\/iwellguard\",\"https:\\\/\\\/pxhere.com\\\/en\\\/photographer-me\\\/5040798\",\"https:\\\/\\\/disqus.com\\\/by\\\/iwellguard\\\/about\\\/\",\"https:\\\/\\\/pastelink.net\\\/hjwciqwq\",\"https:\\\/\\\/pubhtml5.com\\\/homepage\\\/scjhn\\\/\",\"https:\\\/\\\/www.bitchute.com\\\/channel\\\/2O2eOKzNqujT\",\"https:\\\/\\\/audiomack.com\\\/iwellguard\"]}]}<\/script>\n<!-- \/ Yoast SEO Premium plugin. -->","yoast_head_json":{"title":"Nazar Boncu\u011fu \u2013 modr\u00e9 ochrann\u00e9 oko","description":"Nazar Boncu\u011fu, modr\u00e9 sklen\u011bn\u00e9 oko, je ve St\u0159edomo\u0159\u00ed pova\u017eov\u00e1no za ochranu proti u\u0159knut\u00ed. Vysv\u011btlen\u00ed p\u016fvodu, v\u00fdroby a pou\u017eit\u00ed.","robots":{"index":"index","follow":"follow","max-snippet":"max-snippet:-1","max-image-preview":"max-image-preview:large","max-video-preview":"max-video-preview:-1"},"canonical":"https:\/\/iwell-guard.com\/cs\/nazar-boncugu-modre-ochranne-oko\/","og_locale":"cs_CZ","og_type":"article","og_title":"Nazar Boncu\u011fu \u2013 modr\u00e9 ochrann\u00e9 oko proti u\u0159knut\u00ed","og_description":"Nazar Boncu\u011fu, modr\u00e9 sklen\u011bn\u00e9 oko, je ve St\u0159edomo\u0159\u00ed pova\u017eov\u00e1no za ochranu proti u\u0159knut\u00ed. Vysv\u011btlen\u00ed p\u016fvodu, v\u00fdroby a pou\u017eit\u00ed.","og_url":"https:\/\/iwell-guard.com\/cs\/nazar-boncugu-modre-ochranne-oko\/","og_site_name":"iWell Guard","article_modified_time":"2026-09-03T17:02:01+00:00","og_image":[{"width":1024,"height":1536,"url":"https:\/\/iwell-guard.com\/wp-content\/uploads\/2026\/05\/schutzsymbol_tuerkei_nazar-2.webp","type":"image\/webp"}],"twitter_card":"summary_large_image","schema":{"@context":"https:\/\/schema.org","@graph":[{"@type":"WebPage","@id":"https:\/\/iwell-guard.com\/cs\/nazar-boncugu-modre-ochranne-oko\/","url":"https:\/\/iwell-guard.com\/cs\/nazar-boncugu-modre-ochranne-oko\/","name":"Nazar Boncu\u011fu \u2013 modr\u00e9 ochrann\u00e9 oko","isPartOf":{"@id":"https:\/\/iwell-guard.com\/cs\/#website"},"primaryImageOfPage":{"@id":"https:\/\/iwell-guard.com\/cs\/nazar-boncugu-modre-ochranne-oko\/#primaryimage"},"image":{"@id":"https:\/\/iwell-guard.com\/cs\/nazar-boncugu-modre-ochranne-oko\/#primaryimage"},"thumbnailUrl":"https:\/\/iwell-guard.com\/wp-content\/uploads\/2026\/05\/schutzsymbol_tuerkei_nazar-2.webp","datePublished":"2026-09-03T16:32:28+00:00","dateModified":"2026-09-03T17:02:01+00:00","description":"Nazar Boncu\u011fu, modr\u00e9 sklen\u011bn\u00e9 oko, je ve St\u0159edomo\u0159\u00ed pova\u017eov\u00e1no za ochranu proti u\u0159knut\u00ed. Vysv\u011btlen\u00ed p\u016fvodu, v\u00fdroby a pou\u017eit\u00ed.","breadcrumb":{"@id":"https:\/\/iwell-guard.com\/cs\/nazar-boncugu-modre-ochranne-oko\/#breadcrumb"},"inLanguage":"cs","potentialAction":[{"@type":"ReadAction","target":["https:\/\/iwell-guard.com\/cs\/nazar-boncugu-modre-ochranne-oko\/"]}]},{"@type":"ImageObject","inLanguage":"cs","@id":"https:\/\/iwell-guard.com\/cs\/nazar-boncugu-modre-ochranne-oko\/#primaryimage","url":"https:\/\/iwell-guard.com\/wp-content\/uploads\/2026\/05\/schutzsymbol_tuerkei_nazar-2.webp","contentUrl":"https:\/\/iwell-guard.com\/wp-content\/uploads\/2026\/05\/schutzsymbol_tuerkei_nazar-2.webp","width":1024,"height":1536,"caption":"Ochrann\u00fd symbol. Muzejn\u00ed ilustrace z\u00e1ti\u0161\u00ed."},{"@type":"BreadcrumbList","@id":"https:\/\/iwell-guard.com\/cs\/nazar-boncugu-modre-ochranne-oko\/#breadcrumb","itemListElement":[{"@type":"ListItem","position":1,"name":"Start","item":"https:\/\/iwell-guard.com\/cs\/?page_id=145107"},{"@type":"ListItem","position":2,"name":"Nazar Boncu\u011fu \u2013 modr\u00e9 ochrann\u00e9 oko proti u\u0159knut\u00ed"}]},{"@type":"WebSite","@id":"https:\/\/iwell-guard.com\/cs\/#website","url":"https:\/\/iwell-guard.com\/cs\/","name":"iWell Guard","description":"Schutz vor dunklen Einfl\u00fcssen","publisher":{"@id":"https:\/\/iwell-guard.com\/cs\/#organization"},"potentialAction":[{"@type":"SearchAction","target":{"@type":"EntryPoint","urlTemplate":"https:\/\/iwell-guard.com\/cs\/?s={search_term_string}"},"query-input":{"@type":"PropertyValueSpecification","valueRequired":true,"valueName":"search_term_string"}}],"inLanguage":"cs"},{"@type":"Organization","@id":"https:\/\/iwell-guard.com\/cs\/#organization","name":"Ittermann electronic GmbH","url":"https:\/\/iwell-guard.com\/cs\/","logo":{"@type":"ImageObject","inLanguage":"cs","@id":"https:\/\/iwell-guard.com\/cs\/#\/schema\/logo\/image\/","url":"https:\/\/iwell-guard.com\/wp-content\/uploads\/2026\/05\/Ittermann-Logo-1182x237-1.png","contentUrl":"https:\/\/iwell-guard.com\/wp-content\/uploads\/2026\/05\/Ittermann-Logo-1182x237-1.png","width":1182,"height":237,"caption":"Ittermann electronic GmbH"},"image":{"@id":"https:\/\/iwell-guard.com\/cs\/#\/schema\/logo\/image\/"},"sameAs":["https:\/\/pantip.com\/profile\/9367242","https:\/\/micro.blog\/iwellguard","https:\/\/www.diggerslist.com\/iwellguard\/about","https:\/\/skitterphoto.com\/photographers\/2870314\/iwell-guard","https:\/\/iwellguard.wordpress.com\/2026\/06\/06\/iwell-guard\/","https:\/\/hub.docker.com\/u\/iwellguard","https:\/\/www.pinterest.com\/iwellguard\/","https:\/\/bit.ly\/m\/iwellguard","https:\/\/entre-vos-mains.alsace.eu\/profiles\/iwellguard\/activity","https:\/\/gravatar.com\/reallybeded8fd34","https:\/\/naijamatta.com\/iwellguard","https:\/\/www.goodreads.com\/iwellguard","https:\/\/profile.hatena.ne.jp\/iwellguard\/","https:\/\/experiment.com\/users\/iwellguard","https:\/\/wakelet.com\/@iWellGuard82270","https:\/\/www.chordie.com\/forum\/profile.php?id=2555664","https:\/\/www.instapaper.com\/p\/17757966","https:\/\/www.mapleprimes.com\/users\/iwellguard","https:\/\/businesslistingplus.com\/profile\/iwell-guard\/","https:\/\/telegra.ph\/iWell-Guard-06-06","https:\/\/pbase.com\/iwellguard\/iwellguard","https:\/\/b.hatena.ne.jp\/iwellguard\/20260607#bookmark-4788405196491818882","https:\/\/fliphtml5.com\/home\/iwellguard","https:\/\/anyflip.com\/homepage\/cmiwl#About","https:\/\/transfur.com\/Users\/iwellguard","http:\/\/delphi.larsbo.org\/user\/iwellguard","https:\/\/jobs.lajobsportal.org\/profiles\/8380803-iwell-guard","https:\/\/md.chaosdorf.de\/s\/jfbe5SBdJD","https:\/\/www.lingvolive.com\/en-us\/profile\/9ecaeaca-ce11-4e51-9e71-01d55e2bff36\/translations","https:\/\/www.fitday.com\/fitness\/forums\/members\/iwellguard.html","https:\/\/www.mymeetbook.com\/iwellguard","https:\/\/pxhere.com\/en\/photographer-me\/5040798","https:\/\/disqus.com\/by\/iwellguard\/about\/","https:\/\/pastelink.net\/hjwciqwq","https:\/\/pubhtml5.com\/homepage\/scjhn\/","https:\/\/www.bitchute.com\/channel\/2O2eOKzNqujT","https:\/\/audiomack.com\/iwellguard"]}]}},"_links":{"self":[{"href":"https:\/\/iwell-guard.com\/cs\/wp-json\/wp\/v2\/pages\/145652","targetHints":{"allow":["GET"]}}],"collection":[{"href":"https:\/\/iwell-guard.com\/cs\/wp-json\/wp\/v2\/pages"}],"about":[{"href":"https:\/\/iwell-guard.com\/cs\/wp-json\/wp\/v2\/types\/page"}],"author":[{"embeddable":true,"href":"https:\/\/iwell-guard.com\/cs\/wp-json\/wp\/v2\/users\/3"}],"replies":[{"embeddable":true,"href":"https:\/\/iwell-guard.com\/cs\/wp-json\/wp\/v2\/comments?post=145652"}],"version-history":[{"count":0,"href":"https:\/\/iwell-guard.com\/cs\/wp-json\/wp\/v2\/pages\/145652\/revisions"}],"wp:featuredmedia":[{"embeddable":true,"href":"https:\/\/iwell-guard.com\/cs\/wp-json\/wp\/v2\/media\/3438"}],"wp:attachment":[{"href":"https:\/\/iwell-guard.com\/cs\/wp-json\/wp\/v2\/media?parent=145652"}],"wp:term":[{"taxonomy":"category","embeddable":true,"href":"https:\/\/iwell-guard.com\/cs\/wp-json\/wp\/v2\/categories?post=145652"}],"curies":[{"name":"wp","href":"https:\/\/api.w.org\/{rel}","templated":true}]}}