{"id":145643,"date":"2026-09-03T16:32:23","date_gmt":"2026-09-03T16:32:23","guid":{"rendered":"https:\/\/iwell-guard.com\/?page_id=145643"},"modified":"2026-09-03T17:01:46","modified_gmt":"2026-09-03T17:01:46","slug":"gede","status":"publish","type":"page","link":"https:\/\/iwell-guard.com\/cs\/gede\/","title":{"rendered":"Gede"},"content":{"rendered":"\t\t<div data-elementor-type=\"wp-page\" data-elementor-id=\"145643\" class=\"elementor elementor-145643 elementor-3059 elementor-bc-flex-widget\" data-elementor-post-type=\"page\">\n\t\t\t\t<div class=\"elementor-element elementor-element-7dc05f7 e-flex e-con-boxed e-con e-parent\" data-id=\"7dc05f7\" data-element_type=\"container\" data-e-type=\"container\" data-settings=\"{&quot;background_background&quot;:&quot;classic&quot;}\">\n\t\t\t\t\t<div class=\"e-con-inner\">\n\t\t<div class=\"elementor-element elementor-element-b93596f e-flex e-con-boxed e-con e-child\" data-id=\"b93596f\" data-element_type=\"container\" data-e-type=\"container\">\n\t\t\t\t\t<div class=\"e-con-inner\">\n\t\t<div class=\"elementor-element elementor-element-3f8f1db e-con-full e-flex e-con e-child\" data-id=\"3f8f1db\" data-element_type=\"container\" data-e-type=\"container\">\n\t\t\t\t<div class=\"elementor-element elementor-element-94814d9 elementor-widget elementor-widget-heading\" data-id=\"94814d9\" data-element_type=\"widget\" data-e-type=\"widget\" data-widget_type=\"heading.default\">\n\t\t\t\t\t<h1 class=\"elementor-heading-title elementor-size-default\">Gede, rodina loa smrti ve vod\u00fa<\/h1>\t\t\t\t<\/div>\n\t\t\t\t<div class=\"elementor-element elementor-element-5ad7a2a elementor-widget elementor-widget-text-editor\" data-id=\"5ad7a2a\" data-element_type=\"widget\" data-e-type=\"widget\" data-widget_type=\"text-editor.default\">\n\t\t\t\t\t\t\t\t\t<p>Gede (tak\u00e9 Ghede nebo Gu\u00e9d\u00e9) nen\u00ed v haitsk\u00e9m vod\u00fa jedin\u00fd loa, ale cel\u00e1 rodina duch\u016f spojen\u00fdch se smrt\u00ed, sexualitou, chut\u00ed do \u017eivota a l\u00e9\u010den\u00edm.<\/p><p>Na \u010dele t\u00e9to rodiny stoj\u00ed Baron Samedi, Baron La Croix a Baron Cimeti\u00e8re, kte\u0159\u00ed jsou pova\u017eov\u00e1ni za p\u00e1ny h\u0159bitova, a Maman Brigitte, pan\u00ed mrtv\u00fdch. Gede jsou nejpopul\u00e1rn\u011bj\u0161\u00ed a nejambivalentn\u011bj\u0161\u00ed loa haitsk\u00e9 tradice, bud\u00ed z\u00e1rove\u0148 \u00factu i sm\u00edch, a pat\u0159\u00ed k nejv\u00edce kreolizovan\u00fdm duch\u016fm haitsk\u00e9ho panteonu. Jako rodina loa smrti spojuj\u00ed Gede \u0159\u00ed\u0161i zesnul\u00fdch se z\u00e1jmy \u017eij\u00edc\u00edch.<\/p>\t\t\t\t\t\t\t\t<\/div>\n\t\t\t\t<\/div>\n\t\t<div class=\"elementor-element elementor-element-bdc6a50 e-con-full e-flex e-con e-parent\" data-id=\"bdc6a50\" data-element_type=\"container\" data-e-type=\"container\">\n\t\t\t\t<div class=\"elementor-element elementor-element-2161d0e elementor-widget elementor-widget-html\" data-id=\"2161d0e\" data-element_type=\"widget\" data-e-type=\"widget\" data-widget_type=\"html.default\">\n\t\t\t\t\t<div class=\"iwg-pill-row\"><span class=\"iwg-klasse-badge\" tabindex=\"0\" data-tooltip=\"B\u016fh \/ bohyn\u011b: Zosobn\u011bn\u00e1 nejvy\u0161\u0161\u00ed moc v panteonu ur\u010dit\u00e9 kultury s jasn\u011b vymezen\u00fdmi oblastmi p\u016fsobnosti, jako p\u0159\u00edrodn\u00ed s\u00edly, osud, v\u00e1lka nebo plodnost. Uct\u00edvan\u00fd kulty, ob\u011b\u0165mi a chr\u00e1mov\u00fdmi institucemi.\">B\u016fh<\/span><a href=\"https:\/\/iwell-guard.com\/cs\/vodou\/\" class=\"iwg-kultur-badge\" tabindex=\"0\" data-tooltip=\"Haitsko-z\u00e1padoafrick\u00e1 tradice v\u00fad\u00fa s bytostmi lwa, n\u00e1bo\u017eensko-historicky se roz\u0161\u00ed\u0159ila ze z\u00e1padn\u00ed Afriky do Karibiku.\">V\u00fad\u00fa<\/a><\/div>\t\t\t\t<\/div>\n\t\t\t\t<\/div>\n\t\t<div class=\"elementor-element elementor-element-a5935fe e-con-full e-flex e-con e-child\" data-id=\"a5935fe\" data-element_type=\"container\" data-e-type=\"container\">\n\t\t\t\t<div class=\"elementor-element elementor-element-bcfe47e elementor-toc--minimized-on-tablet elementor-widget elementor-widget-table-of-contents\" data-id=\"bcfe47e\" data-element_type=\"widget\" data-e-type=\"widget\" data-settings=\"{&quot;exclude_headings_by_selector&quot;:[],&quot;no_headings_message&quot;:&quot;Na t\\u00e9to str\\u00e1nce nebyly nalezeny \\u017e\\u00e1dn\\u00e9 nadpisy.&quot;,&quot;headings_by_tags&quot;:[&quot;h2&quot;,&quot;h3&quot;],&quot;marker_view&quot;:&quot;bullets&quot;,&quot;icon&quot;:{&quot;value&quot;:&quot;fas fa-circle&quot;,&quot;library&quot;:&quot;fa-solid&quot;,&quot;rendered_tag&quot;:&quot;&lt;svg class=\\&quot;e-font-icon-svg e-fas-circle\\&quot; viewBox=\\&quot;0 0 512 512\\&quot; xmlns=\\&quot;http:\\\/\\\/www.w3.org\\\/2000\\\/svg\\&quot;&gt;&lt;path d=\\&quot;M256 8C119 8 8 119 8 256s111 248 248 248 248-111 248-248S393 8 256 8z\\&quot;&gt;&lt;\\\/path&gt;&lt;\\\/svg&gt;&quot;},&quot;minimize_box&quot;:&quot;yes&quot;,&quot;minimized_on&quot;:&quot;tablet&quot;,&quot;hierarchical_view&quot;:&quot;yes&quot;,&quot;min_height&quot;:{&quot;unit&quot;:&quot;px&quot;,&quot;size&quot;:&quot;&quot;,&quot;sizes&quot;:[]},&quot;min_height_tablet&quot;:{&quot;unit&quot;:&quot;px&quot;,&quot;size&quot;:&quot;&quot;,&quot;sizes&quot;:[]},&quot;min_height_mobile&quot;:{&quot;unit&quot;:&quot;px&quot;,&quot;size&quot;:&quot;&quot;,&quot;sizes&quot;:[]}}\" data-widget_type=\"table-of-contents.default\">\n\t\t\t\t\t\t\t\t\t<div class=\"elementor-toc__header\">\n\t\t\t\t\t\t<h2 class=\"elementor-toc__header-title\">\n\t\t\t\tObsah\t\t\t<\/h2>\n\t\t\t\t\t\t\t\t\t\t<div class=\"elementor-toc__toggle-button elementor-toc__toggle-button--expand\" role=\"button\" tabindex=\"0\" aria-controls=\"elementor-toc__bcfe47e\" aria-expanded=\"true\" aria-label=\"Open table of contents\"><svg aria-hidden=\"true\" class=\"e-font-icon-svg e-fas-chevron-down\" viewBox=\"0 0 448 512\" xmlns=\"http:\/\/www.w3.org\/2000\/svg\"><path d=\"M207.029 381.476L12.686 187.132c-9.373-9.373-9.373-24.569 0-33.941l22.667-22.667c9.357-9.357 24.522-9.375 33.901-.04L224 284.505l154.745-154.021c9.379-9.335 24.544-9.317 33.901.04l22.667 22.667c9.373 9.373 9.373 24.569 0 33.941L240.971 381.476c-9.373 9.372-24.569 9.372-33.942 0z\"><\/path><\/svg><\/div>\n\t\t\t\t<div class=\"elementor-toc__toggle-button elementor-toc__toggle-button--collapse\" role=\"button\" tabindex=\"0\" aria-controls=\"elementor-toc__bcfe47e\" aria-expanded=\"true\" aria-label=\"Close table of contents\"><svg aria-hidden=\"true\" class=\"e-font-icon-svg e-fas-chevron-up\" viewBox=\"0 0 448 512\" xmlns=\"http:\/\/www.w3.org\/2000\/svg\"><path d=\"M240.971 130.524l194.343 194.343c9.373 9.373 9.373 24.569 0 33.941l-22.667 22.667c-9.357 9.357-24.522 9.375-33.901.04L224 227.495 69.255 381.516c-9.379 9.335-24.544 9.317-33.901-.04l-22.667-22.667c-9.373-9.373-9.373-24.569 0-33.941L207.03 130.525c9.372-9.373 24.568-9.373 33.941-.001z\"><\/path><\/svg><\/div>\n\t\t\t\t\t<\/div>\n\t\t\t\t<div id=\"elementor-toc__bcfe47e\" class=\"elementor-toc__body\">\n\t\t\t<div class=\"elementor-toc__spinner-container\">\n\t\t\t\t<svg class=\"elementor-toc__spinner eicon-animation-spin e-font-icon-svg e-eicon-loading\" aria-hidden=\"true\" viewBox=\"0 0 1000 1000\" xmlns=\"http:\/\/www.w3.org\/2000\/svg\"><path d=\"M500 975V858C696 858 858 696 858 500S696 142 500 142 142 304 142 500H25C25 237 238 25 500 25S975 237 975 500 763 975 500 975Z\"><\/path><\/svg>\t\t\t<\/div>\n\t\t<\/div>\n\t\t\t\t\t\t<\/div>\n\t\t\t\t<\/div>\n\t\t\t\t\t<\/div>\n\t\t\t\t<\/div>\n\t\t<div class=\"elementor-element elementor-element-606722d e-con-full e-flex e-con e-child\" data-id=\"606722d\" data-element_type=\"container\" data-e-type=\"container\">\n\t\t\t\t<div class=\"elementor-element elementor-element-4aa934d iwg-hero-image elementor-widget elementor-widget-image\" data-id=\"4aa934d\" data-element_type=\"widget\" data-e-type=\"widget\" data-widget_type=\"image.default\">\n\t\t\t\t\t\t\t\t\t\t\t\t\t\t\t<img fetchpriority=\"high\" decoding=\"async\" width=\"683\" height=\"1024\" src=\"https:\/\/iwell-guard.com\/wp-content\/uploads\/2026\/05\/goetter_vodou_gede-683x1024.webp\" class=\"attachment-large size-large wp-image-147201\" alt=\"Gede \u2013 bohov\u00e9 z vodunsk\u00e9 tradice, historicko-ilustrativn\u00ed zobrazen\u00ed\" srcset=\"https:\/\/iwell-guard.com\/wp-content\/uploads\/2026\/05\/goetter_vodou_gede-683x1024.webp 683w, https:\/\/iwell-guard.com\/wp-content\/uploads\/2026\/05\/goetter_vodou_gede-200x300.webp 200w, https:\/\/iwell-guard.com\/wp-content\/uploads\/2026\/05\/goetter_vodou_gede-768x1152.webp 768w, https:\/\/iwell-guard.com\/wp-content\/uploads\/2026\/05\/goetter_vodou_gede.webp 1024w\" sizes=\"(max-width: 683px) 100vw, 683px\" \/>\t\t\t\t\t\t\t\t\t\t\t\t\t\t\t<\/div>\n\t\t\t\t<\/div>\n\t\t\t\t\t<\/div>\n\t\t\t\t<\/div>\n\t\t<div class=\"elementor-element elementor-element-c4d71f3 e-con-boxed e-flex e-con e-parent\" data-id=\"c4d71f3\" data-element_type=\"container\" data-e-type=\"container\">\n\t\t\t\t\t<div class=\"e-con-inner\">\n\t\t<div class=\"elementor-element elementor-element-ebf8899 e-con-full e-flex e-con e-child\" data-id=\"ebf8899\" data-element_type=\"container\" data-e-type=\"container\">\n\t\t\t\t<div class=\"elementor-element elementor-element-40e6f99 elementor-widget elementor-widget-heading\" data-id=\"40e6f99\" data-element_type=\"widget\" data-e-type=\"widget\" data-widget_type=\"heading.default\">\n\t\t\t\t\t<h2 class=\"elementor-heading-title elementor-size-default\">Podstata a funkce<\/h2>\t\t\t\t<\/div>\n\t\t\t\t<div class=\"elementor-element elementor-element-ecc4643 elementor-widget elementor-widget-text-editor\" data-id=\"ecc4643\" data-element_type=\"widget\" data-e-type=\"widget\" data-widget_type=\"text-editor.default\">\n\t\t\t\t\t\t\t\t\t<p>Gede stoj\u00ed na hranici mezi sv\u011btem \u017eiv\u00fdch a sv\u011btem mrtv\u00fdch. Znaj\u00ed onen sv\u011bt, proto\u017ee v n\u011bm sami p\u0159eb\u00fdvaj\u00ed, a znaj\u00ed tento sv\u011bt, proto\u017ee se pravideln\u011b vracej\u00ed k \u017eiv\u00fdm.<\/p><p>Toto dvoj\u00ed postaven\u00ed z nich d\u011bl\u00e1 l\u00e9\u010ditele, prost\u0159edn\u00edky a str\u00e1\u017ece minul\u00fdch i budouc\u00edch osud\u016f. Jsou tak\u00e9 loa zodpov\u011bdn\u00fdmi za sexualitu, plodnost a ochranu d\u011bt\u00ed, co\u017e se odv\u00edj\u00ed z jejich postaven\u00ed jako str\u00e1\u017ec\u016f po\u010d\u00e1tku i konce \u017eivota.<\/p>\n\n<p><span data-nosnippet>Maya Deren ve sv\u00e9m d\u00edle \u00abDivine Horsemen\u00bb (1953) popsala paradoxn\u00ed povahu Gede: jsou duchy smrti, ale hlu\u010dn\u00ed, nev\u00e1zan\u00ed a miluj\u00edc\u00ed \u017eivot jako \u017e\u00e1dn\u00ed jin\u00ed duchov\u00e9 t\u00e9to tradice.<\/span><\/p><p>Kdy\u017e Gede ovl\u00e1dne v\u011b\u0159\u00edc\u00edho kon\u011b, \u010dasto se projev\u00ed drastick\u00fd sexu\u00e1ln\u00ed a skatologick\u00fd jazyk v kombinaci s hrub\u00fdm humorem a mimo\u0159\u00e1dnou l\u00e9\u010divou silou. Toto spojen\u00ed h\u0159bitova a chuti do \u017eivota je podle Derenov\u00e9 teologick\u00fdm vyj\u00e1d\u0159en\u00edm neodd\u011blitelnosti smrti a \u017eivota.<\/p>\t\t\t\t\t\t\t\t<\/div>\n\t\t\t\t<\/div>\n\t\t<div class=\"elementor-element elementor-element-4b0b3ac e-con-full e-flex e-con e-child\" data-id=\"4b0b3ac\" data-element_type=\"container\" data-e-type=\"container\">\n\t\t\t\t<div class=\"elementor-element elementor-element-cb89823 elementor-widget elementor-widget-heading\" data-id=\"cb89823\" data-element_type=\"widget\" data-e-type=\"widget\" data-widget_type=\"heading.default\">\n\t\t\t\t\t<h2 class=\"elementor-heading-title elementor-size-default\">Rodina Baron\u016f<\/h2>\t\t\t\t<\/div>\n\t\t\t\t<div class=\"elementor-element elementor-element-4088891 elementor-widget elementor-widget-text-editor\" data-id=\"4088891\" data-element_type=\"widget\" data-e-type=\"widget\" data-widget_type=\"text-editor.default\">\n\t\t\t\t\t\t\t\t\t<p>Na \u010dele rodiny Gede stoj\u00ed manifestace \u00abBaron\u016f\u00bb, z nich\u017e ka\u017ed\u00e1 p\u0159edstavuje jeden aspekt vl\u00e1dy nad h\u0159bitovem. Baron Samedi (\u00abSobotn\u00ed baron\u00bb) je nejzn\u00e1m\u011bj\u0161\u00ed; nos\u00ed \u010dern\u00fd frak, \u010dern\u00fd cylindr, \u010dern\u00e9 slune\u010dn\u00ed br\u00fdle (\u010dasto s chyb\u011bj\u00edc\u00edm sklem) a vych\u00e1zkovou h\u016fl.<\/p><p>Je pova\u017eov\u00e1n za str\u00e1\u017ece, kter\u00fd doprov\u00e1z\u00ed zesnul\u00e9 do \u0159\u00ed\u0161e mrtv\u00fdch, a za l\u00e9\u010ditele, kter\u00fd m\u016f\u017ee um\u00edraj\u00edc\u00ed vr\u00e1tit do \u017eivota.<\/p>\n\n<p>Baron La Croix (\u00abBaron k\u0159\u00ed\u017ee\u00bb) je aspektem zmrtv\u00fdchvst\u00e1n\u00ed a p\u0159echodu; p\u0159edstavuje kone\u010dn\u00fd pr\u00e1h mezi \u017eivotem a smrt\u00ed. Baron Cimeti\u00e8re (\u00abBaron h\u0159bitova\u00bb) je str\u00e1\u017ecem konkr\u00e9tn\u00edho poh\u0159ebn\u00edho m\u00edsta.<\/p><p>Tyto t\u0159i baronsk\u00e9 manifestace jsou uct\u00edv\u00e1ny spole\u010dn\u011b a maj\u00ed mnoho spole\u010dn\u00fdch atribut\u016f, ani\u017e by se do sebe sl\u00e9valy. Karen McCarthy Brown ve sv\u00e9 knize \u00abMama Lola\u00bb podrobn\u011b popsala rozd\u00edly a spojen\u00ed z pohledu praktikuj\u00edc\u00ed kn\u011b\u017eky.<\/p>\t\t\t\t\t\t\t\t<\/div>\n\t\t\t\t<\/div>\n\t\t<div class=\"elementor-element elementor-element-8224ea7 e-con-full e-flex e-con e-child\" data-id=\"8224ea7\" data-element_type=\"container\" data-e-type=\"container\">\n\t\t\t\t<div class=\"elementor-element elementor-element-207f47a elementor-widget elementor-widget-heading\" data-id=\"207f47a\" data-element_type=\"widget\" data-e-type=\"widget\" data-widget_type=\"heading.default\">\n\t\t\t\t\t<h2 class=\"elementor-heading-title elementor-size-default\">Maman Brigitte<\/h2>\t\t\t\t<\/div>\n\t\t\t\t<div class=\"elementor-element elementor-element-0973de5 elementor-widget elementor-widget-text-editor\" data-id=\"0973de5\" data-element_type=\"widget\" data-e-type=\"widget\" data-widget_type=\"text-editor.default\">\n\t\t\t\t\t\t\t\t\t<p>Maman Brigitte, pan\u00ed mrtv\u00fdch a \u017eena Barona Sameda, je nejv\u00fdznamn\u011bj\u0161\u00ed \u017eenskou manifestac\u00ed rodiny Gede. Je spojena s h\u0159bitovem, s ochranou \u017een a s l\u00e9\u010debn\u00fdmi ritu\u00e1ly.<\/p><p>Jej\u00ed ikonografick\u00e1 podoba ji zobrazuje jako zrzavou \u017eenu, co\u017e bylo ve v\u00fdzkumu haitsk\u00e9 tradice interpretov\u00e1no jako mo\u017en\u00fd n\u00e1znak skotsko-keltsk\u00e9ho substr\u00e1tov\u00e9ho spojen\u00ed, by\u0165 jde o spekulaci. N\u011bkte\u0159\u00ed badatel\u00e9, mezi nimi Leslie Desmangles, vid\u00ed v t\u00e9to postav\u011b spojen\u00ed s irskou svatou Brigitou, jej\u00ed\u017e kult se do Karibiku mohl dostat prost\u0159ednictv\u00edm francouzsk\u00fdch katolick\u00fdch mision\u00e1\u0159\u016f.<\/p>\n\n<p>Maman Brigitte je uct\u00edv\u00e1na zejm\u00e9na \u017eenami, kter\u00e9 ji pros\u00ed o ochranu sv\u00fdch d\u011bt\u00ed, o l\u00e9\u010den\u00ed gynekologick\u00fdch pot\u00ed\u017e\u00ed nebo o pomoc v rodinn\u00fdch kriz\u00edch.<\/p><p>Jej\u00ed <span class=\"iwg-fachbegriff\" data-tooltip=\"Prosebn\u00e9 nebo za\u0159\u00edk\u00e1vac\u00ed osloven\u00ed bo\u017estva nebo moci.\" tabindex=\"0\">vz\u00fdv\u00e1n\u00ed<\/span> prob\u00edh\u00e1 u prvn\u00edho hrobu \u017eeny na p\u0159\u00edslu\u0161n\u00e9m h\u0159bitov\u011b, kter\u00fd je pro ni tradi\u010dn\u011b vyhrazen. Tato praxe je na Haiti hojn\u011b roz\u0161\u00ed\u0159en\u00e1 a Joan Dayan ji ve sv\u00fdch prac\u00edch o genderov\u00e9m uspo\u0159\u00e1d\u00e1n\u00ed haitsk\u00e9 tradice analyzovala jako p\u0159\u00edklad \u017eensk\u00e9 n\u00e1bo\u017eensk\u00e9 moci.<\/p>\t\t\t\t\t\t\t\t<\/div>\n\t\t\t\t<\/div>\n\t\t<div class=\"elementor-element elementor-element-7743900 e-con-full e-flex e-con e-child\" data-id=\"7743900\" data-element_type=\"container\" data-e-type=\"container\">\n\t\t\t\t<div class=\"elementor-element elementor-element-3e14b92 elementor-widget elementor-widget-heading\" data-id=\"3e14b92\" data-element_type=\"widget\" data-e-type=\"widget\" data-widget_type=\"heading.default\">\n\t\t\t\t\t<h2 class=\"elementor-heading-title elementor-size-default\">Z\u00e1padoafrick\u00e9 a kreolsk\u00e9 ko\u0159eny<\/h2>\t\t\t\t<\/div>\n\t\t\t\t<div class=\"elementor-element elementor-element-d5efa22 elementor-widget elementor-widget-text-editor\" data-id=\"d5efa22\" data-element_type=\"widget\" data-e-type=\"widget\" data-widget_type=\"text-editor.default\">\n\t\t\t\t\t\t\t\t\t<p>Ko\u0159eny rodiny Gede le\u017e\u00ed v n\u011bkolika z\u00e1padoafrick\u00fdch tradic\u00edch, jsou v\u0161ak siln\u011b kreolizovan\u00e9. D\u016fle\u017eit\u00fdmi p\u0159edch\u016fdci jsou uct\u00edv\u00e1n\u00ed p\u0159edk\u016f u Fon\u016f (Vodun) a jorubsk\u00e1 tradice Egungun, v n\u00ed\u017e se maskovan\u00ed tane\u010dn\u00edci zjevuj\u00ed jako vt\u011blen\u00ed p\u0159edk\u016f. Z fonsk\u00e9 tradice pravd\u011bpodobn\u011b poch\u00e1z\u00ed i p\u0159edstava Gede jako samostatn\u00e9 rodiny duch\u016f, kte\u0159\u00ed se objevuj\u00ed spole\u010dn\u011b.<\/p>\n\n<p>Alfred M\u00e9traux upozornil, \u017ee specifick\u00e1 podoba Gede na Haiti vykazuje v\u00fdrazn\u00e9 kreolsk\u00e9 rysy, kter\u00e9 nelze p\u0159\u00edmo odvodit z africk\u00fdch vzor\u016f.<\/p><p>Spojen\u00ed h\u0159bitova, sexuality a burlesky je v t\u00e9to koncentraci dolo\u017eeno pouze v haitsk\u00e9 tradici a zd\u00e1 se, \u017ee jde o reakci zotro\u010den\u00e9ho obyvatelstva na zku\u0161enost hromadn\u00e9ho um\u00edr\u00e1n\u00ed b\u011bhem otroctv\u00ed. Joan Dayan tuto tezi d\u00e1le rozvinula a uk\u00e1zala, jak Gede p\u0159edstavuj\u00ed kolektivn\u00ed vyrovn\u00e1v\u00e1n\u00ed se s d\u011bjinami otroctv\u00ed.<\/p>\t\t\t\t\t\t\t\t<\/div>\n\t\t\t\t<\/div>\n\t\t<div class=\"elementor-element elementor-element-8a53b3b e-con-full e-flex e-con e-child\" data-id=\"8a53b3b\" data-element_type=\"container\" data-e-type=\"container\">\n\t\t\t\t<div class=\"elementor-element elementor-element-4735832 elementor-widget elementor-widget-heading\" data-id=\"4735832\" data-element_type=\"widget\" data-e-type=\"widget\" data-widget_type=\"heading.default\">\n\t\t\t\t\t<h2 class=\"elementor-heading-title elementor-size-default\">Symboly a atributy<\/h2>\t\t\t\t<\/div>\n\t\t\t\t<div class=\"elementor-element elementor-element-28e67b2 elementor-widget elementor-widget-text-editor\" data-id=\"28e67b2\" data-element_type=\"widget\" data-e-type=\"widget\" data-widget_type=\"text-editor.default\">\n\t\t\t\t\t\t\t\t\t<p>Hlavn\u00edmi symboly Gede jsou k\u0159\u00ed\u017e (\u010dasto jako h\u0159bitovn\u00ed k\u0159\u00ed\u017e), lebka, \u010dern\u00e9 slune\u010dn\u00ed br\u00fdle, \u010dern\u00fd cylindr, frak a vych\u00e1zkov\u00e1 h\u016fl. Hlavn\u00edmi barvami jsou \u010dern\u00e1 a fialov\u00e1. Ritu\u00e1ln\u00ed podlahov\u00e9 kresby \u00abv\u00e8v\u00e8\u00bb zobrazuj\u00ed nej\u010dast\u011bji k\u0159\u00ed\u017e, rakev nebo lebku s kostmi.<\/p>\n\n<p>Preferovan\u00fdmi ob\u011btinami jsou ostr\u00fd rum (\u010dasto sm\u00edchan\u00fd s pep\u0159em), tab\u00e1k, ara\u0161\u00eddy, k\u00e1va a p\u00e1liv\u00e9 bonb\u00f3ny. Zvl\u00e1\u0161tn\u00ed specialitou je \u00abkleren\u00bb, vysokoprocentn\u00ed karibsk\u00fd rum, kter\u00fd je \u010dasto m\u00edch\u00e1n s 21 r\u016fzn\u00fdmi p\u00e1liv\u00fdmi koreninami.<\/p><p>Tato sm\u011bs se tradi\u010dn\u011b pije p\u0159i <span class=\"iwg-fachbegriff\" data-tooltip=\"Prosebn\u00e9 nebo za\u0159\u00edk\u00e1vac\u00ed osloven\u00ed bo\u017estva nebo moci.\" tabindex=\"0\">vz\u00fdv\u00e1n\u00ed<\/span> Gede a je pova\u017eov\u00e1na za typick\u00fd znak jejich ritu\u00e1ln\u00ed praxe. K jejich manifestac\u00edm pat\u0159\u00ed i zapalov\u00e1n\u00ed a polyk\u00e1n\u00ed mal\u00fdch mno\u017estv\u00ed ho\u0159\u00edc\u00edho rumu.<\/p>\t\t\t\t\t\t\t\t<\/div>\n\t\t\t\t<\/div>\n\t\t<div class=\"elementor-element elementor-element-455723c e-con-full e-flex e-con e-child\" data-id=\"455723c\" data-element_type=\"container\" data-e-type=\"container\">\n\t\t\t\t<div class=\"elementor-element elementor-element-b1a0639 elementor-widget elementor-widget-heading\" data-id=\"b1a0639\" data-element_type=\"widget\" data-e-type=\"widget\" data-widget_type=\"heading.default\">\n\t\t\t\t\t<h2 class=\"elementor-heading-title elementor-size-default\">Sv\u00e1tek a h\u0159bitovn\u00ed ritu\u00e1l<\/h2>\t\t\t\t<\/div>\n\t\t\t\t<div class=\"elementor-element elementor-element-0a89c89 elementor-widget elementor-widget-text-editor\" data-id=\"0a89c89\" data-element_type=\"widget\" data-e-type=\"widget\" data-widget_type=\"text-editor.default\">\n\t\t\t\t\t\t\t\t\t<p>Nejv\u00fdznamn\u011bj\u0161\u00edm sv\u00e1tkem Gede je \u201eF\u00e8t Gede\u201c, kter\u00fd se shoduje s katolick\u00fdmi sv\u00e1tky V\u0161ech svat\u00fdch a Vzpom\u00ednky na v\u0161echny v\u011brn\u00e9 zem\u0159el\u00e9 (1. a 2. listopadu). V tyto dny se komunity t\u00e9to tradice shroma\u017e\u010fuj\u00ed na h\u0159bitovech, p\u0159edev\u0161\u00edm na hlavn\u00edm h\u0159bitov\u011b v Port-au-Prince.<\/p><p>\u010cist\u00ed hroby, zapaluj\u00ed sv\u00edce, ob\u011btuj\u00ed j\u00eddlo a tan\u010d\u00ed za doprovodu bubn\u016f. Atmosf\u00e9ra je z\u00e1rove\u0148 slavnostn\u00ed a rozja\u0159en\u00e1, s prvky karnevalu a obsc\u00e9nn\u00edmi p\u00edsn\u011bmi.<\/p>\n\n<p><span data-nosnippet>Elizabeth McAlisterov\u00e1 ve sv\u00e9 knize \u201eRara!\u201c (2002) podrobn\u011b zdokumentovala F\u00e8t Gede a uk\u00e1zala, jak tento sv\u00e1tek pln\u00ed d\u016fle\u017eitou funkci v haitsk\u00e9 kultu\u0159e vzpom\u00edn\u00e1n\u00ed.<\/span><\/p><p>Nejde jen o n\u00e1bo\u017eensk\u00fd sv\u00e1tek, ale i o kolektivn\u00ed gesto vzpom\u00ednky na zem\u0159el\u00e9, p\u0159edev\u0161\u00edm na <span class=\"iwg-fachbegriff\" data-tooltip=\"Dar bo\u017estvu vyjad\u0159uj\u00edc\u00ed d\u00edky, prosbu nebo \u00factu.\" tabindex=\"0\">ob\u011bti<\/span> otroctv\u00ed a politick\u00e9ho n\u00e1sil\u00ed. V 80. a 90. letech 20. stolet\u00ed se sv\u00e1tek st\u00e1le v\u00edce politizoval a spojoval s hnut\u00edm za demokracii.<\/p>\t\t\t\t\t\t\t\t<\/div>\n\t\t\t\t<\/div>\n\t\t<div class=\"elementor-element elementor-element-eba842e e-con-full e-flex e-con e-child\" data-id=\"eba842e\" data-element_type=\"container\" data-e-type=\"container\">\n\t\t\t\t<div class=\"elementor-element elementor-element-63d393d elementor-widget elementor-widget-heading\" data-id=\"63d393d\" data-element_type=\"widget\" data-e-type=\"widget\" data-widget_type=\"heading.default\">\n\t\t\t\t\t<h2 class=\"elementor-heading-title elementor-size-default\">L\u00e9\u010debn\u00e1 funkce<\/h2>\t\t\t\t<\/div>\n\t\t\t\t<div class=\"elementor-element elementor-element-e202548 elementor-widget elementor-widget-text-editor\" data-id=\"e202548\" data-element_type=\"widget\" data-e-type=\"widget\" data-widget_type=\"text-editor.default\">\n\t\t\t\t\t\t\t\t\t<p>Navzdory sv\u00e9 spojitosti se smrt\u00ed jsou Gede nejv\u00fdznamn\u011bj\u0161\u00edmi l\u00e9\u010diteli v panteonu haitsk\u00e9 tradice. Kdy\u017e se \u010dlov\u011bk nach\u00e1z\u00ed na prahu smrti, vz\u00fdv\u00e1 se Baron Samedi, aby ho p\u0159ivedl zp\u011bt do \u017eivota.<\/p><p>Tato l\u00e9\u010ditelsk\u00e1 funkce vypl\u00fdv\u00e1 z jeho postaven\u00ed p\u00e1na h\u0159bitova: pouze on m\u016f\u017ee rozhodnout, zda um\u00edraj\u00edc\u00ed bude vpu\u0161t\u011bn, nebo posl\u00e1n zp\u011bt. V mnoha \u00fastn\u00edch pod\u00e1n\u00edch t\u00e9to tradice se um\u00edraj\u00edc\u00ed d\u00edky z\u00e1sahu Barona Samedi vr\u00e1t\u00ed do \u017eivota.<\/p>\n\n<p>Karen McCarthy Brownov\u00e1 ve sv\u00e9 knize \u201eMama Lola\u201c zdokumentovala n\u011bkolik p\u0159\u00edpad\u016f, kdy stoupenci vz\u00fdvali Barona Samedi o z\u00e1chranu v\u00e1\u017en\u011b nemocn\u00fdch \u010dlen\u016f rodiny.<\/p><p>Tato l\u00e9\u010ditelsk\u00e1 funkce m\u00e1 v\u00fdznam i v souvislosti s \u0159e\u0161en\u00edm soudn\u00edch spor\u016f a konflikt\u016f: Gede jsou pova\u017eov\u00e1ni za ne\u00faplatn\u00e9 soudce, kte\u0159\u00ed maj\u00ed posledn\u00ed slovo ve slo\u017eit\u00fdch sporech. Tento pr\u00e1vn\u00ed rozm\u011br je spojuje se z\u00e1padoafrickou tradic\u00ed p\u0159edkovsk\u00e9 soudn\u00ed pravomoci.<\/p>\t\t\t\t\t\t\t\t<\/div>\n\t\t\t\t<\/div>\n\t\t<div class=\"elementor-element elementor-element-9fe9472 e-con-full e-flex e-con e-child\" data-id=\"9fe9472\" data-element_type=\"container\" data-e-type=\"container\">\n\t\t\t\t<div class=\"elementor-element elementor-element-0022c66 elementor-widget elementor-widget-heading\" data-id=\"0022c66\" data-element_type=\"widget\" data-e-type=\"widget\" data-widget_type=\"heading.default\">\n\t\t\t\t\t<h2 class=\"elementor-heading-title elementor-size-default\">Synkretick\u00e1 identifikace<\/h2>\t\t\t\t<\/div>\n\t\t\t\t<div class=\"elementor-element elementor-element-611978e elementor-widget elementor-widget-text-editor\" data-id=\"611978e\" data-element_type=\"widget\" data-e-type=\"widget\" data-widget_type=\"text-editor.default\">\n\t\t\t\t\t\t\t\t\t<p>V katolicko-vod\u00faistick\u00e9m synkretick\u00e9m syst\u00e9mu jsou r\u016fzn\u00e9 manifestace Barona ztoto\u017e\u0148ov\u00e1ny s odli\u0161n\u00fdmi katolick\u00fdmi svat\u00fdmi. Baron Samedi je \u010dasto spojov\u00e1n se svat\u00fdm Martinem de Porres nebo s \u010dern\u00fdm zobrazen\u00edm Panny Marie; Baron La Croix se svat\u00fdm Gerardem Majellou; Baron Cimeti\u00e8re se svat\u00fdm Expeditem.<\/p><p>Maman Brigitte je ztoto\u017e\u0148ov\u00e1na se svatou Mari\u00ed Magdal\u00e9nou nebo se svatou Brigitou. Tato spojen\u00ed se region\u00e1ln\u011b li\u0161\u00ed a \u0159\u00edd\u00ed se m\u00edstn\u00edmi ikonografick\u00fdmi konvencemi.<\/p>\n\n<p>Leslie Desmangles upozornil, \u017ee tato synkretick\u00e1 spojen\u00ed nelze ch\u00e1pat jako z\u00e1m\u011bnu, n\u00fdbr\u017e jako v\u011bdom\u00fd akt p\u0159ekladu. Praktikuj\u00edc\u00ed t\u00e9to tradice si velmi dob\u0159e uv\u011bdomuj\u00ed, \u017ee Baron Samedi nen\u00ed toto\u017en\u00fd se svat\u00fdm Gerardem; katolick\u00e9 obrazy vyu\u017e\u00edvaj\u00ed jako vizu\u00e1ln\u00ed kotvy, ani\u017e by p\u0159ej\u00edmali jejich teologick\u00fd obsah.<\/p><p>Tato \u201edvojit\u00e1 religiozita\u201c je specifickou formou karibsk\u00e9 religiozity, kterou lze v obdobn\u00e9 podob\u011b nal\u00e9zt i na Kub\u011b, v Braz\u00edlii a na jihu Spojen\u00fdch st\u00e1t\u016f.<\/p>\t\t\t\t\t\t\t\t<\/div>\n\t\t\t\t<\/div>\n\t\t<div class=\"elementor-element elementor-element-b3c11d2 e-con-full e-flex e-con e-child\" data-id=\"b3c11d2\" data-element_type=\"container\" data-e-type=\"container\">\n\t\t\t\t<div class=\"elementor-element elementor-element-67f2994 elementor-widget elementor-widget-heading\" data-id=\"67f2994\" data-element_type=\"widget\" data-e-type=\"widget\" data-widget_type=\"heading.default\">\n\t\t\t\t\t<h2 class=\"elementor-heading-title elementor-size-default\">V\u00fdzkum a kulturn\u00ed v\u00fdznam<\/h2>\t\t\t\t<\/div>\n\t\t\t\t<div class=\"elementor-element elementor-element-02b0ab0 elementor-widget elementor-widget-text-editor\" data-id=\"02b0ab0\" data-element_type=\"widget\" data-e-type=\"widget\" data-widget_type=\"text-editor.default\">\n\t\t\t\t\t\t\t\t\t<p>B\u00e1d\u00e1n\u00ed o Gede je sou\u010d\u00e1st\u00ed \u0161ir\u0161\u00edho v\u00fdzkumu haitsk\u00e9 tradice a vych\u00e1z\u00ed z klasick\u00fdch prac\u00ed Mayi Derenov\u00e9, Alfreda M\u00e9trauxe a Karen McCarthy Brownov\u00e9.<\/p><p>Joan Dayanov\u00e1, Elizabeth McAlisterov\u00e1, Leslie Desmangles a Claudine Michelov\u00e1 p\u0159edlo\u017eili v posledn\u00edch desetilet\u00edch diferencovan\u011bj\u0161\u00ed studie, kter\u00e9 zohled\u0148uj\u00ed kulturn\u00ed, politick\u00fd i genderov\u00fd rozm\u011br uct\u00edv\u00e1n\u00ed Gede. Gede jsou dnes pova\u017eov\u00e1ni za teologicky nejslo\u017eit\u011bj\u0161\u00ed rodinu loa v haitsk\u00e9 tradici, pr\u00e1v\u011b proto, \u017ee v sob\u011b spojuj\u00ed zd\u00e1nliv\u011b protikladn\u00e9 funkce.<\/p>\n\n<p>V popul\u00e1rn\u00ed kultu\u0159e je postava Barona Samedi zdaleka nejzn\u00e1m\u011bj\u0161\u00ed manifestac\u00ed t\u00e9to tradice. Objevuje se v filmech o Jamesi Bondovi (zejm\u00e9na ve filmu \u201eLive and Let Die\u201c), v disneyovsk\u00e9m animovan\u00e9m filmu \u201eThe Princess and the Frog\u201c a v mnoha rom\u00e1nech a p\u00edsn\u00edch.<\/p><p>Tato popkulturn\u00ed zpracov\u00e1n\u00ed siln\u011b ovlivnila ve\u0159ejnou p\u0159edstavu o Baronu Samedim, \u010dasto na \u00fakor n\u00e1bo\u017eensk\u00e9 podstaty. Haitsk\u00fd v\u00fdzkum Patricka Bellegarde-Smitha a Laenneca Hurbona opakovan\u011b upozor\u0148oval na pot\u0159ebu rozli\u0161ovat mezi exotizuj\u00edc\u00edm zobrazen\u00edm a n\u00e1bo\u017eenskou tradic\u00ed.<\/p>\t\t\t\t\t\t\t\t<\/div>\n\t\t\t\t<\/div>\n\t\t<div class=\"elementor-element elementor-element-a2eb336 e-con-full e-flex e-con e-child\" data-id=\"a2eb336\" data-element_type=\"container\" data-e-type=\"container\">\n\t\t\t\t<div class=\"elementor-element elementor-element-7003f5f elementor-widget elementor-widget-heading\" data-id=\"7003f5f\" data-element_type=\"widget\" data-e-type=\"widget\" data-widget_type=\"heading.default\">\n\t\t\t\t\t<h2 class=\"elementor-heading-title elementor-size-default\">Postaven\u00ed mezi Rada a Petwo<\/h2>\t\t\t\t<\/div>\n\t\t\t\t<div class=\"elementor-element elementor-element-9cea9a9 elementor-widget elementor-widget-text-editor\" data-id=\"9cea9a9\" data-element_type=\"widget\" data-e-type=\"widget\" data-widget_type=\"text-editor.default\">\n\t\t\t\t\t\t\t\t\t<p>Rodina Gede zauj\u00edm\u00e1 v haitsk\u00e9 tradici zvl\u00e1\u0161tn\u00ed postaven\u00ed, proto\u017ee ji nelze jednozna\u010dn\u011b za\u0159adit do rodiny Rada nebo Petwo. Ve v\u011bt\u0161in\u011b hounfor\u016f je pova\u017eov\u00e1na za samostatnou \u201en\u00e1rodnost\u201c (\u201enasyon\u201c), s vlastn\u00edmi bubenick\u00fdmi rytmy (\u201ebanda\u201c a \u201egede\u201c), vlastn\u00edmi p\u00edsn\u011bmi a vlastn\u00edmi tane\u010dn\u00edmi formami.<\/p><p>V liturgick\u00e9m pr\u016fb\u011bhu ob\u0159adn\u00ed noci t\u00e9to tradice se obvykle objevuj\u00ed na konci, po ob\u0159adech Rada a Petwo, co\u017e zd\u016fraz\u0148uje jejich funkci p\u0159echodov\u00fdch bytost\u00ed. Uzav\u00edraj\u00ed <span class=\"iwg-fachbegriff\" data-tooltip=\"Slavnostn\u00ed jedn\u00e1n\u00ed prob\u00edhaj\u00edc\u00ed podle pevn\u00fdch pravidel.\" tabindex=\"0\">ob\u0159ad<\/span>, tak jako uzav\u00edraj\u00ed samotn\u00fd \u017eivot.<\/p>\n<p><span data-nosnippet>Donald Cosentino p\u0159edlo\u017eil ve sv\u00e9 knize \u201eSacred Arts of Haitian Vodou\u201c (Los Angeles 1995) a ve studii \u201eRepossession: Ogou in Folk Religion and Politics\u201c podrobnou anal\u00fdzu <span class=\"iwg-fachbegriff\" data-tooltip=\"Nauka o obsahu obraz\u016f a jejich v\u00fdznamu.\" tabindex=\"0\">ikonografie<\/span> Gede.<\/span><\/p><p>Ve sborn\u00edku \u201eThe Faces of the Gods\u201c popisuje Leslie Desmangles, jak se Gede skl\u00e1daj\u00ed z n\u011bkolika africk\u00fdch substr\u00e1t\u016f: rodiny mrtv\u00fdch Fon\u016f, p\u0159edk\u016f Egungun u Yorub\u016f a p\u0159edstav o p\u0159edc\u00edch Bakulu u kongsk\u00fdch skupin. Tato sm\u011bsice tvo\u0159\u00ed z\u00e1klad haitsky sv\u00e9bytn\u00e9 rodiny Gede a vysv\u011btluje jej\u00ed teologickou mnohovrstevnatost.<\/p>\t\t\t\t\t\t\t\t<\/div>\n\t\t\t\t<\/div>\n\t\t<div class=\"elementor-element elementor-element-1f75832 e-con-full e-flex e-con e-child\" data-id=\"1f75832\" data-element_type=\"container\" data-e-type=\"container\">\n\t\t\t\t<div class=\"elementor-element elementor-element-b3a4782 elementor-widget elementor-widget-heading\" data-id=\"b3a4782\" data-element_type=\"widget\" data-e-type=\"widget\" data-widget_type=\"heading.default\">\n\t\t\t\t\t<h2 class=\"elementor-heading-title elementor-size-default\">P\u0159ivlastn\u011bn\u00ed Barona Samedi za vl\u00e1dy Duvalier\u016f<\/h2>\t\t\t\t<\/div>\n\t\t\t\t<div class=\"elementor-element elementor-element-7d8102b elementor-widget elementor-widget-text-editor\" data-id=\"7d8102b\" data-element_type=\"widget\" data-e-type=\"widget\" data-widget_type=\"text-editor.default\">\n\t\t\t\t\t\t\t\t\t<p><span data-nosnippet>Politicky zat\u00ed\u017eenou epizodou d\u011bjin Gede je p\u0159isvojen\u00ed Barona Samediho haitsk\u00fdm dikt\u00e1torem Fran\u00e7oisem \u00abPapa Doc\u00bb Duvalierem (prezidentem 1957 a\u017e 1971). Duvalier se ve\u0159ejn\u011b vystavoval s ikonografick\u00fdmi znaky loa: \u010dern\u00fd oblek, \u010dern\u00fd cylindr, \u010dern\u00e9 slune\u010dn\u00ed br\u00fdle s chyb\u011bj\u00edc\u00edm sklem a nosov\u00fd zp\u016fsob \u0159e\u010di.<\/span><\/p><p>Tato sebeprezentace m\u011bla vyvolat dojem, \u017ee je vt\u011blen\u00edm P\u00e1na h\u0159bitova a t\u00edm nenapadnuteln\u00fd. Vyu\u017e\u00edvala lidovou n\u00e1bo\u017eenskou obavu ze smrti a z duch\u016f zem\u0159el\u00fdch k stabilizaci vl\u00e1dy strachu.<\/p>\n<p>La\u00ebnnec Hurbon analyzoval v d\u00edle \u00abCulture et dictature en Ha\u00efti\u00bb (Pa\u0159\u00ed\u017e 1979) a v pozd\u011bj\u0161\u00edch studi\u00edch n\u00e1bo\u017eenskopolitick\u00fd mechanismus tohoto p\u0159isvojen\u00ed. Ne\u0161lo o autentickou ritu\u00e1ln\u00ed praxi haitsk\u00e9 tradice, n\u00fdbr\u017e o sekul\u00e1rn\u00ed instrumentalizaci n\u00e1bo\u017eensk\u00e9 symboliky. Komunita t\u00e9to tradice reagovala rozd\u011blen\u011b: n\u011bkte\u0159\u00ed houngani byli do re\u017eimu integrov\u00e1ni, jin\u00ed se distancovali.<\/p><p><span data-nosnippet>Patrick Bellegarde-Smith uk\u00e1zal v d\u00edle \u00abHaiti: The Breached Citadel\u00bb (Boulder 1990), jak tato epizoda dodnes zat\u011b\u017euje mezin\u00e1rodn\u00ed vn\u00edm\u00e1n\u00ed haitsk\u00e9 tradice a nut\u00ed badatele do obt\u00ed\u017en\u00e9 obrann\u00e9 pozice: n\u00e1bo\u017eenskou podstatu Gede je t\u0159eba d\u016fsledn\u011b odli\u0161ovat od politick\u00e9 karikatury za vl\u00e1dy Duvalier\u016f.<\/span><\/p>\t\t\t\t\t\t\t\t<\/div>\n\t\t\t\t<\/div>\n\t\t<div class=\"elementor-element elementor-element-0403dd0 e-con-full e-flex e-con e-child\" data-id=\"0403dd0\" data-element_type=\"container\" data-e-type=\"container\">\n\t\t\t\t<div class=\"elementor-element elementor-element-ee41834 elementor-widget elementor-widget-heading\" data-id=\"ee41834\" data-element_type=\"widget\" data-e-type=\"widget\" data-widget_type=\"heading.default\">\n\t\t\t\t\t<h2 class=\"elementor-heading-title elementor-size-default\">Jednotliv\u00ed loa Gede a jejich jm\u00e9na<\/h2>\t\t\t\t<\/div>\n\t\t\t\t<div class=\"elementor-element elementor-element-c9fcaf0 elementor-widget elementor-widget-text-editor\" data-id=\"c9fcaf0\" data-element_type=\"widget\" data-e-type=\"widget\" data-widget_type=\"text-editor.default\">\n\t\t\t\t\t\t\t\t\t<p>Rodina Gede nen\u00ed homogenn\u00ed skupinou, n\u00fdbr\u017e shrom\u00e1\u017ed\u011bn\u00edm s mnoha jednotliv\u00fdmi \u010dleny, z nich\u017e ka\u017ed\u00fd zosob\u0148uje ur\u010dit\u00fd charakter a soci\u00e1ln\u00ed funkci.<\/p><p>K zn\u00e1m\u011bj\u0161\u00edm Gede pat\u0159\u00ed Gede Nibo (str\u00e1\u017ece mlad\u00fdch zem\u0159el\u00fdch), Gede Doubye (s l\u00e9\u010divou funkc\u00ed), Gede Plumaj (patron herc\u016f a mluv\u010d\u00edch), Gede Linto (\u010dasto zobrazovan\u00fd jako d\u011btsk\u00fd loa), Gede Loraj (spojen\u00fd s hromem), Gede Souffrant (za nespravedliv\u011b zem\u0159el\u00e9) a Gede Zarenyen (s pavou\u010d\u00ed konotac\u00ed).<\/p><p>P\u0159esn\u00fd seznam se li\u0161\u00ed od hounforu k hounforu a v etnografick\u00e9 literatu\u0159e je p\u0159ed\u00e1v\u00e1n r\u016fzn\u011b.<\/p>\n<p>Donald Cosentino p\u0159edlo\u017eil ve sborn\u00edku \u00abSacred Arts of Haitian Vodou\u00bb ikonografick\u00fd p\u0159ehled v\u00edce ne\u017e dvacet manifestac\u00ed Gede. Karen McCarthy Brown popsala v d\u00edle \u00abMama Lola\u00bb osobn\u00ed vztah kn\u011b\u017eky k n\u011bkolika jednotliv\u00fdm loa Gede, mezi nimi zesnul\u00fd bratr, kter\u00fd je nov\u011b uct\u00edv\u00e1n jako \u010dlen rodiny Gede.<\/p><p>Tato personifikace zesnul\u00fdch rodinn\u00fdch p\u0159\u00edslu\u0161n\u00edk\u016f je typick\u00fdm rysem uct\u00edv\u00e1n\u00ed Gede: zem\u0159el\u00fd po ur\u010dit\u00e9 dob\u011b (\u010dasto rok a den) vstupuje do rodiny Gede a z\u00edsk\u00e1v\u00e1 tam jm\u00e9no, kter\u00e9 nese d\u00e1l jeho osobnost. Tento postup se \u0159\u00edd\u00ed z\u00e1padoafrickou logikou p\u0159edk\u016f a podstatn\u011b utv\u00e1\u0159\u00ed haitskou pr\u00e1ci truchlen\u00ed.<\/p>\t\t\t\t\t\t\t\t<\/div>\n\t\t\t\t<\/div>\n\t\t<div class=\"elementor-element elementor-element-b7d733f e-con-full e-flex e-con e-child\" data-id=\"b7d733f\" data-element_type=\"container\" data-e-type=\"container\">\n\t\t\t\t<div class=\"elementor-element elementor-element-fd4f205 elementor-widget elementor-widget-heading\" data-id=\"fd4f205\" data-element_type=\"widget\" data-e-type=\"widget\" data-widget_type=\"heading.default\">\n\t\t\t\t\t<h2 class=\"elementor-heading-title elementor-size-default\">Prameny a literatura<\/h2>\t\t\t\t<\/div>\n\t\t\t\t<div class=\"elementor-element elementor-element-99ad15f elementor-widget elementor-widget-text-editor\" data-id=\"99ad15f\" data-element_type=\"widget\" data-e-type=\"widget\" data-widget_type=\"text-editor.default\">\n\t\t\t\t\t\t\t\t\t<footer class=\"iwg-literatur\"><p>Sekund\u00e1rn\u00ed literatura:<\/p><ul><li><span data-nosnippet>Alfred M\u00e9traux, \u00abLe vaudou ha\u00eftien\u00bb (Pa\u0159\u00ed\u017e 1958).<\/span><\/li><li><span data-nosnippet>Karen McCarthy Brown, \u00abMama Lola\u00bb (Berkeley 1991), zejm\u00e9na kapitoly o Maman Brigitte a l\u00e9\u010div\u00e9 funkci Gede.<\/span><\/li><li><span data-nosnippet>Donald Cosentino (ed.), \u00abSacred Arts of Haitian Vodou\u00bb (Los Angeles 1995), s pojedn\u00e1n\u00edmi o Bawon Samdi a <span class=\"iwg-fachbegriff\" data-tooltip=\"Nauka o obsahu obraz\u016f a jejich v\u00fdznamu.\" tabindex=\"0\">ikonografii<\/span> Gede.<\/span><\/li><li><span data-nosnippet>Elizabeth McAlister, \u00abRara! Vodou, Power, and Performance\u00bb (Berkeley 2002), zejm\u00e9na kapitola o F\u00e8t Gede.<\/span><\/li><li><span data-nosnippet>La\u00ebnnec Hurbon, \u00abCulture et dictature en Ha\u00efti\u00bb (Pa\u0159\u00ed\u017e 1979) a \u00abLe barbare imaginaire\u00bb (Pa\u0159\u00ed\u017e 1988).<\/span><\/li><li><span data-nosnippet>Patrick Bellegarde-Smith a Claudine Michel, \u00abHaitian Vodou: Spirit, Myth, and Reality\u00bb (Bloomington 2006).<\/span><\/li><li><span data-nosnippet>Patrick Bellegarde-Smith, \u00abHaiti: The Breached Citadel\u00bb (Boulder 1990).<\/span><\/li><\/ul><p><span data-nosnippet>K z\u00e1padoafrick\u00fdm p\u0159edloh\u00e1m: Melville J. Herskovits, \u00abDahomey\u00bb (New York 1938); Suzanne Preston Blier, \u00abAfrican Vodun\u00bb (Chicago 1995); Robert Farris Thompson, \u00abFlash of the Spirit: African and Afro-American Art and Philosophy\u00bb (New York 1983), s kapitolami o kongsk\u00fdch substr\u00e1tech tradice Gede.<\/span><\/p>\n<p class=\"iwg-bib-more\"><span data-nosnippet>Dal\u0161\u00ed standardn\u00ed d\u00edla v <a href=\"https:\/\/iwell-guard.com\/cs\/literatura\/\">seznamu literatury<\/a>.<\/span><\/p><\/footer>\t\t\t\t\t\t\t\t<\/div>\n\t\t\t\t<\/div>\n\t\t\t\t\t<\/div>\n\t\t\t\t<\/div>\n\t\t\t\t<\/div>\n\t\t","protected":false},"excerpt":{"rendered":"","protected":false},"author":3,"featured_media":3281,"parent":0,"menu_order":0,"comment_status":"closed","ping_status":"closed","template":"elementor_header_footer","meta":{"_yoast_wpseo_focuskw":"Gede","_yoast_wpseo_title":"Gede - duchov\u00e9 smrti, sexuality a l\u00e9\u010den\u00ed","_yoast_wpseo_metadesc":"Gede (Gu\u00e9d\u00e9) jsou loa mrtv\u00fdch ve vod\u00fa, rodina Barona Sameda. H\u0159bitovn\u00ed duchov\u00e9 v \u010derno-fialov\u00fdch barv\u00e1ch.","_yoast_wpseo_meta-robots-noindex":"","_yoast_wpseo_canonical":"","_angie_page":false,"gefaehrdungsstufe":"2","wesen_kultur":"vodou","wesen_klasse":"goetter","footnotes":""},"categories":[],"class_list":["post-145643","page","type-page","status-publish","has-post-thumbnail","hentry"],"yoast_head":"<!-- This site is optimized with the Yoast SEO Premium plugin v27.7 (Yoast SEO v28.3) - https:\/\/yoast.com\/product\/yoast-seo-premium-wordpress\/ -->\n<title>Gede - duchov\u00e9 smrti, sexuality a l\u00e9\u010den\u00ed<\/title>\n<meta name=\"description\" content=\"Gede (Gu\u00e9d\u00e9) jsou loa mrtv\u00fdch ve vod\u00fa, rodina Barona Sameda. H\u0159bitovn\u00ed duchov\u00e9 v \u010derno-fialov\u00fdch barv\u00e1ch.\" \/>\n<meta name=\"robots\" content=\"index, follow, max-snippet:-1, max-image-preview:large, max-video-preview:-1\" \/>\n<link rel=\"canonical\" href=\"https:\/\/iwell-guard.com\/cs\/gede\/\" \/>\n<meta property=\"og:locale\" content=\"cs_CZ\" \/>\n<meta property=\"og:type\" content=\"article\" \/>\n<meta property=\"og:title\" content=\"Gede\" \/>\n<meta property=\"og:description\" content=\"Gede (Gu\u00e9d\u00e9) jsou loa mrtv\u00fdch ve vod\u00fa, rodina Barona Sameda. H\u0159bitovn\u00ed duchov\u00e9 v \u010derno-fialov\u00fdch barv\u00e1ch.\" \/>\n<meta property=\"og:url\" content=\"https:\/\/iwell-guard.com\/cs\/gede\/\" \/>\n<meta property=\"og:site_name\" content=\"iWell Guard\" \/>\n<meta property=\"article:modified_time\" content=\"2026-09-03T17:01:46+00:00\" \/>\n<meta property=\"og:image\" content=\"https:\/\/iwell-guard.com\/wp-content\/uploads\/2026\/05\/goetter_vodou_gede.webp\" \/>\n\t<meta property=\"og:image:width\" content=\"1024\" \/>\n\t<meta property=\"og:image:height\" content=\"1536\" \/>\n\t<meta property=\"og:image:type\" content=\"image\/webp\" \/>\n<meta name=\"twitter:card\" content=\"summary_large_image\" \/>\n<script type=\"application\/ld+json\" class=\"yoast-schema-graph\">{\"@context\":\"https:\\\/\\\/schema.org\",\"@graph\":[{\"@type\":\"WebPage\",\"@id\":\"https:\\\/\\\/iwell-guard.com\\\/cs\\\/gede\\\/\",\"url\":\"https:\\\/\\\/iwell-guard.com\\\/cs\\\/gede\\\/\",\"name\":\"Gede - duchov\u00e9 smrti, sexuality a l\u00e9\u010den\u00ed\",\"isPartOf\":{\"@id\":\"https:\\\/\\\/iwell-guard.com\\\/cs\\\/#website\"},\"primaryImageOfPage\":{\"@id\":\"https:\\\/\\\/iwell-guard.com\\\/cs\\\/gede\\\/#primaryimage\"},\"image\":{\"@id\":\"https:\\\/\\\/iwell-guard.com\\\/cs\\\/gede\\\/#primaryimage\"},\"thumbnailUrl\":\"https:\\\/\\\/iwell-guard.com\\\/wp-content\\\/uploads\\\/2026\\\/05\\\/goetter_vodou_gede.webp\",\"datePublished\":\"2026-09-03T16:32:23+00:00\",\"dateModified\":\"2026-09-03T17:01:46+00:00\",\"description\":\"Gede (Gu\u00e9d\u00e9) jsou loa mrtv\u00fdch ve vod\u00fa, rodina Barona Sameda. H\u0159bitovn\u00ed duchov\u00e9 v \u010derno-fialov\u00fdch barv\u00e1ch.\",\"breadcrumb\":{\"@id\":\"https:\\\/\\\/iwell-guard.com\\\/cs\\\/gede\\\/#breadcrumb\"},\"inLanguage\":\"cs\",\"potentialAction\":[{\"@type\":\"ReadAction\",\"target\":[\"https:\\\/\\\/iwell-guard.com\\\/cs\\\/gede\\\/\"]}]},{\"@type\":\"ImageObject\",\"inLanguage\":\"cs\",\"@id\":\"https:\\\/\\\/iwell-guard.com\\\/cs\\\/gede\\\/#primaryimage\",\"url\":\"https:\\\/\\\/iwell-guard.com\\\/wp-content\\\/uploads\\\/2026\\\/05\\\/goetter_vodou_gede.webp\",\"contentUrl\":\"https:\\\/\\\/iwell-guard.com\\\/wp-content\\\/uploads\\\/2026\\\/05\\\/goetter_vodou_gede.webp\",\"width\":1024,\"height\":1536,\"caption\":\"Bohov\u00e9 z voduistick\u00e9 tradice.\"},{\"@type\":\"BreadcrumbList\",\"@id\":\"https:\\\/\\\/iwell-guard.com\\\/cs\\\/gede\\\/#breadcrumb\",\"itemListElement\":[{\"@type\":\"ListItem\",\"position\":1,\"name\":\"Start\",\"item\":\"https:\\\/\\\/iwell-guard.com\\\/cs\\\/?page_id=145107\"},{\"@type\":\"ListItem\",\"position\":2,\"name\":\"Gede\"}]},{\"@type\":\"WebSite\",\"@id\":\"https:\\\/\\\/iwell-guard.com\\\/cs\\\/#website\",\"url\":\"https:\\\/\\\/iwell-guard.com\\\/cs\\\/\",\"name\":\"iWell Guard\",\"description\":\"Schutz vor dunklen Einfl\u00fcssen\",\"publisher\":{\"@id\":\"https:\\\/\\\/iwell-guard.com\\\/cs\\\/#organization\"},\"potentialAction\":[{\"@type\":\"SearchAction\",\"target\":{\"@type\":\"EntryPoint\",\"urlTemplate\":\"https:\\\/\\\/iwell-guard.com\\\/cs\\\/?s={search_term_string}\"},\"query-input\":{\"@type\":\"PropertyValueSpecification\",\"valueRequired\":true,\"valueName\":\"search_term_string\"}}],\"inLanguage\":\"cs\"},{\"@type\":\"Organization\",\"@id\":\"https:\\\/\\\/iwell-guard.com\\\/cs\\\/#organization\",\"name\":\"Ittermann electronic GmbH\",\"url\":\"https:\\\/\\\/iwell-guard.com\\\/cs\\\/\",\"logo\":{\"@type\":\"ImageObject\",\"inLanguage\":\"cs\",\"@id\":\"https:\\\/\\\/iwell-guard.com\\\/cs\\\/#\\\/schema\\\/logo\\\/image\\\/\",\"url\":\"https:\\\/\\\/iwell-guard.com\\\/wp-content\\\/uploads\\\/2026\\\/05\\\/Ittermann-Logo-1182x237-1.png\",\"contentUrl\":\"https:\\\/\\\/iwell-guard.com\\\/wp-content\\\/uploads\\\/2026\\\/05\\\/Ittermann-Logo-1182x237-1.png\",\"width\":1182,\"height\":237,\"caption\":\"Ittermann electronic GmbH\"},\"image\":{\"@id\":\"https:\\\/\\\/iwell-guard.com\\\/cs\\\/#\\\/schema\\\/logo\\\/image\\\/\"},\"sameAs\":[\"https:\\\/\\\/pantip.com\\\/profile\\\/9367242\",\"https:\\\/\\\/micro.blog\\\/iwellguard\",\"https:\\\/\\\/www.diggerslist.com\\\/iwellguard\\\/about\",\"https:\\\/\\\/skitterphoto.com\\\/photographers\\\/2870314\\\/iwell-guard\",\"https:\\\/\\\/iwellguard.wordpress.com\\\/2026\\\/06\\\/06\\\/iwell-guard\\\/\",\"https:\\\/\\\/hub.docker.com\\\/u\\\/iwellguard\",\"https:\\\/\\\/www.pinterest.com\\\/iwellguard\\\/\",\"https:\\\/\\\/bit.ly\\\/m\\\/iwellguard\",\"https:\\\/\\\/entre-vos-mains.alsace.eu\\\/profiles\\\/iwellguard\\\/activity\",\"https:\\\/\\\/gravatar.com\\\/reallybeded8fd34\",\"https:\\\/\\\/naijamatta.com\\\/iwellguard\",\"https:\\\/\\\/www.goodreads.com\\\/iwellguard\",\"https:\\\/\\\/profile.hatena.ne.jp\\\/iwellguard\\\/\",\"https:\\\/\\\/experiment.com\\\/users\\\/iwellguard\",\"https:\\\/\\\/wakelet.com\\\/@iWellGuard82270\",\"https:\\\/\\\/www.chordie.com\\\/forum\\\/profile.php?id=2555664\",\"https:\\\/\\\/www.instapaper.com\\\/p\\\/17757966\",\"https:\\\/\\\/www.mapleprimes.com\\\/users\\\/iwellguard\",\"https:\\\/\\\/businesslistingplus.com\\\/profile\\\/iwell-guard\\\/\",\"https:\\\/\\\/telegra.ph\\\/iWell-Guard-06-06\",\"https:\\\/\\\/pbase.com\\\/iwellguard\\\/iwellguard\",\"https:\\\/\\\/b.hatena.ne.jp\\\/iwellguard\\\/20260607#bookmark-4788405196491818882\",\"https:\\\/\\\/fliphtml5.com\\\/home\\\/iwellguard\",\"https:\\\/\\\/anyflip.com\\\/homepage\\\/cmiwl#About\",\"https:\\\/\\\/transfur.com\\\/Users\\\/iwellguard\",\"http:\\\/\\\/delphi.larsbo.org\\\/user\\\/iwellguard\",\"https:\\\/\\\/jobs.lajobsportal.org\\\/profiles\\\/8380803-iwell-guard\",\"https:\\\/\\\/md.chaosdorf.de\\\/s\\\/jfbe5SBdJD\",\"https:\\\/\\\/www.lingvolive.com\\\/en-us\\\/profile\\\/9ecaeaca-ce11-4e51-9e71-01d55e2bff36\\\/translations\",\"https:\\\/\\\/www.fitday.com\\\/fitness\\\/forums\\\/members\\\/iwellguard.html\",\"https:\\\/\\\/www.mymeetbook.com\\\/iwellguard\",\"https:\\\/\\\/pxhere.com\\\/en\\\/photographer-me\\\/5040798\",\"https:\\\/\\\/disqus.com\\\/by\\\/iwellguard\\\/about\\\/\",\"https:\\\/\\\/pastelink.net\\\/hjwciqwq\",\"https:\\\/\\\/pubhtml5.com\\\/homepage\\\/scjhn\\\/\",\"https:\\\/\\\/www.bitchute.com\\\/channel\\\/2O2eOKzNqujT\",\"https:\\\/\\\/audiomack.com\\\/iwellguard\"]},{\"@type\":\"Article\",\"@id\":\"https:\\\/\\\/iwell-guard.com\\\/cs\\\/gede\\\/#article\",\"isPartOf\":{\"@id\":\"https:\\\/\\\/iwell-guard.com\\\/cs\\\/gede\\\/\"},\"author\":{\"name\":\"Ralf Ittermann\",\"@id\":\"https:\\\/\\\/iwell-guard.com\\\/cs\\\/#\\\/schema\\\/person\\\/ee2a27f1cac3406c7c6fb5820cb7349f\"},\"headline\":\"Gede\",\"datePublished\":\"2026-09-03T16:32:23+00:00\",\"dateModified\":\"2026-09-03T17:01:46+00:00\",\"mainEntityOfPage\":{\"@id\":\"https:\\\/\\\/iwell-guard.com\\\/cs\\\/gede\\\/\"},\"publisher\":{\"@id\":\"https:\\\/\\\/iwell-guard.com\\\/cs\\\/#organization\"},\"image\":{\"@id\":\"https:\\\/\\\/iwell-guard.com\\\/cs\\\/gede\\\/#primaryimage\"},\"thumbnailUrl\":\"https:\\\/\\\/iwell-guard.com\\\/wp-content\\\/uploads\\\/2026\\\/05\\\/goetter_vodou_gede.webp\",\"inLanguage\":\"cs\",\"description\":\"Gede (Gu\u00e9d\u00e9) jsou loa mrtv\u00fdch ve vod\u00fa, rodina Barona Sameda. H\u0159bitovn\u00ed duchov\u00e9 v \u010derno-fialov\u00fdch barv\u00e1ch.\"}]}<\/script>\n<!-- \/ Yoast SEO Premium plugin. -->","yoast_head_json":{"title":"Gede - duchov\u00e9 smrti, sexuality a l\u00e9\u010den\u00ed","description":"Gede (Gu\u00e9d\u00e9) jsou loa mrtv\u00fdch ve vod\u00fa, rodina Barona Sameda. H\u0159bitovn\u00ed duchov\u00e9 v \u010derno-fialov\u00fdch barv\u00e1ch.","robots":{"index":"index","follow":"follow","max-snippet":"max-snippet:-1","max-image-preview":"max-image-preview:large","max-video-preview":"max-video-preview:-1"},"canonical":"https:\/\/iwell-guard.com\/cs\/gede\/","og_locale":"cs_CZ","og_type":"article","og_title":"Gede","og_description":"Gede (Gu\u00e9d\u00e9) jsou loa mrtv\u00fdch ve vod\u00fa, rodina Barona Sameda. H\u0159bitovn\u00ed duchov\u00e9 v \u010derno-fialov\u00fdch barv\u00e1ch.","og_url":"https:\/\/iwell-guard.com\/cs\/gede\/","og_site_name":"iWell Guard","article_modified_time":"2026-09-03T17:01:46+00:00","og_image":[{"width":1024,"height":1536,"url":"https:\/\/iwell-guard.com\/wp-content\/uploads\/2026\/05\/goetter_vodou_gede.webp","type":"image\/webp"}],"twitter_card":"summary_large_image","schema":{"@context":"https:\/\/schema.org","@graph":[{"@type":"Article","@id":"https:\/\/iwell-guard.com\/cs\/gede\/#article","isPartOf":{"@id":"https:\/\/iwell-guard.com\/cs\/gede\/"},"author":{"name":"Ralf Ittermann","@id":"https:\/\/iwell-guard.com\/cs\/#\/schema\/person\/ee2a27f1cac3406c7c6fb5820cb7349f"},"headline":"Gede","datePublished":"2026-09-03T16:32:23+00:00","dateModified":"2026-09-03T17:01:46+00:00","mainEntityOfPage":{"@id":"https:\/\/iwell-guard.com\/cs\/gede\/"},"publisher":{"@id":"https:\/\/iwell-guard.com\/cs\/#organization"},"image":{"@id":"https:\/\/iwell-guard.com\/cs\/gede\/#primaryimage"},"thumbnailUrl":"https:\/\/iwell-guard.com\/wp-content\/uploads\/2026\/05\/goetter_vodou_gede.webp","inLanguage":"cs","description":"Gede (Gu\u00e9d\u00e9) jsou loa mrtv\u00fdch ve vod\u00fa, rodina Barona Sameda. H\u0159bitovn\u00ed duchov\u00e9 v \u010derno-fialov\u00fdch barv\u00e1ch."},{"@type":"WebPage","@id":"https:\/\/iwell-guard.com\/cs\/gede\/","url":"https:\/\/iwell-guard.com\/cs\/gede\/","name":"Gede - duchov\u00e9 smrti, sexuality a l\u00e9\u010den\u00ed","isPartOf":{"@id":"https:\/\/iwell-guard.com\/cs\/#website"},"primaryImageOfPage":{"@id":"https:\/\/iwell-guard.com\/cs\/gede\/#primaryimage"},"image":{"@id":"https:\/\/iwell-guard.com\/cs\/gede\/#primaryimage"},"thumbnailUrl":"https:\/\/iwell-guard.com\/wp-content\/uploads\/2026\/05\/goetter_vodou_gede.webp","datePublished":"2026-09-03T16:32:23+00:00","dateModified":"2026-09-03T17:01:46+00:00","description":"Gede (Gu\u00e9d\u00e9) jsou loa mrtv\u00fdch ve vod\u00fa, rodina Barona Sameda. H\u0159bitovn\u00ed duchov\u00e9 v \u010derno-fialov\u00fdch barv\u00e1ch.","breadcrumb":{"@id":"https:\/\/iwell-guard.com\/cs\/gede\/#breadcrumb"},"inLanguage":"cs","potentialAction":[{"@type":"ReadAction","target":["https:\/\/iwell-guard.com\/cs\/gede\/"]}]},{"@type":"ImageObject","inLanguage":"cs","@id":"https:\/\/iwell-guard.com\/cs\/gede\/#primaryimage","url":"https:\/\/iwell-guard.com\/wp-content\/uploads\/2026\/05\/goetter_vodou_gede.webp","contentUrl":"https:\/\/iwell-guard.com\/wp-content\/uploads\/2026\/05\/goetter_vodou_gede.webp","width":1024,"height":1536,"caption":"Bohov\u00e9 z voduistick\u00e9 tradice."},{"@type":"BreadcrumbList","@id":"https:\/\/iwell-guard.com\/cs\/gede\/#breadcrumb","itemListElement":[{"@type":"ListItem","position":1,"name":"Start","item":"https:\/\/iwell-guard.com\/cs\/?page_id=145107"},{"@type":"ListItem","position":2,"name":"Gede"}]},{"@type":"WebSite","@id":"https:\/\/iwell-guard.com\/cs\/#website","url":"https:\/\/iwell-guard.com\/cs\/","name":"iWell Guard","description":"Schutz vor dunklen Einfl\u00fcssen","publisher":{"@id":"https:\/\/iwell-guard.com\/cs\/#organization"},"potentialAction":[{"@type":"SearchAction","target":{"@type":"EntryPoint","urlTemplate":"https:\/\/iwell-guard.com\/cs\/?s={search_term_string}"},"query-input":{"@type":"PropertyValueSpecification","valueRequired":true,"valueName":"search_term_string"}}],"inLanguage":"cs"},{"@type":"Organization","@id":"https:\/\/iwell-guard.com\/cs\/#organization","name":"Ittermann electronic GmbH","url":"https:\/\/iwell-guard.com\/cs\/","logo":{"@type":"ImageObject","inLanguage":"cs","@id":"https:\/\/iwell-guard.com\/cs\/#\/schema\/logo\/image\/","url":"https:\/\/iwell-guard.com\/wp-content\/uploads\/2026\/05\/Ittermann-Logo-1182x237-1.png","contentUrl":"https:\/\/iwell-guard.com\/wp-content\/uploads\/2026\/05\/Ittermann-Logo-1182x237-1.png","width":1182,"height":237,"caption":"Ittermann electronic GmbH"},"image":{"@id":"https:\/\/iwell-guard.com\/cs\/#\/schema\/logo\/image\/"},"sameAs":["https:\/\/pantip.com\/profile\/9367242","https:\/\/micro.blog\/iwellguard","https:\/\/www.diggerslist.com\/iwellguard\/about","https:\/\/skitterphoto.com\/photographers\/2870314\/iwell-guard","https:\/\/iwellguard.wordpress.com\/2026\/06\/06\/iwell-guard\/","https:\/\/hub.docker.com\/u\/iwellguard","https:\/\/www.pinterest.com\/iwellguard\/","https:\/\/bit.ly\/m\/iwellguard","https:\/\/entre-vos-mains.alsace.eu\/profiles\/iwellguard\/activity","https:\/\/gravatar.com\/reallybeded8fd34","https:\/\/naijamatta.com\/iwellguard","https:\/\/www.goodreads.com\/iwellguard","https:\/\/profile.hatena.ne.jp\/iwellguard\/","https:\/\/experiment.com\/users\/iwellguard","https:\/\/wakelet.com\/@iWellGuard82270","https:\/\/www.chordie.com\/forum\/profile.php?id=2555664","https:\/\/www.instapaper.com\/p\/17757966","https:\/\/www.mapleprimes.com\/users\/iwellguard","https:\/\/businesslistingplus.com\/profile\/iwell-guard\/","https:\/\/telegra.ph\/iWell-Guard-06-06","https:\/\/pbase.com\/iwellguard\/iwellguard","https:\/\/b.hatena.ne.jp\/iwellguard\/20260607#bookmark-4788405196491818882","https:\/\/fliphtml5.com\/home\/iwellguard","https:\/\/anyflip.com\/homepage\/cmiwl#About","https:\/\/transfur.com\/Users\/iwellguard","http:\/\/delphi.larsbo.org\/user\/iwellguard","https:\/\/jobs.lajobsportal.org\/profiles\/8380803-iwell-guard","https:\/\/md.chaosdorf.de\/s\/jfbe5SBdJD","https:\/\/www.lingvolive.com\/en-us\/profile\/9ecaeaca-ce11-4e51-9e71-01d55e2bff36\/translations","https:\/\/www.fitday.com\/fitness\/forums\/members\/iwellguard.html","https:\/\/www.mymeetbook.com\/iwellguard","https:\/\/pxhere.com\/en\/photographer-me\/5040798","https:\/\/disqus.com\/by\/iwellguard\/about\/","https:\/\/pastelink.net\/hjwciqwq","https:\/\/pubhtml5.com\/homepage\/scjhn\/","https:\/\/www.bitchute.com\/channel\/2O2eOKzNqujT","https:\/\/audiomack.com\/iwellguard"]},{"@type":"Person","@id":"https:\/\/iwell-guard.com\/cs\/#\/schema\/person\/ee2a27f1cac3406c7c6fb5820cb7349f","name":"Ralf Ittermann","image":{"@type":"ImageObject","inLanguage":"cs","@id":"https:\/\/secure.gravatar.com\/avatar\/073c0153e350a5005b68eb752b445fea71f6b24a26da9449ad7e155e6b446c9d?s=96&d=mm&r=g","url":"https:\/\/secure.gravatar.com\/avatar\/073c0153e350a5005b68eb752b445fea71f6b24a26da9449ad7e155e6b446c9d?s=96&d=mm&r=g","contentUrl":"https:\/\/secure.gravatar.com\/avatar\/073c0153e350a5005b68eb752b445fea71f6b24a26da9449ad7e155e6b446c9d?s=96&d=mm&r=g","caption":"Ralf Ittermann"},"givenName":"Ralf","familyName":"Ittermann","jobTitle":"Gesch\u00e4ftsf\u00fchrer und redaktioneller Verantwortlicher","url":"https:\/\/iwell-guard.com\/cs\/author\/claude\/","description":"Ralf Ittermann ist Gesch\u00e4ftsf\u00fchrer der Ittermann electronic GmbH und redaktioneller Verantwortlicher des iWell-Guard-Lexikons. Er verbindet langj\u00e4hrige Erfahrung in der Pr\u00e4zisionsfertigung mit medialer Praxis und religionsgeschichtlicher Quellenarbeit.","worksFor":{"@type":"Organization","name":"Ittermann electronic GmbH","url":"https:\/\/ittermann.de\/","address":{"@type":"PostalAddress","streetAddress":"K\u00f6hlergasse 16-18","postalCode":"99842","addressLocality":"Ruhla","addressCountry":"DE"}},"knowsAbout":["Religionsgeschichte","Mythologie","Mediale Praxis","Energetische Diagnostik","Schutzpraxis","Volksglauben","Westliche Esoterik"]},{"@type":"Article","@id":"https:\/\/iwell-guard.com\/cs\/gede\/#article","isPartOf":{"@id":"https:\/\/iwell-guard.com\/cs\/gede\/"},"author":{"name":"Ralf Ittermann","@id":"https:\/\/iwell-guard.com\/cs\/#\/schema\/person\/ee2a27f1cac3406c7c6fb5820cb7349f"},"headline":"Gede","datePublished":"2026-09-03T16:32:23+00:00","dateModified":"2026-09-03T17:01:46+00:00","mainEntityOfPage":{"@id":"https:\/\/iwell-guard.com\/cs\/gede\/"},"publisher":{"@id":"https:\/\/iwell-guard.com\/cs\/#organization"},"image":{"@id":"https:\/\/iwell-guard.com\/cs\/gede\/#primaryimage"},"thumbnailUrl":"https:\/\/iwell-guard.com\/wp-content\/uploads\/2026\/05\/goetter_vodou_gede.webp","inLanguage":"cs","description":"Gede (Gu\u00e9d\u00e9) jsou loa mrtv\u00fdch ve vod\u00fa, rodina Barona Sameda. H\u0159bitovn\u00ed duchov\u00e9 v \u010derno-fialov\u00fdch barv\u00e1ch."}]}},"_links":{"self":[{"href":"https:\/\/iwell-guard.com\/cs\/wp-json\/wp\/v2\/pages\/145643","targetHints":{"allow":["GET"]}}],"collection":[{"href":"https:\/\/iwell-guard.com\/cs\/wp-json\/wp\/v2\/pages"}],"about":[{"href":"https:\/\/iwell-guard.com\/cs\/wp-json\/wp\/v2\/types\/page"}],"author":[{"embeddable":true,"href":"https:\/\/iwell-guard.com\/cs\/wp-json\/wp\/v2\/users\/3"}],"replies":[{"embeddable":true,"href":"https:\/\/iwell-guard.com\/cs\/wp-json\/wp\/v2\/comments?post=145643"}],"version-history":[{"count":0,"href":"https:\/\/iwell-guard.com\/cs\/wp-json\/wp\/v2\/pages\/145643\/revisions"}],"wp:featuredmedia":[{"embeddable":true,"href":"https:\/\/iwell-guard.com\/cs\/wp-json\/wp\/v2\/media\/3281"}],"wp:attachment":[{"href":"https:\/\/iwell-guard.com\/cs\/wp-json\/wp\/v2\/media?parent=145643"}],"wp:term":[{"taxonomy":"category","embeddable":true,"href":"https:\/\/iwell-guard.com\/cs\/wp-json\/wp\/v2\/categories?post=145643"}],"curies":[{"name":"wp","href":"https:\/\/api.w.org\/{rel}","templated":true}]}}