{"id":145634,"date":"2026-09-03T16:32:18","date_gmt":"2026-09-03T16:32:18","guid":{"rendered":"https:\/\/iwell-guard.com\/?page_id=145634"},"modified":"2026-09-03T17:01:31","modified_gmt":"2026-09-03T17:01:31","slug":"ceridwen","status":"publish","type":"page","link":"https:\/\/iwell-guard.com\/cs\/ceridwen\/","title":{"rendered":"Ceridwen"},"content":{"rendered":"\t\t<div data-elementor-type=\"wp-page\" data-elementor-id=\"145634\" class=\"elementor elementor-145634 elementor-3050 elementor-bc-flex-widget\" data-elementor-post-type=\"page\">\n\t\t\t\t<div class=\"elementor-element elementor-element-4574f70 e-flex e-con-boxed e-con e-parent\" data-id=\"4574f70\" data-element_type=\"container\" data-e-type=\"container\" data-settings=\"{&quot;background_background&quot;:&quot;classic&quot;}\">\n\t\t\t\t\t<div class=\"e-con-inner\">\n\t\t<div class=\"elementor-element elementor-element-e92efab e-flex e-con-boxed e-con e-child\" data-id=\"e92efab\" data-element_type=\"container\" data-e-type=\"container\">\n\t\t\t\t\t<div class=\"e-con-inner\">\n\t\t<div class=\"elementor-element elementor-element-7241c66 e-con-full e-flex e-con e-child\" data-id=\"7241c66\" data-element_type=\"container\" data-e-type=\"container\">\n\t\t\t\t<div class=\"elementor-element elementor-element-f71b140 elementor-widget elementor-widget-heading\" data-id=\"f71b140\" data-element_type=\"widget\" data-e-type=\"widget\" data-widget_type=\"heading.default\">\n\t\t\t\t\t<h1 class=\"elementor-heading-title elementor-size-default\">Ceridwen, vel\u0161sk\u00e1 bohyn\u011b inspirace<\/h1>\t\t\t\t<\/div>\n\t\t\t\t<div class=\"elementor-element elementor-element-e0cb8c4 elementor-widget elementor-widget-text-editor\" data-id=\"e0cb8c4\" data-element_type=\"widget\" data-e-type=\"widget\" data-widget_type=\"text-editor.default\">\n\t\t\t\t\t\t\t\t\t<p>Ceridwen, tak\u00e9 Cerridwen, je kl\u00ed\u010dovou postavou vel\u0161sk\u00e9 <span class=\"iwg-fachbegriff\" data-tooltip=\"Souhrn tradovan\u00fdch vypr\u00e1v\u011bn\u00ed o boz\u00edch ur\u010dit\u00e9 kultury.\" tabindex=\"0\">mytologie<\/span> a ve st\u0159edov\u011bk\u00e9 tradici je popisov\u00e1na jako pan\u00ed kotl\u00edku inspirace.<\/p><p>Jej\u00ed p\u0159\u00edb\u011bh stoj\u00ed ve st\u0159edu \u00abHanes Taliesin\u00bb, \u017eivotn\u00edho p\u0159\u00edb\u011bhu legend\u00e1rn\u00edho vel\u0161sk\u00e9ho b\u00e1sn\u00edka Taliesina, jeho\u017e nejstar\u0161\u00ed fragment\u00e1rn\u00ed doklady sahaj\u00ed do 9. stolet\u00ed, av\u0161ak \u00fapln\u00e1 verze je dochov\u00e1na a\u017e v pozdn\u011b st\u0159edov\u011bk\u00fdch rukopisech.<\/p>\t\t\t\t\t\t\t\t<\/div>\n\t\t\t\t<\/div>\n\t\t<div class=\"elementor-element elementor-element-9182ee4 e-con-full e-flex e-con e-parent\" data-id=\"9182ee4\" data-element_type=\"container\" data-e-type=\"container\">\n\t\t\t\t<div class=\"elementor-element elementor-element-b9737c5 elementor-widget elementor-widget-html\" data-id=\"b9737c5\" data-element_type=\"widget\" data-e-type=\"widget\" data-widget_type=\"html.default\">\n\t\t\t\t\t<div class=\"iwg-pill-row\"><span class=\"iwg-klasse-badge\" tabindex=\"0\" data-tooltip=\"B\u016fh \/ bohyn\u011b: Zosobn\u011bn\u00e1 nejvy\u0161\u0161\u00ed moc v panteonu ur\u010dit\u00e9 kultury, s jasn\u00fdmi oblastmi p\u016fsobnosti \u2014 p\u0159\u00edrodn\u00ed s\u00edly, osud, v\u00e1lka, plodnost. Uct\u00edv\u00e1na prost\u0159ednictv\u00edm kult\u016f, ob\u011bt\u00ed a chr\u00e1mov\u00fdch instituc\u00ed.\">B\u016fh<\/span><a href=\"https:\/\/iwell-guard.com\/cs\/keltska\/\" class=\"iwg-kultur-badge\" tabindex=\"0\" data-tooltip=\"Keltsk\u00e9 n\u00e1bo\u017eenstv\u00ed z\u00e1padn\u00ed Evropy a Britsk\u00fdch ostrov\u016f, mytologicky dochovan\u00e9 prost\u0159ednictv\u00edm irsko-vel\u0161sk\u00fdch text\u016f.\">Keltsk\u00e9<\/a><\/div>\t\t\t\t<\/div>\n\t\t\t\t<\/div>\n\t\t<div class=\"elementor-element elementor-element-d0b42c6 e-con-full e-flex e-con e-child\" data-id=\"d0b42c6\" data-element_type=\"container\" data-e-type=\"container\">\n\t\t\t\t<div class=\"elementor-element elementor-element-1a79296 elementor-toc--minimized-on-tablet elementor-widget elementor-widget-table-of-contents\" data-id=\"1a79296\" data-element_type=\"widget\" data-e-type=\"widget\" data-settings=\"{&quot;exclude_headings_by_selector&quot;:[],&quot;no_headings_message&quot;:&quot;Na t\\u00e9to str\\u00e1nce nebyly nalezeny \\u017e\\u00e1dn\\u00e9 nadpisy.&quot;,&quot;headings_by_tags&quot;:[&quot;h2&quot;,&quot;h3&quot;],&quot;marker_view&quot;:&quot;bullets&quot;,&quot;icon&quot;:{&quot;value&quot;:&quot;fas fa-circle&quot;,&quot;library&quot;:&quot;fa-solid&quot;,&quot;rendered_tag&quot;:&quot;&lt;svg class=\\&quot;e-font-icon-svg e-fas-circle\\&quot; viewBox=\\&quot;0 0 512 512\\&quot; xmlns=\\&quot;http:\\\/\\\/www.w3.org\\\/2000\\\/svg\\&quot;&gt;&lt;path d=\\&quot;M256 8C119 8 8 119 8 256s111 248 248 248 248-111 248-248S393 8 256 8z\\&quot;&gt;&lt;\\\/path&gt;&lt;\\\/svg&gt;&quot;},&quot;minimize_box&quot;:&quot;yes&quot;,&quot;minimized_on&quot;:&quot;tablet&quot;,&quot;hierarchical_view&quot;:&quot;yes&quot;,&quot;min_height&quot;:{&quot;unit&quot;:&quot;px&quot;,&quot;size&quot;:&quot;&quot;,&quot;sizes&quot;:[]},&quot;min_height_tablet&quot;:{&quot;unit&quot;:&quot;px&quot;,&quot;size&quot;:&quot;&quot;,&quot;sizes&quot;:[]},&quot;min_height_mobile&quot;:{&quot;unit&quot;:&quot;px&quot;,&quot;size&quot;:&quot;&quot;,&quot;sizes&quot;:[]}}\" data-widget_type=\"table-of-contents.default\">\n\t\t\t\t\t\t\t\t\t<div class=\"elementor-toc__header\">\n\t\t\t\t\t\t<h2 class=\"elementor-toc__header-title\">\n\t\t\t\tObsah\t\t\t<\/h2>\n\t\t\t\t\t\t\t\t\t\t<div class=\"elementor-toc__toggle-button elementor-toc__toggle-button--expand\" role=\"button\" tabindex=\"0\" aria-controls=\"elementor-toc__1a79296\" aria-expanded=\"true\" aria-label=\"Open table of contents\"><svg aria-hidden=\"true\" class=\"e-font-icon-svg e-fas-chevron-down\" viewBox=\"0 0 448 512\" xmlns=\"http:\/\/www.w3.org\/2000\/svg\"><path d=\"M207.029 381.476L12.686 187.132c-9.373-9.373-9.373-24.569 0-33.941l22.667-22.667c9.357-9.357 24.522-9.375 33.901-.04L224 284.505l154.745-154.021c9.379-9.335 24.544-9.317 33.901.04l22.667 22.667c9.373 9.373 9.373 24.569 0 33.941L240.971 381.476c-9.373 9.372-24.569 9.372-33.942 0z\"><\/path><\/svg><\/div>\n\t\t\t\t<div class=\"elementor-toc__toggle-button elementor-toc__toggle-button--collapse\" role=\"button\" tabindex=\"0\" aria-controls=\"elementor-toc__1a79296\" aria-expanded=\"true\" aria-label=\"Close table of contents\"><svg aria-hidden=\"true\" class=\"e-font-icon-svg e-fas-chevron-up\" viewBox=\"0 0 448 512\" xmlns=\"http:\/\/www.w3.org\/2000\/svg\"><path d=\"M240.971 130.524l194.343 194.343c9.373 9.373 9.373 24.569 0 33.941l-22.667 22.667c-9.357 9.357-24.522 9.375-33.901.04L224 227.495 69.255 381.516c-9.379 9.335-24.544 9.317-33.901-.04l-22.667-22.667c-9.373-9.373-9.373-24.569 0-33.941L207.03 130.525c9.372-9.373 24.568-9.373 33.941-.001z\"><\/path><\/svg><\/div>\n\t\t\t\t\t<\/div>\n\t\t\t\t<div id=\"elementor-toc__1a79296\" class=\"elementor-toc__body\">\n\t\t\t<div class=\"elementor-toc__spinner-container\">\n\t\t\t\t<svg class=\"elementor-toc__spinner eicon-animation-spin e-font-icon-svg e-eicon-loading\" aria-hidden=\"true\" viewBox=\"0 0 1000 1000\" xmlns=\"http:\/\/www.w3.org\/2000\/svg\"><path d=\"M500 975V858C696 858 858 696 858 500S696 142 500 142 142 304 142 500H25C25 237 238 25 500 25S975 237 975 500 763 975 500 975Z\"><\/path><\/svg>\t\t\t<\/div>\n\t\t<\/div>\n\t\t\t\t\t\t<\/div>\n\t\t\t\t<\/div>\n\t\t\t\t\t<\/div>\n\t\t\t\t<\/div>\n\t\t<div class=\"elementor-element elementor-element-3e12ecb e-con-full e-flex e-con e-child\" data-id=\"3e12ecb\" data-element_type=\"container\" data-e-type=\"container\">\n\t\t\t\t<div class=\"elementor-element elementor-element-8e63264 iwg-hero-image elementor-widget elementor-widget-image\" data-id=\"8e63264\" data-element_type=\"widget\" data-e-type=\"widget\" data-widget_type=\"image.default\">\n\t\t\t\t\t\t\t\t\t\t\t\t\t\t\t<img fetchpriority=\"high\" decoding=\"async\" width=\"683\" height=\"1024\" src=\"https:\/\/iwell-guard.com\/wp-content\/uploads\/2026\/05\/goetter_keltisch_ceridwen-683x1024.webp\" class=\"attachment-large size-large wp-image-147240\" alt=\"Ceridwen \u2013 bohov\u00e9 z keltsk\u00e9 tradice, historicko-ilustrativn\u00ed zobrazen\u00ed\" srcset=\"https:\/\/iwell-guard.com\/wp-content\/uploads\/2026\/05\/goetter_keltisch_ceridwen-683x1024.webp 683w, https:\/\/iwell-guard.com\/wp-content\/uploads\/2026\/05\/goetter_keltisch_ceridwen-200x300.webp 200w, https:\/\/iwell-guard.com\/wp-content\/uploads\/2026\/05\/goetter_keltisch_ceridwen-768x1152.webp 768w, https:\/\/iwell-guard.com\/wp-content\/uploads\/2026\/05\/goetter_keltisch_ceridwen.webp 1024w\" sizes=\"(max-width: 683px) 100vw, 683px\" \/>\t\t\t\t\t\t\t\t\t\t\t\t\t\t\t<\/div>\n\t\t\t\t<\/div>\n\t\t\t\t\t<\/div>\n\t\t\t\t<\/div>\n\t\t<div class=\"elementor-element elementor-element-166156e e-con-boxed e-flex e-con e-parent\" data-id=\"166156e\" data-element_type=\"container\" data-e-type=\"container\">\n\t\t\t\t\t<div class=\"e-con-inner\">\n\t\t<div class=\"elementor-element elementor-element-02670c8 e-con-full e-flex e-con e-child\" data-id=\"02670c8\" data-element_type=\"container\" data-e-type=\"container\">\n\t\t\t\t<div class=\"elementor-element elementor-element-bad60e7 elementor-widget elementor-widget-heading\" data-id=\"bad60e7\" data-element_type=\"widget\" data-e-type=\"widget\" data-widget_type=\"heading.default\">\n\t\t\t\t\t<h2 class=\"elementor-heading-title elementor-size-default\">Prameny a liter\u00e1rn\u00ed tradice<\/h2>\t\t\t\t<\/div>\n\t\t\t\t<div class=\"elementor-element elementor-element-247b67c elementor-widget elementor-widget-text-editor\" data-id=\"247b67c\" data-element_type=\"widget\" data-e-type=\"widget\" data-widget_type=\"text-editor.default\">\n\t\t\t\t\t\t\t\t\t<p>Nejd\u016fle\u017eit\u011bj\u0161\u00edm pramenem pro Ceridwen je \u00abHanes Taliesin\u00bb, dochovan\u00e1 v \u00fapln\u00e9 podob\u011b u Elise Gruffydda v 16. stolet\u00ed a u Johna Jonese v \u00abllanstephansk\u00fdch rukopisech\u00bb. Fragmenty ukazuj\u00edc\u00ed na v\u00fdrazn\u011b star\u0161\u00ed tradici se nach\u00e1zej\u00ed v \u00abKnize Taliesinov\u011b\u00bb a v \u00abKnize Aneirinov\u011b\u00bb, ob\u011b ze 13. stolet\u00ed.<\/p><p>Patrick K. Ford ve sv\u00e9m d\u00edle \u00abThe Mabinogi and Other Medieval Welsh Tales\u00bb (1977) zpracoval textovou historii ceridwenovsk\u00e9 tradice a uk\u00e1zal, \u017ee centr\u00e1ln\u00ed vypr\u00e1v\u011bn\u00ed o prom\u011bn\u011b u kotl\u00edku existuje v n\u011bkolika vel\u0161sk\u00fdch a bretonsk\u00fdch variant\u00e1ch.<\/p>\n\n<p>Marged Haycockov\u00e1 ve sv\u00fdch prac\u00edch o \u00abKnize Taliesinov\u011b\u00bb upozornila, \u017ee mnoh\u00e9 z b\u00e1sn\u00ed p\u0159ipisovan\u00fdch Taliesinovi vznikly a\u017e v 9. a\u017e 12. stolet\u00ed, zat\u00edmco vypr\u00e1v\u011bn\u00ed o Ceridwen obsahuje liter\u00e1rn\u011b star\u0161\u00ed vrstvy. Badatel\u00e9 tak stoj\u00ed p\u0159ed typick\u00fdm probl\u00e9mem rekonstrukce potenci\u00e1ln\u011b star\u00e9 mytick\u00e9 l\u00e1tky z pozdn\u011b st\u0159edov\u011bk\u00e9 textov\u00e9 podoby.<\/p>\t\t\t\t\t\t\t\t<\/div>\n\t\t\t\t<\/div>\n\t\t<div class=\"elementor-element elementor-element-35cf2c8 e-con-full e-flex e-con e-child\" data-id=\"35cf2c8\" data-element_type=\"container\" data-e-type=\"container\">\n\t\t\t\t<div class=\"elementor-element elementor-element-20f5c6c elementor-widget elementor-widget-heading\" data-id=\"20f5c6c\" data-element_type=\"widget\" data-e-type=\"widget\" data-widget_type=\"heading.default\">\n\t\t\t\t\t<h2 class=\"elementor-heading-title elementor-size-default\">Vypr\u00e1v\u011bn\u00ed o kotl\u00edku<\/h2>\t\t\t\t<\/div>\n\t\t\t\t<div class=\"elementor-element elementor-element-2172be2 elementor-widget elementor-widget-text-editor\" data-id=\"2172be2\" data-element_type=\"widget\" data-e-type=\"widget\" data-widget_type=\"text-editor.default\">\n\t\t\t\t\t\t\t\t\t<p>Centr\u00e1ln\u00ed vypr\u00e1v\u011bn\u00ed zn\u00ed: Ceridwen \u017eije se sv\u00fdm mu\u017eem Tegidem Foelem u jezera Llyn Tegid (dnes Bala Lake v Gwyneddu) a m\u00e1 dv\u011b d\u011bti, kr\u00e1snou Creirwy a o\u0161kliv\u00e9ho Morfrana (tak\u00e9 Afagddu).<\/p><p>Aby Morfranovi navzdory jeho nevzhledn\u00e9 vzhledu poskytla moudrost a inspiraci, uva\u0159\u00ed Ceridwen v kotl\u00edku inspirace (\u00abpair awen\u00bb) zvl\u00e1\u0161tn\u00ed n\u00e1poj. N\u00e1poj mus\u00ed v\u0159\u00edt rok a den, a pouze prvn\u00ed t\u0159i kapky maj\u00ed magick\u00fd \u00fa\u010dinek; zbytek je smrteln\u00fd jed.<\/p>\n\n<p>Kotl\u00edk hl\u00edd\u00e1 chlapec Gwion Bach. P\u0159i m\u00edch\u00e1n\u00ed mu t\u0159i kapky vyst\u0159\u00edknou na palec, kter\u00fd si instinktivn\u011b str\u010d\u00ed do \u00fasta. Okam\u017eit\u011b z\u00edsk\u00e1 rozs\u00e1hl\u00e9 v\u011bd\u011bn\u00ed, kter\u00e9 bylo p\u016fvodn\u011b ur\u010deno pro Morfrana. Vyd\u011b\u0161en\u011b uprchne a kotl\u00edk se rozbije.<\/p><p>Ceridwen ho pron\u00e1sleduje \u0159adou prom\u011bn: Gwion se stane zaj\u00edcem, ona chrtici, on rybou, ona vydrou, on pt\u00e1kem, ona sokolem, on zrnem, ona slepic\u00ed, kter\u00e1 zrno spolkne. Dev\u011bt m\u011bs\u00edc\u016f pozd\u011bji porod\u00ed d\u00edt\u011b Taliesina, kter\u00e9 vhod\u00ed v ko\u017een\u00e9 bra\u0161n\u011b do mo\u0159e, kde ho najde a vychov\u00e1 mlad\u00fd princ Elphin.<\/p>\t\t\t\t\t\t\t\t<\/div>\n\t\t\t\t<\/div>\n\t\t<div class=\"elementor-element elementor-element-1953bdc e-con-full e-flex e-con e-child\" data-id=\"1953bdc\" data-element_type=\"container\" data-e-type=\"container\">\n\t\t\t\t<div class=\"elementor-element elementor-element-0dce562 elementor-widget elementor-widget-heading\" data-id=\"0dce562\" data-element_type=\"widget\" data-e-type=\"widget\" data-widget_type=\"heading.default\">\n\t\t\t\t\t<h2 class=\"elementor-heading-title elementor-size-default\">Symbolika kotl\u00edku<\/h2>\t\t\t\t<\/div>\n\t\t\t\t<div class=\"elementor-element elementor-element-ce22367 elementor-widget elementor-widget-text-editor\" data-id=\"ce22367\" data-element_type=\"widget\" data-e-type=\"widget\" data-widget_type=\"text-editor.default\">\n\t\t\t\t\t\t\t\t\t<p>Kotl\u00edk Ceridwen pat\u0159\u00ed k nejv\u00fdznamn\u011bj\u0161\u00edm symbol\u016fm vel\u0161sk\u00e9 tradice. Stoj\u00ed v \u0159ad\u011b s dal\u0161\u00edmi kouzeln\u00fdmi kotl\u00edky, nap\u0159\u00edklad kotl\u00edkem Brana v \u00abMabinogi\u00bb, kter\u00fd o\u017eivuje mrtv\u00e9, nebo kotl\u00edkem Dagdy v irsk\u00e9 tradici, kter\u00fd d\u00e1v\u00e1 nekone\u010dn\u00e9 mno\u017estv\u00ed potravy.<\/p><p>Helmut Birkhan ve sv\u00e9m d\u00edle \u00abKelten\u00bb (1997) identifikoval kotl\u00edk jako kl\u00ed\u010dov\u00fd sakr\u00e1ln\u00ed p\u0159edm\u011bt keltsk\u00e9ho n\u00e1bo\u017eenstv\u00ed, konkr\u00e9tn\u011b dokumentovan\u00fd archeologick\u00fdmi n\u00e1lezy jako gundestrupsk\u00fd kotl\u00edk a kotl\u00edky z Br\u00e5 a Rynkeby.<\/p>\n\n<p>Miranda Aldhouse-Greenov\u00e1 ve sv\u00e9m d\u00edle \u00abThe Quest for the Shaman\u00bb (2005) zva\u017eovala mo\u017enost, \u017ee symbolika kotl\u00edku sah\u00e1 k \u0161amansk\u00fdm ritu\u00e1l\u016fm inspirace a zasv\u011bcen\u00ed, ve kter\u00fdch byla n\u011bjak\u00e1 l\u00e1tka v tekut\u00e9 form\u011b spojena s dosa\u017een\u00edm mimo\u0159\u00e1dn\u00e9ho v\u011bd\u011bn\u00ed. Tato hypot\u00e9za z\u016fst\u00e1v\u00e1 spekulativn\u00ed, je ale motivov\u00e1na \u010dast\u00fdm v\u00fdskytem motivu kotl\u00edku v keltsk\u00e9m obrazov\u00e9m um\u011bn\u00ed a vypr\u00e1v\u011bc\u00ed tradici.<\/p>\t\t\t\t\t\t\t\t<\/div>\n\t\t\t\t<\/div>\n\t\t<div class=\"elementor-element elementor-element-f058627 e-con-full e-flex e-con e-child\" data-id=\"f058627\" data-element_type=\"container\" data-e-type=\"container\">\n\t\t\t\t<div class=\"elementor-element elementor-element-36a825d elementor-widget elementor-widget-heading\" data-id=\"36a825d\" data-element_type=\"widget\" data-e-type=\"widget\" data-widget_type=\"heading.default\">\n\t\t\t\t\t<h2 class=\"elementor-heading-title elementor-size-default\">Ceridwen jako bohyn\u011b?<\/h2>\t\t\t\t<\/div>\n\t\t\t\t<div class=\"elementor-element elementor-element-19b670d elementor-widget elementor-widget-text-editor\" data-id=\"19b670d\" data-element_type=\"widget\" data-e-type=\"widget\" data-widget_type=\"text-editor.default\">\n\t\t\t\t\t\t\t\t\t<p>Zda byla Ceridwen p\u016fvodn\u011b bohyn\u00ed, je ve v\u00fdzkumu sporn\u00e9. \u00abHanes Taliesin\u00bb ji p\u0159edstavuje jako mocnou kouzelnici, ani\u017e by ji v\u00fdslovn\u011b ozna\u010dovala za bohyni.<\/p><p>Bernhard Maier ji ve sv\u00e9m d\u00edle \u00abDie Religion der Kelten\u00bb (2001) \u0159ad\u00ed sp\u00ed\u0161e mezi liter\u00e1rn\u011b vytvo\u0159en\u00e9 postavy, kter\u00e9 v sob\u011b spojuj\u00ed vlastnosti star\u0161\u00edch bo\u017estev inspirace a prom\u011bny. John T. Koch naproti tomu v n\u011bkolika sv\u00fdch \u010dl\u00e1nc\u00edch argumentoval pro identifikaci se starou vel\u0161skou bohyn\u00ed poezie a prom\u011bny.<\/p>\n\n<p>Jmenovit\u011b dosv\u011bd\u010den\u00e1 galorimsk\u00e1 bohyn\u011b inspirace neexistuje, av\u0161ak n\u00e1pisy v\u011bnovan\u00e9 Siron\u011b, Belisam\u011b a Brigantii dokl\u00e1daj\u00ed existenci \u017eensk\u00fdch m\u00edstn\u00edch bo\u017estev s kompetencemi v oblasti inspirace a l\u00e9\u010den\u00ed. Strukturn\u00ed bl\u00edzkost k irsk\u00e9 Brigid, kter\u00e1 mimo jin\u00e9 vl\u00e1dne nad b\u00e1snick\u00fdm um\u011bn\u00edm, brzy vypracovala Marie-Louise Sjoestedtov\u00e1.<\/p><p>P\u0159\u00edmou identifikaci v\u0161ak odm\u00edt\u00e1. Dne\u0161n\u00ed v\u011bt\u0161inov\u00fd n\u00e1zor pohl\u00ed\u017e\u00ed na Ceridwen jako na liter\u00e1rn\u011b utv\u00e1\u0159enou mytickou postavu, v n\u00ed\u017e dozn\u00edv\u00e1 star\u0161\u00ed mytick\u00e1 l\u00e1tka, ani\u017e by bylo mo\u017en\u00e9 rekonstruovat uzav\u0159en\u00e9 \u00abn\u00e1bo\u017eenstv\u00ed Ceridwen\u00bb.<\/p>\t\t\t\t\t\t\t\t<\/div>\n\t\t\t\t<\/div>\n\t\t<div class=\"elementor-element elementor-element-f2120e1 e-con-full e-flex e-con e-child\" data-id=\"f2120e1\" data-element_type=\"container\" data-e-type=\"container\">\n\t\t\t\t<div class=\"elementor-element elementor-element-499463a elementor-widget elementor-widget-heading\" data-id=\"499463a\" data-element_type=\"widget\" data-e-type=\"widget\" data-widget_type=\"heading.default\">\n\t\t\t\t\t<h2 class=\"elementor-heading-title elementor-size-default\">Ceridwen a Taliesin<\/h2>\t\t\t\t<\/div>\n\t\t\t\t<div class=\"elementor-element elementor-element-2ce9478 elementor-widget elementor-widget-text-editor\" data-id=\"2ce9478\" data-element_type=\"widget\" data-e-type=\"widget\" data-widget_type=\"text-editor.default\">\n\t\t\t\t\t\t\t\t\t<p>Znovuzrozen\u00ed Gwiona Bacha jako Taliesina spojuje ceridwenovskou tradici s historicky dolo\u017een\u00fdm Taliesinem, vel\u0161sk\u00fdm dvorn\u00edm b\u00e1sn\u00edkem 6. stolet\u00ed, kter\u00e9mu \u00abKniha Taliesinova\u00bb p\u0159ipisuje \u010d\u00e1st jeho b\u00e1sn\u00ed.<\/p><p>V pozd\u011bj\u0161\u00edch vypr\u00e1v\u011bn\u00edch se Taliesin st\u00e1v\u00e1 archetyp\u00e1ln\u00ed postavou inspirovan\u00e9ho b\u00e1sn\u00edka, kter\u00fd zn\u00e1m v\u0161echny v\u011bky a prom\u011bny. Jeho slavn\u00e9 autobiografick\u00e9 b\u00e1sn\u011b (\u00abByl jsem p\u0159i stvo\u0159en\u00ed sv\u011bta\u00bb; \u00abByl jsem modr\u00fdm lososem\u00bb) p\u0159edpokl\u00e1daj\u00ed z\u00e1\u017eitky mytick\u00e9ho pron\u00e1sledov\u00e1n\u00ed Ceridwen.<\/p>\n\n<p>Ceridwen m\u00e1 tak dvoj\u00ed funkci: je pron\u00e1sledovatelkou i rodi\u010dkou b\u00e1sn\u00edka z\u00e1rove\u0148. Marged Haycockov\u00e1 tento aspekt vylo\u017eila jako model inicia\u010dn\u00ed matky, jej\u00ed\u017e pron\u00e1sledov\u00e1n\u00ed vlastn\u011b teprve vytv\u00e1\u0159\u00ed pozd\u011bj\u0161\u00ed schopnosti zasv\u011bcen\u00e9ho.<\/p><p>Ceridwen tak n\u00e1le\u017e\u00ed do typologick\u00e9 \u0159ady u\u010ditelek a protihr\u00e1\u010dek, jako je irsk\u00e1 Sc\u00e1thach, kter\u00e1 vycvi\u010d\u00ed C\u00fachulainna, nebo seversk\u00e1 Gunnl\u00f6d, kter\u00e1 hl\u00edd\u00e1 med poezie.<\/p>\t\t\t\t\t\t\t\t<\/div>\n\t\t\t\t<\/div>\n\t\t<div class=\"elementor-element elementor-element-9d40b4c e-con-full e-flex e-con e-child\" data-id=\"9d40b4c\" data-element_type=\"container\" data-e-type=\"container\">\n\t\t\t\t<div class=\"elementor-element elementor-element-657e109 elementor-widget elementor-widget-heading\" data-id=\"657e109\" data-element_type=\"widget\" data-e-type=\"widget\" data-widget_type=\"heading.default\">\n\t\t\t\t\t<h2 class=\"elementor-heading-title elementor-size-default\">Llyn Tegid a vztah k krajin\u011b<\/h2>\t\t\t\t<\/div>\n\t\t\t\t<div class=\"elementor-element elementor-element-07226c8 elementor-widget elementor-widget-text-editor\" data-id=\"07226c8\" data-element_type=\"widget\" data-e-type=\"widget\" data-widget_type=\"text-editor.default\">\n\t\t\t\t\t\t\t\t\t<p>Jezero Llyn Tegid (Bala Lake) na severoz\u00e1pad\u011b Walesu je hlavn\u00edm d\u011bji\u0161t\u011bm vypr\u00e1v\u011bn\u00ed o Ceridwen. S d\u00e9lkou 6 kilometr\u016f je nejv\u011bt\u0161\u00edm p\u0159\u00edrodn\u00edm jezerem ve Walesu a od <span class=\"iwg-fachbegriff\" data-tooltip=\"Epoche der griechischen und r\u00f6mischen Kultur, etwa 800 v. Chr. bis 600 n. Chr.\" tabindex=\"0\">antiky<\/span> je s n\u00edm spojeno mnoho pov\u011bst\u00ed.<\/p><p>St\u0159edov\u011bk\u00e9 texty jej p\u0159edstavuj\u00ed jako s\u00eddlo Tegida Foela, jeho\u017e jm\u00e9no znamen\u00e1 \u00abTegid Holohlav\u00fd\u00bb a m\u016f\u017ee odkazovat na star\u0161\u00ed bo\u017estvo jezera. Spojen\u00ed Ceridwen s jezerem ji za\u0159azuje do typick\u00e9ho vzorce keltsk\u00e9 <span class=\"iwg-fachbegriff\" data-tooltip=\"Die Gesamtheit der \u00fcberlieferten G\u00f6ttererz\u00e4hlungen einer Kultur.\" tabindex=\"0\">mytologie<\/span>, kter\u00fd spojuje \u017eensk\u00e9 postavy se stojatou vodou.<\/p>\n\n<p>Brynley Roberts ve sv\u00fdch studi\u00edch o vel\u0161sk\u00e9 toponymii upozornil na mo\u017enost, \u017ee jezero p\u016fvodn\u011b slou\u017eilo jako <span class=\"iwg-fachbegriff\" data-tooltip=\"Ein der Verehrung einer Gottheit gewidmeter heiliger Ort.\" tabindex=\"0\">svatyn\u011b<\/span>, kde se konaly ob\u0159ady inspirace a zasv\u011bcen\u00ed. Archeologick\u00e9 d\u016fkazy chyb\u00ed, ale hustota pov\u011bst\u00ed spojen\u00fdch s Llyn Tegid podporuje p\u0159edpoklad jeho starobyl\u00e9ho sakr\u00e1ln\u00edho v\u00fdznamu.<\/p>\t\t\t\t\t\t\t\t<\/div>\n\t\t\t\t<\/div>\n\t\t<div class=\"elementor-element elementor-element-c283f72 e-con-full e-flex e-con e-child\" data-id=\"c283f72\" data-element_type=\"container\" data-e-type=\"container\">\n\t\t\t\t<div class=\"elementor-element elementor-element-6b2f780 elementor-widget elementor-widget-heading\" data-id=\"6b2f780\" data-element_type=\"widget\" data-e-type=\"widget\" data-widget_type=\"heading.default\">\n\t\t\t\t\t<h2 class=\"elementor-heading-title elementor-size-default\">Recepce a modern\u00ed p\u0159etvo\u0159en\u00ed<\/h2>\t\t\t\t<\/div>\n\t\t\t\t<div class=\"elementor-element elementor-element-e7c3738 elementor-widget elementor-widget-text-editor\" data-id=\"e7c3738\" data-element_type=\"widget\" data-e-type=\"widget\" data-widget_type=\"text-editor.default\">\n\t\t\t\t\t\t\t\t\t<p>Ve vel\u0161sk\u00e9m romantismu 18. a 19. stolet\u00ed za\u017eila Ceridwen liter\u00e1rn\u00ed renesanci, p\u0159edev\u0161\u00edm d\u00edky Iolo Morganwgovi (Edwardu Williamsovi), kter\u00fd vymyslel velkou \u010d\u00e1st modern\u00ed \u00abkeltsk\u00e9\u00bb bardsk\u00e9 tradice a p\u0159edstavil Ceridwen jako nejvy\u0161\u0161\u00ed bohyni vel\u0161sk\u00fdch druid\u016f.<\/p><p>Tato rekonstrukce je dnes uzn\u00e1v\u00e1na jako v\u00fdmysl 19. stolet\u00ed, p\u0159esto trvale ovlivnila ve\u0159ejnou p\u0159edstavu o Ceridwen. Ronald Hutton se touto histori\u00ed recepce podrobn\u011b zab\u00fdval v knize \u00abBlood and Mistletoe\u00bb (2009).<\/p>\n\n<p>V modern\u00ed novopohansk\u00e9 tradici, zejm\u00e9na v proudu vel\u0161sky orientovan\u00e9ho druidismu a v hnut\u00ed wicca, je Ceridwen \u00fast\u0159edn\u00ed bohyn\u00ed inspirace a \u010darod\u011bjn\u00e9ho um\u011bn\u00ed. Jej\u00ed kotl\u00edk je pova\u017eov\u00e1n za <span class=\"iwg-fachbegriff\" data-tooltip=\"Ein Zeichen, das stellvertretend f\u00fcr eine Vorstellung oder Bedeutung steht.\" tabindex=\"0\">symbol<\/span> prom\u011bny, tv\u016fr\u010d\u00edho pozn\u00e1n\u00ed a \u017eensk\u00e9 moci.<\/p><p>Tato modern\u00ed recepce se op\u00edr\u00e1 m\u00e9n\u011b o st\u0159edov\u011bk\u00e9 texty a v\u00edce o obraz druid\u016f vytvo\u0159en\u00fd Iolo Morganwgem a jeho n\u00e1sledovn\u00edky. P\u0159\u00edm\u00e1 linie k p\u0159edk\u0159es\u0165ansk\u00e9mu vel\u0161sk\u00e9mu n\u00e1bo\u017eenstv\u00ed nen\u00ed dolo\u017eena, na co\u017e opakovan\u011b upozor\u0148ovali Bernhard Maier i Ronald Hutton.<\/p>\t\t\t\t\t\t\t\t<\/div>\n\t\t\t\t<\/div>\n\t\t<div class=\"elementor-element elementor-element-f42b448 e-con-full e-flex e-con e-child\" data-id=\"f42b448\" data-element_type=\"container\" data-e-type=\"container\">\n\t\t\t\t<div class=\"elementor-element elementor-element-d155c5e elementor-widget elementor-widget-heading\" data-id=\"d155c5e\" data-element_type=\"widget\" data-e-type=\"widget\" data-widget_type=\"heading.default\">\n\t\t\t\t\t<h2 class=\"elementor-heading-title elementor-size-default\">Awen jako kl\u00ed\u010dov\u00fd pojem<\/h2>\t\t\t\t<\/div>\n\t\t\t\t<div class=\"elementor-element elementor-element-a91c6ee elementor-widget elementor-widget-text-editor\" data-id=\"a91c6ee\" data-element_type=\"widget\" data-e-type=\"widget\" data-widget_type=\"text-editor.default\">\n\t\t\t\t\t\t\t\t\t<p>S Ceridwen je \u00fazce spjat pojem awen, kter\u00fd ve vel\u0161sk\u00e9 tradici ozna\u010duje \u00abbo\u017eskou inspiraci\u00bb, je\u017e z b\u00e1sn\u00edka \u010din\u00ed dokonal\u00e9ho bardd. Pojem se objevuje ji\u017e v ran\u00fdch Taliesinov\u00fdch b\u00e1sn\u00edch a v st\u0159edov\u011bk\u00e9 bardsk\u00e9 \u0161kole je pojedn\u00e1v\u00e1n jako nezbytn\u00e1 vlastnost poezie.<\/p><p>T\u0159i kapky z Ceridwenina kotl\u00edku jsou v textech ch\u00e1p\u00e1ny jako hmotn\u00e9 projeven\u00ed awen, kter\u00e9 se zde jev\u00ed nikoli jako abstraktn\u00ed vlastnost, ale jako fyzicky p\u0159enosn\u00e1 substance.<\/p>\n\n<p>Patrick Sims-Williams v knize \u00abReligion and Literature in Western England, 600-800\u00bb (1990) uk\u00e1zal, \u017ee p\u0159edstava awen byla hluboce zako\u0159en\u011bna v keltsko-k\u0159es\u0165ansk\u00fdch p\u0159echodn\u00fdch form\u00e1ch jak ve vel\u0161sk\u00e9, tak v irsk\u00e9 tradici.<\/p><p>Vypr\u00e1v\u011bn\u00ed o Ceridwen je pova\u017eov\u00e1no za jejich nejv\u00fdznamn\u011bj\u0161\u00ed mytick\u00e9 zhu\u0161t\u011bn\u00ed na vel\u0161sk\u00e9m \u00fazem\u00ed. Pozd\u011bj\u0161\u00ed vel\u0161sk\u00e1 bardsk\u00e1 \u0161kola, zejm\u00e9na v okol\u00ed tradice eisteddfodu, uchovala awen jako z\u00e1kladn\u00ed pojem, ov\u0161em bez bezprost\u0159edn\u00edho mytick\u00e9ho vztahu k Ceridwen.<\/p>\t\t\t\t\t\t\t\t<\/div>\n\t\t\t\t<\/div>\n\t\t<div class=\"elementor-element elementor-element-9033a31 e-con-full e-flex e-con e-child\" data-id=\"9033a31\" data-element_type=\"container\" data-e-type=\"container\">\n\t\t\t\t<div class=\"elementor-element elementor-element-b392acd elementor-widget elementor-widget-heading\" data-id=\"b392acd\" data-element_type=\"widget\" data-e-type=\"widget\" data-widget_type=\"heading.default\">\n\t\t\t\t\t<h2 class=\"elementor-heading-title elementor-size-default\">Rukopisn\u00e1 tradice Hanes Taliesin<\/h2>\t\t\t\t<\/div>\n\t\t\t\t<div class=\"elementor-element elementor-element-e07c572 elementor-widget elementor-widget-text-editor\" data-id=\"e07c572\" data-element_type=\"widget\" data-e-type=\"widget\" data-widget_type=\"text-editor.default\">\n\t\t\t\t\t\t\t\t\t<p>Nejd\u016fle\u017eit\u011bj\u0161\u00edm pramenem o Ceridwen je \u00abYstoria Taliesin\u00bb, respektive \u00abHanes Taliesin\u00bb.<\/p><p>Nen\u00ed obsa\u017eena v nejstar\u0161\u00edch vel\u0161sk\u00fdch sborn\u00edc\u00edch, \u00abLlyfr Aneirin\u00bb a \u00abLlyfr Taliesin\u00bb ze 13. a 14. stolet\u00ed, ale je dochov\u00e1na a\u017e v prozaick\u00e9 vypr\u00e1v\u011bc\u00ed form\u011b, jej\u00edm\u017e nejstar\u0161\u00edm \u00fapln\u00fdm textov\u00fdm sv\u011bdkem je rukopis \u00abNLW MS 5276D\u00bb (zn\u00e1m\u00fd t\u00e9\u017e jako \u00abkronika Elise Gruffydda\u00bb, polovina 16. stolet\u00ed).<\/p><p>Patrick Ford v d\u00edle \u00abYstoria Taliesin\u00bb (Cardiff 1992) rekonstruoval d\u011bjiny edice a uk\u00e1zal, \u017ee vypr\u00e1v\u011bn\u00ed je v \u00fastn\u00ed tradici v\u00fdrazn\u011b star\u0161\u00ed, av\u0161ak v liter\u00e1rn\u00ed podob\u011b vykazuje rann\u011b novov\u011bk\u00e9 vrstvy.<\/p><p>Edice s anglick\u00fdm p\u0159ekladem vy\u0161la poprv\u00e9 ve svazc\u00edch \u00abMabinogion\u00bb Lady Charlotte Guest (1838 a\u017e 1849), kter\u00e1 text za\u0159adila jako p\u0159\u00edlohu do <span class=\"iwg-fachbegriff\" data-tooltip=\"Die als verbindlich anerkannte Sammlung der heiligen Schriften einer Religion.\" tabindex=\"0\">k\u00e1nonu<\/span> Mabinogi.<\/p>\n<p>Marged Haycock v knize \u00abLegendary Poems from the Book of Taliesin\u00bb (Aberystwyth 2007, druh\u00e9 vyd\u00e1n\u00ed 2015) filologicky zpracovala takzvan\u00e9 \u00ablegend\u00e1rn\u00ed\u00bb b\u00e1sn\u011b obsa\u017een\u00e9 v nejstar\u0161\u00edch Taliesinov\u00fdch rukopisech a ukazuje, \u017ee postava Ceridwen je v nich v\u00edcekr\u00e1t zm\u00edn\u011bna jako \u00abpeiryanvic ceridwen\u00bb, \u00abbojuj\u00edc\u00ed Ceridwen\u00bb, respektive jako str\u00e1\u017ekyn\u011b kotl\u00edku (\u00abpeir ceridwen\u00bb), ani\u017e by se rozv\u00edjela n\u011bjak\u00e1 vypr\u00e1v\u011bc\u00ed epizoda.<\/p><p>Tyto kr\u00e1tk\u00e9 zm\u00ednky jsou nejstar\u0161\u00edm b\u00e1snick\u00fdm textov\u00fdm sv\u011bdectv\u00edm o t\u00e9to postav\u011b a pravd\u011bpodobn\u011b se datuj\u00ed do 9. a\u017e 11. stolet\u00ed. Ukazuj\u00ed, \u017ee komplex kotl\u00edku je v\u00fdrazn\u011b star\u0161\u00ed ne\u017e rozvinut\u00e9 vypr\u00e1v\u011bn\u00ed rann\u011b novov\u011bk\u00e9 pr\u00f3zy.<\/p>\t\t\t\t\t\t\t\t<\/div>\n\t\t\t\t<\/div>\n\t\t<div class=\"elementor-element elementor-element-947832b e-con-full e-flex e-con e-child\" data-id=\"947832b\" data-element_type=\"container\" data-e-type=\"container\">\n\t\t\t\t<div class=\"elementor-element elementor-element-6e1b492 elementor-widget elementor-widget-heading\" data-id=\"6e1b492\" data-element_type=\"widget\" data-e-type=\"widget\" data-widget_type=\"heading.default\">\n\t\t\t\t\t<h2 class=\"elementor-heading-title elementor-size-default\">Awen, inspirace a bardsk\u00e1 kultura<\/h2>\t\t\t\t<\/div>\n\t\t\t\t<div class=\"elementor-element elementor-element-e0a1d98 elementor-widget elementor-widget-text-editor\" data-id=\"e0a1d98\" data-element_type=\"widget\" data-e-type=\"widget\" data-widget_type=\"text-editor.default\">\n\t\t\t\t\t\t\t\t\t<p>Kl\u00ed\u010dov\u00e1 substance ceridwensk\u00e9ho vypr\u00e1v\u011bn\u00ed, t\u0159i kapky z kotle inspirace, je ve vel\u0161sk\u00e9m origin\u00e1le ozna\u010dov\u00e1na jako \u00abawen\u00bb. Tento term\u00edn lze jazykov\u011b odvodit od ko\u0159ene *au- \u201ev\u00e1t, d\u00fdchat\u201c a znamen\u00e1 doslova \u201evnuknut\u00ed\u201c, \u201ebo\u017esk\u00fd dech\u201c.<\/p><p>V \u00abCyfraith Hywel Dda\u00bb (\u201eZ\u00e1kony Hywela Ddy\u201c, rukopisy od 12. stolet\u00ed) je \u00abawen\u00bb dolo\u017eeno ji\u017e jako odborn\u00fd term\u00edn dvorn\u00edch b\u00e1sn\u00edk\u016f (pencerdd).<\/p><p>Vel\u0161sk\u00fd b\u00e1sn\u00edk Iolo Goch (14. stolet\u00ed), dvorn\u00ed b\u00e1sn\u00edk Owaina Glynd\u0175ra, se v n\u011bkolika b\u00e1sn\u00edch odvol\u00e1v\u00e1 na \u00abawen Ceridwen\u00bb jako zdroj sv\u00e9 b\u00e1snick\u00e9 s\u00edly.<\/p><p>Iolo Morganwg (Edward Williams, 1747 a\u017e 1826) tuto linii v 18. a na po\u010d\u00e1tku 19. stolet\u00ed p\u0159evedl do neodruidsk\u00e9ho kontextu a ve sv\u00e9m d\u00edle \u00abBarddas\u00bb spojil symboliku awen s grafick\u00fdm znakem t\u0159\u00ed paprsk\u016f, kter\u00fd \u017eije d\u00e1l v dne\u0161n\u00ed eisteddfodsk\u00e9 tradici.<\/p>\n<p>John T. Koch v d\u00edle \u00abCeltic Culture. A Historical Encyclopedia\u00bb (Santa Barbara 2006) a ve sv\u00fdch studi\u00edch o vel\u0161sk\u00e9 bardsk\u00e9 kultu\u0159e zd\u016fraznil technickou funkci konceptu awen. Tuto \u00falohu napl\u0148ovala jak ve st\u0159edov\u011bk\u00e9m vzd\u011bl\u00e1v\u00e1n\u00ed bard\u016f, tak v pozd\u011bj\u0161\u00edch pravidlech eisteddfodu. Slou\u017eila jako sebeobhajuj\u00edc\u00ed legitimace profesion\u00e1ln\u00edch b\u00e1sn\u00edk\u016f, kte\u0159\u00ed tak mohli sv\u00e9 um\u011bn\u00ed prezentovat jako bo\u017esky ud\u011blen\u00e9, nikoli jen nau\u010den\u00e9.<\/p><p>Ceridwensk\u00e9 vypr\u00e1v\u011bn\u00ed se sv\u00fdm st\u0159\u00edd\u00e1n\u00edm mezi n\u00e1ro\u010dnou p\u0159\u00edpravou po cel\u00fd rok a n\u00e1hl\u00fdm vnuknut\u00edm d\u00edky t\u0159em kapk\u00e1m tento dvoj\u00ed aspekt bardsk\u00e9ho um\u011bn\u00ed liter\u00e1rn\u011b kodifikuje.<\/p>\t\t\t\t\t\t\t\t<\/div>\n\t\t\t\t<\/div>\n\t\t<div class=\"elementor-element elementor-element-345679a e-con-full e-flex e-con e-child\" data-id=\"345679a\" data-element_type=\"container\" data-e-type=\"container\">\n\t\t\t\t<div class=\"elementor-element elementor-element-dd21ba4 elementor-widget elementor-widget-heading\" data-id=\"dd21ba4\" data-element_type=\"widget\" data-e-type=\"widget\" data-widget_type=\"heading.default\">\n\t\t\t\t\t<h2 class=\"elementor-heading-title elementor-size-default\">Motiv prom\u011bny ve srovn\u00e1vac\u00ed perspektiv\u011b<\/h2>\t\t\t\t<\/div>\n\t\t\t\t<div class=\"elementor-element elementor-element-bc4739c elementor-widget elementor-widget-text-editor\" data-id=\"bc4739c\" data-element_type=\"widget\" data-e-type=\"widget\" data-widget_type=\"text-editor.default\">\n\t\t\t\t\t\t\t\t\t<p>Honi\u010dka mezi Ceridwen a Gwionem pat\u0159\u00ed k roz\u0161\u00ed\u0159en\u00e9mu vypr\u00e1v\u011bc\u00edmu <span class=\"iwg-fachbegriff\" data-tooltip=\"Opakuj\u00edc\u00ed se obsahov\u00fd prvek v um\u011bn\u00ed nebo vypr\u00e1v\u011bn\u00ed.\" tabindex=\"0\">motivu<\/span>, kter\u00fd se ozna\u010duje jako \u201esoupe\u0159en\u00ed v prom\u011bn\u00e1ch\u201c.<\/p><p>Srovnateln\u00e9 sekvence se nach\u00e1zej\u00ed v \u0159eck\u00e9 tradici (pron\u00e1sledov\u00e1n\u00ed Nemesis Zeusem, Apoll\u00f3n a Daphn\u00e9), v keltsk\u00e9 oblasti (pron\u00e1sledov\u00e1n\u00ed \u00c9ta\u00edn v \u00abTochmarc \u00c9ta\u00edne\u00bb), v seversk\u00e9 Edd\u011b (Loki a Heimdallr) i ve skotsk\u00e9 lidov\u00e9 tradici. Stith Thompson tento <span class=\"iwg-fachbegriff\" data-tooltip=\"Opakuj\u00edc\u00ed se obsahov\u00fd prvek v um\u011bn\u00ed nebo vypr\u00e1v\u011bn\u00ed.\" tabindex=\"0\">motiv<\/span> ve sv\u00e9m \u00abMotif-Index of Folk-Literature\u00bb za\u0159adil pod D610 jako univerz\u00e1ln\u00ed vypr\u00e1v\u011bc\u00ed vzorec.<\/p>\n\n<p>Uvnit\u0159 keltsk\u00e9 tradice je tato sekvence obzvl\u00e1\u0161t\u011b propracovan\u00e1, proto\u017ee obsahuje nejen dramatiku pron\u00e1sledov\u00e1n\u00ed, ale tak\u00e9 vztah u\u010ditel-\u017e\u00e1k a vztah rodi\u010dky a d\u00edt\u011bte.<\/p><p>John Carey tuto v\u00edcevrstevnost vylo\u017eil jako odkaz na archaickou inicia\u010dn\u00ed strukturu, v n\u00ed\u017e je zasv\u011bcovan\u00fd symbolicky pohlcen u\u010ditelkou a znovu zrozen. P\u0159\u00edm\u00e9 ritu\u00e1ln\u00ed dolo\u017een\u00ed t\u00e9to praxe chyb\u00ed, ale <span class=\"iwg-fachbegriff\" data-tooltip=\"Opakuj\u00edc\u00ed se obsahov\u00fd prvek v um\u011bn\u00ed nebo vypr\u00e1v\u011bn\u00ed.\" tabindex=\"0\">motiv<\/span> lze uv\u011b\u0159iteln\u011b podlo\u017eit \u0159adou srovn\u00e1vac\u00edch n\u00e1bo\u017eensk\u00fdch p\u0159\u00edklad\u016f.<\/p>\t\t\t\t\t\t\t\t<\/div>\n\t\t\t\t<\/div>\n\t\t\t\t\t<\/div>\n\t\t\t\t<\/div>\n\t\t\t\t<\/div>\n\t\t","protected":false},"excerpt":{"rendered":"","protected":false},"author":3,"featured_media":3240,"parent":0,"menu_order":0,"comment_status":"closed","ping_status":"closed","template":"elementor_header_footer","meta":{"_yoast_wpseo_focuskw":"Ceridwen","_yoast_wpseo_title":"Ceridwen \u2013 vel\u0161sk\u00e1 bohyn\u011b inspirace | iWell Guard","_yoast_wpseo_metadesc":"Ceridwen je vel\u0161sk\u00e1 \u010darod\u011bjn\u00e1 bohyn\u011b a str\u00e1\u017ekyn\u011b kotl\u00edku inspirace Awen. Matka Taliesina. M\u00fdtus, druidstv\u00ed a bardsk\u00e1 tradice.","_yoast_wpseo_meta-robots-noindex":"","_yoast_wpseo_canonical":"","_angie_page":false,"gefaehrdungsstufe":"3","wesen_kultur":"keltisch","wesen_klasse":"goetter","footnotes":""},"categories":[],"class_list":["post-145634","page","type-page","status-publish","has-post-thumbnail","hentry"],"yoast_head":"<!-- This site is optimized with the Yoast SEO Premium plugin v27.7 (Yoast SEO v28.3) - https:\/\/yoast.com\/product\/yoast-seo-premium-wordpress\/ -->\n<title>Ceridwen \u2013 vel\u0161sk\u00e1 bohyn\u011b inspirace | iWell Guard<\/title>\n<meta name=\"description\" content=\"Ceridwen je vel\u0161sk\u00e1 \u010darod\u011bjn\u00e1 bohyn\u011b a str\u00e1\u017ekyn\u011b kotl\u00edku inspirace Awen. Matka Taliesina. M\u00fdtus, druidstv\u00ed a bardsk\u00e1 tradice.\" \/>\n<meta name=\"robots\" content=\"index, follow, max-snippet:-1, max-image-preview:large, max-video-preview:-1\" \/>\n<link rel=\"canonical\" href=\"https:\/\/iwell-guard.com\/cs\/ceridwen\/\" \/>\n<meta property=\"og:locale\" content=\"cs_CZ\" \/>\n<meta property=\"og:type\" content=\"article\" \/>\n<meta property=\"og:title\" content=\"Ceridwen\" \/>\n<meta property=\"og:description\" content=\"Ceridwen je vel\u0161sk\u00e1 \u010darod\u011bjn\u00e1 bohyn\u011b a str\u00e1\u017ekyn\u011b kotl\u00edku inspirace Awen. Matka Taliesina. M\u00fdtus, druidstv\u00ed a bardsk\u00e1 tradice.\" \/>\n<meta property=\"og:url\" content=\"https:\/\/iwell-guard.com\/cs\/ceridwen\/\" \/>\n<meta property=\"og:site_name\" content=\"iWell Guard\" \/>\n<meta property=\"article:modified_time\" content=\"2026-09-03T17:01:31+00:00\" \/>\n<meta property=\"og:image\" content=\"https:\/\/iwell-guard.com\/wp-content\/uploads\/2026\/05\/goetter_keltisch_ceridwen.webp\" \/>\n\t<meta property=\"og:image:width\" content=\"1024\" \/>\n\t<meta property=\"og:image:height\" content=\"1536\" \/>\n\t<meta property=\"og:image:type\" content=\"image\/webp\" \/>\n<meta name=\"twitter:card\" content=\"summary_large_image\" \/>\n<script type=\"application\/ld+json\" class=\"yoast-schema-graph\">{\"@context\":\"https:\\\/\\\/schema.org\",\"@graph\":[{\"@type\":\"WebPage\",\"@id\":\"https:\\\/\\\/iwell-guard.com\\\/cs\\\/ceridwen\\\/\",\"url\":\"https:\\\/\\\/iwell-guard.com\\\/cs\\\/ceridwen\\\/\",\"name\":\"Ceridwen \u2013 vel\u0161sk\u00e1 bohyn\u011b inspirace | iWell Guard\",\"isPartOf\":{\"@id\":\"https:\\\/\\\/iwell-guard.com\\\/cs\\\/#website\"},\"primaryImageOfPage\":{\"@id\":\"https:\\\/\\\/iwell-guard.com\\\/cs\\\/ceridwen\\\/#primaryimage\"},\"image\":{\"@id\":\"https:\\\/\\\/iwell-guard.com\\\/cs\\\/ceridwen\\\/#primaryimage\"},\"thumbnailUrl\":\"https:\\\/\\\/iwell-guard.com\\\/wp-content\\\/uploads\\\/2026\\\/05\\\/goetter_keltisch_ceridwen.webp\",\"datePublished\":\"2026-09-03T16:32:18+00:00\",\"dateModified\":\"2026-09-03T17:01:31+00:00\",\"description\":\"Ceridwen je vel\u0161sk\u00e1 \u010darod\u011bjn\u00e1 bohyn\u011b a str\u00e1\u017ekyn\u011b kotl\u00edku inspirace Awen. Matka Taliesina. M\u00fdtus, druidstv\u00ed a bardsk\u00e1 tradice.\",\"breadcrumb\":{\"@id\":\"https:\\\/\\\/iwell-guard.com\\\/cs\\\/ceridwen\\\/#breadcrumb\"},\"inLanguage\":\"cs\",\"potentialAction\":[{\"@type\":\"ReadAction\",\"target\":[\"https:\\\/\\\/iwell-guard.com\\\/cs\\\/ceridwen\\\/\"]}]},{\"@type\":\"ImageObject\",\"inLanguage\":\"cs\",\"@id\":\"https:\\\/\\\/iwell-guard.com\\\/cs\\\/ceridwen\\\/#primaryimage\",\"url\":\"https:\\\/\\\/iwell-guard.com\\\/wp-content\\\/uploads\\\/2026\\\/05\\\/goetter_keltisch_ceridwen.webp\",\"contentUrl\":\"https:\\\/\\\/iwell-guard.com\\\/wp-content\\\/uploads\\\/2026\\\/05\\\/goetter_keltisch_ceridwen.webp\",\"width\":1024,\"height\":1536,\"caption\":\"Bohov\u00e9 z keltsk\u00e9 tradice.\"},{\"@type\":\"BreadcrumbList\",\"@id\":\"https:\\\/\\\/iwell-guard.com\\\/cs\\\/ceridwen\\\/#breadcrumb\",\"itemListElement\":[{\"@type\":\"ListItem\",\"position\":1,\"name\":\"Start\",\"item\":\"https:\\\/\\\/iwell-guard.com\\\/cs\\\/?page_id=145107\"},{\"@type\":\"ListItem\",\"position\":2,\"name\":\"Ceridwen\"}]},{\"@type\":\"WebSite\",\"@id\":\"https:\\\/\\\/iwell-guard.com\\\/cs\\\/#website\",\"url\":\"https:\\\/\\\/iwell-guard.com\\\/cs\\\/\",\"name\":\"iWell Guard\",\"description\":\"Schutz vor dunklen Einfl\u00fcssen\",\"publisher\":{\"@id\":\"https:\\\/\\\/iwell-guard.com\\\/cs\\\/#organization\"},\"potentialAction\":[{\"@type\":\"SearchAction\",\"target\":{\"@type\":\"EntryPoint\",\"urlTemplate\":\"https:\\\/\\\/iwell-guard.com\\\/cs\\\/?s={search_term_string}\"},\"query-input\":{\"@type\":\"PropertyValueSpecification\",\"valueRequired\":true,\"valueName\":\"search_term_string\"}}],\"inLanguage\":\"cs\"},{\"@type\":\"Organization\",\"@id\":\"https:\\\/\\\/iwell-guard.com\\\/cs\\\/#organization\",\"name\":\"Ittermann electronic GmbH\",\"url\":\"https:\\\/\\\/iwell-guard.com\\\/cs\\\/\",\"logo\":{\"@type\":\"ImageObject\",\"inLanguage\":\"cs\",\"@id\":\"https:\\\/\\\/iwell-guard.com\\\/cs\\\/#\\\/schema\\\/logo\\\/image\\\/\",\"url\":\"https:\\\/\\\/iwell-guard.com\\\/wp-content\\\/uploads\\\/2026\\\/05\\\/Ittermann-Logo-1182x237-1.png\",\"contentUrl\":\"https:\\\/\\\/iwell-guard.com\\\/wp-content\\\/uploads\\\/2026\\\/05\\\/Ittermann-Logo-1182x237-1.png\",\"width\":1182,\"height\":237,\"caption\":\"Ittermann electronic GmbH\"},\"image\":{\"@id\":\"https:\\\/\\\/iwell-guard.com\\\/cs\\\/#\\\/schema\\\/logo\\\/image\\\/\"},\"sameAs\":[\"https:\\\/\\\/pantip.com\\\/profile\\\/9367242\",\"https:\\\/\\\/micro.blog\\\/iwellguard\",\"https:\\\/\\\/www.diggerslist.com\\\/iwellguard\\\/about\",\"https:\\\/\\\/skitterphoto.com\\\/photographers\\\/2870314\\\/iwell-guard\",\"https:\\\/\\\/iwellguard.wordpress.com\\\/2026\\\/06\\\/06\\\/iwell-guard\\\/\",\"https:\\\/\\\/hub.docker.com\\\/u\\\/iwellguard\",\"https:\\\/\\\/www.pinterest.com\\\/iwellguard\\\/\",\"https:\\\/\\\/bit.ly\\\/m\\\/iwellguard\",\"https:\\\/\\\/entre-vos-mains.alsace.eu\\\/profiles\\\/iwellguard\\\/activity\",\"https:\\\/\\\/gravatar.com\\\/reallybeded8fd34\",\"https:\\\/\\\/naijamatta.com\\\/iwellguard\",\"https:\\\/\\\/www.goodreads.com\\\/iwellguard\",\"https:\\\/\\\/profile.hatena.ne.jp\\\/iwellguard\\\/\",\"https:\\\/\\\/experiment.com\\\/users\\\/iwellguard\",\"https:\\\/\\\/wakelet.com\\\/@iWellGuard82270\",\"https:\\\/\\\/www.chordie.com\\\/forum\\\/profile.php?id=2555664\",\"https:\\\/\\\/www.instapaper.com\\\/p\\\/17757966\",\"https:\\\/\\\/www.mapleprimes.com\\\/users\\\/iwellguard\",\"https:\\\/\\\/businesslistingplus.com\\\/profile\\\/iwell-guard\\\/\",\"https:\\\/\\\/telegra.ph\\\/iWell-Guard-06-06\",\"https:\\\/\\\/pbase.com\\\/iwellguard\\\/iwellguard\",\"https:\\\/\\\/b.hatena.ne.jp\\\/iwellguard\\\/20260607#bookmark-4788405196491818882\",\"https:\\\/\\\/fliphtml5.com\\\/home\\\/iwellguard\",\"https:\\\/\\\/anyflip.com\\\/homepage\\\/cmiwl#About\",\"https:\\\/\\\/transfur.com\\\/Users\\\/iwellguard\",\"http:\\\/\\\/delphi.larsbo.org\\\/user\\\/iwellguard\",\"https:\\\/\\\/jobs.lajobsportal.org\\\/profiles\\\/8380803-iwell-guard\",\"https:\\\/\\\/md.chaosdorf.de\\\/s\\\/jfbe5SBdJD\",\"https:\\\/\\\/www.lingvolive.com\\\/en-us\\\/profile\\\/9ecaeaca-ce11-4e51-9e71-01d55e2bff36\\\/translations\",\"https:\\\/\\\/www.fitday.com\\\/fitness\\\/forums\\\/members\\\/iwellguard.html\",\"https:\\\/\\\/www.mymeetbook.com\\\/iwellguard\",\"https:\\\/\\\/pxhere.com\\\/en\\\/photographer-me\\\/5040798\",\"https:\\\/\\\/disqus.com\\\/by\\\/iwellguard\\\/about\\\/\",\"https:\\\/\\\/pastelink.net\\\/hjwciqwq\",\"https:\\\/\\\/pubhtml5.com\\\/homepage\\\/scjhn\\\/\",\"https:\\\/\\\/www.bitchute.com\\\/channel\\\/2O2eOKzNqujT\",\"https:\\\/\\\/audiomack.com\\\/iwellguard\"]},{\"@type\":\"Article\",\"@id\":\"https:\\\/\\\/iwell-guard.com\\\/cs\\\/ceridwen\\\/#article\",\"isPartOf\":{\"@id\":\"https:\\\/\\\/iwell-guard.com\\\/cs\\\/ceridwen\\\/\"},\"author\":{\"name\":\"Ralf Ittermann\",\"@id\":\"https:\\\/\\\/iwell-guard.com\\\/cs\\\/#\\\/schema\\\/person\\\/ee2a27f1cac3406c7c6fb5820cb7349f\"},\"headline\":\"Ceridwen\",\"datePublished\":\"2026-09-03T16:32:18+00:00\",\"dateModified\":\"2026-09-03T17:01:31+00:00\",\"mainEntityOfPage\":{\"@id\":\"https:\\\/\\\/iwell-guard.com\\\/cs\\\/ceridwen\\\/\"},\"publisher\":{\"@id\":\"https:\\\/\\\/iwell-guard.com\\\/cs\\\/#organization\"},\"image\":{\"@id\":\"https:\\\/\\\/iwell-guard.com\\\/cs\\\/ceridwen\\\/#primaryimage\"},\"thumbnailUrl\":\"https:\\\/\\\/iwell-guard.com\\\/wp-content\\\/uploads\\\/2026\\\/05\\\/goetter_keltisch_ceridwen.webp\",\"inLanguage\":\"cs\",\"description\":\"Ceridwen je vel\u0161sk\u00e1 \u010darod\u011bjn\u00e1 bohyn\u011b a str\u00e1\u017ekyn\u011b kotl\u00edku inspirace Awen. Matka Taliesina. M\u00fdtus, druidstv\u00ed a bardsk\u00e1 tradice.\"}]}<\/script>\n<!-- \/ Yoast SEO Premium plugin. -->","yoast_head_json":{"title":"Ceridwen \u2013 vel\u0161sk\u00e1 bohyn\u011b inspirace | iWell Guard","description":"Ceridwen je vel\u0161sk\u00e1 \u010darod\u011bjn\u00e1 bohyn\u011b a str\u00e1\u017ekyn\u011b kotl\u00edku inspirace Awen. Matka Taliesina. M\u00fdtus, druidstv\u00ed a bardsk\u00e1 tradice.","robots":{"index":"index","follow":"follow","max-snippet":"max-snippet:-1","max-image-preview":"max-image-preview:large","max-video-preview":"max-video-preview:-1"},"canonical":"https:\/\/iwell-guard.com\/cs\/ceridwen\/","og_locale":"cs_CZ","og_type":"article","og_title":"Ceridwen","og_description":"Ceridwen je vel\u0161sk\u00e1 \u010darod\u011bjn\u00e1 bohyn\u011b a str\u00e1\u017ekyn\u011b kotl\u00edku inspirace Awen. Matka Taliesina. M\u00fdtus, druidstv\u00ed a bardsk\u00e1 tradice.","og_url":"https:\/\/iwell-guard.com\/cs\/ceridwen\/","og_site_name":"iWell Guard","article_modified_time":"2026-09-03T17:01:31+00:00","og_image":[{"width":1024,"height":1536,"url":"https:\/\/iwell-guard.com\/wp-content\/uploads\/2026\/05\/goetter_keltisch_ceridwen.webp","type":"image\/webp"}],"twitter_card":"summary_large_image","schema":{"@context":"https:\/\/schema.org","@graph":[{"@type":"Article","@id":"https:\/\/iwell-guard.com\/cs\/ceridwen\/#article","isPartOf":{"@id":"https:\/\/iwell-guard.com\/cs\/ceridwen\/"},"author":{"name":"Ralf Ittermann","@id":"https:\/\/iwell-guard.com\/cs\/#\/schema\/person\/ee2a27f1cac3406c7c6fb5820cb7349f"},"headline":"Ceridwen","datePublished":"2026-09-03T16:32:18+00:00","dateModified":"2026-09-03T17:01:31+00:00","mainEntityOfPage":{"@id":"https:\/\/iwell-guard.com\/cs\/ceridwen\/"},"publisher":{"@id":"https:\/\/iwell-guard.com\/cs\/#organization"},"image":{"@id":"https:\/\/iwell-guard.com\/cs\/ceridwen\/#primaryimage"},"thumbnailUrl":"https:\/\/iwell-guard.com\/wp-content\/uploads\/2026\/05\/goetter_keltisch_ceridwen.webp","inLanguage":"cs","description":"Ceridwen je vel\u0161sk\u00e1 \u010darod\u011bjn\u00e1 bohyn\u011b a str\u00e1\u017ekyn\u011b kotl\u00edku inspirace Awen. Matka Taliesina. M\u00fdtus, druidstv\u00ed a bardsk\u00e1 tradice."},{"@type":"WebPage","@id":"https:\/\/iwell-guard.com\/cs\/ceridwen\/","url":"https:\/\/iwell-guard.com\/cs\/ceridwen\/","name":"Ceridwen \u2013 vel\u0161sk\u00e1 bohyn\u011b inspirace | iWell Guard","isPartOf":{"@id":"https:\/\/iwell-guard.com\/cs\/#website"},"primaryImageOfPage":{"@id":"https:\/\/iwell-guard.com\/cs\/ceridwen\/#primaryimage"},"image":{"@id":"https:\/\/iwell-guard.com\/cs\/ceridwen\/#primaryimage"},"thumbnailUrl":"https:\/\/iwell-guard.com\/wp-content\/uploads\/2026\/05\/goetter_keltisch_ceridwen.webp","datePublished":"2026-09-03T16:32:18+00:00","dateModified":"2026-09-03T17:01:31+00:00","description":"Ceridwen je vel\u0161sk\u00e1 \u010darod\u011bjn\u00e1 bohyn\u011b a str\u00e1\u017ekyn\u011b kotl\u00edku inspirace Awen. Matka Taliesina. M\u00fdtus, druidstv\u00ed a bardsk\u00e1 tradice.","breadcrumb":{"@id":"https:\/\/iwell-guard.com\/cs\/ceridwen\/#breadcrumb"},"inLanguage":"cs","potentialAction":[{"@type":"ReadAction","target":["https:\/\/iwell-guard.com\/cs\/ceridwen\/"]}]},{"@type":"ImageObject","inLanguage":"cs","@id":"https:\/\/iwell-guard.com\/cs\/ceridwen\/#primaryimage","url":"https:\/\/iwell-guard.com\/wp-content\/uploads\/2026\/05\/goetter_keltisch_ceridwen.webp","contentUrl":"https:\/\/iwell-guard.com\/wp-content\/uploads\/2026\/05\/goetter_keltisch_ceridwen.webp","width":1024,"height":1536,"caption":"Bohov\u00e9 z keltsk\u00e9 tradice."},{"@type":"BreadcrumbList","@id":"https:\/\/iwell-guard.com\/cs\/ceridwen\/#breadcrumb","itemListElement":[{"@type":"ListItem","position":1,"name":"Start","item":"https:\/\/iwell-guard.com\/cs\/?page_id=145107"},{"@type":"ListItem","position":2,"name":"Ceridwen"}]},{"@type":"WebSite","@id":"https:\/\/iwell-guard.com\/cs\/#website","url":"https:\/\/iwell-guard.com\/cs\/","name":"iWell Guard","description":"Schutz vor dunklen Einfl\u00fcssen","publisher":{"@id":"https:\/\/iwell-guard.com\/cs\/#organization"},"potentialAction":[{"@type":"SearchAction","target":{"@type":"EntryPoint","urlTemplate":"https:\/\/iwell-guard.com\/cs\/?s={search_term_string}"},"query-input":{"@type":"PropertyValueSpecification","valueRequired":true,"valueName":"search_term_string"}}],"inLanguage":"cs"},{"@type":"Organization","@id":"https:\/\/iwell-guard.com\/cs\/#organization","name":"Ittermann electronic GmbH","url":"https:\/\/iwell-guard.com\/cs\/","logo":{"@type":"ImageObject","inLanguage":"cs","@id":"https:\/\/iwell-guard.com\/cs\/#\/schema\/logo\/image\/","url":"https:\/\/iwell-guard.com\/wp-content\/uploads\/2026\/05\/Ittermann-Logo-1182x237-1.png","contentUrl":"https:\/\/iwell-guard.com\/wp-content\/uploads\/2026\/05\/Ittermann-Logo-1182x237-1.png","width":1182,"height":237,"caption":"Ittermann electronic GmbH"},"image":{"@id":"https:\/\/iwell-guard.com\/cs\/#\/schema\/logo\/image\/"},"sameAs":["https:\/\/pantip.com\/profile\/9367242","https:\/\/micro.blog\/iwellguard","https:\/\/www.diggerslist.com\/iwellguard\/about","https:\/\/skitterphoto.com\/photographers\/2870314\/iwell-guard","https:\/\/iwellguard.wordpress.com\/2026\/06\/06\/iwell-guard\/","https:\/\/hub.docker.com\/u\/iwellguard","https:\/\/www.pinterest.com\/iwellguard\/","https:\/\/bit.ly\/m\/iwellguard","https:\/\/entre-vos-mains.alsace.eu\/profiles\/iwellguard\/activity","https:\/\/gravatar.com\/reallybeded8fd34","https:\/\/naijamatta.com\/iwellguard","https:\/\/www.goodreads.com\/iwellguard","https:\/\/profile.hatena.ne.jp\/iwellguard\/","https:\/\/experiment.com\/users\/iwellguard","https:\/\/wakelet.com\/@iWellGuard82270","https:\/\/www.chordie.com\/forum\/profile.php?id=2555664","https:\/\/www.instapaper.com\/p\/17757966","https:\/\/www.mapleprimes.com\/users\/iwellguard","https:\/\/businesslistingplus.com\/profile\/iwell-guard\/","https:\/\/telegra.ph\/iWell-Guard-06-06","https:\/\/pbase.com\/iwellguard\/iwellguard","https:\/\/b.hatena.ne.jp\/iwellguard\/20260607#bookmark-4788405196491818882","https:\/\/fliphtml5.com\/home\/iwellguard","https:\/\/anyflip.com\/homepage\/cmiwl#About","https:\/\/transfur.com\/Users\/iwellguard","http:\/\/delphi.larsbo.org\/user\/iwellguard","https:\/\/jobs.lajobsportal.org\/profiles\/8380803-iwell-guard","https:\/\/md.chaosdorf.de\/s\/jfbe5SBdJD","https:\/\/www.lingvolive.com\/en-us\/profile\/9ecaeaca-ce11-4e51-9e71-01d55e2bff36\/translations","https:\/\/www.fitday.com\/fitness\/forums\/members\/iwellguard.html","https:\/\/www.mymeetbook.com\/iwellguard","https:\/\/pxhere.com\/en\/photographer-me\/5040798","https:\/\/disqus.com\/by\/iwellguard\/about\/","https:\/\/pastelink.net\/hjwciqwq","https:\/\/pubhtml5.com\/homepage\/scjhn\/","https:\/\/www.bitchute.com\/channel\/2O2eOKzNqujT","https:\/\/audiomack.com\/iwellguard"]},{"@type":"Person","@id":"https:\/\/iwell-guard.com\/cs\/#\/schema\/person\/ee2a27f1cac3406c7c6fb5820cb7349f","name":"Ralf Ittermann","image":{"@type":"ImageObject","inLanguage":"cs","@id":"https:\/\/secure.gravatar.com\/avatar\/073c0153e350a5005b68eb752b445fea71f6b24a26da9449ad7e155e6b446c9d?s=96&d=mm&r=g","url":"https:\/\/secure.gravatar.com\/avatar\/073c0153e350a5005b68eb752b445fea71f6b24a26da9449ad7e155e6b446c9d?s=96&d=mm&r=g","contentUrl":"https:\/\/secure.gravatar.com\/avatar\/073c0153e350a5005b68eb752b445fea71f6b24a26da9449ad7e155e6b446c9d?s=96&d=mm&r=g","caption":"Ralf Ittermann"},"givenName":"Ralf","familyName":"Ittermann","jobTitle":"Gesch\u00e4ftsf\u00fchrer und redaktioneller Verantwortlicher","url":"https:\/\/iwell-guard.com\/cs\/author\/claude\/","description":"Ralf Ittermann ist Gesch\u00e4ftsf\u00fchrer der Ittermann electronic GmbH und redaktioneller Verantwortlicher des iWell-Guard-Lexikons. Er verbindet langj\u00e4hrige Erfahrung in der Pr\u00e4zisionsfertigung mit medialer Praxis und religionsgeschichtlicher Quellenarbeit.","worksFor":{"@type":"Organization","name":"Ittermann electronic GmbH","url":"https:\/\/ittermann.de\/","address":{"@type":"PostalAddress","streetAddress":"K\u00f6hlergasse 16-18","postalCode":"99842","addressLocality":"Ruhla","addressCountry":"DE"}},"knowsAbout":["Religionsgeschichte","Mythologie","Mediale Praxis","Energetische Diagnostik","Schutzpraxis","Volksglauben","Westliche Esoterik"]},{"@type":"Article","@id":"https:\/\/iwell-guard.com\/cs\/ceridwen\/#article","isPartOf":{"@id":"https:\/\/iwell-guard.com\/cs\/ceridwen\/"},"author":{"name":"Ralf Ittermann","@id":"https:\/\/iwell-guard.com\/cs\/#\/schema\/person\/ee2a27f1cac3406c7c6fb5820cb7349f"},"headline":"Ceridwen","datePublished":"2026-09-03T16:32:18+00:00","dateModified":"2026-09-03T17:01:31+00:00","mainEntityOfPage":{"@id":"https:\/\/iwell-guard.com\/cs\/ceridwen\/"},"publisher":{"@id":"https:\/\/iwell-guard.com\/cs\/#organization"},"image":{"@id":"https:\/\/iwell-guard.com\/cs\/ceridwen\/#primaryimage"},"thumbnailUrl":"https:\/\/iwell-guard.com\/wp-content\/uploads\/2026\/05\/goetter_keltisch_ceridwen.webp","inLanguage":"cs","description":"Ceridwen je vel\u0161sk\u00e1 \u010darod\u011bjn\u00e1 bohyn\u011b a str\u00e1\u017ekyn\u011b kotl\u00edku inspirace Awen. Matka Taliesina. M\u00fdtus, druidstv\u00ed a bardsk\u00e1 tradice."}]}},"_links":{"self":[{"href":"https:\/\/iwell-guard.com\/cs\/wp-json\/wp\/v2\/pages\/145634","targetHints":{"allow":["GET"]}}],"collection":[{"href":"https:\/\/iwell-guard.com\/cs\/wp-json\/wp\/v2\/pages"}],"about":[{"href":"https:\/\/iwell-guard.com\/cs\/wp-json\/wp\/v2\/types\/page"}],"author":[{"embeddable":true,"href":"https:\/\/iwell-guard.com\/cs\/wp-json\/wp\/v2\/users\/3"}],"replies":[{"embeddable":true,"href":"https:\/\/iwell-guard.com\/cs\/wp-json\/wp\/v2\/comments?post=145634"}],"version-history":[{"count":0,"href":"https:\/\/iwell-guard.com\/cs\/wp-json\/wp\/v2\/pages\/145634\/revisions"}],"wp:featuredmedia":[{"embeddable":true,"href":"https:\/\/iwell-guard.com\/cs\/wp-json\/wp\/v2\/media\/3240"}],"wp:attachment":[{"href":"https:\/\/iwell-guard.com\/cs\/wp-json\/wp\/v2\/media?parent=145634"}],"wp:term":[{"taxonomy":"category","embeddable":true,"href":"https:\/\/iwell-guard.com\/cs\/wp-json\/wp\/v2\/categories?post=145634"}],"curies":[{"name":"wp","href":"https:\/\/api.w.org\/{rel}","templated":true}]}}