{"id":145633,"date":"2026-09-03T16:32:18","date_gmt":"2026-09-03T16:32:18","guid":{"rendered":"https:\/\/iwell-guard.com\/?page_id=145633"},"modified":"2026-09-03T17:01:31","modified_gmt":"2026-09-03T17:01:31","slug":"aengus","status":"publish","type":"page","link":"https:\/\/iwell-guard.com\/cs\/aengus\/","title":{"rendered":"Aengus"},"content":{"rendered":"\t\t<div data-elementor-type=\"wp-page\" data-elementor-id=\"145633\" class=\"elementor elementor-145633 elementor-3049 elementor-bc-flex-widget\" data-elementor-post-type=\"page\">\n\t\t\t\t<div class=\"elementor-element elementor-element-ac099aa e-flex e-con-boxed e-con e-parent\" data-id=\"ac099aa\" data-element_type=\"container\" data-e-type=\"container\" data-settings=\"{&quot;background_background&quot;:&quot;classic&quot;}\">\n\t\t\t\t\t<div class=\"e-con-inner\">\n\t\t<div class=\"elementor-element elementor-element-c4447c7 e-flex e-con-boxed e-con e-child\" data-id=\"c4447c7\" data-element_type=\"container\" data-e-type=\"container\">\n\t\t\t\t\t<div class=\"e-con-inner\">\n\t\t<div class=\"elementor-element elementor-element-db560b3 e-con-full e-flex e-con e-child\" data-id=\"db560b3\" data-element_type=\"container\" data-e-type=\"container\">\n\t\t\t\t<div class=\"elementor-element elementor-element-3adb205 elementor-widget elementor-widget-heading\" data-id=\"3adb205\" data-element_type=\"widget\" data-e-type=\"widget\" data-widget_type=\"heading.default\">\n\t\t\t\t\t<h1 class=\"elementor-heading-title elementor-size-default\">Aengus \u2014 irsk\u00fd b\u016fh l\u00e1sky a ml\u00e1d\u00ed<\/h1>\t\t\t\t<\/div>\n\t\t\t\t<div class=\"elementor-element elementor-element-e069127 elementor-widget elementor-widget-text-editor\" data-id=\"e069127\" data-element_type=\"widget\" data-e-type=\"widget\" data-widget_type=\"text-editor.default\">\n\t\t\t\t\t\t\t\t\t<p>Aengus je irsk\u00fd b\u016fh l\u00e1sky, ml\u00e1d\u00ed a b\u00e1snick\u00e9 inspirace, kter\u00fd zauj\u00edm\u00e1 pevn\u00e9 m\u00edsto v s\u00e1ga\u00adch o Tuatha D\u00e9 Danann.<\/p><p>Aengus, ve staroirsk\u00e9m pravopisu \u00d3engus mac in Daghdha nebo Mac ind \u00d3g (\u00abMlad\u00fd syn\u00bb), je centr\u00e1ln\u00ed postavou irsk\u00e9 <span class=\"iwg-fachbegriff\" data-tooltip=\"Souhrn dochovan\u00fdch vypr\u00e1v\u011bn\u00ed o boz\u00edch ur\u010dit\u00e9 kultury.\" tabindex=\"0\">mytologie<\/span> a je pova\u017eov\u00e1n za boha ml\u00e1d\u00ed, l\u00e1sky a b\u00e1snick\u00e9 inspirace.<\/p><p>Je synem Dagdy a Boann, bohyn\u011b \u0159eky Boyne, a podle tradi\u010dn\u00ed lokalizace s\u00eddl\u00ed v mohyle Br\u00fa na B\u00f3inne, dne\u0161n\u00edm Newgrange. Nejstar\u0161\u00ed vypr\u00e1v\u011bc\u00ed texty o Aengovi sahaj\u00ed do 8. stolet\u00ed.<\/p>\t\t\t\t\t\t\t\t<\/div>\n\t\t\t\t<\/div>\n\t\t<div class=\"elementor-element elementor-element-2bc47b3 e-con-full e-flex e-con e-parent\" data-id=\"2bc47b3\" data-element_type=\"container\" data-e-type=\"container\">\n\t\t\t\t<div class=\"elementor-element elementor-element-748962a elementor-widget elementor-widget-html\" data-id=\"748962a\" data-element_type=\"widget\" data-e-type=\"widget\" data-widget_type=\"html.default\">\n\t\t\t\t\t<div class=\"iwg-pill-row\"><span class=\"iwg-klasse-badge\" tabindex=\"0\" data-tooltip=\"B\u016fh \/ bohyn\u011b: Zosobn\u011bn\u00e1 nejvy\u0161\u0161\u00ed moc v panteonu ur\u010dit\u00e9 kultury, s jasn\u00fdmi oblastmi p\u016fsobnosti \u2014 p\u0159\u00edrodn\u00ed s\u00edly, osud, v\u00e1lka, plodnost. Uct\u00edv\u00e1na prost\u0159ednictv\u00edm kult\u016f, ob\u011bt\u00ed a chr\u00e1mov\u00fdch instituc\u00ed.\">B\u016fh<\/span><a href=\"https:\/\/iwell-guard.com\/cs\/keltska\/\" class=\"iwg-kultur-badge\" tabindex=\"0\" data-tooltip=\"Keltsk\u00e9 n\u00e1bo\u017eenstv\u00ed z\u00e1padn\u00ed Evropy a Britsk\u00fdch ostrov\u016f, mytologicky dochovan\u00e9 prost\u0159ednictv\u00edm irsko-vel\u0161sk\u00fdch text\u016f.\">Keltsk\u00e9<\/a><\/div>\t\t\t\t<\/div>\n\t\t\t\t<\/div>\n\t\t<div class=\"elementor-element elementor-element-f842fa7 e-con-full e-flex e-con e-child\" data-id=\"f842fa7\" data-element_type=\"container\" data-e-type=\"container\">\n\t\t\t\t<div class=\"elementor-element elementor-element-94b3352 elementor-toc--minimized-on-tablet elementor-widget elementor-widget-table-of-contents\" data-id=\"94b3352\" data-element_type=\"widget\" data-e-type=\"widget\" data-settings=\"{&quot;exclude_headings_by_selector&quot;:[],&quot;no_headings_message&quot;:&quot;Na t\\u00e9to str\\u00e1nce nebyly nalezeny \\u017e\\u00e1dn\\u00e9 nadpisy.&quot;,&quot;headings_by_tags&quot;:[&quot;h2&quot;,&quot;h3&quot;],&quot;marker_view&quot;:&quot;bullets&quot;,&quot;icon&quot;:{&quot;value&quot;:&quot;fas fa-circle&quot;,&quot;library&quot;:&quot;fa-solid&quot;,&quot;rendered_tag&quot;:&quot;&lt;svg class=\\&quot;e-font-icon-svg e-fas-circle\\&quot; viewBox=\\&quot;0 0 512 512\\&quot; xmlns=\\&quot;http:\\\/\\\/www.w3.org\\\/2000\\\/svg\\&quot;&gt;&lt;path d=\\&quot;M256 8C119 8 8 119 8 256s111 248 248 248 248-111 248-248S393 8 256 8z\\&quot;&gt;&lt;\\\/path&gt;&lt;\\\/svg&gt;&quot;},&quot;minimize_box&quot;:&quot;yes&quot;,&quot;minimized_on&quot;:&quot;tablet&quot;,&quot;hierarchical_view&quot;:&quot;yes&quot;,&quot;min_height&quot;:{&quot;unit&quot;:&quot;px&quot;,&quot;size&quot;:&quot;&quot;,&quot;sizes&quot;:[]},&quot;min_height_tablet&quot;:{&quot;unit&quot;:&quot;px&quot;,&quot;size&quot;:&quot;&quot;,&quot;sizes&quot;:[]},&quot;min_height_mobile&quot;:{&quot;unit&quot;:&quot;px&quot;,&quot;size&quot;:&quot;&quot;,&quot;sizes&quot;:[]}}\" data-widget_type=\"table-of-contents.default\">\n\t\t\t\t\t\t\t\t\t<div class=\"elementor-toc__header\">\n\t\t\t\t\t\t<h2 class=\"elementor-toc__header-title\">\n\t\t\t\tObsah\t\t\t<\/h2>\n\t\t\t\t\t\t\t\t\t\t<div class=\"elementor-toc__toggle-button elementor-toc__toggle-button--expand\" role=\"button\" tabindex=\"0\" aria-controls=\"elementor-toc__94b3352\" aria-expanded=\"true\" aria-label=\"Open table of contents\"><svg aria-hidden=\"true\" class=\"e-font-icon-svg e-fas-chevron-down\" viewBox=\"0 0 448 512\" xmlns=\"http:\/\/www.w3.org\/2000\/svg\"><path d=\"M207.029 381.476L12.686 187.132c-9.373-9.373-9.373-24.569 0-33.941l22.667-22.667c9.357-9.357 24.522-9.375 33.901-.04L224 284.505l154.745-154.021c9.379-9.335 24.544-9.317 33.901.04l22.667 22.667c9.373 9.373 9.373 24.569 0 33.941L240.971 381.476c-9.373 9.372-24.569 9.372-33.942 0z\"><\/path><\/svg><\/div>\n\t\t\t\t<div class=\"elementor-toc__toggle-button elementor-toc__toggle-button--collapse\" role=\"button\" tabindex=\"0\" aria-controls=\"elementor-toc__94b3352\" aria-expanded=\"true\" aria-label=\"Close table of contents\"><svg aria-hidden=\"true\" class=\"e-font-icon-svg e-fas-chevron-up\" viewBox=\"0 0 448 512\" xmlns=\"http:\/\/www.w3.org\/2000\/svg\"><path d=\"M240.971 130.524l194.343 194.343c9.373 9.373 9.373 24.569 0 33.941l-22.667 22.667c-9.357 9.357-24.522 9.375-33.901.04L224 227.495 69.255 381.516c-9.379 9.335-24.544 9.317-33.901-.04l-22.667-22.667c-9.373-9.373-9.373-24.569 0-33.941L207.03 130.525c9.372-9.373 24.568-9.373 33.941-.001z\"><\/path><\/svg><\/div>\n\t\t\t\t\t<\/div>\n\t\t\t\t<div id=\"elementor-toc__94b3352\" class=\"elementor-toc__body\">\n\t\t\t<div class=\"elementor-toc__spinner-container\">\n\t\t\t\t<svg class=\"elementor-toc__spinner eicon-animation-spin e-font-icon-svg e-eicon-loading\" aria-hidden=\"true\" viewBox=\"0 0 1000 1000\" xmlns=\"http:\/\/www.w3.org\/2000\/svg\"><path d=\"M500 975V858C696 858 858 696 858 500S696 142 500 142 142 304 142 500H25C25 237 238 25 500 25S975 237 975 500 763 975 500 975Z\"><\/path><\/svg>\t\t\t<\/div>\n\t\t<\/div>\n\t\t\t\t\t\t<\/div>\n\t\t\t\t<\/div>\n\t\t\t\t\t<\/div>\n\t\t\t\t<\/div>\n\t\t<div class=\"elementor-element elementor-element-4ea867a e-con-full e-flex e-con e-child\" data-id=\"4ea867a\" data-element_type=\"container\" data-e-type=\"container\">\n\t\t\t\t<div class=\"elementor-element elementor-element-f62e240 iwg-hero-image elementor-widget elementor-widget-image\" data-id=\"f62e240\" data-element_type=\"widget\" data-e-type=\"widget\" data-widget_type=\"image.default\">\n\t\t\t\t\t\t\t\t\t\t\t\t\t\t\t<img fetchpriority=\"high\" decoding=\"async\" width=\"683\" height=\"1024\" src=\"https:\/\/iwell-guard.com\/wp-content\/uploads\/2026\/05\/goetter_keltisch_aengus-683x1024.webp\" class=\"attachment-large size-large wp-image-147241\" alt=\"Aengus - bohov\u00e9 z keltsk\u00e9 tradice, historicko-ilustrativn\u00ed\" srcset=\"https:\/\/iwell-guard.com\/wp-content\/uploads\/2026\/05\/goetter_keltisch_aengus-683x1024.webp 683w, https:\/\/iwell-guard.com\/wp-content\/uploads\/2026\/05\/goetter_keltisch_aengus-200x300.webp 200w, https:\/\/iwell-guard.com\/wp-content\/uploads\/2026\/05\/goetter_keltisch_aengus-768x1152.webp 768w, https:\/\/iwell-guard.com\/wp-content\/uploads\/2026\/05\/goetter_keltisch_aengus.webp 1024w\" sizes=\"(max-width: 683px) 100vw, 683px\" \/>\t\t\t\t\t\t\t\t\t\t\t\t\t\t\t<\/div>\n\t\t\t\t<\/div>\n\t\t\t\t\t<\/div>\n\t\t\t\t<\/div>\n\t\t<div class=\"elementor-element elementor-element-6e6e69b e-con-boxed e-flex e-con e-parent\" data-id=\"6e6e69b\" data-element_type=\"container\" data-e-type=\"container\">\n\t\t\t\t\t<div class=\"e-con-inner\">\n\t\t<div class=\"elementor-element elementor-element-bd0c179 e-con-full e-flex e-con e-child\" data-id=\"bd0c179\" data-element_type=\"container\" data-e-type=\"container\">\n\t\t\t\t<div class=\"elementor-element elementor-element-1c4dfaf elementor-widget elementor-widget-heading\" data-id=\"1c4dfaf\" data-element_type=\"widget\" data-e-type=\"widget\" data-widget_type=\"heading.default\">\n\t\t\t\t\t<h2 class=\"elementor-heading-title elementor-size-default\">Prameny a tradice<\/h2>\t\t\t\t<\/div>\n\t\t\t\t<div class=\"elementor-element elementor-element-2f93be9 elementor-widget elementor-widget-text-editor\" data-id=\"2f93be9\" data-element_type=\"widget\" data-e-type=\"widget\" data-widget_type=\"text-editor.default\">\n\t\t\t\t\t\t\t\t\t<p>Nejd\u016fle\u017eit\u011bj\u0161\u00edmi texty o Aengovi jsou staroirsk\u00e1 vypr\u00e1v\u011bn\u00ed \u00abAislinge \u00d3enguso\u00bb (\u00abAeng\u016fv sen\u00bb, 8. stolet\u00ed), \u00abTochmarc \u00c9ta\u00edne\u00bb (\u00abNamlouv\u00e1n\u00ed \u00c9ta\u00edn\u00bb, rovn\u011b\u017e 8. a\u017e 9. stolet\u00ed) a genealogick\u00fd materi\u00e1l z \u00abLebor Gab\u00e1la \u00c9renn\u00bb.<\/p><p>K tomu se p\u0159id\u00e1vaj\u00ed \u00abDindshenchas\u00bb, vypr\u00e1v\u011bn\u00ed o m\u00edstn\u00edch jm\u00e9nech, kter\u00e1 Aenga zmi\u0148uj\u00ed opakovan\u011b, zejm\u00e9na v souvislosti s Boyne a s Br\u00fa na B\u00f3inne. Ve st\u0159edoirsk\u00e9m \u00abAcallam na Sen\u00f3rach\u00bb (\u00abRozmluva starc\u016f\u00bb, 12. stolet\u00ed) vystupuje Aengus jako star\u00fd, mudrcovsk\u00fd kr\u00e1l S\u00edde.<\/p>\n\n<p>John Carey ve sv\u00fdch prac\u00edch o st\u0159edoirsk\u00e9 literatu\u0159e (\u00abA Single Ray of the Sun\u00bb, 1999) upozornil na t\u011bsn\u00e9 propojen\u00ed mezi hagiografickou a <span class=\"iwg-fachbegriff\" data-tooltip=\"Z k\u0159es\u0165ansk\u00e9ho pohledu: n\u00e1le\u017eej\u00edc\u00ed k p\u0159edk\u0159es\u0165ansk\u00e9mu nebo nek\u0159es\u0165ansk\u00e9mu n\u00e1bo\u017eenstv\u00ed.\" tabindex=\"0\">pohanskou<\/span>-mytologickou tradic\u00ed.<\/p><p>Aengus se tam objevuje jako p\u0159\u00edklad p\u0159edk\u0159es\u0165ansk\u00e9 postavy, kter\u00e1 byla v k\u0159es\u0165ansk\u00e9 redakci sice zesv\u011bt\u0161t\u011bna, ale nikoli vymaz\u00e1na. Bernhard Maier za\u0159azuje Aenga do mytick\u00e9ho syst\u00e9mu Tuatha D\u00e9 Danann, v n\u011bm\u017e zastupuje nejmlad\u0161\u00ed generaci a t\u00edm i \u00abprincip obnovy\u00bb.<\/p>\t\t\t\t\t\t\t\t<\/div>\n\t\t\t\t<\/div>\n\t\t<div class=\"elementor-element elementor-element-7d8e1b0 e-con-full e-flex e-con e-child\" data-id=\"7d8e1b0\" data-element_type=\"container\" data-e-type=\"container\">\n\t\t\t\t<div class=\"elementor-element elementor-element-4116557 elementor-widget elementor-widget-heading\" data-id=\"4116557\" data-element_type=\"widget\" data-e-type=\"widget\" data-widget_type=\"heading.default\">\n\t\t\t\t\t<h2 class=\"elementor-heading-title elementor-size-default\">Zrozen\u00ed a Br\u00fa na B\u00f3inne<\/h2>\t\t\t\t<\/div>\n\t\t\t\t<div class=\"elementor-element elementor-element-e822efe elementor-widget elementor-widget-text-editor\" data-id=\"e822efe\" data-element_type=\"widget\" data-e-type=\"widget\" data-widget_type=\"text-editor.default\">\n\t\t\t\t\t\t\t\t\t<p>P\u0159\u00edb\u011bh o zrozen\u00ed Aengus (Aenguse) je \u00fazce spjat s poh\u0159ebn\u00ed mohylou Newgrange. Dagda se zamiluje do Boann, kter\u00e1 je vdan\u00e1 za Elcmara. Aby prodlou\u017eil milostnou noc, zastav\u00ed Dagda slunce na dev\u011bt m\u011bs\u00edc\u016f, tak\u017ee po\u010det\u00ed, t\u011bhotenstv\u00ed a narozen\u00ed Aengus prob\u011bhnou v jedin\u00e9m dni.<\/p><p>Z tohoto neobvykl\u00e9ho po\u010det\u00ed se odvozuje jm\u00e9no \u201eMac ind \u00d3g\u201c (\u201eMlad\u00fd syn\u201c). Po narozen\u00ed Aengus p\u0159elst\u00ed Elcmara a s\u00e1m se zmocn\u00ed Br\u00fa na B\u00f3inne, kdy\u017e p\u0159i d\u011bdick\u00e9m \u0159\u00edzen\u00ed po\u017e\u00e1d\u00e1, aby mu byla mohyla p\u0159enech\u00e1na \u201ena jeden den a jednu noc\u201c, co\u017e ve star\u00e9 ir\u0161tin\u011b m\u016f\u017ee znamenat v\u011b\u010dnost.<\/p>\n\n<p>Toto vypr\u00e1v\u011bn\u00ed nazna\u010duje starobyl\u00e9 spojen\u00ed Aengus s megalitickou poh\u0159ebn\u00ed mohylou na \u0159ece Boyne, kter\u00e1 byla archeologicky vybudov\u00e1na ji\u017e kolem roku 3200 p\u0159ed Kristem.<\/p><p>Helmut Birkhan ve sv\u00e9 knize \u201eKelten\u201c zd\u016fraznil, \u017ee tento p\u0159\u00edb\u011bh ukazuje p\u0159echod, typick\u00fd pro irskou tradici, od archeologicky uchopiteln\u00e9ho <span class=\"iwg-fachbegriff\" data-tooltip=\"Uct\u00edv\u00e1n\u00ed zesnul\u00fdch \u010dlen\u016f rodiny jako trvale p\u016fsob\u00edc\u00edch ochrann\u00fdch moc\u00ed.\" tabindex=\"0\">kultu p\u0159edk\u016f<\/span> k st\u0159edov\u011bce vypr\u00e1v\u011bn\u00e9 <span class=\"iwg-fachbegriff\" data-tooltip=\"Souhrn tradovan\u00fdch vypr\u00e1v\u011bn\u00ed o boz\u00edch v dan\u00e9 kultu\u0159e.\" tabindex=\"0\">mytologii<\/span>. Astronomick\u00e1 orientace Newgrange na zimn\u00ed v\u00fdchod slunce nebyla ve st\u0159edov\u011bk\u00e9m textu vysv\u011btlena, je v\u0161ak zn\u00e1ma d\u00edky archeologick\u00e9mu v\u00fdzkumu Michaela O&#8217;Kellyho od roku 1969.<\/p>\t\t\t\t\t\t\t\t<\/div>\n\t\t\t\t<\/div>\n\t\t<div class=\"elementor-element elementor-element-c7e255a e-con-full e-flex e-con e-child\" data-id=\"c7e255a\" data-element_type=\"container\" data-e-type=\"container\">\n\t\t\t\t<div class=\"elementor-element elementor-element-d7c632f elementor-widget elementor-widget-heading\" data-id=\"d7c632f\" data-element_type=\"widget\" data-e-type=\"widget\" data-widget_type=\"heading.default\">\n\t\t\t\t\t<h2 class=\"elementor-heading-title elementor-size-default\">Aeng\u016fv sen a l\u00e1ska k Caer<\/h2>\t\t\t\t<\/div>\n\t\t\t\t<div class=\"elementor-element elementor-element-4d558e5 elementor-widget elementor-widget-text-editor\" data-id=\"4d558e5\" data-element_type=\"widget\" data-e-type=\"widget\" data-widget_type=\"text-editor.default\">\n\t\t\t\t\t\t\t\t\t<p>Nejzn\u00e1m\u011bj\u0161\u00edm mytolog\u00e9mem o Aengovi je \u00abAislinge \u00d3enguso\u00bb, jeho sen. Aengus ve snu spat\u0159\u00ed n\u00e1dhernou mladou \u017eenu, kter\u00e1 po probuzen\u00ed zmiz\u00ed. Nemocen l\u00e1skou ji hled\u00e1 cel\u00fd rok, dokud mu nepomohou jeho matka Boann a otec Dagda.<\/p><p>Nakonec najde Caer Ibormeith u jezera Loch B\u00e9l Dracon, kde \u017eije jako labu\u0165 mezi 150 labut\u011bmi, kter\u00e9 se ka\u017edoro\u010dn\u011b o Samhainu prom\u011b\u0148uj\u00ed v pt\u00e1ky. Aengus se s\u00e1m prom\u011bn\u00ed v labu\u0165 a p\u00e1r odl\u00e9t\u00e1 pry\u010d, p\u0159i\u010dem\u017e jejich zp\u011bv usp\u00ed poslucha\u010de na t\u0159i dny.<\/p>\n\n<p>Marie-Louise Sjoestedt vykl\u00e1dala tento p\u0159\u00edb\u011bh jako typick\u00fd keltsk\u00fd <span class=\"iwg-fachbegriff\" data-tooltip=\"Opakuj\u00edc\u00ed se obsahov\u00fd prvek v um\u011bn\u00ed nebo vypr\u00e1v\u011bn\u00ed.\" tabindex=\"0\">motiv<\/span> \u00absnov\u00e9ho posla\u00bb (\u00abfith-fath\u00bb), v n\u011bm\u017e se l\u00e1ska mezi \u010dlov\u011bkem a bytost\u00ed z onoho sv\u011bta napl\u0148uje prom\u011bnou a p\u0159ekro\u010den\u00edm hranice mezi sv\u011bty.<\/p><p>John Carey upozornil, \u017ee prom\u011bna v labu\u0165 je v keltsk\u00e9 a germ\u00e1nsk\u00e9 tradici \u010dasto spojena se Samhainem a s obratem \u010dasu, \u010d\u00edm\u017e je Aengus zasazen do kalend\u00e1\u0159n\u011b-ritu\u00e1ln\u00edho r\u00e1mce.<\/p>\t\t\t\t\t\t\t\t<\/div>\n\t\t\t\t<\/div>\n\t\t<div class=\"elementor-element elementor-element-c31da5b e-con-full e-flex e-con e-child\" data-id=\"c31da5b\" data-element_type=\"container\" data-e-type=\"container\">\n\t\t\t\t<div class=\"elementor-element elementor-element-5653c1e elementor-widget elementor-widget-heading\" data-id=\"5653c1e\" data-element_type=\"widget\" data-e-type=\"widget\" data-widget_type=\"heading.default\">\n\t\t\t\t\t<h2 class=\"elementor-heading-title elementor-size-default\">Role v Tochmarc \u00c9ta\u00edne<\/h2>\t\t\t\t<\/div>\n\t\t\t\t<div class=\"elementor-element elementor-element-100a5d7 elementor-widget elementor-widget-text-editor\" data-id=\"100a5d7\" data-element_type=\"widget\" data-e-type=\"widget\" data-widget_type=\"text-editor.default\">\n\t\t\t\t\t\t\t\t\t<p>V \u00abTochmarc \u00c9ta\u00edne\u00bb, jednom z nejd\u016fle\u017eit\u011bj\u0161\u00edch vypr\u00e1v\u011bc\u00edch cykl\u016f irsk\u00e9 tradice, hraje Aengus centr\u00e1ln\u00ed roli prost\u0159edn\u00edka. Jeho nevlastn\u00ed bratr Midir se zamiluje do kr\u00e1sn\u00e9 \u00c9ta\u00edn, jej\u00ed\u017e prvn\u00ed \u017eena F\u00faamnach ji ze \u017e\u00e1rlivosti prom\u011bn\u00ed ve vodn\u00ed kalu\u017einu. \u00c9ta\u00edn se b\u011bhem prom\u011bn st\u00e1v\u00e1 mu\u0161kou, pot\u00e9 \u017eenou, kter\u00e1 se znovu narod\u00ed.<\/p><p>Aengus ji p\u0159ijme ve sv\u00e9m s\u00eddu, chr\u00e1n\u00ed ji a zajist\u00ed, aby se nakonec vr\u00e1tila k Midirovi. Vypr\u00e1v\u011bn\u00ed ji spojuje s <span class=\"iwg-fachbegriff\" data-tooltip=\"Opakuj\u00edc\u00ed se obsahov\u00fd prvek v um\u011bn\u00ed nebo vypr\u00e1v\u011bn\u00ed.\" tabindex=\"0\">motivem<\/span> znovuzrozen\u00ed a se spolehlivost\u00ed uvnit\u0159 bo\u017esk\u00e9 rodiny.<\/p>\n\n<p>Miranda Aldhouse-Green v d\u00edle \u00abThe Gods of the Celts\u00bb (1986) upozornila na struktur\u00e1ln\u00ed funkci Aenga jako prahov\u00e9ho bo\u017estva: stoj\u00ed mezi generacemi, mezi bd\u011bn\u00edm a snem, mezi zv\u00ed\u0159ec\u00ed a lidskou podobou, mezi t\u00edmto sv\u011btem a on\u00edm. Tato zprost\u0159edkuj\u00edc\u00ed pozice ho \u010din\u00ed vyu\u017eiteln\u00fdm pro \u010detn\u00e1 vypr\u00e1v\u011bn\u00ed, v nich\u017e se ztv\u00e1r\u0148uj\u00ed p\u0159echody.<\/p>\t\t\t\t\t\t\t\t<\/div>\n\t\t\t\t<\/div>\n\t\t<div class=\"elementor-element elementor-element-fc0b71e e-con-full e-flex e-con e-child\" data-id=\"fc0b71e\" data-element_type=\"container\" data-e-type=\"container\">\n\t\t\t\t<div class=\"elementor-element elementor-element-f652002 elementor-widget elementor-widget-heading\" data-id=\"f652002\" data-element_type=\"widget\" data-e-type=\"widget\" data-widget_type=\"heading.default\">\n\t\t\t\t\t<h2 class=\"elementor-heading-title elementor-size-default\">Oblasti p\u016fsoben\u00ed<\/h2>\t\t\t\t<\/div>\n\t\t\t\t<div class=\"elementor-element elementor-element-ec69272 elementor-widget elementor-widget-text-editor\" data-id=\"ec69272\" data-element_type=\"widget\" data-e-type=\"widget\" data-widget_type=\"text-editor.default\">\n\t\t\t\t\t\t\t\t\t<p>Aus den Texten lassen sich mehrere Funktionsbereiche ablesen. Aengus je bohem mladistv\u00e9 l\u00e1sky a v\u011brnosti, poezie a inspirace, snu a p\u0159edtuchy i prom\u011bny.<\/p><p>Jeho s\u00eddlo, Br\u00fa na B\u00f3inne, je pova\u017eov\u00e1no za svat\u00e9 m\u00edsto inspirace a setk\u00e1v\u00e1n\u00ed se S\u00edde. Je opakovan\u011b popisov\u00e1n jako velkorys\u00fd hostitel a ochr\u00e1nce milenc\u016f.<\/p>\n\n<p>Bernhard Maier jej za\u0159azuje do funk\u010dn\u00edho sch\u00e9matu \u00abmlad\u00e9ho <span class=\"iwg-fachbegriff\" data-tooltip=\"Bytost uct\u00edvan\u00e1 jako bo\u017esk\u00e1 v r\u00e1mci n\u00e1bo\u017eenstv\u00ed.\" tabindex=\"0\">bo\u017estva<\/span>\u00bb, srovnateln\u00e9ho s germ\u00e1nsk\u00fdm Baldrem, \u0159eck\u00fdm Er\u00f3tem nebo indick\u00fdm K\u00e1mou.<\/p><p>P\u0159\u00edmou funk\u010dn\u00ed identitu nelze prok\u00e1zat, typologick\u00e1 bl\u00edzkost v\u0161ak dokl\u00e1d\u00e1 funkci bo\u017estva l\u00e1sky a ml\u00e1d\u00ed v keltsk\u00e9m <span class=\"iwg-fachbegriff\" data-tooltip=\"Souhrn boh\u016f ur\u010dit\u00e9ho n\u00e1bo\u017eenstv\u00ed nebo kultury.\" tabindex=\"0\">panteonu<\/span>. Helmut Birkhan nav\u00edc zd\u016fraznil aspekt poezie a <span class=\"iwg-fachbegriff\" data-tooltip=\"Praktiky, kter\u00e9 se sna\u017e\u00ed zvl\u00e1\u0161tn\u00edmi \u00fakony nebo formulemi zas\u00e1hnout do chodu v\u011bc\u00ed.\" tabindex=\"0\">magie<\/span>, kter\u00fd spojuje Aenguse s Brigid a s filid, tradi\u010dn\u00edmi irsk\u00fdmi b\u00e1sn\u00edky.<\/p>\t\t\t\t\t\t\t\t<\/div>\n\t\t\t\t<\/div>\n\t\t<div class=\"elementor-element elementor-element-228c187 e-con-full e-flex e-con e-child\" data-id=\"228c187\" data-element_type=\"container\" data-e-type=\"container\">\n\t\t\t\t<div class=\"elementor-element elementor-element-320c189 elementor-widget elementor-widget-heading\" data-id=\"320c189\" data-element_type=\"widget\" data-e-type=\"widget\" data-widget_type=\"heading.default\">\n\t\t\t\t\t<h2 class=\"elementor-heading-title elementor-size-default\">Walesk\u00e9 a galsk\u00e9 paralely<\/h2>\t\t\t\t<\/div>\n\t\t\t\t<div class=\"elementor-element elementor-element-9de5d9a elementor-widget elementor-widget-text-editor\" data-id=\"9de5d9a\" data-element_type=\"widget\" data-e-type=\"widget\" data-widget_type=\"text-editor.default\">\n\t\t\t\t\t\t\t\t\t<p>P\u0159\u00edm\u00fd walesk\u00fd ekvivalent Aenguse nelze jednozna\u010dn\u011b ur\u010dit. Srovnateln\u00e9 funkce se objevuj\u00ed u postavy Mabona, mlad\u00e9ho syna Modron, kter\u00fd hraje roli v d\u00edle \u00abCulhwch a Olwen\u00bb.<\/p><p>Mabon je srovnateln\u00fd s Mac ind \u00d3g, co\u017e bylo zpracov\u00e1no ji\u017e ve star\u0161\u00edm b\u00e1d\u00e1n\u00ed Sjoestedtov\u00e9 a v nov\u011bj\u0161\u00edch prac\u00edch Johna T. Kocha. Na kontinentu je dolo\u017een Maponos v \u0159\u00edmsk\u00fdch n\u00e1pisech, jeho\u017e jm\u00e9no etymologicky p\u0159\u00edmo souvis\u00ed s ostrovn\u011b keltsk\u00fdm *makwo-no-s (\u00abmlad\u00fd syn\u00bb).<\/p>\n\n<p>Tyto paralely nazna\u010duj\u00ed, \u017ee v keltsk\u00e9 jazykov\u00e9 oblasti existovala roz\u0161\u00ed\u0159en\u00e1 postava mlad\u00e9ho boha s funkc\u00ed l\u00e1sky a inspirace, kter\u00e1 se v irsk\u00fdch textech konkretizovala do postavy Aenguse. Identick\u00e1 vypr\u00e1v\u011bc\u00ed struktura nen\u00ed dolo\u017eena, strukturn\u00ed p\u0159\u00edbuznost je v\u0161ak pravd\u011bpodobn\u00e1.<\/p>\t\t\t\t\t\t\t\t<\/div>\n\t\t\t\t<\/div>\n\t\t<div class=\"elementor-element elementor-element-e186afd e-con-full e-flex e-con e-child\" data-id=\"e186afd\" data-element_type=\"container\" data-e-type=\"container\">\n\t\t\t\t<div class=\"elementor-element elementor-element-a83fbb1 elementor-widget elementor-widget-heading\" data-id=\"a83fbb1\" data-element_type=\"widget\" data-e-type=\"widget\" data-widget_type=\"heading.default\">\n\t\t\t\t\t<h2 class=\"elementor-heading-title elementor-size-default\">Recepce<\/h2>\t\t\t\t<\/div>\n\t\t\t\t<div class=\"elementor-element elementor-element-dc78d2b elementor-widget elementor-widget-text-editor\" data-id=\"dc78d2b\" data-element_type=\"widget\" data-e-type=\"widget\" data-widget_type=\"text-editor.default\">\n\t\t\t\t\t\t\t\t\t<p>V liter\u00e1rn\u00ed modern\u011b zpracoval William Butler Yeats Aenguse v n\u011bkolika b\u00e1sn\u00edch, nejzn\u00e1m\u011bj\u0161\u00ed je \u00abThe Song of Wandering Aengus\u00bb (1899), kde se v\u011bnuje motivu snu. Yeats a jeho okruh u\u010dinili z Aenguse jednu z v\u00fdrazn\u00fdch postav irsk\u00e9 renesance.<\/p><p>V modern\u00ed keltsk\u00e9 spiritualit\u011b je Aengus pova\u017eov\u00e1n za patrona mlad\u00fdch milenc\u016f a za inspiraci pro tv\u016fr\u010d\u00ed pr\u00e1ci. Zde je nam\u00edst\u011b odborn\u00e1 opatrnost, nebo\u0165 modern\u00ed recepce se \u010dasto op\u00edr\u00e1 v\u00edce o Yeatse ne\u017e o st\u0159edov\u011bk\u00e9 texty.<\/p>\n\n<p>V\u011bdeck\u00fd v\u00fdzkum Johna Careyho, Tom\u00e1se \u00d3 Cathasaigha a Kim McConea v posledn\u00edch desetilet\u00edch rozpracoval textov\u011b imanentn\u00ed struktury a uk\u00e1zal, \u017ee st\u0159edov\u011bc\u00ed u\u010den\u00ed mni\u0161i ch\u00e1pali Aenguse m\u00e9n\u011b jako pohansk\u00e9ho boha a sp\u00ed\u0161e jako heroickou postavu mytologick\u00e9 minulosti.<\/p><p>Tento odstup mezi n\u00e1bo\u017eenskou funkc\u00ed a liter\u00e1rn\u00ed formou utv\u00e1\u0159\u00ed dne\u0161n\u00ed diskusi o ot\u00e1zce, zda byl Aengus samostatn\u00fdm adres\u00e1tem <span class=\"iwg-fachbegriff\" data-tooltip=\"Souhrn n\u00e1bo\u017eensk\u00fdch \u00factn\u00fdch \u00fakon\u016f v\u016f\u010di bo\u017estvu nebo svat\u00e9 postav\u011b.\" tabindex=\"0\">kultu<\/span>, nebo p\u0159edev\u0161\u00edm liter\u00e1rn\u00ed konstrukc\u00ed st\u0159edov\u011bk\u00fdch p\u00edsa\u0159\u016f.<\/p>\t\t\t\t\t\t\t\t<\/div>\n\t\t\t\t<\/div>\n\t\t<div class=\"elementor-element elementor-element-47dbe91 e-con-full e-flex e-con e-child\" data-id=\"47dbe91\" data-element_type=\"container\" data-e-type=\"container\">\n\t\t\t\t<div class=\"elementor-element elementor-element-eabb141 elementor-widget elementor-widget-heading\" data-id=\"eabb141\" data-element_type=\"widget\" data-e-type=\"widget\" data-widget_type=\"heading.default\">\n\t\t\t\t\t<h2 class=\"elementor-heading-title elementor-size-default\">Aengus jako patron filid<\/h2>\t\t\t\t<\/div>\n\t\t\t\t<div class=\"elementor-element elementor-element-a123527 elementor-widget elementor-widget-text-editor\" data-id=\"a123527\" data-element_type=\"widget\" data-e-type=\"widget\" data-widget_type=\"text-editor.default\">\n\t\t\t\t\t\t\t\t\t<p>Specifick\u00e1 linie aengusovsk\u00e9 tradice jej spojuje s filid, u\u010denou b\u00e1snickou t\u0159\u00eddou Irska. V d\u00edle \u00abAcallam na Sen\u00f3rach\u00bb vypr\u00e1v\u00ed star\u00fd v\u00e1le\u010dn\u00edk, kter\u00fd Aenguse osobn\u011b znal, o jeho schopnosti prom\u011b\u0148ovat skute\u010dnost pomoc\u00ed slovn\u00edho kouzla a hudby.<\/p><p>Tento <span class=\"iwg-fachbegriff\" data-tooltip=\"Opakuj\u00edc\u00ed se obsahov\u00fd prvek v um\u011bn\u00ed nebo vypr\u00e1v\u011bn\u00ed.\" tabindex=\"0\">motiv<\/span> navazuje na staroirskou p\u0159edstavu imbas forosnai, \u00aball-inspiruj\u00edc\u00edho pozn\u00e1n\u00ed\u00bb, kter\u00e9 bylo p\u0159isuzov\u00e1no filid v transu. Aengus se zde neobjevuje prim\u00e1rn\u011b jako b\u016fh l\u00e1sky, n\u00fdbr\u017e jako z\u00e1ruka b\u00e1snick\u00e9 inspirace.<\/p>\n\n<p>Kim McCone uk\u00e1zal v d\u00edle \u00ab<span class=\"iwg-fachbegriff\" data-tooltip=\"Ve smyslu pohansk\u00fd; p\u0159\u00edslu\u0161ej\u00edc\u00ed k p\u0159edk\u0159es\u0165ansk\u00e9mu n\u00e1bo\u017eenstv\u00ed.\" tabindex=\"0\">Pagan<\/span> Past and Christian Present\u00bb (1990), \u017ee st\u0159edov\u011bc\u00ed mni\u0161i, kte\u0159\u00ed vypr\u00e1v\u011bn\u00ed zapsali, stylizovali Aenguse v\u011bdom\u011b jako liter\u00e1rn\u011b \u00fa\u010dinnou postavu, je\u017e p\u0159enesla pohansk\u00e9 b\u00e1snick\u00e9 um\u011bn\u00ed do k\u0159es\u0165ansk\u00e9ho vzd\u011blaneck\u00e9ho sv\u011bta. Aengus je tak m\u00e9n\u011b historicky uchopiteln\u00fdm objektem kultu ne\u017e integruj\u00edc\u00ed postavou spojuj\u00edc\u00ed p\u0159edminulost a kl\u00e1\u0161tern\u00ed kulturu.<\/p>\t\t\t\t\t\t\t\t<\/div>\n\t\t\t\t<\/div>\n\t\t<div class=\"elementor-element elementor-element-ca05d79 e-con-full e-flex e-con e-child\" data-id=\"ca05d79\" data-element_type=\"container\" data-e-type=\"container\">\n\t\t\t\t<div class=\"elementor-element elementor-element-f289f61 elementor-widget elementor-widget-heading\" data-id=\"f289f61\" data-element_type=\"widget\" data-e-type=\"widget\" data-widget_type=\"heading.default\">\n\t\t\t\t\t<h2 class=\"elementor-heading-title elementor-size-default\">Aengus v Finnov\u011b s\u00e1ze<\/h2>\t\t\t\t<\/div>\n\t\t\t\t<div class=\"elementor-element elementor-element-e98b883 elementor-widget elementor-widget-text-editor\" data-id=\"e98b883\" data-element_type=\"widget\" data-e-type=\"widget\" data-widget_type=\"text-editor.default\">\n\t\t\t\t\t\t\t\t\t<p>V cyklu vypr\u00e1v\u011bn\u00ed o Finnu mac Cumhaillovi vystupuje Aengus opakovan\u011b jako ochrann\u00fd p\u011bstoun a patron Diarmuida Ua Duibhne, jeho\u017e matka s n\u00edm m\u011bla b\u00fdt v p\u011bstounsk\u00e9m p\u0159\u00edbuzensk\u00e9m vztahu.<\/p><p>V d\u00edle \u00abT\u00f3raigheacht Dhiarmada agus Ghr\u00e1inne\u00bb (\u00abPron\u00e1sledov\u00e1n\u00ed Diarmuida a Gr\u00e1inne\u00bb), jeho\u017e nejstar\u0161\u00ed rukopisn\u00e9 sv\u011bdectv\u00ed je datov\u00e1no do 16. stolet\u00ed, ale jeho\u017e \u00fastn\u00ed tradice sah\u00e1 a\u017e do 10. stolet\u00ed, chr\u00e1n\u00ed Aengus prchaj\u00edc\u00edho Diarmuida opakovan\u011b p\u0159ed Finnov\u00fdmi \u00faklady.<\/p><p>Po Diarmuidov\u011b smrti zp\u016fsoben\u00e9 klem magick\u00e9ho kance z Beann Gulbain (Ben Bulben) odn\u00e1\u0161\u00ed Aengus jeho t\u011blo do Br\u00fa na B\u00f3inne, kde jej dechem \u017eivota o\u017eivuje pro p\u0159\u00edle\u017eitostn\u00e9 rozmluvy.<\/p><p>Joseph Falaky Nagy uk\u00e1zal v d\u00edle \u00abThe Wisdom of the Outlaw\u00bb (Berkeley 1985), \u017ee tato epizoda aktualizuje star\u0161\u00ed topos obyvatele S\u00eddhe jako ochrann\u00e9ho patrona vyhnan\u00e9 ml\u00e1de\u017ee.<\/p>\n<p>Tak\u00e9 v d\u00edle \u00abMacgn\u00edmartha Find\u00bb (\u00abChlapeck\u00e9 skutky Finnovy\u00bb), jeho\u017e text je obsa\u017een v \u00abLebor na hUidre\u00bb, se Aengus objevuje na okraji vypr\u00e1v\u011bn\u00ed jako garant, na jeho\u017e dvo\u0159e Finn jako chlapec absolvuje \u010d\u00e1st sv\u00e9 v\u00fdchovy.<\/p><p>Toto propleten\u00ed mezi mytologick\u00fdm cyklem a Finnov\u00fdm cyklem p\u0159isuzuje Aengusovi roli kulturn\u00edho prost\u0159edn\u00edka, kter\u00fd z\u016fst\u00e1v\u00e1 p\u0159\u00edtomen nap\u0159\u00ed\u010d hranicemi vypr\u00e1v\u011bc\u00edch cykl\u016f. Proinsias Mac Cana popsal v d\u00edle \u00abCeltic Mythology\u00bb (1970) tento status jako charakteristick\u00fd rys takzvan\u00fdch \u00abgeneticky centr\u00e1ln\u00edch\u00bb bo\u017esk\u00fdch postav, kter\u00e9 se v n\u011bkolika vrstv\u00e1ch vypr\u00e1v\u011bn\u00ed objevuj\u00ed jako op\u011brn\u00e9 postavy.<\/p>\t\t\t\t\t\t\t\t<\/div>\n\t\t\t\t<\/div>\n\t\t<div class=\"elementor-element elementor-element-d54be97 e-con-full e-flex e-con e-child\" data-id=\"d54be97\" data-element_type=\"container\" data-e-type=\"container\">\n\t\t\t\t<div class=\"elementor-element elementor-element-e6071f9 elementor-widget elementor-widget-heading\" data-id=\"e6071f9\" data-element_type=\"widget\" data-e-type=\"widget\" data-widget_type=\"heading.default\">\n\t\t\t\t\t<h2 class=\"elementor-heading-title elementor-size-default\">Lingvistick\u00e9 a ikonografick\u00e9 souvislosti<\/h2>\t\t\t\t<\/div>\n\t\t\t\t<div class=\"elementor-element elementor-element-8e21ed9 elementor-widget elementor-widget-text-editor\" data-id=\"8e21ed9\" data-element_type=\"widget\" data-e-type=\"widget\" data-widget_type=\"text-editor.default\">\n\t\t\t\t\t\t\t\t\t<p>Jm\u00e9no Aengus je jazykov\u011b vykl\u00e1d\u00e1no jako \u00ab\u00f3en-guss\u00bb, tedy \u00abjedin\u00e1 s\u00edla\u00bb nebo \u00abjedna s\u00edla\u00bb, s n\u00e1vaznost\u00ed na staroirsk\u00e9 \u00abguss\u00bb \u00abs\u00edla, prudkost\u00bb.<\/p><p>Tuto etymologii zast\u00e1vali ji\u017e Whitley Stokes a Kuno Meyer v 19. stolet\u00ed a je potvrzena v modern\u00edch standardn\u00edch d\u00edlech o staroirsk\u00e9 onomastice, nap\u0159\u00edklad u Donnchy \u00d3 Corr\u00e1ina a Fidelmy Maguirov\u00e9 \u00abGaelic Personal Names\u00bb (Dublin 1981).<\/p><p>Konkuren\u010dn\u00ed v\u00fdklad jako \u00abjedna volba\u00bb, \u00abjedin\u00e1 volba\u00bb, se objevuje v okrajov\u00fdch glos\u00e1ch, je v\u0161ak etymologicky m\u00e9n\u011b podlo\u017een.<\/p><p>V\u00fdznamn\u00fd je liter\u00e1rn\u00ed pointa, \u017ee Aengus nese p\u0159\u00edzvisko \u00abMac ind \u00d3g\u00bb (\u00absyn ml\u00e1d\u00ed\u00bb nebo \u00absyn dvou mlad\u00fdch\u00bb), co\u017e John Carey ve \u00abStudia Celtica\u00bb sv. 19 (1984) vykl\u00e1d\u00e1 jako z\u00e1m\u011brn\u00e9 obr\u00e1cen\u00ed b\u011b\u017en\u00e9ho patronyma: syna nepojmenov\u00e1v\u00e1 otec, n\u00fdbr\u017e matka (Boann) a milenec-otec (Dagda) spole\u010dn\u011b tvo\u0159\u00ed jeho jm\u00e9no.<\/p>\n<p>Ikonograficky pro Aengua chyb\u00ed jednozna\u010dn\u00e1 <span class=\"iwg-fachbegriff\" data-tooltip=\"Epocha \u0159eck\u00e9 a \u0159\u00edmsk\u00e9 kultury, p\u0159ibli\u017en\u011b 800 p\u0159. n. l. a\u017e 600 n. l.\" tabindex=\"0\">antick\u00e1<\/span> zobrazen\u00ed, nebo\u0165 irsk\u00e9 um\u011bn\u00ed <span class=\"iwg-fachbegriff\" data-tooltip=\"P\u0159edhistorick\u00e1 epocha po dob\u011b bronzov\u00e9, charakterizovan\u00e1 zpracov\u00e1n\u00edm \u017eeleza.\" tabindex=\"0\">doby \u017eelezn\u00e9<\/span> je p\u0159ev\u00e1\u017en\u011b nefigur\u00e1ln\u00ed.<\/p><p>Barry Raftery ve sv\u00e9m d\u00edle \u00abPagan Celtic Ireland\u00bb (Lond\u00fdn 1994) opatrn\u011b zmi\u0148uje pozdn\u011b bronzov\u00e9 motivy slunce a pt\u00e1k\u016f na zlat\u00e9m p\u0159edm\u011btu z Coggalbeg a symboliku labut\u00edho p\u00e1ru na bronzov\u00fdch p\u0159edm\u011btech z \u0159eky Bann jako mo\u017en\u00fd ikonografick\u00fd podklad. Do n\u011bj mohly b\u00fdt zp\u011btn\u011b liter\u00e1rn\u011b prom\u00edtnuty pozd\u011bj\u0161\u00ed vypr\u00e1v\u011bn\u00ed, jako je prom\u011bna Aengua a Caer v labut\u00ed p\u00e1r. P\u0159\u00edm\u00e1 identifikace v\u0161ak nen\u00ed mo\u017en\u00e1.<\/p>\t\t\t\t\t\t\t\t<\/div>\n\t\t\t\t<\/div>\n\t\t<div class=\"elementor-element elementor-element-a894f54 e-con-full e-flex e-con e-child\" data-id=\"a894f54\" data-element_type=\"container\" data-e-type=\"container\">\n\t\t\t\t<div class=\"elementor-element elementor-element-9f1ec7d elementor-widget elementor-widget-heading\" data-id=\"9f1ec7d\" data-element_type=\"widget\" data-e-type=\"widget\" data-widget_type=\"heading.default\">\n\t\t\t\t\t<h2 class=\"elementor-heading-title elementor-size-default\">Br\u00fa na B\u00f3inne jako kosmick\u00fd st\u0159ed<\/h2>\t\t\t\t<\/div>\n\t\t\t\t<div class=\"elementor-element elementor-element-0834f76 elementor-widget elementor-widget-text-editor\" data-id=\"0834f76\" data-element_type=\"widget\" data-e-type=\"widget\" data-widget_type=\"text-editor.default\">\n\t\t\t\t\t\t\t\t\t<p>Br\u00fa na B\u00f3inne, megalitick\u00e1 hrobka na \u0159ece Boyne, je v irsk\u00e9 <span class=\"iwg-fachbegriff\" data-tooltip=\"Souhrn tradovan\u00fdch vypr\u00e1v\u011bn\u00ed o boz\u00edch v dan\u00e9 kultu\u0159e.\" tabindex=\"0\">mytologii<\/span> nejd\u016fle\u017eit\u011bj\u0161\u00edm m\u00edstem spjat\u00fdm s Aengusem. Je pova\u017eov\u00e1na za br\u00e1nu do jin\u00e9ho sv\u011bta, za pokladnici a shroma\u017e\u010fovac\u00ed m\u00edsto Tuatha D\u00e9 Danann.<\/p><p>\u00abDindshenchas\u00bb uv\u00e1d\u011bj\u00ed n\u011bkolik etymologi\u00ed tohoto n\u00e1zvu m\u00edsta, v\u0161echny se vztahuj\u00ed k Boann nebo k vod\u011b. Astronomick\u00e1 orientace chodby k v\u00fdchodu slunce v den zimn\u00edho slunovratu, zn\u00e1m\u00e1 od vykop\u00e1vek Michaela O&#8217;Kellyho, nen\u00ed zm\u00edn\u011bna v \u017e\u00e1dn\u00e9m st\u0159edov\u011bk\u00e9m prameni, co\u017e podtrhuje obt\u00ed\u017enost spojen\u00ed archeologick\u00fdch n\u00e1lez\u016f s textov\u011b tradovanou <span class=\"iwg-fachbegriff\" data-tooltip=\"Souhrn tradovan\u00fdch vypr\u00e1v\u011bn\u00ed o boz\u00edch v dan\u00e9 kultu\u0159e.\" tabindex=\"0\">mytologi\u00ed<\/span>.<\/p>\n\n<p>V modern\u00edm keltologick\u00e9m v\u00fdzkumu je Br\u00fa na B\u00f3inne z\u00e1rove\u0148 pam\u00e1tkou UNESCO a vrcholn\u00fdm bodem zkoum\u00e1n\u00ed vztahu mezi neolitem a keltskou <span class=\"iwg-fachbegriff\" data-tooltip=\"Souhrn tradovan\u00fdch vypr\u00e1v\u011bn\u00ed o boz\u00edch v dan\u00e9 kultu\u0159e.\" tabindex=\"0\">mytologi\u00ed<\/span>.<\/p><p>Bernhard Maier upozornil, \u017ee st\u0159edov\u011bk\u00e9 texty pravd\u011bpodobn\u011b vych\u00e1zej\u00ed ze star\u00e9, nep\u0159eru\u0161en\u00e9 tradice pam\u011bti, kter\u00e1 ur\u010dit\u00e1 m\u00edsta ozna\u010dovala jako m\u00edsta bo\u017esk\u00e9 p\u0159\u00edtomnosti, ani\u017e by z toho bylo mo\u017en\u00e9 odvodit p\u0159\u00edmou souvislost s n\u00e1bo\u017eenstv\u00edm jejich stavitel\u016f.<\/p>\t\t\t\t\t\t\t\t<\/div>\n\t\t\t\t<\/div>\n\t\t\t\t\t<\/div>\n\t\t\t\t<\/div>\n\t\t\t\t<\/div>\n\t\t","protected":false},"excerpt":{"rendered":"","protected":false},"author":3,"featured_media":3239,"parent":0,"menu_order":0,"comment_status":"closed","ping_status":"closed","template":"elementor_header_footer","meta":{"_yoast_wpseo_focuskw":"Aengus","_yoast_wpseo_title":"Aengus \u2013 Irsk\u00fd b\u016fh l\u00e1sky a ml\u00e1d\u00ed | iWell Guard","_yoast_wpseo_metadesc":"Aengus (Aengus \u00d3g) je irsk\u00fd b\u016fh l\u00e1sky, ml\u00e1d\u00ed a inspirace, syn Dagdy a obyvatel mohyly Newgrange.","_yoast_wpseo_meta-robots-noindex":"","_yoast_wpseo_canonical":"","_angie_page":false,"gefaehrdungsstufe":"1","wesen_kultur":"","wesen_klasse":"","footnotes":""},"categories":[],"class_list":["post-145633","page","type-page","status-publish","has-post-thumbnail","hentry"],"yoast_head":"<!-- This site is optimized with the Yoast SEO Premium plugin v27.7 (Yoast SEO v28.3) - https:\/\/yoast.com\/product\/yoast-seo-premium-wordpress\/ -->\n<title>Aengus \u2013 Irsk\u00fd b\u016fh l\u00e1sky a ml\u00e1d\u00ed | iWell Guard<\/title>\n<meta name=\"description\" content=\"Aengus (Aengus \u00d3g) je irsk\u00fd b\u016fh l\u00e1sky, ml\u00e1d\u00ed a inspirace, syn Dagdy a obyvatel mohyly Newgrange.\" \/>\n<meta name=\"robots\" content=\"index, follow, max-snippet:-1, max-image-preview:large, max-video-preview:-1\" \/>\n<link rel=\"canonical\" href=\"https:\/\/iwell-guard.com\/cs\/aengus\/\" \/>\n<meta property=\"og:locale\" content=\"cs_CZ\" \/>\n<meta property=\"og:type\" content=\"article\" \/>\n<meta property=\"og:title\" content=\"Aengus\" \/>\n<meta property=\"og:description\" content=\"Aengus (Aengus \u00d3g) je irsk\u00fd b\u016fh l\u00e1sky, ml\u00e1d\u00ed a inspirace, syn Dagdy a obyvatel mohyly Newgrange.\" \/>\n<meta property=\"og:url\" content=\"https:\/\/iwell-guard.com\/cs\/aengus\/\" \/>\n<meta property=\"og:site_name\" content=\"iWell Guard\" \/>\n<meta property=\"article:modified_time\" content=\"2026-09-03T17:01:31+00:00\" \/>\n<meta property=\"og:image\" content=\"https:\/\/iwell-guard.com\/wp-content\/uploads\/2026\/05\/goetter_keltisch_aengus.webp\" \/>\n\t<meta property=\"og:image:width\" content=\"1024\" \/>\n\t<meta property=\"og:image:height\" content=\"1536\" \/>\n\t<meta property=\"og:image:type\" content=\"image\/webp\" \/>\n<meta name=\"twitter:card\" content=\"summary_large_image\" \/>\n<script type=\"application\/ld+json\" class=\"yoast-schema-graph\">{\"@context\":\"https:\\\/\\\/schema.org\",\"@graph\":[{\"@type\":\"WebPage\",\"@id\":\"https:\\\/\\\/iwell-guard.com\\\/cs\\\/aengus\\\/\",\"url\":\"https:\\\/\\\/iwell-guard.com\\\/cs\\\/aengus\\\/\",\"name\":\"Aengus \u2013 Irsk\u00fd b\u016fh l\u00e1sky a ml\u00e1d\u00ed | iWell Guard\",\"isPartOf\":{\"@id\":\"https:\\\/\\\/iwell-guard.com\\\/cs\\\/#website\"},\"primaryImageOfPage\":{\"@id\":\"https:\\\/\\\/iwell-guard.com\\\/cs\\\/aengus\\\/#primaryimage\"},\"image\":{\"@id\":\"https:\\\/\\\/iwell-guard.com\\\/cs\\\/aengus\\\/#primaryimage\"},\"thumbnailUrl\":\"https:\\\/\\\/iwell-guard.com\\\/wp-content\\\/uploads\\\/2026\\\/05\\\/goetter_keltisch_aengus.webp\",\"datePublished\":\"2026-09-03T16:32:18+00:00\",\"dateModified\":\"2026-09-03T17:01:31+00:00\",\"description\":\"Aengus (Aengus \u00d3g) je irsk\u00fd b\u016fh l\u00e1sky, ml\u00e1d\u00ed a inspirace, syn Dagdy a obyvatel mohyly Newgrange.\",\"breadcrumb\":{\"@id\":\"https:\\\/\\\/iwell-guard.com\\\/cs\\\/aengus\\\/#breadcrumb\"},\"inLanguage\":\"cs\",\"potentialAction\":[{\"@type\":\"ReadAction\",\"target\":[\"https:\\\/\\\/iwell-guard.com\\\/cs\\\/aengus\\\/\"]}]},{\"@type\":\"ImageObject\",\"inLanguage\":\"cs\",\"@id\":\"https:\\\/\\\/iwell-guard.com\\\/cs\\\/aengus\\\/#primaryimage\",\"url\":\"https:\\\/\\\/iwell-guard.com\\\/wp-content\\\/uploads\\\/2026\\\/05\\\/goetter_keltisch_aengus.webp\",\"contentUrl\":\"https:\\\/\\\/iwell-guard.com\\\/wp-content\\\/uploads\\\/2026\\\/05\\\/goetter_keltisch_aengus.webp\",\"width\":1024,\"height\":1536,\"caption\":\"Bohov\u00e9 z keltsk\u00e9 tradice.\"},{\"@type\":\"BreadcrumbList\",\"@id\":\"https:\\\/\\\/iwell-guard.com\\\/cs\\\/aengus\\\/#breadcrumb\",\"itemListElement\":[{\"@type\":\"ListItem\",\"position\":1,\"name\":\"Start\",\"item\":\"https:\\\/\\\/iwell-guard.com\\\/cs\\\/?page_id=145107\"},{\"@type\":\"ListItem\",\"position\":2,\"name\":\"Aengus\"}]},{\"@type\":\"WebSite\",\"@id\":\"https:\\\/\\\/iwell-guard.com\\\/cs\\\/#website\",\"url\":\"https:\\\/\\\/iwell-guard.com\\\/cs\\\/\",\"name\":\"iWell Guard\",\"description\":\"Schutz vor dunklen Einfl\u00fcssen\",\"publisher\":{\"@id\":\"https:\\\/\\\/iwell-guard.com\\\/cs\\\/#organization\"},\"potentialAction\":[{\"@type\":\"SearchAction\",\"target\":{\"@type\":\"EntryPoint\",\"urlTemplate\":\"https:\\\/\\\/iwell-guard.com\\\/cs\\\/?s={search_term_string}\"},\"query-input\":{\"@type\":\"PropertyValueSpecification\",\"valueRequired\":true,\"valueName\":\"search_term_string\"}}],\"inLanguage\":\"cs\"},{\"@type\":\"Organization\",\"@id\":\"https:\\\/\\\/iwell-guard.com\\\/cs\\\/#organization\",\"name\":\"Ittermann electronic GmbH\",\"url\":\"https:\\\/\\\/iwell-guard.com\\\/cs\\\/\",\"logo\":{\"@type\":\"ImageObject\",\"inLanguage\":\"cs\",\"@id\":\"https:\\\/\\\/iwell-guard.com\\\/cs\\\/#\\\/schema\\\/logo\\\/image\\\/\",\"url\":\"https:\\\/\\\/iwell-guard.com\\\/wp-content\\\/uploads\\\/2026\\\/05\\\/Ittermann-Logo-1182x237-1.png\",\"contentUrl\":\"https:\\\/\\\/iwell-guard.com\\\/wp-content\\\/uploads\\\/2026\\\/05\\\/Ittermann-Logo-1182x237-1.png\",\"width\":1182,\"height\":237,\"caption\":\"Ittermann electronic GmbH\"},\"image\":{\"@id\":\"https:\\\/\\\/iwell-guard.com\\\/cs\\\/#\\\/schema\\\/logo\\\/image\\\/\"},\"sameAs\":[\"https:\\\/\\\/pantip.com\\\/profile\\\/9367242\",\"https:\\\/\\\/micro.blog\\\/iwellguard\",\"https:\\\/\\\/www.diggerslist.com\\\/iwellguard\\\/about\",\"https:\\\/\\\/skitterphoto.com\\\/photographers\\\/2870314\\\/iwell-guard\",\"https:\\\/\\\/iwellguard.wordpress.com\\\/2026\\\/06\\\/06\\\/iwell-guard\\\/\",\"https:\\\/\\\/hub.docker.com\\\/u\\\/iwellguard\",\"https:\\\/\\\/www.pinterest.com\\\/iwellguard\\\/\",\"https:\\\/\\\/bit.ly\\\/m\\\/iwellguard\",\"https:\\\/\\\/entre-vos-mains.alsace.eu\\\/profiles\\\/iwellguard\\\/activity\",\"https:\\\/\\\/gravatar.com\\\/reallybeded8fd34\",\"https:\\\/\\\/naijamatta.com\\\/iwellguard\",\"https:\\\/\\\/www.goodreads.com\\\/iwellguard\",\"https:\\\/\\\/profile.hatena.ne.jp\\\/iwellguard\\\/\",\"https:\\\/\\\/experiment.com\\\/users\\\/iwellguard\",\"https:\\\/\\\/wakelet.com\\\/@iWellGuard82270\",\"https:\\\/\\\/www.chordie.com\\\/forum\\\/profile.php?id=2555664\",\"https:\\\/\\\/www.instapaper.com\\\/p\\\/17757966\",\"https:\\\/\\\/www.mapleprimes.com\\\/users\\\/iwellguard\",\"https:\\\/\\\/businesslistingplus.com\\\/profile\\\/iwell-guard\\\/\",\"https:\\\/\\\/telegra.ph\\\/iWell-Guard-06-06\",\"https:\\\/\\\/pbase.com\\\/iwellguard\\\/iwellguard\",\"https:\\\/\\\/b.hatena.ne.jp\\\/iwellguard\\\/20260607#bookmark-4788405196491818882\",\"https:\\\/\\\/fliphtml5.com\\\/home\\\/iwellguard\",\"https:\\\/\\\/anyflip.com\\\/homepage\\\/cmiwl#About\",\"https:\\\/\\\/transfur.com\\\/Users\\\/iwellguard\",\"http:\\\/\\\/delphi.larsbo.org\\\/user\\\/iwellguard\",\"https:\\\/\\\/jobs.lajobsportal.org\\\/profiles\\\/8380803-iwell-guard\",\"https:\\\/\\\/md.chaosdorf.de\\\/s\\\/jfbe5SBdJD\",\"https:\\\/\\\/www.lingvolive.com\\\/en-us\\\/profile\\\/9ecaeaca-ce11-4e51-9e71-01d55e2bff36\\\/translations\",\"https:\\\/\\\/www.fitday.com\\\/fitness\\\/forums\\\/members\\\/iwellguard.html\",\"https:\\\/\\\/www.mymeetbook.com\\\/iwellguard\",\"https:\\\/\\\/pxhere.com\\\/en\\\/photographer-me\\\/5040798\",\"https:\\\/\\\/disqus.com\\\/by\\\/iwellguard\\\/about\\\/\",\"https:\\\/\\\/pastelink.net\\\/hjwciqwq\",\"https:\\\/\\\/pubhtml5.com\\\/homepage\\\/scjhn\\\/\",\"https:\\\/\\\/www.bitchute.com\\\/channel\\\/2O2eOKzNqujT\",\"https:\\\/\\\/audiomack.com\\\/iwellguard\"]}]}<\/script>\n<!-- \/ Yoast SEO Premium plugin. -->","yoast_head_json":{"title":"Aengus \u2013 Irsk\u00fd b\u016fh l\u00e1sky a ml\u00e1d\u00ed | iWell Guard","description":"Aengus (Aengus \u00d3g) je irsk\u00fd b\u016fh l\u00e1sky, ml\u00e1d\u00ed a inspirace, syn Dagdy a obyvatel mohyly Newgrange.","robots":{"index":"index","follow":"follow","max-snippet":"max-snippet:-1","max-image-preview":"max-image-preview:large","max-video-preview":"max-video-preview:-1"},"canonical":"https:\/\/iwell-guard.com\/cs\/aengus\/","og_locale":"cs_CZ","og_type":"article","og_title":"Aengus","og_description":"Aengus (Aengus \u00d3g) je irsk\u00fd b\u016fh l\u00e1sky, ml\u00e1d\u00ed a inspirace, syn Dagdy a obyvatel mohyly Newgrange.","og_url":"https:\/\/iwell-guard.com\/cs\/aengus\/","og_site_name":"iWell Guard","article_modified_time":"2026-09-03T17:01:31+00:00","og_image":[{"width":1024,"height":1536,"url":"https:\/\/iwell-guard.com\/wp-content\/uploads\/2026\/05\/goetter_keltisch_aengus.webp","type":"image\/webp"}],"twitter_card":"summary_large_image","schema":{"@context":"https:\/\/schema.org","@graph":[{"@type":"WebPage","@id":"https:\/\/iwell-guard.com\/cs\/aengus\/","url":"https:\/\/iwell-guard.com\/cs\/aengus\/","name":"Aengus \u2013 Irsk\u00fd b\u016fh l\u00e1sky a ml\u00e1d\u00ed | iWell Guard","isPartOf":{"@id":"https:\/\/iwell-guard.com\/cs\/#website"},"primaryImageOfPage":{"@id":"https:\/\/iwell-guard.com\/cs\/aengus\/#primaryimage"},"image":{"@id":"https:\/\/iwell-guard.com\/cs\/aengus\/#primaryimage"},"thumbnailUrl":"https:\/\/iwell-guard.com\/wp-content\/uploads\/2026\/05\/goetter_keltisch_aengus.webp","datePublished":"2026-09-03T16:32:18+00:00","dateModified":"2026-09-03T17:01:31+00:00","description":"Aengus (Aengus \u00d3g) je irsk\u00fd b\u016fh l\u00e1sky, ml\u00e1d\u00ed a inspirace, syn Dagdy a obyvatel mohyly Newgrange.","breadcrumb":{"@id":"https:\/\/iwell-guard.com\/cs\/aengus\/#breadcrumb"},"inLanguage":"cs","potentialAction":[{"@type":"ReadAction","target":["https:\/\/iwell-guard.com\/cs\/aengus\/"]}]},{"@type":"ImageObject","inLanguage":"cs","@id":"https:\/\/iwell-guard.com\/cs\/aengus\/#primaryimage","url":"https:\/\/iwell-guard.com\/wp-content\/uploads\/2026\/05\/goetter_keltisch_aengus.webp","contentUrl":"https:\/\/iwell-guard.com\/wp-content\/uploads\/2026\/05\/goetter_keltisch_aengus.webp","width":1024,"height":1536,"caption":"Bohov\u00e9 z keltsk\u00e9 tradice."},{"@type":"BreadcrumbList","@id":"https:\/\/iwell-guard.com\/cs\/aengus\/#breadcrumb","itemListElement":[{"@type":"ListItem","position":1,"name":"Start","item":"https:\/\/iwell-guard.com\/cs\/?page_id=145107"},{"@type":"ListItem","position":2,"name":"Aengus"}]},{"@type":"WebSite","@id":"https:\/\/iwell-guard.com\/cs\/#website","url":"https:\/\/iwell-guard.com\/cs\/","name":"iWell Guard","description":"Schutz vor dunklen Einfl\u00fcssen","publisher":{"@id":"https:\/\/iwell-guard.com\/cs\/#organization"},"potentialAction":[{"@type":"SearchAction","target":{"@type":"EntryPoint","urlTemplate":"https:\/\/iwell-guard.com\/cs\/?s={search_term_string}"},"query-input":{"@type":"PropertyValueSpecification","valueRequired":true,"valueName":"search_term_string"}}],"inLanguage":"cs"},{"@type":"Organization","@id":"https:\/\/iwell-guard.com\/cs\/#organization","name":"Ittermann electronic GmbH","url":"https:\/\/iwell-guard.com\/cs\/","logo":{"@type":"ImageObject","inLanguage":"cs","@id":"https:\/\/iwell-guard.com\/cs\/#\/schema\/logo\/image\/","url":"https:\/\/iwell-guard.com\/wp-content\/uploads\/2026\/05\/Ittermann-Logo-1182x237-1.png","contentUrl":"https:\/\/iwell-guard.com\/wp-content\/uploads\/2026\/05\/Ittermann-Logo-1182x237-1.png","width":1182,"height":237,"caption":"Ittermann electronic GmbH"},"image":{"@id":"https:\/\/iwell-guard.com\/cs\/#\/schema\/logo\/image\/"},"sameAs":["https:\/\/pantip.com\/profile\/9367242","https:\/\/micro.blog\/iwellguard","https:\/\/www.diggerslist.com\/iwellguard\/about","https:\/\/skitterphoto.com\/photographers\/2870314\/iwell-guard","https:\/\/iwellguard.wordpress.com\/2026\/06\/06\/iwell-guard\/","https:\/\/hub.docker.com\/u\/iwellguard","https:\/\/www.pinterest.com\/iwellguard\/","https:\/\/bit.ly\/m\/iwellguard","https:\/\/entre-vos-mains.alsace.eu\/profiles\/iwellguard\/activity","https:\/\/gravatar.com\/reallybeded8fd34","https:\/\/naijamatta.com\/iwellguard","https:\/\/www.goodreads.com\/iwellguard","https:\/\/profile.hatena.ne.jp\/iwellguard\/","https:\/\/experiment.com\/users\/iwellguard","https:\/\/wakelet.com\/@iWellGuard82270","https:\/\/www.chordie.com\/forum\/profile.php?id=2555664","https:\/\/www.instapaper.com\/p\/17757966","https:\/\/www.mapleprimes.com\/users\/iwellguard","https:\/\/businesslistingplus.com\/profile\/iwell-guard\/","https:\/\/telegra.ph\/iWell-Guard-06-06","https:\/\/pbase.com\/iwellguard\/iwellguard","https:\/\/b.hatena.ne.jp\/iwellguard\/20260607#bookmark-4788405196491818882","https:\/\/fliphtml5.com\/home\/iwellguard","https:\/\/anyflip.com\/homepage\/cmiwl#About","https:\/\/transfur.com\/Users\/iwellguard","http:\/\/delphi.larsbo.org\/user\/iwellguard","https:\/\/jobs.lajobsportal.org\/profiles\/8380803-iwell-guard","https:\/\/md.chaosdorf.de\/s\/jfbe5SBdJD","https:\/\/www.lingvolive.com\/en-us\/profile\/9ecaeaca-ce11-4e51-9e71-01d55e2bff36\/translations","https:\/\/www.fitday.com\/fitness\/forums\/members\/iwellguard.html","https:\/\/www.mymeetbook.com\/iwellguard","https:\/\/pxhere.com\/en\/photographer-me\/5040798","https:\/\/disqus.com\/by\/iwellguard\/about\/","https:\/\/pastelink.net\/hjwciqwq","https:\/\/pubhtml5.com\/homepage\/scjhn\/","https:\/\/www.bitchute.com\/channel\/2O2eOKzNqujT","https:\/\/audiomack.com\/iwellguard"]}]}},"_links":{"self":[{"href":"https:\/\/iwell-guard.com\/cs\/wp-json\/wp\/v2\/pages\/145633","targetHints":{"allow":["GET"]}}],"collection":[{"href":"https:\/\/iwell-guard.com\/cs\/wp-json\/wp\/v2\/pages"}],"about":[{"href":"https:\/\/iwell-guard.com\/cs\/wp-json\/wp\/v2\/types\/page"}],"author":[{"embeddable":true,"href":"https:\/\/iwell-guard.com\/cs\/wp-json\/wp\/v2\/users\/3"}],"replies":[{"embeddable":true,"href":"https:\/\/iwell-guard.com\/cs\/wp-json\/wp\/v2\/comments?post=145633"}],"version-history":[{"count":0,"href":"https:\/\/iwell-guard.com\/cs\/wp-json\/wp\/v2\/pages\/145633\/revisions"}],"wp:featuredmedia":[{"embeddable":true,"href":"https:\/\/iwell-guard.com\/cs\/wp-json\/wp\/v2\/media\/3239"}],"wp:attachment":[{"href":"https:\/\/iwell-guard.com\/cs\/wp-json\/wp\/v2\/media?parent=145633"}],"wp:term":[{"taxonomy":"category","embeddable":true,"href":"https:\/\/iwell-guard.com\/cs\/wp-json\/wp\/v2\/categories?post=145633"}],"curies":[{"name":"wp","href":"https:\/\/api.w.org\/{rel}","templated":true}]}}