{"id":145620,"date":"2026-09-03T16:32:10","date_gmt":"2026-09-03T16:32:10","guid":{"rendered":"https:\/\/iwell-guard.com\/?page_id=145620"},"modified":"2026-09-03T17:01:10","modified_gmt":"2026-09-03T17:01:10","slug":"sventovid","status":"publish","type":"page","link":"https:\/\/iwell-guard.com\/cs\/sventovid\/","title":{"rendered":"Sventovid"},"content":{"rendered":"\t\t<div data-elementor-type=\"wp-page\" data-elementor-id=\"145620\" class=\"elementor elementor-145620 elementor-3034 elementor-bc-flex-widget\" data-elementor-post-type=\"page\">\n\t\t\t\t<div class=\"elementor-element elementor-element-6a6ca0a e-flex e-con-boxed e-con e-parent\" data-id=\"6a6ca0a\" data-element_type=\"container\" data-e-type=\"container\" data-settings=\"{&quot;background_background&quot;:&quot;classic&quot;}\">\n\t\t\t\t\t<div class=\"e-con-inner\">\n\t\t<div class=\"elementor-element elementor-element-44c5de4 e-flex e-con-boxed e-con e-child\" data-id=\"44c5de4\" data-element_type=\"container\" data-e-type=\"container\">\n\t\t\t\t\t<div class=\"e-con-inner\">\n\t\t<div class=\"elementor-element elementor-element-2310235 e-con-full e-flex e-con e-child\" data-id=\"2310235\" data-element_type=\"container\" data-e-type=\"container\">\n\t\t\t\t<div class=\"elementor-element elementor-element-b843a02 elementor-widget elementor-widget-heading\" data-id=\"b843a02\" data-element_type=\"widget\" data-e-type=\"widget\" data-widget_type=\"heading.default\">\n\t\t\t\t\t<h1 class=\"elementor-heading-title elementor-size-default\">Sventovid, slovansk\u00fd b\u016fh v\u00e1lky a or\u00e1kula<\/h1>\t\t\t\t<\/div>\n\t\t\t\t<div class=\"elementor-element elementor-element-a65a288 elementor-widget elementor-widget-text-editor\" data-id=\"a65a288\" data-element_type=\"widget\" data-e-type=\"widget\" data-widget_type=\"text-editor.default\">\n\t\t\t\t\t\t\t\t\t<p>Sventovid je \u010dty\u0159hlav\u00fd slovansk\u00fd b\u016fh v\u00e1lky a or\u00e1kula, kter\u00fd byl jako hlavn\u00ed b\u016fh z\u00e1padn\u00edch Slovan\u016f uct\u00edv\u00e1n v <span class=\"iwg-fachbegriff\" data-tooltip=\"Budova slou\u017e\u00edc\u00ed k uct\u00edv\u00e1n\u00ed jednoho nebo v\u00edce bo\u017estev.\" tabindex=\"0\">chr\u00e1mu<\/span> v Arkon\u011b na Ruj\u00e1n\u011b.<\/p><p>Sventovid (tak\u00e9 Svantovit, Svetovid, latinsky Svantovithus nebo Suantevit) je centr\u00e1ln\u00ed <span class=\"iwg-fachbegriff\" data-tooltip=\"Bytost uct\u00edvan\u00e1 jako bo\u017esk\u00e1 v r\u00e1mci ur\u010dit\u00e9ho n\u00e1bo\u017eenstv\u00ed.\" tabindex=\"0\">bo\u017estvo<\/span> polabsko-slovansk\u00e9ho a pobaltoslovansk\u00e9ho panteonu vrcholn\u00e9ho st\u0159edov\u011bku a jedn\u00edm z m\u00e1la slovansk\u00fdch boh\u016f, jeho\u017e <span class=\"iwg-fachbegriff\" data-tooltip=\"Budova slou\u017e\u00edc\u00ed k uct\u00edv\u00e1n\u00ed jednoho nebo v\u00edce bo\u017estev.\" tabindex=\"0\">chr\u00e1m<\/span>, socha a kultovn\u00ed praxe jsou podrobn\u011b pops\u00e1ny v soudob\u00fdch pramenech.<\/p><p>Jeho hlavn\u00ed <span class=\"iwg-fachbegriff\" data-tooltip=\"Svat\u00e9 m\u00edsto zasv\u011bcen\u00e9 uct\u00edv\u00e1n\u00ed bo\u017estva.\" tabindex=\"0\">svatyn\u011b<\/span> st\u00e1la a\u017e do roku 1168 na ostrov\u011b Ruj\u00e1na v Arkon\u011b; jej\u00ed zni\u010den\u00ed d\u00e1nsk\u00fdm kr\u00e1lem Valdemarem I. pat\u0159\u00ed k nejl\u00e9pe dokumentovan\u00fdm ud\u00e1lostem slovansk\u00fdch n\u00e1bo\u017eensk\u00fdch d\u011bjin. Sventovid byl bohem v\u00e1lky, bohem or\u00e1kula a hlavn\u00edm bohem Ran\u016f, baltsk\u00fdch Slovan\u016f z ostrova Ruj\u00e1na.<\/p>\t\t\t\t\t\t\t\t<\/div>\n\t\t\t\t<\/div>\n\t\t<div class=\"elementor-element elementor-element-85fe1e7 e-con-full e-flex e-con e-parent\" data-id=\"85fe1e7\" data-element_type=\"container\" data-e-type=\"container\">\n\t\t\t\t<div class=\"elementor-element elementor-element-cc0d3fb elementor-widget elementor-widget-html\" data-id=\"cc0d3fb\" data-element_type=\"widget\" data-e-type=\"widget\" data-widget_type=\"html.default\">\n\t\t\t\t\t<div class=\"iwg-pill-row\"><span class=\"iwg-klasse-badge\" tabindex=\"0\" data-tooltip=\"B\u016fh \/ Bohyn\u011b: Personifikovan\u00e1 nejvy\u0161\u0161\u00ed moc v panteonu ur\u010dit\u00e9 kultury, s jasn\u011b vymezen\u00fdmi oblastmi p\u016fsobnosti \u2014 p\u0159\u00edrodn\u00ed s\u00edly, osud, v\u00e1lka, plodnost. Uct\u00edvan\u00e1 prost\u0159ednictv\u00edm kult\u016f, ob\u011bt\u00ed a chr\u00e1mov\u00fdch instituc\u00ed.\">B\u016fh<\/span><a href=\"https:\/\/iwell-guard.com\/cs\/slovanske\/\" class=\"iwg-kultur-badge\" tabindex=\"0\" data-tooltip=\"Slovansk\u00e1 mytologie a lidov\u00e9 n\u00e1bo\u017eenstv\u00ed, od 10. stolet\u00ed p\u0159ekryt\u00e9 k\u0159es\u0165anstv\u00edm.\">Slovansk\u00fd<\/a><\/div>\t\t\t\t<\/div>\n\t\t\t\t<\/div>\n\t\t<div class=\"elementor-element elementor-element-c68ed40 e-con-full e-flex e-con e-child\" data-id=\"c68ed40\" data-element_type=\"container\" data-e-type=\"container\">\n\t\t\t\t<div class=\"elementor-element elementor-element-1f27fb4 elementor-toc--minimized-on-tablet elementor-widget elementor-widget-table-of-contents\" data-id=\"1f27fb4\" data-element_type=\"widget\" data-e-type=\"widget\" data-settings=\"{&quot;exclude_headings_by_selector&quot;:[],&quot;no_headings_message&quot;:&quot;Na t\\u00e9to str\\u00e1nce nebyly nalezeny \\u017e\\u00e1dn\\u00e9 nadpisy.&quot;,&quot;headings_by_tags&quot;:[&quot;h2&quot;,&quot;h3&quot;],&quot;marker_view&quot;:&quot;bullets&quot;,&quot;icon&quot;:{&quot;value&quot;:&quot;fas fa-circle&quot;,&quot;library&quot;:&quot;fa-solid&quot;,&quot;rendered_tag&quot;:&quot;&lt;svg class=\\&quot;e-font-icon-svg e-fas-circle\\&quot; viewBox=\\&quot;0 0 512 512\\&quot; xmlns=\\&quot;http:\\\/\\\/www.w3.org\\\/2000\\\/svg\\&quot;&gt;&lt;path d=\\&quot;M256 8C119 8 8 119 8 256s111 248 248 248 248-111 248-248S393 8 256 8z\\&quot;&gt;&lt;\\\/path&gt;&lt;\\\/svg&gt;&quot;},&quot;minimize_box&quot;:&quot;yes&quot;,&quot;minimized_on&quot;:&quot;tablet&quot;,&quot;hierarchical_view&quot;:&quot;yes&quot;,&quot;min_height&quot;:{&quot;unit&quot;:&quot;px&quot;,&quot;size&quot;:&quot;&quot;,&quot;sizes&quot;:[]},&quot;min_height_tablet&quot;:{&quot;unit&quot;:&quot;px&quot;,&quot;size&quot;:&quot;&quot;,&quot;sizes&quot;:[]},&quot;min_height_mobile&quot;:{&quot;unit&quot;:&quot;px&quot;,&quot;size&quot;:&quot;&quot;,&quot;sizes&quot;:[]}}\" data-widget_type=\"table-of-contents.default\">\n\t\t\t\t\t\t\t\t\t<div class=\"elementor-toc__header\">\n\t\t\t\t\t\t<h2 class=\"elementor-toc__header-title\">\n\t\t\t\tObsah\t\t\t<\/h2>\n\t\t\t\t\t\t\t\t\t\t<div class=\"elementor-toc__toggle-button elementor-toc__toggle-button--expand\" role=\"button\" tabindex=\"0\" aria-controls=\"elementor-toc__1f27fb4\" aria-expanded=\"true\" aria-label=\"Open table of contents\"><svg aria-hidden=\"true\" class=\"e-font-icon-svg e-fas-chevron-down\" viewBox=\"0 0 448 512\" xmlns=\"http:\/\/www.w3.org\/2000\/svg\"><path d=\"M207.029 381.476L12.686 187.132c-9.373-9.373-9.373-24.569 0-33.941l22.667-22.667c9.357-9.357 24.522-9.375 33.901-.04L224 284.505l154.745-154.021c9.379-9.335 24.544-9.317 33.901.04l22.667 22.667c9.373 9.373 9.373 24.569 0 33.941L240.971 381.476c-9.373 9.372-24.569 9.372-33.942 0z\"><\/path><\/svg><\/div>\n\t\t\t\t<div class=\"elementor-toc__toggle-button elementor-toc__toggle-button--collapse\" role=\"button\" tabindex=\"0\" aria-controls=\"elementor-toc__1f27fb4\" aria-expanded=\"true\" aria-label=\"Close table of contents\"><svg aria-hidden=\"true\" class=\"e-font-icon-svg e-fas-chevron-up\" viewBox=\"0 0 448 512\" xmlns=\"http:\/\/www.w3.org\/2000\/svg\"><path d=\"M240.971 130.524l194.343 194.343c9.373 9.373 9.373 24.569 0 33.941l-22.667 22.667c-9.357 9.357-24.522 9.375-33.901.04L224 227.495 69.255 381.516c-9.379 9.335-24.544 9.317-33.901-.04l-22.667-22.667c-9.373-9.373-9.373-24.569 0-33.941L207.03 130.525c9.372-9.373 24.568-9.373 33.941-.001z\"><\/path><\/svg><\/div>\n\t\t\t\t\t<\/div>\n\t\t\t\t<div id=\"elementor-toc__1f27fb4\" class=\"elementor-toc__body\">\n\t\t\t<div class=\"elementor-toc__spinner-container\">\n\t\t\t\t<svg class=\"elementor-toc__spinner eicon-animation-spin e-font-icon-svg e-eicon-loading\" aria-hidden=\"true\" viewBox=\"0 0 1000 1000\" xmlns=\"http:\/\/www.w3.org\/2000\/svg\"><path d=\"M500 975V858C696 858 858 696 858 500S696 142 500 142 142 304 142 500H25C25 237 238 25 500 25S975 237 975 500 763 975 500 975Z\"><\/path><\/svg>\t\t\t<\/div>\n\t\t<\/div>\n\t\t\t\t\t\t<\/div>\n\t\t\t\t<\/div>\n\t\t\t\t\t<\/div>\n\t\t\t\t<\/div>\n\t\t<div class=\"elementor-element elementor-element-f58836f e-con-full e-flex e-con e-child\" data-id=\"f58836f\" data-element_type=\"container\" data-e-type=\"container\">\n\t\t\t\t<div class=\"elementor-element elementor-element-dbefaff iwg-hero-image elementor-widget elementor-widget-image\" data-id=\"dbefaff\" data-element_type=\"widget\" data-e-type=\"widget\" data-widget_type=\"image.default\">\n\t\t\t\t\t\t\t\t\t\t\t\t\t\t\t<img fetchpriority=\"high\" decoding=\"async\" width=\"683\" height=\"1024\" src=\"https:\/\/iwell-guard.com\/wp-content\/uploads\/2026\/05\/goetter_slawisch_sventovid-1-683x1024.webp\" class=\"attachment-large size-large wp-image-147212\" alt=\"Svantov\u00edt \u2013 b\u016fh ze slovansk\u00e9 tradice, historicko-ilustra\u010dn\u00ed zobrazen\u00ed\" srcset=\"https:\/\/iwell-guard.com\/wp-content\/uploads\/2026\/05\/goetter_slawisch_sventovid-1-683x1024.webp 683w, https:\/\/iwell-guard.com\/wp-content\/uploads\/2026\/05\/goetter_slawisch_sventovid-1-200x300.webp 200w, https:\/\/iwell-guard.com\/wp-content\/uploads\/2026\/05\/goetter_slawisch_sventovid-1-768x1152.webp 768w, https:\/\/iwell-guard.com\/wp-content\/uploads\/2026\/05\/goetter_slawisch_sventovid-1.webp 1024w\" sizes=\"(max-width: 683px) 100vw, 683px\" \/>\t\t\t\t\t\t\t\t\t\t\t\t\t\t\t<\/div>\n\t\t\t\t<\/div>\n\t\t\t\t\t<\/div>\n\t\t\t\t<\/div>\n\t\t<div class=\"elementor-element elementor-element-ad97c2d e-con-boxed e-flex e-con e-parent\" data-id=\"ad97c2d\" data-element_type=\"container\" data-e-type=\"container\">\n\t\t\t\t\t<div class=\"e-con-inner\">\n\t\t<div class=\"elementor-element elementor-element-26dce64 e-con-full e-flex e-con e-child\" data-id=\"26dce64\" data-element_type=\"container\" data-e-type=\"container\">\n\t\t\t\t<div class=\"elementor-element elementor-element-5983496 elementor-widget elementor-widget-heading\" data-id=\"5983496\" data-element_type=\"widget\" data-e-type=\"widget\" data-widget_type=\"heading.default\">\n\t\t\t\t\t<h2 class=\"elementor-heading-title elementor-size-default\">Prameny a prvn\u00ed zm\u00ednky<\/h2>\t\t\t\t<\/div>\n\t\t\t\t<div class=\"elementor-element elementor-element-22244d4 elementor-widget elementor-widget-text-editor\" data-id=\"22244d4\" data-element_type=\"widget\" data-e-type=\"widget\" data-widget_type=\"text-editor.default\">\n\t\t\t\t\t\t\t\t\t<p>Nejd\u016fle\u017eit\u011bj\u0161\u00edm pramenem pro Sventovida je \u00abGesta Danorum\u00bb Saxa Grammatika (kolem 1200), kniha XIV, kapitola 39, kde je podrobn\u011b pops\u00e1no d\u00e1nsk\u00e9 dobyt\u00ed Arkony v roce 1168. Saxo, kter\u00fd jako d\u00e1nsk\u00fd dvorn\u00ed duchovn\u00ed vysl\u00fdchal sv\u011bdky, pod\u00e1v\u00e1 detailn\u00ed popis chr\u00e1mu, sochy a kultovn\u00ed praxe.<\/p><p>Tento pramen je z hlediska n\u00e1bo\u017eensk\u00fdch d\u011bjin cenn\u00fd ze dvou d\u016fvod\u016f: vznikl v bl\u00edzk\u00e9 \u010dasov\u00e9 n\u00e1vaznosti a poch\u00e1z\u00ed z t\u00e1bora v\u00edt\u011bz\u016f, kte\u0159\u00ed vid\u011bli sochu a <span class=\"iwg-fachbegriff\" data-tooltip=\"Budova slou\u017e\u00edc\u00ed k uct\u00edv\u00e1n\u00ed jednoho nebo v\u00edce bo\u017estev.\" tabindex=\"0\">chr\u00e1m<\/span> na vlastn\u00ed o\u010di, ne\u017e je zni\u010dili.<\/p>\n<p>Druh\u00fdm hlavn\u00edm pramenem je \u00abChronica Slavorum\u00bb Helmolda z Bosau (kolem 1170), kter\u00e1 vznikla soub\u011b\u017en\u011b s dobyt\u00edm a vych\u00e1z\u00ed z p\u0159\u00edm\u00fdch informac\u00ed z mision\u00e1\u0159sk\u00e9ho prost\u0159ed\u00ed.<\/p><p>Helmold popisuje Sventovida jako \u00abnejvzne\u0161en\u011bj\u0161\u00edho ze v\u0161ech boh\u016f Slovan\u016f\u00bb, v\u016f\u010di n\u011bmu\u017e jsou ostatn\u00ed bohov\u00e9 jen polobohy. T\u0159et\u00edm pramenem je \u00abKnytlinga saga\u00bb (13. stolet\u00ed), d\u00e1nsk\u00e1 kr\u00e1lovsk\u00e1 s\u00e1ga, kter\u00e1 se rovn\u011b\u017e zab\u00fdv\u00e1 dobyt\u00edm Arkony.<\/p>\n<p>Dal\u0161\u00ed zm\u00ednky se nach\u00e1zej\u00ed u Adama z Br\u00e9m (\u00abGesta Hammaburgensis ecclesiae pontificum\u00bb, 1075), u Thietmara z Merseburgu (k ran\u00e9 f\u00e1zi polabsko-slovansk\u00e9ho pohanstv\u00ed, ov\u0161em bez explicitn\u00ed zm\u00ednky o Sventovidovi) a v d\u00e1nsk\u00fdch ann\u00e1lech 12. a 13. stolet\u00ed.<\/p>\t\t\t\t\t\t\t\t<\/div>\n\t\t\t\t<\/div>\n\t\t<div class=\"elementor-element elementor-element-a749920 e-con-full e-flex e-con e-child\" data-id=\"a749920\" data-element_type=\"container\" data-e-type=\"container\">\n\t\t\t\t<div class=\"elementor-element elementor-element-97f33a5 elementor-widget elementor-widget-heading\" data-id=\"97f33a5\" data-element_type=\"widget\" data-e-type=\"widget\" data-widget_type=\"heading.default\">\n\t\t\t\t\t<h2 class=\"elementor-heading-title elementor-size-default\">Chr\u00e1m a kultovn\u00ed are\u00e1l v Arkon\u011b<\/h2>\t\t\t\t<\/div>\n\t\t\t\t<div class=\"elementor-element elementor-element-d105bb5 elementor-widget elementor-widget-text-editor\" data-id=\"d105bb5\" data-element_type=\"widget\" data-e-type=\"widget\" data-widget_type=\"text-editor.default\">\n\t\t\t\t\t\t\t\t\t<p><span class=\"iwg-fachbegriff\" data-tooltip=\"Budova slou\u017e\u00edc\u00ed k uct\u00edv\u00e1n\u00ed jednoho nebo v\u00edce bo\u017estev.\" tabindex=\"0\">Chr\u00e1m<\/span> st\u00e1l na v\u00fdb\u011b\u017eku na severov\u00fdchodn\u00ed \u0161pici Ruj\u00e1ny, chr\u00e1n\u011bn polokruhov\u00fdm zemn\u00edm valem, kter\u00fd uzav\u00edral stranu od pevniny; strm\u00e9 pob\u0159e\u017e\u00ed chr\u00e1nilo stranu od mo\u0159e.<\/p><p><span data-nosnippet>Archeologick\u00e9 vykop\u00e1vky od Carla Schuchhardta (1921) a zejm\u00e9na Joachima Herrmanna (1962 a\u017e 1971) umo\u017enily rekonstruovat are\u00e1l: svat\u00fd okrsek o rozloze zhruba 4 hektary, v jeho\u017e nitru st\u00e1la samotn\u00e1 chr\u00e1mov\u00e1 budova. <span class=\"iwg-fachbegriff\" data-tooltip=\"Budova slou\u017e\u00edc\u00ed k uct\u00edv\u00e1n\u00ed jednoho nebo v\u00edce bo\u017estev.\" tabindex=\"0\">Chr\u00e1m<\/span> byl \u010dtvercovou d\u0159ev\u011bnou konstrukc\u00ed s \u010derven\u00fdmi textiln\u00edmi v\u00fdpln\u011bmi st\u011bn a vnit\u0159n\u00edm sanktu\u00e1riem, kter\u00e9 bylo od vn\u011bj\u0161\u00edho prostoru odd\u011blen\u00e9 z\u00e1v\u011bsy.<\/span><\/p>\n<p>Uvnit\u0159 st\u00e1la hlavn\u00ed socha Sventovida. Podle Saxova popisu byla nadlidsky velk\u00e1, d\u0159ev\u011bn\u00e1, se \u010dty\u0159mi hlavami nebo tv\u00e1\u0159emi, kter\u00e9 hled\u011bly do \u010dty\u0159 sv\u011btov\u00fdch stran. Dv\u011b tv\u00e1\u0159e byly obr\u00e1ceny dop\u0159edu, dv\u011b dozadu, p\u0159i\u010dem\u017e jeden p\u00e1r byl orientov\u00e1n vlevo a druh\u00fd vpravo.<\/p><p>B\u016fh dr\u017eel v prav\u00e9 ruce rohovou \u010d\u00ed\u0161i, levou rukou se op\u00edral o luk. Na st\u011bn\u011b visely jeho sedlo, uzde\u010dka a obrovsk\u00fd me\u010d, jeho\u017e \u010depel byla zdobena st\u0159\u00edbrn\u00fdm kov\u00e1n\u00edm.<\/p>\t\t\t\t\t\t\t\t<\/div>\n\t\t\t\t<\/div>\n\t\t<div class=\"elementor-element elementor-element-4a8d3a5 e-con-full e-flex e-con e-child\" data-id=\"4a8d3a5\" data-element_type=\"container\" data-e-type=\"container\">\n\t\t\t\t<div class=\"elementor-element elementor-element-71e5a3d elementor-widget elementor-widget-heading\" data-id=\"71e5a3d\" data-element_type=\"widget\" data-e-type=\"widget\" data-widget_type=\"heading.default\">\n\t\t\t\t\t<h2 class=\"elementor-heading-title elementor-size-default\">Ikonografie a symboly<\/h2>\t\t\t\t<\/div>\n\t\t\t\t<div class=\"elementor-element elementor-element-1a8327e elementor-widget elementor-widget-text-editor\" data-id=\"1a8327e\" data-element_type=\"widget\" data-e-type=\"widget\" data-widget_type=\"text-editor.default\">\n\t\t\t\t\t\t\t\t\t<p>Nejv\u00fdrazn\u011bj\u0161\u00edm ikonografick\u00fdm znakem Sventovida jsou \u010dty\u0159i hlavy. Tato \u00ab\u010dty\u0159tv\u00e1\u0159nost\u00bb je obecn\u011b vykl\u00e1d\u00e1na jako kosmologick\u00fd <span class=\"iwg-fachbegriff\" data-tooltip=\"Znak, kter\u00fd zastupuje ur\u010ditou p\u0159edstavu nebo v\u00fdznam.\" tabindex=\"0\">symbol<\/span>: b\u016fh hled\u00ed do v\u0161ech sv\u011btov\u00fdch stran a p\u0159ehl\u00ed\u017e\u00ed cel\u00fd sv\u011bt.<\/p><p><span data-nosnippet>Podobn\u00e9 \u010dty\u0159tv\u00e1r\u00e9 zobrazen\u00ed bo\u017estva zn\u00e1 i slavn\u00fd Zbru\u010dsk\u00fd <span class=\"iwg-fachbegriff\" data-tooltip=\"Obraz nebo socha uct\u00edvan\u00e1 jako bo\u017esk\u00e1.\" tabindex=\"0\">idol<\/span> (vyzdvi\u017een 1848 v Hal\u00ed\u010di, dnes v Archeologick\u00e9m muzeu v Krakov\u011b), v\u00e1pencov\u00fd sloup se \u010dty\u0159mi reli\u00e9fy boh\u016f na krychlov\u00e9 hlavici.<\/span><\/p><p>Zda Zbru\u010dsk\u00fd <span class=\"iwg-fachbegriff\" data-tooltip=\"Obraz nebo socha uct\u00edvan\u00e1 jako bo\u017esk\u00e1.\" tabindex=\"0\">idol<\/span> zobrazuje Sventovida, nebo jin\u00e9 <span class=\"iwg-fachbegriff\" data-tooltip=\"Bytost uct\u00edvan\u00e1 jako bo\u017esk\u00e1 v r\u00e1mci ur\u010dit\u00e9ho n\u00e1bo\u017eenstv\u00ed.\" tabindex=\"0\">bo\u017estvo<\/span>, je sporn\u00e9; form\u00e1ln\u00ed podobnost je v\u0161ak z\u0159ejm\u00e1 a podporuje p\u0159edpoklad, \u017ee v\u00edcehlavost byla typick\u00fdm rysem z\u00e1padoslovansk\u00e9 a v\u00fdchodoslovansk\u00e9 <span class=\"iwg-fachbegriff\" data-tooltip=\"V\u011bda o obrazov\u00fdch obsaz\u00edch a jejich v\u00fdznamu.\" tabindex=\"0\">ikonografie<\/span> boh\u016f.<\/p>\n<p>Rohov\u00e1 \u010d\u00ed\u0161e v prav\u00e9 ruce hraje \u00fast\u0159edn\u00ed roli p\u0159i or\u00e1kuln\u00edm ritu\u00e1lu (viz n\u00ed\u017ee). Luk a me\u010d jsou atributy v\u00e1le\u010dn\u00edka. B\u00edl\u00fd k\u016f\u0148, kter\u00fd pat\u0159il k <span class=\"iwg-fachbegriff\" data-tooltip=\"Budova slou\u017e\u00edc\u00ed k uct\u00edv\u00e1n\u00ed jednoho nebo v\u00edce bo\u017estev.\" tabindex=\"0\">chr\u00e1mu<\/span>, je hlavn\u00edm doprovodn\u00fdm zv\u00ed\u0159etem. B\u00edl\u00e1 barva je <span class=\"iwg-fachbegriff\" data-tooltip=\"N\u00e1le\u017eej\u00edc\u00ed do sf\u00e9ry svat\u00e9ho \u010di n\u00e1bo\u017eensk\u00e9ho, na rozd\u00edl od prof\u00e1nn\u00edho.\" tabindex=\"0\">sakr\u00e1ln\u00ed<\/span> a v baltoslovansk\u00e9m <span class=\"iwg-fachbegriff\" data-tooltip=\"Souhrn boh\u016f ur\u010dit\u00e9ho n\u00e1bo\u017eenstv\u00ed nebo kultury.\" tabindex=\"0\">panteonu<\/span> byla spojov\u00e1na s nejvy\u0161\u0161\u00edmi bohy.<\/p>\t\t\t\t\t\t\t\t<\/div>\n\t\t\t\t<\/div>\n\t\t<div class=\"elementor-element elementor-element-4d5ebe0 e-con-full e-flex e-con e-child\" data-id=\"4d5ebe0\" data-element_type=\"container\" data-e-type=\"container\">\n\t\t\t\t<div class=\"elementor-element elementor-element-e559cc8 elementor-widget elementor-widget-heading\" data-id=\"e559cc8\" data-element_type=\"widget\" data-e-type=\"widget\" data-widget_type=\"heading.default\">\n\t\t\t\t\t<h2 class=\"elementor-heading-title elementor-size-default\">Or\u00e1kulum a kultovn\u00ed praxe<\/h2>\t\t\t\t<\/div>\n\t\t\t\t<div class=\"elementor-element elementor-element-bcbe50a elementor-widget elementor-widget-text-editor\" data-id=\"bcbe50a\" data-element_type=\"widget\" data-e-type=\"widget\" data-widget_type=\"text-editor.default\">\n\t\t\t\t\t\t\t\t\t<p>Saxo Grammaticus popisuje dv\u011b hlavn\u00ed praktiky arkonsk\u00e9ho kultu. Ka\u017edoro\u010dn\u00ed skliz\u0148ov\u00e1 slavnost se konala po sklizni obil\u00ed: kn\u011bz nahl\u00e9dl do rohu na pit\u00ed v so\u0161e, do kter\u00e9ho se p\u0159edchoz\u00ed rok nal\u00e9val v\u00edno. Pokud se hladina v\u00edna nezm\u011bnila, sliboval to dobr\u00fd \u00farodn\u00ed rok; pokud klesla, hrozil hlad.<\/p><p>Pot\u00e9 byl rohu vypr\u00e1zdn\u011bn a napln\u011bn nov\u00fdm v\u00ednem; kn\u011bz vypil prvn\u00ed hlt, pronesl <span class=\"iwg-fachbegriff\" data-tooltip=\"Vysloven\u00ed blaha a ochrany, \u010dasto v ust\u00e1len\u00e9 jazykov\u00e9 form\u011b.\" tabindex=\"0\">po\u017eehn\u00e1n\u00ed<\/span> nad R\u00e1ny a slavnost skon\u010dila konzumac\u00ed obrovsk\u00e9ho kulat\u00e9ho medov\u00e9ho kol\u00e1\u010de, za kter\u00fdm se kn\u011bz schoval, aby se zeptal, zda ho shrom\u00e1\u017ed\u011bn\u00ed vid\u00ed.<\/p>\n<p>Nejzn\u00e1m\u011bj\u0161\u00ed <span class=\"iwg-fachbegriff\" data-tooltip=\"M\u00edsto nebo instituce, kde se z\u00edsk\u00e1v\u00e1 bo\u017esk\u00e1 odpov\u011b\u010f.\" tabindex=\"0\">v\u011b\u0161tba<\/span> byla ko\u0148sk\u00e1 <span class=\"iwg-fachbegriff\" data-tooltip=\"M\u00edsto nebo instituce, kde se z\u00edsk\u00e1v\u00e1 bo\u017esk\u00e1 odpov\u011b\u010f.\" tabindex=\"0\">v\u011b\u0161tba<\/span>. V <span class=\"iwg-fachbegriff\" data-tooltip=\"Stavba slou\u017e\u00edc\u00ed k uct\u00edv\u00e1n\u00ed jednoho nebo v\u00edce bo\u017estev.\" tabindex=\"0\">chr\u00e1mu<\/span> byl chov\u00e1n b\u00edl\u00fd k\u016f\u0148, kter\u00e9ho se sm\u011bl dot\u00fdkat pouze nejvy\u0161\u0161\u00ed kn\u011bz. P\u0159ed v\u00e1le\u010dn\u00fdmi v\u00fdpravami byly do zem\u011b zk\u0159\u00ed\u017een\u011b zastr\u010deny t\u0159i \u0159ady po dvou kop\u00edch; k\u016f\u0148 byl t\u0159ikr\u00e1t proveden p\u0159es tato kop\u00ed.<\/p><p>Pokud k\u016f\u0148 za\u010dal pravou p\u0159edn\u00ed nohou, v\u011b\u0161tilo to v\u00edt\u011bzstv\u00ed; pokud levou, v\u00fdprava byla odvol\u00e1na nebo odlo\u017eena. Tato praxe je z hlediska d\u011bjin n\u00e1bo\u017eenstv\u00ed zvl\u00e1\u0161t\u011b zaj\u00edmav\u00e1, nebo\u0165 je struktur\u00e1ln\u011b spojena s hippomanteia-komplexem indoevropsk\u00e9 ko\u0148sk\u00e9 v\u011b\u0161tby, dolo\u017een\u00fdm tak\u00e9 u Hetit\u016f, Skyth\u016f, Germ\u00e1n\u016f (Tacitus, \u00abGermania\u00bb, kapitola 10) a persk\u00fdch m\u00e1g\u016f.<\/p>\t\t\t\t\t\t\t\t<\/div>\n\t\t\t\t<\/div>\n\t\t<div class=\"elementor-element elementor-element-5dc7e79 e-con-full e-flex e-con e-child\" data-id=\"5dc7e79\" data-element_type=\"container\" data-e-type=\"container\">\n\t\t\t\t<div class=\"elementor-element elementor-element-909e93f elementor-widget elementor-widget-heading\" data-id=\"909e93f\" data-element_type=\"widget\" data-e-type=\"widget\" data-widget_type=\"heading.default\">\n\t\t\t\t\t<h2 class=\"elementor-heading-title elementor-size-default\">Poklad a tribut<\/h2>\t\t\t\t<\/div>\n\t\t\t\t<div class=\"elementor-element elementor-element-61c1c28 elementor-widget elementor-widget-text-editor\" data-id=\"61c1c28\" data-element_type=\"widget\" data-e-type=\"widget\" data-widget_type=\"text-editor.default\">\n\t\t\t\t\t\t\t\t\t<p><span class=\"iwg-fachbegriff\" data-tooltip=\"Stavba slou\u017e\u00edc\u00ed k uct\u00edv\u00e1n\u00ed jednoho nebo v\u00edce bo\u017estev.\" tabindex=\"0\">Chr\u00e1m<\/span> v Arkon\u011b byl nesm\u00edrn\u011b bohat\u00fd. Saxo popisuje ohromn\u00e9 mno\u017estv\u00ed zlata, st\u0159\u00edbra, l\u00e1tek a drahokam\u016f, kter\u00e9 se v pokladnici hromadily jako ko\u0159ist, tribut nebo ob\u011btn\u00ed dary. Ka\u017ed\u00fd R\u00e1n musel ro\u010dn\u011b odv\u00e1d\u011bt ur\u010ditou \u010d\u00e1stku do <span class=\"iwg-fachbegriff\" data-tooltip=\"Stavba slou\u017e\u00edc\u00ed k uct\u00edv\u00e1n\u00ed jednoho nebo v\u00edce bo\u017estev.\" tabindex=\"0\">chr\u00e1mu<\/span>; z ve\u0161ker\u00e9 v\u00e1le\u010dn\u00e9 ko\u0159isti byla t\u0159etina odevzd\u00e1v\u00e1na Sventovitovi.<\/p><p><span class=\"iwg-fachbegriff\" data-tooltip=\"Stavba slou\u017e\u00edc\u00ed k uct\u00edv\u00e1n\u00ed jednoho nebo v\u00edce bo\u017estev.\" tabindex=\"0\">Chr\u00e1m<\/span> m\u011bl vlastn\u00ed voj\u00e1ky a j\u00edzdu (podle Saxa t\u0159i sta jezdc\u016f), kte\u0159\u00ed st\u00e1li pod vrchn\u00edm velen\u00edm nejvy\u0161\u0161\u00edho kn\u011bze. Toto vojensko-n\u00e1bo\u017eensk\u00e9 spojen\u00ed je jedine\u010dn\u00fdm rysem polabsk\u00e9 slovansk\u00e9 n\u00e1bo\u017eenstv\u00ed a ukazuje, jak dalece Sventovit p\u0159erostl funkci pouh\u00e9ho kmenov\u00e9ho boha.<\/p>\t\t\t\t\t\t\t\t<\/div>\n\t\t\t\t<\/div>\n\t\t<div class=\"elementor-element elementor-element-5f28234 e-con-full e-flex e-con e-child\" data-id=\"5f28234\" data-element_type=\"container\" data-e-type=\"container\">\n\t\t\t\t<div class=\"elementor-element elementor-element-d2a127a elementor-widget elementor-widget-heading\" data-id=\"d2a127a\" data-element_type=\"widget\" data-e-type=\"widget\" data-widget_type=\"heading.default\">\n\t\t\t\t\t<h2 class=\"elementor-heading-title elementor-size-default\">Zni\u010den\u00ed Arkony roku 1168<\/h2>\t\t\t\t<\/div>\n\t\t\t\t<div class=\"elementor-element elementor-element-8a7f284 elementor-widget elementor-widget-text-editor\" data-id=\"8a7f284\" data-element_type=\"widget\" data-e-type=\"widget\" data-widget_type=\"text-editor.default\">\n\t\t\t\t\t\t\t\t\t<p>P\u0159i d\u00e1nsk\u00e9m dobyt\u00ed pod veden\u00edm kr\u00e1le Valdemara I. a biskupa Absalona z Roskilde v \u010dervnu 1168 byla Arkona obkl\u00ed\u010dena a po kr\u00e1tk\u00e9 obran\u011b dobyta. Saxo Grammaticus, jeho\u017e zpr\u00e1va se op\u00edr\u00e1 o sv\u011bdectv\u00ed o\u010dit\u00e9ho sv\u011bdka Absalona, popisuje zni\u010den\u00ed sochy: byla svr\u017eena, rozsek\u00e1na na kusy a sp\u00e1lena.<\/p><p>Pokladnice byla vypr\u00e1zdn\u011bna, chr\u00e1mov\u00fd okrsek zbo\u0159en. R\u00e1nov\u00e9 byli na m\u00edst\u011b donuceni ke k\u0159tu; oblast byla pod\u0159\u00edzena roskildsk\u00e9mu biskupstv\u00ed a za\u0159azena do d\u00e1nsk\u00e9ho panstv\u00ed. T\u00edmto zni\u010den\u00edm form\u00e1ln\u011b skon\u010dilo pohansk\u00e9 n\u00e1bo\u017eenstv\u00ed na Ruj\u00e1n\u011b, i kdy\u017e lidov\u00e9 zvyky a <span class=\"iwg-fachbegriff\" data-tooltip=\"P\u0159ed\u00e1van\u00e1 lidov\u00e1 kultura se zvyky, vypr\u00e1v\u011bn\u00edmi a p\u00edsn\u011bmi.\" tabindex=\"0\">folklor<\/span> \u017eily je\u0161t\u011b dlouho d\u00e1l.<\/p>\t\t\t\t\t\t\t\t<\/div>\n\t\t\t\t<\/div>\n\t\t<div class=\"elementor-element elementor-element-f94f7f9 e-con-full e-flex e-con e-child\" data-id=\"f94f7f9\" data-element_type=\"container\" data-e-type=\"container\">\n\t\t\t\t<div class=\"elementor-element elementor-element-7f7a1d9 elementor-widget elementor-widget-heading\" data-id=\"7f7a1d9\" data-element_type=\"widget\" data-e-type=\"widget\" data-widget_type=\"heading.default\">\n\t\t\t\t\t<h2 class=\"elementor-heading-title elementor-size-default\">N\u00e1bo\u017eenskohistorick\u00e9 za\u0159azen\u00ed a identita<\/h2>\t\t\t\t<\/div>\n\t\t\t\t<div class=\"elementor-element elementor-element-c5122d9 elementor-widget elementor-widget-text-editor\" data-id=\"c5122d9\" data-element_type=\"widget\" data-e-type=\"widget\" data-widget_type=\"text-editor.default\">\n\t\t\t\t\t\t\t\t\t<p>Sventovit byl v b\u00e1d\u00e1n\u00ed opakovan\u011b vztahov\u00e1n k dal\u0161\u00edm slovansk\u00fdm boh\u016fm. Helmold z Bosau zd\u016fraz\u0148uje jeho nad\u0159azenost nad ostatn\u00edmi bohy, co\u017e sv\u011bd\u010d\u00ed o henoteistick\u00e9 struktu\u0159e r\u00e1nsk\u00e9ho panteonu: nejvy\u0161\u0161\u00ed b\u016fh s pod\u0159\u00edzen\u00fdmi polobohy.<\/p><p><span data-nosnippet>Aleksander Br\u00fcckner pova\u017eoval Sventovita za region\u00e1ln\u00ed variantu obecn\u011b slovansk\u00e9ho hromovl\u00e1dce Peruna, co\u017e dne\u0161n\u00ed badatel\u00e9 z velk\u00e9 \u010d\u00e1sti odm\u00edtaj\u00ed. Aleksander Gieysztor (\u00abMitologia S\u0142owian\u00bb, 1982) vid\u011bl ve Sventovitovi samostatn\u00e9 hlavn\u00ed bo\u017estvo baltick\u00fdch Slovan\u016f s kosmologickou funkc\u00ed, na kterou odkazuje \u010dty\u0159obli\u010dejnost.<\/span><\/p>\n<p><span data-nosnippet>Ji\u0159\u00ed Dynda v roce 2014 navrhl ch\u00e1pat Sventovita jako baltsko-slovanskou adaptaci \u0161\u00ed\u0159eji roz\u0161\u00ed\u0159en\u00e9ho indoevropsk\u00e9ho \u201eboha v\u0161evidouc\u00edho pohledu na sv\u011bt\u201c, jeho\u017e \u010dty\u0159obli\u010dejnost symbolizuje kosmick\u00fd pohled. Struktur\u00e1ln\u00ed paralely lze naj\u00edt v hetitsk\u00e9m chattijsk\u00e9m <span class=\"iwg-fachbegriff\" data-tooltip=\"Celek boh\u016f ur\u010dit\u00e9ho n\u00e1bo\u017eenstv\u00ed nebo kultury.\" tabindex=\"0\">panteonu<\/span> a v hinduistick\u00e9m Brahmovi, kter\u00fd je tak\u00e9 zobrazov\u00e1n se \u010dty\u0159mi obli\u010deji. Toto typologick\u00e9 za\u0159azen\u00ed v\u0161ak z\u016fst\u00e1v\u00e1 hypotetick\u00e9.<\/span><\/p>\t\t\t\t\t\t\t\t<\/div>\n\t\t\t\t<\/div>\n\t\t<div class=\"elementor-element elementor-element-ea0bae3 e-con-full e-flex e-con e-child\" data-id=\"ea0bae3\" data-element_type=\"container\" data-e-type=\"container\">\n\t\t\t\t<div class=\"elementor-element elementor-element-b5e2d9a elementor-widget elementor-widget-heading\" data-id=\"b5e2d9a\" data-element_type=\"widget\" data-e-type=\"widget\" data-widget_type=\"heading.default\">\n\t\t\t\t\t<h2 class=\"elementor-heading-title elementor-size-default\">Etymologie<\/h2>\t\t\t\t<\/div>\n\t\t\t\t<div class=\"elementor-element elementor-element-d9c3b25 elementor-widget elementor-widget-text-editor\" data-id=\"d9c3b25\" data-element_type=\"widget\" data-e-type=\"widget\" data-widget_type=\"text-editor.default\">\n\t\t\t\t\t\t\t\t\t<p>Jm\u00e9no \u00abSventovit\u00bb se skl\u00e1d\u00e1 z praslovansk\u00e9ho \u00absv\u0119t\u044a\u00bb (<span class=\"iwg-fachbegriff\" data-tooltip=\"N\u00e1le\u017eej\u00edc\u00ed k bo\u017esk\u00e9mu, a t\u00edm vy\u0148at\u00e9 z b\u011b\u017en\u00e9ho u\u017e\u00edv\u00e1n\u00ed.\" tabindex=\"0\">svat\u00fd<\/span>) a \u00abvit\u044a\u00bb (p\u00e1n, v\u00edt\u011bz nebo sv\u011bteln\u00fd zjev). V\u00fdznam by tak byl \u00abSvat\u00fd p\u00e1n\u00bb nebo \u00ab<span class=\"iwg-fachbegriff\" data-tooltip=\"N\u00e1le\u017eej\u00edc\u00ed k bo\u017esk\u00e9mu, a t\u00edm vy\u0148at\u00e9 z b\u011b\u017en\u00e9ho u\u017e\u00edv\u00e1n\u00ed.\" tabindex=\"0\">Svat\u011b<\/span> z\u00e1\u0159\u00edc\u00ed\u00bb. Zda druh\u00e1 slo\u017eka souvis\u00ed se starorusk\u00fdm \u00abvit\u00bb (vid\u011bt, hled\u011bt), co\u017e by dodate\u010dn\u011b motivovalo \u010dty\u0159obli\u010dejnost, je jazykov\u011bdn\u011b diskutov\u00e1no.<\/p><p>Pozd\u011bj\u0161\u00ed v\u00fdchodoslovansk\u00e1 <span class=\"iwg-fachbegriff\" data-tooltip=\"P\u0159ed\u00e1v\u00e1n\u00ed v\u011bd\u011bn\u00ed a vypr\u00e1v\u011bn\u00ed mezi generacemi.\" tabindex=\"0\">tradice<\/span> spojila toto jm\u00e9no se svat\u00fdm V\u00edtem (Vitus); ostrov Ruj\u00e1na a m\u011bsto Sankt Veit (Slovinsko, Chorvatsko) spojuj\u00ed k\u0159es\u0165ansk\u00e9ho svat\u00e9ho se star\u00fdm bohem synkretick\u00fdm zp\u016fsobem.<\/p>\t\t\t\t\t\t\t\t<\/div>\n\t\t\t\t<\/div>\n\t\t<div class=\"elementor-element elementor-element-4b68bda e-con-full e-flex e-con e-child\" data-id=\"4b68bda\" data-element_type=\"container\" data-e-type=\"container\">\n\t\t\t\t<div class=\"elementor-element elementor-element-76e0f0b elementor-widget elementor-widget-heading\" data-id=\"76e0f0b\" data-element_type=\"widget\" data-e-type=\"widget\" data-widget_type=\"heading.default\">\n\t\t\t\t\t<h2 class=\"elementor-heading-title elementor-size-default\">Odkaz do sou\u010dasnosti<\/h2>\t\t\t\t<\/div>\n\t\t\t\t<div class=\"elementor-element elementor-element-54cb4d0 elementor-widget elementor-widget-text-editor\" data-id=\"54cb4d0\" data-element_type=\"widget\" data-e-type=\"widget\" data-widget_type=\"text-editor.default\">\n\t\t\t\t\t\t\t\t\t<p>Po zni\u010den\u00ed Arkony ofici\u00e1ln\u00ed <span class=\"iwg-fachbegriff\" data-tooltip=\"Souhrn n\u00e1bo\u017eensk\u00fdch \u00fakon\u016f uct\u00edv\u00e1n\u00ed ur\u010dit\u00e9ho bo\u017estva nebo posv\u00e1tn\u00e9 bytosti.\" tabindex=\"0\">kult<\/span> Svantov\u00edta zcela zanikl. Stopy v lidov\u00e9 tradici jsou \u0159\u00eddk\u00e9, ale existuj\u00ed: n\u011bkolik rugansk\u00fdch pov\u011bst\u00ed o \u00abSwantewitovi\u00bb na Witowsk\u00e9 ho\u0159e, vypr\u00e1v\u011bn\u00ed o potopen\u00fdch <span class=\"iwg-fachbegriff\" data-tooltip=\"Stavba slou\u017e\u00edc\u00ed k uct\u00edv\u00e1n\u00ed jednoho nebo v\u00edce bo\u017estev.\" tabindex=\"0\">chr\u00e1mech<\/span> a o b\u00edl\u00e9m koni z pohansk\u00fdch dob.<\/p><p>V 19. stolet\u00ed se Svantov\u00edt stal identifika\u010dn\u00ed postavou polsk\u00e9ho a \u010desk\u00e9ho romantismu; Aleksander Br\u00fcckner, Josef Koll\u00e1r a dal\u0161\u00ed panslavisti\u010dt\u00ed myslitel\u00e9 na n\u011bj odkazovali jako na <span class=\"iwg-fachbegriff\" data-tooltip=\"Znak, kter\u00fd zastupuje ur\u010ditou p\u0159edstavu nebo v\u00fdznam.\" tabindex=\"0\">symbol<\/span> sv\u00e9bytn\u00e9 slovansk\u00e9 vysp\u011bl\u00e9 kultury.<\/p>\n<p>Dnes je Arkona archeologick\u00fdm parkem, poz\u016fstatky hradi\u0161t\u011b jsou p\u0159\u00edstupn\u00e9 ve\u0159ejnosti, samotn\u00fd <span class=\"iwg-fachbegriff\" data-tooltip=\"Stavba slou\u017e\u00edc\u00ed k uct\u00edv\u00e1n\u00ed jednoho nebo v\u00edce bo\u017estev.\" tabindex=\"0\">chr\u00e1m<\/span> lze rekonstruovat jen na z\u00e1klad\u011b z\u00e1klad\u016f staveb a n\u00e1lez\u016f. V sou\u010dasn\u00e9m rodnov\u011brsk\u00e9m a novopohansk\u00e9m hnut\u00ed st\u0159edn\u00ed a v\u00fdchodn\u00ed Evropy hraje Svantov\u00edt d\u016fle\u017eitou roli jako rekonstruovan\u00fd hlavn\u00ed b\u016fh; toto modern\u00ed uct\u00edv\u00e1n\u00ed je z n\u00e1bo\u017eenskov\u011bdn\u00e9ho hlediska novodobou konstrukc\u00ed.<\/p>\t\t\t\t\t\t\t\t<\/div>\n\t\t\t\t<\/div>\n\t\t<div class=\"elementor-element elementor-element-d924bdf e-con-full e-flex e-con e-child\" data-id=\"d924bdf\" data-element_type=\"container\" data-e-type=\"container\">\n\t\t\t\t<div class=\"elementor-element elementor-element-891430a elementor-widget elementor-widget-heading\" data-id=\"891430a\" data-element_type=\"widget\" data-e-type=\"widget\" data-widget_type=\"heading.default\">\n\t\t\t\t\t<h2 class=\"elementor-heading-title elementor-size-default\">Prameny<\/h2>\t\t\t\t<\/div>\n\t\t\t\t<div class=\"elementor-element elementor-element-e816673 elementor-widget elementor-widget-text-editor\" data-id=\"e816673\" data-element_type=\"widget\" data-e-type=\"widget\" data-widget_type=\"text-editor.default\">\n\t\t\t\t\t\t\t\t\t<footer class=\"iwg-literatur\"><p><span data-nosnippet>Saxo Grammaticus, \u00abGesta Danorum\u00bb, kniha XIV (kolem 1200), kritick\u00e9 vyd\u00e1n\u00ed Karsten Friis-Jensen, Oxford 2015. Helmold von Bosau, \u00abChronica Slavorum\u00bb (kolem 1170), p\u0159eklad Heinz Stoob, Darmstadt 1963. \u00abKnytlinga saga\u00bb (13. stolet\u00ed). Adam von Bremen, \u00abGesta Hammaburgensis ecclesiae pontificum\u00bb (1075). Thietmar von Merseburg, \u00abChronicon\u00bb (po\u010d\u00e1tek 11. stolet\u00ed). D\u00e1nsk\u00e9 an\u00e1ly z 12. a 13. stolet\u00ed.<\/span><\/p>\n<ul><li><span data-nosnippet>Carl Schuchhardt, \u00abArkona, Rethra, Vineta\u00bb, Berlin 1926.<\/span><\/li><li><span data-nosnippet>Joachim Herrmann, \u00abDie Slawen in Deutschland\u00bb, Berlin 1985.<\/span><\/li><li><span data-nosnippet>Joachim Herrmann (ed.), \u00abSlawische Burgen in Deutschland\u00bb, Berlin 1976.<\/span><\/li><li><span data-nosnippet>Aleksander Br\u00fcckner, \u00abMitologia s\u0142owia\u0144ska\u00bb, Krakau 1918.<\/span><\/li><li><span data-nosnippet>Aleksander Gieysztor, \u00abMitologia S\u0142owian\u00bb, Warschau 1982.<\/span><\/li><li><span data-nosnippet>Henryk \u0141owmia\u0144ski, \u00abReligia S\u0142owian i jej upadek\u00bb, Warschau 1979.<\/span><\/li><li><span data-nosnippet>Vladimir Toporov a Vyacheslav Ivanov, \u00abIssledovaniya v oblasti slavyanskikh drevnostey\u00bb, Moskau 1974.<\/span><\/li><li><span data-nosnippet>Ji\u0159\u00ed Dynda, \u00abThe Four-Faced God: Slavic Cosmology Reconsidered\u00bb, Studia Mythologica Slavica 17, 2014.<\/span><\/li><li><span data-nosnippet>Leszek S\u0142upecki, \u00abSlavonic <span class=\"iwg-fachbegriff\" data-tooltip=\"Tot\u00e9\u017e jako pohansk\u00fd; p\u0159\u00edslu\u0161ej\u00edc\u00ed k p\u0159edk\u0159es\u0165ansk\u00e9mu n\u00e1bo\u017eenstv\u00ed.\" tabindex=\"0\">Pagan<\/span> Sanctuaries\u00bb, Warschau 1994.<\/span><\/li><\/ul><\/footer>\t\t\t\t\t\t\t\t<\/div>\n\t\t\t\t<\/div>\n\t\t<div class=\"elementor-element elementor-element-65c12ca e-con-full e-flex e-con e-child\" data-id=\"65c12ca\" data-element_type=\"container\" data-e-type=\"container\">\n\t\t\t\t<div class=\"elementor-element elementor-element-87486b7 elementor-widget elementor-widget-heading\" data-id=\"87486b7\" data-element_type=\"widget\" data-e-type=\"widget\" data-widget_type=\"heading.default\">\n\t\t\t\t\t<h2 class=\"elementor-heading-title elementor-size-default\">Historie pramen\u016f Saxa a Helmolda<\/h2>\t\t\t\t<\/div>\n\t\t\t\t<div class=\"elementor-element elementor-element-c1a8290 elementor-widget elementor-widget-text-editor\" data-id=\"c1a8290\" data-element_type=\"widget\" data-e-type=\"widget\" data-widget_type=\"text-editor.default\">\n\t\t\t\t\t\t\t\t\t<p>\u00abGesta Danorum\u00bb Saxa Grammatika jsou nejd\u016fle\u017eit\u011bj\u0161\u00edm, ale nikoli bezprobl\u00e9mov\u00fdm pramenem o Svantov\u00edtovi. Saxo byl dvorn\u00edm duchovn\u00edm biskupa Absolona z Roskilde, kter\u00fd vojensky vedl dobyt\u00ed Arkony. Jeho popis chr\u00e1mu a kultovn\u00ed praxe vych\u00e1z\u00ed p\u0159\u00edmo ze sv\u011bdectv\u00ed d\u00e1nsk\u00fdch v\u00edt\u011bz\u016f.<\/p><p>Sax\u016fv v\u00fdklad je nicm\u00e9n\u011b d\u016fsledn\u011b poznamen\u00e1n k\u0159es\u0165ansky polemick\u00fdm zam\u011b\u0159en\u00edm: pohansk\u00e9 n\u00e1bo\u017eenstv\u00ed je l\u00ed\u010deno jako myln\u00e9, hloup\u00e9 a \u010f\u00e1belsk\u00e9, jeho ritu\u00e1ly jsou charakterizov\u00e1ny jako pov\u011bra. V\u011bdeck\u00e1 anal\u00fdza mus\u00ed tuto tendenci kriticky zohlednit a sna\u017eit se odd\u011blit polemick\u00e9 zabarven\u00ed od etnografick\u00fdch fakt\u016f.<\/p>\n<p>Druh\u00fdm hlavn\u00edm pramenem je \u00abChronica Slavorum\u00bb Helmolda z Bosau (kolem 1170), sepsan\u00e1 z pohledu severon\u011bmeck\u00e9 misie mezi Slovany. Helmold byl kn\u011bzem v Bosau v Hol\u0161t\u00fdnsku a p\u016fsobil pro l\u00fcbeck\u00e9ho biskupa, jen\u017e se v\u011bnoval misijn\u00ed \u010dinnosti.<\/p><p>Jeho popis Svantov\u00edta je rovn\u011b\u017e k\u0159es\u0165ansky zabarven\u00fd, obsahuje v\u0161ak cenn\u00e9 podrobnosti o postaven\u00ed tohoto boha v ransk\u00e9m <span class=\"iwg-fachbegriff\" data-tooltip=\"Souhrn boh\u016f ur\u010dit\u00e9ho n\u00e1bo\u017eenstv\u00ed nebo kultury.\" tabindex=\"0\">panteonu<\/span> a o kultovn\u00ed praxi.<\/p><p>Helmold zd\u016fraz\u0148uje, \u017ee Ranov\u00e9 pova\u017eovali Svantov\u00edta za \u00abnejvy\u0161\u0161\u00edho boha\u00bb a p\u0159in\u00e1\u0161eli mu <span class=\"iwg-fachbegriff\" data-tooltip=\"Dar bo\u017estvu vyjad\u0159uj\u00edc\u00ed d\u00edky, prosbu nebo \u00factu.\" tabindex=\"0\">ob\u011bti<\/span> p\u0159ednostn\u011b p\u0159ed v\u0161emi ostatn\u00edmi bohy. Tato henoteistick\u00e1 charakteristika je historicky v\u00fdznamn\u00e1 a mo\u017en\u00e1 odli\u0161uje ransk\u00fd <span class=\"iwg-fachbegriff\" data-tooltip=\"Souhrn boh\u016f ur\u010dit\u00e9ho n\u00e1bo\u017eenstv\u00ed nebo kultury.\" tabindex=\"0\">panteon<\/span> od polyteistick\u00e9ho v\u00fdchodoslovansk\u00e9ho <span class=\"iwg-fachbegriff\" data-tooltip=\"Souhrn boh\u016f ur\u010dit\u00e9ho n\u00e1bo\u017eenstv\u00ed nebo kultury.\" tabindex=\"0\">panteonu<\/span> Kyjevsk\u00e9 Rusi.<\/p>\t\t\t\t\t\t\t\t<\/div>\n\t\t\t\t<\/div>\n\t\t<div class=\"elementor-element elementor-element-e306f95 e-con-full e-flex e-con e-child\" data-id=\"e306f95\" data-element_type=\"container\" data-e-type=\"container\">\n\t\t\t\t<div class=\"elementor-element elementor-element-5bec20f elementor-widget elementor-widget-heading\" data-id=\"5bec20f\" data-element_type=\"widget\" data-e-type=\"widget\" data-widget_type=\"heading.default\">\n\t\t\t\t\t<h2 class=\"elementor-heading-title elementor-size-default\">Archeologick\u00fd pr\u016fzkum Arkony<\/h2>\t\t\t\t<\/div>\n\t\t\t\t<div class=\"elementor-element elementor-element-7b1f075 elementor-widget elementor-widget-text-editor\" data-id=\"7b1f075\" data-element_type=\"widget\" data-e-type=\"widget\" data-widget_type=\"text-editor.default\">\n\t\t\t\t\t\t\t\t\t<p><span data-nosnippet>Archeologick\u00fd v\u00fdzkum Arkony za\u010dal ji\u017e v 19. stolet\u00ed prvn\u00edmi vykop\u00e1vkami. Hlavn\u00ed pr\u00e1ci odvedl Carl Schuchhardt mezi lety 1921 a 1925, jeho\u017e d\u00edlo \u00abArkona, Rethra, Vineta\u00bb (Berl\u00edn 1926) je dodnes d\u016fle\u017eitou referenc\u00ed.<\/span><\/p><p>Schuchhardt identifikoval zbytky val\u016f, zam\u011b\u0159il hradn\u00ed are\u00e1l a odkryl z\u00e1klady n\u011bkolika d\u0159ev\u011bn\u00fdch staveb. Kv\u016fli erozi p\u0159\u00edkr\u00e9ho pob\u0159e\u017e\u00ed byla velk\u00e1 \u010d\u00e1st b\u00fdval\u00e9ho hradi\u0161t\u011b ji\u017e tehdy odlomena a pohlcena mo\u0159em.<\/p>\n<p><span data-nosnippet>Druh\u00e9 velk\u00e9 v\u00fdzkumn\u00e9 obdob\u00ed pod veden\u00edm Joachima Herrmanna mezi lety 1962 a 1971 p\u0159ineslo dal\u0161\u00ed n\u00e1lezy a p\u0159esn\u011bj\u0161\u00ed stratigrafii. Herrmannovy publikace (\u00abDie Slawen in Deutschland\u00bb, Berl\u00edn 1985; \u00abSlawische Burgen in Deutschland\u00bb, Berl\u00edn 1976) z\u016fst\u00e1vaj\u00ed standardn\u00edm d\u00edlem pobaltoslovansk\u00e9 <span class=\"iwg-fachbegriff\" data-tooltip=\"V\u011bda zkoumaj\u00edc\u00ed minul\u00e9 kultury na z\u00e1klad\u011b hmotn\u00fdch n\u00e1lez\u016f.\" tabindex=\"0\">archeologie<\/span>.<\/span><\/p><p>Tyto v\u00fdzkumy v hrub\u00fdch rysech potvrdily Sax\u016fv popis chr\u00e1mu, p\u0159i\u010dem\u017e n\u00e1lezy dokl\u00e1daj\u00ed obd\u00e9ln\u00edkovou stavbu a vnit\u0159n\u00ed svatyni popsanou Saxem.<\/p>\n<p>Eroze pob\u0159e\u017e\u00ed pokra\u010duje nep\u0159etr\u017eit\u011b. Dnes (stav ve 20. letech 21. stolet\u00ed) se dochovalo u\u017e jen asi 60 procent p\u016fvodn\u00edho hradn\u00edho are\u00e1lu; zb\u00fdvaj\u00edc\u00edch 40 procent se za posledn\u00ed dv\u011b stalet\u00ed z\u0159\u00edtilo do mo\u0159e. \u00dapln\u00e1 rekonstrukce proto nen\u00ed mo\u017en\u00e1; dne\u0161n\u00ed zp\u0159\u00edstupn\u011bn\u00ed lokality se z velk\u00e9 \u010d\u00e1sti op\u00edr\u00e1 o n\u00e1lezy Schuchhardta a Herrmanna.<\/p>\t\t\t\t\t\t\t\t<\/div>\n\t\t\t\t<\/div>\n\t\t<div class=\"elementor-element elementor-element-38b53ee e-con-full e-flex e-con e-child\" data-id=\"38b53ee\" data-element_type=\"container\" data-e-type=\"container\">\n\t\t\t\t<div class=\"elementor-element elementor-element-dcb40b4 elementor-widget elementor-widget-heading\" data-id=\"dcb40b4\" data-element_type=\"widget\" data-e-type=\"widget\" data-widget_type=\"heading.default\">\n\t\t\t\t\t<h2 class=\"elementor-heading-title elementor-size-default\">Zbru\u010dsk\u00fd idol a \u010dty\u0159tv\u00e1\u0159n\u00e1 ikonografie bo\u017estev<\/h2>\t\t\t\t<\/div>\n\t\t\t\t<div class=\"elementor-element elementor-element-b7c3e21 elementor-widget elementor-widget-text-editor\" data-id=\"b7c3e21\" data-element_type=\"widget\" data-e-type=\"widget\" data-widget_type=\"text-editor.default\">\n\t\t\t\t\t\t\t\t\t<p>Nejd\u016fle\u017eit\u011bj\u0161\u00edm srovn\u00e1vac\u00edm objektem k soch\u00e1m Sventovida je Zbru\u010dsk\u00fd <span class=\"iwg-fachbegriff\" data-tooltip=\"Jako bo\u017esk\u00fd uct\u00edvan\u00fd obraz nebo socha.\" tabindex=\"0\">idol<\/span>, v\u00e1pencov\u00fd sloup se \u010dty\u0159tv\u00e1\u0159ov\u00fdm bohov\u00fdm <span class=\"iwg-fachbegriff\" data-tooltip=\"Plastick\u00e9 zobrazen\u00ed vystupuj\u00edc\u00ed z plochy.\" tabindex=\"0\">reli\u00e9fem<\/span>, objeven\u00fd roku 1848 v \u0159ece Zbru\u010d v Galicii (dnes Ukrajina).<\/p><p><span class=\"iwg-fachbegriff\" data-tooltip=\"Jako bo\u017esk\u00fd uct\u00edvan\u00fd obraz nebo socha.\" tabindex=\"0\">Idol<\/span> m\u011b\u0159\u00ed p\u0159ibli\u017en\u011b 2,67 metru na v\u00fd\u0161ku a na ka\u017ed\u00e9 ze sv\u00fdch \u010dty\u0159 stran zobrazuje odli\u0161n\u00e9 bohovy reli\u00e9fy ve t\u0159ech nad sebou uspo\u0159\u00e1dan\u00fdch \u00farovn\u00edch. Na vrcholu hlavy se nach\u00e1zej\u00ed \u010dty\u0159i tv\u00e1\u0159e, kter\u00e9 p\u0159ipom\u00ednaj\u00ed Saxon\u016fv popis Sventovida.<\/p>\n<p>Ztoto\u017en\u011bn\u00ed jednotliv\u00fdch reli\u00e9f\u016f s konkr\u00e9tn\u00edmi slovansk\u00fdmi bohy je sporn\u00e9. Boris Rybakov se pokusil identifikovat v\u0161echny zobrazen\u00e9 postavy se zn\u00e1m\u00fdmi bohy (Perun, Moko\u0161, Lada, Da\u017ebog), tyto identifikace v\u0161ak nejsou p\u0159esv\u011bd\u010div\u011b podlo\u017eeny.<\/p><p><span data-nosnippet>Jist\u00e9 je pouze form\u00e1ln\u00ed p\u0159\u00edbuzenstv\u00ed \u010dty\u0159tv\u00e1\u0159ov\u00e9 kompozice se Saxonov\u00fdm popisem. Leszek S\u0142upecki v knize \u00abSlavonic <span class=\"iwg-fachbegriff\" data-tooltip=\"Tot\u00e9\u017e jako pohansk\u00fd; n\u00e1le\u017eej\u00edc\u00ed k p\u0159edk\u0159es\u0165ansk\u00e9mu n\u00e1bo\u017eenstv\u00ed.\" tabindex=\"0\">Pagan<\/span> Sanctuaries\u00bb (Var\u0161ava 1994) srovn\u00e1vac\u00edm zp\u016fsobem vyhodnotil Zbru\u010dsk\u00fd <span class=\"iwg-fachbegriff\" data-tooltip=\"Jako bo\u017esk\u00fd uct\u00edvan\u00fd obraz nebo socha.\" tabindex=\"0\">idol<\/span> a dal\u0161\u00ed slovansk\u00e9 bohovy idoly a upozornil na obecn\u00fd v\u00fdznam v\u00edcehlavosti pro slovanskou bohovou <span class=\"iwg-fachbegriff\" data-tooltip=\"Nauka o obsaz\u00edch obraz\u016f a jejich v\u00fdznamu.\" tabindex=\"0\">ikonografii<\/span>.<\/span><\/p>\t\t\t\t\t\t\t\t<\/div>\n\t\t\t\t<\/div>\n\t\t<div class=\"elementor-element elementor-element-44c1ed8 e-con-full e-flex e-con e-child\" data-id=\"44c1ed8\" data-element_type=\"container\" data-e-type=\"container\">\n\t\t\t\t<div class=\"elementor-element elementor-element-fb9ac7e elementor-widget elementor-widget-heading\" data-id=\"fb9ac7e\" data-element_type=\"widget\" data-e-type=\"widget\" data-widget_type=\"heading.default\">\n\t\t\t\t\t<h2 class=\"elementor-heading-title elementor-size-default\">Dal\u0161\u00ed v\u00edcehlav\u00ed bohov\u00e9 pobaltsk\u00fdch Slovan\u016f<\/h2>\t\t\t\t<\/div>\n\t\t\t\t<div class=\"elementor-element elementor-element-9d16e33 elementor-widget elementor-widget-text-editor\" data-id=\"9d16e33\" data-element_type=\"widget\" data-e-type=\"widget\" data-widget_type=\"text-editor.default\">\n\t\t\t\t\t\t\t\t\t<p>Vedle Sventovida uct\u00edvali pobalt\u0161t\u00ed Slovan\u00e9 dal\u0161\u00ed v\u00edcehlav\u00e9 bohy. Triglav (trojhlav\u00fd) byl uct\u00edv\u00e1n ve Stettinu (dnes Szczecin) a v Braniborsku; jeho hlavn\u00ed kultovn\u00ed m\u00edsto ve Stettinu bylo ve 12. stolet\u00ed zni\u010deno biskupem Otto z Bambergu.<\/p><p>Svaro\u017ei\u010d (syn Svaroga) m\u011bl <span class=\"iwg-fachbegriff\" data-tooltip=\"Svat\u00e9 m\u00edsto zasv\u011bcen\u00e9 uct\u00edv\u00e1n\u00ed bo\u017estva.\" tabindex=\"0\">svatyni<\/span> v Ret\u0159e (mo\u017en\u00e1 v dne\u0161n\u00edm Meklenburku), kterou popisuj\u00ed Adam z Br\u00e9m a Thietmar z Merseburku. Rugievit (sedmihlav\u00fd) a Porevit (p\u011btihlav\u00fd) byli rovn\u011b\u017e uct\u00edv\u00e1ni na Ruj\u00e1n\u011b, v Garz nebo Charenza, jejich svatyn\u011b byly zni\u010deny roku 1168 sou\u010dasn\u011b s Arkonou.<\/p>\n<p>Vysok\u00e1 koncentrace v\u00edcehlav\u00fdch boh\u016f u pobaltsk\u00fdch Slovan\u016f je zvl\u00e1\u0161tnost\u00ed t\u00e9to oblasti. V\u00fdchodoslovansk\u00e1 tradice nezn\u00e1 srovnatelnou v\u00edcehlavost; Vladimirovo <span class=\"iwg-fachbegriff\" data-tooltip=\"Souhrn boh\u016f n\u00e1bo\u017eenstv\u00ed nebo kultury.\" tabindex=\"0\">pantheon<\/span> Kyjevsk\u00e9 Rusi zobrazuje jednohlav\u00e9 bohy. V\u00edcehlavost je tedy z\u00e1padoslovansko-pobaltskou zvl\u00e1\u0161tnost\u00ed, kterou je t\u0159eba z religionistick\u00e9ho hlediska ch\u00e1pat jako vlastn\u00ed tradici.<\/p>\t\t\t\t\t\t\t\t<\/div>\n\t\t\t\t<\/div>\n\t\t<div class=\"elementor-element elementor-element-a696ddb e-con-full e-flex e-con e-child\" data-id=\"a696ddb\" data-element_type=\"container\" data-e-type=\"container\">\n\t\t\t\t<div class=\"elementor-element elementor-element-5e2b95b elementor-widget elementor-widget-heading\" data-id=\"5e2b95b\" data-element_type=\"widget\" data-e-type=\"widget\" data-widget_type=\"heading.default\">\n\t\t\t\t\t<h2 class=\"elementor-heading-title elementor-size-default\">Tradice ko\u0148sk\u00e9 or\u00e1kula<\/h2>\t\t\t\t<\/div>\n\t\t\t\t<div class=\"elementor-element elementor-element-42259d6 elementor-widget elementor-widget-text-editor\" data-id=\"42259d6\" data-element_type=\"widget\" data-e-type=\"widget\" data-widget_type=\"text-editor.default\">\n\t\t\t\t\t\t\t\t\t<p>Ko\u0148sk\u00e9 <span class=\"iwg-fachbegriff\" data-tooltip=\"M\u00edsto nebo za\u0159\u00edzen\u00ed, kde se z\u00edsk\u00e1v\u00e1 bo\u017esk\u00fd v\u00fdrok.\" tabindex=\"0\">or\u00e1kulum<\/span> Arkony je historicky obzvl\u00e1\u0161t\u011b zaj\u00edmav\u00e9, proto\u017ee navazuje na indoevropskou tradici, dolo\u017eenou v mnoha jin\u00fdch kultur\u00e1ch.<\/p><p>Tacitus popisuje v \u00abGermania\u00bb, kapitole 10, podobn\u00e9 ko\u0148sk\u00e9 <span class=\"iwg-fachbegriff\" data-tooltip=\"M\u00edsto nebo za\u0159\u00edzen\u00ed, kde se z\u00edsk\u00e1v\u00e1 bo\u017esk\u00fd v\u00fdrok.\" tabindex=\"0\">or\u00e1kulum<\/span> Germ\u00e1n\u016f: svat\u00ed b\u00edl\u00ed kon\u011b byli t\u00e1z\u00e1ni p\u0159i volb\u011b kr\u00e1l\u016f a rozhodov\u00e1n\u00ed o v\u00e1lce, jejich pohyb p\u0159es zk\u0159\u00ed\u017een\u00e9 kop\u00ed byl vykl\u00e1d\u00e1n. Podobn\u00e1 ko\u0148sk\u00e1 <span class=\"iwg-fachbegriff\" data-tooltip=\"M\u00edsto nebo za\u0159\u00edzen\u00ed, kde se z\u00edsk\u00e1v\u00e1 bo\u017esk\u00fd v\u00fdrok.\" tabindex=\"0\">or\u00e1kula<\/span> jsou dolo\u017eena u Skyth\u016f, u hetitsk\u00fdch a persk\u00fdch m\u00e1g\u016f.<\/p>\n<p>Hippomantie (ko\u0148sk\u00e9 <span class=\"iwg-fachbegriff\" data-tooltip=\"V\u00fdklad znamen\u00ed k rozpozn\u00e1n\u00ed skryt\u00e9ho nebo budouc\u00edho.\" tabindex=\"0\">v\u011b\u0161t\u011bn\u00ed<\/span>) pat\u0159\u00ed k nejstar\u0161\u00edm indoevropsk\u00fdm n\u00e1bo\u017eensk\u00fdm technik\u00e1m. Vladimir Toporov tuto tradici systematicky vyhodnotil v r\u00e1mci indoevropsk\u00e9 srovn\u00e1vac\u00ed <span class=\"iwg-fachbegriff\" data-tooltip=\"Souhrn tradovan\u00fdch vypr\u00e1v\u011bn\u00ed o boz\u00edch ur\u010dit\u00e9 kultury.\" tabindex=\"0\">mytologie<\/span> a upozornil na jej\u00ed v\u00fdznam pro volbu kr\u00e1le a rozhodov\u00e1n\u00ed o v\u00e1lce v indoevropsk\u00fdch spole\u010dnostech.<\/p><p>Sventovidovo <span class=\"iwg-fachbegriff\" data-tooltip=\"M\u00edsto nebo za\u0159\u00edzen\u00ed, kde se z\u00edsk\u00e1v\u00e1 bo\u017esk\u00fd v\u00fdrok.\" tabindex=\"0\">or\u00e1kulum<\/span> v Arkon\u011b tak nen\u00ed ojedin\u011bl\u00fdm jevem, n\u00fdbr\u017e pozdn\u00ed a obzvl\u00e1\u0161t\u011b dob\u0159e dokumentovanou verz\u00ed \u0161iroce roz\u0161\u00ed\u0159en\u00e9ho n\u00e1bo\u017eensk\u00e9ho komplexu.<\/p>\t\t\t\t\t\t\t\t<\/div>\n\t\t\t\t<\/div>\n\t\t<div class=\"elementor-element elementor-element-ccc5cf3 e-con-full e-flex e-con e-child\" data-id=\"ccc5cf3\" data-element_type=\"container\" data-e-type=\"container\">\n\t\t\t\t<div class=\"elementor-element elementor-element-43f48d5 elementor-widget elementor-widget-heading\" data-id=\"43f48d5\" data-element_type=\"widget\" data-e-type=\"widget\" data-widget_type=\"heading.default\">\n\t\t\t\t\t<h2 class=\"elementor-heading-title elementor-size-default\">Hospod\u00e1\u0159sk\u00fd a politick\u00fd v\u00fdznam Arkony<\/h2>\t\t\t\t<\/div>\n\t\t\t\t<div class=\"elementor-element elementor-element-513f951 elementor-widget elementor-widget-text-editor\" data-id=\"513f951\" data-element_type=\"widget\" data-e-type=\"widget\" data-widget_type=\"text-editor.default\">\n\t\t\t\t\t\t\t\t\t<p>Arkona nebyla jen n\u00e1bo\u017eensk\u00fdm centrem, ale i hospod\u00e1\u0159skou a politickou mocnost\u00ed prvn\u00edho \u0159\u00e1du v z\u00e1padn\u00ed \u010d\u00e1sti Baltsk\u00e9ho mo\u0159e. Ranov\u00e9, slovansk\u00fd kmen ob\u00fdvaj\u00edc\u00ed ostrov Ruj\u00e1na, provozovali d\u00e1lkov\u00fd n\u00e1mo\u0159n\u00ed obchod a ovl\u00e1dali baltsk\u00fd obchod s jantarem.<\/p><p>Chr\u00e1mov\u00fd poklad Arkony byl tak legend\u00e1rn\u00ed, \u017ee o n\u011bm hovo\u0159\u00ed i n\u011bmeck\u00e9 a d\u00e1nsk\u00e9 prameny. Saxo popisuje obrovsk\u00e9 mno\u017estv\u00ed zlata, st\u0159\u00edbra, l\u00e1tek a drah\u00fdch kamen\u016f, ulo\u017een\u00fdch v pokladnici jako tribut, ko\u0159ist nebo dar.<\/p>\n<p><span class=\"iwg-fachbegriff\" data-tooltip=\"Stavba slou\u017e\u00edc\u00ed uct\u00edv\u00e1n\u00ed jednoho nebo v\u00edce bo\u017estev.\" tabindex=\"0\">Chr\u00e1m<\/span> disponoval vlastn\u00edmi voj\u00e1ky a j\u00edzdou (t\u0159i sta jezdc\u016f podle Saxona), kte\u0159\u00ed podl\u00e9hali vrchn\u00edmu velen\u00ed nejvy\u0161\u0161\u00edho kn\u011bze a podnikali v\u00e1le\u010dn\u00e1 ta\u017een\u00ed ve jm\u00e9nu boha.<\/p><p>Toto vojensko-n\u00e1bo\u017eensk\u00e9 propojen\u00ed je ve slovansk\u00e9m prostoru jedine\u010dn\u00e9 a p\u0159ipom\u00edn\u00e1 sp\u00ed\u0161e <span class=\"iwg-fachbegriff\" data-tooltip=\"Stavba slou\u017e\u00edc\u00ed uct\u00edv\u00e1n\u00ed jednoho nebo v\u00edce bo\u017estev.\" tabindex=\"0\">chr\u00e1mov\u00e9<\/span> st\u00e1ty starov\u011bk\u00fdch orient\u00e1ln\u00edch vysok\u00fdch kultur (Sumer, Babylon) ne\u017e struktury <span class=\"iwg-fachbegriff\" data-tooltip=\"Souhrn boh\u016f n\u00e1bo\u017eenstv\u00ed nebo kultury.\" tabindex=\"0\">pantheonu<\/span> ostatn\u00edho indoevropsk\u00e9ho sv\u011bta. D\u00edky tomu je Arkona z religionistick\u00e9ho hlediska zvl\u00e1\u0161t\u011b zaj\u00edmav\u00fdm p\u0159\u00edpadem.<\/p>\t\t\t\t\t\t\t\t<\/div>\n\t\t\t\t<\/div>\n\t\t<div class=\"elementor-element elementor-element-962925c e-con-full e-flex e-con e-child\" data-id=\"962925c\" data-element_type=\"container\" data-e-type=\"container\">\n\t\t\t\t<div class=\"elementor-element elementor-element-7c896b7 elementor-widget elementor-widget-heading\" data-id=\"7c896b7\" data-element_type=\"widget\" data-e-type=\"widget\" data-widget_type=\"heading.default\">\n\t\t\t\t\t<h2 class=\"elementor-heading-title elementor-size-default\">Zni\u010den\u00ed a jeho dlouhodob\u00e9 d\u016fsledky<\/h2>\t\t\t\t<\/div>\n\t\t\t\t<div class=\"elementor-element elementor-element-472d6f4 elementor-widget elementor-widget-text-editor\" data-id=\"472d6f4\" data-element_type=\"widget\" data-e-type=\"widget\" data-widget_type=\"text-editor.default\">\n\t\t\t\t\t\t\t\t\t<p>Zni\u010den\u00ed Arkony 15. \u010dervna 1168 d\u00e1nsko-pomo\u0159ansk\u00fdm vojskem pod veden\u00edm Valdemara I. a biskupa Absalona znamenalo definitivn\u00ed konec pohansk\u00e9ho n\u00e1bo\u017eenstv\u00ed v oblasti Baltsk\u00e9ho mo\u0159e.<\/p><p>Zat\u00edmco jin\u00e1 z\u00e1padoslovansk\u00e1 bo\u017estva (Triglav ve \u0160t\u011bt\u00edn\u011b, Svaro\u017eic v Ret\u0159e) zmizela u\u017e o des\u00edtky let d\u0159\u00edve, Arkona byla posledn\u00ed velkou pohanskou pevnost\u00ed st\u0159edn\u00ed Evropy. Jej\u00ed zni\u010den\u00ed je v d\u00e1nsk\u00e9 historiografii pokl\u00e1d\u00e1no za epoch\u00e1ln\u00ed datum a p\u0159edstavuje historick\u00fd obrat: s Arkonou zaniklo slovansk\u00e9 pohanstv\u00ed jako ofici\u00e1ln\u00ed praxe.<\/p>\n<p>V n\u00e1sleduj\u00edc\u00edch desetilet\u00edch bylo ransk\u00e9 obyvatelstvo n\u00e1siln\u011b christianizov\u00e1no. Ostrov Ruj\u00e1na byl pod\u0159\u00edzen roskildsk\u00e9mu biskupstv\u00ed, pozd\u011bji biskupstv\u00ed ve Schwerinu.<\/p><p>Ransk\u00fd jazyk z\u016fstal na n\u011bkter\u00fdch m\u00edstech \u017eiv\u00fd a\u017e do 15. stolet\u00ed, pot\u00e9 v\u0161ak \u00fapln\u011b zanikl ve prosp\u011bch n\u011bm\u010diny. Pohansk\u00e9 n\u00e1bo\u017eenstv\u00ed se v podob\u011b stop zachovalo v n\u011bkter\u00fdch lidov\u00fdch zvyc\u00edch, ale ztratilo jakoukoli institucionalizovanou formu.<\/p>\t\t\t\t\t\t\t\t<\/div>\n\t\t\t\t<\/div>\n\t\t<div class=\"elementor-element elementor-element-36bf597 e-con-full e-flex e-con e-child\" data-id=\"36bf597\" data-element_type=\"container\" data-e-type=\"container\">\n\t\t\t\t<div class=\"elementor-element elementor-element-0ab17ea elementor-widget elementor-widget-heading\" data-id=\"0ab17ea\" data-element_type=\"widget\" data-e-type=\"widget\" data-widget_type=\"heading.default\">\n\t\t\t\t\t<h2 class=\"elementor-heading-title elementor-size-default\">Sventovid v modern\u00edm vn\u00edm\u00e1n\u00ed<\/h2>\t\t\t\t<\/div>\n\t\t\t\t<div class=\"elementor-element elementor-element-3dcb598 elementor-widget elementor-widget-text-editor\" data-id=\"3dcb598\" data-element_type=\"widget\" data-e-type=\"widget\" data-widget_type=\"text-editor.default\">\n\t\t\t\t\t\t\t\t\t<p>S n\u00e1stupem slovansk\u00e9ho n\u00e1rodn\u00edho romantismu v 19. stolet\u00ed se Sventovid stal identifika\u010dn\u00ed postavou. \u010ce\u0161t\u00ed, pol\u0161t\u00ed a ukrajin\u0161t\u00ed spisovatel\u00e9 se na n\u011bj odvol\u00e1vali jako na <span class=\"iwg-fachbegriff\" data-tooltip=\"Znak, kter\u00fd zastupuje ur\u010ditou p\u0159edstavu nebo v\u00fdznam.\" tabindex=\"0\">symbol<\/span> samostatn\u00e9 slovansk\u00e9 vysp\u011bl\u00e9 kultury, zni\u010den\u00e9 n\u011bmeckou a d\u00e1nskou expanz\u00ed.<\/p><p>Joseph Koll\u00e1r, Aleksander Br\u00fcckner a dal\u0161\u00ed panslavisti\u010dt\u00ed myslitel\u00e9 se k Sventovidovi ve sv\u00fdch d\u00edlech opakovan\u011b vraceli. V sou\u010dasn\u00e9m rodnov\u011brsk\u00e9m a novopohansk\u00e9m hnut\u00ed je Sventovid jedn\u00edm z nejv\u00fdznamn\u011bj\u0161\u00edch hlavn\u00edch bo\u017estev rekonstruovan\u00e9ho panteonu, \u010dasto zobrazovan\u00fdm jako panslovansk\u00e9 nejvy\u0161\u0161\u00ed bo\u017estvo.<\/p>\n<p>Dnes je Arkona archeologick\u00fdm parkem a pat\u0159\u00ed k nejnav\u0161t\u011bvovan\u011bj\u0161\u00edm kulturn\u011b-historick\u00fdm pam\u00e1tk\u00e1m Ruj\u00e1ny. Maj\u00e1ky na mysu Arkona stoj\u00ed na m\u00edst\u011b b\u00fdval\u00e9ho pohansk\u00e9ho okrsku, zbytky hradi\u0161t\u011b jsou \u010d\u00e1ste\u010dn\u011b p\u0159\u00edstupn\u00e9. Kdo se ze skalnat\u00e9ho pob\u0159e\u017e\u00ed zad\u00edv\u00e1 na Baltsk\u00e9 mo\u0159e, hled\u00ed na m\u00edsto, kde byla roku 1168 zni\u010dena posledn\u00ed pohansk\u00e1 ba\u0161ta st\u0159edn\u00ed Evropy.<\/p>\t\t\t\t\t\t\t\t<\/div>\n\t\t\t\t<\/div>\n\t\t\t\t\t<\/div>\n\t\t\t\t<\/div>\n\t\t\t\t<\/div>\n\t\t","protected":false},"excerpt":{"rendered":"","protected":false},"author":3,"featured_media":3270,"parent":0,"menu_order":0,"comment_status":"closed","ping_status":"closed","template":"elementor_header_footer","meta":{"_yoast_wpseo_focuskw":"Sventovid","_yoast_wpseo_title":"Sventovid \u2013 hlavn\u00ed b\u016fh z\u00e1padn\u00edch Slovan\u016f | iWell Guard","_yoast_wpseo_metadesc":"Sventovid je \u010dty\u0159hlav\u00fd hlavn\u00ed b\u016fh z\u00e1padn\u00edch Slovan\u016f, ochr\u00e1nce ostrova Ruj\u00e1na a bo\u017estvo v\u00e1lky a m\u00edru.","_yoast_wpseo_meta-robots-noindex":"","_yoast_wpseo_canonical":"","_angie_page":false,"gefaehrdungsstufe":"","wesen_kultur":"","wesen_klasse":"","footnotes":""},"categories":[],"class_list":["post-145620","page","type-page","status-publish","has-post-thumbnail","hentry"],"yoast_head":"<!-- This site is optimized with the Yoast SEO Premium plugin v27.7 (Yoast SEO v28.3) - https:\/\/yoast.com\/product\/yoast-seo-premium-wordpress\/ -->\n<title>Sventovid \u2013 hlavn\u00ed b\u016fh z\u00e1padn\u00edch Slovan\u016f | iWell Guard<\/title>\n<meta name=\"description\" content=\"Sventovid je \u010dty\u0159hlav\u00fd hlavn\u00ed b\u016fh z\u00e1padn\u00edch Slovan\u016f, ochr\u00e1nce ostrova Ruj\u00e1na a bo\u017estvo v\u00e1lky a m\u00edru.\" \/>\n<meta name=\"robots\" content=\"index, follow, max-snippet:-1, max-image-preview:large, max-video-preview:-1\" \/>\n<link rel=\"canonical\" href=\"https:\/\/iwell-guard.com\/cs\/sventovid\/\" \/>\n<meta property=\"og:locale\" content=\"cs_CZ\" \/>\n<meta property=\"og:type\" content=\"article\" \/>\n<meta property=\"og:title\" content=\"Sventovid\" \/>\n<meta property=\"og:description\" content=\"Sventovid je \u010dty\u0159hlav\u00fd hlavn\u00ed b\u016fh z\u00e1padn\u00edch Slovan\u016f, ochr\u00e1nce ostrova Ruj\u00e1na a bo\u017estvo v\u00e1lky a m\u00edru.\" \/>\n<meta property=\"og:url\" content=\"https:\/\/iwell-guard.com\/cs\/sventovid\/\" \/>\n<meta property=\"og:site_name\" content=\"iWell Guard\" \/>\n<meta property=\"article:modified_time\" content=\"2026-09-03T17:01:10+00:00\" \/>\n<meta property=\"og:image\" content=\"https:\/\/iwell-guard.com\/wp-content\/uploads\/2026\/05\/goetter_slawisch_sventovid-1.webp\" \/>\n\t<meta property=\"og:image:width\" content=\"1024\" \/>\n\t<meta property=\"og:image:height\" content=\"1536\" \/>\n\t<meta property=\"og:image:type\" content=\"image\/webp\" \/>\n<meta name=\"twitter:card\" content=\"summary_large_image\" \/>\n<script type=\"application\/ld+json\" class=\"yoast-schema-graph\">{\"@context\":\"https:\\\/\\\/schema.org\",\"@graph\":[{\"@type\":\"WebPage\",\"@id\":\"https:\\\/\\\/iwell-guard.com\\\/cs\\\/sventovid\\\/\",\"url\":\"https:\\\/\\\/iwell-guard.com\\\/cs\\\/sventovid\\\/\",\"name\":\"Sventovid \u2013 hlavn\u00ed b\u016fh z\u00e1padn\u00edch Slovan\u016f | iWell Guard\",\"isPartOf\":{\"@id\":\"https:\\\/\\\/iwell-guard.com\\\/cs\\\/#website\"},\"primaryImageOfPage\":{\"@id\":\"https:\\\/\\\/iwell-guard.com\\\/cs\\\/sventovid\\\/#primaryimage\"},\"image\":{\"@id\":\"https:\\\/\\\/iwell-guard.com\\\/cs\\\/sventovid\\\/#primaryimage\"},\"thumbnailUrl\":\"https:\\\/\\\/iwell-guard.com\\\/wp-content\\\/uploads\\\/2026\\\/05\\\/goetter_slawisch_sventovid-1.webp\",\"datePublished\":\"2026-09-03T16:32:10+00:00\",\"dateModified\":\"2026-09-03T17:01:10+00:00\",\"description\":\"Sventovid je \u010dty\u0159hlav\u00fd hlavn\u00ed b\u016fh z\u00e1padn\u00edch Slovan\u016f, ochr\u00e1nce ostrova Ruj\u00e1na a bo\u017estvo v\u00e1lky a m\u00edru.\",\"breadcrumb\":{\"@id\":\"https:\\\/\\\/iwell-guard.com\\\/cs\\\/sventovid\\\/#breadcrumb\"},\"inLanguage\":\"cs\",\"potentialAction\":[{\"@type\":\"ReadAction\",\"target\":[\"https:\\\/\\\/iwell-guard.com\\\/cs\\\/sventovid\\\/\"]}]},{\"@type\":\"ImageObject\",\"inLanguage\":\"cs\",\"@id\":\"https:\\\/\\\/iwell-guard.com\\\/cs\\\/sventovid\\\/#primaryimage\",\"url\":\"https:\\\/\\\/iwell-guard.com\\\/wp-content\\\/uploads\\\/2026\\\/05\\\/goetter_slawisch_sventovid-1.webp\",\"contentUrl\":\"https:\\\/\\\/iwell-guard.com\\\/wp-content\\\/uploads\\\/2026\\\/05\\\/goetter_slawisch_sventovid-1.webp\",\"width\":1024,\"height\":1536,\"caption\":\"Bohov\u00e9 ze slovansk\u00e9 tradice.\"},{\"@type\":\"BreadcrumbList\",\"@id\":\"https:\\\/\\\/iwell-guard.com\\\/cs\\\/sventovid\\\/#breadcrumb\",\"itemListElement\":[{\"@type\":\"ListItem\",\"position\":1,\"name\":\"Start\",\"item\":\"https:\\\/\\\/iwell-guard.com\\\/cs\\\/?page_id=145107\"},{\"@type\":\"ListItem\",\"position\":2,\"name\":\"Sventovid\"}]},{\"@type\":\"WebSite\",\"@id\":\"https:\\\/\\\/iwell-guard.com\\\/cs\\\/#website\",\"url\":\"https:\\\/\\\/iwell-guard.com\\\/cs\\\/\",\"name\":\"iWell Guard\",\"description\":\"Schutz vor dunklen Einfl\u00fcssen\",\"publisher\":{\"@id\":\"https:\\\/\\\/iwell-guard.com\\\/cs\\\/#organization\"},\"potentialAction\":[{\"@type\":\"SearchAction\",\"target\":{\"@type\":\"EntryPoint\",\"urlTemplate\":\"https:\\\/\\\/iwell-guard.com\\\/cs\\\/?s={search_term_string}\"},\"query-input\":{\"@type\":\"PropertyValueSpecification\",\"valueRequired\":true,\"valueName\":\"search_term_string\"}}],\"inLanguage\":\"cs\"},{\"@type\":\"Organization\",\"@id\":\"https:\\\/\\\/iwell-guard.com\\\/cs\\\/#organization\",\"name\":\"Ittermann electronic GmbH\",\"url\":\"https:\\\/\\\/iwell-guard.com\\\/cs\\\/\",\"logo\":{\"@type\":\"ImageObject\",\"inLanguage\":\"cs\",\"@id\":\"https:\\\/\\\/iwell-guard.com\\\/cs\\\/#\\\/schema\\\/logo\\\/image\\\/\",\"url\":\"https:\\\/\\\/iwell-guard.com\\\/wp-content\\\/uploads\\\/2026\\\/05\\\/Ittermann-Logo-1182x237-1.png\",\"contentUrl\":\"https:\\\/\\\/iwell-guard.com\\\/wp-content\\\/uploads\\\/2026\\\/05\\\/Ittermann-Logo-1182x237-1.png\",\"width\":1182,\"height\":237,\"caption\":\"Ittermann electronic GmbH\"},\"image\":{\"@id\":\"https:\\\/\\\/iwell-guard.com\\\/cs\\\/#\\\/schema\\\/logo\\\/image\\\/\"},\"sameAs\":[\"https:\\\/\\\/pantip.com\\\/profile\\\/9367242\",\"https:\\\/\\\/micro.blog\\\/iwellguard\",\"https:\\\/\\\/www.diggerslist.com\\\/iwellguard\\\/about\",\"https:\\\/\\\/skitterphoto.com\\\/photographers\\\/2870314\\\/iwell-guard\",\"https:\\\/\\\/iwellguard.wordpress.com\\\/2026\\\/06\\\/06\\\/iwell-guard\\\/\",\"https:\\\/\\\/hub.docker.com\\\/u\\\/iwellguard\",\"https:\\\/\\\/www.pinterest.com\\\/iwellguard\\\/\",\"https:\\\/\\\/bit.ly\\\/m\\\/iwellguard\",\"https:\\\/\\\/entre-vos-mains.alsace.eu\\\/profiles\\\/iwellguard\\\/activity\",\"https:\\\/\\\/gravatar.com\\\/reallybeded8fd34\",\"https:\\\/\\\/naijamatta.com\\\/iwellguard\",\"https:\\\/\\\/www.goodreads.com\\\/iwellguard\",\"https:\\\/\\\/profile.hatena.ne.jp\\\/iwellguard\\\/\",\"https:\\\/\\\/experiment.com\\\/users\\\/iwellguard\",\"https:\\\/\\\/wakelet.com\\\/@iWellGuard82270\",\"https:\\\/\\\/www.chordie.com\\\/forum\\\/profile.php?id=2555664\",\"https:\\\/\\\/www.instapaper.com\\\/p\\\/17757966\",\"https:\\\/\\\/www.mapleprimes.com\\\/users\\\/iwellguard\",\"https:\\\/\\\/businesslistingplus.com\\\/profile\\\/iwell-guard\\\/\",\"https:\\\/\\\/telegra.ph\\\/iWell-Guard-06-06\",\"https:\\\/\\\/pbase.com\\\/iwellguard\\\/iwellguard\",\"https:\\\/\\\/b.hatena.ne.jp\\\/iwellguard\\\/20260607#bookmark-4788405196491818882\",\"https:\\\/\\\/fliphtml5.com\\\/home\\\/iwellguard\",\"https:\\\/\\\/anyflip.com\\\/homepage\\\/cmiwl#About\",\"https:\\\/\\\/transfur.com\\\/Users\\\/iwellguard\",\"http:\\\/\\\/delphi.larsbo.org\\\/user\\\/iwellguard\",\"https:\\\/\\\/jobs.lajobsportal.org\\\/profiles\\\/8380803-iwell-guard\",\"https:\\\/\\\/md.chaosdorf.de\\\/s\\\/jfbe5SBdJD\",\"https:\\\/\\\/www.lingvolive.com\\\/en-us\\\/profile\\\/9ecaeaca-ce11-4e51-9e71-01d55e2bff36\\\/translations\",\"https:\\\/\\\/www.fitday.com\\\/fitness\\\/forums\\\/members\\\/iwellguard.html\",\"https:\\\/\\\/www.mymeetbook.com\\\/iwellguard\",\"https:\\\/\\\/pxhere.com\\\/en\\\/photographer-me\\\/5040798\",\"https:\\\/\\\/disqus.com\\\/by\\\/iwellguard\\\/about\\\/\",\"https:\\\/\\\/pastelink.net\\\/hjwciqwq\",\"https:\\\/\\\/pubhtml5.com\\\/homepage\\\/scjhn\\\/\",\"https:\\\/\\\/www.bitchute.com\\\/channel\\\/2O2eOKzNqujT\",\"https:\\\/\\\/audiomack.com\\\/iwellguard\"]}]}<\/script>\n<!-- \/ Yoast SEO Premium plugin. -->","yoast_head_json":{"title":"Sventovid \u2013 hlavn\u00ed b\u016fh z\u00e1padn\u00edch Slovan\u016f | iWell Guard","description":"Sventovid je \u010dty\u0159hlav\u00fd hlavn\u00ed b\u016fh z\u00e1padn\u00edch Slovan\u016f, ochr\u00e1nce ostrova Ruj\u00e1na a bo\u017estvo v\u00e1lky a m\u00edru.","robots":{"index":"index","follow":"follow","max-snippet":"max-snippet:-1","max-image-preview":"max-image-preview:large","max-video-preview":"max-video-preview:-1"},"canonical":"https:\/\/iwell-guard.com\/cs\/sventovid\/","og_locale":"cs_CZ","og_type":"article","og_title":"Sventovid","og_description":"Sventovid je \u010dty\u0159hlav\u00fd hlavn\u00ed b\u016fh z\u00e1padn\u00edch Slovan\u016f, ochr\u00e1nce ostrova Ruj\u00e1na a bo\u017estvo v\u00e1lky a m\u00edru.","og_url":"https:\/\/iwell-guard.com\/cs\/sventovid\/","og_site_name":"iWell Guard","article_modified_time":"2026-09-03T17:01:10+00:00","og_image":[{"width":1024,"height":1536,"url":"https:\/\/iwell-guard.com\/wp-content\/uploads\/2026\/05\/goetter_slawisch_sventovid-1.webp","type":"image\/webp"}],"twitter_card":"summary_large_image","schema":{"@context":"https:\/\/schema.org","@graph":[{"@type":"WebPage","@id":"https:\/\/iwell-guard.com\/cs\/sventovid\/","url":"https:\/\/iwell-guard.com\/cs\/sventovid\/","name":"Sventovid \u2013 hlavn\u00ed b\u016fh z\u00e1padn\u00edch Slovan\u016f | iWell Guard","isPartOf":{"@id":"https:\/\/iwell-guard.com\/cs\/#website"},"primaryImageOfPage":{"@id":"https:\/\/iwell-guard.com\/cs\/sventovid\/#primaryimage"},"image":{"@id":"https:\/\/iwell-guard.com\/cs\/sventovid\/#primaryimage"},"thumbnailUrl":"https:\/\/iwell-guard.com\/wp-content\/uploads\/2026\/05\/goetter_slawisch_sventovid-1.webp","datePublished":"2026-09-03T16:32:10+00:00","dateModified":"2026-09-03T17:01:10+00:00","description":"Sventovid je \u010dty\u0159hlav\u00fd hlavn\u00ed b\u016fh z\u00e1padn\u00edch Slovan\u016f, ochr\u00e1nce ostrova Ruj\u00e1na a bo\u017estvo v\u00e1lky a m\u00edru.","breadcrumb":{"@id":"https:\/\/iwell-guard.com\/cs\/sventovid\/#breadcrumb"},"inLanguage":"cs","potentialAction":[{"@type":"ReadAction","target":["https:\/\/iwell-guard.com\/cs\/sventovid\/"]}]},{"@type":"ImageObject","inLanguage":"cs","@id":"https:\/\/iwell-guard.com\/cs\/sventovid\/#primaryimage","url":"https:\/\/iwell-guard.com\/wp-content\/uploads\/2026\/05\/goetter_slawisch_sventovid-1.webp","contentUrl":"https:\/\/iwell-guard.com\/wp-content\/uploads\/2026\/05\/goetter_slawisch_sventovid-1.webp","width":1024,"height":1536,"caption":"Bohov\u00e9 ze slovansk\u00e9 tradice."},{"@type":"BreadcrumbList","@id":"https:\/\/iwell-guard.com\/cs\/sventovid\/#breadcrumb","itemListElement":[{"@type":"ListItem","position":1,"name":"Start","item":"https:\/\/iwell-guard.com\/cs\/?page_id=145107"},{"@type":"ListItem","position":2,"name":"Sventovid"}]},{"@type":"WebSite","@id":"https:\/\/iwell-guard.com\/cs\/#website","url":"https:\/\/iwell-guard.com\/cs\/","name":"iWell Guard","description":"Schutz vor dunklen Einfl\u00fcssen","publisher":{"@id":"https:\/\/iwell-guard.com\/cs\/#organization"},"potentialAction":[{"@type":"SearchAction","target":{"@type":"EntryPoint","urlTemplate":"https:\/\/iwell-guard.com\/cs\/?s={search_term_string}"},"query-input":{"@type":"PropertyValueSpecification","valueRequired":true,"valueName":"search_term_string"}}],"inLanguage":"cs"},{"@type":"Organization","@id":"https:\/\/iwell-guard.com\/cs\/#organization","name":"Ittermann electronic GmbH","url":"https:\/\/iwell-guard.com\/cs\/","logo":{"@type":"ImageObject","inLanguage":"cs","@id":"https:\/\/iwell-guard.com\/cs\/#\/schema\/logo\/image\/","url":"https:\/\/iwell-guard.com\/wp-content\/uploads\/2026\/05\/Ittermann-Logo-1182x237-1.png","contentUrl":"https:\/\/iwell-guard.com\/wp-content\/uploads\/2026\/05\/Ittermann-Logo-1182x237-1.png","width":1182,"height":237,"caption":"Ittermann electronic GmbH"},"image":{"@id":"https:\/\/iwell-guard.com\/cs\/#\/schema\/logo\/image\/"},"sameAs":["https:\/\/pantip.com\/profile\/9367242","https:\/\/micro.blog\/iwellguard","https:\/\/www.diggerslist.com\/iwellguard\/about","https:\/\/skitterphoto.com\/photographers\/2870314\/iwell-guard","https:\/\/iwellguard.wordpress.com\/2026\/06\/06\/iwell-guard\/","https:\/\/hub.docker.com\/u\/iwellguard","https:\/\/www.pinterest.com\/iwellguard\/","https:\/\/bit.ly\/m\/iwellguard","https:\/\/entre-vos-mains.alsace.eu\/profiles\/iwellguard\/activity","https:\/\/gravatar.com\/reallybeded8fd34","https:\/\/naijamatta.com\/iwellguard","https:\/\/www.goodreads.com\/iwellguard","https:\/\/profile.hatena.ne.jp\/iwellguard\/","https:\/\/experiment.com\/users\/iwellguard","https:\/\/wakelet.com\/@iWellGuard82270","https:\/\/www.chordie.com\/forum\/profile.php?id=2555664","https:\/\/www.instapaper.com\/p\/17757966","https:\/\/www.mapleprimes.com\/users\/iwellguard","https:\/\/businesslistingplus.com\/profile\/iwell-guard\/","https:\/\/telegra.ph\/iWell-Guard-06-06","https:\/\/pbase.com\/iwellguard\/iwellguard","https:\/\/b.hatena.ne.jp\/iwellguard\/20260607#bookmark-4788405196491818882","https:\/\/fliphtml5.com\/home\/iwellguard","https:\/\/anyflip.com\/homepage\/cmiwl#About","https:\/\/transfur.com\/Users\/iwellguard","http:\/\/delphi.larsbo.org\/user\/iwellguard","https:\/\/jobs.lajobsportal.org\/profiles\/8380803-iwell-guard","https:\/\/md.chaosdorf.de\/s\/jfbe5SBdJD","https:\/\/www.lingvolive.com\/en-us\/profile\/9ecaeaca-ce11-4e51-9e71-01d55e2bff36\/translations","https:\/\/www.fitday.com\/fitness\/forums\/members\/iwellguard.html","https:\/\/www.mymeetbook.com\/iwellguard","https:\/\/pxhere.com\/en\/photographer-me\/5040798","https:\/\/disqus.com\/by\/iwellguard\/about\/","https:\/\/pastelink.net\/hjwciqwq","https:\/\/pubhtml5.com\/homepage\/scjhn\/","https:\/\/www.bitchute.com\/channel\/2O2eOKzNqujT","https:\/\/audiomack.com\/iwellguard"]}]}},"_links":{"self":[{"href":"https:\/\/iwell-guard.com\/cs\/wp-json\/wp\/v2\/pages\/145620","targetHints":{"allow":["GET"]}}],"collection":[{"href":"https:\/\/iwell-guard.com\/cs\/wp-json\/wp\/v2\/pages"}],"about":[{"href":"https:\/\/iwell-guard.com\/cs\/wp-json\/wp\/v2\/types\/page"}],"author":[{"embeddable":true,"href":"https:\/\/iwell-guard.com\/cs\/wp-json\/wp\/v2\/users\/3"}],"replies":[{"embeddable":true,"href":"https:\/\/iwell-guard.com\/cs\/wp-json\/wp\/v2\/comments?post=145620"}],"version-history":[{"count":0,"href":"https:\/\/iwell-guard.com\/cs\/wp-json\/wp\/v2\/pages\/145620\/revisions"}],"wp:featuredmedia":[{"embeddable":true,"href":"https:\/\/iwell-guard.com\/cs\/wp-json\/wp\/v2\/media\/3270"}],"wp:attachment":[{"href":"https:\/\/iwell-guard.com\/cs\/wp-json\/wp\/v2\/media?parent=145620"}],"wp:term":[{"taxonomy":"category","embeddable":true,"href":"https:\/\/iwell-guard.com\/cs\/wp-json\/wp\/v2\/categories?post=145620"}],"curies":[{"name":"wp","href":"https:\/\/api.w.org\/{rel}","templated":true}]}}