{"id":145618,"date":"2026-09-03T16:32:08","date_gmt":"2026-09-03T16:32:08","guid":{"rendered":"https:\/\/iwell-guard.com\/?page_id=145618"},"modified":"2026-09-03T17:01:06","modified_gmt":"2026-09-03T17:01:06","slug":"jarilo","status":"publish","type":"page","link":"https:\/\/iwell-guard.com\/cs\/jarilo\/","title":{"rendered":"Jarilo"},"content":{"rendered":"\t\t<div data-elementor-type=\"wp-page\" data-elementor-id=\"145618\" class=\"elementor elementor-145618 elementor-3032 elementor-bc-flex-widget\" data-elementor-post-type=\"page\">\n\t\t\t\t<div class=\"elementor-element elementor-element-e59cb9a e-flex e-con-boxed e-con e-parent\" data-id=\"e59cb9a\" data-element_type=\"container\" data-e-type=\"container\" data-settings=\"{&quot;background_background&quot;:&quot;classic&quot;}\">\n\t\t\t\t\t<div class=\"e-con-inner\">\n\t\t<div class=\"elementor-element elementor-element-aea652a e-flex e-con-boxed e-con e-child\" data-id=\"aea652a\" data-element_type=\"container\" data-e-type=\"container\">\n\t\t\t\t\t<div class=\"e-con-inner\">\n\t\t<div class=\"elementor-element elementor-element-8d7ff98 e-con-full e-flex e-con e-child\" data-id=\"8d7ff98\" data-element_type=\"container\" data-e-type=\"container\">\n\t\t\t\t<div class=\"elementor-element elementor-element-7c29b30 elementor-widget elementor-widget-heading\" data-id=\"7c29b30\" data-element_type=\"widget\" data-e-type=\"widget\" data-widget_type=\"heading.default\">\n\t\t\t\t\t<h1 class=\"elementor-heading-title elementor-size-default\">Jarilo, slovansk\u00fd b\u016fh jara<\/h1>\t\t\t\t<\/div>\n\t\t\t\t<div class=\"elementor-element elementor-element-cfd1a7a elementor-widget elementor-widget-text-editor\" data-id=\"cfd1a7a\" data-element_type=\"widget\" data-e-type=\"widget\" data-widget_type=\"text-editor.default\">\n\t\t\t\t\t\t\t\t\t<p>Jarilo je slovansk\u00fd b\u016fh jara a plodnosti, jeho\u017e sv\u00e1tek zahajoval teplej\u0161\u00ed a r\u016fstem bohat\u00e9 ro\u010dn\u00ed obdob\u00ed. Jarilo (tak\u00e9 Jary\u0142o, Jarila, jihoslovansky Juraj\/Jurij) je ve slovansk\u00e9m <span class=\"iwg-fachbegriff\" data-tooltip=\"Souhrn boh\u016f ur\u010dit\u00e9ho n\u00e1bo\u017eenstv\u00ed nebo kultury.\" tabindex=\"0\">panteonu<\/span> bohem jara, plodnosti a znovu o\u017e\u00edvaj\u00edc\u00ed vegetace.<\/p><p>Pat\u0159\u00ed k bo\u017estv\u016fm typu \u00abum\u00edraj\u00edc\u00edho a vzk\u0159\u00ed\u0161en\u00e9ho\u00bb vegeta\u010dn\u00edho cyklu a je spojen s ro\u010dn\u00edm kolob\u011bhem smrti a znovuzrozen\u00ed p\u0159\u00edrody.<\/p><p>Na rozd\u00edl od boh\u016f vladimirsk\u00e9 \u0161estice nen\u00ed Jarilo jmenovit\u011b dolo\u017een v \u017e\u00e1dn\u00e9m p\u0159\u00edm\u00e9m st\u0159edov\u011bk\u00e9m pramenu; jeho existence je rekonstruov\u00e1na z dob\u0159e zdokumentovan\u00e9 v\u00fdchodo- a jihoslovansk\u00e9 lidov\u00e9 tradice jarilovsk\u00fdch ob\u0159ad\u016f. B\u00e1d\u00e1n\u00ed jej hodnot\u00ed opatrn\u011bji ne\u017e nap\u0159\u00edklad Peruna \u010di Velese, jeho funkci vegeta\u010dn\u00edho boha ale pova\u017euje za historicky pravd\u011bpodobnou.<\/p>\t\t\t\t\t\t\t\t<\/div>\n\t\t\t\t<\/div>\n\t\t<div class=\"elementor-element elementor-element-648b17b e-con-full e-flex e-con e-parent\" data-id=\"648b17b\" data-element_type=\"container\" data-e-type=\"container\">\n\t\t\t\t<div class=\"elementor-element elementor-element-38dbae4 elementor-widget elementor-widget-html\" data-id=\"38dbae4\" data-element_type=\"widget\" data-e-type=\"widget\" data-widget_type=\"html.default\">\n\t\t\t\t\t<div class=\"iwg-pill-row\"><span class=\"iwg-klasse-badge\" tabindex=\"0\" data-tooltip=\"B\u016fh \/ Bohyn\u011b: Personifikovan\u00e1 nejvy\u0161\u0161\u00ed moc v panteonu ur\u010dit\u00e9 kultury, s jasn\u011b vymezen\u00fdmi oblastmi p\u016fsobnosti \u2014 p\u0159\u00edrodn\u00ed s\u00edly, osud, v\u00e1lka, plodnost. Uct\u00edvan\u00e1 prost\u0159ednictv\u00edm kult\u016f, ob\u011bt\u00ed a chr\u00e1mov\u00fdch instituc\u00ed.\">B\u016fh<\/span><a href=\"https:\/\/iwell-guard.com\/cs\/slovanske\/\" class=\"iwg-kultur-badge\" tabindex=\"0\" data-tooltip=\"Slovansk\u00e1 mytologie a lidov\u00e9 n\u00e1bo\u017eenstv\u00ed, od 10. stolet\u00ed p\u0159ekryt\u00e9 k\u0159es\u0165anstv\u00edm.\">Slovansk\u00fd<\/a><\/div>\t\t\t\t<\/div>\n\t\t\t\t<\/div>\n\t\t<div class=\"elementor-element elementor-element-64bf48e e-con-full e-flex e-con e-child\" data-id=\"64bf48e\" data-element_type=\"container\" data-e-type=\"container\">\n\t\t\t\t<div class=\"elementor-element elementor-element-4e393b7 elementor-toc--minimized-on-tablet elementor-widget elementor-widget-table-of-contents\" data-id=\"4e393b7\" data-element_type=\"widget\" data-e-type=\"widget\" data-settings=\"{&quot;exclude_headings_by_selector&quot;:[],&quot;no_headings_message&quot;:&quot;Na t\\u00e9to str\\u00e1nce nebyly nalezeny \\u017e\\u00e1dn\\u00e9 nadpisy.&quot;,&quot;headings_by_tags&quot;:[&quot;h2&quot;,&quot;h3&quot;],&quot;marker_view&quot;:&quot;bullets&quot;,&quot;icon&quot;:{&quot;value&quot;:&quot;fas fa-circle&quot;,&quot;library&quot;:&quot;fa-solid&quot;,&quot;rendered_tag&quot;:&quot;&lt;svg class=\\&quot;e-font-icon-svg e-fas-circle\\&quot; viewBox=\\&quot;0 0 512 512\\&quot; xmlns=\\&quot;http:\\\/\\\/www.w3.org\\\/2000\\\/svg\\&quot;&gt;&lt;path d=\\&quot;M256 8C119 8 8 119 8 256s111 248 248 248 248-111 248-248S393 8 256 8z\\&quot;&gt;&lt;\\\/path&gt;&lt;\\\/svg&gt;&quot;},&quot;minimize_box&quot;:&quot;yes&quot;,&quot;minimized_on&quot;:&quot;tablet&quot;,&quot;hierarchical_view&quot;:&quot;yes&quot;,&quot;min_height&quot;:{&quot;unit&quot;:&quot;px&quot;,&quot;size&quot;:&quot;&quot;,&quot;sizes&quot;:[]},&quot;min_height_tablet&quot;:{&quot;unit&quot;:&quot;px&quot;,&quot;size&quot;:&quot;&quot;,&quot;sizes&quot;:[]},&quot;min_height_mobile&quot;:{&quot;unit&quot;:&quot;px&quot;,&quot;size&quot;:&quot;&quot;,&quot;sizes&quot;:[]}}\" data-widget_type=\"table-of-contents.default\">\n\t\t\t\t\t\t\t\t\t<div class=\"elementor-toc__header\">\n\t\t\t\t\t\t<h2 class=\"elementor-toc__header-title\">\n\t\t\t\tObsah\t\t\t<\/h2>\n\t\t\t\t\t\t\t\t\t\t<div class=\"elementor-toc__toggle-button elementor-toc__toggle-button--expand\" role=\"button\" tabindex=\"0\" aria-controls=\"elementor-toc__4e393b7\" aria-expanded=\"true\" aria-label=\"Open table of contents\"><svg aria-hidden=\"true\" class=\"e-font-icon-svg e-fas-chevron-down\" viewBox=\"0 0 448 512\" xmlns=\"http:\/\/www.w3.org\/2000\/svg\"><path d=\"M207.029 381.476L12.686 187.132c-9.373-9.373-9.373-24.569 0-33.941l22.667-22.667c9.357-9.357 24.522-9.375 33.901-.04L224 284.505l154.745-154.021c9.379-9.335 24.544-9.317 33.901.04l22.667 22.667c9.373 9.373 9.373 24.569 0 33.941L240.971 381.476c-9.373 9.372-24.569 9.372-33.942 0z\"><\/path><\/svg><\/div>\n\t\t\t\t<div class=\"elementor-toc__toggle-button elementor-toc__toggle-button--collapse\" role=\"button\" tabindex=\"0\" aria-controls=\"elementor-toc__4e393b7\" aria-expanded=\"true\" aria-label=\"Close table of contents\"><svg aria-hidden=\"true\" class=\"e-font-icon-svg e-fas-chevron-up\" viewBox=\"0 0 448 512\" xmlns=\"http:\/\/www.w3.org\/2000\/svg\"><path d=\"M240.971 130.524l194.343 194.343c9.373 9.373 9.373 24.569 0 33.941l-22.667 22.667c-9.357 9.357-24.522 9.375-33.901.04L224 227.495 69.255 381.516c-9.379 9.335-24.544 9.317-33.901-.04l-22.667-22.667c-9.373-9.373-9.373-24.569 0-33.941L207.03 130.525c9.372-9.373 24.568-9.373 33.941-.001z\"><\/path><\/svg><\/div>\n\t\t\t\t\t<\/div>\n\t\t\t\t<div id=\"elementor-toc__4e393b7\" class=\"elementor-toc__body\">\n\t\t\t<div class=\"elementor-toc__spinner-container\">\n\t\t\t\t<svg class=\"elementor-toc__spinner eicon-animation-spin e-font-icon-svg e-eicon-loading\" aria-hidden=\"true\" viewBox=\"0 0 1000 1000\" xmlns=\"http:\/\/www.w3.org\/2000\/svg\"><path d=\"M500 975V858C696 858 858 696 858 500S696 142 500 142 142 304 142 500H25C25 237 238 25 500 25S975 237 975 500 763 975 500 975Z\"><\/path><\/svg>\t\t\t<\/div>\n\t\t<\/div>\n\t\t\t\t\t\t<\/div>\n\t\t\t\t<\/div>\n\t\t\t\t\t<\/div>\n\t\t\t\t<\/div>\n\t\t<div class=\"elementor-element elementor-element-96751ac e-con-full e-flex e-con e-child\" data-id=\"96751ac\" data-element_type=\"container\" data-e-type=\"container\">\n\t\t\t\t<div class=\"elementor-element elementor-element-69e12b9 iwg-hero-image elementor-widget elementor-widget-image\" data-id=\"69e12b9\" data-element_type=\"widget\" data-e-type=\"widget\" data-widget_type=\"image.default\">\n\t\t\t\t\t\t\t\t\t\t\t\t\t\t\t<img fetchpriority=\"high\" decoding=\"async\" width=\"683\" height=\"1024\" src=\"https:\/\/iwell-guard.com\/wp-content\/uploads\/2026\/05\/goetter_slawisch_jarilo-683x1024.webp\" class=\"attachment-large size-large wp-image-147216\" alt=\"Jarilo \u2013 b\u016fh ze slovansk\u00e9 tradice, historicko-ilustrativn\u00ed zobrazen\u00ed\" srcset=\"https:\/\/iwell-guard.com\/wp-content\/uploads\/2026\/05\/goetter_slawisch_jarilo-683x1024.webp 683w, https:\/\/iwell-guard.com\/wp-content\/uploads\/2026\/05\/goetter_slawisch_jarilo-200x300.webp 200w, https:\/\/iwell-guard.com\/wp-content\/uploads\/2026\/05\/goetter_slawisch_jarilo-768x1152.webp 768w, https:\/\/iwell-guard.com\/wp-content\/uploads\/2026\/05\/goetter_slawisch_jarilo.webp 1024w\" sizes=\"(max-width: 683px) 100vw, 683px\" \/>\t\t\t\t\t\t\t\t\t\t\t\t\t\t\t<\/div>\n\t\t\t\t<\/div>\n\t\t\t\t\t<\/div>\n\t\t\t\t<\/div>\n\t\t<div class=\"elementor-element elementor-element-01dbec0 e-con-boxed e-flex e-con e-parent\" data-id=\"01dbec0\" data-element_type=\"container\" data-e-type=\"container\">\n\t\t\t\t\t<div class=\"e-con-inner\">\n\t\t<div class=\"elementor-element elementor-element-56cdb6e e-con-full e-flex e-con e-child\" data-id=\"56cdb6e\" data-element_type=\"container\" data-e-type=\"container\">\n\t\t\t\t<div class=\"elementor-element elementor-element-d835672 elementor-widget elementor-widget-heading\" data-id=\"d835672\" data-element_type=\"widget\" data-e-type=\"widget\" data-widget_type=\"heading.default\">\n\t\t\t\t\t<h2 class=\"elementor-heading-title elementor-size-default\">Jm\u00e9no a etymologie<\/h2>\t\t\t\t<\/div>\n\t\t\t\t<div class=\"elementor-element elementor-element-ef38cb2 elementor-widget elementor-widget-text-editor\" data-id=\"ef38cb2\" data-element_type=\"widget\" data-e-type=\"widget\" data-widget_type=\"text-editor.default\">\n\t\t\t\t\t\t\t\t\t<p>Jm\u00e9no \u00abJarilo\u00bb se odvozuje od praslovansk\u00e9ho \u00abjar\u044a\u00bb (\u00abjaro, rok, \u017ehav\u00fd\u00bb), s n\u00e1vaznostmi na rusk\u00e9 \u00abjaryj\u00bb (\u00abv\u00e1\u0161niv\u00fd, \u017ehav\u00fd, jarn\u011b jasn\u00fd\u00bb), \u010desk\u00e9 \u00abjarn\u00ed\u00bb a srbsk\u00e9 \u00abjar\u00bb (\u00abjarn\u00ed pole, letn\u00ed obil\u00ed\u00bb). Tato etymologie jasn\u011b za\u0159azuje Jarila do oblasti jara a vegetace. P\u0159\u00edpona \u00ab-ilo\u00bb je b\u011b\u017en\u00fd slovansk\u00fd tvo\u0159ebn\u00fd prvek pro mu\u017esk\u00e1 jm\u00e9na a postavy.<\/p>\n<p>Spojen\u00ed s ukrajinsko-rusk\u00fdm \u00abJurij\u00bb (svat\u00fd Ji\u0159\u00ed, slovansk\u00e1 forma jm\u00e9na Ji\u0159\u00ed) vyvolalo v b\u00e1d\u00e1n\u00ed del\u0161\u00ed diskusi.<\/p><p>Roman Jakobson a dal\u0161\u00ed lingvist\u00e9 navrhli, \u017ee slovansk\u00fd kult svat\u00e9ho Ji\u0159\u00ed je v mnoha regionech k\u0159es\u0165ansk\u00fdm p\u0159emalov\u00e1n\u00edm p\u0159edk\u0159es\u0165ansk\u00e9ho kultu Jarila, proto\u017ee datum sv\u00e1tku svat\u00e9ho Ji\u0159\u00ed (23. dubna, juli\u00e1nsky) se shoduje s jarilovsk\u00fdmi jarn\u00edmi ob\u0159ady. Tato teze je n\u00e1bo\u017eensko-historicky plausibiln\u00ed, v jednotlivostech ji v\u0161ak lze t\u011b\u017eko dok\u00e1zat.<\/p>\t\t\t\t\t\t\t\t<\/div>\n\t\t\t\t<\/div>\n\t\t<div class=\"elementor-element elementor-element-890cea6 e-con-full e-flex e-con e-child\" data-id=\"890cea6\" data-element_type=\"container\" data-e-type=\"container\">\n\t\t\t\t<div class=\"elementor-element elementor-element-e083ddc elementor-widget elementor-widget-heading\" data-id=\"e083ddc\" data-element_type=\"widget\" data-e-type=\"widget\" data-widget_type=\"heading.default\">\n\t\t\t\t\t<h2 class=\"elementor-heading-title elementor-size-default\">Funkce a m\u00fdtus<\/h2>\t\t\t\t<\/div>\n\t\t\t\t<div class=\"elementor-element elementor-element-2e94ccc elementor-widget elementor-widget-text-editor\" data-id=\"2e94ccc\" data-element_type=\"widget\" data-e-type=\"widget\" data-widget_type=\"text-editor.default\">\n\t\t\t\t\t\t\t\t\t<p>Z lidov\u00e9 tradice lze rekonstruovat n\u00e1sleduj\u00edc\u00ed mytolog\u00e9m: Jarilo se objevuje na ja\u0159e, zdob\u00ed zemi kv\u011bty a obil\u00edm, s\u0148atkuje se s Marou (nebo Morenou, bohyn\u00ed zimy), je v pletn\u00ed vysrle usmrcen nebo <span class=\"iwg-fachbegriff\" data-tooltip=\"N\u00e1le\u017eej\u00edc\u00ed k pevn\u011b stanoven\u00e9mu n\u00e1bo\u017eensk\u00e9mu \u00fakonu.\" tabindex=\"0\">ritu\u00e1ln\u011b<\/span> pochov\u00e1n a v n\u00e1sleduj\u00edc\u00edm jaru se navrac\u00ed.<\/p><p>Vladimir Toporov a Vja\u010deslav Ivanov tento p\u0159\u00edb\u011bh ve sv\u00fdch strukturalistick\u00fdch prac\u00edch rekonstruovali jako variantu indoevropsk\u00e9ho \u00abum\u00edraj\u00edc\u00edho a vzk\u0159\u00ed\u0161en\u00e9ho boha\u00bb.<\/p>\n<p>V jihoslovansk\u00fdch \u00abjarilovsk\u00fdch hr\u00e1ch\u00bb se smrt boha <span class=\"iwg-fachbegriff\" data-tooltip=\"N\u00e1le\u017eej\u00edc\u00ed k pevn\u011b stanoven\u00e9mu n\u00e1bo\u017eensk\u00e9mu \u00fakonu.\" tabindex=\"0\">ritu\u00e1ln\u011b<\/span> znovu p\u0159edv\u00e1d\u00ed: slam\u011bn\u00e1 loutka nebo mlad\u00fd chlapec, zt\u011bles\u0148uj\u00edc\u00ed Jarila, je nesen vesnic\u00ed, pot\u00e9 \u00abzabit\u00bb (up\u00e1len\u00edm, potopen\u00edm do \u0159eky nebo poh\u0159ben\u00edm) a oplak\u00e1v\u00e1n.<\/p><p>Tyto ritu\u00e1ly jsou dokumentov\u00e1ny v Srbsku, Bulharsku, B\u011blorusku, Ukrajin\u011b a v \u010d\u00e1stech Ruska a\u017e do po\u010d\u00e1tku 20. stolet\u00ed. James George Frazer se jimi podrobn\u011b zab\u00fdval ve sv\u00e9m d\u00edle \u00abThe Golden Bough\u00bb (1890 a\u017e 1915) a za\u0159adil je do sv\u00e9ho komplexu \u00abum\u00edraj\u00edc\u00edch boh\u016f\u00bb.<\/p>\t\t\t\t\t\t\t\t<\/div>\n\t\t\t\t<\/div>\n\t\t<div class=\"elementor-element elementor-element-0fcca88 e-con-full e-flex e-con e-child\" data-id=\"0fcca88\" data-element_type=\"container\" data-e-type=\"container\">\n\t\t\t\t<div class=\"elementor-element elementor-element-7e37f98 elementor-widget elementor-widget-heading\" data-id=\"7e37f98\" data-element_type=\"widget\" data-e-type=\"widget\" data-widget_type=\"heading.default\">\n\t\t\t\t\t<h2 class=\"elementor-heading-title elementor-size-default\">Uct\u00edv\u00e1n\u00ed, oby\u010deje a ritu\u00e1ly<\/h2>\t\t\t\t<\/div>\n\t\t\t\t<div class=\"elementor-element elementor-element-ff7a495 elementor-widget elementor-widget-text-editor\" data-id=\"ff7a495\" data-element_type=\"widget\" data-e-type=\"widget\" data-widget_type=\"text-editor.default\">\n\t\t\t\t\t\t\t\t\t<p>\u00abJarilin den\u00bb (\u00abJaril\u016fv den\u00bb, v\u011bt\u0161inou po\u010d\u00e1tek kv\u011btna nebo 23. dubna podle ortodoxn\u011b-juli\u00e1nsk\u00e9ho sv\u00e1tku svat\u00e9ho Ji\u0159\u00ed) ozna\u010duje po\u010d\u00e1tek jara.<\/p><p>V srbsk\u00e9 a chorvatsk\u00e9 tradici proj\u00ed\u017ed\u00ed vesnic\u00ed mlad\u00fd chlapec v obiln\u00e9m v\u011bnci a v b\u00edl\u00e9m rouchu na b\u00edl\u00e9m koni; doprov\u00e1zej\u00ed ho mlad\u00e9 d\u00edvky, kter\u00e9 zp\u00edvaj\u00ed p\u00edsn\u011b. V ukrajinsk\u00e9 tradici je to mlad\u00e1 \u017eena v mu\u017esk\u00e9m oble\u010den\u00ed, kter\u00e1 t\u00e1hne se slam\u011bnou loutkou \u00abJarila\u00bb po pol\u00edch.<\/p>\n<p>\u00abJaril\u016fv poh\u0159eb\u00bb (\u00abPochorony Jarila\u00bb) se slav\u00ed v B\u011blorusku a z\u00e1padn\u00edm Rusku kolem svatoj\u00e1nsk\u00e9ho sv\u00e1tku (24. \u010dervna): slam\u011bn\u00e1 nebo d\u0159ev\u011bn\u00e1 figura, nesouc\u00ed mu\u017esk\u00fd falus, je se slzami poh\u0159bena nebo up\u00e1lena.<\/p><p>T\u00edm se symbolicky napodobuje smrt vegeta\u010dn\u00ed s\u00edly. V n\u011bkter\u00fdch oblastech je rakev doprov\u00e1zena milostn\u00fdmi p\u00edsn\u011bmi a obsc\u00e9nn\u00edmi nar\u00e1\u017ekami, co\u017e zd\u016fraz\u0148uje plodnostn\u011b-magick\u00fd charakter tohoto oby\u010deje.<\/p>\n<p>Sergej Tokarev (\u00abReligioznye verovaniya vosto\u010dnoslavjanskich narodov\u00bb, 1957) a Vladimir Propp (\u00abRusskie agrarnye prazdniki\u00bb, 1963) tyto oby\u010deje podrobn\u011b zdokumentovali a upozornili na jejich paralely k adonis-tammuzsk\u00e9mu komplexu a k z\u00e1padoslovansk\u00e9mu \u00abp\u00e1len\u00ed Marzanny\u00bb.<\/p>\t\t\t\t\t\t\t\t<\/div>\n\t\t\t\t<\/div>\n\t\t<div class=\"elementor-element elementor-element-29769d4 e-con-full e-flex e-con e-child\" data-id=\"29769d4\" data-element_type=\"container\" data-e-type=\"container\">\n\t\t\t\t<div class=\"elementor-element elementor-element-f7be2c6 elementor-widget elementor-widget-heading\" data-id=\"f7be2c6\" data-element_type=\"widget\" data-e-type=\"widget\" data-widget_type=\"heading.default\">\n\t\t\t\t\t<h2 class=\"elementor-heading-title elementor-size-default\">Ikonografie<\/h2>\t\t\t\t<\/div>\n\t\t\t\t<div class=\"elementor-element elementor-element-e6e01f1 elementor-widget elementor-widget-text-editor\" data-id=\"e6e01f1\" data-element_type=\"widget\" data-e-type=\"widget\" data-widget_type=\"text-editor.default\">\n\t\t\t\t\t\t\t\t\t<p>Na rozd\u00edl od v\u011bt\u0161iny boh\u016f neexistuj\u00ed pro Jarila \u017e\u00e1dn\u00e1 st\u0159edov\u011bk\u00e1 zobrazen\u00ed.<\/p><p>Jeho <span class=\"iwg-fachbegriff\" data-tooltip=\"Nauka o obsahu obraz\u016f a jejich v\u00fdznamu.\" tabindex=\"0\">ikonografie<\/span> je rekonstrukc\u00ed z lidov\u00e9 tradice a romantick\u00e9ho um\u011bn\u00ed 19. stolet\u00ed: mlad\u00fd mu\u017e, \u010dasto bos\u00fd a v b\u00edl\u00e9 ko\u0161ili, n\u011bkdy s v\u011bncem z klas\u016f nebo kv\u011btin, jedouc\u00ed na b\u00edl\u00e9m koni, s svazkem klas\u016f nebo lebkou (jako <span class=\"iwg-fachbegriff\" data-tooltip=\"Znak, kter\u00fd zastupuje ur\u010ditou p\u0159edstavu nebo v\u00fdznam.\" tabindex=\"0\">symbolem<\/span> cyklick\u00e9ho n\u00e1vratu) v ruce.<\/p><p>Toto zobrazen\u00ed je zhu\u0161t\u011bn\u00edm jihoslovansk\u00fdch sv\u00e1te\u010dn\u00edch oby\u010dej\u016f a nen\u00ed podlo\u017eeno historick\u00fdmi prameny.<\/p>\t\t\t\t\t\t\t\t<\/div>\n\t\t\t\t<\/div>\n\t\t<div class=\"elementor-element elementor-element-98bb2bd e-con-full e-flex e-con e-child\" data-id=\"98bb2bd\" data-element_type=\"container\" data-e-type=\"container\">\n\t\t\t\t<div class=\"elementor-element elementor-element-2f2f806 elementor-widget elementor-widget-heading\" data-id=\"2f2f806\" data-element_type=\"widget\" data-e-type=\"widget\" data-widget_type=\"heading.default\">\n\t\t\t\t\t<h2 class=\"elementor-heading-title elementor-size-default\">N\u00e1bo\u017eenskohistorick\u00e9 za\u0159azen\u00ed<\/h2>\t\t\t\t<\/div>\n\t\t\t\t<div class=\"elementor-element elementor-element-3bbe264 elementor-widget elementor-widget-text-editor\" data-id=\"3bbe264\" data-element_type=\"widget\" data-e-type=\"widget\" data-widget_type=\"text-editor.default\">\n\t\t\t\t\t\t\t\t\t<p>Jarilo n\u00e1le\u017e\u00ed k roz\u0161\u00ed\u0159en\u00e9mu typu \u00abum\u00edraj\u00edc\u00edho a vzk\u0159\u00ed\u0161en\u00e9ho boha vegetace\u00bb. Strukturn\u00ed paralely nach\u00e1z\u00edme u Adonise (\u0158ecko, s f\u00e9nicko-syrsk\u00fdmi ko\u0159eny), Tammuze\/Dumuziho (Mezopot\u00e1mie), Osirida (Egypt), Freye (germ\u00e1nsk\u00e1 tradice) a v indick\u00e9m komplexu vegeta\u010dn\u00edch bo\u017estev kolem Kr\u0161ny.<\/p><p>James Frazer a Mircea Eliade popsali tento typ jako univerz\u00e1ln\u00ed strukturn\u00ed motiv; nov\u011bj\u0161\u00ed <span class=\"iwg-fachbegriff\" data-tooltip=\"V\u011bda, kter\u00e1 zkoum\u00e1 n\u00e1bo\u017eenstv\u00ed srovn\u00e1vac\u00edm zp\u016fsobem a bez vyznava\u010dsk\u00e9 vazby.\" tabindex=\"0\">religionistika<\/span> je v tomto ohledu zdr\u017eenliv\u011bj\u0161\u00ed a zd\u016fraz\u0148uje kulturn\u00ed specifika ka\u017ed\u00e9 jednotliv\u00e9 tradice.<\/p>\n<p>Uvnit\u0159 slovansk\u00e9ho pantheonu stoj\u00ed Jarilo ve strukturn\u00edm vztahu k Ma\u0159e (Moran\u011b), bohyni zimy a smrti, s n\u00ed\u017e je <span class=\"iwg-fachbegriff\" data-tooltip=\"Vztahuj\u00edc\u00ed se k pevn\u011b stanoven\u00e9mu n\u00e1bo\u017eensk\u00e9mu \u00fakonu.\" tabindex=\"0\">ritu\u00e1ln\u011b<\/span> sezd\u00e1v\u00e1n, a k Velesovi, bohu podsv\u011bt\u00ed a st\u00e1d, do jeho\u017e dom\u00e9ny po sv\u00e9 smrti vstupuje.<\/p><p>Boris Rybakov nast\u00ednil ve sv\u00e9m d\u00edle \u00abYazychestvo Drevney Rusi\u00bb (1987) velmi rozvinutou Jarilovu <span class=\"iwg-fachbegriff\" data-tooltip=\"V\u011bdeck\u00e9 pojedn\u00e1n\u00ed o bohu a v\u00ed\u0159e ur\u010dit\u00e9ho n\u00e1bo\u017eenstv\u00ed.\" tabindex=\"0\">teologii<\/span>; ta je dnes pova\u017eov\u00e1na za spekulativn\u011b p\u0159et\u00ed\u017eenou, jej\u00ed z\u00e1kladn\u00ed rysy v\u0161ak mlad\u0161\u00ed badatel\u00e9 (Ji\u0159\u00ed Dynda) v podstat\u011b p\u0159ij\u00edmaj\u00ed.<\/p>\t\t\t\t\t\t\t\t<\/div>\n\t\t\t\t<\/div>\n\t\t<div class=\"elementor-element elementor-element-b81f7b1 e-con-full e-flex e-con e-child\" data-id=\"b81f7b1\" data-element_type=\"container\" data-e-type=\"container\">\n\t\t\t\t<div class=\"elementor-element elementor-element-4d89b24 elementor-widget elementor-widget-heading\" data-id=\"4d89b24\" data-element_type=\"widget\" data-e-type=\"widget\" data-widget_type=\"heading.default\">\n\t\t\t\t\t<h2 class=\"elementor-heading-title elementor-size-default\">P\u0159e\u017e\u00edv\u00e1n\u00ed ve folkloru<\/h2>\t\t\t\t<\/div>\n\t\t\t\t<div class=\"elementor-element elementor-element-99b3fd1 elementor-widget elementor-widget-text-editor\" data-id=\"99b3fd1\" data-element_type=\"widget\" data-e-type=\"widget\" data-widget_type=\"text-editor.default\">\n\t\t\t\t\t\t\t\t\t<p>I po christianizaci z\u016fstaly jarilovsk\u00e9 oby\u010deje \u017eiv\u00e9 v jihoslovansk\u00e9m a v\u00fdchodoslovansk\u00e9m lidov\u00e9m n\u00e1bo\u017eenstv\u00ed. Splynut\u00ed se svat\u00fdm Ji\u0159\u00edm (Jurij, Jaroslav) je klasick\u00fdm p\u0159\u00edkladem synkretick\u00e9ho p\u0159emalov\u00e1n\u00ed: boj svat\u00e9ho Ji\u0159\u00ed s drakem byl v mnoha slovansk\u00fdch regionech spojen s t\u00e9maty jara a vegetace.<\/p><p>P\u0159i sv\u00e1tku \u00abJurjev den\u00bb v Srbsku je svat\u00fd uct\u00edv\u00e1n jako ochr\u00e1nce st\u00e1d a jarn\u00edch sil, co\u017e jednozna\u010dn\u011b odkazuje na p\u0159edk\u0159es\u0165ansk\u00e9 vrstvy.<\/p>\n<p>V rusk\u00e9, ukrajinsk\u00e9 a b\u011blorusk\u00e9 lidov\u00e9 tradici p\u0159e\u017eily jarilovsk\u00e9 oby\u010deje a\u017e do 20. stolet\u00ed, \u010dasto zapojeny do sv\u00e1tk\u016f \u00abRusalek\u00bb a \u00abKupaly\u00bb. A\u017e sov\u011btsk\u00e1 \u00e9ra tyto oby\u010deje systematicky potla\u010dovala; v posledn\u00edch desetilet\u00edch za\u017e\u00edvaj\u00ed obrozen\u00ed, \u010d\u00e1ste\u010dn\u011b jako folklorn\u00ed p\u00e9\u010de, \u010d\u00e1ste\u010dn\u011b v r\u00e1mci hnut\u00ed rodnov\u011b\u0159\u00ed.<\/p>\t\t\t\t\t\t\t\t<\/div>\n\t\t\t\t<\/div>\n\t\t<div class=\"elementor-element elementor-element-b41f911 e-con-full e-flex e-con e-child\" data-id=\"b41f911\" data-element_type=\"container\" data-e-type=\"container\">\n\t\t\t\t<div class=\"elementor-element elementor-element-ab9b9ac elementor-widget elementor-widget-heading\" data-id=\"ab9b9ac\" data-element_type=\"widget\" data-e-type=\"widget\" data-widget_type=\"heading.default\">\n\t\t\t\t\t<h2 class=\"elementor-heading-title elementor-size-default\">Historie b\u00e1d\u00e1n\u00ed<\/h2>\t\t\t\t<\/div>\n\t\t\t\t<div class=\"elementor-element elementor-element-23baed5 elementor-widget elementor-widget-text-editor\" data-id=\"23baed5\" data-element_type=\"widget\" data-e-type=\"widget\" data-widget_type=\"text-editor.default\">\n\t\t\t\t\t\t\t\t\t<p>V\u011bdeck\u00e9 zkoum\u00e1n\u00ed Jarila za\u010dalo v 19. stolet\u00ed romantickou folkloristikou (Pavel \u010cubinskij, Alexandr Afanasjev, Vuk Karad\u017ei\u0107). Tyto sb\u00edrky jsou bohat\u00e9, ale ve sv\u00e9m vyhodnocen\u00ed nekritick\u00e9. Kritick\u00fd obrat provedl Alexandr Br\u00fcckner, kter\u00fd zpochybnil existenci Jarila jako samostatn\u00e9ho boha.<\/p><p>Boris Rybakov a Alexandr Gieysztor Jarila znovu rehabilitovali jako hlavn\u00edho boha, Henryk \u0141owmia\u0144ski a sou\u010dasn\u00fd v\u00fdzkum se p\u0159ikl\u00e1n\u011bj\u00ed ke st\u0159edn\u00ed pozici: Jarilo je dob\u0159e dolo\u017een jako ritu\u00e1ln\u00ed postava lidov\u00e9ho n\u00e1bo\u017eenstv\u00ed, jeho postaven\u00ed jako hlavn\u00edho boha ofici\u00e1ln\u00edho pantheonu ran\u00fdch Slovan\u016f z\u016fst\u00e1v\u00e1 nejist\u00e9.<\/p>\t\t\t\t\t\t\t\t<\/div>\n\t\t\t\t<\/div>\n\t\t<div class=\"elementor-element elementor-element-c318e66 e-con-full e-flex e-con e-child\" data-id=\"c318e66\" data-element_type=\"container\" data-e-type=\"container\">\n\t\t\t\t<div class=\"elementor-element elementor-element-283c08e elementor-widget elementor-widget-heading\" data-id=\"283c08e\" data-element_type=\"widget\" data-e-type=\"widget\" data-widget_type=\"heading.default\">\n\t\t\t\t\t<h2 class=\"elementor-heading-title elementor-size-default\">Prameny<\/h2>\t\t\t\t<\/div>\n\t\t\t\t<div class=\"elementor-element elementor-element-fa76923 elementor-widget elementor-widget-text-editor\" data-id=\"fa76923\" data-element_type=\"widget\" data-e-type=\"widget\" data-widget_type=\"text-editor.default\">\n\t\t\t\t\t\t\t\t\t<p>P\u0159\u00edm\u00e9 st\u0159edov\u011bk\u00e9 prameny o Jarilovi chyb\u011bj\u00ed. Rekonstrukce se op\u00edr\u00e1 o: rusk\u00e9, ukrajinsk\u00e9, b\u011blorusk\u00e9 a jihoslovansk\u00e9 lidov\u00e9 p\u00edsn\u011b a zpr\u00e1vy o oby\u010dej\u00edch z 18. a\u017e 20. stolet\u00ed, sebran\u00e9 Alexandrem Afanasjevem, Pavlem \u010cubinsk\u00fdm, Vukem Karad\u017ei\u0107em, Sergejem Tokarevem a Vladimirem Proppem; srbsk\u00e9 a chorvatsk\u00e9 etnografick\u00e9 zpr\u00e1vy z 19. a po\u010d\u00e1tku 20. stolet\u00ed.<\/p><footer class=\"iwg-literatur\"><ul><li><span data-nosnippet>Aleksander Afanasjew, \u00abPoeticheskiye vozzreniya slavyan na prirodu\u00bb, 3 B\u00e4nde, Moskau 1865 bis 1869. Vuk Stefanovi\u0107 Karad\u017ei\u0107, \u00abSrpski rje\u010dnik\u00bb, Wien 1818 (Lemma \u00abJurij\u00bb). Sergej Tokarev, \u00abReligioznye verovaniya vostochnoslavyanskikh narodov\u00bb, Moskau 1957. Vladimir Propp, \u00abRusskie agrarnye prazdniki\u00bb, Leningrad 1963. James George Frazer, \u00abThe Golden Bough\u00bb, 12 B\u00e4nde, London 1890 bis 1915.<\/span><\/li><li><span data-nosnippet>Aleksander Br\u00fcckner, \u00abMitologia s\u0142owia\u0144ska\u00bb, Krakau 1918. Aleksander Gieysztor, \u00abMitologia S\u0142owian\u00bb, Warschau 1982. Boris Rybakov, \u00abYazychestvo Drevney Rusi\u00bb, Moskau 1987 (mit Vorbehalt).<\/span><\/li><li><span data-nosnippet>Vladimir Toporov und Vyacheslav Ivanov, \u00abIssledovaniya v oblasti slavyanskikh drevnostey\u00bb, Moskau 1974. Henryk \u0141owmia\u0144ski, \u00abReligia S\u0142owian i jej upadek\u00bb, Warschau 1979. Roman Jakobson, \u00abSlavic Gods and Demons\u00bb, in: Selected Writings VII, Berlin 1985. Ji\u0159\u00ed Dynda, \u00abSlovansk\u00e9 pohanstv\u00ed ve st\u0159edov\u011bk\u00fdch latinsk\u00fdch pramenech\u00bb, Prag 2017.<\/span><\/li><\/ul><\/footer>\t\t\t\t\t\t\t\t<\/div>\n\t\t\t\t<\/div>\n\t\t<div class=\"elementor-element elementor-element-95841e9 e-con-full e-flex e-con e-child\" data-id=\"95841e9\" data-element_type=\"container\" data-e-type=\"container\">\n\t\t\t\t<div class=\"elementor-element elementor-element-fcd3eb9 elementor-widget elementor-widget-heading\" data-id=\"fcd3eb9\" data-element_type=\"widget\" data-e-type=\"widget\" data-widget_type=\"heading.default\">\n\t\t\t\t\t<h2 class=\"elementor-heading-title elementor-size-default\">Stav etnografick\u00fdch pramen\u016f<\/h2>\t\t\t\t<\/div>\n\t\t\t\t<div class=\"elementor-element elementor-element-81af1d8 elementor-widget elementor-widget-text-editor\" data-id=\"81af1d8\" data-element_type=\"widget\" data-e-type=\"widget\" data-widget_type=\"text-editor.default\">\n\t\t\t\t\t\t\t\t\t<p>V\u011bdeck\u00e9 zkoum\u00e1n\u00ed Jarila se op\u00edr\u00e1 p\u0159edev\u0161\u00edm o etnografick\u00e9 sb\u00edrky z 18. a 19. stolet\u00ed. Alexandr Afanasjev shrom\u00e1\u017edil ve sv\u00e9m monument\u00e1ln\u00edm d\u00edle \u00abPoeticheskiye vozzreniya slavyan na prirodu\u00bb (3 svazky, 1865 a\u017e 1869) stovky rusk\u00fdch a ukrajinsk\u00fdch lidov\u00fdch vypr\u00e1v\u011bn\u00ed, p\u00edsn\u00ed a zpr\u00e1v o oby\u010dej\u00edch, v nich\u017e se Jarilo p\u0159\u00edmo \u010di nep\u0159\u00edmo objevuje.<\/p><p>Vuk Stefanovi\u0107 Karad\u017ei\u0107 (1787 a\u017e 1864) shrom\u00e1\u017edil soub\u011b\u017en\u011b srbsk\u00e9 doklady; jeho \u00abSrpski rje\u010dnik\u00bb (V\u00edde\u0148 1818) a jeho zp\u011bvn\u00edk obsahuj\u00ed podrobn\u00e9 popisy jarilovsk\u00fdch her v Srbsku a Bosn\u011b.<\/p>\n<p>V B\u011blorusku a v ukrajinsk\u00fdch Karpatech shrom\u00e1\u017edili Pavel \u010cubinskij (\u00abTrudy etnografi\u010desko-statisti\u010deskoj ekspedicii\u00bb, 1872 a\u017e 1877) a jeho v\u00fdzkumn\u00fd t\u00fdm \u010detn\u00e9 doklady, kter\u00e9 upev\u0148uj\u00ed obraz um\u00edraj\u00edc\u00edho a vzk\u0159\u00ed\u0161en\u00e9ho boha vegetace.<\/p><p>Sergej Tokarev tyto materi\u00e1ly systematizoval a postavil na v\u011bdeck\u00fd z\u00e1klad ve sv\u00e9m d\u00edle \u00abReligioznye verovaniya vosto\u010dnoslavjanskich narodov\u00bb (1957); jeho pr\u00e1ce je dodnes standardn\u00edm d\u00edlem v\u00fdchodoslovansk\u00e9 religionistick\u00e9 etnografie.<\/p>\t\t\t\t\t\t\t\t<\/div>\n\t\t\t\t<\/div>\n\t\t<div class=\"elementor-element elementor-element-9ec8d1e e-con-full e-flex e-con e-child\" data-id=\"9ec8d1e\" data-element_type=\"container\" data-e-type=\"container\">\n\t\t\t\t<div class=\"elementor-element elementor-element-1c2a906 elementor-widget elementor-widget-heading\" data-id=\"1c2a906\" data-element_type=\"widget\" data-e-type=\"widget\" data-widget_type=\"heading.default\">\n\t\t\t\t\t<h2 class=\"elementor-heading-title elementor-size-default\">Frazer a \u00abum\u00edraj\u00edc\u00ed b\u016fh\u00bb<\/h2>\t\t\t\t<\/div>\n\t\t\t\t<div class=\"elementor-element elementor-element-d2d2692 elementor-widget elementor-widget-text-editor\" data-id=\"d2d2692\" data-element_type=\"widget\" data-e-type=\"widget\" data-widget_type=\"text-editor.default\">\n\t\t\t\t\t\t\t\t\t<p>James George Frazer za\u0159adil ve sv\u00e9m monument\u00e1ln\u00edm d\u00edle \u00abThe Golden Bough\u00bb (12 svazk\u016f, Lond\u00fdn 1890 a\u017e 1915) tradici Jarila do celosv\u011btov\u00e9ho komplexu \u00abum\u00edraj\u00edc\u00edch a vzk\u0159\u00ed\u0161en\u00fdch boh\u016f\u00bb.<\/p><p>Ve sv\u00e9 srovn\u00e1vac\u00ed religionistick\u00e9 konstrukci stav\u00ed Jarila, Adonise, Tammuze, Attise, Dion\u00fdsa a Osirise jako p\u0159edstavitele t\u00e9ho\u017e strukturn\u00edho typu: mlad\u00e9 mu\u017esk\u00e9 vegeta\u010dn\u00ed bohy, kte\u0159\u00ed ka\u017edoro\u010dn\u011b um\u00edraj\u00ed a vst\u00e1vaj\u00ed z mrtv\u00fdch a zt\u011bles\u0148uj\u00ed tak cyklus p\u0159\u00edrody.<\/p>\n<p>Frazerova konstrukce byla v 19. a na po\u010d\u00e1tku 20. stolet\u00ed velmi vlivn\u00e1, v nov\u011bj\u0161\u00ed <span class=\"iwg-fachbegriff\" data-tooltip=\"V\u011bda, kter\u00e1 zkoum\u00e1 n\u00e1bo\u017eenstv\u00ed srovn\u00e1vac\u00edm zp\u016fsobem a bez vyznava\u010dsk\u00e9 vazby.\" tabindex=\"0\">religionistice<\/span> v\u0161ak m\u00e1 nesnadn\u00e9 postaven\u00ed. Mary Beard a Jonathan Z. Smith uk\u00e1zali, \u017ee Frazerovi \u00abum\u00edraj\u00edc\u00ed bohov\u00e9\u00bb jsou \u010dasto velmi odli\u0161n\u011b strukturov\u00e1ni a zd\u00e1nliv\u00e1 spole\u010dn\u00e1 linie p\u0159edstavuje konstruovanou hlubinnou kategorii.<\/p><p>Tato kritika zas\u00e1hla i bad\u00e1n\u00ed o Jarilovi: Vladimir Propp, Mircea Eliade a nov\u011bj\u0161\u00ed auto\u0159i jako Ji\u0159\u00ed Dynda se sna\u017eili nahradit Frazerovo \u010dten\u00ed kulturn\u011b-historicky diferencovan\u00fdm popisem.<\/p>\t\t\t\t\t\t\t\t<\/div>\n\t\t\t\t<\/div>\n\t\t<div class=\"elementor-element elementor-element-1f87959 e-con-full e-flex e-con e-child\" data-id=\"1f87959\" data-element_type=\"container\" data-e-type=\"container\">\n\t\t\t\t<div class=\"elementor-element elementor-element-4bfb23f elementor-widget elementor-widget-heading\" data-id=\"4bfb23f\" data-element_type=\"widget\" data-e-type=\"widget\" data-widget_type=\"heading.default\">\n\t\t\t\t\t<h2 class=\"elementor-heading-title elementor-size-default\">Jarilo, Mara a soupe\u0159en\u00ed ro\u010dn\u00edch obdob\u00ed<\/h2>\t\t\t\t<\/div>\n\t\t\t\t<div class=\"elementor-element elementor-element-ac84cb2 elementor-widget elementor-widget-text-editor\" data-id=\"ac84cb2\" data-element_type=\"widget\" data-e-type=\"widget\" data-widget_type=\"text-editor.default\">\n\t\t\t\t\t\t\t\t\t<p>V lidov\u00fdch tradic\u00edch se Jarilo pravideln\u011b objevuje v souvislosti s Marou (tak\u00e9 Morena, Marzanna, Marena), bohyn\u00ed zimy a smrti.<\/p><p>Vztah je ambivalentn\u00ed: v n\u011bkter\u00fdch vypr\u00e1v\u011bn\u00edch se oba na ja\u0159e spojuj\u00ed v man\u017eelsk\u00fd svazek a Jarilo s Marou zplod\u00ed vegetaci nadch\u00e1zej\u00edc\u00ed sez\u00f3ny; v jin\u00fdch vypr\u00e1v\u011bn\u00edch je Mara jeho vra\u017eedkyn\u00ed, kter\u00e1 ho v hlubok\u00e9m l\u00e9t\u011b zab\u00edj\u00ed a odn\u00e1\u0161\u00ed do podsv\u011bt\u00ed.<\/p><p>Na ja\u0159e je naopak Mara \u00absp\u00e1lena\u00bb nebo \u00abutopena\u00bb, praxe dob\u0159e dolo\u017een\u00e1 v z\u00e1padn\u00edm i v\u00fdchodn\u00edm Slovanstvu: loutka Marzanny je na konci zimy nesena vesnic\u00ed a odstran\u011bna v \u0159ece nebo v ohni.<\/p>\n<p>Vladimir Toporov a Vja\u010deslav Ivanov ve sv\u00e9m strukturalistick\u00e9m srovn\u00e1vac\u00edm pojet\u00ed <span class=\"iwg-fachbegriff\" data-tooltip=\"Souhrn tradovan\u00fdch vypr\u00e1v\u011bn\u00ed o boz\u00edch v dan\u00e9 kultu\u0159e.\" tabindex=\"0\">mytologie<\/span> rekonstruovali tento komplexn\u00ed vztah jako centr\u00e1ln\u00ed <span class=\"iwg-fachbegriff\" data-tooltip=\"Tradovan\u00e9 vypr\u00e1v\u011bn\u00ed o boz\u00edch, po\u010d\u00e1tc\u00edch a uspo\u0159\u00e1d\u00e1n\u00ed sv\u011bta.\" tabindex=\"0\">m\u00fdtus<\/span> slovansk\u00e9ho vegeta\u010dn\u00edho roku. Jejich kniha \u00abIssledovaniya v oblasti slavyanskikh drevnostey\u00bb (1974) nab\u00edz\u00ed nejpodrobn\u011bj\u0161\u00ed teoretick\u00e9 zpracov\u00e1n\u00ed tohoto komplexu, ale d\u00edky sv\u00e9 extr\u00e9mn\u011b strukturalistick\u00e9 metodice nen\u00ed ve v\u0161ech detailech udr\u017eiteln\u00e1.<\/p>\t\t\t\t\t\t\t\t<\/div>\n\t\t\t\t<\/div>\n\t\t<div class=\"elementor-element elementor-element-7eb8840 e-con-full e-flex e-con e-child\" data-id=\"7eb8840\" data-element_type=\"container\" data-e-type=\"container\">\n\t\t\t\t<div class=\"elementor-element elementor-element-49f2c87 elementor-widget elementor-widget-heading\" data-id=\"49f2c87\" data-element_type=\"widget\" data-e-type=\"widget\" data-widget_type=\"heading.default\">\n\t\t\t\t\t<h2 class=\"elementor-heading-title elementor-size-default\">Svat\u00fd Ji\u0159\u00ed jako k\u0159es\u0165ansk\u00fd p\u0159emalba<\/h2>\t\t\t\t<\/div>\n\t\t\t\t<div class=\"elementor-element elementor-element-c6ce5a2 elementor-widget elementor-widget-text-editor\" data-id=\"c6ce5a2\" data-element_type=\"widget\" data-e-type=\"widget\" data-widget_type=\"text-editor.default\">\n\t\t\t\t\t\t\t\t\t<p>Roman Jakobson a dal\u0161\u00ed zast\u00e1vali tezi, \u017ee k\u0159es\u0165ansk\u00fd <span class=\"iwg-fachbegriff\" data-tooltip=\"Souhrn n\u00e1bo\u017eensk\u00fdch \u00factyhodn\u00fdch \u00fakon\u016f v\u016f\u010di bo\u017estvu nebo svat\u00e9 postav\u011b.\" tabindex=\"0\">kult<\/span> svat\u00e9ho Ji\u0159\u00ed (Jurij, slovansky Jurij nebo Juraj) ve slovansk\u00e9m sv\u011bt\u011b mnohdy nahradil star\u0161\u00ed kult Jarila.<\/p><p>Argumenty pro to jsou \u010dasov\u00e1 shoda sv\u00e1tku svat\u00e9ho Ji\u0159\u00ed (23. dubna podle juli\u00e1nsk\u00e9ho kalend\u00e1\u0159e, tedy po\u010d\u00e1tek kv\u011btna podle gregori\u00e1nsk\u00e9ho) s Jarilov\u00fdmi sv\u00e1tky, venkovsk\u00e1 a vegetativn\u00ed symbolika svat\u00e9ho Ji\u0159\u00ed (patron roln\u00edk\u016f, past\u00fd\u0159\u016f a kon\u00ed) a skute\u010dnost, \u017ee v mnoha slovansk\u00fdch jazyc\u00edch si \u00abJurij\u00bb\/\u00abJuraj\u00bb a \u00abJarilo\u00bb jazykov\u011b podobaj\u00ed.<\/p>\n<p>Tato substitu\u010dn\u00ed hypot\u00e9za je religionisticky plausibiln\u00ed, ale v jednotlivostech t\u011b\u017eko dokazateln\u00e1. Henryk \u0141owmia\u0144ski ji v roce 1979 opatrn\u011b p\u0159ijal, Aleksander Gieysztor byl zdr\u017eenliv\u011bj\u0161\u00ed. Nov\u011bj\u0161\u00ed bad\u00e1n\u00ed vid\u00ed ve spojen\u00ed Ji\u0159\u00ed-Jarilo lidov\u00fd <span class=\"iwg-fachbegriff\" data-tooltip=\"Splynut\u00ed p\u0159edstav nebo bo\u017estev z r\u016fzn\u00fdch n\u00e1bo\u017eensk\u00fdch tradic.\" tabindex=\"0\">synkretismus<\/span>, kter\u00fd nemus\u00ed nutn\u011b vych\u00e1zet z v\u011bdom\u00e9ho \u00abp\u0159ezna\u010den\u00ed\u00bb ze strany c\u00edrkve, n\u00fdbr\u017e z p\u0159irozen\u00e9ho splynut\u00ed svat\u00e9ho kalend\u00e1\u0159e a p\u0159edk\u0159es\u0165ansk\u00e9ho <span class=\"iwg-fachbegriff\" data-tooltip=\"Souhrn tradovan\u00fdch zvyk\u016f ur\u010dit\u00e9ho spole\u010denstv\u00ed.\" tabindex=\"0\">zvykoslov\u00ed<\/span>.<\/p>\t\t\t\t\t\t\t\t<\/div>\n\t\t\t\t<\/div>\n\t\t<div class=\"elementor-element elementor-element-d71b99e e-con-full e-flex e-con e-child\" data-id=\"d71b99e\" data-element_type=\"container\" data-e-type=\"container\">\n\t\t\t\t<div class=\"elementor-element elementor-element-98e15a7 elementor-widget elementor-widget-heading\" data-id=\"98e15a7\" data-element_type=\"widget\" data-e-type=\"widget\" data-widget_type=\"heading.default\">\n\t\t\t\t\t<h2 class=\"elementor-heading-title elementor-size-default\">Slam\u011bn\u00e9 loutky a vegeta\u010dn\u00ed spalov\u00e1n\u00ed<\/h2>\t\t\t\t<\/div>\n\t\t\t\t<div class=\"elementor-element elementor-element-368c3e5 elementor-widget elementor-widget-text-editor\" data-id=\"368c3e5\" data-element_type=\"widget\" data-e-type=\"widget\" data-widget_type=\"text-editor.default\">\n\t\t\t\t\t\t\t\t\t<p>Sp\u00e1len\u00ed nebo utopen\u00ed slam\u011bn\u00e9 loutky, zt\u011bles\u0148uj\u00edc\u00ed mu\u017esk\u00e9ho vegeta\u010dn\u00edho boha, je v v\u00fdchodo- a jihoslovansk\u00e9 lidov\u00e9 tradici nezvykle dob\u0159e zdokumentov\u00e1no. B\u011blorusov\u00e9, Ukrajinci, Rusov\u00e9, Srbov\u00e9, Bulha\u0159i a Chorvat\u00e9 maj\u00ed ka\u017ed\u00fd svou vlastn\u00ed variantu t\u00e9to praxe.<\/p><p>V B\u011blorusku je slam\u011bn\u00e1 loutka naz\u00fdvan\u00e1 \u00abPochorony Jarila\u00bb (Poh\u0159eb Jarila) v\u00fdslovn\u011b spojena se jm\u00e9nem boha; na Ukrajin\u011b se <span class=\"iwg-fachbegriff\" data-tooltip=\"Tradovan\u00e1, v ur\u010dit\u00e9m spole\u010denstv\u00ed pravideln\u011b opakovan\u00e1 \u010dinnost.\" tabindex=\"0\">zvyk<\/span> \u010dasto sl\u00e9v\u00e1 se sv\u00e1tky Kupala na svatoj\u00e1nskou noc (24. \u010dervna), co\u017e op\u011bt ukazuje spojen\u00ed vegeta\u010dn\u00edho a letn\u00edho slunovratov\u00e9ho <span class=\"iwg-fachbegriff\" data-tooltip=\"Souhrn n\u00e1bo\u017eensk\u00fdch \u00factyhodn\u00fdch \u00fakon\u016f v\u016f\u010di bo\u017estvu nebo svat\u00e9 postav\u011b.\" tabindex=\"0\">kultu<\/span>.<\/p>\n<p>Zvl\u00e1\u0161tn\u00ed variantou je \u00abKostroma\u00bb-poh\u0159eb v centr\u00e1ln\u011b-rusk\u00e9 tradici: slam\u011bn\u00e1 loutka jm\u00e9nem Kostroma je nesena vesnic\u00ed, oplak\u00e1v\u00e1na a sp\u00e1lena nebo utopena. Kostroma je v n\u011bkter\u00fdch pramenech \u00absestrou\u00bb Jarila, v jin\u00fdch samostatnou postavou. Sergej Maksimov ve sv\u00e9m d\u00edle \u00abNechistaja, nevedomaja i krestnaja sila\u00bb (1903) podrobn\u011b zdokumentoval region\u00e1ln\u00ed rozmanitost t\u011bchto zvyk\u016f.<\/p>\t\t\t\t\t\t\t\t<\/div>\n\t\t\t\t<\/div>\n\t\t<div class=\"elementor-element elementor-element-9742e56 e-con-full e-flex e-con e-child\" data-id=\"9742e56\" data-element_type=\"container\" data-e-type=\"container\">\n\t\t\t\t<div class=\"elementor-element elementor-element-85d5ebd elementor-widget elementor-widget-heading\" data-id=\"85d5ebd\" data-element_type=\"widget\" data-e-type=\"widget\" data-widget_type=\"heading.default\">\n\t\t\t\t\t<h2 class=\"elementor-heading-title elementor-size-default\">Indoevropsk\u00e1 srovn\u00e1vac\u00ed perspektiva<\/h2>\t\t\t\t<\/div>\n\t\t\t\t<div class=\"elementor-element elementor-element-6d3c718 elementor-widget elementor-widget-text-editor\" data-id=\"6d3c718\" data-element_type=\"widget\" data-e-type=\"widget\" data-widget_type=\"text-editor.default\">\n\t\t\t\t\t\t\t\t\t<p>Na indoevropsk\u00e9 srovn\u00e1vac\u00ed \u00farovni pat\u0159\u00ed Jarilo do komplexu mlad\u00fdch mu\u017esk\u00fdch vegeta\u010dn\u00edch bo\u017estev, kter\u00fd sah\u00e1 od Indie a\u017e po Skandin\u00e1vii.<\/p><p>V germ\u00e1nsk\u00e9m <span class=\"iwg-fachbegriff\" data-tooltip=\"Souhrn boh\u016f ur\u010dit\u00e9ho n\u00e1bo\u017eenstv\u00ed nebo kultury.\" tabindex=\"0\">panteonu<\/span> mu strukturn\u011b odpov\u00edd\u00e1 Freyr (b\u016fh vegetace a plodnosti), v \u0159eck\u00e9 <span class=\"iwg-fachbegriff\" data-tooltip=\"Souhrn tradovan\u00fdch vypr\u00e1v\u011bn\u00ed o boz\u00edch ur\u010dit\u00e9 kultury.\" tabindex=\"0\">mytologii<\/span> Ad\u00f3nis (mlad\u00edk um\u00edraj\u00edc\u00ed, milovan\u00fd Afroditou) a Dion\u00fdsos (b\u016fh vegetace a v\u00edna), v frygsko-mezopot\u00e1msk\u00e9 tradici Attis a Tamm\u00faz, v egyptsk\u00e9m n\u00e1bo\u017eenstv\u00ed Usir (Osiris, um\u00edraj\u00edc\u00ed a vst\u00e1vaj\u00edc\u00ed b\u016fh vegetace a podsv\u011bt\u00ed).<\/p>\n<p><span class=\"iwg-fachbegriff\" data-tooltip=\"V\u011bda, kter\u00e1 zkoum\u00e1 n\u00e1bo\u017eenstv\u00ed srovn\u00e1vac\u00edm zp\u016fsobem a bez vyznava\u010dsk\u00e9 v\u00e1zanosti.\" tabindex=\"0\">Novodob\u00e1 religionistika<\/span> zd\u016fraz\u0148uje, \u017ee tyto strukturn\u00ed paralely nemus\u00ed nutn\u011b odkazovat na genetickou p\u0159\u00edbuznost. \u00abT\u0159\u00eddu um\u00edraj\u00edc\u00edch boh\u016f\u00bb lze vysv\u011btlit tak\u00e9 univerz\u00e1ln\u00edmi zku\u0161enostmi s vegeta\u010dn\u00edm cyklem, ani\u017e by bylo nutn\u00e9 p\u0159edpokl\u00e1dat p\u0159\u00edmou historickou souvislost. Vladimir Propp (\u00abRusskie agrarnye prazdniki\u00bb, 1963) vylo\u017eil slovansk\u00fd vegeta\u010dn\u00ed <span class=\"iwg-fachbegriff\" data-tooltip=\"Tradovan\u00e9 vypr\u00e1v\u011bn\u00ed o boz\u00edch, po\u010d\u00e1tc\u00edch a uspo\u0159\u00e1d\u00e1n\u00ed sv\u011bta.\" tabindex=\"0\">m\u00fdtus<\/span> t\u00edmto zp\u016fsobem sp\u00ed\u0161e antropologicky ne\u017e mytologicky.<\/p>\t\t\t\t\t\t\t\t<\/div>\n\t\t\t\t<\/div>\n\t\t<div class=\"elementor-element elementor-element-2eee5f6 e-con-full e-flex e-con e-child\" data-id=\"2eee5f6\" data-element_type=\"container\" data-e-type=\"container\">\n\t\t\t\t<div class=\"elementor-element elementor-element-8942dad elementor-widget elementor-widget-heading\" data-id=\"8942dad\" data-element_type=\"widget\" data-e-type=\"widget\" data-widget_type=\"heading.default\">\n\t\t\t\t\t<h2 class=\"elementor-heading-title elementor-size-default\">Jarilo v modern\u00edm vn\u00edm\u00e1n\u00ed<\/h2>\t\t\t\t<\/div>\n\t\t\t\t<div class=\"elementor-element elementor-element-42780ec elementor-widget elementor-widget-text-editor\" data-id=\"42780ec\" data-element_type=\"widget\" data-e-type=\"widget\" data-widget_type=\"text-editor.default\">\n\t\t\t\t\t\t\t\t\t<p>V ukrajinsk\u00e9 a rusk\u00e9 literatu\u0159e 19. a 20. stolet\u00ed je Jarilo opakuj\u00edc\u00ed se postavou.<\/p><p>Alexandr Ostrovskij ho v\u00fdrazn\u011b zpracoval ve sv\u00e9 jarn\u00ed poh\u00e1dkov\u00e9 h\u0159e \u00abSn\u011bhurka\u00bb (\u00abSneguro\u010dka\u00bb, 1873); Nikolaj Rimskij-Korsakov toto drama v roce 1881 p\u0159epracoval do opery, v n\u00ed\u017e se Jarilo na konci objevuje jako b\u016fh slunce a jara. Toto um\u011bleck\u00e9 zpracov\u00e1n\u00ed Jarila pevn\u011b zakotvilo v rusk\u00e9 vysok\u00e9 kultu\u0159e.<\/p>\n<p>V sou\u010dasn\u00e9m hnut\u00ed rodnov\u011br\u00ed a v obecn\u00e9m slovansk\u00e9m novopohanstv\u00ed je Jarilo jedn\u00edm z \u00fast\u0159edn\u00edch hlavn\u00edch bo\u017estev. Jeho sv\u00e1tek se slav\u00ed na za\u010d\u00e1tku jara (\u010dasto 23. dubna, na svat\u00e9ho Ji\u0159\u00ed, nebo o rovnodennosti) a je doprov\u00e1zen vegeta\u010dn\u00edmi ritu\u00e1ly, ohni a spole\u010dn\u00fdmi hostinami.<\/p><p>Toto obrozen\u00ed je z historick\u00e9ho hlediska novodobou konstrukc\u00ed, p\u0159\u00edmo v\u0161ak navazuje na tradici lidov\u00e9 zvykov\u00e9 zbo\u017enosti, kter\u00e1 byla ve slovansk\u00fdch zem\u011bd\u011blsk\u00fdch komunit\u00e1ch \u017eiv\u00e1 je\u0161t\u011b v 19. stolet\u00ed.<\/p>\t\t\t\t\t\t\t\t<\/div>\n\t\t\t\t<\/div>\n\t\t\t\t\t<\/div>\n\t\t\t\t<\/div>\n\t\t\t\t<\/div>\n\t\t","protected":false},"excerpt":{"rendered":"","protected":false},"author":3,"featured_media":3265,"parent":0,"menu_order":0,"comment_status":"closed","ping_status":"closed","template":"elementor_header_footer","meta":{"_yoast_wpseo_focuskw":"Jarilo","_yoast_wpseo_title":"Jarilo \u2013 slovansk\u00fd b\u016fh jara | iWell Guard","_yoast_wpseo_metadesc":"Jarilo je slovansk\u00fd b\u016fh jara, plodnosti a vegetace s ro\u010dn\u00edm sch\u00e9matem smrti a zmrtv\u00fdchvst\u00e1n\u00ed.","_yoast_wpseo_meta-robots-noindex":"","_yoast_wpseo_canonical":"","_angie_page":false,"gefaehrdungsstufe":"","wesen_kultur":"","wesen_klasse":"","footnotes":""},"categories":[],"class_list":["post-145618","page","type-page","status-publish","has-post-thumbnail","hentry"],"yoast_head":"<!-- This site is optimized with the Yoast SEO Premium plugin v27.7 (Yoast SEO v28.3) - https:\/\/yoast.com\/product\/yoast-seo-premium-wordpress\/ -->\n<title>Jarilo \u2013 slovansk\u00fd b\u016fh jara | iWell Guard<\/title>\n<meta name=\"description\" content=\"Jarilo je slovansk\u00fd b\u016fh jara, plodnosti a vegetace s ro\u010dn\u00edm sch\u00e9matem smrti a zmrtv\u00fdchvst\u00e1n\u00ed.\" \/>\n<meta name=\"robots\" content=\"index, follow, max-snippet:-1, max-image-preview:large, max-video-preview:-1\" \/>\n<link rel=\"canonical\" href=\"https:\/\/iwell-guard.com\/cs\/jarilo\/\" \/>\n<meta property=\"og:locale\" content=\"cs_CZ\" \/>\n<meta property=\"og:type\" content=\"article\" \/>\n<meta property=\"og:title\" content=\"Jarilo\" \/>\n<meta property=\"og:description\" content=\"Jarilo je slovansk\u00fd b\u016fh jara, plodnosti a vegetace s ro\u010dn\u00edm sch\u00e9matem smrti a zmrtv\u00fdchvst\u00e1n\u00ed.\" \/>\n<meta property=\"og:url\" content=\"https:\/\/iwell-guard.com\/cs\/jarilo\/\" \/>\n<meta property=\"og:site_name\" content=\"iWell Guard\" \/>\n<meta property=\"article:modified_time\" content=\"2026-09-03T17:01:06+00:00\" \/>\n<meta property=\"og:image\" content=\"https:\/\/iwell-guard.com\/wp-content\/uploads\/2026\/05\/goetter_slawisch_jarilo.webp\" \/>\n\t<meta property=\"og:image:width\" content=\"1024\" \/>\n\t<meta property=\"og:image:height\" content=\"1536\" \/>\n\t<meta property=\"og:image:type\" content=\"image\/webp\" \/>\n<meta name=\"twitter:card\" content=\"summary_large_image\" \/>\n<script type=\"application\/ld+json\" class=\"yoast-schema-graph\">{\"@context\":\"https:\\\/\\\/schema.org\",\"@graph\":[{\"@type\":\"WebPage\",\"@id\":\"https:\\\/\\\/iwell-guard.com\\\/cs\\\/jarilo\\\/\",\"url\":\"https:\\\/\\\/iwell-guard.com\\\/cs\\\/jarilo\\\/\",\"name\":\"Jarilo \u2013 slovansk\u00fd b\u016fh jara | iWell Guard\",\"isPartOf\":{\"@id\":\"https:\\\/\\\/iwell-guard.com\\\/cs\\\/#website\"},\"primaryImageOfPage\":{\"@id\":\"https:\\\/\\\/iwell-guard.com\\\/cs\\\/jarilo\\\/#primaryimage\"},\"image\":{\"@id\":\"https:\\\/\\\/iwell-guard.com\\\/cs\\\/jarilo\\\/#primaryimage\"},\"thumbnailUrl\":\"https:\\\/\\\/iwell-guard.com\\\/wp-content\\\/uploads\\\/2026\\\/05\\\/goetter_slawisch_jarilo.webp\",\"datePublished\":\"2026-09-03T16:32:08+00:00\",\"dateModified\":\"2026-09-03T17:01:06+00:00\",\"description\":\"Jarilo je slovansk\u00fd b\u016fh jara, plodnosti a vegetace s ro\u010dn\u00edm sch\u00e9matem smrti a zmrtv\u00fdchvst\u00e1n\u00ed.\",\"breadcrumb\":{\"@id\":\"https:\\\/\\\/iwell-guard.com\\\/cs\\\/jarilo\\\/#breadcrumb\"},\"inLanguage\":\"cs\",\"potentialAction\":[{\"@type\":\"ReadAction\",\"target\":[\"https:\\\/\\\/iwell-guard.com\\\/cs\\\/jarilo\\\/\"]}]},{\"@type\":\"ImageObject\",\"inLanguage\":\"cs\",\"@id\":\"https:\\\/\\\/iwell-guard.com\\\/cs\\\/jarilo\\\/#primaryimage\",\"url\":\"https:\\\/\\\/iwell-guard.com\\\/wp-content\\\/uploads\\\/2026\\\/05\\\/goetter_slawisch_jarilo.webp\",\"contentUrl\":\"https:\\\/\\\/iwell-guard.com\\\/wp-content\\\/uploads\\\/2026\\\/05\\\/goetter_slawisch_jarilo.webp\",\"width\":1024,\"height\":1536,\"caption\":\"Bohov\u00e9 ze slovansk\u00e9 tradice.\"},{\"@type\":\"BreadcrumbList\",\"@id\":\"https:\\\/\\\/iwell-guard.com\\\/cs\\\/jarilo\\\/#breadcrumb\",\"itemListElement\":[{\"@type\":\"ListItem\",\"position\":1,\"name\":\"Start\",\"item\":\"https:\\\/\\\/iwell-guard.com\\\/cs\\\/?page_id=145107\"},{\"@type\":\"ListItem\",\"position\":2,\"name\":\"Jarilo\"}]},{\"@type\":\"WebSite\",\"@id\":\"https:\\\/\\\/iwell-guard.com\\\/cs\\\/#website\",\"url\":\"https:\\\/\\\/iwell-guard.com\\\/cs\\\/\",\"name\":\"iWell Guard\",\"description\":\"Schutz vor dunklen Einfl\u00fcssen\",\"publisher\":{\"@id\":\"https:\\\/\\\/iwell-guard.com\\\/cs\\\/#organization\"},\"potentialAction\":[{\"@type\":\"SearchAction\",\"target\":{\"@type\":\"EntryPoint\",\"urlTemplate\":\"https:\\\/\\\/iwell-guard.com\\\/cs\\\/?s={search_term_string}\"},\"query-input\":{\"@type\":\"PropertyValueSpecification\",\"valueRequired\":true,\"valueName\":\"search_term_string\"}}],\"inLanguage\":\"cs\"},{\"@type\":\"Organization\",\"@id\":\"https:\\\/\\\/iwell-guard.com\\\/cs\\\/#organization\",\"name\":\"Ittermann electronic GmbH\",\"url\":\"https:\\\/\\\/iwell-guard.com\\\/cs\\\/\",\"logo\":{\"@type\":\"ImageObject\",\"inLanguage\":\"cs\",\"@id\":\"https:\\\/\\\/iwell-guard.com\\\/cs\\\/#\\\/schema\\\/logo\\\/image\\\/\",\"url\":\"https:\\\/\\\/iwell-guard.com\\\/wp-content\\\/uploads\\\/2026\\\/05\\\/Ittermann-Logo-1182x237-1.png\",\"contentUrl\":\"https:\\\/\\\/iwell-guard.com\\\/wp-content\\\/uploads\\\/2026\\\/05\\\/Ittermann-Logo-1182x237-1.png\",\"width\":1182,\"height\":237,\"caption\":\"Ittermann electronic GmbH\"},\"image\":{\"@id\":\"https:\\\/\\\/iwell-guard.com\\\/cs\\\/#\\\/schema\\\/logo\\\/image\\\/\"},\"sameAs\":[\"https:\\\/\\\/pantip.com\\\/profile\\\/9367242\",\"https:\\\/\\\/micro.blog\\\/iwellguard\",\"https:\\\/\\\/www.diggerslist.com\\\/iwellguard\\\/about\",\"https:\\\/\\\/skitterphoto.com\\\/photographers\\\/2870314\\\/iwell-guard\",\"https:\\\/\\\/iwellguard.wordpress.com\\\/2026\\\/06\\\/06\\\/iwell-guard\\\/\",\"https:\\\/\\\/hub.docker.com\\\/u\\\/iwellguard\",\"https:\\\/\\\/www.pinterest.com\\\/iwellguard\\\/\",\"https:\\\/\\\/bit.ly\\\/m\\\/iwellguard\",\"https:\\\/\\\/entre-vos-mains.alsace.eu\\\/profiles\\\/iwellguard\\\/activity\",\"https:\\\/\\\/gravatar.com\\\/reallybeded8fd34\",\"https:\\\/\\\/naijamatta.com\\\/iwellguard\",\"https:\\\/\\\/www.goodreads.com\\\/iwellguard\",\"https:\\\/\\\/profile.hatena.ne.jp\\\/iwellguard\\\/\",\"https:\\\/\\\/experiment.com\\\/users\\\/iwellguard\",\"https:\\\/\\\/wakelet.com\\\/@iWellGuard82270\",\"https:\\\/\\\/www.chordie.com\\\/forum\\\/profile.php?id=2555664\",\"https:\\\/\\\/www.instapaper.com\\\/p\\\/17757966\",\"https:\\\/\\\/www.mapleprimes.com\\\/users\\\/iwellguard\",\"https:\\\/\\\/businesslistingplus.com\\\/profile\\\/iwell-guard\\\/\",\"https:\\\/\\\/telegra.ph\\\/iWell-Guard-06-06\",\"https:\\\/\\\/pbase.com\\\/iwellguard\\\/iwellguard\",\"https:\\\/\\\/b.hatena.ne.jp\\\/iwellguard\\\/20260607#bookmark-4788405196491818882\",\"https:\\\/\\\/fliphtml5.com\\\/home\\\/iwellguard\",\"https:\\\/\\\/anyflip.com\\\/homepage\\\/cmiwl#About\",\"https:\\\/\\\/transfur.com\\\/Users\\\/iwellguard\",\"http:\\\/\\\/delphi.larsbo.org\\\/user\\\/iwellguard\",\"https:\\\/\\\/jobs.lajobsportal.org\\\/profiles\\\/8380803-iwell-guard\",\"https:\\\/\\\/md.chaosdorf.de\\\/s\\\/jfbe5SBdJD\",\"https:\\\/\\\/www.lingvolive.com\\\/en-us\\\/profile\\\/9ecaeaca-ce11-4e51-9e71-01d55e2bff36\\\/translations\",\"https:\\\/\\\/www.fitday.com\\\/fitness\\\/forums\\\/members\\\/iwellguard.html\",\"https:\\\/\\\/www.mymeetbook.com\\\/iwellguard\",\"https:\\\/\\\/pxhere.com\\\/en\\\/photographer-me\\\/5040798\",\"https:\\\/\\\/disqus.com\\\/by\\\/iwellguard\\\/about\\\/\",\"https:\\\/\\\/pastelink.net\\\/hjwciqwq\",\"https:\\\/\\\/pubhtml5.com\\\/homepage\\\/scjhn\\\/\",\"https:\\\/\\\/www.bitchute.com\\\/channel\\\/2O2eOKzNqujT\",\"https:\\\/\\\/audiomack.com\\\/iwellguard\"]}]}<\/script>\n<!-- \/ Yoast SEO Premium plugin. -->","yoast_head_json":{"title":"Jarilo \u2013 slovansk\u00fd b\u016fh jara | iWell Guard","description":"Jarilo je slovansk\u00fd b\u016fh jara, plodnosti a vegetace s ro\u010dn\u00edm sch\u00e9matem smrti a zmrtv\u00fdchvst\u00e1n\u00ed.","robots":{"index":"index","follow":"follow","max-snippet":"max-snippet:-1","max-image-preview":"max-image-preview:large","max-video-preview":"max-video-preview:-1"},"canonical":"https:\/\/iwell-guard.com\/cs\/jarilo\/","og_locale":"cs_CZ","og_type":"article","og_title":"Jarilo","og_description":"Jarilo je slovansk\u00fd b\u016fh jara, plodnosti a vegetace s ro\u010dn\u00edm sch\u00e9matem smrti a zmrtv\u00fdchvst\u00e1n\u00ed.","og_url":"https:\/\/iwell-guard.com\/cs\/jarilo\/","og_site_name":"iWell Guard","article_modified_time":"2026-09-03T17:01:06+00:00","og_image":[{"width":1024,"height":1536,"url":"https:\/\/iwell-guard.com\/wp-content\/uploads\/2026\/05\/goetter_slawisch_jarilo.webp","type":"image\/webp"}],"twitter_card":"summary_large_image","schema":{"@context":"https:\/\/schema.org","@graph":[{"@type":"WebPage","@id":"https:\/\/iwell-guard.com\/cs\/jarilo\/","url":"https:\/\/iwell-guard.com\/cs\/jarilo\/","name":"Jarilo \u2013 slovansk\u00fd b\u016fh jara | iWell Guard","isPartOf":{"@id":"https:\/\/iwell-guard.com\/cs\/#website"},"primaryImageOfPage":{"@id":"https:\/\/iwell-guard.com\/cs\/jarilo\/#primaryimage"},"image":{"@id":"https:\/\/iwell-guard.com\/cs\/jarilo\/#primaryimage"},"thumbnailUrl":"https:\/\/iwell-guard.com\/wp-content\/uploads\/2026\/05\/goetter_slawisch_jarilo.webp","datePublished":"2026-09-03T16:32:08+00:00","dateModified":"2026-09-03T17:01:06+00:00","description":"Jarilo je slovansk\u00fd b\u016fh jara, plodnosti a vegetace s ro\u010dn\u00edm sch\u00e9matem smrti a zmrtv\u00fdchvst\u00e1n\u00ed.","breadcrumb":{"@id":"https:\/\/iwell-guard.com\/cs\/jarilo\/#breadcrumb"},"inLanguage":"cs","potentialAction":[{"@type":"ReadAction","target":["https:\/\/iwell-guard.com\/cs\/jarilo\/"]}]},{"@type":"ImageObject","inLanguage":"cs","@id":"https:\/\/iwell-guard.com\/cs\/jarilo\/#primaryimage","url":"https:\/\/iwell-guard.com\/wp-content\/uploads\/2026\/05\/goetter_slawisch_jarilo.webp","contentUrl":"https:\/\/iwell-guard.com\/wp-content\/uploads\/2026\/05\/goetter_slawisch_jarilo.webp","width":1024,"height":1536,"caption":"Bohov\u00e9 ze slovansk\u00e9 tradice."},{"@type":"BreadcrumbList","@id":"https:\/\/iwell-guard.com\/cs\/jarilo\/#breadcrumb","itemListElement":[{"@type":"ListItem","position":1,"name":"Start","item":"https:\/\/iwell-guard.com\/cs\/?page_id=145107"},{"@type":"ListItem","position":2,"name":"Jarilo"}]},{"@type":"WebSite","@id":"https:\/\/iwell-guard.com\/cs\/#website","url":"https:\/\/iwell-guard.com\/cs\/","name":"iWell Guard","description":"Schutz vor dunklen Einfl\u00fcssen","publisher":{"@id":"https:\/\/iwell-guard.com\/cs\/#organization"},"potentialAction":[{"@type":"SearchAction","target":{"@type":"EntryPoint","urlTemplate":"https:\/\/iwell-guard.com\/cs\/?s={search_term_string}"},"query-input":{"@type":"PropertyValueSpecification","valueRequired":true,"valueName":"search_term_string"}}],"inLanguage":"cs"},{"@type":"Organization","@id":"https:\/\/iwell-guard.com\/cs\/#organization","name":"Ittermann electronic GmbH","url":"https:\/\/iwell-guard.com\/cs\/","logo":{"@type":"ImageObject","inLanguage":"cs","@id":"https:\/\/iwell-guard.com\/cs\/#\/schema\/logo\/image\/","url":"https:\/\/iwell-guard.com\/wp-content\/uploads\/2026\/05\/Ittermann-Logo-1182x237-1.png","contentUrl":"https:\/\/iwell-guard.com\/wp-content\/uploads\/2026\/05\/Ittermann-Logo-1182x237-1.png","width":1182,"height":237,"caption":"Ittermann electronic GmbH"},"image":{"@id":"https:\/\/iwell-guard.com\/cs\/#\/schema\/logo\/image\/"},"sameAs":["https:\/\/pantip.com\/profile\/9367242","https:\/\/micro.blog\/iwellguard","https:\/\/www.diggerslist.com\/iwellguard\/about","https:\/\/skitterphoto.com\/photographers\/2870314\/iwell-guard","https:\/\/iwellguard.wordpress.com\/2026\/06\/06\/iwell-guard\/","https:\/\/hub.docker.com\/u\/iwellguard","https:\/\/www.pinterest.com\/iwellguard\/","https:\/\/bit.ly\/m\/iwellguard","https:\/\/entre-vos-mains.alsace.eu\/profiles\/iwellguard\/activity","https:\/\/gravatar.com\/reallybeded8fd34","https:\/\/naijamatta.com\/iwellguard","https:\/\/www.goodreads.com\/iwellguard","https:\/\/profile.hatena.ne.jp\/iwellguard\/","https:\/\/experiment.com\/users\/iwellguard","https:\/\/wakelet.com\/@iWellGuard82270","https:\/\/www.chordie.com\/forum\/profile.php?id=2555664","https:\/\/www.instapaper.com\/p\/17757966","https:\/\/www.mapleprimes.com\/users\/iwellguard","https:\/\/businesslistingplus.com\/profile\/iwell-guard\/","https:\/\/telegra.ph\/iWell-Guard-06-06","https:\/\/pbase.com\/iwellguard\/iwellguard","https:\/\/b.hatena.ne.jp\/iwellguard\/20260607#bookmark-4788405196491818882","https:\/\/fliphtml5.com\/home\/iwellguard","https:\/\/anyflip.com\/homepage\/cmiwl#About","https:\/\/transfur.com\/Users\/iwellguard","http:\/\/delphi.larsbo.org\/user\/iwellguard","https:\/\/jobs.lajobsportal.org\/profiles\/8380803-iwell-guard","https:\/\/md.chaosdorf.de\/s\/jfbe5SBdJD","https:\/\/www.lingvolive.com\/en-us\/profile\/9ecaeaca-ce11-4e51-9e71-01d55e2bff36\/translations","https:\/\/www.fitday.com\/fitness\/forums\/members\/iwellguard.html","https:\/\/www.mymeetbook.com\/iwellguard","https:\/\/pxhere.com\/en\/photographer-me\/5040798","https:\/\/disqus.com\/by\/iwellguard\/about\/","https:\/\/pastelink.net\/hjwciqwq","https:\/\/pubhtml5.com\/homepage\/scjhn\/","https:\/\/www.bitchute.com\/channel\/2O2eOKzNqujT","https:\/\/audiomack.com\/iwellguard"]}]}},"_links":{"self":[{"href":"https:\/\/iwell-guard.com\/cs\/wp-json\/wp\/v2\/pages\/145618","targetHints":{"allow":["GET"]}}],"collection":[{"href":"https:\/\/iwell-guard.com\/cs\/wp-json\/wp\/v2\/pages"}],"about":[{"href":"https:\/\/iwell-guard.com\/cs\/wp-json\/wp\/v2\/types\/page"}],"author":[{"embeddable":true,"href":"https:\/\/iwell-guard.com\/cs\/wp-json\/wp\/v2\/users\/3"}],"replies":[{"embeddable":true,"href":"https:\/\/iwell-guard.com\/cs\/wp-json\/wp\/v2\/comments?post=145618"}],"version-history":[{"count":0,"href":"https:\/\/iwell-guard.com\/cs\/wp-json\/wp\/v2\/pages\/145618\/revisions"}],"wp:featuredmedia":[{"embeddable":true,"href":"https:\/\/iwell-guard.com\/cs\/wp-json\/wp\/v2\/media\/3265"}],"wp:attachment":[{"href":"https:\/\/iwell-guard.com\/cs\/wp-json\/wp\/v2\/media?parent=145618"}],"wp:term":[{"taxonomy":"category","embeddable":true,"href":"https:\/\/iwell-guard.com\/cs\/wp-json\/wp\/v2\/categories?post=145618"}],"curies":[{"name":"wp","href":"https:\/\/api.w.org\/{rel}","templated":true}]}}