{"id":145600,"date":"2026-09-03T16:31:56","date_gmt":"2026-09-03T16:31:56","guid":{"rendered":"https:\/\/iwell-guard.com\/?page_id=145600"},"modified":"2026-09-03T17:00:36","modified_gmt":"2026-09-03T17:00:36","slug":"vesta","status":"publish","type":"page","link":"https:\/\/iwell-guard.com\/cs\/vesta\/","title":{"rendered":"Vesta"},"content":{"rendered":"\t\t<div data-elementor-type=\"wp-page\" data-elementor-id=\"145600\" class=\"elementor elementor-145600 elementor-3014 elementor-bc-flex-widget\" data-elementor-post-type=\"page\">\n\t\t\t\t<div class=\"elementor-element elementor-element-71afdde e-flex e-con-boxed e-con e-parent\" data-id=\"71afdde\" data-element_type=\"container\" data-e-type=\"container\" data-settings=\"{&quot;background_background&quot;:&quot;classic&quot;}\">\n\t\t\t\t\t<div class=\"e-con-inner\">\n\t\t<div class=\"elementor-element elementor-element-0aac197 e-flex e-con-boxed e-con e-child\" data-id=\"0aac197\" data-element_type=\"container\" data-e-type=\"container\">\n\t\t\t\t\t<div class=\"e-con-inner\">\n\t\t<div class=\"elementor-element elementor-element-f18f2e5 e-con-full e-flex e-con e-child\" data-id=\"f18f2e5\" data-element_type=\"container\" data-e-type=\"container\">\n\t\t\t\t<div class=\"elementor-element elementor-element-ec8ab80 elementor-widget elementor-widget-heading\" data-id=\"ec8ab80\" data-element_type=\"widget\" data-e-type=\"widget\" data-widget_type=\"heading.default\">\n\t\t\t\t\t<h1 class=\"elementor-heading-title elementor-size-default\">Vesta, \u0159\u00edmsk\u00e1 bohyn\u011b dom\u00e1c\u00edho krbu<\/h1>\t\t\t\t<\/div>\n\t\t\t\t<div class=\"elementor-element elementor-element-60c7f8f elementor-widget elementor-widget-text-editor\" data-id=\"60c7f8f\" data-element_type=\"widget\" data-e-type=\"widget\" data-widget_type=\"text-editor.default\">\n\t\t\t\t\t\t\t\t\t<p>Vesta je \u0159\u00edmsk\u00e1 bohyn\u011b dom\u00e1c\u00edho krbu a st\u00e1tn\u00edho kultu. Jej\u00ed <span class=\"iwg-fachbegriff\" data-tooltip=\"M\u00edsto zasv\u011bcen\u00e9 uct\u00edv\u00e1n\u00ed bo\u017estva.\" tabindex=\"0\">svatyn\u011b<\/span> na Forum Romanum pat\u0159ila k nejstar\u0161\u00edm a politicky nejv\u00fdznamn\u011bj\u0161\u00edm v \u0158\u00edm\u011b. Ohe\u0148, kter\u00fd v jej\u00edm <span class=\"iwg-fachbegriff\" data-tooltip=\"Stavba slouu\u017e\u00edc\u00ed k uct\u00edv\u00e1n\u00ed jednoho nebo v\u00edce bo\u017estev.\" tabindex=\"0\">chr\u00e1mu<\/span> nep\u0159etr\u017eit\u011b ho\u0159el, byl pova\u017eov\u00e1n za z\u00e1ruku blahobytu m\u011bsta.<\/p><p><span class=\"iwg-fachbegriff\" data-tooltip=\"Souhrn n\u00e1bo\u017eensk\u00fdch ob\u0159ad\u016f uct\u00edv\u00e1n\u00ed bo\u017estva nebo svat\u00e9 postavy.\" tabindex=\"0\">Kult<\/span> spr\u00e1vovalo kolegium vest\u00e1lek, zasv\u011bcen\u00fdch kn\u011b\u017eek nejvy\u0161\u0161\u00edho ritu\u00e1ln\u00edho postaven\u00ed. Jeho historie sah\u00e1 a\u017e k po\u010d\u00e1tk\u016fm italick\u00e9 religiozity a kon\u010d\u00ed form\u00e1ln\u00edm zru\u0161en\u00edm kultu v roce 391 za Theodosia.<\/p>\t\t\t\t\t\t\t\t<\/div>\n\t\t\t\t<\/div>\n\t\t<div class=\"elementor-element elementor-element-c3542be e-con-full e-flex e-con e-parent\" data-id=\"c3542be\" data-element_type=\"container\" data-e-type=\"container\">\n\t\t\t\t<div class=\"elementor-element elementor-element-9981897 elementor-widget elementor-widget-html\" data-id=\"9981897\" data-element_type=\"widget\" data-e-type=\"widget\" data-widget_type=\"html.default\">\n\t\t\t\t\t<div class=\"iwg-pill-row\"><span class=\"iwg-klasse-badge\" tabindex=\"0\" data-tooltip=\"B\u016fh \/ bohyn\u011b: Zosobn\u011bn\u00e1 nejvy\u0161\u0161\u00ed moc v panteonu ur\u010dit\u00e9 kultury, s jasn\u011b vymezen\u00fdmi oblastmi p\u016fsobnosti \u2014 p\u0159\u00edrodn\u00ed s\u00edly, osud, v\u00e1lka, plodnost. Uct\u00edv\u00e1na prost\u0159ednictv\u00edm kult\u016f, ob\u011bt\u00ed a chr\u00e1mov\u00fdch instituc\u00ed.\">B\u016fh<\/span><a href=\"https:\/\/iwell-guard.com\/cs\/rim\/\" class=\"iwg-kultur-badge\" tabindex=\"0\" data-tooltip=\"\u0158\u00edmsk\u00e9 n\u00e1bo\u017eenstv\u00ed od dob kr\u00e1lovstv\u00ed a\u017e do pozdn\u00ed antiky \u2014 synkretick\u00e9 s \u0159eck\u00fdmi a etrusk\u00fdmi vrstvami.\">\u0158\u00edm<\/a><\/div>\t\t\t\t<\/div>\n\t\t\t\t<\/div>\n\t\t<div class=\"elementor-element elementor-element-3ac9319 e-con-full e-flex e-con e-child\" data-id=\"3ac9319\" data-element_type=\"container\" data-e-type=\"container\">\n\t\t\t\t<div class=\"elementor-element elementor-element-63ca525 elementor-toc--minimized-on-tablet elementor-widget elementor-widget-table-of-contents\" data-id=\"63ca525\" data-element_type=\"widget\" data-e-type=\"widget\" data-settings=\"{&quot;exclude_headings_by_selector&quot;:[],&quot;no_headings_message&quot;:&quot;Na t\\u00e9to str\\u00e1nce nebyly nalezeny \\u017e\\u00e1dn\\u00e9 nadpisy.&quot;,&quot;headings_by_tags&quot;:[&quot;h2&quot;,&quot;h3&quot;],&quot;marker_view&quot;:&quot;bullets&quot;,&quot;icon&quot;:{&quot;value&quot;:&quot;fas fa-circle&quot;,&quot;library&quot;:&quot;fa-solid&quot;,&quot;rendered_tag&quot;:&quot;&lt;svg class=\\&quot;e-font-icon-svg e-fas-circle\\&quot; viewBox=\\&quot;0 0 512 512\\&quot; xmlns=\\&quot;http:\\\/\\\/www.w3.org\\\/2000\\\/svg\\&quot;&gt;&lt;path d=\\&quot;M256 8C119 8 8 119 8 256s111 248 248 248 248-111 248-248S393 8 256 8z\\&quot;&gt;&lt;\\\/path&gt;&lt;\\\/svg&gt;&quot;},&quot;minimize_box&quot;:&quot;yes&quot;,&quot;minimized_on&quot;:&quot;tablet&quot;,&quot;hierarchical_view&quot;:&quot;yes&quot;,&quot;min_height&quot;:{&quot;unit&quot;:&quot;px&quot;,&quot;size&quot;:&quot;&quot;,&quot;sizes&quot;:[]},&quot;min_height_tablet&quot;:{&quot;unit&quot;:&quot;px&quot;,&quot;size&quot;:&quot;&quot;,&quot;sizes&quot;:[]},&quot;min_height_mobile&quot;:{&quot;unit&quot;:&quot;px&quot;,&quot;size&quot;:&quot;&quot;,&quot;sizes&quot;:[]}}\" data-widget_type=\"table-of-contents.default\">\n\t\t\t\t\t\t\t\t\t<div class=\"elementor-toc__header\">\n\t\t\t\t\t\t<h2 class=\"elementor-toc__header-title\">\n\t\t\t\tObsah\t\t\t<\/h2>\n\t\t\t\t\t\t\t\t\t\t<div class=\"elementor-toc__toggle-button elementor-toc__toggle-button--expand\" role=\"button\" tabindex=\"0\" aria-controls=\"elementor-toc__63ca525\" aria-expanded=\"true\" aria-label=\"Open table of contents\"><svg aria-hidden=\"true\" class=\"e-font-icon-svg e-fas-chevron-down\" viewBox=\"0 0 448 512\" xmlns=\"http:\/\/www.w3.org\/2000\/svg\"><path d=\"M207.029 381.476L12.686 187.132c-9.373-9.373-9.373-24.569 0-33.941l22.667-22.667c9.357-9.357 24.522-9.375 33.901-.04L224 284.505l154.745-154.021c9.379-9.335 24.544-9.317 33.901.04l22.667 22.667c9.373 9.373 9.373 24.569 0 33.941L240.971 381.476c-9.373 9.372-24.569 9.372-33.942 0z\"><\/path><\/svg><\/div>\n\t\t\t\t<div class=\"elementor-toc__toggle-button elementor-toc__toggle-button--collapse\" role=\"button\" tabindex=\"0\" aria-controls=\"elementor-toc__63ca525\" aria-expanded=\"true\" aria-label=\"Close table of contents\"><svg aria-hidden=\"true\" class=\"e-font-icon-svg e-fas-chevron-up\" viewBox=\"0 0 448 512\" xmlns=\"http:\/\/www.w3.org\/2000\/svg\"><path d=\"M240.971 130.524l194.343 194.343c9.373 9.373 9.373 24.569 0 33.941l-22.667 22.667c-9.357 9.357-24.522 9.375-33.901.04L224 227.495 69.255 381.516c-9.379 9.335-24.544 9.317-33.901-.04l-22.667-22.667c-9.373-9.373-9.373-24.569 0-33.941L207.03 130.525c9.372-9.373 24.568-9.373 33.941-.001z\"><\/path><\/svg><\/div>\n\t\t\t\t\t<\/div>\n\t\t\t\t<div id=\"elementor-toc__63ca525\" class=\"elementor-toc__body\">\n\t\t\t<div class=\"elementor-toc__spinner-container\">\n\t\t\t\t<svg class=\"elementor-toc__spinner eicon-animation-spin e-font-icon-svg e-eicon-loading\" aria-hidden=\"true\" viewBox=\"0 0 1000 1000\" xmlns=\"http:\/\/www.w3.org\/2000\/svg\"><path d=\"M500 975V858C696 858 858 696 858 500S696 142 500 142 142 304 142 500H25C25 237 238 25 500 25S975 237 975 500 763 975 500 975Z\"><\/path><\/svg>\t\t\t<\/div>\n\t\t<\/div>\n\t\t\t\t\t\t<\/div>\n\t\t\t\t<\/div>\n\t\t\t\t\t<\/div>\n\t\t\t\t<\/div>\n\t\t<div class=\"elementor-element elementor-element-b2cea55 e-con-full e-flex e-con e-child\" data-id=\"b2cea55\" data-element_type=\"container\" data-e-type=\"container\">\n\t\t\t\t<div class=\"elementor-element elementor-element-227b75e iwg-hero-image elementor-widget elementor-widget-image\" data-id=\"227b75e\" data-element_type=\"widget\" data-e-type=\"widget\" data-widget_type=\"image.default\">\n\t\t\t\t\t\t\t\t\t\t\t\t\t\t\t<img fetchpriority=\"high\" decoding=\"async\" width=\"683\" height=\"1024\" src=\"https:\/\/iwell-guard.com\/wp-content\/uploads\/2026\/05\/goetter_rom_vesta-683x1024.webp\" class=\"attachment-large size-large wp-image-147221\" alt=\"Vesta \u2013 bohov\u00e9 z \u0159\u00edmsk\u00e9 tradice, historicko-ilustra\u010dn\u00ed zobrazen\u00ed\" srcset=\"https:\/\/iwell-guard.com\/wp-content\/uploads\/2026\/05\/goetter_rom_vesta-683x1024.webp 683w, https:\/\/iwell-guard.com\/wp-content\/uploads\/2026\/05\/goetter_rom_vesta-200x300.webp 200w, https:\/\/iwell-guard.com\/wp-content\/uploads\/2026\/05\/goetter_rom_vesta-768x1152.webp 768w, https:\/\/iwell-guard.com\/wp-content\/uploads\/2026\/05\/goetter_rom_vesta.webp 1024w\" sizes=\"(max-width: 683px) 100vw, 683px\" \/>\t\t\t\t\t\t\t\t\t\t\t\t\t\t\t<\/div>\n\t\t\t\t<\/div>\n\t\t\t\t\t<\/div>\n\t\t\t\t<\/div>\n\t\t<div class=\"elementor-element elementor-element-db85b49 e-con-boxed e-flex e-con e-parent\" data-id=\"db85b49\" data-element_type=\"container\" data-e-type=\"container\">\n\t\t\t\t\t<div class=\"e-con-inner\">\n\t\t<div class=\"elementor-element elementor-element-72e7923 e-con-full e-flex e-con e-child\" data-id=\"72e7923\" data-element_type=\"container\" data-e-type=\"container\">\n\t\t\t\t<div class=\"elementor-element elementor-element-83c732e elementor-widget elementor-widget-heading\" data-id=\"83c732e\" data-element_type=\"widget\" data-e-type=\"widget\" data-widget_type=\"heading.default\">\n\t\t\t\t\t<h2 class=\"elementor-heading-title elementor-size-default\">M\u00fdtus a p\u016fvod<\/h2>\t\t\t\t<\/div>\n\t\t\t\t<div class=\"elementor-element elementor-element-8370d14 elementor-widget elementor-widget-text-editor\" data-id=\"8370d14\" data-element_type=\"widget\" data-e-type=\"widget\" data-widget_type=\"text-editor.default\">\n\t\t\t\t\t\t\t\t\t<p>Vesta pat\u0159\u00ed k nejstar\u0161\u00ed vrstv\u011b italsk\u00e9 n\u00e1bo\u017eensk\u00e9 tradice a je jazykov\u011b p\u0159\u00edbuzn\u00e1 s \u0159eckou Hestiou. Oba n\u00e1zvy lze odvodit z indoevropsk\u00e9ho ko\u0159ene, kter\u00fd ozna\u010duje ho\u0159en\u00ed nebo tlen\u00ed.<\/p><p>Na rozd\u00edl od \u0159eck\u00e9 Hestie si Vesta v \u0158\u00edm\u011b vytvo\u0159ila v\u00fdraznou st\u00e1tn\u011b-politickou dimenzi. U\u017e Numa Pompilius m\u011bl podle Livia zorganizovat <span class=\"iwg-fachbegriff\" data-tooltip=\"Souhrn n\u00e1bo\u017eensk\u00fdch \u00factyhodn\u00fdch \u00fakon\u016f v\u011bnovan\u00fdch bo\u017estvu nebo svat\u00e9 postav\u011b.\" tabindex=\"0\">kult<\/span> Vesty a zalo\u017eit kolegium vest\u00e1lek. Podobn\u011b to popisuje i Pl\u00fatarchos v \u017eivotopise Numy a zd\u016fraz\u0148uje n\u00e1bo\u017eenskou uspo\u0159\u00e1d\u00e1vac\u00ed moc legend\u00e1rn\u00edho kr\u00e1le.<\/p>\n<p><span class=\"iwg-fachbegriff\" data-tooltip=\"Tradovan\u00fd p\u0159\u00edb\u011bh o boz\u00edch, po\u010d\u00e1tc\u00edch a uspo\u0159\u00e1d\u00e1n\u00ed sv\u011bta.\" tabindex=\"0\">M\u00fdtus<\/span> o samotn\u00e9 Vest\u011b je na vypr\u00e1v\u011bn\u00ed chud\u00fd. V liter\u00e1rn\u00ed tradici se jako jednaj\u00edc\u00ed bohyn\u011b objevuje jen z\u0159\u00eddka, sp\u00ed\u0161e vystupuje jako alegorick\u00e9 zt\u011blesn\u011bn\u00ed dom\u00e1c\u00edho ohn\u011b. Ovidius j\u00ed ve sv\u00fdch \u00abFastech\u00bb v\u011bnuje rozs\u00e1hlou pas\u00e1\u017e o sv\u00e1tku Vestali\u00ed 9. \u010dervna a zd\u016fraz\u0148uje, jak obt\u00ed\u017en\u00e9 je si tuto bohyni p\u0159edstavit v obrazov\u00e9 podob\u011b.<\/p><p>M\u00e1 pr\u00fd \u201ejen \u017eiv\u00fd ohe\u0148\u201c a je uct\u00edv\u00e1na nikoli v podob\u011b sochy, n\u00fdbr\u017e v samotn\u00e9m plameni. Toto soust\u0159ed\u011bn\u00ed na hol\u00fd \u017eivel d\u00e1v\u00e1 Vest\u011b v \u0159\u00edmsk\u00e9m n\u00e1bo\u017eenstv\u00ed teologicky v\u00fdjime\u010dn\u00e9 postaven\u00ed.<\/p>\n<p>T\u011bsn\u00e9 spojen\u00ed Vesty s Pen\u00e1ty, ochrann\u00fdmi bo\u017estvy domu, a s Palladiem, <span class=\"iwg-fachbegriff\" data-tooltip=\"Zobrazen\u00ed bo\u017estva uct\u00edvan\u00e9 v chr\u00e1mu nebo svatyni.\" tabindex=\"0\">kultovn\u00ed sochou<\/span> Minervy zachr\u00e1n\u011bnou z Tr\u00f3je, z n\u00ed u\u010dinilo referen\u010dn\u00ed bod \u0159\u00edmsk\u00e9ho st\u00e1tn\u00edho m\u00fdtu.<\/p><p>Vergilius ve sv\u00e9 \u00abAeneid\u011b\u00bb ukazuje Aenea, jak z Tr\u00f3je ut\u00edk\u00e1 s Pen\u00e1ty a s ohn\u011bm Vesty. Toto propojen\u00ed trojsk\u00e9ho p\u016fvodu, st\u00e1tn\u00edho dom\u00e1c\u00edho ohn\u011b a ochrann\u00fdch bo\u017estev tvo\u0159ilo n\u00e1bo\u017eensk\u00e9 sebepochopen\u00ed augustovsk\u00e9ho \u0158\u00edma.<\/p>\n<p>V italsk\u00e9 prehistorii pat\u0159ilo udr\u017eov\u00e1n\u00ed dom\u00e1c\u00edho ohn\u011b mezi hlavn\u00ed \u00fakoly neprovdan\u00fdch dcer domu. Vest\u00e1lky jsou z hlediska d\u011bjin n\u00e1bo\u017eenstv\u00ed odrazem t\u00e9to praxe, pov\u00fd\u0161en\u00fdm na st\u00e1tn\u00ed kult. Archaick\u00fd model italsk\u00e9ho selsk\u00e9ho domu, v n\u011bm\u017e jedin\u00e9 centr\u00e1ln\u00ed ohni\u0161t\u011b z\u00e1sobovalo cel\u00fd d\u016fm, je architektonicky zachov\u00e1n v kruhov\u00e9m <span class=\"iwg-fachbegriff\" data-tooltip=\"Stavba slou\u017e\u00edc\u00ed uct\u00edv\u00e1n\u00ed jednoho nebo v\u00edce bo\u017estev.\" tabindex=\"0\">chr\u00e1mu<\/span> Vesty.<\/p>\t\t\t\t\t\t\t\t<\/div>\n\t\t\t\t<\/div>\n\t\t<div class=\"elementor-element elementor-element-17c3c2b e-con-full e-flex e-con e-child\" data-id=\"17c3c2b\" data-element_type=\"container\" data-e-type=\"container\">\n\t\t\t\t<div class=\"elementor-element elementor-element-71f5ee9 elementor-widget elementor-widget-heading\" data-id=\"71f5ee9\" data-element_type=\"widget\" data-e-type=\"widget\" data-widget_type=\"heading.default\">\n\t\t\t\t\t<h2 class=\"elementor-heading-title elementor-size-default\">Symboly a atributy<\/h2>\t\t\t\t<\/div>\n\t\t\t\t<div class=\"elementor-element elementor-element-5337f4e elementor-widget elementor-widget-text-editor\" data-id=\"5337f4e\" data-element_type=\"widget\" data-e-type=\"widget\" data-widget_type=\"text-editor.default\">\n\t\t\t\t\t\t\t\t\t<p>Nejd\u016fle\u017eit\u011bj\u0161\u00edm <span class=\"iwg-fachbegriff\" data-tooltip=\"Znak, kter\u00fd zastupuje n\u011bjakou p\u0159edstavu nebo v\u00fdznam.\" tabindex=\"0\">symbolem<\/span> Vesty je plamen. V\u011b\u010dn\u00fd ohe\u0148 v jej\u00edm <span class=\"iwg-fachbegriff\" data-tooltip=\"Stavba slouu\u017e\u00edc\u00ed k uct\u00edv\u00e1n\u00ed jednoho nebo v\u00edce bo\u017estev.\" tabindex=\"0\">chr\u00e1mu<\/span> nebyl pova\u017eov\u00e1n za obraz, n\u00fdbr\u017e za re\u00e1lnou p\u0159\u00edtomnost bohyn\u011b. Byl udr\u017eov\u00e1n d\u0159evem z posv\u00e1tn\u00e9ho <span class=\"iwg-fachbegriff\" data-tooltip=\"Posv\u00e1tn\u00fd h\u00e1j, kter\u00fd slou\u017eil jako m\u00edsto kultu.\" tabindex=\"0\">h\u00e1je<\/span> na Velii a za \u017e\u00e1dn\u00fdch okolnost\u00ed nesm\u011bl vyhasnout.<\/p><p>Pokud p\u0159esto vyhasl, co\u017e Cicero a Livius popisuj\u00ed jako nebezpe\u010dn\u00e9 znamen\u00ed, musel b\u00fdt znovu zap\u00e1len t\u0159en\u00edm dvou d\u0159ev\u011bn\u00fdch ty\u010dinek nebo pomoc\u00ed slune\u010dn\u00edho sv\u011btla a z\u00e1paln\u00e9ho skla, nikdy z prof\u00e1nn\u00edho zdroje. Tento po\u017eadavek \u010distoty ukazuje teologickou d\u016fslednost kultu.<\/p>\n<p>Vedle ohn\u011b hraje d\u016fle\u017eitou roli voda. Vest\u00e1lky denn\u011b \u010derpaly vodu z pramene Egerie nebo z Kamenina pramene a nesm\u011bly ji odlo\u017eit na zem.<\/p><p>Tato voda slou\u017eila k ritu\u00e1ln\u00edmu o\u010di\u0161\u0165ov\u00e1n\u00ed chr\u00e1mu. Kombinace ohn\u011b a vody, oboj\u00ed v \u010dist\u00e9 podob\u011b, u\u010dinila z Vesty bohyni element\u00e1rn\u00edch podm\u00ednek lidsk\u00e9ho \u017eivota.<\/p>\n<p>Posv\u00e1tn\u00fd <span class=\"iwg-fachbegriff\" data-tooltip=\"Posv\u00e1tn\u00fd h\u00e1j, kter\u00fd slou\u017eil jako m\u00edsto kultu.\" tabindex=\"0\">h\u00e1j<\/span> Vesty u Laviniu byl zdrojem mola salsa, posv\u00e1tn\u00e9 soln\u00e9 mouky, kterou vest\u00e1lky p\u0159ipravovaly ze \u0161paldy a soli.<\/p><p>Mola salsa se p\u0159i ve\u0159ejn\u00fdch ob\u011btech sypala na zv\u00ed\u0159e a <span class=\"iwg-fachbegriff\" data-tooltip=\"Vyv\u00fd\u0161en\u00e9 m\u00edsto nebo st\u016fl pro ob\u011bti a n\u00e1bo\u017eensk\u00e9 ob\u0159ady.\" tabindex=\"0\">olt\u00e1\u0159<\/span> a dala jm\u00e9no slovu \u00abimmolare\u00bb, tedy \u00abob\u011btovat\u00bb. T\u00edm byla t\u00e9m\u011b\u0159 ka\u017ed\u00e1 ve\u0159ejn\u00e1 <span class=\"iwg-fachbegriff\" data-tooltip=\"Dar bo\u017estvu na vyj\u00e1d\u0159en\u00ed d\u00edk\u016f, prosby nebo uct\u011bn\u00ed.\" tabindex=\"0\">ob\u011b\u0165<\/span> \u010d\u00e1ste\u010dn\u011b posv\u011bcena vest\u00e1lsk\u00fdm produktem.<\/p>\n<p>V ikonografii se Vesta objevuje jen z\u0159\u00eddka v personifikovan\u00e9 podob\u011b, nej\u010dast\u011bji jako zahalen\u00e1 matr\u00f3na s miskou a pochodn\u00ed. \u010cast\u011bji stoj\u00ed v centru reli\u00e9f\u016f, minc\u00ed a n\u00e1st\u011bnn\u00fdch maleb jej\u00ed ikonick\u00fd znak, plamen na <span class=\"iwg-fachbegriff\" data-tooltip=\"Vyv\u00fd\u0161en\u00e9 m\u00edsto nebo st\u016fl pro ob\u011bti a n\u00e1bo\u017eensk\u00e9 ob\u0159ady.\" tabindex=\"0\">olt\u00e1\u0159i<\/span>.<\/p><p>Na mnoha minc\u00edch z doby c\u00edsa\u0159stv\u00ed je Vesta zobrazena sed\u00edc\u00ed s paterou a \u017eezlem, \u010dasto s n\u00e1pisem Vesta Mater nebo Vesta Sancta. Tato ikonografick\u00e1 zdr\u017eenlivost podtrhuje abstraktn\u00ed charakter jej\u00edho uct\u00edv\u00e1n\u00ed.<\/p>\t\t\t\t\t\t\t\t<\/div>\n\t\t\t\t<\/div>\n\t\t<div class=\"elementor-element elementor-element-35ac3ab e-con-full e-flex e-con e-child\" data-id=\"35ac3ab\" data-element_type=\"container\" data-e-type=\"container\">\n\t\t\t\t<div class=\"elementor-element elementor-element-0f58371 elementor-widget elementor-widget-heading\" data-id=\"0f58371\" data-element_type=\"widget\" data-e-type=\"widget\" data-widget_type=\"heading.default\">\n\t\t\t\t\t<h2 class=\"elementor-heading-title elementor-size-default\">Kult a uct\u00edv\u00e1n\u00ed<\/h2>\t\t\t\t<\/div>\n\t\t\t\t<div class=\"elementor-element elementor-element-5b9f4f6 elementor-widget elementor-widget-text-editor\" data-id=\"5b9f4f6\" data-element_type=\"widget\" data-e-type=\"widget\" data-widget_type=\"text-editor.default\">\n\t\t\t\t\t\t\t\t\t<p>Vestina <span class=\"iwg-fachbegriff\" data-tooltip=\"M\u00edsto zasv\u011bcen\u00e9 uct\u00edv\u00e1n\u00ed bo\u017estva.\" tabindex=\"0\">svatyn\u011b<\/span> na Foru, Aedes Vestae, byla kruhov\u00e1 stavba v bl\u00edzkosti Regie, starobyl\u00e9ho s\u00eddla nejvy\u0161\u0161\u00edho pontifika (pontifex maximus). Vedle n\u00ed st\u00e1lo Atrium Vestae, obytn\u00fd d\u016fm \u0161esti vest\u00e1lek.<\/p><p>Kruhov\u00fd tvar chr\u00e1mu pravd\u011bpodobn\u011b navazoval na archaickou podobu latinsk\u00e9ho domu a symbolizoval tak prastarou italskou obytnou stavbu, v jej\u00edm\u017e st\u0159edu ho\u0159el dom\u00e1c\u00ed ohe\u0148. Archeologick\u00e9 v\u00fdzkumy odhalily n\u011bkolik stavebn\u00edch f\u00e1z\u00ed, od ran\u00e9ho d\u0159ev\u011bn\u00e9ho objektu a\u017e po mramorovou novostavbu Iulie Domny ve 3. stolet\u00ed n. l.<\/p>\n<p>Vest\u00e1lky byly vyb\u00edr\u00e1ny ve v\u011bku \u0161esti a\u017e deseti let ze seznamu \u0159\u00edmsk\u00fdch rodin a byly nejvy\u0161\u0161\u00edm pontifikem <span class=\"iwg-fachbegriff\" data-tooltip=\"Prost\u0159ednictv\u00edm n\u00e1bo\u017eensk\u00e9ho \u00fakonu odevzdan\u00fd svatosti a t\u00edm vy\u0148at\u00fd z b\u011b\u017en\u00e9ho \u017eivota.\" tabindex=\"0\">zasv\u011bceny<\/span>. Jejich slu\u017eba trvala t\u0159icet let. Nepodl\u00e9haly otcovsk\u00e9 moci (patria potestas), mohly sepisovat z\u00e1v\u011bti a v divadle sed\u011bly na vyhrazen\u00fdch m\u00edstech.<\/p><p>Toto zvl\u00e1\u0161tn\u00ed pr\u00e1vn\u00ed postaven\u00ed bylo v \u0159\u00edmsk\u00e9 spole\u010dnosti jedine\u010dn\u00e9. Na druhou stranu byla jejich \u010distota nedotknuteln\u00e1. Jej\u00ed poru\u0161en\u00ed se trestalo za\u017eiva poh\u0159ben\u00edm v bl\u00edzkosti Porta Collina. Takov\u00e9 p\u0159\u00edpady jsou v pramenn\u00e9 literatu\u0159e n\u011bkolikr\u00e1t dolo\u017eeny, nap\u0159\u00edklad Cornelia za vl\u00e1dy Domitiana a Postumia za republiky.<\/p>\n<p>Hlavn\u00edm sv\u00e1tkem byla Vestalia, konan\u00e1 od 7. do 15. \u010dervna. V tomto obdob\u00ed byl <span class=\"iwg-fachbegriff\" data-tooltip=\"Stavba slou\u017e\u00edc\u00ed k uct\u00edv\u00e1n\u00ed jednoho nebo v\u00edce bo\u017estev.\" tabindex=\"0\">chr\u00e1m<\/span> v\u00fdjime\u010dn\u011b otev\u0159en i \u0159\u00edmsk\u00fdm hospodyn\u00edm, kter\u00e9 p\u0159in\u00e1\u0161ely bos\u00e9 <span class=\"iwg-fachbegriff\" data-tooltip=\"Dar bo\u017estvu vyjad\u0159uj\u00edc\u00ed pod\u011bkov\u00e1n\u00ed, prosbu nebo uct\u011bn\u00ed.\" tabindex=\"0\">ob\u011bti<\/span>. V z\u00e1v\u011bre\u010dn\u00fd den byl <span class=\"iwg-fachbegriff\" data-tooltip=\"Stavba slou\u017e\u00edc\u00ed k uct\u00edv\u00e1n\u00ed jednoho nebo v\u00edce bo\u017estev.\" tabindex=\"0\">chr\u00e1m<\/span> <span class=\"iwg-fachbegriff\" data-tooltip=\"N\u00e1le\u017eej\u00edc\u00ed k pevn\u011b stanoven\u00e9mu n\u00e1bo\u017eensk\u00e9mu ob\u0159adu.\" tabindex=\"0\">ritu\u00e1ln\u011b<\/span> vy\u010di\u0161t\u011bn a vymeten\u00e9 zbytky byly odneseny k Tiberu.<\/p><p>Odpov\u00eddaj\u00edc\u00ed den, 15. \u010derven, byl pot\u00e9 pova\u017eov\u00e1n za prof\u00e1nn\u00ed datum a mohl b\u00fdt vyu\u017e\u00edv\u00e1n k obchodn\u00ed \u010dinnosti. Zvl\u00e1\u0161\u0165 vyzdvi\u017een byl i 9. \u010derven, kdy byli osli zdobeni v\u011bnci z chleba na pam\u00e1tku osla, kter\u00fd m\u011bl Vestu zachr\u00e1nit p\u0159ed \u00fatokem Priapa.<\/p>\n<p>S n\u00e1bo\u017eenskou reformou za Augusta byl Vestin <span class=\"iwg-fachbegriff\" data-tooltip=\"Souhrn n\u00e1bo\u017eensk\u00fdch \u00fakon\u016f uct\u00edv\u00e1n\u00ed bo\u017estva nebo svat\u00e9 bytosti.\" tabindex=\"0\">kult<\/span> pevn\u011b propojen s c\u00edsa\u0159sk\u00fdm domem. Augustus se stal nejvy\u0161\u0161\u00edm pontifikem a ve sv\u00e9 residenci na Palatinu nechal vybudovat novou Vestinu <span class=\"iwg-fachbegriff\" data-tooltip=\"M\u00edsto zasv\u011bcen\u00e9 uct\u00edv\u00e1n\u00ed bo\u017estva.\" tabindex=\"0\">svatyni<\/span>, aby byly st\u00e1t, pontifik\u00e1t a c\u00edsa\u0159sk\u00fd d\u016fm symbolicky propojeny.<\/p><p>P\u0159\u00edtomnost Vesty v pal\u00e1ci zd\u016fraz\u0148ovala, \u017ee princeps osobn\u011b zaru\u010duje v\u011b\u010dn\u00fd ohe\u0148 st\u00e1tu. Za seversk\u00e9 dynastie byl <span class=\"iwg-fachbegriff\" data-tooltip=\"Souhrn n\u00e1bo\u017eensk\u00fdch \u00fakon\u016f uct\u00edv\u00e1n\u00ed bo\u017estva nebo svat\u00e9 bytosti.\" tabindex=\"0\">kult<\/span> je\u0161t\u011b v\u00edce povznesen z\u00e1sluhou Iulie Domny.<\/p>\n<p><span class=\"iwg-fachbegriff\" data-tooltip=\"Souhrn n\u00e1bo\u017eensk\u00fdch \u00fakon\u016f uct\u00edv\u00e1n\u00ed bo\u017estva nebo svat\u00e9 bytosti.\" tabindex=\"0\">Kult<\/span> byl form\u00e1ln\u011b zru\u0161en v roce 391 n. l. za vl\u00e1dy c\u00edsa\u0159e Theodosia. V\u011b\u010dn\u00fd ohe\u0148 byl uha\u0161en, Atrium Vestae uzav\u0159eno a posledn\u00ed vest\u00e1lky ztratily sv\u00e1 privilegia. Symeon Stylites a dal\u0161\u00ed k\u0159es\u0165an\u0161t\u00ed asket\u00e9 byli v <span class=\"iwg-fachbegriff\" data-tooltip=\"P\u0159echodn\u00e9 obdob\u00ed mezi antikou a st\u0159edov\u011bkem, zhruba 3. a\u017e 7. stolet\u00ed.\" tabindex=\"0\">pozdn\u00ed antice<\/span> \u010d\u00e1ste\u010dn\u011b ch\u00e1p\u00e1ni jako duchovn\u00ed ozv\u011bna vest\u00e1lsk\u00fdch ide\u00e1l\u016f, co\u017e podtrhuje dlouhotrvaj\u00edc\u00ed vliv t\u00e9to instituce.<\/p>\t\t\t\t\t\t\t\t<\/div>\n\t\t\t\t<\/div>\n\t\t<div class=\"elementor-element elementor-element-7a4855b e-con-full e-flex e-con e-child\" data-id=\"7a4855b\" data-element_type=\"container\" data-e-type=\"container\">\n\t\t\t\t<div class=\"elementor-element elementor-element-3a56f95 elementor-widget elementor-widget-heading\" data-id=\"3a56f95\" data-element_type=\"widget\" data-e-type=\"widget\" data-widget_type=\"heading.default\">\n\t\t\t\t\t<h2 class=\"elementor-heading-title elementor-size-default\">D\u016fle\u017eit\u00e9 m\u00fdty<\/h2>\t\t\t\t<\/div>\n\t\t\t\t<div class=\"elementor-element elementor-element-82e7b4b elementor-widget elementor-widget-text-editor\" data-id=\"82e7b4b\" data-element_type=\"widget\" data-e-type=\"widget\" data-widget_type=\"text-editor.default\">\n\t\t\t\t\t\t\t\t\t<p>Vypr\u00e1v\u011bn\u00ed o Rheji Silvii a dvoj\u010datech Romulovi a Removi je nejd\u016fle\u017eit\u011bj\u0161\u00edm mytick\u00fdm poutem mezi Vestou a \u0158\u00edmem. Podle Livia byla Rhea Silvia, matka dvoj\u010dat, vest\u00e1lkou v Alba Longa. Ot\u011bhotn\u011bla s bohem v\u00e1lky Martem, porodila zakladatele \u0158\u00edma a podle p\u0159\u00edsn\u00e9ho pr\u00e1va vest\u00e1lek byla odsouzena k smrti.<\/p><p>Tato epizoda spojuje nejp\u0159\u00edsn\u011bj\u0161\u00ed vest\u00e1lskou k\u00e1ze\u0148 se zrodem \u0158\u00edma a \u010din\u00ed z bohyn\u011b tichou pr\u016fvodkyni zalo\u017een\u00ed m\u011bsta. V p\u0159enesen\u00e9m smyslu se tak dodnes soud\u00ed, \u017ee samotn\u00e1 \u0159\u00edmsk\u00e1 historie vze\u0161la ze zasv\u011bcen\u00e9, pot\u00e9 poru\u0161en\u00e9 \u010distoty.<\/p>\n<p>Druh\u00e9 vypr\u00e1v\u011bn\u00ed se t\u00fdk\u00e1 vest\u00e1lky Tuccie, kter\u00e1 byla podez\u0159el\u00e1 z ne\u010distoty. Aby dok\u00e1zala svou nevinu, nabrala vodu z Tiberu s\u00edtem a donesla ji do <span class=\"iwg-fachbegriff\" data-tooltip=\"Stavba slou\u017e\u00edc\u00ed k uct\u00edv\u00e1n\u00ed jednoho nebo v\u00edce bo\u017estev.\" tabindex=\"0\">chr\u00e1mu<\/span>, ani\u017e ztratila jedinou kapku. Plinius star\u0161\u00ed a Augustin tento z\u00e1zra\u010dn\u00fd p\u0159\u00edb\u011bh zaznamen\u00e1vaj\u00ed; ve st\u0159edov\u011bku se stal alegori\u00ed cudn\u00e9 neochv\u011bjnosti.<\/p><p>Na tuto epizodu odkazuj\u00ed Andrea Mantegna v d\u00edle \u00abTriumf ctnost\u00ed\u00bb a Vermeer na obraze \u00abAlegorie mal\u00ed\u0159stv\u00ed\u00bb.<\/p>\n<p>T\u0159et\u00ed vypr\u00e1v\u011bn\u00ed popisuje z\u00e1chranu Palladia a svat\u00e9ho ohn\u011b L. Caeciliem Metellem v roce 241 p\u0159. n. l. Kdy\u017e Vestin <span class=\"iwg-fachbegriff\" data-tooltip=\"Stavba slou\u017e\u00edc\u00ed k uct\u00edv\u00e1n\u00ed jednoho nebo v\u00edce bo\u017estev.\" tabindex=\"0\">chr\u00e1m<\/span> ho\u0159el, vnikl Metellus do <span class=\"iwg-fachbegriff\" data-tooltip=\"M\u00edsto zasv\u011bcen\u00e9 uct\u00edv\u00e1n\u00ed bo\u017estva.\" tabindex=\"0\">svatyn\u011b<\/span> a zachr\u00e1nil svat\u00e9 z\u00e1stavy.<\/p><p>P\u0159itom p\u0159i\u0161el o zrak a od t\u00e9 doby byl pova\u017eov\u00e1n za hrdinu st\u00e1tn\u00edho kultu. Sen\u00e1t mu ud\u011blil v\u00fdjime\u010dn\u00e9 pr\u00e1vo jezdit na shrom\u00e1\u017ed\u011bn\u00ed vozem. Tato epizoda dokl\u00e1d\u00e1, jak siln\u011b existence st\u00e1tu z\u00e1visela na bezpe\u010dnosti Vestiny svatyn\u011b.<\/p>\n<p>\u010ctvrt\u00e9 vypr\u00e1v\u011bn\u00ed se t\u00fdk\u00e1 vest\u00e1lky Aemilie, kter\u00e1 svou vinu na vyhasl\u00e9m ohni dok\u00e1zala od\u010dinit z\u00e1zrakem. P\u0159ehodila sv\u016fj z\u00e1voj p\u0159es vyhasl\u00fd <span class=\"iwg-fachbegriff\" data-tooltip=\"Vyv\u00fd\u0161en\u00e9 m\u00edsto nebo st\u016fl pro ob\u011bti a n\u00e1bo\u017eensk\u00e9 ob\u0159ady.\" tabindex=\"0\">olt\u00e1\u0159<\/span>, na\u010de\u017e se plamen s\u00e1m znovu vzn\u00edtil. Tuto historii zaznamen\u00e1v\u00e1 Dion\u00fdsios z Halikarn\u00e1ssu a dokl\u00e1d\u00e1 d\u016fv\u011bru v bo\u017esk\u00fd z\u00e1sah ve prosp\u011bch \u010dist\u00fdch kn\u011b\u017eek.<\/p>\t\t\t\t\t\t\t\t<\/div>\n\t\t\t\t<\/div>\n\t\t<div class=\"elementor-element elementor-element-25f756b e-con-full e-flex e-con e-child\" data-id=\"25f756b\" data-element_type=\"container\" data-e-type=\"container\">\n\t\t\t\t<div class=\"elementor-element elementor-element-cc7d506 elementor-widget elementor-widget-heading\" data-id=\"cc7d506\" data-element_type=\"widget\" data-e-type=\"widget\" data-widget_type=\"heading.default\">\n\t\t\t\t\t<h2 class=\"elementor-heading-title elementor-size-default\">Vztahy v panteonu<\/h2>\t\t\t\t<\/div>\n\t\t\t\t<div class=\"elementor-element elementor-element-1565b58 elementor-widget elementor-widget-text-editor\" data-id=\"1565b58\" data-element_type=\"widget\" data-e-type=\"widget\" data-widget_type=\"text-editor.default\">\n\t\t\t\t\t\t\t\t\t<p>Vesta je \u00fazce spojena s Penates Publici, ve\u0159ejn\u00fdmi ochrann\u00fdmi bohy \u0158\u00edma. Ob\u011b bo\u017estva spole\u010dn\u011b tvo\u0159\u00ed neju\u017e\u0161\u00ed okruh st\u00e1tn\u00edch bo\u017estev.<\/p><p>Vesta je tak\u00e9 t\u011bsn\u011b propojena s Iuppiterem, proto\u017ee Vestin ohn\u011b byl ch\u00e1p\u00e1n jako ohe\u0148 nejvy\u0161\u0161\u00edho boha a pontifex maximus byl z\u00e1rove\u0148 dohl\u00ed\u017eitelem Vestina kultu. Toto spojen\u00ed funkc\u00ed u\u010dinilo z Vesty st\u00e1tn\u011b-teologicky nejd\u016fle\u017eit\u011bj\u0161\u00ed bohyni \u0158\u00edma.<\/p>\n<p>S Iunou sd\u00edl\u00ed Vesta p\u00e9\u010di o \u017eeny, rodinu a porod, av\u0161ak v z\u00e1sadn\u011b odli\u0161n\u00e9m zam\u011b\u0159en\u00ed. Zat\u00edmco Iuno chr\u00e1n\u00ed man\u017eelstv\u00ed, Vesta zastupuje zasv\u011bcen\u00e9 panenstv\u00ed. S Minervou ji spojuje palladium, uchov\u00e1van\u00e9 ve Vestin\u011b <span class=\"iwg-fachbegriff\" data-tooltip=\"Stavba slou\u017e\u00edc\u00ed k uct\u00edv\u00e1n\u00ed jednoho nebo v\u00edce bo\u017estev.\" tabindex=\"0\">chr\u00e1mu<\/span>, i aspekt st\u00e1tem chr\u00e1n\u011bn\u00e9ho v\u011bd\u011bn\u00ed.<\/p>\n<p>V hel\u00e9nistick\u00e9m <span class=\"iwg-fachbegriff\" data-tooltip=\"Splynut\u00ed p\u0159edstav nebo bo\u017estev z r\u016fzn\u00fdch n\u00e1bo\u017eensk\u00fdch tradic.\" tabindex=\"0\">synkretismu<\/span> byla Vesta identifikov\u00e1na s Hesti\u00ed, ale d\u00edky sv\u00e9 v\u00fdrazn\u011b st\u00e1tn\u00ed funkci si zachovala samostatnost.<\/p><p>Paralela ke starov\u011bk\u00fdm orient\u00e1ln\u00edm bohyn\u00edm ohn\u011b, jako je Tabiti ve skythsk\u00e9m n\u00e1bo\u017eenstv\u00ed nebo indo\u00edr\u00e1nsk\u00e1 Atar, byla v d\u011bjin\u00e1ch n\u00e1bo\u017eenstv\u00ed \u010dasto diskutov\u00e1na, geneticky ji v\u0161ak nelze p\u0159\u00edmo prok\u00e1zat. B\u00e1d\u00e1n\u00ed zde sp\u00ed\u0161e p\u0159edpokl\u00e1d\u00e1 typologickou p\u0159\u00edbuznost na z\u00e1klad\u011b indoevropsk\u00e9 predispozice k uct\u00edv\u00e1n\u00ed ohn\u011b.<\/p>\n<p>Vesta a Iuppiter Pistor se ve sv\u00e1te\u010dn\u00edm kalend\u00e1\u0159i objevuj\u00ed spole\u010dn\u011b p\u0159i ritu\u00e1lu ob\u011btn\u00edho pe\u010den\u00ed, kter\u00fd zaji\u0161\u0165oval \u010distotu mouky pro ob\u011btn\u00ed chl\u00e9b. Toto vz\u00e1cn\u00e9 spojen\u00ed ukazuje, \u017ee mouka byla ch\u00e1p\u00e1na jako sakr\u00e1ln\u00ed m\u00e9dium mezi krbem a <span class=\"iwg-fachbegriff\" data-tooltip=\"Vyv\u00fd\u0161en\u00e9 m\u00edsto nebo st\u016fl pro ob\u011bti a n\u00e1bo\u017eensk\u00e9 \u00fakony.\" tabindex=\"0\">olt\u00e1\u0159em<\/span>. Robert Schilling tuto kombinaci ve sv\u00e9m b\u00e1d\u00e1n\u00ed vylo\u017eil jako doklad archaick\u00e9ho komplexu ohn\u011b, mouky a hospod\u00e1\u0159stv\u00ed se z\u00e1sobami.<\/p>\n<p>Vz\u00e1cn\u00e9 splynut\u00ed je patrn\u00e9 s hel\u00e9nistickou Hesti\u00ed, jej\u00ed\u017e <span class=\"iwg-fachbegriff\" data-tooltip=\"P\u0159ed\u00e1van\u00fd p\u0159\u00edb\u011bh o boz\u00edch, po\u010d\u00e1tc\u00edch a uspo\u0159\u00e1d\u00e1n\u00ed sv\u011bta.\" tabindex=\"0\">m\u00fdtus<\/span> je v \u0159\u00edmsk\u00fdch textech obvykle diskr\u00e9tn\u011b zaml\u010dov\u00e1n, proto\u017ee p\u0159\u00edtomnost motivu otcova pron\u00e1sledov\u00e1n\u00ed dcery by odporovala archaick\u00e9 \u0159\u00edmsk\u00e9 d\u016fstojnosti Vesty. Ovidius toto nap\u011bt\u00ed ve sv\u00fdch \u00abFastech\u00bb v\u011bdom\u011b vyu\u017e\u00edv\u00e1, kdy\u017e zapojuje \u0159eck\u00e1 vypr\u00e1v\u011bn\u00ed, ale v\u017edy je zjem\u0148uje \u0159\u00edmsk\u00fdm obratem.<\/p>\t\t\t\t\t\t\t\t<\/div>\n\t\t\t\t<\/div>\n\t\t<div class=\"elementor-element elementor-element-380eea3 e-con-full e-flex e-con e-child\" data-id=\"380eea3\" data-element_type=\"container\" data-e-type=\"container\">\n\t\t\t\t<div class=\"elementor-element elementor-element-4c9c507 elementor-widget elementor-widget-heading\" data-id=\"4c9c507\" data-element_type=\"widget\" data-e-type=\"widget\" data-widget_type=\"heading.default\">\n\t\t\t\t\t<h2 class=\"elementor-heading-title elementor-size-default\">Recepce a odkaz<\/h2>\t\t\t\t<\/div>\n\t\t\t\t<div class=\"elementor-element elementor-element-99dc7c3 elementor-widget elementor-widget-text-editor\" data-id=\"99dc7c3\" data-element_type=\"widget\" data-e-type=\"widget\" data-widget_type=\"text-editor.default\">\n\t\t\t\t\t\t\t\t\t<p>Vesta z\u016fstala ve v\u00fdtvarn\u00e9m um\u011bn\u00ed <span class=\"iwg-fachbegriff\" data-tooltip=\"P\u0159echodn\u00e1 epocha mezi antikou a st\u0159edov\u011bkem, p\u0159ibli\u017en\u011b 3. a\u017e 7. stolet\u00ed.\" tabindex=\"0\">pozdn\u00ed antiky<\/span> a renesance <span class=\"iwg-fachbegriff\" data-tooltip=\"Znak, kter\u00fd zastupuje my\u0161lenku nebo v\u00fdznam.\" tabindex=\"0\">symbolem<\/span> \u010distoty a tich\u00e9 moci. Alegorie cudnosti, v\u011brnosti a st\u00e1losti byly v 16. a 17. stolet\u00ed \u010dasto zpracov\u00e1v\u00e1ny v dianovsko-vest\u00e1lsk\u00e9 t\u00f3nin\u011b. Postava Tuccie se s\u00edtem se stala obl\u00edben\u00fdm <span class=\"iwg-fachbegriff\" data-tooltip=\"Opakuj\u00edc\u00ed se obsahov\u00fd prvek v um\u011bn\u00ed nebo vypr\u00e1v\u011bn\u00ed.\" tabindex=\"0\">motivem<\/span> v embl\u00e9mov\u00fdch knih\u00e1ch a na triumf\u00e1ln\u00edch vozech.<\/p>\n<p>V klasicismu vystupuje do pop\u0159ed\u00ed obraz vest\u00e1lky. Antonio Canova vytvo\u0159il n\u011bkolik socha\u0159sk\u00fdch d\u011bl zobrazuj\u00edc\u00edch ide\u00e1l \u010dist\u00e9, v\u00e1\u017en\u00e9 kn\u011b\u017eky.<\/p><p>Tak\u00e9 v d\u00edlech Jacques-Louise Davida a ve francouzsk\u00e9 revolu\u010dn\u00ed alegorice byla vest\u00e1lka stylizov\u00e1na na patronku republik\u00e1nsk\u00e9 ctnosti. Marie Antoinetta Habsbursko-Lotrinsk\u00e1 se v roce 1769 dala zv\u011b\u010dnit ve vest\u00e1lsk\u00e9m obrazov\u00e9m programu, kter\u00fd navazuje na augustovskou <span class=\"iwg-fachbegriff\" data-tooltip=\"V\u011bdeck\u00e9 u\u010den\u00ed o Bohu a v\u00ed\u0159e n\u00e1bo\u017eenstv\u00ed.\" tabindex=\"0\">teologii<\/span> ctnosti.<\/p>\n<p>V modern\u00ed dob\u011b se Vesta prost\u0159ednictv\u00edm slova \u00abvest\u00e1lka\u00bb stala p\u0159\u00edslove\u010dnou metaforou pro cudn\u00e9 pln\u011bn\u00ed povinnost\u00ed. Astronomie v roce 1807 nazvala \u010dtvrt\u00fd objeven\u00fd asteroid Vesta, \u010d\u00edm\u017e symbolicky nav\u00e1zala na postaven\u00ed bohyn\u011b jako opatruj\u00edc\u00ed, \u0159\u00e1d zakl\u00e1daj\u00edc\u00ed moci.<\/p><p>Astrologie dnes vyu\u017e\u00edv\u00e1 v\u00fdznam str\u00e1\u017e\u00edc\u00edho ohn\u011b jako <span class=\"iwg-fachbegriff\" data-tooltip=\"Znak, kter\u00fd zastupuje my\u0161lenku nebo v\u00fdznam.\" tabindex=\"0\">symbol<\/span> soust\u0159ed\u011bn\u00e9ho sebeodevzd\u00e1n\u00ed. Sonda NASA Dawn poskytla v roce 2011 poprv\u00e9 podrobn\u00e9 sn\u00edmky tohoto asteroidu.<\/p>\n<p>Ve st\u0159edov\u011bku z\u016fstala Vesta jako alegorie nad\u00e1le p\u0159\u00edtomn\u00e1. Dante ji v Convivio II uv\u00e1d\u00ed jako <span class=\"iwg-fachbegriff\" data-tooltip=\"V\u00fdsti\u017en\u00fd obraz, kter\u00fd zastupuje abstraktn\u00ed my\u0161lenku.\" tabindex=\"0\">symbol<\/span> kontinuity a dom\u00e1c\u00ed v\u011brnosti. V renesanci se objevovala na mnoha svatebn\u00edch truhl\u00e1ch jako str\u00e1\u017ekyn\u011b svat\u00e9ho ohn\u011b, \u010dasto spojen\u00e1 s Dianou jako alegorick\u00fd p\u00e1r \u017eensk\u00e9 ctnosti.<\/p><p>V baroku byl typ Vestina chr\u00e1mu vyu\u017e\u00edv\u00e1n v architektonick\u00fdch citac\u00edch, nap\u0159\u00edklad Andreou Palladiem v jeho n\u00e1vrhu Tempietto a Donatem Bramantem v Tempietto u San Pietro in Montorio.<\/p>\n<p>V modern\u00ed astronomii je Vesta jedn\u00edm ze \u010dty\u0159 prvn\u00ed objeven\u00fdch asteroid\u016f. Heinrich Olbers pojmenoval planetku objevenou v roce 1807 podle n\u00e1vrhu Carla Friedricha Gausse.<\/p><p>Sonda Dawn agentury NASA ob\u00edhala Vestu v letech 2011 a\u017e 2012 a zmapovala jej\u00ed kr\u00e1terovit\u00fd povrch. Tak\u00e9 \u0159ada zna\u010dkov\u00fdch a firemn\u00edch n\u00e1zv\u016f, od italsk\u00e9 sk\u00fatrov\u00e9 zna\u010dky Vespa a\u017e po skandin\u00e1vsk\u00e9 v\u00fdrobce z\u00e1palek, odvozuje sv\u016fj n\u00e1zev od Vestina komplexu.<\/p>\t\t\t\t\t\t\t\t<\/div>\n\t\t\t\t<\/div>\n\t\t<div class=\"elementor-element elementor-element-b508720 e-con-full e-flex e-con e-child\" data-id=\"b508720\" data-element_type=\"container\" data-e-type=\"container\">\n\t\t\t\t<div class=\"elementor-element elementor-element-1fc41cb elementor-widget elementor-widget-heading\" data-id=\"1fc41cb\" data-element_type=\"widget\" data-e-type=\"widget\" data-widget_type=\"heading.default\">\n\t\t\t\t\t<h2 class=\"elementor-heading-title elementor-size-default\">Religionistick\u00e9 za\u0159azen\u00ed<\/h2>\t\t\t\t<\/div>\n\t\t\t\t<div class=\"elementor-element elementor-element-a8f1f09 elementor-widget elementor-widget-text-editor\" data-id=\"a8f1f09\" data-element_type=\"widget\" data-e-type=\"widget\" data-widget_type=\"text-editor.default\">\n\t\t\t\t\t\t\t\t\t<p>Robert Schilling a Kurt Latte za\u0159azuj\u00ed Vestu do okruhu dom\u00e1c\u00edch ochrann\u00fdch bohyn\u00ed Latia, jejich\u017e funkce byla v \u0159\u00edmsk\u00e9m st\u00e1t\u011b rozvinuta do podoby ve\u0159ejn\u00e9ho <span class=\"iwg-fachbegriff\" data-tooltip=\"Souhrn n\u00e1bo\u017eensk\u00fdch \u00factyhodn\u00fdch \u00fakon\u016f v\u011bnovan\u00fdch bo\u017estvu nebo svat\u00e9 postav\u011b.\" tabindex=\"0\">kultu<\/span>. Z tohoto pohledu je Aedes Vestae kultick\u00fdm zv\u011bt\u0161en\u00edm ohni\u0161\u0165ov\u00e9 m\u00edstnosti selsk\u00e9ho domu, p\u0159enesen\u00fdm na \u00farove\u0148 st\u00e1tu.<\/p>\n<p>Georges Dum\u00e9zil vid\u00ed ve Vest\u011b zt\u011blesn\u011bn\u00ed prvn\u00ed ze t\u0159\u00ed indoevropsk\u00fdch funkc\u00ed, tedy kn\u011b\u017esko-pr\u00e1vn\u00ed suverenity, a typologicky ji srovn\u00e1v\u00e1 s v\u00e9dskou Aramat\u00ed.<\/p><p>Mary Beard ve sv\u00fdch vlivn\u00fdch studi\u00edch analyzovala spole\u010densk\u00e9 postaven\u00ed vest\u00e1lek a uk\u00e1zala, \u017ee jejich pr\u00e1vn\u00ed zvl\u00e1\u0161tn\u00ed postaven\u00ed bylo z\u00e1m\u011brn\u00fdm konstruktem, kter\u00fd vymezoval odd\u011blen\u00ed \u201eb\u011b\u017en\u00e9\u201c \u017eenskosti od n\u00e1bo\u017eensk\u00e9 funkce.<\/p>\n<p>John Scheid zd\u016fraz\u0148uje t\u011bsn\u00e9 spojen\u00ed <span class=\"iwg-fachbegriff\" data-tooltip=\"Souhrn n\u00e1bo\u017eensk\u00fdch \u00factyhodn\u00fdch \u00fakon\u016f v\u011bnovan\u00fdch bo\u017estvu nebo svat\u00e9 postav\u011b.\" tabindex=\"0\">kultu<\/span> Vesty a pontifik\u00e1tu, d\u00edky n\u011bmu\u017e bylo <span class=\"iwg-fachbegriff\" data-tooltip=\"Svat\u00e9 m\u00edsto zasv\u011bcen\u00e9 uct\u00edv\u00e1n\u00ed bo\u017estva.\" tabindex=\"0\">svatyn\u011b<\/span> Vesty jedn\u00edm z m\u00e1la m\u00edst, kde se st\u00e1t a n\u00e1bo\u017eenstv\u00ed p\u0159\u00edmo osobn\u011b spojovaly.<\/p><p>J\u00f6rg R\u00fcpke za\u0159azuje augustovskou reformu jako posun v pojet\u00ed n\u00e1bo\u017eensk\u00e9 suverenity, proto\u017ee na m\u00edsto republiky nastoupil c\u00edsa\u0159sk\u00fd d\u016fm. Robin Lorsch Wildfang v monografii z roku 2006 komplexn\u011b rekonstruovala postaven\u00ed vest\u00e1lek a znovu pro\u0161la archeologick\u00fd materi\u00e1l.<\/p>\t\t\t\t\t\t\t\t<\/div>\n\t\t\t\t<\/div>\n\t\t<div class=\"elementor-element elementor-element-61270dc e-con-full e-flex e-con e-child\" data-id=\"61270dc\" data-element_type=\"container\" data-e-type=\"container\">\n\t\t\t\t<div class=\"elementor-element elementor-element-1f3fb6d elementor-widget elementor-widget-heading\" data-id=\"1f3fb6d\" data-element_type=\"widget\" data-e-type=\"widget\" data-widget_type=\"heading.default\">\n\t\t\t\t\t<h2 class=\"elementor-heading-title elementor-size-default\">Atrium Vestae a svatyn\u011b<\/h2>\t\t\t\t<\/div>\n\t\t\t\t<div class=\"elementor-element elementor-element-63e7a71 elementor-widget elementor-widget-text-editor\" data-id=\"63e7a71\" data-element_type=\"widget\" data-e-type=\"widget\" data-widget_type=\"text-editor.default\">\n\t\t\t\t\t\t\t\t\t<p><span class=\"iwg-fachbegriff\" data-tooltip=\"Stavba slou\u017e\u00edc\u00ed uct\u00edv\u00e1n\u00ed jednoho nebo v\u00edce bo\u017estev.\" tabindex=\"0\">Chr\u00e1m<\/span> Vesty na Foru Romanu byl kruhov\u00e1 stavba obklopen\u00e1 dvaceti sloupy s k\u00f3nickou st\u0159echou a otvorem ve vrcholu, kter\u00fdm unikal kou\u0159 svat\u00e9ho ohn\u011b.<\/p><p>Kruhov\u00fd tvar byl v \u0159\u00edmsk\u00e9 chr\u00e1mov\u00e9 architektu\u0159e jedine\u010dn\u00fd a staro\u017eitn\u00edci jako Plutarchos a Festus jej vykl\u00e1dali jako doklad archaick\u00e9ho past\u00fd\u0159sk\u00e9ho p\u016fvodu bohyn\u011b. Ovidius ve \u201eFastech\u201c VI uv\u00e1d\u00ed, \u017ee p\u016fvodn\u00ed <span class=\"iwg-fachbegriff\" data-tooltip=\"M\u00edsto zasv\u011bcen\u00e9 uct\u00edv\u00e1n\u00ed bo\u017estva.\" tabindex=\"0\">svatyn\u011b<\/span> byla prost\u00e1 slam\u011bn\u00e1 chata, kterou postavil s\u00e1m Romulus na m\u00edst\u011b budouc\u00edho m\u011bsta. Pozd\u011bj\u0161\u00ed kamenn\u00e1 a mramorov\u00e1 stavba zachovala tento archaick\u00fd p\u016fdorys.<\/p>\n<p>Soused\u00edc\u00ed Atrium Vestae slou\u017eilo jako s\u00eddlo \u0161esti vest\u00e1lek. Byl to t\u0159\u00edpatrov\u00fd komplex s vnit\u0159n\u00edm dvorem, studnou a galeri\u00ed soch. V 19. stolet\u00ed bylo vykop\u00e1no velk\u00e9 mno\u017estv\u00ed so\u0161ek p\u0159edstavuj\u00edc\u00edch p\u0159edstaven\u00e9, Virgines Maximae, co\u017e dokl\u00e1d\u00e1 vysok\u00e9 spole\u010densk\u00e9 postaven\u00ed tohoto \u00fa\u0159adu.<\/p><p>Are\u00e1l byl jedn\u00edm z m\u00e1la prostor\u016f ur\u010den\u00fdch \u017een\u00e1m ve ve\u0159ejn\u00e9m centru \u0158\u00edma a st\u00e1l pod p\u0159\u00edmou ochranou pontifika maxima. V podzemn\u00edch prostor\u00e1ch se podle antick\u00e9 p\u0159edstavy skr\u00fdvaly Pen\u00e1ti m\u011bsta a Palladium, svat\u00fd obraz Ath\u00e9ny, kter\u00fd m\u011bl poch\u00e1zet z Tr\u00f3je.<\/p>\n<p>Uvnit\u0159 chr\u00e1mu ho\u0159el ignis perpetuus na centr\u00e1ln\u00edm ohni\u0161ti. Jeho vyhasnut\u00ed bylo pova\u017eov\u00e1no za prodigium, znamen\u00ed nejt\u011b\u017e\u0161\u00edho ne\u0161t\u011bst\u00ed, kter\u00e9 bylo mo\u017en\u00e9 napravit jen usmi\u0159ovac\u00ed ob\u011bt\u00ed a znovu za\u017eehnut\u00edm ohn\u011b pomoc\u00ed t\u0159ec\u00edch d\u0159\u00edvek z osudn\u00e9ho stromu.<\/p><p>Stavebn\u00ed n\u00e1pisy na zdech are\u00e1lu, zejm\u00e9na <span class=\"iwg-fachbegriff\" data-tooltip=\"Text vyryt\u00fd nebo vytesan\u00fd do pevn\u00e9ho podkladu.\" tabindex=\"0\">n\u00e1pis<\/span> CIL VI 32421 se seznamem vest\u00e1lek vyznamenan\u00fdch sen\u00e1tem, poskytuj\u00ed podrobn\u00fd vhled do tohoto \u00fa\u0159adu.<\/p>\t\t\t\t\t\t\t\t<\/div>\n\t\t\t\t<\/div>\n\t\t<div class=\"elementor-element elementor-element-8a7f535 e-con-full e-flex e-con e-child\" data-id=\"8a7f535\" data-element_type=\"container\" data-e-type=\"container\">\n\t\t\t\t<div class=\"elementor-element elementor-element-b5c5151 elementor-widget elementor-widget-heading\" data-id=\"b5c5151\" data-element_type=\"widget\" data-e-type=\"widget\" data-widget_type=\"heading.default\">\n\t\t\t\t\t<h2 class=\"elementor-heading-title elementor-size-default\">Vest\u00e1lky, \u00fa\u0159ad a trestn\u00ed pr\u00e1vo<\/h2>\t\t\t\t<\/div>\n\t\t\t\t<div class=\"elementor-element elementor-element-22a84d1 elementor-widget elementor-widget-text-editor\" data-id=\"22a84d1\" data-element_type=\"widget\" data-e-type=\"widget\" data-widget_type=\"text-editor.default\">\n\t\t\t\t\t\t\t\t\t<p>\u0160est vest\u00e1lek bylo vybr\u00e1no mezi \u0161est\u00fdm a des\u00e1t\u00fdm rokem v\u011bku z patricijsk\u00fdch, pozd\u011bji i plebejsk\u00fdch rodin. Slibovaly slib \u010distoty na t\u0159icet let, kter\u00fd byl zpe\u010det\u011bn slavnostn\u00ed ob\u0159adem captio, jej\u017e provedl pontifex maximus.<\/p><p>Po uplynut\u00ed t\u00e9to lh\u016fty se mohly vd\u00e1t nebo z\u016fstat v Atriu Vestae. Vest\u00e1lky se t\u011b\u0161ily imunit\u011b p\u0159ed soudem, mohly samostatn\u011b sepisovat z\u00e1v\u011bti, m\u011bly na ulici pr\u00e1vo p\u0159ednosti podobn\u00e9 liktor\u016fm a pokud n\u00e1hodou potkaly odsouzen\u00e9ho na smrt, byl mu ud\u011blen milost.<\/p>\n<p>Poru\u0161en\u00ed slibu \u010distoty se pova\u017eovalo za velezradu v\u016f\u010di st\u00e1tu, proto\u017ee svat\u00fd ohe\u0148 byl spojen s \u010distotou vest\u00e1lek.<\/p><p>Trestem bylo za\u017eiva pochov\u00e1n\u00ed na Campu Sceleratu pobl\u00ed\u017e Porta Collina, jak to Livius popisuje na n\u011bkolika m\u00edstech, nap\u0159\u00edklad v p\u0159\u00edpad\u011b Minucie roku 337 p\u0159. n. l. nebo Cornelie za vl\u00e1dy Domitiana roku 91 n. l.<\/p><p>Tento trest nebyl vykon\u00e1v\u00e1n katovskou rukou, proto\u017ee krev vest\u00e1lky nesm\u011bla b\u00fdt prolita; odsouzen\u00e9 byly nam\u00edsto toho uzav\u0159eny do podzemn\u00ed komory s chlebem, vodou a lampou, kde m\u011bly zem\u0159\u00edt hladem.<\/p><p>Tuto obrovskou ritu\u00e1ln\u00ed strohost tohoto postupu vylo\u017eila Mary Beard ve sv\u00e9 studii o kultu Vesty jako v\u00fdraz paradoxn\u00edho dvoj\u00edho postaven\u00ed, v n\u011bm\u017e byly vest\u00e1lky sou\u010dasn\u011b milov\u00e1ny lidem a \u017eily v extr\u00e9mn\u00edm ritu\u00e1ln\u00edm nebezpe\u010d\u00ed.<\/p>\n<p>Vest\u00e1lky krom\u011b udr\u017eov\u00e1n\u00ed ohn\u011b p\u0159ipravovaly tak\u00e9 mola salsa, posv\u011bcenou sm\u011bs mouky a soli, kterou p\u0159i ve\u0159ejn\u00fdch ob\u011btech sypaly na \u010delo ob\u011btn\u00edho zv\u00ed\u0159ete.<\/p><p>Uchov\u00e1valy Pen\u00e1ty a Palladium, sb\u00edraly vodu z pramene Egerie ve <span class=\"iwg-fachbegriff\" data-tooltip=\"Svat\u00e9 m\u00edsto zasv\u011bcen\u00e9 uct\u00edv\u00e1n\u00ed bo\u017estva.\" tabindex=\"0\">svatyni<\/span> Camen a vykon\u00e1valy \u00fakol Fordicidi\u00ed, dubnov\u00e9ho ritu\u00e1lu plodnosti. Tyto rozmanit\u00e9 \u00fakoly spojovaly jejich slu\u017ebu se t\u0159emi \u00fast\u0159edn\u00edmi aspekty ohn\u011b, \u010distoty a plodnosti.<\/p>\t\t\t\t\t\t\t\t<\/div>\n\t\t\t\t<\/div>\n\t\t<div class=\"elementor-element elementor-element-d843f38 e-con-full e-flex e-con e-child\" data-id=\"d843f38\" data-element_type=\"container\" data-e-type=\"container\">\n\t\t\t\t<div class=\"elementor-element elementor-element-384bba4 elementor-widget elementor-widget-heading\" data-id=\"384bba4\" data-element_type=\"widget\" data-e-type=\"widget\" data-widget_type=\"heading.default\">\n\t\t\t\t\t<h2 class=\"elementor-heading-title elementor-size-default\">Vest\u00e1lie a sv\u00e1tkov\u00fd kalend\u00e1\u0159<\/h2>\t\t\t\t<\/div>\n\t\t\t\t<div class=\"elementor-element elementor-element-9012021 elementor-widget elementor-widget-text-editor\" data-id=\"9012021\" data-element_type=\"widget\" data-e-type=\"widget\" data-widget_type=\"text-editor.default\">\n\t\t\t\t\t\t\t\t\t<p>Vest\u00e1lie od 7. do 15. \u010dervna byly hlavn\u00edm sv\u00e1tkem bohyn\u011b. Prvn\u00ed den se otev\u0159el Penus Vestae, b\u011b\u017en\u011b uzav\u0159en\u00e1 vnit\u0159n\u00ed svatyn\u011b, pro \u0159\u00edmsk\u00e9 matr\u00f3ny, kter\u00e9 vstupovaly bos\u00e9 a p\u0159in\u00e1\u0161ely chlebov\u00e9 kol\u00e1\u010dky.<\/p><p>Ovidius ve sv\u00fdch \u00abFastech\u00bb VI, 311 a n\u00e1sl. vypr\u00e1v\u00ed o mytologizaci sv\u00e1te\u010dn\u00edch dn\u016f epizodou, v n\u00ed\u017e byla Vesta d\u00edky Sil\u00e9novi varov\u00e1na p\u0159ed dot\u011brn\u00fdm Priapem.<\/p><p>Posledn\u00ed den byl vestin chr\u00e1m slavnostn\u011b vy\u010di\u0161t\u011bn a nashrom\u00e1\u017ed\u011bn\u00e9 smet\u00ed vhozeno p\u0159es Cloacu Maximu do koryta Tibery. Tento den \u010dist\u011bn\u00ed, naz\u00fdvan\u00fd Q. St. D. F. (quando stercus delatum fas), se pova\u017eoval za znovu vhodn\u00fd k obchodn\u00edm jedn\u00e1n\u00edm a\u017e po vymeten\u00ed.<\/p>\n<p>9. \u010derven platil za osl\u00ed den, proto\u017ee osel hr\u00e1l v <span class=\"iwg-fachbegriff\" data-tooltip=\"Souhrn tradovan\u00fdch vypr\u00e1v\u011bn\u00ed o boz\u00edch ur\u010dit\u00e9 kultury.\" tabindex=\"0\">mytologii<\/span> roli pomocn\u00edka Vesty. Osli, kte\u0159\u00ed v \u0159\u00edmsk\u00fdch pek\u00e1rn\u00e1ch ot\u00e1\u010deli mlec\u00ed kolo, dost\u00e1vali tento den chlebov\u00e9 v\u011bnce na krk a nesm\u011bli pracovat.<\/p><p>Toto gesto je p\u0159\u00edkladem archaick\u00e9ho spojen\u00ed bohyn\u011b, dom\u00e1c\u00edho hospod\u00e1\u0159stv\u00ed a zv\u00ed\u0159ete. Sv\u00e1tek byl z\u00e1rove\u0148 patrociniem Pistores, peka\u0159\u016f, jejich\u017e cechovn\u00ed spole\u010denstv\u00ed v \u0158\u00edm\u011b v tento den prov\u00e1d\u011blo vlastn\u00ed volby.<\/p>\n<p>V ro\u010dn\u00edm cyklu se Vesta objevuje v \u0159ad\u011b dal\u0161\u00edch sv\u00e1tk\u016f, ani\u017e by jej\u00ed jm\u00e9no bylo p\u0159\u00edmo zaznamen\u00e1no ve sv\u00e1te\u010dn\u00edch kalend\u00e1\u0159\u00edch. Nap\u0159\u00edklad p\u0159i n\u00e1stupn\u00edm ob\u0159adu nov\u00e9ho Pontifexe Maxima, p\u0159i obnov\u011b ohn\u011b 1. b\u0159ezna, tehdej\u0161\u00edm \u0159\u00edmsk\u00e9m Nov\u00e9m roce, a p\u0159i vest\u00e1li\u00edch.<\/p><p>B\u0159eznov\u00e9 idy platily za den, kdy byl obnovov\u00e1n vestin ohe\u0148, \u010dasto s v\u00fdznamem v\u00e1le\u010dn\u00e9ho ohn\u011b. Toto propojen\u00ed s Martov\u00fdm kalend\u00e1\u0159em je dokladem starobyl\u00e9 souvislosti mezi dom\u00e1c\u00edm ohn\u011bm a osudem m\u011bsta.<\/p>\t\t\t\t\t\t\t\t<\/div>\n\t\t\t\t<\/div>\n\t\t<div class=\"elementor-element elementor-element-a1b6cbd e-con-full e-flex e-con e-child\" data-id=\"a1b6cbd\" data-element_type=\"container\" data-e-type=\"container\">\n\t\t\t\t<div class=\"elementor-element elementor-element-5ef5247 elementor-widget elementor-widget-heading\" data-id=\"5ef5247\" data-element_type=\"widget\" data-e-type=\"widget\" data-widget_type=\"heading.default\">\n\t\t\t\t\t<h2 class=\"elementor-heading-title elementor-size-default\">Symboly, p\u0159\u00edsaha a pr\u00e1vo<\/h2>\t\t\t\t<\/div>\n\t\t\t\t<div class=\"elementor-element elementor-element-99f466d elementor-widget elementor-widget-text-editor\" data-id=\"99f466d\" data-element_type=\"widget\" data-e-type=\"widget\" data-widget_type=\"text-editor.default\">\n\t\t\t\t\t\t\t\t\t<p>V ot\u00e1zk\u00e1ch p\u0159\u00edsahy byla Vesta nejvy\u0161\u0161\u00ed instanc\u00ed, p\u0159edev\u0161\u00edm u p\u0159\u00edsah t\u00fdkaj\u00edc\u00edch se vnitrost\u00e1tn\u00ed v\u011brnosti. Cicero ve sv\u00fdch \u0159e\u010dech opakovan\u011b p\u0159\u00edsah\u00e1 \u00abper Vestam\u00bb, formul\u00ed, kter\u00e1 platila za z\u00e1vazn\u011bj\u0161\u00ed ne\u017e jin\u00e1 vz\u00fdv\u00e1n\u00ed boh\u016f.<\/p><p>V \u0159\u00edzen\u00edch pro velezradu byla p\u0159\u00edsaha na Vestu nejvy\u0161\u0161\u00ed formou p\u0159\u00edsahy, co\u017e dokl\u00e1d\u00e1 t\u011bsn\u00e9 propojen\u00ed bohyn\u011b, st\u00e1tu a pr\u00e1va. Tak\u00e9 smlouvy byly uzav\u00edr\u00e1ny p\u0159ed vestin\u00fdm chr\u00e1mem nebo se symbolick\u00fdm odkazem na ignis perpetuus.<\/p>\n<p>P\u0159\u00edsaha st\u00e1la v pozad\u00ed i adop\u010dn\u00edho pr\u00e1va, nebo\u0165 vestini Pen\u00e1ti zaru\u010dovali genealogickou ochranu rodiny. Cicero a Plinius uv\u00e1d\u011bj\u00ed, \u017ee ka\u017ed\u00fd nov\u011b sezdan\u00fd mu\u017e postavil malou vestinu m\u00edsu do svatebn\u00edho atria. Tato praktick\u00e1 zbo\u017enost vy\u0161\u0161\u00edch vrstev je epigraficky dolo\u017eena mnoh\u00fdmi dom\u00e1c\u00edmi olt\u00e1\u0159i s vestin\u00fdmi n\u00e1pisy, zejm\u00e9na v Pompej\u00edch a Herculaneu.<\/p>\t\t\t\t\t\t\t\t<\/div>\n\t\t\t\t<\/div>\n\t\t<div class=\"elementor-element elementor-element-36f8cae e-con-full e-flex e-con e-child\" data-id=\"36f8cae\" data-element_type=\"container\" data-e-type=\"container\">\n\t\t\t\t<div class=\"elementor-element elementor-element-bcc6a03 elementor-widget elementor-widget-heading\" data-id=\"bcc6a03\" data-element_type=\"widget\" data-e-type=\"widget\" data-widget_type=\"heading.default\">\n\t\t\t\t\t<h2 class=\"elementor-heading-title elementor-size-default\">Prameny a dal\u0161\u00ed literatura<\/h2>\t\t\t\t<\/div>\n\t\t\t\t<div class=\"elementor-element elementor-element-1e556ca elementor-widget elementor-widget-text-editor\" data-id=\"1e556ca\" data-element_type=\"widget\" data-e-type=\"widget\" data-widget_type=\"text-editor.default\">\n\t\t\t\t\t\t\t\t\t<div data-nosnippet=\"true\"><p><span class=\"iwg-fachbegriff\" data-tooltip=\"Epocha \u0159eck\u00e9 a \u0159\u00edmsk\u00e9 kultury, p\u0159ibli\u017en\u011b 800 p\u0159. n. l. a\u017e 600 n. l.\" tabindex=\"0\">Antika<\/span>, prameny: Vergilius \u00abAeneis\u00bb, Ovidius \u00abFasti\u00bb, Livius \u00abAb urbe condita\u00bb, Cicero \u00abDe natura deorum\u00bb a \u00abDe legibus\u00bb, Plutarchos \u00abNuma\u00bb, Plinius \u00abNaturalis historia\u00bb, Augustinus \u00abDe civitate Dei\u00bb, Dionysios z Halikarnassu \u00ab\u0158\u00edmsk\u00e9 staro\u017eitnosti\u00bb.<\/p>\n<p>Odborn\u00e1 literatura: Robert Schilling, \u00abRites, cultes, dieux de Rome\u00bb, Pa\u0159\u00ed\u017e 1979. Kurt Latte, \u00abR\u00f6mische Religionsgeschichte\u00bb, Mnichov 1960. Georges Dum\u00e9zil, \u00abLa religion romaine archa\u00efque\u00bb, Pa\u0159\u00ed\u017e 1966. Mary Beard, \u00abThe Sexual Status of Vestal Virgins\u00bb, JRS 1980. Robin Lorsch Wildfang, \u00abRome&#8217;s Vestal Virgins\u00bb, Lond\u00fdn 2006. John Scheid, \u00abAn Introduction to Roman Religion\u00bb, Edinburgh 2003. J\u00f6rg R\u00fcpke, \u00abDie Religion der R\u00f6mer\u00bb, Mnichov 2001.<\/p><\/div>\t\t\t\t\t\t\t\t<\/div>\n\t\t\t\t<\/div>\n\t\t\t\t\t<\/div>\n\t\t\t\t<\/div>\n\t\t\t\t<\/div>\n\t\t","protected":false},"excerpt":{"rendered":"","protected":false},"author":3,"featured_media":3260,"parent":0,"menu_order":0,"comment_status":"closed","ping_status":"closed","template":"elementor_header_footer","meta":{"_yoast_wpseo_focuskw":"Vesta","_yoast_wpseo_title":"Vesta \u2013 \u0159\u00edmsk\u00e1 bohyn\u011b dom\u00e1c\u00edho krbu | iWell Guard","_yoast_wpseo_metadesc":"Vesta je \u0159\u00edmsk\u00e1 bohyn\u011b dom\u00e1c\u00edho krbu, domova a m\u011bsta. Vest\u00e1lky, v\u011b\u010dn\u00fd ohe\u0148 na Foru, sv\u00e1tek Vestalia. M\u00fdtus.","_yoast_wpseo_meta-robots-noindex":"","_yoast_wpseo_canonical":"","_angie_page":false,"gefaehrdungsstufe":"","wesen_kultur":"","wesen_klasse":"","footnotes":""},"categories":[],"class_list":["post-145600","page","type-page","status-publish","has-post-thumbnail","hentry"],"yoast_head":"<!-- This site is optimized with the Yoast SEO Premium plugin v27.7 (Yoast SEO v28.3) - https:\/\/yoast.com\/product\/yoast-seo-premium-wordpress\/ -->\n<title>Vesta \u2013 \u0159\u00edmsk\u00e1 bohyn\u011b dom\u00e1c\u00edho krbu | iWell Guard<\/title>\n<meta name=\"description\" content=\"Vesta je \u0159\u00edmsk\u00e1 bohyn\u011b dom\u00e1c\u00edho krbu, domova a m\u011bsta. Vest\u00e1lky, v\u011b\u010dn\u00fd ohe\u0148 na Foru, sv\u00e1tek Vestalia. M\u00fdtus.\" \/>\n<meta name=\"robots\" content=\"index, follow, max-snippet:-1, max-image-preview:large, max-video-preview:-1\" \/>\n<link rel=\"canonical\" href=\"https:\/\/iwell-guard.com\/cs\/vesta\/\" \/>\n<meta property=\"og:locale\" content=\"cs_CZ\" \/>\n<meta property=\"og:type\" content=\"article\" \/>\n<meta property=\"og:title\" content=\"Vesta\" \/>\n<meta property=\"og:description\" content=\"Vesta je \u0159\u00edmsk\u00e1 bohyn\u011b dom\u00e1c\u00edho krbu, domova a m\u011bsta. Vest\u00e1lky, v\u011b\u010dn\u00fd ohe\u0148 na Foru, sv\u00e1tek Vestalia. M\u00fdtus.\" \/>\n<meta property=\"og:url\" content=\"https:\/\/iwell-guard.com\/cs\/vesta\/\" \/>\n<meta property=\"og:site_name\" content=\"iWell Guard\" \/>\n<meta property=\"article:modified_time\" content=\"2026-09-03T17:00:36+00:00\" \/>\n<meta property=\"og:image\" content=\"https:\/\/iwell-guard.com\/wp-content\/uploads\/2026\/05\/goetter_rom_vesta.webp\" \/>\n\t<meta property=\"og:image:width\" content=\"1024\" \/>\n\t<meta property=\"og:image:height\" content=\"1536\" \/>\n\t<meta property=\"og:image:type\" content=\"image\/webp\" \/>\n<meta name=\"twitter:card\" content=\"summary_large_image\" \/>\n<script type=\"application\/ld+json\" class=\"yoast-schema-graph\">{\"@context\":\"https:\\\/\\\/schema.org\",\"@graph\":[{\"@type\":\"WebPage\",\"@id\":\"https:\\\/\\\/iwell-guard.com\\\/cs\\\/vesta\\\/\",\"url\":\"https:\\\/\\\/iwell-guard.com\\\/cs\\\/vesta\\\/\",\"name\":\"Vesta \u2013 \u0159\u00edmsk\u00e1 bohyn\u011b dom\u00e1c\u00edho krbu | iWell Guard\",\"isPartOf\":{\"@id\":\"https:\\\/\\\/iwell-guard.com\\\/cs\\\/#website\"},\"primaryImageOfPage\":{\"@id\":\"https:\\\/\\\/iwell-guard.com\\\/cs\\\/vesta\\\/#primaryimage\"},\"image\":{\"@id\":\"https:\\\/\\\/iwell-guard.com\\\/cs\\\/vesta\\\/#primaryimage\"},\"thumbnailUrl\":\"https:\\\/\\\/iwell-guard.com\\\/wp-content\\\/uploads\\\/2026\\\/05\\\/goetter_rom_vesta.webp\",\"datePublished\":\"2026-09-03T16:31:56+00:00\",\"dateModified\":\"2026-09-03T17:00:36+00:00\",\"description\":\"Vesta je \u0159\u00edmsk\u00e1 bohyn\u011b dom\u00e1c\u00edho krbu, domova a m\u011bsta. Vest\u00e1lky, v\u011b\u010dn\u00fd ohe\u0148 na Foru, sv\u00e1tek Vestalia. M\u00fdtus.\",\"breadcrumb\":{\"@id\":\"https:\\\/\\\/iwell-guard.com\\\/cs\\\/vesta\\\/#breadcrumb\"},\"inLanguage\":\"cs\",\"potentialAction\":[{\"@type\":\"ReadAction\",\"target\":[\"https:\\\/\\\/iwell-guard.com\\\/cs\\\/vesta\\\/\"]}]},{\"@type\":\"ImageObject\",\"inLanguage\":\"cs\",\"@id\":\"https:\\\/\\\/iwell-guard.com\\\/cs\\\/vesta\\\/#primaryimage\",\"url\":\"https:\\\/\\\/iwell-guard.com\\\/wp-content\\\/uploads\\\/2026\\\/05\\\/goetter_rom_vesta.webp\",\"contentUrl\":\"https:\\\/\\\/iwell-guard.com\\\/wp-content\\\/uploads\\\/2026\\\/05\\\/goetter_rom_vesta.webp\",\"width\":1024,\"height\":1536,\"caption\":\"Bohov\u00e9 z \u0159\u00edmsk\u00e9 tradice.\"},{\"@type\":\"BreadcrumbList\",\"@id\":\"https:\\\/\\\/iwell-guard.com\\\/cs\\\/vesta\\\/#breadcrumb\",\"itemListElement\":[{\"@type\":\"ListItem\",\"position\":1,\"name\":\"Start\",\"item\":\"https:\\\/\\\/iwell-guard.com\\\/cs\\\/?page_id=145107\"},{\"@type\":\"ListItem\",\"position\":2,\"name\":\"Vesta\"}]},{\"@type\":\"WebSite\",\"@id\":\"https:\\\/\\\/iwell-guard.com\\\/cs\\\/#website\",\"url\":\"https:\\\/\\\/iwell-guard.com\\\/cs\\\/\",\"name\":\"iWell Guard\",\"description\":\"Schutz vor dunklen Einfl\u00fcssen\",\"publisher\":{\"@id\":\"https:\\\/\\\/iwell-guard.com\\\/cs\\\/#organization\"},\"potentialAction\":[{\"@type\":\"SearchAction\",\"target\":{\"@type\":\"EntryPoint\",\"urlTemplate\":\"https:\\\/\\\/iwell-guard.com\\\/cs\\\/?s={search_term_string}\"},\"query-input\":{\"@type\":\"PropertyValueSpecification\",\"valueRequired\":true,\"valueName\":\"search_term_string\"}}],\"inLanguage\":\"cs\"},{\"@type\":\"Organization\",\"@id\":\"https:\\\/\\\/iwell-guard.com\\\/cs\\\/#organization\",\"name\":\"Ittermann electronic GmbH\",\"url\":\"https:\\\/\\\/iwell-guard.com\\\/cs\\\/\",\"logo\":{\"@type\":\"ImageObject\",\"inLanguage\":\"cs\",\"@id\":\"https:\\\/\\\/iwell-guard.com\\\/cs\\\/#\\\/schema\\\/logo\\\/image\\\/\",\"url\":\"https:\\\/\\\/iwell-guard.com\\\/wp-content\\\/uploads\\\/2026\\\/05\\\/Ittermann-Logo-1182x237-1.png\",\"contentUrl\":\"https:\\\/\\\/iwell-guard.com\\\/wp-content\\\/uploads\\\/2026\\\/05\\\/Ittermann-Logo-1182x237-1.png\",\"width\":1182,\"height\":237,\"caption\":\"Ittermann electronic GmbH\"},\"image\":{\"@id\":\"https:\\\/\\\/iwell-guard.com\\\/cs\\\/#\\\/schema\\\/logo\\\/image\\\/\"},\"sameAs\":[\"https:\\\/\\\/pantip.com\\\/profile\\\/9367242\",\"https:\\\/\\\/micro.blog\\\/iwellguard\",\"https:\\\/\\\/www.diggerslist.com\\\/iwellguard\\\/about\",\"https:\\\/\\\/skitterphoto.com\\\/photographers\\\/2870314\\\/iwell-guard\",\"https:\\\/\\\/iwellguard.wordpress.com\\\/2026\\\/06\\\/06\\\/iwell-guard\\\/\",\"https:\\\/\\\/hub.docker.com\\\/u\\\/iwellguard\",\"https:\\\/\\\/www.pinterest.com\\\/iwellguard\\\/\",\"https:\\\/\\\/bit.ly\\\/m\\\/iwellguard\",\"https:\\\/\\\/entre-vos-mains.alsace.eu\\\/profiles\\\/iwellguard\\\/activity\",\"https:\\\/\\\/gravatar.com\\\/reallybeded8fd34\",\"https:\\\/\\\/naijamatta.com\\\/iwellguard\",\"https:\\\/\\\/www.goodreads.com\\\/iwellguard\",\"https:\\\/\\\/profile.hatena.ne.jp\\\/iwellguard\\\/\",\"https:\\\/\\\/experiment.com\\\/users\\\/iwellguard\",\"https:\\\/\\\/wakelet.com\\\/@iWellGuard82270\",\"https:\\\/\\\/www.chordie.com\\\/forum\\\/profile.php?id=2555664\",\"https:\\\/\\\/www.instapaper.com\\\/p\\\/17757966\",\"https:\\\/\\\/www.mapleprimes.com\\\/users\\\/iwellguard\",\"https:\\\/\\\/businesslistingplus.com\\\/profile\\\/iwell-guard\\\/\",\"https:\\\/\\\/telegra.ph\\\/iWell-Guard-06-06\",\"https:\\\/\\\/pbase.com\\\/iwellguard\\\/iwellguard\",\"https:\\\/\\\/b.hatena.ne.jp\\\/iwellguard\\\/20260607#bookmark-4788405196491818882\",\"https:\\\/\\\/fliphtml5.com\\\/home\\\/iwellguard\",\"https:\\\/\\\/anyflip.com\\\/homepage\\\/cmiwl#About\",\"https:\\\/\\\/transfur.com\\\/Users\\\/iwellguard\",\"http:\\\/\\\/delphi.larsbo.org\\\/user\\\/iwellguard\",\"https:\\\/\\\/jobs.lajobsportal.org\\\/profiles\\\/8380803-iwell-guard\",\"https:\\\/\\\/md.chaosdorf.de\\\/s\\\/jfbe5SBdJD\",\"https:\\\/\\\/www.lingvolive.com\\\/en-us\\\/profile\\\/9ecaeaca-ce11-4e51-9e71-01d55e2bff36\\\/translations\",\"https:\\\/\\\/www.fitday.com\\\/fitness\\\/forums\\\/members\\\/iwellguard.html\",\"https:\\\/\\\/www.mymeetbook.com\\\/iwellguard\",\"https:\\\/\\\/pxhere.com\\\/en\\\/photographer-me\\\/5040798\",\"https:\\\/\\\/disqus.com\\\/by\\\/iwellguard\\\/about\\\/\",\"https:\\\/\\\/pastelink.net\\\/hjwciqwq\",\"https:\\\/\\\/pubhtml5.com\\\/homepage\\\/scjhn\\\/\",\"https:\\\/\\\/www.bitchute.com\\\/channel\\\/2O2eOKzNqujT\",\"https:\\\/\\\/audiomack.com\\\/iwellguard\"]}]}<\/script>\n<!-- \/ Yoast SEO Premium plugin. -->","yoast_head_json":{"title":"Vesta \u2013 \u0159\u00edmsk\u00e1 bohyn\u011b dom\u00e1c\u00edho krbu | iWell Guard","description":"Vesta je \u0159\u00edmsk\u00e1 bohyn\u011b dom\u00e1c\u00edho krbu, domova a m\u011bsta. Vest\u00e1lky, v\u011b\u010dn\u00fd ohe\u0148 na Foru, sv\u00e1tek Vestalia. M\u00fdtus.","robots":{"index":"index","follow":"follow","max-snippet":"max-snippet:-1","max-image-preview":"max-image-preview:large","max-video-preview":"max-video-preview:-1"},"canonical":"https:\/\/iwell-guard.com\/cs\/vesta\/","og_locale":"cs_CZ","og_type":"article","og_title":"Vesta","og_description":"Vesta je \u0159\u00edmsk\u00e1 bohyn\u011b dom\u00e1c\u00edho krbu, domova a m\u011bsta. Vest\u00e1lky, v\u011b\u010dn\u00fd ohe\u0148 na Foru, sv\u00e1tek Vestalia. M\u00fdtus.","og_url":"https:\/\/iwell-guard.com\/cs\/vesta\/","og_site_name":"iWell Guard","article_modified_time":"2026-09-03T17:00:36+00:00","og_image":[{"width":1024,"height":1536,"url":"https:\/\/iwell-guard.com\/wp-content\/uploads\/2026\/05\/goetter_rom_vesta.webp","type":"image\/webp"}],"twitter_card":"summary_large_image","schema":{"@context":"https:\/\/schema.org","@graph":[{"@type":"WebPage","@id":"https:\/\/iwell-guard.com\/cs\/vesta\/","url":"https:\/\/iwell-guard.com\/cs\/vesta\/","name":"Vesta \u2013 \u0159\u00edmsk\u00e1 bohyn\u011b dom\u00e1c\u00edho krbu | iWell Guard","isPartOf":{"@id":"https:\/\/iwell-guard.com\/cs\/#website"},"primaryImageOfPage":{"@id":"https:\/\/iwell-guard.com\/cs\/vesta\/#primaryimage"},"image":{"@id":"https:\/\/iwell-guard.com\/cs\/vesta\/#primaryimage"},"thumbnailUrl":"https:\/\/iwell-guard.com\/wp-content\/uploads\/2026\/05\/goetter_rom_vesta.webp","datePublished":"2026-09-03T16:31:56+00:00","dateModified":"2026-09-03T17:00:36+00:00","description":"Vesta je \u0159\u00edmsk\u00e1 bohyn\u011b dom\u00e1c\u00edho krbu, domova a m\u011bsta. Vest\u00e1lky, v\u011b\u010dn\u00fd ohe\u0148 na Foru, sv\u00e1tek Vestalia. M\u00fdtus.","breadcrumb":{"@id":"https:\/\/iwell-guard.com\/cs\/vesta\/#breadcrumb"},"inLanguage":"cs","potentialAction":[{"@type":"ReadAction","target":["https:\/\/iwell-guard.com\/cs\/vesta\/"]}]},{"@type":"ImageObject","inLanguage":"cs","@id":"https:\/\/iwell-guard.com\/cs\/vesta\/#primaryimage","url":"https:\/\/iwell-guard.com\/wp-content\/uploads\/2026\/05\/goetter_rom_vesta.webp","contentUrl":"https:\/\/iwell-guard.com\/wp-content\/uploads\/2026\/05\/goetter_rom_vesta.webp","width":1024,"height":1536,"caption":"Bohov\u00e9 z \u0159\u00edmsk\u00e9 tradice."},{"@type":"BreadcrumbList","@id":"https:\/\/iwell-guard.com\/cs\/vesta\/#breadcrumb","itemListElement":[{"@type":"ListItem","position":1,"name":"Start","item":"https:\/\/iwell-guard.com\/cs\/?page_id=145107"},{"@type":"ListItem","position":2,"name":"Vesta"}]},{"@type":"WebSite","@id":"https:\/\/iwell-guard.com\/cs\/#website","url":"https:\/\/iwell-guard.com\/cs\/","name":"iWell Guard","description":"Schutz vor dunklen Einfl\u00fcssen","publisher":{"@id":"https:\/\/iwell-guard.com\/cs\/#organization"},"potentialAction":[{"@type":"SearchAction","target":{"@type":"EntryPoint","urlTemplate":"https:\/\/iwell-guard.com\/cs\/?s={search_term_string}"},"query-input":{"@type":"PropertyValueSpecification","valueRequired":true,"valueName":"search_term_string"}}],"inLanguage":"cs"},{"@type":"Organization","@id":"https:\/\/iwell-guard.com\/cs\/#organization","name":"Ittermann electronic GmbH","url":"https:\/\/iwell-guard.com\/cs\/","logo":{"@type":"ImageObject","inLanguage":"cs","@id":"https:\/\/iwell-guard.com\/cs\/#\/schema\/logo\/image\/","url":"https:\/\/iwell-guard.com\/wp-content\/uploads\/2026\/05\/Ittermann-Logo-1182x237-1.png","contentUrl":"https:\/\/iwell-guard.com\/wp-content\/uploads\/2026\/05\/Ittermann-Logo-1182x237-1.png","width":1182,"height":237,"caption":"Ittermann electronic GmbH"},"image":{"@id":"https:\/\/iwell-guard.com\/cs\/#\/schema\/logo\/image\/"},"sameAs":["https:\/\/pantip.com\/profile\/9367242","https:\/\/micro.blog\/iwellguard","https:\/\/www.diggerslist.com\/iwellguard\/about","https:\/\/skitterphoto.com\/photographers\/2870314\/iwell-guard","https:\/\/iwellguard.wordpress.com\/2026\/06\/06\/iwell-guard\/","https:\/\/hub.docker.com\/u\/iwellguard","https:\/\/www.pinterest.com\/iwellguard\/","https:\/\/bit.ly\/m\/iwellguard","https:\/\/entre-vos-mains.alsace.eu\/profiles\/iwellguard\/activity","https:\/\/gravatar.com\/reallybeded8fd34","https:\/\/naijamatta.com\/iwellguard","https:\/\/www.goodreads.com\/iwellguard","https:\/\/profile.hatena.ne.jp\/iwellguard\/","https:\/\/experiment.com\/users\/iwellguard","https:\/\/wakelet.com\/@iWellGuard82270","https:\/\/www.chordie.com\/forum\/profile.php?id=2555664","https:\/\/www.instapaper.com\/p\/17757966","https:\/\/www.mapleprimes.com\/users\/iwellguard","https:\/\/businesslistingplus.com\/profile\/iwell-guard\/","https:\/\/telegra.ph\/iWell-Guard-06-06","https:\/\/pbase.com\/iwellguard\/iwellguard","https:\/\/b.hatena.ne.jp\/iwellguard\/20260607#bookmark-4788405196491818882","https:\/\/fliphtml5.com\/home\/iwellguard","https:\/\/anyflip.com\/homepage\/cmiwl#About","https:\/\/transfur.com\/Users\/iwellguard","http:\/\/delphi.larsbo.org\/user\/iwellguard","https:\/\/jobs.lajobsportal.org\/profiles\/8380803-iwell-guard","https:\/\/md.chaosdorf.de\/s\/jfbe5SBdJD","https:\/\/www.lingvolive.com\/en-us\/profile\/9ecaeaca-ce11-4e51-9e71-01d55e2bff36\/translations","https:\/\/www.fitday.com\/fitness\/forums\/members\/iwellguard.html","https:\/\/www.mymeetbook.com\/iwellguard","https:\/\/pxhere.com\/en\/photographer-me\/5040798","https:\/\/disqus.com\/by\/iwellguard\/about\/","https:\/\/pastelink.net\/hjwciqwq","https:\/\/pubhtml5.com\/homepage\/scjhn\/","https:\/\/www.bitchute.com\/channel\/2O2eOKzNqujT","https:\/\/audiomack.com\/iwellguard"]}]}},"_links":{"self":[{"href":"https:\/\/iwell-guard.com\/cs\/wp-json\/wp\/v2\/pages\/145600","targetHints":{"allow":["GET"]}}],"collection":[{"href":"https:\/\/iwell-guard.com\/cs\/wp-json\/wp\/v2\/pages"}],"about":[{"href":"https:\/\/iwell-guard.com\/cs\/wp-json\/wp\/v2\/types\/page"}],"author":[{"embeddable":true,"href":"https:\/\/iwell-guard.com\/cs\/wp-json\/wp\/v2\/users\/3"}],"replies":[{"embeddable":true,"href":"https:\/\/iwell-guard.com\/cs\/wp-json\/wp\/v2\/comments?post=145600"}],"version-history":[{"count":0,"href":"https:\/\/iwell-guard.com\/cs\/wp-json\/wp\/v2\/pages\/145600\/revisions"}],"wp:featuredmedia":[{"embeddable":true,"href":"https:\/\/iwell-guard.com\/cs\/wp-json\/wp\/v2\/media\/3260"}],"wp:attachment":[{"href":"https:\/\/iwell-guard.com\/cs\/wp-json\/wp\/v2\/media?parent=145600"}],"wp:term":[{"taxonomy":"category","embeddable":true,"href":"https:\/\/iwell-guard.com\/cs\/wp-json\/wp\/v2\/categories?post=145600"}],"curies":[{"name":"wp","href":"https:\/\/api.w.org\/{rel}","templated":true}]}}