{"id":145598,"date":"2026-09-03T16:31:55","date_gmt":"2026-09-03T16:31:55","guid":{"rendered":"https:\/\/iwell-guard.com\/?page_id=145598"},"modified":"2026-09-03T17:00:31","modified_gmt":"2026-09-03T17:00:31","slug":"diana","status":"publish","type":"page","link":"https:\/\/iwell-guard.com\/cs\/diana\/","title":{"rendered":"Diana"},"content":{"rendered":"\t\t<div data-elementor-type=\"wp-page\" data-elementor-id=\"145598\" class=\"elementor elementor-145598 elementor-3012 elementor-bc-flex-widget\" data-elementor-post-type=\"page\">\n\t\t\t\t<div class=\"elementor-element elementor-element-0938905 e-flex e-con-boxed e-con e-parent\" data-id=\"0938905\" data-element_type=\"container\" data-e-type=\"container\" data-settings=\"{&quot;background_background&quot;:&quot;classic&quot;}\">\n\t\t\t\t\t<div class=\"e-con-inner\">\n\t\t<div class=\"elementor-element elementor-element-407655f e-flex e-con-boxed e-con e-child\" data-id=\"407655f\" data-element_type=\"container\" data-e-type=\"container\">\n\t\t\t\t\t<div class=\"e-con-inner\">\n\t\t<div class=\"elementor-element elementor-element-f581a00 e-con-full e-flex e-con e-child\" data-id=\"f581a00\" data-element_type=\"container\" data-e-type=\"container\">\n\t\t\t\t<div class=\"elementor-element elementor-element-410379c elementor-widget elementor-widget-heading\" data-id=\"410379c\" data-element_type=\"widget\" data-e-type=\"widget\" data-widget_type=\"heading.default\">\n\t\t\t\t\t<h1 class=\"elementor-heading-title elementor-size-default\">Diana, \u0159\u00edmsk\u00e1 bohyn\u011b lovu a m\u011bs\u00edce<\/h1>\t\t\t\t<\/div>\n\t\t\t\t<div class=\"elementor-element elementor-element-5d0d7a5 elementor-widget elementor-widget-text-editor\" data-id=\"5d0d7a5\" data-element_type=\"widget\" data-e-type=\"widget\" data-widget_type=\"text-editor.default\">\n\t\t\t\t\t\t\t\t\t<p>Diana je \u0159\u00edmsk\u00e1 bohyn\u011b lovu, m\u011bs\u00edce a divok\u00fdch les\u016f. Chr\u00e1n\u00ed \u017eeny p\u0159i porodu, zv\u00ed\u0159ata v lese a poutn\u00edky na neupraven\u00fdch cest\u00e1ch.<\/p><p>Jej\u00ed starobyl\u00e9 hlavn\u00ed kultovn\u00ed m\u00edsto se nach\u00e1zelo v <span class=\"iwg-fachbegriff\" data-tooltip=\"Svat\u00fd porost strom\u016f, kter\u00fd slou\u017eil jako kultovn\u00ed m\u00edsto.\" tabindex=\"0\">h\u00e1ji<\/span> v Nemi u Alb\u00e1nsk\u00e9ho jezera, <span class=\"iwg-fachbegriff\" data-tooltip=\"M\u00edsto zasv\u011bcen\u00e9 uct\u00edv\u00e1n\u00ed bo\u017estva.\" tabindex=\"0\">svatyni<\/span>, je\u017e platila za spole\u010dnou svatyni latinsk\u00fdch m\u011bst u\u017e p\u0159ed vznikem \u0159\u00edmsk\u00e9ho st\u00e1tu. Pozd\u011bji byla Diana z velk\u00e9 \u010d\u00e1sti ztoto\u017en\u011bna s \u0159eckou Artemis a v tomto splynut\u00ed byla pova\u017eov\u00e1na za sestru Apoll\u00f3na a dceru Iuppitera a Latony.<\/p>\t\t\t\t\t\t\t\t<\/div>\n\t\t\t\t<\/div>\n\t\t<div class=\"elementor-element elementor-element-1826bdf e-con-full e-flex e-con e-parent\" data-id=\"1826bdf\" data-element_type=\"container\" data-e-type=\"container\">\n\t\t\t\t<div class=\"elementor-element elementor-element-c2061a9 elementor-widget elementor-widget-html\" data-id=\"c2061a9\" data-element_type=\"widget\" data-e-type=\"widget\" data-widget_type=\"html.default\">\n\t\t\t\t\t<div class=\"iwg-pill-row\"><span class=\"iwg-klasse-badge\" tabindex=\"0\" data-tooltip=\"B\u016fh \/ bohyn\u011b: Zosobn\u011bn\u00e1 nejvy\u0161\u0161\u00ed moc v panteonu ur\u010dit\u00e9 kultury, s jasn\u011b vymezen\u00fdmi oblastmi p\u016fsobnosti \u2014 p\u0159\u00edrodn\u00ed s\u00edly, osud, v\u00e1lka, plodnost. Uct\u00edv\u00e1na prost\u0159ednictv\u00edm kult\u016f, ob\u011bt\u00ed a chr\u00e1mov\u00fdch instituc\u00ed.\">B\u016fh<\/span><a href=\"https:\/\/iwell-guard.com\/cs\/rim\/\" class=\"iwg-kultur-badge\" tabindex=\"0\" data-tooltip=\"\u0158\u00edmsk\u00e9 n\u00e1bo\u017eenstv\u00ed od dob kr\u00e1lovstv\u00ed a\u017e do pozdn\u00ed antiky \u2014 synkretick\u00e9 s \u0159eck\u00fdmi a etrusk\u00fdmi vrstvami.\">\u0158\u00edm<\/a><\/div>\t\t\t\t<\/div>\n\t\t\t\t<\/div>\n\t\t<div class=\"elementor-element elementor-element-e2c3b89 e-con-full e-flex e-con e-child\" data-id=\"e2c3b89\" data-element_type=\"container\" data-e-type=\"container\">\n\t\t\t\t<div class=\"elementor-element elementor-element-494d901 elementor-toc--minimized-on-tablet elementor-widget elementor-widget-table-of-contents\" data-id=\"494d901\" data-element_type=\"widget\" data-e-type=\"widget\" data-settings=\"{&quot;exclude_headings_by_selector&quot;:[],&quot;no_headings_message&quot;:&quot;Na t\\u00e9to str\\u00e1nce nebyly nalezeny \\u017e\\u00e1dn\\u00e9 nadpisy.&quot;,&quot;headings_by_tags&quot;:[&quot;h2&quot;,&quot;h3&quot;],&quot;marker_view&quot;:&quot;bullets&quot;,&quot;icon&quot;:{&quot;value&quot;:&quot;fas fa-circle&quot;,&quot;library&quot;:&quot;fa-solid&quot;,&quot;rendered_tag&quot;:&quot;&lt;svg class=\\&quot;e-font-icon-svg e-fas-circle\\&quot; viewBox=\\&quot;0 0 512 512\\&quot; xmlns=\\&quot;http:\\\/\\\/www.w3.org\\\/2000\\\/svg\\&quot;&gt;&lt;path d=\\&quot;M256 8C119 8 8 119 8 256s111 248 248 248 248-111 248-248S393 8 256 8z\\&quot;&gt;&lt;\\\/path&gt;&lt;\\\/svg&gt;&quot;},&quot;minimize_box&quot;:&quot;yes&quot;,&quot;minimized_on&quot;:&quot;tablet&quot;,&quot;hierarchical_view&quot;:&quot;yes&quot;,&quot;min_height&quot;:{&quot;unit&quot;:&quot;px&quot;,&quot;size&quot;:&quot;&quot;,&quot;sizes&quot;:[]},&quot;min_height_tablet&quot;:{&quot;unit&quot;:&quot;px&quot;,&quot;size&quot;:&quot;&quot;,&quot;sizes&quot;:[]},&quot;min_height_mobile&quot;:{&quot;unit&quot;:&quot;px&quot;,&quot;size&quot;:&quot;&quot;,&quot;sizes&quot;:[]}}\" data-widget_type=\"table-of-contents.default\">\n\t\t\t\t\t\t\t\t\t<div class=\"elementor-toc__header\">\n\t\t\t\t\t\t<h2 class=\"elementor-toc__header-title\">\n\t\t\t\tObsah\t\t\t<\/h2>\n\t\t\t\t\t\t\t\t\t\t<div class=\"elementor-toc__toggle-button elementor-toc__toggle-button--expand\" role=\"button\" tabindex=\"0\" aria-controls=\"elementor-toc__494d901\" aria-expanded=\"true\" aria-label=\"Open table of contents\"><svg aria-hidden=\"true\" class=\"e-font-icon-svg e-fas-chevron-down\" viewBox=\"0 0 448 512\" xmlns=\"http:\/\/www.w3.org\/2000\/svg\"><path d=\"M207.029 381.476L12.686 187.132c-9.373-9.373-9.373-24.569 0-33.941l22.667-22.667c9.357-9.357 24.522-9.375 33.901-.04L224 284.505l154.745-154.021c9.379-9.335 24.544-9.317 33.901.04l22.667 22.667c9.373 9.373 9.373 24.569 0 33.941L240.971 381.476c-9.373 9.372-24.569 9.372-33.942 0z\"><\/path><\/svg><\/div>\n\t\t\t\t<div class=\"elementor-toc__toggle-button elementor-toc__toggle-button--collapse\" role=\"button\" tabindex=\"0\" aria-controls=\"elementor-toc__494d901\" aria-expanded=\"true\" aria-label=\"Close table of contents\"><svg aria-hidden=\"true\" class=\"e-font-icon-svg e-fas-chevron-up\" viewBox=\"0 0 448 512\" xmlns=\"http:\/\/www.w3.org\/2000\/svg\"><path d=\"M240.971 130.524l194.343 194.343c9.373 9.373 9.373 24.569 0 33.941l-22.667 22.667c-9.357 9.357-24.522 9.375-33.901.04L224 227.495 69.255 381.516c-9.379 9.335-24.544 9.317-33.901-.04l-22.667-22.667c-9.373-9.373-9.373-24.569 0-33.941L207.03 130.525c9.372-9.373 24.568-9.373 33.941-.001z\"><\/path><\/svg><\/div>\n\t\t\t\t\t<\/div>\n\t\t\t\t<div id=\"elementor-toc__494d901\" class=\"elementor-toc__body\">\n\t\t\t<div class=\"elementor-toc__spinner-container\">\n\t\t\t\t<svg class=\"elementor-toc__spinner eicon-animation-spin e-font-icon-svg e-eicon-loading\" aria-hidden=\"true\" viewBox=\"0 0 1000 1000\" xmlns=\"http:\/\/www.w3.org\/2000\/svg\"><path d=\"M500 975V858C696 858 858 696 858 500S696 142 500 142 142 304 142 500H25C25 237 238 25 500 25S975 237 975 500 763 975 500 975Z\"><\/path><\/svg>\t\t\t<\/div>\n\t\t<\/div>\n\t\t\t\t\t\t<\/div>\n\t\t\t\t<\/div>\n\t\t\t\t\t<\/div>\n\t\t\t\t<\/div>\n\t\t<div class=\"elementor-element elementor-element-779a289 e-con-full e-flex e-con e-child\" data-id=\"779a289\" data-element_type=\"container\" data-e-type=\"container\">\n\t\t\t\t<div class=\"elementor-element elementor-element-6e24f3d iwg-hero-image elementor-widget elementor-widget-image\" data-id=\"6e24f3d\" data-element_type=\"widget\" data-e-type=\"widget\" data-widget_type=\"image.default\">\n\t\t\t\t\t\t\t\t\t\t\t\t\t\t\t<img fetchpriority=\"high\" decoding=\"async\" width=\"683\" height=\"1024\" src=\"https:\/\/iwell-guard.com\/wp-content\/uploads\/2026\/05\/goetter_rom_diana-683x1024.webp\" class=\"attachment-large size-large wp-image-147225\" alt=\"Diana \u2013 bohov\u00e9 z \u0159\u00edmsk\u00e9 tradice, historicko-ilustra\u010dn\u00ed zpracov\u00e1n\u00ed\" srcset=\"https:\/\/iwell-guard.com\/wp-content\/uploads\/2026\/05\/goetter_rom_diana-683x1024.webp 683w, https:\/\/iwell-guard.com\/wp-content\/uploads\/2026\/05\/goetter_rom_diana-200x300.webp 200w, https:\/\/iwell-guard.com\/wp-content\/uploads\/2026\/05\/goetter_rom_diana-768x1152.webp 768w, https:\/\/iwell-guard.com\/wp-content\/uploads\/2026\/05\/goetter_rom_diana.webp 1024w\" sizes=\"(max-width: 683px) 100vw, 683px\" \/>\t\t\t\t\t\t\t\t\t\t\t\t\t\t\t<\/div>\n\t\t\t\t<\/div>\n\t\t\t\t\t<\/div>\n\t\t\t\t<\/div>\n\t\t<div class=\"elementor-element elementor-element-266f5f8 e-con-boxed e-flex e-con e-parent\" data-id=\"266f5f8\" data-element_type=\"container\" data-e-type=\"container\">\n\t\t\t\t\t<div class=\"e-con-inner\">\n\t\t<div class=\"elementor-element elementor-element-a940ad5 e-con-full e-flex e-con e-child\" data-id=\"a940ad5\" data-element_type=\"container\" data-e-type=\"container\">\n\t\t\t\t<div class=\"elementor-element elementor-element-bf6b107 elementor-widget elementor-widget-heading\" data-id=\"bf6b107\" data-element_type=\"widget\" data-e-type=\"widget\" data-widget_type=\"heading.default\">\n\t\t\t\t\t<h2 class=\"elementor-heading-title elementor-size-default\">M\u00fdtus a p\u016fvod<\/h2>\t\t\t\t<\/div>\n\t\t\t\t<div class=\"elementor-element elementor-element-1b6e2e6 elementor-widget elementor-widget-text-editor\" data-id=\"1b6e2e6\" data-element_type=\"widget\" data-e-type=\"widget\" data-widget_type=\"text-editor.default\">\n\t\t\t\t\t\t\t\t\t<p>Jm\u00e9no Diana b\u00fdv\u00e1 jazykov\u011b odvozov\u00e1no z indoevropsk\u00e9ho ko\u0159ene s v\u00fdznamem \u201ez\u00e1\u0159\u00edc\u00ed\u201c nebo \u201enebesky jasn\u00fd\u201c. Odtud pramen\u00ed \u00fazk\u00e1 vazba k m\u011bs\u00edci a denn\u00edmu sv\u011btlu. V nejstar\u0161\u00ed italick\u00e9 vrstv\u011b byla Diana bohyn\u00ed divok\u00e9 p\u0159\u00edrody, pramen\u016f a \u017eensk\u00e9ho dosp\u00edv\u00e1n\u00ed.<\/p><p>Do m\u011bstsk\u00e9ho n\u00e1bo\u017eenstv\u00ed byla pln\u011b p\u0159ijata a\u017e n\u00e1bo\u017eenskou reformou za Servia Tullia, kdy byl na Aventinu postaven Dianin <span class=\"iwg-fachbegriff\" data-tooltip=\"Stavba slou\u017e\u00edc\u00ed uct\u00edv\u00e1n\u00ed jednoho nebo v\u00edce bo\u017estev.\" tabindex=\"0\">chr\u00e1m<\/span>, jen\u017e m\u011bl sou\u010dasn\u011b slou\u017eit jako spole\u010dn\u00e1 svatyn\u011b latinsk\u00fdch m\u011bst. Tato politick\u00e1 funkce byla v\u011bdom\u00fdm gestem \u0159\u00edmsk\u00e9 snahy o nad\u0159azenost nad ostatn\u00edmi latinsk\u00fdmi obcemi.<\/p>\n<p>Nejstar\u0161\u00ed \u0159\u00edmsk\u00e9 kultovn\u00ed centrum se v\u0161ak nach\u00e1zelo v Nemi, u jezera v sope\u010dn\u00e9m kr\u00e1teru v Alb\u00e1nsk\u00fdch hor\u00e1ch. Zde Latinov\u00e9 uct\u00edvali Dianu Nemorensis, pan\u00ed h\u00e1je.<\/p><p>U\u017e Cato zmi\u0148uje v\u00fdznam t\u00e9to svatyn\u011b a Strab\u00f3n popisuje neobvykl\u00fd kn\u011b\u017esk\u00fd ritu\u00e1l, p\u0159i kter\u00e9m mohl b\u00fdt \u00fa\u0159aduj\u00edc\u00ed kn\u011bz, Rex Nemorensis, vyzv\u00e1n uprchl\u00fdm otrokem a v souboji nahrazen.<\/p><p>Tato archaick\u00e1 praxe zachovala stopy star\u0161\u00edch inicia\u010dn\u00edch ob\u0159ad\u016f a pozd\u011bji fascinovala n\u00e1bo\u017eenskov\u011bdn\u00fd v\u00fdzkum, zejm\u00e9na Jamese George Frazera, kter\u00fd sv\u00fdm d\u00edlem \u201eThe Golden Bough\u201c za\u010dal pr\u00e1v\u011b u nemijsk\u00e9ho <span class=\"iwg-fachbegriff\" data-tooltip=\"Svat\u00fd porost strom\u016f, kter\u00fd slou\u017eil jako kultovn\u00ed m\u00edsto.\" tabindex=\"0\">h\u00e1je<\/span>. Ot\u00e1zka, zda Rex Nemorensis skute\u010dn\u011b existoval, nebo \u0161lo o liter\u00e1rn\u00ed konstrukt, zam\u011bstn\u00e1v\u00e1 badatele a\u017e dodnes.<\/p>\n<p>Vergilius Dianu opakovan\u011b jmenuje jako ochr\u00e1nkyni venkovsk\u00fdch zbo\u017en\u00fdch lid\u00ed. Ovidius j\u00ed v \u201eMetamorf\u00f3z\u00e1ch\u201c v\u011bnuje slavnou epizodu o Akte\u00f3novi, kter\u00fd spat\u0159\u00ed koupaj\u00edc\u00ed se bohyni a je za trest prom\u011bn\u011bn v jelena.<\/p><p>\u0158\u00edmsk\u00e1 tradice tato vypr\u00e1v\u011bn\u00ed v\u011bt\u0161inou p\u0159evzala v \u00fazk\u00e9 n\u00e1vaznosti na \u0159eck\u00e9 p\u0159edlohy, av\u0161ak siln\u011bji je spojila s kultovn\u00edmi re\u00e1liemi z Latia. Katullus j\u00ed v\u011bnoval samostatn\u00fd hymnick\u00fd zp\u011bv, Carmen 34, jen\u017e bohyni popisuje jako p\u0159in\u00e1\u0161e\u010dku sv\u011btla a ochr\u00e1nkyni mlad\u00fdch d\u00edvek.<\/p>\n<p>V italick\u00e9m lidov\u00e9m n\u00e1bo\u017eenstv\u00ed byla Diana je\u0161t\u011b dlouho p\u0159\u00edtomna jako pan\u00ed zv\u00ed\u0159at a nezkultivovan\u00fdch krajin. N\u00e1pisy z vnitrozem\u00ed Latia ji zobrazuj\u00ed jako bohyni pramen\u016f, ochr\u00e1nkyni st\u00e1d a pomocnici p\u0159i porodech.<\/p><p>Tyto venkovsk\u00e9 slo\u017eky z\u016fst\u00e1valy spjaty s ve\u0159ejn\u00fdm aventinsk\u00fdm kultem a v liter\u00e1rn\u00ed tradici \u010dasto ustupovaly do pozad\u00ed ve prosp\u011bch hel\u00e9nisticky zabarven\u00fdch obraz\u016f Artemis.<\/p>\t\t\t\t\t\t\t\t<\/div>\n\t\t\t\t<\/div>\n\t\t<div class=\"elementor-element elementor-element-3c9f8e5 e-con-full e-flex e-con e-child\" data-id=\"3c9f8e5\" data-element_type=\"container\" data-e-type=\"container\">\n\t\t\t\t<div class=\"elementor-element elementor-element-182ea83 elementor-widget elementor-widget-heading\" data-id=\"182ea83\" data-element_type=\"widget\" data-e-type=\"widget\" data-widget_type=\"heading.default\">\n\t\t\t\t\t<h2 class=\"elementor-heading-title elementor-size-default\">Symboly a atributy<\/h2>\t\t\t\t<\/div>\n\t\t\t\t<div class=\"elementor-element elementor-element-66eb4df elementor-widget elementor-widget-text-editor\" data-id=\"66eb4df\" data-element_type=\"widget\" data-e-type=\"widget\" data-widget_type=\"text-editor.default\">\n\t\t\t\t\t\t\t\t\t<p>Luk a \u0161\u00edpy jsou hlavn\u00edm rozpozn\u00e1vac\u00edm znakem Diany a odkazuj\u00ed na jej\u00ed roli lovkyn\u011b. V obrazov\u00e9 tradici je nej\u010dast\u011bji zobrazov\u00e1na v kr\u00e1tk\u00e9m vykasan\u00e9m rouchu a sand\u00e1lech, \u010dasto doprov\u00e1zena psem nebo jelenem.<\/p><p>M\u011bs\u00edc, viditeln\u00fd jako polovina kotou\u010de nad \u010delem nebo ve vlasech, ji z\u00e1rove\u0148 ozna\u010duje jako bohyni sv\u011btla. Kombinovan\u00e1 symbolika loveck\u00e9 zbran\u011b a m\u011bs\u00ed\u010dn\u00edho znaku se objevuje na \u010detn\u00fdch minc\u00edch z pozdn\u00ed republiky a doby c\u00edsa\u0159sk\u00e9.<\/p>\n<p>Dal\u0161\u00edm atributem je pochode\u0148. Vystupuje p\u0159edev\u0161\u00edm tam, kde se Diana zjevuje jako bohyn\u011b no\u010dn\u00edho osv\u011btlen\u00ed a cest temn\u00fdmi lesy. P\u0159i nemijsk\u00e9m <span class=\"iwg-fachbegriff\" data-tooltip=\"Souhrn n\u00e1bo\u017eensk\u00fdch \u00fakon\u016f uct\u00edv\u00e1n\u00ed bo\u017estva nebo svat\u00e9 postavy.\" tabindex=\"0\">kultu<\/span> nosili <span class=\"iwg-fachbegriff\" data-tooltip=\"\u010clov\u011bk, kter\u00fd podnik\u00e1 n\u00e1bo\u017eensky motivovanou cestu na svat\u00e9 m\u00edsto.\" tabindex=\"0\">poutn\u00edci<\/span> pochodn\u011b kolem jezera, jeho\u017e vodn\u00ed hladina byla pova\u017eov\u00e1na za zrcadlo m\u011bs\u00edce.<\/p><p>Spojen\u00ed m\u011bs\u00ed\u010dn\u00edho svitu a z\u00e1\u0159e pochodn\u011b ur\u010duje pozd\u011bj\u0161\u00ed ikonografickou tradici a\u017e do renesance, v n\u00ed\u017e se Diana t\u00e9m\u011b\u0159 v\u017edy objevuje jako no\u010dn\u00ed, sv\u011btlem doprov\u00e1zen\u00e1 postava.<\/p>\n<p>Dianu \u010dasto doprov\u00e1zej\u00ed psi, jeleni, srny a vz\u00e1cn\u011bji medv\u011bdi. Tato zv\u00ed\u0159ata zna\u010d\u00ed jej\u00ed vl\u00e1du nad lesem. V aventinsk\u00fdch reli\u00e9fech se krom\u011b toho objevuj\u00ed hadi, kte\u0159\u00ed nazna\u010duj\u00ed jej\u00ed chtonickou str\u00e1nku a spojen\u00ed s l\u00e9\u010div\u00fdmi prameny.<\/p><p>\u017deny, je\u017e ji prosily o pomoc p\u0159i porodu, j\u00ed \u010dasto v\u011bnovaly v\u011bnec z v\u011btv\u00ed plan\u00e9ho olivovn\u00edku. K hmotn\u00fdm stop\u00e1m jej\u00edho kultu porodu pat\u0159\u00ed i votivn\u00ed hlin\u011bn\u00e9 figurky t\u011bhotn\u00fdch \u017een, nalezen\u00e9 ve velk\u00e9m mno\u017estv\u00ed v Nemi i na jin\u00fdch svatyn\u00edch.<\/p>\n<p>V provinci\u00edch byla \u010dasto synkretizov\u00e1na s m\u00edstn\u00ed bohyn\u00ed p\u0159\u00edrody, nap\u0159\u00edklad jako Diana Abnoba v Schwarzwaldu, Diana Arduinna v Arden\u00e1ch nebo Diana Nemetona v podunajsk\u00e9 oblasti. Tyto m\u00edstn\u00ed formy nesou \u010dasto vlastn\u00ed atributy, nap\u0159\u00edklad v\u011btve borovice, prameni\u010dn\u00ed misky nebo region\u00e1ln\u00ed divok\u00e1 zv\u00ed\u0159ata. Provinci\u00e1ln\u00ed <span class=\"iwg-fachbegriff\" data-tooltip=\"Nauka o obsahu obraz\u016f a jejich v\u00fdznamu.\" tabindex=\"0\">ikonografie<\/span> p\u016fsobiv\u011b dokl\u00e1d\u00e1 schopnost \u0159\u00edmsk\u00e9ho n\u00e1bo\u017eenstv\u00ed slu\u010dovat m\u00edstn\u00ed p\u0159\u00edrodn\u00ed kulty pod jedno st\u0159e\u0161n\u00ed bo\u017estvo.<\/p>\t\t\t\t\t\t\t\t<\/div>\n\t\t\t\t<\/div>\n\t\t<div class=\"elementor-element elementor-element-f2962d8 e-con-full e-flex e-con e-child\" data-id=\"f2962d8\" data-element_type=\"container\" data-e-type=\"container\">\n\t\t\t\t<div class=\"elementor-element elementor-element-bd612d8 elementor-widget elementor-widget-heading\" data-id=\"bd612d8\" data-element_type=\"widget\" data-e-type=\"widget\" data-widget_type=\"heading.default\">\n\t\t\t\t\t<h2 class=\"elementor-heading-title elementor-size-default\">Kult a uct\u00edv\u00e1n\u00ed<\/h2>\t\t\t\t<\/div>\n\t\t\t\t<div class=\"elementor-element elementor-element-db40542 elementor-widget elementor-widget-text-editor\" data-id=\"db40542\" data-element_type=\"widget\" data-e-type=\"widget\" data-widget_type=\"text-editor.default\">\n\t\t\t\t\t\t\t\t\t<p><span class=\"iwg-fachbegriff\" data-tooltip=\"M\u00edsto zasv\u011bcen\u00e9 uct\u00edv\u00e1n\u00ed bo\u017estva.\" tabindex=\"0\">Svatyn\u011b<\/span> v Nemi byla nejv\u00fdznamn\u011bj\u0161\u00edm venkovsk\u00fdm <span class=\"iwg-fachbegriff\" data-tooltip=\"Souhrn n\u00e1bo\u017eensk\u00fdch \u00factypln\u00fdch \u00fakon\u016f v\u016f\u010di bo\u017estvu nebo svat\u00e9 bytosti.\" tabindex=\"0\">kultem<\/span> bohyn\u011b. Tis\u00edce hlin\u011bn\u00fdch votivn\u00edch dar\u016f, kter\u00e9 byly archeologicky vyzdvi\u017eeny, zobrazuj\u00ed \u017eeny s d\u011btmi, t\u011bhotn\u00e9 figurky a zv\u00ed\u0159ata.<\/p><p>Tyto n\u00e1lezy dokl\u00e1daj\u00ed, \u017ee Diana byla vedle sv\u00e9 role bohyn\u011b lovu vz\u00fdv\u00e1na p\u0159edev\u0161\u00edm jako pomocnice p\u0159i porodech a v\u00fdchov\u011b d\u011bt\u00ed. Archeologick\u00e9 v\u00fdzkumy od 19. stolet\u00ed odkryly <span class=\"iwg-fachbegriff\" data-tooltip=\"M\u00edsto zasv\u011bcen\u00e9 uct\u00edv\u00e1n\u00ed bo\u017estva.\" tabindex=\"0\">svatyni<\/span> jako venkovsk\u00e9 poutn\u00ed centrum celoitalsk\u00e9ho v\u00fdznamu, s rozs\u00e1hl\u00fdmi stavbami, s\u00e1lov\u00fdmi komplexy a chr\u00e1mov\u00fdmi okrsky.<\/p>\n<p>V samotn\u00e9m \u0158\u00edm\u011b st\u00e1l <span class=\"iwg-fachbegriff\" data-tooltip=\"Stavba slou\u017e\u00edc\u00ed k uct\u00edv\u00e1n\u00ed jednoho nebo v\u00edce bo\u017estev.\" tabindex=\"0\">chr\u00e1m<\/span> na Aventinu. Podle Livia byl zalo\u017een za vl\u00e1dy Servia Tullia a byl pova\u017eov\u00e1n za shroma\u017e\u010fovac\u00ed m\u00edsto plebejc\u016f a otrok\u016f. P\u0159ed t\u00edmto <span class=\"iwg-fachbegriff\" data-tooltip=\"Stavba slou\u017e\u00edc\u00ed k uct\u00edv\u00e1n\u00ed jednoho nebo v\u00edce bo\u017estev.\" tabindex=\"0\">chr\u00e1mem<\/span> se 13. srpna slavil nejd\u016fle\u017eit\u011bj\u0161\u00ed sv\u00e1tek, Servatorius neboli dies natalis.<\/p><p>V tento den nesm\u011bli b\u00fdt otroci nuceni k pr\u00e1ci a z \u0158\u00edma do Nemi vyr\u00e1\u017eel pr\u016fvod sv\u011btel, trvaj\u00edc\u00ed celou noc. Toto spojen\u00ed m\u011bstsk\u00e9ho a venkovsk\u00e9ho kultu prost\u0159ednictv\u00edm proces\u00ed se sv\u011btly je nezvyklou a v \u0159\u00edmsk\u00e9m n\u00e1bo\u017eenstv\u00ed zvl\u00e1\u0161\u0165 p\u016fsobivou formou sv\u00e1tku.<\/p>\n<p>V Capui a na dal\u0161\u00edch italsk\u00fdch m\u00edstech byla uct\u00edv\u00e1na Diana Tifatina, s vlastn\u00edm <span class=\"iwg-fachbegriff\" data-tooltip=\"Svat\u00fd h\u00e1j slou\u017e\u00edc\u00ed jako kultovn\u00ed m\u00edsto.\" tabindex=\"0\">h\u00e1jem<\/span> a pramenem. V provinci\u00edch, zejm\u00e9na v Galii a Germ\u00e1nii, se \u010dasto objevuje v m\u00edstn\u00edch synkretismech.<\/p><p>V Brit\u00e1nii, Hisp\u00e1nii a na severoafrick\u00e9m pob\u0159e\u017e\u00ed je epigraficky dolo\u017eena jako lovkyn\u011b a bohyn\u011b p\u0159\u00edrody. V Efesu st\u00e1la <span class=\"iwg-fachbegriff\" data-tooltip=\"M\u00edsto zasv\u011bcen\u00e9 uct\u00edv\u00e1n\u00ed bo\u017estva.\" tabindex=\"0\">svatyn\u011b<\/span> Diany Efesk\u00e9, kter\u00e1 byla ztoto\u017e\u0148ov\u00e1na s velkou orient\u00e1ln\u00ed matkou bohyn\u00ed a hraje v\u00fdraznou roli ve vypr\u00e1v\u011bn\u00ed Nov\u00e9ho z\u00e1kona o apo\u0161tolech.<\/p>\n<p>I v lidov\u00e9 v\u00ed\u0159e z\u016fst\u00e1vala Diana dlouho \u017eiv\u00e1. Koncil v Anky\u0159e ve 4. stolet\u00ed a pozd\u011bj\u0161\u00ed synody zakazuj\u00ed \u017een\u00e1m, kter\u00e9 by \u201ev noci jezdily s Dianou\u201c.<\/p><p>Toto m\u00edsto je d\u016fle\u017eit\u00fdm dokladem p\u0159etrv\u00e1v\u00e1n\u00ed diansk\u00fdch p\u0159edstav i po z\u00e1niku pohansk\u00fdch kult\u016f a stoj\u00ed u po\u010d\u00e1tku pozd\u011bj\u0161\u00edch p\u0159edstav o \u010darod\u011bjnick\u00e9 v\u00ed\u0159e. V takzvan\u00e9m Canon Episcopi z 9. stolet\u00ed je no\u010dn\u00ed j\u00edzda s Dianou odsuzov\u00e1na jako <span class=\"iwg-fachbegriff\" data-tooltip=\"Hanliv\u00e9 ozna\u010den\u00ed pro p\u0159edstavy pova\u017eovan\u00e9 za n\u00e1bo\u017eensky ned\u016fvodn\u00e9.\" tabindex=\"0\">pov\u011bra<\/span>, co\u017e ukazuje, jak hou\u017eevnat\u00e1 byla lidov\u00e1 \u00facta k t\u00e9to bohyni.<\/p>\n<p>Vest\u00e1lky, slou\u017e\u00edc\u00ed Vest\u011b, p\u0159in\u00e1\u0161ely v Dianiny sv\u00e1tky ob\u011btn\u00ed dary do jej\u00edho <span class=\"iwg-fachbegriff\" data-tooltip=\"Stavba slou\u017e\u00edc\u00ed k uct\u00edv\u00e1n\u00ed jednoho nebo v\u00edce bo\u017estev.\" tabindex=\"0\">chr\u00e1mu<\/span>. Toto kultovn\u00ed propojen\u00ed Vesty a Diany odr\u00e1\u017e\u00ed bl\u00edzkou p\u0159\u00edbuznost mezi \u010distotou, panenstv\u00edm a sv\u011bteln\u00fdm bo\u017estvem. Tak\u00e9 Iuno byla o Dianin\u00fdch sv\u00e1tc\u00edch v Lavinii a Tusculu spole\u010dn\u011b vz\u00fdv\u00e1na, co\u017e zd\u016fraz\u0148uje porodn\u00ed funkci obou bohyn\u00ed.<\/p>\t\t\t\t\t\t\t\t<\/div>\n\t\t\t\t<\/div>\n\t\t<div class=\"elementor-element elementor-element-67e249f e-con-full e-flex e-con e-child\" data-id=\"67e249f\" data-element_type=\"container\" data-e-type=\"container\">\n\t\t\t\t<div class=\"elementor-element elementor-element-f9d3f49 elementor-widget elementor-widget-heading\" data-id=\"f9d3f49\" data-element_type=\"widget\" data-e-type=\"widget\" data-widget_type=\"heading.default\">\n\t\t\t\t\t<h2 class=\"elementor-heading-title elementor-size-default\">D\u016fle\u017eit\u00e9 m\u00fdty<\/h2>\t\t\t\t<\/div>\n\t\t\t\t<div class=\"elementor-element elementor-element-007d6ba elementor-widget elementor-widget-text-editor\" data-id=\"007d6ba\" data-element_type=\"widget\" data-e-type=\"widget\" data-widget_type=\"text-editor.default\">\n\t\t\t\t\t\t\t\t\t<p>Vypr\u00e1v\u011bn\u00ed o Aktaeonovi je nejzn\u00e1m\u011bj\u0161\u00ed epizodou dianovsk\u00e9 <span class=\"iwg-fachbegriff\" data-tooltip=\"Souhrn dochovan\u00fdch vypr\u00e1v\u011bn\u00ed o boz\u00edch v dan\u00e9 kultu\u0159e.\" tabindex=\"0\">mytologie<\/span>. Ovidius popisuje v \u00abMetamorf\u00f3z\u00e1ch\u00bb, jak mlad\u00fd lovec Aktaeon cestou n\u00e1hodou naraz\u00ed na koupaj\u00edc\u00ed se Dianu. Rozho\u0159\u010den\u00e1 naru\u0161en\u00edm sv\u00e9 cudnosti ho prom\u011bn\u00ed v jelena, kter\u00e9ho roztrhaj\u00ed jeho vlastn\u00ed psi.<\/p><p>Vypr\u00e1v\u011bn\u00ed obsahuje starobyl\u00e9 tabu bo\u017estv\u00ed, z\u00e1kaz nepovolen\u00e9ho pohledu, a ve st\u0159edov\u011bku bylo k\u0159es\u0165ansky alegorizov\u00e1no jako varov\u00e1n\u00ed p\u0159ed nestoudnou zv\u011bdavost\u00ed. Tizian a pozd\u011bj\u0161\u00ed mal\u00ed\u0159i zachytili okam\u017eik prom\u011bny na proslul\u00fdch obrazech, kter\u00e9 obrazn\u011b zhu\u0161\u0165uj\u00ed <span class=\"iwg-fachbegriff\" data-tooltip=\"Opakuj\u00edc\u00ed se obsahov\u00fd prvek v um\u011bn\u00ed nebo vypr\u00e1v\u011bn\u00ed.\" tabindex=\"0\">motiv<\/span> svat\u00e9 hranice.<\/p>\n<p>Druh\u00e1 epizoda se t\u00fdk\u00e1 Ifigenie. Podle tradice, kterou zprost\u0159edkoval Servius, zachr\u00e1nila Diana dceru Agamemnonovu na posledn\u00ed chv\u00edli p\u0159ed ob\u011btn\u00ed smrt\u00ed v Aulid\u011b a unesla ji do Tauridy, kde se stala jej\u00ed kn\u011b\u017ekou.<\/p><p>V \u0159\u00edmsk\u00e9m v\u00fdkladu je toto vypr\u00e1v\u011bn\u00ed spojov\u00e1no s <span class=\"iwg-fachbegriff\" data-tooltip=\"Souhrn n\u00e1bo\u017eensk\u00fdch \u00factypln\u00fdch \u00fakon\u016f v\u016f\u010di bo\u017estvu nebo svat\u00e9 bytosti.\" tabindex=\"0\">kultem<\/span> v Nemi, proto\u017ee typicky tauridskou lidskou ob\u011b\u0165 sama Diana zastav\u00ed a bohyn\u011b se vyv\u00edj\u00ed ve str\u00e1\u017ekyni spravedliv\u00e9 a um\u00edrn\u011bn\u00e9 ob\u011btn\u00ed praxe.<\/p><p>Euripidovo zpracov\u00e1n\u00ed tohoto <span class=\"iwg-fachbegriff\" data-tooltip=\"Dochovan\u00e9 vypr\u00e1v\u011bn\u00ed o boz\u00edch, po\u010d\u00e1tc\u00edch a uspo\u0159\u00e1d\u00e1n\u00ed sv\u011bta.\" tabindex=\"0\">m\u00fdtu<\/span> v \u00abIfigenii v Taurid\u011b\u00bb bylo v \u0159\u00edmsk\u00e9 dob\u011b \u010dasto uv\u00e1d\u011bno na sc\u00e9n\u011b a ovlivnilo ch\u00e1p\u00e1n\u00ed Diany jako bohyn\u011b, kter\u00e1 lidi zachra\u0148uje, m\u00edsto aby je ob\u011btovala.<\/p>\n<p>T\u0159et\u00ed vypr\u00e1v\u011bn\u00ed se t\u00fdk\u00e1 Dianina jelena na Aventinu. Podle Livia vychoval jist\u00fd \u0159\u00edmsk\u00fd zem\u011bd\u011blec ze Sabinska obzvl\u00e1\u0161\u0165 velk\u00e9ho jelena, o kter\u00e9m <span class=\"iwg-fachbegriff\" data-tooltip=\"M\u00edsto nebo instituce, kde se vyhled\u00e1v\u00e1 bo\u017esk\u00fd v\u00fdrok.\" tabindex=\"0\">or\u00e1kulum<\/span> tvrdilo, \u017ee lid, kter\u00fd toto zv\u00ed\u0159e ob\u011btuje, z\u00edsk\u00e1 vl\u00e1du nad It\u00e1li\u00ed.<\/p><p>Sabin p\u0159ivedl jelena k <span class=\"iwg-fachbegriff\" data-tooltip=\"Stavba slou\u017e\u00ed uct\u00edv\u00e1n\u00ed jednoho nebo v\u00edce bo\u017estev.\" tabindex=\"0\">chr\u00e1mu<\/span> na Aventinu, byl v\u0161ak \u0159\u00edmskou lst\u00ed p\u0159iveden k tomu, aby zv\u00ed\u0159e ob\u011btovali \u0158\u00edman\u00e9. T\u00edm \u0158\u00edm z\u00edskal p\u0159edpov\u011bzen\u00e9 prvenstv\u00ed. Vypr\u00e1v\u011bn\u00ed spojuje venkovsk\u00fd <span class=\"iwg-fachbegriff\" data-tooltip=\"Znak, kter\u00fd zastupuje p\u0159edstavu nebo v\u00fdznam.\" tabindex=\"0\">symbol<\/span> jelena s politick\u00fdm v\u00fdznamem Diany jako ochr\u00e1nkyn\u011b \u0158\u00edma.<\/p>\n<p>\u010ctvrt\u00e1 mytick\u00e1 vzpom\u00ednka se v\u00e1\u017ee k Hippolytovi. Mlad\u00fd syn Th\u00e9sea, kter\u00fd uct\u00edval jedin\u011b Dianu a pohrdal Venu\u0161\u00ed, byl zabit b\u00fd\u010d\u00edm <span class=\"iwg-fachbegriff\" data-tooltip=\"Duchovn\u00ed bytost, kter\u00e9 se p\u0159isuzuje \u0161kodliv\u00e9 nebo rozporn\u00e9 p\u016fsoben\u00ed.\" tabindex=\"0\">d\u00e9monem<\/span> a Diana ho prost\u0159ednictv\u00edm Aeskulapa vzk\u0159\u00edsila a unesla do Aricie, do \u00fadol\u00ed Nemi.<\/p><p>Tam m\u011bl p\u016fsobit jako h\u00e9ros pod jm\u00e9nem Virbius. Vypr\u00e1v\u011bn\u00ed spojuje aventinsk\u00fd kult s nemijsk\u00fdm <span class=\"iwg-fachbegriff\" data-tooltip=\"Svat\u00fd porost strom\u016f, kter\u00fd slou\u017eil jako kultovn\u00ed m\u00edsto.\" tabindex=\"0\">h\u00e1jem<\/span> a ukazuje Dianu jako bohyni, kter\u00e1 sv\u00e9 vyznava\u010de nese i za hranice smrti.<\/p>\t\t\t\t\t\t\t\t<\/div>\n\t\t\t\t<\/div>\n\t\t<div class=\"elementor-element elementor-element-d5b5d49 e-con-full e-flex e-con e-child\" data-id=\"d5b5d49\" data-element_type=\"container\" data-e-type=\"container\">\n\t\t\t\t<div class=\"elementor-element elementor-element-75ed841 elementor-widget elementor-widget-heading\" data-id=\"75ed841\" data-element_type=\"widget\" data-e-type=\"widget\" data-widget_type=\"heading.default\">\n\t\t\t\t\t<h2 class=\"elementor-heading-title elementor-size-default\">Vztahy v panteonu<\/h2>\t\t\t\t<\/div>\n\t\t\t\t<div class=\"elementor-element elementor-element-853128a elementor-widget elementor-widget-text-editor\" data-id=\"853128a\" data-element_type=\"widget\" data-e-type=\"widget\" data-widget_type=\"text-editor.default\">\n\t\t\t\t\t\t\t\t\t<p>Diana byla u\u017e brzy ch\u00e1p\u00e1na jako sestra Apoll\u00f3nova, v p\u0159esn\u00e9 paralele k Artemid\u011b a Apoll\u00f3novi v \u0159eck\u00e9m syst\u00e9mu. Oba plat\u00ed za d\u011bti Iuppitera a Latony. Apoll\u00f3n p\u0159edstavuje z\u00e1\u0159ivou denn\u00ed a slune\u010dn\u00ed str\u00e1nku, Diana m\u011bs\u00ed\u010dn\u00ed a no\u010dn\u00ed.<\/p><p>V kultovn\u00edch m\u00edstech jako Delos a v \u0159\u00edmsk\u00fdch synkretismech se oba sourozenci \u010dasto objevuj\u00ed spole\u010dn\u011b. Augustovsk\u00e1 n\u00e1bo\u017eensk\u00e1 politika tohoto sourozeneck\u00e9ho p\u00e1ru v\u011bdom\u011b vyu\u017e\u00edvala, nebo\u0165 s\u00e1m Augustus se ch\u00e1pal jako chr\u00e1n\u011bnec Apoll\u00f3n\u016fv.<\/p>\n<p>S Trivi\u00ed, bohyn\u00ed k\u0159i\u017eovatek, je Diana t\u011bsn\u011b srostl\u00e1. V t\u00e9to funkci se st\u00e1v\u00e1 chtonickou bohyn\u00ed noci, <span class=\"iwg-fachbegriff\" data-tooltip=\"Praktiky, kter\u00e9 se sna\u017e\u00ed zvl\u00e1\u0161tn\u00edmi \u00fakony nebo formulemi zas\u00e1hnout do b\u011bhu v\u011bc\u00ed.\" tabindex=\"0\">magie<\/span> a prah\u016f. Catullus, Vergilius a Horatius pou\u017e\u00edvaj\u00ed p\u0159\u00eddomek Trivia jako b\u00e1snickou variantu.<\/p><p>\u0158ada Diana, Luna, Hekat\u00e9, Trivia se \u010dasto spl\u00e9t\u00e1 do jedin\u00e9 mnohotv\u00e1rn\u00e9 postavy, obl\u00edben\u00e9 v c\u00edsa\u0159sk\u00e9 dob\u011b. Pou\u010dn\u00e9 je zde tak\u00e9 <span class=\"iwg-fachbegriff\" data-tooltip=\"Prosebn\u00e9 nebo vz\u00fdvaj\u00edc\u00ed osloven\u00ed bo\u017estva nebo moci.\" tabindex=\"0\">vz\u00fdv\u00e1n\u00ed<\/span> Augusta v Horatiov\u011b \u00abCarmen Saeculare\u00bb, kter\u00e9 tuto trojici bohyn\u00ed shrnuje pod jm\u00e9nem Diana.<\/p>\n<p>Ve vztahu k Venu\u0161i vystupuje Diana jako obh\u00e1jkyn\u011b cudnosti. Ob\u011b bohyn\u011b jsou v ot\u00e1zk\u00e1ch l\u00e1sky a man\u017eelstv\u00ed vz\u00fdv\u00e1ny jako protip\u00f3ly. S Iunonou sd\u00edl\u00ed Diana aspekt pomoci p\u0159i porodu, proto byly ob\u011b p\u0159i porodech spole\u010dn\u011b prosen\u00e9 o ochranu. Tyto aspekty ukazuj\u00ed, \u017ee Diana nebyla v \u0159\u00edmsk\u00e9m <span class=\"iwg-fachbegriff\" data-tooltip=\"Souhrn boh\u016f dan\u00e9ho n\u00e1bo\u017eenstv\u00ed nebo kultury.\" tabindex=\"0\">panteonu<\/span> osamocen\u00e1, ale zasazen\u00e1 do s\u00edt\u011b \u017eensk\u00fdch funkc\u00ed.<\/p>\t\t\t\t\t\t\t\t<\/div>\n\t\t\t\t<\/div>\n\t\t<div class=\"elementor-element elementor-element-c92c8a7 e-con-full e-flex e-con e-child\" data-id=\"c92c8a7\" data-element_type=\"container\" data-e-type=\"container\">\n\t\t\t\t<div class=\"elementor-element elementor-element-3bb7509 elementor-widget elementor-widget-heading\" data-id=\"3bb7509\" data-element_type=\"widget\" data-e-type=\"widget\" data-widget_type=\"heading.default\">\n\t\t\t\t\t<h2 class=\"elementor-heading-title elementor-size-default\">Recepce a odkaz<\/h2>\t\t\t\t<\/div>\n\t\t\t\t<div class=\"elementor-element elementor-element-52b9961 elementor-widget elementor-widget-text-editor\" data-id=\"52b9961\" data-element_type=\"widget\" data-e-type=\"widget\" data-widget_type=\"text-editor.default\">\n\t\t\t\t\t\t\t\t\t<p>Renesance znovu objevila Dianu jako zt\u011blesn\u011bn\u00ed p\u016fvabu a odvr\u00e1cen\u00ed od p\u0159\u00edrody. Tizian ji zobrazoval opakovan\u011b, nejzn\u00e1m\u011bj\u0161\u00ed jsou obrazy \u201eDiana a Aktaion\u201c a \u201eDiana a Kallisto\u201c, oba dnes v Edinburghu.<\/p><p>V 16. stolet\u00ed se stala obl\u00edbenou bohyn\u00ed francouzsk\u00e9 dvorsk\u00e9 kultury, zejm\u00e9na za vl\u00e1dy Henricha II. a Diane de Poitiers, kter\u00e1 se v\u011bdom\u011b stylizovala do diansk\u00e9 role. Z\u00e1mek Anet se stal diansk\u00fdm \u00fato\u010di\u0161t\u011bm s mnoha obrazov\u00fdmi programy, v\u010detn\u011b slavn\u00e9 sochy Diane chasseresse, kter\u00e1 dnes stoj\u00ed v Louvru.<\/p>\n<p>V obdob\u00ed barokna se Diana objevuje ve francouzsk\u00e9 dvorsk\u00e9 ope\u0159e, nap\u0159\u00edklad u Lullyho, a na obrazech Domenichina a Rubense.<\/p><p>V 18. stolet\u00ed zauj\u00edm\u00e1 m\u00e9n\u011b ikonografick\u00fd a v\u00edce krajinomalebn\u00fd prostor, proto\u017ee roste z\u00e1jem o divok\u00e9 h\u00e1je a sc\u00e9ny s m\u011bs\u00ed\u010dn\u00edm svitem. Romantismus 19. stolet\u00ed tento obraz d\u00e1le rozv\u00edj\u00ed a d\u011bl\u00e1 z Diany <span class=\"iwg-fachbegriff\" data-tooltip=\"V\u00fdsti\u017en\u00fd obraz, kter\u00fd p\u0159edstavuje abstraktn\u00ed my\u0161lenku.\" tabindex=\"0\">symbol<\/span> nezkrocen\u00e9, p\u0159edciviliza\u010dn\u00ed p\u0159\u00edrody.<\/p>\n<p>V n\u00e1bo\u017eensk\u00fdch d\u011bjin\u00e1ch 19. a 20. stolet\u00ed se Diana stala kl\u00ed\u010dovou postavou. Frazer zah\u00e1jil sv\u00e9 d\u00edlo \u201eThe Golden Bough\u201c ot\u00e1zkou po kn\u011bzi z Nemi a z toho vyvinul rozs\u00e1hlou teorii magick\u00fdch kr\u00e1lovstv\u00ed.<\/p><p>Margaret Murray a jej\u00ed n\u00e1sledovn\u00edci u\u010dinili z Diany jmenovkyni \u00fadajn\u00e9ho evropsk\u00e9ho podzemn\u00edho n\u00e1bo\u017eenstv\u00ed, konstrukt, kter\u00fd je dnes v\u011bdou pova\u017eov\u00e1n za historicky neudr\u017eiteln\u00fd, ale kter\u00fd hluboce ovlivnil modern\u00ed novopohansk\u00e9 sm\u011bry. Stregheria, italoamerick\u00e9 \u010darod\u011bjnick\u00e9 hnut\u00ed 20. stolet\u00ed, se odvol\u00e1v\u00e1 na Dianu jako na nejvy\u0161\u0161\u00ed <span class=\"iwg-fachbegriff\" data-tooltip=\"Bytost uct\u00edvan\u00e1 jako bo\u017esk\u00e1 v r\u00e1mci n\u00e1bo\u017eenstv\u00ed.\" tabindex=\"0\">bo\u017estvo<\/span> a dokazuje trvaj\u00edc\u00ed s\u00edlu p\u016fsoben\u00ed t\u00e9to antick\u00e9 postavy.<\/p>\t\t\t\t\t\t\t\t<\/div>\n\t\t\t\t<\/div>\n\t\t<div class=\"elementor-element elementor-element-f43230f e-con-full e-flex e-con e-child\" data-id=\"f43230f\" data-element_type=\"container\" data-e-type=\"container\">\n\t\t\t\t<div class=\"elementor-element elementor-element-47197b7 elementor-widget elementor-widget-heading\" data-id=\"47197b7\" data-element_type=\"widget\" data-e-type=\"widget\" data-widget_type=\"heading.default\">\n\t\t\t\t\t<h2 class=\"elementor-heading-title elementor-size-default\">Religionistick\u00e9 za\u0159azen\u00ed<\/h2>\t\t\t\t<\/div>\n\t\t\t\t<div class=\"elementor-element elementor-element-bd211dd elementor-widget elementor-widget-text-editor\" data-id=\"bd211dd\" data-element_type=\"widget\" data-e-type=\"widget\" data-widget_type=\"text-editor.default\">\n\t\t\t\t\t\t\t\t\t<p>Robert Schilling popisuje Dianu jako italskou bohyni se dv\u011bma t\u011b\u017ei\u0161ti, venkovsk\u00fdm kultem h\u00e1j\u016f a st\u00e1tn\u011b-m\u011bstskou funkc\u00ed na Aventinu. Oba p\u00f3ly jsou z hlediska soci\u00e1ln\u00edch d\u011bjin odd\u011blen\u00e9, ale kultovn\u011b spolu spojen\u00e9. Kurt Latte vykl\u00e1d\u00e1 starou Dianu jako latinskou hlavn\u00ed bohyni a v <span class=\"iwg-fachbegriff\" data-tooltip=\"Souhrn n\u00e1bo\u017eensk\u00fdch \u00factn\u00fdch \u00fakon\u016f k bohu nebo svat\u00e9 bytosti.\" tabindex=\"0\">kultu<\/span> v Nemi vid\u00ed m\u00edsto spojeneck\u00e9 p\u0159\u00edsahy latinsk\u00fdch m\u011bst p\u0159ed \u0159\u00edmskou hegemoni\u00ed.<\/p>\n<p>Mary Beard, John North a Simon Price zd\u016fraz\u0148uj\u00ed soci\u00e1ln\u00ed slo\u017eku. <span class=\"iwg-fachbegriff\" data-tooltip=\"Stavba slouz\u00edc\u00ed k uct\u00edv\u00e1n\u00ed jednoho nebo v\u00edce bo\u017estev.\" tabindex=\"0\">Chr\u00e1m<\/span> na Aventinu byl shroma\u017e\u010fovac\u00edm m\u00edstem plebejc\u016f a otrok\u016f, venkovsk\u00fd <span class=\"iwg-fachbegriff\" data-tooltip=\"Souhrn n\u00e1bo\u017eensk\u00fdch \u00factn\u00fdch \u00fakon\u016f k bohu nebo svat\u00e9 bytosti.\" tabindex=\"0\">kult<\/span> oslovoval \u017eeny, past\u00fd\u0159e a poutn\u00edky. Bohyn\u011b tak odr\u00e1\u017e\u00ed vrstvy mimo sen\u00e1torsk\u00e9 j\u00e1dro, co\u017e vysv\u011btluje jej\u00ed dlouhou \u017eivotnost v lidov\u00e9 religiozit\u011b.<\/p><p>J\u00f6rg R\u00fcpke zd\u016fraz\u0148uje intermedi\u00e1ln\u00ed charakter Diany, kter\u00e1 spojovala m\u011bstsk\u00e9 a venkovsk\u00e9, hel\u00e9nistick\u00e9 a italsk\u00e9, ve\u0159ejn\u00e9 i soukrom\u00e9 prvky.<\/p>\n<p>N\u00e1bo\u017eenskohistorick\u00e1 kontinuita a\u017e do st\u0159edov\u011bku je \u0161iroce dolo\u017een\u00e1. Carlo Ginzburg ve sv\u00e9 knize \u201eStoria notturna\u201c vystopoval stopy diansk\u00fdch p\u0159edstav v lidov\u00fdch magick\u00fdch praktik\u00e1ch severn\u00ed It\u00e1lie a uk\u00e1zal, \u017ee \u010darod\u011bjnick\u00e9 p\u0159edstavy ran\u00e9ho novov\u011bku vznikly ze s\u00edt\u011b takov\u00fdch tradic. Tak\u00e9 Norman Cohn v \u201eEurope&#8217;s Inner Demons\u201c analyzuje, jak c\u00edrkevn\u00ed demonizace tyto venkovsk\u00e9 p\u0159edstavy p\u0159ekryla.<\/p>\n<p>Archeologick\u00fd v\u00fdzkum 20. a 21. stolet\u00ed odkryl v Nemi, Aricii a na Aventinu <span class=\"iwg-fachbegriff\" data-tooltip=\"Svat\u00e9 m\u00edsto zasv\u011bcen\u00e9 uct\u00edv\u00e1n\u00ed bo\u017estva.\" tabindex=\"0\">svatyni<\/span> d\u00edky rozs\u00e1hl\u00fdm vykop\u00e1vk\u00e1m. N\u00e1lezy, zejm\u00e9na n\u00e1pisy a votivn\u00ed dary, dokl\u00e1daj\u00ed kontinuitu po stalet\u00ed a ukazuj\u00ed, \u017ee <span class=\"iwg-fachbegriff\" data-tooltip=\"Souhrn n\u00e1bo\u017eensk\u00fdch \u00factn\u00fdch \u00fakon\u016f k bohu nebo svat\u00e9 bytosti.\" tabindex=\"0\">kult<\/span> p\u0159etrval a\u017e do k\u0159es\u0165ansk\u00e9 <span class=\"iwg-fachbegriff\" data-tooltip=\"P\u0159echodn\u00e1 epocha mezi antikou a st\u0159edov\u011bkem, zhruba 3. a\u017e 7. stolet\u00ed.\" tabindex=\"0\">pozdn\u00ed antiky<\/span>.<\/p>\t\t\t\t\t\t\t\t<\/div>\n\t\t\t\t<\/div>\n\t\t<div class=\"elementor-element elementor-element-a72358d e-con-full e-flex e-con e-child\" data-id=\"a72358d\" data-element_type=\"container\" data-e-type=\"container\">\n\t\t\t\t<div class=\"elementor-element elementor-element-261e25e elementor-widget elementor-widget-heading\" data-id=\"261e25e\" data-element_type=\"widget\" data-e-type=\"widget\" data-widget_type=\"heading.default\">\n\t\t\t\t\t<h2 class=\"elementor-heading-title elementor-size-default\">Prameny a dal\u0161\u00ed literatura<\/h2>\t\t\t\t<\/div>\n\t\t\t\t<div class=\"elementor-element elementor-element-0e3b7c1 elementor-widget elementor-widget-text-editor\" data-id=\"0e3b7c1\" data-element_type=\"widget\" data-e-type=\"widget\" data-widget_type=\"text-editor.default\">\n\t\t\t\t\t\t\t\t\t<div data-nosnippet=\"true\"><p><span class=\"iwg-fachbegriff\" data-tooltip=\"Epocha \u0159eck\u00e9 a \u0159\u00edmsk\u00e9 kultury, zhruba 800 p\u0159. n. l. a\u017e 600 n. l.\" tabindex=\"0\">Antika<\/span>: Vergilius \u201eAeneis\u201c, Ovidius \u201eMetamorphoses\u201c a \u201eFasti\u201c, Livius \u201eAb urbe condita\u201c, Catullus \u201eCarmina\u201c 34, Horatius \u201eCarmen Saeculare\u201c, Strab\u00f3n \u201eGeographika\u201c, Servi\u016fv koment\u00e1\u0159, Pausanias \u201ePeriegesis\u201c, Plinius \u201eNaturalis historia\u201c.<\/p>\n<ul><li>Odborn\u00e1 literatura: James George Frazer, \u00abThe Golden Bough\u00bb, London 1890-1915.<\/li><li>Robert Schilling, \u00abRites, cultes, dieux de Rome\u00bb, Paris 1979.<\/li><li>Mary Beard, John North, Simon Price, \u00abReligions of Rome\u00bb, Cambridge 1998.<\/li><li>J\u00f6rg R\u00fcpke, \u00abDie Religion der R\u00f6mer\u00bb, M\u00fcnchen 2001.<\/li><li>Carlo Ginzburg, \u00abStoria notturna\u00bb, Tur\u00edn 1989.<\/li><li>Christopher Smith, \u00abThe Roman Clan\u00bb, Cambridge 2006.<\/li><li>Kurt Latte, \u00abR\u00f6mische Religionsgeschichte\u00bb, M\u00fcnchen 1960.<\/li><\/ul><\/div>\t\t\t\t\t\t\t\t<\/div>\n\t\t\t\t<\/div>\n\t\t\t\t\t<\/div>\n\t\t\t\t<\/div>\n\t\t\t\t<\/div>\n\t\t","protected":false},"excerpt":{"rendered":"","protected":false},"author":3,"featured_media":3256,"parent":0,"menu_order":0,"comment_status":"closed","ping_status":"closed","template":"elementor_header_footer","meta":{"_yoast_wpseo_focuskw":"Diana","_yoast_wpseo_title":"Diana \u2013 \u0159\u00edmsk\u00e1 bohyn\u011b lovu | iWell Guard","_yoast_wpseo_metadesc":"Diana je \u0159\u00edmsk\u00e1 bohyn\u011b lovu, m\u011bs\u00edce, divok\u00e9 zv\u011b\u0159e a porodu. Sestra Apoll\u00f3na, svatyn\u011b v Nemi, aspekt Trivie. M\u00fdtus a kult.","_yoast_wpseo_meta-robots-noindex":"","_yoast_wpseo_canonical":"","_angie_page":false,"gefaehrdungsstufe":"2","wesen_kultur":"rom","wesen_klasse":"goetter","footnotes":""},"categories":[],"class_list":["post-145598","page","type-page","status-publish","has-post-thumbnail","hentry"],"yoast_head":"<!-- This site is optimized with the Yoast SEO Premium plugin v27.7 (Yoast SEO v28.3) - https:\/\/yoast.com\/product\/yoast-seo-premium-wordpress\/ -->\n<title>Diana \u2013 \u0159\u00edmsk\u00e1 bohyn\u011b lovu | iWell Guard<\/title>\n<meta name=\"description\" content=\"Diana je \u0159\u00edmsk\u00e1 bohyn\u011b lovu, m\u011bs\u00edce, divok\u00e9 zv\u011b\u0159e a porodu. Sestra Apoll\u00f3na, svatyn\u011b v Nemi, aspekt Trivie. M\u00fdtus a kult.\" \/>\n<meta name=\"robots\" content=\"index, follow, max-snippet:-1, max-image-preview:large, max-video-preview:-1\" \/>\n<link rel=\"canonical\" href=\"https:\/\/iwell-guard.com\/cs\/diana\/\" \/>\n<meta property=\"og:locale\" content=\"cs_CZ\" \/>\n<meta property=\"og:type\" content=\"article\" \/>\n<meta property=\"og:title\" content=\"Diana\" \/>\n<meta property=\"og:description\" content=\"Diana je \u0159\u00edmsk\u00e1 bohyn\u011b lovu, m\u011bs\u00edce, divok\u00e9 zv\u011b\u0159e a porodu. Sestra Apoll\u00f3na, svatyn\u011b v Nemi, aspekt Trivie. M\u00fdtus a kult.\" \/>\n<meta property=\"og:url\" content=\"https:\/\/iwell-guard.com\/cs\/diana\/\" \/>\n<meta property=\"og:site_name\" content=\"iWell Guard\" \/>\n<meta property=\"article:modified_time\" content=\"2026-09-03T17:00:31+00:00\" \/>\n<meta property=\"og:image\" content=\"https:\/\/iwell-guard.com\/wp-content\/uploads\/2026\/05\/goetter_rom_diana.webp\" \/>\n\t<meta property=\"og:image:width\" content=\"1024\" \/>\n\t<meta property=\"og:image:height\" content=\"1536\" \/>\n\t<meta property=\"og:image:type\" content=\"image\/webp\" \/>\n<meta name=\"twitter:card\" content=\"summary_large_image\" \/>\n<script type=\"application\/ld+json\" class=\"yoast-schema-graph\">{\"@context\":\"https:\\\/\\\/schema.org\",\"@graph\":[{\"@type\":\"WebPage\",\"@id\":\"https:\\\/\\\/iwell-guard.com\\\/cs\\\/diana\\\/\",\"url\":\"https:\\\/\\\/iwell-guard.com\\\/cs\\\/diana\\\/\",\"name\":\"Diana \u2013 \u0159\u00edmsk\u00e1 bohyn\u011b lovu | iWell Guard\",\"isPartOf\":{\"@id\":\"https:\\\/\\\/iwell-guard.com\\\/cs\\\/#website\"},\"primaryImageOfPage\":{\"@id\":\"https:\\\/\\\/iwell-guard.com\\\/cs\\\/diana\\\/#primaryimage\"},\"image\":{\"@id\":\"https:\\\/\\\/iwell-guard.com\\\/cs\\\/diana\\\/#primaryimage\"},\"thumbnailUrl\":\"https:\\\/\\\/iwell-guard.com\\\/wp-content\\\/uploads\\\/2026\\\/05\\\/goetter_rom_diana.webp\",\"datePublished\":\"2026-09-03T16:31:55+00:00\",\"dateModified\":\"2026-09-03T17:00:31+00:00\",\"description\":\"Diana je \u0159\u00edmsk\u00e1 bohyn\u011b lovu, m\u011bs\u00edce, divok\u00e9 zv\u011b\u0159e a porodu. Sestra Apoll\u00f3na, svatyn\u011b v Nemi, aspekt Trivie. M\u00fdtus a kult.\",\"breadcrumb\":{\"@id\":\"https:\\\/\\\/iwell-guard.com\\\/cs\\\/diana\\\/#breadcrumb\"},\"inLanguage\":\"cs\",\"potentialAction\":[{\"@type\":\"ReadAction\",\"target\":[\"https:\\\/\\\/iwell-guard.com\\\/cs\\\/diana\\\/\"]}]},{\"@type\":\"ImageObject\",\"inLanguage\":\"cs\",\"@id\":\"https:\\\/\\\/iwell-guard.com\\\/cs\\\/diana\\\/#primaryimage\",\"url\":\"https:\\\/\\\/iwell-guard.com\\\/wp-content\\\/uploads\\\/2026\\\/05\\\/goetter_rom_diana.webp\",\"contentUrl\":\"https:\\\/\\\/iwell-guard.com\\\/wp-content\\\/uploads\\\/2026\\\/05\\\/goetter_rom_diana.webp\",\"width\":1024,\"height\":1536,\"caption\":\"Bohov\u00e9 z \u0159\u00edmsk\u00e9 tradice.\"},{\"@type\":\"BreadcrumbList\",\"@id\":\"https:\\\/\\\/iwell-guard.com\\\/cs\\\/diana\\\/#breadcrumb\",\"itemListElement\":[{\"@type\":\"ListItem\",\"position\":1,\"name\":\"Start\",\"item\":\"https:\\\/\\\/iwell-guard.com\\\/cs\\\/?page_id=145107\"},{\"@type\":\"ListItem\",\"position\":2,\"name\":\"Diana\"}]},{\"@type\":\"WebSite\",\"@id\":\"https:\\\/\\\/iwell-guard.com\\\/cs\\\/#website\",\"url\":\"https:\\\/\\\/iwell-guard.com\\\/cs\\\/\",\"name\":\"iWell Guard\",\"description\":\"Schutz vor dunklen Einfl\u00fcssen\",\"publisher\":{\"@id\":\"https:\\\/\\\/iwell-guard.com\\\/cs\\\/#organization\"},\"potentialAction\":[{\"@type\":\"SearchAction\",\"target\":{\"@type\":\"EntryPoint\",\"urlTemplate\":\"https:\\\/\\\/iwell-guard.com\\\/cs\\\/?s={search_term_string}\"},\"query-input\":{\"@type\":\"PropertyValueSpecification\",\"valueRequired\":true,\"valueName\":\"search_term_string\"}}],\"inLanguage\":\"cs\"},{\"@type\":\"Organization\",\"@id\":\"https:\\\/\\\/iwell-guard.com\\\/cs\\\/#organization\",\"name\":\"Ittermann electronic GmbH\",\"url\":\"https:\\\/\\\/iwell-guard.com\\\/cs\\\/\",\"logo\":{\"@type\":\"ImageObject\",\"inLanguage\":\"cs\",\"@id\":\"https:\\\/\\\/iwell-guard.com\\\/cs\\\/#\\\/schema\\\/logo\\\/image\\\/\",\"url\":\"https:\\\/\\\/iwell-guard.com\\\/wp-content\\\/uploads\\\/2026\\\/05\\\/Ittermann-Logo-1182x237-1.png\",\"contentUrl\":\"https:\\\/\\\/iwell-guard.com\\\/wp-content\\\/uploads\\\/2026\\\/05\\\/Ittermann-Logo-1182x237-1.png\",\"width\":1182,\"height\":237,\"caption\":\"Ittermann electronic GmbH\"},\"image\":{\"@id\":\"https:\\\/\\\/iwell-guard.com\\\/cs\\\/#\\\/schema\\\/logo\\\/image\\\/\"},\"sameAs\":[\"https:\\\/\\\/pantip.com\\\/profile\\\/9367242\",\"https:\\\/\\\/micro.blog\\\/iwellguard\",\"https:\\\/\\\/www.diggerslist.com\\\/iwellguard\\\/about\",\"https:\\\/\\\/skitterphoto.com\\\/photographers\\\/2870314\\\/iwell-guard\",\"https:\\\/\\\/iwellguard.wordpress.com\\\/2026\\\/06\\\/06\\\/iwell-guard\\\/\",\"https:\\\/\\\/hub.docker.com\\\/u\\\/iwellguard\",\"https:\\\/\\\/www.pinterest.com\\\/iwellguard\\\/\",\"https:\\\/\\\/bit.ly\\\/m\\\/iwellguard\",\"https:\\\/\\\/entre-vos-mains.alsace.eu\\\/profiles\\\/iwellguard\\\/activity\",\"https:\\\/\\\/gravatar.com\\\/reallybeded8fd34\",\"https:\\\/\\\/naijamatta.com\\\/iwellguard\",\"https:\\\/\\\/www.goodreads.com\\\/iwellguard\",\"https:\\\/\\\/profile.hatena.ne.jp\\\/iwellguard\\\/\",\"https:\\\/\\\/experiment.com\\\/users\\\/iwellguard\",\"https:\\\/\\\/wakelet.com\\\/@iWellGuard82270\",\"https:\\\/\\\/www.chordie.com\\\/forum\\\/profile.php?id=2555664\",\"https:\\\/\\\/www.instapaper.com\\\/p\\\/17757966\",\"https:\\\/\\\/www.mapleprimes.com\\\/users\\\/iwellguard\",\"https:\\\/\\\/businesslistingplus.com\\\/profile\\\/iwell-guard\\\/\",\"https:\\\/\\\/telegra.ph\\\/iWell-Guard-06-06\",\"https:\\\/\\\/pbase.com\\\/iwellguard\\\/iwellguard\",\"https:\\\/\\\/b.hatena.ne.jp\\\/iwellguard\\\/20260607#bookmark-4788405196491818882\",\"https:\\\/\\\/fliphtml5.com\\\/home\\\/iwellguard\",\"https:\\\/\\\/anyflip.com\\\/homepage\\\/cmiwl#About\",\"https:\\\/\\\/transfur.com\\\/Users\\\/iwellguard\",\"http:\\\/\\\/delphi.larsbo.org\\\/user\\\/iwellguard\",\"https:\\\/\\\/jobs.lajobsportal.org\\\/profiles\\\/8380803-iwell-guard\",\"https:\\\/\\\/md.chaosdorf.de\\\/s\\\/jfbe5SBdJD\",\"https:\\\/\\\/www.lingvolive.com\\\/en-us\\\/profile\\\/9ecaeaca-ce11-4e51-9e71-01d55e2bff36\\\/translations\",\"https:\\\/\\\/www.fitday.com\\\/fitness\\\/forums\\\/members\\\/iwellguard.html\",\"https:\\\/\\\/www.mymeetbook.com\\\/iwellguard\",\"https:\\\/\\\/pxhere.com\\\/en\\\/photographer-me\\\/5040798\",\"https:\\\/\\\/disqus.com\\\/by\\\/iwellguard\\\/about\\\/\",\"https:\\\/\\\/pastelink.net\\\/hjwciqwq\",\"https:\\\/\\\/pubhtml5.com\\\/homepage\\\/scjhn\\\/\",\"https:\\\/\\\/www.bitchute.com\\\/channel\\\/2O2eOKzNqujT\",\"https:\\\/\\\/audiomack.com\\\/iwellguard\"]},{\"@type\":\"Article\",\"@id\":\"https:\\\/\\\/iwell-guard.com\\\/cs\\\/diana\\\/#article\",\"isPartOf\":{\"@id\":\"https:\\\/\\\/iwell-guard.com\\\/cs\\\/diana\\\/\"},\"author\":{\"name\":\"Ralf Ittermann\",\"@id\":\"https:\\\/\\\/iwell-guard.com\\\/cs\\\/#\\\/schema\\\/person\\\/ee2a27f1cac3406c7c6fb5820cb7349f\"},\"headline\":\"Diana\",\"datePublished\":\"2026-09-03T16:31:55+00:00\",\"dateModified\":\"2026-09-03T17:00:31+00:00\",\"mainEntityOfPage\":{\"@id\":\"https:\\\/\\\/iwell-guard.com\\\/cs\\\/diana\\\/\"},\"publisher\":{\"@id\":\"https:\\\/\\\/iwell-guard.com\\\/cs\\\/#organization\"},\"image\":{\"@id\":\"https:\\\/\\\/iwell-guard.com\\\/cs\\\/diana\\\/#primaryimage\"},\"thumbnailUrl\":\"https:\\\/\\\/iwell-guard.com\\\/wp-content\\\/uploads\\\/2026\\\/05\\\/goetter_rom_diana.webp\",\"inLanguage\":\"cs\",\"description\":\"Diana je \u0159\u00edmsk\u00e1 bohyn\u011b lovu, m\u011bs\u00edce, divok\u00e9 zv\u011b\u0159e a porodu. Sestra Apoll\u00f3na, svatyn\u011b v Nemi, aspekt Trivie. M\u00fdtus a kult.\"}]}<\/script>\n<!-- \/ Yoast SEO Premium plugin. -->","yoast_head_json":{"title":"Diana \u2013 \u0159\u00edmsk\u00e1 bohyn\u011b lovu | iWell Guard","description":"Diana je \u0159\u00edmsk\u00e1 bohyn\u011b lovu, m\u011bs\u00edce, divok\u00e9 zv\u011b\u0159e a porodu. Sestra Apoll\u00f3na, svatyn\u011b v Nemi, aspekt Trivie. M\u00fdtus a kult.","robots":{"index":"index","follow":"follow","max-snippet":"max-snippet:-1","max-image-preview":"max-image-preview:large","max-video-preview":"max-video-preview:-1"},"canonical":"https:\/\/iwell-guard.com\/cs\/diana\/","og_locale":"cs_CZ","og_type":"article","og_title":"Diana","og_description":"Diana je \u0159\u00edmsk\u00e1 bohyn\u011b lovu, m\u011bs\u00edce, divok\u00e9 zv\u011b\u0159e a porodu. Sestra Apoll\u00f3na, svatyn\u011b v Nemi, aspekt Trivie. M\u00fdtus a kult.","og_url":"https:\/\/iwell-guard.com\/cs\/diana\/","og_site_name":"iWell Guard","article_modified_time":"2026-09-03T17:00:31+00:00","og_image":[{"width":1024,"height":1536,"url":"https:\/\/iwell-guard.com\/wp-content\/uploads\/2026\/05\/goetter_rom_diana.webp","type":"image\/webp"}],"twitter_card":"summary_large_image","schema":{"@context":"https:\/\/schema.org","@graph":[{"@type":"Article","@id":"https:\/\/iwell-guard.com\/cs\/diana\/#article","isPartOf":{"@id":"https:\/\/iwell-guard.com\/cs\/diana\/"},"author":{"name":"Ralf Ittermann","@id":"https:\/\/iwell-guard.com\/cs\/#\/schema\/person\/ee2a27f1cac3406c7c6fb5820cb7349f"},"headline":"Diana","datePublished":"2026-09-03T16:31:55+00:00","dateModified":"2026-09-03T17:00:31+00:00","mainEntityOfPage":{"@id":"https:\/\/iwell-guard.com\/cs\/diana\/"},"publisher":{"@id":"https:\/\/iwell-guard.com\/cs\/#organization"},"image":{"@id":"https:\/\/iwell-guard.com\/cs\/diana\/#primaryimage"},"thumbnailUrl":"https:\/\/iwell-guard.com\/wp-content\/uploads\/2026\/05\/goetter_rom_diana.webp","inLanguage":"cs","description":"Diana je \u0159\u00edmsk\u00e1 bohyn\u011b lovu, m\u011bs\u00edce, divok\u00e9 zv\u011b\u0159e a porodu. Sestra Apoll\u00f3na, svatyn\u011b v Nemi, aspekt Trivie. M\u00fdtus a kult."},{"@type":"WebPage","@id":"https:\/\/iwell-guard.com\/cs\/diana\/","url":"https:\/\/iwell-guard.com\/cs\/diana\/","name":"Diana \u2013 \u0159\u00edmsk\u00e1 bohyn\u011b lovu | iWell Guard","isPartOf":{"@id":"https:\/\/iwell-guard.com\/cs\/#website"},"primaryImageOfPage":{"@id":"https:\/\/iwell-guard.com\/cs\/diana\/#primaryimage"},"image":{"@id":"https:\/\/iwell-guard.com\/cs\/diana\/#primaryimage"},"thumbnailUrl":"https:\/\/iwell-guard.com\/wp-content\/uploads\/2026\/05\/goetter_rom_diana.webp","datePublished":"2026-09-03T16:31:55+00:00","dateModified":"2026-09-03T17:00:31+00:00","description":"Diana je \u0159\u00edmsk\u00e1 bohyn\u011b lovu, m\u011bs\u00edce, divok\u00e9 zv\u011b\u0159e a porodu. Sestra Apoll\u00f3na, svatyn\u011b v Nemi, aspekt Trivie. M\u00fdtus a kult.","breadcrumb":{"@id":"https:\/\/iwell-guard.com\/cs\/diana\/#breadcrumb"},"inLanguage":"cs","potentialAction":[{"@type":"ReadAction","target":["https:\/\/iwell-guard.com\/cs\/diana\/"]}]},{"@type":"ImageObject","inLanguage":"cs","@id":"https:\/\/iwell-guard.com\/cs\/diana\/#primaryimage","url":"https:\/\/iwell-guard.com\/wp-content\/uploads\/2026\/05\/goetter_rom_diana.webp","contentUrl":"https:\/\/iwell-guard.com\/wp-content\/uploads\/2026\/05\/goetter_rom_diana.webp","width":1024,"height":1536,"caption":"Bohov\u00e9 z \u0159\u00edmsk\u00e9 tradice."},{"@type":"BreadcrumbList","@id":"https:\/\/iwell-guard.com\/cs\/diana\/#breadcrumb","itemListElement":[{"@type":"ListItem","position":1,"name":"Start","item":"https:\/\/iwell-guard.com\/cs\/?page_id=145107"},{"@type":"ListItem","position":2,"name":"Diana"}]},{"@type":"WebSite","@id":"https:\/\/iwell-guard.com\/cs\/#website","url":"https:\/\/iwell-guard.com\/cs\/","name":"iWell Guard","description":"Schutz vor dunklen Einfl\u00fcssen","publisher":{"@id":"https:\/\/iwell-guard.com\/cs\/#organization"},"potentialAction":[{"@type":"SearchAction","target":{"@type":"EntryPoint","urlTemplate":"https:\/\/iwell-guard.com\/cs\/?s={search_term_string}"},"query-input":{"@type":"PropertyValueSpecification","valueRequired":true,"valueName":"search_term_string"}}],"inLanguage":"cs"},{"@type":"Organization","@id":"https:\/\/iwell-guard.com\/cs\/#organization","name":"Ittermann electronic GmbH","url":"https:\/\/iwell-guard.com\/cs\/","logo":{"@type":"ImageObject","inLanguage":"cs","@id":"https:\/\/iwell-guard.com\/cs\/#\/schema\/logo\/image\/","url":"https:\/\/iwell-guard.com\/wp-content\/uploads\/2026\/05\/Ittermann-Logo-1182x237-1.png","contentUrl":"https:\/\/iwell-guard.com\/wp-content\/uploads\/2026\/05\/Ittermann-Logo-1182x237-1.png","width":1182,"height":237,"caption":"Ittermann electronic GmbH"},"image":{"@id":"https:\/\/iwell-guard.com\/cs\/#\/schema\/logo\/image\/"},"sameAs":["https:\/\/pantip.com\/profile\/9367242","https:\/\/micro.blog\/iwellguard","https:\/\/www.diggerslist.com\/iwellguard\/about","https:\/\/skitterphoto.com\/photographers\/2870314\/iwell-guard","https:\/\/iwellguard.wordpress.com\/2026\/06\/06\/iwell-guard\/","https:\/\/hub.docker.com\/u\/iwellguard","https:\/\/www.pinterest.com\/iwellguard\/","https:\/\/bit.ly\/m\/iwellguard","https:\/\/entre-vos-mains.alsace.eu\/profiles\/iwellguard\/activity","https:\/\/gravatar.com\/reallybeded8fd34","https:\/\/naijamatta.com\/iwellguard","https:\/\/www.goodreads.com\/iwellguard","https:\/\/profile.hatena.ne.jp\/iwellguard\/","https:\/\/experiment.com\/users\/iwellguard","https:\/\/wakelet.com\/@iWellGuard82270","https:\/\/www.chordie.com\/forum\/profile.php?id=2555664","https:\/\/www.instapaper.com\/p\/17757966","https:\/\/www.mapleprimes.com\/users\/iwellguard","https:\/\/businesslistingplus.com\/profile\/iwell-guard\/","https:\/\/telegra.ph\/iWell-Guard-06-06","https:\/\/pbase.com\/iwellguard\/iwellguard","https:\/\/b.hatena.ne.jp\/iwellguard\/20260607#bookmark-4788405196491818882","https:\/\/fliphtml5.com\/home\/iwellguard","https:\/\/anyflip.com\/homepage\/cmiwl#About","https:\/\/transfur.com\/Users\/iwellguard","http:\/\/delphi.larsbo.org\/user\/iwellguard","https:\/\/jobs.lajobsportal.org\/profiles\/8380803-iwell-guard","https:\/\/md.chaosdorf.de\/s\/jfbe5SBdJD","https:\/\/www.lingvolive.com\/en-us\/profile\/9ecaeaca-ce11-4e51-9e71-01d55e2bff36\/translations","https:\/\/www.fitday.com\/fitness\/forums\/members\/iwellguard.html","https:\/\/www.mymeetbook.com\/iwellguard","https:\/\/pxhere.com\/en\/photographer-me\/5040798","https:\/\/disqus.com\/by\/iwellguard\/about\/","https:\/\/pastelink.net\/hjwciqwq","https:\/\/pubhtml5.com\/homepage\/scjhn\/","https:\/\/www.bitchute.com\/channel\/2O2eOKzNqujT","https:\/\/audiomack.com\/iwellguard"]},{"@type":"Person","@id":"https:\/\/iwell-guard.com\/cs\/#\/schema\/person\/ee2a27f1cac3406c7c6fb5820cb7349f","name":"Ralf Ittermann","image":{"@type":"ImageObject","inLanguage":"cs","@id":"https:\/\/secure.gravatar.com\/avatar\/073c0153e350a5005b68eb752b445fea71f6b24a26da9449ad7e155e6b446c9d?s=96&d=mm&r=g","url":"https:\/\/secure.gravatar.com\/avatar\/073c0153e350a5005b68eb752b445fea71f6b24a26da9449ad7e155e6b446c9d?s=96&d=mm&r=g","contentUrl":"https:\/\/secure.gravatar.com\/avatar\/073c0153e350a5005b68eb752b445fea71f6b24a26da9449ad7e155e6b446c9d?s=96&d=mm&r=g","caption":"Ralf Ittermann"},"givenName":"Ralf","familyName":"Ittermann","jobTitle":"Gesch\u00e4ftsf\u00fchrer und redaktioneller Verantwortlicher","url":"https:\/\/iwell-guard.com\/cs\/author\/claude\/","description":"Ralf Ittermann ist Gesch\u00e4ftsf\u00fchrer der Ittermann electronic GmbH und redaktioneller Verantwortlicher des iWell-Guard-Lexikons. Er verbindet langj\u00e4hrige Erfahrung in der Pr\u00e4zisionsfertigung mit medialer Praxis und religionsgeschichtlicher Quellenarbeit.","worksFor":{"@type":"Organization","name":"Ittermann electronic GmbH","url":"https:\/\/ittermann.de\/","address":{"@type":"PostalAddress","streetAddress":"K\u00f6hlergasse 16-18","postalCode":"99842","addressLocality":"Ruhla","addressCountry":"DE"}},"knowsAbout":["Religionsgeschichte","Mythologie","Mediale Praxis","Energetische Diagnostik","Schutzpraxis","Volksglauben","Westliche Esoterik"]},{"@type":"Article","@id":"https:\/\/iwell-guard.com\/cs\/diana\/#article","isPartOf":{"@id":"https:\/\/iwell-guard.com\/cs\/diana\/"},"author":{"name":"Ralf Ittermann","@id":"https:\/\/iwell-guard.com\/cs\/#\/schema\/person\/ee2a27f1cac3406c7c6fb5820cb7349f"},"headline":"Diana","datePublished":"2026-09-03T16:31:55+00:00","dateModified":"2026-09-03T17:00:31+00:00","mainEntityOfPage":{"@id":"https:\/\/iwell-guard.com\/cs\/diana\/"},"publisher":{"@id":"https:\/\/iwell-guard.com\/cs\/#organization"},"image":{"@id":"https:\/\/iwell-guard.com\/cs\/diana\/#primaryimage"},"thumbnailUrl":"https:\/\/iwell-guard.com\/wp-content\/uploads\/2026\/05\/goetter_rom_diana.webp","inLanguage":"cs","description":"Diana je \u0159\u00edmsk\u00e1 bohyn\u011b lovu, m\u011bs\u00edce, divok\u00e9 zv\u011b\u0159e a porodu. Sestra Apoll\u00f3na, svatyn\u011b v Nemi, aspekt Trivie. M\u00fdtus a kult."}]}},"_links":{"self":[{"href":"https:\/\/iwell-guard.com\/cs\/wp-json\/wp\/v2\/pages\/145598","targetHints":{"allow":["GET"]}}],"collection":[{"href":"https:\/\/iwell-guard.com\/cs\/wp-json\/wp\/v2\/pages"}],"about":[{"href":"https:\/\/iwell-guard.com\/cs\/wp-json\/wp\/v2\/types\/page"}],"author":[{"embeddable":true,"href":"https:\/\/iwell-guard.com\/cs\/wp-json\/wp\/v2\/users\/3"}],"replies":[{"embeddable":true,"href":"https:\/\/iwell-guard.com\/cs\/wp-json\/wp\/v2\/comments?post=145598"}],"version-history":[{"count":0,"href":"https:\/\/iwell-guard.com\/cs\/wp-json\/wp\/v2\/pages\/145598\/revisions"}],"wp:featuredmedia":[{"embeddable":true,"href":"https:\/\/iwell-guard.com\/cs\/wp-json\/wp\/v2\/media\/3256"}],"wp:attachment":[{"href":"https:\/\/iwell-guard.com\/cs\/wp-json\/wp\/v2\/media?parent=145598"}],"wp:term":[{"taxonomy":"category","embeddable":true,"href":"https:\/\/iwell-guard.com\/cs\/wp-json\/wp\/v2\/categories?post=145598"}],"curies":[{"name":"wp","href":"https:\/\/api.w.org\/{rel}","templated":true}]}}