{"id":145597,"date":"2026-09-03T16:31:55","date_gmt":"2026-09-03T16:31:55","guid":{"rendered":"https:\/\/iwell-guard.com\/?page_id=145597"},"modified":"2026-09-03T17:00:31","modified_gmt":"2026-09-03T17:00:31","slug":"minerva","status":"publish","type":"page","link":"https:\/\/iwell-guard.com\/cs\/minerva\/","title":{"rendered":"Minerva"},"content":{"rendered":"\t\t<div data-elementor-type=\"wp-page\" data-elementor-id=\"145597\" class=\"elementor elementor-145597 elementor-3011 elementor-bc-flex-widget\" data-elementor-post-type=\"page\">\n\t\t\t\t<div class=\"elementor-element elementor-element-8b58201 e-flex e-con-boxed e-con e-parent\" data-id=\"8b58201\" data-element_type=\"container\" data-e-type=\"container\" data-settings=\"{&quot;background_background&quot;:&quot;classic&quot;}\">\n\t\t\t\t\t<div class=\"e-con-inner\">\n\t\t<div class=\"elementor-element elementor-element-da51ea3 e-flex e-con-boxed e-con e-child\" data-id=\"da51ea3\" data-element_type=\"container\" data-e-type=\"container\">\n\t\t\t\t\t<div class=\"e-con-inner\">\n\t\t<div class=\"elementor-element elementor-element-6417cf4 e-con-full e-flex e-con e-child\" data-id=\"6417cf4\" data-element_type=\"container\" data-e-type=\"container\">\n\t\t\t\t<div class=\"elementor-element elementor-element-1266072 elementor-widget elementor-widget-heading\" data-id=\"1266072\" data-element_type=\"widget\" data-e-type=\"widget\" data-widget_type=\"heading.default\">\n\t\t\t\t\t<h1 class=\"elementor-heading-title elementor-size-default\">Minerva, \u0159\u00edmsk\u00e1 bohyn\u011b moudrosti<\/h1>\t\t\t\t<\/div>\n\t\t\t\t<div class=\"elementor-element elementor-element-322afdc elementor-widget elementor-widget-text-editor\" data-id=\"322afdc\" data-element_type=\"widget\" data-e-type=\"widget\" data-widget_type=\"text-editor.default\">\n\t\t\t\t\t\t\t\t\t<p>Minerva je \u0159\u00edmsk\u00e1 bohyn\u011b moudrosti, um\u011bleck\u00e9ho \u0159emesla a strategick\u00e9ho veden\u00ed v\u00e1lky. Spolu s Iuppiterem a Iunonou pat\u0159\u00ed ke kapitolsk\u00e9 tri\u00e1d\u011b, kter\u00e1 tvo\u0159ila n\u00e1bo\u017eensk\u00e9 centrum \u0159\u00edmsk\u00e9ho st\u00e1tu. Na rozd\u00edl od nezkrotn\u00e9ho Marta zt\u011bles\u0148uje pl\u00e1novac\u00ed, technickou str\u00e1nku v\u00e1lky.<\/p><p>Jej\u00ed <span class=\"iwg-fachbegriff\" data-tooltip=\"Souhrn n\u00e1bo\u017eensk\u00fdch \u00factyhodn\u00fdch \u00fakon\u016f v\u011bnovan\u00fdch ur\u010dit\u00e9mu bo\u017estvu nebo svat\u00e9 postav\u011b.\" tabindex=\"0\">kult<\/span> spojoval \u0159emeslnick\u00e9 cechy, u\u010ditele, l\u00e9ka\u0159e a hudebn\u00edky a sahal od etrusk\u00fdch ko\u0159en\u016f a\u017e do <span class=\"iwg-fachbegriff\" data-tooltip=\"P\u0159echodn\u00e1 epocha mezi antikou a st\u0159edov\u011bkem, zhruba 3. a\u017e 7. stolet\u00ed.\" tabindex=\"0\">pozdn\u00ed antiky<\/span>. A\u017e dodnes z\u016fst\u00e1v\u00e1 Minerva v evropsk\u00e9 vzd\u011bl\u00e1vac\u00ed tradici <span class=\"iwg-fachbegriff\" data-tooltip=\"V\u00fdsti\u017en\u00fd obraz, kter\u00fd zastupuje abstraktn\u00ed my\u0161lenku.\" tabindex=\"0\">symbolem<\/span> pozn\u00e1n\u00ed, kter\u00e9 vyr\u016fst\u00e1 ze zku\u0161enosti a discipl\u00edny.<\/p>\t\t\t\t\t\t\t\t<\/div>\n\t\t\t\t<\/div>\n\t\t<div class=\"elementor-element elementor-element-f5c66e8 e-con-full e-flex e-con e-parent\" data-id=\"f5c66e8\" data-element_type=\"container\" data-e-type=\"container\">\n\t\t\t\t<div class=\"elementor-element elementor-element-fdacb15 elementor-widget elementor-widget-html\" data-id=\"fdacb15\" data-element_type=\"widget\" data-e-type=\"widget\" data-widget_type=\"html.default\">\n\t\t\t\t\t<div class=\"iwg-pill-row\"><span class=\"iwg-klasse-badge\" tabindex=\"0\" data-tooltip=\"B\u016fh \/ bohyn\u011b: Zosobn\u011bn\u00e1 nejvy\u0161\u0161\u00ed moc v panteonu ur\u010dit\u00e9 kultury, s jasn\u011b vymezen\u00fdmi oblastmi p\u016fsobnosti \u2014 p\u0159\u00edrodn\u00ed s\u00edly, osud, v\u00e1lka, plodnost. Uct\u00edv\u00e1na prost\u0159ednictv\u00edm kult\u016f, ob\u011bt\u00ed a chr\u00e1mov\u00fdch instituc\u00ed.\">B\u016fh<\/span><a href=\"https:\/\/iwell-guard.com\/cs\/rim\/\" class=\"iwg-kultur-badge\" tabindex=\"0\" data-tooltip=\"\u0158\u00edmsk\u00e9 n\u00e1bo\u017eenstv\u00ed od dob kr\u00e1lovstv\u00ed a\u017e do pozdn\u00ed antiky \u2014 synkretick\u00e9 s \u0159eck\u00fdmi a etrusk\u00fdmi vrstvami.\">\u0158\u00edm<\/a><\/div>\t\t\t\t<\/div>\n\t\t\t\t<\/div>\n\t\t<div class=\"elementor-element elementor-element-e45ca86 e-con-full e-flex e-con e-child\" data-id=\"e45ca86\" data-element_type=\"container\" data-e-type=\"container\">\n\t\t\t\t<div class=\"elementor-element elementor-element-47b3478 elementor-toc--minimized-on-tablet elementor-widget elementor-widget-table-of-contents\" data-id=\"47b3478\" data-element_type=\"widget\" data-e-type=\"widget\" data-settings=\"{&quot;exclude_headings_by_selector&quot;:[],&quot;no_headings_message&quot;:&quot;Na t\\u00e9to str\\u00e1nce nebyly nalezeny \\u017e\\u00e1dn\\u00e9 nadpisy.&quot;,&quot;headings_by_tags&quot;:[&quot;h2&quot;,&quot;h3&quot;],&quot;marker_view&quot;:&quot;bullets&quot;,&quot;icon&quot;:{&quot;value&quot;:&quot;fas fa-circle&quot;,&quot;library&quot;:&quot;fa-solid&quot;,&quot;rendered_tag&quot;:&quot;&lt;svg class=\\&quot;e-font-icon-svg e-fas-circle\\&quot; viewBox=\\&quot;0 0 512 512\\&quot; xmlns=\\&quot;http:\\\/\\\/www.w3.org\\\/2000\\\/svg\\&quot;&gt;&lt;path d=\\&quot;M256 8C119 8 8 119 8 256s111 248 248 248 248-111 248-248S393 8 256 8z\\&quot;&gt;&lt;\\\/path&gt;&lt;\\\/svg&gt;&quot;},&quot;minimize_box&quot;:&quot;yes&quot;,&quot;minimized_on&quot;:&quot;tablet&quot;,&quot;hierarchical_view&quot;:&quot;yes&quot;,&quot;min_height&quot;:{&quot;unit&quot;:&quot;px&quot;,&quot;size&quot;:&quot;&quot;,&quot;sizes&quot;:[]},&quot;min_height_tablet&quot;:{&quot;unit&quot;:&quot;px&quot;,&quot;size&quot;:&quot;&quot;,&quot;sizes&quot;:[]},&quot;min_height_mobile&quot;:{&quot;unit&quot;:&quot;px&quot;,&quot;size&quot;:&quot;&quot;,&quot;sizes&quot;:[]}}\" data-widget_type=\"table-of-contents.default\">\n\t\t\t\t\t\t\t\t\t<div class=\"elementor-toc__header\">\n\t\t\t\t\t\t<h2 class=\"elementor-toc__header-title\">\n\t\t\t\tObsah\t\t\t<\/h2>\n\t\t\t\t\t\t\t\t\t\t<div class=\"elementor-toc__toggle-button elementor-toc__toggle-button--expand\" role=\"button\" tabindex=\"0\" aria-controls=\"elementor-toc__47b3478\" aria-expanded=\"true\" aria-label=\"Open table of contents\"><svg aria-hidden=\"true\" class=\"e-font-icon-svg e-fas-chevron-down\" viewBox=\"0 0 448 512\" xmlns=\"http:\/\/www.w3.org\/2000\/svg\"><path d=\"M207.029 381.476L12.686 187.132c-9.373-9.373-9.373-24.569 0-33.941l22.667-22.667c9.357-9.357 24.522-9.375 33.901-.04L224 284.505l154.745-154.021c9.379-9.335 24.544-9.317 33.901.04l22.667 22.667c9.373 9.373 9.373 24.569 0 33.941L240.971 381.476c-9.373 9.372-24.569 9.372-33.942 0z\"><\/path><\/svg><\/div>\n\t\t\t\t<div class=\"elementor-toc__toggle-button elementor-toc__toggle-button--collapse\" role=\"button\" tabindex=\"0\" aria-controls=\"elementor-toc__47b3478\" aria-expanded=\"true\" aria-label=\"Close table of contents\"><svg aria-hidden=\"true\" class=\"e-font-icon-svg e-fas-chevron-up\" viewBox=\"0 0 448 512\" xmlns=\"http:\/\/www.w3.org\/2000\/svg\"><path d=\"M240.971 130.524l194.343 194.343c9.373 9.373 9.373 24.569 0 33.941l-22.667 22.667c-9.357 9.357-24.522 9.375-33.901.04L224 227.495 69.255 381.516c-9.379 9.335-24.544 9.317-33.901-.04l-22.667-22.667c-9.373-9.373-9.373-24.569 0-33.941L207.03 130.525c9.372-9.373 24.568-9.373 33.941-.001z\"><\/path><\/svg><\/div>\n\t\t\t\t\t<\/div>\n\t\t\t\t<div id=\"elementor-toc__47b3478\" class=\"elementor-toc__body\">\n\t\t\t<div class=\"elementor-toc__spinner-container\">\n\t\t\t\t<svg class=\"elementor-toc__spinner eicon-animation-spin e-font-icon-svg e-eicon-loading\" aria-hidden=\"true\" viewBox=\"0 0 1000 1000\" xmlns=\"http:\/\/www.w3.org\/2000\/svg\"><path d=\"M500 975V858C696 858 858 696 858 500S696 142 500 142 142 304 142 500H25C25 237 238 25 500 25S975 237 975 500 763 975 500 975Z\"><\/path><\/svg>\t\t\t<\/div>\n\t\t<\/div>\n\t\t\t\t\t\t<\/div>\n\t\t\t\t<\/div>\n\t\t\t\t\t<\/div>\n\t\t\t\t<\/div>\n\t\t<div class=\"elementor-element elementor-element-3a503ed e-con-full e-flex e-con e-child\" data-id=\"3a503ed\" data-element_type=\"container\" data-e-type=\"container\">\n\t\t\t\t<div class=\"elementor-element elementor-element-c4c2b35 iwg-hero-image elementor-widget elementor-widget-image\" data-id=\"c4c2b35\" data-element_type=\"widget\" data-e-type=\"widget\" data-widget_type=\"image.default\">\n\t\t\t\t\t\t\t\t\t\t\t\t\t\t\t<img fetchpriority=\"high\" decoding=\"async\" width=\"683\" height=\"1024\" src=\"https:\/\/iwell-guard.com\/wp-content\/uploads\/2026\/05\/goetter_rom_minerva-683x1024.webp\" class=\"attachment-large size-large wp-image-147223\" alt=\"Minerva \u2013 bohov\u00e9 z \u0159\u00edmsk\u00e9 tradice, historicko-ilustrativn\u00ed\" srcset=\"https:\/\/iwell-guard.com\/wp-content\/uploads\/2026\/05\/goetter_rom_minerva-683x1024.webp 683w, https:\/\/iwell-guard.com\/wp-content\/uploads\/2026\/05\/goetter_rom_minerva-200x300.webp 200w, https:\/\/iwell-guard.com\/wp-content\/uploads\/2026\/05\/goetter_rom_minerva-768x1152.webp 768w, https:\/\/iwell-guard.com\/wp-content\/uploads\/2026\/05\/goetter_rom_minerva.webp 1024w\" sizes=\"(max-width: 683px) 100vw, 683px\" \/>\t\t\t\t\t\t\t\t\t\t\t\t\t\t\t<\/div>\n\t\t\t\t<\/div>\n\t\t\t\t\t<\/div>\n\t\t\t\t<\/div>\n\t\t<div class=\"elementor-element elementor-element-4670358 e-con-boxed e-flex e-con e-parent\" data-id=\"4670358\" data-element_type=\"container\" data-e-type=\"container\">\n\t\t\t\t\t<div class=\"e-con-inner\">\n\t\t<div class=\"elementor-element elementor-element-7c6a7ef e-con-full e-flex e-con e-child\" data-id=\"7c6a7ef\" data-element_type=\"container\" data-e-type=\"container\">\n\t\t\t\t<div class=\"elementor-element elementor-element-9f49b1c elementor-widget elementor-widget-heading\" data-id=\"9f49b1c\" data-element_type=\"widget\" data-e-type=\"widget\" data-widget_type=\"heading.default\">\n\t\t\t\t\t<h2 class=\"elementor-heading-title elementor-size-default\">M\u00fdtus a p\u016fvod<\/h2>\t\t\t\t<\/div>\n\t\t\t\t<div class=\"elementor-element elementor-element-fd645ec elementor-widget elementor-widget-text-editor\" data-id=\"fd645ec\" data-element_type=\"widget\" data-e-type=\"widget\" data-widget_type=\"text-editor.default\">\n\t\t\t\t\t\t\t\t\t<p>\u0158\u00edmsk\u00e1 Minerva je \u00fazce spojena s etruskou Menrvou, kter\u00e1 zase pat\u0159\u00ed k rozs\u00e1hl\u00e9mu italick\u00e9mu panteonu tarquinsk\u00e9ho \u0158\u00edma. Ji\u017e v dob\u011b kr\u00e1lovstv\u00ed, kdy etrusk\u00fd vliv utv\u00e1\u0159el \u0159\u00edmsk\u00e9 n\u00e1bo\u017eenstv\u00ed, byla Menrva kl\u00ed\u010dov\u00fdm <span class=\"iwg-fachbegriff\" data-tooltip=\"Bytost uct\u00edvan\u00e1 jako bo\u017esk\u00e1 v r\u00e1mci ur\u010dit\u00e9ho n\u00e1bo\u017eenstv\u00ed.\" tabindex=\"0\">bo\u017estvem<\/span> v\u00e1lky, \u0159emesel a porodu.<\/p><p>S etruskou kapitolskou tri\u00e1dou se dostala do hlavn\u00edho kapitolsk\u00e9ho kultu a pod jm\u00e9nem Minerva se stala bohyn\u00ed vedle Iuppitera Optima Maxima a Iunony Reginy. Spojen\u00ed t\u0159\u00ed bo\u017estev v jedin\u00e9 cele nebylo v italick\u00e9m prostoru samoz\u0159ejm\u00e9 a v d\u011bjin\u00e1ch n\u00e1bo\u017eenstv\u00ed se pova\u017euje za n\u00e1znak etrusk\u00e9 chr\u00e1mov\u00e9 architektury.<\/p>\n<p>V hel\u00e9nisticky ovlivn\u011bn\u00e9m \u0158\u00edm\u011b do\u0161lo brzy k rozs\u00e1hl\u00e9mu ztoto\u017en\u011bn\u00ed s \u0159eckou Ath\u00e9nou. Ovidius v \u00abMetamorf\u00f3z\u00e1ch\u00bb uv\u00e1d\u00ed Minervu jako patronku tkalcovstv\u00ed, kter\u00e1 prom\u011bnila Arachn\u00e9 za jej\u00ed p\u00fdchu v pavouka. Tento p\u0159\u00edb\u011bh p\u016fvodn\u011b n\u00e1le\u017e\u00ed k \u0159eck\u00e9mu m\u00fdtick\u00e9mu okruhu, ale byl v latinsk\u00e9m jazyce pevn\u011b zakomponov\u00e1n do \u0159\u00edmsk\u00e9ho obrazu boh\u016f.<\/p><p>Vergilius v \u00abAeneid\u011b\u00bb opakovan\u011b zmi\u0148uje Palladu Minervy, d\u0159ev\u011bn\u00fd kultovn\u00ed p\u0159edm\u011bt, kter\u00fd st\u00e1l v Tr\u00f3ji a podle \u0159\u00edmsk\u00e9 tradice byl Aeneou p\u0159enesen do It\u00e1lie.<\/p><p>P\u0159edstava, \u017ee toto palladium bylo uchov\u00e1v\u00e1no ve Vestin\u011b <span class=\"iwg-fachbegriff\" data-tooltip=\"Stavba slou\u017e\u00edc\u00ed k uct\u00edv\u00e1n\u00ed jednoho nebo v\u00edce bo\u017estev.\" tabindex=\"0\">chr\u00e1mu<\/span> na Foru, spojovala Minervu \u00fazce se st\u00e1tn\u00edm kultem a d\u00e1vala j\u00ed \u00fast\u0159edn\u00ed roli v augustovsk\u00e9 st\u00e1tn\u00ed mytologii.<\/p>\n<p>Zrozen\u00ed Minervy z hlavy Iuppitera je b\u011b\u017en\u00fd topos liter\u00e1rn\u00ed tradice. V n\u00e1bo\u017eensk\u00e9 praxi hr\u00e1lo toto mytick\u00e9 zplozen\u00ed men\u0161\u00ed roli ne\u017e jej\u00ed funkce ochr\u00e1nkyn\u011b pozn\u00e1n\u00ed a \u0159emesln\u00e9 p\u0159esnosti.<\/p><p>Varro a Cicero pojedn\u00e1vaj\u00ed o Minerv\u011b jako o jedn\u00e9 z nejd\u016fle\u017eit\u011bj\u0161\u00edch bohyn\u00ed \u0159\u00edmsk\u00e9ho panteonu, p\u0159i\u010dem\u017e Cicero v \u00abDe natura deorum\u00bb rozli\u0161uje n\u011bkolik Minerv, \u010d\u00edm\u017e ukazuje, \u017ee ji\u017e <span class=\"iwg-fachbegriff\" data-tooltip=\"Epocha \u0159eck\u00e9 a \u0159\u00edmsk\u00e9 kultury, zhruba 800 p\u0159. n. l. a\u017e 600 n. l.\" tabindex=\"0\">anti\u010dt\u00ed<\/span> u\u010denci se sna\u017eili odd\u011blovat r\u016fzn\u00e9 kultovn\u00ed linie.<\/p><p>V teologick\u00e9m vrstvov\u00e9m modelu pozdn\u00ed republiky se rozli\u0161uje vedle kapitolsk\u00e9 Minervy je\u0161t\u011b v\u00e1le\u010dn\u00e1, l\u00e9\u010ditelsk\u00e1 a sp\u00ed\u0161e obchodnicky pojat\u00e1 Minerva. Tato mnohotv\u00e1rnost vypov\u00edd\u00e1 o star\u00e9m svazku r\u016fzn\u00fdch italick\u00fdch kult\u016f pod jedn\u00edm jm\u00e9nem.<\/p>\n<p>Etymologick\u00fd p\u016fvod je v modern\u00edm b\u00e1d\u00e1n\u00ed posuzov\u00e1n nejednotn\u011b. Pravd\u011bpodobn\u011b jde o indoevropsk\u00fd ko\u0159en s v\u00fdznamem \u00abmyslet\u00bb nebo \u00abm\u011b\u0159it\u00bb, od kter\u00e9ho je odvozeno i latinsk\u00e9 slovo mens, tedy \u00ab<span class=\"iwg-fachbegriff\" data-tooltip=\"Net\u011blesn\u00e1 bytost, j\u00ed\u017e je p\u0159ipisov\u00e1no p\u016fsoben\u00ed ve sv\u011bt\u011b.\" tabindex=\"0\">duch<\/span>\u00bb.<\/p><p>Minerva je tak jazykov\u011b od po\u010d\u00e1tku bohyn\u00ed duchovn\u00edho pom\u011b\u0159ov\u00e1n\u00ed sv\u011bta, a\u0165 jde o \u0159emeslo, p\u00edsmo nebo strategick\u00e9 pl\u00e1nov\u00e1n\u00ed.<\/p>\t\t\t\t\t\t\t\t<\/div>\n\t\t\t\t<\/div>\n\t\t<div class=\"elementor-element elementor-element-c75cded e-con-full e-flex e-con e-child\" data-id=\"c75cded\" data-element_type=\"container\" data-e-type=\"container\">\n\t\t\t\t<div class=\"elementor-element elementor-element-37c0c2e elementor-widget elementor-widget-heading\" data-id=\"37c0c2e\" data-element_type=\"widget\" data-e-type=\"widget\" data-widget_type=\"heading.default\">\n\t\t\t\t\t<h2 class=\"elementor-heading-title elementor-size-default\">Symboly a atributy<\/h2>\t\t\t\t<\/div>\n\t\t\t\t<div class=\"elementor-element elementor-element-a1512d9 elementor-widget elementor-widget-text-editor\" data-id=\"a1512d9\" data-element_type=\"widget\" data-e-type=\"widget\" data-widget_type=\"text-editor.default\">\n\t\t\t\t\t\t\t\t\t<p>Minerva se ve v\u00fdtvarn\u00e9m um\u011bn\u00ed obvykle zobrazuje s helmou, kop\u00edm a \u0161t\u00edtem. Na \u0161t\u00edtu nebo na hrudn\u00edm panci\u0159i se \u010dasto objevuje gorgoneion, hlava Med\u00fasy, ochrann\u00e9 znamen\u00ed odvracej\u00edc\u00ed zlo a poukazuj\u00edc\u00ed na spojen\u00ed s \u0159eckou Ath\u00e9nou.<\/p><p>Jej\u00ed helma m\u00e1 nej\u010dast\u011bji korintsk\u00fd tvar a v c\u00edsa\u0159sk\u00e9 dob\u011b je \u010dasto zdobena umn\u011b tvarovan\u00fdm chocholem. Kop\u00ed nen\u00ed zvednut\u00e9 v \u00fato\u010dn\u00e9m gestu, ale op\u0159en\u00e9, co\u017e nazna\u010duje jej\u00ed funkci str\u00e1\u017ekyn\u011b, nikoli \u00fato\u010dnice.<\/p>\n<p>Sova je pova\u017eov\u00e1na za jej\u00ed svat\u00e9 zv\u00ed\u0159e a symbolizuje pronikav\u00fd pohled mudrc\u016f. V \u0159\u00edmsk\u00e9 numismatice se sova objevuje na minc\u00edch spojen\u00fdch s \u0159emesln\u00fdmi nebo vzd\u011blanostn\u00edmi motivy. Dal\u0161\u00edm doprovodn\u00fdm atributem je had, kter\u00fd odkazuje na d\u0159\u00edv\u011bj\u0161\u00ed chtonickou vrstvu bohyn\u011b.<\/p><p>Olivovn\u00edk, v \u0158ecku kl\u00ed\u010dov\u00fd pro Ath\u00e9nu, hraje v \u0158\u00edm\u011b men\u0161\u00ed, av\u0161ak v souvislosti se zem\u011bd\u011blsk\u00fdm pou\u010den\u00edm prokazatelnou roli. Na n\u00e1pisech z Pompej\u00ed a Ostie je Minerva zobrazena s olivovou ratolest\u00ed a m\u00edsou, co\u017e ukazuje na kultovn\u00ed v\u00fdznam olivovn\u00edku v zem\u011bd\u011blsko-\u0159emesln\u00e9m prost\u0159ed\u00ed.<\/p>\n<p>Pro \u0159emesln\u00e9 povol\u00e1n\u00ed jsou d\u016fle\u017eit\u00e9 v\u0159eteno, tkalcovsk\u00fd \u010dlunek a rydlo, tedy n\u00e1stroje textiln\u00edho a p\u00edsemn\u00e9ho um\u011bn\u00ed. P\u0159i sv\u00e1tc\u00edch tkalek vlny a u\u010ditel\u016f byly tyto n\u00e1stroje symbolicky ukl\u00e1d\u00e1ny p\u0159ed jej\u00edm obrazem.<\/p><p>Tak\u00e9 \u010dtverec, ch\u00e1pan\u00fd jako m\u00edra p\u0159esnosti, se objevuje v pozdn\u011b antick\u00fdch alegori\u00edch, v nich\u017e je Minerva poj\u00edm\u00e1na jako patronka septem artes liberales. M\u00e9n\u011b zn\u00e1m\u00fdm atributem je fl\u00e9tna, jej\u00ed\u017e vyn\u00e1lez j\u00ed byl p\u0159isuzov\u00e1n, kterou v\u0161ak podle <span class=\"iwg-fachbegriff\" data-tooltip=\"Vypr\u00e1v\u011bn\u00ed o boz\u00edch, po\u010d\u00e1tc\u00edch sv\u011bta a jeho uspo\u0159\u00e1d\u00e1n\u00ed.\" tabindex=\"0\">m\u00fdtu<\/span> sama op\u011bt odm\u00edtla.<\/p>\n<p>V <span class=\"iwg-fachbegriff\" data-tooltip=\"P\u0159echodn\u00e1 epocha mezi antikou a st\u0159edov\u011bkem, p\u0159ibli\u017en\u011b od 3. do 7. stolet\u00ed.\" tabindex=\"0\">pozdn\u00ed antice<\/span> se Minerva zobrazuje se svitkem knihy a rydlem nebo p\u0159ed sloupovou architekturou, symbolizuj\u00edc\u00ed geometrickou m\u00edru. Tento ikonografick\u00fd posun ukazuje prom\u011bnu od st\u00e1totvorn\u00e9 bohyn\u011b v\u00e1lky k patronce u\u010den\u00e9 vzd\u011blanosti, je\u017e p\u0159ipravila p\u0159echod k christi\u00e1nsk\u00e9 alegorii Sapientia.<\/p>\t\t\t\t\t\t\t\t<\/div>\n\t\t\t\t<\/div>\n\t\t<div class=\"elementor-element elementor-element-a0ebfe1 e-con-full e-flex e-con e-child\" data-id=\"a0ebfe1\" data-element_type=\"container\" data-e-type=\"container\">\n\t\t\t\t<div class=\"elementor-element elementor-element-3d2d10d elementor-widget elementor-widget-heading\" data-id=\"3d2d10d\" data-element_type=\"widget\" data-e-type=\"widget\" data-widget_type=\"heading.default\">\n\t\t\t\t\t<h2 class=\"elementor-heading-title elementor-size-default\">Kult a uct\u00edv\u00e1n\u00ed<\/h2>\t\t\t\t<\/div>\n\t\t\t\t<div class=\"elementor-element elementor-element-434fec6 elementor-widget elementor-widget-text-editor\" data-id=\"434fec6\" data-element_type=\"widget\" data-e-type=\"widget\" data-widget_type=\"text-editor.default\">\n\t\t\t\t\t\t\t\t\t<p>Nejd\u016fle\u017eit\u011bj\u0161\u00ed \u0159\u00edmsk\u00e1 <span class=\"iwg-fachbegriff\" data-tooltip=\"Svat\u00e9 m\u00edsto zasv\u011bcen\u00e9 uct\u00edv\u00e1n\u00ed bo\u017estva.\" tabindex=\"0\">svatyn\u011b<\/span> Minervy se nach\u00e1zela na Aventinu a naz\u00fdvala se Aedes Minervae. Byla tradi\u010dn\u00edm shroma\u017e\u010fovac\u00edm m\u00edstem scribae a histriones, tedy p\u00edsa\u0159\u016f a divadeln\u00edch herc\u016f, kte\u0159\u00ed zde organizovali sv\u00e9 profesn\u00ed spolky.<\/p><p>Tento <span class=\"iwg-fachbegriff\" data-tooltip=\"Stavba slou\u017e\u00edc\u00ed uct\u00edv\u00e1n\u00ed jednoho nebo v\u00edce bo\u017estev.\" tabindex=\"0\">chr\u00e1m<\/span> platil za centr\u00e1ln\u00ed m\u00edsto setk\u00e1v\u00e1n\u00ed u\u010ditel\u016f a l\u00e9ka\u0159\u016f, proto pozdn\u00ed prameny poj\u00edmaj\u00ed Minervu p\u0159\u00edmo jako bohyni vzd\u011bl\u00e1n\u00ed. Um\u00edst\u011bn\u00ed na Aventinu, plebejsk\u00e9m pahorku, d\u00e1valo <span class=\"iwg-fachbegriff\" data-tooltip=\"Souhrn n\u00e1bo\u017eensk\u00fdch \u00fakon\u016f uct\u00edv\u00e1n\u00ed bo\u017estva nebo svat\u00e9 postavy.\" tabindex=\"0\">kultu<\/span> soci\u00e1ln\u00ed t\u011b\u017ei\u0161t\u011b mimo sen\u00e1torskou vrstvu.<\/p>\n<p>V chr\u00e1mu na Kapitolu sd\u00edlela cellu s Iuppiterem a Iunonou. V t\u00e9to funkci byla st\u00e1tn\u00ed bohyn\u00ed v nejvlastn\u011bj\u0161\u00edm smyslu. Konzulov\u00e9 a magistr\u00e1ti j\u00ed p\u0159i n\u00e1stupu do \u00fa\u0159adu p\u0159in\u00e1\u0161eli <span class=\"iwg-fachbegriff\" data-tooltip=\"Dar bo\u017estvu vyjad\u0159uj\u00edc\u00ed d\u00edky, prosbu nebo \u00factu.\" tabindex=\"0\">ob\u011bti<\/span>, vojev\u016fdci j\u00ed po v\u00edt\u011bzstv\u00edch ukl\u00e1dali ko\u0159ist jako votivn\u00ed dary. N\u00e1pisy z c\u00edsa\u0159sk\u00e9 doby ji \u010dasto uv\u00e1d\u011bj\u00ed spole\u010dn\u011b s Iuppiterem Conservatorem jako ochra\u0148uj\u00edc\u00ed <span class=\"iwg-fachbegriff\" data-tooltip=\"Bytost uct\u00edvan\u00e1 jako bo\u017esk\u00e1 v r\u00e1mci n\u00e1bo\u017eenstv\u00ed.\" tabindex=\"0\">bo\u017estvo<\/span> \u0159\u00ed\u0161e.<\/p>\n<p>Nejv\u00fdznamn\u011bj\u0161\u00edm sv\u00e1tkem byly Quinquatrus, slaven\u00e9 od 19. do 23. b\u0159ezna. Ovidius v\u011bnuje tomuto sv\u00e1tku rozs\u00e1hlou pas\u00e1\u017e ve sv\u00fdch \u00abFastech\u00bb a popisuje jeho vztah k u\u010ditel\u016fm, \u017e\u00e1k\u016fm, l\u00e9ka\u0159\u016fm, barv\u00ed\u0159\u016fm a tkalc\u016fm vlny. B\u011bhem prvn\u00edch dn\u016f odpo\u010d\u00edvaly v\u00e1le\u010dn\u00e9 aktivity, pot\u00e9 n\u00e1sledovaly gladi\u00e1torsk\u00e9 z\u00e1pasy a um\u011bleck\u00e9 sout\u011b\u017ee.<\/p><p>Druh\u00fd, men\u0161\u00ed sv\u00e1tek, Quinquatrus minusculae v \u010dervnu, byl zasv\u011bcen fl\u00e9tnist\u016fm, jejich\u017e profesn\u00ed spolek byl s <span class=\"iwg-fachbegriff\" data-tooltip=\"Stavba slou\u017e\u00edc\u00ed uct\u00edv\u00e1n\u00ed jednoho nebo v\u00edce bo\u017estev.\" tabindex=\"0\">chr\u00e1mem<\/span> \u00fazce spojen. Oba sv\u00e1tky byly d\u016fle\u017eitou p\u0159\u00edle\u017eitost\u00ed pro profesn\u00ed spolky k obnov\u011b stanov a p\u0159ij\u00edm\u00e1n\u00ed spole\u010dn\u00fdch usnesen\u00ed.<\/p>\n<p>V provinci\u00edch byla Minerva \u010dasto synkretizov\u00e1na s m\u00edstn\u00edmi bohyn\u011bmi. V Brit\u00e1nii se slou\u010dila se Sulis v Sulis Minerva, jej\u00ed\u017e l\u00e9\u010div\u00fd pramen v Aquae Sulis byl v\u00fdznamn\u00fdm poutn\u00edm centrem. V Galii vystupuje jako patronka kov\u00e1\u0159\u016f, tkadlen a p\u00edsa\u0159\u016f, v podunajsk\u00e9 oblasti se objevuje v n\u00e1pisech spolu s m\u00edstn\u00edmi \u0159emesln\u00fdmi bo\u017estvy.<\/p><p>V severn\u00ed Africe je dolo\u017eena jako Minerva Augusta, t\u011bsn\u011b spojen\u00e1 s c\u00edsa\u0159sk\u00fdm kultem severovsk\u00e9 dynastie. Tato provinci\u00e1ln\u00ed mnohotv\u00e1rnost ukazuje schopnost \u0159\u00edmsk\u00e9ho n\u00e1bo\u017eensk\u00e9ho syst\u00e9mu za\u010dlenit m\u00edstn\u00ed vazby do jednotn\u00e9 \u0159\u00ed\u0161sk\u00e9 <span class=\"iwg-fachbegriff\" data-tooltip=\"V\u011bdeck\u00e1 nauka o Bohu a v\u00ed\u0159e v r\u00e1mci n\u00e1bo\u017eenstv\u00ed.\" tabindex=\"0\">teologie<\/span>.<\/p>\n<p>Ko\u0148sk\u00e9 z\u00e1vody, za\u010d\u00e1tky \u0161koln\u00edho roku a prvn\u00ed p\u00edsemn\u00fd pokus d\u00edt\u011bte byly r\u00e1dy pl\u00e1nov\u00e1ny na dobu Quinquatrus. Toto propojen\u00ed ka\u017edodenn\u00edho \u017eivota se sv\u00e1te\u010dn\u00edm kalend\u00e1\u0159em ukazuje, \u017ee Minerva byla vz\u00fdv\u00e1na nejen p\u0159i zvl\u00e1\u0161tn\u00edch p\u0159\u00edle\u017eitostech, ale i v b\u011b\u017en\u00e9m vyu\u010dov\u00e1n\u00ed. U\u010ditel\u00e9 o sv\u00e9m sv\u00e1tku dost\u00e1vali minerval, druh \u0161koln\u00edho poplatku, tento pojem p\u0159e\u017e\u00edv\u00e1 ve francouzsk\u00e9m minerval.<\/p>\t\t\t\t\t\t\t\t<\/div>\n\t\t\t\t<\/div>\n\t\t<div class=\"elementor-element elementor-element-d1eed44 e-con-full e-flex e-con e-child\" data-id=\"d1eed44\" data-element_type=\"container\" data-e-type=\"container\">\n\t\t\t\t<div class=\"elementor-element elementor-element-13afc06 elementor-widget elementor-widget-heading\" data-id=\"13afc06\" data-element_type=\"widget\" data-e-type=\"widget\" data-widget_type=\"heading.default\">\n\t\t\t\t\t<h2 class=\"elementor-heading-title elementor-size-default\">D\u016fle\u017eit\u00e9 m\u00fdty<\/h2>\t\t\t\t<\/div>\n\t\t\t\t<div class=\"elementor-element elementor-element-c232197 elementor-widget elementor-widget-text-editor\" data-id=\"c232197\" data-element_type=\"widget\" data-e-type=\"widget\" data-widget_type=\"text-editor.default\">\n\t\t\t\t\t\t\t\t\t<p>Ovidius vypr\u00e1v\u00ed v \u00abMetamorf\u00f3z\u00e1ch\u00bb p\u0159\u00edb\u011bh o Arachn\u00e9. Lydsk\u00e1 tkadlena Arachn\u00e9 vyzve Minervu na sout\u011b\u017e, na\u010de\u017e se bohyn\u011b zjev\u00ed v podob\u011b star\u00e9 \u017eeny, varuje ji a nakonec souboj p\u0159ijme. Minerva utk\u00e1 bohy v olympijsk\u00e9 d\u016fstojnosti, Arachn\u00e9 naproti tomu zobraz\u00ed milostn\u00e1 dobrodru\u017estv\u00ed boh\u016f v posm\u011b\u0161n\u00e9m duchu.<\/p><p>Ura\u017een\u00e1 t\u00edmto pohrd\u00e1n\u00edm prom\u011bn\u00ed Minerva svou soupe\u0159ku v pavouka. Vypr\u00e1v\u011bn\u00ed zhu\u0161\u0165uje \u0159\u00edmskou p\u0159edstavu o hybris v\u016f\u010di bo\u017esk\u00e9mu \u0159\u00e1du a z\u00e1rove\u0148 ukazuje roli Minervy jako ochr\u00e1nkyn\u011b textiln\u00edho um\u011bn\u00ed. Liter\u00e1rn\u011b je to \u00favaha o hranic\u00edch lidsk\u00e9ho um\u011bn\u00ed p\u0159ed bo\u017estvem.<\/p>\n<p>Druh\u00fd p\u0159\u00edb\u011bh se t\u00fdk\u00e1 Palladia, onoho starobyl\u00e9ho <span class=\"iwg-fachbegriff\" data-tooltip=\"Obrazov\u00e9 zobrazen\u00ed bo\u017estva, kter\u00e9 je uct\u00edv\u00e1no v chr\u00e1mu nebo svatyni.\" tabindex=\"0\">kultovn\u00edho obrazu<\/span> Minervy. Podle Vergiliovy \u00abAeneidy\u00bb zachr\u00e1n\u00ed Aeneas obraz z ho\u0159\u00edc\u00ed Tr\u00f3je. Pozd\u011bji je uchov\u00e1v\u00e1n v <span class=\"iwg-fachbegriff\" data-tooltip=\"Stavba slouzhavshaya uct\u00edv\u00e1n\u00ed jednoho nebo v\u00edce bo\u017estev.\" tabindex=\"0\">chr\u00e1mu<\/span> Vesty na Foru, proto\u017ee jeho osud byl spojen s osudem \u0158\u00edma.<\/p><p>Prefekti a vest\u00e1lky nad obrazem bd\u011bli a v dob\u00e1ch krize byl vz\u00fdv\u00e1n jako svat\u00e1 z\u00e1ruka m\u011bsta. Toto spojen\u00ed Minervy a Vesty ukazuje, jak \u00fazce byly v \u0159\u00edmsk\u00e9m n\u00e1bo\u017eenstv\u00ed ch\u00e1p\u00e1ny ochrana st\u00e1tu a ochrana v\u011bd\u011bn\u00ed.<\/p><p>Cicero a Livius zmi\u0148uj\u00ed n\u011bkolik p\u0159\u00edpad\u016f, kdy bylo Palladium ve\u0159ejn\u011b vystaveno nebo zachr\u00e1n\u011bno, proto\u017ee se m\u011bsto c\u00edtilo ohro\u017eeno.<\/p>\n<p>T\u0159et\u00ed mytick\u00e1 vzpom\u00ednka se t\u00fdk\u00e1 fl\u00e9tnistky Marsyy. Minerva m\u011bla vynal\u00e9zt fl\u00e9tnu, ale zavrhla ji, kdy\u017e spat\u0159ila sv\u016fj obraz na vodn\u00ed hladin\u011b s nafoukl\u00fdmi tv\u00e1\u0159emi. Satyr Marsyas n\u00e1stroj zvedl a pozd\u011bji vyzval Apoll\u00f3na na hudebn\u00ed souboj.<\/p><p>Apoll\u00f3n zv\u00edt\u011bzil a nechal Marsyu st\u00e1hnout z k\u016f\u017ee. Tato epizoda je v \u0159\u00edmsk\u00e9m v\u00fdkladu varov\u00e1n\u00edm p\u0159ed hranicemi um\u011bleck\u00fdch ambic\u00ed a zd\u016fraz\u0148uje ochrannou funkci Minervy pro d\u016fstojn\u00e9, um\u00edrn\u011bn\u00e9 um\u011bn\u00ed. Z\u00e1rove\u0148 odr\u00e1\u017e\u00ed \u0159\u00edmsk\u00e9 odm\u00edt\u00e1n\u00ed opojn\u00e9ho dion\u00fdsk\u00e9ho \u017eivlu, jemu\u017e byla fl\u00e9tna symbolicky p\u0159i\u0159azena.<\/p>\n<p>\u010ctvrt\u00fd p\u0159\u00edb\u011bh, zakotven\u00fd v italsk\u00e9 tradici, vypr\u00e1v\u00ed o sout\u011b\u017ei Minervy a Neptuna o vl\u00e1du nad Ath\u00e9nami. Ovidius p\u0159evzal tento \u0159eck\u00fd p\u0159\u00edb\u011bh do \u00abMetamorf\u00f3z\u00bb a um\u00edstil jej na obraz na tkalcovsk\u00e9m stavu Arachn\u00e9, \u010d\u00edm\u017e zd\u016fraznil tematick\u00e9 propojen\u00ed s epizodou o Arachn\u00e9.<\/p><p>Minerva zv\u00edt\u011bz\u00ed d\u00edky u\u017eite\u010dn\u00e9mu daru olivovn\u00edku nad Neptunov\u00fdm kon\u011bm, co\u017e znamen\u00e1 nad\u0159azenost m\u00edrumilovn\u00e9, ob\u017eivnou kultury nad hrubou p\u0159\u00edrodn\u00ed silou.<\/p>\t\t\t\t\t\t\t\t<\/div>\n\t\t\t\t<\/div>\n\t\t<div class=\"elementor-element elementor-element-2c4525e e-con-full e-flex e-con e-child\" data-id=\"2c4525e\" data-element_type=\"container\" data-e-type=\"container\">\n\t\t\t\t<div class=\"elementor-element elementor-element-cabc3c1 elementor-widget elementor-widget-heading\" data-id=\"cabc3c1\" data-element_type=\"widget\" data-e-type=\"widget\" data-widget_type=\"heading.default\">\n\t\t\t\t\t<h2 class=\"elementor-heading-title elementor-size-default\">Vztahy v panteonu<\/h2>\t\t\t\t<\/div>\n\t\t\t\t<div class=\"elementor-element elementor-element-ff830c2 elementor-widget elementor-widget-text-editor\" data-id=\"ff830c2\" data-element_type=\"widget\" data-e-type=\"widget\" data-widget_type=\"text-editor.default\">\n\t\t\t\t\t\t\t\t\t<p>V kapitolsk\u00e9 trojici stoj\u00ed Minerva vedle Jupitera a Juno. Toto uspo\u0159\u00e1d\u00e1n\u00ed, dolo\u017een\u00e9 ji\u017e u Etrusk\u016f, vyjad\u0159uje soulad vl\u00e1dy, rodiny a v\u011bd\u011bn\u00ed, kter\u00fd podle \u0159\u00edmsk\u00e9ho sebech\u00e1p\u00e1n\u00ed dr\u017eel st\u00e1t p\u0159i \u017eivot\u011b.<\/p><p>Jupiter je nejvy\u0161\u0161\u00edm vl\u00e1dcem, Juno chr\u00e1n\u00ed \u017eeny a man\u017eelstv\u00ed, Minerva zaji\u0161\u0165uje intelektu\u00e1ln\u00ed a \u0159emeslnou podstatu. Tito t\u0159i tvo\u0159\u00ed st\u00e1tn\u011b-teologick\u00fd program, kter\u00fd se opakuje t\u00e9m\u011b\u0159 na v\u0161ech ve\u0159ejn\u00fdch budov\u00e1ch \u0158\u00edma i v municip\u00e1ln\u00edch m\u011bstech It\u00e1lie.<\/p>\n<p>Minerva je \u00fazce spojena s Martem, jejich role jsou v\u0161ak jasn\u011b odli\u0161eny. Mars zt\u011bles\u0148uje v\u00e1le\u010dnickou odvahu, Minerva strategickou rozumnost. Cicero toto rozli\u0161en\u00ed zd\u016fraz\u0148uje v \u00abDe natura deorum\u00bb a spat\u0159uje v Minerv\u011b \u00abrozumovou\u00bb str\u00e1nku v\u00e1le\u010dn\u00e9ho um\u011bn\u00ed.<\/p><p>S Vestou sd\u00edl\u00ed p\u00e9\u010di o st\u00e1tn\u00ed z\u00e1ruku, Palladium, s Apoll\u00f3nem m\u00fazickou sf\u00e9ru, s Merkurem patron\u00e1t nad \u0159emesly a obchodem.<\/p>\n<p>V hel\u00e9nistick\u00e9m <span class=\"iwg-fachbegriff\" data-tooltip=\"Splynut\u00ed p\u0159edstav nebo bo\u017estev z r\u016fzn\u00fdch n\u00e1bo\u017eensk\u00fdch tradic.\" tabindex=\"0\">synkretismu<\/span> p\u0159evzala Minerva t\u00e9m\u011b\u0159 \u00fapln\u011b mytick\u00fd okruh Ath\u00e9ny. V pozdn\u011b antick\u00e9 alegorii vystupovala \u010dasto jako zosobn\u011bn\u00e1 Sapientia, \u010d\u00edm\u017e jej\u00ed postava pronikla do k\u0159es\u0165ansko-filosofick\u00e9 tradice.<\/p><p>Augustin, kter\u00fd pohansk\u00e9 bohy hodnot\u00ed kriticky, p\u0159esto v \u00abDe civitate Dei\u00bb uzn\u00e1v\u00e1 specificky latinskou d\u016fstojnost Minervy a vyu\u017e\u00edv\u00e1 ji jako alegorii lidsk\u00e9 rozumov\u00e9 s\u00edly.<\/p>\t\t\t\t\t\t\t\t<\/div>\n\t\t\t\t<\/div>\n\t\t<div class=\"elementor-element elementor-element-0f6089b e-con-full e-flex e-con e-child\" data-id=\"0f6089b\" data-element_type=\"container\" data-e-type=\"container\">\n\t\t\t\t<div class=\"elementor-element elementor-element-4f5b6e6 elementor-widget elementor-widget-heading\" data-id=\"4f5b6e6\" data-element_type=\"widget\" data-e-type=\"widget\" data-widget_type=\"heading.default\">\n\t\t\t\t\t<h2 class=\"elementor-heading-title elementor-size-default\">Recepce a odkaz<\/h2>\t\t\t\t<\/div>\n\t\t\t\t<div class=\"elementor-element elementor-element-605cc71 elementor-widget elementor-widget-text-editor\" data-id=\"605cc71\" data-element_type=\"widget\" data-e-type=\"widget\" data-widget_type=\"text-editor.default\">\n\t\t\t\t\t\t\t\t\t<p>Ji\u017e za c\u00edsa\u0159stv\u00ed byla Minerva obl\u00edben\u00fdm <span class=\"iwg-fachbegriff\" data-tooltip=\"Opakuj\u00edc\u00ed se obsahov\u00fd prvek v um\u011bn\u00ed nebo vypr\u00e1v\u011bn\u00ed.\" tabindex=\"0\">motivem<\/span> st\u00e1tn\u00ed reprezentace. C\u00edsa\u0159 Domitianus se pova\u017eoval za zvl\u00e1\u0161tn\u00edho ctitele bohyn\u011b a d\u00e1val ji zobrazovat na mnoha sv\u00fdch minc\u00edch.<\/p><p>Suetonius vypr\u00e1v\u00ed o soukrom\u00e9 <span class=\"iwg-fachbegriff\" data-tooltip=\"Svat\u00e9 m\u00edsto v\u011bnovan\u00e9 uct\u00edv\u00e1n\u00ed bo\u017estva.\" tabindex=\"0\">svatyni<\/span> Domitiana na Alb\u00e1nu, kde byla bohyn\u011b uct\u00edv\u00e1na ve \u010dty\u0159ech podob\u00e1ch. Toto osobn\u00ed pouto c\u00edsa\u0159e k Minerv\u011b ukazuje, jak prom\u011bnliv\u00fd byl <span class=\"iwg-fachbegriff\" data-tooltip=\"Souhrn n\u00e1bo\u017eensk\u00fdch \u00factu prokazuj\u00edc\u00edch \u00fakon\u016f v\u016f\u010di bo\u017estvu nebo svat\u00e9 postav\u011b.\" tabindex=\"0\">kult<\/span>, kter\u00fd z\u016fst\u00e1val p\u0159\u00edstupn\u00fd jak ve\u0159ejn\u011b, tak soukrom\u011b.<\/p>\n<p>V renesanci za\u017eila Minerva jako alegorie mudrosti nov\u00fd rozkv\u011bt. Botticelli ji vymaloval v obraze \u00abPallas a kentaur\u00bb, Vasari ji za\u0159adil do programov\u00fdch obraz\u016f Medicejsk\u00fdch. Univerzity a akademie si zvolily jej\u00ed postavu jako znak ve sv\u00e9m erbu. Pa\u0159\u00ed\u017esk\u00e1 Biblioth\u00e8que nationale, Berl\u00ednsk\u00e1 univerzita a mnoho dal\u0161\u00edch vzd\u011bl\u00e1vac\u00edch instituc\u00ed prezentuje Minervu jako patronku u\u010den\u00e9 pr\u00e1ce.<\/p>\n<p>V novov\u011bku se objevuje ve st\u00e1tn\u00edch alegori\u00edch, nap\u0159\u00edklad na pe\u010det\u00edch, bankovk\u00e1ch a pam\u00e1tn\u00edc\u00edch. \u0158\u00edmsk\u00e1 bohyn\u011b se stala zt\u011blesn\u011bn\u00edm republik\u00e1nsk\u00e9 ctnosti, ch\u00e1pan\u00e9 zde jako rozv\u00e1\u017en\u00fd, pou\u010dn\u00fd <span class=\"iwg-fachbegriff\" data-tooltip=\"Net\u011blesn\u00e1 bytost, j\u00ed\u017e se p\u0159isuzuje p\u016fsoben\u00ed ve sv\u011bt\u011b.\" tabindex=\"0\">duch<\/span> na rozd\u00edl od vojensk\u00e9 p\u0159ehnanosti.<\/p><p>V d\u011bjin\u00e1ch v\u011bdy se sova Minervy, kter\u00e1 podle Hegela \u00abza\u010d\u00edn\u00e1 sv\u016fj let a\u017e s nast\u00e1vaj\u00edc\u00edm \u0161e\u0159en\u00edm\u00bb, stala \u010dasto citovan\u00fdm obrazem filosofick\u00e9 reflexe. Hegel tuto my\u0161lenku formuloval v p\u0159edmluv\u011b k d\u00edlu \u00abGrundlinien der Philosophie des Rechts\u00bb a poj\u00edm\u00e1 v n\u00ed filosofii jako pozdn\u00ed, zp\u011btn\u011b hled\u00edc\u00ed \u010dinnost.<\/p>\n<p>I v modern\u00edm v\u011bdeck\u00e9m provozu \u017eije toto jm\u00e9no d\u00e1l. Distribu\u010dn\u00ed platforma Minerva Yaleovy univerzity, \u0159ada profesorsk\u00fdch m\u00edst a nadac\u00ed, program Minerva Bundeswehru a \u0159ada v\u00fdzkumn\u00fdch cen nesou jej\u00ed jm\u00e9no. Astronomie ji ct\u00ed planetkou 93 Minerva, kterou v roce 1867 objevil James Craig Watson.<\/p>\t\t\t\t\t\t\t\t<\/div>\n\t\t\t\t<\/div>\n\t\t<div class=\"elementor-element elementor-element-7ee0599 e-con-full e-flex e-con e-child\" data-id=\"7ee0599\" data-element_type=\"container\" data-e-type=\"container\">\n\t\t\t\t<div class=\"elementor-element elementor-element-911a62f elementor-widget elementor-widget-heading\" data-id=\"911a62f\" data-element_type=\"widget\" data-e-type=\"widget\" data-widget_type=\"heading.default\">\n\t\t\t\t\t<h2 class=\"elementor-heading-title elementor-size-default\">Religionistick\u00e9 za\u0159azen\u00ed<\/h2>\t\t\t\t<\/div>\n\t\t\t\t<div class=\"elementor-element elementor-element-62a9a53 elementor-widget elementor-widget-text-editor\" data-id=\"62a9a53\" data-element_type=\"widget\" data-e-type=\"widget\" data-widget_type=\"text-editor.default\">\n\t\t\t\t\t\t\t\t\t<p>Georges Dum\u00e9zil za\u0159azuje Minervu do sv\u00e9 indoevropsk\u00e9 teorie t\u0159\u00ed funkc\u00ed a spat\u0159uje v n\u00ed p\u0159edstavitelku prvn\u00ed a druh\u00e9 funkce, tedy kn\u011b\u017esko-pr\u00e1vn\u00ed suverenity a v\u00e1le\u010dnick\u00e9 s\u00edly, ov\u0161em ve specifick\u00e9m propojen\u00ed s \u0159emesln\u00fdm um\u011bn\u00edm.<\/p><p>Tento v\u00fdklad je sporn\u00fd, proto\u017ee Minerva jako italick\u00e1 bohyn\u011b m\u00e1 vlastn\u00ed ko\u0159eny v etrusk\u00e9m n\u00e1bo\u017eenstv\u00ed, kter\u00e9 nespadaj\u00ed do \u00fazk\u00e9ho indoevropsk\u00e9ho srovn\u00e1n\u00ed.<\/p>\n<p>Robert Schilling ve sv\u00fdch studi\u00edch o \u0159\u00edmsk\u00e9m n\u00e1bo\u017eenstv\u00ed zd\u016fraz\u0148uje etruskou p\u0159edhistorii a vid\u00ed v Menrv\u011b p\u016fvodn\u011b bohyni vrhaj\u00edc\u00ed blesky, jej\u00ed\u017e funkce se teprve pozd\u011bji p\u0159esunuly k \u0159emesln\u00e9mu oboru. Mary Beard a John North rozeb\u00edraj\u00ed soci\u00e1ln\u00ed funkci kultu na Aventinu a ukazuj\u00ed, jak siln\u011b Minerva slou\u017eila jako bohyn\u011b shrom\u00e1\u017ed\u011bn\u00ed organizovan\u00fdch cech\u016f.<\/p>\n<p>J\u00f6rg R\u00fcpke zd\u016fraz\u0148uje t\u011bsn\u00e9 propojen\u00ed Minervy se vzd\u011blanost\u00ed a profesn\u00edmi svazy. Z tohoto pohledu nen\u00ed Minerva prim\u00e1rn\u011b bohyn\u00ed v\u00e1lky, n\u00fdbr\u017e bohyn\u00ed pozn\u00e1n\u00ed. Kurt Latte ji ve sv\u00e9 \u00ab\u0158\u00edmsk\u00e9 d\u011bjiny n\u00e1bo\u017eenstv\u00ed\u00bb za\u0159azuje do star\u0161\u00edho italick\u00e9ho vrstevn\u00e9ho modelu a upozor\u0148uje na samostatnost italick\u00fdch kultovn\u00edch lini\u00ed v\u016f\u010di \u0159eck\u00e9 Ath\u00e9n\u011b.<\/p><p>John Scheid ve sv\u00e9m \u00favodu do \u0159\u00edmsk\u00e9ho n\u00e1bo\u017eenstv\u00ed stav\u00ed do centra ritu\u00e1ln\u00ed praxi u chr\u00e1mu na Aventinu, jej\u00ed\u017e forma odkazuje na samostatnou tradici mimo \u0159eck\u00e9 vzory.<\/p>\n<p>Archeologick\u00fd v\u00fdzkum p\u0159inesl ve 20. stolet\u00ed nov\u00e9 n\u00e1lezy zejm\u00e9na v aventinsk\u00e9 svatyni a v provin\u010dn\u00edch kultech Sulis Minervy a Minervy Mediky na Esquilinu. Tyto n\u00e1lezy, konkr\u00e9tn\u011b votivn\u00ed dary a n\u00e1pisy, dokl\u00e1daj\u00ed soci\u00e1ln\u00ed \u0161\u00ed\u0159i jej\u00edho kultu v pr\u016fb\u011bhu stalet\u00ed a zd\u016fraz\u0148uj\u00ed jej\u00ed roli jako prost\u0159ednice mezi ve\u0159ejn\u00fdm n\u00e1bo\u017eenstv\u00edm a profesn\u00ed identitou.<\/p>\t\t\t\t\t\t\t\t<\/div>\n\t\t\t\t<\/div>\n\t\t<div class=\"elementor-element elementor-element-52c03e0 e-con-full e-flex e-con e-child\" data-id=\"52c03e0\" data-element_type=\"container\" data-e-type=\"container\">\n\t\t\t\t<div class=\"elementor-element elementor-element-2ea6a1a elementor-widget elementor-widget-heading\" data-id=\"2ea6a1a\" data-element_type=\"widget\" data-e-type=\"widget\" data-widget_type=\"heading.default\">\n\t\t\t\t\t<h2 class=\"elementor-heading-title elementor-size-default\">Prameny a dal\u0161\u00ed literatura<\/h2>\t\t\t\t<\/div>\n\t\t\t\t<div class=\"elementor-element elementor-element-9270b83 elementor-widget elementor-widget-text-editor\" data-id=\"9270b83\" data-element_type=\"widget\" data-e-type=\"widget\" data-widget_type=\"text-editor.default\">\n\t\t\t\t\t\t\t\t\t<p><span class=\"iwg-fachbegriff\" data-tooltip=\"Epocha \u0159eck\u00e9 a \u0159\u00edmsk\u00e9 kultury, p\u0159ibli\u017en\u011b 800 p\u0159. n. l. a\u017e 600 n. l.\" tabindex=\"0\">Antika<\/span> Prameny: Vergilius \u00abAeneis\u00bb, Ovidius \u00abMetamorf\u00f3zy\u00bb a \u00abFasti\u00bb, Livius \u00abAb urbe condita\u00bb, Cicero \u00abDe natura deorum\u00bb, Varro \u00abDe lingua latina\u00bb, Macrobius \u00abSaturn\u00e1lie\u00bb, Servi\u016fv koment\u00e1\u0159 k \u00abAeneid\u011b\u00bb, Augustinus \u00abDe civitate Dei\u00bb.<\/p>\n<div data-nosnippet=\"true\"><p>Odborn\u00e1 literatura: Georges Dum\u00e9zil, \u00abLa religion romaine archa\u00efque\u00bb, Paris 1966. Robert Schilling, \u00abRites, cultes, dieux de Rome\u00bb, Paris 1979. Mary Beard, John North, Simon Price, \u00abReligions of Rome\u00bb, Cambridge 1998. J\u00f6rg R\u00fcpke, \u00abDie Religion der R\u00f6mer\u00bb, M\u00fcnchen 2001. Kurt Latte, \u00abR\u00f6mische Religionsgeschichte\u00bb, M\u00fcnchen 1960. John Scheid, \u00abAn Introduction to Roman Religion\u00bb, Edinburgh 2003.<\/p><\/div>\t\t\t\t\t\t\t\t<\/div>\n\t\t\t\t<\/div>\n\t\t\t\t\t<\/div>\n\t\t\t\t<\/div>\n\t\t\t\t<\/div>\n\t\t","protected":false},"excerpt":{"rendered":"","protected":false},"author":3,"featured_media":3258,"parent":0,"menu_order":0,"comment_status":"closed","ping_status":"closed","template":"elementor_header_footer","meta":{"_yoast_wpseo_focuskw":"Minerva","_yoast_wpseo_title":"Minerva \u2013 \u0158\u00edmsk\u00e1 bohyn\u011b moudrosti | iWell Guard","_yoast_wpseo_metadesc":"Minerva je \u0159\u00edmsk\u00e1 bohyn\u011b moudrosti, strategie a \u0159emesln\u00e9ho um\u011bn\u00ed. Sou\u010d\u00e1st Kapitolsk\u00e9 trias, sova, \u0161t\u00edt, sv\u00e1tek Quinquatria","_yoast_wpseo_meta-robots-noindex":"","_yoast_wpseo_canonical":"","_angie_page":false,"gefaehrdungsstufe":"","wesen_kultur":"","wesen_klasse":"","footnotes":""},"categories":[],"class_list":["post-145597","page","type-page","status-publish","has-post-thumbnail","hentry"],"yoast_head":"<!-- This site is optimized with the Yoast SEO Premium plugin v27.7 (Yoast SEO v28.3) - https:\/\/yoast.com\/product\/yoast-seo-premium-wordpress\/ -->\n<title>Minerva \u2013 \u0158\u00edmsk\u00e1 bohyn\u011b moudrosti | iWell Guard<\/title>\n<meta name=\"description\" content=\"Minerva je \u0159\u00edmsk\u00e1 bohyn\u011b moudrosti, strategie a \u0159emesln\u00e9ho um\u011bn\u00ed. Sou\u010d\u00e1st Kapitolsk\u00e9 trias, sova, \u0161t\u00edt, sv\u00e1tek Quinquatria\" \/>\n<meta name=\"robots\" content=\"index, follow, max-snippet:-1, max-image-preview:large, max-video-preview:-1\" \/>\n<link rel=\"canonical\" href=\"https:\/\/iwell-guard.com\/cs\/minerva\/\" \/>\n<meta property=\"og:locale\" content=\"cs_CZ\" \/>\n<meta property=\"og:type\" content=\"article\" \/>\n<meta property=\"og:title\" content=\"Minerva\" \/>\n<meta property=\"og:description\" content=\"Minerva je \u0159\u00edmsk\u00e1 bohyn\u011b moudrosti, strategie a \u0159emesln\u00e9ho um\u011bn\u00ed. Sou\u010d\u00e1st Kapitolsk\u00e9 trias, sova, \u0161t\u00edt, sv\u00e1tek Quinquatria\" \/>\n<meta property=\"og:url\" content=\"https:\/\/iwell-guard.com\/cs\/minerva\/\" \/>\n<meta property=\"og:site_name\" content=\"iWell Guard\" \/>\n<meta property=\"article:modified_time\" content=\"2026-09-03T17:00:31+00:00\" \/>\n<meta property=\"og:image\" content=\"https:\/\/iwell-guard.com\/wp-content\/uploads\/2026\/05\/goetter_rom_minerva.webp\" \/>\n\t<meta property=\"og:image:width\" content=\"1024\" \/>\n\t<meta property=\"og:image:height\" content=\"1536\" \/>\n\t<meta property=\"og:image:type\" content=\"image\/webp\" \/>\n<meta name=\"twitter:card\" content=\"summary_large_image\" \/>\n<script type=\"application\/ld+json\" class=\"yoast-schema-graph\">{\"@context\":\"https:\\\/\\\/schema.org\",\"@graph\":[{\"@type\":\"WebPage\",\"@id\":\"https:\\\/\\\/iwell-guard.com\\\/cs\\\/minerva\\\/\",\"url\":\"https:\\\/\\\/iwell-guard.com\\\/cs\\\/minerva\\\/\",\"name\":\"Minerva \u2013 \u0158\u00edmsk\u00e1 bohyn\u011b moudrosti | iWell Guard\",\"isPartOf\":{\"@id\":\"https:\\\/\\\/iwell-guard.com\\\/cs\\\/#website\"},\"primaryImageOfPage\":{\"@id\":\"https:\\\/\\\/iwell-guard.com\\\/cs\\\/minerva\\\/#primaryimage\"},\"image\":{\"@id\":\"https:\\\/\\\/iwell-guard.com\\\/cs\\\/minerva\\\/#primaryimage\"},\"thumbnailUrl\":\"https:\\\/\\\/iwell-guard.com\\\/wp-content\\\/uploads\\\/2026\\\/05\\\/goetter_rom_minerva.webp\",\"datePublished\":\"2026-09-03T16:31:55+00:00\",\"dateModified\":\"2026-09-03T17:00:31+00:00\",\"description\":\"Minerva je \u0159\u00edmsk\u00e1 bohyn\u011b moudrosti, strategie a \u0159emesln\u00e9ho um\u011bn\u00ed. Sou\u010d\u00e1st Kapitolsk\u00e9 trias, sova, \u0161t\u00edt, sv\u00e1tek Quinquatria\",\"breadcrumb\":{\"@id\":\"https:\\\/\\\/iwell-guard.com\\\/cs\\\/minerva\\\/#breadcrumb\"},\"inLanguage\":\"cs\",\"potentialAction\":[{\"@type\":\"ReadAction\",\"target\":[\"https:\\\/\\\/iwell-guard.com\\\/cs\\\/minerva\\\/\"]}]},{\"@type\":\"ImageObject\",\"inLanguage\":\"cs\",\"@id\":\"https:\\\/\\\/iwell-guard.com\\\/cs\\\/minerva\\\/#primaryimage\",\"url\":\"https:\\\/\\\/iwell-guard.com\\\/wp-content\\\/uploads\\\/2026\\\/05\\\/goetter_rom_minerva.webp\",\"contentUrl\":\"https:\\\/\\\/iwell-guard.com\\\/wp-content\\\/uploads\\\/2026\\\/05\\\/goetter_rom_minerva.webp\",\"width\":1024,\"height\":1536,\"caption\":\"Bohov\u00e9 z \u0159\u00edmsk\u00e9 tradice.\"},{\"@type\":\"BreadcrumbList\",\"@id\":\"https:\\\/\\\/iwell-guard.com\\\/cs\\\/minerva\\\/#breadcrumb\",\"itemListElement\":[{\"@type\":\"ListItem\",\"position\":1,\"name\":\"Start\",\"item\":\"https:\\\/\\\/iwell-guard.com\\\/cs\\\/?page_id=145107\"},{\"@type\":\"ListItem\",\"position\":2,\"name\":\"Minerva\"}]},{\"@type\":\"WebSite\",\"@id\":\"https:\\\/\\\/iwell-guard.com\\\/cs\\\/#website\",\"url\":\"https:\\\/\\\/iwell-guard.com\\\/cs\\\/\",\"name\":\"iWell Guard\",\"description\":\"Schutz vor dunklen Einfl\u00fcssen\",\"publisher\":{\"@id\":\"https:\\\/\\\/iwell-guard.com\\\/cs\\\/#organization\"},\"potentialAction\":[{\"@type\":\"SearchAction\",\"target\":{\"@type\":\"EntryPoint\",\"urlTemplate\":\"https:\\\/\\\/iwell-guard.com\\\/cs\\\/?s={search_term_string}\"},\"query-input\":{\"@type\":\"PropertyValueSpecification\",\"valueRequired\":true,\"valueName\":\"search_term_string\"}}],\"inLanguage\":\"cs\"},{\"@type\":\"Organization\",\"@id\":\"https:\\\/\\\/iwell-guard.com\\\/cs\\\/#organization\",\"name\":\"Ittermann electronic GmbH\",\"url\":\"https:\\\/\\\/iwell-guard.com\\\/cs\\\/\",\"logo\":{\"@type\":\"ImageObject\",\"inLanguage\":\"cs\",\"@id\":\"https:\\\/\\\/iwell-guard.com\\\/cs\\\/#\\\/schema\\\/logo\\\/image\\\/\",\"url\":\"https:\\\/\\\/iwell-guard.com\\\/wp-content\\\/uploads\\\/2026\\\/05\\\/Ittermann-Logo-1182x237-1.png\",\"contentUrl\":\"https:\\\/\\\/iwell-guard.com\\\/wp-content\\\/uploads\\\/2026\\\/05\\\/Ittermann-Logo-1182x237-1.png\",\"width\":1182,\"height\":237,\"caption\":\"Ittermann electronic GmbH\"},\"image\":{\"@id\":\"https:\\\/\\\/iwell-guard.com\\\/cs\\\/#\\\/schema\\\/logo\\\/image\\\/\"},\"sameAs\":[\"https:\\\/\\\/pantip.com\\\/profile\\\/9367242\",\"https:\\\/\\\/micro.blog\\\/iwellguard\",\"https:\\\/\\\/www.diggerslist.com\\\/iwellguard\\\/about\",\"https:\\\/\\\/skitterphoto.com\\\/photographers\\\/2870314\\\/iwell-guard\",\"https:\\\/\\\/iwellguard.wordpress.com\\\/2026\\\/06\\\/06\\\/iwell-guard\\\/\",\"https:\\\/\\\/hub.docker.com\\\/u\\\/iwellguard\",\"https:\\\/\\\/www.pinterest.com\\\/iwellguard\\\/\",\"https:\\\/\\\/bit.ly\\\/m\\\/iwellguard\",\"https:\\\/\\\/entre-vos-mains.alsace.eu\\\/profiles\\\/iwellguard\\\/activity\",\"https:\\\/\\\/gravatar.com\\\/reallybeded8fd34\",\"https:\\\/\\\/naijamatta.com\\\/iwellguard\",\"https:\\\/\\\/www.goodreads.com\\\/iwellguard\",\"https:\\\/\\\/profile.hatena.ne.jp\\\/iwellguard\\\/\",\"https:\\\/\\\/experiment.com\\\/users\\\/iwellguard\",\"https:\\\/\\\/wakelet.com\\\/@iWellGuard82270\",\"https:\\\/\\\/www.chordie.com\\\/forum\\\/profile.php?id=2555664\",\"https:\\\/\\\/www.instapaper.com\\\/p\\\/17757966\",\"https:\\\/\\\/www.mapleprimes.com\\\/users\\\/iwellguard\",\"https:\\\/\\\/businesslistingplus.com\\\/profile\\\/iwell-guard\\\/\",\"https:\\\/\\\/telegra.ph\\\/iWell-Guard-06-06\",\"https:\\\/\\\/pbase.com\\\/iwellguard\\\/iwellguard\",\"https:\\\/\\\/b.hatena.ne.jp\\\/iwellguard\\\/20260607#bookmark-4788405196491818882\",\"https:\\\/\\\/fliphtml5.com\\\/home\\\/iwellguard\",\"https:\\\/\\\/anyflip.com\\\/homepage\\\/cmiwl#About\",\"https:\\\/\\\/transfur.com\\\/Users\\\/iwellguard\",\"http:\\\/\\\/delphi.larsbo.org\\\/user\\\/iwellguard\",\"https:\\\/\\\/jobs.lajobsportal.org\\\/profiles\\\/8380803-iwell-guard\",\"https:\\\/\\\/md.chaosdorf.de\\\/s\\\/jfbe5SBdJD\",\"https:\\\/\\\/www.lingvolive.com\\\/en-us\\\/profile\\\/9ecaeaca-ce11-4e51-9e71-01d55e2bff36\\\/translations\",\"https:\\\/\\\/www.fitday.com\\\/fitness\\\/forums\\\/members\\\/iwellguard.html\",\"https:\\\/\\\/www.mymeetbook.com\\\/iwellguard\",\"https:\\\/\\\/pxhere.com\\\/en\\\/photographer-me\\\/5040798\",\"https:\\\/\\\/disqus.com\\\/by\\\/iwellguard\\\/about\\\/\",\"https:\\\/\\\/pastelink.net\\\/hjwciqwq\",\"https:\\\/\\\/pubhtml5.com\\\/homepage\\\/scjhn\\\/\",\"https:\\\/\\\/www.bitchute.com\\\/channel\\\/2O2eOKzNqujT\",\"https:\\\/\\\/audiomack.com\\\/iwellguard\"]}]}<\/script>\n<!-- \/ Yoast SEO Premium plugin. -->","yoast_head_json":{"title":"Minerva \u2013 \u0158\u00edmsk\u00e1 bohyn\u011b moudrosti | iWell Guard","description":"Minerva je \u0159\u00edmsk\u00e1 bohyn\u011b moudrosti, strategie a \u0159emesln\u00e9ho um\u011bn\u00ed. Sou\u010d\u00e1st Kapitolsk\u00e9 trias, sova, \u0161t\u00edt, sv\u00e1tek Quinquatria","robots":{"index":"index","follow":"follow","max-snippet":"max-snippet:-1","max-image-preview":"max-image-preview:large","max-video-preview":"max-video-preview:-1"},"canonical":"https:\/\/iwell-guard.com\/cs\/minerva\/","og_locale":"cs_CZ","og_type":"article","og_title":"Minerva","og_description":"Minerva je \u0159\u00edmsk\u00e1 bohyn\u011b moudrosti, strategie a \u0159emesln\u00e9ho um\u011bn\u00ed. Sou\u010d\u00e1st Kapitolsk\u00e9 trias, sova, \u0161t\u00edt, sv\u00e1tek Quinquatria","og_url":"https:\/\/iwell-guard.com\/cs\/minerva\/","og_site_name":"iWell Guard","article_modified_time":"2026-09-03T17:00:31+00:00","og_image":[{"width":1024,"height":1536,"url":"https:\/\/iwell-guard.com\/wp-content\/uploads\/2026\/05\/goetter_rom_minerva.webp","type":"image\/webp"}],"twitter_card":"summary_large_image","schema":{"@context":"https:\/\/schema.org","@graph":[{"@type":"WebPage","@id":"https:\/\/iwell-guard.com\/cs\/minerva\/","url":"https:\/\/iwell-guard.com\/cs\/minerva\/","name":"Minerva \u2013 \u0158\u00edmsk\u00e1 bohyn\u011b moudrosti | iWell Guard","isPartOf":{"@id":"https:\/\/iwell-guard.com\/cs\/#website"},"primaryImageOfPage":{"@id":"https:\/\/iwell-guard.com\/cs\/minerva\/#primaryimage"},"image":{"@id":"https:\/\/iwell-guard.com\/cs\/minerva\/#primaryimage"},"thumbnailUrl":"https:\/\/iwell-guard.com\/wp-content\/uploads\/2026\/05\/goetter_rom_minerva.webp","datePublished":"2026-09-03T16:31:55+00:00","dateModified":"2026-09-03T17:00:31+00:00","description":"Minerva je \u0159\u00edmsk\u00e1 bohyn\u011b moudrosti, strategie a \u0159emesln\u00e9ho um\u011bn\u00ed. Sou\u010d\u00e1st Kapitolsk\u00e9 trias, sova, \u0161t\u00edt, sv\u00e1tek Quinquatria","breadcrumb":{"@id":"https:\/\/iwell-guard.com\/cs\/minerva\/#breadcrumb"},"inLanguage":"cs","potentialAction":[{"@type":"ReadAction","target":["https:\/\/iwell-guard.com\/cs\/minerva\/"]}]},{"@type":"ImageObject","inLanguage":"cs","@id":"https:\/\/iwell-guard.com\/cs\/minerva\/#primaryimage","url":"https:\/\/iwell-guard.com\/wp-content\/uploads\/2026\/05\/goetter_rom_minerva.webp","contentUrl":"https:\/\/iwell-guard.com\/wp-content\/uploads\/2026\/05\/goetter_rom_minerva.webp","width":1024,"height":1536,"caption":"Bohov\u00e9 z \u0159\u00edmsk\u00e9 tradice."},{"@type":"BreadcrumbList","@id":"https:\/\/iwell-guard.com\/cs\/minerva\/#breadcrumb","itemListElement":[{"@type":"ListItem","position":1,"name":"Start","item":"https:\/\/iwell-guard.com\/cs\/?page_id=145107"},{"@type":"ListItem","position":2,"name":"Minerva"}]},{"@type":"WebSite","@id":"https:\/\/iwell-guard.com\/cs\/#website","url":"https:\/\/iwell-guard.com\/cs\/","name":"iWell Guard","description":"Schutz vor dunklen Einfl\u00fcssen","publisher":{"@id":"https:\/\/iwell-guard.com\/cs\/#organization"},"potentialAction":[{"@type":"SearchAction","target":{"@type":"EntryPoint","urlTemplate":"https:\/\/iwell-guard.com\/cs\/?s={search_term_string}"},"query-input":{"@type":"PropertyValueSpecification","valueRequired":true,"valueName":"search_term_string"}}],"inLanguage":"cs"},{"@type":"Organization","@id":"https:\/\/iwell-guard.com\/cs\/#organization","name":"Ittermann electronic GmbH","url":"https:\/\/iwell-guard.com\/cs\/","logo":{"@type":"ImageObject","inLanguage":"cs","@id":"https:\/\/iwell-guard.com\/cs\/#\/schema\/logo\/image\/","url":"https:\/\/iwell-guard.com\/wp-content\/uploads\/2026\/05\/Ittermann-Logo-1182x237-1.png","contentUrl":"https:\/\/iwell-guard.com\/wp-content\/uploads\/2026\/05\/Ittermann-Logo-1182x237-1.png","width":1182,"height":237,"caption":"Ittermann electronic GmbH"},"image":{"@id":"https:\/\/iwell-guard.com\/cs\/#\/schema\/logo\/image\/"},"sameAs":["https:\/\/pantip.com\/profile\/9367242","https:\/\/micro.blog\/iwellguard","https:\/\/www.diggerslist.com\/iwellguard\/about","https:\/\/skitterphoto.com\/photographers\/2870314\/iwell-guard","https:\/\/iwellguard.wordpress.com\/2026\/06\/06\/iwell-guard\/","https:\/\/hub.docker.com\/u\/iwellguard","https:\/\/www.pinterest.com\/iwellguard\/","https:\/\/bit.ly\/m\/iwellguard","https:\/\/entre-vos-mains.alsace.eu\/profiles\/iwellguard\/activity","https:\/\/gravatar.com\/reallybeded8fd34","https:\/\/naijamatta.com\/iwellguard","https:\/\/www.goodreads.com\/iwellguard","https:\/\/profile.hatena.ne.jp\/iwellguard\/","https:\/\/experiment.com\/users\/iwellguard","https:\/\/wakelet.com\/@iWellGuard82270","https:\/\/www.chordie.com\/forum\/profile.php?id=2555664","https:\/\/www.instapaper.com\/p\/17757966","https:\/\/www.mapleprimes.com\/users\/iwellguard","https:\/\/businesslistingplus.com\/profile\/iwell-guard\/","https:\/\/telegra.ph\/iWell-Guard-06-06","https:\/\/pbase.com\/iwellguard\/iwellguard","https:\/\/b.hatena.ne.jp\/iwellguard\/20260607#bookmark-4788405196491818882","https:\/\/fliphtml5.com\/home\/iwellguard","https:\/\/anyflip.com\/homepage\/cmiwl#About","https:\/\/transfur.com\/Users\/iwellguard","http:\/\/delphi.larsbo.org\/user\/iwellguard","https:\/\/jobs.lajobsportal.org\/profiles\/8380803-iwell-guard","https:\/\/md.chaosdorf.de\/s\/jfbe5SBdJD","https:\/\/www.lingvolive.com\/en-us\/profile\/9ecaeaca-ce11-4e51-9e71-01d55e2bff36\/translations","https:\/\/www.fitday.com\/fitness\/forums\/members\/iwellguard.html","https:\/\/www.mymeetbook.com\/iwellguard","https:\/\/pxhere.com\/en\/photographer-me\/5040798","https:\/\/disqus.com\/by\/iwellguard\/about\/","https:\/\/pastelink.net\/hjwciqwq","https:\/\/pubhtml5.com\/homepage\/scjhn\/","https:\/\/www.bitchute.com\/channel\/2O2eOKzNqujT","https:\/\/audiomack.com\/iwellguard"]}]}},"_links":{"self":[{"href":"https:\/\/iwell-guard.com\/cs\/wp-json\/wp\/v2\/pages\/145597","targetHints":{"allow":["GET"]}}],"collection":[{"href":"https:\/\/iwell-guard.com\/cs\/wp-json\/wp\/v2\/pages"}],"about":[{"href":"https:\/\/iwell-guard.com\/cs\/wp-json\/wp\/v2\/types\/page"}],"author":[{"embeddable":true,"href":"https:\/\/iwell-guard.com\/cs\/wp-json\/wp\/v2\/users\/3"}],"replies":[{"embeddable":true,"href":"https:\/\/iwell-guard.com\/cs\/wp-json\/wp\/v2\/comments?post=145597"}],"version-history":[{"count":0,"href":"https:\/\/iwell-guard.com\/cs\/wp-json\/wp\/v2\/pages\/145597\/revisions"}],"wp:featuredmedia":[{"embeddable":true,"href":"https:\/\/iwell-guard.com\/cs\/wp-json\/wp\/v2\/media\/3258"}],"wp:attachment":[{"href":"https:\/\/iwell-guard.com\/cs\/wp-json\/wp\/v2\/media?parent=145597"}],"wp:term":[{"taxonomy":"category","embeddable":true,"href":"https:\/\/iwell-guard.com\/cs\/wp-json\/wp\/v2\/categories?post=145597"}],"curies":[{"name":"wp","href":"https:\/\/api.w.org\/{rel}","templated":true}]}}