{"id":145590,"date":"2026-09-03T16:31:51","date_gmt":"2026-09-03T16:31:51","guid":{"rendered":"https:\/\/iwell-guard.com\/?page_id=145590"},"modified":"2026-09-03T17:00:14","modified_gmt":"2026-09-03T17:00:14","slug":"freyr","status":"publish","type":"page","link":"https:\/\/iwell-guard.com\/cs\/freyr\/","title":{"rendered":"Freyr"},"content":{"rendered":"\t\t<div data-elementor-type=\"wp-page\" data-elementor-id=\"145590\" class=\"elementor elementor-145590 elementor-3004 elementor-bc-flex-widget\" data-elementor-post-type=\"page\">\n\t\t\t\t<div class=\"elementor-element elementor-element-933a9cd e-flex e-con-boxed e-con e-parent\" data-id=\"933a9cd\" data-element_type=\"container\" data-e-type=\"container\" data-settings=\"{&quot;background_background&quot;:&quot;classic&quot;}\">\n\t\t\t\t\t<div class=\"e-con-inner\">\n\t\t<div class=\"elementor-element elementor-element-d30192b e-flex e-con-boxed e-con e-child\" data-id=\"d30192b\" data-element_type=\"container\" data-e-type=\"container\">\n\t\t\t\t\t<div class=\"e-con-inner\">\n\t\t<div class=\"elementor-element elementor-element-d91b927 e-con-full e-flex e-con e-child\" data-id=\"d91b927\" data-element_type=\"container\" data-e-type=\"container\">\n\t\t\t\t<div class=\"elementor-element elementor-element-9444766 elementor-widget elementor-widget-heading\" data-id=\"9444766\" data-element_type=\"widget\" data-e-type=\"widget\" data-widget_type=\"heading.default\">\n\t\t\t\t\t<h1 class=\"elementor-heading-title elementor-size-default\">Freyr, vansk\u00fd b\u016fh plodnosti<\/h1>\t\t\t\t<\/div>\n\t\t\t\t<div class=\"elementor-element elementor-element-a2f0e3c elementor-widget elementor-widget-text-editor\" data-id=\"a2f0e3c\" data-element_type=\"widget\" data-e-type=\"widget\" data-widget_type=\"text-editor.default\">\n\t\t\t\t\t\t\t\t\t<p>Freyr je vansk\u00fd b\u016fh plodnosti, m\u00edru a \u00farodn\u00e9 hojnosti, kter\u00fd se v seversk\u00e9 <span class=\"iwg-fachbegriff\" data-tooltip=\"P\u0159ed\u00e1v\u00e1n\u00ed v\u011bdomost\u00ed a vypr\u00e1v\u011bn\u00ed nap\u0159\u00ed\u010d generacemi.\" tabindex=\"0\">tradici<\/span> t\u011b\u0161\u00ed velk\u00e9 v\u00e1\u017enosti.<\/p><p>Freyr (tak\u00e9 Frey) je jedn\u00edm z nejv\u00fdznamn\u011bj\u0161\u00edch boh\u016f germ\u00e1nsk\u00e9ho <span class=\"iwg-fachbegriff\" data-tooltip=\"Souhrn boh\u016f ur\u010dit\u00e9ho n\u00e1bo\u017eenstv\u00ed nebo kultury.\" tabindex=\"0\">panteonu<\/span>. Poch\u00e1z\u00ed z rodu Van\u016f, po v\u00e1lce Van\u016f se dostal do \u00c1sgardu jako rukojm\u00ed a je uct\u00edv\u00e1n jako b\u016fh plodnosti, m\u00edru, de\u0161t\u011b, \u00farody a blahobytu.<\/p><p>Jeho s\u00eddlem je Alfheim, jeho lod\u00ed Skidbladnir, jeho kancem Gullinbursti. Adam z Br\u00e9m jej pod jm\u00e9nem Fricco zmi\u0148uje vedle Thora a Wodana mezi t\u0159emi hlavn\u00edmi bohy uct\u00edvan\u00fdmi v chr\u00e1mu v Uppsale. Z religionistick\u00e9ho hlediska je Freyr pova\u017eov\u00e1n za kl\u00ed\u010dov\u00e9 bo\u017estvo plodnosti severogerm\u00e1nsk\u00e9 oblasti, jeho\u017e <span class=\"iwg-fachbegriff\" data-tooltip=\"Souhrn n\u00e1bo\u017eensk\u00fdch \u00fakon\u016f uct\u00edv\u00e1n\u00ed bo\u017estva nebo svat\u00e9 postavy.\" tabindex=\"0\">kult<\/span> byl \u017eiv\u00fd je\u0161t\u011b hluboko do 11. stolet\u00ed.<\/p>\t\t\t\t\t\t\t\t<\/div>\n\t\t\t\t<\/div>\n\t\t<div class=\"elementor-element elementor-element-ea66aeb e-con-full e-flex e-con e-parent\" data-id=\"ea66aeb\" data-element_type=\"container\" data-e-type=\"container\">\n\t\t\t\t<div class=\"elementor-element elementor-element-5e06d38 elementor-widget elementor-widget-html\" data-id=\"5e06d38\" data-element_type=\"widget\" data-e-type=\"widget\" data-widget_type=\"html.default\">\n\t\t\t\t\t<div class=\"iwg-pill-row\"><span class=\"iwg-klasse-badge\" tabindex=\"0\" data-tooltip=\"B\u016fh \/ Bohyn\u011b: Zosobn\u011bn\u00e1 nejvy\u0161\u0161\u00ed moc v panteonu ur\u010dit\u00e9 kultury, s jasn\u011b vymezen\u00fdmi oblastmi p\u016fsobnosti \u2014 p\u0159\u00edrodn\u00ed s\u00edly, osud, v\u00e1lka, plodnost. Uct\u00edv\u00e1na prost\u0159ednictv\u00edm kult\u016f, ob\u011bt\u00ed a chr\u00e1mov\u00fdch instituc\u00ed.\">B\u016fh<\/span><a href=\"https:\/\/iwell-guard.com\/cs\/germansky\/\" class=\"iwg-kultur-badge\" tabindex=\"0\" data-tooltip=\"P\u0159edk\u0159es\u0165ansk\u00fd sv\u011bt boh\u016f a duch\u016f severn\u00ed a st\u0159edn\u00ed Evropy.\">Germ\u00e1nsk\u00fd<\/a><\/div>\t\t\t\t<\/div>\n\t\t\t\t<\/div>\n\t\t<div class=\"elementor-element elementor-element-f4331f2 e-con-full e-flex e-con e-child\" data-id=\"f4331f2\" data-element_type=\"container\" data-e-type=\"container\">\n\t\t\t\t<div class=\"elementor-element elementor-element-cc3c41e elementor-toc--minimized-on-tablet elementor-widget elementor-widget-table-of-contents\" data-id=\"cc3c41e\" data-element_type=\"widget\" data-e-type=\"widget\" data-settings=\"{&quot;exclude_headings_by_selector&quot;:[],&quot;no_headings_message&quot;:&quot;Na t\\u00e9to str\\u00e1nce nebyly nalezeny \\u017e\\u00e1dn\\u00e9 nadpisy.&quot;,&quot;headings_by_tags&quot;:[&quot;h2&quot;,&quot;h3&quot;],&quot;marker_view&quot;:&quot;bullets&quot;,&quot;icon&quot;:{&quot;value&quot;:&quot;fas fa-circle&quot;,&quot;library&quot;:&quot;fa-solid&quot;,&quot;rendered_tag&quot;:&quot;&lt;svg class=\\&quot;e-font-icon-svg e-fas-circle\\&quot; viewBox=\\&quot;0 0 512 512\\&quot; xmlns=\\&quot;http:\\\/\\\/www.w3.org\\\/2000\\\/svg\\&quot;&gt;&lt;path d=\\&quot;M256 8C119 8 8 119 8 256s111 248 248 248 248-111 248-248S393 8 256 8z\\&quot;&gt;&lt;\\\/path&gt;&lt;\\\/svg&gt;&quot;},&quot;minimize_box&quot;:&quot;yes&quot;,&quot;minimized_on&quot;:&quot;tablet&quot;,&quot;hierarchical_view&quot;:&quot;yes&quot;,&quot;min_height&quot;:{&quot;unit&quot;:&quot;px&quot;,&quot;size&quot;:&quot;&quot;,&quot;sizes&quot;:[]},&quot;min_height_tablet&quot;:{&quot;unit&quot;:&quot;px&quot;,&quot;size&quot;:&quot;&quot;,&quot;sizes&quot;:[]},&quot;min_height_mobile&quot;:{&quot;unit&quot;:&quot;px&quot;,&quot;size&quot;:&quot;&quot;,&quot;sizes&quot;:[]}}\" data-widget_type=\"table-of-contents.default\">\n\t\t\t\t\t\t\t\t\t<div class=\"elementor-toc__header\">\n\t\t\t\t\t\t<h2 class=\"elementor-toc__header-title\">\n\t\t\t\tObsah\t\t\t<\/h2>\n\t\t\t\t\t\t\t\t\t\t<div class=\"elementor-toc__toggle-button elementor-toc__toggle-button--expand\" role=\"button\" tabindex=\"0\" aria-controls=\"elementor-toc__cc3c41e\" aria-expanded=\"true\" aria-label=\"Open table of contents\"><svg aria-hidden=\"true\" class=\"e-font-icon-svg e-fas-chevron-down\" viewBox=\"0 0 448 512\" xmlns=\"http:\/\/www.w3.org\/2000\/svg\"><path d=\"M207.029 381.476L12.686 187.132c-9.373-9.373-9.373-24.569 0-33.941l22.667-22.667c9.357-9.357 24.522-9.375 33.901-.04L224 284.505l154.745-154.021c9.379-9.335 24.544-9.317 33.901.04l22.667 22.667c9.373 9.373 9.373 24.569 0 33.941L240.971 381.476c-9.373 9.372-24.569 9.372-33.942 0z\"><\/path><\/svg><\/div>\n\t\t\t\t<div class=\"elementor-toc__toggle-button elementor-toc__toggle-button--collapse\" role=\"button\" tabindex=\"0\" aria-controls=\"elementor-toc__cc3c41e\" aria-expanded=\"true\" aria-label=\"Close table of contents\"><svg aria-hidden=\"true\" class=\"e-font-icon-svg e-fas-chevron-up\" viewBox=\"0 0 448 512\" xmlns=\"http:\/\/www.w3.org\/2000\/svg\"><path d=\"M240.971 130.524l194.343 194.343c9.373 9.373 9.373 24.569 0 33.941l-22.667 22.667c-9.357 9.357-24.522 9.375-33.901.04L224 227.495 69.255 381.516c-9.379 9.335-24.544 9.317-33.901-.04l-22.667-22.667c-9.373-9.373-9.373-24.569 0-33.941L207.03 130.525c9.372-9.373 24.568-9.373 33.941-.001z\"><\/path><\/svg><\/div>\n\t\t\t\t\t<\/div>\n\t\t\t\t<div id=\"elementor-toc__cc3c41e\" class=\"elementor-toc__body\">\n\t\t\t<div class=\"elementor-toc__spinner-container\">\n\t\t\t\t<svg class=\"elementor-toc__spinner eicon-animation-spin e-font-icon-svg e-eicon-loading\" aria-hidden=\"true\" viewBox=\"0 0 1000 1000\" xmlns=\"http:\/\/www.w3.org\/2000\/svg\"><path d=\"M500 975V858C696 858 858 696 858 500S696 142 500 142 142 304 142 500H25C25 237 238 25 500 25S975 237 975 500 763 975 500 975Z\"><\/path><\/svg>\t\t\t<\/div>\n\t\t<\/div>\n\t\t\t\t\t\t<\/div>\n\t\t\t\t<\/div>\n\t\t\t\t\t<\/div>\n\t\t\t\t<\/div>\n\t\t<div class=\"elementor-element elementor-element-ce7695c e-con-full e-flex e-con e-child\" data-id=\"ce7695c\" data-element_type=\"container\" data-e-type=\"container\">\n\t\t\t\t<div class=\"elementor-element elementor-element-2d0cb50 iwg-hero-image elementor-widget elementor-widget-image\" data-id=\"2d0cb50\" data-element_type=\"widget\" data-e-type=\"widget\" data-widget_type=\"image.default\">\n\t\t\t\t\t\t\t\t\t\t\t\t\t\t\t<img fetchpriority=\"high\" decoding=\"async\" width=\"683\" height=\"1024\" src=\"https:\/\/iwell-guard.com\/wp-content\/uploads\/2026\/05\/goetter_germanisch_freyr-683x1024.webp\" class=\"attachment-large size-large wp-image-147261\" alt=\"Freyr \u2013 b\u016fh z germ\u00e1nsk\u00e9 tradice, historicko-ilustra\u010dn\u00ed zobrazen\u00ed\" srcset=\"https:\/\/iwell-guard.com\/wp-content\/uploads\/2026\/05\/goetter_germanisch_freyr-683x1024.webp 683w, https:\/\/iwell-guard.com\/wp-content\/uploads\/2026\/05\/goetter_germanisch_freyr-200x300.webp 200w, https:\/\/iwell-guard.com\/wp-content\/uploads\/2026\/05\/goetter_germanisch_freyr-768x1152.webp 768w, https:\/\/iwell-guard.com\/wp-content\/uploads\/2026\/05\/goetter_germanisch_freyr.webp 1024w\" sizes=\"(max-width: 683px) 100vw, 683px\" \/>\t\t\t\t\t\t\t\t\t\t\t\t\t\t\t<\/div>\n\t\t\t\t<\/div>\n\t\t\t\t\t<\/div>\n\t\t\t\t<\/div>\n\t\t<div class=\"elementor-element elementor-element-1476e69 e-con-boxed e-flex e-con e-parent\" data-id=\"1476e69\" data-element_type=\"container\" data-e-type=\"container\">\n\t\t\t\t\t<div class=\"e-con-inner\">\n\t\t<div class=\"elementor-element elementor-element-4b86009 e-con-full e-flex e-con e-child\" data-id=\"4b86009\" data-element_type=\"container\" data-e-type=\"container\">\n\t\t\t\t<div class=\"elementor-element elementor-element-65d34d5 elementor-widget elementor-widget-heading\" data-id=\"65d34d5\" data-element_type=\"widget\" data-e-type=\"widget\" data-widget_type=\"heading.default\">\n\t\t\t\t\t<h2 class=\"elementor-heading-title elementor-size-default\">M\u00fdtus a p\u016fvod<\/h2>\t\t\t\t<\/div>\n\t\t\t\t<div class=\"elementor-element elementor-element-497d4b5 elementor-widget elementor-widget-text-editor\" data-id=\"497d4b5\" data-element_type=\"widget\" data-e-type=\"widget\" data-widget_type=\"text-editor.default\">\n\t\t\t\t\t\t\t\t\t<p>Snorri Sturluson p\u0159edstavuje Freyra v \u00abPr\u00f3za-Edd\u011b\u00bb (Gylfaginning 24): \u00abFreyr je nejvzne\u0161en\u011bj\u0161\u00ed z \u00c1s\u016f, vl\u00e1dne nad de\u0161t\u011bm a slune\u010dn\u00edm svitem a r\u016fstem zem\u011b, k n\u011bmu se m\u00e1 volat pro dobrou \u00farodu a m\u00edr. On tak\u00e9 rozhoduje o blahobytu lid\u00ed.\u00bb Tento stru\u010dn\u00fd popis vystihuje cel\u00fd rozsah jeho p\u016fsobnosti: po\u010das\u00ed, zem\u011bd\u011blstv\u00ed, m\u00edr, hmotn\u00e9 blaho.<\/p>\n<p>Jm\u00e9no Freyr znamen\u00e1 doslova \u00abp\u00e1n\u00bb a je p\u016fvodn\u011b titulem (srovnateln\u00fdm s latinsk\u00fdm dominus), nikoli vlastn\u00edm jm\u00e9nem. Tato jazykov\u00e1 skute\u010dnost nazna\u010duje, \u017ee prav\u00e9, starobyl\u00e9 jm\u00e9no t\u00e9to postavy se ztratilo nebo bylo nahrazeno tabuizovan\u00fdm slovem Freyr.<\/p><p><span data-nosnippet>Podobn\u011b je tomu u Freyji, jej\u00ed\u017e jm\u00e9no znamen\u00e1 \u00abpan\u00ed\u00bb. Edgar Polome ve sv\u00e9m d\u00edle \u00abEssays on Germanic Religion\u00bb (1989) navrhl, \u017ee p\u016fvodn\u011b bezejmenn\u00fd hlavn\u00ed b\u016fh Van\u016f p\u0159e\u017e\u00edval v tradici pod titulem Freyr.<\/span><\/p>\n<p>Freyrov\u00fdm otcem je Njord, matkou Njordova bezejmenn\u00e1 sestra. S Freyjou, svou sestrou a man\u017eelkou (podle vansk\u00e9 tradice), a s Gerd, obryn\u00ed, kterou si vynutil, m\u00e1 rozv\u011btven\u00e9 potomstvo.<\/p><p>\u00abYnglinga saga\u00bb uv\u00e1d\u00ed jako Freyrova syna Fjolnira, polore\u00e1ln\u00e9ho kr\u00e1le \u0161v\u00e9dsk\u00fdch Yngling\u016f. \u0160v\u00e9dsk\u00fd kr\u00e1lovsk\u00fd rod Yngling\u016f je tak pova\u017eov\u00e1n za potomky Freyra.<\/p>\n\n<p>Freyr je hlavn\u00ed severskou postavou mu\u017esk\u00e9 plodnosti, av\u0161ak nejde o jednodu\u0161e jednofunk\u010dn\u00ed <span class=\"iwg-fachbegriff\" data-tooltip=\"Bytost uct\u00edvan\u00e1 jako bo\u017esk\u00e1 v r\u00e1mci ur\u010dit\u00e9ho n\u00e1bo\u017eenstv\u00ed.\" tabindex=\"0\">bo\u017estvo<\/span>. Jeho p\u0159\u00edb\u011bhy zahrnuj\u00ed ovl\u00e1d\u00e1n\u00ed po\u010das\u00ed, slune\u010dn\u00ed svit, d\u00e9\u0161\u0165, zem\u011bd\u011blstv\u00ed, mo\u0159eplavbu (d\u00edky Skidbladniru) a m\u00edr. Tato funk\u010dn\u00ed \u0161\u00ed\u0159e vedla badatele k tomu, aby Freyra neklasifikovali jako \u010dist\u011b t\u0159et\u00ed-funk\u010dn\u00edho boha, ale jako komplexn\u00ed sm\u00ed\u0161enou postavu, jej\u00ed\u017e profil komplexn\u011b zachycuje podm\u00ednky lidsk\u00e9ho blahobytu.<\/p>\n<p>Tituln\u00ed charakter jm\u00e9na Freyr (\u00abp\u00e1n\u00bb) opakovan\u011b vedl badatele k ot\u00e1zce, jak\u00e9 mohlo b\u00fdt p\u016fvodn\u00ed jm\u00e9no tohoto boha. Edgar Polome ve sv\u00fdch pojedn\u00e1n\u00edch p\u0159edpokl\u00e1dal existenci zak\u00e1zan\u00e9ho, tabuizovan\u00e9ho jm\u00e9na, kter\u00e9 bylo nahrazeno titulem.<\/p><p>Tato teze o tabu je jazykov\u011bdn\u011b p\u0159ijateln\u00e1, ale empiricky obt\u00ed\u017en\u011b dolo\u017eiteln\u00e1. Jin\u00ed badatel\u00e9 (Jan de Vries, Rudolf Simek) se domn\u00edvaj\u00ed, \u017ee Freyr a Freyja byly tituln\u00edmi jm\u00e9ny od po\u010d\u00e1tku, ani\u017e by kdy existovalo p\u016fvodn\u00ed vlastn\u00ed jm\u00e9no.<\/p>\t\t\t\t\t\t\t\t<\/div>\n\t\t\t\t<\/div>\n\t\t<div class=\"elementor-element elementor-element-3d329d2 e-con-full e-flex e-con e-child\" data-id=\"3d329d2\" data-element_type=\"container\" data-e-type=\"container\">\n\t\t\t\t<div class=\"elementor-element elementor-element-9142137 elementor-widget elementor-widget-heading\" data-id=\"9142137\" data-element_type=\"widget\" data-e-type=\"widget\" data-widget_type=\"heading.default\">\n\t\t\t\t\t<h2 class=\"elementor-heading-title elementor-size-default\">Symboly a atributy<\/h2>\t\t\t\t<\/div>\n\t\t\t\t<div class=\"elementor-element elementor-element-0eea007 elementor-widget elementor-widget-text-editor\" data-id=\"0eea007\" data-element_type=\"widget\" data-e-type=\"widget\" data-widget_type=\"text-editor.default\">\n\t\t\t\t\t\t\t\t\t<p>Freyr\u016fv kanec Gullinbursti (\u00abZlat\u00e9 \u0161t\u011btiny\u00bb) je podrobn\u011b pops\u00e1n ve Snorriho \u00abSkaldskaparmal\u00bb. Trpasl\u00edci Brokk a Eitri jej ukovali z prase\u010d\u00ed k\u016f\u017ee. Kanec dok\u00e1\u017ee b\u011b\u017eet vzduchem i vodou, rychleji ne\u017e jak\u00fdkoli k\u016f\u0148, a jeho lesk osv\u011btluje noc.<\/p><p>Kanec je v seversk\u00e9 symbolice spjat\u00fd s v\u00e1lkou a plodnost\u00ed siln\u011bji ne\u017e jinde. Beowulf, vikingsk\u00e1 helma ze Sutton Hoo (Anglie, 7. stolet\u00ed) a \u0159ada skandin\u00e1vsk\u00fdch j\u00edlc\u016f me\u010d\u016f zobrazuj\u00ed motiv kance.<\/p>\n<p>Jeho lo\u010f Skidbladnir, rovn\u011b\u017e vyroben\u00e1 trpasl\u00edky, je nejlep\u0161\u00ed ze v\u0161ech lod\u00ed. V\u017edy m\u00e1 dobr\u00fd v\u00edtr, jakmile se rozvinou plachty, a lze ji slo\u017eit jako pl\u00e1tno a schovat do kapsy. Lo\u010f je <span class=\"iwg-fachbegriff\" data-tooltip=\"Znak, kter\u00fd zastupuje ur\u010ditou p\u0159edstavu nebo v\u00fdznam.\" tabindex=\"0\">symbolem<\/span> jeho n\u00e1mo\u0159n\u00ed s\u00edly (d\u011bdictv\u00ed po otci Njordovi) i jeho praktick\u00e9, pragmatick\u00e9 povahy.<\/p>\n<p>Jeho me\u010d je zm\u00edn\u011bn ve \u00abSkirnismal\u00bb i v \u00abGylfaginning\u00bb. Bojuje s\u00e1m od sebe, pokud jej vede zasv\u011bcen\u00fd. Freyr tento me\u010d daruje sv\u00e9mu slu\u017eebn\u00edkovi Skirnirovi jako odm\u011bnu za dohazov\u00e1n\u00ed Gerd.<\/p><p>P\u0159i Ragnar\u00f6ku proto Freyr padne v boji proti ohniv\u00e9mu obru Surtovi, proto\u017ee me\u010d ji\u017e nem\u00e1. Tento detail je nazna\u010den ve \u00abVoluspa\u00bb 53.<\/p>\n<p>Jeho s\u00eddlo Alfheim, doslova \u00abElf\u00ed zem\u011b\u00bb, je v \u00abGrimnismal\u00bb 5 uv\u00e1d\u011bno jako dar Freyrovi p\u0159i jeho prvn\u00edm pro\u0159ez\u00e1v\u00e1n\u00ed zub\u016f. Toto spojen\u00ed se sv\u011btl\u00fdmi elfy (Liosalfar) bylo v badatelsk\u00e9 literatu\u0159e vykl\u00e1d\u00e1no r\u016fzn\u011b.<\/p><p>Edgar Polome v tom vid\u011bl spojen\u00ed plodnosti a <span class=\"iwg-fachbegriff\" data-tooltip=\"Uct\u00edv\u00e1n\u00ed zem\u0159el\u00fdch \u010dlen\u016f rodu jako trvale p\u016fsob\u00edc\u00edch ochrann\u00fdch mocnost\u00ed.\" tabindex=\"0\">kultu p\u0159edk\u016f<\/span>, Rudolf Simek naopak tuto pas\u00e1\u017e \u010dte jako n\u00e1znak starobyl\u00e9ho vztahu vl\u00e1dy mezi Freyrem a elfy.<\/p>\t\t\t\t\t\t\t\t<\/div>\n\t\t\t\t<\/div>\n\t\t<div class=\"elementor-element elementor-element-e0141a0 e-con-full e-flex e-con e-child\" data-id=\"e0141a0\" data-element_type=\"container\" data-e-type=\"container\">\n\t\t\t\t<div class=\"elementor-element elementor-element-8ed9638 elementor-widget elementor-widget-heading\" data-id=\"8ed9638\" data-element_type=\"widget\" data-e-type=\"widget\" data-widget_type=\"heading.default\">\n\t\t\t\t\t<h2 class=\"elementor-heading-title elementor-size-default\">Kult a uct\u00edv\u00e1n\u00ed<\/h2>\t\t\t\t<\/div>\n\t\t\t\t<div class=\"elementor-element elementor-element-8192270 elementor-widget elementor-widget-text-editor\" data-id=\"8192270\" data-element_type=\"widget\" data-e-type=\"widget\" data-widget_type=\"text-editor.default\">\n\t\t\t\t\t\t\t\t\t<p>Adam z Br\u00e9m popisuje ve sv\u00e9m d\u00edle \u00abGesta Hammaburgensis ecclesi\u00e4 pontificum\u00bb (kolem 1075) <span class=\"iwg-fachbegriff\" data-tooltip=\"Stavba slou\u017e\u00edc\u00ed k uct\u00edv\u00e1n\u00ed jednoho nebo v\u00edce bo\u017estev.\" tabindex=\"0\">chr\u00e1m<\/span> v Uppsale se t\u0159emi sochami boh\u016f: Thor uprost\u0159ed, Wodan a Fricco po obou stran\u00e1ch. Fricco je Freyr.<\/p><p>Adam uv\u00e1d\u00ed, \u017ee Friccova socha byla zobrazena s obrovsk\u00fdm falusem. Toto falick\u00e9 zobrazen\u00ed podporuj\u00ed i archeologick\u00e9 n\u00e1lezy, nap\u0159\u00edklad so\u0161ka z Rallinge (\u0160v\u00e9dsko, 10.\/11. stolet\u00ed), mal\u00e1 bronzov\u00e1 figurka s v\u00fdrazn\u011b patrn\u00fdm falusem.<\/p>\n<p>\u00abV\u00f6lusp\u00e1\u00bb, \u00abYnglinga saga\u00bb a n\u011bkolik islandsk\u00fdch sag zmi\u0148uj\u00ed sv\u00e1tek Yule a D\u00edsabl\u00f3t, p\u0159i nich\u017e hr\u00e1l Freyr zvl\u00e1\u0161tn\u00ed roli. Jeho kanec Gullinbursti dal jm\u00e9no v\u00e1no\u010dn\u00edmu kanci (sonarg\u00f6ltr).<\/p><p>P\u0159i Yule se kanci na znamen\u00ed p\u0159\u00edsahy pokl\u00e1dala ruka na h\u0159bet. Tento zvyk je podrobn\u011b pops\u00e1n v \u00abHervarar saga ok Hei\u00f0reks\u00bb (13. stolet\u00ed, s vyu\u017eit\u00edm star\u0161\u00edho materi\u00e1lu).<\/p>\n<p><span data-nosnippet>M\u00edstn\u00ed jm\u00e9na s prvkem Freyr jsou ve \u0160v\u00e9dsku a Norsku nesm\u00edrn\u011b \u010detn\u00e1: Frysta, Frola, Frostad, Fryskos, Froshulf, a d\u00e1le mnoho toponym s prvky Frey-, Fro- a Freys-. Magnus Olsen shrom\u00e1\u017edil ve sv\u00e9 pr\u00e1ci \u00abHedenske kultminder\u00bb (1915) p\u0159ibli\u017en\u011b dv\u011b st\u011b takov\u00fdch toponym. Tato hust\u00e1 stopa podtrhuje \u00fast\u0159edn\u00ed kultovn\u00ed v\u00fdznam Freyra, zejm\u00e9na ve st\u0159edn\u00edm \u0160v\u00e9dsku a v jihov\u00fdchodn\u00edm Norsku.<\/span><\/p>\n<p>\u00abFlateyjarb\u00f3k\u00bb (konec 14. stolet\u00ed, s vyu\u017eit\u00edm star\u0161\u00edho materi\u00e1lu) vypr\u00e1v\u00ed o j\u00edzd\u011b s vozem nesouc\u00edm Freyrovu sochu po \u0160v\u00e9dsku, doprov\u00e1zen\u00e9 kn\u011b\u017ekou, kter\u00e1 byla pova\u017eov\u00e1na za Freyrovu \u017eenu (gy\u00f0ja). Cesta kon\u010dila ob\u0159adem p\u0159in\u00e1\u0161ej\u00edc\u00edm plodnost pol\u00edm. Toto pod\u00e1n\u00ed typologicky odpov\u00edd\u00e1 Nerthusin\u011b <span class=\"iwg-fachbegriff\" data-tooltip=\"Slavnostn\u00ed n\u00e1bo\u017eensk\u00fd pr\u016fvod.\" tabindex=\"0\">procesi<\/span> popsan\u00e9 Tacitem a ukazuje kontinuitu putuj\u00edc\u00edch ob\u0159ad\u016f plodnosti nap\u0159\u00ed\u010d stalet\u00edmi.<\/p>\t\t\t\t\t\t\t\t<\/div>\n\t\t\t\t<\/div>\n\t\t<div class=\"elementor-element elementor-element-a724180 e-con-full e-flex e-con e-child\" data-id=\"a724180\" data-element_type=\"container\" data-e-type=\"container\">\n\t\t\t\t<div class=\"elementor-element elementor-element-12968d3 elementor-widget elementor-widget-heading\" data-id=\"12968d3\" data-element_type=\"widget\" data-e-type=\"widget\" data-widget_type=\"heading.default\">\n\t\t\t\t\t<h2 class=\"elementor-heading-title elementor-size-default\">D\u016fle\u017eit\u00e9 m\u00fdty<\/h2>\t\t\t\t<\/div>\n\t\t\t\t<div class=\"elementor-element elementor-element-4cc99a4 elementor-widget elementor-widget-text-editor\" data-id=\"4cc99a4\" data-element_type=\"widget\" data-e-type=\"widget\" data-widget_type=\"text-editor.default\">\n\t\t\t\t\t\t\t\t\t<p>\u00dast\u0159edn\u00edm <span class=\"iwg-fachbegriff\" data-tooltip=\"Tradovan\u00fd p\u0159\u00edb\u011bh o boz\u00edch, po\u010d\u00e1tc\u00edch a uspo\u0159\u00e1d\u00e1n\u00ed sv\u011bta.\" tabindex=\"0\">m\u00fdtem<\/span> je Freyrovo dvo\u0159en\u00ed o obryni Ger\u00f0. Eddick\u00e1 b\u00e1se\u0148 \u00abSk\u00edrnism\u00e1l\u00bb to vypr\u00e1v\u00ed podrobn\u011b: Freyr se potaj\u00ed posad\u00ed na \u00d3din\u016fv vysok\u00fd tr\u016fn Hli\u00f0skj\u00e1lf, z n\u011bj\u017e jsou viditeln\u00e9 v\u0161echny sv\u011bty. Spat\u0159\u00ed Ger\u00f0 v J\u00f6tunheimu a vzplane l\u00e1skou. Nemocn\u00fd z touhy pos\u00edl\u00e1 sv\u00e9ho sluhu Sk\u00edrnira, aby o ni po\u017e\u00e1dal.<\/p><p>Sk\u00edrnir jede na Freyrov\u011b koni p\u0159es ohniv\u00e9 plameny do J\u00f6tunheimu. Nab\u00eddne Ger\u00f0 jeden\u00e1ct zlat\u00fdch jablek, pot\u00e9 prsten Draupnir, a kone\u010dn\u011b se vyhro\u017euje me\u010dem a zni\u010duj\u00edc\u00edm <span class=\"iwg-fachbegriff\" data-tooltip=\"Jazykov\u00e1 formule, jej\u00edm\u017e prost\u0159ednictv\u00edm m\u00e1 b\u00fdt osob\u011b nebo v\u011bci zp\u016fsobeno ne\u0161t\u011bst\u00ed.\" tabindex=\"0\">kletbou<\/span>. Ger\u00f0 souhlas\u00ed. St\u00e1v\u00e1 se Freyrovou \u017eenou. Freyr se v\u0161ak vzdal sv\u00e9ho me\u010de a p\u0159i Ragnar\u00f6ku bude muset proti Surtovi nastoupit bez zbran\u011b.<\/p>\n<p>Z religionistick\u00e9ho hlediska je \u00abSk\u00edrnism\u00e1l\u00bb jedn\u00edm z nejbohat\u0161\u00edch pramen\u016f. Magnus Olsen, Ursula Dronke, John Lindow a Anatoly Liberman ji \u010detli jako svatebn\u00ed ritus, kter\u00fd mytologicky zobrazuje spojen\u00ed slunce (Freyr) a zem\u011b (Ger\u00f0, srov. slovo gar\u00f0r \u201eohrazen\u00fd\u201c).<\/p><p>Hrozba <span class=\"iwg-fachbegriff\" data-tooltip=\"Jazykov\u00e1 formule, jej\u00edm\u017e prost\u0159ednictv\u00edm m\u00e1 b\u00fdt osob\u011b nebo v\u011bci zp\u016fsobeno ne\u0161t\u011bst\u00ed.\" tabindex=\"0\">kletbou<\/span> byla vykl\u00e1d\u00e1na jako odraz ritu\u00e1ln\u00edho postupu dvo\u0159en\u00ed: Freyr-m\u011bs\u00edc mus\u00ed bohyni zem\u011b obm\u011bk\u010dit sliby, dary a hrozbami, aby zajistil plodnost.<\/p>\n<p>Druh\u00fdm <span class=\"iwg-fachbegriff\" data-tooltip=\"Tradovan\u00fd p\u0159\u00edb\u011bh o boz\u00edch, po\u010d\u00e1tc\u00edch a uspo\u0159\u00e1d\u00e1n\u00ed sv\u011bta.\" tabindex=\"0\">m\u00fdtem<\/span> je Freyrova smrt p\u0159i Ragnar\u00f6ku. \u00abV\u00f6lusp\u00e1\u00bb 53 a Snorriho \u00abGylfaginning\u00bb 51 stru\u010dn\u011b uv\u00e1d\u011bj\u00ed: Freyr bojuje proti Surtovi a padne. Snorri dod\u00e1v\u00e1, \u017ee Freyr bojuje bez sv\u00e9ho me\u010de a proto prohr\u00e1v\u00e1.<\/p><p>Tato kl\u00ed\u010dov\u00e1 sc\u00e9na ukazuje, \u017ee Freyrovo dvo\u0159en\u00ed o Ger\u00f0 nen\u00ed jen milostn\u00fdm p\u0159\u00edb\u011bhem, ale m\u00e1 kosmick\u00e9 d\u016fsledky: vzd\u00e1n\u00edm se me\u010de si Freyr zpe\u010de\u0165uje sv\u016fj vlastn\u00ed eschatologick\u00fd z\u00e1nik.<\/p>\n<p>T\u0159et\u00edm <span class=\"iwg-fachbegriff\" data-tooltip=\"Tradovan\u00fd p\u0159\u00edb\u011bh o boz\u00edch, po\u010d\u00e1tc\u00edch a uspo\u0159\u00e1d\u00e1n\u00ed sv\u011bta.\" tabindex=\"0\">m\u00fdtem<\/span> je Freyrova role praotce Yngling\u016f. \u00abYnglingatal\u00bb \u00dej\u00f3\u00f0\u00f3lfa z Hvinu (kolem 880) a \u00abYnglinga saga\u00bb Snorriho Sturlusona (kolem 1230) uv\u00e1d\u011bj\u00ed seznam \u0161v\u00e9dsk\u00fdch kr\u00e1l\u016f od Freyra (naz\u00fdvan\u00e9ho t\u00e9\u017e Yngvi-Freyr) p\u0159es Fj\u00f6lniho a\u017e po historick\u00e9 kr\u00e1le z\u00e1padn\u00edho Norska.<\/p><p>Tato genealogie m\u00e1 vysok\u00fd religionistick\u00fd v\u00fdznam, proto\u017ee ukazuje, jak se b\u016fh plodnosti stal praotcem historick\u00e9 dynastie.<\/p>\n\n<p>\u00abSk\u00edrnism\u00e1l\u00bb je jednou z nejd\u016fle\u017eit\u011bj\u0161\u00edch eddick\u00fdch b\u00e1sn\u00ed. Vypr\u00e1v\u00ed o Freyrov\u011b dvo\u0159en\u00ed o Ger\u00f0, ale pod narativn\u00edm povrchem nab\u00edz\u00ed bohat\u00fd v\u011bdeck\u00fd materi\u00e1l.<\/p><p>Sk\u00edrnirovy hrozby <span class=\"iwg-fachbegriff\" data-tooltip=\"Jazykov\u00e1 formule, jej\u00edm\u017e prost\u0159ednictv\u00edm m\u00e1 b\u00fdt osob\u011b nebo v\u011bci zp\u016fsobeno ne\u0161t\u011bst\u00ed.\" tabindex=\"0\">kletbou<\/span> (sloky 26\u201336) pat\u0159\u00ed k \u017e\u00e1nru magick\u00fdch zakl\u00edn\u00e1n\u00ed a obsahuj\u00ed term\u00edny, kter\u00e9 maj\u00ed paralely v runov\u00e9 magii i ve v\u00e9dsk\u00e9 zakl\u00ednac\u00ed praxi. B\u00e1d\u00e1n\u00ed od Magnuse Olsena p\u0159es Anatolyho Libermana a\u017e k Ursule Dronke tyto sloky vyhodnotilo jako vz\u00e1cn\u00fd materi\u00e1l pro rekonstrukci seversk\u00e9 praxe kletby.<\/p>\n<p>Alternativn\u00ed v\u00fdklad \u00abSk\u00edrnism\u00e1l\u00bb p\u0159edlo\u017eil Anatoly Liberman v d\u00edle \u00abIn Prayer and Laughter\u00bb (2016). Liberman v b\u00e1sni spat\u0159uje humorn\u00fd, t\u00e9m\u011b\u0159 satirick\u00fd obraz bo\u017esk\u00e9ho dvo\u0159en\u00ed, kter\u00fd zrcadl\u00ed sebev\u011bdomou dvo\u0159ivou praxi vikinsk\u00fdch v\u00e1le\u010dn\u00edk\u016f. Tento v\u00fdklad kontrastuje s tradi\u010dn\u00edm sakr\u00e1ln\u00edm pojet\u00edm Magnuse Olsena a ukazuje mnohovrstevnatost eddick\u00fdch text\u016f.<\/p>\t\t\t\t\t\t\t\t<\/div>\n\t\t\t\t<\/div>\n\t\t<div class=\"elementor-element elementor-element-f74dc7f e-con-full e-flex e-con e-child\" data-id=\"f74dc7f\" data-element_type=\"container\" data-e-type=\"container\">\n\t\t\t\t<div class=\"elementor-element elementor-element-d986ccb elementor-widget elementor-widget-heading\" data-id=\"d986ccb\" data-element_type=\"widget\" data-e-type=\"widget\" data-widget_type=\"heading.default\">\n\t\t\t\t\t<h2 class=\"elementor-heading-title elementor-size-default\">Vztahy v panteonu<\/h2>\t\t\t\t<\/div>\n\t\t\t\t<div class=\"elementor-element elementor-element-ee6589b elementor-widget elementor-widget-text-editor\" data-id=\"ee6589b\" data-element_type=\"widget\" data-e-type=\"widget\" data-widget_type=\"text-editor.default\">\n\t\t\t\t\t\t\t\t\t<p>Freyr je synem Njorda a bratrem Freyji. S Freyjou zplodil podle vansk\u00e9 tradice potomky, ale pozd\u011bj\u0161\u00ed prameny tento vztah ponech\u00e1vaj\u00ed v pozad\u00ed. S Gerd je podle \u00e1ssk\u00e9 zvyklosti o\u017een\u011bn, jejich synem je Fjolnir, prvn\u00ed mytick\u00fd kr\u00e1l Yngling\u016f.<\/p>\n<p>Ke Skirnirovi, sv\u00e9mu sluhovi, m\u00e1 Freyr bl\u00edzk\u00fd vztah. Skirnir je jeho poslem, dohazova\u010dem i druh\u00fdm j\u00e1. N\u011bkte\u0159\u00ed badatel\u00e9 (Magnus Olsen, Folke Strom) vid\u011bli ve Skirnirovi hypostazi samotn\u00e9ho Freyra, druhou podobu sv\u011bteln\u00e9 postavy. Tento v\u00fdklad je sporn\u00fd, av\u0161ak t\u011bsn\u00e9 spojen\u00ed obou postav v \u00abSkirnismal\u00bb je n\u00e1padn\u00e9.<\/p>\n<p>K Odinovi a Thorovi se Freyr v pramenech chov\u00e1 v\u011bt\u0161inou jako rovnocenn\u00fd hlavn\u00ed b\u016fh. \u00abVoluspa\u00bb, \u00abGrimnismal\u00bb a s\u00e1gy zmi\u0148uj\u00ed v\u0161echny t\u0159i \u010dasto v jednom dechu.<\/p><p>Trojice Thor-Wodan-Fricco Adama Br\u00e9msk\u00e9ho potvrzuje tuto hierarchii pro pozdn\u00ed vikinskou dobu. \u00abLokasenna\u00bb 36-37 zachycuje spor mezi Lokim a Freyrem, v n\u011bm\u017e se Loki vysm\u00edv\u00e1 Freyrovu vzd\u00e1n\u00ed se me\u010de.<\/p>\t\t\t\t\t\t\t\t<\/div>\n\t\t\t\t<\/div>\n\t\t<div class=\"elementor-element elementor-element-942dcb1 e-con-full e-flex e-con e-child\" data-id=\"942dcb1\" data-element_type=\"container\" data-e-type=\"container\">\n\t\t\t\t<div class=\"elementor-element elementor-element-17811c4 elementor-widget elementor-widget-heading\" data-id=\"17811c4\" data-element_type=\"widget\" data-e-type=\"widget\" data-widget_type=\"heading.default\">\n\t\t\t\t\t<h2 class=\"elementor-heading-title elementor-size-default\">Recepce a odkaz<\/h2>\t\t\t\t<\/div>\n\t\t\t\t<div class=\"elementor-element elementor-element-28bd99a elementor-widget elementor-widget-text-editor\" data-id=\"28bd99a\" data-element_type=\"widget\" data-e-type=\"widget\" data-widget_type=\"text-editor.default\">\n\t\t\t\t\t\t\t\t\t<p>V islandsk\u00fdch s\u00e1g\u00e1ch, p\u0159edev\u0161\u00edm v \u00abHrafnkels saga Freysgoda\u00bb (13. stolet\u00ed), hraje Freyr centr\u00e1ln\u00ed roli. Hrafnkell je Freyr\u016fv go\u00f0i, kn\u011bz, kter\u00fd bohu zasv\u011bt\u00ed kon\u011b. Kdo na koni jede, je zabit.<\/p><p>S\u00e1ga vypr\u00e1v\u00ed o konfliktu kolem tohoto kon\u011b, v jeho\u017e pr\u016fb\u011bhu Hrafnkell ztr\u00e1c\u00ed v\u00edru a obrac\u00ed se z\u00e1dy ke sv\u00e9mu chr\u00e1mu. Tato psychologick\u00e1 konverze uprost\u0159ed m\u00fdticky zabarven\u00e9ho vypr\u00e1v\u011bn\u00ed pat\u0159\u00ed k nejzaj\u00edmav\u011bj\u0161\u00edm historick\u00fdm dokument\u016fm s\u00e1gov\u00e9 literatury.<\/p>\n<p>Ve <span class=\"iwg-fachbegriff\" data-tooltip=\"V\u011bda, kter\u00e1 zkoum\u00e1 lidovou kulturu, zvyky a tradovan\u00e9 p\u0159edstavy.\" tabindex=\"0\">folkloristice<\/span> \u017eije Freyrova pam\u00e1tka d\u00e1l v julsk\u00e9m kanci. \u0160v\u00e9dsk\u00fd <span class=\"iwg-fachbegriff\" data-tooltip=\"Tradovan\u00e1 \u010dinnost, kterou ur\u010dit\u00e9 spole\u010denstv\u00ed pravideln\u011b opakuje.\" tabindex=\"0\">zvyk<\/span> julgrisenu (julsk\u00fd kanec, \u010dasto upleten\u00fd ze sl\u00e1my) z\u016fstal ve venkovsk\u00fdch oblastech \u017eiv\u00fd a\u017e do 19. stolet\u00ed. Tak\u00e9 norsk\u00fd <span class=\"iwg-fachbegriff\" data-tooltip=\"Tradovan\u00e1 \u010dinnost, kterou ur\u010dit\u00e9 spole\u010denstv\u00ed pravideln\u011b opakuje.\" tabindex=\"0\">zvyk<\/span> p\u0159\u00edsahy sonargoltr (p\u0159\u00edsaha na kance o Yule) se zachoval ve zbytc\u00edch.<\/p>\n<p><span data-nosnippet>V seversk\u00e9 romantice se Freyra chopili Adam \u00d6hlenschl\u00e4ger a Esaias Tegner, z\u016fstal v\u0161ak ve st\u00ednu Thora a Odina. Richard Wagner ho do \u00abRing des Nibelungen\u00bb neza\u0159adil. Ve 20. stolet\u00ed z\u00edskal Freyr na v\u00fdznamu ve srovn\u00e1vac\u00ed <span class=\"iwg-fachbegriff\" data-tooltip=\"V\u011bda, kter\u00e1 zkoum\u00e1 n\u00e1bo\u017eenstv\u00ed srovn\u00e1vac\u00edm zp\u016fsobem a bez vyznava\u010dsk\u00e9 vazby.\" tabindex=\"0\">religionistice<\/span>, p\u0159edev\u0161\u00edm d\u00edky pr\u00e1ci Folkeho Str\u00f6ma \u00abDiser, nornor, valkyrjor\u00bb (1954) a stat\u00edm Edgara Polomeho.<\/span><\/p>\t\t\t\t\t\t\t\t<\/div>\n\t\t\t\t<\/div>\n\t\t<div class=\"elementor-element elementor-element-8b78832 e-con-full e-flex e-con e-child\" data-id=\"8b78832\" data-element_type=\"container\" data-e-type=\"container\">\n\t\t\t\t<div class=\"elementor-element elementor-element-8bee288 elementor-widget elementor-widget-heading\" data-id=\"8bee288\" data-element_type=\"widget\" data-e-type=\"widget\" data-widget_type=\"heading.default\">\n\t\t\t\t\t<h2 class=\"elementor-heading-title elementor-size-default\">Religionistick\u00e9 za\u0159azen\u00ed<\/h2>\t\t\t\t<\/div>\n\t\t\t\t<div class=\"elementor-element elementor-element-cd0797c elementor-widget elementor-widget-text-editor\" data-id=\"cd0797c\" data-element_type=\"widget\" data-e-type=\"widget\" data-widget_type=\"text-editor.default\">\n\t\t\t\t\t\t\t\t\t<p>Freyr je seversk\u00e1 hlavn\u00ed podoba t\u0159et\u00ed indoevropsk\u00e9 funkce (plodnost, hospod\u00e1\u0159stv\u00ed, blahobyt) podle klasifikace Georgese Dumezila. Toto za\u0159azen\u00ed je v badatelsk\u00e9 obci z velk\u00e9 \u010d\u00e1sti nesporn\u00e9. Freyrovy funkce typologicky odpov\u00eddaj\u00ed keltsk\u00e9mu Cernunnovi, indick\u00e9mu Vasuovi a \u010d\u00e1sti \u0159eck\u00e9 tradice D\u00e9m\u00e9t\u00e9r-Persefona.<\/p>\n<p><span data-nosnippet>T\u011bsn\u00e9 spojen\u00ed mezi Freyrem a historickou \u0161v\u00e9dskou dynasti\u00ed Yngling\u016f je z hlediska d\u011bjin n\u00e1bo\u017eenstv\u00ed pozoruhodn\u00e9. Folke Strom ve sv\u00e9m d\u00edle \u00abSveriges hedna nutid\u00bb (1961) uk\u00e1zal, \u017ee toto spojen\u00ed pravd\u011bpodobn\u011b vych\u00e1z\u00ed ze star\u00e9 sakr\u00e1ln\u00ed kr\u00e1lovsk\u00e9 ideje, podle n\u00ed\u017e byl kr\u00e1l pova\u017eov\u00e1n za zt\u011blesn\u011bn\u00ed plodnosti zem\u011b.<\/span><\/p><p>Tato teorie sakr\u00e1ln\u00edho kr\u00e1le je v odborn\u00e9 diskusi sporn\u00e1, av\u0161ak p\u0159\u00edpad Yngling\u016f pat\u0159\u00ed k jej\u00edm nejsiln\u011bj\u0161\u00edm p\u0159\u00edklad\u016fm.<\/p>\n<p>Falick\u00e9 zobrazen\u00ed Freyra v Uppsale a na so\u0161k\u00e1ch z Rallinge zapad\u00e1 do obrazu boha plodnosti, jeho\u017e <span class=\"iwg-fachbegriff\" data-tooltip=\"Souhrn n\u00e1bo\u017eensk\u00fdch \u00factn\u00fdch \u00fakon\u016f v\u016f\u010di bo\u017estvu nebo svat\u00e9 postav\u011b.\" tabindex=\"0\">kult<\/span> stav\u00ed do centra mu\u017eskou plodivou s\u00edlu.<\/p><p><span data-nosnippet>Srovnateln\u00e1 jsou zobrazen\u00ed Herma v \u0158ecku a Priapa v \u0158\u00edm\u011b. Mircea Eliade ve sv\u00e9m d\u00edle \u00abPatterns in Comparative Religion\u00bb (1958) klasifikoval fallus jako univerz\u00e1ln\u00ed symbol plodnosti a za\u0159adil do t\u00e9to \u0159ady i Freyra.<\/span><\/p>\n\n<p>Falick\u00e9 zobrazen\u00ed Freyra v Uppsale a na so\u0161k\u00e1ch z Rallinge pat\u0159\u00ed k nejjednozna\u010dn\u011bj\u0161\u00edm ikonografick\u00fdm doklad\u016fm bo\u017estva plodnosti v germ\u00e1nsk\u00fdch n\u00e1bo\u017eensk\u00fdch d\u011bjin\u00e1ch. Adam Br\u00e9msk\u00fd popisuje uppsalsk\u00fd obraz s nezvyklou p\u0159\u00edmost\u00ed: \u00abcum ingenti priapo\u00bb (s obrovsk\u00fdm fallem).<\/p><p>Bronzov\u00e1 so\u0161ka z Rallinge (S\u00f6dermanland, \u0160v\u00e9dsko, 10.\/11. stolet\u00ed, dnes ve Statens Historiska Museum ve Stockholmu) zobrazuje sed\u00edc\u00edho vousat\u00e9ho mu\u017ee s viditeln\u011b vzty\u010den\u00fdm \u00fadem a hrotitou helmou.<\/p>\n<p><span data-nosnippet>Tato ikonografick\u00e1 p\u0159\u00edmost vedla v badatelsk\u00e9 obci opakovan\u011b k diskus\u00edm o kultick\u00e9 praxi. Folke Strom ve sv\u00e9m d\u00edle \u00abSveriges hedna nutid\u00bb (1961) zast\u00e1val tezi, \u017ee Freyr\u016fv ritu\u00e1l plodnosti obsahoval re\u00e1ln\u00e9 sexu\u00e1ln\u00ed komponenty, nap\u0159\u00edklad ritu\u00e1ln\u00ed s\u0148atky nebo symbolick\u00e1 spojen\u00ed.<\/span><\/p><p>Adam Br\u00e9msk\u00fd ve sv\u00e9m popisu uppsalsk\u00e9ho chr\u00e1mu zmi\u0148uje zp\u011bvy p\u0159i ob\u011btn\u00edch ob\u0159adech, kter\u00e9 pova\u017euje za nemravn\u00e9. Tyto n\u00e1znaky ukazuj\u00ed na extatickou t\u011blesnou dimenzi kultu Freyra, kter\u00e1 se v k\u0159es\u0165ansky ovlivn\u011bn\u00e9m 13. stolet\u00ed z velk\u00e9 \u010d\u00e1sti vytratila.<\/p>\n<p>V\u00fdzkum posledn\u00edch desetilet\u00ed, p\u0159edev\u0161\u00edm prost\u0159ednictv\u00edm archeologick\u00fdch v\u00fdzkum\u016f v Uppsale (Else R\u00f6sdahlov\u00e1, Anders Andr\u00e9n) a religionisticko-fenomenologick\u00fdch prac\u00ed Jense Petera Schj\u00f8dta, p\u0159inesl diferencovan\u011bj\u0161\u00ed obraz Freyra.<\/p><p>Nen\u00ed jen bohem roln\u00edk\u016f, ale i kr\u00e1lovsk\u00fdm bohem Yngling\u016f, nejen milencem, ale i politick\u00fdm zt\u011blesn\u011bn\u00edm \u0161v\u00e9dsk\u00e9 dynastie. Tato mnohovrstevnatost z n\u011bj \u010din\u00ed jednu z nejslo\u017eit\u011bj\u0161\u00edch bo\u017esk\u00fdch postav seversk\u00e9 n\u00e1bo\u017eensk\u00e9 historie.<\/p>\t\t\t\t\t\t\t\t<\/div>\n\t\t\t\t<\/div>\n\t\t<div class=\"elementor-element elementor-element-a05cd52 e-con-full e-flex e-con e-child\" data-id=\"a05cd52\" data-element_type=\"container\" data-e-type=\"container\">\n\t\t\t\t<div class=\"elementor-element elementor-element-85b78b0 elementor-widget elementor-widget-heading\" data-id=\"85b78b0\" data-element_type=\"widget\" data-e-type=\"widget\" data-widget_type=\"heading.default\">\n\t\t\t\t\t<h2 class=\"elementor-heading-title elementor-size-default\">Prameny a dal\u0161\u00ed literatura<\/h2>\t\t\t\t<\/div>\n\t\t\t\t<div class=\"elementor-element elementor-element-8542dba elementor-widget elementor-widget-text-editor\" data-id=\"8542dba\" data-element_type=\"widget\" data-e-type=\"widget\" data-widget_type=\"text-editor.default\">\n\t\t\t\t\t\t\t\t\t<footer class=\"iwg-literatur\"><p><span data-nosnippet>Prim\u00e1rn\u00ed prameny: \u00abProsa-Edda\u00bb (Snorri Sturluson, Gylfaginning 24, parafr\u00e1ze Skirnismal v Skaldskaparmal), \u00abLieder-Edda\u00bb (\u00abSkirnismal\u00bb, \u00abGrimnismal\u00bb, \u00abLokasenna\u00bb, \u00abVoluspa\u00bb), \u00abYnglinga saga\u00bb a \u00abYnglingatal\u00bb, \u00abHrafnkels saga Freysgoda\u00bb, \u00abGesta Hammaburgensis\u00bb (Adam z Br\u00e9m, kolem 1075), \u00abFlateyjarbok\u00bb (konec 14. stol.). Skaldsk\u00e9 texty u Finnura Jonssona \u00abDen norsk-islandske Skjaldedigtning\u00bb (1912-15).<\/span><\/p>\n<p>Sekund\u00e1rn\u00ed literatura:<\/p><ul><li><span data-nosnippet>Jan de Vries \u00abAltgermanische Religionsgeschichte\u00bb (1956\/57).<\/span><\/li><li><span data-nosnippet>Folke Strom \u00abNordisk hedendom\u00bb (2. vyd. 1985) a \u00abSveriges hedna nutid\u00bb (1961).<\/span><\/li><li><span data-nosnippet>Edgar Polome \u00abEssays on Germanic Religion\u00bb (1989).<\/span><\/li><li><span data-nosnippet>Anatoly Liberman \u00abIn Prayer and Laughter\u00bb (2016, ke Skirnismal).<\/span><\/li><li><span data-nosnippet>Magnus Olsen \u00abHedenske kultminder\u00bb (1915).<\/span><\/li><li><span data-nosnippet>Ursula Dronke \u00abEdda\u00bb svazek 2 (1997, koment\u00e1\u0159 ke Skirnismal).<\/span><\/li><\/ul>\n<p class=\"iwg-bib-more\"><span data-nosnippet>Dal\u0161\u00ed standardn\u00ed d\u00edla v <a href=\"https:\/\/iwell-guard.com\/cs\/literatura\/\">seznamu literatury<\/a>.<\/span><\/p><\/footer>\t\t\t\t\t\t\t\t<\/div>\n\t\t\t\t<\/div>\n\t\t\t\t\t<\/div>\n\t\t\t\t<\/div>\n\t\t\t\t<\/div>\n\t\t","protected":false},"excerpt":{"rendered":"","protected":false},"author":3,"featured_media":3219,"parent":0,"menu_order":0,"comment_status":"closed","ping_status":"closed","template":"elementor_header_footer","meta":{"_yoast_wpseo_focuskw":"Freyr","_yoast_wpseo_title":"Freyr \u2013 vansk\u00fd b\u016fh plodnosti | iWell Guard","_yoast_wpseo_metadesc":"Freyr je germ\u00e1nsko-seversk\u00fd b\u016fh plodnosti, m\u00edru a slunce. Bratr Freyji, syn Njorda, p\u00e1n Alfheimu. M\u00fdtus a kult.","_yoast_wpseo_meta-robots-noindex":"","_yoast_wpseo_canonical":"","_angie_page":false,"gefaehrdungsstufe":"","wesen_kultur":"","wesen_klasse":"","footnotes":""},"categories":[],"class_list":["post-145590","page","type-page","status-publish","has-post-thumbnail","hentry"],"yoast_head":"<!-- This site is optimized with the Yoast SEO Premium plugin v27.7 (Yoast SEO v28.3) - https:\/\/yoast.com\/product\/yoast-seo-premium-wordpress\/ -->\n<title>Freyr \u2013 vansk\u00fd b\u016fh plodnosti | iWell Guard<\/title>\n<meta name=\"description\" content=\"Freyr je germ\u00e1nsko-seversk\u00fd b\u016fh plodnosti, m\u00edru a slunce. Bratr Freyji, syn Njorda, p\u00e1n Alfheimu. M\u00fdtus a kult.\" \/>\n<meta name=\"robots\" content=\"index, follow, max-snippet:-1, max-image-preview:large, max-video-preview:-1\" \/>\n<link rel=\"canonical\" href=\"https:\/\/iwell-guard.com\/cs\/freyr\/\" \/>\n<meta property=\"og:locale\" content=\"cs_CZ\" \/>\n<meta property=\"og:type\" content=\"article\" \/>\n<meta property=\"og:title\" content=\"Freyr\" \/>\n<meta property=\"og:description\" content=\"Freyr je germ\u00e1nsko-seversk\u00fd b\u016fh plodnosti, m\u00edru a slunce. Bratr Freyji, syn Njorda, p\u00e1n Alfheimu. M\u00fdtus a kult.\" \/>\n<meta property=\"og:url\" content=\"https:\/\/iwell-guard.com\/cs\/freyr\/\" \/>\n<meta property=\"og:site_name\" content=\"iWell Guard\" \/>\n<meta property=\"article:modified_time\" content=\"2026-09-03T17:00:14+00:00\" \/>\n<meta property=\"og:image\" content=\"https:\/\/iwell-guard.com\/wp-content\/uploads\/2026\/05\/goetter_germanisch_freyr.webp\" \/>\n\t<meta property=\"og:image:width\" content=\"1024\" \/>\n\t<meta property=\"og:image:height\" content=\"1536\" \/>\n\t<meta property=\"og:image:type\" content=\"image\/webp\" \/>\n<meta name=\"twitter:card\" content=\"summary_large_image\" \/>\n<script type=\"application\/ld+json\" class=\"yoast-schema-graph\">{\"@context\":\"https:\\\/\\\/schema.org\",\"@graph\":[{\"@type\":\"WebPage\",\"@id\":\"https:\\\/\\\/iwell-guard.com\\\/cs\\\/freyr\\\/\",\"url\":\"https:\\\/\\\/iwell-guard.com\\\/cs\\\/freyr\\\/\",\"name\":\"Freyr \u2013 vansk\u00fd b\u016fh plodnosti | iWell Guard\",\"isPartOf\":{\"@id\":\"https:\\\/\\\/iwell-guard.com\\\/cs\\\/#website\"},\"primaryImageOfPage\":{\"@id\":\"https:\\\/\\\/iwell-guard.com\\\/cs\\\/freyr\\\/#primaryimage\"},\"image\":{\"@id\":\"https:\\\/\\\/iwell-guard.com\\\/cs\\\/freyr\\\/#primaryimage\"},\"thumbnailUrl\":\"https:\\\/\\\/iwell-guard.com\\\/wp-content\\\/uploads\\\/2026\\\/05\\\/goetter_germanisch_freyr.webp\",\"datePublished\":\"2026-09-03T16:31:51+00:00\",\"dateModified\":\"2026-09-03T17:00:14+00:00\",\"description\":\"Freyr je germ\u00e1nsko-seversk\u00fd b\u016fh plodnosti, m\u00edru a slunce. Bratr Freyji, syn Njorda, p\u00e1n Alfheimu. M\u00fdtus a kult.\",\"breadcrumb\":{\"@id\":\"https:\\\/\\\/iwell-guard.com\\\/cs\\\/freyr\\\/#breadcrumb\"},\"inLanguage\":\"cs\",\"potentialAction\":[{\"@type\":\"ReadAction\",\"target\":[\"https:\\\/\\\/iwell-guard.com\\\/cs\\\/freyr\\\/\"]}]},{\"@type\":\"ImageObject\",\"inLanguage\":\"cs\",\"@id\":\"https:\\\/\\\/iwell-guard.com\\\/cs\\\/freyr\\\/#primaryimage\",\"url\":\"https:\\\/\\\/iwell-guard.com\\\/wp-content\\\/uploads\\\/2026\\\/05\\\/goetter_germanisch_freyr.webp\",\"contentUrl\":\"https:\\\/\\\/iwell-guard.com\\\/wp-content\\\/uploads\\\/2026\\\/05\\\/goetter_germanisch_freyr.webp\",\"width\":1024,\"height\":1536,\"caption\":\"Bohov\u00e9 z germ\u00e1nsk\u00e9 tradice.\"},{\"@type\":\"BreadcrumbList\",\"@id\":\"https:\\\/\\\/iwell-guard.com\\\/cs\\\/freyr\\\/#breadcrumb\",\"itemListElement\":[{\"@type\":\"ListItem\",\"position\":1,\"name\":\"Start\",\"item\":\"https:\\\/\\\/iwell-guard.com\\\/cs\\\/?page_id=145107\"},{\"@type\":\"ListItem\",\"position\":2,\"name\":\"Freyr\"}]},{\"@type\":\"WebSite\",\"@id\":\"https:\\\/\\\/iwell-guard.com\\\/cs\\\/#website\",\"url\":\"https:\\\/\\\/iwell-guard.com\\\/cs\\\/\",\"name\":\"iWell Guard\",\"description\":\"Schutz vor dunklen Einfl\u00fcssen\",\"publisher\":{\"@id\":\"https:\\\/\\\/iwell-guard.com\\\/cs\\\/#organization\"},\"potentialAction\":[{\"@type\":\"SearchAction\",\"target\":{\"@type\":\"EntryPoint\",\"urlTemplate\":\"https:\\\/\\\/iwell-guard.com\\\/cs\\\/?s={search_term_string}\"},\"query-input\":{\"@type\":\"PropertyValueSpecification\",\"valueRequired\":true,\"valueName\":\"search_term_string\"}}],\"inLanguage\":\"cs\"},{\"@type\":\"Organization\",\"@id\":\"https:\\\/\\\/iwell-guard.com\\\/cs\\\/#organization\",\"name\":\"Ittermann electronic GmbH\",\"url\":\"https:\\\/\\\/iwell-guard.com\\\/cs\\\/\",\"logo\":{\"@type\":\"ImageObject\",\"inLanguage\":\"cs\",\"@id\":\"https:\\\/\\\/iwell-guard.com\\\/cs\\\/#\\\/schema\\\/logo\\\/image\\\/\",\"url\":\"https:\\\/\\\/iwell-guard.com\\\/wp-content\\\/uploads\\\/2026\\\/05\\\/Ittermann-Logo-1182x237-1.png\",\"contentUrl\":\"https:\\\/\\\/iwell-guard.com\\\/wp-content\\\/uploads\\\/2026\\\/05\\\/Ittermann-Logo-1182x237-1.png\",\"width\":1182,\"height\":237,\"caption\":\"Ittermann electronic GmbH\"},\"image\":{\"@id\":\"https:\\\/\\\/iwell-guard.com\\\/cs\\\/#\\\/schema\\\/logo\\\/image\\\/\"},\"sameAs\":[\"https:\\\/\\\/pantip.com\\\/profile\\\/9367242\",\"https:\\\/\\\/micro.blog\\\/iwellguard\",\"https:\\\/\\\/www.diggerslist.com\\\/iwellguard\\\/about\",\"https:\\\/\\\/skitterphoto.com\\\/photographers\\\/2870314\\\/iwell-guard\",\"https:\\\/\\\/iwellguard.wordpress.com\\\/2026\\\/06\\\/06\\\/iwell-guard\\\/\",\"https:\\\/\\\/hub.docker.com\\\/u\\\/iwellguard\",\"https:\\\/\\\/www.pinterest.com\\\/iwellguard\\\/\",\"https:\\\/\\\/bit.ly\\\/m\\\/iwellguard\",\"https:\\\/\\\/entre-vos-mains.alsace.eu\\\/profiles\\\/iwellguard\\\/activity\",\"https:\\\/\\\/gravatar.com\\\/reallybeded8fd34\",\"https:\\\/\\\/naijamatta.com\\\/iwellguard\",\"https:\\\/\\\/www.goodreads.com\\\/iwellguard\",\"https:\\\/\\\/profile.hatena.ne.jp\\\/iwellguard\\\/\",\"https:\\\/\\\/experiment.com\\\/users\\\/iwellguard\",\"https:\\\/\\\/wakelet.com\\\/@iWellGuard82270\",\"https:\\\/\\\/www.chordie.com\\\/forum\\\/profile.php?id=2555664\",\"https:\\\/\\\/www.instapaper.com\\\/p\\\/17757966\",\"https:\\\/\\\/www.mapleprimes.com\\\/users\\\/iwellguard\",\"https:\\\/\\\/businesslistingplus.com\\\/profile\\\/iwell-guard\\\/\",\"https:\\\/\\\/telegra.ph\\\/iWell-Guard-06-06\",\"https:\\\/\\\/pbase.com\\\/iwellguard\\\/iwellguard\",\"https:\\\/\\\/b.hatena.ne.jp\\\/iwellguard\\\/20260607#bookmark-4788405196491818882\",\"https:\\\/\\\/fliphtml5.com\\\/home\\\/iwellguard\",\"https:\\\/\\\/anyflip.com\\\/homepage\\\/cmiwl#About\",\"https:\\\/\\\/transfur.com\\\/Users\\\/iwellguard\",\"http:\\\/\\\/delphi.larsbo.org\\\/user\\\/iwellguard\",\"https:\\\/\\\/jobs.lajobsportal.org\\\/profiles\\\/8380803-iwell-guard\",\"https:\\\/\\\/md.chaosdorf.de\\\/s\\\/jfbe5SBdJD\",\"https:\\\/\\\/www.lingvolive.com\\\/en-us\\\/profile\\\/9ecaeaca-ce11-4e51-9e71-01d55e2bff36\\\/translations\",\"https:\\\/\\\/www.fitday.com\\\/fitness\\\/forums\\\/members\\\/iwellguard.html\",\"https:\\\/\\\/www.mymeetbook.com\\\/iwellguard\",\"https:\\\/\\\/pxhere.com\\\/en\\\/photographer-me\\\/5040798\",\"https:\\\/\\\/disqus.com\\\/by\\\/iwellguard\\\/about\\\/\",\"https:\\\/\\\/pastelink.net\\\/hjwciqwq\",\"https:\\\/\\\/pubhtml5.com\\\/homepage\\\/scjhn\\\/\",\"https:\\\/\\\/www.bitchute.com\\\/channel\\\/2O2eOKzNqujT\",\"https:\\\/\\\/audiomack.com\\\/iwellguard\"]}]}<\/script>\n<!-- \/ Yoast SEO Premium plugin. -->","yoast_head_json":{"title":"Freyr \u2013 vansk\u00fd b\u016fh plodnosti | iWell Guard","description":"Freyr je germ\u00e1nsko-seversk\u00fd b\u016fh plodnosti, m\u00edru a slunce. Bratr Freyji, syn Njorda, p\u00e1n Alfheimu. M\u00fdtus a kult.","robots":{"index":"index","follow":"follow","max-snippet":"max-snippet:-1","max-image-preview":"max-image-preview:large","max-video-preview":"max-video-preview:-1"},"canonical":"https:\/\/iwell-guard.com\/cs\/freyr\/","og_locale":"cs_CZ","og_type":"article","og_title":"Freyr","og_description":"Freyr je germ\u00e1nsko-seversk\u00fd b\u016fh plodnosti, m\u00edru a slunce. Bratr Freyji, syn Njorda, p\u00e1n Alfheimu. M\u00fdtus a kult.","og_url":"https:\/\/iwell-guard.com\/cs\/freyr\/","og_site_name":"iWell Guard","article_modified_time":"2026-09-03T17:00:14+00:00","og_image":[{"width":1024,"height":1536,"url":"https:\/\/iwell-guard.com\/wp-content\/uploads\/2026\/05\/goetter_germanisch_freyr.webp","type":"image\/webp"}],"twitter_card":"summary_large_image","schema":{"@context":"https:\/\/schema.org","@graph":[{"@type":"WebPage","@id":"https:\/\/iwell-guard.com\/cs\/freyr\/","url":"https:\/\/iwell-guard.com\/cs\/freyr\/","name":"Freyr \u2013 vansk\u00fd b\u016fh plodnosti | iWell Guard","isPartOf":{"@id":"https:\/\/iwell-guard.com\/cs\/#website"},"primaryImageOfPage":{"@id":"https:\/\/iwell-guard.com\/cs\/freyr\/#primaryimage"},"image":{"@id":"https:\/\/iwell-guard.com\/cs\/freyr\/#primaryimage"},"thumbnailUrl":"https:\/\/iwell-guard.com\/wp-content\/uploads\/2026\/05\/goetter_germanisch_freyr.webp","datePublished":"2026-09-03T16:31:51+00:00","dateModified":"2026-09-03T17:00:14+00:00","description":"Freyr je germ\u00e1nsko-seversk\u00fd b\u016fh plodnosti, m\u00edru a slunce. Bratr Freyji, syn Njorda, p\u00e1n Alfheimu. M\u00fdtus a kult.","breadcrumb":{"@id":"https:\/\/iwell-guard.com\/cs\/freyr\/#breadcrumb"},"inLanguage":"cs","potentialAction":[{"@type":"ReadAction","target":["https:\/\/iwell-guard.com\/cs\/freyr\/"]}]},{"@type":"ImageObject","inLanguage":"cs","@id":"https:\/\/iwell-guard.com\/cs\/freyr\/#primaryimage","url":"https:\/\/iwell-guard.com\/wp-content\/uploads\/2026\/05\/goetter_germanisch_freyr.webp","contentUrl":"https:\/\/iwell-guard.com\/wp-content\/uploads\/2026\/05\/goetter_germanisch_freyr.webp","width":1024,"height":1536,"caption":"Bohov\u00e9 z germ\u00e1nsk\u00e9 tradice."},{"@type":"BreadcrumbList","@id":"https:\/\/iwell-guard.com\/cs\/freyr\/#breadcrumb","itemListElement":[{"@type":"ListItem","position":1,"name":"Start","item":"https:\/\/iwell-guard.com\/cs\/?page_id=145107"},{"@type":"ListItem","position":2,"name":"Freyr"}]},{"@type":"WebSite","@id":"https:\/\/iwell-guard.com\/cs\/#website","url":"https:\/\/iwell-guard.com\/cs\/","name":"iWell Guard","description":"Schutz vor dunklen Einfl\u00fcssen","publisher":{"@id":"https:\/\/iwell-guard.com\/cs\/#organization"},"potentialAction":[{"@type":"SearchAction","target":{"@type":"EntryPoint","urlTemplate":"https:\/\/iwell-guard.com\/cs\/?s={search_term_string}"},"query-input":{"@type":"PropertyValueSpecification","valueRequired":true,"valueName":"search_term_string"}}],"inLanguage":"cs"},{"@type":"Organization","@id":"https:\/\/iwell-guard.com\/cs\/#organization","name":"Ittermann electronic GmbH","url":"https:\/\/iwell-guard.com\/cs\/","logo":{"@type":"ImageObject","inLanguage":"cs","@id":"https:\/\/iwell-guard.com\/cs\/#\/schema\/logo\/image\/","url":"https:\/\/iwell-guard.com\/wp-content\/uploads\/2026\/05\/Ittermann-Logo-1182x237-1.png","contentUrl":"https:\/\/iwell-guard.com\/wp-content\/uploads\/2026\/05\/Ittermann-Logo-1182x237-1.png","width":1182,"height":237,"caption":"Ittermann electronic GmbH"},"image":{"@id":"https:\/\/iwell-guard.com\/cs\/#\/schema\/logo\/image\/"},"sameAs":["https:\/\/pantip.com\/profile\/9367242","https:\/\/micro.blog\/iwellguard","https:\/\/www.diggerslist.com\/iwellguard\/about","https:\/\/skitterphoto.com\/photographers\/2870314\/iwell-guard","https:\/\/iwellguard.wordpress.com\/2026\/06\/06\/iwell-guard\/","https:\/\/hub.docker.com\/u\/iwellguard","https:\/\/www.pinterest.com\/iwellguard\/","https:\/\/bit.ly\/m\/iwellguard","https:\/\/entre-vos-mains.alsace.eu\/profiles\/iwellguard\/activity","https:\/\/gravatar.com\/reallybeded8fd34","https:\/\/naijamatta.com\/iwellguard","https:\/\/www.goodreads.com\/iwellguard","https:\/\/profile.hatena.ne.jp\/iwellguard\/","https:\/\/experiment.com\/users\/iwellguard","https:\/\/wakelet.com\/@iWellGuard82270","https:\/\/www.chordie.com\/forum\/profile.php?id=2555664","https:\/\/www.instapaper.com\/p\/17757966","https:\/\/www.mapleprimes.com\/users\/iwellguard","https:\/\/businesslistingplus.com\/profile\/iwell-guard\/","https:\/\/telegra.ph\/iWell-Guard-06-06","https:\/\/pbase.com\/iwellguard\/iwellguard","https:\/\/b.hatena.ne.jp\/iwellguard\/20260607#bookmark-4788405196491818882","https:\/\/fliphtml5.com\/home\/iwellguard","https:\/\/anyflip.com\/homepage\/cmiwl#About","https:\/\/transfur.com\/Users\/iwellguard","http:\/\/delphi.larsbo.org\/user\/iwellguard","https:\/\/jobs.lajobsportal.org\/profiles\/8380803-iwell-guard","https:\/\/md.chaosdorf.de\/s\/jfbe5SBdJD","https:\/\/www.lingvolive.com\/en-us\/profile\/9ecaeaca-ce11-4e51-9e71-01d55e2bff36\/translations","https:\/\/www.fitday.com\/fitness\/forums\/members\/iwellguard.html","https:\/\/www.mymeetbook.com\/iwellguard","https:\/\/pxhere.com\/en\/photographer-me\/5040798","https:\/\/disqus.com\/by\/iwellguard\/about\/","https:\/\/pastelink.net\/hjwciqwq","https:\/\/pubhtml5.com\/homepage\/scjhn\/","https:\/\/www.bitchute.com\/channel\/2O2eOKzNqujT","https:\/\/audiomack.com\/iwellguard"]}]}},"_links":{"self":[{"href":"https:\/\/iwell-guard.com\/cs\/wp-json\/wp\/v2\/pages\/145590","targetHints":{"allow":["GET"]}}],"collection":[{"href":"https:\/\/iwell-guard.com\/cs\/wp-json\/wp\/v2\/pages"}],"about":[{"href":"https:\/\/iwell-guard.com\/cs\/wp-json\/wp\/v2\/types\/page"}],"author":[{"embeddable":true,"href":"https:\/\/iwell-guard.com\/cs\/wp-json\/wp\/v2\/users\/3"}],"replies":[{"embeddable":true,"href":"https:\/\/iwell-guard.com\/cs\/wp-json\/wp\/v2\/comments?post=145590"}],"version-history":[{"count":0,"href":"https:\/\/iwell-guard.com\/cs\/wp-json\/wp\/v2\/pages\/145590\/revisions"}],"wp:featuredmedia":[{"embeddable":true,"href":"https:\/\/iwell-guard.com\/cs\/wp-json\/wp\/v2\/media\/3219"}],"wp:attachment":[{"href":"https:\/\/iwell-guard.com\/cs\/wp-json\/wp\/v2\/media?parent=145590"}],"wp:term":[{"taxonomy":"category","embeddable":true,"href":"https:\/\/iwell-guard.com\/cs\/wp-json\/wp\/v2\/categories?post=145590"}],"curies":[{"name":"wp","href":"https:\/\/api.w.org\/{rel}","templated":true}]}}