{"id":145587,"date":"2026-09-03T16:31:49","date_gmt":"2026-09-03T16:31:49","guid":{"rendered":"https:\/\/iwell-guard.com\/?page_id=145587"},"modified":"2026-09-03T17:00:04","modified_gmt":"2026-09-03T17:00:04","slug":"baldur","status":"publish","type":"page","link":"https:\/\/iwell-guard.com\/cs\/baldur\/","title":{"rendered":"Baldur"},"content":{"rendered":"\t\t<div data-elementor-type=\"wp-page\" data-elementor-id=\"145587\" class=\"elementor elementor-145587 elementor-3001 elementor-bc-flex-widget\" data-elementor-post-type=\"page\">\n\t\t\t\t<div class=\"elementor-element elementor-element-aceda2a e-flex e-con-boxed e-con e-parent\" data-id=\"aceda2a\" data-element_type=\"container\" data-e-type=\"container\" data-settings=\"{&quot;background_background&quot;:&quot;classic&quot;}\">\n\t\t\t\t\t<div class=\"e-con-inner\">\n\t\t<div class=\"elementor-element elementor-element-d9a5e77 e-flex e-con-boxed e-con e-child\" data-id=\"d9a5e77\" data-element_type=\"container\" data-e-type=\"container\">\n\t\t\t\t\t<div class=\"e-con-inner\">\n\t\t<div class=\"elementor-element elementor-element-6f33b93 e-con-full e-flex e-con e-child\" data-id=\"6f33b93\" data-element_type=\"container\" data-e-type=\"container\">\n\t\t\t\t<div class=\"elementor-element elementor-element-9d2b74a elementor-widget elementor-widget-heading\" data-id=\"9d2b74a\" data-element_type=\"widget\" data-e-type=\"widget\" data-widget_type=\"heading.default\">\n\t\t\t\t\t<h1 class=\"elementor-heading-title elementor-size-default\">Baldur, b\u016fh sv\u011btla a syn Odina<\/h1>\t\t\t\t<\/div>\n\t\t\t\t<div class=\"elementor-element elementor-element-1120e02 elementor-widget elementor-widget-text-editor\" data-id=\"1120e02\" data-element_type=\"widget\" data-e-type=\"widget\" data-widget_type=\"text-editor.default\">\n\t\t\t\t\t\t\t\t\t<p>Baldur, ve staroseversk\u00e9 podob\u011b Baldr, je z\u00e1\u0159iv\u00fd b\u016fh germ\u00e1nsk\u00e9 <span class=\"iwg-fachbegriff\" data-tooltip=\"Souhrn dochovan\u00fdch vypr\u00e1v\u011bn\u00ed o boz\u00edch v dan\u00e9 kultu\u0159e.\" tabindex=\"0\">mytologie<\/span>, syn Odina a Friggy.<\/p><p>Jeho smrt zp\u016fsoben\u00e1 jmel\u00edm, k n\u00ed\u017e vedla ruka slep\u00e9ho Hodra pod vlivem lstiv\u00e9ho Kiho, pat\u0159\u00ed k nejp\u016fsobiv\u011bj\u0161\u00edm vypr\u00e1v\u011bn\u00edm seversk\u00e9 <span class=\"iwg-fachbegriff\" data-tooltip=\"P\u0159ed\u00e1v\u00e1n\u00ed v\u011bd\u011bn\u00ed a vypr\u00e1v\u011bn\u00ed mezi generacemi.\" tabindex=\"0\">tradice<\/span>. Baldur je pova\u017eov\u00e1n za <span class=\"iwg-fachbegriff\" data-tooltip=\"N\u00e1zorn\u00fd obraz, kter\u00fd p\u0159edstavuje abstraktn\u00ed my\u0161lenku.\" tabindex=\"0\">symbol<\/span> kr\u00e1sy, \u010distoty a nevinn\u00e9 smrti. V d\u011bji Ragnar\u00f6ku jeho smrt ozna\u010duje po\u010d\u00e1tek konce sv\u011bta, jeho n\u00e1vrat po z\u00e1niku sv\u011bta naopak nad\u011bji na nov\u00fd, uzdraven\u00fd sv\u011bt. Jako b\u016fh sv\u011btla zt\u011bles\u0148uje \u010dist\u00e9 a z\u00e1\u0159iv\u00e9 v germ\u00e1nsk\u00e9m panteonu.<\/p>\t\t\t\t\t\t\t\t<\/div>\n\t\t\t\t<\/div>\n\t\t<div class=\"elementor-element elementor-element-4611dfe e-con-full e-flex e-con e-parent\" data-id=\"4611dfe\" data-element_type=\"container\" data-e-type=\"container\">\n\t\t\t\t<div class=\"elementor-element elementor-element-cdc708a elementor-widget elementor-widget-html\" data-id=\"cdc708a\" data-element_type=\"widget\" data-e-type=\"widget\" data-widget_type=\"html.default\">\n\t\t\t\t\t<div class=\"iwg-pill-row\"><span class=\"iwg-klasse-badge\" tabindex=\"0\" data-tooltip=\"B\u016fh \/ Bohyn\u011b: Zosobn\u011bn\u00e1 nejvy\u0161\u0161\u00ed moc v panteonu ur\u010dit\u00e9 kultury, s jasn\u011b vymezen\u00fdmi oblastmi p\u016fsobnosti \u2014 p\u0159\u00edrodn\u00ed s\u00edly, osud, v\u00e1lka, plodnost. Uct\u00edv\u00e1na prost\u0159ednictv\u00edm kult\u016f, ob\u011bt\u00ed a chr\u00e1mov\u00fdch instituc\u00ed.\">B\u016fh<\/span><a href=\"https:\/\/iwell-guard.com\/cs\/germansky\/\" class=\"iwg-kultur-badge\" tabindex=\"0\" data-tooltip=\"P\u0159edk\u0159es\u0165ansk\u00fd sv\u011bt boh\u016f a duch\u016f severn\u00ed a st\u0159edn\u00ed Evropy.\">Germ\u00e1nsk\u00fd<\/a><\/div>\t\t\t\t<\/div>\n\t\t\t\t<\/div>\n\t\t<div class=\"elementor-element elementor-element-cca5d83 e-con-full e-flex e-con e-child\" data-id=\"cca5d83\" data-element_type=\"container\" data-e-type=\"container\">\n\t\t\t\t<div class=\"elementor-element elementor-element-5cd35bd elementor-toc--minimized-on-tablet elementor-widget elementor-widget-table-of-contents\" data-id=\"5cd35bd\" data-element_type=\"widget\" data-e-type=\"widget\" data-settings=\"{&quot;exclude_headings_by_selector&quot;:[],&quot;no_headings_message&quot;:&quot;Na t\\u00e9to str\\u00e1nce nebyly nalezeny \\u017e\\u00e1dn\\u00e9 nadpisy.&quot;,&quot;headings_by_tags&quot;:[&quot;h2&quot;,&quot;h3&quot;],&quot;marker_view&quot;:&quot;bullets&quot;,&quot;icon&quot;:{&quot;value&quot;:&quot;fas fa-circle&quot;,&quot;library&quot;:&quot;fa-solid&quot;,&quot;rendered_tag&quot;:&quot;&lt;svg class=\\&quot;e-font-icon-svg e-fas-circle\\&quot; viewBox=\\&quot;0 0 512 512\\&quot; xmlns=\\&quot;http:\\\/\\\/www.w3.org\\\/2000\\\/svg\\&quot;&gt;&lt;path d=\\&quot;M256 8C119 8 8 119 8 256s111 248 248 248 248-111 248-248S393 8 256 8z\\&quot;&gt;&lt;\\\/path&gt;&lt;\\\/svg&gt;&quot;},&quot;minimize_box&quot;:&quot;yes&quot;,&quot;minimized_on&quot;:&quot;tablet&quot;,&quot;hierarchical_view&quot;:&quot;yes&quot;,&quot;min_height&quot;:{&quot;unit&quot;:&quot;px&quot;,&quot;size&quot;:&quot;&quot;,&quot;sizes&quot;:[]},&quot;min_height_tablet&quot;:{&quot;unit&quot;:&quot;px&quot;,&quot;size&quot;:&quot;&quot;,&quot;sizes&quot;:[]},&quot;min_height_mobile&quot;:{&quot;unit&quot;:&quot;px&quot;,&quot;size&quot;:&quot;&quot;,&quot;sizes&quot;:[]}}\" data-widget_type=\"table-of-contents.default\">\n\t\t\t\t\t\t\t\t\t<div class=\"elementor-toc__header\">\n\t\t\t\t\t\t<h2 class=\"elementor-toc__header-title\">\n\t\t\t\tObsah\t\t\t<\/h2>\n\t\t\t\t\t\t\t\t\t\t<div class=\"elementor-toc__toggle-button elementor-toc__toggle-button--expand\" role=\"button\" tabindex=\"0\" aria-controls=\"elementor-toc__5cd35bd\" aria-expanded=\"true\" aria-label=\"Open table of contents\"><svg aria-hidden=\"true\" class=\"e-font-icon-svg e-fas-chevron-down\" viewBox=\"0 0 448 512\" xmlns=\"http:\/\/www.w3.org\/2000\/svg\"><path d=\"M207.029 381.476L12.686 187.132c-9.373-9.373-9.373-24.569 0-33.941l22.667-22.667c9.357-9.357 24.522-9.375 33.901-.04L224 284.505l154.745-154.021c9.379-9.335 24.544-9.317 33.901.04l22.667 22.667c9.373 9.373 9.373 24.569 0 33.941L240.971 381.476c-9.373 9.372-24.569 9.372-33.942 0z\"><\/path><\/svg><\/div>\n\t\t\t\t<div class=\"elementor-toc__toggle-button elementor-toc__toggle-button--collapse\" role=\"button\" tabindex=\"0\" aria-controls=\"elementor-toc__5cd35bd\" aria-expanded=\"true\" aria-label=\"Close table of contents\"><svg aria-hidden=\"true\" class=\"e-font-icon-svg e-fas-chevron-up\" viewBox=\"0 0 448 512\" xmlns=\"http:\/\/www.w3.org\/2000\/svg\"><path d=\"M240.971 130.524l194.343 194.343c9.373 9.373 9.373 24.569 0 33.941l-22.667 22.667c-9.357 9.357-24.522 9.375-33.901.04L224 227.495 69.255 381.516c-9.379 9.335-24.544 9.317-33.901-.04l-22.667-22.667c-9.373-9.373-9.373-24.569 0-33.941L207.03 130.525c9.372-9.373 24.568-9.373 33.941-.001z\"><\/path><\/svg><\/div>\n\t\t\t\t\t<\/div>\n\t\t\t\t<div id=\"elementor-toc__5cd35bd\" class=\"elementor-toc__body\">\n\t\t\t<div class=\"elementor-toc__spinner-container\">\n\t\t\t\t<svg class=\"elementor-toc__spinner eicon-animation-spin e-font-icon-svg e-eicon-loading\" aria-hidden=\"true\" viewBox=\"0 0 1000 1000\" xmlns=\"http:\/\/www.w3.org\/2000\/svg\"><path d=\"M500 975V858C696 858 858 696 858 500S696 142 500 142 142 304 142 500H25C25 237 238 25 500 25S975 237 975 500 763 975 500 975Z\"><\/path><\/svg>\t\t\t<\/div>\n\t\t<\/div>\n\t\t\t\t\t\t<\/div>\n\t\t\t\t<\/div>\n\t\t\t\t\t<\/div>\n\t\t\t\t<\/div>\n\t\t<div class=\"elementor-element elementor-element-8013b31 e-con-full e-flex e-con e-child\" data-id=\"8013b31\" data-element_type=\"container\" data-e-type=\"container\">\n\t\t\t\t<div class=\"elementor-element elementor-element-09c30a0 iwg-hero-image elementor-widget elementor-widget-image\" data-id=\"09c30a0\" data-element_type=\"widget\" data-e-type=\"widget\" data-widget_type=\"image.default\">\n\t\t\t\t\t\t\t\t\t\t\t\t\t\t\t<img fetchpriority=\"high\" decoding=\"async\" width=\"683\" height=\"1024\" src=\"https:\/\/iwell-guard.com\/wp-content\/uploads\/2026\/05\/goetter_germanisch_baldur-683x1024.webp\" class=\"attachment-large size-large wp-image-147262\" alt=\"Baldur \u2013 b\u016fh z germ\u00e1nsk\u00e9 tradice, historicko-ilustrativn\u00ed zobrazen\u00ed\" srcset=\"https:\/\/iwell-guard.com\/wp-content\/uploads\/2026\/05\/goetter_germanisch_baldur-683x1024.webp 683w, https:\/\/iwell-guard.com\/wp-content\/uploads\/2026\/05\/goetter_germanisch_baldur-200x300.webp 200w, https:\/\/iwell-guard.com\/wp-content\/uploads\/2026\/05\/goetter_germanisch_baldur-768x1152.webp 768w, https:\/\/iwell-guard.com\/wp-content\/uploads\/2026\/05\/goetter_germanisch_baldur.webp 1024w\" sizes=\"(max-width: 683px) 100vw, 683px\" \/>\t\t\t\t\t\t\t\t\t\t\t\t\t\t\t<\/div>\n\t\t\t\t<\/div>\n\t\t\t\t\t<\/div>\n\t\t\t\t<\/div>\n\t\t<div class=\"elementor-element elementor-element-f0c459d e-con-boxed e-flex e-con e-parent\" data-id=\"f0c459d\" data-element_type=\"container\" data-e-type=\"container\">\n\t\t\t\t\t<div class=\"e-con-inner\">\n\t\t<div class=\"elementor-element elementor-element-72db403 e-con-full e-flex e-con e-child\" data-id=\"72db403\" data-element_type=\"container\" data-e-type=\"container\">\n\t\t\t\t<div class=\"elementor-element elementor-element-99f2d96 elementor-widget elementor-widget-heading\" data-id=\"99f2d96\" data-element_type=\"widget\" data-e-type=\"widget\" data-widget_type=\"heading.default\">\n\t\t\t\t\t<h2 class=\"elementor-heading-title elementor-size-default\">M\u00fdtus a p\u016fvod<\/h2>\t\t\t\t<\/div>\n\t\t\t\t<div class=\"elementor-element elementor-element-842ff73 elementor-widget elementor-widget-text-editor\" data-id=\"842ff73\" data-element_type=\"widget\" data-e-type=\"widget\" data-widget_type=\"text-editor.default\">\n\t\t\t\t\t\t\t\t\t<p>Snorri Sturluson naz\u00fdv\u00e1 Baldura v \u00abPr\u00f3za Edd\u011b\u00bb (Gylfaginning 22) \u00abnejmoud\u0159ej\u0161\u00edm z \u00c1s\u016f, nejkr\u00e1sn\u011bj\u0161\u00edm a nejmilosrdn\u011bj\u0161\u00edm\u00bb. Je tak b\u00edl\u00fd, \u017ee po n\u011bm bylo nazv\u00e1no nejsv\u011btlej\u0161\u00ed rostlina: he\u0159m\u00e1nek (staroseversky baldursbra, \u00abBaldurovo \u0159asa\u00bb).<\/p><p>Jeho s\u00eddlem je Breidablik, s\u00ed\u0148, v n\u00ed\u017e nesm\u00ed p\u0159eb\u00fdvat nic ne\u010dist\u00e9ho. Baldurovou \u017eenou je Nanna, jeho synem Forseti, b\u016fh soudu.<\/p>\n<p><span data-nosnippet>Badatel\u00e9 vid\u00ed v Baldurovi kl\u00ed\u010dovou postavu eddick\u00e9 <span class=\"iwg-fachbegriff\" data-tooltip=\"Souhrn dochovan\u00fdch vypr\u00e1v\u011bn\u00ed o boz\u00edch v dan\u00e9 kultu\u0159e.\" tabindex=\"0\">mytologie<\/span>, jej\u00ed\u017e p\u0159esn\u00e9 n\u00e1bo\u017eensk\u00e9 pozad\u00ed z\u016fst\u00e1v\u00e1 sporn\u00e9. Sophus Bugge (1881-89) jej vykl\u00e1dal jako odraz k\u0159es\u0165ansk\u00e9 postavy Krista, tuto tezi v\u0161ak dnes badatel\u00e9 z velk\u00e9 \u010d\u00e1sti odm\u00edtaj\u00ed.<\/span><\/p><p><span data-nosnippet>Karl Helm (1946) jej interpretoval jako boha bou\u0159e, Georges Dum\u00e9zil (1953) jako um\u00edraj\u00edc\u00edho a navracej\u00edc\u00edho se panovn\u00edka indoevropsk\u00e9ho typu, prot\u011bj\u0161ek Mitry. Jan de Vries a Rudolf Simek preferuj\u00ed v\u00fdklad boha sv\u011btla a ob\u011btn\u00ed postavy, jeho\u017e smrt ozna\u010duje kosmologick\u00fd zvrat.<\/span><\/p>\n<p>Saxo Grammaticus popisuje ve sv\u00fdch \u00abGesta Danorum\u00bb (kniha 3, kolem 1200) v\u00fdrazn\u011b odli\u0161nou verzi. Baldur je zde poloboh, syn Odina, kter\u00fd bojuje s Hodrem (Hotherem) o ruku princezny Nanny.<\/p><p>Baldur na konci um\u00edr\u00e1 d\u00edky kouzeln\u00e9mu me\u010di, kter\u00fd pat\u0159il lesn\u00ed \u017een\u011b. Tato euhemerizovan\u00e1 verze zobrazuje Baldura jako smrteln\u00e9ho hrdinu a p\u0159esouv\u00e1 jeho smrt do ryt\u00ed\u0159sk\u00e9ho souboje. Badatel\u00e9 vid\u00ed v obou verz\u00edch, eddick\u00e9 i saxonsk\u00e9, odrazy star\u0161\u00ed, p\u0159edliter\u00e1rn\u00ed tradice.<\/p>\n\n<p>Euhemerizovan\u00e1 verze Saxa Grammatica v \u00abGesta Danorum\u00bb (kniha 3) si zaslou\u017e\u00ed zvl\u00e1\u0161tn\u00ed pozornost. U Saxa je Baldur d\u00e1nsko-norsk\u00fd poloboh, syn Odina, kter\u00fd bojuje se \u0161v\u00e9dsk\u00fdm kn\u00ed\u017eetem Hotherem (Hodrem) o ruku princezny Nanny.<\/p><p>Boj se protahuje p\u0159es n\u011bkolik bitev a Baldur je nakonec zabit kouzeln\u00fdm me\u010dem, kter\u00fd Hother z\u00edskal od lesn\u00ed \u017eeny. Tato verze se od eddick\u00e9 z\u00e1sadn\u011b li\u0161\u00ed: chyb\u00ed motiv jmel\u00ed, chyb\u00ed nevinn\u00e1 <span class=\"iwg-fachbegriff\" data-tooltip=\"Dar bo\u017estvu na projev d\u00edk\u016f, prosby nebo \u00facty.\" tabindex=\"0\">ob\u011b\u0165<\/span>, chyb\u00ed slep\u00fd bratr, jde o konven\u010dn\u00ed hrdinsk\u00fd boj o \u017eenu.<\/p>\n<p><span data-nosnippet>Badatel\u00e9 diskutuj\u00ed od dob Sophuse Buggeho \u00abStudien\u00bb (1881-89) o vztahu obou verz\u00ed. N\u011bkte\u0159\u00ed badatel\u00e9 (Bugge, Olrik) vid\u011bli v Saxov\u011b verzi pozdn\u00ed zkreslen\u00ed, kter\u00e9 pohansk\u00e9 redukovalo na heroick\u00e9.<\/span><\/p><p>Jin\u00ed (Dum\u00e9zil, von See) ji \u010detli jako alternativn\u00ed tradici, uchov\u00e1vaj\u00edc\u00ed star\u0161\u00ed, m\u00e9n\u011b sakralizovan\u00fd Baldur\u016fv <span class=\"iwg-fachbegriff\" data-tooltip=\"Dochovan\u00e9 vypr\u00e1v\u011bn\u00ed o boz\u00edch, po\u010d\u00e1tc\u00edch a uspo\u0159\u00e1d\u00e1n\u00ed sv\u011bta.\" tabindex=\"0\">m\u00fdtus<\/span>. Sou\u010dasn\u00e9 bad\u00e1n\u00ed se p\u0159ikl\u00e1n\u00ed k v\u00edcevrstv\u00e9 interpretaci: ob\u011b verze odr\u00e1\u017eej\u00ed re\u00e1ln\u00e9, av\u0161ak odli\u0161n\u00e9 mytick\u00e9 tradice, jejich\u017e vztah nebyl line\u00e1rn\u00ed, n\u00fdbr\u017e komplement\u00e1rn\u00ed.<\/p>\t\t\t\t\t\t\t\t<\/div>\n\t\t\t\t<\/div>\n\t\t<div class=\"elementor-element elementor-element-55da0bd e-con-full e-flex e-con e-child\" data-id=\"55da0bd\" data-element_type=\"container\" data-e-type=\"container\">\n\t\t\t\t<div class=\"elementor-element elementor-element-93689d4 elementor-widget elementor-widget-heading\" data-id=\"93689d4\" data-element_type=\"widget\" data-e-type=\"widget\" data-widget_type=\"heading.default\">\n\t\t\t\t\t<h2 class=\"elementor-heading-title elementor-size-default\">Symboly a atributy<\/h2>\t\t\t\t<\/div>\n\t\t\t\t<div class=\"elementor-element elementor-element-8c64625 elementor-widget elementor-widget-text-editor\" data-id=\"8c64625\" data-element_type=\"widget\" data-e-type=\"widget\" data-widget_type=\"text-editor.default\">\n\t\t\t\t\t\t\t\t\t<p>Nejd\u016fle\u017eit\u011bj\u0161\u00edm atributem Baldura je jeho z\u00e1\u0159iv\u00fd vzhled. Snorri jej popisuje jako tak jasn\u00e9ho, \u017ee z n\u011bj vych\u00e1zej\u00ed paprsky. Rostlina po n\u011bm nazvan\u00e1, baldursbra (Matricaria, he\u0159m\u00e1nek), nese tuto z\u00e1\u0159ivou symboliku i do lidov\u00e9 v\u00edry. V D\u00e1nsku a \u0160v\u00e9dsku se rostlina a\u017e do 19. stolet\u00ed pou\u017e\u00edvala jako ochrana proti zl\u00fdm duch\u016fm.<\/p>\n<p>Jeho s\u00ed\u0148 Breidablik (\u00ab\u0161iroce z\u00e1\u0159\u00edc\u00ed\u00bb) je zm\u00edn\u011bna v \u00abGrimnismal\u00bb 12: \u00abBreidablik se jmenuje sedm\u00e1 (s\u00ed\u0148), kde si Baldur zvolil obydl\u00ed, v zemi, kterou zn\u00e1m za nejm\u00e9n\u011b ne\u010distou\u00bb.<\/p><p>Jeho lo\u010f Hringhorni je pova\u017eov\u00e1na za nejv\u011bt\u0161\u00ed ze v\u0161ech lod\u00ed, na n\u00ed je Baldur po sv\u00e9 smrti sp\u00e1len. Jeho k\u016f\u0148 je zm\u00edn\u011bn v \u00abGrimnismal\u00bb 30, jeho jm\u00e9no se v\u0161ak nedochovalo.<\/p>\n<p>Jmel\u00ed, kter\u00fdm je zabit, je jeho paradoxn\u00edm protikladn\u00fdm atributem. Jmel\u00ed (Viscum album) bylo ve <span class=\"iwg-fachbegriff\" data-tooltip=\"Epocha \u0159eck\u00e9 a \u0159\u00edmsk\u00e9 kultury, p\u0159ibli\u017en\u011b od 800 p\u0159. n. l. do 600 n. l.\" tabindex=\"0\">antice<\/span> pova\u017eov\u00e1no za <span class=\"iwg-fachbegriff\" data-tooltip=\"N\u00e1le\u017eej\u00edc\u00ed bo\u017esk\u00e9mu, a proto vy\u0148at\u00e9 z b\u011b\u017en\u00e9ho u\u017e\u00edv\u00e1n\u00ed.\" tabindex=\"0\">svat\u00e9<\/span> a je v Pliniov\u011b \u00abNaturalis Historia\u00bb (kniha 16, 95) pops\u00e1no jako \u0159ezn\u00e1 rostlina keltsk\u00fdch druid\u016f.<\/p><p><span data-nosnippet>V germ\u00e1nsk\u00e9 lidov\u00e9 tradici \u017eije jmel\u00ed d\u00e1le jako ambivalentn\u00ed <span class=\"iwg-fachbegriff\" data-tooltip=\"Znak, kter\u00fd zastupuje p\u0159edstavu nebo v\u00fdznam.\" tabindex=\"0\">symbol<\/span>, ochrann\u00fd i smrt\u00edc\u00ed z\u00e1rove\u0148. Tuto dvojzna\u010dnost u\u010dinil James George Frazer v d\u00edle \u00abThe Golden Bough\u00bb (1890) kl\u00ed\u010dov\u00fdm <span class=\"iwg-fachbegriff\" data-tooltip=\"Znak, kter\u00fd zastupuje p\u0159edstavu nebo v\u00fdznam.\" tabindex=\"0\">symbolem<\/span> sv\u00e9 srovn\u00e1vac\u00ed <span class=\"iwg-fachbegriff\" data-tooltip=\"Souhrn dochovan\u00fdch vypr\u00e1v\u011bn\u00ed o boz\u00edch v dan\u00e9 kultu\u0159e.\" tabindex=\"0\">mytologie<\/span>.<\/span><\/p>\t\t\t\t\t\t\t\t<\/div>\n\t\t\t\t<\/div>\n\t\t<div class=\"elementor-element elementor-element-80cb920 e-con-full e-flex e-con e-child\" data-id=\"80cb920\" data-element_type=\"container\" data-e-type=\"container\">\n\t\t\t\t<div class=\"elementor-element elementor-element-7bdec8e elementor-widget elementor-widget-heading\" data-id=\"7bdec8e\" data-element_type=\"widget\" data-e-type=\"widget\" data-widget_type=\"heading.default\">\n\t\t\t\t\t<h2 class=\"elementor-heading-title elementor-size-default\">Kult a uct\u00edv\u00e1n\u00ed<\/h2>\t\t\t\t<\/div>\n\t\t\t\t<div class=\"elementor-element elementor-element-e85c1dd elementor-widget elementor-widget-text-editor\" data-id=\"e85c1dd\" data-element_type=\"widget\" data-e-type=\"widget\" data-widget_type=\"text-editor.default\">\n\t\t\t\t\t\t\t\t\t<p>P\u0159\u00edm\u00e9 kultick\u00e9 doklady o Baldurovi jsou vz\u00e1cn\u00e9. Adam z Br\u00e9m se o n\u011bm nezmi\u0148uje. M\u00edstn\u00ed jm\u00e9na s prvkem Baldr se vyskytuj\u00ed p\u0159edev\u0161\u00edm v Norsku (Baldrshagi, \u00abBaldur\u016fv h\u00e1j\u00bb) a ve srovn\u00e1n\u00ed s m\u00edstn\u00edmi jm\u00e9ny odvozen\u00fdmi od Thora nebo \u00d3dina jsou m\u00e1lo po\u010detn\u00e1.<\/p><p>Tuto slabou stopu Folke Strom interpretoval jako doklad toho, \u017ee Baldur byl p\u0159edev\u0161\u00edm liter\u00e1rn\u00ed postavou pozdn\u00ed eddick\u00e9 f\u00e1ze, nikoli \u0161iroce uct\u00edvan\u00fdm kultovn\u00edm bo\u017estvem.<\/p>\n<p>\u00abFriedlands-Saga\u00bb a dal\u0161\u00ed islandsk\u00e9 prameny zmi\u0148uj\u00ed Baldurovu smrt v ritu\u00e1ln\u011b-mytologick\u00e9m kontextu, ale bez explicitn\u00edch kultovn\u00edch forem.<\/p><p>Snorriho popis poh\u0159bu v Gylfaginning 49 je nejpodrobn\u011bj\u0161\u00edm vyobrazen\u00edm bo\u017esk\u00e9ho poh\u0159bu v Edd\u011b: lo\u010f je nalo\u017eena d\u0159evem, obryn\u011b Hyrrokin ji spust\u00ed na vodu, Thor posv\u011bt\u00ed poh\u0159ebn\u00ed hranici kladivem Mj\u00f6llnir a jeden trpasl\u00edk je rozdup\u00e1n, proto\u017ee se k Thorovi p\u0159\u00edli\u0161 p\u0159ibl\u00ed\u017e\u00ed.<\/p><p>Tato sc\u00e9na p\u016fsob\u00ed jako mytick\u00fd p\u0159edobraz historick\u00fdch poh\u0159b\u016f v lod\u00edch, nap\u0159\u00edklad vikinsk\u00fdch n\u00e1lez\u016f z Osebergu (834 n. l.) a Gokstadu (konec 9. stolet\u00ed).<\/p>\n<p><span data-nosnippet>R\u00e9gis Boyer ve sv\u00e9m d\u00edle \u00abLa religion des anciens Scandinaves\u00bb (1981) zast\u00e1val tezi, \u017ee <span class=\"iwg-fachbegriff\" data-tooltip=\"Tradovan\u00fd p\u0159\u00edb\u011bh o boz\u00edch, po\u010d\u00e1tc\u00edch a uspo\u0159\u00e1d\u00e1n\u00ed sv\u011bta.\" tabindex=\"0\">m\u00fdtus<\/span> o Baldurov\u011b smrti a n\u00e1vratu odr\u00e1\u017eel inicia\u010dn\u00ed nebo sez\u00f3nn\u00ed ritu\u00e1l, pravd\u011bpodobn\u011b spojen\u00fd se slunovratem. P\u0159\u00edm\u00e9 ritu\u00e1ln\u00ed doklady chyb\u00ed, ale nep\u0159\u00edm\u00e9 stopy v lidov\u00fdch oh\u0148ov\u00fdch ritu\u00e1lech o letn\u00edm slunovratu jsou ve Skandin\u00e1vii dob\u0159e dolo\u017eeny.<\/span><\/p>\t\t\t\t\t\t\t\t<\/div>\n\t\t\t\t<\/div>\n\t\t<div class=\"elementor-element elementor-element-81d981c e-con-full e-flex e-con e-child\" data-id=\"81d981c\" data-element_type=\"container\" data-e-type=\"container\">\n\t\t\t\t<div class=\"elementor-element elementor-element-e4dde74 elementor-widget elementor-widget-heading\" data-id=\"e4dde74\" data-element_type=\"widget\" data-e-type=\"widget\" data-widget_type=\"heading.default\">\n\t\t\t\t\t<h2 class=\"elementor-heading-title elementor-size-default\">D\u016fle\u017eit\u00e9 m\u00fdty<\/h2>\t\t\t\t<\/div>\n\t\t\t\t<div class=\"elementor-element elementor-element-d04084a elementor-widget elementor-widget-text-editor\" data-id=\"d04084a\" data-element_type=\"widget\" data-e-type=\"widget\" data-widget_type=\"text-editor.default\">\n\t\t\t\t\t\t\t\t\t<p>\u00dast\u0159edn\u00edm p\u0159\u00edb\u011bhem je Baldurova smrt. Snorri ji popisuje v Gylfaginning 49: Baldur sn\u00ed o sv\u00e9 vlastn\u00ed smrti. Frigg, jeho matka, p\u0159inut\u00ed v\u0161echny bytosti p\u0159\u00edsahat, \u017ee mu neubl\u00ed\u017e\u00ed.<\/p><p>Jedinou v\u00fdjimkou je jmel\u00ed, kter\u00e9 vynech\u00e1, proto\u017ee ho pova\u017euje za p\u0159\u00edli\u0161 mlad\u00e9. \u00c1sov\u00e9 se bav\u00ed t\u00edm, \u017ee na Baldura vrhaj\u00ed projektily, kter\u00e9 ho ale nezran\u00ed. Loki, v podob\u011b \u017eeny, vyl\u00e1k\u00e1 z Frigg tajemstv\u00ed.<\/p><p>Vyrob\u00ed \u0161\u00edp ze jmel\u00ed a d\u00e1 ho slep\u00e9mu Hodrovi, vede jeho ruku, a Hodr Baldura smrteln\u011b zas\u00e1hne. \u00c1sov\u00e9 jsou hr\u016fzou bez slov. Hermod, Baldur\u016fv bratr, jede na Sleipnirovi do Helu, aby vyprosil Baldur\u016fv n\u00e1vrat.<\/p><p>Hel souhlas\u00ed, pokud budou Baldura oplak\u00e1vat v\u0161echny bytosti. V\u0161ichni pl\u00e1\u010dou, jen star\u00e1 obryn\u011b jm\u00e9nem Th\u00f6kk, za n\u00ed\u017e se skr\u00fdv\u00e1 Loki, slzu odep\u0159e. Baldur z\u016fst\u00e1v\u00e1 v Helu a\u017e do doby po Ragnar\u00f6ku.<\/p>\n<p>\u00abVoluspa\u00bb 31-33 vypr\u00e1v\u00ed <span class=\"iwg-fachbegriff\" data-tooltip=\"Tradovan\u00fd p\u0159\u00edb\u011bh o boz\u00edch, po\u010d\u00e1tc\u00edch a uspo\u0159\u00e1d\u00e1n\u00ed sv\u011bta.\" tabindex=\"0\">m\u00fdtus<\/span> stru\u010dn\u011b a zhu\u0161t\u011bn\u011b. \u00dast\u0159edn\u00ed jsou zde zejm\u00e9na strofy o osudu Hodra a Valiho, mstitelsk\u00e9ho syna zplozen\u00e9ho \u00d3dinem, kter\u00fd Hodra zabije. Tato genealogie ukazuje, \u017ee Baldurova smrt nen\u00ed konec p\u0159\u00edb\u011bhu: vyvol\u00e1v\u00e1 \u0159et\u011bzec pomsty, kter\u00fd vrchol\u00ed Ragnar\u00f6kem.<\/p>\n<p>T\u0159et\u00edm <span class=\"iwg-fachbegriff\" data-tooltip=\"Tradovan\u00fd p\u0159\u00edb\u011bh o boz\u00edch, po\u010d\u00e1tc\u00edch a uspo\u0159\u00e1d\u00e1n\u00ed sv\u011bta.\" tabindex=\"0\">m\u00fdtem<\/span> je Baldur\u016fv n\u00e1vrat po z\u00e1niku sv\u011bta v ohni. \u00abVoluspa\u00bb 62 popisuje, jak se zem\u011b vyno\u0159uje z mo\u0159e, jak se Baldur a Hodr usmi\u0159uj\u00ed, jak nast\u00e1v\u00e1 nov\u00fd sv\u011bt. Tento Baldur\u016fv n\u00e1vrat je jedn\u00edm z nejsiln\u011bj\u0161\u00edch motiv\u016f seversk\u00e9 eschatologie a m\u00e1 dlouhou d\u011bjinnou reflexi v k\u0159es\u0165ansk\u00e9 recepci seversk\u00e9 <span class=\"iwg-fachbegriff\" data-tooltip=\"Souhrn tradovan\u00fdch vypr\u00e1v\u011bn\u00ed o boz\u00edch ur\u010dit\u00e9 kultury.\" tabindex=\"0\">mytologie<\/span>.<\/p>\n\n<p>Zvl\u00e1\u0161t\u011b nal\u00e9havou epizodou je Hermodova j\u00edzda do Helu za \u00fa\u010delem Baldurova vysvobozen\u00ed. Snorri ji podrobn\u011b popisuje v Gylfaginning 49: Hermod jede dev\u011bt noc\u00ed temn\u00fdmi, hlubok\u00fdmi \u00fadol\u00edmi, p\u0159ekro\u010d\u00ed zlat\u00fd mostn\u00ed p\u0159echod Gjallarbr\u00fa, jeho\u017e str\u00e1\u017ekyn\u011b Modgudr se ho pt\u00e1 na jeho z\u00e1m\u011br, a nakonec doraz\u00ed do Helovy s\u00edn\u011b.<\/p><p>Tam sed\u00ed Baldur na vyv\u00fd\u0161en\u00e9m sedadle a Hel slibuje, \u017ee ho propust\u00ed, pokud ho budou oplak\u00e1vat v\u0161echny bytosti.<\/p>\n<p>Hermod se s touto zpr\u00e1vou vrac\u00ed. \u00c1sov\u00e9 vys\u00edlaj\u00ed posly do v\u0161ech sv\u011bt\u016f a v\u0161echny bytosti pl\u00e1\u010dou, krom\u011b star\u00e9 obryn\u011b jm\u00e9nem Th\u00f6kk, kter\u00e1 sed\u00ed v jeskyni. Ta \u0159\u00edk\u00e1: \u201eSuch\u00fdma o\u010dima bude Th\u00f6kk Baldura oplak\u00e1vat. Co m\u00e1 Hel, a\u0165 si nech\u00e1!\u201c Snorri podot\u00fdk\u00e1, \u017ee mnoz\u00ed se domn\u00edvaj\u00ed, \u017ee tato Th\u00f6kk byl ve skute\u010dnosti Loki.<\/p>\n<p>B\u00e1d\u00e1n\u00ed interpretovalo Hermodovu epizodu jako jeden z nejd\u016fle\u017eit\u011bj\u0161\u00edch doklad\u016f \u0161amanistick\u00e9ho pozad\u00ed seversk\u00e9 <span class=\"iwg-fachbegriff\" data-tooltip=\"Souhrn tradovan\u00fdch vypr\u00e1v\u011bn\u00ed o boz\u00edch ur\u010dit\u00e9 kultury.\" tabindex=\"0\">mytologie<\/span>. Hermod jede na \u00d3dinov\u011b koni Sleipnirovi, osminoh\u00e9m \u0161amansk\u00e9m koni, podsv\u011bt\u00edm, p\u0159ekon\u00e1v\u00e1 prahy a dosahuje sv\u011bta mrtv\u00fdch.<\/p><p>Tento zp\u016fsob putov\u00e1n\u00ed typologicky odpov\u00edd\u00e1 \u0161amansk\u00e9mu letu, jak je dolo\u017een v mnoha sibi\u0159sko-mongolsk\u00fdch tradic\u00edch. Mircea Eliade zasadil severskou <span class=\"iwg-fachbegriff\" data-tooltip=\"Souhrn tradovan\u00fdch vypr\u00e1v\u011bn\u00ed o boz\u00edch ur\u010dit\u00e9 kultury.\" tabindex=\"0\">mytologii<\/span> do tohoto kontextu ve sv\u00e9m d\u00edle \u201eLe chamanisme et les techniques archa\u00efques de l&#8216;<span lang=\"fr\">extase<\/span>\u201c (1951).<\/p>\t\t\t\t\t\t\t\t<\/div>\n\t\t\t\t<\/div>\n\t\t<div class=\"elementor-element elementor-element-c36b63c e-con-full e-flex e-con e-child\" data-id=\"c36b63c\" data-element_type=\"container\" data-e-type=\"container\">\n\t\t\t\t<div class=\"elementor-element elementor-element-1ecc8fc elementor-widget elementor-widget-heading\" data-id=\"1ecc8fc\" data-element_type=\"widget\" data-e-type=\"widget\" data-widget_type=\"heading.default\">\n\t\t\t\t\t<h2 class=\"elementor-heading-title elementor-size-default\">Vztahy v panteonu<\/h2>\t\t\t\t<\/div>\n\t\t\t\t<div class=\"elementor-element elementor-element-36e5f1a elementor-widget elementor-widget-text-editor\" data-id=\"36e5f1a\" data-element_type=\"widget\" data-e-type=\"widget\" data-widget_type=\"text-editor.default\">\n\t\t\t\t\t\t\t\t\t<p>Baldur je synem \u00d3dina a Frigg, otcem Forsetiho (boha soudu), bratrem Hodra (Slep\u00e9ho) a nevlastn\u00edm bratrem Thora, Hermoda a mnoha dal\u0161\u00edch \u00d3dinov\u00fdch bo\u017e\u00edch syn\u016f.<\/p><p>Jeho \u017eena Nanna zem\u0159e bolest\u00ed, kdy\u017e je Baldur mrtv\u00fd, a je s n\u00edm sp\u00e1lena na lodi Hringhorni. Forseti, jejich syn, zd\u011bd\u00ed s\u00eddlo Glitnir, s\u00ed\u0148 se st\u0159\u00edbrnou st\u0159echou a zlat\u00fdmi sloupy.<\/p>\n<p>Vztah Baldura k Lokimu je paradoxn\u00ed. Loki jako spole\u010dn\u00edk \u00c1s\u016f b\u00fdv\u00e1 s Baldurem a \u00c1sy \u010dasto spojov\u00e1n, av\u0161ak st\u00e1v\u00e1 se n\u00e1strojem jeho smrti.<\/p><p>\u00abLokasenna\u00bb 28 ukazuje, jak Loki ve sporu s Frigg nar\u00e1\u017e\u00ed na Baldurovu smrt. Tento antagonismus je v pozd\u011bj\u0161\u00ed tradici st\u00e1le v\u00edce zd\u016fraz\u0148ov\u00e1n a vrchol\u00ed v obraze Lokiho jako naru\u0161itele \u0159\u00e1du.<\/p>\n<p>K Hel, dce\u0159i Lokiho a pan\u00ed podsv\u011bt\u00ed, je Baldur v postaven\u00ed jej\u00edho zvl\u00e1\u0161tn\u00edho hosta. Hermod mus\u00ed jet dev\u011bt noc\u00ed temn\u00fdmi \u00fadol\u00edmi, aby dos\u00e1hl Helovy s\u00edn\u011b. Tam ho Hel p\u0159ij\u00edm\u00e1 na vyv\u00fd\u0161en\u00e9m sedadle s Baldurem po sv\u00e9m boku. Tato sc\u00e9na pat\u0159\u00ed k nejnal\u00e9hav\u011bj\u0161\u00edm vyl\u00ed\u010den\u00edm eddick\u00e9ho podsv\u011bt\u00ed.<\/p>\t\t\t\t\t\t\t\t<\/div>\n\t\t\t\t<\/div>\n\t\t<div class=\"elementor-element elementor-element-f5d4549 e-con-full e-flex e-con e-child\" data-id=\"f5d4549\" data-element_type=\"container\" data-e-type=\"container\">\n\t\t\t\t<div class=\"elementor-element elementor-element-1bcaaf8 elementor-widget elementor-widget-heading\" data-id=\"1bcaaf8\" data-element_type=\"widget\" data-e-type=\"widget\" data-widget_type=\"heading.default\">\n\t\t\t\t\t<h2 class=\"elementor-heading-title elementor-size-default\">Recepce a odkaz<\/h2>\t\t\t\t<\/div>\n\t\t\t\t<div class=\"elementor-element elementor-element-1ba3e6e elementor-widget elementor-widget-text-editor\" data-id=\"1ba3e6e\" data-element_type=\"widget\" data-e-type=\"widget\" data-widget_type=\"text-editor.default\">\n\t\t\t\t\t\t\t\t\t<p><span data-nosnippet>V k\u0159es\u0165ansk\u00e9 recepci st\u0159edov\u011bku byl Baldur z\u00e1hy ch\u00e1p\u00e1n jako p\u0159edobraz Krista. Sophus Bugge tuto tezi podrobn\u011b rozpracoval ve sv\u00e9m d\u00edle \u201eStudien \u00fcber die Entstehung der nordischen G\u00f6tter- und Heldensagen\u201c (1881-89). Dnes je kristovsk\u00e1 teze pova\u017eov\u00e1na za p\u0159ehnanou, n\u011bkter\u00e9 paralely (um\u00edraj\u00edc\u00ed a navracej\u00edc\u00ed se b\u016fh, nevinn\u00e1 <span class=\"iwg-fachbegriff\" data-tooltip=\"Dar bo\u017estvu vyjad\u0159uj\u00edc\u00ed d\u00edky, prosbu nebo \u00factu.\" tabindex=\"0\">ob\u011b\u0165<\/span>, kosmick\u00e9 d\u016fsledky) jsou v\u0161ak typologicky uzn\u00e1v\u00e1ny.<\/span><\/p>\n<p><span data-nosnippet>Jacob Grimm v\u011bnoval Baldurovi ve sv\u00e9m d\u00edle \u201eDeutsche <span class=\"iwg-fachbegriff\" data-tooltip=\"Souhrn tradovan\u00fdch vypr\u00e1v\u011bn\u00ed o boz\u00edch ur\u010dit\u00e9 kultury.\" tabindex=\"0\">Mythologie<\/span>\u201c (1835) samostatnou kapitolu. Vid\u011bl v n\u011bm boha sv\u011btla par excellence. V 19. stolet\u00ed se Baldur stal popul\u00e1rn\u00edm v seversk\u00e9 romantice a mal\u00ed\u0159stv\u00ed.<\/span><\/p><p><span data-nosnippet>Adam \u00d6hlenschl\u00e4gerovo d\u00edlo \u201eBaldur hin gode\u201c (1808) je dramatick\u00fdm zpracov\u00e1n\u00edm t\u00e9to l\u00e1tky. Tak\u00e9 ve \u0161v\u00e9dsk\u00e9 a norsk\u00e9 n\u00e1rodn\u011b romantick\u00e9 literatu\u0159e se Baldur objevuje jako <span class=\"iwg-fachbegriff\" data-tooltip=\"N\u00e1zorn\u00fd obraz, kter\u00fd zastupuje abstraktn\u00ed my\u0161lenku.\" tabindex=\"0\">symbol<\/span> \u010distoty a tragick\u00e9 kr\u00e1sy.<\/span><\/p>\n<p>Richard Wagner Baldura do sv\u00e9ho d\u00edla \u201ePrsten Nibelung\u016fv\u201c neza\u0159adil, pravd\u011bpodobn\u011b proto, \u017ee mu tato l\u00e1tka p\u0159ipadala m\u00e9n\u011b hrdinsky konfliktn\u00ed ne\u017e p\u0159\u00edb\u011bhy Wotana a Siegfrieda.<\/p><p><span data-nosnippet>Ve 20. stolet\u00ed se Baldur stal \u00fast\u0159edn\u00ed postavou srovn\u00e1vac\u00ed <span class=\"iwg-fachbegriff\" data-tooltip=\"Souhrn tradovan\u00fdch vypr\u00e1v\u011bn\u00ed o boz\u00edch ur\u010dit\u00e9 kultury.\" tabindex=\"0\">mytologie<\/span>, p\u0159edev\u0161\u00edm d\u00edky d\u00edlu Jamese George Frazera \u201eThe Golden Bough\u201c (12 sv., 1890-1915), kde se m\u00fdtus o jmel\u00ed stal v\u00fdchodiskem rozs\u00e1hl\u00e9 teorie o um\u00edraj\u00edc\u00edch a znovu vst\u00e1vaj\u00edc\u00edch boz\u00edch.<\/span><\/p>\t\t\t\t\t\t\t\t<\/div>\n\t\t\t\t<\/div>\n\t\t<div class=\"elementor-element elementor-element-bb2c714 e-con-full e-flex e-con e-child\" data-id=\"bb2c714\" data-element_type=\"container\" data-e-type=\"container\">\n\t\t\t\t<div class=\"elementor-element elementor-element-cbe191d elementor-widget elementor-widget-heading\" data-id=\"cbe191d\" data-element_type=\"widget\" data-e-type=\"widget\" data-widget_type=\"heading.default\">\n\t\t\t\t\t<h2 class=\"elementor-heading-title elementor-size-default\">Religionistick\u00e9 za\u0159azen\u00ed<\/h2>\t\t\t\t<\/div>\n\t\t\t\t<div class=\"elementor-element elementor-element-4ae3e8b elementor-widget elementor-widget-text-editor\" data-id=\"4ae3e8b\" data-element_type=\"widget\" data-e-type=\"widget\" data-widget_type=\"text-editor.default\">\n\t\t\t\t\t\t\t\t\t<p>Ve srovn\u00e1vac\u00ed <span class=\"iwg-fachbegriff\" data-tooltip=\"Souhrn tradovan\u00fdch vypr\u00e1v\u011bn\u00ed o boz\u00edch v dan\u00e9 kultu\u0159e.\" tabindex=\"0\">mytologii<\/span> je Baldur za\u0159azov\u00e1n k typu \u201eum\u00edraj\u00edc\u00edho a znovu se vracej\u00edc\u00edho boha\u201c, spolu s Adonisem, Tammuzem, Osirisem a Kristem.<\/p><p><span data-nosnippet>Toto typologick\u00e9 za\u0159azen\u00ed popularizoval Frazer a systematizovali ho pozd\u011bj\u0161\u00ed badatel\u00e9 jako Mircea Eliade (\u201eLe mythe de l&#8217;eternel retour\u201c, 1949). Kritiku vyslovil Jonathan Z. Smith (\u201eDrudgery Divine\u201c, 1990), kter\u00fd takov\u00e9 typologick\u00e9 srovn\u00e1v\u00e1n\u00ed ozna\u010dil za p\u0159\u00edli\u0161 zjednodu\u0161uj\u00edc\u00ed.<\/span><\/p>\n<p><span data-nosnippet>Georges Dumezil se ve sv\u00fdch d\u00edlech \u201eLoki\u201c (1948) a \u201eMythe et epopee\u201c (1968-73) pokusil za\u0159adit Baldura do indoevropsk\u00e9ho modelu t\u0159\u00ed funkc\u00ed. Baldur je podle n\u011bj \u010dist\u00fdm, ned\u011bliteln\u00fdm panovn\u00edkem, jeho\u017e smrt ot\u0159\u00e1s\u00e1 \u0159\u00e1dem.<\/span><\/p><p>Tento v\u00fdklad p\u0159ijali a d\u00e1le propracovali Edgar Polome a Jens Peter Schjodt. Polome vid\u00ed v Baldurovi aspekt t\u011blesn\u00e9 dokonalosti panovnick\u00e9 moci, na rozd\u00edl od Odina (magicko-duchovn\u00ed aspekt) a Tyra (pr\u00e1vn\u00ed aspekt).<\/p>\n<p><span data-nosnippet>Symboliku jmel\u00ed srovn\u00e1vali s keltsk\u00fdmi paralelami keltologi\u010dt\u00ed a indoevrop\u0161t\u00ed badatel\u00e9, nap\u0159\u00edklad Marie-Louise Sj\u00f6stedt v d\u00edle \u201eDieux et heros des Celtes\u201c (1940). V obou tradic\u00edch se jmel\u00ed jev\u00ed jako <span class=\"iwg-fachbegriff\" data-tooltip=\"N\u00e1le\u017eej\u00edc\u00ed bo\u017esk\u00e9 sf\u00e9\u0159e, a proto vy\u0148at\u00e9 z b\u011b\u017en\u00e9ho u\u017e\u00edv\u00e1n\u00ed.\" tabindex=\"0\">svat\u00e1<\/span>, paradoxn\u00ed rostlina, kter\u00e1 p\u0159in\u00e1\u0161\u00ed jak uzdraven\u00ed, tak smrt.<\/span><\/p>\n\n<p><span data-nosnippet>Frazerova teze o um\u00edraj\u00edc\u00edm a znovu se vracej\u00edc\u00edm bohu byla v nov\u011bj\u0161\u00edm b\u00e1d\u00e1n\u00ed d\u00e1le zp\u0159esn\u011bna. Jonathan Z. Smith ve sv\u00e9m d\u00edle \u201eDrudgery Divine\u201c (1990) uk\u00e1zal, \u017ee typologick\u00e9 srovn\u00e1v\u00e1n\u00ed Baldura, Krista, Adonise, Osirise a Tammuze skr\u00fdv\u00e1 v\u00edce rozd\u00edl\u016f ne\u017e spole\u010dn\u00fdch rys\u016f.<\/span><\/p><p>Kristus je mesi\u00e1\u0161sk\u00e1 spasitelsk\u00e1 postava, Adonis vegetativn\u00ed l\u00e1tka milostn\u00fdch myst\u00e9ri\u00ed, Osiris kosmogonick\u00fd kr\u00e1l, Tammuz agr\u00e1rn\u00ed vegeta\u010dn\u00ed d\u00e9mon. Baldur do t\u011bchto \u0159ad jednozna\u010dn\u011b nezapad\u00e1. Jeho specifikum spo\u010d\u00edv\u00e1 v kombinaci kosmologick\u00e9ho p\u0159edzv\u011bst\u00ed Ragnar\u00f6ku a nad\u011bj-<span class=\"iwg-fachbegriff\" data-tooltip=\"Znak, kter\u00fd zastupuje ur\u010ditou p\u0159edstavu nebo v\u00fdznam.\" tabindex=\"0\">pln\u00e9ho symbolu<\/span> obnovy po z\u00e1niku.<\/p>\n<p>Ve srovn\u00e1vac\u00edm indoevropsk\u00e9m b\u00e1d\u00e1n\u00ed byl Baldur opakovan\u011b srovn\u00e1v\u00e1n s indick\u00fdm Tvashtarem, keltsk\u00fdm Lugem a litevsk\u00fdm Velinasem. Tato srovn\u00e1n\u00ed jsou typologick\u00e1, nikoli geneticky z\u00e1vazn\u00e1. P\u0159esn\u00fd indoevropsk\u00fd p\u016fvod postavy Baldura z\u016fst\u00e1v\u00e1 otev\u0159enou ot\u00e1zkou.<\/p><p><span data-nosnippet>Edgar Polome ve sv\u00e9m d\u00edle \u201eOld Norse Religious Terminology\u201c (1969) a v pozd\u011bj\u0161\u00edch stat\u00edch zast\u00e1val tezi, \u017ee Baldur je ryze seversk\u00fdm v\u00fdtvorem pozdn\u00ed vikinsk\u00e9 \u00e9ry, kter\u00fd navazuje na star\u0161\u00ed indoevropsk\u00e9 prvky, ani\u017e by byl jejich p\u0159\u00edm\u00fdm d\u011bdicem.<\/span><\/p>\t\t\t\t\t\t\t\t<\/div>\n\t\t\t\t<\/div>\n\t\t<div class=\"elementor-element elementor-element-229bf7a e-con-full e-flex e-con e-child\" data-id=\"229bf7a\" data-element_type=\"container\" data-e-type=\"container\">\n\t\t\t\t<div class=\"elementor-element elementor-element-59ec109 elementor-widget elementor-widget-heading\" data-id=\"59ec109\" data-element_type=\"widget\" data-e-type=\"widget\" data-widget_type=\"heading.default\">\n\t\t\t\t\t<h2 class=\"elementor-heading-title elementor-size-default\">Prameny a dal\u0161\u00ed literatura<\/h2>\t\t\t\t<\/div>\n\t\t\t\t<div class=\"elementor-element elementor-element-3147572 elementor-widget elementor-widget-text-editor\" data-id=\"3147572\" data-element_type=\"widget\" data-e-type=\"widget\" data-widget_type=\"text-editor.default\">\n\t\t\t\t\t\t\t\t\t<footer class=\"iwg-literatur\"><p><span data-nosnippet>Prim\u00e1rn\u00ed prameny: \u201eSnorri Sturluson, Prosa-Edda\u201c (kolem 1220), \u201eV\u00f6lusp\u00e1\u201c a \u201eGr\u00edmnism\u00e1l\u201c (P\u00edse\u0148ov\u00e1 Edda, Codex Regius), \u201eBaldrs draumar\u201c (P\u00edse\u0148ov\u00e1 Edda), \u201eGesta Danorum\u201c, kniha 3 (Saxo Grammaticus, kolem 1200). Skaldsk\u00e1 poezie u Finnura J\u00f3nssona \u201eDen norsk-islandske Skjaldedigtning\u201c (1912-15).<\/span><\/p>\n<p>Sekund\u00e1rn\u00ed literatura:<\/p><ul><li><span data-nosnippet>Jan de Vries \u201eAltgermanische Religionsgeschichte\u201c (1956\/57).<\/span><\/li><li>Georges Dum\u00e9zil \u201eLoki\u201c (1948).<\/li><li><span data-nosnippet>James George Frazer \u201eThe Golden Bough\u201c (1890-1915).<\/span><\/li><li><span data-nosnippet>Sophus Bugge \u201eStudien \u00fcber die Entstehung der nordischen G\u00f6tter- und Heldensagen\u201c (1881-89).<\/span><\/li><li>Karl Helm \u201eWodan\u201c (1946).<\/li><li><span data-nosnippet>R\u00e9gis Boyer \u201eLa religion des anciens Scandinaves\u201c (1981).<\/span><\/li><li><span data-nosnippet>Margaret Clunies Ross \u201eProlonged Echoes\u201c (1994\/98).<\/span><\/li><\/ul>\n<p class=\"iwg-bib-more\"><span data-nosnippet>Dal\u0161\u00ed standardn\u00ed d\u00edla naleznete v <a href=\"https:\/\/iwell-guard.com\/cs\/literatura\/\">seznamu literatury<\/a>.<\/span><\/p><\/footer>\t\t\t\t\t\t\t\t<\/div>\n\t\t\t\t<\/div>\n\t\t\t\t\t<\/div>\n\t\t\t\t<\/div>\n\t\t\t\t<\/div>\n\t\t","protected":false},"excerpt":{"rendered":"","protected":false},"author":3,"featured_media":3218,"parent":0,"menu_order":0,"comment_status":"closed","ping_status":"closed","template":"elementor_header_footer","meta":{"_yoast_wpseo_focuskw":"Baldur","_yoast_wpseo_title":"Baldur \u2013 b\u016fh sv\u011btla a syn Odina | iWell Guard","_yoast_wpseo_metadesc":"Baldur je germ\u00e1nsko-seversk\u00fd b\u016fh sv\u011btla a \u010distoty, syn Odina a Friggy. Jeho smrt zp\u016fsoben\u00e1 Lokim zahajuje Ragnar\u00f6k.","_yoast_wpseo_meta-robots-noindex":"","_yoast_wpseo_canonical":"","_angie_page":false,"gefaehrdungsstufe":"","wesen_kultur":"","wesen_klasse":"","footnotes":""},"categories":[],"class_list":["post-145587","page","type-page","status-publish","has-post-thumbnail","hentry"],"yoast_head":"<!-- This site is optimized with the Yoast SEO Premium plugin v27.7 (Yoast SEO v28.3) - https:\/\/yoast.com\/product\/yoast-seo-premium-wordpress\/ -->\n<title>Baldur \u2013 b\u016fh sv\u011btla a syn Odina | iWell Guard<\/title>\n<meta name=\"description\" content=\"Baldur je germ\u00e1nsko-seversk\u00fd b\u016fh sv\u011btla a \u010distoty, syn Odina a Friggy. Jeho smrt zp\u016fsoben\u00e1 Lokim zahajuje Ragnar\u00f6k.\" \/>\n<meta name=\"robots\" content=\"index, follow, max-snippet:-1, max-image-preview:large, max-video-preview:-1\" \/>\n<link rel=\"canonical\" href=\"https:\/\/iwell-guard.com\/cs\/baldur\/\" \/>\n<meta property=\"og:locale\" content=\"cs_CZ\" \/>\n<meta property=\"og:type\" content=\"article\" \/>\n<meta property=\"og:title\" content=\"Baldur\" \/>\n<meta property=\"og:description\" content=\"Baldur je germ\u00e1nsko-seversk\u00fd b\u016fh sv\u011btla a \u010distoty, syn Odina a Friggy. Jeho smrt zp\u016fsoben\u00e1 Lokim zahajuje Ragnar\u00f6k.\" \/>\n<meta property=\"og:url\" content=\"https:\/\/iwell-guard.com\/cs\/baldur\/\" \/>\n<meta property=\"og:site_name\" content=\"iWell Guard\" \/>\n<meta property=\"article:modified_time\" content=\"2026-09-03T17:00:04+00:00\" \/>\n<meta property=\"og:image\" content=\"https:\/\/iwell-guard.com\/wp-content\/uploads\/2026\/05\/goetter_germanisch_baldur.webp\" \/>\n\t<meta property=\"og:image:width\" content=\"1024\" \/>\n\t<meta property=\"og:image:height\" content=\"1536\" \/>\n\t<meta property=\"og:image:type\" content=\"image\/webp\" \/>\n<meta name=\"twitter:card\" content=\"summary_large_image\" \/>\n<script type=\"application\/ld+json\" class=\"yoast-schema-graph\">{\"@context\":\"https:\\\/\\\/schema.org\",\"@graph\":[{\"@type\":\"WebPage\",\"@id\":\"https:\\\/\\\/iwell-guard.com\\\/cs\\\/baldur\\\/\",\"url\":\"https:\\\/\\\/iwell-guard.com\\\/cs\\\/baldur\\\/\",\"name\":\"Baldur \u2013 b\u016fh sv\u011btla a syn Odina | iWell Guard\",\"isPartOf\":{\"@id\":\"https:\\\/\\\/iwell-guard.com\\\/cs\\\/#website\"},\"primaryImageOfPage\":{\"@id\":\"https:\\\/\\\/iwell-guard.com\\\/cs\\\/baldur\\\/#primaryimage\"},\"image\":{\"@id\":\"https:\\\/\\\/iwell-guard.com\\\/cs\\\/baldur\\\/#primaryimage\"},\"thumbnailUrl\":\"https:\\\/\\\/iwell-guard.com\\\/wp-content\\\/uploads\\\/2026\\\/05\\\/goetter_germanisch_baldur.webp\",\"datePublished\":\"2026-09-03T16:31:49+00:00\",\"dateModified\":\"2026-09-03T17:00:04+00:00\",\"description\":\"Baldur je germ\u00e1nsko-seversk\u00fd b\u016fh sv\u011btla a \u010distoty, syn Odina a Friggy. Jeho smrt zp\u016fsoben\u00e1 Lokim zahajuje Ragnar\u00f6k.\",\"breadcrumb\":{\"@id\":\"https:\\\/\\\/iwell-guard.com\\\/cs\\\/baldur\\\/#breadcrumb\"},\"inLanguage\":\"cs\",\"potentialAction\":[{\"@type\":\"ReadAction\",\"target\":[\"https:\\\/\\\/iwell-guard.com\\\/cs\\\/baldur\\\/\"]}]},{\"@type\":\"ImageObject\",\"inLanguage\":\"cs\",\"@id\":\"https:\\\/\\\/iwell-guard.com\\\/cs\\\/baldur\\\/#primaryimage\",\"url\":\"https:\\\/\\\/iwell-guard.com\\\/wp-content\\\/uploads\\\/2026\\\/05\\\/goetter_germanisch_baldur.webp\",\"contentUrl\":\"https:\\\/\\\/iwell-guard.com\\\/wp-content\\\/uploads\\\/2026\\\/05\\\/goetter_germanisch_baldur.webp\",\"width\":1024,\"height\":1536,\"caption\":\"Bohov\u00e9 z germ\u00e1nsk\u00e9 tradice.\"},{\"@type\":\"BreadcrumbList\",\"@id\":\"https:\\\/\\\/iwell-guard.com\\\/cs\\\/baldur\\\/#breadcrumb\",\"itemListElement\":[{\"@type\":\"ListItem\",\"position\":1,\"name\":\"Start\",\"item\":\"https:\\\/\\\/iwell-guard.com\\\/cs\\\/?page_id=145107\"},{\"@type\":\"ListItem\",\"position\":2,\"name\":\"Baldur\"}]},{\"@type\":\"WebSite\",\"@id\":\"https:\\\/\\\/iwell-guard.com\\\/cs\\\/#website\",\"url\":\"https:\\\/\\\/iwell-guard.com\\\/cs\\\/\",\"name\":\"iWell Guard\",\"description\":\"Schutz vor dunklen Einfl\u00fcssen\",\"publisher\":{\"@id\":\"https:\\\/\\\/iwell-guard.com\\\/cs\\\/#organization\"},\"potentialAction\":[{\"@type\":\"SearchAction\",\"target\":{\"@type\":\"EntryPoint\",\"urlTemplate\":\"https:\\\/\\\/iwell-guard.com\\\/cs\\\/?s={search_term_string}\"},\"query-input\":{\"@type\":\"PropertyValueSpecification\",\"valueRequired\":true,\"valueName\":\"search_term_string\"}}],\"inLanguage\":\"cs\"},{\"@type\":\"Organization\",\"@id\":\"https:\\\/\\\/iwell-guard.com\\\/cs\\\/#organization\",\"name\":\"Ittermann electronic GmbH\",\"url\":\"https:\\\/\\\/iwell-guard.com\\\/cs\\\/\",\"logo\":{\"@type\":\"ImageObject\",\"inLanguage\":\"cs\",\"@id\":\"https:\\\/\\\/iwell-guard.com\\\/cs\\\/#\\\/schema\\\/logo\\\/image\\\/\",\"url\":\"https:\\\/\\\/iwell-guard.com\\\/wp-content\\\/uploads\\\/2026\\\/05\\\/Ittermann-Logo-1182x237-1.png\",\"contentUrl\":\"https:\\\/\\\/iwell-guard.com\\\/wp-content\\\/uploads\\\/2026\\\/05\\\/Ittermann-Logo-1182x237-1.png\",\"width\":1182,\"height\":237,\"caption\":\"Ittermann electronic GmbH\"},\"image\":{\"@id\":\"https:\\\/\\\/iwell-guard.com\\\/cs\\\/#\\\/schema\\\/logo\\\/image\\\/\"},\"sameAs\":[\"https:\\\/\\\/pantip.com\\\/profile\\\/9367242\",\"https:\\\/\\\/micro.blog\\\/iwellguard\",\"https:\\\/\\\/www.diggerslist.com\\\/iwellguard\\\/about\",\"https:\\\/\\\/skitterphoto.com\\\/photographers\\\/2870314\\\/iwell-guard\",\"https:\\\/\\\/iwellguard.wordpress.com\\\/2026\\\/06\\\/06\\\/iwell-guard\\\/\",\"https:\\\/\\\/hub.docker.com\\\/u\\\/iwellguard\",\"https:\\\/\\\/www.pinterest.com\\\/iwellguard\\\/\",\"https:\\\/\\\/bit.ly\\\/m\\\/iwellguard\",\"https:\\\/\\\/entre-vos-mains.alsace.eu\\\/profiles\\\/iwellguard\\\/activity\",\"https:\\\/\\\/gravatar.com\\\/reallybeded8fd34\",\"https:\\\/\\\/naijamatta.com\\\/iwellguard\",\"https:\\\/\\\/www.goodreads.com\\\/iwellguard\",\"https:\\\/\\\/profile.hatena.ne.jp\\\/iwellguard\\\/\",\"https:\\\/\\\/experiment.com\\\/users\\\/iwellguard\",\"https:\\\/\\\/wakelet.com\\\/@iWellGuard82270\",\"https:\\\/\\\/www.chordie.com\\\/forum\\\/profile.php?id=2555664\",\"https:\\\/\\\/www.instapaper.com\\\/p\\\/17757966\",\"https:\\\/\\\/www.mapleprimes.com\\\/users\\\/iwellguard\",\"https:\\\/\\\/businesslistingplus.com\\\/profile\\\/iwell-guard\\\/\",\"https:\\\/\\\/telegra.ph\\\/iWell-Guard-06-06\",\"https:\\\/\\\/pbase.com\\\/iwellguard\\\/iwellguard\",\"https:\\\/\\\/b.hatena.ne.jp\\\/iwellguard\\\/20260607#bookmark-4788405196491818882\",\"https:\\\/\\\/fliphtml5.com\\\/home\\\/iwellguard\",\"https:\\\/\\\/anyflip.com\\\/homepage\\\/cmiwl#About\",\"https:\\\/\\\/transfur.com\\\/Users\\\/iwellguard\",\"http:\\\/\\\/delphi.larsbo.org\\\/user\\\/iwellguard\",\"https:\\\/\\\/jobs.lajobsportal.org\\\/profiles\\\/8380803-iwell-guard\",\"https:\\\/\\\/md.chaosdorf.de\\\/s\\\/jfbe5SBdJD\",\"https:\\\/\\\/www.lingvolive.com\\\/en-us\\\/profile\\\/9ecaeaca-ce11-4e51-9e71-01d55e2bff36\\\/translations\",\"https:\\\/\\\/www.fitday.com\\\/fitness\\\/forums\\\/members\\\/iwellguard.html\",\"https:\\\/\\\/www.mymeetbook.com\\\/iwellguard\",\"https:\\\/\\\/pxhere.com\\\/en\\\/photographer-me\\\/5040798\",\"https:\\\/\\\/disqus.com\\\/by\\\/iwellguard\\\/about\\\/\",\"https:\\\/\\\/pastelink.net\\\/hjwciqwq\",\"https:\\\/\\\/pubhtml5.com\\\/homepage\\\/scjhn\\\/\",\"https:\\\/\\\/www.bitchute.com\\\/channel\\\/2O2eOKzNqujT\",\"https:\\\/\\\/audiomack.com\\\/iwellguard\"]}]}<\/script>\n<!-- \/ Yoast SEO Premium plugin. -->","yoast_head_json":{"title":"Baldur \u2013 b\u016fh sv\u011btla a syn Odina | iWell Guard","description":"Baldur je germ\u00e1nsko-seversk\u00fd b\u016fh sv\u011btla a \u010distoty, syn Odina a Friggy. Jeho smrt zp\u016fsoben\u00e1 Lokim zahajuje Ragnar\u00f6k.","robots":{"index":"index","follow":"follow","max-snippet":"max-snippet:-1","max-image-preview":"max-image-preview:large","max-video-preview":"max-video-preview:-1"},"canonical":"https:\/\/iwell-guard.com\/cs\/baldur\/","og_locale":"cs_CZ","og_type":"article","og_title":"Baldur","og_description":"Baldur je germ\u00e1nsko-seversk\u00fd b\u016fh sv\u011btla a \u010distoty, syn Odina a Friggy. Jeho smrt zp\u016fsoben\u00e1 Lokim zahajuje Ragnar\u00f6k.","og_url":"https:\/\/iwell-guard.com\/cs\/baldur\/","og_site_name":"iWell Guard","article_modified_time":"2026-09-03T17:00:04+00:00","og_image":[{"width":1024,"height":1536,"url":"https:\/\/iwell-guard.com\/wp-content\/uploads\/2026\/05\/goetter_germanisch_baldur.webp","type":"image\/webp"}],"twitter_card":"summary_large_image","schema":{"@context":"https:\/\/schema.org","@graph":[{"@type":"WebPage","@id":"https:\/\/iwell-guard.com\/cs\/baldur\/","url":"https:\/\/iwell-guard.com\/cs\/baldur\/","name":"Baldur \u2013 b\u016fh sv\u011btla a syn Odina | iWell Guard","isPartOf":{"@id":"https:\/\/iwell-guard.com\/cs\/#website"},"primaryImageOfPage":{"@id":"https:\/\/iwell-guard.com\/cs\/baldur\/#primaryimage"},"image":{"@id":"https:\/\/iwell-guard.com\/cs\/baldur\/#primaryimage"},"thumbnailUrl":"https:\/\/iwell-guard.com\/wp-content\/uploads\/2026\/05\/goetter_germanisch_baldur.webp","datePublished":"2026-09-03T16:31:49+00:00","dateModified":"2026-09-03T17:00:04+00:00","description":"Baldur je germ\u00e1nsko-seversk\u00fd b\u016fh sv\u011btla a \u010distoty, syn Odina a Friggy. Jeho smrt zp\u016fsoben\u00e1 Lokim zahajuje Ragnar\u00f6k.","breadcrumb":{"@id":"https:\/\/iwell-guard.com\/cs\/baldur\/#breadcrumb"},"inLanguage":"cs","potentialAction":[{"@type":"ReadAction","target":["https:\/\/iwell-guard.com\/cs\/baldur\/"]}]},{"@type":"ImageObject","inLanguage":"cs","@id":"https:\/\/iwell-guard.com\/cs\/baldur\/#primaryimage","url":"https:\/\/iwell-guard.com\/wp-content\/uploads\/2026\/05\/goetter_germanisch_baldur.webp","contentUrl":"https:\/\/iwell-guard.com\/wp-content\/uploads\/2026\/05\/goetter_germanisch_baldur.webp","width":1024,"height":1536,"caption":"Bohov\u00e9 z germ\u00e1nsk\u00e9 tradice."},{"@type":"BreadcrumbList","@id":"https:\/\/iwell-guard.com\/cs\/baldur\/#breadcrumb","itemListElement":[{"@type":"ListItem","position":1,"name":"Start","item":"https:\/\/iwell-guard.com\/cs\/?page_id=145107"},{"@type":"ListItem","position":2,"name":"Baldur"}]},{"@type":"WebSite","@id":"https:\/\/iwell-guard.com\/cs\/#website","url":"https:\/\/iwell-guard.com\/cs\/","name":"iWell Guard","description":"Schutz vor dunklen Einfl\u00fcssen","publisher":{"@id":"https:\/\/iwell-guard.com\/cs\/#organization"},"potentialAction":[{"@type":"SearchAction","target":{"@type":"EntryPoint","urlTemplate":"https:\/\/iwell-guard.com\/cs\/?s={search_term_string}"},"query-input":{"@type":"PropertyValueSpecification","valueRequired":true,"valueName":"search_term_string"}}],"inLanguage":"cs"},{"@type":"Organization","@id":"https:\/\/iwell-guard.com\/cs\/#organization","name":"Ittermann electronic GmbH","url":"https:\/\/iwell-guard.com\/cs\/","logo":{"@type":"ImageObject","inLanguage":"cs","@id":"https:\/\/iwell-guard.com\/cs\/#\/schema\/logo\/image\/","url":"https:\/\/iwell-guard.com\/wp-content\/uploads\/2026\/05\/Ittermann-Logo-1182x237-1.png","contentUrl":"https:\/\/iwell-guard.com\/wp-content\/uploads\/2026\/05\/Ittermann-Logo-1182x237-1.png","width":1182,"height":237,"caption":"Ittermann electronic GmbH"},"image":{"@id":"https:\/\/iwell-guard.com\/cs\/#\/schema\/logo\/image\/"},"sameAs":["https:\/\/pantip.com\/profile\/9367242","https:\/\/micro.blog\/iwellguard","https:\/\/www.diggerslist.com\/iwellguard\/about","https:\/\/skitterphoto.com\/photographers\/2870314\/iwell-guard","https:\/\/iwellguard.wordpress.com\/2026\/06\/06\/iwell-guard\/","https:\/\/hub.docker.com\/u\/iwellguard","https:\/\/www.pinterest.com\/iwellguard\/","https:\/\/bit.ly\/m\/iwellguard","https:\/\/entre-vos-mains.alsace.eu\/profiles\/iwellguard\/activity","https:\/\/gravatar.com\/reallybeded8fd34","https:\/\/naijamatta.com\/iwellguard","https:\/\/www.goodreads.com\/iwellguard","https:\/\/profile.hatena.ne.jp\/iwellguard\/","https:\/\/experiment.com\/users\/iwellguard","https:\/\/wakelet.com\/@iWellGuard82270","https:\/\/www.chordie.com\/forum\/profile.php?id=2555664","https:\/\/www.instapaper.com\/p\/17757966","https:\/\/www.mapleprimes.com\/users\/iwellguard","https:\/\/businesslistingplus.com\/profile\/iwell-guard\/","https:\/\/telegra.ph\/iWell-Guard-06-06","https:\/\/pbase.com\/iwellguard\/iwellguard","https:\/\/b.hatena.ne.jp\/iwellguard\/20260607#bookmark-4788405196491818882","https:\/\/fliphtml5.com\/home\/iwellguard","https:\/\/anyflip.com\/homepage\/cmiwl#About","https:\/\/transfur.com\/Users\/iwellguard","http:\/\/delphi.larsbo.org\/user\/iwellguard","https:\/\/jobs.lajobsportal.org\/profiles\/8380803-iwell-guard","https:\/\/md.chaosdorf.de\/s\/jfbe5SBdJD","https:\/\/www.lingvolive.com\/en-us\/profile\/9ecaeaca-ce11-4e51-9e71-01d55e2bff36\/translations","https:\/\/www.fitday.com\/fitness\/forums\/members\/iwellguard.html","https:\/\/www.mymeetbook.com\/iwellguard","https:\/\/pxhere.com\/en\/photographer-me\/5040798","https:\/\/disqus.com\/by\/iwellguard\/about\/","https:\/\/pastelink.net\/hjwciqwq","https:\/\/pubhtml5.com\/homepage\/scjhn\/","https:\/\/www.bitchute.com\/channel\/2O2eOKzNqujT","https:\/\/audiomack.com\/iwellguard"]}]}},"_links":{"self":[{"href":"https:\/\/iwell-guard.com\/cs\/wp-json\/wp\/v2\/pages\/145587","targetHints":{"allow":["GET"]}}],"collection":[{"href":"https:\/\/iwell-guard.com\/cs\/wp-json\/wp\/v2\/pages"}],"about":[{"href":"https:\/\/iwell-guard.com\/cs\/wp-json\/wp\/v2\/types\/page"}],"author":[{"embeddable":true,"href":"https:\/\/iwell-guard.com\/cs\/wp-json\/wp\/v2\/users\/3"}],"replies":[{"embeddable":true,"href":"https:\/\/iwell-guard.com\/cs\/wp-json\/wp\/v2\/comments?post=145587"}],"version-history":[{"count":0,"href":"https:\/\/iwell-guard.com\/cs\/wp-json\/wp\/v2\/pages\/145587\/revisions"}],"wp:featuredmedia":[{"embeddable":true,"href":"https:\/\/iwell-guard.com\/cs\/wp-json\/wp\/v2\/media\/3218"}],"wp:attachment":[{"href":"https:\/\/iwell-guard.com\/cs\/wp-json\/wp\/v2\/media?parent=145587"}],"wp:term":[{"taxonomy":"category","embeddable":true,"href":"https:\/\/iwell-guard.com\/cs\/wp-json\/wp\/v2\/categories?post=145587"}],"curies":[{"name":"wp","href":"https:\/\/api.w.org\/{rel}","templated":true}]}}