{"id":145586,"date":"2026-09-03T16:31:48","date_gmt":"2026-09-03T16:31:48","guid":{"rendered":"https:\/\/iwell-guard.com\/?page_id=145586"},"modified":"2026-09-03T17:00:04","modified_gmt":"2026-09-03T17:00:04","slug":"heimdall","status":"publish","type":"page","link":"https:\/\/iwell-guard.com\/cs\/heimdall\/","title":{"rendered":"Heimdall"},"content":{"rendered":"\t\t<div data-elementor-type=\"wp-page\" data-elementor-id=\"145586\" class=\"elementor elementor-145586 elementor-3000 elementor-bc-flex-widget\" data-elementor-post-type=\"page\">\n\t\t\t\t<div class=\"elementor-element elementor-element-e7a1959 e-flex e-con-boxed e-con e-parent\" data-id=\"e7a1959\" data-element_type=\"container\" data-e-type=\"container\" data-settings=\"{&quot;background_background&quot;:&quot;classic&quot;}\">\n\t\t\t\t\t<div class=\"e-con-inner\">\n\t\t<div class=\"elementor-element elementor-element-b13d781 e-flex e-con-boxed e-con e-child\" data-id=\"b13d781\" data-element_type=\"container\" data-e-type=\"container\">\n\t\t\t\t\t<div class=\"e-con-inner\">\n\t\t<div class=\"elementor-element elementor-element-be7db98 e-con-full e-flex e-con e-child\" data-id=\"be7db98\" data-element_type=\"container\" data-e-type=\"container\">\n\t\t\t\t<div class=\"elementor-element elementor-element-5136d6d elementor-widget elementor-widget-heading\" data-id=\"5136d6d\" data-element_type=\"widget\" data-e-type=\"widget\" data-widget_type=\"heading.default\">\n\t\t\t\t\t<h1 class=\"elementor-heading-title elementor-size-default\">Heimdall, str\u00e1\u017ece mostu Bifr\u00f6st<\/h1>\t\t\t\t<\/div>\n\t\t\t\t<div class=\"elementor-element elementor-element-8ed159e elementor-widget elementor-widget-text-editor\" data-id=\"8ed159e\" data-element_type=\"widget\" data-e-type=\"widget\" data-widget_type=\"text-editor.default\">\n\t\t\t\t\t\t\t\t\t<p>Heimdall je bd\u011bl\u00fd ochr\u00e1nce \u00c1sgardu, kter\u00fd stoj\u00ed na str\u00e1\u017ei u mostu Bifr\u00f6st a sv\u00fdm rohem oznamuje bl\u00ed\u017e\u00edc\u00ed se nep\u0159\u00e1tele. Heimdall je str\u00e1\u017ecem boh\u016f v germ\u00e1nsk\u00e9m <span class=\"iwg-fachbegriff\" data-tooltip=\"Souhrn boh\u016f ur\u010dit\u00e9ho n\u00e1bo\u017eenstv\u00ed nebo kultury.\" tabindex=\"0\">panteonu<\/span>. Jeho s\u00eddlo se nach\u00e1z\u00ed na horn\u00edm konci duhov\u00e9ho mostu Bifr\u00f6st, odkud dohl\u00ed\u017e\u00ed na p\u0159\u00edstup do \u00c1sgardu.<\/p><p>Je pova\u017eov\u00e1n za boha bd\u011blosti, ostrosti smysl\u016f a spojen\u00ed mezi sv\u011bty. P\u0159i Ragnar\u00f6ku zatroub\u00ed na sv\u016fj r\u016fh Gjallarhorn a ohl\u00e1s\u00ed tak konec sv\u011bta. Z n\u00e1bo\u017eenskov\u011bdn\u00edho hlediska je Heimdall pova\u017eov\u00e1n za jednu z nejz\u00e1hadn\u011bj\u0161\u00edch postav seversk\u00e9 <span class=\"iwg-fachbegriff\" data-tooltip=\"Souhrn tradovan\u00fdch vypr\u00e1v\u011bn\u00ed o boz\u00edch ur\u010dit\u00e9 kultury.\" tabindex=\"0\">mytologie<\/span>, jej\u00ed\u017e funkce se rozkl\u00e1daj\u00ed mezi str\u00e1\u017en\u00ed slu\u017ebu, <span class=\"iwg-fachbegriff\" data-tooltip=\"Ritu\u00e1ln\u00ed p\u0159echod, j\u00edm\u017e je n\u011bkdo p\u0159ijat do nov\u00e9ho postaven\u00ed nebo spole\u010denstv\u00ed.\" tabindex=\"0\">iniciaci<\/span> a kosmologick\u00e9 vymezov\u00e1n\u00ed hranic.<\/p>\t\t\t\t\t\t\t\t<\/div>\n\t\t\t\t<\/div>\n\t\t<div class=\"elementor-element elementor-element-b156b55 e-con-full e-flex e-con e-parent\" data-id=\"b156b55\" data-element_type=\"container\" data-e-type=\"container\">\n\t\t\t\t<div class=\"elementor-element elementor-element-eeed71a elementor-widget elementor-widget-html\" data-id=\"eeed71a\" data-element_type=\"widget\" data-e-type=\"widget\" data-widget_type=\"html.default\">\n\t\t\t\t\t<div class=\"iwg-pill-row\"><span class=\"iwg-klasse-badge\" tabindex=\"0\" data-tooltip=\"B\u016fh \/ Bohyn\u011b: Zosobn\u011bn\u00e1 nejvy\u0161\u0161\u00ed moc v panteonu ur\u010dit\u00e9 kultury, s jasn\u011b vymezen\u00fdmi oblastmi p\u016fsobnosti \u2014 p\u0159\u00edrodn\u00ed s\u00edly, osud, v\u00e1lka, plodnost. Uct\u00edv\u00e1na prost\u0159ednictv\u00edm kult\u016f, ob\u011bt\u00ed a chr\u00e1mov\u00fdch instituc\u00ed.\">B\u016fh<\/span><a href=\"https:\/\/iwell-guard.com\/cs\/germansky\/\" class=\"iwg-kultur-badge\" tabindex=\"0\" data-tooltip=\"P\u0159edk\u0159es\u0165ansk\u00fd sv\u011bt boh\u016f a duch\u016f severn\u00ed a st\u0159edn\u00ed Evropy.\">Germ\u00e1nsk\u00fd<\/a><\/div>\t\t\t\t<\/div>\n\t\t\t\t<\/div>\n\t\t<div class=\"elementor-element elementor-element-eefc9e6 e-con-full e-flex e-con e-child\" data-id=\"eefc9e6\" data-element_type=\"container\" data-e-type=\"container\">\n\t\t\t\t<div class=\"elementor-element elementor-element-13403d2 elementor-toc--minimized-on-tablet elementor-widget elementor-widget-table-of-contents\" data-id=\"13403d2\" data-element_type=\"widget\" data-e-type=\"widget\" data-settings=\"{&quot;exclude_headings_by_selector&quot;:[],&quot;no_headings_message&quot;:&quot;Na t\\u00e9to str\\u00e1nce nebyly nalezeny \\u017e\\u00e1dn\\u00e9 nadpisy.&quot;,&quot;headings_by_tags&quot;:[&quot;h2&quot;,&quot;h3&quot;],&quot;marker_view&quot;:&quot;bullets&quot;,&quot;icon&quot;:{&quot;value&quot;:&quot;fas fa-circle&quot;,&quot;library&quot;:&quot;fa-solid&quot;,&quot;rendered_tag&quot;:&quot;&lt;svg class=\\&quot;e-font-icon-svg e-fas-circle\\&quot; viewBox=\\&quot;0 0 512 512\\&quot; xmlns=\\&quot;http:\\\/\\\/www.w3.org\\\/2000\\\/svg\\&quot;&gt;&lt;path d=\\&quot;M256 8C119 8 8 119 8 256s111 248 248 248 248-111 248-248S393 8 256 8z\\&quot;&gt;&lt;\\\/path&gt;&lt;\\\/svg&gt;&quot;},&quot;minimize_box&quot;:&quot;yes&quot;,&quot;minimized_on&quot;:&quot;tablet&quot;,&quot;hierarchical_view&quot;:&quot;yes&quot;,&quot;min_height&quot;:{&quot;unit&quot;:&quot;px&quot;,&quot;size&quot;:&quot;&quot;,&quot;sizes&quot;:[]},&quot;min_height_tablet&quot;:{&quot;unit&quot;:&quot;px&quot;,&quot;size&quot;:&quot;&quot;,&quot;sizes&quot;:[]},&quot;min_height_mobile&quot;:{&quot;unit&quot;:&quot;px&quot;,&quot;size&quot;:&quot;&quot;,&quot;sizes&quot;:[]}}\" data-widget_type=\"table-of-contents.default\">\n\t\t\t\t\t\t\t\t\t<div class=\"elementor-toc__header\">\n\t\t\t\t\t\t<h2 class=\"elementor-toc__header-title\">\n\t\t\t\tObsah\t\t\t<\/h2>\n\t\t\t\t\t\t\t\t\t\t<div class=\"elementor-toc__toggle-button elementor-toc__toggle-button--expand\" role=\"button\" tabindex=\"0\" aria-controls=\"elementor-toc__13403d2\" aria-expanded=\"true\" aria-label=\"Open table of contents\"><svg aria-hidden=\"true\" class=\"e-font-icon-svg e-fas-chevron-down\" viewBox=\"0 0 448 512\" xmlns=\"http:\/\/www.w3.org\/2000\/svg\"><path d=\"M207.029 381.476L12.686 187.132c-9.373-9.373-9.373-24.569 0-33.941l22.667-22.667c9.357-9.357 24.522-9.375 33.901-.04L224 284.505l154.745-154.021c9.379-9.335 24.544-9.317 33.901.04l22.667 22.667c9.373 9.373 9.373 24.569 0 33.941L240.971 381.476c-9.373 9.372-24.569 9.372-33.942 0z\"><\/path><\/svg><\/div>\n\t\t\t\t<div class=\"elementor-toc__toggle-button elementor-toc__toggle-button--collapse\" role=\"button\" tabindex=\"0\" aria-controls=\"elementor-toc__13403d2\" aria-expanded=\"true\" aria-label=\"Close table of contents\"><svg aria-hidden=\"true\" class=\"e-font-icon-svg e-fas-chevron-up\" viewBox=\"0 0 448 512\" xmlns=\"http:\/\/www.w3.org\/2000\/svg\"><path d=\"M240.971 130.524l194.343 194.343c9.373 9.373 9.373 24.569 0 33.941l-22.667 22.667c-9.357 9.357-24.522 9.375-33.901.04L224 227.495 69.255 381.516c-9.379 9.335-24.544 9.317-33.901-.04l-22.667-22.667c-9.373-9.373-9.373-24.569 0-33.941L207.03 130.525c9.372-9.373 24.568-9.373 33.941-.001z\"><\/path><\/svg><\/div>\n\t\t\t\t\t<\/div>\n\t\t\t\t<div id=\"elementor-toc__13403d2\" class=\"elementor-toc__body\">\n\t\t\t<div class=\"elementor-toc__spinner-container\">\n\t\t\t\t<svg class=\"elementor-toc__spinner eicon-animation-spin e-font-icon-svg e-eicon-loading\" aria-hidden=\"true\" viewBox=\"0 0 1000 1000\" xmlns=\"http:\/\/www.w3.org\/2000\/svg\"><path d=\"M500 975V858C696 858 858 696 858 500S696 142 500 142 142 304 142 500H25C25 237 238 25 500 25S975 237 975 500 763 975 500 975Z\"><\/path><\/svg>\t\t\t<\/div>\n\t\t<\/div>\n\t\t\t\t\t\t<\/div>\n\t\t\t\t<\/div>\n\t\t\t\t\t<\/div>\n\t\t\t\t<\/div>\n\t\t<div class=\"elementor-element elementor-element-21efa6e e-con-full e-flex e-con e-child\" data-id=\"21efa6e\" data-element_type=\"container\" data-e-type=\"container\">\n\t\t\t\t<div class=\"elementor-element elementor-element-b602018 iwg-hero-image elementor-widget elementor-widget-image\" data-id=\"b602018\" data-element_type=\"widget\" data-e-type=\"widget\" data-widget_type=\"image.default\">\n\t\t\t\t\t\t\t\t\t\t\t\t\t\t\t<img fetchpriority=\"high\" decoding=\"async\" width=\"683\" height=\"1024\" src=\"https:\/\/iwell-guard.com\/wp-content\/uploads\/2026\/05\/goetter_germanisch_heimdall-683x1024.webp\" class=\"attachment-large size-large wp-image-147260\" alt=\"Heimdall \u2013 b\u016fh z germ\u00e1nsk\u00e9 tradice, historicko-ilustrativn\u00ed\" srcset=\"https:\/\/iwell-guard.com\/wp-content\/uploads\/2026\/05\/goetter_germanisch_heimdall-683x1024.webp 683w, https:\/\/iwell-guard.com\/wp-content\/uploads\/2026\/05\/goetter_germanisch_heimdall-200x300.webp 200w, https:\/\/iwell-guard.com\/wp-content\/uploads\/2026\/05\/goetter_germanisch_heimdall-768x1152.webp 768w, https:\/\/iwell-guard.com\/wp-content\/uploads\/2026\/05\/goetter_germanisch_heimdall.webp 1024w\" sizes=\"(max-width: 683px) 100vw, 683px\" \/>\t\t\t\t\t\t\t\t\t\t\t\t\t\t\t<\/div>\n\t\t\t\t<\/div>\n\t\t\t\t\t<\/div>\n\t\t\t\t<\/div>\n\t\t<div class=\"elementor-element elementor-element-10f6621 e-con-boxed e-flex e-con e-parent\" data-id=\"10f6621\" data-element_type=\"container\" data-e-type=\"container\">\n\t\t\t\t\t<div class=\"e-con-inner\">\n\t\t<div class=\"elementor-element elementor-element-f896cac e-con-full e-flex e-con e-child\" data-id=\"f896cac\" data-element_type=\"container\" data-e-type=\"container\">\n\t\t\t\t<div class=\"elementor-element elementor-element-401a371 elementor-widget elementor-widget-heading\" data-id=\"401a371\" data-element_type=\"widget\" data-e-type=\"widget\" data-widget_type=\"heading.default\">\n\t\t\t\t\t<h2 class=\"elementor-heading-title elementor-size-default\">M\u00fdtus a p\u016fvod<\/h2>\t\t\t\t<\/div>\n\t\t\t\t<div class=\"elementor-element elementor-element-56434e2 elementor-widget elementor-widget-text-editor\" data-id=\"56434e2\" data-element_type=\"widget\" data-e-type=\"widget\" data-widget_type=\"text-editor.default\">\n\t\t\t\t\t\t\t\t\t<p>Snorri Sturluson naz\u00fdv\u00e1 Heimdalla v \u00abProsa-Edda\u00bb (Gylfaginning 27) \u00abb\u00edl\u00fdm \u00c1sem\u00bb, velk\u00fdm a <span class=\"iwg-fachbegriff\" data-tooltip=\"N\u00e1le\u017eej\u00edc\u00ed k bo\u017esk\u00e9mu, a t\u00edm vy\u0148at\u00fd z b\u011b\u017en\u00e9ho u\u017e\u00edv\u00e1n\u00ed.\" tabindex=\"0\">svat\u00fdm<\/span>. Je synem dev\u00edti sester, kter\u00e9 jsou v\u0161echny pops\u00e1ny jako dcery obr\u016f. \u00abVoluspa hin skamma\u00bb 35-37 (Kr\u00e1tk\u00e1 Voluspa, sou\u010d\u00e1st Hyndluljod) jmenuje dev\u011bt matek: Gjalp, Greip, Eistla, Eyrgjafa, Ulfrun, Angeyja, Imdr, Atla a Jarnsaxa.<\/p><p><span data-nosnippet>Tato neobvykl\u00e1 genealogie vedla v odborn\u00e9 literatu\u0159e k mnoh\u00fdm v\u00fdklad\u016fm. Karl M\u00fcllenhoff vid\u011bl v dev\u00edti matk\u00e1ch dev\u011bt mo\u0159sk\u00fdch vln, Heimdall by tak byl \u00absynem mo\u0159e\u00bb. Georges Dumezil tento v\u00fdklad d\u00e1le rozvinul v d\u00edle \u00abHeur et malheur du g\u00fcrrier\u00bb (1969) a ur\u010dil Heimdalla jako zrozen\u00e9ho z vody s kosmologickou inicia\u010dn\u00ed funkc\u00ed.<\/span><\/p>\n<p>Jeho otcem je podle \u00abHyndluljod\u00bb Odin, co\u017e \u0159ad\u00ed Heimdalla do \u00fazk\u00e9ho kruhu \u00c1s\u016f. V \u00abProsa-Edda\u00bb je tak\u00e9 naz\u00fdv\u00e1n Hallinskidi a Gullintanni (\u00abZlat\u00fd zub\u00bb), druh\u00e9 jm\u00e9no pro jeho zlat\u00e9 zuby. Jeho k\u016f\u0148 Gulltoppr (\u00abZlat\u00e1 h\u0159\u00edva\u00bb) pat\u0159\u00ed mezi kon\u011b \u00c1s\u016f uveden\u00e9 v \u00abGrimnismal\u00bb 30.<\/p><p>Snorri d\u00e1le uv\u00e1d\u00ed, \u017ee Heimdall pot\u0159ebuje m\u00e9n\u011b sp\u00e1nku ne\u017e pt\u00e1ci a vid\u00ed ve dne i v noci na sto hon\u016f daleko, jeho sluch je tak ostr\u00fd, \u017ee sly\u0161\u00ed r\u016fst tr\u00e1vu na zemi a vlnu na ovc\u00edch.<\/p>\n<p>Samostatnou epizodu zachov\u00e1v\u00e1 b\u00e1se\u0148 \u00abRigsthula\u00bb (pravd\u011bpodobn\u011b 10. stolet\u00ed). B\u016fh Rig, kter\u00fd je podle \u00favodu identifikov\u00e1n s Heimdallem, putuje po zemi a postupn\u011b zplod\u00ed t\u0159i stavovsk\u00e9 rody: Thrall (sluha), Karl (sedl\u00e1k) a Jarl (\u0161lechtic).<\/p><p><span data-nosnippet>Postava Heimdalla se tu jev\u00ed jako praotec lidsk\u00fdch stav\u016f. Klaus von See ve sv\u00e9m koment\u00e1\u0159i k Edd\u011b (sv. 3, 2000) hodnot\u00ed toto\u017enost Rig-Heimdall jako sekund\u00e1rn\u00ed liter\u00e1rn\u00ed konstrukci, zat\u00edmco Rudolf Simek ji \u010dte jako starou tradici.<\/span><\/p>\n\n<p>Jm\u00e9no Heimdall bylo v odborn\u00e9 literatu\u0159e n\u011bkolikr\u00e1t zkoum\u00e1no. Wolfgang Meid, Edgar Polome a Rudolf Simek se vyj\u00e1d\u0159ili k r\u016fzn\u00fdm etymologi\u00edm.<\/p><p>Zaveden\u00fd v\u00fdklad Simeka vych\u00e1z\u00ed ze spojen\u00ed heim (\u00absv\u011bt\u00bb) a druh\u00e9 \u010d\u00e1sti dallr, kter\u00e1 je v\u0161ak vykl\u00e1d\u00e1na r\u016fzn\u011b: jako \u00abstrom\u00bb (sv\u011btov\u00fd strom), jako \u00abz\u00e1\u0159\u00edc\u00ed\u00bb (sv\u011btlo sv\u011bta) nebo jako \u00abty\u010d\u00bb (opora sv\u011bta). V\u0161echny t\u0159i v\u00fdklady odpov\u00eddaj\u00ed funkci Heimdalla jako str\u00e1\u017ece kosmick\u00e9ho \u0159\u00e1du a obyvatele prahu mezi sv\u011bty.<\/p>\n<p>Neobvykl\u00e1 genealogie s dev\u00edti ob\u0159\u00edmi matkami je ve srovn\u00e1vac\u00ed indoevropsk\u00e9 <span class=\"iwg-fachbegriff\" data-tooltip=\"Souhrn tradovan\u00fdch vypr\u00e1v\u011bn\u00ed o boz\u00edch ur\u010dit\u00e9 kultury.\" tabindex=\"0\">mytologii<\/span> spojov\u00e1na s mnoha paralelami. V indick\u00e9m Mahabharat\u011b je v\u00e1le\u010dn\u00fd b\u016fh Skanda kojen \u0161esti Krittikami (Plej\u00e1dami), v \u0159eck\u00e9m <span class=\"iwg-fachbegriff\" data-tooltip=\"Tradovan\u00e9 vypr\u00e1v\u011bn\u00ed o boz\u00edch, po\u010d\u00e1tc\u00edch a \u0159\u00e1du sv\u011bta.\" tabindex=\"0\">m\u00fdtu<\/span> saje Herakles na prsu H\u00e9ry, v keltsk\u00fdch vypr\u00e1v\u011bn\u00edch jsou hrdinov\u00e9 vychov\u00e1v\u00e1ni n\u011bkolika bo\u017esk\u00fdmi \u017eenami.<\/p><p><span data-nosnippet>Tuto typologickou paralelu shrom\u00e1\u017edil Georges Dumezil v d\u00edle \u00abMitra-Varuna\u00bb (1948) a \u00abHeur et malheur du g\u00fcrrier\u00bb (1969). Zvl\u00e1\u0161tnost Heimdalla spo\u010d\u00edv\u00e1 ve spojen\u00ed mno\u017estv\u00ed matek s funkc\u00ed str\u00e1\u017ece sv\u011bt\u016f.<\/span><\/p>\t\t\t\t\t\t\t\t<\/div>\n\t\t\t\t<\/div>\n\t\t<div class=\"elementor-element elementor-element-842e2cd e-con-full e-flex e-con e-child\" data-id=\"842e2cd\" data-element_type=\"container\" data-e-type=\"container\">\n\t\t\t\t<div class=\"elementor-element elementor-element-dfb77d9 elementor-widget elementor-widget-heading\" data-id=\"dfb77d9\" data-element_type=\"widget\" data-e-type=\"widget\" data-widget_type=\"heading.default\">\n\t\t\t\t\t<h2 class=\"elementor-heading-title elementor-size-default\">Symboly a atributy<\/h2>\t\t\t\t<\/div>\n\t\t\t\t<div class=\"elementor-element elementor-element-d93f426 elementor-widget elementor-widget-text-editor\" data-id=\"d93f426\" data-element_type=\"widget\" data-e-type=\"widget\" data-widget_type=\"text-editor.default\">\n\t\t\t\t\t\t\t\t\t<p>Nejd\u016fle\u017eit\u011bj\u0161\u00edm atributem je Gjallarhorn, \u00abzvu\u010dn\u00fd r\u016fh\u00bb. Zmi\u0148uje se v \u00abVoluspa\u00bb 27 a 46. Na jednom m\u00edst\u011b je skryt pod sv\u011btov\u00fdm jasanem Yggdrasil, na druh\u00e9m na n\u011bj Heimdall zatroub\u00ed tak, \u017ee jeho zvuk pronikne v\u0161emi sv\u011bty.<\/p><p>Touto dvoj\u00ed funkc\u00ed, pijn\u00fd a sign\u00e1ln\u00ed roh, se zab\u00fdv\u00e1 odborn\u00e1 literatura. Eugen Mogk a Jan de Vries argumentovali, \u017ee p\u016fvodn\u011b ritu\u00e1ln\u00ed pijn\u00fd roh sakr\u00e1ln\u00edho spole\u010denstv\u00ed byl pozd\u011bji p\u0159etvo\u0159en na eschatologick\u00fd sign\u00e1l.<\/p>\n<p>Heimdall nos\u00ed me\u010d Hofud (\u00abHlava\u00bb), kenning skr\u00fdvaj\u00edc\u00ed starou slovn\u00ed hru: Heimdallova hlava je jeho zbran\u00ed, jeho me\u010d je jeho hlavou. Toto propojen\u00ed t\u011bla a zbran\u011b \u010dte Margaret Clunies Ross jako doklad archaick\u00e9 p\u0159edstavy, v n\u00ed\u017e samo t\u011blo boha funguje jako \u010depel me\u010de.<\/p>\n<p>P\u0159i\u0159azen\u00fdm m\u00edstem je Himinbj\u00f6rg, \u00abnebesk\u00e1 hora\u00bb, na m\u00edst\u011b, kde se Bifr\u00f6st dot\u00fdk\u00e1 nebes. Snorri popisuje toto s\u00eddlo jako d\u016fm, v n\u011bm\u017e Heimdall pije dobrou medovinu.<\/p><p>S\u00e1m most je pova\u017eov\u00e1n za utvo\u0159en\u00fd z ohn\u011b, vzduchu a vody, jeho \u010derven\u00fd pruh je v Gylfaginning 13 vykl\u00e1d\u00e1n jako ohe\u0148, kter\u00fd br\u00e1nil mraziv\u00fdm obr\u016fm ho p\u0159ekro\u010dit.<\/p>\t\t\t\t\t\t\t\t<\/div>\n\t\t\t\t<\/div>\n\t\t<div class=\"elementor-element elementor-element-6f1c5d7 e-con-full e-flex e-con e-child\" data-id=\"6f1c5d7\" data-element_type=\"container\" data-e-type=\"container\">\n\t\t\t\t<div class=\"elementor-element elementor-element-5bd546a elementor-widget elementor-widget-heading\" data-id=\"5bd546a\" data-element_type=\"widget\" data-e-type=\"widget\" data-widget_type=\"heading.default\">\n\t\t\t\t\t<h2 class=\"elementor-heading-title elementor-size-default\">Kult a uct\u00edv\u00e1n\u00ed<\/h2>\t\t\t\t<\/div>\n\t\t\t\t<div class=\"elementor-element elementor-element-02e4179 elementor-widget elementor-widget-text-editor\" data-id=\"02e4179\" data-element_type=\"widget\" data-e-type=\"widget\" data-widget_type=\"text-editor.default\">\n\t\t\t\t\t\t\t\t\t<p>Na rozd\u00edl od Thora, Odina a Freye se u Heimdalla nenach\u00e1z\u00ed bohat\u00fd doklad m\u00edstn\u00edch jmen ani zpr\u00e1v o chr\u00e1mech. Adam Br\u00e9msk\u00fd ho nezmi\u0148uje. Tak\u00e9 v islandsk\u00fdch s\u00e1g\u00e1ch vystupuje jen sporadicky, p\u0159ev\u00e1\u017en\u011b v mytologick\u00fdch exkurzech.<\/p><p><span data-nosnippet>Tato slab\u00e1 kultovn\u00ed stopa vedla b\u00e1d\u00e1n\u00ed od Folkeho Stroma (1956) a\u017e po Jense Petera Schjodta (2008) k domn\u011bnce, \u017ee Heimdall byl p\u0159edev\u0161\u00edm b\u00e1snickou postavou pozdn\u00ed mytologick\u00e9 f\u00e1ze, jej\u00ed\u017e funkce spo\u010d\u00edvala v liter\u00e1rn\u00ed kompozici.<\/span><\/p>\n<p>Na druh\u00e9 stran\u011b \u00abR\u00edgs\u00feula\u00bb a nar\u00e1\u017eky v \u00abLokasenn\u011b\u00bb ukazuj\u00ed, \u017ee Heimdall byl v pozdn\u00ed vikinsk\u00e9 kultu\u0159e pevn\u011b zakotven jako praotec stav\u016f a b\u016fh str\u00e1\u017ece panteonu. V \u00abLokasenn\u011b\u00bb 48 se Loki posm\u00edv\u00e1 Heimdallovi, \u017ee mezi bohy zast\u00e1v\u00e1 \u00abzadn\u00ed str\u00e1\u017e\u00bb a mus\u00ed b\u00fdt neust\u00e1le vzh\u016fru, co\u017e poukazuje na jeho nepohodlnou, ale nepostradatelnou funkci.<\/p>\n<p>Skaldsk\u00e1 tvorba nab\u00edz\u00ed dal\u0161\u00ed indicie. \u00abH\u00fasdr\u00e1pa\u00bb Ulfa Uggasona (kolem 985) popisuje v\u00fdzdobu s\u00edn\u011b Hjardarholt, na n\u00ed\u017e Heimdall a Loki v podob\u011b tule\u0148\u016f z\u00e1pas\u00ed o n\u00e1hrdeln\u00edk Br\u00edsingamen. Tento <span class=\"iwg-fachbegriff\" data-tooltip=\"Tradovan\u00fd p\u0159\u00edb\u011bh o boz\u00edch, po\u010d\u00e1tc\u00edch a \u0159\u00e1du sv\u011bta.\" tabindex=\"0\">m\u00fdtus<\/span> se dochoval jen fragment\u00e1rn\u011b. P\u0159edpokl\u00e1d\u00e1 se, \u017ee jde o kr\u00e1de\u017e a navr\u00e1cen\u00ed \u0161perku bohyn\u011b Freyji.<\/p>\t\t\t\t\t\t\t\t<\/div>\n\t\t\t\t<\/div>\n\t\t<div class=\"elementor-element elementor-element-5c2b7df e-con-full e-flex e-con e-child\" data-id=\"5c2b7df\" data-element_type=\"container\" data-e-type=\"container\">\n\t\t\t\t<div class=\"elementor-element elementor-element-89d28cd elementor-widget elementor-widget-heading\" data-id=\"89d28cd\" data-element_type=\"widget\" data-e-type=\"widget\" data-widget_type=\"heading.default\">\n\t\t\t\t\t<h2 class=\"elementor-heading-title elementor-size-default\">D\u016fle\u017eit\u00e9 m\u00fdty<\/h2>\t\t\t\t<\/div>\n\t\t\t\t<div class=\"elementor-element elementor-element-23a47fe elementor-widget elementor-widget-text-editor\" data-id=\"23a47fe\" data-element_type=\"widget\" data-e-type=\"widget\" data-widget_type=\"text-editor.default\">\n\t\t\t\t\t\t\t\t\t<p>\u00dast\u0159edn\u00edm <span class=\"iwg-fachbegriff\" data-tooltip=\"Tradovan\u00fd p\u0159\u00edb\u011bh o boz\u00edch, po\u010d\u00e1tc\u00edch a \u0159\u00e1du sv\u011bta.\" tabindex=\"0\">m\u00fdtem<\/span> je Heimdallova role p\u0159i Ragnar\u00f6ku. \u00abV\u00f6lusp\u00e1\u00bb 46\u201347 popisuje, jak zved\u00e1 Gjallarhorn a troub\u00ed na n\u011bj. Zvuk projde v\u0161emi dev\u00edti sv\u011bty. Yggdrasil se ot\u0159ese, \u00c1sov\u00e9 se probud\u00ed. Heimdall svol\u00e1v\u00e1 bohy do posledn\u00ed bitvy.<\/p><p>V n\u00e1sledn\u00e9 bitv\u011b proti sob\u011b stoj\u00ed Heimdall a Loki, oba se navz\u00e1jem zabij\u00ed. Snorri Sturluson tuto symetrii zachov\u00e1v\u00e1 v Gylfaginningu 51. Odpov\u00edd\u00e1 to dvojic\u00edm Odin\u2013Fenrir, Thor\u2013Midgardsk\u00fd had a Tyr\u2013Garm. Vz\u00e1jemn\u00e9 zni\u010den\u00ed hlavn\u00edch protivn\u00edk\u016f je konstitutivn\u00edm <span class=\"iwg-fachbegriff\" data-tooltip=\"Opakuj\u00edc\u00ed se obsahov\u00fd prvek v um\u011bn\u00ed nebo vypr\u00e1v\u011bn\u00ed.\" tabindex=\"0\">motivem<\/span> seversk\u00e9ho Ragnar\u00f6ku.<\/p>\n<p>Druh\u00fdm <span class=\"iwg-fachbegriff\" data-tooltip=\"Tradovan\u00fd p\u0159\u00edb\u011bh o boz\u00edch, po\u010d\u00e1tc\u00edch a \u0159\u00e1du sv\u011bta.\" tabindex=\"0\">m\u00fdtem<\/span> je \u00abR\u00edgs\u00feula\u00bb. B\u016fh R\u00edg, poutn\u00ed podoba Heimdalla, nav\u0161t\u011bvuje t\u0159i usedlosti. V prvn\u00ed \u017eije man\u017eelsk\u00fd p\u00e1r Ai a Edda v uboh\u00fdch pom\u011brech.<\/p><p>R\u00edg j\u00ed hrub\u00fd chl\u00e9b, t\u0159i noci sp\u00ed v posteli mezi man\u017eely a Edda porod\u00ed tmavoko\u017e\u00e9ho Thralla, praotce nevoln\u00edk\u016f. Ve druh\u00e9 usedlosti, pat\u0159\u00edc\u00ed ke st\u0159edn\u00edmu stavu, zplod\u00ed R\u00edg s Ammou plavovlas\u00e9ho Karla, praotce svobodn\u00fdch sedl\u00e1k\u016f.<\/p><p>Ve t\u0159et\u00ed, n\u00e1dhern\u00e9 s\u00edni, zplod\u00ed se Mothir sv\u011btl\u00e9ho Jarla, praotce \u0161lechty. Jarl\u016fv nejmlad\u0161\u00ed syn Konr ungr (doslova \u201emlad\u00fd kr\u00e1l&#8220;, z\u00e1rove\u0148 slovn\u00ed h\u0159\u00ed\u010dka na konungr \u201ekr\u00e1l&#8220;) se u\u010d\u00ed run\u00e1m a p\u0159eb\u00edr\u00e1 vl\u00e1du.<\/p><p>Text lze \u010d\u00edst jako mytick\u00e9 zd\u016fvodn\u011bn\u00ed stavovsk\u00e9ho \u0159\u00e1du. Klaus von See jej vykl\u00e1d\u00e1 jako ironickou nau\u010dnou b\u00e1se\u0148 10. stolet\u00ed, zat\u00edmco R\u00e9gis Boyer v n\u011bm vid\u00ed star\u00e9 inicia\u010dn\u00ed sch\u00e9ma.<\/p>\n<p>T\u0159et\u00edm <span class=\"iwg-fachbegriff\" data-tooltip=\"Tradovan\u00fd p\u0159\u00edb\u011bh o boz\u00edch, po\u010d\u00e1tc\u00edch a \u0159\u00e1du sv\u011bta.\" tabindex=\"0\">m\u00fdtem<\/span> je z\u00e1pas o Br\u00edsingamen. Snorri v \u00abSk\u00e1ldskaparm\u00e1l\u00bb 8 cituje \u00abH\u00fasdr\u00e1pu\u00bb a uv\u00e1d\u00ed, \u017ee Heimdall z\u00edskal zp\u011bt Freyjin n\u00e1hrdeln\u00edk, kter\u00fd ukradl Loki.<\/p><p>Oba bohov\u00e9 z\u00e1pasili o \u0161perk v podob\u011b tule\u0148\u016f u sk\u00e1ly Singasteinn. <span class=\"iwg-fachbegriff\" data-tooltip=\"Tradovan\u00fd p\u0159\u00edb\u011bh o boz\u00edch, po\u010d\u00e1tc\u00edch a \u0159\u00e1du sv\u011bta.\" tabindex=\"0\">M\u00fdtus<\/span> se dochoval pouze v n\u00e1znac\u00edch. Eugen Mogk jej roku 1925 podrobn\u011b rekonstruoval a spojil s indoevropsk\u00fdmi paralelami k m\u00fdtu o navr\u00e1cen\u00ed slunce.<\/p>\n\n<p>Dosud m\u00e9n\u011b pozornosti v\u011bnovan\u00e1 epizoda se dochovala ve fragmentu s\u00e1gy \u00abH\u00fasdr\u00e1pa\u00bb Ulfa Uggasona z konce 10. stolet\u00ed. Heimdall je zde vyl\u00ed\u010den v sc\u00e9n\u011b z\u00e1pasu tule\u0148\u016f u sk\u00e1ly Singasteinn spolu s Lokim.<\/p><p><span data-nosnippet>P\u0159esn\u00fd v\u00fdznam <span class=\"iwg-fachbegriff\" data-tooltip=\"Tradovan\u00fd p\u0159\u00edb\u011bh o boz\u00edch, po\u010d\u00e1tc\u00edch a \u0159\u00e1du sv\u011bta.\" tabindex=\"0\">m\u00fdtu<\/span> z\u016fst\u00e1v\u00e1 nejasn\u00fd, av\u0161ak Eugen Mogk roku 1925 zast\u00e1val n\u00e1zor, \u017ee jde o navr\u00e1cen\u00ed n\u00e1hrdeln\u00edku Br\u00edsingamen bohyn\u011b Freyji, kter\u00fd ukradl Loki. Podoba tulen\u011b odkazuje na star\u0161\u00ed <span class=\"iwg-fachbegriff\" data-tooltip=\"N\u00e1bo\u017eensk\u00fd syst\u00e9m, v n\u011bm\u017e specialist\u00e9 komunikuj\u00ed se sv\u011btem duch\u016f.\" tabindex=\"0\">\u0161amanismus<\/span> s prom\u011bnami do zv\u00ed\u0159ec\u00ed podoby, kter\u00fd se v seversk\u00e9 <span class=\"iwg-fachbegriff\" data-tooltip=\"Souhrn tradovan\u00fdch vypr\u00e1v\u011bn\u00ed o boz\u00edch ur\u010dit\u00e9 kultury.\" tabindex=\"0\">mytologii<\/span> dochoval jen fragment\u00e1rn\u011b.<\/span><\/p>\n<p><span data-nosnippet>Obraz trouben\u00ed na Gjallarhorn p\u0159i Ragnar\u00f6ku ve \u00abV\u00f6lusp\u00e1\u00bb interpretoval John Lindow v knize \u00abNorse Mythology\u00bb (2001) jako \u00fast\u0159edn\u00ed eschatologick\u00e9 gesto. Heimdall, v\u011b\u010dn\u011b bd\u011bl\u00fd str\u00e1\u017ece, probouz\u00ed ze sv\u00e9ho posledn\u00edho klidu nejen \u00c1sy, ale i samotn\u00fd kosmick\u00fd \u0159\u00e1d. Zvuk rohu je tak z\u00e1rove\u0148 vol\u00e1n\u00edm do bitvy i kosmick\u00fdm znamen\u00edm konce.<\/span><\/p><p>Klaus von See tento v\u00fdklad dopl\u0148uje ve sv\u00e9m koment\u00e1\u0159i k Edd\u011b (sv. 1, 1997): roh byl pr\u00fd p\u016fvodn\u011b mo\u017en\u00e1 pitn\u00fdm rohem, kter\u00fd se v pozdn\u00ed vikinsk\u00e9 f\u00e1zi p\u0159etvo\u0159il v sign\u00e1ln\u00ed roh, s\u00e9mantick\u00fd posun, kter\u00fd je hmatateln\u00fd v n\u00e1bo\u017eensk\u00e9 krizi christianizace.<\/p>\t\t\t\t\t\t\t\t<\/div>\n\t\t\t\t<\/div>\n\t\t<div class=\"elementor-element elementor-element-39d377a e-con-full e-flex e-con e-child\" data-id=\"39d377a\" data-element_type=\"container\" data-e-type=\"container\">\n\t\t\t\t<div class=\"elementor-element elementor-element-96e6cb2 elementor-widget elementor-widget-heading\" data-id=\"96e6cb2\" data-element_type=\"widget\" data-e-type=\"widget\" data-widget_type=\"heading.default\">\n\t\t\t\t\t<h2 class=\"elementor-heading-title elementor-size-default\">Vztahy v panteonu<\/h2>\t\t\t\t<\/div>\n\t\t\t\t<div class=\"elementor-element elementor-element-8ad8d86 elementor-widget elementor-widget-text-editor\" data-id=\"8ad8d86\" data-element_type=\"widget\" data-e-type=\"widget\" data-widget_type=\"text-editor.default\">\n\t\t\t\t\t\t\t\t\t<p><span data-nosnippet>Heimdall stoj\u00ed ve zvl\u00e1\u0161tn\u00edm nap\u011bt\u00ed v\u016f\u010di Lokimu. \u201eHusdrapa\u201c a ragnar\u00f6kovsk\u00fd <span class=\"iwg-fachbegriff\" data-tooltip=\"Tradovan\u00e9 vypr\u00e1v\u011bn\u00ed o boz\u00edch, po\u010d\u00e1tc\u00edch a uspo\u0159\u00e1d\u00e1n\u00ed sv\u011bta.\" tabindex=\"0\">m\u00fdtus<\/span> ukazuj\u00ed oba jako v\u011b\u010dn\u00e9 protivn\u00edky. Tuto polaritu vylo\u017eil Georges Dum\u00e9zil v d\u00edle \u201eLoki\u201c (1948) jako z\u00e1kladn\u00ed strukturn\u00ed princip: Heimdall jako str\u00e1\u017en\u00fd ochr\u00e1nce \u0159\u00e1du, Loki jako chaotick\u00fd naru\u0161itel hranic. Jejich vz\u00e1jemn\u00e9 zni\u010den\u00ed na konci nen\u00ed n\u00e1hodn\u00e9, ale strukturn\u011b nezbytn\u00e9.<\/span><\/p>\n<p><span data-nosnippet>K Odinovi se Heimdall vztahuje jako syn a sluha. Odinovo oko le\u017e\u00ed pod pramenem M\u00edmira, Heimdall\u016fv rohu pod ko\u0159eny Yggdrasilu. Tuto paralelu \u010detl John Lindow v \u201eNorse Mythology\u201c (2001) jako zrcadlenou typiku ob\u011bti: dva smyslov\u00e9 org\u00e1ny (zrak, sluch) jsou zano\u0159eny do kosmick\u00e9 p\u016fdy a umo\u017e\u0148uj\u00ed kosmick\u00e9 vn\u00edm\u00e1n\u00ed.<\/span><\/p>\n<p>S Freyjou ho spojuje epizoda s n\u00e1hrdeln\u00edkem. S Thorem a ostatn\u00edmi \u00c1sy vystupuje do akce p\u0159i ragnar\u00f6kovsk\u00e9m svol\u00e1n\u00ed. Man\u017eelka nebo d\u011bti Heimdalla (krom\u011b prap\u0159edk\u016f z R\u00edgs\u00feuly) nejsou zmi\u0148ov\u00e1ny. Tato genealogick\u00e1 izolace podtrhuje jeho v\u00fdjime\u010dn\u00e9 postaven\u00ed.<\/p>\t\t\t\t\t\t\t\t<\/div>\n\t\t\t\t<\/div>\n\t\t<div class=\"elementor-element elementor-element-9768aeb e-con-full e-flex e-con e-child\" data-id=\"9768aeb\" data-element_type=\"container\" data-e-type=\"container\">\n\t\t\t\t<div class=\"elementor-element elementor-element-e397b6e elementor-widget elementor-widget-heading\" data-id=\"e397b6e\" data-element_type=\"widget\" data-e-type=\"widget\" data-widget_type=\"heading.default\">\n\t\t\t\t\t<h2 class=\"elementor-heading-title elementor-size-default\">Recepce a odkaz<\/h2>\t\t\t\t<\/div>\n\t\t\t\t<div class=\"elementor-element elementor-element-d1d1de7 elementor-widget elementor-widget-text-editor\" data-id=\"d1d1de7\" data-element_type=\"widget\" data-e-type=\"widget\" data-widget_type=\"text-editor.default\">\n\t\t\t\t\t\t\t\t\t<p>V ran\u00e9m st\u0159edov\u011bku upadl Heimdall s \u0445\u0440\u0438\u0441\u0442ianizac\u00ed do pozad\u00ed. <span class=\"iwg-fachbegriff\" data-tooltip=\"Tradovan\u00e9 vypr\u00e1v\u011bn\u00ed o boz\u00edch, po\u010d\u00e1tc\u00edch a uspo\u0159\u00e1d\u00e1n\u00ed sv\u011bta.\" tabindex=\"0\">M\u00fdtus<\/span> o rohu v\u0161ak p\u0159e\u017eil v k\u0159es\u0165ansk\u00e9 p\u0159edstav\u011b trumpety Posledn\u00edho soudu.<\/p><p><span data-nosnippet>Tuto souvislost vytvo\u0159il ji\u017e Jacob Grimm v \u201eDeutsche <span class=\"iwg-fachbegriff\" data-tooltip=\"Souhrn tradovan\u00fdch vypr\u00e1v\u011bn\u00ed o boz\u00edch ur\u010dit\u00e9 kultury.\" tabindex=\"0\">Mythologie<\/span>\u201c (1835). Grimm upozornil, \u017ee seversk\u00e1 p\u0159edstava konce sv\u011bta se strukturn\u011b podob\u00e1 k\u0159es\u0165ansk\u00e9 apokalyptice, ob\u011b znaj\u00ed zvukov\u00fd sign\u00e1l jako zah\u00e1jen\u00ed konce.<\/span><\/p>\n<p>V romantismu z\u016fstal Heimdall i p\u0159es Grimm\u016fv z\u00e1jem vedlej\u0161\u00ed postavou. Richard Wagner ho v \u201ePrstenu Nibelungovu\u201c vynechal. A\u017e islandsk\u00fd v\u00fdzkum eddick\u00e9 tradice ve 20. stolet\u00ed postavil Heimdalla do centra z\u00e1jmu, zejm\u00e9na d\u00edky strukturalistick\u00e9mu v\u00fdkladu Dum\u00e9zila.<\/p><p><span data-nosnippet>Sborn\u00edk Heinricha Bernharda Janckuna \u201eVorgeschichtliche Heiligt\u00fcmer und Opferpl\u00e4tze in Mittel- und Nordeuropa\u201c (1970) shrom\u00e1\u017edil archeologick\u00e9 stopy, kter\u00e9 v\u0161ak nikde nelze jednozna\u010dn\u011b p\u0159i\u0159adit Heimdallovi.<\/span><\/p>\n<p><span data-nosnippet>Modern\u00ed reflexe se projevuje v komiksech, filmech a rom\u00e1nech. Filmov\u00e9 adaptace Marvel (Thor 2011 a dal\u0161\u00ed) zobrazuj\u00ed Heimdalla jako str\u00e1\u017ece se zlat\u00fdm me\u010dem. V\u011bdecky relevantn\u00ed z\u016fst\u00e1v\u00e1 strukturalistick\u00fd v\u00fdklad, kter\u00fd popisuje Heimdalla jako uzlov\u00fd bod mezi \u010dlov\u011bkem a bohem, mezi sv\u011bty a stavy, mezi vn\u00edm\u00e1n\u00edm a jedn\u00e1n\u00edm.<\/span><\/p>\n\n<p>\u201eR\u00edgs\u00feula\u201c, nejd\u016fle\u017eit\u011bj\u0161\u00ed heimdallovsk\u00e1 b\u00e1se\u0148 eddick\u00e9 tradice, je v badatelsk\u00e9 praxi datov\u00e1na sporn\u011b. Navrhov\u00e1na byla data mezi 9. a 13. stolet\u00edm.<\/p><p>Klaus von See ve sv\u00fdch koment\u00e1\u0159\u00edch k Edd\u011b h\u00e1jil pozdn\u00ed datov\u00e1n\u00ed a \u010detl b\u00e1se\u0148 jako ironick\u00e9 u\u010debn\u00ed d\u00edlo 13. stolet\u00ed, kter\u00e9 mytologicky zakl\u00e1d\u00e1 stavovsk\u00fd \u0159\u00e1d Norska a Islandu. R\u00e9gis Boyer a Andy Orchard naopak vid\u00ed b\u00e1se\u0148 jako star\u00fd inicia\u010dn\u00ed text a datuj\u00ed ji do 9. \u010di 10. stolet\u00ed.<\/p>\n<p><span data-nosnippet>V modern\u00ed reflexi se Heimdall stal mezin\u00e1rodn\u00edm fenom\u00e9nem p\u0159edev\u0161\u00edm d\u00edky filmov\u00fdm adaptac\u00edm Marvel (\u201eThor\u201c, od roku 2011). Zobrazen\u00ed Heimdalla jako tmavoplet\u00e9ho v\u00e1le\u010dn\u00edka se zlat\u00fdm me\u010dem (v pod\u00e1n\u00ed Idrise Elby) vyvolalo v roce 2011 debatu, proto\u017ee seversk\u00e1 <span class=\"iwg-fachbegriff\" data-tooltip=\"Souhrn tradovan\u00fdch vypr\u00e1v\u011bn\u00ed o boz\u00edch ur\u010dit\u00e9 kultury.\" tabindex=\"0\">mytologie<\/span> Heimdallovi \u017e\u00e1dnou etnickou charakteristiku nep\u0159ipisuje.<\/span><\/p><p>V\u011bdeck\u00fd v\u00fdzkum se od t\u00e9to debaty distancoval a zd\u016fraz\u0148uje, \u017ee sever\u0161t\u00ed bohov\u00e9 jsou mytick\u00e9 bytosti, jejich\u017e ikonografick\u00e9 podoby se historicky vyv\u00edjely, ale nejsou pevn\u011b stanoveny.<\/p>\n<p><span data-nosnippet>V n\u00e1bo\u017eensk\u00e9 praxi modern\u00edho novopohanstv\u00ed hraje Heimdall d\u016fle\u017eitou roli. Hnut\u00ed \u00c1satr\u00fa na Islandu, uzn\u00e1van\u00e9 od roku 1973 jako ofici\u00e1ln\u00ed n\u00e1bo\u017eensk\u00e1 spole\u010dnost, ct\u00ed Heimdalla jako boha str\u00e1\u017ee. Tato modern\u00ed praxe je v\u0161ak rekonstrukc\u00ed bez p\u0159\u00edm\u00e9 kultovn\u00ed n\u00e1vaznosti na st\u0159edov\u011bkou tradici.<\/span><\/p>\t\t\t\t\t\t\t\t<\/div>\n\t\t\t\t<\/div>\n\t\t<div class=\"elementor-element elementor-element-8db4a9c e-con-full e-flex e-con e-child\" data-id=\"8db4a9c\" data-element_type=\"container\" data-e-type=\"container\">\n\t\t\t\t<div class=\"elementor-element elementor-element-bdf96c8 elementor-widget elementor-widget-heading\" data-id=\"bdf96c8\" data-element_type=\"widget\" data-e-type=\"widget\" data-widget_type=\"heading.default\">\n\t\t\t\t\t<h2 class=\"elementor-heading-title elementor-size-default\">Religionistick\u00e9 za\u0159azen\u00ed<\/h2>\t\t\t\t<\/div>\n\t\t\t\t<div class=\"elementor-element elementor-element-e1f130d elementor-widget elementor-widget-text-editor\" data-id=\"e1f130d\" data-element_type=\"widget\" data-e-type=\"widget\" data-widget_type=\"text-editor.default\">\n\t\t\t\t\t\t\t\t\t<p>Heimdall je ve srovn\u00e1vac\u00ed <span class=\"iwg-fachbegriff\" data-tooltip=\"V\u011bda, kter\u00e1 zkoum\u00e1 n\u00e1bo\u017eenstv\u00ed srovn\u00e1vac\u00edm zp\u016fsobem a bez vazby na v\u00edru.\" tabindex=\"0\">religionistice<\/span> za\u0159azov\u00e1n mezi hrani\u010dn\u00ed bohy. Jeho m\u00edsto na prahu mezi nebem a zem\u00ed, jeho rohu jako sign\u00e1l konce sv\u011bta, jeho dev\u011bt matek z vln, jeho funkce prap\u0159edka lidsk\u00fdch stav\u016f: v\u0161echny tyto prvky odkazuj\u00ed na postavu, kter\u00e1 dohl\u00ed\u017e\u00ed na p\u0159echody.<\/p><p><span data-nosnippet>Mircea Eliade popsal v \u201ePatterns in Comparative Religion\u201c (1958) postavu str\u00e1\u017ece jako univerz\u00e1ln\u00ed jev, kter\u00e9mu v germ\u00e1nsk\u00e9m materi\u00e1lu odpov\u00edd\u00e1 Heimdall.<\/span><\/p>\n<p><span data-nosnippet>Jazykov\u011bdn\u011b je jeho jm\u00e9no sporn\u00e9. Navrhovan\u00e9 etymologie ho vykl\u00e1daj\u00ed jako \u201eobyvatele domoviny\u201c, \u201estr\u00e1\u017ece sv\u011bta\u201c nebo \u201ez\u00e1\u0159iv\u00e9ho osv\u011btlova\u010de\u201c. Wolfgang Meid v roce 1992 zast\u00e1val odvozen\u00ed od staroseversk\u00e9ho dallr (z\u00e1\u0159iv\u00fd).<\/span><\/p><p>V\u011bt\u0161ina badatel\u016f se dnes shoduje s Rudolfem Simekem, kter\u00fd jm\u00e9no ch\u00e1pe jako slo\u017eeninu z heim (\u201esv\u011bt\u201c) a dallr (\u201estrom, k\u016fl, pil\u00ed\u0159\u201c), tedy \u201estrom sv\u011bta\u201c nebo \u201eopora sv\u011bta\u201c.<\/p>\n<p><span data-nosnippet>Motiv<\/span> dev\u00edti matek m\u00e1 v indoevropsk\u00e9 srovn\u00e1vac\u00ed mytologii paralely v indick\u00fdch postav\u00e1ch, jako je Skanda, kter\u00e9ho koj\u00ed \u0161est Kritik (Plej\u00e1dy), a v keltsk\u00fdch vypr\u00e1v\u011bn\u00edch o rodi\u010dk\u00e1ch. Tyto paralely jsou v\u0161ak pouze typologick\u00e9, nikoli genetick\u00e9. Konkr\u00e9tn\u00ed podoba Heimdalla z\u016fst\u00e1v\u00e1 samostatn\u00fdm v\u00fdtvorem germ\u00e1nsk\u00e9 <span class=\"iwg-fachbegriff\" data-tooltip=\"P\u0159ed\u00e1v\u00e1n\u00ed v\u011bdomost\u00ed a vypr\u00e1v\u011bn\u00ed mezi generacemi.\" tabindex=\"0\">tradice<\/span>.<\/p>\t\t\t\t\t\t\t\t<\/div>\n\t\t\t\t<\/div>\n\t\t<div class=\"elementor-element elementor-element-9ef5c2e e-con-full e-flex e-con e-child\" data-id=\"9ef5c2e\" data-element_type=\"container\" data-e-type=\"container\">\n\t\t\t\t<div class=\"elementor-element elementor-element-f893715 elementor-widget elementor-widget-heading\" data-id=\"f893715\" data-element_type=\"widget\" data-e-type=\"widget\" data-widget_type=\"heading.default\">\n\t\t\t\t\t<h2 class=\"elementor-heading-title elementor-size-default\">Prameny a dal\u0161\u00ed literatura<\/h2>\t\t\t\t<\/div>\n\t\t\t\t<div class=\"elementor-element elementor-element-06c0970 elementor-widget elementor-widget-text-editor\" data-id=\"06c0970\" data-element_type=\"widget\" data-e-type=\"widget\" data-widget_type=\"text-editor.default\">\n\t\t\t\t\t\t\t\t\t<footer class=\"iwg-literatur\"><p><span data-nosnippet>Prim\u00e1rn\u00ed prameny: \u00abProsa-Edda\u00bb (Snorri Sturluson, kolem 1220), \u00abVoluspa\u00bb a \u00abRigsthula\u00bb (v P\u00eds\u0148ov\u00e9 Edd\u011b, Codex Regius), \u00abHyndluljod\u00bb (ve \u00abFlateyjarbok\u00bb), \u00abHusdrapa\u00bb od Ulfa Uggasona. Vyd\u00e1n\u00ed P\u00eds\u0148ov\u00e9 Eddy zpracovali Klaus von See, Beatrice La Farge et al. (\u00abKommentar zu den Liedern der Edda\u00bb, 7 sv., 1997-2012).<\/span><\/p>\n<p>Sekund\u00e1rn\u00ed literatura:<\/p><ul><li><span data-nosnippet>Jan de Vries \u00abAltgermanische Religionsgeschichte\u00bb (2. vyd. 1956\/57).<\/span><\/li><li><span data-nosnippet>Georges Dumezil \u00abLoki\u00bb (1948) a \u00abHeur et malheur du g\u00fcrrier\u00bb (1969).<\/span><\/li><li><span data-nosnippet>Margaret Clunies Ross \u00abProlonged Ech\u00f6s\u00bb (1994\/98).<\/span><\/li><li>John Lindow \u00abNorse Mythology\u00bb (2001).<\/li><li><span data-nosnippet>Regis Boyer \u00abLa religion des anciens Scandinaves\u00bb (1981).<\/span><\/li><\/ul>\n<p class=\"iwg-bib-more\"><span data-nosnippet>Dal\u0161\u00ed standardn\u00ed d\u00edla naleznete v <a href=\"https:\/\/iwell-guard.com\/cs\/literatura\/\">seznamu literatury<\/a>.<\/span><\/p><\/footer>\t\t\t\t\t\t\t\t<\/div>\n\t\t\t\t<\/div>\n\t\t\t\t\t<\/div>\n\t\t\t\t<\/div>\n\t\t\t\t<\/div>\n\t\t","protected":false},"excerpt":{"rendered":"","protected":false},"author":3,"featured_media":3220,"parent":0,"menu_order":0,"comment_status":"closed","ping_status":"closed","template":"elementor_header_footer","meta":{"_yoast_wpseo_focuskw":"Heimdall","_yoast_wpseo_title":"Heimdall \u2013 str\u00e1\u017ece Bifr\u00f6stu a ochr\u00e1nce \u00c1sgardu","_yoast_wpseo_metadesc":"Heimdall je germ\u00e1nsk\u00fd str\u00e1\u017ece duhov\u00e9ho mostu Bifr\u00f6st, kter\u00fd na po\u010d\u00e1tku Ragnar\u00f6ku zatroub\u00ed na Gjallarhorn","_yoast_wpseo_meta-robots-noindex":"","_yoast_wpseo_canonical":"","_angie_page":false,"gefaehrdungsstufe":"","wesen_kultur":"","wesen_klasse":"","footnotes":""},"categories":[],"class_list":["post-145586","page","type-page","status-publish","has-post-thumbnail","hentry"],"yoast_head":"<!-- This site is optimized with the Yoast SEO Premium plugin v27.7 (Yoast SEO v28.3) - https:\/\/yoast.com\/product\/yoast-seo-premium-wordpress\/ -->\n<title>Heimdall \u2013 str\u00e1\u017ece Bifr\u00f6stu a ochr\u00e1nce \u00c1sgardu<\/title>\n<meta name=\"description\" content=\"Heimdall je germ\u00e1nsk\u00fd str\u00e1\u017ece duhov\u00e9ho mostu Bifr\u00f6st, kter\u00fd na po\u010d\u00e1tku Ragnar\u00f6ku zatroub\u00ed na Gjallarhorn\" \/>\n<meta name=\"robots\" content=\"index, follow, max-snippet:-1, max-image-preview:large, max-video-preview:-1\" \/>\n<link rel=\"canonical\" href=\"https:\/\/iwell-guard.com\/cs\/heimdall\/\" \/>\n<meta property=\"og:locale\" content=\"cs_CZ\" \/>\n<meta property=\"og:type\" content=\"article\" \/>\n<meta property=\"og:title\" content=\"Heimdall\" \/>\n<meta property=\"og:description\" content=\"Heimdall je germ\u00e1nsk\u00fd str\u00e1\u017ece duhov\u00e9ho mostu Bifr\u00f6st, kter\u00fd na po\u010d\u00e1tku Ragnar\u00f6ku zatroub\u00ed na Gjallarhorn\" \/>\n<meta property=\"og:url\" content=\"https:\/\/iwell-guard.com\/cs\/heimdall\/\" \/>\n<meta property=\"og:site_name\" content=\"iWell Guard\" \/>\n<meta property=\"article:modified_time\" content=\"2026-09-03T17:00:04+00:00\" \/>\n<meta property=\"og:image\" content=\"https:\/\/iwell-guard.com\/wp-content\/uploads\/2026\/05\/goetter_germanisch_heimdall.webp\" \/>\n\t<meta property=\"og:image:width\" content=\"1024\" \/>\n\t<meta property=\"og:image:height\" content=\"1536\" \/>\n\t<meta property=\"og:image:type\" content=\"image\/webp\" \/>\n<meta name=\"twitter:card\" content=\"summary_large_image\" \/>\n<script type=\"application\/ld+json\" class=\"yoast-schema-graph\">{\"@context\":\"https:\\\/\\\/schema.org\",\"@graph\":[{\"@type\":\"WebPage\",\"@id\":\"https:\\\/\\\/iwell-guard.com\\\/cs\\\/heimdall\\\/\",\"url\":\"https:\\\/\\\/iwell-guard.com\\\/cs\\\/heimdall\\\/\",\"name\":\"Heimdall \u2013 str\u00e1\u017ece Bifr\u00f6stu a ochr\u00e1nce \u00c1sgardu\",\"isPartOf\":{\"@id\":\"https:\\\/\\\/iwell-guard.com\\\/cs\\\/#website\"},\"primaryImageOfPage\":{\"@id\":\"https:\\\/\\\/iwell-guard.com\\\/cs\\\/heimdall\\\/#primaryimage\"},\"image\":{\"@id\":\"https:\\\/\\\/iwell-guard.com\\\/cs\\\/heimdall\\\/#primaryimage\"},\"thumbnailUrl\":\"https:\\\/\\\/iwell-guard.com\\\/wp-content\\\/uploads\\\/2026\\\/05\\\/goetter_germanisch_heimdall.webp\",\"datePublished\":\"2026-09-03T16:31:48+00:00\",\"dateModified\":\"2026-09-03T17:00:04+00:00\",\"description\":\"Heimdall je germ\u00e1nsk\u00fd str\u00e1\u017ece duhov\u00e9ho mostu Bifr\u00f6st, kter\u00fd na po\u010d\u00e1tku Ragnar\u00f6ku zatroub\u00ed na Gjallarhorn\",\"breadcrumb\":{\"@id\":\"https:\\\/\\\/iwell-guard.com\\\/cs\\\/heimdall\\\/#breadcrumb\"},\"inLanguage\":\"cs\",\"potentialAction\":[{\"@type\":\"ReadAction\",\"target\":[\"https:\\\/\\\/iwell-guard.com\\\/cs\\\/heimdall\\\/\"]}]},{\"@type\":\"ImageObject\",\"inLanguage\":\"cs\",\"@id\":\"https:\\\/\\\/iwell-guard.com\\\/cs\\\/heimdall\\\/#primaryimage\",\"url\":\"https:\\\/\\\/iwell-guard.com\\\/wp-content\\\/uploads\\\/2026\\\/05\\\/goetter_germanisch_heimdall.webp\",\"contentUrl\":\"https:\\\/\\\/iwell-guard.com\\\/wp-content\\\/uploads\\\/2026\\\/05\\\/goetter_germanisch_heimdall.webp\",\"width\":1024,\"height\":1536,\"caption\":\"Bohov\u00e9 z germ\u00e1nsk\u00e9 tradice.\"},{\"@type\":\"BreadcrumbList\",\"@id\":\"https:\\\/\\\/iwell-guard.com\\\/cs\\\/heimdall\\\/#breadcrumb\",\"itemListElement\":[{\"@type\":\"ListItem\",\"position\":1,\"name\":\"Start\",\"item\":\"https:\\\/\\\/iwell-guard.com\\\/cs\\\/?page_id=145107\"},{\"@type\":\"ListItem\",\"position\":2,\"name\":\"Heimdall\"}]},{\"@type\":\"WebSite\",\"@id\":\"https:\\\/\\\/iwell-guard.com\\\/cs\\\/#website\",\"url\":\"https:\\\/\\\/iwell-guard.com\\\/cs\\\/\",\"name\":\"iWell Guard\",\"description\":\"Schutz vor dunklen Einfl\u00fcssen\",\"publisher\":{\"@id\":\"https:\\\/\\\/iwell-guard.com\\\/cs\\\/#organization\"},\"potentialAction\":[{\"@type\":\"SearchAction\",\"target\":{\"@type\":\"EntryPoint\",\"urlTemplate\":\"https:\\\/\\\/iwell-guard.com\\\/cs\\\/?s={search_term_string}\"},\"query-input\":{\"@type\":\"PropertyValueSpecification\",\"valueRequired\":true,\"valueName\":\"search_term_string\"}}],\"inLanguage\":\"cs\"},{\"@type\":\"Organization\",\"@id\":\"https:\\\/\\\/iwell-guard.com\\\/cs\\\/#organization\",\"name\":\"Ittermann electronic GmbH\",\"url\":\"https:\\\/\\\/iwell-guard.com\\\/cs\\\/\",\"logo\":{\"@type\":\"ImageObject\",\"inLanguage\":\"cs\",\"@id\":\"https:\\\/\\\/iwell-guard.com\\\/cs\\\/#\\\/schema\\\/logo\\\/image\\\/\",\"url\":\"https:\\\/\\\/iwell-guard.com\\\/wp-content\\\/uploads\\\/2026\\\/05\\\/Ittermann-Logo-1182x237-1.png\",\"contentUrl\":\"https:\\\/\\\/iwell-guard.com\\\/wp-content\\\/uploads\\\/2026\\\/05\\\/Ittermann-Logo-1182x237-1.png\",\"width\":1182,\"height\":237,\"caption\":\"Ittermann electronic GmbH\"},\"image\":{\"@id\":\"https:\\\/\\\/iwell-guard.com\\\/cs\\\/#\\\/schema\\\/logo\\\/image\\\/\"},\"sameAs\":[\"https:\\\/\\\/pantip.com\\\/profile\\\/9367242\",\"https:\\\/\\\/micro.blog\\\/iwellguard\",\"https:\\\/\\\/www.diggerslist.com\\\/iwellguard\\\/about\",\"https:\\\/\\\/skitterphoto.com\\\/photographers\\\/2870314\\\/iwell-guard\",\"https:\\\/\\\/iwellguard.wordpress.com\\\/2026\\\/06\\\/06\\\/iwell-guard\\\/\",\"https:\\\/\\\/hub.docker.com\\\/u\\\/iwellguard\",\"https:\\\/\\\/www.pinterest.com\\\/iwellguard\\\/\",\"https:\\\/\\\/bit.ly\\\/m\\\/iwellguard\",\"https:\\\/\\\/entre-vos-mains.alsace.eu\\\/profiles\\\/iwellguard\\\/activity\",\"https:\\\/\\\/gravatar.com\\\/reallybeded8fd34\",\"https:\\\/\\\/naijamatta.com\\\/iwellguard\",\"https:\\\/\\\/www.goodreads.com\\\/iwellguard\",\"https:\\\/\\\/profile.hatena.ne.jp\\\/iwellguard\\\/\",\"https:\\\/\\\/experiment.com\\\/users\\\/iwellguard\",\"https:\\\/\\\/wakelet.com\\\/@iWellGuard82270\",\"https:\\\/\\\/www.chordie.com\\\/forum\\\/profile.php?id=2555664\",\"https:\\\/\\\/www.instapaper.com\\\/p\\\/17757966\",\"https:\\\/\\\/www.mapleprimes.com\\\/users\\\/iwellguard\",\"https:\\\/\\\/businesslistingplus.com\\\/profile\\\/iwell-guard\\\/\",\"https:\\\/\\\/telegra.ph\\\/iWell-Guard-06-06\",\"https:\\\/\\\/pbase.com\\\/iwellguard\\\/iwellguard\",\"https:\\\/\\\/b.hatena.ne.jp\\\/iwellguard\\\/20260607#bookmark-4788405196491818882\",\"https:\\\/\\\/fliphtml5.com\\\/home\\\/iwellguard\",\"https:\\\/\\\/anyflip.com\\\/homepage\\\/cmiwl#About\",\"https:\\\/\\\/transfur.com\\\/Users\\\/iwellguard\",\"http:\\\/\\\/delphi.larsbo.org\\\/user\\\/iwellguard\",\"https:\\\/\\\/jobs.lajobsportal.org\\\/profiles\\\/8380803-iwell-guard\",\"https:\\\/\\\/md.chaosdorf.de\\\/s\\\/jfbe5SBdJD\",\"https:\\\/\\\/www.lingvolive.com\\\/en-us\\\/profile\\\/9ecaeaca-ce11-4e51-9e71-01d55e2bff36\\\/translations\",\"https:\\\/\\\/www.fitday.com\\\/fitness\\\/forums\\\/members\\\/iwellguard.html\",\"https:\\\/\\\/www.mymeetbook.com\\\/iwellguard\",\"https:\\\/\\\/pxhere.com\\\/en\\\/photographer-me\\\/5040798\",\"https:\\\/\\\/disqus.com\\\/by\\\/iwellguard\\\/about\\\/\",\"https:\\\/\\\/pastelink.net\\\/hjwciqwq\",\"https:\\\/\\\/pubhtml5.com\\\/homepage\\\/scjhn\\\/\",\"https:\\\/\\\/www.bitchute.com\\\/channel\\\/2O2eOKzNqujT\",\"https:\\\/\\\/audiomack.com\\\/iwellguard\"]}]}<\/script>\n<!-- \/ Yoast SEO Premium plugin. -->","yoast_head_json":{"title":"Heimdall \u2013 str\u00e1\u017ece Bifr\u00f6stu a ochr\u00e1nce \u00c1sgardu","description":"Heimdall je germ\u00e1nsk\u00fd str\u00e1\u017ece duhov\u00e9ho mostu Bifr\u00f6st, kter\u00fd na po\u010d\u00e1tku Ragnar\u00f6ku zatroub\u00ed na Gjallarhorn","robots":{"index":"index","follow":"follow","max-snippet":"max-snippet:-1","max-image-preview":"max-image-preview:large","max-video-preview":"max-video-preview:-1"},"canonical":"https:\/\/iwell-guard.com\/cs\/heimdall\/","og_locale":"cs_CZ","og_type":"article","og_title":"Heimdall","og_description":"Heimdall je germ\u00e1nsk\u00fd str\u00e1\u017ece duhov\u00e9ho mostu Bifr\u00f6st, kter\u00fd na po\u010d\u00e1tku Ragnar\u00f6ku zatroub\u00ed na Gjallarhorn","og_url":"https:\/\/iwell-guard.com\/cs\/heimdall\/","og_site_name":"iWell Guard","article_modified_time":"2026-09-03T17:00:04+00:00","og_image":[{"width":1024,"height":1536,"url":"https:\/\/iwell-guard.com\/wp-content\/uploads\/2026\/05\/goetter_germanisch_heimdall.webp","type":"image\/webp"}],"twitter_card":"summary_large_image","schema":{"@context":"https:\/\/schema.org","@graph":[{"@type":"WebPage","@id":"https:\/\/iwell-guard.com\/cs\/heimdall\/","url":"https:\/\/iwell-guard.com\/cs\/heimdall\/","name":"Heimdall \u2013 str\u00e1\u017ece Bifr\u00f6stu a ochr\u00e1nce \u00c1sgardu","isPartOf":{"@id":"https:\/\/iwell-guard.com\/cs\/#website"},"primaryImageOfPage":{"@id":"https:\/\/iwell-guard.com\/cs\/heimdall\/#primaryimage"},"image":{"@id":"https:\/\/iwell-guard.com\/cs\/heimdall\/#primaryimage"},"thumbnailUrl":"https:\/\/iwell-guard.com\/wp-content\/uploads\/2026\/05\/goetter_germanisch_heimdall.webp","datePublished":"2026-09-03T16:31:48+00:00","dateModified":"2026-09-03T17:00:04+00:00","description":"Heimdall je germ\u00e1nsk\u00fd str\u00e1\u017ece duhov\u00e9ho mostu Bifr\u00f6st, kter\u00fd na po\u010d\u00e1tku Ragnar\u00f6ku zatroub\u00ed na Gjallarhorn","breadcrumb":{"@id":"https:\/\/iwell-guard.com\/cs\/heimdall\/#breadcrumb"},"inLanguage":"cs","potentialAction":[{"@type":"ReadAction","target":["https:\/\/iwell-guard.com\/cs\/heimdall\/"]}]},{"@type":"ImageObject","inLanguage":"cs","@id":"https:\/\/iwell-guard.com\/cs\/heimdall\/#primaryimage","url":"https:\/\/iwell-guard.com\/wp-content\/uploads\/2026\/05\/goetter_germanisch_heimdall.webp","contentUrl":"https:\/\/iwell-guard.com\/wp-content\/uploads\/2026\/05\/goetter_germanisch_heimdall.webp","width":1024,"height":1536,"caption":"Bohov\u00e9 z germ\u00e1nsk\u00e9 tradice."},{"@type":"BreadcrumbList","@id":"https:\/\/iwell-guard.com\/cs\/heimdall\/#breadcrumb","itemListElement":[{"@type":"ListItem","position":1,"name":"Start","item":"https:\/\/iwell-guard.com\/cs\/?page_id=145107"},{"@type":"ListItem","position":2,"name":"Heimdall"}]},{"@type":"WebSite","@id":"https:\/\/iwell-guard.com\/cs\/#website","url":"https:\/\/iwell-guard.com\/cs\/","name":"iWell Guard","description":"Schutz vor dunklen Einfl\u00fcssen","publisher":{"@id":"https:\/\/iwell-guard.com\/cs\/#organization"},"potentialAction":[{"@type":"SearchAction","target":{"@type":"EntryPoint","urlTemplate":"https:\/\/iwell-guard.com\/cs\/?s={search_term_string}"},"query-input":{"@type":"PropertyValueSpecification","valueRequired":true,"valueName":"search_term_string"}}],"inLanguage":"cs"},{"@type":"Organization","@id":"https:\/\/iwell-guard.com\/cs\/#organization","name":"Ittermann electronic GmbH","url":"https:\/\/iwell-guard.com\/cs\/","logo":{"@type":"ImageObject","inLanguage":"cs","@id":"https:\/\/iwell-guard.com\/cs\/#\/schema\/logo\/image\/","url":"https:\/\/iwell-guard.com\/wp-content\/uploads\/2026\/05\/Ittermann-Logo-1182x237-1.png","contentUrl":"https:\/\/iwell-guard.com\/wp-content\/uploads\/2026\/05\/Ittermann-Logo-1182x237-1.png","width":1182,"height":237,"caption":"Ittermann electronic GmbH"},"image":{"@id":"https:\/\/iwell-guard.com\/cs\/#\/schema\/logo\/image\/"},"sameAs":["https:\/\/pantip.com\/profile\/9367242","https:\/\/micro.blog\/iwellguard","https:\/\/www.diggerslist.com\/iwellguard\/about","https:\/\/skitterphoto.com\/photographers\/2870314\/iwell-guard","https:\/\/iwellguard.wordpress.com\/2026\/06\/06\/iwell-guard\/","https:\/\/hub.docker.com\/u\/iwellguard","https:\/\/www.pinterest.com\/iwellguard\/","https:\/\/bit.ly\/m\/iwellguard","https:\/\/entre-vos-mains.alsace.eu\/profiles\/iwellguard\/activity","https:\/\/gravatar.com\/reallybeded8fd34","https:\/\/naijamatta.com\/iwellguard","https:\/\/www.goodreads.com\/iwellguard","https:\/\/profile.hatena.ne.jp\/iwellguard\/","https:\/\/experiment.com\/users\/iwellguard","https:\/\/wakelet.com\/@iWellGuard82270","https:\/\/www.chordie.com\/forum\/profile.php?id=2555664","https:\/\/www.instapaper.com\/p\/17757966","https:\/\/www.mapleprimes.com\/users\/iwellguard","https:\/\/businesslistingplus.com\/profile\/iwell-guard\/","https:\/\/telegra.ph\/iWell-Guard-06-06","https:\/\/pbase.com\/iwellguard\/iwellguard","https:\/\/b.hatena.ne.jp\/iwellguard\/20260607#bookmark-4788405196491818882","https:\/\/fliphtml5.com\/home\/iwellguard","https:\/\/anyflip.com\/homepage\/cmiwl#About","https:\/\/transfur.com\/Users\/iwellguard","http:\/\/delphi.larsbo.org\/user\/iwellguard","https:\/\/jobs.lajobsportal.org\/profiles\/8380803-iwell-guard","https:\/\/md.chaosdorf.de\/s\/jfbe5SBdJD","https:\/\/www.lingvolive.com\/en-us\/profile\/9ecaeaca-ce11-4e51-9e71-01d55e2bff36\/translations","https:\/\/www.fitday.com\/fitness\/forums\/members\/iwellguard.html","https:\/\/www.mymeetbook.com\/iwellguard","https:\/\/pxhere.com\/en\/photographer-me\/5040798","https:\/\/disqus.com\/by\/iwellguard\/about\/","https:\/\/pastelink.net\/hjwciqwq","https:\/\/pubhtml5.com\/homepage\/scjhn\/","https:\/\/www.bitchute.com\/channel\/2O2eOKzNqujT","https:\/\/audiomack.com\/iwellguard"]}]}},"_links":{"self":[{"href":"https:\/\/iwell-guard.com\/cs\/wp-json\/wp\/v2\/pages\/145586","targetHints":{"allow":["GET"]}}],"collection":[{"href":"https:\/\/iwell-guard.com\/cs\/wp-json\/wp\/v2\/pages"}],"about":[{"href":"https:\/\/iwell-guard.com\/cs\/wp-json\/wp\/v2\/types\/page"}],"author":[{"embeddable":true,"href":"https:\/\/iwell-guard.com\/cs\/wp-json\/wp\/v2\/users\/3"}],"replies":[{"embeddable":true,"href":"https:\/\/iwell-guard.com\/cs\/wp-json\/wp\/v2\/comments?post=145586"}],"version-history":[{"count":0,"href":"https:\/\/iwell-guard.com\/cs\/wp-json\/wp\/v2\/pages\/145586\/revisions"}],"wp:featuredmedia":[{"embeddable":true,"href":"https:\/\/iwell-guard.com\/cs\/wp-json\/wp\/v2\/media\/3220"}],"wp:attachment":[{"href":"https:\/\/iwell-guard.com\/cs\/wp-json\/wp\/v2\/media?parent=145586"}],"wp:term":[{"taxonomy":"category","embeddable":true,"href":"https:\/\/iwell-guard.com\/cs\/wp-json\/wp\/v2\/categories?post=145586"}],"curies":[{"name":"wp","href":"https:\/\/api.w.org\/{rel}","templated":true}]}}