{"id":145585,"date":"2026-09-03T16:31:48","date_gmt":"2026-09-03T16:31:48","guid":{"rendered":"https:\/\/iwell-guard.com\/?page_id=145585"},"modified":"2026-09-03T16:59:59","modified_gmt":"2026-09-03T16:59:59","slug":"tyr","status":"publish","type":"page","link":"https:\/\/iwell-guard.com\/cs\/tyr\/","title":{"rendered":"T\u00fdr"},"content":{"rendered":"\t\t<div data-elementor-type=\"wp-page\" data-elementor-id=\"145585\" class=\"elementor elementor-145585 elementor-2999 elementor-bc-flex-widget\" data-elementor-post-type=\"page\">\n\t\t\t\t<div class=\"elementor-element elementor-element-718c31b e-flex e-con-boxed e-con e-parent\" data-id=\"718c31b\" data-element_type=\"container\" data-e-type=\"container\" data-settings=\"{&quot;background_background&quot;:&quot;classic&quot;}\">\n\t\t\t\t\t<div class=\"e-con-inner\">\n\t\t<div class=\"elementor-element elementor-element-e6a3c93 e-flex e-con-boxed e-con e-child\" data-id=\"e6a3c93\" data-element_type=\"container\" data-e-type=\"container\">\n\t\t\t\t\t<div class=\"e-con-inner\">\n\t\t<div class=\"elementor-element elementor-element-b0f0c91 e-con-full e-flex e-con e-child\" data-id=\"b0f0c91\" data-element_type=\"container\" data-e-type=\"container\">\n\t\t\t\t<div class=\"elementor-element elementor-element-78987f3 elementor-widget elementor-widget-heading\" data-id=\"78987f3\" data-element_type=\"widget\" data-e-type=\"widget\" data-widget_type=\"heading.default\">\n\t\t\t\t\t<h1 class=\"elementor-heading-title elementor-size-default\">T\u00fdr, germ\u00e1nsk\u00fd b\u016fh pr\u00e1va a v\u00e1lky<\/h1>\t\t\t\t<\/div>\n\t\t\t\t<div class=\"elementor-element elementor-element-e600bbc elementor-widget elementor-widget-text-editor\" data-id=\"e600bbc\" data-element_type=\"widget\" data-e-type=\"widget\" data-widget_type=\"text-editor.default\">\n\t\t\t\t\t\t\t\t\t<p>T\u00fdr je germ\u00e1nsk\u00fd b\u016fh v\u00e1lky a str\u00e1\u017ece p\u0159\u00edsahy, jemu\u017e podl\u00e9h\u00e1 pr\u00e1vo a z\u00e1vazn\u00e9 slovo. T\u00fdr pat\u0159\u00ed k nejstar\u0161\u00edm bo\u017estv\u016fm germ\u00e1nsk\u00e9ho panteonu. V eddick\u00fdch pramenech vystupuje jako b\u016fh v\u00e1lky, pr\u00e1va a shrom\u00e1\u017ed\u011bn\u00ed thingu a je pova\u017eov\u00e1n za z\u00e1ruku z\u00e1vazn\u00e9 p\u0159\u00edsahy.<\/p><p>Jeho jednoruk\u00fd vzhled je odvozen od sv\u00e1z\u00e1n\u00ed vlka Fenrira, jedn\u00e9 z kl\u00ed\u010dov\u00fdch epizod seversk\u00e9 <span class=\"iwg-fachbegriff\" data-tooltip=\"Souhrn tradovan\u00fdch vypr\u00e1v\u011bn\u00ed o boz\u00edch ur\u010dit\u00e9 kultury.\" tabindex=\"0\">mytologie<\/span>. Z hlediska d\u011bjin n\u00e1bo\u017eenstv\u00ed je T\u00fdr ch\u00e1p\u00e1n jako odraz indoevropsk\u00e9ho nebesk\u00e9ho a pr\u00e1vn\u00edho bo\u017estva, srovnateln\u00e9ho s \u0159\u00edmsk\u00fdm Martem a \u0159eck\u00fdm Zeusem v jeho star\u0161\u00ed funkci boha p\u0159\u00edsahy.<\/p>\t\t\t\t\t\t\t\t<\/div>\n\t\t\t\t<\/div>\n\t\t<div class=\"elementor-element elementor-element-0088fab e-con-full e-flex e-con e-parent\" data-id=\"0088fab\" data-element_type=\"container\" data-e-type=\"container\">\n\t\t\t\t<div class=\"elementor-element elementor-element-78ca0c9 elementor-widget elementor-widget-html\" data-id=\"78ca0c9\" data-element_type=\"widget\" data-e-type=\"widget\" data-widget_type=\"html.default\">\n\t\t\t\t\t<div class=\"iwg-pill-row\"><span class=\"iwg-klasse-badge\" tabindex=\"0\" data-tooltip=\"B\u016fh \/ Bohyn\u011b: Zosobn\u011bn\u00e1 nejvy\u0161\u0161\u00ed moc v panteonu ur\u010dit\u00e9 kultury, s jasn\u011b vymezen\u00fdmi oblastmi p\u016fsobnosti \u2014 p\u0159\u00edrodn\u00ed s\u00edly, osud, v\u00e1lka, plodnost. Uct\u00edv\u00e1na prost\u0159ednictv\u00edm kult\u016f, ob\u011bt\u00ed a chr\u00e1mov\u00fdch instituc\u00ed.\">B\u016fh<\/span><a href=\"https:\/\/iwell-guard.com\/cs\/germansky\/\" class=\"iwg-kultur-badge\" tabindex=\"0\" data-tooltip=\"P\u0159edk\u0159es\u0165ansk\u00fd sv\u011bt boh\u016f a duch\u016f severn\u00ed a st\u0159edn\u00ed Evropy.\">Germ\u00e1nsk\u00fd<\/a><\/div>\t\t\t\t<\/div>\n\t\t\t\t<\/div>\n\t\t<div class=\"elementor-element elementor-element-96613ac e-con-full e-flex e-con e-child\" data-id=\"96613ac\" data-element_type=\"container\" data-e-type=\"container\">\n\t\t\t\t<div class=\"elementor-element elementor-element-625c0e4 elementor-toc--minimized-on-tablet elementor-widget elementor-widget-table-of-contents\" data-id=\"625c0e4\" data-element_type=\"widget\" data-e-type=\"widget\" data-settings=\"{&quot;exclude_headings_by_selector&quot;:[],&quot;no_headings_message&quot;:&quot;Na t\\u00e9to str\\u00e1nce nebyly nalezeny \\u017e\\u00e1dn\\u00e9 nadpisy.&quot;,&quot;headings_by_tags&quot;:[&quot;h2&quot;,&quot;h3&quot;],&quot;marker_view&quot;:&quot;bullets&quot;,&quot;icon&quot;:{&quot;value&quot;:&quot;fas fa-circle&quot;,&quot;library&quot;:&quot;fa-solid&quot;,&quot;rendered_tag&quot;:&quot;&lt;svg class=\\&quot;e-font-icon-svg e-fas-circle\\&quot; viewBox=\\&quot;0 0 512 512\\&quot; xmlns=\\&quot;http:\\\/\\\/www.w3.org\\\/2000\\\/svg\\&quot;&gt;&lt;path d=\\&quot;M256 8C119 8 8 119 8 256s111 248 248 248 248-111 248-248S393 8 256 8z\\&quot;&gt;&lt;\\\/path&gt;&lt;\\\/svg&gt;&quot;},&quot;minimize_box&quot;:&quot;yes&quot;,&quot;minimized_on&quot;:&quot;tablet&quot;,&quot;hierarchical_view&quot;:&quot;yes&quot;,&quot;min_height&quot;:{&quot;unit&quot;:&quot;px&quot;,&quot;size&quot;:&quot;&quot;,&quot;sizes&quot;:[]},&quot;min_height_tablet&quot;:{&quot;unit&quot;:&quot;px&quot;,&quot;size&quot;:&quot;&quot;,&quot;sizes&quot;:[]},&quot;min_height_mobile&quot;:{&quot;unit&quot;:&quot;px&quot;,&quot;size&quot;:&quot;&quot;,&quot;sizes&quot;:[]}}\" data-widget_type=\"table-of-contents.default\">\n\t\t\t\t\t\t\t\t\t<div class=\"elementor-toc__header\">\n\t\t\t\t\t\t<h2 class=\"elementor-toc__header-title\">\n\t\t\t\tObsah\t\t\t<\/h2>\n\t\t\t\t\t\t\t\t\t\t<div class=\"elementor-toc__toggle-button elementor-toc__toggle-button--expand\" role=\"button\" tabindex=\"0\" aria-controls=\"elementor-toc__625c0e4\" aria-expanded=\"true\" aria-label=\"Open table of contents\"><svg aria-hidden=\"true\" class=\"e-font-icon-svg e-fas-chevron-down\" viewBox=\"0 0 448 512\" xmlns=\"http:\/\/www.w3.org\/2000\/svg\"><path d=\"M207.029 381.476L12.686 187.132c-9.373-9.373-9.373-24.569 0-33.941l22.667-22.667c9.357-9.357 24.522-9.375 33.901-.04L224 284.505l154.745-154.021c9.379-9.335 24.544-9.317 33.901.04l22.667 22.667c9.373 9.373 9.373 24.569 0 33.941L240.971 381.476c-9.373 9.372-24.569 9.372-33.942 0z\"><\/path><\/svg><\/div>\n\t\t\t\t<div class=\"elementor-toc__toggle-button elementor-toc__toggle-button--collapse\" role=\"button\" tabindex=\"0\" aria-controls=\"elementor-toc__625c0e4\" aria-expanded=\"true\" aria-label=\"Close table of contents\"><svg aria-hidden=\"true\" class=\"e-font-icon-svg e-fas-chevron-up\" viewBox=\"0 0 448 512\" xmlns=\"http:\/\/www.w3.org\/2000\/svg\"><path d=\"M240.971 130.524l194.343 194.343c9.373 9.373 9.373 24.569 0 33.941l-22.667 22.667c-9.357 9.357-24.522 9.375-33.901.04L224 227.495 69.255 381.516c-9.379 9.335-24.544 9.317-33.901-.04l-22.667-22.667c-9.373-9.373-9.373-24.569 0-33.941L207.03 130.525c9.372-9.373 24.568-9.373 33.941-.001z\"><\/path><\/svg><\/div>\n\t\t\t\t\t<\/div>\n\t\t\t\t<div id=\"elementor-toc__625c0e4\" class=\"elementor-toc__body\">\n\t\t\t<div class=\"elementor-toc__spinner-container\">\n\t\t\t\t<svg class=\"elementor-toc__spinner eicon-animation-spin e-font-icon-svg e-eicon-loading\" aria-hidden=\"true\" viewBox=\"0 0 1000 1000\" xmlns=\"http:\/\/www.w3.org\/2000\/svg\"><path d=\"M500 975V858C696 858 858 696 858 500S696 142 500 142 142 304 142 500H25C25 237 238 25 500 25S975 237 975 500 763 975 500 975Z\"><\/path><\/svg>\t\t\t<\/div>\n\t\t<\/div>\n\t\t\t\t\t\t<\/div>\n\t\t\t\t<\/div>\n\t\t\t\t\t<\/div>\n\t\t\t\t<\/div>\n\t\t<div class=\"elementor-element elementor-element-69bc4d3 e-con-full e-flex e-con e-child\" data-id=\"69bc4d3\" data-element_type=\"container\" data-e-type=\"container\">\n\t\t\t\t<div class=\"elementor-element elementor-element-37a9d54 iwg-hero-image elementor-widget elementor-widget-image\" data-id=\"37a9d54\" data-element_type=\"widget\" data-e-type=\"widget\" data-widget_type=\"image.default\">\n\t\t\t\t\t\t\t\t\t\t\t\t\t\t\t<img fetchpriority=\"high\" decoding=\"async\" width=\"683\" height=\"1024\" src=\"https:\/\/iwell-guard.com\/wp-content\/uploads\/2026\/05\/goetter_germanisch_tyr-1-683x1024.webp\" class=\"attachment-large size-large wp-image-147256\" alt=\"T\u00fdr \u2013 b\u016fh z germ\u00e1nsk\u00e9 tradice, historicko-ilustrativn\u00ed vyobrazen\u00ed\" srcset=\"https:\/\/iwell-guard.com\/wp-content\/uploads\/2026\/05\/goetter_germanisch_tyr-1-683x1024.webp 683w, https:\/\/iwell-guard.com\/wp-content\/uploads\/2026\/05\/goetter_germanisch_tyr-1-200x300.webp 200w, https:\/\/iwell-guard.com\/wp-content\/uploads\/2026\/05\/goetter_germanisch_tyr-1-768x1152.webp 768w, https:\/\/iwell-guard.com\/wp-content\/uploads\/2026\/05\/goetter_germanisch_tyr-1.webp 1024w\" sizes=\"(max-width: 683px) 100vw, 683px\" \/>\t\t\t\t\t\t\t\t\t\t\t\t\t\t\t<\/div>\n\t\t\t\t<\/div>\n\t\t\t\t\t<\/div>\n\t\t\t\t<\/div>\n\t\t<div class=\"elementor-element elementor-element-ded2f89 e-con-boxed e-flex e-con e-parent\" data-id=\"ded2f89\" data-element_type=\"container\" data-e-type=\"container\">\n\t\t\t\t\t<div class=\"e-con-inner\">\n\t\t<div class=\"elementor-element elementor-element-0cf4716 e-con-full e-flex e-con e-child\" data-id=\"0cf4716\" data-element_type=\"container\" data-e-type=\"container\">\n\t\t\t\t<div class=\"elementor-element elementor-element-80bfd98 elementor-widget elementor-widget-heading\" data-id=\"80bfd98\" data-element_type=\"widget\" data-e-type=\"widget\" data-widget_type=\"heading.default\">\n\t\t\t\t\t<h2 class=\"elementor-heading-title elementor-size-default\">M\u00fdtus a p\u016fvod<\/h2>\t\t\t\t<\/div>\n\t\t\t\t<div class=\"elementor-element elementor-element-44b0135 elementor-widget elementor-widget-text-editor\" data-id=\"44b0135\" data-element_type=\"widget\" data-e-type=\"widget\" data-widget_type=\"text-editor.default\">\n\t\t\t\t\t\t\t\t\t<p>V\u00fdzkum spat\u0159uje v T\u00fdrovi (staroseversk\u00e9 T\u00fdr, starohornon\u011bmeck\u00e9 Ziu, z\u00e1padogerm\u00e1nsk\u00e9 Tiwaz) jazykov\u011b dob\u0159e dolo\u017een\u00e9ho pokra\u010dovatele indoevropsk\u00e9ho nebesk\u00e9ho boha s prageerm\u00e1nsk\u00fdm jm\u00e9nem *Tiwaz.<\/p><p>Tento ko\u0159en lze spojit s \u0159eck\u00fdm Zeus, latinsk\u00fdm Iuppiter (p\u016fvodn\u011b *dyeu-pater) a sanskrtsk\u00fdm Dyaus Pitar. V germ\u00e1nsk\u00e9 <span class=\"iwg-fachbegriff\" data-tooltip=\"P\u0159ed\u00e1v\u00e1n\u00ed poznatk\u016f a vypr\u00e1v\u011bn\u00ed nap\u0159\u00ed\u010d generacemi.\" tabindex=\"0\">tradici<\/span> se funkce posouv\u00e1: z nebesk\u00e9ho p\u00e1na indoevropsk\u00e9 tradice se st\u00e1v\u00e1 b\u016fh v\u00e1lky a pr\u00e1va thingov\u00e9 spole\u010dnosti.<\/p>\n<p>Snorri Sturluson ozna\u010duje T\u00fdra v \u201ePr\u00f3za-Edd\u011b\u201c (Gylfaginning 25) za \u201enejsm\u011blej\u0161\u00edho a nejodv\u00e1\u017en\u011bj\u0161\u00edho\u201c z \u00c1s\u016f, kter\u00fd rozhoduje, kdo zv\u00edt\u011bz\u00ed v boji. Je naz\u00fdv\u00e1n synem \u00d3dina, av\u0161ak v \u201eHymiskvid\u011b\u201c z \u201eP\u00eds\u0148ov\u00e9 Eddy\u201c synem obra Hymira.<\/p><p>Tuto rozporuplnou genealogii vykl\u00e1daj\u00ed Jan de Vries a Rudolf Simek jako stopu star\u0161\u00edho, samostatn\u00e9ho postaven\u00ed T\u00fdra, kter\u00e9 bylo pozd\u011bji v liter\u00e1rn\u00edch pramenech zast\u00edn\u011bno p\u0159evahou \u00d3dina.<\/p>\n<p>\u00dast\u0159edn\u00edm mytolog\u00e9mem je sv\u00e1z\u00e1n\u00ed Fenrira. Kdy\u017e cht\u011bj\u00ed \u00c1sov\u00e9 poutem Gleipnir spoutat neovladateln\u011b rostouc\u00edho vlka Fenrira, \u017e\u00e1d\u00e1 zv\u00ed\u0159e z\u00e1ruku dobr\u00e9 v\u016fle. Jedin\u011b T\u00fdr vlo\u017e\u00ed svou pravou ruku do vl\u010d\u00ed tlamy.<\/p><p>Jakmile Fenrir odhal\u00ed podvod, ukousne mu ruku. Snorri uv\u00e1d\u00ed, \u017ee T\u00fdr je od t\u00e9 doby jednoruk\u00fd a nem\u016f\u017ee b\u00fdt pova\u017eov\u00e1n za zprost\u0159edkovatele m\u00edru mezi lidmi. Tato sc\u00e9na je ikonograficky dolo\u017eena na n\u011bkolika skandin\u00e1vsk\u00fdch obrazov\u00fdch kamenech a mal\u00fdch bronzov\u00fdch p\u0159\u00edv\u011bsc\u00edch ze 6. a\u017e 10. stolet\u00ed.<\/p>\n<p>Ve \u201eVolusp\u011b\u201c a v Snorriho \u201eGylfaginningu\u201c 51 je pops\u00e1n T\u00fdr\u016fv konec. P\u0159i Ragnar\u00f6ku se postav\u00ed proti pekeln\u00e9mu psu Garmovi. Oba se navz\u00e1jem zabij\u00ed. Smrt obou bytost\u00ed zna\u010d\u00ed konec star\u00e9ho \u0159\u00e1du a stoj\u00ed v symetrick\u00e9m vztahu k \u00d3dinovu z\u00e1niku v boji proti Fenrirovi a Thorov\u011b smrti na jed Midgardsk\u00e9ho hada.<\/p>\n\n<p>V\u00fdzkum sledoval jm\u00e9no T\u00fdr v mnoha n\u00e1pisech a toponymech. Tiwaz-<span class=\"iwg-fachbegriff\" data-tooltip=\"P\u00edsemn\u00e9 znaky germ\u00e1nsk\u00fdch n\u00e1rod\u016f, pou\u017e\u00edvan\u00e9 rovn\u011b\u017e k ochrann\u00fdm a zakl\u00ednac\u00edm formul\u00edm.\" tabindex=\"0\">runa<\/span> se nach\u00e1z\u00ed na hrotu kop\u00ed z Kovelu (Voly\u0148, 3. stolet\u00ed), na spon\u011b z Aquinca (Panonie, 4. stolet\u00ed) a na \u010detn\u00fdch brakte\u00e1tech z n\u00e1lez\u016f z doby st\u011bhov\u00e1n\u00ed n\u00e1rod\u016f v D\u00e1nsku a ji\u017en\u00edm \u0160v\u00e9dsku.<\/p><p>Roz\u0161\u00ed\u0159en\u00ed t\u011bchto doklad\u016f sah\u00e1 od Dunaje a\u017e po st\u0159edn\u00ed \u0160v\u00e9dsko a ukazuje tradici zasahuj\u00edc\u00ed v\u0161echny germ\u00e1nsk\u00e9 kmenov\u00e9 skupiny.<\/p>\n<p>Zvl\u00e1\u0161tn\u00ed postaven\u00ed T\u00fdra v\u016f\u010di ostatn\u00edm boh\u016fm podtrhuje i m\u00edra chudosti m\u00fdt\u016f, kter\u00e9 se k n\u011bmu v\u00e1\u017e\u00ed. Zat\u00edmco \u00d3din, Thor a Loki vystupuj\u00ed v des\u00edtk\u00e1ch epizod, T\u00fdrovy vypr\u00e1v\u011bc\u00ed mo\u017enosti se omezuj\u00ed na n\u011bkolik kl\u00ed\u010dov\u00fdch sc\u00e9n: sv\u00e1z\u00e1n\u00ed Fenrira, v\u00fdpravu k Hymirovi, boj s Garmem p\u0159i Ragnar\u00f6ku.<\/p><p>Klaus von See ve sv\u00fdch koment\u00e1\u0159\u00edch k Edd\u011b (sv. 4, 2004) zast\u00e1val tezi, \u017ee tato chudost m\u00fdt\u016f nen\u00ed n\u00e1hodn\u00e1, ale odrazem star\u0161\u00edho boha, jeho\u017e liter\u00e1rn\u00ed zm\u00ednky v 9. a\u017e 13. stolet\u00ed ub\u00fdvaly, zat\u00edmco jeho kultovn\u00ed a pr\u00e1vn\u00ed funkce d\u00e1le podzemn\u011b p\u0159etrv\u00e1vala.<\/p>\t\t\t\t\t\t\t\t<\/div>\n\t\t\t\t<\/div>\n\t\t<div class=\"elementor-element elementor-element-5f5ca5a e-con-full e-flex e-con e-child\" data-id=\"5f5ca5a\" data-element_type=\"container\" data-e-type=\"container\">\n\t\t\t\t<div class=\"elementor-element elementor-element-0279ee6 elementor-widget elementor-widget-heading\" data-id=\"0279ee6\" data-element_type=\"widget\" data-e-type=\"widget\" data-widget_type=\"heading.default\">\n\t\t\t\t\t<h2 class=\"elementor-heading-title elementor-size-default\">Symboly a atributy<\/h2>\t\t\t\t<\/div>\n\t\t\t\t<div class=\"elementor-element elementor-element-1f64623 elementor-widget elementor-widget-text-editor\" data-id=\"1f64623\" data-element_type=\"widget\" data-e-type=\"widget\" data-widget_type=\"text-editor.default\">\n\t\t\t\t\t\t\t\t\t<p>N\u00e1padn\u00fdm atributem je chyb\u011bj\u00edc\u00ed prav\u00e1 ruka. V obrazov\u00e9 tradici vystupuje T\u00fdr v\u011bt\u0161inou s me\u010dem a pah\u00fdlem sahaj\u00edc\u00edm do vl\u010d\u00ed tlamy. Runov\u00e9 znamen\u00ed Tiwaz, nazvan\u00e9 po n\u011bm (germ\u00e1nsk\u00e1 t-<span class=\"iwg-fachbegriff\" data-tooltip=\"P\u00edsemn\u00e9 znaky germ\u00e1nsk\u00fdch n\u00e1rod\u016f, pou\u017e\u00edvan\u00e9 rovn\u011b\u017e k ochrann\u00fdm a zakl\u00ednac\u00edm formul\u00edm.\" tabindex=\"0\">runa<\/span>, staroseversk\u00e9 t\u00fdr), m\u00e1 tvar \u0161ipky sm\u011b\u0159uj\u00edc\u00ed nahoru.<\/p><p>\u201eSigrdr\u00edfum\u00e1l\u201c z \u201eP\u00eds\u0148ov\u00e9 Eddy\u201c doporu\u010duje vyr\u00fdt <span class=\"iwg-fachbegriff\" data-tooltip=\"P\u00edsemn\u00e9 znaky germ\u00e1nsk\u00fdch n\u00e1rod\u016f, pou\u017e\u00edvan\u00e9 rovn\u011b\u017e k ochrann\u00fdm a zakl\u00ednac\u00edm formul\u00edm.\" tabindex=\"0\">runu<\/span> na me\u010d a dvakr\u00e1t pron\u00e9st T\u00fdrovo jm\u00e9no, aby bylo dosa\u017eeno v\u00edt\u011bzstv\u00ed. T\u00edm se <span class=\"iwg-fachbegriff\" data-tooltip=\"P\u00edsemn\u00e9 znaky germ\u00e1nsk\u00fdch n\u00e1rod\u016f, pou\u017e\u00edvan\u00e9 rovn\u011b\u017e k ochrann\u00fdm a zakl\u00ednac\u00edm formul\u00edm.\" tabindex=\"0\">runa<\/span> jev\u00ed z\u00e1rove\u0148 jako p\u00edsemn\u00fd znak a jako magick\u00e9 sigilum.<\/p>\n<p>P\u0159i\u0159azen\u00fdm dnem v t\u00fddnu je \u00fater\u00fd, v angli\u010dtin\u011b Tuesday, ve \u0161v\u00e9d\u0161tin\u011b tisdag, v nor\u0161tin\u011b a d\u00e1n\u0161tin\u011b tirsdag. V jihon\u011bmeck\u00fdch alemansk\u00fdch n\u00e1\u0159e\u010d\u00edch p\u0159e\u017e\u00edv\u00e1 forma Ziestag, Zischtig a\u017e do 20. stolet\u00ed.<\/p><p>Tento zp\u016fsob tvo\u0159en\u00ed dne v t\u00fddnu se \u0159\u00edd\u00ed interpretatio romana, v n\u00ed\u017e byl T\u00fdr ztoto\u017en\u011bn s Martem. Tacitus uv\u00e1d\u00ed v \u201eGerm\u00e1nii\u201c, kapitole 9, \u017ee Germ\u00e1ni mezi bohy ctili i Marta, \u010d\u00edm\u017e byl m\u00edn\u011bn Tiwaz.<\/p>\n<p>Zv\u00ed\u0159ec\u00ed ob\u011btiny pro T\u00fdra jsou v archeologick\u00fdch n\u00e1lezech spojov\u00e1ny p\u0159edev\u0161\u00edm s kon\u011bm a psem. Ra\u0161elini\u0161tn\u00ed n\u00e1lezy z D\u00e1nska, nap\u0159\u00edklad Illerup Adal a Nydam, obsahuj\u00ed ve velk\u00e9m rozsahu zni\u010den\u00e9 zbran\u011b, kter\u00e9 jsou podle v\u00fdkladu Klause Randsborga a Joachima Wernera interpretov\u00e1ny jako v\u00e1le\u010dn\u00e1 ob\u011btina bohu v\u00e1lky, pravd\u011bpodobn\u011b Tiwazovi.<\/p>\t\t\t\t\t\t\t\t<\/div>\n\t\t\t\t<\/div>\n\t\t<div class=\"elementor-element elementor-element-0e8d786 e-con-full e-flex e-con e-child\" data-id=\"0e8d786\" data-element_type=\"container\" data-e-type=\"container\">\n\t\t\t\t<div class=\"elementor-element elementor-element-2ee60db elementor-widget elementor-widget-heading\" data-id=\"2ee60db\" data-element_type=\"widget\" data-e-type=\"widget\" data-widget_type=\"heading.default\">\n\t\t\t\t\t<h2 class=\"elementor-heading-title elementor-size-default\">Kult a uct\u00edv\u00e1n\u00ed<\/h2>\t\t\t\t<\/div>\n\t\t\t\t<div class=\"elementor-element elementor-element-dd246c0 elementor-widget elementor-widget-text-editor\" data-id=\"dd246c0\" data-element_type=\"widget\" data-e-type=\"widget\" data-widget_type=\"text-editor.default\">\n\t\t\t\t\t\t\t\t\t<p>Adam z Br\u00e9m popisuje ve sv\u00e9m d\u00edle \u00abGesta Hammaburgensis ecclesi\u00e4 pontificum\u00bb (kolem 1075) <span class=\"iwg-fachbegriff\" data-tooltip=\"Stavba slou\u017e\u00edc\u00ed uct\u00edv\u00e1n\u00ed jednoho nebo v\u00edce bo\u017estev.\" tabindex=\"0\">chr\u00e1m<\/span> v Uppsale se t\u0159emi sochami boh\u016f: Thorem, Wodanem a Friccem. Tyr v tomto pozdn\u00edm v\u00fd\u010dtu chyb\u00ed, co\u017e je \u010dteno jako doklad ub\u00fdvaj\u00edc\u00edho kultovn\u00edho v\u00fdznamu v pozdn\u00ed vikinsk\u00e9 f\u00e1zi.<\/p><p>Ve star\u0161\u00edch vrstv\u00e1ch, nap\u0159\u00edklad na kontinentu v kmenov\u00fdch oblastech ji\u017en\u00edho N\u011bmecka a Sas\u016f, bylo naopak jeho postaven\u00ed v\u00fdrazn\u00e9. M\u00edstn\u00ed n\u00e1zvy jako Tislund (D\u00e1nsko), Tysnes (Norsko) nebo Zierberg, Ziessenhausen (ji\u017en\u00ed N\u011bmecko) dokl\u00e1daj\u00ed hustou s\u00ed\u0165 posv\u00e1tn\u00fdch m\u00edst.<\/p>\n<p>Tacitus v \u00abGermanii\u00bb 9 zmi\u0148uje bez uveden\u00ed vlastn\u00edho jm\u00e9na germ\u00e1nsk\u00e9ho Marta, jemu\u017e byly p\u0159in\u00e1\u0161eny lidsk\u00e9 ob\u011bti. V \u00abAnn\u00e1lech\u00bb 13,57 popisuje v\u00edt\u011bzstv\u00ed Hermundur\u016f nad Chatty, p\u0159i n\u011bm\u017e bylo cel\u00e9 vojsko pora\u017een\u00fdch i s ko\u0148mi a zbran\u011bmi <span class=\"iwg-fachbegriff\" data-tooltip=\"N\u00e1bo\u017eensk\u00fdm \u00fakonem odevzd\u00e1no posv\u00e1tnu, a t\u00edm vy\u0148ato z b\u011b\u017en\u00e9ho v\u0161edn\u00edho \u017eivota.\" tabindex=\"0\">zasv\u011bceno<\/span> Martovi a Merkurovi.<\/p><p>Religionist\u00e9 jako Jens Peter Schj\u00f8dt vykl\u00e1daj\u00ed tuto praxi jako ritu\u00e1ln\u00ed devotio, formu p\u0159edb\u011b\u017en\u00e9 ob\u011bti v\u00e1le\u010dn\u00e9mu bo\u017estvu k zaji\u0161t\u011bn\u00ed v\u00edt\u011bzstv\u00ed.<\/p>\n<p>Tingov\u00e9 shroma\u017edi\u0161t\u011b bylo prostorem, kter\u00fd mu byl p\u0159i\u0159azen. Proto\u017ee ting byl z\u00e1rove\u0148 soudn\u00edm i politick\u00fdm shrom\u00e1\u017ed\u011bn\u00edm, p\u0159ipadla Tyrovi role str\u00e1\u017ece pr\u00e1vn\u00edho \u0159\u00e1du. Staroislandsk\u00e1 \u00abLandn\u00e1mab\u00f3k\u00bb a \u0161v\u00e9dsk\u00fd z\u00e1kon\u00edk \u00abUpplandslagen\u00bb uchov\u00e1vaj\u00ed stopy star\u0161\u00edho spojen\u00ed p\u0159\u00edse\u017en\u00fdch formul\u00ed, tingov\u00e9 p\u016fdy a postavy Tyra.<\/p><p><span data-nosnippet>Margaret Clunies Rossov\u00e1 ve sv\u00e9 pr\u00e1ci \u00abProlonged Echoes\u00bb (1994) uk\u00e1zala, \u017ee pr\u00e1vn\u00ed funkce v pozdn\u00ed liter\u00e1rn\u00ed vrstv\u011b p\u0159e\u0161la p\u0159ev\u00e1\u017en\u011b na Forsetiho a dal\u0161\u00ed mlad\u0161\u00ed postavy, av\u0161ak archaick\u00fd n\u00e1lez o Tyrovi se zachoval v p\u0159\u00edse\u017en\u00fdch formul\u00edch a runov\u00fdch sv\u011bdectv\u00edch.<\/span><\/p>\t\t\t\t\t\t\t\t<\/div>\n\t\t\t\t<\/div>\n\t\t<div class=\"elementor-element elementor-element-71045c2 e-con-full e-flex e-con e-child\" data-id=\"71045c2\" data-element_type=\"container\" data-e-type=\"container\">\n\t\t\t\t<div class=\"elementor-element elementor-element-dff6ce2 elementor-widget elementor-widget-heading\" data-id=\"dff6ce2\" data-element_type=\"widget\" data-e-type=\"widget\" data-widget_type=\"heading.default\">\n\t\t\t\t\t<h2 class=\"elementor-heading-title elementor-size-default\">D\u016fle\u017eit\u00e9 m\u00fdty<\/h2>\t\t\t\t<\/div>\n\t\t\t\t<div class=\"elementor-element elementor-element-b996b95 elementor-widget elementor-widget-text-editor\" data-id=\"b996b95\" data-element_type=\"widget\" data-e-type=\"widget\" data-widget_type=\"text-editor.default\">\n\t\t\t\t\t\t\t\t\t<p>\u00dast\u0159edn\u00ed m\u00edsto zauj\u00edm\u00e1 spout\u00e1n\u00ed Fenrira. Snorri v Gylfaginning 34 podrobn\u011b vypr\u00e1v\u00ed, jak trpasl\u00edci ze Svartalfaheimu vykovali z \u0161esti nemo\u017en\u00fdch surovin pouto Gleipnir: zvuku ko\u010di\u010d\u00ed tlapky, vous\u016f \u017eeny, ko\u0159en\u016f hory, \u0161lach medv\u011bda, dechu ryby a slin pt\u00e1ka.<\/p><p>Tento v\u00fd\u010det m\u00e1 magicko-poetickou funkci a vysv\u011btluje, pro\u010d sv\u011bt tyto v\u011bci ji\u017e nem\u00e1.<\/p><p><span data-nosnippet>Fenrir zd\u00e1nliv\u011b tenk\u00e9mu provazu ned\u016fv\u011b\u0159uje. Tyrovo jedn\u00e1n\u00ed tedy nen\u00ed impulzivn\u00ed state\u010dnost\u00ed, ale v\u011bdom\u00fdm od\u0159\u00edk\u00e1n\u00edm k zaji\u0161t\u011bn\u00ed kosmick\u00e9ho \u0159\u00e1du. Georges Dum\u00e9zil ve sv\u00e9 pr\u00e1ci \u00abMitra-Varuna\u00bb (1948) vylo\u017eil tuto sc\u00e9nu jako p\u0159\u00edklad ztr\u00e1ty suverenity pr\u00e1vn\u00edho boha: Tyr p\u0159ich\u00e1z\u00ed o ruku, kterou p\u0159\u00edsah\u00e1, a t\u00edm symbolicky ztr\u00e1c\u00ed i \u010d\u00e1st sv\u00e9 pr\u00e1vn\u00ed funkce.<\/span><\/p>\n<p>Druh\u00fdm <span class=\"iwg-fachbegriff\" data-tooltip=\"Tradovan\u00fd p\u0159\u00edb\u011bh o boz\u00edch, po\u010d\u00e1tc\u00edch a \u0159\u00e1du sv\u011bta.\" tabindex=\"0\">m\u00fdtem<\/span> je opat\u0159en\u00ed kotle v \u00abHymiskvid\u011b\u00bb. Thor a Tyr putuj\u00ed k obru Hymirovi, aby p\u0159inesli varn\u00fd kotel \u00c1s\u016f. Tyr je zde p\u0159edstaven jako Hymir\u016fv syn, co\u017e podtrhuje rozpornou genealogii.<\/p><p>Sc\u00e9na vrchol\u00ed Thorov\u00fdm rybolovem, p\u0159i n\u011bm\u017e chyt\u00ed na h\u00e1\u010dek Midgardsk\u00e9ho hada. Tyr funguje jako pr\u016fvodce a genealogick\u00e9 poj\u00edtko mezi \u00c1sy a obry.<\/p>\n<p>T\u0159et\u00edm <span class=\"iwg-fachbegriff\" data-tooltip=\"Tradovan\u00fd p\u0159\u00edb\u011bh o boz\u00edch, po\u010d\u00e1tc\u00edch a \u0159\u00e1du sv\u011bta.\" tabindex=\"0\">m\u00fdtem<\/span> je z\u00e1pas s Garmem p\u0159i Ragnar\u00f6ku. Snorri i \u00abV\u00f6lusp\u00e1\u00bb 44 zmi\u0148uj\u00ed psa u vchodu do Helu. V posledn\u00edm boji stoj\u00ed proti sob\u011b Tyr a Garm. Oba se navz\u00e1jem zabij\u00ed.<\/p><p>Toto vz\u00e1jemn\u00e9 zni\u010den\u00ed je ve v\u00fdzkumu \u010dteno jako zrcadlov\u00e1 obdoba souboje Odina s Fenrirem. Zat\u00edmco Odin je pohlcen, Tyr pad\u00e1 v soum\u011brn\u00e9m z\u00e1niku. Skladba sv\u011bd\u010d\u00ed o pozdn\u00ed b\u00e1snick\u00e9 \u00faprav\u011b, kter\u00e1 Tyra zasazuje do sch\u00e9matu Ragnar\u00f6ku.<\/p>\n\n<p>V\u00fdzkum spout\u00e1n\u00ed Fenrira zd\u016fraznil <span class=\"iwg-fachbegriff\" data-tooltip=\"Opakuj\u00edc\u00ed se obsahov\u00fd prvek v um\u011bn\u00ed nebo vypr\u00e1v\u011bn\u00ed.\" tabindex=\"0\">motiv<\/span> bo\u017esk\u00e9 sebeob\u011bti. Tyrovo gesto nen\u00ed jen state\u010dnost\u00ed, ale pr\u00e1vn\u00edm aktem: d\u00e1v\u00e1 svou z\u00e1ruku za smlouvu, kter\u00e1 je pak poru\u0161ena.<\/p><p>Poru\u0161en\u00ed smlouvy ostatn\u00edmi \u00c1sy je tak kosmicky ozna\u010deno a z\u00e1rove\u0148 legitimizov\u00e1no. Klaus von See tento v\u00fdklad rozpracoval z pr\u00e1vn\u011b-smluvn\u00edho hlediska: Tyr p\u0159ich\u00e1z\u00ed o ruku proto, \u017ee byl jedinou bo\u017e\u00ed rukou, kter\u00e9 Fenrir d\u016fv\u011b\u0159oval, a pr\u00e1v\u011b tato d\u016fv\u011bryhodnost byla skute\u010dnou z\u00e1rukou spout\u00e1n\u00ed.<\/p>\n<p>M\u00e9n\u011b zn\u00e1m\u00e1 mytologick\u00e1 stopa se nach\u00e1z\u00ed v \u00abHei\u00f0reks s\u00e1ze\u00bb (13. stolet\u00ed), kde se Tyr\u016fv me\u010d objevuje jako kouzeln\u00e1 zbra\u0148 zaji\u0161\u0165uj\u00edc\u00ed v\u00edt\u011bzstv\u00ed. Tato pozdn\u00ed vyprav\u011b\u010dsk\u00e1 vrstva ukazuje, \u017ee Tyrova v\u00e1le\u010dnick\u00e1 funkce z\u016fst\u00e1vala p\u0159\u00edtomn\u00e1 i v sagov\u00e9 literatu\u0159e dlouho pot\u00e9, co kultovn\u00ed uct\u00edv\u00e1n\u00ed v u\u017e\u0161\u00edm smyslu ustalo.<\/p><p>S\u00e1ga spojuje me\u010d s dlouhou genealogi\u00ed pohansk\u00fdch kr\u00e1l\u016f a odr\u00e1\u017e\u00ed vzpom\u00ednkov\u00e9 p\u0159isvojen\u00ed pohansk\u00e9ho d\u011bdictv\u00ed v k\u0159es\u0165ansk\u00e9 dob\u011b.<\/p>\t\t\t\t\t\t\t\t<\/div>\n\t\t\t\t<\/div>\n\t\t<div class=\"elementor-element elementor-element-2ac31a7 e-con-full e-flex e-con e-child\" data-id=\"2ac31a7\" data-element_type=\"container\" data-e-type=\"container\">\n\t\t\t\t<div class=\"elementor-element elementor-element-fd922b6 elementor-widget elementor-widget-heading\" data-id=\"fd922b6\" data-element_type=\"widget\" data-e-type=\"widget\" data-widget_type=\"heading.default\">\n\t\t\t\t\t<h2 class=\"elementor-heading-title elementor-size-default\">Vztahy v panteonu<\/h2>\t\t\t\t<\/div>\n\t\t\t\t<div class=\"elementor-element elementor-element-48e14a8 elementor-widget elementor-widget-text-editor\" data-id=\"48e14a8\" data-element_type=\"widget\" data-e-type=\"widget\" data-widget_type=\"text-editor.default\">\n\t\t\t\t\t\t\t\t\t<p>Tyr pat\u0159\u00ed mezi \u00c1sy, ani\u017e by bylo jeho genealogick\u00e9 postaven\u00ed jednozna\u010dn\u00e9. Snorri jej naz\u00fdv\u00e1 synem Odina, \u00abHymiskvida\u00bb synem Hymira a nejmenovan\u00e9 matky obryn\u011b, jej\u00ed\u017e zlat\u00e9 \u0161perky a vzne\u0161en\u00e9 chov\u00e1n\u00ed nazna\u010duj\u00ed urozen\u011bj\u0161\u00ed p\u016fvod, ne\u017e by odpov\u00eddalo pouh\u00e9mu ob\u0159\u00edmu stavu.<\/p><p><span data-nosnippet>Rudolf Simek ve sv\u00e9m d\u00edle \u00abLexikon der germanischen <span class=\"iwg-fachbegriff\" data-tooltip=\"Souhrn tradovan\u00fdch vypr\u00e1v\u011bn\u00ed o boz\u00edch dan\u00e9 kultury.\" tabindex=\"0\">Mythologie<\/span>\u00bb (3. vyd\u00e1n\u00ed 2006) navrhl p\u0159edpokl\u00e1dat zde dv\u011b soupe\u0159\u00edc\u00ed tradice.<\/span><\/p>\n<p>Man\u017eelka Tyra nen\u00ed v eddick\u00fdch pramenech v\u00fdslovn\u011b zm\u00edn\u011bna. V \u00abLokasenn\u011b\u00bb 40 mluv\u00ed Loki o nejmenovan\u00e9 Tyrov\u011b \u017een\u011b, s n\u00ed\u017e m\u011bl on, Loki, syna.<\/p><p>Toto m\u00edsto je hanlivou \u0159e\u010d\u00ed a nelze je \u010d\u00edst jako spolehlivou genealogii. Pozd\u011bj\u0161\u00ed islandsk\u00e9 tradice spojuj\u00ed Tyra s Zisou, bohyn\u00ed dolo\u017eenou z alemansk\u00e9 oblasti. Spojen\u00ed je jazykov\u011b v\u011brohodn\u00e9, av\u0161ak pramenn\u011b slab\u011b podlo\u017een\u00e9.<\/p>\n<p>Ve vztahu k Thorovi vystupuje Tyr v \u00abHymiskvid\u011b\u00bb jako spole\u010dn\u00edk na cest\u00e1ch a nositel v\u011bd\u011bn\u00ed. K Odinovi m\u00e1 tato funkce komplement\u00e1rn\u00ed povahu: zat\u00edmco Odin je bohem ext\u00e1ze, <span class=\"iwg-fachbegriff\" data-tooltip=\"Praktiky, kter\u00e9 se pomoc\u00ed zvl\u00e1\u0161tn\u00edch \u00fakon\u016f nebo formul\u00ed sna\u017e\u00ed zas\u00e1hnout do b\u011bhu v\u011bc\u00ed.\" tabindex=\"0\">magie<\/span> a ducha, zastupuje Tyr pr\u00e1vn\u00ed a p\u0159\u00edse\u017enou str\u00e1nku suverenity. Toto bin\u00e1rn\u00ed rozd\u011blen\u00ed funkce suverenity mezi dv\u011b postavy pat\u0159\u00ed k Dum\u00e9zilov\u011b klasick\u00e9 teorii t\u0159\u00ed funkc\u00ed.<\/p>\t\t\t\t\t\t\t\t<\/div>\n\t\t\t\t<\/div>\n\t\t<div class=\"elementor-element elementor-element-13c63a1 e-con-full e-flex e-con e-child\" data-id=\"13c63a1\" data-element_type=\"container\" data-e-type=\"container\">\n\t\t\t\t<div class=\"elementor-element elementor-element-c589da7 elementor-widget elementor-widget-heading\" data-id=\"c589da7\" data-element_type=\"widget\" data-e-type=\"widget\" data-widget_type=\"heading.default\">\n\t\t\t\t\t<h2 class=\"elementor-heading-title elementor-size-default\">Recepce a odkaz<\/h2>\t\t\t\t<\/div>\n\t\t\t\t<div class=\"elementor-element elementor-element-01fd2f5 elementor-widget elementor-widget-text-editor\" data-id=\"01fd2f5\" data-element_type=\"widget\" data-e-type=\"widget\" data-widget_type=\"text-editor.default\">\n\t\t\t\t\t\t\t\t\t<p>V ran\u00e9m st\u0159edov\u011bku kultovn\u00ed \u00facta k Tyrovi s christianizac\u00ed ustupuje, jeho jm\u00e9no se v\u0161ak zachov\u00e1v\u00e1 v n\u00e1zvech dn\u016f v t\u00fddnu, m\u00edstn\u00edch jm\u00e9nech a v runov\u00e9 \u0159ad\u011b. Anglosask\u00e1 \u00abRunov\u00e1 b\u00e1se\u0148\u00bb (10. stolet\u00ed) v\u011bnuje run\u011b Tiwaz <span class=\"iwg-fachbegriff\" data-tooltip=\"P\u00edsmo germ\u00e1nsk\u00fdch n\u00e1rod\u016f, pou\u017e\u00edvan\u00e9 tak\u00e9 pro ochrann\u00e9 a zakl\u00ednac\u00ed formule.\" tabindex=\"0\">run\u011b<\/span> vlastn\u00ed strofu a popisuje ji jako \u00abznak, kter\u00fd zachov\u00e1v\u00e1 v\u011brnost \u0161lechtic\u016fm\u00bb.<\/p><p><span data-nosnippet>Runa se objevuje na me\u010d\u00edch, hrotech kop\u00ed a amuletech z 5. a\u017e 10. stolet\u00ed. Klaus D\u00fcwel katalogizoval ve sv\u00e9 pr\u00e1ci \u00abRunenkunde\u00bb (4. vyd. 2008) p\u0159ibli\u017en\u011b dva tucty doklad\u016f.<\/span><\/p>\n<p><span data-nosnippet>V <span class=\"iwg-fachbegriff\" data-tooltip=\"V\u011bda zkoumaj\u00edc\u00ed ka\u017edodenn\u00ed kulturu, zvyky a p\u0159ed\u00e1van\u00e9 p\u0159edstavy.\" tabindex=\"0\">n\u00e1rodopisu<\/span> 19. stolet\u00ed byl Tyr znovu p\u0159iveden do pov\u011bdom\u00ed d\u00edky d\u00edlu Jacoba Grimma \u00abDeutsche <span class=\"iwg-fachbegriff\" data-tooltip=\"Souhrn p\u0159ed\u00e1van\u00fdch vypr\u00e1v\u011bn\u00ed o boz\u00edch ur\u010dit\u00e9 kultury.\" tabindex=\"0\">Mythologie<\/span>\u00bb (1835). Grimm shrom\u00e1\u017edil region\u00e1ln\u00ed poz\u016fstatky, nap\u0159\u00edklad augsbursk\u00fd m\u00edstn\u00ed n\u00e1zev Ziesberg a \u0161v\u00e1bsk\u00e9 p\u0159\u00edse\u017en\u00e9 formule.<\/span><\/p><p>V obdob\u00ed romantismu a recepce Wagnerova d\u00edla (Prsten Nibelung\u016fv) z\u016fstal Tyr vedlej\u0161\u00ed postavou, zcela odli\u0161n\u011b od Wodana \u010di Donara. Tato marginalizace v um\u011bleck\u00e9 mytologii kontrastuje s jeho \u00fast\u0159edn\u00edm postaven\u00edm v archaick\u00e9 vrstv\u011b.<\/p>\n<p>Ve 20. stolet\u00ed byl Tyr opakovan\u011b o\u017eivov\u00e1n v n\u00e1rodopisn\u011b-n\u00e1bo\u017eensk\u00fdch souvislostech, z\u010d\u00e1sti problematick\u00fdch. V\u011bdeck\u00fd v\u00fdzkum, zastoupen\u00fd Janem de Vriesem, Folkem Str\u00f6mem, Klausem von Seem a ned\u00e1vno Jensem Peterem Schj\u00f8dtem, se od ideologick\u00e9ho zneu\u017e\u00edv\u00e1n\u00ed distancoval a rehabilitoval Tyra jako kl\u00ed\u010dovou postavu indoevropsk\u00e9ho u\u010den\u00ed o suverenit\u011b.<\/p>\n\n<p>Pojmenov\u00e1n\u00ed dne \u00fater\u00fd v germ\u00e1nsk\u00fdch jazyc\u00edch je jednou z nejsiln\u011bj\u0161\u00edch stop antick\u00e9 interpretatio romana, p\u0159i n\u00ed\u017e byli germ\u00e1n\u0161t\u00ed bohov\u00e9 ztoto\u017e\u0148ov\u00e1ni s \u0159\u00edmsk\u00fdmi. Tyr-Mars se tak stal patronem Dies Martis, kter\u00fd dodnes \u017eije d\u00e1l jako Tuesday, tisdag, tirsdag, Tirsd\u00e4g atd.<\/p><p><span data-nosnippet>Jihoalemansk\u00e9 Ziestag a jihon\u011bmeck\u00e9 Zischtig jsou obzvl\u00e1\u0161t\u011b archaick\u00e9 poz\u016fstatky, kter\u00e9 se je\u0161t\u011b v 19. a 20. stolet\u00ed objevovaly v mluven\u00e9m jazyce. N\u00e1rodopisec Eduard Hoffmann-Krayer shrom\u00e1\u017edil ve sv\u00e9m d\u00edle \u00abSchweizerisches Idiotikon\u00bb (svazek 8, 1907) \u010detn\u00e9 doklady ze selsk\u00e9ho jazyka \u0161v\u00fdcarsk\u00fdch Alp.<\/span><\/p>\n<p>V anglicky mluv\u00edc\u00ed tradici je Tyr p\u0159\u00edtomen zejm\u00e9na v recepci Tolkiena. J. R. R. Tolkien, s\u00e1m indoevropanista, zahrnul nar\u00e1\u017eky na Tyr-Tiwaz do sv\u00e9 fiktivn\u00ed <span class=\"iwg-fachbegriff\" data-tooltip=\"Souhrn p\u0159ed\u00e1van\u00fdch vypr\u00e1v\u011bn\u00ed o boz\u00edch ur\u010dit\u00e9 kultury.\" tabindex=\"0\">mytologie<\/span>, p\u0159edev\u0161\u00edm v postav\u011b Berena a v l\u00ed\u010den\u00edch bitev v Silmarillionu.<\/p><p>Tento liter\u00e1rn\u00ed vliv oslovil ve 20. a 21. stolet\u00ed \u0161irok\u00e9 publikum a u\u010dinil postavu Tyra zn\u00e1mou i mimo akademick\u00fd v\u00fdzkum.<\/p>\n<p>Archeologick\u00fd v\u00fdzkum posledn\u00edch t\u0159\u00ed desetilet\u00ed p\u0159inesl dal\u0161\u00ed doklady o Tyrov\u011b <span class=\"iwg-fachbegriff\" data-tooltip=\"Souhrn n\u00e1bo\u017eensk\u00fdch \u00factu vzd\u00e1vaj\u00edc\u00edch \u00fakon\u016f v\u016f\u010di bo\u017estvu nebo posv\u00e1tn\u00e9 postav\u011b.\" tabindex=\"0\">kultu<\/span>. Zkoum\u00e1n\u00ed v ra\u0161elini\u0161ti Hjortspring (D\u00e1nsko, znovu publikov\u00e1no 2014) a ve Vimose p\u0159inesla n\u00e1lezy n\u00e1pis\u016f s runou Tiwaz. <span class=\"iwg-fachbegriff\" data-tooltip=\"P\u00edsmo germ\u00e1nsk\u00fdch n\u00e1rod\u016f, pou\u017e\u00edvan\u00e9 tak\u00e9 pro ochrann\u00e9 a zakl\u00ednac\u00ed formule.\" tabindex=\"0\">Runou<\/span> Tyto n\u00e1lezy dokl\u00e1daj\u00ed v\u011bdom\u00fd kultovn\u00ed vztah k Tyr-Tiwazovi v pozdn\u00ed <span class=\"iwg-fachbegriff\" data-tooltip=\"Prehistorick\u00e1 epocha po dob\u011b bronzov\u00e9, poznamenan\u00e1 zpracov\u00e1n\u00edm \u017eeleza.\" tabindex=\"0\">dob\u011b \u017eelezn\u00e9<\/span> a v dob\u011b st\u011bhov\u00e1n\u00ed n\u00e1rod\u016f.<\/p>\t\t\t\t\t\t\t\t<\/div>\n\t\t\t\t<\/div>\n\t\t<div class=\"elementor-element elementor-element-e79f2bb e-con-full e-flex e-con e-child\" data-id=\"e79f2bb\" data-element_type=\"container\" data-e-type=\"container\">\n\t\t\t\t<div class=\"elementor-element elementor-element-69a3ea3 elementor-widget elementor-widget-heading\" data-id=\"69a3ea3\" data-element_type=\"widget\" data-e-type=\"widget\" data-widget_type=\"heading.default\">\n\t\t\t\t\t<h2 class=\"elementor-heading-title elementor-size-default\">Religionistick\u00e9 za\u0159azen\u00ed<\/h2>\t\t\t\t<\/div>\n\t\t\t\t<div class=\"elementor-element elementor-element-5ad0c76 elementor-widget elementor-widget-text-editor\" data-id=\"5ad0c76\" data-element_type=\"widget\" data-e-type=\"widget\" data-widget_type=\"text-editor.default\">\n\t\t\t\t\t\t\t\t\t<p>V\u00fdzkum \u0159ad\u00ed Tyra do modelu t\u0159\u00ed indoevropsk\u00fdch funkc\u00ed, jak jej navrhl Georges Dum\u00e9zil. Tyr a \u00d3din se d\u011bl\u00ed o prvn\u00ed funkci suverenity. \u00d3din zt\u011bles\u0148uje magicko-n\u00e1bo\u017eenskou str\u00e1nku (typ Varuna), Tyr pr\u00e1vn\u011b-smluvn\u00ed str\u00e1nku (typ Mitra). Toto rozd\u011blen\u00ed vysv\u011btluje, pro\u010d Tyr z\u016fst\u00e1v\u00e1 bohem p\u0159\u00edsahy a z\u00e1rove\u0148 v boji proti Fenrimu zastupuje pr\u00e1vn\u00ed str\u00e1nku suver\u00e9na.<\/p>\n<p><span data-nosnippet>Jens Peter Schj\u00f8dt argumentoval ve sv\u00e9m d\u00edle \u00ab<span class=\"iwg-fachbegriff\" data-tooltip=\"Ritu\u00e1ln\u00ed p\u0159echod, j\u00edm\u017e je n\u011bkdo p\u0159ijat do nov\u00e9ho postaven\u00ed nebo spole\u010denstv\u00ed.\" tabindex=\"0\">Initiation<\/span> between Two Worlds\u00bb (2008) proti Dum\u00e9zilov\u011b strnul\u00e9 schematizaci a uk\u00e1zal, \u017ee Tyr\u016fv profil je v pozd\u011bj\u0161\u00ed f\u00e1zi posunut siln\u011bji sm\u011brem k v\u00e1lce a v\u00edt\u011bzstv\u00ed. Margaret Clunies Ross naproti tomu poukazuje na ritu\u00e1ln\u00ed v\u00fdznam jednoruk\u00e9 p\u0159\u00edse\u017en\u00e9 gesty ve skandin\u00e1vsk\u00fdch pr\u00e1vn\u00edch pramenech a spat\u0159uje zde kontinuitu a\u017e do 11. stolet\u00ed.<\/span><\/p>\n<p>Jazykov\u011bdn\u011b je Tyrova etymologie dob\u0159e dolo\u017eena d\u00edky Heinrichu Bernhardu Jankuhnovi, Wolfgangu Krausemu a ned\u00e1vno Edgaru Polom\u00e9mu. Tvar *Tiwaz je jedin\u00e9 germ\u00e1nsk\u00e9 ozna\u010den\u00ed boha, kter\u00e9 lze podle hl\u00e1skov\u00fdch z\u00e1kon\u016f jednozna\u010dn\u011b dovodit a\u017e do indoevropsk\u00e9ho prajazyka. Toto st\u00e1\u0159\u00ed podtrhuje archaick\u00fd charakter postavy a podporuje tezi o nep\u0159etr\u017eit\u00e9m v\u00fdznamu boha p\u0159\u00edsahy a pr\u00e1va.<\/p>\t\t\t\t\t\t\t\t<\/div>\n\t\t\t\t<\/div>\n\t\t<div class=\"elementor-element elementor-element-27a65f4 e-con-full e-flex e-con e-child\" data-id=\"27a65f4\" data-element_type=\"container\" data-e-type=\"container\">\n\t\t\t\t<div class=\"elementor-element elementor-element-2dabfd3 elementor-widget elementor-widget-heading\" data-id=\"2dabfd3\" data-element_type=\"widget\" data-e-type=\"widget\" data-widget_type=\"heading.default\">\n\t\t\t\t\t<h2 class=\"elementor-heading-title elementor-size-default\">Prameny a dal\u0161\u00ed literatura<\/h2>\t\t\t\t<\/div>\n\t\t\t\t<div class=\"elementor-element elementor-element-2abdbec elementor-widget elementor-widget-text-editor\" data-id=\"2abdbec\" data-element_type=\"widget\" data-e-type=\"widget\" data-widget_type=\"text-editor.default\">\n\t\t\t\t\t\t\t\t\t<footer class=\"iwg-literatur\"><p><span data-nosnippet>Prim\u00e1rn\u00ed prameny: \u00abProsa-Edda\u00bb (Snorri Sturluson, kolem roku 1220, kritick\u00e9 vyd\u00e1n\u00ed Anthony Faulkes 1982), \u00abLieder-Edda\u00bb (Codex Regius, kolem roku 1270, vyd\u00e1n\u00ed Klaus von See et al. 1997 a n\u00e1sl.), \u00abGermania\u00bb (Tacitus, 98 n. l., vyd\u00e1n\u00ed Allan Lund 1988), \u00abGesta Hammaburgensis\u00bb (Adam von Bremen, kolem roku 1075). Runov\u00e9 n\u00e1pisy shrom\u00e1\u017edili Wolfgang Krause\/Herbert Jankuhn v d\u00edle \u00abDie Runeninschriften im \u00e4lteren <span class=\"iwg-fachbegriff\" data-tooltip=\"Podle prvn\u00edch znak\u016f nazvan\u00e9 po\u0159ad\u00ed germ\u00e1nsk\u00e9 runov\u00e9 abecedy.\" tabindex=\"0\">Futhark<\/span>\u00bb (1966).<\/span><\/p>\n<p>Sekund\u00e1rn\u00ed literatura:<\/p><ul><li><span data-nosnippet>Jan de Vries \u00abAltgermanische Religionsgeschichte\u00bb (2 sv., 2. vyd. 1956\/57).<\/span><\/li><li><span data-nosnippet>Georges Dumezil \u00abMitra-Varuna\u00bb (1948) a \u00abLes dieux des Germains\u00bb (1959).<\/span><\/li><li><span data-nosnippet>Margaret Clunies Ross \u00abProlonged Ech\u00f6s\u00bb (2 sv. 1994\/98).<\/span><\/li><li><span data-nosnippet>Klaus D\u00fcwel \u00abRunenkunde\u00bb (4. vyd. 2008).<\/span><\/li><li><span data-nosnippet>Regis Boyer \u00abLa religion des anciens Scandinaves\u00bb (1981).<\/span><\/li><\/ul>\n<p class=\"iwg-bib-more\"><span data-nosnippet>Dal\u0161\u00ed standardn\u00ed d\u00edla v <a href=\"https:\/\/iwell-guard.com\/cs\/literatura\/\">seznamu literatury<\/a>.<\/span><\/p><\/footer>\t\t\t\t\t\t\t\t<\/div>\n\t\t\t\t<\/div>\n\t\t\t\t\t<\/div>\n\t\t\t\t<\/div>\n\t\t\t\t<\/div>\n\t\t","protected":false},"excerpt":{"rendered":"","protected":false},"author":3,"featured_media":3224,"parent":0,"menu_order":0,"comment_status":"closed","ping_status":"closed","template":"elementor_header_footer","meta":{"_yoast_wpseo_focuskw":"T\u00fdr","_yoast_wpseo_title":"T\u00fdr \u2013 germ\u00e1nsk\u00fd b\u016fh v\u00e1lky a p\u0159\u00edsahy | iWell Guard","_yoast_wpseo_metadesc":"T\u00fdr je germ\u00e1nsk\u00fd b\u016fh v\u00e1lky a p\u0159\u00edse\u017en\u00edho pr\u00e1va, podle m\u00fdtu o Fenrirovi jednoruk\u00fd. Runa Tiwaz a den v t\u00fddnu \u00fater\u00fd.","_yoast_wpseo_meta-robots-noindex":"","_yoast_wpseo_canonical":"","_angie_page":false,"gefaehrdungsstufe":"","wesen_kultur":"","wesen_klasse":"","footnotes":""},"categories":[],"class_list":["post-145585","page","type-page","status-publish","has-post-thumbnail","hentry"],"yoast_head":"<!-- This site is optimized with the Yoast SEO Premium plugin v27.7 (Yoast SEO v28.3) - https:\/\/yoast.com\/product\/yoast-seo-premium-wordpress\/ -->\n<title>T\u00fdr \u2013 germ\u00e1nsk\u00fd b\u016fh v\u00e1lky a p\u0159\u00edsahy | iWell Guard<\/title>\n<meta name=\"description\" content=\"T\u00fdr je germ\u00e1nsk\u00fd b\u016fh v\u00e1lky a p\u0159\u00edse\u017en\u00edho pr\u00e1va, podle m\u00fdtu o Fenrirovi jednoruk\u00fd. Runa Tiwaz a den v t\u00fddnu \u00fater\u00fd.\" \/>\n<meta name=\"robots\" content=\"index, follow, max-snippet:-1, max-image-preview:large, max-video-preview:-1\" \/>\n<link rel=\"canonical\" href=\"https:\/\/iwell-guard.com\/cs\/tyr\/\" \/>\n<meta property=\"og:locale\" content=\"cs_CZ\" \/>\n<meta property=\"og:type\" content=\"article\" \/>\n<meta property=\"og:title\" content=\"T\u00fdr\" \/>\n<meta property=\"og:description\" content=\"T\u00fdr je germ\u00e1nsk\u00fd b\u016fh v\u00e1lky a p\u0159\u00edse\u017en\u00edho pr\u00e1va, podle m\u00fdtu o Fenrirovi jednoruk\u00fd. Runa Tiwaz a den v t\u00fddnu \u00fater\u00fd.\" \/>\n<meta property=\"og:url\" content=\"https:\/\/iwell-guard.com\/cs\/tyr\/\" \/>\n<meta property=\"og:site_name\" content=\"iWell Guard\" \/>\n<meta property=\"article:modified_time\" content=\"2026-09-03T16:59:59+00:00\" \/>\n<meta property=\"og:image\" content=\"https:\/\/iwell-guard.com\/wp-content\/uploads\/2026\/05\/goetter_germanisch_tyr-1.webp\" \/>\n\t<meta property=\"og:image:width\" content=\"1024\" \/>\n\t<meta property=\"og:image:height\" content=\"1536\" \/>\n\t<meta property=\"og:image:type\" content=\"image\/webp\" \/>\n<meta name=\"twitter:card\" content=\"summary_large_image\" \/>\n<script type=\"application\/ld+json\" class=\"yoast-schema-graph\">{\"@context\":\"https:\\\/\\\/schema.org\",\"@graph\":[{\"@type\":\"WebPage\",\"@id\":\"https:\\\/\\\/iwell-guard.com\\\/cs\\\/tyr\\\/\",\"url\":\"https:\\\/\\\/iwell-guard.com\\\/cs\\\/tyr\\\/\",\"name\":\"T\u00fdr \u2013 germ\u00e1nsk\u00fd b\u016fh v\u00e1lky a p\u0159\u00edsahy | iWell Guard\",\"isPartOf\":{\"@id\":\"https:\\\/\\\/iwell-guard.com\\\/cs\\\/#website\"},\"primaryImageOfPage\":{\"@id\":\"https:\\\/\\\/iwell-guard.com\\\/cs\\\/tyr\\\/#primaryimage\"},\"image\":{\"@id\":\"https:\\\/\\\/iwell-guard.com\\\/cs\\\/tyr\\\/#primaryimage\"},\"thumbnailUrl\":\"https:\\\/\\\/iwell-guard.com\\\/wp-content\\\/uploads\\\/2026\\\/05\\\/goetter_germanisch_tyr-1.webp\",\"datePublished\":\"2026-09-03T16:31:48+00:00\",\"dateModified\":\"2026-09-03T16:59:59+00:00\",\"description\":\"T\u00fdr je germ\u00e1nsk\u00fd b\u016fh v\u00e1lky a p\u0159\u00edse\u017en\u00edho pr\u00e1va, podle m\u00fdtu o Fenrirovi jednoruk\u00fd. Runa Tiwaz a den v t\u00fddnu \u00fater\u00fd.\",\"breadcrumb\":{\"@id\":\"https:\\\/\\\/iwell-guard.com\\\/cs\\\/tyr\\\/#breadcrumb\"},\"inLanguage\":\"cs\",\"potentialAction\":[{\"@type\":\"ReadAction\",\"target\":[\"https:\\\/\\\/iwell-guard.com\\\/cs\\\/tyr\\\/\"]}]},{\"@type\":\"ImageObject\",\"inLanguage\":\"cs\",\"@id\":\"https:\\\/\\\/iwell-guard.com\\\/cs\\\/tyr\\\/#primaryimage\",\"url\":\"https:\\\/\\\/iwell-guard.com\\\/wp-content\\\/uploads\\\/2026\\\/05\\\/goetter_germanisch_tyr-1.webp\",\"contentUrl\":\"https:\\\/\\\/iwell-guard.com\\\/wp-content\\\/uploads\\\/2026\\\/05\\\/goetter_germanisch_tyr-1.webp\",\"width\":1024,\"height\":1536,\"caption\":\"Bohov\u00e9 z germ\u00e1nsk\u00e9 tradice.\"},{\"@type\":\"BreadcrumbList\",\"@id\":\"https:\\\/\\\/iwell-guard.com\\\/cs\\\/tyr\\\/#breadcrumb\",\"itemListElement\":[{\"@type\":\"ListItem\",\"position\":1,\"name\":\"Start\",\"item\":\"https:\\\/\\\/iwell-guard.com\\\/cs\\\/?page_id=145107\"},{\"@type\":\"ListItem\",\"position\":2,\"name\":\"T\u00fdr\"}]},{\"@type\":\"WebSite\",\"@id\":\"https:\\\/\\\/iwell-guard.com\\\/cs\\\/#website\",\"url\":\"https:\\\/\\\/iwell-guard.com\\\/cs\\\/\",\"name\":\"iWell Guard\",\"description\":\"Schutz vor dunklen Einfl\u00fcssen\",\"publisher\":{\"@id\":\"https:\\\/\\\/iwell-guard.com\\\/cs\\\/#organization\"},\"potentialAction\":[{\"@type\":\"SearchAction\",\"target\":{\"@type\":\"EntryPoint\",\"urlTemplate\":\"https:\\\/\\\/iwell-guard.com\\\/cs\\\/?s={search_term_string}\"},\"query-input\":{\"@type\":\"PropertyValueSpecification\",\"valueRequired\":true,\"valueName\":\"search_term_string\"}}],\"inLanguage\":\"cs\"},{\"@type\":\"Organization\",\"@id\":\"https:\\\/\\\/iwell-guard.com\\\/cs\\\/#organization\",\"name\":\"Ittermann electronic GmbH\",\"url\":\"https:\\\/\\\/iwell-guard.com\\\/cs\\\/\",\"logo\":{\"@type\":\"ImageObject\",\"inLanguage\":\"cs\",\"@id\":\"https:\\\/\\\/iwell-guard.com\\\/cs\\\/#\\\/schema\\\/logo\\\/image\\\/\",\"url\":\"https:\\\/\\\/iwell-guard.com\\\/wp-content\\\/uploads\\\/2026\\\/05\\\/Ittermann-Logo-1182x237-1.png\",\"contentUrl\":\"https:\\\/\\\/iwell-guard.com\\\/wp-content\\\/uploads\\\/2026\\\/05\\\/Ittermann-Logo-1182x237-1.png\",\"width\":1182,\"height\":237,\"caption\":\"Ittermann electronic GmbH\"},\"image\":{\"@id\":\"https:\\\/\\\/iwell-guard.com\\\/cs\\\/#\\\/schema\\\/logo\\\/image\\\/\"},\"sameAs\":[\"https:\\\/\\\/pantip.com\\\/profile\\\/9367242\",\"https:\\\/\\\/micro.blog\\\/iwellguard\",\"https:\\\/\\\/www.diggerslist.com\\\/iwellguard\\\/about\",\"https:\\\/\\\/skitterphoto.com\\\/photographers\\\/2870314\\\/iwell-guard\",\"https:\\\/\\\/iwellguard.wordpress.com\\\/2026\\\/06\\\/06\\\/iwell-guard\\\/\",\"https:\\\/\\\/hub.docker.com\\\/u\\\/iwellguard\",\"https:\\\/\\\/www.pinterest.com\\\/iwellguard\\\/\",\"https:\\\/\\\/bit.ly\\\/m\\\/iwellguard\",\"https:\\\/\\\/entre-vos-mains.alsace.eu\\\/profiles\\\/iwellguard\\\/activity\",\"https:\\\/\\\/gravatar.com\\\/reallybeded8fd34\",\"https:\\\/\\\/naijamatta.com\\\/iwellguard\",\"https:\\\/\\\/www.goodreads.com\\\/iwellguard\",\"https:\\\/\\\/profile.hatena.ne.jp\\\/iwellguard\\\/\",\"https:\\\/\\\/experiment.com\\\/users\\\/iwellguard\",\"https:\\\/\\\/wakelet.com\\\/@iWellGuard82270\",\"https:\\\/\\\/www.chordie.com\\\/forum\\\/profile.php?id=2555664\",\"https:\\\/\\\/www.instapaper.com\\\/p\\\/17757966\",\"https:\\\/\\\/www.mapleprimes.com\\\/users\\\/iwellguard\",\"https:\\\/\\\/businesslistingplus.com\\\/profile\\\/iwell-guard\\\/\",\"https:\\\/\\\/telegra.ph\\\/iWell-Guard-06-06\",\"https:\\\/\\\/pbase.com\\\/iwellguard\\\/iwellguard\",\"https:\\\/\\\/b.hatena.ne.jp\\\/iwellguard\\\/20260607#bookmark-4788405196491818882\",\"https:\\\/\\\/fliphtml5.com\\\/home\\\/iwellguard\",\"https:\\\/\\\/anyflip.com\\\/homepage\\\/cmiwl#About\",\"https:\\\/\\\/transfur.com\\\/Users\\\/iwellguard\",\"http:\\\/\\\/delphi.larsbo.org\\\/user\\\/iwellguard\",\"https:\\\/\\\/jobs.lajobsportal.org\\\/profiles\\\/8380803-iwell-guard\",\"https:\\\/\\\/md.chaosdorf.de\\\/s\\\/jfbe5SBdJD\",\"https:\\\/\\\/www.lingvolive.com\\\/en-us\\\/profile\\\/9ecaeaca-ce11-4e51-9e71-01d55e2bff36\\\/translations\",\"https:\\\/\\\/www.fitday.com\\\/fitness\\\/forums\\\/members\\\/iwellguard.html\",\"https:\\\/\\\/www.mymeetbook.com\\\/iwellguard\",\"https:\\\/\\\/pxhere.com\\\/en\\\/photographer-me\\\/5040798\",\"https:\\\/\\\/disqus.com\\\/by\\\/iwellguard\\\/about\\\/\",\"https:\\\/\\\/pastelink.net\\\/hjwciqwq\",\"https:\\\/\\\/pubhtml5.com\\\/homepage\\\/scjhn\\\/\",\"https:\\\/\\\/www.bitchute.com\\\/channel\\\/2O2eOKzNqujT\",\"https:\\\/\\\/audiomack.com\\\/iwellguard\"]}]}<\/script>\n<!-- \/ Yoast SEO Premium plugin. -->","yoast_head_json":{"title":"T\u00fdr \u2013 germ\u00e1nsk\u00fd b\u016fh v\u00e1lky a p\u0159\u00edsahy | iWell Guard","description":"T\u00fdr je germ\u00e1nsk\u00fd b\u016fh v\u00e1lky a p\u0159\u00edse\u017en\u00edho pr\u00e1va, podle m\u00fdtu o Fenrirovi jednoruk\u00fd. Runa Tiwaz a den v t\u00fddnu \u00fater\u00fd.","robots":{"index":"index","follow":"follow","max-snippet":"max-snippet:-1","max-image-preview":"max-image-preview:large","max-video-preview":"max-video-preview:-1"},"canonical":"https:\/\/iwell-guard.com\/cs\/tyr\/","og_locale":"cs_CZ","og_type":"article","og_title":"T\u00fdr","og_description":"T\u00fdr je germ\u00e1nsk\u00fd b\u016fh v\u00e1lky a p\u0159\u00edse\u017en\u00edho pr\u00e1va, podle m\u00fdtu o Fenrirovi jednoruk\u00fd. Runa Tiwaz a den v t\u00fddnu \u00fater\u00fd.","og_url":"https:\/\/iwell-guard.com\/cs\/tyr\/","og_site_name":"iWell Guard","article_modified_time":"2026-09-03T16:59:59+00:00","og_image":[{"width":1024,"height":1536,"url":"https:\/\/iwell-guard.com\/wp-content\/uploads\/2026\/05\/goetter_germanisch_tyr-1.webp","type":"image\/webp"}],"twitter_card":"summary_large_image","schema":{"@context":"https:\/\/schema.org","@graph":[{"@type":"WebPage","@id":"https:\/\/iwell-guard.com\/cs\/tyr\/","url":"https:\/\/iwell-guard.com\/cs\/tyr\/","name":"T\u00fdr \u2013 germ\u00e1nsk\u00fd b\u016fh v\u00e1lky a p\u0159\u00edsahy | iWell Guard","isPartOf":{"@id":"https:\/\/iwell-guard.com\/cs\/#website"},"primaryImageOfPage":{"@id":"https:\/\/iwell-guard.com\/cs\/tyr\/#primaryimage"},"image":{"@id":"https:\/\/iwell-guard.com\/cs\/tyr\/#primaryimage"},"thumbnailUrl":"https:\/\/iwell-guard.com\/wp-content\/uploads\/2026\/05\/goetter_germanisch_tyr-1.webp","datePublished":"2026-09-03T16:31:48+00:00","dateModified":"2026-09-03T16:59:59+00:00","description":"T\u00fdr je germ\u00e1nsk\u00fd b\u016fh v\u00e1lky a p\u0159\u00edse\u017en\u00edho pr\u00e1va, podle m\u00fdtu o Fenrirovi jednoruk\u00fd. Runa Tiwaz a den v t\u00fddnu \u00fater\u00fd.","breadcrumb":{"@id":"https:\/\/iwell-guard.com\/cs\/tyr\/#breadcrumb"},"inLanguage":"cs","potentialAction":[{"@type":"ReadAction","target":["https:\/\/iwell-guard.com\/cs\/tyr\/"]}]},{"@type":"ImageObject","inLanguage":"cs","@id":"https:\/\/iwell-guard.com\/cs\/tyr\/#primaryimage","url":"https:\/\/iwell-guard.com\/wp-content\/uploads\/2026\/05\/goetter_germanisch_tyr-1.webp","contentUrl":"https:\/\/iwell-guard.com\/wp-content\/uploads\/2026\/05\/goetter_germanisch_tyr-1.webp","width":1024,"height":1536,"caption":"Bohov\u00e9 z germ\u00e1nsk\u00e9 tradice."},{"@type":"BreadcrumbList","@id":"https:\/\/iwell-guard.com\/cs\/tyr\/#breadcrumb","itemListElement":[{"@type":"ListItem","position":1,"name":"Start","item":"https:\/\/iwell-guard.com\/cs\/?page_id=145107"},{"@type":"ListItem","position":2,"name":"T\u00fdr"}]},{"@type":"WebSite","@id":"https:\/\/iwell-guard.com\/cs\/#website","url":"https:\/\/iwell-guard.com\/cs\/","name":"iWell Guard","description":"Schutz vor dunklen Einfl\u00fcssen","publisher":{"@id":"https:\/\/iwell-guard.com\/cs\/#organization"},"potentialAction":[{"@type":"SearchAction","target":{"@type":"EntryPoint","urlTemplate":"https:\/\/iwell-guard.com\/cs\/?s={search_term_string}"},"query-input":{"@type":"PropertyValueSpecification","valueRequired":true,"valueName":"search_term_string"}}],"inLanguage":"cs"},{"@type":"Organization","@id":"https:\/\/iwell-guard.com\/cs\/#organization","name":"Ittermann electronic GmbH","url":"https:\/\/iwell-guard.com\/cs\/","logo":{"@type":"ImageObject","inLanguage":"cs","@id":"https:\/\/iwell-guard.com\/cs\/#\/schema\/logo\/image\/","url":"https:\/\/iwell-guard.com\/wp-content\/uploads\/2026\/05\/Ittermann-Logo-1182x237-1.png","contentUrl":"https:\/\/iwell-guard.com\/wp-content\/uploads\/2026\/05\/Ittermann-Logo-1182x237-1.png","width":1182,"height":237,"caption":"Ittermann electronic GmbH"},"image":{"@id":"https:\/\/iwell-guard.com\/cs\/#\/schema\/logo\/image\/"},"sameAs":["https:\/\/pantip.com\/profile\/9367242","https:\/\/micro.blog\/iwellguard","https:\/\/www.diggerslist.com\/iwellguard\/about","https:\/\/skitterphoto.com\/photographers\/2870314\/iwell-guard","https:\/\/iwellguard.wordpress.com\/2026\/06\/06\/iwell-guard\/","https:\/\/hub.docker.com\/u\/iwellguard","https:\/\/www.pinterest.com\/iwellguard\/","https:\/\/bit.ly\/m\/iwellguard","https:\/\/entre-vos-mains.alsace.eu\/profiles\/iwellguard\/activity","https:\/\/gravatar.com\/reallybeded8fd34","https:\/\/naijamatta.com\/iwellguard","https:\/\/www.goodreads.com\/iwellguard","https:\/\/profile.hatena.ne.jp\/iwellguard\/","https:\/\/experiment.com\/users\/iwellguard","https:\/\/wakelet.com\/@iWellGuard82270","https:\/\/www.chordie.com\/forum\/profile.php?id=2555664","https:\/\/www.instapaper.com\/p\/17757966","https:\/\/www.mapleprimes.com\/users\/iwellguard","https:\/\/businesslistingplus.com\/profile\/iwell-guard\/","https:\/\/telegra.ph\/iWell-Guard-06-06","https:\/\/pbase.com\/iwellguard\/iwellguard","https:\/\/b.hatena.ne.jp\/iwellguard\/20260607#bookmark-4788405196491818882","https:\/\/fliphtml5.com\/home\/iwellguard","https:\/\/anyflip.com\/homepage\/cmiwl#About","https:\/\/transfur.com\/Users\/iwellguard","http:\/\/delphi.larsbo.org\/user\/iwellguard","https:\/\/jobs.lajobsportal.org\/profiles\/8380803-iwell-guard","https:\/\/md.chaosdorf.de\/s\/jfbe5SBdJD","https:\/\/www.lingvolive.com\/en-us\/profile\/9ecaeaca-ce11-4e51-9e71-01d55e2bff36\/translations","https:\/\/www.fitday.com\/fitness\/forums\/members\/iwellguard.html","https:\/\/www.mymeetbook.com\/iwellguard","https:\/\/pxhere.com\/en\/photographer-me\/5040798","https:\/\/disqus.com\/by\/iwellguard\/about\/","https:\/\/pastelink.net\/hjwciqwq","https:\/\/pubhtml5.com\/homepage\/scjhn\/","https:\/\/www.bitchute.com\/channel\/2O2eOKzNqujT","https:\/\/audiomack.com\/iwellguard"]}]}},"_links":{"self":[{"href":"https:\/\/iwell-guard.com\/cs\/wp-json\/wp\/v2\/pages\/145585","targetHints":{"allow":["GET"]}}],"collection":[{"href":"https:\/\/iwell-guard.com\/cs\/wp-json\/wp\/v2\/pages"}],"about":[{"href":"https:\/\/iwell-guard.com\/cs\/wp-json\/wp\/v2\/types\/page"}],"author":[{"embeddable":true,"href":"https:\/\/iwell-guard.com\/cs\/wp-json\/wp\/v2\/users\/3"}],"replies":[{"embeddable":true,"href":"https:\/\/iwell-guard.com\/cs\/wp-json\/wp\/v2\/comments?post=145585"}],"version-history":[{"count":0,"href":"https:\/\/iwell-guard.com\/cs\/wp-json\/wp\/v2\/pages\/145585\/revisions"}],"wp:featuredmedia":[{"embeddable":true,"href":"https:\/\/iwell-guard.com\/cs\/wp-json\/wp\/v2\/media\/3224"}],"wp:attachment":[{"href":"https:\/\/iwell-guard.com\/cs\/wp-json\/wp\/v2\/media?parent=145585"}],"wp:term":[{"taxonomy":"category","embeddable":true,"href":"https:\/\/iwell-guard.com\/cs\/wp-json\/wp\/v2\/categories?post=145585"}],"curies":[{"name":"wp","href":"https:\/\/api.w.org\/{rel}","templated":true}]}}