{"id":145577,"date":"2026-09-03T16:31:43","date_gmt":"2026-09-03T16:31:43","guid":{"rendered":"https:\/\/iwell-guard.com\/?page_id=145577"},"modified":"2026-09-03T16:59:47","modified_gmt":"2026-09-03T16:59:47","slug":"ares","status":"publish","type":"page","link":"https:\/\/iwell-guard.com\/cs\/ares\/","title":{"rendered":"Ares"},"content":{"rendered":"\t\t<div data-elementor-type=\"wp-page\" data-elementor-id=\"145577\" class=\"elementor elementor-145577 elementor-2979 elementor-bc-flex-widget\" data-elementor-post-type=\"page\">\n\t\t\t\t<div class=\"elementor-element elementor-element-91d2c45 e-flex e-con-boxed e-con e-parent\" data-id=\"91d2c45\" data-element_type=\"container\" data-e-type=\"container\" data-settings=\"{&quot;background_background&quot;:&quot;classic&quot;}\">\n\t\t\t\t\t<div class=\"e-con-inner\">\n\t\t<div class=\"elementor-element elementor-element-ee36161 e-flex e-con-boxed e-con e-child\" data-id=\"ee36161\" data-element_type=\"container\" data-e-type=\"container\">\n\t\t\t\t\t<div class=\"e-con-inner\">\n\t\t<div class=\"elementor-element elementor-element-28ed948 e-con-full e-flex e-con e-child\" data-id=\"28ed948\" data-element_type=\"container\" data-e-type=\"container\">\n\t\t\t\t<div class=\"elementor-element elementor-element-25e1651 elementor-widget elementor-widget-heading\" data-id=\"25e1651\" data-element_type=\"widget\" data-e-type=\"widget\" data-widget_type=\"heading.default\">\n\t\t\t\t\t<h1 class=\"elementor-heading-title elementor-size-default\">Ares \u2014 \u0159eck\u00fd b\u016fh v\u00e1lky<\/h1>\t\t\t\t<\/div>\n\t\t\t\t<div class=\"elementor-element elementor-element-d3eda86 elementor-widget elementor-widget-text-editor\" data-id=\"d3eda86\" data-element_type=\"widget\" data-e-type=\"widget\" data-widget_type=\"text-editor.default\">\n\t\t\t\t\t\t\t\t\t<p>Ares je v \u0159eck\u00e9m <span class=\"iwg-fachbegriff\" data-tooltip=\"Souhrn boh\u016f n\u00e1bo\u017eenstv\u00ed nebo kultury.\" tabindex=\"0\">panteonu<\/span> bohem v\u00e1lky, p\u0159esn\u011bji \u0159e\u010deno bohem nezkrocen\u00e9, krvav\u00e9 a opojn\u00e9 bitevn\u00ed zu\u0159ivosti. Stoj\u00ed v ostr\u00e9m protikladu k Ath\u00e9n\u011b, kter\u00e1 zt\u011bles\u0148uje strategicky uspo\u0159\u00e1dan\u00e9 a poleis odpov\u00eddaj\u00edc\u00ed veden\u00ed v\u00e1lky. U Hom\u00e9ra je Ares soustavn\u011b opat\u0159ov\u00e1n negativn\u00edmi p\u0159\u00edvlastky: \u00abmainomenos\u00bb (zu\u0159iv\u00fd), \u00abbrotoloigos\u00bb (hubitel mu\u017e\u016f), \u00abandre\u00efphontes\u00bb (vrah mu\u017e\u016f).<\/p><p>Toto hom\u00e9rsk\u00e9 zneva\u017eov\u00e1n\u00ed v\u0161ak odpov\u00edd\u00e1 jen \u010d\u00e1sti \u0159eck\u00e9ho vn\u00edm\u00e1n\u00ed; ve Spart\u011b, Th\u00e9b\u00e1ch a v Thr\u00e1kii byl Ares centr\u00e1ln\u00edm a vysoce ct\u011bn\u00fdm bohem, jemu\u017e byly zasv\u011bceny v\u00fdznamn\u00e9 <span class=\"iwg-fachbegriff\" data-tooltip=\"Stavba slou\u017e\u00edc\u00ed uct\u00edv\u00e1n\u00ed jednoho nebo v\u00edce bo\u017estev.\" tabindex=\"0\">chr\u00e1my<\/span> a kulty.<\/p><p>Teprve ath\u00e9nsk\u00e1 polis-<span class=\"iwg-fachbegriff\" data-tooltip=\"V\u011bdeck\u00e1 nauka o Bohu a v\u00ed\u0159e n\u00e1bo\u017eenstv\u00ed.\" tabindex=\"0\">teologie<\/span> zredukovala jeho profil na destruktivn\u00ed str\u00e1nku. Jeho p\u0159\u00edvlastek \u00abEnyalios\u00bb, t\u011bsn\u011b spojen\u00fd s bohyn\u00ed v\u00e1lky Eny\u00f3, uchov\u00e1v\u00e1 star\u0161\u00ed vrstvu neodd\u011blen\u00e9ho bitevn\u00edho bo\u017estva.<\/p>\n<p class=\"iwg-kwfix\">Ares je \u0159eck\u00fd b\u016fh a zt\u011bles\u0148uje nezkrocenou, krvavou str\u00e1nku v\u00e1lky.<\/p>\t\t\t\t\t\t\t\t<\/div>\n\t\t\t\t<\/div>\n\t\t<div class=\"elementor-element elementor-element-35c5ef9 e-con-full e-flex e-con e-parent\" data-id=\"35c5ef9\" data-element_type=\"container\" data-e-type=\"container\">\n\t\t\t\t<div class=\"elementor-element elementor-element-5bc4078 elementor-widget elementor-widget-html\" data-id=\"5bc4078\" data-element_type=\"widget\" data-e-type=\"widget\" data-widget_type=\"html.default\">\n\t\t\t\t\t<div class=\"iwg-pill-row\"><span class=\"iwg-klasse-badge\" tabindex=\"0\" data-tooltip=\"B\u016fh \/ bohyn\u011b: Zosobn\u011bn\u00e1 nejvy\u0161\u0161\u00ed moc v panteonu kultury s jasn\u011b vymezen\u00fdmi pravomocemi \u2014 p\u0159\u00edrodn\u00ed s\u00edly, osud, v\u00e1lka, plodnost. Uct\u00edv\u00e1ni prost\u0159ednictv\u00edm kult\u016f, ob\u011bt\u00ed a chr\u00e1mov\u00fdch instituc\u00ed.\">B\u016fh<\/span><a href=\"https:\/\/iwell-guard.com\/cs\/recko\/\" class=\"iwg-kultur-badge\" tabindex=\"0\" data-tooltip=\"N\u00e1bo\u017eenstv\u00ed a mytologie starov\u011bk\u00e9ho \u0158ecka od myk\u00e9nsk\u00e9ho obdob\u00ed a\u017e po pozdn\u00ed antiku.\">\u0158ecko<\/a><\/div>\t\t\t\t<\/div>\n\t\t\t\t<\/div>\n\t\t<div class=\"elementor-element elementor-element-553fea8 e-con-full e-flex e-con e-child\" data-id=\"553fea8\" data-element_type=\"container\" data-e-type=\"container\">\n\t\t\t\t<div class=\"elementor-element elementor-element-e7f182d elementor-toc--minimized-on-tablet elementor-widget elementor-widget-table-of-contents\" data-id=\"e7f182d\" data-element_type=\"widget\" data-e-type=\"widget\" data-settings=\"{&quot;exclude_headings_by_selector&quot;:[],&quot;no_headings_message&quot;:&quot;Na t\\u00e9to str\\u00e1nce nebyly nalezeny \\u017e\\u00e1dn\\u00e9 nadpisy.&quot;,&quot;headings_by_tags&quot;:[&quot;h2&quot;,&quot;h3&quot;],&quot;marker_view&quot;:&quot;bullets&quot;,&quot;icon&quot;:{&quot;value&quot;:&quot;fas fa-circle&quot;,&quot;library&quot;:&quot;fa-solid&quot;,&quot;rendered_tag&quot;:&quot;&lt;svg class=\\&quot;e-font-icon-svg e-fas-circle\\&quot; viewBox=\\&quot;0 0 512 512\\&quot; xmlns=\\&quot;http:\\\/\\\/www.w3.org\\\/2000\\\/svg\\&quot;&gt;&lt;path d=\\&quot;M256 8C119 8 8 119 8 256s111 248 248 248 248-111 248-248S393 8 256 8z\\&quot;&gt;&lt;\\\/path&gt;&lt;\\\/svg&gt;&quot;},&quot;minimize_box&quot;:&quot;yes&quot;,&quot;minimized_on&quot;:&quot;tablet&quot;,&quot;hierarchical_view&quot;:&quot;yes&quot;,&quot;min_height&quot;:{&quot;unit&quot;:&quot;px&quot;,&quot;size&quot;:&quot;&quot;,&quot;sizes&quot;:[]},&quot;min_height_tablet&quot;:{&quot;unit&quot;:&quot;px&quot;,&quot;size&quot;:&quot;&quot;,&quot;sizes&quot;:[]},&quot;min_height_mobile&quot;:{&quot;unit&quot;:&quot;px&quot;,&quot;size&quot;:&quot;&quot;,&quot;sizes&quot;:[]}}\" data-widget_type=\"table-of-contents.default\">\n\t\t\t\t\t\t\t\t\t<div class=\"elementor-toc__header\">\n\t\t\t\t\t\t<h2 class=\"elementor-toc__header-title\">\n\t\t\t\tObsah\t\t\t<\/h2>\n\t\t\t\t\t\t\t\t\t\t<div class=\"elementor-toc__toggle-button elementor-toc__toggle-button--expand\" role=\"button\" tabindex=\"0\" aria-controls=\"elementor-toc__e7f182d\" aria-expanded=\"true\" aria-label=\"Open table of contents\"><svg aria-hidden=\"true\" class=\"e-font-icon-svg e-fas-chevron-down\" viewBox=\"0 0 448 512\" xmlns=\"http:\/\/www.w3.org\/2000\/svg\"><path d=\"M207.029 381.476L12.686 187.132c-9.373-9.373-9.373-24.569 0-33.941l22.667-22.667c9.357-9.357 24.522-9.375 33.901-.04L224 284.505l154.745-154.021c9.379-9.335 24.544-9.317 33.901.04l22.667 22.667c9.373 9.373 9.373 24.569 0 33.941L240.971 381.476c-9.373 9.372-24.569 9.372-33.942 0z\"><\/path><\/svg><\/div>\n\t\t\t\t<div class=\"elementor-toc__toggle-button elementor-toc__toggle-button--collapse\" role=\"button\" tabindex=\"0\" aria-controls=\"elementor-toc__e7f182d\" aria-expanded=\"true\" aria-label=\"Close table of contents\"><svg aria-hidden=\"true\" class=\"e-font-icon-svg e-fas-chevron-up\" viewBox=\"0 0 448 512\" xmlns=\"http:\/\/www.w3.org\/2000\/svg\"><path d=\"M240.971 130.524l194.343 194.343c9.373 9.373 9.373 24.569 0 33.941l-22.667 22.667c-9.357 9.357-24.522 9.375-33.901.04L224 227.495 69.255 381.516c-9.379 9.335-24.544 9.317-33.901-.04l-22.667-22.667c-9.373-9.373-9.373-24.569 0-33.941L207.03 130.525c9.372-9.373 24.568-9.373 33.941-.001z\"><\/path><\/svg><\/div>\n\t\t\t\t\t<\/div>\n\t\t\t\t<div id=\"elementor-toc__e7f182d\" class=\"elementor-toc__body\">\n\t\t\t<div class=\"elementor-toc__spinner-container\">\n\t\t\t\t<svg class=\"elementor-toc__spinner eicon-animation-spin e-font-icon-svg e-eicon-loading\" aria-hidden=\"true\" viewBox=\"0 0 1000 1000\" xmlns=\"http:\/\/www.w3.org\/2000\/svg\"><path d=\"M500 975V858C696 858 858 696 858 500S696 142 500 142 142 304 142 500H25C25 237 238 25 500 25S975 237 975 500 763 975 500 975Z\"><\/path><\/svg>\t\t\t<\/div>\n\t\t<\/div>\n\t\t\t\t\t\t<\/div>\n\t\t\t\t<\/div>\n\t\t\t\t\t<\/div>\n\t\t\t\t<\/div>\n\t\t<div class=\"elementor-element elementor-element-2e5a2b9 e-con-full e-flex e-con e-child\" data-id=\"2e5a2b9\" data-element_type=\"container\" data-e-type=\"container\">\n\t\t\t\t<div class=\"elementor-element elementor-element-0a24da2 iwg-hero-image elementor-widget elementor-widget-image\" data-id=\"0a24da2\" data-element_type=\"widget\" data-e-type=\"widget\" data-widget_type=\"image.default\">\n\t\t\t\t\t\t\t\t\t\t\t\t\t\t\t<img fetchpriority=\"high\" decoding=\"async\" width=\"683\" height=\"1024\" src=\"https:\/\/iwell-guard.com\/wp-content\/uploads\/2026\/05\/goetter_griechenland_ares-683x1024.webp\" class=\"attachment-large size-large wp-image-147283\" alt=\"Ares \u2013 b\u016fh z \u0159eck\u00e9 tradice, historicko-ilustra\u010dn\u00ed zobrazen\u00ed\" srcset=\"https:\/\/iwell-guard.com\/wp-content\/uploads\/2026\/05\/goetter_griechenland_ares-683x1024.webp 683w, https:\/\/iwell-guard.com\/wp-content\/uploads\/2026\/05\/goetter_griechenland_ares-200x300.webp 200w, https:\/\/iwell-guard.com\/wp-content\/uploads\/2026\/05\/goetter_griechenland_ares-768x1152.webp 768w, https:\/\/iwell-guard.com\/wp-content\/uploads\/2026\/05\/goetter_griechenland_ares.webp 1024w\" sizes=\"(max-width: 683px) 100vw, 683px\" \/>\t\t\t\t\t\t\t\t\t\t\t\t\t\t\t<\/div>\n\t\t\t\t<\/div>\n\t\t\t\t\t<\/div>\n\t\t\t\t<\/div>\n\t\t<div class=\"elementor-element elementor-element-e3a6897 e-con-boxed e-flex e-con e-parent\" data-id=\"e3a6897\" data-element_type=\"container\" data-e-type=\"container\">\n\t\t\t\t\t<div class=\"e-con-inner\">\n\t\t<div class=\"elementor-element elementor-element-72d335a e-con-full e-flex e-con e-child\" data-id=\"72d335a\" data-element_type=\"container\" data-e-type=\"container\">\n\t\t\t\t<div class=\"elementor-element elementor-element-ba398e4 elementor-widget elementor-widget-heading\" data-id=\"ba398e4\" data-element_type=\"widget\" data-e-type=\"widget\" data-widget_type=\"heading.default\">\n\t\t\t\t\t<h2 class=\"elementor-heading-title elementor-size-default\">M\u00fdtus a rodokmen<\/h2>\t\t\t\t<\/div>\n\t\t\t\t<div class=\"elementor-element elementor-element-eff75f2 elementor-widget elementor-widget-text-editor\" data-id=\"eff75f2\" data-element_type=\"widget\" data-e-type=\"widget\" data-widget_type=\"text-editor.default\">\n\t\t\t\t\t\t\t\t\t<p>H\u00e9siodos uv\u00e1d\u00ed Areta v \u00abTheogonii\u00bb (ver\u0161 921 a\u017e 923) jako syna Zeuse a H\u00e9ry; sourozeneck\u00fdm poutem je spojen s H\u00e9b\u00e9 a Eileithyiou. Ares tak n\u00e1le\u017e\u00ed k prvn\u00ed generaci man\u017eelsky zplozen\u00fdch olympsk\u00fdch d\u011bt\u00ed, na rozd\u00edl od nes\u010detn\u00fdch neman\u017eelsk\u00fdch potomk\u016f Zeuse.<\/p><p>Toto genealogick\u00e9 postaven\u00ed je ve v\u00fdzkumu vykl\u00e1d\u00e1no jako doklad star\u0161\u00edho, p\u0159edhom\u00e9rsk\u00e9ho uct\u00edv\u00e1n\u00ed boha: pokud by Ares byl pouze negativn\u00edm obrazem, tradice by ho nevykazovala jako man\u017eelsk\u00e9ho hlavn\u00edho syna.<\/p>\n<p>Aretovou milenkou je Afrod\u00edta, s n\u00ed\u017e zplodil neman\u017eelsk\u00e9 d\u011bti Er\u00f3ta, Anter\u00f3ta, Fobose (Strach), Deimose (D\u011bs) a Harmonii. Tento vztah je ve slavn\u00e9 D\u00e9modokov\u011b p\u00edsni v \u00abOdysseji\u00bb (VIII, 266 a\u017e 366) vyl\u00ed\u010den jako nev\u011brn\u00fd pom\u011br; star\u0161\u00ed a nehom\u00e9rsk\u00e9 tradice ho naopak znaj\u00ed jako legitimn\u00ed svazek.<\/p><p>Svatba Kadma a Harmonie, popsan\u00e1 Apollod\u00f3rem (III, 4, 2), se st\u00e1v\u00e1 vzorov\u00fdm bo\u017esk\u00fdm s\u0148atkem pro th\u00e9bskou kr\u00e1lovskou dynastii a \u010din\u00ed Areta prap\u0159edkem jednoho z nejd\u016fle\u017eit\u011bj\u0161\u00edch \u0159eck\u00fdch \u0161lechtick\u00fdch rod\u016f.<\/p>\n<p>Ze svazk\u016f se smrteln\u00fdmi \u017eenami vze\u0161li thr\u00e1ck\u00fd hrdinov\u00e9 Diom\u00e9d\u00e9s (kr\u00e1l kon\u00ed po\u017e\u00edraj\u00edc\u00edch mu\u017ee), Kyknos (zabit H\u00e9raklem), T\u00e9reus (kr\u00e1l Daulidy), Flegyas (otec Koronidy a d\u011bd Askl\u00e9pia), Oinomaos (otec Hippodameie) a amazonsk\u00e1 kr\u00e1lovna Penthesileia, kter\u00e1 v trojsk\u00e9 v\u00e1lce bojuje na stran\u011b Tr\u00f3jan\u016f.<\/p><p>Aretovo potomstvo je tedy nadpr\u016fm\u011brn\u011b n\u00e1silnick\u00e9, co\u017e potvrzuje genealogickou funkci boha jako prap\u0159edka drsn\u00fdch hrdin\u016f.<\/p>\n<p>Myk\u00e9nsk\u00e9 doklady v line\u00e1rn\u00edm p\u00edsmu B z Kn\u00f3ssu uv\u00e1d\u011bj\u00ed boha \u00aba-re\u00bb, jeho\u017e ztoto\u017en\u011bn\u00ed s Aretem je pravd\u011bpodobn\u00e9, ale nikoli zcela jist\u00e9. Doklady ukazuj\u00ed na p\u0159\u00edjemce jednoduch\u00fdch <span class=\"iwg-fachbegriff\" data-tooltip=\"Dar bo\u017estvu na vyj\u00e1d\u0159en\u00ed d\u00edk\u016f, prosby nebo \u00facty.\" tabindex=\"0\">ob\u011bt\u00ed<\/span>, nikoli na hlavn\u00edho boha.<\/p><p>V\u00fdrazn\u00e1 \u00facta k Aretovi v Thr\u00e1kii (H\u00e9rodotos V, 7) a ve Skythii vedla Waltera Burkerta k domn\u011bnce, \u017ee pozd\u011bj\u0161\u00ed hom\u00e9rsk\u00fd negativn\u00ed obraz m\u00e1 \u010d\u00e1ste\u010dn\u011b p\u016fvod v etnick\u00e9m stigmatizov\u00e1n\u00ed: \u00abbarbarsk\u00fd b\u016fh\u00bb Thr\u00e1k\u016f byl i\u00f3nsk\u00fdmi epiky vykreslen jako ned\u016fstojn\u00fd.<\/p>\t\t\t\t\t\t\t\t<\/div>\n\t\t\t\t<\/div>\n\t\t<div class=\"elementor-element elementor-element-1c132ba e-con-full e-flex e-con e-child\" data-id=\"1c132ba\" data-element_type=\"container\" data-e-type=\"container\">\n\t\t\t\t<div class=\"elementor-element elementor-element-7a90a55 elementor-widget elementor-widget-heading\" data-id=\"7a90a55\" data-element_type=\"widget\" data-e-type=\"widget\" data-widget_type=\"heading.default\">\n\t\t\t\t\t<h2 class=\"elementor-heading-title elementor-size-default\">Symboly, ikonografie a atributy<\/h2>\t\t\t\t<\/div>\n\t\t\t\t<div class=\"elementor-element elementor-element-e7fa573 elementor-widget elementor-widget-text-editor\" data-id=\"e7fa573\" data-element_type=\"widget\" data-e-type=\"widget\" data-widget_type=\"text-editor.default\">\n\t\t\t\t\t\t\t\t\t<p>Ares b\u00fdv\u00e1 zobrazov\u00e1n jako vousat\u00fd nebo bezvous\u00fd v\u00e1le\u010dn\u00edk s helmou, kop\u00edm, \u0161t\u00edtem a me\u010dem. Nos\u00ed \u00faplnou zbroj; jen z\u0159\u00eddka se objevuje bez panc\u00ed\u0159e. Jeho v\u016fz t\u00e1hnou \u010dty\u0159i kon\u011b, jejich\u017e jm\u00e9na jsou Fobos, Deimos, Aith\u00f3n a Flogeos.<\/p><p>Doprov\u00e1zej\u00ed ho jeho synov\u00e9 Fobos a Deimos a jeho sestra Eny\u00f3. V n\u011bkter\u00fdch vyobrazen\u00edch se objevuj\u00ed i K\u00e9ry, d\u00e9mon\u0161t\u00ed duchov\u00e9 n\u00e1siln\u00e9 smrti.<\/p>\n<p>Jeho svat\u00fdm zv\u00ed\u0159etem je sup, kter\u00fd pro svou vazbu na mrtv\u00e1 t\u011bla na boji\u0161t\u00edch platil za doprovodn\u00e9ho pt\u00e1ka v\u00e1le\u010dn\u00edka. D\u00e1le jsou mu p\u0159i\u0159azeni pes (zejm\u00e9na ostrozrak\u00fd str\u00e1\u017en\u00fd pes) a v Thr\u00e1kii vlk.<\/p><p>Strakapoud, kter\u00fd sv\u00fdm zob\u00e1kem tlu\u010de do skal, plat\u00ed v italsk\u00e9 tradici za jeho pt\u00e1ka a zakl\u00e1d\u00e1 spojen\u00ed s \u0159\u00edmsk\u00fdm Martem, jeho\u017e datel (picus) p\u0159i volb\u011b svat\u00e9ho jara (ver sacrum) vedl putuj\u00edc\u00ed kmeny.<\/p>\n<p>Socha\u0159sk\u00e9 zobrazen\u00ed Areta v klasick\u00e9m \u0159eck\u00e9m um\u011bn\u00ed je n\u00e1padn\u011b zdr\u017eenliv\u00e9. Neexistuje \u017e\u00e1dn\u00fd velk\u00fd kultovn\u00ed kolos srovnateln\u00fd se Zeusem z Olympie nebo Ath\u00e9nou Parthenos.<\/p><p>Nejslavn\u011bj\u0161\u00ed <span class=\"iwg-fachbegriff\" data-tooltip=\"Epocha \u0159eck\u00e9 a \u0159\u00edmsk\u00e9 kultury, p\u0159ibli\u017en\u011b 800 p\u0159. n. l. a\u017e 600 n. l.\" tabindex=\"0\">antick\u00e1<\/span> socha Areta, \u00abAres Borghese\u00bb (dnes v Louvru), zobrazuje boha bezvous\u00e9ho, mladistv\u00e9ho a v kontrapostu, bez jak\u00e9koli agresivity; socha je pova\u017eov\u00e1na za \u0159\u00edmskou kopii podle \u0159eck\u00e9ho origin\u00e1lu od Alkamena nebo Polykleita.<\/p><p>\u00abAres Ludovisi\u00bb (dnes v Palazzo Altemps v \u0158\u00edm\u011b) zobrazuje boha odpo\u010d\u00edvaj\u00edc\u00edho s helmou a \u0161t\u00edtem, v p\u00f3ze zamy\u0161len\u00e9 \u00fanavy, kter\u00e1 v\u00fdrazn\u011b odporuje hom\u00e9rsk\u00e9 bitevn\u00ed zu\u0159ivosti.<\/p>\n<p>Ve Spart\u011b existovala archaick\u00e1 d\u0159ev\u011bn\u00e1 socha Areta Enyalia v poutech; Pausanias (III, 15, 7) toto zobrazen\u00ed vysv\u011btluje t\u00edm, \u017ee si Spar\u0165an\u00e9 cht\u011bli boha v\u00e1lky trvale udr\u017eet ve sv\u00e9m m\u011bst\u011b.<\/p><p>Srovnateln\u00fd je bronzov\u00fd Aret\u016fv blok v <span class=\"iwg-fachbegriff\" data-tooltip=\"Stavba slou\u017e\u00edc\u00ed uct\u00edv\u00e1n\u00ed jednoho nebo v\u00edce bo\u017estev.\" tabindex=\"0\">chr\u00e1mu<\/span> v Geronthrai, kter\u00fd byl podobn\u011b spoutan\u00fd. Tato ikonografie spout\u00e1n\u00ed ukazuje ambivalentn\u00ed postaven\u00ed Areta: mus\u00ed b\u00fdt sv\u00e1z\u00e1n, proto\u017ee jeho s\u00edla by jinak mohla zni\u010dit i vlastn\u00ed m\u011bsto.<\/p>\t\t\t\t\t\t\t\t<\/div>\n\t\t\t\t<\/div>\n\t\t<div class=\"elementor-element elementor-element-716c2fe e-con-full e-flex e-con e-child\" data-id=\"716c2fe\" data-element_type=\"container\" data-e-type=\"container\">\n\t\t\t\t<div class=\"elementor-element elementor-element-d138a29 elementor-widget elementor-widget-heading\" data-id=\"d138a29\" data-element_type=\"widget\" data-e-type=\"widget\" data-widget_type=\"heading.default\">\n\t\t\t\t\t<h2 class=\"elementor-heading-title elementor-size-default\">Kult a uct\u00edv\u00e1n\u00ed<\/h2>\t\t\t\t<\/div>\n\t\t\t\t<div class=\"elementor-element elementor-element-3a816dd elementor-widget elementor-widget-text-editor\" data-id=\"3a816dd\" data-element_type=\"widget\" data-e-type=\"widget\" data-widget_type=\"text-editor.default\">\n\t\t\t\t\t\t\t\t\t<p>Are\u016fv-<span class=\"iwg-fachbegriff\" data-tooltip=\"Souhrn n\u00e1bo\u017eensk\u00fdch \u00factypln\u00fdch \u00fakon\u016f v\u016f\u010di bo\u017estvu nebo svat\u00e9 postav\u011b.\" tabindex=\"0\">kult<\/span> byl na \u0159eck\u00e9 pevnin\u011b roz\u0161\u00ed\u0159en um\u00edrn\u011bn\u011b, v n\u011bkter\u00fdch oblastech v\u0161ak zauj\u00edmal vysok\u00e9 postaven\u00ed. Ve Spart\u011b museli voj\u00e1ci p\u0159ed ka\u017edou bitvou ob\u011btovat psa Areovi Enyaliovi, co\u017e byl v <span class=\"iwg-fachbegriff\" data-tooltip=\"Epocha \u0159eck\u00e9 a \u0159\u00edmsk\u00e9 kultury, p\u0159ibli\u017en\u011b 800 p\u0159. n. l. a\u017e 600 n. l.\" tabindex=\"0\">antice<\/span> velmi neobvykl\u00fd <span class=\"iwg-fachbegriff\" data-tooltip=\"Pevn\u011b stanoven\u00fd, opakuj\u00edc\u00ed se n\u00e1bo\u017eensk\u00fd \u00fakon.\" tabindex=\"0\">ritu\u00e1l<\/span> (Pausanias III, 14, 9).<\/p><p>Ob\u011b\u0165 psa byla pova\u017eov\u00e1na za chtonickou a odpov\u00eddala temn\u00e9mu profilu boha. Mlad\u00ed Spar\u0165an\u00e9, kte\u0159\u00ed dos\u00e1hli plnoletosti, mu p\u0159ed vstupem do \u0159ad ob\u010dansk\u00e9ho vojska zasv\u011btili mlad\u00e9ho kohouta.<\/p>\n<p>V Ath\u00e9n\u00e1ch se Areopag, \u201eAre\u016fv pahorek\u201c, rozkl\u00e1dal severoz\u00e1padn\u011b od Akropole; podle ath\u00e9nsk\u00e9 tradice se zde Ares zodpov\u00eddal p\u0159ed Olympany za to, \u017ee zabil Halirrhothia, syna Poseidona, kter\u00fd cht\u011bl zn\u00e1silnit jeho dceru Alkipp\u00e9 (Apollod\u00f3ros III, 14, 2).<\/p><p>Soudn\u00ed dv\u016fr na Areopagu, kter\u00fd a\u017e do p\u00e1t\u00e9ho stolet\u00ed p\u0159ed na\u0161\u00edm letopo\u010dtem tvo\u0159il nejvy\u0161\u0161\u00ed \u0161lechtick\u00fd soud v Ath\u00e9n\u00e1ch, odvozoval z t\u00e9to epizody sv\u016fj n\u00e1zev i svou kosmickou legitimitu.<\/p>\n<p>V Th\u00e9b\u00e1ch byl Ares praotcem kr\u00e1lovsk\u00e9 dynastie prost\u0159ednictv\u00edm Kadma a Harmonie. Jeho svat\u00fd <span class=\"iwg-fachbegriff\" data-tooltip=\"Svat\u00fd porost strom\u016f, slou\u017e\u00edc\u00ed jako kultovn\u00ed m\u00edsto.\" tabindex=\"0\">h\u00e1j<\/span> s jemu zasv\u011bcen\u00fdm drakem, kter\u00e9ho Kadmos zabil, pat\u0159\u00ed k nejstar\u0161\u00edm zakladatelsk\u00fdm m\u00fdt\u016fm m\u011bsta.<\/p><p>V Tegeji byl uct\u00edv\u00e1n Ares Gynaikothoinas (\u201ehostuj\u00edc\u00ed se \u017eenami\u201c), proto\u017ee \u017eeny tohoto m\u011bsta kdysi odrazily Lakedaimo\u0148any v bitv\u011b a ob\u011btn\u00ed hostinu si vychutnaly samy (Pausanias VIII, 48, 4 a\u017e 5). Tato nezvykl\u00e1 \u017eensk\u00e1 podoba kultu je z hlediska d\u011bjin n\u00e1bo\u017eenstv\u00ed n\u00e1padn\u00e1.<\/p>\n<p>V Halikarnassu, karsk\u00e9m m\u011bst\u011b, byl Ares vedle Bellony a Enyo hlavn\u00edm bo\u017estvem obce.<\/p><p>V Thr\u00e1kii, na \u00fazem\u00ed dne\u0161n\u00edho Bulharska a evropsk\u00e9ho Turecka, byl Ares podle H\u00e9rodota (V, 7) nejvy\u0161\u0161\u00edm bohem m\u00edstn\u00edho obyvatelstva; \u00fadajn\u011b obrovsk\u00fd \u017eelezn\u00fd pil\u00ed\u0159 ozna\u010doval jeho \u00fast\u0159edn\u00ed <span class=\"iwg-fachbegriff\" data-tooltip=\"Svat\u00e9 m\u00edsto zasv\u011bcen\u00e9 \u00fact\u011b k bo\u017estvu.\" tabindex=\"0\">svatyni<\/span>.<\/p><p>Skythov\u00e9 m\u011bli podle H\u00e9rodota (IV, 62) uct\u00edvat Area v podob\u011b star\u00e9ho \u017eelezn\u00e9ho me\u010de, kter\u00fd byl zasazen na vysok\u00e9m hlin\u011bn\u00e9m valu a jemu\u017e byla p\u0159in\u00e1\u0161ena ob\u011btn\u00ed krev kon\u00ed.<\/p><p>Tyto kulty ukazuj\u00ed, \u017ee Ares m\u011bl na severn\u00edm a v\u00fdchodn\u00edm okraji \u0159eck\u00e9ho sv\u011bta mnohem centr\u00e1ln\u011bj\u0161\u00ed postaven\u00ed ne\u017e v klasick\u00e9m j\u00e1drov\u00e9m \u00fazem\u00ed.<\/p>\t\t\t\t\t\t\t\t<\/div>\n\t\t\t\t<\/div>\n\t\t<div class=\"elementor-element elementor-element-9038db1 e-con-full e-flex e-con e-child\" data-id=\"9038db1\" data-element_type=\"container\" data-e-type=\"container\">\n\t\t\t\t<div class=\"elementor-element elementor-element-0654c55 elementor-widget elementor-widget-heading\" data-id=\"0654c55\" data-element_type=\"widget\" data-e-type=\"widget\" data-widget_type=\"heading.default\">\n\t\t\t\t\t<h2 class=\"elementor-heading-title elementor-size-default\">V\u00fdznamn\u00e9 svatyn\u011b a chr\u00e1my<\/h2>\t\t\t\t<\/div>\n\t\t\t\t<div class=\"elementor-element elementor-element-0336c5e elementor-widget elementor-widget-text-editor\" data-id=\"0336c5e\" data-element_type=\"widget\" data-e-type=\"widget\" data-widget_type=\"text-editor.default\">\n\t\t\t\t\t\t\t\t\t<p>Nejv\u00fdznamn\u011bj\u0161\u00ed ath\u00e9nsk\u00fd <span class=\"iwg-fachbegriff\" data-tooltip=\"Stavba slou\u017e\u00edc\u00ed k uct\u00edv\u00e1n\u00ed jednoho nebo v\u00edce bo\u017estev.\" tabindex=\"0\">chr\u00e1m<\/span> Area nest\u00e1l v klasick\u00e9 dob\u011b v samotn\u00fdch Ath\u00e9n\u00e1ch, ale byl teprve v dob\u011b \u0159\u00edmsk\u00e9 p\u0159enesen z Acharnai na agoru.<\/p><p>Acharnajsk\u00fd <span class=\"iwg-fachbegriff\" data-tooltip=\"Stavba slou\u017e\u00edc\u00ed k uct\u00edv\u00e1n\u00ed jednoho nebo v\u00edce bo\u017estev.\" tabindex=\"0\">chr\u00e1m<\/span> byl d\u00f3rskou stavbou p\u00e1t\u00e9ho stolet\u00ed; Augustus nebo n\u011bkter\u00fd z jeho n\u00e1stupc\u016f jej dal k\u00e1men po kameni p\u0159en\u00e9st na agoru a znovu postavit jako prot\u011bj\u0161ek Hefaisteia. Z\u00e1klady tohoto chr\u00e1mu jsou dnes archeologicky identifikovateln\u00e9 na severn\u00ed ago\u0159e.<\/p>\n<p>V Geronthrai u Eurotasu v Lakonii st\u00e1lo Areovo <span class=\"iwg-fachbegriff\" data-tooltip=\"Svat\u00e9 m\u00edsto zasv\u011bcen\u00e9 uct\u00edv\u00e1n\u00ed bo\u017estva.\" tabindex=\"0\">svatyn\u011b<\/span> s v\u00fdro\u010dn\u00edm sv\u00e1tkem, na kter\u00e9m se \u017eeny nesm\u011bly \u00fa\u010dastnit (Pausanias III, 22, 6\u20137).<\/p><p>V Troz\u00e9n\u011b u kopce Hellios st\u00e1l <span class=\"iwg-fachbegriff\" data-tooltip=\"Stavba slou\u017e\u00edc\u00ed k uct\u00edv\u00e1n\u00ed jednoho nebo v\u00edce bo\u017estev.\" tabindex=\"0\">chr\u00e1m<\/span> Area Gynaikoboase (\u201e\u017eeny rozb\u00edjej\u00edc\u00edho\u201c), ve Spart\u011b pak chr\u00e1m Area Theritase. V Tegeji byl <span class=\"iwg-fachbegriff\" data-tooltip=\"Stavba slou\u017e\u00edc\u00ed k uct\u00edv\u00e1n\u00ed jednoho nebo v\u00edce bo\u017estev.\" tabindex=\"0\">chr\u00e1m<\/span> Area Gynaikothoinase spojen se sv\u00e1tkem \u017een.<\/p>\n<p>V Halikarnassu se hlavn\u00ed svatyn\u011b nach\u00e1zela na akropoli, vedle mauzolea Maus\u00f3la. V Sigeionu v Troad\u011b a v Olynthu st\u00e1ly Areovy <span class=\"iwg-fachbegriff\" data-tooltip=\"Stavba slou\u017e\u00edc\u00ed k uct\u00edv\u00e1n\u00ed jednoho nebo v\u00edce bo\u017estev.\" tabindex=\"0\">chr\u00e1my<\/span>, kter\u00e9 se pro sv\u016fj v\u00fdznam v ath\u00e9nsk\u00e9 hegemonn\u00ed v\u00e1lce v letech 358 a\u017e 348 p\u0159ed na\u0161\u00edm letopo\u010dtem staly politick\u00fdmi ohnisky.<\/p><p>V hel\u00e9nistick\u00e9m Pergamu v\u011bnoval Eumen\u00e9s II. bohu okrsek v r\u00e1mci Asklepieia. Thr\u00e1ck\u00e9 kultovn\u00ed centrum, popsan\u00e9 H\u00e9rodotem, nen\u00ed archeologicky jednozna\u010dn\u011b lokalizov\u00e1no; pravd\u011bpodobn\u011b se nach\u00e1zelo v oblasti dne\u0161n\u00edho bulharsk\u00e9ho pob\u0159e\u017e\u00ed \u010cern\u00e9ho mo\u0159e.<\/p>\t\t\t\t\t\t\t\t<\/div>\n\t\t\t\t<\/div>\n\t\t<div class=\"elementor-element elementor-element-4eeaf99 e-con-full e-flex e-con e-child\" data-id=\"4eeaf99\" data-element_type=\"container\" data-e-type=\"container\">\n\t\t\t\t<div class=\"elementor-element elementor-element-55c73b3 elementor-widget elementor-widget-heading\" data-id=\"55c73b3\" data-element_type=\"widget\" data-e-type=\"widget\" data-widget_type=\"heading.default\">\n\t\t\t\t\t<h2 class=\"elementor-heading-title elementor-size-default\">Mytick\u00e9 vypr\u00e1v\u011bn\u00ed<\/h2>\t\t\t\t<\/div>\n\t\t\t\t<div class=\"elementor-element elementor-element-b02ac93 elementor-widget elementor-widget-text-editor\" data-id=\"b02ac93\" data-element_type=\"widget\" data-e-type=\"widget\" data-widget_type=\"text-editor.default\">\n\t\t\t\t\t\t\t\t\t<p>V trojsk\u00e9 v\u00e1lce stoj\u00ed Ares prom\u011bnliv\u011b na obou stran\u00e1ch, ale v\u017edy je pora\u017een Ath\u00e9nou. U Hom\u00e9ra (\u00cdlias V, 859 a\u017e 906) ho zran\u00ed Diom\u00e9d\u00e9s, veden Ath\u00e9nou; Ares vyd\u00e1 bolestn\u00fd k\u0159ik, kter\u00fd zn\u00ed jako \u0159ev dev\u00edti nebo deseti tis\u00edc mu\u017e\u016f, a uprchne na Olymp, kde si u Dia st\u011b\u017euje na nespravedlnost.<\/p><p>Zeus ho odm\u00edtne p\u0159\u00edk\u0159e: \u00abZe v\u0161ech boh\u016f, kte\u0159\u00ed s\u00eddl\u00ed na Olympu, jsi mi nejnen\u00e1vid\u011bn\u011bj\u0161\u00ed\u00bb (V, 890). Tento v\u00fdrok otce boh\u016f v\u016f\u010di vlastn\u00edmu synovi plat\u00ed za locus classicus pro nep\u0159\u00edzniv\u00fd obraz Area v hom\u00e9rsk\u00e9m eposu.<\/p>\n<p>\u00abTheomachie\u00bb v \u00cdliad\u011b XX a XXI stav\u00ed Area znovu proti Ath\u00e9n\u011b; i zde podl\u00e9h\u00e1. Nakonec zas\u00e1hne do boje v p\u0159estrojen\u00ed za smrteln\u00e9ho Trojana, ale je op\u011bt zatla\u010den zp\u011bt.<\/p><p>V pozd\u011bj\u0161\u00ed tradici se Areova dcera Pentesileia, kr\u00e1lovna Amazonek, zamiluje do Achillea, kter\u00fd ji zabije a p\u0159i pohledu na ni s\u00e1m poci\u0165uje smutek; tento <span class=\"iwg-fachbegriff\" data-tooltip=\"Opakuj\u00edc\u00ed se obsahov\u00fd prvek v um\u011bn\u00ed nebo vypr\u00e1v\u011bn\u00ed.\" tabindex=\"0\">motiv<\/span> je zobrazen na Kestnerov\u011b v\u00e1ze a v l\u00e1tce \u00abAithiopidy\u00bb.<\/p>\n<p><span class=\"iwg-fachbegriff\" data-tooltip=\"Tradovan\u00fd p\u0159\u00edb\u011bh o boz\u00edch, po\u010d\u00e1tc\u00edch a \u0159\u00e1du sv\u011bta.\" tabindex=\"0\">M\u00fdtus<\/span> o Areovi a Afrodit\u00e9, chycen\u00fdch v H\u00e9faistov\u011b s\u00edti, je nejzn\u00e1m\u011bj\u0161\u00edm p\u0159\u00edb\u011bhem tohoto boha. V hom\u00e9rsk\u00e9m vypr\u00e1v\u011bn\u00ed (Odysseia VIII) vede k jeho zesm\u011b\u0161n\u011bn\u00ed p\u0159ed olympsk\u00fdmi bohy.<\/p><p>V pozd\u011bj\u0161\u00ed tradici je v\u0161ak tato epizoda pod\u00e1na pozitivn\u011bji: ze spojen\u00ed vzejdou bohov\u00e9 Er\u00f3s a Harmonia, a n\u011bkte\u0159\u00ed filosofov\u00e9, mezi nimi Pl\u00fatarchos, vid\u00ed ve spojen\u00ed souzvuk v\u00e1lky a l\u00e1sky jako kosmick\u00fd princip, kter\u00fd vytv\u00e1\u0159\u00ed v\u0161echny protiklady.<\/p>\n<p>Epizodu s Al\u00f3ady, obry \u00d3tem a Efialtem, popisuje Apollod\u00f3ros (I, 7, 4): oba synov\u00e9 Poseid\u00f3na a Ifimedeie sv\u00e1\u017eou Area do bronzov\u00e9ho d\u017eb\u00e1nu a dr\u017e\u00ed ho v zajet\u00ed t\u0159in\u00e1ct m\u011bs\u00edc\u016f.<\/p><p>A\u017e Herm\u00e9s je informov\u00e1n nevlastn\u00ed matkou Eriboiou a osvobod\u00ed boha, polomrtv\u00e9ho z vy\u010derp\u00e1n\u00ed. Tento p\u0159\u00edb\u011bh ukazuje Area jako zraniteln\u00e9ho v\u016f\u010di lstivosti, \u010d\u00edm\u017e vyva\u017euje jeho profil \u010dist\u00e9 s\u00edly.<\/p>\t\t\t\t\t\t\t\t<\/div>\n\t\t\t\t<\/div>\n\t\t<div class=\"elementor-element elementor-element-9c573f7 e-con-full e-flex e-con e-child\" data-id=\"9c573f7\" data-element_type=\"container\" data-e-type=\"container\">\n\t\t\t\t<div class=\"elementor-element elementor-element-0281d79 elementor-widget elementor-widget-heading\" data-id=\"0281d79\" data-element_type=\"widget\" data-e-type=\"widget\" data-widget_type=\"heading.default\">\n\t\t\t\t\t<h2 class=\"elementor-heading-title elementor-size-default\">Vztahy v panteonu<\/h2>\t\t\t\t<\/div>\n\t\t\t\t<div class=\"elementor-element elementor-element-65b83af elementor-widget elementor-widget-text-editor\" data-id=\"65b83af\" data-element_type=\"widget\" data-e-type=\"widget\" data-widget_type=\"text-editor.default\">\n\t\t\t\t\t\t\t\t\t<p>Vztah Area k Diovi a H\u00e9\u0159e je ambivalentn\u00ed. Zeus ho u Hom\u00e9ra prohl\u00e1s\u00ed za sv\u00e9ho nejnen\u00e1vid\u011bn\u011bj\u0161\u00edho syna, av\u0161ak H\u00e9ra se ho opakovan\u011b zast\u00e1v\u00e1, nap\u0159\u00edklad kdy\u017e ho Diom\u00e9d\u00e9s zran\u00ed.<\/p><p>S Ath\u00e9nou existuje z\u00e1sadn\u00ed nep\u0159\u00e1telstv\u00ed, vych\u00e1zej\u00edc\u00ed ze z\u00e1kladn\u00edho rozd\u00edlu jejich pojet\u00ed v\u00e1lky: Ath\u00e9na pl\u00e1nuje a chr\u00e1n\u00ed polis, Ares se \u0159\u00edt\u00ed vp\u0159ed a ni\u010d\u00ed. Ve dvou hom\u00e9rsk\u00fdch epizod\u00e1ch ho poraz\u00ed p\u0159\u00edmo: v epizod\u011b s Diom\u00e9dem a v Theomachii.<\/p>\n<p>S Afrodit\u00e9 poj\u00ed Area jeden z \u00fast\u0159edn\u00edch milostn\u00fdch p\u0159\u00edb\u011bh\u016f \u0159eck\u00e9ho <span class=\"iwg-fachbegriff\" data-tooltip=\"Tradovan\u00fd p\u0159\u00edb\u011bh o boz\u00edch, po\u010d\u00e1tc\u00edch a \u0159\u00e1du sv\u011bta.\" tabindex=\"0\">m\u00fdtu<\/span>. Pozd\u011bj\u0161\u00ed filosofick\u00e1 tradice vykl\u00e1d\u00e1 toto spojen\u00ed jako kosmick\u00e9 usm\u00ed\u0159en\u00ed protiklad\u016f v\u00e1lky a l\u00e1sky; z n\u011bj vzejde Harmonia.<\/p><p>S H\u00e9faistem, pr\u00e1voplatn\u00fdm man\u017eelem Afrodit\u00e9, existuje otev\u0159en\u00e1 rivalita, vrchol\u00edc\u00ed ve zm\u00edn\u011bn\u00e9m incidentu se s\u00edt\u00ed. Er\u00f3s, jejich spole\u010dn\u00e9 d\u00edt\u011b, je v orfick\u00e9 tradici nejstar\u0161\u00edm a nejmocn\u011bj\u0161\u00edm bohem; v olympsk\u00e9 tradici je redukov\u00e1n na d\u011btsk\u00e9ho d\u00e9mona Afrodit\u00e9.<\/p>\n<p>S \u00abbojovn\u00fdmi\u00bb sourozenci Eny\u00f3 (sestra) a s K\u00e9r a Eris (spole\u010dnice na boji\u0161ti) tvo\u0159\u00ed Ares kruh temn\u00fdch boh\u016f, kte\u0159\u00ed p\u016fsob\u00ed jako personifikace bojov\u00e9 v\u0159avy.<\/p><p>Ot\u00e1zka, zda je Eny\u00f3 samostatnou bohyn\u00ed, nebo pouze aspektem Area Enyalia, je p\u0159edm\u011btem diskuse v modern\u00edm b\u00e1d\u00e1n\u00ed; nejstar\u0161\u00ed doklady sv\u011bd\u010d\u00ed pro samostatnou bohyni, kter\u00e1 byla v olympsk\u00e9m obdob\u00ed za\u010dlen\u011bna do Areova doprovodu. S Hermem, bratrem, kter\u00fd ho osvobod\u00ed z bronzov\u00e9ho d\u017eb\u00e1nu, existuje v\u00fdjime\u010dn\u011b kladn\u00fd vztah.<\/p>\t\t\t\t\t\t\t\t<\/div>\n\t\t\t\t<\/div>\n\t\t<div class=\"elementor-element elementor-element-dc21d1a e-con-full e-flex e-con e-child\" data-id=\"dc21d1a\" data-element_type=\"container\" data-e-type=\"container\">\n\t\t\t\t<div class=\"elementor-element elementor-element-e21b316 elementor-widget elementor-widget-heading\" data-id=\"e21b316\" data-element_type=\"widget\" data-e-type=\"widget\" data-widget_type=\"heading.default\">\n\t\t\t\t\t<h2 class=\"elementor-heading-title elementor-size-default\">Recepce<\/h2>\t\t\t\t<\/div>\n\t\t\t\t<div class=\"elementor-element elementor-element-6b22693 elementor-widget elementor-widget-text-editor\" data-id=\"6b22693\" data-element_type=\"widget\" data-e-type=\"widget\" data-widget_type=\"text-editor.default\">\n\t\t\t\t\t\t\t\t\t<p>\u0158\u00edmsk\u00e1 identifikace s Martem p\u0159in\u00e1\u0161\u00ed z\u00e1sadn\u011b odli\u0161n\u00e9 pojet\u00ed. Mars byl v It\u00e1lii hlavn\u00edm bohem s d\u016fstojn\u00fdm profilem, ochr\u00e1ncem kmene, d\u00e1rcem zem\u011bd\u011blsk\u00e9 plodnosti a prap\u0159edkem \u0158\u00edma prost\u0159ednictv\u00edm Romula a Rema.<\/p><p>Na rozd\u00edl od nep\u0159\u00edli\u0161 obl\u00edben\u00e9ho \u0159eck\u00e9ho Area byl Mars rovnocenn\u00fd Jupiterovi v Kapitolsk\u00e9 trojici ran\u00e9 republiky (Jupiter, Mars, Quirinus). \u0158\u00edmsk\u00e9 n\u00e1bo\u017eenstv\u00ed tak t\u00e9m\u011b\u0159 zcela pozbylo negativn\u00ed slo\u017eku Area a p\u0159enechalo ji Bellon\u011b nebo personifikovan\u00e9mu Furoru.<\/p>\n<p>Ve st\u0159edov\u011bku se Ares-Mars stal planet\u00e1rn\u00ed postavou a vl\u00e1dcem dne \u00abmarted\u00ec\u00bb (\u00fater\u00fd, den Marta). Boccaccio ho v d\u00edle \u00abDe genealogia deorum gentilium\u00bb zpracov\u00e1v\u00e1 jako alegorickou postavu hn\u011bvu.<\/p><p>Chaucerova \u00abRyt\u00ed\u0159sk\u00e1 pov\u00eddka\u00bb z n\u011bj d\u011bl\u00e1 patrona ryt\u00ed\u0159e Arcita. Renesance p\u0159in\u00e1\u0161\u00ed Botticelliho \u00abVenu\u0161i a Marta\u00bb (1483 a\u017e 1485, National Gallery Lond\u00fdn), kter\u00fd zobrazuje boha sp\u00edc\u00edho, usm\u00ed\u0159en\u00e9ho Afrodit\u00e9, jako alegorii usm\u00ed\u0159en\u00ed v\u00e1lky a l\u00e1sky.<\/p>\n<p>Vel\u00e1zquez\u016fv \u00abMars\u00bb (1640, Prado) a Rubensovy \u00abD\u016fsledky v\u00e1lky\u00bb (1638) vykl\u00e1daj\u00ed boha jako zamy\u0161lenou, t\u00e9m\u011b\u0159 melancholickou postavu. V devaten\u00e1ct\u00e9m stolet\u00ed ustupuje Ares do pozad\u00ed p\u0159ed personifikac\u00ed modern\u00edho v\u00e1le\u010dn\u00e9ho stroje.<\/p><p>Modern\u00ed popkultura ho p\u0159evzala jako archetyp\u00e1ln\u00edho v\u00e1le\u010dnick\u00e9ho antagonistu ve hr\u00e1ch, filmech a komiksech, \u010dasto bez ohledu na historicky ambivalentn\u00ed postaven\u00ed tohoto boha. V\u011bdeck\u00fd v\u00fdzkum od dob Burkerta systematicky odkryl samostatnost a \u010d\u00e1ste\u010dn\u011b i vysok\u00e9 postaven\u00ed kultu Area mimo ath\u00e9nsk\u00fd diskurz.<\/p>\t\t\t\t\t\t\t\t<\/div>\n\t\t\t\t<\/div>\n\t\t<div class=\"elementor-element elementor-element-8237df0 e-con-full e-flex e-con e-child\" data-id=\"8237df0\" data-element_type=\"container\" data-e-type=\"container\">\n\t\t\t\t<div class=\"elementor-element elementor-element-eec342f elementor-widget elementor-widget-heading\" data-id=\"eec342f\" data-element_type=\"widget\" data-e-type=\"widget\" data-widget_type=\"heading.default\">\n\t\t\t\t\t<h2 class=\"elementor-heading-title elementor-size-default\">Religionistick\u00e9 za\u0159azen\u00ed<\/h2>\t\t\t\t<\/div>\n\t\t\t\t<div class=\"elementor-element elementor-element-7b4dd7d elementor-widget elementor-widget-text-editor\" data-id=\"7b4dd7d\" data-element_type=\"widget\" data-e-type=\"widget\" data-widget_type=\"text-editor.default\">\n\t\t\t\t\t\t\t\t\t<p>Etymologie jm\u00e9na Ares je sporn\u00e1. Indoevropsk\u00fd odvozovac\u00ed z\u00e1klad z ko\u0159ene \u00ab*h\u2082er-\u00bb (kazit, \u0161kodit) je mo\u017en\u00fd, ale nen\u00ed jist\u00fd; myk\u00e9nsk\u00e9 doklady v line\u00e1rn\u00edm p\u00edsmu B (\u00aba-re\u00bb) dokl\u00e1daj\u00ed jm\u00e9no ji\u017e ve druh\u00e9m tis\u00edcilet\u00ed p\u0159ed na\u0161\u00edm letopo\u010dtem v oblasti Egejsk\u00e9ho mo\u0159e.<\/p><p>Robert Beekes indoevropskou etymologii odm\u00edt\u00e1 a p\u0159ikl\u00e1n\u00ed se k p\u0159ed\u0159eck\u00e9mu p\u016fvodu. V\u00fdrazn\u00e1 thr\u00e1ck\u00e1 \u00facta nazna\u010duje severn\u00ed, mo\u017en\u00e1 neindoevropsk\u00fd p\u016fvod.<\/p>\n<p>V religionistick\u00e9m srovn\u00e1n\u00ed upout\u00e1vaj\u00ed paralely s v\u00e9dsk\u00fdm Indrou, kter\u00fd je tak\u00e9 bojov\u00fdm bohem a v\u016fdcem D\u00e9v\u016f, d\u00e1le se seversk\u00fdm T\u00fdrem a (v jin\u00e9 vrstv\u011b) s keltsk\u00fdm Camulem nebo Cocidiem.<\/p><p>Georges Dum\u00e9zil za\u0159adil Area do druh\u00e9, v\u00e1le\u010dn\u00e9 funkce sv\u00e9 indoevropsk\u00e9 teorie t\u0159\u00ed funkc\u00ed. Samostatnost Area v r\u00e1mci \u0159eck\u00e9ho panteonu v\u016f\u010di Ath\u00e9n\u011b, kter\u00e1 je tak\u00e9 druhou, v\u00e1le\u010dnou bohyn\u00ed, v\u0161ak \u010dist\u011b dum\u00e9zilovskou klasifikaci komplikuje.<\/p>\n<p>Walter Burkert ve sv\u00e9m d\u00edle \u00abGriechische Religion\u00bb vypracoval funkci Area jako \u00abjin\u00e9ho\u00bb boha v\u00e1lky, kter\u00fd n\u00e1bo\u017eensky zp\u0159\u00edstup\u0148uje negativn\u00ed str\u00e1nku v\u00e1lky, je\u017e se ned\u00e1 zvl\u00e1dnout \u017e\u00e1dnou strategi\u00ed vzta\u017eenou k obci (polis).<\/p><p>Ritu\u00e1ln\u00ed spout\u00e1n\u00ed ve Spart\u011b a Geronthrai vid\u00ed jako v\u00fdraz apotropaick\u00e9 religiozity: b\u016fh je spout\u00e1n, aby u\u0161et\u0159il vlastn\u00ed spole\u010denstv\u00ed. Nov\u011bj\u0161\u00ed pr\u00e1ce, nap\u0159\u00edklad Pierra Bonnechera k thr\u00e1ck\u00fdm aspekt\u016fm a Jana Bremmera k inicia\u010dn\u00edm ritu\u00e1l\u016fm, d\u00e1le rozvinuly profil Area jako komplexn\u00edho, region\u00e1ln\u011b diferencovan\u00e9ho boha.<\/p>\t\t\t\t\t\t\t\t<\/div>\n\t\t\t\t<\/div>\n\t\t<div class=\"elementor-element elementor-element-2fd4cb6 e-con-full e-flex e-con e-child\" data-id=\"2fd4cb6\" data-element_type=\"container\" data-e-type=\"container\">\n\t\t\t\t<div class=\"elementor-element elementor-element-698d49a elementor-widget elementor-widget-heading\" data-id=\"698d49a\" data-element_type=\"widget\" data-e-type=\"widget\" data-widget_type=\"heading.default\">\n\t\t\t\t\t<h2 class=\"elementor-heading-title elementor-size-default\">Etymologie a doklady v line\u00e1rn\u00edm p\u00edsmu B<\/h2>\t\t\t\t<\/div>\n\t\t\t\t<div class=\"elementor-element elementor-element-6a4eedf elementor-widget elementor-widget-text-editor\" data-id=\"6a4eedf\" data-element_type=\"widget\" data-e-type=\"widget\" data-widget_type=\"text-editor.default\">\n\t\t\t\t\t\t\t\t\t<p>Jm\u00e9no \u00abAres\u00bb (v archaick\u00e9m pravopisu \u00abAra\u00bb) je dolo\u017eeno od druh\u00e9ho tis\u00edcilet\u00ed p\u0159ed na\u0161\u00edm letopo\u010dtem. Myk\u00e9nsk\u00e9 tabulky v line\u00e1rn\u00edm p\u00edsmu B z Knossu (tabulka V 52) uv\u00e1d\u011bj\u00ed teonymum \u00aba-re\u00bb, jeho\u017e ztoto\u017en\u011bn\u00ed s Areem je pravd\u011bpodobn\u00e9, ale ne jist\u00e9.<\/p><p>Doklady nazna\u010duj\u00ed p\u0159\u00edjemce skromn\u00fdch <span class=\"iwg-fachbegriff\" data-tooltip=\"Dar bo\u017estvu vyjad\u0159uj\u00edc\u00ed d\u00edky, prosbu nebo \u00factu.\" tabindex=\"0\">ob\u011bt\u00ed<\/span>, nikoli hlavn\u00edho boha. Toto ran\u011b perifern\u00ed postaven\u00ed v myk\u00e9nsk\u00e9m panteonu m\u016f\u017ee nazna\u010dovat, \u017ee Ares v n\u00e1bo\u017eenstv\u00ed doby bronzov\u00e9 je\u0161t\u011b nezast\u00e1val centr\u00e1ln\u00ed funkci a k postaven\u00ed hlavn\u00ed olympsk\u00e9 postavy se dostal a\u017e v archaick\u00e9m obdob\u00ed.<\/p>\n<p>Etymologicky bylo navr\u017eeno n\u011bkolik odvozen\u00ed. Spojen\u00ed s indoevropsk\u00fdm ko\u0159enem \u00ab*h\u2082er-\u00bb (kazit, \u0161kodit) je mo\u017en\u00e9, s\u00e9manticky ale odpov\u00edd\u00e1 sp\u00ed\u0161e profilu Er\u00edny\u00ed nebo K\u00e9r ne\u017e klasick\u00e9mu Areovi.<\/p><p>Robert Beekes indoevropskou etymologii odm\u00edt\u00e1 a p\u0159ikl\u00e1n\u00ed se k p\u0159ed\u0159eck\u00e9mu p\u016fvodu. V\u00fdrazn\u00e1 thr\u00e1ck\u00e1 \u00facta nazna\u010duje severn\u00ed, mo\u017en\u00e1 neindoevropsk\u00fd p\u016fvod, p\u0159esn\u00fd etnolingvistick\u00fd p\u016fvod jm\u00e9na v\u0161ak z\u016fst\u00e1v\u00e1 otev\u0159en\u00fd.<\/p>\n<p>Zvl\u00e1\u0161tn\u00ed teologickou pozornost si zaslou\u017e\u00ed p\u0159\u00eddomek \u00abEnyalios\u00bb, pod kter\u00fdm byl Ares uct\u00edv\u00e1n zejm\u00e9na v archaick\u00e9m obdob\u00ed. Enyalios se v tabulk\u00e1ch line\u00e1rn\u00edho p\u00edsma B (\u00abe-nu-wa-ri-jo\u00bb) objevuje ji\u017e samostatn\u011b vedle \u00aba-re\u00bb, co\u017e vedlo star\u0161\u00ed badatele k tezi, \u017ee Enyalios byl p\u016fvodn\u011b samostatn\u00fdm v\u00e1le\u010dn\u00fdm bo\u017estvem, kter\u00e9 se v archaick\u00e9m obdob\u00ed slilo s Areem.<\/p><p>Sestra Enyo, je\u017e pat\u0159\u00ed k bojov\u00e9mu bo\u017estvu Iliady, by pak byla \u017eensk\u00fdm prot\u011bj\u0161kem t\u00e9\u017ee star\u0161\u00ed vrstvy. Walter Burkert tuto hypot\u00e9zu opatrn\u011b zast\u00e1val v d\u00edle \u00abGriechische Religion\u00bb; dnes je jednou z diskutovan\u00fdch mo\u017enost\u00ed pro p\u0159edch\u016fdce Areova kultu.<\/p>\t\t\t\t\t\t\t\t<\/div>\n\t\t\t\t<\/div>\n\t\t<div class=\"elementor-element elementor-element-a06804d e-con-full e-flex e-con e-child\" data-id=\"a06804d\" data-element_type=\"container\" data-e-type=\"container\">\n\t\t\t\t<div class=\"elementor-element elementor-element-03d8407 elementor-widget elementor-widget-heading\" data-id=\"03d8407\" data-element_type=\"widget\" data-e-type=\"widget\" data-widget_type=\"heading.default\">\n\t\t\t\t\t<h2 class=\"elementor-heading-title elementor-size-default\">Prameny<\/h2>\t\t\t\t<\/div>\n\t\t\t\t<div class=\"elementor-element elementor-element-bdf1ee3 elementor-widget elementor-widget-text-editor\" data-id=\"bdf1ee3\" data-element_type=\"widget\" data-e-type=\"widget\" data-widget_type=\"text-editor.default\">\n\t\t\t\t\t\t\t\t\t<p>Hom\u00e9r, \u00abIlias\u00bb V, 825 a\u017e 909 (zran\u011bn\u00ed od Diomeda), XX, 51 a\u017e 53 a XXI, 391 a\u017e 414 (theomachie); \u00abOdysseia\u00bb VIII, 266 a\u017e 366 (Afrodita). H\u00e9siodos, \u00abTheogonie\u00bb 921 a\u017e 923. Apollod\u00f3ros, \u00abBibliothek\u00e9\u00bb, I, 7, 4 (Al\u00f3adov\u00e9), III, 4, 2 (Harmonia), III, 14, 2 (Areopag). H\u00e9rodotos, \u00abHistorie\u00bb IV, 62 (skythsk\u00fd me\u010d-<span class=\"iwg-fachbegriff\" data-tooltip=\"Souhrn n\u00e1bo\u017eensk\u00fdch \u00factypln\u00fdch \u00fakon\u016f v\u016f\u010di bo\u017estvu nebo svat\u00e9 bytosti.\" tabindex=\"0\">kult<\/span>), V, 7 (Thr\u00e1kie).<\/p><p>Pausanias, \u00abCesta po \u0158ecku\u00bb, III, 14, 9 (ob\u011btov\u00e1n\u00ed ps\u016f ve Spart\u011b), III, 15, 7 (spoutan\u00e1 socha), VIII, 48, 4 a\u017e 5 (Tegea). Walter Burkert, \u00abGriechische Religion der archaischen und klassischen Epoche\u00bb, Stuttgart 1977. Karl Ker\u00e9nyi, \u00abDie <span class=\"iwg-fachbegriff\" data-tooltip=\"Souhrn tradovan\u00fdch vypr\u00e1v\u011bn\u00ed o boz\u00edch v dan\u00e9 kultu\u0159e.\" tabindex=\"0\">Mythologie<\/span> der Griechen\u00bb, Z\u00fcrich 1951. Jan N. Bremmer, \u00abGreek Religion and Culture\u00bb, Leiden 2008. Georges Dum\u00e9zil, \u00abL&#8217;id\u00e9ologie tripartite des Indo-Europ\u00e9ens\u00bb, Brusel 1958.<\/p>\t\t\t\t\t\t\t\t<\/div>\n\t\t\t\t<\/div>\n\t\t\t\t\t<\/div>\n\t\t\t\t<\/div>\n\t\t\t\t<\/div>\n\t\t","protected":false},"excerpt":{"rendered":"","protected":false},"author":3,"featured_media":2981,"parent":0,"menu_order":0,"comment_status":"closed","ping_status":"closed","template":"elementor_header_footer","meta":{"_yoast_wpseo_focuskw":"Ares","_yoast_wpseo_title":"Ares \u2013 b\u016fh v\u00e1lky a bitvy | iWell Guard","_yoast_wpseo_metadesc":"Ares je \u0159eck\u00fd b\u016fh v\u00e1lky a nezkrocen\u00e9 bitvy. Syn Zeuse a H\u00e9ry, milenec Afrodity. M\u00fdtus a kult.","_yoast_wpseo_meta-robots-noindex":"","_yoast_wpseo_canonical":"","_angie_page":false,"gefaehrdungsstufe":"3","wesen_kultur":"griechenland","wesen_klasse":"goetter","footnotes":""},"categories":[],"class_list":["post-145577","page","type-page","status-publish","has-post-thumbnail","hentry"],"yoast_head":"<!-- This site is optimized with the Yoast SEO Premium plugin v27.7 (Yoast SEO v28.3) - https:\/\/yoast.com\/product\/yoast-seo-premium-wordpress\/ -->\n<title>Ares \u2013 b\u016fh v\u00e1lky a bitvy | iWell Guard<\/title>\n<meta name=\"description\" content=\"Ares je \u0159eck\u00fd b\u016fh v\u00e1lky a nezkrocen\u00e9 bitvy. Syn Zeuse a H\u00e9ry, milenec Afrodity. M\u00fdtus a kult.\" \/>\n<meta name=\"robots\" content=\"index, follow, max-snippet:-1, max-image-preview:large, max-video-preview:-1\" \/>\n<link rel=\"canonical\" href=\"https:\/\/iwell-guard.com\/cs\/ares\/\" \/>\n<meta property=\"og:locale\" content=\"cs_CZ\" \/>\n<meta property=\"og:type\" content=\"article\" \/>\n<meta property=\"og:title\" content=\"Ares\" \/>\n<meta property=\"og:description\" content=\"Ares je \u0159eck\u00fd b\u016fh v\u00e1lky a nezkrocen\u00e9 bitvy. Syn Zeuse a H\u00e9ry, milenec Afrodity. M\u00fdtus a kult.\" \/>\n<meta property=\"og:url\" content=\"https:\/\/iwell-guard.com\/cs\/ares\/\" \/>\n<meta property=\"og:site_name\" content=\"iWell Guard\" \/>\n<meta property=\"article:modified_time\" content=\"2026-09-03T16:59:47+00:00\" \/>\n<meta property=\"og:image\" content=\"https:\/\/iwell-guard.com\/wp-content\/uploads\/2026\/05\/goetter_griechenland_ares.webp\" \/>\n\t<meta property=\"og:image:width\" content=\"1024\" \/>\n\t<meta property=\"og:image:height\" content=\"1536\" \/>\n\t<meta property=\"og:image:type\" content=\"image\/webp\" \/>\n<meta name=\"twitter:card\" content=\"summary_large_image\" \/>\n<script type=\"application\/ld+json\" class=\"yoast-schema-graph\">{\"@context\":\"https:\\\/\\\/schema.org\",\"@graph\":[{\"@type\":\"WebPage\",\"@id\":\"https:\\\/\\\/iwell-guard.com\\\/cs\\\/ares\\\/\",\"url\":\"https:\\\/\\\/iwell-guard.com\\\/cs\\\/ares\\\/\",\"name\":\"Ares \u2013 b\u016fh v\u00e1lky a bitvy | iWell Guard\",\"isPartOf\":{\"@id\":\"https:\\\/\\\/iwell-guard.com\\\/cs\\\/#website\"},\"primaryImageOfPage\":{\"@id\":\"https:\\\/\\\/iwell-guard.com\\\/cs\\\/ares\\\/#primaryimage\"},\"image\":{\"@id\":\"https:\\\/\\\/iwell-guard.com\\\/cs\\\/ares\\\/#primaryimage\"},\"thumbnailUrl\":\"https:\\\/\\\/iwell-guard.com\\\/wp-content\\\/uploads\\\/2026\\\/05\\\/goetter_griechenland_ares.webp\",\"datePublished\":\"2026-09-03T16:31:43+00:00\",\"dateModified\":\"2026-09-03T16:59:47+00:00\",\"description\":\"Ares je \u0159eck\u00fd b\u016fh v\u00e1lky a nezkrocen\u00e9 bitvy. Syn Zeuse a H\u00e9ry, milenec Afrodity. M\u00fdtus a kult.\",\"breadcrumb\":{\"@id\":\"https:\\\/\\\/iwell-guard.com\\\/cs\\\/ares\\\/#breadcrumb\"},\"inLanguage\":\"cs\",\"potentialAction\":[{\"@type\":\"ReadAction\",\"target\":[\"https:\\\/\\\/iwell-guard.com\\\/cs\\\/ares\\\/\"]}]},{\"@type\":\"ImageObject\",\"inLanguage\":\"cs\",\"@id\":\"https:\\\/\\\/iwell-guard.com\\\/cs\\\/ares\\\/#primaryimage\",\"url\":\"https:\\\/\\\/iwell-guard.com\\\/wp-content\\\/uploads\\\/2026\\\/05\\\/goetter_griechenland_ares.webp\",\"contentUrl\":\"https:\\\/\\\/iwell-guard.com\\\/wp-content\\\/uploads\\\/2026\\\/05\\\/goetter_griechenland_ares.webp\",\"width\":1024,\"height\":1536,\"caption\":\"Bohov\u00e9 z \u0159eck\u00e9 tradice.\"},{\"@type\":\"BreadcrumbList\",\"@id\":\"https:\\\/\\\/iwell-guard.com\\\/cs\\\/ares\\\/#breadcrumb\",\"itemListElement\":[{\"@type\":\"ListItem\",\"position\":1,\"name\":\"Start\",\"item\":\"https:\\\/\\\/iwell-guard.com\\\/cs\\\/?page_id=145107\"},{\"@type\":\"ListItem\",\"position\":2,\"name\":\"Ares\"}]},{\"@type\":\"WebSite\",\"@id\":\"https:\\\/\\\/iwell-guard.com\\\/cs\\\/#website\",\"url\":\"https:\\\/\\\/iwell-guard.com\\\/cs\\\/\",\"name\":\"iWell Guard\",\"description\":\"Schutz vor dunklen Einfl\u00fcssen\",\"publisher\":{\"@id\":\"https:\\\/\\\/iwell-guard.com\\\/cs\\\/#organization\"},\"potentialAction\":[{\"@type\":\"SearchAction\",\"target\":{\"@type\":\"EntryPoint\",\"urlTemplate\":\"https:\\\/\\\/iwell-guard.com\\\/cs\\\/?s={search_term_string}\"},\"query-input\":{\"@type\":\"PropertyValueSpecification\",\"valueRequired\":true,\"valueName\":\"search_term_string\"}}],\"inLanguage\":\"cs\"},{\"@type\":\"Organization\",\"@id\":\"https:\\\/\\\/iwell-guard.com\\\/cs\\\/#organization\",\"name\":\"Ittermann electronic GmbH\",\"url\":\"https:\\\/\\\/iwell-guard.com\\\/cs\\\/\",\"logo\":{\"@type\":\"ImageObject\",\"inLanguage\":\"cs\",\"@id\":\"https:\\\/\\\/iwell-guard.com\\\/cs\\\/#\\\/schema\\\/logo\\\/image\\\/\",\"url\":\"https:\\\/\\\/iwell-guard.com\\\/wp-content\\\/uploads\\\/2026\\\/05\\\/Ittermann-Logo-1182x237-1.png\",\"contentUrl\":\"https:\\\/\\\/iwell-guard.com\\\/wp-content\\\/uploads\\\/2026\\\/05\\\/Ittermann-Logo-1182x237-1.png\",\"width\":1182,\"height\":237,\"caption\":\"Ittermann electronic GmbH\"},\"image\":{\"@id\":\"https:\\\/\\\/iwell-guard.com\\\/cs\\\/#\\\/schema\\\/logo\\\/image\\\/\"},\"sameAs\":[\"https:\\\/\\\/pantip.com\\\/profile\\\/9367242\",\"https:\\\/\\\/micro.blog\\\/iwellguard\",\"https:\\\/\\\/www.diggerslist.com\\\/iwellguard\\\/about\",\"https:\\\/\\\/skitterphoto.com\\\/photographers\\\/2870314\\\/iwell-guard\",\"https:\\\/\\\/iwellguard.wordpress.com\\\/2026\\\/06\\\/06\\\/iwell-guard\\\/\",\"https:\\\/\\\/hub.docker.com\\\/u\\\/iwellguard\",\"https:\\\/\\\/www.pinterest.com\\\/iwellguard\\\/\",\"https:\\\/\\\/bit.ly\\\/m\\\/iwellguard\",\"https:\\\/\\\/entre-vos-mains.alsace.eu\\\/profiles\\\/iwellguard\\\/activity\",\"https:\\\/\\\/gravatar.com\\\/reallybeded8fd34\",\"https:\\\/\\\/naijamatta.com\\\/iwellguard\",\"https:\\\/\\\/www.goodreads.com\\\/iwellguard\",\"https:\\\/\\\/profile.hatena.ne.jp\\\/iwellguard\\\/\",\"https:\\\/\\\/experiment.com\\\/users\\\/iwellguard\",\"https:\\\/\\\/wakelet.com\\\/@iWellGuard82270\",\"https:\\\/\\\/www.chordie.com\\\/forum\\\/profile.php?id=2555664\",\"https:\\\/\\\/www.instapaper.com\\\/p\\\/17757966\",\"https:\\\/\\\/www.mapleprimes.com\\\/users\\\/iwellguard\",\"https:\\\/\\\/businesslistingplus.com\\\/profile\\\/iwell-guard\\\/\",\"https:\\\/\\\/telegra.ph\\\/iWell-Guard-06-06\",\"https:\\\/\\\/pbase.com\\\/iwellguard\\\/iwellguard\",\"https:\\\/\\\/b.hatena.ne.jp\\\/iwellguard\\\/20260607#bookmark-4788405196491818882\",\"https:\\\/\\\/fliphtml5.com\\\/home\\\/iwellguard\",\"https:\\\/\\\/anyflip.com\\\/homepage\\\/cmiwl#About\",\"https:\\\/\\\/transfur.com\\\/Users\\\/iwellguard\",\"http:\\\/\\\/delphi.larsbo.org\\\/user\\\/iwellguard\",\"https:\\\/\\\/jobs.lajobsportal.org\\\/profiles\\\/8380803-iwell-guard\",\"https:\\\/\\\/md.chaosdorf.de\\\/s\\\/jfbe5SBdJD\",\"https:\\\/\\\/www.lingvolive.com\\\/en-us\\\/profile\\\/9ecaeaca-ce11-4e51-9e71-01d55e2bff36\\\/translations\",\"https:\\\/\\\/www.fitday.com\\\/fitness\\\/forums\\\/members\\\/iwellguard.html\",\"https:\\\/\\\/www.mymeetbook.com\\\/iwellguard\",\"https:\\\/\\\/pxhere.com\\\/en\\\/photographer-me\\\/5040798\",\"https:\\\/\\\/disqus.com\\\/by\\\/iwellguard\\\/about\\\/\",\"https:\\\/\\\/pastelink.net\\\/hjwciqwq\",\"https:\\\/\\\/pubhtml5.com\\\/homepage\\\/scjhn\\\/\",\"https:\\\/\\\/www.bitchute.com\\\/channel\\\/2O2eOKzNqujT\",\"https:\\\/\\\/audiomack.com\\\/iwellguard\"]},{\"@type\":\"Article\",\"@id\":\"https:\\\/\\\/iwell-guard.com\\\/cs\\\/ares\\\/#article\",\"isPartOf\":{\"@id\":\"https:\\\/\\\/iwell-guard.com\\\/cs\\\/ares\\\/\"},\"author\":{\"name\":\"Ralf Ittermann\",\"@id\":\"https:\\\/\\\/iwell-guard.com\\\/cs\\\/#\\\/schema\\\/person\\\/ee2a27f1cac3406c7c6fb5820cb7349f\"},\"headline\":\"Ares\",\"datePublished\":\"2026-09-03T16:31:43+00:00\",\"dateModified\":\"2026-09-03T16:59:47+00:00\",\"mainEntityOfPage\":{\"@id\":\"https:\\\/\\\/iwell-guard.com\\\/cs\\\/ares\\\/\"},\"publisher\":{\"@id\":\"https:\\\/\\\/iwell-guard.com\\\/cs\\\/#organization\"},\"image\":{\"@id\":\"https:\\\/\\\/iwell-guard.com\\\/cs\\\/ares\\\/#primaryimage\"},\"thumbnailUrl\":\"https:\\\/\\\/iwell-guard.com\\\/wp-content\\\/uploads\\\/2026\\\/05\\\/goetter_griechenland_ares.webp\",\"inLanguage\":\"cs\",\"description\":\"Ares je \u0159eck\u00fd b\u016fh v\u00e1lky a nezkrocen\u00e9 bitvy. Syn Zeuse a H\u00e9ry, milenec Afrodity. M\u00fdtus a kult.\"}]}<\/script>\n<!-- \/ Yoast SEO Premium plugin. -->","yoast_head_json":{"title":"Ares \u2013 b\u016fh v\u00e1lky a bitvy | iWell Guard","description":"Ares je \u0159eck\u00fd b\u016fh v\u00e1lky a nezkrocen\u00e9 bitvy. Syn Zeuse a H\u00e9ry, milenec Afrodity. M\u00fdtus a kult.","robots":{"index":"index","follow":"follow","max-snippet":"max-snippet:-1","max-image-preview":"max-image-preview:large","max-video-preview":"max-video-preview:-1"},"canonical":"https:\/\/iwell-guard.com\/cs\/ares\/","og_locale":"cs_CZ","og_type":"article","og_title":"Ares","og_description":"Ares je \u0159eck\u00fd b\u016fh v\u00e1lky a nezkrocen\u00e9 bitvy. Syn Zeuse a H\u00e9ry, milenec Afrodity. M\u00fdtus a kult.","og_url":"https:\/\/iwell-guard.com\/cs\/ares\/","og_site_name":"iWell Guard","article_modified_time":"2026-09-03T16:59:47+00:00","og_image":[{"width":1024,"height":1536,"url":"https:\/\/iwell-guard.com\/wp-content\/uploads\/2026\/05\/goetter_griechenland_ares.webp","type":"image\/webp"}],"twitter_card":"summary_large_image","schema":{"@context":"https:\/\/schema.org","@graph":[{"@type":"Article","@id":"https:\/\/iwell-guard.com\/cs\/ares\/#article","isPartOf":{"@id":"https:\/\/iwell-guard.com\/cs\/ares\/"},"author":{"name":"Ralf Ittermann","@id":"https:\/\/iwell-guard.com\/cs\/#\/schema\/person\/ee2a27f1cac3406c7c6fb5820cb7349f"},"headline":"Ares","datePublished":"2026-09-03T16:31:43+00:00","dateModified":"2026-09-03T16:59:47+00:00","mainEntityOfPage":{"@id":"https:\/\/iwell-guard.com\/cs\/ares\/"},"publisher":{"@id":"https:\/\/iwell-guard.com\/cs\/#organization"},"image":{"@id":"https:\/\/iwell-guard.com\/cs\/ares\/#primaryimage"},"thumbnailUrl":"https:\/\/iwell-guard.com\/wp-content\/uploads\/2026\/05\/goetter_griechenland_ares.webp","inLanguage":"cs","description":"Ares je \u0159eck\u00fd b\u016fh v\u00e1lky a nezkrocen\u00e9 bitvy. Syn Zeuse a H\u00e9ry, milenec Afrodity. M\u00fdtus a kult."},{"@type":"WebPage","@id":"https:\/\/iwell-guard.com\/cs\/ares\/","url":"https:\/\/iwell-guard.com\/cs\/ares\/","name":"Ares \u2013 b\u016fh v\u00e1lky a bitvy | iWell Guard","isPartOf":{"@id":"https:\/\/iwell-guard.com\/cs\/#website"},"primaryImageOfPage":{"@id":"https:\/\/iwell-guard.com\/cs\/ares\/#primaryimage"},"image":{"@id":"https:\/\/iwell-guard.com\/cs\/ares\/#primaryimage"},"thumbnailUrl":"https:\/\/iwell-guard.com\/wp-content\/uploads\/2026\/05\/goetter_griechenland_ares.webp","datePublished":"2026-09-03T16:31:43+00:00","dateModified":"2026-09-03T16:59:47+00:00","description":"Ares je \u0159eck\u00fd b\u016fh v\u00e1lky a nezkrocen\u00e9 bitvy. Syn Zeuse a H\u00e9ry, milenec Afrodity. M\u00fdtus a kult.","breadcrumb":{"@id":"https:\/\/iwell-guard.com\/cs\/ares\/#breadcrumb"},"inLanguage":"cs","potentialAction":[{"@type":"ReadAction","target":["https:\/\/iwell-guard.com\/cs\/ares\/"]}]},{"@type":"ImageObject","inLanguage":"cs","@id":"https:\/\/iwell-guard.com\/cs\/ares\/#primaryimage","url":"https:\/\/iwell-guard.com\/wp-content\/uploads\/2026\/05\/goetter_griechenland_ares.webp","contentUrl":"https:\/\/iwell-guard.com\/wp-content\/uploads\/2026\/05\/goetter_griechenland_ares.webp","width":1024,"height":1536,"caption":"Bohov\u00e9 z \u0159eck\u00e9 tradice."},{"@type":"BreadcrumbList","@id":"https:\/\/iwell-guard.com\/cs\/ares\/#breadcrumb","itemListElement":[{"@type":"ListItem","position":1,"name":"Start","item":"https:\/\/iwell-guard.com\/cs\/?page_id=145107"},{"@type":"ListItem","position":2,"name":"Ares"}]},{"@type":"WebSite","@id":"https:\/\/iwell-guard.com\/cs\/#website","url":"https:\/\/iwell-guard.com\/cs\/","name":"iWell Guard","description":"Schutz vor dunklen Einfl\u00fcssen","publisher":{"@id":"https:\/\/iwell-guard.com\/cs\/#organization"},"potentialAction":[{"@type":"SearchAction","target":{"@type":"EntryPoint","urlTemplate":"https:\/\/iwell-guard.com\/cs\/?s={search_term_string}"},"query-input":{"@type":"PropertyValueSpecification","valueRequired":true,"valueName":"search_term_string"}}],"inLanguage":"cs"},{"@type":"Organization","@id":"https:\/\/iwell-guard.com\/cs\/#organization","name":"Ittermann electronic GmbH","url":"https:\/\/iwell-guard.com\/cs\/","logo":{"@type":"ImageObject","inLanguage":"cs","@id":"https:\/\/iwell-guard.com\/cs\/#\/schema\/logo\/image\/","url":"https:\/\/iwell-guard.com\/wp-content\/uploads\/2026\/05\/Ittermann-Logo-1182x237-1.png","contentUrl":"https:\/\/iwell-guard.com\/wp-content\/uploads\/2026\/05\/Ittermann-Logo-1182x237-1.png","width":1182,"height":237,"caption":"Ittermann electronic GmbH"},"image":{"@id":"https:\/\/iwell-guard.com\/cs\/#\/schema\/logo\/image\/"},"sameAs":["https:\/\/pantip.com\/profile\/9367242","https:\/\/micro.blog\/iwellguard","https:\/\/www.diggerslist.com\/iwellguard\/about","https:\/\/skitterphoto.com\/photographers\/2870314\/iwell-guard","https:\/\/iwellguard.wordpress.com\/2026\/06\/06\/iwell-guard\/","https:\/\/hub.docker.com\/u\/iwellguard","https:\/\/www.pinterest.com\/iwellguard\/","https:\/\/bit.ly\/m\/iwellguard","https:\/\/entre-vos-mains.alsace.eu\/profiles\/iwellguard\/activity","https:\/\/gravatar.com\/reallybeded8fd34","https:\/\/naijamatta.com\/iwellguard","https:\/\/www.goodreads.com\/iwellguard","https:\/\/profile.hatena.ne.jp\/iwellguard\/","https:\/\/experiment.com\/users\/iwellguard","https:\/\/wakelet.com\/@iWellGuard82270","https:\/\/www.chordie.com\/forum\/profile.php?id=2555664","https:\/\/www.instapaper.com\/p\/17757966","https:\/\/www.mapleprimes.com\/users\/iwellguard","https:\/\/businesslistingplus.com\/profile\/iwell-guard\/","https:\/\/telegra.ph\/iWell-Guard-06-06","https:\/\/pbase.com\/iwellguard\/iwellguard","https:\/\/b.hatena.ne.jp\/iwellguard\/20260607#bookmark-4788405196491818882","https:\/\/fliphtml5.com\/home\/iwellguard","https:\/\/anyflip.com\/homepage\/cmiwl#About","https:\/\/transfur.com\/Users\/iwellguard","http:\/\/delphi.larsbo.org\/user\/iwellguard","https:\/\/jobs.lajobsportal.org\/profiles\/8380803-iwell-guard","https:\/\/md.chaosdorf.de\/s\/jfbe5SBdJD","https:\/\/www.lingvolive.com\/en-us\/profile\/9ecaeaca-ce11-4e51-9e71-01d55e2bff36\/translations","https:\/\/www.fitday.com\/fitness\/forums\/members\/iwellguard.html","https:\/\/www.mymeetbook.com\/iwellguard","https:\/\/pxhere.com\/en\/photographer-me\/5040798","https:\/\/disqus.com\/by\/iwellguard\/about\/","https:\/\/pastelink.net\/hjwciqwq","https:\/\/pubhtml5.com\/homepage\/scjhn\/","https:\/\/www.bitchute.com\/channel\/2O2eOKzNqujT","https:\/\/audiomack.com\/iwellguard"]},{"@type":"Person","@id":"https:\/\/iwell-guard.com\/cs\/#\/schema\/person\/ee2a27f1cac3406c7c6fb5820cb7349f","name":"Ralf Ittermann","image":{"@type":"ImageObject","inLanguage":"cs","@id":"https:\/\/secure.gravatar.com\/avatar\/073c0153e350a5005b68eb752b445fea71f6b24a26da9449ad7e155e6b446c9d?s=96&d=mm&r=g","url":"https:\/\/secure.gravatar.com\/avatar\/073c0153e350a5005b68eb752b445fea71f6b24a26da9449ad7e155e6b446c9d?s=96&d=mm&r=g","contentUrl":"https:\/\/secure.gravatar.com\/avatar\/073c0153e350a5005b68eb752b445fea71f6b24a26da9449ad7e155e6b446c9d?s=96&d=mm&r=g","caption":"Ralf Ittermann"},"givenName":"Ralf","familyName":"Ittermann","jobTitle":"Gesch\u00e4ftsf\u00fchrer und redaktioneller Verantwortlicher","url":"https:\/\/iwell-guard.com\/cs\/author\/claude\/","description":"Ralf Ittermann ist Gesch\u00e4ftsf\u00fchrer der Ittermann electronic GmbH und redaktioneller Verantwortlicher des iWell-Guard-Lexikons. Er verbindet langj\u00e4hrige Erfahrung in der Pr\u00e4zisionsfertigung mit medialer Praxis und religionsgeschichtlicher Quellenarbeit.","worksFor":{"@type":"Organization","name":"Ittermann electronic GmbH","url":"https:\/\/ittermann.de\/","address":{"@type":"PostalAddress","streetAddress":"K\u00f6hlergasse 16-18","postalCode":"99842","addressLocality":"Ruhla","addressCountry":"DE"}},"knowsAbout":["Religionsgeschichte","Mythologie","Mediale Praxis","Energetische Diagnostik","Schutzpraxis","Volksglauben","Westliche Esoterik"]},{"@type":"Article","@id":"https:\/\/iwell-guard.com\/cs\/ares\/#article","isPartOf":{"@id":"https:\/\/iwell-guard.com\/cs\/ares\/"},"author":{"name":"Ralf Ittermann","@id":"https:\/\/iwell-guard.com\/cs\/#\/schema\/person\/ee2a27f1cac3406c7c6fb5820cb7349f"},"headline":"Ares","datePublished":"2026-09-03T16:31:43+00:00","dateModified":"2026-09-03T16:59:47+00:00","mainEntityOfPage":{"@id":"https:\/\/iwell-guard.com\/cs\/ares\/"},"publisher":{"@id":"https:\/\/iwell-guard.com\/cs\/#organization"},"image":{"@id":"https:\/\/iwell-guard.com\/cs\/ares\/#primaryimage"},"thumbnailUrl":"https:\/\/iwell-guard.com\/wp-content\/uploads\/2026\/05\/goetter_griechenland_ares.webp","inLanguage":"cs","description":"Ares je \u0159eck\u00fd b\u016fh v\u00e1lky a nezkrocen\u00e9 bitvy. Syn Zeuse a H\u00e9ry, milenec Afrodity. M\u00fdtus a kult."}]}},"_links":{"self":[{"href":"https:\/\/iwell-guard.com\/cs\/wp-json\/wp\/v2\/pages\/145577","targetHints":{"allow":["GET"]}}],"collection":[{"href":"https:\/\/iwell-guard.com\/cs\/wp-json\/wp\/v2\/pages"}],"about":[{"href":"https:\/\/iwell-guard.com\/cs\/wp-json\/wp\/v2\/types\/page"}],"author":[{"embeddable":true,"href":"https:\/\/iwell-guard.com\/cs\/wp-json\/wp\/v2\/users\/3"}],"replies":[{"embeddable":true,"href":"https:\/\/iwell-guard.com\/cs\/wp-json\/wp\/v2\/comments?post=145577"}],"version-history":[{"count":0,"href":"https:\/\/iwell-guard.com\/cs\/wp-json\/wp\/v2\/pages\/145577\/revisions"}],"wp:featuredmedia":[{"embeddable":true,"href":"https:\/\/iwell-guard.com\/cs\/wp-json\/wp\/v2\/media\/2981"}],"wp:attachment":[{"href":"https:\/\/iwell-guard.com\/cs\/wp-json\/wp\/v2\/media?parent=145577"}],"wp:term":[{"taxonomy":"category","embeddable":true,"href":"https:\/\/iwell-guard.com\/cs\/wp-json\/wp\/v2\/categories?post=145577"}],"curies":[{"name":"wp","href":"https:\/\/api.w.org\/{rel}","templated":true}]}}