{"id":145576,"date":"2026-09-03T16:31:43","date_gmt":"2026-09-03T16:31:43","guid":{"rendered":"https:\/\/iwell-guard.com\/?page_id=145576"},"modified":"2026-09-03T16:59:45","modified_gmt":"2026-09-03T16:59:45","slug":"hefaistos","status":"publish","type":"page","link":"https:\/\/iwell-guard.com\/cs\/hefaistos\/","title":{"rendered":"Hefaistos"},"content":{"rendered":"\t\t<div data-elementor-type=\"wp-page\" data-elementor-id=\"145576\" class=\"elementor elementor-145576 elementor-2978 elementor-bc-flex-widget\" data-elementor-post-type=\"page\">\n\t\t\t\t<div class=\"elementor-element elementor-element-6bd68ab e-flex e-con-boxed e-con e-parent\" data-id=\"6bd68ab\" data-element_type=\"container\" data-e-type=\"container\" data-settings=\"{&quot;background_background&quot;:&quot;classic&quot;}\">\n\t\t\t\t\t<div class=\"e-con-inner\">\n\t\t<div class=\"elementor-element elementor-element-322df7c e-flex e-con-boxed e-con e-child\" data-id=\"322df7c\" data-element_type=\"container\" data-e-type=\"container\">\n\t\t\t\t\t<div class=\"e-con-inner\">\n\t\t<div class=\"elementor-element elementor-element-5a8b23c e-con-full e-flex e-con e-child\" data-id=\"5a8b23c\" data-element_type=\"container\" data-e-type=\"container\">\n\t\t\t\t<div class=\"elementor-element elementor-element-5f442e2 elementor-widget elementor-widget-heading\" data-id=\"5f442e2\" data-element_type=\"widget\" data-e-type=\"widget\" data-widget_type=\"heading.default\">\n\t\t\t\t\t<h1 class=\"elementor-heading-title elementor-size-default\">Hefaistos, \u0159eck\u00fd kov\u00e1\u0159sk\u00fd b\u016fh<\/h1>\t\t\t\t<\/div>\n\t\t\t\t<div class=\"elementor-element elementor-element-60eebce elementor-widget elementor-widget-text-editor\" data-id=\"60eebce\" data-element_type=\"widget\" data-e-type=\"widget\" data-widget_type=\"text-editor.default\">\n\t\t\t\t\t\t\t\t\t<p>Hefaistos je \u0159eck\u00fd kov\u00e1\u0159sk\u00fd b\u016fh a mistr um\u011bleck\u00e9ho ohn\u011b, jemu\u017e jsou p\u0159i\u010d\u00edt\u00e1na nejdokonalej\u0161\u00ed d\u00edla olympsk\u00fdch boh\u016f. V \u0159eck\u00e9m <span class=\"iwg-fachbegriff\" data-tooltip=\"Souhrn boh\u016f ur\u010dit\u00e9ho n\u00e1bo\u017eenstv\u00ed nebo kultury.\" tabindex=\"0\">panteonu<\/span> je bohem kov\u00e1\u0159sk\u00e9ho um\u011bn\u00ed, ohn\u011b a \u0159emesln\u00e9ho vynal\u00e9z\u00e1n\u00ed.<\/p><p>Na rozd\u00edl od Ath\u00e9ny Ergan\u00e9, kter\u00e1 chr\u00e1n\u00ed duchovn\u00ed a pl\u00e1novac\u00ed str\u00e1nku \u0159emesla, zastupuje Hefaistos praktick\u00e9 zvl\u00e1d\u00e1n\u00ed materi\u00e1lu: ovl\u00e1d\u00e1n\u00ed ohn\u011b a taven\u00ed, kov\u00e1n\u00ed, kladen\u00ed kovadlinou a lit\u00ed kovu.<\/p><p>U Hom\u00e9ra nese <span class=\"iwg-fachbegriff\" data-tooltip=\"Pevn\u00e9 p\u0159\u00edzvisko charakterizuj\u00edc\u00ed bo\u017estvo nebo postavu.\" tabindex=\"0\">epiteton<\/span> \u00abamfigyeeis\u00bb, \u00abs kulhaj\u00edc\u00edma nohama\u00bb, a \u00abkyllopodion\u00bb, \u00abkulhav\u00fd\u00bb. Jeho posti\u017een\u00ed pat\u0159\u00ed k jeho nejstar\u0161\u00edmu profilu a nem\u00e1 \u017e\u00e1dn\u00fd mor\u00e1ln\u00ed ani negativn\u00ed podt\u00f3n; naopak jej ozna\u010duje za v\u00fdjime\u010dn\u00e9ho um\u011blce, jeho\u017e d\u00edla vyrovn\u00e1vaj\u00ed to, co jeho t\u011blo ztr\u00e1c\u00ed na pohyblivosti.<\/p><p>Jeho <span class=\"iwg-fachbegriff\" data-tooltip=\"Souhrn n\u00e1bo\u017eensk\u00fdch \u00factyp\u011bstn\u00fdch \u00fakon\u016f v\u016f\u010di bo\u017estvu nebo svat\u00e9 postav\u011b.\" tabindex=\"0\">kult<\/span> je v\u00fdrazn\u011b roz\u0161\u00ed\u0159en na sope\u010dn\u00fdch ostrovech L\u00e9mnos a Sic\u00edlie, v Ath\u00e9n\u00e1ch a v hel\u00e9nistick\u00fdch \u0159emeslnick\u00fdch centrech.<\/p>\t\t\t\t\t\t\t\t<\/div>\n\t\t\t\t<\/div>\n\t\t<div class=\"elementor-element elementor-element-294bf3d e-con-full e-flex e-con e-parent\" data-id=\"294bf3d\" data-element_type=\"container\" data-e-type=\"container\">\n\t\t\t\t<div class=\"elementor-element elementor-element-5d04c11 elementor-widget elementor-widget-html\" data-id=\"5d04c11\" data-element_type=\"widget\" data-e-type=\"widget\" data-widget_type=\"html.default\">\n\t\t\t\t\t<div class=\"iwg-pill-row\"><span class=\"iwg-klasse-badge\" tabindex=\"0\" data-tooltip=\"B\u016fh \/ bohyn\u011b: Zosobn\u011bn\u00e1 nejvy\u0161\u0161\u00ed moc v panteonu kultury s jasn\u011b vymezen\u00fdmi pravomocemi \u2014 p\u0159\u00edrodn\u00ed s\u00edly, osud, v\u00e1lka, plodnost. Uct\u00edv\u00e1ni prost\u0159ednictv\u00edm kult\u016f, ob\u011bt\u00ed a chr\u00e1mov\u00fdch instituc\u00ed.\">B\u016fh<\/span><a href=\"https:\/\/iwell-guard.com\/cs\/recko\/\" class=\"iwg-kultur-badge\" tabindex=\"0\" data-tooltip=\"N\u00e1bo\u017eenstv\u00ed a mytologie starov\u011bk\u00e9ho \u0158ecka od myk\u00e9nsk\u00e9ho obdob\u00ed a\u017e po pozdn\u00ed antiku.\">\u0158ecko<\/a><\/div>\t\t\t\t<\/div>\n\t\t\t\t<\/div>\n\t\t<div class=\"elementor-element elementor-element-4ba00c6 e-con-full e-flex e-con e-child\" data-id=\"4ba00c6\" data-element_type=\"container\" data-e-type=\"container\">\n\t\t\t\t<div class=\"elementor-element elementor-element-32fe886 elementor-toc--minimized-on-tablet elementor-widget elementor-widget-table-of-contents\" data-id=\"32fe886\" data-element_type=\"widget\" data-e-type=\"widget\" data-settings=\"{&quot;exclude_headings_by_selector&quot;:[],&quot;no_headings_message&quot;:&quot;Na t\\u00e9to str\\u00e1nce nebyly nalezeny \\u017e\\u00e1dn\\u00e9 nadpisy.&quot;,&quot;headings_by_tags&quot;:[&quot;h2&quot;,&quot;h3&quot;],&quot;marker_view&quot;:&quot;bullets&quot;,&quot;icon&quot;:{&quot;value&quot;:&quot;fas fa-circle&quot;,&quot;library&quot;:&quot;fa-solid&quot;,&quot;rendered_tag&quot;:&quot;&lt;svg class=\\&quot;e-font-icon-svg e-fas-circle\\&quot; viewBox=\\&quot;0 0 512 512\\&quot; xmlns=\\&quot;http:\\\/\\\/www.w3.org\\\/2000\\\/svg\\&quot;&gt;&lt;path d=\\&quot;M256 8C119 8 8 119 8 256s111 248 248 248 248-111 248-248S393 8 256 8z\\&quot;&gt;&lt;\\\/path&gt;&lt;\\\/svg&gt;&quot;},&quot;minimize_box&quot;:&quot;yes&quot;,&quot;minimized_on&quot;:&quot;tablet&quot;,&quot;hierarchical_view&quot;:&quot;yes&quot;,&quot;min_height&quot;:{&quot;unit&quot;:&quot;px&quot;,&quot;size&quot;:&quot;&quot;,&quot;sizes&quot;:[]},&quot;min_height_tablet&quot;:{&quot;unit&quot;:&quot;px&quot;,&quot;size&quot;:&quot;&quot;,&quot;sizes&quot;:[]},&quot;min_height_mobile&quot;:{&quot;unit&quot;:&quot;px&quot;,&quot;size&quot;:&quot;&quot;,&quot;sizes&quot;:[]}}\" data-widget_type=\"table-of-contents.default\">\n\t\t\t\t\t\t\t\t\t<div class=\"elementor-toc__header\">\n\t\t\t\t\t\t<h2 class=\"elementor-toc__header-title\">\n\t\t\t\tObsah\t\t\t<\/h2>\n\t\t\t\t\t\t\t\t\t\t<div class=\"elementor-toc__toggle-button elementor-toc__toggle-button--expand\" role=\"button\" tabindex=\"0\" aria-controls=\"elementor-toc__32fe886\" aria-expanded=\"true\" aria-label=\"Open table of contents\"><svg aria-hidden=\"true\" class=\"e-font-icon-svg e-fas-chevron-down\" viewBox=\"0 0 448 512\" xmlns=\"http:\/\/www.w3.org\/2000\/svg\"><path d=\"M207.029 381.476L12.686 187.132c-9.373-9.373-9.373-24.569 0-33.941l22.667-22.667c9.357-9.357 24.522-9.375 33.901-.04L224 284.505l154.745-154.021c9.379-9.335 24.544-9.317 33.901.04l22.667 22.667c9.373 9.373 9.373 24.569 0 33.941L240.971 381.476c-9.373 9.372-24.569 9.372-33.942 0z\"><\/path><\/svg><\/div>\n\t\t\t\t<div class=\"elementor-toc__toggle-button elementor-toc__toggle-button--collapse\" role=\"button\" tabindex=\"0\" aria-controls=\"elementor-toc__32fe886\" aria-expanded=\"true\" aria-label=\"Close table of contents\"><svg aria-hidden=\"true\" class=\"e-font-icon-svg e-fas-chevron-up\" viewBox=\"0 0 448 512\" xmlns=\"http:\/\/www.w3.org\/2000\/svg\"><path d=\"M240.971 130.524l194.343 194.343c9.373 9.373 9.373 24.569 0 33.941l-22.667 22.667c-9.357 9.357-24.522 9.375-33.901.04L224 227.495 69.255 381.516c-9.379 9.335-24.544 9.317-33.901-.04l-22.667-22.667c-9.373-9.373-9.373-24.569 0-33.941L207.03 130.525c9.372-9.373 24.568-9.373 33.941-.001z\"><\/path><\/svg><\/div>\n\t\t\t\t\t<\/div>\n\t\t\t\t<div id=\"elementor-toc__32fe886\" class=\"elementor-toc__body\">\n\t\t\t<div class=\"elementor-toc__spinner-container\">\n\t\t\t\t<svg class=\"elementor-toc__spinner eicon-animation-spin e-font-icon-svg e-eicon-loading\" aria-hidden=\"true\" viewBox=\"0 0 1000 1000\" xmlns=\"http:\/\/www.w3.org\/2000\/svg\"><path d=\"M500 975V858C696 858 858 696 858 500S696 142 500 142 142 304 142 500H25C25 237 238 25 500 25S975 237 975 500 763 975 500 975Z\"><\/path><\/svg>\t\t\t<\/div>\n\t\t<\/div>\n\t\t\t\t\t\t<\/div>\n\t\t\t\t<\/div>\n\t\t\t\t\t<\/div>\n\t\t\t\t<\/div>\n\t\t<div class=\"elementor-element elementor-element-a93e4c5 e-con-full e-flex e-con e-child\" data-id=\"a93e4c5\" data-element_type=\"container\" data-e-type=\"container\">\n\t\t\t\t<div class=\"elementor-element elementor-element-3035918 iwg-hero-image elementor-widget elementor-widget-image\" data-id=\"3035918\" data-element_type=\"widget\" data-e-type=\"widget\" data-widget_type=\"image.default\">\n\t\t\t\t\t\t\t\t\t\t\t\t\t\t\t<img fetchpriority=\"high\" decoding=\"async\" width=\"683\" height=\"1024\" src=\"https:\/\/iwell-guard.com\/wp-content\/uploads\/2026\/05\/goetter_griechenland_hephaistos-683x1024.webp\" class=\"attachment-large size-large wp-image-147281\" alt=\"H\u00e9faistos \u2013 bohov\u00e9 z \u0159eck\u00e9 tradice, historicko-ilustra\u010dn\u00ed zobrazen\u00ed\" srcset=\"https:\/\/iwell-guard.com\/wp-content\/uploads\/2026\/05\/goetter_griechenland_hephaistos-683x1024.webp 683w, https:\/\/iwell-guard.com\/wp-content\/uploads\/2026\/05\/goetter_griechenland_hephaistos-200x300.webp 200w, https:\/\/iwell-guard.com\/wp-content\/uploads\/2026\/05\/goetter_griechenland_hephaistos-768x1152.webp 768w, https:\/\/iwell-guard.com\/wp-content\/uploads\/2026\/05\/goetter_griechenland_hephaistos.webp 1024w\" sizes=\"(max-width: 683px) 100vw, 683px\" \/>\t\t\t\t\t\t\t\t\t\t\t\t\t\t\t<\/div>\n\t\t\t\t<\/div>\n\t\t\t\t\t<\/div>\n\t\t\t\t<\/div>\n\t\t<div class=\"elementor-element elementor-element-5a84155 e-con-boxed e-flex e-con e-parent\" data-id=\"5a84155\" data-element_type=\"container\" data-e-type=\"container\">\n\t\t\t\t\t<div class=\"e-con-inner\">\n\t\t<div class=\"elementor-element elementor-element-9b5bf46 e-con-full e-flex e-con e-child\" data-id=\"9b5bf46\" data-element_type=\"container\" data-e-type=\"container\">\n\t\t\t\t<div class=\"elementor-element elementor-element-53e34cc elementor-widget elementor-widget-heading\" data-id=\"53e34cc\" data-element_type=\"widget\" data-e-type=\"widget\" data-widget_type=\"heading.default\">\n\t\t\t\t\t<h2 class=\"elementor-heading-title elementor-size-default\">M\u00fdtus a rodokmen<\/h2>\t\t\t\t<\/div>\n\t\t\t\t<div class=\"elementor-element elementor-element-f0eeb5a elementor-widget elementor-widget-text-editor\" data-id=\"f0eeb5a\" data-element_type=\"widget\" data-e-type=\"widget\" data-widget_type=\"text-editor.default\">\n\t\t\t\t\t\t\t\t\t<p>O p\u016fvodu Hefaista existuj\u00ed dv\u011b soupe\u0159\u00edc\u00ed tradice. U H\u00e9sioda (Theogonie 927 a\u017e 929) jej porod\u00ed H\u00e9ra sama, jako vzdorn\u00e1 odpov\u011b\u010f na partenogenetick\u00e9 zrozen\u00ed Ath\u00e9ny z Diovy hlavy. Tato verze z n\u011bj d\u011bl\u00e1 \u010dist\u011b H\u00e9\u0159ina syna bez pod\u00edlu otce boh\u016f.<\/p><p>Druh\u00e1 tradice u Hom\u00e9ra (\u00cdlias I, 578 a XIV, 338) jej naz\u00fdv\u00e1 synem obou, Dia a H\u00e9ry. H\u00e9siodova verze je n\u00e1bo\u017eensko-historicky star\u0161\u00ed a l\u00e9pe dolo\u017een\u00e1; odpov\u00edd\u00e1 funkci Hefaista jako nez\u00e1visl\u00e9 kov\u00e1\u0159sk\u00e9 postavy, jej\u00ed\u017e vztah k olympsk\u00fdm kr\u00e1l\u016fm z\u016fst\u00e1v\u00e1 distancovan\u00fd.<\/p>\n<p>Posti\u017een\u00ed je vysv\u011btlov\u00e1no ve dvou p\u00e1dech. Prvn\u00ed, u Hom\u00e9ra (\u00cdlias I, 590 a\u017e 594), vypr\u00e1v\u00ed, jak jej Zeus svrhl z Olympu, proto\u017ee se Hefaistos v h\u00e1dce rodi\u010d\u016f postavil na stranu H\u00e9ry; padal jeden den, ne\u017e dopadl na L\u00e9mnos, t\u011b\u017ece zran\u011bn\u00fd, a byl p\u0159ijat Sintii.<\/p><p>Druh\u00e1 verze, u Hom\u00e9ra (\u00cdlias XVIII, 395 a\u017e 405), obrac\u00ed po\u0159ad\u00ed: H\u00e9ra sama svrhne sv\u00e9ho novorozen\u00e9ho syna z Olympu, proto\u017ee se narodil kulhav\u00fd; Thetis a Eurynom\u00e9 jej zachyt\u00ed a dev\u011bt let jej ukr\u00fdvaj\u00ed v jeskyni u \u00d3keana, kde se u\u010d\u00ed kov\u00e1\u0159sk\u00e9mu \u0159emeslu.<\/p>\n<p>Hefaistovou man\u017eelkou je u Hom\u00e9ra (Odyssea VIII, 266 a\u017e 366) Afrod\u00edta, u H\u00e9sioda a v pozd\u011bj\u0161\u00ed tradici Aglaia, nejmlad\u0161\u00ed z Charitek. S Ath\u00e9nou zplod\u00ed v attick\u00e9 m\u00edstn\u00ed tradici autochtonn\u00edho kr\u00e1le Erichthonia, ani\u017e by do\u0161lo k \u0159\u00e1dn\u00e9mu spojen\u00ed.<\/p><p>Otcovstv\u00ed Erichthonia je v\u00fdznamn\u00e9 v tom, \u017ee vepisuje Hefaista do zakl\u00e1daj\u00edc\u00edho narativu Ath\u00e9n a \u010din\u00ed z n\u011bj vlastn\u00edho zplozitele ath\u00e9nsk\u00e9ho kr\u00e1lovsk\u00e9ho rodu, vedle Ath\u00e9ny jako p\u011bstounky.<\/p>\n<p>V pozd\u011bj\u0161\u00ed tradici p\u0159istupuj\u00ed dal\u0161\u00ed d\u011bti: argejsk\u00fd Kabir Kabeiros, s n\u00edm\u017e jsou spojeny podzemn\u00ed mysterijn\u00ed ob\u0159ady L\u00e9mnu a Samothr\u00e1ky, a hlu\u010dn\u011b zl\u00ed Kabeirovi synov\u00e9 podle Strab\u00f3na. Prost\u0159ednictv\u00edm t\u011bchto vazeb se Hefaistos st\u00e1v\u00e1 centr\u00e1ln\u00ed postavou nejstar\u0161\u00ed mysterijn\u011b-n\u00e1bo\u017eensk\u00e9 vrstvy \u0159eck\u00e9ho n\u00e1bo\u017eenstv\u00ed, daleko p\u0159esahuj\u00edc\u00ed jeho olympskou funkci.<\/p>\t\t\t\t\t\t\t\t<\/div>\n\t\t\t\t<\/div>\n\t\t<div class=\"elementor-element elementor-element-6b2f2eb e-con-full e-flex e-con e-child\" data-id=\"6b2f2eb\" data-element_type=\"container\" data-e-type=\"container\">\n\t\t\t\t<div class=\"elementor-element elementor-element-fd6f7bf elementor-widget elementor-widget-heading\" data-id=\"fd6f7bf\" data-element_type=\"widget\" data-e-type=\"widget\" data-widget_type=\"heading.default\">\n\t\t\t\t\t<h2 class=\"elementor-heading-title elementor-size-default\">Symboly, ikonografie a atributy<\/h2>\t\t\t\t<\/div>\n\t\t\t\t<div class=\"elementor-element elementor-element-1812d33 elementor-widget elementor-widget-text-editor\" data-id=\"1812d33\" data-element_type=\"widget\" data-e-type=\"widget\" data-widget_type=\"text-editor.default\">\n\t\t\t\t\t\t\t\t\t<p>Hefaistos b\u00fdv\u00e1 typicky zobrazov\u00e1n s kladivem, kle\u0161t\u011bmi a kov\u00e1\u0159sk\u00fdmi m\u011bchy, ob\u010das sed\u00edc\u00ed na stoli\u010dce, proto\u017ee jeho posti\u017een\u00ed znesnad\u0148uje del\u0161\u00ed st\u00e1n\u00ed. Nos\u00ed ku\u017eelovit\u00fd plst\u011bn\u00fd klobouk, \u00abpilos\u00bb, charakteristickou pokr\u00fdvku hlavy \u0159emesln\u00edk\u016f, kter\u00e1 jej odli\u0161uje od nezakryt\u00fdch hlav ostatn\u00edch Olympan\u016f.<\/p><p>Jeho chit\u00f3n je kr\u00e1tk\u00fd, \u010dasto zakr\u00fdvaj\u00edc\u00ed jen jedno ramena (exomis), jak jej nosili d\u011bln\u00edci. V attick\u00e9m malov\u00e1n\u00ed na v\u00e1z\u00e1ch \u0161est\u00e9ho a p\u00e1t\u00e9ho stolet\u00ed se \u010dasto objevuje v doprovodu satyr\u016f, mainad a Dion\u00fdsa, s n\u00edm\u017e je spole\u010dn\u011b zobrazov\u00e1n jeho n\u00e1vrat na Olymp.<\/p>\n<p>Jeho d\u00edlna je tradi\u010dn\u011b pova\u017eov\u00e1na za podzemn\u00ed, uvnit\u0159 sopek L\u00e9mnos, Hiera (Hefaistia, dne\u0161n\u00ed Vulcano) a Etna.<\/p><p>V hom\u00e9rsk\u00e9 d\u00edln\u011b nejsou pomocn\u00edky smrteln\u00edci, n\u00fdbr\u017e automatick\u00e9 stroje: zlat\u00e9 d\u00edvky, kter\u00e9 mysl\u00ed, mluv\u00ed a pracuj\u00ed jako \u017eiv\u00e9 bytosti (\u00cdlias XVIII, 417 a\u017e 420), a ohniv\u00e9 trojno\u017eky na kole\u010dk\u00e1ch, kter\u00e9 se samostatn\u011b val\u00ed do s\u00e1lu shrom\u00e1\u017ed\u011bn\u00ed boh\u016f. Tato \u010dasn\u00e1 vize technick\u00e9 samo\u010dinnosti pat\u0159\u00ed k nejstar\u0161\u00edm doklad\u016fm mytick\u00e9 robotiky v evropsk\u00e9 literatu\u0159e.<\/p>\n<p>K nejslavn\u011bj\u0161\u00edm d\u00edl\u016fm Hefaista pat\u0159\u00ed nov\u00fd \u0161t\u00edt Achillea (\u00cdlias XVIII, 478 a\u017e 608), v jeho\u017e obrazov\u00e9m programu Hefaistos zobrazuje cel\u00fd sv\u011bt od m\u011bsta v m\u00edru a\u017e k m\u011bstu ve v\u00e1lce, od skliz\u0148ov\u00e9 slavnosti a\u017e po svatbu; nezni\u010diteln\u00e1 pouta, jimi\u017e je Prom\u00e9theus p\u0159ikov\u00e1n ke Kavkazu (Aischylos, Upoutan\u00fd Prom\u00e9theus 1 a\u017e 87); slune\u010dn\u00ed v\u016fz H\u00e9lia; aigis Dia a Ath\u00e9ny; hrudn\u00ed spona Harmonie, kter\u00e1 jej\u00edmu rodu p\u0159in\u00e1\u0161\u00ed ne\u0161t\u011bst\u00ed; a bronzov\u00fd obr Talos, kter\u00fd str\u00e1\u017eil ostrov Kr\u00e9tu (Apoll\u00f3nios Rhodsk\u00fd IV, 1638 a\u017e 1693).<\/p>\n<p>Plastick\u00e9 zobrazen\u00ed Hefaista v klasick\u00e9 dob\u011b je vz\u00e1cn\u011bj\u0161\u00ed ne\u017e u ostatn\u00edch Olympan\u016f, proto\u017ee jeho \u0159emesln\u00e1 skromnost se zd\u00e1la b\u00fdt v rozporu s monument\u00e1ln\u00ed sakr\u00e1ln\u00ed architekturou. V\u00fdjimku tvo\u0159\u00ed skupina Ath\u00e9na-Hefaistos, kterou vytvo\u0159il Alkamen\u00e9s pro Hefaisteion na ath\u00e9nsk\u00e9 Ago\u0159e; dnes ji lze rekonstruovat pouze z popis\u016f.<\/p>\t\t\t\t\t\t\t\t<\/div>\n\t\t\t\t<\/div>\n\t\t<div class=\"elementor-element elementor-element-7db3a61 e-con-full e-flex e-con e-child\" data-id=\"7db3a61\" data-element_type=\"container\" data-e-type=\"container\">\n\t\t\t\t<div class=\"elementor-element elementor-element-1c800a5 elementor-widget elementor-widget-heading\" data-id=\"1c800a5\" data-element_type=\"widget\" data-e-type=\"widget\" data-widget_type=\"heading.default\">\n\t\t\t\t\t<h2 class=\"elementor-heading-title elementor-size-default\">Kult a uct\u00edv\u00e1n\u00ed<\/h2>\t\t\t\t<\/div>\n\t\t\t\t<div class=\"elementor-element elementor-element-dafffc4 elementor-widget elementor-widget-text-editor\" data-id=\"dafffc4\" data-element_type=\"widget\" data-e-type=\"widget\" data-widget_type=\"text-editor.default\">\n\t\t\t\t\t\t\t\t\t<p>V Ath\u00e9n\u00e1ch m\u011bl H\u00e9faistos kl\u00ed\u010dovou funkci jako ochrann\u00fd b\u016fh \u0159emesln\u00edk\u016f. Chalkeia, slaven\u00e9 posledn\u00ed den m\u011bs\u00edce pyanopsion (\u0159\u00edjen\/listopad), byly spole\u010dn\u00fdm sv\u00e1tkem H\u00e9faista a Ath\u00e9ny Ergan\u00e9. V tento den zahajovaly tkadleny Akropole pr\u00e1ci na nov\u00e9m peplu pro panath\u00e9naje.<\/p><p>Slavnostn\u00ed pr\u016fvod \u0159emesln\u00edk\u016f t\u00e1hl od H\u00e9faisteia na ago\u0159e a\u017e k Akropoli. Pausanias (I, 14, 6) uv\u00e1d\u00ed, \u017ee u paty chr\u00e1mu st\u00e1l svat\u00fd olivovn\u00edk, kter\u00fd m\u011bl vyr\u016fst z hole Erichthonia.<\/p>\n<p>Vlastn\u00edm sv\u00e1tkem H\u00e9faista byly apaturie pro ath\u00e9nsk\u00e9 fratrie, p\u0159i nich\u017e ve t\u0159et\u00ed \u010d\u00e1sti rodinn\u00e9 slavnosti (k\u00fare\u00f3tis) p\u0159in\u00e1\u0161el ka\u017ed\u00fd synovec ohnivou pochode\u0148 H\u00e9faistovi jako ob\u011btinu p\u0159i <span class=\"iwg-fachbegriff\" data-tooltip=\"Ritu\u00e1ln\u00ed p\u0159echod, kter\u00fdm je n\u011bkdo p\u0159ijat do nov\u00e9ho statusu nebo spole\u010denstv\u00ed.\" tabindex=\"0\">iniciaci<\/span>.<\/p><p>H\u00e9faisteia neboli pochod\u0148ov\u00fd b\u011bh z Akademie do m\u011bsta pat\u0159il k nejstar\u0161\u00edm ath\u00e9nsk\u00fdm atletick\u00fdm sout\u011b\u017e\u00edm a byl zvl\u00e1\u0161\u0165 spojov\u00e1n s H\u00e9faistem. V\u00edt\u011bzov\u00e9 obdr\u017eeli hlin\u011bn\u00e9 lampy se zobrazen\u00edm boha kov\u00e1\u0159\u016f.<\/p>\n<p>L\u00e9mnos byl nejstar\u0161\u00edm a nejv\u00fdrazn\u011bji vyvinut\u00fdm <span class=\"iwg-fachbegriff\" data-tooltip=\"Souhrn n\u00e1bo\u017eensk\u00fdch \u00factyhodn\u00fdch \u00fakon\u016f v\u016f\u010di bo\u017estvu nebo svat\u00e9 postav\u011b.\" tabindex=\"0\">kultem<\/span> H\u00e9faista. Na sope\u010dn\u00e9m ostrov\u011b byly fumaroly na ho\u0159e Moschylos pova\u017eov\u00e1ny za viditeln\u00fd d\u016fkaz jeho d\u00edlny.<\/p><p>Jednou za rok byly uhaseny v\u0161echny ohn\u011b ostrova a dev\u011bt dn\u00ed udr\u017eov\u00e1ny v ritu\u00e1ln\u00ed f\u00e1zi \u010distoty; pot\u00e9 p\u0159ivezla lo\u010f ze <span class=\"iwg-fachbegriff\" data-tooltip=\"Svat\u00e9 m\u00edsto v\u011bnovan\u00e9 \u00fact\u011b k bo\u017estvu.\" tabindex=\"0\">svatyn\u011b<\/span> na D\u00e9lu nov\u00fd, \u010dist\u00fd ohe\u0148 na L\u00e9mnos, j\u00edm\u017e byly znovu roz\u017eehnuty dom\u00e1c\u00ed a kov\u00e1\u0159sk\u00e9 ohn\u011b (Filostratos, H\u00e9roikos 28, 6).<\/p><p>Toto obdob\u00ed bylo ozna\u010dov\u00e1no jako \u201el\u00e9mnijsk\u00fd skutek\u201c, p\u0159ipom\u00ednaj\u00edc\u00ed mytick\u00fd skutek l\u00e9mnijsk\u00fdch \u017een, kdy L\u00e9mnijky zabily sv\u00e9 mu\u017ee, \u010d\u00edm\u017e se ostrov stal \u201ene\u010dist\u00fdm\u201c, dokud H\u00e9faistos nezprost\u0159edkoval sm\u00ed\u0159en\u00ed.<\/p>\n<p>Na Sic\u00edlii byl <span class=\"iwg-fachbegriff\" data-tooltip=\"Souhrn n\u00e1bo\u017eensk\u00fdch \u00factyhodn\u00fdch \u00fakon\u016f v\u016f\u010di bo\u017estvu nebo svat\u00e9 postav\u011b.\" tabindex=\"0\">kult<\/span> spojen s Etnou. Ostrovy severn\u011b od Sic\u00edlie (Lipari, Vulcano, Stromboli) byly v hel\u00e9nistick\u00e9m obdob\u00ed vykl\u00e1d\u00e1ny jako H\u00e9faistovy d\u00edlny; Pindar (Pythie I, 17 a\u017e 28) nech\u00e1v\u00e1 boha pod Etnou dr\u00e1\u017eet obra Typhona.<\/p><p>V Olympii se H\u00e9faistos vyskytoval v \u0159ad\u011b dvan\u00e1cti olympijsk\u00fdch olt\u00e1\u0159\u016f, v Argu se d\u011blil o <span class=\"iwg-fachbegriff\" data-tooltip=\"Stavba slou\u017e\u00edc\u00ed \u00fact\u011b k jednomu nebo v\u00edce bo\u017estv\u016fm.\" tabindex=\"0\">chr\u00e1m<\/span> s Erinyemi. Italick\u00e1 p\u0159ejet\u00ed p\u0159inesla <span class=\"iwg-fachbegriff\" data-tooltip=\"Souhrn n\u00e1bo\u017eensk\u00fdch \u00factyhodn\u00fdch \u00fakon\u016f v\u016f\u010di bo\u017estvu nebo svat\u00e9 postav\u011b.\" tabindex=\"0\">kult<\/span> pod jm\u00e9nem Volcanus i do \u0159\u00edmsk\u00e9ho pantheonu boh\u016f.<\/p>\t\t\t\t\t\t\t\t<\/div>\n\t\t\t\t<\/div>\n\t\t<div class=\"elementor-element elementor-element-982fabe e-con-full e-flex e-con e-child\" data-id=\"982fabe\" data-element_type=\"container\" data-e-type=\"container\">\n\t\t\t\t<div class=\"elementor-element elementor-element-fe321dc elementor-widget elementor-widget-heading\" data-id=\"fe321dc\" data-element_type=\"widget\" data-e-type=\"widget\" data-widget_type=\"heading.default\">\n\t\t\t\t\t<h2 class=\"elementor-heading-title elementor-size-default\">V\u00fdznamn\u00e9 svatyn\u011b a chr\u00e1my<\/h2>\t\t\t\t<\/div>\n\t\t\t\t<div class=\"elementor-element elementor-element-53f69ee elementor-widget elementor-widget-text-editor\" data-id=\"53f69ee\" data-element_type=\"widget\" data-e-type=\"widget\" data-widget_type=\"text-editor.default\">\n\t\t\t\t\t\t\t\t\t<p>Nejv\u00fdznamn\u011bj\u0161\u00ed dochovan\u00fd <span class=\"iwg-fachbegriff\" data-tooltip=\"Stavba slou\u017e\u00edc\u00ed \u00fact\u011b k jednomu nebo v\u00edce bo\u017estv\u016fm.\" tabindex=\"0\">chr\u00e1m<\/span> H\u00e9faista stoj\u00ed na severoz\u00e1padn\u00edm n\u00e1vr\u0161\u00ed ath\u00e9nsk\u00e9 agory, H\u00e9faisteion. Postaven mezi 449 a 415 p\u0159ed na\u0161\u00edm letopo\u010dtem, je nejl\u00e9pe dochovan\u00fdm d\u00f3rsk\u00fdm <span class=\"iwg-fachbegriff\" data-tooltip=\"Stavba slou\u017e\u00edc\u00ed \u00fact\u011b k jednomu nebo v\u00edce bo\u017estv\u016fm.\" tabindex=\"0\">chr\u00e1mem<\/span> \u0158ecka; svou konzervaci vd\u011b\u010d\u00ed p\u0159em\u011bn\u011b na kostel svat\u00e9ho Ji\u0159\u00ed v sedm\u00e9m stolet\u00ed.<\/p><p>Metopy zobrazuj\u00ed skutky Herakla a Thesea; uvnit\u0159 byla um\u00edst\u011bna bronzov\u00e1 skupina Ath\u00e9ny a H\u00e9faista od Alkamena. <span class=\"iwg-fachbegriff\" data-tooltip=\"Stavba slou\u017e\u00edc\u00ed \u00fact\u011b k jednomu nebo v\u00edce bo\u017estv\u016fm.\" tabindex=\"0\">Chr\u00e1m<\/span> slou\u017eil a\u017e do devaten\u00e1ct\u00e9ho stolet\u00ed jako h\u0159bitov pro britsk\u00e9 cestovatele, o \u010dem\u017e sv\u011bd\u010d\u00ed \u010detn\u00e9 n\u00e1hrobn\u00ed desky.<\/p>\n<p>Na L\u00e9mnu se nach\u00e1zela H\u00e9faistova <span class=\"iwg-fachbegriff\" data-tooltip=\"Svat\u00e9 m\u00edsto v\u011bnovan\u00e9 \u00fact\u011b k bo\u017estvu.\" tabindex=\"0\">svatyn\u011b<\/span> u H\u00e9faistie, na severn\u00edm pob\u0159e\u017e\u00ed ostrova. Archeologick\u00e9 v\u00fdzkumy italsk\u00fdch \u0161kol od 30. let 20. stolet\u00ed tuto <span class=\"iwg-fachbegriff\" data-tooltip=\"Svat\u00e9 m\u00edsto v\u011bnovan\u00e9 \u00fact\u011b k bo\u017estvu.\" tabindex=\"0\">svatyni<\/span> zdokumentovaly; byla shroma\u017e\u010fovac\u00edm m\u00edstem p\u0159ed\u0159eck\u00fdch \u201eSinti\u016f\u201c, pozd\u011bji \u0159eck\u00e9ho obyvatelstva. V divadle a ve <span class=\"iwg-fachbegriff\" data-tooltip=\"Svat\u00e9 m\u00edsto v\u011bnovan\u00e9 \u00fact\u011b k bo\u017estvu.\" tabindex=\"0\">svatyni<\/span> Kabirionu lze dok\u00e1zat H\u00e9faistovy souvislosti v \u010detn\u00fdch n\u00e1pisech.<\/p>\n<p>Na Liparsk\u00fdch ostrovech byla Hiera, dne\u0161n\u00ed ostrov Vulcano, v <span class=\"iwg-fachbegriff\" data-tooltip=\"Epocha \u0159eck\u00e9 a \u0159\u00edmsk\u00e9 kultury, p\u0159ibli\u017en\u011b 800 p\u0159. n. l. a\u017e 600 n. l.\" tabindex=\"0\">antice<\/span> H\u00e9faistov\u00fdm m\u00edstem; sope\u010dn\u00e1 \u010dinnost byla pova\u017eov\u00e1na za vizu\u00e1ln\u00ed potvrzen\u00ed jeho d\u00edlny. Strab\u00f3n (VI, 2, 11) popisuje pravideln\u00e9 erupce jako rytmick\u00e9 kov\u00e1\u0159sk\u00e9 \u00fadery.<\/p><p>V Argu se H\u00e9faistos d\u011blil s Erinyemi o <span class=\"iwg-fachbegriff\" data-tooltip=\"Svat\u00e9 m\u00edsto v\u011bnovan\u00e9 \u00fact\u011b k bo\u017estvu.\" tabindex=\"0\">svatyni<\/span>, kterou Pausanias (II, 24, 2) popisuje jako mal\u00e9 m\u011bstsk\u00e9 kultov\u00e9 centrum. Na Kr\u00e9t\u011b existoval <span class=\"iwg-fachbegriff\" data-tooltip=\"Mal\u00e9 svat\u00e9 \u00falo\u017en\u00e9 m\u00edsto nebo m\u00edsto bohoslu\u017eby.\" tabindex=\"0\">svatyn\u011b<\/span> v Olu, kde byl H\u00e9faistos ct\u011bn jako stvo\u0159itel Tala.<\/p>\t\t\t\t\t\t\t\t<\/div>\n\t\t\t\t<\/div>\n\t\t<div class=\"elementor-element elementor-element-35949e0 e-con-full e-flex e-con e-child\" data-id=\"35949e0\" data-element_type=\"container\" data-e-type=\"container\">\n\t\t\t\t<div class=\"elementor-element elementor-element-6a8b1db elementor-widget elementor-widget-heading\" data-id=\"6a8b1db\" data-element_type=\"widget\" data-e-type=\"widget\" data-widget_type=\"heading.default\">\n\t\t\t\t\t<h2 class=\"elementor-heading-title elementor-size-default\">Mytick\u00e9 vypr\u00e1v\u011bn\u00ed<\/h2>\t\t\t\t<\/div>\n\t\t\t\t<div class=\"elementor-element elementor-element-704ab8d elementor-widget elementor-widget-text-editor\" data-id=\"704ab8d\" data-element_type=\"widget\" data-e-type=\"widget\" data-widget_type=\"text-editor.default\">\n\t\t\t\t\t\t\t\t\t<p>M\u00fdtus o svatb\u011b Afrodity a H\u00e9faista je nejzn\u00e1m\u011bj\u0161\u00edm p\u0159\u00edb\u011bhem tohoto boha. U Hom\u00e9ra (Odyssea VIII, 266 a\u017e 366) se p\u011bvec D\u00e9modokos dozv\u00edd\u00e1 p\u0159ed Faiaky: Afrodita, nev\u011brn\u00e1 sv\u00e9mu hromotluck\u00e9mu man\u017eelovi, se sch\u00e1z\u00ed s Areem v lo\u017enici H\u00e9faista. H\u00e9lios, v\u0161evidouc\u00ed, prozrad\u00ed man\u017eelskou nev\u011bru.<\/p><p>H\u00e9faistos ukove nevidatelnou s\u00ed\u0165 z nejten\u010d\u00edch bronzov\u00fdch vl\u00e1ken a rozprost\u0159e ji nad l\u016f\u017ekem. Milenci jsou p\u0159isti\u017eeni p\u0159\u00edmo p\u0159i \u010dinu; H\u00e9faistos svol\u00e1 olympsk\u00e9 bohy, kte\u0159\u00ed propuknou v hom\u00e9rsk\u00fd sm\u00edch. Tato epizoda je jednou z nejstar\u0161\u00edch komedi\u00ed evropsk\u00e9 literatury a pojedn\u00e1v\u00e1 o trval\u00e9m nap\u011bt\u00ed mezi \u0159emeslnickou ctnost\u00ed a aristokratickou kr\u00e1sou.<\/p>\n<p>Se <span class=\"iwg-fachbegriff\" data-tooltip=\"Tradovan\u00fd p\u0159\u00edb\u011bh o boz\u00edch, po\u010d\u00e1tc\u00edch a uspo\u0159\u00e1d\u00e1n\u00ed sv\u011bta.\" tabindex=\"0\">m\u00fdtus<\/span> o zlat\u00e9m tr\u016fnu vypr\u00e1v\u00ed o epizod\u011b mezi H\u00e9rou a H\u00e9faistem. H\u00e9faistos poslal sv\u00e9 matce, kter\u00e1 ho svrhla z Olympu, n\u00e1dhern\u00fd tr\u016fn jako zd\u00e1nliv\u00fd dar sm\u00ed\u0159en\u00ed. H\u00e9ra se na tr\u016fn posad\u00ed a je zadr\u017eena neviditeln\u00fdmi pouty. Olympan\u00e9 nedok\u00e1\u017eou d\u00edlo rozlousknout; tajemstv\u00ed znal jen H\u00e9faistos.<\/p><p>Teprve kdy\u017e Dion\u00fdsos opije boha kov\u00e1\u0159e a p\u0159iveze ho na mule na Olymp, souhlas\u00ed H\u00e9faistos s t\u00edm, \u017ee matku vysvobod\u00ed. Toto \u201ep\u0159iveden\u00ed zp\u011bt\u201c H\u00e9faista na Olymp je jedn\u00edm z nej\u010dast\u011bj\u0161\u00edch motiv\u016f attick\u00e9 v\u00e1zov\u00e9 malby mezi lety 580 a 470 p\u0159ed na\u0161\u00edm letopo\u010dtem.<\/p>\n<p>P\u0159i zrozen\u00ed Ath\u00e9ny hraje H\u00e9faistos roli porodn\u00ed b\u00e1by: rozetne \u00faderem sekery lebku Zeuse, z n\u00ed\u017e vysko\u010d\u00ed Ath\u00e9na v pln\u00e9 v\u00fdstroji (Pindaros, Olympijsk\u00e9 \u00f3dy VII, 35 a\u017e 38).<\/p><p>Tato paradoxn\u00ed konstelace, v n\u00ed\u017e se hromotluck\u00fd kov\u00e1\u0159 st\u00e1v\u00e1 porodn\u00edm pomocn\u00edkem panensk\u00e9 bohyn\u011b, je ve srovn\u00e1vac\u00ed <span class=\"iwg-fachbegriff\" data-tooltip=\"Souhrn tradovan\u00fdch vypr\u00e1v\u011bn\u00ed o boz\u00edch v dan\u00e9 kultu\u0159e.\" tabindex=\"0\">mytologii<\/span> pokl\u00e1d\u00e1na za model zprost\u0159edkov\u00e1n\u00ed formy a hmoty prost\u0159ednictv\u00edm technick\u00e9ho pozn\u00e1n\u00ed.<\/p>\n<p>Spout\u00e1n\u00ed Prom\u00e9thea, popsan\u00e9 v Aischylov\u011b trag\u00e9dii \u201eSpoutan\u00fd Prom\u00e9theus\u201c, ukazuje H\u00e9faista v jeho druh\u00e9 roli, jako vykonavatele bo\u017esk\u00e9ho \u0159\u00e1du. Na Zeus\u016fv p\u0159\u00edkaz p\u0159ipout\u00e1 Tit\u00e1na ke sk\u00e1le na Kavkaze. V trag\u00e9dii v\u0161ak vykon\u00e1v\u00e1 toto d\u00edlo s otev\u0159en\u00fdm smutkem a p\u0159izn\u00e1v\u00e1 svou sp\u0159\u00edzn\u011bnost s trestan\u00fdm, nebo\u0165 oba jsou bohy ohn\u011b. Nav\u00edc zpochyb\u0148uje tvrdost tohoto \u00fakolu.<\/p><p>Tato sc\u00e9na ukazuje H\u00e9faista jako eticky citliv\u00e9ho boha, kter\u00fd p\u0159\u00edkaz poslouch\u00e1, ale mor\u00e1ln\u011b nad n\u00edm stoj\u00ed.<\/p>\t\t\t\t\t\t\t\t<\/div>\n\t\t\t\t<\/div>\n\t\t<div class=\"elementor-element elementor-element-9bbbada e-con-full e-flex e-con e-child\" data-id=\"9bbbada\" data-element_type=\"container\" data-e-type=\"container\">\n\t\t\t\t<div class=\"elementor-element elementor-element-64ad772 elementor-widget elementor-widget-heading\" data-id=\"64ad772\" data-element_type=\"widget\" data-e-type=\"widget\" data-widget_type=\"heading.default\">\n\t\t\t\t\t<h2 class=\"elementor-heading-title elementor-size-default\">Vztahy v panteonu<\/h2>\t\t\t\t<\/div>\n\t\t\t\t<div class=\"elementor-element elementor-element-77508df elementor-widget elementor-widget-text-editor\" data-id=\"77508df\" data-element_type=\"widget\" data-e-type=\"widget\" data-widget_type=\"text-editor.default\">\n\t\t\t\t\t\t\t\t\t<p>Vztah H\u00e9faista k H\u00e9\u0159e je ambivalentn\u00ed. Na jedn\u00e9 stran\u011b je jeho matkou, \u010dasto bez otcovsk\u00e9ho pod\u00edlu, na druh\u00e9 stran\u011b ho svrhla z Olympu. Zlat\u00fd tr\u016fn a jeho n\u00e1vrat s Dion\u00fdsovou pomoc\u00ed ukazuj\u00ed sm\u00ed\u0159en\u00ed mezi matkou a synem, umo\u017en\u011bn\u00e9 t\u0159et\u00ed postavou (Dion\u00fdsem).<\/p><p>Se Zeusem m\u00e1 profesn\u00ed vztah: Zeus mu ud\u011bluje n\u00e1ro\u010dn\u00e9 \u00fakoly (egida, stvo\u0159en\u00ed Pandory, spout\u00e1n\u00ed Prom\u00e9thea) a H\u00e9faistos je vykon\u00e1v\u00e1 bez n\u00e1mitek, ob\u010das s vnit\u0159n\u00edm odstupem.<\/p>\n<p>S Afroditou je podle Hom\u00e9ra o\u017een\u011bn, s Ath\u00e9nou je spojen prost\u0159ednictv\u00edm ud\u00e1losti s Erichtoniem. Oba vztahy ukazuj\u00ed nap\u011bt\u00ed mezi hromotluck\u00fdm bohem a nejkr\u00e1sn\u011bj\u0161\u00edmi bohyn\u011bmi panteonu.<\/p><p>Spojen\u00ed s Afroditou je ch\u00e1p\u00e1no jako kosmick\u00e1 alegorie propojen\u00ed hmoty (kov\u00e1\u0159sk\u00e9ho um\u011bn\u00ed) a formy (kr\u00e1sy), v\u00fdklad rozvinut\u00fd u Plutarcha a v novoplat\u00f3nsk\u00e9 tradici. Vztah k Ath\u00e9n\u011b je praktick\u00fd na pracovn\u00ed \u00farovni: oba jsou patrony \u0159emesln\u00edk\u016f a H\u00e9faisteion byl <span class=\"iwg-fachbegriff\" data-tooltip=\"Prost\u0159ednictv\u00edm n\u00e1bo\u017eensk\u00e9ho \u00fakonu odevzdan\u00fd svatosti a t\u00edm vy\u0148at\u00fd z b\u011b\u017en\u00e9ho \u017eivota.\" tabindex=\"0\">zasv\u011bcen<\/span> ob\u011bma.<\/p>\n<p>S Areem existuje soupe\u0159en\u00ed o Afroditu, ale i profesn\u00ed rozd\u00edl: H\u00e9faistos zbran\u011b kove, Ares je pou\u017e\u00edv\u00e1. V attick\u00e9 v\u00e1zov\u00e9 malb\u011b jsou oba \u010dasto postaveni jako protikladn\u00e9 postavy v obrazov\u00e9m programu.<\/p><p>S Dion\u00fdsem ho spojuje \u201en\u00e1vrat na Olymp\u201c, jedna z nejstar\u0161\u00edch a nej\u010dast\u011bji zobrazovan\u00fdch bo\u017esk\u00fdch sc\u00e9n archaick\u00e9ho v\u00fdtvarn\u00e9ho um\u011bn\u00ed. S Kyklopy sd\u00edl\u00ed podzemn\u00ed d\u00edlnu; jsou pokl\u00e1d\u00e1ni za jeho pomocn\u00edky p\u0159i kov\u00e1n\u00ed olympsk\u00fdch zbran\u00ed.<\/p>\t\t\t\t\t\t\t\t<\/div>\n\t\t\t\t<\/div>\n\t\t<div class=\"elementor-element elementor-element-6941657 e-con-full e-flex e-con e-child\" data-id=\"6941657\" data-element_type=\"container\" data-e-type=\"container\">\n\t\t\t\t<div class=\"elementor-element elementor-element-4563a45 elementor-widget elementor-widget-heading\" data-id=\"4563a45\" data-element_type=\"widget\" data-e-type=\"widget\" data-widget_type=\"heading.default\">\n\t\t\t\t\t<h2 class=\"elementor-heading-title elementor-size-default\">Recepce<\/h2>\t\t\t\t<\/div>\n\t\t\t\t<div class=\"elementor-element elementor-element-5810fae elementor-widget elementor-widget-text-editor\" data-id=\"5810fae\" data-element_type=\"widget\" data-e-type=\"widget\" data-widget_type=\"text-editor.default\">\n\t\t\t\t\t\t\t\t\t<p>V \u0159\u00edmsk\u00e9m n\u00e1bo\u017eenstv\u00ed odpov\u00edd\u00e1 H\u00e9faistovi Vulk\u00e1n, starobyl\u00fd italick\u00fd b\u016fh ohn\u011b, jeho\u017e <span class=\"iwg-fachbegriff\" data-tooltip=\"Souhrn n\u00e1bo\u017eensk\u00fdch \u00factn\u00fdch \u00fakon\u016f v\u016f\u010di bo\u017estvu nebo svat\u00e9 postav\u011b.\" tabindex=\"0\">kult<\/span> se soust\u0159edil zejm\u00e9na kolem Volcanalu na Foru. Vulcanalia, slaven\u00e1 23. srpna, byla sv\u00e1tkem k odvr\u00e1cen\u00ed pozdn\u00edho letn\u00edho nebezpe\u010d\u00ed po\u017e\u00e1r\u016f; program sv\u00e1tku zahrnoval p\u00e1len\u00ed drobn\u00fdch ryb, pravd\u011bpodobn\u011b jako sm\u00edrnou ob\u011b\u0165 za hork\u00e9 t\u00fddny.<\/p><p>Vergilius (Aeneis VIII, 416 a\u017e 453) um\u00eds\u0165uje Vulk\u00e1novu d\u00edlnu na ostrov Hiera (Vulcano) a popisuje v\u00fdrobu zbran\u00ed pro Aenea, co\u017e je p\u0159\u00edm\u00e9 nav\u00e1z\u00e1n\u00ed na epizodu s Achilleov\u00fdm \u0161t\u00edtem z Iliady.<\/p>\n<p>Ve st\u0159edov\u011bku z\u016fstal H\u00e9faistos p\u0159\u00edtomen jako alegorie kov\u00e1\u0159sk\u00e9ho \u0159emesla. Boccaccio se mu v\u011bnuje v d\u00edle \u201eDe genealogia deorum gentilium\u201c s alegorick\u00fdmi v\u00fdklady. Renesance p\u0159inesla s Vel\u00e1zquezovou \u201eVulk\u00e1novou kov\u00e1rnou\u201c (1630) a Tintorettov\u00fdm \u201eVulk\u00e1n p\u0159istihuje Marta a Venu\u0161i\u201c nov\u00e9 ikonografick\u00e9 po\u010diny.<\/p><p>V barokn\u00ed dob\u011b vykl\u00e1dali Rubens a Cortona tuto l\u00e1tku jako alegorii um\u011bleck\u00e9ho tvo\u0159en\u00ed; kov\u00e1\u0159 hnan\u00fd kladivem se st\u00e1v\u00e1 <span class=\"iwg-fachbegriff\" data-tooltip=\"Obrazn\u00e9 vyj\u00e1d\u0159en\u00ed, kter\u00e9 zastupuje abstraktn\u00ed my\u0161lenku.\" tabindex=\"0\">symbolem<\/span> tvo\u0159iv\u00e9ho um\u011blce.<\/p>\n<p>Osmn\u00e1ct\u00e9 stolet\u00ed vid\u011blo ve Vulk\u00e1novi p\u0159edev\u0161\u00edm <span class=\"iwg-fachbegriff\" data-tooltip=\"Obrazn\u00e9 vyj\u00e1d\u0159en\u00ed, kter\u00e9 zastupuje abstraktn\u00ed my\u0161lenku.\" tabindex=\"0\">symbol<\/span> osv\u00edcensk\u00e9 techniky, devaten\u00e1ct\u00e9 stolet\u00ed symbol pr\u016fmyslov\u00e9ho kov\u00e1\u0159stv\u00ed. Friedrich H\u00f6lderlin d\u011bl\u00e1 v d\u00edle \u201eHyperion\u201c z H\u00e9faista patrona pracuj\u00edc\u00edho se \u017eelezem. Karl Marx cituje v \u201eTeori\u00edch o nadhodnot\u011b\u201c tento <span class=\"iwg-fachbegriff\" data-tooltip=\"Tradovan\u00fd p\u0159\u00edb\u011bh o boz\u00edch, po\u010d\u00e1tc\u00edch a uspo\u0159\u00e1d\u00e1n\u00ed sv\u011bta.\" tabindex=\"0\">m\u00fdtus<\/span> jako ilustraci vztahu mezi prac\u00ed a kapit\u00e1lem.<\/p><p>Modern\u00ed v\u00fdzkum Marcela Detienna a Jeana-Pierra Vernanta (\u201eLes ruses de l&#8217;intelligence\u201c, 1974) za\u0159adil H\u00e9faista do mytick\u00e9ho konceptu \u201em\u00e9tis\u201c, lstiv\u00e9 vynal\u00e9zavosti, \u010d\u00edm\u017e znovu zd\u016fraznil jeho intelektu\u00e1ln\u00ed rozm\u011br.<\/p>\t\t\t\t\t\t\t\t<\/div>\n\t\t\t\t<\/div>\n\t\t<div class=\"elementor-element elementor-element-6a19d5d e-con-full e-flex e-con e-child\" data-id=\"6a19d5d\" data-element_type=\"container\" data-e-type=\"container\">\n\t\t\t\t<div class=\"elementor-element elementor-element-ecf1e48 elementor-widget elementor-widget-heading\" data-id=\"ecf1e48\" data-element_type=\"widget\" data-e-type=\"widget\" data-widget_type=\"heading.default\">\n\t\t\t\t\t<h2 class=\"elementor-heading-title elementor-size-default\">Religionistick\u00e9 za\u0159azen\u00ed<\/h2>\t\t\t\t<\/div>\n\t\t\t\t<div class=\"elementor-element elementor-element-263059a elementor-widget elementor-widget-text-editor\" data-id=\"263059a\" data-element_type=\"widget\" data-e-type=\"widget\" data-widget_type=\"text-editor.default\">\n\t\t\t\t\t\t\t\t\t<p>Etymologie jm\u00e9na H\u00e9faistos je nejist\u00e1. Indoevropsk\u00fd p\u016fvod je pova\u017eov\u00e1n za nepravd\u011bpodobn\u00fd; v\u011bt\u0161ina badatel\u016f, mezi nimi Robert Beekes, p\u0159edpokl\u00e1d\u00e1 p\u0159ed\u0159eck\u00fd, mo\u017en\u00e1 lemnsk\u00fd p\u016fvod. Myk\u00e9nsk\u00e9 tabulky line\u00e1rn\u00edho p\u00edsma B tohoto boha nezmi\u0148uj\u00ed, co\u017e by mohlo ukazovat na jeho za\u0159azen\u00ed do \u0159eck\u00e9 religiozity a\u017e v geometrick\u00e9 dob\u011b.<\/p><p>Spojen\u00ed se sope\u010dn\u00fdm ostrovem L\u00e9mnos a s ne\u0159eck\u00fdmi Sinty tuto tezi podporuje.<\/p>\n<p>V religionistick\u00e9m srovn\u00e1vac\u00edm kontextu vynikaj\u00ed paralely s hurritsko-hetitsk\u00fdm kov\u00e1\u0159em Hasamilim, s ugaritsk\u00fdm K\u00f3tharem-wa-Has\u00edsem a s v\u00e9dsk\u00fdm Tva\u0161tarem, kte\u0159\u00ed v\u0161ichni napl\u0148uj\u00ed profil bo\u017esk\u00e9ho \u0159emesln\u00edka, jen\u017e kove zbran\u011b boh\u016f a sv\u00fdmi v\u00fdjime\u010dn\u00fdmi v\u00fdtvory spoluutv\u00e1\u0159\u00ed mytick\u00fd sv\u011bt.<\/p><p>T\u011blesn\u00e9 posti\u017een\u00ed boha kov\u00e1\u0159e je roz\u0161\u00ed\u0159en\u00fdm <span class=\"iwg-fachbegriff\" data-tooltip=\"Opakuj\u00edc\u00ed se obsahov\u00fd prvek v um\u011bn\u00ed nebo vypr\u00e1v\u011bn\u00ed.\" tabindex=\"0\">motivem<\/span>: i germ\u00e1nsk\u00fd Wieland, seversk\u00fd V\u00f6lundr a irsk\u00fd Goibniu jsou v r\u016fzn\u00fdch odst\u00ednech t\u011blesn\u011b posti\u017eeni.<\/p><p>Marcel Detienne a Jean-Pierre Vernant tento <span class=\"iwg-fachbegriff\" data-tooltip=\"Opakuj\u00edc\u00ed se obsahov\u00fd prvek v um\u011bn\u00ed nebo vypr\u00e1v\u011bn\u00ed.\" tabindex=\"0\">motiv<\/span> vylo\u017eili jako symbolick\u00e9 ozna\u010den\u00ed v\u00fdjime\u010dn\u00e9ho postaven\u00ed: kov\u00e1\u0159 se vymyk\u00e1 z b\u011b\u017en\u00e9 \u017eivotn\u00ed dr\u00e1hy a t\u00edm z\u00edsk\u00e1v\u00e1 v\u00fdjime\u010dn\u00fd p\u0159\u00edstup k element\u00e1rn\u00edm sil\u00e1m ohn\u011b a kovu.<\/p>\n<p>Walter Burkert v knize \u00abGriechische Religion\u00bb vypracoval religionistickou funkci H\u00e9faista jako \u201eLuk\u00e1\u0161e\u201c panteonu (srovnatelnou s funkc\u00ed patrona svat\u00fdch): je bohem, kter\u00fd sakralizuje d\u00edlenskou v\u00fdrobu a prop\u016fj\u010duje \u0159emesln\u00edkovi vlastn\u00ed n\u00e1bo\u017eenskou d\u016fstojnost, vedle v\u00e1le\u010dnick\u00e9 \u0161lechty a kn\u011b\u017esk\u00e9 t\u0159\u00eddy.<\/p><p>Tato funkce vysv\u011btluje jeho silnou p\u0159\u00edtomnost v ath\u00e9nsk\u00e9m ob\u010dansk\u00e9m kultu, kter\u00fd ch\u00e1pal \u0159emesln\u00edky jako rovnopr\u00e1vn\u00e9 \u010dleny polis. Nov\u011bj\u0161\u00ed v\u00fdzkum Roberta Parkera rekonstruoval soci\u00e1ln\u00ed stratifikaci ctitel\u016f H\u00e9faista v Ath\u00e9n\u00e1ch a uk\u00e1zal, \u017ee Chalkeia a lampad\u00e9dromie byly prim\u00e1rn\u011b podporov\u00e1ny metoiky a dom\u00e1c\u00edmi \u0159emesln\u00edky.<\/p>\t\t\t\t\t\t\t\t<\/div>\n\t\t\t\t<\/div>\n\t\t<div class=\"elementor-element elementor-element-d645446 e-con-full e-flex e-con e-child\" data-id=\"d645446\" data-element_type=\"container\" data-e-type=\"container\">\n\t\t\t\t<div class=\"elementor-element elementor-element-31b92a7 elementor-widget elementor-widget-heading\" data-id=\"31b92a7\" data-element_type=\"widget\" data-e-type=\"widget\" data-widget_type=\"heading.default\">\n\t\t\t\t\t<h2 class=\"elementor-heading-title elementor-size-default\">Etymologie a p\u0159ed\u0159eck\u00e1 vrstva<\/h2>\t\t\t\t<\/div>\n\t\t\t\t<div class=\"elementor-element elementor-element-032d57b elementor-widget elementor-widget-text-editor\" data-id=\"032d57b\" data-element_type=\"widget\" data-e-type=\"widget\" data-widget_type=\"text-editor.default\">\n\t\t\t\t\t\t\t\t\t<p>Jm\u00e9no \u00abH\u00e9faistos\u00bb (myk\u00e9nsky nedolo\u017eeno, d\u00f3rsky \u00abAphaistos\u00bb) je etymologicky neobjasn\u011bn\u00e9. Indoevropsk\u00fd p\u016fvod je pova\u017eov\u00e1n za nepravd\u011bpodobn\u00fd; v\u011bt\u0161ina badatel\u016f, mezi nimi Robert Beekes, p\u0159edpokl\u00e1d\u00e1 p\u0159ed\u0159eck\u00fd p\u016fvod. Spojen\u00ed se sope\u010dn\u00fdm ostrovem L\u00e9mnos a s ne\u0159eck\u00fdmi Sinty tuto tezi podporuje.<\/p><p>Sintov\u00e9, kte\u0159\u00ed podle Hom\u00e9ra H\u00e9faista zachytili po jeho p\u00e1du, jsou v odborn\u00e9 literatu\u0159e pova\u017eov\u00e1ni za p\u0159ed\u0159eck\u00e9 obyvatelstvo severn\u00edho Egejsk\u00e9ho mo\u0159e, mo\u017en\u00e1 s anatolsk\u00fdmi nebo thr\u00e1ck\u00fdmi vazbami.<\/p>\n<p>Pozoruhodn\u00e1 je chyb\u011bj\u00edc\u00ed myk\u00e9nsk\u00e1 dolo\u017eenost. Zat\u00edmco v\u011bt\u0161ina olympsk\u00fdch boh\u016f je v tabulk\u00e1ch line\u00e1rn\u00edho p\u00edsma B prokazateln\u00e1, H\u00e9faistos v dosud nalezen\u00fdch myk\u00e9nsk\u00fdch textech zcela chyb\u00ed.<\/p><p>To by mohlo ukazovat na to, \u017ee b\u016fh byl do \u0159eck\u00e9ho <span class=\"iwg-fachbegriff\" data-tooltip=\"Souhrn boh\u016f ur\u010dit\u00e9ho n\u00e1bo\u017eenstv\u00ed nebo kultury.\" tabindex=\"0\">panteonu<\/span> za\u010dlen\u011bn a\u017e po zhroucen\u00ed myk\u00e9nsk\u00e9 pal\u00e1cov\u00e9 kultury, mo\u017en\u00e1 v souvislosti s kontakty se sope\u010dn\u00fdmi ostrovy severn\u00edho Egejsk\u00e9ho mo\u0159e a s anatolsk\u00fdmi kov\u00e1\u0159sk\u00fdmi bo\u017estvy doby p\u0159echodu do \u017eelezn\u00e9 doby.<\/p>\n<p>Teologickou p\u0159\u00edbuznost H\u00e9faista s hurritsko-hetitsk\u00fdmi kov\u00e1\u0159sk\u00fdmi bo\u017estvy systematicky prozkoumali Sandra Blakely (\u00abMyth, <span class=\"iwg-fachbegriff\" data-tooltip=\"\u0158\u00edzen\u00fd sled symbolick\u00fdch jedn\u00e1n\u00ed s n\u00e1bo\u017eensk\u00fdm nebo kulturn\u00edm v\u00fdznamem.\" tabindex=\"0\">Ritual<\/span> and Metallurgy in Ancient Greece and Recent Africa\u00bb, 2006) a Walter Burkert.<\/p><p>Zejm\u00e9na hetitsk\u00fd \u00abHasamili\u00bb a hurrijsk\u00fd \u00abKothar-wa-Hasis\u00bb (v Ugaritu jako K\u00f3thar) vykazuj\u00ed struktur\u00e1ln\u00ed podobnosti s \u0159eck\u00fdm H\u00e9faistem: v\u0161ichni t\u0159i jsou tv\u016frci zbran\u00ed boh\u016f, v\u0161ichni t\u0159i maj\u00ed neobvykl\u00fd t\u011blesn\u00fd stav, v\u0161ichni t\u0159i jsou lokalizov\u00e1ni v d\u00edln\u00e1ch na v\u00fdjime\u010dn\u00fdch m\u00edstech.<\/p><p>Tato p\u0159\u00edbuznost nazna\u010duje starou v\u00fdchodomediter\u00e1nn\u00ed tradici bo\u017esk\u00e9ho kov\u00e1\u0159e, do n\u00ed\u017e se \u0159eck\u00fd H\u00e9faistos za\u0159azuje.<\/p>\t\t\t\t\t\t\t\t<\/div>\n\t\t\t\t<\/div>\n\t\t<div class=\"elementor-element elementor-element-11c86b5 e-con-full e-flex e-con e-child\" data-id=\"11c86b5\" data-element_type=\"container\" data-e-type=\"container\">\n\t\t\t\t<div class=\"elementor-element elementor-element-cce63ef elementor-widget elementor-widget-heading\" data-id=\"cce63ef\" data-element_type=\"widget\" data-e-type=\"widget\" data-widget_type=\"heading.default\">\n\t\t\t\t\t<h2 class=\"elementor-heading-title elementor-size-default\">Prameny<\/h2>\t\t\t\t<\/div>\n\t\t\t\t<div class=\"elementor-element elementor-element-657621d elementor-widget elementor-widget-text-editor\" data-id=\"657621d\" data-element_type=\"widget\" data-e-type=\"widget\" data-widget_type=\"text-editor.default\">\n\t\t\t\t\t\t\t\t\t<footer class=\"iwg-literatur\"><p>Hom\u00e9r, \u00abIlias\u00bb I, 571 a\u017e 600 (p\u00e1d z Olympu), XVIII, 369 a\u017e 617 (Achille\u016fv \u0161t\u00edt); \u00abOdyssea\u00bb VIII, 266 a\u017e 366 (Afrodita a \u00c1res). H\u00e9siodos, \u00abTheogonie\u00bb 927 a\u017e 929 (zrozen\u00ed). Aischylos, \u00abUpoutan\u00fd Prom\u00e9theus\u00bb 1 a\u017e 87. Pindaros, \u00abOlympsk\u00e9 \u00f3dy\u00bb VII, 35 a\u017e 38. Apoll\u00f3nios Rhodsk\u00fd, \u00abArgonautika\u00bb IV, 1638 a\u017e 1693 (Talos).<\/p><p>Apollod\u00f3ros, \u00abBibliotheke\u00bb, I, 3, 5 a III, 14, 6 (Erichthonios). Pausanias, \u00abPopis \u0158ecka\u00bb, I, 14 (H\u00e9faisteion), II, 24 (Argos). Vergilius, \u00abAeneis\u00bb VIII, 416 a\u017e 453. Walter Burkert, \u00abGriechische Religion\u00bb, Stuttgart 1977. Marcel Detienne, Jean-Pierre Vernant, \u00abLes ruses de l&#8217;intelligence. La m\u00e8tis des Grecs\u00bb, Paris 1974. Karl Ker\u00e9nyi, \u00abDie <span class=\"iwg-fachbegriff\" data-tooltip=\"Souhrn tradovan\u00fdch vypr\u00e1v\u011bn\u00ed o boz\u00edch ur\u010dit\u00e9 kultury.\" tabindex=\"0\">Mythologie<\/span> der Griechen\u00bb, Z\u00fcrich 1951.<\/p><\/footer>\t\t\t\t\t\t\t\t<\/div>\n\t\t\t\t<\/div>\n\t\t\t\t\t<\/div>\n\t\t\t\t<\/div>\n\t\t\t\t<\/div>\n\t\t","protected":false},"excerpt":{"rendered":"","protected":false},"author":3,"featured_media":2983,"parent":0,"menu_order":0,"comment_status":"closed","ping_status":"closed","template":"elementor_header_footer","meta":{"_yoast_wpseo_focuskw":"Hefaistos","_yoast_wpseo_title":"Hefaistos \u2013 kov\u00e1\u0159sk\u00fd b\u016fh ohn\u011b | iWell Guard","_yoast_wpseo_metadesc":"Hefaistos je \u0159eck\u00fd kov\u00e1\u0159sk\u00fd b\u016fh, mistr ohn\u011b a \u0159emesln\u00e9ho um\u011bn\u00ed. Syn H\u00e9ry, man\u017eel Afrod\u00edty. M\u00fdtus a kult.","_yoast_wpseo_meta-robots-noindex":"","_yoast_wpseo_canonical":"","_angie_page":false,"gefaehrdungsstufe":"1","wesen_kultur":"","wesen_klasse":"","footnotes":""},"categories":[],"class_list":["post-145576","page","type-page","status-publish","has-post-thumbnail","hentry"],"yoast_head":"<!-- This site is optimized with the Yoast SEO Premium plugin v27.7 (Yoast SEO v28.3) - https:\/\/yoast.com\/product\/yoast-seo-premium-wordpress\/ -->\n<title>Hefaistos \u2013 kov\u00e1\u0159sk\u00fd b\u016fh ohn\u011b | iWell Guard<\/title>\n<meta name=\"description\" content=\"Hefaistos je \u0159eck\u00fd kov\u00e1\u0159sk\u00fd b\u016fh, mistr ohn\u011b a \u0159emesln\u00e9ho um\u011bn\u00ed. Syn H\u00e9ry, man\u017eel Afrod\u00edty. M\u00fdtus a kult.\" \/>\n<meta name=\"robots\" content=\"index, follow, max-snippet:-1, max-image-preview:large, max-video-preview:-1\" \/>\n<link rel=\"canonical\" href=\"https:\/\/iwell-guard.com\/cs\/hefaistos\/\" \/>\n<meta property=\"og:locale\" content=\"cs_CZ\" \/>\n<meta property=\"og:type\" content=\"article\" \/>\n<meta property=\"og:title\" content=\"Hefaistos\" \/>\n<meta property=\"og:description\" content=\"Hefaistos je \u0159eck\u00fd kov\u00e1\u0159sk\u00fd b\u016fh, mistr ohn\u011b a \u0159emesln\u00e9ho um\u011bn\u00ed. Syn H\u00e9ry, man\u017eel Afrod\u00edty. M\u00fdtus a kult.\" \/>\n<meta property=\"og:url\" content=\"https:\/\/iwell-guard.com\/cs\/hefaistos\/\" \/>\n<meta property=\"og:site_name\" content=\"iWell Guard\" \/>\n<meta property=\"article:modified_time\" content=\"2026-09-03T16:59:45+00:00\" \/>\n<meta property=\"og:image\" content=\"https:\/\/iwell-guard.com\/wp-content\/uploads\/2026\/05\/goetter_griechenland_hephaistos.webp\" \/>\n\t<meta property=\"og:image:width\" content=\"1024\" \/>\n\t<meta property=\"og:image:height\" content=\"1536\" \/>\n\t<meta property=\"og:image:type\" content=\"image\/webp\" \/>\n<meta name=\"twitter:card\" content=\"summary_large_image\" \/>\n<script type=\"application\/ld+json\" class=\"yoast-schema-graph\">{\"@context\":\"https:\\\/\\\/schema.org\",\"@graph\":[{\"@type\":\"WebPage\",\"@id\":\"https:\\\/\\\/iwell-guard.com\\\/cs\\\/hefaistos\\\/\",\"url\":\"https:\\\/\\\/iwell-guard.com\\\/cs\\\/hefaistos\\\/\",\"name\":\"Hefaistos \u2013 kov\u00e1\u0159sk\u00fd b\u016fh ohn\u011b | iWell Guard\",\"isPartOf\":{\"@id\":\"https:\\\/\\\/iwell-guard.com\\\/cs\\\/#website\"},\"primaryImageOfPage\":{\"@id\":\"https:\\\/\\\/iwell-guard.com\\\/cs\\\/hefaistos\\\/#primaryimage\"},\"image\":{\"@id\":\"https:\\\/\\\/iwell-guard.com\\\/cs\\\/hefaistos\\\/#primaryimage\"},\"thumbnailUrl\":\"https:\\\/\\\/iwell-guard.com\\\/wp-content\\\/uploads\\\/2026\\\/05\\\/goetter_griechenland_hephaistos.webp\",\"datePublished\":\"2026-09-03T16:31:43+00:00\",\"dateModified\":\"2026-09-03T16:59:45+00:00\",\"description\":\"Hefaistos je \u0159eck\u00fd kov\u00e1\u0159sk\u00fd b\u016fh, mistr ohn\u011b a \u0159emesln\u00e9ho um\u011bn\u00ed. Syn H\u00e9ry, man\u017eel Afrod\u00edty. M\u00fdtus a kult.\",\"breadcrumb\":{\"@id\":\"https:\\\/\\\/iwell-guard.com\\\/cs\\\/hefaistos\\\/#breadcrumb\"},\"inLanguage\":\"cs\",\"potentialAction\":[{\"@type\":\"ReadAction\",\"target\":[\"https:\\\/\\\/iwell-guard.com\\\/cs\\\/hefaistos\\\/\"]}]},{\"@type\":\"ImageObject\",\"inLanguage\":\"cs\",\"@id\":\"https:\\\/\\\/iwell-guard.com\\\/cs\\\/hefaistos\\\/#primaryimage\",\"url\":\"https:\\\/\\\/iwell-guard.com\\\/wp-content\\\/uploads\\\/2026\\\/05\\\/goetter_griechenland_hephaistos.webp\",\"contentUrl\":\"https:\\\/\\\/iwell-guard.com\\\/wp-content\\\/uploads\\\/2026\\\/05\\\/goetter_griechenland_hephaistos.webp\",\"width\":1024,\"height\":1536,\"caption\":\"Bohov\u00e9 z \u0159eck\u00e9 tradice.\"},{\"@type\":\"BreadcrumbList\",\"@id\":\"https:\\\/\\\/iwell-guard.com\\\/cs\\\/hefaistos\\\/#breadcrumb\",\"itemListElement\":[{\"@type\":\"ListItem\",\"position\":1,\"name\":\"Start\",\"item\":\"https:\\\/\\\/iwell-guard.com\\\/cs\\\/?page_id=145107\"},{\"@type\":\"ListItem\",\"position\":2,\"name\":\"Hefaistos\"}]},{\"@type\":\"WebSite\",\"@id\":\"https:\\\/\\\/iwell-guard.com\\\/cs\\\/#website\",\"url\":\"https:\\\/\\\/iwell-guard.com\\\/cs\\\/\",\"name\":\"iWell Guard\",\"description\":\"Schutz vor dunklen Einfl\u00fcssen\",\"publisher\":{\"@id\":\"https:\\\/\\\/iwell-guard.com\\\/cs\\\/#organization\"},\"potentialAction\":[{\"@type\":\"SearchAction\",\"target\":{\"@type\":\"EntryPoint\",\"urlTemplate\":\"https:\\\/\\\/iwell-guard.com\\\/cs\\\/?s={search_term_string}\"},\"query-input\":{\"@type\":\"PropertyValueSpecification\",\"valueRequired\":true,\"valueName\":\"search_term_string\"}}],\"inLanguage\":\"cs\"},{\"@type\":\"Organization\",\"@id\":\"https:\\\/\\\/iwell-guard.com\\\/cs\\\/#organization\",\"name\":\"Ittermann electronic GmbH\",\"url\":\"https:\\\/\\\/iwell-guard.com\\\/cs\\\/\",\"logo\":{\"@type\":\"ImageObject\",\"inLanguage\":\"cs\",\"@id\":\"https:\\\/\\\/iwell-guard.com\\\/cs\\\/#\\\/schema\\\/logo\\\/image\\\/\",\"url\":\"https:\\\/\\\/iwell-guard.com\\\/wp-content\\\/uploads\\\/2026\\\/05\\\/Ittermann-Logo-1182x237-1.png\",\"contentUrl\":\"https:\\\/\\\/iwell-guard.com\\\/wp-content\\\/uploads\\\/2026\\\/05\\\/Ittermann-Logo-1182x237-1.png\",\"width\":1182,\"height\":237,\"caption\":\"Ittermann electronic GmbH\"},\"image\":{\"@id\":\"https:\\\/\\\/iwell-guard.com\\\/cs\\\/#\\\/schema\\\/logo\\\/image\\\/\"},\"sameAs\":[\"https:\\\/\\\/pantip.com\\\/profile\\\/9367242\",\"https:\\\/\\\/micro.blog\\\/iwellguard\",\"https:\\\/\\\/www.diggerslist.com\\\/iwellguard\\\/about\",\"https:\\\/\\\/skitterphoto.com\\\/photographers\\\/2870314\\\/iwell-guard\",\"https:\\\/\\\/iwellguard.wordpress.com\\\/2026\\\/06\\\/06\\\/iwell-guard\\\/\",\"https:\\\/\\\/hub.docker.com\\\/u\\\/iwellguard\",\"https:\\\/\\\/www.pinterest.com\\\/iwellguard\\\/\",\"https:\\\/\\\/bit.ly\\\/m\\\/iwellguard\",\"https:\\\/\\\/entre-vos-mains.alsace.eu\\\/profiles\\\/iwellguard\\\/activity\",\"https:\\\/\\\/gravatar.com\\\/reallybeded8fd34\",\"https:\\\/\\\/naijamatta.com\\\/iwellguard\",\"https:\\\/\\\/www.goodreads.com\\\/iwellguard\",\"https:\\\/\\\/profile.hatena.ne.jp\\\/iwellguard\\\/\",\"https:\\\/\\\/experiment.com\\\/users\\\/iwellguard\",\"https:\\\/\\\/wakelet.com\\\/@iWellGuard82270\",\"https:\\\/\\\/www.chordie.com\\\/forum\\\/profile.php?id=2555664\",\"https:\\\/\\\/www.instapaper.com\\\/p\\\/17757966\",\"https:\\\/\\\/www.mapleprimes.com\\\/users\\\/iwellguard\",\"https:\\\/\\\/businesslistingplus.com\\\/profile\\\/iwell-guard\\\/\",\"https:\\\/\\\/telegra.ph\\\/iWell-Guard-06-06\",\"https:\\\/\\\/pbase.com\\\/iwellguard\\\/iwellguard\",\"https:\\\/\\\/b.hatena.ne.jp\\\/iwellguard\\\/20260607#bookmark-4788405196491818882\",\"https:\\\/\\\/fliphtml5.com\\\/home\\\/iwellguard\",\"https:\\\/\\\/anyflip.com\\\/homepage\\\/cmiwl#About\",\"https:\\\/\\\/transfur.com\\\/Users\\\/iwellguard\",\"http:\\\/\\\/delphi.larsbo.org\\\/user\\\/iwellguard\",\"https:\\\/\\\/jobs.lajobsportal.org\\\/profiles\\\/8380803-iwell-guard\",\"https:\\\/\\\/md.chaosdorf.de\\\/s\\\/jfbe5SBdJD\",\"https:\\\/\\\/www.lingvolive.com\\\/en-us\\\/profile\\\/9ecaeaca-ce11-4e51-9e71-01d55e2bff36\\\/translations\",\"https:\\\/\\\/www.fitday.com\\\/fitness\\\/forums\\\/members\\\/iwellguard.html\",\"https:\\\/\\\/www.mymeetbook.com\\\/iwellguard\",\"https:\\\/\\\/pxhere.com\\\/en\\\/photographer-me\\\/5040798\",\"https:\\\/\\\/disqus.com\\\/by\\\/iwellguard\\\/about\\\/\",\"https:\\\/\\\/pastelink.net\\\/hjwciqwq\",\"https:\\\/\\\/pubhtml5.com\\\/homepage\\\/scjhn\\\/\",\"https:\\\/\\\/www.bitchute.com\\\/channel\\\/2O2eOKzNqujT\",\"https:\\\/\\\/audiomack.com\\\/iwellguard\"]}]}<\/script>\n<!-- \/ Yoast SEO Premium plugin. -->","yoast_head_json":{"title":"Hefaistos \u2013 kov\u00e1\u0159sk\u00fd b\u016fh ohn\u011b | iWell Guard","description":"Hefaistos je \u0159eck\u00fd kov\u00e1\u0159sk\u00fd b\u016fh, mistr ohn\u011b a \u0159emesln\u00e9ho um\u011bn\u00ed. Syn H\u00e9ry, man\u017eel Afrod\u00edty. M\u00fdtus a kult.","robots":{"index":"index","follow":"follow","max-snippet":"max-snippet:-1","max-image-preview":"max-image-preview:large","max-video-preview":"max-video-preview:-1"},"canonical":"https:\/\/iwell-guard.com\/cs\/hefaistos\/","og_locale":"cs_CZ","og_type":"article","og_title":"Hefaistos","og_description":"Hefaistos je \u0159eck\u00fd kov\u00e1\u0159sk\u00fd b\u016fh, mistr ohn\u011b a \u0159emesln\u00e9ho um\u011bn\u00ed. Syn H\u00e9ry, man\u017eel Afrod\u00edty. M\u00fdtus a kult.","og_url":"https:\/\/iwell-guard.com\/cs\/hefaistos\/","og_site_name":"iWell Guard","article_modified_time":"2026-09-03T16:59:45+00:00","og_image":[{"width":1024,"height":1536,"url":"https:\/\/iwell-guard.com\/wp-content\/uploads\/2026\/05\/goetter_griechenland_hephaistos.webp","type":"image\/webp"}],"twitter_card":"summary_large_image","schema":{"@context":"https:\/\/schema.org","@graph":[{"@type":"WebPage","@id":"https:\/\/iwell-guard.com\/cs\/hefaistos\/","url":"https:\/\/iwell-guard.com\/cs\/hefaistos\/","name":"Hefaistos \u2013 kov\u00e1\u0159sk\u00fd b\u016fh ohn\u011b | iWell Guard","isPartOf":{"@id":"https:\/\/iwell-guard.com\/cs\/#website"},"primaryImageOfPage":{"@id":"https:\/\/iwell-guard.com\/cs\/hefaistos\/#primaryimage"},"image":{"@id":"https:\/\/iwell-guard.com\/cs\/hefaistos\/#primaryimage"},"thumbnailUrl":"https:\/\/iwell-guard.com\/wp-content\/uploads\/2026\/05\/goetter_griechenland_hephaistos.webp","datePublished":"2026-09-03T16:31:43+00:00","dateModified":"2026-09-03T16:59:45+00:00","description":"Hefaistos je \u0159eck\u00fd kov\u00e1\u0159sk\u00fd b\u016fh, mistr ohn\u011b a \u0159emesln\u00e9ho um\u011bn\u00ed. Syn H\u00e9ry, man\u017eel Afrod\u00edty. M\u00fdtus a kult.","breadcrumb":{"@id":"https:\/\/iwell-guard.com\/cs\/hefaistos\/#breadcrumb"},"inLanguage":"cs","potentialAction":[{"@type":"ReadAction","target":["https:\/\/iwell-guard.com\/cs\/hefaistos\/"]}]},{"@type":"ImageObject","inLanguage":"cs","@id":"https:\/\/iwell-guard.com\/cs\/hefaistos\/#primaryimage","url":"https:\/\/iwell-guard.com\/wp-content\/uploads\/2026\/05\/goetter_griechenland_hephaistos.webp","contentUrl":"https:\/\/iwell-guard.com\/wp-content\/uploads\/2026\/05\/goetter_griechenland_hephaistos.webp","width":1024,"height":1536,"caption":"Bohov\u00e9 z \u0159eck\u00e9 tradice."},{"@type":"BreadcrumbList","@id":"https:\/\/iwell-guard.com\/cs\/hefaistos\/#breadcrumb","itemListElement":[{"@type":"ListItem","position":1,"name":"Start","item":"https:\/\/iwell-guard.com\/cs\/?page_id=145107"},{"@type":"ListItem","position":2,"name":"Hefaistos"}]},{"@type":"WebSite","@id":"https:\/\/iwell-guard.com\/cs\/#website","url":"https:\/\/iwell-guard.com\/cs\/","name":"iWell Guard","description":"Schutz vor dunklen Einfl\u00fcssen","publisher":{"@id":"https:\/\/iwell-guard.com\/cs\/#organization"},"potentialAction":[{"@type":"SearchAction","target":{"@type":"EntryPoint","urlTemplate":"https:\/\/iwell-guard.com\/cs\/?s={search_term_string}"},"query-input":{"@type":"PropertyValueSpecification","valueRequired":true,"valueName":"search_term_string"}}],"inLanguage":"cs"},{"@type":"Organization","@id":"https:\/\/iwell-guard.com\/cs\/#organization","name":"Ittermann electronic GmbH","url":"https:\/\/iwell-guard.com\/cs\/","logo":{"@type":"ImageObject","inLanguage":"cs","@id":"https:\/\/iwell-guard.com\/cs\/#\/schema\/logo\/image\/","url":"https:\/\/iwell-guard.com\/wp-content\/uploads\/2026\/05\/Ittermann-Logo-1182x237-1.png","contentUrl":"https:\/\/iwell-guard.com\/wp-content\/uploads\/2026\/05\/Ittermann-Logo-1182x237-1.png","width":1182,"height":237,"caption":"Ittermann electronic GmbH"},"image":{"@id":"https:\/\/iwell-guard.com\/cs\/#\/schema\/logo\/image\/"},"sameAs":["https:\/\/pantip.com\/profile\/9367242","https:\/\/micro.blog\/iwellguard","https:\/\/www.diggerslist.com\/iwellguard\/about","https:\/\/skitterphoto.com\/photographers\/2870314\/iwell-guard","https:\/\/iwellguard.wordpress.com\/2026\/06\/06\/iwell-guard\/","https:\/\/hub.docker.com\/u\/iwellguard","https:\/\/www.pinterest.com\/iwellguard\/","https:\/\/bit.ly\/m\/iwellguard","https:\/\/entre-vos-mains.alsace.eu\/profiles\/iwellguard\/activity","https:\/\/gravatar.com\/reallybeded8fd34","https:\/\/naijamatta.com\/iwellguard","https:\/\/www.goodreads.com\/iwellguard","https:\/\/profile.hatena.ne.jp\/iwellguard\/","https:\/\/experiment.com\/users\/iwellguard","https:\/\/wakelet.com\/@iWellGuard82270","https:\/\/www.chordie.com\/forum\/profile.php?id=2555664","https:\/\/www.instapaper.com\/p\/17757966","https:\/\/www.mapleprimes.com\/users\/iwellguard","https:\/\/businesslistingplus.com\/profile\/iwell-guard\/","https:\/\/telegra.ph\/iWell-Guard-06-06","https:\/\/pbase.com\/iwellguard\/iwellguard","https:\/\/b.hatena.ne.jp\/iwellguard\/20260607#bookmark-4788405196491818882","https:\/\/fliphtml5.com\/home\/iwellguard","https:\/\/anyflip.com\/homepage\/cmiwl#About","https:\/\/transfur.com\/Users\/iwellguard","http:\/\/delphi.larsbo.org\/user\/iwellguard","https:\/\/jobs.lajobsportal.org\/profiles\/8380803-iwell-guard","https:\/\/md.chaosdorf.de\/s\/jfbe5SBdJD","https:\/\/www.lingvolive.com\/en-us\/profile\/9ecaeaca-ce11-4e51-9e71-01d55e2bff36\/translations","https:\/\/www.fitday.com\/fitness\/forums\/members\/iwellguard.html","https:\/\/www.mymeetbook.com\/iwellguard","https:\/\/pxhere.com\/en\/photographer-me\/5040798","https:\/\/disqus.com\/by\/iwellguard\/about\/","https:\/\/pastelink.net\/hjwciqwq","https:\/\/pubhtml5.com\/homepage\/scjhn\/","https:\/\/www.bitchute.com\/channel\/2O2eOKzNqujT","https:\/\/audiomack.com\/iwellguard"]}]}},"_links":{"self":[{"href":"https:\/\/iwell-guard.com\/cs\/wp-json\/wp\/v2\/pages\/145576","targetHints":{"allow":["GET"]}}],"collection":[{"href":"https:\/\/iwell-guard.com\/cs\/wp-json\/wp\/v2\/pages"}],"about":[{"href":"https:\/\/iwell-guard.com\/cs\/wp-json\/wp\/v2\/types\/page"}],"author":[{"embeddable":true,"href":"https:\/\/iwell-guard.com\/cs\/wp-json\/wp\/v2\/users\/3"}],"replies":[{"embeddable":true,"href":"https:\/\/iwell-guard.com\/cs\/wp-json\/wp\/v2\/comments?post=145576"}],"version-history":[{"count":0,"href":"https:\/\/iwell-guard.com\/cs\/wp-json\/wp\/v2\/pages\/145576\/revisions"}],"wp:featuredmedia":[{"embeddable":true,"href":"https:\/\/iwell-guard.com\/cs\/wp-json\/wp\/v2\/media\/2983"}],"wp:attachment":[{"href":"https:\/\/iwell-guard.com\/cs\/wp-json\/wp\/v2\/media?parent=145576"}],"wp:term":[{"taxonomy":"category","embeddable":true,"href":"https:\/\/iwell-guard.com\/cs\/wp-json\/wp\/v2\/categories?post=145576"}],"curies":[{"name":"wp","href":"https:\/\/api.w.org\/{rel}","templated":true}]}}